{"id":144217,"date":"2026-09-03T12:33:11","date_gmt":"2026-09-03T12:33:11","guid":{"rendered":"https:\/\/iwell-guard.com\/?page_id=144217"},"modified":"2026-09-03T12:53:41","modified_gmt":"2026-09-03T12:53:41","slug":"ulgen-valon-jumala-altai","status":"publish","type":"page","link":"https:\/\/iwell-guard.com\/fi\/ulgen-valon-jumala-altai\/","title":{"rendered":"\u00dclgen \u2013 altailaisten valon jumala"},"content":{"rendered":"\t\t<div data-elementor-type=\"wp-page\" data-elementor-id=\"144217\" class=\"elementor elementor-144217 elementor-2637 elementor-bc-flex-widget\" data-elementor-post-type=\"page\">\n\t\t\t\t<div class=\"elementor-element elementor-element-iwgw-uelgen-hero e-flex e-con-boxed e-con e-parent\" data-id=\"iwgw-uelgen-hero\" data-element_type=\"container\" data-e-type=\"container\" data-settings=\"{&quot;background_background&quot;:&quot;classic&quot;}\">\n\t\t\t\t\t<div class=\"e-con-inner\">\n\t\t<div class=\"elementor-element elementor-element-iwgw-uelgen-hl e-flex e-con-boxed e-con e-child\" data-id=\"iwgw-uelgen-hl\" data-element_type=\"container\" data-e-type=\"container\">\n\t\t\t\t\t<div class=\"e-con-inner\">\n\t\t<div class=\"elementor-element elementor-element-iwgw-uelgen-htxt e-con-full e-flex e-con e-child\" data-id=\"iwgw-uelgen-htxt\" data-element_type=\"container\" data-e-type=\"container\">\n\t\t\t\t<div class=\"elementor-element elementor-element-iwgw-uelgen-h1 elementor-widget elementor-widget-heading\" data-id=\"iwgw-uelgen-h1\" data-element_type=\"widget\" data-e-type=\"widget\" data-widget_type=\"heading.default\">\n\t\t\t\t\t<h1 class=\"elementor-heading-title elementor-size-default\">\u00dclgen, altailainen valon jumala ja ylisen maailman luoja<\/h1>\t\t\t\t<\/div>\n\t\t\t\t<div class=\"elementor-element elementor-element-iwgw-uelgen-lead elementor-widget elementor-widget-text-editor\" data-id=\"iwgw-uelgen-lead\" data-element_type=\"widget\" data-e-type=\"widget\" data-widget_type=\"text-editor.default\">\n\t\t\t\t\t\t\t\t\t<p>\u00dclgen (vanhaturkiksi <em>\u00dclg\u00e4n<\/em>) on etel\u00e4siperialais-tengristisess\u00e4 uskonnossa ylisen maailman luoja ja valon jumala, valkoisten \u0161amaanien suojelija ja alisen maailman hallitsijan <a href=\"https:\/\/iwell-guard.com\/fi\/?page_id=144216\">Erlik Khanin<\/a> myyttinen vastapooli.<\/p>\t\t\t\t\t\t\t\t<\/div>\n\t\t\t\t<\/div>\n\t\t<div class=\"elementor-element elementor-element-iwgw-uelgen-pillc e-con-full e-flex e-con e-child\" data-id=\"iwgw-uelgen-pillc\" data-element_type=\"container\" data-e-type=\"container\">\n\t\t\t\t<div class=\"elementor-element elementor-element-iwgw-uelgen-pills elementor-widget elementor-widget-html\" data-id=\"iwgw-uelgen-pills\" data-element_type=\"widget\" data-e-type=\"widget\" data-widget_type=\"html.default\">\n\t\t\t\t\t<div class=\"iwg-pill-row\"><span class=\"iwg-klasse-badge\" tabindex=\"0\" data-tooltip=\"Siperian \/ tengrismin perinteen luoja.\">Luoja<\/span><a href=\"https:\/\/iwell-guard.com\/fi\/siperialainen-samanismi-ja-tengrismi\/\" class=\"iwg-kultur-badge\" tabindex=\"0\" data-tooltip=\"Siperian \/ tengrismin perinteen mytologia.\">Siperia \/ tengrismi<\/a><span class=\"iwg-tradition-badge\" tabindex=\"0\" data-tooltip=\"Korkeajumaluus.\">Korkeajumaluus<\/span><\/div>\t\t\t\t<\/div>\n\t\t\t\t<\/div>\n\t\t<div class=\"elementor-element elementor-element-iwgw-uelgen-tocc e-con-full e-flex e-con e-child\" data-id=\"iwgw-uelgen-tocc\" data-element_type=\"container\" data-e-type=\"container\">\n\t\t\t\t<div class=\"elementor-element elementor-element-iwgw-uelgen-toc elementor-toc--minimized-on-tablet elementor-widget elementor-widget-table-of-contents\" data-id=\"iwgw-uelgen-toc\" data-element_type=\"widget\" data-e-type=\"widget\" data-settings=\"{&quot;headings_by_tags&quot;:[&quot;h2&quot;,&quot;h3&quot;],&quot;minimize_box&quot;:&quot;yes&quot;,&quot;marker_view&quot;:&quot;bullets&quot;,&quot;no_headings_message&quot;:&quot;T\\u00e4lt\\u00e4 sivulta ei l\\u00f6ytynyt otsikoita.&quot;,&quot;exclude_headings_by_selector&quot;:[],&quot;icon&quot;:{&quot;value&quot;:&quot;fas fa-circle&quot;,&quot;library&quot;:&quot;fa-solid&quot;,&quot;rendered_tag&quot;:&quot;&lt;svg class=\\&quot;e-font-icon-svg e-fas-circle\\&quot; viewBox=\\&quot;0 0 512 512\\&quot; xmlns=\\&quot;http:\\\/\\\/www.w3.org\\\/2000\\\/svg\\&quot;&gt;&lt;path d=\\&quot;M256 8C119 8 8 119 8 256s111 248 248 248 248-111 248-248S393 8 256 8z\\&quot;&gt;&lt;\\\/path&gt;&lt;\\\/svg&gt;&quot;},&quot;minimized_on&quot;:&quot;tablet&quot;,&quot;hierarchical_view&quot;:&quot;yes&quot;,&quot;min_height&quot;:{&quot;unit&quot;:&quot;px&quot;,&quot;size&quot;:&quot;&quot;,&quot;sizes&quot;:[]},&quot;min_height_tablet&quot;:{&quot;unit&quot;:&quot;px&quot;,&quot;size&quot;:&quot;&quot;,&quot;sizes&quot;:[]},&quot;min_height_mobile&quot;:{&quot;unit&quot;:&quot;px&quot;,&quot;size&quot;:&quot;&quot;,&quot;sizes&quot;:[]}}\" data-widget_type=\"table-of-contents.default\">\n\t\t\t\t\t\t\t\t\t<div class=\"elementor-toc__header\">\n\t\t\t\t\t\t<h2 class=\"elementor-toc__header-title\">\n\t\t\t\tSis\u00e4llysluettelo\t\t\t<\/h2>\n\t\t\t\t\t\t\t\t\t\t<div class=\"elementor-toc__toggle-button elementor-toc__toggle-button--expand\" role=\"button\" tabindex=\"0\" aria-controls=\"elementor-toc__iwgw-uelgen-toc\" aria-expanded=\"true\" aria-label=\"Open table of contents\"><svg aria-hidden=\"true\" class=\"e-font-icon-svg e-fas-chevron-down\" viewBox=\"0 0 448 512\" xmlns=\"http:\/\/www.w3.org\/2000\/svg\"><path d=\"M207.029 381.476L12.686 187.132c-9.373-9.373-9.373-24.569 0-33.941l22.667-22.667c9.357-9.357 24.522-9.375 33.901-.04L224 284.505l154.745-154.021c9.379-9.335 24.544-9.317 33.901.04l22.667 22.667c9.373 9.373 9.373 24.569 0 33.941L240.971 381.476c-9.373 9.372-24.569 9.372-33.942 0z\"><\/path><\/svg><\/div>\n\t\t\t\t<div class=\"elementor-toc__toggle-button elementor-toc__toggle-button--collapse\" role=\"button\" tabindex=\"0\" aria-controls=\"elementor-toc__iwgw-uelgen-toc\" aria-expanded=\"true\" aria-label=\"Close table of contents\"><svg aria-hidden=\"true\" class=\"e-font-icon-svg e-fas-chevron-up\" viewBox=\"0 0 448 512\" xmlns=\"http:\/\/www.w3.org\/2000\/svg\"><path d=\"M240.971 130.524l194.343 194.343c9.373 9.373 9.373 24.569 0 33.941l-22.667 22.667c-9.357 9.357-24.522 9.375-33.901.04L224 227.495 69.255 381.516c-9.379 9.335-24.544 9.317-33.901-.04l-22.667-22.667c-9.373-9.373-9.373-24.569 0-33.941L207.03 130.525c9.372-9.373 24.568-9.373 33.941-.001z\"><\/path><\/svg><\/div>\n\t\t\t\t\t<\/div>\n\t\t\t\t<div id=\"elementor-toc__iwgw-uelgen-toc\" class=\"elementor-toc__body\">\n\t\t\t<div class=\"elementor-toc__spinner-container\">\n\t\t\t\t<svg class=\"elementor-toc__spinner eicon-animation-spin e-font-icon-svg e-eicon-loading\" aria-hidden=\"true\" viewBox=\"0 0 1000 1000\" xmlns=\"http:\/\/www.w3.org\/2000\/svg\"><path d=\"M500 975V858C696 858 858 696 858 500S696 142 500 142 142 304 142 500H25C25 237 238 25 500 25S975 237 975 500 763 975 500 975Z\"><\/path><\/svg>\t\t\t<\/div>\n\t\t<\/div>\n\t\t\t\t\t\t<\/div>\n\t\t\t\t<\/div>\n\t\t\t\t\t<\/div>\n\t\t\t\t<\/div>\n\t\t<div class=\"elementor-element elementor-element-iwgw-uelgen-hr e-con-full e-flex e-con e-child\" data-id=\"iwgw-uelgen-hr\" data-element_type=\"container\" data-e-type=\"container\">\n\t\t\t\t<div class=\"elementor-element elementor-element-iwgw-uelgen-heroimg iwg-hero-image elementor-widget elementor-widget-image\" data-id=\"iwgw-uelgen-heroimg\" data-element_type=\"widget\" data-e-type=\"widget\" data-widget_type=\"image.default\">\n\t\t\t\t\t\t\t\t\t\t\t\t\t\t\t<img fetchpriority=\"high\" decoding=\"async\" width=\"683\" height=\"1024\" src=\"https:\/\/iwell-guard.com\/wp-content\/uploads\/2026\/05\/goetter_sibirisch-tengrismus_uelgen-683x1024.webp\" class=\"attachment-large size-large wp-image-148783\" alt=\"Uelgen \u2013 jumalia siperialais-tengril\u00e4isest\u00e4 perinteest\u00e4, historiallis-kuvitteellinen esitys\" srcset=\"https:\/\/iwell-guard.com\/wp-content\/uploads\/2026\/05\/goetter_sibirisch-tengrismus_uelgen-683x1024.webp 683w, https:\/\/iwell-guard.com\/wp-content\/uploads\/2026\/05\/goetter_sibirisch-tengrismus_uelgen-200x300.webp 200w, https:\/\/iwell-guard.com\/wp-content\/uploads\/2026\/05\/goetter_sibirisch-tengrismus_uelgen-768x1152.webp 768w, https:\/\/iwell-guard.com\/wp-content\/uploads\/2026\/05\/goetter_sibirisch-tengrismus_uelgen.webp 1024w\" sizes=\"(max-width: 683px) 100vw, 683px\" \/>\t\t\t\t\t\t\t\t\t\t\t\t\t\t\t<\/div>\n\t\t\t\t<\/div>\n\t\t\t\t\t<\/div>\n\t\t\t\t<\/div>\n\t\t\t\t<section class=\"elementor-section elementor-top-section elementor-element elementor-element-sec-iwgcomp-uelgen elementor-section-boxed elementor-section-height-default elementor-section-height-default\" data-id=\"sec-iwgcomp-uelgen\" data-element_type=\"section\" data-e-type=\"section\">\n\t\t\t\t\t\t<div class=\"elementor-container elementor-column-gap-default\">\n\t\t\t\t\t<div class=\"elementor-column elementor-col-100 elementor-top-column elementor-element elementor-element-col-iwgcomp-uelgen\" data-id=\"col-iwgcomp-uelgen\" data-element_type=\"column\" data-e-type=\"column\">\n\t\t\t<div class=\"elementor-widget-wrap elementor-element-populated\">\n\t\t\t\t\t\t<div class=\"elementor-element elementor-element-iwgcomp-uelgen elementor-widget elementor-widget-text-editor\" data-id=\"iwgcomp-uelgen\" data-element_type=\"widget\" data-e-type=\"widget\" data-widget_type=\"text-editor.default\">\n\t\t\t\t\t\t\t\t\t<p>\u00dclgen, <strong>Altain valon jumala<\/strong>, on altailaisessa <span class=\"iwg-fachbegriff\" data-tooltip=\"Uskonnollinen j\u00e4rjestelm\u00e4, jossa erikoistuneet henkil\u00f6t ovat yhteydess\u00e4 henkimaailmaan.\" tabindex=\"0\">\u0161amanismissa<\/span> ylisen maailman luoja ja korkein ylijumala.<\/p>\t\t\t\t\t\t\t\t<\/div>\n\t\t\t\t\t<\/div>\n\t\t<\/div>\n\t\t\t\t\t<\/div>\n\t\t<\/section>\n\t\t<div class=\"elementor-element elementor-element-iwgw-uelgen-s0 e-flex e-con-boxed e-con e-parent\" data-id=\"iwgw-uelgen-s0\" data-element_type=\"container\" data-e-type=\"container\">\n\t\t\t\t\t<div class=\"e-con-inner\">\n\t\t\t\t<div class=\"elementor-element elementor-element-iwgw-uelgen-s0h elementor-widget elementor-widget-heading\" data-id=\"iwgw-uelgen-s0h\" data-element_type=\"widget\" data-e-type=\"widget\" data-widget_type=\"heading.default\">\n\t\t\t\t\t<h2 class=\"elementor-heading-title elementor-size-default\">Tarkastelu ja lyhyt profiili<\/h2>\t\t\t\t<\/div>\n\t\t<div class=\"elementor-element elementor-element-iwgw-uelgen-s0c e-con-full e-flex e-con e-child\" data-id=\"iwgw-uelgen-s0c\" data-element_type=\"container\" data-e-type=\"container\">\n\t\t\t\t<div class=\"elementor-element elementor-element-iwgw-uelgen-s0t elementor-widget elementor-widget-text-editor\" data-id=\"iwgw-uelgen-s0t\" data-element_type=\"widget\" data-e-type=\"widget\" data-widget_type=\"text-editor.default\">\n\t\t\t\t\t\t\t\t\t<p>\u00dclgen on korkeimman jumaluuskompleksin <a href=\"https:\/\/iwell-guard.com\/fi\/?page_id=144214\">Tengrin<\/a> erikoistuma altailaisessa, telengiittisess\u00e4, \u0161orilaisessa ja tuvalaisessa uskonnossa. Siin\u00e4 miss\u00e4 Tengri on koko taivaankansi, \u00dclgen asuu ylimmill\u00e4 yhdeks\u00e4ll\u00e4 taivaalla ja h\u00e4nt\u00e4 pidet\u00e4\u00e4n henkil\u00f6kohtaisesti puhuteltavana luova toimijana. Anokhin kutsui h\u00e4nt\u00e4 vuonna 1924 \u201ealtailaisten varsinaiseksi puhutelluksi ylijumalaksi\u201c.<\/p><p><a href=\"https:\/\/iwell-guard.com\/fi\/siperialainen-samanismi-ja-tengrismi\/\">Siperialais-tengristisess\u00e4 perinteess\u00e4<\/a> \u00dclgen on moniportaisen jumalhierarkian huippu; <a href=\"https:\/\/iwell-guard.com\/fi\/?page_id=144216\">Erlik Khan<\/a> on h\u00e4nen dualistinen vastinparinsa ja <a href=\"https:\/\/iwell-guard.com\/fi\/?page_id=144218\">Yer-Sub<\/a> h\u00e4nen maahan sidottu t\u00e4ydent\u00e4j\u00e4ns\u00e4.<\/p><p>\u00dclgenin uskontososiologinen erityispiirre on se, ett\u00e4 toisin kuin et\u00e4inen Tengri, h\u00e4n on aktiivinen luova toimija, jota voidaan puhutella suoraan. H\u00e4n t\u00e4ytt\u00e4\u00e4 siten aukon, jonka <em>deus otiosus<\/em> Tengri j\u00e4tt\u00e4\u00e4; t\u00e4ss\u00e4 teht\u00e4v\u00e4ss\u00e4 h\u00e4net voidaan tyypillisesti rinnastaa kreikkalaiseen Zeukseen tai pohjoismaiseen Odiniin, ei niink\u00e4\u00e4n itse mittaamattomaan taivaaseen.<\/p>\t\t\t\t\t\t\t\t<\/div>\n\t\t\t\t<\/div>\n\t\t\t\t\t<\/div>\n\t\t\t\t<\/div>\n\t\t<div class=\"elementor-element elementor-element-iwgw-uelgen-s1 e-flex e-con-boxed e-con e-parent\" data-id=\"iwgw-uelgen-s1\" data-element_type=\"container\" data-e-type=\"container\">\n\t\t\t\t\t<div class=\"e-con-inner\">\n\t\t\t\t<div class=\"elementor-element elementor-element-iwgw-uelgen-s1h elementor-widget elementor-widget-heading\" data-id=\"iwgw-uelgen-s1h\" data-element_type=\"widget\" data-e-type=\"widget\" data-widget_type=\"heading.default\">\n\t\t\t\t\t<h2 class=\"elementor-heading-title elementor-size-default\">Nimi ja etymologia<\/h2>\t\t\t\t<\/div>\n\t\t<div class=\"elementor-element elementor-element-iwgw-uelgen-s1c e-con-full e-flex e-con e-child\" data-id=\"iwgw-uelgen-s1c\" data-element_type=\"container\" data-e-type=\"container\">\n\t\t\t\t<div class=\"elementor-element elementor-element-iwgw-uelgen-s1t elementor-widget elementor-widget-text-editor\" data-id=\"iwgw-uelgen-s1t\" data-element_type=\"widget\" data-e-type=\"widget\" data-widget_type=\"text-editor.default\">\n\t\t\t\t\t\t\t\t\t<p>Sana <em>\u00fclg\u00e4n \/ \u00fclgen<\/em> on vanhaturkkilainen, ja tutkimuksessa siihen liitet\u00e4\u00e4n merkitykset \u201esuuri, korkea, mahtava\u201c; joissakin sanakirjoissa my\u00f6s \u201ejakaja, se joka jakaa\u201c (juuresta <em>\u00fcl\u0113-<\/em> \u201ejakaa, tarjota\u201c), mik\u00e4 sopii k\u00e4sitykseen, jonka mukaan h\u00e4n jakaa el\u00e4m\u00e4nosuuksia ihmisille. Sukulaismuotoja ovat khakassin <em>\u00dclg\u00e4n<\/em> ja \u0161orin <em>\u00dclgen<\/em>.<\/p><p>Mongoleilla ei esiinny suoraa vastinetta; sen teht\u00e4v\u00e4n ottaa osittain <em>M\u00f6ngke Tngri<\/em>, osittain buddhalaisvaikutteiset bodhisattvat kuten <a href=\"https:\/\/iwell-guard.com\/fi\/?page_id=144219\">Khormusta<\/a>. T\u00e4m\u00e4 ep\u00e4symmetria tekee \u00dclgenist\u00e4 erityisesti etel\u00e4siperialais-turkkilaisen ilmi\u00f6n.<\/p><p>Vaihtoehtoinen etymologia yhdist\u00e4\u00e4 nimen sanaan <em>\u00fcligen<\/em>, \u201elahjoittaja\u201c, mik\u00e4 sopii myyttiseen k\u00e4sitykseen \u00dclgenist\u00e4 rikkauden ja hedelm\u00e4llisyyden jakajana. Molemmat etymologiat ovat kielihistoriallisesti yhteensopivia ja saattavat historiallisesti vaikuttaa yhdess\u00e4.<\/p>\t\t\t\t\t\t\t\t<\/div>\n\t\t\t\t<\/div>\n\t\t\t\t\t<\/div>\n\t\t\t\t<\/div>\n\t\t<div class=\"elementor-element elementor-element-iwgw-uelgen-s2 e-flex e-con-boxed e-con e-parent\" data-id=\"iwgw-uelgen-s2\" data-element_type=\"container\" data-e-type=\"container\">\n\t\t\t\t\t<div class=\"e-con-inner\">\n\t\t\t\t<div class=\"elementor-element elementor-element-iwgw-uelgen-s2h elementor-widget elementor-widget-heading\" data-id=\"iwgw-uelgen-s2h\" data-element_type=\"widget\" data-e-type=\"widget\" data-widget_type=\"heading.default\">\n\t\t\t\t\t<h2 class=\"elementor-heading-title elementor-size-default\">Kuvaus ja ikonografia<\/h2>\t\t\t\t<\/div>\n\t\t<div class=\"elementor-element elementor-element-iwgw-uelgen-s2c e-con-full e-flex e-con e-child\" data-id=\"iwgw-uelgen-s2c\" data-element_type=\"container\" data-e-type=\"container\">\n\t\t\t\t<div class=\"elementor-element elementor-element-iwgw-uelgen-s2t elementor-widget elementor-widget-text-editor\" data-id=\"iwgw-uelgen-s2t\" data-element_type=\"widget\" data-e-type=\"widget\" data-widget_type=\"text-editor.default\">\n\t\t\t\t\t\t\t\t\t<p>\u00dclgen kuvataan vanhana, valkopartaisena miehen\u00e4 kultaisella valtaistuimella ylimm\u00e4ss\u00e4 taivaassa. H\u00e4nell\u00e4 on aurinkoa ja kuuta kuvaava koristeltu viitta, oikeassa k\u00e4dess\u00e4 h\u00e4n pit\u00e4\u00e4 sateenkaarimateriaalista tehty\u00e4 loistavaa jousta, vasemmassa maljaa t\u00e4ynn\u00e4 tamman maitoa. H\u00e4nen sanansaattajansa on valkoinen kotka.<\/p><p>Anokhinin ja Potapovin altailaisissa rumpukaavioissa \u00dclgen on aivan ylimp\u00e4n\u00e4; h\u00e4nen alapuolellaan haarautuu yhdeks\u00e4n tyt\u00e4rt\u00e4 (<em>Kysh-Kyz<\/em>) ja yhdeks\u00e4n poikaa, jotka hallitsevat eri taivaanalueita. T\u00e4m\u00e4 yhdeks\u00e4n pojan ja tytt\u00e4ren mytologia on klassinen siperialainen ylijumalan ikonografia, joka toistuu my\u00f6s <a href=\"https:\/\/iwell-guard.com\/fi\/?page_id=144216\">Erlik Khanin<\/a> kohdalla, tosin peilikuvana alasp\u00e4in.<\/p><p>Nykyaikaisessa Altain tasavallan kontekstissa \u00dclgenin ikonografia on vakiintunut; tunnettu sein\u00e4maalaus Gorno-Altajskin kulttuuritalossa esitt\u00e4\u00e4 h\u00e4net tyypillisess\u00e4 valkopartaisessa muodossa. T\u00e4m\u00e4 moderni ikonografia nojaa Anokhinin etnografisiin luonnoksiin ja luo yhten\u00e4isen kuvamuodon, jota historiallisessa aineistossa ei sellaisenaan koskaan esiintynyt.<\/p>\t\t\t\t\t\t\t\t<\/div>\n\t\t\t\t<\/div>\n\t\t\t\t\t<\/div>\n\t\t\t\t<\/div>\n\t\t<div class=\"elementor-element elementor-element-iwgw-uelgen-s3 e-flex e-con-boxed e-con e-parent\" data-id=\"iwgw-uelgen-s3\" data-element_type=\"container\" data-e-type=\"container\">\n\t\t\t\t\t<div class=\"e-con-inner\">\n\t\t\t\t<div class=\"elementor-element elementor-element-iwgw-uelgen-s3h elementor-widget elementor-widget-heading\" data-id=\"iwgw-uelgen-s3h\" data-element_type=\"widget\" data-e-type=\"widget\" data-widget_type=\"heading.default\">\n\t\t\t\t\t<h2 class=\"elementor-heading-title elementor-size-default\">Myyttiset kertomukset<\/h2>\t\t\t\t<\/div>\n\t\t<div class=\"elementor-element elementor-element-iwgw-uelgen-s3c e-con-full e-flex e-con e-child\" data-id=\"iwgw-uelgen-s3c\" data-element_type=\"container\" data-e-type=\"container\">\n\t\t\t\t<div class=\"elementor-element elementor-element-iwgw-uelgen-s3t elementor-widget elementor-widget-text-editor\" data-id=\"iwgw-uelgen-s3t\" data-element_type=\"widget\" data-e-type=\"widget\" data-widget_type=\"text-editor.default\">\n\t\t\t\t\t\t\t\t\t<p>Altailainen luomiskertomus kuvaa, kuinka \u00dclgen ajelehtii yksin alkumeren tulvassa, k\u00e4skee lintua (joskus sorsaa, joskus Erliki\u00e4 lintuhahmossa) hakemaan lietett\u00e4 pohjasta, ja muodostaa siit\u00e4 maan.<\/p><p>Kun Erlik on eriytynyt omaksi olennokseen, \u00dclgen luo ensimm\u00e4isen ihmisen savesta ja her\u00e4tt\u00e4\u00e4 h\u00e4net henkiin asettamalla auringon h\u00e4nen p\u00e4\u00e4h\u00e4ns\u00e4, <span class=\"iwg-fachbegriff\" data-tooltip=\"Toistuva sis\u00e4ll\u00f6llinen elementti taiteessa tai kertomuksessa.\" tabindex=\"0\">motiivi<\/span>, jolla on rinnakkaisuuksia my\u00f6s kristilliseen luomisajatteluun, mutta joka on varmasti muodostunut itsen\u00e4isesti.<\/p><p>Toinen kertomus kuvaa maailmanpuun, kosmisen lehtikuusen, pystytt\u00e4mist\u00e4; sen juuret ulottuvat Erlikin valtakuntaan ja latva p\u00e4\u00e4ttyy \u00dclgenin valtaistuimen alle. T\u00e4t\u00e4 akselia pitkin valkoinen <span class=\"iwg-fachbegriff\" data-tooltip=\"Uskonnollinen erikoisasiantuntija, jonka katsotaan v\u00e4litt\u00e4v\u00e4n ihmisten ja henkimaailman v\u00e4lill\u00e4.\" tabindex=\"0\">\u0161amaani<\/span> nousee yl\u00f6s matkoillaan. Mircea Eliade teki t\u00e4st\u00e4 <span class=\"iwg-fachbegriff\" data-tooltip=\"Toistuva sis\u00e4ll\u00f6llinen elementti taiteessa tai kertomuksessa.\" tabindex=\"0\">motiivista<\/span> \u201eAxis Mundin\u201c, keskeisen k\u00e4sitteen <span class=\"iwg-fachbegriff\" data-tooltip=\"Uskonnollinen j\u00e4rjestelm\u00e4, jossa erikoistuneet henkil\u00f6t ovat yhteydess\u00e4 henkimaailmaan.\" tabindex=\"0\">\u0161amanismi<\/span>-mallissaan.<\/p><p>Kolmas kertomus kuvaa \u00dclgenin ja Erlikin kiistaa ensimm\u00e4isest\u00e4 ihmisest\u00e4: Erlik yritt\u00e4\u00e4 puhaltaa henk\u00e4yksens\u00e4 savikeholle, mutta \u00dclgen ehtii ensin. Vihoissaan Erlik luo ensimm\u00e4iset sairaudet ja hyttyset, tyypillinen \u00e4tiologinen <span class=\"iwg-fachbegriff\" data-tooltip=\"Perinteinen kertomus jumalista, alkuper\u00e4st\u00e4 ja maailman j\u00e4rjestyksest\u00e4.\" tabindex=\"0\">myytti<\/span>, joka selitt\u00e4\u00e4 pahan olemassaolon ilman moraalista dualismia.<\/p>\t\t\t\t\t\t\t\t<\/div>\n\t\t\t\t<\/div>\n\t\t\t\t\t<\/div>\n\t\t\t\t<\/div>\n\t\t<div class=\"elementor-element elementor-element-iwgw-uelgen-s4 e-flex e-con-boxed e-con e-parent\" data-id=\"iwgw-uelgen-s4\" data-element_type=\"container\" data-e-type=\"container\">\n\t\t\t\t\t<div class=\"e-con-inner\">\n\t\t\t\t<div class=\"elementor-element elementor-element-iwgw-uelgen-s4h elementor-widget elementor-widget-heading\" data-id=\"iwgw-uelgen-s4h\" data-element_type=\"widget\" data-e-type=\"widget\" data-widget_type=\"heading.default\">\n\t\t\t\t\t<h2 class=\"elementor-heading-title elementor-size-default\">Kultti ja palvonta<\/h2>\t\t\t\t<\/div>\n\t\t<div class=\"elementor-element elementor-element-iwgw-uelgen-s4c e-con-full e-flex e-con e-child\" data-id=\"iwgw-uelgen-s4c\" data-element_type=\"container\" data-e-type=\"container\">\n\t\t\t\t<div class=\"elementor-element elementor-element-iwgw-uelgen-s4t elementor-widget elementor-widget-text-editor\" data-id=\"iwgw-uelgen-s4t\" data-element_type=\"widget\" data-e-type=\"widget\" data-widget_type=\"text-editor.default\">\n\t\t\t\t\t\t\t\t\t<p>\u00dclgenin <span class=\"iwg-fachbegriff\" data-tooltip=\"Jumaluuden tai pyh\u00e4n hahmon kunnioittamiseen liittyvien uskonnollisten toimintojen kokonaisuus.\" tabindex=\"0\">kultti<\/span> oli altailaisella yl\u00e4tasangolla julkinen kev\u00e4tkultti. Pyh\u00e4ll\u00e4 vuorella uhrattiin toukokuussa nuori valon hevonen (valkoinen tai vaaleankeltainen); \u0161amaanit ratsastivat ekstaattisissa istunnoissa &#8220;yhdeks\u00e4n taivaan l\u00e4pi&#8221; ja v\u00e4littiv\u00e4t \u00dclgenille heimon pyynn\u00f6t. Anokhin on tarkasti dokumentoinut yhden n\u00e4ist\u00e4 istunnoista (1909, julkaistu 1924).<\/p><p>Henkil\u00f6kohtaisella tasolla \u00dclgen oli valkoisten \u0161amaanien (<em>aq kam<\/em>) keskeinen <span class=\"iwg-fachbegriff\" data-tooltip=\"Jumaluuden tai voiman puoleen k\u00e4\u00e4ntyminen pyynn\u00f6in tai loitsuin.\" tabindex=\"0\">rukouksen kohde<\/span>, kun mustat \u0161amaanit k\u00e4\u00e4ntyiv\u00e4t <a href=\"https:\/\/iwell-guard.com\/fi\/?page_id=144216\">Erlik Khanin<\/a> puoleen. H\u00e4nen juhlap\u00e4iv\u00e4ns\u00e4 osui usein kes\u00e4p\u00e4iv\u00e4nseisaukseen ja limittyi my\u00f6hemm\u00e4n Mongolian Naadam-perinteen kanssa.<\/p><p>Erityinen \u00dclgen-palvonnan muoto oli <em>tagyl<\/em>&#8211;<span class=\"iwg-fachbegriff\" data-tooltip=\"S\u00e4\u00e4delty symbolisten toimintojen sarja, jolla on uskonnollinen tai kulttuurinen merkitys.\" tabindex=\"0\">rituaali<\/span>: tasaiselle kalliolle rakennettiin pieni kivialttari, jolle tarjottiin tamman maitoa ja voileivonnaisia. T\u00e4llaisia kalliolttareita on s\u00e4ilynyt osittain arkeologisesti Etel\u00e4-Siperian yl\u00e4tasangoilla, ja ne voivat ulottua aina <span class=\"iwg-fachbegriff\" data-tooltip=\"Esihistoriallinen aikakausi, jolloin pronssi oli t\u00e4rkein ty\u00f6kalujen metalli.\" tabindex=\"0\">pronssikauteen<\/span> asti, vaikkakaan uskonnollinen identifiointi ei ole v\u00e4ltt\u00e4m\u00e4tt\u00e4 jatkuva.<\/p>\t\t\t\t\t\t\t\t<\/div>\n\t\t\t\t<\/div>\n\t\t\t\t\t<\/div>\n\t\t\t\t<\/div>\n\t\t<div class=\"elementor-element elementor-element-iwgw-uelgen-s5 e-flex e-con-boxed e-con e-parent\" data-id=\"iwgw-uelgen-s5\" data-element_type=\"container\" data-e-type=\"container\">\n\t\t\t\t\t<div class=\"e-con-inner\">\n\t\t\t\t<div class=\"elementor-element elementor-element-iwgw-uelgen-s5h elementor-widget elementor-widget-heading\" data-id=\"iwgw-uelgen-s5h\" data-element_type=\"widget\" data-e-type=\"widget\" data-widget_type=\"heading.default\">\n\t\t\t\t\t<h2 class=\"elementor-heading-title elementor-size-default\">Suojeluk\u00e4yt\u00e4nt\u00f6 ja apotropaiset piirteet<\/h2>\t\t\t\t<\/div>\n\t\t<div class=\"elementor-element elementor-element-iwgw-uelgen-s5c e-con-full e-flex e-con e-child\" data-id=\"iwgw-uelgen-s5c\" data-element_type=\"container\" data-e-type=\"container\">\n\t\t\t\t<div class=\"elementor-element elementor-element-iwgw-uelgen-s5t elementor-widget elementor-widget-text-editor\" data-id=\"iwgw-uelgen-s5t\" data-element_type=\"widget\" data-e-type=\"widget\" data-widget_type=\"text-editor.default\">\n\t\t\t\t\t\t\t\t\t<p>Suojelevaan k\u00e4yt\u00e4nt\u00f6\u00f6n \u00dclgen-kompleksissa liittyi my\u00f6nteinen s\u00e4vy: kyse oli v\u00e4hemm\u00e4n torjumisesta kuin &#8220;j\u00e4rjestykseen asettamisesta&#8221;. Apotrooppisiin elementteihin kuuluivat valkoisten kangasnauhojen (<em>kyira<\/em>) sitominen lehtikuusiin vuorensolissa, pienten kivipyramidien (<em>obo<\/em>) pystytt\u00e4minen sek\u00e4 melun ja riitojen v\u00e4ltt\u00e4minen soluissa.<\/p><p data-nosnippet=\"true\">Lapsen sairastuessa saatettiin kutsua valkoinen <span class=\"iwg-fachbegriff\" data-tooltip=\"Uskonnollinen erikoisosaaja, jonka katsotaan v\u00e4litt\u00e4v\u00e4n ihmisten ja henkimaailman v\u00e4lill\u00e4.\" tabindex=\"0\">\u0161amaani<\/span>, joka pyysi \u00dclgeni\u00e4 &#8220;palauttamaan osan el\u00e4m\u00e4st\u00e4&#8221;. K\u00e4sitteellisesti t\u00e4m\u00e4 on kosmisen j\u00e4rjestyksen pyynt\u00f6, ei parantumislupaus. Uskontotieteellisesti kuvattuna t\u00e4m\u00e4 k\u00e4yt\u00e4nt\u00f6 kuuluu &#8220;palauttamisrituaaleihin&#8221;, jotka on dokumentoitu my\u00f6s useissa muissa alkuper\u00e4iskansojen perinteiss\u00e4.<\/p><p>Keskeist\u00e4 on erottelu: \u00dclgen oli pyynt\u00f6jen vastaanottaja, ei itse parantaja. Parantaminen kuului \u0161amaanille v\u00e4litt\u00e4j\u00e4n\u00e4, t\u00e4rke\u00e4 uskontososiologinen erottelu, jonka Roberte Hamayon (1990) on ter\u00e4v\u00f6itt\u00e4nyt Eliaden mallia vastaan.<\/p>\t\t\t\t\t\t\t\t<\/div>\n\t\t\t\t<\/div>\n\t\t\t\t\t<\/div>\n\t\t\t\t<\/div>\n\t\t<div class=\"elementor-element elementor-element-iwgw-uelgen-s6 e-flex e-con-boxed e-con e-parent\" data-id=\"iwgw-uelgen-s6\" data-element_type=\"container\" data-e-type=\"container\">\n\t\t\t\t\t<div class=\"e-con-inner\">\n\t\t\t\t<div class=\"elementor-element elementor-element-iwgw-uelgen-s6h elementor-widget elementor-widget-heading\" data-id=\"iwgw-uelgen-s6h\" data-element_type=\"widget\" data-e-type=\"widget\" data-widget_type=\"heading.default\">\n\t\t\t\t\t<h2 class=\"elementor-heading-title elementor-size-default\">Rinnakkaisilmi\u00f6t muissa kulttuureissa<\/h2>\t\t\t\t<\/div>\n\t\t<div class=\"elementor-element elementor-element-iwgw-uelgen-s6c e-con-full e-flex e-con e-child\" data-id=\"iwgw-uelgen-s6c\" data-element_type=\"container\" data-e-type=\"container\">\n\t\t\t\t<div class=\"elementor-element elementor-element-iwgw-uelgen-s6t elementor-widget elementor-widget-text-editor\" data-id=\"iwgw-uelgen-s6t\" data-element_type=\"widget\" data-e-type=\"widget\" data-widget_type=\"text-editor.default\">\n\t\t\t\t\t\t\t\t\t<p>Rakenteellisesti verrattavissa germaaniseen Tyriin, vedalaiseen Varunaan t\u00e4m\u00e4n valofunktiossa, roomalaiseen Iuppiteriin oikeuden ja j\u00e4rjestyksen jumalana ja Siperiassa jakuuttien <em>Aar Tojoniin<\/em>. Uskonnonfenomenologisesti huomionarvoista on, ett\u00e4 \u00dclgenill\u00e4 on, toisin kuin et\u00e4isell\u00e4 Tengrill\u00e4, konkreettinen luomiskertomus, joutumatta siltik\u00e4\u00e4n luoja-demiurgiksi kuten Yaldabaoth gnostilaisuudessa.<\/p><p>L\u00e4heinen rinnastus l\u00f6ytyy suomalaisesta Ukosta, joka on my\u00f6s &#8220;aktiivisempi korkeajumala&#8221; abstraktin taivaskerroksen alapuolella. Suomalainen Kalevala-tutkija Juha Pentik\u00e4inen on teoksessaan <em>Shamanism and Culture<\/em> (1998) vet\u00e4nyt typologisia vertailuja siperialaisten ja suomalais-ugrilaisten korkeajumaluuksien v\u00e4lill\u00e4.<\/p><p>Altailainen erityispiirre on tiukka jako &#8220;valkoisiin&#8221; ja &#8220;mustiin&#8221; \u0161amaaneihin, joilla on erilliset rukouksen kohteet. T\u00e4m\u00e4 malli on siperialaisessa vertailussa harvinainen ja tekee \u00dclgenist\u00e4 uskonnonfenomenologisesti erityisen kiinnostavan.<\/p>\t\t\t\t\t\t\t\t<\/div>\n\t\t\t\t<\/div>\n\t\t\t\t\t<\/div>\n\t\t\t\t<\/div>\n\t\t<div class=\"elementor-element elementor-element-iwgw-uelgen-s7 e-flex e-con-boxed e-con e-parent\" data-id=\"iwgw-uelgen-s7\" data-element_type=\"container\" data-e-type=\"container\">\n\t\t\t\t\t<div class=\"e-con-inner\">\n\t\t\t\t<div class=\"elementor-element elementor-element-iwgw-uelgen-s7h elementor-widget elementor-widget-heading\" data-id=\"iwgw-uelgen-s7h\" data-element_type=\"widget\" data-e-type=\"widget\" data-widget_type=\"heading.default\">\n\t\t\t\t\t<h2 class=\"elementor-heading-title elementor-size-default\">Nykyinen tulkinta ja tutkimus<\/h2>\t\t\t\t<\/div>\n\t\t<div class=\"elementor-element elementor-element-iwgw-uelgen-s7c e-con-full e-flex e-con e-child\" data-id=\"iwgw-uelgen-s7c\" data-element_type=\"container\" data-e-type=\"container\">\n\t\t\t\t<div class=\"elementor-element elementor-element-iwgw-uelgen-s7t elementor-widget elementor-widget-text-editor\" data-id=\"iwgw-uelgen-s7t\" data-element_type=\"widget\" data-e-type=\"widget\" data-widget_type=\"text-editor.default\">\n\t\t\t\t\t\t\t\t\t<p>Nykyaikaisessa altailaisessa kulttuurity\u00f6ss\u00e4 \u00dclgeni\u00e4 kunnioitetaan yh\u00e4, h\u00e4n koristaa postimerkkej\u00e4, kansanjuhlia ja Altai-tasavallan oppikirjoja. Klassisia tieteellisi\u00e4 esityksi\u00e4 ovat Anokhin (1924), L. P. Potapov (<em>Altaiskij \u0161amanizm<\/em>, 1991), Mircea Eliade (1951), Vladimir Basilov (1984) ja viime aikoina Andrei Znamenski (2007).<\/p><p>Suomalainen uskontotieteilij\u00e4 Juha Pentik\u00e4inen (<em>Shamanism and Culture<\/em>, 1998) sijoittaa \u00dclgenin laajempaan sirkumpolaariseen valojumalien sarjaan.<\/p><p>Nykyisess\u00e4 altailaisessa kontekstissa \u00dclgen-<span class=\"iwg-fachbegriff\" data-tooltip=\"Jumaluuden tai pyh\u00e4n hahmon kunnioittamiseen liittyvien uskonnollisten toimintojen kokonaisuus.\" tabindex=\"0\">kultti<\/span> on j\u00e4nnitteess\u00e4: sit\u00e4 asemoidaan toisaalta &#8220;aitona alkuper\u00e4iskansan uskontona&#8221; ven\u00e4l\u00e4ist\u00e4 kristinuskoa vastaan, mutta se on toisaalta itse kerrostunut New Age -elementeill\u00e4, jotka eiv\u00e4t kuulu etnografiseen perinteeseen. Andrei Znamenski on analysoinut t\u00e4t\u00e4 j\u00e4nnitett\u00e4 perusteellisesti Oxford-teoksessaan.<\/p><p>Oma tutkimussuuntansa keskittyy \u00fclgen-keskeisten rituaalien arkeologisiin j\u00e4lkiin; M. P. Grjaznow ja V. D. Kubarew ovat dokumentoineet Tuvan ja Altain kalliopiirroksia, jotka on tulkittu \u00dclgen-ratsastajiksi, vaikkakaan tunnistus ei ole varma.<\/p>\t\t\t\t\t\t\t\t<\/div>\n\t\t\t\t<\/div>\n\t\t\t\t\t<\/div>\n\t\t\t\t<\/div>\n\t\t<div class=\"elementor-element elementor-element-iwgw-uelgen-s8 e-flex e-con-boxed e-con e-parent\" data-id=\"iwgw-uelgen-s8\" data-element_type=\"container\" data-e-type=\"container\">\n\t\t\t\t\t<div class=\"e-con-inner\">\n\t\t\t\t<div class=\"elementor-element elementor-element-iwgw-uelgen-s8h elementor-widget elementor-widget-heading\" data-id=\"iwgw-uelgen-s8h\" data-element_type=\"widget\" data-e-type=\"widget\" data-widget_type=\"heading.default\">\n\t\t\t\t\t<h2 class=\"elementor-heading-title elementor-size-default\">Tutkimuskeskustelut ja avoimet kysymykset<\/h2>\t\t\t\t<\/div>\n\t\t<div class=\"elementor-element elementor-element-iwgw-uelgen-s8c e-con-full e-flex e-con e-child\" data-id=\"iwgw-uelgen-s8c\" data-element_type=\"container\" data-e-type=\"container\">\n\t\t\t\t<div class=\"elementor-element elementor-element-iwgw-uelgen-s8t elementor-widget elementor-widget-text-editor\" data-id=\"iwgw-uelgen-s8t\" data-element_type=\"widget\" data-e-type=\"widget\" data-widget_type=\"text-editor.default\">\n\t\t\t\t\t\t\t\t\t<p>Kolme tutkimuskeskustelua leimaa \u00dclgen-tutkimusta. Ensiksi: onko \u00dclgen Tengrin jakauma vai itsen\u00e4inen altailainen kerros? Anokhin ja Potapov taipuivat ensimm\u00e4iseen tulkintaan, Roux ja Hamayon toiseen.<\/p><p>Toiseksi: kuinka jatkuvaa \u00dclgenin palvonta on esiislamilaisesta ajasta 1800-\/1900-luvulle? Kirjallisia l\u00e4hteit\u00e4 puuttuu suurelta osin; etnografinen <span class=\"iwg-fachbegriff\" data-tooltip=\"Tiedon ja tarinoiden v\u00e4littyminen sukupolvelta toiselle.\" tabindex=\"0\">perinne<\/span> on systemaattisesti tallennettu vasta Radloffista (1860-luku) l\u00e4htien.<\/p><p>Kolmanneksi: kuinka suuri osuus ven\u00e4l\u00e4isell\u00e4 keruutoiminnalla itsell\u00e4\u00e4n on \u00dclgen-kuvan vakiintumisessa? Andrei Znamenski on esitt\u00e4nyt t\u00e4st\u00e4 t\u00e4rke\u00e4n itsekriittisen tarkastelun: paljon siit\u00e4, mit\u00e4 tied\u00e4mme \u00dclgenist\u00e4, on my\u00f6s tsaarin ja neuvostoetnografian tuote, ei ainoastaan altailaista sis\u00e4ist\u00e4 n\u00e4k\u00f6kulmaa.<\/p>\t\t\t\t\t\t\t\t<\/div>\n\t\t\t\t<\/div>\n\t\t\t\t\t<\/div>\n\t\t\t\t<\/div>\n\t\t<div class=\"elementor-element elementor-element-iwgw-uelgen-s9 e-flex e-con-boxed e-con e-parent\" data-id=\"iwgw-uelgen-s9\" data-element_type=\"container\" data-e-type=\"container\">\n\t\t\t\t\t<div class=\"e-con-inner\">\n\t\t\t\t<div class=\"elementor-element elementor-element-iwgw-uelgen-s9h elementor-widget elementor-widget-heading\" data-id=\"iwgw-uelgen-s9h\" data-element_type=\"widget\" data-e-type=\"widget\" data-widget_type=\"heading.default\">\n\t\t\t\t\t<h2 class=\"elementor-heading-title elementor-size-default\">\u00dclgen verrattuna naapurikansojen korkeajumaluuksiin<\/h2>\t\t\t\t<\/div>\n\t\t<div class=\"elementor-element elementor-element-iwgw-uelgen-s9c e-con-full e-flex e-con e-child\" data-id=\"iwgw-uelgen-s9c\" data-element_type=\"container\" data-e-type=\"container\">\n\t\t\t\t<div class=\"elementor-element elementor-element-iwgw-uelgen-s9t elementor-widget elementor-widget-text-editor\" data-id=\"iwgw-uelgen-s9t\" data-element_type=\"widget\" data-e-type=\"widget\" data-widget_type=\"text-editor.default\">\n\t\t\t\t\t\t\t\t\t<p>\u00dclgenin systemaattinen vertailu muihin siperialaisiin korkeisiin jumaluuksiin on uskontotieteellisesti valaisevaa. Verrattuna tunguusilaiseen <a href=\"https:\/\/iwell-guard.com\/fi\/?page_id=144222\">Bugaan<\/a> \u00dclgen on selv\u00e4sti persoonallisempi ja h\u00e4nen mytologiansa on rikkaampi; verrattuna jakuutilaiseen <em>\u00dcr\u00fcn Aar Tojoniin<\/em> h\u00e4net kuvataan voimakkaammin luovana ja aktiivisena. Verrattuna mongolialaiseen <a href=\"https:\/\/iwell-guard.com\/fi\/?page_id=144219\">Khormustaan<\/a> \u00dclgenist\u00e4 puuttuvat iranilais-buddhalaiset kerrostumat.<\/p><p>N\u00e4m\u00e4 vertailut osoittavat, ett\u00e4 etel\u00e4siperialainen uskonto ei ole yhten\u00e4inen kerrostuma, vaan kirjo erilaisia korkean jumaluuden hahmoja, joilla on omat mytologiansa, ikonografiansa ja rituaalik\u00e4yt\u00e4nt\u00f6ns\u00e4. Vladimir Basilov esitti teoksessaan <em>Shamanism in Siberia<\/em> (1984) ensimm\u00e4isen systemaattisen vertailututkimuksen.<\/p><p>Uskonnonfenomenologisesti \u00dclgen on erityisen kiinnostava, koska h\u00e4n t\u00e4ytt\u00e4\u00e4 et\u00e4isen Tengrin ja konkreettisten erikoisjumaluuksien v\u00e4lisen kuilun. T\u00e4m\u00e4 v\u00e4litt\u00e4j\u00e4n rooli tekee h\u00e4nest\u00e4 yhden Siperian &#8220;el\u00e4vimmist\u00e4&#8221; korkeista jumaluuksista.<\/p>\t\t\t\t\t\t\t\t<\/div>\n\t\t\t\t<\/div>\n\t\t\t\t\t<\/div>\n\t\t\t\t<\/div>\n\t\t<div class=\"elementor-element elementor-element-iwgw-uelgen-s10 e-flex e-con-boxed e-con e-parent\" data-id=\"iwgw-uelgen-s10\" data-element_type=\"container\" data-e-type=\"container\">\n\t\t\t\t\t<div class=\"e-con-inner\">\n\t\t\t\t<div class=\"elementor-element elementor-element-iwgw-uelgen-s10h elementor-widget elementor-widget-heading\" data-id=\"iwgw-uelgen-s10h\" data-element_type=\"widget\" data-e-type=\"widget\" data-widget_type=\"heading.default\">\n\t\t\t\t\t<h2 class=\"elementor-heading-title elementor-size-default\">L\u00e4hteet ja yhteys kulttuurikeskukseen<\/h2>\t\t\t\t<\/div>\n\t\t<div class=\"elementor-element elementor-element-iwgw-uelgen-s10c e-con-full e-flex e-con e-child\" data-id=\"iwgw-uelgen-s10c\" data-element_type=\"container\" data-e-type=\"container\">\n\t\t\t\t<div class=\"elementor-element elementor-element-iwgw-uelgen-s10t elementor-widget elementor-widget-text-editor\" data-id=\"iwgw-uelgen-s10t\" data-element_type=\"widget\" data-e-type=\"widget\" data-widget_type=\"text-editor.default\">\n\t\t\t\t\t\t\t\t\t<p>\u00dclgen-kompleksia laajemmin tutkivalle l\u00f6ytyy yleiskatsaussivulta <a href=\"https:\/\/iwell-guard.com\/fi\/siperialainen-samanismi-ja-tengrismi\/\">Siperialais-tengristinen traditio<\/a> t\u00e4rkeimm\u00e4t viittaukset sukulaishahmoihin, kuten <a href=\"https:\/\/iwell-guard.com\/fi\/?page_id=144214\">Tengri<\/a>, <a href=\"https:\/\/iwell-guard.com\/fi\/?page_id=144216\">Erlik Khan<\/a> ja \u00e4iti-suojelijahahmo <a href=\"https:\/\/iwell-guard.com\/fi\/?page_id=144215\">Umai<\/a>.<\/p><p>A. V. Anohinin <em>Materialien zum <span class=\"iwg-fachbegriff\" data-tooltip=\"Uskonnollinen j\u00e4rjestelm\u00e4, jossa asiantuntijat ovat yhteydess\u00e4 henkimaailmaan.\" tabindex=\"0\">shamanismiin<\/span> der Altaier<\/em> (1924) on t\u00e4rkein alkuper\u00e4isl\u00e4hde ja tarjoaa yksityiskohtaisia kuvauksia kuudesta t\u00e4ydellisest\u00e4 shamaani-istunnosta, jotka h\u00e4n itse p\u00f6yt\u00e4kirjasi. L. P. Potapovin <em>Altaiskij schamanizm<\/em> (1991) on t\u00e4rkein neuvostoliittolais-ven\u00e4l\u00e4inen synteesi.<\/p><p>Sirkumpolaarisen kontekstin osalta viitataan Juha Pentik\u00e4isen teokseen <em>Shamanism and Culture<\/em> (1998), joka sijoittaa \u00dclgenin laajempaan valojumalien sarjaan Skandinaviasta Siperiaan.<\/p>\t\t\t\t\t\t\t\t<\/div>\n\t\t\t\t<\/div>\n\t\t\t\t\t<\/div>\n\t\t\t\t<\/div>\n\t\t<div class=\"elementor-element elementor-element-iwgw-uelgen-s11 e-flex e-con-boxed e-con e-parent\" data-id=\"iwgw-uelgen-s11\" data-element_type=\"container\" data-e-type=\"container\">\n\t\t\t\t\t<div class=\"e-con-inner\">\n\t\t\t\t<div class=\"elementor-element elementor-element-iwgw-uelgen-s11h elementor-widget elementor-widget-heading\" data-id=\"iwgw-uelgen-s11h\" data-element_type=\"widget\" data-e-type=\"widget\" data-widget_type=\"heading.default\">\n\t\t\t\t\t<h2 class=\"elementor-heading-title elementor-size-default\">Valon uskonnonfenomenologia<\/h2>\t\t\t\t<\/div>\n\t\t<div class=\"elementor-element elementor-element-iwgw-uelgen-s11c e-con-full e-flex e-con e-child\" data-id=\"iwgw-uelgen-s11c\" data-element_type=\"container\" data-e-type=\"container\">\n\t\t\t\t<div class=\"elementor-element elementor-element-iwgw-uelgen-s11t elementor-widget elementor-widget-text-editor\" data-id=\"iwgw-uelgen-s11t\" data-element_type=\"widget\" data-e-type=\"widget\" data-widget_type=\"text-editor.default\">\n\t\t\t\t\t\t\t\t\t<p>\u00dclgen on oppikirjaesimerkki uskonnonfenomenologisesta &#8220;valojumala&#8221;-kategoriasta, jota Wilhelm Schmidt kehitti korkeajumala-opissaan ja my\u00f6hemmin Friedrich Heiler teoksessaan <em>Erscheinungsformen und Wesen der Religion<\/em> (1961). Tunnusomaista on valon, korkeuden, luomisen ja eettisen j\u00e4rjestyksen yhdistyminen.<\/p><p>Verrattuna muihin valojumaluuksiin, kuten vedalaiseen Suryaan, egyptil\u00e4iseen Raan tai zarathustralaiseen Hvar Khshaetaan, \u00dclgenilt\u00e4 puuttuu suora identifikaatio auringonkeh\u00e4n kanssa; h\u00e4n on enemm\u00e4nkin &#8220;loistava korkeajumala&#8221; t\u00e4htitieteellisten ilmi\u00f6iden takana. T\u00e4m\u00e4 tekee h\u00e4net typologisesti l\u00e4heisemm\u00e4ksi indoeurooppalaisille korkeille jumaluuksille, kuten Varunalle tai Tyrille, kuin indo-iranilaisille aurinkojumaluuksille.<\/p><p>Yhteys maailmanpuuhun on keskeinen motiivi, joka on ratkaisevasti muovannut Eliaden &#8220;Axis Mundi&#8221; -k\u00e4sitett\u00e4. Vaikka Eliaden teoriaa tarkastellaan nyky\u00e4\u00e4n kriittisesti, \u00dclgen-kompleksista saatu aineisto on edelleen yksi vakuuttavimmista esimerkeist\u00e4 vertikaalisista kosmisista v\u00e4litysrakenteista.<\/p>\t\t\t\t\t\t\t\t<\/div>\n\t\t\t\t<\/div>\n\t\t\t\t\t<\/div>\n\t\t\t\t<\/div>\n\t\t<div class=\"elementor-element elementor-element-iwgw-uelgen-s12 e-flex e-con-boxed e-con e-parent\" data-id=\"iwgw-uelgen-s12\" data-element_type=\"container\" data-e-type=\"container\">\n\t\t\t\t\t<div class=\"e-con-inner\">\n\t\t\t\t<div class=\"elementor-element elementor-element-iwgw-uelgen-s12h elementor-widget elementor-widget-heading\" data-id=\"iwgw-uelgen-s12h\" data-element_type=\"widget\" data-e-type=\"widget\" data-widget_type=\"heading.default\">\n\t\t\t\t\t<h2 class=\"elementor-heading-title elementor-size-default\">Menetelm\u00e4llinen pohdinta<\/h2>\t\t\t\t<\/div>\n\t\t<div class=\"elementor-element elementor-element-iwgw-uelgen-s12c e-con-full e-flex e-con e-child\" data-id=\"iwgw-uelgen-s12c\" data-element_type=\"container\" data-e-type=\"container\">\n\t\t\t\t<div class=\"elementor-element elementor-element-iwgw-uelgen-s12t elementor-widget elementor-widget-text-editor\" data-id=\"iwgw-uelgen-s12t\" data-element_type=\"widget\" data-e-type=\"widget\" data-widget_type=\"text-editor.default\">\n\t\t\t\t\t\t\t\t\t<p>\u00dclgen-tutkimuksessa ilmenee useita metodologisia ongelmia. Ensiksi: altai-uskonnon merkitsiv\u00e4t 1800-luvulla muistiin p\u00e4\u00e4asiassa ven\u00e4l\u00e4is-ortodoksiset l\u00e4hetyssaarnaajat ja hieman my\u00f6hemmin ven\u00e4l\u00e4iset etnografit. Molemmilla ryhmill\u00e4 oli tulkinnallisia ennakko-oletuksia, jotka v\u00e4\u00e4rist\u00e4v\u00e4t v\u00e4littynytt\u00e4 kuvaa.<\/p><p>Toiseksi: Anohinin yksityiskohtaiset istuntop\u00f6yt\u00e4kirjat (1909) ovat erinomainen l\u00e4hde, mutta havainnoitsijan l\u00e4sn\u00e4olo itsess\u00e4\u00e4n muovaa niit\u00e4. Uskonnonetnologian metodologinen keskustelu &#8220;osallistuvasta havainnoinnista&#8221; koskee suoraan Anohinin aineistoa.<\/p><p>Kolmanneksi: nykyaikainen uustengrismi Altain tasavallassa rakentaa yhten\u00e4ist\u00e4 \u00dclgen-kuvaperinnett\u00e4, jota ei historiallisessa aineistossa esiintynyt niin suljetussa muodossa. T\u00e4m\u00e4 konstruktio on uskontososiologisesti kiinnostava, mutta sit\u00e4 ei pid\u00e4 sekoittaa historialliseen kerrostumaan.<\/p>\t\t\t\t\t\t\t\t<\/div>\n\t\t\t\t<\/div>\n\t\t\t\t\t<\/div>\n\t\t\t\t<\/div>\n\t\t<div class=\"elementor-element elementor-element-iwgw-uelgen-s13 e-flex e-con-boxed e-con e-parent\" data-id=\"iwgw-uelgen-s13\" data-element_type=\"container\" data-e-type=\"container\">\n\t\t\t\t\t<div class=\"e-con-inner\">\n\t\t\t\t<div class=\"elementor-element elementor-element-iwgw-uelgen-s13h elementor-widget elementor-widget-heading\" data-id=\"iwgw-uelgen-s13h\" data-element_type=\"widget\" data-e-type=\"widget\" data-widget_type=\"heading.default\">\n\t\t\t\t\t<h2 class=\"elementor-heading-title elementor-size-default\">\u00dclgen ja maailmanpuu-k\u00e4sitys<\/h2>\t\t\t\t<\/div>\n\t\t<div class=\"elementor-element elementor-element-iwgw-uelgen-s13c e-con-full e-flex e-con e-child\" data-id=\"iwgw-uelgen-s13c\" data-element_type=\"container\" data-e-type=\"container\">\n\t\t\t\t<div class=\"elementor-element elementor-element-iwgw-uelgen-s13t elementor-widget elementor-widget-text-editor\" data-id=\"iwgw-uelgen-s13t\" data-element_type=\"widget\" data-e-type=\"widget\" data-widget_type=\"text-editor.default\">\n\t\t\t\t\t\t\t\t\t<p>Keskeinen uskonnollis-symbolinen k\u00e4sitys \u00dclgen-kompleksissa on maailmanpuu, <em>baj-terek<\/em>: kosminen lehtikuusi tai koivu, jonka juuret ulottuvat alisiin maailmoihin ja latvus p\u00e4\u00e4ttyy \u00dclgenin valtaistuimen alle. T\u00e4t\u00e4 akselia pitkin valkoinen <span class=\"iwg-fachbegriff\" data-tooltip=\"Uskonnollinen asiantuntija, jonka katsotaan v\u00e4litt\u00e4v\u00e4n ihmisten ja henkimaailman v\u00e4lill\u00e4.\" tabindex=\"0\">shamaani<\/span> suorittaa nousunsa.<\/p><p>Mircea Eliade teki t\u00e4st\u00e4 <span class=\"iwg-fachbegriff\" data-tooltip=\"Toistuva sis\u00e4ll\u00f6llinen elementti taiteessa tai kertomuksessa.\" tabindex=\"0\">motiivista<\/span> <span class=\"iwg-fachbegriff\" data-tooltip=\"Uskonnollinen j\u00e4rjestelm\u00e4, jossa asiantuntijat ovat yhteydess\u00e4 henkimaailmaan.\" tabindex=\"0\">shamanismi<\/span>-mallinsa keskeisen kategorian ja kehitti sen systemaattisesti &#8220;Axis Mundi&#8221; -k\u00e4sitteen alla teoksissa <em>Le sacr\u00e9 et le profane<\/em> (1957) ja <em>Le chamanisme<\/em> (1951). Vaikka Eliaden malli n\u00e4hd\u00e4\u00e4n nyky\u00e4\u00e4n kriittisesti, \u00dclgenin maailmanpuu on edelleen yksi vakuuttavimmista esimerkeist\u00e4 vertikaalisesta kosmisesta v\u00e4litysrakenteesta alkuper\u00e4iskansan uskonnossa.<\/p><p>Nykyaikaiset altailaiset taiteilijat hy\u00f6dynt\u00e4v\u00e4t maailmanpuu-k\u00e4sityst\u00e4; se n\u00e4kyy lukuisissa sein\u00e4maalauksissa, matkamuistoissa ja kansantaiden\u00e4yttelyiss\u00e4. T\u00e4m\u00e4 vastaanotto on uskontososiologisesti kiinnostava, koska se muuntaa uskonnollisen <span class=\"iwg-fachbegriff\" data-tooltip=\"Toistuva sis\u00e4ll\u00f6llinen elementti taiteessa tai kertomuksessa.\" tabindex=\"0\">motiivin<\/span> kulttuuriseksi identiteettimerkiksi.<\/p>\t\t\t\t\t\t\t\t<\/div>\n\t\t\t\t<\/div>\n\t\t\t\t\t<\/div>\n\t\t\t\t<\/div>\n\t\t<div class=\"elementor-element elementor-element-iwgw-uelgen-s14 e-flex e-con-boxed e-con e-parent\" data-id=\"iwgw-uelgen-s14\" data-element_type=\"container\" data-e-type=\"container\">\n\t\t\t\t\t<div class=\"e-con-inner\">\n\t\t\t\t<div class=\"elementor-element elementor-element-iwgw-uelgen-s14h elementor-widget elementor-widget-heading\" data-id=\"iwgw-uelgen-s14h\" data-element_type=\"widget\" data-e-type=\"widget\" data-widget_type=\"heading.default\">\n\t\t\t\t\t<h2 class=\"elementor-heading-title elementor-size-default\">\u00dclgen nykyaikaisten tutkimuskeskustelujen valossa<\/h2>\t\t\t\t<\/div>\n\t\t<div class=\"elementor-element elementor-element-iwgw-uelgen-s14c e-con-full e-flex e-con e-child\" data-id=\"iwgw-uelgen-s14c\" data-element_type=\"container\" data-e-type=\"container\">\n\t\t\t\t<div class=\"elementor-element elementor-element-iwgw-uelgen-s14t elementor-widget elementor-widget-text-editor\" data-id=\"iwgw-uelgen-s14t\" data-element_type=\"widget\" data-e-type=\"widget\" data-widget_type=\"text-editor.default\">\n\t\t\t\t\t\t\t\t\t<p>Nykyaikainen \u00dclgen-tutkimus on useiden tuottavien j\u00e4nnitteiden risteyskohdassa. Toisaalta on vakiintunut ven\u00e4l\u00e4is-neuvostoliittolainen koulukunta (Potapov, Tokarev), joka ty\u00f6skentelee empiirisen aineistorunsautensa kanssa; toisaalta l\u00e4nsimainen uskonnonfenomenologia (Eliade, Pentik\u00e4inen), joka etsii yleisi\u00e4 uskonnollisia rakenteita.<\/p><p>Molemmat koulukunnat t\u00e4ydent\u00e4v\u00e4t toisiaan olematta identtisi\u00e4. Roberte Hamayon teki niiden j\u00e4nnitteen n\u00e4kyv\u00e4ksi teoksessaan <em>La chasse \u00e0 l&#8217;\u00e2me<\/em> (1990) ja puolsi kolmatta, sosioekonomisesti perusteltua tulkintaa.<\/p><p>Andrei Znamenski on vuodesta 2003 alkaen teoksissaan k\u00e4sitellyt systemaattisesti <span class=\"iwg-fachbegriff\" data-tooltip=\"Uskonnollinen j\u00e4rjestelm\u00e4, jossa asiantuntijat ovat yhteydess\u00e4 henkimaailmaan.\" tabindex=\"0\">shamanismi<\/span>-tutkimuksen metodologisia ongelmia: kuinka paljon tutkimuskuvasta on tutkimuksen itsens\u00e4 aiheuttamaa? T\u00e4m\u00e4 reflektiivinen k\u00e4\u00e4nne muotoilee t\u00e4n\u00e4 p\u00e4iv\u00e4n\u00e4 my\u00f6s \u00dclgen-tutkimusta. Nuorille uskontotieteilij\u00f6ille t\u00e4m\u00e4 on opettavainen esimerkki.<\/p>\t\t\t\t\t\t\t\t<\/div>\n\t\t\t\t<\/div>\n\t\t\t\t\t<\/div>\n\t\t\t\t<\/div>\n\t\t<div class=\"elementor-element elementor-element-cp2bb9b29e e-flex e-con-boxed e-con e-parent\" data-id=\"cp2bb9b29e\" data-element_type=\"container\" data-e-type=\"container\">\n\t\t\t\t\t<div class=\"e-con-inner\">\n\t\t\t\t<div class=\"elementor-element elementor-element-cp26f84b97 elementor-widget elementor-widget-heading\" data-id=\"cp26f84b97\" data-element_type=\"widget\" data-e-type=\"widget\" data-widget_type=\"heading.default\">\n\t\t\t\t\t<h2 class=\"elementor-heading-title elementor-size-default\">\u00dclgen altai-turkkilaisten uskonnossa: l\u00e4hteet ja tallentajat<\/h2>\t\t\t\t<\/div>\n\t\t<div class=\"elementor-element elementor-element-cp237ddc15 e-flex e-con-boxed e-con e-child\" data-id=\"cp237ddc15\" data-element_type=\"container\" data-e-type=\"container\">\n\t\t\t\t\t<div class=\"e-con-inner\">\n\t\t\t\t<div class=\"elementor-element elementor-element-cp28067a54 elementor-widget elementor-widget-text-editor\" data-id=\"cp28067a54\" data-element_type=\"widget\" data-e-type=\"widget\" data-widget_type=\"text-editor.default\">\n\t\t\t\t\t\t\t\t\t<p><span class=\"iwg-fachbegriff\" data-tooltip=\"Uskonnon sis\u00e4ll\u00e4 jumalallisena palvottu olento.\" tabindex=\"0\">Jumaluus<\/span> \u00dclgen, kirjoitusasuissa my\u00f6s <em>\u00dclg\u00e4n<\/em> tai <em>Bai \u00dclgen<\/em>, tunnetaan ennen kaikkea Altain vuoriston turkkilaiskielisten kansojen uskonnosta. T\u00e4rkeimm\u00e4t kuvaukset ovat per\u00e4isin 1800- ja 1900-luvun alun etnografiasta.<\/p><p>Erityisen merkitt\u00e4vi\u00e4 ovat tutkija Wilhelm Radloffin ja l\u00e4hetyssaarnaaja-kielentutkija Wassili Werbizkin ty\u00f6t. He toimivat 1800-luvulla altailaisten parissa ja ker\u00e4siv\u00e4t tekstej\u00e4, rukouksia ja kuvauksia rituaalisista k\u00e4yt\u00e4nn\u00f6ist\u00e4.<\/p><p>N\u00e4iss\u00e4 l\u00e4hteiss\u00e4 \u00dclgen esiintyy korkeana, hyv\u00e4ntahtoisena taivaanjumalana, joka asuu yhdell\u00e4 taivaan ylemmist\u00e4 kerroksista. Monissa perim\u00e4tiedoissa h\u00e4nen vastapuolenaan on Erlik, manalan herra. \u00dclgen yhdistet\u00e4\u00e4n luomiseen, hedelm\u00e4llisyyteen, karjaan ja ihmisten hyvinvointiin.<\/p><p>Toisin kuin et\u00e4inen, toimeton taivaanjumala, \u00dclgen oli konkreettisten rituaalien kohde: h\u00e4nelle uhrattiin el\u00e4imi\u00e4, erityisesti hevosia, ja shamanistinen erikoisosaaja otti h\u00e4neen yhteytt\u00e4 rituaalisin laulujen avulla.<\/p><p>N\u00e4it\u00e4 l\u00e4hteit\u00e4 k\u00e4ytett\u00e4ess\u00e4 on otettava huomioon, ett\u00e4 Werbizki oli l\u00e4hetyssaarnaaja, joka tarkasteli altailaista uskontoa kristillisest\u00e4 n\u00e4k\u00f6kulmasta, kun Radloff oli enemm\u00e4n kiinnostunut kieli- ja kansatieteest\u00e4. Molemmat dokumentoivat my\u00f6s uskontoa, joka oli jo saanut vaikutteita buddhalaisuudesta, kristinuskosta ja Ven\u00e4j\u00e4n vallasta.<\/p><p>Jotkut tutkijat ovat ep\u00e4illeet, ett\u00e4 \u00dclgenin ja Erlikin dualistisessa vastakkainasettelussa saattaisi n\u00e4ky\u00e4 iranilais-zarathustralaista tai kristillist\u00e4 vaikutusta. Kysymys ei ole ratkaistu lopullisesti, mutta se muistuttaa siit\u00e4, ettei perinteist\u00e4 \u00dclgen-kuvaa pid\u00e4 ilman muuta pit\u00e4\u00e4 muinaisena ja vaikutteista vapaana. Sukua olevia taivaanjumaluuksia tunnetaan my\u00f6s naapuruston <a href=\"https:\/\/iwell-guard.com\/fi\/siperialainen-samanismi-ja-tengrismi\/\">sis\u00e4-aasialaisissa kulttuureissa<\/a>.<\/p>\t\t\t\t\t\t\t\t<\/div>\n\t\t\t\t\t<\/div>\n\t\t\t\t<\/div>\n\t\t\t\t\t<\/div>\n\t\t\t\t<\/div>\n\t\t<div class=\"elementor-element elementor-element-cp299b431d e-flex e-con-boxed e-con e-parent\" data-id=\"cp299b431d\" data-element_type=\"container\" data-e-type=\"container\">\n\t\t\t\t\t<div class=\"e-con-inner\">\n\t\t\t\t<div class=\"elementor-element elementor-element-cp206c9790 elementor-widget elementor-widget-heading\" data-id=\"cp206c9790\" data-element_type=\"widget\" data-e-type=\"widget\" data-widget_type=\"heading.default\">\n\t\t\t\t\t<h2 class=\"elementor-heading-title elementor-size-default\">Shamanistinen taivasmatka \u00dclgenin luo: rituaaliteksti l\u00e4hikuvassa<\/h2>\t\t\t\t<\/div>\n\t\t<div class=\"elementor-element elementor-element-cp262fe7ef e-flex e-con-boxed e-con e-child\" data-id=\"cp262fe7ef\" data-element_type=\"container\" data-e-type=\"container\">\n\t\t\t\t\t<div class=\"e-con-inner\">\n\t\t\t\t<div class=\"elementor-element elementor-element-cp213fcfa0 elementor-widget elementor-widget-text-editor\" data-id=\"cp213fcfa0\" data-element_type=\"widget\" data-e-type=\"widget\" data-widget_type=\"text-editor.default\">\n\t\t\t\t\t\t\t\t\t<p>Altailaisen uskonnon vaikuttavimpiin todistuskappaleisiin kuuluu kuvaus rituaalisesta taivasmatkasta \u00dclgenin luo, jonka on muun muassa tallentanut Wilhelm Radloff ja jota uskontotieteilij\u00e4 Mircea Eliade on my\u00f6hemmin k\u00e4sitellyt laajasti <span class=\"iwg-fachbegriff\" data-tooltip=\"Uskonnollinen j\u00e4rjestelm\u00e4, jossa erikoisosaajat ovat yhteydess\u00e4 henkimaailmaan.\" tabindex=\"0\">shamanismia<\/span> koskevassa tutkimuksessaan. <span class=\"iwg-fachbegriff\" data-tooltip=\"Symbolisten tekojen s\u00e4\u00e4delty sarja, jolla on uskonnollinen tai kulttuurinen merkitys.\" tabindex=\"0\">Rituaali<\/span> palveli hevosuhrin tuomista \u00dclgenille, ja sen tarkoituksena oli varmistaa jumalan hyv\u00e4ntahtoisuus yhteis\u00f6\u00e4 kohtaan.<\/p><p>L\u00e4hteiss\u00e4 kuvattu kulku on moniosainen. Valmistelujen, joihin kuului uhriel\u00e4imen valinta ja rituaalinen k\u00e4sittely, j\u00e4lkeen shamanistinen erikoisosaaja nousi symbolisesti koivuun veistetty\u00e4 lovisarjaa pitkin, jonka katsottiin kuvaavan per\u00e4kk\u00e4isi\u00e4 taivaankerroksia.<\/p><p>Rituaalilauluissa h\u00e4n kuvasi nousuaan kerroksesta kerrokseen, kohtasi matkalla erilaisia olentoja ja l\u00e4hestyi lopulta \u00dclgenin asuinpaikkaa. T\u00e4ss\u00e4 vaiheessa h\u00e4n esitti yhteis\u00f6n pyynn\u00f6t ja pyrki saamaan vastauksista tietoa tulevaisuudesta, esimerkiksi tulevasta sadosta tai karjan lis\u00e4\u00e4ntymisest\u00e4.<\/p><p>T\u00e4m\u00e4n kuvauksen arvioinnissa on syyt\u00e4 olla varovainen. Radloffin tallentama teksti on konkreettinen, aikaan ja paikkaan sidottu esitys, ei ajattoman k\u00e4sikirjoitus. Eliade yleisti sen shamanistisen taivasmatkan malliesimerkiksi, mutta my\u00f6hempi tutkimus on arvostellut h\u00e4nen taipumustaan yhten\u00e4ist\u00e4\u00e4 liikaa.<\/p><p>Voidaan todeta, ett\u00e4 \u00dclgen ei altailaisessa k\u00e4yt\u00e4nn\u00f6ss\u00e4 ollut vain teologinen k\u00e4sitys, vaan mittavan rituaalisen toiminnan kohde, jossa taivaan kerroksellisuus ja erikoisosaajan nousu n\u00e4ytt\u00e4ytyiv\u00e4t konkreettisesti.<\/p>\t\t\t\t\t\t\t\t<\/div>\n\t\t\t\t\t<\/div>\n\t\t\t\t<\/div>\n\t\t\t\t\t<\/div>\n\t\t\t\t<\/div>\n\t\t<div class=\"elementor-element elementor-element-cp25359e9f e-flex e-con-boxed e-con e-parent\" data-id=\"cp25359e9f\" data-element_type=\"container\" data-e-type=\"container\">\n\t\t\t\t\t<div class=\"e-con-inner\">\n\t\t\t\t<div class=\"elementor-element elementor-element-cp239a60e9 elementor-widget elementor-widget-heading\" data-id=\"cp239a60e9\" data-element_type=\"widget\" data-e-type=\"widget\" data-widget_type=\"heading.default\">\n\t\t\t\t\t<h2 class=\"elementor-heading-title elementor-size-default\">\u00dclgen ja Erlik: dualistinen asetelma ja sen tulkinnat<\/h2>\t\t\t\t<\/div>\n\t\t<div class=\"elementor-element elementor-element-cp2c94b71a e-flex e-con-boxed e-con e-child\" data-id=\"cp2c94b71a\" data-element_type=\"container\" data-e-type=\"container\">\n\t\t\t\t\t<div class=\"e-con-inner\">\n\t\t\t\t<div class=\"elementor-element elementor-element-cp27d463c9 elementor-widget elementor-widget-text-editor\" data-id=\"cp27d463c9\" data-element_type=\"widget\" data-e-type=\"widget\" data-widget_type=\"text-editor.default\">\n\t\t\t\t\t\t\t\t\t<p>\u00dclgenin perinteiselle kuvalle on ominaista tiivis kytk\u00f6s vastahahmoon <a href=\"https:\/\/iwell-guard.com\/fi\/siperialainen-samanismi-ja-tengrismi\/\">Erlikiin<\/a>. Monissa altailaisissa kertomuksissa he esiintyv\u00e4t toisiaan t\u00e4ydent\u00e4v\u00e4n\u00e4 parina: \u00dclgen ylh\u00e4\u00e4ll\u00e4 taivaassa, valoon, luomiseen ja el\u00e4m\u00e4\u00e4n liitettyn\u00e4, Erlik alhaalla, manalaan, sairauteen ja kuolemaan yhdistettyn\u00e4.<\/p><p>Osassa luomiskertomuksia molemmat osallistuvat maailman luomiseen, jolloin Erlikin osuus tuo maailmaan usein ep\u00e4t\u00e4ydellisen tai vahingollisen aineksen.<\/p><p>T\u00e4m\u00e4 dualistinen asetelma on kiinnostanut tutkimusta suuresti. Yksi kysymys on, onko voimakas dualismi altailaisen uskonnon alkuper\u00e4inen piirre, vai onko sit\u00e4 vahvistanut kosketus dualistisiin uskontoj\u00e4rjestelmiin, esimerkiksi zarathustralaisiin k\u00e4sityksiin sis\u00e4-aasialaisia kauppareittej\u00e4 pitkin tai kristillisiin k\u00e4sityksiin Jumalasta ja paholaisesta Ven\u00e4j\u00e4n l\u00e4hetysty\u00f6n kautta.<\/p><p>Yksiselitteist\u00e4 vastausta ei ole mahdollista antaa, sill\u00e4 l\u00e4hteet ovat per\u00e4isin ajalta, jolloin t\u00e4llaiset kontaktit olivat jo kauan olleet olemassa.<\/p><p>On my\u00f6s t\u00e4rke\u00e4\u00e4 huomata, ettei \u00dclgenin ja Erlikin vastakkainasettelua pid\u00e4 ymm\u00e4rt\u00e4\u00e4 yksinkertaisena hyv\u00e4n ja pahan taisteluna. Monissa kertomuksissa Erlik ei ole puhdas vastustaja, vaan v\u00e4ltt\u00e4m\u00e4t\u00f6n osa maailmanj\u00e4rjestyst\u00e4, jonka kanssa oli sopeuduttava yht\u00e4 lailla kuin \u00dclgenin kanssa.<\/p><p>Shamanistiset erikoisosaajat olivat yhteydess\u00e4 sek\u00e4 yl\u00e4iseen ett\u00e4 aliseen maailmaan. N\u00e4iden voimien suhdetta kuvaa siis paremmin j\u00e4nnitteinen t\u00e4ydent\u00e4vyys kuin moraalinen dualismi. \u00dclgenin arvioinnin kannalta t\u00e4st\u00e4 seuraa, ett\u00e4 h\u00e4nen merkityksens\u00e4 avautuu t\u00e4ysin vasta suhteessa Erlikiin: h\u00e4n on kaksinapaisen maailmantulkinnan taivaallinen napa.<\/p>\t\t\t\t\t\t\t\t<\/div>\n\t\t\t\t\t<\/div>\n\t\t\t\t<\/div>\n\t\t\t\t\t<\/div>\n\t\t\t\t<\/div>\n\t\t<div class=\"elementor-element elementor-element-iwgw-uelgen-lit e-flex e-con-boxed e-con e-parent\" data-id=\"iwgw-uelgen-lit\" data-element_type=\"container\" data-e-type=\"container\">\n\t\t\t\t\t<div class=\"e-con-inner\">\n\t\t\t\t<div class=\"elementor-element elementor-element-iwgw-uelgen-lith elementor-widget elementor-widget-heading\" data-id=\"iwgw-uelgen-lith\" data-element_type=\"widget\" data-e-type=\"widget\" data-widget_type=\"heading.default\">\n\t\t\t\t\t<h2 class=\"elementor-heading-title elementor-size-default\">Kirjallisuus (valikoima)<\/h2>\t\t\t\t<\/div>\n\t\t<div class=\"elementor-element elementor-element-iwgw-uelgen-litc e-con-full e-flex e-con e-child\" data-id=\"iwgw-uelgen-litc\" data-element_type=\"container\" data-e-type=\"container\">\n\t\t\t\t<div class=\"elementor-element elementor-element-iwgw-uelgen-litt elementor-widget elementor-widget-text-editor\" data-id=\"iwgw-uelgen-litt\" data-element_type=\"widget\" data-e-type=\"widget\" data-widget_type=\"text-editor.default\">\n\t\t\t\t\t\t\t\t\t<ul><li>A. V. Anokhin: <em>Materialien zum <span class=\"iwg-fachbegriff\" data-tooltip=\"Uskonnollinen j\u00e4rjestelm\u00e4, jossa erikoisosaajat ovat yhteydess\u00e4 henkimaailmaan.\" tabindex=\"0\">Schamanismus<\/span> der Altaier<\/em> (1924)<\/li><li>L. P. Potapov: <em>Altaiskij schamanizm<\/em> (1991)<\/li><li>Mircea Eliade: <em>Le chamanisme<\/em> (1951)<\/li><li>Vladimir Basilov: <em>Shamanism in Siberia<\/em> (1984)<\/li><li>Juha Pentik\u00e4inen: <em>Shamanism and Culture<\/em> (1998)<\/li><li>Andrei Znamenski: <em>Shamanism and Western Imagination<\/em> (2007)<\/li><li>Roberte Hamayon: <em>La chasse \u00e0 l&#8217;\u00e2me<\/em> (1990)<\/li><\/ul>\t\t\t\t\t\t\t\t<\/div>\n\t\t\t\t<\/div>\n\t\t\t\t\t<\/div>\n\t\t\t\t<\/div>\n\t\t<div class=\"elementor-element elementor-element-iwgkw-add-uelgen e-flex e-con-boxed e-con e-parent\" data-id=\"iwgkw-add-uelgen\" data-element_type=\"container\" data-e-type=\"container\">\n\t\t\t\t\t<div class=\"e-con-inner\">\n\t\t\t\t<div class=\"elementor-element elementor-element-iwgkw-add-uelgen-t elementor-widget elementor-widget-text-editor\" data-id=\"iwgkw-add-uelgen-t\" data-element_type=\"widget\" data-e-type=\"widget\" data-widget_type=\"text-editor.default\">\n\t\t\t\t\t\t\t\t\t<p>Altailainen valon jumala esiintyy l\u00e4hteiss\u00e4 kahdella yleisell\u00e4 translitteroinnilla: <strong>\u00dclgen<\/strong> turkologisessa standardimuodossa ja <strong>Uelgen<\/strong> saksankielisiss\u00e4 teksteiss\u00e4, joissa erikoismerkkej\u00e4 ei k\u00e4ytet\u00e4.<\/p><p>Molemmat kirjoitusasut viittaavat samaan hahmoon, joka Wilhelm Radloffin muistiinpanoissa ja my\u00f6hemm\u00e4ss\u00e4 siperialaisessa uskontotieteess\u00e4 esiintyy yl\u00e4isen maailman luojana ja alisen maailman herran Erlikin vastapoolina. Kaksoiskirjoitusasu helpottaa hakemista vanhemmissa bibliografioissa ja digitaalisissa hakemistoissa, joissa umlaut-merkit k\u00e4sitell\u00e4\u00e4n eri tavoin.<\/p>\t\t\t\t\t\t\t\t<\/div>\n\t\t\t\t\t<\/div>\n\t\t\t\t<\/div>\n\t\t<div class=\"elementor-element elementor-element-iwgkw2-add-uelgen e-flex e-con-boxed e-con e-parent\" data-id=\"iwgkw2-add-uelgen\" data-element_type=\"container\" data-e-type=\"container\">\n\t\t\t\t\t<div class=\"e-con-inner\">\n\t\t\t\t<div class=\"elementor-element elementor-element-iwgkw2-add-uelgen-t elementor-widget elementor-widget-text-editor\" data-id=\"iwgkw2-add-uelgen-t\" data-element_type=\"widget\" data-e-type=\"widget\" data-widget_type=\"text-editor.default\">\n\t\t\t\t\t\t\t\t\t<p><em>Altailainen<\/em> luomismyytti tuntee \u00dclgenin yl\u00e4isen maailman valoisana taivaan herrana, jonka vastavoimana alisen maailman herra Erlik hallitsee; Wilhelm Radloffin 1800-luvulla tekem\u00e4t etnografiset muistiinpanot dokumentoivat <span class=\"iwg-fachbegriff\" data-tooltip=\"Uskonnon tai kulttuurin jumalien kokonaisuus.\" tabindex=\"0\">pantheonin<\/span> yksityiskohtaisesti.<\/p>\t\t\t\t\t\t\t\t<\/div>\n\t\t\t\t\t<\/div>\n\t\t\t\t<\/div>\n\t\t<div class=\"elementor-element elementor-element-iwgw-uelgen-kwd e-flex e-con-boxed e-con e-parent\" data-id=\"iwgw-uelgen-kwd\" data-element_type=\"container\" data-e-type=\"container\">\n\t\t\t\t\t<div class=\"e-con-inner\">\n\t\t<div class=\"elementor-element elementor-element-iwgw-uelgen-kwdc e-con-full e-flex e-con e-child\" data-id=\"iwgw-uelgen-kwdc\" data-element_type=\"container\" data-e-type=\"container\">\n\t\t\t\t<div class=\"elementor-element elementor-element-iwgw-uelgen-kwdt elementor-widget elementor-widget-text-editor\" data-id=\"iwgw-uelgen-kwdt\" data-element_type=\"widget\" data-e-type=\"widget\" data-widget_type=\"text-editor.default\">\n\t\t\t\t\t\t\t\t\t<p><em>Aiheeseen liittyv\u00e4t avainsanat: \u00dclgen Aq Kam valkoiset shamaanit yhdeks\u00e4n taivasta altailainen luominen.<\/em><\/p>\t\t\t\t\t\t\t\t<\/div>\n\t\t\t\t<\/div>\n\t\t\t\t\t<\/div>\n\t\t\t\t<\/div>\n\t\t<div class=\"elementor-element elementor-element-iwgw-uelgen-cc e-flex e-con-boxed e-con e-parent\" data-id=\"iwgw-uelgen-cc\" data-element_type=\"container\" data-e-type=\"container\" id=\"iwg-cc-uelgen\">\n\t\t\t\t\t<div class=\"e-con-inner\">\n\t\t<div class=\"elementor-element elementor-element-iwgw-uelgen-ccinner e-flex e-con-boxed e-con e-parent\" data-id=\"iwgw-uelgen-ccinner\" data-element_type=\"container\" data-e-type=\"container\" data-settings=\"{&quot;background_background&quot;:&quot;classic&quot;}\">\n\t\t\t\t\t<div class=\"e-con-inner\">\n\t\t\t\t<div class=\"elementor-element elementor-element-iwgw-uelgen-cch elementor-widget elementor-widget-heading\" data-id=\"iwgw-uelgen-cch\" data-element_type=\"widget\" data-e-type=\"widget\" data-widget_type=\"heading.default\">\n\t\t\t\t\t<h2 class=\"elementor-heading-title elementor-size-default\">iWell Guard ja suojelutraditiot<\/h2>\t\t\t\t<\/div>\n\t\t\t\t<div class=\"elementor-element elementor-element-iwgw-uelgen-cct elementor-widget elementor-widget-text-editor\" data-id=\"iwgw-uelgen-cct\" data-element_type=\"widget\" data-e-type=\"widget\" data-widget_type=\"text-editor.default\">\n\t\t\t\t\t\t\t\t\t<div data-nosnippet=\"true\"><p>iWell Guard jatkaa kannettavien suojaesineiden kulttuurihistoriallista perinnett\u00e4, samassa traditiossa kuin <a href=\"https:\/\/iwell-guard.com\/fi\/siperialainen-samanismi-ja-tengrismi\/\">Siperia \/ tengrismi<\/a> ja monet muut kulttuurit maailmanlaajuisesti. 41 tasoa, aitoa kultaa, platinaa, hopeaa, valmistettu Saksassa. 30 p\u00e4iv\u00e4n palautusoikeus.<\/p><\/div>\t\t\t\t\t\t\t\t<\/div>\n\t\t\t\t<div class=\"elementor-element elementor-element-iwgw-uelgen-ccb iwg-cc-button iwg-cc-cta-2026-05-13 elementor-widget elementor-widget-jet-button\" data-id=\"iwgw-uelgen-ccb\" data-element_type=\"widget\" data-e-type=\"widget\" data-widget_type=\"jet-button.default\">\n\t\t\t\t<div class=\"elementor-widget-container\">\n\t\t\t\t\t<div class=\"elementor-jet-button jet-elements\"><div class=\"jet-button__container\"><a class=\"jet-button__instance jet-button__instance--icon-left hover-effect-1\" href=\"\/ueber-iwell-guard\/?utm_source=iwell-guard.com&amp;utm_medium=info-box&amp;utm_campaign=wesen-tradition\"><div class=\"jet-button__plane jet-button__plane-normal\"><\/div><div class=\"jet-button__plane jet-button__plane-hover\"><\/div><div class=\"jet-button__state jet-button__state-normal\"><span class=\"jet-button__label\">Lis\u00e4\u00e4 iWell Guardista<\/span><\/div><div class=\"jet-button__state jet-button__state-hover\"><span class=\"jet-button__label\">Lis\u00e4\u00e4 iWell Guardista<\/span><\/div><\/a><\/div><\/div><style>.elementor-element.elementor-element-iwgw-uelgen-ccb .jet-button__instance{width:320px;height:56px;}.elementor-element.elementor-element-iwgw-uelgen-ccb .jet-button__state-normal .jet-button__label{text-align:center;margin:0px 0px 0px 0px;color:#1a1b20;font-family:Montserrat,sans-serif;font-size:13px;font-weight:400;letter-spacing:4px;line-height:1.714em;text-transform:uppercase;}.elementor-element.elementor-element-iwgw-uelgen-ccb .jet-button__state-hover .jet-button__label{text-align:center;margin:0px 0px 0px 0px;color:#FECC76;font-family:Montserrat,sans-serif;font-size:13px;font-weight:400;letter-spacing:4px;line-height:1.714em;text-transform:uppercase;}.elementor-element.elementor-element-iwgw-uelgen-ccb .jet-button__plane-normal{background-color:#FECC76;border-style:solid;border-color:#C99540;border-width:2px 2px 2px 2px;}.elementor-element.elementor-element-iwgw-uelgen-ccb .jet-button__plane-hover{background-color:rgba(0,0,0,0.55);border-style:solid;border-color:#FECC76;border-width:2px 2px 2px 2px;}<\/style>\t\t\t\t<\/div>\n\t\t\t\t<\/div>\n\t\t\t\t<div class=\"elementor-element elementor-element-iwgw-uelgen-ccd elementor-widget elementor-widget-text-editor\" data-id=\"iwgw-uelgen-ccd\" data-element_type=\"widget\" data-e-type=\"widget\" data-widget_type=\"text-editor.default\">\n\t\t\t\t\t\t\t\t\t<div data-nosnippet=\"true\"><p style=\"text-align:center;font-size:13px;opacity:0.7;margin-top:14px\" data-nosnippet=\"true\">Henkil\u00f6kohtaiset kokemukset voivat vaihdella. Ei l\u00e4\u00e4kinn\u00e4llinen laite. Ei paranemislupausta.<\/p><\/div>\t\t\t\t\t\t\t\t<\/div>\n\t\t\t\t\t<\/div>\n\t\t\t\t<\/div>\n\t\t\t\t\t<\/div>\n\t\t\t\t<\/div>\n\t\t<div class=\"elementor-element elementor-element-iwgw-uelgen-disc e-flex e-con-boxed e-con e-parent\" data-id=\"iwgw-uelgen-disc\" data-element_type=\"container\" data-e-type=\"container\">\n\t\t\t\t\t<div class=\"e-con-inner\">\n\t\t\t\t<div class=\"elementor-element elementor-element-iwgw-uelgen-discw elementor-widget elementor-widget-html\" data-id=\"iwgw-uelgen-discw\" data-element_type=\"widget\" data-e-type=\"widget\" data-widget_type=\"html.default\">\n\t\t\t\t\t<footer data-nosnippet=\"true\" class=\"iwg-disclaimer-block\"><p data-nosnippet=\"true\">iWell Guard <strong>ei ole l\u00e4\u00e4kinn\u00e4llinen laite<\/strong>, eik\u00e4 se korvaa l\u00e4\u00e4k\u00e4rin tai psykoterapeutin hoitoa. Uskontotieteelliset sis\u00e4ll\u00f6t ovat kulttuurihistoriallista tarkastelua, ei suositus hengelliseen k\u00e4yt\u00e4nt\u00f6\u00f6n.<\/p><\/footer>\t\t\t\t<\/div>\n\t\t\t\t\t<\/div>\n\t\t\t\t<\/div>\n\t\t\t\t<\/div>\n\t\t","protected":false},"excerpt":{"rendered":"","protected":false},"author":3,"featured_media":2858,"parent":0,"menu_order":0,"comment_status":"closed","ping_status":"closed","template":"elementor_header_footer","meta":{"_yoast_wpseo_focuskw":"\u00dclgen valon jumala Altai","_yoast_wpseo_title":"\u00dclgen \u2013 Altain valojumala, luominen ja l\u00e4hteet","_yoast_wpseo_metadesc":"\u00dclgen on etel\u00e4siperialaisessa tengrismiss\u00e4 ylisen maailman luoja ja valon jumala. Katsaus myyttiin ja kulttiin.","_yoast_wpseo_meta-robots-noindex":"","_yoast_wpseo_canonical":"","_angie_page":false,"gefaehrdungsstufe":"1","wesen_kultur":"sibirisch-tengrismus","wesen_klasse":"goetter","footnotes":""},"categories":[],"class_list":["post-144217","page","type-page","status-publish","has-post-thumbnail","hentry"],"yoast_head":"<!-- This site is optimized with the Yoast SEO Premium plugin v27.7 (Yoast SEO v28.3) - https:\/\/yoast.com\/product\/yoast-seo-premium-wordpress\/ -->\n<title>\u00dclgen \u2013 Altain valojumala, luominen ja l\u00e4hteet<\/title>\n<meta name=\"description\" content=\"\u00dclgen on etel\u00e4siperialaisessa tengrismiss\u00e4 ylisen maailman luoja ja valon jumala. Katsaus myyttiin ja kulttiin.\" \/>\n<meta name=\"robots\" content=\"index, follow, max-snippet:-1, max-image-preview:large, max-video-preview:-1\" \/>\n<link rel=\"canonical\" href=\"https:\/\/iwell-guard.com\/fi\/ulgen-valon-jumala-altai\/\" \/>\n<meta property=\"og:locale\" content=\"fi_FI\" \/>\n<meta property=\"og:type\" content=\"article\" \/>\n<meta property=\"og:title\" content=\"\u00dclgen \u2013 altailaisten valon jumala\" \/>\n<meta property=\"og:description\" content=\"\u00dclgen on etel\u00e4siperialaisessa tengrismiss\u00e4 ylisen maailman luoja ja valon jumala. Katsaus myyttiin ja kulttiin.\" \/>\n<meta property=\"og:url\" content=\"https:\/\/iwell-guard.com\/fi\/ulgen-valon-jumala-altai\/\" \/>\n<meta property=\"og:site_name\" content=\"iWell Guard\" \/>\n<meta property=\"article:modified_time\" content=\"2026-09-03T12:53:41+00:00\" \/>\n<meta property=\"og:image\" content=\"https:\/\/iwell-guard.com\/wp-content\/uploads\/2026\/05\/goetter_sibirisch-tengrismus_uelgen.webp\" \/>\n\t<meta property=\"og:image:width\" content=\"1024\" \/>\n\t<meta property=\"og:image:height\" content=\"1536\" \/>\n\t<meta property=\"og:image:type\" content=\"image\/webp\" \/>\n<meta name=\"twitter:card\" content=\"summary_large_image\" \/>\n<script type=\"application\/ld+json\" class=\"yoast-schema-graph\">{\"@context\":\"https:\\\/\\\/schema.org\",\"@graph\":[{\"@type\":\"WebPage\",\"@id\":\"https:\\\/\\\/iwell-guard.com\\\/fi\\\/ulgen-valon-jumala-altai\\\/\",\"url\":\"https:\\\/\\\/iwell-guard.com\\\/fi\\\/ulgen-valon-jumala-altai\\\/\",\"name\":\"\u00dclgen \u2013 Altain valojumala, luominen ja l\u00e4hteet\",\"isPartOf\":{\"@id\":\"https:\\\/\\\/iwell-guard.com\\\/fi\\\/#website\"},\"primaryImageOfPage\":{\"@id\":\"https:\\\/\\\/iwell-guard.com\\\/fi\\\/ulgen-valon-jumala-altai\\\/#primaryimage\"},\"image\":{\"@id\":\"https:\\\/\\\/iwell-guard.com\\\/fi\\\/ulgen-valon-jumala-altai\\\/#primaryimage\"},\"thumbnailUrl\":\"https:\\\/\\\/iwell-guard.com\\\/wp-content\\\/uploads\\\/2026\\\/05\\\/goetter_sibirisch-tengrismus_uelgen.webp\",\"datePublished\":\"2026-09-03T12:33:11+00:00\",\"dateModified\":\"2026-09-03T12:53:41+00:00\",\"description\":\"\u00dclgen on etel\u00e4siperialaisessa tengrismiss\u00e4 ylisen maailman luoja ja valon jumala. Katsaus myyttiin ja kulttiin.\",\"breadcrumb\":{\"@id\":\"https:\\\/\\\/iwell-guard.com\\\/fi\\\/ulgen-valon-jumala-altai\\\/#breadcrumb\"},\"inLanguage\":\"fi\",\"potentialAction\":[{\"@type\":\"ReadAction\",\"target\":[\"https:\\\/\\\/iwell-guard.com\\\/fi\\\/ulgen-valon-jumala-altai\\\/\"]}]},{\"@type\":\"ImageObject\",\"inLanguage\":\"fi\",\"@id\":\"https:\\\/\\\/iwell-guard.com\\\/fi\\\/ulgen-valon-jumala-altai\\\/#primaryimage\",\"url\":\"https:\\\/\\\/iwell-guard.com\\\/wp-content\\\/uploads\\\/2026\\\/05\\\/goetter_sibirisch-tengrismus_uelgen.webp\",\"contentUrl\":\"https:\\\/\\\/iwell-guard.com\\\/wp-content\\\/uploads\\\/2026\\\/05\\\/goetter_sibirisch-tengrismus_uelgen.webp\",\"width\":1024,\"height\":1536,\"caption\":\"Jumalia siperialais-tengrismin perinteest\u00e4.\"},{\"@type\":\"BreadcrumbList\",\"@id\":\"https:\\\/\\\/iwell-guard.com\\\/fi\\\/ulgen-valon-jumala-altai\\\/#breadcrumb\",\"itemListElement\":[{\"@type\":\"ListItem\",\"position\":1,\"name\":\"Start\",\"item\":\"https:\\\/\\\/iwell-guard.com\\\/fi\\\/?page_id=143815\"},{\"@type\":\"ListItem\",\"position\":2,\"name\":\"\u00dclgen \u2013 altailaisten valon jumala\"}]},{\"@type\":\"WebSite\",\"@id\":\"https:\\\/\\\/iwell-guard.com\\\/fi\\\/#website\",\"url\":\"https:\\\/\\\/iwell-guard.com\\\/fi\\\/\",\"name\":\"iWell Guard\",\"description\":\"Schutz vor dunklen Einfl\u00fcssen\",\"publisher\":{\"@id\":\"https:\\\/\\\/iwell-guard.com\\\/fi\\\/#organization\"},\"potentialAction\":[{\"@type\":\"SearchAction\",\"target\":{\"@type\":\"EntryPoint\",\"urlTemplate\":\"https:\\\/\\\/iwell-guard.com\\\/fi\\\/?s={search_term_string}\"},\"query-input\":{\"@type\":\"PropertyValueSpecification\",\"valueRequired\":true,\"valueName\":\"search_term_string\"}}],\"inLanguage\":\"fi\"},{\"@type\":\"Organization\",\"@id\":\"https:\\\/\\\/iwell-guard.com\\\/fi\\\/#organization\",\"name\":\"Ittermann electronic GmbH\",\"url\":\"https:\\\/\\\/iwell-guard.com\\\/fi\\\/\",\"logo\":{\"@type\":\"ImageObject\",\"inLanguage\":\"fi\",\"@id\":\"https:\\\/\\\/iwell-guard.com\\\/fi\\\/#\\\/schema\\\/logo\\\/image\\\/\",\"url\":\"https:\\\/\\\/iwell-guard.com\\\/wp-content\\\/uploads\\\/2026\\\/05\\\/Ittermann-Logo-1182x237-1.png\",\"contentUrl\":\"https:\\\/\\\/iwell-guard.com\\\/wp-content\\\/uploads\\\/2026\\\/05\\\/Ittermann-Logo-1182x237-1.png\",\"width\":1182,\"height\":237,\"caption\":\"Ittermann electronic GmbH\"},\"image\":{\"@id\":\"https:\\\/\\\/iwell-guard.com\\\/fi\\\/#\\\/schema\\\/logo\\\/image\\\/\"},\"sameAs\":[\"https:\\\/\\\/pantip.com\\\/profile\\\/9367242\",\"https:\\\/\\\/micro.blog\\\/iwellguard\",\"https:\\\/\\\/www.diggerslist.com\\\/iwellguard\\\/about\",\"https:\\\/\\\/skitterphoto.com\\\/photographers\\\/2870314\\\/iwell-guard\",\"https:\\\/\\\/iwellguard.wordpress.com\\\/2026\\\/06\\\/06\\\/iwell-guard\\\/\",\"https:\\\/\\\/hub.docker.com\\\/u\\\/iwellguard\",\"https:\\\/\\\/www.pinterest.com\\\/iwellguard\\\/\",\"https:\\\/\\\/bit.ly\\\/m\\\/iwellguard\",\"https:\\\/\\\/entre-vos-mains.alsace.eu\\\/profiles\\\/iwellguard\\\/activity\",\"https:\\\/\\\/gravatar.com\\\/reallybeded8fd34\",\"https:\\\/\\\/naijamatta.com\\\/iwellguard\",\"https:\\\/\\\/www.goodreads.com\\\/iwellguard\",\"https:\\\/\\\/profile.hatena.ne.jp\\\/iwellguard\\\/\",\"https:\\\/\\\/experiment.com\\\/users\\\/iwellguard\",\"https:\\\/\\\/wakelet.com\\\/@iWellGuard82270\",\"https:\\\/\\\/www.chordie.com\\\/forum\\\/profile.php?id=2555664\",\"https:\\\/\\\/www.instapaper.com\\\/p\\\/17757966\",\"https:\\\/\\\/www.mapleprimes.com\\\/users\\\/iwellguard\",\"https:\\\/\\\/businesslistingplus.com\\\/profile\\\/iwell-guard\\\/\",\"https:\\\/\\\/telegra.ph\\\/iWell-Guard-06-06\",\"https:\\\/\\\/pbase.com\\\/iwellguard\\\/iwellguard\",\"https:\\\/\\\/b.hatena.ne.jp\\\/iwellguard\\\/20260607#bookmark-4788405196491818882\",\"https:\\\/\\\/fliphtml5.com\\\/home\\\/iwellguard\",\"https:\\\/\\\/anyflip.com\\\/homepage\\\/cmiwl#About\",\"https:\\\/\\\/transfur.com\\\/Users\\\/iwellguard\",\"http:\\\/\\\/delphi.larsbo.org\\\/user\\\/iwellguard\",\"https:\\\/\\\/jobs.lajobsportal.org\\\/profiles\\\/8380803-iwell-guard\",\"https:\\\/\\\/md.chaosdorf.de\\\/s\\\/jfbe5SBdJD\",\"https:\\\/\\\/www.lingvolive.com\\\/en-us\\\/profile\\\/9ecaeaca-ce11-4e51-9e71-01d55e2bff36\\\/translations\",\"https:\\\/\\\/www.fitday.com\\\/fitness\\\/forums\\\/members\\\/iwellguard.html\",\"https:\\\/\\\/www.mymeetbook.com\\\/iwellguard\",\"https:\\\/\\\/pxhere.com\\\/en\\\/photographer-me\\\/5040798\",\"https:\\\/\\\/disqus.com\\\/by\\\/iwellguard\\\/about\\\/\",\"https:\\\/\\\/pastelink.net\\\/hjwciqwq\",\"https:\\\/\\\/pubhtml5.com\\\/homepage\\\/scjhn\\\/\",\"https:\\\/\\\/www.bitchute.com\\\/channel\\\/2O2eOKzNqujT\",\"https:\\\/\\\/audiomack.com\\\/iwellguard\"]},{\"@type\":\"Article\",\"@id\":\"https:\\\/\\\/iwell-guard.com\\\/fi\\\/ulgen-valon-jumala-altai\\\/#article\",\"isPartOf\":{\"@id\":\"https:\\\/\\\/iwell-guard.com\\\/fi\\\/ulgen-valon-jumala-altai\\\/\"},\"author\":{\"name\":\"Ralf Ittermann\",\"@id\":\"https:\\\/\\\/iwell-guard.com\\\/fi\\\/#\\\/schema\\\/person\\\/ee2a27f1cac3406c7c6fb5820cb7349f\"},\"headline\":\"\u00dclgen \u2013 altailaisten valon jumala\",\"datePublished\":\"2026-09-03T12:33:11+00:00\",\"dateModified\":\"2026-09-03T12:53:41+00:00\",\"mainEntityOfPage\":{\"@id\":\"https:\\\/\\\/iwell-guard.com\\\/fi\\\/ulgen-valon-jumala-altai\\\/\"},\"publisher\":{\"@id\":\"https:\\\/\\\/iwell-guard.com\\\/fi\\\/#organization\"},\"image\":{\"@id\":\"https:\\\/\\\/iwell-guard.com\\\/fi\\\/ulgen-valon-jumala-altai\\\/#primaryimage\"},\"thumbnailUrl\":\"https:\\\/\\\/iwell-guard.com\\\/wp-content\\\/uploads\\\/2026\\\/05\\\/goetter_sibirisch-tengrismus_uelgen.webp\",\"inLanguage\":\"fi\",\"description\":\"\u00dclgen on etel\u00e4siperialaisessa tengrismiss\u00e4 ylisen maailman luoja ja valon jumala. Katsaus myyttiin ja kulttiin.\"}]}<\/script>\n<!-- \/ Yoast SEO Premium plugin. -->","yoast_head_json":{"title":"\u00dclgen \u2013 Altain valojumala, luominen ja l\u00e4hteet","description":"\u00dclgen on etel\u00e4siperialaisessa tengrismiss\u00e4 ylisen maailman luoja ja valon jumala. Katsaus myyttiin ja kulttiin.","robots":{"index":"index","follow":"follow","max-snippet":"max-snippet:-1","max-image-preview":"max-image-preview:large","max-video-preview":"max-video-preview:-1"},"canonical":"https:\/\/iwell-guard.com\/fi\/ulgen-valon-jumala-altai\/","og_locale":"fi_FI","og_type":"article","og_title":"\u00dclgen \u2013 altailaisten valon jumala","og_description":"\u00dclgen on etel\u00e4siperialaisessa tengrismiss\u00e4 ylisen maailman luoja ja valon jumala. Katsaus myyttiin ja kulttiin.","og_url":"https:\/\/iwell-guard.com\/fi\/ulgen-valon-jumala-altai\/","og_site_name":"iWell Guard","article_modified_time":"2026-09-03T12:53:41+00:00","og_image":[{"width":1024,"height":1536,"url":"https:\/\/iwell-guard.com\/wp-content\/uploads\/2026\/05\/goetter_sibirisch-tengrismus_uelgen.webp","type":"image\/webp"}],"twitter_card":"summary_large_image","schema":{"@context":"https:\/\/schema.org","@graph":[{"@type":"Article","@id":"https:\/\/iwell-guard.com\/fi\/ulgen-valon-jumala-altai\/#article","isPartOf":{"@id":"https:\/\/iwell-guard.com\/fi\/ulgen-valon-jumala-altai\/"},"author":{"name":"Ralf Ittermann","@id":"https:\/\/iwell-guard.com\/fi\/#\/schema\/person\/ee2a27f1cac3406c7c6fb5820cb7349f"},"headline":"\u00dclgen \u2013 altailaisten valon jumala","datePublished":"2026-09-03T12:33:11+00:00","dateModified":"2026-09-03T12:53:41+00:00","mainEntityOfPage":{"@id":"https:\/\/iwell-guard.com\/fi\/ulgen-valon-jumala-altai\/"},"publisher":{"@id":"https:\/\/iwell-guard.com\/fi\/#organization"},"image":{"@id":"https:\/\/iwell-guard.com\/fi\/ulgen-valon-jumala-altai\/#primaryimage"},"thumbnailUrl":"https:\/\/iwell-guard.com\/wp-content\/uploads\/2026\/05\/goetter_sibirisch-tengrismus_uelgen.webp","inLanguage":"fi","description":"\u00dclgen on etel\u00e4siperialaisessa tengrismiss\u00e4 ylisen maailman luoja ja valon jumala. Katsaus myyttiin ja kulttiin."},{"@type":"WebPage","@id":"https:\/\/iwell-guard.com\/fi\/ulgen-valon-jumala-altai\/","url":"https:\/\/iwell-guard.com\/fi\/ulgen-valon-jumala-altai\/","name":"\u00dclgen \u2013 Altain valojumala, luominen ja l\u00e4hteet","isPartOf":{"@id":"https:\/\/iwell-guard.com\/fi\/#website"},"primaryImageOfPage":{"@id":"https:\/\/iwell-guard.com\/fi\/ulgen-valon-jumala-altai\/#primaryimage"},"image":{"@id":"https:\/\/iwell-guard.com\/fi\/ulgen-valon-jumala-altai\/#primaryimage"},"thumbnailUrl":"https:\/\/iwell-guard.com\/wp-content\/uploads\/2026\/05\/goetter_sibirisch-tengrismus_uelgen.webp","datePublished":"2026-09-03T12:33:11+00:00","dateModified":"2026-09-03T12:53:41+00:00","description":"\u00dclgen on etel\u00e4siperialaisessa tengrismiss\u00e4 ylisen maailman luoja ja valon jumala. Katsaus myyttiin ja kulttiin.","breadcrumb":{"@id":"https:\/\/iwell-guard.com\/fi\/ulgen-valon-jumala-altai\/#breadcrumb"},"inLanguage":"fi","potentialAction":[{"@type":"ReadAction","target":["https:\/\/iwell-guard.com\/fi\/ulgen-valon-jumala-altai\/"]}]},{"@type":"ImageObject","inLanguage":"fi","@id":"https:\/\/iwell-guard.com\/fi\/ulgen-valon-jumala-altai\/#primaryimage","url":"https:\/\/iwell-guard.com\/wp-content\/uploads\/2026\/05\/goetter_sibirisch-tengrismus_uelgen.webp","contentUrl":"https:\/\/iwell-guard.com\/wp-content\/uploads\/2026\/05\/goetter_sibirisch-tengrismus_uelgen.webp","width":1024,"height":1536,"caption":"Jumalia siperialais-tengrismin perinteest\u00e4."},{"@type":"BreadcrumbList","@id":"https:\/\/iwell-guard.com\/fi\/ulgen-valon-jumala-altai\/#breadcrumb","itemListElement":[{"@type":"ListItem","position":1,"name":"Start","item":"https:\/\/iwell-guard.com\/fi\/?page_id=143815"},{"@type":"ListItem","position":2,"name":"\u00dclgen \u2013 altailaisten valon jumala"}]},{"@type":"WebSite","@id":"https:\/\/iwell-guard.com\/fi\/#website","url":"https:\/\/iwell-guard.com\/fi\/","name":"iWell Guard","description":"Schutz vor dunklen Einfl\u00fcssen","publisher":{"@id":"https:\/\/iwell-guard.com\/fi\/#organization"},"potentialAction":[{"@type":"SearchAction","target":{"@type":"EntryPoint","urlTemplate":"https:\/\/iwell-guard.com\/fi\/?s={search_term_string}"},"query-input":{"@type":"PropertyValueSpecification","valueRequired":true,"valueName":"search_term_string"}}],"inLanguage":"fi"},{"@type":"Organization","@id":"https:\/\/iwell-guard.com\/fi\/#organization","name":"Ittermann electronic GmbH","url":"https:\/\/iwell-guard.com\/fi\/","logo":{"@type":"ImageObject","inLanguage":"fi","@id":"https:\/\/iwell-guard.com\/fi\/#\/schema\/logo\/image\/","url":"https:\/\/iwell-guard.com\/wp-content\/uploads\/2026\/05\/Ittermann-Logo-1182x237-1.png","contentUrl":"https:\/\/iwell-guard.com\/wp-content\/uploads\/2026\/05\/Ittermann-Logo-1182x237-1.png","width":1182,"height":237,"caption":"Ittermann electronic GmbH"},"image":{"@id":"https:\/\/iwell-guard.com\/fi\/#\/schema\/logo\/image\/"},"sameAs":["https:\/\/pantip.com\/profile\/9367242","https:\/\/micro.blog\/iwellguard","https:\/\/www.diggerslist.com\/iwellguard\/about","https:\/\/skitterphoto.com\/photographers\/2870314\/iwell-guard","https:\/\/iwellguard.wordpress.com\/2026\/06\/06\/iwell-guard\/","https:\/\/hub.docker.com\/u\/iwellguard","https:\/\/www.pinterest.com\/iwellguard\/","https:\/\/bit.ly\/m\/iwellguard","https:\/\/entre-vos-mains.alsace.eu\/profiles\/iwellguard\/activity","https:\/\/gravatar.com\/reallybeded8fd34","https:\/\/naijamatta.com\/iwellguard","https:\/\/www.goodreads.com\/iwellguard","https:\/\/profile.hatena.ne.jp\/iwellguard\/","https:\/\/experiment.com\/users\/iwellguard","https:\/\/wakelet.com\/@iWellGuard82270","https:\/\/www.chordie.com\/forum\/profile.php?id=2555664","https:\/\/www.instapaper.com\/p\/17757966","https:\/\/www.mapleprimes.com\/users\/iwellguard","https:\/\/businesslistingplus.com\/profile\/iwell-guard\/","https:\/\/telegra.ph\/iWell-Guard-06-06","https:\/\/pbase.com\/iwellguard\/iwellguard","https:\/\/b.hatena.ne.jp\/iwellguard\/20260607#bookmark-4788405196491818882","https:\/\/fliphtml5.com\/home\/iwellguard","https:\/\/anyflip.com\/homepage\/cmiwl#About","https:\/\/transfur.com\/Users\/iwellguard","http:\/\/delphi.larsbo.org\/user\/iwellguard","https:\/\/jobs.lajobsportal.org\/profiles\/8380803-iwell-guard","https:\/\/md.chaosdorf.de\/s\/jfbe5SBdJD","https:\/\/www.lingvolive.com\/en-us\/profile\/9ecaeaca-ce11-4e51-9e71-01d55e2bff36\/translations","https:\/\/www.fitday.com\/fitness\/forums\/members\/iwellguard.html","https:\/\/www.mymeetbook.com\/iwellguard","https:\/\/pxhere.com\/en\/photographer-me\/5040798","https:\/\/disqus.com\/by\/iwellguard\/about\/","https:\/\/pastelink.net\/hjwciqwq","https:\/\/pubhtml5.com\/homepage\/scjhn\/","https:\/\/www.bitchute.com\/channel\/2O2eOKzNqujT","https:\/\/audiomack.com\/iwellguard"]},{"@type":"Person","@id":"https:\/\/iwell-guard.com\/fi\/#\/schema\/person\/ee2a27f1cac3406c7c6fb5820cb7349f","name":"Ralf Ittermann","image":{"@type":"ImageObject","inLanguage":"fi","@id":"https:\/\/secure.gravatar.com\/avatar\/073c0153e350a5005b68eb752b445fea71f6b24a26da9449ad7e155e6b446c9d?s=96&d=mm&r=g","url":"https:\/\/secure.gravatar.com\/avatar\/073c0153e350a5005b68eb752b445fea71f6b24a26da9449ad7e155e6b446c9d?s=96&d=mm&r=g","contentUrl":"https:\/\/secure.gravatar.com\/avatar\/073c0153e350a5005b68eb752b445fea71f6b24a26da9449ad7e155e6b446c9d?s=96&d=mm&r=g","caption":"Ralf Ittermann"},"givenName":"Ralf","familyName":"Ittermann","jobTitle":"Gesch\u00e4ftsf\u00fchrer und redaktioneller Verantwortlicher","url":"https:\/\/iwell-guard.com\/fi\/author\/claude\/","description":"Ralf Ittermann ist Gesch\u00e4ftsf\u00fchrer der Ittermann electronic GmbH und redaktioneller Verantwortlicher des iWell-Guard-Lexikons. Er verbindet langj\u00e4hrige Erfahrung in der Pr\u00e4zisionsfertigung mit medialer Praxis und religionsgeschichtlicher Quellenarbeit.","worksFor":{"@type":"Organization","name":"Ittermann electronic GmbH","url":"https:\/\/ittermann.de\/","address":{"@type":"PostalAddress","streetAddress":"K\u00f6hlergasse 16-18","postalCode":"99842","addressLocality":"Ruhla","addressCountry":"DE"}},"knowsAbout":["Religionsgeschichte","Mythologie","Mediale Praxis","Energetische Diagnostik","Schutzpraxis","Volksglauben","Westliche Esoterik"]},{"@type":"Article","@id":"https:\/\/iwell-guard.com\/fi\/ulgen-valon-jumala-altai\/#article","isPartOf":{"@id":"https:\/\/iwell-guard.com\/fi\/ulgen-valon-jumala-altai\/"},"author":{"name":"Ralf Ittermann","@id":"https:\/\/iwell-guard.com\/fi\/#\/schema\/person\/ee2a27f1cac3406c7c6fb5820cb7349f"},"headline":"\u00dclgen \u2013 altailaisten valon jumala","datePublished":"2026-09-03T12:33:11+00:00","dateModified":"2026-09-03T12:53:41+00:00","mainEntityOfPage":{"@id":"https:\/\/iwell-guard.com\/fi\/ulgen-valon-jumala-altai\/"},"publisher":{"@id":"https:\/\/iwell-guard.com\/fi\/#organization"},"image":{"@id":"https:\/\/iwell-guard.com\/fi\/ulgen-valon-jumala-altai\/#primaryimage"},"thumbnailUrl":"https:\/\/iwell-guard.com\/wp-content\/uploads\/2026\/05\/goetter_sibirisch-tengrismus_uelgen.webp","inLanguage":"fi","description":"\u00dclgen on etel\u00e4siperialaisessa tengrismiss\u00e4 ylisen maailman luoja ja valon jumala. Katsaus myyttiin ja kulttiin."}]}},"_links":{"self":[{"href":"https:\/\/iwell-guard.com\/fi\/wp-json\/wp\/v2\/pages\/144217","targetHints":{"allow":["GET"]}}],"collection":[{"href":"https:\/\/iwell-guard.com\/fi\/wp-json\/wp\/v2\/pages"}],"about":[{"href":"https:\/\/iwell-guard.com\/fi\/wp-json\/wp\/v2\/types\/page"}],"author":[{"embeddable":true,"href":"https:\/\/iwell-guard.com\/fi\/wp-json\/wp\/v2\/users\/3"}],"replies":[{"embeddable":true,"href":"https:\/\/iwell-guard.com\/fi\/wp-json\/wp\/v2\/comments?post=144217"}],"version-history":[{"count":0,"href":"https:\/\/iwell-guard.com\/fi\/wp-json\/wp\/v2\/pages\/144217\/revisions"}],"wp:featuredmedia":[{"embeddable":true,"href":"https:\/\/iwell-guard.com\/fi\/wp-json\/wp\/v2\/media\/2858"}],"wp:attachment":[{"href":"https:\/\/iwell-guard.com\/fi\/wp-json\/wp\/v2\/media?parent=144217"}],"wp:term":[{"taxonomy":"category","embeddable":true,"href":"https:\/\/iwell-guard.com\/fi\/wp-json\/wp\/v2\/categories?post=144217"}],"curies":[{"name":"wp","href":"https:\/\/api.w.org\/{rel}","templated":true}]}}