{"id":144216,"date":"2026-09-03T12:33:11","date_gmt":"2026-09-03T12:33:11","guid":{"rendered":"https:\/\/iwell-guard.com\/?page_id=144216"},"modified":"2026-09-03T12:53:38","modified_gmt":"2026-09-03T12:53:38","slug":"erlik-khan-alamaailman-herra","status":"publish","type":"page","link":"https:\/\/iwell-guard.com\/fi\/erlik-khan-alamaailman-herra\/","title":{"rendered":"Erlik Khan \u2013 altailaisten alamaailman herra"},"content":{"rendered":"\t\t<div data-elementor-type=\"wp-page\" data-elementor-id=\"144216\" class=\"elementor elementor-144216 elementor-2636 elementor-bc-flex-widget\" data-elementor-post-type=\"page\">\n\t\t\t\t<div class=\"elementor-element elementor-element-iwgw-erlikkhan-hero e-flex e-con-boxed e-con e-parent\" data-id=\"iwgw-erlikkhan-hero\" data-element_type=\"container\" data-e-type=\"container\" data-settings=\"{&quot;background_background&quot;:&quot;classic&quot;}\">\n\t\t\t\t\t<div class=\"e-con-inner\">\n\t\t<div class=\"elementor-element elementor-element-iwgw-erlikkhan-hl e-flex e-con-boxed e-con e-child\" data-id=\"iwgw-erlikkhan-hl\" data-element_type=\"container\" data-e-type=\"container\">\n\t\t\t\t\t<div class=\"e-con-inner\">\n\t\t<div class=\"elementor-element elementor-element-iwgw-erlikkhan-htxt e-con-full e-flex e-con e-child\" data-id=\"iwgw-erlikkhan-htxt\" data-element_type=\"container\" data-e-type=\"container\">\n\t\t\t\t<div class=\"elementor-element elementor-element-iwgw-erlikkhan-h1 elementor-widget elementor-widget-heading\" data-id=\"iwgw-erlikkhan-h1\" data-element_type=\"widget\" data-e-type=\"widget\" data-widget_type=\"heading.default\">\n\t\t\t\t\t<h1 class=\"elementor-heading-title elementor-size-default\">Erlik Khan, altai-siperialainen alamaailman herra ja \u00dclgenin vastavoima<\/h1>\t\t\t\t<\/div>\n\t\t\t\t<div class=\"elementor-element elementor-element-iwgw-erlikkhan-lead elementor-widget elementor-widget-text-editor\" data-id=\"iwgw-erlikkhan-lead\" data-element_type=\"widget\" data-e-type=\"widget\" data-widget_type=\"text-editor.default\">\n\t\t\t\t\t\t\t\t\t<p>Erlik Khan on etel\u00e4siperialaisessa tengrismiss\u00e4 alamaailman hallitsija ja valojumala <a href=\"https:\/\/iwell-guard.com\/fi\/?page_id=144217\">\u00dclgenin<\/a> myyttinen vastavoima. H\u00e4n edustaa sek\u00e4 kuolemaa ja sairautta ett\u00e4 maailman v\u00e4ltt\u00e4m\u00e4t\u00f6nt\u00e4, j\u00e4rjestynytt\u00e4 varjopuolta.<\/p>\t\t\t\t\t\t\t\t<\/div>\n\t\t\t\t<\/div>\n\t\t<div class=\"elementor-element elementor-element-iwgw-erlikkhan-pillc e-con-full e-flex e-con e-child\" data-id=\"iwgw-erlikkhan-pillc\" data-element_type=\"container\" data-e-type=\"container\">\n\t\t\t\t<div class=\"elementor-element elementor-element-iwgw-erlikkhan-pills elementor-widget elementor-widget-html\" data-id=\"iwgw-erlikkhan-pills\" data-element_type=\"widget\" data-e-type=\"widget\" data-widget_type=\"html.default\">\n\t\t\t\t\t<div class=\"iwg-pill-row\"><span class=\"iwg-klasse-badge\" tabindex=\"0\" data-tooltip=\"Siperian\/tengrismin perinteen haittaolento.\">Haittaolento<\/span><a href=\"https:\/\/iwell-guard.com\/fi\/siperialainen-samanismi-ja-tengrismi\/\" class=\"iwg-kultur-badge\" tabindex=\"0\" data-tooltip=\"Siperian\/tengrismin perinteen mytologia.\">Siperia \/ tengrismi<\/a><span class=\"iwg-tradition-badge\" tabindex=\"0\" data-tooltip=\"Alamaailman jumala.\">Alamaailman jumala<\/span><\/div>\t\t\t\t<\/div>\n\t\t\t\t<\/div>\n\t\t<div class=\"elementor-element elementor-element-iwgw-erlikkhan-tocc e-con-full e-flex e-con e-child\" data-id=\"iwgw-erlikkhan-tocc\" data-element_type=\"container\" data-e-type=\"container\">\n\t\t\t\t<div class=\"elementor-element elementor-element-iwgw-erlikkhan-toc elementor-toc--minimized-on-tablet elementor-widget elementor-widget-table-of-contents\" data-id=\"iwgw-erlikkhan-toc\" data-element_type=\"widget\" data-e-type=\"widget\" data-settings=\"{&quot;headings_by_tags&quot;:[&quot;h2&quot;,&quot;h3&quot;],&quot;minimize_box&quot;:&quot;yes&quot;,&quot;marker_view&quot;:&quot;bullets&quot;,&quot;no_headings_message&quot;:&quot;T\\u00e4lt\\u00e4 sivulta ei l\\u00f6ytynyt otsikoita.&quot;,&quot;exclude_headings_by_selector&quot;:[],&quot;icon&quot;:{&quot;value&quot;:&quot;fas fa-circle&quot;,&quot;library&quot;:&quot;fa-solid&quot;,&quot;rendered_tag&quot;:&quot;&lt;svg class=\\&quot;e-font-icon-svg e-fas-circle\\&quot; viewBox=\\&quot;0 0 512 512\\&quot; xmlns=\\&quot;http:\\\/\\\/www.w3.org\\\/2000\\\/svg\\&quot;&gt;&lt;path d=\\&quot;M256 8C119 8 8 119 8 256s111 248 248 248 248-111 248-248S393 8 256 8z\\&quot;&gt;&lt;\\\/path&gt;&lt;\\\/svg&gt;&quot;},&quot;minimized_on&quot;:&quot;tablet&quot;,&quot;hierarchical_view&quot;:&quot;yes&quot;,&quot;min_height&quot;:{&quot;unit&quot;:&quot;px&quot;,&quot;size&quot;:&quot;&quot;,&quot;sizes&quot;:[]},&quot;min_height_tablet&quot;:{&quot;unit&quot;:&quot;px&quot;,&quot;size&quot;:&quot;&quot;,&quot;sizes&quot;:[]},&quot;min_height_mobile&quot;:{&quot;unit&quot;:&quot;px&quot;,&quot;size&quot;:&quot;&quot;,&quot;sizes&quot;:[]}}\" data-widget_type=\"table-of-contents.default\">\n\t\t\t\t\t\t\t\t\t<div class=\"elementor-toc__header\">\n\t\t\t\t\t\t<h2 class=\"elementor-toc__header-title\">\n\t\t\t\tSis\u00e4llysluettelo\t\t\t<\/h2>\n\t\t\t\t\t\t\t\t\t\t<div class=\"elementor-toc__toggle-button elementor-toc__toggle-button--expand\" role=\"button\" tabindex=\"0\" aria-controls=\"elementor-toc__iwgw-erlikkhan-toc\" aria-expanded=\"true\" aria-label=\"Open table of contents\"><svg aria-hidden=\"true\" class=\"e-font-icon-svg e-fas-chevron-down\" viewBox=\"0 0 448 512\" xmlns=\"http:\/\/www.w3.org\/2000\/svg\"><path d=\"M207.029 381.476L12.686 187.132c-9.373-9.373-9.373-24.569 0-33.941l22.667-22.667c9.357-9.357 24.522-9.375 33.901-.04L224 284.505l154.745-154.021c9.379-9.335 24.544-9.317 33.901.04l22.667 22.667c9.373 9.373 9.373 24.569 0 33.941L240.971 381.476c-9.373 9.372-24.569 9.372-33.942 0z\"><\/path><\/svg><\/div>\n\t\t\t\t<div class=\"elementor-toc__toggle-button elementor-toc__toggle-button--collapse\" role=\"button\" tabindex=\"0\" aria-controls=\"elementor-toc__iwgw-erlikkhan-toc\" aria-expanded=\"true\" aria-label=\"Close table of contents\"><svg aria-hidden=\"true\" class=\"e-font-icon-svg e-fas-chevron-up\" viewBox=\"0 0 448 512\" xmlns=\"http:\/\/www.w3.org\/2000\/svg\"><path d=\"M240.971 130.524l194.343 194.343c9.373 9.373 9.373 24.569 0 33.941l-22.667 22.667c-9.357 9.357-24.522 9.375-33.901.04L224 227.495 69.255 381.516c-9.379 9.335-24.544 9.317-33.901-.04l-22.667-22.667c-9.373-9.373-9.373-24.569 0-33.941L207.03 130.525c9.372-9.373 24.568-9.373 33.941-.001z\"><\/path><\/svg><\/div>\n\t\t\t\t\t<\/div>\n\t\t\t\t<div id=\"elementor-toc__iwgw-erlikkhan-toc\" class=\"elementor-toc__body\">\n\t\t\t<div class=\"elementor-toc__spinner-container\">\n\t\t\t\t<svg class=\"elementor-toc__spinner eicon-animation-spin e-font-icon-svg e-eicon-loading\" aria-hidden=\"true\" viewBox=\"0 0 1000 1000\" xmlns=\"http:\/\/www.w3.org\/2000\/svg\"><path d=\"M500 975V858C696 858 858 696 858 500S696 142 500 142 142 304 142 500H25C25 237 238 25 500 25S975 237 975 500 763 975 500 975Z\"><\/path><\/svg>\t\t\t<\/div>\n\t\t<\/div>\n\t\t\t\t\t\t<\/div>\n\t\t\t\t<\/div>\n\t\t\t\t\t<\/div>\n\t\t\t\t<\/div>\n\t\t<div class=\"elementor-element elementor-element-iwgw-erlikkhan-hr e-con-full e-flex e-con e-child\" data-id=\"iwgw-erlikkhan-hr\" data-element_type=\"container\" data-e-type=\"container\">\n\t\t\t\t<div class=\"elementor-element elementor-element-iwgw-erlikkhan-heroimg iwg-hero-image elementor-widget elementor-widget-image\" data-id=\"iwgw-erlikkhan-heroimg\" data-element_type=\"widget\" data-e-type=\"widget\" data-widget_type=\"image.default\">\n\t\t\t\t\t\t\t\t\t\t\t\t\t\t\t<img fetchpriority=\"high\" decoding=\"async\" width=\"683\" height=\"1024\" src=\"https:\/\/iwell-guard.com\/wp-content\/uploads\/2026\/05\/daemonen_sibirisch-tengrismus_erlik-khan-683x1024.webp\" class=\"attachment-large size-large wp-image-148786\" alt=\"Erlik Khan - Siperian tengrismin perinteen demonit, historiallis-havainnollistava\" srcset=\"https:\/\/iwell-guard.com\/wp-content\/uploads\/2026\/05\/daemonen_sibirisch-tengrismus_erlik-khan-683x1024.webp 683w, https:\/\/iwell-guard.com\/wp-content\/uploads\/2026\/05\/daemonen_sibirisch-tengrismus_erlik-khan-200x300.webp 200w, https:\/\/iwell-guard.com\/wp-content\/uploads\/2026\/05\/daemonen_sibirisch-tengrismus_erlik-khan-768x1152.webp 768w, https:\/\/iwell-guard.com\/wp-content\/uploads\/2026\/05\/daemonen_sibirisch-tengrismus_erlik-khan.webp 1024w\" sizes=\"(max-width: 683px) 100vw, 683px\" \/>\t\t\t\t\t\t\t\t\t\t\t\t\t\t\t<\/div>\n\t\t\t\t<\/div>\n\t\t\t\t\t<\/div>\n\t\t\t\t<\/div>\n\t\t\t\t<section class=\"elementor-section elementor-top-section elementor-element elementor-element-sec-iwgcomp2-erlik-khan elementor-section-boxed elementor-section-height-default elementor-section-height-default\" data-id=\"sec-iwgcomp2-erlik-khan\" data-element_type=\"section\" data-e-type=\"section\">\n\t\t\t\t\t\t<div class=\"elementor-container elementor-column-gap-default\">\n\t\t\t\t\t<div class=\"elementor-column elementor-col-100 elementor-top-column elementor-element elementor-element-col-iwgcomp2-erlik-khan\" data-id=\"col-iwgcomp2-erlik-khan\" data-element_type=\"column\" data-e-type=\"column\">\n\t\t\t<div class=\"elementor-widget-wrap elementor-element-populated\">\n\t\t\t\t\t\t<div class=\"elementor-element elementor-element-iwgcomp2-erlik-khan elementor-widget elementor-widget-text-editor\" data-id=\"iwgcomp2-erlik-khan\" data-element_type=\"widget\" data-e-type=\"widget\" data-widget_type=\"text-editor.default\">\n\t\t\t\t\t\t\t\t\t<p>Erlik Khan on tengrismin <strong>altai-siperialainen<\/strong> alamaailman jumala.<\/p>\t\t\t\t\t\t\t\t<\/div>\n\t\t\t\t\t<\/div>\n\t\t<\/div>\n\t\t\t\t\t<\/div>\n\t\t<\/section>\n\t\t\t\t<section class=\"elementor-section elementor-top-section elementor-element elementor-element-sec-iwgcomp-erlik-khan elementor-section-boxed elementor-section-height-default elementor-section-height-default\" data-id=\"sec-iwgcomp-erlik-khan\" data-element_type=\"section\" data-e-type=\"section\">\n\t\t\t\t\t\t<div class=\"elementor-container elementor-column-gap-default\">\n\t\t\t\t\t<div class=\"elementor-column elementor-col-100 elementor-top-column elementor-element elementor-element-col-iwgcomp-erlik-khan\" data-id=\"col-iwgcomp-erlik-khan\" data-element_type=\"column\" data-e-type=\"column\">\n\t\t\t<div class=\"elementor-widget-wrap elementor-element-populated\">\n\t\t\t\t\t\t<div class=\"elementor-element elementor-element-iwgcomp-erlik-khan elementor-widget elementor-widget-text-editor\" data-id=\"iwgcomp-erlik-khan\" data-element_type=\"widget\" data-e-type=\"widget\" data-widget_type=\"text-editor.default\">\n\t\t\t\t\t\t\t\t\t<p>Erlik Khan, <strong>altailainen alamaailman jumala<\/strong>, hallitsee kuolleita ja tengristis-shamanistisen <span class=\"iwg-fachbegriff\" data-tooltip=\"Kulttuurin perinnett\u00e4 olevien jumaltarinoiden kokonaisuus.\" tabindex=\"0\">mytologian<\/span> maanalaista maailmaa.<\/p>\t\t\t\t\t\t\t\t<\/div>\n\t\t\t\t\t<\/div>\n\t\t<\/div>\n\t\t\t\t\t<\/div>\n\t\t<\/section>\n\t\t<div class=\"elementor-element elementor-element-iwgw-erlikkhan-s0 e-flex e-con-boxed e-con e-parent\" data-id=\"iwgw-erlikkhan-s0\" data-element_type=\"container\" data-e-type=\"container\">\n\t\t\t\t\t<div class=\"e-con-inner\">\n\t\t\t\t<div class=\"elementor-element elementor-element-iwgw-erlikkhan-s0h elementor-widget elementor-widget-heading\" data-id=\"iwgw-erlikkhan-s0h\" data-element_type=\"widget\" data-e-type=\"widget\" data-widget_type=\"heading.default\">\n\t\t\t\t\t<h2 class=\"elementor-heading-title elementor-size-default\">Tarkastelu ja lyhyt profiili<\/h2>\t\t\t\t<\/div>\n\t\t<div class=\"elementor-element elementor-element-iwgw-erlikkhan-s0c e-con-full e-flex e-con e-child\" data-id=\"iwgw-erlikkhan-s0c\" data-element_type=\"container\" data-e-type=\"container\">\n\t\t\t\t<div class=\"elementor-element elementor-element-iwgw-erlikkhan-s0t elementor-widget elementor-widget-text-editor\" data-id=\"iwgw-erlikkhan-s0t\" data-element_type=\"widget\" data-e-type=\"widget\" data-widget_type=\"text-editor.default\">\n\t\t\t\t\t\t\t\t\t<p>Erlik Khan (my\u00f6s Erlik, Erklik, Erlig, mong. Erlig Khaan) kuuluu etel\u00e4siperialaisen pantheonin ylimp\u00e4\u00e4n jumalkerrostumaan. Altailaisessa ja tuvalaisessa uskonnossa h\u00e4n on alisen valtakunnan herra, ei pahuutta sin\u00e4ns\u00e4 edustava, vaan tietyn rajatun alueen hallitsija, jossa asuvat kuolleet ja ruton ja n\u00e4l\u00e4nh\u00e4d\u00e4n henget.<\/p><p>My\u00f6hemm\u00e4ss\u00e4 kerrostumassa h\u00e4n ilmenee turmeltuneen pahana hahmona, mik\u00e4 johtuu ensisijaisesti buddhalaisesta uudelleentulkinnasta mongolialaisessa maailmassa (Erlig Khan \u2248 Yama) sek\u00e4 kristillis-l\u00e4hetysty\u00f6llisest\u00e4 paholaistamisesta 1700\u20131800-luvuilla.<\/p><p><a href=\"https:\/\/iwell-guard.com\/fi\/siperialainen-samanismi-ja-tengrismi\/\">Siperialais-tengristisess\u00e4 perinteess\u00e4<\/a> Erlik muodostaa <a href=\"https:\/\/iwell-guard.com\/fi\/?page_id=144217\">\u00dclgenin<\/a> kanssa dualistisen parin. T\u00e4t\u00e4 ei tule ymm\u00e4rt\u00e4\u00e4 moraalisesti manikealaisen dualismin mieless\u00e4, vaan t\u00e4ydent\u00e4v\u00e4n\u00e4 j\u00e4rjestyksen\u00e4, jossa yl\u00e4 ja ala, kes\u00e4 ja talvi, syntym\u00e4 ja kuolema kuuluvat yhteen. T\u00e4m\u00e4n tulkinnan on selvent\u00e4nyt A. V. Anokhin teoksessaan <em>Materialien zum <span class=\"iwg-fachbegriff\" data-tooltip=\"Uskonnollinen j\u00e4rjestelm\u00e4, jossa erikoisosaajat ovat yhteydess\u00e4 henkimaailmaan.\" tabindex=\"0\">Schamanismus<\/span> der Altaier<\/em> (1924).<\/p><p>Uskontotieteellinen keskustelu Erlikist\u00e4 on niin runsasta juuri siksi, ett\u00e4 h\u00e4n toimii esimerkkin\u00e4 siit\u00e4, miten l\u00e4hetysty\u00f6n ulkopuolinen n\u00e4k\u00f6kulma voi v\u00e4\u00e4rist\u00e4\u00e4 alkuper\u00e4iskansan uskontoa. Se, mit\u00e4 altailaiset tunsivat \u201ealisen herrana\u201c, muuttui ven\u00e4j\u00e4nortodoksisten ja buddhalaisten k\u00e4\u00e4nn\u00f6sten my\u00f6t\u00e4 \u201epaholaiseksi\u201c, klassinen esimerkkitapaus postkoloniaalisessa uskontotieteess\u00e4.<\/p>\t\t\t\t\t\t\t\t<\/div>\n\t\t\t\t<\/div>\n\t\t\t\t\t<\/div>\n\t\t\t\t<\/div>\n\t\t<div class=\"elementor-element elementor-element-iwgw-erlikkhan-s1 e-flex e-con-boxed e-con e-parent\" data-id=\"iwgw-erlikkhan-s1\" data-element_type=\"container\" data-e-type=\"container\">\n\t\t\t\t\t<div class=\"e-con-inner\">\n\t\t\t\t<div class=\"elementor-element elementor-element-iwgw-erlikkhan-s1h elementor-widget elementor-widget-heading\" data-id=\"iwgw-erlikkhan-s1h\" data-element_type=\"widget\" data-e-type=\"widget\" data-widget_type=\"heading.default\">\n\t\t\t\t\t<h2 class=\"elementor-heading-title elementor-size-default\">Nimi ja etymologia<\/h2>\t\t\t\t<\/div>\n\t\t<div class=\"elementor-element elementor-element-iwgw-erlikkhan-s1c e-con-full e-flex e-con e-child\" data-id=\"iwgw-erlikkhan-s1c\" data-element_type=\"container\" data-e-type=\"container\">\n\t\t\t\t<div class=\"elementor-element elementor-element-iwgw-erlikkhan-s1t elementor-widget elementor-widget-text-editor\" data-id=\"iwgw-erlikkhan-s1t\" data-element_type=\"widget\" data-e-type=\"widget\" data-widget_type=\"text-editor.default\">\n\t\t\t\t\t\t\t\t\t<p>Nimi <em>Erlik<\/em> on vanhaturkkilainen, ja tutkimuksessa se yhdistet\u00e4\u00e4n tavallisesti sanaan <em>er<\/em> (\u201emies, sankari\u201c); vaihtoehtoinen johdannainen liitt\u00e4\u00e4 sen kantaan, joka tarkoittaa \u201erohkea, vahva, k\u00e4skev\u00e4\u201c.<\/p><p>Mongolissa nimest\u00e4 tulee <em>Erlig Khaan<\/em>; buddhalaisessa kerrostumassa h\u00e4n sulautuu indo-tiibetil\u00e4iseen Yamaan \/ Shinjeen. Walther Heissig on kuvannut t\u00e4t\u00e4 sulautumista yksityiskohtaisesti teoksessaan <em>Die Religionen der Mongolei<\/em> (1970).<\/p><p>Arvonimi <em>Khan<\/em> merkitsee h\u00e4nt\u00e4 hallitsijaksi; altailaisissa shamaanilauluissa h\u00e4net mainitaan my\u00f6s nimell\u00e4 <em>Yer-Tine Khan<\/em>, \u201emaansyvyyksien kuningas\u201c. On t\u00e4rke\u00e4\u00e4 huomata, ett\u00e4 siperialaisessa omassa kontekstissa Erlik ei ole paholainen kristillisess\u00e4 mieless\u00e4; 1800-luvun kristityt l\u00e4hetyssaarnaajat (Verbickij ym.) kuitenkin ehdottivat t\u00e4t\u00e4 k\u00e4\u00e4nn\u00f6st\u00e4, ja tutkimus on omaksunut sen pitk\u00e4\u00e4n kritiikitt\u00f6m\u00e4sti.<\/p><p>Kielitieteellisesti kiinnostava on mahdollinen yhteys sanaan <em>er-lig<\/em>, \u201emainen, miehek\u00e4s\u201c, mink\u00e4 perusteella Erlik voidaan luonnehtia \u201esuureksi mieheksi\u201c kuoleman tuolla puolen. T\u00e4ss\u00e4 tulkinnassa h\u00e4n olisi v\u00e4hemm\u00e4n haittaolento ja enemm\u00e4n v\u00e4ltt\u00e4m\u00e4tt\u00f6m\u00e4n antropologisen teht\u00e4v\u00e4n edustaja: kuolema osana miehisyytt\u00e4.<\/p>\t\t\t\t\t\t\t\t<\/div>\n\t\t\t\t<\/div>\n\t\t\t\t\t<\/div>\n\t\t\t\t<\/div>\n\t\t<div class=\"elementor-element elementor-element-iwgw-erlikkhan-s2 e-flex e-con-boxed e-con e-parent\" data-id=\"iwgw-erlikkhan-s2\" data-element_type=\"container\" data-e-type=\"container\">\n\t\t\t\t\t<div class=\"e-con-inner\">\n\t\t\t\t<div class=\"elementor-element elementor-element-iwgw-erlikkhan-s2h elementor-widget elementor-widget-heading\" data-id=\"iwgw-erlikkhan-s2h\" data-element_type=\"widget\" data-e-type=\"widget\" data-widget_type=\"heading.default\">\n\t\t\t\t\t<h2 class=\"elementor-heading-title elementor-size-default\">Kuvaus ja ikonografia<\/h2>\t\t\t\t<\/div>\n\t\t<div class=\"elementor-element elementor-element-iwgw-erlikkhan-s2c e-con-full e-flex e-con e-child\" data-id=\"iwgw-erlikkhan-s2c\" data-element_type=\"container\" data-e-type=\"container\">\n\t\t\t\t<div class=\"elementor-element elementor-element-iwgw-erlikkhan-s2t elementor-widget elementor-widget-text-editor\" data-id=\"iwgw-erlikkhan-s2t\" data-element_type=\"widget\" data-e-type=\"widget\" data-widget_type=\"text-editor.default\">\n\t\t\t\t\t\t\t\t\t<p>Erlik kuvataan vanhaksi, mustahiuksiseksi mieheksi, jolla on villisian torahampaat, rautaiset kynnet ja ihmisnikamista tehty sotanuija.<\/p><p>H\u00e4n ratsastaa mustalla sonnilla tai mustalla hevosella; h\u00e4nen palatsinsa sijaitsee helvetin joen rannalla, jossa h\u00e4n asuu yhdeks\u00e4n poikansa ja yhdeks\u00e4n tytt\u00e4rens\u00e4 kanssa. Altailainen shamaanirumpu kuvaa h\u00e4net alimmassa kolmanneksessa, usein k\u00e4\u00e4nteisell\u00e4 aurinko<span class=\"iwg-fachbegriff\" data-tooltip=\"Merkki, joka edustaa ajatusta tai merkityst\u00e4.\" tabindex=\"0\">symbolilla<\/span>.<\/p><p>T\u00e4m\u00e4 ikonografia on kuvattu klassisesti Anokhinilla (1924) ja N. Dyrenkovalla; my\u00f6hemmin Mircea Eliade otti sen k\u00e4ytt\u00f6\u00f6n teoksessaan <em>Le chamanisme<\/em>. Buddhalainen kerrostuma antaa h\u00e4nelle lis\u00e4ksi indo-tiibetil\u00e4isen Yaman tunnusmerkit: puhvelinsarvet, lassot, tekojen peilin.<\/p><p>Kunstkammer-museon (Pietari) kokoelmissa on s\u00e4ilynyt useita altailaisia Erlik-kuvauksia, jotka L. P. Potapov on luetteloinut perusteoksessaan <em>Altaiskij schamanizm<\/em> (1991). Ne osoittavat huomattavan ikonografisen pysyvyyden yli 200 vuoden ker\u00e4yshistorian ajan.<\/p>\t\t\t\t\t\t\t\t<\/div>\n\t\t\t\t<\/div>\n\t\t\t\t\t<\/div>\n\t\t\t\t<\/div>\n\t\t<div class=\"elementor-element elementor-element-iwgw-erlikkhan-s3 e-flex e-con-boxed e-con e-parent\" data-id=\"iwgw-erlikkhan-s3\" data-element_type=\"container\" data-e-type=\"container\">\n\t\t\t\t\t<div class=\"e-con-inner\">\n\t\t\t\t<div class=\"elementor-element elementor-element-iwgw-erlikkhan-s3h elementor-widget elementor-widget-heading\" data-id=\"iwgw-erlikkhan-s3h\" data-element_type=\"widget\" data-e-type=\"widget\" data-widget_type=\"heading.default\">\n\t\t\t\t\t<h2 class=\"elementor-heading-title elementor-size-default\">Myyttiset kertomukset<\/h2>\t\t\t\t<\/div>\n\t\t<div class=\"elementor-element elementor-element-iwgw-erlikkhan-s3c e-con-full e-flex e-con e-child\" data-id=\"iwgw-erlikkhan-s3c\" data-element_type=\"container\" data-e-type=\"container\">\n\t\t\t\t<div class=\"elementor-element elementor-element-iwgw-erlikkhan-s3t elementor-widget elementor-widget-text-editor\" data-id=\"iwgw-erlikkhan-s3t\" data-element_type=\"widget\" data-e-type=\"widget\" data-widget_type=\"text-editor.default\">\n\t\t\t\t\t\t\t\t\t<p>Altailainen luomismyytti kertoo, kuinka <a href=\"https:\/\/iwell-guard.com\/fi\/?page_id=144217\">\u00dclgen<\/a> haluaa nostaa maata alkumerest\u00e4 ja pyyt\u00e4\u00e4 t\u00e4h\u00e4n apua Erlikilt\u00e4, joka on ottanut linnun hahmon.<\/p><p>Erlik sukeltaa syvyyteen ja nostaa mutaa pintaan, mutta pit\u00e4\u00e4 salaa osan mutaa suussaan. T\u00e4st\u00e4 j\u00e4\u00e4nn\u00f6ksest\u00e4 syntyv\u00e4t suot, vuoret ja lopulta Erlik itse itsen\u00e4isen\u00e4 voimana. Ylimielisyydess\u00e4\u00e4n h\u00e4n yritt\u00e4\u00e4 my\u00f6hemmin asettua \u00dclgenin rinnalle, mutta karkotetaan ja hallitsee siit\u00e4 l\u00e4htien alista maailmaa.<\/p><p>Toinen kertomus kuvaa, kuinka Erlik sairastuttaa ensimm\u00e4iset ihmiset \u201elukemalla\u201c luita heid\u00e4n kehostaan. Shamaanit syntyiv\u00e4t tuomaan n\u00e4it\u00e4 luita takaisin, myytti, joka perustelee shamaanin matkan alamaailmaan <span class=\"iwg-fachbegriff\" data-tooltip=\"Vahvistettuun uskonnolliseen toimintaan kuuluva.\" tabindex=\"0\">rituaalisesti<\/span> ja jolla on prototyyppinen asema Eliaden <span class=\"iwg-fachbegriff\" data-tooltip=\"Uskonnollinen j\u00e4rjestelm\u00e4, jossa erikoisosaajat ovat yhteydess\u00e4 henkimaailmaan.\" tabindex=\"0\">shamanismi<\/span>-mallissa.<\/p><p>Kolmas, v\u00e4hemm\u00e4n tunnettu kertomus kuvaa, kuinka Erlik neuvottelee <a href=\"https:\/\/iwell-guard.com\/fi\/?page_id=144214\">Tengrin<\/a> sanansaattajien kanssa vainajien sieluista k\u00e4ydyst\u00e4 kiistasta: hyv\u00e4\u00e4 el\u00e4m\u00e4\u00e4 el\u00e4neet saavat palata yl\u00f6s, kun taas pahoin toimineet j\u00e4\u00e4v\u00e4t Erlikin luo. T\u00e4m\u00e4 moralisoiva versio on todenn\u00e4k\u00f6isesti my\u00f6hemp\u00e4\u00e4 (buddhalaisvaikutteista) perua.<\/p>\t\t\t\t\t\t\t\t<\/div>\n\t\t\t\t<\/div>\n\t\t\t\t\t<\/div>\n\t\t\t\t<\/div>\n\t\t<div class=\"elementor-element elementor-element-iwgw-erlikkhan-s4 e-flex e-con-boxed e-con e-parent\" data-id=\"iwgw-erlikkhan-s4\" data-element_type=\"container\" data-e-type=\"container\">\n\t\t\t\t\t<div class=\"e-con-inner\">\n\t\t\t\t<div class=\"elementor-element elementor-element-iwgw-erlikkhan-s4h elementor-widget elementor-widget-heading\" data-id=\"iwgw-erlikkhan-s4h\" data-element_type=\"widget\" data-e-type=\"widget\" data-widget_type=\"heading.default\">\n\t\t\t\t\t<h2 class=\"elementor-heading-title elementor-size-default\">Kultti ja palvonta<\/h2>\t\t\t\t<\/div>\n\t\t<div class=\"elementor-element elementor-element-iwgw-erlikkhan-s4c e-con-full e-flex e-con e-child\" data-id=\"iwgw-erlikkhan-s4c\" data-element_type=\"container\" data-e-type=\"container\">\n\t\t\t\t<div class=\"elementor-element elementor-element-iwgw-erlikkhan-s4t elementor-widget elementor-widget-text-editor\" data-id=\"iwgw-erlikkhan-s4t\" data-element_type=\"widget\" data-e-type=\"widget\" data-widget_type=\"text-editor.default\">\n\t\t\t\t\t\t\t\t\t<p>Suppeassa mieless\u00e4 Erliki\u00e4 ei varsinaisesti &#8220;palvottu&#8221;, kyse oli enemm\u00e4nkin rituaalisesta rajanvedosta. Altailaiset shamaanit erottivat toisistaan <em>aq kamin<\/em> (valkoinen <span class=\"iwg-fachbegriff\" data-tooltip=\"Uskonnollinen erityisosaaja, jonka katsotaan v\u00e4litt\u00e4v\u00e4n ihmisten ja henkimaailman v\u00e4lill\u00e4.\" tabindex=\"0\">shamaani<\/span>), joka nousi \u00dclgenin luo, ja <em>kara kamin<\/em> (musta <span class=\"iwg-fachbegriff\" data-tooltip=\"Uskonnollinen erityisosaaja, jonka katsotaan v\u00e4litt\u00e4v\u00e4n ihmisten ja henkimaailman v\u00e4lill\u00e4.\" tabindex=\"0\">shamaani<\/span>), joka laskeutui Erlikin luo.<\/p><p>Molempia kutsumuksia pidettiin yht\u00e4 oikeutettuina ja tarpeellisina. Anokhinin etnografinen kuvaus tekee selv\u00e4ksi, ett\u00e4 &#8220;musta&#8221; tarkoittaa t\u00e4ss\u00e4 &#8220;alasp\u00e4in suuntautunutta&#8221; ei suinkaan &#8220;pahaa&#8221;.<\/p><p>Kulkutautien, \u00e4kkikuolemien tai lapsen menett\u00e4misen yhteydess\u00e4 kutsuttiin musta <span class=\"iwg-fachbegriff\" data-tooltip=\"Uskonnollinen erityisosaaja, jonka katsotaan v\u00e4litt\u00e4v\u00e4n ihmisten ja henkimaailman v\u00e4lill\u00e4.\" tabindex=\"0\">shamaani<\/span>. Istunnossa h\u00e4n astui <span class=\"iwg-fachbegriff\" data-tooltip=\"Vakiintuneeseen uskonnolliseen toimintatapaan kuuluva.\" tabindex=\"0\">rituaalisesti<\/span> Erlikin valtakuntaan, neuvotteli h\u00e4nen kanssaan ja tuoi &#8220;pois viedyn sielun&#8221; takaisin. <span class=\"iwg-fachbegriff\" data-tooltip=\"Jumaluudelle annettu lahja, joka ilmaisee kiitosta, pyynt\u00f6\u00e4 tai kunnioitusta.\" tabindex=\"0\">Uhrit<\/span> koostuivat mustista lampaista tai hevosista, ja veri kaadettiin maahan sen sijaan, ett\u00e4 se olisi omistettu auringolle.<\/p><p>Neuvostoaikana t\u00e4m\u00e4 <span class=\"iwg-fachbegriff\" data-tooltip=\"Jumaluudelle tai pyh\u00e4lle hahmolle osoitettujen uskonnollisten palvontatoimien kokonaisuus.\" tabindex=\"0\">kultti<\/span> sammui l\u00e4hes kokonaan. Vuodesta 1991 alkaneessa altailaisessa renessanssissa se on kokenut varovaisen elpymisen, kuitenkin selv\u00e4sti v\u00e4hemm\u00e4n n\u00e4kyv\u00e4n\u00e4 kuin \u00dclgen-<span class=\"iwg-fachbegriff\" data-tooltip=\"Jumaluudelle tai pyh\u00e4lle hahmolle osoitettujen uskonnollisten palvontatoimien kokonaisuus.\" tabindex=\"0\">kultti<\/span>, sill\u00e4 Erlik yhdistet\u00e4\u00e4n nykyk\u00e4sityksess\u00e4 edelleen &#8220;mustaan magiaan&#8221;.<\/p>\t\t\t\t\t\t\t\t<\/div>\n\t\t\t\t<\/div>\n\t\t\t\t\t<\/div>\n\t\t\t\t<\/div>\n\t\t<div class=\"elementor-element elementor-element-iwgw-erlikkhan-s5 e-flex e-con-boxed e-con e-parent\" data-id=\"iwgw-erlikkhan-s5\" data-element_type=\"container\" data-e-type=\"container\">\n\t\t\t\t\t<div class=\"e-con-inner\">\n\t\t\t\t<div class=\"elementor-element elementor-element-iwgw-erlikkhan-s5h elementor-widget elementor-widget-heading\" data-id=\"iwgw-erlikkhan-s5h\" data-element_type=\"widget\" data-e-type=\"widget\" data-widget_type=\"heading.default\">\n\t\t\t\t\t<h2 class=\"elementor-heading-title elementor-size-default\">Suojeluk\u00e4yt\u00e4nt\u00f6 ja apotropaiset piirteet<\/h2>\t\t\t\t<\/div>\n\t\t<div class=\"elementor-element elementor-element-iwgw-erlikkhan-s5c e-con-full e-flex e-con e-child\" data-id=\"iwgw-erlikkhan-s5c\" data-element_type=\"container\" data-e-type=\"container\">\n\t\t\t\t<div class=\"elementor-element elementor-element-iwgw-erlikkhan-s5t elementor-widget elementor-widget-text-editor\" data-id=\"iwgw-erlikkhan-s5t\" data-element_type=\"widget\" data-e-type=\"widget\" data-widget_type=\"text-editor.default\">\n\t\t\t\t\t\t\t\t\t<p>Uskontotieteellisesti kuvattuna (ei vaikutuslupauksia): Erlikin torjumiseksi k\u00e4ytettyihin <span class=\"iwg-fachbegriff\" data-tooltip=\"Onnettomuutta torjuva: merkeist\u00e4 ja esineist\u00e4, joiden tarkoitus on pit\u00e4\u00e4 haitalliset vaikutukset loitolla.\" tabindex=\"0\">apotropaisiin<\/span> k\u00e4yt\u00e4nt\u00f6ihin kuuluivat valkoisten villanauhojen ripustaminen ovenkarmiin, pienten puuveistosten (&#8220;Erlikin palvelijoiden&#8221;) asettaminen symbolisena korvikeuhrina, kielto lausua Erlikin nimi \u00e4\u00e4neen auringonlaskun j\u00e4lkeen sek\u00e4 talon savustaminen katajalla.<\/p><p>My\u00f6s er\u00e4\u00e4t k\u00e4ytt\u00e4ytymiss\u00e4\u00e4nn\u00f6t olivat <span class=\"iwg-fachbegriff\" data-tooltip=\"Onnettomuutta torjuva: merkeist\u00e4 ja esineist\u00e4, joiden tarkoitus on pit\u00e4\u00e4 haitalliset vaikutukset loitolla.\" tabindex=\"0\">apotropaattisesti<\/span> v\u00e4rittyneit\u00e4: sairaan luo ei saanut astua hattu p\u00e4\u00e4ss\u00e4, koska Erlikin sanottiin &#8220;ker\u00e4\u00e4v\u00e4n p\u00e4it\u00e4&#8221;, ja kynnykset sivuttiin puuhiilell\u00e4, koska tumman ehk\u00e4isev\u00e4n ajateltiin ehk\u00e4isev\u00e4n tummaa, klassinen esimerkki James Frazerin tarkoittamasta sympaattisesta <span class=\"iwg-fachbegriff\" data-tooltip=\"K\u00e4yt\u00e4nt\u00f6j\u00e4, joilla pyrit\u00e4\u00e4n erityisten toimintojen tai kaavojen avulla vaikuttamaan tapahtumien kulkuun.\" tabindex=\"0\">magiasta<\/span>.<\/p><p>N\u00e4it\u00e4 k\u00e4yt\u00e4nt\u00f6j\u00e4 on ymm\u00e4rrett\u00e4v\u00e4 osana Etel\u00e4-Siperian uskonnon tabu- ja puhtausk\u00e4sityst\u00e4, joka lukuisin yksityiskohtaisin s\u00e4\u00e4nn\u00f6in erottaa j\u00e4rjest\u00e4ytyneen maailmanrakenteen alamaailmasta. Roberte Hamayon on tulkinnut niit\u00e4 teoksessaan <em>La chasse \u00e0 l&#8217;\u00e2me<\/em> (1990) osaksi &#8220;sukulaisuustaloutta&#8221;, jossa sairaus ja kuolema k\u00e4sitell\u00e4\u00e4n j\u00e4rjestyksen murtumina.<\/p>\t\t\t\t\t\t\t\t<\/div>\n\t\t\t\t<\/div>\n\t\t\t\t\t<\/div>\n\t\t\t\t<\/div>\n\t\t<div class=\"elementor-element elementor-element-iwgw-erlikkhan-s6 e-flex e-con-boxed e-con e-parent\" data-id=\"iwgw-erlikkhan-s6\" data-element_type=\"container\" data-e-type=\"container\">\n\t\t\t\t\t<div class=\"e-con-inner\">\n\t\t\t\t<div class=\"elementor-element elementor-element-iwgw-erlikkhan-s6h elementor-widget elementor-widget-heading\" data-id=\"iwgw-erlikkhan-s6h\" data-element_type=\"widget\" data-e-type=\"widget\" data-widget_type=\"heading.default\">\n\t\t\t\t\t<h2 class=\"elementor-heading-title elementor-size-default\">Rinnakkaisilmi\u00f6t muissa kulttuureissa<\/h2>\t\t\t\t<\/div>\n\t\t<div class=\"elementor-element elementor-element-iwgw-erlikkhan-s6c e-con-full e-flex e-con e-child\" data-id=\"iwgw-erlikkhan-s6c\" data-element_type=\"container\" data-e-type=\"container\">\n\t\t\t\t<div class=\"elementor-element elementor-element-iwgw-erlikkhan-s6t elementor-widget elementor-widget-text-editor\" data-id=\"iwgw-erlikkhan-s6t\" data-element_type=\"widget\" data-e-type=\"widget\" data-widget_type=\"text-editor.default\">\n\t\t\t\t\t\t\t\t\t<p>Rakenteellisesti vertailukelpoisia ovat: Yama vedalaisessa ja buddhalaisessa Intiassa; Hades kreikkalaisessa perinteess\u00e4; Hel pohjoismaisessa <span class=\"iwg-fachbegriff\" data-tooltip=\"Kulttuurin perinteisten jumalkertomusten kokonaisuus.\" tabindex=\"0\">mytologiassa<\/span>; Mictlantecuhtli atsteekkien <span class=\"iwg-fachbegriff\" data-tooltip=\"Uskonnon tai kulttuurin jumalten kokonaisuus.\" tabindex=\"0\">pantheonissa<\/span>; Osiris teht\u00e4v\u00e4ss\u00e4\u00e4n kuolleiden tuomarina, v\u00e4hemm\u00e4n kuolevana jumalana. Siperiassa itsess\u00e4\u00e4n on rinnakkaisia hahmoja, kuten <em>Aiy Tojonin<\/em> vastapari <em>Yer-Khan<\/em> jakuuteilla.<\/p><p>Erlikin buddhalais-tiibetil\u00e4inen muuntuminen Erlig Khaaniksi eli Yamaksi on oma tutkimuksensa aihe Walther Heissigilla (<em>Die Religionen der Mongolei<\/em>, 1970). T\u00e4ss\u00e4 k\u00e4y ilmi, miten alkuper\u00e4inen alamaailman hahmo integroitui tantrismiin ja saa sen my\u00f6t\u00e4 omia lis\u00e4kerroksia ominaisuuksiinsa.<\/p><p>Uskontofenomenologisesti merkitt\u00e4v\u00e4 havainto on, ett\u00e4 l\u00e4hes kaikissa kolmiosaisissa kosmologisissa j\u00e4rjestelmiss\u00e4 (Yll\u00e4, Keskell\u00e4, Alla) tunnetaan alamaailman jumaluus, joka on samalla pelottava hahmo ja j\u00e4rjestyksen takaaja. Erlik ei siis ole poikkeus, vaan opetuksellinen esimerkki.<\/p>\t\t\t\t\t\t\t\t<\/div>\n\t\t\t\t<\/div>\n\t\t\t\t\t<\/div>\n\t\t\t\t<\/div>\n\t\t<div class=\"elementor-element elementor-element-iwgw-erlikkhan-s7 e-flex e-con-boxed e-con e-parent\" data-id=\"iwgw-erlikkhan-s7\" data-element_type=\"container\" data-e-type=\"container\">\n\t\t\t\t\t<div class=\"e-con-inner\">\n\t\t\t\t<div class=\"elementor-element elementor-element-iwgw-erlikkhan-s7h elementor-widget elementor-widget-heading\" data-id=\"iwgw-erlikkhan-s7h\" data-element_type=\"widget\" data-e-type=\"widget\" data-widget_type=\"heading.default\">\n\t\t\t\t\t<h2 class=\"elementor-heading-title elementor-size-default\">Nykyinen tulkinta ja tutkimus<\/h2>\t\t\t\t<\/div>\n\t\t<div class=\"elementor-element elementor-element-iwgw-erlikkhan-s7c e-con-full e-flex e-con e-child\" data-id=\"iwgw-erlikkhan-s7c\" data-element_type=\"container\" data-e-type=\"container\">\n\t\t\t\t<div class=\"elementor-element elementor-element-iwgw-erlikkhan-s7t elementor-widget elementor-widget-text-editor\" data-id=\"iwgw-erlikkhan-s7t\" data-element_type=\"widget\" data-e-type=\"widget\" data-widget_type=\"text-editor.default\">\n\t\t\t\t\t\t\t\t\t<p>Nykyaikaisessa tuvalaisessa ja altain <span class=\"iwg-fachbegriff\" data-tooltip=\"Perinteinen kansankulttuuri tapoineen, kertomuksineen ja lauluineen.\" tabindex=\"0\">folkloressa<\/span> Erlik on enemm\u00e4n pelottava hahmo kuin palvonnan kohde; populaarikulttuurin vastaanotossa (fantasiaromaanit, verkkopelit) h\u00e4net esitet\u00e4\u00e4n osin \u201dpime\u00e4n\u00e4 vastustajana\u201d. Tieteellisesti perusteltuja esityksi\u00e4 l\u00f6ytyy Andrei Znamenskilta, Roberte Hamayonilta ja ven\u00e4j\u00e4nkielisest\u00e4 kokoelmasta <em>Mify narodov mira<\/em> (osa 2, 1992).<\/p><p>T\u00e4rke\u00e4 tutkimuskeskustelu koskee kysymyst\u00e4, kuinka suuri osa nykyisest\u00e4 \u201dpime\u00e4st\u00e4\u201d Erlik-kuvasta on esi-islamilaista tai esibuddhalaista ja kuinka suuri osa syntyi kristillis-l\u00e4hetysty\u00f6llisen\u00e4 demonisointina 1700- ja 1800-luvuilla. Verbickij ja muut l\u00e4hetyssaarnaajat k\u00e4\u00e4nsiv\u00e4t sanakirjoissaan \u201dErlikin\u201d yksinkertaisesti \u201dpaholaiseksi\u201d, mink\u00e4 my\u00f6hempi tutkimus omaksui pitk\u00e4\u00e4n kritiikitt\u00f6m\u00e4sti.<\/p><p>Andrei Znamenskin teos <em>Shamanism and Western Imagination<\/em> (Oxford 2007) on rekonstruoinut t\u00e4m\u00e4n v\u00e4\u00e4ristym\u00e4n historian kattavasti ja puoltaa historiallisen Erlikin palauttamista ambivalentiksi j\u00e4rjestyksen hahmoksi kristillis-dualististen kaavojen tuolle puolen.<\/p>\t\t\t\t\t\t\t\t<\/div>\n\t\t\t\t<\/div>\n\t\t\t\t\t<\/div>\n\t\t\t\t<\/div>\n\t\t<div class=\"elementor-element elementor-element-iwgw-erlikkhan-s8 e-flex e-con-boxed e-con e-parent\" data-id=\"iwgw-erlikkhan-s8\" data-element_type=\"container\" data-e-type=\"container\">\n\t\t\t\t\t<div class=\"e-con-inner\">\n\t\t\t\t<div class=\"elementor-element elementor-element-iwgw-erlikkhan-s8h elementor-widget elementor-widget-heading\" data-id=\"iwgw-erlikkhan-s8h\" data-element_type=\"widget\" data-e-type=\"widget\" data-widget_type=\"heading.default\">\n\t\t\t\t\t<h2 class=\"elementor-heading-title elementor-size-default\">Tutkimuskeskustelut ja avoimet kysymykset<\/h2>\t\t\t\t<\/div>\n\t\t<div class=\"elementor-element elementor-element-iwgw-erlikkhan-s8c e-con-full e-flex e-con e-child\" data-id=\"iwgw-erlikkhan-s8c\" data-element_type=\"container\" data-e-type=\"container\">\n\t\t\t\t<div class=\"elementor-element elementor-element-iwgw-erlikkhan-s8t elementor-widget elementor-widget-text-editor\" data-id=\"iwgw-erlikkhan-s8t\" data-element_type=\"widget\" data-e-type=\"widget\" data-widget_type=\"text-editor.default\">\n\t\t\t\t\t\t\t\t\t<p>Kolme tutkimuskysymyst\u00e4 on edelleen avoinna. Ensinn\u00e4kin: millainen esimuoto Erlikill\u00e4 oli prototurkkilaisessa uskonnossa ennen kosketusta buddhalaisuuteen ja kristinuskoon? Anokhinin aineisto viittaa siihen, ett\u00e4 h\u00e4n oli vanhempi ja itsen\u00e4isempi kuin buddhalainen Yama-identifikaatio antaa ymm\u00e4rt\u00e4\u00e4.<\/p><p>Toiseksi: miss\u00e4 m\u00e4\u00e4rin altailainen Erlik-perinne on jatkuva jakuuttien <em>abasy<\/em>-perinteen kanssa ja ep\u00e4jatkuva mongolialaisen Erlig-Khaan-perinteen kanssa? L. P. Potapov on esitt\u00e4nyt t\u00e4st\u00e4 jakautumishypoteesin, joka on otettu uudelleen esille tuoreemmassa tutkimuksessa.<\/p><p>Kolmanneksi: mik\u00e4 rooli Erlikill\u00e4 on nykyaikaisessa tuvalaisessa ja altailaisessa uus<span class=\"iwg-fachbegriff\" data-tooltip=\"Uskonnollinen j\u00e4rjestelm\u00e4, jossa erikoisasiantuntijat ovat yhteydess\u00e4 henkimaailmaan.\" tabindex=\"0\">shamanismin<\/span> piiriss\u00e4, joka kehittyy osin ven\u00e4l\u00e4ist\u00e4 valtavirtaa vastustaen, osin sen kanssa? Marjorie Mandelstam Balzer on useissa artikkeleissaan osoittanut, ett\u00e4 nykyaikaiset shamaanit k\u00e4ytt\u00e4v\u00e4t Erliki\u00e4 tietoisesti profiloidakseen alkuper\u00e4iskansan vaihtoehdon vallitsevalle ven\u00e4l\u00e4is-ortodoksiselle symboliikalle.<\/p>\t\t\t\t\t\t\t\t<\/div>\n\t\t\t\t<\/div>\n\t\t\t\t\t<\/div>\n\t\t\t\t<\/div>\n\t\t<div class=\"elementor-element elementor-element-iwgw-erlikkhan-s9 e-flex e-con-boxed e-con e-parent\" data-id=\"iwgw-erlikkhan-s9\" data-element_type=\"container\" data-e-type=\"container\">\n\t\t\t\t\t<div class=\"e-con-inner\">\n\t\t\t\t<div class=\"elementor-element elementor-element-iwgw-erlikkhan-s9h elementor-widget elementor-widget-heading\" data-id=\"iwgw-erlikkhan-s9h\" data-element_type=\"widget\" data-e-type=\"widget\" data-widget_type=\"heading.default\">\n\t\t\t\t\t<h2 class=\"elementor-heading-title elementor-size-default\">Suhde Yama-perinteeseen<\/h2>\t\t\t\t<\/div>\n\t\t<div class=\"elementor-element elementor-element-iwgw-erlikkhan-s9c e-con-full e-flex e-con e-child\" data-id=\"iwgw-erlikkhan-s9c\" data-element_type=\"container\" data-e-type=\"container\">\n\t\t\t\t<div class=\"elementor-element elementor-element-iwgw-erlikkhan-s9t elementor-widget elementor-widget-text-editor\" data-id=\"iwgw-erlikkhan-s9t\" data-element_type=\"widget\" data-e-type=\"widget\" data-widget_type=\"text-editor.default\">\n\t\t\t\t\t\t\t\t\t<p>Erlikin samastaminen buddhalaiseen Yamaan on uskontohistoriallisesti yksi mongoli-tiibetil\u00e4isen uskonnon parhaiten dokumentoiduista tapauksista. Walther Heissig on teoksessaan <em>Die Religionen der Mongolei<\/em> (1970) osoittanut, kuinka altailainen Erlik sulautui usean vuosisadan kuluessa indo-tiibetil\u00e4iseen Yamaan \/ Shinjeen, kuitenkin niin, ett\u00e4 t\u00e4ydellist\u00e4 korvautumista ei tapahtunut.<\/p><p>Sen sijaan syntyi kaksikerroksinen hahmo, jossa kontekstista riippuen aktualisoituu joko altailainen tai buddhalainen kerros.<\/p><p>T\u00e4m\u00e4 kerrostuneisuus on oppikirjaesimerkki tieteellisest\u00e4 &#8220;k\u00e4\u00e4nn\u00f6stutkimuksesta&#8221;: miten tarkkaan k\u00e4site siirtyy perinteest\u00e4 toiseen, mitk\u00e4 semanttiset siirtym\u00e4t ovat v\u00e4ist\u00e4m\u00e4tt\u00f6mi\u00e4 ja millaisia omalaatuisia hybridimuotoja k\u00e4\u00e4nn\u00f6sprosessi synnytt\u00e4\u00e4?<\/p><p>Konkreettinen esimerkki: tiibetil\u00e4isess\u00e4 <em>Bardo Th\u00f6dolissa<\/em> (&#8220;Tiibetil\u00e4inen kuolleiden kirja&#8221;) Yama esiintyy peilinpit\u00e4j\u00e4n\u00e4, joka n\u00e4ytt\u00e4\u00e4 vainajalle h\u00e4nen el\u00e4m\u00e4nteoinsa. T\u00e4m\u00e4 k\u00e4sitys puuttuu alkuper\u00e4isest\u00e4 altailaisesta Erlik-kompleksista, mutta on l\u00e4sn\u00e4 my\u00f6h\u00e4ismongolialaisessa Erlik-k\u00e4sityksess\u00e4, mik\u00e4 osoittaa buddhalaisen kerroksen vaikutuksen.<\/p>\t\t\t\t\t\t\t\t<\/div>\n\t\t\t\t<\/div>\n\t\t\t\t\t<\/div>\n\t\t\t\t<\/div>\n\t\t<div class=\"elementor-element elementor-element-iwgw-erlikkhan-s10 e-flex e-con-boxed e-con e-parent\" data-id=\"iwgw-erlikkhan-s10\" data-element_type=\"container\" data-e-type=\"container\">\n\t\t\t\t\t<div class=\"e-con-inner\">\n\t\t\t\t<div class=\"elementor-element elementor-element-iwgw-erlikkhan-s10h elementor-widget elementor-widget-heading\" data-id=\"iwgw-erlikkhan-s10h\" data-element_type=\"widget\" data-e-type=\"widget\" data-widget_type=\"heading.default\">\n\t\t\t\t\t<h2 class=\"elementor-heading-title elementor-size-default\">L\u00e4hteet ja yhteys kulttuurikeskukseen<\/h2>\t\t\t\t<\/div>\n\t\t<div class=\"elementor-element elementor-element-iwgw-erlikkhan-s10c e-con-full e-flex e-con e-child\" data-id=\"iwgw-erlikkhan-s10c\" data-element_type=\"container\" data-e-type=\"container\">\n\t\t\t\t<div class=\"elementor-element elementor-element-iwgw-erlikkhan-s10t elementor-widget elementor-widget-text-editor\" data-id=\"iwgw-erlikkhan-s10t\" data-element_type=\"widget\" data-e-type=\"widget\" data-widget_type=\"text-editor.default\">\n\t\t\t\t\t\t\t\t\t<p>Erlik-kompleksia laajemmin tutkiva l\u00f6yt\u00e4\u00e4 yleiskatsaussivulta <a href=\"https:\/\/iwell-guard.com\/fi\/siperialainen-samanismi-ja-tengrismi\/\">Siperialais-tengristinen perinne<\/a> t\u00e4rkeimm\u00e4t ristiviittaukset sukulaishahmoihin, kuten <a href=\"https:\/\/iwell-guard.com\/fi\/?page_id=144217\">\u00dclgeniin<\/a> ja alamaailman <em>abasy<\/em>-vahinkohenkiin. A. V. Anokhinin teos <em>Materialit altailaisten <span class=\"iwg-fachbegriff\" data-tooltip=\"Uskonnollinen j\u00e4rjestelm\u00e4, jossa erityisosaajat ovat yhteydess\u00e4 henkimaailmaan.\" tabindex=\"0\">shamanismiin<\/span><\/em> (1924) pysyy t\u00e4rkeimp\u00e4n\u00e4 alkuper\u00e4isl\u00e4hteen\u00e4.<\/p><p>Buddhalaisen ylikerrostuman osalta keskeisi\u00e4 ovat Walther Heissigin <em>Die Religionen der Mongolei<\/em> (1970) ja Klaus Sagasterin tutkimukset. L\u00e4hetysty\u00f6n aiheuttamien v\u00e4\u00e4ristymien kriittiseen k\u00e4sittelyyn parhaan saatavilla olevan teoksen tarjoaa Andrei Znamenskin <em>Shamanism and Western Imagination<\/em> (Oxford 2007).<\/p><p>L. P. Potapovin perusteos <em>Altaiskij \u0161amanizm<\/em> (Pietari 1991) tarjoaa laajimman neuvostoven\u00e4l\u00e4isen synteesin, ja se ansaitsee huomion Erlik-tutkimuksessa.<\/p>\t\t\t\t\t\t\t\t<\/div>\n\t\t\t\t<\/div>\n\t\t\t\t\t<\/div>\n\t\t\t\t<\/div>\n\t\t<div class=\"elementor-element elementor-element-iwgw-erlikkhan-s11 e-flex e-con-boxed e-con e-parent\" data-id=\"iwgw-erlikkhan-s11\" data-element_type=\"container\" data-e-type=\"container\">\n\t\t\t\t\t<div class=\"e-con-inner\">\n\t\t\t\t<div class=\"elementor-element elementor-element-iwgw-erlikkhan-s11h elementor-widget elementor-widget-heading\" data-id=\"iwgw-erlikkhan-s11h\" data-element_type=\"widget\" data-e-type=\"widget\" data-widget_type=\"heading.default\">\n\t\t\t\t\t<h2 class=\"elementor-heading-title elementor-size-default\">Uskontofenomenologia ja tuonpuoleinen<\/h2>\t\t\t\t<\/div>\n\t\t<div class=\"elementor-element elementor-element-iwgw-erlikkhan-s11c e-con-full e-flex e-con e-child\" data-id=\"iwgw-erlikkhan-s11c\" data-element_type=\"container\" data-e-type=\"container\">\n\t\t\t\t<div class=\"elementor-element elementor-element-iwgw-erlikkhan-s11t elementor-widget elementor-widget-text-editor\" data-id=\"iwgw-erlikkhan-s11t\" data-element_type=\"widget\" data-e-type=\"widget\" data-widget_type=\"text-editor.default\">\n\t\t\t\t\t\t\t\t\t<p>Erlik kuuluu tuonpuoleisten jumaluuksien uskontofenomenologiseen kirjoon, jota Mircea Eliade k\u00e4sitteli laajasti teoksessaan <em>Forgerons et alchimistes<\/em> (1956) ja <span class=\"iwg-fachbegriff\" data-tooltip=\"Uskonnollinen j\u00e4rjestelm\u00e4, jossa erikoisasiantuntijat ovat yhteydess\u00e4 henkimaailmaan.\" tabindex=\"0\">shamanismia<\/span> k\u00e4sittelev\u00e4ss\u00e4 teoksessaan. Ominaista on ambivalenssi: tuonpuoleisten jumaluudet edustavat kosmisen j\u00e4rjestyksen v\u00e4ltt\u00e4m\u00e4t\u00f6nt\u00e4 varjopuolta, ja pelkk\u00e4 &#8220;paha&#8221; ei tavoita heid\u00e4n olemustaan.<\/p><p>Erlikin erityinen piirre on h\u00e4nen kaksoisroolinsa sairauden aiheuttajana ja sairauden parantajana. Musta <span class=\"iwg-fachbegriff\" data-tooltip=\"Uskonnollinen erikoisasiantuntija, jonka katsotaan v\u00e4litt\u00e4v\u00e4n ihmisten ja henkimaailman v\u00e4lill\u00e4.\" tabindex=\"0\">shamaani<\/span> neuvottelee Erlikin kanssa menetettyjen sielujen palauttamisesta, klassinen &#8220;shamanistisen neuvottelun&#8221; malli, jonka Roberte Hamayon on kehitt\u00e4nyt vastakohtana Eliaden &#8220;ekstaasi&#8221;-mallille.<\/p><p>Uskonnollisantropologisesti kiinnostava on &#8220;valkoisten&#8221; ja &#8220;mustien&#8221; shamaanien erottelu, joilla on erilliset jumalosoitteet. T\u00e4m\u00e4 kaksoisrakenne esiintyy n\u00e4in selke\u00e4n\u00e4 vain harvoissa siperialaisissa perinteiss\u00e4, altailaisilla ja tuvalaisilla selkeimmin; se on historiallisesti todenn\u00e4k\u00f6isesti my\u00f6h\u00e4inen, mahdollisesti buddhalaisesta vaikutuksesta syntynyt.<\/p>\t\t\t\t\t\t\t\t<\/div>\n\t\t\t\t<\/div>\n\t\t\t\t\t<\/div>\n\t\t\t\t<\/div>\n\t\t<div class=\"elementor-element elementor-element-iwgw-erlikkhan-s12 e-flex e-con-boxed e-con e-parent\" data-id=\"iwgw-erlikkhan-s12\" data-element_type=\"container\" data-e-type=\"container\">\n\t\t\t\t\t<div class=\"e-con-inner\">\n\t\t\t\t<div class=\"elementor-element elementor-element-iwgw-erlikkhan-s12h elementor-widget elementor-widget-heading\" data-id=\"iwgw-erlikkhan-s12h\" data-element_type=\"widget\" data-e-type=\"widget\" data-widget_type=\"heading.default\">\n\t\t\t\t\t<h2 class=\"elementor-heading-title elementor-size-default\">Menetelm\u00e4llinen pohdinta<\/h2>\t\t\t\t<\/div>\n\t\t<div class=\"elementor-element elementor-element-iwgw-erlikkhan-s12c e-con-full e-flex e-con e-child\" data-id=\"iwgw-erlikkhan-s12c\" data-element_type=\"container\" data-e-type=\"container\">\n\t\t\t\t<div class=\"elementor-element elementor-element-iwgw-erlikkhan-s12t elementor-widget elementor-widget-text-editor\" data-id=\"iwgw-erlikkhan-s12t\" data-element_type=\"widget\" data-e-type=\"widget\" data-widget_type=\"text-editor.default\">\n\t\t\t\t\t\t\t\t\t<p>Erlik-l\u00e4hteiden kanssa ty\u00f6skennelless\u00e4 ilmenee useita metodologisia ongelmia. Ensinn\u00e4kin: vanhimmat l\u00e4hteet ovat kristittyjen l\u00e4hetyssaarnaajien (Verbitski, T\u0161ivalkov) 1800-luvulla tekem\u00e4t merkinn\u00e4t, joissa h\u00e4net samastettiin systemaattisesti kristilliseen paholaiseen. T\u00e4m\u00e4n l\u00e4hetysty\u00f6n kerrostuman riisuminen on metodisesti vaativaa.<\/p><p>Toiseksi: buddhalainen samastaminen Yamaan on tuonut mukanaan lis\u00e4merkityskerroksia, joita ei ole helppoa erottaa altailaisesta alkuper\u00e4isest\u00e4 Erlik-kerroksesta. Walther Heissigin kerrosmalli auttaa, mutta vaatii edelleen keskustelua.<\/p><p>Kolmanneksi: nykyaikainen Erlikiin liittyv\u00e4 shamaanik\u00e4yt\u00e4nt\u00f6 on neuvostoajan j\u00e4lkeen pirstaloitunut; se, mit\u00e4 nyky\u00e4\u00e4n havaitaan, on etnografisiin teksteihin perustuva uudelleenmuodostus, ei katkeamaton jatkuvuus. Andrei Znamenski on pohtinut t\u00e4t\u00e4 kriittisesti.<\/p>\t\t\t\t\t\t\t\t<\/div>\n\t\t\t\t<\/div>\n\t\t\t\t\t<\/div>\n\t\t\t\t<\/div>\n\t\t<div class=\"elementor-element elementor-element-iwgw-erlikkhan-s13 e-flex e-con-boxed e-con e-parent\" data-id=\"iwgw-erlikkhan-s13\" data-element_type=\"container\" data-e-type=\"container\">\n\t\t\t\t\t<div class=\"e-con-inner\">\n\t\t\t\t<div class=\"elementor-element elementor-element-iwgw-erlikkhan-s13h elementor-widget elementor-widget-heading\" data-id=\"iwgw-erlikkhan-s13h\" data-element_type=\"widget\" data-e-type=\"widget\" data-widget_type=\"heading.default\">\n\t\t\t\t\t<h2 class=\"elementor-heading-title elementor-size-default\">Erlik nykyaikaisessa populaarikulttuurissa<\/h2>\t\t\t\t<\/div>\n\t\t<div class=\"elementor-element elementor-element-iwgw-erlikkhan-s13c e-con-full e-flex e-con e-child\" data-id=\"iwgw-erlikkhan-s13c\" data-element_type=\"container\" data-e-type=\"container\">\n\t\t\t\t<div class=\"elementor-element elementor-element-iwgw-erlikkhan-s13t elementor-widget elementor-widget-text-editor\" data-id=\"iwgw-erlikkhan-s13t\" data-element_type=\"widget\" data-e-type=\"widget\" data-widget_type=\"text-editor.default\">\n\t\t\t\t\t\t\t\t\t<p>Nykyaikaisessa populaarikulttuurissa Erlik on yll\u00e4tt\u00e4v\u00e4n l\u00e4sn\u00e4. H\u00e4n esiintyy useissa ven\u00e4l\u00e4isiss\u00e4 fantasiaromaaneissa, verkkotietokonepeleissa (kuten <em>Path of Exile<\/em>, <em>Smite<\/em>), heavy metal -sanoituksissa ja manga- ja animemaailmassa. T\u00e4m\u00e4 vastaanotto v\u00e4\u00e4rist\u00e4\u00e4 usein voimakkaasti historiallista kuvaa, mutta tekee Erlikist\u00e4 samalla kulttuurisesti aktiivisen hahmon.<\/p><p>Tieteellisesti t\u00e4m\u00e4 vastaanotto on ristiriitainen: se pit\u00e4\u00e4 Erlikin kulttuurisessa muistissa, mutta samalla banalisoi h\u00e4net. Andrei Znamenski on teoksessaan <em>Shamanism and Western Imagination<\/em> (2007) huomauttanut tieteellisen rekonstruktion ja kansanomaisen omaksumisen v\u00e4lisest\u00e4 j\u00e4nnitteest\u00e4.<\/p><p>Altailaisissa ja tuvalaisissa tasavalloissa itsess\u00e4\u00e4n Erlik on kansankulttuurissa v\u00e4hemm\u00e4n l\u00e4sn\u00e4 kuin \u00dclgen tai Tengri; h\u00e4n pysyy melko sivullisena hahmona, jolla on rooli shamanistisessa k\u00e4yt\u00e4nn\u00f6ss\u00e4, mutta ei alueen julkisessa edustuksessa.<\/p>\t\t\t\t\t\t\t\t<\/div>\n\t\t\t\t<\/div>\n\t\t\t\t\t<\/div>\n\t\t\t\t<\/div>\n\t\t<div class=\"elementor-element elementor-element-cp27518a4a e-flex e-con-boxed e-con e-parent\" data-id=\"cp27518a4a\" data-element_type=\"container\" data-e-type=\"container\">\n\t\t\t\t\t<div class=\"e-con-inner\">\n\t\t\t\t<div class=\"elementor-element elementor-element-cp20374ec2 elementor-widget elementor-widget-heading\" data-id=\"cp20374ec2\" data-element_type=\"widget\" data-e-type=\"widget\" data-widget_type=\"heading.default\">\n\t\t\t\t\t<h2 class=\"elementor-heading-title elementor-size-default\">Erlik altailaisessa luomiskertomuksessa: ep\u00e4t\u00e4ydellisen maailman toinen luoja<\/h2>\t\t\t\t<\/div>\n\t\t<div class=\"elementor-element elementor-element-cp23d083fe e-flex e-con-boxed e-con e-child\" data-id=\"cp23d083fe\" data-element_type=\"container\" data-e-type=\"container\">\n\t\t\t\t\t<div class=\"e-con-inner\">\n\t\t\t\t<div class=\"elementor-element elementor-element-cp2fdabf2c elementor-widget elementor-widget-text-editor\" data-id=\"cp2fdabf2c\" data-element_type=\"widget\" data-e-type=\"widget\" data-widget_type=\"text-editor.default\">\n\t\t\t\t\t\t\t\t\t<p>Altain turkinkielisten kansojen luomiskertomuksissa Erlikill\u00e4, jota kutsutaan my\u00f6s nimill\u00e4 <em>Erlik Khan<\/em> tai <em>Erlik<\/em>, on kaksijakoinen mutta v\u00e4ltt\u00e4m\u00e4t\u00f6n rooli.<\/p><p>Useat 1800- ja 1900-luvun alun etnografien tallentamat versiot kuvaavat, kuinka alussa oli vain vett\u00e4 ja kuinka luojajumala, joka usein identifioidaan <a href=\"https:\/\/iwell-guard.com\/fi\/?page_id=144217\">\u00dclgeniksi<\/a>, nostaa Erlikin avustuksella maan alkuvedest\u00e4.<\/p><p>Yleisess\u00e4 kertomuksen muodossa molemmat sukeltavat lintuhahmossa tai l\u00e4hett\u00e4v\u00e4t sukeltamaan jonkin olennon hakemaan maata alkumeren pohjalta. Erlik pit\u00e4\u00e4 t\u00e4ll\u00f6in salaa hieman maata suussaan aikomuksenaan luoda oman maailmansa.<\/p><p>Kun luojajumala saa tuodun maan kasvamaan, alkaa my\u00f6s Erlikin suussa piilev\u00e4 maa kasvaa, joten h\u00e4nen on pakko sylke\u00e4 se ulos. T\u00e4st\u00e4 ulos syljetyst\u00e4 maasta syntyv\u00e4t suot, kulkukelvottomat ja hedelm\u00e4tt\u00f6m\u00e4t seudut. <span class=\"iwg-fachbegriff\" data-tooltip=\"Taiteessa tai kertomuksessa toistuva sis\u00e4ll\u00f6llinen elementti.\" tabindex=\"0\">Motiivi<\/span> selitt\u00e4\u00e4 myyttisesti, miksi maailma ei ole t\u00e4ydellinen.<\/p><p>T\u00e4m\u00e4 kertomus kuuluu laajalti levinneeseen maansukeltaja-luomismyyttien tyyppiin, joka on todistettu kautta Pohjois-Euraasian ja Pohjois-Amerikan. Huomionarvoinen on Erlikin moraalisesti kaksijakoinen asema: sen sijaan ett\u00e4 myytti esitt\u00e4isi h\u00e4net vain tuhoajana, se kuvaa my\u00f6t\u00e4luojaa, jonka omavaltaisuus ja kavaluus samanaikaisesti t\u00e4ydent\u00e4v\u00e4t ja vahingoittavat maailmaa.<\/p><p>N\u00e4iden kertomusten arvioinnissa on otettava huomioon, ett\u00e4 tallenteet ovat per\u00e4isin ajalta, jolloin altailainen uskonto oli jo kosketuksissa kristillisiin ja buddhalaisiin k\u00e4sityksiin. Jotkut tutkijat ovatkin kysyneet, vahvistivatko t\u00e4llaiset vaikutukset kuvaa vastustajamaisesta my\u00f6t\u00e4luojasta. Varmaa vastausta ei ole mahdollista antaa.<\/p>\t\t\t\t\t\t\t\t<\/div>\n\t\t\t\t\t<\/div>\n\t\t\t\t<\/div>\n\t\t\t\t\t<\/div>\n\t\t\t\t<\/div>\n\t\t<div class=\"elementor-element elementor-element-cp2032381e e-flex e-con-boxed e-con e-parent\" data-id=\"cp2032381e\" data-element_type=\"container\" data-e-type=\"container\">\n\t\t\t\t\t<div class=\"e-con-inner\">\n\t\t\t\t<div class=\"elementor-element elementor-element-cp2549d4d3 elementor-widget elementor-widget-heading\" data-id=\"cp2549d4d3\" data-element_type=\"widget\" data-e-type=\"widget\" data-widget_type=\"heading.default\">\n\t\t\t\t\t<h2 class=\"elementor-heading-title elementor-size-default\">Manalan herra: Erlikin valtakunta ja \u0161amaanin matka alas<\/h2>\t\t\t\t<\/div>\n\t\t<div class=\"elementor-element elementor-element-cp2699d7d9 e-flex e-con-boxed e-con e-child\" data-id=\"cp2699d7d9\" data-element_type=\"container\" data-e-type=\"container\">\n\t\t\t\t\t<div class=\"e-con-inner\">\n\t\t\t\t<div class=\"elementor-element elementor-element-cp215c60fe elementor-widget elementor-widget-text-editor\" data-id=\"cp215c60fe\" data-element_type=\"widget\" data-e-type=\"widget\" data-widget_type=\"text-editor.default\">\n\t\t\t\t\t\t\t\t\t<p>Luomiskertomusten lis\u00e4ksi Erlik tunnetaan altailaisessa ja laajemmin siperialaisessa uskonnossa ennen kaikkea manalan herrana ja kuolleiden hallitsijana. L\u00e4hteiss\u00e4 h\u00e4nen valtakuntansa kuvataan synkk\u00e4n\u00e4 maanalaisena alueena, johon vainajat siirtyv\u00e4t.<\/p><p>Erliki\u00e4 pidet\u00e4\u00e4n my\u00f6s sairauden ja kuoleman aiheuttajana; altailaisen k\u00e4sityksen mukaan vakavasti sairastuneen henkil\u00f6n elinvoiman tai sielun saattoivat Erlik tai h\u00e4nen sanansaattajansa vied\u00e4 manalaan.<\/p><p>T\u00e4h\u00e4n k\u00e4sitykseen liittyi tietty \u0161amanistisen k\u00e4yt\u00e4nn\u00f6n muoto. Siin\u00e4 miss\u00e4 matka taivaaseen \u00dclgenin luo oli nousu, matka Erlikin luo oli laskeutuminen.<\/p><p>\u0160amaani kuvasi rituaalilauluissaan, kuinka h\u00e4n vaelsi alas Erlikin valtakuntaan, voitti sill\u00e4 matkalla esteit\u00e4 ja astui lopulta Erlikin eteen neuvottelemaan h\u00e4nen kanssaan, esimerkiksi vaatiakseen takaisin sairaan viedyn sielun tai tuodakseen uhrilahjoja.<\/p><p>Wilhelm Radloff tallensi t\u00e4llaisia laskeutumiskuvauksia, ja niihin kiinnitettiin my\u00f6hemmin paljon huomiota vertailevassa \u0161amanismintutkimuksessa.<\/p><p>Tulkinnassa on syyt\u00e4 olla varovainen. Tallennetut tekstit ovat konkreettisia esityksi\u00e4, ei ajattomia k\u00e4sikirjoituksia, ja niiden yleist\u00e4mist\u00e4 \u0161amaanin manalanmatkan malliksi, kuten esimerkiksi Mircea Eliade teki, on uudemmassa tutkimuksessa kritisoitu liian yksinkertaistavana.<\/p><p>Voidaan todeta, ett\u00e4 Erlik oli altailaisessa k\u00e4yt\u00e4nn\u00f6ss\u00e4 paljon enemm\u00e4n kuin pel\u00e4tty olento, jota v\u00e4ltettiin: h\u00e4n oli voima, jonka kanssa \u0161amaani neuvotteli aktiivisesti <span class=\"iwg-fachbegriff\" data-tooltip=\"S\u00e4\u00e4delty symbolisten tekojen sarja, jolla on uskonnollinen tai kulttuurinen merkitys.\" tabindex=\"0\">riitiss\u00e4<\/span>. Erlikin kanssa toimiminen oli enemm\u00e4n kuin pelkk\u00e4\u00e4 torjuntaa; se oli s\u00e4\u00e4delty\u00e4, riskialtista viestint\u00e4\u00e4.<\/p>\t\t\t\t\t\t\t\t<\/div>\n\t\t\t\t\t<\/div>\n\t\t\t\t<\/div>\n\t\t\t\t\t<\/div>\n\t\t\t\t<\/div>\n\t\t<div class=\"elementor-element elementor-element-cp2907420d e-flex e-con-boxed e-con e-parent\" data-id=\"cp2907420d\" data-element_type=\"container\" data-e-type=\"container\">\n\t\t\t\t\t<div class=\"e-con-inner\">\n\t\t\t\t<div class=\"elementor-element elementor-element-cp2fc29be0 elementor-widget elementor-widget-heading\" data-id=\"cp2fc29be0\" data-element_type=\"widget\" data-e-type=\"widget\" data-widget_type=\"heading.default\">\n\t\t\t\t\t<h2 class=\"elementor-heading-title elementor-size-default\">Erlik alkuper\u00e4isen perinteen ja vieraan vaikutuksen v\u00e4liss\u00e4: tutkimuskeskustelu<\/h2>\t\t\t\t<\/div>\n\t\t<div class=\"elementor-element elementor-element-cp215c8e40 e-flex e-con-boxed e-con e-child\" data-id=\"cp215c8e40\" data-element_type=\"container\" data-e-type=\"container\">\n\t\t\t\t\t<div class=\"e-con-inner\">\n\t\t\t\t<div class=\"elementor-element elementor-element-cp27662833 elementor-widget elementor-widget-text-editor\" data-id=\"cp27662833\" data-element_type=\"widget\" data-e-type=\"widget\" data-widget_type=\"text-editor.default\">\n\t\t\t\t\t\t\t\t\t<p>Erlikin hahmo on pitk\u00e4aikaisen tutkimuskeskustelun keski\u00f6ss\u00e4, joka koskee sis\u00e4aasialaiseen uskontoon vaikuttaneita vieraita vaikutteita. Huomionarvoinen on ensinn\u00e4kin itse nimi: Erlik eli Erlik Khan on kielellisesti ja k\u00e4sitteellisesti yhteydess\u00e4 buddhalaisen perinteen Yamaan, joka tuli mongolialaiseen ja tiibetil\u00e4is-buddhalaiseen ajatusmaailmaan nimell\u00e4 Erlik Khan.<\/p><p>Kysymys on, oliko altailainen manalan hahmo alusta alkaen t\u00e4llainen, vai muotoutuiko se buddhalaisuuden vaikutuksesta.<\/p><p>Toinen keskustelun linja koskee dualismia.<\/p><p>Vastakkainasettelu \u00dclgenin yl\u00e4puolella ja Erlikin alapuolella, luomisen ja vahingoittamisen, taivaan ja manalan v\u00e4lill\u00e4 muistuttaa joitakin tutkijoita dualistisista uskontoj\u00e4rjestelmist\u00e4, esimerkiksi zarathustralaisista k\u00e4sityksist\u00e4, jotka saattoivat vaikuttaa Keski-Aasian kauppareittien kautta, tai kristillisest\u00e4 Jumalan ja Paholaisen vastakkainasettelusta, joka saapui ven\u00e4l\u00e4isen l\u00e4hetysty\u00f6n mukana.<\/p><p>Koska l\u00e4hteet ovat per\u00e4isin vasta ajalta, jolloin kaikki n\u00e4m\u00e4 kontaktit olivat jo pitk\u00e4\u00e4n olleet olemassa, alkuper\u00e4ist\u00e4 sis\u00e4lt\u00f6\u00e4 on tuskin mahdollista en\u00e4\u00e4 erottaa.<\/p><p>Metodisesti varovainen tutkimus p\u00e4\u00e4ttelee t\u00e4st\u00e4, ett\u00e4 Erlik juontuu todenn\u00e4k\u00f6isesti alkuper\u00e4isest\u00e4 k\u00e4sityksest\u00e4 manalan vallasta, mutta ett\u00e4 t\u00e4t\u00e4 k\u00e4sityst\u00e4 muotoiltiin ja sen piirteit\u00e4 ter\u00e4v\u00f6itettiin buddhalaisten ja mahdollisesti muidenkin vaikutusten my\u00f6t\u00e4. T\u00e4ss\u00e4 yhteydess\u00e4 on t\u00e4rke\u00e4\u00e4 varoittaa yleisest\u00e4 v\u00e4\u00e4rink\u00e4sityksest\u00e4: Erliki\u00e4 ei pit\u00e4isi h\u00e4tik\u00f6idysti rinnastaa kristilliseen Paholaiseen.<\/p><p>Altailaisissa kertomuksissa h\u00e4n ei ole ehdottoman paha, vaan v\u00e4ltt\u00e4m\u00e4t\u00f6n osa maailmanj\u00e4rjestyst\u00e4, jonka kanssa ihmisten ja heid\u00e4n rituaalisten asiantuntijoidensa t\u00e4ytyi tulla toimeen. H\u00e4nen asemansa \u00dclgenin vastustajana kuvaa j\u00e4nnitteist\u00e4 t\u00e4ydent\u00e4vyytt\u00e4, ei moraalista sotaa. Vastaavia manalan hallitsijoita tunnetaan my\u00f6s muissa <a href=\"https:\/\/iwell-guard.com\/fi\/siperialainen-samanismi-ja-tengrismi\/\">sis\u00e4aasialaisissa kulttuureissa<\/a>.<\/p>\t\t\t\t\t\t\t\t<\/div>\n\t\t\t\t\t<\/div>\n\t\t\t\t<\/div>\n\t\t\t\t\t<\/div>\n\t\t\t\t<\/div>\n\t\t<div class=\"elementor-element elementor-element-iwgw-erlikkhan-lit e-flex e-con-boxed e-con e-parent\" data-id=\"iwgw-erlikkhan-lit\" data-element_type=\"container\" data-e-type=\"container\">\n\t\t\t\t\t<div class=\"e-con-inner\">\n\t\t\t\t<div class=\"elementor-element elementor-element-iwgw-erlikkhan-lith elementor-widget elementor-widget-heading\" data-id=\"iwgw-erlikkhan-lith\" data-element_type=\"widget\" data-e-type=\"widget\" data-widget_type=\"heading.default\">\n\t\t\t\t\t<h2 class=\"elementor-heading-title elementor-size-default\">Kirjallisuus (valikoima)<\/h2>\t\t\t\t<\/div>\n\t\t<div class=\"elementor-element elementor-element-iwgw-erlikkhan-litc e-con-full e-flex e-con e-child\" data-id=\"iwgw-erlikkhan-litc\" data-element_type=\"container\" data-e-type=\"container\">\n\t\t\t\t<div class=\"elementor-element elementor-element-iwgw-erlikkhan-litt elementor-widget elementor-widget-text-editor\" data-id=\"iwgw-erlikkhan-litt\" data-element_type=\"widget\" data-e-type=\"widget\" data-widget_type=\"text-editor.default\">\n\t\t\t\t\t\t\t\t\t<ul><li>A. V. Anokhin: <em>Materiaalia altailaisten <span class=\"iwg-fachbegriff\" data-tooltip=\"Uskonnollinen j\u00e4rjestelm\u00e4, jossa asiantuntijat ovat yhteydess\u00e4 henkimaailmaan.\" tabindex=\"0\">\u0161amanismiin<\/span><\/em> (1924)<\/li><li>Mircea Eliade: <em>Le chamanisme<\/em> (1951)<\/li><li>Walther Heissig: <em>Die Religionen der Mongolei<\/em> (1970)<\/li><li>Vladimir Basilov: <em>Shamanism in Siberia<\/em> (1984)<\/li><li>Roberte Hamayon: <em>La chasse \u00e0 l&#8217;\u00e2me<\/em> (1990)<\/li><li>Andrei Znamenski: <em>Shamanism and Western Imagination<\/em> (2007)<\/li><li>L. P. Potapov: <em>Altaiskij schamanizm<\/em> (1991)<\/li><\/ul>\t\t\t\t\t\t\t\t<\/div>\n\t\t\t\t<\/div>\n\t\t\t\t\t<\/div>\n\t\t\t\t<\/div>\n\t\t<div class=\"elementor-element elementor-element-iwgkw2-add-erlikkhan e-flex e-con-boxed e-con e-parent\" data-id=\"iwgkw2-add-erlikkhan\" data-element_type=\"container\" data-e-type=\"container\">\n\t\t\t\t\t<div class=\"e-con-inner\">\n\t\t\t\t<div class=\"elementor-element elementor-element-iwgkw2-add-erlikkhan-t elementor-widget elementor-widget-text-editor\" data-id=\"iwgkw2-add-erlikkhan-t\" data-element_type=\"widget\" data-e-type=\"widget\" data-widget_type=\"text-editor.default\">\n\t\t\t\t\t\t\t\t\t<p><em>Altailais<\/em>&#8211;<em>siperialaisessa<\/em> uskossa <em><span class=\"iwg-fachbegriff\" data-tooltip=\"Perinteinen kertomus jumalista, alkuperist\u00e4 ja maailman j\u00e4rjestyksest\u00e4.\" tabindex=\"0\">myytti<\/span><\/em> muotoilee Erlik Khanin manalan hallitsijana ja \u00dclgenin vastustajana; altain turkkilaisten ja burjaattien \u0161amaanilaulut v\u00e4litt\u00e4v\u00e4t h\u00e4nen rooliaan sairaudessa, kuolemassa ja sielunjohdatuksessa.<\/p>\t\t\t\t\t\t\t\t<\/div>\n\t\t\t\t\t<\/div>\n\t\t\t\t<\/div>\n\t\t<div class=\"elementor-element elementor-element-iwgw-erlikkhan-kwd e-flex e-con-boxed e-con e-parent\" data-id=\"iwgw-erlikkhan-kwd\" data-element_type=\"container\" data-e-type=\"container\">\n\t\t\t\t\t<div class=\"e-con-inner\">\n\t\t<div class=\"elementor-element elementor-element-iwgw-erlikkhan-kwdc e-con-full e-flex e-con e-child\" data-id=\"iwgw-erlikkhan-kwdc\" data-element_type=\"container\" data-e-type=\"container\">\n\t\t\t\t<div class=\"elementor-element elementor-element-iwgw-erlikkhan-kwdt elementor-widget elementor-widget-text-editor\" data-id=\"iwgw-erlikkhan-kwdt\" data-element_type=\"widget\" data-e-type=\"widget\" data-widget_type=\"text-editor.default\">\n\t\t\t\t\t\t\t\t\t<p><em>Aiheeseen liittyv\u00e4t avainsanat: Erlik Khan Erlig Khaan Altai alamaailma Yama buddhalainen uudelleentulkinta.<\/em><\/p>\t\t\t\t\t\t\t\t<\/div>\n\t\t\t\t<\/div>\n\t\t\t\t\t<\/div>\n\t\t\t\t<\/div>\n\t\t<div class=\"elementor-element elementor-element-iwgw-erlikkhan-cc e-flex e-con-boxed e-con e-parent\" data-id=\"iwgw-erlikkhan-cc\" data-element_type=\"container\" data-e-type=\"container\" id=\"iwg-cc-erlik-khan\">\n\t\t\t\t\t<div class=\"e-con-inner\">\n\t\t<div class=\"elementor-element elementor-element-iwgw-erlikkhan-ccinner e-flex e-con-boxed e-con e-parent\" data-id=\"iwgw-erlikkhan-ccinner\" data-element_type=\"container\" data-e-type=\"container\" data-settings=\"{&quot;background_background&quot;:&quot;classic&quot;}\">\n\t\t\t\t\t<div class=\"e-con-inner\">\n\t\t\t\t<div class=\"elementor-element elementor-element-iwgw-erlikkhan-cch elementor-widget elementor-widget-heading\" data-id=\"iwgw-erlikkhan-cch\" data-element_type=\"widget\" data-e-type=\"widget\" data-widget_type=\"heading.default\">\n\t\t\t\t\t<h2 class=\"elementor-heading-title elementor-size-default\">iWell Guard ja suojelutraditiot<\/h2>\t\t\t\t<\/div>\n\t\t\t\t<div class=\"elementor-element elementor-element-iwgw-erlikkhan-cct elementor-widget elementor-widget-text-editor\" data-id=\"iwgw-erlikkhan-cct\" data-element_type=\"widget\" data-e-type=\"widget\" data-widget_type=\"text-editor.default\">\n\t\t\t\t\t\t\t\t\t<div data-nosnippet=\"true\"><p>iWell Guard jatkaa kannettavien suojaesineiden kulttuurihistoriallista perinnett\u00e4, samassa traditiossa kuin <a href=\"https:\/\/iwell-guard.com\/fi\/siperialainen-samanismi-ja-tengrismi\/\">Siperia \/ tengrismi<\/a> ja monet muut kulttuurit maailmanlaajuisesti. 41 tasoa, aitoa kultaa, platinaa, hopeaa, valmistettu Saksassa. 30 p\u00e4iv\u00e4n palautusoikeus.<\/p><\/div>\t\t\t\t\t\t\t\t<\/div>\n\t\t\t\t<div class=\"elementor-element elementor-element-iwgw-erlikkhan-ccb iwg-cc-button iwg-cc-cta-2026-05-13 elementor-widget elementor-widget-jet-button\" data-id=\"iwgw-erlikkhan-ccb\" data-element_type=\"widget\" data-e-type=\"widget\" data-widget_type=\"jet-button.default\">\n\t\t\t\t<div class=\"elementor-widget-container\">\n\t\t\t\t\t<div class=\"elementor-jet-button jet-elements\"><div class=\"jet-button__container\"><a class=\"jet-button__instance jet-button__instance--icon-left hover-effect-1\" href=\"\/ueber-iwell-guard\/?utm_source=iwell-guard.com&amp;utm_medium=info-box&amp;utm_campaign=wesen-tradition\"><div class=\"jet-button__plane jet-button__plane-normal\"><\/div><div class=\"jet-button__plane jet-button__plane-hover\"><\/div><div class=\"jet-button__state jet-button__state-normal\"><span class=\"jet-button__label\">Lis\u00e4\u00e4 iWell Guardista<\/span><\/div><div class=\"jet-button__state jet-button__state-hover\"><span class=\"jet-button__label\">Lis\u00e4\u00e4 iWell Guardista<\/span><\/div><\/a><\/div><\/div><style>.elementor-element.elementor-element-iwgw-erlikkhan-ccb .jet-button__instance{width:320px;height:56px;}.elementor-element.elementor-element-iwgw-erlikkhan-ccb .jet-button__state-normal .jet-button__label{text-align:center;margin:0px 0px 0px 0px;color:#1a1b20;font-family:Montserrat,sans-serif;font-size:13px;font-weight:400;letter-spacing:4px;line-height:1.714em;text-transform:uppercase;}.elementor-element.elementor-element-iwgw-erlikkhan-ccb .jet-button__state-hover .jet-button__label{text-align:center;margin:0px 0px 0px 0px;color:#FECC76;font-family:Montserrat,sans-serif;font-size:13px;font-weight:400;letter-spacing:4px;line-height:1.714em;text-transform:uppercase;}.elementor-element.elementor-element-iwgw-erlikkhan-ccb .jet-button__plane-normal{background-color:#FECC76;border-style:solid;border-color:#C99540;border-width:2px 2px 2px 2px;}.elementor-element.elementor-element-iwgw-erlikkhan-ccb .jet-button__plane-hover{background-color:rgba(0,0,0,0.55);border-style:solid;border-color:#FECC76;border-width:2px 2px 2px 2px;}<\/style>\t\t\t\t<\/div>\n\t\t\t\t<\/div>\n\t\t\t\t<div class=\"elementor-element elementor-element-iwgw-erlikkhan-ccd elementor-widget elementor-widget-text-editor\" data-id=\"iwgw-erlikkhan-ccd\" data-element_type=\"widget\" data-e-type=\"widget\" data-widget_type=\"text-editor.default\">\n\t\t\t\t\t\t\t\t\t<div data-nosnippet=\"true\"><p style=\"text-align:center;font-size:13px;opacity:0.7;margin-top:14px\" data-nosnippet=\"true\">Henkil\u00f6kohtaiset kokemukset voivat vaihdella. Ei l\u00e4\u00e4kinn\u00e4llinen laite. Ei paranemislupausta.<\/p><\/div>\t\t\t\t\t\t\t\t<\/div>\n\t\t\t\t\t<\/div>\n\t\t\t\t<\/div>\n\t\t\t\t\t<\/div>\n\t\t\t\t<\/div>\n\t\t<div class=\"elementor-element elementor-element-iwgw-erlikkhan-disc e-flex e-con-boxed e-con e-parent\" data-id=\"iwgw-erlikkhan-disc\" data-element_type=\"container\" data-e-type=\"container\">\n\t\t\t\t\t<div class=\"e-con-inner\">\n\t\t\t\t<div class=\"elementor-element elementor-element-iwgw-erlikkhan-discw elementor-widget elementor-widget-html\" data-id=\"iwgw-erlikkhan-discw\" data-element_type=\"widget\" data-e-type=\"widget\" data-widget_type=\"html.default\">\n\t\t\t\t\t<footer data-nosnippet=\"true\" class=\"iwg-disclaimer-block\"><p data-nosnippet=\"true\">iWell Guard <strong>ei ole l\u00e4\u00e4kinn\u00e4llinen laite<\/strong>, eik\u00e4 se korvaa l\u00e4\u00e4k\u00e4rin tai psykoterapeutin hoitoa. Uskontotieteelliset sis\u00e4ll\u00f6t ovat kulttuurihistoriallista tarkastelua, ei suositus hengelliseen k\u00e4yt\u00e4nt\u00f6\u00f6n.<\/p><\/footer>\t\t\t\t<\/div>\n\t\t\t\t\t<\/div>\n\t\t\t\t<\/div>\n\t\t\t\t<\/div>\n\t\t","protected":false},"excerpt":{"rendered":"","protected":false},"author":3,"featured_media":2855,"parent":0,"menu_order":0,"comment_status":"closed","ping_status":"closed","template":"elementor_header_footer","meta":{"_yoast_wpseo_focuskw":"Erlik Khan, altailainen alamaailman jumala","_yoast_wpseo_title":"Erlik Khan \u2013 altailainen alamaailman jumala, myytti ja l\u00e4hteet","_yoast_wpseo_metadesc":"Erlik Khan on etel\u00e4siperialaisessa tengrismiss\u00e4 alamaailman herra ja \u00dclgenin vastavoima. Kulttuurihistoriallinen katsaus myytteihin ja kulttiin.","_yoast_wpseo_meta-robots-noindex":"","_yoast_wpseo_canonical":"","_angie_page":false,"gefaehrdungsstufe":"4","wesen_kultur":"sibirisch-tengrismus","wesen_klasse":"daemonen","footnotes":""},"categories":[],"class_list":["post-144216","page","type-page","status-publish","has-post-thumbnail","hentry"],"yoast_head":"<!-- This site is optimized with the Yoast SEO Premium plugin v27.7 (Yoast SEO v28.3) - https:\/\/yoast.com\/product\/yoast-seo-premium-wordpress\/ -->\n<title>Erlik Khan \u2013 altailainen alamaailman jumala, myytti ja l\u00e4hteet<\/title>\n<meta name=\"description\" content=\"Erlik Khan on etel\u00e4siperialaisessa tengrismiss\u00e4 alamaailman herra ja \u00dclgenin vastavoima. Kulttuurihistoriallinen katsaus myytteihin ja kulttiin.\" \/>\n<meta name=\"robots\" content=\"index, follow, max-snippet:-1, max-image-preview:large, max-video-preview:-1\" \/>\n<link rel=\"canonical\" href=\"https:\/\/iwell-guard.com\/fi\/erlik-khan-alamaailman-herra\/\" \/>\n<meta property=\"og:locale\" content=\"fi_FI\" \/>\n<meta property=\"og:type\" content=\"article\" \/>\n<meta property=\"og:title\" content=\"Erlik Khan \u2013 altailaisten alamaailman herra\" \/>\n<meta property=\"og:description\" content=\"Erlik Khan on etel\u00e4siperialaisessa tengrismiss\u00e4 alamaailman herra ja \u00dclgenin vastavoima. Kulttuurihistoriallinen katsaus myytteihin ja kulttiin.\" \/>\n<meta property=\"og:url\" content=\"https:\/\/iwell-guard.com\/fi\/erlik-khan-alamaailman-herra\/\" \/>\n<meta property=\"og:site_name\" content=\"iWell Guard\" \/>\n<meta property=\"article:modified_time\" content=\"2026-09-03T12:53:38+00:00\" \/>\n<meta property=\"og:image\" content=\"https:\/\/iwell-guard.com\/wp-content\/uploads\/2026\/05\/daemonen_sibirisch-tengrismus_erlik-khan.webp\" \/>\n\t<meta property=\"og:image:width\" content=\"1024\" \/>\n\t<meta property=\"og:image:height\" content=\"1536\" \/>\n\t<meta property=\"og:image:type\" content=\"image\/webp\" \/>\n<meta name=\"twitter:card\" content=\"summary_large_image\" \/>\n<script type=\"application\/ld+json\" class=\"yoast-schema-graph\">{\"@context\":\"https:\\\/\\\/schema.org\",\"@graph\":[{\"@type\":\"WebPage\",\"@id\":\"https:\\\/\\\/iwell-guard.com\\\/fi\\\/erlik-khan-alamaailman-herra\\\/\",\"url\":\"https:\\\/\\\/iwell-guard.com\\\/fi\\\/erlik-khan-alamaailman-herra\\\/\",\"name\":\"Erlik Khan \u2013 altailainen alamaailman jumala, myytti ja l\u00e4hteet\",\"isPartOf\":{\"@id\":\"https:\\\/\\\/iwell-guard.com\\\/fi\\\/#website\"},\"primaryImageOfPage\":{\"@id\":\"https:\\\/\\\/iwell-guard.com\\\/fi\\\/erlik-khan-alamaailman-herra\\\/#primaryimage\"},\"image\":{\"@id\":\"https:\\\/\\\/iwell-guard.com\\\/fi\\\/erlik-khan-alamaailman-herra\\\/#primaryimage\"},\"thumbnailUrl\":\"https:\\\/\\\/iwell-guard.com\\\/wp-content\\\/uploads\\\/2026\\\/05\\\/daemonen_sibirisch-tengrismus_erlik-khan.webp\",\"datePublished\":\"2026-09-03T12:33:11+00:00\",\"dateModified\":\"2026-09-03T12:53:38+00:00\",\"description\":\"Erlik Khan on etel\u00e4siperialaisessa tengrismiss\u00e4 alamaailman herra ja \u00dclgenin vastavoima. Kulttuurihistoriallinen katsaus myytteihin ja kulttiin.\",\"breadcrumb\":{\"@id\":\"https:\\\/\\\/iwell-guard.com\\\/fi\\\/erlik-khan-alamaailman-herra\\\/#breadcrumb\"},\"inLanguage\":\"fi\",\"potentialAction\":[{\"@type\":\"ReadAction\",\"target\":[\"https:\\\/\\\/iwell-guard.com\\\/fi\\\/erlik-khan-alamaailman-herra\\\/\"]}]},{\"@type\":\"ImageObject\",\"inLanguage\":\"fi\",\"@id\":\"https:\\\/\\\/iwell-guard.com\\\/fi\\\/erlik-khan-alamaailman-herra\\\/#primaryimage\",\"url\":\"https:\\\/\\\/iwell-guard.com\\\/wp-content\\\/uploads\\\/2026\\\/05\\\/daemonen_sibirisch-tengrismus_erlik-khan.webp\",\"contentUrl\":\"https:\\\/\\\/iwell-guard.com\\\/wp-content\\\/uploads\\\/2026\\\/05\\\/daemonen_sibirisch-tengrismus_erlik-khan.webp\",\"width\":1024,\"height\":1536,\"caption\":\"Siperian tengrismin perinteen demonit.\"},{\"@type\":\"BreadcrumbList\",\"@id\":\"https:\\\/\\\/iwell-guard.com\\\/fi\\\/erlik-khan-alamaailman-herra\\\/#breadcrumb\",\"itemListElement\":[{\"@type\":\"ListItem\",\"position\":1,\"name\":\"Start\",\"item\":\"https:\\\/\\\/iwell-guard.com\\\/fi\\\/?page_id=143815\"},{\"@type\":\"ListItem\",\"position\":2,\"name\":\"Erlik Khan \u2013 altailaisten alamaailman herra\"}]},{\"@type\":\"WebSite\",\"@id\":\"https:\\\/\\\/iwell-guard.com\\\/fi\\\/#website\",\"url\":\"https:\\\/\\\/iwell-guard.com\\\/fi\\\/\",\"name\":\"iWell Guard\",\"description\":\"Schutz vor dunklen Einfl\u00fcssen\",\"publisher\":{\"@id\":\"https:\\\/\\\/iwell-guard.com\\\/fi\\\/#organization\"},\"potentialAction\":[{\"@type\":\"SearchAction\",\"target\":{\"@type\":\"EntryPoint\",\"urlTemplate\":\"https:\\\/\\\/iwell-guard.com\\\/fi\\\/?s={search_term_string}\"},\"query-input\":{\"@type\":\"PropertyValueSpecification\",\"valueRequired\":true,\"valueName\":\"search_term_string\"}}],\"inLanguage\":\"fi\"},{\"@type\":\"Organization\",\"@id\":\"https:\\\/\\\/iwell-guard.com\\\/fi\\\/#organization\",\"name\":\"Ittermann electronic GmbH\",\"url\":\"https:\\\/\\\/iwell-guard.com\\\/fi\\\/\",\"logo\":{\"@type\":\"ImageObject\",\"inLanguage\":\"fi\",\"@id\":\"https:\\\/\\\/iwell-guard.com\\\/fi\\\/#\\\/schema\\\/logo\\\/image\\\/\",\"url\":\"https:\\\/\\\/iwell-guard.com\\\/wp-content\\\/uploads\\\/2026\\\/05\\\/Ittermann-Logo-1182x237-1.png\",\"contentUrl\":\"https:\\\/\\\/iwell-guard.com\\\/wp-content\\\/uploads\\\/2026\\\/05\\\/Ittermann-Logo-1182x237-1.png\",\"width\":1182,\"height\":237,\"caption\":\"Ittermann electronic GmbH\"},\"image\":{\"@id\":\"https:\\\/\\\/iwell-guard.com\\\/fi\\\/#\\\/schema\\\/logo\\\/image\\\/\"},\"sameAs\":[\"https:\\\/\\\/pantip.com\\\/profile\\\/9367242\",\"https:\\\/\\\/micro.blog\\\/iwellguard\",\"https:\\\/\\\/www.diggerslist.com\\\/iwellguard\\\/about\",\"https:\\\/\\\/skitterphoto.com\\\/photographers\\\/2870314\\\/iwell-guard\",\"https:\\\/\\\/iwellguard.wordpress.com\\\/2026\\\/06\\\/06\\\/iwell-guard\\\/\",\"https:\\\/\\\/hub.docker.com\\\/u\\\/iwellguard\",\"https:\\\/\\\/www.pinterest.com\\\/iwellguard\\\/\",\"https:\\\/\\\/bit.ly\\\/m\\\/iwellguard\",\"https:\\\/\\\/entre-vos-mains.alsace.eu\\\/profiles\\\/iwellguard\\\/activity\",\"https:\\\/\\\/gravatar.com\\\/reallybeded8fd34\",\"https:\\\/\\\/naijamatta.com\\\/iwellguard\",\"https:\\\/\\\/www.goodreads.com\\\/iwellguard\",\"https:\\\/\\\/profile.hatena.ne.jp\\\/iwellguard\\\/\",\"https:\\\/\\\/experiment.com\\\/users\\\/iwellguard\",\"https:\\\/\\\/wakelet.com\\\/@iWellGuard82270\",\"https:\\\/\\\/www.chordie.com\\\/forum\\\/profile.php?id=2555664\",\"https:\\\/\\\/www.instapaper.com\\\/p\\\/17757966\",\"https:\\\/\\\/www.mapleprimes.com\\\/users\\\/iwellguard\",\"https:\\\/\\\/businesslistingplus.com\\\/profile\\\/iwell-guard\\\/\",\"https:\\\/\\\/telegra.ph\\\/iWell-Guard-06-06\",\"https:\\\/\\\/pbase.com\\\/iwellguard\\\/iwellguard\",\"https:\\\/\\\/b.hatena.ne.jp\\\/iwellguard\\\/20260607#bookmark-4788405196491818882\",\"https:\\\/\\\/fliphtml5.com\\\/home\\\/iwellguard\",\"https:\\\/\\\/anyflip.com\\\/homepage\\\/cmiwl#About\",\"https:\\\/\\\/transfur.com\\\/Users\\\/iwellguard\",\"http:\\\/\\\/delphi.larsbo.org\\\/user\\\/iwellguard\",\"https:\\\/\\\/jobs.lajobsportal.org\\\/profiles\\\/8380803-iwell-guard\",\"https:\\\/\\\/md.chaosdorf.de\\\/s\\\/jfbe5SBdJD\",\"https:\\\/\\\/www.lingvolive.com\\\/en-us\\\/profile\\\/9ecaeaca-ce11-4e51-9e71-01d55e2bff36\\\/translations\",\"https:\\\/\\\/www.fitday.com\\\/fitness\\\/forums\\\/members\\\/iwellguard.html\",\"https:\\\/\\\/www.mymeetbook.com\\\/iwellguard\",\"https:\\\/\\\/pxhere.com\\\/en\\\/photographer-me\\\/5040798\",\"https:\\\/\\\/disqus.com\\\/by\\\/iwellguard\\\/about\\\/\",\"https:\\\/\\\/pastelink.net\\\/hjwciqwq\",\"https:\\\/\\\/pubhtml5.com\\\/homepage\\\/scjhn\\\/\",\"https:\\\/\\\/www.bitchute.com\\\/channel\\\/2O2eOKzNqujT\",\"https:\\\/\\\/audiomack.com\\\/iwellguard\"]},{\"@type\":\"Article\",\"@id\":\"https:\\\/\\\/iwell-guard.com\\\/fi\\\/erlik-khan-alamaailman-herra\\\/#article\",\"isPartOf\":{\"@id\":\"https:\\\/\\\/iwell-guard.com\\\/fi\\\/erlik-khan-alamaailman-herra\\\/\"},\"author\":{\"name\":\"Ralf Ittermann\",\"@id\":\"https:\\\/\\\/iwell-guard.com\\\/fi\\\/#\\\/schema\\\/person\\\/ee2a27f1cac3406c7c6fb5820cb7349f\"},\"headline\":\"Erlik Khan \u2013 altailaisten alamaailman herra\",\"datePublished\":\"2026-09-03T12:33:11+00:00\",\"dateModified\":\"2026-09-03T12:53:38+00:00\",\"mainEntityOfPage\":{\"@id\":\"https:\\\/\\\/iwell-guard.com\\\/fi\\\/erlik-khan-alamaailman-herra\\\/\"},\"publisher\":{\"@id\":\"https:\\\/\\\/iwell-guard.com\\\/fi\\\/#organization\"},\"image\":{\"@id\":\"https:\\\/\\\/iwell-guard.com\\\/fi\\\/erlik-khan-alamaailman-herra\\\/#primaryimage\"},\"thumbnailUrl\":\"https:\\\/\\\/iwell-guard.com\\\/wp-content\\\/uploads\\\/2026\\\/05\\\/daemonen_sibirisch-tengrismus_erlik-khan.webp\",\"inLanguage\":\"fi\",\"description\":\"Erlik Khan on etel\u00e4siperialaisessa tengrismiss\u00e4 alamaailman herra ja \u00dclgenin vastavoima. Kulttuurihistoriallinen katsaus myytteihin ja kulttiin.\"}]}<\/script>\n<!-- \/ Yoast SEO Premium plugin. -->","yoast_head_json":{"title":"Erlik Khan \u2013 altailainen alamaailman jumala, myytti ja l\u00e4hteet","description":"Erlik Khan on etel\u00e4siperialaisessa tengrismiss\u00e4 alamaailman herra ja \u00dclgenin vastavoima. Kulttuurihistoriallinen katsaus myytteihin ja kulttiin.","robots":{"index":"index","follow":"follow","max-snippet":"max-snippet:-1","max-image-preview":"max-image-preview:large","max-video-preview":"max-video-preview:-1"},"canonical":"https:\/\/iwell-guard.com\/fi\/erlik-khan-alamaailman-herra\/","og_locale":"fi_FI","og_type":"article","og_title":"Erlik Khan \u2013 altailaisten alamaailman herra","og_description":"Erlik Khan on etel\u00e4siperialaisessa tengrismiss\u00e4 alamaailman herra ja \u00dclgenin vastavoima. Kulttuurihistoriallinen katsaus myytteihin ja kulttiin.","og_url":"https:\/\/iwell-guard.com\/fi\/erlik-khan-alamaailman-herra\/","og_site_name":"iWell Guard","article_modified_time":"2026-09-03T12:53:38+00:00","og_image":[{"width":1024,"height":1536,"url":"https:\/\/iwell-guard.com\/wp-content\/uploads\/2026\/05\/daemonen_sibirisch-tengrismus_erlik-khan.webp","type":"image\/webp"}],"twitter_card":"summary_large_image","schema":{"@context":"https:\/\/schema.org","@graph":[{"@type":"Article","@id":"https:\/\/iwell-guard.com\/fi\/erlik-khan-alamaailman-herra\/#article","isPartOf":{"@id":"https:\/\/iwell-guard.com\/fi\/erlik-khan-alamaailman-herra\/"},"author":{"name":"Ralf Ittermann","@id":"https:\/\/iwell-guard.com\/fi\/#\/schema\/person\/ee2a27f1cac3406c7c6fb5820cb7349f"},"headline":"Erlik Khan \u2013 altailaisten alamaailman herra","datePublished":"2026-09-03T12:33:11+00:00","dateModified":"2026-09-03T12:53:38+00:00","mainEntityOfPage":{"@id":"https:\/\/iwell-guard.com\/fi\/erlik-khan-alamaailman-herra\/"},"publisher":{"@id":"https:\/\/iwell-guard.com\/fi\/#organization"},"image":{"@id":"https:\/\/iwell-guard.com\/fi\/erlik-khan-alamaailman-herra\/#primaryimage"},"thumbnailUrl":"https:\/\/iwell-guard.com\/wp-content\/uploads\/2026\/05\/daemonen_sibirisch-tengrismus_erlik-khan.webp","inLanguage":"fi","description":"Erlik Khan on etel\u00e4siperialaisessa tengrismiss\u00e4 alamaailman herra ja \u00dclgenin vastavoima. Kulttuurihistoriallinen katsaus myytteihin ja kulttiin."},{"@type":"WebPage","@id":"https:\/\/iwell-guard.com\/fi\/erlik-khan-alamaailman-herra\/","url":"https:\/\/iwell-guard.com\/fi\/erlik-khan-alamaailman-herra\/","name":"Erlik Khan \u2013 altailainen alamaailman jumala, myytti ja l\u00e4hteet","isPartOf":{"@id":"https:\/\/iwell-guard.com\/fi\/#website"},"primaryImageOfPage":{"@id":"https:\/\/iwell-guard.com\/fi\/erlik-khan-alamaailman-herra\/#primaryimage"},"image":{"@id":"https:\/\/iwell-guard.com\/fi\/erlik-khan-alamaailman-herra\/#primaryimage"},"thumbnailUrl":"https:\/\/iwell-guard.com\/wp-content\/uploads\/2026\/05\/daemonen_sibirisch-tengrismus_erlik-khan.webp","datePublished":"2026-09-03T12:33:11+00:00","dateModified":"2026-09-03T12:53:38+00:00","description":"Erlik Khan on etel\u00e4siperialaisessa tengrismiss\u00e4 alamaailman herra ja \u00dclgenin vastavoima. Kulttuurihistoriallinen katsaus myytteihin ja kulttiin.","breadcrumb":{"@id":"https:\/\/iwell-guard.com\/fi\/erlik-khan-alamaailman-herra\/#breadcrumb"},"inLanguage":"fi","potentialAction":[{"@type":"ReadAction","target":["https:\/\/iwell-guard.com\/fi\/erlik-khan-alamaailman-herra\/"]}]},{"@type":"ImageObject","inLanguage":"fi","@id":"https:\/\/iwell-guard.com\/fi\/erlik-khan-alamaailman-herra\/#primaryimage","url":"https:\/\/iwell-guard.com\/wp-content\/uploads\/2026\/05\/daemonen_sibirisch-tengrismus_erlik-khan.webp","contentUrl":"https:\/\/iwell-guard.com\/wp-content\/uploads\/2026\/05\/daemonen_sibirisch-tengrismus_erlik-khan.webp","width":1024,"height":1536,"caption":"Siperian tengrismin perinteen demonit."},{"@type":"BreadcrumbList","@id":"https:\/\/iwell-guard.com\/fi\/erlik-khan-alamaailman-herra\/#breadcrumb","itemListElement":[{"@type":"ListItem","position":1,"name":"Start","item":"https:\/\/iwell-guard.com\/fi\/?page_id=143815"},{"@type":"ListItem","position":2,"name":"Erlik Khan \u2013 altailaisten alamaailman herra"}]},{"@type":"WebSite","@id":"https:\/\/iwell-guard.com\/fi\/#website","url":"https:\/\/iwell-guard.com\/fi\/","name":"iWell Guard","description":"Schutz vor dunklen Einfl\u00fcssen","publisher":{"@id":"https:\/\/iwell-guard.com\/fi\/#organization"},"potentialAction":[{"@type":"SearchAction","target":{"@type":"EntryPoint","urlTemplate":"https:\/\/iwell-guard.com\/fi\/?s={search_term_string}"},"query-input":{"@type":"PropertyValueSpecification","valueRequired":true,"valueName":"search_term_string"}}],"inLanguage":"fi"},{"@type":"Organization","@id":"https:\/\/iwell-guard.com\/fi\/#organization","name":"Ittermann electronic GmbH","url":"https:\/\/iwell-guard.com\/fi\/","logo":{"@type":"ImageObject","inLanguage":"fi","@id":"https:\/\/iwell-guard.com\/fi\/#\/schema\/logo\/image\/","url":"https:\/\/iwell-guard.com\/wp-content\/uploads\/2026\/05\/Ittermann-Logo-1182x237-1.png","contentUrl":"https:\/\/iwell-guard.com\/wp-content\/uploads\/2026\/05\/Ittermann-Logo-1182x237-1.png","width":1182,"height":237,"caption":"Ittermann electronic GmbH"},"image":{"@id":"https:\/\/iwell-guard.com\/fi\/#\/schema\/logo\/image\/"},"sameAs":["https:\/\/pantip.com\/profile\/9367242","https:\/\/micro.blog\/iwellguard","https:\/\/www.diggerslist.com\/iwellguard\/about","https:\/\/skitterphoto.com\/photographers\/2870314\/iwell-guard","https:\/\/iwellguard.wordpress.com\/2026\/06\/06\/iwell-guard\/","https:\/\/hub.docker.com\/u\/iwellguard","https:\/\/www.pinterest.com\/iwellguard\/","https:\/\/bit.ly\/m\/iwellguard","https:\/\/entre-vos-mains.alsace.eu\/profiles\/iwellguard\/activity","https:\/\/gravatar.com\/reallybeded8fd34","https:\/\/naijamatta.com\/iwellguard","https:\/\/www.goodreads.com\/iwellguard","https:\/\/profile.hatena.ne.jp\/iwellguard\/","https:\/\/experiment.com\/users\/iwellguard","https:\/\/wakelet.com\/@iWellGuard82270","https:\/\/www.chordie.com\/forum\/profile.php?id=2555664","https:\/\/www.instapaper.com\/p\/17757966","https:\/\/www.mapleprimes.com\/users\/iwellguard","https:\/\/businesslistingplus.com\/profile\/iwell-guard\/","https:\/\/telegra.ph\/iWell-Guard-06-06","https:\/\/pbase.com\/iwellguard\/iwellguard","https:\/\/b.hatena.ne.jp\/iwellguard\/20260607#bookmark-4788405196491818882","https:\/\/fliphtml5.com\/home\/iwellguard","https:\/\/anyflip.com\/homepage\/cmiwl#About","https:\/\/transfur.com\/Users\/iwellguard","http:\/\/delphi.larsbo.org\/user\/iwellguard","https:\/\/jobs.lajobsportal.org\/profiles\/8380803-iwell-guard","https:\/\/md.chaosdorf.de\/s\/jfbe5SBdJD","https:\/\/www.lingvolive.com\/en-us\/profile\/9ecaeaca-ce11-4e51-9e71-01d55e2bff36\/translations","https:\/\/www.fitday.com\/fitness\/forums\/members\/iwellguard.html","https:\/\/www.mymeetbook.com\/iwellguard","https:\/\/pxhere.com\/en\/photographer-me\/5040798","https:\/\/disqus.com\/by\/iwellguard\/about\/","https:\/\/pastelink.net\/hjwciqwq","https:\/\/pubhtml5.com\/homepage\/scjhn\/","https:\/\/www.bitchute.com\/channel\/2O2eOKzNqujT","https:\/\/audiomack.com\/iwellguard"]},{"@type":"Person","@id":"https:\/\/iwell-guard.com\/fi\/#\/schema\/person\/ee2a27f1cac3406c7c6fb5820cb7349f","name":"Ralf Ittermann","image":{"@type":"ImageObject","inLanguage":"fi","@id":"https:\/\/secure.gravatar.com\/avatar\/073c0153e350a5005b68eb752b445fea71f6b24a26da9449ad7e155e6b446c9d?s=96&d=mm&r=g","url":"https:\/\/secure.gravatar.com\/avatar\/073c0153e350a5005b68eb752b445fea71f6b24a26da9449ad7e155e6b446c9d?s=96&d=mm&r=g","contentUrl":"https:\/\/secure.gravatar.com\/avatar\/073c0153e350a5005b68eb752b445fea71f6b24a26da9449ad7e155e6b446c9d?s=96&d=mm&r=g","caption":"Ralf Ittermann"},"givenName":"Ralf","familyName":"Ittermann","jobTitle":"Gesch\u00e4ftsf\u00fchrer und redaktioneller Verantwortlicher","url":"https:\/\/iwell-guard.com\/fi\/author\/claude\/","description":"Ralf Ittermann ist Gesch\u00e4ftsf\u00fchrer der Ittermann electronic GmbH und redaktioneller Verantwortlicher des iWell-Guard-Lexikons. Er verbindet langj\u00e4hrige Erfahrung in der Pr\u00e4zisionsfertigung mit medialer Praxis und religionsgeschichtlicher Quellenarbeit.","worksFor":{"@type":"Organization","name":"Ittermann electronic GmbH","url":"https:\/\/ittermann.de\/","address":{"@type":"PostalAddress","streetAddress":"K\u00f6hlergasse 16-18","postalCode":"99842","addressLocality":"Ruhla","addressCountry":"DE"}},"knowsAbout":["Religionsgeschichte","Mythologie","Mediale Praxis","Energetische Diagnostik","Schutzpraxis","Volksglauben","Westliche Esoterik"]},{"@type":"Article","@id":"https:\/\/iwell-guard.com\/fi\/erlik-khan-alamaailman-herra\/#article","isPartOf":{"@id":"https:\/\/iwell-guard.com\/fi\/erlik-khan-alamaailman-herra\/"},"author":{"name":"Ralf Ittermann","@id":"https:\/\/iwell-guard.com\/fi\/#\/schema\/person\/ee2a27f1cac3406c7c6fb5820cb7349f"},"headline":"Erlik Khan \u2013 altailaisten alamaailman herra","datePublished":"2026-09-03T12:33:11+00:00","dateModified":"2026-09-03T12:53:38+00:00","mainEntityOfPage":{"@id":"https:\/\/iwell-guard.com\/fi\/erlik-khan-alamaailman-herra\/"},"publisher":{"@id":"https:\/\/iwell-guard.com\/fi\/#organization"},"image":{"@id":"https:\/\/iwell-guard.com\/fi\/erlik-khan-alamaailman-herra\/#primaryimage"},"thumbnailUrl":"https:\/\/iwell-guard.com\/wp-content\/uploads\/2026\/05\/daemonen_sibirisch-tengrismus_erlik-khan.webp","inLanguage":"fi","description":"Erlik Khan on etel\u00e4siperialaisessa tengrismiss\u00e4 alamaailman herra ja \u00dclgenin vastavoima. Kulttuurihistoriallinen katsaus myytteihin ja kulttiin."}]}},"_links":{"self":[{"href":"https:\/\/iwell-guard.com\/fi\/wp-json\/wp\/v2\/pages\/144216","targetHints":{"allow":["GET"]}}],"collection":[{"href":"https:\/\/iwell-guard.com\/fi\/wp-json\/wp\/v2\/pages"}],"about":[{"href":"https:\/\/iwell-guard.com\/fi\/wp-json\/wp\/v2\/types\/page"}],"author":[{"embeddable":true,"href":"https:\/\/iwell-guard.com\/fi\/wp-json\/wp\/v2\/users\/3"}],"replies":[{"embeddable":true,"href":"https:\/\/iwell-guard.com\/fi\/wp-json\/wp\/v2\/comments?post=144216"}],"version-history":[{"count":0,"href":"https:\/\/iwell-guard.com\/fi\/wp-json\/wp\/v2\/pages\/144216\/revisions"}],"wp:featuredmedia":[{"embeddable":true,"href":"https:\/\/iwell-guard.com\/fi\/wp-json\/wp\/v2\/media\/2855"}],"wp:attachment":[{"href":"https:\/\/iwell-guard.com\/fi\/wp-json\/wp\/v2\/media?parent=144216"}],"wp:term":[{"taxonomy":"category","embeddable":true,"href":"https:\/\/iwell-guard.com\/fi\/wp-json\/wp\/v2\/categories?post=144216"}],"curies":[{"name":"wp","href":"https:\/\/api.w.org\/{rel}","templated":true}]}}