{"id":144207,"date":"2026-09-03T12:33:05","date_gmt":"2026-09-03T12:33:05","guid":{"rendered":"https:\/\/iwell-guard.com\/?page_id=144207"},"modified":"2026-09-03T12:53:25","modified_gmt":"2026-09-03T12:53:25","slug":"melqart-tyroksen-kaupunginjumala","status":"publish","type":"page","link":"https:\/\/iwell-guard.com\/fi\/melqart-tyroksen-kaupunginjumala\/","title":{"rendered":"Melqart \u2013 Tyroksen kaupunginjumala"},"content":{"rendered":"\t\t<div data-elementor-type=\"wp-page\" data-elementor-id=\"144207\" class=\"elementor elementor-144207 elementor-2626 elementor-bc-flex-widget\" data-elementor-post-type=\"page\">\n\t\t\t\t<div class=\"elementor-element elementor-element-iwgw-melqart-hero e-flex e-con-boxed e-con e-parent\" data-id=\"iwgw-melqart-hero\" data-element_type=\"container\" data-e-type=\"container\" data-settings=\"{&quot;background_background&quot;:&quot;classic&quot;}\">\n\t\t\t\t\t<div class=\"e-con-inner\">\n\t\t<div class=\"elementor-element elementor-element-iwgw-melqart-hl e-flex e-con-boxed e-con e-child\" data-id=\"iwgw-melqart-hl\" data-element_type=\"container\" data-e-type=\"container\">\n\t\t\t\t\t<div class=\"e-con-inner\">\n\t\t<div class=\"elementor-element elementor-element-iwgw-melqart-htxt e-con-full e-flex e-con e-child\" data-id=\"iwgw-melqart-htxt\" data-element_type=\"container\" data-e-type=\"container\">\n\t\t\t\t<div class=\"elementor-element elementor-element-iwgw-melqart-h1 elementor-widget elementor-widget-heading\" data-id=\"iwgw-melqart-h1\" data-element_type=\"widget\" data-e-type=\"widget\" data-widget_type=\"heading.default\">\n\t\t\t\t\t<h1 class=\"elementor-heading-title elementor-size-default\">Melqart, Tyroksen foinikialainen kaupunginjumala ja foinikialaisten 'Herakles'<\/h1>\t\t\t\t<\/div>\n\t\t\t\t<div class=\"elementor-element elementor-element-iwgw-melqart-lead elementor-widget elementor-widget-text-editor\" data-id=\"iwgw-melqart-lead\" data-element_type=\"widget\" data-e-type=\"widget\" data-widget_type=\"text-editor.default\">\n\t\t\t\t\t\t\t\t\t<p>Melqart (foinikiaksi <em>mlqrt<\/em>, kirjaimellisesti &#8216;kaupungin kuningas&#8217;) on Tyroksen ylin kaupunginjumala ja yksi foinikialaisen uskonnon t\u00e4rkeimmist\u00e4 jumalista ylip\u00e4\u00e4t\u00e4\u00e4n. Kreikkalaiset yhdistiv\u00e4t h\u00e4net Herakleeseen (&#8216;Herakles-Melqart&#8217;), ja h\u00e4nta palvottiin laajalti hellenistis-roomalaisessa maailmassa.<\/p>\t\t\t\t\t\t\t\t<\/div>\n\t\t\t\t<\/div>\n\t\t<div class=\"elementor-element elementor-element-iwgw-melqart-pillc e-con-full e-flex e-con e-child\" data-id=\"iwgw-melqart-pillc\" data-element_type=\"container\" data-e-type=\"container\">\n\t\t\t\t<div class=\"elementor-element elementor-element-iwgw-melqart-pills elementor-widget elementor-widget-html\" data-id=\"iwgw-melqart-pills\" data-element_type=\"widget\" data-e-type=\"widget\" data-widget_type=\"html.default\">\n\t\t\t\t\t<div class=\"iwg-pill-row\"><span class=\"iwg-klasse-badge\" tabindex=\"0\" data-tooltip=\"Foinikialaisen perinteen jumala.\">Jumala<\/span><a href=\"https:\/\/iwell-guard.com\/fi\/foinikialaiset-ja-karthago-baal-tanit-ja-suojeluperinne\/\" class=\"iwg-kultur-badge\" tabindex=\"0\" data-tooltip=\"Foinikialaisen perinteen mytologia.\">Foinikialainen<\/a><span class=\"iwg-tradition-badge\" tabindex=\"0\" data-tooltip=\"Kaupunginjumala.\">Kaupunginjumala<\/span><\/div>\t\t\t\t<\/div>\n\t\t\t\t<\/div>\n\t\t<div class=\"elementor-element elementor-element-iwgw-melqart-tocc e-con-full e-flex e-con e-child\" data-id=\"iwgw-melqart-tocc\" data-element_type=\"container\" data-e-type=\"container\">\n\t\t\t\t<div class=\"elementor-element elementor-element-iwgw-melqart-toc elementor-toc--minimized-on-tablet elementor-widget elementor-widget-table-of-contents\" data-id=\"iwgw-melqart-toc\" data-element_type=\"widget\" data-e-type=\"widget\" data-settings=\"{&quot;headings_by_tags&quot;:[&quot;h2&quot;,&quot;h3&quot;],&quot;minimize_box&quot;:&quot;yes&quot;,&quot;marker_view&quot;:&quot;bullets&quot;,&quot;no_headings_message&quot;:&quot;T\\u00e4lt\\u00e4 sivulta ei l\\u00f6ytynyt otsikoita.&quot;,&quot;exclude_headings_by_selector&quot;:[],&quot;icon&quot;:{&quot;value&quot;:&quot;fas fa-circle&quot;,&quot;library&quot;:&quot;fa-solid&quot;,&quot;rendered_tag&quot;:&quot;&lt;svg class=\\&quot;e-font-icon-svg e-fas-circle\\&quot; viewBox=\\&quot;0 0 512 512\\&quot; xmlns=\\&quot;http:\\\/\\\/www.w3.org\\\/2000\\\/svg\\&quot;&gt;&lt;path d=\\&quot;M256 8C119 8 8 119 8 256s111 248 248 248 248-111 248-248S393 8 256 8z\\&quot;&gt;&lt;\\\/path&gt;&lt;\\\/svg&gt;&quot;},&quot;minimized_on&quot;:&quot;tablet&quot;,&quot;hierarchical_view&quot;:&quot;yes&quot;,&quot;min_height&quot;:{&quot;unit&quot;:&quot;px&quot;,&quot;size&quot;:&quot;&quot;,&quot;sizes&quot;:[]},&quot;min_height_tablet&quot;:{&quot;unit&quot;:&quot;px&quot;,&quot;size&quot;:&quot;&quot;,&quot;sizes&quot;:[]},&quot;min_height_mobile&quot;:{&quot;unit&quot;:&quot;px&quot;,&quot;size&quot;:&quot;&quot;,&quot;sizes&quot;:[]}}\" data-widget_type=\"table-of-contents.default\">\n\t\t\t\t\t\t\t\t\t<div class=\"elementor-toc__header\">\n\t\t\t\t\t\t<h2 class=\"elementor-toc__header-title\">\n\t\t\t\tSis\u00e4llysluettelo\t\t\t<\/h2>\n\t\t\t\t\t\t\t\t\t\t<div class=\"elementor-toc__toggle-button elementor-toc__toggle-button--expand\" role=\"button\" tabindex=\"0\" aria-controls=\"elementor-toc__iwgw-melqart-toc\" aria-expanded=\"true\" aria-label=\"Open table of contents\"><svg aria-hidden=\"true\" class=\"e-font-icon-svg e-fas-chevron-down\" viewBox=\"0 0 448 512\" xmlns=\"http:\/\/www.w3.org\/2000\/svg\"><path d=\"M207.029 381.476L12.686 187.132c-9.373-9.373-9.373-24.569 0-33.941l22.667-22.667c9.357-9.357 24.522-9.375 33.901-.04L224 284.505l154.745-154.021c9.379-9.335 24.544-9.317 33.901.04l22.667 22.667c9.373 9.373 9.373 24.569 0 33.941L240.971 381.476c-9.373 9.372-24.569 9.372-33.942 0z\"><\/path><\/svg><\/div>\n\t\t\t\t<div class=\"elementor-toc__toggle-button elementor-toc__toggle-button--collapse\" role=\"button\" tabindex=\"0\" aria-controls=\"elementor-toc__iwgw-melqart-toc\" aria-expanded=\"true\" aria-label=\"Close table of contents\"><svg aria-hidden=\"true\" class=\"e-font-icon-svg e-fas-chevron-up\" viewBox=\"0 0 448 512\" xmlns=\"http:\/\/www.w3.org\/2000\/svg\"><path d=\"M240.971 130.524l194.343 194.343c9.373 9.373 9.373 24.569 0 33.941l-22.667 22.667c-9.357 9.357-24.522 9.375-33.901.04L224 227.495 69.255 381.516c-9.379 9.335-24.544 9.317-33.901-.04l-22.667-22.667c-9.373-9.373-9.373-24.569 0-33.941L207.03 130.525c9.372-9.373 24.568-9.373 33.941-.001z\"><\/path><\/svg><\/div>\n\t\t\t\t\t<\/div>\n\t\t\t\t<div id=\"elementor-toc__iwgw-melqart-toc\" class=\"elementor-toc__body\">\n\t\t\t<div class=\"elementor-toc__spinner-container\">\n\t\t\t\t<svg class=\"elementor-toc__spinner eicon-animation-spin e-font-icon-svg e-eicon-loading\" aria-hidden=\"true\" viewBox=\"0 0 1000 1000\" xmlns=\"http:\/\/www.w3.org\/2000\/svg\"><path d=\"M500 975V858C696 858 858 696 858 500S696 142 500 142 142 304 142 500H25C25 237 238 25 500 25S975 237 975 500 763 975 500 975Z\"><\/path><\/svg>\t\t\t<\/div>\n\t\t<\/div>\n\t\t\t\t\t\t<\/div>\n\t\t\t\t<\/div>\n\t\t\t\t\t<\/div>\n\t\t\t\t<\/div>\n\t\t<div class=\"elementor-element elementor-element-iwgw-melqart-hr e-con-full e-flex e-con e-child\" data-id=\"iwgw-melqart-hr\" data-element_type=\"container\" data-e-type=\"container\">\n\t\t\t\t<div class=\"elementor-element elementor-element-iwgw-melqart-heroimg iwg-hero-image elementor-widget elementor-widget-image\" data-id=\"iwgw-melqart-heroimg\" data-element_type=\"widget\" data-e-type=\"widget\" data-widget_type=\"image.default\">\n\t\t\t\t\t\t\t\t\t\t\t\t\t\t\t<img fetchpriority=\"high\" decoding=\"async\" width=\"683\" height=\"1024\" src=\"https:\/\/iwell-guard.com\/wp-content\/uploads\/2026\/05\/goetter_phoenizisch_melqart-683x1024.webp\" class=\"attachment-large size-large wp-image-148791\" alt=\"Melqart \u2013 jumala foinikialaisesta perinteest\u00e4, historiallis-kuvitteellinen\" srcset=\"https:\/\/iwell-guard.com\/wp-content\/uploads\/2026\/05\/goetter_phoenizisch_melqart-683x1024.webp 683w, https:\/\/iwell-guard.com\/wp-content\/uploads\/2026\/05\/goetter_phoenizisch_melqart-200x300.webp 200w, https:\/\/iwell-guard.com\/wp-content\/uploads\/2026\/05\/goetter_phoenizisch_melqart-768x1152.webp 768w, https:\/\/iwell-guard.com\/wp-content\/uploads\/2026\/05\/goetter_phoenizisch_melqart.webp 1024w\" sizes=\"(max-width: 683px) 100vw, 683px\" \/>\t\t\t\t\t\t\t\t\t\t\t\t\t\t\t<\/div>\n\t\t\t\t<\/div>\n\t\t\t\t\t<\/div>\n\t\t\t\t<\/div>\n\t\t<div class=\"elementor-element elementor-element-iwgw-melqart-s0 e-flex e-con-boxed e-con e-parent\" data-id=\"iwgw-melqart-s0\" data-element_type=\"container\" data-e-type=\"container\">\n\t\t\t\t\t<div class=\"e-con-inner\">\n\t\t\t\t<div class=\"elementor-element elementor-element-iwgw-melqart-s0h elementor-widget elementor-widget-heading\" data-id=\"iwgw-melqart-s0h\" data-element_type=\"widget\" data-e-type=\"widget\" data-widget_type=\"heading.default\">\n\t\t\t\t\t<h2 class=\"elementor-heading-title elementor-size-default\">Tarkastelu ja lyhyt profiili<\/h2>\t\t\t\t<\/div>\n\t\t<div class=\"elementor-element elementor-element-iwgw-melqart-s0c e-con-full e-flex e-con e-child\" data-id=\"iwgw-melqart-s0c\" data-element_type=\"container\" data-e-type=\"container\">\n\t\t\t\t<div class=\"elementor-element elementor-element-iwgw-melqart-s0t elementor-widget elementor-widget-text-editor\" data-id=\"iwgw-melqart-s0t\" data-element_type=\"widget\" data-e-type=\"widget\" data-widget_type=\"text-editor.default\">\n\t\t\t\t\t\t\t\t\t<p>Melqart on foinikialaisen emokaupungin Tyroksen p\u00e4ajumala, ja h\u00e4nell\u00e4 on siten keskeinen asema V\u00e4limeren uskontohistoriassa.<\/p><p>Corinne Bonnet on esitt\u00e4nyt monografiassaan <em>Melqart<\/em> (1988) kattavimman tutkimuksen t\u00e4st\u00e4 jumalasta; h\u00e4n osoittaa, ett\u00e4 Melqart oli samanaikaisesti kaupunginjumala, kuninkaan suojelijajumala, sankarihahmo ja ktoninen, kuolleista her\u00e4\u00e4va jumala. <a href=\"https:\/\/iwell-guard.com\/fi\/foinikialaiset-ja-karthago-baal-tanit-ja-suojeluperinne\/\">Foinikialaisen perinteen<\/a> sis\u00e4ll\u00e4 h\u00e4n on tyroslaisen perinteen keskeinen miespuolinen p\u00e4ajumala.<\/p><p>H\u00e4nen <span class=\"iwg-fachbegriff\" data-tooltip=\"Jumaluuden tai pyh\u00e4n hahmon palvontaan liittyvien toimien kokonaisuus.\" tabindex=\"0\">kulttinsa<\/span> levisi tyroslaisten siirtokuntien mukana koko V\u00e4limeren alueelle. Gadesissa (nykyisin C\u00e1diz, Espanja) sijaitsi t\u00e4rkein Melqart-<span class=\"iwg-fachbegriff\" data-tooltip=\"Rakennus, joka on tarkoitettu yhden tai useamman jumaluuden palvontaan.\" tabindex=\"0\">temppeli<\/span> l\u00e4nnemp\u00e4n\u00e4 Tyroksesta itsest\u00e4\u00e4nkin; Karthagossakin h\u00e4n oli l\u00e4sn\u00e4. Maria Eugenia Aubet on dokumentoinut teoksessaan <em>The Phoenicians and the West<\/em> (2001) yksityiskohtaisesti t\u00e4m\u00e4n V\u00e4limeren laajan levinneisyyden.<\/p><p>Uskontohistoriallisesti Melqart edustaa kaupungin- ja kuninkaanjumalan tyyppia, joka aktualisoituu vuosittain keva\u00e4ll\u00e4 tapahtuvan &#8216;her\u00e4\u00e4misen&#8217; (<em>egersis<\/em>) my\u00f6t\u00e4. T\u00e4m\u00e4 her\u00e4\u00e4misjuhla on yksi Melqartin tunnusomaisista uskontohistoriallisista piirteist\u00e4, ja se erottaa h\u00e4net muista kaupunginjumaluuksista. Yhteys kreikkalaiseen Herakleeseen syntyi funktionaalisten yht\u00e4l\u00e4isyyksien ja intensiivisten kreikkalais-foinikialaisten kontaktien seurauksena 700-luvulta eaa. l\u00e4htien.<\/p><p>Melqartin huomionarvoinen erityispiirre on tiivis kytk\u00f6s tyroslaiseen kuningashuoneeseen: Tyroksen kuningas oli samalla Melqartin ylin pappi; vuosittaisen her\u00e4\u00e4misjuhlan toimitti kuningas itse. T\u00e4m\u00e4 poliittisen ja rituaalisen huipun yhtenev\u00e4isyys on uskontohistoriallisesti verrattavissa Egyptin faraoon tai Rooman <em>pontifex maximukseen<\/em>.<\/p><p>My\u00f6s <a href=\"https:\/\/iwell-guard.com\/fi\/hettilais-anatolialainen-tarhunna-jumalat-suojelu\/\">heettil\u00e4inen perinne<\/a> tunsi vastaavia kaupungin- ja kuninkaan suojelijajumalia; tarkka vertailu <a href=\"https:\/\/iwell-guard.com\/fi\/?page_id=144204\">Sarrumaan<\/a> antaa rakenneanalyyttisesti t\u00e4rkeit\u00e4 n\u00e4k\u00f6kulmia it\u00e4isen V\u00e4limeren my\u00f6h\u00e4ispronssikautiseen kuninkuusteologiaan.<\/p>\t\t\t\t\t\t\t\t<\/div>\n\t\t\t\t<\/div>\n\t\t\t\t\t<\/div>\n\t\t\t\t<\/div>\n\t\t<div class=\"elementor-element elementor-element-iwgw-melqart-s1 e-flex e-con-boxed e-con e-parent\" data-id=\"iwgw-melqart-s1\" data-element_type=\"container\" data-e-type=\"container\">\n\t\t\t\t\t<div class=\"e-con-inner\">\n\t\t\t\t<div class=\"elementor-element elementor-element-iwgw-melqart-s1h elementor-widget elementor-widget-heading\" data-id=\"iwgw-melqart-s1h\" data-element_type=\"widget\" data-e-type=\"widget\" data-widget_type=\"heading.default\">\n\t\t\t\t\t<h2 class=\"elementor-heading-title elementor-size-default\">Nimi ja etymologia<\/h2>\t\t\t\t<\/div>\n\t\t<div class=\"elementor-element elementor-element-iwgw-melqart-s1c e-con-full e-flex e-con e-child\" data-id=\"iwgw-melqart-s1c\" data-element_type=\"container\" data-e-type=\"container\">\n\t\t\t\t<div class=\"elementor-element elementor-element-iwgw-melqart-s1t elementor-widget elementor-widget-text-editor\" data-id=\"iwgw-melqart-s1t\" data-element_type=\"widget\" data-e-type=\"widget\" data-widget_type=\"text-editor.default\">\n\t\t\t\t\t\t\t\t\t<p>Nimi Melqart on yhdistelm\u00e4 sanoista <em>mlk<\/em> &#8216;kuningas&#8217; ja <em>qrt<\/em> &#8216;kaupunki&#8217;, siis kirjaimellisesti &#8216;kaupungin kuningas&#8217;. Kaupunki on Tyros, ja Melqart on &#8216;Tyroksen kuningas&#8217; jumalallisessa mieless\u00e4.<\/p><p>T\u00e4m\u00e4 etymologia on kiistaton ja selv\u00e4sti dokumentoitu inskriptioissa. Nuolenp\u00e4\u00e4kirjoituksissa h\u00e4n esiintyy nimell\u00e4 <em>Milqartu<\/em>, kreikkalaisissa l\u00e4hteiss\u00e4 nimill\u00e4 Melqart tai Melkart, hellenistisiss\u00e4 synkretismeiss\u00e4 nimell\u00e4 Herakles-Melqart.<\/p><p>Vaihtoehtoinen tulkinta n\u00e4kee sanassa <em>mlk<\/em> ei vain merkityksen &#8216;kuningas&#8217; maallisessa mieless\u00e4, vaan my\u00f6s &#8216;<span class=\"iwg-fachbegriff\" data-tooltip=\"Jumaluudelle annettu lahja kiitoksen, pyynn\u00f6n tai palvonnan ilmaisemiseksi.\" tabindex=\"0\">uhrin<\/span>&#8216; (molk-<span class=\"iwg-fachbegriff\" data-tooltip=\"Jumaluudelle annettu lahja kiitoksen, pyynn\u00f6n tai palvonnan ilmaisemiseksi.\" tabindex=\"0\">uhri<\/span>), sanan saman juuren kaksoismerkityksen foinikian kieless\u00e4. T\u00e4t\u00e4 tulkintaa kannatetaan tutkimuksessa kuitenkin v\u00e4hemm\u00e4n.<\/p><p>Kreikkalaisella puolella h\u00e4nen nimens\u00e4 esiintyy muodoissa &#8216;Herakles-Tyrios&#8217;, &#8216;Herakles&#8217; tai teoforisen nimenosan &#8216;Melikartos&#8217; muodossa. Identifikaatio Herakleeseen on kirjallisesti todistettu 400-luvulta eaa. l\u00e4htien (Herodotos 2.44). Kreikkalaisen mytologian Herakles-hahmossa on Melqartin piirteita, erityisesti myyteiss\u00e4 matkasta &#8216;l\u00e4nteen&#8217; ja Geryonin surmaamisesta.<\/p><p>Teoforinen henkil\u00f6nnimi Hamilkar oli yleinen Karthagossa; useat merkittav\u00e4t karthagolaiset sotap\u00e4\u00e4llik\u00f6t kantoivat sit\u00e4, mukaan lukien Hamilkar Barkas, Hannibalin isa. T\u00e4m\u00e4 nimiperinne todistaa Melqartin jatkuvasta merkityksest\u00e4 puunilaisen valtion poliittisessa el\u00e4m\u00e4ss\u00e4.<\/p>\t\t\t\t\t\t\t\t<\/div>\n\t\t\t\t<\/div>\n\t\t\t\t\t<\/div>\n\t\t\t\t<\/div>\n\t\t<div class=\"elementor-element elementor-element-iwgw-melqart-s2 e-flex e-con-boxed e-con e-parent\" data-id=\"iwgw-melqart-s2\" data-element_type=\"container\" data-e-type=\"container\">\n\t\t\t\t\t<div class=\"e-con-inner\">\n\t\t\t\t<div class=\"elementor-element elementor-element-iwgw-melqart-s2h elementor-widget elementor-widget-heading\" data-id=\"iwgw-melqart-s2h\" data-element_type=\"widget\" data-e-type=\"widget\" data-widget_type=\"heading.default\">\n\t\t\t\t\t<h2 class=\"elementor-heading-title elementor-size-default\">Kuvaus ja ikonografia<\/h2>\t\t\t\t<\/div>\n\t\t<div class=\"elementor-element elementor-element-iwgw-melqart-s2c e-con-full e-flex e-con e-child\" data-id=\"iwgw-melqart-s2c\" data-element_type=\"container\" data-e-type=\"container\">\n\t\t\t\t<div class=\"elementor-element elementor-element-iwgw-melqart-s2t elementor-widget elementor-widget-text-editor\" data-id=\"iwgw-melqart-s2t\" data-element_type=\"widget\" data-e-type=\"widget\" data-widget_type=\"text-editor.default\">\n\t\t\t\t\t\t\t\t\t<p>Melqart esiintyy foinikialaisessa kuvastossa yleens\u00e4 parrakkaana miehena lyhyess\u00e4 vy\u00f6t\u00e4isvaatteessa, kohotetulla taisteluvasaralla tai nuijalla, joskus jousen kanssa, usein leijonanahassa. T\u00e4m\u00e4 leijonanahaan liittyv\u00e4 kuvastoperinne on historiallisesti merkittava, koska se siirtyi suoraan kreikkalaiseen Herakles-perinteeseen leijonanahan ja nuijan kanssa.<\/p><p>Hellenistisen ajan Tyroksen kolikoissa Melqart-Herakles esiintyy usein nuijan ja leijonanahan kanssa; karthagolaisilla Tofetin steleilla h\u00e4n on toisinaan <a href=\"https:\/\/iwell-guard.com\/fi\/?page_id=144208\">Baal-Hammonin<\/a> vierell\u00e4. Yksi t\u00e4rke\u00e4 kuvastoperinne on &#8216;Melqart merihevosen selassa&#8217;, joka dokumentoi h\u00e4nen yhteytens\u00e4 merenkulkuun ja mereen.<\/p><p>H\u00e4nen pyh\u00e4 el\u00e4imens\u00e4 on leijona; muutamissa reliefeissa h\u00e4net kuvataan astelevana leijonan p\u00e4\u00e4ll\u00e4 tai leijonaa kuristamassa. My\u00f6s kotka esiintyy h\u00e4nen seurael\u00e4imenaan joissakin my\u00f6hemmissa kuvauksissa. Aphakide Bonnet on dokumentoinut yksityiskohtaisesti kuvastollisen monimuotoisuuden; h\u00e4n osoittaa, ett\u00e4 Melqart kehitti hieman erilaisia kuvaperinteita joka V\u00e4limeren kontekstissa.<\/p><p>Kuuluisassa Byblosin kuninkaan Yehawmilkin <span class=\"iwg-fachbegriff\" data-tooltip=\"Pystyss\u00e4 oleva, kirjoituksin tai kuvin varustettu kivi- tai puulaatta.\" tabindex=\"0\">stelassa<\/span> (400-luvulta eaa.) ei tosin esiinny Melqart itse, mutta siina n\u00e4kyy kuninkaallisen ja jumalallisen kohtaamisen kuvakaava, joka on tyypillinen foinikialaiselle kuninkaanjumalaperinteelle. T\u00e4m\u00e4 kuvastollinen k\u00e4yt\u00e4nt\u00f6 ulottuu Tyroksesta Byblosin kautta Karthagoon.<\/p>\t\t\t\t\t\t\t\t<\/div>\n\t\t\t\t<\/div>\n\t\t\t\t\t<\/div>\n\t\t\t\t<\/div>\n\t\t<div class=\"elementor-element elementor-element-iwgw-melqart-s3 e-flex e-con-boxed e-con e-parent\" data-id=\"iwgw-melqart-s3\" data-element_type=\"container\" data-e-type=\"container\">\n\t\t\t\t\t<div class=\"e-con-inner\">\n\t\t\t\t<div class=\"elementor-element elementor-element-iwgw-melqart-s3h elementor-widget elementor-widget-heading\" data-id=\"iwgw-melqart-s3h\" data-element_type=\"widget\" data-e-type=\"widget\" data-widget_type=\"heading.default\">\n\t\t\t\t\t<h2 class=\"elementor-heading-title elementor-size-default\">Myyttiset kertomukset<\/h2>\t\t\t\t<\/div>\n\t\t<div class=\"elementor-element elementor-element-iwgw-melqart-s3c e-con-full e-flex e-con e-child\" data-id=\"iwgw-melqart-s3c\" data-element_type=\"container\" data-e-type=\"container\">\n\t\t\t\t<div class=\"elementor-element elementor-element-iwgw-melqart-s3t elementor-widget elementor-widget-text-editor\" data-id=\"iwgw-melqart-s3t\" data-element_type=\"widget\" data-e-type=\"widget\" data-widget_type=\"text-editor.default\">\n\t\t\t\t\t\t\t\t\t<p>Foinikialaiset Melqart-myytit ovat s\u00e4ilyneet vain fragmentaarisina. Eusebios Kesarealainen lainaa kertomusta Filon Byblokselaisen teoksesta (Praeparatio Evangelica 1.10), jossa Melqart esitet\u00e4\u00e4n sankarina ja her\u00e4tt\u00e4j\u00e4n\u00e4. Antiikin l\u00e4hteiden mukaan Melqart her\u00e4\u00e4 vuosittain her\u00e4tysjuhlassa (<em>egersis<\/em>), ja h\u00e4n kuuluu n\u00e4in vuosittain kuolevien ja uudelleen her\u00e4\u00e4v\u00e4in kasvillisuus- ja kaupunkijumalien perinteeseen.<\/p><p>Yksi t\u00e4rke\u00e4 kertomus yhdist\u00e4\u00e4 Melqartin itse Tyroksen perustamiseen: h\u00e4nen kerrotaan lujittaneen kelluvat kalliot, joille Tyros rakennettiin, lintu-uhrilla. Toinen kertomus yhdist\u00e4\u00e4 h\u00e4net purppuranv\u00e4rj\u00e4yksen keksimiseen, foinikialaisten talouden avainelinkeinoon: Melqartin koira olisi vahingossa purrut purppurasimpukan ja siten l\u00f6yt\u00e4nyt purppuranv\u00e4rin.<\/p><p>Kreikkalaisessa tulkinnassa Herakles-Melqartina h\u00e4n perii Herakleen <span class=\"iwg-fachbegriff\" data-tooltip=\"Kulttuurin perinn\u00e4isten jumalkertomusten kokonaisuus.\" tabindex=\"0\">mytologian<\/span> kertomukset, ennen kaikkea Geryon-jakson, jossa Herakles ry\u00f6st\u00e4\u00e4 l\u00e4nsimeren alueella (my\u00f6hemm\u00e4n Gadesin paikalla) karjaa kolmip\u00e4iselt\u00e4 j\u00e4ttil\u00e4iselt\u00e4 Geryonilta. T\u00e4m\u00e4 yhteys on uskontohistoriallisesti valaiseva, sill\u00e4 Gades oli todellisuudessa foinikialainen perustamiskaupunki ja Melqartin t\u00e4rkein l\u00e4nsimainen <span class=\"iwg-fachbegriff\" data-tooltip=\"Jumaluuden palvonnalle omistettu pyh\u00e4 paikka.\" tabindex=\"0\">pyh\u00e4kk\u00f6<\/span>.<\/p><p>T\u00e4rke\u00e4 pseudepigrafia on &#8216;Sanchunjaton&#8217; (Sankuniathon), v\u00e4itetty foinikialainen pappi, jonka teoksen kerrotaan s\u00e4ilyneen Filon Byblokselaisen v\u00e4lityksell\u00e4. Albert Baumgartenin kriittinen editio osoittaa, ett\u00e4 materiaali on suurelta osin my\u00f6h\u00e4ishellenistist\u00e4 keksint\u00f6\u00e4, mutta sis\u00e4lt\u00e4\u00e4 kuitenkin aitoja j\u00e4\u00e4nteit\u00e4 foinikialaisesta mytologisesta perinteest\u00e4, erityisesti Melqartin ja jumalten sukupolvikertomusten osalta.<\/p>\t\t\t\t\t\t\t\t<\/div>\n\t\t\t\t<\/div>\n\t\t\t\t\t<\/div>\n\t\t\t\t<\/div>\n\t\t<div class=\"elementor-element elementor-element-iwgw-melqart-s4 e-flex e-con-boxed e-con e-parent\" data-id=\"iwgw-melqart-s4\" data-element_type=\"container\" data-e-type=\"container\">\n\t\t\t\t\t<div class=\"e-con-inner\">\n\t\t\t\t<div class=\"elementor-element elementor-element-iwgw-melqart-s4h elementor-widget elementor-widget-heading\" data-id=\"iwgw-melqart-s4h\" data-element_type=\"widget\" data-e-type=\"widget\" data-widget_type=\"heading.default\">\n\t\t\t\t\t<h2 class=\"elementor-heading-title elementor-size-default\">Kultti ja palvonta<\/h2>\t\t\t\t<\/div>\n\t\t<div class=\"elementor-element elementor-element-iwgw-melqart-s4c e-con-full e-flex e-con e-child\" data-id=\"iwgw-melqart-s4c\" data-element_type=\"container\" data-e-type=\"container\">\n\t\t\t\t<div class=\"elementor-element elementor-element-iwgw-melqart-s4t elementor-widget elementor-widget-text-editor\" data-id=\"iwgw-melqart-s4t\" data-element_type=\"widget\" data-e-type=\"widget\" data-widget_type=\"text-editor.default\">\n\t\t\t\t\t\t\t\t\t<p>Melqartin p\u00e4\u00e4kultti oli Tyroksessa, kaupungin vanhimmassa ja komeimmassa <span class=\"iwg-fachbegriff\" data-tooltip=\"Rakennus, joka on tarkoitettu yhden tai useamman jumaluuden palvontaan.\" tabindex=\"0\">temppeliss\u00e4<\/span>. Herodotos kuvaa t\u00e4t\u00e4 <span class=\"iwg-fachbegriff\" data-tooltip=\"Rakennus, joka on tarkoitettu yhden tai useamman jumaluuden palvontaan.\" tabindex=\"0\">temppeli\u00e4<\/span> yksityiskohtaisesti (2.44) ja mainitsee kaksi pylv\u00e4st\u00e4, yhden kultaa ja toisen smaragdia, jotka hohtivat y\u00f6ll\u00e4, todenn\u00e4k\u00f6isesti kuuluisa &#8216;s\u00eew\u00e2n&#8217;-ilmi\u00f6 fosforoivista mineraaleista.<\/p><p>Hiram I Tyroksesta (900-luku eaa.) yhdistet\u00e4\u00e4n l\u00e4heisesti Melqart-<span class=\"iwg-fachbegriff\" data-tooltip=\"Rakennus, joka on tarkoitettu yhden tai useamman jumaluuden palvontaan.\" tabindex=\"0\">temppeliin<\/span>; Josephuksen mukaan h\u00e4n rakensi sen kullasta ja pronssista.<\/p><p>Vuosittainen her\u00e4tysjuhla oli kultin huipentuma; &#8216;her\u00e4tt\u00e4j\u00e4&#8217; (<em>mqm-\u02belm<\/em>, &#8216;se, joka pystytt\u00e4\u00e4 jumalan&#8217;) johti <span class=\"iwg-fachbegriff\" data-tooltip=\"S\u00e4\u00e4delty symbolisten tekojen sarja, jolla on uskonnollinen tai kulttuurinen merkitys.\" tabindex=\"0\">rituaalin<\/span>. Tyroksen kuningas oli keskeinen rituaalihenkil\u00f6. Vastaavia her\u00e4tysjuhlia on todistettu Karthagossa ja Gadesissa; ne yhdist\u00e4v\u00e4t Melqartin historiallisesti Tammuz\/Dumuziin ja Adonikseen.<\/p><p>Karthagossa Melqart oli my\u00f6s l\u00e4sn\u00e4; vuosittainen vero Tyroksen Melqart-<span class=\"iwg-fachbegriff\" data-tooltip=\"Rakennus, joka on tarkoitettu yhden tai useamman jumaluuden palvontaan.\" tabindex=\"0\">temppelille<\/span> maksettiin Karthagon puolesta viel\u00e4 my\u00f6h\u00e4isen tasavallan aikana, mik\u00e4 on osoitus emokaupungin ja siirtokunnan l\u00e4heisest\u00e4 yhteydest\u00e4.<\/p><p>Gadesissa Melqartin <span class=\"iwg-fachbegriff\" data-tooltip=\"Rakennus, joka on tarkoitettu yhden tai useamman jumaluuden palvontaan.\" tabindex=\"0\">temppeli<\/span> sijaitsi pienell\u00e4 saarella; Polybios, Strabon ja Silius Italicus ovat kuvanneet sit\u00e4. Roomalaisen valtauksen j\u00e4lkeenkin Gades-Melqart pysyi aktiivisena Herkules-<span class=\"iwg-fachbegriff\" data-tooltip=\"Jumaluuden palvonnalle omistettu pyh\u00e4 paikka.\" tabindex=\"0\">pyh\u00e4kk\u00f6n\u00e4<\/span>, ja sit\u00e4 k\u00e4viv\u00e4t Hannibal, Caesar ja Hadrianus.<\/p><p>Melqart-temppelin arkeologista tutkimusta Tyroksessa vaikeuttaa nykyaikainen rakennuskanta; Gadesissa sen sijaan pyh\u00e4k\u00f6n j\u00e4\u00e4nteet ovat paremmin tutkittavissa nykyisell\u00e4 Sancti Petrin saarella. Antonio S\u00e1ez Romeron johtamat k\u00e4ynniss\u00e4 olevat vedenalaiset kaivaukset ovat tuottaneet viime vuosina t\u00e4rkeit\u00e4 uusia l\u00f6yd\u00f6ksi\u00e4.<\/p>\t\t\t\t\t\t\t\t<\/div>\n\t\t\t\t<\/div>\n\t\t\t\t\t<\/div>\n\t\t\t\t<\/div>\n\t\t<div class=\"elementor-element elementor-element-iwgw-melqart-s5 e-flex e-con-boxed e-con e-parent\" data-id=\"iwgw-melqart-s5\" data-element_type=\"container\" data-e-type=\"container\">\n\t\t\t\t\t<div class=\"e-con-inner\">\n\t\t\t\t<div class=\"elementor-element elementor-element-iwgw-melqart-s5h elementor-widget elementor-widget-heading\" data-id=\"iwgw-melqart-s5h\" data-element_type=\"widget\" data-e-type=\"widget\" data-widget_type=\"heading.default\">\n\t\t\t\t\t<h2 class=\"elementor-heading-title elementor-size-default\">Suojeluk\u00e4yt\u00e4nt\u00f6 ja apotropaiset piirteet<\/h2>\t\t\t\t<\/div>\n\t\t<div class=\"elementor-element elementor-element-iwgw-melqart-s5c e-con-full e-flex e-con e-child\" data-id=\"iwgw-melqart-s5c\" data-element_type=\"container\" data-e-type=\"container\">\n\t\t\t\t<div class=\"elementor-element elementor-element-iwgw-melqart-s5t elementor-widget elementor-widget-text-editor\" data-id=\"iwgw-melqart-s5t\" data-element_type=\"widget\" data-e-type=\"widget\" data-widget_type=\"text-editor.default\">\n\t\t\t\t\t\t\t\t\t<p>Melqart oli kuninkaan huoneen, kaupungin ja merenkulun suojelijajumala. Tyroksen kuninkaan sineteiss\u00e4 h\u00e4n esiintyy suojelijana; foinikialaisissa henkil\u00f6nnimiss\u00e4 h\u00e4nen teofoorinen nimens\u00e4 on yleinen (Hamilkar = &#8216;Melqartin palvelija&#8217;, Bomilkar = &#8216;Melqartin k\u00e4den kautta&#8217;). Melqart-aineksen sis\u00e4lt\u00e4vien teofoorisisten nimien yleisyys on merkki voimakkaasta yksityisest\u00e4 hartaudesta.<\/p><p><span class=\"iwg-fachbegriff\" data-tooltip=\"Pahaa torjuva: merkeist\u00e4 ja esineist\u00e4, joiden tarkoitus on pit\u00e4\u00e4 haitalliset vaikutukset loitolla.\" tabindex=\"0\">Apotrooppisina<\/span> kannettiin Melqart-skarabeuksia ja pieni\u00e4 pronssifiguureja, tai niit\u00e4 asetettiin kotiin. Kuuluisa &#8216;Melqart-<span class=\"iwg-fachbegriff\" data-tooltip=\"Pystyss\u00e4 oleva, kirjoituksin tai kuvin varustettu kivi- tai puulaatta.\" tabindex=\"0\">stele<\/span>&#8216;, joka l\u00f6ytyi Bredschist\u00e4 (Bredja) Pohjois-Syyriasta ja on aramealaisen kuningas Bar-Hadadin kirjoitettu uhrilahja Melqartille, on yksi t\u00e4rkeimmist\u00e4 Melqart-kultin epigrafisista todisteista Tyroksen ulkopuolella.<\/p><p data-nosnippet=\"true\">Merenkulun hartaudessa Melqart oli ylin suojaava voima; foinikialaiset kapteenit ja siirtokuntalaiset toivat h\u00e4nelle uhrilahjoja l\u00e4htiess\u00e4\u00e4n matkaan ja saapuessaan perille. T\u00e4m\u00e4 matkahartaus on t\u00e4rke\u00e4 uskontohistoriallinen piirre foinikialaisesta liikkuvuudesta. iWell Guard mainitsee Melqartin historiallis-historiallisena hahmona, jolla ei ole yhteytt\u00e4 nykyaikaisiin parantumislupauksiin.<\/p><p>Karthagon 400- ja 300-luvun temppeleiss\u00e4 Melqart esiintyy toisena tai kolmantena jumalana <a href=\"https:\/\/iwell-guard.com\/fi\/?page_id=144208\">Baal-Hammonin<\/a> ja <a href=\"https:\/\/iwell-guard.com\/fi\/?page_id=144206\">Tanitin<\/a> j\u00e4lkeen. Foinikialaisen emokaupungin jumalkolmikko (Baal-\u0160amem, Astarte, Melqart) muotoiltiin Karthagossa uudelleen, kuitenkaan Melqartia t\u00e4ysin syrj\u00e4ytt\u00e4m\u00e4tt\u00e4.<\/p>\t\t\t\t\t\t\t\t<\/div>\n\t\t\t\t<\/div>\n\t\t\t\t\t<\/div>\n\t\t\t\t<\/div>\n\t\t<div class=\"elementor-element elementor-element-iwgw-melqart-s6 e-flex e-con-boxed e-con e-parent\" data-id=\"iwgw-melqart-s6\" data-element_type=\"container\" data-e-type=\"container\">\n\t\t\t\t\t<div class=\"e-con-inner\">\n\t\t\t\t<div class=\"elementor-element elementor-element-iwgw-melqart-s6h elementor-widget elementor-widget-heading\" data-id=\"iwgw-melqart-s6h\" data-element_type=\"widget\" data-e-type=\"widget\" data-widget_type=\"heading.default\">\n\t\t\t\t\t<h2 class=\"elementor-heading-title elementor-size-default\">Rinnakkaisilmi\u00f6t muissa kulttuureissa<\/h2>\t\t\t\t<\/div>\n\t\t<div class=\"elementor-element elementor-element-iwgw-melqart-s6c e-con-full e-flex e-con e-child\" data-id=\"iwgw-melqart-s6c\" data-element_type=\"container\" data-e-type=\"container\">\n\t\t\t\t<div class=\"elementor-element elementor-element-iwgw-melqart-s6t elementor-widget elementor-widget-text-editor\" data-id=\"iwgw-melqart-s6t\" data-element_type=\"widget\" data-e-type=\"widget\" data-widget_type=\"text-editor.default\">\n\t\t\t\t\t\t\t\t\t<p>Uskontohistoriallisesti t\u00e4rkein rinnastus on kreikkalaiseen Herakles-samastukseen. Walter Burkert on teoksessaan <em>Die orientalisierende Epoche<\/em> (1984) ja useissa my\u00f6hemmiss\u00e4 tutkimuksissaan osoittanut, ett\u00e4 kreikkalainen Herakles-hahmo on saanut vahvoja vaikutteita foinikialaisesta Melqartista, erityisesti Geryon-jaksossa ja niin kutsutuissa &#8216;Herakleen pylv\u00e4iss\u00e4&#8217; (Gibraltarin salmi), jotka alun perin olivat &#8216;Melqartin pylv\u00e4it\u00e4&#8217;.<\/p><p>Mesopotamialaisen Gilgame\u0161in kanssa Melqart jakaa kuolevaisen ja kuolemattoman sankarin <span class=\"iwg-fachbegriff\" data-tooltip=\"Toistuva sis\u00e4ll\u00f6llinen elementti taiteessa tai kertomuksessa.\" tabindex=\"0\">motiivin<\/span>, jolla on kuninkaallinen teht\u00e4v\u00e4. Karthagossa h\u00e4nen perinteest\u00e4\u00e4n ei kehittynyt itsen\u00e4ist\u00e4 p\u00e4\u00e4hahmoa, koska karthagolainen uskonto muodosti omat jumalhierarkiansa <a href=\"https:\/\/iwell-guard.com\/fi\/?page_id=144208\">Baal-Hammonin<\/a> ja <a href=\"https:\/\/iwell-guard.com\/fi\/?page_id=144206\">Tanitin<\/a> kautta; Melqart pysyi kuitenkin aina l\u00e4sn\u00e4.<\/p><p>Historiallisesti Melqart on esikuvallinen foinikialainen kaupunki- ja kuninkaanjumala. <a href=\"https:\/\/iwell-guard.com\/fi\/hettilais-anatolialainen-tarhunna-jumalat-suojelu\/\">Heettil\u00e4isen perinteen<\/a> <a href=\"https:\/\/iwell-guard.com\/fi\/?page_id=144204\">Sarrumaan<\/a> kanssa h\u00e4n jakaa henkil\u00f6kohtaisen kuninkaan suojelijajumalan teht\u00e4v\u00e4n; mesopotamialaisen Mardukin kanssa h\u00e4n jakaa her\u00e4tetyn kaupunkijumalan teht\u00e4v\u00e4n kausittaisen tappion j\u00e4lkeen. Hellenistisess\u00e4 <span class=\"iwg-fachbegriff\" data-tooltip=\"Eri uskonnollisten perinteiden k\u00e4sitysten tai jumaluuksien sulautuminen.\" tabindex=\"0\">synkretismiss\u00e4<\/span> h\u00e4nest\u00e4 tulee esikuvallinen &#8216;k\u00e4\u00e4nn\u00f6s<span class=\"iwg-fachbegriff\" data-tooltip=\"Uskonnon sis\u00e4ll\u00e4 jumalallisena palvottu olento.\" tabindex=\"0\">jumaluus<\/span>&#8216; foinikialaisen ja kreikkalaisen uskonnon v\u00e4lill\u00e4.<\/p><p>L\u00e4nsi-V\u00e4limerell\u00e4 Melqart on l\u00e4sn\u00e4 kreikkalaisella nimell\u00e4 Herakles lukemattomissa kirjoituksissa ja rahoissa; &#8216;Melqartin&#8217; ja &#8216;Herakleen&#8217; v\u00e4liset rajat ovat hellenistisess\u00e4 kielenk\u00e4yt\u00f6ss\u00e4 usein liukuvia. Karthagossa t\u00e4t\u00e4 kaksoisnime\u00e4mist\u00e4 k\u00e4ytettiin poliittisesti hyv\u00e4ksi, kun haluttiin avata foinikialainen uskonto kreikkalaisille liittolaisille.<\/p>\t\t\t\t\t\t\t\t<\/div>\n\t\t\t\t<\/div>\n\t\t\t\t\t<\/div>\n\t\t\t\t<\/div>\n\t\t<div class=\"elementor-element elementor-element-iwgw-melqart-s7 e-flex e-con-boxed e-con e-parent\" data-id=\"iwgw-melqart-s7\" data-element_type=\"container\" data-e-type=\"container\">\n\t\t\t\t\t<div class=\"e-con-inner\">\n\t\t\t\t<div class=\"elementor-element elementor-element-iwgw-melqart-s7h elementor-widget elementor-widget-heading\" data-id=\"iwgw-melqart-s7h\" data-element_type=\"widget\" data-e-type=\"widget\" data-widget_type=\"heading.default\">\n\t\t\t\t\t<h2 class=\"elementor-heading-title elementor-size-default\">Nykyinen tulkinta ja tutkimus<\/h2>\t\t\t\t<\/div>\n\t\t<div class=\"elementor-element elementor-element-iwgw-melqart-s7c e-con-full e-flex e-con e-child\" data-id=\"iwgw-melqart-s7c\" data-element_type=\"container\" data-e-type=\"container\">\n\t\t\t\t<div class=\"elementor-element elementor-element-iwgw-melqart-s7t elementor-widget elementor-widget-text-editor\" data-id=\"iwgw-melqart-s7t\" data-element_type=\"widget\" data-e-type=\"widget\" data-widget_type=\"text-editor.default\">\n\t\t\t\t\t\t\t\t\t<p>Melqart-tutkimus on nyky\u00e4\u00e4n korkealla tasolla. Corinne Bonnetin monografia <em>Melqart<\/em> (1988) ja h\u00e4nen my\u00f6hemm\u00e4t tutkimuksensa ovat vakiintuneita perusteoksia; Maria Eugenia Aubet, Sabatino Moscati ja H\u00e9l\u00e8ne Sader ovat tuoneet t\u00e4rkeit\u00e4 lisi\u00e4 arkeologiseen puoleen. Kirjoitukset ovat saatavilla Charles Krahmalkovin ja Wolfgang R\u00f6lligin editioissa.<\/p><p>Yleisess\u00e4 tunnettuudessa Melqart tunnetaan ennen kaikkea Herakles-identifikaationsa ja Tartessos-tarujen kautta (yhdistettyn\u00e4 Karambolo-aarteeseen, &#8216;Hesperidien kultaomenaan&#8217;). Nykyisess\u00e4 Libanonissa Tyros on 1990-luvulta l\u00e4htien arkeologisten kohteidensa j\u00e4lleenrakennuksen my\u00f6t\u00e4 palauttanut Melqartin kulttuurisena <span class=\"iwg-fachbegriff\" data-tooltip=\"Ein Zeichen, das stellvertretend f\u00fcr eine Vorstellung oder Bedeutung steht.\" tabindex=\"0\">symbolina<\/span>.<\/p><p>Tieteellisesti Melqart on nyky\u00e4\u00e4n keskeinen tutkimuskohde foinikialaisen uskonnon, kaupunkijumalan <span class=\"iwg-fachbegriff\" data-tooltip=\"Die wissenschaftliche Lehre von Gott und vom Glauben einer Religion.\" tabindex=\"0\">teologian<\/span> ja V\u00e4limeren uskonnollisen dynamiikan kannalta. Tutkimuksen nykyiset painopisteet ovat paikallisten Melqart-hypostaasien erottelu, ikonografinen siirtyminen kreikkalaiseen Herakles-perinteeseen ja Gadesin pyh\u00e4k\u00f6n arkeologinen tutkimus. iWell Guard merkitsee Melqartin historialliseksi <span class=\"iwg-fachbegriff\" data-tooltip=\"Die Gesamtheit der G\u00f6tter einer Religion oder Kultur.\" tabindex=\"0\">panteonin<\/span> j\u00e4seneksi.<\/p><p>My\u00f6s Tyroksen ja Karthagon hellenistiset kolikot kuvaavat Melqartia, usein nuijan, jousen tai laivan kokan kanssa. T\u00e4m\u00e4 kolikkotaide on t\u00e4rke\u00e4 l\u00e4hde Melqartin ikonografiselle historialle.<\/p><p>Josephine Quinnin ja Brian Doakin viimeaikaiset tutkimukset ovat tarkastelleet uudelleen Melqartin roolia puunilaisen identiteetin rakentumisessa ja roomalais-foinikialaisessa kontaktivy\u00f6hykkeess\u00e4.<\/p>\t\t\t\t\t\t\t\t<\/div>\n\t\t\t\t<\/div>\n\t\t\t\t\t<\/div>\n\t\t\t\t<\/div>\n\t\t<div class=\"elementor-element elementor-element-iwgw-melqart-s8 e-flex e-con-boxed e-con e-parent\" data-id=\"iwgw-melqart-s8\" data-element_type=\"container\" data-e-type=\"container\">\n\t\t\t\t\t<div class=\"e-con-inner\">\n\t\t\t\t<div class=\"elementor-element elementor-element-iwgw-melqart-s8h elementor-widget elementor-widget-heading\" data-id=\"iwgw-melqart-s8h\" data-element_type=\"widget\" data-e-type=\"widget\" data-widget_type=\"heading.default\">\n\t\t\t\t\t<h2 class=\"elementor-heading-title elementor-size-default\">Kirjallisuus ja l\u00e4hteet<\/h2>\t\t\t\t<\/div>\n\t\t<div class=\"elementor-element elementor-element-iwgw-melqart-s8c e-con-full e-flex e-con e-child\" data-id=\"iwgw-melqart-s8c\" data-element_type=\"container\" data-e-type=\"container\">\n\t\t\t\t<div class=\"elementor-element elementor-element-iwgw-melqart-s8t elementor-widget elementor-widget-text-editor\" data-id=\"iwgw-melqart-s8t\" data-element_type=\"widget\" data-e-type=\"widget\" data-widget_type=\"text-editor.default\">\n\t\t\t\t\t\t\t\t\t<p>Seuraava valikoima kattaa Melqart-tutkimuksen t\u00e4rkeimm\u00e4t perusteokset. Se koostaa monografioita, kirjoituseditioita ja uskontohistoriallisia synteesej\u00e4. Corinne Bonnetin <em>Melqart<\/em> on ensimm\u00e4inen johdanto; Burkert k\u00e4sittelee kreikkalaista linjaa; Aubet V\u00e4limeren levinneisyytt\u00e4; Krahmalkov kielihistoriallista aineistoa. H\u00e9l\u00e8ne Saderin uusin monografia tarjoaa arkeologisen synteesin.<\/p>\t\t\t\t\t\t\t\t<\/div>\n\t\t\t\t<\/div>\n\t\t\t\t\t<\/div>\n\t\t\t\t<\/div>\n\t\t<div class=\"elementor-element elementor-element-cp2ff50c6c e-flex e-con-boxed e-con e-parent\" data-id=\"cp2ff50c6c\" data-element_type=\"container\" data-e-type=\"container\">\n\t\t\t\t\t<div class=\"e-con-inner\">\n\t\t\t\t<div class=\"elementor-element elementor-element-cp202ddb76 elementor-widget elementor-widget-heading\" data-id=\"cp202ddb76\" data-element_type=\"widget\" data-e-type=\"widget\" data-widget_type=\"heading.default\">\n\t\t\t\t\t<h2 class=\"elementor-heading-title elementor-size-default\">Egersis, Melqartin her\u00e4tt\u00e4misjuhla<\/h2>\t\t\t\t<\/div>\n\t\t<div class=\"elementor-element elementor-element-cp2683cd7c e-flex e-con-boxed e-con e-child\" data-id=\"cp2683cd7c\" data-element_type=\"container\" data-e-type=\"container\">\n\t\t\t\t\t<div class=\"e-con-inner\">\n\t\t\t\t<div class=\"elementor-element elementor-element-cp27bc6d8a elementor-widget elementor-widget-text-editor\" data-id=\"cp27bc6d8a\" data-element_type=\"widget\" data-e-type=\"widget\" data-widget_type=\"text-editor.default\">\n\t\t\t\t\t\t\t\t\t<p>Tyroksen Melqart-kultin erikoisuus oli vuosittainen juhla, jota kreikkalaiset l\u00e4hteet nimitt\u00e4v\u00e4t termill\u00e4 <em>egersis<\/em>, jumalan her\u00e4tt\u00e4minen tai yl\u00f6snousemus. Termi viittaa siihen, ett\u00e4 juhlan taustalla oli ajatus, jonka mukaan Melqart kuolee ja palaa el\u00e4m\u00e4\u00e4n.<\/p><p>N\u00e4in Melqart kuuluu muinaisen L\u00e4hi-id\u00e4n jumaluuksien joukkoon, joiden <span class=\"iwg-fachbegriff\" data-tooltip=\"Die Gesamtheit der religi\u00f6sen Verehrungshandlungen f\u00fcr eine Gottheit oder heilige Gestalt.\" tabindex=\"0\">kulttiin<\/span> liittyi kuoleman ja paluun kiertokulku, verrattavissa Adonikseen tai mesopotamialaiseen Dumuziin.<\/p><p>Egersiksen tarkat riitit tunnetaan vain hajanaisesti. <span class=\"iwg-fachbegriff\" data-tooltip=\"Epoche der griechischen und r\u00f6mischen Kultur, etwa 800 v. Chr. bis 600 n. Chr.\" tabindex=\"0\">Antiikin<\/span> kirjoittajat mainitsevat jumalan kuvan tai hahmon polttamisen ja puhuvat henkil\u00f6st\u00e4, joka kantoi jumalan her\u00e4tt\u00e4j\u00e4n arvonime\u00e4.<\/p><p>Juhla liittyi todenn\u00e4k\u00f6isesti kev\u00e4\u00e4n ajankohtaan ja siten luonnon her\u00e4\u00e4seen, mutta l\u00e4hteet eiv\u00e4t mahdollista varmaa rekonstruktiota. T\u00e4rke\u00e4 <span class=\"iwg-fachbegriff\" data-tooltip=\"Ein in einen festen Tr\u00e4ger eingeritzter oder gemei\u00dfelter Text.\" tabindex=\"0\">kirjoitus<\/span> kyproslaisesta Kitionista mainitsee kultillisena virkana <em>mqm \u02belm<\/em>:n, jumalan her\u00e4tt\u00e4j\u00e4n, mik\u00e4 ep\u00e4suorasti vahvistaa t\u00e4llaisen juhlan olemassaolon.<\/p><p>Historiallisesti egersis on merkitt\u00e4v\u00e4, koska se erottaa Melqartin puhtaasta kaupunki- ja kuninkaanjumalasta ja antaa h\u00e4nelle pelastushistoriallisen, kiertokulkuisen luonteen. Corinne Bonnet on monografiassaan Melqartista kriittisesti tarkastellut egersiksest\u00e4 k\u00e4ytett\u00e4viss\u00e4 olevaa aineistoa ja varoittanut liian nopeasta sijoittamisesta vanhempaan kuolevien ja yl\u00f6snousevien jumalien kaavaan.<\/p><p>Tutkimuksessa vallitsee yksimielisyys siit\u00e4, ett\u00e4 juhla oli olemassa, mutta ei sen t\u00e4sm\u00e4llisest\u00e4 muodosta. Se pysyy yhten\u00e4 foinikialaisen juhlakalenterin kiivaimmin keskustelluista osista.<\/p>\t\t\t\t\t\t\t\t<\/div>\n\t\t\t\t\t<\/div>\n\t\t\t\t<\/div>\n\t\t\t\t\t<\/div>\n\t\t\t\t<\/div>\n\t\t<div class=\"elementor-element elementor-element-cp25186adb e-flex e-con-boxed e-con e-parent\" data-id=\"cp25186adb\" data-element_type=\"container\" data-e-type=\"container\">\n\t\t\t\t\t<div class=\"e-con-inner\">\n\t\t\t\t<div class=\"elementor-element elementor-element-cp2e3a4f25 elementor-widget elementor-widget-heading\" data-id=\"cp2e3a4f25\" data-element_type=\"widget\" data-e-type=\"widget\" data-widget_type=\"heading.default\">\n\t\t\t\t\t<h2 class=\"elementor-heading-title elementor-size-default\">Melqart ja Herakles, kaksoisidentiteetti<\/h2>\t\t\t\t<\/div>\n\t\t<div class=\"elementor-element elementor-element-cp226fa5a4 e-flex e-con-boxed e-con e-child\" data-id=\"cp226fa5a4\" data-element_type=\"container\" data-e-type=\"container\">\n\t\t\t\t\t<div class=\"e-con-inner\">\n\t\t\t\t<div class=\"elementor-element elementor-element-cp243726bf elementor-widget elementor-widget-text-editor\" data-id=\"cp243726bf\" data-element_type=\"widget\" data-e-type=\"widget\" data-widget_type=\"text-editor.default\">\n\t\t\t\t\t\t\t\t\t<p>Kreikkalaiset rinnastivat Melqartin jatkuvasti sankariinsa Herakleeseen. T\u00e4m\u00e4 samastus oli niin vakiintunut, ett\u00e4 Melqartin kuuluisa <span class=\"iwg-fachbegriff\" data-tooltip=\"Jumaluuden palvonnalle omistettu pyh\u00e4 paikka.\" tabindex=\"0\">pyh\u00e4kk\u00f6<\/span> Gadirissa, nykyisess\u00e4 C\u00e1dizissa Espanjan Atlantin rannikolla, esiintyy antiikin l\u00e4hteiss\u00e4 Herakleen temppelin\u00e4.<\/p><p>Herakleen pylv\u00e4\u00e4t, Gibraltarinsalmi, on nimetty t\u00e4m\u00e4n yhteyden mukaan; alun perin niiden nimi lienee ollut Melqartin pylv\u00e4\u00e4t.<\/p><p>Samastuksen syyt l\u00f6ytyv\u00e4t kummankin hahmon yhteisist\u00e4 piirteist\u00e4. Molemmat ovat sankareita, jotka tekev\u00e4t pitki\u00e4 matkoja, saapuvat tunnetun maailman rajoille ja levitt\u00e4v\u00e4t kulttuuria ja j\u00e4rjestyst\u00e4.<\/p><p>Melqartia pidettiin tyroslaisen siirtokuntapolitiikan suojelijana; miss\u00e4 ikin\u00e4 Tyros perusti tyt\u00e4rkaupungin, Karthagosta Gadiriin, h\u00e4nelle rakennettiin <span class=\"iwg-fachbegriff\" data-tooltip=\"Jumaluuden palvonnalle omistettu pyh\u00e4 paikka.\" tabindex=\"0\">pyh\u00e4kk\u00f6<\/span>. Herakles vastaavasti vaeltaa kreikkalaisessa <span class=\"iwg-fachbegriff\" data-tooltip=\"Perinteinen kertomus, jolla on usein historiallinen ydin ja ihmeellisi\u00e4 piirteit\u00e4.\" tabindex=\"0\">tarustossa<\/span> l\u00e4pi koko V\u00e4limeren alueen. Molempiin liittyy kuolema ja sen voittaminen: Melqartilla egersis-rituaalin kautta, Herakleella p\u00e4\u00e4syn\u00e4 jumalten joukkoon roviotulen j\u00e4lkeen.<\/p><p>Tutkimus puhuu samastuksesta, joka vaikutti molempiin suuntiin. Osa kreikkalaisen Herakleen piirteist\u00e4, erityisesti roviotapahtuma, on saattanut saada vaikutteita foinikialaisesta Melqartista. Toisaalta Melqart esiintyy kaksikielisiss\u00e4 kirjoituksissa, kuten kuuluisassa foinikialais-kreikkalaisessa Maltan bilinguassa, suoraan samastettuna Herakleeseen.<\/p><p>T\u00e4m\u00e4 maltalainen <span class=\"iwg-fachbegriff\" data-tooltip=\"Kiinte\u00e4\u00e4n alustaan kaiverrettu tai veistetty teksti.\" tabindex=\"0\">kirjoitus<\/span> oli muuten 1700-luvulla yksi avaimista foinikialaisen kirjoituksen tulkitsemiseen. Melqart-Herakleen kaksoisidentiteetti on siten esimerkillinen tapaus siit\u00e4, miten kaksi kulttuuria tunnisti <span class=\"iwg-fachbegriff\" data-tooltip=\"Uskonnossa jumalallisena palvottu olento.\" tabindex=\"0\">jumaluuden<\/span> samaksi ja kietoi perinteens\u00e4 yhteen.<\/p>\t\t\t\t\t\t\t\t<\/div>\n\t\t\t\t\t<\/div>\n\t\t\t\t<\/div>\n\t\t\t\t\t<\/div>\n\t\t\t\t<\/div>\n\t\t<div class=\"elementor-element elementor-element-cp22fd1a8d e-flex e-con-boxed e-con e-parent\" data-id=\"cp22fd1a8d\" data-element_type=\"container\" data-e-type=\"container\">\n\t\t\t\t\t<div class=\"e-con-inner\">\n\t\t\t\t<div class=\"elementor-element elementor-element-cp2fd95ae4 elementor-widget elementor-widget-heading\" data-id=\"cp2fd95ae4\" data-element_type=\"widget\" data-e-type=\"widget\" data-widget_type=\"heading.default\">\n\t\t\t\t\t<h2 class=\"elementor-heading-title elementor-size-default\">Melqart historiassa Karthagosta Tyrokseen<\/h2>\t\t\t\t<\/div>\n\t\t<div class=\"elementor-element elementor-element-cp274edf27 e-flex e-con-boxed e-con e-child\" data-id=\"cp274edf27\" data-element_type=\"container\" data-e-type=\"container\">\n\t\t\t\t\t<div class=\"e-con-inner\">\n\t\t\t\t<div class=\"elementor-element elementor-element-cp27b9f300 elementor-widget elementor-widget-text-editor\" data-id=\"cp27b9f300\" data-element_type=\"widget\" data-e-type=\"widget\" data-widget_type=\"text-editor.default\">\n\t\t\t\t\t\t\t\t\t<p>Melqart oli Tyroksen kaupunginjumala, ja h\u00e4nen merkityksens\u00e4 ulottuu uskonnon ulkopuolelle foinikialaisen l\u00e4nnen poliittiseen historiaan. Kun Tyros perusti Karthagon yhdeks\u00e4nnell\u00e4 vuosisadalla ennen ajanlaskumme alkua, uusi kaupunki pysyi velvoitettuna emokaupungin jumalalle.<\/p><p>Karthagolaiset l\u00e4hteet ja <span class=\"iwg-fachbegriff\" data-tooltip=\"Kreikkalais-roomalaisen kulttuurin kausi, noin 800 eaa.\u2013600 jaa.\" tabindex=\"0\">antiikin<\/span> kertomukset kertovat, ett\u00e4 Karthago l\u00e4hetti vuosittain kymmenyksen tuloistaan Tyroksen Melqart-<span class=\"iwg-fachbegriff\" data-tooltip=\"Jumaluuden palvonnalle omistettu pyh\u00e4 paikka.\" tabindex=\"0\">pyh\u00e4kk\u00f6\u00f6n<\/span>. T\u00e4m\u00e4 <span class=\"iwg-fachbegriff\" data-tooltip=\"Perinteinen, yhteis\u00f6ss\u00e4 s\u00e4\u00e4nn\u00f6llisesti toistuva toiminta.\" tabindex=\"0\">tapa<\/span> teki n\u00e4kyv\u00e4ksi siirtokunnan ja emokaupungin uskonnollisen ja poliittisen siteen vuosisatojen ajan.<\/p><p>Aleksanteri Suuren Tyroksen piiritys vuonna 332 ennen ajanlaskumme alkua liittyy l\u00e4heisesti Melqartiin. Aleksanteri halusi uhrata jumalan <span class=\"iwg-fachbegriff\" data-tooltip=\"Jumaluuden palvonnalle omistettu pyh\u00e4 paikka.\" tabindex=\"0\">pyh\u00e4k\u00f6ss\u00e4<\/span>, jonka h\u00e4n ymm\u00e4rsi Herakleena, jonka j\u00e4lkel\u00e4iseksi h\u00e4n itsens\u00e4 laski.<\/p><p>Tyroslaiset eiv\u00e4t p\u00e4\u00e4st\u00e4neet h\u00e4nt\u00e4 sis\u00e4\u00e4n, mik\u00e4 laukaisi kuukausia kest\u00e4neen, lopulta menestyksekk\u00e4\u00e4n piirityksen. Tapaus osoittaa, kuinka suurta poliittista latausta p\u00e4\u00e4sy kaupungin pyh\u00e4kk\u00f6\u00f6n saattoi sis\u00e4lt\u00e4\u00e4.<\/p><p>My\u00f6s Rooman aikana Melqart-<span class=\"iwg-fachbegriff\" data-tooltip=\"Jumaluudelle tai pyh\u00e4lle hahmolle osoitettujen palvontatoimien kokonaisuus.\" tabindex=\"0\">kultti<\/span> pysyi elinvoimaisena. Septimius Severus oli l\u00e4ht\u00f6isin Pohjois-Afrikan Lepcis Magnasta, alun perin foinikialaisesta perustamasta kaupungista, jolla oli oma Melqart-<span class=\"iwg-fachbegriff\" data-tooltip=\"Jumaluudelle tai pyh\u00e4lle hahmolle osoitettujen palvontatoimien kokonaisuus.\" tabindex=\"0\">kulttinsa<\/span>, ja h\u00e4nen dynastiansa tuki foinikialaisia perinteit\u00e4.<\/p><p>Corinne Bonnet on j\u00e4ljitt\u00e4nyt t\u00e4t\u00e4 pitk\u00e4\u00e4 historiaa aikaisesta <span class=\"iwg-fachbegriff\" data-tooltip=\"Pronssikautta seurannut esihistoriallinen kausi, jota leimasi raudan k\u00e4sittely.\" tabindex=\"0\">rautakaudesta<\/span> keisariaikaan asti ja osoittanut, ett\u00e4 Melqart pysyi l\u00e4pi historian kaupungin, hallinnan ja siirtokuntapolitiikan jumalana. H\u00e4nen tarinansa on siten my\u00f6s osa foinikialaisen laajentumisen historiaa koko V\u00e4limeren alueella.<\/p>\t\t\t\t\t\t\t\t<\/div>\n\t\t\t\t\t<\/div>\n\t\t\t\t<\/div>\n\t\t\t\t\t<\/div>\n\t\t\t\t<\/div>\n\t\t<div class=\"elementor-element elementor-element-iwgw-melqart-lit e-flex e-con-boxed e-con e-parent\" data-id=\"iwgw-melqart-lit\" data-element_type=\"container\" data-e-type=\"container\">\n\t\t\t\t\t<div class=\"e-con-inner\">\n\t\t\t\t<div class=\"elementor-element elementor-element-iwgw-melqart-lith elementor-widget elementor-widget-heading\" data-id=\"iwgw-melqart-lith\" data-element_type=\"widget\" data-e-type=\"widget\" data-widget_type=\"heading.default\">\n\t\t\t\t\t<h2 class=\"elementor-heading-title elementor-size-default\">Kirjallisuus (valikoima)<\/h2>\t\t\t\t<\/div>\n\t\t<div class=\"elementor-element elementor-element-iwgw-melqart-litc e-con-full e-flex e-con e-child\" data-id=\"iwgw-melqart-litc\" data-element_type=\"container\" data-e-type=\"container\">\n\t\t\t\t<div class=\"elementor-element elementor-element-iwgw-melqart-litt elementor-widget elementor-widget-text-editor\" data-id=\"iwgw-melqart-litt\" data-element_type=\"widget\" data-e-type=\"widget\" data-widget_type=\"text-editor.default\">\n\t\t\t\t\t\t\t\t\t<div data-nosnippet=\"true\"><ul><li>Corinne Bonnet: <em>Melqart<\/em> (Leuven\/Namur 1988)<\/li><li>Sabatino Moscati: <em>Die Ph\u00f6niker<\/em> (Stuttgart 1966)<\/li><li>Maria Eugenia Aubet: <em>The Phoenicians and the West<\/em> (Cambridge 2001)<\/li><li>Walter Burkert: <em>Die orientalisierende Epoche<\/em> (Heidelberg 1984)<\/li><li>H\u00e9l\u00e8ne Sader: <em>The History and Archaeology of Phoenicia<\/em> (Atlanta 2019)<\/li><li>Charles Krahmalkov: <em>A Phoenician-Punic Grammar<\/em> (Leiden 2001)<\/li><\/ul><\/div>\t\t\t\t\t\t\t\t<\/div>\n\t\t\t\t<\/div>\n\t\t\t\t\t<\/div>\n\t\t\t\t<\/div>\n\t\t<div class=\"elementor-element elementor-element-iwgkw2-add-melqart e-flex e-con-boxed e-con e-parent\" data-id=\"iwgkw2-add-melqart\" data-element_type=\"container\" data-e-type=\"container\">\n\t\t\t\t\t<div class=\"e-con-inner\">\n\t\t\t\t<div class=\"elementor-element elementor-element-iwgkw2-add-melqart-t elementor-widget elementor-widget-text-editor\" data-id=\"iwgkw2-add-melqart-t\" data-element_type=\"widget\" data-e-type=\"widget\" data-widget_type=\"text-editor.default\">\n\t\t\t\t\t\t\t\t\t<p><em><span class=\"iwg-fachbegriff\" data-tooltip=\"Perinteinen kertomus jumalista, alkuperist\u00e4 ja maailman j\u00e4rjestyksest\u00e4.\" tabindex=\"0\">Myytti<\/span><\/em> Melqartista yhdist\u00e4\u00e4 h\u00e4nen vuosittaisen kuolemansa tulessa ja her\u00e4tyksens\u00e4 Tyroksen <span class=\"iwg-fachbegriff\" data-tooltip=\"Jumaluudelle tai pyh\u00e4lle hahmolle osoitettujen palvontatoimien kokonaisuus.\" tabindex=\"0\">kulttiin<\/span>, ja se muotoili foinikialaisia pyh\u00e4kk\u00f6j\u00e4 Gadesista Karthagoon.<\/p>\t\t\t\t\t\t\t\t<\/div>\n\t\t\t\t\t<\/div>\n\t\t\t\t<\/div>\n\t\t<div class=\"elementor-element elementor-element-iwgw-melqart-kwd e-flex e-con-boxed e-con e-parent\" data-id=\"iwgw-melqart-kwd\" data-element_type=\"container\" data-e-type=\"container\">\n\t\t\t\t\t<div class=\"e-con-inner\">\n\t\t<div class=\"elementor-element elementor-element-iwgw-melqart-kwdc e-con-full e-flex e-con e-child\" data-id=\"iwgw-melqart-kwdc\" data-element_type=\"container\" data-e-type=\"container\">\n\t\t\t\t<div class=\"elementor-element elementor-element-iwgw-melqart-kwdt elementor-widget elementor-widget-text-editor\" data-id=\"iwgw-melqart-kwdt\" data-element_type=\"widget\" data-e-type=\"widget\" data-widget_type=\"text-editor.default\">\n\t\t\t\t\t\t\t\t\t<p><em>Aiheeseen liittyv\u00e4t avainsanat: Melqart Tyros Foinikialaiset Herakles Gades kaupunginjumala egersis her\u00e4tys.<\/em><\/p>\t\t\t\t\t\t\t\t<\/div>\n\t\t\t\t<\/div>\n\t\t\t\t\t<\/div>\n\t\t\t\t<\/div>\n\t\t<div class=\"elementor-element elementor-element-iwgw-melqart-cc e-flex e-con-boxed e-con e-parent\" data-id=\"iwgw-melqart-cc\" data-element_type=\"container\" data-e-type=\"container\" id=\"iwg-cc-melqart\">\n\t\t\t\t\t<div class=\"e-con-inner\">\n\t\t<div class=\"elementor-element elementor-element-iwgw-melqart-ccinner e-flex e-con-boxed e-con e-parent\" data-id=\"iwgw-melqart-ccinner\" data-element_type=\"container\" data-e-type=\"container\" data-settings=\"{&quot;background_background&quot;:&quot;classic&quot;}\">\n\t\t\t\t\t<div class=\"e-con-inner\">\n\t\t\t\t<div class=\"elementor-element elementor-element-iwgw-melqart-cch elementor-widget elementor-widget-heading\" data-id=\"iwgw-melqart-cch\" data-element_type=\"widget\" data-e-type=\"widget\" data-widget_type=\"heading.default\">\n\t\t\t\t\t<h2 class=\"elementor-heading-title elementor-size-default\">iWell Guard ja suojelutraditiot<\/h2>\t\t\t\t<\/div>\n\t\t\t\t<div class=\"elementor-element elementor-element-iwgw-melqart-cct elementor-widget elementor-widget-text-editor\" data-id=\"iwgw-melqart-cct\" data-element_type=\"widget\" data-e-type=\"widget\" data-widget_type=\"text-editor.default\">\n\t\t\t\t\t\t\t\t\t<div data-nosnippet=\"true\"><p>iWell Guard jatkaa kannettavien suojaesineiden kulttuurihistoriallista perinnett\u00e4, samassa perinteess\u00e4 kuin <a href=\"https:\/\/iwell-guard.com\/fi\/foinikialaiset-ja-karthago-baal-tanit-ja-suojeluperinne\/\">foinikialainen<\/a> ja monet muut kulttuurit ymp\u00e4ri maailman. 41 kerrosta, aitoa kultaa, platinaa, hopeaa, valmistettu Saksassa. 30 p\u00e4iv\u00e4n palautusoikeus.<\/p><\/div>\t\t\t\t\t\t\t\t<\/div>\n\t\t\t\t<div class=\"elementor-element elementor-element-iwgw-melqart-ccb iwg-cc-button iwg-cc-cta-2026-05-13 elementor-widget elementor-widget-jet-button\" data-id=\"iwgw-melqart-ccb\" data-element_type=\"widget\" data-e-type=\"widget\" data-widget_type=\"jet-button.default\">\n\t\t\t\t<div class=\"elementor-widget-container\">\n\t\t\t\t\t<div class=\"elementor-jet-button jet-elements\"><div class=\"jet-button__container\"><a class=\"jet-button__instance jet-button__instance--icon-left hover-effect-1\" href=\"\/ueber-iwell-guard\/?utm_source=iwell-guard.com&amp;utm_medium=info-box&amp;utm_campaign=wesen-tradition\"><div class=\"jet-button__plane jet-button__plane-normal\"><\/div><div class=\"jet-button__plane jet-button__plane-hover\"><\/div><div class=\"jet-button__state jet-button__state-normal\"><span class=\"jet-button__label\">Lis\u00e4\u00e4 iWell Guardista<\/span><\/div><div class=\"jet-button__state jet-button__state-hover\"><span class=\"jet-button__label\">Lis\u00e4\u00e4 iWell Guardista<\/span><\/div><\/a><\/div><\/div><style>.elementor-element.elementor-element-iwgw-melqart-ccb .jet-button__instance{width:320px;height:56px;}.elementor-element.elementor-element-iwgw-melqart-ccb .jet-button__state-normal .jet-button__label{text-align:center;margin:0px 0px 0px 0px;color:#1a1b20;font-family:Montserrat,sans-serif;font-size:13px;font-weight:400;letter-spacing:4px;line-height:1.714em;text-transform:uppercase;}.elementor-element.elementor-element-iwgw-melqart-ccb .jet-button__state-hover .jet-button__label{text-align:center;margin:0px 0px 0px 0px;color:#FECC76;font-family:Montserrat,sans-serif;font-size:13px;font-weight:400;letter-spacing:4px;line-height:1.714em;text-transform:uppercase;}.elementor-element.elementor-element-iwgw-melqart-ccb .jet-button__plane-normal{background-color:#FECC76;border-style:solid;border-color:#C99540;border-width:2px 2px 2px 2px;}.elementor-element.elementor-element-iwgw-melqart-ccb .jet-button__plane-hover{background-color:rgba(0,0,0,0.55);border-style:solid;border-color:#FECC76;border-width:2px 2px 2px 2px;}<\/style>\t\t\t\t<\/div>\n\t\t\t\t<\/div>\n\t\t\t\t<div class=\"elementor-element elementor-element-iwgw-melqart-ccd elementor-widget elementor-widget-text-editor\" data-id=\"iwgw-melqart-ccd\" data-element_type=\"widget\" data-e-type=\"widget\" data-widget_type=\"text-editor.default\">\n\t\t\t\t\t\t\t\t\t<div data-nosnippet=\"true\"><p style=\"text-align:center;font-size:13px;opacity:0.7;margin-top:14px\" data-nosnippet=\"true\">Henkil\u00f6kohtaiset kokemukset voivat vaihdella. Ei l\u00e4\u00e4kinn\u00e4llinen laite. Ei paranemislupausta.<\/p><\/div>\t\t\t\t\t\t\t\t<\/div>\n\t\t\t\t\t<\/div>\n\t\t\t\t<\/div>\n\t\t\t\t\t<\/div>\n\t\t\t\t<\/div>\n\t\t<div class=\"elementor-element elementor-element-iwgw-melqart-disc e-flex e-con-boxed e-con e-parent\" data-id=\"iwgw-melqart-disc\" data-element_type=\"container\" data-e-type=\"container\">\n\t\t\t\t\t<div class=\"e-con-inner\">\n\t\t\t\t<div class=\"elementor-element elementor-element-iwgw-melqart-discw elementor-widget elementor-widget-html\" data-id=\"iwgw-melqart-discw\" data-element_type=\"widget\" data-e-type=\"widget\" data-widget_type=\"html.default\">\n\t\t\t\t\t<footer data-nosnippet=\"true\" class=\"iwg-disclaimer-block\"><p data-nosnippet=\"true\">iWell Guard <strong>ei ole l\u00e4\u00e4kinn\u00e4llinen laite<\/strong>, eik\u00e4 se korvaa l\u00e4\u00e4k\u00e4rin tai psykoterapeutin hoitoa. Uskontotieteelliset sis\u00e4ll\u00f6t ovat kulttuurihistoriallista tarkastelua, ei suositus hengelliseen k\u00e4yt\u00e4nt\u00f6\u00f6n.<\/p><\/footer>\t\t\t\t<\/div>\n\t\t\t\t\t<\/div>\n\t\t\t\t<\/div>\n\t\t\t\t<\/div>\n\t\t","protected":false},"excerpt":{"rendered":"","protected":false},"author":3,"featured_media":2850,"parent":0,"menu_order":0,"comment_status":"closed","ping_status":"closed","template":"elementor_header_footer","meta":{"_yoast_wpseo_focuskw":"Melqart Tyros foinikialaiset","_yoast_wpseo_title":"Melqart \u2013 Tyroksen kaupunginjumala, myytti, kultti, Herakles","_yoast_wpseo_metadesc":"Melqart, 'kaupungin kuningas', on foinikialainen Tyroksen kaupunginjumala, jonka kreikkalaiset yhdistiv\u00e4t Herakleeseen. Myytti, kultti ja tarkastelu.","_yoast_wpseo_meta-robots-noindex":"","_yoast_wpseo_canonical":"","_angie_page":false,"gefaehrdungsstufe":"2","wesen_kultur":"phoenizisch","wesen_klasse":"goetter","footnotes":""},"categories":[],"class_list":["post-144207","page","type-page","status-publish","has-post-thumbnail","hentry"],"yoast_head":"<!-- This site is optimized with the Yoast SEO Premium plugin v27.7 (Yoast SEO v28.3) - https:\/\/yoast.com\/product\/yoast-seo-premium-wordpress\/ -->\n<title>Melqart \u2013 Tyroksen kaupunginjumala, myytti, kultti, Herakles<\/title>\n<meta name=\"description\" content=\"Melqart, &#039;kaupungin kuningas&#039;, on foinikialainen Tyroksen kaupunginjumala, jonka kreikkalaiset yhdistiv\u00e4t Herakleeseen. Myytti, kultti ja tarkastelu.\" \/>\n<meta name=\"robots\" content=\"index, follow, max-snippet:-1, max-image-preview:large, max-video-preview:-1\" \/>\n<link rel=\"canonical\" href=\"https:\/\/iwell-guard.com\/fi\/melqart-tyroksen-kaupunginjumala\/\" \/>\n<meta property=\"og:locale\" content=\"fi_FI\" \/>\n<meta property=\"og:type\" content=\"article\" \/>\n<meta property=\"og:title\" content=\"Melqart \u2013 Tyroksen kaupunginjumala\" \/>\n<meta property=\"og:description\" content=\"Melqart, &#039;kaupungin kuningas&#039;, on foinikialainen Tyroksen kaupunginjumala, jonka kreikkalaiset yhdistiv\u00e4t Herakleeseen. Myytti, kultti ja tarkastelu.\" \/>\n<meta property=\"og:url\" content=\"https:\/\/iwell-guard.com\/fi\/melqart-tyroksen-kaupunginjumala\/\" \/>\n<meta property=\"og:site_name\" content=\"iWell Guard\" \/>\n<meta property=\"article:modified_time\" content=\"2026-09-03T12:53:25+00:00\" \/>\n<meta property=\"og:image\" content=\"https:\/\/iwell-guard.com\/wp-content\/uploads\/2026\/05\/goetter_phoenizisch_melqart.webp\" \/>\n\t<meta property=\"og:image:width\" content=\"1024\" \/>\n\t<meta property=\"og:image:height\" content=\"1536\" \/>\n\t<meta property=\"og:image:type\" content=\"image\/webp\" \/>\n<meta name=\"twitter:card\" content=\"summary_large_image\" \/>\n<script type=\"application\/ld+json\" class=\"yoast-schema-graph\">{\"@context\":\"https:\\\/\\\/schema.org\",\"@graph\":[{\"@type\":\"WebPage\",\"@id\":\"https:\\\/\\\/iwell-guard.com\\\/fi\\\/melqart-tyroksen-kaupunginjumala\\\/\",\"url\":\"https:\\\/\\\/iwell-guard.com\\\/fi\\\/melqart-tyroksen-kaupunginjumala\\\/\",\"name\":\"Melqart \u2013 Tyroksen kaupunginjumala, myytti, kultti, Herakles\",\"isPartOf\":{\"@id\":\"https:\\\/\\\/iwell-guard.com\\\/fi\\\/#website\"},\"primaryImageOfPage\":{\"@id\":\"https:\\\/\\\/iwell-guard.com\\\/fi\\\/melqart-tyroksen-kaupunginjumala\\\/#primaryimage\"},\"image\":{\"@id\":\"https:\\\/\\\/iwell-guard.com\\\/fi\\\/melqart-tyroksen-kaupunginjumala\\\/#primaryimage\"},\"thumbnailUrl\":\"https:\\\/\\\/iwell-guard.com\\\/wp-content\\\/uploads\\\/2026\\\/05\\\/goetter_phoenizisch_melqart.webp\",\"datePublished\":\"2026-09-03T12:33:05+00:00\",\"dateModified\":\"2026-09-03T12:53:25+00:00\",\"description\":\"Melqart, 'kaupungin kuningas', on foinikialainen Tyroksen kaupunginjumala, jonka kreikkalaiset yhdistiv\u00e4t Herakleeseen. Myytti, kultti ja tarkastelu.\",\"breadcrumb\":{\"@id\":\"https:\\\/\\\/iwell-guard.com\\\/fi\\\/melqart-tyroksen-kaupunginjumala\\\/#breadcrumb\"},\"inLanguage\":\"fi\",\"potentialAction\":[{\"@type\":\"ReadAction\",\"target\":[\"https:\\\/\\\/iwell-guard.com\\\/fi\\\/melqart-tyroksen-kaupunginjumala\\\/\"]}]},{\"@type\":\"ImageObject\",\"inLanguage\":\"fi\",\"@id\":\"https:\\\/\\\/iwell-guard.com\\\/fi\\\/melqart-tyroksen-kaupunginjumala\\\/#primaryimage\",\"url\":\"https:\\\/\\\/iwell-guard.com\\\/wp-content\\\/uploads\\\/2026\\\/05\\\/goetter_phoenizisch_melqart.webp\",\"contentUrl\":\"https:\\\/\\\/iwell-guard.com\\\/wp-content\\\/uploads\\\/2026\\\/05\\\/goetter_phoenizisch_melqart.webp\",\"width\":1024,\"height\":1536,\"caption\":\"Jumalia foinikialaisesta perinteest\u00e4.\"},{\"@type\":\"BreadcrumbList\",\"@id\":\"https:\\\/\\\/iwell-guard.com\\\/fi\\\/melqart-tyroksen-kaupunginjumala\\\/#breadcrumb\",\"itemListElement\":[{\"@type\":\"ListItem\",\"position\":1,\"name\":\"Start\",\"item\":\"https:\\\/\\\/iwell-guard.com\\\/fi\\\/?page_id=143815\"},{\"@type\":\"ListItem\",\"position\":2,\"name\":\"Melqart \u2013 Tyroksen kaupunginjumala\"}]},{\"@type\":\"WebSite\",\"@id\":\"https:\\\/\\\/iwell-guard.com\\\/fi\\\/#website\",\"url\":\"https:\\\/\\\/iwell-guard.com\\\/fi\\\/\",\"name\":\"iWell Guard\",\"description\":\"Schutz vor dunklen Einfl\u00fcssen\",\"publisher\":{\"@id\":\"https:\\\/\\\/iwell-guard.com\\\/fi\\\/#organization\"},\"potentialAction\":[{\"@type\":\"SearchAction\",\"target\":{\"@type\":\"EntryPoint\",\"urlTemplate\":\"https:\\\/\\\/iwell-guard.com\\\/fi\\\/?s={search_term_string}\"},\"query-input\":{\"@type\":\"PropertyValueSpecification\",\"valueRequired\":true,\"valueName\":\"search_term_string\"}}],\"inLanguage\":\"fi\"},{\"@type\":\"Organization\",\"@id\":\"https:\\\/\\\/iwell-guard.com\\\/fi\\\/#organization\",\"name\":\"Ittermann electronic GmbH\",\"url\":\"https:\\\/\\\/iwell-guard.com\\\/fi\\\/\",\"logo\":{\"@type\":\"ImageObject\",\"inLanguage\":\"fi\",\"@id\":\"https:\\\/\\\/iwell-guard.com\\\/fi\\\/#\\\/schema\\\/logo\\\/image\\\/\",\"url\":\"https:\\\/\\\/iwell-guard.com\\\/wp-content\\\/uploads\\\/2026\\\/05\\\/Ittermann-Logo-1182x237-1.png\",\"contentUrl\":\"https:\\\/\\\/iwell-guard.com\\\/wp-content\\\/uploads\\\/2026\\\/05\\\/Ittermann-Logo-1182x237-1.png\",\"width\":1182,\"height\":237,\"caption\":\"Ittermann electronic GmbH\"},\"image\":{\"@id\":\"https:\\\/\\\/iwell-guard.com\\\/fi\\\/#\\\/schema\\\/logo\\\/image\\\/\"},\"sameAs\":[\"https:\\\/\\\/pantip.com\\\/profile\\\/9367242\",\"https:\\\/\\\/micro.blog\\\/iwellguard\",\"https:\\\/\\\/www.diggerslist.com\\\/iwellguard\\\/about\",\"https:\\\/\\\/skitterphoto.com\\\/photographers\\\/2870314\\\/iwell-guard\",\"https:\\\/\\\/iwellguard.wordpress.com\\\/2026\\\/06\\\/06\\\/iwell-guard\\\/\",\"https:\\\/\\\/hub.docker.com\\\/u\\\/iwellguard\",\"https:\\\/\\\/www.pinterest.com\\\/iwellguard\\\/\",\"https:\\\/\\\/bit.ly\\\/m\\\/iwellguard\",\"https:\\\/\\\/entre-vos-mains.alsace.eu\\\/profiles\\\/iwellguard\\\/activity\",\"https:\\\/\\\/gravatar.com\\\/reallybeded8fd34\",\"https:\\\/\\\/naijamatta.com\\\/iwellguard\",\"https:\\\/\\\/www.goodreads.com\\\/iwellguard\",\"https:\\\/\\\/profile.hatena.ne.jp\\\/iwellguard\\\/\",\"https:\\\/\\\/experiment.com\\\/users\\\/iwellguard\",\"https:\\\/\\\/wakelet.com\\\/@iWellGuard82270\",\"https:\\\/\\\/www.chordie.com\\\/forum\\\/profile.php?id=2555664\",\"https:\\\/\\\/www.instapaper.com\\\/p\\\/17757966\",\"https:\\\/\\\/www.mapleprimes.com\\\/users\\\/iwellguard\",\"https:\\\/\\\/businesslistingplus.com\\\/profile\\\/iwell-guard\\\/\",\"https:\\\/\\\/telegra.ph\\\/iWell-Guard-06-06\",\"https:\\\/\\\/pbase.com\\\/iwellguard\\\/iwellguard\",\"https:\\\/\\\/b.hatena.ne.jp\\\/iwellguard\\\/20260607#bookmark-4788405196491818882\",\"https:\\\/\\\/fliphtml5.com\\\/home\\\/iwellguard\",\"https:\\\/\\\/anyflip.com\\\/homepage\\\/cmiwl#About\",\"https:\\\/\\\/transfur.com\\\/Users\\\/iwellguard\",\"http:\\\/\\\/delphi.larsbo.org\\\/user\\\/iwellguard\",\"https:\\\/\\\/jobs.lajobsportal.org\\\/profiles\\\/8380803-iwell-guard\",\"https:\\\/\\\/md.chaosdorf.de\\\/s\\\/jfbe5SBdJD\",\"https:\\\/\\\/www.lingvolive.com\\\/en-us\\\/profile\\\/9ecaeaca-ce11-4e51-9e71-01d55e2bff36\\\/translations\",\"https:\\\/\\\/www.fitday.com\\\/fitness\\\/forums\\\/members\\\/iwellguard.html\",\"https:\\\/\\\/www.mymeetbook.com\\\/iwellguard\",\"https:\\\/\\\/pxhere.com\\\/en\\\/photographer-me\\\/5040798\",\"https:\\\/\\\/disqus.com\\\/by\\\/iwellguard\\\/about\\\/\",\"https:\\\/\\\/pastelink.net\\\/hjwciqwq\",\"https:\\\/\\\/pubhtml5.com\\\/homepage\\\/scjhn\\\/\",\"https:\\\/\\\/www.bitchute.com\\\/channel\\\/2O2eOKzNqujT\",\"https:\\\/\\\/audiomack.com\\\/iwellguard\"]},{\"@type\":\"Article\",\"@id\":\"https:\\\/\\\/iwell-guard.com\\\/fi\\\/melqart-tyroksen-kaupunginjumala\\\/#article\",\"isPartOf\":{\"@id\":\"https:\\\/\\\/iwell-guard.com\\\/fi\\\/melqart-tyroksen-kaupunginjumala\\\/\"},\"author\":{\"name\":\"Ralf Ittermann\",\"@id\":\"https:\\\/\\\/iwell-guard.com\\\/fi\\\/#\\\/schema\\\/person\\\/ee2a27f1cac3406c7c6fb5820cb7349f\"},\"headline\":\"Melqart \u2013 Tyroksen kaupunginjumala\",\"datePublished\":\"2026-09-03T12:33:05+00:00\",\"dateModified\":\"2026-09-03T12:53:25+00:00\",\"mainEntityOfPage\":{\"@id\":\"https:\\\/\\\/iwell-guard.com\\\/fi\\\/melqart-tyroksen-kaupunginjumala\\\/\"},\"publisher\":{\"@id\":\"https:\\\/\\\/iwell-guard.com\\\/fi\\\/#organization\"},\"image\":{\"@id\":\"https:\\\/\\\/iwell-guard.com\\\/fi\\\/melqart-tyroksen-kaupunginjumala\\\/#primaryimage\"},\"thumbnailUrl\":\"https:\\\/\\\/iwell-guard.com\\\/wp-content\\\/uploads\\\/2026\\\/05\\\/goetter_phoenizisch_melqart.webp\",\"inLanguage\":\"fi\",\"description\":\"Melqart, 'kaupungin kuningas', on foinikialainen Tyroksen kaupunginjumala, jonka kreikkalaiset yhdistiv\u00e4t Herakleeseen. Myytti, kultti ja tarkastelu.\"}]}<\/script>\n<!-- \/ Yoast SEO Premium plugin. -->","yoast_head_json":{"title":"Melqart \u2013 Tyroksen kaupunginjumala, myytti, kultti, Herakles","description":"Melqart, 'kaupungin kuningas', on foinikialainen Tyroksen kaupunginjumala, jonka kreikkalaiset yhdistiv\u00e4t Herakleeseen. Myytti, kultti ja tarkastelu.","robots":{"index":"index","follow":"follow","max-snippet":"max-snippet:-1","max-image-preview":"max-image-preview:large","max-video-preview":"max-video-preview:-1"},"canonical":"https:\/\/iwell-guard.com\/fi\/melqart-tyroksen-kaupunginjumala\/","og_locale":"fi_FI","og_type":"article","og_title":"Melqart \u2013 Tyroksen kaupunginjumala","og_description":"Melqart, 'kaupungin kuningas', on foinikialainen Tyroksen kaupunginjumala, jonka kreikkalaiset yhdistiv\u00e4t Herakleeseen. Myytti, kultti ja tarkastelu.","og_url":"https:\/\/iwell-guard.com\/fi\/melqart-tyroksen-kaupunginjumala\/","og_site_name":"iWell Guard","article_modified_time":"2026-09-03T12:53:25+00:00","og_image":[{"width":1024,"height":1536,"url":"https:\/\/iwell-guard.com\/wp-content\/uploads\/2026\/05\/goetter_phoenizisch_melqart.webp","type":"image\/webp"}],"twitter_card":"summary_large_image","schema":{"@context":"https:\/\/schema.org","@graph":[{"@type":"Article","@id":"https:\/\/iwell-guard.com\/fi\/melqart-tyroksen-kaupunginjumala\/#article","isPartOf":{"@id":"https:\/\/iwell-guard.com\/fi\/melqart-tyroksen-kaupunginjumala\/"},"author":{"name":"Ralf Ittermann","@id":"https:\/\/iwell-guard.com\/fi\/#\/schema\/person\/ee2a27f1cac3406c7c6fb5820cb7349f"},"headline":"Melqart \u2013 Tyroksen kaupunginjumala","datePublished":"2026-09-03T12:33:05+00:00","dateModified":"2026-09-03T12:53:25+00:00","mainEntityOfPage":{"@id":"https:\/\/iwell-guard.com\/fi\/melqart-tyroksen-kaupunginjumala\/"},"publisher":{"@id":"https:\/\/iwell-guard.com\/fi\/#organization"},"image":{"@id":"https:\/\/iwell-guard.com\/fi\/melqart-tyroksen-kaupunginjumala\/#primaryimage"},"thumbnailUrl":"https:\/\/iwell-guard.com\/wp-content\/uploads\/2026\/05\/goetter_phoenizisch_melqart.webp","inLanguage":"fi","description":"Melqart, 'kaupungin kuningas', on foinikialainen Tyroksen kaupunginjumala, jonka kreikkalaiset yhdistiv\u00e4t Herakleeseen. Myytti, kultti ja tarkastelu."},{"@type":"WebPage","@id":"https:\/\/iwell-guard.com\/fi\/melqart-tyroksen-kaupunginjumala\/","url":"https:\/\/iwell-guard.com\/fi\/melqart-tyroksen-kaupunginjumala\/","name":"Melqart \u2013 Tyroksen kaupunginjumala, myytti, kultti, Herakles","isPartOf":{"@id":"https:\/\/iwell-guard.com\/fi\/#website"},"primaryImageOfPage":{"@id":"https:\/\/iwell-guard.com\/fi\/melqart-tyroksen-kaupunginjumala\/#primaryimage"},"image":{"@id":"https:\/\/iwell-guard.com\/fi\/melqart-tyroksen-kaupunginjumala\/#primaryimage"},"thumbnailUrl":"https:\/\/iwell-guard.com\/wp-content\/uploads\/2026\/05\/goetter_phoenizisch_melqart.webp","datePublished":"2026-09-03T12:33:05+00:00","dateModified":"2026-09-03T12:53:25+00:00","description":"Melqart, 'kaupungin kuningas', on foinikialainen Tyroksen kaupunginjumala, jonka kreikkalaiset yhdistiv\u00e4t Herakleeseen. Myytti, kultti ja tarkastelu.","breadcrumb":{"@id":"https:\/\/iwell-guard.com\/fi\/melqart-tyroksen-kaupunginjumala\/#breadcrumb"},"inLanguage":"fi","potentialAction":[{"@type":"ReadAction","target":["https:\/\/iwell-guard.com\/fi\/melqart-tyroksen-kaupunginjumala\/"]}]},{"@type":"ImageObject","inLanguage":"fi","@id":"https:\/\/iwell-guard.com\/fi\/melqart-tyroksen-kaupunginjumala\/#primaryimage","url":"https:\/\/iwell-guard.com\/wp-content\/uploads\/2026\/05\/goetter_phoenizisch_melqart.webp","contentUrl":"https:\/\/iwell-guard.com\/wp-content\/uploads\/2026\/05\/goetter_phoenizisch_melqart.webp","width":1024,"height":1536,"caption":"Jumalia foinikialaisesta perinteest\u00e4."},{"@type":"BreadcrumbList","@id":"https:\/\/iwell-guard.com\/fi\/melqart-tyroksen-kaupunginjumala\/#breadcrumb","itemListElement":[{"@type":"ListItem","position":1,"name":"Start","item":"https:\/\/iwell-guard.com\/fi\/?page_id=143815"},{"@type":"ListItem","position":2,"name":"Melqart \u2013 Tyroksen kaupunginjumala"}]},{"@type":"WebSite","@id":"https:\/\/iwell-guard.com\/fi\/#website","url":"https:\/\/iwell-guard.com\/fi\/","name":"iWell Guard","description":"Schutz vor dunklen Einfl\u00fcssen","publisher":{"@id":"https:\/\/iwell-guard.com\/fi\/#organization"},"potentialAction":[{"@type":"SearchAction","target":{"@type":"EntryPoint","urlTemplate":"https:\/\/iwell-guard.com\/fi\/?s={search_term_string}"},"query-input":{"@type":"PropertyValueSpecification","valueRequired":true,"valueName":"search_term_string"}}],"inLanguage":"fi"},{"@type":"Organization","@id":"https:\/\/iwell-guard.com\/fi\/#organization","name":"Ittermann electronic GmbH","url":"https:\/\/iwell-guard.com\/fi\/","logo":{"@type":"ImageObject","inLanguage":"fi","@id":"https:\/\/iwell-guard.com\/fi\/#\/schema\/logo\/image\/","url":"https:\/\/iwell-guard.com\/wp-content\/uploads\/2026\/05\/Ittermann-Logo-1182x237-1.png","contentUrl":"https:\/\/iwell-guard.com\/wp-content\/uploads\/2026\/05\/Ittermann-Logo-1182x237-1.png","width":1182,"height":237,"caption":"Ittermann electronic GmbH"},"image":{"@id":"https:\/\/iwell-guard.com\/fi\/#\/schema\/logo\/image\/"},"sameAs":["https:\/\/pantip.com\/profile\/9367242","https:\/\/micro.blog\/iwellguard","https:\/\/www.diggerslist.com\/iwellguard\/about","https:\/\/skitterphoto.com\/photographers\/2870314\/iwell-guard","https:\/\/iwellguard.wordpress.com\/2026\/06\/06\/iwell-guard\/","https:\/\/hub.docker.com\/u\/iwellguard","https:\/\/www.pinterest.com\/iwellguard\/","https:\/\/bit.ly\/m\/iwellguard","https:\/\/entre-vos-mains.alsace.eu\/profiles\/iwellguard\/activity","https:\/\/gravatar.com\/reallybeded8fd34","https:\/\/naijamatta.com\/iwellguard","https:\/\/www.goodreads.com\/iwellguard","https:\/\/profile.hatena.ne.jp\/iwellguard\/","https:\/\/experiment.com\/users\/iwellguard","https:\/\/wakelet.com\/@iWellGuard82270","https:\/\/www.chordie.com\/forum\/profile.php?id=2555664","https:\/\/www.instapaper.com\/p\/17757966","https:\/\/www.mapleprimes.com\/users\/iwellguard","https:\/\/businesslistingplus.com\/profile\/iwell-guard\/","https:\/\/telegra.ph\/iWell-Guard-06-06","https:\/\/pbase.com\/iwellguard\/iwellguard","https:\/\/b.hatena.ne.jp\/iwellguard\/20260607#bookmark-4788405196491818882","https:\/\/fliphtml5.com\/home\/iwellguard","https:\/\/anyflip.com\/homepage\/cmiwl#About","https:\/\/transfur.com\/Users\/iwellguard","http:\/\/delphi.larsbo.org\/user\/iwellguard","https:\/\/jobs.lajobsportal.org\/profiles\/8380803-iwell-guard","https:\/\/md.chaosdorf.de\/s\/jfbe5SBdJD","https:\/\/www.lingvolive.com\/en-us\/profile\/9ecaeaca-ce11-4e51-9e71-01d55e2bff36\/translations","https:\/\/www.fitday.com\/fitness\/forums\/members\/iwellguard.html","https:\/\/www.mymeetbook.com\/iwellguard","https:\/\/pxhere.com\/en\/photographer-me\/5040798","https:\/\/disqus.com\/by\/iwellguard\/about\/","https:\/\/pastelink.net\/hjwciqwq","https:\/\/pubhtml5.com\/homepage\/scjhn\/","https:\/\/www.bitchute.com\/channel\/2O2eOKzNqujT","https:\/\/audiomack.com\/iwellguard"]},{"@type":"Person","@id":"https:\/\/iwell-guard.com\/fi\/#\/schema\/person\/ee2a27f1cac3406c7c6fb5820cb7349f","name":"Ralf Ittermann","image":{"@type":"ImageObject","inLanguage":"fi","@id":"https:\/\/secure.gravatar.com\/avatar\/073c0153e350a5005b68eb752b445fea71f6b24a26da9449ad7e155e6b446c9d?s=96&d=mm&r=g","url":"https:\/\/secure.gravatar.com\/avatar\/073c0153e350a5005b68eb752b445fea71f6b24a26da9449ad7e155e6b446c9d?s=96&d=mm&r=g","contentUrl":"https:\/\/secure.gravatar.com\/avatar\/073c0153e350a5005b68eb752b445fea71f6b24a26da9449ad7e155e6b446c9d?s=96&d=mm&r=g","caption":"Ralf Ittermann"},"givenName":"Ralf","familyName":"Ittermann","jobTitle":"Gesch\u00e4ftsf\u00fchrer und redaktioneller Verantwortlicher","url":"https:\/\/iwell-guard.com\/fi\/author\/claude\/","description":"Ralf Ittermann ist Gesch\u00e4ftsf\u00fchrer der Ittermann electronic GmbH und redaktioneller Verantwortlicher des iWell-Guard-Lexikons. Er verbindet langj\u00e4hrige Erfahrung in der Pr\u00e4zisionsfertigung mit medialer Praxis und religionsgeschichtlicher Quellenarbeit.","worksFor":{"@type":"Organization","name":"Ittermann electronic GmbH","url":"https:\/\/ittermann.de\/","address":{"@type":"PostalAddress","streetAddress":"K\u00f6hlergasse 16-18","postalCode":"99842","addressLocality":"Ruhla","addressCountry":"DE"}},"knowsAbout":["Religionsgeschichte","Mythologie","Mediale Praxis","Energetische Diagnostik","Schutzpraxis","Volksglauben","Westliche Esoterik"]},{"@type":"Article","@id":"https:\/\/iwell-guard.com\/fi\/melqart-tyroksen-kaupunginjumala\/#article","isPartOf":{"@id":"https:\/\/iwell-guard.com\/fi\/melqart-tyroksen-kaupunginjumala\/"},"author":{"name":"Ralf Ittermann","@id":"https:\/\/iwell-guard.com\/fi\/#\/schema\/person\/ee2a27f1cac3406c7c6fb5820cb7349f"},"headline":"Melqart \u2013 Tyroksen kaupunginjumala","datePublished":"2026-09-03T12:33:05+00:00","dateModified":"2026-09-03T12:53:25+00:00","mainEntityOfPage":{"@id":"https:\/\/iwell-guard.com\/fi\/melqart-tyroksen-kaupunginjumala\/"},"publisher":{"@id":"https:\/\/iwell-guard.com\/fi\/#organization"},"image":{"@id":"https:\/\/iwell-guard.com\/fi\/melqart-tyroksen-kaupunginjumala\/#primaryimage"},"thumbnailUrl":"https:\/\/iwell-guard.com\/wp-content\/uploads\/2026\/05\/goetter_phoenizisch_melqart.webp","inLanguage":"fi","description":"Melqart, 'kaupungin kuningas', on foinikialainen Tyroksen kaupunginjumala, jonka kreikkalaiset yhdistiv\u00e4t Herakleeseen. Myytti, kultti ja tarkastelu."}]}},"_links":{"self":[{"href":"https:\/\/iwell-guard.com\/fi\/wp-json\/wp\/v2\/pages\/144207","targetHints":{"allow":["GET"]}}],"collection":[{"href":"https:\/\/iwell-guard.com\/fi\/wp-json\/wp\/v2\/pages"}],"about":[{"href":"https:\/\/iwell-guard.com\/fi\/wp-json\/wp\/v2\/types\/page"}],"author":[{"embeddable":true,"href":"https:\/\/iwell-guard.com\/fi\/wp-json\/wp\/v2\/users\/3"}],"replies":[{"embeddable":true,"href":"https:\/\/iwell-guard.com\/fi\/wp-json\/wp\/v2\/comments?post=144207"}],"version-history":[{"count":0,"href":"https:\/\/iwell-guard.com\/fi\/wp-json\/wp\/v2\/pages\/144207\/revisions"}],"wp:featuredmedia":[{"embeddable":true,"href":"https:\/\/iwell-guard.com\/fi\/wp-json\/wp\/v2\/media\/2850"}],"wp:attachment":[{"href":"https:\/\/iwell-guard.com\/fi\/wp-json\/wp\/v2\/media?parent=144207"}],"wp:term":[{"taxonomy":"category","embeddable":true,"href":"https:\/\/iwell-guard.com\/fi\/wp-json\/wp\/v2\/categories?post=144207"}],"curies":[{"name":"wp","href":"https:\/\/api.w.org\/{rel}","templated":true}]}}