{"id":144162,"date":"2026-09-03T12:32:36","date_gmt":"2026-09-03T12:32:36","guid":{"rendered":"https:\/\/iwell-guard.com\/?page_id=144162"},"modified":"2026-09-03T12:52:24","modified_gmt":"2026-09-03T12:52:24","slug":"apu-ausangate-andien-vuorijumaluus","status":"publish","type":"page","link":"https:\/\/iwell-guard.com\/fi\/apu-ausangate-andien-vuorijumaluus\/","title":{"rendered":"Apu Ausangate \u2013 Andien vuorijumaluus"},"content":{"rendered":"\t\t<div data-elementor-type=\"wp-page\" data-elementor-id=\"144162\" class=\"elementor elementor-144162 elementor-2582 elementor-bc-flex-widget\" data-elementor-post-type=\"page\">\n\t\t\t\t<div class=\"elementor-element elementor-element-iwgw-apuausanga-hero e-flex e-con-boxed e-con e-parent\" data-id=\"iwgw-apuausanga-hero\" data-element_type=\"container\" data-e-type=\"container\" data-settings=\"{&quot;background_background&quot;:&quot;classic&quot;}\">\n\t\t\t\t\t<div class=\"e-con-inner\">\n\t\t<div class=\"elementor-element elementor-element-iwgw-apuausanga-hl e-flex e-con-boxed e-con e-child\" data-id=\"iwgw-apuausanga-hl\" data-element_type=\"container\" data-e-type=\"container\">\n\t\t\t\t\t<div class=\"e-con-inner\">\n\t\t<div class=\"elementor-element elementor-element-iwgw-apuausanga-htxt e-con-full e-flex e-con e-child\" data-id=\"iwgw-apuausanga-htxt\" data-element_type=\"container\" data-e-type=\"container\">\n\t\t\t\t<div class=\"elementor-element elementor-element-iwgw-apuausanga-h1 elementor-widget elementor-widget-heading\" data-id=\"iwgw-apuausanga-h1\" data-element_type=\"widget\" data-e-type=\"widget\" data-widget_type=\"heading.default\">\n\t\t\t\t\t<h1 class=\"elementor-heading-title elementor-size-default\">Apu Ausangate, Etel\u00e4-Perun Andien mahtavin vuorijumaluus<\/h1>\t\t\t\t<\/div>\n\t\t\t\t<div class=\"elementor-element elementor-element-iwgw-apuausanga-lead elementor-widget elementor-widget-text-editor\" data-id=\"iwgw-apuausanga-lead\" data-element_type=\"widget\" data-e-type=\"widget\" data-widget_type=\"text-editor.default\">\n\t\t\t\t\t\t\t\t\t<p>Apu Ausangate (quechuaksi <em>Apu Awsanqati<\/em>) on Etel\u00e4-Perun Andien mahtavin vuorijumaluus, Cuscon alueen yl\u00e4tasangon maanviljelij\u00f6iden keskeinen kohde ja t\u00e4rkeimm\u00e4n Andien pyhiinvaelluksen, <em>Qoyllur Ritin<\/em>, suojelija. 6 372 metri\u00e4 korkeaa p\u00e4\u00e4santiota Cuscosta kaakkoon pidet\u00e4\u00e4n h\u00e4nen n\u00e4kyv\u00e4n\u00e4 ruumiinaan.<\/p>\t\t\t\t\t\t\t\t<\/div>\n\t\t\t\t<\/div>\n\t\t<div class=\"elementor-element elementor-element-iwgw-apuausanga-pillc e-con-full e-flex e-con e-child\" data-id=\"iwgw-apuausanga-pillc\" data-element_type=\"container\" data-e-type=\"container\">\n\t\t\t\t<div class=\"elementor-element elementor-element-iwgw-apuausanga-pills elementor-widget elementor-widget-html\" data-id=\"iwgw-apuausanga-pills\" data-element_type=\"widget\" data-e-type=\"widget\" data-widget_type=\"html.default\">\n\t\t\t\t\t<div class=\"iwg-pill-row\"><span class=\"iwg-klasse-badge\" tabindex=\"0\" data-tooltip=\"Andien \/ inkojen perinteen luonto-olento.\">Luonto-olento<\/span><a href=\"https:\/\/iwell-guard.com\/fi\/?page_id=144144\" class=\"iwg-kultur-badge\" tabindex=\"0\" data-tooltip=\"Andien \/ inkojen perinteen mytologiaa.\">Andit \/ inkat<\/a><span class=\"iwg-tradition-badge\" tabindex=\"0\" data-tooltip=\"Vuorenherra.\">Vuorenherra<\/span><\/div>\t\t\t\t<\/div>\n\t\t\t\t<\/div>\n\t\t<div class=\"elementor-element elementor-element-iwgw-apuausanga-tocc e-con-full e-flex e-con e-child\" data-id=\"iwgw-apuausanga-tocc\" data-element_type=\"container\" data-e-type=\"container\">\n\t\t\t\t<div class=\"elementor-element elementor-element-iwgw-apuausanga-toc elementor-toc--minimized-on-tablet elementor-widget elementor-widget-table-of-contents\" data-id=\"iwgw-apuausanga-toc\" data-element_type=\"widget\" data-e-type=\"widget\" data-settings=\"{&quot;headings_by_tags&quot;:[&quot;h2&quot;,&quot;h3&quot;],&quot;minimize_box&quot;:&quot;yes&quot;,&quot;marker_view&quot;:&quot;bullets&quot;,&quot;no_headings_message&quot;:&quot;T\\u00e4lt\\u00e4 sivulta ei l\\u00f6ytynyt otsikoita.&quot;,&quot;exclude_headings_by_selector&quot;:[],&quot;icon&quot;:{&quot;value&quot;:&quot;fas fa-circle&quot;,&quot;library&quot;:&quot;fa-solid&quot;,&quot;rendered_tag&quot;:&quot;&lt;svg class=\\&quot;e-font-icon-svg e-fas-circle\\&quot; viewBox=\\&quot;0 0 512 512\\&quot; xmlns=\\&quot;http:\\\/\\\/www.w3.org\\\/2000\\\/svg\\&quot;&gt;&lt;path d=\\&quot;M256 8C119 8 8 119 8 256s111 248 248 248 248-111 248-248S393 8 256 8z\\&quot;&gt;&lt;\\\/path&gt;&lt;\\\/svg&gt;&quot;},&quot;minimized_on&quot;:&quot;tablet&quot;,&quot;hierarchical_view&quot;:&quot;yes&quot;,&quot;min_height&quot;:{&quot;unit&quot;:&quot;px&quot;,&quot;size&quot;:&quot;&quot;,&quot;sizes&quot;:[]},&quot;min_height_tablet&quot;:{&quot;unit&quot;:&quot;px&quot;,&quot;size&quot;:&quot;&quot;,&quot;sizes&quot;:[]},&quot;min_height_mobile&quot;:{&quot;unit&quot;:&quot;px&quot;,&quot;size&quot;:&quot;&quot;,&quot;sizes&quot;:[]}}\" data-widget_type=\"table-of-contents.default\">\n\t\t\t\t\t\t\t\t\t<div class=\"elementor-toc__header\">\n\t\t\t\t\t\t<h2 class=\"elementor-toc__header-title\">\n\t\t\t\tSis\u00e4llysluettelo\t\t\t<\/h2>\n\t\t\t\t\t\t\t\t\t\t<div class=\"elementor-toc__toggle-button elementor-toc__toggle-button--expand\" role=\"button\" tabindex=\"0\" aria-controls=\"elementor-toc__iwgw-apuausanga-toc\" aria-expanded=\"true\" aria-label=\"Open table of contents\"><svg aria-hidden=\"true\" class=\"e-font-icon-svg e-fas-chevron-down\" viewBox=\"0 0 448 512\" xmlns=\"http:\/\/www.w3.org\/2000\/svg\"><path d=\"M207.029 381.476L12.686 187.132c-9.373-9.373-9.373-24.569 0-33.941l22.667-22.667c9.357-9.357 24.522-9.375 33.901-.04L224 284.505l154.745-154.021c9.379-9.335 24.544-9.317 33.901.04l22.667 22.667c9.373 9.373 9.373 24.569 0 33.941L240.971 381.476c-9.373 9.372-24.569 9.372-33.942 0z\"><\/path><\/svg><\/div>\n\t\t\t\t<div class=\"elementor-toc__toggle-button elementor-toc__toggle-button--collapse\" role=\"button\" tabindex=\"0\" aria-controls=\"elementor-toc__iwgw-apuausanga-toc\" aria-expanded=\"true\" aria-label=\"Close table of contents\"><svg aria-hidden=\"true\" class=\"e-font-icon-svg e-fas-chevron-up\" viewBox=\"0 0 448 512\" xmlns=\"http:\/\/www.w3.org\/2000\/svg\"><path d=\"M240.971 130.524l194.343 194.343c9.373 9.373 9.373 24.569 0 33.941l-22.667 22.667c-9.357 9.357-24.522 9.375-33.901.04L224 227.495 69.255 381.516c-9.379 9.335-24.544 9.317-33.901-.04l-22.667-22.667c-9.373-9.373-9.373-24.569 0-33.941L207.03 130.525c9.372-9.373 24.568-9.373 33.941-.001z\"><\/path><\/svg><\/div>\n\t\t\t\t\t<\/div>\n\t\t\t\t<div id=\"elementor-toc__iwgw-apuausanga-toc\" class=\"elementor-toc__body\">\n\t\t\t<div class=\"elementor-toc__spinner-container\">\n\t\t\t\t<svg class=\"elementor-toc__spinner eicon-animation-spin e-font-icon-svg e-eicon-loading\" aria-hidden=\"true\" viewBox=\"0 0 1000 1000\" xmlns=\"http:\/\/www.w3.org\/2000\/svg\"><path d=\"M500 975V858C696 858 858 696 858 500S696 142 500 142 142 304 142 500H25C25 237 238 25 500 25S975 237 975 500 763 975 500 975Z\"><\/path><\/svg>\t\t\t<\/div>\n\t\t<\/div>\n\t\t\t\t\t\t<\/div>\n\t\t\t\t<\/div>\n\t\t\t\t\t<\/div>\n\t\t\t\t<\/div>\n\t\t<div class=\"elementor-element elementor-element-iwgw-apuausanga-hr e-con-full e-flex e-con e-child\" data-id=\"iwgw-apuausanga-hr\" data-element_type=\"container\" data-e-type=\"container\">\n\t\t\t\t<div class=\"elementor-element elementor-element-iwgw-apuausanga-heroimg iwg-hero-image elementor-widget elementor-widget-image\" data-id=\"iwgw-apuausanga-heroimg\" data-element_type=\"widget\" data-e-type=\"widget\" data-widget_type=\"image.default\">\n\t\t\t\t\t\t\t\t\t\t\t\t\t\t\t<img fetchpriority=\"high\" decoding=\"async\" width=\"683\" height=\"1024\" src=\"https:\/\/iwell-guard.com\/wp-content\/uploads\/2026\/05\/geister_anden-inka_apu-ausangate-683x1024.webp\" class=\"attachment-large size-large wp-image-148852\" alt=\"Apu Ausangate \u2013 henki inkojen andilaisesta perinteest\u00e4, historiallis-kuvitteellinen\" srcset=\"https:\/\/iwell-guard.com\/wp-content\/uploads\/2026\/05\/geister_anden-inka_apu-ausangate-683x1024.webp 683w, https:\/\/iwell-guard.com\/wp-content\/uploads\/2026\/05\/geister_anden-inka_apu-ausangate-200x300.webp 200w, https:\/\/iwell-guard.com\/wp-content\/uploads\/2026\/05\/geister_anden-inka_apu-ausangate-768x1152.webp 768w, https:\/\/iwell-guard.com\/wp-content\/uploads\/2026\/05\/geister_anden-inka_apu-ausangate.webp 1024w\" sizes=\"(max-width: 683px) 100vw, 683px\" \/>\t\t\t\t\t\t\t\t\t\t\t\t\t\t\t<\/div>\n\t\t\t\t<\/div>\n\t\t\t\t\t<\/div>\n\t\t\t\t<\/div>\n\t\t<div class=\"elementor-element elementor-element-iwgw-apuausanga-s0 e-flex e-con-boxed e-con e-parent\" data-id=\"iwgw-apuausanga-s0\" data-element_type=\"container\" data-e-type=\"container\">\n\t\t\t\t\t<div class=\"e-con-inner\">\n\t\t\t\t<div class=\"elementor-element elementor-element-iwgw-apuausanga-s0h elementor-widget elementor-widget-heading\" data-id=\"iwgw-apuausanga-s0h\" data-element_type=\"widget\" data-e-type=\"widget\" data-widget_type=\"heading.default\">\n\t\t\t\t\t<h2 class=\"elementor-heading-title elementor-size-default\">Asema andien panteonissa<\/h2>\t\t\t\t<\/div>\n\t\t<div class=\"elementor-element elementor-element-iwgw-apuausanga-s0c e-con-full e-flex e-con e-child\" data-id=\"iwgw-apuausanga-s0c\" data-element_type=\"container\" data-e-type=\"container\">\n\t\t\t\t<div class=\"elementor-element elementor-element-iwgw-apuausanga-s0t elementor-widget elementor-widget-text-editor\" data-id=\"iwgw-apuausanga-s0t\" data-element_type=\"widget\" data-e-type=\"widget\" data-widget_type=\"text-editor.default\">\n\t\t\t\t\t\t\t\t\t<p>Apu (quechuaksi: <em>herra<\/em>) on Andien personifioitujen vuorijumaluuksien yleinen nimitys. Apu-luokkaan kuuluu satoja yksitt\u00e4isi\u00e4 vuorenhuippuja, joita niiden omat paikallisyhteis\u00f6t palvovat elollisina olentoina.<\/p><p>Apu Ausangate on t\u00e4ss\u00e4 luokassa Cuscon departementon korkein ja mahtavin edustaja, ja se kuuluu Apu Salcantayn, Apu Pitusirayn ja Apu Veronican kanssa alueen nelj\u00e4n ylimm\u00e4n Apun joukkoon.<\/p><p>Uskontotieteellisesti Apu-olennot kuuluvat <em>orografisten personifikaatioiden<\/em> luokkaan: maantieteellisesti merkitt\u00e4v\u00e4t vuoret nostetaan elollisiksi numinositeeteiksi, joille annetaan omaa tahtoa, omaa mielialaa ja omia suhteita. Rakenteellisesti vertailukelpoisia ovat Euroopan alppiset vuorihenget, japanilainen Fuji-Hime-<span class=\"iwg-fachbegriff\" data-tooltip=\"Jumaluuden tai pyh\u00e4n hahmon palvontaan liittyvien uskonnollisten toimien kokonaisuus.\" tabindex=\"0\">kultti<\/span>, nepalilainen Khumbu-Yul-Lha-<span class=\"iwg-fachbegriff\" data-tooltip=\"Jumaluuden tai pyh\u00e4n hahmon palvontaan liittyvien uskonnollisten toimien kokonaisuus.\" tabindex=\"0\">kultti<\/span> ja Pohjois-Amerikan pueblo- ja navajo-perinteiden vuorisuhteet.<\/p><p>Inkavaltakunnan valtakultissa Apuilla oli ceque-j\u00e4rjestelm\u00e4n (ks. <a href=\"https:\/\/iwell-guard.com\/fi\/?page_id=144154\">Inti<\/a>) kautta koko valtakunnan laajuisesti organisoitu palvonta. Apu Ausangate oli yksi kaakkoisen ceque-sektorin t\u00e4rkeimmist\u00e4 p\u00e4\u00e4tepisteist\u00e4, ja se oli riittitopografisessa yhteydess\u00e4 Coricancha-<span class=\"iwg-fachbegriff\" data-tooltip=\"Rakennus, joka palvelee yhden tai useamman jumaluuden palvontaa.\" tabindex=\"0\">temppeliin<\/span>. Brian Bauer on rekonstruoinut t\u00e4m\u00e4n Ausangate-Cusco-akselin teoksessaan <em>The Sacred Landscape of the Inca<\/em> (1998).<\/p><p>Rakenteellisesti t\u00e4rke\u00e4\u00e4 on, ett\u00e4 Apu-perinne ei ole keskitetysti hierarkkisesti j\u00e4rjestetty, vaan toimii <em>hajautettuna<\/em> uskontoj\u00e4rjestelm\u00e4n\u00e4. Jokaisella kyl\u00e4ll\u00e4 ja yhteis\u00f6ll\u00e4 on omat p\u00e4\u00e4-Apunsa, jotka ovat kesken\u00e4\u00e4n monimutkaisessa hierarkiassa.<\/p><p>Ausangate on alueen korkeimpana vuorena tavallaan <em>Apujen Apu<\/em>, mutta se ei korvaa paikallisia vuorenherroja. T\u00e4m\u00e4 hajautettu rakenne selitt\u00e4\u00e4 Apu-uskonnollisuuden poikkeuksellisen sietokyvyn espanjalaista l\u00e4hetysty\u00f6t\u00e4 vastaan: keskitettyj\u00e4 instituutioita, joita olisi voitu tuhota, ei ollut.<\/p>\t\t\t\t\t\t\t\t<\/div>\n\t\t\t\t<\/div>\n\t\t\t\t\t<\/div>\n\t\t\t\t<\/div>\n\t\t<div class=\"elementor-element elementor-element-iwgw-apuausanga-s1 e-flex e-con-boxed e-con e-parent\" data-id=\"iwgw-apuausanga-s1\" data-element_type=\"container\" data-e-type=\"container\">\n\t\t\t\t\t<div class=\"e-con-inner\">\n\t\t\t\t<div class=\"elementor-element elementor-element-iwgw-apuausanga-s1h elementor-widget elementor-widget-heading\" data-id=\"iwgw-apuausanga-s1h\" data-element_type=\"widget\" data-e-type=\"widget\" data-widget_type=\"heading.default\">\n\t\t\t\t\t<h2 class=\"elementor-heading-title elementor-size-default\">Nimi ja etymologia<\/h2>\t\t\t\t<\/div>\n\t\t<div class=\"elementor-element elementor-element-iwgw-apuausanga-s1c e-con-full e-flex e-con e-child\" data-id=\"iwgw-apuausanga-s1c\" data-element_type=\"container\" data-e-type=\"container\">\n\t\t\t\t<div class=\"elementor-element elementor-element-iwgw-apuausanga-s1t elementor-widget elementor-widget-text-editor\" data-id=\"iwgw-apuausanga-s1t\" data-element_type=\"widget\" data-e-type=\"widget\" data-widget_type=\"text-editor.default\">\n\t\t\t\t\t\t\t\t\t<p>Nimen <em>Ausangate<\/em> tai <em>Awsanqati<\/em> alkuper\u00e4\u00e4 ei ole kielitieteellisesti yksiselitteisesti selitetty.<\/p><p><span data-nosnippet>Cesar Itier on quechua-tutkimuksissaan (2008) esitt\u00e4nyt, ett\u00e4 nimi selittyisi sanoista <em>awsa<\/em> (lumi, j\u00e4\u00e4) ja <em>qati<\/em> (kallionhuippu, huippu), jolloin Ausangate olisi <em>Lumihuippu<\/em>. Vaihtoehtoinen etymologia yhdist\u00e4\u00e4 alkuosan <em>aws-<\/em> vartaloon <em>aysa-<\/em> (kutsua, kutsua luokseen), jolloin vuoresta tulisi <em>Kutsuva korkeus<\/em> &#8211; etymologia, joka sopisi vuoren <span class=\"iwg-fachbegriff\" data-tooltip=\"Ihminen, joka tekee uskonnollisin perustein matkan pyh\u00e4lle paikalle.\" tabindex=\"0\">pyhiinvaeltaja<\/span>-asemaan.<\/span><\/p><p>Nimitys <em>apu<\/em> oli inka-ajan quechuassa korkein kunnioittava puhuttelu ja vastasi jokseenkin espanjan sanaa <em>senor<\/em>. Sit\u00e4 k\u00e4ytettiin korkeimman aatelisluokan j\u00e4senist\u00e4, inka-hallitsijoista itsest\u00e4\u00e4n ja uskonnollisena laajennuksena mahtavimmista vuorista.<\/p><p>T\u00e4m\u00e4 kielellinen vuorien rinnastaminen korkeimpaan ihmisluokkaan osoittaa Apujen tasavertaisen asemen inka-ajan <span class=\"iwg-fachbegriff\" data-tooltip=\"Tieteellinen oppi jumalasta ja uskonnon uskosta.\" tabindex=\"0\">teologiassa<\/span>.<\/p><p><span data-nosnippet>Nykyisiss\u00e4 quechuankielisiss\u00e4 kyliss\u00e4 <em>apu<\/em> on maanviljelij\u00f6iden uskonnollisuudessa t\u00e4rkein numinositeetin nimitys. Catherine Allen on teoksessaan <em>The Hold Life Has<\/em> (2002) huomauttanut, ett\u00e4 useimmilla yl\u00e4tasangon kylill\u00e4 on paikallinen p\u00e4\u00e4-Apu, joka on taloudellisesti ja riittik\u00e4yt\u00e4nn\u00f6n kannalta t\u00e4rke\u00e4mpi kuin valtiolliset korkeammat jumaluudet <a href=\"https:\/\/iwell-guard.com\/fi\/?page_id=144154\">Inti<\/a> tai <a href=\"https:\/\/iwell-guard.com\/fi\/?page_id=144156\">Viracocha<\/a>.<\/span><\/p>\t\t\t\t\t\t\t\t<\/div>\n\t\t\t\t<\/div>\n\t\t\t\t\t<\/div>\n\t\t\t\t<\/div>\n\t\t<div class=\"elementor-element elementor-element-iwgw-apuausanga-s2 e-flex e-con-boxed e-con e-parent\" data-id=\"iwgw-apuausanga-s2\" data-element_type=\"container\" data-e-type=\"container\">\n\t\t\t\t\t<div class=\"e-con-inner\">\n\t\t\t\t<div class=\"elementor-element elementor-element-iwgw-apuausanga-s2h elementor-widget elementor-widget-heading\" data-id=\"iwgw-apuausanga-s2h\" data-element_type=\"widget\" data-e-type=\"widget\" data-widget_type=\"heading.default\">\n\t\t\t\t\t<h2 class=\"elementor-heading-title elementor-size-default\">Kuvaus ja ikonografia<\/h2>\t\t\t\t<\/div>\n\t\t<div class=\"elementor-element elementor-element-iwgw-apuausanga-s2c e-con-full e-flex e-con e-child\" data-id=\"iwgw-apuausanga-s2c\" data-element_type=\"container\" data-e-type=\"container\">\n\t\t\t\t<div class=\"elementor-element elementor-element-iwgw-apuausanga-s2t elementor-widget elementor-widget-text-editor\" data-id=\"iwgw-apuausanga-s2t\" data-element_type=\"widget\" data-e-type=\"widget\" data-widget_type=\"text-editor.default\">\n\t\t\t\t\t\t\t\t\t<p>Etnografisissa l\u00e4hteiss\u00e4 Apu Ausangate kuvataan enimm\u00e4kseen antropomorfisena vuorenherrana: arvokkaana vanhana miehen\u00e4, jolla on pitk\u00e4 valkoinen parta ja lumesta tehty viitta, ja joka hallitsee valtakuntaansa huipulla.<\/p><p>T\u00e4m\u00e4 kuvaus ei ole kuitenkaan ikonografisesti kiinte\u00e4; jotkut harjoittajat kuvaavat Ausangaten my\u00f6s valkoisena inkana kultaisessa vaatteessa, toiset muodottomana numinositeettina, jolla ei ole vakiintunutta ulkomuotoa.<\/p><p>T\u00e4rke\u00e4 n\u00e4kyv\u00e4 ilmenemismuoto ovat <em>aukit<\/em>, pienemm\u00e4t vuorenauttajat, jotka k\u00e4yv\u00e4t Ausangaten toimeksiannosta karjan ja peltojen luona. Joissakin kertomuksissa Ausangate ilmestyy my\u00f6s j\u00e4ttim\u00e4isen\u00e4 mustana sonnina tai valkoisena kondorina, joka kiert\u00e4\u00e4 huippua siivet lev\u00e4ll\u00e4\u00e4n. Inge Bolin on kuvannut t\u00e4t\u00e4 ikonografian vaihtelua Chillihuanin kyl\u00e4n osalta.<\/p><p><span data-nosnippet>S\u00e4ilyneiss\u00e4 siirtomaa-aikaisissa cusque\u00f1a-maalauksissa Apu Ausangate esiintyy ajoittain uskonnollisten kohtausten taustalla, usein lumisena vuorimaisemana kristillisten pyhimyskuvausten takana. Kuuluisa <em>Virgen del Cerro<\/em> -maalaus (Potosi, n. 1720) k\u00e4ytt\u00e4\u00e4 tosin Ausangaten sijaan Cerro Ricoa, mutta on rakenteellisesti t\u00e4rkein ikonografinen esikuva vuori-Maria-synkreesille.<\/span><\/p>\t\t\t\t\t\t\t\t<\/div>\n\t\t\t\t<\/div>\n\t\t\t\t\t<\/div>\n\t\t\t\t<\/div>\n\t\t<div class=\"elementor-element elementor-element-iwgw-apuausanga-s3 e-flex e-con-boxed e-con e-parent\" data-id=\"iwgw-apuausanga-s3\" data-element_type=\"container\" data-e-type=\"container\">\n\t\t\t\t\t<div class=\"e-con-inner\">\n\t\t\t\t<div class=\"elementor-element elementor-element-iwgw-apuausanga-s3h elementor-widget elementor-widget-heading\" data-id=\"iwgw-apuausanga-s3h\" data-element_type=\"widget\" data-e-type=\"widget\" data-widget_type=\"heading.default\">\n\t\t\t\t\t<h2 class=\"elementor-heading-title elementor-size-default\">Myyttiset kertomukset<\/h2>\t\t\t\t<\/div>\n\t\t<div class=\"elementor-element elementor-element-iwgw-apuausanga-s3c e-con-full e-flex e-con e-child\" data-id=\"iwgw-apuausanga-s3c\" data-element_type=\"container\" data-e-type=\"container\">\n\t\t\t\t<div class=\"elementor-element elementor-element-iwgw-apuausanga-s3t elementor-widget elementor-widget-text-editor\" data-id=\"iwgw-apuausanga-s3t\" data-element_type=\"widget\" data-e-type=\"widget\" data-widget_type=\"text-editor.default\">\n\t\t\t\t\t\t\t\t\t<p>Apu Ausangateen liittyv\u00e4t mytologiset kertomukset ovat monipuolisia, ja niit\u00e4 kerrotaan l\u00e4hialueiden kyliss\u00e4 lukuisina versioina.<\/p><p>Yksi keskeinen <span class=\"iwg-fachbegriff\" data-tooltip=\"Yl\u00f6s tulevat myytit jumalista, alkuper\u00e4st\u00e4 ja maailman j\u00e4rjestyksest\u00e4.\" tabindex=\"0\">myytti<\/span>luokka kuvaa Ausangaten sukulaissuhteita muihin apuihin: joidenkin versioiden mukaan Apu Ausangate on l\u00e4heisen <em>Apu Pitusirayn<\/em> puoliso, toisten mukaan nuoremman <em>Apu Salcantayn<\/em> is\u00e4, ja kaikissa versioissa alueen korkein ja vanhin apu.<\/p><p>Erityisen t\u00e4rke\u00e4 kertomus kuvaa Ausangatea <em>itu<\/em>-karjan vartijana: vuoren sis\u00e4ll\u00e4 kerrotaan olevan valkoisten laamojen, alpakoiden ja vikunjoiden valtavia laumoja, jotka tulevat vuoresta esiin m\u00e4\u00e4r\u00e4ttyin\u00e4 juhlap\u00e4ivin\u00e4 ja sekoittuvat el\u00e4vien laumoihin.<\/p><p>Jos joku varastaa tai vahingoittaa yht\u00e4 n\u00e4ist\u00e4 pyhist\u00e4 el\u00e4imist\u00e4, Ausangate rankaisee h\u00e4nt\u00e4 ankarasti. T\u00e4m\u00e4 kertomus liittyy toiseen apu-aiheeseen: vuori toimii laumojen varannon s\u00e4ilytyspaikkana, joka turvaa yl\u00e4ng\u00f6n paimenten taloudellisen selviytymisen.<\/p><p><span data-nosnippet>Kolmas <span class=\"iwg-fachbegriff\" data-tooltip=\"Yl\u00f6s tulevat myytit jumalista, alkuper\u00e4st\u00e4 ja maailman j\u00e4rjestyksest\u00e4.\" tabindex=\"0\">myytti<\/span>kokonaisuus yhdist\u00e4\u00e4 Ausangaten <em>Inkariin<\/em>, mytologiseen viimeiseen inka-hallitsijaan, joka Atahualpan kuoleman (1533) j\u00e4lkeen el\u00e4\u00e4 edelleen vuorten sis\u00e4ll\u00e4 ja palaa jonain p\u00e4iv\u00e4n\u00e4 perustamaan inkavaltakunnan uudelleen.<\/span><\/p><p>T\u00e4m\u00e4 inkari-k\u00e4sitys on keskeinen osa inka-ajan j\u00e4lkeist\u00e4 messiaanista odotusta, ja Alejandro Ortiz Rescaniere kuvasi sen j\u00e4rjestelm\u00e4llisesti teoksessaan <em>De Adaneva a Inkarri<\/em> (1973).<\/p><p>Yksi erityinen kertomusluokka liittyy inka-konfliktiin: useiden kylien mukaan Apu Ausangate oli yksi niist\u00e4 olennoista, jotka tulivat inka-hallitsijoiden avuksi ratkaisevissa taisteluissa.<\/p><p>Inkojen ja chancojen v\u00e4lisess\u00e4 taistelussa (n. 1438), joka poliittisesti perusti inkavaltakunnan, Ausangaten itsens\u00e4 kerrotaan taistelleen apu-sotilaana Pachacutin rinnalla ja mahdollistaneen voiton. T\u00e4m\u00e4 yhteys on myyttis-historiallinen, ja etnografisessa kirjallisuudessa sit\u00e4 analysoidaan esimerkkin\u00e4 poliittisen historian ja vuori<span class=\"iwg-fachbegriff\" data-tooltip=\"Tieteellinen oppi jumalasta ja uskonnon uskosta.\" tabindex=\"0\">teologian<\/span> kietoutumisesta toisiinsa.<\/p>\t\t\t\t\t\t\t\t<\/div>\n\t\t\t\t<\/div>\n\t\t\t\t\t<\/div>\n\t\t\t\t<\/div>\n\t\t<div class=\"elementor-element elementor-element-iwgw-apuausanga-s4 e-flex e-con-boxed e-con e-parent\" data-id=\"iwgw-apuausanga-s4\" data-element_type=\"container\" data-e-type=\"container\">\n\t\t\t\t\t<div class=\"e-con-inner\">\n\t\t\t\t<div class=\"elementor-element elementor-element-iwgw-apuausanga-s4h elementor-widget elementor-widget-heading\" data-id=\"iwgw-apuausanga-s4h\" data-element_type=\"widget\" data-e-type=\"widget\" data-widget_type=\"heading.default\">\n\t\t\t\t\t<h2 class=\"elementor-heading-title elementor-size-default\">Kultti ja palvonta<\/h2>\t\t\t\t<\/div>\n\t\t<div class=\"elementor-element elementor-element-iwgw-apuausanga-s4c e-con-full e-flex e-con e-child\" data-id=\"iwgw-apuausanga-s4c\" data-element_type=\"container\" data-e-type=\"container\">\n\t\t\t\t<div class=\"elementor-element elementor-element-iwgw-apuausanga-s4t elementor-widget elementor-widget-text-editor\" data-id=\"iwgw-apuausanga-s4t\" data-element_type=\"widget\" data-e-type=\"widget\" data-widget_type=\"text-editor.default\">\n\t\t\t\t\t\t\t\t\t<p>Apu Ausangaten palvonta tapahtuu ensisijaisesti yksil\u00f6llisten tai perhekohtaisten <span class=\"iwg-fachbegriff\" data-tooltip=\"Lahja jumaluudelle kiitoksen, pyynn\u00f6n tai kunnioituksen ilmaisemiseksi.\" tabindex=\"0\">uhri<\/span>rituaalien muodossa: paimenten p\u00e4ivitt\u00e4isen\u00e4 tai viikoittaisena Ausangaten kutsumisena laitumelle l\u00e4hdett\u00e4ess\u00e4, satunnaisena <span class=\"iwg-fachbegriff\" data-tooltip=\"Lahja jumaluudelle kiitoksen, pyynn\u00f6n tai kunnioituksen ilmaisemiseksi.\" tabindex=\"0\">uhrina<\/span> (despacho tai pago a la tierra) t\u00e4rkeiss\u00e4 el\u00e4m\u00e4n siirtym\u00e4vaiheissa sek\u00e4 yhteis\u00f6llisin\u00e4 vuorenhuipun pyhiinvaelluksina.<\/p><p><span data-nosnippet>T\u00e4rkein yhteis\u00f6llinen <span class=\"iwg-fachbegriff\" data-tooltip=\"Uskonnollisesti motivoitu matka pyh\u00e4\u00e4n paikkaan.\" tabindex=\"0\">pyhiinvaellus<\/span> on <em>Qoyllur Riti<\/em> &#8211;<span class=\"iwg-fachbegriff\" data-tooltip=\"Uskonnollisesti motivoitu matka pyh\u00e4\u00e4n paikkaan.\" tabindex=\"0\">pyhiinvaellus<\/span> (quechuaksi <em>quyllur rit&#8217;i<\/em>, lumit\u00e4hti), joka j\u00e4rjestet\u00e4\u00e4n vuosittain kes\u00e4kuussa Cuscosta kaakkoon sijaitsevilla vuorilla Ausangate-massiivin juurella. Se on yksi suurimmista andien pyhiinvaelluksista, ja UNESCO tunnusti sen aineettomaksi kulttuuriperinn\u00f6ksi vuonna 2011.<\/span><\/p><p>Useat sadattuhannet <span class=\"iwg-fachbegriff\" data-tooltip=\"Ihminen, joka tekee uskonnollisesti motivoidun matkan pyh\u00e4\u00e4n paikkaan.\" tabindex=\"0\">pyhiinvaeltajat<\/span> vaeltavat useiden p\u00e4ivien ajan <span class=\"iwg-fachbegriff\" data-tooltip=\"Juhlallinen uskonnollinen kulkue.\" tabindex=\"0\">kulkueessa<\/span> <em>Sinakaran<\/em> <span class=\"iwg-fachbegriff\" data-tooltip=\"Jumaluuden palvonnalle omistettu pyh\u00e4 paikka.\" tabindex=\"0\">pyh\u00e4kk\u00f6\u00f6n<\/span>, rukoilevat siell\u00e4 kallioon hakatun ristin edess\u00e4 ja nousevat sitten j\u00e4\u00e4tik\u00f6nkielille valvomaan koko y\u00f6n.<\/p><p>Alun perin esi-inkalainen lumi<span class=\"iwg-fachbegriff\" data-tooltip=\"Uskonnollisesti motivoitu matka pyh\u00e4\u00e4n paikkaan.\" tabindex=\"0\">pyhiinvaellus<\/span> kristillistettiin vuonna 1783, kun Sinakaran kallioristi otettiin k\u00e4ytt\u00f6\u00f6n <span class=\"iwg-fachbegriff\" data-tooltip=\"Ihminen, joka tekee uskonnollisesti motivoidun matkan pyh\u00e4\u00e4n paikkaan.\" tabindex=\"0\">pyhiinvaeltajien<\/span> kuvana. Nykyk\u00e4yt\u00e4nn\u00f6ss\u00e4 katolinen risti-kuva ja alkuper\u00e4iskansan Ausangate-palvonta ovat erottamattomasti kietoutuneet toisiinsa. Robert Randall on tutkimuksessaan Qoyllur Ritist\u00e4 (1982) kuvannut perusteellisesti t\u00e4m\u00e4n <span class=\"iwg-fachbegriff\" data-tooltip=\"Uskonnollisesti motivoitu matka pyh\u00e4\u00e4n paikkaan.\" tabindex=\"0\">pyhiinvaelluksen<\/span> kaksoistasoa.<\/p>\t\t\t\t\t\t\t\t<\/div>\n\t\t\t\t<\/div>\n\t\t\t\t\t<\/div>\n\t\t\t\t<\/div>\n\t\t<div class=\"elementor-element elementor-element-iwgw-apuausanga-s5 e-flex e-con-boxed e-con e-parent\" data-id=\"iwgw-apuausanga-s5\" data-element_type=\"container\" data-e-type=\"container\">\n\t\t\t\t\t<div class=\"e-con-inner\">\n\t\t\t\t<div class=\"elementor-element elementor-element-iwgw-apuausanga-s5h elementor-widget elementor-widget-heading\" data-id=\"iwgw-apuausanga-s5h\" data-element_type=\"widget\" data-e-type=\"widget\" data-widget_type=\"heading.default\">\n\t\t\t\t\t<h2 class=\"elementor-heading-title elementor-size-default\">Suojeluk\u00e4yt\u00e4nt\u00f6 ja apotropaiset piirteet<\/h2>\t\t\t\t<\/div>\n\t\t<div class=\"elementor-element elementor-element-iwgw-apuausanga-s5c e-con-full e-flex e-con e-child\" data-id=\"iwgw-apuausanga-s5c\" data-element_type=\"container\" data-e-type=\"container\">\n\t\t\t\t<div class=\"elementor-element elementor-element-iwgw-apuausanga-s5t elementor-widget elementor-widget-text-editor\" data-id=\"iwgw-apuausanga-s5t\" data-element_type=\"widget\" data-e-type=\"widget\" data-widget_type=\"text-editor.default\">\n\t\t\t\t\t\t\t\t\t<p>Apu Ausangate on yl\u00e4ng\u00f6n maanviljelij\u00f6iden k\u00e4yt\u00e4nn\u00f6iss\u00e4 yksi keskeisimmist\u00e4 suojelevista hahmoista. Ausangateen liittyv\u00e4 suojeluk\u00e4yt\u00e4nt\u00f6 keskittyy nelj\u00e4\u00e4n alueeseen: karjan suojeluun, sairauksilta suojeluun, vuoristopoluilla matkustavien suojeluun ja haittahenkilt\u00e4 (<a href=\"https:\/\/iwell-guard.com\/fi\/?page_id=144160\">Supay<\/a>) suojautumiseen.<\/p><p>Konkreettisia suojeluk\u00e4yt\u00e4nt\u00f6j\u00e4 ovat Ausangaten kutsuminen avuksi ennen jokaista vuorenylityst\u00e4 kaavalla <em>Apu Ausangate, runallaykim kani<\/em> (Apu Ausangate, olen vain sinun ihmisesi), pienten kivikasojen (<em>apacheta<\/em>) kokoaminen vuorenhuipuille n\u00e4kyv\u00e4n\u00e4 merkkin\u00e4 <span class=\"iwg-fachbegriff\" data-tooltip=\"Jumaluuden tai voiman pyyt\u00e4v\u00e4 tai loitsiva puhuttelu.\" tabindex=\"0\">avuksihuutamisesta<\/span>, sek\u00e4 vahakynttil\u00f6iden polttaminen aamulla ennen karjan viemist\u00e4 laitumelle.<\/p><p>Rituaalien erikoisosaajilla, <em>paqoilla<\/em> tai <em>altomisayoqeilla<\/em>, on erityinen suhde Ausangateen; kutsumuskertomuksessa Ausangate itse nimet\u00e4\u00e4n usein vuori-opettajaksi.<\/p><p>Yksi erityinen suojeluk\u00e4yt\u00e4nt\u00f6 liittyy rituaaliseen puhdistautumiseen Qoyllur Riti -pyhiinvaelluksessa.<\/p><p>Se, joka on suorittanut nousun ja saapuu j\u00e4\u00e4tik\u00f6nkielelle yl\u00e4tason ensimm\u00e4isen auringonvalon aikaan, saa etuoikeuden murtaa pienen j\u00e4\u00e4palan ja kantaa sen kotikyl\u00e4\u00e4n, jossa j\u00e4\u00e4 sulatetaan pelloilla, jotta vuoren <span class=\"iwg-fachbegriff\" data-tooltip=\"Onnen ja suojeluksen suominen, usein vakiintuneessa kielellisess\u00e4 muodossa.\" tabindex=\"0\">siunaus<\/span> tulee pelloille.<\/p><p>T\u00e4t\u00e4 k\u00e4yt\u00e4nt\u00f6\u00e4 on kuitenkin viimeisten 20 vuoden aikana rajoitettu voimakkaasti ilmastonmuutoksen aiheuttaman j\u00e4\u00e4tik\u00f6iden sulamisen vuoksi.<\/p><p><em>Despacho<\/em>&#8211; eli <em>pago a la tierra<\/em> -k\u00e4yt\u00e4nn\u00f6ll\u00e4 Ausangateen liittyen on omanlaisensa monimutkaisuus. <em>Despacho a Ausangate<\/em> k\u00e4sitt\u00e4\u00e4 tyypillisesti 12-vaiheisen <span class=\"iwg-fachbegriff\" data-tooltip=\"Lahja jumaluudelle kiitoksen, pyynn\u00f6n tai kunnioituksen ilmaisemiseksi.\" tabindex=\"0\">uhri<\/span>paketin, jossa on koka-lehti\u00e4 (kintut), laamanrasvaa, pieni\u00e4 makeisia, eriv\u00e4rist\u00e4 villaa, laaman alkioita (sullu), kulta- ja hopealehti\u00e4 sek\u00e4 valikoiman pieni\u00e4 kivifiguureja.<\/p><p>Koko paketti j\u00e4rjestet\u00e4\u00e4n taidokkaasti taitellun paperirakenteen sis\u00e4\u00e4n muiden suojaavien koristeiden kanssa, ja se poltetaan tai haudataan rituaalin p\u00e4\u00e4tteeksi. T\u00e4t\u00e4 k\u00e4yt\u00e4nt\u00f6\u00e4 ovat kuvanneet yksityiskohtaisesti Juan Nunez del Prado, Catherine Allen ja Joseph Bastien.<\/p>\t\t\t\t\t\t\t\t<\/div>\n\t\t\t\t<\/div>\n\t\t\t\t\t<\/div>\n\t\t\t\t<\/div>\n\t\t<div class=\"elementor-element elementor-element-iwgw-apuausanga-s6 e-flex e-con-boxed e-con e-parent\" data-id=\"iwgw-apuausanga-s6\" data-element_type=\"container\" data-e-type=\"container\">\n\t\t\t\t\t<div class=\"e-con-inner\">\n\t\t\t\t<div class=\"elementor-element elementor-element-iwgw-apuausanga-s6h elementor-widget elementor-widget-heading\" data-id=\"iwgw-apuausanga-s6h\" data-element_type=\"widget\" data-e-type=\"widget\" data-widget_type=\"heading.default\">\n\t\t\t\t\t<h2 class=\"elementor-heading-title elementor-size-default\">Rinnakkaisilmi\u00f6t muissa kulttuureissa<\/h2>\t\t\t\t<\/div>\n\t\t<div class=\"elementor-element elementor-element-iwgw-apuausanga-s6c e-con-full e-flex e-con e-child\" data-id=\"iwgw-apuausanga-s6c\" data-element_type=\"container\" data-e-type=\"container\">\n\t\t\t\t<div class=\"elementor-element elementor-element-iwgw-apuausanga-s6t elementor-widget elementor-widget-text-editor\" data-id=\"iwgw-apuausanga-s6t\" data-element_type=\"widget\" data-e-type=\"widget\" data-widget_type=\"text-editor.default\">\n\t\t\t\t\t\t\t\t\t<p>Vuorenjumaluudet ja vuorenherrat ovat keskeisi\u00e4 hahmoja k\u00e4yt\u00e4nn\u00f6ss\u00e4 kaikissa maailman yl\u00e4ng\u00f6n uskonnoissa. Rakenteellisia yht\u00e4l\u00e4isyyksi\u00e4 Apu Ausangateen l\u00f6ytyy japanilaisesta Fuji-Hime- ja Asama-<span class=\"iwg-fachbegriff\" data-tooltip=\"Jumaluuteen tai pyh\u00e4\u00e4n hahmoon kohdistuvien uskonnollisten palvontamenojen kokonaisuus.\" tabindex=\"0\">kultista<\/span>, kiinalaisesta Taishan-vuoren <span class=\"iwg-fachbegriff\" data-tooltip=\"Jumaluuteen tai pyh\u00e4\u00e4n hahmoon kohdistuvien uskonnollisten palvontamenojen kokonaisuus.\" tabindex=\"0\">kultista<\/span>, hindulaisesta Kailashin ja Merun palvonnasta, kreikkalaisesta Olympos-<span class=\"iwg-fachbegriff\" data-tooltip=\"Tieteellinen oppi Jumalasta ja uskonnon uskosta.\" tabindex=\"0\">teologiasta<\/span> ja Tirolin ja Sveitsin alpiinisista vuorenhenkiuskomuksista.<\/p><p><span data-nosnippet>Mircea Eliade kuvasi teoksessaan <em>Patterns in Comparative Religion<\/em> (1958) systemaattisesti pyh\u00e4n vuoren kaavan <em>axis mundina<\/em>: vuori yhdist\u00e4\u00e4 taivaan ja maan, on jumalten asuinpaikka ja sen voivat kiivet\u00e4 siihen kykenev\u00e4t ihmiset (papit, erakot, pyhiinvaeltajat) kohdatakseen numinoosin.<\/span><\/p><p>Apu Ausangate on t\u00e4ss\u00e4 kaavassa paradigmaattinen esimerkki.<\/p><p>Amerikan sis\u00e4ll\u00e4 Apu Ausangatessa on yht\u00e4l\u00e4isyyksi\u00e4 navajo-intiaanien <a href=\"https:\/\/iwell-guard.com\/fi\/?page_id=144172\">Changing-Woman<\/a>-pyh\u00e4n vuoren perinteeseen ja tiibetil\u00e4is-buddhalaiseen yul-lha-perinteeseen. J\u00e4lkimm\u00e4inen on erityisen huomionarvoinen siin\u00e4 mieless\u00e4, ett\u00e4 se on rakenteellisesti hyvin samankaltainen kuin apu-perinne: my\u00f6s siell\u00e4 sadat yksitt\u00e4iset vuoret ovat omia jumaluuksiaan, joita paikallinen yhteis\u00f6 palvoo.<\/p><p>Alpiininen vertaileva <span class=\"iwg-fachbegriff\" data-tooltip=\"Tiede, joka tutkii uskontoja vertailevasti ja sitoutumatta uskoon.\" tabindex=\"0\">uskontotiede<\/span> on 1990-luvulta l\u00e4htien k\u00e4sitellyt yh\u00e4 enemm\u00e4n kysymyst\u00e4 siit\u00e4, ovatko eri korkeakulttuurien vuorenhenkiuskomukset typologisesti sukua toisilleen. Anne Buttimer ja Edmunds Bunkse ovat esitt\u00e4neet vertailevia tutkimuksia eurooppalaisista vuoriteologioista (erityisesti dolomiittien <em>monti pallidi<\/em>-kertomuksista), jotka ovat rakenteellisesti verrattavissa andien apu-perinteeseen.<\/p><p>N\u00e4iden yht\u00e4l\u00e4isyyksien selitt\u00e4\u00e4 yl\u00e4ng\u00f6n asukkaiden yhteinen kognitiivinen tilanne, jossa vuori koetaan v\u00e4litt\u00f6m\u00e4sti maantieteellisesti hallitsevana, s\u00e4\u00e4h\u00e4n vaikuttavana ja vaarallisena l\u00e4sn\u00e4olona, joka n\u00e4in kutsuu personifioimaan sen.<\/p>\t\t\t\t\t\t\t\t<\/div>\n\t\t\t\t<\/div>\n\t\t\t\t\t<\/div>\n\t\t\t\t<\/div>\n\t\t<div class=\"elementor-element elementor-element-iwgw-apuausanga-s7 e-flex e-con-boxed e-con e-parent\" data-id=\"iwgw-apuausanga-s7\" data-element_type=\"container\" data-e-type=\"container\">\n\t\t\t\t\t<div class=\"e-con-inner\">\n\t\t\t\t<div class=\"elementor-element elementor-element-iwgw-apuausanga-s7h elementor-widget elementor-widget-heading\" data-id=\"iwgw-apuausanga-s7h\" data-element_type=\"widget\" data-e-type=\"widget\" data-widget_type=\"heading.default\">\n\t\t\t\t\t<h2 class=\"elementor-heading-title elementor-size-default\">Nykyinen tulkinta ja tutkimus<\/h2>\t\t\t\t<\/div>\n\t\t<div class=\"elementor-element elementor-element-iwgw-apuausanga-s7c e-con-full e-flex e-con e-child\" data-id=\"iwgw-apuausanga-s7c\" data-element_type=\"container\" data-e-type=\"container\">\n\t\t\t\t<div class=\"elementor-element elementor-element-iwgw-apuausanga-s7t elementor-widget elementor-widget-text-editor\" data-id=\"iwgw-apuausanga-s7t\" data-element_type=\"widget\" data-e-type=\"widget\" data-widget_type=\"text-editor.default\">\n\t\t\t\t\t\t\t\t\t<p>Apu Ausangate on nyky\u00e4\u00e4n yksi Andien alueen el\u00e4v\u00e4n alkuper\u00e4iskansojen uskonnollisuuden n\u00e4kyvimmist\u00e4 esimerkeist\u00e4. <em>Qoyllur Riti<\/em>&#8211;<span class=\"iwg-fachbegriff\" data-tooltip=\"Uskonnollisista syist\u00e4 tehty matka pyh\u00e4\u00e4n paikkaan.\" tabindex=\"0\">pyhiinvaellus<\/span> ker\u00e4\u00e4 vuosittain useita satojatuhansia <span class=\"iwg-fachbegriff\" data-tooltip=\"Ihminen, joka tekee uskonnollisista syist\u00e4 matkan pyh\u00e4\u00e4n paikkaan.\" tabindex=\"0\">pyhiinvaeltajia<\/span>, ja uskontoetnologisessa kirjallisuudessa sit\u00e4 kuvataan andilaisen synkretismin malliesimerkkin\u00e4. Robert Randall (1982), Jean-Jacques Decoster (2007) ja Karsten Paerregaard (2017) ovat kuvanneet <span class=\"iwg-fachbegriff\" data-tooltip=\"Uskonnollisista syist\u00e4 tehty matka pyh\u00e4\u00e4n paikkaan.\" tabindex=\"0\">pyhiinvaellusta<\/span> sen nykyaikaisen kehityksen eri vaiheissa.<\/p><p><span data-nosnippet>Yh\u00e4 t\u00e4rke\u00e4mm\u00e4ksi tutkimuslinjaksi on nousemassa ilmastokriisin vaikutus. Ausangaten j\u00e4\u00e4tikk\u00f6 on menett\u00e4nyt viimeisten kolmenkymmenen vuoden aikana yli 40 prosenttia pinta-alastaan; perinne, jossa <span class=\"iwg-fachbegriff\" data-tooltip=\"Ihminen, joka tekee uskonnollisista syist\u00e4 matkan pyh\u00e4\u00e4n paikkaan.\" tabindex=\"0\">pyhiinvaeltajat<\/span> kantoivat j\u00e4\u00e4tik\u00f6nkielekkeest\u00e4 irrotettuja j\u00e4\u00e4paloja laaksoon, jouduttiin lopettamaan vuonna 2003 Qoyllur Ritin vartijoiden veljeskunnan p\u00e4\u00e4t\u00f6ksell\u00e4, koska j\u00e4\u00e4n v\u00e4heneminen teki perinteest\u00e4 ekologisesti kest\u00e4m\u00e4tt\u00f6m\u00e4n.<\/span><\/p><p>Paerregaard ja Inge Bolin ovat dokumentoineet n\u00e4it\u00e4 rituaalisia sopeutumisia tuoreemmissa Andien ilmastokriisi\u00e4 k\u00e4sitteleviss\u00e4 t\u00f6iss\u00e4\u00e4n.<\/p><p>Uskontotieteellisest\u00e4 n\u00e4k\u00f6kulmasta Apu Ausangate on t\u00e4rke\u00e4 esimerkki siit\u00e4, miten alkuper\u00e4iskansojen uskonnollisuus pysyy el\u00e4v\u00e4n\u00e4 my\u00f6s modernin ajan, kristillistymisen ja ekologisen kriisin oloissa. Catherine Allen, Joseph Bastien ja Karsten Paerregaard ovat teoksissaan toistuvasti korostaneet t\u00e4m\u00e4n perinteen sietokyky\u00e4. iWell Guardin viittaus Ausangate-palvontaan kuvaa t\u00e4t\u00e4 perinnett\u00e4 uskontohistoriallisesti, eik\u00e4 siihen liity vaikutuslupauksia.<\/p><p><span data-nosnippet>Kasvava tutkimuskentt\u00e4 k\u00e4sittelee alkuper\u00e4iskansojen uskonnollisuuden suhdetta poliittiseen tunnustamiseen. Boliviassa ja Perussa Apu-palvonta on viimeisten 20 vuoden aikana yh\u00e4 enemm\u00e4n otettu osaksi kansallisia ja kansainv\u00e4lisi\u00e4 tunnustamisprosesseja: Qoyllur Riti on ollut UNESCOn maailmanperint\u00f6kohde vuodesta 2011, ja alkuper\u00e4iskansojen uskonnollisuus on saanut perustuslaillisen tunnustuksen Boliviassa ja Ecuadorissa.<\/span><\/p><p>T\u00e4m\u00e4 poliittinen tunnustus on vahvistanut Apu-perinteen asemaa, mutta se on tuonut mukanaan my\u00f6s ongelmallisia folklorisoitumisen ja matkailullisen kaupallistamisen suuntauksia, joita uskontoetnologisessa keskustelussa on tarkasteltu kriittisesti.<\/p>\t\t\t\t\t\t\t\t<\/div>\n\t\t\t\t<\/div>\n\t\t\t\t\t<\/div>\n\t\t\t\t<\/div>\n\t\t<div class=\"elementor-element elementor-element-iwgw-apuausanga-s8 e-flex e-con-boxed e-con e-parent\" data-id=\"iwgw-apuausanga-s8\" data-element_type=\"container\" data-e-type=\"container\">\n\t\t\t\t\t<div class=\"e-con-inner\">\n\t\t\t\t<div class=\"elementor-element elementor-element-iwgw-apuausanga-s8h elementor-widget elementor-widget-heading\" data-id=\"iwgw-apuausanga-s8h\" data-element_type=\"widget\" data-e-type=\"widget\" data-widget_type=\"heading.default\">\n\t\t\t\t\t<h2 class=\"elementor-heading-title elementor-size-default\">Kirjallisuus ja l\u00e4hteet<\/h2>\t\t\t\t<\/div>\n\t\t<div class=\"elementor-element elementor-element-iwgw-apuausanga-s8c e-con-full e-flex e-con e-child\" data-id=\"iwgw-apuausanga-s8c\" data-element_type=\"container\" data-e-type=\"container\">\n\t\t\t\t<div class=\"elementor-element elementor-element-iwgw-apuausanga-s8t elementor-widget elementor-widget-text-editor\" data-id=\"iwgw-apuausanga-s8t\" data-element_type=\"widget\" data-e-type=\"widget\" data-widget_type=\"text-editor.default\">\n\t\t\t\t\t\t\t\t\t<p>Seuraava valikoima luettelee keskeisi\u00e4 Andien etnologian ja uskontohistorian teoksia Apu-palvonnasta ja Qoyllur Riti &#8211;<span class=\"iwg-fachbegriff\" data-tooltip=\"Uskonnollisista syist\u00e4 tehty matka pyh\u00e4\u00e4n paikkaan.\" tabindex=\"0\">pyhiinvaelluksesta<\/span>.<\/p>\t\t\t\t\t\t\t\t<\/div>\n\t\t\t\t<\/div>\n\t\t\t\t\t<\/div>\n\t\t\t\t<\/div>\n\t\t<div class=\"elementor-element elementor-element-cp21fdddf4 e-flex e-con-boxed e-con e-parent\" data-id=\"cp21fdddf4\" data-element_type=\"container\" data-e-type=\"container\">\n\t\t\t\t\t<div class=\"e-con-inner\">\n\t\t\t\t<div class=\"elementor-element elementor-element-cp2302b96e elementor-widget elementor-widget-heading\" data-id=\"cp2302b96e\" data-element_type=\"widget\" data-e-type=\"widget\" data-widget_type=\"heading.default\">\n\t\t\t\t\t<h2 class=\"elementor-heading-title elementor-size-default\">Ausangate Qoyllur Rit'in vuotuisessa juhlakierrossa<\/h2>\t\t\t\t<\/div>\n\t\t<div class=\"elementor-element elementor-element-cp2b58d247 e-flex e-con-boxed e-con e-child\" data-id=\"cp2b58d247\" data-element_type=\"container\" data-e-type=\"container\">\n\t\t\t\t\t<div class=\"e-con-inner\">\n\t\t\t\t<div class=\"elementor-element elementor-element-cp2f4cfb74 elementor-widget elementor-widget-text-editor\" data-id=\"cp2f4cfb74\" data-element_type=\"widget\" data-e-type=\"widget\" data-widget_type=\"text-editor.default\">\n\t\t\t\t\t\t\t\t\t<p><em>Apu<\/em> Ausangaten tunnetuin rituaalinen yhteys el\u00e4v\u00e4\u00e4n andilaiseen perinteeseen on Qoyllur Rit&#8217;in <span class=\"iwg-fachbegriff\" data-tooltip=\"Uskonnollisista syist\u00e4 tehty matka pyh\u00e4\u00e4n paikkaan.\" tabindex=\"0\">pyhiinvaellus<\/span>, joka j\u00e4rjestet\u00e4\u00e4n vuosittain hieman ennen Corpus Christi -juhlaa Ausangate-massiivin juurella Sinakaran laaksossa.<\/p><p>Kymmenet tuhannet <span class=\"iwg-fachbegriff\" data-tooltip=\"Ihminen, joka tekee uskonnollisista syist\u00e4 matkan pyh\u00e4\u00e4n paikkaan.\" tabindex=\"0\">pyhiinvaeltajat<\/span> etel\u00e4isen yl\u00e4ng\u00f6n quechua- ja aymarayhteis\u00f6ist\u00e4 vaeltavat <span class=\"iwg-fachbegriff\" data-tooltip=\"Jumaluuden palvonnalle omistettu pyh\u00e4 paikka.\" tabindex=\"0\">pyh\u00e4k\u00f6lle<\/span>, joka sijaitsee noin 4600 metrin korkeudessa ja jossa palvotaan kallioon maalattua Kristus-kuvaa.<\/p><p>Katolinen tulkinta liittyy 1700-luvulta periytyv\u00e4\u00e4n ilmestyslegendaan, mutta etnologit, kuten Michael Sallnow ja my\u00f6hemmin Robert Randall, ovat osoittaneet, ett\u00e4 <span class=\"iwg-fachbegriff\" data-tooltip=\"Uskonnollisista syist\u00e4 tehty matka pyh\u00e4\u00e4n paikkaan.\" tabindex=\"0\">pyhiinvaellus<\/span> on samalla vuorenpalvontaa, joka kohdistuu Ausangateen alueen ylimp\u00e4n\u00e4 <em>Apuna<\/em>.<\/p><p>Rituaalin kantajia ovat <em>ukukut<\/em> tai <em>pablitot<\/em>, naamioidut tanssijat karvaisissa villapuvuissa, joita pidet\u00e4\u00e4n v\u00e4litt\u00e4jin\u00e4 ihmisen ja vuoren v\u00e4lill\u00e4. Y\u00f6ll\u00e4 he nousevat Ausangaten j\u00e4\u00e4tik\u00f6ille hakemaan j\u00e4\u00e4t\u00e4 ja suorittamaan rituaaleja, jotka ovat samalla rohkeuskokeita ja puhdistusmenoja.<\/p><p>Aiemmin suuria j\u00e4\u00e4lohkareita kannettiin laaksoon; j\u00e4\u00e4tik\u00f6n supistumisen vuoksi t\u00e4t\u00e4 <span class=\"iwg-fachbegriff\" data-tooltip=\"Perinteinen, yhteis\u00f6ss\u00e4 s\u00e4\u00e4nn\u00f6llisesti toistuva toiminta.\" tabindex=\"0\">tapaa<\/span> on viime vuosina rajoitettu voimakkaasti, mist\u00e4 on itsest\u00e4\u00e4n tullut uskonnollisen tulkinnan kohde.<\/p><p>Juhlakierto yhdist\u00e4\u00e4 siten kristillisen pyh\u00e4inpalvonnan, andilaisen vuorenuskonnon ja maatalouskalenterin, joka yhdist\u00e4\u00e4 Seulasten t\u00e4htijoukon ilmestymisen tulevaan kylv\u00f6\u00f6n. <span class=\"iwg-fachbegriff\" data-tooltip=\"Uskonnollisista syist\u00e4 tehty matka pyh\u00e4\u00e4n paikkaan.\" tabindex=\"0\">Pyhiinvaellusta<\/span> koskeva tutkimus korostaa, ettei kyse ole vain esikolonialisen uskonnon j\u00e4\u00e4nteest\u00e4, vaan itsen\u00e4isest\u00e4 k\u00e4yt\u00e4nn\u00f6st\u00e4, jota tulkitaan jatkuvasti uudelleen.<\/p><p>Ausangaten roolin ymm\u00e4rt\u00e4minen edellytt\u00e4\u00e4 Qoyllur Rit&#8217;in n\u00e4kemist\u00e4 sen t\u00e4rkeimp\u00e4n\u00e4 nykyisen\u00e4 paikkana. Alueen sukulaisvuorijumaluuksia k\u00e4sitell\u00e4\u00e4n yleisesti <a href=\"https:\/\/iwell-guard.com\/fi\/?page_id=144162\">apuja<\/a> koskevassa artikkelissa.<\/p>\t\t\t\t\t\t\t\t<\/div>\n\t\t\t\t\t<\/div>\n\t\t\t\t<\/div>\n\t\t\t\t\t<\/div>\n\t\t\t\t<\/div>\n\t\t<div class=\"elementor-element elementor-element-cp2a2dbdd9 e-flex e-con-boxed e-con e-parent\" data-id=\"cp2a2dbdd9\" data-element_type=\"container\" data-e-type=\"container\">\n\t\t\t\t\t<div class=\"e-con-inner\">\n\t\t\t\t<div class=\"elementor-element elementor-element-cp2a442214 elementor-widget elementor-widget-heading\" data-id=\"cp2a442214\" data-element_type=\"widget\" data-e-type=\"widget\" data-widget_type=\"heading.default\">\n\t\t\t\t\t<h2 class=\"elementor-heading-title elementor-size-default\">Ausangate andien parantajien despacho-seremoniassa<\/h2>\t\t\t\t<\/div>\n\t\t<div class=\"elementor-element elementor-element-cp2cd4ff16 e-flex e-con-boxed e-con e-child\" data-id=\"cp2cd4ff16\" data-element_type=\"container\" data-e-type=\"container\">\n\t\t\t\t\t<div class=\"e-con-inner\">\n\t\t\t\t<div class=\"elementor-element elementor-element-cp2a3601b3 elementor-widget elementor-widget-text-editor\" data-id=\"cp2a3601b3\" data-element_type=\"widget\" data-e-type=\"widget\" data-widget_type=\"text-editor.default\">\n\t\t\t\t\t\t\t\t\t<p>Etel\u00e4-Andien Quechua-yhteis\u00f6jen rituaalisessa arjessa Ausangate kohdataan erityisesti <em>despachossa<\/em>, uhrik\u00e4\u00e4r\u00f6ss\u00e4, jonka <em>paqot<\/em> eli andien rituaalien asiantuntijat kokoavat. Paperille tai kankaalle j\u00e4rjestell\u00e4\u00e4n koka-lehti\u00e4 kolmen ryhmiss\u00e4, niin sanottuina <em>k&#8217;intuina<\/em>, sek\u00e4 maissinjyvi\u00e4, el\u00e4inrasvaa, v\u00e4rillist\u00e4 villaa, pieni\u00e4 lyijyfiguureja ja toisinaan makeisia.<\/p><p>Kukin osa edustaa lahjaa <em>Pachamamalle<\/em> ja <em>Apuille<\/em>, joiden joukossa Ausangate on korkea-arvoisin suuressa osassa Cuscon aluetta.<\/p><p><span class=\"iwg-fachbegriff\" data-tooltip=\"Jumaluuden tai vallan puoleen k\u00e4\u00e4ntyminen pyyt\u00e4en tai loitsien.\" tabindex=\"0\">Kutsuminen<\/span> noudattaa hierarkkista j\u00e4rjestyst\u00e4: ensin mainitaan paikalliset kotivuoret, sitten suuremmat alueelliset <em>Aput<\/em>, ja viimeiseksi Ausangate ylialueellisena huippuna. Valmis k\u00e4\u00e4r\u00f6 poltetaan tai haudataan; nouseva savu on varsinainen tapa, jolla lahja v\u00e4littyy.<\/p><p>Etnologiset tutkimukset, esimerkiksi Catherine Allenin ty\u00f6 Sonqon l\u00e4hiyhteis\u00f6ist\u00e4, kuvaavat <em>despachoa<\/em> vastavuoroisuuden tekona: vuori saa ravintoa ja antaa vastineeksi hedelm\u00e4llisyytt\u00e4, suojaa karjalle ja parantumista.<\/p><p>Huomionarvoista on, ett\u00e4 t\u00e4m\u00e4 k\u00e4yt\u00e4nt\u00f6 ei tapahdu piilossa, vaan on avoimesti osa uskonnollista el\u00e4m\u00e4\u00e4 ja el\u00e4\u00e4 rinnakkain katolisen kalenterin kanssa. Viime vuosikymmenin\u00e4 <em>despacho<\/em> on my\u00f6s levinnyt kansainv\u00e4lisesti esoteerisen Andien-matkailun my\u00f6t\u00e4, mik\u00e4 on her\u00e4tt\u00e4nyt tutkijoiden keskuudessa kiistanalaista keskustelua.<\/p><p>Toiset n\u00e4kev\u00e4t siin\u00e4 juurettomuutta, toiset sopeutumiskyky\u00e4, jota andien uskonto on osoittanut toistuvasti siirtomaa-ajasta l\u00e4htien. Ausangaten ymm\u00e4rt\u00e4misen kannalta on olennaista, ett\u00e4 se ei t\u00e4ss\u00e4 yhteydess\u00e4 ilmene et\u00e4isen\u00e4 <span class=\"iwg-fachbegriff\" data-tooltip=\"Perinteinen kertomus jumalista, alkuper\u00e4st\u00e4 ja maailman j\u00e4rjestyksest\u00e4.\" tabindex=\"0\">myyttin\u00e4<\/span>, vaan konkreettisena, puhuteltavana rituaalisten lahjojen vastaanottajana.<\/p>\t\t\t\t\t\t\t\t<\/div>\n\t\t\t\t\t<\/div>\n\t\t\t\t<\/div>\n\t\t\t\t\t<\/div>\n\t\t\t\t<\/div>\n\t\t<div class=\"elementor-element elementor-element-iwgw-apuausanga-lit e-flex e-con-boxed e-con e-parent\" data-id=\"iwgw-apuausanga-lit\" data-element_type=\"container\" data-e-type=\"container\">\n\t\t\t\t\t<div class=\"e-con-inner\">\n\t\t\t\t<div class=\"elementor-element elementor-element-iwgw-apuausanga-lith elementor-widget elementor-widget-heading\" data-id=\"iwgw-apuausanga-lith\" data-element_type=\"widget\" data-e-type=\"widget\" data-widget_type=\"heading.default\">\n\t\t\t\t\t<h2 class=\"elementor-heading-title elementor-size-default\">Kirjallisuus (valikoima)<\/h2>\t\t\t\t<\/div>\n\t\t<div class=\"elementor-element elementor-element-iwgw-apuausanga-litc e-con-full e-flex e-con e-child\" data-id=\"iwgw-apuausanga-litc\" data-element_type=\"container\" data-e-type=\"container\">\n\t\t\t\t<div class=\"elementor-element elementor-element-iwgw-apuausanga-litt elementor-widget elementor-widget-text-editor\" data-id=\"iwgw-apuausanga-litt\" data-element_type=\"widget\" data-e-type=\"widget\" data-widget_type=\"text-editor.default\">\n\t\t\t\t\t\t\t\t\t<ul><li>Catherine Allen: <em>The Hold Life Has<\/em> (2002)<\/li><li><span data-nosnippet>Robert Randall: <em>Qoyllur Riti, an Inca Fiesta of the Pleiades<\/em> (1982)<\/span><\/li><li>Karsten Paerregaard: <em>Pilgrims of the Andes<\/em> (2017)<\/li><li>Inge Bolin: <em>Rituals of Respect<\/em> (1998)<\/li><li>Brian Bauer: <em>The Sacred Landscape of the Inca<\/em> (1998)<\/li><li>Alejandro Ortiz Rescaniere: <em>De Adaneva a Inkarri<\/em> (1973)<\/li><li>Jean-Jacques Decoster: <em>Incas e indios cristianos<\/em> (2007)<\/li><\/ul>\t\t\t\t\t\t\t\t<\/div>\n\t\t\t\t<\/div>\n\t\t\t\t\t<\/div>\n\t\t\t\t<\/div>\n\t\t<div class=\"elementor-element elementor-element-iwgw-apuausanga-kwd e-flex e-con-boxed e-con e-parent\" data-id=\"iwgw-apuausanga-kwd\" data-element_type=\"container\" data-e-type=\"container\">\n\t\t\t\t\t<div class=\"e-con-inner\">\n\t\t<div class=\"elementor-element elementor-element-iwgw-apuausanga-kwdc e-con-full e-flex e-con e-child\" data-id=\"iwgw-apuausanga-kwdc\" data-element_type=\"container\" data-e-type=\"container\">\n\t\t\t\t<div class=\"elementor-element elementor-element-iwgw-apuausanga-kwdt elementor-widget elementor-widget-text-editor\" data-id=\"iwgw-apuausanga-kwdt\" data-element_type=\"widget\" data-e-type=\"widget\" data-widget_type=\"text-editor.default\">\n\t\t\t\t\t\t\t\t\t<p><em>L\u00e4heisi\u00e4 avaink\u00e4sitteit\u00e4: Apu Ausangate Awsanqati Qoyllur Riti Sinakara Inkari Apacheta Paqo Altomisayoq.<\/em><\/p>\t\t\t\t\t\t\t\t<\/div>\n\t\t\t\t<\/div>\n\t\t\t\t\t<\/div>\n\t\t\t\t<\/div>\n\t\t<div class=\"elementor-element elementor-element-iwgw-apuausanga-cc e-flex e-con-boxed e-con e-parent\" data-id=\"iwgw-apuausanga-cc\" data-element_type=\"container\" data-e-type=\"container\" id=\"iwg-cc-apu-ausangate\">\n\t\t\t\t\t<div class=\"e-con-inner\">\n\t\t<div class=\"elementor-element elementor-element-iwgw-apuausanga-ccinner e-flex e-con-boxed e-con e-parent\" data-id=\"iwgw-apuausanga-ccinner\" data-element_type=\"container\" data-e-type=\"container\" data-settings=\"{&quot;background_background&quot;:&quot;classic&quot;}\">\n\t\t\t\t\t<div class=\"e-con-inner\">\n\t\t\t\t<div class=\"elementor-element elementor-element-iwgw-apuausanga-cch elementor-widget elementor-widget-heading\" data-id=\"iwgw-apuausanga-cch\" data-element_type=\"widget\" data-e-type=\"widget\" data-widget_type=\"heading.default\">\n\t\t\t\t\t<h2 class=\"elementor-heading-title elementor-size-default\">iWell Guard ja suojelutraditiot<\/h2>\t\t\t\t<\/div>\n\t\t\t\t<div class=\"elementor-element elementor-element-iwgw-apuausanga-cct elementor-widget elementor-widget-text-editor\" data-id=\"iwgw-apuausanga-cct\" data-element_type=\"widget\" data-e-type=\"widget\" data-widget_type=\"text-editor.default\">\n\t\t\t\t\t\t\t\t\t<div data-nosnippet=\"true\"><p>iWell Guard jatkaa kannettavien suojaesineiden kulttuurihistoriallista perinnett\u00e4, kuten <a href=\"https:\/\/iwell-guard.com\/fi\/?page_id=144144\">Andit \/ Inka<\/a> -kulttuurissa ja monissa muissa kulttuureissa ymp\u00e4ri maailmaa. 41 tasoa, aitoa kultaa, platinaa, hopeaa, valmistettu Saksassa. 30 p\u00e4iv\u00e4n palautusoikeus.<\/p><\/div>\t\t\t\t\t\t\t\t<\/div>\n\t\t\t\t<div class=\"elementor-element elementor-element-iwgw-apuausanga-ccb iwg-cc-button iwg-cc-cta-2026-05-13 elementor-widget elementor-widget-jet-button\" data-id=\"iwgw-apuausanga-ccb\" data-element_type=\"widget\" data-e-type=\"widget\" data-widget_type=\"jet-button.default\">\n\t\t\t\t<div class=\"elementor-widget-container\">\n\t\t\t\t\t<div class=\"elementor-jet-button jet-elements\"><div class=\"jet-button__container\"><a class=\"jet-button__instance jet-button__instance--icon-left hover-effect-1\" href=\"\/ueber-iwell-guard\/?utm_source=iwell-guard.com&amp;utm_medium=info-box&amp;utm_campaign=wesen-tradition\"><div class=\"jet-button__plane jet-button__plane-normal\"><\/div><div class=\"jet-button__plane jet-button__plane-hover\"><\/div><div class=\"jet-button__state jet-button__state-normal\"><span class=\"jet-button__label\">Lis\u00e4\u00e4 iWell Guardista<\/span><\/div><div class=\"jet-button__state jet-button__state-hover\"><span class=\"jet-button__label\">Lis\u00e4\u00e4 iWell Guardista<\/span><\/div><\/a><\/div><\/div><style>.elementor-element.elementor-element-iwgw-apuausanga-ccb .jet-button__instance{width:320px;height:56px;}.elementor-element.elementor-element-iwgw-apuausanga-ccb .jet-button__state-normal .jet-button__label{text-align:center;margin:0px 0px 0px 0px;color:#1a1b20;font-family:Montserrat,sans-serif;font-size:13px;font-weight:400;letter-spacing:4px;line-height:1.714em;text-transform:uppercase;}.elementor-element.elementor-element-iwgw-apuausanga-ccb .jet-button__state-hover .jet-button__label{text-align:center;margin:0px 0px 0px 0px;color:#FECC76;font-family:Montserrat,sans-serif;font-size:13px;font-weight:400;letter-spacing:4px;line-height:1.714em;text-transform:uppercase;}.elementor-element.elementor-element-iwgw-apuausanga-ccb .jet-button__plane-normal{background-color:#FECC76;border-style:solid;border-color:#C99540;border-width:2px 2px 2px 2px;}.elementor-element.elementor-element-iwgw-apuausanga-ccb .jet-button__plane-hover{background-color:rgba(0,0,0,0.55);border-style:solid;border-color:#FECC76;border-width:2px 2px 2px 2px;}<\/style>\t\t\t\t<\/div>\n\t\t\t\t<\/div>\n\t\t\t\t<div class=\"elementor-element elementor-element-iwgw-apuausanga-ccd elementor-widget elementor-widget-text-editor\" data-id=\"iwgw-apuausanga-ccd\" data-element_type=\"widget\" data-e-type=\"widget\" data-widget_type=\"text-editor.default\">\n\t\t\t\t\t\t\t\t\t<div data-nosnippet=\"true\"><p style=\"text-align:center;font-size:13px;opacity:0.7;margin-top:14px\" data-nosnippet=\"true\">Henkil\u00f6kohtaiset kokemukset voivat vaihdella. Ei l\u00e4\u00e4kinn\u00e4llinen laite. Ei paranemislupausta.<\/p><\/div>\t\t\t\t\t\t\t\t<\/div>\n\t\t\t\t\t<\/div>\n\t\t\t\t<\/div>\n\t\t\t\t\t<\/div>\n\t\t\t\t<\/div>\n\t\t<div class=\"elementor-element elementor-element-iwgw-apuausanga-disc e-flex e-con-boxed e-con e-parent\" data-id=\"iwgw-apuausanga-disc\" data-element_type=\"container\" data-e-type=\"container\">\n\t\t\t\t\t<div class=\"e-con-inner\">\n\t\t\t\t<div class=\"elementor-element elementor-element-iwgw-apuausanga-discw elementor-widget elementor-widget-html\" data-id=\"iwgw-apuausanga-discw\" data-element_type=\"widget\" data-e-type=\"widget\" data-widget_type=\"html.default\">\n\t\t\t\t\t<footer data-nosnippet=\"true\" class=\"iwg-disclaimer-block\"><p data-nosnippet=\"true\">iWell Guard <strong>ei ole l\u00e4\u00e4kinn\u00e4llinen laite<\/strong>, eik\u00e4 se korvaa l\u00e4\u00e4k\u00e4rin tai psykoterapeutin hoitoa. Uskontotieteelliset sis\u00e4ll\u00f6t ovat kulttuurihistoriallista tarkastelua, ei suositus hengelliseen k\u00e4yt\u00e4nt\u00f6\u00f6n.<\/p><\/footer>\t\t\t\t<\/div>\n\t\t\t\t\t<\/div>\n\t\t\t\t<\/div>\n\t\t\t\t<\/div>\n\t\t","protected":false},"excerpt":{"rendered":"","protected":false},"author":3,"featured_media":2674,"parent":0,"menu_order":0,"comment_status":"closed","ping_status":"closed","template":"elementor_header_footer","meta":{"_yoast_wpseo_focuskw":"Apu Ausangate Vuorenherra Andit","_yoast_wpseo_title":"Apu Ausangate \u2013 Andien vuorijumaluus","_yoast_wpseo_metadesc":"Apu Ausangate on Etel\u00e4-Perun Andien korkein vuorijumaluus, yl\u00e4tasangon maanviljelij\u00f6iden keskeinen kohde ja Qoyllur Riti -pyhiinvaelluksen suojelija.","_yoast_wpseo_meta-robots-noindex":"","_yoast_wpseo_canonical":"","_angie_page":false,"gefaehrdungsstufe":"2","wesen_kultur":"anden-inka","wesen_klasse":"geister","footnotes":""},"categories":[],"class_list":["post-144162","page","type-page","status-publish","has-post-thumbnail","hentry"],"yoast_head":"<!-- This site is optimized with the Yoast SEO Premium plugin v27.7 (Yoast SEO v28.3) - https:\/\/yoast.com\/product\/yoast-seo-premium-wordpress\/ -->\n<title>Apu Ausangate \u2013 Andien vuorijumaluus<\/title>\n<meta name=\"description\" content=\"Apu Ausangate on Etel\u00e4-Perun Andien korkein vuorijumaluus, yl\u00e4tasangon maanviljelij\u00f6iden keskeinen kohde ja Qoyllur Riti -pyhiinvaelluksen suojelija.\" \/>\n<meta name=\"robots\" content=\"index, follow, max-snippet:-1, max-image-preview:large, max-video-preview:-1\" \/>\n<link rel=\"canonical\" href=\"https:\/\/iwell-guard.com\/fi\/apu-ausangate-andien-vuorijumaluus\/\" \/>\n<meta property=\"og:locale\" content=\"fi_FI\" \/>\n<meta property=\"og:type\" content=\"article\" \/>\n<meta property=\"og:title\" content=\"Apu Ausangate \u2013 Andien vuorijumaluus\" \/>\n<meta property=\"og:description\" content=\"Apu Ausangate on Etel\u00e4-Perun Andien korkein vuorijumaluus, yl\u00e4tasangon maanviljelij\u00f6iden keskeinen kohde ja Qoyllur Riti -pyhiinvaelluksen suojelija.\" \/>\n<meta property=\"og:url\" content=\"https:\/\/iwell-guard.com\/fi\/apu-ausangate-andien-vuorijumaluus\/\" \/>\n<meta property=\"og:site_name\" content=\"iWell Guard\" \/>\n<meta property=\"article:modified_time\" content=\"2026-09-03T12:52:24+00:00\" \/>\n<meta property=\"og:image\" content=\"https:\/\/iwell-guard.com\/wp-content\/uploads\/2026\/05\/geister_anden-inka_apu-ausangate.webp\" \/>\n\t<meta property=\"og:image:width\" content=\"1024\" \/>\n\t<meta property=\"og:image:height\" content=\"1536\" \/>\n\t<meta property=\"og:image:type\" content=\"image\/webp\" \/>\n<meta name=\"twitter:card\" content=\"summary_large_image\" \/>\n<script type=\"application\/ld+json\" class=\"yoast-schema-graph\">{\"@context\":\"https:\\\/\\\/schema.org\",\"@graph\":[{\"@type\":\"WebPage\",\"@id\":\"https:\\\/\\\/iwell-guard.com\\\/fi\\\/apu-ausangate-andien-vuorijumaluus\\\/\",\"url\":\"https:\\\/\\\/iwell-guard.com\\\/fi\\\/apu-ausangate-andien-vuorijumaluus\\\/\",\"name\":\"Apu Ausangate \u2013 Andien vuorijumaluus\",\"isPartOf\":{\"@id\":\"https:\\\/\\\/iwell-guard.com\\\/fi\\\/#website\"},\"primaryImageOfPage\":{\"@id\":\"https:\\\/\\\/iwell-guard.com\\\/fi\\\/apu-ausangate-andien-vuorijumaluus\\\/#primaryimage\"},\"image\":{\"@id\":\"https:\\\/\\\/iwell-guard.com\\\/fi\\\/apu-ausangate-andien-vuorijumaluus\\\/#primaryimage\"},\"thumbnailUrl\":\"https:\\\/\\\/iwell-guard.com\\\/wp-content\\\/uploads\\\/2026\\\/05\\\/geister_anden-inka_apu-ausangate.webp\",\"datePublished\":\"2026-09-03T12:32:36+00:00\",\"dateModified\":\"2026-09-03T12:52:24+00:00\",\"description\":\"Apu Ausangate on Etel\u00e4-Perun Andien korkein vuorijumaluus, yl\u00e4tasangon maanviljelij\u00f6iden keskeinen kohde ja Qoyllur Riti -pyhiinvaelluksen suojelija.\",\"breadcrumb\":{\"@id\":\"https:\\\/\\\/iwell-guard.com\\\/fi\\\/apu-ausangate-andien-vuorijumaluus\\\/#breadcrumb\"},\"inLanguage\":\"fi\",\"potentialAction\":[{\"@type\":\"ReadAction\",\"target\":[\"https:\\\/\\\/iwell-guard.com\\\/fi\\\/apu-ausangate-andien-vuorijumaluus\\\/\"]}]},{\"@type\":\"ImageObject\",\"inLanguage\":\"fi\",\"@id\":\"https:\\\/\\\/iwell-guard.com\\\/fi\\\/apu-ausangate-andien-vuorijumaluus\\\/#primaryimage\",\"url\":\"https:\\\/\\\/iwell-guard.com\\\/wp-content\\\/uploads\\\/2026\\\/05\\\/geister_anden-inka_apu-ausangate.webp\",\"contentUrl\":\"https:\\\/\\\/iwell-guard.com\\\/wp-content\\\/uploads\\\/2026\\\/05\\\/geister_anden-inka_apu-ausangate.webp\",\"width\":1024,\"height\":1536,\"caption\":\"Henki\u00e4 andien-inka-perinteest\u00e4.\"},{\"@type\":\"BreadcrumbList\",\"@id\":\"https:\\\/\\\/iwell-guard.com\\\/fi\\\/apu-ausangate-andien-vuorijumaluus\\\/#breadcrumb\",\"itemListElement\":[{\"@type\":\"ListItem\",\"position\":1,\"name\":\"Start\",\"item\":\"https:\\\/\\\/iwell-guard.com\\\/fi\\\/?page_id=143815\"},{\"@type\":\"ListItem\",\"position\":2,\"name\":\"Apu Ausangate \u2013 Andien vuorijumaluus\"}]},{\"@type\":\"WebSite\",\"@id\":\"https:\\\/\\\/iwell-guard.com\\\/fi\\\/#website\",\"url\":\"https:\\\/\\\/iwell-guard.com\\\/fi\\\/\",\"name\":\"iWell Guard\",\"description\":\"Schutz vor dunklen Einfl\u00fcssen\",\"publisher\":{\"@id\":\"https:\\\/\\\/iwell-guard.com\\\/fi\\\/#organization\"},\"potentialAction\":[{\"@type\":\"SearchAction\",\"target\":{\"@type\":\"EntryPoint\",\"urlTemplate\":\"https:\\\/\\\/iwell-guard.com\\\/fi\\\/?s={search_term_string}\"},\"query-input\":{\"@type\":\"PropertyValueSpecification\",\"valueRequired\":true,\"valueName\":\"search_term_string\"}}],\"inLanguage\":\"fi\"},{\"@type\":\"Organization\",\"@id\":\"https:\\\/\\\/iwell-guard.com\\\/fi\\\/#organization\",\"name\":\"Ittermann electronic GmbH\",\"url\":\"https:\\\/\\\/iwell-guard.com\\\/fi\\\/\",\"logo\":{\"@type\":\"ImageObject\",\"inLanguage\":\"fi\",\"@id\":\"https:\\\/\\\/iwell-guard.com\\\/fi\\\/#\\\/schema\\\/logo\\\/image\\\/\",\"url\":\"https:\\\/\\\/iwell-guard.com\\\/wp-content\\\/uploads\\\/2026\\\/05\\\/Ittermann-Logo-1182x237-1.png\",\"contentUrl\":\"https:\\\/\\\/iwell-guard.com\\\/wp-content\\\/uploads\\\/2026\\\/05\\\/Ittermann-Logo-1182x237-1.png\",\"width\":1182,\"height\":237,\"caption\":\"Ittermann electronic GmbH\"},\"image\":{\"@id\":\"https:\\\/\\\/iwell-guard.com\\\/fi\\\/#\\\/schema\\\/logo\\\/image\\\/\"},\"sameAs\":[\"https:\\\/\\\/pantip.com\\\/profile\\\/9367242\",\"https:\\\/\\\/micro.blog\\\/iwellguard\",\"https:\\\/\\\/www.diggerslist.com\\\/iwellguard\\\/about\",\"https:\\\/\\\/skitterphoto.com\\\/photographers\\\/2870314\\\/iwell-guard\",\"https:\\\/\\\/iwellguard.wordpress.com\\\/2026\\\/06\\\/06\\\/iwell-guard\\\/\",\"https:\\\/\\\/hub.docker.com\\\/u\\\/iwellguard\",\"https:\\\/\\\/www.pinterest.com\\\/iwellguard\\\/\",\"https:\\\/\\\/bit.ly\\\/m\\\/iwellguard\",\"https:\\\/\\\/entre-vos-mains.alsace.eu\\\/profiles\\\/iwellguard\\\/activity\",\"https:\\\/\\\/gravatar.com\\\/reallybeded8fd34\",\"https:\\\/\\\/naijamatta.com\\\/iwellguard\",\"https:\\\/\\\/www.goodreads.com\\\/iwellguard\",\"https:\\\/\\\/profile.hatena.ne.jp\\\/iwellguard\\\/\",\"https:\\\/\\\/experiment.com\\\/users\\\/iwellguard\",\"https:\\\/\\\/wakelet.com\\\/@iWellGuard82270\",\"https:\\\/\\\/www.chordie.com\\\/forum\\\/profile.php?id=2555664\",\"https:\\\/\\\/www.instapaper.com\\\/p\\\/17757966\",\"https:\\\/\\\/www.mapleprimes.com\\\/users\\\/iwellguard\",\"https:\\\/\\\/businesslistingplus.com\\\/profile\\\/iwell-guard\\\/\",\"https:\\\/\\\/telegra.ph\\\/iWell-Guard-06-06\",\"https:\\\/\\\/pbase.com\\\/iwellguard\\\/iwellguard\",\"https:\\\/\\\/b.hatena.ne.jp\\\/iwellguard\\\/20260607#bookmark-4788405196491818882\",\"https:\\\/\\\/fliphtml5.com\\\/home\\\/iwellguard\",\"https:\\\/\\\/anyflip.com\\\/homepage\\\/cmiwl#About\",\"https:\\\/\\\/transfur.com\\\/Users\\\/iwellguard\",\"http:\\\/\\\/delphi.larsbo.org\\\/user\\\/iwellguard\",\"https:\\\/\\\/jobs.lajobsportal.org\\\/profiles\\\/8380803-iwell-guard\",\"https:\\\/\\\/md.chaosdorf.de\\\/s\\\/jfbe5SBdJD\",\"https:\\\/\\\/www.lingvolive.com\\\/en-us\\\/profile\\\/9ecaeaca-ce11-4e51-9e71-01d55e2bff36\\\/translations\",\"https:\\\/\\\/www.fitday.com\\\/fitness\\\/forums\\\/members\\\/iwellguard.html\",\"https:\\\/\\\/www.mymeetbook.com\\\/iwellguard\",\"https:\\\/\\\/pxhere.com\\\/en\\\/photographer-me\\\/5040798\",\"https:\\\/\\\/disqus.com\\\/by\\\/iwellguard\\\/about\\\/\",\"https:\\\/\\\/pastelink.net\\\/hjwciqwq\",\"https:\\\/\\\/pubhtml5.com\\\/homepage\\\/scjhn\\\/\",\"https:\\\/\\\/www.bitchute.com\\\/channel\\\/2O2eOKzNqujT\",\"https:\\\/\\\/audiomack.com\\\/iwellguard\"]},{\"@type\":\"Article\",\"@id\":\"https:\\\/\\\/iwell-guard.com\\\/fi\\\/apu-ausangate-andien-vuorijumaluus\\\/#article\",\"isPartOf\":{\"@id\":\"https:\\\/\\\/iwell-guard.com\\\/fi\\\/apu-ausangate-andien-vuorijumaluus\\\/\"},\"author\":{\"name\":\"Ralf Ittermann\",\"@id\":\"https:\\\/\\\/iwell-guard.com\\\/fi\\\/#\\\/schema\\\/person\\\/ee2a27f1cac3406c7c6fb5820cb7349f\"},\"headline\":\"Apu Ausangate \u2013 Andien vuorijumaluus\",\"datePublished\":\"2026-09-03T12:32:36+00:00\",\"dateModified\":\"2026-09-03T12:52:24+00:00\",\"mainEntityOfPage\":{\"@id\":\"https:\\\/\\\/iwell-guard.com\\\/fi\\\/apu-ausangate-andien-vuorijumaluus\\\/\"},\"publisher\":{\"@id\":\"https:\\\/\\\/iwell-guard.com\\\/fi\\\/#organization\"},\"image\":{\"@id\":\"https:\\\/\\\/iwell-guard.com\\\/fi\\\/apu-ausangate-andien-vuorijumaluus\\\/#primaryimage\"},\"thumbnailUrl\":\"https:\\\/\\\/iwell-guard.com\\\/wp-content\\\/uploads\\\/2026\\\/05\\\/geister_anden-inka_apu-ausangate.webp\",\"inLanguage\":\"fi\",\"description\":\"Apu Ausangate on Etel\u00e4-Perun Andien korkein vuorijumaluus, yl\u00e4tasangon maanviljelij\u00f6iden keskeinen kohde ja Qoyllur Riti -pyhiinvaelluksen suojelija.\"}]}<\/script>\n<!-- \/ Yoast SEO Premium plugin. -->","yoast_head_json":{"title":"Apu Ausangate \u2013 Andien vuorijumaluus","description":"Apu Ausangate on Etel\u00e4-Perun Andien korkein vuorijumaluus, yl\u00e4tasangon maanviljelij\u00f6iden keskeinen kohde ja Qoyllur Riti -pyhiinvaelluksen suojelija.","robots":{"index":"index","follow":"follow","max-snippet":"max-snippet:-1","max-image-preview":"max-image-preview:large","max-video-preview":"max-video-preview:-1"},"canonical":"https:\/\/iwell-guard.com\/fi\/apu-ausangate-andien-vuorijumaluus\/","og_locale":"fi_FI","og_type":"article","og_title":"Apu Ausangate \u2013 Andien vuorijumaluus","og_description":"Apu Ausangate on Etel\u00e4-Perun Andien korkein vuorijumaluus, yl\u00e4tasangon maanviljelij\u00f6iden keskeinen kohde ja Qoyllur Riti -pyhiinvaelluksen suojelija.","og_url":"https:\/\/iwell-guard.com\/fi\/apu-ausangate-andien-vuorijumaluus\/","og_site_name":"iWell Guard","article_modified_time":"2026-09-03T12:52:24+00:00","og_image":[{"width":1024,"height":1536,"url":"https:\/\/iwell-guard.com\/wp-content\/uploads\/2026\/05\/geister_anden-inka_apu-ausangate.webp","type":"image\/webp"}],"twitter_card":"summary_large_image","schema":{"@context":"https:\/\/schema.org","@graph":[{"@type":"Article","@id":"https:\/\/iwell-guard.com\/fi\/apu-ausangate-andien-vuorijumaluus\/#article","isPartOf":{"@id":"https:\/\/iwell-guard.com\/fi\/apu-ausangate-andien-vuorijumaluus\/"},"author":{"name":"Ralf Ittermann","@id":"https:\/\/iwell-guard.com\/fi\/#\/schema\/person\/ee2a27f1cac3406c7c6fb5820cb7349f"},"headline":"Apu Ausangate \u2013 Andien vuorijumaluus","datePublished":"2026-09-03T12:32:36+00:00","dateModified":"2026-09-03T12:52:24+00:00","mainEntityOfPage":{"@id":"https:\/\/iwell-guard.com\/fi\/apu-ausangate-andien-vuorijumaluus\/"},"publisher":{"@id":"https:\/\/iwell-guard.com\/fi\/#organization"},"image":{"@id":"https:\/\/iwell-guard.com\/fi\/apu-ausangate-andien-vuorijumaluus\/#primaryimage"},"thumbnailUrl":"https:\/\/iwell-guard.com\/wp-content\/uploads\/2026\/05\/geister_anden-inka_apu-ausangate.webp","inLanguage":"fi","description":"Apu Ausangate on Etel\u00e4-Perun Andien korkein vuorijumaluus, yl\u00e4tasangon maanviljelij\u00f6iden keskeinen kohde ja Qoyllur Riti -pyhiinvaelluksen suojelija."},{"@type":"WebPage","@id":"https:\/\/iwell-guard.com\/fi\/apu-ausangate-andien-vuorijumaluus\/","url":"https:\/\/iwell-guard.com\/fi\/apu-ausangate-andien-vuorijumaluus\/","name":"Apu Ausangate \u2013 Andien vuorijumaluus","isPartOf":{"@id":"https:\/\/iwell-guard.com\/fi\/#website"},"primaryImageOfPage":{"@id":"https:\/\/iwell-guard.com\/fi\/apu-ausangate-andien-vuorijumaluus\/#primaryimage"},"image":{"@id":"https:\/\/iwell-guard.com\/fi\/apu-ausangate-andien-vuorijumaluus\/#primaryimage"},"thumbnailUrl":"https:\/\/iwell-guard.com\/wp-content\/uploads\/2026\/05\/geister_anden-inka_apu-ausangate.webp","datePublished":"2026-09-03T12:32:36+00:00","dateModified":"2026-09-03T12:52:24+00:00","description":"Apu Ausangate on Etel\u00e4-Perun Andien korkein vuorijumaluus, yl\u00e4tasangon maanviljelij\u00f6iden keskeinen kohde ja Qoyllur Riti -pyhiinvaelluksen suojelija.","breadcrumb":{"@id":"https:\/\/iwell-guard.com\/fi\/apu-ausangate-andien-vuorijumaluus\/#breadcrumb"},"inLanguage":"fi","potentialAction":[{"@type":"ReadAction","target":["https:\/\/iwell-guard.com\/fi\/apu-ausangate-andien-vuorijumaluus\/"]}]},{"@type":"ImageObject","inLanguage":"fi","@id":"https:\/\/iwell-guard.com\/fi\/apu-ausangate-andien-vuorijumaluus\/#primaryimage","url":"https:\/\/iwell-guard.com\/wp-content\/uploads\/2026\/05\/geister_anden-inka_apu-ausangate.webp","contentUrl":"https:\/\/iwell-guard.com\/wp-content\/uploads\/2026\/05\/geister_anden-inka_apu-ausangate.webp","width":1024,"height":1536,"caption":"Henki\u00e4 andien-inka-perinteest\u00e4."},{"@type":"BreadcrumbList","@id":"https:\/\/iwell-guard.com\/fi\/apu-ausangate-andien-vuorijumaluus\/#breadcrumb","itemListElement":[{"@type":"ListItem","position":1,"name":"Start","item":"https:\/\/iwell-guard.com\/fi\/?page_id=143815"},{"@type":"ListItem","position":2,"name":"Apu Ausangate \u2013 Andien vuorijumaluus"}]},{"@type":"WebSite","@id":"https:\/\/iwell-guard.com\/fi\/#website","url":"https:\/\/iwell-guard.com\/fi\/","name":"iWell Guard","description":"Schutz vor dunklen Einfl\u00fcssen","publisher":{"@id":"https:\/\/iwell-guard.com\/fi\/#organization"},"potentialAction":[{"@type":"SearchAction","target":{"@type":"EntryPoint","urlTemplate":"https:\/\/iwell-guard.com\/fi\/?s={search_term_string}"},"query-input":{"@type":"PropertyValueSpecification","valueRequired":true,"valueName":"search_term_string"}}],"inLanguage":"fi"},{"@type":"Organization","@id":"https:\/\/iwell-guard.com\/fi\/#organization","name":"Ittermann electronic GmbH","url":"https:\/\/iwell-guard.com\/fi\/","logo":{"@type":"ImageObject","inLanguage":"fi","@id":"https:\/\/iwell-guard.com\/fi\/#\/schema\/logo\/image\/","url":"https:\/\/iwell-guard.com\/wp-content\/uploads\/2026\/05\/Ittermann-Logo-1182x237-1.png","contentUrl":"https:\/\/iwell-guard.com\/wp-content\/uploads\/2026\/05\/Ittermann-Logo-1182x237-1.png","width":1182,"height":237,"caption":"Ittermann electronic GmbH"},"image":{"@id":"https:\/\/iwell-guard.com\/fi\/#\/schema\/logo\/image\/"},"sameAs":["https:\/\/pantip.com\/profile\/9367242","https:\/\/micro.blog\/iwellguard","https:\/\/www.diggerslist.com\/iwellguard\/about","https:\/\/skitterphoto.com\/photographers\/2870314\/iwell-guard","https:\/\/iwellguard.wordpress.com\/2026\/06\/06\/iwell-guard\/","https:\/\/hub.docker.com\/u\/iwellguard","https:\/\/www.pinterest.com\/iwellguard\/","https:\/\/bit.ly\/m\/iwellguard","https:\/\/entre-vos-mains.alsace.eu\/profiles\/iwellguard\/activity","https:\/\/gravatar.com\/reallybeded8fd34","https:\/\/naijamatta.com\/iwellguard","https:\/\/www.goodreads.com\/iwellguard","https:\/\/profile.hatena.ne.jp\/iwellguard\/","https:\/\/experiment.com\/users\/iwellguard","https:\/\/wakelet.com\/@iWellGuard82270","https:\/\/www.chordie.com\/forum\/profile.php?id=2555664","https:\/\/www.instapaper.com\/p\/17757966","https:\/\/www.mapleprimes.com\/users\/iwellguard","https:\/\/businesslistingplus.com\/profile\/iwell-guard\/","https:\/\/telegra.ph\/iWell-Guard-06-06","https:\/\/pbase.com\/iwellguard\/iwellguard","https:\/\/b.hatena.ne.jp\/iwellguard\/20260607#bookmark-4788405196491818882","https:\/\/fliphtml5.com\/home\/iwellguard","https:\/\/anyflip.com\/homepage\/cmiwl#About","https:\/\/transfur.com\/Users\/iwellguard","http:\/\/delphi.larsbo.org\/user\/iwellguard","https:\/\/jobs.lajobsportal.org\/profiles\/8380803-iwell-guard","https:\/\/md.chaosdorf.de\/s\/jfbe5SBdJD","https:\/\/www.lingvolive.com\/en-us\/profile\/9ecaeaca-ce11-4e51-9e71-01d55e2bff36\/translations","https:\/\/www.fitday.com\/fitness\/forums\/members\/iwellguard.html","https:\/\/www.mymeetbook.com\/iwellguard","https:\/\/pxhere.com\/en\/photographer-me\/5040798","https:\/\/disqus.com\/by\/iwellguard\/about\/","https:\/\/pastelink.net\/hjwciqwq","https:\/\/pubhtml5.com\/homepage\/scjhn\/","https:\/\/www.bitchute.com\/channel\/2O2eOKzNqujT","https:\/\/audiomack.com\/iwellguard"]},{"@type":"Person","@id":"https:\/\/iwell-guard.com\/fi\/#\/schema\/person\/ee2a27f1cac3406c7c6fb5820cb7349f","name":"Ralf Ittermann","image":{"@type":"ImageObject","inLanguage":"fi","@id":"https:\/\/secure.gravatar.com\/avatar\/073c0153e350a5005b68eb752b445fea71f6b24a26da9449ad7e155e6b446c9d?s=96&d=mm&r=g","url":"https:\/\/secure.gravatar.com\/avatar\/073c0153e350a5005b68eb752b445fea71f6b24a26da9449ad7e155e6b446c9d?s=96&d=mm&r=g","contentUrl":"https:\/\/secure.gravatar.com\/avatar\/073c0153e350a5005b68eb752b445fea71f6b24a26da9449ad7e155e6b446c9d?s=96&d=mm&r=g","caption":"Ralf Ittermann"},"givenName":"Ralf","familyName":"Ittermann","jobTitle":"Gesch\u00e4ftsf\u00fchrer und redaktioneller Verantwortlicher","url":"https:\/\/iwell-guard.com\/fi\/author\/claude\/","description":"Ralf Ittermann ist Gesch\u00e4ftsf\u00fchrer der Ittermann electronic GmbH und redaktioneller Verantwortlicher des iWell-Guard-Lexikons. Er verbindet langj\u00e4hrige Erfahrung in der Pr\u00e4zisionsfertigung mit medialer Praxis und religionsgeschichtlicher Quellenarbeit.","worksFor":{"@type":"Organization","name":"Ittermann electronic GmbH","url":"https:\/\/ittermann.de\/","address":{"@type":"PostalAddress","streetAddress":"K\u00f6hlergasse 16-18","postalCode":"99842","addressLocality":"Ruhla","addressCountry":"DE"}},"knowsAbout":["Religionsgeschichte","Mythologie","Mediale Praxis","Energetische Diagnostik","Schutzpraxis","Volksglauben","Westliche Esoterik"]},{"@type":"Article","@id":"https:\/\/iwell-guard.com\/fi\/apu-ausangate-andien-vuorijumaluus\/#article","isPartOf":{"@id":"https:\/\/iwell-guard.com\/fi\/apu-ausangate-andien-vuorijumaluus\/"},"author":{"name":"Ralf Ittermann","@id":"https:\/\/iwell-guard.com\/fi\/#\/schema\/person\/ee2a27f1cac3406c7c6fb5820cb7349f"},"headline":"Apu Ausangate \u2013 Andien vuorijumaluus","datePublished":"2026-09-03T12:32:36+00:00","dateModified":"2026-09-03T12:52:24+00:00","mainEntityOfPage":{"@id":"https:\/\/iwell-guard.com\/fi\/apu-ausangate-andien-vuorijumaluus\/"},"publisher":{"@id":"https:\/\/iwell-guard.com\/fi\/#organization"},"image":{"@id":"https:\/\/iwell-guard.com\/fi\/apu-ausangate-andien-vuorijumaluus\/#primaryimage"},"thumbnailUrl":"https:\/\/iwell-guard.com\/wp-content\/uploads\/2026\/05\/geister_anden-inka_apu-ausangate.webp","inLanguage":"fi","description":"Apu Ausangate on Etel\u00e4-Perun Andien korkein vuorijumaluus, yl\u00e4tasangon maanviljelij\u00f6iden keskeinen kohde ja Qoyllur Riti -pyhiinvaelluksen suojelija."}]}},"_links":{"self":[{"href":"https:\/\/iwell-guard.com\/fi\/wp-json\/wp\/v2\/pages\/144162","targetHints":{"allow":["GET"]}}],"collection":[{"href":"https:\/\/iwell-guard.com\/fi\/wp-json\/wp\/v2\/pages"}],"about":[{"href":"https:\/\/iwell-guard.com\/fi\/wp-json\/wp\/v2\/types\/page"}],"author":[{"embeddable":true,"href":"https:\/\/iwell-guard.com\/fi\/wp-json\/wp\/v2\/users\/3"}],"replies":[{"embeddable":true,"href":"https:\/\/iwell-guard.com\/fi\/wp-json\/wp\/v2\/comments?post=144162"}],"version-history":[{"count":0,"href":"https:\/\/iwell-guard.com\/fi\/wp-json\/wp\/v2\/pages\/144162\/revisions"}],"wp:featuredmedia":[{"embeddable":true,"href":"https:\/\/iwell-guard.com\/fi\/wp-json\/wp\/v2\/media\/2674"}],"wp:attachment":[{"href":"https:\/\/iwell-guard.com\/fi\/wp-json\/wp\/v2\/media?parent=144162"}],"wp:term":[{"taxonomy":"category","embeddable":true,"href":"https:\/\/iwell-guard.com\/fi\/wp-json\/wp\/v2\/categories?post=144162"}],"curies":[{"name":"wp","href":"https:\/\/api.w.org\/{rel}","templated":true}]}}