{"id":144159,"date":"2026-09-03T12:32:34","date_gmt":"2026-09-03T12:32:34","guid":{"rendered":"https:\/\/iwell-guard.com\/?page_id=144159"},"modified":"2026-09-03T12:52:20","modified_gmt":"2026-09-03T12:52:20","slug":"illapa-ukkosen-ja-saanjumala","status":"publish","type":"page","link":"https:\/\/iwell-guard.com\/fi\/illapa-ukkosen-ja-saanjumala\/","title":{"rendered":"Illapa \u2013 inkojen ukkosen- ja s\u00e4\u00e4njumala"},"content":{"rendered":"\t\t<div data-elementor-type=\"wp-page\" data-elementor-id=\"144159\" class=\"elementor elementor-144159 elementor-2579 elementor-bc-flex-widget\" data-elementor-post-type=\"page\">\n\t\t\t\t<div class=\"elementor-element elementor-element-iwgw-illapa-hero e-flex e-con-boxed e-con e-parent\" data-id=\"iwgw-illapa-hero\" data-element_type=\"container\" data-e-type=\"container\" data-settings=\"{&quot;background_background&quot;:&quot;classic&quot;}\">\n\t\t\t\t\t<div class=\"e-con-inner\">\n\t\t<div class=\"elementor-element elementor-element-iwgw-illapa-hl e-flex e-con-boxed e-con e-child\" data-id=\"iwgw-illapa-hl\" data-element_type=\"container\" data-e-type=\"container\">\n\t\t\t\t\t<div class=\"e-con-inner\">\n\t\t<div class=\"elementor-element elementor-element-iwgw-illapa-htxt e-con-full e-flex e-con e-child\" data-id=\"iwgw-illapa-htxt\" data-element_type=\"container\" data-e-type=\"container\">\n\t\t\t\t<div class=\"elementor-element elementor-element-iwgw-illapa-h1 elementor-widget elementor-widget-heading\" data-id=\"iwgw-illapa-h1\" data-element_type=\"widget\" data-e-type=\"widget\" data-widget_type=\"heading.default\">\n\t\t\t\t\t<h1 class=\"elementor-heading-title elementor-size-default\">Illapa, andien yl\u00e4ng\u00f6n ukkosen-, salaman- ja sadejumala<\/h1>\t\t\t\t<\/div>\n\t\t\t\t<div class=\"elementor-element elementor-element-iwgw-illapa-lead elementor-widget elementor-widget-text-editor\" data-id=\"iwgw-illapa-lead\" data-element_type=\"widget\" data-e-type=\"widget\" data-widget_type=\"text-editor.default\">\n\t\t\t\t\t\t\t\t\t<p>Illapa (ke\u010duaksi <em>Illapa<\/em>, my\u00f6s <em>Yllapa<\/em>) on inkojen ukkosen-, salaman- ja sadejumala. Andien yl\u00e4ng\u00f6n talonpojille h\u00e4n oli arjessa t\u00e4rkein ylijumala, sill\u00e4 koko maissin- ja perunanviljely riippui h\u00e4nen sateistaan.<\/p>\t\t\t\t\t\t\t\t<\/div>\n\t\t\t\t<\/div>\n\t\t<div class=\"elementor-element elementor-element-iwgw-illapa-pillc e-con-full e-flex e-con e-child\" data-id=\"iwgw-illapa-pillc\" data-element_type=\"container\" data-e-type=\"container\">\n\t\t\t\t<div class=\"elementor-element elementor-element-iwgw-illapa-pills elementor-widget elementor-widget-html\" data-id=\"iwgw-illapa-pills\" data-element_type=\"widget\" data-e-type=\"widget\" data-widget_type=\"html.default\">\n\t\t\t\t\t<div class=\"iwg-pill-row\"><span class=\"iwg-klasse-badge\" tabindex=\"0\" data-tooltip=\"Andien \/ inkojen perinteen jumala.\">Jumala<\/span><a href=\"https:\/\/iwell-guard.com\/fi\/?page_id=144144\" class=\"iwg-kultur-badge\" tabindex=\"0\" data-tooltip=\"Andien \/ inkojen perinteen mytologia.\">Andit \/ inkat<\/a><span class=\"iwg-tradition-badge\" tabindex=\"0\" data-tooltip=\"Ukkosen- ja s\u00e4\u00e4njumaluus.\">Ukkosen- ja s\u00e4\u00e4njumaluus<\/span><\/div>\t\t\t\t<\/div>\n\t\t\t\t<\/div>\n\t\t<div class=\"elementor-element elementor-element-iwgw-illapa-tocc e-con-full e-flex e-con e-child\" data-id=\"iwgw-illapa-tocc\" data-element_type=\"container\" data-e-type=\"container\">\n\t\t\t\t<div class=\"elementor-element elementor-element-iwgw-illapa-toc elementor-toc--minimized-on-tablet elementor-widget elementor-widget-table-of-contents\" data-id=\"iwgw-illapa-toc\" data-element_type=\"widget\" data-e-type=\"widget\" data-settings=\"{&quot;headings_by_tags&quot;:[&quot;h2&quot;,&quot;h3&quot;],&quot;minimize_box&quot;:&quot;yes&quot;,&quot;marker_view&quot;:&quot;bullets&quot;,&quot;no_headings_message&quot;:&quot;T\\u00e4lt\\u00e4 sivulta ei l\\u00f6ytynyt otsikoita.&quot;,&quot;exclude_headings_by_selector&quot;:[],&quot;icon&quot;:{&quot;value&quot;:&quot;fas fa-circle&quot;,&quot;library&quot;:&quot;fa-solid&quot;,&quot;rendered_tag&quot;:&quot;&lt;svg class=\\&quot;e-font-icon-svg e-fas-circle\\&quot; viewBox=\\&quot;0 0 512 512\\&quot; xmlns=\\&quot;http:\\\/\\\/www.w3.org\\\/2000\\\/svg\\&quot;&gt;&lt;path d=\\&quot;M256 8C119 8 8 119 8 256s111 248 248 248 248-111 248-248S393 8 256 8z\\&quot;&gt;&lt;\\\/path&gt;&lt;\\\/svg&gt;&quot;},&quot;minimized_on&quot;:&quot;tablet&quot;,&quot;hierarchical_view&quot;:&quot;yes&quot;,&quot;min_height&quot;:{&quot;unit&quot;:&quot;px&quot;,&quot;size&quot;:&quot;&quot;,&quot;sizes&quot;:[]},&quot;min_height_tablet&quot;:{&quot;unit&quot;:&quot;px&quot;,&quot;size&quot;:&quot;&quot;,&quot;sizes&quot;:[]},&quot;min_height_mobile&quot;:{&quot;unit&quot;:&quot;px&quot;,&quot;size&quot;:&quot;&quot;,&quot;sizes&quot;:[]}}\" data-widget_type=\"table-of-contents.default\">\n\t\t\t\t\t\t\t\t\t<div class=\"elementor-toc__header\">\n\t\t\t\t\t\t<h2 class=\"elementor-toc__header-title\">\n\t\t\t\tSis\u00e4llysluettelo\t\t\t<\/h2>\n\t\t\t\t\t\t\t\t\t\t<div class=\"elementor-toc__toggle-button elementor-toc__toggle-button--expand\" role=\"button\" tabindex=\"0\" aria-controls=\"elementor-toc__iwgw-illapa-toc\" aria-expanded=\"true\" aria-label=\"Open table of contents\"><svg aria-hidden=\"true\" class=\"e-font-icon-svg e-fas-chevron-down\" viewBox=\"0 0 448 512\" xmlns=\"http:\/\/www.w3.org\/2000\/svg\"><path d=\"M207.029 381.476L12.686 187.132c-9.373-9.373-9.373-24.569 0-33.941l22.667-22.667c9.357-9.357 24.522-9.375 33.901-.04L224 284.505l154.745-154.021c9.379-9.335 24.544-9.317 33.901.04l22.667 22.667c9.373 9.373 9.373 24.569 0 33.941L240.971 381.476c-9.373 9.372-24.569 9.372-33.942 0z\"><\/path><\/svg><\/div>\n\t\t\t\t<div class=\"elementor-toc__toggle-button elementor-toc__toggle-button--collapse\" role=\"button\" tabindex=\"0\" aria-controls=\"elementor-toc__iwgw-illapa-toc\" aria-expanded=\"true\" aria-label=\"Close table of contents\"><svg aria-hidden=\"true\" class=\"e-font-icon-svg e-fas-chevron-up\" viewBox=\"0 0 448 512\" xmlns=\"http:\/\/www.w3.org\/2000\/svg\"><path d=\"M240.971 130.524l194.343 194.343c9.373 9.373 9.373 24.569 0 33.941l-22.667 22.667c-9.357 9.357-24.522 9.375-33.901.04L224 227.495 69.255 381.516c-9.379 9.335-24.544 9.317-33.901-.04l-22.667-22.667c-9.373-9.373-9.373-24.569 0-33.941L207.03 130.525c9.372-9.373 24.568-9.373 33.941-.001z\"><\/path><\/svg><\/div>\n\t\t\t\t\t<\/div>\n\t\t\t\t<div id=\"elementor-toc__iwgw-illapa-toc\" class=\"elementor-toc__body\">\n\t\t\t<div class=\"elementor-toc__spinner-container\">\n\t\t\t\t<svg class=\"elementor-toc__spinner eicon-animation-spin e-font-icon-svg e-eicon-loading\" aria-hidden=\"true\" viewBox=\"0 0 1000 1000\" xmlns=\"http:\/\/www.w3.org\/2000\/svg\"><path d=\"M500 975V858C696 858 858 696 858 500S696 142 500 142 142 304 142 500H25C25 237 238 25 500 25S975 237 975 500 763 975 500 975Z\"><\/path><\/svg>\t\t\t<\/div>\n\t\t<\/div>\n\t\t\t\t\t\t<\/div>\n\t\t\t\t<\/div>\n\t\t\t\t\t<\/div>\n\t\t\t\t<\/div>\n\t\t<div class=\"elementor-element elementor-element-iwgw-illapa-hr e-con-full e-flex e-con e-child\" data-id=\"iwgw-illapa-hr\" data-element_type=\"container\" data-e-type=\"container\">\n\t\t\t\t<div class=\"elementor-element elementor-element-iwgw-illapa-heroimg iwg-hero-image elementor-widget elementor-widget-image\" data-id=\"iwgw-illapa-heroimg\" data-element_type=\"widget\" data-e-type=\"widget\" data-widget_type=\"image.default\">\n\t\t\t\t\t\t\t\t\t\t\t\t\t\t\t<img fetchpriority=\"high\" decoding=\"async\" width=\"683\" height=\"1024\" src=\"https:\/\/iwell-guard.com\/wp-content\/uploads\/2026\/05\/goetter_anden-inka_illapa-683x1024.webp\" class=\"attachment-large size-large wp-image-148849\" alt=\"Illapa \u2013 jumala inka-andien perinteest\u00e4, historiallis-havainnollistava\" srcset=\"https:\/\/iwell-guard.com\/wp-content\/uploads\/2026\/05\/goetter_anden-inka_illapa-683x1024.webp 683w, https:\/\/iwell-guard.com\/wp-content\/uploads\/2026\/05\/goetter_anden-inka_illapa-200x300.webp 200w, https:\/\/iwell-guard.com\/wp-content\/uploads\/2026\/05\/goetter_anden-inka_illapa-768x1152.webp 768w, https:\/\/iwell-guard.com\/wp-content\/uploads\/2026\/05\/goetter_anden-inka_illapa.webp 1024w\" sizes=\"(max-width: 683px) 100vw, 683px\" \/>\t\t\t\t\t\t\t\t\t\t\t\t\t\t\t<\/div>\n\t\t\t\t<\/div>\n\t\t\t\t\t<\/div>\n\t\t\t\t<\/div>\n\t\t\t\t<section class=\"elementor-section elementor-top-section elementor-element elementor-element-sec-iwgcomp-illapa elementor-section-boxed elementor-section-height-default elementor-section-height-default\" data-id=\"sec-iwgcomp-illapa\" data-element_type=\"section\" data-e-type=\"section\">\n\t\t\t\t\t\t<div class=\"elementor-container elementor-column-gap-default\">\n\t\t\t\t\t<div class=\"elementor-column elementor-col-100 elementor-top-column elementor-element elementor-element-col-iwgcomp-illapa\" data-id=\"col-iwgcomp-illapa\" data-element_type=\"column\" data-e-type=\"column\">\n\t\t\t<div class=\"elementor-widget-wrap elementor-element-populated\">\n\t\t\t\t\t\t<div class=\"elementor-element elementor-element-iwgcomp-illapa elementor-widget elementor-widget-text-editor\" data-id=\"iwgcomp-illapa\" data-element_type=\"widget\" data-e-type=\"widget\" data-widget_type=\"text-editor.default\">\n\t\t\t\t\t\t\t\t\t<p>Illapa, <strong>inkojen ukkosenjumala<\/strong>, on keskeinen hahmo esikolumbiaanisen Andien alueen s\u00e4\u00e4npalvonnassa.<\/p>\t\t\t\t\t\t\t\t<\/div>\n\t\t\t\t\t<\/div>\n\t\t<\/div>\n\t\t\t\t\t<\/div>\n\t\t<\/section>\n\t\t<div class=\"elementor-element elementor-element-iwgw-illapa-s0 e-flex e-con-boxed e-con e-parent\" data-id=\"iwgw-illapa-s0\" data-element_type=\"container\" data-e-type=\"container\">\n\t\t\t\t\t<div class=\"e-con-inner\">\n\t\t\t\t<div class=\"elementor-element elementor-element-iwgw-illapa-s0h elementor-widget elementor-widget-heading\" data-id=\"iwgw-illapa-s0h\" data-element_type=\"widget\" data-e-type=\"widget\" data-widget_type=\"heading.default\">\n\t\t\t\t\t<h2 class=\"elementor-heading-title elementor-size-default\">Asema andien panteonissa<\/h2>\t\t\t\t<\/div>\n\t\t<div class=\"elementor-element elementor-element-iwgw-illapa-s0c e-con-full e-flex e-con e-child\" data-id=\"iwgw-illapa-s0c\" data-element_type=\"container\" data-e-type=\"container\">\n\t\t\t\t<div class=\"elementor-element elementor-element-iwgw-illapa-s0t elementor-widget elementor-widget-text-editor\" data-id=\"iwgw-illapa-s0t\" data-element_type=\"widget\" data-e-type=\"widget\" data-widget_type=\"text-editor.default\">\n\t\t\t\t\t\t\t\t\t<p>Illapa kuuluu <a href=\"https:\/\/iwell-guard.com\/fi\/?page_id=144154\">Intin<\/a>, <a href=\"https:\/\/iwell-guard.com\/fi\/?page_id=144156\">Viracochan<\/a> ja <a href=\"https:\/\/iwell-guard.com\/fi\/?page_id=144157\">Mama Killan<\/a> ohella inka-ajan valtiokultin nelj\u00e4\u00e4n korkeimpaan jumaluuteen. H\u00e4nell\u00e4 oli Cuscon Coricanchassa oma temppelialueensa, ja h\u00e4nen tunnuksensa, ukkoskiilat ja lingot, s\u00e4ilytettiin espanjalaista valloitusta edelt\u00e4v\u00e4ss\u00e4 mallqui-muumioiden kokoelmassa.<\/p><p>Uskontotieteellisesti h\u00e4n kuuluu yleisiin <em>ukkosen ja myrskyn jumaluuksiin<\/em>, jotka esiintyv\u00e4t n\u00e4kyv\u00e4ss\u00e4 asemassa l\u00e4hes kaikissa maanviljelyskorkeakulttuureissa.<\/p><p>Toisin kuin valtiollis-keisarillinen Inti-<span class=\"iwg-fachbegriff\" data-tooltip=\"Kaikki jumaluudelle tai pyh\u00e4lle hahmolle osoitetut uskonnolliset kunnioittamisen teot.\" tabindex=\"0\">kultti<\/span>, Illapan palvonta on elossa nykyaikaisissa ke\u010dua- ja aymarankielisiss\u00e4 kyliss\u00e4 yh\u00e4 t\u00e4n\u00e4kin p\u00e4iv\u00e4n\u00e4. Maaseudun salamaan, ukkoseen ja sateeseen liittyv\u00e4t k\u00e4yt\u00e4nn\u00f6t ovat t\u00e4rke\u00e4 osa andien yl\u00e4ng\u00f6n nykyist\u00e4 uskonnollista k\u00e4yt\u00e4nt\u00f6\u00e4.<\/p><p>Catherine Allen, Joseph Bastien ja Frank Salomon ovat etnografisissa teoksissaan toistuvasti huomauttaneet, ett\u00e4 Illapa on talonpojalle usein l\u00e4sn\u00e4olevampi kuin Intin korkeampi aurinkoteologia.<\/p><p>Joissakin l\u00e4hteiss\u00e4 Illapa kuvataan kolminaisena hahmona, joka koostuu <em>Chuqui Illapasta<\/em> (veli Illapa), <em>Catu Illapasta<\/em> (veli Catu) ja kolmannesta aspektista, joka vaihtelee kronikoitsijan mukaan.<\/p><p>T\u00e4m\u00e4 kolminaisuus muistutti espanjalaisia l\u00e4hetyssaarnaajia kolminaisuusopista ja tuki varhaisemmassa <span class=\"iwg-fachbegriff\" data-tooltip=\"Tiede, joka tutkii uskontoja vertailevasti ja sitoutumatta mihink\u00e4\u00e4n uskoon.\" tabindex=\"0\">uskontotieteess\u00e4<\/span> ajatusta esikristillisest\u00e4 kolminaisuuden aavistuksesta. Pierre Duviols on kritisoinut t\u00e4t\u00e4 tulkintaa ja viitannut andien alueelle ominaiseen kosmisten olentojen aitoon moninaisuuteen.<\/p><p>Arkeologis-ikonografisesta n\u00e4k\u00f6kulmasta ukkos-<span class=\"iwg-fachbegriff\" data-tooltip=\"Uskonnon sis\u00e4ll\u00e4 jumalallisena palvottu olento.\" tabindex=\"0\">jumaluuden<\/span> palvonta Andeilla ulottuu kauas inka-aikaa edelt\u00e4v\u00e4\u00e4n aikaan. Wari-keramiikat kuvaavat ukkoskiiloja kantavia sotureita, ja Pohjois-Perun chimu-kulttuuri tunsi vastaavan ukkosenjumalan nimell\u00e4 <em>Ni<\/em>, joka oli kuitenkin voimakkaammin merellisesti s\u00e4vyttynyt.<\/p><p>T\u00e4m\u00e4 esihistoria osoittaa, ett\u00e4 inkojen valtiollinen Illapa-<span class=\"iwg-fachbegriff\" data-tooltip=\"Tieteellinen oppi uskonnon jumalasta ja uskosta.\" tabindex=\"0\">teologia<\/span> ei syntynyt tyhj\u00e4st\u00e4, vaan rakentui pitk\u00e4lle andien myrsky- ja ukkosperinteelle.<\/p>\t\t\t\t\t\t\t\t<\/div>\n\t\t\t\t<\/div>\n\t\t\t\t\t<\/div>\n\t\t\t\t<\/div>\n\t\t<div class=\"elementor-element elementor-element-iwgw-illapa-s1 e-flex e-con-boxed e-con e-parent\" data-id=\"iwgw-illapa-s1\" data-element_type=\"container\" data-e-type=\"container\">\n\t\t\t\t\t<div class=\"e-con-inner\">\n\t\t\t\t<div class=\"elementor-element elementor-element-iwgw-illapa-s1h elementor-widget elementor-widget-heading\" data-id=\"iwgw-illapa-s1h\" data-element_type=\"widget\" data-e-type=\"widget\" data-widget_type=\"heading.default\">\n\t\t\t\t\t<h2 class=\"elementor-heading-title elementor-size-default\">Nimi ja etymologia<\/h2>\t\t\t\t<\/div>\n\t\t<div class=\"elementor-element elementor-element-iwgw-illapa-s1c e-con-full e-flex e-con e-child\" data-id=\"iwgw-illapa-s1c\" data-element_type=\"container\" data-e-type=\"container\">\n\t\t\t\t<div class=\"elementor-element elementor-element-iwgw-illapa-s1t elementor-widget elementor-widget-text-editor\" data-id=\"iwgw-illapa-s1t\" data-element_type=\"widget\" data-e-type=\"widget\" data-widget_type=\"text-editor.default\">\n\t\t\t\t\t\t\t\t\t<p><span data-nosnippet>Nimi <em>Illapa<\/em> on ke\u010duassa semanttisesti monimerkityksinen. Diego Gonzalez Holguin antaa teoksessaan <em>Vocabulario<\/em> (1608) seuraavat merkitykset: <em>el rayo<\/em> (salama), <em>el trueno<\/em> (ukkosenjyr\u00e4hdys), <em>el relampago<\/em> (kajastus). Sana viittaa siis kaikkiin kolmeen s\u00e4\u00e4ilmi\u00f6\u00f6n yhden ja saman <span class=\"iwg-fachbegriff\" data-tooltip=\"Uskonnon sis\u00e4ll\u00e4 jumalallisena palvottu olento.\" tabindex=\"0\">jumaluuden<\/span> ilmenemismuotoina.<\/span><\/p><p>Huomionarvoista on l\u00e4heinen yhteys ke\u010dua-k\u00e4sitteeseen <em>illa<\/em>, joka viittaa valoisaan numinoosiin (vertaa my\u00f6s <em>Illatiqsi Wiraqucha<\/em>, Viracochan liikanimi). Sanan <em>illa<\/em> perusmerkitys viittaa kirkkaaseen loistoon, joka ilmaisee numinoosia l\u00e4sn\u00e4oloa. Illapa olisi siis taivaalla v\u00e4l\u00e4ht\u00e4v\u00e4 numinoosinen valo.<\/p><p>Aymara-alueella vastaavaa jumalaa kutsutaan nimell\u00e4 <em>Tunupa<\/em> tai <em>Illapa<\/em>, ja alueelliset muodot vaihtelevat. Siirtomaa-ajan l\u00e4hteet erottavat toisinaan <em>Illapan<\/em> (s\u00e4\u00e4n aspekti) ja <em>Catu Illapan<\/em> (rakeen aspekti). Illapan korostunut asema inka-ajalla n\u00e4kyy my\u00f6s inkahallitsijoiden liikanimiss\u00e4: inka Yupanqui Tupac k\u00e4ytti liikanime\u00e4 <em>Yupanqui-Illapa<\/em>, joka ilmaisi h\u00e4nen yhteytt\u00e4\u00e4n <span class=\"iwg-fachbegriff\" data-tooltip=\"Uskonnon sis\u00e4ll\u00e4 jumalallisena palvottu olento.\" tabindex=\"0\">jumaluuden<\/span> ukkos-aspektiin.<\/p><p>Viimeaikaisissa ke\u010dua-<span class=\"iwg-fachbegriff\" data-tooltip=\"Tieteellinen oppi uskonnon jumalasta ja uskosta.\" tabindex=\"0\">teologiaa<\/span> koskevissa kielihistoriallisissa tutkimuksissa sanan <em>illa<\/em> etymologiaa on tarkennettu edelleen merkityksess\u00e4 <em>loisto, kajastus, valoisa j\u00e4lki<\/em>.<\/p><p>Cesar Itier on huomauttanut, ett\u00e4 <em>illa<\/em> ei inka-ajan terminologiassa tarkoita ainoastaan kajastusta, vaan perustavanlaatuisempaa numinoosista kategoriaa: jumalallisen l\u00e4sn\u00e4olon v\u00e4l\u00e4hdyst\u00e4 maailmassa. Pienet kivi-amuletit <em>illa<\/em> (paimenten suojafiguurit) kantavat samaa nime\u00e4, mik\u00e4 havainnollistaa Illapan nimen semanttista syvyytt\u00e4.<\/p>\t\t\t\t\t\t\t\t<\/div>\n\t\t\t\t<\/div>\n\t\t\t\t\t<\/div>\n\t\t\t\t<\/div>\n\t\t<div class=\"elementor-element elementor-element-iwgw-illapa-s2 e-flex e-con-boxed e-con e-parent\" data-id=\"iwgw-illapa-s2\" data-element_type=\"container\" data-e-type=\"container\">\n\t\t\t\t\t<div class=\"e-con-inner\">\n\t\t\t\t<div class=\"elementor-element elementor-element-iwgw-illapa-s2h elementor-widget elementor-widget-heading\" data-id=\"iwgw-illapa-s2h\" data-element_type=\"widget\" data-e-type=\"widget\" data-widget_type=\"heading.default\">\n\t\t\t\t\t<h2 class=\"elementor-heading-title elementor-size-default\">Kuvaus ja ikonografia<\/h2>\t\t\t\t<\/div>\n\t\t<div class=\"elementor-element elementor-element-iwgw-illapa-s2c e-con-full e-flex e-con e-child\" data-id=\"iwgw-illapa-s2c\" data-element_type=\"container\" data-e-type=\"container\">\n\t\t\t\t<div class=\"elementor-element elementor-element-iwgw-illapa-s2t elementor-widget elementor-widget-text-editor\" data-id=\"iwgw-illapa-s2t\" data-element_type=\"widget\" data-e-type=\"widget\" data-widget_type=\"text-editor.default\">\n\t\t\t\t\t\t\t\t\t<p>Illapa kuvataan siirtomaa-aikaisissa kuvauksissa taivaallisena sotilaana, joka luo salaman kultaisella kivilingolla ja iskee ukkosen nuijalla. Toisinaan h\u00e4nell\u00e4 on yll\u00e4\u00e4n t\u00e4hdist\u00e4 tehty viittatakki ja vesiruukku, jonka h\u00e4n kaataa sateeksi. T\u00e4m\u00e4n ikonografian ovat v\u00e4litt\u00e4neet Cristobal de Molina ja Polo de Ondegardo.<\/p><p>S\u00e4ilyneiss\u00e4 inkatekstiileiss\u00e4 ja siirtomaa-aikaisessa cuzcolaisessa maalaustaiteessa Illapa esiintyy usein sotilaana lingon ja ukkosenvaajan kanssa, joskus puuman sel\u00e4ss\u00e4 ratsastaen.<\/p><p>Yhteys puumaan on topografisesti perusteltu: Coricanchassa oli <em>Puma Punku<\/em> -kivilohkare (puuman portti), joka toimi Illapa-palvonnan viitepisteen\u00e4. Taidehistorioitsija Teresa Gisbert on teoksissaan siirtomaa-aikaisesta Andien ikonografiasta kuvannut j\u00e4rjestelm\u00e4llisesti Illapa-sotilashahmon esitt\u00e4mist\u00e4.<\/p><p>Kristillistymisen my\u00f6t\u00e4 Illapa rinnastettiin nopeasti Pyh\u00e4\u00e4n Jaakobiin (<em>Santiago<\/em>), joka espanjalaisessa perinteess\u00e4 esiintyy ratsastavana pyhimyksen\u00e4 salamamiekka k\u00e4dess\u00e4\u00e4n.<\/p><p>T\u00e4m\u00e4 synkretismi on havaittavissa andilaisissa pyh\u00e4injuhlissa t\u00e4n\u00e4kin p\u00e4iv\u00e4n\u00e4: siell\u00e4, miss\u00e4 vietet\u00e4\u00e4n ladinolaista maanviljelij\u00f6iden juhlaa <em>Santiago Mataindios<\/em>, Illapa on l\u00e4sn\u00e4 alkuper\u00e4iskansan substraattik\u00e4sityksess\u00e4. Jurochirin <em>Santiago de Murayoc<\/em> -perinne on t\u00e4st\u00e4 tunnettu esimerkki.<\/p>\t\t\t\t\t\t\t\t<\/div>\n\t\t\t\t<\/div>\n\t\t\t\t\t<\/div>\n\t\t\t\t<\/div>\n\t\t<div class=\"elementor-element elementor-element-iwgw-illapa-s3 e-flex e-con-boxed e-con e-parent\" data-id=\"iwgw-illapa-s3\" data-element_type=\"container\" data-e-type=\"container\">\n\t\t\t\t\t<div class=\"e-con-inner\">\n\t\t\t\t<div class=\"elementor-element elementor-element-iwgw-illapa-s3h elementor-widget elementor-widget-heading\" data-id=\"iwgw-illapa-s3h\" data-element_type=\"widget\" data-e-type=\"widget\" data-widget_type=\"heading.default\">\n\t\t\t\t\t<h2 class=\"elementor-heading-title elementor-size-default\">Myyttiset kertomukset<\/h2>\t\t\t\t<\/div>\n\t\t<div class=\"elementor-element elementor-element-iwgw-illapa-s3c e-con-full e-flex e-con e-child\" data-id=\"iwgw-illapa-s3c\" data-element_type=\"container\" data-e-type=\"container\">\n\t\t\t\t<div class=\"elementor-element elementor-element-iwgw-illapa-s3t elementor-widget elementor-widget-text-editor\" data-id=\"iwgw-illapa-s3t\" data-element_type=\"widget\" data-e-type=\"widget\" data-widget_type=\"text-editor.default\">\n\t\t\t\t\t\t\t\t\t<p>T\u00e4rkein Illapaa k\u00e4sittelev\u00e4 kertomus on s\u00e4ilynyt Huarochiri-k\u00e4sikirjoituksessa, ja se kuvaa h\u00e4nen suhdettaan vesijumalattareen (<a href=\"https:\/\/iwell-guard.com\/fi\/?page_id=144161\">Mama Cochan<\/a> ilmentym\u00e4). Illapa iskee salaman osuakseen taivaalla olevaan vesiruukkujumalattareen; s\u00e4rkyneest\u00e4 ruukusta valuu sade. T\u00e4m\u00e4 sateen aitiologia on tavanomainen osa andilaista <span class=\"iwg-fachbegriff\" data-tooltip=\"Kulttuurin perinteisten jumalkertomusten kokonaisuus.\" tabindex=\"0\">mytologiaa<\/span>.<\/p><p>Toinen kertomus yhdist\u00e4\u00e4 Illapan taivaalliseen laamat\u00e4hteen (<em>Yacana<\/em>-t\u00e4hdist\u00f6\u00f6n, joka oli keskeinen inka-ajan t\u00e4htitieteess\u00e4). Kun Yacana-t\u00e4hdist\u00f6 on keskiy\u00f6ll\u00e4 matalalla etel\u00e4isell\u00e4 taivaalla, se juo <span class=\"iwg-fachbegriff\" data-tooltip=\"Perinteinen kertomus jumalista, alkuper\u00e4st\u00e4 ja maailman j\u00e4rjestyksest\u00e4.\" tabindex=\"0\">myytin<\/span> mukaan vett\u00e4 Linnunradasta ja v\u00e4hent\u00e4\u00e4 sit\u00e4 siten.<\/p><p>Illapa s\u00e4rkee t\u00e4m\u00e4n j\u00e4lkeen vesiruukkujumalattaren tuodakseen sateen takaisin maan p\u00e4\u00e4lle. Gary Urton on esitt\u00e4nyt t\u00e4m\u00e4n astromytologisen rakenteen j\u00e4rjestelm\u00e4llisesti teoksessaan <em>At the Crossroads of the Earth and the Sky<\/em> (1981).<\/p><p>Kolmas kertomus, jonka on v\u00e4litt\u00e4nyt Polo de Ondegardo, kuvaa inka-ajan <em>altomisayoq<\/em>-pappien kutsumista salamaniskun kautta. Henkil\u00f6, joka sai salaman osumaan itseens\u00e4 ja selvisi siit\u00e4, katsottiin Illapan itsens\u00e4 kutsumaksi papiksi, ja h\u00e4n sai oikeuden toimia <span class=\"iwg-fachbegriff\" data-tooltip=\"Paikka tai laitos, jossa haetaan jumalallista vastausta.\" tabindex=\"0\">oraakkelina<\/span> ja suorittaa parannuksia.<\/p><p>T\u00e4m\u00e4 kutsumisperinne el\u00e4\u00e4 t\u00e4n\u00e4kin p\u00e4iv\u00e4n\u00e4 quechuankielisten kylien nykyaikaisissa <em>paqo<\/em>-erikoisosaajissa. Juan Nunez del Prado on kuvannut t\u00e4t\u00e4 salamaniskukutsumusta etnografisissa tutkimuksissaan.<\/p><p>Nelj\u00e4s kertomus yhdist\u00e4\u00e4 Illapan inka-ajan rikosoikeuteen: se, joka vannoi ukkosvalan (<em>illapamanta<\/em>) puhuakseen totuutta, ei saanut valehdella, koska Illapa itse olisi rangaissut v\u00e4\u00e4r\u00e4\u00e4 todistusta salamaniskulla.<\/p><p>Inkojen oikeuslaitos k\u00e4ytti t\u00e4t\u00e4 jumalallista valaa erityisen vakavissa tapauksissa totuuden selvitt\u00e4misen keinona. Polo de Ondegardo ja Cobo kertovat suuresta uskottavuudesta, joka illapamanta-lausunnolle annettiin.<\/p>\t\t\t\t\t\t\t\t<\/div>\n\t\t\t\t<\/div>\n\t\t\t\t\t<\/div>\n\t\t\t\t<\/div>\n\t\t<div class=\"elementor-element elementor-element-iwgw-illapa-s4 e-flex e-con-boxed e-con e-parent\" data-id=\"iwgw-illapa-s4\" data-element_type=\"container\" data-e-type=\"container\">\n\t\t\t\t\t<div class=\"e-con-inner\">\n\t\t\t\t<div class=\"elementor-element elementor-element-iwgw-illapa-s4h elementor-widget elementor-widget-heading\" data-id=\"iwgw-illapa-s4h\" data-element_type=\"widget\" data-e-type=\"widget\" data-widget_type=\"heading.default\">\n\t\t\t\t\t<h2 class=\"elementor-heading-title elementor-size-default\">Kultti ja palvonta<\/h2>\t\t\t\t<\/div>\n\t\t<div class=\"elementor-element elementor-element-iwgw-illapa-s4c e-con-full e-flex e-con e-child\" data-id=\"iwgw-illapa-s4c\" data-element_type=\"container\" data-e-type=\"container\">\n\t\t\t\t<div class=\"elementor-element elementor-element-iwgw-illapa-s4t elementor-widget elementor-widget-text-editor\" data-id=\"iwgw-illapa-s4t\" data-element_type=\"widget\" data-e-type=\"widget\" data-widget_type=\"text-editor.default\">\n\t\t\t\t\t\t\t\t\t<p><span data-nosnippet>Illapa-<span class=\"iwg-fachbegriff\" data-tooltip=\"Jumaluuden tai pyh\u00e4n hahmon palvontaan liittyvien uskonnollisten toimien kokonaisuus.\" tabindex=\"0\">kultti<\/span> oli vakiintunut Cuzcon Coricancha-<span class=\"iwg-fachbegriff\" data-tooltip=\"Rakennus, joka palvelee yhden tai useamman jumaluuden palvontaa.\" tabindex=\"0\">temppeliss\u00e4<\/span>. Niin sanotussa <em>Pucamarcassa<\/em>, omassa temppelialueessa Cuzcon kaakkoisessa laitakaupungissa, sijaitsi Illapan p\u00e4\u00e4rituaalikuva, kultainen mieshahmoinen patsas ukkosenvaajan ja lingon kanssa. Espanjalaiset takavarikoivat t\u00e4m\u00e4n <span class=\"iwg-fachbegriff\" data-tooltip=\"Jumalallisena palvottu kuva tai patsas.\" tabindex=\"0\">ep\u00e4jumalankuvan<\/span> vuonna 1572 Vilcabambassa Punchaon mukana, ja se on kadonnut.<\/span><\/p><p>T\u00e4rkeimm\u00e4t Illapa-riitit suoritettiin sadekaudella, syyskuun ja maaliskuun v\u00e4lill\u00e4. Kun sateet viipyiv\u00e4t, papit ja yhteis\u00f6 j\u00e4rjestiv\u00e4t suuria rukousvaelluksia ceque-linjoja pitkin, joilla uhrattiin mustia laamoja kaupungin ymp\u00e4rill\u00e4 olevilla vuorensel\u00e4nteill\u00e4.<\/p><p>Mustat laamat olivat Illapan erityinen uhriel\u00e4in, koska musta v\u00e4ri vastasi sadepilven v\u00e4ri\u00e4. Cristobal de Molina kuvaa erityisen <span class=\"iwg-fachbegriff\" data-tooltip=\"Perinteinen, yhteis\u00f6ss\u00e4 s\u00e4\u00e4nn\u00f6llisesti toistettu toimi.\" tabindex=\"0\">tavan<\/span>: sateettomina p\u00e4ivin\u00e4 mustaa laamaa pidettiin kolme p\u00e4iv\u00e4\u00e4 ilman vett\u00e4, jotta se itkisi janoissaan ja houkuttelisi itkullaan sadepilvi\u00e4 paikalle.<\/p><p>T\u00e4rkein juhlap\u00e4iv\u00e4 oli joulukuun <em>Capac Raymi<\/em> ja syyskuun <em>Citua<\/em>-puhdistusjuhla, molemmat l\u00e4heisesti sidoksissa sadekauden alkuun. Brian Bauer ja Tom Zuidema ovat teoksissaan j\u00e4rjestelm\u00e4llisesti selvitt\u00e4neet Illapan asemaa inkavaltakunnan rituaalikalenterissa.<\/p><p>Inkavaltakunnan vuodessa Illapa-riitit olivat monimutkaisessa vastaavuussuhteessa maanviljelyn kiertokulkuihin. Ennen elokuun kylv\u00f6\u00e4 Illapalta pyydettiin s\u00e4\u00e4nneltyj\u00e4 sateita, joulu-tammikuussa kohtuullisia sateita ilman eroosiota, ja maalis-huhtikuussa lempe\u00e4\u00e4 siirtym\u00e4\u00e4 kuivaan kauteen.<\/p><p>T\u00e4m\u00e4 kalenterillisesti eriytynyt s\u00e4\u00e4n<span class=\"iwg-fachbegriff\" data-tooltip=\"Tieteellinen oppi Jumalasta ja uskonnon uskosta.\" tabindex=\"0\">teologia<\/span> heijastaa syv\u00e4\u00e4 tuntemusta maanviljelij\u00f6iden uskonnollisesta k\u00e4yt\u00e4nn\u00f6st\u00e4, ja moderni Andien <span class=\"iwg-fachbegriff\" data-tooltip=\"Kulttuureja ja yhteiskuntia vertailevasti tutkiva tiede.\" tabindex=\"0\">etnologia<\/span> on tulkinnut sen maanviljelyn riskien <em>uskonnolliseksi mikrohallinnaksi<\/em>.<\/p>\t\t\t\t\t\t\t\t<\/div>\n\t\t\t\t<\/div>\n\t\t\t\t\t<\/div>\n\t\t\t\t<\/div>\n\t\t<div class=\"elementor-element elementor-element-iwgw-illapa-s5 e-flex e-con-boxed e-con e-parent\" data-id=\"iwgw-illapa-s5\" data-element_type=\"container\" data-e-type=\"container\">\n\t\t\t\t\t<div class=\"e-con-inner\">\n\t\t\t\t<div class=\"elementor-element elementor-element-iwgw-illapa-s5h elementor-widget elementor-widget-heading\" data-id=\"iwgw-illapa-s5h\" data-element_type=\"widget\" data-e-type=\"widget\" data-widget_type=\"heading.default\">\n\t\t\t\t\t<h2 class=\"elementor-heading-title elementor-size-default\">Suojeluk\u00e4yt\u00e4nt\u00f6 ja apotropaiset piirteet<\/h2>\t\t\t\t<\/div>\n\t\t<div class=\"elementor-element elementor-element-iwgw-illapa-s5c e-con-full e-flex e-con e-child\" data-id=\"iwgw-illapa-s5c\" data-element_type=\"container\" data-e-type=\"container\">\n\t\t\t\t<div class=\"elementor-element elementor-element-iwgw-illapa-s5t elementor-widget elementor-widget-text-editor\" data-id=\"iwgw-illapa-s5t\" data-element_type=\"widget\" data-e-type=\"widget\" data-widget_type=\"text-editor.default\">\n\t\t\t\t\t\t\t\t\t<p>Illapan palvonnan k\u00e4yt\u00e4nn\u00f6llinen suhde suojeluun on h\u00e4mm\u00e4stytt\u00e4v\u00e4n ambivalentti: toisaalta Illapaa rukoiltiin kuivuutta, rakeita ja hallaa vastaan, mutta toisaalta suojauduttiin my\u00f6s <em>Illapalta<\/em> itselt\u00e4\u00e4n, erityisesti h\u00e4nen salamaniskuiltaan. T\u00e4m\u00e4 ambivalentti suojelusuhde on tyypillist\u00e4 ukkosjumalille ja n\u00e4kyy my\u00f6s Thorin, Indran tai Baalin <span class=\"iwg-fachbegriff\" data-tooltip=\"Jumaluuden tai pyh\u00e4n hahmon palvontaan liittyvien uskonnollisten toimien kokonaisuus.\" tabindex=\"0\">kultissa<\/span>.<\/p><p>Konkreettisiin suojeluk\u00e4yt\u00e4nt\u00f6ihin kuuluvat vahakynttil\u00f6iden polttaminen kauden ensimm\u00e4isen ukkosmyrskyn aikana, pienten kivikasojen (<em>apacheta<\/em>) pystytt\u00e4minen vuorenselille sek\u00e4 tiettyjen paikkojen, kuten yksin\u00e4isten puiden ja korkeiden kallioiden, v\u00e4ltt\u00e4minen ukkosmyrskyn aikana.<\/p><p>Erityisen erikoinen k\u00e4yt\u00e4nt\u00f6 on <em>toldo<\/em>&#8211;<span class=\"iwg-fachbegriff\" data-tooltip=\"Symbolisten toimien s\u00e4\u00e4delty sarja, jolla on uskonnollinen tai kulttuurinen merkitys.\" tabindex=\"0\">rituaali<\/span>: kun salama on iskenyt taloon, koko talo julistetaan kolmeksi vuodeksi asumiskelvottomaksi, koska sen katsotaan olevan Illapan itsens\u00e4 koskettama ja siten <span class=\"iwg-fachbegriff\" data-tooltip=\"Pyh\u00e4n kauhistuttavaa ja korkeaa luonnetta kuvaava uskontotieteen k\u00e4site.\" tabindex=\"0\">numinoosisesti<\/span> latautunut.<\/p><p><span class=\"iwg-fachbegriff\" data-tooltip=\"Pahaa torjuva: merkeist\u00e4 ja esineist\u00e4, joiden tarkoitus on pit\u00e4\u00e4 haitalliset vaikutukset loitolla.\" tabindex=\"0\">Apotropaisesti<\/span> rakeita vastaan monissa kyliss\u00e4 pystytet\u00e4\u00e4n edelleen siunattuja kynttil\u00f6it\u00e4 talon oven eteen ja ristej\u00e4 pelloille, jotka nyky\u00e4\u00e4n yhdistyv\u00e4t synkreettisesti Marian kuviin tai pyh\u00e4\u00e4n Jaakobiin.<\/p><p>Uskontoetnologisesti kyse on suoraan esiespanjalaisen Illapa-k\u00e4yt\u00e4nn\u00f6n jatkumisesta kristillisess\u00e4 naamiossa. Olivia Harris on kuvannut t\u00e4t\u00e4 jatkuvaa rakeenehk\u00e4isyk\u00e4yt\u00e4nt\u00f6\u00e4 aymara-yl\u00e4ng\u00f6ll\u00e4 teoksessaan <em>Of Bread and Blood<\/em> (2000).<\/p>\t\t\t\t\t\t\t\t<\/div>\n\t\t\t\t<\/div>\n\t\t\t\t\t<\/div>\n\t\t\t\t<\/div>\n\t\t<div class=\"elementor-element elementor-element-iwgw-illapa-s6 e-flex e-con-boxed e-con e-parent\" data-id=\"iwgw-illapa-s6\" data-element_type=\"container\" data-e-type=\"container\">\n\t\t\t\t\t<div class=\"e-con-inner\">\n\t\t\t\t<div class=\"elementor-element elementor-element-iwgw-illapa-s6h elementor-widget elementor-widget-heading\" data-id=\"iwgw-illapa-s6h\" data-element_type=\"widget\" data-e-type=\"widget\" data-widget_type=\"heading.default\">\n\t\t\t\t\t<h2 class=\"elementor-heading-title elementor-size-default\">Rinnakkaisilmi\u00f6t muissa kulttuureissa<\/h2>\t\t\t\t<\/div>\n\t\t<div class=\"elementor-element elementor-element-iwgw-illapa-s6c e-con-full e-flex e-con e-child\" data-id=\"iwgw-illapa-s6c\" data-element_type=\"container\" data-e-type=\"container\">\n\t\t\t\t<div class=\"elementor-element elementor-element-iwgw-illapa-s6t elementor-widget elementor-widget-text-editor\" data-id=\"iwgw-illapa-s6t\" data-element_type=\"widget\" data-e-type=\"widget\" data-widget_type=\"text-editor.default\">\n\t\t\t\t\t\t\t\t\t<p>Illapa sijoittuu ukkosjumalten maailmanlaajuiseen kuvioon.<\/p><p>Rakenteellisesti verrattavissa ovat germaaninen <em>Thor<\/em>, kreikkalainen <em>Zeus<\/em>, veedalainen <em>Indra<\/em>, balttilainen <em>Perk\u016bnas<\/em>, l\u00e4nsiaasialaiene <em>Baal Hadad<\/em>, japanilainen <em>Raijin<\/em> ja mesopotamialainen <em>Adad<\/em>.<\/p><p>Kaikissa n\u00e4iss\u00e4 tapauksissa ukkos-<span class=\"iwg-fachbegriff\" data-tooltip=\"Uskonnossa jumalallisena palvottu olento.\" tabindex=\"0\">jumaluus<\/span> on miespuolinen sotilashahmo, jolla on heittoase (vasara, ukkosnuija, linko) ja joka vastaa sadesateista ja her\u00e4tt\u00e4\u00e4 kutsumuksen salamaniskun kautta.<\/p><p>Amerikan sis\u00e4ll\u00e4 Illapa muistuttaa erityisen l\u00e4heisesti atsteekkien <em>Tlalocia<\/em>, mayojen jumalaa <em>Chaakia<\/em> ja pohjoisamerikkalaista <a href=\"https:\/\/iwell-guard.com\/fi\/?page_id=144173\">Ukkoslinnun<\/a> hahmoa. Ukkoslintu-k\u00e4sitys on t\u00e4ss\u00e4 yhteydess\u00e4 erityisen kiinnostava, sill\u00e4 se yhdist\u00e4\u00e4 my\u00f6s ukkosen olentoon, joka voi lent\u00e4\u00e4 ja synnytt\u00e4\u00e4 siivill\u00e4\u00e4n myrsky\u00e4, rakenteellisesti verrattavissa Illapan vesiruukku-jumalattareen.<\/p><p>Illapan siirtomaa-aikainen synkreettinen yhteys pyh\u00e4\u00e4n Jaakobiin (<em>Santiago<\/em>) on saanut paljon huomiota uskontohistoriallisessa kirjallisuudessa.<\/p><p>Espanjalainen Santiago-perinne tuntee my\u00f6s <em>Santiago Matamoroksen<\/em>, joka ratsastaa miekka k\u00e4dess\u00e4 mauriiveja vastaan; Andeilla t\u00e4st\u00e4 tuli <em>Santiago Mataindios<\/em> (intiaanien tappaja), joka toimi samanaikaisesti kristillisen\u00e4 ratsastajapyhimyksen\u00e4 ja andilaisena ukkosjumalana, kaksoisluonteinen hahmo.<\/p><p>Tieteellisesti erityisen t\u00e4rke\u00e4\u00e4 on se, ett\u00e4 Illapa ei ollut ensisijaisesti sotajumala kuten Thor tai Indra. H\u00e4nen p\u00e4\u00e4dimensionsa oli s\u00e4\u00e4tilan hallinta. Sotaikonografia on toissijainen ja p\u00e4\u00e4osin teologinen seuraus h\u00e4nen ukkosnuijan l\u00e4sn\u00e4olostaan.<\/p><p>T\u00e4m\u00e4 erottelu, s\u00e4\u00e4nantaja sotilaan sijaan, on aidosti andilainen teologinen k\u00e4rki, joka erottaa inkojen Illapan vastaavista ukkosjumaluuksista ja heijastaa andilaisen korkeakulttuurin maatalouspainotteista ydinsuuntautumista.<\/p>\t\t\t\t\t\t\t\t<\/div>\n\t\t\t\t<\/div>\n\t\t\t\t\t<\/div>\n\t\t\t\t<\/div>\n\t\t<div class=\"elementor-element elementor-element-iwgw-illapa-s7 e-flex e-con-boxed e-con e-parent\" data-id=\"iwgw-illapa-s7\" data-element_type=\"container\" data-e-type=\"container\">\n\t\t\t\t\t<div class=\"e-con-inner\">\n\t\t\t\t<div class=\"elementor-element elementor-element-iwgw-illapa-s7h elementor-widget elementor-widget-heading\" data-id=\"iwgw-illapa-s7h\" data-element_type=\"widget\" data-e-type=\"widget\" data-widget_type=\"heading.default\">\n\t\t\t\t\t<h2 class=\"elementor-heading-title elementor-size-default\">Nykyinen tulkinta ja tutkimus<\/h2>\t\t\t\t<\/div>\n\t\t<div class=\"elementor-element elementor-element-iwgw-illapa-s7c e-con-full e-flex e-con e-child\" data-id=\"iwgw-illapa-s7c\" data-element_type=\"container\" data-e-type=\"container\">\n\t\t\t\t<div class=\"elementor-element elementor-element-iwgw-illapa-s7t elementor-widget elementor-widget-text-editor\" data-id=\"iwgw-illapa-s7t\" data-element_type=\"widget\" data-e-type=\"widget\" data-widget_type=\"text-editor.default\">\n\t\t\t\t\t\t\t\t\t<p><span data-nosnippet>Nykyisill\u00e4 quechuan- ja aymarankielisill\u00e4 yl\u00e4ng\u00f6ill\u00e4 Illapan k\u00e4yt\u00e4nn\u00f6t el\u00e4v\u00e4t edelleen laajalti kristillisess\u00e4 muodossa. Nykyaikaisten Andien kylien <em>paqo<\/em>&#8211; ja <em>yatiri<\/em>-erikoisosaajat johtavat kutsumuksensa usein edelleen selviydytyst\u00e4 salamaniskusta; arkeoetnologisessa kirjallisuudessa (esim. Inge Bolin: <em>Rituals of Respect<\/em>, 1998) t\u00e4llaisia tapauksia on toistuvasti dokumentoitu.<\/span><\/p><p><span data-nosnippet><span class=\"iwg-fachbegriff\" data-tooltip=\"Perinteinen kansankulttuuri tapoineen, kertomuksineen ja lauluineen.\" tabindex=\"0\">Folkloristiikan<\/span> tutkimuksessa Santiago-Illapa-synkreesi on klassinen esimerkki andiseen uskontoon kuuluvasta <em>doble nivel de discurso<\/em> -ilmi\u00f6st\u00e4 (kaksoistasoinen puhetapa): pinnalla kristillinen pyhimysperinne, alla alkuper\u00e4iskansan ukkosjumaluus, k\u00e4yt\u00e4nn\u00f6n rituaalinjohtamisessa erottamattomasti sulautuneina toisiinsa. Sabine MacCormack on kuvannut t\u00e4m\u00e4n kaksoistason systemaattisesti teoksessaan <em>Religion in the Andes<\/em> (1991).<\/span><\/p><p>Akateemisessa t\u00e4htitieteen tutkimuksessa Illapan yhteytt\u00e4 Yacana-laama-t\u00e4htikuvioon tutkitaan edelleen t\u00e4rke\u00e4n\u00e4 osana inkojen t\u00e4htitaivasta. Gary Urton, Tom Zuidema ja R. Tom Zuideman nuorempien oppilaiden ty\u00f6t ovat osoittaneet, miten Keski-Andien t\u00e4htitiede j\u00e4sensi s\u00e4\u00e4n <span class=\"iwg-fachbegriff\" data-tooltip=\"Tieteellinen oppi jumalasta ja uskonnon uskonk\u00e4sityksist\u00e4.\" tabindex=\"0\">teologiaa<\/span>. Tieteellisesti Illapa pysyy avaintapauksena inka-ajan korkeakultin ja talonpoikaisuskonnon kietoutumisen ymm\u00e4rt\u00e4misess\u00e4.<\/p><p>Viime vuosikymmenin\u00e4 Bolivian ja Perun <em>movimiento andino<\/em> on tuonut Illapan mukaan keskusteluun alkuper\u00e4iskansojen ilmastonkest\u00e4vyydest\u00e4. Kun Andien sadem\u00e4\u00e4rien kaavat siirtyv\u00e4t ilmastonmuutoksen seurauksena, Illapa-<span class=\"iwg-fachbegriff\" data-tooltip=\"Tieteellinen oppi jumalasta ja uskonnon uskonk\u00e4sityksist\u00e4.\" tabindex=\"0\">teologia<\/span> kyliss\u00e4 toimii kulttuurisena resonanssikammiona, jossa n\u00e4it\u00e4 muutoksia k\u00e4sitell\u00e4\u00e4n uskonnollisesti.<\/p><p>Antropologi Karsten Paerregaard on teoksessaan <em>Pilgrims of the Andes<\/em> (2017) kuvannut yl\u00e4ng\u00f6n talonpoikien rituaalisia sopeutumiskeinoja ilmastonmuutokseen ja osoittanut, millainen rooli Illapa-yhteydell\u00e4 niiss\u00e4 on.<\/p>\t\t\t\t\t\t\t\t<\/div>\n\t\t\t\t<\/div>\n\t\t\t\t\t<\/div>\n\t\t\t\t<\/div>\n\t\t<div class=\"elementor-element elementor-element-iwgw-illapa-s8 e-flex e-con-boxed e-con e-parent\" data-id=\"iwgw-illapa-s8\" data-element_type=\"container\" data-e-type=\"container\">\n\t\t\t\t\t<div class=\"e-con-inner\">\n\t\t\t\t<div class=\"elementor-element elementor-element-iwgw-illapa-s8h elementor-widget elementor-widget-heading\" data-id=\"iwgw-illapa-s8h\" data-element_type=\"widget\" data-e-type=\"widget\" data-widget_type=\"heading.default\">\n\t\t\t\t\t<h2 class=\"elementor-heading-title elementor-size-default\">Kirjallisuus ja l\u00e4hteet<\/h2>\t\t\t\t<\/div>\n\t\t<div class=\"elementor-element elementor-element-iwgw-illapa-s8c e-con-full e-flex e-con e-child\" data-id=\"iwgw-illapa-s8c\" data-element_type=\"container\" data-e-type=\"container\">\n\t\t\t\t<div class=\"elementor-element elementor-element-iwgw-illapa-s8t elementor-widget elementor-widget-text-editor\" data-id=\"iwgw-illapa-s8t\" data-element_type=\"widget\" data-e-type=\"widget\" data-widget_type=\"text-editor.default\">\n\t\t\t\t\t\t\t\t\t<p>Seuraava valikoima listaa keskeisi\u00e4 andiaenetnologian ja arkeoastronomisen tutkimuksen teoksia, jotka ovat olennaisia Illapan ymm\u00e4rt\u00e4miseksi.<\/p>\t\t\t\t\t\t\t\t<\/div>\n\t\t\t\t<\/div>\n\t\t\t\t\t<\/div>\n\t\t\t\t<\/div>\n\t\t<div class=\"elementor-element elementor-element-cp2827b8ba e-flex e-con-boxed e-con e-parent\" data-id=\"cp2827b8ba\" data-element_type=\"container\" data-e-type=\"container\">\n\t\t\t\t\t<div class=\"e-con-inner\">\n\t\t\t\t<div class=\"elementor-element elementor-element-cp276778f4 elementor-widget elementor-widget-heading\" data-id=\"cp276778f4\" data-element_type=\"widget\" data-e-type=\"widget\" data-widget_type=\"heading.default\">\n\t\t\t\t\t<h2 class=\"elementor-heading-title elementor-size-default\">Illapa inkojen valtiokultissa ja h\u00e4nen pyh\u00e4kk\u00f6ns\u00e4 Cuscossa<\/h2>\t\t\t\t<\/div>\n\t\t<div class=\"elementor-element elementor-element-cp2fb4d10f e-flex e-con-boxed e-con e-child\" data-id=\"cp2fb4d10f\" data-element_type=\"container\" data-e-type=\"container\">\n\t\t\t\t\t<div class=\"e-con-inner\">\n\t\t\t\t<div class=\"elementor-element elementor-element-cp27cc43ae elementor-widget elementor-widget-text-editor\" data-id=\"cp27cc43ae\" data-element_type=\"widget\" data-e-type=\"widget\" data-widget_type=\"text-editor.default\">\n\t\t\t\t\t\t\t\t\t<p>Illapa, ukkosen, salaman ja sateen jumala, kuului Inkavaltakunnan valtiollisessa kultissa korkeimpiin jumaluuksiin ja seisoi uskonnollisessa arvoj\u00e4rjestyksess\u00e4 l\u00e4hell\u00e4 aurinkojumaluutta <em>Inti\u00e4<\/em> ja luojajumala <em>Viracochaa<\/em>.<\/p><p>1500- ja 1600-lukujen alun espanjalaiset kronikoitsijat kertovat, ett\u00e4 Illapalla oli Cuscossa oma <span class=\"iwg-fachbegriff\" data-tooltip=\"Jumaluuden palvonnalle omistettu pyh\u00e4 paikka.\" tabindex=\"0\">pyh\u00e4kk\u00f6<\/span> ja ett\u00e4 h\u00e4nelle oli varattu oma tila suuressa aurinkotemppeliss\u00e4, <em>Coricanchassa<\/em>.<\/p><p>Illapan erityinen merkitys selittyy andilaisen maatalouden riippuvuudesta sateesta. S\u00e4\u00e4n herrana h\u00e4n p\u00e4\u00e4tti kuivuudesta ja hedelm\u00e4llisyydest\u00e4, ja kuivina aikoina h\u00e4nelle osoitettiin rukousprosessioita ja <span class=\"iwg-fachbegriff\" data-tooltip=\"Lahja jumaluudelle kiitoksen, pyynn\u00f6n tai kunnioituksen osoittamiseksi.\" tabindex=\"0\">uhreja<\/span>.<\/p><p>Kronikoitsija Bernab\u00e9 Cobo kuvaa teoksessaan <em>Historia del Nuevo Mundo<\/em> (valmistui 1653) t\u00e4t\u00e4 s\u00e4\u00e4jumaluutta perusteellisesti ja mainitsee siihen liittyv\u00e4t k\u00e4sitykset salamasta ammuksena ja ukkosesta taivaallisen lingon \u00e4\u00e4nen\u00e4.<\/p><p>Valtiollisessa kultissa Illapa oli my\u00f6s jumala, jolle kriisiaikoina uhrattiin erityisen raskaita <span class=\"iwg-fachbegriff\" data-tooltip=\"Lahja jumaluudelle kiitoksen, pyynn\u00f6n tai kunnioituksen osoittamiseksi.\" tabindex=\"0\">uhreja<\/span>, muun muassa <em>capacocha<\/em>-seremonian yhteydess\u00e4, joka oli inkojen t\u00e4rkein uhrijuhla. Tieteellisesti tarkasteltuna Illapa ei siis ole mik\u00e4 tahansa luontodemoni, vaan valtakunnan poliittiseen ja rituaaliseen keskukseen kiinnittynyt korkea jumaluus. H\u00e4nen palvontansa yhdisti huolen sateesta inkavallan legitimiteettiin, sill\u00e4 hallitsija esiintyi v\u00e4litt\u00e4j\u00e4n\u00e4 ihmisten ja suurten taivaallisten voimien v\u00e4lill\u00e4. L\u00e4heinen yhteys Intiin ja Viracochaan osoittaa, ett\u00e4 inkat k\u00e4sittiv\u00e4t ylimm\u00e4t jumaluutensa yhteen kuuluvana kokonaisuutena.\t\t\t\t\t\t\t\t<\/div>\n\t\t\t\t\t<\/div>\n\t\t\t\t<\/div>\n\t\t\t\t\t<\/div>\n\t\t\t\t<\/div>\n\t\t<div class=\"elementor-element elementor-element-cp23b404c1 e-flex e-con-boxed e-con e-parent\" data-id=\"cp23b404c1\" data-element_type=\"container\" data-e-type=\"container\">\n\t\t\t\t\t<div class=\"e-con-inner\">\n\t\t\t\t<div class=\"elementor-element elementor-element-cp2418c76c elementor-widget elementor-widget-heading\" data-id=\"cp2418c76c\" data-element_type=\"widget\" data-e-type=\"widget\" data-widget_type=\"heading.default\">\n\t\t\t\t\t<h2 class=\"elementor-heading-title elementor-size-default\">Kronikoitsijat l\u00e4hteen\u00e4 ja kristillisen n\u00e4k\u00f6kulman ongelma<\/h2>\t\t\t\t<\/div>\n\t\t<div class=\"elementor-element elementor-element-cp2ccce282 e-flex e-con-boxed e-con e-child\" data-id=\"cp2ccce282\" data-element_type=\"container\" data-e-type=\"container\">\n\t\t\t\t\t<div class=\"e-con-inner\">\n\t\t\t\t<div class=\"elementor-element elementor-element-cp2ac73122 elementor-widget elementor-widget-text-editor\" data-id=\"cp2ac73122\" data-element_type=\"widget\" data-e-type=\"widget\" data-widget_type=\"text-editor.default\">\n\t\t\t\t\t\t\t\t\t<p>Kaikki tieto Illapasta on per\u00e4isin l\u00e4hteist\u00e4, jotka syntyiv\u00e4t espanjalaisen valloituksen j\u00e4lkeen, ja t\u00e4m\u00e4 perinteen syntytapa on pidett\u00e4v\u00e4 mieless\u00e4 kaikissa v\u00e4itteiss\u00e4.<\/p><p>Inkat eiv\u00e4t tunteneet kirjoitusta eurooppalaisessa mieless\u00e4; heid\u00e4n hallintonsa ja osin my\u00f6s tietonsa tallennettiin <em>quipuihin<\/em>, solmunuoriin, jotka kuitenkin kertovat uskonnollisista sis\u00e4ll\u00f6ist\u00e4 vain rajallisesti. Kirjalliset kertomukset laativat espanjalaiset papit, virkamiehet ja jotkin alkuper\u00e4iskansaan tai sekasyntyiseen v\u00e4est\u00f6\u00f6n kuuluvat kirjoittajat.<\/p><p><span data-nosnippet>T\u00e4rkeimpiin kronikoitsijoihin kuuluvat Pedro de Cieza de Le\u00f3n, Juan de Betanzos, joka oli naimisissa inkanaisen kanssa ja sai siten erityisen p\u00e4\u00e4syn tietoihin, jesuiitta Bernab\u00e9 Cobo sek\u00e4 mestitsi Inca Garcilaso de la Vega, jonka <em>Comentarios Reales<\/em> (1609) kuvaa inkojen maailmaa sis\u00e4lt\u00e4p\u00e4in, mutta ajallisen et\u00e4isyyden ja puolustelevan s\u00e4vyn kautta.<\/span><\/p><p>Oman l\u00e4hderyhm\u00e4ns\u00e4 muodostavat kertomukset <em>extirpaci\u00f3n de idolatr\u00edas<\/em> -kampanjasta, kirkon harjoittamasta alkuper\u00e4isuskonnon vainosta, esimerkiksi Francisco de \u00c1vilan ja Pablo Jos\u00e9 de Arriagan teksteiss\u00e4.<\/p><p>N\u00e4it\u00e4 l\u00e4hteit\u00e4 ei voi ohittaa, mutta ne tarkastelevat Illapaa kristillisen n\u00e4k\u00f6kulman l\u00e4pi. Osa kronikoitsijoista rinnasti h\u00e4net apostoli Jaakobiin, sill\u00e4 t\u00e4m\u00e4 yhdistettiin espanjalaisessa perinteess\u00e4 ukkoseen ja taisteluiden meteliin, mik\u00e4 johti siirtomaa-aikaan asti vaikuttaneeseen sekoittumiseen. Toiset sovittivat andilaisen jumalmaailman eurooppalaisiin kaavoihin tai j\u00e4ttiv\u00e4t pois sen, mik\u00e4 heist\u00e4 vaikutti loukkaavalta. Tieteellisesti katsottuna v\u00e4littynyt Illapa-kuva on siis aina suodatettu. Nykyinen tutkimus, esimerkiksi Pierre Duviolsin ty\u00f6t ja Andien alueen siirtomaa-aikaisen uskontohistorian tutkimus, pyrkii katsomaan suodattimen taakse, mutta pystyy rekonstruoimaan alkuper\u00e4isen k\u00e4sityksen vain osittain.\t\t\t\t\t\t\t\t<\/div>\n\t\t\t\t\t<\/div>\n\t\t\t\t<\/div>\n\t\t\t\t\t<\/div>\n\t\t\t\t<\/div>\n\t\t<div class=\"elementor-element elementor-element-iwgw-illapa-lit e-flex e-con-boxed e-con e-parent\" data-id=\"iwgw-illapa-lit\" data-element_type=\"container\" data-e-type=\"container\">\n\t\t\t\t\t<div class=\"e-con-inner\">\n\t\t\t\t<div class=\"elementor-element elementor-element-iwgw-illapa-lith elementor-widget elementor-widget-heading\" data-id=\"iwgw-illapa-lith\" data-element_type=\"widget\" data-e-type=\"widget\" data-widget_type=\"heading.default\">\n\t\t\t\t\t<h2 class=\"elementor-heading-title elementor-size-default\">Kirjallisuus (valikoima)<\/h2>\t\t\t\t<\/div>\n\t\t<div class=\"elementor-element elementor-element-iwgw-illapa-litc e-con-full e-flex e-con e-child\" data-id=\"iwgw-illapa-litc\" data-element_type=\"container\" data-e-type=\"container\">\n\t\t\t\t<div class=\"elementor-element elementor-element-iwgw-illapa-litt elementor-widget elementor-widget-text-editor\" data-id=\"iwgw-illapa-litt\" data-element_type=\"widget\" data-e-type=\"widget\" data-widget_type=\"text-editor.default\">\n\t\t\t\t\t\t\t\t\t<ul><li>Gary Urton: <em>At the Crossroads of the Earth and the Sky<\/em> (1981)<\/li><li>Sabine MacCormack: <em>Religion in the Andes<\/em> (1991)<\/li><li><span data-nosnippet>Frank Salomon, George Urioste: <em>The Huarochiri Manuscript<\/em> (1991)<\/span><\/li><li>Inge Bolin: <em>Rituals of Respect<\/em> (1998)<\/li><li>Cristobal de Molina: <em>Relacion de las fabulas y ritos de los Incas<\/em> (1575)<\/li><li>Pierre Duviols: <em>Cultura andina y represion<\/em> (1986)<\/li><li>Brian Bauer: <em>The Sacred Landscape of the Inca<\/em> (1998)<\/li><\/ul>\t\t\t\t\t\t\t\t<\/div>\n\t\t\t\t<\/div>\n\t\t\t\t\t<\/div>\n\t\t\t\t<\/div>\n\t\t<div class=\"elementor-element elementor-element-iwgkw2-add-illapa e-flex e-con-boxed e-con e-parent\" data-id=\"iwgkw2-add-illapa\" data-element_type=\"container\" data-e-type=\"container\">\n\t\t\t\t\t<div class=\"e-con-inner\">\n\t\t\t\t<div class=\"elementor-element elementor-element-iwgkw2-add-illapa-t elementor-widget elementor-widget-text-editor\" data-id=\"iwgkw2-add-illapa-t\" data-element_type=\"widget\" data-e-type=\"widget\" data-widget_type=\"text-editor.default\">\n\t\t\t\t\t\t\t\t\t<p>Inkavaltakunnan uskonnollisessa j\u00e4rjestyksess\u00e4 Illapaa pidettiin ylimp\u00e4n\u00e4 <strong>s\u00e4\u00e4n herrana<\/strong>, jolle viljelij\u00e4t ja paimenet esittiv\u00e4t pyynt\u00f6j\u00e4 oikea-aikaisesta sateesta ja suojaa tuhoisalta rakeelta.<\/p>\t\t\t\t\t\t\t\t<\/div>\n\t\t\t\t\t<\/div>\n\t\t\t\t<\/div>\n\t\t<div class=\"elementor-element elementor-element-iwgw-illapa-kwd e-flex e-con-boxed e-con e-parent\" data-id=\"iwgw-illapa-kwd\" data-element_type=\"container\" data-e-type=\"container\">\n\t\t\t\t\t<div class=\"e-con-inner\">\n\t\t<div class=\"elementor-element elementor-element-iwgw-illapa-kwdc e-con-full e-flex e-con e-child\" data-id=\"iwgw-illapa-kwdc\" data-element_type=\"container\" data-e-type=\"container\">\n\t\t\t\t<div class=\"elementor-element elementor-element-iwgw-illapa-kwdt elementor-widget elementor-widget-text-editor\" data-id=\"iwgw-illapa-kwdt\" data-element_type=\"widget\" data-e-type=\"widget\" data-widget_type=\"text-editor.default\">\n\t\t\t\t\t\t\t\t\t<p><em>Aiheeseen liittyv\u00e4t avainsanat: Illapa Yllapa ukkosjumala salama Yacana Santiago Pucamarca Capac Raymi paqo.<\/em><\/p>\t\t\t\t\t\t\t\t<\/div>\n\t\t\t\t<\/div>\n\t\t\t\t\t<\/div>\n\t\t\t\t<\/div>\n\t\t<div class=\"elementor-element elementor-element-iwgw-illapa-cc e-flex e-con-boxed e-con e-parent\" data-id=\"iwgw-illapa-cc\" data-element_type=\"container\" data-e-type=\"container\" id=\"iwg-cc-illapa\">\n\t\t\t\t\t<div class=\"e-con-inner\">\n\t\t<div class=\"elementor-element elementor-element-iwgw-illapa-ccinner e-flex e-con-boxed e-con e-parent\" data-id=\"iwgw-illapa-ccinner\" data-element_type=\"container\" data-e-type=\"container\" data-settings=\"{&quot;background_background&quot;:&quot;classic&quot;}\">\n\t\t\t\t\t<div class=\"e-con-inner\">\n\t\t\t\t<div class=\"elementor-element elementor-element-iwgw-illapa-cch elementor-widget elementor-widget-heading\" data-id=\"iwgw-illapa-cch\" data-element_type=\"widget\" data-e-type=\"widget\" data-widget_type=\"heading.default\">\n\t\t\t\t\t<h2 class=\"elementor-heading-title elementor-size-default\">iWell Guard ja suojelutraditiot<\/h2>\t\t\t\t<\/div>\n\t\t\t\t<div class=\"elementor-element elementor-element-iwgw-illapa-cct elementor-widget elementor-widget-text-editor\" data-id=\"iwgw-illapa-cct\" data-element_type=\"widget\" data-e-type=\"widget\" data-widget_type=\"text-editor.default\">\n\t\t\t\t\t\t\t\t\t<div data-nosnippet=\"true\"><p>iWell Guard jatkaa kannettavien suojaesineiden kulttuurihistoriallista perinnett\u00e4, kuten <a href=\"https:\/\/iwell-guard.com\/fi\/?page_id=144144\">Andit \/ Inka<\/a> -kulttuurissa ja monissa muissa kulttuureissa ymp\u00e4ri maailmaa. 41 tasoa, aitoa kultaa, platinaa, hopeaa, valmistettu Saksassa. 30 p\u00e4iv\u00e4n palautusoikeus.<\/p><\/div>\t\t\t\t\t\t\t\t<\/div>\n\t\t\t\t<div class=\"elementor-element elementor-element-iwgw-illapa-ccb iwg-cc-button iwg-cc-cta-2026-05-13 elementor-widget elementor-widget-jet-button\" data-id=\"iwgw-illapa-ccb\" data-element_type=\"widget\" data-e-type=\"widget\" data-widget_type=\"jet-button.default\">\n\t\t\t\t<div class=\"elementor-widget-container\">\n\t\t\t\t\t<div class=\"elementor-jet-button jet-elements\"><div class=\"jet-button__container\"><a class=\"jet-button__instance jet-button__instance--icon-left hover-effect-1\" href=\"\/ueber-iwell-guard\/?utm_source=iwell-guard.com&amp;utm_medium=info-box&amp;utm_campaign=wesen-tradition\"><div class=\"jet-button__plane jet-button__plane-normal\"><\/div><div class=\"jet-button__plane jet-button__plane-hover\"><\/div><div class=\"jet-button__state jet-button__state-normal\"><span class=\"jet-button__label\">Lis\u00e4\u00e4 iWell Guardista<\/span><\/div><div class=\"jet-button__state jet-button__state-hover\"><span class=\"jet-button__label\">Lis\u00e4\u00e4 iWell Guardista<\/span><\/div><\/a><\/div><\/div><style>.elementor-element.elementor-element-iwgw-illapa-ccb .jet-button__instance{width:320px;height:56px;}.elementor-element.elementor-element-iwgw-illapa-ccb .jet-button__state-normal .jet-button__label{text-align:center;margin:0px 0px 0px 0px;color:#1a1b20;font-family:Montserrat,sans-serif;font-size:13px;font-weight:400;letter-spacing:4px;line-height:1.714em;text-transform:uppercase;}.elementor-element.elementor-element-iwgw-illapa-ccb .jet-button__state-hover .jet-button__label{text-align:center;margin:0px 0px 0px 0px;color:#FECC76;font-family:Montserrat,sans-serif;font-size:13px;font-weight:400;letter-spacing:4px;line-height:1.714em;text-transform:uppercase;}.elementor-element.elementor-element-iwgw-illapa-ccb .jet-button__plane-normal{background-color:#FECC76;border-style:solid;border-color:#C99540;border-width:2px 2px 2px 2px;}.elementor-element.elementor-element-iwgw-illapa-ccb .jet-button__plane-hover{background-color:rgba(0,0,0,0.55);border-style:solid;border-color:#FECC76;border-width:2px 2px 2px 2px;}<\/style>\t\t\t\t<\/div>\n\t\t\t\t<\/div>\n\t\t\t\t<div class=\"elementor-element elementor-element-iwgw-illapa-ccd elementor-widget elementor-widget-text-editor\" data-id=\"iwgw-illapa-ccd\" data-element_type=\"widget\" data-e-type=\"widget\" data-widget_type=\"text-editor.default\">\n\t\t\t\t\t\t\t\t\t<div data-nosnippet=\"true\"><p style=\"text-align:center;font-size:13px;opacity:0.7;margin-top:14px\" data-nosnippet=\"true\">Henkil\u00f6kohtaiset kokemukset voivat vaihdella. Ei l\u00e4\u00e4kinn\u00e4llinen laite. Ei paranemislupausta.<\/p><\/div>\t\t\t\t\t\t\t\t<\/div>\n\t\t\t\t\t<\/div>\n\t\t\t\t<\/div>\n\t\t\t\t\t<\/div>\n\t\t\t\t<\/div>\n\t\t<div class=\"elementor-element elementor-element-iwgw-illapa-disc e-flex e-con-boxed e-con e-parent\" data-id=\"iwgw-illapa-disc\" data-element_type=\"container\" data-e-type=\"container\">\n\t\t\t\t\t<div class=\"e-con-inner\">\n\t\t\t\t<div class=\"elementor-element elementor-element-iwgw-illapa-discw elementor-widget elementor-widget-html\" data-id=\"iwgw-illapa-discw\" data-element_type=\"widget\" data-e-type=\"widget\" data-widget_type=\"html.default\">\n\t\t\t\t\t<footer data-nosnippet=\"true\" class=\"iwg-disclaimer-block\"><p data-nosnippet=\"true\">iWell Guard <strong>ei ole l\u00e4\u00e4kinn\u00e4llinen laite<\/strong>, eik\u00e4 se korvaa l\u00e4\u00e4k\u00e4rin tai psykoterapeutin hoitoa. Uskontotieteelliset sis\u00e4ll\u00f6t ovat kulttuurihistoriallista tarkastelua, ei suositus hengelliseen k\u00e4yt\u00e4nt\u00f6\u00f6n.<\/p><\/footer>\t\t\t\t<\/div>\n\t\t\t\t\t<\/div>\n\t\t\t\t<\/div>\n\t\t\t\t<\/div>\n\t\t","protected":false},"excerpt":{"rendered":"","protected":false},"author":3,"featured_media":2677,"parent":0,"menu_order":0,"comment_status":"closed","ping_status":"closed","template":"elementor_header_footer","meta":{"_yoast_wpseo_focuskw":"Illapa, inkojen ukkosjumala","_yoast_wpseo_title":"Illapa \u2013 inkojen ukkosenjumala ja s\u00e4\u00e4nherra","_yoast_wpseo_metadesc":"Illapa, inkojen ukkosen- ja sadejumala, oli andien maataloudelle yht\u00e4 t\u00e4rke\u00e4 kuin Inti valtiolle. Myytti ja tutkimus.","_yoast_wpseo_meta-robots-noindex":"","_yoast_wpseo_canonical":"","_angie_page":false,"gefaehrdungsstufe":"3","wesen_kultur":"anden-inka","wesen_klasse":"goetter","footnotes":""},"categories":[],"class_list":["post-144159","page","type-page","status-publish","has-post-thumbnail","hentry"],"yoast_head":"<!-- This site is optimized with the Yoast SEO Premium plugin v27.7 (Yoast SEO v28.3) - https:\/\/yoast.com\/product\/yoast-seo-premium-wordpress\/ -->\n<title>Illapa \u2013 inkojen ukkosenjumala ja s\u00e4\u00e4nherra<\/title>\n<meta name=\"description\" content=\"Illapa, inkojen ukkosen- ja sadejumala, oli andien maataloudelle yht\u00e4 t\u00e4rke\u00e4 kuin Inti valtiolle. Myytti ja tutkimus.\" \/>\n<meta name=\"robots\" content=\"index, follow, max-snippet:-1, max-image-preview:large, max-video-preview:-1\" \/>\n<link rel=\"canonical\" href=\"https:\/\/iwell-guard.com\/fi\/illapa-ukkosen-ja-saanjumala\/\" \/>\n<meta property=\"og:locale\" content=\"fi_FI\" \/>\n<meta property=\"og:type\" content=\"article\" \/>\n<meta property=\"og:title\" content=\"Illapa \u2013 inkojen ukkosen- ja s\u00e4\u00e4njumala\" \/>\n<meta property=\"og:description\" content=\"Illapa, inkojen ukkosen- ja sadejumala, oli andien maataloudelle yht\u00e4 t\u00e4rke\u00e4 kuin Inti valtiolle. Myytti ja tutkimus.\" \/>\n<meta property=\"og:url\" content=\"https:\/\/iwell-guard.com\/fi\/illapa-ukkosen-ja-saanjumala\/\" \/>\n<meta property=\"og:site_name\" content=\"iWell Guard\" \/>\n<meta property=\"article:modified_time\" content=\"2026-09-03T12:52:20+00:00\" \/>\n<meta property=\"og:image\" content=\"https:\/\/iwell-guard.com\/wp-content\/uploads\/2026\/05\/goetter_anden-inka_illapa.webp\" \/>\n\t<meta property=\"og:image:width\" content=\"1024\" \/>\n\t<meta property=\"og:image:height\" content=\"1536\" \/>\n\t<meta property=\"og:image:type\" content=\"image\/webp\" \/>\n<meta name=\"twitter:card\" content=\"summary_large_image\" \/>\n<script type=\"application\/ld+json\" class=\"yoast-schema-graph\">{\"@context\":\"https:\\\/\\\/schema.org\",\"@graph\":[{\"@type\":\"WebPage\",\"@id\":\"https:\\\/\\\/iwell-guard.com\\\/fi\\\/illapa-ukkosen-ja-saanjumala\\\/\",\"url\":\"https:\\\/\\\/iwell-guard.com\\\/fi\\\/illapa-ukkosen-ja-saanjumala\\\/\",\"name\":\"Illapa \u2013 inkojen ukkosenjumala ja s\u00e4\u00e4nherra\",\"isPartOf\":{\"@id\":\"https:\\\/\\\/iwell-guard.com\\\/fi\\\/#website\"},\"primaryImageOfPage\":{\"@id\":\"https:\\\/\\\/iwell-guard.com\\\/fi\\\/illapa-ukkosen-ja-saanjumala\\\/#primaryimage\"},\"image\":{\"@id\":\"https:\\\/\\\/iwell-guard.com\\\/fi\\\/illapa-ukkosen-ja-saanjumala\\\/#primaryimage\"},\"thumbnailUrl\":\"https:\\\/\\\/iwell-guard.com\\\/wp-content\\\/uploads\\\/2026\\\/05\\\/goetter_anden-inka_illapa.webp\",\"datePublished\":\"2026-09-03T12:32:34+00:00\",\"dateModified\":\"2026-09-03T12:52:20+00:00\",\"description\":\"Illapa, inkojen ukkosen- ja sadejumala, oli andien maataloudelle yht\u00e4 t\u00e4rke\u00e4 kuin Inti valtiolle. Myytti ja tutkimus.\",\"breadcrumb\":{\"@id\":\"https:\\\/\\\/iwell-guard.com\\\/fi\\\/illapa-ukkosen-ja-saanjumala\\\/#breadcrumb\"},\"inLanguage\":\"fi\",\"potentialAction\":[{\"@type\":\"ReadAction\",\"target\":[\"https:\\\/\\\/iwell-guard.com\\\/fi\\\/illapa-ukkosen-ja-saanjumala\\\/\"]}]},{\"@type\":\"ImageObject\",\"inLanguage\":\"fi\",\"@id\":\"https:\\\/\\\/iwell-guard.com\\\/fi\\\/illapa-ukkosen-ja-saanjumala\\\/#primaryimage\",\"url\":\"https:\\\/\\\/iwell-guard.com\\\/wp-content\\\/uploads\\\/2026\\\/05\\\/goetter_anden-inka_illapa.webp\",\"contentUrl\":\"https:\\\/\\\/iwell-guard.com\\\/wp-content\\\/uploads\\\/2026\\\/05\\\/goetter_anden-inka_illapa.webp\",\"width\":1024,\"height\":1536,\"caption\":\"Jumalia Andien-inka-perinteest\u00e4.\"},{\"@type\":\"BreadcrumbList\",\"@id\":\"https:\\\/\\\/iwell-guard.com\\\/fi\\\/illapa-ukkosen-ja-saanjumala\\\/#breadcrumb\",\"itemListElement\":[{\"@type\":\"ListItem\",\"position\":1,\"name\":\"Start\",\"item\":\"https:\\\/\\\/iwell-guard.com\\\/fi\\\/?page_id=143815\"},{\"@type\":\"ListItem\",\"position\":2,\"name\":\"Illapa \u2013 inkojen ukkosen- ja s\u00e4\u00e4njumala\"}]},{\"@type\":\"WebSite\",\"@id\":\"https:\\\/\\\/iwell-guard.com\\\/fi\\\/#website\",\"url\":\"https:\\\/\\\/iwell-guard.com\\\/fi\\\/\",\"name\":\"iWell Guard\",\"description\":\"Schutz vor dunklen Einfl\u00fcssen\",\"publisher\":{\"@id\":\"https:\\\/\\\/iwell-guard.com\\\/fi\\\/#organization\"},\"potentialAction\":[{\"@type\":\"SearchAction\",\"target\":{\"@type\":\"EntryPoint\",\"urlTemplate\":\"https:\\\/\\\/iwell-guard.com\\\/fi\\\/?s={search_term_string}\"},\"query-input\":{\"@type\":\"PropertyValueSpecification\",\"valueRequired\":true,\"valueName\":\"search_term_string\"}}],\"inLanguage\":\"fi\"},{\"@type\":\"Organization\",\"@id\":\"https:\\\/\\\/iwell-guard.com\\\/fi\\\/#organization\",\"name\":\"Ittermann electronic GmbH\",\"url\":\"https:\\\/\\\/iwell-guard.com\\\/fi\\\/\",\"logo\":{\"@type\":\"ImageObject\",\"inLanguage\":\"fi\",\"@id\":\"https:\\\/\\\/iwell-guard.com\\\/fi\\\/#\\\/schema\\\/logo\\\/image\\\/\",\"url\":\"https:\\\/\\\/iwell-guard.com\\\/wp-content\\\/uploads\\\/2026\\\/05\\\/Ittermann-Logo-1182x237-1.png\",\"contentUrl\":\"https:\\\/\\\/iwell-guard.com\\\/wp-content\\\/uploads\\\/2026\\\/05\\\/Ittermann-Logo-1182x237-1.png\",\"width\":1182,\"height\":237,\"caption\":\"Ittermann electronic GmbH\"},\"image\":{\"@id\":\"https:\\\/\\\/iwell-guard.com\\\/fi\\\/#\\\/schema\\\/logo\\\/image\\\/\"},\"sameAs\":[\"https:\\\/\\\/pantip.com\\\/profile\\\/9367242\",\"https:\\\/\\\/micro.blog\\\/iwellguard\",\"https:\\\/\\\/www.diggerslist.com\\\/iwellguard\\\/about\",\"https:\\\/\\\/skitterphoto.com\\\/photographers\\\/2870314\\\/iwell-guard\",\"https:\\\/\\\/iwellguard.wordpress.com\\\/2026\\\/06\\\/06\\\/iwell-guard\\\/\",\"https:\\\/\\\/hub.docker.com\\\/u\\\/iwellguard\",\"https:\\\/\\\/www.pinterest.com\\\/iwellguard\\\/\",\"https:\\\/\\\/bit.ly\\\/m\\\/iwellguard\",\"https:\\\/\\\/entre-vos-mains.alsace.eu\\\/profiles\\\/iwellguard\\\/activity\",\"https:\\\/\\\/gravatar.com\\\/reallybeded8fd34\",\"https:\\\/\\\/naijamatta.com\\\/iwellguard\",\"https:\\\/\\\/www.goodreads.com\\\/iwellguard\",\"https:\\\/\\\/profile.hatena.ne.jp\\\/iwellguard\\\/\",\"https:\\\/\\\/experiment.com\\\/users\\\/iwellguard\",\"https:\\\/\\\/wakelet.com\\\/@iWellGuard82270\",\"https:\\\/\\\/www.chordie.com\\\/forum\\\/profile.php?id=2555664\",\"https:\\\/\\\/www.instapaper.com\\\/p\\\/17757966\",\"https:\\\/\\\/www.mapleprimes.com\\\/users\\\/iwellguard\",\"https:\\\/\\\/businesslistingplus.com\\\/profile\\\/iwell-guard\\\/\",\"https:\\\/\\\/telegra.ph\\\/iWell-Guard-06-06\",\"https:\\\/\\\/pbase.com\\\/iwellguard\\\/iwellguard\",\"https:\\\/\\\/b.hatena.ne.jp\\\/iwellguard\\\/20260607#bookmark-4788405196491818882\",\"https:\\\/\\\/fliphtml5.com\\\/home\\\/iwellguard\",\"https:\\\/\\\/anyflip.com\\\/homepage\\\/cmiwl#About\",\"https:\\\/\\\/transfur.com\\\/Users\\\/iwellguard\",\"http:\\\/\\\/delphi.larsbo.org\\\/user\\\/iwellguard\",\"https:\\\/\\\/jobs.lajobsportal.org\\\/profiles\\\/8380803-iwell-guard\",\"https:\\\/\\\/md.chaosdorf.de\\\/s\\\/jfbe5SBdJD\",\"https:\\\/\\\/www.lingvolive.com\\\/en-us\\\/profile\\\/9ecaeaca-ce11-4e51-9e71-01d55e2bff36\\\/translations\",\"https:\\\/\\\/www.fitday.com\\\/fitness\\\/forums\\\/members\\\/iwellguard.html\",\"https:\\\/\\\/www.mymeetbook.com\\\/iwellguard\",\"https:\\\/\\\/pxhere.com\\\/en\\\/photographer-me\\\/5040798\",\"https:\\\/\\\/disqus.com\\\/by\\\/iwellguard\\\/about\\\/\",\"https:\\\/\\\/pastelink.net\\\/hjwciqwq\",\"https:\\\/\\\/pubhtml5.com\\\/homepage\\\/scjhn\\\/\",\"https:\\\/\\\/www.bitchute.com\\\/channel\\\/2O2eOKzNqujT\",\"https:\\\/\\\/audiomack.com\\\/iwellguard\"]},{\"@type\":\"Article\",\"@id\":\"https:\\\/\\\/iwell-guard.com\\\/fi\\\/illapa-ukkosen-ja-saanjumala\\\/#article\",\"isPartOf\":{\"@id\":\"https:\\\/\\\/iwell-guard.com\\\/fi\\\/illapa-ukkosen-ja-saanjumala\\\/\"},\"author\":{\"name\":\"Ralf Ittermann\",\"@id\":\"https:\\\/\\\/iwell-guard.com\\\/fi\\\/#\\\/schema\\\/person\\\/ee2a27f1cac3406c7c6fb5820cb7349f\"},\"headline\":\"Illapa \u2013 inkojen ukkosen- ja s\u00e4\u00e4njumala\",\"datePublished\":\"2026-09-03T12:32:34+00:00\",\"dateModified\":\"2026-09-03T12:52:20+00:00\",\"mainEntityOfPage\":{\"@id\":\"https:\\\/\\\/iwell-guard.com\\\/fi\\\/illapa-ukkosen-ja-saanjumala\\\/\"},\"publisher\":{\"@id\":\"https:\\\/\\\/iwell-guard.com\\\/fi\\\/#organization\"},\"image\":{\"@id\":\"https:\\\/\\\/iwell-guard.com\\\/fi\\\/illapa-ukkosen-ja-saanjumala\\\/#primaryimage\"},\"thumbnailUrl\":\"https:\\\/\\\/iwell-guard.com\\\/wp-content\\\/uploads\\\/2026\\\/05\\\/goetter_anden-inka_illapa.webp\",\"inLanguage\":\"fi\",\"description\":\"Illapa, inkojen ukkosen- ja sadejumala, oli andien maataloudelle yht\u00e4 t\u00e4rke\u00e4 kuin Inti valtiolle. Myytti ja tutkimus.\"}]}<\/script>\n<!-- \/ Yoast SEO Premium plugin. -->","yoast_head_json":{"title":"Illapa \u2013 inkojen ukkosenjumala ja s\u00e4\u00e4nherra","description":"Illapa, inkojen ukkosen- ja sadejumala, oli andien maataloudelle yht\u00e4 t\u00e4rke\u00e4 kuin Inti valtiolle. Myytti ja tutkimus.","robots":{"index":"index","follow":"follow","max-snippet":"max-snippet:-1","max-image-preview":"max-image-preview:large","max-video-preview":"max-video-preview:-1"},"canonical":"https:\/\/iwell-guard.com\/fi\/illapa-ukkosen-ja-saanjumala\/","og_locale":"fi_FI","og_type":"article","og_title":"Illapa \u2013 inkojen ukkosen- ja s\u00e4\u00e4njumala","og_description":"Illapa, inkojen ukkosen- ja sadejumala, oli andien maataloudelle yht\u00e4 t\u00e4rke\u00e4 kuin Inti valtiolle. Myytti ja tutkimus.","og_url":"https:\/\/iwell-guard.com\/fi\/illapa-ukkosen-ja-saanjumala\/","og_site_name":"iWell Guard","article_modified_time":"2026-09-03T12:52:20+00:00","og_image":[{"width":1024,"height":1536,"url":"https:\/\/iwell-guard.com\/wp-content\/uploads\/2026\/05\/goetter_anden-inka_illapa.webp","type":"image\/webp"}],"twitter_card":"summary_large_image","schema":{"@context":"https:\/\/schema.org","@graph":[{"@type":"Article","@id":"https:\/\/iwell-guard.com\/fi\/illapa-ukkosen-ja-saanjumala\/#article","isPartOf":{"@id":"https:\/\/iwell-guard.com\/fi\/illapa-ukkosen-ja-saanjumala\/"},"author":{"name":"Ralf Ittermann","@id":"https:\/\/iwell-guard.com\/fi\/#\/schema\/person\/ee2a27f1cac3406c7c6fb5820cb7349f"},"headline":"Illapa \u2013 inkojen ukkosen- ja s\u00e4\u00e4njumala","datePublished":"2026-09-03T12:32:34+00:00","dateModified":"2026-09-03T12:52:20+00:00","mainEntityOfPage":{"@id":"https:\/\/iwell-guard.com\/fi\/illapa-ukkosen-ja-saanjumala\/"},"publisher":{"@id":"https:\/\/iwell-guard.com\/fi\/#organization"},"image":{"@id":"https:\/\/iwell-guard.com\/fi\/illapa-ukkosen-ja-saanjumala\/#primaryimage"},"thumbnailUrl":"https:\/\/iwell-guard.com\/wp-content\/uploads\/2026\/05\/goetter_anden-inka_illapa.webp","inLanguage":"fi","description":"Illapa, inkojen ukkosen- ja sadejumala, oli andien maataloudelle yht\u00e4 t\u00e4rke\u00e4 kuin Inti valtiolle. Myytti ja tutkimus."},{"@type":"WebPage","@id":"https:\/\/iwell-guard.com\/fi\/illapa-ukkosen-ja-saanjumala\/","url":"https:\/\/iwell-guard.com\/fi\/illapa-ukkosen-ja-saanjumala\/","name":"Illapa \u2013 inkojen ukkosenjumala ja s\u00e4\u00e4nherra","isPartOf":{"@id":"https:\/\/iwell-guard.com\/fi\/#website"},"primaryImageOfPage":{"@id":"https:\/\/iwell-guard.com\/fi\/illapa-ukkosen-ja-saanjumala\/#primaryimage"},"image":{"@id":"https:\/\/iwell-guard.com\/fi\/illapa-ukkosen-ja-saanjumala\/#primaryimage"},"thumbnailUrl":"https:\/\/iwell-guard.com\/wp-content\/uploads\/2026\/05\/goetter_anden-inka_illapa.webp","datePublished":"2026-09-03T12:32:34+00:00","dateModified":"2026-09-03T12:52:20+00:00","description":"Illapa, inkojen ukkosen- ja sadejumala, oli andien maataloudelle yht\u00e4 t\u00e4rke\u00e4 kuin Inti valtiolle. Myytti ja tutkimus.","breadcrumb":{"@id":"https:\/\/iwell-guard.com\/fi\/illapa-ukkosen-ja-saanjumala\/#breadcrumb"},"inLanguage":"fi","potentialAction":[{"@type":"ReadAction","target":["https:\/\/iwell-guard.com\/fi\/illapa-ukkosen-ja-saanjumala\/"]}]},{"@type":"ImageObject","inLanguage":"fi","@id":"https:\/\/iwell-guard.com\/fi\/illapa-ukkosen-ja-saanjumala\/#primaryimage","url":"https:\/\/iwell-guard.com\/wp-content\/uploads\/2026\/05\/goetter_anden-inka_illapa.webp","contentUrl":"https:\/\/iwell-guard.com\/wp-content\/uploads\/2026\/05\/goetter_anden-inka_illapa.webp","width":1024,"height":1536,"caption":"Jumalia Andien-inka-perinteest\u00e4."},{"@type":"BreadcrumbList","@id":"https:\/\/iwell-guard.com\/fi\/illapa-ukkosen-ja-saanjumala\/#breadcrumb","itemListElement":[{"@type":"ListItem","position":1,"name":"Start","item":"https:\/\/iwell-guard.com\/fi\/?page_id=143815"},{"@type":"ListItem","position":2,"name":"Illapa \u2013 inkojen ukkosen- ja s\u00e4\u00e4njumala"}]},{"@type":"WebSite","@id":"https:\/\/iwell-guard.com\/fi\/#website","url":"https:\/\/iwell-guard.com\/fi\/","name":"iWell Guard","description":"Schutz vor dunklen Einfl\u00fcssen","publisher":{"@id":"https:\/\/iwell-guard.com\/fi\/#organization"},"potentialAction":[{"@type":"SearchAction","target":{"@type":"EntryPoint","urlTemplate":"https:\/\/iwell-guard.com\/fi\/?s={search_term_string}"},"query-input":{"@type":"PropertyValueSpecification","valueRequired":true,"valueName":"search_term_string"}}],"inLanguage":"fi"},{"@type":"Organization","@id":"https:\/\/iwell-guard.com\/fi\/#organization","name":"Ittermann electronic GmbH","url":"https:\/\/iwell-guard.com\/fi\/","logo":{"@type":"ImageObject","inLanguage":"fi","@id":"https:\/\/iwell-guard.com\/fi\/#\/schema\/logo\/image\/","url":"https:\/\/iwell-guard.com\/wp-content\/uploads\/2026\/05\/Ittermann-Logo-1182x237-1.png","contentUrl":"https:\/\/iwell-guard.com\/wp-content\/uploads\/2026\/05\/Ittermann-Logo-1182x237-1.png","width":1182,"height":237,"caption":"Ittermann electronic GmbH"},"image":{"@id":"https:\/\/iwell-guard.com\/fi\/#\/schema\/logo\/image\/"},"sameAs":["https:\/\/pantip.com\/profile\/9367242","https:\/\/micro.blog\/iwellguard","https:\/\/www.diggerslist.com\/iwellguard\/about","https:\/\/skitterphoto.com\/photographers\/2870314\/iwell-guard","https:\/\/iwellguard.wordpress.com\/2026\/06\/06\/iwell-guard\/","https:\/\/hub.docker.com\/u\/iwellguard","https:\/\/www.pinterest.com\/iwellguard\/","https:\/\/bit.ly\/m\/iwellguard","https:\/\/entre-vos-mains.alsace.eu\/profiles\/iwellguard\/activity","https:\/\/gravatar.com\/reallybeded8fd34","https:\/\/naijamatta.com\/iwellguard","https:\/\/www.goodreads.com\/iwellguard","https:\/\/profile.hatena.ne.jp\/iwellguard\/","https:\/\/experiment.com\/users\/iwellguard","https:\/\/wakelet.com\/@iWellGuard82270","https:\/\/www.chordie.com\/forum\/profile.php?id=2555664","https:\/\/www.instapaper.com\/p\/17757966","https:\/\/www.mapleprimes.com\/users\/iwellguard","https:\/\/businesslistingplus.com\/profile\/iwell-guard\/","https:\/\/telegra.ph\/iWell-Guard-06-06","https:\/\/pbase.com\/iwellguard\/iwellguard","https:\/\/b.hatena.ne.jp\/iwellguard\/20260607#bookmark-4788405196491818882","https:\/\/fliphtml5.com\/home\/iwellguard","https:\/\/anyflip.com\/homepage\/cmiwl#About","https:\/\/transfur.com\/Users\/iwellguard","http:\/\/delphi.larsbo.org\/user\/iwellguard","https:\/\/jobs.lajobsportal.org\/profiles\/8380803-iwell-guard","https:\/\/md.chaosdorf.de\/s\/jfbe5SBdJD","https:\/\/www.lingvolive.com\/en-us\/profile\/9ecaeaca-ce11-4e51-9e71-01d55e2bff36\/translations","https:\/\/www.fitday.com\/fitness\/forums\/members\/iwellguard.html","https:\/\/www.mymeetbook.com\/iwellguard","https:\/\/pxhere.com\/en\/photographer-me\/5040798","https:\/\/disqus.com\/by\/iwellguard\/about\/","https:\/\/pastelink.net\/hjwciqwq","https:\/\/pubhtml5.com\/homepage\/scjhn\/","https:\/\/www.bitchute.com\/channel\/2O2eOKzNqujT","https:\/\/audiomack.com\/iwellguard"]},{"@type":"Person","@id":"https:\/\/iwell-guard.com\/fi\/#\/schema\/person\/ee2a27f1cac3406c7c6fb5820cb7349f","name":"Ralf Ittermann","image":{"@type":"ImageObject","inLanguage":"fi","@id":"https:\/\/secure.gravatar.com\/avatar\/073c0153e350a5005b68eb752b445fea71f6b24a26da9449ad7e155e6b446c9d?s=96&d=mm&r=g","url":"https:\/\/secure.gravatar.com\/avatar\/073c0153e350a5005b68eb752b445fea71f6b24a26da9449ad7e155e6b446c9d?s=96&d=mm&r=g","contentUrl":"https:\/\/secure.gravatar.com\/avatar\/073c0153e350a5005b68eb752b445fea71f6b24a26da9449ad7e155e6b446c9d?s=96&d=mm&r=g","caption":"Ralf Ittermann"},"givenName":"Ralf","familyName":"Ittermann","jobTitle":"Gesch\u00e4ftsf\u00fchrer und redaktioneller Verantwortlicher","url":"https:\/\/iwell-guard.com\/fi\/author\/claude\/","description":"Ralf Ittermann ist Gesch\u00e4ftsf\u00fchrer der Ittermann electronic GmbH und redaktioneller Verantwortlicher des iWell-Guard-Lexikons. Er verbindet langj\u00e4hrige Erfahrung in der Pr\u00e4zisionsfertigung mit medialer Praxis und religionsgeschichtlicher Quellenarbeit.","worksFor":{"@type":"Organization","name":"Ittermann electronic GmbH","url":"https:\/\/ittermann.de\/","address":{"@type":"PostalAddress","streetAddress":"K\u00f6hlergasse 16-18","postalCode":"99842","addressLocality":"Ruhla","addressCountry":"DE"}},"knowsAbout":["Religionsgeschichte","Mythologie","Mediale Praxis","Energetische Diagnostik","Schutzpraxis","Volksglauben","Westliche Esoterik"]},{"@type":"Article","@id":"https:\/\/iwell-guard.com\/fi\/illapa-ukkosen-ja-saanjumala\/#article","isPartOf":{"@id":"https:\/\/iwell-guard.com\/fi\/illapa-ukkosen-ja-saanjumala\/"},"author":{"name":"Ralf Ittermann","@id":"https:\/\/iwell-guard.com\/fi\/#\/schema\/person\/ee2a27f1cac3406c7c6fb5820cb7349f"},"headline":"Illapa \u2013 inkojen ukkosen- ja s\u00e4\u00e4njumala","datePublished":"2026-09-03T12:32:34+00:00","dateModified":"2026-09-03T12:52:20+00:00","mainEntityOfPage":{"@id":"https:\/\/iwell-guard.com\/fi\/illapa-ukkosen-ja-saanjumala\/"},"publisher":{"@id":"https:\/\/iwell-guard.com\/fi\/#organization"},"image":{"@id":"https:\/\/iwell-guard.com\/fi\/illapa-ukkosen-ja-saanjumala\/#primaryimage"},"thumbnailUrl":"https:\/\/iwell-guard.com\/wp-content\/uploads\/2026\/05\/goetter_anden-inka_illapa.webp","inLanguage":"fi","description":"Illapa, inkojen ukkosen- ja sadejumala, oli andien maataloudelle yht\u00e4 t\u00e4rke\u00e4 kuin Inti valtiolle. Myytti ja tutkimus."}]}},"_links":{"self":[{"href":"https:\/\/iwell-guard.com\/fi\/wp-json\/wp\/v2\/pages\/144159","targetHints":{"allow":["GET"]}}],"collection":[{"href":"https:\/\/iwell-guard.com\/fi\/wp-json\/wp\/v2\/pages"}],"about":[{"href":"https:\/\/iwell-guard.com\/fi\/wp-json\/wp\/v2\/types\/page"}],"author":[{"embeddable":true,"href":"https:\/\/iwell-guard.com\/fi\/wp-json\/wp\/v2\/users\/3"}],"replies":[{"embeddable":true,"href":"https:\/\/iwell-guard.com\/fi\/wp-json\/wp\/v2\/comments?post=144159"}],"version-history":[{"count":0,"href":"https:\/\/iwell-guard.com\/fi\/wp-json\/wp\/v2\/pages\/144159\/revisions"}],"wp:featuredmedia":[{"embeddable":true,"href":"https:\/\/iwell-guard.com\/fi\/wp-json\/wp\/v2\/media\/2677"}],"wp:attachment":[{"href":"https:\/\/iwell-guard.com\/fi\/wp-json\/wp\/v2\/media?parent=144159"}],"wp:term":[{"taxonomy":"category","embeddable":true,"href":"https:\/\/iwell-guard.com\/fi\/wp-json\/wp\/v2\/categories?post=144159"}],"curies":[{"name":"wp","href":"https:\/\/api.w.org\/{rel}","templated":true}]}}