{"id":144157,"date":"2026-09-03T12:32:34","date_gmt":"2026-09-03T12:32:34","guid":{"rendered":"https:\/\/iwell-guard.com\/?page_id=144157"},"modified":"2026-09-03T12:52:18","modified_gmt":"2026-09-03T12:52:18","slug":"mama-killa-kuunjumalatar-inkat","status":"publish","type":"page","link":"https:\/\/iwell-guard.com\/fi\/mama-killa-kuunjumalatar-inkat\/","title":{"rendered":"Mama Killa \u2013 inkojen kuunjumalatar"},"content":{"rendered":"\t\t<div data-elementor-type=\"wp-page\" data-elementor-id=\"144157\" class=\"elementor elementor-144157 elementor-2577 elementor-bc-flex-widget\" data-elementor-post-type=\"page\">\n\t\t\t\t<div class=\"elementor-element elementor-element-iwgw-mamakilla-hero e-flex e-con-boxed e-con e-parent\" data-id=\"iwgw-mamakilla-hero\" data-element_type=\"container\" data-e-type=\"container\" data-settings=\"{&quot;background_background&quot;:&quot;classic&quot;}\">\n\t\t\t\t\t<div class=\"e-con-inner\">\n\t\t<div class=\"elementor-element elementor-element-iwgw-mamakilla-hl e-flex e-con-boxed e-con e-child\" data-id=\"iwgw-mamakilla-hl\" data-element_type=\"container\" data-e-type=\"container\">\n\t\t\t\t\t<div class=\"e-con-inner\">\n\t\t<div class=\"elementor-element elementor-element-iwgw-mamakilla-htxt e-con-full e-flex e-con e-child\" data-id=\"iwgw-mamakilla-htxt\" data-element_type=\"container\" data-e-type=\"container\">\n\t\t\t\t<div class=\"elementor-element elementor-element-iwgw-mamakilla-h1 elementor-widget elementor-widget-heading\" data-id=\"iwgw-mamakilla-h1\" data-element_type=\"widget\" data-e-type=\"widget\" data-widget_type=\"heading.default\">\n\t\t\t\t\t<h1 class=\"elementor-heading-title elementor-size-default\">Mama Killa, kuunjumalatar ja aurinkojumalan sisar-puoliso<\/h1>\t\t\t\t<\/div>\n\t\t\t\t<div class=\"elementor-element elementor-element-iwgw-mamakilla-lead elementor-widget elementor-widget-text-editor\" data-id=\"iwgw-mamakilla-lead\" data-element_type=\"widget\" data-e-type=\"widget\" data-widget_type=\"text-editor.default\">\n\t\t\t\t\t\t\t\t\t<p>Mama Killa (ket\u0161uaksi <em>Mama Killa<\/em>) on inkojen kuunjumalatar, aurinkojumala <a href=\"https:\/\/iwell-guard.com\/fi\/?page_id=144154\">Intin<\/a> sisar-puoliso sek\u00e4 naisten, kalenterin mukaisen ajanj\u00e4rjestyksen ja rituaalisen puhtauden suojelija. H\u00e4nen temppelialueensa Cuscon Coricanchassa oli p\u00e4\u00e4llystetty hopealevyill\u00e4.<\/p>\t\t\t\t\t\t\t\t<\/div>\n\t\t\t\t<\/div>\n\t\t<div class=\"elementor-element elementor-element-iwgw-mamakilla-pillc e-con-full e-flex e-con e-child\" data-id=\"iwgw-mamakilla-pillc\" data-element_type=\"container\" data-e-type=\"container\">\n\t\t\t\t<div class=\"elementor-element elementor-element-iwgw-mamakilla-pills elementor-widget elementor-widget-html\" data-id=\"iwgw-mamakilla-pills\" data-element_type=\"widget\" data-e-type=\"widget\" data-widget_type=\"html.default\">\n\t\t\t\t\t<div class=\"iwg-pill-row\"><span class=\"iwg-klasse-badge\" tabindex=\"0\" data-tooltip=\"Andien \/ inkojen perinteen jumalatar.\">Jumalatar<\/span><a href=\"https:\/\/iwell-guard.com\/fi\/?page_id=144144\" class=\"iwg-kultur-badge\" tabindex=\"0\" data-tooltip=\"Andien \/ inkojen perinteen mytologia.\">Andit \/ inkat<\/a><span class=\"iwg-tradition-badge\" tabindex=\"0\" data-tooltip=\"Kuunjumalatar.\">Kuunjumalatar<\/span><\/div>\t\t\t\t<\/div>\n\t\t\t\t<\/div>\n\t\t<div class=\"elementor-element elementor-element-iwgw-mamakilla-tocc e-con-full e-flex e-con e-child\" data-id=\"iwgw-mamakilla-tocc\" data-element_type=\"container\" data-e-type=\"container\">\n\t\t\t\t<div class=\"elementor-element elementor-element-iwgw-mamakilla-toc elementor-toc--minimized-on-tablet elementor-widget elementor-widget-table-of-contents\" data-id=\"iwgw-mamakilla-toc\" data-element_type=\"widget\" data-e-type=\"widget\" data-settings=\"{&quot;headings_by_tags&quot;:[&quot;h2&quot;,&quot;h3&quot;],&quot;minimize_box&quot;:&quot;yes&quot;,&quot;marker_view&quot;:&quot;bullets&quot;,&quot;no_headings_message&quot;:&quot;T\\u00e4lt\\u00e4 sivulta ei l\\u00f6ytynyt otsikoita.&quot;,&quot;exclude_headings_by_selector&quot;:[],&quot;icon&quot;:{&quot;value&quot;:&quot;fas fa-circle&quot;,&quot;library&quot;:&quot;fa-solid&quot;,&quot;rendered_tag&quot;:&quot;&lt;svg class=\\&quot;e-font-icon-svg e-fas-circle\\&quot; viewBox=\\&quot;0 0 512 512\\&quot; xmlns=\\&quot;http:\\\/\\\/www.w3.org\\\/2000\\\/svg\\&quot;&gt;&lt;path d=\\&quot;M256 8C119 8 8 119 8 256s111 248 248 248 248-111 248-248S393 8 256 8z\\&quot;&gt;&lt;\\\/path&gt;&lt;\\\/svg&gt;&quot;},&quot;minimized_on&quot;:&quot;tablet&quot;,&quot;hierarchical_view&quot;:&quot;yes&quot;,&quot;min_height&quot;:{&quot;unit&quot;:&quot;px&quot;,&quot;size&quot;:&quot;&quot;,&quot;sizes&quot;:[]},&quot;min_height_tablet&quot;:{&quot;unit&quot;:&quot;px&quot;,&quot;size&quot;:&quot;&quot;,&quot;sizes&quot;:[]},&quot;min_height_mobile&quot;:{&quot;unit&quot;:&quot;px&quot;,&quot;size&quot;:&quot;&quot;,&quot;sizes&quot;:[]}}\" data-widget_type=\"table-of-contents.default\">\n\t\t\t\t\t\t\t\t\t<div class=\"elementor-toc__header\">\n\t\t\t\t\t\t<h2 class=\"elementor-toc__header-title\">\n\t\t\t\tSis\u00e4llysluettelo\t\t\t<\/h2>\n\t\t\t\t\t\t\t\t\t\t<div class=\"elementor-toc__toggle-button elementor-toc__toggle-button--expand\" role=\"button\" tabindex=\"0\" aria-controls=\"elementor-toc__iwgw-mamakilla-toc\" aria-expanded=\"true\" aria-label=\"Open table of contents\"><svg aria-hidden=\"true\" class=\"e-font-icon-svg e-fas-chevron-down\" viewBox=\"0 0 448 512\" xmlns=\"http:\/\/www.w3.org\/2000\/svg\"><path d=\"M207.029 381.476L12.686 187.132c-9.373-9.373-9.373-24.569 0-33.941l22.667-22.667c9.357-9.357 24.522-9.375 33.901-.04L224 284.505l154.745-154.021c9.379-9.335 24.544-9.317 33.901.04l22.667 22.667c9.373 9.373 9.373 24.569 0 33.941L240.971 381.476c-9.373 9.372-24.569 9.372-33.942 0z\"><\/path><\/svg><\/div>\n\t\t\t\t<div class=\"elementor-toc__toggle-button elementor-toc__toggle-button--collapse\" role=\"button\" tabindex=\"0\" aria-controls=\"elementor-toc__iwgw-mamakilla-toc\" aria-expanded=\"true\" aria-label=\"Close table of contents\"><svg aria-hidden=\"true\" class=\"e-font-icon-svg e-fas-chevron-up\" viewBox=\"0 0 448 512\" xmlns=\"http:\/\/www.w3.org\/2000\/svg\"><path d=\"M240.971 130.524l194.343 194.343c9.373 9.373 9.373 24.569 0 33.941l-22.667 22.667c-9.357 9.357-24.522 9.375-33.901.04L224 227.495 69.255 381.516c-9.379 9.335-24.544 9.317-33.901-.04l-22.667-22.667c-9.373-9.373-9.373-24.569 0-33.941L207.03 130.525c9.372-9.373 24.568-9.373 33.941-.001z\"><\/path><\/svg><\/div>\n\t\t\t\t\t<\/div>\n\t\t\t\t<div id=\"elementor-toc__iwgw-mamakilla-toc\" class=\"elementor-toc__body\">\n\t\t\t<div class=\"elementor-toc__spinner-container\">\n\t\t\t\t<svg class=\"elementor-toc__spinner eicon-animation-spin e-font-icon-svg e-eicon-loading\" aria-hidden=\"true\" viewBox=\"0 0 1000 1000\" xmlns=\"http:\/\/www.w3.org\/2000\/svg\"><path d=\"M500 975V858C696 858 858 696 858 500S696 142 500 142 142 304 142 500H25C25 237 238 25 500 25S975 237 975 500 763 975 500 975Z\"><\/path><\/svg>\t\t\t<\/div>\n\t\t<\/div>\n\t\t\t\t\t\t<\/div>\n\t\t\t\t<\/div>\n\t\t\t\t\t<\/div>\n\t\t\t\t<\/div>\n\t\t<div class=\"elementor-element elementor-element-iwgw-mamakilla-hr e-con-full e-flex e-con e-child\" data-id=\"iwgw-mamakilla-hr\" data-element_type=\"container\" data-e-type=\"container\">\n\t\t\t\t<div class=\"elementor-element elementor-element-iwgw-mamakilla-heroimg iwg-hero-image elementor-widget elementor-widget-image\" data-id=\"iwgw-mamakilla-heroimg\" data-element_type=\"widget\" data-e-type=\"widget\" data-widget_type=\"image.default\">\n\t\t\t\t\t\t\t\t\t\t\t\t\t\t\t<img fetchpriority=\"high\" decoding=\"async\" width=\"683\" height=\"1024\" src=\"https:\/\/iwell-guard.com\/wp-content\/uploads\/2026\/05\/goetter_anden-inka_mama-killa-683x1024.webp\" class=\"attachment-large size-large wp-image-148846\" alt=\"Mama Killa - jumalat Andien inka-perinteest\u00e4, historiallis-havainnollistava\" srcset=\"https:\/\/iwell-guard.com\/wp-content\/uploads\/2026\/05\/goetter_anden-inka_mama-killa-683x1024.webp 683w, https:\/\/iwell-guard.com\/wp-content\/uploads\/2026\/05\/goetter_anden-inka_mama-killa-200x300.webp 200w, https:\/\/iwell-guard.com\/wp-content\/uploads\/2026\/05\/goetter_anden-inka_mama-killa-768x1152.webp 768w, https:\/\/iwell-guard.com\/wp-content\/uploads\/2026\/05\/goetter_anden-inka_mama-killa.webp 1024w\" sizes=\"(max-width: 683px) 100vw, 683px\" \/>\t\t\t\t\t\t\t\t\t\t\t\t\t\t\t<\/div>\n\t\t\t\t<\/div>\n\t\t\t\t\t<\/div>\n\t\t\t\t<\/div>\n\t\t\t\t<section class=\"elementor-section elementor-top-section elementor-element elementor-element-sec-iwgcomp-mama-killa elementor-section-boxed elementor-section-height-default elementor-section-height-default\" data-id=\"sec-iwgcomp-mama-killa\" data-element_type=\"section\" data-e-type=\"section\">\n\t\t\t\t\t\t<div class=\"elementor-container elementor-column-gap-default\">\n\t\t\t\t\t<div class=\"elementor-column elementor-col-100 elementor-top-column elementor-element elementor-element-col-iwgcomp-mama-killa\" data-id=\"col-iwgcomp-mama-killa\" data-element_type=\"column\" data-e-type=\"column\">\n\t\t\t<div class=\"elementor-widget-wrap elementor-element-populated\">\n\t\t\t\t\t\t<div class=\"elementor-element elementor-element-iwgcomp-mama-killa elementor-widget elementor-widget-text-editor\" data-id=\"iwgcomp-mama-killa\" data-element_type=\"widget\" data-e-type=\"widget\" data-widget_type=\"text-editor.default\">\n\t\t\t\t\t\t\t\t\t<p>Mama Killaa, <strong>inkojen kuunjumalatarta<\/strong>, pidet\u00e4\u00e4n Intin sisarena ja puolisona, ja h\u00e4n hallitsee y\u00f6n piiri\u00e4.<\/p>\t\t\t\t\t\t\t\t<\/div>\n\t\t\t\t\t<\/div>\n\t\t<\/div>\n\t\t\t\t\t<\/div>\n\t\t<\/section>\n\t\t<div class=\"elementor-element elementor-element-iwgw-mamakilla-s0 e-flex e-con-boxed e-con e-parent\" data-id=\"iwgw-mamakilla-s0\" data-element_type=\"container\" data-e-type=\"container\">\n\t\t\t\t\t<div class=\"e-con-inner\">\n\t\t\t\t<div class=\"elementor-element elementor-element-iwgw-mamakilla-s0h elementor-widget elementor-widget-heading\" data-id=\"iwgw-mamakilla-s0h\" data-element_type=\"widget\" data-e-type=\"widget\" data-widget_type=\"heading.default\">\n\t\t\t\t\t<h2 class=\"elementor-heading-title elementor-size-default\">Asema andien panteonissa<\/h2>\t\t\t\t<\/div>\n\t\t<div class=\"elementor-element elementor-element-iwgw-mamakilla-s0c e-con-full e-flex e-con e-child\" data-id=\"iwgw-mamakilla-s0c\" data-element_type=\"container\" data-e-type=\"container\">\n\t\t\t\t<div class=\"elementor-element elementor-element-iwgw-mamakilla-s0t elementor-widget elementor-widget-text-editor\" data-id=\"iwgw-mamakilla-s0t\" data-element_type=\"widget\" data-e-type=\"widget\" data-widget_type=\"text-editor.default\">\n\t\t\t\t\t\t\t\t\t<p>Mama Killa lukeutuu inkojen valtiollisen kultin korkeimpiin naisjumaluuksiin.<\/p><p>Garcilaso de la Vega kuvaa h\u00e4nt\u00e4 teoksessaan <em>Comentarios Reales<\/em> (1609) <a href=\"https:\/\/iwell-guard.com\/fi\/?page_id=144154\">Intin<\/a> sisarena ja puolisona. H\u00e4nen oma temppelialueensa Cuscon Coricanchassa sijaitsi aivan aurinkotemppelin vieress\u00e4, mutta se oli p\u00e4\u00e4llystetty kullan sijaan hopealevyill\u00e4. T\u00e4m\u00e4 on johdonmukainen ikonografinen ilmaus kuunjumalattaren alisteisesta mutta silti itsen\u00e4isest\u00e4 asemasta.<\/p><p>Uskontotieteellisesti h\u00e4n asettuu yleiseen kuu-aurinko-sisarusparien kaavaan, joka ulottuu muinaisegyptil\u00e4isest\u00e4 Hathorin ja Ren asetelmasta japanilaisen Tsukiyomin ja Amaterasun parin kautta mesopotamialaiseen I\u0161tarin ja \u0160ama\u0161in suhteeseen. Andeilla h\u00e4n muodostaa naisellisen vastinparin miehiselle aurinkoteologian kokonaisuudelle ja m\u00e4\u00e4ritt\u00e4\u00e4 samalla korkea-arvoisen <em>Coyan<\/em>, inkan p\u00e4\u00e4puolison, kulttiaseman.<\/p><p>Catherine Allen huomauttaa, ett\u00e4 Mama Killa on nykyisiss\u00e4 ket\u0161uankielisiss\u00e4 kyliss\u00e4 huomattavasti v\u00e4hemm\u00e4n l\u00e4sn\u00e4 kuin <a href=\"https:\/\/iwell-guard.com\/fi\/?page_id=144155\">Pachamama<\/a>. H\u00e4n vaikuttaa pikemminkin ajallis-kalenterillisena j\u00e4rjestysperiaatteena, joka m\u00e4\u00e4r\u00e4\u00e4 kylv\u00f6- ja sadonkorjuuajat, kuin henkil\u00f6kohtaisesti rukoiltavana suojelijajumaluutena.<\/p><p>T\u00e4m\u00e4 et\u00e4isyys selittyy h\u00e4nen inka-ajan palvontansa valtiollis-imperiaalisesta luonteesta, joka menetti institutionaalisen tukensa inkojen poliittisen rakenteen tuhoutuessa.<\/p><p>Inkojen p\u00e4\u00e4kaupunki Cusco jakautui kosmologisesti <em>hanan<\/em>-osaan (ylempi) ja <em>hurin<\/em>-osaan (alempi), joita Tom Zuideman mukaan luonnehdittiin toisiaan t\u00e4ydent\u00e4vin\u00e4 miehisen\u00e4\/naisellisena ja aurinkoisena\/kuunomaisena.<\/p><p>Mama Killaa palvottiin erityisesti hurin-Cuscon korttelissa, joka edusti kaupungin alempaa, kosteampaa ja naisellisemmaksi mielletty puolikasta. T\u00e4m\u00e4 j\u00e4sentely ei ollut pelkk\u00e4 muodollinen kaava, vaan se m\u00e4\u00e4r\u00e4si avioliittos\u00e4\u00e4nt\u00f6j\u00e4, kortteleiden v\u00e4lisi\u00e4 velvollisuuksia ja kalenterillisia rituaaliteht\u00e4vi\u00e4.<\/p>\t\t\t\t\t\t\t\t<\/div>\n\t\t\t\t<\/div>\n\t\t\t\t\t<\/div>\n\t\t\t\t<\/div>\n\t\t<div class=\"elementor-element elementor-element-iwgw-mamakilla-s1 e-flex e-con-boxed e-con e-parent\" data-id=\"iwgw-mamakilla-s1\" data-element_type=\"container\" data-e-type=\"container\">\n\t\t\t\t\t<div class=\"e-con-inner\">\n\t\t\t\t<div class=\"elementor-element elementor-element-iwgw-mamakilla-s1h elementor-widget elementor-widget-heading\" data-id=\"iwgw-mamakilla-s1h\" data-element_type=\"widget\" data-e-type=\"widget\" data-widget_type=\"heading.default\">\n\t\t\t\t\t<h2 class=\"elementor-heading-title elementor-size-default\">Nimi ja etymologia<\/h2>\t\t\t\t<\/div>\n\t\t<div class=\"elementor-element elementor-element-iwgw-mamakilla-s1c e-con-full e-flex e-con e-child\" data-id=\"iwgw-mamakilla-s1c\" data-element_type=\"container\" data-e-type=\"container\">\n\t\t\t\t<div class=\"elementor-element elementor-element-iwgw-mamakilla-s1t elementor-widget elementor-widget-text-editor\" data-id=\"iwgw-mamakilla-s1t\" data-element_type=\"widget\" data-e-type=\"widget\" data-widget_type=\"text-editor.default\">\n\t\t\t\t\t\t\t\t\t<p>Nimi <em>Mama Killa<\/em> on yksinkertainen ket\u0161uankielinen yhdistelm\u00e4 sanoista <em>mama<\/em> (\u00e4iti, nainen, korkea-arvoinen naispuolinen henkil\u00f6) ja <em>killa<\/em> (kuu, kuukausi). Kuten sanan <em>inti<\/em> kohdalla, t\u00e4m\u00e4 sana viittaa samanaikaisesti sek\u00e4 fyysiseen taivaankappaleeseen ett\u00e4 personifioituun <span class=\"iwg-fachbegriff\" data-tooltip=\"Uskonnon sis\u00e4ll\u00e4 jumalallisena palvottu olento.\" tabindex=\"0\">jumaluuteen<\/span>, mik\u00e4 on tyypillist\u00e4 andien ajattelun luonto- ja pyhyystasojen sulautumiselle.<\/p><p>Diego Gonzalez Holguin antaa teoksessaan <em>Vocabulario<\/em> (1608) sanan <em>killa<\/em> merkitykseksi <em>luna o mes<\/em>. T\u00e4m\u00e4 kaksoismerkitys, kuu ja kuukausi, on merkitt\u00e4v\u00e4: Mama Killa ei ole vain taivaalla n\u00e4kyv\u00e4 kuun hahmo, vaan my\u00f6s kalenterikuukauden personifikaatio, jonka mukaan naisten biologia, kylv\u00f6 ja sadonkorjuu suuntautuvat.<\/p><p>Aymara-alueella tavataan vastine <em>Phaxsi Mama<\/em>, my\u00f6s se tarkoittaa kuun \u00e4iti\u00e4. Alueellinen muoto <em>Quilla<\/em> kaksinkertaisella l-kirjaimella esiintyy joissakin varhaisemmissa espanjalaisissa kronikoissa (Sarmiento, Cobo) ja heijastaa espanjalaisten l\u00e4hetyssaarnaajien varhaista kirjoitustapaa.<\/p><p>Kielihistoriallisesti kiinnostava on sanan <em>killa<\/em> l\u00e4heinen sukulaisuus sanaan <em>killay<\/em>, ket\u0161uankieliseen verbiin, joka tarkoittaa <em>odottaa<\/em> tai <em>odottaa jotakin<\/em>. Cesar Itier on kielitieteellisiss\u00e4 t\u00f6iss\u00e4\u00e4n inkojen <span class=\"iwg-fachbegriff\" data-tooltip=\"Tieteellinen oppi jumalasta ja uskonnon uskosta.\" tabindex=\"0\">teologiasta<\/span> esitt\u00e4nyt hypoteesin, ett\u00e4 <em>killa<\/em> saattoi alun perin merkit\u00e4 kylv\u00f6jen v\u00e4list\u00e4 odotusvaihetta, jolloin kuun kierto j\u00e4sensi viljelij\u00f6iden k\u00e4rsiv\u00e4llisyytt\u00e4 kylv\u00f6n ja sadonkorjuun v\u00e4lill\u00e4.<\/p><p>T\u00e4m\u00e4 hypoteesi selitt\u00e4\u00e4 kuujumalattaren tavanomaisesta poikkeavan kaksoisteht\u00e4v\u00e4n, odotusajan personifikaationa ja kalenterillisena j\u00e4rjestysperiaatteena, tavalla, joka on puhtaasti t\u00e4htitieteellist\u00e4 tulkintaa vakuuttavampi.<\/p>\t\t\t\t\t\t\t\t<\/div>\n\t\t\t\t<\/div>\n\t\t\t\t\t<\/div>\n\t\t\t\t<\/div>\n\t\t<div class=\"elementor-element elementor-element-iwgw-mamakilla-s2 e-flex e-con-boxed e-con e-parent\" data-id=\"iwgw-mamakilla-s2\" data-element_type=\"container\" data-e-type=\"container\">\n\t\t\t\t\t<div class=\"e-con-inner\">\n\t\t\t\t<div class=\"elementor-element elementor-element-iwgw-mamakilla-s2h elementor-widget elementor-widget-heading\" data-id=\"iwgw-mamakilla-s2h\" data-element_type=\"widget\" data-e-type=\"widget\" data-widget_type=\"heading.default\">\n\t\t\t\t\t<h2 class=\"elementor-heading-title elementor-size-default\">Kuvaus ja ikonografia<\/h2>\t\t\t\t<\/div>\n\t\t<div class=\"elementor-element elementor-element-iwgw-mamakilla-s2c e-con-full e-flex e-con e-child\" data-id=\"iwgw-mamakilla-s2c\" data-element_type=\"container\" data-e-type=\"container\">\n\t\t\t\t<div class=\"elementor-element elementor-element-iwgw-mamakilla-s2t elementor-widget elementor-widget-text-editor\" data-id=\"iwgw-mamakilla-s2t\" data-element_type=\"widget\" data-e-type=\"widget\" data-widget_type=\"text-editor.default\">\n\t\t\t\t\t\t\t\t\t<p>Mama Killaa kuvataan l\u00e4hteiss\u00e4 hopeanhohtoisena, ihmiskasvoisena kiekkona, naispuolisena vastineena Punchaon, Intin kultaisen kiekon, rinnalla. T\u00e4m\u00e4 hopeinen kiekko oli sijoitettuna niin kutsuttuun <em>Killakanchaan<\/em>, Coricanchan kuunkammio-osaan. Polo de Ondegardo ja Bernab\u00e9 Cobo kertovat, ett\u00e4 kuukiekko sulatettiin espanjalaisvalloituksen j\u00e4lkeen, mink\u00e4 vuoksi sit\u00e4 ei ole s\u00e4ilynyt.<\/p><p>Siirtomaa-aikaisessa Cusquena-maalaustaiteessa Mama Killa esiintyy usein naishahmona hopeisella kuukiekko-diademilla, jota tavallisesti seuraa tyylitelty t\u00e4htitaivas. Joissakin Cusco-koulukunnan kuvateoksissa h\u00e4net esitet\u00e4\u00e4n <em>Neitsyt Maria\u2013Pachamama\u2013Mama Killa -synkreesin\u00e4<\/em>, kuten esimerkiksi Andahuaylillasin San Pedron kirkon enkelikuvissa.<\/p><p>Huomionarvoinen on inkojen <span class=\"iwg-fachbegriff\" data-tooltip=\"Uskonnon opin ja Jumalaan tai uskoon liittyv\u00e4 tieteellinen tutkimus.\" tabindex=\"0\">teologiassa<\/span> tehty t\u00e4htitieteellinen havainto kuun pinnan tummista alueista: kuun tummat l\u00e4isk\u00e4t tulkittiin ketuksi, joka rakkaudesta painautui Mama Killaa vasten ja j\u00e4i ikiajoiksi h\u00e4nen kasvoihinsa painuneeksi. T\u00e4m\u00e4n kuunpilkkujen tarinan on tallentanut Crist\u00f3bal de Molina, ja se lukeutuu harvoihin s\u00e4ilyneisiin inkamyytteihin, joilla on t\u00e4htitieteellis-aitiologinen luonne.<\/p><p>Garcilason mukaan Mama Killan hopeakiekko Killakanchassa oli kutakuinkin samankokoinen kuin Intin kultainen Punchao-kuva.<\/p><p>Toisin kuin Punchao, joka kannettiin pyh\u00e4k\u00f6st\u00e4 ulos vain juhlap\u00e4ivin\u00e4, kuukiekko oli jatkuvasti n\u00e4kyvill\u00e4, sill\u00e4 kuuhun liittyv\u00e4 <span class=\"iwg-fachbegriff\" data-tooltip=\"Uskonnon opin ja Jumalaan tai uskoon liittyv\u00e4 tieteellinen tutkimus.\" tabindex=\"0\">teologia<\/span> ei muodostanut inkan poliittisen itseesittelyn painopistett\u00e4, mink\u00e4 vuoksi sen esitt\u00e4mist\u00e4 ei tarvinnut rajoittaa yht\u00e4 tarkasti.<\/p><p>Killakanchan sis\u00e4seinill\u00e4 olivat lis\u00e4ksi kuolleiden p\u00e4\u00e4vaimojen (<em>Mallqui Coya<\/em>) muumioidut ruumiit, naispuolinen vastine Inti-temppelin Mallqui-esi-is\u00e4galleriaan.<\/p>\t\t\t\t\t\t\t\t<\/div>\n\t\t\t\t<\/div>\n\t\t\t\t\t<\/div>\n\t\t\t\t<\/div>\n\t\t<div class=\"elementor-element elementor-element-iwgw-mamakilla-s3 e-flex e-con-boxed e-con e-parent\" data-id=\"iwgw-mamakilla-s3\" data-element_type=\"container\" data-e-type=\"container\">\n\t\t\t\t\t<div class=\"e-con-inner\">\n\t\t\t\t<div class=\"elementor-element elementor-element-iwgw-mamakilla-s3h elementor-widget elementor-widget-heading\" data-id=\"iwgw-mamakilla-s3h\" data-element_type=\"widget\" data-e-type=\"widget\" data-widget_type=\"heading.default\">\n\t\t\t\t\t<h2 class=\"elementor-heading-title elementor-size-default\">Myyttiset kertomukset<\/h2>\t\t\t\t<\/div>\n\t\t<div class=\"elementor-element elementor-element-iwgw-mamakilla-s3c e-con-full e-flex e-con e-child\" data-id=\"iwgw-mamakilla-s3c\" data-element_type=\"container\" data-e-type=\"container\">\n\t\t\t\t<div class=\"elementor-element elementor-element-iwgw-mamakilla-s3t elementor-widget elementor-widget-text-editor\" data-id=\"iwgw-mamakilla-s3t\" data-element_type=\"widget\" data-e-type=\"widget\" data-widget_type=\"text-editor.default\">\n\t\t\t\t\t\t\t\t\t<p>T\u00e4rkein Mama Killaan liittyv\u00e4 <span class=\"iwg-fachbegriff\" data-tooltip=\"Perinteinen kertomus jumalista, alkuper\u00e4st\u00e4 ja maailman j\u00e4rjestyksest\u00e4.\" tabindex=\"0\">myytti<\/span> selitt\u00e4\u00e4 kuunpimennykset. Garcilaso de la Vegan mukaan inkat uskoivat, ett\u00e4 kuunpimennyksen aikana kosminen <em>puuma<\/em> tai <em>k\u00e4\u00e4rme<\/em> hy\u00f6kk\u00e4si kuujumalattaren kimppuun ja uhkasi niell\u00e4 h\u00e4net.<\/p><p>T\u00e4t\u00e4 hy\u00f6kk\u00e4yst\u00e4 torjuakseen ihmiset aiheuttivat kuunpimennys\u00f6in\u00e4 Cuscossa suurta meteli\u00e4: he hakkasivat pannuja, saivat koirat haukkumaan, ampuivat nuolia kuuta kohti ja pyrkiv\u00e4t n\u00e4in karkottamaan hy\u00f6kk\u00e4\u00e4v\u00e4n el\u00e4imen. T\u00e4m\u00e4 k\u00e4yt\u00e4nt\u00f6 on kuvattu my\u00f6s Felipe Guaman Poma de Ayalan kronikassa (1615).<\/p><p>Toinen kertomus yhdist\u00e4\u00e4 Mama Killan Andien hopeaesiintymien aitiologiaan. Kronikoitsija Antonio V\u00e1zquez de Espinosan <span class=\"iwg-fachbegriff\" data-tooltip=\"Sukupolvelta toiselle siirtyv\u00e4 tieto ja kertomukset.\" tabindex=\"0\">perim\u00e4tiedon<\/span> mukaan Mama Killa itki hopeisia kyyneleit\u00e4, jotka vuorenrotkoissa j\u00e4hmettyiv\u00e4t hopeasuoniksi, mik\u00e4 on myyttinen selitys Andien hopearikkaudelle, joka teki espanjalaisesta siirtomaavallasta taloudellisesti houkuttelevan.<\/p><p>Inkojen el\u00e4m\u00e4nkiertomyyteiss\u00e4 Mama Killa on naisen aikuistumisen suojelijatar. Nuoren tyt\u00f6n ensimm\u00e4isen kuukautiskiertoriitin (<em>quikuchikuy<\/em>) yhteydess\u00e4 Mama Killaa kutsuttiin avuksi, samoin h\u00e4iss\u00e4 ja lapsivuoteen aikana. Cobo kertoo vakiintuneesta rituaalitekstist\u00e4, jossa kuujumalatarta pyydettiin suojelemaan \u00e4iti\u00e4 ja lasta.<\/p><p>Kolmas mytologinen kertomus yhdist\u00e4\u00e4 Mama Killan inkavaltakunnan perustamiseen. Sarmiento de Gamboan kertoman mukaan Mama Ocllo, yksi Manco C\u00e1pacin myyttisist\u00e4 sisaruksista, sai nimens\u00e4 itse kuujumalattaren <em>Ocllo<\/em>-puolelta.<\/p><p>N\u00e4in valtakunnan perustajatar ei ole vain Intin tyt\u00e4r, vaan samalla Mama Killan ilmentym\u00e4, teologinen rakennelma, joka vahvisti inkadynastian legitimiteetin kahdesti ja perusti Coya-asemaan liittyv\u00e4n oikeutuksen aurinkosuvun lis\u00e4ksi my\u00f6s kuusukuun.<\/p>\t\t\t\t\t\t\t\t<\/div>\n\t\t\t\t<\/div>\n\t\t\t\t\t<\/div>\n\t\t\t\t<\/div>\n\t\t<div class=\"elementor-element elementor-element-iwgw-mamakilla-s4 e-flex e-con-boxed e-con e-parent\" data-id=\"iwgw-mamakilla-s4\" data-element_type=\"container\" data-e-type=\"container\">\n\t\t\t\t\t<div class=\"e-con-inner\">\n\t\t\t\t<div class=\"elementor-element elementor-element-iwgw-mamakilla-s4h elementor-widget elementor-widget-heading\" data-id=\"iwgw-mamakilla-s4h\" data-element_type=\"widget\" data-e-type=\"widget\" data-widget_type=\"heading.default\">\n\t\t\t\t\t<h2 class=\"elementor-heading-title elementor-size-default\">Kultti ja palvonta<\/h2>\t\t\t\t<\/div>\n\t\t<div class=\"elementor-element elementor-element-iwgw-mamakilla-s4c e-con-full e-flex e-con e-child\" data-id=\"iwgw-mamakilla-s4c\" data-element_type=\"container\" data-e-type=\"container\">\n\t\t\t\t<div class=\"elementor-element elementor-element-iwgw-mamakilla-s4t elementor-widget elementor-widget-text-editor\" data-id=\"iwgw-mamakilla-s4t\" data-element_type=\"widget\" data-e-type=\"widget\" data-widget_type=\"text-editor.default\">\n\t\t\t\t\t\t\t\t\t<p>Mama Killan <span class=\"iwg-fachbegriff\" data-tooltip=\"Jumaluuteen tai pyh\u00e4\u00e4n hahmoon kohdistuvien uskonnollisten kunnioitustoimien kokonaisuus.\" tabindex=\"0\">kultti<\/span> oli j\u00e4rjest\u00e4ytynyt Cuscon Coricancha-<span class=\"iwg-fachbegriff\" data-tooltip=\"Rakennus, joka on omistettu yhden tai useamman jumaluuden palvontaan.\" tabindex=\"0\">temppeliss\u00e4<\/span>. Sen henkil\u00f6kunta koostui yksinomaan naisista, joita johti ylipapitar, joka oli s\u00e4\u00e4nn\u00f6nmukaisesti hallitsevan <em>Coyan<\/em> (inkan p\u00e4\u00e4vaimon) sisar. N\u00e4it\u00e4 naisia, <em>Acllacunaa<\/em> (ks. my\u00f6s <a href=\"https:\/\/iwell-guard.com\/fi\/?page_id=144154\">Inti<\/a>), kutsuttiin kutomaan hopeakoristeisia kuuvaatteita, panemaan tislattua chichaa valkoisesta maissista ja johtamaan kuukausittaisia kuurituaaleja.<\/p><p>Kulttivuoden kohokohta oli syyskuun juhla <em>Coya Raymi<\/em> (Coyan\/kuujumalattaren juhla), joka merkitsi kylv\u00f6kauden alkua.<\/p><p>T\u00e4m\u00e4n juhlan yhteydess\u00e4 vietettiin my\u00f6s <em>citua<\/em>-puhdistusriitti\u00e4, jossa inkojen p\u00e4\u00e4kaupungin miessotilaat juoksivat kaduilla soihtuja kantaen, karkottivat kaikki tunnetut sairaudet ja pahat henget, mukaan lukien vahingolliset <a href=\"https:\/\/iwell-guard.com\/fi\/?page_id=144160\">supayt<\/a>, kaupungista ja huuhtoivat ne lopuksi symbolisesti nelj\u00e4\u00e4n ilmansuuntaan.<\/p><p>Kuun vaiheiden t\u00e4htitieteellinen tarkkailu kuului erikoistuneiden pappien (<em>kallpa-rikoq<\/em>) teht\u00e4viin, jotka m\u00e4\u00e4rittiv\u00e4t kuukalenterin Cuscon kivisill\u00e4 t\u00e4htitorneilla (esim. <em>Saqsaywamanilla<\/em>). Brian Bauer on rekonstruoinut n\u00e4iden kuut\u00e4htitornien topografian teoksessaan <em>The Sacred Landscape of the Inca<\/em> (1998).<\/p><p>Inkavaltakunnan vuosittainen juhlakierto liittyi s\u00e4\u00e4nn\u00f6llisesti Mama Killaan: kuukalenteri m\u00e4\u00e4ritti sek\u00e4 kylv\u00f6ajat ett\u00e4 sis\u00e4iset hallintokaudet. Cieza de Le\u00f3n ja Polo de Ondegardo kuvaavat, ett\u00e4 jokaisella kuun vaiheella oli oma teht\u00e4v\u00e4ns\u00e4 valtakunnan arjessa: t\u00e4ysikuu juhlille ja kylv\u00f6lle, uusikuu puhdistusriiteille ja suruaikaan.<\/p><p>T\u00e4m\u00e4 kuuhun perustuva ajanj\u00e4sennys oli monimutkaisessa vastaavuussuhteessa suurten aurinkojuhlien aurinkoperustaiseen ajanj\u00e4sennykseen ja tuotti kaksikerroksisen kalenterij\u00e4rjestelm\u00e4n, jonka t\u00e4ydellinen rekonstruointi on Andien tutkimuksen teht\u00e4v\u00e4n\u00e4 viel\u00e4 nyky\u00e4\u00e4nkin.<\/p>\t\t\t\t\t\t\t\t<\/div>\n\t\t\t\t<\/div>\n\t\t\t\t\t<\/div>\n\t\t\t\t<\/div>\n\t\t<div class=\"elementor-element elementor-element-iwgw-mamakilla-s5 e-flex e-con-boxed e-con e-parent\" data-id=\"iwgw-mamakilla-s5\" data-element_type=\"container\" data-e-type=\"container\">\n\t\t\t\t\t<div class=\"e-con-inner\">\n\t\t\t\t<div class=\"elementor-element elementor-element-iwgw-mamakilla-s5h elementor-widget elementor-widget-heading\" data-id=\"iwgw-mamakilla-s5h\" data-element_type=\"widget\" data-e-type=\"widget\" data-widget_type=\"heading.default\">\n\t\t\t\t\t<h2 class=\"elementor-heading-title elementor-size-default\">Suojeluk\u00e4yt\u00e4nt\u00f6 ja apotropaiset piirteet<\/h2>\t\t\t\t<\/div>\n\t\t<div class=\"elementor-element elementor-element-iwgw-mamakilla-s5c e-con-full e-flex e-con e-child\" data-id=\"iwgw-mamakilla-s5c\" data-element_type=\"container\" data-e-type=\"container\">\n\t\t\t\t<div class=\"elementor-element elementor-element-iwgw-mamakilla-s5t elementor-widget elementor-widget-text-editor\" data-id=\"iwgw-mamakilla-s5t\" data-element_type=\"widget\" data-e-type=\"widget\" data-widget_type=\"text-editor.default\">\n\t\t\t\t\t\t\t\t\t<p>Mama Killaa vedottiin inkakauden k\u00e4yt\u00e4nn\u00f6ss\u00e4 erityisesti synnytysten, naisten sairauksien ja y\u00f6llisten matkojen yhteydess\u00e4. Cobo kertoo <span class=\"iwg-fachbegriff\" data-tooltip=\"Perinteinen, yhteis\u00f6ss\u00e4 s\u00e4\u00e4nn\u00f6llisesti toistettu toimintatapa.\" tabindex=\"0\">tavasta<\/span>, jonka mukaan pitk\u00e4n matkan edellisen\u00e4 y\u00f6n\u00e4 tyynyn alle asetettiin hopearaha (inka-aikana hopealevy) kuunjumalattaren suojelun pyyt\u00e4miseksi.<\/p><p><span class=\"iwg-fachbegriff\" data-tooltip=\"Pahaa torjuva: merkeist\u00e4 ja esineist\u00e4, joiden tarkoitus on pit\u00e4\u00e4 haitalliset vaikutukset loitolla.\" tabindex=\"0\">Apotropeenisina<\/span> painajaisia ja \u00f6isin liikkuviksi uskottuja pahoja henki\u00e4 vastaan, erityisesti \u00f6isin liikkuvina pidettyj\u00e4 <a href=\"https:\/\/iwell-guard.com\/fi\/?page_id=144160\">Supay<\/a>-henki\u00e4 vastaan, pidettiin pieni\u00e4 hopeaamuletteja, joiden muotona oli puolikuun kiekko (<em>tumi<\/em>) tai tyylitelty naishahmo. N\u00e4it\u00e4 asetettiin lasten otsalle nukkumaan ment\u00e4ess\u00e4 tai kiinnitettiin s\u00e4ngyn laitaan.<\/p><p>Nykyisiss\u00e4 ket\u0161uankielisiss\u00e4 kyliss\u00e4 t\u00e4m\u00e4 tapa on suurelta osin siirtynyt katolisen Marian palvontaan. Maria-mitalit, joita monet andien mestitsit kantavat, ovat toiminnallisesti korvanneet Mama Killan hopeaamuletit. Uskontoetnologinen tutkimus, erityisesti Olivia Harrisin ja Marisol de la Cadenan ty\u00f6t, on kuvannut perusteellisesti t\u00e4t\u00e4 toiminnallista jatkuvuutta, joka on tapahtunut samalla teologisen mullistuksen keskell\u00e4.<\/p><p>Eritt\u00e4in erikoinen suojausk\u00e4yt\u00e4nt\u00f6 on kuunhopean k\u00e4ytt\u00f6 kuunpimennyksi\u00e4 vastaan: ennustetun kuunpimennyksen p\u00e4ivin\u00e4 \u00e4idit, joilla oli pieni\u00e4 lapsia, k\u00e4yttiv\u00e4t hopeisia otsanauhoja est\u00e4\u00e4kseen sit\u00e4, ett\u00e4 hy\u00f6kk\u00e4\u00e4v\u00e4 el\u00e4in p\u00e4\u00e4sisi heikentyneen Mama Killan kautta el\u00e4vien maailmaan.<\/p><p>Cobo ja Albornoz kuvaavat t\u00e4t\u00e4 k\u00e4yt\u00e4nt\u00f6\u00e4 yhtenev\u00e4sti, ja se osoittaa, miten t\u00e4htitieteellinen tapahtuma tulkittiin kosmologisesti ja kytkettiin konkreettisiin apotropeenisiin toimiin.<\/p>\t\t\t\t\t\t\t\t<\/div>\n\t\t\t\t<\/div>\n\t\t\t\t\t<\/div>\n\t\t\t\t<\/div>\n\t\t<div class=\"elementor-element elementor-element-iwgw-mamakilla-s6 e-flex e-con-boxed e-con e-parent\" data-id=\"iwgw-mamakilla-s6\" data-element_type=\"container\" data-e-type=\"container\">\n\t\t\t\t\t<div class=\"e-con-inner\">\n\t\t\t\t<div class=\"elementor-element elementor-element-iwgw-mamakilla-s6h elementor-widget elementor-widget-heading\" data-id=\"iwgw-mamakilla-s6h\" data-element_type=\"widget\" data-e-type=\"widget\" data-widget_type=\"heading.default\">\n\t\t\t\t\t<h2 class=\"elementor-heading-title elementor-size-default\">Rinnakkaisilmi\u00f6t muissa kulttuureissa<\/h2>\t\t\t\t<\/div>\n\t\t<div class=\"elementor-element elementor-element-iwgw-mamakilla-s6c e-con-full e-flex e-con e-child\" data-id=\"iwgw-mamakilla-s6c\" data-element_type=\"container\" data-e-type=\"container\">\n\t\t\t\t<div class=\"elementor-element elementor-element-iwgw-mamakilla-s6t elementor-widget elementor-widget-text-editor\" data-id=\"iwgw-mamakilla-s6t\" data-element_type=\"widget\" data-e-type=\"widget\" data-widget_type=\"text-editor.default\">\n\t\t\t\t\t\t\t\t\t<p>Mama Killa asettuu maailmanlaajuiseen naispuolisten kuunjumalattarien kaavaan. Rakenteellisesti vertailukelpoisia ovat kreikkalainen <em>Artemis-Selene<\/em>, roomalainen <em>Diana-Luna<\/em>, egyptil\u00e4inen <em>Isis<\/em> lunaarisessa hahmossaan, mesopotamialainen <em>Nanna-Sin<\/em>-suhde ja hindulainen <em>Chandra<\/em>-hahmo (joka on kuitenkin k\u00e4sitetty miespuoliseksi).<\/p><p>Amerikan sis\u00e4ll\u00e4 Mama Killalla on yht\u00e4l\u00e4isyyksi\u00e4 atsteekkien kuunjumalatar <em>Coyolxauhquin<\/em> kanssa, jonka h\u00e4nen veljens\u00e4 murskaa atsteekkien p\u00e4\u00e4myytiss\u00e4 Huitzilopochtlin auringonsyntym\u00e4st\u00e4. Aurinko-kuu-vastakkainasettelun aggressiivinen dynamiikka on atsteekkien <span class=\"iwg-fachbegriff\" data-tooltip=\"Perinteinen kertomus jumalista, alkuper\u00e4st\u00e4 ja maailman j\u00e4rjestyksest\u00e4.\" tabindex=\"0\">myytiss\u00e4<\/span> jyrkempi kuin inkojen myytiss\u00e4, jossa sisar-puoliso-suhde esitet\u00e4\u00e4n sopusointuisempana.<\/p><p>Huomionarvoinen on my\u00f6s vertailu Pohjois-Amerikan navajojen <a href=\"https:\/\/iwell-guard.com\/fi\/?page_id=144172\">Changing Womaniin<\/a>, joka yhdist\u00e4\u00e4 el\u00e4m\u00e4nkierron, naisen kypsymisen ja kalenteriaikaisen ajan samaan hahmoon, tosin ilman erityist\u00e4 lunaarista ulottuvuutta. Eliade on kuvannut kuu-nainen-kaavaa systemaattisesti teoksessaan <em>Patterns in Comparative Religion<\/em> (1958).<\/p><p>Inka-aikaisessa vertailuperspektiiviss\u00e4 merkitt\u00e4vi\u00e4 ovat my\u00f6s aymaroiden versio <em>Phaxsi Mama<\/em> ja Quiton alueen cara-uskonnon pohjois-andinen versio. J\u00e4lkimm\u00e4isess\u00e4 tunnettiin kuunjumalatar <em>Quilla<\/em>, jonka <span class=\"iwg-fachbegriff\" data-tooltip=\"Rakennus, joka on omistettu yhden tai useamman jumaluuden palvontaan.\" tabindex=\"0\">temppeli\u00e4<\/span> espanjalainen kronikoitsija Padre Velasco kuvaa; viitteit\u00e4 esi-inkalaisesta kuu-<span class=\"iwg-fachbegriff\" data-tooltip=\"Tieteellinen oppi Jumalasta ja uskonnon uskosta.\" tabindex=\"0\">teologiasta<\/span> Tawantinsuyun pohjoisosissa on siis olemassa.<\/p><p>Frank Salomon on kuvannut teoksessaan <em>Native Lords of Quito<\/em> (1986) t\u00e4t\u00e4 pohjois-andista kuunkulttia systemaattisesti ja erottanut sen inkavaltion <span class=\"iwg-fachbegriff\" data-tooltip=\"Tieteellinen oppi Jumalasta ja uskonnon uskosta.\" tabindex=\"0\">teologiasta<\/span>.<\/p>\t\t\t\t\t\t\t\t<\/div>\n\t\t\t\t<\/div>\n\t\t\t\t\t<\/div>\n\t\t\t\t<\/div>\n\t\t<div class=\"elementor-element elementor-element-iwgw-mamakilla-s7 e-flex e-con-boxed e-con e-parent\" data-id=\"iwgw-mamakilla-s7\" data-element_type=\"container\" data-e-type=\"container\">\n\t\t\t\t\t<div class=\"e-con-inner\">\n\t\t\t\t<div class=\"elementor-element elementor-element-iwgw-mamakilla-s7h elementor-widget elementor-widget-heading\" data-id=\"iwgw-mamakilla-s7h\" data-element_type=\"widget\" data-e-type=\"widget\" data-widget_type=\"heading.default\">\n\t\t\t\t\t<h2 class=\"elementor-heading-title elementor-size-default\">Nykyinen tulkinta ja tutkimus<\/h2>\t\t\t\t<\/div>\n\t\t<div class=\"elementor-element elementor-element-iwgw-mamakilla-s7c e-con-full e-flex e-con e-child\" data-id=\"iwgw-mamakilla-s7c\" data-element_type=\"container\" data-e-type=\"container\">\n\t\t\t\t<div class=\"elementor-element elementor-element-iwgw-mamakilla-s7t elementor-widget elementor-widget-text-editor\" data-id=\"iwgw-mamakilla-s7t\" data-element_type=\"widget\" data-e-type=\"widget\" data-widget_type=\"text-editor.default\">\n\t\t\t\t\t\t\t\t\t<p>Nykyisell\u00e4 Andien alueella Mama Killa ei ole en\u00e4\u00e4 itsen\u00e4inen kulttikohde, mutta h\u00e4n el\u00e4\u00e4 uudelleen <span class=\"iwg-fachbegriff\" data-tooltip=\"Perinteinen kansankulttuuri tapoineen, kertomuksineen ja lauluineen.\" tabindex=\"0\">kansanperinteess\u00e4<\/span>, juhlissa ja kasvavassa alkuper\u00e4iskansojen kulttuuriliikkeess\u00e4. Uudelleen rakennetussa <em>Coya Raymi<\/em>-juhlassa (elvytetty 1990-luvulta l\u00e4htien joissakin Cuscon alueen kyliss\u00e4) h\u00e4nt\u00e4 vedotaan naiseuden ja kylv\u00f6ajan suojelijana.<\/p><p>Akateemisessa tutkimuksessa etualalla on nyky\u00e4\u00e4n v\u00e4hemm\u00e4n institutionaalinen kuu-<span class=\"iwg-fachbegriff\" data-tooltip=\"Tieteellinen oppi Jumalasta ja uskonnon uskosta.\" tabindex=\"0\">teologia<\/span> kuin arkeoastronominen kysymys inkojen kuukalenterista.<\/p><p>Tom Zuidema esitti teoksessaan <em>The Calendar of the Incas<\/em> (2010, postuumisti) v\u00e4itteen, ett\u00e4 inkat k\u00e4yttiv\u00e4t 328 p\u00e4iv\u00e4n kuuvuotta, joka vastasi ceque-j\u00e4rjestelm\u00e4n 328 huaca-pyh\u00e4kk\u00f6\u00e4. T\u00e4m\u00e4 v\u00e4ite on kiistanalainen; Brian Bauer ja Gary Urton ovat osittain suhteuttaneet sit\u00e4.<\/p><p>Uskontotieteellisest\u00e4 n\u00e4k\u00f6kulmasta Mama Killa on edelleen t\u00e4rke\u00e4 esimerkki institutionaalisesta naisjumaluudesta miesvaltaisen korkeakulttuurin sis\u00e4ll\u00e4. H\u00e4nen asemansa osoittaa, ett\u00e4 inkavaltio ei tuntenut puhdasta patriarkaalista <span class=\"iwg-fachbegriff\" data-tooltip=\"Tieteellinen oppi Jumalasta ja uskonnon uskosta.\" tabindex=\"0\">teologiaa<\/span>, vaan kehitti t\u00e4ydent\u00e4vi\u00e4 sukupuolirakenteita, jotka ilmeniv\u00e4t poliittisesti Coya-Inka-kaksoishallitsijoissa ja teologisesti Inti-Killa-sisarpuolisoiden suhteessa.<\/p><p>Bolivian ja Perun nykyisess\u00e4 Pachakuti Mama -liikkeess\u00e4 Mama Killa esiintyy my\u00f6s alkuper\u00e4iskansojen feministien identifikaatiohahmona. Kirjoittajat, kuten Domitila Barrios de Chungara ja my\u00f6hemmin Silvia Rivera Cusicanqui, ovat tehneet andisen uskontoj\u00e4rjestelm\u00e4n naispuolisen t\u00e4ydent\u00e4vyyden uudelleenl\u00f6yt\u00e4misen sosiologisen tutkimuksen kohteeksi.<\/p><p>Mama Killan hahmo ei t\u00e4ss\u00e4 toimi historiallisen kulttikohteen ennallistamisena, vaan symbolisena viitepisteen\u00e4 omalle alkuper\u00e4iskansojen sukupuolij\u00e4rjestykselle eurosentrisen patriarkaatti-kritiikin ulkopuolella.<\/p>\t\t\t\t\t\t\t\t<\/div>\n\t\t\t\t<\/div>\n\t\t\t\t\t<\/div>\n\t\t\t\t<\/div>\n\t\t<div class=\"elementor-element elementor-element-iwgw-mamakilla-s8 e-flex e-con-boxed e-con e-parent\" data-id=\"iwgw-mamakilla-s8\" data-element_type=\"container\" data-e-type=\"container\">\n\t\t\t\t\t<div class=\"e-con-inner\">\n\t\t\t\t<div class=\"elementor-element elementor-element-iwgw-mamakilla-s8h elementor-widget elementor-widget-heading\" data-id=\"iwgw-mamakilla-s8h\" data-element_type=\"widget\" data-e-type=\"widget\" data-widget_type=\"heading.default\">\n\t\t\t\t\t<h2 class=\"elementor-heading-title elementor-size-default\">Kirjallisuus ja l\u00e4hteet<\/h2>\t\t\t\t<\/div>\n\t\t<div class=\"elementor-element elementor-element-iwgw-mamakilla-s8c e-con-full e-flex e-con e-child\" data-id=\"iwgw-mamakilla-s8c\" data-element_type=\"container\" data-e-type=\"container\">\n\t\t\t\t<div class=\"elementor-element elementor-element-iwgw-mamakilla-s8t elementor-widget elementor-widget-text-editor\" data-id=\"iwgw-mamakilla-s8t\" data-element_type=\"widget\" data-e-type=\"widget\" data-widget_type=\"text-editor.default\">\n\t\t\t\t\t\t\t\t\t<p>Seuraava valikoima esittelee keskeisi\u00e4 Andien etnologian ja uskontohistorian teoksia Mama Killasta painottuen arkeoastronomisiin ja naishistoriallisiin tutkimuksiin.<\/p>\t\t\t\t\t\t\t\t<\/div>\n\t\t\t\t<\/div>\n\t\t\t\t\t<\/div>\n\t\t\t\t<\/div>\n\t\t<div class=\"elementor-element elementor-element-cp2d79402e e-flex e-con-boxed e-con e-parent\" data-id=\"cp2d79402e\" data-element_type=\"container\" data-e-type=\"container\">\n\t\t\t\t\t<div class=\"e-con-inner\">\n\t\t\t\t<div class=\"elementor-element elementor-element-cp236ff127 elementor-widget elementor-widget-heading\" data-id=\"cp236ff127\" data-element_type=\"widget\" data-e-type=\"widget\" data-widget_type=\"heading.default\">\n\t\t\t\t\t<h2 class=\"elementor-heading-title elementor-size-default\">Mama Killa kuukalenterissa ja kuunpimennyksen tulkinnassa<\/h2>\t\t\t\t<\/div>\n\t\t<div class=\"elementor-element elementor-element-cp26302e24 e-flex e-con-boxed e-con e-child\" data-id=\"cp26302e24\" data-element_type=\"container\" data-e-type=\"container\">\n\t\t\t\t\t<div class=\"e-con-inner\">\n\t\t\t\t<div class=\"elementor-element elementor-element-cp23bc8ee2 elementor-widget elementor-widget-text-editor\" data-id=\"cp23bc8ee2\" data-element_type=\"widget\" data-e-type=\"widget\" data-widget_type=\"text-editor.default\">\n\t\t\t\t\t\t\t\t\t<p>Mama Killa, inkojen kuunjumalatar, liittyi l\u00e4heisesti valtakunnan ajanlaskuun. Aurinkojumala <em>Inti<\/em> j\u00e4sensi vuodenkierron sek\u00e4 suuret kylv\u00f6- ja sadonkorjuujuhlat, kun taas kuu s\u00e4\u00e4nteli lyhyemp\u00e4\u00e4 sykli\u00e4, jonka mukaan uskonnolliset juhlat ja todenn\u00e4k\u00f6isesti osa maatalouskalenteria m\u00e4\u00e4r\u00e4ytyiv\u00e4t.<\/p><p>Espanjalaiset kronikoitsijat, kuten Bernab\u00e9 Cobo, kertovat, ett\u00e4 useat Cuscon juhlakalenterin juhlat laskettiin kuun mukaan, vaikka inkojen kalenterin tarkka toimintatapa on t\u00e4h\u00e4n p\u00e4iv\u00e4\u00e4n asti kiistanalainen.<\/p><p>Erityisen valaisevia ovat kertomukset kuunpimennyksen tulkinnasta. Kronikoitsijat kertovat, ett\u00e4 inkat k\u00e4sittiv\u00e4t kuun pimenemisen pedon, usein mainitaan puuma tai k\u00e4\u00e4rme, hy\u00f6kk\u00e4yksen\u00e4 Mama Killaa vastaan.<\/p><p>Jumalatarta pelastaakseen ihmiset pitiv\u00e4t kovaa melua: he lyiv\u00e4t astioita, huusivat ja panivat koiria haukkumaan, jotta hy\u00f6kk\u00e4\u00e4v\u00e4 el\u00e4in karkotettaisiin. T\u00e4m\u00e4 k\u00e4yt\u00e4nt\u00f6 ei ole yksinomaan inkalainen, vaan se on todistettu monissa kulttuureissa, mutta sen todistaminen Andeilla osoittaa, ett\u00e4 kuuta pidettiin haavoittuvaisena, huolenpitoa tarvitsevana olentona.<\/p><p>L\u00e4hdekriittisesti on huomautettava, ett\u00e4 kronikoitsijat kuvasivat n\u00e4it\u00e4 rituaaleja usein toisen k\u00e4den tietona ja tarkoituksenaan esitt\u00e4\u00e4 andien uskonto taikauskona. Silti eri kertomukset ovat p\u00e4\u00e4piirteiss\u00e4\u00e4n yhtenev\u00e4isi\u00e4, mik\u00e4 tekee tapahtuman uskottavaksi.<\/p><p>Pelko Mama Killan puolesta pimennyksen aikana osoittaa h\u00e4nen asemansa luotettavan ajankulun takaajana, jonka v\u00e4liaikainen katoaminen koettiin kosmisena uhkana. Aurinkopuolen osalta t\u00e4st\u00e4 jumalaparista katso artikkeli <a href=\"https:\/\/iwell-guard.com\/fi\/?page_id=144154\">Intist\u00e4<\/a>.<\/p>\t\t\t\t\t\t\t\t<\/div>\n\t\t\t\t\t<\/div>\n\t\t\t\t<\/div>\n\t\t\t\t\t<\/div>\n\t\t\t\t<\/div>\n\t\t<div class=\"elementor-element elementor-element-cp260f00e7 e-flex e-con-boxed e-con e-parent\" data-id=\"cp260f00e7\" data-element_type=\"container\" data-e-type=\"container\">\n\t\t\t\t\t<div class=\"e-con-inner\">\n\t\t\t\t<div class=\"elementor-element elementor-element-cp2d717866 elementor-widget elementor-widget-heading\" data-id=\"cp2d717866\" data-element_type=\"widget\" data-e-type=\"widget\" data-widget_type=\"heading.default\">\n\t\t\t\t\t<h2 class=\"elementor-heading-title elementor-size-default\">Kuutemppeli Coricanchassa ja hopeikonografia<\/h2>\t\t\t\t<\/div>\n\t\t<div class=\"elementor-element elementor-element-cp25918dee e-flex e-con-boxed e-con e-child\" data-id=\"cp25918dee\" data-element_type=\"container\" data-e-type=\"container\">\n\t\t\t\t\t<div class=\"e-con-inner\">\n\t\t\t\t<div class=\"elementor-element elementor-element-cp2a3e6774 elementor-widget elementor-widget-text-editor\" data-id=\"cp2a3e6774\" data-element_type=\"widget\" data-e-type=\"widget\" data-widget_type=\"text-editor.default\">\n\t\t\t\t\t\t\t\t\t<p>Coricanchassa, Cuscon keskeisess\u00e4 <span class=\"iwg-fachbegriff\" data-tooltip=\"Jumaluuden palvonnalle omistettu pyh\u00e4 paikka.\" tabindex=\"0\">pyh\u00e4k\u00f6ss\u00e4<\/span>, oli Mama Killalla yhtenevien kronikoitsijoiden kertomusten mukaan omat tilansa. Siin\u00e4 miss\u00e4 <em>Intin<\/em> temppeliosa oli varustettu kullalla, metallilla, joka yhdistettiin aurinkoon, l\u00e4hteet kertovat, ett\u00e4 kuunosa oli verhoiltu hopealla.<\/p><p>Garcilaso de la Vega, itse inkalaisen \u00e4idin poika, kuvaa hopeista levy\u00e4 tai Mama Killan kuvaa ja korostaa sukupuolisymboliikkaa: kulta ja aurinko miehisin\u00e4, hopea ja kuu naisellisina.<\/p><p>N\u00e4it\u00e4 kertomuksia on luettava varauksella. Garcilaso kirjoitti teoksensa <em>Comentarios Reales<\/em> vuosikymmeni\u00e4 valloituksen j\u00e4lkeen Espanjassa, muistin varassa ja halulla esitt\u00e4\u00e4 inkojen menneisyys arvokkaassa valossa.<\/p><p>Espanjalaiset purkivat Coricanchan itsens\u00e4 suurelta osin; sen muurien p\u00e4\u00e4ll\u00e4 sijaitsee nyky\u00e4\u00e4n Santo Domingon luostari. Arkeologisesti hopeaverhoilua ei siksi voida en\u00e4\u00e4 todentaa, mutta valloittajien jalometallien ry\u00f6st\u00f6 on hyvin todistettu, mik\u00e4 tekee kertomuksesta uskottavan.<\/p><p>Kronikoitsijoiden mukaan t\u00e4ss\u00e4 kuuosassa s\u00e4ilytettiin ja palvottiin my\u00f6s kuolleiden <em>coyien<\/em>, inkojen kuningattarien, muumioituneita ruumiita. Mama Killa oli siten kosminen jumalatar mutta my\u00f6s osa naispuolisen hallitsijalinjan esivanhempien palvontaa.<\/p><p>Kuun, hopean, naisellisuuden ja kuninkaallisen esivanhempien linjan yhteys osoittaa, ett\u00e4 Mama Killalla oli inkojen uskontoj\u00e4rjestelm\u00e4ss\u00e4 selv\u00e4sti rajattu ala, joka oli aurinkojumalan alaan t\u00e4ydent\u00e4v\u00e4, ei t\u00e4lle alisteinen t\u00e4ydellisen riippuvuuden mieless\u00e4.<\/p>\t\t\t\t\t\t\t\t<\/div>\n\t\t\t\t\t<\/div>\n\t\t\t\t<\/div>\n\t\t\t\t\t<\/div>\n\t\t\t\t<\/div>\n\t\t<div class=\"elementor-element elementor-element-iwgw-mamakilla-lit e-flex e-con-boxed e-con e-parent\" data-id=\"iwgw-mamakilla-lit\" data-element_type=\"container\" data-e-type=\"container\">\n\t\t\t\t\t<div class=\"e-con-inner\">\n\t\t\t\t<div class=\"elementor-element elementor-element-iwgw-mamakilla-lith elementor-widget elementor-widget-heading\" data-id=\"iwgw-mamakilla-lith\" data-element_type=\"widget\" data-e-type=\"widget\" data-widget_type=\"heading.default\">\n\t\t\t\t\t<h2 class=\"elementor-heading-title elementor-size-default\">Kirjallisuus (valikoima)<\/h2>\t\t\t\t<\/div>\n\t\t<div class=\"elementor-element elementor-element-iwgw-mamakilla-litc e-con-full e-flex e-con e-child\" data-id=\"iwgw-mamakilla-litc\" data-element_type=\"container\" data-e-type=\"container\">\n\t\t\t\t<div class=\"elementor-element elementor-element-iwgw-mamakilla-litt elementor-widget elementor-widget-text-editor\" data-id=\"iwgw-mamakilla-litt\" data-element_type=\"widget\" data-e-type=\"widget\" data-widget_type=\"text-editor.default\">\n\t\t\t\t\t\t\t\t\t<ul><li>Garcilaso de la Vega: <em>Comentarios Reales de los Incas<\/em> (1609)<\/li><li>Bernabe Cobo: <em>Historia del Nuevo Mundo<\/em> (1653)<\/li><li>Tom Zuidema: <em>The Calendar of the Incas<\/em> (2010)<\/li><li>Brian Bauer: <em>The Sacred Landscape of the Inca<\/em> (1998)<\/li><li>Felipe Guaman Poma de Ayala: <em>Nueva Coronica y Buen Gobierno<\/em> (1615)<\/li><li>Catherine Allen: <em>The Hold Life Has<\/em> (2002)<\/li><li>Sabine MacCormack: <em>Religion in the Andes<\/em> (1991)<\/li><\/ul>\t\t\t\t\t\t\t\t<\/div>\n\t\t\t\t<\/div>\n\t\t\t\t\t<\/div>\n\t\t\t\t<\/div>\n\t\t<div class=\"elementor-element elementor-element-iwgw-mamakilla-kwd e-flex e-con-boxed e-con e-parent\" data-id=\"iwgw-mamakilla-kwd\" data-element_type=\"container\" data-e-type=\"container\">\n\t\t\t\t\t<div class=\"e-con-inner\">\n\t\t<div class=\"elementor-element elementor-element-iwgw-mamakilla-kwdc e-con-full e-flex e-con e-child\" data-id=\"iwgw-mamakilla-kwdc\" data-element_type=\"container\" data-e-type=\"container\">\n\t\t\t\t<div class=\"elementor-element elementor-element-iwgw-mamakilla-kwdt elementor-widget elementor-widget-text-editor\" data-id=\"iwgw-mamakilla-kwdt\" data-element_type=\"widget\" data-e-type=\"widget\" data-widget_type=\"text-editor.default\">\n\t\t\t\t\t\t\t\t\t<p><em>Aiheeseen liittyv\u00e4t avainsanat: Mama Killa Quilla Killakancha Coya Raymi Quikuchikuy Citua kuunpimennys.<\/em><\/p>\t\t\t\t\t\t\t\t<\/div>\n\t\t\t\t<\/div>\n\t\t\t\t\t<\/div>\n\t\t\t\t<\/div>\n\t\t<div class=\"elementor-element elementor-element-iwgw-mamakilla-cc e-flex e-con-boxed e-con e-parent\" data-id=\"iwgw-mamakilla-cc\" data-element_type=\"container\" data-e-type=\"container\" id=\"iwg-cc-mama-killa\">\n\t\t\t\t\t<div class=\"e-con-inner\">\n\t\t<div class=\"elementor-element elementor-element-iwgw-mamakilla-ccinner e-flex e-con-boxed e-con e-parent\" data-id=\"iwgw-mamakilla-ccinner\" data-element_type=\"container\" data-e-type=\"container\" data-settings=\"{&quot;background_background&quot;:&quot;classic&quot;}\">\n\t\t\t\t\t<div class=\"e-con-inner\">\n\t\t\t\t<div class=\"elementor-element elementor-element-iwgw-mamakilla-cch elementor-widget elementor-widget-heading\" data-id=\"iwgw-mamakilla-cch\" data-element_type=\"widget\" data-e-type=\"widget\" data-widget_type=\"heading.default\">\n\t\t\t\t\t<h2 class=\"elementor-heading-title elementor-size-default\">iWell Guard ja suojelutraditiot<\/h2>\t\t\t\t<\/div>\n\t\t\t\t<div class=\"elementor-element elementor-element-iwgw-mamakilla-cct elementor-widget elementor-widget-text-editor\" data-id=\"iwgw-mamakilla-cct\" data-element_type=\"widget\" data-e-type=\"widget\" data-widget_type=\"text-editor.default\">\n\t\t\t\t\t\t\t\t\t<div data-nosnippet=\"true\"><p>iWell Guard jatkaa kannettavien suojaesineiden kulttuurihistoriallista perinnett\u00e4, kuten <a href=\"https:\/\/iwell-guard.com\/fi\/?page_id=144144\">Andit \/ Inka<\/a> -kulttuurissa ja monissa muissa kulttuureissa ymp\u00e4ri maailmaa. 41 tasoa, aitoa kultaa, platinaa, hopeaa, valmistettu Saksassa. 30 p\u00e4iv\u00e4n palautusoikeus.<\/p><\/div>\t\t\t\t\t\t\t\t<\/div>\n\t\t\t\t<div class=\"elementor-element elementor-element-iwgw-mamakilla-ccb iwg-cc-button iwg-cc-cta-2026-05-13 elementor-widget elementor-widget-jet-button\" data-id=\"iwgw-mamakilla-ccb\" data-element_type=\"widget\" data-e-type=\"widget\" data-widget_type=\"jet-button.default\">\n\t\t\t\t<div class=\"elementor-widget-container\">\n\t\t\t\t\t<div class=\"elementor-jet-button jet-elements\"><div class=\"jet-button__container\"><a class=\"jet-button__instance jet-button__instance--icon-left hover-effect-1\" href=\"\/ueber-iwell-guard\/?utm_source=iwell-guard.com&amp;utm_medium=info-box&amp;utm_campaign=wesen-tradition\"><div class=\"jet-button__plane jet-button__plane-normal\"><\/div><div class=\"jet-button__plane jet-button__plane-hover\"><\/div><div class=\"jet-button__state jet-button__state-normal\"><span class=\"jet-button__label\">Lis\u00e4\u00e4 iWell Guardista<\/span><\/div><div class=\"jet-button__state jet-button__state-hover\"><span class=\"jet-button__label\">Lis\u00e4\u00e4 iWell Guardista<\/span><\/div><\/a><\/div><\/div><style>.elementor-element.elementor-element-iwgw-mamakilla-ccb .jet-button__instance{width:320px;height:56px;}.elementor-element.elementor-element-iwgw-mamakilla-ccb .jet-button__state-normal .jet-button__label{text-align:center;margin:0px 0px 0px 0px;color:#1a1b20;font-family:Montserrat,sans-serif;font-size:13px;font-weight:400;letter-spacing:4px;line-height:1.714em;text-transform:uppercase;}.elementor-element.elementor-element-iwgw-mamakilla-ccb .jet-button__state-hover .jet-button__label{text-align:center;margin:0px 0px 0px 0px;color:#FECC76;font-family:Montserrat,sans-serif;font-size:13px;font-weight:400;letter-spacing:4px;line-height:1.714em;text-transform:uppercase;}.elementor-element.elementor-element-iwgw-mamakilla-ccb .jet-button__plane-normal{background-color:#FECC76;border-style:solid;border-color:#C99540;border-width:2px 2px 2px 2px;}.elementor-element.elementor-element-iwgw-mamakilla-ccb .jet-button__plane-hover{background-color:rgba(0,0,0,0.55);border-style:solid;border-color:#FECC76;border-width:2px 2px 2px 2px;}<\/style>\t\t\t\t<\/div>\n\t\t\t\t<\/div>\n\t\t\t\t<div class=\"elementor-element elementor-element-iwgw-mamakilla-ccd elementor-widget elementor-widget-text-editor\" data-id=\"iwgw-mamakilla-ccd\" data-element_type=\"widget\" data-e-type=\"widget\" data-widget_type=\"text-editor.default\">\n\t\t\t\t\t\t\t\t\t<div data-nosnippet=\"true\"><p style=\"text-align:center;font-size:13px;opacity:0.7;margin-top:14px\" data-nosnippet=\"true\">Henkil\u00f6kohtaiset kokemukset voivat vaihdella. Ei l\u00e4\u00e4kinn\u00e4llinen laite. Ei paranemislupausta.<\/p><\/div>\t\t\t\t\t\t\t\t<\/div>\n\t\t\t\t\t<\/div>\n\t\t\t\t<\/div>\n\t\t\t\t\t<\/div>\n\t\t\t\t<\/div>\n\t\t<div class=\"elementor-element elementor-element-iwgw-mamakilla-disc e-flex e-con-boxed e-con e-parent\" data-id=\"iwgw-mamakilla-disc\" data-element_type=\"container\" data-e-type=\"container\">\n\t\t\t\t\t<div class=\"e-con-inner\">\n\t\t\t\t<div class=\"elementor-element elementor-element-iwgw-mamakilla-discw elementor-widget elementor-widget-html\" data-id=\"iwgw-mamakilla-discw\" data-element_type=\"widget\" data-e-type=\"widget\" data-widget_type=\"html.default\">\n\t\t\t\t\t<footer data-nosnippet=\"true\" class=\"iwg-disclaimer-block\"><p data-nosnippet=\"true\">iWell Guard <strong>ei ole l\u00e4\u00e4kinn\u00e4llinen laite<\/strong>, eik\u00e4 se korvaa l\u00e4\u00e4k\u00e4rin tai psykoterapeutin hoitoa. Uskontotieteelliset sis\u00e4ll\u00f6t ovat kulttuurihistoriallista tarkastelua, ei suositus hengelliseen k\u00e4yt\u00e4nt\u00f6\u00f6n.<\/p><\/footer>\t\t\t\t<\/div>\n\t\t\t\t\t<\/div>\n\t\t\t\t<\/div>\n\t\t\t\t<\/div>\n\t\t","protected":false},"excerpt":{"rendered":"","protected":false},"author":3,"featured_media":2680,"parent":0,"menu_order":0,"comment_status":"closed","ping_status":"closed","template":"elementor_header_footer","meta":{"_yoast_wpseo_focuskw":"Mama Killa kuunjumalatar inkat","_yoast_wpseo_title":"Mama Killa \u2013 inkojen kuunjumalatar","_yoast_wpseo_metadesc":"Mama Killa, inkojen kuunjumalatar, on Intin sisar-puoliso sek\u00e4 naisten, kalenterin ja ajan suojelija. Uskontotieteellinen tarkastelu.","_yoast_wpseo_meta-robots-noindex":"","_yoast_wpseo_canonical":"","_angie_page":false,"gefaehrdungsstufe":"","wesen_kultur":"","wesen_klasse":"","footnotes":""},"categories":[],"class_list":["post-144157","page","type-page","status-publish","has-post-thumbnail","hentry"],"yoast_head":"<!-- This site is optimized with the Yoast SEO Premium plugin v27.7 (Yoast SEO v28.3) - https:\/\/yoast.com\/product\/yoast-seo-premium-wordpress\/ -->\n<title>Mama Killa \u2013 inkojen kuunjumalatar<\/title>\n<meta name=\"description\" content=\"Mama Killa, inkojen kuunjumalatar, on Intin sisar-puoliso sek\u00e4 naisten, kalenterin ja ajan suojelija. Uskontotieteellinen tarkastelu.\" \/>\n<meta name=\"robots\" content=\"index, follow, max-snippet:-1, max-image-preview:large, max-video-preview:-1\" \/>\n<link rel=\"canonical\" href=\"https:\/\/iwell-guard.com\/fi\/mama-killa-kuunjumalatar-inkat\/\" \/>\n<meta property=\"og:locale\" content=\"fi_FI\" \/>\n<meta property=\"og:type\" content=\"article\" \/>\n<meta property=\"og:title\" content=\"Mama Killa \u2013 inkojen kuunjumalatar\" \/>\n<meta property=\"og:description\" content=\"Mama Killa, inkojen kuunjumalatar, on Intin sisar-puoliso sek\u00e4 naisten, kalenterin ja ajan suojelija. Uskontotieteellinen tarkastelu.\" \/>\n<meta property=\"og:url\" content=\"https:\/\/iwell-guard.com\/fi\/mama-killa-kuunjumalatar-inkat\/\" \/>\n<meta property=\"og:site_name\" content=\"iWell Guard\" \/>\n<meta property=\"article:modified_time\" content=\"2026-09-03T12:52:18+00:00\" \/>\n<meta property=\"og:image\" content=\"https:\/\/iwell-guard.com\/wp-content\/uploads\/2026\/05\/goetter_anden-inka_mama-killa.webp\" \/>\n\t<meta property=\"og:image:width\" content=\"1024\" \/>\n\t<meta property=\"og:image:height\" content=\"1536\" \/>\n\t<meta property=\"og:image:type\" content=\"image\/webp\" \/>\n<meta name=\"twitter:card\" content=\"summary_large_image\" \/>\n<script type=\"application\/ld+json\" class=\"yoast-schema-graph\">{\"@context\":\"https:\\\/\\\/schema.org\",\"@graph\":[{\"@type\":\"WebPage\",\"@id\":\"https:\\\/\\\/iwell-guard.com\\\/fi\\\/mama-killa-kuunjumalatar-inkat\\\/\",\"url\":\"https:\\\/\\\/iwell-guard.com\\\/fi\\\/mama-killa-kuunjumalatar-inkat\\\/\",\"name\":\"Mama Killa \u2013 inkojen kuunjumalatar\",\"isPartOf\":{\"@id\":\"https:\\\/\\\/iwell-guard.com\\\/fi\\\/#website\"},\"primaryImageOfPage\":{\"@id\":\"https:\\\/\\\/iwell-guard.com\\\/fi\\\/mama-killa-kuunjumalatar-inkat\\\/#primaryimage\"},\"image\":{\"@id\":\"https:\\\/\\\/iwell-guard.com\\\/fi\\\/mama-killa-kuunjumalatar-inkat\\\/#primaryimage\"},\"thumbnailUrl\":\"https:\\\/\\\/iwell-guard.com\\\/wp-content\\\/uploads\\\/2026\\\/05\\\/goetter_anden-inka_mama-killa.webp\",\"datePublished\":\"2026-09-03T12:32:34+00:00\",\"dateModified\":\"2026-09-03T12:52:18+00:00\",\"description\":\"Mama Killa, inkojen kuunjumalatar, on Intin sisar-puoliso sek\u00e4 naisten, kalenterin ja ajan suojelija. Uskontotieteellinen tarkastelu.\",\"breadcrumb\":{\"@id\":\"https:\\\/\\\/iwell-guard.com\\\/fi\\\/mama-killa-kuunjumalatar-inkat\\\/#breadcrumb\"},\"inLanguage\":\"fi\",\"potentialAction\":[{\"@type\":\"ReadAction\",\"target\":[\"https:\\\/\\\/iwell-guard.com\\\/fi\\\/mama-killa-kuunjumalatar-inkat\\\/\"]}]},{\"@type\":\"ImageObject\",\"inLanguage\":\"fi\",\"@id\":\"https:\\\/\\\/iwell-guard.com\\\/fi\\\/mama-killa-kuunjumalatar-inkat\\\/#primaryimage\",\"url\":\"https:\\\/\\\/iwell-guard.com\\\/wp-content\\\/uploads\\\/2026\\\/05\\\/goetter_anden-inka_mama-killa.webp\",\"contentUrl\":\"https:\\\/\\\/iwell-guard.com\\\/wp-content\\\/uploads\\\/2026\\\/05\\\/goetter_anden-inka_mama-killa.webp\",\"width\":1024,\"height\":1536,\"caption\":\"Jumalia Andien-inka-perinteest\u00e4.\"},{\"@type\":\"BreadcrumbList\",\"@id\":\"https:\\\/\\\/iwell-guard.com\\\/fi\\\/mama-killa-kuunjumalatar-inkat\\\/#breadcrumb\",\"itemListElement\":[{\"@type\":\"ListItem\",\"position\":1,\"name\":\"Start\",\"item\":\"https:\\\/\\\/iwell-guard.com\\\/fi\\\/?page_id=143815\"},{\"@type\":\"ListItem\",\"position\":2,\"name\":\"Mama Killa \u2013 inkojen kuunjumalatar\"}]},{\"@type\":\"WebSite\",\"@id\":\"https:\\\/\\\/iwell-guard.com\\\/fi\\\/#website\",\"url\":\"https:\\\/\\\/iwell-guard.com\\\/fi\\\/\",\"name\":\"iWell Guard\",\"description\":\"Schutz vor dunklen Einfl\u00fcssen\",\"publisher\":{\"@id\":\"https:\\\/\\\/iwell-guard.com\\\/fi\\\/#organization\"},\"potentialAction\":[{\"@type\":\"SearchAction\",\"target\":{\"@type\":\"EntryPoint\",\"urlTemplate\":\"https:\\\/\\\/iwell-guard.com\\\/fi\\\/?s={search_term_string}\"},\"query-input\":{\"@type\":\"PropertyValueSpecification\",\"valueRequired\":true,\"valueName\":\"search_term_string\"}}],\"inLanguage\":\"fi\"},{\"@type\":\"Organization\",\"@id\":\"https:\\\/\\\/iwell-guard.com\\\/fi\\\/#organization\",\"name\":\"Ittermann electronic GmbH\",\"url\":\"https:\\\/\\\/iwell-guard.com\\\/fi\\\/\",\"logo\":{\"@type\":\"ImageObject\",\"inLanguage\":\"fi\",\"@id\":\"https:\\\/\\\/iwell-guard.com\\\/fi\\\/#\\\/schema\\\/logo\\\/image\\\/\",\"url\":\"https:\\\/\\\/iwell-guard.com\\\/wp-content\\\/uploads\\\/2026\\\/05\\\/Ittermann-Logo-1182x237-1.png\",\"contentUrl\":\"https:\\\/\\\/iwell-guard.com\\\/wp-content\\\/uploads\\\/2026\\\/05\\\/Ittermann-Logo-1182x237-1.png\",\"width\":1182,\"height\":237,\"caption\":\"Ittermann electronic GmbH\"},\"image\":{\"@id\":\"https:\\\/\\\/iwell-guard.com\\\/fi\\\/#\\\/schema\\\/logo\\\/image\\\/\"},\"sameAs\":[\"https:\\\/\\\/pantip.com\\\/profile\\\/9367242\",\"https:\\\/\\\/micro.blog\\\/iwellguard\",\"https:\\\/\\\/www.diggerslist.com\\\/iwellguard\\\/about\",\"https:\\\/\\\/skitterphoto.com\\\/photographers\\\/2870314\\\/iwell-guard\",\"https:\\\/\\\/iwellguard.wordpress.com\\\/2026\\\/06\\\/06\\\/iwell-guard\\\/\",\"https:\\\/\\\/hub.docker.com\\\/u\\\/iwellguard\",\"https:\\\/\\\/www.pinterest.com\\\/iwellguard\\\/\",\"https:\\\/\\\/bit.ly\\\/m\\\/iwellguard\",\"https:\\\/\\\/entre-vos-mains.alsace.eu\\\/profiles\\\/iwellguard\\\/activity\",\"https:\\\/\\\/gravatar.com\\\/reallybeded8fd34\",\"https:\\\/\\\/naijamatta.com\\\/iwellguard\",\"https:\\\/\\\/www.goodreads.com\\\/iwellguard\",\"https:\\\/\\\/profile.hatena.ne.jp\\\/iwellguard\\\/\",\"https:\\\/\\\/experiment.com\\\/users\\\/iwellguard\",\"https:\\\/\\\/wakelet.com\\\/@iWellGuard82270\",\"https:\\\/\\\/www.chordie.com\\\/forum\\\/profile.php?id=2555664\",\"https:\\\/\\\/www.instapaper.com\\\/p\\\/17757966\",\"https:\\\/\\\/www.mapleprimes.com\\\/users\\\/iwellguard\",\"https:\\\/\\\/businesslistingplus.com\\\/profile\\\/iwell-guard\\\/\",\"https:\\\/\\\/telegra.ph\\\/iWell-Guard-06-06\",\"https:\\\/\\\/pbase.com\\\/iwellguard\\\/iwellguard\",\"https:\\\/\\\/b.hatena.ne.jp\\\/iwellguard\\\/20260607#bookmark-4788405196491818882\",\"https:\\\/\\\/fliphtml5.com\\\/home\\\/iwellguard\",\"https:\\\/\\\/anyflip.com\\\/homepage\\\/cmiwl#About\",\"https:\\\/\\\/transfur.com\\\/Users\\\/iwellguard\",\"http:\\\/\\\/delphi.larsbo.org\\\/user\\\/iwellguard\",\"https:\\\/\\\/jobs.lajobsportal.org\\\/profiles\\\/8380803-iwell-guard\",\"https:\\\/\\\/md.chaosdorf.de\\\/s\\\/jfbe5SBdJD\",\"https:\\\/\\\/www.lingvolive.com\\\/en-us\\\/profile\\\/9ecaeaca-ce11-4e51-9e71-01d55e2bff36\\\/translations\",\"https:\\\/\\\/www.fitday.com\\\/fitness\\\/forums\\\/members\\\/iwellguard.html\",\"https:\\\/\\\/www.mymeetbook.com\\\/iwellguard\",\"https:\\\/\\\/pxhere.com\\\/en\\\/photographer-me\\\/5040798\",\"https:\\\/\\\/disqus.com\\\/by\\\/iwellguard\\\/about\\\/\",\"https:\\\/\\\/pastelink.net\\\/hjwciqwq\",\"https:\\\/\\\/pubhtml5.com\\\/homepage\\\/scjhn\\\/\",\"https:\\\/\\\/www.bitchute.com\\\/channel\\\/2O2eOKzNqujT\",\"https:\\\/\\\/audiomack.com\\\/iwellguard\"]}]}<\/script>\n<!-- \/ Yoast SEO Premium plugin. -->","yoast_head_json":{"title":"Mama Killa \u2013 inkojen kuunjumalatar","description":"Mama Killa, inkojen kuunjumalatar, on Intin sisar-puoliso sek\u00e4 naisten, kalenterin ja ajan suojelija. Uskontotieteellinen tarkastelu.","robots":{"index":"index","follow":"follow","max-snippet":"max-snippet:-1","max-image-preview":"max-image-preview:large","max-video-preview":"max-video-preview:-1"},"canonical":"https:\/\/iwell-guard.com\/fi\/mama-killa-kuunjumalatar-inkat\/","og_locale":"fi_FI","og_type":"article","og_title":"Mama Killa \u2013 inkojen kuunjumalatar","og_description":"Mama Killa, inkojen kuunjumalatar, on Intin sisar-puoliso sek\u00e4 naisten, kalenterin ja ajan suojelija. Uskontotieteellinen tarkastelu.","og_url":"https:\/\/iwell-guard.com\/fi\/mama-killa-kuunjumalatar-inkat\/","og_site_name":"iWell Guard","article_modified_time":"2026-09-03T12:52:18+00:00","og_image":[{"width":1024,"height":1536,"url":"https:\/\/iwell-guard.com\/wp-content\/uploads\/2026\/05\/goetter_anden-inka_mama-killa.webp","type":"image\/webp"}],"twitter_card":"summary_large_image","schema":{"@context":"https:\/\/schema.org","@graph":[{"@type":"WebPage","@id":"https:\/\/iwell-guard.com\/fi\/mama-killa-kuunjumalatar-inkat\/","url":"https:\/\/iwell-guard.com\/fi\/mama-killa-kuunjumalatar-inkat\/","name":"Mama Killa \u2013 inkojen kuunjumalatar","isPartOf":{"@id":"https:\/\/iwell-guard.com\/fi\/#website"},"primaryImageOfPage":{"@id":"https:\/\/iwell-guard.com\/fi\/mama-killa-kuunjumalatar-inkat\/#primaryimage"},"image":{"@id":"https:\/\/iwell-guard.com\/fi\/mama-killa-kuunjumalatar-inkat\/#primaryimage"},"thumbnailUrl":"https:\/\/iwell-guard.com\/wp-content\/uploads\/2026\/05\/goetter_anden-inka_mama-killa.webp","datePublished":"2026-09-03T12:32:34+00:00","dateModified":"2026-09-03T12:52:18+00:00","description":"Mama Killa, inkojen kuunjumalatar, on Intin sisar-puoliso sek\u00e4 naisten, kalenterin ja ajan suojelija. Uskontotieteellinen tarkastelu.","breadcrumb":{"@id":"https:\/\/iwell-guard.com\/fi\/mama-killa-kuunjumalatar-inkat\/#breadcrumb"},"inLanguage":"fi","potentialAction":[{"@type":"ReadAction","target":["https:\/\/iwell-guard.com\/fi\/mama-killa-kuunjumalatar-inkat\/"]}]},{"@type":"ImageObject","inLanguage":"fi","@id":"https:\/\/iwell-guard.com\/fi\/mama-killa-kuunjumalatar-inkat\/#primaryimage","url":"https:\/\/iwell-guard.com\/wp-content\/uploads\/2026\/05\/goetter_anden-inka_mama-killa.webp","contentUrl":"https:\/\/iwell-guard.com\/wp-content\/uploads\/2026\/05\/goetter_anden-inka_mama-killa.webp","width":1024,"height":1536,"caption":"Jumalia Andien-inka-perinteest\u00e4."},{"@type":"BreadcrumbList","@id":"https:\/\/iwell-guard.com\/fi\/mama-killa-kuunjumalatar-inkat\/#breadcrumb","itemListElement":[{"@type":"ListItem","position":1,"name":"Start","item":"https:\/\/iwell-guard.com\/fi\/?page_id=143815"},{"@type":"ListItem","position":2,"name":"Mama Killa \u2013 inkojen kuunjumalatar"}]},{"@type":"WebSite","@id":"https:\/\/iwell-guard.com\/fi\/#website","url":"https:\/\/iwell-guard.com\/fi\/","name":"iWell Guard","description":"Schutz vor dunklen Einfl\u00fcssen","publisher":{"@id":"https:\/\/iwell-guard.com\/fi\/#organization"},"potentialAction":[{"@type":"SearchAction","target":{"@type":"EntryPoint","urlTemplate":"https:\/\/iwell-guard.com\/fi\/?s={search_term_string}"},"query-input":{"@type":"PropertyValueSpecification","valueRequired":true,"valueName":"search_term_string"}}],"inLanguage":"fi"},{"@type":"Organization","@id":"https:\/\/iwell-guard.com\/fi\/#organization","name":"Ittermann electronic GmbH","url":"https:\/\/iwell-guard.com\/fi\/","logo":{"@type":"ImageObject","inLanguage":"fi","@id":"https:\/\/iwell-guard.com\/fi\/#\/schema\/logo\/image\/","url":"https:\/\/iwell-guard.com\/wp-content\/uploads\/2026\/05\/Ittermann-Logo-1182x237-1.png","contentUrl":"https:\/\/iwell-guard.com\/wp-content\/uploads\/2026\/05\/Ittermann-Logo-1182x237-1.png","width":1182,"height":237,"caption":"Ittermann electronic GmbH"},"image":{"@id":"https:\/\/iwell-guard.com\/fi\/#\/schema\/logo\/image\/"},"sameAs":["https:\/\/pantip.com\/profile\/9367242","https:\/\/micro.blog\/iwellguard","https:\/\/www.diggerslist.com\/iwellguard\/about","https:\/\/skitterphoto.com\/photographers\/2870314\/iwell-guard","https:\/\/iwellguard.wordpress.com\/2026\/06\/06\/iwell-guard\/","https:\/\/hub.docker.com\/u\/iwellguard","https:\/\/www.pinterest.com\/iwellguard\/","https:\/\/bit.ly\/m\/iwellguard","https:\/\/entre-vos-mains.alsace.eu\/profiles\/iwellguard\/activity","https:\/\/gravatar.com\/reallybeded8fd34","https:\/\/naijamatta.com\/iwellguard","https:\/\/www.goodreads.com\/iwellguard","https:\/\/profile.hatena.ne.jp\/iwellguard\/","https:\/\/experiment.com\/users\/iwellguard","https:\/\/wakelet.com\/@iWellGuard82270","https:\/\/www.chordie.com\/forum\/profile.php?id=2555664","https:\/\/www.instapaper.com\/p\/17757966","https:\/\/www.mapleprimes.com\/users\/iwellguard","https:\/\/businesslistingplus.com\/profile\/iwell-guard\/","https:\/\/telegra.ph\/iWell-Guard-06-06","https:\/\/pbase.com\/iwellguard\/iwellguard","https:\/\/b.hatena.ne.jp\/iwellguard\/20260607#bookmark-4788405196491818882","https:\/\/fliphtml5.com\/home\/iwellguard","https:\/\/anyflip.com\/homepage\/cmiwl#About","https:\/\/transfur.com\/Users\/iwellguard","http:\/\/delphi.larsbo.org\/user\/iwellguard","https:\/\/jobs.lajobsportal.org\/profiles\/8380803-iwell-guard","https:\/\/md.chaosdorf.de\/s\/jfbe5SBdJD","https:\/\/www.lingvolive.com\/en-us\/profile\/9ecaeaca-ce11-4e51-9e71-01d55e2bff36\/translations","https:\/\/www.fitday.com\/fitness\/forums\/members\/iwellguard.html","https:\/\/www.mymeetbook.com\/iwellguard","https:\/\/pxhere.com\/en\/photographer-me\/5040798","https:\/\/disqus.com\/by\/iwellguard\/about\/","https:\/\/pastelink.net\/hjwciqwq","https:\/\/pubhtml5.com\/homepage\/scjhn\/","https:\/\/www.bitchute.com\/channel\/2O2eOKzNqujT","https:\/\/audiomack.com\/iwellguard"]}]}},"_links":{"self":[{"href":"https:\/\/iwell-guard.com\/fi\/wp-json\/wp\/v2\/pages\/144157","targetHints":{"allow":["GET"]}}],"collection":[{"href":"https:\/\/iwell-guard.com\/fi\/wp-json\/wp\/v2\/pages"}],"about":[{"href":"https:\/\/iwell-guard.com\/fi\/wp-json\/wp\/v2\/types\/page"}],"author":[{"embeddable":true,"href":"https:\/\/iwell-guard.com\/fi\/wp-json\/wp\/v2\/users\/3"}],"replies":[{"embeddable":true,"href":"https:\/\/iwell-guard.com\/fi\/wp-json\/wp\/v2\/comments?post=144157"}],"version-history":[{"count":0,"href":"https:\/\/iwell-guard.com\/fi\/wp-json\/wp\/v2\/pages\/144157\/revisions"}],"wp:featuredmedia":[{"embeddable":true,"href":"https:\/\/iwell-guard.com\/fi\/wp-json\/wp\/v2\/media\/2680"}],"wp:attachment":[{"href":"https:\/\/iwell-guard.com\/fi\/wp-json\/wp\/v2\/media?parent=144157"}],"wp:term":[{"taxonomy":"category","embeddable":true,"href":"https:\/\/iwell-guard.com\/fi\/wp-json\/wp\/v2\/categories?post=144157"}],"curies":[{"name":"wp","href":"https:\/\/api.w.org\/{rel}","templated":true}]}}