{"id":144156,"date":"2026-09-03T12:32:32","date_gmt":"2026-09-03T12:32:32","guid":{"rendered":"https:\/\/iwell-guard.com\/?page_id=144156"},"modified":"2026-09-03T12:52:17","modified_gmt":"2026-09-03T12:52:17","slug":"viracocha-andien-luojajumala","status":"publish","type":"page","link":"https:\/\/iwell-guard.com\/fi\/viracocha-andien-luojajumala\/","title":{"rendered":"Viracocha \u2013 Andien luojajumala"},"content":{"rendered":"\t\t<div data-elementor-type=\"wp-page\" data-elementor-id=\"144156\" class=\"elementor elementor-144156 elementor-2576 elementor-bc-flex-widget\" data-elementor-post-type=\"page\">\n\t\t\t\t<div class=\"elementor-element elementor-element-iwgw-viracocha-hero e-flex e-con-boxed e-con e-parent\" data-id=\"iwgw-viracocha-hero\" data-element_type=\"container\" data-e-type=\"container\" data-settings=\"{&quot;background_background&quot;:&quot;classic&quot;}\">\n\t\t\t\t\t<div class=\"e-con-inner\">\n\t\t<div class=\"elementor-element elementor-element-iwgw-viracocha-hl e-flex e-con-boxed e-con e-child\" data-id=\"iwgw-viracocha-hl\" data-element_type=\"container\" data-e-type=\"container\">\n\t\t\t\t\t<div class=\"e-con-inner\">\n\t\t<div class=\"elementor-element elementor-element-iwgw-viracocha-htxt e-con-full e-flex e-con e-child\" data-id=\"iwgw-viracocha-htxt\" data-element_type=\"container\" data-e-type=\"container\">\n\t\t\t\t<div class=\"elementor-element elementor-element-iwgw-viracocha-h1 elementor-widget elementor-widget-heading\" data-id=\"iwgw-viracocha-h1\" data-element_type=\"widget\" data-e-type=\"widget\" data-widget_type=\"heading.default\">\n\t\t\t\t\t<h1 class=\"elementor-heading-title elementor-size-default\">Viracocha, Andien maailman luojajumala ja kosminen j\u00e4rjestyksen luoja<\/h1>\t\t\t\t<\/div>\n\t\t\t\t<div class=\"elementor-element elementor-element-iwgw-viracocha-lead elementor-widget elementor-widget-text-editor\" data-id=\"iwgw-viracocha-lead\" data-element_type=\"widget\" data-e-type=\"widget\" data-widget_type=\"text-editor.default\">\n\t\t\t\t\t\t\t\t\t<p>Viracocha (quechuaksi: <em>Wiraqucha<\/em>) on Espanjan Perun varhaisten kronikoiden mukaan Andien korkein luojajumala, joka luo maailman Titicaca-j\u00e4rvest\u00e4 ja muovaa ihmiskunnan kivest\u00e4. My\u00f6h\u00e4isen inkavaltakunnan valtiollisessa <span class=\"iwg-fachbegriff\" data-tooltip=\"Jumalaa ja uskonnon uskoa koskeva tieteellinen oppi.\" tabindex=\"0\">teologiassa<\/span> h\u00e4n j\u00e4i <a href=\"https:\/\/iwell-guard.com\/fi\/?page_id=144154\">Intin<\/a> varjoon, mutta s\u00e4ilyi merkitt\u00e4v\u00e4n\u00e4 kosmologisena periaatteena.<\/p>\t\t\t\t\t\t\t\t<\/div>\n\t\t\t\t<\/div>\n\t\t<div class=\"elementor-element elementor-element-iwgw-viracocha-pillc e-con-full e-flex e-con e-child\" data-id=\"iwgw-viracocha-pillc\" data-element_type=\"container\" data-e-type=\"container\">\n\t\t\t\t<div class=\"elementor-element elementor-element-iwgw-viracocha-pills elementor-widget elementor-widget-html\" data-id=\"iwgw-viracocha-pills\" data-element_type=\"widget\" data-e-type=\"widget\" data-widget_type=\"html.default\">\n\t\t\t\t\t<div class=\"iwg-pill-row\"><span class=\"iwg-klasse-badge\" tabindex=\"0\" data-tooltip=\"Andien \/ inkojen perinteen luoja.\">Luoja<\/span><a href=\"https:\/\/iwell-guard.com\/fi\/?page_id=144144\" class=\"iwg-kultur-badge\" tabindex=\"0\" data-tooltip=\"Andien \/ inkojen perinteen mytologia.\">Andit \/ inkat<\/a><span class=\"iwg-tradition-badge\" tabindex=\"0\" data-tooltip=\"Luojajumala.\">Luojajumala<\/span><\/div>\t\t\t\t<\/div>\n\t\t\t\t<\/div>\n\t\t<div class=\"elementor-element elementor-element-iwgw-viracocha-tocc e-con-full e-flex e-con e-child\" data-id=\"iwgw-viracocha-tocc\" data-element_type=\"container\" data-e-type=\"container\">\n\t\t\t\t<div class=\"elementor-element elementor-element-iwgw-viracocha-toc elementor-toc--minimized-on-tablet elementor-widget elementor-widget-table-of-contents\" data-id=\"iwgw-viracocha-toc\" data-element_type=\"widget\" data-e-type=\"widget\" data-settings=\"{&quot;headings_by_tags&quot;:[&quot;h2&quot;,&quot;h3&quot;],&quot;minimize_box&quot;:&quot;yes&quot;,&quot;marker_view&quot;:&quot;bullets&quot;,&quot;no_headings_message&quot;:&quot;T\\u00e4lt\\u00e4 sivulta ei l\\u00f6ytynyt otsikoita.&quot;,&quot;exclude_headings_by_selector&quot;:[],&quot;icon&quot;:{&quot;value&quot;:&quot;fas fa-circle&quot;,&quot;library&quot;:&quot;fa-solid&quot;,&quot;rendered_tag&quot;:&quot;&lt;svg class=\\&quot;e-font-icon-svg e-fas-circle\\&quot; viewBox=\\&quot;0 0 512 512\\&quot; xmlns=\\&quot;http:\\\/\\\/www.w3.org\\\/2000\\\/svg\\&quot;&gt;&lt;path d=\\&quot;M256 8C119 8 8 119 8 256s111 248 248 248 248-111 248-248S393 8 256 8z\\&quot;&gt;&lt;\\\/path&gt;&lt;\\\/svg&gt;&quot;},&quot;minimized_on&quot;:&quot;tablet&quot;,&quot;hierarchical_view&quot;:&quot;yes&quot;,&quot;min_height&quot;:{&quot;unit&quot;:&quot;px&quot;,&quot;size&quot;:&quot;&quot;,&quot;sizes&quot;:[]},&quot;min_height_tablet&quot;:{&quot;unit&quot;:&quot;px&quot;,&quot;size&quot;:&quot;&quot;,&quot;sizes&quot;:[]},&quot;min_height_mobile&quot;:{&quot;unit&quot;:&quot;px&quot;,&quot;size&quot;:&quot;&quot;,&quot;sizes&quot;:[]}}\" data-widget_type=\"table-of-contents.default\">\n\t\t\t\t\t\t\t\t\t<div class=\"elementor-toc__header\">\n\t\t\t\t\t\t<h2 class=\"elementor-toc__header-title\">\n\t\t\t\tSis\u00e4llysluettelo\t\t\t<\/h2>\n\t\t\t\t\t\t\t\t\t\t<div class=\"elementor-toc__toggle-button elementor-toc__toggle-button--expand\" role=\"button\" tabindex=\"0\" aria-controls=\"elementor-toc__iwgw-viracocha-toc\" aria-expanded=\"true\" aria-label=\"Open table of contents\"><svg aria-hidden=\"true\" class=\"e-font-icon-svg e-fas-chevron-down\" viewBox=\"0 0 448 512\" xmlns=\"http:\/\/www.w3.org\/2000\/svg\"><path d=\"M207.029 381.476L12.686 187.132c-9.373-9.373-9.373-24.569 0-33.941l22.667-22.667c9.357-9.357 24.522-9.375 33.901-.04L224 284.505l154.745-154.021c9.379-9.335 24.544-9.317 33.901.04l22.667 22.667c9.373 9.373 9.373 24.569 0 33.941L240.971 381.476c-9.373 9.372-24.569 9.372-33.942 0z\"><\/path><\/svg><\/div>\n\t\t\t\t<div class=\"elementor-toc__toggle-button elementor-toc__toggle-button--collapse\" role=\"button\" tabindex=\"0\" aria-controls=\"elementor-toc__iwgw-viracocha-toc\" aria-expanded=\"true\" aria-label=\"Close table of contents\"><svg aria-hidden=\"true\" class=\"e-font-icon-svg e-fas-chevron-up\" viewBox=\"0 0 448 512\" xmlns=\"http:\/\/www.w3.org\/2000\/svg\"><path d=\"M240.971 130.524l194.343 194.343c9.373 9.373 9.373 24.569 0 33.941l-22.667 22.667c-9.357 9.357-24.522 9.375-33.901.04L224 227.495 69.255 381.516c-9.379 9.335-24.544 9.317-33.901-.04l-22.667-22.667c-9.373-9.373-9.373-24.569 0-33.941L207.03 130.525c9.372-9.373 24.568-9.373 33.941-.001z\"><\/path><\/svg><\/div>\n\t\t\t\t\t<\/div>\n\t\t\t\t<div id=\"elementor-toc__iwgw-viracocha-toc\" class=\"elementor-toc__body\">\n\t\t\t<div class=\"elementor-toc__spinner-container\">\n\t\t\t\t<svg class=\"elementor-toc__spinner eicon-animation-spin e-font-icon-svg e-eicon-loading\" aria-hidden=\"true\" viewBox=\"0 0 1000 1000\" xmlns=\"http:\/\/www.w3.org\/2000\/svg\"><path d=\"M500 975V858C696 858 858 696 858 500S696 142 500 142 142 304 142 500H25C25 237 238 25 500 25S975 237 975 500 763 975 500 975Z\"><\/path><\/svg>\t\t\t<\/div>\n\t\t<\/div>\n\t\t\t\t\t\t<\/div>\n\t\t\t\t<\/div>\n\t\t\t\t\t<\/div>\n\t\t\t\t<\/div>\n\t\t<div class=\"elementor-element elementor-element-iwgw-viracocha-hr e-con-full e-flex e-con e-child\" data-id=\"iwgw-viracocha-hr\" data-element_type=\"container\" data-e-type=\"container\">\n\t\t\t\t<div class=\"elementor-element elementor-element-iwgw-viracocha-heroimg iwg-hero-image elementor-widget elementor-widget-image\" data-id=\"iwgw-viracocha-heroimg\" data-element_type=\"widget\" data-e-type=\"widget\" data-widget_type=\"image.default\">\n\t\t\t\t\t\t\t\t\t\t\t\t\t\t\t<img fetchpriority=\"high\" decoding=\"async\" width=\"683\" height=\"1024\" src=\"https:\/\/iwell-guard.com\/wp-content\/uploads\/2026\/05\/goetter_anden-inka_viracocha-683x1024.webp\" class=\"attachment-large size-large wp-image-148842\" alt=\"Viracocha - jumalia Andien-inka-perinteest\u00e4, historiallis-kuvitteellinen\" srcset=\"https:\/\/iwell-guard.com\/wp-content\/uploads\/2026\/05\/goetter_anden-inka_viracocha-683x1024.webp 683w, https:\/\/iwell-guard.com\/wp-content\/uploads\/2026\/05\/goetter_anden-inka_viracocha-200x300.webp 200w, https:\/\/iwell-guard.com\/wp-content\/uploads\/2026\/05\/goetter_anden-inka_viracocha-768x1152.webp 768w, https:\/\/iwell-guard.com\/wp-content\/uploads\/2026\/05\/goetter_anden-inka_viracocha.webp 1024w\" sizes=\"(max-width: 683px) 100vw, 683px\" \/>\t\t\t\t\t\t\t\t\t\t\t\t\t\t\t<\/div>\n\t\t\t\t<\/div>\n\t\t\t\t\t<\/div>\n\t\t\t\t<\/div>\n\t\t\t\t<section class=\"elementor-section elementor-top-section elementor-element elementor-element-sec-iwgcomp-viracocha elementor-section-boxed elementor-section-height-default elementor-section-height-default\" data-id=\"sec-iwgcomp-viracocha\" data-element_type=\"section\" data-e-type=\"section\">\n\t\t\t\t\t\t<div class=\"elementor-container elementor-column-gap-default\">\n\t\t\t\t\t<div class=\"elementor-column elementor-col-100 elementor-top-column elementor-element elementor-element-col-iwgcomp-viracocha\" data-id=\"col-iwgcomp-viracocha\" data-element_type=\"column\" data-e-type=\"column\">\n\t\t\t<div class=\"elementor-widget-wrap elementor-element-populated\">\n\t\t\t\t\t\t<div class=\"elementor-element elementor-element-iwgcomp-viracocha elementor-widget elementor-widget-text-editor\" data-id=\"iwgcomp-viracocha\" data-element_type=\"widget\" data-e-type=\"widget\" data-widget_type=\"text-editor.default\">\n\t\t\t\t\t\t\t\t\t<p>Viracocha, <strong>inkojen luojajumala<\/strong>, on inkojen <span class=\"iwg-fachbegriff\" data-tooltip=\"K\u00e4sitys maailman rakenteesta ja j\u00e4rjestyksest\u00e4 kulttuurissa.\" tabindex=\"0\">kosmologian<\/span> vanhin ja korkein jumaluus.<\/p>\t\t\t\t\t\t\t\t<\/div>\n\t\t\t\t\t<\/div>\n\t\t<\/div>\n\t\t\t\t\t<\/div>\n\t\t<\/section>\n\t\t<div class=\"elementor-element elementor-element-iwgw-viracocha-s0 e-flex e-con-boxed e-con e-parent\" data-id=\"iwgw-viracocha-s0\" data-element_type=\"container\" data-e-type=\"container\">\n\t\t\t\t\t<div class=\"e-con-inner\">\n\t\t\t\t<div class=\"elementor-element elementor-element-iwgw-viracocha-s0h elementor-widget elementor-widget-heading\" data-id=\"iwgw-viracocha-s0h\" data-element_type=\"widget\" data-e-type=\"widget\" data-widget_type=\"heading.default\">\n\t\t\t\t\t<h2 class=\"elementor-heading-title elementor-size-default\">Asema andien panteonissa<\/h2>\t\t\t\t<\/div>\n\t\t<div class=\"elementor-element elementor-element-iwgw-viracocha-s0c e-con-full e-flex e-con e-child\" data-id=\"iwgw-viracocha-s0c\" data-element_type=\"container\" data-e-type=\"container\">\n\t\t\t\t<div class=\"elementor-element elementor-element-iwgw-viracocha-s0t elementor-widget elementor-widget-text-editor\" data-id=\"iwgw-viracocha-s0t\" data-element_type=\"widget\" data-e-type=\"widget\" data-widget_type=\"text-editor.default\">\n\t\t\t\t\t\t\t\t\t<p>Viracocha on teologisesti monimutkainen hahmo, joka esiintyy kronikoissa lukuisilla lis\u00e4nimill\u00e4: <em>Apu Qun Tiqsi Wiraqucha<\/em>, <em>Pachayachachiq<\/em> (maailman opettaja), <em>Illa Tiqsi Wiraqucha<\/em> (valon perusta -Wiraqucha). Pierre Duviolin mukaan n\u00e4it\u00e4 aspektinimi\u00e4 on luettava viittein\u00e4 aidosti andilaiseen, filosofis-spekulatiiviseen <span class=\"iwg-fachbegriff\" data-tooltip=\"Jumalaa ja uskonnon uskoa koskeva tieteellinen oppi.\" tabindex=\"0\">teologiaan<\/span>, joka vaikutti persoonallisen jumaluuden kaltaisen korkeakultin pinnan alla.<\/p><p>Varhaiset kronikat (Cieza de Leon, Sarmiento de Gamboa, Cristobal de Molina) esitt\u00e4v\u00e4t Viracochan korkeimpana olentona kaikkien muiden jumaluuksien edell\u00e4.<\/p><p>Garcilaso de la Vega, joka kirjoittaa my\u00f6hemmin ja on vahvemmin suuntautunut Intin inka-aikaiseen my\u00f6hemp\u00e4\u00e4n asemaan, kuvaa suhdetta monimutkaisemmin: Inti on n\u00e4kyv\u00e4 hallitsija, Viracocha n\u00e4kym\u00e4t\u00f6n luoja. Uskontotieteellisesti t\u00e4ss\u00e4 on havaittavissa teologinen kerrostuma, jossa vanhempi luojajumalausko ja nuorempi imperiaalinen aurinko<span class=\"iwg-fachbegriff\" data-tooltip=\"Jumalaa ja uskonnon uskoa koskeva tieteellinen oppi.\" tabindex=\"0\">teologia<\/span> esiintyv\u00e4t rinnakkain.<\/p><p>Huomionarvoista on, ett\u00e4 aymara-alueella Viracochaa kutsuttiin nimill\u00e4 <em>Tunupa<\/em> tai <em>Tonopa<\/em>, hahmona, jolla on omat mytologiset kertomuksensa ja jota uskontoetnologi Therese Bouysse-Cassagne on tutkinut perusteellisesti teoksessaan <em>Lluvias y cenizas<\/em> (1988).<\/p><p>Aymaroiden keskuudessa Tunupa ei ole yht\u00e4 selke\u00e4sti luoja kuin inkojen Viracocha, vaan h\u00e4ness\u00e4 on my\u00f6s trickster-hahmon piirteit\u00e4, ja h\u00e4n liittyy l\u00e4heisesti alueen tulivuoritoimintaan.<\/p>\t\t\t\t\t\t\t\t<\/div>\n\t\t\t\t<\/div>\n\t\t\t\t\t<\/div>\n\t\t\t\t<\/div>\n\t\t<div class=\"elementor-element elementor-element-iwgw-viracocha-s1 e-flex e-con-boxed e-con e-parent\" data-id=\"iwgw-viracocha-s1\" data-element_type=\"container\" data-e-type=\"container\">\n\t\t\t\t\t<div class=\"e-con-inner\">\n\t\t\t\t<div class=\"elementor-element elementor-element-iwgw-viracocha-s1h elementor-widget elementor-widget-heading\" data-id=\"iwgw-viracocha-s1h\" data-element_type=\"widget\" data-e-type=\"widget\" data-widget_type=\"heading.default\">\n\t\t\t\t\t<h2 class=\"elementor-heading-title elementor-size-default\">Nimi ja etymologia<\/h2>\t\t\t\t<\/div>\n\t\t<div class=\"elementor-element elementor-element-iwgw-viracocha-s1c e-con-full e-flex e-con e-child\" data-id=\"iwgw-viracocha-s1c\" data-element_type=\"container\" data-e-type=\"container\">\n\t\t\t\t<div class=\"elementor-element elementor-element-iwgw-viracocha-s1t elementor-widget elementor-widget-text-editor\" data-id=\"iwgw-viracocha-s1t\" data-element_type=\"widget\" data-e-type=\"widget\" data-widget_type=\"text-editor.default\">\n\t\t\t\t\t\t\t\t\t<p>Nimen <em>Wiraqucha<\/em> etymologia on kauan ollut kiistanalainen. Garcilaso de la Vega johtaa sen sanoista <em>wira<\/em> (rasva, kerma) ja <em>qucha<\/em> (j\u00e4rvi) ja k\u00e4\u00e4nt\u00e4\u00e4 sen <em>j\u00e4rven rasvaksi<\/em> tai <em>veden vaahdoksi<\/em>. T\u00e4m\u00e4 etymologia sopii hyvin Titicacan vesi-luojasta kertovaan <span class=\"iwg-fachbegriff\" data-tooltip=\"Perinteinen kertomus jumalista, alkuper\u00e4st\u00e4 ja maailman j\u00e4rjestyksest\u00e4.\" tabindex=\"0\">myyttiin<\/span>, mutta se ei ole kielitieteellisesti pakottava.<\/p><p>Vaihtoehtoinen tulkinta yhdist\u00e4\u00e4 ensimm\u00e4isen tavun sanaan <em>wila<\/em> (aymara: veri) ja p\u00e4\u00e4tyy merkitykseen <em>j\u00e4rven veri<\/em> tai ajatukseen punaisesta, vulkaanisesta vedest\u00e4.<\/p><p>Cesar Itier on kielitieteellisiss\u00e4 t\u00f6iss\u00e4\u00e4n (2008, 2013) viitannut mahdolliseen kolmanteen tulkintaan, jonka mukaan <em>wira<\/em> voisi juontua muinaisesta juuresta <em>wir-<\/em>, jonka merkitys on <em>loisto<\/em> tai <em>valonhohde<\/em>, jolloin Wiraqucha olisi <em>j\u00e4rven valonhohde<\/em>.<\/p><p>Siirtomaa-ajan kielenk\u00e4yt\u00f6ss\u00e4 <em>wiraqucha<\/em>-sanaa alettiin nopeasti k\u00e4ytt\u00e4\u00e4 espanjalaisten puhuttelusanana, ensin siksi, ett\u00e4 inkat pitiv\u00e4t partaisia valloittajia partaisen luojajumalan ilmentymin\u00e4, ja my\u00f6hemmin yleisen\u00e4 kunnianimityksen\u00e4, joka on yh\u00e4 k\u00e4yt\u00f6ss\u00e4 joissakin quechuankielisiss\u00e4 alueissa merkityksess\u00e4 <em>herra<\/em> tai <em>se\u00f1or<\/em>.<\/p>\t\t\t\t\t\t\t\t<\/div>\n\t\t\t\t<\/div>\n\t\t\t\t\t<\/div>\n\t\t\t\t<\/div>\n\t\t<div class=\"elementor-element elementor-element-iwgw-viracocha-s2 e-flex e-con-boxed e-con e-parent\" data-id=\"iwgw-viracocha-s2\" data-element_type=\"container\" data-e-type=\"container\">\n\t\t\t\t\t<div class=\"e-con-inner\">\n\t\t\t\t<div class=\"elementor-element elementor-element-iwgw-viracocha-s2h elementor-widget elementor-widget-heading\" data-id=\"iwgw-viracocha-s2h\" data-element_type=\"widget\" data-e-type=\"widget\" data-widget_type=\"heading.default\">\n\t\t\t\t\t<h2 class=\"elementor-heading-title elementor-size-default\">Kuvaus ja ikonografia<\/h2>\t\t\t\t<\/div>\n\t\t<div class=\"elementor-element elementor-element-iwgw-viracocha-s2c e-con-full e-flex e-con e-child\" data-id=\"iwgw-viracocha-s2c\" data-element_type=\"container\" data-e-type=\"container\">\n\t\t\t\t<div class=\"elementor-element elementor-element-iwgw-viracocha-s2t elementor-widget elementor-widget-text-editor\" data-id=\"iwgw-viracocha-s2t\" data-element_type=\"widget\" data-e-type=\"widget\" data-widget_type=\"text-editor.default\">\n\t\t\t\t\t\t\t\t\t<p>L\u00e4hteiss\u00e4 Viracocha kuvataan poikkeuksellisen usein partaiseksi vanhukseksi, joka vaeltaa Andeilla pitk\u00e4ss\u00e4 viitassa, sauva k\u00e4dess\u00e4\u00e4n ja aurinkokruunu p\u00e4\u00e4ss\u00e4\u00e4n.<\/p><p>T\u00e4m\u00e4 kuvaus poikkeaa Andien tyypillisest\u00e4 alkuper\u00e4iskansojen ikonografiasta, jossa parralliset miehet ovat k\u00e4yt\u00e4nn\u00f6ss\u00e4 tuntemattomia, ja se on johtanut aiempaan spekulaatioon, jonka mukaan Viracocha olisi historiallinen kaiku esikolumbiaanisesta vieraasta Euraasiasta. Nykytutkimus on hyl\u00e4nnyt t\u00e4m\u00e4n spekulaation.<\/p><p>Ikonografinen p\u00e4\u00e4l\u00e4hde on kuuluisa <em>Tiwanakun aurinkoportti<\/em> (noin 600, 1000 jKr.), jonka keskell\u00e4 on hahmo, jolla on s\u00e4teilev\u00e4 kruunu ja symmetrisesti levitetyt k\u00e4sivarret, joissa se pit\u00e4\u00e4 kahta sauvaa (usein tulkittu keih\u00e4\u00e4nheittimiksi).<\/p><p>T\u00e4t\u00e4 niin kutsuttua <em>Staffgod<\/em>-hahmoa tunnistetaan arkeologisessa kirjallisuudessa s\u00e4\u00e4nn\u00f6llisesti Viracochaksi, vaikka Tiwanakun kulttuurin oma nimitys t\u00e4lle hahmolle ei ole s\u00e4ilynyt. Karen Wise ja John Janusek ovat Tiwanaku-tutkimuksessaan toistuvasti kehottaneet varovaisuuteen t\u00e4m\u00e4n tunnistamisen suhteen.<\/p><p>Yleinen on my\u00f6s Viracochan yhteys inkojen p\u00e4\u00e4kaupunkiin Cuscoon ja sen keskeiseen <span class=\"iwg-fachbegriff\" data-tooltip=\"Rakennus, joka palvelee yhden tai useamman jumaluuden palvontaa.\" tabindex=\"0\">temppeliin<\/span>, Coricanchaan. Inka Pachacutin kerrotaan Sarmienton mukaan pystytt\u00e4neen Coricanchaan oman Wiraqucha-patsaan, t\u00e4ydellisen kultaisen kuvapatsaan, jonka espanjalaiset tapasivat viel\u00e4 paikalla vuonna 1532.<\/p>\t\t\t\t\t\t\t\t<\/div>\n\t\t\t\t<\/div>\n\t\t\t\t\t<\/div>\n\t\t\t\t<\/div>\n\t\t<div class=\"elementor-element elementor-element-iwgw-viracocha-s3 e-flex e-con-boxed e-con e-parent\" data-id=\"iwgw-viracocha-s3\" data-element_type=\"container\" data-e-type=\"container\">\n\t\t\t\t\t<div class=\"e-con-inner\">\n\t\t\t\t<div class=\"elementor-element elementor-element-iwgw-viracocha-s3h elementor-widget elementor-widget-heading\" data-id=\"iwgw-viracocha-s3h\" data-element_type=\"widget\" data-e-type=\"widget\" data-widget_type=\"heading.default\">\n\t\t\t\t\t<h2 class=\"elementor-heading-title elementor-size-default\">Myyttiset kertomukset<\/h2>\t\t\t\t<\/div>\n\t\t<div class=\"elementor-element elementor-element-iwgw-viracocha-s3c e-con-full e-flex e-con e-child\" data-id=\"iwgw-viracocha-s3c\" data-element_type=\"container\" data-e-type=\"container\">\n\t\t\t\t<div class=\"elementor-element elementor-element-iwgw-viracocha-s3t elementor-widget elementor-widget-text-editor\" data-id=\"iwgw-viracocha-s3t\" data-element_type=\"widget\" data-e-type=\"widget\" data-widget_type=\"text-editor.default\">\n\t\t\t\t\t\t\t\t\t<p>P\u00e4\u00e4myytti alkaa maailman pimeyden vaiheesta. Viracocha ilmestyy <em>Isla del Sol<\/em> -saarelle Titicaca-j\u00e4rvell\u00e4 ja luo ensin ensimm\u00e4isen ihmiskunnan kivest\u00e4, jonka h\u00e4n kuitenkin tuhoaa suuressa tulvassa tottelemattomuuden vuoksi.<\/p><p>Cristobal de Molinan mukaan h\u00e4n muovaa sen j\u00e4lkeen <em>Tiwanakussa<\/em> toisen ihmiskunnan savesta, antaa jokaiselle kansanryhm\u00e4lle omat kielens\u00e4, pukunsa ja kotiseutunsa ja l\u00e4hett\u00e4\u00e4 ne vaeltamaan Andeille.<\/p><p>Sen j\u00e4lkeen Viracocha itse vaeltaa Andien halki pohjoiseen, opettaa ihmisille maanviljelyn, kutomataidon ja uskonnon ja l\u00e4htee lopulta maailmasta Tyynenmeren rannalla k\u00e4velem\u00e4ll\u00e4 veden yli ja katoamalla l\u00e4nteen.<\/p><p>Joidenkin inkateologien tulkinnan mukaan t\u00e4m\u00e4 loppujakso ennusti, ett\u00e4 Viracocha palaisi jonakin p\u00e4iv\u00e4n\u00e4 l\u00e4nnest\u00e4, ja t\u00e4m\u00e4 messiaaninen odotus siirrettiin espanjalaisen valloituksen alkuvuosina hetkellisesti conquistadoreihin, mik\u00e4 osaltaan selitt\u00e4\u00e4 Inkavaltakunnan nopean sotilaallisen tappion.<\/p><p>Viracochan poika esiintyy joissakin l\u00e4hteiss\u00e4 nimill\u00e4 <em>Imaymana Viracocha<\/em> tai <em>Tocapo Viracocha<\/em>, joiden kerrotaan vaeltaneen Andien halki luojan veljin\u00e4 tai seuralaisina ja luoneen kosmisen j\u00e4rjestyksen.<\/p><p>T\u00e4m\u00e4 kolmen Wiraquchan muodostama kolminaisuus muistutti espanjalaisia kronikoitsijoita kristillisest\u00e4 kolminaisuudesta, mik\u00e4 on johtanut keskusteluihin mahdollisesta esikristillisest\u00e4 Andien l\u00e4hetysty\u00f6st\u00e4. T\u00e4t\u00e4 ei kuitenkaan voida historiallisesti todistaa.<\/p><p>Erityisen t\u00e4rke\u00e4 l\u00e4hde on <em>Cacha-tulivuoren<\/em> <span class=\"iwg-fachbegriff\" data-tooltip=\"Perinteinen kertomus jumalista, alkuperist\u00e4 ja maailman j\u00e4rjestyksest\u00e4.\" tabindex=\"0\">myytti<\/span>, jonka Cieza de Leon on tallentanut (1553): sen mukaan Viracocha saapui Cachaan, jossa asukkaat eiv\u00e4t h\u00e4nen vieraan ulkomuotonsa vuoksi halunneet uskoa h\u00e4nt\u00e4 ja hy\u00f6kk\u00e4siv\u00e4t h\u00e4nen kimppuunsa.<\/p><p>T\u00e4m\u00e4n j\u00e4lkeen luoja pudotti taivaasta tulta ja poltti maan, kunnes Cachan asukkaat tajusivat syyllisyytens\u00e4 ja anoivat h\u00e4nen anteeksiantoaan.<\/p><p>Raqchin\/Cachan alueelta l\u00f6ydetty tulivuoriper\u00e4inen laavakerrostuma on antanut <span class=\"iwg-fachbegriff\" data-tooltip=\"Perinteinen kertomus jumalista, alkuperist\u00e4 ja maailman j\u00e4rjestyksest\u00e4.\" tabindex=\"0\">myytille<\/span> selitett\u00e4v\u00e4n geologisen taustan. Sarmiento de Gamboa kertoo, ett\u00e4 inkat rakensivat my\u00f6hemmin t\u00e4h\u00e4n paikkaan suuren kaksoistemppelin, jonka korkeat adobelaivan muotoiset muurit hallitsevat laaksoa viel\u00e4 nyky\u00e4\u00e4nkin.<\/p>\t\t\t\t\t\t\t\t<\/div>\n\t\t\t\t<\/div>\n\t\t\t\t\t<\/div>\n\t\t\t\t<\/div>\n\t\t<div class=\"elementor-element elementor-element-iwgw-viracocha-s4 e-flex e-con-boxed e-con e-parent\" data-id=\"iwgw-viracocha-s4\" data-element_type=\"container\" data-e-type=\"container\">\n\t\t\t\t\t<div class=\"e-con-inner\">\n\t\t\t\t<div class=\"elementor-element elementor-element-iwgw-viracocha-s4h elementor-widget elementor-widget-heading\" data-id=\"iwgw-viracocha-s4h\" data-element_type=\"widget\" data-e-type=\"widget\" data-widget_type=\"heading.default\">\n\t\t\t\t\t<h2 class=\"elementor-heading-title elementor-size-default\">Kultti ja palvonta<\/h2>\t\t\t\t<\/div>\n\t\t<div class=\"elementor-element elementor-element-iwgw-viracocha-s4c e-con-full e-flex e-con e-child\" data-id=\"iwgw-viracocha-s4c\" data-element_type=\"container\" data-e-type=\"container\">\n\t\t\t\t<div class=\"elementor-element elementor-element-iwgw-viracocha-s4t elementor-widget elementor-widget-text-editor\" data-id=\"iwgw-viracocha-s4t\" data-element_type=\"widget\" data-e-type=\"widget\" data-widget_type=\"text-editor.default\">\n\t\t\t\t\t\t\t\t\t<p>Viracochan-<span class=\"iwg-fachbegriff\" data-tooltip=\"Kaikki jumaluuden tai pyh\u00e4n hahmon kunnioittamiseen liittyv\u00e4t uskonnolliset toimet.\" tabindex=\"0\">kultti<\/span> ei ollut yht\u00e4 institutionaalisesti j\u00e4rjestynyt kuin Inti-<span class=\"iwg-fachbegriff\" data-tooltip=\"Kaikki jumaluuden tai pyh\u00e4n hahmon kunnioittamiseen liittyv\u00e4t uskonnolliset toimet.\" tabindex=\"0\">kultti<\/span>. T\u00e4rkeimm\u00e4t kulttipaikat sijaitsivat Cuscon Coricanchassa, jossa oli oma Viracocha-kammio, sek\u00e4 Pacaritambon, Tiwanakun ja Isla del Solin inkaa-aikaa edelt\u00e4viss\u00e4 pyh\u00e4k\u00f6iss\u00e4.<\/p><p>My\u00f6s suuri Pachacamacin kulttikompleksi Perun Tyynenmeren rannikolla liitettiin joidenkin kronikoitsijoiden mukaan Viracochaan, vaikka siell\u00e4 palvottiin ennen kaikkea oraakkelimaista korkeajumalaa <a href=\"https:\/\/iwell-guard.com\/fi\/?page_id=144158\">Pachakamakia<\/a>.<\/p><p>Inka Pachacuti (hallitsi 1438, 1471) pidet\u00e4\u00e4n Sarmiento de Gamboan mukaan Viracocha-kultin suurena edist\u00e4j\u00e4n\u00e4. Pachacutin kerrotaan kuulleen n\u00e4yss\u00e4 luojan \u00e4\u00e4nen ja rakentaneen sen johdosta <span class=\"iwg-fachbegriff\" data-tooltip=\"Rakennus, joka on tarkoitettu yhden tai useamman jumaluuden palvontaan.\" tabindex=\"0\">temppeleit\u00e4<\/span> sek\u00e4 Cuscoon ett\u00e4 Cachan seudulle.<\/p><p><em>Raqchin<\/em> arkeologinen kompleksi San Pedro de Cachan l\u00e4hell\u00e4, jonka monumentaaliset adobelaivan muotoiset muurit ovat s\u00e4ilyneet, tunnistetaan perinteisesti Pachacutin suureksi Viracocha-<span class=\"iwg-fachbegriff\" data-tooltip=\"Rakennus, joka on tarkoitettu yhden tai useamman jumaluuden palvontaan.\" tabindex=\"0\">temppeliksi<\/span>.<\/p><p>Viracochalle suunnattu rituaalinen uhrik\u00e4yt\u00e4nt\u00f6 sis\u00e4lsi laamauhreja (tavallisesti valkoinen laamatamma, toisin kuin Intille uhrattu ruskea tamma), maissi- ja kokalehtien polttamista sek\u00e4 chicha-juoman vuodattamista. Toisin kuin Inti-<span class=\"iwg-fachbegriff\" data-tooltip=\"Kaikki jumaluuden tai pyh\u00e4n hahmon kunnioittamiseen liittyv\u00e4t uskonnolliset toimet.\" tabindex=\"0\">kultissa<\/span>, vuorokaudenaikaa ei ollut m\u00e4\u00e4r\u00e4tty, sill\u00e4 Viracochan ajateltiin olevan taivaankappaleiden yl\u00e4puolella.<\/p>\t\t\t\t\t\t\t\t<\/div>\n\t\t\t\t<\/div>\n\t\t\t\t\t<\/div>\n\t\t\t\t<\/div>\n\t\t<div class=\"elementor-element elementor-element-iwgw-viracocha-s5 e-flex e-con-boxed e-con e-parent\" data-id=\"iwgw-viracocha-s5\" data-element_type=\"container\" data-e-type=\"container\">\n\t\t\t\t\t<div class=\"e-con-inner\">\n\t\t\t\t<div class=\"elementor-element elementor-element-iwgw-viracocha-s5h elementor-widget elementor-widget-heading\" data-id=\"iwgw-viracocha-s5h\" data-element_type=\"widget\" data-e-type=\"widget\" data-widget_type=\"heading.default\">\n\t\t\t\t\t<h2 class=\"elementor-heading-title elementor-size-default\">Suojeluk\u00e4yt\u00e4nt\u00f6 ja apotropaiset piirteet<\/h2>\t\t\t\t<\/div>\n\t\t<div class=\"elementor-element elementor-element-iwgw-viracocha-s5c e-con-full e-flex e-con e-child\" data-id=\"iwgw-viracocha-s5c\" data-element_type=\"container\" data-e-type=\"container\">\n\t\t\t\t<div class=\"elementor-element elementor-element-iwgw-viracocha-s5t elementor-widget elementor-widget-text-editor\" data-id=\"iwgw-viracocha-s5t\" data-element_type=\"widget\" data-e-type=\"widget\" data-widget_type=\"text-editor.default\">\n\t\t\t\t\t\t\t\t\t<p>Viracochaa koskevaa erityist\u00e4 suojeluk\u00e4yt\u00e4nt\u00f6\u00e4 on l\u00e4hteiss\u00e4 tuskin havaittavissa. Luojajumala oli inkakauden <span class=\"iwg-fachbegriff\" data-tooltip=\"Tieteellinen oppi jumalasta ja uskonnon uskonk\u00e4sityksist\u00e4.\" tabindex=\"0\">teologiassa<\/span> liian et\u00e4inen ja liian yleinen, jotta h\u00e4nt\u00e4 olisi kutsuttu suoraan avuksi yksitt\u00e4isiss\u00e4 el\u00e4m\u00e4ntilanteissa. Suojeluun liittyv\u00e4 palvonta kohdistui enemm\u00e4n v\u00e4litt\u00e4j\u00e4hahmoihin, Intiin, <a href=\"https:\/\/iwell-guard.com\/fi\/?page_id=144159\">Illapaan<\/a> ja paikallisiin vuorenherroihin <em>Apu<\/em>, kun Viracocha toimi taustalla vaikuttavana j\u00e4rjestysperiaatteena.<\/p><p><em>Extirpacion de idolatrias<\/em> -asiakirjoissa (1600-luku) mainitaan kuitenkin toistuvasti pienten kivihahmojen muotoisia kotiamuletteja, joita kutsuttiin nimill\u00e4 <em>conopa<\/em> tai <em>illa<\/em> ja joilla on yhteyksi\u00e4 Viracocha-<span class=\"iwg-fachbegriff\" data-tooltip=\"Tieteellinen oppi jumalasta ja uskonnon uskonk\u00e4sityksist\u00e4.\" tabindex=\"0\">teologiaan<\/span>.<\/p><p>N\u00e4iden kivihahmojen, jotka useimmiten esittiv\u00e4t pieni\u00e4 laamoja, maissint\u00e4hki\u00e4 tai ihmishahmoja, katsottiin edustavan luomisvoimaa, joka tuotiin kotitalouteen sen suojaksi. Niit\u00e4 s\u00e4ilytettiin sein\u00e4verhoilun alimmissa kerroksissa tai tulisijan alla, ja juhlap\u00e4ivin\u00e4 niit\u00e4 siunattiin laamanrasvalla ja chicha-juomalla.<\/p><p>Uskontotieteellisesti merkitt\u00e4v\u00e4\u00e4 on, ett\u00e4 conopa-k\u00e4yt\u00e4nt\u00f6\u00e4 ei pidetty maagis-pakottavana, vaan suhteen hoitamisena maailman luovaan substanssiin, joka eli talossa, pellossa ja karjassa. iWell Guard -kontekstissa t\u00e4t\u00e4 k\u00e4yt\u00e4nt\u00f6\u00e4 kuvataan historiallisena ilmi\u00f6n\u00e4, ei vaikutussuosituksena.<\/p><p>Perun ja Bolivian yl\u00e4ng\u00f6n yhteis\u00f6jen nykyisess\u00e4 kansanuskonnollisessa k\u00e4yt\u00e4nn\u00f6ss\u00e4 conopa-kivihahmoja k\u00e4ytet\u00e4\u00e4n monissa tapauksissa edelleen uudella nimell\u00e4 <em>illa<\/em>.<\/p><p>Niit\u00e4 k\u00e4ytt\u00e4v\u00e4t erityisesti paimenet, jotka s\u00e4ilytt\u00e4v\u00e4t pieni\u00e4 kivilaamoja tai veistettyj\u00e4 alpakkahahmoja kynnyksen alla tai makuuhuoneessa varmistaakseen karjan terveyden. Olivia Harris on teoksessaan <em>Of Bread and Blood<\/em> (2000) dokumentoinut t\u00e4m\u00e4n k\u00e4yt\u00e4nn\u00f6n jatkuvaa esiintymist\u00e4 Bolivian aymara-kyliss\u00e4.<\/p>\t\t\t\t\t\t\t\t<\/div>\n\t\t\t\t<\/div>\n\t\t\t\t\t<\/div>\n\t\t\t\t<\/div>\n\t\t<div class=\"elementor-element elementor-element-iwgw-viracocha-s6 e-flex e-con-boxed e-con e-parent\" data-id=\"iwgw-viracocha-s6\" data-element_type=\"container\" data-e-type=\"container\">\n\t\t\t\t\t<div class=\"e-con-inner\">\n\t\t\t\t<div class=\"elementor-element elementor-element-iwgw-viracocha-s6h elementor-widget elementor-widget-heading\" data-id=\"iwgw-viracocha-s6h\" data-element_type=\"widget\" data-e-type=\"widget\" data-widget_type=\"heading.default\">\n\t\t\t\t\t<h2 class=\"elementor-heading-title elementor-size-default\">Rinnakkaisilmi\u00f6t muissa kulttuureissa<\/h2>\t\t\t\t<\/div>\n\t\t<div class=\"elementor-element elementor-element-iwgw-viracocha-s6c e-con-full e-flex e-con e-child\" data-id=\"iwgw-viracocha-s6c\" data-element_type=\"container\" data-e-type=\"container\">\n\t\t\t\t<div class=\"elementor-element elementor-element-iwgw-viracocha-s6t elementor-widget elementor-widget-text-editor\" data-id=\"iwgw-viracocha-s6t\" data-element_type=\"widget\" data-e-type=\"widget\" data-widget_type=\"text-editor.default\">\n\t\t\t\t\t\t\t\t\t<p>Rakenteellisesti Viracochaa voidaan verrata muihin uskontohistorian <em>deus otiosus<\/em> -hahmoihin, luojajumaliin, jotka vet\u00e4ytyv\u00e4t taka-alalle luomisty\u00f6n j\u00e4lkeen ja saavat v\u00e4hemm\u00e4n suoraa <span class=\"iwg-fachbegriff\" data-tooltip=\"Jumaluuden tai pyh\u00e4n hahmon palvontaan liittyvien uskonnollisten toimien kokonaisuus.\" tabindex=\"0\">kulttia<\/span> kuin nuoremmat erikoisjumalat. Mircea Eliade on kuvannut t\u00e4t\u00e4 kaavaa afrikkalaisten ja siperialaisten uskontojen yhteydess\u00e4; Pierre Duviols ja Henrique Urbano ovat soveltaneet sit\u00e4 Viracochaan.<\/p><p>Sukua t\u00e4lle ovat esimerkiksi akanien vanha afrikkalainen korkeajumala <em>Nyame<\/em>, maorien polynesialainen korkeajumala <em>Io<\/em> tai australialais-aboriginaalisen uskonnon <em>Baiame<\/em>. Kaikissa n\u00e4iss\u00e4 tapauksissa kohtaamme luojan, joka lep\u00e4\u00e4 vet\u00e4ytyneen\u00e4 taivaalla, samalla kun arjen uskonnollinen k\u00e4yt\u00e4nt\u00f6 suuntautuu nuorempiin, l\u00e4heisempiin jumaluuksiin.<\/p><p>Andien piiriss\u00e4 Viracocha on l\u00e4heist\u00e4 sukua rannikkojumala Pachakamakille; joissakin kronikoissa heid\u00e4t kuvataan is\u00e4ksi ja pojaksi tai veljiksi.<\/p><p>Mary Eyzaguirre on tutkinut Pachakamak-<span class=\"iwg-fachbegriff\" data-tooltip=\"Jumaluuden tai pyh\u00e4n hahmon palvontaan liittyvien uskonnollisten toimien kokonaisuus.\" tabindex=\"0\">kulttia<\/span> k\u00e4sittelev\u00e4ss\u00e4 ty\u00f6ss\u00e4\u00e4n (2003) perusteellisesti n\u00e4iden kahden korkeajumalan teologista kytkeytymist\u00e4 toisiinsa. Vastaavia luojajumalahahmoja l\u00f6ytyy Pohjois-Amerikan kontekstista esimerkiksi lakotien <a href=\"https:\/\/iwell-guard.com\/fi\/?page_id=144164\">Wakan Tankasta<\/a> ja <a href=\"https:\/\/iwell-guard.com\/fi\/?page_id=144167\">Tunkasila<\/a>-isois\u00e4st\u00e4.<\/p><p>Viracochaa koskeva tieteellinen erikoiskeskustelu on my\u00f6s nostanut esiin kysymyksen siit\u00e4, miss\u00e4 m\u00e4\u00e4rin Andien luojateologia on luokiteltava monoteistiseksi tai polyteistiseksi.<\/p><p>Pierre Duviols on esitt\u00e4nyt teoksessaan <em>Cultura andina y represion<\/em> (1986), ett\u00e4 inka-ajan <span class=\"iwg-fachbegriff\" data-tooltip=\"Tieteellinen oppi jumalasta ja uskonnon uskosta.\" tabindex=\"0\">teologia<\/span> ei vastaa klassista <span class=\"iwg-fachbegriff\" data-tooltip=\"Uskoa yhteen ainoaan jumalaan.\" tabindex=\"0\">monoteismia<\/span> eik\u00e4 klassista <span class=\"iwg-fachbegriff\" data-tooltip=\"Uskoa useisiin jumaliin.\" tabindex=\"0\">polyteismia<\/span>, vaan l\u00e4hemp\u00e4n\u00e4 <em>henoteismia<\/em>, jossa korkeajumala pysyy taka-alalla, samalla kun lukuisia alempia olentoja palvotaan.<\/p><p>T\u00e4m\u00e4n kategorian esitteli Max Mueller 1800-luvulla vedalaisen hindulaisuuden yhteydess\u00e4, ja se on sovellettavissa my\u00f6s Andien oloihin.<\/p><p>My\u00f6s vertailu muinaispersialaiseen <em>Ahura Mazdaan<\/em>, mesopotamialaiseen <em>Aniin<\/em> tai muinaisgreikkalaiseen <em>Ouranokseen<\/em> on j\u00e4tt\u00e4nyt j\u00e4lkens\u00e4 tieteelliseen kirjallisuuteen. Kaikissa kolmessa tapauksessa on kyse luojahahmoista, jotka rakenteellisesti v\u00e4istyv\u00e4t nuorempien p\u00e4\u00e4hahmojen (Mithra, Marduk, Zeus) taakse ja pysyv\u00e4t kuitenkin keskeisin\u00e4 teologis-filosofisessa pohdinnassa.<\/p>\t\t\t\t\t\t\t\t<\/div>\n\t\t\t\t<\/div>\n\t\t\t\t\t<\/div>\n\t\t\t\t<\/div>\n\t\t<div class=\"elementor-element elementor-element-iwgw-viracocha-s7 e-flex e-con-boxed e-con e-parent\" data-id=\"iwgw-viracocha-s7\" data-element_type=\"container\" data-e-type=\"container\">\n\t\t\t\t\t<div class=\"e-con-inner\">\n\t\t\t\t<div class=\"elementor-element elementor-element-iwgw-viracocha-s7h elementor-widget elementor-widget-heading\" data-id=\"iwgw-viracocha-s7h\" data-element_type=\"widget\" data-e-type=\"widget\" data-widget_type=\"heading.default\">\n\t\t\t\t\t<h2 class=\"elementor-heading-title elementor-size-default\">Nykyinen tulkinta ja tutkimus<\/h2>\t\t\t\t<\/div>\n\t\t<div class=\"elementor-element elementor-element-iwgw-viracocha-s7c e-con-full e-flex e-con e-child\" data-id=\"iwgw-viracocha-s7c\" data-element_type=\"container\" data-e-type=\"container\">\n\t\t\t\t<div class=\"elementor-element elementor-element-iwgw-viracocha-s7t elementor-widget elementor-widget-text-editor\" data-id=\"iwgw-viracocha-s7t\" data-element_type=\"widget\" data-e-type=\"widget\" data-widget_type=\"text-editor.default\">\n\t\t\t\t\t\t\t\t\t<p>Viracocha-<span class=\"iwg-fachbegriff\" data-tooltip=\"Jumaluuden tai pyh\u00e4n hahmon palvontaan liittyvien uskonnollisten toimien kokonaisuus.\" tabindex=\"0\">kultti<\/span> hiipui suurelta osin valloituksen my\u00f6t\u00e4. Espanjalainen l\u00e4hetysty\u00f6 samaisti luojajumalan nopeasti kristittyjen jumalaan, mik\u00e4 helpotti kristillistymist\u00e4, mutta sai samalla itsen\u00e4isen Viracocha-palvonnan h\u00e4vi\u00e4m\u00e4\u00e4n.<\/p><p>Nykyisiss\u00e4 yl\u00e4ng\u00f6n quechuankielisiss\u00e4 yhteis\u00f6iss\u00e4 <em>Wiraqucha<\/em> ei ole en\u00e4\u00e4 itsen\u00e4inen kultin kohde, vaan nimitys katolis-kristilliselle jumalalle (<em>Dios Wiraqucha<\/em>) tai kunnianarvoiselle, vanhalle miehelle.<\/p><p>Akateemisessa tutkimuksessa Viracochalla on edelleen merkityst\u00e4 esi-imperiaalisen luojateologian hahmona. Henrique Urbano (<em>Wiraqocha y Ayar<\/em>, 1981), Pierre Duviols, Therese Bouysse-Cassagne ja Cesar Itier ovat viime vuosikymmenin\u00e4 osoittaneet, miten espanjalaiset kroonikoitsijat lukivat ja osittain muunsivat Andien <span class=\"iwg-fachbegriff\" data-tooltip=\"Tieteellinen oppi jumalasta ja uskonnon uskosta.\" tabindex=\"0\">teologian<\/span> k\u00e4sitteit\u00e4 kristillisten linssien l\u00e4pi.<\/p><p>T\u00e4m\u00e4n vuoksi on menetelm\u00e4llisesti vaikeaa rekonstruoida kronikkal\u00e4hteiden takaa aitoa esi-inka- ja inka-ajan Viracochaa.<\/p><p>Arkeologisesti <em>Staffgod<\/em>-tutkimus Tiwanakussa, Chavinissa (kuuluisan Raimondi-<span class=\"iwg-fachbegriff\" data-tooltip=\"Pystyss\u00e4 oleva, kirjoituksin tai kuvin koristeltu kivi- tai puulevy.\" tabindex=\"0\">steelan<\/span> kuvateoksen kanssa) ja Warissa on antanut uusia viitteit\u00e4 mahdollisesti pitk\u00e4lle taakse ulottuvasta jatkuvasta luojajumalaperinteest\u00e4.<\/p><p>Kaari Chavinista (n. 900 eaa.) Tiwanakun\/Warin (n. 500, 1000 jaa.) kautta inkoihin (1438, 1532) olisi, jos se vahvistuu, yksi Latinalaisen Amerikan uskontohistorian pitkist\u00e4 kaarista.<\/p><p>T\u00e4rke\u00e4n uudemman tutkimuslinjan muodostaa arkeoastronominen tutkimus Viracochan suhteesta t\u00e4htitaivaaseen. Gary Urton on osoittanut teoksessaan <em>At the Crossroads of the Earth and the Sky<\/em> (1981), ett\u00e4 inkat ymm\u00e4rsiv\u00e4t <em>Linnunradan<\/em> (Mayu) kosmisena virtana, jota Wiraqucha ohjaa taivaan halki.<\/p><p>T\u00e4m\u00e4 kosmologinen syv\u00e4rakenne pysyi huomaamattomana espanjalaisen l\u00e4hetysty\u00f6n aikana, ja se on tullut saavutettavaksi vasta nykyaikaisen etnoastronomian ansiosta.<\/p>\t\t\t\t\t\t\t\t<\/div>\n\t\t\t\t<\/div>\n\t\t\t\t\t<\/div>\n\t\t\t\t<\/div>\n\t\t<div class=\"elementor-element elementor-element-iwgw-viracocha-s8 e-flex e-con-boxed e-con e-parent\" data-id=\"iwgw-viracocha-s8\" data-element_type=\"container\" data-e-type=\"container\">\n\t\t\t\t\t<div class=\"e-con-inner\">\n\t\t\t\t<div class=\"elementor-element elementor-element-iwgw-viracocha-s8h elementor-widget elementor-widget-heading\" data-id=\"iwgw-viracocha-s8h\" data-element_type=\"widget\" data-e-type=\"widget\" data-widget_type=\"heading.default\">\n\t\t\t\t\t<h2 class=\"elementor-heading-title elementor-size-default\">Kirjallisuus ja l\u00e4hteet<\/h2>\t\t\t\t<\/div>\n\t\t<div class=\"elementor-element elementor-element-iwgw-viracocha-s8c e-con-full e-flex e-con e-child\" data-id=\"iwgw-viracocha-s8c\" data-element_type=\"container\" data-e-type=\"container\">\n\t\t\t\t<div class=\"elementor-element elementor-element-iwgw-viracocha-s8t elementor-widget elementor-widget-text-editor\" data-id=\"iwgw-viracocha-s8t\" data-element_type=\"widget\" data-e-type=\"widget\" data-widget_type=\"text-editor.default\">\n\t\t\t\t\t\t\t\t\t<p>Seuraava valikoima listaa Andien etnologian ja uskontohistorian keskeisi\u00e4 teoksia Viracocha-kysymykseen liittyen, kiinnitt\u00e4en erityist\u00e4 huomiota inka-ajan uskonnon teologis-filosofiseen syv\u00e4rakenteeseen.<\/p>\t\t\t\t\t\t\t\t<\/div>\n\t\t\t\t<\/div>\n\t\t\t\t\t<\/div>\n\t\t\t\t<\/div>\n\t\t<div class=\"elementor-element elementor-element-cp20b19ce8 e-flex e-con-boxed e-con e-parent\" data-id=\"cp20b19ce8\" data-element_type=\"container\" data-e-type=\"container\">\n\t\t\t\t\t<div class=\"e-con-inner\">\n\t\t\t\t<div class=\"elementor-element elementor-element-cp2cd2ff6b elementor-widget elementor-widget-heading\" data-id=\"cp2cd2ff6b\" data-element_type=\"widget\" data-e-type=\"widget\" data-widget_type=\"heading.default\">\n\t\t\t\t\t<h2 class=\"elementor-heading-title elementor-size-default\">Viracocha 1500-luvun kronikoissa<\/h2>\t\t\t\t<\/div>\n\t\t<div class=\"elementor-element elementor-element-cp270124ee e-flex e-con-boxed e-con e-child\" data-id=\"cp270124ee\" data-element_type=\"container\" data-e-type=\"container\">\n\t\t\t\t\t<div class=\"e-con-inner\">\n\t\t\t\t<div class=\"elementor-element elementor-element-cp2c92af90 elementor-widget elementor-widget-text-editor\" data-id=\"cp2c92af90\" data-element_type=\"widget\" data-e-type=\"widget\" data-widget_type=\"text-editor.default\">\n\t\t\t\t\t\t\t\t\t<p>Suurin osa siit\u00e4, mit\u00e4 Viracochasta tiedet\u00e4\u00e4n, on per\u00e4isin espanjalaisista ja mestitsikronikoista, jotka kirjoitettiin Inkavaltakunnan valloituksen j\u00e4lkeen.<\/p><p>T\u00e4rkeimpiin l\u00e4hteisiin kuuluvat Juan de Betanzosin teokset. H\u00e4n oli naimisissa inka-aatelisnaisen kanssa ja kirjoitti noin vuonna 1551. Muita keskeisi\u00e4 l\u00e4hteit\u00e4 ovat Pedro Cieza de Le\u00f3nin ja Cusco-l\u00e4ht\u00f6isen Crist\u00f3bal de Molinan teokset sek\u00e4 Bernab\u00e9 Cobon laaja 1600-luvulla kirjoitettu teos.<\/p><p>N\u00e4m\u00e4 tekstit ovat p\u00e4\u00e4piirteiss\u00e4\u00e4n yhtenev\u00e4t, mutta poikkeavat huomattavasti toisistaan yksityiskohdissa.<\/p><p>Kronikoissa Viracocha esiintyy luojahahmona, joka Titicacaj\u00e4rvell\u00e4 luo maailman, auringon, kuun ja ensimm\u00e4iset ihmiset ja vaeltaa sitten maan halki, kunnes lopulta katoaa merelle.<\/p><p>Tutkimuksessa on jo pitk\u00e4\u00e4n havaittu, ett\u00e4 t\u00e4m\u00e4 kertomus saattaa olla vahvasti mukautettu eurooppalaisiin k\u00e4sityksiin. Osa kronikoitsijoista taipui liitt\u00e4m\u00e4\u00e4n Viracochan l\u00e4hemm\u00e4s korkeinta, l\u00e4hes monoteistista jumalaa, mik\u00e4 sopi l\u00e4hetysty\u00f6n etuihin: se tarjosi liittym\u00e4kohdan kristilliselle luojajumalalle.<\/p><p>Sabine MacCormack ja muut ovat osoittaneet, ett\u00e4 kronikat tyylitteliv\u00e4t Viracochan osittain abstraktiksi korkeimmaksi olennoksi, joka ei siirtomaa-aikaa edelt\u00e4v\u00e4ss\u00e4 <span class=\"iwg-fachbegriff\" data-tooltip=\"Jumaluuteen tai pyh\u00e4\u00e4n hahmoon kohdistuvien uskonnollisten palvontatoimien kokonaisuus.\" tabindex=\"0\">kultissa<\/span> v\u00e4ltt\u00e4m\u00e4tt\u00e4 ollut keskeisess\u00e4 asemassa. Asiaa vaikeuttaa se, ett\u00e4 Viracocha oli my\u00f6s historiallisen inkahallitsijan nimi ja ett\u00e4 espanjalaiset havainnoitsijat eiv\u00e4t aina erottaneet n\u00e4it\u00e4 kahta selv\u00e4sti toisistaan.<\/p><p>Vakavasti otettavan esityksen on siis korostettava, ett\u00e4 perinteinen Viracocha-kuva sis\u00e4lt\u00e4\u00e4 siirtomaa-aikaisen rakennelman, jonka siirtomaa-aikaa edelt\u00e4v\u00e4\u00e4 perustaa on vain ep\u00e4varmasti mahdollista rekonstruoida. Inkojen alueellisesta uskonnollisesta k\u00e4yt\u00e4nn\u00f6st\u00e4 katso my\u00f6s <a href=\"https:\/\/iwell-guard.com\/fi\/?page_id=144154\">Inti<\/a>.<\/p>\t\t\t\t\t\t\t\t<\/div>\n\t\t\t\t\t<\/div>\n\t\t\t\t<\/div>\n\t\t\t\t\t<\/div>\n\t\t\t\t<\/div>\n\t\t<div class=\"elementor-element elementor-element-cp287f08ac e-flex e-con-boxed e-con e-parent\" data-id=\"cp287f08ac\" data-element_type=\"container\" data-e-type=\"container\">\n\t\t\t\t\t<div class=\"e-con-inner\">\n\t\t\t\t<div class=\"elementor-element elementor-element-cp286b8694 elementor-widget elementor-widget-heading\" data-id=\"cp286b8694\" data-element_type=\"widget\" data-e-type=\"widget\" data-widget_type=\"heading.default\">\n\t\t\t\t\t<h2 class=\"elementor-heading-title elementor-size-default\">Kiista Viracochasta korkeimpana jumalana<\/h2>\t\t\t\t<\/div>\n\t\t<div class=\"elementor-element elementor-element-cp2779dfd9 e-flex e-con-boxed e-con e-child\" data-id=\"cp2779dfd9\" data-element_type=\"container\" data-e-type=\"container\">\n\t\t\t\t\t<div class=\"e-con-inner\">\n\t\t\t\t<div class=\"elementor-element elementor-element-cp27b87720 elementor-widget elementor-widget-text-editor\" data-id=\"cp27b87720\" data-element_type=\"widget\" data-e-type=\"widget\" data-widget_type=\"text-editor.default\">\n\t\t\t\t\t\t\t\t\t<p>Yksi andien tutkimuksen pitk\u00e4ik\u00e4isist\u00e4 keskusteluista koskee kysymyst\u00e4, oliko Viracocha siirtomaa-aikaa edelt\u00e4v\u00e4ss\u00e4 Inkavaltakunnassa korkein jumala, joka oli muiden jumaluuksien yl\u00e4puolella.<\/p><p>1800-luvun lopulla ja 1900-luvun alussa osa tutkijoista katsoi, ett\u00e4 inkat olisivat auringonpalvonnan pinnan alla palvoneet abstraktia luojajumalaa, joka muistutti kristillist\u00e4 jumalak\u00e4sityst\u00e4. T\u00e4m\u00e4 n\u00e4kemys sopi teorioihin, joissa korkeakulttuureista etsittiin taipumusta <span class=\"iwg-fachbegriff\" data-tooltip=\"Uskon yhteen ainoaan jumalaan.\" tabindex=\"0\">monoteismiin<\/span>.<\/p><p>My\u00f6hempi tutkimus on selv\u00e4sti suhteuttanut t\u00e4t\u00e4 tulkintaa. Kriitikot, kuten Pierre Duviols ja R. T. Zuidema, huomauttivat, ett\u00e4 l\u00e4hteet, joissa Viracocha esitet\u00e4\u00e4n korkeimpana jumalana, ovat l\u00e4hes kaikki l\u00e4hetysty\u00f6n vaikutuksen alaisia.<\/p><p>Inkojen todellisuudessa havaittavissa olevassa <span class=\"iwg-fachbegriff\" data-tooltip=\"Jumaluuteen tai pyh\u00e4\u00e4n hahmoon kohdistuvien uskonnollisten palvontatoimien kokonaisuus.\" tabindex=\"0\">kultissa<\/span> auringonjumala oli valtiollisen palvonnan keski\u00f6ss\u00e4, ja Coricancha Cuscossa oli t\u00e4rkein <span class=\"iwg-fachbegriff\" data-tooltip=\"Jumaluuden palvontaan omistettu pyh\u00e4 paikka.\" tabindex=\"0\">pyh\u00e4kk\u00f6<\/span>. Viracochalla oli kyll\u00e4kin oma <span class=\"iwg-fachbegriff\" data-tooltip=\"Rakennus, joka on omistettu yhden tai useamman jumaluuden palvontaan.\" tabindex=\"0\">temppelins\u00e4<\/span> ja <span class=\"iwg-fachbegriff\" data-tooltip=\"Jumaluuteen tai pyh\u00e4\u00e4n hahmoon kohdistuvien uskonnollisten palvontatoimien kokonaisuus.\" tabindex=\"0\">kulttinsa<\/span>, mutta h\u00e4nen v\u00e4itetty\u00e4 asemaansa kaikkien muiden jumaluuksien yl\u00e4puolella on vaikea todistaa l\u00e4hteiden perusteella.<\/p><p>Nykyinen tutkimus suuntautuu keskitiehen. Viracocha oli merkitt\u00e4v\u00e4 luoja- ja alkuhahmo, jonka palvonta oli t\u00e4rke\u00e4\u00e4 alueellisesti ja tietyiss\u00e4 yhteyksiss\u00e4, mutta ei monoteistisesti ajatellun j\u00e4rjestelm\u00e4n keskus.<\/p><p>K\u00e4sitys Viracochasta korkeimpana jumalana pidet\u00e4\u00e4n nyky\u00e4\u00e4n suurelta osin siirtomaa-aikaisen <span class=\"iwg-fachbegriff\" data-tooltip=\"Tieteellinen oppi jumalasta ja uskonnon uskosta.\" tabindex=\"0\">teologian<\/span> tuotteena, joka etsi andien uskonnosta vastinetta omalle jumalak\u00e4sitykselleen.<\/p><p>T\u00e4m\u00e4 tapaus mainitaan <span class=\"iwg-fachbegriff\" data-tooltip=\"Tiede, joka tutkii uskontoja vertailevasti ja sitoutumatta mihink\u00e4\u00e4n uskoon.\" tabindex=\"0\">uskontotieteess\u00e4<\/span> usein esimerkkin\u00e4 siit\u00e4, miten l\u00e4hetysty\u00f6n intressit voivat vaikuttaa h\u00e4vinneen uskonnon rekonstruktioon. Viracochan esitt\u00e4misen kannalta t\u00e4m\u00e4 tarkoittaa, ett\u00e4 kaikkiin v\u00e4itteisiin h\u00e4nen asemastaan <span class=\"iwg-fachbegriff\" data-tooltip=\"Uskonnon tai kulttuurin jumalten kokonaisuus.\" tabindex=\"0\">pantheonissa<\/span> on suhtauduttava varauksella.<\/p>\t\t\t\t\t\t\t\t<\/div>\n\t\t\t\t\t<\/div>\n\t\t\t\t<\/div>\n\t\t\t\t\t<\/div>\n\t\t\t\t<\/div>\n\t\t<div class=\"elementor-element elementor-element-iwgw-viracocha-lit e-flex e-con-boxed e-con e-parent\" data-id=\"iwgw-viracocha-lit\" data-element_type=\"container\" data-e-type=\"container\">\n\t\t\t\t\t<div class=\"e-con-inner\">\n\t\t\t\t<div class=\"elementor-element elementor-element-iwgw-viracocha-lith elementor-widget elementor-widget-heading\" data-id=\"iwgw-viracocha-lith\" data-element_type=\"widget\" data-e-type=\"widget\" data-widget_type=\"heading.default\">\n\t\t\t\t\t<h2 class=\"elementor-heading-title elementor-size-default\">Kirjallisuus (valikoima)<\/h2>\t\t\t\t<\/div>\n\t\t<div class=\"elementor-element elementor-element-iwgw-viracocha-litc e-con-full e-flex e-con e-child\" data-id=\"iwgw-viracocha-litc\" data-element_type=\"container\" data-e-type=\"container\">\n\t\t\t\t<div class=\"elementor-element elementor-element-iwgw-viracocha-litt elementor-widget elementor-widget-text-editor\" data-id=\"iwgw-viracocha-litt\" data-element_type=\"widget\" data-e-type=\"widget\" data-widget_type=\"text-editor.default\">\n\t\t\t\t\t\t\t\t\t<ul><li>Henrique Urbano: <em>Wiraqocha y Ayar<\/em> (1981)<\/li><li>Pierre Duviols: <em>La lutte contre les religions autochtones<\/em> (1971)<\/li><li>Therese Bouysse-Cassagne: <em>Lluvias y cenizas<\/em> (1988)<\/li><li>Cesar Itier: <em>Les Incas<\/em> (2008)<\/li><li>Pedro Sarmiento de Gamboa: <em>Historia indica<\/em> (1572)<\/li><li>Cristobal de Molina: <em>Relacion de las fabulas y ritos de los Incas<\/em> (1575)<\/li><li>John Janusek: <em>Ancient Tiwanaku<\/em> (2008)<\/li><\/ul>\t\t\t\t\t\t\t\t<\/div>\n\t\t\t\t<\/div>\n\t\t\t\t\t<\/div>\n\t\t\t\t<\/div>\n\t\t<div class=\"elementor-element elementor-element-iwgkw2-add-viracocha e-flex e-con-boxed e-con e-parent\" data-id=\"iwgkw2-add-viracocha\" data-element_type=\"container\" data-e-type=\"container\">\n\t\t\t\t\t<div class=\"e-con-inner\">\n\t\t\t\t<div class=\"elementor-element elementor-element-iwgkw2-add-viracocha-t elementor-widget elementor-widget-text-editor\" data-id=\"iwgkw2-add-viracocha-t\" data-element_type=\"widget\" data-e-type=\"widget\" data-widget_type=\"text-editor.default\">\n\t\t\t\t\t\t\t\t\t<p>Andien perinteess\u00e4 Viracochaa pidet\u00e4\u00e4n <em>kosmisena<\/em> <em>j\u00e4rjestyksen luojana<\/em>, joka asetti auringon, kuun ja t\u00e4hdet paikoilleen ja synnytti ihmiset Titicacaj\u00e4rven vedest\u00e4; espanjalaiset kronikoitsijat Cieza de Le\u00f3n ja Betanzos dokumentoivat t\u00e4m\u00e4n <span class=\"iwg-fachbegriff\" data-tooltip=\"Uskonnon tai kulttuurin jumalten kokonaisuus.\" tabindex=\"0\">pantheonin<\/span>.<\/p>\t\t\t\t\t\t\t\t<\/div>\n\t\t\t\t\t<\/div>\n\t\t\t\t<\/div>\n\t\t<div class=\"elementor-element elementor-element-iwgw-viracocha-kwd e-flex e-con-boxed e-con e-parent\" data-id=\"iwgw-viracocha-kwd\" data-element_type=\"container\" data-e-type=\"container\">\n\t\t\t\t\t<div class=\"e-con-inner\">\n\t\t<div class=\"elementor-element elementor-element-iwgw-viracocha-kwdc e-con-full e-flex e-con e-child\" data-id=\"iwgw-viracocha-kwdc\" data-element_type=\"container\" data-e-type=\"container\">\n\t\t\t\t<div class=\"elementor-element elementor-element-iwgw-viracocha-kwdt elementor-widget elementor-widget-text-editor\" data-id=\"iwgw-viracocha-kwdt\" data-element_type=\"widget\" data-e-type=\"widget\" data-widget_type=\"text-editor.default\">\n\t\t\t\t\t\t\t\t\t<p><em>Aiheeseen liittyv\u00e4t avainsanat: Viracocha Wiraqucha Tunupa Pachayachachiq Tiwanaku Staffgod Pacaritambo Raqchi Cacha.<\/em><\/p>\t\t\t\t\t\t\t\t<\/div>\n\t\t\t\t<\/div>\n\t\t\t\t\t<\/div>\n\t\t\t\t<\/div>\n\t\t<div class=\"elementor-element elementor-element-iwgw-viracocha-cc e-flex e-con-boxed e-con e-parent\" data-id=\"iwgw-viracocha-cc\" data-element_type=\"container\" data-e-type=\"container\" id=\"iwg-cc-viracocha\">\n\t\t\t\t\t<div class=\"e-con-inner\">\n\t\t<div class=\"elementor-element elementor-element-iwgw-viracocha-ccinner e-flex e-con-boxed e-con e-parent\" data-id=\"iwgw-viracocha-ccinner\" data-element_type=\"container\" data-e-type=\"container\" data-settings=\"{&quot;background_background&quot;:&quot;classic&quot;}\">\n\t\t\t\t\t<div class=\"e-con-inner\">\n\t\t\t\t<div class=\"elementor-element elementor-element-iwgw-viracocha-cch elementor-widget elementor-widget-heading\" data-id=\"iwgw-viracocha-cch\" data-element_type=\"widget\" data-e-type=\"widget\" data-widget_type=\"heading.default\">\n\t\t\t\t\t<h2 class=\"elementor-heading-title elementor-size-default\">iWell Guard ja suojelutraditiot<\/h2>\t\t\t\t<\/div>\n\t\t\t\t<div class=\"elementor-element elementor-element-iwgw-viracocha-cct elementor-widget elementor-widget-text-editor\" data-id=\"iwgw-viracocha-cct\" data-element_type=\"widget\" data-e-type=\"widget\" data-widget_type=\"text-editor.default\">\n\t\t\t\t\t\t\t\t\t<div data-nosnippet=\"true\"><p>iWell Guard jatkaa kannettavien suojaesineiden kulttuurihistoriallista perinnett\u00e4, kuten <a href=\"https:\/\/iwell-guard.com\/fi\/?page_id=144144\">Andit \/ Inka<\/a> -kulttuurissa ja monissa muissa kulttuureissa ymp\u00e4ri maailmaa. 41 tasoa, aitoa kultaa, platinaa, hopeaa, valmistettu Saksassa. 30 p\u00e4iv\u00e4n palautusoikeus.<\/p><\/div>\t\t\t\t\t\t\t\t<\/div>\n\t\t\t\t<div class=\"elementor-element elementor-element-iwgw-viracocha-ccb iwg-cc-button iwg-cc-cta-2026-05-13 elementor-widget elementor-widget-jet-button\" data-id=\"iwgw-viracocha-ccb\" data-element_type=\"widget\" data-e-type=\"widget\" data-widget_type=\"jet-button.default\">\n\t\t\t\t<div class=\"elementor-widget-container\">\n\t\t\t\t\t<div class=\"elementor-jet-button jet-elements\"><div class=\"jet-button__container\"><a class=\"jet-button__instance jet-button__instance--icon-left hover-effect-1\" href=\"\/ueber-iwell-guard\/?utm_source=iwell-guard.com&amp;utm_medium=info-box&amp;utm_campaign=wesen-tradition\"><div class=\"jet-button__plane jet-button__plane-normal\"><\/div><div class=\"jet-button__plane jet-button__plane-hover\"><\/div><div class=\"jet-button__state jet-button__state-normal\"><span class=\"jet-button__label\">Lis\u00e4\u00e4 iWell Guardista<\/span><\/div><div class=\"jet-button__state jet-button__state-hover\"><span class=\"jet-button__label\">Lis\u00e4\u00e4 iWell Guardista<\/span><\/div><\/a><\/div><\/div><style>.elementor-element.elementor-element-iwgw-viracocha-ccb .jet-button__instance{width:320px;height:56px;}.elementor-element.elementor-element-iwgw-viracocha-ccb .jet-button__state-normal .jet-button__label{text-align:center;margin:0px 0px 0px 0px;color:#1a1b20;font-family:Montserrat,sans-serif;font-size:13px;font-weight:400;letter-spacing:4px;line-height:1.714em;text-transform:uppercase;}.elementor-element.elementor-element-iwgw-viracocha-ccb .jet-button__state-hover .jet-button__label{text-align:center;margin:0px 0px 0px 0px;color:#FECC76;font-family:Montserrat,sans-serif;font-size:13px;font-weight:400;letter-spacing:4px;line-height:1.714em;text-transform:uppercase;}.elementor-element.elementor-element-iwgw-viracocha-ccb .jet-button__plane-normal{background-color:#FECC76;border-style:solid;border-color:#C99540;border-width:2px 2px 2px 2px;}.elementor-element.elementor-element-iwgw-viracocha-ccb .jet-button__plane-hover{background-color:rgba(0,0,0,0.55);border-style:solid;border-color:#FECC76;border-width:2px 2px 2px 2px;}<\/style>\t\t\t\t<\/div>\n\t\t\t\t<\/div>\n\t\t\t\t<div class=\"elementor-element elementor-element-iwgw-viracocha-ccd elementor-widget elementor-widget-text-editor\" data-id=\"iwgw-viracocha-ccd\" data-element_type=\"widget\" data-e-type=\"widget\" data-widget_type=\"text-editor.default\">\n\t\t\t\t\t\t\t\t\t<div data-nosnippet=\"true\"><p style=\"text-align:center;font-size:13px;opacity:0.7;margin-top:14px\" data-nosnippet=\"true\">Henkil\u00f6kohtaiset kokemukset voivat vaihdella. Ei l\u00e4\u00e4kinn\u00e4llinen laite. Ei paranemislupausta.<\/p><\/div>\t\t\t\t\t\t\t\t<\/div>\n\t\t\t\t\t<\/div>\n\t\t\t\t<\/div>\n\t\t\t\t\t<\/div>\n\t\t\t\t<\/div>\n\t\t<div class=\"elementor-element elementor-element-iwgw-viracocha-disc e-flex e-con-boxed e-con e-parent\" data-id=\"iwgw-viracocha-disc\" data-element_type=\"container\" data-e-type=\"container\">\n\t\t\t\t\t<div class=\"e-con-inner\">\n\t\t\t\t<div class=\"elementor-element elementor-element-iwgw-viracocha-discw elementor-widget elementor-widget-html\" data-id=\"iwgw-viracocha-discw\" data-element_type=\"widget\" data-e-type=\"widget\" data-widget_type=\"html.default\">\n\t\t\t\t\t<footer data-nosnippet=\"true\" class=\"iwg-disclaimer-block\"><p data-nosnippet=\"true\">iWell Guard <strong>ei ole l\u00e4\u00e4kinn\u00e4llinen laite<\/strong>, eik\u00e4 se korvaa l\u00e4\u00e4k\u00e4rin tai psykoterapeutin hoitoa. Uskontotieteelliset sis\u00e4ll\u00f6t ovat kulttuurihistoriallista tarkastelua, ei suositus hengelliseen k\u00e4yt\u00e4nt\u00f6\u00f6n.<\/p><\/footer>\t\t\t\t<\/div>\n\t\t\t\t\t<\/div>\n\t\t\t\t<\/div>\n\t\t\t\t<\/div>\n\t\t","protected":false},"excerpt":{"rendered":"","protected":false},"author":3,"featured_media":2684,"parent":0,"menu_order":0,"comment_status":"closed","ping_status":"closed","template":"elementor_header_footer","meta":{"_yoast_wpseo_focuskw":"Viracocha, inkojen luojajumala","_yoast_wpseo_title":"Viracocha \u2013 inkojen luojajumala ja myytti","_yoast_wpseo_metadesc":"Viracocha, Andien luojajumala, oli varhaisten kronikoiden mukaan korkein olento ennen Inti\u00e4. Uskontotieteellinen tarkastelu ja kultti.","_yoast_wpseo_meta-robots-noindex":"","_yoast_wpseo_canonical":"","_angie_page":false,"gefaehrdungsstufe":"1","wesen_kultur":"anden-inka","wesen_klasse":"goetter","footnotes":""},"categories":[],"class_list":["post-144156","page","type-page","status-publish","has-post-thumbnail","hentry"],"yoast_head":"<!-- This site is optimized with the Yoast SEO Premium plugin v27.7 (Yoast SEO v28.3) - https:\/\/yoast.com\/product\/yoast-seo-premium-wordpress\/ -->\n<title>Viracocha \u2013 inkojen luojajumala ja myytti<\/title>\n<meta name=\"description\" content=\"Viracocha, Andien luojajumala, oli varhaisten kronikoiden mukaan korkein olento ennen Inti\u00e4. Uskontotieteellinen tarkastelu ja kultti.\" \/>\n<meta name=\"robots\" content=\"index, follow, max-snippet:-1, max-image-preview:large, max-video-preview:-1\" \/>\n<link rel=\"canonical\" href=\"https:\/\/iwell-guard.com\/fi\/viracocha-andien-luojajumala\/\" \/>\n<meta property=\"og:locale\" content=\"fi_FI\" \/>\n<meta property=\"og:type\" content=\"article\" \/>\n<meta property=\"og:title\" content=\"Viracocha \u2013 Andien luojajumala\" \/>\n<meta property=\"og:description\" content=\"Viracocha, Andien luojajumala, oli varhaisten kronikoiden mukaan korkein olento ennen Inti\u00e4. Uskontotieteellinen tarkastelu ja kultti.\" \/>\n<meta property=\"og:url\" content=\"https:\/\/iwell-guard.com\/fi\/viracocha-andien-luojajumala\/\" \/>\n<meta property=\"og:site_name\" content=\"iWell Guard\" \/>\n<meta property=\"article:modified_time\" content=\"2026-09-03T12:52:17+00:00\" \/>\n<meta property=\"og:image\" content=\"https:\/\/iwell-guard.com\/wp-content\/uploads\/2026\/05\/goetter_anden-inka_viracocha.webp\" \/>\n\t<meta property=\"og:image:width\" content=\"1024\" \/>\n\t<meta property=\"og:image:height\" content=\"1536\" \/>\n\t<meta property=\"og:image:type\" content=\"image\/webp\" \/>\n<meta name=\"twitter:card\" content=\"summary_large_image\" \/>\n<script type=\"application\/ld+json\" class=\"yoast-schema-graph\">{\"@context\":\"https:\\\/\\\/schema.org\",\"@graph\":[{\"@type\":\"WebPage\",\"@id\":\"https:\\\/\\\/iwell-guard.com\\\/fi\\\/viracocha-andien-luojajumala\\\/\",\"url\":\"https:\\\/\\\/iwell-guard.com\\\/fi\\\/viracocha-andien-luojajumala\\\/\",\"name\":\"Viracocha \u2013 inkojen luojajumala ja myytti\",\"isPartOf\":{\"@id\":\"https:\\\/\\\/iwell-guard.com\\\/fi\\\/#website\"},\"primaryImageOfPage\":{\"@id\":\"https:\\\/\\\/iwell-guard.com\\\/fi\\\/viracocha-andien-luojajumala\\\/#primaryimage\"},\"image\":{\"@id\":\"https:\\\/\\\/iwell-guard.com\\\/fi\\\/viracocha-andien-luojajumala\\\/#primaryimage\"},\"thumbnailUrl\":\"https:\\\/\\\/iwell-guard.com\\\/wp-content\\\/uploads\\\/2026\\\/05\\\/goetter_anden-inka_viracocha.webp\",\"datePublished\":\"2026-09-03T12:32:32+00:00\",\"dateModified\":\"2026-09-03T12:52:17+00:00\",\"description\":\"Viracocha, Andien luojajumala, oli varhaisten kronikoiden mukaan korkein olento ennen Inti\u00e4. Uskontotieteellinen tarkastelu ja kultti.\",\"breadcrumb\":{\"@id\":\"https:\\\/\\\/iwell-guard.com\\\/fi\\\/viracocha-andien-luojajumala\\\/#breadcrumb\"},\"inLanguage\":\"fi\",\"potentialAction\":[{\"@type\":\"ReadAction\",\"target\":[\"https:\\\/\\\/iwell-guard.com\\\/fi\\\/viracocha-andien-luojajumala\\\/\"]}]},{\"@type\":\"ImageObject\",\"inLanguage\":\"fi\",\"@id\":\"https:\\\/\\\/iwell-guard.com\\\/fi\\\/viracocha-andien-luojajumala\\\/#primaryimage\",\"url\":\"https:\\\/\\\/iwell-guard.com\\\/wp-content\\\/uploads\\\/2026\\\/05\\\/goetter_anden-inka_viracocha.webp\",\"contentUrl\":\"https:\\\/\\\/iwell-guard.com\\\/wp-content\\\/uploads\\\/2026\\\/05\\\/goetter_anden-inka_viracocha.webp\",\"width\":1024,\"height\":1536,\"caption\":\"Jumalia Andien-inka-perinteest\u00e4.\"},{\"@type\":\"BreadcrumbList\",\"@id\":\"https:\\\/\\\/iwell-guard.com\\\/fi\\\/viracocha-andien-luojajumala\\\/#breadcrumb\",\"itemListElement\":[{\"@type\":\"ListItem\",\"position\":1,\"name\":\"Start\",\"item\":\"https:\\\/\\\/iwell-guard.com\\\/fi\\\/?page_id=143815\"},{\"@type\":\"ListItem\",\"position\":2,\"name\":\"Viracocha \u2013 Andien luojajumala\"}]},{\"@type\":\"WebSite\",\"@id\":\"https:\\\/\\\/iwell-guard.com\\\/fi\\\/#website\",\"url\":\"https:\\\/\\\/iwell-guard.com\\\/fi\\\/\",\"name\":\"iWell Guard\",\"description\":\"Schutz vor dunklen Einfl\u00fcssen\",\"publisher\":{\"@id\":\"https:\\\/\\\/iwell-guard.com\\\/fi\\\/#organization\"},\"potentialAction\":[{\"@type\":\"SearchAction\",\"target\":{\"@type\":\"EntryPoint\",\"urlTemplate\":\"https:\\\/\\\/iwell-guard.com\\\/fi\\\/?s={search_term_string}\"},\"query-input\":{\"@type\":\"PropertyValueSpecification\",\"valueRequired\":true,\"valueName\":\"search_term_string\"}}],\"inLanguage\":\"fi\"},{\"@type\":\"Organization\",\"@id\":\"https:\\\/\\\/iwell-guard.com\\\/fi\\\/#organization\",\"name\":\"Ittermann electronic GmbH\",\"url\":\"https:\\\/\\\/iwell-guard.com\\\/fi\\\/\",\"logo\":{\"@type\":\"ImageObject\",\"inLanguage\":\"fi\",\"@id\":\"https:\\\/\\\/iwell-guard.com\\\/fi\\\/#\\\/schema\\\/logo\\\/image\\\/\",\"url\":\"https:\\\/\\\/iwell-guard.com\\\/wp-content\\\/uploads\\\/2026\\\/05\\\/Ittermann-Logo-1182x237-1.png\",\"contentUrl\":\"https:\\\/\\\/iwell-guard.com\\\/wp-content\\\/uploads\\\/2026\\\/05\\\/Ittermann-Logo-1182x237-1.png\",\"width\":1182,\"height\":237,\"caption\":\"Ittermann electronic GmbH\"},\"image\":{\"@id\":\"https:\\\/\\\/iwell-guard.com\\\/fi\\\/#\\\/schema\\\/logo\\\/image\\\/\"},\"sameAs\":[\"https:\\\/\\\/pantip.com\\\/profile\\\/9367242\",\"https:\\\/\\\/micro.blog\\\/iwellguard\",\"https:\\\/\\\/www.diggerslist.com\\\/iwellguard\\\/about\",\"https:\\\/\\\/skitterphoto.com\\\/photographers\\\/2870314\\\/iwell-guard\",\"https:\\\/\\\/iwellguard.wordpress.com\\\/2026\\\/06\\\/06\\\/iwell-guard\\\/\",\"https:\\\/\\\/hub.docker.com\\\/u\\\/iwellguard\",\"https:\\\/\\\/www.pinterest.com\\\/iwellguard\\\/\",\"https:\\\/\\\/bit.ly\\\/m\\\/iwellguard\",\"https:\\\/\\\/entre-vos-mains.alsace.eu\\\/profiles\\\/iwellguard\\\/activity\",\"https:\\\/\\\/gravatar.com\\\/reallybeded8fd34\",\"https:\\\/\\\/naijamatta.com\\\/iwellguard\",\"https:\\\/\\\/www.goodreads.com\\\/iwellguard\",\"https:\\\/\\\/profile.hatena.ne.jp\\\/iwellguard\\\/\",\"https:\\\/\\\/experiment.com\\\/users\\\/iwellguard\",\"https:\\\/\\\/wakelet.com\\\/@iWellGuard82270\",\"https:\\\/\\\/www.chordie.com\\\/forum\\\/profile.php?id=2555664\",\"https:\\\/\\\/www.instapaper.com\\\/p\\\/17757966\",\"https:\\\/\\\/www.mapleprimes.com\\\/users\\\/iwellguard\",\"https:\\\/\\\/businesslistingplus.com\\\/profile\\\/iwell-guard\\\/\",\"https:\\\/\\\/telegra.ph\\\/iWell-Guard-06-06\",\"https:\\\/\\\/pbase.com\\\/iwellguard\\\/iwellguard\",\"https:\\\/\\\/b.hatena.ne.jp\\\/iwellguard\\\/20260607#bookmark-4788405196491818882\",\"https:\\\/\\\/fliphtml5.com\\\/home\\\/iwellguard\",\"https:\\\/\\\/anyflip.com\\\/homepage\\\/cmiwl#About\",\"https:\\\/\\\/transfur.com\\\/Users\\\/iwellguard\",\"http:\\\/\\\/delphi.larsbo.org\\\/user\\\/iwellguard\",\"https:\\\/\\\/jobs.lajobsportal.org\\\/profiles\\\/8380803-iwell-guard\",\"https:\\\/\\\/md.chaosdorf.de\\\/s\\\/jfbe5SBdJD\",\"https:\\\/\\\/www.lingvolive.com\\\/en-us\\\/profile\\\/9ecaeaca-ce11-4e51-9e71-01d55e2bff36\\\/translations\",\"https:\\\/\\\/www.fitday.com\\\/fitness\\\/forums\\\/members\\\/iwellguard.html\",\"https:\\\/\\\/www.mymeetbook.com\\\/iwellguard\",\"https:\\\/\\\/pxhere.com\\\/en\\\/photographer-me\\\/5040798\",\"https:\\\/\\\/disqus.com\\\/by\\\/iwellguard\\\/about\\\/\",\"https:\\\/\\\/pastelink.net\\\/hjwciqwq\",\"https:\\\/\\\/pubhtml5.com\\\/homepage\\\/scjhn\\\/\",\"https:\\\/\\\/www.bitchute.com\\\/channel\\\/2O2eOKzNqujT\",\"https:\\\/\\\/audiomack.com\\\/iwellguard\"]},{\"@type\":\"Article\",\"@id\":\"https:\\\/\\\/iwell-guard.com\\\/fi\\\/viracocha-andien-luojajumala\\\/#article\",\"isPartOf\":{\"@id\":\"https:\\\/\\\/iwell-guard.com\\\/fi\\\/viracocha-andien-luojajumala\\\/\"},\"author\":{\"name\":\"Ralf Ittermann\",\"@id\":\"https:\\\/\\\/iwell-guard.com\\\/fi\\\/#\\\/schema\\\/person\\\/ee2a27f1cac3406c7c6fb5820cb7349f\"},\"headline\":\"Viracocha \u2013 Andien luojajumala\",\"datePublished\":\"2026-09-03T12:32:32+00:00\",\"dateModified\":\"2026-09-03T12:52:17+00:00\",\"mainEntityOfPage\":{\"@id\":\"https:\\\/\\\/iwell-guard.com\\\/fi\\\/viracocha-andien-luojajumala\\\/\"},\"publisher\":{\"@id\":\"https:\\\/\\\/iwell-guard.com\\\/fi\\\/#organization\"},\"image\":{\"@id\":\"https:\\\/\\\/iwell-guard.com\\\/fi\\\/viracocha-andien-luojajumala\\\/#primaryimage\"},\"thumbnailUrl\":\"https:\\\/\\\/iwell-guard.com\\\/wp-content\\\/uploads\\\/2026\\\/05\\\/goetter_anden-inka_viracocha.webp\",\"inLanguage\":\"fi\",\"description\":\"Viracocha, Andien luojajumala, oli varhaisten kronikoiden mukaan korkein olento ennen Inti\u00e4. Uskontotieteellinen tarkastelu ja kultti.\"}]}<\/script>\n<!-- \/ Yoast SEO Premium plugin. -->","yoast_head_json":{"title":"Viracocha \u2013 inkojen luojajumala ja myytti","description":"Viracocha, Andien luojajumala, oli varhaisten kronikoiden mukaan korkein olento ennen Inti\u00e4. Uskontotieteellinen tarkastelu ja kultti.","robots":{"index":"index","follow":"follow","max-snippet":"max-snippet:-1","max-image-preview":"max-image-preview:large","max-video-preview":"max-video-preview:-1"},"canonical":"https:\/\/iwell-guard.com\/fi\/viracocha-andien-luojajumala\/","og_locale":"fi_FI","og_type":"article","og_title":"Viracocha \u2013 Andien luojajumala","og_description":"Viracocha, Andien luojajumala, oli varhaisten kronikoiden mukaan korkein olento ennen Inti\u00e4. Uskontotieteellinen tarkastelu ja kultti.","og_url":"https:\/\/iwell-guard.com\/fi\/viracocha-andien-luojajumala\/","og_site_name":"iWell Guard","article_modified_time":"2026-09-03T12:52:17+00:00","og_image":[{"width":1024,"height":1536,"url":"https:\/\/iwell-guard.com\/wp-content\/uploads\/2026\/05\/goetter_anden-inka_viracocha.webp","type":"image\/webp"}],"twitter_card":"summary_large_image","schema":{"@context":"https:\/\/schema.org","@graph":[{"@type":"Article","@id":"https:\/\/iwell-guard.com\/fi\/viracocha-andien-luojajumala\/#article","isPartOf":{"@id":"https:\/\/iwell-guard.com\/fi\/viracocha-andien-luojajumala\/"},"author":{"name":"Ralf Ittermann","@id":"https:\/\/iwell-guard.com\/fi\/#\/schema\/person\/ee2a27f1cac3406c7c6fb5820cb7349f"},"headline":"Viracocha \u2013 Andien luojajumala","datePublished":"2026-09-03T12:32:32+00:00","dateModified":"2026-09-03T12:52:17+00:00","mainEntityOfPage":{"@id":"https:\/\/iwell-guard.com\/fi\/viracocha-andien-luojajumala\/"},"publisher":{"@id":"https:\/\/iwell-guard.com\/fi\/#organization"},"image":{"@id":"https:\/\/iwell-guard.com\/fi\/viracocha-andien-luojajumala\/#primaryimage"},"thumbnailUrl":"https:\/\/iwell-guard.com\/wp-content\/uploads\/2026\/05\/goetter_anden-inka_viracocha.webp","inLanguage":"fi","description":"Viracocha, Andien luojajumala, oli varhaisten kronikoiden mukaan korkein olento ennen Inti\u00e4. Uskontotieteellinen tarkastelu ja kultti."},{"@type":"WebPage","@id":"https:\/\/iwell-guard.com\/fi\/viracocha-andien-luojajumala\/","url":"https:\/\/iwell-guard.com\/fi\/viracocha-andien-luojajumala\/","name":"Viracocha \u2013 inkojen luojajumala ja myytti","isPartOf":{"@id":"https:\/\/iwell-guard.com\/fi\/#website"},"primaryImageOfPage":{"@id":"https:\/\/iwell-guard.com\/fi\/viracocha-andien-luojajumala\/#primaryimage"},"image":{"@id":"https:\/\/iwell-guard.com\/fi\/viracocha-andien-luojajumala\/#primaryimage"},"thumbnailUrl":"https:\/\/iwell-guard.com\/wp-content\/uploads\/2026\/05\/goetter_anden-inka_viracocha.webp","datePublished":"2026-09-03T12:32:32+00:00","dateModified":"2026-09-03T12:52:17+00:00","description":"Viracocha, Andien luojajumala, oli varhaisten kronikoiden mukaan korkein olento ennen Inti\u00e4. Uskontotieteellinen tarkastelu ja kultti.","breadcrumb":{"@id":"https:\/\/iwell-guard.com\/fi\/viracocha-andien-luojajumala\/#breadcrumb"},"inLanguage":"fi","potentialAction":[{"@type":"ReadAction","target":["https:\/\/iwell-guard.com\/fi\/viracocha-andien-luojajumala\/"]}]},{"@type":"ImageObject","inLanguage":"fi","@id":"https:\/\/iwell-guard.com\/fi\/viracocha-andien-luojajumala\/#primaryimage","url":"https:\/\/iwell-guard.com\/wp-content\/uploads\/2026\/05\/goetter_anden-inka_viracocha.webp","contentUrl":"https:\/\/iwell-guard.com\/wp-content\/uploads\/2026\/05\/goetter_anden-inka_viracocha.webp","width":1024,"height":1536,"caption":"Jumalia Andien-inka-perinteest\u00e4."},{"@type":"BreadcrumbList","@id":"https:\/\/iwell-guard.com\/fi\/viracocha-andien-luojajumala\/#breadcrumb","itemListElement":[{"@type":"ListItem","position":1,"name":"Start","item":"https:\/\/iwell-guard.com\/fi\/?page_id=143815"},{"@type":"ListItem","position":2,"name":"Viracocha \u2013 Andien luojajumala"}]},{"@type":"WebSite","@id":"https:\/\/iwell-guard.com\/fi\/#website","url":"https:\/\/iwell-guard.com\/fi\/","name":"iWell Guard","description":"Schutz vor dunklen Einfl\u00fcssen","publisher":{"@id":"https:\/\/iwell-guard.com\/fi\/#organization"},"potentialAction":[{"@type":"SearchAction","target":{"@type":"EntryPoint","urlTemplate":"https:\/\/iwell-guard.com\/fi\/?s={search_term_string}"},"query-input":{"@type":"PropertyValueSpecification","valueRequired":true,"valueName":"search_term_string"}}],"inLanguage":"fi"},{"@type":"Organization","@id":"https:\/\/iwell-guard.com\/fi\/#organization","name":"Ittermann electronic GmbH","url":"https:\/\/iwell-guard.com\/fi\/","logo":{"@type":"ImageObject","inLanguage":"fi","@id":"https:\/\/iwell-guard.com\/fi\/#\/schema\/logo\/image\/","url":"https:\/\/iwell-guard.com\/wp-content\/uploads\/2026\/05\/Ittermann-Logo-1182x237-1.png","contentUrl":"https:\/\/iwell-guard.com\/wp-content\/uploads\/2026\/05\/Ittermann-Logo-1182x237-1.png","width":1182,"height":237,"caption":"Ittermann electronic GmbH"},"image":{"@id":"https:\/\/iwell-guard.com\/fi\/#\/schema\/logo\/image\/"},"sameAs":["https:\/\/pantip.com\/profile\/9367242","https:\/\/micro.blog\/iwellguard","https:\/\/www.diggerslist.com\/iwellguard\/about","https:\/\/skitterphoto.com\/photographers\/2870314\/iwell-guard","https:\/\/iwellguard.wordpress.com\/2026\/06\/06\/iwell-guard\/","https:\/\/hub.docker.com\/u\/iwellguard","https:\/\/www.pinterest.com\/iwellguard\/","https:\/\/bit.ly\/m\/iwellguard","https:\/\/entre-vos-mains.alsace.eu\/profiles\/iwellguard\/activity","https:\/\/gravatar.com\/reallybeded8fd34","https:\/\/naijamatta.com\/iwellguard","https:\/\/www.goodreads.com\/iwellguard","https:\/\/profile.hatena.ne.jp\/iwellguard\/","https:\/\/experiment.com\/users\/iwellguard","https:\/\/wakelet.com\/@iWellGuard82270","https:\/\/www.chordie.com\/forum\/profile.php?id=2555664","https:\/\/www.instapaper.com\/p\/17757966","https:\/\/www.mapleprimes.com\/users\/iwellguard","https:\/\/businesslistingplus.com\/profile\/iwell-guard\/","https:\/\/telegra.ph\/iWell-Guard-06-06","https:\/\/pbase.com\/iwellguard\/iwellguard","https:\/\/b.hatena.ne.jp\/iwellguard\/20260607#bookmark-4788405196491818882","https:\/\/fliphtml5.com\/home\/iwellguard","https:\/\/anyflip.com\/homepage\/cmiwl#About","https:\/\/transfur.com\/Users\/iwellguard","http:\/\/delphi.larsbo.org\/user\/iwellguard","https:\/\/jobs.lajobsportal.org\/profiles\/8380803-iwell-guard","https:\/\/md.chaosdorf.de\/s\/jfbe5SBdJD","https:\/\/www.lingvolive.com\/en-us\/profile\/9ecaeaca-ce11-4e51-9e71-01d55e2bff36\/translations","https:\/\/www.fitday.com\/fitness\/forums\/members\/iwellguard.html","https:\/\/www.mymeetbook.com\/iwellguard","https:\/\/pxhere.com\/en\/photographer-me\/5040798","https:\/\/disqus.com\/by\/iwellguard\/about\/","https:\/\/pastelink.net\/hjwciqwq","https:\/\/pubhtml5.com\/homepage\/scjhn\/","https:\/\/www.bitchute.com\/channel\/2O2eOKzNqujT","https:\/\/audiomack.com\/iwellguard"]},{"@type":"Person","@id":"https:\/\/iwell-guard.com\/fi\/#\/schema\/person\/ee2a27f1cac3406c7c6fb5820cb7349f","name":"Ralf Ittermann","image":{"@type":"ImageObject","inLanguage":"fi","@id":"https:\/\/secure.gravatar.com\/avatar\/073c0153e350a5005b68eb752b445fea71f6b24a26da9449ad7e155e6b446c9d?s=96&d=mm&r=g","url":"https:\/\/secure.gravatar.com\/avatar\/073c0153e350a5005b68eb752b445fea71f6b24a26da9449ad7e155e6b446c9d?s=96&d=mm&r=g","contentUrl":"https:\/\/secure.gravatar.com\/avatar\/073c0153e350a5005b68eb752b445fea71f6b24a26da9449ad7e155e6b446c9d?s=96&d=mm&r=g","caption":"Ralf Ittermann"},"givenName":"Ralf","familyName":"Ittermann","jobTitle":"Gesch\u00e4ftsf\u00fchrer und redaktioneller Verantwortlicher","url":"https:\/\/iwell-guard.com\/fi\/author\/claude\/","description":"Ralf Ittermann ist Gesch\u00e4ftsf\u00fchrer der Ittermann electronic GmbH und redaktioneller Verantwortlicher des iWell-Guard-Lexikons. Er verbindet langj\u00e4hrige Erfahrung in der Pr\u00e4zisionsfertigung mit medialer Praxis und religionsgeschichtlicher Quellenarbeit.","worksFor":{"@type":"Organization","name":"Ittermann electronic GmbH","url":"https:\/\/ittermann.de\/","address":{"@type":"PostalAddress","streetAddress":"K\u00f6hlergasse 16-18","postalCode":"99842","addressLocality":"Ruhla","addressCountry":"DE"}},"knowsAbout":["Religionsgeschichte","Mythologie","Mediale Praxis","Energetische Diagnostik","Schutzpraxis","Volksglauben","Westliche Esoterik"]},{"@type":"Article","@id":"https:\/\/iwell-guard.com\/fi\/viracocha-andien-luojajumala\/#article","isPartOf":{"@id":"https:\/\/iwell-guard.com\/fi\/viracocha-andien-luojajumala\/"},"author":{"name":"Ralf Ittermann","@id":"https:\/\/iwell-guard.com\/fi\/#\/schema\/person\/ee2a27f1cac3406c7c6fb5820cb7349f"},"headline":"Viracocha \u2013 Andien luojajumala","datePublished":"2026-09-03T12:32:32+00:00","dateModified":"2026-09-03T12:52:17+00:00","mainEntityOfPage":{"@id":"https:\/\/iwell-guard.com\/fi\/viracocha-andien-luojajumala\/"},"publisher":{"@id":"https:\/\/iwell-guard.com\/fi\/#organization"},"image":{"@id":"https:\/\/iwell-guard.com\/fi\/viracocha-andien-luojajumala\/#primaryimage"},"thumbnailUrl":"https:\/\/iwell-guard.com\/wp-content\/uploads\/2026\/05\/goetter_anden-inka_viracocha.webp","inLanguage":"fi","description":"Viracocha, Andien luojajumala, oli varhaisten kronikoiden mukaan korkein olento ennen Inti\u00e4. Uskontotieteellinen tarkastelu ja kultti."}]}},"_links":{"self":[{"href":"https:\/\/iwell-guard.com\/fi\/wp-json\/wp\/v2\/pages\/144156","targetHints":{"allow":["GET"]}}],"collection":[{"href":"https:\/\/iwell-guard.com\/fi\/wp-json\/wp\/v2\/pages"}],"about":[{"href":"https:\/\/iwell-guard.com\/fi\/wp-json\/wp\/v2\/types\/page"}],"author":[{"embeddable":true,"href":"https:\/\/iwell-guard.com\/fi\/wp-json\/wp\/v2\/users\/3"}],"replies":[{"embeddable":true,"href":"https:\/\/iwell-guard.com\/fi\/wp-json\/wp\/v2\/comments?post=144156"}],"version-history":[{"count":0,"href":"https:\/\/iwell-guard.com\/fi\/wp-json\/wp\/v2\/pages\/144156\/revisions"}],"wp:featuredmedia":[{"embeddable":true,"href":"https:\/\/iwell-guard.com\/fi\/wp-json\/wp\/v2\/media\/2684"}],"wp:attachment":[{"href":"https:\/\/iwell-guard.com\/fi\/wp-json\/wp\/v2\/media?parent=144156"}],"wp:term":[{"taxonomy":"category","embeddable":true,"href":"https:\/\/iwell-guard.com\/fi\/wp-json\/wp\/v2\/categories?post=144156"}],"curies":[{"name":"wp","href":"https:\/\/api.w.org\/{rel}","templated":true}]}}