{"id":144155,"date":"2026-09-03T12:32:32","date_gmt":"2026-09-03T12:32:32","guid":{"rendered":"https:\/\/iwell-guard.com\/?page_id=144155"},"modified":"2026-09-03T12:52:16","modified_gmt":"2026-09-03T12:52:16","slug":"pachamama-maanaiti-andit","status":"publish","type":"page","link":"https:\/\/iwell-guard.com\/fi\/pachamama-maanaiti-andit\/","title":{"rendered":"Pachamama \u2013 Andien maan\u00e4iti"},"content":{"rendered":"\t\t<div data-elementor-type=\"wp-page\" data-elementor-id=\"144155\" class=\"elementor elementor-144155 elementor-2575 elementor-bc-flex-widget\" data-elementor-post-type=\"page\">\n\t\t\t\t<div class=\"elementor-element elementor-element-iwgw-pachamama-hero e-flex e-con-boxed e-con e-parent\" data-id=\"iwgw-pachamama-hero\" data-element_type=\"container\" data-e-type=\"container\" data-settings=\"{&quot;background_background&quot;:&quot;classic&quot;}\">\n\t\t\t\t\t<div class=\"e-con-inner\">\n\t\t<div class=\"elementor-element elementor-element-iwgw-pachamama-hl e-flex e-con-boxed e-con e-child\" data-id=\"iwgw-pachamama-hl\" data-element_type=\"container\" data-e-type=\"container\">\n\t\t\t\t\t<div class=\"e-con-inner\">\n\t\t<div class=\"elementor-element elementor-element-iwgw-pachamama-htxt e-con-full e-flex e-con e-child\" data-id=\"iwgw-pachamama-htxt\" data-element_type=\"container\" data-e-type=\"container\">\n\t\t\t\t<div class=\"elementor-element elementor-element-iwgw-pachamama-h1 elementor-widget elementor-widget-heading\" data-id=\"iwgw-pachamama-h1\" data-element_type=\"widget\" data-e-type=\"widget\" data-widget_type=\"heading.default\">\n\t\t\t\t\t<h1 class=\"elementor-heading-title elementor-size-default\">Pachamama, andien maailman maan\u00e4iti ja hedelm\u00e4llisyyden jumalatar<\/h1>\t\t\t\t<\/div>\n\t\t\t\t<div class=\"elementor-element elementor-element-iwgw-pachamama-lead elementor-widget elementor-widget-text-editor\" data-id=\"iwgw-pachamama-lead\" data-element_type=\"widget\" data-e-type=\"widget\" data-widget_type=\"text-editor.default\">\n\t\t\t\t\t\t\t\t\t<p>Pachamama, Andien maan\u00e4iti, on edelleen ke\u010dua- ja aimarankielisen yl\u00e4ng\u00f6n v\u00e4est\u00f6n arkiel\u00e4m\u00e4n t\u00e4rkein uskonnollinen hahmo. Toisin kuin valtiollis-imperiaalinen <a href=\"https:\/\/iwell-guard.com\/fi\/?page_id=144154\">Intin<\/a>&#8211;<span class=\"iwg-fachbegriff\" data-tooltip=\"Jumaluuden tai pyh\u00e4n hahmon palvontaan liittyvien uskonnollisten toimintojen kokonaisuus.\" tabindex=\"0\">kultti<\/span>, Pachamaman palvonta on syv\u00e4sti juurtunut maatalouden vuosi- ja el\u00e4m\u00e4nrytmeihin ja on s\u00e4ilynut siirtomaa-aikana synkretistisess\u00e4 muodossa.<\/p>\t\t\t\t\t\t\t\t<\/div>\n\t\t\t\t<\/div>\n\t\t<div class=\"elementor-element elementor-element-iwgw-pachamama-pillc e-con-full e-flex e-con e-child\" data-id=\"iwgw-pachamama-pillc\" data-element_type=\"container\" data-e-type=\"container\">\n\t\t\t\t<div class=\"elementor-element elementor-element-iwgw-pachamama-pills elementor-widget elementor-widget-html\" data-id=\"iwgw-pachamama-pills\" data-element_type=\"widget\" data-e-type=\"widget\" data-widget_type=\"html.default\">\n\t\t\t\t\t<div class=\"iwg-pill-row\"><span class=\"iwg-klasse-badge\" tabindex=\"0\" data-tooltip=\"Andien \/ inkojen perinteen jumalatar.\">Jumalatar<\/span><a href=\"https:\/\/iwell-guard.com\/fi\/?page_id=144144\" class=\"iwg-kultur-badge\" tabindex=\"0\" data-tooltip=\"Andien \/ inkojen perinteen mytologia.\">Andit \/ inkat<\/a><span class=\"iwg-tradition-badge\" tabindex=\"0\" data-tooltip=\"Maan\u00e4iti.\">Maan\u00e4iti<\/span><\/div>\t\t\t\t<\/div>\n\t\t\t\t<\/div>\n\t\t<div class=\"elementor-element elementor-element-iwgw-pachamama-tocc e-con-full e-flex e-con e-child\" data-id=\"iwgw-pachamama-tocc\" data-element_type=\"container\" data-e-type=\"container\">\n\t\t\t\t<div class=\"elementor-element elementor-element-iwgw-pachamama-toc elementor-toc--minimized-on-tablet elementor-widget elementor-widget-table-of-contents\" data-id=\"iwgw-pachamama-toc\" data-element_type=\"widget\" data-e-type=\"widget\" data-settings=\"{&quot;headings_by_tags&quot;:[&quot;h2&quot;,&quot;h3&quot;],&quot;minimize_box&quot;:&quot;yes&quot;,&quot;marker_view&quot;:&quot;bullets&quot;,&quot;no_headings_message&quot;:&quot;T\\u00e4lt\\u00e4 sivulta ei l\\u00f6ytynyt otsikoita.&quot;,&quot;exclude_headings_by_selector&quot;:[],&quot;icon&quot;:{&quot;value&quot;:&quot;fas fa-circle&quot;,&quot;library&quot;:&quot;fa-solid&quot;,&quot;rendered_tag&quot;:&quot;&lt;svg class=\\&quot;e-font-icon-svg e-fas-circle\\&quot; viewBox=\\&quot;0 0 512 512\\&quot; xmlns=\\&quot;http:\\\/\\\/www.w3.org\\\/2000\\\/svg\\&quot;&gt;&lt;path d=\\&quot;M256 8C119 8 8 119 8 256s111 248 248 248 248-111 248-248S393 8 256 8z\\&quot;&gt;&lt;\\\/path&gt;&lt;\\\/svg&gt;&quot;},&quot;minimized_on&quot;:&quot;tablet&quot;,&quot;hierarchical_view&quot;:&quot;yes&quot;,&quot;min_height&quot;:{&quot;unit&quot;:&quot;px&quot;,&quot;size&quot;:&quot;&quot;,&quot;sizes&quot;:[]},&quot;min_height_tablet&quot;:{&quot;unit&quot;:&quot;px&quot;,&quot;size&quot;:&quot;&quot;,&quot;sizes&quot;:[]},&quot;min_height_mobile&quot;:{&quot;unit&quot;:&quot;px&quot;,&quot;size&quot;:&quot;&quot;,&quot;sizes&quot;:[]}}\" data-widget_type=\"table-of-contents.default\">\n\t\t\t\t\t\t\t\t\t<div class=\"elementor-toc__header\">\n\t\t\t\t\t\t<h2 class=\"elementor-toc__header-title\">\n\t\t\t\tSis\u00e4llysluettelo\t\t\t<\/h2>\n\t\t\t\t\t\t\t\t\t\t<div class=\"elementor-toc__toggle-button elementor-toc__toggle-button--expand\" role=\"button\" tabindex=\"0\" aria-controls=\"elementor-toc__iwgw-pachamama-toc\" aria-expanded=\"true\" aria-label=\"Open table of contents\"><svg aria-hidden=\"true\" class=\"e-font-icon-svg e-fas-chevron-down\" viewBox=\"0 0 448 512\" xmlns=\"http:\/\/www.w3.org\/2000\/svg\"><path d=\"M207.029 381.476L12.686 187.132c-9.373-9.373-9.373-24.569 0-33.941l22.667-22.667c9.357-9.357 24.522-9.375 33.901-.04L224 284.505l154.745-154.021c9.379-9.335 24.544-9.317 33.901.04l22.667 22.667c9.373 9.373 9.373 24.569 0 33.941L240.971 381.476c-9.373 9.372-24.569 9.372-33.942 0z\"><\/path><\/svg><\/div>\n\t\t\t\t<div class=\"elementor-toc__toggle-button elementor-toc__toggle-button--collapse\" role=\"button\" tabindex=\"0\" aria-controls=\"elementor-toc__iwgw-pachamama-toc\" aria-expanded=\"true\" aria-label=\"Close table of contents\"><svg aria-hidden=\"true\" class=\"e-font-icon-svg e-fas-chevron-up\" viewBox=\"0 0 448 512\" xmlns=\"http:\/\/www.w3.org\/2000\/svg\"><path d=\"M240.971 130.524l194.343 194.343c9.373 9.373 9.373 24.569 0 33.941l-22.667 22.667c-9.357 9.357-24.522 9.375-33.901.04L224 227.495 69.255 381.516c-9.379 9.335-24.544 9.317-33.901-.04l-22.667-22.667c-9.373-9.373-9.373-24.569 0-33.941L207.03 130.525c9.372-9.373 24.568-9.373 33.941-.001z\"><\/path><\/svg><\/div>\n\t\t\t\t\t<\/div>\n\t\t\t\t<div id=\"elementor-toc__iwgw-pachamama-toc\" class=\"elementor-toc__body\">\n\t\t\t<div class=\"elementor-toc__spinner-container\">\n\t\t\t\t<svg class=\"elementor-toc__spinner eicon-animation-spin e-font-icon-svg e-eicon-loading\" aria-hidden=\"true\" viewBox=\"0 0 1000 1000\" xmlns=\"http:\/\/www.w3.org\/2000\/svg\"><path d=\"M500 975V858C696 858 858 696 858 500S696 142 500 142 142 304 142 500H25C25 237 238 25 500 25S975 237 975 500 763 975 500 975Z\"><\/path><\/svg>\t\t\t<\/div>\n\t\t<\/div>\n\t\t\t\t\t\t<\/div>\n\t\t\t\t<\/div>\n\t\t\t\t\t<\/div>\n\t\t\t\t<\/div>\n\t\t<div class=\"elementor-element elementor-element-iwgw-pachamama-hr e-con-full e-flex e-con e-child\" data-id=\"iwgw-pachamama-hr\" data-element_type=\"container\" data-e-type=\"container\">\n\t\t\t\t<div class=\"elementor-element elementor-element-iwgw-pachamama-heroimg iwg-hero-image elementor-widget elementor-widget-image\" data-id=\"iwgw-pachamama-heroimg\" data-element_type=\"widget\" data-e-type=\"widget\" data-widget_type=\"image.default\">\n\t\t\t\t\t\t\t\t\t\t\t\t\t\t\t<img fetchpriority=\"high\" decoding=\"async\" width=\"683\" height=\"1024\" src=\"https:\/\/iwell-guard.com\/wp-content\/uploads\/2026\/05\/goetter_anden-inka_pachamama-1-683x1024.webp\" class=\"attachment-large size-large wp-image-148843\" alt=\"Pachamama \u2013 jumala inkojen Andien-perinteest\u00e4, historiallis-kuvitteellinen esitys\" srcset=\"https:\/\/iwell-guard.com\/wp-content\/uploads\/2026\/05\/goetter_anden-inka_pachamama-1-683x1024.webp 683w, https:\/\/iwell-guard.com\/wp-content\/uploads\/2026\/05\/goetter_anden-inka_pachamama-1-200x300.webp 200w, https:\/\/iwell-guard.com\/wp-content\/uploads\/2026\/05\/goetter_anden-inka_pachamama-1-768x1152.webp 768w, https:\/\/iwell-guard.com\/wp-content\/uploads\/2026\/05\/goetter_anden-inka_pachamama-1.webp 1024w\" sizes=\"(max-width: 683px) 100vw, 683px\" \/>\t\t\t\t\t\t\t\t\t\t\t\t\t\t\t<\/div>\n\t\t\t\t<\/div>\n\t\t\t\t\t<\/div>\n\t\t\t\t<\/div>\n\t\t<div class=\"elementor-element elementor-element-iwgw-pachamama-s0 e-flex e-con-boxed e-con e-parent\" data-id=\"iwgw-pachamama-s0\" data-element_type=\"container\" data-e-type=\"container\">\n\t\t\t\t\t<div class=\"e-con-inner\">\n\t\t\t\t<div class=\"elementor-element elementor-element-iwgw-pachamama-s0h elementor-widget elementor-widget-heading\" data-id=\"iwgw-pachamama-s0h\" data-element_type=\"widget\" data-e-type=\"widget\" data-widget_type=\"heading.default\">\n\t\t\t\t\t<h2 class=\"elementor-heading-title elementor-size-default\">Asema andien panteonissa<\/h2>\t\t\t\t<\/div>\n\t\t<div class=\"elementor-element elementor-element-iwgw-pachamama-s0c e-con-full e-flex e-con e-child\" data-id=\"iwgw-pachamama-s0c\" data-element_type=\"container\" data-e-type=\"container\">\n\t\t\t\t<div class=\"elementor-element elementor-element-iwgw-pachamama-s0t elementor-widget elementor-widget-text-editor\" data-id=\"iwgw-pachamama-s0t\" data-element_type=\"widget\" data-e-type=\"widget\" data-widget_type=\"text-editor.default\">\n\t\t\t\t\t\t\t\t\t<p>Pachamama (ke\u010duaksi: <em>pacha<\/em>, maailma, aika, tila; <em>mama<\/em>, \u00e4iti) tarkoittaa andien yl\u00e4ng\u00f6n perinteisiss\u00e4 uskonnoissa naisellista numinositeettia, joka vaikuttaa hedelm\u00e4llisess\u00e4 maaper\u00e4ss\u00e4, viljellyill\u00e4 pelloilla ja elollisten olentojen lis\u00e4\u00e4ntymisess\u00e4.<\/p><p>Inka-ajan <span class=\"iwg-fachbegriff\" data-tooltip=\"Tieteellinen oppi jumalasta ja uskonnon uskosta.\" tabindex=\"0\">teologiassa<\/span> h\u00e4net on luettu keskeisiin korkeisiin olentoihin Intin, ukkosen jumalan <a href=\"https:\/\/iwell-guard.com\/fi\/?page_id=144159\">Illapan<\/a>, kuun jumalattaren <a href=\"https:\/\/iwell-guard.com\/fi\/?page_id=144157\">Mama Killan<\/a> ja luojan <a href=\"https:\/\/iwell-guard.com\/fi\/?page_id=144156\">Viracochan<\/a> rinnalla.<\/p><p>Uskontoetnologi Joseph Bastien (<em>Mountain of the Condor<\/em>, 1978) on osoittanut Bolivian aimara-yl\u00e4ng\u00f6ll\u00e4, ett\u00e4 paikallisessa mielikuvassa Pachamama koetaan v\u00e4hemm\u00e4n persoonallistettuna jumalattarena kuin maan elollistettuna substanssina itsess\u00e4\u00e4n.<\/p><p>T\u00e4m\u00e4 substanssiluonne erottaa h\u00e4net rakenteellisesti monista V\u00e4limeren alueen klassisista maan\u00e4itihahmoista (Demeter, Gaia), jotka ovat mytologisesti vahvemmin persoonallistettuja.<\/p><p>Suhteessa valtiolliseen <a href=\"https:\/\/iwell-guard.com\/fi\/?page_id=144144\">inkojen<\/a>&#8211;<span class=\"iwg-fachbegriff\" data-tooltip=\"Tieteellinen oppi jumalasta ja uskonnon uskosta.\" tabindex=\"0\">teologiaan<\/span> Pachamama omaksui erikoisen alisteisen asemankn: virallinen valtakunnankultti korosti miespuolista Inti\u00e4, kun maaseutuv\u00e4est\u00f6n enemmist\u00f6 uhrasi Pachamamalle.<\/p><p>Catherine Allen (<em>The Hold Life Has<\/em>, 2002) kutsuu t\u00e4t\u00e4 suhdetta andien uskontoj\u00e4rjestelm\u00e4n sukupuolittuneeksi kerrostumaksi, jossa miespuolinen aurinkoteologia asettuu vanhemman, naispuolisen maanteologian p\u00e4\u00e4lle.<\/p>\t\t\t\t\t\t\t\t<\/div>\n\t\t\t\t<\/div>\n\t\t\t\t\t<\/div>\n\t\t\t\t<\/div>\n\t\t<div class=\"elementor-element elementor-element-iwgw-pachamama-s1 e-flex e-con-boxed e-con e-parent\" data-id=\"iwgw-pachamama-s1\" data-element_type=\"container\" data-e-type=\"container\">\n\t\t\t\t\t<div class=\"e-con-inner\">\n\t\t\t\t<div class=\"elementor-element elementor-element-iwgw-pachamama-s1h elementor-widget elementor-widget-heading\" data-id=\"iwgw-pachamama-s1h\" data-element_type=\"widget\" data-e-type=\"widget\" data-widget_type=\"heading.default\">\n\t\t\t\t\t<h2 class=\"elementor-heading-title elementor-size-default\">Nimi ja etymologia<\/h2>\t\t\t\t<\/div>\n\t\t<div class=\"elementor-element elementor-element-iwgw-pachamama-s1c e-con-full e-flex e-con e-child\" data-id=\"iwgw-pachamama-s1c\" data-element_type=\"container\" data-e-type=\"container\">\n\t\t\t\t<div class=\"elementor-element elementor-element-iwgw-pachamama-s1t elementor-widget elementor-widget-text-editor\" data-id=\"iwgw-pachamama-s1t\" data-element_type=\"widget\" data-e-type=\"widget\" data-widget_type=\"text-editor.default\">\n\t\t\t\t\t\t\t\t\t<p>Ke\u010duan sana <em>pacha<\/em> on merkitykselt\u00e4\u00e4n poikkeuksellisen monikerroksinen. Se tarkoittaa samanaikaisesti aikaa (konkreettista aikakautta), tilaa (maailmaa kokonaisuutena) ja maailman tilaa.<\/p><p>Diego Gonzalez Holguin k\u00e4\u00e4nt\u00e4\u00e4 sen teoksessaan <em>Vocabulario de la lengua general<\/em> (1608) kontekstista riippuen sanoilla <em>mundo<\/em>, <em>tiempo<\/em> tai <em>suelo<\/em>. Pachamama on siis <em>koko maailman-todellisuuden \u00e4iti<\/em>, ei vain maaper\u00e4n.<\/p><p>Bolivian andien aimarassa l\u00f6ytyy my\u00f6s vastine <em>Pachamama<\/em>, joskus muunnettuna muotoon <em>Pachatata<\/em> (is\u00e4-maa) miespuoliseksi t\u00e4ydennykseksi. Cajamarcan ke\u010duassa ja Ayacuchon alueella esiintyy alueellisesti muoto <em>Mama Pacha<\/em>, jossa osien j\u00e4rjestys on k\u00e4\u00e4nteinen, mutta tarkoittaa samaa <span class=\"iwg-fachbegriff\" data-tooltip=\"Uskonnossa jumalallisena palvottu olento.\" tabindex=\"0\">jumaluutta<\/span>.<\/p><p>Vaihtoehtoinen etymologia yhdist\u00e4\u00e4 sanan <em>pacha<\/em> kosmologisen j\u00e4rjestyksen k\u00e4sitteeseen.<\/p><p>Uskontohistorioitsija Frank Salomon huomauttaa teoksessaan <em>Native Lords of Quito<\/em> (1986), ett\u00e4 <em>pacha<\/em> tarkoittaa inka-ajan kieless\u00e4 my\u00f6s historiallisia maailmankausia (esi-inka, inka, j\u00e4lkikonkista), joten Pachamama voidaan ymm\u00e4rt\u00e4\u00e4 <em>kaikkien maailmankausien \u00e4itin\u00e4<\/em>, mik\u00e4 on erityisen keskeinen k\u00e4sitys pachakuti-myyteiss\u00e4 (maailman mullistukset).<\/p>\t\t\t\t\t\t\t\t<\/div>\n\t\t\t\t<\/div>\n\t\t\t\t\t<\/div>\n\t\t\t\t<\/div>\n\t\t<div class=\"elementor-element elementor-element-iwgw-pachamama-s2 e-flex e-con-boxed e-con e-parent\" data-id=\"iwgw-pachamama-s2\" data-element_type=\"container\" data-e-type=\"container\">\n\t\t\t\t\t<div class=\"e-con-inner\">\n\t\t\t\t<div class=\"elementor-element elementor-element-iwgw-pachamama-s2h elementor-widget elementor-widget-heading\" data-id=\"iwgw-pachamama-s2h\" data-element_type=\"widget\" data-e-type=\"widget\" data-widget_type=\"heading.default\">\n\t\t\t\t\t<h2 class=\"elementor-heading-title elementor-size-default\">Kuvaus ja ikonografia<\/h2>\t\t\t\t<\/div>\n\t\t<div class=\"elementor-element elementor-element-iwgw-pachamama-s2c e-con-full e-flex e-con e-child\" data-id=\"iwgw-pachamama-s2c\" data-element_type=\"container\" data-e-type=\"container\">\n\t\t\t\t<div class=\"elementor-element elementor-element-iwgw-pachamama-s2t elementor-widget elementor-widget-text-editor\" data-id=\"iwgw-pachamama-s2t\" data-element_type=\"widget\" data-e-type=\"widget\" data-widget_type=\"text-editor.default\">\n\t\t\t\t\t\t\t\t\t<p>Toisin kuin Intill\u00e4, jolla oli konkreettinen kultillinen kuvaesitys (Punchao), Pachamamaa ei inka-ajan ikonografiassa juuri esitetty ihmishahmoisena. H\u00e4n ilmenee ennen kaikkea rituaalisten paikkojen ja esineiden muodossa: viljellyss\u00e4 maakamarassa, vuoristosolien <em>apacheta<\/em>-kivikkokasoissa, <em>mesa<\/em>-uhripaikoissa ja kaivetuissa uhrikuoppissa.<\/p><p>Siirtomaa-ajan ja nykyaikaisessa kansantaiteessa h\u00e4net esitet\u00e4\u00e4n yh\u00e4 useammin ihmishahmoisena alkuper\u00e4iskansan naisena perinteisess\u00e4 puvussa, leve\u00e4ss\u00e4 polleras-hameessa, viitassa ja bowler-hatussa (bolivialaisessa aimara-kontekstissa). Toisinaan h\u00e4nell\u00e4 on lapsi tai andien viljalla t\u00e4ytetty <em>aguayo<\/em>-kantoliina.<\/p><p>N\u00e4ihin kuvauksiin on suurelta osin vaikuttanut kristillis-synkretistinen marialaisikonografia, erityisesti Copacabanan Madonna ja Cerron (Potosin) Madonna, joissa maan\u00e4iti ja Marian palvonta sulautuvat yhteen.<\/p><p>S\u00e4ilyneiss\u00e4 esikolumbiaanisissa Mochen ja Warin kulttuurin keramiikkaesineiss\u00e4 esiintyy naishahmoja, joilla on korostuneet primaariset ja sekundaariset sukupuolitunnukset ja joita arkeologisesti tulkitaan usein <em>Pachamaman edelt\u00e4jiksi<\/em>. T\u00e4m\u00e4 tulkinta on kuitenkin spekulatiivinen, koska emme tunne aikalaisten omaa nimityst\u00e4. Christopher Donnan on teoksessaan <em>Moche Art<\/em> (1978) kehottanut varovaisuuteen t\u00e4llaisissa tunnistuksissa.<\/p>\t\t\t\t\t\t\t\t<\/div>\n\t\t\t\t<\/div>\n\t\t\t\t\t<\/div>\n\t\t\t\t<\/div>\n\t\t<div class=\"elementor-element elementor-element-iwgw-pachamama-s3 e-flex e-con-boxed e-con e-parent\" data-id=\"iwgw-pachamama-s3\" data-element_type=\"container\" data-e-type=\"container\">\n\t\t\t\t\t<div class=\"e-con-inner\">\n\t\t\t\t<div class=\"elementor-element elementor-element-iwgw-pachamama-s3h elementor-widget elementor-widget-heading\" data-id=\"iwgw-pachamama-s3h\" data-element_type=\"widget\" data-e-type=\"widget\" data-widget_type=\"heading.default\">\n\t\t\t\t\t<h2 class=\"elementor-heading-title elementor-size-default\">Myyttiset kertomukset<\/h2>\t\t\t\t<\/div>\n\t\t<div class=\"elementor-element elementor-element-iwgw-pachamama-s3c e-con-full e-flex e-con e-child\" data-id=\"iwgw-pachamama-s3c\" data-element_type=\"container\" data-e-type=\"container\">\n\t\t\t\t<div class=\"elementor-element elementor-element-iwgw-pachamama-s3t elementor-widget elementor-widget-text-editor\" data-id=\"iwgw-pachamama-s3t\" data-element_type=\"widget\" data-e-type=\"widget\" data-widget_type=\"text-editor.default\">\n\t\t\t\t\t\t\t\t\t<p>Pachamamaan liittyv\u00e4 mytologinen <span class=\"iwg-fachbegriff\" data-tooltip=\"Tiedon ja kertomusten v\u00e4litt\u00e4mist\u00e4 sukupolvelta toiselle.\" tabindex=\"0\">perinne<\/span> on varhaisissa kronikoissa yll\u00e4tt\u00e4v\u00e4n ohut, mik\u00e4 Pierre Duviolsin mukaan johtuu espanjalaisten kronikoitsijoiden p\u00e4\u00e4osin miehisest\u00e4 ja imperiaalisesta n\u00e4k\u00f6kulmasta. K\u00e4sill\u00e4 on l\u00e4hinn\u00e4 kosmogonisten asetelmien katkelmia: Pachamama esiintyy Pachakamacin puolisona tai sisarena rannikkoalueella, Viracochan tytt\u00e4ren\u00e4 yl\u00e4ng\u00f6ll\u00e4 ja Pachatatan puolisona aymara-alueella.<\/p><p>Keskeinen <span class=\"iwg-fachbegriff\" data-tooltip=\"Perinteinen kertomus jumalista, alkuper\u00e4st\u00e4 ja maailman j\u00e4rjestyksest\u00e4.\" tabindex=\"0\">myytti<\/span> yhdist\u00e4\u00e4 Pachamaman kuivuuden ja sateen kiertoon. H\u00e4nen uskotaan olevan maalis-huhtikuussa sadonkorjuun j\u00e4lkeen lihava ja kyll\u00e4inen, kun taas kuivina kuukausina toukokuusta syyskuuhun h\u00e4net koetaan n\u00e4lk\u00e4iseksi ja janoiseksi, mink\u00e4 vuoksi t\u00e4n\u00e4 aikana tuodaan erityisen paljon <span class=\"iwg-fachbegriff\" data-tooltip=\"Lahja jumaluudelle kiitoksen, pyynn\u00f6n tai kunnioituksen osoittamiseksi.\" tabindex=\"0\">uhreja<\/span>.<\/p><p>Argentiinan pampa-vuoristoalueilla (Salta, Jujuy) j\u00e4rjestet\u00e4\u00e4n t\u00e4rkein Pachamama-juhla elokuussa: 1. elokuuta viljelij\u00e4t avaavat symbolisesti maan kaivamalla pienen kuopan ja asettamalla siihen ensimm\u00e4isen lahjan (chicha, koka-lehti\u00e4, leip\u00e4\u00e4, rasvaa).<\/p><p>T\u00e4rke\u00e4 kertomus yhdist\u00e4\u00e4 Pachamaman Seulasten nousuun kes\u00e4kuussa. Seulasten seitsem\u00e4n viikkoa kest\u00e4v\u00e4 n\u00e4kyminen aamutaivaalla ymm\u00e4rret\u00e4\u00e4n h\u00e4nen huomionsa osoituksena ihmisten kylv\u00f6ille; kun Seulaset nousevat kirkkaina, odotetaan runsasta satovuotta.<\/p><p>Tom Zuidema ja Gary Urton kuvasivat t\u00e4m\u00e4n andien arkeoastronomisen korrelaation j\u00e4rjestelm\u00e4llisesti teoksessa <em>At the Crossroads of the Earth and the Sky<\/em> (1981).<\/p><p>Etel\u00e4-Perussa Pachamama yhdistet\u00e4\u00e4n my\u00f6s mytologiseen hahmoon <em>Mama Pacha<\/em>, joka Pakaqtanpun <span class=\"iwg-fachbegriff\" data-tooltip=\"Tiedon ja kertomusten v\u00e4litt\u00e4mist\u00e4 sukupolvelta toiselle.\" tabindex=\"0\">perinteen<\/span> mukaan aiheuttaa maanvy\u00f6rymi\u00e4 ja maanj\u00e4ristyksi\u00e4, jos h\u00e4nt\u00e4 uhrataan riitt\u00e4m\u00e4tt\u00f6m\u00e4sti.<\/p><p>T\u00e4m\u00e4 maa\u00e4idin rankaiseva puoli esiintyy my\u00f6s Argentiinan Andeilla, jossa elokuuta pidet\u00e4\u00e4n <em>mes peligrosona<\/em> (vaarallisena kuukautena), koska n\u00e4lk\u00e4inen maa\u00e4iti tarvitsee erityist\u00e4 huomiota ja varomattomien vaeltajien v\u00e4itet\u00e4\u00e4n voivan sairastua. Uskontotieteellisesti kiinnostavaa on, ett\u00e4 t\u00e4m\u00e4 rankaisu-ulottuvuus j\u00e4tet\u00e4\u00e4n l\u00e4nsimaisessa New Age -vastaanotossa Pachamamasta s\u00e4\u00e4nn\u00f6nmukaisesti pois.<\/p>\t\t\t\t\t\t\t\t<\/div>\n\t\t\t\t<\/div>\n\t\t\t\t\t<\/div>\n\t\t\t\t<\/div>\n\t\t<div class=\"elementor-element elementor-element-iwgw-pachamama-s4 e-flex e-con-boxed e-con e-parent\" data-id=\"iwgw-pachamama-s4\" data-element_type=\"container\" data-e-type=\"container\">\n\t\t\t\t\t<div class=\"e-con-inner\">\n\t\t\t\t<div class=\"elementor-element elementor-element-iwgw-pachamama-s4h elementor-widget elementor-widget-heading\" data-id=\"iwgw-pachamama-s4h\" data-element_type=\"widget\" data-e-type=\"widget\" data-widget_type=\"heading.default\">\n\t\t\t\t\t<h2 class=\"elementor-heading-title elementor-size-default\">Kultti ja uhrik\u00e4yt\u00e4nt\u00f6<\/h2>\t\t\t\t<\/div>\n\t\t<div class=\"elementor-element elementor-element-iwgw-pachamama-s4c e-con-full e-flex e-con e-child\" data-id=\"iwgw-pachamama-s4c\" data-element_type=\"container\" data-e-type=\"container\">\n\t\t\t\t<div class=\"elementor-element elementor-element-iwgw-pachamama-s4t elementor-widget elementor-widget-text-editor\" data-id=\"iwgw-pachamama-s4t\" data-element_type=\"widget\" data-e-type=\"widget\" data-widget_type=\"text-editor.default\">\n\t\t\t\t\t\t\t\t\t<p>Pachamama-<span class=\"iwg-fachbegriff\" data-tooltip=\"Kaikki uskonnolliset kunnioitustoimet, joita jumaluudelle tai pyh\u00e4lle hahmolle osoitetaan.\" tabindex=\"0\">kultti<\/span> on t\u00e4h\u00e4n p\u00e4iv\u00e4\u00e4n asti elinvoimaisin uskonnollinen k\u00e4yt\u00e4nt\u00f6 yl\u00e4ng\u00f6n kyliss\u00e4.<\/p><p>Sen keski\u00f6ss\u00e4 on <em>despacho<\/em>&#8211; tai <em>pago a la tierra<\/em> &#8211;<span class=\"iwg-fachbegriff\" data-tooltip=\"S\u00e4\u00e4detty sarja symbolisia tekoja, joilla on uskonnollinen tai kulttuurinen merkitys.\" tabindex=\"0\">rituaali<\/span> (maan maksu), jossa koka-lehdet, makeiset, laamarasva, laaman alkiot (<em>sullu<\/em>), pienet savifiguurit ja viini- tai chicha-lahjat j\u00e4rjestet\u00e4\u00e4n taidokkaasti uhripakettiin ja haudataan maahan tai poltetaan.<\/p><p>Catherine Allen kuvaa Sonqon kyl\u00e4n (Paucartambon maakunta) toistuvaa elementti\u00e4, <em>kintua<\/em>: kolmea p\u00e4\u00e4llekk\u00e4in asetettua t\u00e4ydellist\u00e4 koka-lehte\u00e4, joita puhalletaan kaikkiin ilmansuuntiin ja tarjotaan sitten maalle, vuorille ja kunnioitetuille esi-isille. Joseph Bastien on kuvannut rinnakkaisen aymara-k\u00e4yt\u00e4nn\u00f6n La Pazin yl\u00e4ng\u00f6ll\u00e4.<\/p><p>Rituaalien erikoisosaajia kutsutaan alueesta riippuen <em>yatiri<\/em> (aymara), <em>paqo<\/em> (quechua) tai <em>altomisayoq<\/em>. He eiv\u00e4t ole institutionalisoituja pappeja, kuten inka-ajan Coricanchan virkailijat, vaan kyl\u00e4\u00e4n sidottuja ennustajia ja parantajia, jotka ovat usein saaneet kutsumuksensa ukkosenly\u00f6m\u00e4kokemuksen kautta (Illapa-kutsumus).<\/p><p>Perulainen antropologi Juan Nunez del Prado systematisoi 1970-luvun tutkimuksissaan n\u00e4iden paqo-erikoisosaajien vihkimysasteet.<\/p><p>T\u00e4rkein kalenterip\u00e4iv\u00e4 on 1. elokuuta, jota pidet\u00e4\u00e4n Pachamaman p\u00e4iv\u00e4n\u00e4; sen lis\u00e4ksi h\u00e4nelle uhrataan kaikissa maatalousvuoden t\u00e4rkeiss\u00e4 kohdissa: kylv\u00f6n aikaan, ensimm\u00e4isen kynn\u00f6n aikaan, ensimm\u00e4isen sadonkorjuun aikaan. My\u00f6s talon rakentamisen, avioliiton ja syntymien yhteydess\u00e4 Pachamama-<span class=\"iwg-fachbegriff\" data-tooltip=\"Lahja jumaluudelle kiitoksen, pyynn\u00f6n tai kunnioituksen osoittamiseksi.\" tabindex=\"0\">uhri<\/span> on pakollinen.<\/p><p>Andien kaivosalueilla (Potos\u00ed, Oruro, Cerro de Pasco) on kehittynyt my\u00f6s oma maanalaisten ty\u00f6l\u00e4isten Pachamama-<span class=\"iwg-fachbegriff\" data-tooltip=\"Kaikki uskonnolliset kunnioitustoimet, joita jumaluudelle tai pyh\u00e4lle hahmolle osoitetaan.\" tabindex=\"0\">kultti<\/span>, jossa Pachamamaa kunnioitetaan yhdess\u00e4 kaivoshengen <em>Tio<\/em> kanssa.<\/p><p>June Nash dokumentoi teoksessaan <em>We Eat the Mines and the Mines Eat Us<\/em> (1979) etnografisesti Pachamaman ja Tion kaksoiskultin Bolivian hopeakaivoksissa ja osoitti, miten kapitalistisen hyv\u00e4ksik\u00e4yt\u00f6n ja rituaalisen vastavuoroisuuden suhdetta k\u00e4sitell\u00e4\u00e4n t\u00e4ss\u00e4 kaksoisjumaluudessa.<\/p>\t\t\t\t\t\t\t\t<\/div>\n\t\t\t\t<\/div>\n\t\t\t\t\t<\/div>\n\t\t\t\t<\/div>\n\t\t<div class=\"elementor-element elementor-element-iwgw-pachamama-s5 e-flex e-con-boxed e-con e-parent\" data-id=\"iwgw-pachamama-s5\" data-element_type=\"container\" data-e-type=\"container\">\n\t\t\t\t\t<div class=\"e-con-inner\">\n\t\t\t\t<div class=\"elementor-element elementor-element-iwgw-pachamama-s5h elementor-widget elementor-widget-heading\" data-id=\"iwgw-pachamama-s5h\" data-element_type=\"widget\" data-e-type=\"widget\" data-widget_type=\"heading.default\">\n\t\t\t\t\t<h2 class=\"elementor-heading-title elementor-size-default\">Suojeluk\u00e4yt\u00e4nt\u00f6 ja apotropaiset piirteet<\/h2>\t\t\t\t<\/div>\n\t\t<div class=\"elementor-element elementor-element-iwgw-pachamama-s5c e-con-full e-flex e-con e-child\" data-id=\"iwgw-pachamama-s5c\" data-element_type=\"container\" data-e-type=\"container\">\n\t\t\t\t<div class=\"elementor-element elementor-element-iwgw-pachamama-s5t elementor-widget elementor-widget-text-editor\" data-id=\"iwgw-pachamama-s5t\" data-element_type=\"widget\" data-e-type=\"widget\" data-widget_type=\"text-editor.default\">\n\t\t\t\t\t\t\t\t\t<p>Pachamama-<span class=\"iwg-fachbegriff\" data-tooltip=\"Kaikki uskonnolliset kunnioitustoimet, joita jumaluudelle tai pyh\u00e4lle hahmolle osoitetaan.\" tabindex=\"0\">kultti<\/span> ei ytimelt\u00e4\u00e4n ole suojeluk\u00e4yt\u00e4nt\u00f6 suppeassa mieless\u00e4, vaan vastavuoroisen suhteen hoitamista (<em>ayni<\/em>). Miss\u00e4 sille annetaan torjuvia teht\u00e4vi\u00e4, t\u00e4m\u00e4 tapahtuu useimmiten yhdess\u00e4 muiden olentojen kanssa: pahoja henki\u00e4, kuten <a href=\"https:\/\/iwell-guard.com\/fi\/?page_id=144160\">Supayta<\/a>, tai <em>condenadoja<\/em> (kirotut sielut) vastaan Pachamama vaikuttaa vain, jos rituaalista vastavuoroisuutta on noudatettu.<\/p><p>Konkreettisia suojeluk\u00e4yt\u00e4nt\u00f6j\u00e4 Pachamama-yhteydess\u00e4 ovat koka-lehtien asettaminen kynnyksen alle uudisrakennuksessa, viinill\u00e4 ja chichalla t\u00e4ytetyn pullon hautaaminen talon sis\u00e4\u00e4nk\u00e4ynnin alle sek\u00e4 apachetan (kivikeon) kokoaminen vuoristosolaan, jossa jokainen ohikulkeva vaeltaja lis\u00e4\u00e4 yhden kiven ja osallistuu n\u00e4in yhteisen tien turvaamiseen.<\/p><p>Uskontotieteilij\u00e4 Olivia Harris osoitti teoksessaan <em>Of Bread and Blood<\/em> (2000), ett\u00e4 t\u00e4m\u00e4 kivikkok\u00e4yt\u00e4nt\u00f6 on elinvoimainen edelleen Bolivian yl\u00e4ng\u00f6n teill\u00e4.<\/p><p>Uskontotieteellisesti on t\u00e4rke\u00e4\u00e4 huomata, ett\u00e4 n\u00e4it\u00e4 k\u00e4yt\u00e4nt\u00f6j\u00e4 ei ymm\u00e4rret\u00e4 vaikutusmagiana, vaan rituaalisena vahvistuksena kosmiselle j\u00e4rjestykselle, jossa jokainen lahja odottaa vastalahjaa. iWell Guardin viittaus Pachamama-perinteeseen on t\u00e4ss\u00e4 nimenomaan uskontoa havainnoiva, ei vaikutusta lupaava.<\/p>\t\t\t\t\t\t\t\t<\/div>\n\t\t\t\t<\/div>\n\t\t\t\t\t<\/div>\n\t\t\t\t<\/div>\n\t\t<div class=\"elementor-element elementor-element-iwgw-pachamama-s6 e-flex e-con-boxed e-con e-parent\" data-id=\"iwgw-pachamama-s6\" data-element_type=\"container\" data-e-type=\"container\">\n\t\t\t\t\t<div class=\"e-con-inner\">\n\t\t\t\t<div class=\"elementor-element elementor-element-iwgw-pachamama-s6h elementor-widget elementor-widget-heading\" data-id=\"iwgw-pachamama-s6h\" data-element_type=\"widget\" data-e-type=\"widget\" data-widget_type=\"heading.default\">\n\t\t\t\t\t<h2 class=\"elementor-heading-title elementor-size-default\">Rinnakkaisilmi\u00f6t muissa kulttuureissa<\/h2>\t\t\t\t<\/div>\n\t\t<div class=\"elementor-element elementor-element-iwgw-pachamama-s6c e-con-full e-flex e-con e-child\" data-id=\"iwgw-pachamama-s6c\" data-element_type=\"container\" data-e-type=\"container\">\n\t\t\t\t<div class=\"elementor-element elementor-element-iwgw-pachamama-s6t elementor-widget elementor-widget-text-editor\" data-id=\"iwgw-pachamama-s6t\" data-element_type=\"widget\" data-e-type=\"widget\" data-widget_type=\"text-editor.default\">\n\t\t\t\t\t\t\t\t\t<p>Rakenteellisesti Pachamamaa voidaan verrata muiden maailmanuskontojen maaemojumaluuksiin ilman, ett\u00e4 olisi tarpeen olettaa geneettist\u00e4 yhteytt\u00e4. Uskontotieteellisesti erityisen antoisa on vertailu muinaisintialaiseen Prithiviin, kreikkalaiseen Gaiaan, roomalaiseen Tellus Materiin, germaaniseen Nerthukseen (Tacitus) ja pohjoisamerikkalaisen navajo-kansan <a href=\"https:\/\/iwell-guard.com\/fi\/?page_id=144172\">Changing Womaniin<\/a>.<\/p><p>Mircea Eliade tunnisti teoksessaan <em>Die Religion und das Heilige<\/em> maaemomallin, jota esiintyy l\u00e4hes kaikissa agraarisissa korkeakulttuureissa: naisellisen numinositeetin, joka liittyy hedelm\u00e4llisyyteen, kiertokulkuun, siemeniin ja kuolemaan. Pachamama sopii t\u00e4h\u00e4n malliin, mutta h\u00e4nen pacha-ulottuvuutensa (aika, maailmankausi) tuo mukanaan laajemman semanttisen horisontin.<\/p><p>Erityisesti andilainen piirre on Pachamaman yhteys paikallisiin vuorihenkiin, <em>apuihin<\/em> (katso <a href=\"https:\/\/iwell-guard.com\/fi\/?page_id=144162\">Apu Ausangate<\/a>). N\u00e4m\u00e4 miespuoliset vuorten herrat ja naispuolinen maaemo muodostavat toisiaan t\u00e4ydent\u00e4v\u00e4n sukupuolij\u00e4rjestelm\u00e4n, jota andilaisessa <span class=\"iwg-fachbegriff\" data-tooltip=\"K\u00e4sitys maailman rakenteesta ja j\u00e4rjestyksest\u00e4 kulttuurin sis\u00e4ll\u00e4.\" tabindex=\"0\">kosmologiassa<\/span> kutsutaan termill\u00e4 <em>yanantin<\/em>, vastakkaisten parien tuottava j\u00e4nnite.<\/p><p>Toinen t\u00e4rke\u00e4 rinnastus l\u00f6ytyy afroamerikkalaisesta orisha Yemayan tai vodou-uskonnon loa Erzulien palvonnasta, joissa naisellinen numinositeetti yhdistyy veteen, hedelm\u00e4llisyyteen ja suojeluun. T\u00e4ss\u00e4kin on kyse agraarisen uskonnollisuuden konvergenteista rakenteista, ei historiallisesta sukulaisuudesta.<\/p><p>Tieteellist\u00e4 kategoriaa <em>Magna Mater<\/em>, suuri \u00e4iti, on k\u00e4sitelty toistuvasti Johann Jakob Bachofenista l\u00e4htien 1800-luvulla, mutta kaikkien maaemojumaluuksien yksinkertaistava palauttaminen yhteen arkkityyppiseen alkuhahmoon on nykyisin metodologisesti kyseenalaista.<\/p>\t\t\t\t\t\t\t\t<\/div>\n\t\t\t\t<\/div>\n\t\t\t\t\t<\/div>\n\t\t\t\t<\/div>\n\t\t<div class=\"elementor-element elementor-element-iwgw-pachamama-s7 e-flex e-con-boxed e-con e-parent\" data-id=\"iwgw-pachamama-s7\" data-element_type=\"container\" data-e-type=\"container\">\n\t\t\t\t\t<div class=\"e-con-inner\">\n\t\t\t\t<div class=\"elementor-element elementor-element-iwgw-pachamama-s7h elementor-widget elementor-widget-heading\" data-id=\"iwgw-pachamama-s7h\" data-element_type=\"widget\" data-e-type=\"widget\" data-widget_type=\"heading.default\">\n\t\t\t\t\t<h2 class=\"elementor-heading-title elementor-size-default\">Kristillistyminen ja synkretismi<\/h2>\t\t\t\t<\/div>\n\t\t<div class=\"elementor-element elementor-element-iwgw-pachamama-s7c e-con-full e-flex e-con e-child\" data-id=\"iwgw-pachamama-s7c\" data-element_type=\"container\" data-e-type=\"container\">\n\t\t\t\t<div class=\"elementor-element elementor-element-iwgw-pachamama-s7t elementor-widget elementor-widget-text-editor\" data-id=\"iwgw-pachamama-s7t\" data-element_type=\"widget\" data-e-type=\"widget\" data-widget_type=\"text-editor.default\">\n\t\t\t\t\t\t\t\t\t<p>Espanjalainen l\u00e4hetysty\u00f6 ei koskaan onnistunut t\u00e4ysin syrj\u00e4ytt\u00e4m\u00e4\u00e4n Pachamama-<span class=\"iwg-fachbegriff\" data-tooltip=\"Jumaluuden tai pyh\u00e4n hahmon palvontaan liittyvien uskonnollisten toimien kokonaisuus.\" tabindex=\"0\">kulttia<\/span>. Sen sijaan syntyi yksi Amerikan uskontohistorian merkitt\u00e4vimmist\u00e4 synkretismeist\u00e4: Pachamaman yhdistyminen katoliseen Marian palvontaan, erityisesti Copacabanan Madonnaan (Bolivia) ja Cerron Madonnaan (Potos\u00ed).<\/p><p>Kuuluisassa maalauksessa <em>Virgen del Cerro<\/em> (anonyymi, n. 1720, Potos\u00ed) Madonna itse ilmestyy Potos\u00edn hopeavuorena, h\u00e4nen viittansa muodostaa vuoren \u00e4\u00e4riviivat, vuoren huipulla istuu kruunu, ja vuoren sis\u00e4ll\u00e4 n\u00e4kyv\u00e4t kaivosmiehet.<\/p><p>Teresa Gisbert on tulkinnut t\u00e4t\u00e4 kuvaa Pachamama-Maria-synkreesin ikonografisena manifestina. Madonnaa ei t\u00e4ss\u00e4 asetettu vuoren yl\u00e4puolelle, h\u00e4n on vuori, ja siten h\u00e4n on samalla maa\u00e4iti.<\/p><p>My\u00f6s Titicaca-j\u00e4rven rannalla sijaitseva Copacabanan t\u00e4rke\u00e4 pyhiinvaelluspaikka on rakennettu vanhemman inkojen <span class=\"iwg-fachbegriff\" data-tooltip=\"Jumaluuden palvontaan omistettu pyh\u00e4 paikka.\" tabindex=\"0\">pyh\u00e4k\u00f6n<\/span> p\u00e4\u00e4lle. <em>Virgen Morena<\/em> (tummaihoinen Madonna), jota siell\u00e4 palvotaan, katsotaan nyky\u00e4\u00e4n olevan sek\u00e4 Bolivian kristillinen suojeluspyhimys ett\u00e4 Pachamaman ilmentym\u00e4. Sabine MacCormack (<em>Religion in the Andes<\/em>, 1991) on kuvannut t\u00e4t\u00e4 kaksoisidentiteetin prosessia yksityiskohtaisesti.<\/p>\t\t\t\t\t\t\t\t<\/div>\n\t\t\t\t<\/div>\n\t\t\t\t\t<\/div>\n\t\t\t\t<\/div>\n\t\t<div class=\"elementor-element elementor-element-iwgw-pachamama-s8 e-flex e-con-boxed e-con e-parent\" data-id=\"iwgw-pachamama-s8\" data-element_type=\"container\" data-e-type=\"container\">\n\t\t\t\t\t<div class=\"e-con-inner\">\n\t\t\t\t<div class=\"elementor-element elementor-element-iwgw-pachamama-s8h elementor-widget elementor-widget-heading\" data-id=\"iwgw-pachamama-s8h\" data-element_type=\"widget\" data-e-type=\"widget\" data-widget_type=\"heading.default\">\n\t\t\t\t\t<h2 class=\"elementor-heading-title elementor-size-default\">Nykyinen tulkinta ja tutkimus<\/h2>\t\t\t\t<\/div>\n\t\t<div class=\"elementor-element elementor-element-iwgw-pachamama-s8c e-con-full e-flex e-con e-child\" data-id=\"iwgw-pachamama-s8c\" data-element_type=\"container\" data-e-type=\"container\">\n\t\t\t\t<div class=\"elementor-element elementor-element-iwgw-pachamama-s8t elementor-widget elementor-widget-text-editor\" data-id=\"iwgw-pachamama-s8t\" data-element_type=\"widget\" data-e-type=\"widget\" data-widget_type=\"text-editor.default\">\n\t\t\t\t\t\t\t\t\t<p>Pachamama on nyky\u00e4\u00e4n paljon uskonnollista kontekstiaan laajemmin Etel\u00e4-Amerikan alkuper\u00e4iskansaliikkeiden samastumiskohde. Bolivian presidentti Evo Morales julisti (2006, 2019) elokuun 1. p\u00e4iv\u00e4n kansalliseksi juhlap\u00e4iv\u00e4ksi <em>Dia de la Pachamama<\/em>, ja vuoden 2009 perustuslaki viittaa nimenomaisesti Pachamama-uskoon.<\/p><p>My\u00f6s Ecuadorissa <em>Pachamama<\/em> saatiin omat oikeutensa vuoden 2008 perustuslaissa, kansainv\u00e4lisesti huomiota her\u00e4tt\u00e4nyt askel oikeushistoriassa.<\/p><p>Ymp\u00e4rist\u00f6liikkeess\u00e4 ja l\u00e4nsimaisissa new age -piireiss\u00e4 Pachamama on saanut viime vuosikymmenin\u00e4 laajaa vastakaikua. T\u00e4t\u00e4 vastaanottoa on kuitenkin syyt\u00e4 tarkastella kriittisesti: se irrottaa k\u00e4sitteen usein konkreettisesta andisesta kontekstistaan ja tekee siit\u00e4 globaalin maa\u00e4iti-symbolin.<\/p><p>Uskontoetnologit, kuten Marisol de la Cadena (<em>Earth Beings<\/em>, 2015), ovat huomauttaneet, ett\u00e4 andinen Pachamama ei ole samaistettavissa l\u00e4nsimaiseen Gaia-hypoteesiin eik\u00e4 sit\u00e4 voida sis\u00e4llytt\u00e4\u00e4 sen k\u00e4sitteist\u00f6\u00f6n.<\/p><p>Vatikaanissa Pachamama nousi vuonna 2019 Amazonin synodin aikana kiistanalaisen keskustelun keski\u00f6\u00f6n, kun puuveistoksia asetettiin esille Santa Maria in Traspontinan kirkkoon.<\/p><p>Tapahtuma osoittaa maa\u00e4iti-symboliikan katkeamattoman vaikutusvoiman aina 2000-luvulle asti. Akateemisessa tutkimuksessa alaa ovat erityisesti muotoilleet Catherine Allenin, Joseph Bastienin, Frank Salomonin ja Marisol de la Cadenan ty\u00f6t.<\/p>\t\t\t\t\t\t\t\t<\/div>\n\t\t\t\t<\/div>\n\t\t\t\t\t<\/div>\n\t\t\t\t<\/div>\n\t\t<div class=\"elementor-element elementor-element-iwgw-pachamama-s9 e-flex e-con-boxed e-con e-parent\" data-id=\"iwgw-pachamama-s9\" data-element_type=\"container\" data-e-type=\"container\">\n\t\t\t\t\t<div class=\"e-con-inner\">\n\t\t\t\t<div class=\"elementor-element elementor-element-iwgw-pachamama-s9h elementor-widget elementor-widget-heading\" data-id=\"iwgw-pachamama-s9h\" data-element_type=\"widget\" data-e-type=\"widget\" data-widget_type=\"heading.default\">\n\t\t\t\t\t<h2 class=\"elementor-heading-title elementor-size-default\">Kirjallisuus ja l\u00e4hteet<\/h2>\t\t\t\t<\/div>\n\t\t<div class=\"elementor-element elementor-element-iwgw-pachamama-s9c e-con-full e-flex e-con e-child\" data-id=\"iwgw-pachamama-s9c\" data-element_type=\"container\" data-e-type=\"container\">\n\t\t\t\t<div class=\"elementor-element elementor-element-iwgw-pachamama-s9t elementor-widget elementor-widget-text-editor\" data-id=\"iwgw-pachamama-s9t\" data-element_type=\"widget\" data-e-type=\"widget\" data-widget_type=\"text-editor.default\">\n\t\t\t\t\t\t\t\t\t<p>Seuraava valikoima listaa keskeisi\u00e4 Andien etnologian ja uskontohistorian teoksia, jotka ovat Pachamama-tutkimuksen kannalta merkitt\u00e4vi\u00e4.<\/p>\t\t\t\t\t\t\t\t<\/div>\n\t\t\t\t<\/div>\n\t\t\t\t\t<\/div>\n\t\t\t\t<\/div>\n\t\t<div class=\"elementor-element elementor-element-cp21d1bd35 e-flex e-con-boxed e-con e-parent\" data-id=\"cp21d1bd35\" data-element_type=\"container\" data-e-type=\"container\">\n\t\t\t\t\t<div class=\"e-con-inner\">\n\t\t\t\t<div class=\"elementor-element elementor-element-cp261bfd72 elementor-widget elementor-widget-heading\" data-id=\"cp261bfd72\" data-element_type=\"widget\" data-e-type=\"widget\" data-widget_type=\"heading.default\">\n\t\t\t\t\t<h2 class=\"elementor-heading-title elementor-size-default\">Pago a la Tierra ja maalle annettavan lahjan tapa<\/h2>\t\t\t\t<\/div>\n\t\t<div class=\"elementor-element elementor-element-cp26889d35 e-flex e-con-boxed e-con e-child\" data-id=\"cp26889d35\" data-element_type=\"container\" data-e-type=\"container\">\n\t\t\t\t\t<div class=\"e-con-inner\">\n\t\t\t\t<div class=\"elementor-element elementor-element-cp2ab2cdd9 elementor-widget elementor-widget-text-editor\" data-id=\"cp2ab2cdd9\" data-element_type=\"widget\" data-e-type=\"widget\" data-widget_type=\"text-editor.default\">\n\t\t\t\t\t\t\t\t\t<p>Hyvin dokumentoitu ja t\u00e4n\u00e4kin p\u00e4iv\u00e4n\u00e4 el\u00e4v\u00e4 <span class=\"iwg-fachbegriff\" data-tooltip=\"Perinteinen tapa, jota yhteis\u00f6ss\u00e4 toistetaan s\u00e4\u00e4nn\u00f6llisesti.\" tabindex=\"0\">tapa<\/span> Pachamamaan liittyen on maalle annettava lahja, jota Andien maissa kutsutaan yleisimmin nimill\u00e4 <em>pago a la tierra<\/em> tai <em>despacho<\/em>.<\/p><p>T\u00e4ll\u00f6in kootaan kimppu erilaisia lahjoja, joihin voi alueesta riippuen kuulua kokalehti\u00e4, maissinjyvi\u00e4, rasvaa, makeisia, pieni\u00e4 hahmoja ja muita aineksia. Kimppu haudataan tai poltetaan, usein tarkoin m\u00e4\u00e4r\u00e4tyill\u00e4 paikoilla ja m\u00e4\u00e4r\u00e4ttyin\u00e4 aikoina.<\/p><p>Monilla Etel\u00e4-Perun ja Bolivian Andien alueilla elokuu on kuukausi, jolloin t\u00e4llaisia lahjoja annetaan erityisen usein, sill\u00e4 maan uskotaan tuolloin olevan avoin ja vastaanottavainen. <span class=\"iwg-fachbegriff\" data-tooltip=\"Perinteinen tapa, jota yhteis\u00f6ss\u00e4 toistetaan s\u00e4\u00e4nn\u00f6llisesti.\" tabindex=\"0\">Tapaa<\/span> johtavat usein rituaaliset erikoisosaajat, joita eri alueilla kutsutaan eri nimill\u00e4.<\/p><p>Etnografinen tutkimus, esimerkiksi Catherine Allenin ty\u00f6t Cuscon l\u00e4hell\u00e4 sijaitsevasta quechua-yhteis\u00f6st\u00e4, on osoittanut, ett\u00e4 lahjan antaminen Pachamamalle kuuluu osana jokap\u00e4iv\u00e4iseen suhteeseen ymp\u00e4rist\u00f6\u00f6n. Sama ajattelutapa n\u00e4kyy my\u00f6s siin\u00e4, ett\u00e4 ennen juomista maahan kaadetaan pieni m\u00e4\u00e4r\u00e4 nestett\u00e4.<\/p><p>Tutkimus korostaa, ett\u00e4 t\u00e4m\u00e4 kokonaisuus ei ole pelkk\u00e4\u00e4 esikolonialistisen k\u00e4yt\u00e4nn\u00f6n jatkumoa eik\u00e4 ainoastaan <span class=\"iwg-fachbegriff\" data-tooltip=\"Perinteinen kansankulttuuri tapoineen, kertomuksineen ja lauluineen.\" tabindex=\"0\">kansanperinnett\u00e4<\/span>. Vuosisatojen kuluessa siihen on omaksuttu kristillisi\u00e4 aineksia menett\u00e4m\u00e4tt\u00e4 sen ydint\u00e4. Pachamamaa palvotaan monin paikoin katolisten pyhimysten rinnalla, ja samat ihmiset osallistuvat sek\u00e4 messuun ett\u00e4 maan lahjoittamiseen.<\/p><p>Lahja ei ole pyynt\u00f6 ihmeen saamiseksi, vaan ilmaus vastavuoroisesta suhteesta: se, joka ottaa maalta, antaa my\u00f6s takaisin. T\u00e4t\u00e4 vastavuoroisuuden logiikkaa, jota Andeilla usein kuvataan quechuan kielen k\u00e4sitteell\u00e4 <em>ayni<\/em>, monet tutkijat pit\u00e4v\u00e4t tavan ymm\u00e4rt\u00e4misen todellisena avaimena.<\/p>\t\t\t\t\t\t\t\t<\/div>\n\t\t\t\t\t<\/div>\n\t\t\t\t<\/div>\n\t\t\t\t\t<\/div>\n\t\t\t\t<\/div>\n\t\t<div class=\"elementor-element elementor-element-cp25fcc55d e-flex e-con-boxed e-con e-parent\" data-id=\"cp25fcc55d\" data-element_type=\"container\" data-e-type=\"container\">\n\t\t\t\t\t<div class=\"e-con-inner\">\n\t\t\t\t<div class=\"elementor-element elementor-element-cp21ebc69e elementor-widget elementor-widget-heading\" data-id=\"cp21ebc69e\" data-element_type=\"widget\" data-e-type=\"widget\" data-widget_type=\"heading.default\">\n\t\t\t\t\t<h2 class=\"elementor-heading-title elementor-size-default\">Pachamama nykyp\u00e4iv\u00e4n poliittisessa ja kirkollisessa kiistassa<\/h2>\t\t\t\t<\/div>\n\t\t<div class=\"elementor-element elementor-element-cp23c41102 e-flex e-con-boxed e-con e-child\" data-id=\"cp23c41102\" data-element_type=\"container\" data-e-type=\"container\">\n\t\t\t\t\t<div class=\"e-con-inner\">\n\t\t\t\t<div class=\"elementor-element elementor-element-cp2eb276f0 elementor-widget elementor-widget-text-editor\" data-id=\"cp2eb276f0\" data-element_type=\"widget\" data-e-type=\"widget\" data-widget_type=\"text-editor.default\">\n\t\t\t\t\t\t\t\t\t<p>2000-luvulla Pachamamasta on tullut uskonnollisen piirin ulkopuolella poliittinen ja aatteellinen kiintopiste. Boliviassa ja Ecuadorissa k\u00e4site otettiin osaksi perustuslakia ja lains\u00e4\u00e4d\u00e4nt\u00f6\u00e4 2000- ja 2010-luvuilla.<\/p><p>Ecuador sis\u00e4llytti luonnon oikeudet perustuslakiinsa vuonna 2008, ja Bolivia hyv\u00e4ksyi vuonna 2010 lain, joka tunnetaan nimell\u00e4 <em>Ley de Derechos de la Madre Tierra<\/em>. Pachamama esiintyy t\u00e4ss\u00e4 yhteydess\u00e4 <span class=\"iwg-fachbegriff\" data-tooltip=\"Havainnollinen kuva, joka edustaa abstraktia ajatusta.\" tabindex=\"0\">vertauskuvana<\/span> ymp\u00e4rist\u00f6j\u00e4rjestykselle, joka antaa luonnolle itseisarvon.<\/p><p>Tutkimuksessa keskustellaan kriittisesti siit\u00e4, miss\u00e4 m\u00e4\u00e4rin t\u00e4m\u00e4 poliittinen k\u00e4ytt\u00f6 vastaa paikallisia uskonnollisia k\u00e4sityksi\u00e4. Osa tutkijoista n\u00e4kee siin\u00e4 mielekk\u00e4\u00e4n yhteyden andilaiseen ajatteluun, toiset puolestaan omintakeisen haltuunoton, joka yleist\u00e4\u00e4 moninaisen paikallisen <span class=\"iwg-fachbegriff\" data-tooltip=\"Perinteinen tapa, jota yhteis\u00f6ss\u00e4 toistetaan s\u00e4\u00e4nn\u00f6llisesti.\" tabindex=\"0\">tavan<\/span> kansalliseksi <span class=\"iwg-fachbegriff\" data-tooltip=\"Merkki, joka edustaa jotakin ajatusta tai merkityst\u00e4.\" tabindex=\"0\">symboliksi<\/span> ja yksinkertaistaa sit\u00e4 samalla. Kylien todellinen rituaalinen k\u00e4yt\u00e4nt\u00f6 pysyy suurelta osin valtiollisen symboliikan koskemattomana.<\/p><p>Vuonna 2019 syntyi omanlaisensa kiista kirkollisella puolella. Roomassa pidetyn niin sanotun Amazonas-synodin yhteydess\u00e4 k\u00e4ytettiin puuveistoksia, joita julkisessa keskustelussa kutsuttiin Pachamama-esityksiksi. Useat katolisen kirkon konservatiiviset piirit pitiv\u00e4t t\u00e4t\u00e4 ep\u00e4jumalanpalvontana, ja tuntemattomat henkil\u00f6t veiv\u00e4t hahmot roomalaisesta kirkosta ja heittiv\u00e4t ne Tiber-virtaan.<\/p><p>Tapaus her\u00e4tti laajan keskustelun siit\u00e4, miten kirkon tulisi suhtautua alkuper\u00e4iskansojen uskonnollisiin ilmaisumuotoihin. Tieteellisen tarkastelun kannalta tapaus osoittaa, ett\u00e4 Pachamamasta on tullut kauas Andien alueen ulkopuolellakin kiistanaihe, jonka \u00e4\u00e4rell\u00e4 k\u00e4sitell\u00e4\u00e4n inkulturaation, <span class=\"iwg-fachbegriff\" data-tooltip=\"Eri uskonnollisten perinteiden k\u00e4sitysten tai jumaluuksien yhdistyminen.\" tabindex=\"0\">synkretismin<\/span> ja uskonnollisen identiteetin kysymyksi\u00e4.<\/p>\t\t\t\t\t\t\t\t<\/div>\n\t\t\t\t\t<\/div>\n\t\t\t\t<\/div>\n\t\t\t\t\t<\/div>\n\t\t\t\t<\/div>\n\t\t<div class=\"elementor-element elementor-element-iwgw-pachamama-lit e-flex e-con-boxed e-con e-parent\" data-id=\"iwgw-pachamama-lit\" data-element_type=\"container\" data-e-type=\"container\">\n\t\t\t\t\t<div class=\"e-con-inner\">\n\t\t\t\t<div class=\"elementor-element elementor-element-iwgw-pachamama-lith elementor-widget elementor-widget-heading\" data-id=\"iwgw-pachamama-lith\" data-element_type=\"widget\" data-e-type=\"widget\" data-widget_type=\"heading.default\">\n\t\t\t\t\t<h2 class=\"elementor-heading-title elementor-size-default\">Kirjallisuus (valikoima)<\/h2>\t\t\t\t<\/div>\n\t\t<div class=\"elementor-element elementor-element-iwgw-pachamama-litc e-con-full e-flex e-con e-child\" data-id=\"iwgw-pachamama-litc\" data-element_type=\"container\" data-e-type=\"container\">\n\t\t\t\t<div class=\"elementor-element elementor-element-iwgw-pachamama-litt elementor-widget elementor-widget-text-editor\" data-id=\"iwgw-pachamama-litt\" data-element_type=\"widget\" data-e-type=\"widget\" data-widget_type=\"text-editor.default\">\n\t\t\t\t\t\t\t\t\t<ul><li>Catherine Allen: <em>The Hold Life Has<\/em> (2002)<\/li><li>Joseph Bastien: <em>Mountain of the Condor<\/em> (1978)<\/li><li>Sabine MacCormack: <em>Religion in the Andes<\/em> (1991)<\/li><li>Marisol de la Cadena: <em>Earth Beings<\/em> (2015)<\/li><li>Olivia Harris: <em>Of Bread and Blood<\/em> (2000)<\/li><li>Diego Gonzalez Holguin: <em>Vocabulario de la lengua general<\/em> (1608)<\/li><li>Frank Salomon: <em>The Cord Keepers<\/em> (2004)<\/li><\/ul>\t\t\t\t\t\t\t\t<\/div>\n\t\t\t\t<\/div>\n\t\t\t\t\t<\/div>\n\t\t\t\t<\/div>\n\t\t<div class=\"elementor-element elementor-element-iwgkw2-add-pachamama e-flex e-con-boxed e-con e-parent\" data-id=\"iwgkw2-add-pachamama\" data-element_type=\"container\" data-e-type=\"container\">\n\t\t\t\t\t<div class=\"e-con-inner\">\n\t\t\t\t<div class=\"elementor-element elementor-element-iwgkw2-add-pachamama-t elementor-widget elementor-widget-text-editor\" data-id=\"iwgkw2-add-pachamama-t\" data-element_type=\"widget\" data-e-type=\"widget\" data-widget_type=\"text-editor.default\">\n\t\t\t\t\t\t\t\t\t<p>Andien maailman <em>hedelm\u00e4llisyysjumalattarena<\/em> Pachamama yhdist\u00e4\u00e4 maanviljelyn, karjanhoidon ja vuoripalvonnan; kookan, maissin ja chichan uhrilahjat s\u00e4est\u00e4v\u00e4t t\u00e4n\u00e4kin p\u00e4iv\u00e4n\u00e4 kylv\u00f6\u00e4, sadonkorjuuta ja talonrakennusta Boliviassa, Perussa ja Pohjois-Argentiinassa.<\/p>\t\t\t\t\t\t\t\t<\/div>\n\t\t\t\t\t<\/div>\n\t\t\t\t<\/div>\n\t\t<div class=\"elementor-element elementor-element-iwgw-pachamama-kwd e-flex e-con-boxed e-con e-parent\" data-id=\"iwgw-pachamama-kwd\" data-element_type=\"container\" data-e-type=\"container\">\n\t\t\t\t\t<div class=\"e-con-inner\">\n\t\t<div class=\"elementor-element elementor-element-iwgw-pachamama-kwdc e-con-full e-flex e-con e-child\" data-id=\"iwgw-pachamama-kwdc\" data-element_type=\"container\" data-e-type=\"container\">\n\t\t\t\t<div class=\"elementor-element elementor-element-iwgw-pachamama-kwdt elementor-widget elementor-widget-text-editor\" data-id=\"iwgw-pachamama-kwdt\" data-element_type=\"widget\" data-e-type=\"widget\" data-widget_type=\"text-editor.default\">\n\t\t\t\t\t\t\t\t\t<p><em>Aiheeseen liittyv\u00e4t avainsanat: Pachamama Quechua Aymara Ayni Despacho Paqo Yatiri Apacheta Sullu.<\/em><\/p>\t\t\t\t\t\t\t\t<\/div>\n\t\t\t\t<\/div>\n\t\t\t\t\t<\/div>\n\t\t\t\t<\/div>\n\t\t<div class=\"elementor-element elementor-element-iwgw-pachamama-cc e-flex e-con-boxed e-con e-parent\" data-id=\"iwgw-pachamama-cc\" data-element_type=\"container\" data-e-type=\"container\" id=\"iwg-cc-pachamama\">\n\t\t\t\t\t<div class=\"e-con-inner\">\n\t\t<div class=\"elementor-element elementor-element-iwgw-pachamama-ccinner e-flex e-con-boxed e-con e-parent\" data-id=\"iwgw-pachamama-ccinner\" data-element_type=\"container\" data-e-type=\"container\" data-settings=\"{&quot;background_background&quot;:&quot;classic&quot;}\">\n\t\t\t\t\t<div class=\"e-con-inner\">\n\t\t\t\t<div class=\"elementor-element elementor-element-iwgw-pachamama-cch elementor-widget elementor-widget-heading\" data-id=\"iwgw-pachamama-cch\" data-element_type=\"widget\" data-e-type=\"widget\" data-widget_type=\"heading.default\">\n\t\t\t\t\t<h2 class=\"elementor-heading-title elementor-size-default\">iWell Guard ja suojelutraditiot<\/h2>\t\t\t\t<\/div>\n\t\t\t\t<div class=\"elementor-element elementor-element-iwgw-pachamama-cct elementor-widget elementor-widget-text-editor\" data-id=\"iwgw-pachamama-cct\" data-element_type=\"widget\" data-e-type=\"widget\" data-widget_type=\"text-editor.default\">\n\t\t\t\t\t\t\t\t\t<div data-nosnippet=\"true\"><p>iWell Guard jatkaa kannettavien suojaesineiden kulttuurihistoriallista perinnett\u00e4, kuten <a href=\"https:\/\/iwell-guard.com\/fi\/?page_id=144144\">Andit \/ Inka<\/a> -kulttuurissa ja monissa muissa kulttuureissa ymp\u00e4ri maailmaa. 41 tasoa, aitoa kultaa, platinaa, hopeaa, valmistettu Saksassa. 30 p\u00e4iv\u00e4n palautusoikeus.<\/p><\/div>\t\t\t\t\t\t\t\t<\/div>\n\t\t\t\t<div class=\"elementor-element elementor-element-iwgw-pachamama-ccb iwg-cc-button iwg-cc-cta-2026-05-13 elementor-widget elementor-widget-jet-button\" data-id=\"iwgw-pachamama-ccb\" data-element_type=\"widget\" data-e-type=\"widget\" data-widget_type=\"jet-button.default\">\n\t\t\t\t<div class=\"elementor-widget-container\">\n\t\t\t\t\t<div class=\"elementor-jet-button jet-elements\"><div class=\"jet-button__container\"><a class=\"jet-button__instance jet-button__instance--icon-left hover-effect-1\" href=\"\/ueber-iwell-guard\/?utm_source=iwell-guard.com&amp;utm_medium=info-box&amp;utm_campaign=wesen-tradition\"><div class=\"jet-button__plane jet-button__plane-normal\"><\/div><div class=\"jet-button__plane jet-button__plane-hover\"><\/div><div class=\"jet-button__state jet-button__state-normal\"><span class=\"jet-button__label\">Lis\u00e4\u00e4 iWell Guardista<\/span><\/div><div class=\"jet-button__state jet-button__state-hover\"><span class=\"jet-button__label\">Lis\u00e4\u00e4 iWell Guardista<\/span><\/div><\/a><\/div><\/div><style>.elementor-element.elementor-element-iwgw-pachamama-ccb .jet-button__instance{width:320px;height:56px;}.elementor-element.elementor-element-iwgw-pachamama-ccb .jet-button__state-normal .jet-button__label{text-align:center;margin:0px 0px 0px 0px;color:#1a1b20;font-family:Montserrat,sans-serif;font-size:13px;font-weight:400;letter-spacing:4px;line-height:1.714em;text-transform:uppercase;}.elementor-element.elementor-element-iwgw-pachamama-ccb .jet-button__state-hover .jet-button__label{text-align:center;margin:0px 0px 0px 0px;color:#FECC76;font-family:Montserrat,sans-serif;font-size:13px;font-weight:400;letter-spacing:4px;line-height:1.714em;text-transform:uppercase;}.elementor-element.elementor-element-iwgw-pachamama-ccb .jet-button__plane-normal{background-color:#FECC76;border-style:solid;border-color:#C99540;border-width:2px 2px 2px 2px;}.elementor-element.elementor-element-iwgw-pachamama-ccb .jet-button__plane-hover{background-color:rgba(0,0,0,0.55);border-style:solid;border-color:#FECC76;border-width:2px 2px 2px 2px;}<\/style>\t\t\t\t<\/div>\n\t\t\t\t<\/div>\n\t\t\t\t<div class=\"elementor-element elementor-element-iwgw-pachamama-ccd elementor-widget elementor-widget-text-editor\" data-id=\"iwgw-pachamama-ccd\" data-element_type=\"widget\" data-e-type=\"widget\" data-widget_type=\"text-editor.default\">\n\t\t\t\t\t\t\t\t\t<div data-nosnippet=\"true\"><p style=\"text-align:center;font-size:13px;opacity:0.7;margin-top:14px\" data-nosnippet=\"true\">Henkil\u00f6kohtaiset kokemukset voivat vaihdella. Ei l\u00e4\u00e4kinn\u00e4llinen laite. Ei paranemislupausta.<\/p><\/div>\t\t\t\t\t\t\t\t<\/div>\n\t\t\t\t\t<\/div>\n\t\t\t\t<\/div>\n\t\t\t\t\t<\/div>\n\t\t\t\t<\/div>\n\t\t<div class=\"elementor-element elementor-element-iwgw-pachamama-disc e-flex e-con-boxed e-con e-parent\" data-id=\"iwgw-pachamama-disc\" data-element_type=\"container\" data-e-type=\"container\">\n\t\t\t\t\t<div class=\"e-con-inner\">\n\t\t\t\t<div class=\"elementor-element elementor-element-iwgw-pachamama-discw elementor-widget elementor-widget-html\" data-id=\"iwgw-pachamama-discw\" data-element_type=\"widget\" data-e-type=\"widget\" data-widget_type=\"html.default\">\n\t\t\t\t\t<footer data-nosnippet=\"true\" class=\"iwg-disclaimer-block\"><p data-nosnippet=\"true\">iWell Guard <strong>ei ole l\u00e4\u00e4kinn\u00e4llinen laite<\/strong>, eik\u00e4 se korvaa l\u00e4\u00e4k\u00e4rin tai psykoterapeutin hoitoa. Uskontotieteelliset sis\u00e4ll\u00f6t ovat kulttuurihistoriallista tarkastelua, ei suositus hengelliseen k\u00e4yt\u00e4nt\u00f6\u00f6n.<\/p><\/footer>\t\t\t\t<\/div>\n\t\t\t\t\t<\/div>\n\t\t\t\t<\/div>\n\t\t\t\t<\/div>\n\t\t","protected":false},"excerpt":{"rendered":"","protected":false},"author":3,"featured_media":2683,"parent":0,"menu_order":0,"comment_status":"closed","ping_status":"closed","template":"elementor_header_footer","meta":{"_yoast_wpseo_focuskw":"Pachamama maan\u00e4iti Andit","_yoast_wpseo_title":"Pachamama \u2013 andien maan\u00e4iti ja kultti","_yoast_wpseo_metadesc":"Pachamama, Andien maan\u00e4iti, on t\u00e4h\u00e4n p\u00e4iv\u00e4\u00e4n asti keskeinen andien maanviljelij\u00e4el\u00e4m\u00e4n hahmo. Uskontotieteellinen tarkastelu ja myytti.","_yoast_wpseo_meta-robots-noindex":"","_yoast_wpseo_canonical":"","_angie_page":false,"gefaehrdungsstufe":"2","wesen_kultur":"anden-inka","wesen_klasse":"goetter","footnotes":""},"categories":[],"class_list":["post-144155","page","type-page","status-publish","has-post-thumbnail","hentry"],"yoast_head":"<!-- This site is optimized with the Yoast SEO Premium plugin v27.7 (Yoast SEO v28.3) - https:\/\/yoast.com\/product\/yoast-seo-premium-wordpress\/ -->\n<title>Pachamama \u2013 andien maan\u00e4iti ja kultti<\/title>\n<meta name=\"description\" content=\"Pachamama, Andien maan\u00e4iti, on t\u00e4h\u00e4n p\u00e4iv\u00e4\u00e4n asti keskeinen andien maanviljelij\u00e4el\u00e4m\u00e4n hahmo. Uskontotieteellinen tarkastelu ja myytti.\" \/>\n<meta name=\"robots\" content=\"index, follow, max-snippet:-1, max-image-preview:large, max-video-preview:-1\" \/>\n<link rel=\"canonical\" href=\"https:\/\/iwell-guard.com\/fi\/pachamama-maanaiti-andit\/\" \/>\n<meta property=\"og:locale\" content=\"fi_FI\" \/>\n<meta property=\"og:type\" content=\"article\" \/>\n<meta property=\"og:title\" content=\"Pachamama \u2013 Andien maan\u00e4iti\" \/>\n<meta property=\"og:description\" content=\"Pachamama, Andien maan\u00e4iti, on t\u00e4h\u00e4n p\u00e4iv\u00e4\u00e4n asti keskeinen andien maanviljelij\u00e4el\u00e4m\u00e4n hahmo. Uskontotieteellinen tarkastelu ja myytti.\" \/>\n<meta property=\"og:url\" content=\"https:\/\/iwell-guard.com\/fi\/pachamama-maanaiti-andit\/\" \/>\n<meta property=\"og:site_name\" content=\"iWell Guard\" \/>\n<meta property=\"article:modified_time\" content=\"2026-09-03T12:52:16+00:00\" \/>\n<meta property=\"og:image\" content=\"https:\/\/iwell-guard.com\/wp-content\/uploads\/2026\/05\/goetter_anden-inka_pachamama-1.webp\" \/>\n\t<meta property=\"og:image:width\" content=\"1024\" \/>\n\t<meta property=\"og:image:height\" content=\"1536\" \/>\n\t<meta property=\"og:image:type\" content=\"image\/webp\" \/>\n<meta name=\"twitter:card\" content=\"summary_large_image\" \/>\n<script type=\"application\/ld+json\" class=\"yoast-schema-graph\">{\"@context\":\"https:\\\/\\\/schema.org\",\"@graph\":[{\"@type\":\"WebPage\",\"@id\":\"https:\\\/\\\/iwell-guard.com\\\/fi\\\/pachamama-maanaiti-andit\\\/\",\"url\":\"https:\\\/\\\/iwell-guard.com\\\/fi\\\/pachamama-maanaiti-andit\\\/\",\"name\":\"Pachamama \u2013 andien maan\u00e4iti ja kultti\",\"isPartOf\":{\"@id\":\"https:\\\/\\\/iwell-guard.com\\\/fi\\\/#website\"},\"primaryImageOfPage\":{\"@id\":\"https:\\\/\\\/iwell-guard.com\\\/fi\\\/pachamama-maanaiti-andit\\\/#primaryimage\"},\"image\":{\"@id\":\"https:\\\/\\\/iwell-guard.com\\\/fi\\\/pachamama-maanaiti-andit\\\/#primaryimage\"},\"thumbnailUrl\":\"https:\\\/\\\/iwell-guard.com\\\/wp-content\\\/uploads\\\/2026\\\/05\\\/goetter_anden-inka_pachamama-1.webp\",\"datePublished\":\"2026-09-03T12:32:32+00:00\",\"dateModified\":\"2026-09-03T12:52:16+00:00\",\"description\":\"Pachamama, Andien maan\u00e4iti, on t\u00e4h\u00e4n p\u00e4iv\u00e4\u00e4n asti keskeinen andien maanviljelij\u00e4el\u00e4m\u00e4n hahmo. Uskontotieteellinen tarkastelu ja myytti.\",\"breadcrumb\":{\"@id\":\"https:\\\/\\\/iwell-guard.com\\\/fi\\\/pachamama-maanaiti-andit\\\/#breadcrumb\"},\"inLanguage\":\"fi\",\"potentialAction\":[{\"@type\":\"ReadAction\",\"target\":[\"https:\\\/\\\/iwell-guard.com\\\/fi\\\/pachamama-maanaiti-andit\\\/\"]}]},{\"@type\":\"ImageObject\",\"inLanguage\":\"fi\",\"@id\":\"https:\\\/\\\/iwell-guard.com\\\/fi\\\/pachamama-maanaiti-andit\\\/#primaryimage\",\"url\":\"https:\\\/\\\/iwell-guard.com\\\/wp-content\\\/uploads\\\/2026\\\/05\\\/goetter_anden-inka_pachamama-1.webp\",\"contentUrl\":\"https:\\\/\\\/iwell-guard.com\\\/wp-content\\\/uploads\\\/2026\\\/05\\\/goetter_anden-inka_pachamama-1.webp\",\"width\":1024,\"height\":1536,\"caption\":\"Jumalia Andien-inka-perinteest\u00e4.\"},{\"@type\":\"BreadcrumbList\",\"@id\":\"https:\\\/\\\/iwell-guard.com\\\/fi\\\/pachamama-maanaiti-andit\\\/#breadcrumb\",\"itemListElement\":[{\"@type\":\"ListItem\",\"position\":1,\"name\":\"Start\",\"item\":\"https:\\\/\\\/iwell-guard.com\\\/fi\\\/?page_id=143815\"},{\"@type\":\"ListItem\",\"position\":2,\"name\":\"Pachamama \u2013 Andien maan\u00e4iti\"}]},{\"@type\":\"WebSite\",\"@id\":\"https:\\\/\\\/iwell-guard.com\\\/fi\\\/#website\",\"url\":\"https:\\\/\\\/iwell-guard.com\\\/fi\\\/\",\"name\":\"iWell Guard\",\"description\":\"Schutz vor dunklen Einfl\u00fcssen\",\"publisher\":{\"@id\":\"https:\\\/\\\/iwell-guard.com\\\/fi\\\/#organization\"},\"potentialAction\":[{\"@type\":\"SearchAction\",\"target\":{\"@type\":\"EntryPoint\",\"urlTemplate\":\"https:\\\/\\\/iwell-guard.com\\\/fi\\\/?s={search_term_string}\"},\"query-input\":{\"@type\":\"PropertyValueSpecification\",\"valueRequired\":true,\"valueName\":\"search_term_string\"}}],\"inLanguage\":\"fi\"},{\"@type\":\"Organization\",\"@id\":\"https:\\\/\\\/iwell-guard.com\\\/fi\\\/#organization\",\"name\":\"Ittermann electronic GmbH\",\"url\":\"https:\\\/\\\/iwell-guard.com\\\/fi\\\/\",\"logo\":{\"@type\":\"ImageObject\",\"inLanguage\":\"fi\",\"@id\":\"https:\\\/\\\/iwell-guard.com\\\/fi\\\/#\\\/schema\\\/logo\\\/image\\\/\",\"url\":\"https:\\\/\\\/iwell-guard.com\\\/wp-content\\\/uploads\\\/2026\\\/05\\\/Ittermann-Logo-1182x237-1.png\",\"contentUrl\":\"https:\\\/\\\/iwell-guard.com\\\/wp-content\\\/uploads\\\/2026\\\/05\\\/Ittermann-Logo-1182x237-1.png\",\"width\":1182,\"height\":237,\"caption\":\"Ittermann electronic GmbH\"},\"image\":{\"@id\":\"https:\\\/\\\/iwell-guard.com\\\/fi\\\/#\\\/schema\\\/logo\\\/image\\\/\"},\"sameAs\":[\"https:\\\/\\\/pantip.com\\\/profile\\\/9367242\",\"https:\\\/\\\/micro.blog\\\/iwellguard\",\"https:\\\/\\\/www.diggerslist.com\\\/iwellguard\\\/about\",\"https:\\\/\\\/skitterphoto.com\\\/photographers\\\/2870314\\\/iwell-guard\",\"https:\\\/\\\/iwellguard.wordpress.com\\\/2026\\\/06\\\/06\\\/iwell-guard\\\/\",\"https:\\\/\\\/hub.docker.com\\\/u\\\/iwellguard\",\"https:\\\/\\\/www.pinterest.com\\\/iwellguard\\\/\",\"https:\\\/\\\/bit.ly\\\/m\\\/iwellguard\",\"https:\\\/\\\/entre-vos-mains.alsace.eu\\\/profiles\\\/iwellguard\\\/activity\",\"https:\\\/\\\/gravatar.com\\\/reallybeded8fd34\",\"https:\\\/\\\/naijamatta.com\\\/iwellguard\",\"https:\\\/\\\/www.goodreads.com\\\/iwellguard\",\"https:\\\/\\\/profile.hatena.ne.jp\\\/iwellguard\\\/\",\"https:\\\/\\\/experiment.com\\\/users\\\/iwellguard\",\"https:\\\/\\\/wakelet.com\\\/@iWellGuard82270\",\"https:\\\/\\\/www.chordie.com\\\/forum\\\/profile.php?id=2555664\",\"https:\\\/\\\/www.instapaper.com\\\/p\\\/17757966\",\"https:\\\/\\\/www.mapleprimes.com\\\/users\\\/iwellguard\",\"https:\\\/\\\/businesslistingplus.com\\\/profile\\\/iwell-guard\\\/\",\"https:\\\/\\\/telegra.ph\\\/iWell-Guard-06-06\",\"https:\\\/\\\/pbase.com\\\/iwellguard\\\/iwellguard\",\"https:\\\/\\\/b.hatena.ne.jp\\\/iwellguard\\\/20260607#bookmark-4788405196491818882\",\"https:\\\/\\\/fliphtml5.com\\\/home\\\/iwellguard\",\"https:\\\/\\\/anyflip.com\\\/homepage\\\/cmiwl#About\",\"https:\\\/\\\/transfur.com\\\/Users\\\/iwellguard\",\"http:\\\/\\\/delphi.larsbo.org\\\/user\\\/iwellguard\",\"https:\\\/\\\/jobs.lajobsportal.org\\\/profiles\\\/8380803-iwell-guard\",\"https:\\\/\\\/md.chaosdorf.de\\\/s\\\/jfbe5SBdJD\",\"https:\\\/\\\/www.lingvolive.com\\\/en-us\\\/profile\\\/9ecaeaca-ce11-4e51-9e71-01d55e2bff36\\\/translations\",\"https:\\\/\\\/www.fitday.com\\\/fitness\\\/forums\\\/members\\\/iwellguard.html\",\"https:\\\/\\\/www.mymeetbook.com\\\/iwellguard\",\"https:\\\/\\\/pxhere.com\\\/en\\\/photographer-me\\\/5040798\",\"https:\\\/\\\/disqus.com\\\/by\\\/iwellguard\\\/about\\\/\",\"https:\\\/\\\/pastelink.net\\\/hjwciqwq\",\"https:\\\/\\\/pubhtml5.com\\\/homepage\\\/scjhn\\\/\",\"https:\\\/\\\/www.bitchute.com\\\/channel\\\/2O2eOKzNqujT\",\"https:\\\/\\\/audiomack.com\\\/iwellguard\"]},{\"@type\":\"Article\",\"@id\":\"https:\\\/\\\/iwell-guard.com\\\/fi\\\/pachamama-maanaiti-andit\\\/#article\",\"isPartOf\":{\"@id\":\"https:\\\/\\\/iwell-guard.com\\\/fi\\\/pachamama-maanaiti-andit\\\/\"},\"author\":{\"name\":\"Ralf Ittermann\",\"@id\":\"https:\\\/\\\/iwell-guard.com\\\/fi\\\/#\\\/schema\\\/person\\\/ee2a27f1cac3406c7c6fb5820cb7349f\"},\"headline\":\"Pachamama \u2013 Andien maan\u00e4iti\",\"datePublished\":\"2026-09-03T12:32:32+00:00\",\"dateModified\":\"2026-09-03T12:52:16+00:00\",\"mainEntityOfPage\":{\"@id\":\"https:\\\/\\\/iwell-guard.com\\\/fi\\\/pachamama-maanaiti-andit\\\/\"},\"publisher\":{\"@id\":\"https:\\\/\\\/iwell-guard.com\\\/fi\\\/#organization\"},\"image\":{\"@id\":\"https:\\\/\\\/iwell-guard.com\\\/fi\\\/pachamama-maanaiti-andit\\\/#primaryimage\"},\"thumbnailUrl\":\"https:\\\/\\\/iwell-guard.com\\\/wp-content\\\/uploads\\\/2026\\\/05\\\/goetter_anden-inka_pachamama-1.webp\",\"inLanguage\":\"fi\",\"description\":\"Pachamama, Andien maan\u00e4iti, on t\u00e4h\u00e4n p\u00e4iv\u00e4\u00e4n asti keskeinen andien maanviljelij\u00e4el\u00e4m\u00e4n hahmo. Uskontotieteellinen tarkastelu ja myytti.\"}]}<\/script>\n<!-- \/ Yoast SEO Premium plugin. -->","yoast_head_json":{"title":"Pachamama \u2013 andien maan\u00e4iti ja kultti","description":"Pachamama, Andien maan\u00e4iti, on t\u00e4h\u00e4n p\u00e4iv\u00e4\u00e4n asti keskeinen andien maanviljelij\u00e4el\u00e4m\u00e4n hahmo. Uskontotieteellinen tarkastelu ja myytti.","robots":{"index":"index","follow":"follow","max-snippet":"max-snippet:-1","max-image-preview":"max-image-preview:large","max-video-preview":"max-video-preview:-1"},"canonical":"https:\/\/iwell-guard.com\/fi\/pachamama-maanaiti-andit\/","og_locale":"fi_FI","og_type":"article","og_title":"Pachamama \u2013 Andien maan\u00e4iti","og_description":"Pachamama, Andien maan\u00e4iti, on t\u00e4h\u00e4n p\u00e4iv\u00e4\u00e4n asti keskeinen andien maanviljelij\u00e4el\u00e4m\u00e4n hahmo. Uskontotieteellinen tarkastelu ja myytti.","og_url":"https:\/\/iwell-guard.com\/fi\/pachamama-maanaiti-andit\/","og_site_name":"iWell Guard","article_modified_time":"2026-09-03T12:52:16+00:00","og_image":[{"width":1024,"height":1536,"url":"https:\/\/iwell-guard.com\/wp-content\/uploads\/2026\/05\/goetter_anden-inka_pachamama-1.webp","type":"image\/webp"}],"twitter_card":"summary_large_image","schema":{"@context":"https:\/\/schema.org","@graph":[{"@type":"Article","@id":"https:\/\/iwell-guard.com\/fi\/pachamama-maanaiti-andit\/#article","isPartOf":{"@id":"https:\/\/iwell-guard.com\/fi\/pachamama-maanaiti-andit\/"},"author":{"name":"Ralf Ittermann","@id":"https:\/\/iwell-guard.com\/fi\/#\/schema\/person\/ee2a27f1cac3406c7c6fb5820cb7349f"},"headline":"Pachamama \u2013 Andien maan\u00e4iti","datePublished":"2026-09-03T12:32:32+00:00","dateModified":"2026-09-03T12:52:16+00:00","mainEntityOfPage":{"@id":"https:\/\/iwell-guard.com\/fi\/pachamama-maanaiti-andit\/"},"publisher":{"@id":"https:\/\/iwell-guard.com\/fi\/#organization"},"image":{"@id":"https:\/\/iwell-guard.com\/fi\/pachamama-maanaiti-andit\/#primaryimage"},"thumbnailUrl":"https:\/\/iwell-guard.com\/wp-content\/uploads\/2026\/05\/goetter_anden-inka_pachamama-1.webp","inLanguage":"fi","description":"Pachamama, Andien maan\u00e4iti, on t\u00e4h\u00e4n p\u00e4iv\u00e4\u00e4n asti keskeinen andien maanviljelij\u00e4el\u00e4m\u00e4n hahmo. Uskontotieteellinen tarkastelu ja myytti."},{"@type":"WebPage","@id":"https:\/\/iwell-guard.com\/fi\/pachamama-maanaiti-andit\/","url":"https:\/\/iwell-guard.com\/fi\/pachamama-maanaiti-andit\/","name":"Pachamama \u2013 andien maan\u00e4iti ja kultti","isPartOf":{"@id":"https:\/\/iwell-guard.com\/fi\/#website"},"primaryImageOfPage":{"@id":"https:\/\/iwell-guard.com\/fi\/pachamama-maanaiti-andit\/#primaryimage"},"image":{"@id":"https:\/\/iwell-guard.com\/fi\/pachamama-maanaiti-andit\/#primaryimage"},"thumbnailUrl":"https:\/\/iwell-guard.com\/wp-content\/uploads\/2026\/05\/goetter_anden-inka_pachamama-1.webp","datePublished":"2026-09-03T12:32:32+00:00","dateModified":"2026-09-03T12:52:16+00:00","description":"Pachamama, Andien maan\u00e4iti, on t\u00e4h\u00e4n p\u00e4iv\u00e4\u00e4n asti keskeinen andien maanviljelij\u00e4el\u00e4m\u00e4n hahmo. Uskontotieteellinen tarkastelu ja myytti.","breadcrumb":{"@id":"https:\/\/iwell-guard.com\/fi\/pachamama-maanaiti-andit\/#breadcrumb"},"inLanguage":"fi","potentialAction":[{"@type":"ReadAction","target":["https:\/\/iwell-guard.com\/fi\/pachamama-maanaiti-andit\/"]}]},{"@type":"ImageObject","inLanguage":"fi","@id":"https:\/\/iwell-guard.com\/fi\/pachamama-maanaiti-andit\/#primaryimage","url":"https:\/\/iwell-guard.com\/wp-content\/uploads\/2026\/05\/goetter_anden-inka_pachamama-1.webp","contentUrl":"https:\/\/iwell-guard.com\/wp-content\/uploads\/2026\/05\/goetter_anden-inka_pachamama-1.webp","width":1024,"height":1536,"caption":"Jumalia Andien-inka-perinteest\u00e4."},{"@type":"BreadcrumbList","@id":"https:\/\/iwell-guard.com\/fi\/pachamama-maanaiti-andit\/#breadcrumb","itemListElement":[{"@type":"ListItem","position":1,"name":"Start","item":"https:\/\/iwell-guard.com\/fi\/?page_id=143815"},{"@type":"ListItem","position":2,"name":"Pachamama \u2013 Andien maan\u00e4iti"}]},{"@type":"WebSite","@id":"https:\/\/iwell-guard.com\/fi\/#website","url":"https:\/\/iwell-guard.com\/fi\/","name":"iWell Guard","description":"Schutz vor dunklen Einfl\u00fcssen","publisher":{"@id":"https:\/\/iwell-guard.com\/fi\/#organization"},"potentialAction":[{"@type":"SearchAction","target":{"@type":"EntryPoint","urlTemplate":"https:\/\/iwell-guard.com\/fi\/?s={search_term_string}"},"query-input":{"@type":"PropertyValueSpecification","valueRequired":true,"valueName":"search_term_string"}}],"inLanguage":"fi"},{"@type":"Organization","@id":"https:\/\/iwell-guard.com\/fi\/#organization","name":"Ittermann electronic GmbH","url":"https:\/\/iwell-guard.com\/fi\/","logo":{"@type":"ImageObject","inLanguage":"fi","@id":"https:\/\/iwell-guard.com\/fi\/#\/schema\/logo\/image\/","url":"https:\/\/iwell-guard.com\/wp-content\/uploads\/2026\/05\/Ittermann-Logo-1182x237-1.png","contentUrl":"https:\/\/iwell-guard.com\/wp-content\/uploads\/2026\/05\/Ittermann-Logo-1182x237-1.png","width":1182,"height":237,"caption":"Ittermann electronic GmbH"},"image":{"@id":"https:\/\/iwell-guard.com\/fi\/#\/schema\/logo\/image\/"},"sameAs":["https:\/\/pantip.com\/profile\/9367242","https:\/\/micro.blog\/iwellguard","https:\/\/www.diggerslist.com\/iwellguard\/about","https:\/\/skitterphoto.com\/photographers\/2870314\/iwell-guard","https:\/\/iwellguard.wordpress.com\/2026\/06\/06\/iwell-guard\/","https:\/\/hub.docker.com\/u\/iwellguard","https:\/\/www.pinterest.com\/iwellguard\/","https:\/\/bit.ly\/m\/iwellguard","https:\/\/entre-vos-mains.alsace.eu\/profiles\/iwellguard\/activity","https:\/\/gravatar.com\/reallybeded8fd34","https:\/\/naijamatta.com\/iwellguard","https:\/\/www.goodreads.com\/iwellguard","https:\/\/profile.hatena.ne.jp\/iwellguard\/","https:\/\/experiment.com\/users\/iwellguard","https:\/\/wakelet.com\/@iWellGuard82270","https:\/\/www.chordie.com\/forum\/profile.php?id=2555664","https:\/\/www.instapaper.com\/p\/17757966","https:\/\/www.mapleprimes.com\/users\/iwellguard","https:\/\/businesslistingplus.com\/profile\/iwell-guard\/","https:\/\/telegra.ph\/iWell-Guard-06-06","https:\/\/pbase.com\/iwellguard\/iwellguard","https:\/\/b.hatena.ne.jp\/iwellguard\/20260607#bookmark-4788405196491818882","https:\/\/fliphtml5.com\/home\/iwellguard","https:\/\/anyflip.com\/homepage\/cmiwl#About","https:\/\/transfur.com\/Users\/iwellguard","http:\/\/delphi.larsbo.org\/user\/iwellguard","https:\/\/jobs.lajobsportal.org\/profiles\/8380803-iwell-guard","https:\/\/md.chaosdorf.de\/s\/jfbe5SBdJD","https:\/\/www.lingvolive.com\/en-us\/profile\/9ecaeaca-ce11-4e51-9e71-01d55e2bff36\/translations","https:\/\/www.fitday.com\/fitness\/forums\/members\/iwellguard.html","https:\/\/www.mymeetbook.com\/iwellguard","https:\/\/pxhere.com\/en\/photographer-me\/5040798","https:\/\/disqus.com\/by\/iwellguard\/about\/","https:\/\/pastelink.net\/hjwciqwq","https:\/\/pubhtml5.com\/homepage\/scjhn\/","https:\/\/www.bitchute.com\/channel\/2O2eOKzNqujT","https:\/\/audiomack.com\/iwellguard"]},{"@type":"Person","@id":"https:\/\/iwell-guard.com\/fi\/#\/schema\/person\/ee2a27f1cac3406c7c6fb5820cb7349f","name":"Ralf Ittermann","image":{"@type":"ImageObject","inLanguage":"fi","@id":"https:\/\/secure.gravatar.com\/avatar\/073c0153e350a5005b68eb752b445fea71f6b24a26da9449ad7e155e6b446c9d?s=96&d=mm&r=g","url":"https:\/\/secure.gravatar.com\/avatar\/073c0153e350a5005b68eb752b445fea71f6b24a26da9449ad7e155e6b446c9d?s=96&d=mm&r=g","contentUrl":"https:\/\/secure.gravatar.com\/avatar\/073c0153e350a5005b68eb752b445fea71f6b24a26da9449ad7e155e6b446c9d?s=96&d=mm&r=g","caption":"Ralf Ittermann"},"givenName":"Ralf","familyName":"Ittermann","jobTitle":"Gesch\u00e4ftsf\u00fchrer und redaktioneller Verantwortlicher","url":"https:\/\/iwell-guard.com\/fi\/author\/claude\/","description":"Ralf Ittermann ist Gesch\u00e4ftsf\u00fchrer der Ittermann electronic GmbH und redaktioneller Verantwortlicher des iWell-Guard-Lexikons. Er verbindet langj\u00e4hrige Erfahrung in der Pr\u00e4zisionsfertigung mit medialer Praxis und religionsgeschichtlicher Quellenarbeit.","worksFor":{"@type":"Organization","name":"Ittermann electronic GmbH","url":"https:\/\/ittermann.de\/","address":{"@type":"PostalAddress","streetAddress":"K\u00f6hlergasse 16-18","postalCode":"99842","addressLocality":"Ruhla","addressCountry":"DE"}},"knowsAbout":["Religionsgeschichte","Mythologie","Mediale Praxis","Energetische Diagnostik","Schutzpraxis","Volksglauben","Westliche Esoterik"]},{"@type":"Article","@id":"https:\/\/iwell-guard.com\/fi\/pachamama-maanaiti-andit\/#article","isPartOf":{"@id":"https:\/\/iwell-guard.com\/fi\/pachamama-maanaiti-andit\/"},"author":{"name":"Ralf Ittermann","@id":"https:\/\/iwell-guard.com\/fi\/#\/schema\/person\/ee2a27f1cac3406c7c6fb5820cb7349f"},"headline":"Pachamama \u2013 Andien maan\u00e4iti","datePublished":"2026-09-03T12:32:32+00:00","dateModified":"2026-09-03T12:52:16+00:00","mainEntityOfPage":{"@id":"https:\/\/iwell-guard.com\/fi\/pachamama-maanaiti-andit\/"},"publisher":{"@id":"https:\/\/iwell-guard.com\/fi\/#organization"},"image":{"@id":"https:\/\/iwell-guard.com\/fi\/pachamama-maanaiti-andit\/#primaryimage"},"thumbnailUrl":"https:\/\/iwell-guard.com\/wp-content\/uploads\/2026\/05\/goetter_anden-inka_pachamama-1.webp","inLanguage":"fi","description":"Pachamama, Andien maan\u00e4iti, on t\u00e4h\u00e4n p\u00e4iv\u00e4\u00e4n asti keskeinen andien maanviljelij\u00e4el\u00e4m\u00e4n hahmo. Uskontotieteellinen tarkastelu ja myytti."}]}},"_links":{"self":[{"href":"https:\/\/iwell-guard.com\/fi\/wp-json\/wp\/v2\/pages\/144155","targetHints":{"allow":["GET"]}}],"collection":[{"href":"https:\/\/iwell-guard.com\/fi\/wp-json\/wp\/v2\/pages"}],"about":[{"href":"https:\/\/iwell-guard.com\/fi\/wp-json\/wp\/v2\/types\/page"}],"author":[{"embeddable":true,"href":"https:\/\/iwell-guard.com\/fi\/wp-json\/wp\/v2\/users\/3"}],"replies":[{"embeddable":true,"href":"https:\/\/iwell-guard.com\/fi\/wp-json\/wp\/v2\/comments?post=144155"}],"version-history":[{"count":0,"href":"https:\/\/iwell-guard.com\/fi\/wp-json\/wp\/v2\/pages\/144155\/revisions"}],"wp:featuredmedia":[{"embeddable":true,"href":"https:\/\/iwell-guard.com\/fi\/wp-json\/wp\/v2\/media\/2683"}],"wp:attachment":[{"href":"https:\/\/iwell-guard.com\/fi\/wp-json\/wp\/v2\/media?parent=144155"}],"wp:term":[{"taxonomy":"category","embeddable":true,"href":"https:\/\/iwell-guard.com\/fi\/wp-json\/wp\/v2\/categories?post=144155"}],"curies":[{"name":"wp","href":"https:\/\/api.w.org\/{rel}","templated":true}]}}