{"id":144154,"date":"2026-09-03T12:32:32","date_gmt":"2026-09-03T12:32:32","guid":{"rendered":"https:\/\/iwell-guard.com\/?page_id=144154"},"modified":"2026-09-03T12:52:14","modified_gmt":"2026-09-03T12:52:14","slug":"inti-aurinkojumala-inkat","status":"publish","type":"page","link":"https:\/\/iwell-guard.com\/fi\/inti-aurinkojumala-inkat\/","title":{"rendered":"Inti \u2013 inkojen aurinkojumala"},"content":{"rendered":"\t\t<div data-elementor-type=\"wp-page\" data-elementor-id=\"144154\" class=\"elementor elementor-144154 elementor-2574 elementor-bc-flex-widget\" data-elementor-post-type=\"page\">\n\t\t\t\t<div class=\"elementor-element elementor-element-iwgw-inti-hero e-flex e-con-boxed e-con e-parent\" data-id=\"iwgw-inti-hero\" data-element_type=\"container\" data-e-type=\"container\" data-settings=\"{&quot;background_background&quot;:&quot;classic&quot;}\">\n\t\t\t\t\t<div class=\"e-con-inner\">\n\t\t<div class=\"elementor-element elementor-element-iwgw-inti-hl e-flex e-con-boxed e-con e-child\" data-id=\"iwgw-inti-hl\" data-element_type=\"container\" data-e-type=\"container\">\n\t\t\t\t\t<div class=\"e-con-inner\">\n\t\t<div class=\"elementor-element elementor-element-iwgw-inti-htxt e-con-full e-flex e-con e-child\" data-id=\"iwgw-inti-htxt\" data-element_type=\"container\" data-e-type=\"container\">\n\t\t\t\t<div class=\"elementor-element elementor-element-iwgw-inti-h1 elementor-widget elementor-widget-heading\" data-id=\"iwgw-inti-h1\" data-element_type=\"widget\" data-e-type=\"widget\" data-widget_type=\"heading.default\">\n\t\t\t\t\t<h1 class=\"elementor-heading-title elementor-size-default\">Inti, inkojen aurinkojumala ja hallitsijasuvun kantais\u00e4<\/h1>\t\t\t\t<\/div>\n\t\t\t\t<div class=\"elementor-element elementor-element-iwgw-inti-lead elementor-widget elementor-widget-text-editor\" data-id=\"iwgw-inti-lead\" data-element_type=\"widget\" data-e-type=\"widget\" data-widget_type=\"text-editor.default\">\n\t\t\t\t\t\t\t\t\t<p>Inti, inkojen aurinkojumala, on hallitsijasuvun is\u00e4 ja suuren aurinkojuhlan Inti Raymin keskeinen hahmo. H\u00e4nen <span class=\"iwg-fachbegriff\" data-tooltip=\"Jumaluuteen tai pyh\u00e4\u00e4n hahmoon kohdistuvien uskonnollisten palvontatoimien kokonaisuus.\" tabindex=\"0\">kulttinsa<\/span> on keskeinen osa Andien uskontohistoriaa, ja inkavaltio nosti sen viralliseksi valtionuskonnoksi.<\/p>\t\t\t\t\t\t\t\t<\/div>\n\t\t\t\t<\/div>\n\t\t<div class=\"elementor-element elementor-element-iwgw-inti-pillc e-con-full e-flex e-con e-child\" data-id=\"iwgw-inti-pillc\" data-element_type=\"container\" data-e-type=\"container\">\n\t\t\t\t<div class=\"elementor-element elementor-element-iwgw-inti-pills elementor-widget elementor-widget-html\" data-id=\"iwgw-inti-pills\" data-element_type=\"widget\" data-e-type=\"widget\" data-widget_type=\"html.default\">\n\t\t\t\t\t<div class=\"iwg-pill-row\"><span class=\"iwg-klasse-badge\" tabindex=\"0\" data-tooltip=\"Andien \/ inkojen perinteen jumala.\">Jumala<\/span><a href=\"https:\/\/iwell-guard.com\/fi\/?page_id=144144\" class=\"iwg-kultur-badge\" tabindex=\"0\" data-tooltip=\"Andien \/ inkojen perinteen mytologia.\">Andit \/ inkat<\/a><span class=\"iwg-tradition-badge\" tabindex=\"0\" data-tooltip=\"Korkein jumaluus.\">Korkein jumaluus<\/span><\/div>\t\t\t\t<\/div>\n\t\t\t\t<\/div>\n\t\t<div class=\"elementor-element elementor-element-iwgw-inti-tocc e-con-full e-flex e-con e-child\" data-id=\"iwgw-inti-tocc\" data-element_type=\"container\" data-e-type=\"container\">\n\t\t\t\t<div class=\"elementor-element elementor-element-iwgw-inti-toc elementor-toc--minimized-on-tablet elementor-widget elementor-widget-table-of-contents\" data-id=\"iwgw-inti-toc\" data-element_type=\"widget\" data-e-type=\"widget\" data-settings=\"{&quot;headings_by_tags&quot;:[&quot;h2&quot;,&quot;h3&quot;],&quot;minimize_box&quot;:&quot;yes&quot;,&quot;marker_view&quot;:&quot;bullets&quot;,&quot;no_headings_message&quot;:&quot;T\\u00e4lt\\u00e4 sivulta ei l\\u00f6ytynyt otsikoita.&quot;,&quot;exclude_headings_by_selector&quot;:[],&quot;icon&quot;:{&quot;value&quot;:&quot;fas fa-circle&quot;,&quot;library&quot;:&quot;fa-solid&quot;,&quot;rendered_tag&quot;:&quot;&lt;svg class=\\&quot;e-font-icon-svg e-fas-circle\\&quot; viewBox=\\&quot;0 0 512 512\\&quot; xmlns=\\&quot;http:\\\/\\\/www.w3.org\\\/2000\\\/svg\\&quot;&gt;&lt;path d=\\&quot;M256 8C119 8 8 119 8 256s111 248 248 248 248-111 248-248S393 8 256 8z\\&quot;&gt;&lt;\\\/path&gt;&lt;\\\/svg&gt;&quot;},&quot;minimized_on&quot;:&quot;tablet&quot;,&quot;hierarchical_view&quot;:&quot;yes&quot;,&quot;min_height&quot;:{&quot;unit&quot;:&quot;px&quot;,&quot;size&quot;:&quot;&quot;,&quot;sizes&quot;:[]},&quot;min_height_tablet&quot;:{&quot;unit&quot;:&quot;px&quot;,&quot;size&quot;:&quot;&quot;,&quot;sizes&quot;:[]},&quot;min_height_mobile&quot;:{&quot;unit&quot;:&quot;px&quot;,&quot;size&quot;:&quot;&quot;,&quot;sizes&quot;:[]}}\" data-widget_type=\"table-of-contents.default\">\n\t\t\t\t\t\t\t\t\t<div class=\"elementor-toc__header\">\n\t\t\t\t\t\t<h2 class=\"elementor-toc__header-title\">\n\t\t\t\tSis\u00e4llysluettelo\t\t\t<\/h2>\n\t\t\t\t\t\t\t\t\t\t<div class=\"elementor-toc__toggle-button elementor-toc__toggle-button--expand\" role=\"button\" tabindex=\"0\" aria-controls=\"elementor-toc__iwgw-inti-toc\" aria-expanded=\"true\" aria-label=\"Open table of contents\"><svg aria-hidden=\"true\" class=\"e-font-icon-svg e-fas-chevron-down\" viewBox=\"0 0 448 512\" xmlns=\"http:\/\/www.w3.org\/2000\/svg\"><path d=\"M207.029 381.476L12.686 187.132c-9.373-9.373-9.373-24.569 0-33.941l22.667-22.667c9.357-9.357 24.522-9.375 33.901-.04L224 284.505l154.745-154.021c9.379-9.335 24.544-9.317 33.901.04l22.667 22.667c9.373 9.373 9.373 24.569 0 33.941L240.971 381.476c-9.373 9.372-24.569 9.372-33.942 0z\"><\/path><\/svg><\/div>\n\t\t\t\t<div class=\"elementor-toc__toggle-button elementor-toc__toggle-button--collapse\" role=\"button\" tabindex=\"0\" aria-controls=\"elementor-toc__iwgw-inti-toc\" aria-expanded=\"true\" aria-label=\"Close table of contents\"><svg aria-hidden=\"true\" class=\"e-font-icon-svg e-fas-chevron-up\" viewBox=\"0 0 448 512\" xmlns=\"http:\/\/www.w3.org\/2000\/svg\"><path d=\"M240.971 130.524l194.343 194.343c9.373 9.373 9.373 24.569 0 33.941l-22.667 22.667c-9.357 9.357-24.522 9.375-33.901.04L224 227.495 69.255 381.516c-9.379 9.335-24.544 9.317-33.901-.04l-22.667-22.667c-9.373-9.373-9.373-24.569 0-33.941L207.03 130.525c9.372-9.373 24.568-9.373 33.941-.001z\"><\/path><\/svg><\/div>\n\t\t\t\t\t<\/div>\n\t\t\t\t<div id=\"elementor-toc__iwgw-inti-toc\" class=\"elementor-toc__body\">\n\t\t\t<div class=\"elementor-toc__spinner-container\">\n\t\t\t\t<svg class=\"elementor-toc__spinner eicon-animation-spin e-font-icon-svg e-eicon-loading\" aria-hidden=\"true\" viewBox=\"0 0 1000 1000\" xmlns=\"http:\/\/www.w3.org\/2000\/svg\"><path d=\"M500 975V858C696 858 858 696 858 500S696 142 500 142 142 304 142 500H25C25 237 238 25 500 25S975 237 975 500 763 975 500 975Z\"><\/path><\/svg>\t\t\t<\/div>\n\t\t<\/div>\n\t\t\t\t\t\t<\/div>\n\t\t\t\t<\/div>\n\t\t\t\t\t<\/div>\n\t\t\t\t<\/div>\n\t\t<div class=\"elementor-element elementor-element-iwgw-inti-hr e-con-full e-flex e-con e-child\" data-id=\"iwgw-inti-hr\" data-element_type=\"container\" data-e-type=\"container\">\n\t\t\t\t<div class=\"elementor-element elementor-element-iwgw-inti-heroimg iwg-hero-image elementor-widget elementor-widget-image\" data-id=\"iwgw-inti-heroimg\" data-element_type=\"widget\" data-e-type=\"widget\" data-widget_type=\"image.default\">\n\t\t\t\t\t\t\t\t\t\t\t\t\t\t\t<img fetchpriority=\"high\" decoding=\"async\" width=\"683\" height=\"1024\" src=\"https:\/\/iwell-guard.com\/wp-content\/uploads\/2026\/05\/goetter_anden-inka_inti-683x1024.webp\" class=\"attachment-large size-large wp-image-148848\" alt=\"Inti \u2013 jumalia Andien inka-perinteest\u00e4, historiallis-havainnollistava\" srcset=\"https:\/\/iwell-guard.com\/wp-content\/uploads\/2026\/05\/goetter_anden-inka_inti-683x1024.webp 683w, https:\/\/iwell-guard.com\/wp-content\/uploads\/2026\/05\/goetter_anden-inka_inti-200x300.webp 200w, https:\/\/iwell-guard.com\/wp-content\/uploads\/2026\/05\/goetter_anden-inka_inti-768x1152.webp 768w, https:\/\/iwell-guard.com\/wp-content\/uploads\/2026\/05\/goetter_anden-inka_inti.webp 1024w\" sizes=\"(max-width: 683px) 100vw, 683px\" \/>\t\t\t\t\t\t\t\t\t\t\t\t\t\t\t<\/div>\n\t\t\t\t<\/div>\n\t\t\t\t\t<\/div>\n\t\t\t\t<\/div>\n\t\t\t\t<section class=\"elementor-section elementor-top-section elementor-element elementor-element-sec-iwgcomp-inti elementor-section-boxed elementor-section-height-default elementor-section-height-default\" data-id=\"sec-iwgcomp-inti\" data-element_type=\"section\" data-e-type=\"section\">\n\t\t\t\t\t\t<div class=\"elementor-container elementor-column-gap-default\">\n\t\t\t\t\t<div class=\"elementor-column elementor-col-100 elementor-top-column elementor-element elementor-element-col-iwgcomp-inti\" data-id=\"col-iwgcomp-inti\" data-element_type=\"column\" data-e-type=\"column\">\n\t\t\t<div class=\"elementor-widget-wrap elementor-element-populated\">\n\t\t\t\t\t\t<div class=\"elementor-element elementor-element-iwgcomp-inti elementor-widget elementor-widget-text-editor\" data-id=\"iwgcomp-inti\" data-element_type=\"widget\" data-e-type=\"widget\" data-widget_type=\"text-editor.default\">\n\t\t\t\t\t\t\t\t\t<p>Inti on <strong>inkojen aurinkojumala<\/strong> ja andien korkeakulttuurin <span class=\"iwg-fachbegriff\" data-tooltip=\"Uskonnon tai kulttuurin jumalien kokonaisuus.\" tabindex=\"0\">panteonin<\/span> keskeinen hahmo.<\/p>\t\t\t\t\t\t\t\t<\/div>\n\t\t\t\t\t<\/div>\n\t\t<\/div>\n\t\t\t\t\t<\/div>\n\t\t<\/section>\n\t\t<div class=\"elementor-element elementor-element-iwgw-inti-s0 e-flex e-con-boxed e-con e-parent\" data-id=\"iwgw-inti-s0\" data-element_type=\"container\" data-e-type=\"container\">\n\t\t\t\t\t<div class=\"e-con-inner\">\n\t\t\t\t<div class=\"elementor-element elementor-element-iwgw-inti-s0h elementor-widget elementor-widget-heading\" data-id=\"iwgw-inti-s0h\" data-element_type=\"widget\" data-e-type=\"widget\" data-widget_type=\"heading.default\">\n\t\t\t\t\t<h2 class=\"elementor-heading-title elementor-size-default\">Asema andien panteonissa<\/h2>\t\t\t\t<\/div>\n\t\t<div class=\"elementor-element elementor-element-iwgw-inti-s0c e-con-full e-flex e-con e-child\" data-id=\"iwgw-inti-s0c\" data-element_type=\"container\" data-e-type=\"container\">\n\t\t\t\t<div class=\"elementor-element elementor-element-iwgw-inti-s0t elementor-widget elementor-widget-text-editor\" data-id=\"iwgw-inti-s0t\" data-element_type=\"widget\" data-e-type=\"widget\" data-widget_type=\"text-editor.default\">\n\t\t\t\t\t\t\t\t\t<p>Inti (ket\u0161uaksi <em>inti<\/em>, aurinko) on yksi keskeisist\u00e4 korkeimmista jumaluuksista inkavaltion (Tawantinsuyu, n. 1438, 1533) virallisessa <span class=\"iwg-fachbegriff\" data-tooltip=\"Uskonnon tai kulttuurin jumalien kokonaisuus.\" tabindex=\"0\">panteonissa<\/span>, ja h\u00e4n esiintyy siirtomaa-aikaisissa kronikoissa s\u00e4\u00e4nn\u00f6llisesti luoja-<a href=\"https:\/\/iwell-guard.com\/fi\/?page_id=144156\">Viracochan<\/a> ja kuunjumalatar <a href=\"https:\/\/iwell-guard.com\/fi\/?page_id=144157\">Mama Killan<\/a> rinnalla.<\/p><p>Perulainen kronikoitsija Garcilaso de la Vega kuvaa h\u00e4nt\u00e4 teoksessaan <em>Comentarios Reales de los Incas<\/em> (1609) korkeimman olennon n\u00e4kyv\u00e4ksi kasvoiksi, joka legitimoi inkojen hallitsijat ja j\u00e4rjesti valtakunnan taloudellisesti ja kalenterin osalta.<\/p><p>Uskontotieteellisesti Inti kuuluu dynastisten aurinkoteologioiden ryhm\u00e4\u00e4n, joita tunnetaan vastaavalla tavalla muinaisen Egyptin Re-<span class=\"iwg-fachbegriff\" data-tooltip=\"Jumaluuteen tai pyh\u00e4\u00e4n hahmoon kohdistuvien uskonnollisten palvontatoimien kokonaisuus.\" tabindex=\"0\">kultista<\/span>, japanilaisesta Amaterasu-<span class=\"iwg-fachbegriff\" data-tooltip=\"Jumaluuteen tai pyh\u00e4\u00e4n hahmoon kohdistuvien uskonnollisten palvontatoimien kokonaisuus.\" tabindex=\"0\">kultista<\/span> tai L\u00e4hi-id\u00e4n aurinkokulteista.<\/p><p>Mircea Eliade kuvaa teoksessaan <em>Geschichte der religi\u00f6sen Ideen<\/em> my\u00f6h\u00e4isten korkeakulttuurien taipumusta nostaa aurinkojumaluus poliittisen j\u00e4rjestyksen takaajaksi; Inti sopii t\u00e4h\u00e4n kaavaan. Inkojen hallitsijat k\u00e4yttiv\u00e4t arvonime\u00e4 <em>Intip Churin<\/em> (Auringon poika) ja johtivat siit\u00e4 yleismaailmallisen valtaoikeutensa andien yl\u00e4tasangolla ja <a href=\"https:\/\/iwell-guard.com\/fi\/?page_id=144144\">andien inkojen<\/a> maailmassa.<\/p><p>On huomionarvoista, ett\u00e4 Intill\u00e4 ei ollut vastaavaa korostettua asemaa Andien esi-inkalaisissa korkeakulttuureissa (Chav\u00edn, Moche, Tiwanaku, Wari). Vasta inkavaltion valtiota kannatteleva <span class=\"iwg-fachbegriff\" data-tooltip=\"Uskonnon jumalaa ja uskoa k\u00e4sittelev\u00e4 tieteellinen oppi.\" tabindex=\"0\">teologia<\/span> nosti h\u00e4net n\u00e4kyv\u00e4n panteonin k\u00e4rkeen.<\/p><p>Catherine Allen huomauttaa teoksessaan <em>The Hold Life Has<\/em> (2002), ett\u00e4 \u00e4itimaa <a href=\"https:\/\/iwell-guard.com\/fi\/?page_id=144155\">Pachamaman<\/a> ja paikallisten vuorenhenkien Apujen palvonta on monissa yhteis\u00f6iss\u00e4 t\u00e4n\u00e4kin p\u00e4iv\u00e4n\u00e4 k\u00e4yt\u00e4nn\u00f6ss\u00e4 t\u00e4rke\u00e4mp\u00e4\u00e4 kuin Intin korkeampi aurinkoteologia, mik\u00e4 viittaa siihen, ett\u00e4 Inti toimi ensisijaisesti keisarillisena <span class=\"iwg-fachbegriff\" data-tooltip=\"Uskonnossa jumalallisena palvottu olento.\" tabindex=\"0\">jumaluutena<\/span>, ja andien uskonnollisuuden konkreettista arkea m\u00e4\u00e4rittiv\u00e4t ennemmin \u00e4itimaa ja paikalliset vuorenherrat.<\/p>\t\t\t\t\t\t\t\t<\/div>\n\t\t\t\t<\/div>\n\t\t\t\t\t<\/div>\n\t\t\t\t<\/div>\n\t\t<div class=\"elementor-element elementor-element-iwgw-inti-s1 e-flex e-con-boxed e-con e-parent\" data-id=\"iwgw-inti-s1\" data-element_type=\"container\" data-e-type=\"container\">\n\t\t\t\t\t<div class=\"e-con-inner\">\n\t\t\t\t<div class=\"elementor-element elementor-element-iwgw-inti-s1h elementor-widget elementor-widget-heading\" data-id=\"iwgw-inti-s1h\" data-element_type=\"widget\" data-e-type=\"widget\" data-widget_type=\"heading.default\">\n\t\t\t\t\t<h2 class=\"elementor-heading-title elementor-size-default\">Nimi ja etymologia<\/h2>\t\t\t\t<\/div>\n\t\t<div class=\"elementor-element elementor-element-iwgw-inti-s1c e-con-full e-flex e-con e-child\" data-id=\"iwgw-inti-s1c\" data-element_type=\"container\" data-e-type=\"container\">\n\t\t\t\t<div class=\"elementor-element elementor-element-iwgw-inti-s1t elementor-widget elementor-widget-text-editor\" data-id=\"iwgw-inti-s1t\" data-element_type=\"widget\" data-e-type=\"widget\" data-widget_type=\"text-editor.default\">\n\t\t\t\t\t\t\t\t\t<p>Nimi <em>Inti<\/em> on todistettu jo varhaisimmissa siirtomaa-aikaisissa ket\u0161uan sanakirjoissa (Domingo de Santo Thomas 1560, Diego Gonzalez Holguin 1608) yleisen\u00e4 nimityksen\u00e4 sek\u00e4 auringolle taivaankappaleena ett\u00e4 personoidulle <span class=\"iwg-fachbegriff\" data-tooltip=\"Uskonnossa jumalallisena palvottu olento.\" tabindex=\"0\">jumaluudelle<\/span>.<\/p><p>Kaksoismerkitys, fyysinen taivaankappale ja jumalallinen persoona, on tyypillinen andien uskonnolliselle ajattelulle, jossa luonnon ja numinoosin tason erottelu on h\u00e4ilyv\u00e4mpi kuin eurooppalaisissa teologioissa.<\/p><p>Inti esiintyy l\u00e4hteiss\u00e4 useilla nimimuodoilla: <em>Apu Inti<\/em> (Herra Aurinko), <em>Churi Inti<\/em> (Poika-Aurinko), <em>Wayna Inti<\/em> (Nuori-Aurinko) ja <em>Inti Illapa<\/em> (Ukkonen-Aurinko) tarkoittavat kukin eri ilmenemismuotoja, joita kronikoitsija Juan de Betanzos kuvaa teoksessaan <em>Suma y narracion de los Incas<\/em> (1551) kolmiyhteisen aurinkoteologian kolmena persoonana.<\/p><p>T\u00e4m\u00e4 kolminaisuus on kehottanut uskontoetnologeja, kuten Pierre Duviolsia, varovaisuuteen: espanjalaisten kronikoitsijoiden kristillinen kolminaisuusoppi saattaa t\u00e4ss\u00e4 peitt\u00e4\u00e4 alkuper\u00e4isen intiaanien aidon moninaishahmoisuuden.<\/p><p>Korkeimman juhlan nimi <em>Inti Raymi<\/em> on ket\u0161uankielinen muodostuma sanoista <em>inti<\/em> ja <em>raymi<\/em> (juhla, juhlakokoontuminen). Se tarkoittaa etel\u00e4isen talven (kes\u00e4kuun) p\u00e4iv\u00e4nseisausjuhlaa, ja sit\u00e4 on vuodesta 1944 l\u00e4htien vietetty vuosittain uudelleen lavastettuna kansanjuhlana Cuscossa, tosin ilman historiallista el\u00e4inuhrik\u00e4yt\u00e4nt\u00f6\u00e4.<\/p><p>Juhlan nimi on vakiintunut my\u00f6s nimitykseksi omalle andien ajanlaskulle, jossa vuosia lasketaan valtakunnan mytologisesta alkuhetkest\u00e4 l\u00e4htien.<\/p>\t\t\t\t\t\t\t\t<\/div>\n\t\t\t\t<\/div>\n\t\t\t\t\t<\/div>\n\t\t\t\t<\/div>\n\t\t<div class=\"elementor-element elementor-element-iwgw-inti-s2 e-flex e-con-boxed e-con e-parent\" data-id=\"iwgw-inti-s2\" data-element_type=\"container\" data-e-type=\"container\">\n\t\t\t\t\t<div class=\"e-con-inner\">\n\t\t\t\t<div class=\"elementor-element elementor-element-iwgw-inti-s2h elementor-widget elementor-widget-heading\" data-id=\"iwgw-inti-s2h\" data-element_type=\"widget\" data-e-type=\"widget\" data-widget_type=\"heading.default\">\n\t\t\t\t\t<h2 class=\"elementor-heading-title elementor-size-default\">Kuvaus ja ikonografia<\/h2>\t\t\t\t<\/div>\n\t\t<div class=\"elementor-element elementor-element-iwgw-inti-s2c e-con-full e-flex e-con e-child\" data-id=\"iwgw-inti-s2c\" data-element_type=\"container\" data-e-type=\"container\">\n\t\t\t\t<div class=\"elementor-element elementor-element-iwgw-inti-s2t elementor-widget elementor-widget-text-editor\" data-id=\"iwgw-inti-s2t\" data-element_type=\"widget\" data-e-type=\"widget\" data-widget_type=\"text-editor.default\">\n\t\t\t\t\t\t\t\t\t<p>Intin ikonografinen kuvaus on espanjalaista valloitusta edelt\u00e4viss\u00e4 l\u00e4hteiss\u00e4 tavoitettavissa vain hajanaisesti, koska inkavaltakunnalla ei ollut varsinaista kirjallista kuvaperinnett\u00e4.<\/p><p>P\u00e4\u00e4l\u00e4hteen\u00e4 toimii siirtomaa-ajan toissijainen perim\u00e4tieto sek\u00e4 kuuluisa kultalevy, jonka kerrotaan olleen pystytettyn\u00e4 Cuscon Auringon temppeliin <em>Coricanchaan<\/em>: py\u00f6re\u00e4, s\u00e4teiden ymp\u00e4r\u00f6im\u00e4 levy ihmism\u00e4isin kasvoin, niin kutsuttu <em>Punchao<\/em>. T\u00e4m\u00e4 <span class=\"iwg-fachbegriff\" data-tooltip=\"Bildliche Darstellung einer Gottheit, die im Tempel oder Schrein verehrt wird.\" tabindex=\"0\">kultikuva<\/span> takavarikoitiin espanjalaisten valloittaessa Vilcabamban 1572 ja laivattiin Espanjaan, mutta on siit\u00e4 l\u00e4htien ollut kadoksissa.<\/p><p>Garcilaso de la Vega kuvaa Coricanchan <span class=\"iwg-fachbegriff\" data-tooltip=\"Ein der Verehrung einer Gottheit gewidmeter heiliger Ort.\" tabindex=\"0\">pyh\u00e4k\u00f6n<\/span> sis\u00e4tilaa kokonaan kultalevyill\u00e4 p\u00e4\u00e4llystettyn\u00e4. Keskell\u00e4 oli Punchao, jonka sivuilla olivat kuolleiden inka-hallitsijoiden muumioidut ruumiit (<em>mallqui<\/em>), joita pidettiin Intin suvun ikuisesti el\u00e4v\u00e4n\u00e4 ruumiillistumana.<\/p><p>Espanjalaiset kronikoitsijat Polo de Ondegardo ja Cristobal de Albornoz vahvistavat t\u00e4m\u00e4n j\u00e4rjestyksen 1560-luvun tarkastusraporteissaan. Inkan hovilaiset esiintyiv\u00e4t juhlap\u00e4ivin\u00e4 kultaisin s\u00e4dekruunuin, jotka toistivat Punchaon muodon.<\/p><p>S\u00e4ilyneiss\u00e4 inka-tekstiileiss\u00e4, keroissa (juoma-astioissa) ja siirtomaa-ajan sein\u00e4maalauksissa (esimerkiksi Cuscon koulukunnassa) Inti esitet\u00e4\u00e4n useimmiten kultaisina kasvoina piikikk\u00e4ine s\u00e4teineen, joskus maissi- tai kvinoat\u00e4hk\u00e4seppeleen kanssa.<\/p><p>Andien siirtomaa-ajan maalausten ylemmiss\u00e4 kuvatasoissa (esim. <em>Pyh\u00e4n Mikaelin voitto<\/em>, cusquenalainen koulukunta, 1600-luku) Intin ikonografia limittyy kristillisiin <span class=\"iwg-fachbegriff\" data-tooltip=\"In den abrahamitischen Religionen ein himmlisches Botenwesen Gottes.\" tabindex=\"0\">enkeli<\/span>&#8211; ja Sol Iustitiae -motiiveihin. T\u00e4t\u00e4 ikonografista synkretisoitumisj\u00e4lke\u00e4 on j\u00e4rjestelm\u00e4llisesti tutkinut taidehistorioitsija Teresa Gisbert teoksessa <em>Iconografia y mitos indigenas en el arte<\/em> (1980).<\/p>\t\t\t\t\t\t\t\t<\/div>\n\t\t\t\t<\/div>\n\t\t\t\t\t<\/div>\n\t\t\t\t<\/div>\n\t\t<div class=\"elementor-element elementor-element-iwgw-inti-s3 e-flex e-con-boxed e-con e-parent\" data-id=\"iwgw-inti-s3\" data-element_type=\"container\" data-e-type=\"container\">\n\t\t\t\t\t<div class=\"e-con-inner\">\n\t\t\t\t<div class=\"elementor-element elementor-element-iwgw-inti-s3h elementor-widget elementor-widget-heading\" data-id=\"iwgw-inti-s3h\" data-element_type=\"widget\" data-e-type=\"widget\" data-widget_type=\"heading.default\">\n\t\t\t\t\t<h2 class=\"elementor-heading-title elementor-size-default\">Myyttiset kertomukset<\/h2>\t\t\t\t<\/div>\n\t\t<div class=\"elementor-element elementor-element-iwgw-inti-s3c e-con-full e-flex e-con e-child\" data-id=\"iwgw-inti-s3c\" data-element_type=\"container\" data-e-type=\"container\">\n\t\t\t\t<div class=\"elementor-element elementor-element-iwgw-inti-s3t elementor-widget elementor-widget-text-editor\" data-id=\"iwgw-inti-s3t\" data-element_type=\"widget\" data-e-type=\"widget\" data-widget_type=\"text-editor.default\">\n\t\t\t\t\t\t\t\t\t<p>T\u00e4rkein Intiin liittyv\u00e4 <span class=\"iwg-fachbegriff\" data-tooltip=\"Eine \u00fcberlieferte Erz\u00e4hlung \u00fcber G\u00f6tter, Urspr\u00fcnge und die Ordnung der Welt.\" tabindex=\"0\">myytti<\/span> on inkojen alkuper\u00e4myytti Titicaca-j\u00e4rvest\u00e4, jonka ovat v\u00e4litt\u00e4neet erityisesti Garcilaso de la Vega ja Juan de Betanzos. Sen mukaan Inti nousee maailman pimeyden kauden j\u00e4lkeen Titicaca-j\u00e4rvest\u00e4 ja l\u00e4hett\u00e4\u00e4 lapsensa <em>Manco Capacin<\/em> ja <em>Mama Ocllon<\/em> opettamaan ihmisille maanviljelyst\u00e4, kutomataitoa ja uskonnollista j\u00e4rjestyst\u00e4.<\/p><p>Paikalle, jossa Mancon kultainen sauva uppoaa maahan, oli tarkoitus perustaa Cuscon kaupunki, my\u00f6hemmin Tawantinsuyun p\u00e4\u00e4kaupunki.<\/p><p>Rinnakkaisessa perinteess\u00e4, jonka Pedro Sarmiento de Gamboa tallensi teoksessaan <em>Historia indica<\/em> (1572), Manco Capac ja h\u00e4nen sisaruksensa sen sijaan ilmestyv\u00e4t Pacaritambon luolaj\u00e4rjestelm\u00e4st\u00e4 Cuscon l\u00e4hell\u00e4. N\u00e4it\u00e4 kahta alkuper\u00e4perinnett\u00e4 sovitettiin yhteen jo inka-ajan <span class=\"iwg-fachbegriff\" data-tooltip=\"Die wissenschaftliche Lehre von Gott und vom Glauben einer Religion.\" tabindex=\"0\">teologiassa<\/span> tulkitsemalla Titicaca-tapahtuma kosmisena ja Pacaritambo-tapahtuma maallisena vaiheena samassa l\u00e4hetysteht\u00e4v\u00e4ss\u00e4.<\/p><p>Toinen myyttihaara yhdist\u00e4\u00e4 Intin luojajumala <a href=\"https:\/\/iwell-guard.com\/fi\/?page_id=144156\">Viracochaan<\/a>. Cristobal de Molinan mukaan (<em>Relacion de las fabulas y ritos de los Incas<\/em>, 1575) Viracocha luo Titicacan luona auringon, kuun ja t\u00e4hdet ja m\u00e4\u00e4r\u00e4\u00e4 niiden kulkemaan rataansa taivaalla.<\/p><p>Inti on t\u00e4ss\u00e4 korkeamman luomisperiaatteen toissijainen ilmentym\u00e4. T\u00e4t\u00e4 kosmogonista hierarkiaa muunsivat jotkin inka-hallitsijat, erityisesti <em>Pachacuti<\/em> (hallitsi 1438\u20131471), vahvistaakseen Intin asemaa, mik\u00e4 m\u00e4\u00e4ritti my\u00f6hemp\u00e4\u00e4 valtioteologiaa.<\/p><p>Intiin liittyv\u00e4t myyttisesti my\u00f6s h\u00e4nen sisarpuolisonsa <a href=\"https:\/\/iwell-guard.com\/fi\/?page_id=144157\">Mama Killa<\/a> (kuu) sek\u00e4 ukkosenjumala <a href=\"https:\/\/iwell-guard.com\/fi\/?page_id=144159\">Illapa<\/a>, jota joissakin l\u00e4hteiss\u00e4 pidet\u00e4\u00e4n Intin osana tai veljen\u00e4. Kuunpimennyksen inka-papit tulkitsivat kosmisen el\u00e4imen hy\u00f6kk\u00e4ykseksi Mama Killaa vastaan, jota vastaan taisteltiin melulla ja nuolten ampumisella.<\/p>\t\t\t\t\t\t\t\t<\/div>\n\t\t\t\t<\/div>\n\t\t\t\t\t<\/div>\n\t\t\t\t<\/div>\n\t\t<div class=\"elementor-element elementor-element-iwgw-inti-s4 e-flex e-con-boxed e-con e-parent\" data-id=\"iwgw-inti-s4\" data-element_type=\"container\" data-e-type=\"container\">\n\t\t\t\t\t<div class=\"e-con-inner\">\n\t\t\t\t<div class=\"elementor-element elementor-element-iwgw-inti-s4h elementor-widget elementor-widget-heading\" data-id=\"iwgw-inti-s4h\" data-element_type=\"widget\" data-e-type=\"widget\" data-widget_type=\"heading.default\">\n\t\t\t\t\t<h2 class=\"elementor-heading-title elementor-size-default\">Kultti ja palvonta Tawantinsuyussa<\/h2>\t\t\t\t<\/div>\n\t\t<div class=\"elementor-element elementor-element-iwgw-inti-s4c e-con-full e-flex e-con e-child\" data-id=\"iwgw-inti-s4c\" data-element_type=\"container\" data-e-type=\"container\">\n\t\t\t\t<div class=\"elementor-element elementor-element-iwgw-inti-s4t elementor-widget elementor-widget-text-editor\" data-id=\"iwgw-inti-s4t\" data-element_type=\"widget\" data-e-type=\"widget\" data-widget_type=\"text-editor.default\">\n\t\t\t\t\t\t\t\t\t<p>Valtiollinen Intin-<span class=\"iwg-fachbegriff\" data-tooltip=\"Jumaluuden tai pyh\u00e4n hahmon palvontaan liittyvien uskonnollisten toimitusten kokonaisuus.\" tabindex=\"0\">kultti<\/span> oli inkavaltakunnassa laajasti institutionalisoitu. Sen keskuksena toimi auringon temppeli <em>Coricancha<\/em> (quechuaksi <em>quri kancha<\/em>, kultainen alue) Cuscossa, jonka perusmuurit muodostavat viel\u00e4 t\u00e4n\u00e4kin p\u00e4iv\u00e4n\u00e4 Santo Domingon dominikaanikonventin jalustan.<\/p><p>T\u00e4\u00e4ll\u00e4 inkahallitsijoiden muumioita hoidettiin el\u00e4\u00e4vin\u00e4 esi-isin\u00e4, ruokittiin p\u00e4ivitt\u00e4in ja kannettiin juhlap\u00e4ivin\u00e4 kulkueissa p\u00e4\u00e4aukion <em>Huacaypatan<\/em> yli.<\/p><p><span class=\"iwg-fachbegriff\" data-tooltip=\"Rakennus, joka on tarkoitettu yhden tai useamman jumaluuden palvontaan.\" tabindex=\"0\">Temppeliin<\/span> kuului yli 4 000 pappia ja <em>Acllacuna<\/em>, valitut auringon neitsyet.<\/p><p>N\u00e4m\u00e4 asuivat suljetuissa naistaloissa (<em>acllahuasi<\/em>), kutoivat hienoimpia kankaita (<em>cumbi<\/em>) <span class=\"iwg-fachbegriff\" data-tooltip=\"Jumaluuden tai pyh\u00e4n hahmon palvontaan liittyvien uskonnollisten toimitusten kokonaisuus.\" tabindex=\"0\">kulttia<\/span> varten ja pruuvasivat rituaalisen maissioluen <em>chichan<\/em>. Cuscon acllahuasin v\u00e4h\u00e4iset s\u00e4ilyneet j\u00e4\u00e4nteet (nyky\u00e4\u00e4n Santa Catalina) sek\u00e4 Choquequiraon inkakirjoitukset antavat k\u00e4sityksen t\u00e4m\u00e4n naispapiston materiaalisesta ulottuvuudesta.<\/p><p>Kulttivuoden kohokohta oli <em>Inti Raymi<\/em>, kes\u00e4p\u00e4iv\u00e4nseisauksen juhla 21.\/24. kes\u00e4kuuta. Inka itse uhrasi Cuscon p\u00e4\u00e4aukiolla laamoja ja marsuja, kaatoi chichaa kultaisesta maljasta ja osoitti <span class=\"iwg-fachbegriff\" data-tooltip=\"Ihmisen kielellinen k\u00e4\u00e4ntyminen jumaluuden puoleen.\" tabindex=\"0\">rukouksensa<\/span> nousevalle auringolle.<\/p><p>Polo de Ondegardo kertoo kulkueista <em>ceque<\/em>-linjoja pitkin, s\u00e4teitt\u00e4isesti Coricanchasta l\u00e4htev\u00e4st\u00e4 linja-<span class=\"iwg-fachbegriff\" data-tooltip=\"Jumaluuden palvontaan omistettu pyh\u00e4 paikka.\" tabindex=\"0\">pyh\u00e4k\u00f6st\u00e4<\/span>, joka koostui 41 suorasta linjasta ja 328:sta niin sanotusta huaca-pyh\u00e4k\u00f6st\u00e4. Tom Zuidema rekonstruoi t\u00e4m\u00e4n j\u00e4rjestelm\u00e4n ensimm\u00e4isen\u00e4 systemaattisesti teoksessaan <em>The Ceque System of Cuzco<\/em> (1964).<\/p><p>Cuscon p\u00e4\u00e4rituaalin lis\u00e4ksi oli olemassa alueellisia auringon temppeleit\u00e4 muun muassa Vilcashuamanissa, Pachacamacissa (synkretisoituna vanhemman oraakkelijumalan <a href=\"https:\/\/iwell-guard.com\/fi\/?page_id=144158\">Pachakamakin<\/a> kanssa), <em>Isla del Solilla<\/em> Titicaca-j\u00e4rvell\u00e4 sek\u00e4 Pohjois-Perun Cajamarcan maakunnassa.<\/p><p>N\u00e4it\u00e4 alueellisia pyh\u00e4kk\u00f6j\u00e4 yhdisti toisiinsa <em>Qhapaq Nan<\/em> -tieverkosto, ja ne muodostivat keisarillisen viestint\u00e4verkoston, jossa aurinko-<span class=\"iwg-fachbegriff\" data-tooltip=\"Tieteellinen oppi jumalasta ja uskonnon uskosta.\" tabindex=\"0\">teologia<\/span> ja hallinnollinen valvonta olivat erottamattomasti kietoutuneet toisiinsa.<\/p>\t\t\t\t\t\t\t\t<\/div>\n\t\t\t\t<\/div>\n\t\t\t\t\t<\/div>\n\t\t\t\t<\/div>\n\t\t<div class=\"elementor-element elementor-element-iwgw-inti-s5 e-flex e-con-boxed e-con e-parent\" data-id=\"iwgw-inti-s5\" data-element_type=\"container\" data-e-type=\"container\">\n\t\t\t\t\t<div class=\"e-con-inner\">\n\t\t\t\t<div class=\"elementor-element elementor-element-iwgw-inti-s5h elementor-widget elementor-widget-heading\" data-id=\"iwgw-inti-s5h\" data-element_type=\"widget\" data-e-type=\"widget\" data-widget_type=\"heading.default\">\n\t\t\t\t\t<h2 class=\"elementor-heading-title elementor-size-default\">Suojeluk\u00e4yt\u00e4nt\u00f6 ja apotropaiset piirteet<\/h2>\t\t\t\t<\/div>\n\t\t<div class=\"elementor-element elementor-element-iwgw-inti-s5c e-con-full e-flex e-con e-child\" data-id=\"iwgw-inti-s5c\" data-element_type=\"container\" data-e-type=\"container\">\n\t\t\t\t<div class=\"elementor-element elementor-element-iwgw-inti-s5t elementor-widget elementor-widget-text-editor\" data-id=\"iwgw-inti-s5t\" data-element_type=\"widget\" data-e-type=\"widget\" data-widget_type=\"text-editor.default\">\n\t\t\t\t\t\t\t\t\t<p>Siin\u00e4 miss\u00e4 Inti vaikutti korkeutena valtakunnallisella tasolla, oli sen rinnalla my\u00f6s arkiel\u00e4m\u00e4\u00e4n liittyv\u00e4 aurinkok\u00e4yt\u00e4nt\u00f6, joka el\u00e4\u00e4 osittain edelleen cuscolaisen ja bolivialaisen yl\u00e4tasangon kyliss\u00e4. Sit\u00e4 ei pid\u00e4 ymm\u00e4rt\u00e4\u00e4 nykyaikaisten vaikutuslupausten mieless\u00e4, vaan se dokumentoi tietynlaista uskonnollista havaintok\u00e4yt\u00e4nt\u00f6\u00e4.<\/p><p>Catherine Allen kuvaa (<em>The Hold Life Has<\/em>, 2002) esimerkiksi Sonqon kyl\u00e4ss\u00e4, kuinka vanhemmat naiset avaavat aamuisin oven it\u00e4\u00e4n ja sivelev\u00e4t ensimm\u00e4isen auringonvalon p\u00e4\u00e4n yli, mik\u00e4 liittyy quechuankieliseen mutinaan, jossa Inti\u00e4 pyydet\u00e4\u00e4n antamaan <em>samay<\/em> (el\u00e4m\u00e4n henk\u00e4ys).<\/p><p>Inkakauden k\u00e4yt\u00e4nn\u00f6ss\u00e4 papit k\u00e4yttiv\u00e4t kultaisia peilej\u00e4 auringonvalon kohdistamiseen ja rituaalitulen sytytt\u00e4miseen Coricanchan <span class=\"iwg-fachbegriff\" data-tooltip=\"Korotettu paikka tai p\u00f6yt\u00e4 uhrauksia ja uskonnollisia toimituksia varten.\" tabindex=\"0\">alttarilla<\/span>. Cobo kertoo vastaavasta laitteesta, jossa k\u00e4ytettiin kiillotettuja koveria peilej\u00e4.<\/p><p><span class=\"iwg-fachbegriff\" data-tooltip=\"Onnettomuutta torjuva: merkeist\u00e4 ja esineist\u00e4, joiden tarkoitus on pit\u00e4\u00e4 haitalliset vaikutukset loitolla.\" tabindex=\"0\">Apotropaisina<\/span> y\u00f6n vaaroja, erityisesti <span class=\"iwg-fachbegriff\" data-tooltip=\"Perinteinen kertomus jumalista, alkuperist\u00e4 ja maailman j\u00e4rjestyksest\u00e4.\" tabindex=\"0\">myytiss\u00e4<\/span> <em>supay<\/em>-nimell\u00e4 kutsuttuja pahantekij\u00e4henki\u00e4 (katso <a href=\"https:\/\/iwell-guard.com\/fi\/?page_id=144160\">Supay<\/a>), vastaan pidettiin kultapellist\u00e4 valmistettuja aurinkoamuletteja, joita kannettiin rintakeh\u00e4ll\u00e4 <em>chacana<\/em>-muotoisina tai py\u00f6rein\u00e4 Punchao-j\u00e4ljitelmin\u00e4.<\/p><p>Uskontotieteellisesti merkityksellist\u00e4 on, ett\u00e4 n\u00e4it\u00e4 k\u00e4yt\u00e4nt\u00f6j\u00e4 ei ymm\u00e4rretty maagisena hallintana, vaan <em>aynin\u00e4<\/em>, keskin\u00e4isen\u00e4 velvoitesuhteena. Se, joka tervehtii aurinkoa aamuisin, asettuu vastavuoroiseen verkkoon, joka andilaisen k\u00e4sityksen mukaan yhdist\u00e4\u00e4 ihmisen, esi-is\u00e4t, vuoret ja taivaankappaleet.<\/p><p>Uskontoetnologi Frank Salomon on osoittanut teoksessaan <em>The Cord Keepers<\/em> (2004), kuinka t\u00e4m\u00e4 vastavuoroinen logiikka ulottuu aina nykyaikaisiin quechua-yhteis\u00f6ihin asti.<\/p>\t\t\t\t\t\t\t\t<\/div>\n\t\t\t\t<\/div>\n\t\t\t\t\t<\/div>\n\t\t\t\t<\/div>\n\t\t<div class=\"elementor-element elementor-element-iwgw-inti-s6 e-flex e-con-boxed e-con e-parent\" data-id=\"iwgw-inti-s6\" data-element_type=\"container\" data-e-type=\"container\">\n\t\t\t\t\t<div class=\"e-con-inner\">\n\t\t\t\t<div class=\"elementor-element elementor-element-iwgw-inti-s6h elementor-widget elementor-widget-heading\" data-id=\"iwgw-inti-s6h\" data-element_type=\"widget\" data-e-type=\"widget\" data-widget_type=\"heading.default\">\n\t\t\t\t\t<h2 class=\"elementor-heading-title elementor-size-default\">Rinnakkaisilmi\u00f6t muissa kulttuureissa<\/h2>\t\t\t\t<\/div>\n\t\t<div class=\"elementor-element elementor-element-iwgw-inti-s6c e-con-full e-flex e-con e-child\" data-id=\"iwgw-inti-s6c\" data-element_type=\"container\" data-e-type=\"container\">\n\t\t\t\t<div class=\"elementor-element elementor-element-iwgw-inti-s6t elementor-widget elementor-widget-text-editor\" data-id=\"iwgw-inti-s6t\" data-element_type=\"widget\" data-e-type=\"widget\" data-widget_type=\"text-editor.default\">\n\t\t\t\t\t\t\t\t\t<p>Tieteellis-vertaileva tutkimus on Eduard Selerin ja Konrad Theodor Preussin ajoista l\u00e4htien toistuvasti tuonut esiin rakenteellisia yht\u00e4l\u00e4isyyksi\u00e4 Intin ja muiden dynastisten aurinkoteologioiden v\u00e4lill\u00e4. Erityisen huomionarvoisia ovat rakenteelliset yht\u00e4l\u00e4isyydet muinaisegyptil\u00e4iseen Re- tai Aton-<span class=\"iwg-fachbegriff\" data-tooltip=\"Jumaluuden tai pyh\u00e4n hahmon palvontaan liittyvien uskonnollisten toimitusten kokonaisuus.\" tabindex=\"0\">kulttiin<\/span>, japanilaiseen Yamato-dynastian Amaterasu-<span class=\"iwg-fachbegriff\" data-tooltip=\"Jumaluuden tai pyh\u00e4n hahmon palvontaan liittyvien uskonnollisten toimitusten kokonaisuus.\" tabindex=\"0\">kulttiin<\/span> ja roomalaiseen 3. vuosisadan <em>Sol Invictus<\/em> &#8211;<span class=\"iwg-fachbegriff\" data-tooltip=\"Tieteellinen oppi jumalasta ja uskonnon uskosta.\" tabindex=\"0\">teologiaan<\/span>.<\/p><p>Kaikissa n\u00e4iss\u00e4 tapauksissa aurinko ilmenee hallitsijasuvun takaajana, kalenterillisena keskusperiaatteena ja ikonografisesti hallitsevana elementtin\u00e4 valtiotaiteessa. Ranskalainen uskontohistorioitsija Henri Frankfort kuvasi teoksessaan <em>Kingship and the Gods<\/em> (1948) jumalallisen kuninkuuden rakenteellista kaavaa, jossa Inti, Re ja Amaterasu asettuvat funktionaalisesti vertailukelpoisiin asemiin.<\/p><p>On kuitenkin t\u00e4rke\u00e4\u00e4 huomata, ett\u00e4 Frankfortin kaava ei tarkoita geneettist\u00e4 yhteytt\u00e4 eri aurinkoteologioiden v\u00e4lill\u00e4, kyse on konvergentista kehityksest\u00e4 samankaltaisissa yhteiskuntarakenteellisissa olosuhteissa maatalouteen perustuvassa korkeakulttuurissa.<\/p><p>Amerikan sis\u00e4ll\u00e4 Inti osoittaa selvi\u00e4 yht\u00e4l\u00e4isyyksi\u00e4 atsteekkien Huitzilopochtliin ja Mesoamerikan Tonatiuh-aurinkojumalaan, joskaan kulttuurien v\u00e4list\u00e4 suoraa kosketusta ennen vuotta 1532 ei voida osoittaa. Andien kulttuurikompleksit pysyiv\u00e4t suurelta osin eristyksiss\u00e4. Laajemmalla amerikkalaisella alueella solaarinen p\u00e4\u00e4hahmo on v\u00e4hemm\u00e4n esill\u00e4: Pohjois-Amerikan lakotoilla <a href=\"https:\/\/iwell-guard.com\/fi\/?page_id=144164\">Wakan Tanka<\/a> on enemm\u00e4nkin kaiken kattava, ei erityisesti aurinkoon liittyv\u00e4 korkein olento.<\/p>\t\t\t\t\t\t\t\t<\/div>\n\t\t\t\t<\/div>\n\t\t\t\t\t<\/div>\n\t\t\t\t<\/div>\n\t\t<div class=\"elementor-element elementor-element-iwgw-inti-s7 e-flex e-con-boxed e-con e-parent\" data-id=\"iwgw-inti-s7\" data-element_type=\"container\" data-e-type=\"container\">\n\t\t\t\t\t<div class=\"e-con-inner\">\n\t\t\t\t<div class=\"elementor-element elementor-element-iwgw-inti-s7h elementor-widget elementor-widget-heading\" data-id=\"iwgw-inti-s7h\" data-element_type=\"widget\" data-e-type=\"widget\" data-widget_type=\"heading.default\">\n\t\t\t\t\t<h2 class=\"elementor-heading-title elementor-size-default\">Nykyinen tulkinta ja tutkimus<\/h2>\t\t\t\t<\/div>\n\t\t<div class=\"elementor-element elementor-element-iwgw-inti-s7c e-con-full e-flex e-con e-child\" data-id=\"iwgw-inti-s7c\" data-element_type=\"container\" data-e-type=\"container\">\n\t\t\t\t<div class=\"elementor-element elementor-element-iwgw-inti-s7t elementor-widget elementor-widget-text-editor\" data-id=\"iwgw-inti-s7t\" data-element_type=\"widget\" data-e-type=\"widget\" data-widget_type=\"text-editor.default\">\n\t\t\t\t\t\t\t\t\t<p>Espanjalainen siirtomaahallinto tukahdutti valtiollisen Inti-<span class=\"iwg-fachbegriff\" data-tooltip=\"Jumaluuden tai pyh\u00e4n hahmon palvontaan liittyvien uskonnollisten toimien kokonaisuus.\" tabindex=\"0\">kultin<\/span> j\u00e4rjestelm\u00e4llisesti valloituksen 1532 j\u00e4lkeen, vuonna 1572. Arkkipiispa Bartolom\u00e9 Lobo Guerrero ja h\u00e4nen visitaattorinsa Francisco de \u00c1vila johtivat 1610- ja 1620-luvuilla laajoja <em>extirpaci\u00f3n de idolatr\u00edas<\/em> -kampanjoita, joiden seurauksena tuhoutui tuhansia huaca-pyh\u00e4k\u00f6it\u00e4.<\/p><p>Siit\u00e4 huolimatta aurinkokultti s\u00e4ilyi kansanuskonnollisissa muodoissa, esimerkiksi Cuscon l\u00e4heisyydess\u00e4 pidett\u00e4viss\u00e4 <em>Qoyllur Riti<\/em> -vuoristoprosessioissa, joissa j\u00e4\u00e4tik\u00f6lt\u00e4 aamulla viel\u00e4 j\u00e4ljell\u00e4 olevan viimeisen j\u00e4\u00e4n (nyky\u00e4\u00e4n ilmastonmuutoksen my\u00f6t\u00e4 huomattavasti v\u00e4hentyneen) katsotaan olevan Intin ilmentym\u00e4.<\/p><p>Vuodesta 1944 l\u00e4htien Cuscossa on esitetty vuosittain 24. kes\u00e4kuuta rekonstruoitu kansanjuhla <em>Inti Raymi<\/em> Sacsayhuamanin linnoituksessa.<\/p><p>Esityksen laati perulainen kirjailija Faustino Espinoza Navarro, ja se perustuu ensisijaisesti Garcilaso de la Vegan kuvauksiin. Sill\u00e4 on huomattava matkailullinen luonne, mutta se on samalla my\u00f6s uudelleen l\u00f6ydetyn alkuper\u00e4iskansaidentiteetin ankkuri (<em>movimiento indigenista<\/em>).<\/p><p>Nykyisess\u00e4 akateemisessa tutkimuksessa huomion keskipisteess\u00e4 ei ole niink\u00e4\u00e4n yhten\u00e4inen Inti-<span class=\"iwg-fachbegriff\" data-tooltip=\"Jumaluuden tai pyh\u00e4n hahmon palvontaan liittyvien uskonnollisten toimien kokonaisuus.\" tabindex=\"0\">kultti<\/span> vaan kysymys paikallisesta uskonnollisuudesta.<\/p><p>Frank Salomon, Tom Zuidema, Catherine Allen, Sabine MacCormack (<em>Religion in the Andes<\/em>, 1991) ja Brian Bauer (<em>The Sacred Landscape of the Inca<\/em>, 1998) ovat osoittaneet, kuinka valtiollinen aurinkokultti kytkeytyi tihe\u00e4\u00e4n paikallisten huaca-pyh\u00e4k\u00f6iden ja apu-vuorenpalvonnan verkostoon ja jatkoi vaikutustaan synkretistisess\u00e4 muodossa vuoden 1532 j\u00e4lkeen.<\/p><p>Nykyiset arkeoastronomiset tutkimukset kivist\u00e4 rakennetuista pyh\u00e4k\u00f6ist\u00e4, kuten Machu Picchusta (Reinhard 2007, Ziegler 2015), tarkentavat t\u00e4t\u00e4 kuvaa jatkuvasti.<\/p>\t\t\t\t\t\t\t\t<\/div>\n\t\t\t\t<\/div>\n\t\t\t\t\t<\/div>\n\t\t\t\t<\/div>\n\t\t<div class=\"elementor-element elementor-element-iwgw-inti-s8 e-flex e-con-boxed e-con e-parent\" data-id=\"iwgw-inti-s8\" data-element_type=\"container\" data-e-type=\"container\">\n\t\t\t\t\t<div class=\"e-con-inner\">\n\t\t\t\t<div class=\"elementor-element elementor-element-iwgw-inti-s8h elementor-widget elementor-widget-heading\" data-id=\"iwgw-inti-s8h\" data-element_type=\"widget\" data-e-type=\"widget\" data-widget_type=\"heading.default\">\n\t\t\t\t\t<h2 class=\"elementor-heading-title elementor-size-default\">Kirjallisuus ja l\u00e4hteet<\/h2>\t\t\t\t<\/div>\n\t\t<div class=\"elementor-element elementor-element-iwgw-inti-s8c e-con-full e-flex e-con e-child\" data-id=\"iwgw-inti-s8c\" data-element_type=\"container\" data-e-type=\"container\">\n\t\t\t\t<div class=\"elementor-element elementor-element-iwgw-inti-s8t elementor-widget elementor-widget-text-editor\" data-id=\"iwgw-inti-s8t\" data-element_type=\"widget\" data-e-type=\"widget\" data-widget_type=\"text-editor.default\">\n\t\t\t\t\t\t\t\t\t<p>Seuraava valikoima listaa keskeisi\u00e4 historiallisia l\u00e4hteit\u00e4 ja nykyaikaisia tieteellisi\u00e4 tutkimuksia Inkavaltakunnan Inti-<span class=\"iwg-fachbegriff\" data-tooltip=\"Jumaluuden tai pyh\u00e4n hahmon palvontaan liittyvien uskonnollisten toimien kokonaisuus.\" tabindex=\"0\">kultista<\/span>. Se ulottuu 1500- ja 1600-luvun siirtomaa-ajan kronikoista aina modernin Andien etnologian ja <span class=\"iwg-fachbegriff\" data-tooltip=\"Tiede, joka tutkii menneit\u00e4 kulttuureja aineellisten l\u00f6yt\u00f6jen avulla.\" tabindex=\"0\">arkeologian<\/span> teoksiin.<\/p>\t\t\t\t\t\t\t\t<\/div>\n\t\t\t\t<\/div>\n\t\t\t\t\t<\/div>\n\t\t\t\t<\/div>\n\t\t<div class=\"elementor-element elementor-element-cp2e221a20 e-flex e-con-boxed e-con e-parent\" data-id=\"cp2e221a20\" data-element_type=\"container\" data-e-type=\"container\">\n\t\t\t\t\t<div class=\"e-con-inner\">\n\t\t\t\t<div class=\"elementor-element elementor-element-cp28758ced elementor-widget elementor-widget-heading\" data-id=\"cp28758ced\" data-element_type=\"widget\" data-e-type=\"widget\" data-widget_type=\"heading.default\">\n\t\t\t\t\t<h2 class=\"elementor-heading-title elementor-size-default\">Inti Raymi Inkavaltakunnan valtiollisena juhlana<\/h2>\t\t\t\t<\/div>\n\t\t<div class=\"elementor-element elementor-element-cp264cc543 e-flex e-con-boxed e-con e-child\" data-id=\"cp264cc543\" data-element_type=\"container\" data-e-type=\"container\">\n\t\t\t\t\t<div class=\"e-con-inner\">\n\t\t\t\t<div class=\"elementor-element elementor-element-cp2c0825f5 elementor-widget elementor-widget-text-editor\" data-id=\"cp2c0825f5\" data-element_type=\"widget\" data-e-type=\"widget\" data-widget_type=\"text-editor.default\">\n\t\t\t\t\t\t\t\t\t<p>Aurinkokultin t\u00e4rkein perim\u00e4tiedosta tunnettu juhla oli <em>Inti Raymi<\/em>, jota vietettiin talvip\u00e4iv\u00e4nseisauksen aikaan kes\u00e4kuussa Cuscossa.<\/p><p>Se tunnetaan ensisijaisesti kronikoitsija Crist\u00f3bal de Molinan Cuscossa laatiman kuvauksen ansiosta; h\u00e4n dokumentoi inkojen juhlia 1570-luvulla, ja tietoa on saatu my\u00f6s Garcilaso de la Vegalta ja Bernab\u00e9 Cobolta. Juhla merkitsi uuden vuosikierron alkua ja yhdisti auringon, maan hedelm\u00e4llisyyden ja Inkan vallan.<\/p><p>Kronikoiden mukaan aatelisto kokoontui Cuscon keskeiselle aukiolle. Uhrattiin laamoja, tarjottiin maissia ja maissiolutta, ja aurinkoa kunnioitettiin <span class=\"iwg-fachbegriff\" data-tooltip=\"Juhlallinen, tiettyjen s\u00e4\u00e4nt\u00f6jen mukaan etenev\u00e4 toimitus.\" tabindex=\"0\">seremoniassa<\/span>, jossa Inka auringon poikana oli keskeisess\u00e4 asemassa.<\/p><p>Juhla palveli n\u00e4in samanaikaisesti uskonnollista palvontaa ja poliittisen j\u00e4rjestyksen vahvistamista. Espanjalainen siirtomaahallinto kielsi juhlan 1500-luvun lopulla ep\u00e4jumalanpalveluksena.<\/p><p>Nykyinen <em>Inti Raymi<\/em>, jota on esitetty vuosittain Cuscossa vuodesta 1944 l\u00e4htien, ei ole katkeamaton jatkumo, vaan moderni rekonstruktio. Se perustuu kirjailijan ja alkuper\u00e4iskansa-aktivistin Faustino Espinoza Navarron aloitteeseen ja tukeutuu ensisijaisesti Garcilason tekstiin.<\/p><p>Tutkimus sijoittaa nykyaikaisen juhlan osaksi 1900-luvun perulaista indigenismoa, liikett\u00e4, joka korosti inkaperint\u00f6\u00e4 kansallisen identiteetin perustana. Se on siten hyvin dokumentoitu tapaus, jossa esikolonialistinen <span class=\"iwg-fachbegriff\" data-tooltip=\"Uskonnollisesti tai kulttuurisesti merkitt\u00e4v\u00e4, s\u00e4\u00e4nn\u00f6nmukaisesti etenevien symbolisten toimien sarja.\" tabindex=\"0\">rituaali<\/span> luotiin uudelleen kronikoiden pohjalta ja siit\u00e4 tuli osa modernia identiteetti\u00e4, vaikka yhten\u00e4ist\u00e4 kulttiin liittyv\u00e4\u00e4 <span class=\"iwg-fachbegriff\" data-tooltip=\"Tiedon ja kertomusten v\u00e4littyminen sukupolvelta toiselle.\" tabindex=\"0\">perinnett\u00e4<\/span> ei olisikaan olemassa.<\/p>\t\t\t\t\t\t\t\t<\/div>\n\t\t\t\t\t<\/div>\n\t\t\t\t<\/div>\n\t\t\t\t\t<\/div>\n\t\t\t\t<\/div>\n\t\t<div class=\"elementor-element elementor-element-cp220ba088 e-flex e-con-boxed e-con e-parent\" data-id=\"cp220ba088\" data-element_type=\"container\" data-e-type=\"container\">\n\t\t\t\t\t<div class=\"e-con-inner\">\n\t\t\t\t<div class=\"elementor-element elementor-element-cp2dc475fc elementor-widget elementor-widget-heading\" data-id=\"cp2dc475fc\" data-element_type=\"widget\" data-e-type=\"widget\" data-widget_type=\"heading.default\">\n\t\t\t\t\t<h2 class=\"elementor-heading-title elementor-size-default\">Coricancha ja aurinkokultin aineellinen perim\u00e4tieto<\/h2>\t\t\t\t<\/div>\n\t\t<div class=\"elementor-element elementor-element-cp259331e8 e-flex e-con-boxed e-con e-child\" data-id=\"cp259331e8\" data-element_type=\"container\" data-e-type=\"container\">\n\t\t\t\t\t<div class=\"e-con-inner\">\n\t\t\t\t<div class=\"elementor-element elementor-element-cp2dcafdd8 elementor-widget elementor-widget-text-editor\" data-id=\"cp2dcafdd8\" data-element_type=\"widget\" data-e-type=\"widget\" data-widget_type=\"text-editor.default\">\n\t\t\t\t\t\t\t\t\t<p>Aurinkojumalan keskeinen <span class=\"iwg-fachbegriff\" data-tooltip=\"Jumaluuden palvontaan omistettu pyh\u00e4 paikka.\" tabindex=\"0\">pyh\u00e4kk\u00f6<\/span> oli <em>Coricancha<\/em> Cuscossa; nimi voidaan k\u00e4\u00e4nt\u00e4\u00e4 kultapihaksi tai kultaiseksi aitaukseksi. Espanjalaiset l\u00e4hteet kuvaavat sen runsaasti kullalla koristelluksi, ja seinien on kerrottu olleen osittain kultalevyill\u00e4 p\u00e4\u00e4llystettyj\u00e4.<\/p><p>Valloituksen j\u00e4lkeen kulta sulatettiin, ja espanjalaiset rakensivat pyh\u00e4k\u00f6n perustuksille Santo Domingon luostarin. Massiivinen inkalainen kivimuuri on s\u00e4ilynyt t\u00e4h\u00e4n p\u00e4iv\u00e4\u00e4n asti ja n\u00e4kyy Cuscon kaupunkikuvassa.<\/p><p>Tieteellisen tulkinnan kannalta <em>Coricancha<\/em> on merkitt\u00e4v\u00e4, koska se on harvinainen tapaus, jossa kirjalliset l\u00e4hteet ja rakennusj\u00e4\u00e4nteet kohtaavat. S\u00e4ilynyt arkkitehtuuri mahdollistaa p\u00e4\u00e4telmi\u00e4 tilojen j\u00e4rjestyksest\u00e4, vaikkakin yksitt\u00e4isten alueiden t\u00e4sm\u00e4llinen k\u00e4ytt\u00f6tarkoitus on kiistanalainen.<\/p><p>Keskustelua on k\u00e4yty my\u00f6s siit\u00e4, ett\u00e4 <em>Coricanchassa<\/em> ei s\u00e4ilytetty ainoastaan aurinkoa, vaan my\u00f6s useita muita jumaluuksia sek\u00e4 kuolleiden hallitsijoiden balsamoituja ruumiita.<\/p><p>Astronomi ja antropologi R. T. Zuidema on useissa t\u00f6iss\u00e4\u00e4n esitt\u00e4nyt, ett\u00e4 <em>Coricanchasta<\/em> l\u00e4hti liikkeelle ajateltujen linjojen, niin sanottujen <em>ceque<\/em>-linjojen, j\u00e4rjestelm\u00e4, jonka varrella sijaitsi lukuisia pyh\u00e4k\u00f6it\u00e4 Cuscon ymp\u00e4rist\u00f6ss\u00e4. N\u00e4ill\u00e4 linjoilla on esitetty olleen sek\u00e4 rituaalisia ett\u00e4 kalenterillisia teht\u00e4vi\u00e4.<\/p><p>Teoria on vaikutusvaltainen, mutta ei kiistaton, sill\u00e4 se perustuu p\u00e4\u00e4osin Bernab\u00e9 Cobon laatimaan pyh\u00e4kk\u00f6luetteloon, jonka tulkinta on kiistanalainen. <em>Coricancha<\/em> j\u00e4\u00e4 siten keskeiseksi, mutta vain osittain avautuneeksi l\u00e4ht\u00f6kohdaksi aurinkokultin ymm\u00e4rt\u00e4miselle.<\/p>\t\t\t\t\t\t\t\t<\/div>\n\t\t\t\t\t<\/div>\n\t\t\t\t<\/div>\n\t\t\t\t\t<\/div>\n\t\t\t\t<\/div>\n\t\t<div class=\"elementor-element elementor-element-iwgw-inti-lit e-flex e-con-boxed e-con e-parent\" data-id=\"iwgw-inti-lit\" data-element_type=\"container\" data-e-type=\"container\">\n\t\t\t\t\t<div class=\"e-con-inner\">\n\t\t\t\t<div class=\"elementor-element elementor-element-iwgw-inti-lith elementor-widget elementor-widget-heading\" data-id=\"iwgw-inti-lith\" data-element_type=\"widget\" data-e-type=\"widget\" data-widget_type=\"heading.default\">\n\t\t\t\t\t<h2 class=\"elementor-heading-title elementor-size-default\">Kirjallisuus (valikoima)<\/h2>\t\t\t\t<\/div>\n\t\t<div class=\"elementor-element elementor-element-iwgw-inti-litc e-con-full e-flex e-con e-child\" data-id=\"iwgw-inti-litc\" data-element_type=\"container\" data-e-type=\"container\">\n\t\t\t\t<div class=\"elementor-element elementor-element-iwgw-inti-litt elementor-widget elementor-widget-text-editor\" data-id=\"iwgw-inti-litt\" data-element_type=\"widget\" data-e-type=\"widget\" data-widget_type=\"text-editor.default\">\n\t\t\t\t\t\t\t\t\t<ul><li>Garcilaso de la Vega: <em>Comentarios Reales de los Incas<\/em> (1609)<\/li><li>Bernabe Cobo: <em>Historia del Nuevo Mundo<\/em> (1653)<\/li><li>Catherine Allen: <em>The Hold Life Has<\/em> (2002)<\/li><li>Tom Zuidema: <em>The Ceque System of Cuzco<\/em> (1964)<\/li><li>Sabine MacCormack: <em>Religion in the Andes<\/em> (1991)<\/li><li>Brian Bauer: <em>The Sacred Landscape of the Inca<\/em> (1998)<\/li><li>Teresa Gisbert: <em>Iconografia y mitos indigenas en el arte<\/em> (1980)<\/li><\/ul>\t\t\t\t\t\t\t\t<\/div>\n\t\t\t\t<\/div>\n\t\t\t\t\t<\/div>\n\t\t\t\t<\/div>\n\t\t<div class=\"elementor-element elementor-element-iwgkw2-add-inti e-flex e-con-boxed e-con e-parent\" data-id=\"iwgkw2-add-inti\" data-element_type=\"container\" data-e-type=\"container\">\n\t\t\t\t\t<div class=\"e-con-inner\">\n\t\t\t\t<div class=\"elementor-element elementor-element-iwgkw2-add-inti-t elementor-widget elementor-widget-text-editor\" data-id=\"iwgkw2-add-inti-t\" data-element_type=\"widget\" data-e-type=\"widget\" data-widget_type=\"text-editor.default\">\n\t\t\t\t\t\t\t\t\t<p><strong>Kantais\u00e4n\u00e4<\/strong> inka-hallitsijoille Inti legitimoi Cuscon kuninkaallisen sukulinjan ja yhdisti valtakunnan poliittisen keskuksen kosmiseen polveutumiskertomukseen.<\/p>\t\t\t\t\t\t\t\t<\/div>\n\t\t\t\t\t<\/div>\n\t\t\t\t<\/div>\n\t\t<div class=\"elementor-element elementor-element-iwgw-inti-kwd e-flex e-con-boxed e-con e-parent\" data-id=\"iwgw-inti-kwd\" data-element_type=\"container\" data-e-type=\"container\">\n\t\t\t\t\t<div class=\"e-con-inner\">\n\t\t<div class=\"elementor-element elementor-element-iwgw-inti-kwdc e-con-full e-flex e-con e-child\" data-id=\"iwgw-inti-kwdc\" data-element_type=\"container\" data-e-type=\"container\">\n\t\t\t\t<div class=\"elementor-element elementor-element-iwgw-inti-kwdt elementor-widget elementor-widget-text-editor\" data-id=\"iwgw-inti-kwdt\" data-element_type=\"widget\" data-e-type=\"widget\" data-widget_type=\"text-editor.default\">\n\t\t\t\t\t\t\t\t\t<p><em>Aiheeseen liittyvi\u00e4 avaink\u00e4sitteit\u00e4: Inti, Quechua, Capac Inti Raymi, Cusco, Coricancha, Pachakuti, Punchao, Tawantinsuyu.<\/em><\/p>\t\t\t\t\t\t\t\t<\/div>\n\t\t\t\t<\/div>\n\t\t\t\t\t<\/div>\n\t\t\t\t<\/div>\n\t\t<div class=\"elementor-element elementor-element-iwgw-inti-cc e-flex e-con-boxed e-con e-parent\" data-id=\"iwgw-inti-cc\" data-element_type=\"container\" data-e-type=\"container\" id=\"iwg-cc-inti\">\n\t\t\t\t\t<div class=\"e-con-inner\">\n\t\t<div class=\"elementor-element elementor-element-iwgw-inti-ccinner e-flex e-con-boxed e-con e-parent\" data-id=\"iwgw-inti-ccinner\" data-element_type=\"container\" data-e-type=\"container\" data-settings=\"{&quot;background_background&quot;:&quot;classic&quot;}\">\n\t\t\t\t\t<div class=\"e-con-inner\">\n\t\t\t\t<div class=\"elementor-element elementor-element-iwgw-inti-cch elementor-widget elementor-widget-heading\" data-id=\"iwgw-inti-cch\" data-element_type=\"widget\" data-e-type=\"widget\" data-widget_type=\"heading.default\">\n\t\t\t\t\t<h2 class=\"elementor-heading-title elementor-size-default\">iWell Guard ja suojelutraditiot<\/h2>\t\t\t\t<\/div>\n\t\t\t\t<div class=\"elementor-element elementor-element-iwgw-inti-cct elementor-widget elementor-widget-text-editor\" data-id=\"iwgw-inti-cct\" data-element_type=\"widget\" data-e-type=\"widget\" data-widget_type=\"text-editor.default\">\n\t\t\t\t\t\t\t\t\t<div data-nosnippet=\"true\"><p>iWell Guard jatkaa kannettavien suojaesineiden kulttuurihistoriallista perinnett\u00e4, kuten <a href=\"https:\/\/iwell-guard.com\/fi\/?page_id=144144\">Andit \/ Inka<\/a> -kulttuurissa ja monissa muissa kulttuureissa ymp\u00e4ri maailmaa. 41 tasoa, aitoa kultaa, platinaa, hopeaa, valmistettu Saksassa. 30 p\u00e4iv\u00e4n palautusoikeus.<\/p><\/div>\t\t\t\t\t\t\t\t<\/div>\n\t\t\t\t<div class=\"elementor-element elementor-element-iwgw-inti-ccb iwg-cc-button iwg-cc-cta-2026-05-13 elementor-widget elementor-widget-jet-button\" data-id=\"iwgw-inti-ccb\" data-element_type=\"widget\" data-e-type=\"widget\" data-widget_type=\"jet-button.default\">\n\t\t\t\t<div class=\"elementor-widget-container\">\n\t\t\t\t\t<div class=\"elementor-jet-button jet-elements\"><div class=\"jet-button__container\"><a class=\"jet-button__instance jet-button__instance--icon-left hover-effect-1\" href=\"\/ueber-iwell-guard\/?utm_source=iwell-guard.com&amp;utm_medium=info-box&amp;utm_campaign=wesen-tradition\"><div class=\"jet-button__plane jet-button__plane-normal\"><\/div><div class=\"jet-button__plane jet-button__plane-hover\"><\/div><div class=\"jet-button__state jet-button__state-normal\"><span class=\"jet-button__label\">Lis\u00e4\u00e4 iWell Guardista<\/span><\/div><div class=\"jet-button__state jet-button__state-hover\"><span class=\"jet-button__label\">Lis\u00e4\u00e4 iWell Guardista<\/span><\/div><\/a><\/div><\/div><style>.elementor-element.elementor-element-iwgw-inti-ccb .jet-button__instance{width:320px;height:56px;}.elementor-element.elementor-element-iwgw-inti-ccb .jet-button__state-normal .jet-button__label{text-align:center;margin:0px 0px 0px 0px;color:#1a1b20;font-family:Montserrat,sans-serif;font-size:13px;font-weight:400;letter-spacing:4px;line-height:1.714em;text-transform:uppercase;}.elementor-element.elementor-element-iwgw-inti-ccb .jet-button__state-hover .jet-button__label{text-align:center;margin:0px 0px 0px 0px;color:#FECC76;font-family:Montserrat,sans-serif;font-size:13px;font-weight:400;letter-spacing:4px;line-height:1.714em;text-transform:uppercase;}.elementor-element.elementor-element-iwgw-inti-ccb .jet-button__plane-normal{background-color:#FECC76;border-style:solid;border-color:#C99540;border-width:2px 2px 2px 2px;}.elementor-element.elementor-element-iwgw-inti-ccb .jet-button__plane-hover{background-color:rgba(0,0,0,0.55);border-style:solid;border-color:#FECC76;border-width:2px 2px 2px 2px;}<\/style>\t\t\t\t<\/div>\n\t\t\t\t<\/div>\n\t\t\t\t<div class=\"elementor-element elementor-element-iwgw-inti-ccd elementor-widget elementor-widget-text-editor\" data-id=\"iwgw-inti-ccd\" data-element_type=\"widget\" data-e-type=\"widget\" data-widget_type=\"text-editor.default\">\n\t\t\t\t\t\t\t\t\t<div data-nosnippet=\"true\"><p style=\"text-align:center;font-size:13px;opacity:0.7;margin-top:14px\" data-nosnippet=\"true\">Henkil\u00f6kohtaiset kokemukset voivat vaihdella. Ei l\u00e4\u00e4kinn\u00e4llinen laite. Ei paranemislupausta.<\/p><\/div>\t\t\t\t\t\t\t\t<\/div>\n\t\t\t\t\t<\/div>\n\t\t\t\t<\/div>\n\t\t\t\t\t<\/div>\n\t\t\t\t<\/div>\n\t\t<div class=\"elementor-element elementor-element-iwgw-inti-disc e-flex e-con-boxed e-con e-parent\" data-id=\"iwgw-inti-disc\" data-element_type=\"container\" data-e-type=\"container\">\n\t\t\t\t\t<div class=\"e-con-inner\">\n\t\t\t\t<div class=\"elementor-element elementor-element-iwgw-inti-discw elementor-widget elementor-widget-html\" data-id=\"iwgw-inti-discw\" data-element_type=\"widget\" data-e-type=\"widget\" data-widget_type=\"html.default\">\n\t\t\t\t\t<footer data-nosnippet=\"true\" class=\"iwg-disclaimer-block\"><p data-nosnippet=\"true\">iWell Guard <strong>ei ole l\u00e4\u00e4kinn\u00e4llinen laite<\/strong>, eik\u00e4 se korvaa l\u00e4\u00e4k\u00e4rin tai psykoterapeutin hoitoa. Uskontotieteelliset sis\u00e4ll\u00f6t ovat kulttuurihistoriallista tarkastelua, ei suositus hengelliseen k\u00e4yt\u00e4nt\u00f6\u00f6n.<\/p><\/footer>\t\t\t\t<\/div>\n\t\t\t\t\t<\/div>\n\t\t\t\t<\/div>\n\t\t\t\t<\/div>\n\t\t","protected":false},"excerpt":{"rendered":"","protected":false},"author":3,"featured_media":2678,"parent":0,"menu_order":0,"comment_status":"closed","ping_status":"closed","template":"elementor_header_footer","meta":{"_yoast_wpseo_focuskw":"Inti inkojen aurinkojumala","_yoast_wpseo_title":"Inti \u2013 inkojen aurinkojumala ja panteoni","_yoast_wpseo_metadesc":"Inti, inkojen aurinkojumala, on hallitsijasuvun is\u00e4 ja Inti Raymin keskipiste, valtiokultti Viracochan ja Mama Killan rinnalla.","_yoast_wpseo_meta-robots-noindex":"","_yoast_wpseo_canonical":"","_angie_page":false,"gefaehrdungsstufe":"2","wesen_kultur":"anden-inka","wesen_klasse":"goetter","footnotes":""},"categories":[],"class_list":["post-144154","page","type-page","status-publish","has-post-thumbnail","hentry"],"yoast_head":"<!-- This site is optimized with the Yoast SEO Premium plugin v27.7 (Yoast SEO v28.3) - https:\/\/yoast.com\/product\/yoast-seo-premium-wordpress\/ -->\n<title>Inti \u2013 inkojen aurinkojumala ja panteoni<\/title>\n<meta name=\"description\" content=\"Inti, inkojen aurinkojumala, on hallitsijasuvun is\u00e4 ja Inti Raymin keskipiste, valtiokultti Viracochan ja Mama Killan rinnalla.\" \/>\n<meta name=\"robots\" content=\"index, follow, max-snippet:-1, max-image-preview:large, max-video-preview:-1\" \/>\n<link rel=\"canonical\" href=\"https:\/\/iwell-guard.com\/fi\/inti-aurinkojumala-inkat\/\" \/>\n<meta property=\"og:locale\" content=\"fi_FI\" \/>\n<meta property=\"og:type\" content=\"article\" \/>\n<meta property=\"og:title\" content=\"Inti \u2013 inkojen aurinkojumala\" \/>\n<meta property=\"og:description\" content=\"Inti, inkojen aurinkojumala, on hallitsijasuvun is\u00e4 ja Inti Raymin keskipiste, valtiokultti Viracochan ja Mama Killan rinnalla.\" \/>\n<meta property=\"og:url\" content=\"https:\/\/iwell-guard.com\/fi\/inti-aurinkojumala-inkat\/\" \/>\n<meta property=\"og:site_name\" content=\"iWell Guard\" \/>\n<meta property=\"article:modified_time\" content=\"2026-09-03T12:52:14+00:00\" \/>\n<meta property=\"og:image\" content=\"https:\/\/iwell-guard.com\/wp-content\/uploads\/2026\/05\/goetter_anden-inka_inti.webp\" \/>\n\t<meta property=\"og:image:width\" content=\"1024\" \/>\n\t<meta property=\"og:image:height\" content=\"1536\" \/>\n\t<meta property=\"og:image:type\" content=\"image\/webp\" \/>\n<meta name=\"twitter:card\" content=\"summary_large_image\" \/>\n<script type=\"application\/ld+json\" class=\"yoast-schema-graph\">{\"@context\":\"https:\\\/\\\/schema.org\",\"@graph\":[{\"@type\":\"WebPage\",\"@id\":\"https:\\\/\\\/iwell-guard.com\\\/fi\\\/inti-aurinkojumala-inkat\\\/\",\"url\":\"https:\\\/\\\/iwell-guard.com\\\/fi\\\/inti-aurinkojumala-inkat\\\/\",\"name\":\"Inti \u2013 inkojen aurinkojumala ja panteoni\",\"isPartOf\":{\"@id\":\"https:\\\/\\\/iwell-guard.com\\\/fi\\\/#website\"},\"primaryImageOfPage\":{\"@id\":\"https:\\\/\\\/iwell-guard.com\\\/fi\\\/inti-aurinkojumala-inkat\\\/#primaryimage\"},\"image\":{\"@id\":\"https:\\\/\\\/iwell-guard.com\\\/fi\\\/inti-aurinkojumala-inkat\\\/#primaryimage\"},\"thumbnailUrl\":\"https:\\\/\\\/iwell-guard.com\\\/wp-content\\\/uploads\\\/2026\\\/05\\\/goetter_anden-inka_inti.webp\",\"datePublished\":\"2026-09-03T12:32:32+00:00\",\"dateModified\":\"2026-09-03T12:52:14+00:00\",\"description\":\"Inti, inkojen aurinkojumala, on hallitsijasuvun is\u00e4 ja Inti Raymin keskipiste, valtiokultti Viracochan ja Mama Killan rinnalla.\",\"breadcrumb\":{\"@id\":\"https:\\\/\\\/iwell-guard.com\\\/fi\\\/inti-aurinkojumala-inkat\\\/#breadcrumb\"},\"inLanguage\":\"fi\",\"potentialAction\":[{\"@type\":\"ReadAction\",\"target\":[\"https:\\\/\\\/iwell-guard.com\\\/fi\\\/inti-aurinkojumala-inkat\\\/\"]}]},{\"@type\":\"ImageObject\",\"inLanguage\":\"fi\",\"@id\":\"https:\\\/\\\/iwell-guard.com\\\/fi\\\/inti-aurinkojumala-inkat\\\/#primaryimage\",\"url\":\"https:\\\/\\\/iwell-guard.com\\\/wp-content\\\/uploads\\\/2026\\\/05\\\/goetter_anden-inka_inti.webp\",\"contentUrl\":\"https:\\\/\\\/iwell-guard.com\\\/wp-content\\\/uploads\\\/2026\\\/05\\\/goetter_anden-inka_inti.webp\",\"width\":1024,\"height\":1536,\"caption\":\"Jumalia Andien-inka-perinteest\u00e4.\"},{\"@type\":\"BreadcrumbList\",\"@id\":\"https:\\\/\\\/iwell-guard.com\\\/fi\\\/inti-aurinkojumala-inkat\\\/#breadcrumb\",\"itemListElement\":[{\"@type\":\"ListItem\",\"position\":1,\"name\":\"Start\",\"item\":\"https:\\\/\\\/iwell-guard.com\\\/fi\\\/?page_id=143815\"},{\"@type\":\"ListItem\",\"position\":2,\"name\":\"Inti \u2013 inkojen aurinkojumala\"}]},{\"@type\":\"WebSite\",\"@id\":\"https:\\\/\\\/iwell-guard.com\\\/fi\\\/#website\",\"url\":\"https:\\\/\\\/iwell-guard.com\\\/fi\\\/\",\"name\":\"iWell Guard\",\"description\":\"Schutz vor dunklen Einfl\u00fcssen\",\"publisher\":{\"@id\":\"https:\\\/\\\/iwell-guard.com\\\/fi\\\/#organization\"},\"potentialAction\":[{\"@type\":\"SearchAction\",\"target\":{\"@type\":\"EntryPoint\",\"urlTemplate\":\"https:\\\/\\\/iwell-guard.com\\\/fi\\\/?s={search_term_string}\"},\"query-input\":{\"@type\":\"PropertyValueSpecification\",\"valueRequired\":true,\"valueName\":\"search_term_string\"}}],\"inLanguage\":\"fi\"},{\"@type\":\"Organization\",\"@id\":\"https:\\\/\\\/iwell-guard.com\\\/fi\\\/#organization\",\"name\":\"Ittermann electronic GmbH\",\"url\":\"https:\\\/\\\/iwell-guard.com\\\/fi\\\/\",\"logo\":{\"@type\":\"ImageObject\",\"inLanguage\":\"fi\",\"@id\":\"https:\\\/\\\/iwell-guard.com\\\/fi\\\/#\\\/schema\\\/logo\\\/image\\\/\",\"url\":\"https:\\\/\\\/iwell-guard.com\\\/wp-content\\\/uploads\\\/2026\\\/05\\\/Ittermann-Logo-1182x237-1.png\",\"contentUrl\":\"https:\\\/\\\/iwell-guard.com\\\/wp-content\\\/uploads\\\/2026\\\/05\\\/Ittermann-Logo-1182x237-1.png\",\"width\":1182,\"height\":237,\"caption\":\"Ittermann electronic GmbH\"},\"image\":{\"@id\":\"https:\\\/\\\/iwell-guard.com\\\/fi\\\/#\\\/schema\\\/logo\\\/image\\\/\"},\"sameAs\":[\"https:\\\/\\\/pantip.com\\\/profile\\\/9367242\",\"https:\\\/\\\/micro.blog\\\/iwellguard\",\"https:\\\/\\\/www.diggerslist.com\\\/iwellguard\\\/about\",\"https:\\\/\\\/skitterphoto.com\\\/photographers\\\/2870314\\\/iwell-guard\",\"https:\\\/\\\/iwellguard.wordpress.com\\\/2026\\\/06\\\/06\\\/iwell-guard\\\/\",\"https:\\\/\\\/hub.docker.com\\\/u\\\/iwellguard\",\"https:\\\/\\\/www.pinterest.com\\\/iwellguard\\\/\",\"https:\\\/\\\/bit.ly\\\/m\\\/iwellguard\",\"https:\\\/\\\/entre-vos-mains.alsace.eu\\\/profiles\\\/iwellguard\\\/activity\",\"https:\\\/\\\/gravatar.com\\\/reallybeded8fd34\",\"https:\\\/\\\/naijamatta.com\\\/iwellguard\",\"https:\\\/\\\/www.goodreads.com\\\/iwellguard\",\"https:\\\/\\\/profile.hatena.ne.jp\\\/iwellguard\\\/\",\"https:\\\/\\\/experiment.com\\\/users\\\/iwellguard\",\"https:\\\/\\\/wakelet.com\\\/@iWellGuard82270\",\"https:\\\/\\\/www.chordie.com\\\/forum\\\/profile.php?id=2555664\",\"https:\\\/\\\/www.instapaper.com\\\/p\\\/17757966\",\"https:\\\/\\\/www.mapleprimes.com\\\/users\\\/iwellguard\",\"https:\\\/\\\/businesslistingplus.com\\\/profile\\\/iwell-guard\\\/\",\"https:\\\/\\\/telegra.ph\\\/iWell-Guard-06-06\",\"https:\\\/\\\/pbase.com\\\/iwellguard\\\/iwellguard\",\"https:\\\/\\\/b.hatena.ne.jp\\\/iwellguard\\\/20260607#bookmark-4788405196491818882\",\"https:\\\/\\\/fliphtml5.com\\\/home\\\/iwellguard\",\"https:\\\/\\\/anyflip.com\\\/homepage\\\/cmiwl#About\",\"https:\\\/\\\/transfur.com\\\/Users\\\/iwellguard\",\"http:\\\/\\\/delphi.larsbo.org\\\/user\\\/iwellguard\",\"https:\\\/\\\/jobs.lajobsportal.org\\\/profiles\\\/8380803-iwell-guard\",\"https:\\\/\\\/md.chaosdorf.de\\\/s\\\/jfbe5SBdJD\",\"https:\\\/\\\/www.lingvolive.com\\\/en-us\\\/profile\\\/9ecaeaca-ce11-4e51-9e71-01d55e2bff36\\\/translations\",\"https:\\\/\\\/www.fitday.com\\\/fitness\\\/forums\\\/members\\\/iwellguard.html\",\"https:\\\/\\\/www.mymeetbook.com\\\/iwellguard\",\"https:\\\/\\\/pxhere.com\\\/en\\\/photographer-me\\\/5040798\",\"https:\\\/\\\/disqus.com\\\/by\\\/iwellguard\\\/about\\\/\",\"https:\\\/\\\/pastelink.net\\\/hjwciqwq\",\"https:\\\/\\\/pubhtml5.com\\\/homepage\\\/scjhn\\\/\",\"https:\\\/\\\/www.bitchute.com\\\/channel\\\/2O2eOKzNqujT\",\"https:\\\/\\\/audiomack.com\\\/iwellguard\"]},{\"@type\":\"Article\",\"@id\":\"https:\\\/\\\/iwell-guard.com\\\/fi\\\/inti-aurinkojumala-inkat\\\/#article\",\"isPartOf\":{\"@id\":\"https:\\\/\\\/iwell-guard.com\\\/fi\\\/inti-aurinkojumala-inkat\\\/\"},\"author\":{\"name\":\"Ralf Ittermann\",\"@id\":\"https:\\\/\\\/iwell-guard.com\\\/fi\\\/#\\\/schema\\\/person\\\/ee2a27f1cac3406c7c6fb5820cb7349f\"},\"headline\":\"Inti \u2013 inkojen aurinkojumala\",\"datePublished\":\"2026-09-03T12:32:32+00:00\",\"dateModified\":\"2026-09-03T12:52:14+00:00\",\"mainEntityOfPage\":{\"@id\":\"https:\\\/\\\/iwell-guard.com\\\/fi\\\/inti-aurinkojumala-inkat\\\/\"},\"publisher\":{\"@id\":\"https:\\\/\\\/iwell-guard.com\\\/fi\\\/#organization\"},\"image\":{\"@id\":\"https:\\\/\\\/iwell-guard.com\\\/fi\\\/inti-aurinkojumala-inkat\\\/#primaryimage\"},\"thumbnailUrl\":\"https:\\\/\\\/iwell-guard.com\\\/wp-content\\\/uploads\\\/2026\\\/05\\\/goetter_anden-inka_inti.webp\",\"inLanguage\":\"fi\",\"description\":\"Inti, inkojen aurinkojumala, on hallitsijasuvun is\u00e4 ja Inti Raymin keskipiste, valtiokultti Viracochan ja Mama Killan rinnalla.\"}]}<\/script>\n<!-- \/ Yoast SEO Premium plugin. -->","yoast_head_json":{"title":"Inti \u2013 inkojen aurinkojumala ja panteoni","description":"Inti, inkojen aurinkojumala, on hallitsijasuvun is\u00e4 ja Inti Raymin keskipiste, valtiokultti Viracochan ja Mama Killan rinnalla.","robots":{"index":"index","follow":"follow","max-snippet":"max-snippet:-1","max-image-preview":"max-image-preview:large","max-video-preview":"max-video-preview:-1"},"canonical":"https:\/\/iwell-guard.com\/fi\/inti-aurinkojumala-inkat\/","og_locale":"fi_FI","og_type":"article","og_title":"Inti \u2013 inkojen aurinkojumala","og_description":"Inti, inkojen aurinkojumala, on hallitsijasuvun is\u00e4 ja Inti Raymin keskipiste, valtiokultti Viracochan ja Mama Killan rinnalla.","og_url":"https:\/\/iwell-guard.com\/fi\/inti-aurinkojumala-inkat\/","og_site_name":"iWell Guard","article_modified_time":"2026-09-03T12:52:14+00:00","og_image":[{"width":1024,"height":1536,"url":"https:\/\/iwell-guard.com\/wp-content\/uploads\/2026\/05\/goetter_anden-inka_inti.webp","type":"image\/webp"}],"twitter_card":"summary_large_image","schema":{"@context":"https:\/\/schema.org","@graph":[{"@type":"Article","@id":"https:\/\/iwell-guard.com\/fi\/inti-aurinkojumala-inkat\/#article","isPartOf":{"@id":"https:\/\/iwell-guard.com\/fi\/inti-aurinkojumala-inkat\/"},"author":{"name":"Ralf Ittermann","@id":"https:\/\/iwell-guard.com\/fi\/#\/schema\/person\/ee2a27f1cac3406c7c6fb5820cb7349f"},"headline":"Inti \u2013 inkojen aurinkojumala","datePublished":"2026-09-03T12:32:32+00:00","dateModified":"2026-09-03T12:52:14+00:00","mainEntityOfPage":{"@id":"https:\/\/iwell-guard.com\/fi\/inti-aurinkojumala-inkat\/"},"publisher":{"@id":"https:\/\/iwell-guard.com\/fi\/#organization"},"image":{"@id":"https:\/\/iwell-guard.com\/fi\/inti-aurinkojumala-inkat\/#primaryimage"},"thumbnailUrl":"https:\/\/iwell-guard.com\/wp-content\/uploads\/2026\/05\/goetter_anden-inka_inti.webp","inLanguage":"fi","description":"Inti, inkojen aurinkojumala, on hallitsijasuvun is\u00e4 ja Inti Raymin keskipiste, valtiokultti Viracochan ja Mama Killan rinnalla."},{"@type":"WebPage","@id":"https:\/\/iwell-guard.com\/fi\/inti-aurinkojumala-inkat\/","url":"https:\/\/iwell-guard.com\/fi\/inti-aurinkojumala-inkat\/","name":"Inti \u2013 inkojen aurinkojumala ja panteoni","isPartOf":{"@id":"https:\/\/iwell-guard.com\/fi\/#website"},"primaryImageOfPage":{"@id":"https:\/\/iwell-guard.com\/fi\/inti-aurinkojumala-inkat\/#primaryimage"},"image":{"@id":"https:\/\/iwell-guard.com\/fi\/inti-aurinkojumala-inkat\/#primaryimage"},"thumbnailUrl":"https:\/\/iwell-guard.com\/wp-content\/uploads\/2026\/05\/goetter_anden-inka_inti.webp","datePublished":"2026-09-03T12:32:32+00:00","dateModified":"2026-09-03T12:52:14+00:00","description":"Inti, inkojen aurinkojumala, on hallitsijasuvun is\u00e4 ja Inti Raymin keskipiste, valtiokultti Viracochan ja Mama Killan rinnalla.","breadcrumb":{"@id":"https:\/\/iwell-guard.com\/fi\/inti-aurinkojumala-inkat\/#breadcrumb"},"inLanguage":"fi","potentialAction":[{"@type":"ReadAction","target":["https:\/\/iwell-guard.com\/fi\/inti-aurinkojumala-inkat\/"]}]},{"@type":"ImageObject","inLanguage":"fi","@id":"https:\/\/iwell-guard.com\/fi\/inti-aurinkojumala-inkat\/#primaryimage","url":"https:\/\/iwell-guard.com\/wp-content\/uploads\/2026\/05\/goetter_anden-inka_inti.webp","contentUrl":"https:\/\/iwell-guard.com\/wp-content\/uploads\/2026\/05\/goetter_anden-inka_inti.webp","width":1024,"height":1536,"caption":"Jumalia Andien-inka-perinteest\u00e4."},{"@type":"BreadcrumbList","@id":"https:\/\/iwell-guard.com\/fi\/inti-aurinkojumala-inkat\/#breadcrumb","itemListElement":[{"@type":"ListItem","position":1,"name":"Start","item":"https:\/\/iwell-guard.com\/fi\/?page_id=143815"},{"@type":"ListItem","position":2,"name":"Inti \u2013 inkojen aurinkojumala"}]},{"@type":"WebSite","@id":"https:\/\/iwell-guard.com\/fi\/#website","url":"https:\/\/iwell-guard.com\/fi\/","name":"iWell Guard","description":"Schutz vor dunklen Einfl\u00fcssen","publisher":{"@id":"https:\/\/iwell-guard.com\/fi\/#organization"},"potentialAction":[{"@type":"SearchAction","target":{"@type":"EntryPoint","urlTemplate":"https:\/\/iwell-guard.com\/fi\/?s={search_term_string}"},"query-input":{"@type":"PropertyValueSpecification","valueRequired":true,"valueName":"search_term_string"}}],"inLanguage":"fi"},{"@type":"Organization","@id":"https:\/\/iwell-guard.com\/fi\/#organization","name":"Ittermann electronic GmbH","url":"https:\/\/iwell-guard.com\/fi\/","logo":{"@type":"ImageObject","inLanguage":"fi","@id":"https:\/\/iwell-guard.com\/fi\/#\/schema\/logo\/image\/","url":"https:\/\/iwell-guard.com\/wp-content\/uploads\/2026\/05\/Ittermann-Logo-1182x237-1.png","contentUrl":"https:\/\/iwell-guard.com\/wp-content\/uploads\/2026\/05\/Ittermann-Logo-1182x237-1.png","width":1182,"height":237,"caption":"Ittermann electronic GmbH"},"image":{"@id":"https:\/\/iwell-guard.com\/fi\/#\/schema\/logo\/image\/"},"sameAs":["https:\/\/pantip.com\/profile\/9367242","https:\/\/micro.blog\/iwellguard","https:\/\/www.diggerslist.com\/iwellguard\/about","https:\/\/skitterphoto.com\/photographers\/2870314\/iwell-guard","https:\/\/iwellguard.wordpress.com\/2026\/06\/06\/iwell-guard\/","https:\/\/hub.docker.com\/u\/iwellguard","https:\/\/www.pinterest.com\/iwellguard\/","https:\/\/bit.ly\/m\/iwellguard","https:\/\/entre-vos-mains.alsace.eu\/profiles\/iwellguard\/activity","https:\/\/gravatar.com\/reallybeded8fd34","https:\/\/naijamatta.com\/iwellguard","https:\/\/www.goodreads.com\/iwellguard","https:\/\/profile.hatena.ne.jp\/iwellguard\/","https:\/\/experiment.com\/users\/iwellguard","https:\/\/wakelet.com\/@iWellGuard82270","https:\/\/www.chordie.com\/forum\/profile.php?id=2555664","https:\/\/www.instapaper.com\/p\/17757966","https:\/\/www.mapleprimes.com\/users\/iwellguard","https:\/\/businesslistingplus.com\/profile\/iwell-guard\/","https:\/\/telegra.ph\/iWell-Guard-06-06","https:\/\/pbase.com\/iwellguard\/iwellguard","https:\/\/b.hatena.ne.jp\/iwellguard\/20260607#bookmark-4788405196491818882","https:\/\/fliphtml5.com\/home\/iwellguard","https:\/\/anyflip.com\/homepage\/cmiwl#About","https:\/\/transfur.com\/Users\/iwellguard","http:\/\/delphi.larsbo.org\/user\/iwellguard","https:\/\/jobs.lajobsportal.org\/profiles\/8380803-iwell-guard","https:\/\/md.chaosdorf.de\/s\/jfbe5SBdJD","https:\/\/www.lingvolive.com\/en-us\/profile\/9ecaeaca-ce11-4e51-9e71-01d55e2bff36\/translations","https:\/\/www.fitday.com\/fitness\/forums\/members\/iwellguard.html","https:\/\/www.mymeetbook.com\/iwellguard","https:\/\/pxhere.com\/en\/photographer-me\/5040798","https:\/\/disqus.com\/by\/iwellguard\/about\/","https:\/\/pastelink.net\/hjwciqwq","https:\/\/pubhtml5.com\/homepage\/scjhn\/","https:\/\/www.bitchute.com\/channel\/2O2eOKzNqujT","https:\/\/audiomack.com\/iwellguard"]},{"@type":"Person","@id":"https:\/\/iwell-guard.com\/fi\/#\/schema\/person\/ee2a27f1cac3406c7c6fb5820cb7349f","name":"Ralf Ittermann","image":{"@type":"ImageObject","inLanguage":"fi","@id":"https:\/\/secure.gravatar.com\/avatar\/073c0153e350a5005b68eb752b445fea71f6b24a26da9449ad7e155e6b446c9d?s=96&d=mm&r=g","url":"https:\/\/secure.gravatar.com\/avatar\/073c0153e350a5005b68eb752b445fea71f6b24a26da9449ad7e155e6b446c9d?s=96&d=mm&r=g","contentUrl":"https:\/\/secure.gravatar.com\/avatar\/073c0153e350a5005b68eb752b445fea71f6b24a26da9449ad7e155e6b446c9d?s=96&d=mm&r=g","caption":"Ralf Ittermann"},"givenName":"Ralf","familyName":"Ittermann","jobTitle":"Gesch\u00e4ftsf\u00fchrer und redaktioneller Verantwortlicher","url":"https:\/\/iwell-guard.com\/fi\/author\/claude\/","description":"Ralf Ittermann ist Gesch\u00e4ftsf\u00fchrer der Ittermann electronic GmbH und redaktioneller Verantwortlicher des iWell-Guard-Lexikons. Er verbindet langj\u00e4hrige Erfahrung in der Pr\u00e4zisionsfertigung mit medialer Praxis und religionsgeschichtlicher Quellenarbeit.","worksFor":{"@type":"Organization","name":"Ittermann electronic GmbH","url":"https:\/\/ittermann.de\/","address":{"@type":"PostalAddress","streetAddress":"K\u00f6hlergasse 16-18","postalCode":"99842","addressLocality":"Ruhla","addressCountry":"DE"}},"knowsAbout":["Religionsgeschichte","Mythologie","Mediale Praxis","Energetische Diagnostik","Schutzpraxis","Volksglauben","Westliche Esoterik"]},{"@type":"Article","@id":"https:\/\/iwell-guard.com\/fi\/inti-aurinkojumala-inkat\/#article","isPartOf":{"@id":"https:\/\/iwell-guard.com\/fi\/inti-aurinkojumala-inkat\/"},"author":{"name":"Ralf Ittermann","@id":"https:\/\/iwell-guard.com\/fi\/#\/schema\/person\/ee2a27f1cac3406c7c6fb5820cb7349f"},"headline":"Inti \u2013 inkojen aurinkojumala","datePublished":"2026-09-03T12:32:32+00:00","dateModified":"2026-09-03T12:52:14+00:00","mainEntityOfPage":{"@id":"https:\/\/iwell-guard.com\/fi\/inti-aurinkojumala-inkat\/"},"publisher":{"@id":"https:\/\/iwell-guard.com\/fi\/#organization"},"image":{"@id":"https:\/\/iwell-guard.com\/fi\/inti-aurinkojumala-inkat\/#primaryimage"},"thumbnailUrl":"https:\/\/iwell-guard.com\/wp-content\/uploads\/2026\/05\/goetter_anden-inka_inti.webp","inLanguage":"fi","description":"Inti, inkojen aurinkojumala, on hallitsijasuvun is\u00e4 ja Inti Raymin keskipiste, valtiokultti Viracochan ja Mama Killan rinnalla."}]}},"_links":{"self":[{"href":"https:\/\/iwell-guard.com\/fi\/wp-json\/wp\/v2\/pages\/144154","targetHints":{"allow":["GET"]}}],"collection":[{"href":"https:\/\/iwell-guard.com\/fi\/wp-json\/wp\/v2\/pages"}],"about":[{"href":"https:\/\/iwell-guard.com\/fi\/wp-json\/wp\/v2\/types\/page"}],"author":[{"embeddable":true,"href":"https:\/\/iwell-guard.com\/fi\/wp-json\/wp\/v2\/users\/3"}],"replies":[{"embeddable":true,"href":"https:\/\/iwell-guard.com\/fi\/wp-json\/wp\/v2\/comments?post=144154"}],"version-history":[{"count":0,"href":"https:\/\/iwell-guard.com\/fi\/wp-json\/wp\/v2\/pages\/144154\/revisions"}],"wp:featuredmedia":[{"embeddable":true,"href":"https:\/\/iwell-guard.com\/fi\/wp-json\/wp\/v2\/media\/2678"}],"wp:attachment":[{"href":"https:\/\/iwell-guard.com\/fi\/wp-json\/wp\/v2\/media?parent=144154"}],"wp:term":[{"taxonomy":"category","embeddable":true,"href":"https:\/\/iwell-guard.com\/fi\/wp-json\/wp\/v2\/categories?post=144154"}],"curies":[{"name":"wp","href":"https:\/\/api.w.org\/{rel}","templated":true}]}}