{"id":144153,"date":"2026-09-03T12:32:31","date_gmt":"2026-09-03T12:32:31","guid":{"rendered":"https:\/\/iwell-guard.com\/?page_id=144153"},"modified":"2026-09-03T12:52:12","modified_gmt":"2026-09-03T12:52:12","slug":"saamelaiset-noaidi-rumpu","status":"publish","type":"page","link":"https:\/\/iwell-guard.com\/fi\/saamelaiset-noaidi-rumpu\/","title":{"rendered":"Saamelaiset ja suomalais-ugrilainen perinne \u2013 noaidi ja rumpu"},"content":{"rendered":"\t\t<div data-elementor-type=\"wp-page\" data-elementor-id=\"144153\" class=\"elementor elementor-144153 elementor-2573 elementor-bc-flex-widget\" data-elementor-post-type=\"page\">\n\t\t\t\t<div class=\"elementor-element elementor-element-iwgcn-sami-hero iwg-kultur-hero e-flex e-con-boxed e-con e-parent\" data-id=\"iwgcn-sami-hero\" data-element_type=\"container\" data-e-type=\"container\">\n\t\t\t\t\t<div class=\"e-con-inner\">\n\t\t<div class=\"elementor-element elementor-element-iwgcn-sami-hl iwg-kultur-hero-left e-flex e-con-boxed e-con e-child\" data-id=\"iwgcn-sami-hl\" data-element_type=\"container\" data-e-type=\"container\">\n\t\t\t\t\t<div class=\"e-con-inner\">\n\t\t\t\t<div class=\"elementor-element elementor-element-iwgcn-sami-h1 elementor-widget elementor-widget-heading\" data-id=\"iwgcn-sami-h1\" data-element_type=\"widget\" data-e-type=\"widget\" data-widget_type=\"heading.default\">\n\t\t\t\t\t<h1 class=\"elementor-heading-title elementor-size-default\">Saamelaisten jumalat ja Lapin jumalmaailma<\/h1>\t\t\t\t<\/div>\n\t\t<div class=\"elementor-element elementor-element-iwgcn-sami-leadc e-con-full e-flex e-con e-child\" data-id=\"iwgcn-sami-leadc\" data-element_type=\"container\" data-e-type=\"container\">\n\t\t\t\t<div class=\"elementor-element elementor-element-iwgcn-sami-lead elementor-widget elementor-widget-text-editor\" data-id=\"iwgcn-sami-lead\" data-element_type=\"widget\" data-e-type=\"widget\" data-widget_type=\"text-editor.default\">\n\t\t\t\t\t\t\t\t\t<p>Lapissa asuvat saamelaiset, jotka el\u00e4v\u00e4t Norjan, Ruotsin, Suomen ja Ven\u00e4j\u00e4n alueilla, yll\u00e4pit\u00e4v\u00e4t Euroopan ainoaa alkuper\u00e4iskansan perinnett\u00e4, joka s\u00e4ilytti \u0161amanistisen k\u00e4yt\u00e4nn\u00f6n aina 1600-luvulle asti kristillisen l\u00e4hetysty\u00f6n ulottuvilla. Noaidi-\u0161amaanit, heid\u00e4n rumpunsa auringon, kuun ja jumalien kuvioilla sek\u00e4 tundran seita-pyh\u00e4k\u00f6t muodostavat itsen\u00e4isen suomalais-ugrilaisen uskonnollisen kerrostuman.<\/p>\n<p class=\"iwg-kwfix\">Saamelaisten jumalmaailma liittyy l\u00e4heisesti luontoon, mets\u00e4stykseen ja maiseman voimiin.<\/p>\t\t\t\t\t\t\t\t<\/div>\n\t\t\t\t<\/div>\n\t\t\t\t\t<\/div>\n\t\t\t\t<\/div>\n\t\t<div class=\"elementor-element elementor-element-iwgcn-sami-hr iwg-kultur-hero-right e-flex e-con-boxed e-con e-child\" data-id=\"iwgcn-sami-hr\" data-element_type=\"container\" data-e-type=\"container\">\n\t\t\t\t\t<div class=\"e-con-inner\">\n\t\t\t\t<div class=\"elementor-element elementor-element-iwgcn-sami-himg iwg-hero-image elementor-widget elementor-widget-image\" data-id=\"iwgcn-sami-himg\" data-element_type=\"widget\" data-e-type=\"widget\" data-widget_type=\"image.default\">\n\t\t\t\t\t\t\t\t\t\t\t\t\t\t\t<img fetchpriority=\"high\" decoding=\"async\" width=\"683\" height=\"1024\" src=\"https:\/\/iwell-guard.com\/wp-content\/uploads\/2026\/05\/goetter_sami_beaivi-683x1024.webp\" class=\"attachment-large size-large wp-image-148753\" alt=\"Beaivi \u2013 jumalia saamelaisesta perinteest\u00e4, historiallis-havainnollinen kuva\" srcset=\"https:\/\/iwell-guard.com\/wp-content\/uploads\/2026\/05\/goetter_sami_beaivi-683x1024.webp 683w, https:\/\/iwell-guard.com\/wp-content\/uploads\/2026\/05\/goetter_sami_beaivi-200x300.webp 200w, https:\/\/iwell-guard.com\/wp-content\/uploads\/2026\/05\/goetter_sami_beaivi-768x1152.webp 768w, https:\/\/iwell-guard.com\/wp-content\/uploads\/2026\/05\/goetter_sami_beaivi.webp 1024w\" sizes=\"(max-width: 683px) 100vw, 683px\" \/>\t\t\t\t\t\t\t\t\t\t\t\t\t\t\t<\/div>\n\t\t\t\t\t<\/div>\n\t\t\t\t<\/div>\n\t\t\t\t\t<\/div>\n\t\t\t\t<\/div>\n\t\t\t\t<section class=\"elementor-section elementor-top-section elementor-element elementor-element-sec-iwgcomp-sami elementor-section-boxed elementor-section-height-default elementor-section-height-default\" data-id=\"sec-iwgcomp-sami\" data-element_type=\"section\" data-e-type=\"section\">\n\t\t\t\t\t\t<div class=\"elementor-container elementor-column-gap-default\">\n\t\t\t\t\t<div class=\"elementor-column elementor-col-100 elementor-top-column elementor-element elementor-element-col-iwgcomp-sami\" data-id=\"col-iwgcomp-sami\" data-element_type=\"column\" data-e-type=\"column\">\n\t\t\t<div class=\"elementor-widget-wrap elementor-element-populated\">\n\t\t\t\t\t\t<div class=\"elementor-element elementor-element-iwgcomp-sami elementor-widget elementor-widget-text-editor\" data-id=\"iwgcomp-sami\" data-element_type=\"widget\" data-e-type=\"widget\" data-widget_type=\"text-editor.default\">\n\t\t\t\t\t\t\t\t\t<p>Saamelainen <strong>noaidi-<span class=\"iwg-fachbegriff\" data-tooltip=\"Uskonnollinen j\u00e4rjestelm\u00e4, jossa erikoisasiantuntijat ovat yhteydess\u00e4 henkimaailmaan.\" tabindex=\"0\">\u0161amanismi<\/span><\/strong> muodostaa S\u00e1pmin esikristillisen uskonnon selk\u00e4rangan.<\/p>\n<p class=\"iwg-kwfix\">Saamelaisten jumalat jakautuvat kolmeen sf\u00e4\u00e4riin: yl\u00e4ilma Radien-attjen ymp\u00e4rill\u00e4, keskimaailma ukkosenjumala Horagallesin kanssa ja alamaailma J\u00e1bmiid\u00e1hkk\u00e1n alla. N\u00e4it\u00e4 tietoja v\u00e4litet\u00e4\u00e4n edelleen Lapin noaidi-perinteess\u00e4.<\/p>\t\t\t\t\t\t\t\t<\/div>\n\t\t\t\t\t<\/div>\n\t\t<\/div>\n\t\t\t\t\t<\/div>\n\t\t<\/section>\n\t\t<div class=\"elementor-element elementor-element-iwgcn-sami-s0 e-flex e-con-boxed e-con e-parent\" data-id=\"iwgcn-sami-s0\" data-element_type=\"container\" data-e-type=\"container\">\n\t\t\t\t\t<div class=\"e-con-inner\">\n\t\t\t\t<div class=\"elementor-element elementor-element-iwgcn-sami-s0h elementor-widget elementor-widget-heading\" data-id=\"iwgcn-sami-s0h\" data-element_type=\"widget\" data-e-type=\"widget\" data-widget_type=\"heading.default\">\n\t\t\t\t\t<h2 class=\"elementor-heading-title elementor-size-default\">Saamelaiskielet ja asuinalue<\/h2>\t\t\t\t<\/div>\n\t\t<div class=\"elementor-element elementor-element-iwgcn-sami-s0-c e-con-full e-flex e-con e-child\" data-id=\"iwgcn-sami-s0-c\" data-element_type=\"container\" data-e-type=\"container\">\n\t\t\t\t<div class=\"elementor-element elementor-element-iwgcn-sami-s0t elementor-widget elementor-widget-text-editor\" data-id=\"iwgcn-sami-s0t\" data-element_type=\"widget\" data-e-type=\"widget\" data-widget_type=\"text-editor.default\">\n\t\t\t\t\t\t\t\t\t<p>Saamelaiset puhuvat omaa kieliperhett\u00e4\u00e4n, jossa on yhdeks\u00e4n el\u00e4v\u00e4\u00e4 kielt\u00e4; pohjoissaame on niist\u00e4 suurin. Ne ovat sukua suomalais-ugrilaisille kielille (suomi, unkari, viro).<\/p><p>Saamelaisten asuinalue, S\u00e1pmi, kattaa Norjan, Ruotsin ja Suomen pohjoisimmat osat sek\u00e4 Kuolan niemimaan Ven\u00e4j\u00e4ll\u00e4. Perinteinen el\u00e4m\u00e4ntapa: porotalous, kalastus, rannikkotalous. Nyky\u00e4\u00e4n alueella asuu noin 80.000, 135.000 saamelaista, ja heill\u00e4 on omat parlamentit Norjassa, Ruotsissa ja Suomessa.<\/p>\n<p class=\"iwg-kwfix\">Kolme sf\u00e4\u00e4ri\u00e4 j\u00e4sent\u00e4\u00e4 saamelaisten jumalmaailmaa: yl\u00e4puolella Radien-attje, keskell\u00e4 ukkosenjumala Horagalles, alapuolella J\u00e1bmiid\u00e1hkk\u00e1. Lapin noaidi-perinne pit\u00e4\u00e4 t\u00e4m\u00e4n tiedon el\u00e4v\u00e4n\u00e4 yh\u00e4 t\u00e4n\u00e4kin p\u00e4iv\u00e4n\u00e4.<\/p>\t\t\t\t\t\t\t\t<\/div>\n\t\t\t\t<\/div>\n\t\t\t\t\t<\/div>\n\t\t\t\t<\/div>\n\t\t<div class=\"elementor-element elementor-element-iwgcn-sami-s1 e-flex e-con-boxed e-con e-parent\" data-id=\"iwgcn-sami-s1\" data-element_type=\"container\" data-e-type=\"container\">\n\t\t\t\t\t<div class=\"e-con-inner\">\n\t\t\t\t<div class=\"elementor-element elementor-element-iwgcn-sami-s1h elementor-widget elementor-widget-heading\" data-id=\"iwgcn-sami-s1h\" data-element_type=\"widget\" data-e-type=\"widget\" data-widget_type=\"heading.default\">\n\t\t\t\t\t<h2 class=\"elementor-heading-title elementor-size-default\">Jumalmaailma, Beaivi, M\u00e1nnu, R\u00e1hka, Stallo<\/h2>\t\t\t\t<\/div>\n\t\t<div class=\"elementor-element elementor-element-iwgcn-sami-s1-c e-con-full e-flex e-con e-child\" data-id=\"iwgcn-sami-s1-c\" data-element_type=\"container\" data-e-type=\"container\">\n\t\t\t\t<div class=\"elementor-element elementor-element-iwgcn-sami-s1t elementor-widget elementor-widget-text-editor\" data-id=\"iwgcn-sami-s1t\" data-element_type=\"widget\" data-e-type=\"widget\" data-widget_type=\"text-editor.default\">\n\t\t\t\t\t\t\t\t\t<p>Beaivi (Pejvve) on aurinkojumaluus, saamelaisten myyttinen \u00e4iti; M\u00e1nnu on kuunjumala; R\u00e1hka on ukkosjumaluus (rinnastuu pohjoismaiseen Thoriin); akka-jumaluudet ovat naispuolisia kotihenki\u00e4 eri sf\u00e4\u00e4reiss\u00e4 (Sara-Akka ovensuulla, Uksakka takan \u00e4\u00e4rell\u00e4, Juksakka poikalasten suojelijana).<\/p><p>Stallo on ihmisi\u00e4 sy\u00f6vi\u00e4 j\u00e4ttil\u00e4ism\u00e4isi\u00e4 olentoja er\u00e4maasta. Saivo on myyttinen toinen maailma, joka kuvataan toisinaan alamaailmana pyhien vuorten tai j\u00e4rvien alla.<\/p>\t\t\t\t\t\t\t\t<\/div>\n\t\t\t\t<\/div>\n\t\t\t\t\t<\/div>\n\t\t\t\t<\/div>\n\t\t<div class=\"elementor-element elementor-element-iwgcn-sami-s2 e-flex e-con-boxed e-con e-parent\" data-id=\"iwgcn-sami-s2\" data-element_type=\"container\" data-e-type=\"container\">\n\t\t\t\t\t<div class=\"e-con-inner\">\n\t\t\t\t<div class=\"elementor-element elementor-element-iwgcn-sami-s2h elementor-widget elementor-widget-heading\" data-id=\"iwgcn-sami-s2h\" data-element_type=\"widget\" data-e-type=\"widget\" data-widget_type=\"heading.default\">\n\t\t\t\t\t<h2 class=\"elementor-heading-title elementor-size-default\">Noaidi, saamelaisten \u0161amaani<\/h2>\t\t\t\t<\/div>\n\t\t<div class=\"elementor-element elementor-element-iwgcn-sami-s2-c e-con-full e-flex e-con e-child\" data-id=\"iwgcn-sami-s2-c\" data-element_type=\"container\" data-e-type=\"container\">\n\t\t\t\t<div class=\"elementor-element elementor-element-iwgcn-sami-s2t elementor-widget elementor-widget-text-editor\" data-id=\"iwgcn-sami-s2t\" data-element_type=\"widget\" data-e-type=\"widget\" data-widget_type=\"text-editor.default\">\n\t\t\t\t\t\t\t\t\t<p>Noaidi (vanhemmissa l\u00e4hteiss\u00e4 noaide, ruotsiksi \u201dtrollkarl\u201d, latinaksi \u201dmagus\u201d) on uskonnollinen erikoisasiantuntija. H\u00e4n saavuttaa transsitilan rummun, joikin (perinteisen laulun) ja keskittymisen avulla.<\/p><p>Sielumatkat suuntautuvat kolmeen maailmaan: yl\u00e4ilmaan jumalten luo, alamaailmaan vainajien luo ja keskimaailmaan maan parantamiseksi. H\u00e4nen teht\u00e4viins\u00e4 kuuluivat parantaminen, s\u00e4\u00e4n ennustaminen, varkauksien paljastaminen ja porolaumojen suojelu. 1600-1700-luvuilla l\u00e4hetyssaarnaajat ker\u00e4siv\u00e4t noaidien rummut j\u00e4rjestelm\u00e4llisesti talteen ja polttivat osan niist\u00e4.<\/p>\t\t\t\t\t\t\t\t<\/div>\n\t\t\t\t<\/div>\n\t\t\t\t\t<\/div>\n\t\t\t\t<\/div>\n\t\t<div class=\"elementor-element elementor-element-iwgcn-sami-s3 e-flex e-con-boxed e-con e-parent\" data-id=\"iwgcn-sami-s3\" data-element_type=\"container\" data-e-type=\"container\">\n\t\t\t\t\t<div class=\"e-con-inner\">\n\t\t\t\t<div class=\"elementor-element elementor-element-iwgcn-sami-s3h elementor-widget elementor-widget-heading\" data-id=\"iwgcn-sami-s3h\" data-element_type=\"widget\" data-e-type=\"widget\" data-widget_type=\"heading.default\">\n\t\t\t\t\t<h2 class=\"elementor-heading-title elementor-size-default\">Saamelaisten rumpu, maailman kaavakuva<\/h2>\t\t\t\t<\/div>\n\t\t<div class=\"elementor-element elementor-element-iwgcn-sami-s3-c e-con-full e-flex e-con e-child\" data-id=\"iwgcn-sami-s3-c\" data-element_type=\"container\" data-e-type=\"container\">\n\t\t\t\t<div class=\"elementor-element elementor-element-iwgcn-sami-s3t elementor-widget elementor-widget-text-editor\" data-id=\"iwgcn-sami-s3t\" data-element_type=\"widget\" data-e-type=\"widget\" data-widget_type=\"text-editor.default\">\n\t\t\t\t\t\t\t\t\t<p>Noaidin rummulla (govadas, gievrie) on soikea tai py\u00f6re\u00e4 muoto, kalvo on tehty poronnahasta ja maalattu punaisella lep\u00e4nkuoriv\u00e4rill\u00e4. Maalaukset esitt\u00e4v\u00e4t kosmologista kaavakuvaa, jonka keskell\u00e4 on aurinko, ja lis\u00e4ksi jumalia, el\u00e4imi\u00e4, vuorenoppaita ja vainajia.<\/p><p>\u201dVasaraa\u201d, joka on tavallisesti tehty porosarvesta, liikutetaan ly\u00f6m\u00e4ll\u00e4 kalvon yli, ja osoitinrengas (vuorbi, luusta tehty \u201dsammakko\u201d) hyppii kuvioiden yli; sen pys\u00e4htymispaikasta luetaan vastaus. Noin 70 saamelaisrumpua on s\u00e4ilynyt, esimerkiksi Ruotsin kansallismuseossa, Nordiska Museetissa ja saamelaismuseoissa.<\/p>\t\t\t\t\t\t\t\t<\/div>\n\t\t\t\t<\/div>\n\t\t\t\t\t<\/div>\n\t\t\t\t<\/div>\n\t\t<div class=\"elementor-element elementor-element-x-sami-s-faq e-flex e-con-boxed e-con e-parent\" data-id=\"x-sami-s-faq\" data-element_type=\"container\" data-e-type=\"container\">\n\t\t\t\t\t<div class=\"e-con-inner\">\n\t\t\t\t<div class=\"elementor-element elementor-element-x-sami-h-faq elementor-widget elementor-widget-heading\" data-id=\"x-sami-h-faq\" data-element_type=\"widget\" data-e-type=\"widget\" data-widget_type=\"heading.default\">\n\t\t\t\t\t<h2 class=\"elementor-heading-title elementor-size-default\">Usein kysytyt kysymykset saamelaisuskonnosta<\/h2>\t\t\t\t<\/div>\n\t\t<div class=\"elementor-element elementor-element-iwgcn-sami-s3-c e-con-full e-flex e-con e-child\" data-id=\"iwgcn-sami-s3-c\" data-element_type=\"container\" data-e-type=\"container\">\n\t\t\t\t<div class=\"elementor-element elementor-element-x-sami-t-faq elementor-widget elementor-widget-text-editor\" data-id=\"x-sami-t-faq\" data-element_type=\"widget\" data-e-type=\"widget\" data-widget_type=\"text-editor.default\">\n\t\t\t\t\t\t\t\t\t<h3>Ketk\u00e4 ovat saamelaiset?<\/h3>\n<p>Saamelaiset ovat Lapin alkuper\u00e4iskansa, noin 80.000 ihmist\u00e4 Norjassa, Ruotsissa, Suomessa ja Ven\u00e4j\u00e4n Karjalassa. He puhuvat saamelaiskieli\u00e4 (uralilaisia). Vuodesta 1989 valtion virallisesti tunnustama alkuper\u00e4iskansa.<\/p>\n<h3>Kuka on ukkosenjumala?<\/h3>\n<p>Ukkosenjumala on saamelaisten ukkosenjumala, saamelaisten ja poronlaidunmaiden suojelija. H\u00e4nen nimens\u00e4 juontuu muinaisnorjan \u00de\u00f3rkarlista, lainana germaanisesta Thorista.<\/p>\n<h3>Mik\u00e4 on saamelaisrumpu?<\/h3>\n<p>Saamelais\u0161amaanien rumpu oli noaidien (\u0161amaanien) keskeinen ty\u00f6kalu. Rummun kalvoon oli maalattu jumalat, henget ja kosmiset alueet. 1600-1700-luvuilla kristilliset l\u00e4hetyssaarnaajat polttivat useimmat rummut.<\/p>\n<h3>Mit\u00e4 saamelaisten uskonnolle tapahtui?<\/h3>\n<p>Norjalaiset, ruotsalaiset ja suomalaiset l\u00e4hetyssaarnaajat tukahduttivat saamelaisten uskonnon raa&#8217;asti vuosina 1600-1900, \u0161amaaneja teloitettiin ja rumpuja poltettiin. Vasta 1900-luvulla alkoi elpyminen, ja nyky\u00e4\u00e4n vain harvat saamelaiset harjoittavat vanhaa uskontoa avoimesti.<\/p>\n<script type=\"application\/ld+json\">{\"@context\": \"https:\/\/schema.org\", \"@type\": \"FAQPage\", \"mainEntity\": [{\"@type\": \"Question\", \"name\": \"Ketk\u00e4 ovat saamelaiset?\", \"acceptedAnswer\": {\"@type\": \"Answer\", \"text\": \"Saamelaiset ovat Lapin alkuper\u00e4iskansa, noin 80.000 ihmist\u00e4 Norjassa, Ruotsissa, Suomessa ja Ven\u00e4j\u00e4n Karjalassa. He puhuvat saamelaiskieli\u00e4 (uralilaisia). Vuodesta 1989 valtion virallisesti tunnustama alkuper\u00e4iskansa.\"}}, {\"@type\": \"Question\", \"name\": \"Kuka on ukkosenjumala?\", \"acceptedAnswer\": {\"@type\": \"Answer\", \"text\": \"Ukkosenjumala on saamelaisten ukkosenjumala, saamelaisten ja poronlaidunmaiden suojelija. H\u00e4nen nimens\u00e4 juontuu muinaisnorjan \u00de\u00f3rkarlista, lainana germaanisesta Thorista.\"}}, {\"@type\": \"Question\", \"name\": \"Mik\u00e4 on saamelaisrumpu?\", \"acceptedAnswer\": {\"@type\": \"Answer\", \"text\": \"Saamelais\u0161amaanien rumpu oli noaidien (\u0161amaanien) keskeinen ty\u00f6kalu. Rummun kalvoon oli maalattu jumalat, henget ja kosmiset alueet. 1600-1700-luvuilla kristilliset l\u00e4hetyssaarnaajat polttivat useimmat rummut.\"}}, {\"@type\": \"Question\", \"name\": \"Mit\u00e4 saamelaisten uskonnolle tapahtui?\", \"acceptedAnswer\": {\"@type\": \"Answer\", \"text\": \"Norjalaiset, ruotsalaiset ja suomalaiset l\u00e4hetyssaarnaajat tukahduttivat saamelaisten uskonnon raa'asti vuosina 1600-1900, \u0161amaaneja teloitettiin ja rumpuja poltettiin. Vasta 1900-luvulla alkoi elpyminen, ja nyky\u00e4\u00e4n vain harvat saamelaiset harjoittavat vanhaa uskontoa avoimesti.\"}}]}<\/script>\t\t\t\t\t\t\t\t<\/div>\n\t\t\t\t<\/div>\n\t\t\t\t\t<\/div>\n\t\t\t\t<\/div>\n\t\t<div class=\"elementor-element elementor-element-iwgcn-sami-s4 e-flex e-con-boxed e-con e-parent\" data-id=\"iwgcn-sami-s4\" data-element_type=\"container\" data-e-type=\"container\">\n\t\t\t\t\t<div class=\"e-con-inner\">\n\t\t\t\t<div class=\"elementor-element elementor-element-iwgcn-sami-s4h elementor-widget elementor-widget-heading\" data-id=\"iwgcn-sami-s4h\" data-element_type=\"widget\" data-e-type=\"widget\" data-widget_type=\"heading.default\">\n\t\t\t\t\t<h2 class=\"elementor-heading-title elementor-size-default\">Seita \/ sieidi, pyh\u00e4t kivet ja maan pyhyys<\/h2>\t\t\t\t<\/div>\n\t\t<div class=\"elementor-element elementor-element-iwgcn-sami-s4-c e-con-full e-flex e-con e-child\" data-id=\"iwgcn-sami-s4-c\" data-element_type=\"container\" data-e-type=\"container\">\n\t\t\t\t<div class=\"elementor-element elementor-element-iwgcn-sami-s4t elementor-widget elementor-widget-text-editor\" data-id=\"iwgcn-sami-s4t\" data-element_type=\"widget\" data-e-type=\"widget\" data-widget_type=\"text-editor.default\">\n\t\t\t\t\t\t\t\t\t<p>Seidat (my\u00f6s sieidi) ovat erityisi\u00e4 kivi\u00e4, kallioita, puita tai puupaaluja, joita kunnioitetaan maahenkien asuinpaikkoina. Niille annettiin <span class=\"iwg-fachbegriff\" data-tooltip=\"Gabe an eine Gottheit, um Dank, Bitte oder Verehrung auszudr\u00fccken.\" tabindex=\"0\">uhreja<\/span>, poron verta, luita, sarvia, kolikoita, tupakkaa. T\u00e4rkeit\u00e4 seita-paikkoja ovat St\u00e1llog\u00e1rgu Finnmarkissa, \u00c1hkka-massiivi Ruotsissa ja Inarij\u00e4rvi Suomessa. Jokaisella sukuyhteis\u00f6ll\u00e4 oli omat seita-suhteensa. Uskontotieteellisest\u00e4 n\u00e4k\u00f6kulmasta seidan palvonta on olennaisesti maasuhde, ei abstraktia teismi\u00e4.<\/p>\t\t\t\t\t\t\t\t<\/div>\n\t\t\t\t<\/div>\n\t\t\t\t\t<\/div>\n\t\t\t\t<\/div>\n\t\t<div class=\"elementor-element elementor-element-iwgcn-sami-s5 e-flex e-con-boxed e-con e-parent\" data-id=\"iwgcn-sami-s5\" data-element_type=\"container\" data-e-type=\"container\">\n\t\t\t\t\t<div class=\"e-con-inner\">\n\t\t\t\t<div class=\"elementor-element elementor-element-iwgcn-sami-s5h elementor-widget elementor-widget-heading\" data-id=\"iwgcn-sami-s5h\" data-element_type=\"widget\" data-e-type=\"widget\" data-widget_type=\"heading.default\">\n\t\t\t\t\t<h2 class=\"elementor-heading-title elementor-size-default\">Suojaesineet, rumpu, joiku, g\u00e1kti<\/h2>\t\t\t\t<\/div>\n\t\t<div class=\"elementor-element elementor-element-iwgcn-sami-s5-c e-con-full e-flex e-con e-child\" data-id=\"iwgcn-sami-s5-c\" data-element_type=\"container\" data-e-type=\"container\">\n\t\t\t\t<div class=\"elementor-element elementor-element-iwgcn-sami-s5t elementor-widget elementor-widget-text-editor\" data-id=\"iwgcn-sami-s5t\" data-element_type=\"widget\" data-e-type=\"widget\" data-widget_type=\"text-editor.default\">\n\t\t\t\t\t\t\t\t\t<p>Kannettavat suojaesineet ovat harvoin kehittyneet materiaalisiksi riipuksiksi, sill\u00e4 saamelaisuskonto perustuu ensisijaisesti rituaaliseen maasuhteeseen. G\u00e1ktissa (kansallispuvussa) on kuitenkin symbolisia kudonnaisia ja koristeita, jotka kertovat alueesta, suvusta ja asemasta; joillakin kirjonnoilla on suojaava luonne.<\/p><p>Joiku, henkil\u00f6n, el\u00e4imen tai paikan oma laulu, on \u00e4\u00e4nellinen tapa &#8220;suojella&#8221; ja &#8220;muistaa&#8221; jotakin suhdetta. T\u00e4ydent\u00e4vin\u00e4 k\u00e4ytet\u00e4\u00e4n pienoisrumpuja, luuriipuksia ja koivunjuurinauhoja.<\/p>\t\t\t\t\t\t\t\t<\/div>\n\t\t\t\t<\/div>\n\t\t\t\t\t<\/div>\n\t\t\t\t<\/div>\n\t\t<div class=\"elementor-element elementor-element-iwgcn-sami-s6 e-flex e-con-boxed e-con e-parent\" data-id=\"iwgcn-sami-s6\" data-element_type=\"container\" data-e-type=\"container\">\n\t\t\t\t\t<div class=\"e-con-inner\">\n\t\t\t\t<div class=\"elementor-element elementor-element-iwgcn-sami-s6h elementor-widget elementor-widget-heading\" data-id=\"iwgcn-sami-s6h\" data-element_type=\"widget\" data-e-type=\"widget\" data-widget_type=\"heading.default\">\n\t\t\t\t\t<h2 class=\"elementor-heading-title elementor-size-default\">Kolonisaatio, l\u00e4hetysty\u00f6 ja uudelleenelvytys<\/h2>\t\t\t\t<\/div>\n\t\t<div class=\"elementor-element elementor-element-iwgcn-sami-s6-c e-con-full e-flex e-con e-child\" data-id=\"iwgcn-sami-s6-c\" data-element_type=\"container\" data-e-type=\"container\">\n\t\t\t\t<div class=\"elementor-element elementor-element-iwgcn-sami-s6t elementor-widget elementor-widget-text-editor\" data-id=\"iwgcn-sami-s6t\" data-element_type=\"widget\" data-e-type=\"widget\" data-widget_type=\"text-editor.default\">\n\t\t\t\t\t\t\t\t\t<p>Kristinuskoistaminen tapahtui 1600- ja 1800-luvun v\u00e4lill\u00e4, usein v\u00e4kivalloin ja rumpuja polttamalla (vuonna 1693 poltettiin Arjeplogissa julkisesti 30 rumpua). 1800-luvun laestadiolainen her\u00e4tysliike (jonka perusti saamelaispastori Lars Levi Laestadius) s\u00e4ilyi monille saamelaisille hallitsevana uskonnollisena identiteettin\u00e4, omine tunnusmerkkeineen.<\/p><p>1900-luvun lopulta l\u00e4htien on tapahtunut kulttuurista ja uskonnollista uudelleenelvytyst\u00e4: saamen kieli, rumpujen j\u00e4ljent\u00e4minen, joikuperinteen renessanssi. Uskontotieteellisi\u00e4 teoksia ovat H\u00e5kan Rydvingin <em>The End of Drum-Time<\/em> (1993), Juha Pentik\u00e4inen, Anne-Lise Karlsen.<\/p>\t\t\t\t\t\t\t\t<\/div>\n\t\t\t\t<\/div>\n\t\t\t\t\t<\/div>\n\t\t\t\t<\/div>\n\t\t<div class=\"elementor-element elementor-element-cp2d9a92a3 e-flex e-con-boxed e-con e-parent\" data-id=\"cp2d9a92a3\" data-element_type=\"container\" data-e-type=\"container\">\n\t\t\t\t\t<div class=\"e-con-inner\">\n\t\t\t\t<div class=\"elementor-element elementor-element-cp2515827f elementor-widget elementor-widget-heading\" data-id=\"cp2515827f\" data-element_type=\"widget\" data-e-type=\"widget\" data-widget_type=\"heading.default\">\n\t\t\t\t\t<h2 class=\"elementor-heading-title elementor-size-default\">Kansa nelj\u00e4n valtion alueella ja sen sis\u00e4iset erot<\/h2>\t\t\t\t<\/div>\n\t\t<div class=\"elementor-element elementor-element-cp25cbddf2 e-flex e-con-boxed e-con e-child\" data-id=\"cp25cbddf2\" data-element_type=\"container\" data-e-type=\"container\">\n\t\t\t\t\t<div class=\"e-con-inner\">\n\t\t\t\t<div class=\"elementor-element elementor-element-cp240cdc6c elementor-widget elementor-widget-text-editor\" data-id=\"cp240cdc6c\" data-element_type=\"widget\" data-e-type=\"widget\" data-widget_type=\"text-editor.default\">\n\t\t\t\t\t\t\t\t\t<p>Saamelaiset asuvat Pohjois-Norjassa, Ruotsissa ja Suomessa sek\u00e4 Ven\u00e4j\u00e4n Kuolan niemimaalla. T\u00e4m\u00e4 alue, jota kutsutaan usein S\u00e1pmiksi, on valtiollisesti jakautunut nelj\u00e4\u00e4n osaan, ja my\u00f6s saamelaiset itse eiv\u00e4t ole yhten\u00e4inen ryhm\u00e4.<\/p><p>Saamen kieli\u00e4 on useita, ja ne eiv\u00e4t ole kesken\u00e4\u00e4n suoraan ymm\u00e4rrett\u00e4vi\u00e4. N\u00e4ihin kuuluvat pohjoissaame, luulajansaame, etel\u00e4saame, inarinsaame ja koltansaame. Vastaavasti my\u00f6s uskonnolliset perinteet erosivat alueen ja el\u00e4m\u00e4ntavan mukaan.<\/p><p>El\u00e4m\u00e4ntavat vaihtelivat porotaloudesta rannikko- ja sis\u00e4vesikalastukseen ja mets\u00e4stykseen. N\u00e4ill\u00e4 taloudellisilla eroilla oli vaikutuksensa uskontoon. Rannikkosaamelaisilla, mets\u00e4saamelaisilla ja poroja seuranneilla ryhmill\u00e4 oli osin erilaiset painotukset kulteissaan. Yleist\u00e4v\u00e4t v\u00e4itteet saamelaisesta uskonnosta peitt\u00e4v\u00e4t t\u00e4m\u00e4n sis\u00e4isen moninaisuuden.<\/p><p>Useimmille ryhmille yhteist\u00e4 oli luonnonvoimien ja esi-isien kunnioittaminen, tiettyjen pyhien paikkojen merkitys maisemassa, uhripaikat, joita kutsutaan <em>sieidi<\/em>-nimell\u00e4, sek\u00e4 rituaalispesialistin, <em>noaidin<\/em>, hahmo. N\u00e4ist\u00e4kin yhteisist\u00e4 piirteist\u00e4 on l\u00e4hteiss\u00e4 alueellisesti erilaista todistusaineistoa, ja paljon tietoa on puutteellista.<\/p>\t\t\t\t\t\t\t\t<\/div>\n\t\t\t\t\t<\/div>\n\t\t\t\t<\/div>\n\t\t\t\t\t<\/div>\n\t\t\t\t<\/div>\n\t\t<div class=\"elementor-element elementor-element-cp2b1a3dae e-flex e-con-boxed e-con e-parent\" data-id=\"cp2b1a3dae\" data-element_type=\"container\" data-e-type=\"container\">\n\t\t\t\t\t<div class=\"e-con-inner\">\n\t\t\t\t<div class=\"elementor-element elementor-element-cp282c06ff elementor-widget elementor-widget-heading\" data-id=\"cp282c06ff\" data-element_type=\"widget\" data-e-type=\"widget\" data-widget_type=\"heading.default\">\n\t\t\t\t\t<h2 class=\"elementor-heading-title elementor-size-default\">Pyh\u00e4 rumpu ja saamelaisen maailmankuvan mahdit<\/h2>\t\t\t\t<\/div>\n\t\t<div class=\"elementor-element elementor-element-cp228b4522 e-flex e-con-boxed e-con e-child\" data-id=\"cp228b4522\" data-element_type=\"container\" data-e-type=\"container\">\n\t\t\t\t\t<div class=\"e-con-inner\">\n\t\t\t\t<div class=\"elementor-element elementor-element-cp261454c5 elementor-widget elementor-widget-text-editor\" data-id=\"cp261454c5\" data-element_type=\"widget\" data-e-type=\"widget\" data-widget_type=\"text-editor.default\">\n\t\t\t\t\t\t\t\t\t<p>Saamien tunnetuin uskonnollinen esine on rumpu, pohjoissaameksi <em>goavddis<\/em> tai <em>meavrresg\u00e1rri<\/em>. Se koostui puukehyksest\u00e4 tai onteloksi koverretusta puurungosta, jonka p\u00e4\u00e4ll\u00e4 oli maalattu nahka. Nahkaan maalatut kuvat esittiv\u00e4t jumaluuksia, henki\u00e4, el\u00e4imi\u00e4, ihmisi\u00e4 ja maiseman osia, ja ne muodostivat kuvan maailmasta.<\/p><p><em>Noaidi<\/em> k\u00e4ytti rumpua kahdella tavalla. Toisaalta h\u00e4n liikutti osoitinta nahan pinnalla ja tulkitsi sen liikkeest\u00e4 kuvien yli enteit\u00e4. Toisaalta rummun rytmi vei h\u00e4net muuttuneeseen tilaan, jossa h\u00e4nen sielunsa saattoi matkata henkien luo.<\/p><p>Saamien maailmankuva sis\u00e4lsi useita tasoja ja lukuisia voimia. Todistettuja ovat muun muassa aurinkojumaluudet, ukkosenjumala, useat \u00e4itijumaluudet, jotka vastasivat synnytyksest\u00e4 ja lapsista, sek\u00e4 el\u00e4inten herrat, esimerkiksi karhun ja poron herrat.<\/p><p>Vainajilla ja tuonpuoleisella oli oma paikkansa, ja <em>sieidi<\/em>-paikat, usein huomiota her\u00e4tt\u00e4v\u00e4t kalliot tai kivet, olivat paikkoja, joissa n\u00e4ihin voimiin voitiin ottaa yhteytt\u00e4 ja niille voitiin uhrata.<\/p><p>T\u00e4m\u00e4n jumaluuskirjon tarkasta j\u00e4rjestelm\u00e4st\u00e4 ei ole varmuutta, koska l\u00e4hteet ovat hajanaisia ja osin ristiriitaisia. S\u00e4ilyneet rummut, joita maailmassa on j\u00e4ljell\u00e4 vain noin seitsem\u00e4nkymment\u00e4, ovat t\u00e4rke\u00e4 l\u00e4hde, mutta niiden kuvia ei aina voida tulkita yksiselitteisesti.<\/p>\t\t\t\t\t\t\t\t<\/div>\n\t\t\t\t\t<\/div>\n\t\t\t\t<\/div>\n\t\t\t\t\t<\/div>\n\t\t\t\t<\/div>\n\t\t<div class=\"elementor-element elementor-element-cp295547c2 e-flex e-con-boxed e-con e-parent\" data-id=\"cp295547c2\" data-element_type=\"container\" data-e-type=\"container\">\n\t\t\t\t\t<div class=\"e-con-inner\">\n\t\t\t\t<div class=\"elementor-element elementor-element-cp28944fb0 elementor-widget elementor-widget-heading\" data-id=\"cp28944fb0\" data-element_type=\"widget\" data-e-type=\"widget\" data-widget_type=\"heading.default\">\n\t\t\t\t\t<h2 class=\"elementor-heading-title elementor-size-default\">L\u00e4hteet: l\u00e4hetyskertomukset, takavarikoidut rummut ja joiku<\/h2>\t\t\t\t<\/div>\n\t\t<div class=\"elementor-element elementor-element-cp23d59da4 e-flex e-con-boxed e-con e-child\" data-id=\"cp23d59da4\" data-element_type=\"container\" data-e-type=\"container\">\n\t\t\t\t\t<div class=\"e-con-inner\">\n\t\t\t\t<div class=\"elementor-element elementor-element-cp2ce157b6 elementor-widget elementor-widget-text-editor\" data-id=\"cp2ce157b6\" data-element_type=\"widget\" data-e-type=\"widget\" data-widget_type=\"text-editor.default\">\n\t\t\t\t\t\t\t\t\t<p>Kirjallinen <span class=\"iwg-fachbegriff\" data-tooltip=\"Die Weitergabe von Wissen und Erz\u00e4hlungen \u00fcber Generationen.\" tabindex=\"0\">perim\u00e4tieto<\/span> saamelaisesta uskonnosta on per\u00e4isin l\u00e4hes yksinomaan ulkopuolelta, p\u00e4\u00e4osin l\u00e4hetyssaarnaajilta. Seitsem\u00e4nell\u00e4- ja kahdeksannellatoista vuosisadalla luterilaiset papit Norjassa ja Ruotsissa kirjoittivat kertomuksia k\u00e4yt\u00e4nn\u00f6ist\u00e4, joita pidettiin <span class=\"iwg-fachbegriff\" data-tooltip=\"Aus christlicher Sicht: einer vorchristlichen oder nichtchristlichen Religion zugeh\u00f6rig.\" tabindex=\"0\">pakanallisina<\/span> ja joita vastaan taisteltiin.<\/p><p>Tunnetuimpiin l\u00e4hteisiin kuuluvat norjalaisen l\u00e4hetyssaarnaajan Thomas von Westenin ja h\u00e4nen ty\u00f6toveriensa kirjoitukset sek\u00e4 my\u00f6hemm\u00e4t esitykset, kuten Knud Leemin teos. N\u00e4iden tekstien anti on runsas, mutta ne ovat syv\u00e4sti puolueellisia, koska niiden tarkoituksena oli vanhan uskonnon h\u00e4vitt\u00e4minen, ei sen kuvaaminen.<\/p><p>Toinen l\u00e4hderyhm\u00e4 ovat rummut itse, joista monet takavarikoitiin l\u00e4hetysty\u00f6n yhteydess\u00e4. Osa joutui eurooppalaisiin kokoelmiin, osa poltettiin.<\/p><p>Jotkut l\u00e4hetyssaarnaajat pyysiv\u00e4t selitt\u00e4m\u00e4\u00e4n kuvat itselleen ja kirjasivat tulkintoja muistiin, joten joistakin rummuista on s\u00e4ilynyt aikalaistulkinta. Tunnetuin t\u00e4llainen l\u00e4hde on k\u00e4sikirjoitus, jossa selitet\u00e4\u00e4n vuonna 1691 takavarikoidun rummun kuvioiden merkitys.<\/p><p>Kolmas, omanlaisensa l\u00e4hde on joiku, perinteinen saamelaislaulu. Se ei ollut varsinaisessa mieless\u00e4 uskonnollinen teksti, mutta l\u00e4hetysty\u00f6 vastusti sit\u00e4 <span class=\"iwg-fachbegriff\" data-tooltip=\"Aus christlicher Sicht: einer vorchristlichen oder nichtchristlichen Religion zugeh\u00f6rig.\" tabindex=\"0\">pakanallisena<\/span>, ja sen muodoissa ja sis\u00e4ll\u00f6iss\u00e4 on s\u00e4ilynyt viittauksia vanhempaan k\u00e4sitysmaailmaan.<\/p><p>Tutkijat, kuten H\u00e5kan Rydving, ovat osoittaneet, miten vahvasti l\u00e4hdeaineisto on v\u00e4\u00e4ristynyt l\u00e4hetysty\u00f6n n\u00e4k\u00f6kulman kautta, ja muistuttavat, ett\u00e4 saamelaisen uskonnon jokaiseen j\u00e4lleenrakennukseen liittyy huomattavaa ep\u00e4varmuutta.<\/p>\t\t\t\t\t\t\t\t<\/div>\n\t\t\t\t\t<\/div>\n\t\t\t\t<\/div>\n\t\t\t\t\t<\/div>\n\t\t\t\t<\/div>\n\t\t<div class=\"elementor-element elementor-element-cp2c009332 e-flex e-con-boxed e-con e-parent\" data-id=\"cp2c009332\" data-element_type=\"container\" data-e-type=\"container\">\n\t\t\t\t\t<div class=\"e-con-inner\">\n\t\t\t\t<div class=\"elementor-element elementor-element-cp225c94da elementor-widget elementor-widget-heading\" data-id=\"cp225c94da\" data-element_type=\"widget\" data-e-type=\"widget\" data-widget_type=\"heading.default\">\n\t\t\t\t\t<h2 class=\"elementor-heading-title elementor-size-default\">Pakkol\u00e4hetysty\u00f6, sortaminen ja nykyinen uudelleenomaksuminen<\/h2>\t\t\t\t<\/div>\n\t\t<div class=\"elementor-element elementor-element-cp2c7191ab e-flex e-con-boxed e-con e-child\" data-id=\"cp2c7191ab\" data-element_type=\"container\" data-e-type=\"container\">\n\t\t\t\t\t<div class=\"e-con-inner\">\n\t\t\t\t<div class=\"elementor-element elementor-element-cp23f4061d elementor-widget elementor-widget-text-editor\" data-id=\"cp23f4061d\" data-element_type=\"widget\" data-e-type=\"widget\" data-widget_type=\"text-editor.default\">\n\t\t\t\t\t\t\t\t\t<p>Saamelaisten kristillist\u00e4minen oli pitk\u00e4 ja v\u00e4kivaltainen prosessi. Ensimm\u00e4isi\u00e4 kosketuksia oli jo keskiajalla, mutta j\u00e4rjestelm\u00e4llinen l\u00e4hetysty\u00f6 alkoi vasta 1600- ja 1700-luvuilla. Rumpuja takavarikoitiin ja poltettiin, <em>noaidi<\/em>-tiet\u00e4ji\u00e4 vainottiin, ja yksitt\u00e4istapauksissa heit\u00e4 my\u00f6s teloitettiin.<\/p><p>1800- ja 1900-luvuilla uskonnollinen painostus yhdistyi valtiolliseen sulauttamispolitiikkaan. Norjassa t\u00e4t\u00e4 kutsutaan fornorskingiksi, norjalaistamiseksi. Saamen kielt\u00e4 ja kulttuuria tukahdutettiin kouluissa ja sis\u00e4oppilaitoksissa.<\/p><p>Erityisasemassa on laestadiolainen her\u00e4tysliike, 1800-luvulla Lars Levi Laestadiuksen perustama luterilainen suuntaus, joka levisi laajalti saamelaisten keskuuteen. Se oli toisaalta osa kristillist\u00e4 l\u00e4pitunkeutumista, mutta antoi toisaalta tilaa saamelaisleimaiselle uskonnolliselle k\u00e4yt\u00e4nn\u00f6lle, ja monien mielest\u00e4 siihen sulautui my\u00f6s vanhempia aineksia.<\/p><p>1900-luvun loppupuolelta l\u00e4htien saamelaisten kulttuurinen ja poliittinen vahvistuminen on ollut n\u00e4kyv\u00e4\u00e4, mik\u00e4 ilmenee omissa parlamenteissa ja kielten vaalimisessa.<\/p><p>T\u00e4h\u00e4n yhteyteen liittyy my\u00f6s uusi kiinnostus esikristilliseen <span class=\"iwg-fachbegriff\" data-tooltip=\"Tiedon ja kertomusten v\u00e4litt\u00e4mist\u00e4 sukupolvelta toiselle.\" tabindex=\"0\">perim\u00e4tietoon<\/span>. Se n\u00e4kyy saamelaisten omana tutkimuksena omasta historiastaan, museoihin takavarikoitujen rumpujen palautusvaatimuksissa ja vanhojen aiheiden taiteellisessa k\u00e4sittelyss\u00e4.<\/p><p>Laajasta muinaisen uskonnon elvytt\u00e4misest\u00e4 el\u00e4v\u00e4ksi k\u00e4yt\u00e4nn\u00f6ksi ei kuitenkaan voida puhua. Suurin osa saamelaisista on kristittyj\u00e4, ja esikristillisen menneisyyden k\u00e4sittely on ennen kaikkea kulttuurisen itseymm\u00e4rryksen ja historiallisen j\u00e4sent\u00e4misen asia.<\/p>\t\t\t\t\t\t\t\t<\/div>\n\t\t\t\t\t<\/div>\n\t\t\t\t<\/div>\n\t\t\t\t\t<\/div>\n\t\t\t\t<\/div>\n\t\t<div class=\"elementor-element elementor-element-iwgha-sami-sec e-flex e-con-boxed e-con e-parent\" data-id=\"iwgha-sami-sec\" data-element_type=\"container\" data-e-type=\"container\">\n\t\t\t\t\t<div class=\"e-con-inner\">\n\t\t\t\t<div class=\"elementor-element elementor-element-iwgha-sami-h elementor-widget elementor-widget-heading\" data-id=\"iwgha-sami-h\" data-element_type=\"widget\" data-e-type=\"widget\" data-widget_type=\"heading.default\">\n\t\t\t\t\t<h2 class=\"elementor-heading-title elementor-size-default\">T\u00e4m\u00e4n perinteen olennot (10)<\/h2>\t\t\t\t<\/div>\n\t\t<div class=\"elementor-element elementor-element-iwgha-sami-gc e-flex e-con-boxed e-con e-parent\" data-id=\"iwgha-sami-gc\" data-element_type=\"container\" data-e-type=\"container\">\n\t\t\t\t\t<div class=\"e-con-inner\">\n\t\t\t\t<div class=\"elementor-element elementor-element-iwgha-sami-grid elementor-widget elementor-widget-text-editor\" data-id=\"iwgha-sami-grid\" data-element_type=\"widget\" data-e-type=\"widget\" data-widget_type=\"text-editor.default\">\n\t\t\t\t\t\t\t\t\t<div class=\"iwg-wesen-grid\"><a class=\"iwg-wesen-card\" href=\"https:\/\/iwell-guard.com\/fi\/beaivi-saamelaisten-aurinkojumalatar\/\" aria-label=\"Beaivi \u2013 saamelaisten aurinkojumalatar\"><div class=\"iwg-wesen-card-imgwrap\"><img decoding=\"async\" src=\"https:\/\/iwell-guard.com\/wp-content\/uploads\/2026\/05\/goetter_sami_beaivi-200x300.webp\" alt=\"Beaivi \u2013 saamelaisten aurinkojumalatar\" loading=\"lazy\"><\/div><div class=\"iwg-wesen-card-body\"><div class=\"iwg-wesen-card-name\">Beaivi \u2013 saamelaisten aurinkojumalatar<\/div><div class=\"iwg-wesen-card-arrow\">\u2192 Olennon sivulle<\/div><\/div><\/a><a class=\"iwg-wesen-card\" href=\"https:\/\/iwell-guard.com\/fi\/horagalles\/\" aria-label=\"Horagalles\"><div class=\"iwg-wesen-card-imgwrap\"><img decoding=\"async\" src=\"https:\/\/iwell-guard.com\/wp-content\/uploads\/2026\/05\/goetter_sami_horagalles-200x300.webp\" alt=\"Horagalles\" loading=\"lazy\"><\/div><div class=\"iwg-wesen-card-body\"><div class=\"iwg-wesen-card-name\">Horagalles<\/div><div class=\"iwg-wesen-card-arrow\">\u2192 Olennon sivulle<\/div><\/div><\/a><a class=\"iwg-wesen-card\" href=\"https:\/\/iwell-guard.com\/fi\/jabmiidaibmu-tuonpuoleinen-saamelaisten-vainajien-valtakunta\/\" aria-label=\"Jabmiidaibmu \u2013 saamelaisten tuonpuoleinen ja vainajien valtakunta\"><div class=\"iwg-wesen-card-imgwrap\"><img decoding=\"async\" src=\"https:\/\/iwell-guard.com\/wp-content\/uploads\/2026\/05\/geister_sami_jabmiidaibmu-200x300.webp\" alt=\"Jabmiidaibmu \u2013 saamelaisten tuonpuoleinen ja vainajien valtakunta\" loading=\"lazy\"><\/div><div class=\"iwg-wesen-card-body\"><div class=\"iwg-wesen-card-name\">Jabmiidaibmu \u2013 saamelaisten tuonpuoleinen ja vainajien valtakunta<\/div><div class=\"iwg-wesen-card-arrow\">\u2192 Olennon sivulle<\/div><\/div><\/a><a class=\"iwg-wesen-card\" href=\"https:\/\/iwell-guard.com\/fi\/juksakka-jousen-jumalatar\/\" aria-label=\"Juksakka \u2013 jousen jumalatar ja poikien suojelija\"><div class=\"iwg-wesen-card-imgwrap\"><img decoding=\"async\" src=\"https:\/\/iwell-guard.com\/wp-content\/uploads\/2026\/05\/goetter_sami_juksakka-200x300.webp\" alt=\"Juksakka \u2013 jousen jumalatar ja poikien suojelija\" loading=\"lazy\"><\/div><div class=\"iwg-wesen-card-body\"><div class=\"iwg-wesen-card-name\">Juksakka \u2013 jousen jumalatar ja poikien suojelija<\/div><div class=\"iwg-wesen-card-arrow\">\u2192 Olennon sivulle<\/div><\/div><\/a><a class=\"iwg-wesen-card\" href=\"https:\/\/iwell-guard.com\/fi\/madderakka-kantaaiti-korkein-akka\/\" aria-label=\"Madderakka \u2013 saamelaisten kanta\u00e4iti ja korkein akka\"><div class=\"iwg-wesen-card-imgwrap\"><img decoding=\"async\" src=\"https:\/\/iwell-guard.com\/wp-content\/uploads\/2026\/05\/goetter_sami_madderakka-200x300.webp\" alt=\"Madderakka \u2013 saamelaisten kanta\u00e4iti ja korkein akka\" loading=\"lazy\"><\/div><div class=\"iwg-wesen-card-body\"><div class=\"iwg-wesen-card-name\">Madderakka \u2013 saamelaisten kanta\u00e4iti ja korkein akka<\/div><div class=\"iwg-wesen-card-arrow\">\u2192 Olennon sivulle<\/div><\/div><\/a><a class=\"iwg-wesen-card\" href=\"https:\/\/iwell-guard.com\/fi\/mannu-saamelaisten-kuunjumala\/\" aria-label=\"M\u00e1nnu \u2013 saamelaisten kuunjumala\"><div class=\"iwg-wesen-card-imgwrap\"><img decoding=\"async\" src=\"https:\/\/iwell-guard.com\/wp-content\/uploads\/2026\/05\/goetter_sami_maennu-sami-200x300.webp\" alt=\"M\u00e1nnu \u2013 saamelaisten kuunjumala\" loading=\"lazy\"><\/div><div class=\"iwg-wesen-card-body\"><div class=\"iwg-wesen-card-name\">M\u00e1nnu \u2013 saamelaisten kuunjumala<\/div><div class=\"iwg-wesen-card-arrow\">\u2192 Olennon sivulle<\/div><\/div><\/a><a class=\"iwg-wesen-card\" href=\"https:\/\/iwell-guard.com\/fi\/rahka-saamelaisen-uskonnon-isajumala\/\" aria-label=\"R\u00e1hka \u2013 saamelaisen uskonnon is\u00e4jumala\"><div class=\"iwg-wesen-card-imgwrap\"><img decoding=\"async\" src=\"https:\/\/iwell-guard.com\/wp-content\/uploads\/2026\/05\/goetter_sami_raehka-200x300.webp\" alt=\"R\u00e1hka \u2013 saamelaisen uskonnon is\u00e4jumala\" loading=\"lazy\"><\/div><div class=\"iwg-wesen-card-body\"><div class=\"iwg-wesen-card-name\">R\u00e1hka \u2013 saamelaisen uskonnon is\u00e4jumala<\/div><div class=\"iwg-wesen-card-arrow\">\u2192 Olennon sivulle<\/div><\/div><\/a><a class=\"iwg-wesen-card\" href=\"https:\/\/iwell-guard.com\/fi\/saivo-saamelaisten-pyha-vuoristo-ja-jarvimaailma\/\" aria-label=\"Saivo \u2013 saamelaisten pyh\u00e4 vuoristo- ja j\u00e4rvimaailma\"><div class=\"iwg-wesen-card-imgwrap\"><img decoding=\"async\" src=\"https:\/\/iwell-guard.com\/wp-content\/uploads\/2026\/05\/geister_sami_saivo-200x300.webp\" alt=\"Saivo \u2013 saamelaisten pyh\u00e4 vuoristo- ja j\u00e4rvimaailma\" loading=\"lazy\"><\/div><div class=\"iwg-wesen-card-body\"><div class=\"iwg-wesen-card-name\">Saivo \u2013 saamelaisten pyh\u00e4 vuoristo- ja j\u00e4rvimaailma<\/div><div class=\"iwg-wesen-card-arrow\">\u2192 Olennon sivulle<\/div><\/div><\/a><a class=\"iwg-wesen-card\" href=\"https:\/\/iwell-guard.com\/fi\/sara-akka-synnytysjumalatar\/\" aria-label=\"Sara-Akka \u2013 saamelaisten synnytysjumalatar\"><div class=\"iwg-wesen-card-imgwrap\"><img decoding=\"async\" src=\"https:\/\/iwell-guard.com\/wp-content\/uploads\/2026\/05\/goetter_sami_sara-akka-200x300.webp\" alt=\"Sara-Akka \u2013 saamelaisten synnytysjumalatar\" loading=\"lazy\"><\/div><div class=\"iwg-wesen-card-body\"><div class=\"iwg-wesen-card-name\">Sara-Akka \u2013 saamelaisten synnytysjumalatar<\/div><div class=\"iwg-wesen-card-arrow\">\u2192 Olennon sivulle<\/div><\/div><\/a><a class=\"iwg-wesen-card\" href=\"https:\/\/iwell-guard.com\/fi\/stallo-ihmissyoja-jatti\/\" aria-label=\"Stallo \u2013 Ihmissy\u00f6j\u00e4j\u00e4tti saamelaisessa perinteess\u00e4\"><div class=\"iwg-wesen-card-imgwrap\"><img decoding=\"async\" src=\"https:\/\/iwell-guard.com\/wp-content\/uploads\/2026\/05\/goetter_sami_stallo-200x300.webp\" alt=\"Stallo \u2013 Ihmissy\u00f6j\u00e4j\u00e4tti saamelaisessa perinteess\u00e4\" loading=\"lazy\"><\/div><div class=\"iwg-wesen-card-body\"><div class=\"iwg-wesen-card-name\">Stallo \u2013 Ihmissy\u00f6j\u00e4j\u00e4tti saamelaisessa perinteess\u00e4<\/div><div class=\"iwg-wesen-card-arrow\">\u2192 Olennon sivulle<\/div><\/div><\/a><a class=\"iwg-wesen-card\" href=\"https:\/\/iwell-guard.com\/fi\/uksakka-ovijumalatar\/\" aria-label=\"Uksakka \u2013 saamelaisten ovijumalatar ja kynnyksen vartija\"><div class=\"iwg-wesen-card-imgwrap\"><img decoding=\"async\" src=\"https:\/\/iwell-guard.com\/wp-content\/uploads\/2026\/05\/goetter_sami_uksakka-1-200x300.webp\" alt=\"Uksakka \u2013 saamelaisten ovijumalatar ja kynnyksen vartija\" loading=\"lazy\"><\/div><div class=\"iwg-wesen-card-body\"><div class=\"iwg-wesen-card-name\">Uksakka \u2013 saamelaisten ovijumalatar ja kynnyksen vartija<\/div><div class=\"iwg-wesen-card-arrow\">\u2192 Olennon sivulle<\/div><\/div><\/a><\/div>\t\t\t\t\t\t\t\t<\/div>\n\t\t\t\t\t<\/div>\n\t\t\t\t<\/div>\n\t\t\t\t\t<\/div>\n\t\t\t\t<\/div>\n\t\t<div class=\"elementor-element elementor-element-iwgkw2-add-sami e-flex e-con-boxed e-con e-parent\" data-id=\"iwgkw2-add-sami\" data-element_type=\"container\" data-e-type=\"container\">\n\t\t\t\t\t<div class=\"e-con-inner\">\n\t\t\t\t<div class=\"elementor-element elementor-element-iwgkw2-add-sami-t elementor-widget elementor-widget-text-editor\" data-id=\"iwgkw2-add-sami-t\" data-element_type=\"widget\" data-e-type=\"widget\" data-widget_type=\"text-editor.default\">\n\t\t\t\t\t\t\t\t\t<p>Saamelainen <em><span class=\"iwg-fachbegriff\" data-tooltip=\"Uskonnollinen j\u00e4rjestelm\u00e4, jossa erikoisosaajat ovat yhteydess\u00e4 henkimaailmaan.\" tabindex=\"0\">shamanismi<\/span><\/em> yhdist\u00e4\u00e4 noaidin, rummun ja seita-kivet omaleimaiseksi <em>suojausk\u00e4yt\u00e4nn\u00f6ksi<\/em>, jonka tarkoitus oli suojata perheit\u00e4, poroparvia ja asuinpaikkoja sairaus- ja luonnonhengilt\u00e4.<\/p>\t\t\t\t\t\t\t\t<\/div>\n\t\t\t\t\t<\/div>\n\t\t\t\t<\/div>\n\t\t<div class=\"elementor-element elementor-element-iwgcn-sami-kwd e-flex e-con-boxed e-con e-parent\" data-id=\"iwgcn-sami-kwd\" data-element_type=\"container\" data-e-type=\"container\">\n\t\t\t\t\t<div class=\"e-con-inner\">\n\t\t<div class=\"elementor-element elementor-element-iwgcn-sami-kwd-c e-con-full e-flex e-con e-child\" data-id=\"iwgcn-sami-kwd-c\" data-element_type=\"container\" data-e-type=\"container\">\n\t\t\t\t<div class=\"elementor-element elementor-element-iwgcn-sami-kwdt elementor-widget elementor-widget-text-editor\" data-id=\"iwgcn-sami-kwdt\" data-element_type=\"widget\" data-e-type=\"widget\" data-widget_type=\"text-editor.default\">\n\t\t\t\t\t\t\t\t\t<p><em>L\u00e4heiset avaink\u00e4sitteet: Sami Noaidi Sieidi Seita Pejvve Beaivi R\u00e1hka M\u00e1nnu Lapland Trommel Joik Reindeer.<\/em><\/p>\t\t\t\t\t\t\t\t<\/div>\n\t\t\t\t<\/div>\n\t\t\t\t\t<\/div>\n\t\t\t\t<\/div>\n\t\t<div class=\"elementor-element elementor-element-iwgcn-sami-cc e-flex e-con-boxed e-con e-parent\" data-id=\"iwgcn-sami-cc\" data-element_type=\"container\" data-e-type=\"container\" id=\"iwg-cc-sami\">\n\t\t\t\t\t<div class=\"e-con-inner\">\n\t\t<div class=\"elementor-element elementor-element-iwgcn-sami-ccinner e-flex e-con-boxed e-con e-parent\" data-id=\"iwgcn-sami-ccinner\" data-element_type=\"container\" data-e-type=\"container\" data-settings=\"{&quot;background_background&quot;:&quot;classic&quot;}\">\n\t\t\t\t\t<div class=\"e-con-inner\">\n\t\t\t\t<div class=\"elementor-element elementor-element-iwgcn-sami-cch elementor-widget elementor-widget-heading\" data-id=\"iwgcn-sami-cch\" data-element_type=\"widget\" data-e-type=\"widget\" data-widget_type=\"heading.default\">\n\t\t\t\t\t<h2 class=\"elementor-heading-title elementor-size-default\">Suojaesineet t\u00e4ss\u00e4 kulttuuriperinteess\u00e4<\/h2>\t\t\t\t<\/div>\n\t\t\t\t<div class=\"elementor-element elementor-element-iwgcn-sami-cct elementor-widget elementor-widget-text-editor\" data-id=\"iwgcn-sami-cct\" data-element_type=\"widget\" data-e-type=\"widget\" data-widget_type=\"text-editor.default\">\n\t\t\t\t\t\t\t\t\t<p>Saamelainen perinne tuntee kosmologisesti maalatun shamaanirummun vuorbi-osoittimineen, seita-kivet paikallaan pysyvin\u00e4 pyh\u00e4kk\u00f6in\u00e4 ja koristeneulotut g\u00e1kti-puvut alueellisin suojakoodeineen; kannettavat suojaesineet ovat v\u00e4h\u00e4isi\u00e4, ja maasuhde on ensisijainen uskonnollinen kantaja.<\/p><div data-nosnippet=\"true\"><p>iWell Guard asettuu t\u00e4h\u00e4n kulttuurihistorialliseen kannettavien suojaesineiden linjaan nykyaikaisena materiaaliarkkitehtuurina, valmistettuna Saksassa. 41 kerrosta, aitoa kultaa, platinaa, hopeaa. 30 p\u00e4iv\u00e4n palautusoikeus.<\/p><\/div>\t\t\t\t\t\t\t\t<\/div>\n\t\t\t\t<div class=\"elementor-element elementor-element-iwgcn-sami-ccb iwg-cc-button iwg-cc-cta-2026-05-13 elementor-widget elementor-widget-jet-button\" data-id=\"iwgcn-sami-ccb\" data-element_type=\"widget\" data-e-type=\"widget\" data-widget_type=\"jet-button.default\">\n\t\t\t\t<div class=\"elementor-widget-container\">\n\t\t\t\t\t<div class=\"elementor-jet-button jet-elements\"><div class=\"jet-button__container\"><a class=\"jet-button__instance jet-button__instance--icon-left hover-effect-1\" href=\"\/ueber-iwell-guard\/?utm_source=iwell-guard.com&amp;utm_medium=info-box&amp;utm_campaign=kultur-tradition\"><div class=\"jet-button__plane jet-button__plane-normal\"><\/div><div class=\"jet-button__plane jet-button__plane-hover\"><\/div><div class=\"jet-button__state jet-button__state-normal\"><span class=\"jet-button__label\">Lis\u00e4\u00e4 iWell Guardista<\/span><\/div><div class=\"jet-button__state jet-button__state-hover\"><span class=\"jet-button__label\">Lis\u00e4\u00e4 iWell Guardista<\/span><\/div><\/a><\/div><\/div><style>.elementor-element.elementor-element-iwgcn-sami-ccb .jet-button__instance{width:320px;height:56px;}.elementor-element.elementor-element-iwgcn-sami-ccb .jet-button__state-normal .jet-button__label{text-align:center;margin:0px 0px 0px 0px;color:#1a1b20;font-family:Montserrat,sans-serif;font-size:13px;font-weight:400;letter-spacing:4px;line-height:1.714em;text-transform:uppercase;}.elementor-element.elementor-element-iwgcn-sami-ccb .jet-button__state-hover .jet-button__label{text-align:center;margin:0px 0px 0px 0px;color:#FECC76;font-family:Montserrat,sans-serif;font-size:13px;font-weight:400;letter-spacing:4px;line-height:1.714em;text-transform:uppercase;}.elementor-element.elementor-element-iwgcn-sami-ccb .jet-button__plane-normal{background-color:#FECC76;border-style:solid;border-color:#C99540;border-width:2px 2px 2px 2px;}.elementor-element.elementor-element-iwgcn-sami-ccb .jet-button__plane-hover{background-color:rgba(0,0,0,0.55);border-style:solid;border-color:#FECC76;border-width:2px 2px 2px 2px;}<\/style>\t\t\t\t<\/div>\n\t\t\t\t<\/div>\n\t\t\t\t<div class=\"elementor-element elementor-element-iwgcn-sami-ccd elementor-widget elementor-widget-text-editor\" data-id=\"iwgcn-sami-ccd\" data-element_type=\"widget\" data-e-type=\"widget\" data-widget_type=\"text-editor.default\">\n\t\t\t\t\t\t\t\t\t<div data-nosnippet=\"true\"><p style=\"text-align:center;font-size:13px;opacity:0.7;margin-top:14px\" data-nosnippet=\"true\">Henkil\u00f6kohtaiset kokemukset voivat vaihdella. Ei l\u00e4\u00e4kinn\u00e4llinen laite. Ei paranemislupausta.<\/p><\/div>\t\t\t\t\t\t\t\t<\/div>\n\t\t\t\t\t<\/div>\n\t\t\t\t<\/div>\n\t\t\t\t\t<\/div>\n\t\t\t\t<\/div>\n\t\t<div class=\"elementor-element elementor-element-iwgcn-sami-disc e-flex e-con-boxed e-con e-parent\" data-id=\"iwgcn-sami-disc\" data-element_type=\"container\" data-e-type=\"container\">\n\t\t\t\t\t<div class=\"e-con-inner\">\n\t\t\t\t<div class=\"elementor-element elementor-element-iwgcn-sami-discw elementor-widget elementor-widget-html\" data-id=\"iwgcn-sami-discw\" data-element_type=\"widget\" data-e-type=\"widget\" data-widget_type=\"html.default\">\n\t\t\t\t\t<footer data-nosnippet=\"true\" class=\"iwg-disclaimer-block\"><p data-nosnippet=\"true\">iWell Guard <strong>ei ole l\u00e4\u00e4kinn\u00e4llinen laite<\/strong>, eik\u00e4 se korvaa l\u00e4\u00e4k\u00e4rin tai psykoterapeutin hoitoa. Uskontotieteelliset sis\u00e4ll\u00f6t ovat kulttuurihistoriallista tarkastelua, ei suositus hengelliseen k\u00e4yt\u00e4nt\u00f6\u00f6n.<\/p><\/footer>\t\t\t\t<\/div>\n\t\t\t\t\t<\/div>\n\t\t\t\t<\/div>\n\t\t\t\t<\/div>\n\t\t","protected":false},"excerpt":{"rendered":"","protected":false},"author":3,"featured_media":2890,"parent":0,"menu_order":0,"comment_status":"closed","ping_status":"closed","template":"elementor_header_footer","meta":{"_yoast_wpseo_focuskw":"saamelaisten jumalat","_yoast_wpseo_title":"Saamelaisten jumalat \u2013 Lapin jumalmaailma","_yoast_wpseo_metadesc":"Saamelaisten jumalat: Horagalles (ukkonen), Beaivi (aurinko), M\u00e1nnu (kuu), V\u00e1r\u00e1lden olmm\u00e1i. \u0160amanismi, pyh\u00e4t rummut ja sieidi-kivet.","_yoast_wpseo_meta-robots-noindex":"","_yoast_wpseo_canonical":"","_angie_page":false,"gefaehrdungsstufe":"","wesen_kultur":"","wesen_klasse":"","footnotes":""},"categories":[],"class_list":["post-144153","page","type-page","status-publish","has-post-thumbnail","hentry"],"yoast_head":"<!-- This site is optimized with the Yoast SEO Premium plugin v27.7 (Yoast SEO v28.3) - https:\/\/yoast.com\/product\/yoast-seo-premium-wordpress\/ -->\n<title>Saamelaisten jumalat \u2013 Lapin jumalmaailma<\/title>\n<meta name=\"description\" content=\"Saamelaisten jumalat: Horagalles (ukkonen), Beaivi (aurinko), M\u00e1nnu (kuu), V\u00e1r\u00e1lden olmm\u00e1i. \u0160amanismi, pyh\u00e4t rummut ja sieidi-kivet.\" \/>\n<meta name=\"robots\" content=\"index, follow, max-snippet:-1, max-image-preview:large, max-video-preview:-1\" \/>\n<link rel=\"canonical\" href=\"https:\/\/iwell-guard.com\/fi\/saamelaiset-noaidi-rumpu\/\" \/>\n<meta property=\"og:locale\" content=\"fi_FI\" \/>\n<meta property=\"og:type\" content=\"article\" \/>\n<meta property=\"og:title\" content=\"Saamelaiset ja suomalais-ugrilainen perinne \u2013 noaidi ja rumpu\" \/>\n<meta property=\"og:description\" content=\"Saamelaisten jumalat: Horagalles (ukkonen), Beaivi (aurinko), M\u00e1nnu (kuu), V\u00e1r\u00e1lden olmm\u00e1i. \u0160amanismi, pyh\u00e4t rummut ja sieidi-kivet.\" \/>\n<meta property=\"og:url\" content=\"https:\/\/iwell-guard.com\/fi\/saamelaiset-noaidi-rumpu\/\" \/>\n<meta property=\"og:site_name\" content=\"iWell Guard\" \/>\n<meta property=\"article:modified_time\" content=\"2026-09-03T12:52:12+00:00\" \/>\n<meta property=\"og:image\" content=\"https:\/\/iwell-guard.com\/wp-content\/uploads\/2026\/05\/goetter_sami_beaivi.webp\" \/>\n\t<meta property=\"og:image:width\" content=\"1024\" \/>\n\t<meta property=\"og:image:height\" content=\"1536\" \/>\n\t<meta property=\"og:image:type\" content=\"image\/webp\" \/>\n<meta name=\"twitter:card\" content=\"summary_large_image\" \/>\n<script type=\"application\/ld+json\" class=\"yoast-schema-graph\">{\"@context\":\"https:\\\/\\\/schema.org\",\"@graph\":[{\"@type\":\"WebPage\",\"@id\":\"https:\\\/\\\/iwell-guard.com\\\/fi\\\/saamelaiset-noaidi-rumpu\\\/\",\"url\":\"https:\\\/\\\/iwell-guard.com\\\/fi\\\/saamelaiset-noaidi-rumpu\\\/\",\"name\":\"Saamelaisten jumalat \u2013 Lapin jumalmaailma\",\"isPartOf\":{\"@id\":\"https:\\\/\\\/iwell-guard.com\\\/fi\\\/#website\"},\"primaryImageOfPage\":{\"@id\":\"https:\\\/\\\/iwell-guard.com\\\/fi\\\/saamelaiset-noaidi-rumpu\\\/#primaryimage\"},\"image\":{\"@id\":\"https:\\\/\\\/iwell-guard.com\\\/fi\\\/saamelaiset-noaidi-rumpu\\\/#primaryimage\"},\"thumbnailUrl\":\"https:\\\/\\\/iwell-guard.com\\\/wp-content\\\/uploads\\\/2026\\\/05\\\/goetter_sami_beaivi.webp\",\"datePublished\":\"2026-09-03T12:32:31+00:00\",\"dateModified\":\"2026-09-03T12:52:12+00:00\",\"description\":\"Saamelaisten jumalat: Horagalles (ukkonen), Beaivi (aurinko), M\u00e1nnu (kuu), V\u00e1r\u00e1lden olmm\u00e1i. \u0160amanismi, pyh\u00e4t rummut ja sieidi-kivet.\",\"breadcrumb\":{\"@id\":\"https:\\\/\\\/iwell-guard.com\\\/fi\\\/saamelaiset-noaidi-rumpu\\\/#breadcrumb\"},\"inLanguage\":\"fi\",\"potentialAction\":[{\"@type\":\"ReadAction\",\"target\":[\"https:\\\/\\\/iwell-guard.com\\\/fi\\\/saamelaiset-noaidi-rumpu\\\/\"]}]},{\"@type\":\"ImageObject\",\"inLanguage\":\"fi\",\"@id\":\"https:\\\/\\\/iwell-guard.com\\\/fi\\\/saamelaiset-noaidi-rumpu\\\/#primaryimage\",\"url\":\"https:\\\/\\\/iwell-guard.com\\\/wp-content\\\/uploads\\\/2026\\\/05\\\/goetter_sami_beaivi.webp\",\"contentUrl\":\"https:\\\/\\\/iwell-guard.com\\\/wp-content\\\/uploads\\\/2026\\\/05\\\/goetter_sami_beaivi.webp\",\"width\":1024,\"height\":1536,\"caption\":\"Jumalia saamelaisesta perinteest\u00e4.\"},{\"@type\":\"BreadcrumbList\",\"@id\":\"https:\\\/\\\/iwell-guard.com\\\/fi\\\/saamelaiset-noaidi-rumpu\\\/#breadcrumb\",\"itemListElement\":[{\"@type\":\"ListItem\",\"position\":1,\"name\":\"Start\",\"item\":\"https:\\\/\\\/iwell-guard.com\\\/fi\\\/?page_id=143815\"},{\"@type\":\"ListItem\",\"position\":2,\"name\":\"Saamelaiset ja suomalais-ugrilainen perinne \u2013 noaidi ja rumpu\"}]},{\"@type\":\"WebSite\",\"@id\":\"https:\\\/\\\/iwell-guard.com\\\/fi\\\/#website\",\"url\":\"https:\\\/\\\/iwell-guard.com\\\/fi\\\/\",\"name\":\"iWell Guard\",\"description\":\"Schutz vor dunklen Einfl\u00fcssen\",\"publisher\":{\"@id\":\"https:\\\/\\\/iwell-guard.com\\\/fi\\\/#organization\"},\"potentialAction\":[{\"@type\":\"SearchAction\",\"target\":{\"@type\":\"EntryPoint\",\"urlTemplate\":\"https:\\\/\\\/iwell-guard.com\\\/fi\\\/?s={search_term_string}\"},\"query-input\":{\"@type\":\"PropertyValueSpecification\",\"valueRequired\":true,\"valueName\":\"search_term_string\"}}],\"inLanguage\":\"fi\"},{\"@type\":\"Organization\",\"@id\":\"https:\\\/\\\/iwell-guard.com\\\/fi\\\/#organization\",\"name\":\"Ittermann electronic GmbH\",\"url\":\"https:\\\/\\\/iwell-guard.com\\\/fi\\\/\",\"logo\":{\"@type\":\"ImageObject\",\"inLanguage\":\"fi\",\"@id\":\"https:\\\/\\\/iwell-guard.com\\\/fi\\\/#\\\/schema\\\/logo\\\/image\\\/\",\"url\":\"https:\\\/\\\/iwell-guard.com\\\/wp-content\\\/uploads\\\/2026\\\/05\\\/Ittermann-Logo-1182x237-1.png\",\"contentUrl\":\"https:\\\/\\\/iwell-guard.com\\\/wp-content\\\/uploads\\\/2026\\\/05\\\/Ittermann-Logo-1182x237-1.png\",\"width\":1182,\"height\":237,\"caption\":\"Ittermann electronic GmbH\"},\"image\":{\"@id\":\"https:\\\/\\\/iwell-guard.com\\\/fi\\\/#\\\/schema\\\/logo\\\/image\\\/\"},\"sameAs\":[\"https:\\\/\\\/pantip.com\\\/profile\\\/9367242\",\"https:\\\/\\\/micro.blog\\\/iwellguard\",\"https:\\\/\\\/www.diggerslist.com\\\/iwellguard\\\/about\",\"https:\\\/\\\/skitterphoto.com\\\/photographers\\\/2870314\\\/iwell-guard\",\"https:\\\/\\\/iwellguard.wordpress.com\\\/2026\\\/06\\\/06\\\/iwell-guard\\\/\",\"https:\\\/\\\/hub.docker.com\\\/u\\\/iwellguard\",\"https:\\\/\\\/www.pinterest.com\\\/iwellguard\\\/\",\"https:\\\/\\\/bit.ly\\\/m\\\/iwellguard\",\"https:\\\/\\\/entre-vos-mains.alsace.eu\\\/profiles\\\/iwellguard\\\/activity\",\"https:\\\/\\\/gravatar.com\\\/reallybeded8fd34\",\"https:\\\/\\\/naijamatta.com\\\/iwellguard\",\"https:\\\/\\\/www.goodreads.com\\\/iwellguard\",\"https:\\\/\\\/profile.hatena.ne.jp\\\/iwellguard\\\/\",\"https:\\\/\\\/experiment.com\\\/users\\\/iwellguard\",\"https:\\\/\\\/wakelet.com\\\/@iWellGuard82270\",\"https:\\\/\\\/www.chordie.com\\\/forum\\\/profile.php?id=2555664\",\"https:\\\/\\\/www.instapaper.com\\\/p\\\/17757966\",\"https:\\\/\\\/www.mapleprimes.com\\\/users\\\/iwellguard\",\"https:\\\/\\\/businesslistingplus.com\\\/profile\\\/iwell-guard\\\/\",\"https:\\\/\\\/telegra.ph\\\/iWell-Guard-06-06\",\"https:\\\/\\\/pbase.com\\\/iwellguard\\\/iwellguard\",\"https:\\\/\\\/b.hatena.ne.jp\\\/iwellguard\\\/20260607#bookmark-4788405196491818882\",\"https:\\\/\\\/fliphtml5.com\\\/home\\\/iwellguard\",\"https:\\\/\\\/anyflip.com\\\/homepage\\\/cmiwl#About\",\"https:\\\/\\\/transfur.com\\\/Users\\\/iwellguard\",\"http:\\\/\\\/delphi.larsbo.org\\\/user\\\/iwellguard\",\"https:\\\/\\\/jobs.lajobsportal.org\\\/profiles\\\/8380803-iwell-guard\",\"https:\\\/\\\/md.chaosdorf.de\\\/s\\\/jfbe5SBdJD\",\"https:\\\/\\\/www.lingvolive.com\\\/en-us\\\/profile\\\/9ecaeaca-ce11-4e51-9e71-01d55e2bff36\\\/translations\",\"https:\\\/\\\/www.fitday.com\\\/fitness\\\/forums\\\/members\\\/iwellguard.html\",\"https:\\\/\\\/www.mymeetbook.com\\\/iwellguard\",\"https:\\\/\\\/pxhere.com\\\/en\\\/photographer-me\\\/5040798\",\"https:\\\/\\\/disqus.com\\\/by\\\/iwellguard\\\/about\\\/\",\"https:\\\/\\\/pastelink.net\\\/hjwciqwq\",\"https:\\\/\\\/pubhtml5.com\\\/homepage\\\/scjhn\\\/\",\"https:\\\/\\\/www.bitchute.com\\\/channel\\\/2O2eOKzNqujT\",\"https:\\\/\\\/audiomack.com\\\/iwellguard\"]}]}<\/script>\n<!-- \/ Yoast SEO Premium plugin. -->","yoast_head_json":{"title":"Saamelaisten jumalat \u2013 Lapin jumalmaailma","description":"Saamelaisten jumalat: Horagalles (ukkonen), Beaivi (aurinko), M\u00e1nnu (kuu), V\u00e1r\u00e1lden olmm\u00e1i. \u0160amanismi, pyh\u00e4t rummut ja sieidi-kivet.","robots":{"index":"index","follow":"follow","max-snippet":"max-snippet:-1","max-image-preview":"max-image-preview:large","max-video-preview":"max-video-preview:-1"},"canonical":"https:\/\/iwell-guard.com\/fi\/saamelaiset-noaidi-rumpu\/","og_locale":"fi_FI","og_type":"article","og_title":"Saamelaiset ja suomalais-ugrilainen perinne \u2013 noaidi ja rumpu","og_description":"Saamelaisten jumalat: Horagalles (ukkonen), Beaivi (aurinko), M\u00e1nnu (kuu), V\u00e1r\u00e1lden olmm\u00e1i. \u0160amanismi, pyh\u00e4t rummut ja sieidi-kivet.","og_url":"https:\/\/iwell-guard.com\/fi\/saamelaiset-noaidi-rumpu\/","og_site_name":"iWell Guard","article_modified_time":"2026-09-03T12:52:12+00:00","og_image":[{"width":1024,"height":1536,"url":"https:\/\/iwell-guard.com\/wp-content\/uploads\/2026\/05\/goetter_sami_beaivi.webp","type":"image\/webp"}],"twitter_card":"summary_large_image","schema":{"@context":"https:\/\/schema.org","@graph":[{"@type":"WebPage","@id":"https:\/\/iwell-guard.com\/fi\/saamelaiset-noaidi-rumpu\/","url":"https:\/\/iwell-guard.com\/fi\/saamelaiset-noaidi-rumpu\/","name":"Saamelaisten jumalat \u2013 Lapin jumalmaailma","isPartOf":{"@id":"https:\/\/iwell-guard.com\/fi\/#website"},"primaryImageOfPage":{"@id":"https:\/\/iwell-guard.com\/fi\/saamelaiset-noaidi-rumpu\/#primaryimage"},"image":{"@id":"https:\/\/iwell-guard.com\/fi\/saamelaiset-noaidi-rumpu\/#primaryimage"},"thumbnailUrl":"https:\/\/iwell-guard.com\/wp-content\/uploads\/2026\/05\/goetter_sami_beaivi.webp","datePublished":"2026-09-03T12:32:31+00:00","dateModified":"2026-09-03T12:52:12+00:00","description":"Saamelaisten jumalat: Horagalles (ukkonen), Beaivi (aurinko), M\u00e1nnu (kuu), V\u00e1r\u00e1lden olmm\u00e1i. \u0160amanismi, pyh\u00e4t rummut ja sieidi-kivet.","breadcrumb":{"@id":"https:\/\/iwell-guard.com\/fi\/saamelaiset-noaidi-rumpu\/#breadcrumb"},"inLanguage":"fi","potentialAction":[{"@type":"ReadAction","target":["https:\/\/iwell-guard.com\/fi\/saamelaiset-noaidi-rumpu\/"]}]},{"@type":"ImageObject","inLanguage":"fi","@id":"https:\/\/iwell-guard.com\/fi\/saamelaiset-noaidi-rumpu\/#primaryimage","url":"https:\/\/iwell-guard.com\/wp-content\/uploads\/2026\/05\/goetter_sami_beaivi.webp","contentUrl":"https:\/\/iwell-guard.com\/wp-content\/uploads\/2026\/05\/goetter_sami_beaivi.webp","width":1024,"height":1536,"caption":"Jumalia saamelaisesta perinteest\u00e4."},{"@type":"BreadcrumbList","@id":"https:\/\/iwell-guard.com\/fi\/saamelaiset-noaidi-rumpu\/#breadcrumb","itemListElement":[{"@type":"ListItem","position":1,"name":"Start","item":"https:\/\/iwell-guard.com\/fi\/?page_id=143815"},{"@type":"ListItem","position":2,"name":"Saamelaiset ja suomalais-ugrilainen perinne \u2013 noaidi ja rumpu"}]},{"@type":"WebSite","@id":"https:\/\/iwell-guard.com\/fi\/#website","url":"https:\/\/iwell-guard.com\/fi\/","name":"iWell Guard","description":"Schutz vor dunklen Einfl\u00fcssen","publisher":{"@id":"https:\/\/iwell-guard.com\/fi\/#organization"},"potentialAction":[{"@type":"SearchAction","target":{"@type":"EntryPoint","urlTemplate":"https:\/\/iwell-guard.com\/fi\/?s={search_term_string}"},"query-input":{"@type":"PropertyValueSpecification","valueRequired":true,"valueName":"search_term_string"}}],"inLanguage":"fi"},{"@type":"Organization","@id":"https:\/\/iwell-guard.com\/fi\/#organization","name":"Ittermann electronic GmbH","url":"https:\/\/iwell-guard.com\/fi\/","logo":{"@type":"ImageObject","inLanguage":"fi","@id":"https:\/\/iwell-guard.com\/fi\/#\/schema\/logo\/image\/","url":"https:\/\/iwell-guard.com\/wp-content\/uploads\/2026\/05\/Ittermann-Logo-1182x237-1.png","contentUrl":"https:\/\/iwell-guard.com\/wp-content\/uploads\/2026\/05\/Ittermann-Logo-1182x237-1.png","width":1182,"height":237,"caption":"Ittermann electronic GmbH"},"image":{"@id":"https:\/\/iwell-guard.com\/fi\/#\/schema\/logo\/image\/"},"sameAs":["https:\/\/pantip.com\/profile\/9367242","https:\/\/micro.blog\/iwellguard","https:\/\/www.diggerslist.com\/iwellguard\/about","https:\/\/skitterphoto.com\/photographers\/2870314\/iwell-guard","https:\/\/iwellguard.wordpress.com\/2026\/06\/06\/iwell-guard\/","https:\/\/hub.docker.com\/u\/iwellguard","https:\/\/www.pinterest.com\/iwellguard\/","https:\/\/bit.ly\/m\/iwellguard","https:\/\/entre-vos-mains.alsace.eu\/profiles\/iwellguard\/activity","https:\/\/gravatar.com\/reallybeded8fd34","https:\/\/naijamatta.com\/iwellguard","https:\/\/www.goodreads.com\/iwellguard","https:\/\/profile.hatena.ne.jp\/iwellguard\/","https:\/\/experiment.com\/users\/iwellguard","https:\/\/wakelet.com\/@iWellGuard82270","https:\/\/www.chordie.com\/forum\/profile.php?id=2555664","https:\/\/www.instapaper.com\/p\/17757966","https:\/\/www.mapleprimes.com\/users\/iwellguard","https:\/\/businesslistingplus.com\/profile\/iwell-guard\/","https:\/\/telegra.ph\/iWell-Guard-06-06","https:\/\/pbase.com\/iwellguard\/iwellguard","https:\/\/b.hatena.ne.jp\/iwellguard\/20260607#bookmark-4788405196491818882","https:\/\/fliphtml5.com\/home\/iwellguard","https:\/\/anyflip.com\/homepage\/cmiwl#About","https:\/\/transfur.com\/Users\/iwellguard","http:\/\/delphi.larsbo.org\/user\/iwellguard","https:\/\/jobs.lajobsportal.org\/profiles\/8380803-iwell-guard","https:\/\/md.chaosdorf.de\/s\/jfbe5SBdJD","https:\/\/www.lingvolive.com\/en-us\/profile\/9ecaeaca-ce11-4e51-9e71-01d55e2bff36\/translations","https:\/\/www.fitday.com\/fitness\/forums\/members\/iwellguard.html","https:\/\/www.mymeetbook.com\/iwellguard","https:\/\/pxhere.com\/en\/photographer-me\/5040798","https:\/\/disqus.com\/by\/iwellguard\/about\/","https:\/\/pastelink.net\/hjwciqwq","https:\/\/pubhtml5.com\/homepage\/scjhn\/","https:\/\/www.bitchute.com\/channel\/2O2eOKzNqujT","https:\/\/audiomack.com\/iwellguard"]}]}},"_links":{"self":[{"href":"https:\/\/iwell-guard.com\/fi\/wp-json\/wp\/v2\/pages\/144153","targetHints":{"allow":["GET"]}}],"collection":[{"href":"https:\/\/iwell-guard.com\/fi\/wp-json\/wp\/v2\/pages"}],"about":[{"href":"https:\/\/iwell-guard.com\/fi\/wp-json\/wp\/v2\/types\/page"}],"author":[{"embeddable":true,"href":"https:\/\/iwell-guard.com\/fi\/wp-json\/wp\/v2\/users\/3"}],"replies":[{"embeddable":true,"href":"https:\/\/iwell-guard.com\/fi\/wp-json\/wp\/v2\/comments?post=144153"}],"version-history":[{"count":0,"href":"https:\/\/iwell-guard.com\/fi\/wp-json\/wp\/v2\/pages\/144153\/revisions"}],"wp:featuredmedia":[{"embeddable":true,"href":"https:\/\/iwell-guard.com\/fi\/wp-json\/wp\/v2\/media\/2890"}],"wp:attachment":[{"href":"https:\/\/iwell-guard.com\/fi\/wp-json\/wp\/v2\/media?parent=144153"}],"wp:term":[{"taxonomy":"category","embeddable":true,"href":"https:\/\/iwell-guard.com\/fi\/wp-json\/wp\/v2\/categories?post=144153"}],"curies":[{"name":"wp","href":"https:\/\/api.w.org\/{rel}","templated":true}]}}