{"id":144152,"date":"2026-09-03T12:32:30","date_gmt":"2026-09-03T12:32:30","guid":{"rendered":"https:\/\/iwell-guard.com\/?page_id=144152"},"modified":"2026-09-03T12:52:12","modified_gmt":"2026-09-03T12:52:12","slug":"inuit-ja-arktis-sedna-tornit","status":"publish","type":"page","link":"https:\/\/iwell-guard.com\/fi\/inuit-ja-arktis-sedna-tornit\/","title":{"rendered":"Inuit ja arktinen alue \u2013 Sedna, tornit ja suojeluk\u00e4yt\u00e4nn\u00f6t"},"content":{"rendered":"\t\t<div data-elementor-type=\"wp-page\" data-elementor-id=\"144152\" class=\"elementor elementor-144152 elementor-2572 elementor-bc-flex-widget\" data-elementor-post-type=\"page\">\n\t\t\t\t<div class=\"elementor-element elementor-element-iwgcn-inuit-hero iwg-kultur-hero e-flex e-con-boxed e-con e-parent\" data-id=\"iwgcn-inuit-hero\" data-element_type=\"container\" data-e-type=\"container\">\n\t\t\t\t\t<div class=\"e-con-inner\">\n\t\t<div class=\"elementor-element elementor-element-iwgcn-inuit-hl iwg-kultur-hero-left e-flex e-con-boxed e-con e-child\" data-id=\"iwgcn-inuit-hl\" data-element_type=\"container\" data-e-type=\"container\">\n\t\t\t\t\t<div class=\"e-con-inner\">\n\t\t\t\t<div class=\"elementor-element elementor-element-iwgcn-inuit-h1 elementor-widget elementor-widget-heading\" data-id=\"iwgcn-inuit-h1\" data-element_type=\"widget\" data-e-type=\"widget\" data-widget_type=\"heading.default\">\n\t\t\t\t\t<h1 class=\"elementor-heading-title elementor-size-default\">Inuit ja arktinen alue, Sedna, angakkuq ja suojaesineet<\/h1>\t\t\t\t<\/div>\n\t\t<div class=\"elementor-element elementor-element-iwgcn-inuit-leadc e-con-full e-flex e-con e-child\" data-id=\"iwgcn-inuit-leadc\" data-element_type=\"container\" data-e-type=\"container\">\n\t\t\t\t<div class=\"elementor-element elementor-element-iwgcn-inuit-lead elementor-widget elementor-widget-text-editor\" data-id=\"iwgcn-inuit-lead\" data-element_type=\"widget\" data-e-type=\"widget\" data-widget_type=\"text-editor.default\">\n\t\t\t\t\t\t\t\t\t<p>Inuiittiv\u00e4est\u00f6, joka ulottuu Siperiasta (jupikit) Alaskan, Kanadan ja Gr\u00f6nlannin kautta Labradoriin, kehitti uskonnollisen perinteen, jossa meri, saalisel\u00e4imet ja vainajien henkimaailma j\u00e4sent\u00e4v\u00e4t el\u00e4m\u00e4\u00e4.<\/p><p>Sedna meriel\u00e4inten valtiattarena, angakkuqit (\u0161amaanit) rituaalisina erikoisosaajina sek\u00e4 kannettavat suojaesineet luusta, kivest\u00e4 ja mursunnorsunluusta muodostavat t\u00e4m\u00e4n sirkumpolaarisen kulttuurin uskonnollisen perinn\u00f6n ytimen.<\/p>\t\t\t\t\t\t\t\t<\/div>\n\t\t\t\t<\/div>\n\t\t\t\t\t<\/div>\n\t\t\t\t<\/div>\n\t\t<div class=\"elementor-element elementor-element-iwgcn-inuit-hr iwg-kultur-hero-right e-flex e-con-boxed e-con e-child\" data-id=\"iwgcn-inuit-hr\" data-element_type=\"container\" data-e-type=\"container\">\n\t\t\t\t\t<div class=\"e-con-inner\">\n\t\t\t\t<div class=\"elementor-element elementor-element-iwgcn-inuit-himg iwg-hero-image elementor-widget elementor-widget-image\" data-id=\"iwgcn-inuit-himg\" data-element_type=\"widget\" data-e-type=\"widget\" data-widget_type=\"image.default\">\n\t\t\t\t\t\t\t\t\t\t\t\t\t\t\t<img fetchpriority=\"high\" decoding=\"async\" width=\"683\" height=\"1024\" src=\"https:\/\/iwell-guard.com\/wp-content\/uploads\/2026\/05\/goetter_inuit_igaluk-683x1024.webp\" class=\"attachment-large size-large wp-image-148759\" alt=\"Igaluk \u2013 jumala inuiittien perinteest\u00e4, historiallis-kuvitteellinen\" srcset=\"https:\/\/iwell-guard.com\/wp-content\/uploads\/2026\/05\/goetter_inuit_igaluk-683x1024.webp 683w, https:\/\/iwell-guard.com\/wp-content\/uploads\/2026\/05\/goetter_inuit_igaluk-200x300.webp 200w, https:\/\/iwell-guard.com\/wp-content\/uploads\/2026\/05\/goetter_inuit_igaluk-768x1152.webp 768w, https:\/\/iwell-guard.com\/wp-content\/uploads\/2026\/05\/goetter_inuit_igaluk.webp 1024w\" sizes=\"(max-width: 683px) 100vw, 683px\" \/>\t\t\t\t\t\t\t\t\t\t\t\t\t\t\t<\/div>\n\t\t\t\t\t<\/div>\n\t\t\t\t<\/div>\n\t\t\t\t\t<\/div>\n\t\t\t\t<\/div>\n\t\t<div class=\"elementor-element elementor-element-iwgcn-inuit-s0 e-flex e-con-boxed e-con e-parent\" data-id=\"iwgcn-inuit-s0\" data-element_type=\"container\" data-e-type=\"container\">\n\t\t\t\t\t<div class=\"e-con-inner\">\n\t\t\t\t<div class=\"elementor-element elementor-element-iwgcn-inuit-s0h elementor-widget elementor-widget-heading\" data-id=\"iwgcn-inuit-s0h\" data-element_type=\"widget\" data-e-type=\"widget\" data-widget_type=\"heading.default\">\n\t\t\t\t\t<h2 class=\"elementor-heading-title elementor-size-default\">Sedna, meriel\u00e4inten valtiatar<\/h2>\t\t\t\t<\/div>\n\t\t<div class=\"elementor-element elementor-element-iwgcn-inuit-s0-c e-con-full e-flex e-con e-child\" data-id=\"iwgcn-inuit-s0-c\" data-element_type=\"container\" data-e-type=\"container\">\n\t\t\t\t<div class=\"elementor-element elementor-element-iwgcn-inuit-s0t elementor-widget elementor-widget-text-editor\" data-id=\"iwgcn-inuit-s0t\" data-element_type=\"widget\" data-e-type=\"widget\" data-widget_type=\"text-editor.default\">\n\t\t\t\t\t\t\t\t\t<p>Sedna (my\u00f6s Nuliajuk, Takannakapsaluk, Arnapkapfaaluk) on sirkumpolaarisen inuiittiuskonnon keskeinen <span class=\"iwg-fachbegriff\" data-tooltip=\"Uskonnon sis\u00e4ll\u00e4 jumalallisena palvottu olento.\" tabindex=\"0\">jumaluus<\/span>. Tunnetuimmassa <span class=\"iwg-fachbegriff\" data-tooltip=\"Perinteinen kertomus jumalista, alkuper\u00e4st\u00e4 ja maailman j\u00e4rjestyksest\u00e4.\" tabindex=\"0\">myytiss\u00e4<\/span> h\u00e4n on nuori nainen, jonka is\u00e4 j\u00e4tt\u00e4\u00e4 veneeseen; kun h\u00e4n tarttuu veneen laitaan, is\u00e4 hakkaa h\u00e4nen sormensa poikki, ja niist\u00e4 syntyv\u00e4t hylkeet, mursut ja valaat.<\/p><p>H\u00e4n vaipuu meren pohjaan ja hallitsee sielt\u00e4 kaikkia saalisel\u00e4imi\u00e4 valtiattarena. Jos mets\u00e4stys ei onnistu, h\u00e4nen hiuksensa ovat takkuuntuneet ihmisten tabujen rikkomisen seurauksena, ja <span class=\"iwg-fachbegriff\" data-tooltip=\"Uskonnollinen erikoisosaaja, jonka katsotaan v\u00e4litt\u00e4v\u00e4n ihmisten ja henkimaailman v\u00e4lill\u00e4.\" tabindex=\"0\">\u0161amaanin<\/span> on laskeuduttava h\u00e4nen luokseen kampaamaan h\u00e4nen hiuksensa.<\/p>\t\t\t\t\t\t\t\t<\/div>\n\t\t\t\t<\/div>\n\t\t\t\t\t<\/div>\n\t\t\t\t<\/div>\n\t\t<div class=\"elementor-element elementor-element-iwgcn-inuit-s1 e-flex e-con-boxed e-con e-parent\" data-id=\"iwgcn-inuit-s1\" data-element_type=\"container\" data-e-type=\"container\">\n\t\t\t\t\t<div class=\"e-con-inner\">\n\t\t\t\t<div class=\"elementor-element elementor-element-iwgcn-inuit-s1h elementor-widget elementor-widget-heading\" data-id=\"iwgcn-inuit-s1h\" data-element_type=\"widget\" data-e-type=\"widget\" data-widget_type=\"heading.default\">\n\t\t\t\t\t<h2 class=\"elementor-heading-title elementor-size-default\">Sila, tornit ja henkipanteoni<\/h2>\t\t\t\t<\/div>\n\t\t<div class=\"elementor-element elementor-element-iwgcn-inuit-s1-c e-con-full e-flex e-con e-child\" data-id=\"iwgcn-inuit-s1-c\" data-element_type=\"container\" data-e-type=\"container\">\n\t\t\t\t<div class=\"elementor-element elementor-element-iwgcn-inuit-s1t elementor-widget elementor-widget-text-editor\" data-id=\"iwgcn-inuit-s1t\" data-element_type=\"widget\" data-e-type=\"widget\" data-widget_type=\"text-editor.default\">\n\t\t\t\t\t\t\t\t\t<p>Sila on hengityksen, s\u00e4\u00e4n ja tietoisuuden kattava periaate, jonkinlainen kvasi-deistinen voima vailla selke\u00e4\u00e4 persoonallista hahmoa, verrattavissa kiinalaiseen daoon tai polynesialaiseen manaan. Tornit (yksik\u00f6ss\u00e4 Tornarssuk) ovat mahtavia auttajahenki\u00e4, usein el\u00e4in- tai puoliksi el\u00e4inhahmoisia.<\/p><p>Tunitit ovat mytologisia j\u00e4ttil\u00e4ism\u00e4isi\u00e4 esi-isi\u00e4, jotka asuttivat maata ennen nykyisi\u00e4 inuiitteja. Vainajat el\u00e4v\u00e4t edelleen kahdessa taivaassa ja yhdess\u00e4 alisessa maailmassa; taivas on varattu sankarikuolemille, ja alinen maailma luonnollisille kuolemantapauksille.<\/p>\t\t\t\t\t\t\t\t<\/div>\n\t\t\t\t<\/div>\n\t\t\t\t\t<\/div>\n\t\t\t\t<\/div>\n\t\t<div class=\"elementor-element elementor-element-iwgcn-inuit-s2 e-flex e-con-boxed e-con e-parent\" data-id=\"iwgcn-inuit-s2\" data-element_type=\"container\" data-e-type=\"container\">\n\t\t\t\t\t<div class=\"e-con-inner\">\n\t\t\t\t<div class=\"elementor-element elementor-element-iwgcn-inuit-s2h elementor-widget elementor-widget-heading\" data-id=\"iwgcn-inuit-s2h\" data-element_type=\"widget\" data-e-type=\"widget\" data-widget_type=\"heading.default\">\n\t\t\t\t\t<h2 class=\"elementor-heading-title elementor-size-default\">Angakkuq, \u0161amaani<\/h2>\t\t\t\t<\/div>\n\t\t<div class=\"elementor-element elementor-element-iwgcn-inuit-s2-c e-con-full e-flex e-con e-child\" data-id=\"iwgcn-inuit-s2-c\" data-element_type=\"container\" data-e-type=\"container\">\n\t\t\t\t<div class=\"elementor-element elementor-element-iwgcn-inuit-s2t elementor-widget elementor-widget-text-editor\" data-id=\"iwgcn-inuit-s2t\" data-element_type=\"widget\" data-e-type=\"widget\" data-widget_type=\"text-editor.default\">\n\t\t\t\t\t\t\t\t\t<p>Angakkuq (monikossa angakkut) on inuiittien uskonnollinen erikoisosaaja. H\u00e4nen <span class=\"iwg-fachbegriff\" data-tooltip=\"Rituaalinen siirtym\u00e4, jonka kautta joku otetaan uuteen asemaan tai yhteis\u00f6\u00f6n.\" tabindex=\"0\">initiaationsa<\/span> sis\u00e4lt\u00e4\u00e4 henkien etsint\u00e4\u00e4 tundralla, kohtaamisia auttajien kanssa ja \u201dsis\u00e4isen voiman\u201d (qaumaneq) saavuttamista. H\u00e4n toimii parantajana, s\u00e4\u00e4nennustajana ja v\u00e4litt\u00e4j\u00e4n\u00e4 henkimaailmaan.<\/p><p>Transsimatkat tehd\u00e4\u00e4n usein el\u00e4inseurassa, j\u00e4\u00e4karhun, suden tai kotkan kanssa. Rumpu (qilaut) on h\u00e4nen keskeinen soittimensa, usein yksinkertaisesti ajopuusta ja hylkeennahasta valmistettu. Perinteess\u00e4 on todistettu my\u00f6s naispuolisia \u0161amaaneja.<\/p>\t\t\t\t\t\t\t\t<\/div>\n\t\t\t\t<\/div>\n\t\t\t\t\t<\/div>\n\t\t\t\t<\/div>\n\t\t<div class=\"elementor-element elementor-element-iwgcn-inuit-s3 e-flex e-con-boxed e-con e-parent\" data-id=\"iwgcn-inuit-s3\" data-element_type=\"container\" data-e-type=\"container\">\n\t\t\t\t\t<div class=\"e-con-inner\">\n\t\t\t\t<div class=\"elementor-element elementor-element-iwgcn-inuit-s3h elementor-widget elementor-widget-heading\" data-id=\"iwgcn-inuit-s3h\" data-element_type=\"widget\" data-e-type=\"widget\" data-widget_type=\"heading.default\">\n\t\t\t\t\t<h2 class=\"elementor-heading-title elementor-size-default\">Suojaesineet, tupilakit, amuletit luusta ja norsunluusta<\/h2>\t\t\t\t<\/div>\n\t\t<div class=\"elementor-element elementor-element-iwgcn-inuit-s3-c e-con-full e-flex e-con e-child\" data-id=\"iwgcn-inuit-s3-c\" data-element_type=\"container\" data-e-type=\"container\">\n\t\t\t\t<div class=\"elementor-element elementor-element-iwgcn-inuit-s3t elementor-widget elementor-widget-text-editor\" data-id=\"iwgcn-inuit-s3t\" data-element_type=\"widget\" data-e-type=\"widget\" data-widget_type=\"text-editor.default\">\n\t\t\t\t\t\t\t\t\t<p>Tupilakit ovat alun perin <span class=\"iwg-fachbegriff\" data-tooltip=\"Ruumiiton olento, jolle katsotaan olevan vaikutusta maailmassa.\" tabindex=\"0\">henki<\/span>-rakennelmia, el\u00e4v\u00e4ksi tehtyj\u00e4 olentoja, joita <span class=\"iwg-fachbegriff\" data-tooltip=\"Uskonnollinen erikoisosaaja, jonka katsotaan v\u00e4litt\u00e4v\u00e4n ihmisten ja henkimaailman v\u00e4lill\u00e4.\" tabindex=\"0\">\u0161amaani<\/span> l\u00e4hetti hy\u00f6kk\u00e4ys- tai suojaustarkoituksessa. It\u00e4-Gr\u00f6nlannin perinteess\u00e4 niit\u00e4 esitettiin my\u00f6s veistoksina mursunnorsunluusta, valaanluusta tai karibunsarvista.<\/p><p>Nyky\u00e4\u00e4n tupilak-veistokset ovat kansainv\u00e4lisesti suosittuja matkamuistoja, ja niill\u00e4 on uskonnollis-perinteinen tausta. Lis\u00e4ksi on olemassa kannettavia amuletteja el\u00e4inten hampaista, luusta ja kivest\u00e4, usein symbolisilla el\u00e4imill\u00e4 (karhu, valas) koristeltuina.<\/p>\t\t\t\t\t\t\t\t<\/div>\n\t\t\t\t<\/div>\n\t\t\t\t\t<\/div>\n\t\t\t\t<\/div>\n\t\t<div class=\"elementor-element elementor-element-iwgcn-inuit-s4 e-flex e-con-boxed e-con e-parent\" data-id=\"iwgcn-inuit-s4\" data-element_type=\"container\" data-e-type=\"container\">\n\t\t\t\t\t<div class=\"e-con-inner\">\n\t\t\t\t<div class=\"elementor-element elementor-element-iwgcn-inuit-s4h elementor-widget elementor-widget-heading\" data-id=\"iwgcn-inuit-s4h\" data-element_type=\"widget\" data-e-type=\"widget\" data-widget_type=\"heading.default\">\n\t\t\t\t\t<h2 class=\"elementor-heading-title elementor-size-default\">Inukshuk ja maastonmerkinn\u00e4t<\/h2>\t\t\t\t<\/div>\n\t\t<div class=\"elementor-element elementor-element-iwgcn-inuit-s4-c e-con-full e-flex e-con e-child\" data-id=\"iwgcn-inuit-s4-c\" data-element_type=\"container\" data-e-type=\"container\">\n\t\t\t\t<div class=\"elementor-element elementor-element-iwgcn-inuit-s4t elementor-widget elementor-widget-text-editor\" data-id=\"iwgcn-inuit-s4t\" data-element_type=\"widget\" data-e-type=\"widget\" data-widget_type=\"text-editor.default\">\n\t\t\t\t\t\t\t\t\t<p>Inukshukit (monikossa inuksuit) ovat ihmishahmoisia kivirakennelmia, jotka toimivat arktisella alueella merkkein\u00e4, kuten reittein\u00e4, karibujen kulkureittein\u00e4, kalapaikkoina tai piilopaikkoina. Etymologisesti nimi tarkoittaa \u201dihmisen muotoinen\u201d. Ne eiv\u00e4t itsess\u00e4\u00e4n ole jumalia, mutta kuuluvat osaksi uskonnollis-k\u00e4yt\u00e4nn\u00f6llist\u00e4 suhdetta maahan. Inukshuk on nyky\u00e4\u00e4n Nunavutin tunnusmerkki ja <span class=\"iwg-fachbegriff\" data-tooltip=\"Merkki, joka edustaa jotakin ajatusta tai merkityst\u00e4.\" tabindex=\"0\">symboli<\/span> Vancouverin vuoden 2010 olympialaisissa.<\/p>\t\t\t\t\t\t\t\t<\/div>\n\t\t\t\t<\/div>\n\t\t\t\t\t<\/div>\n\t\t\t\t<\/div>\n\t\t<div class=\"elementor-element elementor-element-iwgcn-inuit-s5 e-flex e-con-boxed e-con e-parent\" data-id=\"iwgcn-inuit-s5\" data-element_type=\"container\" data-e-type=\"container\">\n\t\t\t\t\t<div class=\"e-con-inner\">\n\t\t\t\t<div class=\"elementor-element elementor-element-iwgcn-inuit-s5h elementor-widget elementor-widget-heading\" data-id=\"iwgcn-inuit-s5h\" data-element_type=\"widget\" data-e-type=\"widget\" data-widget_type=\"heading.default\">\n\t\t\t\t\t<h2 class=\"elementor-heading-title elementor-size-default\">Tabuj\u00e4rjestelm\u00e4 ja mets\u00e4stysriitit<\/h2>\t\t\t\t<\/div>\n\t\t<div class=\"elementor-element elementor-element-iwgcn-inuit-s5-c e-con-full e-flex e-con e-child\" data-id=\"iwgcn-inuit-s5-c\" data-element_type=\"container\" data-e-type=\"container\">\n\t\t\t\t<div class=\"elementor-element elementor-element-iwgcn-inuit-s5t elementor-widget elementor-widget-text-editor\" data-id=\"iwgcn-inuit-s5t\" data-element_type=\"widget\" data-e-type=\"widget\" data-widget_type=\"text-editor.default\">\n\t\t\t\t\t\t\t\t\t<p>Inuiittien uskonto on vahvasti tabujen j\u00e4sent\u00e4m\u00e4: er\u00e4it\u00e4 el\u00e4imi\u00e4 ei saa sy\u00f6d\u00e4 yhdess\u00e4, naisia koskevat rajoitukset kuukautisten ja synnytyksen aikana, ja maa- ja merimets\u00e4stys erotetaan toisistaan rituaalisesti. Rikkomukset aiheuttavat Silan h\u00e4iri\u00f6it\u00e4 ja Sednan vihaa.<\/p><p>Onnistuneen mets\u00e4styksen j\u00e4lkeinen juhla (erityisesti valaan- ja j\u00e4\u00e4karhunpyynnin yhteydess\u00e4) on suuri <span class=\"iwg-fachbegriff\" data-tooltip=\"S\u00e4\u00e4delty symbolisten toimintojen sarja, jolla on uskonnollinen tai kulttuurinen merkitys.\" tabindex=\"0\">rituaali<\/span>, jossa on rumpuja, laulua ja ruoan jakamista. El\u00e4inten j\u00e4\u00e4nteet, erityisesti rakot ja leuat, palautetaan mereen, jotta el\u00e4in voi synty\u00e4 uudelleen.<\/p>\t\t\t\t\t\t\t\t<\/div>\n\t\t\t\t<\/div>\n\t\t\t\t\t<\/div>\n\t\t\t\t<\/div>\n\t\t<div class=\"elementor-element elementor-element-iwgcn-inuit-s6 e-flex e-con-boxed e-con e-parent\" data-id=\"iwgcn-inuit-s6\" data-element_type=\"container\" data-e-type=\"container\">\n\t\t\t\t\t<div class=\"e-con-inner\">\n\t\t\t\t<div class=\"elementor-element elementor-element-iwgcn-inuit-s6h elementor-widget elementor-widget-heading\" data-id=\"iwgcn-inuit-s6h\" data-element_type=\"widget\" data-e-type=\"widget\" data-widget_type=\"heading.default\">\n\t\t\t\t\t<h2 class=\"elementor-heading-title elementor-size-default\">Kristillistyminen ja elvytt\u00e4minen<\/h2>\t\t\t\t<\/div>\n\t\t<div class=\"elementor-element elementor-element-iwgcn-inuit-s6-c e-con-full e-flex e-con e-child\" data-id=\"iwgcn-inuit-s6-c\" data-element_type=\"container\" data-e-type=\"container\">\n\t\t\t\t<div class=\"elementor-element elementor-element-iwgcn-inuit-s6t elementor-widget elementor-widget-text-editor\" data-id=\"iwgcn-inuit-s6t\" data-element_type=\"widget\" data-e-type=\"widget\" data-widget_type=\"text-editor.default\">\n\t\t\t\t\t\t\t\t\t<p>1700-luvulta alkaen (Gr\u00f6nlanti, tanskalainen l\u00e4hetysty\u00f6) ja 1800-\/1900-luvuilla (Kanada, Alaska) inuiitit kristillistettiin suurelta osin (luterilaisuus Gr\u00f6nlannissa, anglikaanisuus ja roomalaiskatolisuus Kanadassa, ven\u00e4l\u00e4isortodoksisuus Alaskassa). <span class=\"iwg-fachbegriff\" data-tooltip=\"Uskonnollinen j\u00e4rjestelm\u00e4, jossa erikoisosaajat toimivat yhteydess\u00e4 henkimaailmaan.\" tabindex=\"0\">\u0160amanismia<\/span> tukahdutettiin osittain v\u00e4kivalloin.<\/p><p>Nyky\u00e4\u00e4n on k\u00e4ynniss\u00e4 kulttuuris-uskonnollinen elpyminen, jossa on omaa kurkkulaulu-perinnett\u00e4, korujen ja veistotaidon renessanssia. T\u00e4rkeit\u00e4 uskontotieteellisi\u00e4 teoksia: Knud Rasmussen <em>Across Arctic America<\/em>, Daniel Merkur <em>Becoming Half Hidden<\/em>, Ann Fienup-Riordan.<\/p>\t\t\t\t\t\t\t\t<\/div>\n\t\t\t\t<\/div>\n\t\t\t\t\t<\/div>\n\t\t\t\t<\/div>\n\t\t<div class=\"elementor-element elementor-element-cp2c681877 e-flex e-con-boxed e-con e-parent\" data-id=\"cp2c681877\" data-element_type=\"container\" data-e-type=\"container\">\n\t\t\t\t\t<div class=\"e-con-inner\">\n\t\t\t\t<div class=\"elementor-element elementor-element-cp2dcf12fa elementor-widget elementor-widget-heading\" data-id=\"cp2dcf12fa\" data-element_type=\"widget\" data-e-type=\"widget\" data-widget_type=\"heading.default\">\n\t\t\t\t\t<h2 class=\"elementor-heading-title elementor-size-default\">Alueellinen moninaisuus Gr\u00f6nlannista Alaskaan<\/h2>\t\t\t\t<\/div>\n\t\t<div class=\"elementor-element elementor-element-cp2495f6fe e-flex e-con-boxed e-con e-child\" data-id=\"cp2495f6fe\" data-element_type=\"container\" data-e-type=\"container\">\n\t\t\t\t\t<div class=\"e-con-inner\">\n\t\t\t\t<div class=\"elementor-element elementor-element-cp24069c82 elementor-widget elementor-widget-text-editor\" data-id=\"cp24069c82\" data-element_type=\"widget\" data-e-type=\"widget\" data-widget_type=\"text-editor.default\">\n\t\t\t\t\t\t\t\t\t<p>Inuiitit asuttavat valtavaa, harvaan asuttua aluetta, joka ulottuu It\u00e4-Gr\u00f6nlannista Kanadan arktisen alueen halki Alaskaan ja Beringinsalmelle. T\u00e4ll\u00e4 laajalla alueella puhutaan sukua olevia kieli\u00e4 ja elet\u00e4\u00e4n samankaltaisilla el\u00e4m\u00e4ntavoilla, mutta yhten\u00e4ist\u00e4 uskontoa ei ole.<\/p><p>Gr\u00f6nlannin inuiittien, kanadalaisten ryhmien kuten iglulikien tai netsilikien ja alaskalaisten yupikien ja i\u00f1upiatien alueelliset perinteet poikkeavat merkitt\u00e4v\u00e4sti toisistaan jumalten nimien, riittien ja kertomusten osalta.<\/p><p>Vanhemmassa kirjallisuudessa k\u00e4ytettiin usein k\u00e4sitett\u00e4 eskimo, jota pidet\u00e4\u00e4n nyky\u00e4\u00e4n Kanadassa ja Gr\u00f6nlannissa halventavana ja korvataan sanalla inuiitti, kun taas Alaskassa k\u00e4ytet\u00e4\u00e4n edelleen osittain omia nimityksi\u00e4 yupik ja i\u00f1upiat. T\u00e4m\u00e4 k\u00e4sitteellinen kysymys ei ole vain kielellinen, vaan koskee yhteis\u00f6jen omakuvaa.<\/p><p>Moninaisuudesta huolimatta voidaan nimet\u00e4 yleisi\u00e4 peruspiirteit\u00e4. Niihin kuuluu k\u00e4sitys, ett\u00e4 el\u00e4imill\u00e4 ja luonnonvoimilla on omanlaisensa sis\u00e4inen olemus, ne ovat tavallaan persoonia, joita on kohdattava kunnioittavasti. Niihin kuuluu my\u00f6s kieltojen ja k\u00e4skyjen merkitys, jotka s\u00e4\u00e4telev\u00e4t suhtautumista mets\u00e4stykseen, syntym\u00e4\u00e4n ja kuolemaan.<\/p><p>Niihin kuuluu my\u00f6s henkil\u00f6, joka kykenee olemaan yhteydess\u00e4 henkiin ja jota Gr\u00f6nlannin alueella kutsutaan nimell\u00e4 <em>angakkoq<\/em>. Se, miten n\u00e4it\u00e4 piirteit\u00e4 konkreettisesti ilmeni, vaihteli kuitenkin alueittain.<\/p>\t\t\t\t\t\t\t\t<\/div>\n\t\t\t\t\t<\/div>\n\t\t\t\t<\/div>\n\t\t\t\t\t<\/div>\n\t\t\t\t<\/div>\n\t\t<div class=\"elementor-element elementor-element-cp219dc107 e-flex e-con-boxed e-con e-parent\" data-id=\"cp219dc107\" data-element_type=\"container\" data-e-type=\"container\">\n\t\t\t\t\t<div class=\"e-con-inner\">\n\t\t\t\t<div class=\"elementor-element elementor-element-cp2a9ccc41 elementor-widget elementor-widget-heading\" data-id=\"cp2a9ccc41\" data-element_type=\"widget\" data-e-type=\"widget\" data-widget_type=\"heading.default\">\n\t\t\t\t\t<h2 class=\"elementor-heading-title elementor-size-default\">Maailmankuva: sielut, el\u00e4imet ja mets\u00e4styksen tasapaino<\/h2>\t\t\t\t<\/div>\n\t\t<div class=\"elementor-element elementor-element-cp230ccb3a e-flex e-con-boxed e-con e-child\" data-id=\"cp230ccb3a\" data-element_type=\"container\" data-e-type=\"container\">\n\t\t\t\t\t<div class=\"e-con-inner\">\n\t\t\t\t<div class=\"elementor-element elementor-element-cp2888c8cb elementor-widget elementor-widget-text-editor\" data-id=\"cp2888c8cb\" data-element_type=\"widget\" data-e-type=\"widget\" data-widget_type=\"text-editor.default\">\n\t\t\t\t\t\t\t\t\t<p>Inuiittien uskonnollisten k\u00e4sitysten keski\u00f6ss\u00e4 on suhde ihmisten ja el\u00e4inten v\u00e4lill\u00e4, joista selviytyminen arktisilla alueilla riippuu. Yleinen k\u00e4sitys oli, ett\u00e4 el\u00e4imet antautuvat mets\u00e4st\u00e4jille vapaaehtoisesti, kunhan niit\u00e4 kohdellaan kunnioittavasti.<\/p><p>T\u00e4st\u00e4 k\u00e4sityksest\u00e4 syntyi tihe\u00e4 s\u00e4\u00e4nt\u00f6jen verkosto. Tietyt toiminnot eiv\u00e4t saaneet sekoittua toisiinsa, esimerkiksi maael\u00e4inten ja meriel\u00e4inten k\u00e4sittely, ja luut ja t\u00e4hteet oli k\u00e4sitelt\u00e4v\u00e4 m\u00e4\u00e4r\u00e4tyll\u00e4 tavalla.<\/p><p>K\u00e4sityksen mukaan el\u00e4imet vet\u00e4ytyiv\u00e4t ja n\u00e4lk\u00e4 uhkasi, jos n\u00e4it\u00e4 s\u00e4\u00e4nt\u00f6j\u00e4 rikottiin. Monilla alueilla, erityisesti Kanadan keskiosissa, meriel\u00e4inten haltijattaren teht\u00e4v\u00e4n\u00e4 oli valvoa hylkeit\u00e4 ja valaita.<\/p><p>T\u00e4t\u00e4 hahmoa kutsuttiin usein nimell\u00e4 <a href=\"https:\/\/iwell-guard.com\/fi\/?page_id=144234\">Sedna<\/a>, vaikka nimi\u00e4 olikin useita, ja h\u00e4n asui meren pohjassa. Kun ihmiset rikkoivat s\u00e4\u00e4nt\u00f6j\u00e4, rikkomukset takertuivat h\u00e4nen hiuksiinsa ja el\u00e4imet j\u00e4iv\u00e4t pois. Silloin <em>angakkoq<\/em>in t\u00e4ytyi laskeutua henkimatkalla h\u00e4nen luokseen, j\u00e4rjest\u00e4\u00e4 h\u00e4nen hiuksensa ja sovittaa h\u00e4net.<\/p><p>Ihmisen itsens\u00e4 katsottiin usein koostuvan useista sielunosista, joihin kuuluivat el\u00e4m\u00e4nosa ja nimiosa. Vainajan nimi annettiin usein vastasyntyneelle lapselle, joka sai siten yhteyden vainajaan.<\/p><p>N\u00e4kemykset vaihtelevat alueittain, mutta niist\u00e4 v\u00e4littyy johdonmukaisesti maailmankuva, jossa ihminen, el\u00e4in ja henkimaailma eiv\u00e4t ole erill\u00e4\u00e4n, vaan yhteydess\u00e4 toisiinsa jatkuvasti uhatussa tasapainossa.<\/p>\t\t\t\t\t\t\t\t<\/div>\n\t\t\t\t\t<\/div>\n\t\t\t\t<\/div>\n\t\t\t\t\t<\/div>\n\t\t\t\t<\/div>\n\t\t<div class=\"elementor-element elementor-element-cp2067134f e-flex e-con-boxed e-con e-parent\" data-id=\"cp2067134f\" data-element_type=\"container\" data-e-type=\"container\">\n\t\t\t\t\t<div class=\"e-con-inner\">\n\t\t\t\t<div class=\"elementor-element elementor-element-cp2edc26b7 elementor-widget elementor-widget-heading\" data-id=\"cp2edc26b7\" data-element_type=\"widget\" data-e-type=\"widget\" data-widget_type=\"heading.default\">\n\t\t\t\t\t<h2 class=\"elementor-heading-title elementor-size-default\">Suullinen perinne ja Thule-tutkimusmatkojen tallenteet<\/h2>\t\t\t\t<\/div>\n\t\t<div class=\"elementor-element elementor-element-cp2ba33b27 e-flex e-con-boxed e-con e-child\" data-id=\"cp2ba33b27\" data-element_type=\"container\" data-e-type=\"container\">\n\t\t\t\t\t<div class=\"e-con-inner\">\n\t\t\t\t<div class=\"elementor-element elementor-element-cp29bb5b38 elementor-widget elementor-widget-text-editor\" data-id=\"cp29bb5b38\" data-element_type=\"widget\" data-e-type=\"widget\" data-widget_type=\"text-editor.default\">\n\t\t\t\t\t\t\t\t\t<p>Inuiittien uskonto oli suullista. Tieto elettiin kertomuksissa, lauluissa, loitsuissa ja vanhempien antamassa k\u00e4yt\u00e4nn\u00f6n opastuksessa. Omaa kirjoitusta ei ollut. Gr\u00f6nlannissa kielen kirjoitettu muoto syntyi vasta tanskalaisen l\u00e4hetysty\u00f6n my\u00f6t\u00e4 kahdeksannellatoista vuosisadalla, Kanadassa my\u00f6hemmin tavukirjoitus.<\/p><p>T\u00e4rkein j\u00e4rjestelm\u00e4llinen tallenne perinteisist\u00e4 k\u00e4sityksist\u00e4 on per\u00e4isin viidennelt\u00e4 Thule-tutkimusmatkalta vuosina 1921\u20131924 Knud Rasmussenin johdolla.<\/p><p>Rasmussen, itse Gr\u00f6nlannissa kasvanut ja kielt\u00e4 taitava, matkusti Kanadan arktisen alueen halki ja tallensi kertomuksia, lauluja ja yksitt\u00e4isten <em>angakkut<\/em>ien lausuntoja, joiden joukossa oli usein siteerattu Aua.<\/p><p>H\u00e4nen teoksensa ovat edelleen keskeinen l\u00e4hde, mutta niit\u00e4 on luettava kriittisesti, koska l\u00e4hetysty\u00f6 ja yhteiskunnallinen muutos olivat tuolloin jo muuttaneet vanhoja perinteit\u00e4 voimakkaasti. Rasmussen dokumentoi usein murroksessa olevaa uskontoa.<\/p><p>Vanhempia l\u00e4hteit\u00e4 ovat Gr\u00f6nlannissa toimineiden tanskalaisten l\u00e4hetyssaarnaajien, kuten Hans Egeden, kertomukset sek\u00e4 valaanpyyt\u00e4jien ja tutkimusmatkailijoiden muistiinpanot. N\u00e4iss\u00e4 on usein hajanaisia ja l\u00e4hetysty\u00f6n tai uteliaisuuden s\u00e4vytt\u00e4mi\u00e4 ulkopuolisen n\u00e4k\u00f6kulmia.<\/p><p>Alaskalaisista yupikeista ja i\u00f1upiateista on omat, my\u00f6hemmin syntyneet etnografiset kokoelmansa. Nykyinen tutkimus pit\u00e4\u00e4 t\u00e4rke\u00e4n\u00e4 ottaa huomioon yhteis\u00f6jen itsens\u00e4 s\u00e4ilytt\u00e4m\u00e4 tieto ja v\u00e4ltt\u00e4\u00e4 kolonialististen l\u00e4hteiden k\u00e4sittelemist\u00e4 neutraaleina kertomuksina.<\/p>\t\t\t\t\t\t\t\t<\/div>\n\t\t\t\t\t<\/div>\n\t\t\t\t<\/div>\n\t\t\t\t\t<\/div>\n\t\t\t\t<\/div>\n\t\t<div class=\"elementor-element elementor-element-cp2cc56393 e-flex e-con-boxed e-con e-parent\" data-id=\"cp2cc56393\" data-element_type=\"container\" data-e-type=\"container\">\n\t\t\t\t\t<div class=\"e-con-inner\">\n\t\t\t\t<div class=\"elementor-element elementor-element-cp24dc10b6 elementor-widget elementor-widget-heading\" data-id=\"cp24dc10b6\" data-element_type=\"widget\" data-e-type=\"widget\" data-widget_type=\"heading.default\">\n\t\t\t\t\t<h2 class=\"elementor-heading-title elementor-size-default\">Kristillistyminen ja nykytilanne<\/h2>\t\t\t\t<\/div>\n\t\t<div class=\"elementor-element elementor-element-cp2c6dae47 e-flex e-con-boxed e-con e-child\" data-id=\"cp2c6dae47\" data-element_type=\"container\" data-e-type=\"container\">\n\t\t\t\t\t<div class=\"e-con-inner\">\n\t\t\t\t<div class=\"elementor-element elementor-element-cp24be8146 elementor-widget elementor-widget-text-editor\" data-id=\"cp24be8146\" data-element_type=\"widget\" data-e-type=\"widget\" data-widget_type=\"text-editor.default\">\n\t\t\t\t\t\t\t\t\t<p>Inuiittien kristillistyminen eteni alueittain eri tavoin, mutta oli kaikkialla perustavanlaatuista. Gr\u00f6nlannissa tanskalainen l\u00e4hetysty\u00f6 alkoi kahdeksannellatoista vuosisadalla, Kanadan arktisella alueella anglikaaniset ja katoliset l\u00e4hetyssaarnaajat vaikuttivat erityisesti yhdeks\u00e4nnell\u00e4toista ja kahdennenkymmenennen vuosisadan alussa, Alaskassa toimivat ven\u00e4l\u00e4is-ortodoksiset ja my\u00f6hemmin protestanttiset l\u00e4hetysty\u00f6t.<\/p><p><em>Angakkut<\/em>eja painostettiin monin paikoin luopumaan k\u00e4yt\u00e4nn\u00f6ist\u00e4\u00e4n, ja vanhat riitit joutuivat ep\u00e4suosioon tai kiellettiin.<\/p><p>Seurauksena oli perinteisen uskonnon julkisen harjoittamisen laaja katkeaminen. Nyky\u00e4\u00e4n suurin osa inuiiteista on kristittyj\u00e4, eri tunnustuskuntien j\u00e4seni\u00e4.<\/p><p>Samalla vanhan maailmankuvan piirteit\u00e4 s\u00e4ilyi, esimerkiksi kertomuksissa, k\u00e4sityksiss\u00e4 el\u00e4inten kohtelusta ja nimenantok\u00e4yt\u00e4nn\u00f6ss\u00e4. Joissakin yhteis\u00f6iss\u00e4 k\u00e4sitykset henkiolennoista ja mets\u00e4stykseen liittyvist\u00e4 kielloista eliv\u00e4t edelleen kristillisen pintakuoren alla.<\/p><p>Kahdennenkymmenennen vuosisadan lopulta l\u00e4htien kiinnostus omaa kulttuurista <span class=\"iwg-fachbegriff\" data-tooltip=\"Tiedon ja kertomusten v\u00e4litt\u00e4mist\u00e4 sukupolvien v\u00e4lill\u00e4.\" tabindex=\"0\">perinnett\u00e4<\/span> kohtaan on kasvanut. Inuiittij\u00e4rjest\u00f6t, koulut ja yhteis\u00f6ist\u00e4 itsest\u00e4\u00e4n tulevat tutkijat ker\u00e4\u00e4v\u00e4t kertomuksia, dokumentoivat kieli\u00e4 ja v\u00e4litt\u00e4v\u00e4t perinteist\u00e4 tietoa, usein k\u00e4sitteen <em>Inuit Qaujimajatuqangit<\/em> alla, joka tarkoittaa inuiittien perinteist\u00e4 tietoa.<\/p><p>T\u00e4m\u00e4 on v\u00e4hemm\u00e4n uskonnollista elvytyst\u00e4 varsinaisessa mieless\u00e4 kuin kulttuurista itsetuntemuksen vahvistamista. Vakavasti otettava kuvaus kuvaa nykytilaa siksi kristilliseksi, jossa vanhemmat k\u00e4sitykset el\u00e4v\u00e4t edelleen ja kulttuuriperint\u00f6\u00e4 vaalitaan tietoisesti, mutta v\u00e4ltet\u00e4\u00e4n kuvaa yh\u00e4 katkeamattomana harjoitetusta vanhasta uskonnosta.<\/p>\t\t\t\t\t\t\t\t<\/div>\n\t\t\t\t\t<\/div>\n\t\t\t\t<\/div>\n\t\t\t\t\t<\/div>\n\t\t\t\t<\/div>\n\t\t<div class=\"elementor-element elementor-element-iwgha-inuit-sec e-flex e-con-boxed e-con e-parent\" data-id=\"iwgha-inuit-sec\" data-element_type=\"container\" data-e-type=\"container\">\n\t\t\t\t\t<div class=\"e-con-inner\">\n\t\t\t\t<div class=\"elementor-element elementor-element-iwgha-inuit-h elementor-widget elementor-widget-heading\" data-id=\"iwgha-inuit-h\" data-element_type=\"widget\" data-e-type=\"widget\" data-widget_type=\"heading.default\">\n\t\t\t\t\t<h2 class=\"elementor-heading-title elementor-size-default\">T\u00e4m\u00e4n perinteen olennot (10)<\/h2>\t\t\t\t<\/div>\n\t\t<div class=\"elementor-element elementor-element-iwgha-inuit-gc e-flex e-con-boxed e-con e-parent\" data-id=\"iwgha-inuit-gc\" data-element_type=\"container\" data-e-type=\"container\">\n\t\t\t\t\t<div class=\"e-con-inner\">\n\t\t\t\t<div class=\"elementor-element elementor-element-iwgha-inuit-grid elementor-widget elementor-widget-text-editor\" data-id=\"iwgha-inuit-grid\" data-element_type=\"widget\" data-e-type=\"widget\" data-widget_type=\"text-editor.default\">\n\t\t\t\t\t\t\t\t\t<div class=\"iwg-wesen-grid\"><a class=\"iwg-wesen-card\" href=\"https:\/\/iwell-guard.com\/fi\/anguta-sednan-isa-ja-manalan-vartija\/\" aria-label=\"Anguta \u2013 Sednan is\u00e4 ja manalan vartija\"><div class=\"iwg-wesen-card-imgwrap\"><img decoding=\"async\" src=\"https:\/\/iwell-guard.com\/wp-content\/uploads\/2026\/05\/geister_inuit_anguta-200x300.webp\" alt=\"Anguta \u2013 Sednan is\u00e4 ja manalan vartija\" loading=\"lazy\"><\/div><div class=\"iwg-wesen-card-body\"><div class=\"iwg-wesen-card-name\">Anguta \u2013 Sednan is\u00e4 ja manalan vartija<\/div><div class=\"iwg-wesen-card-arrow\">\u2192 Olennon sivulle<\/div><\/div><\/a><a class=\"iwg-wesen-card\" href=\"https:\/\/iwell-guard.com\/fi\/igaluk-inuiittien-kuunjumala\/\" aria-label=\"Igaluk \u2013 inuiittien kuunjumala\"><div class=\"iwg-wesen-card-imgwrap\"><img decoding=\"async\" src=\"https:\/\/iwell-guard.com\/wp-content\/uploads\/2026\/05\/goetter_inuit_igaluk-200x300.webp\" alt=\"Igaluk \u2013 inuiittien kuunjumala\" loading=\"lazy\"><\/div><div class=\"iwg-wesen-card-body\"><div class=\"iwg-wesen-card-name\">Igaluk \u2013 inuiittien kuunjumala<\/div><div class=\"iwg-wesen-card-arrow\">\u2192 Olennon sivulle<\/div><\/div><\/a><a class=\"iwg-wesen-card\" href=\"https:\/\/iwell-guard.com\/fi\/malina-inuiittien-aurinkojumalatar\/\" aria-label=\"Malina \u2013 inuiittien aurinkojumalatar\"><div class=\"iwg-wesen-card-imgwrap\"><img decoding=\"async\" src=\"https:\/\/iwell-guard.com\/wp-content\/uploads\/2026\/05\/goetter_inuit_malina-inuit-200x300.webp\" alt=\"Malina \u2013 inuiittien aurinkojumalatar\" loading=\"lazy\"><\/div><div class=\"iwg-wesen-card-body\"><div class=\"iwg-wesen-card-name\">Malina \u2013 inuiittien aurinkojumalatar<\/div><div class=\"iwg-wesen-card-arrow\">\u2192 Olennon sivulle<\/div><\/div><\/a><a class=\"iwg-wesen-card\" href=\"https:\/\/iwell-guard.com\/fi\/nanook-jaakarhun-herra-inuiittiperinteessa\/\" aria-label=\"Nanook \u2013 j\u00e4\u00e4karhun herra inuiittiperinteess\u00e4\"><div class=\"iwg-wesen-card-imgwrap\"><img decoding=\"async\" src=\"https:\/\/iwell-guard.com\/wp-content\/uploads\/2026\/05\/geister_inuit_nanook-200x300.webp\" alt=\"Nanook \u2013 j\u00e4\u00e4karhun herra inuiittiperinteess\u00e4\" loading=\"lazy\"><\/div><div class=\"iwg-wesen-card-body\"><div class=\"iwg-wesen-card-name\">Nanook \u2013 j\u00e4\u00e4karhun herra inuiittiperinteess\u00e4<\/div><div class=\"iwg-wesen-card-arrow\">\u2192 Olennon sivulle<\/div><\/div><\/a><a class=\"iwg-wesen-card\" href=\"https:\/\/iwell-guard.com\/fi\/pinga-maaelainten-ja-synnyttajien-valtiatar\/\" aria-label=\"Pinga \u2013 maael\u00e4inten ja synnytt\u00e4jien valtiatar\"><div class=\"iwg-wesen-card-imgwrap\"><img decoding=\"async\" src=\"https:\/\/iwell-guard.com\/wp-content\/uploads\/2026\/05\/geister_inuit_pinga-200x300.webp\" alt=\"Pinga \u2013 maael\u00e4inten ja synnytt\u00e4jien valtiatar\" loading=\"lazy\"><\/div><div class=\"iwg-wesen-card-body\"><div class=\"iwg-wesen-card-name\">Pinga \u2013 maael\u00e4inten ja synnytt\u00e4jien valtiatar<\/div><div class=\"iwg-wesen-card-arrow\">\u2192 Olennon sivulle<\/div><\/div><\/a><a class=\"iwg-wesen-card\" href=\"https:\/\/iwell-guard.com\/fi\/qailertetang-saankumppani-ja-elainten-vartija\/\" aria-label=\"Qailertetang \u2013 S\u00e4\u00e4nkumppani ja el\u00e4inten vartija\"><div class=\"iwg-wesen-card-imgwrap\"><img decoding=\"async\" src=\"https:\/\/iwell-guard.com\/wp-content\/uploads\/2026\/05\/geister_inuit_qailertetang-200x300.webp\" alt=\"Qailertetang \u2013 S\u00e4\u00e4nkumppani ja el\u00e4inten vartija\" loading=\"lazy\"><\/div><div class=\"iwg-wesen-card-body\"><div class=\"iwg-wesen-card-name\">Qailertetang \u2013 S\u00e4\u00e4nkumppani ja el\u00e4inten vartija<\/div><div class=\"iwg-wesen-card-arrow\">\u2192 Olennon sivulle<\/div><\/div><\/a><a class=\"iwg-wesen-card\" href=\"https:\/\/iwell-guard.com\/fi\/sedna-inuiittien-merten-valtiatar\/\" aria-label=\"Sedna \u2013 Inuiittien merten valtiatar\"><div class=\"iwg-wesen-card-imgwrap\"><img decoding=\"async\" src=\"https:\/\/iwell-guard.com\/wp-content\/uploads\/2026\/05\/goetter_inuit_sedna-1-200x300.webp\" alt=\"Sedna \u2013 Inuiittien merten valtiatar\" loading=\"lazy\"><\/div><div class=\"iwg-wesen-card-body\"><div class=\"iwg-wesen-card-name\">Sedna \u2013 Inuiittien merten valtiatar<\/div><div class=\"iwg-wesen-card-arrow\">\u2192 Olennon sivulle<\/div><\/div><\/a><a class=\"iwg-wesen-card\" href=\"https:\/\/iwell-guard.com\/fi\/sila-maailmanhenki-ja-saanherra\/\" aria-label=\"Sila \u2013 inuiittien maailmanhenki ja s\u00e4\u00e4nherra\"><div class=\"iwg-wesen-card-imgwrap\"><img decoding=\"async\" src=\"https:\/\/iwell-guard.com\/wp-content\/uploads\/2026\/05\/geister_inuit_sila-200x300.webp\" alt=\"Sila \u2013 inuiittien maailmanhenki ja s\u00e4\u00e4nherra\" loading=\"lazy\"><\/div><div class=\"iwg-wesen-card-body\"><div class=\"iwg-wesen-card-name\">Sila \u2013 inuiittien maailmanhenki ja s\u00e4\u00e4nherra<\/div><div class=\"iwg-wesen-card-arrow\">\u2192 Olennon sivulle<\/div><\/div><\/a><a class=\"iwg-wesen-card\" href=\"https:\/\/iwell-guard.com\/fi\/tornarssuk-inuiittisamaanien-suojelushenki\/\" aria-label=\"Tornarssuk \u2013 inuiitti\u0161amaanien suuri suojelushenki\"><div class=\"iwg-wesen-card-imgwrap\"><img decoding=\"async\" src=\"https:\/\/iwell-guard.com\/wp-content\/uploads\/2026\/05\/geister_inuit_tornarssuk-200x300.webp\" alt=\"Tornarssuk \u2013 inuiitti\u0161amaanien suuri suojelushenki\" loading=\"lazy\"><\/div><div class=\"iwg-wesen-card-body\"><div class=\"iwg-wesen-card-name\">Tornarssuk \u2013 inuiitti\u0161amaanien suuri suojelushenki<\/div><div class=\"iwg-wesen-card-arrow\">\u2192 Olennon sivulle<\/div><\/div><\/a><a class=\"iwg-wesen-card\" href=\"https:\/\/iwell-guard.com\/fi\/tupilak-gronlannin-inuiittien-kostohenki\/\" aria-label=\"Tupilak \u2013 Gr\u00f6nlannin inuiittien keinotekoinen kostohenki\"><div class=\"iwg-wesen-card-imgwrap\"><img decoding=\"async\" src=\"https:\/\/iwell-guard.com\/wp-content\/uploads\/2026\/05\/geister_inuit_tupilak-200x300.webp\" alt=\"Tupilak \u2013 Gr\u00f6nlannin inuiittien keinotekoinen kostohenki\" loading=\"lazy\"><\/div><div class=\"iwg-wesen-card-body\"><div class=\"iwg-wesen-card-name\">Tupilak \u2013 Gr\u00f6nlannin inuiittien keinotekoinen kostohenki<\/div><div class=\"iwg-wesen-card-arrow\">\u2192 Olennon sivulle<\/div><\/div><\/a><\/div>\t\t\t\t\t\t\t\t<\/div>\n\t\t\t\t\t<\/div>\n\t\t\t\t<\/div>\n\t\t\t\t\t<\/div>\n\t\t\t\t<\/div>\n\t\t<div class=\"elementor-element elementor-element-iwgcn-inuit-kwd e-flex e-con-boxed e-con e-parent\" data-id=\"iwgcn-inuit-kwd\" data-element_type=\"container\" data-e-type=\"container\">\n\t\t\t\t\t<div class=\"e-con-inner\">\n\t\t<div class=\"elementor-element elementor-element-iwgcn-inuit-kwd-c e-con-full e-flex e-con e-child\" data-id=\"iwgcn-inuit-kwd-c\" data-element_type=\"container\" data-e-type=\"container\">\n\t\t\t\t<div class=\"elementor-element elementor-element-iwgcn-inuit-kwdt elementor-widget elementor-widget-text-editor\" data-id=\"iwgcn-inuit-kwdt\" data-element_type=\"widget\" data-e-type=\"widget\" data-widget_type=\"text-editor.default\">\n\t\t\t\t\t\t\t\t\t<p><em>Aiheeseen liittyv\u00e4t avainsanat: Inuit Yupik Sedna Sila Tornit Tunit Angakkuq Iqaluit Greenland Tupilak Inukshuk.<\/em><\/p>\t\t\t\t\t\t\t\t<\/div>\n\t\t\t\t<\/div>\n\t\t\t\t\t<\/div>\n\t\t\t\t<\/div>\n\t\t<div class=\"elementor-element elementor-element-iwgcn-inuit-cc e-flex e-con-boxed e-con e-parent\" data-id=\"iwgcn-inuit-cc\" data-element_type=\"container\" data-e-type=\"container\" id=\"iwg-cc-inuit\">\n\t\t\t\t\t<div class=\"e-con-inner\">\n\t\t<div class=\"elementor-element elementor-element-iwgcn-inuit-ccinner e-flex e-con-boxed e-con e-parent\" data-id=\"iwgcn-inuit-ccinner\" data-element_type=\"container\" data-e-type=\"container\" data-settings=\"{&quot;background_background&quot;:&quot;classic&quot;}\">\n\t\t\t\t\t<div class=\"e-con-inner\">\n\t\t\t\t<div class=\"elementor-element elementor-element-iwgcn-inuit-cch elementor-widget elementor-widget-heading\" data-id=\"iwgcn-inuit-cch\" data-element_type=\"widget\" data-e-type=\"widget\" data-widget_type=\"heading.default\">\n\t\t\t\t\t<h2 class=\"elementor-heading-title elementor-size-default\">Suojaesineet t\u00e4ss\u00e4 kulttuuriperinteess\u00e4<\/h2>\t\t\t\t<\/div>\n\t\t\t\t<div class=\"elementor-element elementor-element-iwgcn-inuit-cct elementor-widget elementor-widget-text-editor\" data-id=\"iwgcn-inuit-cct\" data-element_type=\"widget\" data-e-type=\"widget\" data-widget_type=\"text-editor.default\">\n\t\t\t\t\t\t\t\t\t<p>Arktinen inuiittiperinne tuntee mursunluusta ja -norsunluusta veistetyt tupilak-hahmot, el\u00e4inten hampaista ja kivest\u00e4 tehdyt kannettavat amuletit sek\u00e4 inuksuit-maamerkit; jokaisella perheell\u00e4 on omat suojaesineens\u00e4 ja niihin liittyv\u00e4 henkil\u00f6kohtainen tarina.<\/p><div data-nosnippet=\"true\"><p>iWell Guard asettuu t\u00e4h\u00e4n kannettavien suojaesineiden kulttuurihistorialliseen jatkumoon nykyaikaisena materiaalirakenteena, valmistettuna Saksassa. 41 kerrosta, aitoa kultaa, platinaa, hopeaa. 30 p\u00e4iv\u00e4n palautusoikeus.<\/p><\/div>\t\t\t\t\t\t\t\t<\/div>\n\t\t\t\t<div class=\"elementor-element elementor-element-iwgcn-inuit-ccb iwg-cc-button iwg-cc-cta-2026-05-13 elementor-widget elementor-widget-jet-button\" data-id=\"iwgcn-inuit-ccb\" data-element_type=\"widget\" data-e-type=\"widget\" data-widget_type=\"jet-button.default\">\n\t\t\t\t<div class=\"elementor-widget-container\">\n\t\t\t\t\t<div class=\"elementor-jet-button jet-elements\"><div class=\"jet-button__container\"><a class=\"jet-button__instance jet-button__instance--icon-left hover-effect-1\" href=\"\/ueber-iwell-guard\/?utm_source=iwell-guard.com&amp;utm_medium=info-box&amp;utm_campaign=kultur-tradition\"><div class=\"jet-button__plane jet-button__plane-normal\"><\/div><div class=\"jet-button__plane jet-button__plane-hover\"><\/div><div class=\"jet-button__state jet-button__state-normal\"><span class=\"jet-button__label\">Lis\u00e4\u00e4 iWell Guardista<\/span><\/div><div class=\"jet-button__state jet-button__state-hover\"><span class=\"jet-button__label\">Lis\u00e4\u00e4 iWell Guardista<\/span><\/div><\/a><\/div><\/div><style>.elementor-element.elementor-element-iwgcn-inuit-ccb .jet-button__instance{width:320px;height:56px;}.elementor-element.elementor-element-iwgcn-inuit-ccb .jet-button__state-normal .jet-button__label{text-align:center;margin:0px 0px 0px 0px;color:#1a1b20;font-family:Montserrat,sans-serif;font-size:13px;font-weight:400;letter-spacing:4px;line-height:1.714em;text-transform:uppercase;}.elementor-element.elementor-element-iwgcn-inuit-ccb .jet-button__state-hover .jet-button__label{text-align:center;margin:0px 0px 0px 0px;color:#FECC76;font-family:Montserrat,sans-serif;font-size:13px;font-weight:400;letter-spacing:4px;line-height:1.714em;text-transform:uppercase;}.elementor-element.elementor-element-iwgcn-inuit-ccb .jet-button__plane-normal{background-color:#FECC76;border-style:solid;border-color:#C99540;border-width:2px 2px 2px 2px;}.elementor-element.elementor-element-iwgcn-inuit-ccb .jet-button__plane-hover{background-color:rgba(0,0,0,0.55);border-style:solid;border-color:#FECC76;border-width:2px 2px 2px 2px;}<\/style>\t\t\t\t<\/div>\n\t\t\t\t<\/div>\n\t\t\t\t<div class=\"elementor-element elementor-element-iwgcn-inuit-ccd elementor-widget elementor-widget-text-editor\" data-id=\"iwgcn-inuit-ccd\" data-element_type=\"widget\" data-e-type=\"widget\" data-widget_type=\"text-editor.default\">\n\t\t\t\t\t\t\t\t\t<div data-nosnippet=\"true\"><p style=\"text-align:center;font-size:13px;opacity:0.7;margin-top:14px\" data-nosnippet=\"true\">Henkil\u00f6kohtaiset kokemukset voivat vaihdella. Ei l\u00e4\u00e4kinn\u00e4llinen laite. Ei paranemislupausta.<\/p><\/div>\t\t\t\t\t\t\t\t<\/div>\n\t\t\t\t\t<\/div>\n\t\t\t\t<\/div>\n\t\t\t\t\t<\/div>\n\t\t\t\t<\/div>\n\t\t<div class=\"elementor-element elementor-element-iwgcn-inuit-disc e-flex e-con-boxed e-con e-parent\" data-id=\"iwgcn-inuit-disc\" data-element_type=\"container\" data-e-type=\"container\">\n\t\t\t\t\t<div class=\"e-con-inner\">\n\t\t\t\t<div class=\"elementor-element elementor-element-iwgcn-inuit-discw elementor-widget elementor-widget-html\" data-id=\"iwgcn-inuit-discw\" data-element_type=\"widget\" data-e-type=\"widget\" data-widget_type=\"html.default\">\n\t\t\t\t\t<footer data-nosnippet=\"true\" class=\"iwg-disclaimer-block\"><p data-nosnippet=\"true\">iWell Guard <strong>ei ole l\u00e4\u00e4kinn\u00e4llinen laite<\/strong>, eik\u00e4 se korvaa l\u00e4\u00e4k\u00e4rin tai psykoterapeutin hoitoa. Uskontotieteelliset sis\u00e4ll\u00f6t ovat kulttuurihistoriallista tarkastelua, ei suositus hengelliseen k\u00e4yt\u00e4nt\u00f6\u00f6n.<\/p><\/footer>\t\t\t\t<\/div>\n\t\t\t\t\t<\/div>\n\t\t\t\t<\/div>\n\t\t\t\t<\/div>\n\t\t","protected":false},"excerpt":{"rendered":"","protected":false},"author":3,"featured_media":2882,"parent":0,"menu_order":0,"comment_status":"closed","ping_status":"closed","template":"elementor_header_footer","meta":{"_yoast_wpseo_focuskw":"Inuiittien uskonto","_yoast_wpseo_title":"Inuit \u2013 arktinen uskonto, angakkuq ja suojaesineet","_yoast_wpseo_metadesc":"Inuiittien uskonto iWell Guardissa: arktiset perinteet Sednan, tornien, angakkuqin ja suojaesineiden kanssa, uskontotieteellisesti tarkasteltuna.","_yoast_wpseo_meta-robots-noindex":"","_yoast_wpseo_canonical":"","_angie_page":false,"gefaehrdungsstufe":"","wesen_kultur":"","wesen_klasse":"","footnotes":""},"categories":[],"class_list":["post-144152","page","type-page","status-publish","has-post-thumbnail","hentry"],"yoast_head":"<!-- This site is optimized with the Yoast SEO Premium plugin v27.7 (Yoast SEO v28.3) - https:\/\/yoast.com\/product\/yoast-seo-premium-wordpress\/ -->\n<title>Inuit \u2013 arktinen uskonto, angakkuq ja suojaesineet<\/title>\n<meta name=\"description\" content=\"Inuiittien uskonto iWell Guardissa: arktiset perinteet Sednan, tornien, angakkuqin ja suojaesineiden kanssa, uskontotieteellisesti tarkasteltuna.\" \/>\n<meta name=\"robots\" content=\"index, follow, max-snippet:-1, max-image-preview:large, max-video-preview:-1\" \/>\n<link rel=\"canonical\" href=\"https:\/\/iwell-guard.com\/fi\/inuit-ja-arktis-sedna-tornit\/\" \/>\n<meta property=\"og:locale\" content=\"fi_FI\" \/>\n<meta property=\"og:type\" content=\"article\" \/>\n<meta property=\"og:title\" content=\"Inuit ja arktinen alue \u2013 Sedna, tornit ja suojeluk\u00e4yt\u00e4nn\u00f6t\" \/>\n<meta property=\"og:description\" content=\"Inuiittien uskonto iWell Guardissa: arktiset perinteet Sednan, tornien, angakkuqin ja suojaesineiden kanssa, uskontotieteellisesti tarkasteltuna.\" \/>\n<meta property=\"og:url\" content=\"https:\/\/iwell-guard.com\/fi\/inuit-ja-arktis-sedna-tornit\/\" \/>\n<meta property=\"og:site_name\" content=\"iWell Guard\" \/>\n<meta property=\"article:modified_time\" content=\"2026-09-03T12:52:12+00:00\" \/>\n<meta property=\"og:image\" content=\"https:\/\/iwell-guard.com\/wp-content\/uploads\/2026\/05\/goetter_inuit_igaluk.webp\" \/>\n\t<meta property=\"og:image:width\" content=\"1024\" \/>\n\t<meta property=\"og:image:height\" content=\"1536\" \/>\n\t<meta property=\"og:image:type\" content=\"image\/webp\" \/>\n<meta name=\"twitter:card\" content=\"summary_large_image\" \/>\n<script type=\"application\/ld+json\" class=\"yoast-schema-graph\">{\"@context\":\"https:\\\/\\\/schema.org\",\"@graph\":[{\"@type\":\"WebPage\",\"@id\":\"https:\\\/\\\/iwell-guard.com\\\/fi\\\/inuit-ja-arktis-sedna-tornit\\\/\",\"url\":\"https:\\\/\\\/iwell-guard.com\\\/fi\\\/inuit-ja-arktis-sedna-tornit\\\/\",\"name\":\"Inuit \u2013 arktinen uskonto, angakkuq ja suojaesineet\",\"isPartOf\":{\"@id\":\"https:\\\/\\\/iwell-guard.com\\\/fi\\\/#website\"},\"primaryImageOfPage\":{\"@id\":\"https:\\\/\\\/iwell-guard.com\\\/fi\\\/inuit-ja-arktis-sedna-tornit\\\/#primaryimage\"},\"image\":{\"@id\":\"https:\\\/\\\/iwell-guard.com\\\/fi\\\/inuit-ja-arktis-sedna-tornit\\\/#primaryimage\"},\"thumbnailUrl\":\"https:\\\/\\\/iwell-guard.com\\\/wp-content\\\/uploads\\\/2026\\\/05\\\/goetter_inuit_igaluk.webp\",\"datePublished\":\"2026-09-03T12:32:30+00:00\",\"dateModified\":\"2026-09-03T12:52:12+00:00\",\"description\":\"Inuiittien uskonto iWell Guardissa: arktiset perinteet Sednan, tornien, angakkuqin ja suojaesineiden kanssa, uskontotieteellisesti tarkasteltuna.\",\"breadcrumb\":{\"@id\":\"https:\\\/\\\/iwell-guard.com\\\/fi\\\/inuit-ja-arktis-sedna-tornit\\\/#breadcrumb\"},\"inLanguage\":\"fi\",\"potentialAction\":[{\"@type\":\"ReadAction\",\"target\":[\"https:\\\/\\\/iwell-guard.com\\\/fi\\\/inuit-ja-arktis-sedna-tornit\\\/\"]}]},{\"@type\":\"ImageObject\",\"inLanguage\":\"fi\",\"@id\":\"https:\\\/\\\/iwell-guard.com\\\/fi\\\/inuit-ja-arktis-sedna-tornit\\\/#primaryimage\",\"url\":\"https:\\\/\\\/iwell-guard.com\\\/wp-content\\\/uploads\\\/2026\\\/05\\\/goetter_inuit_igaluk.webp\",\"contentUrl\":\"https:\\\/\\\/iwell-guard.com\\\/wp-content\\\/uploads\\\/2026\\\/05\\\/goetter_inuit_igaluk.webp\",\"width\":1024,\"height\":1536,\"caption\":\"Jumalia inuiittiperinteest\u00e4.\"},{\"@type\":\"BreadcrumbList\",\"@id\":\"https:\\\/\\\/iwell-guard.com\\\/fi\\\/inuit-ja-arktis-sedna-tornit\\\/#breadcrumb\",\"itemListElement\":[{\"@type\":\"ListItem\",\"position\":1,\"name\":\"Start\",\"item\":\"https:\\\/\\\/iwell-guard.com\\\/fi\\\/?page_id=143815\"},{\"@type\":\"ListItem\",\"position\":2,\"name\":\"Inuit ja arktinen alue \u2013 Sedna, tornit ja suojeluk\u00e4yt\u00e4nn\u00f6t\"}]},{\"@type\":\"WebSite\",\"@id\":\"https:\\\/\\\/iwell-guard.com\\\/fi\\\/#website\",\"url\":\"https:\\\/\\\/iwell-guard.com\\\/fi\\\/\",\"name\":\"iWell Guard\",\"description\":\"Schutz vor dunklen Einfl\u00fcssen\",\"publisher\":{\"@id\":\"https:\\\/\\\/iwell-guard.com\\\/fi\\\/#organization\"},\"potentialAction\":[{\"@type\":\"SearchAction\",\"target\":{\"@type\":\"EntryPoint\",\"urlTemplate\":\"https:\\\/\\\/iwell-guard.com\\\/fi\\\/?s={search_term_string}\"},\"query-input\":{\"@type\":\"PropertyValueSpecification\",\"valueRequired\":true,\"valueName\":\"search_term_string\"}}],\"inLanguage\":\"fi\"},{\"@type\":\"Organization\",\"@id\":\"https:\\\/\\\/iwell-guard.com\\\/fi\\\/#organization\",\"name\":\"Ittermann electronic GmbH\",\"url\":\"https:\\\/\\\/iwell-guard.com\\\/fi\\\/\",\"logo\":{\"@type\":\"ImageObject\",\"inLanguage\":\"fi\",\"@id\":\"https:\\\/\\\/iwell-guard.com\\\/fi\\\/#\\\/schema\\\/logo\\\/image\\\/\",\"url\":\"https:\\\/\\\/iwell-guard.com\\\/wp-content\\\/uploads\\\/2026\\\/05\\\/Ittermann-Logo-1182x237-1.png\",\"contentUrl\":\"https:\\\/\\\/iwell-guard.com\\\/wp-content\\\/uploads\\\/2026\\\/05\\\/Ittermann-Logo-1182x237-1.png\",\"width\":1182,\"height\":237,\"caption\":\"Ittermann electronic GmbH\"},\"image\":{\"@id\":\"https:\\\/\\\/iwell-guard.com\\\/fi\\\/#\\\/schema\\\/logo\\\/image\\\/\"},\"sameAs\":[\"https:\\\/\\\/pantip.com\\\/profile\\\/9367242\",\"https:\\\/\\\/micro.blog\\\/iwellguard\",\"https:\\\/\\\/www.diggerslist.com\\\/iwellguard\\\/about\",\"https:\\\/\\\/skitterphoto.com\\\/photographers\\\/2870314\\\/iwell-guard\",\"https:\\\/\\\/iwellguard.wordpress.com\\\/2026\\\/06\\\/06\\\/iwell-guard\\\/\",\"https:\\\/\\\/hub.docker.com\\\/u\\\/iwellguard\",\"https:\\\/\\\/www.pinterest.com\\\/iwellguard\\\/\",\"https:\\\/\\\/bit.ly\\\/m\\\/iwellguard\",\"https:\\\/\\\/entre-vos-mains.alsace.eu\\\/profiles\\\/iwellguard\\\/activity\",\"https:\\\/\\\/gravatar.com\\\/reallybeded8fd34\",\"https:\\\/\\\/naijamatta.com\\\/iwellguard\",\"https:\\\/\\\/www.goodreads.com\\\/iwellguard\",\"https:\\\/\\\/profile.hatena.ne.jp\\\/iwellguard\\\/\",\"https:\\\/\\\/experiment.com\\\/users\\\/iwellguard\",\"https:\\\/\\\/wakelet.com\\\/@iWellGuard82270\",\"https:\\\/\\\/www.chordie.com\\\/forum\\\/profile.php?id=2555664\",\"https:\\\/\\\/www.instapaper.com\\\/p\\\/17757966\",\"https:\\\/\\\/www.mapleprimes.com\\\/users\\\/iwellguard\",\"https:\\\/\\\/businesslistingplus.com\\\/profile\\\/iwell-guard\\\/\",\"https:\\\/\\\/telegra.ph\\\/iWell-Guard-06-06\",\"https:\\\/\\\/pbase.com\\\/iwellguard\\\/iwellguard\",\"https:\\\/\\\/b.hatena.ne.jp\\\/iwellguard\\\/20260607#bookmark-4788405196491818882\",\"https:\\\/\\\/fliphtml5.com\\\/home\\\/iwellguard\",\"https:\\\/\\\/anyflip.com\\\/homepage\\\/cmiwl#About\",\"https:\\\/\\\/transfur.com\\\/Users\\\/iwellguard\",\"http:\\\/\\\/delphi.larsbo.org\\\/user\\\/iwellguard\",\"https:\\\/\\\/jobs.lajobsportal.org\\\/profiles\\\/8380803-iwell-guard\",\"https:\\\/\\\/md.chaosdorf.de\\\/s\\\/jfbe5SBdJD\",\"https:\\\/\\\/www.lingvolive.com\\\/en-us\\\/profile\\\/9ecaeaca-ce11-4e51-9e71-01d55e2bff36\\\/translations\",\"https:\\\/\\\/www.fitday.com\\\/fitness\\\/forums\\\/members\\\/iwellguard.html\",\"https:\\\/\\\/www.mymeetbook.com\\\/iwellguard\",\"https:\\\/\\\/pxhere.com\\\/en\\\/photographer-me\\\/5040798\",\"https:\\\/\\\/disqus.com\\\/by\\\/iwellguard\\\/about\\\/\",\"https:\\\/\\\/pastelink.net\\\/hjwciqwq\",\"https:\\\/\\\/pubhtml5.com\\\/homepage\\\/scjhn\\\/\",\"https:\\\/\\\/www.bitchute.com\\\/channel\\\/2O2eOKzNqujT\",\"https:\\\/\\\/audiomack.com\\\/iwellguard\"]}]}<\/script>\n<!-- \/ Yoast SEO Premium plugin. -->","yoast_head_json":{"title":"Inuit \u2013 arktinen uskonto, angakkuq ja suojaesineet","description":"Inuiittien uskonto iWell Guardissa: arktiset perinteet Sednan, tornien, angakkuqin ja suojaesineiden kanssa, uskontotieteellisesti tarkasteltuna.","robots":{"index":"index","follow":"follow","max-snippet":"max-snippet:-1","max-image-preview":"max-image-preview:large","max-video-preview":"max-video-preview:-1"},"canonical":"https:\/\/iwell-guard.com\/fi\/inuit-ja-arktis-sedna-tornit\/","og_locale":"fi_FI","og_type":"article","og_title":"Inuit ja arktinen alue \u2013 Sedna, tornit ja suojeluk\u00e4yt\u00e4nn\u00f6t","og_description":"Inuiittien uskonto iWell Guardissa: arktiset perinteet Sednan, tornien, angakkuqin ja suojaesineiden kanssa, uskontotieteellisesti tarkasteltuna.","og_url":"https:\/\/iwell-guard.com\/fi\/inuit-ja-arktis-sedna-tornit\/","og_site_name":"iWell Guard","article_modified_time":"2026-09-03T12:52:12+00:00","og_image":[{"width":1024,"height":1536,"url":"https:\/\/iwell-guard.com\/wp-content\/uploads\/2026\/05\/goetter_inuit_igaluk.webp","type":"image\/webp"}],"twitter_card":"summary_large_image","schema":{"@context":"https:\/\/schema.org","@graph":[{"@type":"WebPage","@id":"https:\/\/iwell-guard.com\/fi\/inuit-ja-arktis-sedna-tornit\/","url":"https:\/\/iwell-guard.com\/fi\/inuit-ja-arktis-sedna-tornit\/","name":"Inuit \u2013 arktinen uskonto, angakkuq ja suojaesineet","isPartOf":{"@id":"https:\/\/iwell-guard.com\/fi\/#website"},"primaryImageOfPage":{"@id":"https:\/\/iwell-guard.com\/fi\/inuit-ja-arktis-sedna-tornit\/#primaryimage"},"image":{"@id":"https:\/\/iwell-guard.com\/fi\/inuit-ja-arktis-sedna-tornit\/#primaryimage"},"thumbnailUrl":"https:\/\/iwell-guard.com\/wp-content\/uploads\/2026\/05\/goetter_inuit_igaluk.webp","datePublished":"2026-09-03T12:32:30+00:00","dateModified":"2026-09-03T12:52:12+00:00","description":"Inuiittien uskonto iWell Guardissa: arktiset perinteet Sednan, tornien, angakkuqin ja suojaesineiden kanssa, uskontotieteellisesti tarkasteltuna.","breadcrumb":{"@id":"https:\/\/iwell-guard.com\/fi\/inuit-ja-arktis-sedna-tornit\/#breadcrumb"},"inLanguage":"fi","potentialAction":[{"@type":"ReadAction","target":["https:\/\/iwell-guard.com\/fi\/inuit-ja-arktis-sedna-tornit\/"]}]},{"@type":"ImageObject","inLanguage":"fi","@id":"https:\/\/iwell-guard.com\/fi\/inuit-ja-arktis-sedna-tornit\/#primaryimage","url":"https:\/\/iwell-guard.com\/wp-content\/uploads\/2026\/05\/goetter_inuit_igaluk.webp","contentUrl":"https:\/\/iwell-guard.com\/wp-content\/uploads\/2026\/05\/goetter_inuit_igaluk.webp","width":1024,"height":1536,"caption":"Jumalia inuiittiperinteest\u00e4."},{"@type":"BreadcrumbList","@id":"https:\/\/iwell-guard.com\/fi\/inuit-ja-arktis-sedna-tornit\/#breadcrumb","itemListElement":[{"@type":"ListItem","position":1,"name":"Start","item":"https:\/\/iwell-guard.com\/fi\/?page_id=143815"},{"@type":"ListItem","position":2,"name":"Inuit ja arktinen alue \u2013 Sedna, tornit ja suojeluk\u00e4yt\u00e4nn\u00f6t"}]},{"@type":"WebSite","@id":"https:\/\/iwell-guard.com\/fi\/#website","url":"https:\/\/iwell-guard.com\/fi\/","name":"iWell Guard","description":"Schutz vor dunklen Einfl\u00fcssen","publisher":{"@id":"https:\/\/iwell-guard.com\/fi\/#organization"},"potentialAction":[{"@type":"SearchAction","target":{"@type":"EntryPoint","urlTemplate":"https:\/\/iwell-guard.com\/fi\/?s={search_term_string}"},"query-input":{"@type":"PropertyValueSpecification","valueRequired":true,"valueName":"search_term_string"}}],"inLanguage":"fi"},{"@type":"Organization","@id":"https:\/\/iwell-guard.com\/fi\/#organization","name":"Ittermann electronic GmbH","url":"https:\/\/iwell-guard.com\/fi\/","logo":{"@type":"ImageObject","inLanguage":"fi","@id":"https:\/\/iwell-guard.com\/fi\/#\/schema\/logo\/image\/","url":"https:\/\/iwell-guard.com\/wp-content\/uploads\/2026\/05\/Ittermann-Logo-1182x237-1.png","contentUrl":"https:\/\/iwell-guard.com\/wp-content\/uploads\/2026\/05\/Ittermann-Logo-1182x237-1.png","width":1182,"height":237,"caption":"Ittermann electronic GmbH"},"image":{"@id":"https:\/\/iwell-guard.com\/fi\/#\/schema\/logo\/image\/"},"sameAs":["https:\/\/pantip.com\/profile\/9367242","https:\/\/micro.blog\/iwellguard","https:\/\/www.diggerslist.com\/iwellguard\/about","https:\/\/skitterphoto.com\/photographers\/2870314\/iwell-guard","https:\/\/iwellguard.wordpress.com\/2026\/06\/06\/iwell-guard\/","https:\/\/hub.docker.com\/u\/iwellguard","https:\/\/www.pinterest.com\/iwellguard\/","https:\/\/bit.ly\/m\/iwellguard","https:\/\/entre-vos-mains.alsace.eu\/profiles\/iwellguard\/activity","https:\/\/gravatar.com\/reallybeded8fd34","https:\/\/naijamatta.com\/iwellguard","https:\/\/www.goodreads.com\/iwellguard","https:\/\/profile.hatena.ne.jp\/iwellguard\/","https:\/\/experiment.com\/users\/iwellguard","https:\/\/wakelet.com\/@iWellGuard82270","https:\/\/www.chordie.com\/forum\/profile.php?id=2555664","https:\/\/www.instapaper.com\/p\/17757966","https:\/\/www.mapleprimes.com\/users\/iwellguard","https:\/\/businesslistingplus.com\/profile\/iwell-guard\/","https:\/\/telegra.ph\/iWell-Guard-06-06","https:\/\/pbase.com\/iwellguard\/iwellguard","https:\/\/b.hatena.ne.jp\/iwellguard\/20260607#bookmark-4788405196491818882","https:\/\/fliphtml5.com\/home\/iwellguard","https:\/\/anyflip.com\/homepage\/cmiwl#About","https:\/\/transfur.com\/Users\/iwellguard","http:\/\/delphi.larsbo.org\/user\/iwellguard","https:\/\/jobs.lajobsportal.org\/profiles\/8380803-iwell-guard","https:\/\/md.chaosdorf.de\/s\/jfbe5SBdJD","https:\/\/www.lingvolive.com\/en-us\/profile\/9ecaeaca-ce11-4e51-9e71-01d55e2bff36\/translations","https:\/\/www.fitday.com\/fitness\/forums\/members\/iwellguard.html","https:\/\/www.mymeetbook.com\/iwellguard","https:\/\/pxhere.com\/en\/photographer-me\/5040798","https:\/\/disqus.com\/by\/iwellguard\/about\/","https:\/\/pastelink.net\/hjwciqwq","https:\/\/pubhtml5.com\/homepage\/scjhn\/","https:\/\/www.bitchute.com\/channel\/2O2eOKzNqujT","https:\/\/audiomack.com\/iwellguard"]}]}},"_links":{"self":[{"href":"https:\/\/iwell-guard.com\/fi\/wp-json\/wp\/v2\/pages\/144152","targetHints":{"allow":["GET"]}}],"collection":[{"href":"https:\/\/iwell-guard.com\/fi\/wp-json\/wp\/v2\/pages"}],"about":[{"href":"https:\/\/iwell-guard.com\/fi\/wp-json\/wp\/v2\/types\/page"}],"author":[{"embeddable":true,"href":"https:\/\/iwell-guard.com\/fi\/wp-json\/wp\/v2\/users\/3"}],"replies":[{"embeddable":true,"href":"https:\/\/iwell-guard.com\/fi\/wp-json\/wp\/v2\/comments?post=144152"}],"version-history":[{"count":0,"href":"https:\/\/iwell-guard.com\/fi\/wp-json\/wp\/v2\/pages\/144152\/revisions"}],"wp:featuredmedia":[{"embeddable":true,"href":"https:\/\/iwell-guard.com\/fi\/wp-json\/wp\/v2\/media\/2882"}],"wp:attachment":[{"href":"https:\/\/iwell-guard.com\/fi\/wp-json\/wp\/v2\/media?parent=144152"}],"wp:term":[{"taxonomy":"category","embeddable":true,"href":"https:\/\/iwell-guard.com\/fi\/wp-json\/wp\/v2\/categories?post=144152"}],"curies":[{"name":"wp","href":"https:\/\/api.w.org\/{rel}","templated":true}]}}