{"id":144118,"date":"2026-09-03T12:32:09","date_gmt":"2026-09-03T12:32:09","guid":{"rendered":"https:\/\/iwell-guard.com\/?page_id=144118"},"modified":"2026-09-03T12:51:29","modified_gmt":"2026-09-03T12:51:29","slug":"belial","status":"publish","type":"page","link":"https:\/\/iwell-guard.com\/fi\/belial\/","title":{"rendered":"Belial"},"content":{"rendered":"\t\t<div data-elementor-type=\"wp-page\" data-elementor-id=\"144118\" class=\"elementor elementor-144118 elementor-2257 elementor-bc-flex-widget\" data-elementor-post-type=\"page\">\n\t\t\t\t<div class=\"elementor-element elementor-element-10fdade e-flex e-con-boxed e-con e-parent\" data-id=\"10fdade\" data-element_type=\"container\" data-e-type=\"container\" data-settings=\"{&quot;background_background&quot;:&quot;classic&quot;}\">\n\t\t\t\t\t<div class=\"e-con-inner\">\n\t\t<div class=\"elementor-element elementor-element-herohlft0 e-flex e-con-boxed e-con e-child\" data-id=\"herohlft0\" data-element_type=\"container\" data-e-type=\"container\">\n\t\t\t\t\t<div class=\"e-con-inner\">\n\t\t<div class=\"elementor-element elementor-element-c3ceb64 e-con-full e-flex e-con e-child\" data-id=\"c3ceb64\" data-element_type=\"container\" data-e-type=\"container\">\n\t\t\t\t<div class=\"elementor-element elementor-element-96ae5e1 elementor-widget elementor-widget-heading\" data-id=\"96ae5e1\" data-element_type=\"widget\" data-e-type=\"widget\" data-widget_type=\"heading.default\">\n\t\t\t\t\t<h1 class=\"elementor-heading-title elementor-size-default\">Belial, kuningas ja sanojen enkeli<\/h1>\t\t\t\t<\/div>\n\t\t\t\t<div class=\"elementor-element elementor-element-e45238a elementor-widget elementor-widget-text-editor\" data-id=\"e45238a\" data-element_type=\"widget\" data-e-type=\"widget\" data-widget_type=\"text-editor.default\">\n\t\t\t\t\t\t\t\t\t<p><strong>Belial kuuluu<\/strong> juutalaisen ja kristillisen demonologian vanhimpiin ja kielellisesti antoisimpiin hahmoihin. Toisin kuin Bael tai Paimon, joiden juuret johtavat foinikialais-orientaalisiin jumaliin, Belial pohjautuu heprealaiseen kielenk\u00e4ytt\u00f6\u00f6n ja varhaisjuutalaiseen apokalyptiikkaan.<\/p><p>Moraalisesta abstraktik\u00e4sitteest\u00e4 kehittyi Qumranin kirjoitusten kautta nimetty kosminen vastustaja. Goetiassa h\u00e4n on kahdeksankymmenesyhdeks\u00e4s<span class=\"iwg-fachbegriff\" data-tooltip=\"Ruumiiton olento, jolle katsotaan olevan vaikutusta maailmassa.\" tabindex=\"0\">henki<\/span> ja h\u00e4nen sanotaan olevan kuningas, jolla on k\u00e4skyvalta kahdeksankymmeneen legioonaan.<\/p>\t\t\t\t\t\t\t\t<\/div>\n\t\t\t\t<\/div>\n\t\t<div class=\"elementor-element elementor-element-klsbdg01 e-con-full e-flex e-con e-parent\" data-id=\"klsbdg01\" data-element_type=\"container\" data-e-type=\"container\">\n\t\t\t\t<div class=\"elementor-element elementor-element-klshtm01 elementor-widget elementor-widget-html\" data-id=\"klshtm01\" data-element_type=\"widget\" data-e-type=\"widget\" data-widget_type=\"html.default\">\n\t\t\t\t\t<div class=\"iwg-pill-row\"><span class=\"iwg-klasse-badge\" tabindex=\"0\" data-tooltip=\"Demoni: yliluonnollinen, usein vahingollinen olento jumalten ja ihmisten v\u00e4liss\u00e4.\">Demoni<\/span><a href=\"https:\/\/iwell-guard.com\/fi\/?page_id=143847\" class=\"iwg-kultur-badge\" tabindex=\"0\" data-tooltip=\"Kristillinen perinne 1. vuosisadalta jaa. l\u00e4htien.\">Kristinusko<\/a><\/div>\t\t\t\t<\/div>\n\t\t\t\t<\/div>\n\t\t<div class=\"elementor-element elementor-element-3f74855 e-con-full e-flex e-con e-child\" data-id=\"3f74855\" data-element_type=\"container\" data-e-type=\"container\">\n\t\t\t\t<div class=\"elementor-element elementor-element-1c30362 elementor-toc--minimized-on-tablet elementor-widget elementor-widget-table-of-contents\" data-id=\"1c30362\" data-element_type=\"widget\" data-e-type=\"widget\" data-settings=\"{&quot;exclude_headings_by_selector&quot;:[],&quot;no_headings_message&quot;:&quot;T\\u00e4lt\\u00e4 sivulta ei l\\u00f6ytynyt otsikoita.&quot;,&quot;headings_by_tags&quot;:[&quot;h2&quot;,&quot;h3&quot;],&quot;marker_view&quot;:&quot;bullets&quot;,&quot;minimize_box&quot;:&quot;yes&quot;,&quot;icon&quot;:{&quot;value&quot;:&quot;fas fa-circle&quot;,&quot;library&quot;:&quot;fa-solid&quot;,&quot;rendered_tag&quot;:&quot;&lt;svg class=\\&quot;e-font-icon-svg e-fas-circle\\&quot; viewBox=\\&quot;0 0 512 512\\&quot; xmlns=\\&quot;http:\\\/\\\/www.w3.org\\\/2000\\\/svg\\&quot;&gt;&lt;path d=\\&quot;M256 8C119 8 8 119 8 256s111 248 248 248 248-111 248-248S393 8 256 8z\\&quot;&gt;&lt;\\\/path&gt;&lt;\\\/svg&gt;&quot;},&quot;minimized_on&quot;:&quot;tablet&quot;,&quot;hierarchical_view&quot;:&quot;yes&quot;,&quot;min_height&quot;:{&quot;unit&quot;:&quot;px&quot;,&quot;size&quot;:&quot;&quot;,&quot;sizes&quot;:[]},&quot;min_height_tablet&quot;:{&quot;unit&quot;:&quot;px&quot;,&quot;size&quot;:&quot;&quot;,&quot;sizes&quot;:[]},&quot;min_height_mobile&quot;:{&quot;unit&quot;:&quot;px&quot;,&quot;size&quot;:&quot;&quot;,&quot;sizes&quot;:[]}}\" data-widget_type=\"table-of-contents.default\">\n\t\t\t\t\t\t\t\t\t<div class=\"elementor-toc__header\">\n\t\t\t\t\t\t<h2 class=\"elementor-toc__header-title\">\n\t\t\t\tSis\u00e4llysluettelo\t\t\t<\/h2>\n\t\t\t\t\t\t\t\t\t\t<div class=\"elementor-toc__toggle-button elementor-toc__toggle-button--expand\" role=\"button\" tabindex=\"0\" aria-controls=\"elementor-toc__1c30362\" aria-expanded=\"true\" aria-label=\"Open table of contents\"><svg aria-hidden=\"true\" class=\"e-font-icon-svg e-fas-chevron-down\" viewBox=\"0 0 448 512\" xmlns=\"http:\/\/www.w3.org\/2000\/svg\"><path d=\"M207.029 381.476L12.686 187.132c-9.373-9.373-9.373-24.569 0-33.941l22.667-22.667c9.357-9.357 24.522-9.375 33.901-.04L224 284.505l154.745-154.021c9.379-9.335 24.544-9.317 33.901.04l22.667 22.667c9.373 9.373 9.373 24.569 0 33.941L240.971 381.476c-9.373 9.372-24.569 9.372-33.942 0z\"><\/path><\/svg><\/div>\n\t\t\t\t<div class=\"elementor-toc__toggle-button elementor-toc__toggle-button--collapse\" role=\"button\" tabindex=\"0\" aria-controls=\"elementor-toc__1c30362\" aria-expanded=\"true\" aria-label=\"Close table of contents\"><svg aria-hidden=\"true\" class=\"e-font-icon-svg e-fas-chevron-up\" viewBox=\"0 0 448 512\" xmlns=\"http:\/\/www.w3.org\/2000\/svg\"><path d=\"M240.971 130.524l194.343 194.343c9.373 9.373 9.373 24.569 0 33.941l-22.667 22.667c-9.357 9.357-24.522 9.375-33.901.04L224 227.495 69.255 381.516c-9.379 9.335-24.544 9.317-33.901-.04l-22.667-22.667c-9.373-9.373-9.373-24.569 0-33.941L207.03 130.525c9.372-9.373 24.568-9.373 33.941-.001z\"><\/path><\/svg><\/div>\n\t\t\t\t\t<\/div>\n\t\t\t\t<div id=\"elementor-toc__1c30362\" class=\"elementor-toc__body\">\n\t\t\t<div class=\"elementor-toc__spinner-container\">\n\t\t\t\t<svg class=\"elementor-toc__spinner eicon-animation-spin e-font-icon-svg e-eicon-loading\" aria-hidden=\"true\" viewBox=\"0 0 1000 1000\" xmlns=\"http:\/\/www.w3.org\/2000\/svg\"><path d=\"M500 975V858C696 858 858 696 858 500S696 142 500 142 142 304 142 500H25C25 237 238 25 500 25S975 237 975 500 763 975 500 975Z\"><\/path><\/svg>\t\t\t<\/div>\n\t\t<\/div>\n\t\t\t\t\t\t<\/div>\n\t\t\t\t<\/div>\n\t\t\t\t\t<\/div>\n\t\t\t\t<\/div>\n\t\t<div class=\"elementor-element elementor-element-herorght0 e-con-full e-flex e-con e-child\" data-id=\"herorght0\" data-element_type=\"container\" data-e-type=\"container\">\n\t\t\t\t<div class=\"elementor-element elementor-element-heroimg00 iwg-hero-image elementor-widget elementor-widget-image\" data-id=\"heroimg00\" data-element_type=\"widget\" data-e-type=\"widget\" data-widget_type=\"image.default\">\n\t\t\t\t\t\t\t\t\t\t\t\t\t\t\t<img fetchpriority=\"high\" decoding=\"async\" width=\"683\" height=\"1024\" src=\"https:\/\/iwell-guard.com\/wp-content\/uploads\/2026\/05\/daemonen_christentum_belial-683x1024.webp\" class=\"attachment-large size-large wp-image-148860\" alt=\"Belial, kristillis-okkultistisen Goetia-perinteen demoni\" srcset=\"https:\/\/iwell-guard.com\/wp-content\/uploads\/2026\/05\/daemonen_christentum_belial-683x1024.webp 683w, https:\/\/iwell-guard.com\/wp-content\/uploads\/2026\/05\/daemonen_christentum_belial-200x300.webp 200w, https:\/\/iwell-guard.com\/wp-content\/uploads\/2026\/05\/daemonen_christentum_belial-768x1152.webp 768w, https:\/\/iwell-guard.com\/wp-content\/uploads\/2026\/05\/daemonen_christentum_belial.webp 1024w\" sizes=\"(max-width: 683px) 100vw, 683px\" \/>\t\t\t\t\t\t\t\t\t\t\t\t\t\t\t<\/div>\n\t\t\t\t<\/div>\n\t\t\t\t\t<\/div>\n\t\t\t\t<\/div>\n\t\t<div class=\"elementor-element elementor-element-32917199 e-flex e-con-boxed e-con e-parent\" data-id=\"32917199\" data-element_type=\"container\" data-e-type=\"container\">\n\t\t\t\t\t<div class=\"e-con-inner\">\n\t\t<div class=\"elementor-element elementor-element-26e916cb e-flex e-con-boxed e-con e-child\" data-id=\"26e916cb\" data-element_type=\"container\" data-e-type=\"container\">\n\t\t\t\t\t<div class=\"e-con-inner\">\n\t\t<div class=\"elementor-element elementor-element-253a40d4 e-flex e-con-boxed e-con e-child\" data-id=\"253a40d4\" data-element_type=\"container\" data-e-type=\"container\">\n\t\t\t\t\t<div class=\"e-con-inner\">\n\t\t\t\t<div class=\"elementor-element elementor-element-1200c304 elementor-widget elementor-widget-heading\" data-id=\"1200c304\" data-element_type=\"widget\" data-e-type=\"widget\" data-widget_type=\"heading.default\">\n\t\t\t\t\t<h2 class=\"elementor-heading-title elementor-size-default\">Belial<\/h2>\t\t\t\t<\/div>\n\t\t\t\t<div class=\"elementor-element elementor-element-11758e7f elementor-widget elementor-widget-text-editor\" data-id=\"11758e7f\" data-element_type=\"widget\" data-e-type=\"widget\" data-widget_type=\"text-editor.default\">\n\t\t\t\t\t\t\t\t\t<p><strong>Belial kuuluu<\/strong> juutalaisen ja kristillisen demonologian vanhimpiin ja kielellisesti antoisimpiin hahmoihin. Toisin kuin Bael tai Paimon, joiden juuret johtavat foinikialais-orientaalisiin jumaliin, Belial pohjautuu heprealaiseen kielenk\u00e4ytt\u00f6\u00f6n ja varhaisjuutalaiseen apokalyptiikkaan.<\/p><p>Moraalisesta abstraktik\u00e4sitteest\u00e4 kehittyi Qumranin kirjoitusten kautta nimetty kosminen vastustaja. Goetiassa h\u00e4n on kahdeksankymmenesyhdeks\u00e4s<span class=\"iwg-fachbegriff\" data-tooltip=\"Ruumiiton olento, jolle katsotaan olevan vaikutusta maailmassa.\" tabindex=\"0\">henki<\/span> ja h\u00e4nen sanotaan olevan kuningas, jolla on k\u00e4skyvalta kahdeksankymmeneen legioonaan.<\/p>\t\t\t\t\t\t\t\t<\/div>\n\t\t\t\t\t<\/div>\n\t\t\t\t<\/div>\n\t\t<div class=\"elementor-element elementor-element-159dcf9a e-flex e-con-boxed e-con e-child\" data-id=\"159dcf9a\" data-element_type=\"container\" data-e-type=\"container\">\n\t\t\t\t\t<div class=\"e-con-inner\">\n\t\t\t\t<div class=\"elementor-element elementor-element-48cee66f elementor-widget elementor-widget-heading\" data-id=\"48cee66f\" data-element_type=\"widget\" data-e-type=\"widget\" data-widget_type=\"heading.default\">\n\t\t\t\t\t<h2 class=\"elementor-heading-title elementor-size-default\">Pikakatsaus: Belial<\/h2>\t\t\t\t<\/div>\n\t\t\t\t<div class=\"elementor-element elementor-element-3f50d82c elementor-widget elementor-widget-text-editor\" data-id=\"3f50d82c\" data-element_type=\"widget\" data-e-type=\"widget\" data-widget_type=\"text-editor.default\">\n\t\t\t\t\t\t\t\t\t<p><strong>Tyyppi:<\/strong> <span class=\"iwg-fachbegriff\" data-tooltip=\"Henkinen olento, jolle katsotaan olevan haitallista tai ristiriitaista vaikutusta.\" tabindex=\"0\">demoni<\/span>, Ars Goetian kuningas-<span class=\"iwg-fachbegriff\" data-tooltip=\"Ruumiiton olento, jolle katsotaan olevan vaikutusta maailmassa.\" tabindex=\"0\">henki<\/span><br><strong>Alkuper\u00e4:<\/strong> heprealainen Raamattu, varhaisjuutalainen apokalyptiikka<br><strong>Arvo:<\/strong> kuningas, goetian 68. <span class=\"iwg-fachbegriff\" data-tooltip=\"Ruumiiton olento, jolle katsotaan olevan vaikutusta maailmassa.\" tabindex=\"0\">henki<\/span>, k\u00e4skyvalta 80 legioonaan<br><strong>L\u00e4hteet:<\/strong> Qumranin kirjoitukset, Kahdentoista patriarkan testamentti, Lemegeton<br><strong>Sukua:<\/strong> Lucifer, Samael, Asasel, Mastema<\/p>\t\t\t\t\t\t\t\t<\/div>\n\t\t\t\t\t<\/div>\n\t\t\t\t<\/div>\n\t\t\t\t\t<\/div>\n\t\t\t\t<\/div>\n\t\t\t\t\t<\/div>\n\t\t\t\t<\/div>\n\t\t<div class=\"elementor-element elementor-element-18613602 e-flex e-con-boxed e-con e-parent\" data-id=\"18613602\" data-element_type=\"container\" data-e-type=\"container\">\n\t\t\t\t\t<div class=\"e-con-inner\">\n\t\t\t\t<div class=\"elementor-element elementor-element-262b8a9f elementor-widget elementor-widget-heading\" data-id=\"262b8a9f\" data-element_type=\"widget\" data-e-type=\"widget\" data-widget_type=\"heading.default\">\n\t\t\t\t\t<h2 class=\"elementor-heading-title elementor-size-default\">Yleiskatsaus<\/h2>\t\t\t\t<\/div>\n\t\t<div class=\"elementor-element elementor-element-46dcb7d e-con-full e-flex e-con e-child\" data-id=\"46dcb7d\" data-element_type=\"container\" data-e-type=\"container\">\n\t\t<div class=\"elementor-element elementor-element-61d3ab3 e-flex e-con-boxed e-con e-child\" data-id=\"61d3ab3\" data-element_type=\"container\" data-e-type=\"container\">\n\t\t\t\t\t<div class=\"e-con-inner\">\n\t\t\t\t<div class=\"elementor-element elementor-element-117c166 elementor-widget elementor-widget-heading\" data-id=\"117c166\" data-element_type=\"widget\" data-e-type=\"widget\" data-widget_type=\"heading.default\">\n\t\t\t\t\t<div class=\"elementor-heading-title elementor-size-default\">Tekstien ajanjakso<\/div>\t\t\t\t<\/div>\n\t\t\t\t<div class=\"elementor-element elementor-element-73997a0 elementor-widget elementor-widget-text-editor\" data-id=\"73997a0\" data-element_type=\"widget\" data-e-type=\"widget\" data-widget_type=\"text-editor.default\">\n\t\t\t\t\t\t\t\t\t<p>Belial-<span class=\"iwg-fachbegriff\" data-tooltip=\"Tiedon ja kertomusten v\u00e4littyminen sukupolvien yli.\" tabindex=\"0\">perim\u00e4tieto<\/span> ulottuu yli kahden vuosituhannen ajalle. Heprealaisessa Raamatussa sana esiintyy yleisk\u00e4sitteen\u00e4, vailla henkil\u00f6hahmoa.<\/p><p>Erityisesti demonologinen hahmo tulee n\u00e4kyviin Qumranin kirjoituksissa, jotka ajoittuvat toiselle ja ensimm\u00e4iselle vuosisadalle ennen ajanlaskumme alkua. Kirjallinen suosionpiikki seuraa my\u00f6h\u00e4iskeskiajalla Liber Belial -teoksen my\u00f6t\u00e4 noin vuonna 1382, ja maagis-okkulttinen muoto vakiintuu lopulta 1600-luvun Lemegetonissa.<\/p>\t\t\t\t\t\t\t\t<\/div>\n\t\t\t\t\t<\/div>\n\t\t\t\t<\/div>\n\t\t<div class=\"elementor-element elementor-element-d47b156 e-flex e-con-boxed e-con e-child\" data-id=\"d47b156\" data-element_type=\"container\" data-e-type=\"container\">\n\t\t\t\t\t<div class=\"e-con-inner\">\n\t\t\t\t<div class=\"elementor-element elementor-element-ff38c2b elementor-widget elementor-widget-heading\" data-id=\"ff38c2b\" data-element_type=\"widget\" data-e-type=\"widget\" data-widget_type=\"heading.default\">\n\t\t\t\t\t<div class=\"elementor-heading-title elementor-size-default\">Levinneisyysalue<\/div>\t\t\t\t<\/div>\n\t\t\t\t<div class=\"elementor-element elementor-element-4e49fcc elementor-widget elementor-widget-text-editor\" data-id=\"4e49fcc\" data-element_type=\"widget\" data-e-type=\"widget\" data-widget_type=\"text-editor.default\">\n\t\t\t\t\t\t\t\t\t<p>L\u00e4ht\u00f6alue on <span class=\"iwg-fachbegriff\" data-tooltip=\"Kreikkalais-roomalaisen kulttuurin aikakausi, noin 800 eaa.\u2013600 jaa.\" tabindex=\"0\">antiikin<\/span> Israel ja Palestiinan varhaisjuutalaisuus, joka on j\u00e4ljitett\u00e4viss\u00e4 erityisesti Kuolleenmeren Qumran-yhteis\u00f6n teksteiss\u00e4. Uuden testamentin kautta nimi levisi kreikankieliseen kristilliseen maailmaan.<\/p><p>Latinankielisess\u00e4 Keski-Euroopassa Belial levisi kirjapainotaidon alkuaikoina, uuden ajan alussa grimoireiden v\u00e4lityksell\u00e4 nykyiseen l\u00e4nsimaiseen <span class=\"iwg-fachbegriff\" data-tooltip=\"Yleisnimitys opeille, jotka v\u00e4itt\u00e4v\u00e4t hallussaan olevan salattua, vain vihityille avautuvaa tietoa.\" tabindex=\"0\">esoteriaan<\/span> saakka.<\/p>\t\t\t\t\t\t\t\t<\/div>\n\t\t\t\t\t<\/div>\n\t\t\t\t<\/div>\n\t\t\t\t<\/div>\n\t\t<div class=\"elementor-element elementor-element-db03c39 e-con-full e-flex e-con e-child\" data-id=\"db03c39\" data-element_type=\"container\" data-e-type=\"container\">\n\t\t<div class=\"elementor-element elementor-element-229a87b e-flex e-con-boxed e-con e-child\" data-id=\"229a87b\" data-element_type=\"container\" data-e-type=\"container\">\n\t\t\t\t\t<div class=\"e-con-inner\">\n\t\t\t\t<div class=\"elementor-element elementor-element-1f471fc elementor-widget elementor-widget-heading\" data-id=\"1f471fc\" data-element_type=\"widget\" data-e-type=\"widget\" data-widget_type=\"heading.default\">\n\t\t\t\t\t<div class=\"elementor-heading-title elementor-size-default\">L\u00e4hdetilanne<\/div>\t\t\t\t<\/div>\n\t\t\t\t<div class=\"elementor-element elementor-element-36b1201 elementor-widget elementor-widget-text-editor\" data-id=\"36b1201\" data-element_type=\"widget\" data-e-type=\"widget\" data-widget_type=\"text-editor.default\">\n\t\t\t\t\t\t\t\t\t<p>T\u00e4rkein l\u00e4hderyhm\u00e4 ovat Qumranin kirjoitukset, erityisesti Sotak\u00e4\u00e4r\u00f6 (1QM), Yhteis\u00f6s\u00e4\u00e4nt\u00f6 (1QS) ja Hodayot. N\u00e4iden lis\u00e4ksi tulevat Kahdentoista patriarkan testamentti sek\u00e4 yksi ainoa uuden testamentin kohta (2. Kor. 6:15).<\/p><p>My\u00f6hemm\u00e4lle traditiolle keskeisi\u00e4 ovat Jacobus de Theramon Liber Belial ja Lemegeton. Akateeminen tutkimus k\u00e4sittelee Belialia ensisijaisesti Qumran-tutkimuksen ja Liber Belial -perinteen yhteydess\u00e4.<\/p>\t\t\t\t\t\t\t\t<\/div>\n\t\t\t\t\t<\/div>\n\t\t\t\t<\/div>\n\t\t\t\t<\/div>\n\t\t\t\t\t<\/div>\n\t\t\t\t<\/div>\n\t\t<div class=\"elementor-element elementor-element-3ae0637c e-flex e-con-boxed e-con e-parent\" data-id=\"3ae0637c\" data-element_type=\"container\" data-e-type=\"container\">\n\t\t\t\t\t<div class=\"e-con-inner\">\n\t\t\t\t<div class=\"elementor-element elementor-element-31d07739 elementor-widget elementor-widget-heading\" data-id=\"31d07739\" data-element_type=\"widget\" data-e-type=\"widget\" data-widget_type=\"heading.default\">\n\t\t\t\t\t<h2 class=\"elementor-heading-title elementor-size-default\">Nimi<\/h2>\t\t\t\t<\/div>\n\t\t<div class=\"elementor-element elementor-element-b7642947 e-con-full e-flex e-con e-child\" data-id=\"b7642947\" data-element_type=\"container\" data-e-type=\"container\">\n\t\t\t\t<div class=\"elementor-element elementor-element-a086266 elementor-widget elementor-widget-text-editor\" data-id=\"a086266\" data-element_type=\"widget\" data-e-type=\"widget\" data-widget_type=\"text-editor.default\">\n\t\t\t\t\t\t\t\t\t<p>Nimen kielellinen alkuper\u00e4 on kiistanalainen. Yleisin selitys jakaa heprean sanan beliyya&#8217;al (\u05d1\u05b0\u05bc\u05dc\u05b4\u05d9\u05b7\u05bc\u05e2\u05b7\u05dc) kielteiseen osaan beli (ei, vailla) ja toiseen osaan. Jos j\u00e4lkimm\u00e4inen ymm\u00e4rret\u00e4\u00e4n sanana ya&#8217;al, jonka merkitys on hy\u00f6ty, syntyy merkitys hy\u00f6dyt\u00f6n tai kelvottomuus.<\/p><p>Toinen tulkinta yhdist\u00e4\u00e4 j\u00e4lkiosan juureen, joka merkitsee nousemista, jolloin merkitykseksi tulee se, joka ei nouse, mik\u00e4 on tulkittu tuonpuoleisen merkiksi. Septuaginta k\u00e4\u00e4nt\u00e4\u00e4 belialin usein sanoilla paranomos (laiton) tai asebes (jumalaton).<\/p><p>Uudessa testamentissa nimi esiintyy muodossa Beliar, r-kirjaimella l:n sijaan. T\u00e4m\u00e4 \u00e4\u00e4nt\u00e4mysmuoto on hyvin todistettu ja esiintyy my\u00f6s muissa varhaisjuutalaisissa ja varhaiskristillisiss\u00e4 teksteiss\u00e4.<\/p><p>Heprealaisessa Raamatussa ilmaisu bene beli&#8217;al, Belialin lapset, esiintyy v\u00e4kivaltaisten, lainvastaisten miesten nimityksen\u00e4 (Tuom. 19:22; 1. Sam. 10:27), ilman mink\u00e4\u00e4nlaista yhteytt\u00e4 tiettyyn <span class=\"iwg-fachbegriff\" data-tooltip=\"Henkinen olento, jolle katsotaan olevan haitallista tai ristiriitaista vaikutusta.\" tabindex=\"0\">demoniin<\/span>.<\/p>\t\t\t\t\t\t\t\t<\/div>\n\t\t\t\t<\/div>\n\t\t\t\t\t<\/div>\n\t\t\t\t<\/div>\n\t\t<div class=\"elementor-element elementor-element-709a44a8 e-flex e-con-boxed e-con e-parent\" data-id=\"709a44a8\" data-element_type=\"container\" data-e-type=\"container\">\n\t\t\t\t\t<div class=\"e-con-inner\">\n\t\t\t\t<div class=\"elementor-element elementor-element-2f585873 elementor-widget elementor-widget-heading\" data-id=\"2f585873\" data-element_type=\"widget\" data-e-type=\"widget\" data-widget_type=\"heading.default\">\n\t\t\t\t\t<h2 class=\"elementor-heading-title elementor-size-default\">Kuvaus<\/h2>\t\t\t\t<\/div>\n\t\t<div class=\"elementor-element elementor-element-70621c12 e-con-full e-flex e-con e-child\" data-id=\"70621c12\" data-element_type=\"container\" data-e-type=\"container\">\n\t\t\t\t<div class=\"elementor-element elementor-element-4296eb49 elementor-widget elementor-widget-text-editor\" data-id=\"4296eb49\" data-element_type=\"widget\" data-e-type=\"widget\" data-widget_type=\"text-editor.default\">\n\t\t\t\t\t\t\t\t\t<p>Varhaisjuutalaisuudessa Belial ei ole olento, jolla on vakiintunut ruumiillinen hahmo, vaan henkil\u00f6ity voima, joka miellet\u00e4\u00e4n pimeyden johtajaksi.<\/p><p>Sotak\u00e4\u00e4r\u00f6ss\u00e4 h\u00e4n johtaa vihollisarmeijaa, Yhteis\u00f6s\u00e4\u00e4nt\u00f6 kuvaa Belialin rajallista valtaa, jonka aikana pimeys hallitsee maailmaa ja ihmisten syd\u00e4mi\u00e4. Hodayot puhuu Belialin ansoista ja paulasta, joista Jumala pelastaa rukoilijat.<\/p><p>Vasta goetia antaa h\u00e4nelle vakiintuneen kuvahahmon. Siell\u00e4 Belial esiintyy erityisen n\u00e4kyv\u00e4n\u00e4 kuningas-<span class=\"iwg-fachbegriff\" data-tooltip=\"Ruumiiton olento, jolle katsotaan olevan vaikutusta maailmassa.\" tabindex=\"0\">henken\u00e4<\/span>, jonka teksti mainitsee luoduksi v\u00e4litt\u00f6m\u00e4sti Luciferin j\u00e4lkeen. Kuvasto esitt\u00e4\u00e4 kaksi s\u00e4ihkyv\u00e4\u00e4 <span class=\"iwg-fachbegriff\" data-tooltip=\"Abrahamilaisissa uskonnoissa Jumalan taivaallinen sanansaattaja.\" tabindex=\"0\">enkeli\u00e4<\/span> tulisilla vaunuilla, kuvamuoto, joka muistuttaa Hesekielin valtaistuinvaunun\u00e4ky\u00e4 (Hes. 1) ja yhdist\u00e4\u00e4 Belialin korkeampiin enkeliluokkiin.<\/p><p>Kirjallisessa vastaanotossa Belial kuvataan usein valheen ja kaunopuheisuuden ilman sis\u00e4lt\u00f6\u00e4 ruumiillistumana. John Miltonin Paradise Lost tekee h\u00e4nest\u00e4 yhden helvetin neuvoston puhetaitoisimmista langenneista <span class=\"iwg-fachbegriff\" data-tooltip=\"Abrahamilaisissa uskonnoissa Jumalan taivaallinen sanansaattaja.\" tabindex=\"0\">enkeleist\u00e4<\/span>, hienostuneesta puhujasta, jonka toiminta j\u00e4\u00e4 arkaksi.<\/p><p>T\u00e4t\u00e4 kuvausta ei ole historiallisesti todistettu, mutta se liittyy vanhaan qumranilaiseen k\u00e4sitykseen Belialista totuuden vastafurstina.<\/p>\t\t\t\t\t\t\t\t<\/div>\n\t\t\t\t<\/div>\n\t\t\t\t\t<\/div>\n\t\t\t\t<\/div>\n\t\t<div class=\"elementor-element elementor-element-44e71476 e-flex e-con-boxed e-con e-parent\" data-id=\"44e71476\" data-element_type=\"container\" data-e-type=\"container\">\n\t\t\t\t\t<div class=\"e-con-inner\">\n\t\t\t\t<div class=\"elementor-element elementor-element-3c1fc3f0 elementor-widget elementor-widget-heading\" data-id=\"3c1fc3f0\" data-element_type=\"widget\" data-e-type=\"widget\" data-widget_type=\"heading.default\">\n\t\t\t\t\t<h2 class=\"elementor-heading-title elementor-size-default\">Steckbrief: Belial<\/h2>\t\t\t\t<\/div>\n\t\t<div class=\"elementor-element elementor-element-84f33b8e e-con-full e-flex e-con e-child\" data-id=\"84f33b8e\" data-element_type=\"container\" data-e-type=\"container\">\n\t\t\t\t<div class=\"elementor-element elementor-element-hqkdc67p elementor-widget elementor-widget-text-editor\" data-id=\"hqkdc67p\" data-element_type=\"widget\" data-e-type=\"widget\" data-widget_type=\"text-editor.default\">\n\t\t\t\t\t\t\t\t\t<p>Seuraavat kent\u00e4t kokoavat Belialiin liittyv\u00e4n goetia-perinteen ja sen uskontohistorialliset juuret.<\/p>\t\t\t\t\t\t\t\t<\/div>\n\t\t\t\t<\/div>\n\t\t<div class=\"elementor-element elementor-element-pemmx7c5 e-con-full e-flex e-con e-child\" data-id=\"pemmx7c5\" data-element_type=\"container\" data-e-type=\"container\">\n\t\t<div class=\"elementor-element elementor-element-pemmx7c1 e-con-full e-flex e-con e-child\" data-id=\"pemmx7c1\" data-element_type=\"container\" data-e-type=\"container\">\n\t\t<div class=\"elementor-element elementor-element-qh9oavvu iwg-steckbrief-card e-flex e-con-boxed e-con e-child\" data-id=\"qh9oavvu\" data-element_type=\"container\" data-e-type=\"container\">\n\t\t\t\t\t<div class=\"e-con-inner\">\n\t\t\t\t<div class=\"elementor-element elementor-element-awzx8k2k elementor-widget elementor-widget-heading\" data-id=\"awzx8k2k\" data-element_type=\"widget\" data-e-type=\"widget\" data-widget_type=\"heading.default\">\n\t\t\t\t\t<div class=\"elementor-heading-title elementor-size-default\">Alkuper\u00e4<\/div>\t\t\t\t<\/div>\n\t\t\t\t<div class=\"elementor-element elementor-element-x6rowhv0 elementor-widget elementor-widget-text-editor\" data-id=\"x6rowhv0\" data-element_type=\"widget\" data-e-type=\"widget\" data-widget_type=\"text-editor.default\">\n\t\t\t\t\t\t\t\t\t<p>Belial pohjautuu heprealaiseen kielenk\u00e4ytt\u00f6\u00f6n, jossa beliyya&#8217;al oli aluksi moraalinen abstraktik\u00e4site, jonka merkitys on turmio tai pahuus. Henkil\u00f6idyksi voimaksi hahmo muuttui vasta varhaisjuutalaisessa apokalyptiikassa, erityisesti Qumranin kirjoituksissa. Goetia luonnehtii h\u00e4net luoduksi v\u00e4litt\u00f6m\u00e4sti Luciferin j\u00e4lkeen ja liitt\u00e4\u00e4 h\u00e4net siten langenneiden enkelten joukkoon.<\/p>\t\t\t\t\t\t\t\t<\/div>\n\t\t\t\t\t<\/div>\n\t\t\t\t<\/div>\n\t\t<div class=\"elementor-element elementor-element-8e3o4kxs iwg-steckbrief-card e-flex e-con-boxed e-con e-child\" data-id=\"8e3o4kxs\" data-element_type=\"container\" data-e-type=\"container\">\n\t\t\t\t\t<div class=\"e-con-inner\">\n\t\t\t\t<div class=\"elementor-element elementor-element-08rkdgov elementor-widget elementor-widget-heading\" data-id=\"08rkdgov\" data-element_type=\"widget\" data-e-type=\"widget\" data-widget_type=\"heading.default\">\n\t\t\t\t\t<div class=\"elementor-heading-title elementor-size-default\">Arvoasema ja teht\u00e4v\u00e4<\/div>\t\t\t\t<\/div>\n\t\t\t\t<div class=\"elementor-element elementor-element-uwjelx8s elementor-widget elementor-widget-text-editor\" data-id=\"uwjelx8s\" data-element_type=\"widget\" data-e-type=\"widget\" data-widget_type=\"text-editor.default\">\n\t\t\t\t\t\t\t\t\t<p>Goetiassa Belial on kuningas-<span class=\"iwg-fachbegriff\" data-tooltip=\"Ruumiiton olento, jolle katsotaan olevan vaikutusvaltaa maailmassa.\" tabindex=\"0\">henki<\/span>, jolla on komentovalta kahdeksankymmenen legioonan yli, ja h\u00e4n on luettelossa kuudeskymmenesyhdeks\u00e4s <span class=\"iwg-fachbegriff\" data-tooltip=\"Ruumiiton olento, jolle katsotaan olevan vaikutusvaltaa maailmassa.\" tabindex=\"0\">henki<\/span>. Lemegetonin mukaan h\u00e4n my\u00f6nt\u00e4\u00e4 arvonimi\u00e4, senaattoriarvoja ja suosionosoituksia ja antaa rehellisi\u00e4 vastauksia kysymyksiin. Qumranin perinteess\u00e4 h\u00e4nen teht\u00e4v\u00e4ns\u00e4 on toinen: siell\u00e4 h\u00e4n johtaa valon ruhtinaan vastustajana pimeyden lapsia.<\/p>\t\t\t\t\t\t\t\t<\/div>\n\t\t\t\t\t<\/div>\n\t\t\t\t<\/div>\n\t\t<div class=\"elementor-element elementor-element-jm2n74ec iwg-steckbrief-card e-flex e-con-boxed e-con e-child\" data-id=\"jm2n74ec\" data-element_type=\"container\" data-e-type=\"container\">\n\t\t\t\t\t<div class=\"e-con-inner\">\n\t\t\t\t<div class=\"elementor-element elementor-element-8vufse4c elementor-widget elementor-widget-heading\" data-id=\"8vufse4c\" data-element_type=\"widget\" data-e-type=\"widget\" data-widget_type=\"heading.default\">\n\t\t\t\t\t<div class=\"elementor-heading-title elementor-size-default\">Ulkomuoto<\/div>\t\t\t\t<\/div>\n\t\t\t\t<div class=\"elementor-element elementor-element-mwb9u015 elementor-widget elementor-widget-text-editor\" data-id=\"mwb9u015\" data-element_type=\"widget\" data-e-type=\"widget\" data-widget_type=\"text-editor.default\">\n\t\t\t\t\t\t\t\t\t<p>Goetia ei kuvaa Belialia el\u00e4inhahmoisena, vaan kahtena s\u00e4teilev\u00e4n\u00e4 <span class=\"iwg-fachbegriff\" data-tooltip=\"Aabrahamilaisissa uskonnoissa Jumalan taivaallinen sanansaattaja.\" tabindex=\"0\">enkelin\u00e4<\/span> tulisilla vaunuilla. T\u00e4m\u00e4 kuvasto ammentaa Hesekielin valtaistuinvaunun\u00e4yst\u00e4 ja korostaa h\u00e4nen l\u00e4heisyytt\u00e4\u00e4n korkeampiin enkeliluokkiin. Qumranin teksteiss\u00e4 h\u00e4n j\u00e4\u00e4 vaille hahmokuvausta, puhtaana pimeyden valtahahmona.<\/p>\t\t\t\t\t\t\t\t<\/div>\n\t\t\t\t\t<\/div>\n\t\t\t\t<\/div>\n\t\t\t\t<\/div>\n\t\t<div class=\"elementor-element elementor-element-pemmx7c2 e-con-full e-flex e-con e-child\" data-id=\"pemmx7c2\" data-element_type=\"container\" data-e-type=\"container\">\n\t\t<div class=\"elementor-element elementor-element-37ss2yr6 iwg-steckbrief-card e-flex e-con-boxed e-con e-child\" data-id=\"37ss2yr6\" data-element_type=\"container\" data-e-type=\"container\">\n\t\t\t\t\t<div class=\"e-con-inner\">\n\t\t\t\t<div class=\"elementor-element elementor-element-3v0wp3wx elementor-widget elementor-widget-heading\" data-id=\"3v0wp3wx\" data-element_type=\"widget\" data-e-type=\"widget\" data-widget_type=\"heading.default\">\n\t\t\t\t\t<div class=\"elementor-heading-title elementor-size-default\">Rituaalinen kutsuminen<\/div>\t\t\t\t<\/div>\n\t\t\t\t<div class=\"elementor-element elementor-element-w3247g2m elementor-widget elementor-widget-text-editor\" data-id=\"w3247g2m\" data-element_type=\"widget\" data-e-type=\"widget\" data-widget_type=\"text-editor.default\">\n\t\t\t\t\t\t\t\t\t<p>Goetia-kuvaukselle on ominaista vaatimus uhrilahjoista. Ilman asianmukaista eleist\u00e4, tekstin mukaan, Belial ei anna totuudenmukaista vastausta. T\u00e4m\u00e4 maagisen k\u00e4yt\u00e4nn\u00f6n ehdollistaminen on Lemegetonissa Belialin kohdalla erityisen selv\u00e4sti ilmaistu, ja se erottaa h\u00e4net hengist\u00e4, jotka vastaavat ilman ennakkoehtoa.<\/p>\t\t\t\t\t\t\t\t<\/div>\n\t\t\t\t\t<\/div>\n\t\t\t\t<\/div>\n\t\t<div class=\"elementor-element elementor-element-0qpjal9w iwg-steckbrief-card e-flex e-con-boxed e-con e-child\" data-id=\"0qpjal9w\" data-element_type=\"container\" data-e-type=\"container\">\n\t\t\t\t\t<div class=\"e-con-inner\">\n\t\t\t\t<div class=\"elementor-element elementor-element-6ndoih0o elementor-widget elementor-widget-heading\" data-id=\"6ndoih0o\" data-element_type=\"widget\" data-e-type=\"widget\" data-widget_type=\"heading.default\">\n\t\t\t\t\t<div class=\"elementor-heading-title elementor-size-default\">Sigiili ja symbolit<\/div>\t\t\t\t<\/div>\n\t\t\t\t<div class=\"elementor-element elementor-element-6684tyh9 elementor-widget elementor-widget-text-editor\" data-id=\"6684tyh9\" data-element_type=\"widget\" data-e-type=\"widget\" data-widget_type=\"text-editor.default\">\n\t\t\t\t\t\t\t\t\t<p>Goetian Belial-sigilli n\u00e4ytt\u00e4\u00e4 geometrisesti monimutkaisen kuvion viivoista ja ympyr\u00f6ist\u00e4. Astrologisesti Belial yhdistet\u00e4\u00e4n Vesimieheen, alkuaineeksi katsotaan maa ja planeetaksi Saturnus. Hermeettisen renessanssin aikana h\u00e4net luettiin yhdeksi maa-alueen nelj\u00e4st\u00e4 helvetin ruhtinaasta ja yhdistettiin aineen hitauteen.<\/p>\t\t\t\t\t\t\t\t<\/div>\n\t\t\t\t\t<\/div>\n\t\t\t\t<\/div>\n\t\t<div class=\"elementor-element elementor-element-3lfi7x32 iwg-steckbrief-card e-flex e-con-boxed e-con e-child\" data-id=\"3lfi7x32\" data-element_type=\"container\" data-e-type=\"container\">\n\t\t\t\t\t<div class=\"e-con-inner\">\n\t\t\t\t<div class=\"elementor-element elementor-element-0kg99ga1 elementor-widget elementor-widget-heading\" data-id=\"0kg99ga1\" data-element_type=\"widget\" data-e-type=\"widget\" data-widget_type=\"heading.default\">\n\t\t\t\t\t<div class=\"elementor-heading-title elementor-size-default\">Sukua olevat henget<\/div>\t\t\t\t<\/div>\n\t\t\t\t<div class=\"elementor-element elementor-element-n0fum6kp elementor-widget elementor-widget-text-editor\" data-id=\"n0fum6kp\" data-element_type=\"widget\" data-e-type=\"widget\" data-widget_type=\"text-editor.default\">\n\t\t\t\t\t\t\t\t\t<p>Varhaisjudaismissa Belial esiintyy muiden nimien rinnalla Jumalaa vastustavana voimana, muun muassa Saatanan, Masteman, Asaselin ja Sammaelin ohella. N\u00e4m\u00e4 nimet eiv\u00e4t johdonmukaisesti tarkoita samaa tarkkarajaista henkil\u00f6\u00e4, vaan limittyv\u00e4t tekstist\u00e4 riippuen. Goetiassa Lucifer katsotaan h\u00e4nelle v\u00e4litt\u00f6m\u00e4sti edelt\u00e4v\u00e4ksi, ja Samaeliin h\u00e4net yhdist\u00e4\u00e4 my\u00f6hempi kabbalistinen tulkinta.<\/p>\t\t\t\t\t\t\t\t<\/div>\n\t\t\t\t\t<\/div>\n\t\t\t\t<\/div>\n\t\t\t\t<\/div>\n\t\t\t\t<\/div>\n\t\t\t\t\t<\/div>\n\t\t\t\t<\/div>\n\t\t<div class=\"elementor-element elementor-element-7533bc7a e-flex e-con-boxed e-con e-parent\" data-id=\"7533bc7a\" data-element_type=\"container\" data-e-type=\"container\">\n\t\t\t\t\t<div class=\"e-con-inner\">\n\t\t\t\t<div class=\"elementor-element elementor-element-2447d18d elementor-widget elementor-widget-heading\" data-id=\"2447d18d\" data-element_type=\"widget\" data-e-type=\"widget\" data-widget_type=\"heading.default\">\n\t\t\t\t\t<h2 class=\"elementor-heading-title elementor-size-default\">Vastaanotto ja vaikutushistoria<\/h2>\t\t\t\t<\/div>\n\t\t<div class=\"elementor-element elementor-element-d5d0260c e-con-full e-flex e-con e-child\" data-id=\"d5d0260c\" data-element_type=\"container\" data-e-type=\"container\">\n\t\t\t\t<div class=\"elementor-element elementor-element-341be2ac elementor-widget elementor-widget-text-editor\" data-id=\"341be2ac\" data-element_type=\"widget\" data-e-type=\"widget\" data-widget_type=\"text-editor.default\">\n\t\t\t\t\t\t\t\t\t<p>Kristinuskossa Belial suli pitk\u00e4lti yhteen paholaishahmon kanssa, mutta s\u00e4ilytti riitt\u00e4v\u00e4sti omaa profiiliaan el\u00e4\u00e4kseen edelleen itsen\u00e4isen\u00e4 nimen\u00e4 er\u00e4iss\u00e4 tekstilajeissa. Varhaiskristilliset kirjoitukset, kuten Jesajan taivaaseenastuminen, k\u00e4ytt\u00e4v\u00e4t nime\u00e4 Beliar jumalanvastaisesta vallasta, toisinaan lopun aikojen antikristillisin piirtein.<\/p><p>Huomattavan my\u00f6hemm\u00e4n uran Belial teki my\u00f6h\u00e4iskeskiajalla Liber Belial -teoksen kautta, joka on Jacobus de Theramon 1300-luvun lopulla kirjoittama latinankielinen oikeudenk\u00e4yntitraktaatti.<\/p><p>Siin\u00e4 Belial syytt\u00e4\u00e4 helvetin puolesta Kristusta siit\u00e4, ett\u00e4 t\u00e4m\u00e4 alamaailmaan laskeutuessaan riisti sieluja helvetilt\u00e4. Mooses ja Salomo esiintyv\u00e4t asianajajina. Teoksesta tuli yksi varhaisimmista painetuista saksankielisist\u00e4 kirjoista.<\/p><p>Uuden ajan alun demonologiassa grimoiret sijoittivat Belialin helvetin ruhtinaiden hierarkioihin. Johann Weyerin Pseudomonarchia Daemonum ja Ars Goetia esitt\u00e4v\u00e4t h\u00e4net mahtavana kuninkaana, jolla on k\u00e4skyvaltansa alla vakiintunut m\u00e4\u00e4r\u00e4 henkilegioonia.<\/p><p>Heinrich Cornelius Agrippa mainitsee h\u00e4net teoksessaan De occulta philosophia (1533) v\u00e4\u00e4r\u00e4n ep\u00e4jumalanpalvonnan ja pirullisten kiistojen vastuuhenkil\u00f6n\u00e4. N\u00e4m\u00e4 uuden ajan alun oppineet j\u00e4sentelyt ovat aikansa konstruktioita, eiv\u00e4t antiikin <span class=\"iwg-fachbegriff\" data-tooltip=\"Tiedon ja kertomusten v\u00e4litt\u00e4minen sukupolvelta toiselle.\" tabindex=\"0\">perim\u00e4tiedon<\/span> jatkumoa, mutta ne ovat muovanneet nykyist\u00e4 Belial-kuvaa.<\/p><p><span data-nosnippet>Crowleyn ja Mathersin Goetia-laitos (1904) teki h\u00e4net suosituksi aikansa <span class=\"iwg-fachbegriff\" data-tooltip=\"Kokoava k\u00e4site opeille, jotka v\u00e4itt\u00e4v\u00e4t hallitsevansa salattua, vain vihityille avautuvaa tietoa.\" tabindex=\"0\">esoteriassa<\/span>, ja Joseph Petersonin laitos (2001) avasi h\u00e4net filologisesti. Crowley tulkitsee Belialin persoonallistetuksi vastarinnaksi tahtoa vastaan, psykologisen tulkinnan, jonka nykyinen kaaos-<span class=\"iwg-fachbegriff\" data-tooltip=\"K\u00e4yt\u00e4nn\u00f6t, joilla pyrit\u00e4\u00e4n erityisin toimin tai kaavoin vaikuttamaan asioiden kulkuun.\" tabindex=\"0\">magia<\/span> on omaksunut.<\/span><\/p><p>Uskontotieteellinen tutkimus pit\u00e4\u00e4 t\u00e4t\u00e4 nykyaikaisena omintakeisena tulkintana, joka on kaukana juutalais-kristillisest\u00e4 Belial-perinteest\u00e4. Nykyp\u00e4iv\u00e4n\u00e4 Belialiin t\u00f6rm\u00e4t\u00e4\u00e4n useimmiten t\u00e4ss\u00e4 my\u00f6h\u00e4isess\u00e4, kirjallisesti muotoillussa hahmossa, ei Qumranin tekstien Belialissa.<\/p>\t\t\t\t\t\t\t\t<\/div>\n\t\t\t\t<\/div>\n\t\t\t\t\t<\/div>\n\t\t\t\t<\/div>\n\t\t<div class=\"elementor-element elementor-element-5a584676 e-flex e-con-boxed e-con e-parent\" data-id=\"5a584676\" data-element_type=\"container\" data-e-type=\"container\">\n\t\t\t\t\t<div class=\"e-con-inner\">\n\t\t\t\t<div class=\"elementor-element elementor-element-6d0757bf elementor-widget elementor-widget-heading\" data-id=\"6d0757bf\" data-element_type=\"widget\" data-e-type=\"widget\" data-widget_type=\"heading.default\">\n\t\t\t\t\t<h2 class=\"elementor-heading-title elementor-size-default\">Belial, vastineita muissa kulttuureissa<\/h2>\t\t\t\t<\/div>\n\t\t<div class=\"elementor-element elementor-element-60563f68 e-con-full e-flex e-con e-child\" data-id=\"60563f68\" data-element_type=\"container\" data-e-type=\"container\">\n\t\t\t\t<div class=\"elementor-element elementor-element-5a93fdd6 elementor-widget elementor-widget-text-editor\" data-id=\"5a93fdd6\" data-element_type=\"widget\" data-e-type=\"widget\" data-widget_type=\"text-editor.default\">\n\t\t\t\t\t\t\t\t\t<p>Belialin hahmo asettuu osaksi uskontohistoriallista verkostoa. Persialaisessa zarathustralaisuudessa esiintyy Aeshma Daeva, vihan <span class=\"iwg-fachbegriff\" data-tooltip=\"Ruumiiton olento, jonka katsotaan vaikuttavan maailmaan.\" tabindex=\"0\">henki<\/span>, joka peitt\u00e4\u00e4 totuuden ja jolla on rakenteellisesti samankaltainen teht\u00e4v\u00e4.<\/p><p>Mesopotamialainen Lamashtu-perinne tuntee olentoja, jotka rikkovat lupauksia viettelev\u00e4ll\u00e4 puhetaidolla. Hindulaisessa kontekstissa Belial-aihetta vastaa asura Vritra, joka salakavalilla lupauksilla tukkii el\u00e4m\u00e4n virran.<\/p><p>N\u00e4m\u00e4 yht\u00e4l\u00e4isyydet eiv\u00e4t ole syy-seuraussuhteita, mutta ne osoittavat toistuvan uskonnonfenomenologisen kaavan: pyh\u00e4n vastustaminen viettelev\u00e4n\u00e4 kielen voimana, ei raakana kauhuna. Juutalaisessa <span class=\"iwg-fachbegriff\" data-tooltip=\"Uskonnollinen suuntaus, jonka painopiste on v\u00e4litt\u00f6m\u00e4ss\u00e4 Jumala-kokemuksessa.\" tabindex=\"0\">mystiikassa<\/span> hahmo muuttuu viel\u00e4 uudelleen.<\/p><p>Lurialainen <span class=\"iwg-fachbegriff\" data-tooltip=\"Juutalaisen mystiikan suuntaus, jonka p\u00e4\u00e4l\u00e4hteit\u00e4 ovat Sefer Jetzira ja Zohar.\" tabindex=\"0\">kabbala<\/span> sijoittaa Belialin Sitra Achran, toisen puolen, alueeseen ja k\u00e4sitt\u00e4\u00e4 h\u00e4net rakenteellisena voimana kosmisessa draamassa, jossa s\u00e4rkyneet valoastiat palautetaan. Hasidilainen perinne tulkitsee Belial-kaltaiset voimat lopulta ensisijaisesti sis\u00e4isiksi esteiksi henkisell\u00e4 tiell\u00e4.<\/p>\t\t\t\t\t\t\t\t<\/div>\n\t\t\t\t<\/div>\n\t\t\t\t\t<\/div>\n\t\t\t\t<\/div>\n\t\t<div class=\"elementor-element elementor-element-36dd7469 e-flex e-con-boxed e-con e-parent\" data-id=\"36dd7469\" data-element_type=\"container\" data-e-type=\"container\">\n\t\t\t\t\t<div class=\"e-con-inner\">\n\t\t\t\t<div class=\"elementor-element elementor-element-13760ab4 elementor-widget elementor-widget-heading\" data-id=\"13760ab4\" data-element_type=\"widget\" data-e-type=\"widget\" data-widget_type=\"heading.default\">\n\t\t\t\t\t<h2 class=\"elementor-heading-title elementor-size-default\">Aiheeseen liittyv\u00e4t linkit<\/h2>\t\t\t\t<\/div>\n\t\t<div class=\"elementor-element elementor-element-28c87796 e-con-full e-flex e-con e-child\" data-id=\"28c87796\" data-element_type=\"container\" data-e-type=\"container\">\n\t\t\t\t<div class=\"elementor-element elementor-element-5d6538df elementor-widget elementor-widget-text-editor\" data-id=\"5d6538df\" data-element_type=\"widget\" data-e-type=\"widget\" data-widget_type=\"text-editor.default\">\n\t\t\t\t\t\t\t\t\t<ul><li><a href=\"https:\/\/iwell-guard.com\/fi\/?page_id=143816\">Demonit<\/a>: yleiskatsaus demoneista<\/li><li><a href=\"https:\/\/iwell-guard.com\/fi\/?page_id=144104\">Goetia<\/a>: Ars Goetian perinne<\/li><li><a href=\"https:\/\/iwell-guard.com\/fi\/?page_id=143847\">Kristinusko<\/a>: kulttuurinen luokittelu<\/li><li><a href=\"https:\/\/iwell-guard.com\/fi\/?page_id=143853\">Lucifer<\/a>: Belialia v\u00e4litt\u00f6m\u00e4sti edelt\u00e4v\u00e4 <span class=\"iwg-fachbegriff\" data-tooltip=\"Ruumiiton olento, jonka katsotaan vaikuttavan maailmaan.\" tabindex=\"0\">henki<\/span><\/li><li><a href=\"https:\/\/iwell-guard.com\/fi\/?page_id=143992\">Samael<\/a>: juutalaisen perinteen sukulaisvastustajahahmo<\/li><\/ul>\t\t\t\t\t\t\t\t<\/div>\n\t\t\t\t<\/div>\n\t\t\t\t\t<\/div>\n\t\t\t\t<\/div>\n\t\t<div class=\"elementor-element elementor-element-grl4kl40 e-flex e-con-boxed e-con e-parent\" data-id=\"grl4kl40\" data-element_type=\"container\" data-e-type=\"container\">\n\t\t\t\t\t<div class=\"e-con-inner\">\n\t\t\t\t<div class=\"elementor-element elementor-element-bzsbfrmh elementor-widget elementor-widget-heading\" data-id=\"bzsbfrmh\" data-element_type=\"widget\" data-e-type=\"widget\" data-widget_type=\"heading.default\">\n\t\t\t\t\t<h2 class=\"elementor-heading-title elementor-size-default\">Kirjallisuus (valikoima)<\/h2>\t\t\t\t<\/div>\n\t\t<div class=\"elementor-element elementor-element-2c13224a e-con-full e-flex e-con e-child\" data-id=\"2c13224a\" data-element_type=\"container\" data-e-type=\"container\">\n\t\t\t\t<div class=\"elementor-element elementor-element-0eymh9ub elementor-widget elementor-widget-text-editor\" data-id=\"0eymh9ub\" data-element_type=\"widget\" data-e-type=\"widget\" data-widget_type=\"text-editor.default\">\n\t\t\t\t\t\t\t\t\t<footer class=\"iwg-literatur\"><ul><li><span data-nosnippet>Joseph H. Peterson (Hg.): The Lesser Key of Solomon, Weiser 2001.<\/span><\/li><li><span data-nosnippet>Florentino Garc\u00eda Mart\u00ednez: The Dead Sea Scrolls Translated, Brill 1996.<\/span><\/li><li><span data-nosnippet>Heinrich Cornelius Agrippa: De occulta philosophia libri tres, K\u00f6ln 1533, Buch III.<\/span><\/li><li><span data-nosnippet>Jeffrey Burton Russell: The Devil. Perceptions of Evil from Antiquity to Primitive Christianity, Cornell UP 1977.<\/span><\/li><li><span data-nosnippet>Stephen Skinner, David Rankine: The Goetia of Dr. Rudd, Llewellyn 2007.<\/span><\/li><\/ul><\/footer>\t\t\t\t\t\t\t\t<\/div>\n\t\t\t\t<\/div>\n\t\t\t\t\t<\/div>\n\t\t\t\t<\/div>\n\t\t<div class=\"elementor-element elementor-element-iwgca-belial-sec e-flex e-con-boxed e-con e-parent\" data-id=\"iwgca-belial-sec\" data-element_type=\"container\" data-e-type=\"container\" id=\"iwg-ca-belial\">\n\t\t\t\t\t<div class=\"e-con-inner\">\n\t\t\t\t<div class=\"elementor-element elementor-element-iwgca-belial-te iwg-ca-textwrap elementor-widget elementor-widget-text-editor\" data-id=\"iwgca-belial-te\" data-element_type=\"widget\" data-e-type=\"widget\" data-widget_type=\"text-editor.default\">\n\t\t\t\t\t\t\t\t\t<div data-nosnippet=\"true\"><p class=\"iwg-ca-bridge\">T\u00e4ss\u00e4 kuvattu suojausk\u00e4yt\u00e4nt\u00f6 on historiallisten perinteiden tieteellist\u00e4 tulkintaa. iWell Guard liittyy t\u00e4h\u00e4n kannettavien suojaesineiden kulttuurihistorialliseen jatkumoon ja edustaa sen nykyaikaista muotoa. <a href=\"\/ueber-iwell-guard\/?utm_source=iwell-guard.com&#038;utm_medium=text-link&#038;utm_campaign=schadwesen-tradition\">Lis\u00e4\u00e4 iWell Guardista \u2192<\/a><\/p><\/div>\t\t\t\t\t\t\t\t<\/div>\n\t\t\t\t\t<\/div>\n\t\t\t\t<\/div>\n\t\t\t\t<section class=\"elementor-section elementor-top-section elementor-element elementor-element-wv-belial-faq elementor-section-boxed elementor-section-height-default elementor-section-height-default\" data-id=\"wv-belial-faq\" data-element_type=\"section\" data-e-type=\"section\">\n\t\t\t\t\t\t<div class=\"elementor-container elementor-column-gap-default\">\n\t\t\t\t\t<div class=\"elementor-column elementor-col-100 elementor-top-column elementor-element elementor-element-wv-belial-faq-col\" data-id=\"wv-belial-faq-col\" data-element_type=\"column\" data-e-type=\"column\">\n\t\t\t<div class=\"elementor-widget-wrap elementor-element-populated\">\n\t\t\t\t\t\t<div class=\"elementor-element elementor-element-wv-belial-h elementor-widget elementor-widget-heading\" data-id=\"wv-belial-h\" data-element_type=\"widget\" data-e-type=\"widget\" data-widget_type=\"heading.default\">\n\t\t\t\t\t<h2 class=\"elementor-heading-title elementor-size-default\">Usein kysytyt kysymykset Belialista<\/h2>\t\t\t\t<\/div>\n\t\t\t\t<div class=\"elementor-element elementor-element-wv-belial-t elementor-widget elementor-widget-text-editor\" data-id=\"wv-belial-t\" data-element_type=\"widget\" data-e-type=\"widget\" data-widget_type=\"text-editor.default\">\n\t\t\t\t\t\t\t\t\t\n<details class=\"iwg-faq-item\">\n  <summary><strong>Kuka on Belial?<\/strong><\/summary>\n  <p>Belial on yksi juutalaisen ja kristillisen demonologian vanhimmista hahmoista. H\u00e4nen juurensa ovat hebrealaisessa kielenk\u00e4yt\u00f6ss\u00e4 ja varhaisjuutalaisessa apokalyptiikassa. Moraalisesta abstraktik\u00e4sitteest\u00e4 kehittyi Qumranin kirjoitusten my\u00f6t\u00e4 nimetty kosminen vastustaja, joka niiss\u00e4 johtaa pimeyden lapsia. Goetiassa Belial esiintyy kuudentenakahdeksatta henken\u00e4 ja pidet\u00e4\u00e4n kuninkaana, jolla on komentovalta kahdeksankymmenen legioonan yli.<\/p>\n<\/details>\n\n<details class=\"iwg-faq-item\">\n  <summary><strong>Mist\u00e4 nimi Belial on per\u00e4isin?<\/strong><\/summary>\n  <p>Nimen alkuper\u00e4 on kielellisesti kiistanalainen. Yleisimm\u00e4n selityksen mukaan hebrean beliyya&#8217;al jakautuu kieltosanaan beli ja toiseen osaan. T\u00e4m\u00e4 toinen osa ymm\u00e4rret\u00e4\u00e4n merkitsev\u00e4n hy\u00f6ty\u00e4, mik\u00e4 johtaa merkitykseen hy\u00f6dytt\u00f6myys tai kelvottomuus. Toinen tulkinta yhdist\u00e4\u00e4 toisen osan verbin merkitykseen nousta yl\u00f6s, jota on pidetty tuonpuoleisen kuvauksena. Uudessa testamentissa nimi esiintyy muodossa Beliar, r-kirjaimella l:n sijaan.<\/p>\n<\/details>\n\n<details class=\"iwg-faq-item\">\n  <summary><strong>Miten Belial kuvataan Goetiassa?<\/strong><\/summary>\n  <p>Vasta Goetia antaa Belialille vakiintuneen ulkomuodon. Se ei kuvaa h\u00e4nt\u00e4 el\u00e4inhahmoisena, vaan kahtena s\u00e4teilev\u00e4n\u00e4 enkelin\u00e4 tulisessa vaunussa. T\u00e4m\u00e4 kuvaus tuo mieleen Hesekielin n\u00e4yn valtaistuinvaunusta ja yhdist\u00e4\u00e4 h\u00e4net korkeampiin enkeliluokkiin. Teksti kertoo Belialin luodun v\u00e4litt\u00f6m\u00e4sti Luciferin j\u00e4lkeen. Ominaista on vaatimus uhrilahjoista, joita vaille h\u00e4n tekstin mukaan ei anna totuudenmukaisia vastauksia.<\/p>\n<\/details>\n\n<details class=\"iwg-faq-item\">\n  <summary><strong>Mitk\u00e4 l\u00e4hteet kertovat Belialista?<\/strong><\/summary>\n  <p>T\u00e4rkein l\u00e4hderyhm\u00e4 on Qumranin kirjoitukset, erityisesti Sotak\u00e4\u00e4r\u00f6, Yhdyskuntas\u00e4\u00e4nt\u00f6 ja Hodayot. N\u00e4iden lis\u00e4ksi on Kahdentoista patriarkan testamentti sek\u00e4 yksi uusitestamentillinen kohta 2. Kor. 6:15. My\u00f6hemm\u00e4lle perinteelle keskeisi\u00e4 ovat Jacobus de Theramon Liber Belial 1300-luvun lopulta ja 1600-luvun Lemegeton. Akateeminen tutkimus k\u00e4sittelee Belialia ensisijaisesti Qumran-tutkimuksen ja Liber Belial -perinteen yhteydess\u00e4.<\/p>\n<\/details>\n\t\t\t\t\t\t\t\t<\/div>\n\t\t\t\t<div class=\"elementor-element elementor-element-wv-belial-s elementor-widget elementor-widget-html\" data-id=\"wv-belial-s\" data-element_type=\"widget\" data-e-type=\"widget\" data-widget_type=\"html.default\">\n\t\t\t\t\t<script type=\"application\/ld+json\">{\"@context\": \"https:\/\/schema.org\", \"@type\": \"FAQPage\", \"mainEntity\": [{\"@type\": \"Question\", \"name\": \"Kuka on Belial?\", \"acceptedAnswer\": {\"@type\": \"Answer\", \"text\": \"Belial on yksi juutalaisen ja kristillisen demonologian vanhimmista hahmoista, ja h\u00e4nen juurensa ovat hebrealaisessa kielenk\u00e4yt\u00f6ss\u00e4 sek\u00e4 varhaisjuutalaisessa apokalyptiikassa. Moraalisesta abstraktik\u00e4sitteest\u00e4 kehittyi Qumranin kirjoitusten my\u00f6t\u00e4 nimetty kosminen vastustaja, joka niiss\u00e4 johtaa pimeyden lapsia. Goetiassa Belial esiintyy kuudentenakahdeksatta henken\u00e4 ja pidet\u00e4\u00e4n kuninkaana, jolla on komentovalta kahdeksankymmenen legioonan yli.\"}}, {\"@type\": \"Question\", \"name\": \"Mist\u00e4 nimi Belial on per\u00e4isin?\", \"acceptedAnswer\": {\"@type\": \"Answer\", \"text\": \"Nimen alkuper\u00e4 on kielellisesti kiistanalainen. Yleisimm\u00e4n selityksen mukaan hebrean beliyya'al jakautuu kieltosanaan beli ja toiseen osaan, joka ymm\u00e4rrettyn\u00e4 hy\u00f6ty\u00e4 tarkoittavana johtaa merkitykseen hy\u00f6dytt\u00f6myys tai kelvottomuus. Toinen tulkinta yhdist\u00e4\u00e4 toisen osan verbin merkitykseen nousta yl\u00f6s, jota on pidetty tuonpuoleisen kuvauksena. Uudessa testamentissa nimi esiintyy muodossa Beliar, r-kirjaimella l:n sijaan.\"}}, {\"@type\": \"Question\", \"name\": \"Miten Belial kuvataan Goetiassa?\", \"acceptedAnswer\": {\"@type\": \"Answer\", \"text\": \"Vasta Goetia antaa Belialille vakiintuneen ulkomuodon. Se ei kuvaa h\u00e4nt\u00e4 el\u00e4inhahmoisena, vaan kahtena s\u00e4teilev\u00e4n\u00e4 enkelin\u00e4 tulisessa vaunussa, kuvaus, joka tuo mieleen Hesekielin n\u00e4yn valtaistuinvaunusta ja yhdist\u00e4\u00e4 h\u00e4net korkeampiin enkeliluokkiin. Teksti kertoo Belialin luodun v\u00e4litt\u00f6m\u00e4sti Luciferin j\u00e4lkeen. Ominaista on vaatimus uhrilahjoista, joita vaille h\u00e4n tekstin mukaan ei anna totuudenmukaisia vastauksia.\"}}, {\"@type\": \"Question\", \"name\": \"Mitk\u00e4 l\u00e4hteet kertovat Belialista?\", \"acceptedAnswer\": {\"@type\": \"Answer\", \"text\": \"T\u00e4rkein l\u00e4hderyhm\u00e4 on Qumranin kirjoitukset, erityisesti Sotak\u00e4\u00e4r\u00f6, Yhdyskuntas\u00e4\u00e4nt\u00f6 ja Hodayot. N\u00e4iden lis\u00e4ksi on Kahdentoista patriarkan testamentti sek\u00e4 yksi uusitestamentillinen kohta 2. Kor. 6:15. My\u00f6hemm\u00e4lle perinteelle keskeisi\u00e4 ovat Jacobus de Theramon Liber Belial 1300-luvun lopulta ja 1600-luvun Lemegeton. Akateeminen tutkimus k\u00e4sittelee Belialia ensisijaisesti Qumran-tutkimuksen ja Liber Belial -perinteen yhteydess\u00e4.\"}}]}<\/script>\t\t\t\t<\/div>\n\t\t\t\t\t<\/div>\n\t\t<\/div>\n\t\t\t\t\t<\/div>\n\t\t<\/section>\n\t\t\t\t<\/div>\n\t\t","protected":false},"excerpt":{"rendered":"","protected":false},"author":3,"featured_media":2428,"parent":0,"menu_order":0,"comment_status":"closed","ping_status":"closed","template":"elementor_header_footer","meta":{"_yoast_wpseo_focuskw":"Belial","_yoast_wpseo_title":"Belial: goetian 68. henki ja vastustaja | iWell Guard","_yoast_wpseo_metadesc":"Belial heprealaisessa Raamatussa, Qumranissa ja goetiassa. Etymologia, kuningasarvo, sigilli ja uskontohistoriallinen tulkinta.","_yoast_wpseo_meta-robots-noindex":"","_yoast_wpseo_canonical":"","_angie_page":false,"gefaehrdungsstufe":"4","wesen_kultur":"christentum","wesen_klasse":"daemonen","footnotes":""},"categories":[],"class_list":["post-144118","page","type-page","status-publish","has-post-thumbnail","hentry"],"yoast_head":"<!-- This site is optimized with the Yoast SEO Premium plugin v27.7 (Yoast SEO v28.3) - https:\/\/yoast.com\/product\/yoast-seo-premium-wordpress\/ -->\n<title>Belial: goetian 68. henki ja vastustaja | iWell Guard<\/title>\n<meta name=\"description\" content=\"Belial heprealaisessa Raamatussa, Qumranissa ja goetiassa. Etymologia, kuningasarvo, sigilli ja uskontohistoriallinen tulkinta.\" \/>\n<meta name=\"robots\" content=\"index, follow, max-snippet:-1, max-image-preview:large, max-video-preview:-1\" \/>\n<link rel=\"canonical\" href=\"https:\/\/iwell-guard.com\/fi\/belial\/\" \/>\n<meta property=\"og:locale\" content=\"fi_FI\" \/>\n<meta property=\"og:type\" content=\"article\" \/>\n<meta property=\"og:title\" content=\"Belial\" \/>\n<meta property=\"og:description\" content=\"Belial heprealaisessa Raamatussa, Qumranissa ja goetiassa. Etymologia, kuningasarvo, sigilli ja uskontohistoriallinen tulkinta.\" \/>\n<meta property=\"og:url\" content=\"https:\/\/iwell-guard.com\/fi\/belial\/\" \/>\n<meta property=\"og:site_name\" content=\"iWell Guard\" \/>\n<meta property=\"article:modified_time\" content=\"2026-09-03T12:51:29+00:00\" \/>\n<meta property=\"og:image\" content=\"https:\/\/iwell-guard.com\/wp-content\/uploads\/2026\/05\/daemonen_christentum_belial.webp\" \/>\n\t<meta property=\"og:image:width\" content=\"1024\" \/>\n\t<meta property=\"og:image:height\" content=\"1536\" \/>\n\t<meta property=\"og:image:type\" content=\"image\/webp\" \/>\n<meta name=\"twitter:card\" content=\"summary_large_image\" \/>\n<script type=\"application\/ld+json\" class=\"yoast-schema-graph\">{\"@context\":\"https:\\\/\\\/schema.org\",\"@graph\":[{\"@type\":\"WebPage\",\"@id\":\"https:\\\/\\\/iwell-guard.com\\\/fi\\\/belial\\\/\",\"url\":\"https:\\\/\\\/iwell-guard.com\\\/fi\\\/belial\\\/\",\"name\":\"Belial: goetian 68. henki ja vastustaja | iWell Guard\",\"isPartOf\":{\"@id\":\"https:\\\/\\\/iwell-guard.com\\\/fi\\\/#website\"},\"primaryImageOfPage\":{\"@id\":\"https:\\\/\\\/iwell-guard.com\\\/fi\\\/belial\\\/#primaryimage\"},\"image\":{\"@id\":\"https:\\\/\\\/iwell-guard.com\\\/fi\\\/belial\\\/#primaryimage\"},\"thumbnailUrl\":\"https:\\\/\\\/iwell-guard.com\\\/wp-content\\\/uploads\\\/2026\\\/05\\\/daemonen_christentum_belial.webp\",\"datePublished\":\"2026-09-03T12:32:09+00:00\",\"dateModified\":\"2026-09-03T12:51:29+00:00\",\"description\":\"Belial heprealaisessa Raamatussa, Qumranissa ja goetiassa. Etymologia, kuningasarvo, sigilli ja uskontohistoriallinen tulkinta.\",\"breadcrumb\":{\"@id\":\"https:\\\/\\\/iwell-guard.com\\\/fi\\\/belial\\\/#breadcrumb\"},\"inLanguage\":\"fi\",\"potentialAction\":[{\"@type\":\"ReadAction\",\"target\":[\"https:\\\/\\\/iwell-guard.com\\\/fi\\\/belial\\\/\"]}]},{\"@type\":\"ImageObject\",\"inLanguage\":\"fi\",\"@id\":\"https:\\\/\\\/iwell-guard.com\\\/fi\\\/belial\\\/#primaryimage\",\"url\":\"https:\\\/\\\/iwell-guard.com\\\/wp-content\\\/uploads\\\/2026\\\/05\\\/daemonen_christentum_belial.webp\",\"contentUrl\":\"https:\\\/\\\/iwell-guard.com\\\/wp-content\\\/uploads\\\/2026\\\/05\\\/daemonen_christentum_belial.webp\",\"width\":1024,\"height\":1536,\"caption\":\"Belial, kristillis-okkultistisen Goetia-perinteen demoni\"},{\"@type\":\"BreadcrumbList\",\"@id\":\"https:\\\/\\\/iwell-guard.com\\\/fi\\\/belial\\\/#breadcrumb\",\"itemListElement\":[{\"@type\":\"ListItem\",\"position\":1,\"name\":\"Start\",\"item\":\"https:\\\/\\\/iwell-guard.com\\\/fi\\\/?page_id=143815\"},{\"@type\":\"ListItem\",\"position\":2,\"name\":\"Belial\"}]},{\"@type\":\"WebSite\",\"@id\":\"https:\\\/\\\/iwell-guard.com\\\/fi\\\/#website\",\"url\":\"https:\\\/\\\/iwell-guard.com\\\/fi\\\/\",\"name\":\"iWell Guard\",\"description\":\"Schutz vor dunklen Einfl\u00fcssen\",\"publisher\":{\"@id\":\"https:\\\/\\\/iwell-guard.com\\\/fi\\\/#organization\"},\"potentialAction\":[{\"@type\":\"SearchAction\",\"target\":{\"@type\":\"EntryPoint\",\"urlTemplate\":\"https:\\\/\\\/iwell-guard.com\\\/fi\\\/?s={search_term_string}\"},\"query-input\":{\"@type\":\"PropertyValueSpecification\",\"valueRequired\":true,\"valueName\":\"search_term_string\"}}],\"inLanguage\":\"fi\"},{\"@type\":\"Organization\",\"@id\":\"https:\\\/\\\/iwell-guard.com\\\/fi\\\/#organization\",\"name\":\"Ittermann electronic GmbH\",\"url\":\"https:\\\/\\\/iwell-guard.com\\\/fi\\\/\",\"logo\":{\"@type\":\"ImageObject\",\"inLanguage\":\"fi\",\"@id\":\"https:\\\/\\\/iwell-guard.com\\\/fi\\\/#\\\/schema\\\/logo\\\/image\\\/\",\"url\":\"https:\\\/\\\/iwell-guard.com\\\/wp-content\\\/uploads\\\/2026\\\/05\\\/Ittermann-Logo-1182x237-1.png\",\"contentUrl\":\"https:\\\/\\\/iwell-guard.com\\\/wp-content\\\/uploads\\\/2026\\\/05\\\/Ittermann-Logo-1182x237-1.png\",\"width\":1182,\"height\":237,\"caption\":\"Ittermann electronic GmbH\"},\"image\":{\"@id\":\"https:\\\/\\\/iwell-guard.com\\\/fi\\\/#\\\/schema\\\/logo\\\/image\\\/\"},\"sameAs\":[\"https:\\\/\\\/pantip.com\\\/profile\\\/9367242\",\"https:\\\/\\\/micro.blog\\\/iwellguard\",\"https:\\\/\\\/www.diggerslist.com\\\/iwellguard\\\/about\",\"https:\\\/\\\/skitterphoto.com\\\/photographers\\\/2870314\\\/iwell-guard\",\"https:\\\/\\\/iwellguard.wordpress.com\\\/2026\\\/06\\\/06\\\/iwell-guard\\\/\",\"https:\\\/\\\/hub.docker.com\\\/u\\\/iwellguard\",\"https:\\\/\\\/www.pinterest.com\\\/iwellguard\\\/\",\"https:\\\/\\\/bit.ly\\\/m\\\/iwellguard\",\"https:\\\/\\\/entre-vos-mains.alsace.eu\\\/profiles\\\/iwellguard\\\/activity\",\"https:\\\/\\\/gravatar.com\\\/reallybeded8fd34\",\"https:\\\/\\\/naijamatta.com\\\/iwellguard\",\"https:\\\/\\\/www.goodreads.com\\\/iwellguard\",\"https:\\\/\\\/profile.hatena.ne.jp\\\/iwellguard\\\/\",\"https:\\\/\\\/experiment.com\\\/users\\\/iwellguard\",\"https:\\\/\\\/wakelet.com\\\/@iWellGuard82270\",\"https:\\\/\\\/www.chordie.com\\\/forum\\\/profile.php?id=2555664\",\"https:\\\/\\\/www.instapaper.com\\\/p\\\/17757966\",\"https:\\\/\\\/www.mapleprimes.com\\\/users\\\/iwellguard\",\"https:\\\/\\\/businesslistingplus.com\\\/profile\\\/iwell-guard\\\/\",\"https:\\\/\\\/telegra.ph\\\/iWell-Guard-06-06\",\"https:\\\/\\\/pbase.com\\\/iwellguard\\\/iwellguard\",\"https:\\\/\\\/b.hatena.ne.jp\\\/iwellguard\\\/20260607#bookmark-4788405196491818882\",\"https:\\\/\\\/fliphtml5.com\\\/home\\\/iwellguard\",\"https:\\\/\\\/anyflip.com\\\/homepage\\\/cmiwl#About\",\"https:\\\/\\\/transfur.com\\\/Users\\\/iwellguard\",\"http:\\\/\\\/delphi.larsbo.org\\\/user\\\/iwellguard\",\"https:\\\/\\\/jobs.lajobsportal.org\\\/profiles\\\/8380803-iwell-guard\",\"https:\\\/\\\/md.chaosdorf.de\\\/s\\\/jfbe5SBdJD\",\"https:\\\/\\\/www.lingvolive.com\\\/en-us\\\/profile\\\/9ecaeaca-ce11-4e51-9e71-01d55e2bff36\\\/translations\",\"https:\\\/\\\/www.fitday.com\\\/fitness\\\/forums\\\/members\\\/iwellguard.html\",\"https:\\\/\\\/www.mymeetbook.com\\\/iwellguard\",\"https:\\\/\\\/pxhere.com\\\/en\\\/photographer-me\\\/5040798\",\"https:\\\/\\\/disqus.com\\\/by\\\/iwellguard\\\/about\\\/\",\"https:\\\/\\\/pastelink.net\\\/hjwciqwq\",\"https:\\\/\\\/pubhtml5.com\\\/homepage\\\/scjhn\\\/\",\"https:\\\/\\\/www.bitchute.com\\\/channel\\\/2O2eOKzNqujT\",\"https:\\\/\\\/audiomack.com\\\/iwellguard\"]},{\"@type\":\"Article\",\"@id\":\"https:\\\/\\\/iwell-guard.com\\\/fi\\\/belial\\\/#article\",\"isPartOf\":{\"@id\":\"https:\\\/\\\/iwell-guard.com\\\/fi\\\/belial\\\/\"},\"author\":{\"name\":\"Ralf Ittermann\",\"@id\":\"https:\\\/\\\/iwell-guard.com\\\/fi\\\/#\\\/schema\\\/person\\\/ee2a27f1cac3406c7c6fb5820cb7349f\"},\"headline\":\"Belial\",\"datePublished\":\"2026-09-03T12:32:09+00:00\",\"dateModified\":\"2026-09-03T12:51:29+00:00\",\"mainEntityOfPage\":{\"@id\":\"https:\\\/\\\/iwell-guard.com\\\/fi\\\/belial\\\/\"},\"publisher\":{\"@id\":\"https:\\\/\\\/iwell-guard.com\\\/fi\\\/#organization\"},\"image\":{\"@id\":\"https:\\\/\\\/iwell-guard.com\\\/fi\\\/belial\\\/#primaryimage\"},\"thumbnailUrl\":\"https:\\\/\\\/iwell-guard.com\\\/wp-content\\\/uploads\\\/2026\\\/05\\\/daemonen_christentum_belial.webp\",\"inLanguage\":\"fi\",\"description\":\"Belial heprealaisessa Raamatussa, Qumranissa ja goetiassa. Etymologia, kuningasarvo, sigilli ja uskontohistoriallinen tulkinta.\"}]}<\/script>\n<!-- \/ Yoast SEO Premium plugin. -->","yoast_head_json":{"title":"Belial: goetian 68. henki ja vastustaja | iWell Guard","description":"Belial heprealaisessa Raamatussa, Qumranissa ja goetiassa. Etymologia, kuningasarvo, sigilli ja uskontohistoriallinen tulkinta.","robots":{"index":"index","follow":"follow","max-snippet":"max-snippet:-1","max-image-preview":"max-image-preview:large","max-video-preview":"max-video-preview:-1"},"canonical":"https:\/\/iwell-guard.com\/fi\/belial\/","og_locale":"fi_FI","og_type":"article","og_title":"Belial","og_description":"Belial heprealaisessa Raamatussa, Qumranissa ja goetiassa. Etymologia, kuningasarvo, sigilli ja uskontohistoriallinen tulkinta.","og_url":"https:\/\/iwell-guard.com\/fi\/belial\/","og_site_name":"iWell Guard","article_modified_time":"2026-09-03T12:51:29+00:00","og_image":[{"width":1024,"height":1536,"url":"https:\/\/iwell-guard.com\/wp-content\/uploads\/2026\/05\/daemonen_christentum_belial.webp","type":"image\/webp"}],"twitter_card":"summary_large_image","schema":{"@context":"https:\/\/schema.org","@graph":[{"@type":"Article","@id":"https:\/\/iwell-guard.com\/fi\/belial\/#article","isPartOf":{"@id":"https:\/\/iwell-guard.com\/fi\/belial\/"},"author":{"name":"Ralf Ittermann","@id":"https:\/\/iwell-guard.com\/fi\/#\/schema\/person\/ee2a27f1cac3406c7c6fb5820cb7349f"},"headline":"Belial","datePublished":"2026-09-03T12:32:09+00:00","dateModified":"2026-09-03T12:51:29+00:00","mainEntityOfPage":{"@id":"https:\/\/iwell-guard.com\/fi\/belial\/"},"publisher":{"@id":"https:\/\/iwell-guard.com\/fi\/#organization"},"image":{"@id":"https:\/\/iwell-guard.com\/fi\/belial\/#primaryimage"},"thumbnailUrl":"https:\/\/iwell-guard.com\/wp-content\/uploads\/2026\/05\/daemonen_christentum_belial.webp","inLanguage":"fi","description":"Belial heprealaisessa Raamatussa, Qumranissa ja goetiassa. Etymologia, kuningasarvo, sigilli ja uskontohistoriallinen tulkinta."},{"@type":"WebPage","@id":"https:\/\/iwell-guard.com\/fi\/belial\/","url":"https:\/\/iwell-guard.com\/fi\/belial\/","name":"Belial: goetian 68. henki ja vastustaja | iWell Guard","isPartOf":{"@id":"https:\/\/iwell-guard.com\/fi\/#website"},"primaryImageOfPage":{"@id":"https:\/\/iwell-guard.com\/fi\/belial\/#primaryimage"},"image":{"@id":"https:\/\/iwell-guard.com\/fi\/belial\/#primaryimage"},"thumbnailUrl":"https:\/\/iwell-guard.com\/wp-content\/uploads\/2026\/05\/daemonen_christentum_belial.webp","datePublished":"2026-09-03T12:32:09+00:00","dateModified":"2026-09-03T12:51:29+00:00","description":"Belial heprealaisessa Raamatussa, Qumranissa ja goetiassa. Etymologia, kuningasarvo, sigilli ja uskontohistoriallinen tulkinta.","breadcrumb":{"@id":"https:\/\/iwell-guard.com\/fi\/belial\/#breadcrumb"},"inLanguage":"fi","potentialAction":[{"@type":"ReadAction","target":["https:\/\/iwell-guard.com\/fi\/belial\/"]}]},{"@type":"ImageObject","inLanguage":"fi","@id":"https:\/\/iwell-guard.com\/fi\/belial\/#primaryimage","url":"https:\/\/iwell-guard.com\/wp-content\/uploads\/2026\/05\/daemonen_christentum_belial.webp","contentUrl":"https:\/\/iwell-guard.com\/wp-content\/uploads\/2026\/05\/daemonen_christentum_belial.webp","width":1024,"height":1536,"caption":"Belial, kristillis-okkultistisen Goetia-perinteen demoni"},{"@type":"BreadcrumbList","@id":"https:\/\/iwell-guard.com\/fi\/belial\/#breadcrumb","itemListElement":[{"@type":"ListItem","position":1,"name":"Start","item":"https:\/\/iwell-guard.com\/fi\/?page_id=143815"},{"@type":"ListItem","position":2,"name":"Belial"}]},{"@type":"WebSite","@id":"https:\/\/iwell-guard.com\/fi\/#website","url":"https:\/\/iwell-guard.com\/fi\/","name":"iWell Guard","description":"Schutz vor dunklen Einfl\u00fcssen","publisher":{"@id":"https:\/\/iwell-guard.com\/fi\/#organization"},"potentialAction":[{"@type":"SearchAction","target":{"@type":"EntryPoint","urlTemplate":"https:\/\/iwell-guard.com\/fi\/?s={search_term_string}"},"query-input":{"@type":"PropertyValueSpecification","valueRequired":true,"valueName":"search_term_string"}}],"inLanguage":"fi"},{"@type":"Organization","@id":"https:\/\/iwell-guard.com\/fi\/#organization","name":"Ittermann electronic GmbH","url":"https:\/\/iwell-guard.com\/fi\/","logo":{"@type":"ImageObject","inLanguage":"fi","@id":"https:\/\/iwell-guard.com\/fi\/#\/schema\/logo\/image\/","url":"https:\/\/iwell-guard.com\/wp-content\/uploads\/2026\/05\/Ittermann-Logo-1182x237-1.png","contentUrl":"https:\/\/iwell-guard.com\/wp-content\/uploads\/2026\/05\/Ittermann-Logo-1182x237-1.png","width":1182,"height":237,"caption":"Ittermann electronic GmbH"},"image":{"@id":"https:\/\/iwell-guard.com\/fi\/#\/schema\/logo\/image\/"},"sameAs":["https:\/\/pantip.com\/profile\/9367242","https:\/\/micro.blog\/iwellguard","https:\/\/www.diggerslist.com\/iwellguard\/about","https:\/\/skitterphoto.com\/photographers\/2870314\/iwell-guard","https:\/\/iwellguard.wordpress.com\/2026\/06\/06\/iwell-guard\/","https:\/\/hub.docker.com\/u\/iwellguard","https:\/\/www.pinterest.com\/iwellguard\/","https:\/\/bit.ly\/m\/iwellguard","https:\/\/entre-vos-mains.alsace.eu\/profiles\/iwellguard\/activity","https:\/\/gravatar.com\/reallybeded8fd34","https:\/\/naijamatta.com\/iwellguard","https:\/\/www.goodreads.com\/iwellguard","https:\/\/profile.hatena.ne.jp\/iwellguard\/","https:\/\/experiment.com\/users\/iwellguard","https:\/\/wakelet.com\/@iWellGuard82270","https:\/\/www.chordie.com\/forum\/profile.php?id=2555664","https:\/\/www.instapaper.com\/p\/17757966","https:\/\/www.mapleprimes.com\/users\/iwellguard","https:\/\/businesslistingplus.com\/profile\/iwell-guard\/","https:\/\/telegra.ph\/iWell-Guard-06-06","https:\/\/pbase.com\/iwellguard\/iwellguard","https:\/\/b.hatena.ne.jp\/iwellguard\/20260607#bookmark-4788405196491818882","https:\/\/fliphtml5.com\/home\/iwellguard","https:\/\/anyflip.com\/homepage\/cmiwl#About","https:\/\/transfur.com\/Users\/iwellguard","http:\/\/delphi.larsbo.org\/user\/iwellguard","https:\/\/jobs.lajobsportal.org\/profiles\/8380803-iwell-guard","https:\/\/md.chaosdorf.de\/s\/jfbe5SBdJD","https:\/\/www.lingvolive.com\/en-us\/profile\/9ecaeaca-ce11-4e51-9e71-01d55e2bff36\/translations","https:\/\/www.fitday.com\/fitness\/forums\/members\/iwellguard.html","https:\/\/www.mymeetbook.com\/iwellguard","https:\/\/pxhere.com\/en\/photographer-me\/5040798","https:\/\/disqus.com\/by\/iwellguard\/about\/","https:\/\/pastelink.net\/hjwciqwq","https:\/\/pubhtml5.com\/homepage\/scjhn\/","https:\/\/www.bitchute.com\/channel\/2O2eOKzNqujT","https:\/\/audiomack.com\/iwellguard"]},{"@type":"Person","@id":"https:\/\/iwell-guard.com\/fi\/#\/schema\/person\/ee2a27f1cac3406c7c6fb5820cb7349f","name":"Ralf Ittermann","image":{"@type":"ImageObject","inLanguage":"fi","@id":"https:\/\/secure.gravatar.com\/avatar\/073c0153e350a5005b68eb752b445fea71f6b24a26da9449ad7e155e6b446c9d?s=96&d=mm&r=g","url":"https:\/\/secure.gravatar.com\/avatar\/073c0153e350a5005b68eb752b445fea71f6b24a26da9449ad7e155e6b446c9d?s=96&d=mm&r=g","contentUrl":"https:\/\/secure.gravatar.com\/avatar\/073c0153e350a5005b68eb752b445fea71f6b24a26da9449ad7e155e6b446c9d?s=96&d=mm&r=g","caption":"Ralf Ittermann"},"givenName":"Ralf","familyName":"Ittermann","jobTitle":"Gesch\u00e4ftsf\u00fchrer und redaktioneller Verantwortlicher","url":"https:\/\/iwell-guard.com\/fi\/author\/claude\/","description":"Ralf Ittermann ist Gesch\u00e4ftsf\u00fchrer der Ittermann electronic GmbH und redaktioneller Verantwortlicher des iWell-Guard-Lexikons. Er verbindet langj\u00e4hrige Erfahrung in der Pr\u00e4zisionsfertigung mit medialer Praxis und religionsgeschichtlicher Quellenarbeit.","worksFor":{"@type":"Organization","name":"Ittermann electronic GmbH","url":"https:\/\/ittermann.de\/","address":{"@type":"PostalAddress","streetAddress":"K\u00f6hlergasse 16-18","postalCode":"99842","addressLocality":"Ruhla","addressCountry":"DE"}},"knowsAbout":["Religionsgeschichte","Mythologie","Mediale Praxis","Energetische Diagnostik","Schutzpraxis","Volksglauben","Westliche Esoterik"]},{"@type":"Article","@id":"https:\/\/iwell-guard.com\/fi\/belial\/#article","isPartOf":{"@id":"https:\/\/iwell-guard.com\/fi\/belial\/"},"author":{"name":"Ralf Ittermann","@id":"https:\/\/iwell-guard.com\/fi\/#\/schema\/person\/ee2a27f1cac3406c7c6fb5820cb7349f"},"headline":"Belial","datePublished":"2026-09-03T12:32:09+00:00","dateModified":"2026-09-03T12:51:29+00:00","mainEntityOfPage":{"@id":"https:\/\/iwell-guard.com\/fi\/belial\/"},"publisher":{"@id":"https:\/\/iwell-guard.com\/fi\/#organization"},"image":{"@id":"https:\/\/iwell-guard.com\/fi\/belial\/#primaryimage"},"thumbnailUrl":"https:\/\/iwell-guard.com\/wp-content\/uploads\/2026\/05\/daemonen_christentum_belial.webp","inLanguage":"fi","description":"Belial heprealaisessa Raamatussa, Qumranissa ja goetiassa. Etymologia, kuningasarvo, sigilli ja uskontohistoriallinen tulkinta."}]}},"_links":{"self":[{"href":"https:\/\/iwell-guard.com\/fi\/wp-json\/wp\/v2\/pages\/144118","targetHints":{"allow":["GET"]}}],"collection":[{"href":"https:\/\/iwell-guard.com\/fi\/wp-json\/wp\/v2\/pages"}],"about":[{"href":"https:\/\/iwell-guard.com\/fi\/wp-json\/wp\/v2\/types\/page"}],"author":[{"embeddable":true,"href":"https:\/\/iwell-guard.com\/fi\/wp-json\/wp\/v2\/users\/3"}],"replies":[{"embeddable":true,"href":"https:\/\/iwell-guard.com\/fi\/wp-json\/wp\/v2\/comments?post=144118"}],"version-history":[{"count":0,"href":"https:\/\/iwell-guard.com\/fi\/wp-json\/wp\/v2\/pages\/144118\/revisions"}],"wp:featuredmedia":[{"embeddable":true,"href":"https:\/\/iwell-guard.com\/fi\/wp-json\/wp\/v2\/media\/2428"}],"wp:attachment":[{"href":"https:\/\/iwell-guard.com\/fi\/wp-json\/wp\/v2\/media?parent=144118"}],"wp:term":[{"taxonomy":"category","embeddable":true,"href":"https:\/\/iwell-guard.com\/fi\/wp-json\/wp\/v2\/categories?post=144118"}],"curies":[{"name":"wp","href":"https:\/\/api.w.org\/{rel}","templated":true}]}}