{"id":144073,"date":"2026-09-03T12:31:41","date_gmt":"2026-09-03T12:31:41","guid":{"rendered":"https:\/\/iwell-guard.com\/?page_id=144073"},"modified":"2026-09-03T12:50:19","modified_gmt":"2026-09-03T12:50:19","slug":"gabriel","status":"publish","type":"page","link":"https:\/\/iwell-guard.com\/fi\/gabriel\/","title":{"rendered":"Gabriel"},"content":{"rendered":"\t\t<div data-elementor-type=\"wp-page\" data-elementor-id=\"144073\" class=\"elementor elementor-144073 elementor-2140 elementor-bc-flex-widget\" data-elementor-post-type=\"page\">\n\t\t\t\t<div class=\"elementor-element elementor-element-10fdade e-flex e-con-boxed e-con e-parent\" data-id=\"10fdade\" data-element_type=\"container\" data-e-type=\"container\" data-settings=\"{&quot;background_background&quot;:&quot;classic&quot;}\">\n\t\t\t\t\t<div class=\"e-con-inner\">\n\t\t<div class=\"elementor-element elementor-element-herohlft0 e-flex e-con-boxed e-con e-child\" data-id=\"herohlft0\" data-element_type=\"container\" data-e-type=\"container\">\n\t\t\t\t\t<div class=\"e-con-inner\">\n\t\t<div class=\"elementor-element elementor-element-c3ceb64 e-con-full e-flex e-con e-child\" data-id=\"c3ceb64\" data-element_type=\"container\" data-e-type=\"container\">\n\t\t\t\t<div class=\"elementor-element elementor-element-96ae5e1 elementor-widget elementor-widget-heading\" data-id=\"96ae5e1\" data-element_type=\"widget\" data-e-type=\"widget\" data-widget_type=\"heading.default\">\n\t\t\t\t\t<h1 class=\"elementor-heading-title elementor-size-default\">Gabriel, juutalaisen perinteen jumala<\/h1>\t\t\t\t<\/div>\n\t\t\t\t<div class=\"elementor-element elementor-element-e45238a elementor-widget elementor-widget-text-editor\" data-id=\"e45238a\" data-element_type=\"widget\" data-e-type=\"widget\" data-widget_type=\"text-editor.default\">\n\t\t\t\t\t\t\t\t\t<p>Gabriel on juutalaisen perinteen arkkienkelihahmo, jumalallisten sanomien julistaja ja toimija eskatologisissa n\u00e4yiss\u00e4. H\u00e4nen uskontotieteellinen merkityksens\u00e4 perustuu taivaan ja maan v\u00e4liseen v\u00e4litt\u00e4miseen, Jumalan tahdon ilmoittamiseen sek\u00e4 juutalaisen angelologian kaanonin muodostumiseen.<\/p>\t\t\t\t\t\t\t\t<\/div>\n\t\t\t\t<\/div>\n\t\t<div class=\"elementor-element elementor-element-klsbdg01 e-con-full e-flex e-con e-parent\" data-id=\"klsbdg01\" data-element_type=\"container\" data-e-type=\"container\">\n\t\t\t\t<div class=\"elementor-element elementor-element-klshtm01 elementor-widget elementor-widget-html\" data-id=\"klshtm01\" data-element_type=\"widget\" data-e-type=\"widget\" data-widget_type=\"html.default\">\n\t\t\t\t\t<div class=\"iwg-pill-row\"><span class=\"iwg-klasse-badge\" tabindex=\"0\" data-tooltip=\"Valo-olento: valaistuneita, suojelevia tai opettavia olentoja, arkkienkeleit\u00e4, yl\u00f6snousemusmestareita, valoisia luonnonolentoja. Kuvataan uudemmissa ja vanhemmissa henkisiss\u00e4 perinteiss\u00e4 auttajina ja opettajina.\">Valo-olento<\/span><a href=\"https:\/\/iwell-guard.com\/fi\/?page_id=143848\" class=\"iwg-kultur-badge\" tabindex=\"0\" data-tooltip=\"Islamilainen uskomusmaailma arkkienkeleineen, d\u017einneineen ja uskonnollisine olentoineen.\">Islam<\/a><span class=\"iwg-tradition-badge\" tabindex=\"0\" data-tooltip=\"Arkkienkeli, korkein enkeliluokka juutalaisessa, kristillisess\u00e4 ja islamilaisessa perinteess\u00e4.\">Arkkienkeli<\/span><\/div>\t\t\t\t<\/div>\n\t\t\t\t<\/div>\n\t\t<div class=\"elementor-element elementor-element-3f74855 e-con-full e-flex e-con e-child\" data-id=\"3f74855\" data-element_type=\"container\" data-e-type=\"container\">\n\t\t\t\t<div class=\"elementor-element elementor-element-1c30362 elementor-toc--minimized-on-tablet elementor-widget elementor-widget-table-of-contents\" data-id=\"1c30362\" data-element_type=\"widget\" data-e-type=\"widget\" data-settings=\"{&quot;exclude_headings_by_selector&quot;:[],&quot;no_headings_message&quot;:&quot;T\\u00e4lt\\u00e4 sivulta ei l\\u00f6ytynyt otsikoita.&quot;,&quot;headings_by_tags&quot;:[&quot;h2&quot;,&quot;h3&quot;],&quot;marker_view&quot;:&quot;bullets&quot;,&quot;minimize_box&quot;:&quot;yes&quot;,&quot;icon&quot;:{&quot;value&quot;:&quot;fas fa-circle&quot;,&quot;library&quot;:&quot;fa-solid&quot;,&quot;rendered_tag&quot;:&quot;&lt;svg class=\\&quot;e-font-icon-svg e-fas-circle\\&quot; viewBox=\\&quot;0 0 512 512\\&quot; xmlns=\\&quot;http:\\\/\\\/www.w3.org\\\/2000\\\/svg\\&quot;&gt;&lt;path d=\\&quot;M256 8C119 8 8 119 8 256s111 248 248 248 248-111 248-248S393 8 256 8z\\&quot;&gt;&lt;\\\/path&gt;&lt;\\\/svg&gt;&quot;},&quot;minimized_on&quot;:&quot;tablet&quot;,&quot;hierarchical_view&quot;:&quot;yes&quot;,&quot;min_height&quot;:{&quot;unit&quot;:&quot;px&quot;,&quot;size&quot;:&quot;&quot;,&quot;sizes&quot;:[]},&quot;min_height_tablet&quot;:{&quot;unit&quot;:&quot;px&quot;,&quot;size&quot;:&quot;&quot;,&quot;sizes&quot;:[]},&quot;min_height_mobile&quot;:{&quot;unit&quot;:&quot;px&quot;,&quot;size&quot;:&quot;&quot;,&quot;sizes&quot;:[]}}\" data-widget_type=\"table-of-contents.default\">\n\t\t\t\t\t\t\t\t\t<div class=\"elementor-toc__header\">\n\t\t\t\t\t\t<h2 class=\"elementor-toc__header-title\">\n\t\t\t\tSis\u00e4llysluettelo\t\t\t<\/h2>\n\t\t\t\t\t\t\t\t\t\t<div class=\"elementor-toc__toggle-button elementor-toc__toggle-button--expand\" role=\"button\" tabindex=\"0\" aria-controls=\"elementor-toc__1c30362\" aria-expanded=\"true\" aria-label=\"Open table of contents\"><svg aria-hidden=\"true\" class=\"e-font-icon-svg e-fas-chevron-down\" viewBox=\"0 0 448 512\" xmlns=\"http:\/\/www.w3.org\/2000\/svg\"><path d=\"M207.029 381.476L12.686 187.132c-9.373-9.373-9.373-24.569 0-33.941l22.667-22.667c9.357-9.357 24.522-9.375 33.901-.04L224 284.505l154.745-154.021c9.379-9.335 24.544-9.317 33.901.04l22.667 22.667c9.373 9.373 9.373 24.569 0 33.941L240.971 381.476c-9.373 9.372-24.569 9.372-33.942 0z\"><\/path><\/svg><\/div>\n\t\t\t\t<div class=\"elementor-toc__toggle-button elementor-toc__toggle-button--collapse\" role=\"button\" tabindex=\"0\" aria-controls=\"elementor-toc__1c30362\" aria-expanded=\"true\" aria-label=\"Close table of contents\"><svg aria-hidden=\"true\" class=\"e-font-icon-svg e-fas-chevron-up\" viewBox=\"0 0 448 512\" xmlns=\"http:\/\/www.w3.org\/2000\/svg\"><path d=\"M240.971 130.524l194.343 194.343c9.373 9.373 9.373 24.569 0 33.941l-22.667 22.667c-9.357 9.357-24.522 9.375-33.901.04L224 227.495 69.255 381.516c-9.379 9.335-24.544 9.317-33.901-.04l-22.667-22.667c-9.373-9.373-9.373-24.569 0-33.941L207.03 130.525c9.372-9.373 24.568-9.373 33.941-.001z\"><\/path><\/svg><\/div>\n\t\t\t\t\t<\/div>\n\t\t\t\t<div id=\"elementor-toc__1c30362\" class=\"elementor-toc__body\">\n\t\t\t<div class=\"elementor-toc__spinner-container\">\n\t\t\t\t<svg class=\"elementor-toc__spinner eicon-animation-spin e-font-icon-svg e-eicon-loading\" aria-hidden=\"true\" viewBox=\"0 0 1000 1000\" xmlns=\"http:\/\/www.w3.org\/2000\/svg\"><path d=\"M500 975V858C696 858 858 696 858 500S696 142 500 142 142 304 142 500H25C25 237 238 25 500 25S975 237 975 500 763 975 500 975Z\"><\/path><\/svg>\t\t\t<\/div>\n\t\t<\/div>\n\t\t\t\t\t\t<\/div>\n\t\t\t\t<\/div>\n\t\t\t\t\t<\/div>\n\t\t\t\t<\/div>\n\t\t<div class=\"elementor-element elementor-element-herorght0 e-con-full e-flex e-con e-child\" data-id=\"herorght0\" data-element_type=\"container\" data-e-type=\"container\">\n\t\t\t\t<div class=\"elementor-element elementor-element-heroimg00 iwg-hero-image elementor-widget elementor-widget-image\" data-id=\"heroimg00\" data-element_type=\"widget\" data-e-type=\"widget\" data-widget_type=\"image.default\">\n\t\t\t\t\t\t\t\t\t\t\t\t\t\t\t<img fetchpriority=\"high\" decoding=\"async\" width=\"683\" height=\"1024\" src=\"https:\/\/iwell-guard.com\/wp-content\/uploads\/2026\/04\/goetter_judentum_gabriel-683x1024.webp\" class=\"attachment-large size-large wp-image-149076\" alt=\"Gabriel - juutalaisen perinteen jumalia, historiallis-havainnollistava\" srcset=\"https:\/\/iwell-guard.com\/wp-content\/uploads\/2026\/04\/goetter_judentum_gabriel-683x1024.webp 683w, https:\/\/iwell-guard.com\/wp-content\/uploads\/2026\/04\/goetter_judentum_gabriel-200x300.webp 200w, https:\/\/iwell-guard.com\/wp-content\/uploads\/2026\/04\/goetter_judentum_gabriel-768x1152.webp 768w, https:\/\/iwell-guard.com\/wp-content\/uploads\/2026\/04\/goetter_judentum_gabriel.webp 1024w\" sizes=\"(max-width: 683px) 100vw, 683px\" \/>\t\t\t\t\t\t\t\t\t\t\t\t\t\t\t<\/div>\n\t\t\t\t<\/div>\n\t\t\t\t\t<\/div>\n\t\t\t\t<\/div>\n\t\t<div class=\"elementor-element elementor-element-32917199 e-flex e-con-boxed e-con e-parent\" data-id=\"32917199\" data-element_type=\"container\" data-e-type=\"container\">\n\t\t\t\t\t<div class=\"e-con-inner\">\n\t\t<div class=\"elementor-element elementor-element-26e916cb e-flex e-con-boxed e-con e-child\" data-id=\"26e916cb\" data-element_type=\"container\" data-e-type=\"container\">\n\t\t\t\t\t<div class=\"e-con-inner\">\n\t\t<div class=\"elementor-element elementor-element-253a40d4 e-flex e-con-boxed e-con e-child\" data-id=\"253a40d4\" data-element_type=\"container\" data-e-type=\"container\">\n\t\t\t\t\t<div class=\"e-con-inner\">\n\t\t\t\t<div class=\"elementor-element elementor-element-1200c304 elementor-widget elementor-widget-heading\" data-id=\"1200c304\" data-element_type=\"widget\" data-e-type=\"widget\" data-widget_type=\"heading.default\">\n\t\t\t\t\t<h2 class=\"elementor-heading-title elementor-size-default\">Gabriel<\/h2>\t\t\t\t<\/div>\n\t\t\t\t<div class=\"elementor-element elementor-element-11758e7f elementor-widget elementor-widget-text-editor\" data-id=\"11758e7f\" data-element_type=\"widget\" data-e-type=\"widget\" data-widget_type=\"text-editor.default\">\n\t\t\t\t\t\t\t\t\t<p>Gabriel toimii jumalallisena sanansaattajana ja Jumalan tahdon v\u00e4litt\u00e4j\u00e4n\u00e4. H\u00e4nen ominaisuuksiinsa kuuluvat voima, totuus ja v\u00e4lit\u00f6n l\u00e4heisyys Jumalan valtaistuimeen. Keskeisi\u00e4 myyttej\u00e4 ovat Danielin n\u00e4yt (Dan. 8, 9), joissa Gabriel ilmoittaa eskatologisia aikoja; Johannes Kastajan syntym\u00e4n ilmoitus (Luuk. 1:11, 20, vain kristillisess\u00e4 perinteess\u00e4); sek\u00e4 kabbalistis-mystiset roolit Henokin kirjallisuudessa ja Zohar-perinteess\u00e4.<\/p>\t\t\t\t\t\t\t\t<\/div>\n\t\t\t\t\t<\/div>\n\t\t\t\t<\/div>\n\t\t<div class=\"elementor-element elementor-element-159dcf9a e-flex e-con-boxed e-con e-child\" data-id=\"159dcf9a\" data-element_type=\"container\" data-e-type=\"container\">\n\t\t\t\t\t<div class=\"e-con-inner\">\n\t\t\t\t<div class=\"elementor-element elementor-element-48cee66f elementor-widget elementor-widget-heading\" data-id=\"48cee66f\" data-element_type=\"widget\" data-e-type=\"widget\" data-widget_type=\"heading.default\">\n\t\t\t\t\t<h2 class=\"elementor-heading-title elementor-size-default\">Lyhyt profiili: Gabriel<\/h2>\t\t\t\t<\/div>\n\t\t\t\t<div class=\"elementor-element elementor-element-3f50d82c elementor-widget elementor-widget-text-editor\" data-id=\"3f50d82c\" data-element_type=\"widget\" data-e-type=\"widget\" data-widget_type=\"text-editor.default\">\n\t\t\t\t\t\t\t\t\t<p>Gabriel esiintyy raamatullisissa alkul\u00e4hteiss\u00e4: Danielin kirjassa (8:16, 9:21) ja apokryfisiss\u00e4 kirjoituksissa (Henok 1-2, Tobia 3:17). Ajoitus sijoittuu hellenistiselle kaudelle (2.-1. vuosisata eKr.).<\/p><p>Juutalainen tutkimus k\u00e4sittelee Gabrielia teoksissa Scholem (Judaica, <span class=\"iwg-fachbegriff\" tabindex=\"0\" data-tooltip=\"Uskonnollinen suuntaus, joka korostaa v\u00e4lit\u00f6nt\u00e4 Jumala-kokemusta; keskeinen juutalaisessa, kristillisess\u00e4 ja islamilaisessa perinteess\u00e4.\">mystiikka<\/span>), Bietenhard (angelologia), Hughes (Dictionary of Islam, vertaileva n\u00e4k\u00f6kulma) ja McLeod (juutalais-islamilaiset rinnakkaisuudet). Tutkimuksen mukaan Gabriel edustaa L\u00e4hi-id\u00e4n arkkienkelin arkkityyppi\u00e4.<\/p>\t\t\t\t\t\t\t\t<\/div>\n\t\t\t\t\t<\/div>\n\t\t\t\t<\/div>\n\t\t\t\t\t<\/div>\n\t\t\t\t<\/div>\n\t\t\t\t\t<\/div>\n\t\t\t\t<\/div>\n\t\t<div class=\"elementor-element elementor-element-18613602 e-flex e-con-boxed e-con e-parent\" data-id=\"18613602\" data-element_type=\"container\" data-e-type=\"container\">\n\t\t\t\t\t<div class=\"e-con-inner\">\n\t\t\t\t<div class=\"elementor-element elementor-element-262b8a9f elementor-widget elementor-widget-heading\" data-id=\"262b8a9f\" data-element_type=\"widget\" data-e-type=\"widget\" data-widget_type=\"heading.default\">\n\t\t\t\t\t<h2 class=\"elementor-heading-title elementor-size-default\">Konteksti<\/h2>\t\t\t\t<\/div>\n\t\t<div class=\"elementor-element elementor-element-46dcb7d e-con-full e-flex e-con e-child\" data-id=\"46dcb7d\" data-element_type=\"container\" data-e-type=\"container\">\n\t\t<div class=\"elementor-element elementor-element-61d3ab3 e-flex e-con-boxed e-con e-child\" data-id=\"61d3ab3\" data-element_type=\"container\" data-e-type=\"container\">\n\t\t\t\t\t<div class=\"e-con-inner\">\n\t\t\t\t<div class=\"elementor-element elementor-element-117c166 elementor-widget elementor-widget-heading\" data-id=\"117c166\" data-element_type=\"widget\" data-e-type=\"widget\" data-widget_type=\"heading.default\">\n\t\t\t\t\t<div class=\"elementor-heading-title elementor-size-default\">Tekstien ajanjakso<\/div>\t\t\t\t<\/div>\n\t\t\t\t<div class=\"elementor-element elementor-element-73997a0 elementor-widget elementor-widget-text-editor\" data-id=\"73997a0\" data-element_type=\"widget\" data-e-type=\"widget\" data-widget_type=\"text-editor.default\">\n\t\t\t\t\t\t\t\t\t<p>Danielin kirjan n\u00e4yist\u00e4 nykyp\u00e4iv\u00e4\u00e4n Gabrielin tie voidaan seurata l\u00e4hteiden kautta: Luukkaan evankeliumin, islamilaisen perinteen ja kristillisen ilmestysikonografian my\u00f6t\u00e4. H\u00e4nt\u00e4 kunnioitetaan yh\u00e4 nyky\u00e4\u00e4n, esimerkiksi katolisen kirkon arkkienkelien juhlassa syyskuun 29. p\u00e4iv\u00e4n\u00e4 tai l\u00e4hettien ja sananviejien suojeluspyhimyksen\u00e4. H\u00e4nen kuvansa ydin, Jumalan sanaa tuova enkeli, on pysynyt muuttumattomana.<\/p>\t\t\t\t\t\t\t\t<\/div>\n\t\t\t\t\t<\/div>\n\t\t\t\t<\/div>\n\t\t<div class=\"elementor-element elementor-element-d47b156 e-flex e-con-boxed e-con e-child\" data-id=\"d47b156\" data-element_type=\"container\" data-e-type=\"container\">\n\t\t\t\t\t<div class=\"e-con-inner\">\n\t\t\t\t<div class=\"elementor-element elementor-element-ff38c2b elementor-widget elementor-widget-heading\" data-id=\"ff38c2b\" data-element_type=\"widget\" data-e-type=\"widget\" data-widget_type=\"heading.default\">\n\t\t\t\t\t<div class=\"elementor-heading-title elementor-size-default\">Levinneisyysalue<\/div>\t\t\t\t<\/div>\n\t\t\t\t<div class=\"elementor-element elementor-element-4e49fcc elementor-widget elementor-widget-text-editor\" data-id=\"4e49fcc\" data-element_type=\"widget\" data-e-type=\"widget\" data-widget_type=\"text-editor.default\">\n\t\t\t\t\t\t\t\t\t<p>Gabriel ei rajoittunut mihink\u00e4\u00e4n yksitt\u00e4iseen alueeseen tai paikkaan, vaan h\u00e4net tunnettiin ja h\u00e4nt\u00e4 kunnioitettiin tai kunnioittavasti pel\u00e4ttiin kaikkialla juutalaisessa maailmassa. Suurissa kaupunkikeskuksissa tai syrj\u00e4isill\u00e4 maaseutualueilla, yhteiskunnan eliitin keskuudessa tai tavallisen kansan parissa, t\u00e4m\u00e4n olennon hengellinen ja kulttuurinen merkitys tunnustettiin l\u00e4pikotaisin ja yleismaailmallisesti.<\/p><p>Gabriel on yksi harvoista enkeleist\u00e4, jotka mainitaan nimelt\u00e4 ja joita kunnioitetaan juutalaisuudessa, kristinuskossa ja islamissa. T\u00e4m\u00e4 levinneisyys kolmen uskonnon piiriss\u00e4 selittyy yhteisell\u00e4 viittauksella raamatulliseen perinteeseen: Danielin kirja antoi enkelille h\u00e4nen nimens\u00e4 ja teht\u00e4v\u00e4ns\u00e4, ja Luukkaan evankeliumi sek\u00e4 Koraani omaksuivat molemmat. N\u00e4in syntyi kieli- ja kulttuurirajat ylitt\u00e4v\u00e4 yhten\u00e4inen kuva jumalallisesta sanansaattajasta.<\/p>\t\t\t\t\t\t\t\t<\/div>\n\t\t\t\t\t<\/div>\n\t\t\t\t<\/div>\n\t\t\t\t<\/div>\n\t\t<div class=\"elementor-element elementor-element-db03c39 e-con-full e-flex e-con e-child\" data-id=\"db03c39\" data-element_type=\"container\" data-e-type=\"container\">\n\t\t<div class=\"elementor-element elementor-element-229a87b e-flex e-con-boxed e-con e-child\" data-id=\"229a87b\" data-element_type=\"container\" data-e-type=\"container\">\n\t\t\t\t\t<div class=\"e-con-inner\">\n\t\t\t\t<div class=\"elementor-element elementor-element-1f471fc elementor-widget elementor-widget-heading\" data-id=\"1f471fc\" data-element_type=\"widget\" data-e-type=\"widget\" data-widget_type=\"heading.default\">\n\t\t\t\t\t<div class=\"elementor-heading-title elementor-size-default\">L\u00e4hdetilanne<\/div>\t\t\t\t<\/div>\n\t\t\t\t<div class=\"elementor-element elementor-element-36b1201 elementor-widget elementor-widget-text-editor\" data-id=\"36b1201\" data-element_type=\"widget\" data-e-type=\"widget\" data-widget_type=\"text-editor.default\">\n\t\t\t\t\t\t\t\t\t<p>Alkul\u00e4hteit\u00e4 ovat Danielin kirja (8:16, 9:21, heprea, 164 eKr.), 1. Henok 9:3; 10:9, 10; 20:5 (heprea, 150 eKr.), Tobia 3:17; 5:4 (kreikka, 2. vuosisata eKr.) sek\u00e4 kabbalistinen aineisto (Sefer ha-Bahir, 12. vuosisata; Zohar, 13. vuosisata).<\/p><p><span data-nosnippet>Toissijaisesti Gabrielin hahmoa juutalaisen arkkienkelij\u00e4rjestelm\u00e4n keskuksena ovat analysoineet Scholem (<span class=\"iwg-fachbegriff\" tabindex=\"0\" data-tooltip=\"Uskonnollinen suuntaus, joka korostaa v\u00e4lit\u00f6nt\u00e4 Jumala-kokemusta; keskeinen juutalaisessa, kristillisess\u00e4 ja islamilaisessa perinteess\u00e4.\">mystiikka<\/span> ja enkelioppi), Bietenhard (Christliche Engelmystik, 1949), Hans Karppe (\u00c9sot\u00e9risme et Cabale, ranskankielinen) ja dialogiteos McLeod (Judeo-Islamic Angelology, 2002).<\/span><\/p>\t\t\t\t\t\t\t\t<\/div>\n\t\t\t\t\t<\/div>\n\t\t\t\t<\/div>\n\t\t\t\t<\/div>\n\t\t\t\t\t<\/div>\n\t\t\t\t<\/div>\n\t\t<div class=\"elementor-element elementor-element-3ae0637c e-flex e-con-boxed e-con e-parent\" data-id=\"3ae0637c\" data-element_type=\"container\" data-e-type=\"container\">\n\t\t\t\t\t<div class=\"e-con-inner\">\n\t\t\t\t<div class=\"elementor-element elementor-element-31d07739 elementor-widget elementor-widget-heading\" data-id=\"31d07739\" data-element_type=\"widget\" data-e-type=\"widget\" data-widget_type=\"heading.default\">\n\t\t\t\t\t<h2 class=\"elementor-heading-title elementor-size-default\">Nimi<\/h2>\t\t\t\t<\/div>\n\t\t<div class=\"elementor-element elementor-element-b7642947 e-con-full e-flex e-con e-child\" data-id=\"b7642947\" data-element_type=\"container\" data-e-type=\"container\">\n\t\t\t\t<div class=\"elementor-element elementor-element-a086266 elementor-widget elementor-widget-text-editor\" data-id=\"a086266\" data-element_type=\"widget\" data-e-type=\"widget\" data-widget_type=\"text-editor.default\">\n\t\t\t\t\t\t\t\t\t<p>Gabriel esitet\u00e4\u00e4n eri l\u00e4hteiss\u00e4 ja taiteellisissa perinteiss\u00e4 toistuvin ikonografisin piirtein, jotka pysyv\u00e4t suhteellisen vakaina vuosikymmenten ja eri maantieteellisten alueiden yli. N\u00e4it\u00e4 elementtej\u00e4 ei ole valittu puhtaasti koristeellisesti tai sattumanvaraisesti, vaan ne ovat syv\u00e4sti symbolisesti koodattuja ja kantavat suurta merkityst\u00e4.<\/p><p>Kristillisess\u00e4 taiteessa Gabriel tunnistetaan vakiintuneista piirteist\u00e4: liljasta k\u00e4dess\u00e4 Marian puhtauden merkkin\u00e4, usein sanansaattajan sauvasta tai nauhasta, jossa on Luukkaan 1. luvun tervehdyksen sanat, sek\u00e4 tervehdykseen kohotetusta tai osoittavasta eleest\u00e4. T\u00e4m\u00e4 kuvakieli oli katsojille luettavissa kuin teksti. Se, joka tunsi ilmestyskohtauksen, tunnisti heti: t\u00e4ss\u00e4 Jumalan sanansaattaja puhuu Marialle. Joka yksityiskohta, enkelin asennosta h\u00e4nen vaatteensa v\u00e4riin, seurasi ikonografisia ohjeita, joita maalarit v\u00e4littiv\u00e4t vuosisatojen ajan.<\/p>\t\t\t\t\t\t\t\t<\/div>\n\t\t\t\t<\/div>\n\t\t\t\t\t<\/div>\n\t\t\t\t<\/div>\n\t\t<div class=\"elementor-element elementor-element-709a44a8 e-flex e-con-boxed e-con e-parent\" data-id=\"709a44a8\" data-element_type=\"container\" data-e-type=\"container\">\n\t\t\t\t\t<div class=\"e-con-inner\">\n\t\t\t\t<div class=\"elementor-element elementor-element-2f585873 elementor-widget elementor-widget-heading\" data-id=\"2f585873\" data-element_type=\"widget\" data-e-type=\"widget\" data-widget_type=\"heading.default\">\n\t\t\t\t\t<h2 class=\"elementor-heading-title elementor-size-default\">Ominaispiirteet<\/h2>\t\t\t\t<\/div>\n\t\t<div class=\"elementor-element elementor-element-70621c12 e-con-full e-flex e-con e-child\" data-id=\"70621c12\" data-element_type=\"container\" data-e-type=\"container\">\n\t\t\t\t<div class=\"elementor-element elementor-element-4296eb49 elementor-widget elementor-widget-text-editor\" data-id=\"4296eb49\" data-element_type=\"widget\" data-e-type=\"widget\" data-widget_type=\"text-editor.default\">\n\t\t\t\t\t\t\t\t\t<p>Gabriel oli keskeinen juutalaisuuden uskonnollisessa k\u00e4yt\u00e4nn\u00f6ss\u00e4, arjen rituaaleissa ja jokap\u00e4iv\u00e4isess\u00e4 ymm\u00e4rryksess\u00e4. Ihmiset k\u00e4\u00e4ntyiv\u00e4t t\u00e4m\u00e4n olennon puoleen kriittisiss\u00e4 tai erityisiss\u00e4 el\u00e4m\u00e4ntilanteissa tai m\u00e4\u00e4r\u00e4tyill\u00e4 rituaalisilla vuodenaikoina j\u00e4sennellyin, usein monimutkaisin rituaalein, rukouksin tai uhrilahjoin.<\/p><p>Gabriel-kohtien tulkinta seurasi vakiintuneita s\u00e4\u00e4nt\u00f6j\u00e4: juutalaisuudessa kirjanoppineet tulkitsivat Danielin n\u00e4kyj\u00e4 rabbiinisen eksegeesin menetelmin, kirkoissa teologit ja saarnaajat selittiv\u00e4t Luukkaan 1. luvun ilmestyskohtausta kirkon oppiperinteen mukaisesti. Enkelist\u00e4 puhuttiin ei omin p\u00e4in, vaan koulutetun raamatuntulkinnan puitteissa.<\/p><p>Se, ett\u00e4 Gabriel esiintyy sanansaattajana Danielin kirjasta Luukkaan evankeliumin kautta islamiin asti, osoittaa, kuinka vakaasti h\u00e4nen teht\u00e4v\u00e4ns\u00e4 oli juurtunut kolmeen uskontoon. H\u00e4nen teht\u00e4v\u00e4ns\u00e4 vaihtelevat asiayhteyden mukaan: Danielin kirjassa h\u00e4n tulkitsee n\u00e4kyj\u00e4 ja ilmoittaa tulevista tapahtumista, Luukkaan evankeliumissa h\u00e4n tuo Marialle sanoman Jeesuksen syntym\u00e4st\u00e4, islamissa h\u00e4nen katsotaan v\u00e4litt\u00e4neen ilmoituksen profeetta Muhammadille.<\/p>\t\t\t\t\t\t\t\t<\/div>\n\t\t\t\t<\/div>\n\t\t\t\t\t<\/div>\n\t\t\t\t<\/div>\n\t\t<div class=\"elementor-element elementor-element-44e71476 e-flex e-con-boxed e-con e-parent\" data-id=\"44e71476\" data-element_type=\"container\" data-e-type=\"container\">\n\t\t\t\t\t<div class=\"e-con-inner\">\n\t\t\t\t<div class=\"elementor-element elementor-element-3c1fc3f0 elementor-widget elementor-widget-heading\" data-id=\"3c1fc3f0\" data-element_type=\"widget\" data-e-type=\"widget\" data-widget_type=\"heading.default\">\n\t\t\t\t\t<h2 class=\"elementor-heading-title elementor-size-default\">Profiili: Gabriel<\/h2>\t\t\t\t<\/div>\n\t\t<div class=\"elementor-element elementor-element-84f33b8e e-con-full e-flex e-con e-child\" data-id=\"84f33b8e\" data-element_type=\"container\" data-e-type=\"container\">\n\t\t\t\t<div class=\"elementor-element elementor-element-hqkdc67p elementor-widget elementor-widget-text-editor\" data-id=\"hqkdc67p\" data-element_type=\"widget\" data-e-type=\"widget\" data-widget_type=\"text-editor.default\">\n\t\t\t\t\t\t\t\t\t<p>Profiili tarkastelee Gabrielia kuuden ulottuvuuden kautta: h\u00e4nen maantieteellis-kulttuurista alkuper\u00e4\u00e4ns\u00e4 Juudeassa ja V\u00e4limeren <span class=\"iwg-fachbegriff\" data-tooltip=\"Kreikkalais-roomalaisen kulttuurin aikakausi, noin 800 eKr.\u2013600 jKr.\" tabindex=\"0\">antiikin<\/span> aikana, h\u00e4nen kohderyhm\u00e4\u00e4ns\u00e4 hartaissa uskovissa ja mystikoissa, arkkienkelien <span class=\"iwg-fachbegriff\" data-tooltip=\"Oppi kuva-aiheista ja niiden merkityksest\u00e4.\" tabindex=\"0\">ikonografian<\/span> piirteit\u00e4, h\u00e4nen toiminnallista roolia jumalallisena sanansaattajana, vertailuja muiden kulttuurien arkkienkeleihin sek\u00e4 h\u00e4nen mystist\u00e4 asemaansa juutalaisessa <span class=\"iwg-fachbegriff\" data-tooltip=\"Kokoava k\u00e4site opeille, jotka v\u00e4itt\u00e4v\u00e4t hallussaan olevan salattua, vain vihittyjen saatavilla olevaa tietoa.\" tabindex=\"0\">esoteriikassa<\/span>.<\/p>\t\t\t\t\t\t\t\t<\/div>\n\t\t\t\t<\/div>\n\t\t<div class=\"elementor-element elementor-element-pemmx7c5 e-con-full e-flex e-con e-child\" data-id=\"pemmx7c5\" data-element_type=\"container\" data-e-type=\"container\">\n\t\t<div class=\"elementor-element elementor-element-pemmx7c1 e-con-full e-flex e-con e-child\" data-id=\"pemmx7c1\" data-element_type=\"container\" data-e-type=\"container\">\n\t\t<div class=\"elementor-element elementor-element-qh9oavvu iwg-steckbrief-card e-flex e-con-boxed e-con e-child\" data-id=\"qh9oavvu\" data-element_type=\"container\" data-e-type=\"container\">\n\t\t\t\t\t<div class=\"e-con-inner\">\n\t\t\t\t<div class=\"elementor-element elementor-element-awzx8k2k elementor-widget elementor-widget-heading\" data-id=\"awzx8k2k\" data-element_type=\"widget\" data-e-type=\"widget\" data-widget_type=\"heading.default\">\n\t\t\t\t\t<div class=\"elementor-heading-title elementor-size-default\">Alkuper\u00e4<\/div>\t\t\t\t<\/div>\n\t\t\t\t<div class=\"elementor-element elementor-element-x6rowhv0 elementor-widget elementor-widget-text-editor\" data-id=\"x6rowhv0\" data-element_type=\"widget\" data-e-type=\"widget\" data-widget_type=\"text-editor.default\">\n\t\t\t\t\t\t\t\t\t<p>Gabriel esiintyy ensimm\u00e4isen kerran Danielin kirjassa, joka syntyi Juudean hellenistisell\u00e4 my\u00f6h\u00e4iskaudella (164 eaa., seleukidien kausi).<\/p><p>Maantieteellinen alkuper\u00e4 on Jerusalemissa ja Juudeassa; teologinen kehityskehys muodostui babylonialaisen pakkosiirtolaisuuden aikana (6.\u20135. vuosisata eaa.) uuden <span class=\"iwg-fachbegriff\" data-tooltip=\"Aabrahamilaisissa uskonnoissa taivaallinen Jumalan sanansaattajaolento.\" tabindex=\"0\">enkeli<\/span>systematiikan my\u00f6t\u00e4. Daniel kirjoitettiin Babylonissa, mik\u00e4 vaikutti Gabrielin esitt\u00e4miseen kosmisena v\u00e4litt\u00e4j\u00e4n\u00e4 hellenistisess\u00e4 angelologiassa.<\/p>\t\t\t\t\t\t\t\t<\/div>\n\t\t\t\t\t<\/div>\n\t\t\t\t<\/div>\n\t\t<div class=\"elementor-element elementor-element-8e3o4kxs iwg-steckbrief-card e-flex e-con-boxed e-con e-child\" data-id=\"8e3o4kxs\" data-element_type=\"container\" data-e-type=\"container\">\n\t\t\t\t\t<div class=\"e-con-inner\">\n\t\t\t\t<div class=\"elementor-element elementor-element-08rkdgov elementor-widget elementor-widget-heading\" data-id=\"08rkdgov\" data-element_type=\"widget\" data-e-type=\"widget\" data-widget_type=\"heading.default\">\n\t\t\t\t\t<div class=\"elementor-heading-title elementor-size-default\">Vaikutuksen kohde<\/div>\t\t\t\t<\/div>\n\t\t\t\t<div class=\"elementor-element elementor-element-uwjelx8s elementor-widget elementor-widget-text-editor\" data-id=\"uwjelx8s\" data-element_type=\"widget\" data-e-type=\"widget\" data-widget_type=\"text-editor.default\">\n\t\t\t\t\t\t\t\t\t<p>Gabriel oli suunnattu ensisijaisesti hartaille juutalaisille ja mystikoille jumalallisen tahdon takaajana. Sosiaalinen kohderyhm\u00e4 koostui papeista, profeetoista, pyhist\u00e4 ja my\u00f6hemmin kabbalisteista. Tilaisuuksia olivat ilmestyshetket, kriisiajat (pakkosiirtolaisuus, sortokausi), juhlap\u00e4iv\u00e4t (purim, hanukka, joissa Gabrielin voima vaikutti myyttisesti) ja henkil\u00f6kohtainen hengellinen etsinn\u00e4. <span class=\"iwg-fachbegriff\" data-tooltip=\"Jumaluuden tai voiman pyyt\u00e4v\u00e4 tai loitsiva puhutteleminen.\" tabindex=\"0\">Kutsu<\/span> tapahtuu <span class=\"iwg-fachbegriff\" data-tooltip=\"Ihmisen kielellinen k\u00e4\u00e4ntyminen jumaluuden puoleen.\" tabindex=\"0\">rukouksessa<\/span> ja mystisess\u00e4 mietiskelyss\u00e4.<\/p>\t\t\t\t\t\t\t\t<\/div>\n\t\t\t\t\t<\/div>\n\t\t\t\t<\/div>\n\t\t<div class=\"elementor-element elementor-element-jm2n74ec iwg-steckbrief-card e-flex e-con-boxed e-con e-child\" data-id=\"jm2n74ec\" data-element_type=\"container\" data-e-type=\"container\">\n\t\t\t\t\t<div class=\"e-con-inner\">\n\t\t\t\t<div class=\"elementor-element elementor-element-8vufse4c elementor-widget elementor-widget-heading\" data-id=\"8vufse4c\" data-element_type=\"widget\" data-e-type=\"widget\" data-widget_type=\"heading.default\">\n\t\t\t\t\t<div class=\"elementor-heading-title elementor-size-default\">Ulkomuoto<\/div>\t\t\t\t<\/div>\n\t\t\t\t<div class=\"elementor-element elementor-element-mwb9u015 elementor-widget elementor-widget-text-editor\" data-id=\"mwb9u015\" data-element_type=\"widget\" data-e-type=\"widget\" data-widget_type=\"text-editor.default\">\n\t\t\t\t\t\t\t\t\t<p>Gabriel ikonografisesti: mieshahmo siivin, miekka tai sauva, valohohde (s\u00e4dekeh\u00e4), joskus lilja-<span class=\"iwg-fachbegriff\" data-tooltip=\"Merkki, joka edustaa k\u00e4sityst\u00e4 tai merkityst\u00e4.\" tabindex=\"0\">symboli<\/span> (my\u00f6hemmin kristinuskon omaksuma). Attribuutteja ovat keih\u00e4s, kirjak\u00e4\u00e4r\u00f6 (ilmestys), vaaka (tuomio). Juutalais-mystisess\u00e4 taiteessa: valkoinen vaate, kuusi siipe\u00e4, l\u00e4heisyys Shekhinaan (Jumalan l\u00e4sn\u00e4olo). Tyypillinen kuvaus noudattaa my\u00f6h\u00e4isi\u00e4 <span class=\"iwg-fachbegriff\" tabindex=\"0\" data-tooltip=\"Rabbiinisen juutalaisuuden p\u00e4\u00e4tesos, babylonialaisessa ja jerusalemilaisessa versiossa; sis\u00e4lt\u00e4\u00e4 Mishnan ja Gemaran.\">Talmudin<\/span> kuvauksia ja <span class=\"iwg-fachbegriff\" tabindex=\"0\" data-tooltip=\"Juutalainen mystiikka, jonka p\u00e4\u00e4tesoksia ovat Sefer Yetzira, Sohar ja lurialainen koulukunta; oppi sefiroteista, tetragrammista ja tikkunista.\">kabbalan<\/span>&#8211;<span class=\"iwg-fachbegriff\" data-tooltip=\"Oppi kuva-aiheista ja niiden merkityksest\u00e4.\" tabindex=\"0\">ikonografiaa<\/span>.<\/p>\t\t\t\t\t\t\t\t<\/div>\n\t\t\t\t\t<\/div>\n\t\t\t\t<\/div>\n\t\t\t\t<\/div>\n\t\t<div class=\"elementor-element elementor-element-pemmx7c2 e-con-full e-flex e-con e-child\" data-id=\"pemmx7c2\" data-element_type=\"container\" data-e-type=\"container\">\n\t\t<div class=\"elementor-element elementor-element-37ss2yr6 iwg-steckbrief-card e-flex e-con-boxed e-con e-child\" data-id=\"37ss2yr6\" data-element_type=\"container\" data-e-type=\"container\">\n\t\t\t\t\t<div class=\"e-con-inner\">\n\t\t\t\t<div class=\"elementor-element elementor-element-3v0wp3wx elementor-widget elementor-widget-heading\" data-id=\"3v0wp3wx\" data-element_type=\"widget\" data-e-type=\"widget\" data-widget_type=\"heading.default\">\n\t\t\t\t\t<div class=\"elementor-heading-title elementor-size-default\">Teht\u00e4v\u00e4<\/div>\t\t\t\t<\/div>\n\t\t\t\t<div class=\"elementor-element elementor-element-w3247g2m elementor-widget elementor-widget-text-editor\" data-id=\"w3247g2m\" data-element_type=\"widget\" data-e-type=\"widget\" data-widget_type=\"text-editor.default\">\n\t\t\t\t\t\t\t\t\t<strong>Vaikutusalue:<\/strong><p>Gabriel on kristillis-juutalaisessa ja islamilaisessa kontekstissa arkkienkeli, jonka ensisijainen teht\u00e4v\u00e4 on jumalallisten sanomien v\u00e4litt\u00e4minen.<\/p>\t\t\t\t\t\t\t\t<\/div>\n\t\t\t\t\t<\/div>\n\t\t\t\t<\/div>\n\t\t<div class=\"elementor-element elementor-element-0qpjal9w iwg-steckbrief-card e-flex e-con-boxed e-con e-child\" data-id=\"0qpjal9w\" data-element_type=\"container\" data-e-type=\"container\">\n\t\t\t\t\t<div class=\"e-con-inner\">\n\t\t\t\t<div class=\"elementor-element elementor-element-6ndoih0o elementor-widget elementor-widget-heading\" data-id=\"6ndoih0o\" data-element_type=\"widget\" data-e-type=\"widget\" data-widget_type=\"heading.default\">\n\t\t\t\t\t<div class=\"elementor-heading-title elementor-size-default\">Suoja<\/div>\t\t\t\t<\/div>\n\t\t\t\t<div class=\"elementor-element elementor-element-6684tyh9 elementor-widget elementor-widget-text-editor\" data-id=\"6684tyh9\" data-element_type=\"widget\" data-e-type=\"widget\" data-widget_type=\"text-editor.default\">\n\t\t\t\t\t\t\t\t\t<p>Gabrielia pidettiin hyv\u00e4ntahtoisena, parantavana olentona. Kutsumisk\u00e4yt\u00e4nt\u00f6ihin kuului rukouksia viisauden, ilmestyksen ja demoneilta suojautumisen puolesta. <span class=\"iwg-fachbegriff\" tabindex=\"0\" data-tooltip=\"Juutalainen mystiikka, jonka p\u00e4\u00e4tesoksia ovat Sefer Yetzira, Sohar ja lurialainen koulukunta; oppi sefiroteista, tetragrammista ja tikkunista.\">Kabbalassa<\/span> harjoitettiin Gabrieliin kohdistuvia mietiskelyj\u00e4 (yichudim, mystisi\u00e4 yhdistymisi\u00e4) taivaallisen voiman kanavoimiseksi. Kunnioitus Gabrielia kohtaan ilmeni pelonsekaisena kunnioituksena, puhtausvaatimuksina, rituaalisena puhdistautumisena ja paastoamisena ennen mystisi\u00e4 yhteydenottoyrityksi\u00e4.<\/p>\t\t\t\t\t\t\t\t<\/div>\n\t\t\t\t\t<\/div>\n\t\t\t\t<\/div>\n\t\t<div class=\"elementor-element elementor-element-3lfi7x32 iwg-steckbrief-card e-flex e-con-boxed e-con e-child\" data-id=\"3lfi7x32\" data-element_type=\"container\" data-e-type=\"container\">\n\t\t\t\t\t<div class=\"e-con-inner\">\n\t\t\t\t<div class=\"elementor-element elementor-element-0kg99ga1 elementor-widget elementor-widget-heading\" data-id=\"0kg99ga1\" data-element_type=\"widget\" data-e-type=\"widget\" data-widget_type=\"heading.default\">\n\t\t\t\t\t<div class=\"elementor-heading-title elementor-size-default\">Vertailukohtia<\/div>\t\t\t\t<\/div>\n\t\t\t\t<div class=\"elementor-element elementor-element-n0fum6kp elementor-widget elementor-widget-text-editor\" data-id=\"n0fum6kp\" data-element_type=\"widget\" data-e-type=\"widget\" data-widget_type=\"text-editor.default\">\n\t\t\t\t\t\t\t\t\t<p>Verrattavia hahmoja: Raguel (harmonian arkkienkeli, <span class=\"iwg-fachbegriff\" tabindex=\"0\" data-tooltip=\"Juutalainen mystiikka, jonka p\u00e4\u00e4tesoksia ovat Sefer Yetzira, Sohar ja lurialainen koulukunta.\">kabbala<\/span>), Mikael (sodanjohtaja, demonien kukistaja), Uriel (tuli-<span class=\"iwg-fachbegriff\" data-tooltip=\"Aabrahamilaisissa uskonnoissa taivaallinen Jumalan sanansaattajaolento.\" tabindex=\"0\">enkeli<\/span>, tuomio), Metatron (<span class=\"iwg-fachbegriff\" tabindex=\"0\" data-tooltip=\"Juutalainen mystiikka, jonka p\u00e4\u00e4tesoksia ovat Sefer Yetzira, Sohar ja lurialainen koulukunta.\">kabbalan<\/span> valtaistuinenkeli). Juutalaisuuden ulkopuolella: islamilainen Jibril (samaistettu Gabrieliin, Koraani, suura 2:97), kristillinen Gabriel (Luuk. 1, ilmoitus), zarathustralaiset yazatat (taivaalliset v\u00e4litt\u00e4j\u00e4t).<\/p>\t\t\t\t\t\t\t\t<\/div>\n\t\t\t\t\t<\/div>\n\t\t\t\t<\/div>\n\t\t\t\t<\/div>\n\t\t\t\t<\/div>\n\t\t\t\t\t<\/div>\n\t\t\t\t<\/div>\n\t\t<div class=\"elementor-element elementor-element-7533bc7a e-flex e-con-boxed e-con e-parent\" data-id=\"7533bc7a\" data-element_type=\"container\" data-e-type=\"container\">\n\t\t\t\t\t<div class=\"e-con-inner\">\n\t\t\t\t<div class=\"elementor-element elementor-element-2447d18d elementor-widget elementor-widget-heading\" data-id=\"2447d18d\" data-element_type=\"widget\" data-e-type=\"widget\" data-widget_type=\"heading.default\">\n\t\t\t\t\t<h2 class=\"elementor-heading-title elementor-size-default\">Torjunta arjessa<\/h2>\t\t\t\t<\/div>\n\t\t<div class=\"elementor-element elementor-element-d5d0260c e-con-full e-flex e-con e-child\" data-id=\"d5d0260c\" data-element_type=\"container\" data-e-type=\"container\">\n\t\t\t\t<div class=\"elementor-element elementor-element-341be2ac elementor-widget elementor-widget-text-editor\" data-id=\"341be2ac\" data-element_type=\"widget\" data-e-type=\"widget\" data-widget_type=\"text-editor.default\">\n\t\t\t\t\t\t\t\t\t<p><strong>Kunnioitus ja liturginen muisto<\/strong><\/p><p>Gabrielia kunnioitetaan kristillisiss\u00e4 kirkoissa Mikaelinp\u00e4iv\u00e4n\u00e4 (29. syyskuuta) tai Gabrielin p\u00e4iv\u00e4n\u00e4.<\/p><p><strong>Ilmoitus Marialle ja sen toistuminen<\/strong><\/p><p>Liturgiset k\u00e4yt\u00e4nn\u00f6t (erityisesti it\u00e4isess\u00e4 kristinuskossa ja katolisessa <span class=\"iwg-fachbegriff\" data-tooltip=\"Lyhyt, henkil\u00f6kohtainen tai yhteis\u00f6llinen hengellinen hetki.\" tabindex=\"0\">hartaudessa<\/span>) muistavat ilmoitusta p\u00e4ivitt\u00e4in.<\/p><p><strong>Suojaesineet ja armon merkit<\/strong><\/p><p>Lilja (renessanssin <span class=\"iwg-fachbegriff\" data-tooltip=\"Oppi kuva-aiheista ja niiden merkityksest\u00e4.\" tabindex=\"0\">ikonografiasta<\/span>) on Gabrielin kasvillinen <span class=\"iwg-fachbegriff\" data-tooltip=\"Merkki, joka edustaa k\u00e4sityst\u00e4 tai merkityst\u00e4.\" tabindex=\"0\">symboli<\/span>.<\/p>\t\t\t\t\t\t\t\t<\/div>\n\t\t\t\t<\/div>\n\t\t\t\t\t<\/div>\n\t\t\t\t<\/div>\n\t\t<div class=\"elementor-element elementor-element-5a584676 e-flex e-con-boxed e-con e-parent\" data-id=\"5a584676\" data-element_type=\"container\" data-e-type=\"container\">\n\t\t\t\t\t<div class=\"e-con-inner\">\n\t\t\t\t<div class=\"elementor-element elementor-element-6d0757bf elementor-widget elementor-widget-heading\" data-id=\"6d0757bf\" data-element_type=\"widget\" data-e-type=\"widget\" data-widget_type=\"heading.default\">\n\t\t\t\t\t<h2 class=\"elementor-heading-title elementor-size-default\">Gabriel, vastaavuudet muissa kulttuureissa<\/h2>\t\t\t\t<\/div>\n\t\t<div class=\"elementor-element elementor-element-60563f68 e-con-full e-flex e-con e-child\" data-id=\"60563f68\" data-element_type=\"container\" data-e-type=\"container\">\n\t\t\t\t<div class=\"elementor-element elementor-element-5a93fdd6 elementor-widget elementor-widget-text-editor\" data-id=\"5a93fdd6\" data-element_type=\"widget\" data-e-type=\"widget\" data-widget_type=\"text-editor.default\">\n\t\t\t\t\t\t\t\t\t<p><p><strong>Juutalainen perinne:<\/strong> Gabriel on keskeinen. Vastaavuuksia ovat Mikael (sotaenkeli), Uriel (tulituomari), Raguel (oikeudenmukaisuus), Tzaphkiel (mietiskely, <span class=\"iwg-fachbegriff\" tabindex=\"0\" data-tooltip=\"Juutalainen mystiikka, jonka p\u00e4\u00e4tesoksia ovat Sefer Yetzira, Sohar ja lurialainen koulukunta.\">kabbala<\/span>). Kaikki nelj\u00e4 on vakiintunut <span class=\"iwg-fachbegriff\" tabindex=\"0\" data-tooltip=\"Rabbiinisen juutalaisuuden p\u00e4\u00e4tesos, babylonialaisessa ja jerusalemilaisessa versiossa; sis\u00e4lt\u00e4\u00e4 Mishnan ja Gemaran.\">Talmudissa<\/span> ja <span class=\"iwg-fachbegriff\" tabindex=\"0\" data-tooltip=\"Juutalainen mystiikka, jonka p\u00e4\u00e4tesoksia ovat Sefer Yetzira, Sohar ja lurialainen koulukunta.\">kabbalassa<\/span> arkkienkeli-tetradina (Scholem). Gabrielin teht\u00e4v\u00e4 ilmestysenkelin\u00e4 on <span class=\"iwg-fachbegriff\" tabindex=\"0\" data-tooltip=\"Kuuluu uskonnon vahvistettuun pyhien kirjoitusten kokoelmaan; ei-kanoniset tekstit katsotaan apokryfisiksi.\">kanoninen<\/span> Henokin kirjassa 1:9.<\/p><p><strong>Kreikkalais-roomalainen maailma:<\/strong> <span class=\"iwg-fachbegriff\" data-tooltip=\"Aabrahamilaisissa uskonnoissa taivaallinen Jumalan sanansaattajaolento.\" tabindex=\"0\">Enkeleit\u00e4<\/span> ei juutalaisessa muodossa esiinny suoraan <span class=\"iwg-fachbegriff\" data-tooltip=\"Kreikkalaisen ja roomalaisen kulttuurin aikakausi, noin 800 eaa.\u2013600 jaa.\" tabindex=\"0\">antiikissa<\/span>. Kaukaisesti sukua ovat kreikkalaiset jumalten sanansaattajat, kuten Hermes tai Iris (jumalten sanansaattajat), sek\u00e4 Hesiodoksen perinteen demoniset daimonit. V\u00e4litt\u00e4j\u00e4n rooli yhdist\u00e4\u00e4 heid\u00e4t.<\/p><p><strong>Mesopotamia:<\/strong> Mesopotamialainen vastaavuus: Nabu (Mardukin kirjuri, ilmestys), Shamash (aurinkojumala, oikeudenmukaisuus). Jumalten ja ihmisten v\u00e4lisen v\u00e4litt\u00e4j\u00e4n roolin Gabriel jakaa Nabun kanssa. Akkadilaiset demoniluettelot (Enuma eli\u0161) osoittavat samankaltaisia hierarkioita.<\/p><p><strong>Intia\/Aasia:<\/strong> Suoria vastaavuuksia ei ole. Kaukaisesti sukua ovat Indran sanansaattajat (hindulainen <span class=\"iwg-fachbegriff\" data-tooltip=\"Kulttuurin perinteisten jumaltarinoiden kokonaisuus.\" tabindex=\"0\">mytologia<\/span>), bodhisattvat ilmestyksen v\u00e4litt\u00e4jin\u00e4 (buddhalaisuus) tai apsarat taivaallisina sanansaattajina (sanskritinkielinen kirjallisuus). Kosminen v\u00e4litt\u00e4j\u00e4n teht\u00e4v\u00e4 on niille yhteinen.<\/p>\t\t\t\t\t\t\t\t<\/div>\n\t\t\t\t<\/div>\n\t\t\t\t\t<\/div>\n\t\t\t\t<\/div>\n\t\t<div class=\"elementor-element elementor-element-cp071532f e-flex e-con-boxed e-con e-parent\" data-id=\"cp071532f\" data-element_type=\"container\" data-e-type=\"container\">\n\t\t\t\t\t<div class=\"e-con-inner\">\n\t\t\t\t<div class=\"elementor-element elementor-element-cp4d85ae2 elementor-widget elementor-widget-heading\" data-id=\"cp4d85ae2\" data-element_type=\"widget\" data-e-type=\"widget\" data-widget_type=\"heading.default\">\n\t\t\t\t\t<h2 class=\"elementor-heading-title elementor-size-default\">Gabriel Danielin luona: ensimm\u00e4iset esiintymiset<\/h2>\t\t\t\t<\/div>\n\t\t<div class=\"elementor-element elementor-element-cpe5177d4 e-con-full e-flex e-con e-child\" data-id=\"cpe5177d4\" data-element_type=\"container\" data-e-type=\"container\">\n\t\t\t\t<div class=\"elementor-element elementor-element-cp7fe7aec elementor-widget elementor-widget-text-editor\" data-id=\"cp7fe7aec\" data-element_type=\"widget\" data-e-type=\"widget\" data-widget_type=\"text-editor.default\">\n\t\t\t\t\t\t\t\t\t<p>Gabriel on heprealaisen Raamatun ensimm\u00e4inen <span class=\"iwg-fachbegriff\" data-tooltip=\"Aabrahamilaisissa uskonnoissa taivaallinen Jumalan sanansaattaja.\" tabindex=\"0\">enkeli<\/span>, jolla on omakohtainen nimi. H\u00e4n esiintyy <em>Danielin kirjassa<\/em>, joka syntyi nykyisess\u00e4 muodossaan hellenistisen\u00e4 aikana, toisella vuosisadalla ennen ajanlaskun alkua.<\/p><p><em>Daniel<\/em> 8:ssa Gabriel saa teht\u00e4v\u00e4kseen tulkita n\u00e4kij\u00e4 Danielille n\u00e4yn p\u00e4ssist\u00e4 ja vuohipukista. <em>Daniel<\/em> 9:ss\u00e4 h\u00e4n palaa selitt\u00e4m\u00e4\u00e4n Danielille kuuluisan <span class=\"iwg-fachbegriff\" data-tooltip=\"Tulevien tapahtumien ennustamista uskonnollisin tai maagisin keinoin.\" tabindex=\"0\">ennustuksen<\/span> seitsem\u00e4st\u00e4kymmenest\u00e4 vuosiviikosta.<\/p><p>Jo n\u00e4iss\u00e4 varhaisissa esiintymisiss\u00e4 n\u00e4kyy Gabrielin ominainen teht\u00e4v\u00e4. H\u00e4n on tulkinnan ja sanoman <span class=\"iwg-fachbegriff\" data-tooltip=\"Aabrahamilaisissa uskonnoissa taivaallinen Jumalan sanansaattaja.\" tabindex=\"0\">enkeli<\/span>. H\u00e4n ei ensisijaisesti tuo rangaistusta tai sotaa, kuten Mikaelin kohdalla vihjataan, vaan ymm\u00e4rryst\u00e4.<\/p><p>H\u00e4n selitt\u00e4\u00e4 ihmiselle sen, mit\u00e4 t\u00e4m\u00e4 ei itse kykene k\u00e4sitt\u00e4m\u00e4\u00e4n. Huomionarvoista on, ett\u00e4 Daniel kauhistuu ja lankeaa maahan n\u00e4hdess\u00e4\u00e4n Gabrielin, mik\u00e4 korostaa enkelin yli-inhimillist\u00e4 olemusta.<\/p><p>Tutkimus pit\u00e4\u00e4 Danielin kirjaa t\u00e4rke\u00e4n\u00e4 askeleena juutalaisen angelologian kehityksess\u00e4. T\u00e4ss\u00e4 <span class=\"iwg-fachbegriff\" data-tooltip=\"Aabrahamilaisissa uskonnoissa taivaallinen Jumalan sanansaattaja.\" tabindex=\"0\">enkelit<\/span> yksil\u00f6ityv\u00e4t ensimm\u00e4ist\u00e4 kertaa, he saavat nimet ja rajatut teht\u00e4v\u00e4t. Gabriel ja Mikael muodostavat Danielin kirjassa ytimen kehittyv\u00e4lle k\u00e4sitykselle nimetyist\u00e4, korkea-arvoisista enkeleist\u00e4.<\/p><p>T\u00e4m\u00e4 kehitys jatkuu seuraavien vuosisatojen apokalyptisessa kirjallisuudessa ja muodostaa perustan my\u00f6hemm\u00e4lle juutalaiselle, kristilliselle ja islamilaiselle enkelioppille.<\/p>\t\t\t\t\t\t\t\t<\/div>\n\t\t\t\t<\/div>\n\t\t\t\t\t<\/div>\n\t\t\t\t<\/div>\n\t\t<div class=\"elementor-element elementor-element-cp8abf03a e-flex e-con-boxed e-con e-parent\" data-id=\"cp8abf03a\" data-element_type=\"container\" data-e-type=\"container\">\n\t\t\t\t\t<div class=\"e-con-inner\">\n\t\t\t\t<div class=\"elementor-element elementor-element-cp0111206 elementor-widget elementor-widget-heading\" data-id=\"cp0111206\" data-element_type=\"widget\" data-e-type=\"widget\" data-widget_type=\"heading.default\">\n\t\t\t\t\t<h2 class=\"elementor-heading-title elementor-size-default\">Ilmoitus Marialle ja Sakariaalle<\/h2>\t\t\t\t<\/div>\n\t\t<div class=\"elementor-element elementor-element-cp5fcef28 e-con-full e-flex e-con e-child\" data-id=\"cp5fcef28\" data-element_type=\"container\" data-e-type=\"container\">\n\t\t\t\t<div class=\"elementor-element elementor-element-cp3b131d7 elementor-widget elementor-widget-text-editor\" data-id=\"cp3b131d7\" data-element_type=\"widget\" data-e-type=\"widget\" data-widget_type=\"text-editor.default\">\n\t\t\t\t\t\t\t\t\t<p>Kristinuskossa Gabriel saa suurimman merkityksens\u00e4 <em>Luukkaan evankeliumin<\/em> my\u00f6t\u00e4. Ensimm\u00e4isess\u00e4 luvussa Gabriel esiintyy kahdesti. Ensin h\u00e4n ilmestyy papille Sakariaalle <span class=\"iwg-fachbegriff\" data-tooltip=\"Rakennus, joka on tarkoitettu yhden tai useamman jumaluuden palvontaan.\" tabindex=\"0\">temppeliss\u00e4<\/span> ja ilmoittaa Johanneksen syntym\u00e4st\u00e4, josta tulee my\u00f6hemmin Johannes Kastaja.<\/p><p>Koska Sakarias ep\u00e4ilee, h\u00e4n muuttuu myk\u00e4ksi lapsen syntym\u00e4\u00e4n saakka. Gabriel esittelee itsens\u00e4 nimenomaisesti sanoin, ett\u00e4 h\u00e4n on se, joka seisoo Jumalan edess\u00e4.<\/p><p>Hieman my\u00f6hemmin Gabriel ilmestyy nuorelle Marialle Nasaretissa ja ilmoittaa h\u00e4nelle Jeesuksen syntym\u00e4st\u00e4. T\u00e4st\u00e4 kohtauksesta, ilmoituksesta Marialle, on tullut yksi koko kristillisen perinteen vaikutusvaltaisimmista enkeli-ilmestyksist\u00e4.<\/p><p>Tervehdys, jolla Gabriel puhuttelee Mariaa, on siirtynyt kristilliseen <span class=\"iwg-fachbegriff\" data-tooltip=\"Uskonyhteis\u00f6n jumalanpalveluksen vakiintunut j\u00e4rjestys.\" tabindex=\"0\">liturgiaan<\/span> ja Ave Maria &#8211;<span class=\"iwg-fachbegriff\" data-tooltip=\"Ihmisen kielellinen k\u00e4\u00e4ntyminen jumaluuden puoleen.\" tabindex=\"0\">rukoukseen<\/span>. Keskiajan ja renessanssin kuvataiteessa ilmoitus on yksi kaikkein useimmin kuvatuista aiheista ylip\u00e4\u00e4t\u00e4\u00e4n.<\/p><p>Huomionarvoista on jatkuvuus Danielista Luukkaan evankeliumiin. Molemmissa tapauksissa Gabriel on <span class=\"iwg-fachbegriff\" data-tooltip=\"Aabrahamilaisissa uskonnoissa taivaallinen Jumalan sanansaattaja.\" tabindex=\"0\">enkeli<\/span>, joka ilmoittaa ja tulkitsee merkitt\u00e4v\u00e4\u00e4 tulevaisuutta. Luukas viittaa tietoisesti Danielin perinteeseen. Gabriel ei ole sattumanvaraisesti valittu sanansaattaja, vaan juutalaisessa <span class=\"iwg-fachbegriff\" data-tooltip=\"Tiedon ja kertomusten v\u00e4litt\u00e4mist\u00e4 sukupolvelta toiselle.\" tabindex=\"0\">perinteess\u00e4<\/span> jo vakiintunut <span class=\"iwg-fachbegriff\" data-tooltip=\"Aabrahamilaisissa uskonnoissa taivaallinen Jumalan sanansaattaja.\" tabindex=\"0\">enkeli<\/span>, jonka teht\u00e4v\u00e4n\u00e4 on pelastushistoriallinen ilmoitus.<\/p><p>Kristillinen <span class=\"iwg-fachbegriff\" data-tooltip=\"Oppi kuva-aiheista ja niiden merkityksest\u00e4.\" tabindex=\"0\">ikonografia<\/span> on siksi antanut h\u00e4nelle vakiintuneet sanoman tunnusmerkit, liljan Marian puhtauden merkkin\u00e4, kirjak\u00e4\u00e4r\u00f6n tai sauvan.<\/p>\t\t\t\t\t\t\t\t<\/div>\n\t\t\t\t<\/div>\n\t\t\t\t\t<\/div>\n\t\t\t\t<\/div>\n\t\t<div class=\"elementor-element elementor-element-cp01e140b e-flex e-con-boxed e-con e-parent\" data-id=\"cp01e140b\" data-element_type=\"container\" data-e-type=\"container\">\n\t\t\t\t\t<div class=\"e-con-inner\">\n\t\t\t\t<div class=\"elementor-element elementor-element-cp787b02a elementor-widget elementor-widget-heading\" data-id=\"cp787b02a\" data-element_type=\"widget\" data-e-type=\"widget\" data-widget_type=\"heading.default\">\n\t\t\t\t\t<h2 class=\"elementor-heading-title elementor-size-default\">Jibril ja Koraanin v\u00e4litt\u00e4minen<\/h2>\t\t\t\t<\/div>\n\t\t<div class=\"elementor-element elementor-element-cp84e0ad9 e-con-full e-flex e-con e-child\" data-id=\"cp84e0ad9\" data-element_type=\"container\" data-e-type=\"container\">\n\t\t\t\t<div class=\"elementor-element elementor-element-cp0e7df94 elementor-widget elementor-widget-text-editor\" data-id=\"cp0e7df94\" data-element_type=\"widget\" data-e-type=\"widget\" data-widget_type=\"text-editor.default\">\n\t\t\t\t\t\t\t\t\t<p>Islamissa Gabriel on nimell\u00e4 <em>Jibril<\/em> kaikkein t\u00e4rkein <span class=\"iwg-fachbegriff\" data-tooltip=\"Aabrahamilaisissa uskonnoissa taivaallinen Jumalan sanansaattaja.\" tabindex=\"0\">enkeli<\/span>. H\u00e4n on ilmoituksen <span class=\"iwg-fachbegriff\" data-tooltip=\"Aabrahamilaisissa uskonnoissa taivaallinen Jumalan sanansaattaja.\" tabindex=\"0\">enkeli<\/span>, jonka v\u00e4lityksell\u00e4 Koraani islamilaisen opin mukaan v\u00e4litettiin profeetta Muhammadille.<\/p><p>Islamilainen perinne yhdist\u00e4\u00e4 Jibriliin ilmoituksen alkamisen Hiran luolassa, jossa h\u00e4n ilmestyi Muhammadille ensimm\u00e4ist\u00e4 kertaa ja kehotti h\u00e4nt\u00e4 lausumaan.<\/p><p>Jibril mainitaan Koraanissa nimelt\u00e4 muutamissa kohdissa, esimerkiksi suurassa 2 ja suurassa 66. Useammin h\u00e4n esiintyy kiertoilmauksin, kuten luotettava <span class=\"iwg-fachbegriff\" data-tooltip=\"Ruumiiton olento, jolle katsotaan olevan vaikutusta maailmassa.\" tabindex=\"0\">henki<\/span> tai pyh\u00e4 <span class=\"iwg-fachbegriff\" data-tooltip=\"Ruumiiton olento, jolle katsotaan olevan vaikutusta maailmassa.\" tabindex=\"0\">henki<\/span>, jolloin pyh\u00e4 <span class=\"iwg-fachbegriff\" data-tooltip=\"Ruumiiton olento, jolle katsotaan olevan vaikutusta maailmassa.\" tabindex=\"0\">henki<\/span> islamilaisessa k\u00e4sityksess\u00e4 samastetaan Jibriliin, eik\u00e4 se, kuten kristinuskossa, tarkoita omaa jumalallista persoonaa.<\/p><p>Islamilainen perinne antaa Jibrilille Koraanin v\u00e4litt\u00e4misen lis\u00e4ksi muitakin teht\u00e4vi\u00e4, esimerkiksi Muhammadin saattamisen y\u00f6llisell\u00e4 matkalla ja taivaaseennousussa.<\/p><p>Kolmen uskonnon vertailussa n\u00e4kyy huomattava jatkuvuus. Juutalaisessa, kristillisess\u00e4 ja islamilaisessa <span class=\"iwg-fachbegriff\" data-tooltip=\"Tiedon ja kertomusten v\u00e4litt\u00e4mist\u00e4 sukupolvelta toiselle.\" tabindex=\"0\">perinteess\u00e4<\/span> Gabriel on aina se <span class=\"iwg-fachbegriff\" data-tooltip=\"Aabrahamilaisissa uskonnoissa taivaallinen Jumalan sanansaattaja.\" tabindex=\"0\">enkeli<\/span>, joka tuo keskeisen jumalallisen sanoman. Danielissa h\u00e4n tulkitsee n\u00e4yn, Luukkaalla h\u00e4n ilmoittaa ratkaisevista syntymist\u00e4, islamissa h\u00e4n v\u00e4litt\u00e4\u00e4 koko ilmoituksen.<\/p><p>T\u00e4m\u00e4 pysyv\u00e4 teht\u00e4v\u00e4 sanansaattajana ja v\u00e4litt\u00e4j\u00e4n\u00e4 tekee Gabrielista yhden harvoista hahmoista, joilla on korostunut ja pohjimmiltaan sukulainen asema kaikissa kolmessa aabrahamilaisessa uskonnossa. Enkelihierarkiassa h\u00e4n on usein korkeimmalla sijalla, ja h\u00e4net mainitaan useimmiten yhdess\u00e4 Mikaelin kanssa.<\/p>\t\t\t\t\t\t\t\t<\/div>\n\t\t\t\t<\/div>\n\t\t\t\t\t<\/div>\n\t\t\t\t<\/div>\n\t\t<div class=\"elementor-element elementor-element-36dd7469 e-flex e-con-boxed e-con e-parent\" data-id=\"36dd7469\" data-element_type=\"container\" data-e-type=\"container\">\n\t\t\t\t\t<div class=\"e-con-inner\">\n\t\t\t\t<div class=\"elementor-element elementor-element-13760ab4 elementor-widget elementor-widget-heading\" data-id=\"13760ab4\" data-element_type=\"widget\" data-e-type=\"widget\" data-widget_type=\"heading.default\">\n\t\t\t\t\t<h2 class=\"elementor-heading-title elementor-size-default\">Aiheeseen liittyv\u00e4t linkit<\/h2>\t\t\t\t<\/div>\n\t\t<div class=\"elementor-element elementor-element-28c87796 e-con-full e-flex e-con e-child\" data-id=\"28c87796\" data-element_type=\"container\" data-e-type=\"container\">\n\t\t\t\t<div class=\"elementor-element elementor-element-5d6538df elementor-widget elementor-widget-text-editor\" data-id=\"5d6538df\" data-element_type=\"widget\" data-e-type=\"widget\" data-widget_type=\"text-editor.default\">\n\t\t\t\t\t\t\t\t\t<ul><li><a href=\"https:\/\/iwell-guard.com\/fi\/?page_id=144072\">Uriel<\/a><\/li><\/ul>\t\t\t\t\t\t\t\t<\/div>\n\t\t\t\t<\/div>\n\t\t\t\t\t<\/div>\n\t\t\t\t<\/div>\n\t\t<div class=\"elementor-element elementor-element-grl4kl40 e-flex e-con-boxed e-con e-parent\" data-id=\"grl4kl40\" data-element_type=\"container\" data-e-type=\"container\">\n\t\t\t\t\t<div class=\"e-con-inner\">\n\t\t\t\t<div class=\"elementor-element elementor-element-bzsbfrmh elementor-widget elementor-widget-heading\" data-id=\"bzsbfrmh\" data-element_type=\"widget\" data-e-type=\"widget\" data-widget_type=\"heading.default\">\n\t\t\t\t\t<h2 class=\"elementor-heading-title elementor-size-default\">L\u00e4hteet ja kirjallisuus<\/h2>\t\t\t\t<\/div>\n\t\t<div class=\"elementor-element elementor-element-2c13224a e-con-full e-flex e-con e-child\" data-id=\"2c13224a\" data-element_type=\"container\" data-e-type=\"container\">\n\t\t\t\t<div class=\"elementor-element elementor-element-0eymh9ub elementor-widget elementor-widget-text-editor\" data-id=\"0eymh9ub\" data-element_type=\"widget\" data-e-type=\"widget\" data-widget_type=\"text-editor.default\">\n\t\t\t\t\t\t\t\t\t<ul><li><span data-nosnippet>David Mach: <em>Archangels in the Bible<\/em>. Biblical Archaeology Review, 1997.<\/span><\/li><\/ul>\t\t\t\t\t\t\t\t<\/div>\n\t\t\t\t<\/div>\n\t\t\t\t\t<\/div>\n\t\t\t\t<\/div>\n\t\t\t\t<\/div>\n\t\t","protected":false},"excerpt":{"rendered":"","protected":false},"author":3,"featured_media":1609,"parent":0,"menu_order":0,"comment_status":"closed","ping_status":"closed","template":"elementor_header_footer","meta":{"_yoast_wpseo_focuskw":"Gabriel","_yoast_wpseo_title":"Gabriel - jumalallisten sanomien julistaja","_yoast_wpseo_metadesc":"Gabriel, juutalaisen perinteen arkkienkeli vuosisatoja vanhassa kirjallisessa perinteess\u00e4: Danielin n\u00e4kyjen jumalallinen sanansaattaja, taivaan ja maan v\u00e4litt\u00e4j\u00e4.","_yoast_wpseo_meta-robots-noindex":"","_yoast_wpseo_canonical":"","_angie_page":false,"gefaehrdungsstufe":"","wesen_kultur":"christentum","wesen_klasse":"lichtwesen","footnotes":""},"categories":[],"class_list":["post-144073","page","type-page","status-publish","has-post-thumbnail","hentry"],"yoast_head":"<!-- This site is optimized with the Yoast SEO Premium plugin v27.7 (Yoast SEO v28.3) - https:\/\/yoast.com\/product\/yoast-seo-premium-wordpress\/ -->\n<title>Gabriel - jumalallisten sanomien julistaja<\/title>\n<meta name=\"description\" content=\"Gabriel, juutalaisen perinteen arkkienkeli vuosisatoja vanhassa kirjallisessa perinteess\u00e4: Danielin n\u00e4kyjen jumalallinen sanansaattaja, taivaan ja maan v\u00e4litt\u00e4j\u00e4.\" \/>\n<meta name=\"robots\" content=\"index, follow, max-snippet:-1, max-image-preview:large, max-video-preview:-1\" \/>\n<link rel=\"canonical\" href=\"https:\/\/iwell-guard.com\/fi\/gabriel\/\" \/>\n<meta property=\"og:locale\" content=\"fi_FI\" \/>\n<meta property=\"og:type\" content=\"article\" \/>\n<meta property=\"og:title\" content=\"Gabriel\" \/>\n<meta property=\"og:description\" content=\"Gabriel, juutalaisen perinteen arkkienkeli vuosisatoja vanhassa kirjallisessa perinteess\u00e4: Danielin n\u00e4kyjen jumalallinen sanansaattaja, taivaan ja maan v\u00e4litt\u00e4j\u00e4.\" \/>\n<meta property=\"og:url\" content=\"https:\/\/iwell-guard.com\/fi\/gabriel\/\" \/>\n<meta property=\"og:site_name\" content=\"iWell Guard\" \/>\n<meta property=\"article:modified_time\" content=\"2026-09-03T12:50:19+00:00\" \/>\n<meta property=\"og:image\" content=\"https:\/\/iwell-guard.com\/wp-content\/uploads\/2026\/04\/goetter_judentum_gabriel.webp\" \/>\n\t<meta property=\"og:image:width\" content=\"1024\" \/>\n\t<meta property=\"og:image:height\" content=\"1536\" \/>\n\t<meta property=\"og:image:type\" content=\"image\/webp\" \/>\n<meta name=\"twitter:card\" content=\"summary_large_image\" \/>\n<script type=\"application\/ld+json\" class=\"yoast-schema-graph\">{\"@context\":\"https:\\\/\\\/schema.org\",\"@graph\":[{\"@type\":\"WebPage\",\"@id\":\"https:\\\/\\\/iwell-guard.com\\\/fi\\\/gabriel\\\/\",\"url\":\"https:\\\/\\\/iwell-guard.com\\\/fi\\\/gabriel\\\/\",\"name\":\"Gabriel - jumalallisten sanomien julistaja\",\"isPartOf\":{\"@id\":\"https:\\\/\\\/iwell-guard.com\\\/fi\\\/#website\"},\"primaryImageOfPage\":{\"@id\":\"https:\\\/\\\/iwell-guard.com\\\/fi\\\/gabriel\\\/#primaryimage\"},\"image\":{\"@id\":\"https:\\\/\\\/iwell-guard.com\\\/fi\\\/gabriel\\\/#primaryimage\"},\"thumbnailUrl\":\"https:\\\/\\\/iwell-guard.com\\\/wp-content\\\/uploads\\\/2026\\\/04\\\/goetter_judentum_gabriel.webp\",\"datePublished\":\"2026-09-03T12:31:41+00:00\",\"dateModified\":\"2026-09-03T12:50:19+00:00\",\"description\":\"Gabriel, juutalaisen perinteen arkkienkeli vuosisatoja vanhassa kirjallisessa perinteess\u00e4: Danielin n\u00e4kyjen jumalallinen sanansaattaja, taivaan ja maan v\u00e4litt\u00e4j\u00e4.\",\"breadcrumb\":{\"@id\":\"https:\\\/\\\/iwell-guard.com\\\/fi\\\/gabriel\\\/#breadcrumb\"},\"inLanguage\":\"fi\",\"potentialAction\":[{\"@type\":\"ReadAction\",\"target\":[\"https:\\\/\\\/iwell-guard.com\\\/fi\\\/gabriel\\\/\"]}]},{\"@type\":\"ImageObject\",\"inLanguage\":\"fi\",\"@id\":\"https:\\\/\\\/iwell-guard.com\\\/fi\\\/gabriel\\\/#primaryimage\",\"url\":\"https:\\\/\\\/iwell-guard.com\\\/wp-content\\\/uploads\\\/2026\\\/04\\\/goetter_judentum_gabriel.webp\",\"contentUrl\":\"https:\\\/\\\/iwell-guard.com\\\/wp-content\\\/uploads\\\/2026\\\/04\\\/goetter_judentum_gabriel.webp\",\"width\":1024,\"height\":1536,\"caption\":\"Jumalia juutalaisuuden perinteest\u00e4.\"},{\"@type\":\"BreadcrumbList\",\"@id\":\"https:\\\/\\\/iwell-guard.com\\\/fi\\\/gabriel\\\/#breadcrumb\",\"itemListElement\":[{\"@type\":\"ListItem\",\"position\":1,\"name\":\"Start\",\"item\":\"https:\\\/\\\/iwell-guard.com\\\/fi\\\/?page_id=143815\"},{\"@type\":\"ListItem\",\"position\":2,\"name\":\"Gabriel\"}]},{\"@type\":\"WebSite\",\"@id\":\"https:\\\/\\\/iwell-guard.com\\\/fi\\\/#website\",\"url\":\"https:\\\/\\\/iwell-guard.com\\\/fi\\\/\",\"name\":\"iWell Guard\",\"description\":\"Schutz vor dunklen Einfl\u00fcssen\",\"publisher\":{\"@id\":\"https:\\\/\\\/iwell-guard.com\\\/fi\\\/#organization\"},\"potentialAction\":[{\"@type\":\"SearchAction\",\"target\":{\"@type\":\"EntryPoint\",\"urlTemplate\":\"https:\\\/\\\/iwell-guard.com\\\/fi\\\/?s={search_term_string}\"},\"query-input\":{\"@type\":\"PropertyValueSpecification\",\"valueRequired\":true,\"valueName\":\"search_term_string\"}}],\"inLanguage\":\"fi\"},{\"@type\":\"Organization\",\"@id\":\"https:\\\/\\\/iwell-guard.com\\\/fi\\\/#organization\",\"name\":\"Ittermann electronic GmbH\",\"url\":\"https:\\\/\\\/iwell-guard.com\\\/fi\\\/\",\"logo\":{\"@type\":\"ImageObject\",\"inLanguage\":\"fi\",\"@id\":\"https:\\\/\\\/iwell-guard.com\\\/fi\\\/#\\\/schema\\\/logo\\\/image\\\/\",\"url\":\"https:\\\/\\\/iwell-guard.com\\\/wp-content\\\/uploads\\\/2026\\\/05\\\/Ittermann-Logo-1182x237-1.png\",\"contentUrl\":\"https:\\\/\\\/iwell-guard.com\\\/wp-content\\\/uploads\\\/2026\\\/05\\\/Ittermann-Logo-1182x237-1.png\",\"width\":1182,\"height\":237,\"caption\":\"Ittermann electronic GmbH\"},\"image\":{\"@id\":\"https:\\\/\\\/iwell-guard.com\\\/fi\\\/#\\\/schema\\\/logo\\\/image\\\/\"},\"sameAs\":[\"https:\\\/\\\/pantip.com\\\/profile\\\/9367242\",\"https:\\\/\\\/micro.blog\\\/iwellguard\",\"https:\\\/\\\/www.diggerslist.com\\\/iwellguard\\\/about\",\"https:\\\/\\\/skitterphoto.com\\\/photographers\\\/2870314\\\/iwell-guard\",\"https:\\\/\\\/iwellguard.wordpress.com\\\/2026\\\/06\\\/06\\\/iwell-guard\\\/\",\"https:\\\/\\\/hub.docker.com\\\/u\\\/iwellguard\",\"https:\\\/\\\/www.pinterest.com\\\/iwellguard\\\/\",\"https:\\\/\\\/bit.ly\\\/m\\\/iwellguard\",\"https:\\\/\\\/entre-vos-mains.alsace.eu\\\/profiles\\\/iwellguard\\\/activity\",\"https:\\\/\\\/gravatar.com\\\/reallybeded8fd34\",\"https:\\\/\\\/naijamatta.com\\\/iwellguard\",\"https:\\\/\\\/www.goodreads.com\\\/iwellguard\",\"https:\\\/\\\/profile.hatena.ne.jp\\\/iwellguard\\\/\",\"https:\\\/\\\/experiment.com\\\/users\\\/iwellguard\",\"https:\\\/\\\/wakelet.com\\\/@iWellGuard82270\",\"https:\\\/\\\/www.chordie.com\\\/forum\\\/profile.php?id=2555664\",\"https:\\\/\\\/www.instapaper.com\\\/p\\\/17757966\",\"https:\\\/\\\/www.mapleprimes.com\\\/users\\\/iwellguard\",\"https:\\\/\\\/businesslistingplus.com\\\/profile\\\/iwell-guard\\\/\",\"https:\\\/\\\/telegra.ph\\\/iWell-Guard-06-06\",\"https:\\\/\\\/pbase.com\\\/iwellguard\\\/iwellguard\",\"https:\\\/\\\/b.hatena.ne.jp\\\/iwellguard\\\/20260607#bookmark-4788405196491818882\",\"https:\\\/\\\/fliphtml5.com\\\/home\\\/iwellguard\",\"https:\\\/\\\/anyflip.com\\\/homepage\\\/cmiwl#About\",\"https:\\\/\\\/transfur.com\\\/Users\\\/iwellguard\",\"http:\\\/\\\/delphi.larsbo.org\\\/user\\\/iwellguard\",\"https:\\\/\\\/jobs.lajobsportal.org\\\/profiles\\\/8380803-iwell-guard\",\"https:\\\/\\\/md.chaosdorf.de\\\/s\\\/jfbe5SBdJD\",\"https:\\\/\\\/www.lingvolive.com\\\/en-us\\\/profile\\\/9ecaeaca-ce11-4e51-9e71-01d55e2bff36\\\/translations\",\"https:\\\/\\\/www.fitday.com\\\/fitness\\\/forums\\\/members\\\/iwellguard.html\",\"https:\\\/\\\/www.mymeetbook.com\\\/iwellguard\",\"https:\\\/\\\/pxhere.com\\\/en\\\/photographer-me\\\/5040798\",\"https:\\\/\\\/disqus.com\\\/by\\\/iwellguard\\\/about\\\/\",\"https:\\\/\\\/pastelink.net\\\/hjwciqwq\",\"https:\\\/\\\/pubhtml5.com\\\/homepage\\\/scjhn\\\/\",\"https:\\\/\\\/www.bitchute.com\\\/channel\\\/2O2eOKzNqujT\",\"https:\\\/\\\/audiomack.com\\\/iwellguard\"]},{\"@type\":\"Article\",\"@id\":\"https:\\\/\\\/iwell-guard.com\\\/fi\\\/gabriel\\\/#article\",\"isPartOf\":{\"@id\":\"https:\\\/\\\/iwell-guard.com\\\/fi\\\/gabriel\\\/\"},\"author\":{\"name\":\"Ralf Ittermann\",\"@id\":\"https:\\\/\\\/iwell-guard.com\\\/fi\\\/#\\\/schema\\\/person\\\/ee2a27f1cac3406c7c6fb5820cb7349f\"},\"headline\":\"Gabriel\",\"datePublished\":\"2026-09-03T12:31:41+00:00\",\"dateModified\":\"2026-09-03T12:50:19+00:00\",\"mainEntityOfPage\":{\"@id\":\"https:\\\/\\\/iwell-guard.com\\\/fi\\\/gabriel\\\/\"},\"publisher\":{\"@id\":\"https:\\\/\\\/iwell-guard.com\\\/fi\\\/#organization\"},\"image\":{\"@id\":\"https:\\\/\\\/iwell-guard.com\\\/fi\\\/gabriel\\\/#primaryimage\"},\"thumbnailUrl\":\"https:\\\/\\\/iwell-guard.com\\\/wp-content\\\/uploads\\\/2026\\\/04\\\/goetter_judentum_gabriel.webp\",\"inLanguage\":\"fi\",\"description\":\"Gabriel, juutalaisen perinteen arkkienkeli vuosisatoja vanhassa kirjallisessa perinteess\u00e4: Danielin n\u00e4kyjen jumalallinen sanansaattaja, taivaan ja maan v\u00e4litt\u00e4j\u00e4.\"}]}<\/script>\n<!-- \/ Yoast SEO Premium plugin. -->","yoast_head_json":{"title":"Gabriel - jumalallisten sanomien julistaja","description":"Gabriel, juutalaisen perinteen arkkienkeli vuosisatoja vanhassa kirjallisessa perinteess\u00e4: Danielin n\u00e4kyjen jumalallinen sanansaattaja, taivaan ja maan v\u00e4litt\u00e4j\u00e4.","robots":{"index":"index","follow":"follow","max-snippet":"max-snippet:-1","max-image-preview":"max-image-preview:large","max-video-preview":"max-video-preview:-1"},"canonical":"https:\/\/iwell-guard.com\/fi\/gabriel\/","og_locale":"fi_FI","og_type":"article","og_title":"Gabriel","og_description":"Gabriel, juutalaisen perinteen arkkienkeli vuosisatoja vanhassa kirjallisessa perinteess\u00e4: Danielin n\u00e4kyjen jumalallinen sanansaattaja, taivaan ja maan v\u00e4litt\u00e4j\u00e4.","og_url":"https:\/\/iwell-guard.com\/fi\/gabriel\/","og_site_name":"iWell Guard","article_modified_time":"2026-09-03T12:50:19+00:00","og_image":[{"width":1024,"height":1536,"url":"https:\/\/iwell-guard.com\/wp-content\/uploads\/2026\/04\/goetter_judentum_gabriel.webp","type":"image\/webp"}],"twitter_card":"summary_large_image","schema":{"@context":"https:\/\/schema.org","@graph":[{"@type":"Article","@id":"https:\/\/iwell-guard.com\/fi\/gabriel\/#article","isPartOf":{"@id":"https:\/\/iwell-guard.com\/fi\/gabriel\/"},"author":{"name":"Ralf Ittermann","@id":"https:\/\/iwell-guard.com\/fi\/#\/schema\/person\/ee2a27f1cac3406c7c6fb5820cb7349f"},"headline":"Gabriel","datePublished":"2026-09-03T12:31:41+00:00","dateModified":"2026-09-03T12:50:19+00:00","mainEntityOfPage":{"@id":"https:\/\/iwell-guard.com\/fi\/gabriel\/"},"publisher":{"@id":"https:\/\/iwell-guard.com\/fi\/#organization"},"image":{"@id":"https:\/\/iwell-guard.com\/fi\/gabriel\/#primaryimage"},"thumbnailUrl":"https:\/\/iwell-guard.com\/wp-content\/uploads\/2026\/04\/goetter_judentum_gabriel.webp","inLanguage":"fi","description":"Gabriel, juutalaisen perinteen arkkienkeli vuosisatoja vanhassa kirjallisessa perinteess\u00e4: Danielin n\u00e4kyjen jumalallinen sanansaattaja, taivaan ja maan v\u00e4litt\u00e4j\u00e4."},{"@type":"WebPage","@id":"https:\/\/iwell-guard.com\/fi\/gabriel\/","url":"https:\/\/iwell-guard.com\/fi\/gabriel\/","name":"Gabriel - jumalallisten sanomien julistaja","isPartOf":{"@id":"https:\/\/iwell-guard.com\/fi\/#website"},"primaryImageOfPage":{"@id":"https:\/\/iwell-guard.com\/fi\/gabriel\/#primaryimage"},"image":{"@id":"https:\/\/iwell-guard.com\/fi\/gabriel\/#primaryimage"},"thumbnailUrl":"https:\/\/iwell-guard.com\/wp-content\/uploads\/2026\/04\/goetter_judentum_gabriel.webp","datePublished":"2026-09-03T12:31:41+00:00","dateModified":"2026-09-03T12:50:19+00:00","description":"Gabriel, juutalaisen perinteen arkkienkeli vuosisatoja vanhassa kirjallisessa perinteess\u00e4: Danielin n\u00e4kyjen jumalallinen sanansaattaja, taivaan ja maan v\u00e4litt\u00e4j\u00e4.","breadcrumb":{"@id":"https:\/\/iwell-guard.com\/fi\/gabriel\/#breadcrumb"},"inLanguage":"fi","potentialAction":[{"@type":"ReadAction","target":["https:\/\/iwell-guard.com\/fi\/gabriel\/"]}]},{"@type":"ImageObject","inLanguage":"fi","@id":"https:\/\/iwell-guard.com\/fi\/gabriel\/#primaryimage","url":"https:\/\/iwell-guard.com\/wp-content\/uploads\/2026\/04\/goetter_judentum_gabriel.webp","contentUrl":"https:\/\/iwell-guard.com\/wp-content\/uploads\/2026\/04\/goetter_judentum_gabriel.webp","width":1024,"height":1536,"caption":"Jumalia juutalaisuuden perinteest\u00e4."},{"@type":"BreadcrumbList","@id":"https:\/\/iwell-guard.com\/fi\/gabriel\/#breadcrumb","itemListElement":[{"@type":"ListItem","position":1,"name":"Start","item":"https:\/\/iwell-guard.com\/fi\/?page_id=143815"},{"@type":"ListItem","position":2,"name":"Gabriel"}]},{"@type":"WebSite","@id":"https:\/\/iwell-guard.com\/fi\/#website","url":"https:\/\/iwell-guard.com\/fi\/","name":"iWell Guard","description":"Schutz vor dunklen Einfl\u00fcssen","publisher":{"@id":"https:\/\/iwell-guard.com\/fi\/#organization"},"potentialAction":[{"@type":"SearchAction","target":{"@type":"EntryPoint","urlTemplate":"https:\/\/iwell-guard.com\/fi\/?s={search_term_string}"},"query-input":{"@type":"PropertyValueSpecification","valueRequired":true,"valueName":"search_term_string"}}],"inLanguage":"fi"},{"@type":"Organization","@id":"https:\/\/iwell-guard.com\/fi\/#organization","name":"Ittermann electronic GmbH","url":"https:\/\/iwell-guard.com\/fi\/","logo":{"@type":"ImageObject","inLanguage":"fi","@id":"https:\/\/iwell-guard.com\/fi\/#\/schema\/logo\/image\/","url":"https:\/\/iwell-guard.com\/wp-content\/uploads\/2026\/05\/Ittermann-Logo-1182x237-1.png","contentUrl":"https:\/\/iwell-guard.com\/wp-content\/uploads\/2026\/05\/Ittermann-Logo-1182x237-1.png","width":1182,"height":237,"caption":"Ittermann electronic GmbH"},"image":{"@id":"https:\/\/iwell-guard.com\/fi\/#\/schema\/logo\/image\/"},"sameAs":["https:\/\/pantip.com\/profile\/9367242","https:\/\/micro.blog\/iwellguard","https:\/\/www.diggerslist.com\/iwellguard\/about","https:\/\/skitterphoto.com\/photographers\/2870314\/iwell-guard","https:\/\/iwellguard.wordpress.com\/2026\/06\/06\/iwell-guard\/","https:\/\/hub.docker.com\/u\/iwellguard","https:\/\/www.pinterest.com\/iwellguard\/","https:\/\/bit.ly\/m\/iwellguard","https:\/\/entre-vos-mains.alsace.eu\/profiles\/iwellguard\/activity","https:\/\/gravatar.com\/reallybeded8fd34","https:\/\/naijamatta.com\/iwellguard","https:\/\/www.goodreads.com\/iwellguard","https:\/\/profile.hatena.ne.jp\/iwellguard\/","https:\/\/experiment.com\/users\/iwellguard","https:\/\/wakelet.com\/@iWellGuard82270","https:\/\/www.chordie.com\/forum\/profile.php?id=2555664","https:\/\/www.instapaper.com\/p\/17757966","https:\/\/www.mapleprimes.com\/users\/iwellguard","https:\/\/businesslistingplus.com\/profile\/iwell-guard\/","https:\/\/telegra.ph\/iWell-Guard-06-06","https:\/\/pbase.com\/iwellguard\/iwellguard","https:\/\/b.hatena.ne.jp\/iwellguard\/20260607#bookmark-4788405196491818882","https:\/\/fliphtml5.com\/home\/iwellguard","https:\/\/anyflip.com\/homepage\/cmiwl#About","https:\/\/transfur.com\/Users\/iwellguard","http:\/\/delphi.larsbo.org\/user\/iwellguard","https:\/\/jobs.lajobsportal.org\/profiles\/8380803-iwell-guard","https:\/\/md.chaosdorf.de\/s\/jfbe5SBdJD","https:\/\/www.lingvolive.com\/en-us\/profile\/9ecaeaca-ce11-4e51-9e71-01d55e2bff36\/translations","https:\/\/www.fitday.com\/fitness\/forums\/members\/iwellguard.html","https:\/\/www.mymeetbook.com\/iwellguard","https:\/\/pxhere.com\/en\/photographer-me\/5040798","https:\/\/disqus.com\/by\/iwellguard\/about\/","https:\/\/pastelink.net\/hjwciqwq","https:\/\/pubhtml5.com\/homepage\/scjhn\/","https:\/\/www.bitchute.com\/channel\/2O2eOKzNqujT","https:\/\/audiomack.com\/iwellguard"]},{"@type":"Person","@id":"https:\/\/iwell-guard.com\/fi\/#\/schema\/person\/ee2a27f1cac3406c7c6fb5820cb7349f","name":"Ralf Ittermann","image":{"@type":"ImageObject","inLanguage":"fi","@id":"https:\/\/secure.gravatar.com\/avatar\/073c0153e350a5005b68eb752b445fea71f6b24a26da9449ad7e155e6b446c9d?s=96&d=mm&r=g","url":"https:\/\/secure.gravatar.com\/avatar\/073c0153e350a5005b68eb752b445fea71f6b24a26da9449ad7e155e6b446c9d?s=96&d=mm&r=g","contentUrl":"https:\/\/secure.gravatar.com\/avatar\/073c0153e350a5005b68eb752b445fea71f6b24a26da9449ad7e155e6b446c9d?s=96&d=mm&r=g","caption":"Ralf Ittermann"},"givenName":"Ralf","familyName":"Ittermann","jobTitle":"Gesch\u00e4ftsf\u00fchrer und redaktioneller Verantwortlicher","url":"https:\/\/iwell-guard.com\/fi\/author\/claude\/","description":"Ralf Ittermann ist Gesch\u00e4ftsf\u00fchrer der Ittermann electronic GmbH und redaktioneller Verantwortlicher des iWell-Guard-Lexikons. Er verbindet langj\u00e4hrige Erfahrung in der Pr\u00e4zisionsfertigung mit medialer Praxis und religionsgeschichtlicher Quellenarbeit.","worksFor":{"@type":"Organization","name":"Ittermann electronic GmbH","url":"https:\/\/ittermann.de\/","address":{"@type":"PostalAddress","streetAddress":"K\u00f6hlergasse 16-18","postalCode":"99842","addressLocality":"Ruhla","addressCountry":"DE"}},"knowsAbout":["Religionsgeschichte","Mythologie","Mediale Praxis","Energetische Diagnostik","Schutzpraxis","Volksglauben","Westliche Esoterik"]},{"@type":"Article","@id":"https:\/\/iwell-guard.com\/fi\/gabriel\/#article","isPartOf":{"@id":"https:\/\/iwell-guard.com\/fi\/gabriel\/"},"author":{"name":"Ralf Ittermann","@id":"https:\/\/iwell-guard.com\/fi\/#\/schema\/person\/ee2a27f1cac3406c7c6fb5820cb7349f"},"headline":"Gabriel","datePublished":"2026-09-03T12:31:41+00:00","dateModified":"2026-09-03T12:50:19+00:00","mainEntityOfPage":{"@id":"https:\/\/iwell-guard.com\/fi\/gabriel\/"},"publisher":{"@id":"https:\/\/iwell-guard.com\/fi\/#organization"},"image":{"@id":"https:\/\/iwell-guard.com\/fi\/gabriel\/#primaryimage"},"thumbnailUrl":"https:\/\/iwell-guard.com\/wp-content\/uploads\/2026\/04\/goetter_judentum_gabriel.webp","inLanguage":"fi","description":"Gabriel, juutalaisen perinteen arkkienkeli vuosisatoja vanhassa kirjallisessa perinteess\u00e4: Danielin n\u00e4kyjen jumalallinen sanansaattaja, taivaan ja maan v\u00e4litt\u00e4j\u00e4."}]}},"_links":{"self":[{"href":"https:\/\/iwell-guard.com\/fi\/wp-json\/wp\/v2\/pages\/144073","targetHints":{"allow":["GET"]}}],"collection":[{"href":"https:\/\/iwell-guard.com\/fi\/wp-json\/wp\/v2\/pages"}],"about":[{"href":"https:\/\/iwell-guard.com\/fi\/wp-json\/wp\/v2\/types\/page"}],"author":[{"embeddable":true,"href":"https:\/\/iwell-guard.com\/fi\/wp-json\/wp\/v2\/users\/3"}],"replies":[{"embeddable":true,"href":"https:\/\/iwell-guard.com\/fi\/wp-json\/wp\/v2\/comments?post=144073"}],"version-history":[{"count":0,"href":"https:\/\/iwell-guard.com\/fi\/wp-json\/wp\/v2\/pages\/144073\/revisions"}],"wp:featuredmedia":[{"embeddable":true,"href":"https:\/\/iwell-guard.com\/fi\/wp-json\/wp\/v2\/media\/1609"}],"wp:attachment":[{"href":"https:\/\/iwell-guard.com\/fi\/wp-json\/wp\/v2\/media?parent=144073"}],"wp:term":[{"taxonomy":"category","embeddable":true,"href":"https:\/\/iwell-guard.com\/fi\/wp-json\/wp\/v2\/categories?post=144073"}],"curies":[{"name":"wp","href":"https:\/\/api.w.org\/{rel}","templated":true}]}}