{"id":144068,"date":"2026-09-03T12:31:38","date_gmt":"2026-09-03T12:31:38","guid":{"rendered":"https:\/\/iwell-guard.com\/?page_id=144068"},"modified":"2026-09-03T12:50:09","modified_gmt":"2026-09-03T12:50:09","slug":"manannan-mac-lir","status":"publish","type":"page","link":"https:\/\/iwell-guard.com\/fi\/manannan-mac-lir\/","title":{"rendered":"Manannan mac Lir"},"content":{"rendered":"\t\t<div data-elementor-type=\"wp-page\" data-elementor-id=\"144068\" class=\"elementor elementor-144068 elementor-2127 elementor-bc-flex-widget\" data-elementor-post-type=\"page\">\n\t\t\t\t<div class=\"elementor-element elementor-element-10fdade e-flex e-con-boxed e-con e-parent\" data-id=\"10fdade\" data-element_type=\"container\" data-e-type=\"container\" data-settings=\"{&quot;background_background&quot;:&quot;classic&quot;}\">\n\t\t\t\t\t<div class=\"e-con-inner\">\n\t\t<div class=\"elementor-element elementor-element-herohlft0 e-flex e-con-boxed e-con e-child\" data-id=\"herohlft0\" data-element_type=\"container\" data-e-type=\"container\">\n\t\t\t\t\t<div class=\"e-con-inner\">\n\t\t<div class=\"elementor-element elementor-element-c3ceb64 e-con-full e-flex e-con e-child\" data-id=\"c3ceb64\" data-element_type=\"container\" data-e-type=\"container\">\n\t\t\t\t<div class=\"elementor-element elementor-element-96ae5e1 elementor-widget elementor-widget-heading\" data-id=\"96ae5e1\" data-element_type=\"widget\" data-e-type=\"widget\" data-widget_type=\"heading.default\">\n\t\t\t\t\t<h1 class=\"elementor-heading-title elementor-size-default\">Manannan Mac Lir, kelttil\u00e4isen perinteen jumala<\/h1>\t\t\t\t<\/div>\n\t\t\t\t<div class=\"elementor-element elementor-element-e45238a elementor-widget elementor-widget-text-editor\" data-id=\"e45238a\" data-element_type=\"widget\" data-e-type=\"widget\" data-widget_type=\"text-editor.default\">\n\t\t\t\t\t\t\t\t\t<p>Manannan mac Lir on kelttil\u00e4isen perinteen jumala, meren ja toisen maailman (T\u00edr na n\u00d3g) herra sek\u00e4 siirtymien ja henkisten ulottuvuuksien suojelijajumala. Uskontohistoriallisesti h\u00e4n edustaa indoeurooppalaista raja- ja vesijumalan tyyppi\u00e4 ja on keskeinen saarikelttil\u00e4iselle k\u00e4sitykselle \u201dtuonpuoleisista\u201d maailmoista.<\/p>\t\t\t\t\t\t\t\t<\/div>\n\t\t\t\t<\/div>\n\t\t<div class=\"elementor-element elementor-element-klsbdg01 e-con-full e-flex e-con e-parent\" data-id=\"klsbdg01\" data-element_type=\"container\" data-e-type=\"container\">\n\t\t\t\t<div class=\"elementor-element elementor-element-klshtm01 elementor-widget elementor-widget-html\" data-id=\"klshtm01\" data-element_type=\"widget\" data-e-type=\"widget\" data-widget_type=\"html.default\">\n\t\t\t\t\t<div class=\"iwg-pill-row\"><span class=\"iwg-klasse-badge\" tabindex=\"0\" data-tooltip=\"Jumala \/ jumalatar: kulttuurin pantheonin persoonoitunut korkein voima, jolla on selke\u00e4t vastuualueet, kuten luonnonvoimat, kohtalo, sota, hedelm\u00e4llisyys. Palvottu kulttien, uhrien ja temppeli-instituutioiden kautta.\">Jumala<\/span><a href=\"https:\/\/iwell-guard.com\/fi\/?page_id=143850\" class=\"iwg-kultur-badge\" tabindex=\"0\" data-tooltip=\"L\u00e4nsi-Euroopan ja Brittein saarten kelttil\u00e4inen uskonto, joka on v\u00e4littynyt mytologisesti irlantilais-walesilaisten tekstien kautta.\">Kelttil\u00e4inen<\/a><\/div>\t\t\t\t<\/div>\n\t\t\t\t<\/div>\n\t\t<div class=\"elementor-element elementor-element-3f74855 e-con-full e-flex e-con e-child\" data-id=\"3f74855\" data-element_type=\"container\" data-e-type=\"container\">\n\t\t\t\t<div class=\"elementor-element elementor-element-1c30362 elementor-toc--minimized-on-tablet elementor-widget elementor-widget-table-of-contents\" data-id=\"1c30362\" data-element_type=\"widget\" data-e-type=\"widget\" data-settings=\"{&quot;exclude_headings_by_selector&quot;:[],&quot;no_headings_message&quot;:&quot;T\\u00e4lt\\u00e4 sivulta ei l\\u00f6ytynyt otsikoita.&quot;,&quot;headings_by_tags&quot;:[&quot;h2&quot;,&quot;h3&quot;],&quot;marker_view&quot;:&quot;bullets&quot;,&quot;minimize_box&quot;:&quot;yes&quot;,&quot;icon&quot;:{&quot;value&quot;:&quot;fas fa-circle&quot;,&quot;library&quot;:&quot;fa-solid&quot;,&quot;rendered_tag&quot;:&quot;&lt;svg class=\\&quot;e-font-icon-svg e-fas-circle\\&quot; viewBox=\\&quot;0 0 512 512\\&quot; xmlns=\\&quot;http:\\\/\\\/www.w3.org\\\/2000\\\/svg\\&quot;&gt;&lt;path d=\\&quot;M256 8C119 8 8 119 8 256s111 248 248 248 248-111 248-248S393 8 256 8z\\&quot;&gt;&lt;\\\/path&gt;&lt;\\\/svg&gt;&quot;},&quot;minimized_on&quot;:&quot;tablet&quot;,&quot;hierarchical_view&quot;:&quot;yes&quot;,&quot;min_height&quot;:{&quot;unit&quot;:&quot;px&quot;,&quot;size&quot;:&quot;&quot;,&quot;sizes&quot;:[]},&quot;min_height_tablet&quot;:{&quot;unit&quot;:&quot;px&quot;,&quot;size&quot;:&quot;&quot;,&quot;sizes&quot;:[]},&quot;min_height_mobile&quot;:{&quot;unit&quot;:&quot;px&quot;,&quot;size&quot;:&quot;&quot;,&quot;sizes&quot;:[]}}\" data-widget_type=\"table-of-contents.default\">\n\t\t\t\t\t\t\t\t\t<div class=\"elementor-toc__header\">\n\t\t\t\t\t\t<h2 class=\"elementor-toc__header-title\">\n\t\t\t\tSis\u00e4llysluettelo\t\t\t<\/h2>\n\t\t\t\t\t\t\t\t\t\t<div class=\"elementor-toc__toggle-button elementor-toc__toggle-button--expand\" role=\"button\" tabindex=\"0\" aria-controls=\"elementor-toc__1c30362\" aria-expanded=\"true\" aria-label=\"Open table of contents\"><svg aria-hidden=\"true\" class=\"e-font-icon-svg e-fas-chevron-down\" viewBox=\"0 0 448 512\" xmlns=\"http:\/\/www.w3.org\/2000\/svg\"><path d=\"M207.029 381.476L12.686 187.132c-9.373-9.373-9.373-24.569 0-33.941l22.667-22.667c9.357-9.357 24.522-9.375 33.901-.04L224 284.505l154.745-154.021c9.379-9.335 24.544-9.317 33.901.04l22.667 22.667c9.373 9.373 9.373 24.569 0 33.941L240.971 381.476c-9.373 9.372-24.569 9.372-33.942 0z\"><\/path><\/svg><\/div>\n\t\t\t\t<div class=\"elementor-toc__toggle-button elementor-toc__toggle-button--collapse\" role=\"button\" tabindex=\"0\" aria-controls=\"elementor-toc__1c30362\" aria-expanded=\"true\" aria-label=\"Close table of contents\"><svg aria-hidden=\"true\" class=\"e-font-icon-svg e-fas-chevron-up\" viewBox=\"0 0 448 512\" xmlns=\"http:\/\/www.w3.org\/2000\/svg\"><path d=\"M240.971 130.524l194.343 194.343c9.373 9.373 9.373 24.569 0 33.941l-22.667 22.667c-9.357 9.357-24.522 9.375-33.901.04L224 227.495 69.255 381.516c-9.379 9.335-24.544 9.317-33.901-.04l-22.667-22.667c-9.373-9.373-9.373-24.569 0-33.941L207.03 130.525c9.372-9.373 24.568-9.373 33.941-.001z\"><\/path><\/svg><\/div>\n\t\t\t\t\t<\/div>\n\t\t\t\t<div id=\"elementor-toc__1c30362\" class=\"elementor-toc__body\">\n\t\t\t<div class=\"elementor-toc__spinner-container\">\n\t\t\t\t<svg class=\"elementor-toc__spinner eicon-animation-spin e-font-icon-svg e-eicon-loading\" aria-hidden=\"true\" viewBox=\"0 0 1000 1000\" xmlns=\"http:\/\/www.w3.org\/2000\/svg\"><path d=\"M500 975V858C696 858 858 696 858 500S696 142 500 142 142 304 142 500H25C25 237 238 25 500 25S975 237 975 500 763 975 500 975Z\"><\/path><\/svg>\t\t\t<\/div>\n\t\t<\/div>\n\t\t\t\t\t\t<\/div>\n\t\t\t\t<\/div>\n\t\t\t\t\t<\/div>\n\t\t\t\t<\/div>\n\t\t<div class=\"elementor-element elementor-element-herorght0 e-con-full e-flex e-con e-child\" data-id=\"herorght0\" data-element_type=\"container\" data-e-type=\"container\">\n\t\t\t\t<div class=\"elementor-element elementor-element-heroimg00 iwg-hero-image elementor-widget elementor-widget-image\" data-id=\"heroimg00\" data-element_type=\"widget\" data-e-type=\"widget\" data-widget_type=\"image.default\">\n\t\t\t\t\t\t\t\t\t\t\t\t\t\t\t<img fetchpriority=\"high\" decoding=\"async\" width=\"683\" height=\"1024\" src=\"https:\/\/iwell-guard.com\/wp-content\/uploads\/2026\/04\/goetter_keltisch_manannan-mac-lir-683x1024.webp\" class=\"attachment-large size-large wp-image-149068\" alt=\"Manannan Mac Lir \u2013 kelttil\u00e4isen perinteen jumalia, historiallishavainnollistava\" srcset=\"https:\/\/iwell-guard.com\/wp-content\/uploads\/2026\/04\/goetter_keltisch_manannan-mac-lir-683x1024.webp 683w, https:\/\/iwell-guard.com\/wp-content\/uploads\/2026\/04\/goetter_keltisch_manannan-mac-lir-200x300.webp 200w, https:\/\/iwell-guard.com\/wp-content\/uploads\/2026\/04\/goetter_keltisch_manannan-mac-lir-768x1152.webp 768w, https:\/\/iwell-guard.com\/wp-content\/uploads\/2026\/04\/goetter_keltisch_manannan-mac-lir.webp 1024w\" sizes=\"(max-width: 683px) 100vw, 683px\" \/>\t\t\t\t\t\t\t\t\t\t\t\t\t\t\t<\/div>\n\t\t\t\t<\/div>\n\t\t\t\t\t<\/div>\n\t\t\t\t<\/div>\n\t\t<div class=\"elementor-element elementor-element-32917199 e-flex e-con-boxed e-con e-parent\" data-id=\"32917199\" data-element_type=\"container\" data-e-type=\"container\">\n\t\t\t\t\t<div class=\"e-con-inner\">\n\t\t<div class=\"elementor-element elementor-element-26e916cb e-flex e-con-boxed e-con e-child\" data-id=\"26e916cb\" data-element_type=\"container\" data-e-type=\"container\">\n\t\t\t\t\t<div class=\"e-con-inner\">\n\t\t<div class=\"elementor-element elementor-element-253a40d4 e-flex e-con-boxed e-con e-child\" data-id=\"253a40d4\" data-element_type=\"container\" data-e-type=\"container\">\n\t\t\t\t\t<div class=\"e-con-inner\">\n\t\t\t\t<div class=\"elementor-element elementor-element-1200c304 elementor-widget elementor-widget-heading\" data-id=\"1200c304\" data-element_type=\"widget\" data-e-type=\"widget\" data-widget_type=\"heading.default\">\n\t\t\t\t\t<h3 class=\"elementor-heading-title elementor-size-default\">Manannan Mac Lir<\/h3>\t\t\t\t<\/div>\n\t\t\t\t<div class=\"elementor-element elementor-element-11758e7f elementor-widget elementor-widget-text-editor\" data-id=\"11758e7f\" data-element_type=\"widget\" data-e-type=\"widget\" data-widget_type=\"text-editor.default\">\n\t\t\t\t\t\t\t\t\t<p>Manannan kuvataan yliluonnollisena merenkuninkaana ja laivurina, joka liikkuu ihmisten maailman ja toisen maailman (T\u00edr na n\u00d3g, Mag Mell) v\u00e4lill\u00e4. H\u00e4nell\u00e4 on n\u00e4kym\u00e4tt\u00f6m\u00e4ksi tekev\u00e4 hevonen (Enbarr) ja itseohjautuva laiva (Scuabtuinne).<\/p><p>Irlantilaisissa taruissa h\u00e4n esiintyy sielujen oppaana ja matkalaisten suojelijana. Tarinoiden mukaan h\u00e4n torjuu demoneja ja pit\u00e4\u00e4 demonisia olentoja aisoissa. Joissakin teksteiss\u00e4 h\u00e4n toimii sankarien, kuten C\u00fa Chulainnin, opettajana tai kasvatusis\u00e4n\u00e4.<\/p>\t\t\t\t\t\t\t\t<\/div>\n\t\t\t\t\t<\/div>\n\t\t\t\t<\/div>\n\t\t<div class=\"elementor-element elementor-element-159dcf9a e-flex e-con-boxed e-con e-child\" data-id=\"159dcf9a\" data-element_type=\"container\" data-e-type=\"container\">\n\t\t\t\t\t<div class=\"e-con-inner\">\n\t\t\t\t<div class=\"elementor-element elementor-element-48cee66f elementor-widget elementor-widget-heading\" data-id=\"48cee66f\" data-element_type=\"widget\" data-e-type=\"widget\" data-widget_type=\"heading.default\">\n\t\t\t\t\t<h2 class=\"elementor-heading-title elementor-size-default\">P\u00e4hkin\u00e4nkuoressa: Manannan Mac Lir<\/h2>\t\t\t\t<\/div>\n\t\t\t\t<div class=\"elementor-element elementor-element-3f50d82c elementor-widget elementor-widget-text-editor\" data-id=\"3f50d82c\" data-element_type=\"widget\" data-e-type=\"widget\" data-widget_type=\"text-editor.default\">\n\t\t\t\t\t\t\t\t\t<p>Todisteet ovat per\u00e4isin teoksista Immram Brain maic Febail (\u201dBran mac Febailin merimatka\u201d), Imram Curaig Ma\u00e9l D\u00fain (\u201dM\u00e1el D\u00fainin merimatka\u201d) ja muista seikkailumyyteist\u00e4, jotka kirjattiin yl\u00f6s 8.\u20139. vuosisadalta l\u00e4htien.<\/p><p>Manannan mainitaan sukuluetteloteksteiss\u00e4 ja Ulaid-taruston tarinoissa. H\u00e4nen teht\u00e4v\u00e4ns\u00e4 sielunsaattajana ja rajanvartijana on tyypillinen saarikelttil\u00e4iselle <span class=\"iwg-fachbegriff\" data-tooltip=\"K\u00e4sitys maailman rakenteesta ja j\u00e4rjestyksest\u00e4 kulttuurin sis\u00e4ll\u00e4.\" tabindex=\"0\">kosmologialle<\/span>. Nykyaikaiset l\u00e4hteet: kansanperinteinen <span class=\"iwg-fachbegriff\" data-tooltip=\"Tiedon ja tarinoiden siirtyminen sukupolvelta toiselle.\" tabindex=\"0\">suullinen perinne<\/span> Irlannissa ja Skotlannissa (Hebridit, Isle of Man).<\/p>\t\t\t\t\t\t\t\t<\/div>\n\t\t\t\t\t<\/div>\n\t\t\t\t<\/div>\n\t\t\t\t\t<\/div>\n\t\t\t\t<\/div>\n\t\t\t\t\t<\/div>\n\t\t\t\t<\/div>\n\t\t<div class=\"elementor-element elementor-element-18613602 e-flex e-con-boxed e-con e-parent\" data-id=\"18613602\" data-element_type=\"container\" data-e-type=\"container\">\n\t\t\t\t\t<div class=\"e-con-inner\">\n\t\t\t\t<div class=\"elementor-element elementor-element-262b8a9f elementor-widget elementor-widget-heading\" data-id=\"262b8a9f\" data-element_type=\"widget\" data-e-type=\"widget\" data-widget_type=\"heading.default\">\n\t\t\t\t\t<h2 class=\"elementor-heading-title elementor-size-default\">Konteksti<\/h2>\t\t\t\t<\/div>\n\t\t<div class=\"elementor-element elementor-element-46dcb7d e-con-full e-flex e-con e-child\" data-id=\"46dcb7d\" data-element_type=\"container\" data-e-type=\"container\">\n\t\t<div class=\"elementor-element elementor-element-61d3ab3 e-flex e-con-boxed e-con e-child\" data-id=\"61d3ab3\" data-element_type=\"container\" data-e-type=\"container\">\n\t\t\t\t\t<div class=\"e-con-inner\">\n\t\t\t\t<div class=\"elementor-element elementor-element-117c166 elementor-widget elementor-widget-heading\" data-id=\"117c166\" data-element_type=\"widget\" data-e-type=\"widget\" data-widget_type=\"heading.default\">\n\t\t\t\t\t<h3 class=\"elementor-heading-title elementor-size-default\">Tekstien ajanjakso<\/h3>\t\t\t\t<\/div>\n\t\t\t\t<div class=\"elementor-element elementor-element-73997a0 elementor-widget elementor-widget-text-editor\" data-id=\"73997a0\" data-element_type=\"widget\" data-e-type=\"widget\" data-widget_type=\"text-editor.default\">\n\t\t\t\t\t\t\t\t\t<p>Manann\u00e1n mac Lir on todistettavissa varhaiskeskiaikaisista irlantilaisista teksteist\u00e4 aina Isle of Manin uudenaikaiseen kansanperinteeseen asti, sill\u00e4 saaren nimen katsotaan juontuvan h\u00e4nest\u00e4. Viel\u00e4 1800-luvulla saaren asukkaat asettivat juhannusiltana kaislaa vuorenhuipuille uhrilahjaksi Manannanille; vanhasta merenjumalasta oli t\u00e4ll\u00f6in muodostunut saaren tarunhohtoinen perustajahahmo, jossa alkuper\u00e4iset piirteet olivat kuitenkin edelleen n\u00e4ht\u00e4viss\u00e4.<\/p><h3>Mytologinen asema<\/h3><p>Manannan mac Lir on irlantilaisen ja walesilaisen kelttil\u00e4isen <span class=\"iwg-fachbegriff\" data-tooltip=\"Kulttuurin perinteisten jumaltarujen kokonaisuus.\" tabindex=\"0\">mytologian<\/span> jumala ja yliluonnollinen olento. H\u00e4n on meren, <span class=\"iwg-fachbegriff\" data-tooltip=\"K\u00e4yt\u00e4nt\u00f6j\u00e4, joilla pyrit\u00e4\u00e4n erityisin toimin tai kaavoin vaikuttamaan asioiden kulkuun.\" tabindex=\"0\">magian<\/span> ja toisen maailman herra. Manannan on maailmojen v\u00e4lill\u00e4 kulkeva matkaaja ja suojelija. H\u00e4nen roolinsa on keskeinen kelttil\u00e4isen maailmankuvan ymm\u00e4rt\u00e4miselle.<\/p>\t\t\t\t\t\t\t\t<\/div>\n\t\t\t\t\t<\/div>\n\t\t\t\t<\/div>\n\t\t<div class=\"elementor-element elementor-element-d47b156 e-flex e-con-boxed e-con e-child\" data-id=\"d47b156\" data-element_type=\"container\" data-e-type=\"container\">\n\t\t\t\t\t<div class=\"e-con-inner\">\n\t\t\t\t<div class=\"elementor-element elementor-element-ff38c2b elementor-widget elementor-widget-heading\" data-id=\"ff38c2b\" data-element_type=\"widget\" data-e-type=\"widget\" data-widget_type=\"heading.default\">\n\t\t\t\t\t<h3 class=\"elementor-heading-title elementor-size-default\">Levinneisyysalue<\/h3>\t\t\t\t<\/div>\n\t\t\t\t<div class=\"elementor-element elementor-element-4e49fcc elementor-widget elementor-widget-text-editor\" data-id=\"4e49fcc\" data-element_type=\"widget\" data-e-type=\"widget\" data-widget_type=\"text-editor.default\">\n\t\t\t\t\t\t\t\t\t<p>Manannan mac Lir ei rajoittunut mihink\u00e4\u00e4n yksitt\u00e4iseen alueeseen tai paikkaan, vaan h\u00e4net tunnettiin ja h\u00e4nt\u00e4 palvottiin tai pel\u00e4ttiin kunnioittavasti kautta kelttil\u00e4isen maailman. Suurissa kaupunkikeskuksissa tai syrj\u00e4isill\u00e4 maaseutualueilla, yhteiskunnan eliitin tai tavallisen kansan keskuudessa, t\u00e4m\u00e4n olennon henkinen ja kulttuurinen merkitys tunnustettiin yht\u00e4l\u00e4isesti ja yleisesti.<\/p><p>Manann\u00e1n mac Lirin levi\u00e4minen noudattaa Irlanninmeren merireittej\u00e4: h\u00e4net tunnettiin Irlannissa, Isle of Manilla ja Skotlannissa, ja Manin saari on saanut nimens\u00e4 h\u00e4nest\u00e4. T\u00e4m\u00e4 levi\u00e4minen useille gaelinkielisille rannikkoalueille selittyy niiden v\u00e4lisill\u00e4 tiiviill\u00e4 laiva- ja kauppasuhteilla; jumalan perusluonne pysyi kaikilla alueilla samana, meren ja ylityksen herrana.<\/p>\t\t\t\t\t\t\t\t<\/div>\n\t\t\t\t\t<\/div>\n\t\t\t\t<\/div>\n\t\t\t\t<\/div>\n\t\t<div class=\"elementor-element elementor-element-db03c39 e-con-full e-flex e-con e-child\" data-id=\"db03c39\" data-element_type=\"container\" data-e-type=\"container\">\n\t\t<div class=\"elementor-element elementor-element-229a87b e-flex e-con-boxed e-con e-child\" data-id=\"229a87b\" data-element_type=\"container\" data-e-type=\"container\">\n\t\t\t\t\t<div class=\"e-con-inner\">\n\t\t\t\t<div class=\"elementor-element elementor-element-1f471fc elementor-widget elementor-widget-heading\" data-id=\"1f471fc\" data-element_type=\"widget\" data-e-type=\"widget\" data-widget_type=\"heading.default\">\n\t\t\t\t\t<h3 class=\"elementor-heading-title elementor-size-default\">L\u00e4hdetilanne<\/h3>\t\t\t\t<\/div>\n\t\t\t\t<div class=\"elementor-element elementor-element-36b1201 elementor-widget elementor-widget-text-editor\" data-id=\"36b1201\" data-element_type=\"widget\" data-e-type=\"widget\" data-widget_type=\"text-editor.default\">\n\t\t\t\t\t\t\t\t\t<p>Alkuper\u00e4isl\u00e4hteet: Immram Brain maic Febail (n. 8. vuosisata), Imram Curaig Ma\u00e9l D\u00fain (n. 9. vuosisata), Togail Bruidne D\u00e1 Derga (\u201dDa Dergan talon tuho\u201d), my\u00f6hemmin my\u00f6s Mabinogion (walesilainen, 11.\u201313. vuosisata, mukana Manawydan-hahmo).<\/p><p>Ajanjakso: suulliset perinteet ovat vanhempia (mahdollisesti rautakautisia), kirjallinen kiinnitt\u00e4minen tapahtuu keskiajalla. Tutkijat: Mac Cana (Celtic Mythology), Jenny Rowland (Early Welsh Saga Poetry) ja W.Y. Evans-Wentz (The Fairy Faith in Celtic Countries) ovat dokumentoineet Manannan-perinteit\u00e4.<\/p>\t\t\t\t\t\t\t\t<\/div>\n\t\t\t\t\t<\/div>\n\t\t\t\t<\/div>\n\t\t\t\t<\/div>\n\t\t\t\t\t<\/div>\n\t\t\t\t<\/div>\n\t\t<div class=\"elementor-element elementor-element-3ae0637c e-flex e-con-boxed e-con e-parent\" data-id=\"3ae0637c\" data-element_type=\"container\" data-e-type=\"container\">\n\t\t\t\t\t<div class=\"e-con-inner\">\n\t\t\t\t<div class=\"elementor-element elementor-element-31d07739 elementor-widget elementor-widget-heading\" data-id=\"31d07739\" data-element_type=\"widget\" data-e-type=\"widget\" data-widget_type=\"heading.default\">\n\t\t\t\t\t<h2 class=\"elementor-heading-title elementor-size-default\">Nimi<\/h2>\t\t\t\t<\/div>\n\t\t<div class=\"elementor-element elementor-element-b7642947 e-con-full e-flex e-con e-child\" data-id=\"b7642947\" data-element_type=\"container\" data-e-type=\"container\">\n\t\t\t\t<div class=\"elementor-element elementor-element-a086266 elementor-widget elementor-widget-text-editor\" data-id=\"a086266\" data-element_type=\"widget\" data-e-type=\"widget\" data-widget_type=\"text-editor.default\">\n\t\t\t\t\t\t\t\t\t<p>Manannan mac Lir kuvataan eri l\u00e4hteiss\u00e4 ja taiteellisissa perinteiss\u00e4 toistuvin ikonografisin elementein, jotka pysyv\u00e4t suhteellisen vakioina vuosikymmenten ja eri maantieteellisten alueiden yli. N\u00e4it\u00e4 elementtej\u00e4 ei ole valittu puhtaasti koristeellisesti tai sattumanvaraisesti, vaan ne ovat syv\u00e4sti symbolisesti koodattuja ja kantavat suurta merkityst\u00e4.<\/p><p>Manann\u00e1n mac Lirin attribuutit muodostavat luettavan merkkij\u00e4rjestelm\u00e4n: sumuviitta kuvastaa h\u00e4nen kyky\u00e4\u00e4n k\u00e4tke\u00e4 asioita ja h\u00e4m\u00e4rt\u00e4\u00e4 rajoja, itseohjautuva vene Aaltojentasoittaja h\u00e4nen valtaansa merest\u00e4, veden yll\u00e4 kulkeva hevonen Aonbharr maan ja meren v\u00e4lisen rajan h\u00e4vi\u00e4mist\u00e4, sek\u00e4 omenasaari Emain Ablach h\u00e4nen yhteytt\u00e4\u00e4n toiseen maailmaan. Irlantilaisen tarinaperinteen tunteva hahmottaa n\u00e4iden esineiden avulla v\u00e4litt\u00f6m\u00e4sti jumalan toimialan ja arvoasteen; mik\u00e4\u00e4n attribuutti ei ole valittu sattumanvaraisesti, vaan kaikki ovat vakiintuneet keskiaikaisissa teksteiss\u00e4.<\/p>\t\t\t\t\t\t\t\t<\/div>\n\t\t\t\t<\/div>\n\t\t\t\t\t<\/div>\n\t\t\t\t<\/div>\n\t\t<div class=\"elementor-element elementor-element-709a44a8 e-flex e-con-boxed e-con e-parent\" data-id=\"709a44a8\" data-element_type=\"container\" data-e-type=\"container\">\n\t\t\t\t\t<div class=\"e-con-inner\">\n\t\t\t\t<div class=\"elementor-element elementor-element-2f585873 elementor-widget elementor-widget-heading\" data-id=\"2f585873\" data-element_type=\"widget\" data-e-type=\"widget\" data-widget_type=\"heading.default\">\n\t\t\t\t\t<h2 class=\"elementor-heading-title elementor-size-default\">Ominaispiirteet<\/h2>\t\t\t\t<\/div>\n\t\t<div class=\"elementor-element elementor-element-70621c12 e-con-full e-flex e-con e-child\" data-id=\"70621c12\" data-element_type=\"container\" data-e-type=\"container\">\n\t\t\t\t<div class=\"elementor-element elementor-element-4296eb49 elementor-widget elementor-widget-text-editor\" data-id=\"4296eb49\" data-element_type=\"widget\" data-e-type=\"widget\" data-widget_type=\"text-editor.default\">\n\t\t\t\t\t\t\t\t\t<p>Manannan mac Lir oli keskeinen hahmo kelttil\u00e4isess\u00e4 uskonnollisessa k\u00e4yt\u00e4nn\u00f6ss\u00e4, arjen rituaaleissa ja jokap\u00e4iv\u00e4isess\u00e4 maailmankuvassa. Ihmiset k\u00e4\u00e4ntyiv\u00e4t t\u00e4m\u00e4n olennon puoleen kriittisiss\u00e4 tai m\u00e4\u00e4r\u00e4tyiss\u00e4 el\u00e4m\u00e4ntilanteissa tai tiettyin\u00e4 rituaalisina vuodenaikoina, ja k\u00e4yttiv\u00e4t j\u00e4senneltyj\u00e4, usein monimutkaisia rituaaleja, rukouksia tai uhrilahjoja.<\/p><p>Manann\u00e1n mac Lirin kunnioittaminen noudatti vakiintuneita perinnelinjoja: Irlannissa oppineet runoilijat ja my\u00f6hemmin luostarien kristityt kirjurit s\u00e4ilyttiv\u00e4t kertomukset merenjumalasta s\u00e4\u00e4nneltyss\u00e4 muodossa. Man-saarella eli sen ohella kansanomaisia tapoja, kuten kaislojen uhraaminen keskikes\u00e4n iltana, joita noudatettiin perinteisten s\u00e4\u00e4nt\u00f6jen mukaan, ei mielivaltaisesti.<\/p><p>Se, ett\u00e4 Manann\u00e1n mac Liria kutsuttiin avuksi ja h\u00e4nest\u00e4 kerrottiin tarinoita vuosisatojen ajan, liittyy h\u00e4nen selke\u00e4sti rajattuihin teht\u00e4viins\u00e4: merenkulkijat toivoivat h\u00e4nelt\u00e4 suojaa myrskylt\u00e4 ja turvallista matkaa, siis torjuntaa merell\u00e4 uhkaavalle onnettomuudelle. Kertomuksissa h\u00e4n esiintyy my\u00f6s oppaana toiseen maailmaan, joka saattaa sankareita maailmojen rajan yli, ja Man-saarella h\u00e4nelle annettiin lahjoja, joiden toivottiin turvaavan hyv\u00e4n s\u00e4\u00e4n ja kalansaaliin.<\/p><h3>Ulkomuoto ja symboliikka<\/h3><p>Manannan kuvataan kauniina, arvoituksellisena miehen\u00e4, jonka vaatetus vaihtaa v\u00e4ri\u00e4. H\u00e4n ratsastaa hevosellaan Enbarrilla meren yli. Sumu on h\u00e4nen viittansa, joka suo n\u00e4kym\u00e4tt\u00f6myyden. H\u00e4nen taikaviittansa ja miekkansa ovat legendaarisia esineit\u00e4. <span class=\"iwg-fachbegriff\" data-tooltip=\"K\u00e4yt\u00e4nt\u00f6j\u00e4, joilla pyrit\u00e4\u00e4n vaikuttamaan tapahtumien kulkuun erityisten toimintojen tai kaavojen avulla.\" tabindex=\"0\">Magia<\/span> t\u00e4ytt\u00e4\u00e4 h\u00e4nen olemuksensa.<\/p>\t\t\t\t\t\t\t\t<\/div>\n\t\t\t\t<\/div>\n\t\t\t\t\t<\/div>\n\t\t\t\t<\/div>\n\t\t<div class=\"elementor-element elementor-element-44e71476 e-flex e-con-boxed e-con e-parent\" data-id=\"44e71476\" data-element_type=\"container\" data-e-type=\"container\">\n\t\t\t\t\t<div class=\"e-con-inner\">\n\t\t\t\t<div class=\"elementor-element elementor-element-3c1fc3f0 elementor-widget elementor-widget-heading\" data-id=\"3c1fc3f0\" data-element_type=\"widget\" data-e-type=\"widget\" data-widget_type=\"heading.default\">\n\t\t\t\t\t<h2 class=\"elementor-heading-title elementor-size-default\">Tietokortti: Manannan Mac Lir<\/h2>\t\t\t\t<\/div>\n\t\t<div class=\"elementor-element elementor-element-84f33b8e e-con-full e-flex e-con e-child\" data-id=\"84f33b8e\" data-element_type=\"container\" data-e-type=\"container\">\n\t\t\t\t<div class=\"elementor-element elementor-element-hqkdc67p elementor-widget elementor-widget-text-editor\" data-id=\"hqkdc67p\" data-element_type=\"widget\" data-e-type=\"widget\" data-widget_type=\"text-editor.default\">\n\t\t\t\t\t\t\t\t\t<p>Tietokortti valottaa Manannania kuudesta n\u00e4k\u00f6kulmasta: h\u00e4nen asemaansa toisen maailman ja meriluonnon herrana, h\u00e4nen rooliaan psykopompoksena ja matkaoppaana, h\u00e4nen tunnusomaisia attribuuttejaan ja ihmeellisi\u00e4 esineit\u00e4\u00e4n, h\u00e4nen kosmisia ja suojelevia voimiaan sek\u00e4 hengellisi\u00e4 kutsumistapoja ja kulttuurisia vastineita. N\u00e4in muodostuu kuva t\u00e4st\u00e4 arvoituksellisesta rajajumalasta.<\/p>\t\t\t\t\t\t\t\t<\/div>\n\t\t\t\t<\/div>\n\t\t<div class=\"elementor-element elementor-element-pemmx7c5 e-con-full e-flex e-con e-child\" data-id=\"pemmx7c5\" data-element_type=\"container\" data-e-type=\"container\">\n\t\t<div class=\"elementor-element elementor-element-pemmx7c1 e-con-full e-flex e-con e-child\" data-id=\"pemmx7c1\" data-element_type=\"container\" data-e-type=\"container\">\n\t\t<div class=\"elementor-element elementor-element-qh9oavvu iwg-steckbrief-card e-flex e-con-boxed e-con e-child\" data-id=\"qh9oavvu\" data-element_type=\"container\" data-e-type=\"container\">\n\t\t\t\t\t<div class=\"e-con-inner\">\n\t\t\t\t<div class=\"elementor-element elementor-element-awzx8k2k elementor-widget elementor-widget-heading\" data-id=\"awzx8k2k\" data-element_type=\"widget\" data-e-type=\"widget\" data-widget_type=\"heading.default\">\n\t\t\t\t\t<div class=\"elementor-heading-title elementor-size-default\">Perinne<\/div>\t\t\t\t<\/div>\n\t\t\t\t<div class=\"elementor-element elementor-element-x6rowhv0 elementor-widget elementor-widget-text-editor\" data-id=\"x6rowhv0\" data-element_type=\"widget\" data-e-type=\"widget\" data-widget_type=\"text-editor.default\">\n\t\t\t\t\t\t\t\t\t<p>Manannan on per\u00e4isin toisesta maailmasta, tai h\u00e4n on itsen\u00e4inen yliluonnollinen olento, jota ei voida selke\u00e4sti sijoittaa Tuatha D\u00e9 Danannin sukupuuhun. H\u00e4nen nimens\u00e4 yhdist\u00e4\u00e4 sanan \u00bbMana\u00ab (mahdollisesti \u00bbkuu\u00ab tai \u00bbvoima\u00ab) sanaan \u00bbmac Lir\u00ab (\u00bbmeren poika\u00ab, Lir on merenjumala).<\/p><p>Maantieteellisesti h\u00e4net yhdistet\u00e4\u00e4n Irlantiin ja saariston maailmaan, ja j\u00e4lki\u00e4 h\u00e4nest\u00e4 l\u00f6ytyy Man-saarelta (Mona Innis, nimetty h\u00e4nen mukaansa). Kirjallisia mainintoja on 8. vuosisadalta alkaen.<\/p>\t\t\t\t\t\t\t\t<\/div>\n\t\t\t\t\t<\/div>\n\t\t\t\t<\/div>\n\t\t<div class=\"elementor-element elementor-element-8e3o4kxs iwg-steckbrief-card e-flex e-con-boxed e-con e-child\" data-id=\"8e3o4kxs\" data-element_type=\"container\" data-e-type=\"container\">\n\t\t\t\t\t<div class=\"e-con-inner\">\n\t\t\t\t<div class=\"elementor-element elementor-element-08rkdgov elementor-widget elementor-widget-heading\" data-id=\"08rkdgov\" data-element_type=\"widget\" data-e-type=\"widget\" data-widget_type=\"heading.default\">\n\t\t\t\t\t<div class=\"elementor-heading-title elementor-size-default\">Kohteet<\/div>\t\t\t\t<\/div>\n\t\t\t\t<div class=\"elementor-element elementor-element-uwjelx8s elementor-widget elementor-widget-text-editor\" data-id=\"uwjelx8s\" data-element_type=\"widget\" data-e-type=\"widget\" data-widget_type=\"text-editor.default\">\n\t\t\t\t\t\t\t\t\t<p>Merenkulkijat, matkustajat, sankarit ja hengelliset etsij\u00e4t kutsuivat Manannania avukseen saadakseen suojaa merell\u00e4, opastusta toiseen maailmaan ja suojaa demonisilta voimilta. H\u00e4n oli maailmojen v\u00e4lill\u00e4 matkustavien suojelija. Maagisissa yhteyksiss\u00e4 h\u00e4nelt\u00e4 pyydettiin salaisuutta ja verhoutumista. H\u00e4nen palvontansa ei ole kultillisesti j\u00e4rjest\u00e4ytynytt\u00e4, vaan kansanomaista ja shamanistista.<\/p>\t\t\t\t\t\t\t\t<\/div>\n\t\t\t\t\t<\/div>\n\t\t\t\t<\/div>\n\t\t<div class=\"elementor-element elementor-element-jm2n74ec iwg-steckbrief-card e-flex e-con-boxed e-con e-child\" data-id=\"jm2n74ec\" data-element_type=\"container\" data-e-type=\"container\">\n\t\t\t\t\t<div class=\"e-con-inner\">\n\t\t\t\t<div class=\"elementor-element elementor-element-8vufse4c elementor-widget elementor-widget-heading\" data-id=\"8vufse4c\" data-element_type=\"widget\" data-e-type=\"widget\" data-widget_type=\"heading.default\">\n\t\t\t\t\t<div class=\"elementor-heading-title elementor-size-default\">Esitt\u00e4minen<\/div>\t\t\t\t<\/div>\n\t\t\t\t<div class=\"elementor-element elementor-element-mwb9u015 elementor-widget elementor-widget-text-editor\" data-id=\"mwb9u015\" data-element_type=\"widget\" data-e-type=\"widget\" data-widget_type=\"text-editor.default\">\n\t\t\t\t\t\t\t\t\t<p>Manannan kuvataan jalona, yliluonnollisena miehen\u00e4, jolla on usein kuninkaallisia arvomerkkej\u00e4 ja hienointa vaatetusta. H\u00e4n pukeutuu toisinaan vihre\u00e4\u00e4n tai hohtavaan haarniskaan. H\u00e4nen hevosensa Enbarr kuvataan valkoisena ja yliluonnollisen nopeana. H\u00e4nen laivansa kulkee itsest\u00e4\u00e4n ja on n\u00e4kym\u00e4t\u00f6n. Joissakin teksteiss\u00e4 h\u00e4nell\u00e4 on yliluonnolliset silm\u00e4t tai l\u00e4vist\u00e4v\u00e4 katse, joka paljastaa totuuden.<\/p>\t\t\t\t\t\t\t\t<\/div>\n\t\t\t\t\t<\/div>\n\t\t\t\t<\/div>\n\t\t\t\t<\/div>\n\t\t<div class=\"elementor-element elementor-element-pemmx7c2 e-con-full e-flex e-con e-child\" data-id=\"pemmx7c2\" data-element_type=\"container\" data-e-type=\"container\">\n\t\t<div class=\"elementor-element elementor-element-37ss2yr6 iwg-steckbrief-card e-flex e-con-boxed e-con e-child\" data-id=\"37ss2yr6\" data-element_type=\"container\" data-e-type=\"container\">\n\t\t\t\t\t<div class=\"e-con-inner\">\n\t\t\t\t<div class=\"elementor-element elementor-element-3v0wp3wx elementor-widget elementor-widget-heading\" data-id=\"3v0wp3wx\" data-element_type=\"widget\" data-e-type=\"widget\" data-widget_type=\"heading.default\">\n\t\t\t\t\t<div class=\"elementor-heading-title elementor-size-default\">Toiminta<\/div>\t\t\t\t<\/div>\n\t\t\t\t<div class=\"elementor-element elementor-element-w3247g2m elementor-widget elementor-widget-text-editor\" data-id=\"w3247g2m\" data-element_type=\"widget\" data-e-type=\"widget\" data-widget_type=\"text-editor.default\">\n\t\t\t\t\t\t\t\t\t<strong>Vaikutusalue:<\/strong> Manannan mac Lir on irlantilaisessa perinteess\u00e4 meren, sumun ja maailmojen v\u00e4lisen siirtym\u00e4n jumala. H\u00e4nen valtansa ulottuu kaikkiin vesialueisiin, myrskyis\u00e4st\u00e4 merest\u00e4 piilossa oleviin j\u00e4rviin ja taikasaariin. H\u00e4n ilment\u00e4\u00e4 rajaa t\u00e4m\u00e4n ja tuonpuoleisen maailman (T\u00edr na n\u00d3g) v\u00e4lill\u00e4. H\u00e4nen vaikutuksensa n\u00e4kyy s\u00e4\u00e4n lahjoittamisessa, merenkulun turvallisuudessa ja p\u00e4\u00e4syn avaamisessa yliluonnollisiin valtakuntiin. Sanas Cormaicissa h\u00e4net kuvataan toisen maailman korkeimpana herrana, joka johdattaa matkaavia sieluja ja v\u00e4litt\u00e4\u00e4 mystist\u00e4 tietoa.\n\t\t\t\t\t\t\t\t<\/div>\n\t\t\t\t\t<\/div>\n\t\t\t\t<\/div>\n\t\t<div class=\"elementor-element elementor-element-0qpjal9w iwg-steckbrief-card e-flex e-con-boxed e-con e-child\" data-id=\"0qpjal9w\" data-element_type=\"container\" data-e-type=\"container\">\n\t\t\t\t\t<div class=\"e-con-inner\">\n\t\t\t\t<div class=\"elementor-element elementor-element-6ndoih0o elementor-widget elementor-widget-heading\" data-id=\"6ndoih0o\" data-element_type=\"widget\" data-e-type=\"widget\" data-widget_type=\"heading.default\">\n\t\t\t\t\t<div class=\"elementor-heading-title elementor-size-default\">Suoja<\/div>\t\t\t\t<\/div>\n\t\t\t\t<div class=\"elementor-element elementor-element-6684tyh9 elementor-widget elementor-widget-text-editor\" data-id=\"6684tyh9\" data-element_type=\"widget\" data-e-type=\"widget\" data-widget_type=\"text-editor.default\">\n\t\t\t\t\t\t\t\t\t<p>Manannan ei ole vaarallinen pahassa mieless\u00e4, mutta h\u00e4n on mahtava ja jonkin verran arvaamaton. H\u00e4n suojaa demonisilta olennoilta, mutta h\u00e4nen tiet\u00e4myksens\u00e4 toisesta maailmasta tekee h\u00e4nest\u00e4 hallitsemattoman.<\/p><p>Kutsuttaessa h\u00e4nt\u00e4 avuksi tarvitaan kunnioitusta ja varovaisuutta. Nykyaikainen hengellinen k\u00e4yt\u00e4nt\u00f6 n\u00e4kee h\u00e4net auttajana rajanylityksiss\u00e4 ja sis\u00e4isiss\u00e4 matkoissa. Joissakin perinteiss\u00e4 opetetaan suojaavia mantroja tai rauhoittelurituaaleja, joilla h\u00e4nen tukensa voidaan varmistaa turvallisesti.<\/p>\t\t\t\t\t\t\t\t<\/div>\n\t\t\t\t\t<\/div>\n\t\t\t\t<\/div>\n\t\t<div class=\"elementor-element elementor-element-3lfi7x32 iwg-steckbrief-card e-flex e-con-boxed e-con e-child\" data-id=\"3lfi7x32\" data-element_type=\"container\" data-e-type=\"container\">\n\t\t\t\t\t<div class=\"e-con-inner\">\n\t\t\t\t<div class=\"elementor-element elementor-element-0kg99ga1 elementor-widget elementor-widget-heading\" data-id=\"0kg99ga1\" data-element_type=\"widget\" data-e-type=\"widget\" data-widget_type=\"heading.default\">\n\t\t\t\t\t<div class=\"elementor-heading-title elementor-size-default\">Vastineet<\/div>\t\t\t\t<\/div>\n\t\t\t\t<div class=\"elementor-element elementor-element-n0fum6kp elementor-widget elementor-widget-text-editor\" data-id=\"n0fum6kp\" data-element_type=\"widget\" data-e-type=\"widget\" data-widget_type=\"text-editor.default\">\n\t\t\t\t\t\t\t\t\t<p>Vertailukelpoisia hahmoja ovat Charon (kreikkalainen) kuolleiden lauttamiehen\u00e4, Poseidon merenjumalana ja siirtymien herrana, germaaninen Forseti rajan- ja sovittelujumalana sek\u00e4 roomalainen Neptunus merenjumalana. Aasialaisissa perinteiss\u00e4: Yama kuoleman jumalana ja tienohjaajana, Buddha Amitabha pelastajana ja tuonpuoleisen oppaana.<\/p>\t\t\t\t\t\t\t\t<\/div>\n\t\t\t\t\t<\/div>\n\t\t\t\t<\/div>\n\t\t\t\t<\/div>\n\t\t\t\t<\/div>\n\t\t\t\t\t<\/div>\n\t\t\t\t<\/div>\n\t\t<div class=\"elementor-element elementor-element-5a584676 e-flex e-con-boxed e-con e-parent\" data-id=\"5a584676\" data-element_type=\"container\" data-e-type=\"container\">\n\t\t\t\t\t<div class=\"e-con-inner\">\n\t\t\t\t<div class=\"elementor-element elementor-element-6d0757bf elementor-widget elementor-widget-heading\" data-id=\"6d0757bf\" data-element_type=\"widget\" data-e-type=\"widget\" data-widget_type=\"heading.default\">\n\t\t\t\t\t<h2 class=\"elementor-heading-title elementor-size-default\">Manannan Mac Lir, vastineet muissa kulttuureissa<\/h2>\t\t\t\t<\/div>\n\t\t<div class=\"elementor-element elementor-element-60563f68 e-con-full e-flex e-con e-child\" data-id=\"60563f68\" data-element_type=\"container\" data-e-type=\"container\">\n\t\t\t\t<div class=\"elementor-element elementor-element-5a93fdd6 elementor-widget elementor-widget-text-editor\" data-id=\"5a93fdd6\" data-element_type=\"widget\" data-e-type=\"widget\" data-widget_type=\"text-editor.default\">\n\t\t\t\t\t\t\t\t\t<h3>Rituaalit ja palvonta<\/h3><p>Irlannin rannikkoyhteis\u00f6iss\u00e4 Manannan mac Lirille kannettiin uhrilahjoja veden \u00e4\u00e4rell\u00e4, koruja, juoma- tai ruokauhreja ennen pitki\u00e4 merimatkoja. Druidit loitsivat h\u00e4nt\u00e4 merenk\u00e4ynnin laululla (geis) tiettyin\u00e4 kuunvaiheina. Tuatha D\u00e9 Danannin <span class=\"iwg-fachbegriff\" data-tooltip=\"Kaikkien uskonnollisten palvontatoimien kokonaisuus jumaluutta tai pyh\u00e4\u00e4 hahmoa kohtaan.\" tabindex=\"0\">kultissa<\/span> h\u00e4nen <span class=\"iwg-fachbegriff\" data-tooltip=\"Jumaluuden tai voiman pyyt\u00e4v\u00e4 tai loitsiva puhutteleminen.\" tabindex=\"0\">avuksihuutonsa<\/span> oli <span class=\"iwg-fachbegriff\" data-tooltip=\"M\u00e4\u00e4r\u00e4ttyyn uskonnolliseen toimitukseen kuuluva.\" tabindex=\"0\">rituaalisesti<\/span> varattu vihityille maagisen tiedon vartijoille.<\/p><h3>Loitsut ja avuksihuudot<\/h3><p>Historialliset tekstil\u00e4hteet (\u00d3sraighe-perinne) v\u00e4litt\u00e4v\u00e4t kaavoja Manannanin <span class=\"iwg-fachbegriff\" data-tooltip=\"Jumaluuden tai voiman pyyt\u00e4v\u00e4 tai loitsiva puhutteleminen.\" tabindex=\"0\">avuksihuutamiseksi<\/span> sumussa: \u201dManannan, vaahdon herra, avaa n\u00e4kym\u00e4tt\u00f6m\u00e4t polut.\u201d Kirjallisuudessa h\u00e4n ilmestyy neuvonantajana ja saattajahenken\u00e4, jonka rohkeat sankarit kutsuvat avukseen. Tunnettu <span class=\"iwg-fachbegriff\" data-tooltip=\"Jumaluuden tai voiman pyyt\u00e4v\u00e4 tai loitsiva puhutteleminen.\" tabindex=\"0\">avuksihuuto<\/span> merimatkoilla kuului: \u201dManannan mac Lir, opeta minulle turvalliset tiet.\u201d<\/p><h3>Amuletit ja suojasymbolit<\/h3><p>Aallon, puolikuun ja spiraalin symboleja kaiverrettiin suoja-amuletteihin. Merenkulkijat kantoivat \u201dManannanin rengasta\u201d, kuparista solmu<span class=\"iwg-fachbegriff\" data-tooltip=\"Merkki, joka edustaa jotakin k\u00e4sityst\u00e4 tai merkityst\u00e4.\" tabindex=\"0\">symbolia<\/span>, merenkulun turvallisuuden takaamiseksi. Nykyisess\u00e4 esoteerisessa k\u00e4yt\u00e4nn\u00f6ss\u00e4 thalasso-kristallien (akvamariini, siniset topaasit) katsotaan liittyv\u00e4n Manannaniin.<\/p>\n<p><p><strong>Juutalainen perinne:<\/strong> Ei suoraa vastinetta. Kaukaisesti sukua voisi olla Elia, joka liikkuu taivaan ja maan v\u00e4lill\u00e4 ja tekee yliluonnollisia matkoja.<\/p><p><strong>Kreikkalais-roomalainen maailma:<\/strong> Kharon lautturina el\u00e4m\u00e4n ja kuoleman v\u00e4lill\u00e4. Hermes\/Merkurius sielujen saattajana ja rajajumalana. Poseidon merenjumalana ja siirtymien herrana, Haades tuonpuoleisen kuninkaana. Toiminnot ovat merkitt\u00e4v\u00e4sti p\u00e4\u00e4llekk\u00e4isi\u00e4.<\/p><p><strong>Mesopotamia:<\/strong> Anu taivaanjumalana ja rajan vartijana, Ereshkigal manalan kuningattarena, Nergal ktonisten alueiden hallitsijana. My\u00f6s Enki, jolla on yhteys k\u00e4tkettyihin vesiin ja viisauteen.<\/p><p><strong>Intia\/Aasia:<\/strong> Yama kuoleman ja siirtymien jumalana, Kharonin kaltainen. Buddhalaisuudessa Mahakala suojelujumalana ja manalan hallitsijana. My\u00f6s tiibetil\u00e4iset yidamit meditaatioapuina rajakokemuksissa vastaavat Manannania toiminnallisesti.<\/p>\t\t\t\t\t\t\t\t<\/div>\n\t\t\t\t<\/div>\n\t\t\t\t\t<\/div>\n\t\t\t\t<\/div>\n\t\t<div class=\"elementor-element elementor-element-cp3033f03 e-flex e-con-boxed e-con e-parent\" data-id=\"cp3033f03\" data-element_type=\"container\" data-e-type=\"container\">\n\t\t\t\t\t<div class=\"e-con-inner\">\n\t\t\t\t<div class=\"elementor-element elementor-element-cpd855ff9 elementor-widget elementor-widget-heading\" data-id=\"cpd855ff9\" data-element_type=\"widget\" data-e-type=\"widget\" data-widget_type=\"heading.default\">\n\t\t\t\t\t<h2 class=\"elementor-heading-title elementor-size-default\">Irlantilaiset ja walesilaiset l\u00e4hteet ja niiden kerrostuminen<\/h2>\t\t\t\t<\/div>\n\t\t<div class=\"elementor-element elementor-element-cpb3465a7 e-con-full e-flex e-con e-child\" data-id=\"cpb3465a7\" data-element_type=\"container\" data-e-type=\"container\">\n\t\t\t\t<div class=\"elementor-element elementor-element-cp34f70bc elementor-widget elementor-widget-text-editor\" data-id=\"cp34f70bc\" data-element_type=\"widget\" data-e-type=\"widget\" data-widget_type=\"text-editor.default\">\n\t\t\t\t\t\t\t\t\t<p>Manannan mac Lir, jonka nimi tarkoittaa meren poikaa tai mereen liittyv\u00e4\u00e4, on laajasti todistettu Irlannin keskiaikaisissa k\u00e4sikirjoituksissa, mutta l\u00e4hteet ovat ep\u00e4tasaisia ja monet niist\u00e4 on kirjoitettu vasta vuosisatoja kristillistymisen j\u00e4lkeen.<\/p><p>Munkit, jotka kirjoittivat n\u00e4m\u00e4 tekstit, sijoittivat vanhat jumalat uuteen, kristillisesti kehystettyyn historiankuvaan, esimerkiksi Irlannin aiempina asukkaina tai muinaisina kuolevaisina kuninkaina.<\/p><p>Manannan esiintyy useissa kertomuspiireiss\u00e4. Niin sanotussa mytologisessa sykliss\u00e4 h\u00e4n kuuluu <em>Tuatha De Danannin<\/em> jumalkansaan, joka asui Irlannissa ennen ihmisi\u00e4, goideeleja.<\/p><p>Teoksessa <em>Lebor Gabala Erenn<\/em>, maanvaltausten kirjassa, h\u00e4net sijoitetaan t\u00e4m\u00e4n kansan sukuluetteloihin. Kertomuksissa kuten <em>Immram Brain<\/em>, Branin merimatka, ja Cu Chulainn -sankarin ymp\u00e4rille rakentuvissa teksteiss\u00e4 h\u00e4n esiintyy tuonpuoleisen saariston herrana.<\/p><p>Walesilainen <span class=\"iwg-fachbegriff\" data-tooltip=\"Tiedon ja kertomusten v\u00e4littyminen sukupolvelta toiselle.\" tabindex=\"0\">perinne<\/span> tuntee sukua olevan hahmon nimelt\u00e4 Manawydan, Llyrin poika, joka esiintyy <em>Mabinogin<\/em> toisessa ja kolmannessa haarassa. Manawydan on siell\u00e4 kuitenkin v\u00e4hemm\u00e4n merenjumala kuin viisas, k\u00e4rsiv\u00e4llinen mies, joka torjuu onnettomuutta k\u00e4dentaidoillaan ja viekkaudellaan.<\/p><p>N\u00e4iden kahden hahmon suhde on tutkimuksessa kiistanalainen: he jakavat is\u00e4ns\u00e4 nimen ja joitakin piirteit\u00e4, mutta eroavat luonteeltaan ja teht\u00e4v\u00e4lt\u00e4\u00e4n huomattavasti.<\/p><p>T\u00e4m\u00e4 l\u00e4hdetilanne vaatii varovaisuutta. Yhten\u00e4ist\u00e4, alkuper\u00e4ist\u00e4 kuvaa jumalasta ei voida rekonstruoida. Se, mit\u00e4 k\u00e4sikirjoitukset v\u00e4litt\u00e4v\u00e4t, on jo kirjallisesti muotoiltuja, kristillisesti suodatettuja ja alueellisesti vaihtelevia versioita hahmosta, jonka esikirjallinen muoto j\u00e4\u00e4 suurelta osin pimentoon.<\/p>\t\t\t\t\t\t\t\t<\/div>\n\t\t\t\t<\/div>\n\t\t\t\t\t<\/div>\n\t\t\t\t<\/div>\n\t\t<div class=\"elementor-element elementor-element-cp79ddb12 e-flex e-con-boxed e-con e-parent\" data-id=\"cp79ddb12\" data-element_type=\"container\" data-e-type=\"container\">\n\t\t\t\t\t<div class=\"e-con-inner\">\n\t\t\t\t<div class=\"elementor-element elementor-element-cpf5e0c2f elementor-widget elementor-widget-heading\" data-id=\"cpf5e0c2f\" data-element_type=\"widget\" data-e-type=\"widget\" data-widget_type=\"heading.default\">\n\t\t\t\t\t<h2 class=\"elementor-heading-title elementor-size-default\">Tuonpuoleisten saarten herra ja h\u00e4nen omaisuutensa<\/h2>\t\t\t\t<\/div>\n\t\t<div class=\"elementor-element elementor-element-cp6d9e349 e-con-full e-flex e-con e-child\" data-id=\"cp6d9e349\" data-element_type=\"container\" data-e-type=\"container\">\n\t\t\t\t<div class=\"elementor-element elementor-element-cp41bd734 elementor-widget elementor-widget-text-editor\" data-id=\"cp41bd734\" data-element_type=\"widget\" data-e-type=\"widget\" data-widget_type=\"text-editor.default\">\n\t\t\t\t\t\t\t\t\t<p>Manannan on irlantilaisessa <span class=\"iwg-fachbegriff\" data-tooltip=\"Tiedon ja kertomusten v\u00e4littyminen sukupolvelta toiselle.\" tabindex=\"0\">perinteess\u00e4<\/span> tuonpuoleisen valtakunnan herra, jonka kuvitellaan olevan saarivaltakunta meren takana tai aaltojen alla. H\u00e4nen tunnetuin asuinpaikkansa kantaa nime\u00e4 <em>Emain Ablach<\/em>, omenoiden saari, paikka kaukana vanhuudesta, sairaudesta ja puutteesta.<\/p><p>Branin merimatkassa Manannan ilmestyy h\u00e4nelle veden p\u00e4\u00e4ll\u00e4 ja kuvailee t\u00e4lle meren todellista olemusta, joka jumalalle on kukoistava tasanko, jonka yli h\u00e4n ajaa vaunuillaan, kun taas Bran n\u00e4kee vain aaltoja.<\/p><p>Manannaniin liittyy joukko nimelt\u00e4 mainittua omaisuutta, jotka toistuvat teksteiss\u00e4 kerta toisensa j\u00e4lkeen. H\u00e4nen veneens\u00e4 kulkee ilman purjetta ja airoa yksinomaan ohjaajansa tahdon mukaan.<\/p><p>H\u00e4nen hevosensa, jota joissakin l\u00e4hteiss\u00e4 kutsutaan Aonbharriksi, voi kulkea yht\u00e4 lailla maalla ja vedell\u00e4. H\u00e4nen viittansa, kun h\u00e4n ravistelee sit\u00e4 kahden ihmisen v\u00e4liss\u00e4, saa heid\u00e4t unohtamaan toisensa. H\u00e4nen miekallaan on oma nimens\u00e4, ja jotkin tekstit puhuvat haarniskasta, joka tekee haavoittumattomaksi.<\/p><p>Toistuva <span class=\"iwg-fachbegriff\" data-tooltip=\"Taiteessa tai kerronnassa toistuva sis\u00e4ll\u00f6llinen elementti.\" tabindex=\"0\">motiivi<\/span> ovat Manannanin siat, jotka voidaan teurastaa ja sy\u00f6d\u00e4, ja jotka ovat seuraavana p\u00e4iv\u00e4n\u00e4 j\u00e4lleen elossa, niin ettei h\u00e4nen seurueensa koskaan k\u00e4rsi puutetta. T\u00e4m\u00e4 kuolemattomuuden ruoka yhdist\u00e4\u00e4 jumalan k\u00e4sitykseen tuonpuoleisesta juhlasta, joka ei koskaan p\u00e4\u00e4ty.<\/p><p>N\u00e4m\u00e4 omaisuudet ovat enemm\u00e4n kuin kerronnallista rekvisiittaa. Ne hahmottavat jumalan valtaa maailmojen rajojen yli, meren ja maan, muistamisen ja unohtamisen, kuoleman ja paluun v\u00e4lill\u00e4. Manannan on rajank\u00e4vij\u00e4 par excellence, ja h\u00e4nen esineens\u00e4 ovat v\u00e4lineit\u00e4, joilla n\u00e4m\u00e4 rajat voidaan ylitt\u00e4\u00e4.<\/p>\t\t\t\t\t\t\t\t<\/div>\n\t\t\t\t<\/div>\n\t\t\t\t\t<\/div>\n\t\t\t\t<\/div>\n\t\t<div class=\"elementor-element elementor-element-cpb04ffd2 e-flex e-con-boxed e-con e-parent\" data-id=\"cpb04ffd2\" data-element_type=\"container\" data-e-type=\"container\">\n\t\t\t\t\t<div class=\"e-con-inner\">\n\t\t\t\t<div class=\"elementor-element elementor-element-cpd9ce4c0 elementor-widget elementor-widget-heading\" data-id=\"cpd9ce4c0\" data-element_type=\"widget\" data-e-type=\"widget\" data-widget_type=\"heading.default\">\n\t\t\t\t\t<h2 class=\"elementor-heading-title elementor-size-default\">Manannan, Lugh ja kasvatusisyys jumalkansassa<\/h2>\t\t\t\t<\/div>\n\t\t<div class=\"elementor-element elementor-element-cpc5279ee e-con-full e-flex e-con e-child\" data-id=\"cpc5279ee\" data-element_type=\"container\" data-e-type=\"container\">\n\t\t\t\t<div class=\"elementor-element elementor-element-cpecea760 elementor-widget elementor-widget-text-editor\" data-id=\"cpecea760\" data-element_type=\"widget\" data-e-type=\"widget\" data-widget_type=\"text-editor.default\">\n\t\t\t\t\t\t\t\t\t<p>Irlantilaisessa <span class=\"iwg-fachbegriff\" data-tooltip=\"Tiedon ja kertomusten v\u00e4litt\u00e4mist\u00e4 sukupolvien ketjussa.\" tabindex=\"0\">perim\u00e4tiedossa<\/span> Manannan on tiiviisti kytk\u00f6ksiss\u00e4 <em>Tuatha De Danannin<\/em> suhdeverkostoon, erityisesti kasvatusisyyden instituution kautta. Keskiaikaisessa Irlannissa lapsen antaminen kasvatusis\u00e4n hoiviin oli merkitt\u00e4v\u00e4 yhteiskunnallinen k\u00e4yt\u00e4nt\u00f6, joka luotiin liittoja. Kertomukset siirt\u00e4v\u00e4t t\u00e4m\u00e4n mallin jumaliin.<\/p><p>Tunnetuin on Manannanin rooli valojumala Lughin kasvatusis\u00e4n\u00e4. <span class=\"iwg-fachbegriff\" data-tooltip=\"Tiedon ja kertomusten v\u00e4litt\u00e4mist\u00e4 sukupolvien ketjussa.\" tabindex=\"0\">Perim\u00e4tiedon<\/span> mukaan Lugh varttui Manannanin luona t\u00e4m\u00e4n tuonpuoleisessa valtakunnassa, ja merenjumala varusti h\u00e4net joillakin lahjoillaan, ennen kuin Lugh liittyi <em>Tuatha De Danannin<\/em> joukkoon. N\u00e4in Manannan on l\u00e4sn\u00e4 yhden irlantilaisen pantheonin keskeisimm\u00e4n hahmon sankariuran alkuvaiheissa.<\/p><p>My\u00f6s <em>Tuatha De Danannin<\/em> tappion j\u00e4lkeen inhimillisi\u00e4 valloittajia vastaan Manannan s\u00e4ilytt\u00e4\u00e4 j\u00e4rjestyst\u00e4 yll\u00e4pit\u00e4v\u00e4n teht\u00e4v\u00e4ns\u00e4.<\/p><p><span class=\"iwg-fachbegriff\" data-tooltip=\"Tiedon ja kertomusten v\u00e4litt\u00e4mist\u00e4 sukupolvien ketjussa.\" tabindex=\"0\">Perim\u00e4tieto<\/span>, joka tunnetaan nimell\u00e4 <em>Altram Tige Da Medar<\/em>, eli kasvatus kahden maitoastian talossa, kertoo h\u00e4nen jakaneen jumalkansan vet\u00e4ydytty\u00e4 <em>sid<\/em>-kukkuloille, tuonpuoleisiin asuinsijoihin, n\u00e4it\u00e4 paikkoja yksitt\u00e4isten jumalten kesken ja j\u00e4rjest\u00e4neen n\u00e4in tuonpuoleisen maailman.<\/p><p>T\u00e4ss\u00e4 roolissa Manannan toimii l\u00e4hes jumalten aikakaudesta ihmisten aikakauteen siirtymisen j\u00e4rjest\u00e4j\u00e4n\u00e4.<\/p><p>H\u00e4nen sukulaisuusverkostonsa on l\u00e4hteiss\u00e4 ep\u00e4yhten\u00e4inen. H\u00e4neen yhdistet\u00e4\u00e4n useita naisia, joista Fand esiintyy kertomuksessa Cu Chulainnin sairasvuoteesta. H\u00e4nelle luetaan my\u00f6s useita lapsia.<\/p><p>T\u00e4m\u00e4 ep\u00e4tarkkuus on tyypillist\u00e4 irlantilaiselle jumalperim\u00e4tiedolle, jossa sukuluettelot vaihtelevat tekstin ja alueen mukaan. Selv\u00e4\u00e4 on, ett\u00e4 Manannan ei ole eristetty merenjumala, vaan hahmo, joka pit\u00e4\u00e4 jumalkansan koossa kasvatussiteiden ja tuonpuoleisen maailman j\u00e4rjest\u00e4misen kautta.<\/p>\t\t\t\t\t\t\t\t<\/div>\n\t\t\t\t<\/div>\n\t\t\t\t\t<\/div>\n\t\t\t\t<\/div>\n\t\t<div class=\"elementor-element elementor-element-cpa5d3d19 e-flex e-con-boxed e-con e-parent\" data-id=\"cpa5d3d19\" data-element_type=\"container\" data-e-type=\"container\">\n\t\t\t\t\t<div class=\"e-con-inner\">\n\t\t\t\t<div class=\"elementor-element elementor-element-cpcf56e79 elementor-widget elementor-widget-heading\" data-id=\"cpcf56e79\" data-element_type=\"widget\" data-e-type=\"widget\" data-widget_type=\"heading.default\">\n\t\t\t\t\t<h2 class=\"elementor-heading-title elementor-size-default\">Mansaari ja jatkuminen kansanuskossa<\/h2>\t\t\t\t<\/div>\n\t\t<div class=\"elementor-element elementor-element-cp2ced30c e-con-full e-flex e-con e-child\" data-id=\"cp2ced30c\" data-element_type=\"container\" data-e-type=\"container\">\n\t\t\t\t<div class=\"elementor-element elementor-element-cp06133ed elementor-widget elementor-widget-text-editor\" data-id=\"cp06133ed\" data-element_type=\"widget\" data-e-type=\"widget\" data-widget_type=\"text-editor.default\">\n\t\t\t\t\t\t\t\t\t<p>Mansaari Irlanninmeress\u00e4 kantaa yleisen ja jo keskiajalla todistetun k\u00e4sityksen mukaan nimens\u00e4 yhteydess\u00e4 Manannaniin. Keskiaikaiset irlantilaiset tekstit mainitsevat h\u00e4net saaren ensimm\u00e4iseksi hallitsijaksi tai suojelushengeksi ja kertovat h\u00e4nen verhonneen saaren sumuun suojatakseen sen vihollisilta.<\/p><p>Onko saaren nimi todella johdettu jumalan nimest\u00e4, vai on yhteys luotu j\u00e4lkik\u00e4teen toisin p\u00e4in, ei ole kielitieteellisesti t\u00e4ysin ratkaistu, mutta l\u00e4heinen yhteys on vanha ja kulttuurisesti vaikutusvaltainen.<\/p><p>Mansaarella muisto Manannanista s\u00e4ilyi uuden ajan alkuun asti.<\/p><p>Kahdeksannentoista ja yhdeks\u00e4nnentoista vuosisadan kansantieteelliset kirjaukset todistavat <span class=\"iwg-fachbegriff\" data-tooltip=\"Yhteis\u00f6ss\u00e4 s\u00e4\u00e4nn\u00f6llisesti toistuva, perinteinen toimintatapa.\" tabindex=\"0\">tavan<\/span>, jossa nimell\u00e4 <em>Manannan beg mac y Leirr<\/em> muistetulle olennolle tuotiin lahjaksi kaislaa tai vihre\u00e4\u00e4 ruokoa kes\u00e4p\u00e4iv\u00e4nseisauksena tai er\u00e4iden juhlien aattona, usein kummulla. T\u00e4m\u00e4 <span class=\"iwg-fachbegriff\" data-tooltip=\"Yhteis\u00f6ss\u00e4 s\u00e4\u00e4nn\u00f6llisesti toistuva, perinteinen toimintatapa.\" tabindex=\"0\">tapa<\/span> yhdisti vanhan hahmon maanviljelys- ja kalastusel\u00e4m\u00e4n rytmiin.<\/p><p>Irlannissa itsess\u00e4\u00e4n nimi eli edelleen paikannimiss\u00e4, sananlaskuissa ja kertomuksissa, usein voimakkaasti muuttuneena ja erill\u00e4\u00e4n oppineesta <span class=\"iwg-fachbegriff\" data-tooltip=\"Tiedon ja kertomusten v\u00e4litt\u00e4minen sukupolvelta toiselle.\" tabindex=\"0\">perim\u00e4tiedosta<\/span>. Keskiaikaisten k\u00e4sikirjoitusten uudelleenl\u00f6yt\u00e4minen kelttil\u00e4isen filologian yhdeks\u00e4nnentoista ja kahdennenkymmenennen vuosisadan tutkimuksen my\u00f6t\u00e4 palautti jumalan my\u00f6s kirjalliseen tietoisuuteen.<\/p><p>Nykyisess\u00e4 kulttuuriel\u00e4m\u00e4ss\u00e4 Manannan on l\u00e4sn\u00e4 Mansaarella, esimerkiksi julkisessa taiteessa ja paikallisen identiteetin vaalimisessa.<\/p><p>T\u00e4m\u00e4 pysyvyys osoittaa, ett\u00e4 hahmo ei ole vain k\u00e4sikirjoitustutkimuksen kohde, vaan sill\u00e4 on saarikulttuurin kautta katkeamaton, vaikkakin muuttunut jatkumo nykyp\u00e4iv\u00e4\u00e4n asti. Manannan kuuluu siten niihin harvoihin kelttil\u00e4isiin jumalhahmoihin, joiden nimi ei ole koskaan t\u00e4ysin kadonnut.<\/p>\t\t\t\t\t\t\t\t<\/div>\n\t\t\t\t<\/div>\n\t\t\t\t\t<\/div>\n\t\t\t\t<\/div>\n\t\t<div class=\"elementor-element elementor-element-36dd7469 e-flex e-con-boxed e-con e-parent\" data-id=\"36dd7469\" data-element_type=\"container\" data-e-type=\"container\">\n\t\t\t\t\t<div class=\"e-con-inner\">\n\t\t\t\t<div class=\"elementor-element elementor-element-13760ab4 elementor-widget elementor-widget-heading\" data-id=\"13760ab4\" data-element_type=\"widget\" data-e-type=\"widget\" data-widget_type=\"heading.default\">\n\t\t\t\t\t<h2 class=\"elementor-heading-title elementor-size-default\">Aiheeseen liittyv\u00e4t linkit<\/h2>\t\t\t\t<\/div>\n\t\t<div class=\"elementor-element elementor-element-28c87796 e-con-full e-flex e-con e-child\" data-id=\"28c87796\" data-element_type=\"container\" data-e-type=\"container\">\n\t\t\t\t<div class=\"elementor-element elementor-element-5d6538df elementor-widget elementor-widget-text-editor\" data-id=\"5d6538df\" data-element_type=\"widget\" data-e-type=\"widget\" data-widget_type=\"text-editor.default\">\n\t\t\t\t\t\t\t\t\t<ul><li><a href=\"https:\/\/iwell-guard.com\/fi\/?page_id=144067\">Lugh, valojumala ja soturi<\/a><\/li><li><a href=\"https:\/\/iwell-guard.com\/fi\/?page_id=143995\">Dagda, is\u00e4jumala ja kaikkitiet\u00e4j\u00e4<\/a><\/li><\/ul>\n\t\t\t\t\t\t\t\t<\/div>\n\t\t\t\t<\/div>\n\t\t\t\t\t<\/div>\n\t\t\t\t<\/div>\n\t\t<div class=\"elementor-element elementor-element-grl4kl40 e-flex e-con-boxed e-con e-parent\" data-id=\"grl4kl40\" data-element_type=\"container\" data-e-type=\"container\">\n\t\t\t\t\t<div class=\"e-con-inner\">\n\t\t\t\t<div class=\"elementor-element elementor-element-bzsbfrmh elementor-widget elementor-widget-heading\" data-id=\"bzsbfrmh\" data-element_type=\"widget\" data-e-type=\"widget\" data-widget_type=\"heading.default\">\n\t\t\t\t\t<h2 class=\"elementor-heading-title elementor-size-default\">Kirjallisuus (valikoima)<\/h2>\t\t\t\t<\/div>\n\t\t<div class=\"elementor-element elementor-element-2c13224a e-con-full e-flex e-con e-child\" data-id=\"2c13224a\" data-element_type=\"container\" data-e-type=\"container\">\n\t\t\t\t<div class=\"elementor-element elementor-element-0eymh9ub elementor-widget elementor-widget-text-editor\" data-id=\"0eymh9ub\" data-element_type=\"widget\" data-e-type=\"widget\" data-widget_type=\"text-editor.default\">\n\t\t\t\t\t\t\t\t\t<footer class=\"iwg-literatur\" data-nosnippet=\"true\"><ul><li><span data-nosnippet>\u00d3 h\u00d3g\u00e1in, D.: <em>The Sacred Isle: Belief and Religion in Pre-Christian Ireland<\/em>. Cork University Press, 1999.<\/span><\/li><li><span data-nosnippet>MacKillop, J.: <em>Dictionary of Celtic Mythology<\/em>. Oxford University Press, 2004.<\/span><\/li><\/ul>\n<\/footer>\n<p class=\"iwg-bib-more\"><span data-nosnippet>Lis\u00e4\u00e4 perusteoksia <a href=\"https:\/\/iwell-guard.com\/fi\/?page_id=143965\">kirjallisuusluettelossa<\/a>.<\/span><\/p>\t\t\t\t\t\t\t\t<\/div>\n\t\t\t\t<\/div>\n\t\t\t\t\t<\/div>\n\t\t\t\t<\/div>\n\t\t\t\t<\/div>\n\t\t","protected":false},"excerpt":{"rendered":"","protected":false},"author":3,"featured_media":1617,"parent":0,"menu_order":0,"comment_status":"closed","ping_status":"closed","template":"elementor_header_footer","meta":{"_yoast_wpseo_focuskw":"Manannan mac Lir","_yoast_wpseo_title":"Manannan mac Lir \u2013 meren ja toisen maailman herra","_yoast_wpseo_metadesc":"Manann\u00e1n mac Lir, kelttil\u00e4inen merenjumala ja toisen maailman herra: sumuviitta, T\u00edr na n\u00d3g ja Isle of Manin perinne. Myytti ja l\u00e4hdetilanne.","_yoast_wpseo_meta-robots-noindex":"","_yoast_wpseo_canonical":"","_angie_page":false,"gefaehrdungsstufe":"2","wesen_kultur":"keltisch","wesen_klasse":"goetter","footnotes":""},"categories":[],"class_list":["post-144068","page","type-page","status-publish","has-post-thumbnail","hentry"],"yoast_head":"<!-- This site is optimized with the Yoast SEO Premium plugin v27.7 (Yoast SEO v28.3) - https:\/\/yoast.com\/product\/yoast-seo-premium-wordpress\/ -->\n<title>Manannan mac Lir \u2013 meren ja toisen maailman herra<\/title>\n<meta name=\"description\" content=\"Manann\u00e1n mac Lir, kelttil\u00e4inen merenjumala ja toisen maailman herra: sumuviitta, T\u00edr na n\u00d3g ja Isle of Manin perinne. Myytti ja l\u00e4hdetilanne.\" \/>\n<meta name=\"robots\" content=\"index, follow, max-snippet:-1, max-image-preview:large, max-video-preview:-1\" \/>\n<link rel=\"canonical\" href=\"https:\/\/iwell-guard.com\/fi\/manannan-mac-lir\/\" \/>\n<meta property=\"og:locale\" content=\"fi_FI\" \/>\n<meta property=\"og:type\" content=\"article\" \/>\n<meta property=\"og:title\" content=\"Manannan mac Lir\" \/>\n<meta property=\"og:description\" content=\"Manann\u00e1n mac Lir, kelttil\u00e4inen merenjumala ja toisen maailman herra: sumuviitta, T\u00edr na n\u00d3g ja Isle of Manin perinne. Myytti ja l\u00e4hdetilanne.\" \/>\n<meta property=\"og:url\" content=\"https:\/\/iwell-guard.com\/fi\/manannan-mac-lir\/\" \/>\n<meta property=\"og:site_name\" content=\"iWell Guard\" \/>\n<meta property=\"article:modified_time\" content=\"2026-09-03T12:50:09+00:00\" \/>\n<meta property=\"og:image\" content=\"https:\/\/iwell-guard.com\/wp-content\/uploads\/2026\/04\/goetter_keltisch_manannan-mac-lir.webp\" \/>\n\t<meta property=\"og:image:width\" content=\"1024\" \/>\n\t<meta property=\"og:image:height\" content=\"1536\" \/>\n\t<meta property=\"og:image:type\" content=\"image\/webp\" \/>\n<meta name=\"twitter:card\" content=\"summary_large_image\" \/>\n<script type=\"application\/ld+json\" class=\"yoast-schema-graph\">{\"@context\":\"https:\\\/\\\/schema.org\",\"@graph\":[{\"@type\":\"WebPage\",\"@id\":\"https:\\\/\\\/iwell-guard.com\\\/fi\\\/manannan-mac-lir\\\/\",\"url\":\"https:\\\/\\\/iwell-guard.com\\\/fi\\\/manannan-mac-lir\\\/\",\"name\":\"Manannan mac Lir \u2013 meren ja toisen maailman herra\",\"isPartOf\":{\"@id\":\"https:\\\/\\\/iwell-guard.com\\\/fi\\\/#website\"},\"primaryImageOfPage\":{\"@id\":\"https:\\\/\\\/iwell-guard.com\\\/fi\\\/manannan-mac-lir\\\/#primaryimage\"},\"image\":{\"@id\":\"https:\\\/\\\/iwell-guard.com\\\/fi\\\/manannan-mac-lir\\\/#primaryimage\"},\"thumbnailUrl\":\"https:\\\/\\\/iwell-guard.com\\\/wp-content\\\/uploads\\\/2026\\\/04\\\/goetter_keltisch_manannan-mac-lir.webp\",\"datePublished\":\"2026-09-03T12:31:38+00:00\",\"dateModified\":\"2026-09-03T12:50:09+00:00\",\"description\":\"Manann\u00e1n mac Lir, kelttil\u00e4inen merenjumala ja toisen maailman herra: sumuviitta, T\u00edr na n\u00d3g ja Isle of Manin perinne. Myytti ja l\u00e4hdetilanne.\",\"breadcrumb\":{\"@id\":\"https:\\\/\\\/iwell-guard.com\\\/fi\\\/manannan-mac-lir\\\/#breadcrumb\"},\"inLanguage\":\"fi\",\"potentialAction\":[{\"@type\":\"ReadAction\",\"target\":[\"https:\\\/\\\/iwell-guard.com\\\/fi\\\/manannan-mac-lir\\\/\"]}]},{\"@type\":\"ImageObject\",\"inLanguage\":\"fi\",\"@id\":\"https:\\\/\\\/iwell-guard.com\\\/fi\\\/manannan-mac-lir\\\/#primaryimage\",\"url\":\"https:\\\/\\\/iwell-guard.com\\\/wp-content\\\/uploads\\\/2026\\\/04\\\/goetter_keltisch_manannan-mac-lir.webp\",\"contentUrl\":\"https:\\\/\\\/iwell-guard.com\\\/wp-content\\\/uploads\\\/2026\\\/04\\\/goetter_keltisch_manannan-mac-lir.webp\",\"width\":1024,\"height\":1536,\"caption\":\"Kelttil\u00e4isen perinteen jumalia.\"},{\"@type\":\"BreadcrumbList\",\"@id\":\"https:\\\/\\\/iwell-guard.com\\\/fi\\\/manannan-mac-lir\\\/#breadcrumb\",\"itemListElement\":[{\"@type\":\"ListItem\",\"position\":1,\"name\":\"Start\",\"item\":\"https:\\\/\\\/iwell-guard.com\\\/fi\\\/?page_id=143815\"},{\"@type\":\"ListItem\",\"position\":2,\"name\":\"Manannan mac Lir\"}]},{\"@type\":\"WebSite\",\"@id\":\"https:\\\/\\\/iwell-guard.com\\\/fi\\\/#website\",\"url\":\"https:\\\/\\\/iwell-guard.com\\\/fi\\\/\",\"name\":\"iWell Guard\",\"description\":\"Schutz vor dunklen Einfl\u00fcssen\",\"publisher\":{\"@id\":\"https:\\\/\\\/iwell-guard.com\\\/fi\\\/#organization\"},\"potentialAction\":[{\"@type\":\"SearchAction\",\"target\":{\"@type\":\"EntryPoint\",\"urlTemplate\":\"https:\\\/\\\/iwell-guard.com\\\/fi\\\/?s={search_term_string}\"},\"query-input\":{\"@type\":\"PropertyValueSpecification\",\"valueRequired\":true,\"valueName\":\"search_term_string\"}}],\"inLanguage\":\"fi\"},{\"@type\":\"Organization\",\"@id\":\"https:\\\/\\\/iwell-guard.com\\\/fi\\\/#organization\",\"name\":\"Ittermann electronic GmbH\",\"url\":\"https:\\\/\\\/iwell-guard.com\\\/fi\\\/\",\"logo\":{\"@type\":\"ImageObject\",\"inLanguage\":\"fi\",\"@id\":\"https:\\\/\\\/iwell-guard.com\\\/fi\\\/#\\\/schema\\\/logo\\\/image\\\/\",\"url\":\"https:\\\/\\\/iwell-guard.com\\\/wp-content\\\/uploads\\\/2026\\\/05\\\/Ittermann-Logo-1182x237-1.png\",\"contentUrl\":\"https:\\\/\\\/iwell-guard.com\\\/wp-content\\\/uploads\\\/2026\\\/05\\\/Ittermann-Logo-1182x237-1.png\",\"width\":1182,\"height\":237,\"caption\":\"Ittermann electronic GmbH\"},\"image\":{\"@id\":\"https:\\\/\\\/iwell-guard.com\\\/fi\\\/#\\\/schema\\\/logo\\\/image\\\/\"},\"sameAs\":[\"https:\\\/\\\/pantip.com\\\/profile\\\/9367242\",\"https:\\\/\\\/micro.blog\\\/iwellguard\",\"https:\\\/\\\/www.diggerslist.com\\\/iwellguard\\\/about\",\"https:\\\/\\\/skitterphoto.com\\\/photographers\\\/2870314\\\/iwell-guard\",\"https:\\\/\\\/iwellguard.wordpress.com\\\/2026\\\/06\\\/06\\\/iwell-guard\\\/\",\"https:\\\/\\\/hub.docker.com\\\/u\\\/iwellguard\",\"https:\\\/\\\/www.pinterest.com\\\/iwellguard\\\/\",\"https:\\\/\\\/bit.ly\\\/m\\\/iwellguard\",\"https:\\\/\\\/entre-vos-mains.alsace.eu\\\/profiles\\\/iwellguard\\\/activity\",\"https:\\\/\\\/gravatar.com\\\/reallybeded8fd34\",\"https:\\\/\\\/naijamatta.com\\\/iwellguard\",\"https:\\\/\\\/www.goodreads.com\\\/iwellguard\",\"https:\\\/\\\/profile.hatena.ne.jp\\\/iwellguard\\\/\",\"https:\\\/\\\/experiment.com\\\/users\\\/iwellguard\",\"https:\\\/\\\/wakelet.com\\\/@iWellGuard82270\",\"https:\\\/\\\/www.chordie.com\\\/forum\\\/profile.php?id=2555664\",\"https:\\\/\\\/www.instapaper.com\\\/p\\\/17757966\",\"https:\\\/\\\/www.mapleprimes.com\\\/users\\\/iwellguard\",\"https:\\\/\\\/businesslistingplus.com\\\/profile\\\/iwell-guard\\\/\",\"https:\\\/\\\/telegra.ph\\\/iWell-Guard-06-06\",\"https:\\\/\\\/pbase.com\\\/iwellguard\\\/iwellguard\",\"https:\\\/\\\/b.hatena.ne.jp\\\/iwellguard\\\/20260607#bookmark-4788405196491818882\",\"https:\\\/\\\/fliphtml5.com\\\/home\\\/iwellguard\",\"https:\\\/\\\/anyflip.com\\\/homepage\\\/cmiwl#About\",\"https:\\\/\\\/transfur.com\\\/Users\\\/iwellguard\",\"http:\\\/\\\/delphi.larsbo.org\\\/user\\\/iwellguard\",\"https:\\\/\\\/jobs.lajobsportal.org\\\/profiles\\\/8380803-iwell-guard\",\"https:\\\/\\\/md.chaosdorf.de\\\/s\\\/jfbe5SBdJD\",\"https:\\\/\\\/www.lingvolive.com\\\/en-us\\\/profile\\\/9ecaeaca-ce11-4e51-9e71-01d55e2bff36\\\/translations\",\"https:\\\/\\\/www.fitday.com\\\/fitness\\\/forums\\\/members\\\/iwellguard.html\",\"https:\\\/\\\/www.mymeetbook.com\\\/iwellguard\",\"https:\\\/\\\/pxhere.com\\\/en\\\/photographer-me\\\/5040798\",\"https:\\\/\\\/disqus.com\\\/by\\\/iwellguard\\\/about\\\/\",\"https:\\\/\\\/pastelink.net\\\/hjwciqwq\",\"https:\\\/\\\/pubhtml5.com\\\/homepage\\\/scjhn\\\/\",\"https:\\\/\\\/www.bitchute.com\\\/channel\\\/2O2eOKzNqujT\",\"https:\\\/\\\/audiomack.com\\\/iwellguard\"]},{\"@type\":\"Article\",\"@id\":\"https:\\\/\\\/iwell-guard.com\\\/fi\\\/manannan-mac-lir\\\/#article\",\"isPartOf\":{\"@id\":\"https:\\\/\\\/iwell-guard.com\\\/fi\\\/manannan-mac-lir\\\/\"},\"author\":{\"name\":\"Ralf Ittermann\",\"@id\":\"https:\\\/\\\/iwell-guard.com\\\/fi\\\/#\\\/schema\\\/person\\\/ee2a27f1cac3406c7c6fb5820cb7349f\"},\"headline\":\"Manannan mac Lir\",\"datePublished\":\"2026-09-03T12:31:38+00:00\",\"dateModified\":\"2026-09-03T12:50:09+00:00\",\"mainEntityOfPage\":{\"@id\":\"https:\\\/\\\/iwell-guard.com\\\/fi\\\/manannan-mac-lir\\\/\"},\"publisher\":{\"@id\":\"https:\\\/\\\/iwell-guard.com\\\/fi\\\/#organization\"},\"image\":{\"@id\":\"https:\\\/\\\/iwell-guard.com\\\/fi\\\/manannan-mac-lir\\\/#primaryimage\"},\"thumbnailUrl\":\"https:\\\/\\\/iwell-guard.com\\\/wp-content\\\/uploads\\\/2026\\\/04\\\/goetter_keltisch_manannan-mac-lir.webp\",\"inLanguage\":\"fi\",\"description\":\"Manann\u00e1n mac Lir, kelttil\u00e4inen merenjumala ja toisen maailman herra: sumuviitta, T\u00edr na n\u00d3g ja Isle of Manin perinne. Myytti ja l\u00e4hdetilanne.\"}]}<\/script>\n<!-- \/ Yoast SEO Premium plugin. -->","yoast_head_json":{"title":"Manannan mac Lir \u2013 meren ja toisen maailman herra","description":"Manann\u00e1n mac Lir, kelttil\u00e4inen merenjumala ja toisen maailman herra: sumuviitta, T\u00edr na n\u00d3g ja Isle of Manin perinne. Myytti ja l\u00e4hdetilanne.","robots":{"index":"index","follow":"follow","max-snippet":"max-snippet:-1","max-image-preview":"max-image-preview:large","max-video-preview":"max-video-preview:-1"},"canonical":"https:\/\/iwell-guard.com\/fi\/manannan-mac-lir\/","og_locale":"fi_FI","og_type":"article","og_title":"Manannan mac Lir","og_description":"Manann\u00e1n mac Lir, kelttil\u00e4inen merenjumala ja toisen maailman herra: sumuviitta, T\u00edr na n\u00d3g ja Isle of Manin perinne. Myytti ja l\u00e4hdetilanne.","og_url":"https:\/\/iwell-guard.com\/fi\/manannan-mac-lir\/","og_site_name":"iWell Guard","article_modified_time":"2026-09-03T12:50:09+00:00","og_image":[{"width":1024,"height":1536,"url":"https:\/\/iwell-guard.com\/wp-content\/uploads\/2026\/04\/goetter_keltisch_manannan-mac-lir.webp","type":"image\/webp"}],"twitter_card":"summary_large_image","schema":{"@context":"https:\/\/schema.org","@graph":[{"@type":"Article","@id":"https:\/\/iwell-guard.com\/fi\/manannan-mac-lir\/#article","isPartOf":{"@id":"https:\/\/iwell-guard.com\/fi\/manannan-mac-lir\/"},"author":{"name":"Ralf Ittermann","@id":"https:\/\/iwell-guard.com\/fi\/#\/schema\/person\/ee2a27f1cac3406c7c6fb5820cb7349f"},"headline":"Manannan mac Lir","datePublished":"2026-09-03T12:31:38+00:00","dateModified":"2026-09-03T12:50:09+00:00","mainEntityOfPage":{"@id":"https:\/\/iwell-guard.com\/fi\/manannan-mac-lir\/"},"publisher":{"@id":"https:\/\/iwell-guard.com\/fi\/#organization"},"image":{"@id":"https:\/\/iwell-guard.com\/fi\/manannan-mac-lir\/#primaryimage"},"thumbnailUrl":"https:\/\/iwell-guard.com\/wp-content\/uploads\/2026\/04\/goetter_keltisch_manannan-mac-lir.webp","inLanguage":"fi","description":"Manann\u00e1n mac Lir, kelttil\u00e4inen merenjumala ja toisen maailman herra: sumuviitta, T\u00edr na n\u00d3g ja Isle of Manin perinne. Myytti ja l\u00e4hdetilanne."},{"@type":"WebPage","@id":"https:\/\/iwell-guard.com\/fi\/manannan-mac-lir\/","url":"https:\/\/iwell-guard.com\/fi\/manannan-mac-lir\/","name":"Manannan mac Lir \u2013 meren ja toisen maailman herra","isPartOf":{"@id":"https:\/\/iwell-guard.com\/fi\/#website"},"primaryImageOfPage":{"@id":"https:\/\/iwell-guard.com\/fi\/manannan-mac-lir\/#primaryimage"},"image":{"@id":"https:\/\/iwell-guard.com\/fi\/manannan-mac-lir\/#primaryimage"},"thumbnailUrl":"https:\/\/iwell-guard.com\/wp-content\/uploads\/2026\/04\/goetter_keltisch_manannan-mac-lir.webp","datePublished":"2026-09-03T12:31:38+00:00","dateModified":"2026-09-03T12:50:09+00:00","description":"Manann\u00e1n mac Lir, kelttil\u00e4inen merenjumala ja toisen maailman herra: sumuviitta, T\u00edr na n\u00d3g ja Isle of Manin perinne. Myytti ja l\u00e4hdetilanne.","breadcrumb":{"@id":"https:\/\/iwell-guard.com\/fi\/manannan-mac-lir\/#breadcrumb"},"inLanguage":"fi","potentialAction":[{"@type":"ReadAction","target":["https:\/\/iwell-guard.com\/fi\/manannan-mac-lir\/"]}]},{"@type":"ImageObject","inLanguage":"fi","@id":"https:\/\/iwell-guard.com\/fi\/manannan-mac-lir\/#primaryimage","url":"https:\/\/iwell-guard.com\/wp-content\/uploads\/2026\/04\/goetter_keltisch_manannan-mac-lir.webp","contentUrl":"https:\/\/iwell-guard.com\/wp-content\/uploads\/2026\/04\/goetter_keltisch_manannan-mac-lir.webp","width":1024,"height":1536,"caption":"Kelttil\u00e4isen perinteen jumalia."},{"@type":"BreadcrumbList","@id":"https:\/\/iwell-guard.com\/fi\/manannan-mac-lir\/#breadcrumb","itemListElement":[{"@type":"ListItem","position":1,"name":"Start","item":"https:\/\/iwell-guard.com\/fi\/?page_id=143815"},{"@type":"ListItem","position":2,"name":"Manannan mac Lir"}]},{"@type":"WebSite","@id":"https:\/\/iwell-guard.com\/fi\/#website","url":"https:\/\/iwell-guard.com\/fi\/","name":"iWell Guard","description":"Schutz vor dunklen Einfl\u00fcssen","publisher":{"@id":"https:\/\/iwell-guard.com\/fi\/#organization"},"potentialAction":[{"@type":"SearchAction","target":{"@type":"EntryPoint","urlTemplate":"https:\/\/iwell-guard.com\/fi\/?s={search_term_string}"},"query-input":{"@type":"PropertyValueSpecification","valueRequired":true,"valueName":"search_term_string"}}],"inLanguage":"fi"},{"@type":"Organization","@id":"https:\/\/iwell-guard.com\/fi\/#organization","name":"Ittermann electronic GmbH","url":"https:\/\/iwell-guard.com\/fi\/","logo":{"@type":"ImageObject","inLanguage":"fi","@id":"https:\/\/iwell-guard.com\/fi\/#\/schema\/logo\/image\/","url":"https:\/\/iwell-guard.com\/wp-content\/uploads\/2026\/05\/Ittermann-Logo-1182x237-1.png","contentUrl":"https:\/\/iwell-guard.com\/wp-content\/uploads\/2026\/05\/Ittermann-Logo-1182x237-1.png","width":1182,"height":237,"caption":"Ittermann electronic GmbH"},"image":{"@id":"https:\/\/iwell-guard.com\/fi\/#\/schema\/logo\/image\/"},"sameAs":["https:\/\/pantip.com\/profile\/9367242","https:\/\/micro.blog\/iwellguard","https:\/\/www.diggerslist.com\/iwellguard\/about","https:\/\/skitterphoto.com\/photographers\/2870314\/iwell-guard","https:\/\/iwellguard.wordpress.com\/2026\/06\/06\/iwell-guard\/","https:\/\/hub.docker.com\/u\/iwellguard","https:\/\/www.pinterest.com\/iwellguard\/","https:\/\/bit.ly\/m\/iwellguard","https:\/\/entre-vos-mains.alsace.eu\/profiles\/iwellguard\/activity","https:\/\/gravatar.com\/reallybeded8fd34","https:\/\/naijamatta.com\/iwellguard","https:\/\/www.goodreads.com\/iwellguard","https:\/\/profile.hatena.ne.jp\/iwellguard\/","https:\/\/experiment.com\/users\/iwellguard","https:\/\/wakelet.com\/@iWellGuard82270","https:\/\/www.chordie.com\/forum\/profile.php?id=2555664","https:\/\/www.instapaper.com\/p\/17757966","https:\/\/www.mapleprimes.com\/users\/iwellguard","https:\/\/businesslistingplus.com\/profile\/iwell-guard\/","https:\/\/telegra.ph\/iWell-Guard-06-06","https:\/\/pbase.com\/iwellguard\/iwellguard","https:\/\/b.hatena.ne.jp\/iwellguard\/20260607#bookmark-4788405196491818882","https:\/\/fliphtml5.com\/home\/iwellguard","https:\/\/anyflip.com\/homepage\/cmiwl#About","https:\/\/transfur.com\/Users\/iwellguard","http:\/\/delphi.larsbo.org\/user\/iwellguard","https:\/\/jobs.lajobsportal.org\/profiles\/8380803-iwell-guard","https:\/\/md.chaosdorf.de\/s\/jfbe5SBdJD","https:\/\/www.lingvolive.com\/en-us\/profile\/9ecaeaca-ce11-4e51-9e71-01d55e2bff36\/translations","https:\/\/www.fitday.com\/fitness\/forums\/members\/iwellguard.html","https:\/\/www.mymeetbook.com\/iwellguard","https:\/\/pxhere.com\/en\/photographer-me\/5040798","https:\/\/disqus.com\/by\/iwellguard\/about\/","https:\/\/pastelink.net\/hjwciqwq","https:\/\/pubhtml5.com\/homepage\/scjhn\/","https:\/\/www.bitchute.com\/channel\/2O2eOKzNqujT","https:\/\/audiomack.com\/iwellguard"]},{"@type":"Person","@id":"https:\/\/iwell-guard.com\/fi\/#\/schema\/person\/ee2a27f1cac3406c7c6fb5820cb7349f","name":"Ralf Ittermann","image":{"@type":"ImageObject","inLanguage":"fi","@id":"https:\/\/secure.gravatar.com\/avatar\/073c0153e350a5005b68eb752b445fea71f6b24a26da9449ad7e155e6b446c9d?s=96&d=mm&r=g","url":"https:\/\/secure.gravatar.com\/avatar\/073c0153e350a5005b68eb752b445fea71f6b24a26da9449ad7e155e6b446c9d?s=96&d=mm&r=g","contentUrl":"https:\/\/secure.gravatar.com\/avatar\/073c0153e350a5005b68eb752b445fea71f6b24a26da9449ad7e155e6b446c9d?s=96&d=mm&r=g","caption":"Ralf Ittermann"},"givenName":"Ralf","familyName":"Ittermann","jobTitle":"Gesch\u00e4ftsf\u00fchrer und redaktioneller Verantwortlicher","url":"https:\/\/iwell-guard.com\/fi\/author\/claude\/","description":"Ralf Ittermann ist Gesch\u00e4ftsf\u00fchrer der Ittermann electronic GmbH und redaktioneller Verantwortlicher des iWell-Guard-Lexikons. Er verbindet langj\u00e4hrige Erfahrung in der Pr\u00e4zisionsfertigung mit medialer Praxis und religionsgeschichtlicher Quellenarbeit.","worksFor":{"@type":"Organization","name":"Ittermann electronic GmbH","url":"https:\/\/ittermann.de\/","address":{"@type":"PostalAddress","streetAddress":"K\u00f6hlergasse 16-18","postalCode":"99842","addressLocality":"Ruhla","addressCountry":"DE"}},"knowsAbout":["Religionsgeschichte","Mythologie","Mediale Praxis","Energetische Diagnostik","Schutzpraxis","Volksglauben","Westliche Esoterik"]},{"@type":"Article","@id":"https:\/\/iwell-guard.com\/fi\/manannan-mac-lir\/#article","isPartOf":{"@id":"https:\/\/iwell-guard.com\/fi\/manannan-mac-lir\/"},"author":{"name":"Ralf Ittermann","@id":"https:\/\/iwell-guard.com\/fi\/#\/schema\/person\/ee2a27f1cac3406c7c6fb5820cb7349f"},"headline":"Manannan mac Lir","datePublished":"2026-09-03T12:31:38+00:00","dateModified":"2026-09-03T12:50:09+00:00","mainEntityOfPage":{"@id":"https:\/\/iwell-guard.com\/fi\/manannan-mac-lir\/"},"publisher":{"@id":"https:\/\/iwell-guard.com\/fi\/#organization"},"image":{"@id":"https:\/\/iwell-guard.com\/fi\/manannan-mac-lir\/#primaryimage"},"thumbnailUrl":"https:\/\/iwell-guard.com\/wp-content\/uploads\/2026\/04\/goetter_keltisch_manannan-mac-lir.webp","inLanguage":"fi","description":"Manann\u00e1n mac Lir, kelttil\u00e4inen merenjumala ja toisen maailman herra: sumuviitta, T\u00edr na n\u00d3g ja Isle of Manin perinne. Myytti ja l\u00e4hdetilanne."}]}},"_links":{"self":[{"href":"https:\/\/iwell-guard.com\/fi\/wp-json\/wp\/v2\/pages\/144068","targetHints":{"allow":["GET"]}}],"collection":[{"href":"https:\/\/iwell-guard.com\/fi\/wp-json\/wp\/v2\/pages"}],"about":[{"href":"https:\/\/iwell-guard.com\/fi\/wp-json\/wp\/v2\/types\/page"}],"author":[{"embeddable":true,"href":"https:\/\/iwell-guard.com\/fi\/wp-json\/wp\/v2\/users\/3"}],"replies":[{"embeddable":true,"href":"https:\/\/iwell-guard.com\/fi\/wp-json\/wp\/v2\/comments?post=144068"}],"version-history":[{"count":0,"href":"https:\/\/iwell-guard.com\/fi\/wp-json\/wp\/v2\/pages\/144068\/revisions"}],"wp:featuredmedia":[{"embeddable":true,"href":"https:\/\/iwell-guard.com\/fi\/wp-json\/wp\/v2\/media\/1617"}],"wp:attachment":[{"href":"https:\/\/iwell-guard.com\/fi\/wp-json\/wp\/v2\/media?parent=144068"}],"wp:term":[{"taxonomy":"category","embeddable":true,"href":"https:\/\/iwell-guard.com\/fi\/wp-json\/wp\/v2\/categories?post=144068"}],"curies":[{"name":"wp","href":"https:\/\/api.w.org\/{rel}","templated":true}]}}