{"id":144067,"date":"2026-09-03T12:31:38","date_gmt":"2026-09-03T12:31:38","guid":{"rendered":"https:\/\/iwell-guard.com\/?page_id=144067"},"modified":"2026-09-03T12:50:02","modified_gmt":"2026-09-03T12:50:02","slug":"lugh","status":"publish","type":"page","link":"https:\/\/iwell-guard.com\/fi\/lugh\/","title":{"rendered":"Lugh"},"content":{"rendered":"\t\t<div data-elementor-type=\"wp-page\" data-elementor-id=\"144067\" class=\"elementor elementor-144067 elementor-2126 elementor-bc-flex-widget\" data-elementor-post-type=\"page\">\n\t\t\t\t<div class=\"elementor-element elementor-element-10fdade e-flex e-con-boxed e-con e-parent\" data-id=\"10fdade\" data-element_type=\"container\" data-e-type=\"container\" data-settings=\"{&quot;background_background&quot;:&quot;classic&quot;}\">\n\t\t\t\t\t<div class=\"e-con-inner\">\n\t\t<div class=\"elementor-element elementor-element-herohlft0 e-flex e-con-boxed e-con e-child\" data-id=\"herohlft0\" data-element_type=\"container\" data-e-type=\"container\">\n\t\t\t\t\t<div class=\"e-con-inner\">\n\t\t<div class=\"elementor-element elementor-element-c3ceb64 e-con-full e-flex e-con e-child\" data-id=\"c3ceb64\" data-element_type=\"container\" data-e-type=\"container\">\n\t\t\t\t<div class=\"elementor-element elementor-element-96ae5e1 elementor-widget elementor-widget-heading\" data-id=\"96ae5e1\" data-element_type=\"widget\" data-e-type=\"widget\" data-widget_type=\"heading.default\">\n\t\t\t\t\t<h1 class=\"elementor-heading-title elementor-size-default\">Lugh, kelttil\u00e4isen perinteen jumala<\/h1>\t\t\t\t<\/div>\n\t\t\t\t<div class=\"elementor-element elementor-element-e45238a elementor-widget elementor-widget-text-editor\" data-id=\"e45238a\" data-element_type=\"widget\" data-e-type=\"widget\" data-widget_type=\"text-editor.default\">\n\t\t\t\t\t\t\t\t\t<p>Lugh on kelttil\u00e4isen perinteen jumala, tunnettu nimell\u00e4 \u00bbPitk\u00e4k\u00e4tinen\u00ab (Lugh L\u00e1mfhada), taiteiden, sotataidon, valon ja k\u00e4sity\u00f6taidon jumala. Uskontohistoriallisesti h\u00e4n edustaa indoeurooppalaista universaalisti lahjakkaan kulttuurijumalan tyyppi\u00e4 ja on kulttuurihistoriallisesti yksi parhaiten todistetuista kelttil\u00e4isist\u00e4 jumaluuksista.<\/p>\t\t\t\t\t\t\t\t<\/div>\n\t\t\t\t<\/div>\n\t\t<div class=\"elementor-element elementor-element-klsbdg01 e-con-full e-flex e-con e-parent\" data-id=\"klsbdg01\" data-element_type=\"container\" data-e-type=\"container\">\n\t\t\t\t<div class=\"elementor-element elementor-element-klshtm01 elementor-widget elementor-widget-html\" data-id=\"klshtm01\" data-element_type=\"widget\" data-e-type=\"widget\" data-widget_type=\"html.default\">\n\t\t\t\t\t<div class=\"iwg-pill-row\"><span class=\"iwg-klasse-badge\" tabindex=\"0\" data-tooltip=\"Jumala \/ jumalatar: kulttuurin pantheonin personifioitu korkein voima, jolla on selke\u00e4t vastuualueet, kuten luonnonvoimat, kohtalo, sota, hedelm\u00e4llisyys. Palvottu kulttien, uhrien ja temppeli-instituutioiden kautta.\">Jumala<\/span><a href=\"https:\/\/iwell-guard.com\/fi\/?page_id=143850\" class=\"iwg-kultur-badge\" tabindex=\"0\" data-tooltip=\"L\u00e4nsi-Euroopan ja Brittein saarten kelttil\u00e4inen uskonto, mytologisesti v\u00e4littynyt irlantilais-walesilaisten tekstien kautta.\">Kelttil\u00e4inen<\/a><a href=\"https:\/\/iwell-guard.com\/fi\/?page_id=143942\" class=\"iwg-tradition-badge\" tabindex=\"0\" data-tooltip=\"Pantheonin korkeimmat jumalat, kosminen ylivalta, luoja- tai hallitsija-aspekti.\">Korkein jumaluus<\/a><\/div>\t\t\t\t<\/div>\n\t\t\t\t<\/div>\n\t\t<div class=\"elementor-element elementor-element-3f74855 e-con-full e-flex e-con e-child\" data-id=\"3f74855\" data-element_type=\"container\" data-e-type=\"container\">\n\t\t\t\t<div class=\"elementor-element elementor-element-1c30362 elementor-toc--minimized-on-tablet elementor-widget elementor-widget-table-of-contents\" data-id=\"1c30362\" data-element_type=\"widget\" data-e-type=\"widget\" data-settings=\"{&quot;exclude_headings_by_selector&quot;:[],&quot;no_headings_message&quot;:&quot;T\\u00e4lt\\u00e4 sivulta ei l\\u00f6ytynyt otsikoita.&quot;,&quot;headings_by_tags&quot;:[&quot;h2&quot;,&quot;h3&quot;],&quot;marker_view&quot;:&quot;bullets&quot;,&quot;minimize_box&quot;:&quot;yes&quot;,&quot;icon&quot;:{&quot;value&quot;:&quot;fas fa-circle&quot;,&quot;library&quot;:&quot;fa-solid&quot;,&quot;rendered_tag&quot;:&quot;&lt;svg class=\\&quot;e-font-icon-svg e-fas-circle\\&quot; viewBox=\\&quot;0 0 512 512\\&quot; xmlns=\\&quot;http:\\\/\\\/www.w3.org\\\/2000\\\/svg\\&quot;&gt;&lt;path d=\\&quot;M256 8C119 8 8 119 8 256s111 248 248 248 248-111 248-248S393 8 256 8z\\&quot;&gt;&lt;\\\/path&gt;&lt;\\\/svg&gt;&quot;},&quot;minimized_on&quot;:&quot;tablet&quot;,&quot;hierarchical_view&quot;:&quot;yes&quot;,&quot;min_height&quot;:{&quot;unit&quot;:&quot;px&quot;,&quot;size&quot;:&quot;&quot;,&quot;sizes&quot;:[]},&quot;min_height_tablet&quot;:{&quot;unit&quot;:&quot;px&quot;,&quot;size&quot;:&quot;&quot;,&quot;sizes&quot;:[]},&quot;min_height_mobile&quot;:{&quot;unit&quot;:&quot;px&quot;,&quot;size&quot;:&quot;&quot;,&quot;sizes&quot;:[]}}\" data-widget_type=\"table-of-contents.default\">\n\t\t\t\t\t\t\t\t\t<div class=\"elementor-toc__header\">\n\t\t\t\t\t\t<h2 class=\"elementor-toc__header-title\">\n\t\t\t\tSis\u00e4llysluettelo\t\t\t<\/h2>\n\t\t\t\t\t\t\t\t\t\t<div class=\"elementor-toc__toggle-button elementor-toc__toggle-button--expand\" role=\"button\" tabindex=\"0\" aria-controls=\"elementor-toc__1c30362\" aria-expanded=\"true\" aria-label=\"Open table of contents\"><svg aria-hidden=\"true\" class=\"e-font-icon-svg e-fas-chevron-down\" viewBox=\"0 0 448 512\" xmlns=\"http:\/\/www.w3.org\/2000\/svg\"><path d=\"M207.029 381.476L12.686 187.132c-9.373-9.373-9.373-24.569 0-33.941l22.667-22.667c9.357-9.357 24.522-9.375 33.901-.04L224 284.505l154.745-154.021c9.379-9.335 24.544-9.317 33.901.04l22.667 22.667c9.373 9.373 9.373 24.569 0 33.941L240.971 381.476c-9.373 9.372-24.569 9.372-33.942 0z\"><\/path><\/svg><\/div>\n\t\t\t\t<div class=\"elementor-toc__toggle-button elementor-toc__toggle-button--collapse\" role=\"button\" tabindex=\"0\" aria-controls=\"elementor-toc__1c30362\" aria-expanded=\"true\" aria-label=\"Close table of contents\"><svg aria-hidden=\"true\" class=\"e-font-icon-svg e-fas-chevron-up\" viewBox=\"0 0 448 512\" xmlns=\"http:\/\/www.w3.org\/2000\/svg\"><path d=\"M240.971 130.524l194.343 194.343c9.373 9.373 9.373 24.569 0 33.941l-22.667 22.667c-9.357 9.357-24.522 9.375-33.901.04L224 227.495 69.255 381.516c-9.379 9.335-24.544 9.317-33.901-.04l-22.667-22.667c-9.373-9.373-9.373-24.569 0-33.941L207.03 130.525c9.372-9.373 24.568-9.373 33.941-.001z\"><\/path><\/svg><\/div>\n\t\t\t\t\t<\/div>\n\t\t\t\t<div id=\"elementor-toc__1c30362\" class=\"elementor-toc__body\">\n\t\t\t<div class=\"elementor-toc__spinner-container\">\n\t\t\t\t<svg class=\"elementor-toc__spinner eicon-animation-spin e-font-icon-svg e-eicon-loading\" aria-hidden=\"true\" viewBox=\"0 0 1000 1000\" xmlns=\"http:\/\/www.w3.org\/2000\/svg\"><path d=\"M500 975V858C696 858 858 696 858 500S696 142 500 142 142 304 142 500H25C25 237 238 25 500 25S975 237 975 500 763 975 500 975Z\"><\/path><\/svg>\t\t\t<\/div>\n\t\t<\/div>\n\t\t\t\t\t\t<\/div>\n\t\t\t\t<\/div>\n\t\t\t\t\t<\/div>\n\t\t\t\t<\/div>\n\t\t<div class=\"elementor-element elementor-element-herorght0 e-con-full e-flex e-con e-child\" data-id=\"herorght0\" data-element_type=\"container\" data-e-type=\"container\">\n\t\t\t\t<div class=\"elementor-element elementor-element-heroimg00 iwg-hero-image elementor-widget elementor-widget-image\" data-id=\"heroimg00\" data-element_type=\"widget\" data-e-type=\"widget\" data-widget_type=\"image.default\">\n\t\t\t\t\t\t\t\t\t\t\t\t\t\t\t<img fetchpriority=\"high\" decoding=\"async\" width=\"683\" height=\"1024\" src=\"https:\/\/iwell-guard.com\/wp-content\/uploads\/2026\/04\/goetter_keltisch_lugh-683x1024.webp\" class=\"attachment-large size-large wp-image-149069\" alt=\"Lugh - kelttil\u00e4isen perinteen jumalia, historiallis-kuvitteellinen\" srcset=\"https:\/\/iwell-guard.com\/wp-content\/uploads\/2026\/04\/goetter_keltisch_lugh-683x1024.webp 683w, https:\/\/iwell-guard.com\/wp-content\/uploads\/2026\/04\/goetter_keltisch_lugh-200x300.webp 200w, https:\/\/iwell-guard.com\/wp-content\/uploads\/2026\/04\/goetter_keltisch_lugh-768x1152.webp 768w, https:\/\/iwell-guard.com\/wp-content\/uploads\/2026\/04\/goetter_keltisch_lugh.webp 1024w\" sizes=\"(max-width: 683px) 100vw, 683px\" \/>\t\t\t\t\t\t\t\t\t\t\t\t\t\t\t<\/div>\n\t\t\t\t<\/div>\n\t\t\t\t\t<\/div>\n\t\t\t\t<\/div>\n\t\t<div class=\"elementor-element elementor-element-32917199 e-flex e-con-boxed e-con e-parent\" data-id=\"32917199\" data-element_type=\"container\" data-e-type=\"container\">\n\t\t\t\t\t<div class=\"e-con-inner\">\n\t\t<div class=\"elementor-element elementor-element-26e916cb e-flex e-con-boxed e-con e-child\" data-id=\"26e916cb\" data-element_type=\"container\" data-e-type=\"container\">\n\t\t\t\t\t<div class=\"e-con-inner\">\n\t\t<div class=\"elementor-element elementor-element-253a40d4 e-flex e-con-boxed e-con e-child\" data-id=\"253a40d4\" data-element_type=\"container\" data-e-type=\"container\">\n\t\t\t\t\t<div class=\"e-con-inner\">\n\t\t\t\t<div class=\"elementor-element elementor-element-1200c304 elementor-widget elementor-widget-heading\" data-id=\"1200c304\" data-element_type=\"widget\" data-e-type=\"widget\" data-widget_type=\"heading.default\">\n\t\t\t\t\t<h2 class=\"elementor-heading-title elementor-size-default\">Lugh<\/h2>\t\t\t\t<\/div>\n\t\t\t\t<div class=\"elementor-element elementor-element-11758e7f elementor-widget elementor-widget-text-editor\" data-id=\"11758e7f\" data-element_type=\"widget\" data-e-type=\"widget\" data-widget_type=\"text-editor.default\">\n\t\t\t\t\t\t\t\t\t<p>Lugh kuvataan sotasankarina, taiteilijana, druidina ja kaikkien taitojen ja kykyjen universaalina mestarina. H\u00e4n kuuluu Tuatha D\u00e9 Danann -kansaan ja taistelee Mag Tuiredin taisteluissa Fomor\u00e1nn-heimoa vastaan. Legendaarisia ovat h\u00e4nen yliluonnolliset aseensa ja harppunsa.<\/p><p>H\u00e4nen juhlansa, Lughnasadh (1. elokuuta), merkitsee siirtym\u00e4\u00e4 syksyyn. H\u00e4net mainitaan usein Dian C\u00e9chtin tai muiden jumaluuksien poikana, mutta sukutaulu vaihtelee.<\/p>\t\t\t\t\t\t\t\t<\/div>\n\t\t\t\t\t<\/div>\n\t\t\t\t<\/div>\n\t\t<div class=\"elementor-element elementor-element-159dcf9a e-flex e-con-boxed e-con e-child\" data-id=\"159dcf9a\" data-element_type=\"container\" data-e-type=\"container\">\n\t\t\t\t\t<div class=\"e-con-inner\">\n\t\t\t\t<div class=\"elementor-element elementor-element-48cee66f elementor-widget elementor-widget-heading\" data-id=\"48cee66f\" data-element_type=\"widget\" data-e-type=\"widget\" data-widget_type=\"heading.default\">\n\t\t\t\t\t<h2 class=\"elementor-heading-title elementor-size-default\">Yleiskatsaus: Lugh<\/h2>\t\t\t\t<\/div>\n\t\t\t\t<div class=\"elementor-element elementor-element-3f50d82c elementor-widget elementor-widget-text-editor\" data-id=\"3f50d82c\" data-element_type=\"widget\" data-e-type=\"widget\" data-widget_type=\"text-editor.default\">\n\t\t\t\t\t\t\t\t\t<p>Ensisijaisia l\u00e4hteit\u00e4 ovat Cath Maige Tuired (\u00bbMag Tuiredin tasangon taisto\u00ab), Oidheadh Chloinne Tuireann (\u00bbTuireannin lasten kohtalo\u00ab) ja Lebor Gab\u00e1la \u00c9renn. Lugh mainitaan my\u00f6s roomalaisten kirjailijoiden teksteiss\u00e4 (Loucetius Mars = Lugh-Mars).<\/p><p>Nimi ja Lughnasadh-juhla on runsaasti todistettu gaelilaisissa l\u00e4hteiss\u00e4. Bernhard Maier ja Proinsias Mac Cana pit\u00e4v\u00e4t Lughia yhten\u00e4 kelttil\u00e4isen uskonnon parhaiten todistetuista hahmoista.<\/p>\t\t\t\t\t\t\t\t<\/div>\n\t\t\t\t\t<\/div>\n\t\t\t\t<\/div>\n\t\t\t\t\t<\/div>\n\t\t\t\t<\/div>\n\t\t\t\t\t<\/div>\n\t\t\t\t<\/div>\n\t\t<div class=\"elementor-element elementor-element-18613602 e-flex e-con-boxed e-con e-parent\" data-id=\"18613602\" data-element_type=\"container\" data-e-type=\"container\">\n\t\t\t\t\t<div class=\"e-con-inner\">\n\t\t\t\t<div class=\"elementor-element elementor-element-262b8a9f elementor-widget elementor-widget-heading\" data-id=\"262b8a9f\" data-element_type=\"widget\" data-e-type=\"widget\" data-widget_type=\"heading.default\">\n\t\t\t\t\t<h2 class=\"elementor-heading-title elementor-size-default\">Konteksti<\/h2>\t\t\t\t<\/div>\n\t\t<div class=\"elementor-element elementor-element-46dcb7d e-con-full e-flex e-con e-child\" data-id=\"46dcb7d\" data-element_type=\"container\" data-e-type=\"container\">\n\t\t<div class=\"elementor-element elementor-element-61d3ab3 e-flex e-con-boxed e-con e-child\" data-id=\"61d3ab3\" data-element_type=\"container\" data-e-type=\"container\">\n\t\t\t\t\t<div class=\"e-con-inner\">\n\t\t\t\t<div class=\"elementor-element elementor-element-117c166 elementor-widget elementor-widget-heading\" data-id=\"117c166\" data-element_type=\"widget\" data-e-type=\"widget\" data-widget_type=\"heading.default\">\n\t\t\t\t\t<h3 class=\"elementor-heading-title elementor-size-default\">Tekstien ajanjakso<\/h3>\t\t\t\t<\/div>\n\t\t\t\t<div class=\"elementor-element elementor-element-73997a0 elementor-widget elementor-widget-text-editor\" data-id=\"73997a0\" data-element_type=\"widget\" data-e-type=\"widget\" data-widget_type=\"text-editor.default\">\n\t\t\t\t\t\t\t\t\t<p>Lughin j\u00e4ljet ulottuvat mannermaisesta kelttil\u00e4isest\u00e4 jumalasta Lugusista, jonka nimi el\u00e4\u00e4 paikannimiss\u00e4 kuten Lugdunum, nykyinen Lyon, keskiaikaisten irlantilaisten k\u00e4sikirjoitusten kautta aina uuden ajan Lughnasadh-tapoihin. Viel\u00e4 irlanninkielinen elokuun kuukauden nimi L\u00fanasa kantaa h\u00e4nen nime\u00e4\u00e4n. Nykyiset muodot, kuten vuoristopyhiinvaellukset hein\u00e4kuun viimeisen\u00e4 sunnuntaina, on kristillisesti uudelleentulkittu, mutta yhteys vanhaan sadonkorjuujuhlaan on niiss\u00e4 edelleen tunnistettavissa.<\/p><h3>Mytologinen sijoittuminen<\/h3><p>Lugh on taiteiden, k\u00e4sity\u00f6n, valon ja sodan jumala irlantilaisessa <span class=\"iwg-fachbegriff\" data-tooltip=\"Kulttuurin perinteisten jumaltarinoiden kokonaisuus.\" tabindex=\"0\">mytologiassa<\/span>. H\u00e4n on yksi monipuolisimmista jumalista, joilla on monia kykyj\u00e4: n\u00e4kijyys, sepp\u00e4taito, musiikki, runous, taisto. Lughnasadh-juhla kunnioittaa h\u00e4nt\u00e4. H\u00e4nen asemansa on keskeinen.<\/p>\t\t\t\t\t\t\t\t<\/div>\n\t\t\t\t\t<\/div>\n\t\t\t\t<\/div>\n\t\t<div class=\"elementor-element elementor-element-d47b156 e-flex e-con-boxed e-con e-child\" data-id=\"d47b156\" data-element_type=\"container\" data-e-type=\"container\">\n\t\t\t\t\t<div class=\"e-con-inner\">\n\t\t\t\t<div class=\"elementor-element elementor-element-ff38c2b elementor-widget elementor-widget-heading\" data-id=\"ff38c2b\" data-element_type=\"widget\" data-e-type=\"widget\" data-widget_type=\"heading.default\">\n\t\t\t\t\t<h3 class=\"elementor-heading-title elementor-size-default\">Levinneisyysalue<\/h3>\t\t\t\t<\/div>\n\t\t\t\t<div class=\"elementor-element elementor-element-4e49fcc elementor-widget elementor-widget-text-editor\" data-id=\"4e49fcc\" data-element_type=\"widget\" data-e-type=\"widget\" data-widget_type=\"text-editor.default\">\n\t\t\t\t\t\t\t\t\t<p>Lugh ei rajoittunut mihink\u00e4\u00e4n tiettyyn alueeseen tai paikkaan, vaan h\u00e4net tunnettiin ja h\u00e4nt\u00e4 palvottiin tai kunnioitettiin pelonsekaisesti universaalisti koko kelttil\u00e4isess\u00e4 maailmassa. Olipa kyse suurista kaupunkikeskuksista tai syrj\u00e4isist\u00e4 maaseutualueista, sosiaalisesta eliitist\u00e4 tai yksinkertaisesta kansasta, t\u00e4m\u00e4n olennon hengellinen tai kulttuurinen merkitys tunnustettiin l\u00e4pikotaisin ja universaalisti.<\/p><p>Se, ett\u00e4 elokuu on irlanniksi viel\u00e4 t\u00e4n\u00e4kin p\u00e4iv\u00e4n\u00e4 L\u00fanasa ja ett\u00e4 paikannimet Lyonista Leideniin johdetaan jumala Lugusista, osoittaa, miten l\u00e4heisesti Lugh liittyi kelttil\u00e4isten yhteis\u00f6jen itseymm\u00e4rrykseen. Kelttil\u00e4isten heimojen vaellukset ja kauppareittien varrella tapahtunut vaihdanta veiv\u00e4t kultin mantereelta Irlantiin, jossa se s\u00e4ilyy tavattoman yhten\u00e4isen\u00e4 hahmona: taiteiden jumalana, jolla on omat juhlansa sadonkorjuun alussa.<\/p>\t\t\t\t\t\t\t\t<\/div>\n\t\t\t\t\t<\/div>\n\t\t\t\t<\/div>\n\t\t\t\t<\/div>\n\t\t<div class=\"elementor-element elementor-element-db03c39 e-con-full e-flex e-con e-child\" data-id=\"db03c39\" data-element_type=\"container\" data-e-type=\"container\">\n\t\t<div class=\"elementor-element elementor-element-229a87b e-flex e-con-boxed e-con e-child\" data-id=\"229a87b\" data-element_type=\"container\" data-e-type=\"container\">\n\t\t\t\t\t<div class=\"e-con-inner\">\n\t\t\t\t<div class=\"elementor-element elementor-element-1f471fc elementor-widget elementor-widget-heading\" data-id=\"1f471fc\" data-element_type=\"widget\" data-e-type=\"widget\" data-widget_type=\"heading.default\">\n\t\t\t\t\t<h3 class=\"elementor-heading-title elementor-size-default\">L\u00e4hdetilanne<\/h3>\t\t\t\t<\/div>\n\t\t\t\t<div class=\"elementor-element elementor-element-36b1201 elementor-widget elementor-widget-text-editor\" data-id=\"36b1201\" data-element_type=\"widget\" data-e-type=\"widget\" data-widget_type=\"text-editor.default\">\n\t\t\t\t\t\t\t\t\t<p>Ensisijaiset l\u00e4hteet: Cath Maige Tuired (Recension A, kirjattu noin 9. 10. vuosisadalla), Lebor Gab\u00e1la \u00c9renn (versio, jossa Lughilla on genealogisia rooleja), Oidheadh Chloinne Tuireann. Roomalainen epigrafia: Loucetius Marsin kirjoitukset Gallian alueella (esim. Mosel-alueelta).<\/p><p>Ajanjakso: myytit heijastavat rautakautisia ja keskiajan alun kulttuja (noin 500 eaa. 800 jaa.). Tutkijat: Mac Cana (Celtic Mythology), Maier (Die Religion der Kelten), Sjoestedt (Gods and Heroes of the Celts) ja Green (The Gods of the Celts) k\u00e4sittelev\u00e4t Lughia laajasti.<\/p>\t\t\t\t\t\t\t\t<\/div>\n\t\t\t\t\t<\/div>\n\t\t\t\t<\/div>\n\t\t\t\t<\/div>\n\t\t\t\t\t<\/div>\n\t\t\t\t<\/div>\n\t\t<div class=\"elementor-element elementor-element-3ae0637c e-flex e-con-boxed e-con e-parent\" data-id=\"3ae0637c\" data-element_type=\"container\" data-e-type=\"container\">\n\t\t\t\t\t<div class=\"e-con-inner\">\n\t\t\t\t<div class=\"elementor-element elementor-element-31d07739 elementor-widget elementor-widget-heading\" data-id=\"31d07739\" data-element_type=\"widget\" data-e-type=\"widget\" data-widget_type=\"heading.default\">\n\t\t\t\t\t<h2 class=\"elementor-heading-title elementor-size-default\">Nimi<\/h2>\t\t\t\t<\/div>\n\t\t<div class=\"elementor-element elementor-element-b7642947 e-con-full e-flex e-con e-child\" data-id=\"b7642947\" data-element_type=\"container\" data-e-type=\"container\">\n\t\t\t\t<div class=\"elementor-element elementor-element-a086266 elementor-widget elementor-widget-text-editor\" data-id=\"a086266\" data-element_type=\"widget\" data-e-type=\"widget\" data-widget_type=\"text-editor.default\">\n\t\t\t\t\t\t\t\t\t<p>Lugh kuvataan eri l\u00e4hteiss\u00e4 ja taiteellisissa perinteiss\u00e4 toistuvin ikonografisin elementein, jotka pysyv\u00e4t suhteellisen vakioina vuosikymmenten ja eri maantieteellisten alueiden yli. N\u00e4it\u00e4 elementtej\u00e4 ei ole valittu puhtaasti koristeellisesti tai sattumanvaraisesti, vaan ne ovat syv\u00e4sti symbolisesti koodattuja ja kantavat suurta merkityst\u00e4.<\/p><p>Lughin attribuutit m\u00e4\u00e4ritt\u00e4v\u00e4t h\u00e4nen asemansa Tuatha D\u00e9 Danannin joukossa t\u00e4sm\u00e4llisesti: h\u00e4nen lis\u00e4nimens\u00e4 Samild\u00e1nach, kaikkien taitojen osaaja, kuvaa h\u00e4nen teht\u00e4v\u00e4\u00e4ns\u00e4, ja kertomus h\u00e4nen saapumisestaan Taraan osoittaa t\u00e4m\u00e4n, sill\u00e4 h\u00e4net p\u00e4\u00e4stet\u00e4\u00e4n sis\u00e4\u00e4n vasta, kun osoittautuu, ett\u00e4 h\u00e4n on sepp\u00e4, harpunsoittaja, runoilija, parantaja ja soturi yhdess\u00e4 persoonassa. H\u00e4nen keih\u00e4\u00e4ns\u00e4 kuuluu Tuatha D\u00e9 Danannin nelj\u00e4\u00e4n aarteeseen ja edustaa v\u00e4ist\u00e4m\u00e4t\u00f6nt\u00e4 voittoa, ja h\u00e4nen heittonsa Balorin silm\u00e4\u00e4 kohti ratkaisee Mag Tuiredin taistelun. Irlantilaisen tarustomaailman tunteva lukija n\u00e4kee keih\u00e4\u00e4st\u00e4, lis\u00e4nimest\u00e4 ja juhlap\u00e4iv\u00e4st\u00e4 sellaisen jumalan profiilin, jossa taito, kuninkuus ja sadonkorjuu yhdistyv\u00e4t.<\/p>\t\t\t\t\t\t\t\t<\/div>\n\t\t\t\t<\/div>\n\t\t\t\t\t<\/div>\n\t\t\t\t<\/div>\n\t\t<div class=\"elementor-element elementor-element-709a44a8 e-flex e-con-boxed e-con e-parent\" data-id=\"709a44a8\" data-element_type=\"container\" data-e-type=\"container\">\n\t\t\t\t\t<div class=\"e-con-inner\">\n\t\t\t\t<div class=\"elementor-element elementor-element-2f585873 elementor-widget elementor-widget-heading\" data-id=\"2f585873\" data-element_type=\"widget\" data-e-type=\"widget\" data-widget_type=\"heading.default\">\n\t\t\t\t\t<h2 class=\"elementor-heading-title elementor-size-default\">Luonteenpiirteet<\/h2>\t\t\t\t<\/div>\n\t\t<div class=\"elementor-element elementor-element-70621c12 e-con-full e-flex e-con e-child\" data-id=\"70621c12\" data-element_type=\"container\" data-e-type=\"container\">\n\t\t\t\t<div class=\"elementor-element elementor-element-4296eb49 elementor-widget elementor-widget-text-editor\" data-id=\"4296eb49\" data-element_type=\"widget\" data-e-type=\"widget\" data-widget_type=\"text-editor.default\">\n\t\t\t\t\t\t\t\t\t<p>Lugh oli keskeinen kelttil\u00e4isess\u00e4 uskonnollisessa k\u00e4yt\u00e4nn\u00f6ss\u00e4, arkirituaaleissa ja arkiymm\u00e4rryksess\u00e4. Ihmiset k\u00e4\u00e4ntyiv\u00e4t t\u00e4m\u00e4n olennon puoleen kriittisiss\u00e4 tai erityisiss\u00e4 el\u00e4m\u00e4ntilanteissa tai m\u00e4\u00e4r\u00e4tyill\u00e4 rituaalisilla vuodenaikoina j\u00e4sennetyin, usein monimutkaisin rituaalein, rukouksin tai uhrilahjoin.<\/p><p>Lughin palvonta oli s\u00e4\u00e4nnelty\u00e4 ja ajoitettua: Lughnasadh-juhlaa vietettiin elokuun alussa sadonkorjuun alkaessa, kokoontumisin, kilpailuin ja markkinoin m\u00e4\u00e4r\u00e4tyill\u00e4 paikoilla kuten Tailtiussa. Irlantilainen perim\u00e4tieto johtaa juhlan Lugh itsens\u00e4 perustamaksi, jonka h\u00e4n kertomuksen mukaan asetti kasvatus\u00e4itins\u00e4 kunniaksi, ja kuvaa siten instituutiota, jolla on vakiintunut aihe, paikka ja kulku.<\/p><p>Se, ett\u00e4 Lughnasadhia vietettiin Irlannissa vuosisatojen ajan ja se jatkoi el\u00e4m\u00e4\u00e4ns\u00e4 sadonkorjuutapojen ja vuoristopyhiinvaellusten muodossa uuteen aikaan asti, osoittaa juhlan k\u00e4yt\u00e4nn\u00f6llisen arvon maalaisyhteis\u00f6ille. Lughiin liittyv\u00e4t yhteydet olivat moninaisia: h\u00e4nen voittonsa Balorista torjui kertomuksessa sadon uhan, h\u00e4nen yhteytens\u00e4 sadonkorjuun alkuun turvasi elannon, ja juhla itsess\u00e4\u00e4n s\u00e4esti siirtym\u00e4\u00e4 kes\u00e4st\u00e4 sadonkorjuuaikaan.<\/p><h3>Ulkomuoto ja symboliikka<\/h3><p>Lugh kuvataan nuorekkaana, s\u00e4teilev\u00e4n\u00e4 sotilaana kultaisessa loistossa. H\u00e4n kantaa haarniskaa ja taikakeih\u00e4st\u00e4. H\u00e4nen silm\u00e4ns\u00e4 loistavat kuin aurinko. Koira, korppi ja p\u00e4\u00e4skynen seuraavat h\u00e4nt\u00e4. K\u00e4sity\u00f6taitojen ty\u00f6kalut ovat h\u00e4nen attribuuttejaan. Valo s\u00e4teilee h\u00e4nest\u00e4.<\/p>\t\t\t\t\t\t\t\t<\/div>\n\t\t\t\t<\/div>\n\t\t\t\t\t<\/div>\n\t\t\t\t<\/div>\n\t\t<div class=\"elementor-element elementor-element-44e71476 e-flex e-con-boxed e-con e-parent\" data-id=\"44e71476\" data-element_type=\"container\" data-e-type=\"container\">\n\t\t\t\t\t<div class=\"e-con-inner\">\n\t\t\t\t<div class=\"elementor-element elementor-element-3c1fc3f0 elementor-widget elementor-widget-heading\" data-id=\"3c1fc3f0\" data-element_type=\"widget\" data-e-type=\"widget\" data-widget_type=\"heading.default\">\n\t\t\t\t\t<h2 class=\"elementor-heading-title elementor-size-default\">Tietokortti: Lugh<\/h2>\t\t\t\t<\/div>\n\t\t<div class=\"elementor-element elementor-element-84f33b8e e-con-full e-flex e-con e-child\" data-id=\"84f33b8e\" data-element_type=\"container\" data-e-type=\"container\">\n\t\t\t\t<div class=\"elementor-element elementor-element-hqkdc67p elementor-widget elementor-widget-text-editor\" data-id=\"hqkdc67p\" data-element_type=\"widget\" data-e-type=\"widget\" data-widget_type=\"text-editor.default\">\n\t\t\t\t\t\t\t\t\t<p>Tietokortti kuvaa Lughia kuudessa ulottuvuudessa: h\u00e4nen mytogenealogisen alkuper\u00e4ns\u00e4 ja asemansa Tuatha D\u00e9 Danannin joukossa, h\u00e4nen palvontapiirins\u00e4 ja yhteiskunnalliset roolinsa, h\u00e4nen ikonografiansa ja maagiset attribuuttinsa, h\u00e4nen sotaisat ja taiteelliset voimansa sek\u00e4 hengelliset kutsumisk\u00e4yt\u00e4nn\u00f6t ja kulttuuriset vastineet. T\u00e4m\u00e4 hahmottaa t\u00e4m\u00e4n monilahjakkaan kulttuurijumalan profiilin.<\/p>\t\t\t\t\t\t\t\t<\/div>\n\t\t\t\t<\/div>\n\t\t<div class=\"elementor-element elementor-element-pemmx7c5 e-con-full e-flex e-con e-child\" data-id=\"pemmx7c5\" data-element_type=\"container\" data-e-type=\"container\">\n\t\t<div class=\"elementor-element elementor-element-pemmx7c1 e-con-full e-flex e-con e-child\" data-id=\"pemmx7c1\" data-element_type=\"container\" data-e-type=\"container\">\n\t\t<div class=\"elementor-element elementor-element-qh9oavvu iwg-steckbrief-card e-flex e-con-boxed e-con e-child\" data-id=\"qh9oavvu\" data-element_type=\"container\" data-e-type=\"container\">\n\t\t\t\t\t<div class=\"e-con-inner\">\n\t\t\t\t<div class=\"elementor-element elementor-element-awzx8k2k elementor-widget elementor-widget-heading\" data-id=\"awzx8k2k\" data-element_type=\"widget\" data-e-type=\"widget\" data-widget_type=\"heading.default\">\n\t\t\t\t\t<div class=\"elementor-heading-title elementor-size-default\">Alkuper\u00e4<\/div>\t\t\t\t<\/div>\n\t\t\t\t<div class=\"elementor-element elementor-element-x6rowhv0 elementor-widget elementor-widget-text-editor\" data-id=\"x6rowhv0\" data-element_type=\"widget\" data-e-type=\"widget\" data-widget_type=\"text-editor.default\">\n\t\t\t\t\t\t\t\t\t<p>Lugh kuuluu Tuatha D\u00e9 Danann -kansaan, ja h\u00e4nen kerrotaan olevan joko Dian C\u00e9chtin (parantamisen jumalan) poika, Ethniun poika tai per\u00e4isin abstraktimmista voimista.<\/p><p>H\u00e4n edustaa nuorempaa jumalallista sukupolvea (toisin kuin i\u00e4kk\u00e4\u00e4mpi Dagda). Maantieteellisesti h\u00e4n liittyy erityisesti Irlantiin, ja h\u00e4nell\u00e4 on roomalais-gallialaisia vastineita (Loucetius). Ensimm\u00e4inen kirjallinen maininta h\u00e4nest\u00e4 l\u00f6ytyy 9.\u201310. vuosisadan teksteist\u00e4, mutta ne kuvaavat vanhempaa kulttia.<\/p>\t\t\t\t\t\t\t\t<\/div>\n\t\t\t\t\t<\/div>\n\t\t\t\t<\/div>\n\t\t<div class=\"elementor-element elementor-element-8e3o4kxs iwg-steckbrief-card e-flex e-con-boxed e-con e-child\" data-id=\"8e3o4kxs\" data-element_type=\"container\" data-e-type=\"container\">\n\t\t\t\t\t<div class=\"e-con-inner\">\n\t\t\t\t<div class=\"elementor-element elementor-element-08rkdgov elementor-widget elementor-widget-heading\" data-id=\"08rkdgov\" data-element_type=\"widget\" data-e-type=\"widget\" data-widget_type=\"heading.default\">\n\t\t\t\t\t<div class=\"elementor-heading-title elementor-size-default\">Kohteet<\/div>\t\t\t\t<\/div>\n\t\t\t\t<div class=\"elementor-element elementor-element-uwjelx8s elementor-widget elementor-widget-text-editor\" data-id=\"uwjelx8s\" data-element_type=\"widget\" data-e-type=\"widget\" data-widget_type=\"text-editor.default\">\n\t\t\t\t\t\t\t\t\t<p>Lugh oli sotureiden, k\u00e4sity\u00f6l\u00e4isten, taiteilijoiden, druidipapiston ja kuninkaallisten sukujen palvoma. H\u00e4nen juhlansa Lughnasadh oli julkinen ja kansanomainen tapahtuma, joka yhdistyi kauppaan, kilpakisoihin sek\u00e4 oikeusasioihin. Sotatilanteissa soturit rukoilivat h\u00e4nelt\u00e4 taktista nerokkuutta ja ylivoimaa. K\u00e4sity\u00f6l\u00e4iset ja taiteilijat kunnioittivat h\u00e4nt\u00e4 taiteidensa suojelijana.<\/p>\t\t\t\t\t\t\t\t<\/div>\n\t\t\t\t\t<\/div>\n\t\t\t\t<\/div>\n\t\t<div class=\"elementor-element elementor-element-jm2n74ec iwg-steckbrief-card e-flex e-con-boxed e-con e-child\" data-id=\"jm2n74ec\" data-element_type=\"container\" data-e-type=\"container\">\n\t\t\t\t\t<div class=\"e-con-inner\">\n\t\t\t\t<div class=\"elementor-element elementor-element-8vufse4c elementor-widget elementor-widget-heading\" data-id=\"8vufse4c\" data-element_type=\"widget\" data-e-type=\"widget\" data-widget_type=\"heading.default\">\n\t\t\t\t\t<div class=\"elementor-heading-title elementor-size-default\">Esitt\u00e4minen<\/div>\t\t\t\t<\/div>\n\t\t\t\t<div class=\"elementor-element elementor-element-mwb9u015 elementor-widget elementor-widget-text-editor\" data-id=\"mwb9u015\" data-element_type=\"widget\" data-e-type=\"widget\" data-widget_type=\"text-editor.default\">\n\t\t\t\t\t\t\t\t\t<p>Lugh kuvataan nuorekkaana, s\u00e4teilev\u00e4n\u00e4 ja taiteellisena hahmona, usein valon tai loisteen ymp\u00e4r\u00f6im\u00e4n\u00e4 (h\u00e4nen nimens\u00e4 voi tarkoittaa \u00bbvaloa\u00ab). H\u00e4nell\u00e4 on tyypillisi\u00e4 sodan tunnuksia: keih\u00e4s, miekka tai maagisia aseita. Toisinaan h\u00e4net esitet\u00e4\u00e4n harpun kanssa. Taidekuvissa h\u00e4n on tyylik\u00e4s ja atleettinen, vailla vanhemman Dagdan massiivisuutta. H\u00e4nen kasvonpiirteens\u00e4 ovat hienostuneet ja jalot.<\/p>\t\t\t\t\t\t\t\t<\/div>\n\t\t\t\t\t<\/div>\n\t\t\t\t<\/div>\n\t\t\t\t<\/div>\n\t\t<div class=\"elementor-element elementor-element-pemmx7c2 e-con-full e-flex e-con e-child\" data-id=\"pemmx7c2\" data-element_type=\"container\" data-e-type=\"container\">\n\t\t<div class=\"elementor-element elementor-element-37ss2yr6 iwg-steckbrief-card e-flex e-con-boxed e-con e-child\" data-id=\"37ss2yr6\" data-element_type=\"container\" data-e-type=\"container\">\n\t\t\t\t\t<div class=\"e-con-inner\">\n\t\t\t\t<div class=\"elementor-element elementor-element-3v0wp3wx elementor-widget elementor-widget-heading\" data-id=\"3v0wp3wx\" data-element_type=\"widget\" data-e-type=\"widget\" data-widget_type=\"heading.default\">\n\t\t\t\t\t<div class=\"elementor-heading-title elementor-size-default\">Toiminta<\/div>\t\t\t\t<\/div>\n\t\t\t\t<div class=\"elementor-element elementor-element-w3247g2m elementor-widget elementor-widget-text-editor\" data-id=\"w3247g2m\" data-element_type=\"widget\" data-e-type=\"widget\" data-widget_type=\"text-editor.default\">\n\t\t\t\t\t\t\t\t\t<strong>Vaikutusalue:<\/strong> Lugh on kelttil\u00e4inen valon, sodan, taiteiden ja k\u00e4sit\u00f6iden jumala. H\u00e4nen valtansa ulottuu kaikille inhimillisen luomisty\u00f6n alueille: runouteen, musiikkiin, sep\u00e4ntaitoon ja sotataitoon. H\u00e4n edustaa s\u00e4teilev\u00e4n, kaiken n\u00e4kev\u00e4n tietoisuuden puolta. Historiallisesti Lugh liittyy l\u00e4heisesti Lughnasa-juhlaan (1. elokuuta), joka el\u00e4\u00e4 yh\u00e4 kristinuskossa Lammas-juhlana. H\u00e4nen vaikutuksensa n\u00e4kyy taiteellisessa inspiraatiossa, strategisessa ajattelussa ja voitokkaassa esteiden ylitt\u00e4misess\u00e4. Mytologisessa <span class=\"iwg-fachbegriff\" data-tooltip=\"Tiedon ja kertomusten siirtyminen sukupolvelta toiselle.\" tabindex=\"0\">perinteess\u00e4<\/span> (Cath Maige Tuired) Lugh voittaa vihamielisen fomoir\u00e9-rodun.\n\t\t\t\t\t\t\t\t<\/div>\n\t\t\t\t\t<\/div>\n\t\t\t\t<\/div>\n\t\t<div class=\"elementor-element elementor-element-0qpjal9w iwg-steckbrief-card e-flex e-con-boxed e-con e-child\" data-id=\"0qpjal9w\" data-element_type=\"container\" data-e-type=\"container\">\n\t\t\t\t\t<div class=\"e-con-inner\">\n\t\t\t\t<div class=\"elementor-element elementor-element-6ndoih0o elementor-widget elementor-widget-heading\" data-id=\"6ndoih0o\" data-element_type=\"widget\" data-e-type=\"widget\" data-widget_type=\"heading.default\">\n\t\t\t\t\t<div class=\"elementor-heading-title elementor-size-default\">Torjuntamuodot<\/div>\t\t\t\t<\/div>\n\t\t\t\t<div class=\"elementor-element elementor-element-6684tyh9 elementor-widget elementor-widget-text-editor\" data-id=\"6684tyh9\" data-element_type=\"widget\" data-e-type=\"widget\" data-widget_type=\"text-editor.default\">\n\t\t\t\t\t\t\t\t\t<p>Lugh on hyv\u00e4ntahtoinen ja sankarillinen. Soturit ja taiteilijat rukoilivat h\u00e4nelt\u00e4 taitoa, esteiden voittamista ja taiteellista nerokkuutta. H\u00e4nen juhlansa Lughnasadh oli tilaisuus kilpailuille ja yhteis\u00f6n rituaaliselle vahvistamiselle. Lugh ei ole vaarallinen tai vahingollinen, vaan suojeleva ja kohottava. Torjuntak\u00e4yt\u00e4nt\u00f6j\u00e4 ei tarvittu; niiden sijaan k\u00e4ytettiin <span class=\"iwg-fachbegriff\" data-tooltip=\"Jumaluuden tai voiman pyyt\u00e4v\u00e4 tai loitsiva puhutteleminen.\" tabindex=\"0\">rukouksia<\/span> ja <span class=\"iwg-fachbegriff\" data-tooltip=\"Lahja jumaluudelle kiitoksen, pyynn\u00f6n tai kunnioituksen osoittamiseksi.\" tabindex=\"0\">uhrilahjoja<\/span> kunnian lis\u00e4\u00e4miseksi.<\/p>\t\t\t\t\t\t\t\t<\/div>\n\t\t\t\t\t<\/div>\n\t\t\t\t<\/div>\n\t\t<div class=\"elementor-element elementor-element-3lfi7x32 iwg-steckbrief-card e-flex e-con-boxed e-con e-child\" data-id=\"3lfi7x32\" data-element_type=\"container\" data-e-type=\"container\">\n\t\t\t\t\t<div class=\"e-con-inner\">\n\t\t\t\t<div class=\"elementor-element elementor-element-0kg99ga1 elementor-widget elementor-widget-heading\" data-id=\"0kg99ga1\" data-element_type=\"widget\" data-e-type=\"widget\" data-widget_type=\"heading.default\">\n\t\t\t\t\t<div class=\"elementor-heading-title elementor-size-default\">Vastineet<\/div>\t\t\t\t<\/div>\n\t\t\t\t<div class=\"elementor-element elementor-element-n0fum6kp elementor-widget elementor-widget-text-editor\" data-id=\"n0fum6kp\" data-element_type=\"widget\" data-e-type=\"widget\" data-widget_type=\"text-editor.default\">\n\t\t\t\t\t\t\t\t\t<p>Vertailukelpoisia hahmoja ovat Apollo (kreikkalainen), taiteiden, sodank\u00e4ynnin, valon ja musiikin jumala, Merkurius\/Hermes universaalina taiteilijana ja suojelijana, germaaninen Wodan taiteiden ja viisauden jumalana, sek\u00e4 intialainen Indra sotajumalana ja <span class=\"iwg-fachbegriff\" data-tooltip=\"Onnen ja suojan lupaaminen, usein vakiintuneessa kielellisess\u00e4 muodossa.\" tabindex=\"0\">siunauksen<\/span> antajana. \u00bbUniversaalimestarin\u00ab tyyppi on indoeurooppalainen <span class=\"iwg-fachbegriff\" data-tooltip=\"Toistuva sis\u00e4ll\u00f6llinen elementti taiteessa tai kerronnassa.\" tabindex=\"0\">motiivi<\/span>.<\/p>\t\t\t\t\t\t\t\t<\/div>\n\t\t\t\t\t<\/div>\n\t\t\t\t<\/div>\n\t\t\t\t<\/div>\n\t\t\t\t<\/div>\n\t\t\t\t\t<\/div>\n\t\t\t\t<\/div>\n\t\t<div class=\"elementor-element elementor-element-5a584676 e-flex e-con-boxed e-con e-parent\" data-id=\"5a584676\" data-element_type=\"container\" data-e-type=\"container\">\n\t\t\t\t\t<div class=\"e-con-inner\">\n\t\t\t\t<div class=\"elementor-element elementor-element-6d0757bf elementor-widget elementor-widget-heading\" data-id=\"6d0757bf\" data-element_type=\"widget\" data-e-type=\"widget\" data-widget_type=\"heading.default\">\n\t\t\t\t\t<h2 class=\"elementor-heading-title elementor-size-default\">Lugh ja vastaavuudet muissa kulttuureissa<\/h2>\t\t\t\t<\/div>\n\t\t<div class=\"elementor-element elementor-element-60563f68 e-con-full e-flex e-con e-child\" data-id=\"60563f68\" data-element_type=\"container\" data-e-type=\"container\">\n\t\t\t\t<div class=\"elementor-element elementor-element-5a93fdd6 elementor-widget elementor-widget-text-editor\" data-id=\"5a93fdd6\" data-element_type=\"widget\" data-e-type=\"widget\" data-widget_type=\"text-editor.default\">\n\t\t\t\t\t\t\t\t\t<h3>Riitit ja palvonta<\/h3><p>Lughnasa-juhla (1. elokuuta) oli Lughille t\u00e4rkein uhrijuhla, jossa ensimm\u00e4isten satojen <span class=\"iwg-fachbegriff\" data-tooltip=\"Lahja jumaluudelle kiitoksen, pyynn\u00f6n tai kunnioituksen osoittamiseksi.\" tabindex=\"0\">uhrilahjoja<\/span> tuotiin pyhien vuorten huipuille. Kuninkaankaupungissa Tarassa j\u00e4rjestettiin kokoontumisia, joissa k\u00e4sity\u00f6taidot ja taistelutaidot kilpailivat kesken\u00e4\u00e4n. Druidit vihkiv\u00e4t uusia sotureita Lughin kunniaksi.<\/p><h3>Loitsut ja rukoukset<\/h3><p>Lughin rukoukset olivat tyypillisesti aamurituaaleja ennen taistelua tai taiteellista ty\u00f6t\u00e4: \u00bbLugh, kaikkien taiteiden valo, valaise minun tieni.\u00ab Bardit kutsuivat h\u00e4nt\u00e4 avukseen innoituksen saamiseksi runokilpailuissa. Klassinen <span class=\"iwg-fachbegriff\" data-tooltip=\"Jumaluuden tai voiman pyyt\u00e4v\u00e4 tai loitsiva puhutteleminen.\" tabindex=\"0\">rukous<\/span> kuului: \u00bbSamhildanach Lugh, joka hallitsee kaikki taidot, anna minulle viisautta ja voimaa.\u00ab<\/p><h3>Amuletit ja suojasymbolit<\/h3><p>Aurinkopy\u00f6r\u00e4 ja kultainen spiraali olivat Lughin symboleja. Soturit kantoivat \u00bbLughin keih\u00e4st\u00e4\u00ab (symbolisesti ase-<span class=\"iwg-fachbegriff\" data-tooltip=\"Kannettava esine, jolle uskotaan suojaava, pahaa torjuva vaikutus.\" tabindex=\"0\">amulettina<\/span>), ja taiteilijat kantoivat aurinkokivi\u00e4 ja meripihkaa innoituksen kantajina. Spiraalikuvioista kultakorua pidettiin Lughin <span class=\"iwg-fachbegriff\" data-tooltip=\"Onnen ja suojan lupaaminen, usein vakiintuneessa kielellisess\u00e4 muodossa.\" tabindex=\"0\">siunauksena<\/span>.<\/p>\n<p><p><strong>Juutalainen perinne:<\/strong> Ei suoraa vastaavuutta. Et\u00e4isesti sukua ovat Daavid sotilaskuninkaana ja muusikkona (psalminkirjoittajana) sek\u00e4 Salomonin hahmo universaalina viisaana ja taiteilijana.<\/p><p><strong>Kreikkalais-roomalainen maailma:<\/strong> Apollo valon, musiikin, sodan ja parantamisen jumalana. Merkurius\/Hermes taiteilijana, keksij\u00e4n\u00e4 (lyyra) ja universaalina suojelusjumalana. My\u00f6s Ares tai Mars sotaisessa roolissaan. Vertailukelpoisuus on l\u00e4heinen.<\/p><p><strong>Mesopotamia:<\/strong> Shamash valon ja oikeuden jumalana, Nabu taiteiden ja tieteen jumalana, Adad sotajumalana. Kaikilla on Lughin kanssa yhteisi\u00e4 piirteit\u00e4 taistelusta, tiedosta ja jumalallisesta loistosta.<\/p><p><strong>Intia\/Aasia:<\/strong> Indra sotasankarina ja <span class=\"iwg-fachbegriff\" data-tooltip=\"Onnen ja suojan lupaaminen, usein vakiintuneessa kielellisess\u00e4 muodossa.\" tabindex=\"0\">siunauksen<\/span> antajana, Saraswati taiteiden ja musiikin jumalattarena. Buddhalaisessa yhteydess\u00e4 Manjushri viisauden ja taiteiden jumalana. N\u00e4iss\u00e4 n\u00e4kyy kulttuurikohtaisia vastaavuuksia Lughin monilahjakkuuteen.<\/p>\t\t\t\t\t\t\t\t<\/div>\n\t\t\t\t<\/div>\n\t\t\t\t\t<\/div>\n\t\t\t\t<\/div>\n\t\t<div class=\"elementor-element elementor-element-cp977bc6b e-flex e-con-boxed e-con e-parent\" data-id=\"cp977bc6b\" data-element_type=\"container\" data-e-type=\"container\">\n\t\t\t\t\t<div class=\"e-con-inner\">\n\t\t\t\t<div class=\"elementor-element elementor-element-cp5f2b077 elementor-widget elementor-widget-heading\" data-id=\"cp5f2b077\" data-element_type=\"widget\" data-e-type=\"widget\" data-widget_type=\"heading.default\">\n\t\t\t\t\t<h2 class=\"elementor-heading-title elementor-size-default\">Lugh Mag Tuiredin taistelussa<\/h2>\t\t\t\t<\/div>\n\t\t<div class=\"elementor-element elementor-element-cpeedcba8 e-con-full e-flex e-con e-child\" data-id=\"cpeedcba8\" data-element_type=\"container\" data-e-type=\"container\">\n\t\t\t\t<div class=\"elementor-element elementor-element-cp91d9c27 elementor-widget elementor-widget-text-editor\" data-id=\"cp91d9c27\" data-element_type=\"widget\" data-e-type=\"widget\" data-widget_type=\"text-editor.default\">\n\t\t\t\t\t\t\t\t\t<p>T\u00e4rkein kertomus Lughista on <em>Cath Maige Tuired<\/em>, Mag Tuiredin taistelu, jossa T\u00faatha D\u00e9 Danann taistelee fomoreja vastaan. Lughin esiintyminen t\u00e4ss\u00e4 kertomuksessa on yksi irlantilaisen tarustokirjallisuuden tunnetuimmista kohtauksista.<\/p><p>Lugh saapuu kuningas Nuadan hoviin ja vaatii p\u00e4\u00e4st\u00e4 sis\u00e4\u00e4n. Ovenvartija kielt\u00e4ytyy p\u00e4\u00e4st\u00e4m\u00e4st\u00e4 h\u00e4nt\u00e4, sill\u00e4 h\u00e4nen mukaansa kaikkien sis\u00e4\u00e4n p\u00e4\u00e4sevien on hallittava jokin taito.<\/p><p>Lugh luettelee vuorotellen joukon taitojaan: h\u00e4n kertoo olevansa puusepp\u00e4, sepp\u00e4, sotilas, harpunsoittaja, runoilija, parantaja, juomanlaskija ja monta muuta. Joka kerta ovenvartija vastaa, ett\u00e4 hovissa on jo t\u00e4llainen taitaja. Lopulta Lugh kysyy, hallitseeko kukaan hovissa kaikkia n\u00e4it\u00e4 taitoja yht\u00e4 aikaa. Kun t\u00e4h\u00e4n on vastattava kielt\u00e4v\u00e4sti, Lugh p\u00e4\u00e4stet\u00e4\u00e4n sis\u00e4\u00e4n.<\/p><p>T\u00e4st\u00e4 kohtauksesta on per\u00e4isin yksi Lughin tunnetuimmista lis\u00e4nimist\u00e4, <em>Samild\u00e1nach<\/em>, joka merkitsee jotakuinkin monessa taidossa taitavaa. Lugh ei ole yhden ainoan taidon erikoisosaaja, vaan h\u00e4n yhdist\u00e4\u00e4 kaikki taidot itsess\u00e4\u00e4n. Itse taistelussa h\u00e4n ottaa johtajan roolin ja edist\u00e4\u00e4 taikuudellaan ja ohjeillaan merkitt\u00e4v\u00e4sti voittoa.<\/p><p>Keskeinen k\u00e4\u00e4nne on Balorin, fomorien johtajan, surmaaminen. Balorilla on tuhoisa silm\u00e4. <span class=\"iwg-fachbegriff\" data-tooltip=\"Tiedon ja kertomusten siirtyminen sukupolvelta toiselle.\" tabindex=\"0\">Perim\u00e4tiedon<\/span> mukaan Balor on Lughin isois\u00e4, sill\u00e4 ennustus oli sanonut, ett\u00e4 Balor kuolisi lapsenlapsensa kautta.<\/p><p>Lugh osuu Balorin kuolettavaan silm\u00e4\u00e4n ja t\u00e4ytt\u00e4\u00e4 siten <span class=\"iwg-fachbegriff\" data-tooltip=\"Tulevien tapahtumien ennustaminen uskonnollisin tai maagisin keinoin.\" tabindex=\"0\">ennustuksen<\/span>. T\u00e4m\u00e4 sankari- ja sukuhistorian yhdistyminen, lapsenlapsi, joka surmaa isois\u00e4ns\u00e4, on vanha kertomuskaava, joka nostaa Mag Tuiredin taistelun tavanomaisen sotakertomuksen yl\u00e4puolelle.<\/p>\t\t\t\t\t\t\t\t<\/div>\n\t\t\t\t<\/div>\n\t\t\t\t\t<\/div>\n\t\t\t\t<\/div>\n\t\t<div class=\"elementor-element elementor-element-cpfc80b04 e-flex e-con-boxed e-con e-parent\" data-id=\"cpfc80b04\" data-element_type=\"container\" data-e-type=\"container\">\n\t\t\t\t\t<div class=\"e-con-inner\">\n\t\t\t\t<div class=\"elementor-element elementor-element-cpd6c6169 elementor-widget elementor-widget-heading\" data-id=\"cpd6c6169\" data-element_type=\"widget\" data-e-type=\"widget\" data-widget_type=\"heading.default\">\n\t\t\t\t\t<h2 class=\"elementor-heading-title elementor-size-default\">Lugnasad: juhla ja nimi maisemassa<\/h2>\t\t\t\t<\/div>\n\t\t<div class=\"elementor-element elementor-element-cp670b9ce e-con-full e-flex e-con e-child\" data-id=\"cp670b9ce\" data-element_type=\"container\" data-e-type=\"container\">\n\t\t\t\t<div class=\"elementor-element elementor-element-cp154f098 elementor-widget elementor-widget-text-editor\" data-id=\"cp154f098\" data-element_type=\"widget\" data-e-type=\"widget\" data-widget_type=\"text-editor.default\">\n\t\t\t\t\t\t\t\t\t<p>Lughiin liittyy yksi irlantilaisen vuoden nelj\u00e4st\u00e4 suuresta juhlasta, <em>Lugnasad<\/em>, jota vietettiin elokuun alussa. Nimi merkitsee jotakuinkin Lughin kokoontumista.<\/p><p>Keskiaikaiset irlantilaiset tekstit selitt\u00e4v\u00e4t juhlan sill\u00e4, ett\u00e4 Lugh perusti sen kasvatti- tai adoptio\u00e4itins\u00e4 Tailtiun kunniaksi, joka kuoli raivattuaan tasangon. Juhla oli n\u00e4in ollen alun perin muisto- ja kokoontumisjuhla.<\/p><p>Lugnasad ajoittui viljasadonkorjuun alkuun ja siihen liittyi kokoontumisia, kilpailuja, markkinoita ja oikeudellisia kokouksia. T\u00e4llaisilla vuodenaikaan sidotuilla suurkokoontumisilla oli irlantilaisessa yhteiskunnassa t\u00e4rke\u00e4 sosiaalinen ja poliittinen merkitys.<\/p><p>Se, ett\u00e4 jumalan katsottiin perustaneen t\u00e4llaisen juhlan, osoittaa, kuinka l\u00e4heisesti myyttinen kertomus ja eletty yhteiskuntaj\u00e4rjestys olivat yhteydess\u00e4 toisiinsa <span class=\"iwg-fachbegriff\" data-tooltip=\"Tiedon ja kertomusten siirtyminen sukupolvelta toiselle.\" tabindex=\"0\">perim\u00e4tiedossa<\/span>.<\/p><p>Nimi Lugh on lis\u00e4ksi j\u00e4tt\u00e4nyt j\u00e4lki\u00e4 eurooppalaiseen maisemaan. Tutkimuksessa useiden Lug-elementill\u00e4 muodostettujen paikannimien katsotaan liittyv\u00e4n jumalaan, joka vastaa irlantilaista Lughia ja walesilaisessa perinteess\u00e4 Lleu-nimell\u00e4 tunnettua sankaria.<\/p><p>Tunnetuin tapaus on Ranskan kaupunki Lyon, jonka antiikin nimi Lugdunum tulkitaan usein Lugusin linnoitukseksi tai kukkulaksi, vaikka nimen ensimm\u00e4isen osan tarkka selitys on tutkimuksessa kiistanalainen. T\u00e4llaiset nimet viittaavat siihen, ett\u00e4 sukulainen <span class=\"iwg-fachbegriff\" data-tooltip=\"Uskonnossa jumalallisena kunnioitettu olento.\" tabindex=\"0\">jumaluus<\/span> oli palvottu ei vain Irlannissa, vaan laajemmin kelttil\u00e4isell\u00e4 alueella.<\/p>\t\t\t\t\t\t\t\t<\/div>\n\t\t\t\t<\/div>\n\t\t\t\t\t<\/div>\n\t\t\t\t<\/div>\n\t\t<div class=\"elementor-element elementor-element-cpcc3173c e-flex e-con-boxed e-con e-parent\" data-id=\"cpcc3173c\" data-element_type=\"container\" data-e-type=\"container\">\n\t\t\t\t\t<div class=\"e-con-inner\">\n\t\t\t\t<div class=\"elementor-element elementor-element-cp3c06964 elementor-widget elementor-widget-heading\" data-id=\"cp3c06964\" data-element_type=\"widget\" data-e-type=\"widget\" data-widget_type=\"heading.default\">\n\t\t\t\t\t<h2 class=\"elementor-heading-title elementor-size-default\">Lleu Llaw Gyffes: walesilainen sukulainen<\/h2>\t\t\t\t<\/div>\n\t\t<div class=\"elementor-element elementor-element-cpdca373e e-con-full e-flex e-con e-child\" data-id=\"cpdca373e\" data-element_type=\"container\" data-e-type=\"container\">\n\t\t\t\t<div class=\"elementor-element elementor-element-cpe868a3a elementor-widget elementor-widget-text-editor\" data-id=\"cpe868a3a\" data-element_type=\"widget\" data-e-type=\"widget\" data-widget_type=\"text-editor.default\">\n\t\t\t\t\t\t\t\t\t<p>Walesilaisessa tarustossa Lughilla on vastine Lleu Llaw Gyffesin hahmossa, jonka tarina kerrotaan <em>Mabinogin<\/em> nelj\u00e4nness\u00e4 osassa, keskiaikaisten walesilaisten kertomusten kokoelmassa.<\/p><p>Lleu syntyy poikkeuksellisissa olosuhteissa, ja h\u00e4nen \u00e4itins\u00e4 Arianrhod langettaa h\u00e4nelle kolme kohtalonm\u00e4\u00e4r\u00e4yst\u00e4: h\u00e4n ei saa nime\u00e4, ei aseita eik\u00e4 puolisoa maallisesta suvusta.<\/p><p>Velho Gwydion kiert\u00e4\u00e4 kunkin n\u00e4ist\u00e4 m\u00e4\u00e4r\u00e4yksist\u00e4: h\u00e4n antaa Lleulle nimen kavalasti, hankkii h\u00e4nelle aseet ja luo h\u00e4nelle toisen velhon kanssa vaimon kukista, Blodeuwedd.<\/p><p>Tarina saa synk\u00e4n k\u00e4\u00e4nteen, kun Blodeuwedd rakastuu toiseen mieheen ja t\u00e4m\u00e4n avulla surmaa Lleun l\u00e4hes kuoliaaksi.<\/p><p>Lleu voidaan vahingoittaa vain hyvin erikoisissa olosuhteissa, ja kun n\u00e4m\u00e4 olosuhteet saadaan kavalasti aikaan, h\u00e4n saa osuman, muuttuu kotkaksi ja pakenee vaikeasti haavoittuneena. Gwydion l\u00f6yt\u00e4\u00e4 h\u00e4net lopulta, palauttaa h\u00e4nen hahmonsa ja auttaa h\u00e4nt\u00e4 kostamaan.<\/p><p>Tutkimuksessa on pitk\u00e4\u00e4n keskusteltu Lughin ja Lleun suhteesta. Nimet ovat kielihistoriallisesti sukua toisilleen, ja molemmilla hahmoilla on yhteisi\u00e4 piirteit\u00e4, kuten poikkeuksellinen syntym\u00e4 ja el\u00e4m\u00e4n ja kuoleman erityiset ehdot.<\/p><p>Samalla kertomukset ovat kovin erilaisia, ja olisi harhaanjohtavaa lukea Lleu yksinkertaisesti irlantilaisen Lughin walesilaisena vastineena. Todenn\u00e4k\u00f6isemp\u00e4\u00e4 on, ett\u00e4 molemmat juontuvat yhteisest\u00e4 vanhemmasta hahmosta, joka on kehittynyt Irlannissa ja Walesissa omiin suuntiinsa. Irlantilaisen tarustoaineiston sukulaishahmoja ovat esimerkiksi <a href=\"https:\/\/iwell-guard.com\/fi\/?page_id=143996\">Morr\u00edgan<\/a> ja <a href=\"https:\/\/iwell-guard.com\/fi\/?page_id=143995\">Dagda<\/a>.<\/p>\t\t\t\t\t\t\t\t<\/div>\n\t\t\t\t<\/div>\n\t\t\t\t\t<\/div>\n\t\t\t\t<\/div>\n\t\t<div class=\"elementor-element elementor-element-36dd7469 e-flex e-con-boxed e-con e-parent\" data-id=\"36dd7469\" data-element_type=\"container\" data-e-type=\"container\">\n\t\t\t\t\t<div class=\"e-con-inner\">\n\t\t\t\t<div class=\"elementor-element elementor-element-13760ab4 elementor-widget elementor-widget-heading\" data-id=\"13760ab4\" data-element_type=\"widget\" data-e-type=\"widget\" data-widget_type=\"heading.default\">\n\t\t\t\t\t<h2 class=\"elementor-heading-title elementor-size-default\">Aiheeseen liittyv\u00e4t linkit<\/h2>\t\t\t\t<\/div>\n\t\t<div class=\"elementor-element elementor-element-28c87796 e-con-full e-flex e-con e-child\" data-id=\"28c87796\" data-element_type=\"container\" data-e-type=\"container\">\n\t\t\t\t<div class=\"elementor-element elementor-element-5d6538df elementor-widget elementor-widget-text-editor\" data-id=\"5d6538df\" data-element_type=\"widget\" data-e-type=\"widget\" data-widget_type=\"text-editor.default\">\n\t\t\t\t\t\t\t\t\t<ul><li><a href=\"https:\/\/iwell-guard.com\/fi\/?page_id=144068\">Manannan mac Lir, merenjumala<\/a><\/li><li><a href=\"https:\/\/iwell-guard.com\/fi\/?page_id=143995\">Dagda, is\u00e4njumala<\/a><\/li><\/ul>\n\t\t\t\t\t\t\t\t<\/div>\n\t\t\t\t<\/div>\n\t\t\t\t\t<\/div>\n\t\t\t\t<\/div>\n\t\t<div class=\"elementor-element elementor-element-grl4kl40 e-flex e-con-boxed e-con e-parent\" data-id=\"grl4kl40\" data-element_type=\"container\" data-e-type=\"container\">\n\t\t\t\t\t<div class=\"e-con-inner\">\n\t\t\t\t<div class=\"elementor-element elementor-element-bzsbfrmh elementor-widget elementor-widget-heading\" data-id=\"bzsbfrmh\" data-element_type=\"widget\" data-e-type=\"widget\" data-widget_type=\"heading.default\">\n\t\t\t\t\t<h2 class=\"elementor-heading-title elementor-size-default\">Tutkimuskirjallisuus<\/h2>\t\t\t\t<\/div>\n\t\t<div class=\"elementor-element elementor-element-2c13224a e-con-full e-flex e-con e-child\" data-id=\"2c13224a\" data-element_type=\"container\" data-e-type=\"container\">\n\t\t\t\t<div class=\"elementor-element elementor-element-0eymh9ub elementor-widget elementor-widget-text-editor\" data-id=\"0eymh9ub\" data-element_type=\"widget\" data-e-type=\"widget\" data-widget_type=\"text-editor.default\">\n\t\t\t\t\t\t\t\t\t<footer class=\"iwg-literatur\" data-nosnippet=\"true\"><ul><li><span data-nosnippet>\u00d3 h\u00d3g\u00e1in, D.: <em>Myth, Legend and Romance<\/em>. Prentice Hall, 1990.<\/span><\/li><li><span data-nosnippet>MacKillop, J.: <em>Dictionary of Celtic Mythology<\/em>. Oxford University Press, 2004.<\/span><\/li><\/ul>\n<\/footer>\n<p class=\"iwg-bib-more\"><span data-nosnippet>Lis\u00e4\u00e4 perusteoksia <a href=\"https:\/\/iwell-guard.com\/fi\/?page_id=143965\">kirjallisuusluettelossa<\/a>.<\/span><\/p>\t\t\t\t\t\t\t\t<\/div>\n\t\t\t\t<\/div>\n\t\t\t\t\t<\/div>\n\t\t\t\t<\/div>\n\t\t\t\t<\/div>\n\t\t","protected":false},"excerpt":{"rendered":"","protected":false},"author":3,"featured_media":1616,"parent":0,"menu_order":0,"comment_status":"closed","ping_status":"closed","template":"elementor_header_footer","meta":{"_yoast_wpseo_focuskw":"Lugh","_yoast_wpseo_title":"Lugh \u2013 kelttil\u00e4inen valon ja taiteiden jumala","_yoast_wpseo_metadesc":"Lugh, kelttil\u00e4inen kaikkien taiteiden mestari: voitto Balorista, Lughnasadh-juhla ja h\u00e4nen j\u00e4lkens\u00e4 Tarasta Lyoniin. Alkuper\u00e4 ja merkitys selitettyn\u00e4.","_yoast_wpseo_meta-robots-noindex":"","_yoast_wpseo_canonical":"","_angie_page":false,"gefaehrdungsstufe":"2","wesen_kultur":"keltisch","wesen_klasse":"goetter","footnotes":""},"categories":[],"class_list":["post-144067","page","type-page","status-publish","has-post-thumbnail","hentry"],"yoast_head":"<!-- This site is optimized with the Yoast SEO Premium plugin v27.7 (Yoast SEO v28.3) - https:\/\/yoast.com\/product\/yoast-seo-premium-wordpress\/ -->\n<title>Lugh \u2013 kelttil\u00e4inen valon ja taiteiden jumala<\/title>\n<meta name=\"description\" content=\"Lugh, kelttil\u00e4inen kaikkien taiteiden mestari: voitto Balorista, Lughnasadh-juhla ja h\u00e4nen j\u00e4lkens\u00e4 Tarasta Lyoniin. Alkuper\u00e4 ja merkitys selitettyn\u00e4.\" \/>\n<meta name=\"robots\" content=\"index, follow, max-snippet:-1, max-image-preview:large, max-video-preview:-1\" \/>\n<link rel=\"canonical\" href=\"https:\/\/iwell-guard.com\/fi\/lugh\/\" \/>\n<meta property=\"og:locale\" content=\"fi_FI\" \/>\n<meta property=\"og:type\" content=\"article\" \/>\n<meta property=\"og:title\" content=\"Lugh\" \/>\n<meta property=\"og:description\" content=\"Lugh, kelttil\u00e4inen kaikkien taiteiden mestari: voitto Balorista, Lughnasadh-juhla ja h\u00e4nen j\u00e4lkens\u00e4 Tarasta Lyoniin. Alkuper\u00e4 ja merkitys selitettyn\u00e4.\" \/>\n<meta property=\"og:url\" content=\"https:\/\/iwell-guard.com\/fi\/lugh\/\" \/>\n<meta property=\"og:site_name\" content=\"iWell Guard\" \/>\n<meta property=\"article:modified_time\" content=\"2026-09-03T12:50:02+00:00\" \/>\n<meta property=\"og:image\" content=\"https:\/\/iwell-guard.com\/wp-content\/uploads\/2026\/04\/goetter_keltisch_lugh.webp\" \/>\n\t<meta property=\"og:image:width\" content=\"1024\" \/>\n\t<meta property=\"og:image:height\" content=\"1536\" \/>\n\t<meta property=\"og:image:type\" content=\"image\/webp\" \/>\n<meta name=\"twitter:card\" content=\"summary_large_image\" \/>\n<script type=\"application\/ld+json\" class=\"yoast-schema-graph\">{\"@context\":\"https:\\\/\\\/schema.org\",\"@graph\":[{\"@type\":\"WebPage\",\"@id\":\"https:\\\/\\\/iwell-guard.com\\\/fi\\\/lugh\\\/\",\"url\":\"https:\\\/\\\/iwell-guard.com\\\/fi\\\/lugh\\\/\",\"name\":\"Lugh \u2013 kelttil\u00e4inen valon ja taiteiden jumala\",\"isPartOf\":{\"@id\":\"https:\\\/\\\/iwell-guard.com\\\/fi\\\/#website\"},\"primaryImageOfPage\":{\"@id\":\"https:\\\/\\\/iwell-guard.com\\\/fi\\\/lugh\\\/#primaryimage\"},\"image\":{\"@id\":\"https:\\\/\\\/iwell-guard.com\\\/fi\\\/lugh\\\/#primaryimage\"},\"thumbnailUrl\":\"https:\\\/\\\/iwell-guard.com\\\/wp-content\\\/uploads\\\/2026\\\/04\\\/goetter_keltisch_lugh.webp\",\"datePublished\":\"2026-09-03T12:31:38+00:00\",\"dateModified\":\"2026-09-03T12:50:02+00:00\",\"description\":\"Lugh, kelttil\u00e4inen kaikkien taiteiden mestari: voitto Balorista, Lughnasadh-juhla ja h\u00e4nen j\u00e4lkens\u00e4 Tarasta Lyoniin. Alkuper\u00e4 ja merkitys selitettyn\u00e4.\",\"breadcrumb\":{\"@id\":\"https:\\\/\\\/iwell-guard.com\\\/fi\\\/lugh\\\/#breadcrumb\"},\"inLanguage\":\"fi\",\"potentialAction\":[{\"@type\":\"ReadAction\",\"target\":[\"https:\\\/\\\/iwell-guard.com\\\/fi\\\/lugh\\\/\"]}]},{\"@type\":\"ImageObject\",\"inLanguage\":\"fi\",\"@id\":\"https:\\\/\\\/iwell-guard.com\\\/fi\\\/lugh\\\/#primaryimage\",\"url\":\"https:\\\/\\\/iwell-guard.com\\\/wp-content\\\/uploads\\\/2026\\\/04\\\/goetter_keltisch_lugh.webp\",\"contentUrl\":\"https:\\\/\\\/iwell-guard.com\\\/wp-content\\\/uploads\\\/2026\\\/04\\\/goetter_keltisch_lugh.webp\",\"width\":1024,\"height\":1536,\"caption\":\"Kelttil\u00e4isen perinteen jumalia.\"},{\"@type\":\"BreadcrumbList\",\"@id\":\"https:\\\/\\\/iwell-guard.com\\\/fi\\\/lugh\\\/#breadcrumb\",\"itemListElement\":[{\"@type\":\"ListItem\",\"position\":1,\"name\":\"Start\",\"item\":\"https:\\\/\\\/iwell-guard.com\\\/fi\\\/?page_id=143815\"},{\"@type\":\"ListItem\",\"position\":2,\"name\":\"Lugh\"}]},{\"@type\":\"WebSite\",\"@id\":\"https:\\\/\\\/iwell-guard.com\\\/fi\\\/#website\",\"url\":\"https:\\\/\\\/iwell-guard.com\\\/fi\\\/\",\"name\":\"iWell Guard\",\"description\":\"Schutz vor dunklen Einfl\u00fcssen\",\"publisher\":{\"@id\":\"https:\\\/\\\/iwell-guard.com\\\/fi\\\/#organization\"},\"potentialAction\":[{\"@type\":\"SearchAction\",\"target\":{\"@type\":\"EntryPoint\",\"urlTemplate\":\"https:\\\/\\\/iwell-guard.com\\\/fi\\\/?s={search_term_string}\"},\"query-input\":{\"@type\":\"PropertyValueSpecification\",\"valueRequired\":true,\"valueName\":\"search_term_string\"}}],\"inLanguage\":\"fi\"},{\"@type\":\"Organization\",\"@id\":\"https:\\\/\\\/iwell-guard.com\\\/fi\\\/#organization\",\"name\":\"Ittermann electronic GmbH\",\"url\":\"https:\\\/\\\/iwell-guard.com\\\/fi\\\/\",\"logo\":{\"@type\":\"ImageObject\",\"inLanguage\":\"fi\",\"@id\":\"https:\\\/\\\/iwell-guard.com\\\/fi\\\/#\\\/schema\\\/logo\\\/image\\\/\",\"url\":\"https:\\\/\\\/iwell-guard.com\\\/wp-content\\\/uploads\\\/2026\\\/05\\\/Ittermann-Logo-1182x237-1.png\",\"contentUrl\":\"https:\\\/\\\/iwell-guard.com\\\/wp-content\\\/uploads\\\/2026\\\/05\\\/Ittermann-Logo-1182x237-1.png\",\"width\":1182,\"height\":237,\"caption\":\"Ittermann electronic GmbH\"},\"image\":{\"@id\":\"https:\\\/\\\/iwell-guard.com\\\/fi\\\/#\\\/schema\\\/logo\\\/image\\\/\"},\"sameAs\":[\"https:\\\/\\\/pantip.com\\\/profile\\\/9367242\",\"https:\\\/\\\/micro.blog\\\/iwellguard\",\"https:\\\/\\\/www.diggerslist.com\\\/iwellguard\\\/about\",\"https:\\\/\\\/skitterphoto.com\\\/photographers\\\/2870314\\\/iwell-guard\",\"https:\\\/\\\/iwellguard.wordpress.com\\\/2026\\\/06\\\/06\\\/iwell-guard\\\/\",\"https:\\\/\\\/hub.docker.com\\\/u\\\/iwellguard\",\"https:\\\/\\\/www.pinterest.com\\\/iwellguard\\\/\",\"https:\\\/\\\/bit.ly\\\/m\\\/iwellguard\",\"https:\\\/\\\/entre-vos-mains.alsace.eu\\\/profiles\\\/iwellguard\\\/activity\",\"https:\\\/\\\/gravatar.com\\\/reallybeded8fd34\",\"https:\\\/\\\/naijamatta.com\\\/iwellguard\",\"https:\\\/\\\/www.goodreads.com\\\/iwellguard\",\"https:\\\/\\\/profile.hatena.ne.jp\\\/iwellguard\\\/\",\"https:\\\/\\\/experiment.com\\\/users\\\/iwellguard\",\"https:\\\/\\\/wakelet.com\\\/@iWellGuard82270\",\"https:\\\/\\\/www.chordie.com\\\/forum\\\/profile.php?id=2555664\",\"https:\\\/\\\/www.instapaper.com\\\/p\\\/17757966\",\"https:\\\/\\\/www.mapleprimes.com\\\/users\\\/iwellguard\",\"https:\\\/\\\/businesslistingplus.com\\\/profile\\\/iwell-guard\\\/\",\"https:\\\/\\\/telegra.ph\\\/iWell-Guard-06-06\",\"https:\\\/\\\/pbase.com\\\/iwellguard\\\/iwellguard\",\"https:\\\/\\\/b.hatena.ne.jp\\\/iwellguard\\\/20260607#bookmark-4788405196491818882\",\"https:\\\/\\\/fliphtml5.com\\\/home\\\/iwellguard\",\"https:\\\/\\\/anyflip.com\\\/homepage\\\/cmiwl#About\",\"https:\\\/\\\/transfur.com\\\/Users\\\/iwellguard\",\"http:\\\/\\\/delphi.larsbo.org\\\/user\\\/iwellguard\",\"https:\\\/\\\/jobs.lajobsportal.org\\\/profiles\\\/8380803-iwell-guard\",\"https:\\\/\\\/md.chaosdorf.de\\\/s\\\/jfbe5SBdJD\",\"https:\\\/\\\/www.lingvolive.com\\\/en-us\\\/profile\\\/9ecaeaca-ce11-4e51-9e71-01d55e2bff36\\\/translations\",\"https:\\\/\\\/www.fitday.com\\\/fitness\\\/forums\\\/members\\\/iwellguard.html\",\"https:\\\/\\\/www.mymeetbook.com\\\/iwellguard\",\"https:\\\/\\\/pxhere.com\\\/en\\\/photographer-me\\\/5040798\",\"https:\\\/\\\/disqus.com\\\/by\\\/iwellguard\\\/about\\\/\",\"https:\\\/\\\/pastelink.net\\\/hjwciqwq\",\"https:\\\/\\\/pubhtml5.com\\\/homepage\\\/scjhn\\\/\",\"https:\\\/\\\/www.bitchute.com\\\/channel\\\/2O2eOKzNqujT\",\"https:\\\/\\\/audiomack.com\\\/iwellguard\"]},{\"@type\":\"Article\",\"@id\":\"https:\\\/\\\/iwell-guard.com\\\/fi\\\/lugh\\\/#article\",\"isPartOf\":{\"@id\":\"https:\\\/\\\/iwell-guard.com\\\/fi\\\/lugh\\\/\"},\"author\":{\"name\":\"Ralf Ittermann\",\"@id\":\"https:\\\/\\\/iwell-guard.com\\\/fi\\\/#\\\/schema\\\/person\\\/ee2a27f1cac3406c7c6fb5820cb7349f\"},\"headline\":\"Lugh\",\"datePublished\":\"2026-09-03T12:31:38+00:00\",\"dateModified\":\"2026-09-03T12:50:02+00:00\",\"mainEntityOfPage\":{\"@id\":\"https:\\\/\\\/iwell-guard.com\\\/fi\\\/lugh\\\/\"},\"publisher\":{\"@id\":\"https:\\\/\\\/iwell-guard.com\\\/fi\\\/#organization\"},\"image\":{\"@id\":\"https:\\\/\\\/iwell-guard.com\\\/fi\\\/lugh\\\/#primaryimage\"},\"thumbnailUrl\":\"https:\\\/\\\/iwell-guard.com\\\/wp-content\\\/uploads\\\/2026\\\/04\\\/goetter_keltisch_lugh.webp\",\"inLanguage\":\"fi\",\"description\":\"Lugh, kelttil\u00e4inen kaikkien taiteiden mestari: voitto Balorista, Lughnasadh-juhla ja h\u00e4nen j\u00e4lkens\u00e4 Tarasta Lyoniin. Alkuper\u00e4 ja merkitys selitettyn\u00e4.\"}]}<\/script>\n<!-- \/ Yoast SEO Premium plugin. -->","yoast_head_json":{"title":"Lugh \u2013 kelttil\u00e4inen valon ja taiteiden jumala","description":"Lugh, kelttil\u00e4inen kaikkien taiteiden mestari: voitto Balorista, Lughnasadh-juhla ja h\u00e4nen j\u00e4lkens\u00e4 Tarasta Lyoniin. Alkuper\u00e4 ja merkitys selitettyn\u00e4.","robots":{"index":"index","follow":"follow","max-snippet":"max-snippet:-1","max-image-preview":"max-image-preview:large","max-video-preview":"max-video-preview:-1"},"canonical":"https:\/\/iwell-guard.com\/fi\/lugh\/","og_locale":"fi_FI","og_type":"article","og_title":"Lugh","og_description":"Lugh, kelttil\u00e4inen kaikkien taiteiden mestari: voitto Balorista, Lughnasadh-juhla ja h\u00e4nen j\u00e4lkens\u00e4 Tarasta Lyoniin. Alkuper\u00e4 ja merkitys selitettyn\u00e4.","og_url":"https:\/\/iwell-guard.com\/fi\/lugh\/","og_site_name":"iWell Guard","article_modified_time":"2026-09-03T12:50:02+00:00","og_image":[{"width":1024,"height":1536,"url":"https:\/\/iwell-guard.com\/wp-content\/uploads\/2026\/04\/goetter_keltisch_lugh.webp","type":"image\/webp"}],"twitter_card":"summary_large_image","schema":{"@context":"https:\/\/schema.org","@graph":[{"@type":"Article","@id":"https:\/\/iwell-guard.com\/fi\/lugh\/#article","isPartOf":{"@id":"https:\/\/iwell-guard.com\/fi\/lugh\/"},"author":{"name":"Ralf Ittermann","@id":"https:\/\/iwell-guard.com\/fi\/#\/schema\/person\/ee2a27f1cac3406c7c6fb5820cb7349f"},"headline":"Lugh","datePublished":"2026-09-03T12:31:38+00:00","dateModified":"2026-09-03T12:50:02+00:00","mainEntityOfPage":{"@id":"https:\/\/iwell-guard.com\/fi\/lugh\/"},"publisher":{"@id":"https:\/\/iwell-guard.com\/fi\/#organization"},"image":{"@id":"https:\/\/iwell-guard.com\/fi\/lugh\/#primaryimage"},"thumbnailUrl":"https:\/\/iwell-guard.com\/wp-content\/uploads\/2026\/04\/goetter_keltisch_lugh.webp","inLanguage":"fi","description":"Lugh, kelttil\u00e4inen kaikkien taiteiden mestari: voitto Balorista, Lughnasadh-juhla ja h\u00e4nen j\u00e4lkens\u00e4 Tarasta Lyoniin. Alkuper\u00e4 ja merkitys selitettyn\u00e4."},{"@type":"WebPage","@id":"https:\/\/iwell-guard.com\/fi\/lugh\/","url":"https:\/\/iwell-guard.com\/fi\/lugh\/","name":"Lugh \u2013 kelttil\u00e4inen valon ja taiteiden jumala","isPartOf":{"@id":"https:\/\/iwell-guard.com\/fi\/#website"},"primaryImageOfPage":{"@id":"https:\/\/iwell-guard.com\/fi\/lugh\/#primaryimage"},"image":{"@id":"https:\/\/iwell-guard.com\/fi\/lugh\/#primaryimage"},"thumbnailUrl":"https:\/\/iwell-guard.com\/wp-content\/uploads\/2026\/04\/goetter_keltisch_lugh.webp","datePublished":"2026-09-03T12:31:38+00:00","dateModified":"2026-09-03T12:50:02+00:00","description":"Lugh, kelttil\u00e4inen kaikkien taiteiden mestari: voitto Balorista, Lughnasadh-juhla ja h\u00e4nen j\u00e4lkens\u00e4 Tarasta Lyoniin. Alkuper\u00e4 ja merkitys selitettyn\u00e4.","breadcrumb":{"@id":"https:\/\/iwell-guard.com\/fi\/lugh\/#breadcrumb"},"inLanguage":"fi","potentialAction":[{"@type":"ReadAction","target":["https:\/\/iwell-guard.com\/fi\/lugh\/"]}]},{"@type":"ImageObject","inLanguage":"fi","@id":"https:\/\/iwell-guard.com\/fi\/lugh\/#primaryimage","url":"https:\/\/iwell-guard.com\/wp-content\/uploads\/2026\/04\/goetter_keltisch_lugh.webp","contentUrl":"https:\/\/iwell-guard.com\/wp-content\/uploads\/2026\/04\/goetter_keltisch_lugh.webp","width":1024,"height":1536,"caption":"Kelttil\u00e4isen perinteen jumalia."},{"@type":"BreadcrumbList","@id":"https:\/\/iwell-guard.com\/fi\/lugh\/#breadcrumb","itemListElement":[{"@type":"ListItem","position":1,"name":"Start","item":"https:\/\/iwell-guard.com\/fi\/?page_id=143815"},{"@type":"ListItem","position":2,"name":"Lugh"}]},{"@type":"WebSite","@id":"https:\/\/iwell-guard.com\/fi\/#website","url":"https:\/\/iwell-guard.com\/fi\/","name":"iWell Guard","description":"Schutz vor dunklen Einfl\u00fcssen","publisher":{"@id":"https:\/\/iwell-guard.com\/fi\/#organization"},"potentialAction":[{"@type":"SearchAction","target":{"@type":"EntryPoint","urlTemplate":"https:\/\/iwell-guard.com\/fi\/?s={search_term_string}"},"query-input":{"@type":"PropertyValueSpecification","valueRequired":true,"valueName":"search_term_string"}}],"inLanguage":"fi"},{"@type":"Organization","@id":"https:\/\/iwell-guard.com\/fi\/#organization","name":"Ittermann electronic GmbH","url":"https:\/\/iwell-guard.com\/fi\/","logo":{"@type":"ImageObject","inLanguage":"fi","@id":"https:\/\/iwell-guard.com\/fi\/#\/schema\/logo\/image\/","url":"https:\/\/iwell-guard.com\/wp-content\/uploads\/2026\/05\/Ittermann-Logo-1182x237-1.png","contentUrl":"https:\/\/iwell-guard.com\/wp-content\/uploads\/2026\/05\/Ittermann-Logo-1182x237-1.png","width":1182,"height":237,"caption":"Ittermann electronic GmbH"},"image":{"@id":"https:\/\/iwell-guard.com\/fi\/#\/schema\/logo\/image\/"},"sameAs":["https:\/\/pantip.com\/profile\/9367242","https:\/\/micro.blog\/iwellguard","https:\/\/www.diggerslist.com\/iwellguard\/about","https:\/\/skitterphoto.com\/photographers\/2870314\/iwell-guard","https:\/\/iwellguard.wordpress.com\/2026\/06\/06\/iwell-guard\/","https:\/\/hub.docker.com\/u\/iwellguard","https:\/\/www.pinterest.com\/iwellguard\/","https:\/\/bit.ly\/m\/iwellguard","https:\/\/entre-vos-mains.alsace.eu\/profiles\/iwellguard\/activity","https:\/\/gravatar.com\/reallybeded8fd34","https:\/\/naijamatta.com\/iwellguard","https:\/\/www.goodreads.com\/iwellguard","https:\/\/profile.hatena.ne.jp\/iwellguard\/","https:\/\/experiment.com\/users\/iwellguard","https:\/\/wakelet.com\/@iWellGuard82270","https:\/\/www.chordie.com\/forum\/profile.php?id=2555664","https:\/\/www.instapaper.com\/p\/17757966","https:\/\/www.mapleprimes.com\/users\/iwellguard","https:\/\/businesslistingplus.com\/profile\/iwell-guard\/","https:\/\/telegra.ph\/iWell-Guard-06-06","https:\/\/pbase.com\/iwellguard\/iwellguard","https:\/\/b.hatena.ne.jp\/iwellguard\/20260607#bookmark-4788405196491818882","https:\/\/fliphtml5.com\/home\/iwellguard","https:\/\/anyflip.com\/homepage\/cmiwl#About","https:\/\/transfur.com\/Users\/iwellguard","http:\/\/delphi.larsbo.org\/user\/iwellguard","https:\/\/jobs.lajobsportal.org\/profiles\/8380803-iwell-guard","https:\/\/md.chaosdorf.de\/s\/jfbe5SBdJD","https:\/\/www.lingvolive.com\/en-us\/profile\/9ecaeaca-ce11-4e51-9e71-01d55e2bff36\/translations","https:\/\/www.fitday.com\/fitness\/forums\/members\/iwellguard.html","https:\/\/www.mymeetbook.com\/iwellguard","https:\/\/pxhere.com\/en\/photographer-me\/5040798","https:\/\/disqus.com\/by\/iwellguard\/about\/","https:\/\/pastelink.net\/hjwciqwq","https:\/\/pubhtml5.com\/homepage\/scjhn\/","https:\/\/www.bitchute.com\/channel\/2O2eOKzNqujT","https:\/\/audiomack.com\/iwellguard"]},{"@type":"Person","@id":"https:\/\/iwell-guard.com\/fi\/#\/schema\/person\/ee2a27f1cac3406c7c6fb5820cb7349f","name":"Ralf Ittermann","image":{"@type":"ImageObject","inLanguage":"fi","@id":"https:\/\/secure.gravatar.com\/avatar\/073c0153e350a5005b68eb752b445fea71f6b24a26da9449ad7e155e6b446c9d?s=96&d=mm&r=g","url":"https:\/\/secure.gravatar.com\/avatar\/073c0153e350a5005b68eb752b445fea71f6b24a26da9449ad7e155e6b446c9d?s=96&d=mm&r=g","contentUrl":"https:\/\/secure.gravatar.com\/avatar\/073c0153e350a5005b68eb752b445fea71f6b24a26da9449ad7e155e6b446c9d?s=96&d=mm&r=g","caption":"Ralf Ittermann"},"givenName":"Ralf","familyName":"Ittermann","jobTitle":"Gesch\u00e4ftsf\u00fchrer und redaktioneller Verantwortlicher","url":"https:\/\/iwell-guard.com\/fi\/author\/claude\/","description":"Ralf Ittermann ist Gesch\u00e4ftsf\u00fchrer der Ittermann electronic GmbH und redaktioneller Verantwortlicher des iWell-Guard-Lexikons. Er verbindet langj\u00e4hrige Erfahrung in der Pr\u00e4zisionsfertigung mit medialer Praxis und religionsgeschichtlicher Quellenarbeit.","worksFor":{"@type":"Organization","name":"Ittermann electronic GmbH","url":"https:\/\/ittermann.de\/","address":{"@type":"PostalAddress","streetAddress":"K\u00f6hlergasse 16-18","postalCode":"99842","addressLocality":"Ruhla","addressCountry":"DE"}},"knowsAbout":["Religionsgeschichte","Mythologie","Mediale Praxis","Energetische Diagnostik","Schutzpraxis","Volksglauben","Westliche Esoterik"]},{"@type":"Article","@id":"https:\/\/iwell-guard.com\/fi\/lugh\/#article","isPartOf":{"@id":"https:\/\/iwell-guard.com\/fi\/lugh\/"},"author":{"name":"Ralf Ittermann","@id":"https:\/\/iwell-guard.com\/fi\/#\/schema\/person\/ee2a27f1cac3406c7c6fb5820cb7349f"},"headline":"Lugh","datePublished":"2026-09-03T12:31:38+00:00","dateModified":"2026-09-03T12:50:02+00:00","mainEntityOfPage":{"@id":"https:\/\/iwell-guard.com\/fi\/lugh\/"},"publisher":{"@id":"https:\/\/iwell-guard.com\/fi\/#organization"},"image":{"@id":"https:\/\/iwell-guard.com\/fi\/lugh\/#primaryimage"},"thumbnailUrl":"https:\/\/iwell-guard.com\/wp-content\/uploads\/2026\/04\/goetter_keltisch_lugh.webp","inLanguage":"fi","description":"Lugh, kelttil\u00e4inen kaikkien taiteiden mestari: voitto Balorista, Lughnasadh-juhla ja h\u00e4nen j\u00e4lkens\u00e4 Tarasta Lyoniin. Alkuper\u00e4 ja merkitys selitettyn\u00e4."}]}},"_links":{"self":[{"href":"https:\/\/iwell-guard.com\/fi\/wp-json\/wp\/v2\/pages\/144067","targetHints":{"allow":["GET"]}}],"collection":[{"href":"https:\/\/iwell-guard.com\/fi\/wp-json\/wp\/v2\/pages"}],"about":[{"href":"https:\/\/iwell-guard.com\/fi\/wp-json\/wp\/v2\/types\/page"}],"author":[{"embeddable":true,"href":"https:\/\/iwell-guard.com\/fi\/wp-json\/wp\/v2\/users\/3"}],"replies":[{"embeddable":true,"href":"https:\/\/iwell-guard.com\/fi\/wp-json\/wp\/v2\/comments?post=144067"}],"version-history":[{"count":0,"href":"https:\/\/iwell-guard.com\/fi\/wp-json\/wp\/v2\/pages\/144067\/revisions"}],"wp:featuredmedia":[{"embeddable":true,"href":"https:\/\/iwell-guard.com\/fi\/wp-json\/wp\/v2\/media\/1616"}],"wp:attachment":[{"href":"https:\/\/iwell-guard.com\/fi\/wp-json\/wp\/v2\/media?parent=144067"}],"wp:term":[{"taxonomy":"category","embeddable":true,"href":"https:\/\/iwell-guard.com\/fi\/wp-json\/wp\/v2\/categories?post=144067"}],"curies":[{"name":"wp","href":"https:\/\/api.w.org\/{rel}","templated":true}]}}