{"id":144063,"date":"2026-09-03T12:31:35","date_gmt":"2026-09-03T12:31:35","guid":{"rendered":"https:\/\/iwell-guard.com\/?page_id=144063"},"modified":"2026-09-03T12:49:56","modified_gmt":"2026-09-03T12:49:56","slug":"brigid","status":"publish","type":"page","link":"https:\/\/iwell-guard.com\/fi\/brigid\/","title":{"rendered":"Brigid"},"content":{"rendered":"\t\t<div data-elementor-type=\"wp-page\" data-elementor-id=\"144063\" class=\"elementor elementor-144063 elementor-2122 elementor-bc-flex-widget\" data-elementor-post-type=\"page\">\n\t\t\t\t<div class=\"elementor-element elementor-element-10fdade e-flex e-con-boxed e-con e-parent\" data-id=\"10fdade\" data-element_type=\"container\" data-e-type=\"container\" data-settings=\"{&quot;background_background&quot;:&quot;classic&quot;}\">\n\t\t\t\t\t<div class=\"e-con-inner\">\n\t\t<div class=\"elementor-element elementor-element-herohlft0 e-flex e-con-boxed e-con e-child\" data-id=\"herohlft0\" data-element_type=\"container\" data-e-type=\"container\">\n\t\t\t\t\t<div class=\"e-con-inner\">\n\t\t<div class=\"elementor-element elementor-element-c3ceb64 e-con-full e-flex e-con e-child\" data-id=\"c3ceb64\" data-element_type=\"container\" data-e-type=\"container\">\n\t\t\t\t<div class=\"elementor-element elementor-element-96ae5e1 elementor-widget elementor-widget-heading\" data-id=\"96ae5e1\" data-element_type=\"widget\" data-e-type=\"widget\" data-widget_type=\"heading.default\">\n\t\t\t\t\t<h1 class=\"elementor-heading-title elementor-size-default\">Brigid, kelttil\u00e4isen perinteen jumalatar<\/h1>\t\t\t\t<\/div>\n\t\t\t\t<div class=\"elementor-element elementor-element-e45238a elementor-widget elementor-widget-text-editor\" data-id=\"e45238a\" data-element_type=\"widget\" data-e-type=\"widget\" data-widget_type=\"text-editor.default\">\n\t\t\t\t\t\t\t\t\t<p>Brigid on kelttil\u00e4isen perinteen jumalatar, joka edustaa tulta, parannustaitoa, runoutta ja k\u00e4sity\u00f6taitoa. H\u00e4n on yksi harvoista kristillis-pakanallisista synkretismeist\u00e4 varhaiskeskiaikaisessa saarikulttuurissa ja muodostaa uskontohistoriallisesti keskeisen todistuksen esikelttil\u00e4isten palvontamuotojen jatkuvuudesta nimellisesti kristillistyneess\u00e4 yhteiskunnassa.<\/p>\t\t\t\t\t\t\t\t<\/div>\n\t\t\t\t<\/div>\n\t\t<div class=\"elementor-element elementor-element-klsbdg01 e-con-full e-flex e-con e-parent\" data-id=\"klsbdg01\" data-element_type=\"container\" data-e-type=\"container\">\n\t\t\t\t<div class=\"elementor-element elementor-element-klshtm01 elementor-widget elementor-widget-html\" data-id=\"klshtm01\" data-element_type=\"widget\" data-e-type=\"widget\" data-widget_type=\"html.default\">\n\t\t\t\t\t<div class=\"iwg-pill-row\"><span class=\"iwg-klasse-badge\" tabindex=\"0\" data-tooltip=\"Jumala \/ jumalatar: Kulttuurin pantheonin henkil\u00f6ity korkein voima, jolla on selke\u00e4t vastuualueet, luonnonvoimat, kohtalo, sota, hedelm\u00e4llisyys. Palvottu kulttien, uhrien ja temppeli-instituutioiden kautta.\">Jumalatar<\/span><a href=\"https:\/\/iwell-guard.com\/fi\/?page_id=143850\" class=\"iwg-kultur-badge\" tabindex=\"0\" data-tooltip=\"L\u00e4nsi-Euroopan ja Brittein saarten kelttil\u00e4inen uskonto, joka on v\u00e4littynyt myyttisesti irlantilais-walesilaisten tekstien kautta.\">Kelttil\u00e4inen<\/a><a href=\"https:\/\/iwell-guard.com\/fi\/?page_id=143943\" class=\"iwg-tradition-badge\" tabindex=\"0\" data-tooltip=\"Suojelevia jumaluuksia, kodin, kaupungin, syntymien, matkojen tai el\u00e4m\u00e4nvaiheiden vartijoita.\">Suojelujumaluus<\/a><\/div>\t\t\t\t<\/div>\n\t\t\t\t<\/div>\n\t\t<div class=\"elementor-element elementor-element-3f74855 e-con-full e-flex e-con e-child\" data-id=\"3f74855\" data-element_type=\"container\" data-e-type=\"container\">\n\t\t\t\t<div class=\"elementor-element elementor-element-1c30362 elementor-toc--minimized-on-tablet elementor-widget elementor-widget-table-of-contents\" data-id=\"1c30362\" data-element_type=\"widget\" data-e-type=\"widget\" data-settings=\"{&quot;exclude_headings_by_selector&quot;:[],&quot;no_headings_message&quot;:&quot;T\\u00e4lt\\u00e4 sivulta ei l\\u00f6ytynyt otsikoita.&quot;,&quot;headings_by_tags&quot;:[&quot;h2&quot;,&quot;h3&quot;],&quot;marker_view&quot;:&quot;bullets&quot;,&quot;minimize_box&quot;:&quot;yes&quot;,&quot;icon&quot;:{&quot;value&quot;:&quot;fas fa-circle&quot;,&quot;library&quot;:&quot;fa-solid&quot;,&quot;rendered_tag&quot;:&quot;&lt;svg class=\\&quot;e-font-icon-svg e-fas-circle\\&quot; viewBox=\\&quot;0 0 512 512\\&quot; xmlns=\\&quot;http:\\\/\\\/www.w3.org\\\/2000\\\/svg\\&quot;&gt;&lt;path d=\\&quot;M256 8C119 8 8 119 8 256s111 248 248 248 248-111 248-248S393 8 256 8z\\&quot;&gt;&lt;\\\/path&gt;&lt;\\\/svg&gt;&quot;},&quot;minimized_on&quot;:&quot;tablet&quot;,&quot;hierarchical_view&quot;:&quot;yes&quot;,&quot;min_height&quot;:{&quot;unit&quot;:&quot;px&quot;,&quot;size&quot;:&quot;&quot;,&quot;sizes&quot;:[]},&quot;min_height_tablet&quot;:{&quot;unit&quot;:&quot;px&quot;,&quot;size&quot;:&quot;&quot;,&quot;sizes&quot;:[]},&quot;min_height_mobile&quot;:{&quot;unit&quot;:&quot;px&quot;,&quot;size&quot;:&quot;&quot;,&quot;sizes&quot;:[]}}\" data-widget_type=\"table-of-contents.default\">\n\t\t\t\t\t\t\t\t\t<div class=\"elementor-toc__header\">\n\t\t\t\t\t\t<h2 class=\"elementor-toc__header-title\">\n\t\t\t\tSis\u00e4llysluettelo\t\t\t<\/h2>\n\t\t\t\t\t\t\t\t\t\t<div class=\"elementor-toc__toggle-button elementor-toc__toggle-button--expand\" role=\"button\" tabindex=\"0\" aria-controls=\"elementor-toc__1c30362\" aria-expanded=\"true\" aria-label=\"Open table of contents\"><svg aria-hidden=\"true\" class=\"e-font-icon-svg e-fas-chevron-down\" viewBox=\"0 0 448 512\" xmlns=\"http:\/\/www.w3.org\/2000\/svg\"><path d=\"M207.029 381.476L12.686 187.132c-9.373-9.373-9.373-24.569 0-33.941l22.667-22.667c9.357-9.357 24.522-9.375 33.901-.04L224 284.505l154.745-154.021c9.379-9.335 24.544-9.317 33.901.04l22.667 22.667c9.373 9.373 9.373 24.569 0 33.941L240.971 381.476c-9.373 9.372-24.569 9.372-33.942 0z\"><\/path><\/svg><\/div>\n\t\t\t\t<div class=\"elementor-toc__toggle-button elementor-toc__toggle-button--collapse\" role=\"button\" tabindex=\"0\" aria-controls=\"elementor-toc__1c30362\" aria-expanded=\"true\" aria-label=\"Close table of contents\"><svg aria-hidden=\"true\" class=\"e-font-icon-svg e-fas-chevron-up\" viewBox=\"0 0 448 512\" xmlns=\"http:\/\/www.w3.org\/2000\/svg\"><path d=\"M240.971 130.524l194.343 194.343c9.373 9.373 9.373 24.569 0 33.941l-22.667 22.667c-9.357 9.357-24.522 9.375-33.901.04L224 227.495 69.255 381.516c-9.379 9.335-24.544 9.317-33.901-.04l-22.667-22.667c-9.373-9.373-9.373-24.569 0-33.941L207.03 130.525c9.372-9.373 24.568-9.373 33.941-.001z\"><\/path><\/svg><\/div>\n\t\t\t\t\t<\/div>\n\t\t\t\t<div id=\"elementor-toc__1c30362\" class=\"elementor-toc__body\">\n\t\t\t<div class=\"elementor-toc__spinner-container\">\n\t\t\t\t<svg class=\"elementor-toc__spinner eicon-animation-spin e-font-icon-svg e-eicon-loading\" aria-hidden=\"true\" viewBox=\"0 0 1000 1000\" xmlns=\"http:\/\/www.w3.org\/2000\/svg\"><path d=\"M500 975V858C696 858 858 696 858 500S696 142 500 142 142 304 142 500H25C25 237 238 25 500 25S975 237 975 500 763 975 500 975Z\"><\/path><\/svg>\t\t\t<\/div>\n\t\t<\/div>\n\t\t\t\t\t\t<\/div>\n\t\t\t\t<\/div>\n\t\t\t\t\t<\/div>\n\t\t\t\t<\/div>\n\t\t<div class=\"elementor-element elementor-element-herorght0 e-con-full e-flex e-con e-child\" data-id=\"herorght0\" data-element_type=\"container\" data-e-type=\"container\">\n\t\t\t\t<div class=\"elementor-element elementor-element-heroimg00 iwg-hero-image elementor-widget elementor-widget-image\" data-id=\"heroimg00\" data-element_type=\"widget\" data-e-type=\"widget\" data-widget_type=\"image.default\">\n\t\t\t\t\t\t\t\t\t\t\t\t\t\t\t<img fetchpriority=\"high\" decoding=\"async\" width=\"683\" height=\"1024\" src=\"https:\/\/iwell-guard.com\/wp-content\/uploads\/2026\/04\/goetter_keltisch_brigid-683x1024.webp\" class=\"attachment-large size-large wp-image-149072\" alt=\"Brigid - jumalia kelttil\u00e4isest\u00e4 perinteest\u00e4, historiallis-havainnollinen\" srcset=\"https:\/\/iwell-guard.com\/wp-content\/uploads\/2026\/04\/goetter_keltisch_brigid-683x1024.webp 683w, https:\/\/iwell-guard.com\/wp-content\/uploads\/2026\/04\/goetter_keltisch_brigid-200x300.webp 200w, https:\/\/iwell-guard.com\/wp-content\/uploads\/2026\/04\/goetter_keltisch_brigid-768x1152.webp 768w, https:\/\/iwell-guard.com\/wp-content\/uploads\/2026\/04\/goetter_keltisch_brigid.webp 1024w\" sizes=\"(max-width: 683px) 100vw, 683px\" \/>\t\t\t\t\t\t\t\t\t\t\t\t\t\t\t<\/div>\n\t\t\t\t<\/div>\n\t\t\t\t\t<\/div>\n\t\t\t\t<\/div>\n\t\t<div class=\"elementor-element elementor-element-32917199 e-flex e-con-boxed e-con e-parent\" data-id=\"32917199\" data-element_type=\"container\" data-e-type=\"container\">\n\t\t\t\t\t<div class=\"e-con-inner\">\n\t\t<div class=\"elementor-element elementor-element-26e916cb e-flex e-con-boxed e-con e-child\" data-id=\"26e916cb\" data-element_type=\"container\" data-e-type=\"container\">\n\t\t\t\t\t<div class=\"e-con-inner\">\n\t\t<div class=\"elementor-element elementor-element-253a40d4 e-flex e-con-boxed e-con e-child\" data-id=\"253a40d4\" data-element_type=\"container\" data-e-type=\"container\">\n\t\t\t\t\t<div class=\"e-con-inner\">\n\t\t\t\t<div class=\"elementor-element elementor-element-1200c304 elementor-widget elementor-widget-heading\" data-id=\"1200c304\" data-element_type=\"widget\" data-e-type=\"widget\" data-widget_type=\"heading.default\">\n\t\t\t\t\t<div class=\"elementor-heading-title elementor-size-default\">Brigid<\/div>\t\t\t\t<\/div>\n\t\t\t\t<div class=\"elementor-element elementor-element-11758e7f elementor-widget elementor-widget-text-editor\" data-id=\"11758e7f\" data-element_type=\"widget\" data-e-type=\"widget\" data-widget_type=\"text-editor.default\">\n\t\t\t\t\t\t\t\t\t<p>Kirjallisuudessa Brigidi\u00e4 kuvataan kolminaisten piirteiden jumalattarena: parannustaidon, runouden ja k\u00e4sity\u00f6taidon. H\u00e4n kuuluu Tuatha D\u00e9 Danannin, kelttil\u00e4isen <span class=\"iwg-fachbegriff\" data-tooltip=\"Tiedon ja tarinoiden v\u00e4litt\u00e4mist\u00e4 sukupolvelta toiselle.\" tabindex=\"0\">perim\u00e4tiedon<\/span> jumalaisen suvun, j\u00e4seneksi ja h\u00e4net mainitaan Bresin tai muiden merkitt\u00e4vien hahmojen vaimoksi.<\/p><p>Kristinuskoon siirtymisen j\u00e4lkeen h\u00e4nt\u00e4 jatkettiin pyh\u00e4n\u00e4 Brigitana, Irlannin suojeluspyh\u00e4n\u00e4. Keskeinen on h\u00e4nen juhlansa Imbolc, helmikuun ensimm\u00e4inen p\u00e4iv\u00e4, siirtym\u00e4p\u00e4iv\u00e4 kev\u00e4\u00e4seen ja yhdistetty hedelm\u00e4llisyyteen ja uuteen el\u00e4m\u00e4\u00e4n.<\/p>\t\t\t\t\t\t\t\t<\/div>\n\t\t\t\t\t<\/div>\n\t\t\t\t<\/div>\n\t\t<div class=\"elementor-element elementor-element-159dcf9a e-flex e-con-boxed e-con e-child\" data-id=\"159dcf9a\" data-element_type=\"container\" data-e-type=\"container\">\n\t\t\t\t\t<div class=\"e-con-inner\">\n\t\t\t\t<div class=\"elementor-element elementor-element-48cee66f elementor-widget elementor-widget-heading\" data-id=\"48cee66f\" data-element_type=\"widget\" data-e-type=\"widget\" data-widget_type=\"heading.default\">\n\t\t\t\t\t<h2 class=\"elementor-heading-title elementor-size-default\">Pikakatsaus: Brigid<\/h2>\t\t\t\t<\/div>\n\t\t\t\t<div class=\"elementor-element elementor-element-3f50d82c elementor-widget elementor-widget-text-editor\" data-id=\"3f50d82c\" data-element_type=\"widget\" data-e-type=\"widget\" data-widget_type=\"text-editor.default\">\n\t\t\t\t\t\t\t\t\t<p>Todisteet ovat per\u00e4isin ensisijaisesti keskiaikaisista irlantilaisista k\u00e4sikirjoituksista, kuten Metrical Dindshenchasista, joka kokoaa paikkalegendoja, sek\u00e4 pyh\u00e4\u00e4 Brigitaa koskevista hagiografisista teksteist\u00e4, jotka syntyiv\u00e4t 700-luvulta l\u00e4htien.<\/p><p>Bernhard Maier ja Birkhan ovat esitt\u00e4neet, ett\u00e4 t\u00e4m\u00e4n hahmon jatkuvuus pakanallisen jumalattaren ja kristillisen pyh\u00e4n v\u00e4lill\u00e4 pysyy selvitt\u00e4m\u00e4tt\u00f6m\u00e4n\u00e4, mutta on tekstin tasolla v\u00e4ist\u00e4m\u00e4t\u00f6n. Irlannin saarikirkko s\u00e4ilytti kelttil\u00e4isi\u00e4 perinteit\u00e4 voimakkaammin kuin mannereurooppalainen kristikunta.<\/p>\t\t\t\t\t\t\t\t<\/div>\n\t\t\t\t\t<\/div>\n\t\t\t\t<\/div>\n\t\t\t\t\t<\/div>\n\t\t\t\t<\/div>\n\t\t\t\t\t<\/div>\n\t\t\t\t<\/div>\n\t\t<div class=\"elementor-element elementor-element-18613602 e-flex e-con-boxed e-con e-parent\" data-id=\"18613602\" data-element_type=\"container\" data-e-type=\"container\">\n\t\t\t\t\t<div class=\"e-con-inner\">\n\t\t\t\t<div class=\"elementor-element elementor-element-262b8a9f elementor-widget elementor-widget-heading\" data-id=\"262b8a9f\" data-element_type=\"widget\" data-e-type=\"widget\" data-widget_type=\"heading.default\">\n\t\t\t\t\t<h2 class=\"elementor-heading-title elementor-size-default\">Konteksti<\/h2>\t\t\t\t<\/div>\n\t\t<div class=\"elementor-element elementor-element-46dcb7d e-con-full e-flex e-con e-child\" data-id=\"46dcb7d\" data-element_type=\"container\" data-e-type=\"container\">\n\t\t<div class=\"elementor-element elementor-element-61d3ab3 e-flex e-con-boxed e-con e-child\" data-id=\"61d3ab3\" data-element_type=\"container\" data-e-type=\"container\">\n\t\t\t\t\t<div class=\"e-con-inner\">\n\t\t\t\t<div class=\"elementor-element elementor-element-117c166 elementor-widget elementor-widget-heading\" data-id=\"117c166\" data-element_type=\"widget\" data-e-type=\"widget\" data-widget_type=\"heading.default\">\n\t\t\t\t\t<div class=\"elementor-heading-title elementor-size-default\">Tekstien ajanjakso<\/div>\t\t\t\t<\/div>\n\t\t\t\t<div class=\"elementor-element elementor-element-73997a0 elementor-widget elementor-widget-text-editor\" data-id=\"73997a0\" data-element_type=\"widget\" data-e-type=\"widget\" data-widget_type=\"text-editor.default\">\n\t\t\t\t\t\t\t\t\t<p>Tuatha D\u00e9 Danannin jumalattaresta Kildaren pyh\u00e4n Brigidin kautta 1900-luvun Brigid-tapoihin voidaan perim\u00e4tietoa seurata Irlannissa pitkien ajanjaksojen yli. Brigid-ristien punomista helmikuun 1. p\u00e4iv\u00e4n\u00e4 harjoitetaan t\u00e4n\u00e4kin p\u00e4iv\u00e4n\u00e4, ja vuodesta 2023 l\u00e4htien Brigidin p\u00e4iv\u00e4 on Irlannissa lakis\u00e4\u00e4teinen vapaap\u00e4iv\u00e4. Kristillinen pyh\u00e4 on t\u00e4ll\u00f6in omaksunut vanhemman jumalattaren piirteit\u00e4, joten perushahmo on s\u00e4ilynyt tunnistettavana uskonvaihdoksesta huolimatta.<\/p><h3>Mytologinen sijoittuminen<\/h3><p>Brigid on yksi irlantilaisen ja brittil\u00e4isen kelttil\u00e4isen perinteen t\u00e4rkeimmist\u00e4 jumalattarista. H\u00e4n on tulen, parannustaidon, runoustaidon ja sepp\u00e4taidon jumalatar. H\u00e4nen sukupuunsa on kolminainen tai yhdeks\u00e4ninkertainen. Brigid oli niin merkitt\u00e4v\u00e4, ett\u00e4 h\u00e4net otettiin osaksi kristillist\u00e4 pyhien palvontaa.<\/p>\t\t\t\t\t\t\t\t<\/div>\n\t\t\t\t\t<\/div>\n\t\t\t\t<\/div>\n\t\t<div class=\"elementor-element elementor-element-d47b156 e-flex e-con-boxed e-con e-child\" data-id=\"d47b156\" data-element_type=\"container\" data-e-type=\"container\">\n\t\t\t\t\t<div class=\"e-con-inner\">\n\t\t\t\t<div class=\"elementor-element elementor-element-ff38c2b elementor-widget elementor-widget-heading\" data-id=\"ff38c2b\" data-element_type=\"widget\" data-e-type=\"widget\" data-widget_type=\"heading.default\">\n\t\t\t\t\t<div class=\"elementor-heading-title elementor-size-default\">Levinneisyysalue<\/div>\t\t\t\t<\/div>\n\t\t\t\t<div class=\"elementor-element elementor-element-4e49fcc elementor-widget elementor-widget-text-editor\" data-id=\"4e49fcc\" data-element_type=\"widget\" data-e-type=\"widget\" data-widget_type=\"text-editor.default\">\n\t\t\t\t\t\t\t\t\t<p>Brigid ei rajoittunut mihink\u00e4\u00e4n tiettyyn alueeseen tai paikkaan, vaan h\u00e4net tunnettiin ja h\u00e4nt\u00e4 palvottiin, tai h\u00e4nt\u00e4 pel\u00e4ttiin kunnioittavasti, kaikkialla kelttil\u00e4isess\u00e4 maailmassa. Olipa kyse suurista kaupunkikeskuksista tai syrj\u00e4isist\u00e4 maaseutualueista, sosiaalisesta eliitist\u00e4 tai tavallisesta kansasta, t\u00e4m\u00e4n olennon hengellinen tai kulttuurinen merkitys tunnustettiin l\u00e4pikotaisin ja yleismaailmallisesti.<\/p><p>Cormacin sanaluettelo mainitsee Brigidin jumalattarena, jota kaikki irlantilaiset runoilijat palvoivat, mik\u00e4 osoittaa h\u00e4nen asemansa Irlannin oppineiden s\u00e4\u00e4tyjen keskuudessa. H\u00e4nen nimens\u00e4 esiintyy my\u00f6s Britanniassa ja Gallian alueella sukulaismuodoissa kuten Brigantia, brigantien heimojumalatar. T\u00e4m\u00e4 levinneisyys kelttil\u00e4isesti leimatuilla alueilla selittyy yhteisist\u00e4 kielijuurista ja saarten ja mantereen kelttil\u00e4isten ryhmien v\u00e4lisist\u00e4 yhteyksist\u00e4.<\/p>\t\t\t\t\t\t\t\t<\/div>\n\t\t\t\t\t<\/div>\n\t\t\t\t<\/div>\n\t\t\t\t<\/div>\n\t\t<div class=\"elementor-element elementor-element-db03c39 e-con-full e-flex e-con e-child\" data-id=\"db03c39\" data-element_type=\"container\" data-e-type=\"container\">\n\t\t<div class=\"elementor-element elementor-element-229a87b e-flex e-con-boxed e-con e-child\" data-id=\"229a87b\" data-element_type=\"container\" data-e-type=\"container\">\n\t\t\t\t\t<div class=\"e-con-inner\">\n\t\t\t\t<div class=\"elementor-element elementor-element-1f471fc elementor-widget elementor-widget-heading\" data-id=\"1f471fc\" data-element_type=\"widget\" data-e-type=\"widget\" data-widget_type=\"heading.default\">\n\t\t\t\t\t<div class=\"elementor-heading-title elementor-size-default\">L\u00e4hdetilanne<\/div>\t\t\t\t<\/div>\n\t\t\t\t<div class=\"elementor-element elementor-element-36b1201 elementor-widget elementor-widget-text-editor\" data-id=\"36b1201\" data-element_type=\"widget\" data-e-type=\"widget\" data-widget_type=\"text-editor.default\">\n\t\t\t\t\t\t\t\t\t<p>Alkuper\u00e4isl\u00e4hteet: Metrical Dindshenchas (keskiaikainen, kokoaa esikristillist\u00e4 ainesta), pyh\u00e4n Brigitan el\u00e4m\u00e4kerrat (700-900-luvut), ja katkonaiset jumalaluettelot Yellow Book of Lecanissa.<\/p><p>Ajanjaksot: mytologiset kertomukset rekonstruoivat rautakautis-roomalaisia olosuhteita (n. 500 eaa. 400 jaa.), mutta merkinn\u00e4t syntyiv\u00e4t 800-1200-luvuilla. Tutkijat: Proinsias Mac Cana (Celtic Mythology), Bernhard Maier (Die Religion der Kelten), Helmut Birkhan (Kelten) analysoivat synkretismi-ilmi\u00f6it\u00e4.<\/p>\t\t\t\t\t\t\t\t<\/div>\n\t\t\t\t\t<\/div>\n\t\t\t\t<\/div>\n\t\t\t\t<\/div>\n\t\t\t\t\t<\/div>\n\t\t\t\t<\/div>\n\t\t<div class=\"elementor-element elementor-element-3ae0637c e-flex e-con-boxed e-con e-parent\" data-id=\"3ae0637c\" data-element_type=\"container\" data-e-type=\"container\">\n\t\t\t\t\t<div class=\"e-con-inner\">\n\t\t\t\t<div class=\"elementor-element elementor-element-31d07739 elementor-widget elementor-widget-heading\" data-id=\"31d07739\" data-element_type=\"widget\" data-e-type=\"widget\" data-widget_type=\"heading.default\">\n\t\t\t\t\t<h2 class=\"elementor-heading-title elementor-size-default\">Nimi ja muodot<\/h2>\t\t\t\t<\/div>\n\t\t<div class=\"elementor-element elementor-element-b7642947 e-con-full e-flex e-con e-child\" data-id=\"b7642947\" data-element_type=\"container\" data-e-type=\"container\">\n\t\t\t\t<div class=\"elementor-element elementor-element-a086266 elementor-widget elementor-widget-text-editor\" data-id=\"a086266\" data-element_type=\"widget\" data-e-type=\"widget\" data-widget_type=\"text-editor.default\">\n\t\t\t\t\t\t\t\t\t<p>Brigidi\u00e4 esitet\u00e4\u00e4n eri l\u00e4hteiss\u00e4 ja taiteellisissa perinteiss\u00e4 tietyill\u00e4 toistuvilla ikonografisilla elementeill\u00e4, jotka pysyv\u00e4t suhteellisen vakioina vuosikymmenten ja eri maantieteellisten alueiden yli. N\u00e4m\u00e4 elementit eiv\u00e4t ole puhtaasti koristeellisia tai sattumanvaraisesti valittuja, vaan syv\u00e4sti symbolisesti koodattuja ja kantavat suurta merkityst\u00e4.<\/p><p>Brigidin tunnusmerkit kantavat kukin oman viestins\u00e4: yhteys tuleen ja pajaan viittaa h\u00e4nen k\u00e4sity\u00f6taitoonsa, Kildaren pyh\u00e4 tuli h\u00e4nen parannusfunktioonsa, runouden kytk\u00f6s h\u00e4nen asemaansa filidien, oppineiden irlantilaisten runoilijoiden, suojelijana. Punotuista kaislak\u00f6ysist\u00e4 tehty Brigid-risti, yhteys l\u00e4hteeseen ja kev\u00e4tjuhla Imbolc muodostavat yhdess\u00e4 luettavan merkkij\u00e4rjestelm\u00e4n. Irlantilaiseen perim\u00e4tietoon perehtynyt saattoi lukea siit\u00e4 jumalattaren toimialan ja arvoasteen: hahmo, joka yhdist\u00e4\u00e4 runouden, sepp\u00e4taidon ja parantamisen kolminaisessa muodossa, sellaisena kuin Cormacin sanaluettelo sen kuvaa 800-luvulla.<\/p>\t\t\t\t\t\t\t\t<\/div>\n\t\t\t\t<\/div>\n\t\t\t\t\t<\/div>\n\t\t\t\t<\/div>\n\t\t<div class=\"elementor-element elementor-element-709a44a8 e-flex e-con-boxed e-con e-parent\" data-id=\"709a44a8\" data-element_type=\"container\" data-e-type=\"container\">\n\t\t\t\t\t<div class=\"e-con-inner\">\n\t\t\t\t<div class=\"elementor-element elementor-element-2f585873 elementor-widget elementor-widget-heading\" data-id=\"2f585873\" data-element_type=\"widget\" data-e-type=\"widget\" data-widget_type=\"heading.default\">\n\t\t\t\t\t<h2 class=\"elementor-heading-title elementor-size-default\">Kuvaus<\/h2>\t\t\t\t<\/div>\n\t\t<div class=\"elementor-element elementor-element-70621c12 e-con-full e-flex e-con e-child\" data-id=\"70621c12\" data-element_type=\"container\" data-e-type=\"container\">\n\t\t\t\t<div class=\"elementor-element elementor-element-4296eb49 elementor-widget elementor-widget-text-editor\" data-id=\"4296eb49\" data-element_type=\"widget\" data-e-type=\"widget\" data-widget_type=\"text-editor.default\">\n\t\t\t\t\t\t\t\t\t<p>Brigid oli keskeinen kelttil\u00e4isess\u00e4 uskonnollisessa k\u00e4yt\u00e4nn\u00f6ss\u00e4, arjen rituaaleissa ja jokap\u00e4iv\u00e4isess\u00e4 ymm\u00e4rryksess\u00e4. Ihmiset k\u00e4\u00e4ntyiv\u00e4t t\u00e4m\u00e4n olennon puoleen kriittisiss\u00e4 tai m\u00e4\u00e4r\u00e4tyiss\u00e4 el\u00e4m\u00e4ntilanteissa tai tietyin\u00e4 rituaalisina vuodenaikoina, j\u00e4sennellyin, usein vaativin rituaalein, rukouksin tai uhrilahjoin.<\/p><p>Brigidin palvonta seurasi vakiintuneita linjoja: Imbolc-juhla helmikuun 1. p\u00e4iv\u00e4n\u00e4 osoitti selke\u00e4sti m\u00e4\u00e4r\u00e4tyn ajankohdan vuodenkierrossa, ja kaislasta tehtyihin Brigid-risteihin liittyv\u00e4t tavat sek\u00e4 liinojen levitt\u00e4minen juhlay\u00f6n\u00e4 v\u00e4littyiv\u00e4t j\u00e4rjest\u00e4ytyneess\u00e4 muodossa. Kildaren pyh\u00e4n Brigidin kanssa yhdistymisen j\u00e4lkeen paikallisen kultin hoito oli j\u00e4rjest\u00e4ytyneen luostariyhteis\u00f6n k\u00e4siss\u00e4, jonka naiset vaalivat perinn\u00e4ist\u00e4 tulta.<\/p><p>Se, ett\u00e4 Imbolcia vietettiin esikristillisest\u00e4 Irlannista kristilliseen aikaan Brigidin p\u00e4iv\u00e4n\u00e4 (L\u00e1 Fh\u00e9ile Br\u00edde), osoittaa, mink\u00e4 hy\u00f6dyn n\u00e4ihin tapoihin uskottiin liittyv\u00e4n. H\u00e4nen teht\u00e4v\u00e4ns\u00e4 kattoivat useita alueita: oven yl\u00e4puolelle asetettu Brigid-risti oli tarkoitettu suojaamaan taloa ja karjaa vahingoilta, h\u00e4nen vastuualueensa parantamisessa koski sairaita ja synnytt\u00e4ji\u00e4, ja helmikuun 1. p\u00e4iv\u00e4n juhla s\u00e4esti siirtym\u00e4\u00e4 talvesta alkavaan laidunkauteen ensimm\u00e4isten karitsojen syntym\u00e4n my\u00f6t\u00e4.<\/p><h3>Ulkon\u00e4k\u00f6 ja symboliikka<\/h3><p>Brigid kuvataan loistavan kauniina naisena, punaisin tai kultaisin hiuksin, usein tulen ymp\u00e4r\u00f6im\u00e4n\u00e4. Kruunu koristaa h\u00e4nt\u00e4. H\u00e4nen tunnuksiaan ovat soihtu, alasin ja vasara, parantavat yrtit, harppu. L\u00e4hteet ja purot ovat <span class=\"iwg-fachbegriff\" data-tooltip=\"Jumalalliseen kuuluvaa ja siksi jokap\u00e4iv\u00e4isest\u00e4 k\u00e4yt\u00f6st\u00e4 poissuljettua.\" tabindex=\"0\">pyhi\u00e4<\/span>. Brigid-risti on h\u00e4nen <span class=\"iwg-fachbegriff\" data-tooltip=\"Merkki, joka edustaa ajatusta tai merkityst\u00e4.\" tabindex=\"0\">symbolinsa<\/span>.<\/p>\t\t\t\t\t\t\t\t<\/div>\n\t\t\t\t<\/div>\n\t\t\t\t\t<\/div>\n\t\t\t\t<\/div>\n\t\t<div class=\"elementor-element elementor-element-44e71476 e-flex e-con-boxed e-con e-parent\" data-id=\"44e71476\" data-element_type=\"container\" data-e-type=\"container\">\n\t\t\t\t\t<div class=\"e-con-inner\">\n\t\t\t\t<div class=\"elementor-element elementor-element-3c1fc3f0 elementor-widget elementor-widget-heading\" data-id=\"3c1fc3f0\" data-element_type=\"widget\" data-e-type=\"widget\" data-widget_type=\"heading.default\">\n\t\t\t\t\t<div class=\"elementor-heading-title elementor-size-default\">Tietokortti: Brigid<\/div>\t\t\t\t<\/div>\n\t\t<div class=\"elementor-element elementor-element-84f33b8e e-con-full e-flex e-con e-child\" data-id=\"84f33b8e\" data-element_type=\"container\" data-e-type=\"container\">\n\t\t\t\t<div class=\"elementor-element elementor-element-hqkdc67p elementor-widget elementor-widget-text-editor\" data-id=\"hqkdc67p\" data-element_type=\"widget\" data-e-type=\"widget\" data-widget_type=\"text-editor.default\">\n\t\t\t\t\t\t\t\t\t<p>Tietokortti esittelee Brigidin kuudessa ulottuvuudessa: h\u00e4nen kulttuurisen alkuper\u00e4ns\u00e4, palvontapiirins\u00e4, kuvastonsa, h\u00e4nelle annetut voimat, kunnioitus- ja rukoustavat sek\u00e4 vastaavuudet naapurikulttuureissa. T\u00e4m\u00e4 mahdollistaa systemaattisen yleiskatsauksen t\u00e4st\u00e4 monitahoisesta jumalattaresta.<\/p>\t\t\t\t\t\t\t\t<\/div>\n\t\t\t\t<\/div>\n\t\t<div class=\"elementor-element elementor-element-pemmx7c5 e-con-full e-flex e-con e-child\" data-id=\"pemmx7c5\" data-element_type=\"container\" data-e-type=\"container\">\n\t\t<div class=\"elementor-element elementor-element-pemmx7c1 e-con-full e-flex e-con e-child\" data-id=\"pemmx7c1\" data-element_type=\"container\" data-e-type=\"container\">\n\t\t<div class=\"elementor-element elementor-element-qh9oavvu iwg-steckbrief-card e-flex e-con-boxed e-con e-child\" data-id=\"qh9oavvu\" data-element_type=\"container\" data-e-type=\"container\">\n\t\t\t\t\t<div class=\"e-con-inner\">\n\t\t\t\t<div class=\"elementor-element elementor-element-awzx8k2k elementor-widget elementor-widget-heading\" data-id=\"awzx8k2k\" data-element_type=\"widget\" data-e-type=\"widget\" data-widget_type=\"heading.default\">\n\t\t\t\t\t<div class=\"elementor-heading-title elementor-size-default\">Kulttuurikonteksti<\/div>\t\t\t\t<\/div>\n\t\t\t\t<div class=\"elementor-element elementor-element-x6rowhv0 elementor-widget elementor-widget-text-editor\" data-id=\"x6rowhv0\" data-element_type=\"widget\" data-e-type=\"widget\" data-widget_type=\"text-editor.default\">\n\t\t\t\t\t\t\t\t\t<p>Brigid on per\u00e4isin irlantilaisen perinteen esikeltil\u00e4isest\u00e4 tai varhaisesta indoeurooppalaisesta kerrostumasta, mihin viittaa jumalten neuvosto Tuatha D\u00e9 Danann. H\u00e4nen ensimm\u00e4inen kirjallinen mainintansa l\u00f6ytyy teoksesta Metrical Dindshenchas ja 9.\u201310. vuosisadan sukuluetteloista. Maantieteellisesti h\u00e4n keskittyy Irlantiin, ja toissijaisia mainintoja on my\u00f6s Skotlannin yl\u00e4mailta.<\/p><p>Pyh\u00e4n Brigitan hahmo, todistettu 600-luvulta l\u00e4htien, kerrostuu jumalallisen hahmon p\u00e4\u00e4lle ja osoittaa <span class=\"iwg-fachbegriff\" data-tooltip=\"Jumaluudelle tai pyh\u00e4lle hahmolle osoitettujen uskonnollisten kunnioitustekojen kokonaisuus.\" tabindex=\"0\">kultin<\/span> jatkuvuutta kristillistymisen murroskohdan yli.<\/p>\t\t\t\t\t\t\t\t<\/div>\n\t\t\t\t\t<\/div>\n\t\t\t\t<\/div>\n\t\t<div class=\"elementor-element elementor-element-8e3o4kxs iwg-steckbrief-card e-flex e-con-boxed e-con e-child\" data-id=\"8e3o4kxs\" data-element_type=\"container\" data-e-type=\"container\">\n\t\t\t\t\t<div class=\"e-con-inner\">\n\t\t\t\t<div class=\"elementor-element elementor-element-08rkdgov elementor-widget elementor-widget-heading\" data-id=\"08rkdgov\" data-element_type=\"widget\" data-e-type=\"widget\" data-widget_type=\"heading.default\">\n\t\t\t\t\t<div class=\"elementor-heading-title elementor-size-default\">Vaikutuksen kohde<\/div>\t\t\t\t<\/div>\n\t\t\t\t<div class=\"elementor-element elementor-element-uwjelx8s elementor-widget elementor-widget-text-editor\" data-id=\"uwjelx8s\" data-element_type=\"widget\" data-e-type=\"widget\" data-widget_type=\"text-editor.default\">\n\t\t\t\t\t\t\t\t\t<p>Brigidia kutsuttiin avuksi runoilijasukujen (fil\u00ed), parantajien, seppien ja k\u00e4sity\u00f6l\u00e4isnaisten keskuudessa. H\u00e4nen juhlansa Imbolc oli aihe puhdistusrituaaleille ja hedelm\u00e4llisyysjuhlille. Kristillisen\u00e4 aikana naiset k\u00e4\u00e4ntyiv\u00e4t synnytystuskissa ja sairauden yhteydess\u00e4 pyh\u00e4n Brigitan puoleen. Erityisesti luostarit omistautuivat h\u00e4nen palvonnalleen, kuten Kildaren luostari, joka vaali Brigitan perinnett\u00e4 ja muodosti taloudellisen ja henkisen keskuksen.<\/p>\t\t\t\t\t\t\t\t<\/div>\n\t\t\t\t\t<\/div>\n\t\t\t\t<\/div>\n\t\t<div class=\"elementor-element elementor-element-jm2n74ec iwg-steckbrief-card e-flex e-con-boxed e-con e-child\" data-id=\"jm2n74ec\" data-element_type=\"container\" data-e-type=\"container\">\n\t\t\t\t\t<div class=\"e-con-inner\">\n\t\t\t\t<div class=\"elementor-element elementor-element-8vufse4c elementor-widget elementor-widget-heading\" data-id=\"8vufse4c\" data-element_type=\"widget\" data-e-type=\"widget\" data-widget_type=\"heading.default\">\n\t\t\t\t\t<div class=\"elementor-heading-title elementor-size-default\">Muoto<\/div>\t\t\t\t<\/div>\n\t\t\t\t<div class=\"elementor-element elementor-element-mwb9u015 elementor-widget elementor-widget-text-editor\" data-id=\"mwb9u015\" data-element_type=\"widget\" data-e-type=\"widget\" data-widget_type=\"text-editor.default\">\n\t\t\t\t\t\t\t\t\t<p>Brigid yhdistet\u00e4\u00e4n k\u00e4sity\u00f6taiteessa ja kirjallisissa kuvauksissa tuleen, inspiraation, parantumisen ja sepp\u00e4ntaidon liekkiin. Kildaressa h\u00e4nelle uskotaan olleen <span class=\"iwg-fachbegriff\" data-tooltip=\"Uskonnollisen toimituksen kautta pyh\u00e4lle luovutettu ja siten arjesta erotettu.\" tabindex=\"0\">omistettu<\/span> tuli, jota nunnat vaalivat.<\/p><p>H\u00e4nell\u00e4 on toisinaan k\u00e4til\u00f6n ja l\u00e4\u00e4k\u00e4rin tunnusmerkkej\u00e4. Keskiaikaisissa k\u00e4sikirjoituksissa h\u00e4n esiintyy arvokkaana ja s\u00e4ihkyv\u00e4n\u00e4, usein liekkien tai parantavien vesien seuraamana.<\/p>\t\t\t\t\t\t\t\t<\/div>\n\t\t\t\t\t<\/div>\n\t\t\t\t<\/div>\n\t\t\t\t<\/div>\n\t\t<div class=\"elementor-element elementor-element-pemmx7c2 e-con-full e-flex e-con e-child\" data-id=\"pemmx7c2\" data-element_type=\"container\" data-e-type=\"container\">\n\t\t<div class=\"elementor-element elementor-element-37ss2yr6 iwg-steckbrief-card e-flex e-con-boxed e-con e-child\" data-id=\"37ss2yr6\" data-element_type=\"container\" data-e-type=\"container\">\n\t\t\t\t\t<div class=\"e-con-inner\">\n\t\t\t\t<div class=\"elementor-element elementor-element-3v0wp3wx elementor-widget elementor-widget-heading\" data-id=\"3v0wp3wx\" data-element_type=\"widget\" data-e-type=\"widget\" data-widget_type=\"heading.default\">\n\t\t\t\t\t<div class=\"elementor-heading-title elementor-size-default\">Toiminta<\/div>\t\t\t\t<\/div>\n\t\t\t\t<div class=\"elementor-element elementor-element-w3247g2m elementor-widget elementor-widget-text-editor\" data-id=\"w3247g2m\" data-element_type=\"widget\" data-e-type=\"widget\" data-widget_type=\"text-editor.default\">\n\t\t\t\t\t\t\t\t\t<p>Brigid toimi suojelijana poikkeuksellisen laajalla toiminta-alueella: parantajana, sepp\u00e4ntaidon vaalijana, runoilijoiden suojelijana ja karjan sek\u00e4 ihmisten hedelm\u00e4llisyyden takaajana. Teoksessa <em>Cath Maige Tuired<\/em> h\u00e4n esiintyy kulttuuria luovana hahmona, jonka valituslaulu kaatuneen poikansa Ruad\u00e1nin puolesta perustaa irlantilaisen perinteen ensimm\u00e4isen t\u00e4llaisen laulun.<\/p><p>My\u00f6hemm\u00e4t hagiografiset tekstit, kuten <em>Bethu Brigte<\/em> (800-luku), siirt\u00e4v\u00e4t h\u00e4nen voimansa kristilliselle pyh\u00e4lle Brigidille Kildaresta ja liitt\u00e4v\u00e4t h\u00e4neen sairaiden parantamisen, ruoan lis\u00e4\u00e4misen ja karjan suojelun.<\/p>\t\t\t\t\t\t\t\t<\/div>\n\t\t\t\t\t<\/div>\n\t\t\t\t<\/div>\n\t\t<div class=\"elementor-element elementor-element-0qpjal9w iwg-steckbrief-card e-flex e-con-boxed e-con e-child\" data-id=\"0qpjal9w\" data-element_type=\"container\" data-e-type=\"container\">\n\t\t\t\t\t<div class=\"e-con-inner\">\n\t\t\t\t<div class=\"elementor-element elementor-element-6ndoih0o elementor-widget elementor-widget-heading\" data-id=\"6ndoih0o\" data-element_type=\"widget\" data-e-type=\"widget\" data-widget_type=\"heading.default\">\n\t\t\t\t\t<div class=\"elementor-heading-title elementor-size-default\">Torjuntamuodot<\/div>\t\t\t\t<\/div>\n\t\t\t\t<div class=\"elementor-element elementor-element-6684tyh9 elementor-widget elementor-widget-text-editor\" data-id=\"6684tyh9\" data-element_type=\"widget\" data-e-type=\"widget\" data-widget_type=\"text-editor.default\">\n\t\t\t\t\t\t\t\t\t<p>Brigidia pidet\u00e4\u00e4n hyv\u00e4ntekev\u00e4isen\u00e4 ja edist\u00e4v\u00e4n\u00e4. Naiset ja k\u00e4sity\u00f6l\u00e4iset kutsuivat h\u00e4nt\u00e4 avuksi saadakseen taitoa ja suojaa ty\u00f6ss\u00e4\u00e4n. Hagiografisissa teksteiss\u00e4 h\u00e4n auttaa h\u00e4d\u00e4nalaisia ihmeiden avulla. Nyky\u00e4\u00e4n h\u00e4neen vedotaan taiteellisen luomisty\u00f6n, parantumisen ja kodin suojan yhteydess\u00e4. Torjuntak\u00e4yt\u00e4nt\u00f6j\u00e4 ei ole, koska Brigidia ei pidet\u00e4 haitallisena tai vaarallisena.<\/p>\t\t\t\t\t\t\t\t<\/div>\n\t\t\t\t\t<\/div>\n\t\t\t\t<\/div>\n\t\t<div class=\"elementor-element elementor-element-3lfi7x32 iwg-steckbrief-card e-flex e-con-boxed e-con e-child\" data-id=\"3lfi7x32\" data-element_type=\"container\" data-e-type=\"container\">\n\t\t\t\t\t<div class=\"e-con-inner\">\n\t\t\t\t<div class=\"elementor-element elementor-element-0kg99ga1 elementor-widget elementor-widget-heading\" data-id=\"0kg99ga1\" data-element_type=\"widget\" data-e-type=\"widget\" data-widget_type=\"heading.default\">\n\t\t\t\t\t<div class=\"elementor-heading-title elementor-size-default\">Aiheeseen liittyv\u00e4t olennot<\/div>\t\t\t\t<\/div>\n\t\t\t\t<div class=\"elementor-element elementor-element-n0fum6kp elementor-widget elementor-widget-text-editor\" data-id=\"n0fum6kp\" data-element_type=\"widget\" data-e-type=\"widget\" data-widget_type=\"text-editor.default\">\n\t\t\t\t\t\t\t\t\t<p>Vertailukelpoisia ovat kreikkalainen Athena (k\u00e4sity\u00f6, taisto, viisaus), roomalainen Vesta (kotitulen suoja) ja intialaisessa perinteess\u00e4 jumalatar Saraswati (taiteet, runous). Kolmijakoinen olemus muistuttaa Hekaten kuvauksia tai keltil\u00e4isiss\u00e4 muistomerkeiss\u00e4 esiintyvi\u00e4 kolmimuotoisia jumalkolmikoita. N\u00e4m\u00e4 yht\u00e4l\u00e4isyydet osoittavat kulttuuria luovien jumaluuksien palvonnan universaaleja uskonnollisia kaavoja.<\/p>\t\t\t\t\t\t\t\t<\/div>\n\t\t\t\t\t<\/div>\n\t\t\t\t<\/div>\n\t\t\t\t<\/div>\n\t\t\t\t<\/div>\n\t\t\t\t\t<\/div>\n\t\t\t\t<\/div>\n\t\t<div class=\"elementor-element elementor-element-5a584676 e-flex e-con-boxed e-con e-parent\" data-id=\"5a584676\" data-element_type=\"container\" data-e-type=\"container\">\n\t\t\t\t\t<div class=\"e-con-inner\">\n\t\t\t\t<div class=\"elementor-element elementor-element-6d0757bf elementor-widget elementor-widget-heading\" data-id=\"6d0757bf\" data-element_type=\"widget\" data-e-type=\"widget\" data-widget_type=\"heading.default\">\n\t\t\t\t\t<h2 class=\"elementor-heading-title elementor-size-default\">Brigid, vastaavuudet muissa kulttuureissa<\/h2>\t\t\t\t<\/div>\n\t\t<div class=\"elementor-element elementor-element-60563f68 e-con-full e-flex e-con e-child\" data-id=\"60563f68\" data-element_type=\"container\" data-e-type=\"container\">\n\t\t\t\t<div class=\"elementor-element elementor-element-5a93fdd6 elementor-widget elementor-widget-text-editor\" data-id=\"5a93fdd6\" data-element_type=\"widget\" data-e-type=\"widget\" data-widget_type=\"text-editor.default\">\n\t\t\t\t\t\t\t\t\t<p>Pyhi\u00e4 naisia, jotka yhdist\u00e4v\u00e4t parantamistaidon, sep\u00e4nty\u00f6n ja runouden yhdess\u00e4 hahmossa, l\u00f6ytyy useista mytologioista roomalaisesta Minervasta pohjoismaiseen Eiriin ja slaavilaiseen Mokoshiin; jokainen perinne painottaa kolmea puolta eri tavoin.<\/p>\n<p><p><strong>Juutalainen perinne:<\/strong> Suoraa vastaavuutta ei ole. Et\u00e4isesti sukua ovat Mirjam (profeetta, musiikki, johtaja) Exoduksen perinteess\u00e4 tai personoitu viisaus (Chokmah\/Sofia) naispuolisen luojajumalattaren kaltaisena hahmona.<\/p><p><strong>Kreikkalais-roomalainen maailma:<\/strong> Athena edustaa k\u00e4sity\u00f6taitoa ja strategista viisautta, kun Hestia\/Vesta edustavat kotitulta ja yhteis\u00f6n yhten\u00e4isyytt\u00e4. Asklepios ja Hygieia vastaavat Brigidin parantajan puolta. Roomalainen Vestan <span class=\"iwg-fachbegriff\" data-tooltip=\"Jumaluuden palvonnalle omistettu pyh\u00e4 paikka.\" tabindex=\"0\">pyh\u00e4kk\u00f6<\/span> ikuisine tulineen rinnastuu Brigidin tuleen Kildaressa.<\/p><p><strong>Mesopotamia:<\/strong> Nin\u1e2bursa\u011da, synnytyksen ja parantamisen jumalatar, ja Inanna, taidon ja rakkauden jumalatar, osoittavat aihepiirin p\u00e4\u00e4llekk\u00e4isyyksi\u00e4. My\u00f6s Enki, k\u00e4sity\u00f6taidon jumala, voidaan n\u00e4hd\u00e4 maskuliinisena vastineena.<\/p><p><strong>Intia\/Aasia:<\/strong> Saraswati (runous, taiteet, viisaus) ja Lakshmi (vauraus, k\u00e4sity\u00f6n edist\u00e4minen) jakavat Brigidin roolin ihmisen luomisty\u00f6n edist\u00e4j\u00e4n\u00e4. Japanilaisessa shintolaisuudessa h\u00e4nt\u00e4 vastaa osittain Benzaiten (taiteet, musiikki).<\/p>\t\t\t\t\t\t\t\t<\/div>\n\t\t\t\t<\/div>\n\t\t\t\t\t<\/div>\n\t\t\t\t<\/div>\n\t\t<div class=\"elementor-element elementor-element-cp963119b e-flex e-con-boxed e-con e-parent\" data-id=\"cp963119b\" data-element_type=\"container\" data-e-type=\"container\">\n\t\t\t\t\t<div class=\"e-con-inner\">\n\t\t\t\t<div class=\"elementor-element elementor-element-cpb656ff4 elementor-widget elementor-widget-heading\" data-id=\"cpb656ff4\" data-element_type=\"widget\" data-e-type=\"widget\" data-widget_type=\"heading.default\">\n\t\t\t\t\t<h2 class=\"elementor-heading-title elementor-size-default\">Sulautuminen pyh\u00e4\u00e4n Brigidaan Kildaresta<\/h2>\t\t\t\t<\/div>\n\t\t<div class=\"elementor-element elementor-element-cp41801bb e-con-full e-flex e-con e-child\" data-id=\"cp41801bb\" data-element_type=\"container\" data-e-type=\"container\">\n\t\t\t\t<div class=\"elementor-element elementor-element-cp6ed9bb7 elementor-widget elementor-widget-text-editor\" data-id=\"cp6ed9bb7\" data-element_type=\"widget\" data-e-type=\"widget\" data-widget_type=\"text-editor.default\">\n\t\t\t\t\t\t\t\t\t<p>Yksi irlantilaisen uskontohistorian kiistanalaisimmista kysymyksist\u00e4 koskee jumalatar Brigidin ja kristillisen pyh\u00e4n Brigidan Kildaresta suhdetta; h\u00e4nen juhlaansa vietet\u00e4\u00e4n 1. helmikuuta, <em>Imbolcin<\/em> p\u00e4iv\u00e4n\u00e4.<\/p><p>Pyh\u00e4n uskotaan el\u00e4neen 400-luvulla tai 500-luvun alussa; h\u00e4nen vanhimman el\u00e4m\u00e4kertansa, <em>Vita Sanctae Brigitae<\/em>, kirjoitti munkki Cogitosus noin vuonna 650.<\/p><p>Cogitosus kertoo Kildaren luostarista (<em>Cill Dara<\/em>, tammen kirkko), jossa paloi pyh\u00e4 tuli, jota nunnat vartioivat ja jonka ei koskaan saanut sammua.<\/p><p>Giraldus Cambrensis kuvasi t\u00e4t\u00e4 tulta viel\u00e4 1100-luvulla. T\u00e4m\u00e4 tulenpalvonta, yhteys karjaan, maitoon ja hedelm\u00e4llisyyteen sek\u00e4 juhlan ajankohta ovat saaneet monet tutkijat n\u00e4kem\u00e4\u00e4n pyh\u00e4ss\u00e4 jumalattaren kristillistetyn muodon.<\/p><p>Uudempi tutkimus kehottaa kuitenkin varovaisuuteen. Historioitsijat, kuten Lisa Bitel, ovat huomauttaneet, ett\u00e4 todellinen abbedissa nimelt\u00e4 Brigida on hyvinkin voinut olla olemassa ja ett\u00e4 hagiografia noudattaa omia kirjallisia lakejaan. Yht\u00e4l\u00e4isyydet voidaan selitt\u00e4\u00e4 osin luostariyhteis\u00f6n tietoisena esikristillisten aiheiden omaksumisena, osin varhaiskeskiaikaisten pyhien el\u00e4m\u00e4kertojen yleisin\u00e4 yht\u00e4l\u00e4isyyksin\u00e4.<\/p><p>Varmaa on, ett\u00e4 pyh\u00e4n <span class=\"iwg-fachbegriff\" data-tooltip=\"Jumaluudelle tai pyh\u00e4lle hahmolle osoitettujen uskonnollisten kunnioitustekojen kokonaisuus.\" tabindex=\"0\">kultti<\/span> peitti alleen jumalattaren kultin ja sitoi vanhoja tapoja, kuten <em>Brigid&#8217;s Crossin<\/em> punomisen kaislasta, kristilliseen juhlap\u00e4iv\u00e4\u00e4n. Jatkuvuus on todellinen, mutta sen tarkka muoto on kiistanalainen.<\/p>\t\t\t\t\t\t\t\t<\/div>\n\t\t\t\t<\/div>\n\t\t\t\t\t<\/div>\n\t\t\t\t<\/div>\n\t\t<div class=\"elementor-element elementor-element-cp82e756a e-flex e-con-boxed e-con e-parent\" data-id=\"cp82e756a\" data-element_type=\"container\" data-e-type=\"container\">\n\t\t\t\t\t<div class=\"e-con-inner\">\n\t\t\t\t<div class=\"elementor-element elementor-element-cp7acc7a0 elementor-widget elementor-widget-heading\" data-id=\"cp7acc7a0\" data-element_type=\"widget\" data-e-type=\"widget\" data-widget_type=\"heading.default\">\n\t\t\t\t\t<h2 class=\"elementor-heading-title elementor-size-default\">Brigid keskiaikaisessa tekstiperinteess\u00e4<\/h2>\t\t\t\t<\/div>\n\t\t<div class=\"elementor-element elementor-element-cpff2cb9f e-con-full e-flex e-con e-child\" data-id=\"cpff2cb9f\" data-element_type=\"container\" data-e-type=\"container\">\n\t\t\t\t<div class=\"elementor-element elementor-element-cp425ffe9 elementor-widget elementor-widget-text-editor\" data-id=\"cp425ffe9\" data-element_type=\"widget\" data-e-type=\"widget\" data-widget_type=\"text-editor.default\">\n\t\t\t\t\t\t\t\t\t<p>Suurin osa siit\u00e4, mit\u00e4 jumalatar Brigidist\u00e4 tiedet\u00e4\u00e4n, ei ole per\u00e4isin aikalaisl\u00e4hteist\u00e4 pakanuuden ajalta, vaan teksteist\u00e4, jotka kristityt oppineet kirjoittivat keskiajalla. T\u00e4rkein kohta l\u00f6ytyy teoksesta <em>Sanas Cormaic<\/em> (Cormacin sanakirja), etymologisesta kokoelmasta, joka perinteisesti liitet\u00e4\u00e4n piispa Cormac mac Cuilenn\u00e1iniin (kuoli 908).<\/p><p>Siin\u00e4 kerrotaan, ett\u00e4 Brigid oli runoilijatar (<em>banfili<\/em>), <a href=\"https:\/\/iwell-guard.com\/fi\/?page_id=143995\">Dagdan<\/a> tyt\u00e4r, ja ett\u00e4 oli olemassa kaksi muuta samannimist\u00e4 Brigidi\u00e4, joista yksi vastasi parantamisen taidosta ja toinen taidontakonnasta.<\/p><p>T\u00e4st\u00e4 merkinn\u00e4st\u00e4 tutkimus on johtanut kuvan kolminaisesta jumalattaresta tai kolmesta samannimisest\u00e4 sisaresta. Onko kyse aidosta vanhasta k\u00e4sityksest\u00e4 vai sanakirjan tekij\u00e4n oppineesta rakennelmasta, ei voida lopullisesti selvitt\u00e4\u00e4.<\/p><p>Lis\u00e4\u00e4 mainintoja l\u00f6ytyy teoksesta <em>Lebor Gab\u00e1la \u00c9renn<\/em> (Maahanottojen kirja) ja kertomuksesta <em>Cath Maige Tuired<\/em> (Mag Tuiredin taistelu), jossa Brigid esiintyy Bresin vaimona ja Ruad\u00e1nin \u00e4itin\u00e4 ja jonka kerrotaan keksineen valittajalaulun (<em>keening<\/em>) t\u00e4m\u00e4n kuoleman j\u00e4lkeen.<\/p><p>N\u00e4m\u00e4 l\u00e4hteet ovat s\u00e4ilyneet 1100\u20131500-lukujen k\u00e4sikirjoituksissa, mutta perustuvat osittain vanhempiin esikuviin. <span class=\"iwg-fachbegriff\" data-tooltip=\"Uskontotiede tutkii uskontoja vertailevasti ja uskonnollisesti sitoutumattomasti.\" tabindex=\"0\">Uskontotiede<\/span> painottaa siksi, ett\u00e4 kaikki Brigidi\u00e4 koskevat tiedot ovat kulkeneet luostarioppineisuuden suodattimen l\u00e4pi.<\/p>\t\t\t\t\t\t\t\t<\/div>\n\t\t\t\t<\/div>\n\t\t\t\t\t<\/div>\n\t\t\t\t<\/div>\n\t\t<div class=\"elementor-element elementor-element-cpe440084 e-flex e-con-boxed e-con e-parent\" data-id=\"cpe440084\" data-element_type=\"container\" data-e-type=\"container\">\n\t\t\t\t\t<div class=\"e-con-inner\">\n\t\t\t\t<div class=\"elementor-element elementor-element-cpbc2fb09 elementor-widget elementor-widget-heading\" data-id=\"cpbc2fb09\" data-element_type=\"widget\" data-e-type=\"widget\" data-widget_type=\"heading.default\">\n\t\t\t\t\t<h2 class=\"elementor-heading-title elementor-size-default\">Imbolc: kev\u00e4\u00e4n alkamisen juhla<\/h2>\t\t\t\t<\/div>\n\t\t<div class=\"elementor-element elementor-element-cpfe97b11 e-con-full e-flex e-con e-child\" data-id=\"cpfe97b11\" data-element_type=\"container\" data-e-type=\"container\">\n\t\t\t\t<div class=\"elementor-element elementor-element-cp8c339ee elementor-widget elementor-widget-text-editor\" data-id=\"cp8c339ee\" data-element_type=\"widget\" data-e-type=\"widget\" data-widget_type=\"text-editor.default\">\n\t\t\t\t\t\t\t\t\t<p>Brigidiin liittyy l\u00e4heisesti <em>Imbolc<\/em>, yksi Irlannin vuodenkierron nelj\u00e4st\u00e4 suuresta juhlasta, joka ajoittuu 1. helmikuuta ja merkitsee kev\u00e4\u00e4n alkua.<\/p><p>Nimi yhdistet\u00e4\u00e4n yleens\u00e4 lampaiden karitsoinnin ja maidontuotannon alkamisen kanssa; yleisen etymologian mukaan se johtuu ilmauksesta <em>i mbolg<\/em> (vatsassa) viitaten tiinein\u00e4 oleviin em\u00e4lampaisiin, mutta t\u00e4st\u00e4kin tutkijoiden n\u00e4kemykset poikkeavat toisistaan.<\/p><p>Vanhimmat maininnat juhlasta ovat keskiaikaisista teksteist\u00e4, kuten kertomuksesta <em>Tochmarc Emire<\/em> (Emerin kosinta), jossa Imbolc mainitaan yhdess\u00e4 <em>Samhainin<\/em>, <em>Beltainen<\/em> ja <em>Lugnasadin<\/em> kanssa. Konkreettisia tietoja pakanuuden ajan rituaaleista puuttuu p\u00e4\u00e4osin; tieto tavoista on per\u00e4isin uuden ajan kansanperinteisest\u00e4 <span class=\"iwg-fachbegriff\" data-tooltip=\"Tiedon ja kertomusten siirtymist\u00e4 sukupolvelta toiselle.\" tabindex=\"0\">perim\u00e4tiedosta<\/span>.<\/p><p>Irlannin ja Skotlannin maaseudulla on kirjattu Brigidin ristin punominen, olkinuken (<em>Br\u00edde\u00f3g<\/em>) valmistaminen, jota kannettiin talosta taloon, sek\u00e4 kankaan tai nauhan asettaminen y\u00f6n yli ulos, <em>Brat Br\u00edde<\/em>, jolle uskottiin parantavaa voimaa.<\/p><p>N\u00e4it\u00e4 k\u00e4yt\u00e4nt\u00f6j\u00e4 kirjasivat 1800- ja 1900-luvun alussa ker\u00e4\u00e4j\u00e4t, kuten Alexander Carmichael teoksessa <em>Carmina Gadelica<\/em>. Kuinka paljon n\u00e4ist\u00e4 juontuu kristinuskoa edelt\u00e4v\u00e4st\u00e4 jumalattaresta, on menetelm\u00e4llisesti vaikea m\u00e4\u00e4ritt\u00e4\u00e4.<\/p>\t\t\t\t\t\t\t\t<\/div>\n\t\t\t\t<\/div>\n\t\t\t\t\t<\/div>\n\t\t\t\t<\/div>\n\t\t<div class=\"elementor-element elementor-element-cp87ef1ee e-flex e-con-boxed e-con e-parent\" data-id=\"cp87ef1ee\" data-element_type=\"container\" data-e-type=\"container\">\n\t\t\t\t\t<div class=\"e-con-inner\">\n\t\t\t\t<div class=\"elementor-element elementor-element-cp18a755f elementor-widget elementor-widget-heading\" data-id=\"cp18a755f\" data-element_type=\"widget\" data-e-type=\"widget\" data-widget_type=\"heading.default\">\n\t\t\t\t\t<h2 class=\"elementor-heading-title elementor-size-default\">Brigantia ja kysymys manner-kelttil\u00e4isest\u00e4 levinneisyydest\u00e4<\/h2>\t\t\t\t<\/div>\n\t\t<div class=\"elementor-element elementor-element-cp0dfc208 e-con-full e-flex e-con e-child\" data-id=\"cp0dfc208\" data-element_type=\"container\" data-e-type=\"container\">\n\t\t\t\t<div class=\"elementor-element elementor-element-cp61715b4 elementor-widget elementor-widget-text-editor\" data-id=\"cp61715b4\" data-element_type=\"widget\" data-e-type=\"widget\" data-widget_type=\"text-editor.default\">\n\t\t\t\t\t\t\t\t\t<p>Nimi Brigid johdetaan kielellisesti kanta-kelttil\u00e4isest\u00e4 juuresta <em>*brigant\u012b<\/em>, joka merkitsee jotakuinkin ylh\u00e4ist\u00e4 tai korkeaa. Sama juuri esiintyy jumalatar Brigantian nimess\u00e4, joka on todistettu roomalaisessa Britanniassa, erityisesti brigantien heimon alueella Pohjois-Englannissa, kirjoitusten ja votiivikivien avulla.<\/p><p><span class=\"iwg-fachbegriff\" data-tooltip=\"Pinnasta veistetty, kohokuvioinen esitys.\" tabindex=\"0\">Reliefiss\u00e4<\/span> Birrensist\u00e4 Skotlannista Brigantia esiintyy Minervan tai Victorian hahmossa, keih\u00e4s, kilpi ja muurikruunu. Kirjoituksissa h\u00e4net mainitaan osin yhdess\u00e4 roomalaisen valtiojumaluuden kanssa, mik\u00e4 viittaa viralliseen teht\u00e4v\u00e4\u00e4n heimoliiton suojelijattarena.<\/p><p>Onko Brigantia ja irlantilainen Brigid per\u00e4isin yhteisest\u00e4, laajalti levinneest\u00e4 kelttil\u00e4isest\u00e4 <span class=\"iwg-fachbegriff\" data-tooltip=\"Uskonnon sis\u00e4ll\u00e4 jumalallisena kunnioitettu olento.\" tabindex=\"0\">jumaluudesta<\/span> vai onko kyse ainoastaan nimen sukulaisuudesta, kuuluu kelttil\u00e4isen uskontotutkimuksen avoimiin kysymyksiin.<\/p><p>Vastaavia nimi\u00e4 esiintyy my\u00f6s manner-kelttil\u00e4isell\u00e4 alueella, esimerkiksi paikannimiss\u00e4 kuten Bregenz (<em>Brigantion<\/em>) Bodenj\u00e4rven rannalla.<\/p><p>Jotkut tutkijat, mukaan lukien Georges Dum\u00e9zilin perinteess\u00e4 ty\u00f6skentelev\u00e4t uskontotieteilij\u00e4t, ovat verranneet Brigidi\u00e4 indoeurooppalaisiin k\u00e4sityksiin aamuruskon tai runollisen inspiraation jumalattaresta ja viitanneet yht\u00e4l\u00e4isyyksiin vedalaisen jumalatar Bharat\u012bn tai Sarasvat\u012bn kanssa. T\u00e4llaiset vertailut pysyv\u00e4t hypoteettisina, mutta osoittavat, kuinka syv\u00e4lle nimi on kielellisesti juurtunut.<\/p>\t\t\t\t\t\t\t\t<\/div>\n\t\t\t\t<\/div>\n\t\t\t\t\t<\/div>\n\t\t\t\t<\/div>\n\t\t<div class=\"elementor-element elementor-element-cpd9c7750 e-flex e-con-boxed e-con e-parent\" data-id=\"cpd9c7750\" data-element_type=\"container\" data-e-type=\"container\">\n\t\t\t\t\t<div class=\"e-con-inner\">\n\t\t\t\t<div class=\"elementor-element elementor-element-cpac607fa elementor-widget elementor-widget-heading\" data-id=\"cpac607fa\" data-element_type=\"widget\" data-e-type=\"widget\" data-widget_type=\"heading.default\">\n\t\t\t\t\t<h2 class=\"elementor-heading-title elementor-size-default\">Moderni vastaanotto: uuspakanuus ja kulttuurinen elpyminen<\/h2>\t\t\t\t<\/div>\n\t\t<div class=\"elementor-element elementor-element-cp1f5ec82 e-con-full e-flex e-con e-child\" data-id=\"cp1f5ec82\" data-element_type=\"container\" data-e-type=\"container\">\n\t\t\t\t<div class=\"elementor-element elementor-element-cp7c7a406 elementor-widget elementor-widget-text-editor\" data-id=\"cp7c7a406\" data-element_type=\"widget\" data-e-type=\"widget\" data-widget_type=\"text-editor.default\">\n\t\t\t\t\t\t\t\t\t<p>1900-luvun loppupuolelta l\u00e4htien Brigid on kokenut huomattavan elpymisen. Uuspakanallisissa ja wicca-henkisiss\u00e4 suuntauksissa h\u00e4net lasketaan yhdeksi useimmin palvotuista jumaluuksista, usein tulkittuna kolminaisena runouden, parantamisen taidon ja taidontakonnan jumalattarena. Imbolc on omaksuttu yhdeksi kahdeksasta modernin pakanallisen vuodenkierron juhlasta.<\/p><p>T\u00e4m\u00e4 vastaanotto yhdist\u00e4\u00e4 usein eri alkuper\u00e4\u00e4 olevaa aineistoa: keskiaikaisia irlantilaisia tekstej\u00e4, uuden ajan kansanperinteit\u00e4, pyhimyksen hagiografiaa ja 1800-luvun romanttisia rekonstruktioita. Uskontotieteellisesti on t\u00e4rke\u00e4\u00e4 erottaa, mik\u00e4 on historiallisesti todistettua ja mik\u00e4 edustaa nykyaikaista omaksumista. Moderni Brigid on itsen\u00e4inen uskonnollinen ilmi\u00f6, ei yksinkertaisesti keskiaikaisen jumalattaren jatkumo.<\/p><p><span data-nosnippet>Samanaikaisesti Irlannissa on k\u00e4ynniss\u00e4 kulttuurinen elpyminen. Kildaressa Brigidin sisarten yhteis\u00f6 on vuodesta 1993 l\u00e4htien pit\u00e4nyt uudelleen yll\u00e4 symbolista ikuista tulta. Vuodesta 2023 l\u00e4htien 1. helmikuuta on Irlannin tasavallassa lakis\u00e4\u00e4teinen vapaap\u00e4iv\u00e4, nimetty Brigidin mukaan, mik\u00e4 osoittaa hahmon jatkuvan identiteetti\u00e4 muodostavan voiman.<\/span><\/p><p>Feministisess\u00e4 <span class=\"iwg-fachbegriff\" data-tooltip=\"Tieteellinen oppi Jumalasta ja uskonnon uskonopeista.\" tabindex=\"0\">teologiassa<\/span> ja rauhanliikkeess\u00e4 Brigidi\u00e4 k\u00e4ytet\u00e4\u00e4n my\u00f6s naisellisen auktoriteetin ja luovan voiman <span class=\"iwg-fachbegriff\" data-tooltip=\"Merkki, joka edustaa k\u00e4sityst\u00e4 tai merkityst\u00e4.\" tabindex=\"0\">symbolina<\/span>. Hahmo on siten esimerkki siit\u00e4, kuinka mytologinen henkil\u00f6 t\u00e4yttyy vuosisatojen kuluessa jatkuvasti uudelleen merkityksell\u00e4.<\/p>\t\t\t\t\t\t\t\t<\/div>\n\t\t\t\t<\/div>\n\t\t\t\t\t<\/div>\n\t\t\t\t<\/div>\n\t\t<div class=\"elementor-element elementor-element-cp1c8a1f7 e-flex e-con-boxed e-con e-parent\" data-id=\"cp1c8a1f7\" data-element_type=\"container\" data-e-type=\"container\">\n\t\t\t\t\t<div class=\"e-con-inner\">\n\t\t\t\t<div class=\"elementor-element elementor-element-cpb9e96f0 elementor-widget elementor-widget-heading\" data-id=\"cpb9e96f0\" data-element_type=\"widget\" data-e-type=\"widget\" data-widget_type=\"heading.default\">\n\t\t\t\t\t<h2 class=\"elementor-heading-title elementor-size-default\">Brigid T\u00faatha D\u00e9 Danannin perheess\u00e4<\/h2>\t\t\t\t<\/div>\n\t\t<div class=\"elementor-element elementor-element-cpabc4612 e-con-full e-flex e-con e-child\" data-id=\"cpabc4612\" data-element_type=\"container\" data-e-type=\"container\">\n\t\t\t\t<div class=\"elementor-element elementor-element-cpb80a943 elementor-widget elementor-widget-text-editor\" data-id=\"cpb80a943\" data-element_type=\"widget\" data-e-type=\"widget\" data-widget_type=\"text-editor.default\">\n\t\t\t\t\t\t\t\t\t<p>Irlantilaisen <span class=\"iwg-fachbegriff\" data-tooltip=\"Tiedon ja tarinoiden v\u00e4litt\u00e4minen sukupolvelta toiselle.\" tabindex=\"0\">perim\u00e4tiedon<\/span> jumalsuvun, <em>T\u00faatha D\u00e9 Danannin<\/em>, mytologisessa sukuluettelossa Brigidill\u00e4 on keskeinen sukulaisuusasema. H\u00e4nen katsotaan olevan Dagdan, suuren is\u00e4jumalan, tyt\u00e4r ja siten sisar hahmoille kuten Aengus, Bodb Derg ja Cermait.<\/p><p><em>Cath Maige Tuiredissa<\/em> h\u00e4net mainitaan Bresin, sen kuninkaan puolisoksi, joka on puoliksi T\u00faatha D\u00e9 -sukua, puoliksi vihollismieheist\u00e4 Fomoreita. T\u00e4st\u00e4 liitosta syntyy poika Ruad\u00e1n.<\/p><p>Brigid asettuu n\u00e4in kahden toisiaan vastustavan mytologisen suvun saumakohtaan, asema, joka tekee h\u00e4nest\u00e4 v\u00e4litt\u00e4j\u00e4n. Kun Ruad\u00e1n kaatuu taistelussa, Brigidin sanotaan viritt\u00e4neen Irlannin ensimm\u00e4isen valituslaulun, mink\u00e4 perusteella h\u00e4nelle katsotaan kuuluvan rituaalisen surun keksiminen.<\/p><p>N\u00e4m\u00e4 sukuluettelotiedot eiv\u00e4t ole t\u00e4ysin yhten\u00e4isi\u00e4. Eri k\u00e4sikirjoitukset ja tekstiperinteet liitt\u00e4v\u00e4t Brigidiin osin erilaisia sukulaisia, ja jo mainittu jakautuminen kolmeen samannimiseen sisareen mutkistaa kuvaa entisest\u00e4\u00e4n.<\/p><p>Tutkimus n\u00e4kee t\u00e4ss\u00e4 v\u00e4hemm\u00e4n ristiriidan kuin suullisen <span class=\"iwg-fachbegriff\" data-tooltip=\"Tiedon ja tarinoiden v\u00e4litt\u00e4minen sukupolvelta toiselle.\" tabindex=\"0\">perim\u00e4tiedon<\/span> ominaispiirteen, joka salli useiden versioiden esiinty\u00e4 rinnakkain. Todettakoon, ett\u00e4 Brigid esiintyy k\u00e4yt\u00e4nn\u00f6ss\u00e4 kaikissa perinnelinjoissa korkea-arvoisena hahmona, tiiviisti Dagdaan liittyneen\u00e4 ja yhdistettyn\u00e4 runouden, parantamisen ja k\u00e4sity\u00f6n keskeisiin alueisiin.<\/p>\t\t\t\t\t\t\t\t<\/div>\n\t\t\t\t<\/div>\n\t\t\t\t\t<\/div>\n\t\t\t\t<\/div>\n\t\t<div class=\"elementor-element elementor-element-36dd7469 e-flex e-con-boxed e-con e-parent\" data-id=\"36dd7469\" data-element_type=\"container\" data-e-type=\"container\">\n\t\t\t\t\t<div class=\"e-con-inner\">\n\t\t\t\t<div class=\"elementor-element elementor-element-13760ab4 elementor-widget elementor-widget-heading\" data-id=\"13760ab4\" data-element_type=\"widget\" data-e-type=\"widget\" data-widget_type=\"heading.default\">\n\t\t\t\t\t<h2 class=\"elementor-heading-title elementor-size-default\">Aiheeseen liittyv\u00e4t linkit<\/h2>\t\t\t\t<\/div>\n\t\t<div class=\"elementor-element elementor-element-28c87796 e-con-full e-flex e-con e-child\" data-id=\"28c87796\" data-element_type=\"container\" data-e-type=\"container\">\n\t\t\t\t<div class=\"elementor-element elementor-element-5d6538df elementor-widget elementor-widget-text-editor\" data-id=\"5d6538df\" data-element_type=\"widget\" data-e-type=\"widget\" data-widget_type=\"text-editor.default\">\n\t\t\t\t\t\t\t\t\t<p>Suositellut sis\u00e4iset linkit t\u00e4lle sivulle:<\/p><ul><li><a href=\"https:\/\/iwell-guard.com\/fi\/?page_id=143850\">Kelttil\u00e4inen<\/a> (ylempi kulttuurisivu)<\/li><li><a href=\"https:\/\/iwell-guard.com\/fi\/?page_id=144065\">Cernunnos<\/a> (rinnakkainen jumala kelttil\u00e4isess\u00e4 <span class=\"iwg-fachbegriff\" data-tooltip=\"Uskonnon tai kulttuurin jumalten kokonaisuus.\" tabindex=\"0\">pantheonissa<\/span>)<\/li><li><a href=\"https:\/\/iwell-guard.com\/fi\/?page_id=143867\">Banshee<\/a> (naispuolinen henkihahmo samasta perinteest\u00e4)<\/li><li><a href=\"https:\/\/iwell-guard.com\/fi\/?page_id=143943\">Suojelujumaluudet<\/a> (luokkakatsaus)<\/li><\/ul>\t\t\t\t\t\t\t\t<\/div>\n\t\t\t\t<\/div>\n\t\t\t\t\t<\/div>\n\t\t\t\t<\/div>\n\t\t<div class=\"elementor-element elementor-element-grl4kl40 e-flex e-con-boxed e-con e-parent\" data-id=\"grl4kl40\" data-element_type=\"container\" data-e-type=\"container\">\n\t\t\t\t\t<div class=\"e-con-inner\">\n\t\t\t\t<div class=\"elementor-element elementor-element-bzsbfrmh elementor-widget elementor-widget-heading\" data-id=\"bzsbfrmh\" data-element_type=\"widget\" data-e-type=\"widget\" data-widget_type=\"heading.default\">\n\t\t\t\t\t<h2 class=\"elementor-heading-title elementor-size-default\">Kirjallisuus (valikoima)<\/h2>\t\t\t\t<\/div>\n\t\t<div class=\"elementor-element elementor-element-2c13224a e-con-full e-flex e-con e-child\" data-id=\"2c13224a\" data-element_type=\"container\" data-e-type=\"container\">\n\t\t\t\t<div class=\"elementor-element elementor-element-0eymh9ub elementor-widget elementor-widget-text-editor\" data-id=\"0eymh9ub\" data-element_type=\"widget\" data-e-type=\"widget\" data-widget_type=\"text-editor.default\">\n\t\t\t\t\t\t\t\t\t<footer class=\"iwg-literatur\" data-nosnippet=\"true\"><p>L\u00e4hteet Brigidist\u00e4:<\/p><ul><li><span data-nosnippet>\u00d3 h\u00d3g\u00e1in, D\u00e1ith\u00ed: <em>The Lore of Ireland. An Encyclopaedia of Myth, Legend and Romance.<\/em> Boydell Press, Woodbridge 2006.<\/span><\/li><li><span data-nosnippet>Aldhouse-Green, Miranda: <em>The Celtic Goddesses. Warriors, Virgins and Mothers.<\/em> British Museum Press, London 1995.<\/span><\/li><li><span data-nosnippet>Wright, Brian: <em>Brigid. Goddess, Druidess and Saint.<\/em> The History Press, Stroud 2009.<\/span><\/li><\/ul><\/footer>\n<p class=\"iwg-bib-more\"><span data-nosnippet>Lis\u00e4\u00e4 perusteoksia l\u00f6ytyy <a href=\"https:\/\/iwell-guard.com\/fi\/?page_id=143965\">kirjallisuusluettelosta<\/a>.<\/span><\/p>\t\t\t\t\t\t\t\t<\/div>\n\t\t\t\t<\/div>\n\t\t\t\t\t<\/div>\n\t\t\t\t<\/div>\n\t\t<div class=\"elementor-element elementor-element-07f6324 e-con-boxed e-flex e-con e-parent\" data-id=\"07f6324\" data-element_type=\"container\" data-e-type=\"container\">\n\t\t\t\t\t<div class=\"e-con-inner\">\n\t\t\t\t<div class=\"elementor-element elementor-element-a5cd9dc elementor-widget elementor-widget-text-editor\" data-id=\"a5cd9dc\" data-element_type=\"widget\" data-e-type=\"widget\" data-widget_type=\"text-editor.default\">\n\t\t\t\t\t\t\t\t\t\n<h2>Usein kysytyt kysymykset Brigidist\u00e4<\/h2>\n<div class=\"iwg-faq-q\"><h3>Kuka on Brigid kelttil\u00e4is-irlantilaisessa perinteess\u00e4?<\/h3><p>Brigid (muinaisirlanniksi Brigit, kymriksi Ffraid) on yksi irlantilais-kelttil\u00e4isen <span class=\"iwg-fachbegriff\" data-tooltip=\"Kulttuurin perinteisten jumalkertomusten kokonaisuus.\" tabindex=\"0\">mytologian<\/span> t\u00e4rkeimmist\u00e4 jumalattarista, Dagdan tyt\u00e4r sek\u00e4 runoilijoiden, seppien ja parantajien suojelijatar.<\/p><p>H\u00e4n ilment\u00e4\u00e4 kelttil\u00e4isen maailman kolmea suurta kulttuurialuetta: puhuttua sanaa (filidh, runoilijat), tulen muodonmuutosta (sep\u00e4t) ja parantamista. Kolminaisessa perinteess\u00e4 h\u00e4n esiintyy kolmena sisarena: Brigid runoilijana, Brigid sepp\u00e4n\u00e4 ja Brigid parantajana.<\/p><\/div>\n<div class=\"iwg-faq-q\"><h3>Miten pakanallinen Brigid ja kristillinen pyh\u00e4 Brigida liittyv\u00e4t toisiinsa?<\/h3><p>Pyh\u00e4 Brigida Kildarelainen (n. 451-525), Irlannin suojeluspyhimys, on uskontohistoriallisesti yksi vaikuttavimmista <span class=\"iwg-fachbegriff\" data-tooltip=\"Eri uskonnollisten perinteiden k\u00e4sitysten tai jumalten sulautuminen.\" tabindex=\"0\">synkretismin<\/span>-hahmoista. Kristillinen kirkko omaksui pakanallisen jumalattaren <span class=\"iwg-fachbegriff\" data-tooltip=\"Jumalan tai pyh\u00e4n hahmon palvontaan liittyvien uskonnollisten toimien kokonaisuus.\" tabindex=\"0\">kultin<\/span>, juhlap\u00e4iv\u00e4n (Imbolc\/kynttil\u00e4np\u00e4iv\u00e4 1.-2. helmikuuta), <span class=\"iwg-fachbegriff\" data-tooltip=\"Jumalan palvonnalle omistettu pyh\u00e4 paikka.\" tabindex=\"0\">pyh\u00e4k\u00f6n<\/span> (Kildaren ikuista Brigid-tulta yll\u00e4pidettiin vuoteen 1220 asti) ja monia ihmetarinoita.<\/p><p>Irlantilainen <span class=\"iwg-fachbegriff\" data-tooltip=\"Arjessa yleiset uskonnolliset k\u00e4sitykset ja tavat.\" tabindex=\"0\">kansanusko<\/span> yhdisti molemmat hahmot niin tiiviisti, ett\u00e4 ei voida en\u00e4\u00e4 erottaa, mik\u00e4 ominaisuus alun perin kuului kummalle.<\/p><\/div>\n<script type=\"application\/ld+json\">{\"@context\":\"https:\/\/schema.org\",\"@type\":\"FAQPage\",\"mainEntity\":[{\"@type\":\"Question\",\"name\":\"Kuka on Brigid kelttil\u00e4is-irlantilaisessa perinteess\u00e4?\",\"acceptedAnswer\":{\"@type\":\"Answer\",\"text\":\"Brigid (muinaisirlanniksi Brigit, kymriksi Ffraid) on yksi irlantilais-kelttil\u00e4isen mytologian t\u00e4rkeimmist\u00e4 jumalattarista, Dagdan tyt\u00e4r sek\u00e4 runoilijoiden, seppien ja parantajien suojelijatar.H\u00e4n ilment\u00e4\u00e4 kelttil\u00e4isen maailman kolmea suurta kulttuurialuetta: puhuttua sanaa (filidh, runoilijat), tulen muodonmuutosta (sep\u00e4t) ja parantamista. Kolminaisessa perinteess\u00e4 h\u00e4n esiintyy kolmena sisarena: Brigid runoilijana, Brigid sepp\u00e4n\u00e4 ja Brigid parantajana.\"}},{\"@type\":\"Question\",\"name\":\"Miten pakanallinen Brigid ja kristillinen pyh\u00e4 Brigida liittyv\u00e4t toisiinsa?\",\"acceptedAnswer\":{\"@type\":\"Answer\",\"text\":\"Pyh\u00e4 Brigida Kildarelainen (n. 451-525), Irlannin suojeluspyhimys, on uskontohistoriallisesti yksi vaikuttavimmista synkretismin hahmoista. Kristillinen kirkko omaksui pakanallisen jumalattaren kultin, juhlap\u00e4iv\u00e4n (Imbolc\/kynttil\u00e4np\u00e4iv\u00e4 1.-2. helmikuuta), pyh\u00e4k\u00f6n (Kildaren ikuista Brigid-tulta yll\u00e4pidettiin vuoteen 1220 asti) ja monia ihmetarinoita.Irlantilainen kansanusko yhdisti molemmat hahmot niin tiiviisti, ett\u00e4 ei voida en\u00e4\u00e4 erottaa, mik\u00e4 ominaisuus alun perin kuului kummalle.\"}}]}<\/script>\t\t\t\t\t\t\t\t<\/div>\n\t\t\t\t\t<\/div>\n\t\t\t\t<\/div>\n\t\t\t\t<\/div>\n\t\t","protected":false},"excerpt":{"rendered":"","protected":false},"author":3,"featured_media":1613,"parent":0,"menu_order":0,"comment_status":"closed","ping_status":"closed","template":"elementor_header_footer","meta":{"_yoast_wpseo_focuskw":"Brigid","_yoast_wpseo_title":"Brigid - tulen, parannustaidon ja runouden jumalatar","_yoast_wpseo_metadesc":"Brigid, kelttil\u00e4isen perinteen jumalatar tulelle, parannustaidolle ja runoudelle, ollut tunnettu vuosisatojen ajan ja jatkunut pyh\u00e4n\u00e4 Brigitana Irlannissa.","_yoast_wpseo_meta-robots-noindex":"","_yoast_wpseo_canonical":"","_angie_page":false,"gefaehrdungsstufe":"1","wesen_kultur":"keltisch","wesen_klasse":"goetter","footnotes":""},"categories":[],"class_list":["post-144063","page","type-page","status-publish","has-post-thumbnail","hentry"],"yoast_head":"<!-- This site is optimized with the Yoast SEO Premium plugin v27.7 (Yoast SEO v28.3) - https:\/\/yoast.com\/product\/yoast-seo-premium-wordpress\/ -->\n<title>Brigid - tulen, parannustaidon ja runouden jumalatar<\/title>\n<meta name=\"description\" content=\"Brigid, kelttil\u00e4isen perinteen jumalatar tulelle, parannustaidolle ja runoudelle, ollut tunnettu vuosisatojen ajan ja jatkunut pyh\u00e4n\u00e4 Brigitana Irlannissa.\" \/>\n<meta name=\"robots\" content=\"index, follow, max-snippet:-1, max-image-preview:large, max-video-preview:-1\" \/>\n<link rel=\"canonical\" href=\"https:\/\/iwell-guard.com\/fi\/brigid\/\" \/>\n<meta property=\"og:locale\" content=\"fi_FI\" \/>\n<meta property=\"og:type\" content=\"article\" \/>\n<meta property=\"og:title\" content=\"Brigid\" \/>\n<meta property=\"og:description\" content=\"Brigid, kelttil\u00e4isen perinteen jumalatar tulelle, parannustaidolle ja runoudelle, ollut tunnettu vuosisatojen ajan ja jatkunut pyh\u00e4n\u00e4 Brigitana Irlannissa.\" \/>\n<meta property=\"og:url\" content=\"https:\/\/iwell-guard.com\/fi\/brigid\/\" \/>\n<meta property=\"og:site_name\" content=\"iWell Guard\" \/>\n<meta property=\"article:modified_time\" content=\"2026-09-03T12:49:56+00:00\" \/>\n<meta property=\"og:image\" content=\"https:\/\/iwell-guard.com\/wp-content\/uploads\/2026\/04\/goetter_keltisch_brigid.webp\" \/>\n\t<meta property=\"og:image:width\" content=\"1024\" \/>\n\t<meta property=\"og:image:height\" content=\"1536\" \/>\n\t<meta property=\"og:image:type\" content=\"image\/webp\" \/>\n<meta name=\"twitter:card\" content=\"summary_large_image\" \/>\n<script type=\"application\/ld+json\" class=\"yoast-schema-graph\">{\"@context\":\"https:\\\/\\\/schema.org\",\"@graph\":[{\"@type\":\"WebPage\",\"@id\":\"https:\\\/\\\/iwell-guard.com\\\/fi\\\/brigid\\\/\",\"url\":\"https:\\\/\\\/iwell-guard.com\\\/fi\\\/brigid\\\/\",\"name\":\"Brigid - tulen, parannustaidon ja runouden jumalatar\",\"isPartOf\":{\"@id\":\"https:\\\/\\\/iwell-guard.com\\\/fi\\\/#website\"},\"primaryImageOfPage\":{\"@id\":\"https:\\\/\\\/iwell-guard.com\\\/fi\\\/brigid\\\/#primaryimage\"},\"image\":{\"@id\":\"https:\\\/\\\/iwell-guard.com\\\/fi\\\/brigid\\\/#primaryimage\"},\"thumbnailUrl\":\"https:\\\/\\\/iwell-guard.com\\\/wp-content\\\/uploads\\\/2026\\\/04\\\/goetter_keltisch_brigid.webp\",\"datePublished\":\"2026-09-03T12:31:35+00:00\",\"dateModified\":\"2026-09-03T12:49:56+00:00\",\"description\":\"Brigid, kelttil\u00e4isen perinteen jumalatar tulelle, parannustaidolle ja runoudelle, ollut tunnettu vuosisatojen ajan ja jatkunut pyh\u00e4n\u00e4 Brigitana Irlannissa.\",\"breadcrumb\":{\"@id\":\"https:\\\/\\\/iwell-guard.com\\\/fi\\\/brigid\\\/#breadcrumb\"},\"inLanguage\":\"fi\",\"potentialAction\":[{\"@type\":\"ReadAction\",\"target\":[\"https:\\\/\\\/iwell-guard.com\\\/fi\\\/brigid\\\/\"]}]},{\"@type\":\"ImageObject\",\"inLanguage\":\"fi\",\"@id\":\"https:\\\/\\\/iwell-guard.com\\\/fi\\\/brigid\\\/#primaryimage\",\"url\":\"https:\\\/\\\/iwell-guard.com\\\/wp-content\\\/uploads\\\/2026\\\/04\\\/goetter_keltisch_brigid.webp\",\"contentUrl\":\"https:\\\/\\\/iwell-guard.com\\\/wp-content\\\/uploads\\\/2026\\\/04\\\/goetter_keltisch_brigid.webp\",\"width\":1024,\"height\":1536,\"caption\":\"Kelttil\u00e4isen perinteen jumalia.\"},{\"@type\":\"BreadcrumbList\",\"@id\":\"https:\\\/\\\/iwell-guard.com\\\/fi\\\/brigid\\\/#breadcrumb\",\"itemListElement\":[{\"@type\":\"ListItem\",\"position\":1,\"name\":\"Start\",\"item\":\"https:\\\/\\\/iwell-guard.com\\\/fi\\\/?page_id=143815\"},{\"@type\":\"ListItem\",\"position\":2,\"name\":\"Brigid\"}]},{\"@type\":\"WebSite\",\"@id\":\"https:\\\/\\\/iwell-guard.com\\\/fi\\\/#website\",\"url\":\"https:\\\/\\\/iwell-guard.com\\\/fi\\\/\",\"name\":\"iWell Guard\",\"description\":\"Schutz vor dunklen Einfl\u00fcssen\",\"publisher\":{\"@id\":\"https:\\\/\\\/iwell-guard.com\\\/fi\\\/#organization\"},\"potentialAction\":[{\"@type\":\"SearchAction\",\"target\":{\"@type\":\"EntryPoint\",\"urlTemplate\":\"https:\\\/\\\/iwell-guard.com\\\/fi\\\/?s={search_term_string}\"},\"query-input\":{\"@type\":\"PropertyValueSpecification\",\"valueRequired\":true,\"valueName\":\"search_term_string\"}}],\"inLanguage\":\"fi\"},{\"@type\":\"Organization\",\"@id\":\"https:\\\/\\\/iwell-guard.com\\\/fi\\\/#organization\",\"name\":\"Ittermann electronic GmbH\",\"url\":\"https:\\\/\\\/iwell-guard.com\\\/fi\\\/\",\"logo\":{\"@type\":\"ImageObject\",\"inLanguage\":\"fi\",\"@id\":\"https:\\\/\\\/iwell-guard.com\\\/fi\\\/#\\\/schema\\\/logo\\\/image\\\/\",\"url\":\"https:\\\/\\\/iwell-guard.com\\\/wp-content\\\/uploads\\\/2026\\\/05\\\/Ittermann-Logo-1182x237-1.png\",\"contentUrl\":\"https:\\\/\\\/iwell-guard.com\\\/wp-content\\\/uploads\\\/2026\\\/05\\\/Ittermann-Logo-1182x237-1.png\",\"width\":1182,\"height\":237,\"caption\":\"Ittermann electronic GmbH\"},\"image\":{\"@id\":\"https:\\\/\\\/iwell-guard.com\\\/fi\\\/#\\\/schema\\\/logo\\\/image\\\/\"},\"sameAs\":[\"https:\\\/\\\/pantip.com\\\/profile\\\/9367242\",\"https:\\\/\\\/micro.blog\\\/iwellguard\",\"https:\\\/\\\/www.diggerslist.com\\\/iwellguard\\\/about\",\"https:\\\/\\\/skitterphoto.com\\\/photographers\\\/2870314\\\/iwell-guard\",\"https:\\\/\\\/iwellguard.wordpress.com\\\/2026\\\/06\\\/06\\\/iwell-guard\\\/\",\"https:\\\/\\\/hub.docker.com\\\/u\\\/iwellguard\",\"https:\\\/\\\/www.pinterest.com\\\/iwellguard\\\/\",\"https:\\\/\\\/bit.ly\\\/m\\\/iwellguard\",\"https:\\\/\\\/entre-vos-mains.alsace.eu\\\/profiles\\\/iwellguard\\\/activity\",\"https:\\\/\\\/gravatar.com\\\/reallybeded8fd34\",\"https:\\\/\\\/naijamatta.com\\\/iwellguard\",\"https:\\\/\\\/www.goodreads.com\\\/iwellguard\",\"https:\\\/\\\/profile.hatena.ne.jp\\\/iwellguard\\\/\",\"https:\\\/\\\/experiment.com\\\/users\\\/iwellguard\",\"https:\\\/\\\/wakelet.com\\\/@iWellGuard82270\",\"https:\\\/\\\/www.chordie.com\\\/forum\\\/profile.php?id=2555664\",\"https:\\\/\\\/www.instapaper.com\\\/p\\\/17757966\",\"https:\\\/\\\/www.mapleprimes.com\\\/users\\\/iwellguard\",\"https:\\\/\\\/businesslistingplus.com\\\/profile\\\/iwell-guard\\\/\",\"https:\\\/\\\/telegra.ph\\\/iWell-Guard-06-06\",\"https:\\\/\\\/pbase.com\\\/iwellguard\\\/iwellguard\",\"https:\\\/\\\/b.hatena.ne.jp\\\/iwellguard\\\/20260607#bookmark-4788405196491818882\",\"https:\\\/\\\/fliphtml5.com\\\/home\\\/iwellguard\",\"https:\\\/\\\/anyflip.com\\\/homepage\\\/cmiwl#About\",\"https:\\\/\\\/transfur.com\\\/Users\\\/iwellguard\",\"http:\\\/\\\/delphi.larsbo.org\\\/user\\\/iwellguard\",\"https:\\\/\\\/jobs.lajobsportal.org\\\/profiles\\\/8380803-iwell-guard\",\"https:\\\/\\\/md.chaosdorf.de\\\/s\\\/jfbe5SBdJD\",\"https:\\\/\\\/www.lingvolive.com\\\/en-us\\\/profile\\\/9ecaeaca-ce11-4e51-9e71-01d55e2bff36\\\/translations\",\"https:\\\/\\\/www.fitday.com\\\/fitness\\\/forums\\\/members\\\/iwellguard.html\",\"https:\\\/\\\/www.mymeetbook.com\\\/iwellguard\",\"https:\\\/\\\/pxhere.com\\\/en\\\/photographer-me\\\/5040798\",\"https:\\\/\\\/disqus.com\\\/by\\\/iwellguard\\\/about\\\/\",\"https:\\\/\\\/pastelink.net\\\/hjwciqwq\",\"https:\\\/\\\/pubhtml5.com\\\/homepage\\\/scjhn\\\/\",\"https:\\\/\\\/www.bitchute.com\\\/channel\\\/2O2eOKzNqujT\",\"https:\\\/\\\/audiomack.com\\\/iwellguard\"]},{\"@type\":\"Article\",\"@id\":\"https:\\\/\\\/iwell-guard.com\\\/fi\\\/brigid\\\/#article\",\"isPartOf\":{\"@id\":\"https:\\\/\\\/iwell-guard.com\\\/fi\\\/brigid\\\/\"},\"author\":{\"name\":\"Ralf Ittermann\",\"@id\":\"https:\\\/\\\/iwell-guard.com\\\/fi\\\/#\\\/schema\\\/person\\\/ee2a27f1cac3406c7c6fb5820cb7349f\"},\"headline\":\"Brigid\",\"datePublished\":\"2026-09-03T12:31:35+00:00\",\"dateModified\":\"2026-09-03T12:49:56+00:00\",\"mainEntityOfPage\":{\"@id\":\"https:\\\/\\\/iwell-guard.com\\\/fi\\\/brigid\\\/\"},\"publisher\":{\"@id\":\"https:\\\/\\\/iwell-guard.com\\\/fi\\\/#organization\"},\"image\":{\"@id\":\"https:\\\/\\\/iwell-guard.com\\\/fi\\\/brigid\\\/#primaryimage\"},\"thumbnailUrl\":\"https:\\\/\\\/iwell-guard.com\\\/wp-content\\\/uploads\\\/2026\\\/04\\\/goetter_keltisch_brigid.webp\",\"inLanguage\":\"fi\",\"description\":\"Brigid, kelttil\u00e4isen perinteen jumalatar tulelle, parannustaidolle ja runoudelle, ollut tunnettu vuosisatojen ajan ja jatkunut pyh\u00e4n\u00e4 Brigitana Irlannissa.\"}]}<\/script>\n<!-- \/ Yoast SEO Premium plugin. -->","yoast_head_json":{"title":"Brigid - tulen, parannustaidon ja runouden jumalatar","description":"Brigid, kelttil\u00e4isen perinteen jumalatar tulelle, parannustaidolle ja runoudelle, ollut tunnettu vuosisatojen ajan ja jatkunut pyh\u00e4n\u00e4 Brigitana Irlannissa.","robots":{"index":"index","follow":"follow","max-snippet":"max-snippet:-1","max-image-preview":"max-image-preview:large","max-video-preview":"max-video-preview:-1"},"canonical":"https:\/\/iwell-guard.com\/fi\/brigid\/","og_locale":"fi_FI","og_type":"article","og_title":"Brigid","og_description":"Brigid, kelttil\u00e4isen perinteen jumalatar tulelle, parannustaidolle ja runoudelle, ollut tunnettu vuosisatojen ajan ja jatkunut pyh\u00e4n\u00e4 Brigitana Irlannissa.","og_url":"https:\/\/iwell-guard.com\/fi\/brigid\/","og_site_name":"iWell Guard","article_modified_time":"2026-09-03T12:49:56+00:00","og_image":[{"width":1024,"height":1536,"url":"https:\/\/iwell-guard.com\/wp-content\/uploads\/2026\/04\/goetter_keltisch_brigid.webp","type":"image\/webp"}],"twitter_card":"summary_large_image","schema":{"@context":"https:\/\/schema.org","@graph":[{"@type":"Article","@id":"https:\/\/iwell-guard.com\/fi\/brigid\/#article","isPartOf":{"@id":"https:\/\/iwell-guard.com\/fi\/brigid\/"},"author":{"name":"Ralf Ittermann","@id":"https:\/\/iwell-guard.com\/fi\/#\/schema\/person\/ee2a27f1cac3406c7c6fb5820cb7349f"},"headline":"Brigid","datePublished":"2026-09-03T12:31:35+00:00","dateModified":"2026-09-03T12:49:56+00:00","mainEntityOfPage":{"@id":"https:\/\/iwell-guard.com\/fi\/brigid\/"},"publisher":{"@id":"https:\/\/iwell-guard.com\/fi\/#organization"},"image":{"@id":"https:\/\/iwell-guard.com\/fi\/brigid\/#primaryimage"},"thumbnailUrl":"https:\/\/iwell-guard.com\/wp-content\/uploads\/2026\/04\/goetter_keltisch_brigid.webp","inLanguage":"fi","description":"Brigid, kelttil\u00e4isen perinteen jumalatar tulelle, parannustaidolle ja runoudelle, ollut tunnettu vuosisatojen ajan ja jatkunut pyh\u00e4n\u00e4 Brigitana Irlannissa."},{"@type":"WebPage","@id":"https:\/\/iwell-guard.com\/fi\/brigid\/","url":"https:\/\/iwell-guard.com\/fi\/brigid\/","name":"Brigid - tulen, parannustaidon ja runouden jumalatar","isPartOf":{"@id":"https:\/\/iwell-guard.com\/fi\/#website"},"primaryImageOfPage":{"@id":"https:\/\/iwell-guard.com\/fi\/brigid\/#primaryimage"},"image":{"@id":"https:\/\/iwell-guard.com\/fi\/brigid\/#primaryimage"},"thumbnailUrl":"https:\/\/iwell-guard.com\/wp-content\/uploads\/2026\/04\/goetter_keltisch_brigid.webp","datePublished":"2026-09-03T12:31:35+00:00","dateModified":"2026-09-03T12:49:56+00:00","description":"Brigid, kelttil\u00e4isen perinteen jumalatar tulelle, parannustaidolle ja runoudelle, ollut tunnettu vuosisatojen ajan ja jatkunut pyh\u00e4n\u00e4 Brigitana Irlannissa.","breadcrumb":{"@id":"https:\/\/iwell-guard.com\/fi\/brigid\/#breadcrumb"},"inLanguage":"fi","potentialAction":[{"@type":"ReadAction","target":["https:\/\/iwell-guard.com\/fi\/brigid\/"]}]},{"@type":"ImageObject","inLanguage":"fi","@id":"https:\/\/iwell-guard.com\/fi\/brigid\/#primaryimage","url":"https:\/\/iwell-guard.com\/wp-content\/uploads\/2026\/04\/goetter_keltisch_brigid.webp","contentUrl":"https:\/\/iwell-guard.com\/wp-content\/uploads\/2026\/04\/goetter_keltisch_brigid.webp","width":1024,"height":1536,"caption":"Kelttil\u00e4isen perinteen jumalia."},{"@type":"BreadcrumbList","@id":"https:\/\/iwell-guard.com\/fi\/brigid\/#breadcrumb","itemListElement":[{"@type":"ListItem","position":1,"name":"Start","item":"https:\/\/iwell-guard.com\/fi\/?page_id=143815"},{"@type":"ListItem","position":2,"name":"Brigid"}]},{"@type":"WebSite","@id":"https:\/\/iwell-guard.com\/fi\/#website","url":"https:\/\/iwell-guard.com\/fi\/","name":"iWell Guard","description":"Schutz vor dunklen Einfl\u00fcssen","publisher":{"@id":"https:\/\/iwell-guard.com\/fi\/#organization"},"potentialAction":[{"@type":"SearchAction","target":{"@type":"EntryPoint","urlTemplate":"https:\/\/iwell-guard.com\/fi\/?s={search_term_string}"},"query-input":{"@type":"PropertyValueSpecification","valueRequired":true,"valueName":"search_term_string"}}],"inLanguage":"fi"},{"@type":"Organization","@id":"https:\/\/iwell-guard.com\/fi\/#organization","name":"Ittermann electronic GmbH","url":"https:\/\/iwell-guard.com\/fi\/","logo":{"@type":"ImageObject","inLanguage":"fi","@id":"https:\/\/iwell-guard.com\/fi\/#\/schema\/logo\/image\/","url":"https:\/\/iwell-guard.com\/wp-content\/uploads\/2026\/05\/Ittermann-Logo-1182x237-1.png","contentUrl":"https:\/\/iwell-guard.com\/wp-content\/uploads\/2026\/05\/Ittermann-Logo-1182x237-1.png","width":1182,"height":237,"caption":"Ittermann electronic GmbH"},"image":{"@id":"https:\/\/iwell-guard.com\/fi\/#\/schema\/logo\/image\/"},"sameAs":["https:\/\/pantip.com\/profile\/9367242","https:\/\/micro.blog\/iwellguard","https:\/\/www.diggerslist.com\/iwellguard\/about","https:\/\/skitterphoto.com\/photographers\/2870314\/iwell-guard","https:\/\/iwellguard.wordpress.com\/2026\/06\/06\/iwell-guard\/","https:\/\/hub.docker.com\/u\/iwellguard","https:\/\/www.pinterest.com\/iwellguard\/","https:\/\/bit.ly\/m\/iwellguard","https:\/\/entre-vos-mains.alsace.eu\/profiles\/iwellguard\/activity","https:\/\/gravatar.com\/reallybeded8fd34","https:\/\/naijamatta.com\/iwellguard","https:\/\/www.goodreads.com\/iwellguard","https:\/\/profile.hatena.ne.jp\/iwellguard\/","https:\/\/experiment.com\/users\/iwellguard","https:\/\/wakelet.com\/@iWellGuard82270","https:\/\/www.chordie.com\/forum\/profile.php?id=2555664","https:\/\/www.instapaper.com\/p\/17757966","https:\/\/www.mapleprimes.com\/users\/iwellguard","https:\/\/businesslistingplus.com\/profile\/iwell-guard\/","https:\/\/telegra.ph\/iWell-Guard-06-06","https:\/\/pbase.com\/iwellguard\/iwellguard","https:\/\/b.hatena.ne.jp\/iwellguard\/20260607#bookmark-4788405196491818882","https:\/\/fliphtml5.com\/home\/iwellguard","https:\/\/anyflip.com\/homepage\/cmiwl#About","https:\/\/transfur.com\/Users\/iwellguard","http:\/\/delphi.larsbo.org\/user\/iwellguard","https:\/\/jobs.lajobsportal.org\/profiles\/8380803-iwell-guard","https:\/\/md.chaosdorf.de\/s\/jfbe5SBdJD","https:\/\/www.lingvolive.com\/en-us\/profile\/9ecaeaca-ce11-4e51-9e71-01d55e2bff36\/translations","https:\/\/www.fitday.com\/fitness\/forums\/members\/iwellguard.html","https:\/\/www.mymeetbook.com\/iwellguard","https:\/\/pxhere.com\/en\/photographer-me\/5040798","https:\/\/disqus.com\/by\/iwellguard\/about\/","https:\/\/pastelink.net\/hjwciqwq","https:\/\/pubhtml5.com\/homepage\/scjhn\/","https:\/\/www.bitchute.com\/channel\/2O2eOKzNqujT","https:\/\/audiomack.com\/iwellguard"]},{"@type":"Person","@id":"https:\/\/iwell-guard.com\/fi\/#\/schema\/person\/ee2a27f1cac3406c7c6fb5820cb7349f","name":"Ralf Ittermann","image":{"@type":"ImageObject","inLanguage":"fi","@id":"https:\/\/secure.gravatar.com\/avatar\/073c0153e350a5005b68eb752b445fea71f6b24a26da9449ad7e155e6b446c9d?s=96&d=mm&r=g","url":"https:\/\/secure.gravatar.com\/avatar\/073c0153e350a5005b68eb752b445fea71f6b24a26da9449ad7e155e6b446c9d?s=96&d=mm&r=g","contentUrl":"https:\/\/secure.gravatar.com\/avatar\/073c0153e350a5005b68eb752b445fea71f6b24a26da9449ad7e155e6b446c9d?s=96&d=mm&r=g","caption":"Ralf Ittermann"},"givenName":"Ralf","familyName":"Ittermann","jobTitle":"Gesch\u00e4ftsf\u00fchrer und redaktioneller Verantwortlicher","url":"https:\/\/iwell-guard.com\/fi\/author\/claude\/","description":"Ralf Ittermann ist Gesch\u00e4ftsf\u00fchrer der Ittermann electronic GmbH und redaktioneller Verantwortlicher des iWell-Guard-Lexikons. Er verbindet langj\u00e4hrige Erfahrung in der Pr\u00e4zisionsfertigung mit medialer Praxis und religionsgeschichtlicher Quellenarbeit.","worksFor":{"@type":"Organization","name":"Ittermann electronic GmbH","url":"https:\/\/ittermann.de\/","address":{"@type":"PostalAddress","streetAddress":"K\u00f6hlergasse 16-18","postalCode":"99842","addressLocality":"Ruhla","addressCountry":"DE"}},"knowsAbout":["Religionsgeschichte","Mythologie","Mediale Praxis","Energetische Diagnostik","Schutzpraxis","Volksglauben","Westliche Esoterik"]},{"@type":"Article","@id":"https:\/\/iwell-guard.com\/fi\/brigid\/#article","isPartOf":{"@id":"https:\/\/iwell-guard.com\/fi\/brigid\/"},"author":{"name":"Ralf Ittermann","@id":"https:\/\/iwell-guard.com\/fi\/#\/schema\/person\/ee2a27f1cac3406c7c6fb5820cb7349f"},"headline":"Brigid","datePublished":"2026-09-03T12:31:35+00:00","dateModified":"2026-09-03T12:49:56+00:00","mainEntityOfPage":{"@id":"https:\/\/iwell-guard.com\/fi\/brigid\/"},"publisher":{"@id":"https:\/\/iwell-guard.com\/fi\/#organization"},"image":{"@id":"https:\/\/iwell-guard.com\/fi\/brigid\/#primaryimage"},"thumbnailUrl":"https:\/\/iwell-guard.com\/wp-content\/uploads\/2026\/04\/goetter_keltisch_brigid.webp","inLanguage":"fi","description":"Brigid, kelttil\u00e4isen perinteen jumalatar tulelle, parannustaidolle ja runoudelle, ollut tunnettu vuosisatojen ajan ja jatkunut pyh\u00e4n\u00e4 Brigitana Irlannissa."}]}},"_links":{"self":[{"href":"https:\/\/iwell-guard.com\/fi\/wp-json\/wp\/v2\/pages\/144063","targetHints":{"allow":["GET"]}}],"collection":[{"href":"https:\/\/iwell-guard.com\/fi\/wp-json\/wp\/v2\/pages"}],"about":[{"href":"https:\/\/iwell-guard.com\/fi\/wp-json\/wp\/v2\/types\/page"}],"author":[{"embeddable":true,"href":"https:\/\/iwell-guard.com\/fi\/wp-json\/wp\/v2\/users\/3"}],"replies":[{"embeddable":true,"href":"https:\/\/iwell-guard.com\/fi\/wp-json\/wp\/v2\/comments?post=144063"}],"version-history":[{"count":0,"href":"https:\/\/iwell-guard.com\/fi\/wp-json\/wp\/v2\/pages\/144063\/revisions"}],"wp:featuredmedia":[{"embeddable":true,"href":"https:\/\/iwell-guard.com\/fi\/wp-json\/wp\/v2\/media\/1613"}],"wp:attachment":[{"href":"https:\/\/iwell-guard.com\/fi\/wp-json\/wp\/v2\/media?parent=144063"}],"wp:term":[{"taxonomy":"category","embeddable":true,"href":"https:\/\/iwell-guard.com\/fi\/wp-json\/wp\/v2\/categories?post=144063"}],"curies":[{"name":"wp","href":"https:\/\/api.w.org\/{rel}","templated":true}]}}