{"id":144054,"date":"2026-09-03T12:31:29","date_gmt":"2026-09-03T12:31:29","guid":{"rendered":"https:\/\/iwell-guard.com\/?page_id=144054"},"modified":"2026-09-03T12:49:40","modified_gmt":"2026-09-03T12:49:40","slug":"marena","status":"publish","type":"page","link":"https:\/\/iwell-guard.com\/fi\/marena\/","title":{"rendered":"Marena"},"content":{"rendered":"\t\t<div data-elementor-type=\"wp-page\" data-elementor-id=\"144054\" class=\"elementor elementor-144054 elementor-2099 elementor-bc-flex-widget\" data-elementor-post-type=\"page\">\n\t\t\t\t<div class=\"elementor-element elementor-element-10fdade e-flex e-con-boxed e-con e-parent\" data-id=\"10fdade\" data-element_type=\"container\" data-e-type=\"container\" data-settings=\"{&quot;background_background&quot;:&quot;classic&quot;}\">\n\t\t\t\t\t<div class=\"e-con-inner\">\n\t\t<div class=\"elementor-element elementor-element-herohlft0 e-flex e-con-boxed e-con e-child\" data-id=\"herohlft0\" data-element_type=\"container\" data-e-type=\"container\">\n\t\t\t\t\t<div class=\"e-con-inner\">\n\t\t<div class=\"elementor-element elementor-element-c3ceb64 e-con-full e-flex e-con e-child\" data-id=\"c3ceb64\" data-element_type=\"container\" data-e-type=\"container\">\n\t\t\t\t<div class=\"elementor-element elementor-element-96ae5e1 elementor-widget elementor-widget-heading\" data-id=\"96ae5e1\" data-element_type=\"widget\" data-e-type=\"widget\" data-widget_type=\"heading.default\">\n\t\t\t\t\t<h1 class=\"elementor-heading-title elementor-size-default\">Marena, slaavilaisen perinteen jumalatar<\/h1>\t\t\t\t<\/div>\n\t\t\t\t<div class=\"elementor-element elementor-element-e45238a elementor-widget elementor-widget-text-editor\" data-id=\"e45238a\" data-element_type=\"widget\" data-e-type=\"widget\" data-widget_type=\"text-editor.default\">\n\t\t\t\t\t\t\t\t\t<p>Marena (\u041c\u043e\u0440\u0435\u043d\u0430, my\u00f6s Morana tai Marzanna) on slaavilainen talven, kuoleman ja uudestisyntym\u00e4n jumalatar. H\u00e4n ilment\u00e4\u00e4 pime\u00e4\u00e4 vuodenaikaa ja kuolemaa osana luonnollista kiertokulkua, ja h\u00e4nt\u00e4 kunnioitetaan riiteiss\u00e4, jotka yhdist\u00e4v\u00e4t el\u00e4m\u00e4n ja kuoleman.\t\t\t\t\t\t\t\t<\/div>\n\t\t\t\t<\/div>\n\t\t<div class=\"elementor-element elementor-element-klsbdg01 e-con-full e-flex e-con e-parent\" data-id=\"klsbdg01\" data-element_type=\"container\" data-e-type=\"container\">\n\t\t\t\t<div class=\"elementor-element elementor-element-klshtm01 elementor-widget elementor-widget-html\" data-id=\"klshtm01\" data-element_type=\"widget\" data-e-type=\"widget\" data-widget_type=\"html.default\">\n\t\t\t\t\t<div class=\"iwg-pill-row\"><span class=\"iwg-klasse-badge\" tabindex=\"0\" data-tooltip=\"Jumala \/ Jumalatar: Kulttuurin pantheonin persoonallistunut korkein voima, jolla on selke\u00e4t vastuualueet, kuten luonnonvoimat, kohtalo, sota ja hedelm\u00e4llisyys. H\u00e4nt\u00e4 kunnioitetaan kultien, uhrien ja temppeli-instituutioiden kautta.\">Jumalatar<\/span><a href=\"https:\/\/iwell-guard.com\/fi\/?page_id=143851\" class=\"iwg-kultur-badge\" tabindex=\"0\" data-tooltip=\"Slaavilainen mytologia ja kansanuskonto, jonka p\u00e4\u00e4lle kristinusko asettui 900-luvulta alkaen.\">Slaavilainen<\/a><a href=\"https:\/\/iwell-guard.com\/fi\/?page_id=143944\" class=\"iwg-tradition-badge\" tabindex=\"0\" data-tooltip=\"Manalan ja kuoleman jumalat, tuonpuoleisen hallitsijat, kuolleiden tuomarit, sielujen saattajat.\">Kuolemanjumaluus<\/a><\/div>\t\t\t\t<\/div>\n\t\t\t\t<\/div>\n\t\t<div class=\"elementor-element elementor-element-3f74855 e-con-full e-flex e-con e-child\" data-id=\"3f74855\" data-element_type=\"container\" data-e-type=\"container\">\n\t\t\t\t<div class=\"elementor-element elementor-element-1c30362 elementor-toc--minimized-on-tablet elementor-widget elementor-widget-table-of-contents\" data-id=\"1c30362\" data-element_type=\"widget\" data-e-type=\"widget\" data-settings=\"{&quot;exclude_headings_by_selector&quot;:[],&quot;no_headings_message&quot;:&quot;T\\u00e4lt\\u00e4 sivulta ei l\\u00f6ytynyt otsikoita.&quot;,&quot;headings_by_tags&quot;:[&quot;h2&quot;,&quot;h3&quot;],&quot;marker_view&quot;:&quot;bullets&quot;,&quot;minimize_box&quot;:&quot;yes&quot;,&quot;icon&quot;:{&quot;value&quot;:&quot;fas fa-circle&quot;,&quot;library&quot;:&quot;fa-solid&quot;,&quot;rendered_tag&quot;:&quot;&lt;svg class=\\&quot;e-font-icon-svg e-fas-circle\\&quot; viewBox=\\&quot;0 0 512 512\\&quot; xmlns=\\&quot;http:\\\/\\\/www.w3.org\\\/2000\\\/svg\\&quot;&gt;&lt;path d=\\&quot;M256 8C119 8 8 119 8 256s111 248 248 248 248-111 248-248S393 8 256 8z\\&quot;&gt;&lt;\\\/path&gt;&lt;\\\/svg&gt;&quot;},&quot;minimized_on&quot;:&quot;tablet&quot;,&quot;hierarchical_view&quot;:&quot;yes&quot;,&quot;min_height&quot;:{&quot;unit&quot;:&quot;px&quot;,&quot;size&quot;:&quot;&quot;,&quot;sizes&quot;:[]},&quot;min_height_tablet&quot;:{&quot;unit&quot;:&quot;px&quot;,&quot;size&quot;:&quot;&quot;,&quot;sizes&quot;:[]},&quot;min_height_mobile&quot;:{&quot;unit&quot;:&quot;px&quot;,&quot;size&quot;:&quot;&quot;,&quot;sizes&quot;:[]}}\" data-widget_type=\"table-of-contents.default\">\n\t\t\t\t\t\t\t\t\t<div class=\"elementor-toc__header\">\n\t\t\t\t\t\t<h2 class=\"elementor-toc__header-title\">\n\t\t\t\tSis\u00e4llysluettelo\t\t\t<\/h2>\n\t\t\t\t\t\t\t\t\t\t<div class=\"elementor-toc__toggle-button elementor-toc__toggle-button--expand\" role=\"button\" tabindex=\"0\" aria-controls=\"elementor-toc__1c30362\" aria-expanded=\"true\" aria-label=\"Open table of contents\"><svg aria-hidden=\"true\" class=\"e-font-icon-svg e-fas-chevron-down\" viewBox=\"0 0 448 512\" xmlns=\"http:\/\/www.w3.org\/2000\/svg\"><path d=\"M207.029 381.476L12.686 187.132c-9.373-9.373-9.373-24.569 0-33.941l22.667-22.667c9.357-9.357 24.522-9.375 33.901-.04L224 284.505l154.745-154.021c9.379-9.335 24.544-9.317 33.901.04l22.667 22.667c9.373 9.373 9.373 24.569 0 33.941L240.971 381.476c-9.373 9.372-24.569 9.372-33.942 0z\"><\/path><\/svg><\/div>\n\t\t\t\t<div class=\"elementor-toc__toggle-button elementor-toc__toggle-button--collapse\" role=\"button\" tabindex=\"0\" aria-controls=\"elementor-toc__1c30362\" aria-expanded=\"true\" aria-label=\"Close table of contents\"><svg aria-hidden=\"true\" class=\"e-font-icon-svg e-fas-chevron-up\" viewBox=\"0 0 448 512\" xmlns=\"http:\/\/www.w3.org\/2000\/svg\"><path d=\"M240.971 130.524l194.343 194.343c9.373 9.373 9.373 24.569 0 33.941l-22.667 22.667c-9.357 9.357-24.522 9.375-33.901.04L224 227.495 69.255 381.516c-9.379 9.335-24.544 9.317-33.901-.04l-22.667-22.667c-9.373-9.373-9.373-24.569 0-33.941L207.03 130.525c9.372-9.373 24.568-9.373 33.941-.001z\"><\/path><\/svg><\/div>\n\t\t\t\t\t<\/div>\n\t\t\t\t<div id=\"elementor-toc__1c30362\" class=\"elementor-toc__body\">\n\t\t\t<div class=\"elementor-toc__spinner-container\">\n\t\t\t\t<svg class=\"elementor-toc__spinner eicon-animation-spin e-font-icon-svg e-eicon-loading\" aria-hidden=\"true\" viewBox=\"0 0 1000 1000\" xmlns=\"http:\/\/www.w3.org\/2000\/svg\"><path d=\"M500 975V858C696 858 858 696 858 500S696 142 500 142 142 304 142 500H25C25 237 238 25 500 25S975 237 975 500 763 975 500 975Z\"><\/path><\/svg>\t\t\t<\/div>\n\t\t<\/div>\n\t\t\t\t\t\t<\/div>\n\t\t\t\t<\/div>\n\t\t\t\t\t<\/div>\n\t\t\t\t<\/div>\n\t\t<div class=\"elementor-element elementor-element-herorght0 e-con-full e-flex e-con e-child\" data-id=\"herorght0\" data-element_type=\"container\" data-e-type=\"container\">\n\t\t\t\t<div class=\"elementor-element elementor-element-heroimg00 iwg-hero-image elementor-widget elementor-widget-image\" data-id=\"heroimg00\" data-element_type=\"widget\" data-e-type=\"widget\" data-widget_type=\"image.default\">\n\t\t\t\t\t\t\t\t\t\t\t\t\t\t\t<img fetchpriority=\"high\" decoding=\"async\" width=\"683\" height=\"1024\" src=\"https:\/\/iwell-guard.com\/wp-content\/uploads\/2026\/04\/goetter_slawisch_marena-683x1024.webp\" class=\"attachment-large size-large wp-image-149036\" alt=\"Marena - Slaavilaisen perinteen jumalia, historiallis-kuvituksellinen\" srcset=\"https:\/\/iwell-guard.com\/wp-content\/uploads\/2026\/04\/goetter_slawisch_marena-683x1024.webp 683w, https:\/\/iwell-guard.com\/wp-content\/uploads\/2026\/04\/goetter_slawisch_marena-200x300.webp 200w, https:\/\/iwell-guard.com\/wp-content\/uploads\/2026\/04\/goetter_slawisch_marena-768x1152.webp 768w, https:\/\/iwell-guard.com\/wp-content\/uploads\/2026\/04\/goetter_slawisch_marena.webp 1024w\" sizes=\"(max-width: 683px) 100vw, 683px\" \/>\t\t\t\t\t\t\t\t\t\t\t\t\t\t\t<\/div>\n\t\t\t\t<\/div>\n\t\t\t\t\t<\/div>\n\t\t\t\t<\/div>\n\t\t<div class=\"elementor-element elementor-element-32917199 e-flex e-con-boxed e-con e-parent\" data-id=\"32917199\" data-element_type=\"container\" data-e-type=\"container\">\n\t\t\t\t\t<div class=\"e-con-inner\">\n\t\t<div class=\"elementor-element elementor-element-26e916cb e-flex e-con-boxed e-con e-child\" data-id=\"26e916cb\" data-element_type=\"container\" data-e-type=\"container\">\n\t\t\t\t\t<div class=\"e-con-inner\">\n\t\t<div class=\"elementor-element elementor-element-253a40d4 e-flex e-con-boxed e-con e-child\" data-id=\"253a40d4\" data-element_type=\"container\" data-e-type=\"container\">\n\t\t\t\t\t<div class=\"e-con-inner\">\n\t\t\t\t<div class=\"elementor-element elementor-element-1200c304 elementor-widget elementor-widget-heading\" data-id=\"1200c304\" data-element_type=\"widget\" data-e-type=\"widget\" data-widget_type=\"heading.default\">\n\t\t\t\t\t<h2 class=\"elementor-heading-title elementor-size-default\">Marena<\/h2>\t\t\t\t<\/div>\n\t\t\t\t<div class=\"elementor-element elementor-element-11758e7f elementor-widget elementor-widget-text-editor\" data-id=\"11758e7f\" data-element_type=\"widget\" data-e-type=\"widget\" data-widget_type=\"text-editor.default\">\n\t\t\t\t\t\t\t\t\t<p>Marena kuvataan tummana, kauniina naisena, usein talven (lumen, j\u00e4\u00e4n, lehdett\u00f6mien puiden) ja kuoleman (luiden, p\u00e4\u00e4kallojen, tulen) symbolein. Toisin kuin pahat demonit, Marena on kosminen jumalatar, joka ilment\u00e4\u00e4 v\u00e4ltt\u00e4m\u00e4tt\u00f6mi\u00e4, mutta samalla pel\u00e4ttyj\u00e4 voimia.<\/p><p>H\u00e4n hallitsee talvikuukausia, ja h\u00e4nt\u00e4 pidet\u00e4\u00e4n lumen, hallan ja sadonmenetyksen aiheuttajana. H\u00e4nen vastavoimansa on Vesna (kev\u00e4\u00e4n jumalatar). Marena on kaksijakoinen: tuhoava mutta my\u00f6s uudistava, talvi tappaa, jotta kev\u00e4t voi her\u00e4t\u00e4 uudelleen.<\/p>\t\t\t\t\t\t\t\t<\/div>\n\t\t\t\t\t<\/div>\n\t\t\t\t<\/div>\n\t\t<div class=\"elementor-element elementor-element-159dcf9a e-flex e-con-boxed e-con e-child\" data-id=\"159dcf9a\" data-element_type=\"container\" data-e-type=\"container\">\n\t\t\t\t\t<div class=\"e-con-inner\">\n\t\t\t\t<div class=\"elementor-element elementor-element-48cee66f elementor-widget elementor-widget-heading\" data-id=\"48cee66f\" data-element_type=\"widget\" data-e-type=\"widget\" data-widget_type=\"heading.default\">\n\t\t\t\t\t<h2 class=\"elementor-heading-title elementor-size-default\">Pikakatsaus: Marena<\/h2>\t\t\t\t<\/div>\n\t\t\t\t<div class=\"elementor-element elementor-element-3f50d82c elementor-widget elementor-widget-text-editor\" data-id=\"3f50d82c\" data-element_type=\"widget\" data-e-type=\"widget\" data-widget_type=\"text-editor.default\">\n\t\t\t\t\t\t\t\t\t<p>Marena on dokumentoitu slaavilaisen kansanuskonnon etnografisissa kokoelmissa (Afanasjew, Rybnikow, S\u00e9chan), mutta v\u00e4hemm\u00e4n varhaisissa kirjallisissa l\u00e4hteiss\u00e4. Ensisijaiset tekstit ovat 1800- ja 1900-luvun <span class=\"iwg-fachbegriff\" data-tooltip=\"Perinteinen kansankulttuuri tapoineen, tarinoineen ja lauluineen.\" tabindex=\"0\">folklore<\/span>-tallenteita ja etnografisia tutkimuksia.<\/p><p>Levinneisyys on panslaavilainen: Ven\u00e4j\u00e4, Valko-Ven\u00e4j\u00e4, Ukraina, Puola, Serbia. Uskontotieteilij\u00e4t kuten Nora Chadwick ja Mathieu-Colas dokumentoivat Marena-kultteja kausittaisissa riiteiss\u00e4. Hahmo rekonstruoidaan nykyisess\u00e4 uuspaganismissa.<\/p>\t\t\t\t\t\t\t\t<\/div>\n\t\t\t\t\t<\/div>\n\t\t\t\t<\/div>\n\t\t\t\t\t<\/div>\n\t\t\t\t<\/div>\n\t\t\t\t\t<\/div>\n\t\t\t\t<\/div>\n\t\t<div class=\"elementor-element elementor-element-18613602 e-flex e-con-boxed e-con e-parent\" data-id=\"18613602\" data-element_type=\"container\" data-e-type=\"container\">\n\t\t\t\t\t<div class=\"e-con-inner\">\n\t\t\t\t<div class=\"elementor-element elementor-element-262b8a9f elementor-widget elementor-widget-heading\" data-id=\"262b8a9f\" data-element_type=\"widget\" data-e-type=\"widget\" data-widget_type=\"heading.default\">\n\t\t\t\t\t<h2 class=\"elementor-heading-title elementor-size-default\">Historiallinen sijoittelu<\/h2>\t\t\t\t<\/div>\n\t\t<div class=\"elementor-element elementor-element-46dcb7d e-con-full e-flex e-con e-child\" data-id=\"46dcb7d\" data-element_type=\"container\" data-e-type=\"container\">\n\t\t<div class=\"elementor-element elementor-element-61d3ab3 e-flex e-con-boxed e-con e-child\" data-id=\"61d3ab3\" data-element_type=\"container\" data-e-type=\"container\">\n\t\t\t\t\t<div class=\"e-con-inner\">\n\t\t\t\t<div class=\"elementor-element elementor-element-117c166 elementor-widget elementor-widget-heading\" data-id=\"117c166\" data-element_type=\"widget\" data-e-type=\"widget\" data-widget_type=\"heading.default\">\n\t\t\t\t\t<h3 class=\"elementor-heading-title elementor-size-default\">Tekstien ajanjakso<\/h3>\t\t\t\t<\/div>\n\t\t\t\t<div class=\"elementor-element elementor-element-73997a0 elementor-widget elementor-widget-text-editor\" data-id=\"73997a0\" data-element_type=\"widget\" data-e-type=\"widget\" data-widget_type=\"text-editor.default\">\n\t\t\t\t\t\t\t\t\t<p>Marzanna-perinne el\u00e4\u00e4 edelleen nykyp\u00e4iv\u00e4n\u00e4, erityisesti Puolassa, T\u0161ekiss\u00e4, Slovakiassa ja osissa muita slaavilaisia maita. Monin paikoin koululuokat ja yhdistykset kantavat nyky\u00e4\u00e4n nukkea kulkueessa ja polttavat tai hukuttavat sen 21. maaliskuuta tienoilla kev\u00e4\u00e4n alkamisen merkiksi.<\/p><p>Perinteen muoto on muuttunut ajan my\u00f6t\u00e4: vakavasta kausiriitist\u00e4 on kehittynyt kansanomainen, osin matkailullinen tapa. Ydin, talven j\u00e4\u00e4hyv\u00e4iset Marzanna-hahmon h\u00e4vitt\u00e4misen kautta, on s\u00e4ilynyt ja n\u00e4kyy edelleen alueellisessa juhlakulttuurissa.<\/p><h3>Mytologinen tulkinta<\/h3><p>Marena on talvikylmyyden ja kuoleman jumalatar slaavilaisessa <span class=\"iwg-fachbegriff\" data-tooltip=\"Kulttuurin perinteisten jumaltarinoiden kokonaisuus.\" tabindex=\"0\">mytologiassa<\/span>. H\u00e4n ilment\u00e4\u00e4 vuoden pime\u00e4\u00e4 puoliskoa ja rajaa el\u00e4m\u00e4n ja kuoleman v\u00e4lill\u00e4. H\u00e4n ei ole paha jumalatar, vaan v\u00e4ltt\u00e4m\u00e4t\u00f6n voima kierrossa.<\/p>\t\t\t\t\t\t\t\t<\/div>\n\t\t\t\t\t<\/div>\n\t\t\t\t<\/div>\n\t\t<div class=\"elementor-element elementor-element-d47b156 e-flex e-con-boxed e-con e-child\" data-id=\"d47b156\" data-element_type=\"container\" data-e-type=\"container\">\n\t\t\t\t\t<div class=\"e-con-inner\">\n\t\t\t\t<div class=\"elementor-element elementor-element-ff38c2b elementor-widget elementor-widget-heading\" data-id=\"ff38c2b\" data-element_type=\"widget\" data-e-type=\"widget\" data-widget_type=\"heading.default\">\n\t\t\t\t\t<h3 class=\"elementor-heading-title elementor-size-default\">Levinneisyysalue<\/h3>\t\t\t\t<\/div>\n\t\t\t\t<div class=\"elementor-element elementor-element-4e49fcc elementor-widget elementor-widget-text-editor\" data-id=\"4e49fcc\" data-element_type=\"widget\" data-e-type=\"widget\" data-widget_type=\"text-editor.default\">\n\t\t\t\t\t\t\t\t\t<p>Marena ei rajoittunut tiettyihin alueisiin, vaan h\u00e4net tunnettiin ja h\u00e4nt\u00e4 kunnioitettiin yleisesti koko slaavilaisessa maailmassa. Kaupunkikeskuksissa tai maaseudulla, eliitin tai tavallisten ihmisten keskuudessa, h\u00e4nen hengellinen merkityksens\u00e4 tunnustettiin ja sit\u00e4 kunnioitettiin kaikkialla.<\/p><p>Marenan palvonta tai h\u00e4\u00e4t\u00e4minen levisi slaavien asuttamien alueiden yli, vaikka nimi vaihteli alueittain: Marzanna Puolassa, Morana T\u0161ekiss\u00e4 ja Slovakiassa, Mara tai Morena muilla alueilla.<\/p><p>T\u00e4m\u00e4 kielellinen moninaisuus viittaa yhteiseen vanhempaan pohjaan. Naapuruuden, muuttoliikkeen ja slaavilaisten yhteis\u00f6jen v\u00e4lisen vuorovaikutuksen ansiosta kev\u00e4triitti levisi laajoille alueille, mutta pysyi kulussaan, nuken kantamisessa ja h\u00e4vitt\u00e4misess\u00e4, vertailukelpoisena eri alueiden v\u00e4lill\u00e4.<\/p>\t\t\t\t\t\t\t\t<\/div>\n\t\t\t\t\t<\/div>\n\t\t\t\t<\/div>\n\t\t\t\t<\/div>\n\t\t<div class=\"elementor-element elementor-element-db03c39 e-con-full e-flex e-con e-child\" data-id=\"db03c39\" data-element_type=\"container\" data-e-type=\"container\">\n\t\t<div class=\"elementor-element elementor-element-229a87b e-flex e-con-boxed e-con e-child\" data-id=\"229a87b\" data-element_type=\"container\" data-e-type=\"container\">\n\t\t\t\t\t<div class=\"e-con-inner\">\n\t\t\t\t<div class=\"elementor-element elementor-element-1f471fc elementor-widget elementor-widget-heading\" data-id=\"1f471fc\" data-element_type=\"widget\" data-e-type=\"widget\" data-widget_type=\"heading.default\">\n\t\t\t\t\t<h3 class=\"elementor-heading-title elementor-size-default\">L\u00e4hdetilanne<\/h3>\t\t\t\t<\/div>\n\t\t\t\t<div class=\"elementor-element elementor-element-36b1201 elementor-widget elementor-widget-text-editor\" data-id=\"36b1201\" data-element_type=\"widget\" data-e-type=\"widget\" data-widget_type=\"text-editor.default\">\n\t\t\t\t\t\t\t\t\t<p>Marena on dokumentoitu <span class=\"iwg-fachbegriff\" data-tooltip=\"Perinteinen kansankulttuuri tapoineen, tarinoineen ja lauluineen.\" tabindex=\"0\">folkloren<\/span>-alkul\u00e4hteiss\u00e4, erityisesti slaavilaisissa saduissa ja kansanlauluissa (Sbornik russkich narodnych pesen, ven\u00e4l\u00e4isten kansanlaulujen kokoelmat). Suorat kirjalliset alkul\u00e4hteet ovat my\u00f6h\u00e4isi\u00e4 ja ep\u00e4systemaattisia.<\/p><p>Toissijainen kirjallisuus: Nora Chadwick (The Slavic Peoples), Mathieu-Colas (Dictionnaire de <span class=\"iwg-fachbegriff\" data-tooltip=\"Kulttuurin perinteisten jumaltarinoiden kokonaisuus.\" tabindex=\"0\">Mythologie<\/span> Slave), Linda J. Ivanits (Russian Folk Belief), Vladimir Toporov ja Vyacheslav Iwanow (Toporov-Iwanowin indoeurooppalaisen <span class=\"iwg-fachbegriff\" data-tooltip=\"Kulttuurin perinteisten jumaltarinoiden kokonaisuus.\" tabindex=\"0\">mytologian<\/span> rekonstruktiokoulukunta). Marenan k\u00e4site on rekonstruoitu kansantavoista ja kasviriiteist\u00e4, ei kanonisista teksteist\u00e4 kuten kiinalaisten jumalten k\u00e4site.<\/p>\t\t\t\t\t\t\t\t<\/div>\n\t\t\t\t\t<\/div>\n\t\t\t\t<\/div>\n\t\t\t\t<\/div>\n\t\t\t\t\t<\/div>\n\t\t\t\t<\/div>\n\t\t<div class=\"elementor-element elementor-element-3ae0637c e-flex e-con-boxed e-con e-parent\" data-id=\"3ae0637c\" data-element_type=\"container\" data-e-type=\"container\">\n\t\t\t\t\t<div class=\"e-con-inner\">\n\t\t\t\t<div class=\"elementor-element elementor-element-31d07739 elementor-widget elementor-widget-heading\" data-id=\"31d07739\" data-element_type=\"widget\" data-e-type=\"widget\" data-widget_type=\"heading.default\">\n\t\t\t\t\t<h2 class=\"elementor-heading-title elementor-size-default\">Nimitys ja kirjoitustavat<\/h2>\t\t\t\t<\/div>\n\t\t<div class=\"elementor-element elementor-element-b7642947 e-con-full e-flex e-con e-child\" data-id=\"b7642947\" data-element_type=\"container\" data-e-type=\"container\">\n\t\t\t\t<div class=\"elementor-element elementor-element-a086266 elementor-widget elementor-widget-text-editor\" data-id=\"a086266\" data-element_type=\"widget\" data-e-type=\"widget\" data-widget_type=\"text-editor.default\">\n\t\t\t\t\t\t\t\t\t<p>Marena kuvataan tietyin ikonografisin elementein, jotka ovat symbolisesti koodattuja ja kantavat syv\u00e4\u00e4 merkityst\u00e4. N\u00e4iden elementtien avulla v\u00e4littyv\u00e4t keskeisesti t\u00e4m\u00e4n olennon funktiot, voimanl\u00e4hteet, vastuualueet ja kosminen rooli. Visuaalinen j\u00e4rjestelm\u00e4 mahdollistaa vihityille ja kulttuurisesti sivistyneille syv\u00e4n merkityksen ymm\u00e4rt\u00e4misen.<\/p><p>Marena, joka tunnetaan my\u00f6s nimill\u00e4 Morana tai Marzanna, tulee k\u00e4sin kosketeltavaksi ennen kaikkea nukkeensa riitin kautta. Nukke punotaan oljesta, puetaan kangastilkuilla ja nauhoilla sek\u00e4 koristellaan valkoisilla kankailla tai vaalealla vaatteella, jotka kuvaavat vertauskuvallisesti kuolemaa ja talvea. Joillakin alueilla hahmolla on seppele tai kananmunankuorista tehty kaulakoru.<\/p><p>Toisin kuin kiinte\u00e4ss\u00e4 jumalankuvassa, t\u00e4ss\u00e4 keski\u00f6ss\u00e4 on vuosittain uudelleen valmistettu nukke, jonka ulkoasu vaihtelee paikallisesti, mutta jonka perusmuoto pysyy samana. Oljen, vaalean kankaan ja talvisten merkkien yhdistelm\u00e4 viittaa h\u00e4nen roolinsa kylm\u00e4n, kuolleen vuodenajan ilmentym\u00e4n\u00e4.<\/p>\t\t\t\t\t\t\t\t<\/div>\n\t\t\t\t<\/div>\n\t\t\t\t\t<\/div>\n\t\t\t\t<\/div>\n\t\t<div class=\"elementor-element elementor-element-709a44a8 e-flex e-con-boxed e-con e-parent\" data-id=\"709a44a8\" data-element_type=\"container\" data-e-type=\"container\">\n\t\t\t\t\t<div class=\"e-con-inner\">\n\t\t\t\t<div class=\"elementor-element elementor-element-2f585873 elementor-widget elementor-widget-heading\" data-id=\"2f585873\" data-element_type=\"widget\" data-e-type=\"widget\" data-widget_type=\"heading.default\">\n\t\t\t\t\t<h2 class=\"elementor-heading-title elementor-size-default\">Ominaispiirteet<\/h2>\t\t\t\t<\/div>\n\t\t<div class=\"elementor-element elementor-element-70621c12 e-con-full e-flex e-con e-child\" data-id=\"70621c12\" data-element_type=\"container\" data-e-type=\"container\">\n\t\t\t\t<div class=\"elementor-element elementor-element-4296eb49 elementor-widget elementor-widget-text-editor\" data-id=\"4296eb49\" data-element_type=\"widget\" data-e-type=\"widget\" data-widget_type=\"text-editor.default\">\n\t\t\t\t\t\t\t\t\t<p>Marena oli keskeinen hahmo slaavilaisen kulttuurin uskonnollisessa k\u00e4yt\u00e4nn\u00f6ss\u00e4 ja arkiymm\u00e4rryksess\u00e4. Ihmiset k\u00e4\u00e4ntyiv\u00e4t t\u00e4m\u00e4n olennon puoleen kriittisiss\u00e4 tilanteissa tai m\u00e4\u00e4r\u00e4ttyin\u00e4 rituaalisina vuodenaikoina j\u00e4sennellyin rituaalein, rukouksin tai uhrilahjoin. K\u00e4yt\u00e4nt\u00f6 v\u00e4littyi tarkasti sukupolvelta toiselle, ja sit\u00e4 johtivat usein papit tai erikoisosaajat.<\/p><p>Marenaan liittyvill\u00e4 tavoilla oli selke\u00e4 vuodenaikaan sidottu teht\u00e4v\u00e4. Talven lopulla, perinteisesti kev\u00e4tp\u00e4iv\u00e4ntasauksen aikaan, Marzanna-nukkea kannettiin kulkueessa kyl\u00e4n l\u00e4pi, jonka j\u00e4lkeen se poltettiin tai heitettiin virtaavaan veteen, joskus molemmat per\u00e4kk\u00e4in.<\/p><p>T\u00e4ll\u00e4 tavoin talvi haluttiin symbolisesti karkottaa ja edist\u00e4\u00e4 kev\u00e4\u00e4n ja hedelm\u00e4llisyyden saapumista. Tapaa siirrettiin sukupolvelta toiselle pitk\u00e4n aikaa slaavilaisilla alueilla, koska se merkitsi siirtym\u00e4\u00e4 kasvukauteen ja koska sit\u00e4 vietettiin yhteis\u00f6llisesti.<\/p><h3>Ulkoasu ja symboliikka<\/h3><p>Marena esiintyy laihana, vanhana naisena, valkoisiin pukeutuneena tai k\u00e4\u00e4rinliinoissa. H\u00e4net yhdistet\u00e4\u00e4n pakkaseen ja lumeen. Joissakin kuvauksissa h\u00e4nell\u00e4 on viikate. H\u00e4nen v\u00e4rins\u00e4 ovat valkoinen ja harmaa.<\/p>\t\t\t\t\t\t\t\t<\/div>\n\t\t\t\t<\/div>\n\t\t\t\t\t<\/div>\n\t\t\t\t<\/div>\n\t\t<div class=\"elementor-element elementor-element-44e71476 e-flex e-con-boxed e-con e-parent\" data-id=\"44e71476\" data-element_type=\"container\" data-e-type=\"container\">\n\t\t\t\t\t<div class=\"e-con-inner\">\n\t\t\t\t<div class=\"elementor-element elementor-element-3c1fc3f0 elementor-widget elementor-widget-heading\" data-id=\"3c1fc3f0\" data-element_type=\"widget\" data-e-type=\"widget\" data-widget_type=\"heading.default\">\n\t\t\t\t\t<h2 class=\"elementor-heading-title elementor-size-default\">Tietokortti: Marena<\/h2>\t\t\t\t<\/div>\n\t\t<div class=\"elementor-element elementor-element-84f33b8e e-con-full e-flex e-con e-child\" data-id=\"84f33b8e\" data-element_type=\"container\" data-e-type=\"container\">\n\t\t\t\t<div class=\"elementor-element elementor-element-hqkdc67p elementor-widget elementor-widget-text-editor\" data-id=\"hqkdc67p\" data-element_type=\"widget\" data-e-type=\"widget\" data-widget_type=\"text-editor.default\">\n\t\t\t\t\t\t\t\t\t<p>Tietokortti k\u00e4sittelee Marenaa kuudesta n\u00e4k\u00f6kulmasta: h\u00e4nen kosmologista alkuper\u00e4\u00e4ns\u00e4 talven ja kuoleman jumalattarena, h\u00e4nt\u00e4 rituaalisesti palvoneita ryhmi\u00e4 (talonpojat, kausiluontoisesti), h\u00e4nen ikonografiaansa ja synkk\u00e4\u00e4 olemustaan, h\u00e4nen rooliaan kuolinriiteiss\u00e4 ja kiertokulun vahvistamisessa sek\u00e4 rinnakkaisilmi\u00f6it\u00e4 sukulaiskulttuureissa. N\u00e4ist\u00e4 ulottuvuuksista k\u00e4y ilmi h\u00e4nen keskeinen asemansa slaavilaisessa vuodenkierron j\u00e4rjestelm\u00e4ss\u00e4.<\/p>\t\t\t\t\t\t\t\t<\/div>\n\t\t\t\t<\/div>\n\t\t<div class=\"elementor-element elementor-element-pemmx7c5 e-con-full e-flex e-con e-child\" data-id=\"pemmx7c5\" data-element_type=\"container\" data-e-type=\"container\">\n\t\t<div class=\"elementor-element elementor-element-pemmx7c1 e-con-full e-flex e-con e-child\" data-id=\"pemmx7c1\" data-element_type=\"container\" data-e-type=\"container\">\n\t\t<div class=\"elementor-element elementor-element-qh9oavvu iwg-steckbrief-card e-flex e-con-boxed e-con e-child\" data-id=\"qh9oavvu\" data-element_type=\"container\" data-e-type=\"container\">\n\t\t\t\t\t<div class=\"e-con-inner\">\n\t\t\t\t<div class=\"elementor-element elementor-element-awzx8k2k elementor-widget elementor-widget-heading\" data-id=\"awzx8k2k\" data-element_type=\"widget\" data-e-type=\"widget\" data-widget_type=\"heading.default\">\n\t\t\t\t\t<div class=\"elementor-heading-title elementor-size-default\">Marenan alkuper\u00e4<\/div>\t\t\t\t<\/div>\n\t\t\t\t<div class=\"elementor-element elementor-element-x6rowhv0 elementor-widget elementor-widget-text-editor\" data-id=\"x6rowhv0\" data-element_type=\"widget\" data-e-type=\"widget\" data-widget_type=\"text-editor.default\">\n\t\t\t\t\t\t\t\t\t<p>Marena yhdistet\u00e4\u00e4n maantieteellisesti ja kosmologisesti talveen ja pohjoiseen. H\u00e4nen kulttuurinen alkuper\u00e4ns\u00e4 on protoslaavilainen, todenn\u00e4k\u00f6isesti esihistoriallinen, sill\u00e4 talvijumalia esiintyy monissa indoeurooppalaisissa kulttuureissa. Kirjalliset l\u00e4hteet ovat my\u00f6h\u00e4isi\u00e4 ja usein kristillisesti v\u00e4\u00e4ristyneit\u00e4.<\/p><p>Uskontohistoriallisesti Marena ymm\u00e4rret\u00e4\u00e4n yleisen kuoleman ja uudestisyntymisen jumalattaren erikoistumana, jonka teht\u00e4v\u00e4 vakiintui kausiluontoisten maatalouskiertojen my\u00f6t\u00e4. H\u00e4nen nimens\u00e4 saattaa juontua slaavilais-indoeurooppalaisesta juuresta *mer (kuolla).<\/p>\t\t\t\t\t\t\t\t<\/div>\n\t\t\t\t\t<\/div>\n\t\t\t\t<\/div>\n\t\t<div class=\"elementor-element elementor-element-8e3o4kxs iwg-steckbrief-card e-flex e-con-boxed e-con e-child\" data-id=\"8e3o4kxs\" data-element_type=\"container\" data-e-type=\"container\">\n\t\t\t\t\t<div class=\"e-con-inner\">\n\t\t\t\t<div class=\"elementor-element elementor-element-08rkdgov elementor-widget elementor-widget-heading\" data-id=\"08rkdgov\" data-element_type=\"widget\" data-e-type=\"widget\" data-widget_type=\"heading.default\">\n\t\t\t\t\t<div class=\"elementor-heading-title elementor-size-default\">Kohdistuu<\/div>\t\t\t\t<\/div>\n\t\t\t\t<div class=\"elementor-element elementor-element-uwjelx8s elementor-widget elementor-widget-text-editor\" data-id=\"uwjelx8s\" data-element_type=\"widget\" data-e-type=\"widget\" data-widget_type=\"text-editor.default\">\n\t\t\t\t\t\t\t\t\t<p>Marenaa palvoivat ensisijaisesti talonpojat ja paimenet talvirituaaleissa, erityisesti siirtym\u00e4vaiheissa (ensilumi, talvip\u00e4iv\u00e4nseisaus, talven loppu). Juhlat ja rituaalit, kuten Maslenica (voijuhla, talvenj\u00e4\u00e4hyv\u00e4is-<span class=\"iwg-fachbegriff\" data-tooltip=\"S\u00e4\u00e4delty symbolisten toimien sarja, jolla on uskonnollinen tai kulttuurinen merkitys.\" tabindex=\"0\">rituaali<\/span>), olivat Marenan juhlahetki\u00e4.<\/p><p>Naisilla oli erityisi\u00e4 teht\u00e4vi\u00e4 Marena-rituaaleissa: ilotulien sytytt\u00e4minen tai Marena-hahmojen (nukkejen) valmistaminen, jotka sitten poltettiin tai heitettiin jokiin (Marenan karkottaminen). Palvonta oli kausiluontoista ja kiertyi vuodenaikojen mukaan, ei ymp\u00e4rivuotista kuten Domovoin.<\/p>\t\t\t\t\t\t\t\t<\/div>\n\t\t\t\t\t<\/div>\n\t\t\t\t<\/div>\n\t\t<div class=\"elementor-element elementor-element-jm2n74ec iwg-steckbrief-card e-flex e-con-boxed e-con e-child\" data-id=\"jm2n74ec\" data-element_type=\"container\" data-e-type=\"container\">\n\t\t\t\t\t<div class=\"e-con-inner\">\n\t\t\t\t<div class=\"elementor-element elementor-element-8vufse4c elementor-widget elementor-widget-heading\" data-id=\"8vufse4c\" data-element_type=\"widget\" data-e-type=\"widget\" data-widget_type=\"heading.default\">\n\t\t\t\t\t<div class=\"elementor-heading-title elementor-size-default\">Ulkomuoto<\/div>\t\t\t\t<\/div>\n\t\t\t\t<div class=\"elementor-element elementor-element-mwb9u015 elementor-widget elementor-widget-text-editor\" data-id=\"mwb9u015\" data-element_type=\"widget\" data-e-type=\"widget\" data-widget_type=\"text-editor.default\">\n\t\t\t\t\t\t\t\t\t<p>Marena kuvataan kauniina, mutta synkk\u00e4n\u00e4 naisena, usein pukeutuneena tummiin vaatteisiin, hiukset valkoiset tai harmaantuneet. H\u00e4nen tunnusmerkkej\u00e4\u00e4n ovat lumi, j\u00e4\u00e4, luut, viikate (leikkaajana kohtalottarien tapaan) tai tuli-<span class=\"iwg-fachbegriff\" data-tooltip=\"Merkki, joka edustaa ajatusta tai merkityst\u00e4.\" tabindex=\"0\">symboli<\/span>. H\u00e4net esitet\u00e4\u00e4n toisinaan siivekk\u00e4\u00e4n\u00e4, mik\u00e4 viittaa h\u00e4nen nopeuteensa ja v\u00e4ist\u00e4m\u00e4tt\u00f6myyteens\u00e4.<\/p><p>Kansantaiteessa h\u00e4net kuvataan samanaikaisesti pelottavana ja lumoavana. V\u00e4rit ovat valkoinen (lumi), musta (pimeys) ja punainen (el\u00e4m\u00e4 ja tuli). Ikonografia on kammottava, mutta ei liioitellun pahaenteinen, vaan enemm\u00e4nkin haikean-<span class=\"iwg-fachbegriff\" data-tooltip=\"Jumalalliseen kuuluva ja siten arkik\u00e4yt\u00f6n ulkopuolelle j\u00e4\u00e4v\u00e4.\" tabindex=\"0\">pyh\u00e4<\/span>.<\/p>\t\t\t\t\t\t\t\t<\/div>\n\t\t\t\t\t<\/div>\n\t\t\t\t<\/div>\n\t\t\t\t<\/div>\n\t\t<div class=\"elementor-element elementor-element-pemmx7c2 e-con-full e-flex e-con e-child\" data-id=\"pemmx7c2\" data-element_type=\"container\" data-e-type=\"container\">\n\t\t<div class=\"elementor-element elementor-element-37ss2yr6 iwg-steckbrief-card e-flex e-con-boxed e-con e-child\" data-id=\"37ss2yr6\" data-element_type=\"container\" data-e-type=\"container\">\n\t\t\t\t\t<div class=\"e-con-inner\">\n\t\t\t\t<div class=\"elementor-element elementor-element-3v0wp3wx elementor-widget elementor-widget-heading\" data-id=\"3v0wp3wx\" data-element_type=\"widget\" data-e-type=\"widget\" data-widget_type=\"heading.default\">\n\t\t\t\t\t<div class=\"elementor-heading-title elementor-size-default\">Toiminta<\/div>\t\t\t\t<\/div>\n\t\t\t\t<div class=\"elementor-element elementor-element-w3247g2m elementor-widget elementor-widget-text-editor\" data-id=\"w3247g2m\" data-element_type=\"widget\" data-e-type=\"widget\" data-widget_type=\"text-editor.default\">\n\t\t\t\t\t\t\t\t\t<p><strong>Vaikutusalue:<\/strong> Marena (my\u00f6s Morena, Mara) symboloi talvea, kuolemaa ja rajaa el\u00e4m\u00e4n ja tuonpuoleisen v\u00e4lill\u00e4. H\u00e4n on m\u00e4t\u00e4nemisen ja uudestisyntymisen jumalatar, ja h\u00e4nen nukkensa poltetaan joka vuosi (polttorituaali) talven karkottamiseksi ja kev\u00e4\u00e4n kutsumiseksi.<\/p><p>H\u00e4n ratsastaa valkoisilla hevosilla lumen ja j\u00e4\u00e4n yli. H\u00e4n ei ole pahansuova, vaan v\u00e4ltt\u00e4m\u00e4t\u00f6n, voima, joka vanhentaa kaiken ja antaa sen synty\u00e4 uudelleen.<\/p>\t\t\t\t\t\t\t\t<\/div>\n\t\t\t\t\t<\/div>\n\t\t\t\t<\/div>\n\t\t<div class=\"elementor-element elementor-element-0qpjal9w iwg-steckbrief-card e-flex e-con-boxed e-con e-child\" data-id=\"0qpjal9w\" data-element_type=\"container\" data-e-type=\"container\">\n\t\t\t\t\t<div class=\"e-con-inner\">\n\t\t\t\t<div class=\"elementor-element elementor-element-6ndoih0o elementor-widget elementor-widget-heading\" data-id=\"6ndoih0o\" data-element_type=\"widget\" data-e-type=\"widget\" data-widget_type=\"heading.default\">\n\t\t\t\t\t<div class=\"elementor-heading-title elementor-size-default\">Marenan torjunta<\/div>\t\t\t\t<\/div>\n\t\t\t\t<div class=\"elementor-element elementor-element-6684tyh9 elementor-widget elementor-widget-text-editor\" data-id=\"6684tyh9\" data-element_type=\"widget\" data-e-type=\"widget\" data-widget_type=\"text-editor.default\">\n\t\t\t\t\t\t\t\t\t<p>Marena on kosminen jumalatar, ei hyv\u00e4 eik\u00e4 paha, vaan v\u00e4ltt\u00e4m\u00e4t\u00f6n. H\u00e4nt\u00e4 palvottiin kausiluontoisin rituaalein h\u00e4nen voimansa tunnustamiseksi ja liev\u00e4n talven tai nopean kev\u00e4\u00e4n toivomiseksi.<\/p><p>Marena-nuken-<span class=\"iwg-fachbegriff\" data-tooltip=\"S\u00e4\u00e4delty symbolisten toimien sarja, jolla on uskonnollinen tai kulttuurinen merkitys.\" tabindex=\"0\">rituaali<\/span> (laskiaisjuhla) oli sekoitus palvontaa ja symbolista karkottamista: nukke (Marena) poltettiin tai heitettiin veteen talven p\u00e4\u00e4tt\u00e4miseksi ja kev\u00e4\u00e4n manaamiseksi. Suojarituaalit koostuivat tulisymboleista ja rukouksista. Palvonta oli kosmis-kiertoluonteista ja tunnusti Marenan v\u00e4ltt\u00e4m\u00e4tt\u00f6m\u00e4ksi voimaksi vuodenkierrossa, ei vihamielisen\u00e4 torjuttavana olentona.<\/p>\t\t\t\t\t\t\t\t<\/div>\n\t\t\t\t\t<\/div>\n\t\t\t\t<\/div>\n\t\t<div class=\"elementor-element elementor-element-3lfi7x32 iwg-steckbrief-card e-flex e-con-boxed e-con e-child\" data-id=\"3lfi7x32\" data-element_type=\"container\" data-e-type=\"container\">\n\t\t\t\t\t<div class=\"e-con-inner\">\n\t\t\t\t<div class=\"elementor-element elementor-element-0kg99ga1 elementor-widget elementor-widget-heading\" data-id=\"0kg99ga1\" data-element_type=\"widget\" data-e-type=\"widget\" data-widget_type=\"heading.default\">\n\t\t\t\t\t<div class=\"elementor-heading-title elementor-size-default\">Aiheeseen liittyv\u00e4t olennot<\/div>\t\t\t\t<\/div>\n\t\t\t\t<div class=\"elementor-element elementor-element-n0fum6kp elementor-widget elementor-widget-text-editor\" data-id=\"n0fum6kp\" data-element_type=\"widget\" data-e-type=\"widget\" data-widget_type=\"text-editor.default\">\n\t\t\t\t\t\t\t\t\t<p>Vertailukelpoisia ovat muut talven ja kuoleman jumalat: Hades tai Persephone kreikkalais-roomalaisessa perinteess\u00e4 (kuoleman jumalat), pohjoismainen Hel (manalan jumalatar), Hekate kreikkalaisessa <span class=\"iwg-fachbegriff\" data-tooltip=\"Kulttuurin perinteisten jumaltarinoiden kokonaisuus.\" tabindex=\"0\">mytologiassa<\/span> (kynnysten ja kuoleman jumalatar) ja Kali hindulaisuudessa (tuhon ja uudestisyntymisen jumalatar). Kaikille yhteist\u00e4 on ambivalentti luonne tuhon ja uudistumisen v\u00e4lill\u00e4 sek\u00e4 kiertokulun ulottuvuus.<\/p>\t\t\t\t\t\t\t\t<\/div>\n\t\t\t\t\t<\/div>\n\t\t\t\t<\/div>\n\t\t\t\t<\/div>\n\t\t\t\t<\/div>\n\t\t\t\t\t<\/div>\n\t\t\t\t<\/div>\n\t\t<div class=\"elementor-element elementor-element-5a584676 e-flex e-con-boxed e-con e-parent\" data-id=\"5a584676\" data-element_type=\"container\" data-e-type=\"container\">\n\t\t\t\t\t<div class=\"e-con-inner\">\n\t\t\t\t<div class=\"elementor-element elementor-element-6d0757bf elementor-widget elementor-widget-heading\" data-id=\"6d0757bf\" data-element_type=\"widget\" data-e-type=\"widget\" data-widget_type=\"heading.default\">\n\t\t\t\t\t<h2 class=\"elementor-heading-title elementor-size-default\">Marena, rinnakkaisilmi\u00f6t muissa kulttuureissa<\/h2>\t\t\t\t<\/div>\n\t\t<div class=\"elementor-element elementor-element-60563f68 e-con-full e-flex e-con e-child\" data-id=\"60563f68\" data-element_type=\"container\" data-e-type=\"container\">\n\t\t\t\t<div class=\"elementor-element elementor-element-5a93fdd6 elementor-widget elementor-widget-text-editor\" data-id=\"5a93fdd6\" data-element_type=\"widget\" data-e-type=\"widget\" data-widget_type=\"text-editor.default\">\n\t\t\t\t\t\t\t\t\t<p>Marena kuuluu kausiluontoisten kuoleman- ja uudistumisjumalattarien joukkoon, ja h\u00e4nen hahmonsa rinnastuu koostumuksellisesti hellenistiseen Persefoneen ja egyptil\u00e4iseen surevaan Isikseen. H\u00e4nen talvi-kev\u00e4t-kiertonsa toteutetaan slaavilaisessa <span class=\"iwg-fachbegriff\" data-tooltip=\"Yhteis\u00f6n perinteisten tapojen kokonaisuus.\" tabindex=\"0\">tapaperinteess\u00e4<\/span> konkreettisesti <span class=\"iwg-fachbegriff\" data-tooltip=\"Kiinte\u00e4\u00e4n uskonnolliseen toimintakaavaan kuuluva.\" tabindex=\"0\">rituaalisesti<\/span> polttamalla tai hukuttamalla olkinukke, k\u00e4yt\u00e4nt\u00f6, jolla ei t\u00e4ss\u00e4 muodossa ole suoraa vastinetta V\u00e4limeren alueella.<\/p>\n<p><strong>Juutalainen perinne:<\/strong> Juutalaisuudessa ei ole suoraa talven tai kuoleman jumalatarta niin kuin Marena. Jumala JHVH hallitsee vuodenaikoja ja kuolemaa, mutta h\u00e4nt\u00e4 ei anropomorfisoida naispuoliseksi jumalattareksi. Kabbalassa tunnetaan kuitenkin Binah \u201d\u00e4itin\u00e4\u201d ja kosmisena vastavoimana (Gevurah\/Rigor tuhoisana puolena), mik\u00e4 tarjoaa et\u00e4isen k\u00e4sitteellisen rinnastuksen.<\/p><p><strong>Kreikkalais-roomalainen maailma:<\/strong> Persefone alamaailman kuningattarena ja talven <span class=\"iwg-fachbegriff\" data-tooltip=\"Merkki, joka edustaa k\u00e4sitett\u00e4 tai merkityst\u00e4.\" tabindex=\"0\">symbolina<\/span> (puoli vuotta maan alla) muistuttaa Marenaa. My\u00f6s Hekate on pimeyden ja kynnysten jumalatar. Ero on siin\u00e4, ett\u00e4 Persefone ja Hekate ovat enemm\u00e4n mytologisia hahmoja vakiintuneissa rooleissa kuin kosmisia kiertojumalattaria Marenan tapaan. Hekate on taikoja hallitseva vartija, ei vuodenaikojen jumalatar.<\/p><p><strong>Mesopotamia:<\/strong> Jumalatar Ereshkigal hallitsee alamaailmaa (Kur), mik\u00e4 muistuttaa Marenan valtaa talvesta. Ereshkigal ei kuitenkaan ole kausiluontoinen, h\u00e4n on pysyv\u00e4 alamaailmansa hallitsija. Vuodenaikojen kiertoa Marenan tapaan h\u00e4nell\u00e4 ei ole.<\/p><p><strong>Intia\/Aasia:<\/strong> Kali tai Durga hindulaisuudessa ilment\u00e4v\u00e4t tuhoavaa-uudistavaa naisellisuutta samoin kuin Marena. Taolaisuudessa on Yin (pime\u00e4, viile\u00e4) periaatteena, joka vastaa talvea, mutta ei persoonallistettuna jumalattarena. Japanilaisessa <span class=\"iwg-fachbegriff\" data-tooltip=\"Uskonnollinen j\u00e4rjestelm\u00e4, jossa erikoisosaajat ovat yhteydess\u00e4 henkimaailmaan.\" tabindex=\"0\">shamanismissa<\/span> on alamaailman jumalia, kuten Izanami, jotka liittyv\u00e4t kuolemaan. Yhteist\u00e4 kaikille n\u00e4ille perinteille on kuoleman naisellisuus ja kiertokulun uudistuminen.<\/p>\t\t\t\t\t\t\t\t<\/div>\n\t\t\t\t<\/div>\n\t\t\t\t\t<\/div>\n\t\t\t\t<\/div>\n\t\t<div class=\"elementor-element elementor-element-cpd5d54a1 e-flex e-con-boxed e-con e-parent\" data-id=\"cpd5d54a1\" data-element_type=\"container\" data-e-type=\"container\">\n\t\t\t\t\t<div class=\"e-con-inner\">\n\t\t\t\t<div class=\"elementor-element elementor-element-cpe274c99 elementor-widget elementor-widget-heading\" data-id=\"cpe274c99\" data-element_type=\"widget\" data-e-type=\"widget\" data-widget_type=\"heading.default\">\n\t\t\t\t\t<h2 class=\"elementor-heading-title elementor-size-default\">Slaavilaisen jumalmaailman l\u00e4hdeongelma<\/h2>\t\t\t\t<\/div>\n\t\t<div class=\"elementor-element elementor-element-cp7d012d9 e-con-full e-flex e-con e-child\" data-id=\"cp7d012d9\" data-element_type=\"container\" data-e-type=\"container\">\n\t\t\t\t<div class=\"elementor-element elementor-element-cp0032283 elementor-widget elementor-widget-text-editor\" data-id=\"cp0032283\" data-element_type=\"widget\" data-e-type=\"widget\" data-widget_type=\"text-editor.default\">\n\t\t\t\t\t\t\t\t\t<p>Kun l\u00e4hestyt\u00e4\u00e4n Marenaa, jota kutsutaan my\u00f6s Moranaksi, Maraksi tai Marzannaksi, on ensin otettava huomioon slaavilaista uskontoa koskeva vaikea l\u00e4hdetilanne.<\/p><p>Pakanalliset slaavit eiv\u00e4t j\u00e4tt\u00e4neet omia uskonnollisia tekstej\u00e4, kristillistyminen tapahtui useiden vuosisatojen kuluessa, ja se, mit\u00e4 tied\u00e4mme heid\u00e4n jumalistaan, perustuu p\u00e4\u00e4osin kolmenlaisiin l\u00e4hteisiin: kristillisten kronikoitsijoiden kertomuksiin, my\u00f6hempiin kirkollisiin kieltokirjoituksiin pakanallisia tapoja vastaan sek\u00e4 uuden ajan kansanperinteiseen <span class=\"iwg-fachbegriff\" data-tooltip=\"Tiedon ja kertomusten siirtyminen sukupolvelta toiselle.\" tabindex=\"0\">perinteenv\u00e4litykseen<\/span>.<\/p><p>Marenan kohdalla keskiaikainen todistusaineisto on ohutta. Toisin kuin esimerkiksi it\u00e4slaavilainen Perun, h\u00e4n ei juuri esiinny varhaisissa kronikoissa palvottuna <span class=\"iwg-fachbegriff\" data-tooltip=\"Uskonnossa jumalallisena palvottu olento.\" tabindex=\"0\">jumaluutena<\/span>.<\/p><p>Se, mit\u00e4 h\u00e4nest\u00e4 tiedet\u00e4\u00e4n, perustuu ensisijaisesti my\u00f6h\u00e4isiin l\u00e4hteisiin l\u00e4nsislaavilaiselta alueelta, erityisesti Puolasta, T\u0161ekist\u00e4 ja Slovakiasta, sek\u00e4 kev\u00e4\u00e4n alkajaisten tapoihin, jotka jatkuivat aina uudelle ajalle asti.<\/p><p>T\u00e4rke\u00e4 ja usein siteerattu l\u00e4hde on puolalainen kronikoitsija Jan D\u0142ugosz 1400-luvulta, joka Puolan historiassaan pyrki rinnastamaan vanhat slaavilaiset jumalat roomalaisiin jumaluuksiin. T\u00e4llaisiin oppineisiin rakennelmiin on syyt\u00e4 suhtautua varauksella, sill\u00e4 ne tulkitsevat slaavilaista aineistoa <span class=\"iwg-fachbegriff\" data-tooltip=\"Kreikkalais-roomalaisen kulttuurin aikakausi, noin 800 eaa.\u2013600 jaa.\" tabindex=\"0\">antiikin<\/span> l\u00e4pi.<\/p><p>Uskontotieteellinen johtop\u00e4\u00e4t\u00f6s on selv\u00e4. Varmaa, yhten\u00e4ist\u00e4 kuvaa jumalatar Marenasta pakanallisen ajan hahmona ei voida piirt\u00e4\u00e4. Varmasti tavoitettavissa on ennen kaikkea kev\u00e4tperinteen rituaalinen hahmo, Marzanna- tai Morena-nimell\u00e4 kulkeva olkinukke, joka kannetaan pois ja h\u00e4vitet\u00e4\u00e4n.<\/p><p>Onko ja miss\u00e4 muodossa sen takana on todella palvottu pakanallisten slaavien <span class=\"iwg-fachbegriff\" data-tooltip=\"Uskonnossa jumalallisena palvottu olento.\" tabindex=\"0\">jumaluus<\/span>, on tutkimuksessa kiistanalaista. T\u00e4m\u00e4 ep\u00e4varmuus kuuluu hahmon rehelliseen esitt\u00e4miseen.<\/p>\t\t\t\t\t\t\t\t<\/div>\n\t\t\t\t<\/div>\n\t\t\t\t\t<\/div>\n\t\t\t\t<\/div>\n\t\t<div class=\"elementor-element elementor-element-cpd610a66 e-flex e-con-boxed e-con e-parent\" data-id=\"cpd610a66\" data-element_type=\"container\" data-e-type=\"container\">\n\t\t\t\t\t<div class=\"e-con-inner\">\n\t\t\t\t<div class=\"elementor-element elementor-element-cp75c7cd5 elementor-widget elementor-widget-heading\" data-id=\"cp75c7cd5\" data-element_type=\"widget\" data-e-type=\"widget\" data-widget_type=\"heading.default\">\n\t\t\t\t\t<h2 class=\"elementor-heading-title elementor-size-default\">Marzannan kantaminen pois kev\u00e4trituaalina<\/h2>\t\t\t\t<\/div>\n\t\t<div class=\"elementor-element elementor-element-cp5897b73 e-con-full e-flex e-con e-child\" data-id=\"cp5897b73\" data-element_type=\"container\" data-e-type=\"container\">\n\t\t\t\t<div class=\"elementor-element elementor-element-cpb48ef19 elementor-widget elementor-widget-text-editor\" data-id=\"cpb48ef19\" data-element_type=\"widget\" data-e-type=\"widget\" data-widget_type=\"text-editor.default\">\n\t\t\t\t\t\t\t\t\t<p>Marena on parhaiten tavoitettavissa laajalti levinneess\u00e4 l\u00e4nsislaavilaisessa kev\u00e4\u00e4n alkamisen <span class=\"iwg-fachbegriff\" data-tooltip=\"Yhteis\u00f6ss\u00e4 perinteisesti ja s\u00e4\u00e4nn\u00f6llisesti toistettu toiminta.\" tabindex=\"0\">tavassa<\/span>, jota vietet\u00e4\u00e4n yh\u00e4 nyky\u00e4\u00e4nkin Puolassa, T\u0161ekiss\u00e4, Slovakiassa ja niiden l\u00e4hialueilla.<\/p><p>Keski\u00f6ss\u00e4 on oljista tehty nukke, usein naisen vaatteisiin puettu, jota kutsutaan nimill\u00e4 Marzanna, Morena tai muilla vastaavilla nimill\u00e4. Se ilment\u00e4\u00e4 talvea, kuolemaa ja kylm\u00e4n vuodenajan j\u00e4\u00e4tymist\u00e4.<\/p><p>T\u00e4t\u00e4 <span class=\"iwg-fachbegriff\" data-tooltip=\"Yhteis\u00f6ss\u00e4 perinteisesti ja s\u00e4\u00e4nn\u00f6llisesti toistettu toiminta.\" tabindex=\"0\">tapaa<\/span> vietet\u00e4\u00e4n perinteisesti t\u00e4htitieteellisen kev\u00e4\u00e4n alun tienoilla tai nelj\u00e4nten\u00e4 paastonajan sunnuntaina. Yhteis\u00f6, usein lapset ja nuoret, kantaa nukkea kulkueessa kyl\u00e4n l\u00e4pi ja sitten ulos kyl\u00e4st\u00e4, usein laulaen.<\/p><p>Lopuksi Marzanna tuhotaan, se poltetaan, heitet\u00e4\u00e4n virtaavaan vesist\u00f6\u00f6n tai molemmat per\u00e4kk\u00e4in. Monin paikoin uskotaan olevan vaarallista koskettaa uponnutta nukkea tai katsoa sit\u00e4 taakse p\u00e4in paluumatkalla.<\/p><p>Marzannan poisviemist\u00e4 vastaan asettuu usein toinen, vastakkainen toimitus, kev\u00e4\u00e4n tai kes\u00e4n tuominen sis\u00e4\u00e4n, jota symboloi vihre\u00e4 oksa, koristeltu pieni puu tai toinen nukke. <span class=\"iwg-fachbegriff\" data-tooltip=\"Yhteis\u00f6ss\u00e4 perinteisesti ja s\u00e4\u00e4nn\u00f6llisesti toistettu toiminta.\" tabindex=\"0\">Tapa<\/span> on siis kaksiosainen <span class=\"iwg-fachbegriff\" data-tooltip=\"Uskonnollisesti tai kulttuurisesti merkitt\u00e4v\u00e4, s\u00e4\u00e4delty symbolisten tekojen sarja.\" tabindex=\"0\">rituaali<\/span>, kuolema ja kylm\u00e4 talvi karkotetaan, el\u00e4m\u00e4 ja l\u00e4mmin vuodenaika tuodaan tilalle.<\/p><p>Kansanperinteen tutkimuksessa t\u00e4t\u00e4 <span class=\"iwg-fachbegriff\" data-tooltip=\"Yhteis\u00f6ss\u00e4 perinteisesti ja s\u00e4\u00e4nn\u00f6llisesti toistettu toiminta.\" tabindex=\"0\">tapaa<\/span> tulkitaan siirtym\u00e4- ja puhdistusrituaalina, joka s\u00e4est\u00e4\u00e4 vuodenaikojen vaihtumista ja avustaa sit\u00e4 <span class=\"iwg-fachbegriff\" data-tooltip=\"Vakiintuneeseen uskonnolliseen toimitukseen kuuluva.\" tabindex=\"0\">rituaalisesti<\/span>. Keskiaikainen kirkko taisteli t\u00e4llaisten nukkien poisviemist\u00e4 vastaan, mik\u00e4 osoittaa, ett\u00e4 <span class=\"iwg-fachbegriff\" data-tooltip=\"Yhteis\u00f6ss\u00e4 perinteisesti ja s\u00e4\u00e4nn\u00f6llisesti toistettu toiminta.\" tabindex=\"0\">tapa<\/span> koettiin <span class=\"iwg-fachbegriff\" data-tooltip=\"Kristillisest\u00e4 n\u00e4k\u00f6kulmasta: esikristillisen tai ei-kristillisen uskonnon mukainen.\" tabindex=\"0\">pakanalliseksi<\/span>, ja juuri t\u00e4m\u00e4 kirkon vastustus on yksi t\u00e4rkeimmist\u00e4 l\u00e4hteist\u00e4 sen ik\u00e4\u00e4 arvioitaessa.<\/p><p>Sit\u00e4, edustiko nukke alun perin jumalatarta vai oliko se alusta alkaen talven ilmentym\u00e4, ei voida ratkaista pelk\u00e4n <span class=\"iwg-fachbegriff\" data-tooltip=\"Yhteis\u00f6ss\u00e4 perinteisesti ja s\u00e4\u00e4nn\u00f6llisesti toistettu toiminta.\" tabindex=\"0\">tavan<\/span> perusteella.<\/p>\t\t\t\t\t\t\t\t<\/div>\n\t\t\t\t<\/div>\n\t\t\t\t\t<\/div>\n\t\t\t\t<\/div>\n\t\t<div class=\"elementor-element elementor-element-cp212838e e-flex e-con-boxed e-con e-parent\" data-id=\"cp212838e\" data-element_type=\"container\" data-e-type=\"container\">\n\t\t\t\t\t<div class=\"e-con-inner\">\n\t\t\t\t<div class=\"elementor-element elementor-element-cp6060732 elementor-widget elementor-widget-heading\" data-id=\"cp6060732\" data-element_type=\"widget\" data-e-type=\"widget\" data-widget_type=\"heading.default\">\n\t\t\t\t\t<h2 class=\"elementor-heading-title elementor-size-default\">Marena kuoleman ja talven jumalattarena<\/h2>\t\t\t\t<\/div>\n\t\t<div class=\"elementor-element elementor-element-cp0bac407 e-con-full e-flex e-con e-child\" data-id=\"cp0bac407\" data-element_type=\"container\" data-e-type=\"container\">\n\t\t\t\t<div class=\"elementor-element elementor-element-cpc986f3f elementor-widget elementor-widget-text-editor\" data-id=\"cpc986f3f\" data-element_type=\"widget\" data-e-type=\"widget\" data-widget_type=\"text-editor.default\">\n\t\t\t\t\t\t\t\t\t<p>Kev\u00e4ttavan ja kielellisten viitteiden perusteella tutkimus on hahmottanut kuvan slaavilaisesta kuoleman, talven ja j\u00e4\u00e4tymisen jumalattarasta, joskin t\u00e4m\u00e4n rekonstruktion hypoteettista luonnetta on aina korostettava.<\/p><p>Itse nimi antaa viitteen, se kuuluu sanaperheeseen, joka juontuu indoeurooppalaisesta juuresta merkityksell\u00e4 kuolla, johon lukeutuvat my\u00f6s latinan <em>mors<\/em>, kuolema, sek\u00e4 sanat murhaa ja kuolleita tarkoittavat sanat eri kieliss\u00e4. My\u00f6s yhteytt\u00e4 y\u00f6llisen painajaisolennon, slaavilaisen <em>maran<\/em> ja germaanisen painajaisen (Mahr) v\u00e4lill\u00e4 on pohdittu.<\/p><p>T\u00e4st\u00e4 syntyy tulkinta Marenasta el\u00e4m\u00e4nvastaisten voimien, kylmyyden, pimeyden, kasvillisuuden pys\u00e4htymisen ja kuoleman ilmentym\u00e4n\u00e4. T\u00e4ss\u00e4 tulkinnassa h\u00e4n on kev\u00e4\u00e4n ja hedelm\u00e4llisyyden voimien talvinen vastapari.<\/p><p>Osa tutkijoista, erityisesti puolalaisessa ja t\u0161ekkil\u00e4isess\u00e4 perinteess\u00e4, on tulkinnut h\u00e4net moniulotteiseksi jumalattareksi, joka ei tuo vain kauhua, vaan kuuluu my\u00f6s v\u00e4ltt\u00e4m\u00e4tt\u00f6m\u00e4\u00e4n kiertokulkuun, sill\u00e4 ei talvea ilman kev\u00e4tt\u00e4, ei kuolemaa ilman uudistumista.<\/p><p>My\u00f6hemm\u00e4t, erityisesti populaaritieteelliset ja uuspakanalliset esitykset ovat kehitt\u00e4neet Marenasta pitk\u00e4lle viedyn kuolemanjumalattaren, jolla on kiinte\u00e4 el\u00e4m\u00e4ntarina, sukulaisuussuhteet ja teht\u00e4v\u00e4. T\u00e4llaiset kuvat ovat kiehtovia, mutta l\u00e4hdekriittisesti kest\u00e4m\u00e4tt\u00f6mi\u00e4, ne tuovat hahmoon usein enemm\u00e4n nykyaikaisesta mielikuvamaailmasta kuin keskiaikaisesta <span class=\"iwg-fachbegriff\" data-tooltip=\"Tiedon ja tarinoiden siirtyminen sukupolvelta toiselle.\" tabindex=\"0\">perinteest\u00e4<\/span>.<\/p><p>Vakavasti otettava tieteellinen kanta pysyy varovaisena. On hyvi\u00e4 perusteita olettaa, ett\u00e4 <span class=\"iwg-fachbegriff\" data-tooltip=\"Yhteis\u00f6ss\u00e4 perinteisesti ja s\u00e4\u00e4nn\u00f6llisesti toistettu toiminta.\" tabindex=\"0\">tavan<\/span> ja nimen takana on ajatus persoonallistetusta talvisesta kuolettavasta voimasta.<\/p><p>Sit\u00e4 vastoin, ett\u00e4 <span class=\"iwg-fachbegriff\" data-tooltip=\"Jumaluuden tai pyh\u00e4n hahmon palvontaan liittyvien tekojen kokonaisuus.\" tabindex=\"0\">kultissa<\/span> palvottua jumalatar Marenaa, jolla olisi pitk\u00e4lle viety <span class=\"iwg-fachbegriff\" data-tooltip=\"Perinteinen kertomus jumalista, alkuper\u00e4st\u00e4 ja maailman j\u00e4rjestyksest\u00e4.\" tabindex=\"0\">myytti<\/span>, ei voida turvallisesti todistaa s\u00e4ilyneiden l\u00e4hteiden perusteella. Marena on siten esimerkkitapaus slaavilaisen uskonnon tuntemuksemme rajoista.<\/p>\t\t\t\t\t\t\t\t<\/div>\n\t\t\t\t<\/div>\n\t\t\t\t\t<\/div>\n\t\t\t\t<\/div>\n\t\t<div class=\"elementor-element elementor-element-36dd7469 e-flex e-con-boxed e-con e-parent\" data-id=\"36dd7469\" data-element_type=\"container\" data-e-type=\"container\">\n\t\t\t\t\t<div class=\"e-con-inner\">\n\t\t\t\t<div class=\"elementor-element elementor-element-13760ab4 elementor-widget elementor-widget-heading\" data-id=\"13760ab4\" data-element_type=\"widget\" data-e-type=\"widget\" data-widget_type=\"heading.default\">\n\t\t\t\t\t<h2 class=\"elementor-heading-title elementor-size-default\">Aiheeseen liittyv\u00e4t linkit<\/h2>\t\t\t\t<\/div>\n\t\t<div class=\"elementor-element elementor-element-28c87796 e-con-full e-flex e-con e-child\" data-id=\"28c87796\" data-element_type=\"container\" data-e-type=\"container\">\n\t\t\t\t<div class=\"elementor-element elementor-element-5d6538df elementor-widget elementor-widget-text-editor\" data-id=\"5d6538df\" data-element_type=\"widget\" data-e-type=\"widget\" data-widget_type=\"text-editor.default\">\n\t\t\t\t\t\t\t\t\t<ul><li><a href=\"https:\/\/iwell-guard.com\/fi\/?page_id=143851\">Slaavilaiset kulttuurit<\/a><\/li><li><a href=\"https:\/\/iwell-guard.com\/fi\/?page_id=143999\">Perun, ukkonen ja uudelleenalku<\/a><\/li><li><a href=\"https:\/\/iwell-guard.com\/fi\/?page_id=143955\">Hel, germaaninen manalan jumalatar<\/a><\/li><li><a href=\"https:\/\/iwell-guard.com\/fi\/?page_id=143951\">Hades, kreikkalainen manalan jumala<\/a><\/li><\/ul>\t\t\t\t\t\t\t\t<\/div>\n\t\t\t\t<\/div>\n\t\t\t\t\t<\/div>\n\t\t\t\t<\/div>\n\t\t<div class=\"elementor-element elementor-element-grl4kl40 e-flex e-con-boxed e-con e-parent\" data-id=\"grl4kl40\" data-element_type=\"container\" data-e-type=\"container\">\n\t\t\t\t\t<div class=\"e-con-inner\">\n\t\t\t\t<div class=\"elementor-element elementor-element-bzsbfrmh elementor-widget elementor-widget-heading\" data-id=\"bzsbfrmh\" data-element_type=\"widget\" data-e-type=\"widget\" data-widget_type=\"heading.default\">\n\t\t\t\t\t<h2 class=\"elementor-heading-title elementor-size-default\">Tutkimuskirjallisuus<\/h2>\t\t\t\t<\/div>\n\t\t<div class=\"elementor-element elementor-element-2c13224a e-con-full e-flex e-con e-child\" data-id=\"2c13224a\" data-element_type=\"container\" data-e-type=\"container\">\n\t\t\t\t<div class=\"elementor-element elementor-element-0eymh9ub elementor-widget elementor-widget-text-editor\" data-id=\"0eymh9ub\" data-element_type=\"widget\" data-e-type=\"widget\" data-widget_type=\"text-editor.default\">\n\t\t\t\t\t\t\t\t\t<footer class=\"iwg-literatur\" data-nosnippet=\"true\"><ul><li><span data-nosnippet>Ivanits, Linda: <em>Russian Folk Belief<\/em>. M.E. Sharpe, 1989.<\/span><\/li><li><span data-nosnippet>Hubbs, Joanna: <em>Mother Russia. The Feminine Myth in Russian Culture<\/em>. Indiana University Press, 1988.<\/span><\/li><li><span data-nosnippet>Gimbutas, Marija: <em>The Goddesses and Gods of Old Europe<\/em>. Thames and Hudson, 1982.<\/span><\/li><li><span data-nosnippet>Roux, Valentina: <em>Ancient Slavic Religion<\/em>. Routledge, 1999.<\/span><\/li><\/ul><\/footer>\t\t\t\t\t\t\t\t<\/div>\n\t\t\t\t<\/div>\n\t\t\t\t\t<\/div>\n\t\t\t\t<\/div>\n\t\t\t\t<\/div>\n\t\t","protected":false},"excerpt":{"rendered":"","protected":false},"author":3,"featured_media":1649,"parent":0,"menu_order":0,"comment_status":"closed","ping_status":"closed","template":"elementor_header_footer","meta":{"_yoast_wpseo_focuskw":"Marena","_yoast_wpseo_title":"Marena - H\u00e4n ilment\u00e4\u00e4 pime\u00e4\u00e4 vuodenaikaa ja kuolemaa","_yoast_wpseo_metadesc":"Marena, slaavilainen talven ja kuoleman jumalatar. Kev\u00e4\u00e4n sulamisriitti, h\u00e4nen polttamisensa maslenitsa-perinteess\u00e4 sek\u00e4 sukulaisuus Moranaan.","_yoast_wpseo_meta-robots-noindex":"","_yoast_wpseo_canonical":"","_angie_page":false,"gefaehrdungsstufe":"3","wesen_kultur":"slawisch","wesen_klasse":"goetter","footnotes":""},"categories":[],"class_list":["post-144054","page","type-page","status-publish","has-post-thumbnail","hentry"],"yoast_head":"<!-- This site is optimized with the Yoast SEO Premium plugin v27.7 (Yoast SEO v28.3) - https:\/\/yoast.com\/product\/yoast-seo-premium-wordpress\/ -->\n<title>Marena - H\u00e4n ilment\u00e4\u00e4 pime\u00e4\u00e4 vuodenaikaa ja kuolemaa<\/title>\n<meta name=\"description\" content=\"Marena, slaavilainen talven ja kuoleman jumalatar. Kev\u00e4\u00e4n sulamisriitti, h\u00e4nen polttamisensa maslenitsa-perinteess\u00e4 sek\u00e4 sukulaisuus Moranaan.\" \/>\n<meta name=\"robots\" content=\"index, follow, max-snippet:-1, max-image-preview:large, max-video-preview:-1\" \/>\n<link rel=\"canonical\" href=\"https:\/\/iwell-guard.com\/fi\/marena\/\" \/>\n<meta property=\"og:locale\" content=\"fi_FI\" \/>\n<meta property=\"og:type\" content=\"article\" \/>\n<meta property=\"og:title\" content=\"Marena\" \/>\n<meta property=\"og:description\" content=\"Marena, slaavilainen talven ja kuoleman jumalatar. Kev\u00e4\u00e4n sulamisriitti, h\u00e4nen polttamisensa maslenitsa-perinteess\u00e4 sek\u00e4 sukulaisuus Moranaan.\" \/>\n<meta property=\"og:url\" content=\"https:\/\/iwell-guard.com\/fi\/marena\/\" \/>\n<meta property=\"og:site_name\" content=\"iWell Guard\" \/>\n<meta property=\"article:modified_time\" content=\"2026-09-03T12:49:40+00:00\" \/>\n<meta property=\"og:image\" content=\"https:\/\/iwell-guard.com\/wp-content\/uploads\/2026\/04\/goetter_slawisch_marena.webp\" \/>\n\t<meta property=\"og:image:width\" content=\"1024\" \/>\n\t<meta property=\"og:image:height\" content=\"1536\" \/>\n\t<meta property=\"og:image:type\" content=\"image\/webp\" \/>\n<meta name=\"twitter:card\" content=\"summary_large_image\" \/>\n<script type=\"application\/ld+json\" class=\"yoast-schema-graph\">{\"@context\":\"https:\\\/\\\/schema.org\",\"@graph\":[{\"@type\":\"WebPage\",\"@id\":\"https:\\\/\\\/iwell-guard.com\\\/fi\\\/marena\\\/\",\"url\":\"https:\\\/\\\/iwell-guard.com\\\/fi\\\/marena\\\/\",\"name\":\"Marena - H\u00e4n ilment\u00e4\u00e4 pime\u00e4\u00e4 vuodenaikaa ja kuolemaa\",\"isPartOf\":{\"@id\":\"https:\\\/\\\/iwell-guard.com\\\/fi\\\/#website\"},\"primaryImageOfPage\":{\"@id\":\"https:\\\/\\\/iwell-guard.com\\\/fi\\\/marena\\\/#primaryimage\"},\"image\":{\"@id\":\"https:\\\/\\\/iwell-guard.com\\\/fi\\\/marena\\\/#primaryimage\"},\"thumbnailUrl\":\"https:\\\/\\\/iwell-guard.com\\\/wp-content\\\/uploads\\\/2026\\\/04\\\/goetter_slawisch_marena.webp\",\"datePublished\":\"2026-09-03T12:31:29+00:00\",\"dateModified\":\"2026-09-03T12:49:40+00:00\",\"description\":\"Marena, slaavilainen talven ja kuoleman jumalatar. Kev\u00e4\u00e4n sulamisriitti, h\u00e4nen polttamisensa maslenitsa-perinteess\u00e4 sek\u00e4 sukulaisuus Moranaan.\",\"breadcrumb\":{\"@id\":\"https:\\\/\\\/iwell-guard.com\\\/fi\\\/marena\\\/#breadcrumb\"},\"inLanguage\":\"fi\",\"potentialAction\":[{\"@type\":\"ReadAction\",\"target\":[\"https:\\\/\\\/iwell-guard.com\\\/fi\\\/marena\\\/\"]}]},{\"@type\":\"ImageObject\",\"inLanguage\":\"fi\",\"@id\":\"https:\\\/\\\/iwell-guard.com\\\/fi\\\/marena\\\/#primaryimage\",\"url\":\"https:\\\/\\\/iwell-guard.com\\\/wp-content\\\/uploads\\\/2026\\\/04\\\/goetter_slawisch_marena.webp\",\"contentUrl\":\"https:\\\/\\\/iwell-guard.com\\\/wp-content\\\/uploads\\\/2026\\\/04\\\/goetter_slawisch_marena.webp\",\"width\":1024,\"height\":1536,\"caption\":\"Slaavilaisen perinteen jumalia.\"},{\"@type\":\"BreadcrumbList\",\"@id\":\"https:\\\/\\\/iwell-guard.com\\\/fi\\\/marena\\\/#breadcrumb\",\"itemListElement\":[{\"@type\":\"ListItem\",\"position\":1,\"name\":\"Start\",\"item\":\"https:\\\/\\\/iwell-guard.com\\\/fi\\\/?page_id=143815\"},{\"@type\":\"ListItem\",\"position\":2,\"name\":\"Marena\"}]},{\"@type\":\"WebSite\",\"@id\":\"https:\\\/\\\/iwell-guard.com\\\/fi\\\/#website\",\"url\":\"https:\\\/\\\/iwell-guard.com\\\/fi\\\/\",\"name\":\"iWell Guard\",\"description\":\"Schutz vor dunklen Einfl\u00fcssen\",\"publisher\":{\"@id\":\"https:\\\/\\\/iwell-guard.com\\\/fi\\\/#organization\"},\"potentialAction\":[{\"@type\":\"SearchAction\",\"target\":{\"@type\":\"EntryPoint\",\"urlTemplate\":\"https:\\\/\\\/iwell-guard.com\\\/fi\\\/?s={search_term_string}\"},\"query-input\":{\"@type\":\"PropertyValueSpecification\",\"valueRequired\":true,\"valueName\":\"search_term_string\"}}],\"inLanguage\":\"fi\"},{\"@type\":\"Organization\",\"@id\":\"https:\\\/\\\/iwell-guard.com\\\/fi\\\/#organization\",\"name\":\"Ittermann electronic GmbH\",\"url\":\"https:\\\/\\\/iwell-guard.com\\\/fi\\\/\",\"logo\":{\"@type\":\"ImageObject\",\"inLanguage\":\"fi\",\"@id\":\"https:\\\/\\\/iwell-guard.com\\\/fi\\\/#\\\/schema\\\/logo\\\/image\\\/\",\"url\":\"https:\\\/\\\/iwell-guard.com\\\/wp-content\\\/uploads\\\/2026\\\/05\\\/Ittermann-Logo-1182x237-1.png\",\"contentUrl\":\"https:\\\/\\\/iwell-guard.com\\\/wp-content\\\/uploads\\\/2026\\\/05\\\/Ittermann-Logo-1182x237-1.png\",\"width\":1182,\"height\":237,\"caption\":\"Ittermann electronic GmbH\"},\"image\":{\"@id\":\"https:\\\/\\\/iwell-guard.com\\\/fi\\\/#\\\/schema\\\/logo\\\/image\\\/\"},\"sameAs\":[\"https:\\\/\\\/pantip.com\\\/profile\\\/9367242\",\"https:\\\/\\\/micro.blog\\\/iwellguard\",\"https:\\\/\\\/www.diggerslist.com\\\/iwellguard\\\/about\",\"https:\\\/\\\/skitterphoto.com\\\/photographers\\\/2870314\\\/iwell-guard\",\"https:\\\/\\\/iwellguard.wordpress.com\\\/2026\\\/06\\\/06\\\/iwell-guard\\\/\",\"https:\\\/\\\/hub.docker.com\\\/u\\\/iwellguard\",\"https:\\\/\\\/www.pinterest.com\\\/iwellguard\\\/\",\"https:\\\/\\\/bit.ly\\\/m\\\/iwellguard\",\"https:\\\/\\\/entre-vos-mains.alsace.eu\\\/profiles\\\/iwellguard\\\/activity\",\"https:\\\/\\\/gravatar.com\\\/reallybeded8fd34\",\"https:\\\/\\\/naijamatta.com\\\/iwellguard\",\"https:\\\/\\\/www.goodreads.com\\\/iwellguard\",\"https:\\\/\\\/profile.hatena.ne.jp\\\/iwellguard\\\/\",\"https:\\\/\\\/experiment.com\\\/users\\\/iwellguard\",\"https:\\\/\\\/wakelet.com\\\/@iWellGuard82270\",\"https:\\\/\\\/www.chordie.com\\\/forum\\\/profile.php?id=2555664\",\"https:\\\/\\\/www.instapaper.com\\\/p\\\/17757966\",\"https:\\\/\\\/www.mapleprimes.com\\\/users\\\/iwellguard\",\"https:\\\/\\\/businesslistingplus.com\\\/profile\\\/iwell-guard\\\/\",\"https:\\\/\\\/telegra.ph\\\/iWell-Guard-06-06\",\"https:\\\/\\\/pbase.com\\\/iwellguard\\\/iwellguard\",\"https:\\\/\\\/b.hatena.ne.jp\\\/iwellguard\\\/20260607#bookmark-4788405196491818882\",\"https:\\\/\\\/fliphtml5.com\\\/home\\\/iwellguard\",\"https:\\\/\\\/anyflip.com\\\/homepage\\\/cmiwl#About\",\"https:\\\/\\\/transfur.com\\\/Users\\\/iwellguard\",\"http:\\\/\\\/delphi.larsbo.org\\\/user\\\/iwellguard\",\"https:\\\/\\\/jobs.lajobsportal.org\\\/profiles\\\/8380803-iwell-guard\",\"https:\\\/\\\/md.chaosdorf.de\\\/s\\\/jfbe5SBdJD\",\"https:\\\/\\\/www.lingvolive.com\\\/en-us\\\/profile\\\/9ecaeaca-ce11-4e51-9e71-01d55e2bff36\\\/translations\",\"https:\\\/\\\/www.fitday.com\\\/fitness\\\/forums\\\/members\\\/iwellguard.html\",\"https:\\\/\\\/www.mymeetbook.com\\\/iwellguard\",\"https:\\\/\\\/pxhere.com\\\/en\\\/photographer-me\\\/5040798\",\"https:\\\/\\\/disqus.com\\\/by\\\/iwellguard\\\/about\\\/\",\"https:\\\/\\\/pastelink.net\\\/hjwciqwq\",\"https:\\\/\\\/pubhtml5.com\\\/homepage\\\/scjhn\\\/\",\"https:\\\/\\\/www.bitchute.com\\\/channel\\\/2O2eOKzNqujT\",\"https:\\\/\\\/audiomack.com\\\/iwellguard\"]},{\"@type\":\"Article\",\"@id\":\"https:\\\/\\\/iwell-guard.com\\\/fi\\\/marena\\\/#article\",\"isPartOf\":{\"@id\":\"https:\\\/\\\/iwell-guard.com\\\/fi\\\/marena\\\/\"},\"author\":{\"name\":\"Ralf Ittermann\",\"@id\":\"https:\\\/\\\/iwell-guard.com\\\/fi\\\/#\\\/schema\\\/person\\\/ee2a27f1cac3406c7c6fb5820cb7349f\"},\"headline\":\"Marena\",\"datePublished\":\"2026-09-03T12:31:29+00:00\",\"dateModified\":\"2026-09-03T12:49:40+00:00\",\"mainEntityOfPage\":{\"@id\":\"https:\\\/\\\/iwell-guard.com\\\/fi\\\/marena\\\/\"},\"publisher\":{\"@id\":\"https:\\\/\\\/iwell-guard.com\\\/fi\\\/#organization\"},\"image\":{\"@id\":\"https:\\\/\\\/iwell-guard.com\\\/fi\\\/marena\\\/#primaryimage\"},\"thumbnailUrl\":\"https:\\\/\\\/iwell-guard.com\\\/wp-content\\\/uploads\\\/2026\\\/04\\\/goetter_slawisch_marena.webp\",\"inLanguage\":\"fi\",\"description\":\"Marena, slaavilainen talven ja kuoleman jumalatar. Kev\u00e4\u00e4n sulamisriitti, h\u00e4nen polttamisensa maslenitsa-perinteess\u00e4 sek\u00e4 sukulaisuus Moranaan.\"}]}<\/script>\n<!-- \/ Yoast SEO Premium plugin. -->","yoast_head_json":{"title":"Marena - H\u00e4n ilment\u00e4\u00e4 pime\u00e4\u00e4 vuodenaikaa ja kuolemaa","description":"Marena, slaavilainen talven ja kuoleman jumalatar. Kev\u00e4\u00e4n sulamisriitti, h\u00e4nen polttamisensa maslenitsa-perinteess\u00e4 sek\u00e4 sukulaisuus Moranaan.","robots":{"index":"index","follow":"follow","max-snippet":"max-snippet:-1","max-image-preview":"max-image-preview:large","max-video-preview":"max-video-preview:-1"},"canonical":"https:\/\/iwell-guard.com\/fi\/marena\/","og_locale":"fi_FI","og_type":"article","og_title":"Marena","og_description":"Marena, slaavilainen talven ja kuoleman jumalatar. Kev\u00e4\u00e4n sulamisriitti, h\u00e4nen polttamisensa maslenitsa-perinteess\u00e4 sek\u00e4 sukulaisuus Moranaan.","og_url":"https:\/\/iwell-guard.com\/fi\/marena\/","og_site_name":"iWell Guard","article_modified_time":"2026-09-03T12:49:40+00:00","og_image":[{"width":1024,"height":1536,"url":"https:\/\/iwell-guard.com\/wp-content\/uploads\/2026\/04\/goetter_slawisch_marena.webp","type":"image\/webp"}],"twitter_card":"summary_large_image","schema":{"@context":"https:\/\/schema.org","@graph":[{"@type":"Article","@id":"https:\/\/iwell-guard.com\/fi\/marena\/#article","isPartOf":{"@id":"https:\/\/iwell-guard.com\/fi\/marena\/"},"author":{"name":"Ralf Ittermann","@id":"https:\/\/iwell-guard.com\/fi\/#\/schema\/person\/ee2a27f1cac3406c7c6fb5820cb7349f"},"headline":"Marena","datePublished":"2026-09-03T12:31:29+00:00","dateModified":"2026-09-03T12:49:40+00:00","mainEntityOfPage":{"@id":"https:\/\/iwell-guard.com\/fi\/marena\/"},"publisher":{"@id":"https:\/\/iwell-guard.com\/fi\/#organization"},"image":{"@id":"https:\/\/iwell-guard.com\/fi\/marena\/#primaryimage"},"thumbnailUrl":"https:\/\/iwell-guard.com\/wp-content\/uploads\/2026\/04\/goetter_slawisch_marena.webp","inLanguage":"fi","description":"Marena, slaavilainen talven ja kuoleman jumalatar. Kev\u00e4\u00e4n sulamisriitti, h\u00e4nen polttamisensa maslenitsa-perinteess\u00e4 sek\u00e4 sukulaisuus Moranaan."},{"@type":"WebPage","@id":"https:\/\/iwell-guard.com\/fi\/marena\/","url":"https:\/\/iwell-guard.com\/fi\/marena\/","name":"Marena - H\u00e4n ilment\u00e4\u00e4 pime\u00e4\u00e4 vuodenaikaa ja kuolemaa","isPartOf":{"@id":"https:\/\/iwell-guard.com\/fi\/#website"},"primaryImageOfPage":{"@id":"https:\/\/iwell-guard.com\/fi\/marena\/#primaryimage"},"image":{"@id":"https:\/\/iwell-guard.com\/fi\/marena\/#primaryimage"},"thumbnailUrl":"https:\/\/iwell-guard.com\/wp-content\/uploads\/2026\/04\/goetter_slawisch_marena.webp","datePublished":"2026-09-03T12:31:29+00:00","dateModified":"2026-09-03T12:49:40+00:00","description":"Marena, slaavilainen talven ja kuoleman jumalatar. Kev\u00e4\u00e4n sulamisriitti, h\u00e4nen polttamisensa maslenitsa-perinteess\u00e4 sek\u00e4 sukulaisuus Moranaan.","breadcrumb":{"@id":"https:\/\/iwell-guard.com\/fi\/marena\/#breadcrumb"},"inLanguage":"fi","potentialAction":[{"@type":"ReadAction","target":["https:\/\/iwell-guard.com\/fi\/marena\/"]}]},{"@type":"ImageObject","inLanguage":"fi","@id":"https:\/\/iwell-guard.com\/fi\/marena\/#primaryimage","url":"https:\/\/iwell-guard.com\/wp-content\/uploads\/2026\/04\/goetter_slawisch_marena.webp","contentUrl":"https:\/\/iwell-guard.com\/wp-content\/uploads\/2026\/04\/goetter_slawisch_marena.webp","width":1024,"height":1536,"caption":"Slaavilaisen perinteen jumalia."},{"@type":"BreadcrumbList","@id":"https:\/\/iwell-guard.com\/fi\/marena\/#breadcrumb","itemListElement":[{"@type":"ListItem","position":1,"name":"Start","item":"https:\/\/iwell-guard.com\/fi\/?page_id=143815"},{"@type":"ListItem","position":2,"name":"Marena"}]},{"@type":"WebSite","@id":"https:\/\/iwell-guard.com\/fi\/#website","url":"https:\/\/iwell-guard.com\/fi\/","name":"iWell Guard","description":"Schutz vor dunklen Einfl\u00fcssen","publisher":{"@id":"https:\/\/iwell-guard.com\/fi\/#organization"},"potentialAction":[{"@type":"SearchAction","target":{"@type":"EntryPoint","urlTemplate":"https:\/\/iwell-guard.com\/fi\/?s={search_term_string}"},"query-input":{"@type":"PropertyValueSpecification","valueRequired":true,"valueName":"search_term_string"}}],"inLanguage":"fi"},{"@type":"Organization","@id":"https:\/\/iwell-guard.com\/fi\/#organization","name":"Ittermann electronic GmbH","url":"https:\/\/iwell-guard.com\/fi\/","logo":{"@type":"ImageObject","inLanguage":"fi","@id":"https:\/\/iwell-guard.com\/fi\/#\/schema\/logo\/image\/","url":"https:\/\/iwell-guard.com\/wp-content\/uploads\/2026\/05\/Ittermann-Logo-1182x237-1.png","contentUrl":"https:\/\/iwell-guard.com\/wp-content\/uploads\/2026\/05\/Ittermann-Logo-1182x237-1.png","width":1182,"height":237,"caption":"Ittermann electronic GmbH"},"image":{"@id":"https:\/\/iwell-guard.com\/fi\/#\/schema\/logo\/image\/"},"sameAs":["https:\/\/pantip.com\/profile\/9367242","https:\/\/micro.blog\/iwellguard","https:\/\/www.diggerslist.com\/iwellguard\/about","https:\/\/skitterphoto.com\/photographers\/2870314\/iwell-guard","https:\/\/iwellguard.wordpress.com\/2026\/06\/06\/iwell-guard\/","https:\/\/hub.docker.com\/u\/iwellguard","https:\/\/www.pinterest.com\/iwellguard\/","https:\/\/bit.ly\/m\/iwellguard","https:\/\/entre-vos-mains.alsace.eu\/profiles\/iwellguard\/activity","https:\/\/gravatar.com\/reallybeded8fd34","https:\/\/naijamatta.com\/iwellguard","https:\/\/www.goodreads.com\/iwellguard","https:\/\/profile.hatena.ne.jp\/iwellguard\/","https:\/\/experiment.com\/users\/iwellguard","https:\/\/wakelet.com\/@iWellGuard82270","https:\/\/www.chordie.com\/forum\/profile.php?id=2555664","https:\/\/www.instapaper.com\/p\/17757966","https:\/\/www.mapleprimes.com\/users\/iwellguard","https:\/\/businesslistingplus.com\/profile\/iwell-guard\/","https:\/\/telegra.ph\/iWell-Guard-06-06","https:\/\/pbase.com\/iwellguard\/iwellguard","https:\/\/b.hatena.ne.jp\/iwellguard\/20260607#bookmark-4788405196491818882","https:\/\/fliphtml5.com\/home\/iwellguard","https:\/\/anyflip.com\/homepage\/cmiwl#About","https:\/\/transfur.com\/Users\/iwellguard","http:\/\/delphi.larsbo.org\/user\/iwellguard","https:\/\/jobs.lajobsportal.org\/profiles\/8380803-iwell-guard","https:\/\/md.chaosdorf.de\/s\/jfbe5SBdJD","https:\/\/www.lingvolive.com\/en-us\/profile\/9ecaeaca-ce11-4e51-9e71-01d55e2bff36\/translations","https:\/\/www.fitday.com\/fitness\/forums\/members\/iwellguard.html","https:\/\/www.mymeetbook.com\/iwellguard","https:\/\/pxhere.com\/en\/photographer-me\/5040798","https:\/\/disqus.com\/by\/iwellguard\/about\/","https:\/\/pastelink.net\/hjwciqwq","https:\/\/pubhtml5.com\/homepage\/scjhn\/","https:\/\/www.bitchute.com\/channel\/2O2eOKzNqujT","https:\/\/audiomack.com\/iwellguard"]},{"@type":"Person","@id":"https:\/\/iwell-guard.com\/fi\/#\/schema\/person\/ee2a27f1cac3406c7c6fb5820cb7349f","name":"Ralf Ittermann","image":{"@type":"ImageObject","inLanguage":"fi","@id":"https:\/\/secure.gravatar.com\/avatar\/073c0153e350a5005b68eb752b445fea71f6b24a26da9449ad7e155e6b446c9d?s=96&d=mm&r=g","url":"https:\/\/secure.gravatar.com\/avatar\/073c0153e350a5005b68eb752b445fea71f6b24a26da9449ad7e155e6b446c9d?s=96&d=mm&r=g","contentUrl":"https:\/\/secure.gravatar.com\/avatar\/073c0153e350a5005b68eb752b445fea71f6b24a26da9449ad7e155e6b446c9d?s=96&d=mm&r=g","caption":"Ralf Ittermann"},"givenName":"Ralf","familyName":"Ittermann","jobTitle":"Gesch\u00e4ftsf\u00fchrer und redaktioneller Verantwortlicher","url":"https:\/\/iwell-guard.com\/fi\/author\/claude\/","description":"Ralf Ittermann ist Gesch\u00e4ftsf\u00fchrer der Ittermann electronic GmbH und redaktioneller Verantwortlicher des iWell-Guard-Lexikons. Er verbindet langj\u00e4hrige Erfahrung in der Pr\u00e4zisionsfertigung mit medialer Praxis und religionsgeschichtlicher Quellenarbeit.","worksFor":{"@type":"Organization","name":"Ittermann electronic GmbH","url":"https:\/\/ittermann.de\/","address":{"@type":"PostalAddress","streetAddress":"K\u00f6hlergasse 16-18","postalCode":"99842","addressLocality":"Ruhla","addressCountry":"DE"}},"knowsAbout":["Religionsgeschichte","Mythologie","Mediale Praxis","Energetische Diagnostik","Schutzpraxis","Volksglauben","Westliche Esoterik"]},{"@type":"Article","@id":"https:\/\/iwell-guard.com\/fi\/marena\/#article","isPartOf":{"@id":"https:\/\/iwell-guard.com\/fi\/marena\/"},"author":{"name":"Ralf Ittermann","@id":"https:\/\/iwell-guard.com\/fi\/#\/schema\/person\/ee2a27f1cac3406c7c6fb5820cb7349f"},"headline":"Marena","datePublished":"2026-09-03T12:31:29+00:00","dateModified":"2026-09-03T12:49:40+00:00","mainEntityOfPage":{"@id":"https:\/\/iwell-guard.com\/fi\/marena\/"},"publisher":{"@id":"https:\/\/iwell-guard.com\/fi\/#organization"},"image":{"@id":"https:\/\/iwell-guard.com\/fi\/marena\/#primaryimage"},"thumbnailUrl":"https:\/\/iwell-guard.com\/wp-content\/uploads\/2026\/04\/goetter_slawisch_marena.webp","inLanguage":"fi","description":"Marena, slaavilainen talven ja kuoleman jumalatar. Kev\u00e4\u00e4n sulamisriitti, h\u00e4nen polttamisensa maslenitsa-perinteess\u00e4 sek\u00e4 sukulaisuus Moranaan."}]}},"_links":{"self":[{"href":"https:\/\/iwell-guard.com\/fi\/wp-json\/wp\/v2\/pages\/144054","targetHints":{"allow":["GET"]}}],"collection":[{"href":"https:\/\/iwell-guard.com\/fi\/wp-json\/wp\/v2\/pages"}],"about":[{"href":"https:\/\/iwell-guard.com\/fi\/wp-json\/wp\/v2\/types\/page"}],"author":[{"embeddable":true,"href":"https:\/\/iwell-guard.com\/fi\/wp-json\/wp\/v2\/users\/3"}],"replies":[{"embeddable":true,"href":"https:\/\/iwell-guard.com\/fi\/wp-json\/wp\/v2\/comments?post=144054"}],"version-history":[{"count":0,"href":"https:\/\/iwell-guard.com\/fi\/wp-json\/wp\/v2\/pages\/144054\/revisions"}],"wp:featuredmedia":[{"embeddable":true,"href":"https:\/\/iwell-guard.com\/fi\/wp-json\/wp\/v2\/media\/1649"}],"wp:attachment":[{"href":"https:\/\/iwell-guard.com\/fi\/wp-json\/wp\/v2\/media?parent=144054"}],"wp:term":[{"taxonomy":"category","embeddable":true,"href":"https:\/\/iwell-guard.com\/fi\/wp-json\/wp\/v2\/categories?post=144054"}],"curies":[{"name":"wp","href":"https:\/\/api.w.org\/{rel}","templated":true}]}}