{"id":144050,"date":"2026-09-03T12:31:26","date_gmt":"2026-09-03T12:31:26","guid":{"rendered":"https:\/\/iwell-guard.com\/?page_id=144050"},"modified":"2026-09-03T12:49:34","modified_gmt":"2026-09-03T12:49:34","slug":"thor","status":"publish","type":"page","link":"https:\/\/iwell-guard.com\/fi\/thor\/","title":{"rendered":"Thor"},"content":{"rendered":"\t\t<div data-elementor-type=\"wp-page\" data-elementor-id=\"144050\" class=\"elementor elementor-144050 elementor-2095 elementor-bc-flex-widget\" data-elementor-post-type=\"page\">\n\t\t\t\t<div class=\"elementor-element elementor-element-10fdade e-flex e-con-boxed e-con e-parent\" data-id=\"10fdade\" data-element_type=\"container\" data-e-type=\"container\" data-settings=\"{&quot;background_background&quot;:&quot;classic&quot;}\">\n\t\t\t\t\t<div class=\"e-con-inner\">\n\t\t<div class=\"elementor-element elementor-element-herohlft0 e-flex e-con-boxed e-con e-child\" data-id=\"herohlft0\" data-element_type=\"container\" data-e-type=\"container\">\n\t\t\t\t\t<div class=\"e-con-inner\">\n\t\t<div class=\"elementor-element elementor-element-c3ceb64 e-con-full e-flex e-con e-child\" data-id=\"c3ceb64\" data-element_type=\"container\" data-e-type=\"container\">\n\t\t\t\t<div class=\"elementor-element elementor-element-96ae5e1 elementor-widget elementor-widget-heading\" data-id=\"96ae5e1\" data-element_type=\"widget\" data-e-type=\"widget\" data-widget_type=\"heading.default\">\n\t\t\t\t\t<h1 class=\"elementor-heading-title elementor-size-default\">Thor, germaanisen perinteen jumala<\/h1>\t\t\t\t<\/div>\n\t\t\t\t<div class=\"elementor-element elementor-element-e45238a elementor-widget elementor-widget-text-editor\" data-id=\"e45238a\" data-element_type=\"widget\" data-e-type=\"widget\" data-widget_type=\"text-editor.default\">\n\t\t\t\t\t\t\t\t\t<p>Thor on ukkosen, salamoiden ja suojelun jumala germaanisessa perinteess\u00e4. Wodanin poikana ja ihmiskunnan sek\u00e4 jumalien suojelijana h\u00e4n edustaa voimaa, rohkeutta ja j\u00e4rjestyst\u00e4 kaaosta vastaan.<\/p><p>Uskontotieteellisesti Thor on esimerkki s\u00e4\u00e4njumalan keskeisest\u00e4 asemasta indoeurooppalaisissa panteoneissa ja h\u00e4nen poliittisesta muuntumisestaan talonpoikien ja taistelijoiden suojelijajumalaksi.<\/p>\t\t\t\t\t\t\t\t<\/div>\n\t\t\t\t<\/div>\n\t\t<div class=\"elementor-element elementor-element-klsbdg01 e-con-full e-flex e-con e-parent\" data-id=\"klsbdg01\" data-element_type=\"container\" data-e-type=\"container\">\n\t\t\t\t<div class=\"elementor-element elementor-element-klshtm01 elementor-widget elementor-widget-html\" data-id=\"klshtm01\" data-element_type=\"widget\" data-e-type=\"widget\" data-widget_type=\"html.default\">\n\t\t\t\t\t<div class=\"iwg-pill-row\"><span class=\"iwg-klasse-badge\" tabindex=\"0\" data-tooltip=\"Jumala \/ jumalatar: Kulttuurin panteonin persoonallistunut korkein voima, jolla on selke\u00e4t vastuualueet, kuten luonnonvoimat, kohtalo, sota ja hedelm\u00e4llisyys. H\u00e4nt\u00e4 palvotaan kulttien, uhrien ja temppeli-instituutioiden avulla.\">Jumala<\/span><a href=\"https:\/\/iwell-guard.com\/fi\/?page_id=143849\" class=\"iwg-kultur-badge\" tabindex=\"0\" data-tooltip=\"Pohjois- ja Keski-Euroopan esikristillinen jumalten ja henkien maailma.\">Germaaninen<\/a><\/div>\t\t\t\t<\/div>\n\t\t\t\t<\/div>\n\t\t<div class=\"elementor-element elementor-element-3f74855 e-con-full e-flex e-con e-child\" data-id=\"3f74855\" data-element_type=\"container\" data-e-type=\"container\">\n\t\t\t\t<div class=\"elementor-element elementor-element-1c30362 elementor-toc--minimized-on-tablet elementor-widget elementor-widget-table-of-contents\" data-id=\"1c30362\" data-element_type=\"widget\" data-e-type=\"widget\" data-settings=\"{&quot;exclude_headings_by_selector&quot;:[],&quot;no_headings_message&quot;:&quot;T\\u00e4lt\\u00e4 sivulta ei l\\u00f6ytynyt otsikoita.&quot;,&quot;headings_by_tags&quot;:[&quot;h2&quot;,&quot;h3&quot;],&quot;marker_view&quot;:&quot;bullets&quot;,&quot;minimize_box&quot;:&quot;yes&quot;,&quot;icon&quot;:{&quot;value&quot;:&quot;fas fa-circle&quot;,&quot;library&quot;:&quot;fa-solid&quot;,&quot;rendered_tag&quot;:&quot;&lt;svg class=\\&quot;e-font-icon-svg e-fas-circle\\&quot; viewBox=\\&quot;0 0 512 512\\&quot; xmlns=\\&quot;http:\\\/\\\/www.w3.org\\\/2000\\\/svg\\&quot;&gt;&lt;path d=\\&quot;M256 8C119 8 8 119 8 256s111 248 248 248 248-111 248-248S393 8 256 8z\\&quot;&gt;&lt;\\\/path&gt;&lt;\\\/svg&gt;&quot;},&quot;minimized_on&quot;:&quot;tablet&quot;,&quot;hierarchical_view&quot;:&quot;yes&quot;,&quot;min_height&quot;:{&quot;unit&quot;:&quot;px&quot;,&quot;size&quot;:&quot;&quot;,&quot;sizes&quot;:[]},&quot;min_height_tablet&quot;:{&quot;unit&quot;:&quot;px&quot;,&quot;size&quot;:&quot;&quot;,&quot;sizes&quot;:[]},&quot;min_height_mobile&quot;:{&quot;unit&quot;:&quot;px&quot;,&quot;size&quot;:&quot;&quot;,&quot;sizes&quot;:[]}}\" data-widget_type=\"table-of-contents.default\">\n\t\t\t\t\t\t\t\t\t<div class=\"elementor-toc__header\">\n\t\t\t\t\t\t<h2 class=\"elementor-toc__header-title\">\n\t\t\t\tSis\u00e4llysluettelo\t\t\t<\/h2>\n\t\t\t\t\t\t\t\t\t\t<div class=\"elementor-toc__toggle-button elementor-toc__toggle-button--expand\" role=\"button\" tabindex=\"0\" aria-controls=\"elementor-toc__1c30362\" aria-expanded=\"true\" aria-label=\"Open table of contents\"><svg aria-hidden=\"true\" class=\"e-font-icon-svg e-fas-chevron-down\" viewBox=\"0 0 448 512\" xmlns=\"http:\/\/www.w3.org\/2000\/svg\"><path d=\"M207.029 381.476L12.686 187.132c-9.373-9.373-9.373-24.569 0-33.941l22.667-22.667c9.357-9.357 24.522-9.375 33.901-.04L224 284.505l154.745-154.021c9.379-9.335 24.544-9.317 33.901.04l22.667 22.667c9.373 9.373 9.373 24.569 0 33.941L240.971 381.476c-9.373 9.372-24.569 9.372-33.942 0z\"><\/path><\/svg><\/div>\n\t\t\t\t<div class=\"elementor-toc__toggle-button elementor-toc__toggle-button--collapse\" role=\"button\" tabindex=\"0\" aria-controls=\"elementor-toc__1c30362\" aria-expanded=\"true\" aria-label=\"Close table of contents\"><svg aria-hidden=\"true\" class=\"e-font-icon-svg e-fas-chevron-up\" viewBox=\"0 0 448 512\" xmlns=\"http:\/\/www.w3.org\/2000\/svg\"><path d=\"M240.971 130.524l194.343 194.343c9.373 9.373 9.373 24.569 0 33.941l-22.667 22.667c-9.357 9.357-24.522 9.375-33.901.04L224 227.495 69.255 381.516c-9.379 9.335-24.544 9.317-33.901-.04l-22.667-22.667c-9.373-9.373-9.373-24.569 0-33.941L207.03 130.525c9.372-9.373 24.568-9.373 33.941-.001z\"><\/path><\/svg><\/div>\n\t\t\t\t\t<\/div>\n\t\t\t\t<div id=\"elementor-toc__1c30362\" class=\"elementor-toc__body\">\n\t\t\t<div class=\"elementor-toc__spinner-container\">\n\t\t\t\t<svg class=\"elementor-toc__spinner eicon-animation-spin e-font-icon-svg e-eicon-loading\" aria-hidden=\"true\" viewBox=\"0 0 1000 1000\" xmlns=\"http:\/\/www.w3.org\/2000\/svg\"><path d=\"M500 975V858C696 858 858 696 858 500S696 142 500 142 142 304 142 500H25C25 237 238 25 500 25S975 237 975 500 763 975 500 975Z\"><\/path><\/svg>\t\t\t<\/div>\n\t\t<\/div>\n\t\t\t\t\t\t<\/div>\n\t\t\t\t<\/div>\n\t\t\t\t\t<\/div>\n\t\t\t\t<\/div>\n\t\t<div class=\"elementor-element elementor-element-herorght0 e-con-full e-flex e-con e-child\" data-id=\"herorght0\" data-element_type=\"container\" data-e-type=\"container\">\n\t\t\t\t<div class=\"elementor-element elementor-element-heroimg00 iwg-hero-image elementor-widget elementor-widget-image\" data-id=\"heroimg00\" data-element_type=\"widget\" data-e-type=\"widget\" data-widget_type=\"image.default\">\n\t\t\t\t\t\t\t\t\t\t\t\t\t\t\t<img fetchpriority=\"high\" decoding=\"async\" width=\"683\" height=\"1024\" src=\"https:\/\/iwell-guard.com\/wp-content\/uploads\/2026\/04\/goetter_germanisch_thor-683x1024.webp\" class=\"attachment-large size-large wp-image-149111\" alt=\"Thor - germaanisen perinteen jumalia, historiallinen kuvitus\" srcset=\"https:\/\/iwell-guard.com\/wp-content\/uploads\/2026\/04\/goetter_germanisch_thor-683x1024.webp 683w, https:\/\/iwell-guard.com\/wp-content\/uploads\/2026\/04\/goetter_germanisch_thor-200x300.webp 200w, https:\/\/iwell-guard.com\/wp-content\/uploads\/2026\/04\/goetter_germanisch_thor-768x1152.webp 768w, https:\/\/iwell-guard.com\/wp-content\/uploads\/2026\/04\/goetter_germanisch_thor.webp 1024w\" sizes=\"(max-width: 683px) 100vw, 683px\" \/>\t\t\t\t\t\t\t\t\t\t\t\t\t\t\t<\/div>\n\t\t\t\t<\/div>\n\t\t\t\t\t<\/div>\n\t\t\t\t<\/div>\n\t\t<div class=\"elementor-element elementor-element-32917199 e-flex e-con-boxed e-con e-parent\" data-id=\"32917199\" data-element_type=\"container\" data-e-type=\"container\">\n\t\t\t\t\t<div class=\"e-con-inner\">\n\t\t<div class=\"elementor-element elementor-element-26e916cb e-flex e-con-boxed e-con e-child\" data-id=\"26e916cb\" data-element_type=\"container\" data-e-type=\"container\">\n\t\t\t\t\t<div class=\"e-con-inner\">\n\t\t<div class=\"elementor-element elementor-element-253a40d4 e-flex e-con-boxed e-con e-child\" data-id=\"253a40d4\" data-element_type=\"container\" data-e-type=\"container\">\n\t\t\t\t\t<div class=\"e-con-inner\">\n\t\t\t\t<div class=\"elementor-element elementor-element-1200c304 elementor-widget elementor-widget-heading\" data-id=\"1200c304\" data-element_type=\"widget\" data-e-type=\"widget\" data-widget_type=\"heading.default\">\n\t\t\t\t\t<h2 class=\"elementor-heading-title elementor-size-default\">Thor<\/h2>\t\t\t\t<\/div>\n\t\t\t\t<div class=\"elementor-element elementor-element-11758e7f elementor-widget elementor-widget-text-editor\" data-id=\"11758e7f\" data-element_type=\"widget\" data-e-type=\"widget\" data-widget_type=\"text-editor.default\">\n\t\t\t\t\t\t\t\t\t<p>Thor edustaa voimaa, vihaa, ukkosta ja Midgardin suojelua. H\u00e4nen keskeisi\u00e4 ominaisuuksiaan ovat voima, kest\u00e4vyys, uskollisuus ja suora, rehellinen luonne. <span class=\"iwg-fachbegriff\" data-tooltip=\"Perinteinen kertomus jumalista, alkuper\u00e4st\u00e4 ja maailman j\u00e4rjestyksest\u00e4.\" tabindex=\"0\">Myytiss\u00e4<\/span> Thor taistelee j\u00e4ttil\u00e4isi\u00e4 vastaan, ajaa vuohivaljakolla taivaan halki ja kantaa Mj\u00f6lnir-vasaraa.<\/p><p>H\u00e4nen seikkailunsa t\u00e4ytt\u00e4v\u00e4t suuren osan Proosa-Eddasta ja Runo-Eddasta. Keskeisi\u00e4 myyttej\u00e4 ovat Thorin kalastusretki Midgardin k\u00e4\u00e4rmeen kanssa, vasaran ry\u00f6st\u00f6 ja taistelu j\u00e4ttil\u00e4iskuningas Thrymia vastaan.<\/p>\t\t\t\t\t\t\t\t<\/div>\n\t\t\t\t\t<\/div>\n\t\t\t\t<\/div>\n\t\t<div class=\"elementor-element elementor-element-159dcf9a e-flex e-con-boxed e-con e-child\" data-id=\"159dcf9a\" data-element_type=\"container\" data-e-type=\"container\">\n\t\t\t\t\t<div class=\"e-con-inner\">\n\t\t\t\t<div class=\"elementor-element elementor-element-48cee66f elementor-widget elementor-widget-heading\" data-id=\"48cee66f\" data-element_type=\"widget\" data-e-type=\"widget\" data-widget_type=\"heading.default\">\n\t\t\t\t\t<div class=\"elementor-heading-title elementor-size-default\">Yleiskatsaus: Thor<\/div>\t\t\t\t<\/div>\n\t\t\t\t<div class=\"elementor-element elementor-element-3f50d82c elementor-widget elementor-widget-text-editor\" data-id=\"3f50d82c\" data-element_type=\"widget\" data-e-type=\"widget\" data-widget_type=\"text-editor.default\">\n\t\t\t\t\t\t\t\t\t<p>L\u00e4htein\u00e4 ovat <span class=\"iwg-fachbegriff\" tabindex=\"0\" data-tooltip=\"Islantilainen tutkija (1179\u20131241); Proosa-Edda ja Heimskringla -teosten kirjoittaja.\">Snorri Sturlusonin<\/span> Proosa-Edda, Runo-Edda (erityisesti Thrymskvida, H\u00e1rbardslj\u00f3d), Tacituksen Germania, arkeologiset l\u00f6yd\u00f6t (Thor-amuletit, riimukivet) sek\u00e4 pohjoismaiset paikannimet. Toissijaisina l\u00e4htein\u00e4: Rudolf Simek (Germaanisen <span class=\"iwg-fachbegriff\" data-tooltip=\"Kulttuurin perinteisten jumalkertomusten kokonaisuus.\" tabindex=\"0\">mytologian<\/span> sanakirja), Jan de Vries (Altgermanische Religionsgeschichte), Georges Dum\u00e9zil, Kurt N\u00e4sstr\u00f6m. Thorin palvonta oli levinnyt Skandinaviaan, Pohjois- ja Keski-Eurooppaan, ja se n\u00e4kyy viel\u00e4 t\u00e4n\u00e4kin p\u00e4iv\u00e4n\u00e4 torstai-nimess\u00e4.<\/p>\t\t\t\t\t\t\t\t<\/div>\n\t\t\t\t\t<\/div>\n\t\t\t\t<\/div>\n\t\t\t\t\t<\/div>\n\t\t\t\t<\/div>\n\t\t\t\t\t<\/div>\n\t\t\t\t<\/div>\n\t\t<div class=\"elementor-element elementor-element-18613602 e-flex e-con-boxed e-con e-parent\" data-id=\"18613602\" data-element_type=\"container\" data-e-type=\"container\">\n\t\t\t\t\t<div class=\"e-con-inner\">\n\t\t\t\t<div class=\"elementor-element elementor-element-262b8a9f elementor-widget elementor-widget-heading\" data-id=\"262b8a9f\" data-element_type=\"widget\" data-e-type=\"widget\" data-widget_type=\"heading.default\">\n\t\t\t\t\t<h2 class=\"elementor-heading-title elementor-size-default\">Konteksti<\/h2>\t\t\t\t<\/div>\n\t\t<div class=\"elementor-element elementor-element-46dcb7d e-con-full e-flex e-con e-child\" data-id=\"46dcb7d\" data-element_type=\"container\" data-e-type=\"container\">\n\t\t<div class=\"elementor-element elementor-element-61d3ab3 e-flex e-con-boxed e-con e-child\" data-id=\"61d3ab3\" data-element_type=\"container\" data-e-type=\"container\">\n\t\t\t\t\t<div class=\"e-con-inner\">\n\t\t\t\t<div class=\"elementor-element elementor-element-117c166 elementor-widget elementor-widget-heading\" data-id=\"117c166\" data-element_type=\"widget\" data-e-type=\"widget\" data-widget_type=\"heading.default\">\n\t\t\t\t\t<div class=\"elementor-heading-title elementor-size-default\">Tekstien ajanjakso<\/div>\t\t\t\t<\/div>\n\t\t\t\t<div class=\"elementor-element elementor-element-73997a0 elementor-widget elementor-widget-text-editor\" data-id=\"73997a0\" data-element_type=\"widget\" data-e-type=\"widget\" data-widget_type=\"text-editor.default\">\n\t\t\t\t\t\t\t\t\t<p>Thor on j\u00e4ljitett\u00e4viss\u00e4 roomalaisaikaisista Donar-todisteista aina 1200-luvun islantilaisiin Edda-k\u00e4sikirjoituksiin asti, siis yli tuhannen vuoden ajalta. H\u00e4nen nimens\u00e4 el\u00e4\u00e4 edelleen viikonp\u00e4iv\u00e4ss\u00e4 torstai, ja Thorin vasaran riipuksia k\u00e4ytet\u00e4\u00e4n viel\u00e4 t\u00e4n\u00e4kin p\u00e4iv\u00e4n\u00e4, nykyisin usein pohjoismaisen alkuper\u00e4n tunnustuksena tai nykypakanuudessa, mutta yhteys vanhaan ukkosjumalaan on niiss\u00e4 yh\u00e4 tunnistettavissa.<\/p>\t\t\t\t\t\t\t\t<\/div>\n\t\t\t\t\t<\/div>\n\t\t\t\t<\/div>\n\t\t<div class=\"elementor-element elementor-element-d47b156 e-flex e-con-boxed e-con e-child\" data-id=\"d47b156\" data-element_type=\"container\" data-e-type=\"container\">\n\t\t\t\t\t<div class=\"e-con-inner\">\n\t\t\t\t<div class=\"elementor-element elementor-element-ff38c2b elementor-widget elementor-widget-heading\" data-id=\"ff38c2b\" data-element_type=\"widget\" data-e-type=\"widget\" data-widget_type=\"heading.default\">\n\t\t\t\t\t<div class=\"elementor-heading-title elementor-size-default\">Levinneisyysalue<\/div>\t\t\t\t<\/div>\n\t\t\t\t<div class=\"elementor-element elementor-element-4e49fcc elementor-widget elementor-widget-text-editor\" data-id=\"4e49fcc\" data-element_type=\"widget\" data-e-type=\"widget\" data-widget_type=\"text-editor.default\">\n\t\t\t\t\t\t\t\t\t<p>Thor ei rajoittunut mihink\u00e4\u00e4n tiettyyn alueeseen tai paikkaan, vaan h\u00e4net tunnettiin ja h\u00e4nt\u00e4 palvottiin tai kunnioittavasti pel\u00e4ttiin koko germaanisessa maailmassa. Olipa kyse suurista kaupunkikeskuksista tai syrj\u00e4isist\u00e4 maaseutualueista, yhteiskunnan eliitist\u00e4 tai tavallisesta kansasta, t\u00e4m\u00e4n olennon hengellinen ja kulttuurinen merkitys tunnustettiin kaikkialla ja yht\u00e4l\u00e4isesti.<\/p><p>Paikannimet kuten Thorshavn, lukemattomat Thor-elementin sis\u00e4lt\u00e4v\u00e4t henkil\u00f6nnimet ja vasara-amulettien yleisyys osoittavat, ett\u00e4 ukkosjumala oli juurtunut laajojen v\u00e4est\u00f6ryhmien arkeen, talonpojasta merenkulkijaan. Viikinkien matkojen mukana h\u00e4nen kulttinsa levisi Islantiin, Englantiin, Irlantiin ja Ven\u00e4j\u00e4n alueelle, ja kuvaukset ja rukoukset pysyiv\u00e4t n\u00e4ill\u00e4 asutusalueilla suurelta osin yhten\u00e4isin\u00e4.<\/p>\t\t\t\t\t\t\t\t<\/div>\n\t\t\t\t\t<\/div>\n\t\t\t\t<\/div>\n\t\t\t\t<\/div>\n\t\t<div class=\"elementor-element elementor-element-db03c39 e-con-full e-flex e-con e-child\" data-id=\"db03c39\" data-element_type=\"container\" data-e-type=\"container\">\n\t\t<div class=\"elementor-element elementor-element-229a87b e-flex e-con-boxed e-con e-child\" data-id=\"229a87b\" data-element_type=\"container\" data-e-type=\"container\">\n\t\t\t\t\t<div class=\"e-con-inner\">\n\t\t\t\t<div class=\"elementor-element elementor-element-1f471fc elementor-widget elementor-widget-heading\" data-id=\"1f471fc\" data-element_type=\"widget\" data-e-type=\"widget\" data-widget_type=\"heading.default\">\n\t\t\t\t\t<div class=\"elementor-heading-title elementor-size-default\">L\u00e4hdetilanne<\/div>\t\t\t\t<\/div>\n\t\t\t\t<div class=\"elementor-element elementor-element-36b1201 elementor-widget elementor-widget-text-editor\" data-id=\"36b1201\" data-element_type=\"widget\" data-e-type=\"widget\" data-widget_type=\"text-editor.default\">\n\t\t\t\t\t\t\t\t\t<p>Ensisijaiset l\u00e4hteet: <span class=\"iwg-fachbegriff\" tabindex=\"0\" data-tooltip=\"Islantilainen oppinut (1179\u20131241); Proosa-Eddan ja Heimskringlan kirjoittaja.\">Snorri Sturluson<\/span> Proosa-Edda (erityisesti Gylfaginning ja Sk\u00e1ldskaparm\u00e1l), Runo-Edda (\u00derymskvi\u00f0a, H\u00e1rbar\u00f0slj\u00f3\u00f0, Hymiskvi\u00f0a), Tacituksen Germania (luku 9: maininta Donar-kultista), my\u00f6h\u00e4isroomalaiset kirjoitukset Germaniasta (IOM = Iovi Optimo Maximo, usein Thor-<span class=\"iwg-fachbegriff\" data-tooltip=\"Eri uskonnollisista perinteist\u00e4 per\u00e4isin olevien k\u00e4sitysten tai jumaluuksien sulautuminen.\" tabindex=\"0\">synkretismi<\/span>), riimukirjoitukset.<\/p><p>Ajanjakso: 1. vuosisata eaa. \u2013 13. vuosisata jaa. Tutkijat: Rudolf Simek, Jan de Vries, Folke Str\u00f6m, Kurt N\u00e4sstr\u00f6m, Jens Peter Schj\u00f8dt. Arkeologiset l\u00f6yd\u00f6t: Mj\u00f6lnir-amuletit, uhril\u00f6yd\u00f6t, <span class=\"iwg-fachbegriff\" data-tooltip=\"Rakennus, joka on omistettu yhden tai useamman jumaluuden palvontaan.\" tabindex=\"0\">temppelit<\/span> Uppsalassa ja Ladessa.<\/p>\t\t\t\t\t\t\t\t<\/div>\n\t\t\t\t\t<\/div>\n\t\t\t\t<\/div>\n\t\t\t\t<\/div>\n\t\t\t\t\t<\/div>\n\t\t\t\t<\/div>\n\t\t<div class=\"elementor-element elementor-element-3ae0637c e-flex e-con-boxed e-con e-parent\" data-id=\"3ae0637c\" data-element_type=\"container\" data-e-type=\"container\">\n\t\t\t\t\t<div class=\"e-con-inner\">\n\t\t\t\t<div class=\"elementor-element elementor-element-31d07739 elementor-widget elementor-widget-heading\" data-id=\"31d07739\" data-element_type=\"widget\" data-e-type=\"widget\" data-widget_type=\"heading.default\">\n\t\t\t\t\t<h2 class=\"elementor-heading-title elementor-size-default\">Nimitys ja kirjoitustavat<\/h2>\t\t\t\t<\/div>\n\t\t<div class=\"elementor-element elementor-element-b7642947 e-con-full e-flex e-con e-child\" data-id=\"b7642947\" data-element_type=\"container\" data-e-type=\"container\">\n\t\t\t\t<div class=\"elementor-element elementor-element-a086266 elementor-widget elementor-widget-text-editor\" data-id=\"a086266\" data-element_type=\"widget\" data-e-type=\"widget\" data-widget_type=\"text-editor.default\">\n\t\t\t\t\t\t\t\t\t<p>Eri l\u00e4hteiss\u00e4 ja taiteellisissa perinteiss\u00e4 Thor kuvataan tietyill\u00e4 toistuvilla kuvasymboleilla, jotka pysyv\u00e4t suhteellisen vakioina vuosikymmenten ja eri maantieteellisten alueiden yli. N\u00e4it\u00e4 elementtej\u00e4 ei ole valittu vain koristeellisesti tai sattumanvaraisesti, vaan niill\u00e4 on syv\u00e4 symbolinen merkitys ja suuri painoarvo.<\/p><p>Thorin tunnusmerkit muodostavat luettavan merkkij\u00e4rjestelm\u00e4n: vasara Mj\u00f6lnir kuvaa h\u00e4nen valtaansa salamaan ja ukkoseen sek\u00e4 jumalten ja ihmisten suojelemista, voimavy\u00f6 Megingj\u00f6r\u00f0 ja rautakintaat viittaavat h\u00e4nen ruumiilliseen voimaansa, ja kahden vuohipukin vet\u00e4m\u00e4 ajopeli h\u00e4nen matkoihinsa maailmojen halki. Eddan ja pohjoismaisen kuvaperinteen tunteva ihminen tunnisti n\u00e4ist\u00e4 piirteist\u00e4 v\u00e4litt\u00f6m\u00e4sti ukkosjumalan vastuualueen ja arvoasteen: s\u00e4\u00e4nhallinnan, j\u00e4ttil\u00e4isten torjumisen ja lopulta taistelun Midgardin k\u00e4\u00e4rmett\u00e4 vastaan. Jokainen yksityiskohta, punaisesta parrasta aseeseen, oli vakiintunut ja v\u00e4littyi t\u00e4llaisena sukupolvelta toiselle.<\/p>\t\t\t\t\t\t\t\t<\/div>\n\t\t\t\t<\/div>\n\t\t\t\t\t<\/div>\n\t\t\t\t<\/div>\n\t\t<div class=\"elementor-element elementor-element-709a44a8 e-flex e-con-boxed e-con e-parent\" data-id=\"709a44a8\" data-element_type=\"container\" data-e-type=\"container\">\n\t\t\t\t\t<div class=\"e-con-inner\">\n\t\t\t\t<div class=\"elementor-element elementor-element-2f585873 elementor-widget elementor-widget-heading\" data-id=\"2f585873\" data-element_type=\"widget\" data-e-type=\"widget\" data-widget_type=\"heading.default\">\n\t\t\t\t\t<h2 class=\"elementor-heading-title elementor-size-default\">Ominaispiirteet<\/h2>\t\t\t\t<\/div>\n\t\t<div class=\"elementor-element elementor-element-70621c12 e-con-full e-flex e-con e-child\" data-id=\"70621c12\" data-element_type=\"container\" data-e-type=\"container\">\n\t\t\t\t<div class=\"elementor-element elementor-element-4296eb49 elementor-widget elementor-widget-text-editor\" data-id=\"4296eb49\" data-element_type=\"widget\" data-e-type=\"widget\" data-widget_type=\"text-editor.default\">\n\t\t\t\t\t\t\t\t\t<p>Thor oli keskeinen hahmo germaanisen uskonnollisessa k\u00e4yt\u00e4nn\u00f6ss\u00e4, arkiriiteiss\u00e4 ja jokap\u00e4iv\u00e4isess\u00e4 maailmankuvassa. Ihmiset k\u00e4\u00e4ntyiv\u00e4t h\u00e4nen puoleensa kriittisiss\u00e4 tai m\u00e4\u00e4r\u00e4tyiss\u00e4 el\u00e4m\u00e4ntilanteissa tai tietyin\u00e4 rituaalisina vuodenaikoina j\u00e4sennellyin, usein monivaiheisin rituaalein, rukouksin tai uhrilahjoin.<\/p><p>Thorin palvonta seurasi vakiintuneita muotoja: uhritoimitukset, niin sanotut bl\u00f3tit, j\u00e4rjestettiin m\u00e4\u00e4r\u00e4tyiss\u00e4 tilaisuuksissa, ja niit\u00e4 johtivat godit, eli henkil\u00f6t, joilla pohjoismaisessa yhteiskunnassa oli samalla papillisia ja oikeudellisia teht\u00e4vi\u00e4. My\u00f6s vasaramerkill\u00e4 siunaaminen h\u00e4iss\u00e4 ja vihkimisiss\u00e4 ei ollut satunnainen tapa, vaan periytynyt k\u00e4yt\u00e4nt\u00f6.<\/p><p>Se, ett\u00e4 Thorin vasaran amuletteja k\u00e4ytettiin l\u00e4pi koko viikinkiajan ja asetettiin hautoihin, todistaa, kuinka vahvasti ukkosjumalalta odotettiin konkreettista apua. Thorin puoleen k\u00e4\u00e4ntyminen palveli erilaisia tarkoituksia: sen tarkoitus oli pit\u00e4\u00e4 onnettomuudet poissa tilalta ja merenkulusta, se liittyi vihkimisiin ja h\u00e4ihin siunaustoimituksena, ja vasaramerkki merkitsi siirtymi\u00e4 kuten avioliittoa tai hautaamista.<\/p>\t\t\t\t\t\t\t\t<\/div>\n\t\t\t\t<\/div>\n\t\t\t\t\t<\/div>\n\t\t\t\t<\/div>\n\t\t<div class=\"elementor-element elementor-element-44e71476 e-flex e-con-boxed e-con e-parent\" data-id=\"44e71476\" data-element_type=\"container\" data-e-type=\"container\">\n\t\t\t\t\t<div class=\"e-con-inner\">\n\t\t\t\t<div class=\"elementor-element elementor-element-3c1fc3f0 elementor-widget elementor-widget-heading\" data-id=\"3c1fc3f0\" data-element_type=\"widget\" data-e-type=\"widget\" data-widget_type=\"heading.default\">\n\t\t\t\t\t<h2 class=\"elementor-heading-title elementor-size-default\">Tietokortti: Thor<\/h2>\t\t\t\t<\/div>\n\t\t<div class=\"elementor-element elementor-element-84f33b8e e-con-full e-flex e-con e-child\" data-id=\"84f33b8e\" data-element_type=\"container\" data-e-type=\"container\">\n\t\t\t\t<div class=\"elementor-element elementor-element-hqkdc67p elementor-widget elementor-widget-text-editor\" data-id=\"hqkdc67p\" data-element_type=\"widget\" data-e-type=\"widget\" data-widget_type=\"text-editor.default\">\n\t\t\t\t\t\t\t\t\t<p>Tietokortti valottaa Thorin luonnetta kuuden ulottuvuuden kautta: h\u00e4nen myyttis-sukupolvista alkuper\u00e4\u00e4ns\u00e4, palvontak\u00e4yt\u00e4nt\u00f6j\u00e4 sotureiden ja talonpoikien keskuudessa, h\u00e4nen tunnusomaista kuvastoaan voimajumalana vasaran kanssa, <span class=\"iwg-fachbegriff\" data-tooltip=\"Jumaluuden tai voiman rukoileva tai loitsumainen puhutteleminen.\" tabindex=\"0\">avuksihuutamisen<\/span> ja jumalallisen suojan merkityst\u00e4, vertailukelpoisia hahmoja muissa indoeurooppalaisissa ja l\u00e4hialueiden kulttuureissa sek\u00e4 lopuksi synteesin h\u00e4nen roolistaan kosmisessa taistelussa kaaosta vastaan.<\/p>\t\t\t\t\t\t\t\t<\/div>\n\t\t\t\t<\/div>\n\t\t<div class=\"elementor-element elementor-element-pemmx7c5 e-con-full e-flex e-con e-child\" data-id=\"pemmx7c5\" data-element_type=\"container\" data-e-type=\"container\">\n\t\t<div class=\"elementor-element elementor-element-pemmx7c1 e-con-full e-flex e-con e-child\" data-id=\"pemmx7c1\" data-element_type=\"container\" data-e-type=\"container\">\n\t\t<div class=\"elementor-element elementor-element-qh9oavvu iwg-steckbrief-card e-flex e-con-boxed e-con e-child\" data-id=\"qh9oavvu\" data-element_type=\"container\" data-e-type=\"container\">\n\t\t\t\t\t<div class=\"e-con-inner\">\n\t\t\t\t<div class=\"elementor-element elementor-element-awzx8k2k elementor-widget elementor-widget-heading\" data-id=\"awzx8k2k\" data-element_type=\"widget\" data-e-type=\"widget\" data-widget_type=\"heading.default\">\n\t\t\t\t\t<div class=\"elementor-heading-title elementor-size-default\">Thorin alkuper\u00e4<\/div>\t\t\t\t<\/div>\n\t\t\t\t<div class=\"elementor-element elementor-element-x6rowhv0 elementor-widget elementor-widget-text-editor\" data-id=\"x6rowhv0\" data-element_type=\"widget\" data-e-type=\"widget\" data-widget_type=\"text-editor.default\">\n\t\t\t\t\t\t\t\t\t<p>Thor juontaa juurensa indoeurooppalaisista ukkosen- ja s\u00e4\u00e4jumalista (Indra, Zeus, Iuppiter). Germaanisessa <span class=\"iwg-fachbegriff\" data-tooltip=\"Kulttuurin perinteisten jumaltarinoiden kokonaisuus.\" tabindex=\"0\">mytologiassa<\/span> h\u00e4nen juurensa ajoittuvat varhaiseen esikristilliseen <span class=\"iwg-fachbegriff\" data-tooltip=\"Pronssikautta seurannut esihistoriallinen kausi, jolle ominaista raudan k\u00e4sittely.\" tabindex=\"0\">rautakauteen<\/span> (n. 500 eaa.\u20131000 jaa.).<\/p><p>Tacitus mainitsee h\u00e4nen <span class=\"iwg-fachbegriff\" data-tooltip=\"Jumaluuden tai pyh\u00e4n hahmon palvontaan liittyvien uskonnollisten toimien kokonaisuus.\" tabindex=\"0\">kulttinsa<\/span> nimell\u00e4 Donar kattien ja batavien keskuudessa. Skandinaaviset l\u00e4hteet (Edda) on kirjattu noin 1200 jaa., mutta ne s\u00e4ilytt\u00e4v\u00e4t vanhempia suullisia perinteit\u00e4. Wodanista, Donarista\/Thorista ja Tiwazista koostuva jumalkolmikko oli laajalti levinnyt Germaniassa.<\/p>\t\t\t\t\t\t\t\t<\/div>\n\t\t\t\t\t<\/div>\n\t\t\t\t<\/div>\n\t\t<div class=\"elementor-element elementor-element-8e3o4kxs iwg-steckbrief-card e-flex e-con-boxed e-con e-child\" data-id=\"8e3o4kxs\" data-element_type=\"container\" data-e-type=\"container\">\n\t\t\t\t\t<div class=\"e-con-inner\">\n\t\t\t\t<div class=\"elementor-element elementor-element-08rkdgov elementor-widget elementor-widget-heading\" data-id=\"08rkdgov\" data-element_type=\"widget\" data-e-type=\"widget\" data-widget_type=\"heading.default\">\n\t\t\t\t\t<div class=\"elementor-heading-title elementor-size-default\">Kohteet<\/div>\t\t\t\t<\/div>\n\t\t\t\t<div class=\"elementor-element elementor-element-uwjelx8s elementor-widget elementor-widget-text-editor\" data-id=\"uwjelx8s\" data-element_type=\"widget\" data-e-type=\"widget\" data-widget_type=\"text-editor.default\">\n\t\t\t\t\t\t\t\t\t<p>Sotilaat kutsuivat Thoria avukseen ennen taisteluita, talonpojat sadonkorjuun aikaan, ja h\u00e4nt\u00e4 puhuttelivat my\u00f6s merenkulkijat ja k\u00e4sity\u00f6l\u00e4iset. Erityisesti Skandinaviassa Thorin palvonta oli demokraattista: kuninkaat ja samalla vapaat talonpojat uhrasivat h\u00e4nelle.<\/p><p>Torstai (Thorsdag) oli h\u00e4nen pyh\u00e4 p\u00e4iv\u00e4ns\u00e4. Sotilaat kantoivat Mj\u00f6lnir-riipuksin varustettuja <span class=\"iwg-fachbegriff\" data-tooltip=\"Germaanisten kansojen kirjoitusmerkkej\u00e4, joita k\u00e4ytettiin my\u00f6s suoja- ja loitsukaavoissa.\" tabindex=\"0\">riimuamuletteja<\/span>. Islannissa vala Thorin <span class=\"iwg-fachbegriff\" data-tooltip=\"Koholla oleva paikka tai p\u00f6yt\u00e4 uhraamista ja uskonnollisia toimituksia varten.\" tabindex=\"0\">alttarilla<\/span> oli sitovampi kuin vala muille jumalille. Berserkr (taisteluhuumaan ly\u00f6tt\u00e4ytyneet sotilaat) pitiv\u00e4t Thoria sotilasvalan jumalanaan.<\/p>\t\t\t\t\t\t\t\t<\/div>\n\t\t\t\t\t<\/div>\n\t\t\t\t<\/div>\n\t\t<div class=\"elementor-element elementor-element-jm2n74ec iwg-steckbrief-card e-flex e-con-boxed e-con e-child\" data-id=\"jm2n74ec\" data-element_type=\"container\" data-e-type=\"container\">\n\t\t\t\t\t<div class=\"e-con-inner\">\n\t\t\t\t<div class=\"elementor-element elementor-element-8vufse4c elementor-widget elementor-widget-heading\" data-id=\"8vufse4c\" data-element_type=\"widget\" data-e-type=\"widget\" data-widget_type=\"heading.default\">\n\t\t\t\t\t<div class=\"elementor-heading-title elementor-size-default\">Thorin ulkomuoto<\/div>\t\t\t\t<\/div>\n\t\t\t\t<div class=\"elementor-element elementor-element-mwb9u015 elementor-widget elementor-widget-text-editor\" data-id=\"mwb9u015\" data-element_type=\"widget\" data-e-type=\"widget\" data-widget_type=\"text-editor.default\">\n\t\t\t\t\t\t\t\t\t<p>Thor kuvattiin suurikokoisena, parrakkaana miehen\u00e4, punaisin hiuksin ja partaa, lihaksikkaana ja voimakkaana. H\u00e4nen keskeisi\u00e4 tunnusesineit\u00e4\u00e4n ovat vasara Mj\u00f6lnir (salamaniskun ja voiman <span class=\"iwg-fachbegriff\" data-tooltip=\"Merkki, joka edustaa jotakin ajatusta tai merkityst\u00e4.\" tabindex=\"0\">symboli<\/span>), vy\u00f6 Megingj\u00f6rd (voimavy\u00f6) ja rautak\u00e4sineet.<\/p><p>Riimukirjoituksessa h\u00e4nt\u00e4 kuvattiin Thorin vasaramerkill\u00e4. Arkeologiset l\u00f6yd\u00f6t osoittavat hopeisia ja pronssisia Mj\u00f6lnir-riipuksia. Kuvastossa h\u00e4n ratsastaa vuohivaljakolla taivaan poikki ja saa aikaan ukkosen jyrin\u00e4n.<\/p>\t\t\t\t\t\t\t\t<\/div>\n\t\t\t\t\t<\/div>\n\t\t\t\t<\/div>\n\t\t\t\t<\/div>\n\t\t<div class=\"elementor-element elementor-element-pemmx7c2 e-con-full e-flex e-con e-child\" data-id=\"pemmx7c2\" data-element_type=\"container\" data-e-type=\"container\">\n\t\t<div class=\"elementor-element elementor-element-37ss2yr6 iwg-steckbrief-card e-flex e-con-boxed e-con e-child\" data-id=\"37ss2yr6\" data-element_type=\"container\" data-e-type=\"container\">\n\t\t\t\t\t<div class=\"e-con-inner\">\n\t\t\t\t<div class=\"elementor-element elementor-element-3v0wp3wx elementor-widget elementor-widget-heading\" data-id=\"3v0wp3wx\" data-element_type=\"widget\" data-e-type=\"widget\" data-widget_type=\"heading.default\">\n\t\t\t\t\t<div class=\"elementor-heading-title elementor-size-default\">Toiminta<\/div>\t\t\t\t<\/div>\n\t\t\t\t<div class=\"elementor-element elementor-element-w3247g2m elementor-widget elementor-widget-text-editor\" data-id=\"w3247g2m\" data-element_type=\"widget\" data-e-type=\"widget\" data-widget_type=\"text-editor.default\">\n\t\t\t\t\t\t\t\t\t<p>Thorille annettiin kyky heitt\u00e4\u00e4 salamoita, tuoda sadetta ja murskata vihollisia. H\u00e4nen voimansa oli poikkeuksellinen: h\u00e4n kykeni tappamaan j\u00e4ttil\u00e4isi\u00e4 ja jopa haavoittamaan Midg\u00e5rdin k\u00e4\u00e4rmett\u00e4 (tappamatta sit\u00e4 kuitenkaan, sill\u00e4 se s\u00e4ilyy hengiss\u00e4 Ragnar\u00f6kiin asti).<\/p><p>Vasaransa Mj\u00f6lnirin avulla Thor kykeni suojelemaan itse\u00e4\u00e4n ja karkottamaan vihollisensa. H\u00e4nen <span class=\"iwg-fachbegriff\" data-tooltip=\"Onnen ja suojan lupaaminen, usein vakiintuneessa kielellisess\u00e4 muodossa.\" tabindex=\"0\">siunauksensa<\/span> teki sadoista runsaat ja sodista voitollisia. Thoria vastaan suunnatut kiroukset katsottiin erityisen vakaviksi ja niiden torjuminen vaati voimakkaita vastatoimia.<\/p>\t\t\t\t\t\t\t\t<\/div>\n\t\t\t\t\t<\/div>\n\t\t\t\t<\/div>\n\t\t<div class=\"elementor-element elementor-element-0qpjal9w iwg-steckbrief-card e-flex e-con-boxed e-con e-child\" data-id=\"0qpjal9w\" data-element_type=\"container\" data-e-type=\"container\">\n\t\t\t\t\t<div class=\"e-con-inner\">\n\t\t\t\t<div class=\"elementor-element elementor-element-6ndoih0o elementor-widget elementor-widget-heading\" data-id=\"6ndoih0o\" data-element_type=\"widget\" data-e-type=\"widget\" data-widget_type=\"heading.default\">\n\t\t\t\t\t<div class=\"elementor-heading-title elementor-size-default\">Suoja<\/div>\t\t\t\t<\/div>\n\t\t\t\t<div class=\"elementor-element elementor-element-6684tyh9 elementor-widget elementor-widget-text-editor\" data-id=\"6684tyh9\" data-element_type=\"widget\" data-e-type=\"widget\" data-widget_type=\"text-editor.default\">\n\t\t\t\t\t\t\t\t\t<p>Thoria puhuteltiin <span class=\"iwg-fachbegriff\" data-tooltip=\"Jumaluuden tai voiman pyyt\u00e4v\u00e4 tai loitsiva puhutteleminen.\" tabindex=\"0\">rukouksin<\/span> ja kunnioittavassa palvonnassa, sek\u00e4 suojelijana ett\u00e4 pel\u00e4ttyn\u00e4 voimana. <span class=\"iwg-fachbegriff\" data-tooltip=\"Lahja jumaluudelle kiitoksen, pyynn\u00f6n tai kunnioituksen osoittamiseksi.\" tabindex=\"0\">Uhrilahjoina<\/span> annettiin sonneja, lampaita, hevosia ja leip\u00e4\u00e4. Ennen taisteluita sotilaat vannoivat valan Thorin <span class=\"iwg-fachbegriff\" data-tooltip=\"Koholla oleva paikka tai p\u00f6yt\u00e4 uhraamista ja uskonnollisia toimituksia varten.\" tabindex=\"0\">alttarilla<\/span>. Taloihin ripustettiin Mj\u00f6lnir-riipuksia pahojen voimien torjumiseksi.<\/p><p>Ukonilmojen aikana rukoiltiin Thorilta suojaa salamaniskuilta. Skandinavian kristillistymisen aikana pakanat pit\u00e4ytyiv\u00e4t Thorin palvonnassa, koska se oli suoraviivaisempaa ja k\u00e4sinkosketeltavampaa kuin abstraktimpi Wodan-uskonto.<\/p>\t\t\t\t\t\t\t\t<\/div>\n\t\t\t\t\t<\/div>\n\t\t\t\t<\/div>\n\t\t<div class=\"elementor-element elementor-element-3lfi7x32 iwg-steckbrief-card e-flex e-con-boxed e-con e-child\" data-id=\"3lfi7x32\" data-element_type=\"container\" data-e-type=\"container\">\n\t\t\t\t\t<div class=\"e-con-inner\">\n\t\t\t\t<div class=\"elementor-element elementor-element-0kg99ga1 elementor-widget elementor-widget-heading\" data-id=\"0kg99ga1\" data-element_type=\"widget\" data-e-type=\"widget\" data-widget_type=\"heading.default\">\n\t\t\t\t\t<div class=\"elementor-heading-title elementor-size-default\">Aiheeseen liittyv\u00e4t olennot<\/div>\t\t\t\t<\/div>\n\t\t\t\t<div class=\"elementor-element elementor-element-n0fum6kp elementor-widget elementor-widget-text-editor\" data-id=\"n0fum6kp\" data-element_type=\"widget\" data-e-type=\"widget\" data-widget_type=\"text-editor.default\">\n\t\t\t\t\t\t\t\t\t<p>Zeus\/Iuppiter ovat kreikkalais-roomalaisia vastineita, joilla on samankaltainen tunnusesine (salama, voima). Zeus on kuitenkin ensisijaisesti kuningas, Thor ensisijaisesti taistelija ja suojelija. Hindulaisuuden Indra on rakenteellisesti l\u00e4heinen vastine: sotajumala, salamoiden heitt\u00e4j\u00e4, taistelija demoneja vastaan. Kelttil\u00e4inen Taranis toteuttaa samankaltaisia teht\u00e4vi\u00e4. Slaavilaisessa <span class=\"iwg-fachbegriff\" data-tooltip=\"Uskonnon tai kulttuurin jumalten kokonaisuus.\" tabindex=\"0\">pantheonissa<\/span> Perun vastaa Thoria.<\/p>\t\t\t\t\t\t\t\t<\/div>\n\t\t\t\t\t<\/div>\n\t\t\t\t<\/div>\n\t\t\t\t<\/div>\n\t\t\t\t<\/div>\n\t\t\t\t\t<\/div>\n\t\t\t\t<\/div>\n\t\t<div class=\"elementor-element elementor-element-5a584676 e-flex e-con-boxed e-con e-parent\" data-id=\"5a584676\" data-element_type=\"container\" data-e-type=\"container\">\n\t\t\t\t\t<div class=\"e-con-inner\">\n\t\t\t\t<div class=\"elementor-element elementor-element-6d0757bf elementor-widget elementor-widget-heading\" data-id=\"6d0757bf\" data-element_type=\"widget\" data-e-type=\"widget\" data-widget_type=\"heading.default\">\n\t\t\t\t\t<h2 class=\"elementor-heading-title elementor-size-default\">Thor, vastineet muissa kulttuureissa<\/h2>\t\t\t\t<\/div>\n\t\t<div class=\"elementor-element elementor-element-60563f68 e-con-full e-flex e-con e-child\" data-id=\"60563f68\" data-element_type=\"container\" data-e-type=\"container\">\n\t\t\t\t<div class=\"elementor-element elementor-element-5a93fdd6 elementor-widget elementor-widget-text-editor\" data-id=\"5a93fdd6\" data-element_type=\"widget\" data-e-type=\"widget\" data-widget_type=\"text-editor.default\">\n\t\t\t\t\t\t\t\t\t<p>Ukkosen, myrskyn ja sodan jumalat, joiden tunnuksena on vasara, toistuvat monissa indoeurooppalaisissa mytologioissa; vertailukelpoisia hahmoja ovat esimerkiksi heettil\u00e4inen Tarhunna, vedalainen Indra tai baltialainen Perk\u016bnas, jokainen kulttuurisesti v\u00e4rittynyt, mutta toiminnallisesti sukua toisilleen.<\/p>\n<p><p><strong>Juutalainen perinne:<\/strong> Juutalaisessa <span class=\"iwg-fachbegriff\" data-tooltip=\"Tieteellinen oppi Jumalasta ja uskonnon uskosta.\" tabindex=\"0\">teologiassa<\/span> ei ole ukkosen- tai s\u00e4\u00e4jumalaa Thorin tapaan. JHWH ilmenee ukkosmyrskyss\u00e4 (<span class=\"iwg-fachbegriff\" tabindex=\"0\" data-tooltip=\"Jumaluuden ilmestyminen ihmisille; klassinen esimerkki on Siinain teofania.\">teofania<\/span> Siinailla), mutta Thor on erikoistuneempi sodank\u00e4yntiin ja suojeluun. Suoraa vastinetta ei ole, mutta rakenteellinen yht\u00e4l\u00e4isyys l\u00f6ytyy voiman ilmenemistavasta.<\/p><p><strong>Kreikkalais-roomalainen maailma:<\/strong> Zeus ja h\u00e4nen roomalainen vastineensa Iuppiter ovat l\u00e4heisimm\u00e4t vertailukohdat: salamoiden heitt\u00e4j\u00e4, kuninkaallinen valta. Zeus on kuitenkin hierarkiassa korkeammalla ja ensisijaisesti kuningas, kun Thor sen sijaan on useiden jumalten alapuolella ja h\u00e4nell\u00e4 on suojelijan rooli. Ares jakaa Thorin kanssa sotaan liittyv\u00e4t piirteet, mutta h\u00e4nell\u00e4 ei ole s\u00e4\u00e4jumalan teht\u00e4v\u00e4\u00e4.<\/p><p><strong>Mesopotamia:<\/strong> Adad\/Hadad on s\u00e4\u00e4jumala, jolla on samankaltainen salamafunktio, mutta h\u00e4n on v\u00e4hemm\u00e4n henkil\u00f6kohtainen ja dramaattinen kuin Thor. Ninurta on sotajumala, jonka taistelukertomus on vertailukelpoinen, mutta ilman ukkosen ulottuvuutta.<\/p><p><strong>Intia\/Aasia:<\/strong> Indra on vahvin vastine: sotilaskuningas, salamoiden (Vajra) heitt\u00e4j\u00e4, taistelija demoneja (Vritra) vastaan. My\u00f6hemmin Vishnu ja Shiva syrj\u00e4ytt\u00e4v\u00e4t h\u00e4net, mutta rakenteellisesti h\u00e4n pysyy samana. Buddhalaisuudessa Shakralla\/Indralla on v\u00e4h\u00e4inen merkitys, mutta h\u00e4n ei menet\u00e4 tunnusesineit\u00e4\u00e4n.<\/p>\t\t\t\t\t\t\t\t<\/div>\n\t\t\t\t<\/div>\n\t\t\t\t\t<\/div>\n\t\t\t\t<\/div>\n\t\t<div class=\"elementor-element elementor-element-cpaa94cb7 e-flex e-con-boxed e-con e-parent\" data-id=\"cpaa94cb7\" data-element_type=\"container\" data-e-type=\"container\">\n\t\t\t\t\t<div class=\"e-con-inner\">\n\t\t\t\t<div class=\"elementor-element elementor-element-cp54feb73 elementor-widget elementor-widget-heading\" data-id=\"cp54feb73\" data-element_type=\"widget\" data-e-type=\"widget\" data-widget_type=\"heading.default\">\n\t\t\t\t\t<h2 class=\"elementor-heading-title elementor-size-default\">Thorin kalastusretki Midg\u00e5rdin k\u00e4\u00e4rmett\u00e4 pyyt\u00e4m\u00e4ss\u00e4<\/h2>\t\t\t\t<\/div>\n\t\t<div class=\"elementor-element elementor-element-cp581887b e-con-full e-flex e-con e-child\" data-id=\"cp581887b\" data-element_type=\"container\" data-e-type=\"container\">\n\t\t\t\t<div class=\"elementor-element elementor-element-cpb0e0265 elementor-widget elementor-widget-text-editor\" data-id=\"cpb0e0265\" data-element_type=\"widget\" data-e-type=\"widget\" data-widget_type=\"text-editor.default\">\n\t\t\t\t\t\t\t\t\t<p>Yksi Thorin tunnetuimmista yksitt\u00e4istarinoista on h\u00e4nen kalastusretkens\u00e4, jolla h\u00e4n vet\u00e4\u00e4 maailmank\u00e4\u00e4rme J\u00f6rmungandrin merest\u00e4. <span class=\"iwg-fachbegriff\" data-tooltip=\"Perinteinen kertomus jumalista, alkuper\u00e4st\u00e4 ja maailman j\u00e4rjestyksest\u00e4.\" tabindex=\"0\">Myytti<\/span> on s\u00e4ilynyt useissa l\u00e4hteiss\u00e4: eddarunossa <em>Hymiskvi\u00f0a<\/em>, Snorri Sturlusonin <em>Prosa-Edda<\/em>-teoksessa sek\u00e4 useiden skaldirunojen, kuten \u00dalfr Uggasonin <em>H\u00fasdr\u00e1pa<\/em>n, viittauksissa.<\/p><p>Thor l\u00e4htee j\u00e4ttil\u00e4inen Hymirin luo purjehtimaan merelle h\u00e4nen kanssaan. Sy\u00f6tiksi h\u00e4n repii p\u00e4\u00e4n irti j\u00e4ttil\u00e4isen h\u00e4r\u00e4st\u00e4. Merell\u00e4 Thor soutaa kauas tavanomaisten kalastusalueiden ulkopuolelle, kunnes Hymir alkaa pel\u00e4t\u00e4.<\/p><p>Thor heitt\u00e4\u00e4 siiman h\u00e4r\u00e4n p\u00e4\u00e4 -sy\u00f6ttineen, ja Midgardin k\u00e4\u00e4rme tarttuu koukkuun. Syntyy mahtava painiottelu.<\/p><p>Thor painaa jalkansa niin voimalla veneen pohjaa vasten, ett\u00e4 ne murtavat laudoituksen ja l\u00f6yt\u00e4v\u00e4t tukea meren pohjasta. H\u00e4n vet\u00e4\u00e4 k\u00e4\u00e4rmeen yl\u00f6s, kunnes sen p\u00e4\u00e4 kohoaa laidan yli, ja t\u00e4ht\u00e4\u00e4 sit\u00e4 vasaralla.<\/p><p>T\u00e4ss\u00e4 kohtaa versiot poikkeavat toisistaan. Snorrin mukaan pel\u00e4stynyt Hymir katkaisee siiman, jolloin k\u00e4\u00e4rme vaipuu takaisin mereen; Thor ly\u00f6 turhaan tai osuu siihen vain vaivoin. Muissa viittauksissa Thor n\u00e4ytt\u00e4\u00e4 tosiasiassa suorittavan iskun.<\/p><p>Tutkimus n\u00e4kee t\u00e4ss\u00e4 jaksossa kuvallisen ennakoinnin lopullisesta kohtaamisesta maailmanlopun aikana. Useat kuvakivet, mukaan lukien l\u00f6yd\u00f6t Ruotsista, Englannista ja Tanskasta, kuvaavat kohtausta, jonka useimmiten tulkitaan t\u00e4m\u00e4n kalastusretken kuvaukseksi, mik\u00e4 osoittaa tarinan suuren tunnettuuden jo viikinkiajalla.<\/p>\t\t\t\t\t\t\t\t<\/div>\n\t\t\t\t<\/div>\n\t\t\t\t\t<\/div>\n\t\t\t\t<\/div>\n\t\t<div class=\"elementor-element elementor-element-cped84c2c e-flex e-con-boxed e-con e-parent\" data-id=\"cped84c2c\" data-element_type=\"container\" data-e-type=\"container\">\n\t\t\t\t\t<div class=\"e-con-inner\">\n\t\t\t\t<div class=\"elementor-element elementor-element-cp12f9869 elementor-widget elementor-widget-heading\" data-id=\"cp12f9869\" data-element_type=\"widget\" data-e-type=\"widget\" data-widget_type=\"heading.default\">\n\t\t\t\t\t<h2 class=\"elementor-heading-title elementor-size-default\">Mj\u00f6lnir: taontamyytti, teht\u00e4v\u00e4 ja arkeologinen n\u00e4ytt\u00f6<\/h2>\t\t\t\t<\/div>\n\t\t<div class=\"elementor-element elementor-element-cp83bbc93 e-con-full e-flex e-con e-child\" data-id=\"cp83bbc93\" data-element_type=\"container\" data-e-type=\"container\">\n\t\t\t\t<div class=\"elementor-element elementor-element-cpca15ba8 elementor-widget elementor-widget-text-editor\" data-id=\"cpca15ba8\" data-element_type=\"widget\" data-e-type=\"widget\" data-widget_type=\"text-editor.default\">\n\t\t\t\t\t\t\t\t\t<p>Thorin vasara Mj\u00f6lnir on h\u00e4nen t\u00e4rkein tunnusmerkkins\u00e4. Snorri kertoo <em>Prosa-Edda<\/em>-teoksessa, miten vasara syntyi. Loki antoi k\u00e4\u00e4pi\u00f6iden, Ivaldin poikien ja veljesten Brokkin ja Eitrin, takoa kallisarvoisia esineit\u00e4.<\/p><p>Parhaan ty\u00f6n kilpailussa Brokk ja Eitri valmistivat vasaran, mutta koska Loki k\u00e4rp\u00e4sen hahmossa h\u00e4iritsi palkeenpolkijaa, varresta tuli liian lyhyt. T\u00e4st\u00e4 puutteesta huolimatta Mj\u00f6lniri\u00e4 pidettiin arvokkaimpana teoksena, sill\u00e4 se ei koskaan ohittanut kohdettaan ja palasi heitt\u00e4j\u00e4n k\u00e4teen heiton j\u00e4lkeen.<\/p><p>Mj\u00f6lnir ei ole vain ase j\u00e4ttil\u00e4isi\u00e4 vastaan, vaan my\u00f6s <span class=\"iwg-fachbegriff\" data-tooltip=\"Rituaalinen toimitus, jolla esine, paikka tai ihminen luovutetaan uskonnollisen piirin osaksi.\" tabindex=\"0\">vihkimisen<\/span> v\u00e4line. <em>\u00derymskvi\u00f0a<\/em>-runossa vasaraa k\u00e4ytet\u00e4\u00e4n morsiamen siunaamiseen, ja muutenkin se esiintyy pyhitt\u00e4v\u00e4n\u00e4 esineen\u00e4, esimerkiksi Thorin vuohipukkien her\u00e4tt\u00e4misess\u00e4 henkiin.<\/p><p>T\u00e4m\u00e4 kaksoisteht\u00e4v\u00e4 tuhoavana ja pyhitt\u00e4v\u00e4n\u00e4 voimana on keskeinen Thorin ymm\u00e4rt\u00e4miselle.<\/p><p>Arkeologisesti Mj\u00f6lnir on todistettu lukuisilla vasarariipuksilla, pienill\u00e4 hopeasta, pronssista tai raudasta valmistetuilla amuleteilla, joita on l\u00f6ydetty ymp\u00e4ri Skandinaviaa ja viikinkien vaikutuspiiri\u00e4. Niiden levinneisyys kasvoi 900-luvulla, juuri kristillistymisen alkaessa.<\/p><p>Tutkimus tulkitsee t\u00e4m\u00e4n osin tietoisena pakanallisena tunnustuksena kristillist\u00e4 risti\u00e4 vastaan. Erityisen havainnollisesti t\u00e4m\u00e4n ajan uskonnollisen rinnakkaiselon osoittaa Tanskasta l\u00f6ydetty valumuotti, jossa voitiin valmistaa rinnakkain risti- ja vasaramuotoisia esineit\u00e4.<\/p>\t\t\t\t\t\t\t\t<\/div>\n\t\t\t\t<\/div>\n\t\t\t\t\t<\/div>\n\t\t\t\t<\/div>\n\t\t<div class=\"elementor-element elementor-element-cp9b6b7d4 e-flex e-con-boxed e-con e-parent\" data-id=\"cp9b6b7d4\" data-element_type=\"container\" data-e-type=\"container\">\n\t\t\t\t\t<div class=\"e-con-inner\">\n\t\t\t\t<div class=\"elementor-element elementor-element-cp42a88ae elementor-widget elementor-widget-heading\" data-id=\"cp42a88ae\" data-element_type=\"widget\" data-e-type=\"widget\" data-widget_type=\"heading.default\">\n\t\t\t\t\t<h2 class=\"elementor-heading-title elementor-size-default\">Thor viikinkiajan uskonnollisessa k\u00e4yt\u00e4nn\u00f6ss\u00e4<\/h2>\t\t\t\t<\/div>\n\t\t<div class=\"elementor-element elementor-element-cp1f657a0 e-con-full e-flex e-con e-child\" data-id=\"cp1f657a0\" data-element_type=\"container\" data-e-type=\"container\">\n\t\t\t\t<div class=\"elementor-element elementor-element-cp07126b7 elementor-widget elementor-widget-text-editor\" data-id=\"cp07126b7\" data-element_type=\"widget\" data-e-type=\"widget\" data-widget_type=\"text-editor.default\">\n\t\t\t\t\t\t\t\t\t<p>Thor ei ollut kaukainen jumala, vaan arjessa laajasti palvottu <span class=\"iwg-fachbegriff\" data-tooltip=\"Uskonnon sis\u00e4ll\u00e4 jumalallisena palvottu olento.\" tabindex=\"0\">jumaluus<\/span>, mahdollisesti suosituin talonpoikien ja tavallisten vapaiden miesten keskuudessa. T\u00e4h\u00e4n viittaavat useat l\u00f6yd\u00f6kset.<\/p><p>Ensiksi henkil\u00f6nnimet: nimet, jotka on muodostettu Thor-elementill\u00e4, kuten Thorsteinn, Thorgeirr tai Thorger\u00f0r, kuuluvat muinaisnorjalaisen <span class=\"iwg-fachbegriff\" data-tooltip=\"Tiedon ja kertomusten v\u00e4litt\u00e4minen sukupolvien yli.\" tabindex=\"0\">perinteen<\/span> yleisimpiin. Toiseksi paikannimet: Norjassa, Ruotsissa, Tanskassa ja pohjoismaisten asuttamilla alueilla on lukuisia paikkoja, joiden nimi viittaa Thor-<span class=\"iwg-fachbegriff\" data-tooltip=\"Jumaluuden tai pyh\u00e4n hahmon palvontaan liittyvien toimien kokonaisuus.\" tabindex=\"0\">kulttiin<\/span>.<\/p><p>Islantilaiset saagat, erityisesti <em>Eyrbyggja saga<\/em> ja <em>Landn\u00e1mab\u00f3k<\/em>, kuvaavat asukkaita, jotka olivat erityisen antaumuksellisia Thorille, vihkiv\u00e4t h\u00e4nelle <span class=\"iwg-fachbegriff\" data-tooltip=\"Rakennus, joka on tarkoitettu yhden tai useamman jumaluuden palvomiseen.\" tabindex=\"0\">temppelin<\/span> tai heittiv\u00e4t h\u00e4nen puupilarinsa mereen l\u00f6yt\u00e4\u00e4kseen h\u00e4nen m\u00e4\u00e4r\u00e4\u00e4m\u00e4ns\u00e4 asuinpaikan. N\u00e4it\u00e4 kertomuksia on kuitenkin syyt\u00e4 lukea varauksella, koska ne ovat my\u00f6h\u00e4isi\u00e4 ja kristillisesti muunneltuja.<\/p><p>Adam Bremenilainen kuvaa 1000-luvulla Uppsalan <span class=\"iwg-fachbegriff\" data-tooltip=\"Rakennus, joka on tarkoitettu yhden tai useamman jumaluuden palvomiseen.\" tabindex=\"0\">temppeli\u00e4<\/span> ja asettaa Thorin siell\u00e4 Wodanin ja Friccon v\u00e4liin; Thor hallitsee ukkosta, tuulta, sadetta, hyv\u00e4\u00e4 s\u00e4\u00e4t\u00e4 ja satoa.<\/p><p>Vaikka Adamin kertomus on kristillisest\u00e4 ulkopuolisesta n\u00e4k\u00f6kulmasta ja ei kaikilta osin luotettava, se vahvistaa Thorin merkityksen s\u00e4\u00e4lle ja sadolle, siis maanviljelij\u00e4v\u00e4est\u00f6n elinehdoille.<\/p><p>Uskontotieteellisesti hahmottuu kuva jumalasta, joka liittyi v\u00e4hemm\u00e4n valtaan ja sotaan kuin suojeluun, j\u00e4rjestykseen ja hedelm\u00e4llisyyteen, talon ja yhteis\u00f6n jumalasta.<\/p>\t\t\t\t\t\t\t\t<\/div>\n\t\t\t\t<\/div>\n\t\t\t\t\t<\/div>\n\t\t\t\t<\/div>\n\t\t<div class=\"elementor-element elementor-element-cp8e4387d e-flex e-con-boxed e-con e-parent\" data-id=\"cp8e4387d\" data-element_type=\"container\" data-e-type=\"container\">\n\t\t\t\t\t<div class=\"e-con-inner\">\n\t\t\t\t<div class=\"elementor-element elementor-element-cp6d78bd4 elementor-widget elementor-widget-heading\" data-id=\"cp6d78bd4\" data-element_type=\"widget\" data-e-type=\"widget\" data-widget_type=\"heading.default\">\n\t\t\t\t\t<h2 class=\"elementor-heading-title elementor-size-default\">Ukkosenjumala indoeurooppalaisessa vertailussa<\/h2>\t\t\t\t<\/div>\n\t\t<div class=\"elementor-element elementor-element-cpfaac837 e-con-full e-flex e-con e-child\" data-id=\"cpfaac837\" data-element_type=\"container\" data-e-type=\"container\">\n\t\t\t\t<div class=\"elementor-element elementor-element-cpc407166 elementor-widget elementor-widget-text-editor\" data-id=\"cpc407166\" data-element_type=\"widget\" data-e-type=\"widget\" data-widget_type=\"text-editor.default\">\n\t\t\t\t\t\t\t\t\t<p>Thor voidaan sijoittaa indoeurooppalaisen kielikunnan laajaan ukkosjumalien joukkoon, ja t\u00e4m\u00e4 on askarruttanut vertailevaa <span class=\"iwg-fachbegriff\" data-tooltip=\"Tiede, joka tutkii uskontoja vertailevasti ja sitoutumatta itse mihink\u00e4\u00e4n uskoon.\" tabindex=\"0\">uskontotiedett\u00e4<\/span> 1800-luvulta l\u00e4htien. Sukua olevia hahmoja ovat muun muassa baltialainen Perk\u016bnas, slaavilainen Perun, vedalainen Indra ja osin my\u00f6s kreikkalainen Zeus, silloin kun t\u00e4m\u00e4 esiintyy ukkosenjumalana.<\/p><p>Useat tutkijat, muun muassa Georges Dum\u00e9zil kolmen sosiaalisen funktion teoriansa puitteissa, ovat sijoittaneet Thorin &#8220;sotaisaan&#8221; tai &#8220;suojelevaan&#8221; funktioon. Toiset korostavat enemm\u00e4n lohik\u00e4\u00e4rme- tai k\u00e4\u00e4rmetaistelun yhteist\u00e4 <span class=\"iwg-fachbegriff\" data-tooltip=\"Taiteessa tai kerronnassa toistuva sis\u00e4ll\u00f6llinen aihe.\" tabindex=\"0\">motiivia<\/span>, joka liittyy monissa indoeurooppalaisissa perinteiss\u00e4 ukkosenjumalaan. Thorin vastakkainasettelu Midgardin k\u00e4\u00e4rmeen kanssa sopii t\u00e4h\u00e4n kuvioon.<\/p><p>My\u00f6s kielelliset seikat viittaavat samaan suuntaan. Nimi Thor, muinaisnorjaksi <em>\u00de\u00f3rr<\/em>, muinaisyl\u00e4saksaksi <em>Donar<\/em>, muinaisenglanniksi <em>\u00deunor<\/em>, palautuu yhteisgermaaniseen sanaan, joka merkitsee &#8220;ukkosta&#8221;.<\/p><p>Latinankielisen viikonp\u00e4iv\u00e4n nimen <em>dies Iovis<\/em>, Jupiterin p\u00e4iv\u00e4, k\u00e4\u00e4ntyminen torstaiksi, englanniksi <em>Thursday<\/em>, osoittaa, ett\u00e4 antiikin ja keskiajan oppineet rinnastivat Thorin Jupiteriin, korkeimpaan roomalaiseen jumalaan ja ukkosen herraan.<\/p><p>N\u00e4iden vertailujen uskottavuudesta huolimatta uudempi tutkimus kehottaa varovaisuuteen. Yhteiset motiivit voivat johtua yhteisest\u00e4 alkuper\u00e4st\u00e4, mutta yht\u00e4 hyvin my\u00f6hemm\u00e4st\u00e4 lainaamisesta tai toisistaan riippumattomasta rinnakkaiskehityksest\u00e4. Yhten\u00e4isen &#8220;kantaindoeurooppalaisen ukkosenjumalan&#8221; rekonstruktio j\u00e4\u00e4 siksi hypoteesiksi, joka selitt\u00e4\u00e4 yksitt\u00e4isi\u00e4 yht\u00e4l\u00e4isyyksi\u00e4, mutta ei kaikkia Thorin erityispiirteit\u00e4.<\/p>\t\t\t\t\t\t\t\t<\/div>\n\t\t\t\t<\/div>\n\t\t\t\t\t<\/div>\n\t\t\t\t<\/div>\n\t\t<div class=\"elementor-element elementor-element-cpe7dfbd0 e-flex e-con-boxed e-con e-parent\" data-id=\"cpe7dfbd0\" data-element_type=\"container\" data-e-type=\"container\">\n\t\t\t\t\t<div class=\"e-con-inner\">\n\t\t\t\t<div class=\"elementor-element elementor-element-cpdf20168 elementor-widget elementor-widget-heading\" data-id=\"cpdf20168\" data-element_type=\"widget\" data-e-type=\"widget\" data-widget_type=\"heading.default\">\n\t\t\t\t\t<h2 class=\"elementor-heading-title elementor-size-default\">Pakanajumalasta populaarikulttuuriin: vastaanottohistoria<\/h2>\t\t\t\t<\/div>\n\t\t<div class=\"elementor-element elementor-element-cpf86863a e-con-full e-flex e-con e-child\" data-id=\"cpf86863a\" data-element_type=\"container\" data-e-type=\"container\">\n\t\t\t\t<div class=\"elementor-element elementor-element-cp5a46695 elementor-widget elementor-widget-text-editor\" data-id=\"cp5a46695\" data-element_type=\"widget\" data-e-type=\"widget\" data-widget_type=\"text-editor.default\">\n\t\t\t\t\t\t\t\t\t<p>Skandinavian kristillistymisen j\u00e4lkeen Thorin <span class=\"iwg-fachbegriff\" data-tooltip=\"Jumaluuden tai pyh\u00e4n hahmon palvontaan liittyvien toimien kokonaisuus.\" tabindex=\"0\">kultti<\/span> hiipui, mutta kertomukset s\u00e4ilyiv\u00e4t islantilaisen kirjallisen kulttuurin ansiosta. Snorri Sturluson kirjoitti <em>Prosa-Eddansa<\/em> 1200-luvulla kristittyn\u00e4 oppineena, joka halusi s\u00e4ilytt\u00e4\u00e4 vanhan tiedon runoutta varten. Ilman t\u00e4t\u00e4 teosta ja k\u00e4sikirjoituksina s\u00e4ilynytt\u00e4 <em>Runo-Eddaa<\/em> suurin osa Thor-myyteist\u00e4 olisi kadonnut.<\/p><p>Laaja uudelleenl\u00f6yt\u00e4minen alkoi 1700-luvun lopun ja 1800-luvun romantiikan my\u00f6t\u00e4. Skandinaviassa ja Saksassa runoilijat ja oppineet tarttuivat pohjoismaiseen <span class=\"iwg-fachbegriff\" data-tooltip=\"Kulttuurin perinteisten jumaltarinoiden kokonaisuus.\" tabindex=\"0\">mytologiaan<\/span>.<\/p><p>Tanskalainen runoilija Adam Oehlenschl\u00e4ger omisti Thorille s\u00e4keit\u00e4, ja Saksassa muun muassa Jacob Grimm k\u00e4sitteli Donaria laajasti teoksessaan <em>Deutsche <span class=\"iwg-fachbegriff\" data-tooltip=\"Kulttuurin perinteisten jumaltarinoiden kokonaisuus.\" tabindex=\"0\">Mythologie<\/span><\/em>. T\u00e4m\u00e4 vastaanotto ei ollut vapaa kansallisista ja ideologisista lataumista, jotka 1900-luvulla ajoittain k\u00e4\u00e4ntyiv\u00e4t vaarallisiksi, kun kansalliskiihkoiset ja kansallissosialistiset piirit ottivat germaaniset symbolit omaan k\u00e4ytt\u00f6\u00f6ns\u00e4.<\/p><p>1900- ja 2000-luvulla Thor tuli maailmanlaajuisesti tunnetuksi ennen kaikkea yhdysvaltalaisen Marvel-kustantamon sarjakuvasovituksen kautta vuodesta 1962 alkaen ja niiden my\u00f6hempien elokuvasovitusten my\u00f6t\u00e4. T\u00e4m\u00e4 populaariversio poikkeaa voimakkaasti keskiaikaisista l\u00e4hteist\u00e4; se tekee punapartaisesta talonpoikaisjumalasta vaaleatukkaisen, nuorekkaan sankarin ja keksii lukuisia uusia juonenk\u00e4\u00e4nteit\u00e4.<\/p><p>Tieteellisesti t\u00e4t\u00e4 linjaa on syyt\u00e4 k\u00e4sitell\u00e4 v\u00e4hemm\u00e4n <span class=\"iwg-fachbegriff\" data-tooltip=\"Tiedon ja kertomusten v\u00e4littyminen sukupolvelta toiselle.\" tabindex=\"0\">perinteen\u00e4<\/span> kuin itsen\u00e4isen\u00e4 nykyaikaisena myyttiaineistona. Samalla 1900-luvun lopulta l\u00e4htien on ollut uuspakanallisia liikkeit\u00e4, jotka palvovat Thoria uudelleen uskonnollisesti. Lis\u00e4\u00e4 t\u00e4st\u00e4 <span class=\"iwg-fachbegriff\" data-tooltip=\"Uskonnon tai kulttuurin jumalten kokonaisuus.\" tabindex=\"0\">pantheonista<\/span> kiinnostuneet l\u00f6yt\u00e4v\u00e4t lis\u00e4\u00e4 tietoa <a href=\"https:\/\/iwell-guard.com\/fi\/?page_id=143948\">Odinista<\/a> ja <a href=\"https:\/\/iwell-guard.com\/fi\/?page_id=143997\">Lokista<\/a> kertovista artikkeleista.<\/p>\t\t\t\t\t\t\t\t<\/div>\n\t\t\t\t<\/div>\n\t\t\t\t\t<\/div>\n\t\t\t\t<\/div>\n\t\t<div class=\"elementor-element elementor-element-36dd7469 e-flex e-con-boxed e-con e-parent\" data-id=\"36dd7469\" data-element_type=\"container\" data-e-type=\"container\">\n\t\t\t\t\t<div class=\"e-con-inner\">\n\t\t\t\t<div class=\"elementor-element elementor-element-13760ab4 elementor-widget elementor-widget-heading\" data-id=\"13760ab4\" data-element_type=\"widget\" data-e-type=\"widget\" data-widget_type=\"heading.default\">\n\t\t\t\t\t<h2 class=\"elementor-heading-title elementor-size-default\">Aiheeseen liittyv\u00e4t linkit<\/h2>\t\t\t\t<\/div>\n\t\t<div class=\"elementor-element elementor-element-28c87796 e-con-full e-flex e-con e-child\" data-id=\"28c87796\" data-element_type=\"container\" data-e-type=\"container\">\n\t\t\t\t<div class=\"elementor-element elementor-element-5d6538df elementor-widget elementor-widget-text-editor\" data-id=\"5d6538df\" data-element_type=\"widget\" data-e-type=\"widget\" data-widget_type=\"text-editor.default\">\n\t\t\t\t\t\t\t\t\t<p>Suositellut sis\u00e4iset linkit t\u00e4lle sivulle:<\/p><ul><li><a href=\"https:\/\/iwell-guard.com\/fi\/?page_id=143849\">Germaaninen<\/a> (yl\u00e4tason kulttuurisivu)<\/li><li><a href=\"https:\/\/iwell-guard.com\/fi\/?page_id=143948\">Odin<\/a> (asojen <span class=\"iwg-fachbegriff\" data-tooltip=\"Uskonnon tai kulttuurin jumalten kokonaisuus.\" tabindex=\"0\">pantheonin<\/span> p\u00e4\u00e4hahmo)<\/li><li><a href=\"https:\/\/iwell-guard.com\/fi\/?page_id=144049\">Freyja<\/a> (vaanien edustaja ja sisar-funktio <span class=\"iwg-fachbegriff\" data-tooltip=\"Uskonnon tai kulttuurin jumalten kokonaisuus.\" tabindex=\"0\">pantheonissa<\/span>)<\/li><li><a href=\"https:\/\/iwell-guard.com\/fi\/?page_id=143942\">Korkeat jumaluudet<\/a> (luokkakatsaus)<\/li><\/ul>\t\t\t\t\t\t\t\t<\/div>\n\t\t\t\t<\/div>\n\t\t\t\t\t<\/div>\n\t\t\t\t<\/div>\n\t\t<div class=\"elementor-element elementor-element-grl4kl40 e-flex e-con-boxed e-con e-parent\" data-id=\"grl4kl40\" data-element_type=\"container\" data-e-type=\"container\">\n\t\t\t\t\t<div class=\"e-con-inner\">\n\t\t\t\t<div class=\"elementor-element elementor-element-bzsbfrmh elementor-widget elementor-widget-heading\" data-id=\"bzsbfrmh\" data-element_type=\"widget\" data-e-type=\"widget\" data-widget_type=\"heading.default\">\n\t\t\t\t\t<h2 class=\"elementor-heading-title elementor-size-default\">Tutkimuskirjallisuus<\/h2>\t\t\t\t<\/div>\n\t\t<div class=\"elementor-element elementor-element-2c13224a e-con-full e-flex e-con e-child\" data-id=\"2c13224a\" data-element_type=\"container\" data-e-type=\"container\">\n\t\t\t\t<div class=\"elementor-element elementor-element-0eymh9ub elementor-widget elementor-widget-text-editor\" data-id=\"0eymh9ub\" data-element_type=\"widget\" data-e-type=\"widget\" data-widget_type=\"text-editor.default\">\n\t\t\t\t\t\t\t\t\t<footer class=\"iwg-literatur\" data-nosnippet=\"true\"><p>L\u00e4hteet Thoriin:<\/p><ul><li><span data-nosnippet><span class=\"iwg-fachbegriff\" tabindex=\"0\" data-tooltip=\"Islantilainen oppinut (1179\u20131241); Prosa-Eddan ja Heimskringlan kirjoittaja.\">Snorri Sturluson<\/span>: <em>Edda. Die Geschichten aus der nordischen <span class=\"iwg-fachbegriff\" data-tooltip=\"Kulttuurin perinteisten jumaltarinoiden kokonaisuus.\" tabindex=\"0\">Mythologie<\/span>.<\/em> \u00dcbers. von Arnulf Krause. Reclam, Stuttgart 1997.<\/span><\/li><li><span data-nosnippet>Simek, Rudolf: <em>Lexikon der germanischen <span class=\"iwg-fachbegriff\" data-tooltip=\"Kulttuurin perinteisten jumaltarinoiden kokonaisuus.\" tabindex=\"0\">Mythologie<\/span>.<\/em> 3. v\u00f6llig \u00fcberarbeitete Aufl. Kr\u00f6ner, Stuttgart 2006.<\/span><\/li><\/ul><\/footer>\n<p class=\"iwg-bib-more\"><span data-nosnippet>Lis\u00e4\u00e4 perusteoksia <a href=\"https:\/\/iwell-guard.com\/fi\/?page_id=143965\">kirjallisuusluettelossa<\/a>.<\/span><\/p>\t\t\t\t\t\t\t\t<\/div>\n\t\t\t\t<\/div>\n\t\t\t\t\t<\/div>\n\t\t\t\t<\/div>\n\t\t\t\t<\/div>\n\t\t","protected":false},"excerpt":{"rendered":"","protected":false},"author":3,"featured_media":1573,"parent":0,"menu_order":0,"comment_status":"closed","ping_status":"closed","template":"elementor_header_footer","meta":{"_yoast_wpseo_focuskw":"Thor","_yoast_wpseo_title":"Thor \u2013 ukkosen ja suojelun jumala","_yoast_wpseo_metadesc":"Thor, Mj\u00f6lnir-vasaran ukkosjumala: Midgardin suojelija, h\u00e4nen arkip\u00e4iv\u00e4inen palvontansa Pohjolassa ja perint\u00f6 nykyp\u00e4iv\u00e4\u00e4n asti.","_yoast_wpseo_meta-robots-noindex":"","_yoast_wpseo_canonical":"","_angie_page":false,"gefaehrdungsstufe":"3","wesen_kultur":"germanisch","wesen_klasse":"goetter","footnotes":""},"categories":[],"class_list":["post-144050","page","type-page","status-publish","has-post-thumbnail","hentry"],"yoast_head":"<!-- This site is optimized with the Yoast SEO Premium plugin v27.7 (Yoast SEO v28.3) - https:\/\/yoast.com\/product\/yoast-seo-premium-wordpress\/ -->\n<title>Thor \u2013 ukkosen ja suojelun jumala<\/title>\n<meta name=\"description\" content=\"Thor, Mj\u00f6lnir-vasaran ukkosjumala: Midgardin suojelija, h\u00e4nen arkip\u00e4iv\u00e4inen palvontansa Pohjolassa ja perint\u00f6 nykyp\u00e4iv\u00e4\u00e4n asti.\" \/>\n<meta name=\"robots\" content=\"index, follow, max-snippet:-1, max-image-preview:large, max-video-preview:-1\" \/>\n<link rel=\"canonical\" href=\"https:\/\/iwell-guard.com\/fi\/thor\/\" \/>\n<meta property=\"og:locale\" content=\"fi_FI\" \/>\n<meta property=\"og:type\" content=\"article\" \/>\n<meta property=\"og:title\" content=\"Thor\" \/>\n<meta property=\"og:description\" content=\"Thor, Mj\u00f6lnir-vasaran ukkosjumala: Midgardin suojelija, h\u00e4nen arkip\u00e4iv\u00e4inen palvontansa Pohjolassa ja perint\u00f6 nykyp\u00e4iv\u00e4\u00e4n asti.\" \/>\n<meta property=\"og:url\" content=\"https:\/\/iwell-guard.com\/fi\/thor\/\" \/>\n<meta property=\"og:site_name\" content=\"iWell Guard\" \/>\n<meta property=\"article:modified_time\" content=\"2026-09-03T12:49:34+00:00\" \/>\n<meta property=\"og:image\" content=\"https:\/\/iwell-guard.com\/wp-content\/uploads\/2026\/04\/goetter_germanisch_thor.webp\" \/>\n\t<meta property=\"og:image:width\" content=\"1024\" \/>\n\t<meta property=\"og:image:height\" content=\"1536\" \/>\n\t<meta property=\"og:image:type\" content=\"image\/webp\" \/>\n<meta name=\"twitter:card\" content=\"summary_large_image\" \/>\n<script type=\"application\/ld+json\" class=\"yoast-schema-graph\">{\"@context\":\"https:\\\/\\\/schema.org\",\"@graph\":[{\"@type\":\"WebPage\",\"@id\":\"https:\\\/\\\/iwell-guard.com\\\/fi\\\/thor\\\/\",\"url\":\"https:\\\/\\\/iwell-guard.com\\\/fi\\\/thor\\\/\",\"name\":\"Thor \u2013 ukkosen ja suojelun jumala\",\"isPartOf\":{\"@id\":\"https:\\\/\\\/iwell-guard.com\\\/fi\\\/#website\"},\"primaryImageOfPage\":{\"@id\":\"https:\\\/\\\/iwell-guard.com\\\/fi\\\/thor\\\/#primaryimage\"},\"image\":{\"@id\":\"https:\\\/\\\/iwell-guard.com\\\/fi\\\/thor\\\/#primaryimage\"},\"thumbnailUrl\":\"https:\\\/\\\/iwell-guard.com\\\/wp-content\\\/uploads\\\/2026\\\/04\\\/goetter_germanisch_thor.webp\",\"datePublished\":\"2026-09-03T12:31:26+00:00\",\"dateModified\":\"2026-09-03T12:49:34+00:00\",\"description\":\"Thor, Mj\u00f6lnir-vasaran ukkosjumala: Midgardin suojelija, h\u00e4nen arkip\u00e4iv\u00e4inen palvontansa Pohjolassa ja perint\u00f6 nykyp\u00e4iv\u00e4\u00e4n asti.\",\"breadcrumb\":{\"@id\":\"https:\\\/\\\/iwell-guard.com\\\/fi\\\/thor\\\/#breadcrumb\"},\"inLanguage\":\"fi\",\"potentialAction\":[{\"@type\":\"ReadAction\",\"target\":[\"https:\\\/\\\/iwell-guard.com\\\/fi\\\/thor\\\/\"]}]},{\"@type\":\"ImageObject\",\"inLanguage\":\"fi\",\"@id\":\"https:\\\/\\\/iwell-guard.com\\\/fi\\\/thor\\\/#primaryimage\",\"url\":\"https:\\\/\\\/iwell-guard.com\\\/wp-content\\\/uploads\\\/2026\\\/04\\\/goetter_germanisch_thor.webp\",\"contentUrl\":\"https:\\\/\\\/iwell-guard.com\\\/wp-content\\\/uploads\\\/2026\\\/04\\\/goetter_germanisch_thor.webp\",\"width\":1024,\"height\":1536,\"caption\":\"Jumalia germaanisesta perinteest\u00e4.\"},{\"@type\":\"BreadcrumbList\",\"@id\":\"https:\\\/\\\/iwell-guard.com\\\/fi\\\/thor\\\/#breadcrumb\",\"itemListElement\":[{\"@type\":\"ListItem\",\"position\":1,\"name\":\"Start\",\"item\":\"https:\\\/\\\/iwell-guard.com\\\/fi\\\/?page_id=143815\"},{\"@type\":\"ListItem\",\"position\":2,\"name\":\"Thor\"}]},{\"@type\":\"WebSite\",\"@id\":\"https:\\\/\\\/iwell-guard.com\\\/fi\\\/#website\",\"url\":\"https:\\\/\\\/iwell-guard.com\\\/fi\\\/\",\"name\":\"iWell Guard\",\"description\":\"Schutz vor dunklen Einfl\u00fcssen\",\"publisher\":{\"@id\":\"https:\\\/\\\/iwell-guard.com\\\/fi\\\/#organization\"},\"potentialAction\":[{\"@type\":\"SearchAction\",\"target\":{\"@type\":\"EntryPoint\",\"urlTemplate\":\"https:\\\/\\\/iwell-guard.com\\\/fi\\\/?s={search_term_string}\"},\"query-input\":{\"@type\":\"PropertyValueSpecification\",\"valueRequired\":true,\"valueName\":\"search_term_string\"}}],\"inLanguage\":\"fi\"},{\"@type\":\"Organization\",\"@id\":\"https:\\\/\\\/iwell-guard.com\\\/fi\\\/#organization\",\"name\":\"Ittermann electronic GmbH\",\"url\":\"https:\\\/\\\/iwell-guard.com\\\/fi\\\/\",\"logo\":{\"@type\":\"ImageObject\",\"inLanguage\":\"fi\",\"@id\":\"https:\\\/\\\/iwell-guard.com\\\/fi\\\/#\\\/schema\\\/logo\\\/image\\\/\",\"url\":\"https:\\\/\\\/iwell-guard.com\\\/wp-content\\\/uploads\\\/2026\\\/05\\\/Ittermann-Logo-1182x237-1.png\",\"contentUrl\":\"https:\\\/\\\/iwell-guard.com\\\/wp-content\\\/uploads\\\/2026\\\/05\\\/Ittermann-Logo-1182x237-1.png\",\"width\":1182,\"height\":237,\"caption\":\"Ittermann electronic GmbH\"},\"image\":{\"@id\":\"https:\\\/\\\/iwell-guard.com\\\/fi\\\/#\\\/schema\\\/logo\\\/image\\\/\"},\"sameAs\":[\"https:\\\/\\\/pantip.com\\\/profile\\\/9367242\",\"https:\\\/\\\/micro.blog\\\/iwellguard\",\"https:\\\/\\\/www.diggerslist.com\\\/iwellguard\\\/about\",\"https:\\\/\\\/skitterphoto.com\\\/photographers\\\/2870314\\\/iwell-guard\",\"https:\\\/\\\/iwellguard.wordpress.com\\\/2026\\\/06\\\/06\\\/iwell-guard\\\/\",\"https:\\\/\\\/hub.docker.com\\\/u\\\/iwellguard\",\"https:\\\/\\\/www.pinterest.com\\\/iwellguard\\\/\",\"https:\\\/\\\/bit.ly\\\/m\\\/iwellguard\",\"https:\\\/\\\/entre-vos-mains.alsace.eu\\\/profiles\\\/iwellguard\\\/activity\",\"https:\\\/\\\/gravatar.com\\\/reallybeded8fd34\",\"https:\\\/\\\/naijamatta.com\\\/iwellguard\",\"https:\\\/\\\/www.goodreads.com\\\/iwellguard\",\"https:\\\/\\\/profile.hatena.ne.jp\\\/iwellguard\\\/\",\"https:\\\/\\\/experiment.com\\\/users\\\/iwellguard\",\"https:\\\/\\\/wakelet.com\\\/@iWellGuard82270\",\"https:\\\/\\\/www.chordie.com\\\/forum\\\/profile.php?id=2555664\",\"https:\\\/\\\/www.instapaper.com\\\/p\\\/17757966\",\"https:\\\/\\\/www.mapleprimes.com\\\/users\\\/iwellguard\",\"https:\\\/\\\/businesslistingplus.com\\\/profile\\\/iwell-guard\\\/\",\"https:\\\/\\\/telegra.ph\\\/iWell-Guard-06-06\",\"https:\\\/\\\/pbase.com\\\/iwellguard\\\/iwellguard\",\"https:\\\/\\\/b.hatena.ne.jp\\\/iwellguard\\\/20260607#bookmark-4788405196491818882\",\"https:\\\/\\\/fliphtml5.com\\\/home\\\/iwellguard\",\"https:\\\/\\\/anyflip.com\\\/homepage\\\/cmiwl#About\",\"https:\\\/\\\/transfur.com\\\/Users\\\/iwellguard\",\"http:\\\/\\\/delphi.larsbo.org\\\/user\\\/iwellguard\",\"https:\\\/\\\/jobs.lajobsportal.org\\\/profiles\\\/8380803-iwell-guard\",\"https:\\\/\\\/md.chaosdorf.de\\\/s\\\/jfbe5SBdJD\",\"https:\\\/\\\/www.lingvolive.com\\\/en-us\\\/profile\\\/9ecaeaca-ce11-4e51-9e71-01d55e2bff36\\\/translations\",\"https:\\\/\\\/www.fitday.com\\\/fitness\\\/forums\\\/members\\\/iwellguard.html\",\"https:\\\/\\\/www.mymeetbook.com\\\/iwellguard\",\"https:\\\/\\\/pxhere.com\\\/en\\\/photographer-me\\\/5040798\",\"https:\\\/\\\/disqus.com\\\/by\\\/iwellguard\\\/about\\\/\",\"https:\\\/\\\/pastelink.net\\\/hjwciqwq\",\"https:\\\/\\\/pubhtml5.com\\\/homepage\\\/scjhn\\\/\",\"https:\\\/\\\/www.bitchute.com\\\/channel\\\/2O2eOKzNqujT\",\"https:\\\/\\\/audiomack.com\\\/iwellguard\"]},{\"@type\":\"Article\",\"@id\":\"https:\\\/\\\/iwell-guard.com\\\/fi\\\/thor\\\/#article\",\"isPartOf\":{\"@id\":\"https:\\\/\\\/iwell-guard.com\\\/fi\\\/thor\\\/\"},\"author\":{\"name\":\"Ralf Ittermann\",\"@id\":\"https:\\\/\\\/iwell-guard.com\\\/fi\\\/#\\\/schema\\\/person\\\/ee2a27f1cac3406c7c6fb5820cb7349f\"},\"headline\":\"Thor\",\"datePublished\":\"2026-09-03T12:31:26+00:00\",\"dateModified\":\"2026-09-03T12:49:34+00:00\",\"mainEntityOfPage\":{\"@id\":\"https:\\\/\\\/iwell-guard.com\\\/fi\\\/thor\\\/\"},\"publisher\":{\"@id\":\"https:\\\/\\\/iwell-guard.com\\\/fi\\\/#organization\"},\"image\":{\"@id\":\"https:\\\/\\\/iwell-guard.com\\\/fi\\\/thor\\\/#primaryimage\"},\"thumbnailUrl\":\"https:\\\/\\\/iwell-guard.com\\\/wp-content\\\/uploads\\\/2026\\\/04\\\/goetter_germanisch_thor.webp\",\"inLanguage\":\"fi\",\"description\":\"Thor, Mj\u00f6lnir-vasaran ukkosjumala: Midgardin suojelija, h\u00e4nen arkip\u00e4iv\u00e4inen palvontansa Pohjolassa ja perint\u00f6 nykyp\u00e4iv\u00e4\u00e4n asti.\"}]}<\/script>\n<!-- \/ Yoast SEO Premium plugin. -->","yoast_head_json":{"title":"Thor \u2013 ukkosen ja suojelun jumala","description":"Thor, Mj\u00f6lnir-vasaran ukkosjumala: Midgardin suojelija, h\u00e4nen arkip\u00e4iv\u00e4inen palvontansa Pohjolassa ja perint\u00f6 nykyp\u00e4iv\u00e4\u00e4n asti.","robots":{"index":"index","follow":"follow","max-snippet":"max-snippet:-1","max-image-preview":"max-image-preview:large","max-video-preview":"max-video-preview:-1"},"canonical":"https:\/\/iwell-guard.com\/fi\/thor\/","og_locale":"fi_FI","og_type":"article","og_title":"Thor","og_description":"Thor, Mj\u00f6lnir-vasaran ukkosjumala: Midgardin suojelija, h\u00e4nen arkip\u00e4iv\u00e4inen palvontansa Pohjolassa ja perint\u00f6 nykyp\u00e4iv\u00e4\u00e4n asti.","og_url":"https:\/\/iwell-guard.com\/fi\/thor\/","og_site_name":"iWell Guard","article_modified_time":"2026-09-03T12:49:34+00:00","og_image":[{"width":1024,"height":1536,"url":"https:\/\/iwell-guard.com\/wp-content\/uploads\/2026\/04\/goetter_germanisch_thor.webp","type":"image\/webp"}],"twitter_card":"summary_large_image","schema":{"@context":"https:\/\/schema.org","@graph":[{"@type":"Article","@id":"https:\/\/iwell-guard.com\/fi\/thor\/#article","isPartOf":{"@id":"https:\/\/iwell-guard.com\/fi\/thor\/"},"author":{"name":"Ralf Ittermann","@id":"https:\/\/iwell-guard.com\/fi\/#\/schema\/person\/ee2a27f1cac3406c7c6fb5820cb7349f"},"headline":"Thor","datePublished":"2026-09-03T12:31:26+00:00","dateModified":"2026-09-03T12:49:34+00:00","mainEntityOfPage":{"@id":"https:\/\/iwell-guard.com\/fi\/thor\/"},"publisher":{"@id":"https:\/\/iwell-guard.com\/fi\/#organization"},"image":{"@id":"https:\/\/iwell-guard.com\/fi\/thor\/#primaryimage"},"thumbnailUrl":"https:\/\/iwell-guard.com\/wp-content\/uploads\/2026\/04\/goetter_germanisch_thor.webp","inLanguage":"fi","description":"Thor, Mj\u00f6lnir-vasaran ukkosjumala: Midgardin suojelija, h\u00e4nen arkip\u00e4iv\u00e4inen palvontansa Pohjolassa ja perint\u00f6 nykyp\u00e4iv\u00e4\u00e4n asti."},{"@type":"WebPage","@id":"https:\/\/iwell-guard.com\/fi\/thor\/","url":"https:\/\/iwell-guard.com\/fi\/thor\/","name":"Thor \u2013 ukkosen ja suojelun jumala","isPartOf":{"@id":"https:\/\/iwell-guard.com\/fi\/#website"},"primaryImageOfPage":{"@id":"https:\/\/iwell-guard.com\/fi\/thor\/#primaryimage"},"image":{"@id":"https:\/\/iwell-guard.com\/fi\/thor\/#primaryimage"},"thumbnailUrl":"https:\/\/iwell-guard.com\/wp-content\/uploads\/2026\/04\/goetter_germanisch_thor.webp","datePublished":"2026-09-03T12:31:26+00:00","dateModified":"2026-09-03T12:49:34+00:00","description":"Thor, Mj\u00f6lnir-vasaran ukkosjumala: Midgardin suojelija, h\u00e4nen arkip\u00e4iv\u00e4inen palvontansa Pohjolassa ja perint\u00f6 nykyp\u00e4iv\u00e4\u00e4n asti.","breadcrumb":{"@id":"https:\/\/iwell-guard.com\/fi\/thor\/#breadcrumb"},"inLanguage":"fi","potentialAction":[{"@type":"ReadAction","target":["https:\/\/iwell-guard.com\/fi\/thor\/"]}]},{"@type":"ImageObject","inLanguage":"fi","@id":"https:\/\/iwell-guard.com\/fi\/thor\/#primaryimage","url":"https:\/\/iwell-guard.com\/wp-content\/uploads\/2026\/04\/goetter_germanisch_thor.webp","contentUrl":"https:\/\/iwell-guard.com\/wp-content\/uploads\/2026\/04\/goetter_germanisch_thor.webp","width":1024,"height":1536,"caption":"Jumalia germaanisesta perinteest\u00e4."},{"@type":"BreadcrumbList","@id":"https:\/\/iwell-guard.com\/fi\/thor\/#breadcrumb","itemListElement":[{"@type":"ListItem","position":1,"name":"Start","item":"https:\/\/iwell-guard.com\/fi\/?page_id=143815"},{"@type":"ListItem","position":2,"name":"Thor"}]},{"@type":"WebSite","@id":"https:\/\/iwell-guard.com\/fi\/#website","url":"https:\/\/iwell-guard.com\/fi\/","name":"iWell Guard","description":"Schutz vor dunklen Einfl\u00fcssen","publisher":{"@id":"https:\/\/iwell-guard.com\/fi\/#organization"},"potentialAction":[{"@type":"SearchAction","target":{"@type":"EntryPoint","urlTemplate":"https:\/\/iwell-guard.com\/fi\/?s={search_term_string}"},"query-input":{"@type":"PropertyValueSpecification","valueRequired":true,"valueName":"search_term_string"}}],"inLanguage":"fi"},{"@type":"Organization","@id":"https:\/\/iwell-guard.com\/fi\/#organization","name":"Ittermann electronic GmbH","url":"https:\/\/iwell-guard.com\/fi\/","logo":{"@type":"ImageObject","inLanguage":"fi","@id":"https:\/\/iwell-guard.com\/fi\/#\/schema\/logo\/image\/","url":"https:\/\/iwell-guard.com\/wp-content\/uploads\/2026\/05\/Ittermann-Logo-1182x237-1.png","contentUrl":"https:\/\/iwell-guard.com\/wp-content\/uploads\/2026\/05\/Ittermann-Logo-1182x237-1.png","width":1182,"height":237,"caption":"Ittermann electronic GmbH"},"image":{"@id":"https:\/\/iwell-guard.com\/fi\/#\/schema\/logo\/image\/"},"sameAs":["https:\/\/pantip.com\/profile\/9367242","https:\/\/micro.blog\/iwellguard","https:\/\/www.diggerslist.com\/iwellguard\/about","https:\/\/skitterphoto.com\/photographers\/2870314\/iwell-guard","https:\/\/iwellguard.wordpress.com\/2026\/06\/06\/iwell-guard\/","https:\/\/hub.docker.com\/u\/iwellguard","https:\/\/www.pinterest.com\/iwellguard\/","https:\/\/bit.ly\/m\/iwellguard","https:\/\/entre-vos-mains.alsace.eu\/profiles\/iwellguard\/activity","https:\/\/gravatar.com\/reallybeded8fd34","https:\/\/naijamatta.com\/iwellguard","https:\/\/www.goodreads.com\/iwellguard","https:\/\/profile.hatena.ne.jp\/iwellguard\/","https:\/\/experiment.com\/users\/iwellguard","https:\/\/wakelet.com\/@iWellGuard82270","https:\/\/www.chordie.com\/forum\/profile.php?id=2555664","https:\/\/www.instapaper.com\/p\/17757966","https:\/\/www.mapleprimes.com\/users\/iwellguard","https:\/\/businesslistingplus.com\/profile\/iwell-guard\/","https:\/\/telegra.ph\/iWell-Guard-06-06","https:\/\/pbase.com\/iwellguard\/iwellguard","https:\/\/b.hatena.ne.jp\/iwellguard\/20260607#bookmark-4788405196491818882","https:\/\/fliphtml5.com\/home\/iwellguard","https:\/\/anyflip.com\/homepage\/cmiwl#About","https:\/\/transfur.com\/Users\/iwellguard","http:\/\/delphi.larsbo.org\/user\/iwellguard","https:\/\/jobs.lajobsportal.org\/profiles\/8380803-iwell-guard","https:\/\/md.chaosdorf.de\/s\/jfbe5SBdJD","https:\/\/www.lingvolive.com\/en-us\/profile\/9ecaeaca-ce11-4e51-9e71-01d55e2bff36\/translations","https:\/\/www.fitday.com\/fitness\/forums\/members\/iwellguard.html","https:\/\/www.mymeetbook.com\/iwellguard","https:\/\/pxhere.com\/en\/photographer-me\/5040798","https:\/\/disqus.com\/by\/iwellguard\/about\/","https:\/\/pastelink.net\/hjwciqwq","https:\/\/pubhtml5.com\/homepage\/scjhn\/","https:\/\/www.bitchute.com\/channel\/2O2eOKzNqujT","https:\/\/audiomack.com\/iwellguard"]},{"@type":"Person","@id":"https:\/\/iwell-guard.com\/fi\/#\/schema\/person\/ee2a27f1cac3406c7c6fb5820cb7349f","name":"Ralf Ittermann","image":{"@type":"ImageObject","inLanguage":"fi","@id":"https:\/\/secure.gravatar.com\/avatar\/073c0153e350a5005b68eb752b445fea71f6b24a26da9449ad7e155e6b446c9d?s=96&d=mm&r=g","url":"https:\/\/secure.gravatar.com\/avatar\/073c0153e350a5005b68eb752b445fea71f6b24a26da9449ad7e155e6b446c9d?s=96&d=mm&r=g","contentUrl":"https:\/\/secure.gravatar.com\/avatar\/073c0153e350a5005b68eb752b445fea71f6b24a26da9449ad7e155e6b446c9d?s=96&d=mm&r=g","caption":"Ralf Ittermann"},"givenName":"Ralf","familyName":"Ittermann","jobTitle":"Gesch\u00e4ftsf\u00fchrer und redaktioneller Verantwortlicher","url":"https:\/\/iwell-guard.com\/fi\/author\/claude\/","description":"Ralf Ittermann ist Gesch\u00e4ftsf\u00fchrer der Ittermann electronic GmbH und redaktioneller Verantwortlicher des iWell-Guard-Lexikons. Er verbindet langj\u00e4hrige Erfahrung in der Pr\u00e4zisionsfertigung mit medialer Praxis und religionsgeschichtlicher Quellenarbeit.","worksFor":{"@type":"Organization","name":"Ittermann electronic GmbH","url":"https:\/\/ittermann.de\/","address":{"@type":"PostalAddress","streetAddress":"K\u00f6hlergasse 16-18","postalCode":"99842","addressLocality":"Ruhla","addressCountry":"DE"}},"knowsAbout":["Religionsgeschichte","Mythologie","Mediale Praxis","Energetische Diagnostik","Schutzpraxis","Volksglauben","Westliche Esoterik"]},{"@type":"Article","@id":"https:\/\/iwell-guard.com\/fi\/thor\/#article","isPartOf":{"@id":"https:\/\/iwell-guard.com\/fi\/thor\/"},"author":{"name":"Ralf Ittermann","@id":"https:\/\/iwell-guard.com\/fi\/#\/schema\/person\/ee2a27f1cac3406c7c6fb5820cb7349f"},"headline":"Thor","datePublished":"2026-09-03T12:31:26+00:00","dateModified":"2026-09-03T12:49:34+00:00","mainEntityOfPage":{"@id":"https:\/\/iwell-guard.com\/fi\/thor\/"},"publisher":{"@id":"https:\/\/iwell-guard.com\/fi\/#organization"},"image":{"@id":"https:\/\/iwell-guard.com\/fi\/thor\/#primaryimage"},"thumbnailUrl":"https:\/\/iwell-guard.com\/wp-content\/uploads\/2026\/04\/goetter_germanisch_thor.webp","inLanguage":"fi","description":"Thor, Mj\u00f6lnir-vasaran ukkosjumala: Midgardin suojelija, h\u00e4nen arkip\u00e4iv\u00e4inen palvontansa Pohjolassa ja perint\u00f6 nykyp\u00e4iv\u00e4\u00e4n asti."}]}},"_links":{"self":[{"href":"https:\/\/iwell-guard.com\/fi\/wp-json\/wp\/v2\/pages\/144050","targetHints":{"allow":["GET"]}}],"collection":[{"href":"https:\/\/iwell-guard.com\/fi\/wp-json\/wp\/v2\/pages"}],"about":[{"href":"https:\/\/iwell-guard.com\/fi\/wp-json\/wp\/v2\/types\/page"}],"author":[{"embeddable":true,"href":"https:\/\/iwell-guard.com\/fi\/wp-json\/wp\/v2\/users\/3"}],"replies":[{"embeddable":true,"href":"https:\/\/iwell-guard.com\/fi\/wp-json\/wp\/v2\/comments?post=144050"}],"version-history":[{"count":0,"href":"https:\/\/iwell-guard.com\/fi\/wp-json\/wp\/v2\/pages\/144050\/revisions"}],"wp:featuredmedia":[{"embeddable":true,"href":"https:\/\/iwell-guard.com\/fi\/wp-json\/wp\/v2\/media\/1573"}],"wp:attachment":[{"href":"https:\/\/iwell-guard.com\/fi\/wp-json\/wp\/v2\/media?parent=144050"}],"wp:term":[{"taxonomy":"category","embeddable":true,"href":"https:\/\/iwell-guard.com\/fi\/wp-json\/wp\/v2\/categories?post=144050"}],"curies":[{"name":"wp","href":"https:\/\/api.w.org\/{rel}","templated":true}]}}