{"id":144049,"date":"2026-09-03T12:31:25","date_gmt":"2026-09-03T12:31:25","guid":{"rendered":"https:\/\/iwell-guard.com\/?page_id=144049"},"modified":"2026-09-03T12:49:30","modified_gmt":"2026-09-03T12:49:30","slug":"freyja","status":"publish","type":"page","link":"https:\/\/iwell-guard.com\/fi\/freyja\/","title":{"rendered":"Freyja"},"content":{"rendered":"\t\t<div data-elementor-type=\"wp-page\" data-elementor-id=\"144049\" class=\"elementor elementor-144049 elementor-2094 elementor-bc-flex-widget\" data-elementor-post-type=\"page\">\n\t\t\t\t<div class=\"elementor-element elementor-element-10fdade e-flex e-con-boxed e-con e-parent\" data-id=\"10fdade\" data-element_type=\"container\" data-e-type=\"container\" data-settings=\"{&quot;background_background&quot;:&quot;classic&quot;}\">\n\t\t\t\t\t<div class=\"e-con-inner\">\n\t\t<div class=\"elementor-element elementor-element-herohlft0 e-flex e-con-boxed e-con e-child\" data-id=\"herohlft0\" data-element_type=\"container\" data-e-type=\"container\">\n\t\t\t\t\t<div class=\"e-con-inner\">\n\t\t<div class=\"elementor-element elementor-element-c3ceb64 e-con-full e-flex e-con e-child\" data-id=\"c3ceb64\" data-element_type=\"container\" data-e-type=\"container\">\n\t\t\t\t<div class=\"elementor-element elementor-element-96ae5e1 elementor-widget elementor-widget-heading\" data-id=\"96ae5e1\" data-element_type=\"widget\" data-e-type=\"widget\" data-widget_type=\"heading.default\">\n\t\t\t\t\t<h1 class=\"elementor-heading-title elementor-size-default\">Freyja, germaanisen perinteen jumalatar<\/h1>\t\t\t\t<\/div>\n\t\t\t\t<div class=\"elementor-element elementor-element-e45238a elementor-widget elementor-widget-text-editor\" data-id=\"e45238a\" data-element_type=\"widget\" data-e-type=\"widget\" data-widget_type=\"text-editor.default\">\n\t\t\t\t\t\t\t\t\t<p>Freyja on yksi germaanisen <span class=\"iwg-fachbegriff\" data-tooltip=\"Kulttuurin perinteisten jumalkertomusten kokonaisuus.\" tabindex=\"0\">mytologian<\/span> keskeisist\u00e4 jumalattarista, ja h\u00e4n hallitsee rakkautta, hedelm\u00e4llisyytt\u00e4, sotaa ja vaurautta. H\u00e4n kuuluu vaanien sukuun ja edustaa aistillisuutta, naisellista voimaa ja maagista tietoa pohjoismaisissa l\u00e4hteiss\u00e4 kuten Proosa-Eddassa.<\/p>\t\t\t\t\t\t\t\t<\/div>\n\t\t\t\t<\/div>\n\t\t<div class=\"elementor-element elementor-element-klsbdg01 e-con-full e-flex e-con e-parent\" data-id=\"klsbdg01\" data-element_type=\"container\" data-e-type=\"container\">\n\t\t\t\t<div class=\"elementor-element elementor-element-klshtm01 elementor-widget elementor-widget-html\" data-id=\"klshtm01\" data-element_type=\"widget\" data-e-type=\"widget\" data-widget_type=\"html.default\">\n\t\t\t\t\t<div class=\"iwg-pill-row\"><span class=\"iwg-klasse-badge\" tabindex=\"0\" data-tooltip=\"Jumala \/ jumalatar: kulttuurin panteonin persoonallistettu korkein voima, jolla on selke\u00e4t vastuualueet, kuten luonnonvoimat, kohtalo, sota, hedelm\u00e4llisyys. Palvottu kulttien, uhrien ja temppeli-instituutioiden kautta.\">Jumalatar<\/span><a href=\"https:\/\/iwell-guard.com\/fi\/?page_id=143849\" class=\"iwg-kultur-badge\" tabindex=\"0\" data-tooltip=\"Pohjois- ja Keski-Euroopan esikristillinen jumalten ja henkien maailma.\">Germaaninen<\/a><\/div>\t\t\t\t<\/div>\n\t\t\t\t<\/div>\n\t\t<div class=\"elementor-element elementor-element-3f74855 e-con-full e-flex e-con e-child\" data-id=\"3f74855\" data-element_type=\"container\" data-e-type=\"container\">\n\t\t\t\t<div class=\"elementor-element elementor-element-1c30362 elementor-toc--minimized-on-tablet elementor-widget elementor-widget-table-of-contents\" data-id=\"1c30362\" data-element_type=\"widget\" data-e-type=\"widget\" data-settings=\"{&quot;exclude_headings_by_selector&quot;:[],&quot;no_headings_message&quot;:&quot;T\\u00e4lt\\u00e4 sivulta ei l\\u00f6ytynyt otsikoita.&quot;,&quot;headings_by_tags&quot;:[&quot;h2&quot;,&quot;h3&quot;],&quot;marker_view&quot;:&quot;bullets&quot;,&quot;minimize_box&quot;:&quot;yes&quot;,&quot;icon&quot;:{&quot;value&quot;:&quot;fas fa-circle&quot;,&quot;library&quot;:&quot;fa-solid&quot;,&quot;rendered_tag&quot;:&quot;&lt;svg class=\\&quot;e-font-icon-svg e-fas-circle\\&quot; viewBox=\\&quot;0 0 512 512\\&quot; xmlns=\\&quot;http:\\\/\\\/www.w3.org\\\/2000\\\/svg\\&quot;&gt;&lt;path d=\\&quot;M256 8C119 8 8 119 8 256s111 248 248 248 248-111 248-248S393 8 256 8z\\&quot;&gt;&lt;\\\/path&gt;&lt;\\\/svg&gt;&quot;},&quot;minimized_on&quot;:&quot;tablet&quot;,&quot;hierarchical_view&quot;:&quot;yes&quot;,&quot;min_height&quot;:{&quot;unit&quot;:&quot;px&quot;,&quot;size&quot;:&quot;&quot;,&quot;sizes&quot;:[]},&quot;min_height_tablet&quot;:{&quot;unit&quot;:&quot;px&quot;,&quot;size&quot;:&quot;&quot;,&quot;sizes&quot;:[]},&quot;min_height_mobile&quot;:{&quot;unit&quot;:&quot;px&quot;,&quot;size&quot;:&quot;&quot;,&quot;sizes&quot;:[]}}\" data-widget_type=\"table-of-contents.default\">\n\t\t\t\t\t\t\t\t\t<div class=\"elementor-toc__header\">\n\t\t\t\t\t\t<h2 class=\"elementor-toc__header-title\">\n\t\t\t\tSis\u00e4llysluettelo\t\t\t<\/h2>\n\t\t\t\t\t\t\t\t\t\t<div class=\"elementor-toc__toggle-button elementor-toc__toggle-button--expand\" role=\"button\" tabindex=\"0\" aria-controls=\"elementor-toc__1c30362\" aria-expanded=\"true\" aria-label=\"Open table of contents\"><svg aria-hidden=\"true\" class=\"e-font-icon-svg e-fas-chevron-down\" viewBox=\"0 0 448 512\" xmlns=\"http:\/\/www.w3.org\/2000\/svg\"><path d=\"M207.029 381.476L12.686 187.132c-9.373-9.373-9.373-24.569 0-33.941l22.667-22.667c9.357-9.357 24.522-9.375 33.901-.04L224 284.505l154.745-154.021c9.379-9.335 24.544-9.317 33.901.04l22.667 22.667c9.373 9.373 9.373 24.569 0 33.941L240.971 381.476c-9.373 9.372-24.569 9.372-33.942 0z\"><\/path><\/svg><\/div>\n\t\t\t\t<div class=\"elementor-toc__toggle-button elementor-toc__toggle-button--collapse\" role=\"button\" tabindex=\"0\" aria-controls=\"elementor-toc__1c30362\" aria-expanded=\"true\" aria-label=\"Close table of contents\"><svg aria-hidden=\"true\" class=\"e-font-icon-svg e-fas-chevron-up\" viewBox=\"0 0 448 512\" xmlns=\"http:\/\/www.w3.org\/2000\/svg\"><path d=\"M240.971 130.524l194.343 194.343c9.373 9.373 9.373 24.569 0 33.941l-22.667 22.667c-9.357 9.357-24.522 9.375-33.901.04L224 227.495 69.255 381.516c-9.379 9.335-24.544 9.317-33.901-.04l-22.667-22.667c-9.373-9.373-9.373-24.569 0-33.941L207.03 130.525c9.372-9.373 24.568-9.373 33.941-.001z\"><\/path><\/svg><\/div>\n\t\t\t\t\t<\/div>\n\t\t\t\t<div id=\"elementor-toc__1c30362\" class=\"elementor-toc__body\">\n\t\t\t<div class=\"elementor-toc__spinner-container\">\n\t\t\t\t<svg class=\"elementor-toc__spinner eicon-animation-spin e-font-icon-svg e-eicon-loading\" aria-hidden=\"true\" viewBox=\"0 0 1000 1000\" xmlns=\"http:\/\/www.w3.org\/2000\/svg\"><path d=\"M500 975V858C696 858 858 696 858 500S696 142 500 142 142 304 142 500H25C25 237 238 25 500 25S975 237 975 500 763 975 500 975Z\"><\/path><\/svg>\t\t\t<\/div>\n\t\t<\/div>\n\t\t\t\t\t\t<\/div>\n\t\t\t\t<\/div>\n\t\t\t\t\t<\/div>\n\t\t\t\t<\/div>\n\t\t<div class=\"elementor-element elementor-element-herorght0 e-con-full e-flex e-con e-child\" data-id=\"herorght0\" data-element_type=\"container\" data-e-type=\"container\">\n\t\t\t\t<div class=\"elementor-element elementor-element-heroimg00 iwg-hero-image elementor-widget elementor-widget-image\" data-id=\"heroimg00\" data-element_type=\"widget\" data-e-type=\"widget\" data-widget_type=\"image.default\">\n\t\t\t\t\t\t\t\t\t\t\t\t\t\t\t<img fetchpriority=\"high\" decoding=\"async\" width=\"683\" height=\"1024\" src=\"https:\/\/iwell-guard.com\/wp-content\/uploads\/2026\/04\/goetter_germanisch_freyja-683x1024.webp\" class=\"attachment-large size-large wp-image-149113\" alt=\"Freyja - germaanisen perinteen jumalia, historiallis-kuvitteellinen esitys\" srcset=\"https:\/\/iwell-guard.com\/wp-content\/uploads\/2026\/04\/goetter_germanisch_freyja-683x1024.webp 683w, https:\/\/iwell-guard.com\/wp-content\/uploads\/2026\/04\/goetter_germanisch_freyja-200x300.webp 200w, https:\/\/iwell-guard.com\/wp-content\/uploads\/2026\/04\/goetter_germanisch_freyja-768x1152.webp 768w, https:\/\/iwell-guard.com\/wp-content\/uploads\/2026\/04\/goetter_germanisch_freyja.webp 1024w\" sizes=\"(max-width: 683px) 100vw, 683px\" \/>\t\t\t\t\t\t\t\t\t\t\t\t\t\t\t<\/div>\n\t\t\t\t<\/div>\n\t\t\t\t\t<\/div>\n\t\t\t\t<\/div>\n\t\t<div class=\"elementor-element elementor-element-32917199 e-flex e-con-boxed e-con e-parent\" data-id=\"32917199\" data-element_type=\"container\" data-e-type=\"container\">\n\t\t\t\t\t<div class=\"e-con-inner\">\n\t\t<div class=\"elementor-element elementor-element-26e916cb e-flex e-con-boxed e-con e-child\" data-id=\"26e916cb\" data-element_type=\"container\" data-e-type=\"container\">\n\t\t\t\t\t<div class=\"e-con-inner\">\n\t\t<div class=\"elementor-element elementor-element-253a40d4 e-flex e-con-boxed e-con e-child\" data-id=\"253a40d4\" data-element_type=\"container\" data-e-type=\"container\">\n\t\t\t\t\t<div class=\"e-con-inner\">\n\t\t\t\t<div class=\"elementor-element elementor-element-1200c304 elementor-widget elementor-widget-heading\" data-id=\"1200c304\" data-element_type=\"widget\" data-e-type=\"widget\" data-widget_type=\"heading.default\">\n\t\t\t\t\t<div class=\"elementor-heading-title elementor-size-default\">Freyja<\/div>\t\t\t\t<\/div>\n\t\t\t\t<div class=\"elementor-element elementor-element-11758e7f elementor-widget elementor-widget-text-editor\" data-id=\"11758e7f\" data-element_type=\"widget\" data-e-type=\"widget\" data-widget_type=\"text-editor.default\">\n\t\t\t\t\t\t\t\t\t<p>Freyja kuvataan kultaan, kissoihin, haukkoihin ja Brisingamen-korukaulakoruun liitettyn\u00e4. H\u00e4n valitsee puolet taistelussa kaatuneista (Odinin ohella) ja johtaa heid\u00e4t saliinsa Folkvangriin. H\u00e4nt\u00e4 palvottiin hedelm\u00e4llisyyskulteissa, avioliittovaloissa ja naisten k\u00e4sity\u00f6perinteiss\u00e4.<\/p>\t\t\t\t\t\t\t\t<\/div>\n\t\t\t\t\t<\/div>\n\t\t\t\t<\/div>\n\t\t<div class=\"elementor-element elementor-element-159dcf9a e-flex e-con-boxed e-con e-child\" data-id=\"159dcf9a\" data-element_type=\"container\" data-e-type=\"container\">\n\t\t\t\t\t<div class=\"e-con-inner\">\n\t\t\t\t<div class=\"elementor-element elementor-element-48cee66f elementor-widget elementor-widget-heading\" data-id=\"48cee66f\" data-element_type=\"widget\" data-e-type=\"widget\" data-widget_type=\"heading.default\">\n\t\t\t\t\t<h3 class=\"elementor-heading-title elementor-size-default\">Pikakatsaus: Freyja<\/h3>\t\t\t\t<\/div>\n\t\t\t\t<div class=\"elementor-element elementor-element-3f50d82c elementor-widget elementor-widget-text-editor\" data-id=\"3f50d82c\" data-element_type=\"widget\" data-e-type=\"widget\" data-widget_type=\"text-editor.default\">\n\t\t\t\t\t\t\t\t\t<p><strong>Tyyppi:<\/strong> Germaaninen p&auml;&auml;jumalatar, vaani, rakkauden, sodan ja <span class=\"iwg-fachbegriff\" data-tooltip=\"K\u00e4yt\u00e4nt\u00f6j\u00e4, joilla pyrit\u00e4\u00e4n vaikuttamaan tapahtumien kulkuun erityisin toimin tai kaavoin.\" tabindex=\"0\">taikuuden<\/span> jumalatar<br><span class=\"iwg-fachbegriff\" data-tooltip=\"Uskonnon tai kulttuurin jumalten kokonaisuus.\" tabindex=\"0\">Panteon<\/span>: germaaninen \/ pohjoismainen (vaanien sukua)<br>Teht\u00e4v\u00e4: rakkaus, kauneus, seksi, sota, seid-<span class=\"iwg-fachbegriff\" data-tooltip=\"K\u00e4yt\u00e4nt\u00f6j\u00e4, joilla pyrit\u00e4\u00e4n vaikuttamaan tapahtumien kulkuun erityisin toimin tai kaavoin.\" tabindex=\"0\">taikuus<\/span>, puolet kaatuneista sotureista<br>P\u00e4\u00e4tunnusmerkit: Brisingamen-kaulakoru, haukanviitta, kissojen vet\u00e4m\u00e4t vaunut, kultaiset kyyneleet<br>P\u00e4\u00e4t\u00e4rkeimm\u00e4t kulttipaikat: omia <span class=\"iwg-fachbegriff\" data-tooltip=\"Rakennus, joka on tarkoitettu yhden tai useamman jumaluuden palvomiseen.\" tabindex=\"0\">temppeleit\u00e4<\/span> ei ole dokumentoitu; kansankultti Skandinaviassa ja Pohjois-Saksassa<br>Sisarukset: Freyr (veli, t\u00e4rkein vaani)<\/p>\t\t\t\t\t\t\t\t<\/div>\n\t\t\t\t\t<\/div>\n\t\t\t\t<\/div>\n\t\t\t\t\t<\/div>\n\t\t\t\t<\/div>\n\t\t\t\t\t<\/div>\n\t\t\t\t<\/div>\n\t\t<div class=\"elementor-element elementor-element-18613602 e-flex e-con-boxed e-con e-parent\" data-id=\"18613602\" data-element_type=\"container\" data-e-type=\"container\">\n\t\t\t\t\t<div class=\"e-con-inner\">\n\t\t\t\t<div class=\"elementor-element elementor-element-262b8a9f elementor-widget elementor-widget-heading\" data-id=\"262b8a9f\" data-element_type=\"widget\" data-e-type=\"widget\" data-widget_type=\"heading.default\">\n\t\t\t\t\t<h2 class=\"elementor-heading-title elementor-size-default\">Historiallinen sijoittelu<\/h2>\t\t\t\t<\/div>\n\t\t<div class=\"elementor-element elementor-element-46dcb7d e-con-full e-flex e-con e-child\" data-id=\"46dcb7d\" data-element_type=\"container\" data-e-type=\"container\">\n\t\t<div class=\"elementor-element elementor-element-61d3ab3 e-flex e-con-boxed e-con e-child\" data-id=\"61d3ab3\" data-element_type=\"container\" data-e-type=\"container\">\n\t\t\t\t\t<div class=\"e-con-inner\">\n\t\t\t\t<div class=\"elementor-element elementor-element-117c166 elementor-widget elementor-widget-heading\" data-id=\"117c166\" data-element_type=\"widget\" data-e-type=\"widget\" data-widget_type=\"heading.default\">\n\t\t\t\t\t<div class=\"elementor-heading-title elementor-size-default\">Tekstien ajanjakso<\/div>\t\t\t\t<\/div>\n\t\t\t\t<div class=\"elementor-element elementor-element-73997a0 elementor-widget elementor-widget-text-editor\" data-id=\"73997a0\" data-element_type=\"widget\" data-e-type=\"widget\" data-widget_type=\"text-editor.default\">\n\t\t\t\t\t\t\t\t\t<p>Freyja on ollut keskeinen hahmo aina varhaisimmista skandinaavisista l\u00e4hteist\u00e4 l\u00e4htien. P\u00e4\u00e4l\u00e4hteet: <span class=\"iwg-fachbegriff\" tabindex=\"0\" data-tooltip=\"Islantilainen oppinut (1179\u20131241); Proosa-Eddan ja Heimskringlan kirjoittaja.\">Snorri Sturluson<\/span> <em>Snorra-Edda<\/em> (1220) ja <em>Runo-Edda<\/em> (1200-luku, sis\u00e4lt\u00e4\u00e4 vanhempia runoja). H\u00e4n on t\u00e4rkein <em>vaanien<\/em> jumalattarista (vanhempi, esi-aasilainen jumalsuku), joka aasien ja vaanien v\u00e4lisen sodan j\u00e4lkeen otettiin panttivankina Asgardiin is\u00e4ns\u00e4 Njordin ja veljens\u00e4 Freyrin kanssa.<\/p><p>Kultin kukoistuskausi: esikristillinen Skandinavia (viikinkiaika, 700\u20131000-luvut). Skandinavian kristillistyminen (900\u20131100-luvut) katkaisi <span class=\"iwg-fachbegriff\" data-tooltip=\"Jumaluuden tai pyh\u00e4n hahmon palvomiseen liittyvien uskonnollisten toimien kokonaisuus.\" tabindex=\"0\">kultin<\/span>, mutta kansanperinteet (perjantai-naisten juhlat, kissojen palvominen joillakin alueilla) s\u00e4ilyiv\u00e4t. 1800\u20131900-luvuilla romanttinen elpyminen; nykyaikaisessa <em>\u00c1satr\u00fa<\/em>-perinteess\u00e4 h\u00e4n on j\u00e4lleen keskeinen hahmo.<\/p>\n<p>Tacitus mainitsee teoksessaan <em>Germania<\/em> (98 jKr.) jumalatar Nerthuksen, jota useat germaaniset heimot palvoivat ja jonka nimi on kielellisesti sukua Njordille. Tutkimus pit\u00e4\u00e4 Nerthusta vaaneihin kuuluvana hahmona ja siten mahdollisena varhaisena rinnakkaisilmi\u00f6n\u00e4 tai edelt\u00e4j\u00e4n\u00e4 Freyja-perinteelle, vaikka suoraa rinnastusta ei voida tehd\u00e4.<\/p>\t\t\t\t\t\t\t\t<\/div>\n\t\t\t\t\t<\/div>\n\t\t\t\t<\/div>\n\t\t<div class=\"elementor-element elementor-element-d47b156 e-flex e-con-boxed e-con e-child\" data-id=\"d47b156\" data-element_type=\"container\" data-e-type=\"container\">\n\t\t\t\t\t<div class=\"e-con-inner\">\n\t\t\t\t<div class=\"elementor-element elementor-element-ff38c2b elementor-widget elementor-widget-heading\" data-id=\"ff38c2b\" data-element_type=\"widget\" data-e-type=\"widget\" data-widget_type=\"heading.default\">\n\t\t\t\t\t<div class=\"elementor-heading-title elementor-size-default\">Levinneisyysalue<\/div>\t\t\t\t<\/div>\n\t\t\t\t<div class=\"elementor-element elementor-element-4e49fcc elementor-widget elementor-widget-text-editor\" data-id=\"4e49fcc\" data-element_type=\"widget\" data-e-type=\"widget\" data-widget_type=\"text-editor.default\">\n\t\t\t\t\t\t\t\t\t<p>Suoraa Freyja-<span class=\"iwg-fachbegriff\" data-tooltip=\"Rakennus, joka on tarkoitettu yhden tai useamman jumaluuden palvomiseen.\" tabindex=\"0\">temppeli\u00e4<\/span> ei ole varmuudella dokumentoitu; jotkin skandinaaviset paikannimet (esim. Frejskult-paikat Ruotsissa) viittaavat vanhoihin kulttipaikkoihin. Adam Bremenilainen mainitsee 1000-luvulla <em><span class=\"iwg-fachbegriff\" data-tooltip=\"Rakennus, joka on tarkoitettu yhden tai useamman jumaluuden palvomiseen.\" tabindex=\"0\">Uppsalan temppelin<\/span><\/em>, jossa oli Odinin, Thorin ja Freyrin patsaat (ei nimenomaan Freyjaa, mutta implisiittisesti vaani-yhteydess\u00e4).<\/p><p><span data-nosnippet>Nykyaikaisessa <em>\u00c1satr\u00fassa<\/em> (aktiivinen Skandinaviassa, Yhdysvalloissa, Isossa-Britanniassa ja Saksassa) h\u00e4nt\u00e4 palvotaan j\u00e4lleen; Islannissa \u00c1satr\u00fa on ollut valtion tunnustama uskonto vuodesta 1973, ja joissakin linjoissa Freyja on sen p\u00e4\u00e4t\u00e4rkein jumalatar.<\/span><\/p>\n<p>Paikannimitutkimus on kartoittanut Ruotsissa, Norjassa ja Tanskassa useita Fr\u00f6- ja Freys-nimi\u00e4, jotka viittaavat kulttipaikkoihin tai kulttialueisiin. T\u00e4t\u00e4 tutkimusalaa pidet\u00e4\u00e4n t\u00e4rke\u00e4n\u00e4 t\u00e4ydennyksen\u00e4 kirjalliselle perinteelle, sill\u00e4 se antaa viitteit\u00e4 kultin maantieteellisest\u00e4 levinneisyydest\u00e4 ja paikallisesta juurtumisesta, joita eddateksteist\u00e4 yksin\u00e4\u00e4n ei voida saada.<\/p>\t\t\t\t\t\t\t\t<\/div>\n\t\t\t\t\t<\/div>\n\t\t\t\t<\/div>\n\t\t\t\t<\/div>\n\t\t<div class=\"elementor-element elementor-element-db03c39 e-con-full e-flex e-con e-child\" data-id=\"db03c39\" data-element_type=\"container\" data-e-type=\"container\">\n\t\t<div class=\"elementor-element elementor-element-229a87b e-flex e-con-boxed e-con e-child\" data-id=\"229a87b\" data-element_type=\"container\" data-e-type=\"container\">\n\t\t\t\t\t<div class=\"e-con-inner\">\n\t\t\t\t<div class=\"elementor-element elementor-element-1f471fc elementor-widget elementor-widget-heading\" data-id=\"1f471fc\" data-element_type=\"widget\" data-e-type=\"widget\" data-widget_type=\"heading.default\">\n\t\t\t\t\t<div class=\"elementor-heading-title elementor-size-default\">L\u00e4hdetilanne<\/div>\t\t\t\t<\/div>\n\t\t\t\t<div class=\"elementor-element elementor-element-36b1201 elementor-widget elementor-widget-text-editor\" data-id=\"36b1201\" data-element_type=\"widget\" data-e-type=\"widget\" data-widget_type=\"text-editor.default\">\n\t\t\t\t\t\t\t\t\t<p>Keskeiset l\u00e4hteet: <span class=\"iwg-fachbegriff\" tabindex=\"0\" data-tooltip=\"Islantilainen oppinut (1179\u20131241); Proosa-Eddan ja Heimskringlan kirjoittaja.\">Snorri Sturluson<\/span> <em>Snorra-Edda<\/em> (Gylfaginning, Skaldskaparmal); <em>Runo-Edda<\/em> (Hyndluljod, sis\u00e4lt\u00e4\u00e4 Freyjan ja Ottarin p\u00e4\u00e4myytin; Thrymskvida, Freyjan Brisingamen). Toissijainen kirjallisuus: Simek, <em>Lexikon der germanischen <span class=\"iwg-fachbegriff\" data-tooltip=\"Kulttuurin perinteisten jumalkertomusten kokonaisuus.\" tabindex=\"0\">Mythologie<\/span><\/em>; de Vries, <em>Altgermanische Religionsgeschichte<\/em>; N&auml;sstr&ouml;m, <em>Freyja. The Great Goddess of the North<\/em> (perusteos); Lindow, <em>Norse Mythology<\/em>; Davidson, <em>Roles of the Northern Goddess<\/em>.<\/p>\n<p>Arkeologisiin todisteisiin kuuluvat kansainvaellusaikaiset kultabrakteaatit, joissa on kuvattu naishahmoja kaulakorujen kanssa; tutkimuksessa niit\u00e4 on ajoittain tulkittu Freyja-kuvauksiksi, vaikka varma tunnistus on vaikeaa. T\u00e4ydent\u00e4v\u00e4sti paikannimitutkimus dokumentoi Skandinaviassa lukuisia Fr\u00f6- ja Freys-nimi\u00e4, joita pidet\u00e4\u00e4n todisteina laajalle levinneest\u00e4 esikristillisest\u00e4 kultista.<\/p>\t\t\t\t\t\t\t\t<\/div>\n\t\t\t\t\t<\/div>\n\t\t\t\t<\/div>\n\t\t\t\t<\/div>\n\t\t\t\t\t<\/div>\n\t\t\t\t<\/div>\n\t\t<div class=\"elementor-element elementor-element-3ae0637c e-flex e-con-boxed e-con e-parent\" data-id=\"3ae0637c\" data-element_type=\"container\" data-e-type=\"container\">\n\t\t\t\t\t<div class=\"e-con-inner\">\n\t\t\t\t<div class=\"elementor-element elementor-element-31d07739 elementor-widget elementor-widget-heading\" data-id=\"31d07739\" data-element_type=\"widget\" data-e-type=\"widget\" data-widget_type=\"heading.default\">\n\t\t\t\t\t<h2 class=\"elementor-heading-title elementor-size-default\">Nimi ja muodot<\/h2>\t\t\t\t<\/div>\n\t\t<div class=\"elementor-element elementor-element-b7642947 e-con-full e-flex e-con e-child\" data-id=\"b7642947\" data-element_type=\"container\" data-e-type=\"container\">\n\t\t\t\t<div class=\"elementor-element elementor-element-a086266 elementor-widget elementor-widget-text-editor\" data-id=\"a086266\" data-element_type=\"widget\" data-e-type=\"widget\" data-widget_type=\"text-editor.default\">\n\t\t\t\t\t\t\t\t\t<p>Freyja esitet\u00e4\u00e4n eri l\u00e4hteiss\u00e4 ja taiteellisissa perinteiss\u00e4 tietyin toistuvin kuvallisin piirtein, jotka pysyv\u00e4t suhteellisen vakiona vuosikymmenten ja eri maantieteellisten alueiden yli. N\u00e4it\u00e4 piirteit\u00e4 ei ole valittu pelk\u00e4st\u00e4\u00e4n koristeellisesti tai sattumanvaraisesti, vaan niiss\u00e4 on syv\u00e4 symbolinen merkitys.<\/p><p>Freyjan tunnusmerkit on nimetty selv\u00e4sti Eddassa, ja niill\u00e4 kaikilla on merkitys: kaulakoru Br\u00edsingamen viittaa h\u00e4nen yhteyteens\u00e4 kauneuteen, rakkauteen ja hedelm\u00e4llisyyteen, haukkapuku antaa h\u00e4nelle mahdollisuuden hahmonmuutokseen ja lentoon maailmojen v\u00e4lill\u00e4, ja kissojen vet\u00e4m\u00e4 vaunu on h\u00e4nen vakiintunut matkatunnuksensa.<\/p><p>Se, ett\u00e4 h\u00e4nelle kuuluu puolet kaatuneista, jotka h\u00e4n vie F\u00f3lkvangriin, osoittaa my\u00f6s h\u00e4nen asemansa kuoleman valtapiiriss\u00e4 Odinin rinnalla. Pohjoismaista runoutta tunteva pystyi n\u00e4ist\u00e4 tunnusmerkeist\u00e4 lukemaan suoraan jumalattaren arvon ja valtapiirin; ne on v\u00e4litetty perinteess\u00e4 johdonmukaisesti samanlaisina.<\/p>\t\t\t\t\t\t\t\t<\/div>\n\t\t\t\t<\/div>\n\t\t\t\t\t<\/div>\n\t\t\t\t<\/div>\n\t\t<div class=\"elementor-element elementor-element-709a44a8 e-flex e-con-boxed e-con e-parent\" data-id=\"709a44a8\" data-element_type=\"container\" data-e-type=\"container\">\n\t\t\t\t\t<div class=\"e-con-inner\">\n\t\t\t\t<div class=\"elementor-element elementor-element-2f585873 elementor-widget elementor-widget-heading\" data-id=\"2f585873\" data-element_type=\"widget\" data-e-type=\"widget\" data-widget_type=\"heading.default\">\n\t\t\t\t\t<h2 class=\"elementor-heading-title elementor-size-default\">Luonteenpiirteet<\/h2>\t\t\t\t<\/div>\n\t\t<div class=\"elementor-element elementor-element-70621c12 e-con-full e-flex e-con e-child\" data-id=\"70621c12\" data-element_type=\"container\" data-e-type=\"container\">\n\t\t\t\t<div class=\"elementor-element elementor-element-4296eb49 elementor-widget elementor-widget-text-editor\" data-id=\"4296eb49\" data-element_type=\"widget\" data-e-type=\"widget\" data-widget_type=\"text-editor.default\">\n\t\t\t\t\t\t\t\t\t<p>Freyja oli keskeinen hahmo germaanisen kulttuurin uskonnollisessa k\u00e4yt\u00e4nn\u00f6ss\u00e4, arjen rituaaleissa ja jokap\u00e4iv\u00e4isess\u00e4 ymm\u00e4rryksess\u00e4. Ihmiset k\u00e4\u00e4ntyiv\u00e4t kriittisiss\u00e4 tai m\u00e4\u00e4r\u00e4tyiss\u00e4 el\u00e4m\u00e4ntilanteissa tai tietyin\u00e4 rituaalisina vuodenaikoina t\u00e4m\u00e4n olennon puoleen j\u00e4sennellyin, usein monimutkaisin rituaalein, rukouksin tai uhrilahjoin.<\/p><p>Freyjaan liitetty sei\u00f0r-taika oli s\u00e4\u00e4delty taidonlaji, jolla oli omat ammattilaisensa: v\u00f6lva, kiertelev\u00e4 n\u00e4kij\u00e4t\u00e4r sauvoineen ja vakiintunein rituaalikaavoineen, harjoitti sit\u00e4, ja Eddan mukaan Freyja itse toi t\u00e4m\u00e4n k\u00e4yt\u00e4nn\u00f6n aikoinaan aasoille. Sei\u00f0ri\u00e4 harjoittava noudatti opittuja kulkuja, laulantoja ja roolis\u00e4\u00e4nt\u00f6j\u00e4, ei vapaata improvisaatiota.<\/p><p>Freyjan puoleen k\u00e4\u00e4ntyminen palveli el\u00e4m\u00e4ntilanteesta riippuen eri tarkoituksia: h\u00e4nen puoleensa k\u00e4\u00e4nnyttiin rakkausasioissa ja lapsitoiveissa, h\u00e4nelle luettu sei\u00f0r-taika palveli kohtalon tutkimista ja k\u00e4\u00e4nt\u00e4mist\u00e4, ja F\u00f3lkvangrin haltijattarena h\u00e4n otti vastaan puolet kaatuneista, ollen siten l\u00e4sn\u00e4 my\u00f6s el\u00e4m\u00e4n ja kuoleman rajalla.<\/p><p>Se, ett\u00e4 paikannimet Skandinaviassa kantavat h\u00e4nen nime\u00e4\u00e4n, kertoo siit\u00e4, ett\u00e4 h\u00e4nen kulttiaan pidettiin vaikuttavana ja sit\u00e4 vaalittiin pitk\u00e4\u00e4n.<\/p><h3>Erscheinung und Symbolik<\/h3><p>Freyja esitet\u00e4\u00e4n kultaisen Brisingamen-kaulakorun kanssa. H\u00e4n ajaa vaunuilla, joita vet\u00e4v\u00e4t kissat. Haukkaviitta antaa h\u00e4nelle mahdollisuuden lent\u00e4\u00e4 n\u00e4kym\u00e4tt\u00f6m\u00e4n\u00e4. Ruusu, kev\u00e4t ja soturi ilment\u00e4v\u00e4t h\u00e4nen moninaisuuttaan. Meri kuuluu h\u00e4nen valtapiiriins\u00e4.<\/p>\t\t\t\t\t\t\t\t<\/div>\n\t\t\t\t<\/div>\n\t\t\t\t\t<\/div>\n\t\t\t\t<\/div>\n\t\t<div class=\"elementor-element elementor-element-44e71476 e-flex e-con-boxed e-con e-parent\" data-id=\"44e71476\" data-element_type=\"container\" data-e-type=\"container\">\n\t\t\t\t\t<div class=\"e-con-inner\">\n\t\t\t\t<div class=\"elementor-element elementor-element-3c1fc3f0 elementor-widget elementor-widget-heading\" data-id=\"3c1fc3f0\" data-element_type=\"widget\" data-e-type=\"widget\" data-widget_type=\"heading.default\">\n\t\t\t\t\t<div class=\"elementor-heading-title elementor-size-default\">Tietokortti: Freyja<\/div>\t\t\t\t<\/div>\n\t\t<div class=\"elementor-element elementor-element-84f33b8e e-con-full e-flex e-con e-child\" data-id=\"84f33b8e\" data-element_type=\"container\" data-e-type=\"container\">\n\t\t\t\t<div class=\"elementor-element elementor-element-hqkdc67p elementor-widget elementor-widget-text-editor\" data-id=\"hqkdc67p\" data-element_type=\"widget\" data-e-type=\"widget\" data-widget_type=\"text-editor.default\">\n\t\t\t\t\t\t\t\t\t<p>Freyjan t\u00e4rkeimm\u00e4t piirteet yhdell\u00e4 silm\u00e4yksell\u00e4. Seuraavat kent\u00e4t tiivist\u00e4v\u00e4t alkuper\u00e4n, teht\u00e4v\u00e4n, ulkomuodon, palvonnan, symbolit ja kulttuuriset vastineet.<\/p>\t\t\t\t\t\t\t\t<\/div>\n\t\t\t\t<\/div>\n\t\t<div class=\"elementor-element elementor-element-pemmx7c5 e-con-full e-flex e-con e-child\" data-id=\"pemmx7c5\" data-element_type=\"container\" data-e-type=\"container\">\n\t\t<div class=\"elementor-element elementor-element-pemmx7c1 e-con-full e-flex e-con e-child\" data-id=\"pemmx7c1\" data-element_type=\"container\" data-e-type=\"container\">\n\t\t<div class=\"elementor-element elementor-element-qh9oavvu iwg-steckbrief-card e-flex e-con-boxed e-con e-child\" data-id=\"qh9oavvu\" data-element_type=\"container\" data-e-type=\"container\">\n\t\t\t\t\t<div class=\"e-con-inner\">\n\t\t\t\t<div class=\"elementor-element elementor-element-awzx8k2k elementor-widget elementor-widget-heading\" data-id=\"awzx8k2k\" data-element_type=\"widget\" data-e-type=\"widget\" data-widget_type=\"heading.default\">\n\t\t\t\t\t<h3 class=\"elementor-heading-title elementor-size-default\">Perinne<\/h3>\t\t\t\t<\/div>\n\t\t\t\t<div class=\"elementor-element elementor-element-x6rowhv0 elementor-widget elementor-widget-text-editor\" data-id=\"x6rowhv0\" data-element_type=\"widget\" data-e-type=\"widget\" data-widget_type=\"text-editor.default\">\n\t\t\t\t\t\t\t\t\t<p>Freyja on <em>Njordin<\/em> (merenjumala) tyt\u00e4r ja h\u00e4nen tytt\u00e4rens\u00e4 (Nerthusin sisar). <em>Freyrin<\/em> sisar, jonka kanssa h\u00e4n muodostaa vaanien sisaruspari.<\/p><p>Puoliso on <em>Od\/Odur<\/em> (joissakin l\u00e4hteiss\u00e4 samastettu Odiniin); h\u00e4nen miehens\u00e4 katoaa loputtomille matkoille, ja Freyja etsii h\u00e4nt\u00e4 itkien, ja h\u00e4nen kyyneleens\u00e4 muuttuvat kullaksi. Tyt\u00e4rten <em>Hnoss<\/em> (&bdquo;koru&ldquo;) ja Gersemi (&bdquo;aarre&ldquo;) \u00e4iti. <em>Hyndlulj\u00f3dissa<\/em> suhde kuolevaiseen Ottariin.<\/p>\t\t\t\t\t\t\t\t<\/div>\n\t\t\t\t\t<\/div>\n\t\t\t\t<\/div>\n\t\t<div class=\"elementor-element elementor-element-8e3o4kxs iwg-steckbrief-card e-flex e-con-boxed e-con e-child\" data-id=\"8e3o4kxs\" data-element_type=\"container\" data-e-type=\"container\">\n\t\t\t\t\t<div class=\"e-con-inner\">\n\t\t\t\t<div class=\"elementor-element elementor-element-08rkdgov elementor-widget elementor-widget-heading\" data-id=\"08rkdgov\" data-element_type=\"widget\" data-e-type=\"widget\" data-widget_type=\"heading.default\">\n\t\t\t\t\t<h3 class=\"elementor-heading-title elementor-size-default\">Vaikutuksen kohde<\/h3>\t\t\t\t<\/div>\n\t\t\t\t<div class=\"elementor-element elementor-element-uwjelx8s elementor-widget elementor-widget-text-editor\" data-id=\"uwjelx8s\" data-element_type=\"widget\" data-e-type=\"widget\" data-widget_type=\"text-editor.default\">\n\t\t\t\t\t\t\t\t\t<p>Rakkauden, kauneuden, seksuaalisuuden ja hedelm\u00e4llisyyden jumalatar. Kaksoisteht\u00e4v\u00e4 my\u00f6s <em>sodan jumalattarena<\/em>: Snorrin mukaan h\u00e4n valitsee puolet kaatuneista sotureista omaan seurueeseensa <em>F\u00f3lkvangriin<\/em> (toisen puolen saa Odin Valhallaan), huomionarvoinen asemaj\u00e4rjestys, joka tekee Freyjasta Odinin vertaisen.<\/p><p>Suojelijatar <em>seid-<span class=\"iwg-fachbegriff\" data-tooltip=\"K\u00e4yt\u00e4nt\u00f6j\u00e4, joilla pyrit\u00e4\u00e4n erityisin toimin tai kaavoin vaikuttamaan asioiden kulkuun.\" tabindex=\"0\">taikuudelle<\/span><\/em> (\u0161amaanimainen, oraakkelinomainen syv\u00e4 <span class=\"iwg-fachbegriff\" data-tooltip=\"K\u00e4yt\u00e4nt\u00f6j\u00e4, joilla pyrit\u00e4\u00e4n erityisin toimin tai kaavoin vaikuttamaan asioiden kulkuun.\" tabindex=\"0\">taikuus<\/span>, jonka h\u00e4n opetti aaseille). Henkil\u00f6kohtaisessa <span class=\"iwg-fachbegriff\" data-tooltip=\"Jumaluuden tai pyh\u00e4n hahmon palvontamenojen kokonaisuus.\" tabindex=\"0\">kultissa<\/span> <span class=\"iwg-fachbegriff\" data-tooltip=\"Jumaluuden tai voiman puoleen k\u00e4\u00e4ntyminen rukoillen tai loitsien.\" tabindex=\"0\">avuksihuuto<\/span> rakkausasioissa, hedelm\u00e4llisyystarpeissa, sota- ja seid-k\u00e4yt\u00e4nn\u00f6ss\u00e4. Nykyisess\u00e4 asatrussa keskeinen naisten initiaatiojumalatar.<\/p>\t\t\t\t\t\t\t\t<\/div>\n\t\t\t\t\t<\/div>\n\t\t\t\t<\/div>\n\t\t<div class=\"elementor-element elementor-element-jm2n74ec iwg-steckbrief-card e-flex e-con-boxed e-con e-child\" data-id=\"jm2n74ec\" data-element_type=\"container\" data-e-type=\"container\">\n\t\t\t\t\t<div class=\"e-con-inner\">\n\t\t\t\t<div class=\"elementor-element elementor-element-8vufse4c elementor-widget elementor-widget-heading\" data-id=\"8vufse4c\" data-element_type=\"widget\" data-e-type=\"widget\" data-widget_type=\"heading.default\">\n\t\t\t\t\t<h3 class=\"elementor-heading-title elementor-size-default\">Esitt\u00e4minen<\/h3>\t\t\t\t<\/div>\n\t\t\t\t<div class=\"elementor-element elementor-element-mwb9u015 elementor-widget elementor-widget-text-editor\" data-id=\"mwb9u015\" data-element_type=\"widget\" data-e-type=\"widget\" data-widget_type=\"text-editor.default\">\n\t\t\t\t\t\t\t\t\t<p>Kaunis nuori nainen, usein kuvattu nuorekkaan-eroottisena, selv\u00e4sti erilainen kuin matroonamainen Frigg. Kultaiset hiukset, monikerroksinen hovipuku, usein haarniska alla (kaksoisteht\u00e4v\u00e4). <em>Brisingamen-kaulakoru<\/em> p\u00e4\u00e4asiallisena tunnuksena, taidokas kultakaulakoru, jonka h\u00e4n on hankkinut nelj\u00e4lt\u00e4 k\u00e4\u00e4pi\u00f6lt\u00e4 (maaten kunkin kanssa), yksi germaanisen <span class=\"iwg-fachbegriff\" data-tooltip=\"Kulttuurin perinn\u00f6ksi j\u00e4\u00e4neiden jumaltarinoiden kokonaisuus.\" tabindex=\"0\">mytologian<\/span> kuuluisimmista tarinoista. <em>Haukan h\u00f6ytymantteli<\/em> (haukan-fja\u00f0rhamr), jonka h\u00e4n lainaa my\u00f6s Lokille.<\/p><p>Ratsastaa vaunuilla, joita vet\u00e4v\u00e4t <em>kaksi suurta kissaa<\/em> (kuuluisin ja tunnistettavin Freyja-<span class=\"iwg-fachbegriff\" data-tooltip=\"Merkki, joka edustaa ajatusta tai merkityst\u00e4.\" tabindex=\"0\">symboli<\/span>). Usein my\u00f6s miekan tai sikahelmin kanssa.<\/p>\t\t\t\t\t\t\t\t<\/div>\n\t\t\t\t\t<\/div>\n\t\t\t\t<\/div>\n\t\t\t\t<\/div>\n\t\t<div class=\"elementor-element elementor-element-pemmx7c2 e-con-full e-flex e-con e-child\" data-id=\"pemmx7c2\" data-element_type=\"container\" data-e-type=\"container\">\n\t\t<div class=\"elementor-element elementor-element-37ss2yr6 iwg-steckbrief-card e-flex e-con-boxed e-con e-child\" data-id=\"37ss2yr6\" data-element_type=\"container\" data-e-type=\"container\">\n\t\t\t\t\t<div class=\"e-con-inner\">\n\t\t\t\t<div class=\"elementor-element elementor-element-3v0wp3wx elementor-widget elementor-widget-heading\" data-id=\"3v0wp3wx\" data-element_type=\"widget\" data-e-type=\"widget\" data-widget_type=\"heading.default\">\n\t\t\t\t\t<h3 class=\"elementor-heading-title elementor-size-default\">Freyjan vaikutus<\/h3>\t\t\t\t<\/div>\n\t\t\t\t<div class=\"elementor-element elementor-element-w3247g2m elementor-widget elementor-widget-text-editor\" data-id=\"w3247g2m\" data-element_type=\"widget\" data-e-type=\"widget\" data-widget_type=\"text-editor.default\">\n\t\t\t\t\t\t\t\t\t<p><strong>Wirkungsbereich:<\/strong> Muinaisgermaanisessa kansanuskonnossa Freyjaa kutsuttiin avuksi rakkausasioissa ja hedelm\u00e4llisyysasioissa. <em>Seid-harjoittajia<\/em> (my\u00f6hemmin <em>v\u00f6lvia<\/em>, ennustavia naisia) pidettiin h\u00e4nen seuraajinaan. Skandinaavisessa kansanperinteess\u00e4 kissat olivat h\u00e4nen pyhi\u00e4 el\u00e4imi\u00e4\u00e4n, mist\u00e4 johtuu tabu vahingoittaa kissaa.<\/p><p>Nykyisess\u00e4 <em>asatru<\/em>-perinteess\u00e4 naisten bl\u00f3t-kokoontumisten p\u00e4\u00e4ttajumalatar (erityisesti vanatru-haaroissa, jotka keskittyv\u00e4t vaaneihin). Pyh\u00e4 viikonp\u00e4iv\u00e4: perjantai (joissakin perinteiss\u00e4 jaettu Friggin kanssa; joidenkin tutkijoiden mukaan Frigg ja Freyja olivat alun perin sama hahmo).<\/p>\t\t\t\t\t\t\t\t<\/div>\n\t\t\t\t\t<\/div>\n\t\t\t\t<\/div>\n\t\t<div class=\"elementor-element elementor-element-0qpjal9w iwg-steckbrief-card e-flex e-con-boxed e-con e-child\" data-id=\"0qpjal9w\" data-element_type=\"container\" data-e-type=\"container\">\n\t\t\t\t\t<div class=\"e-con-inner\">\n\t\t\t\t<div class=\"elementor-element elementor-element-6ndoih0o elementor-widget elementor-widget-heading\" data-id=\"6ndoih0o\" data-element_type=\"widget\" data-e-type=\"widget\" data-widget_type=\"heading.default\">\n\t\t\t\t\t<h3 class=\"elementor-heading-title elementor-size-default\">Torjuntamuodot<\/h3>\t\t\t\t<\/div>\n\t\t\t\t<div class=\"elementor-element elementor-element-6684tyh9 elementor-widget elementor-widget-text-editor\" data-id=\"6684tyh9\" data-element_type=\"widget\" data-e-type=\"widget\" data-widget_type=\"text-editor.default\">\n\t\t\t\t\t\t\t\t\t<p>Brisingamen-kaulakoru (p\u00e4\u00e4asiallinen tunnus, taidokas kultakaulakoru), haukan h\u00f6ytymantteli, kissavaunut (kaksi suurta kissaa), miekka, sikahelmi, kultaiset kyyneleet (<span class=\"iwg-fachbegriff\" data-tooltip=\"Merkki, joka edustaa ajatusta tai merkityst\u00e4.\" tabindex=\"0\">symboli<\/span> h\u00e4nen Od-etsint\u00e4ns\u00e4). Pyh\u00e4t el\u00e4imet: kissa (erityisesti pohjoismainen mets\u00e4kissa), sika (h\u00e4n ratsastaa my\u00f6s kultaharjaksisella <em>Hildiswinill\u00e4<\/em>), haukka. Pyh\u00e4t kasvit: mansikka, seljapensas, p\u00e4iv\u00e4nkakkara (kansanperinteess\u00e4 &bdquo;Freyja-kasvit&ldquo;), t\u00e4htikki. Pyh\u00e4 viikonp\u00e4iv\u00e4: perjantai.<\/p>\t\t\t\t\t\t\t\t<\/div>\n\t\t\t\t\t<\/div>\n\t\t\t\t<\/div>\n\t\t<div class=\"elementor-element elementor-element-3lfi7x32 iwg-steckbrief-card e-flex e-con-boxed e-con e-child\" data-id=\"3lfi7x32\" data-element_type=\"container\" data-e-type=\"container\">\n\t\t\t\t\t<div class=\"e-con-inner\">\n\t\t\t\t<div class=\"elementor-element elementor-element-0kg99ga1 elementor-widget elementor-widget-heading\" data-id=\"0kg99ga1\" data-element_type=\"widget\" data-e-type=\"widget\" data-widget_type=\"heading.default\">\n\t\t\t\t\t<h3 class=\"elementor-heading-title elementor-size-default\">Vastineet<\/h3>\t\t\t\t<\/div>\n\t\t\t\t<div class=\"elementor-element elementor-element-n0fum6kp elementor-widget elementor-widget-text-editor\" data-id=\"n0fum6kp\" data-element_type=\"widget\" data-e-type=\"widget\" data-widget_type=\"text-editor.default\">\n\t\t\t\t\t\t\t\t\t<p><em>Frigg<\/em> (germaaninen, l\u00e4heist\u00e4 sukua oleva tai mahdollisesti alun perin samaistettu jumalatar), <em>Afrodite<\/em> (Kreikka, rakkauden jumalatar), <em>Venus<\/em> (Rooma), <em>Inanna\/I\u0161tar<\/em> (Mesopotamia, rakkaus ja sota yhdess\u00e4 hahmossa, huomattavan samankaltainen Freyjan kanssa), <em>Astarte<\/em> (Foinikia), <em>Hathor<\/em> (Egypti), <em>Lakshmi<\/em> (hindulaisuus), <em>Erzulie Freda<\/em> (vodou). Toiminnallisesti kaikki rakkauden ja sodan kaksoisjumalattaret jakavat Freyjan piirteit\u00e4. Germaanisessa <span class=\"iwg-fachbegriff\" data-tooltip=\"Uskonnon tai kulttuurin kaikkien jumalten kokonaisuus.\" tabindex=\"0\">pantheonissa<\/span> h\u00e4n on Odinin j\u00e4lkeen t\u00e4rkein <span class=\"iwg-fachbegriff\" data-tooltip=\"Uskonnon sis\u00e4ll\u00e4 jumalallisena palvottu olento.\" tabindex=\"0\">jumaluus<\/span> ylip\u00e4\u00e4t\u00e4\u00e4n.<\/p>\n<p>Anglosaksisessa perinteess\u00e4 ei ole s\u00e4ilynyt suoraa Freyjan vastinetta, mutta viikonp\u00e4iv\u00e4 perjantai (muinaisenglanniksi <em>fr\u012bged\u00e6g<\/em>) johdetaan jumalattaresta nimelt\u00e4 Frige. Tutkimuksessa keskustellaan siit\u00e4, palautuvatko Frige, Frigg ja Freyja yhteiseen vanhempaan jumalhahmoon, vai olivatko ne aina erillisi\u00e4 hahmoja. Britt-Mari N\u00e4sstr\u00f6m on esitt\u00e4nyt teorian, jonka mukaan kaikki kolme hahmoa olivat alun perin sama jumalatar; teoria on kuitenkin kiistanalainen, ja muut tutkijat ovat hyl\u00e4nneet sen.<\/p>\t\t\t\t\t\t\t\t<\/div>\n\t\t\t\t\t<\/div>\n\t\t\t\t<\/div>\n\t\t\t\t<\/div>\n\t\t\t\t<\/div>\n\t\t\t\t\t<\/div>\n\t\t\t\t<\/div>\n\t\t<div class=\"elementor-element elementor-element-5a584676 e-flex e-con-boxed e-con e-parent\" data-id=\"5a584676\" data-element_type=\"container\" data-e-type=\"container\">\n\t\t\t\t\t<div class=\"e-con-inner\">\n\t\t\t\t<div class=\"elementor-element elementor-element-6d0757bf elementor-widget elementor-widget-heading\" data-id=\"6d0757bf\" data-element_type=\"widget\" data-e-type=\"widget\" data-widget_type=\"heading.default\">\n\t\t\t\t\t<h2 class=\"elementor-heading-title elementor-size-default\">Freyja, vastineita muissa kulttuureissa<\/h2>\t\t\t\t<\/div>\n\t\t<div class=\"elementor-element elementor-element-60563f68 e-con-full e-flex e-con e-child\" data-id=\"60563f68\" data-element_type=\"container\" data-e-type=\"container\">\n\t\t\t\t<div class=\"elementor-element elementor-element-5a93fdd6 elementor-widget elementor-widget-text-editor\" data-id=\"5a93fdd6\" data-element_type=\"widget\" data-e-type=\"widget\" data-widget_type=\"text-editor.default\">\n\t\t\t\t\t\t\t\t\t<p>Freyja jakaa piirteit\u00e4 Inannan, Afroditen ja Devi-Shakti-perinteen kanssa: rakkauden, sodan ja <span class=\"iwg-fachbegriff\" data-tooltip=\"K\u00e4yt\u00e4nt\u00f6j\u00e4, joilla pyrit\u00e4\u00e4n erityisin toimin tai kaavoin vaikuttamaan tapahtumien kulkuun.\" tabindex=\"0\">magian<\/span> moniulotteinen teht\u00e4v\u00e4 on germaanis-pohjoismaisessa <span class=\"iwg-fachbegriff\" data-tooltip=\"Uskonnon tai kulttuurin jumalten kokonaisuus.\" tabindex=\"0\">panteonissa<\/span> ainutlaatuisella tavalla tiivistynyt. Toisin kuin muiden kulttuurien puhtaat rakkaudenjumalattaret, Freyja johtaa omaa sotajoukkoa ja hallitsee omaa maagista perinnett\u00e4\u00e4n, sei\u00f0ri\u00e4.<\/p>\n<p><strong>Juutalainen perinne:<\/strong> Lilith ja muut demoniset tai maagiset naishahmot jakavat Freyjan kanssa piirteit\u00e4 seksuaalisesta itsem\u00e4\u00e4r\u00e4\u00e4misoikeudesta, taikuuden hallinnasta ja riippumattomuudesta patriarkaalisesta <span class=\"iwg-fachbegriff\" data-tooltip=\"Uskonnon tai kulttuurin jumalten kokonaisuus.\" tabindex=\"0\">panteonista<\/span>. Kulttuurihistoriallisesti hahmot eroavat toisistaan, mutta rakenteellisesti ne muistuttavat toisiaan kapinallisuudessaan.<\/p><p><strong>Kreikkalais-roomalainen maailma:<\/strong> Afrodite ja Venus vastaavat Freyjaa rakkauden ja aistillisuuden puolella, kun taas Athena vastaa sotaisaa puolta. Mik\u00e4\u00e4n kreikkalainen jumalatar ei yhdist\u00e4 molempia ulottuvuuksia samalla tavalla kuin Freyja.<\/p><p><strong>Slaavilainen perinne:<\/strong> Freyja ja slaavilaiset rakkaudenjumalattaret, kuten Moko\u0161 tai Zvezda, osoittavat yht\u00e4l\u00e4isyyksi\u00e4 hedelm\u00e4llisyydess\u00e4, kodinhoidossa ja naisellisessa <span class=\"iwg-fachbegriff\" data-tooltip=\"K\u00e4yt\u00e4nt\u00f6j\u00e4, joilla pyrit\u00e4\u00e4n erityisin toimin tai kaavoin vaikuttamaan tapahtumien kulkuun.\" tabindex=\"0\">magiassa<\/span>. Molemmat perinteet s\u00e4ilytt\u00e4v\u00e4t indoeurooppalaisen jumalattaren kaksijakoisuuden em\u00e4nt\u00e4n\u00e4 ja taistelijana.<\/p><p><strong>Hindulaisuus:<\/strong> Lakshmi ja Durga ilment\u00e4v\u00e4t samankaltaisesti vaurautta ja aistillisuutta sek\u00e4 sotaista voimaa, ja Durga Shaktina vastaa my\u00f6s Freyjan taisteluroolia.<\/p>\n<p>Vertailevassa indoeurooppalaisessa uskontotutkimuksessa Georges Dum\u00e9zil on tulkinnut Freyjan esimerkiksi indoeurooppalaisten kolmen perusfunktion kolmannesta, hedelm\u00e4llisyyden, aineellisen vaurauden ja lis\u00e4\u00e4ntymisen funktiosta. T\u00e4ss\u00e4 tulkintakehyksess\u00e4 vaanit kokonaisuudessaan edustavat t\u00e4t\u00e4 kolmatta funktiota, kun aasat ilment\u00e4v\u00e4t ensisijaisesti ensimm\u00e4ist\u00e4 (valta) ja toista (sotaisuus) funktiota.<\/p>\t\t\t\t\t\t\t\t<\/div>\n\t\t\t\t<\/div>\n\t\t\t\t\t<\/div>\n\t\t\t\t<\/div>\n\t\t<div class=\"elementor-element elementor-element-cp34382c3 e-flex e-con-boxed e-con e-parent\" data-id=\"cp34382c3\" data-element_type=\"container\" data-e-type=\"container\">\n\t\t\t\t\t<div class=\"e-con-inner\">\n\t\t\t\t<div class=\"elementor-element elementor-element-cpc1c652b elementor-widget elementor-widget-heading\" data-id=\"cpc1c652b\" data-element_type=\"widget\" data-e-type=\"widget\" data-widget_type=\"heading.default\">\n\t\t\t\t\t<h2 class=\"elementor-heading-title elementor-size-default\">L\u00e4hteet: Snorri, Runo-Edda ja my\u00f6h\u00e4isen perim\u00e4tiedon ongelma<\/h2>\t\t\t\t<\/div>\n\t\t<div class=\"elementor-element elementor-element-cp2297e66 e-con-full e-flex e-con e-child\" data-id=\"cp2297e66\" data-element_type=\"container\" data-e-type=\"container\">\n\t\t\t\t<div class=\"elementor-element elementor-element-cp05b5ca9 elementor-widget elementor-widget-text-editor\" data-id=\"cp05b5ca9\" data-element_type=\"widget\" data-e-type=\"widget\" data-widget_type=\"text-editor.default\">\n\t\t\t\t\t\t\t\t\t<p>Se, mit\u00e4 tied\u00e4mme Freyjasta, on per\u00e4isin l\u00e4hes yksinomaan teksteist\u00e4, jotka kirjoitettiin kristillisell\u00e4 Islannilla 1200-luvulla, siis vuosisatoja Skandinavian kristillistymisen j\u00e4lkeen. T\u00e4rkeimm\u00e4t l\u00e4hteet ovat <em>Runo-Edda<\/em>, mytologisten ja sankarirunojen kokoelma, sek\u00e4 Snorri Sturlusonin <em>Snorrin Edda<\/em>, runousopin k\u00e4sikirja, joka esitt\u00e4\u00e4 mytologiset aiheet j\u00e4rjestelm\u00e4llisesti.<\/p><p>Snorri lukee Freyjan <em>vaneihin<\/em>, siihen jumalsukuun, joka erotetaan <em>aasoista<\/em> ja joka liittyy n\u00e4ihin molempien ryhmien v\u00e4lisen myyttisen sodan j\u00e4lkeen.<\/p><p>H\u00e4n kutsuu Freyjaa jumalattarista jaloimmaksi ja antaa h\u00e4nelle asuinsijaksi F\u00f3lkvangrin, jossa sijaitsee Sessr\u00famnir-sali. Usein siteerattu s\u00e4keist\u00f6 kertoo, ett\u00e4 Freyja saa puolet taistelukent\u00e4ll\u00e4 kaatuneista, kun toinen puoli tulee Odinin luo Valhallaan.<\/p><p>T\u00e4m\u00e4 l\u00e4hdetilanne vaatii menetelm\u00e4llist\u00e4 varovaisuutta. Snorri oli oppinut kristitty, joka halusi j\u00e4rjest\u00e4\u00e4 vanhaa tietoa ja s\u00e4ilytt\u00e4\u00e4 sen runoutta varten, mutta joka n\u00e4ki sen my\u00f6s oman aikansa l\u00e4pi. Kun <em>Runo-Edda<\/em> ja Snorri tukevat toisiaan, <span class=\"iwg-fachbegriff\" data-tooltip=\"Tiedon ja kertomusten v\u00e4litt\u00e4minen sukupolvien yli.\" tabindex=\"0\">perim\u00e4tieto<\/span> on suhteellisen vakaata.<\/p><p>Kun Snorri on ainoa l\u00e4hde, j\u00e4\u00e4 avoimeksi, toistaako h\u00e4n vanhempaa tietoa vai t\u00e4ydent\u00e4\u00e4k\u00f6 h\u00e4n sit\u00e4 j\u00e4rjestelm\u00e4llisesti. Viimeisten vuosikymmenten tutkimus, esimerkiksi Britt-Mari N\u00e4sstr\u00f6min nimenomaan Freyjaa k\u00e4sittelev\u00e4t ty\u00f6t, on siksi korostanut, ett\u00e4 kaikki v\u00e4itteet jumalattaresta on sidottava takaisin l\u00e4hteeseens\u00e4.<\/p>\n<p>Joissakin l\u00e4hdekohdissa Sessr\u00famnir esiintyy my\u00f6s laivan nimen\u00e4, mik\u00e4 on johtanut pohdintoihin Freyjan, laivan ja vainajakultin yhteydest\u00e4. Hilda Ellis Davidson on teoksessaan <em>Gods and Myths of Northern Europe<\/em> (1964) esitt\u00e4nyt, ett\u00e4 Freyjan yhteys kuolemaan ja kohtaloon oli vanhempi ja laajempi kuin my\u00f6hempi kirjallinen perinne osoittaa, ja ett\u00e4 kaatuneiden jakaminen Odinin kanssa perustuu vanien ja aasien k\u00e4sitysten synteesiin.<\/p>\t\t\t\t\t\t\t\t<\/div>\n\t\t\t\t<\/div>\n\t\t\t\t\t<\/div>\n\t\t\t\t<\/div>\n\t\t<div class=\"elementor-element elementor-element-cp7374b57 e-flex e-con-boxed e-con e-parent\" data-id=\"cp7374b57\" data-element_type=\"container\" data-e-type=\"container\">\n\t\t\t\t\t<div class=\"e-con-inner\">\n\t\t\t\t<div class=\"elementor-element elementor-element-cp4d63e8b elementor-widget elementor-widget-heading\" data-id=\"cp4d63e8b\" data-element_type=\"widget\" data-e-type=\"widget\" data-widget_type=\"heading.default\">\n\t\t\t\t\t<h2 class=\"elementor-heading-title elementor-size-default\">Br\u00edsingamen ja riita kissoista<\/h2>\t\t\t\t<\/div>\n\t\t<div class=\"elementor-element elementor-element-cp60a613c e-con-full e-flex e-con e-child\" data-id=\"cp60a613c\" data-element_type=\"container\" data-e-type=\"container\">\n\t\t\t\t<div class=\"elementor-element elementor-element-cp5b7a91b elementor-widget elementor-widget-text-editor\" data-id=\"cp5b7a91b\" data-element_type=\"widget\" data-e-type=\"widget\" data-widget_type=\"text-editor.default\">\n\t\t\t\t\t\t\t\t\t<p>Freyjan kiinteisiin tunnusmerkkeihin kuuluu kaulaketju eli korukoru <em>Br\u00edsingamen<\/em>. Snorri mainitsee sen, ja anglosaksinen eepos <em>Beowulf<\/em> tuntee sukua olevan koruesineen, <em>Brosinga mene<\/em>, mik\u00e4 viittaa siihen, ett\u00e4 k\u00e4sitys tunnettiin laajemminkin kuin Skandinaviassa.<\/p><p>Yksityiskohtainen kertomus Br\u00edsingamenin hankkimisesta on kuitenkin s\u00e4ilynyt vain my\u00f6h\u00e4isess\u00e4 l\u00e4hteess\u00e4, <em>S\u00f6rla \u00fe\u00e1ttrissa<\/em>, 1300-luvulta per\u00e4isin olevassa kertomuksessa, jonka arvo esikristillisen uskonnon l\u00e4hteen\u00e4 on kiistanalainen.<\/p><p><em>Lieder-Eddan<\/em> laulussa <em>\u00derymskvi\u00f0a<\/em> Br\u00edsingamenilla on merkitt\u00e4v\u00e4 rooli, kun Thorin on pukeuduttava Freyjaksi saadakseen takaisin varastetun vasaransa, ja h\u00e4n pukee ylleen my\u00f6s jumalattaren kaulakorun. Jakso on kirjoitettu koomiseen s\u00e4vyyn, ja se osoittaa samalla, kuinka l\u00e4heisesti Br\u00edsingamenin ajateltiin liittyv\u00e4n Freyjan identiteettiin.<\/p><p>Toinen tunnettu tunnusmerkki on h\u00e4nen kissojen vet\u00e4m\u00e4 vaununsa. My\u00f6s t\u00e4m\u00e4 yksityiskohta perustuu olennaisesti Snorrin auktoriteettiin. Tutkimuksessa on keskusteltu siit\u00e4, mit\u00e4 el\u00e4imi\u00e4 alun perin tarkoitettiin, sill\u00e4 muinaisnorjalainen sana ei ole kaikissa tapauksissa yksiselitteinen, ja ehdotettu on my\u00f6s suurempia petoel\u00e4imi\u00e4 tai muita el\u00e4imi\u00e4.<\/p><p>T\u00e4llaiset keskustelut osoittavat, ett\u00e4 jopa n\u00e4enn\u00e4isesti vakiintuneet &#8220;tosiasiat&#8221; Freyjasta perustuvat usein yksitt\u00e4isten sanojen tulkintaan. Sen lis\u00e4ksi h\u00e4nell\u00e4 on Snorrin mukaan haukkapuku-viitta, jonka avulla voi lent\u00e4\u00e4, sek\u00e4 karju Hildisv\u00edni.<\/p>\n<p><em>Lieder-Eddan<\/em> laulussa <em>\u00derymskvi\u00f0a<\/em> j\u00e4ttil\u00e4inen \u00derymr vaatii Freyjaa morsiamekseen hinnaksi Thorin vasaran palauttamisesta. Freyja kielt\u00e4ytyy suuttuneena, jolloin Thor itse l\u00e4hetet\u00e4\u00e4n naisen vaatteissa ja Br\u00edsingamen kaulassaan morsiameksi puettuna \u00derymrin luo. Jakso todistaa, kuinka l\u00e4heisesti Br\u00edsingamenin ajateltiin liittyv\u00e4n Freyjan identiteettiin ja arvokkuuteen, ja osoittaa samalla, ett\u00e4 jumalatarta ei pidetty kaupank\u00e4ynnin kohteena, vaan itsen\u00e4isen\u00e4 toimijana jumalten j\u00e4rjestyksess\u00e4.<\/p>\t\t\t\t\t\t\t\t<\/div>\n\t\t\t\t<\/div>\n\t\t\t\t\t<\/div>\n\t\t\t\t<\/div>\n\t\t<div class=\"elementor-element elementor-element-cp2f361da e-flex e-con-boxed e-con e-parent\" data-id=\"cp2f361da\" data-element_type=\"container\" data-e-type=\"container\">\n\t\t\t\t\t<div class=\"e-con-inner\">\n\t\t\t\t<div class=\"elementor-element elementor-element-cp93ea821 elementor-widget elementor-widget-heading\" data-id=\"cp93ea821\" data-element_type=\"widget\" data-e-type=\"widget\" data-widget_type=\"heading.default\">\n\t\t\t\t\t<h2 class=\"elementor-heading-title elementor-size-default\">Freyja ja sei\u00f0r: taikuutta sukupuoliroolien rajalla<\/h2>\t\t\t\t<\/div>\n\t\t<div class=\"elementor-element elementor-element-cp786ef96 e-con-full e-flex e-con e-child\" data-id=\"cp786ef96\" data-element_type=\"container\" data-e-type=\"container\">\n\t\t\t\t<div class=\"elementor-element elementor-element-cp169d5c6 elementor-widget elementor-widget-text-editor\" data-id=\"cp169d5c6\" data-element_type=\"widget\" data-e-type=\"widget\" data-widget_type=\"text-editor.default\">\n\t\t\t\t\t\t\t\t\t<p>Uskontohistoriallisesti erityisen kiinnostava <span class=\"iwg-fachbegriff\" data-tooltip=\"Tiedon ja kertomusten v\u00e4littymist\u00e4 sukupolvelta toiselle.\" tabindex=\"0\">perim\u00e4tieto<\/span> yhdist\u00e4\u00e4 Freyjan <em>sei\u00f0riin<\/em>, riittimagian muotoon. Snorri kertoo <em>Ynglinga-saagassa<\/em>, ett\u00e4 Freyja hallitsi t\u00e4m\u00e4n taidon ja opetti sen aasoille, erityisesti Odinille. L\u00e4hteiden mukaan <em>sei\u00f0ri\u00e4<\/em> k\u00e4ytettiin muun muassa <span class=\"iwg-fachbegriff\" data-tooltip=\"Merkkien tulkintaa, jonka avulla pyrit\u00e4\u00e4n tunnistamaan salattua tai tulevaa.\" tabindex=\"0\">ennustamiseen<\/span>, onnen ja kohtalon vaikuttamiseen sek\u00e4 vahingoittavaan <span class=\"iwg-fachbegriff\" data-tooltip=\"K\u00e4yt\u00e4nt\u00f6j\u00e4, joilla pyrit\u00e4\u00e4n erityisin toimin tai kaavoin vaikuttamaan tapahtumien kulkuun.\" tabindex=\"0\">magiaan<\/span>.<\/p><p>Huomionarvoista on, ett\u00e4 <em>sei\u00f0r<\/em> n\u00e4ytt\u00e4ytyy l\u00e4hteiss\u00e4 sukupuoliongelmaan kytkeytyneen\u00e4. Useat tekstit viittaavat siihen, ett\u00e4 <em>sei\u00f0rin<\/em> harjoittaminen katsottiin miehille ep\u00e4miehekk\u00e4\u00e4ksi, <em>ergiksi<\/em>.<\/p><p>Kun Odin harjoittaa <em>sei\u00f0ri\u00e4<\/em>, Loki syytt\u00e4\u00e4 h\u00e4nt\u00e4 siit\u00e4 h\u00e4pe\u00e4llisen\u00e4 teoksena <em>Lokasennassa<\/em>. Se, ett\u00e4 taito on per\u00e4isin jumalattaralta ja sit\u00e4 harjoittivat ensisijaisesti naiset, sopii t\u00e4h\u00e4n kuvaan.<\/p><p>Freyja seisoo siten risteyskohdassa. H\u00e4n yhdist\u00e4\u00e4 rakkauden ja hedelm\u00e4llisyyden alueet, jotka h\u00e4nelle useimmiten liitet\u00e4\u00e4n, salatun tiedon ja kohtalon hallintaan. T\u00e4m\u00e4 yhteys ei ole ristiriita, vaan vastaa mallia, joka esiintyy my\u00f6s muissa vaani-jumaluuksissa: hedelm\u00e4llisyys ja kohtalonvalta kuuluvat yhteen, koska molemmat koskevat syntymist\u00e4 ja katoamista.<\/p><p>Tutkimuksessa keskustellaan siit\u00e4, k\u00e4tkeytyyk\u00f6 Freyjan taakse vanhempi ja laajemmalle levinnyt kohtalon- ja kasvillisuusjumalatar, jonka hahmo on s\u00e4ilyneess\u00e4 <span class=\"iwg-fachbegriff\" data-tooltip=\"Kulttuurin perinn\u00e4isten jumalkertomusten kokonaisuutta.\" tabindex=\"0\">mytologiassa<\/span> n\u00e4kyviss\u00e4 vain osittain. L\u00e4hteet eiv\u00e4t anna varmaa vastausta, mutta <em>sei\u00f0rin<\/em>, sodan, rakkauden ja kuoleman yhteys tekee Freyjasta yhden pohjoismaisen panteonin monitahoisimmista hahmoista.<\/p>\n<p><em>Eir\u00edkr Punaisen saaga<\/em> tarjoaa yhden islantilaisen saagakirjallisuuden havainnollisimmista kuvauksista sei\u00f0rin harjoittamisesta: n\u00e4kij\u00e4t\u00e4r istuu korotetulla telineell\u00e4, vaipuu lauluun avulla transsiin ja antaa profeetallisia neuvoja. T\u00e4m\u00e4 kuvaus osoittaa rituaalisen kehyksen, jossa sei\u00f0ri\u00e4 harjoitettiin, ja todistaa transsin, laulun ja ennustamisen l\u00e4heisen yhteyden. Neil Price on sei\u00f0ri\u00e4 ja pohjoismaista sotaideologiaa k\u00e4sitteleviss\u00e4 tutkimuksissaan nostanut esiin t\u00e4m\u00e4n k\u00e4yt\u00e4nn\u00f6n keskeisen\u00e4 ja pitk\u00e4\u00e4n aliarvioituna osana muinaispohjoismaista uskontoa, korostaen samalla Freyjan roolia t\u00e4m\u00e4n taidon alkuper\u00e4isen\u00e4 opettajana.<\/p>\t\t\t\t\t\t\t\t<\/div>\n\t\t\t\t<\/div>\n\t\t\t\t\t<\/div>\n\t\t\t\t<\/div>\n\t\t<div class=\"elementor-element elementor-element-36dd7469 e-flex e-con-boxed e-con e-parent\" data-id=\"36dd7469\" data-element_type=\"container\" data-e-type=\"container\">\n\t\t\t\t\t<div class=\"e-con-inner\">\n\t\t\t\t<div class=\"elementor-element elementor-element-13760ab4 elementor-widget elementor-widget-heading\" data-id=\"13760ab4\" data-element_type=\"widget\" data-e-type=\"widget\" data-widget_type=\"heading.default\">\n\t\t\t\t\t<h2 class=\"elementor-heading-title elementor-size-default\">Aiheeseen liittyv\u00e4t linkit<\/h2>\t\t\t\t<\/div>\n\t\t<div class=\"elementor-element elementor-element-28c87796 e-con-full e-flex e-con e-child\" data-id=\"28c87796\" data-element_type=\"container\" data-e-type=\"container\">\n\t\t\t\t<div class=\"elementor-element elementor-element-5d6538df elementor-widget elementor-widget-text-editor\" data-id=\"5d6538df\" data-element_type=\"widget\" data-e-type=\"widget\" data-widget_type=\"text-editor.default\">\n\t\t\t\t\t\t\t\t\t<ul><li><a href=\"https:\/\/iwell-guard.com\/fi\/?page_id=143948\">Odin, jakaa h\u00e4nen kanssaan kaatuneet sotilaat<\/a><\/li><li><a href=\"https:\/\/iwell-guard.com\/fi\/?page_id=144053\">Frigg, sukua oleva germaaninen jumalatar<\/a><\/li><li><a href=\"https:\/\/iwell-guard.com\/fi\/?page_id=144114\">Afrodite, kreikkalainen rakkauden vastine<\/a><\/li><li><a href=\"https:\/\/iwell-guard.com\/fi\/?page_id=143849\">Germaaninen, pantheon-yleiskatsaus<\/a><\/li><li><a href=\"https:\/\/iwell-guard.com\/fi\/?page_id=143914\">Jumalat, luokkien yleiskatsaus<\/a><\/li><\/ul>\t\t\t\t\t\t\t\t<\/div>\n\t\t\t\t<\/div>\n\t\t\t\t\t<\/div>\n\t\t\t\t<\/div>\n\t\t<div class=\"elementor-element elementor-element-grl4kl40 e-flex e-con-boxed e-con e-parent\" data-id=\"grl4kl40\" data-element_type=\"container\" data-e-type=\"container\">\n\t\t\t\t\t<div class=\"e-con-inner\">\n\t\t\t\t<div class=\"elementor-element elementor-element-bzsbfrmh elementor-widget elementor-widget-heading\" data-id=\"bzsbfrmh\" data-element_type=\"widget\" data-e-type=\"widget\" data-widget_type=\"heading.default\">\n\t\t\t\t\t<h2 class=\"elementor-heading-title elementor-size-default\">Tutkimuskirjallisuus<\/h2>\t\t\t\t<\/div>\n\t\t<div class=\"elementor-element elementor-element-2c13224a e-con-full e-flex e-con e-child\" data-id=\"2c13224a\" data-element_type=\"container\" data-e-type=\"container\">\n\t\t\t\t<div class=\"elementor-element elementor-element-0eymh9ub elementor-widget elementor-widget-text-editor\" data-id=\"0eymh9ub\" data-element_type=\"widget\" data-e-type=\"widget\" data-widget_type=\"text-editor.default\">\n\t\t\t\t\t\t\t\t\t<footer class=\"iwg-literatur\" data-nosnippet=\"true\"><ul><li><span data-nosnippet>N&auml;sstr&ouml;m, Britt-Mari: <em>Freyja. The Great Goddess of the North<\/em>. Lund 1995 (perusteos).<\/span><\/li><li><span data-nosnippet>Simek, Rudolf: <em>Lexikon der germanischen <span class=\"iwg-fachbegriff\" data-tooltip=\"Kulttuurin s\u00e4ilyneiden jumalkertomusten kokonaisuutta.\" tabindex=\"0\">Mythologie<\/span><\/em>. Stuttgart 2006.<\/span><\/li><li><span data-nosnippet>de Vries, Jan: <em>Altgermanische Religionsgeschichte<\/em>. Berlin 1956\/57.<\/span><\/li><li><span data-nosnippet>Lindow, John: <em>Norse Mythology. A Guide to the Gods, Heroes, Rituals, and Beliefs<\/em>. Oxford 2001.<\/span><\/li><li><span data-nosnippet>Davidson, Hilda Ellis: <em>Roles of the Northern Goddess<\/em>. London 1998.<\/span><\/li><li>Snorri Sturluson: <em>Snorra-Edda<\/em> (useita k\u00e4\u00e4nn\u00f6ksi\u00e4).<\/li><li>Walde, Christine (Hg.): <em>Der Neue Pauly<\/em> (hakusana &bdquo;Freyja&ldquo;).<\/li><li><span data-nosnippet>Davidson, Hilda Ellis: <em>Gods and Myths of Northern Europe<\/em>. London 1964.<\/span><\/li><li><span data-nosnippet>Brink, Stefan; Hultg\u00e5rd, Anders: Freyja-perinnett\u00e4 k\u00e4sittelev\u00e4 osuus teoksessa: <em>Old Norse Religion in Long-Term Perspectives<\/em>. Lund 2006.<\/span><\/li><li><span data-nosnippet>\u00c1sd\u00edsard\u00f3ttir, Ingunn: <em>Frigg og Freyja<\/em>. Reykjav\u00edk 2007.<\/span><\/li><\/ul><\/footer>\t\t\t\t\t\t\t\t<\/div>\n\t\t\t\t<\/div>\n\t\t\t\t\t<\/div>\n\t\t\t\t<\/div>\n\t\t\t\t<section class=\"elementor-section elementor-top-section elementor-element elementor-element-wv-freyja-faq elementor-section-boxed elementor-section-height-default elementor-section-height-default\" data-id=\"wv-freyja-faq\" data-element_type=\"section\" data-e-type=\"section\">\n\t\t\t\t\t\t<div class=\"elementor-container elementor-column-gap-default\">\n\t\t\t\t\t<div class=\"elementor-column elementor-col-100 elementor-top-column elementor-element elementor-element-wv-freyja-faq-col\" data-id=\"wv-freyja-faq-col\" data-element_type=\"column\" data-e-type=\"column\">\n\t\t\t<div class=\"elementor-widget-wrap elementor-element-populated\">\n\t\t\t\t\t\t<div class=\"elementor-element elementor-element-wv-freyja-h elementor-widget elementor-widget-heading\" data-id=\"wv-freyja-h\" data-element_type=\"widget\" data-e-type=\"widget\" data-widget_type=\"heading.default\">\n\t\t\t\t\t<h2 class=\"elementor-heading-title elementor-size-default\">Usein kysytyt kysymykset Freyjasta<\/h2>\t\t\t\t<\/div>\n\t\t\t\t<div class=\"elementor-element elementor-element-wv-freyja-t elementor-widget elementor-widget-text-editor\" data-id=\"wv-freyja-t\" data-element_type=\"widget\" data-e-type=\"widget\" data-widget_type=\"text-editor.default\">\n\t\t\t\t\t\t\t\t\t\n<details class=\"iwg-faq-item\">\n  <summary><strong>Kuka on Freya?<\/strong><\/summary>\n  <p>Freya (muinaisnorjaksi Freyja, &quot;valtiatar&quot;) on pohjoismaisen <span class=\"iwg-fachbegriff\" data-tooltip=\"Uskonnossa jumalallisena palvottu olento.\" tabindex=\"0\">mytologian<\/span> t\u00e4rkein naispuolinen <span class=\"iwg-fachbegriff\" data-tooltip=\"Uskonnossa jumalallisena palvottu olento.\" tabindex=\"0\">jumaluus<\/span>. H\u00e4n kuuluu vaanien sukuun ja h\u00e4nt\u00e4 pidet\u00e4\u00e4n rakkauden, hedelm\u00e4llisyyden, kohtalontiedon ja sei\u00f0r-<span class=\"iwg-fachbegriff\" data-tooltip=\"K\u00e4yt\u00e4nt\u00f6j\u00e4, joilla pyrit\u00e4\u00e4n vaikuttamaan tapahtumien kulkuun erityisin toimin tai kaavoin.\" tabindex=\"0\">taian<\/span> suojelijattarena. H\u00e4ness\u00e4 yhdistyv\u00e4t eroottiset, maagiset ja sotaisat piirteet, mik\u00e4 tekee h\u00e4nest\u00e4 yhden germaanisen <span class=\"iwg-fachbegriff\" data-tooltip=\"Tiedon ja kertomusten v\u00e4littymist\u00e4 sukupolvelta toiselle.\" tabindex=\"0\">perinteen<\/span> monitahoisimmista hahmoista.<\/p>\n<\/details>\n\n<details class=\"iwg-faq-item\">\n  <summary><strong>Mik\u00e4 on Freyan asema vaanien joukossa?<\/strong><\/summary>\n  <p>Freya polveutuu vaanien suvusta, vanhemmasta jumalperheest\u00e4, joka otettiin vaanien sodan j\u00e4lkeen aasien piiriin. H\u00e4n on Nj\u00f6r\u00f0in tyt\u00e4r ja Freyrin sisar, ja h\u00e4nt\u00e4 pidet\u00e4\u00e4n vaanien ylimp\u00e4n\u00e4 jumalattarena. Snorri kuvaa h\u00e4nt\u00e4 Gylfaginningissa Friggin ohella pohjoismaisen jumaltaruston t\u00e4rkeimp\u00e4n\u00e4 naispuolisena <span class=\"iwg-fachbegriff\" data-tooltip=\"Uskonnossa jumalallisena palvottu olento.\" tabindex=\"0\">jumaluutena<\/span>.<\/p>\n<\/details>\n\n<details class=\"iwg-faq-item\">\n  <summary><strong>Mik\u00e4 on Freyan yhteys sodassa kaatuneisiin?<\/strong><\/summary>\n  <p>Gr\u00edmnism\u00e1lin ja Snorrin Gylfaginningin mukaan Freya vastaanottaa Folkvangr-salissaan puolet taistelussa kaatuneista. Toinen puolisko lankeaa Odinille Valhallaan. Hilda Ellis Davidson on esitt\u00e4nyt, ett\u00e4 Freyan yhteys kuolemaan ja kohtaloon oli alkujaan vanhempi ja laajempi kuin my\u00f6hempi kirjallinen perinne antaa ymm\u00e4rt\u00e4\u00e4. N\u00e4in h\u00e4n yhdist\u00e4\u00e4 itsess\u00e4\u00e4n vastuualueita, jotka muutoin n\u00e4ytt\u00e4v\u00e4t jakautuneen useiden jumaluuksien kesken.<\/p>\n<\/details>\n\n<details class=\"iwg-faq-item\">\n  <summary><strong>Millainen on l\u00e4hdeaineisto Freyasta?<\/strong><\/summary>\n  <p>Keskeiset kirjalliset l\u00e4hteet ovat 1200-luvulta, muun muassa Snorra-Edda, Runoeddat ja my\u00f6hemmin tallennettu S\u00f6rla \u00fe\u00e1ttr. Tekstit heijastavat esikristillist\u00e4 uskontoa vain kristillisesti v\u00e4rittyneen kirjaamisen l\u00e4pi, ei suoraan. Arkeologinen <span class=\"iwg-fachbegriff\" data-tooltip=\"Tiedon ja kertomusten v\u00e4littymist\u00e4 sukupolvelta toiselle.\" tabindex=\"0\">todistusaineisto<\/span> on v\u00e4h\u00e4isemp\u00e4\u00e4 kuin Odinin tai Thorin kohdalla, mink\u00e4 vuoksi monet Freyaa koskevat v\u00e4itteet ovat edelleen tutkimuskeskustelun kohteena.<\/p>\n<\/details>\n\t\t\t\t\t\t\t\t<\/div>\n\t\t\t\t<div class=\"elementor-element elementor-element-wv-freyja-s elementor-widget elementor-widget-html\" data-id=\"wv-freyja-s\" data-element_type=\"widget\" data-e-type=\"widget\" data-widget_type=\"html.default\">\n\t\t\t\t\t<script type=\"application\/ld+json\">{\"@context\": \"https:\/\/schema.org\", \"@type\": \"FAQPage\", \"mainEntity\": [{\"@type\": \"Question\", \"name\": \"Kuka on Freya?\", \"acceptedAnswer\": {\"@type\": \"Answer\", \"text\": \"Freya (muinaisnorjaksi Freyja, \\\"valtiatar\\\") on pohjoismaisen mytologian t\u00e4rkein naispuolinen jumaluus. H\u00e4n kuuluu vaanien sukuun ja h\u00e4nt\u00e4 pidet\u00e4\u00e4n rakkauden, hedelm\u00e4llisyyden, kohtalontiedon ja sei\u00f0r-taian suojelijattarena. H\u00e4ness\u00e4 yhdistyv\u00e4t eroottiset, maagiset ja sotaisat piirteet, mik\u00e4 tekee h\u00e4nest\u00e4 yhden germaanisen perinteen monitahoisimmista hahmoista.\"}}, {\"@type\": \"Question\", \"name\": \"Mik\u00e4 on Freyan asema vaanien joukossa?\", \"acceptedAnswer\": {\"@type\": \"Answer\", \"text\": \"Freya polveutuu vaanien suvusta, vanhemmasta jumalperheest\u00e4, joka otettiin vaanien sodan j\u00e4lkeen aasien piiriin. H\u00e4n on Nj\u00f6r\u00f0in tyt\u00e4r ja Freyrin sisar, ja h\u00e4nt\u00e4 pidet\u00e4\u00e4n vaanien ylimp\u00e4n\u00e4 jumalattarena. Snorri kuvaa h\u00e4nt\u00e4 Gylfaginningissa Friggin ohella pohjoismaisen jumaltaruston t\u00e4rkeimp\u00e4n\u00e4 naispuolisena jumaluutena.\"}}, {\"@type\": \"Question\", \"name\": \"Mik\u00e4 on Freyan yhteys sodassa kaatuneisiin?\", \"acceptedAnswer\": {\"@type\": \"Answer\", \"text\": \"Gr\u00edmnism\u00e1lin ja Snorrin Gylfaginningin mukaan Freya vastaanottaa Folkvangr-salissaan puolet taistelussa kaatuneista, kun toinen puolisko lankeaa Odinille Valhallaan. Hilda Ellis Davidson on esitt\u00e4nyt, ett\u00e4 Freyan yhteys kuolemaan ja kohtaloon oli alkujaan vanhempi ja laajempi kuin my\u00f6hempi kirjallinen perinne antaa ymm\u00e4rt\u00e4\u00e4. N\u00e4in h\u00e4n yhdist\u00e4\u00e4 itsess\u00e4\u00e4n vastuualueita, jotka muutoin n\u00e4ytt\u00e4v\u00e4t jakautuneen useiden jumaluuksien kesken.\"}}, {\"@type\": \"Question\", \"name\": \"Millainen on l\u00e4hdeaineisto Freyasta?\", \"acceptedAnswer\": {\"@type\": \"Answer\", \"text\": \"Keskeiset kirjalliset l\u00e4hteet ovat 1200-luvulta, muun muassa Snorra-Edda, Runoeddat ja my\u00f6hemmin tallennettu S\u00f6rla \u00fe\u00e1ttr. Tekstit heijastavat esikristillist\u00e4 uskontoa vain kristillisesti v\u00e4rittyneen kirjaamisen l\u00e4pi, ei suoraan. Arkeologinen todistusaineisto on v\u00e4h\u00e4isemp\u00e4\u00e4 kuin Odinin tai Thorin kohdalla, mink\u00e4 vuoksi monet Freyaa koskevat v\u00e4itteet ovat edelleen tutkimuskeskustelun kohteena.\"}}]}<\/script>\t\t\t\t<\/div>\n\t\t\t\t\t<\/div>\n\t\t<\/div>\n\t\t\t\t\t<\/div>\n\t\t<\/section>\n\t\t\t\t<\/div>\n\t\t","protected":false},"excerpt":{"rendered":"","protected":false},"author":3,"featured_media":1571,"parent":0,"menu_order":0,"comment_status":"closed","ping_status":"closed","template":"elementor_header_footer","meta":{"_yoast_wpseo_focuskw":"Freyja","_yoast_wpseo_title":"Freyja - rakkauden ja hedelm\u00e4llisyyden jumalatar","_yoast_wpseo_metadesc":"Freyja, jonka tarina on s\u00e4ilynyt vuosisatojen ajan l\u00e4hteiss\u00e4 kuten Proosa-Eddassa: vaani-jumalatar, joka edustaa rakkautta, hedelm\u00e4llisyytt\u00e4, sotaa ja seid-taikuutta, Folkvangrin haltija.","_yoast_wpseo_meta-robots-noindex":"","_yoast_wpseo_canonical":"","_angie_page":false,"gefaehrdungsstufe":"2","wesen_kultur":"germanisch","wesen_klasse":"goetter","footnotes":""},"categories":[],"class_list":["post-144049","page","type-page","status-publish","has-post-thumbnail","hentry"],"yoast_head":"<!-- This site is optimized with the Yoast SEO Premium plugin v27.7 (Yoast SEO v28.3) - https:\/\/yoast.com\/product\/yoast-seo-premium-wordpress\/ -->\n<title>Freyja - rakkauden ja hedelm\u00e4llisyyden jumalatar<\/title>\n<meta name=\"description\" content=\"Freyja, jonka tarina on s\u00e4ilynyt vuosisatojen ajan l\u00e4hteiss\u00e4 kuten Proosa-Eddassa: vaani-jumalatar, joka edustaa rakkautta, hedelm\u00e4llisyytt\u00e4, sotaa ja seid-taikuutta, Folkvangrin haltija.\" \/>\n<meta name=\"robots\" content=\"index, follow, max-snippet:-1, max-image-preview:large, max-video-preview:-1\" \/>\n<link rel=\"canonical\" href=\"https:\/\/iwell-guard.com\/fi\/freyja\/\" \/>\n<meta property=\"og:locale\" content=\"fi_FI\" \/>\n<meta property=\"og:type\" content=\"article\" \/>\n<meta property=\"og:title\" content=\"Freyja\" \/>\n<meta property=\"og:description\" content=\"Freyja, jonka tarina on s\u00e4ilynyt vuosisatojen ajan l\u00e4hteiss\u00e4 kuten Proosa-Eddassa: vaani-jumalatar, joka edustaa rakkautta, hedelm\u00e4llisyytt\u00e4, sotaa ja seid-taikuutta, Folkvangrin haltija.\" \/>\n<meta property=\"og:url\" content=\"https:\/\/iwell-guard.com\/fi\/freyja\/\" \/>\n<meta property=\"og:site_name\" content=\"iWell Guard\" \/>\n<meta property=\"article:modified_time\" content=\"2026-09-03T12:49:30+00:00\" \/>\n<meta property=\"og:image\" content=\"https:\/\/iwell-guard.com\/wp-content\/uploads\/2026\/04\/goetter_germanisch_freyja.webp\" \/>\n\t<meta property=\"og:image:width\" content=\"1024\" \/>\n\t<meta property=\"og:image:height\" content=\"1536\" \/>\n\t<meta property=\"og:image:type\" content=\"image\/webp\" \/>\n<meta name=\"twitter:card\" content=\"summary_large_image\" \/>\n<script type=\"application\/ld+json\" class=\"yoast-schema-graph\">{\"@context\":\"https:\\\/\\\/schema.org\",\"@graph\":[{\"@type\":\"WebPage\",\"@id\":\"https:\\\/\\\/iwell-guard.com\\\/fi\\\/freyja\\\/\",\"url\":\"https:\\\/\\\/iwell-guard.com\\\/fi\\\/freyja\\\/\",\"name\":\"Freyja - rakkauden ja hedelm\u00e4llisyyden jumalatar\",\"isPartOf\":{\"@id\":\"https:\\\/\\\/iwell-guard.com\\\/fi\\\/#website\"},\"primaryImageOfPage\":{\"@id\":\"https:\\\/\\\/iwell-guard.com\\\/fi\\\/freyja\\\/#primaryimage\"},\"image\":{\"@id\":\"https:\\\/\\\/iwell-guard.com\\\/fi\\\/freyja\\\/#primaryimage\"},\"thumbnailUrl\":\"https:\\\/\\\/iwell-guard.com\\\/wp-content\\\/uploads\\\/2026\\\/04\\\/goetter_germanisch_freyja.webp\",\"datePublished\":\"2026-09-03T12:31:25+00:00\",\"dateModified\":\"2026-09-03T12:49:30+00:00\",\"description\":\"Freyja, jonka tarina on s\u00e4ilynyt vuosisatojen ajan l\u00e4hteiss\u00e4 kuten Proosa-Eddassa: vaani-jumalatar, joka edustaa rakkautta, hedelm\u00e4llisyytt\u00e4, sotaa ja seid-taikuutta, Folkvangrin haltija.\",\"breadcrumb\":{\"@id\":\"https:\\\/\\\/iwell-guard.com\\\/fi\\\/freyja\\\/#breadcrumb\"},\"inLanguage\":\"fi\",\"potentialAction\":[{\"@type\":\"ReadAction\",\"target\":[\"https:\\\/\\\/iwell-guard.com\\\/fi\\\/freyja\\\/\"]}]},{\"@type\":\"ImageObject\",\"inLanguage\":\"fi\",\"@id\":\"https:\\\/\\\/iwell-guard.com\\\/fi\\\/freyja\\\/#primaryimage\",\"url\":\"https:\\\/\\\/iwell-guard.com\\\/wp-content\\\/uploads\\\/2026\\\/04\\\/goetter_germanisch_freyja.webp\",\"contentUrl\":\"https:\\\/\\\/iwell-guard.com\\\/wp-content\\\/uploads\\\/2026\\\/04\\\/goetter_germanisch_freyja.webp\",\"width\":1024,\"height\":1536,\"caption\":\"Jumalia germaanisesta perinteest\u00e4.\"},{\"@type\":\"BreadcrumbList\",\"@id\":\"https:\\\/\\\/iwell-guard.com\\\/fi\\\/freyja\\\/#breadcrumb\",\"itemListElement\":[{\"@type\":\"ListItem\",\"position\":1,\"name\":\"Start\",\"item\":\"https:\\\/\\\/iwell-guard.com\\\/fi\\\/?page_id=143815\"},{\"@type\":\"ListItem\",\"position\":2,\"name\":\"Freyja\"}]},{\"@type\":\"WebSite\",\"@id\":\"https:\\\/\\\/iwell-guard.com\\\/fi\\\/#website\",\"url\":\"https:\\\/\\\/iwell-guard.com\\\/fi\\\/\",\"name\":\"iWell Guard\",\"description\":\"Schutz vor dunklen Einfl\u00fcssen\",\"publisher\":{\"@id\":\"https:\\\/\\\/iwell-guard.com\\\/fi\\\/#organization\"},\"potentialAction\":[{\"@type\":\"SearchAction\",\"target\":{\"@type\":\"EntryPoint\",\"urlTemplate\":\"https:\\\/\\\/iwell-guard.com\\\/fi\\\/?s={search_term_string}\"},\"query-input\":{\"@type\":\"PropertyValueSpecification\",\"valueRequired\":true,\"valueName\":\"search_term_string\"}}],\"inLanguage\":\"fi\"},{\"@type\":\"Organization\",\"@id\":\"https:\\\/\\\/iwell-guard.com\\\/fi\\\/#organization\",\"name\":\"Ittermann electronic GmbH\",\"url\":\"https:\\\/\\\/iwell-guard.com\\\/fi\\\/\",\"logo\":{\"@type\":\"ImageObject\",\"inLanguage\":\"fi\",\"@id\":\"https:\\\/\\\/iwell-guard.com\\\/fi\\\/#\\\/schema\\\/logo\\\/image\\\/\",\"url\":\"https:\\\/\\\/iwell-guard.com\\\/wp-content\\\/uploads\\\/2026\\\/05\\\/Ittermann-Logo-1182x237-1.png\",\"contentUrl\":\"https:\\\/\\\/iwell-guard.com\\\/wp-content\\\/uploads\\\/2026\\\/05\\\/Ittermann-Logo-1182x237-1.png\",\"width\":1182,\"height\":237,\"caption\":\"Ittermann electronic GmbH\"},\"image\":{\"@id\":\"https:\\\/\\\/iwell-guard.com\\\/fi\\\/#\\\/schema\\\/logo\\\/image\\\/\"},\"sameAs\":[\"https:\\\/\\\/pantip.com\\\/profile\\\/9367242\",\"https:\\\/\\\/micro.blog\\\/iwellguard\",\"https:\\\/\\\/www.diggerslist.com\\\/iwellguard\\\/about\",\"https:\\\/\\\/skitterphoto.com\\\/photographers\\\/2870314\\\/iwell-guard\",\"https:\\\/\\\/iwellguard.wordpress.com\\\/2026\\\/06\\\/06\\\/iwell-guard\\\/\",\"https:\\\/\\\/hub.docker.com\\\/u\\\/iwellguard\",\"https:\\\/\\\/www.pinterest.com\\\/iwellguard\\\/\",\"https:\\\/\\\/bit.ly\\\/m\\\/iwellguard\",\"https:\\\/\\\/entre-vos-mains.alsace.eu\\\/profiles\\\/iwellguard\\\/activity\",\"https:\\\/\\\/gravatar.com\\\/reallybeded8fd34\",\"https:\\\/\\\/naijamatta.com\\\/iwellguard\",\"https:\\\/\\\/www.goodreads.com\\\/iwellguard\",\"https:\\\/\\\/profile.hatena.ne.jp\\\/iwellguard\\\/\",\"https:\\\/\\\/experiment.com\\\/users\\\/iwellguard\",\"https:\\\/\\\/wakelet.com\\\/@iWellGuard82270\",\"https:\\\/\\\/www.chordie.com\\\/forum\\\/profile.php?id=2555664\",\"https:\\\/\\\/www.instapaper.com\\\/p\\\/17757966\",\"https:\\\/\\\/www.mapleprimes.com\\\/users\\\/iwellguard\",\"https:\\\/\\\/businesslistingplus.com\\\/profile\\\/iwell-guard\\\/\",\"https:\\\/\\\/telegra.ph\\\/iWell-Guard-06-06\",\"https:\\\/\\\/pbase.com\\\/iwellguard\\\/iwellguard\",\"https:\\\/\\\/b.hatena.ne.jp\\\/iwellguard\\\/20260607#bookmark-4788405196491818882\",\"https:\\\/\\\/fliphtml5.com\\\/home\\\/iwellguard\",\"https:\\\/\\\/anyflip.com\\\/homepage\\\/cmiwl#About\",\"https:\\\/\\\/transfur.com\\\/Users\\\/iwellguard\",\"http:\\\/\\\/delphi.larsbo.org\\\/user\\\/iwellguard\",\"https:\\\/\\\/jobs.lajobsportal.org\\\/profiles\\\/8380803-iwell-guard\",\"https:\\\/\\\/md.chaosdorf.de\\\/s\\\/jfbe5SBdJD\",\"https:\\\/\\\/www.lingvolive.com\\\/en-us\\\/profile\\\/9ecaeaca-ce11-4e51-9e71-01d55e2bff36\\\/translations\",\"https:\\\/\\\/www.fitday.com\\\/fitness\\\/forums\\\/members\\\/iwellguard.html\",\"https:\\\/\\\/www.mymeetbook.com\\\/iwellguard\",\"https:\\\/\\\/pxhere.com\\\/en\\\/photographer-me\\\/5040798\",\"https:\\\/\\\/disqus.com\\\/by\\\/iwellguard\\\/about\\\/\",\"https:\\\/\\\/pastelink.net\\\/hjwciqwq\",\"https:\\\/\\\/pubhtml5.com\\\/homepage\\\/scjhn\\\/\",\"https:\\\/\\\/www.bitchute.com\\\/channel\\\/2O2eOKzNqujT\",\"https:\\\/\\\/audiomack.com\\\/iwellguard\"]},{\"@type\":\"Article\",\"@id\":\"https:\\\/\\\/iwell-guard.com\\\/fi\\\/freyja\\\/#article\",\"isPartOf\":{\"@id\":\"https:\\\/\\\/iwell-guard.com\\\/fi\\\/freyja\\\/\"},\"author\":{\"name\":\"Ralf Ittermann\",\"@id\":\"https:\\\/\\\/iwell-guard.com\\\/fi\\\/#\\\/schema\\\/person\\\/ee2a27f1cac3406c7c6fb5820cb7349f\"},\"headline\":\"Freyja\",\"datePublished\":\"2026-09-03T12:31:25+00:00\",\"dateModified\":\"2026-09-03T12:49:30+00:00\",\"mainEntityOfPage\":{\"@id\":\"https:\\\/\\\/iwell-guard.com\\\/fi\\\/freyja\\\/\"},\"publisher\":{\"@id\":\"https:\\\/\\\/iwell-guard.com\\\/fi\\\/#organization\"},\"image\":{\"@id\":\"https:\\\/\\\/iwell-guard.com\\\/fi\\\/freyja\\\/#primaryimage\"},\"thumbnailUrl\":\"https:\\\/\\\/iwell-guard.com\\\/wp-content\\\/uploads\\\/2026\\\/04\\\/goetter_germanisch_freyja.webp\",\"inLanguage\":\"fi\",\"description\":\"Freyja, jonka tarina on s\u00e4ilynyt vuosisatojen ajan l\u00e4hteiss\u00e4 kuten Proosa-Eddassa: vaani-jumalatar, joka edustaa rakkautta, hedelm\u00e4llisyytt\u00e4, sotaa ja seid-taikuutta, Folkvangrin haltija.\"}]}<\/script>\n<!-- \/ Yoast SEO Premium plugin. -->","yoast_head_json":{"title":"Freyja - rakkauden ja hedelm\u00e4llisyyden jumalatar","description":"Freyja, jonka tarina on s\u00e4ilynyt vuosisatojen ajan l\u00e4hteiss\u00e4 kuten Proosa-Eddassa: vaani-jumalatar, joka edustaa rakkautta, hedelm\u00e4llisyytt\u00e4, sotaa ja seid-taikuutta, Folkvangrin haltija.","robots":{"index":"index","follow":"follow","max-snippet":"max-snippet:-1","max-image-preview":"max-image-preview:large","max-video-preview":"max-video-preview:-1"},"canonical":"https:\/\/iwell-guard.com\/fi\/freyja\/","og_locale":"fi_FI","og_type":"article","og_title":"Freyja","og_description":"Freyja, jonka tarina on s\u00e4ilynyt vuosisatojen ajan l\u00e4hteiss\u00e4 kuten Proosa-Eddassa: vaani-jumalatar, joka edustaa rakkautta, hedelm\u00e4llisyytt\u00e4, sotaa ja seid-taikuutta, Folkvangrin haltija.","og_url":"https:\/\/iwell-guard.com\/fi\/freyja\/","og_site_name":"iWell Guard","article_modified_time":"2026-09-03T12:49:30+00:00","og_image":[{"width":1024,"height":1536,"url":"https:\/\/iwell-guard.com\/wp-content\/uploads\/2026\/04\/goetter_germanisch_freyja.webp","type":"image\/webp"}],"twitter_card":"summary_large_image","schema":{"@context":"https:\/\/schema.org","@graph":[{"@type":"Article","@id":"https:\/\/iwell-guard.com\/fi\/freyja\/#article","isPartOf":{"@id":"https:\/\/iwell-guard.com\/fi\/freyja\/"},"author":{"name":"Ralf Ittermann","@id":"https:\/\/iwell-guard.com\/fi\/#\/schema\/person\/ee2a27f1cac3406c7c6fb5820cb7349f"},"headline":"Freyja","datePublished":"2026-09-03T12:31:25+00:00","dateModified":"2026-09-03T12:49:30+00:00","mainEntityOfPage":{"@id":"https:\/\/iwell-guard.com\/fi\/freyja\/"},"publisher":{"@id":"https:\/\/iwell-guard.com\/fi\/#organization"},"image":{"@id":"https:\/\/iwell-guard.com\/fi\/freyja\/#primaryimage"},"thumbnailUrl":"https:\/\/iwell-guard.com\/wp-content\/uploads\/2026\/04\/goetter_germanisch_freyja.webp","inLanguage":"fi","description":"Freyja, jonka tarina on s\u00e4ilynyt vuosisatojen ajan l\u00e4hteiss\u00e4 kuten Proosa-Eddassa: vaani-jumalatar, joka edustaa rakkautta, hedelm\u00e4llisyytt\u00e4, sotaa ja seid-taikuutta, Folkvangrin haltija."},{"@type":"WebPage","@id":"https:\/\/iwell-guard.com\/fi\/freyja\/","url":"https:\/\/iwell-guard.com\/fi\/freyja\/","name":"Freyja - rakkauden ja hedelm\u00e4llisyyden jumalatar","isPartOf":{"@id":"https:\/\/iwell-guard.com\/fi\/#website"},"primaryImageOfPage":{"@id":"https:\/\/iwell-guard.com\/fi\/freyja\/#primaryimage"},"image":{"@id":"https:\/\/iwell-guard.com\/fi\/freyja\/#primaryimage"},"thumbnailUrl":"https:\/\/iwell-guard.com\/wp-content\/uploads\/2026\/04\/goetter_germanisch_freyja.webp","datePublished":"2026-09-03T12:31:25+00:00","dateModified":"2026-09-03T12:49:30+00:00","description":"Freyja, jonka tarina on s\u00e4ilynyt vuosisatojen ajan l\u00e4hteiss\u00e4 kuten Proosa-Eddassa: vaani-jumalatar, joka edustaa rakkautta, hedelm\u00e4llisyytt\u00e4, sotaa ja seid-taikuutta, Folkvangrin haltija.","breadcrumb":{"@id":"https:\/\/iwell-guard.com\/fi\/freyja\/#breadcrumb"},"inLanguage":"fi","potentialAction":[{"@type":"ReadAction","target":["https:\/\/iwell-guard.com\/fi\/freyja\/"]}]},{"@type":"ImageObject","inLanguage":"fi","@id":"https:\/\/iwell-guard.com\/fi\/freyja\/#primaryimage","url":"https:\/\/iwell-guard.com\/wp-content\/uploads\/2026\/04\/goetter_germanisch_freyja.webp","contentUrl":"https:\/\/iwell-guard.com\/wp-content\/uploads\/2026\/04\/goetter_germanisch_freyja.webp","width":1024,"height":1536,"caption":"Jumalia germaanisesta perinteest\u00e4."},{"@type":"BreadcrumbList","@id":"https:\/\/iwell-guard.com\/fi\/freyja\/#breadcrumb","itemListElement":[{"@type":"ListItem","position":1,"name":"Start","item":"https:\/\/iwell-guard.com\/fi\/?page_id=143815"},{"@type":"ListItem","position":2,"name":"Freyja"}]},{"@type":"WebSite","@id":"https:\/\/iwell-guard.com\/fi\/#website","url":"https:\/\/iwell-guard.com\/fi\/","name":"iWell Guard","description":"Schutz vor dunklen Einfl\u00fcssen","publisher":{"@id":"https:\/\/iwell-guard.com\/fi\/#organization"},"potentialAction":[{"@type":"SearchAction","target":{"@type":"EntryPoint","urlTemplate":"https:\/\/iwell-guard.com\/fi\/?s={search_term_string}"},"query-input":{"@type":"PropertyValueSpecification","valueRequired":true,"valueName":"search_term_string"}}],"inLanguage":"fi"},{"@type":"Organization","@id":"https:\/\/iwell-guard.com\/fi\/#organization","name":"Ittermann electronic GmbH","url":"https:\/\/iwell-guard.com\/fi\/","logo":{"@type":"ImageObject","inLanguage":"fi","@id":"https:\/\/iwell-guard.com\/fi\/#\/schema\/logo\/image\/","url":"https:\/\/iwell-guard.com\/wp-content\/uploads\/2026\/05\/Ittermann-Logo-1182x237-1.png","contentUrl":"https:\/\/iwell-guard.com\/wp-content\/uploads\/2026\/05\/Ittermann-Logo-1182x237-1.png","width":1182,"height":237,"caption":"Ittermann electronic GmbH"},"image":{"@id":"https:\/\/iwell-guard.com\/fi\/#\/schema\/logo\/image\/"},"sameAs":["https:\/\/pantip.com\/profile\/9367242","https:\/\/micro.blog\/iwellguard","https:\/\/www.diggerslist.com\/iwellguard\/about","https:\/\/skitterphoto.com\/photographers\/2870314\/iwell-guard","https:\/\/iwellguard.wordpress.com\/2026\/06\/06\/iwell-guard\/","https:\/\/hub.docker.com\/u\/iwellguard","https:\/\/www.pinterest.com\/iwellguard\/","https:\/\/bit.ly\/m\/iwellguard","https:\/\/entre-vos-mains.alsace.eu\/profiles\/iwellguard\/activity","https:\/\/gravatar.com\/reallybeded8fd34","https:\/\/naijamatta.com\/iwellguard","https:\/\/www.goodreads.com\/iwellguard","https:\/\/profile.hatena.ne.jp\/iwellguard\/","https:\/\/experiment.com\/users\/iwellguard","https:\/\/wakelet.com\/@iWellGuard82270","https:\/\/www.chordie.com\/forum\/profile.php?id=2555664","https:\/\/www.instapaper.com\/p\/17757966","https:\/\/www.mapleprimes.com\/users\/iwellguard","https:\/\/businesslistingplus.com\/profile\/iwell-guard\/","https:\/\/telegra.ph\/iWell-Guard-06-06","https:\/\/pbase.com\/iwellguard\/iwellguard","https:\/\/b.hatena.ne.jp\/iwellguard\/20260607#bookmark-4788405196491818882","https:\/\/fliphtml5.com\/home\/iwellguard","https:\/\/anyflip.com\/homepage\/cmiwl#About","https:\/\/transfur.com\/Users\/iwellguard","http:\/\/delphi.larsbo.org\/user\/iwellguard","https:\/\/jobs.lajobsportal.org\/profiles\/8380803-iwell-guard","https:\/\/md.chaosdorf.de\/s\/jfbe5SBdJD","https:\/\/www.lingvolive.com\/en-us\/profile\/9ecaeaca-ce11-4e51-9e71-01d55e2bff36\/translations","https:\/\/www.fitday.com\/fitness\/forums\/members\/iwellguard.html","https:\/\/www.mymeetbook.com\/iwellguard","https:\/\/pxhere.com\/en\/photographer-me\/5040798","https:\/\/disqus.com\/by\/iwellguard\/about\/","https:\/\/pastelink.net\/hjwciqwq","https:\/\/pubhtml5.com\/homepage\/scjhn\/","https:\/\/www.bitchute.com\/channel\/2O2eOKzNqujT","https:\/\/audiomack.com\/iwellguard"]},{"@type":"Person","@id":"https:\/\/iwell-guard.com\/fi\/#\/schema\/person\/ee2a27f1cac3406c7c6fb5820cb7349f","name":"Ralf Ittermann","image":{"@type":"ImageObject","inLanguage":"fi","@id":"https:\/\/secure.gravatar.com\/avatar\/073c0153e350a5005b68eb752b445fea71f6b24a26da9449ad7e155e6b446c9d?s=96&d=mm&r=g","url":"https:\/\/secure.gravatar.com\/avatar\/073c0153e350a5005b68eb752b445fea71f6b24a26da9449ad7e155e6b446c9d?s=96&d=mm&r=g","contentUrl":"https:\/\/secure.gravatar.com\/avatar\/073c0153e350a5005b68eb752b445fea71f6b24a26da9449ad7e155e6b446c9d?s=96&d=mm&r=g","caption":"Ralf Ittermann"},"givenName":"Ralf","familyName":"Ittermann","jobTitle":"Gesch\u00e4ftsf\u00fchrer und redaktioneller Verantwortlicher","url":"https:\/\/iwell-guard.com\/fi\/author\/claude\/","description":"Ralf Ittermann ist Gesch\u00e4ftsf\u00fchrer der Ittermann electronic GmbH und redaktioneller Verantwortlicher des iWell-Guard-Lexikons. Er verbindet langj\u00e4hrige Erfahrung in der Pr\u00e4zisionsfertigung mit medialer Praxis und religionsgeschichtlicher Quellenarbeit.","worksFor":{"@type":"Organization","name":"Ittermann electronic GmbH","url":"https:\/\/ittermann.de\/","address":{"@type":"PostalAddress","streetAddress":"K\u00f6hlergasse 16-18","postalCode":"99842","addressLocality":"Ruhla","addressCountry":"DE"}},"knowsAbout":["Religionsgeschichte","Mythologie","Mediale Praxis","Energetische Diagnostik","Schutzpraxis","Volksglauben","Westliche Esoterik"]},{"@type":"Article","@id":"https:\/\/iwell-guard.com\/fi\/freyja\/#article","isPartOf":{"@id":"https:\/\/iwell-guard.com\/fi\/freyja\/"},"author":{"name":"Ralf Ittermann","@id":"https:\/\/iwell-guard.com\/fi\/#\/schema\/person\/ee2a27f1cac3406c7c6fb5820cb7349f"},"headline":"Freyja","datePublished":"2026-09-03T12:31:25+00:00","dateModified":"2026-09-03T12:49:30+00:00","mainEntityOfPage":{"@id":"https:\/\/iwell-guard.com\/fi\/freyja\/"},"publisher":{"@id":"https:\/\/iwell-guard.com\/fi\/#organization"},"image":{"@id":"https:\/\/iwell-guard.com\/fi\/freyja\/#primaryimage"},"thumbnailUrl":"https:\/\/iwell-guard.com\/wp-content\/uploads\/2026\/04\/goetter_germanisch_freyja.webp","inLanguage":"fi","description":"Freyja, jonka tarina on s\u00e4ilynyt vuosisatojen ajan l\u00e4hteiss\u00e4 kuten Proosa-Eddassa: vaani-jumalatar, joka edustaa rakkautta, hedelm\u00e4llisyytt\u00e4, sotaa ja seid-taikuutta, Folkvangrin haltija."}]}},"_links":{"self":[{"href":"https:\/\/iwell-guard.com\/fi\/wp-json\/wp\/v2\/pages\/144049","targetHints":{"allow":["GET"]}}],"collection":[{"href":"https:\/\/iwell-guard.com\/fi\/wp-json\/wp\/v2\/pages"}],"about":[{"href":"https:\/\/iwell-guard.com\/fi\/wp-json\/wp\/v2\/types\/page"}],"author":[{"embeddable":true,"href":"https:\/\/iwell-guard.com\/fi\/wp-json\/wp\/v2\/users\/3"}],"replies":[{"embeddable":true,"href":"https:\/\/iwell-guard.com\/fi\/wp-json\/wp\/v2\/comments?post=144049"}],"version-history":[{"count":0,"href":"https:\/\/iwell-guard.com\/fi\/wp-json\/wp\/v2\/pages\/144049\/revisions"}],"wp:featuredmedia":[{"embeddable":true,"href":"https:\/\/iwell-guard.com\/fi\/wp-json\/wp\/v2\/media\/1571"}],"wp:attachment":[{"href":"https:\/\/iwell-guard.com\/fi\/wp-json\/wp\/v2\/media?parent=144049"}],"wp:term":[{"taxonomy":"category","embeddable":true,"href":"https:\/\/iwell-guard.com\/fi\/wp-json\/wp\/v2\/categories?post=144049"}],"curies":[{"name":"wp","href":"https:\/\/api.w.org\/{rel}","templated":true}]}}