{"id":143998,"date":"2026-09-03T12:30:52","date_gmt":"2026-09-03T12:30:52","guid":{"rendered":"https:\/\/iwell-guard.com\/?page_id=143998"},"modified":"2026-09-03T12:48:06","modified_gmt":"2026-09-03T12:48:06","slug":"veles","status":"publish","type":"page","link":"https:\/\/iwell-guard.com\/fi\/veles\/","title":{"rendered":"Veles"},"content":{"rendered":"\t\t<div data-elementor-type=\"wp-page\" data-elementor-id=\"143998\" class=\"elementor elementor-143998 elementor-1986 elementor-bc-flex-widget\" data-elementor-post-type=\"page\">\n\t\t\t\t<div class=\"elementor-element elementor-element-10fdade e-flex e-con-boxed e-con e-parent\" data-id=\"10fdade\" data-element_type=\"container\" data-e-type=\"container\" data-settings=\"{&quot;background_background&quot;:&quot;classic&quot;}\">\n\t\t\t\t\t<div class=\"e-con-inner\">\n\t\t<div class=\"elementor-element elementor-element-herohlft0 e-flex e-con-boxed e-con e-child\" data-id=\"herohlft0\" data-element_type=\"container\" data-e-type=\"container\">\n\t\t\t\t\t<div class=\"e-con-inner\">\n\t\t<div class=\"elementor-element elementor-element-c3ceb64 e-con-full e-flex e-con e-child\" data-id=\"c3ceb64\" data-element_type=\"container\" data-e-type=\"container\">\n\t\t\t\t<div class=\"elementor-element elementor-element-96ae5e1 elementor-widget elementor-widget-heading\" data-id=\"96ae5e1\" data-element_type=\"widget\" data-e-type=\"widget\" data-widget_type=\"heading.default\">\n\t\t\t\t\t<h1 class=\"elementor-heading-title elementor-size-default\">Veles, slaavilaisen perinteen jumala<\/h1>\t\t\t\t<\/div>\n\t\t\t\t<div class=\"elementor-element elementor-element-e45238a elementor-widget elementor-widget-text-editor\" data-id=\"e45238a\" data-element_type=\"widget\" data-e-type=\"widget\" data-widget_type=\"text-editor.default\">\n\t\t\t\t\t\t\t\t\t<p>Veles on manalan, karjan, kaupan ja viekkauden jumala slaavien <span class=\"iwg-fachbegriff\" data-tooltip=\"Kulttuurin perinteisten jumalatarinoiden kokonaisuus.\" tabindex=\"0\">mytologiassa<\/span> ja osa slaavilaista uskontoa. H\u00e4n ilment\u00e4\u00e4 ktonista voimaa, omaisuuden tuomaa vaurautta ja rajaa el\u00e4m\u00e4n ja kuoleman v\u00e4lill\u00e4. H\u00e4nen kuvastonsa ja kulttipaikkansa on todistettu arkeologisesti ja kirjallisissa l\u00e4hteiss\u00e4.<\/p>\t\t\t\t\t\t\t\t<\/div>\n\t\t\t\t<\/div>\n\t\t<div class=\"elementor-element elementor-element-klsbdg01 e-con-full e-flex e-con e-parent\" data-id=\"klsbdg01\" data-element_type=\"container\" data-e-type=\"container\">\n\t\t\t\t<div class=\"elementor-element elementor-element-klshtm01 elementor-widget elementor-widget-html\" data-id=\"klshtm01\" data-element_type=\"widget\" data-e-type=\"widget\" data-widget_type=\"html.default\">\n\t\t\t\t\t<div class=\"iwg-pill-row\"><span class=\"iwg-klasse-badge\" tabindex=\"0\" data-tooltip=\"Jumala \/ jumalatar: kulttuurin panteonin persoonallistunut korkein voima, jolla on selke\u00e4t vastuualueet, kuten luonnonvoimat, kohtalo, sota, hedelm\u00e4llisyys. Palvottu kulttien, uhrien ja temppeli-instituutioiden kautta.\">Jumala<\/span><a href=\"https:\/\/iwell-guard.com\/fi\/?page_id=143851\" class=\"iwg-kultur-badge\" tabindex=\"0\" data-tooltip=\"Slaavilainen mytologia ja kansanuskonto, kristillisyyden peitt\u00e4m\u00e4 900-luvulta alkaen.\">Slaavilainen<\/a><\/div>\t\t\t\t<\/div>\n\t\t\t\t<\/div>\n\t\t<div class=\"elementor-element elementor-element-3f74855 e-con-full e-flex e-con e-child\" data-id=\"3f74855\" data-element_type=\"container\" data-e-type=\"container\">\n\t\t\t\t<div class=\"elementor-element elementor-element-1c30362 elementor-toc--minimized-on-tablet elementor-widget elementor-widget-table-of-contents\" data-id=\"1c30362\" data-element_type=\"widget\" data-e-type=\"widget\" data-settings=\"{&quot;exclude_headings_by_selector&quot;:[],&quot;no_headings_message&quot;:&quot;T\\u00e4lt\\u00e4 sivulta ei l\\u00f6ytynyt otsikoita.&quot;,&quot;headings_by_tags&quot;:[&quot;h2&quot;,&quot;h3&quot;],&quot;marker_view&quot;:&quot;bullets&quot;,&quot;minimize_box&quot;:&quot;yes&quot;,&quot;icon&quot;:{&quot;value&quot;:&quot;fas fa-circle&quot;,&quot;library&quot;:&quot;fa-solid&quot;,&quot;rendered_tag&quot;:&quot;&lt;svg class=\\&quot;e-font-icon-svg e-fas-circle\\&quot; viewBox=\\&quot;0 0 512 512\\&quot; xmlns=\\&quot;http:\\\/\\\/www.w3.org\\\/2000\\\/svg\\&quot;&gt;&lt;path d=\\&quot;M256 8C119 8 8 119 8 256s111 248 248 248 248-111 248-248S393 8 256 8z\\&quot;&gt;&lt;\\\/path&gt;&lt;\\\/svg&gt;&quot;},&quot;minimized_on&quot;:&quot;tablet&quot;,&quot;hierarchical_view&quot;:&quot;yes&quot;,&quot;min_height&quot;:{&quot;unit&quot;:&quot;px&quot;,&quot;size&quot;:&quot;&quot;,&quot;sizes&quot;:[]},&quot;min_height_tablet&quot;:{&quot;unit&quot;:&quot;px&quot;,&quot;size&quot;:&quot;&quot;,&quot;sizes&quot;:[]},&quot;min_height_mobile&quot;:{&quot;unit&quot;:&quot;px&quot;,&quot;size&quot;:&quot;&quot;,&quot;sizes&quot;:[]}}\" data-widget_type=\"table-of-contents.default\">\n\t\t\t\t\t\t\t\t\t<div class=\"elementor-toc__header\">\n\t\t\t\t\t\t<h2 class=\"elementor-toc__header-title\">\n\t\t\t\tSis\u00e4llysluettelo\t\t\t<\/h2>\n\t\t\t\t\t\t\t\t\t\t<div class=\"elementor-toc__toggle-button elementor-toc__toggle-button--expand\" role=\"button\" tabindex=\"0\" aria-controls=\"elementor-toc__1c30362\" aria-expanded=\"true\" aria-label=\"Open table of contents\"><svg aria-hidden=\"true\" class=\"e-font-icon-svg e-fas-chevron-down\" viewBox=\"0 0 448 512\" xmlns=\"http:\/\/www.w3.org\/2000\/svg\"><path d=\"M207.029 381.476L12.686 187.132c-9.373-9.373-9.373-24.569 0-33.941l22.667-22.667c9.357-9.357 24.522-9.375 33.901-.04L224 284.505l154.745-154.021c9.379-9.335 24.544-9.317 33.901.04l22.667 22.667c9.373 9.373 9.373 24.569 0 33.941L240.971 381.476c-9.373 9.372-24.569 9.372-33.942 0z\"><\/path><\/svg><\/div>\n\t\t\t\t<div class=\"elementor-toc__toggle-button elementor-toc__toggle-button--collapse\" role=\"button\" tabindex=\"0\" aria-controls=\"elementor-toc__1c30362\" aria-expanded=\"true\" aria-label=\"Close table of contents\"><svg aria-hidden=\"true\" class=\"e-font-icon-svg e-fas-chevron-up\" viewBox=\"0 0 448 512\" xmlns=\"http:\/\/www.w3.org\/2000\/svg\"><path d=\"M240.971 130.524l194.343 194.343c9.373 9.373 9.373 24.569 0 33.941l-22.667 22.667c-9.357 9.357-24.522 9.375-33.901.04L224 227.495 69.255 381.516c-9.379 9.335-24.544 9.317-33.901-.04l-22.667-22.667c-9.373-9.373-9.373-24.569 0-33.941L207.03 130.525c9.372-9.373 24.568-9.373 33.941-.001z\"><\/path><\/svg><\/div>\n\t\t\t\t\t<\/div>\n\t\t\t\t<div id=\"elementor-toc__1c30362\" class=\"elementor-toc__body\">\n\t\t\t<div class=\"elementor-toc__spinner-container\">\n\t\t\t\t<svg class=\"elementor-toc__spinner eicon-animation-spin e-font-icon-svg e-eicon-loading\" aria-hidden=\"true\" viewBox=\"0 0 1000 1000\" xmlns=\"http:\/\/www.w3.org\/2000\/svg\"><path d=\"M500 975V858C696 858 858 696 858 500S696 142 500 142 142 304 142 500H25C25 237 238 25 500 25S975 237 975 500 763 975 500 975Z\"><\/path><\/svg>\t\t\t<\/div>\n\t\t<\/div>\n\t\t\t\t\t\t<\/div>\n\t\t\t\t<\/div>\n\t\t\t\t\t<\/div>\n\t\t\t\t<\/div>\n\t\t<div class=\"elementor-element elementor-element-herorght0 e-con-full e-flex e-con e-child\" data-id=\"herorght0\" data-element_type=\"container\" data-e-type=\"container\">\n\t\t\t\t<div class=\"elementor-element elementor-element-heroimg00 iwg-hero-image elementor-widget elementor-widget-image\" data-id=\"heroimg00\" data-element_type=\"widget\" data-e-type=\"widget\" data-widget_type=\"image.default\">\n\t\t\t\t\t\t\t\t\t\t\t\t\t\t\t<img fetchpriority=\"high\" decoding=\"async\" width=\"683\" height=\"1024\" src=\"https:\/\/iwell-guard.com\/wp-content\/uploads\/2026\/04\/goetter_slawisch_veles-683x1024.webp\" class=\"attachment-large size-large wp-image-148922\" alt=\"Veles \u2013 jumalia slaavilaisesta perinteest\u00e4, historiallis-havainnollistava\" srcset=\"https:\/\/iwell-guard.com\/wp-content\/uploads\/2026\/04\/goetter_slawisch_veles-683x1024.webp 683w, https:\/\/iwell-guard.com\/wp-content\/uploads\/2026\/04\/goetter_slawisch_veles-200x300.webp 200w, https:\/\/iwell-guard.com\/wp-content\/uploads\/2026\/04\/goetter_slawisch_veles-768x1152.webp 768w, https:\/\/iwell-guard.com\/wp-content\/uploads\/2026\/04\/goetter_slawisch_veles.webp 1024w\" sizes=\"(max-width: 683px) 100vw, 683px\" \/>\t\t\t\t\t\t\t\t\t\t\t\t\t\t\t<\/div>\n\t\t\t\t<\/div>\n\t\t\t\t\t<\/div>\n\t\t\t\t<\/div>\n\t\t<div class=\"elementor-element elementor-element-32917199 e-flex e-con-boxed e-con e-parent\" data-id=\"32917199\" data-element_type=\"container\" data-e-type=\"container\">\n\t\t\t\t\t<div class=\"e-con-inner\">\n\t\t<div class=\"elementor-element elementor-element-26e916cb e-flex e-con-boxed e-con e-child\" data-id=\"26e916cb\" data-element_type=\"container\" data-e-type=\"container\">\n\t\t\t\t\t<div class=\"e-con-inner\">\n\t\t<div class=\"elementor-element elementor-element-253a40d4 e-flex e-con-boxed e-con e-child\" data-id=\"253a40d4\" data-element_type=\"container\" data-e-type=\"container\">\n\t\t\t\t\t<div class=\"e-con-inner\">\n\t\t\t\t<div class=\"elementor-element elementor-element-1200c304 elementor-widget elementor-widget-heading\" data-id=\"1200c304\" data-element_type=\"widget\" data-e-type=\"widget\" data-widget_type=\"heading.default\">\n\t\t\t\t\t<h2 class=\"elementor-heading-title elementor-size-default\">Veles<\/h2>\t\t\t\t<\/div>\n\t\t\t\t<div class=\"elementor-element elementor-element-11758e7f elementor-widget elementor-widget-text-editor\" data-id=\"11758e7f\" data-element_type=\"widget\" data-e-type=\"widget\" data-widget_type=\"text-editor.default\">\n\t\t\t\t\t\t\t\t\t<p>Veles kuvataan usein Perunin vastustajana tai kaksoisparina. H\u00e4n hallitsee mets\u00e4l\u00e4hteit\u00e4, karjalaumoja ja maanalaisia aarteita. Valan vannominen Velesin edess\u00e4 on kulttihistoriallisesti merkitt\u00e4v\u00e4\u00e4 (&#8216;vala maalle&#8217;). <span class=\"iwg-fachbegriff\" data-tooltip=\"Perinteinen kansankulttuuri tapoineen, tarinoineen ja lauluineen.\" tabindex=\"0\">Kansanperinteess\u00e4<\/span> h\u00e4n el\u00e4\u00e4 edelleen mets\u00e4nhaltijana, vedenhenkin\u00e4 tai paholaisena.<\/p>\t\t\t\t\t\t\t\t<\/div>\n\t\t\t\t\t<\/div>\n\t\t\t\t<\/div>\n\t\t<div class=\"elementor-element elementor-element-159dcf9a e-flex e-con-boxed e-con e-child\" data-id=\"159dcf9a\" data-element_type=\"container\" data-e-type=\"container\">\n\t\t\t\t\t<div class=\"e-con-inner\">\n\t\t\t\t<div class=\"elementor-element elementor-element-48cee66f elementor-widget elementor-widget-heading\" data-id=\"48cee66f\" data-element_type=\"widget\" data-e-type=\"widget\" data-widget_type=\"heading.default\">\n\t\t\t\t\t<h3 class=\"elementor-heading-title elementor-size-default\">Pikakatsaus: Veles<\/h3>\t\t\t\t<\/div>\n\t\t\t\t<div class=\"elementor-element elementor-element-3f50d82c elementor-widget elementor-widget-text-editor\" data-id=\"3f50d82c\" data-element_type=\"widget\" data-e-type=\"widget\" data-widget_type=\"text-editor.default\">\n\t\t\t\t\t\t\t\t\t<p><strong>Tyyppi:<\/strong> Slaavilainen p\u00e4\u00e4djumaluus, manalan k\u00e4\u00e4rmejumala, <span class=\"iwg-fachbegriff\" data-tooltip=\"K\u00e4yt\u00e4nt\u00f6j\u00e4, joilla pyrit\u00e4\u00e4n vaikuttamaan asioiden kulkuun erityisin toimin tai kaavoin.\" tabindex=\"0\">taikuuden<\/span> ja karjan jumala<br><span class=\"iwg-fachbegriff\" data-tooltip=\"Uskonnon tai kulttuurin jumalien kokonaisuus.\" tabindex=\"0\">Panteoni<\/span>: slaavilainen (it\u00e4-, l\u00e4nsi- ja etel\u00e4slaavilainen)<br>Teht\u00e4v\u00e4: karja, rikkaus, <span class=\"iwg-fachbegriff\" data-tooltip=\"K\u00e4yt\u00e4nt\u00f6j\u00e4, joilla pyrit\u00e4\u00e4n vaikuttamaan asioiden kulkuun erityisin toimin tai kaavoin.\" tabindex=\"0\">taikuus<\/span>, runous, sopimusasiat, kuolleiden valtakunta, Perunin ikuinen vastustaja<br>P\u00e4\u00e4tunnusmerkit: k\u00e4\u00e4rmehahmo, parta, sarvet, karja, aarre<br>T\u00e4rkeimm\u00e4t kulttipaikat: Kiova (kaupunginmuurin ulkopuolella, toisin kuin Perunin <span class=\"iwg-fachbegriff\" data-tooltip=\"Rakennus, joka on omistettu yhden tai useamman jumaluuden palvontaan.\" tabindex=\"0\">temppeli<\/span> sen sis\u00e4puolella), karhunluolat, rauta- ja malmikaivokset<br>Indoeurooppalainen sukulaisuus: indoiranilainen Vala-k\u00e4\u00e4rme, balttilainen Velnias<\/p>\t\t\t\t\t\t\t\t<\/div>\n\t\t\t\t\t<\/div>\n\t\t\t\t<\/div>\n\t\t\t\t\t<\/div>\n\t\t\t\t<\/div>\n\t\t\t\t\t<\/div>\n\t\t\t\t<\/div>\n\t\t<div class=\"elementor-element elementor-element-18613602 e-flex e-con-boxed e-con e-parent\" data-id=\"18613602\" data-element_type=\"container\" data-e-type=\"container\">\n\t\t\t\t\t<div class=\"e-con-inner\">\n\t\t\t\t<div class=\"elementor-element elementor-element-262b8a9f elementor-widget elementor-widget-heading\" data-id=\"262b8a9f\" data-element_type=\"widget\" data-e-type=\"widget\" data-widget_type=\"heading.default\">\n\t\t\t\t\t<h2 class=\"elementor-heading-title elementor-size-default\">Historiallinen sijoittelu<\/h2>\t\t\t\t<\/div>\n\t\t<div class=\"elementor-element elementor-element-46dcb7d e-con-full e-flex e-con e-child\" data-id=\"46dcb7d\" data-element_type=\"container\" data-e-type=\"container\">\n\t\t<div class=\"elementor-element elementor-element-61d3ab3 e-flex e-con-boxed e-con e-child\" data-id=\"61d3ab3\" data-element_type=\"container\" data-e-type=\"container\">\n\t\t\t\t\t<div class=\"e-con-inner\">\n\t\t\t\t<div class=\"elementor-element elementor-element-117c166 elementor-widget elementor-widget-heading\" data-id=\"117c166\" data-element_type=\"widget\" data-e-type=\"widget\" data-widget_type=\"heading.default\">\n\t\t\t\t\t<h3 class=\"elementor-heading-title elementor-size-default\">Tekstien ajanjakso<\/h3>\t\t\t\t<\/div>\n\t\t\t\t<div class=\"elementor-element elementor-element-73997a0 elementor-widget elementor-widget-text-editor\" data-id=\"73997a0\" data-element_type=\"widget\" data-e-type=\"widget\" data-widget_type=\"text-editor.default\">\n\t\t\t\t\t\t\t\t\t<p>Veles on Perunin j\u00e4lkeen t\u00e4rkein slaavilainen <span class=\"iwg-fachbegriff\" data-tooltip=\"Uskonnossa jumalallisena palvottu olento.\" tabindex=\"0\">jumaluus<\/span>, ja h\u00e4net tunnetaan kaikissa kolmessa slaavilaisessa kieliryhm\u00e4ss\u00e4. Ven\u00e4l\u00e4isiss\u00e4 l\u00e4hteiss\u00e4 h\u00e4nt\u00e4 kutsutaan my\u00f6s nimell\u00e4 <em>Volos<\/em>. Kukoistuskausi: esikristillinen aika (noin vuoteen 988 asti). T\u00e4rke\u00e4 l\u00e4hde: ven\u00e4l\u00e4iset valakaavat, joissa <em>Volosta ja Perunia<\/em> vaaditaan yhdess\u00e4 todistajiksi (Bysantin keisareiden ja Kiovan ruhtinaiden sopimukset vuosilta 907 ja 944).<\/p><p>Toisin kuin Perunilla, Velesin pyh\u00e4k\u00f6t sijaitsivat tyypillisesti kaupunginmuurien <em>ulkopuolella<\/em> tai alakaupungissa, sill\u00e4 h\u00e4nen ktoninen luonteensa vaati erottamista taivaallisesta piirist\u00e4. Nykyisess\u00e4 <em>rodnowierie<\/em>-liikkeess\u00e4 h\u00e4nt\u00e4 palvotaan uudelleen.<\/p>\t\t\t\t\t\t\t\t<\/div>\n\t\t\t\t\t<\/div>\n\t\t\t\t<\/div>\n\t\t<div class=\"elementor-element elementor-element-d47b156 e-flex e-con-boxed e-con e-child\" data-id=\"d47b156\" data-element_type=\"container\" data-e-type=\"container\">\n\t\t\t\t\t<div class=\"e-con-inner\">\n\t\t\t\t<div class=\"elementor-element elementor-element-ff38c2b elementor-widget elementor-widget-heading\" data-id=\"ff38c2b\" data-element_type=\"widget\" data-e-type=\"widget\" data-widget_type=\"heading.default\">\n\t\t\t\t\t<h3 class=\"elementor-heading-title elementor-size-default\">Levinneisyysalue<\/h3>\t\t\t\t<\/div>\n\t\t\t\t<div class=\"elementor-element elementor-element-4e49fcc elementor-widget elementor-widget-text-editor\" data-id=\"4e49fcc\" data-element_type=\"widget\" data-e-type=\"widget\" data-widget_type=\"text-editor.default\">\n\t\t\t\t\t\t\t\t\t<p>T\u00e4rkeimm\u00e4t kulttipaikat: <strong>Kiovassa<\/strong> kaupunginmuurin ulkopuolella (Podolin satamassa, toisin kuin Perun ruhtinaslinnan sis\u00e4puolella), <strong>Novgorodissa<\/strong> my\u00f6s erill\u00e4\u00e4n Perunin <span class=\"iwg-fachbegriff\" data-tooltip=\"Jumaluuden palvontaan omistettu pyh\u00e4 paikka.\" tabindex=\"0\">pyh\u00e4k\u00f6st\u00e4<\/span>. <strong>Karhunluolia<\/strong> slaavilaisilla vuoristoalueilla pidettiin h\u00e4nen ilmestymispaikkoinaan. Rauta- ja malmikaivokset (h\u00e4nen aarre-aspektinsa). Nykyisess\u00e4 rodnowierie-perinteess\u00e4 h\u00e4nt\u00e4 palvotaan uudelleen Ven\u00e4j\u00e4ll\u00e4, Puolassa, Ukrainassa ja T\u0161ekiss\u00e4.<\/p>\t\t\t\t\t\t\t\t<\/div>\n\t\t\t\t\t<\/div>\n\t\t\t\t<\/div>\n\t\t\t\t<\/div>\n\t\t<div class=\"elementor-element elementor-element-db03c39 e-con-full e-flex e-con e-child\" data-id=\"db03c39\" data-element_type=\"container\" data-e-type=\"container\">\n\t\t<div class=\"elementor-element elementor-element-229a87b e-flex e-con-boxed e-con e-child\" data-id=\"229a87b\" data-element_type=\"container\" data-e-type=\"container\">\n\t\t\t\t\t<div class=\"e-con-inner\">\n\t\t\t\t<div class=\"elementor-element elementor-element-1f471fc elementor-widget elementor-widget-heading\" data-id=\"1f471fc\" data-element_type=\"widget\" data-e-type=\"widget\" data-widget_type=\"heading.default\">\n\t\t\t\t\t<h3 class=\"elementor-heading-title elementor-size-default\">L\u00e4hdetilanne<\/h3>\t\t\t\t<\/div>\n\t\t\t\t<div class=\"elementor-element elementor-element-36b1201 elementor-widget elementor-widget-text-editor\" data-id=\"36b1201\" data-element_type=\"widget\" data-e-type=\"widget\" data-widget_type=\"text-editor.default\">\n\t\t\t\t\t\t\t\t\t<p>Keskeiset l\u00e4hteet: <em>Nestorin kronikka<\/em> (sis\u00e4lt\u00e4\u00e4 Veles-valakaavoja), bysanttilaisten sopimusten valakaavat (907, 944), kansantarinat, kansanlaulut, kiistanalainen <em>Velesin kirja<\/em> (nykyaikainen 1900-luvun k\u00e4sikirjoitus, jonka tutkijat pit\u00e4v\u00e4t v\u00e4\u00e4renn\u00f6ksen\u00e4, mutta joka on levinnyt rodnowierie-piireiss\u00e4). Toissijainen kirjallisuus: V\u00e1\u0148a, <em><span class=\"iwg-fachbegriff\" data-tooltip=\"Kulttuurin perinteisten jumalatarinoiden kokonaisuus.\" tabindex=\"0\">mytologia<\/span> slaavilaisista kansoista<\/em>; Iv\u00e1nov\/Toporov; Belaj, <em>Hod kroz godinu<\/em> (kroatia, slaavilaisen <span class=\"iwg-fachbegriff\" data-tooltip=\"Kulttuurin perinteisten jumalatarinoiden kokonaisuus.\" tabindex=\"0\">mytologian<\/span> standarditeos); Pittner, <em>Slaavilainen <span class=\"iwg-fachbegriff\" data-tooltip=\"Kulttuurin perinteisten jumalatarinoiden kokonaisuus.\" tabindex=\"0\">mytologia<\/span><\/em>.<\/p>\t\t\t\t\t\t\t\t<\/div>\n\t\t\t\t\t<\/div>\n\t\t\t\t<\/div>\n\t\t\t\t<\/div>\n\t\t\t\t\t<\/div>\n\t\t\t\t<\/div>\n\t\t<div class=\"elementor-element elementor-element-3ae0637c e-flex e-con-boxed e-con e-parent\" data-id=\"3ae0637c\" data-element_type=\"container\" data-e-type=\"container\">\n\t\t\t\t\t<div class=\"e-con-inner\">\n\t\t\t\t<div class=\"elementor-element elementor-element-31d07739 elementor-widget elementor-widget-heading\" data-id=\"31d07739\" data-element_type=\"widget\" data-e-type=\"widget\" data-widget_type=\"heading.default\">\n\t\t\t\t\t<h2 class=\"elementor-heading-title elementor-size-default\">Nimitys ja kirjoitustavat<\/h2>\t\t\t\t<\/div>\n\t\t<div class=\"elementor-element elementor-element-b7642947 e-con-full e-flex e-con e-child\" data-id=\"b7642947\" data-element_type=\"container\" data-e-type=\"container\">\n\t\t\t\t<div class=\"elementor-element elementor-element-a086266 elementor-widget elementor-widget-text-editor\" data-id=\"a086266\" data-element_type=\"widget\" data-e-type=\"widget\" data-widget_type=\"text-editor.default\">\n\t\t\t\t\t\t\t\t\t<p>Saatavilla olevissa l\u00e4hteiss\u00e4 Veles kuvataan usein lohik\u00e4\u00e4rmem\u00e4isen\u00e4 olentona, j\u00e4ttil\u00e4isk\u00e4\u00e4rmeen\u00e4 tai sutena, kolminaisena hahmona, joka liikkuu maailmojen v\u00e4lill\u00e4 eik\u00e4 koskaan pysy paikoillaan. Toisinaan h\u00e4net kuvataan vanhana miehen\u00e4, jolla on k\u00e4\u00e4rme jalan tilalla, tai vuohipukin piirteit\u00e4 omaavana olentona (sarvet, parrakas kasvot).<\/p><p>H\u00e4nen ruumiinsa ei ole inhimillinen, vaan hybridi ja el\u00e4imellinen. H\u00e4nen tunnusmerkkej\u00e4\u00e4n ovat aarteet, kolikot, jalokivet ja muut kallisarvoiset k\u00e4tketyt esineet. <span class=\"iwg-fachbegriff\" data-tooltip=\"Merkki, joka edustaa ajatusta tai merkityst\u00e4.\" tabindex=\"0\">Symboliikassa<\/span> esiintyy kierrespiraali, ajaton kuvio, joka merkitsee muutosta ja muodonvaihdosta. Velesin kultainen kaulakoru, jota mainitaan useissa taruissa, oli merkki rikkaudesta ja maagisesta sidoksesta h\u00e4neen.<\/p>\t\t\t\t\t\t\t\t<\/div>\n\t\t\t\t<\/div>\n\t\t\t\t\t<\/div>\n\t\t\t\t<\/div>\n\t\t<div class=\"elementor-element elementor-element-709a44a8 e-flex e-con-boxed e-con e-parent\" data-id=\"709a44a8\" data-element_type=\"container\" data-e-type=\"container\">\n\t\t\t\t\t<div class=\"e-con-inner\">\n\t\t\t\t<div class=\"elementor-element elementor-element-2f585873 elementor-widget elementor-widget-heading\" data-id=\"2f585873\" data-element_type=\"widget\" data-e-type=\"widget\" data-widget_type=\"heading.default\">\n\t\t\t\t\t<h2 class=\"elementor-heading-title elementor-size-default\">Luonteenpiirteet<\/h2>\t\t\t\t<\/div>\n\t\t<div class=\"elementor-element elementor-element-70621c12 e-con-full e-flex e-con e-child\" data-id=\"70621c12\" data-element_type=\"container\" data-e-type=\"container\">\n\t\t\t\t<div class=\"elementor-element elementor-element-4296eb49 elementor-widget elementor-widget-text-editor\" data-id=\"4296eb49\" data-element_type=\"widget\" data-e-type=\"widget\" data-widget_type=\"text-editor.default\">\n\t\t\t\t\t\t\t\t\t<p>Veles hallitsi n\u00e4kym\u00e4tt\u00f6mi\u00e4, salattuja voimia: taikuutta, parannustaitoa, <span class=\"iwg-fachbegriff\" data-tooltip=\"Merkkien tulkitsemista, jotta voidaan havaita jotain salattua tai tulevaa.\" tabindex=\"0\">ennustamista<\/span> ja vainajien henki\u00e4. \u0160amaanit ja taikurit palvoivat h\u00e4nt\u00e4 kuiskaamalla ja y\u00f6llisiss\u00e4 rituaaleissa. Kauppiaat rukoilivat h\u00e4nt\u00e4 voiton puolesta vaihdossa ja kaupank\u00e4ynniss\u00e4, erityisesti vaarallisilla matkoilla.<\/p><p>H\u00e4nelle tuodut <span class=\"iwg-fachbegriff\" data-tooltip=\"Lahja jumaluudelle kiitoksen, pyynn\u00f6n tai kunnioituksen ilmaisemiseksi.\" tabindex=\"0\">uhrit<\/span> olivat hienovaraisia ja ep\u00e4suoria: leip\u00e4\u00e4 joissa, kolikoita luolissa, hiljaisia rukouksia vailla torvia ja tanssia, toisin kuin \u00e4\u00e4nekk\u00e4\u00e4n ja riemukkaan Perunin tapauksessa.<\/p><p>Kristinuskon my\u00f6t\u00e4 Velesin <span class=\"iwg-fachbegriff\" data-tooltip=\"Jumaluuden tai pyh\u00e4n hahmon palvonnan kokonaisuus.\" tabindex=\"0\">kultti<\/span> syrj\u00e4ytettiin kaikkein sitkeimmin, mutta h\u00e4n el\u00e4\u00e4 edelleen mets\u00e4nhenkien (leshien) palvonnassa, lohik\u00e4\u00e4rme- ja velhotaruissa sek\u00e4 taikak\u00e4yt\u00e4nn\u00f6iss\u00e4.<\/p><p>H\u00e4nen yhteytens\u00e4 kuolleisiin ja tuonpuoleiseen teki h\u00e4nest\u00e4 jumalan, jonka puoleen k\u00e4\u00e4nnyttiin sairauden, h\u00e4d\u00e4n ja surun hetkin\u00e4, varovaisuudella ja kunnioittavalla pelolla.<\/p>\t\t\t\t\t\t\t\t<\/div>\n\t\t\t\t<\/div>\n\t\t\t\t\t<\/div>\n\t\t\t\t<\/div>\n\t\t<div class=\"elementor-element elementor-element-44e71476 e-flex e-con-boxed e-con e-parent\" data-id=\"44e71476\" data-element_type=\"container\" data-e-type=\"container\">\n\t\t\t\t\t<div class=\"e-con-inner\">\n\t\t\t\t<div class=\"elementor-element elementor-element-3c1fc3f0 elementor-widget elementor-widget-heading\" data-id=\"3c1fc3f0\" data-element_type=\"widget\" data-e-type=\"widget\" data-widget_type=\"heading.default\">\n\t\t\t\t\t<h2 class=\"elementor-heading-title elementor-size-default\">Tietokortti: Veles<\/h2>\t\t\t\t<\/div>\n\t\t<div class=\"elementor-element elementor-element-84f33b8e e-con-full e-flex e-con e-child\" data-id=\"84f33b8e\" data-element_type=\"container\" data-e-type=\"container\">\n\t\t\t\t<div class=\"elementor-element elementor-element-hqkdc67p elementor-widget elementor-widget-text-editor\" data-id=\"hqkdc67p\" data-element_type=\"widget\" data-e-type=\"widget\" data-widget_type=\"text-editor.default\">\n\t\t\t\t\t\t\t\t\t<p>Velesin t\u00e4rkeimm\u00e4t piirteet yhdell\u00e4 silm\u00e4yksell\u00e4. Seuraavat kent\u00e4t kokoavat yhteen alkuper\u00e4n, teht\u00e4v\u00e4n, ulkomuodon, palvonnan, symbolit ja kulttuuriset vastineet.<\/p>\t\t\t\t\t\t\t\t<\/div>\n\t\t\t\t<\/div>\n\t\t<div class=\"elementor-element elementor-element-pemmx7c5 e-con-full e-flex e-con e-child\" data-id=\"pemmx7c5\" data-element_type=\"container\" data-e-type=\"container\">\n\t\t<div class=\"elementor-element elementor-element-pemmx7c1 e-con-full e-flex e-con e-child\" data-id=\"pemmx7c1\" data-element_type=\"container\" data-e-type=\"container\">\n\t\t<div class=\"elementor-element elementor-element-qh9oavvu iwg-steckbrief-card e-flex e-con-boxed e-con e-child\" data-id=\"qh9oavvu\" data-element_type=\"container\" data-e-type=\"container\">\n\t\t\t\t\t<div class=\"e-con-inner\">\n\t\t\t\t<div class=\"elementor-element elementor-element-awzx8k2k elementor-widget elementor-widget-heading\" data-id=\"awzx8k2k\" data-element_type=\"widget\" data-e-type=\"widget\" data-widget_type=\"heading.default\">\n\t\t\t\t\t<h3 class=\"elementor-heading-title elementor-size-default\">Velesin alkuper\u00e4<\/h3>\t\t\t\t<\/div>\n\t\t\t\t<div class=\"elementor-element elementor-element-x6rowhv0 elementor-widget elementor-widget-text-editor\" data-id=\"x6rowhv0\" data-element_type=\"widget\" data-e-type=\"widget\" data-widget_type=\"text-editor.default\">\n\t\t\t\t\t\t\t\t\t<p>Veles on slaavilaisen <span class=\"iwg-fachbegriff\" data-tooltip=\"Kulttuurin perinn\u00e4isten jumaltarustojen kokonaisuus.\" tabindex=\"0\">mytologian<\/span> ktoninen vastavoima Perunille, ikuisen konfliktiparin toinen osapuoli.<\/p><p>Keskeisess\u00e4 <span class=\"iwg-fachbegriff\" data-tooltip=\"Perinteinen kertomus jumalista, alkuper\u00e4st\u00e4 ja maailman j\u00e4rjestyksest\u00e4.\" tabindex=\"0\">myytiss\u00e4<\/span> Veles kiipe\u00e4\u00e4 k\u00e4\u00e4rmeen hahmossa maailmanpuuhun, varastaa Perunin karjan (tai vaimon tai pojan) ja piiloutuu. Perun ajaa h\u00e4nt\u00e4 takaa ja iskee ukkosella kallioihin, puihin ja maahan, joka piilopaikkaan Veles pakenee. Veles ly\u00f6d\u00e4\u00e4n takaisin alisen maailman valtakuntaan, h\u00e4n p\u00e4\u00e4st\u00e4\u00e4 irti ry\u00f6st\u00e4m\u00e4ns\u00e4, ja sade tuo mukanaan hedelm\u00e4llisyyden.<\/p><p>T\u00e4m\u00e4 toistuva taistelu selitt\u00e4\u00e4 ukkosen, sateen ja vuodenaikojen uudistumisen. Kristinuskon my\u00f6t\u00e4 hahmo tulkittiin uudelleen <em>pyh\u00e4ksi Blasiukseksi (Vlasij)<\/em> \u00e4\u00e4nellisen yht\u00e4l\u00e4isyyden vuoksi (slaavilainen <em>vlas<\/em> = &#8220;hius&#8221;), ja h\u00e4nest\u00e4 tuli karjan suojeluspyhimys.<\/p>\t\t\t\t\t\t\t\t<\/div>\n\t\t\t\t\t<\/div>\n\t\t\t\t<\/div>\n\t\t<div class=\"elementor-element elementor-element-8e3o4kxs iwg-steckbrief-card e-flex e-con-boxed e-con e-child\" data-id=\"8e3o4kxs\" data-element_type=\"container\" data-e-type=\"container\">\n\t\t\t\t\t<div class=\"e-con-inner\">\n\t\t\t\t<div class=\"elementor-element elementor-element-08rkdgov elementor-widget elementor-widget-heading\" data-id=\"08rkdgov\" data-element_type=\"widget\" data-e-type=\"widget\" data-widget_type=\"heading.default\">\n\t\t\t\t\t<h3 class=\"elementor-heading-title elementor-size-default\">Velesin kohderyhm\u00e4<\/h3>\t\t\t\t<\/div>\n\t\t\t\t<div class=\"elementor-element elementor-element-uwjelx8s elementor-widget elementor-widget-text-editor\" data-id=\"uwjelx8s\" data-element_type=\"widget\" data-e-type=\"widget\" data-widget_type=\"text-editor.default\">\n\t\t\t\t\t\t\t\t\t<p>Monipuoliset teht\u00e4v\u00e4t: karjan suojelija (keskeinen teht\u00e4v\u00e4 maalaisperinteess\u00e4), <span class=\"iwg-fachbegriff\" data-tooltip=\"K\u00e4yt\u00e4nt\u00f6j\u00e4, joilla pyrit\u00e4\u00e4n vaikuttamaan tapahtumien kulkuun erityisin toimin tai kaavoin.\" tabindex=\"0\">taikuuden<\/span> ja ennustamisen suojelija, runoilijoiden ja skaldien suojelija, sopimusten ja valakaavojen suojelija, manalan (Nav) hallitsija.<\/p><p>Vala &#8220;Perunin ja Velesin nimeen&#8221; tarkoittaa: taivaan ja maan, kosmisen j\u00e4rjestyksen ja ktonisen voiman nimeen. Kansanuskonnossa h\u00e4nt\u00e4 <span class=\"iwg-fachbegriff\" data-tooltip=\"Jumaluuden tai voiman pyyt\u00e4v\u00e4 tai loitsuva puhutteleminen.\" tabindex=\"0\">rukoiltiin<\/span> karjan terveyden, hyv\u00e4n sadon, taloudellisen menestyksen ja maagisten kykyjen puolesta.<\/p>\t\t\t\t\t\t\t\t<\/div>\n\t\t\t\t\t<\/div>\n\t\t\t\t<\/div>\n\t\t<div class=\"elementor-element elementor-element-jm2n74ec iwg-steckbrief-card e-flex e-con-boxed e-con e-child\" data-id=\"jm2n74ec\" data-element_type=\"container\" data-e-type=\"container\">\n\t\t\t\t\t<div class=\"e-con-inner\">\n\t\t\t\t<div class=\"elementor-element elementor-element-8vufse4c elementor-widget elementor-widget-heading\" data-id=\"8vufse4c\" data-element_type=\"widget\" data-e-type=\"widget\" data-widget_type=\"heading.default\">\n\t\t\t\t\t<h3 class=\"elementor-heading-title elementor-size-default\">Velesin ulkomuoto<\/h3>\t\t\t\t<\/div>\n\t\t\t\t<div class=\"elementor-element elementor-element-mwb9u015 elementor-widget elementor-widget-text-editor\" data-id=\"mwb9u015\" data-element_type=\"widget\" data-e-type=\"widget\" data-widget_type=\"text-editor.default\">\n\t\t\t\t\t\t\t\t\t<p>H\u00e4net kuvataan tyypillisesti kahdessa p\u00e4\u00e4muodossa: (1) <em>k\u00e4\u00e4rme- tai lohik\u00e4\u00e4rmehahmo<\/em>, mytologinen p\u00e4\u00e4muoto, jossa h\u00e4n kiipe\u00e4\u00e4 maailmanpuuhun; (2) <em>ihmishahmoinen<\/em> parrakas mies paimenen puvussa tai mustassa viitassa, usein sarvilla (h\u00e4r\u00e4n- tai p\u00e4ssinsarvilla), parralla, sauvalla tai paimenlaukulla.<\/p><p>Joissakin kansanperinteiss\u00e4 h\u00e4net kuvataan karhuntaljassa (karhu on h\u00e4nen pyh\u00e4 el\u00e4imens\u00e4). Nykyaikaisessa rodnovi-taiteessa h\u00e4net esitet\u00e4\u00e4n tyypillisesti synkk\u00e4n\u00e4, mahtavana <span class=\"iwg-fachbegriff\" data-tooltip=\"Uskonnollinen erikoisosaaja, jonka katsotaan v\u00e4litt\u00e4v\u00e4n ihmisten ja henkimaailman v\u00e4lill\u00e4.\" tabindex=\"0\">\u0161amaanina<\/span> k\u00e4\u00e4rmesauva k\u00e4dess\u00e4\u00e4n.<\/p>\t\t\t\t\t\t\t\t<\/div>\n\t\t\t\t\t<\/div>\n\t\t\t\t<\/div>\n\t\t\t\t<\/div>\n\t\t<div class=\"elementor-element elementor-element-pemmx7c2 e-con-full e-flex e-con e-child\" data-id=\"pemmx7c2\" data-element_type=\"container\" data-e-type=\"container\">\n\t\t<div class=\"elementor-element elementor-element-37ss2yr6 iwg-steckbrief-card e-flex e-con-boxed e-con e-child\" data-id=\"37ss2yr6\" data-element_type=\"container\" data-e-type=\"container\">\n\t\t\t\t\t<div class=\"e-con-inner\">\n\t\t\t\t<div class=\"elementor-element elementor-element-3v0wp3wx elementor-widget elementor-widget-heading\" data-id=\"3v0wp3wx\" data-element_type=\"widget\" data-e-type=\"widget\" data-widget_type=\"heading.default\">\n\t\t\t\t\t<h3 class=\"elementor-heading-title elementor-size-default\">Velesin vaikutus<\/h3>\t\t\t\t<\/div>\n\t\t\t\t<div class=\"elementor-element elementor-element-w3247g2m elementor-widget elementor-widget-text-editor\" data-id=\"w3247g2m\" data-element_type=\"widget\" data-e-type=\"widget\" data-widget_type=\"text-editor.default\">\n\t\t\t\t\t\t\t\t\t<p><strong>Vaikutusalue:<\/strong> Velesia kutsuttiin avuksi karjan suojelijana joka talonpoikaistalossa. H\u00e4nen juhlap\u00e4iv\u00e4ns\u00e4 helmikuun lopulla (kristillisess\u00e4 perinteess\u00e4 pyh\u00e4n Blasiuksen p\u00e4iv\u00e4n\u00e4, 11. helmikuuta) on karjansuojelup\u00e4iv\u00e4. Shamanistisia harjoittajia (slaaviksi <em>volchov<\/em>, kielellisesti sukua sanalle <em>Volos<\/em>) pidettiin h\u00e4nen palvelijoinaan.<\/p><p>T\u00e4rkeiden sopimusten edell\u00e4 vannottiin Veles-vala. Talonpoikaisperinteess\u00e4 oli <span class=\"iwg-fachbegriff\" data-tooltip=\"Yhteis\u00f6ss\u00e4 perinteisesti ja toistuvasti harjoitettu toimintatapa.\" tabindex=\"0\">tapana<\/span> vihki\u00e4 ensimm\u00e4inen lyhde Velesille (&#8220;Velesov bart&#8221;). Nykyaikaisissa rodnovjerie-kokoontumisissa hahmo on nousemassa uudelleen keskeiseksi, erityisesti shamaanisessa perinnelinjassa.<\/p>\t\t\t\t\t\t\t\t<\/div>\n\t\t\t\t\t<\/div>\n\t\t\t\t<\/div>\n\t\t<div class=\"elementor-element elementor-element-0qpjal9w iwg-steckbrief-card e-flex e-con-boxed e-con e-child\" data-id=\"0qpjal9w\" data-element_type=\"container\" data-e-type=\"container\">\n\t\t\t\t\t<div class=\"e-con-inner\">\n\t\t\t\t<div class=\"elementor-element elementor-element-6ndoih0o elementor-widget elementor-widget-heading\" data-id=\"6ndoih0o\" data-element_type=\"widget\" data-e-type=\"widget\" data-widget_type=\"heading.default\">\n\t\t\t\t\t<h3 class=\"elementor-heading-title elementor-size-default\">Velesin torjuntakeinot<\/h3>\t\t\t\t<\/div>\n\t\t\t\t<div class=\"elementor-element elementor-element-6684tyh9 elementor-widget elementor-widget-text-editor\" data-id=\"6684tyh9\" data-element_type=\"widget\" data-e-type=\"widget\" data-widget_type=\"text-editor.default\">\n\t\t\t\t\t\t\t\t\t<p>K\u00e4\u00e4rmehahmo, sarvet, parta, paimensauva, karhuntalja, aarre (kultaa ja jalometalleja), ensimm\u00e4inen lyhde (&#8220;Velesov bart&#8221;). Pyh\u00e4t el\u00e4imet: karhu, k\u00e4\u00e4rme, susi (joissakin versioissa) ja karja yleisesti. Pyh\u00e4t kasvit: tammi (paradoksaalisesti my\u00f6s Perunin puu, mutta eri merkityksess\u00e4). Pyh\u00e4t paikat: karhunluolat, kaivokset, suoalueet. Pyh\u00e4 p\u00e4iv\u00e4: 11. helmikuuta.<\/p>\t\t\t\t\t\t\t\t<\/div>\n\t\t\t\t\t<\/div>\n\t\t\t\t<\/div>\n\t\t<div class=\"elementor-element elementor-element-3lfi7x32 iwg-steckbrief-card e-flex e-con-boxed e-con e-child\" data-id=\"3lfi7x32\" data-element_type=\"container\" data-e-type=\"container\">\n\t\t\t\t\t<div class=\"e-con-inner\">\n\t\t\t\t<div class=\"elementor-element elementor-element-0kg99ga1 elementor-widget elementor-widget-heading\" data-id=\"0kg99ga1\" data-element_type=\"widget\" data-e-type=\"widget\" data-widget_type=\"heading.default\">\n\t\t\t\t\t<div class=\"elementor-heading-title elementor-size-default\">Velesin vastineet<\/div>\t\t\t\t<\/div>\n\t\t\t\t<div class=\"elementor-element elementor-element-n0fum6kp elementor-widget elementor-widget-text-editor\" data-id=\"n0fum6kp\" data-element_type=\"widget\" data-e-type=\"widget\" data-widget_type=\"text-editor.default\">\n\t\t\t\t\t\t\t\t\t<p><em>Volos<\/em> (ven\u00e4l\u00e4inen muoto), <em>Velnias<\/em> (balttilainen, sukua oleva k\u00e4\u00e4rme- ja kuolemanjumala), <em>Vala<\/em> (hindulaisuus, vedalainen demonik\u00e4\u00e4rme Indra-<span class=\"iwg-fachbegriff\" data-tooltip=\"Perinteinen kertomus jumalista, alkuper\u00e4st\u00e4 ja maailman j\u00e4rjestyksest\u00e4.\" tabindex=\"0\">myytiss\u00e4<\/span>, yhteinen indoeurooppalainen<\/p><p>juuri), <em>Vritra<\/em> (hindulaisuus, toinen Indran lohik\u00e4\u00e4rme-vastustaja), <em>Apsu<\/em> (Mesopotamia, ktoninen makea vesi), <em>Hermes<\/em> (Kreikka, runoilijoiden, sopimusten ja <span class=\"iwg-fachbegriff\" data-tooltip=\"K\u00e4yt\u00e4nt\u00f6j\u00e4, joilla pyrit\u00e4\u00e4n vaikuttamaan tapahtumien kulkuun erityisin toimin tai kaavoin.\" tabindex=\"0\">taikuuden<\/span> suojelija), <em>Loki<\/em> (germaaninen kepponentekij\u00e4, Thorin vastaava vastustaja). Funktionaalisesti kaikki k\u00e4\u00e4rme-, kepponentekij\u00e4- ja <span class=\"iwg-fachbegriff\" data-tooltip=\"K\u00e4yt\u00e4nt\u00f6j\u00e4, joilla pyrit\u00e4\u00e4n vaikuttamaan tapahtumien kulkuun erityisin toimin tai kaavoin.\" tabindex=\"0\">taikuus<\/span>-jumalat jakavat Veles-piirteit\u00e4. Laajemmassa vertailussa: kaikki ukkosjumalien vastustajat (Vritra, Tiamat, Yamata-no-Orochi, Apophis).<\/p>\t\t\t\t\t\t\t\t<\/div>\n\t\t\t\t\t<\/div>\n\t\t\t\t<\/div>\n\t\t\t\t<\/div>\n\t\t\t\t<\/div>\n\t\t\t\t\t<\/div>\n\t\t\t\t<\/div>\n\t\t<div class=\"elementor-element elementor-element-5a584676 e-flex e-con-boxed e-con e-parent\" data-id=\"5a584676\" data-element_type=\"container\" data-e-type=\"container\">\n\t\t\t\t\t<div class=\"e-con-inner\">\n\t\t\t\t<div class=\"elementor-element elementor-element-6d0757bf elementor-widget elementor-widget-heading\" data-id=\"6d0757bf\" data-element_type=\"widget\" data-e-type=\"widget\" data-widget_type=\"heading.default\">\n\t\t\t\t\t<h2 class=\"elementor-heading-title elementor-size-default\">Veles, vastineet muissa kulttuureissa<\/h2>\t\t\t\t<\/div>\n\t\t<div class=\"elementor-element elementor-element-60563f68 e-con-full e-flex e-con e-child\" data-id=\"60563f68\" data-element_type=\"container\" data-e-type=\"container\">\n\t\t\t\t<div class=\"elementor-element elementor-element-5a93fdd6 elementor-widget elementor-widget-text-editor\" data-id=\"5a93fdd6\" data-element_type=\"widget\" data-e-type=\"widget\" data-widget_type=\"text-editor.default\">\n\t\t\t\t\t\t\t\t\t<p>Veles vastaa balttilaista V\u0117linasta (manalan jumala), vedalaista Valasta (<span class=\"iwg-fachbegriff\" data-tooltip=\"Geistiges Wesen, dem sch\u00e4dliche oder zwiesp\u00e4ltige Wirkung zugeschrieben wird.\" tabindex=\"0\">demoni<\/span> ja aarteen vartija) ja kaukaisemmin Kreikan Hadesta ja Plutoa. Lohik\u00e4\u00e4rme-piirre yhdist\u00e4\u00e4 h\u00e4net germaanien J\u00f6rmungandriin ja Egyptin Apepiin. H\u00e4nen kaksinaisuutensa, paha ja v\u00e4ltt\u00e4m\u00e4t\u00f6n, tuhoava ja tuottava, rikkaus ja tuho, on arkkityyppinen kaava indoeurooppalaisissa mytologioissa.<\/p>\n<p><strong>Juutalainen perinne:<\/strong> Samael ja demoniset manalan herrat jakavat Velesin kanssa ktonisen vallan ja vastustajan roolin suhteessa korkeampaan <span class=\"iwg-fachbegriff\" data-tooltip=\"Ein als g\u00f6ttlich verehrtes Wesen innerhalb einer Religion.\" tabindex=\"0\">jumaluuteen<\/span>, rakenteellinen dualismikaava.<\/p><p><strong>Kreikkalais-roomalainen maailma:<\/strong> Hades ja Pluto hallitsevat manalaa ja rikkauksia kuten Veles. Hermes rajojen ja kaupan jumalana jakaa Velesin teht\u00e4v\u00e4t v\u00e4litt\u00e4j\u00e4n\u00e4 ja vaurauden lis\u00e4\u00e4j\u00e4n\u00e4.<\/p><p><strong>Germaaninen perinne:<\/strong> Loki ja Oden jakavat Velesin kanssa kavaluuden, <span class=\"iwg-fachbegriff\" data-tooltip=\"Praktiken, die durch besondere Handlungen oder Formeln in den Lauf der Dinge eingreifen wollen.\" tabindex=\"0\">magian<\/span> ja ktonisen, rajoja ylitt\u00e4v\u00e4n voiman piirteit\u00e4, indoeurooppalainen vastine kaksinapaiselle jumaluusrakenteelle.<\/p><p><strong>Hindulaisuus:<\/strong> Yama, kuolleiden herra, ja Kubera, rikkauden jumala, yhdist\u00e4v\u00e4t tavallaan Velesin kaltaisia teht\u00e4vi\u00e4, manala\/siirtym\u00e4 ja vaurauden hallinta.<\/p>\t\t\t\t\t\t\t\t<\/div>\n\t\t\t\t<\/div>\n\t\t\t\t\t<\/div>\n\t\t\t\t<\/div>\n\t\t<div class=\"elementor-element elementor-element-cpc779b54 e-flex e-con-boxed e-con e-parent\" data-id=\"cpc779b54\" data-element_type=\"container\" data-e-type=\"container\">\n\t\t\t\t\t<div class=\"e-con-inner\">\n\t\t\t\t<div class=\"elementor-element elementor-element-cp6baa302 elementor-widget elementor-widget-heading\" data-id=\"cp6baa302\" data-element_type=\"widget\" data-e-type=\"widget\" data-widget_type=\"heading.default\">\n\t\t\t\t\t<h2 class=\"elementor-heading-title elementor-size-default\">Veles ja Perun: mytologinen perusristiriita<\/h2>\t\t\t\t<\/div>\n\t\t<div class=\"elementor-element elementor-element-cp51ab0f8 e-con-full e-flex e-con e-child\" data-id=\"cp51ab0f8\" data-element_type=\"container\" data-e-type=\"container\">\n\t\t\t\t<div class=\"elementor-element elementor-element-cpfeda1d5 elementor-widget elementor-widget-text-editor\" data-id=\"cpfeda1d5\" data-element_type=\"widget\" data-e-type=\"widget\" data-widget_type=\"text-editor.default\">\n\t\t\t\t\t\t\t\t\t<p>Vaikutusvaltaisin nykyaikainen tulkinta Velesist\u00e4 liittyy hypoteesiin slaavilaisesta perusmyytist\u00e4. Ven\u00e4l\u00e4iset kieli- ja uskontotieteilij\u00e4t Vjat\u0161eslav Ivanov ja Vladimir Toporov kehittiv\u00e4t 1960- ja 1970-luvuilla teorian, jonka mukaan slaavilaisen <span class=\"iwg-fachbegriff\" data-tooltip=\"Die Gesamtheit der \u00fcberlieferten G\u00f6ttererz\u00e4hlungen einer Kultur.\" tabindex=\"0\">mytologian<\/span> keski\u00f6ss\u00e4 on ristiriita ukkosenjumala Perunin ja h\u00e4nen vastustajansa Velesin v\u00e4lill\u00e4.<\/p><p>T\u00e4m\u00e4n rekonstruktion mukaan Perun on taivaan ukkosjumala, kun Veles sen sijaan on manalan, veden, karjan ja kuolleiden <span class=\"iwg-fachbegriff\" data-tooltip=\"Ein als g\u00f6ttlich verehrtes Wesen innerhalb einer Religion.\" tabindex=\"0\">jumaluus<\/span>, usein k\u00e4\u00e4rme- tai lohik\u00e4\u00e4rmem\u00e4isin piirtein. <span class=\"iwg-fachbegriff\" data-tooltip=\"Eine \u00fcberlieferte Erz\u00e4hlung \u00fcber G\u00f6tter, Urspr\u00fcnge und die Ordnung der Welt.\" tabindex=\"0\">Myytti<\/span> kertoo, kuinka Veles ry\u00f6st\u00e4\u00e4 karjaa tai Perunin vaimon tai pid\u00e4ttelee taivaan vesi\u00e4.<\/p><p>Perun ajaa h\u00e4nt\u00e4 takaa, singahduttaa ukkosensa, ja Veles piiloutuu vuorotellen puihin, kiviin, el\u00e4imiin ja ihmisiin. Lopulta Perun osuu h\u00e4neen, pid\u00e4tellyt vedet vapautuvat, ja sataa.<\/p><p>T\u00e4m\u00e4 rekonstruktio nojaa vertailuun muiden indoeurooppalaisten myyttien kanssa, erityisesti laajalti levinneeseen <span class=\"iwg-fachbegriff\" data-tooltip=\"Ein wiederkehrendes inhaltliches Element in Kunst oder Erz\u00e4hlung.\" tabindex=\"0\">aiheeseen<\/span> ukkosjumalan ja k\u00e4\u00e4rmeen taistelusta, sek\u00e4 kansanlauluissa, saduissa ja <span class=\"iwg-fachbegriff\" data-tooltip=\"Die Gesamtheit der \u00fcberlieferten Br\u00e4uche einer Gemeinschaft.\" tabindex=\"0\">tapakulttuurissa<\/span> s\u00e4ilyneisiin j\u00e4lkiin. Se ei kuitenkaan ole kiistaton.<\/p><p>Kriitikot huomauttavat, ettei t\u00e4t\u00e4 <span class=\"iwg-fachbegriff\" data-tooltip=\"Eine \u00fcberlieferte Erz\u00e4hlung \u00fcber G\u00f6tter, Urspr\u00fcnge und die Ordnung der Welt.\" tabindex=\"0\">myytti\u00e4<\/span> kertova yhten\u00e4inen slaavilainen l\u00e4hde ole olemassa ja ett\u00e4 rekonstruktio perustuu voimakkaasti analogiap\u00e4\u00e4telmiin. Hypoteesia on siis pidett\u00e4v\u00e4 uskottavana, mutta ei varmistettuna mallina. Se on kuitenkin muovannut tutkimusta syv\u00e4sti ja pysyy t\u00e4rkeimp\u00e4n\u00e4 vertailukohtana kaikessa Velesiin liittyv\u00e4ss\u00e4 tarkastelussa.<\/p>\t\t\t\t\t\t\t\t<\/div>\n\t\t\t\t<\/div>\n\t\t\t\t\t<\/div>\n\t\t\t\t<\/div>\n\t\t<div class=\"elementor-element elementor-element-cpf582066 e-flex e-con-boxed e-con e-parent\" data-id=\"cpf582066\" data-element_type=\"container\" data-e-type=\"container\">\n\t\t\t\t\t<div class=\"e-con-inner\">\n\t\t\t\t<div class=\"elementor-element elementor-element-cp1eefebd elementor-widget elementor-widget-heading\" data-id=\"cp1eefebd\" data-element_type=\"widget\" data-e-type=\"widget\" data-widget_type=\"heading.default\">\n\t\t\t\t\t<h2 class=\"elementor-heading-title elementor-size-default\">Kirjalliset j\u00e4ljet: sopimukset, kronikat, Igorin laulu<\/h2>\t\t\t\t<\/div>\n\t\t<div class=\"elementor-element elementor-element-cp3674aa7 e-con-full e-flex e-con e-child\" data-id=\"cp3674aa7\" data-element_type=\"container\" data-e-type=\"container\">\n\t\t\t\t<div class=\"elementor-element elementor-element-cp1d76366 elementor-widget elementor-widget-text-editor\" data-id=\"cp1d76366\" data-element_type=\"widget\" data-e-type=\"widget\" data-widget_type=\"text-editor.default\">\n\t\t\t\t\t\t\t\t\t<p>Veles kuuluu niihin harvoihin slaavilaisiin jumaluuksiin, joiden nimi on todella todistettu aikalaisten kirjallisissa l\u00e4hteiss\u00e4, vaikkakin niukasti. T\u00e4rkein l\u00e4hde on muinaisven\u00e4l\u00e4inen <em>Nestorin kronikka<\/em>, &#8220;Kertomus menneist\u00e4 vuosista&#8221;.<\/p><p>Se kertoo 900-luvulla tehdyist\u00e4 sopimuksista Kiovan Rusin ja Bysantin v\u00e4lill\u00e4, joissa Rusin edustajat vahvistivat valansa vannomalla Perunin ja Voloksen, &#8220;karjan jumalan&#8221;, nimeen.<\/p><p>T\u00e4m\u00e4 kohta on monessa suhteessa valaiseva. Se todistaa ensinn\u00e4kin jumalan olemassaolon nimell\u00e4 Volos, toiseksi h\u00e4nen yhteytens\u00e4 karjaan ja kolmanneksi h\u00e4nen mainitsemisensa Perunin rinnalla, mik\u00e4 sopii vastakohtaparihypoteesiin.<\/p><p>Huomionarvoista on, ett\u00e4 Volos ei kronikassa, toisin kuin Perun, esiinny niiden ep\u00e4jumalankuvien joukossa, jotka Kiovan ruhtinas Vladimir pystytti. Tutkimuksessa keskustellaan siit\u00e4, viittaako t\u00e4m\u00e4 eri asemaan virallisessa <span class=\"iwg-fachbegriff\" data-tooltip=\"Die Gesamtheit der religi\u00f6sen Verehrungshandlungen f\u00fcr eine Gottheit oder heilige Gestalt.\" tabindex=\"0\">kultissa<\/span> vai puutteisiin <span class=\"iwg-fachbegriff\" data-tooltip=\"Die Weitergabe von Wissen und Erz\u00e4hlungen \u00fcber Generationen.\" tabindex=\"0\">perim\u00e4tiedossa<\/span>.<\/p><p>Toinen usein siteerattu kohta on <em>Igorin laulussa<\/em>, muinaisit\u00e4slaavilaisessa sankarirunossa, jonka ajoitus ja aitous ovat pitk\u00e4\u00e4n olleet kiistanalaisia. Siell\u00e4 laulaja Bojania kutsutaan &#8220;Veleksen pojanpojaksi&#8221;.<\/p><p>T\u00e4st\u00e4 tutkimus on p\u00e4\u00e4tellyt, ett\u00e4 Veles saattoi liitty\u00e4 my\u00f6s runouteen, loitsuun ja ekstaattiseen sanaan, samaan tapaan kuin on todistettu muille &#8220;pime\u00e4n&#8221; piirin jumaluuksille.<\/p><p>Kaiken kaikkiaan kirjallinen l\u00e4hdeaineisto pysyy ohuena, mutta se on slaavilaiselle <span class=\"iwg-fachbegriff\" data-tooltip=\"Ein als g\u00f6ttlich verehrtes Wesen innerhalb einer Religion.\" tabindex=\"0\">jumaluudelle<\/span> suhteellisen kattava, ja se varmistaa ainakin perusjuonteet: karja, vala, vastustajuus Perunille ja yhteys sanaan.<\/p>\t\t\t\t\t\t\t\t<\/div>\n\t\t\t\t<\/div>\n\t\t\t\t\t<\/div>\n\t\t\t\t<\/div>\n\t\t<div class=\"elementor-element elementor-element-cp3a610c0 e-flex e-con-boxed e-con e-parent\" data-id=\"cp3a610c0\" data-element_type=\"container\" data-e-type=\"container\">\n\t\t\t\t\t<div class=\"e-con-inner\">\n\t\t\t\t<div class=\"elementor-element elementor-element-cp64f8851 elementor-widget elementor-widget-heading\" data-id=\"cp64f8851\" data-element_type=\"widget\" data-e-type=\"widget\" data-widget_type=\"heading.default\">\n\t\t\t\t\t<h2 class=\"elementor-heading-title elementor-size-default\">Veles, pyh\u00e4 partaletti ja kristinusko<\/h2>\t\t\t\t<\/div>\n\t\t<div class=\"elementor-element elementor-element-cp2605ea0 e-con-full e-flex e-con e-child\" data-id=\"cp2605ea0\" data-element_type=\"container\" data-e-type=\"container\">\n\t\t\t\t<div class=\"elementor-element elementor-element-cpb4f0ed7 elementor-widget elementor-widget-text-editor\" data-id=\"cpb4f0ed7\" data-element_type=\"widget\" data-e-type=\"widget\" data-widget_type=\"text-editor.default\">\n\t\t\t\t\t\t\t\t\t<p>Velesin palvonta j\u00e4tti j\u00e4lki\u00e4 talonpoikaiseen <span class=\"iwg-fachbegriff\" data-tooltip=\"Yhteis\u00f6n perinteisten tapojen kokonaisuus.\" tabindex=\"0\">tapaperinteeseen<\/span>, jota kansanperinteen tutkijat kirjasivat osittain aina 1800-luvulle ja 1900-luvun alkuun asti. Erityisen tunnettu on <span class=\"iwg-fachbegriff\" data-tooltip=\"Yhteis\u00f6ss\u00e4 perinteisesti ja toistuvasti harjoitettu toimintatapa.\" tabindex=\"0\">tapa<\/span>, jossa sadonkorjuun p\u00e4\u00e4tteeksi pellolle j\u00e4tettiin pieni ryhm\u00e4 leikkaamattomia t\u00e4hki\u00e4.<\/p><p>T\u00e4t\u00e4 t\u00e4hk\u00e4tukkoa kutsuttiin useilla slaavilaisilla alueilla &#8220;parraksi&#8221;, ja joillakin seuduilla nimenomaan &#8220;Volosin parraksi&#8221; tai kristillisen uudelleentulkinnan my\u00f6t\u00e4 &#8220;pyh\u00e4n Nikolauksen parraksi&#8221; tai muun pyhimyksen parraksi.<\/p><p>Tutkimuksessa t\u00e4llaisia tapoja on tulkittu mahdollisena j\u00e4lkikaikuna Veles-kultista. Pystyyn j\u00e4tettyj\u00e4 t\u00e4hki\u00e4 pidettiin lahjana voimalle, joka vastasi pellon ja karjan hedelm\u00e4llisyydest\u00e4, ja niiden tarkoitus oli varmistaa tulevan vuoden sato.<\/p><p>Yhteytt\u00e4 Velesiin ei voida kuitenkaan pit\u00e4\u00e4 varmana; se perustuu nimen ja teht\u00e4v\u00e4n yhtenev\u00e4isyyteen.<\/p><p>Kristillistymisen my\u00f6t\u00e4 Velesin teht\u00e4v\u00e4t siirtyiv\u00e4t kristillisille pyhimyksille. Yleisen tutkimusn\u00e4kemyksen mukaan h\u00e4net yhdistet\u00e4\u00e4n pyh\u00e4\u00e4n Blasiukseen, jonka nimi muistuttaa \u00e4\u00e4nellisesti Volosia ja jota pidettiin samoin karjan suojeluspyhimyksen\u00e4. My\u00f6s pyh\u00e4 Nikolaus omaksui <span class=\"iwg-fachbegriff\" data-tooltip=\"Arkiel\u00e4m\u00e4ss\u00e4 eletty uskonnollisuus, usein virallisen opin rinnalla.\" tabindex=\"0\">kansanuskossa<\/span> piirteit\u00e4, jotka sopivat Velesiin.<\/p><p>T\u00e4t\u00e4 ilmi\u00f6t\u00e4, jossa esikristillinen <span class=\"iwg-fachbegriff\" data-tooltip=\"Uskonnossa jumalallisena palvottu olento.\" tabindex=\"0\">jumaluus<\/span> jatkaa vaikutustaan kristillisen nimen alla, voidaan havaita useaan otteeseen slaavilaisessa uskontohistoriassa. Se vaikeuttaa samalla rekonstruktiota, koska pakanalliset ja kristilliset kerrostumat kietoutuvat perinteisess\u00e4 <span class=\"iwg-fachbegriff\" data-tooltip=\"Yhteis\u00f6n perinteisten tapojen kokonaisuus.\" tabindex=\"0\">tapaperinteess\u00e4<\/span> niin tiiviisti yhteen, ettei niit\u00e4 voi en\u00e4\u00e4 selke\u00e4sti erottaa toisistaan. Vastavoimasta enemm\u00e4n kiinnostuneet l\u00f6yt\u00e4v\u00e4t lis\u00e4tietoa Perunia k\u00e4sittelev\u00e4st\u00e4 artikkelista <a href=\"https:\/\/iwell-guard.com\/fi\/?page_id=143999\">Perun<\/a>.<\/p>\t\t\t\t\t\t\t\t<\/div>\n\t\t\t\t<\/div>\n\t\t\t\t\t<\/div>\n\t\t\t\t<\/div>\n\t\t<div class=\"elementor-element elementor-element-36dd7469 e-flex e-con-boxed e-con e-parent\" data-id=\"36dd7469\" data-element_type=\"container\" data-e-type=\"container\">\n\t\t\t\t\t<div class=\"e-con-inner\">\n\t\t\t\t<div class=\"elementor-element elementor-element-13760ab4 elementor-widget elementor-widget-heading\" data-id=\"13760ab4\" data-element_type=\"widget\" data-e-type=\"widget\" data-widget_type=\"heading.default\">\n\t\t\t\t\t<h2 class=\"elementor-heading-title elementor-size-default\">Aiheeseen liittyv\u00e4t linkit<\/h2>\t\t\t\t<\/div>\n\t\t<div class=\"elementor-element elementor-element-28c87796 e-con-full e-flex e-con e-child\" data-id=\"28c87796\" data-element_type=\"container\" data-e-type=\"container\">\n\t\t\t\t<div class=\"elementor-element elementor-element-5d6538df elementor-widget elementor-widget-text-editor\" data-id=\"5d6538df\" data-element_type=\"widget\" data-e-type=\"widget\" data-widget_type=\"text-editor.default\">\n\t\t\t\t\t\t\t\t\t<ul><li><a href=\"https:\/\/iwell-guard.com\/fi\/?page_id=143999\">Perun, arkkivihollinen, taivaan ukkosenjumala<\/a><\/li><li><a href=\"https:\/\/iwell-guard.com\/fi\/?page_id=144001\">Mokosh, naispuolinen slaavilainen maanjumalatar<\/a><\/li><li><a href=\"https:\/\/iwell-guard.com\/fi\/?page_id=144055\">Svarog, sukua oleva slaavilainen jumala<\/a><\/li><li><a href=\"https:\/\/iwell-guard.com\/fi\/?page_id=144054\">Marena, sukua oleva ktoninen slaavilainen jumaluus<\/a><\/li><li><a href=\"https:\/\/iwell-guard.com\/fi\/?page_id=143851\">Slaavilainen, panteoni-yleiskatsaus<\/a><\/li><li><a href=\"https:\/\/iwell-guard.com\/fi\/?page_id=143914\">Jumalat, luokkakatsaus<\/a><\/li><\/ul>\t\t\t\t\t\t\t\t<\/div>\n\t\t\t\t<\/div>\n\t\t\t\t\t<\/div>\n\t\t\t\t<\/div>\n\t\t<div class=\"elementor-element elementor-element-grl4kl40 e-flex e-con-boxed e-con e-parent\" data-id=\"grl4kl40\" data-element_type=\"container\" data-e-type=\"container\">\n\t\t\t\t\t<div class=\"e-con-inner\">\n\t\t\t\t<div class=\"elementor-element elementor-element-bzsbfrmh elementor-widget elementor-widget-heading\" data-id=\"bzsbfrmh\" data-element_type=\"widget\" data-e-type=\"widget\" data-widget_type=\"heading.default\">\n\t\t\t\t\t<h2 class=\"elementor-heading-title elementor-size-default\">Kirjallisuus (valikoima)<\/h2>\t\t\t\t<\/div>\n\t\t<div class=\"elementor-element elementor-element-2c13224a e-con-full e-flex e-con e-child\" data-id=\"2c13224a\" data-element_type=\"container\" data-e-type=\"container\">\n\t\t\t\t<div class=\"elementor-element elementor-element-0eymh9ub elementor-widget elementor-widget-text-editor\" data-id=\"0eymh9ub\" data-element_type=\"widget\" data-e-type=\"widget\" data-widget_type=\"text-editor.default\">\n\t\t\t\t\t\t\t\t\t<footer class=\"iwg-literatur\" data-nosnippet=\"true\"><ul><li>V&aacute;&#328;a, Zden&#283;k: <em><span class=\"iwg-fachbegriff\" data-tooltip=\"Kulttuurin perinn\u00e4isten jumalallisten kertomusten kokonaisuus.\" tabindex=\"0\">Mytologia<\/span> und G&ouml;tterwelt der slawischen V&ouml;lker<\/em>. Stuttgart 1992.<\/li><li><span data-nosnippet>Iv&aacute;nov, Vja&#269;eslav \/ Toporov, Vladimir: <em>Issledovanija v oblasti slavjanskich drevnostej<\/em>. Moskau 1974.<\/span><\/li><li><span data-nosnippet>Belaj, Vitomir: <em>Hod kroz godinu<\/em>. Zagreb 2007.<\/span><\/li><li><span data-nosnippet>Pittner, Manfred: <em>Slawische <span class=\"iwg-fachbegriff\" data-tooltip=\"Kulttuurin perinn\u00e4isten jumalallisten kertomusten kokonaisuus.\" tabindex=\"0\">Mythologie<\/span><\/em>. K&ouml;ln 2009.<\/span><\/li><li><span data-nosnippet>Gimbutas, Marija: <em>The Slavs<\/em>. London 1971.<\/span><\/li><li>Walde, Christine (Hg.): <em>Der Neue Pauly<\/em> (hakusana &bdquo;Veles&ldquo;).<\/li><\/ul><\/footer>\t\t\t\t\t\t\t\t<\/div>\n\t\t\t\t<\/div>\n\t\t\t\t\t<\/div>\n\t\t\t\t<\/div>\n\t\t\t\t<\/div>\n\t\t","protected":false},"excerpt":{"rendered":"","protected":false},"author":3,"featured_media":1765,"parent":0,"menu_order":0,"comment_status":"closed","ping_status":"closed","template":"elementor_header_footer","meta":{"_yoast_wpseo_focuskw":"Veles","_yoast_wpseo_title":"Veles \u2013 slaavien manalan jumala | iWell Guard","_yoast_wpseo_metadesc":"Veles, slaavien manalan jumala. Kuolleiden hallitsija, taikuuden ja rikkauden vartija, Perunin ikuinen vastustaja","_yoast_wpseo_meta-robots-noindex":"","_yoast_wpseo_canonical":"","_angie_page":false,"gefaehrdungsstufe":"3","wesen_kultur":"slawisch","wesen_klasse":"goetter","footnotes":""},"categories":[],"class_list":["post-143998","page","type-page","status-publish","has-post-thumbnail","hentry"],"yoast_head":"<!-- This site is optimized with the Yoast SEO Premium plugin v27.7 (Yoast SEO v28.3) - https:\/\/yoast.com\/product\/yoast-seo-premium-wordpress\/ -->\n<title>Veles \u2013 slaavien manalan jumala | iWell Guard<\/title>\n<meta name=\"description\" content=\"Veles, slaavien manalan jumala. Kuolleiden hallitsija, taikuuden ja rikkauden vartija, Perunin ikuinen vastustaja\" \/>\n<meta name=\"robots\" content=\"index, follow, max-snippet:-1, max-image-preview:large, max-video-preview:-1\" \/>\n<link rel=\"canonical\" href=\"https:\/\/iwell-guard.com\/fi\/veles\/\" \/>\n<meta property=\"og:locale\" content=\"fi_FI\" \/>\n<meta property=\"og:type\" content=\"article\" \/>\n<meta property=\"og:title\" content=\"Veles\" \/>\n<meta property=\"og:description\" content=\"Veles, slaavien manalan jumala. Kuolleiden hallitsija, taikuuden ja rikkauden vartija, Perunin ikuinen vastustaja\" \/>\n<meta property=\"og:url\" content=\"https:\/\/iwell-guard.com\/fi\/veles\/\" \/>\n<meta property=\"og:site_name\" content=\"iWell Guard\" \/>\n<meta property=\"article:modified_time\" content=\"2026-09-03T12:48:06+00:00\" \/>\n<meta property=\"og:image\" content=\"https:\/\/iwell-guard.com\/wp-content\/uploads\/2026\/04\/goetter_slawisch_veles-1.webp\" \/>\n\t<meta property=\"og:image:width\" content=\"1024\" \/>\n\t<meta property=\"og:image:height\" content=\"1536\" \/>\n\t<meta property=\"og:image:type\" content=\"image\/webp\" \/>\n<meta name=\"twitter:card\" content=\"summary_large_image\" \/>\n<script type=\"application\/ld+json\" class=\"yoast-schema-graph\">{\"@context\":\"https:\\\/\\\/schema.org\",\"@graph\":[{\"@type\":\"WebPage\",\"@id\":\"https:\\\/\\\/iwell-guard.com\\\/fi\\\/veles\\\/\",\"url\":\"https:\\\/\\\/iwell-guard.com\\\/fi\\\/veles\\\/\",\"name\":\"Veles \u2013 slaavien manalan jumala | iWell Guard\",\"isPartOf\":{\"@id\":\"https:\\\/\\\/iwell-guard.com\\\/fi\\\/#website\"},\"primaryImageOfPage\":{\"@id\":\"https:\\\/\\\/iwell-guard.com\\\/fi\\\/veles\\\/#primaryimage\"},\"image\":{\"@id\":\"https:\\\/\\\/iwell-guard.com\\\/fi\\\/veles\\\/#primaryimage\"},\"thumbnailUrl\":\"https:\\\/\\\/iwell-guard.com\\\/wp-content\\\/uploads\\\/2026\\\/04\\\/goetter_slawisch_veles-1.webp\",\"datePublished\":\"2026-09-03T12:30:52+00:00\",\"dateModified\":\"2026-09-03T12:48:06+00:00\",\"description\":\"Veles, slaavien manalan jumala. Kuolleiden hallitsija, taikuuden ja rikkauden vartija, Perunin ikuinen vastustaja\",\"breadcrumb\":{\"@id\":\"https:\\\/\\\/iwell-guard.com\\\/fi\\\/veles\\\/#breadcrumb\"},\"inLanguage\":\"fi\",\"potentialAction\":[{\"@type\":\"ReadAction\",\"target\":[\"https:\\\/\\\/iwell-guard.com\\\/fi\\\/veles\\\/\"]}]},{\"@type\":\"ImageObject\",\"inLanguage\":\"fi\",\"@id\":\"https:\\\/\\\/iwell-guard.com\\\/fi\\\/veles\\\/#primaryimage\",\"url\":\"https:\\\/\\\/iwell-guard.com\\\/wp-content\\\/uploads\\\/2026\\\/04\\\/goetter_slawisch_veles-1.webp\",\"contentUrl\":\"https:\\\/\\\/iwell-guard.com\\\/wp-content\\\/uploads\\\/2026\\\/04\\\/goetter_slawisch_veles-1.webp\",\"width\":1024,\"height\":1536,\"caption\":\"Slaavilaisen perinteen jumalia.\"},{\"@type\":\"BreadcrumbList\",\"@id\":\"https:\\\/\\\/iwell-guard.com\\\/fi\\\/veles\\\/#breadcrumb\",\"itemListElement\":[{\"@type\":\"ListItem\",\"position\":1,\"name\":\"Start\",\"item\":\"https:\\\/\\\/iwell-guard.com\\\/fi\\\/?page_id=143815\"},{\"@type\":\"ListItem\",\"position\":2,\"name\":\"Veles\"}]},{\"@type\":\"WebSite\",\"@id\":\"https:\\\/\\\/iwell-guard.com\\\/fi\\\/#website\",\"url\":\"https:\\\/\\\/iwell-guard.com\\\/fi\\\/\",\"name\":\"iWell Guard\",\"description\":\"Schutz vor dunklen Einfl\u00fcssen\",\"publisher\":{\"@id\":\"https:\\\/\\\/iwell-guard.com\\\/fi\\\/#organization\"},\"potentialAction\":[{\"@type\":\"SearchAction\",\"target\":{\"@type\":\"EntryPoint\",\"urlTemplate\":\"https:\\\/\\\/iwell-guard.com\\\/fi\\\/?s={search_term_string}\"},\"query-input\":{\"@type\":\"PropertyValueSpecification\",\"valueRequired\":true,\"valueName\":\"search_term_string\"}}],\"inLanguage\":\"fi\"},{\"@type\":\"Organization\",\"@id\":\"https:\\\/\\\/iwell-guard.com\\\/fi\\\/#organization\",\"name\":\"Ittermann electronic GmbH\",\"url\":\"https:\\\/\\\/iwell-guard.com\\\/fi\\\/\",\"logo\":{\"@type\":\"ImageObject\",\"inLanguage\":\"fi\",\"@id\":\"https:\\\/\\\/iwell-guard.com\\\/fi\\\/#\\\/schema\\\/logo\\\/image\\\/\",\"url\":\"https:\\\/\\\/iwell-guard.com\\\/wp-content\\\/uploads\\\/2026\\\/05\\\/Ittermann-Logo-1182x237-1.png\",\"contentUrl\":\"https:\\\/\\\/iwell-guard.com\\\/wp-content\\\/uploads\\\/2026\\\/05\\\/Ittermann-Logo-1182x237-1.png\",\"width\":1182,\"height\":237,\"caption\":\"Ittermann electronic GmbH\"},\"image\":{\"@id\":\"https:\\\/\\\/iwell-guard.com\\\/fi\\\/#\\\/schema\\\/logo\\\/image\\\/\"},\"sameAs\":[\"https:\\\/\\\/pantip.com\\\/profile\\\/9367242\",\"https:\\\/\\\/micro.blog\\\/iwellguard\",\"https:\\\/\\\/www.diggerslist.com\\\/iwellguard\\\/about\",\"https:\\\/\\\/skitterphoto.com\\\/photographers\\\/2870314\\\/iwell-guard\",\"https:\\\/\\\/iwellguard.wordpress.com\\\/2026\\\/06\\\/06\\\/iwell-guard\\\/\",\"https:\\\/\\\/hub.docker.com\\\/u\\\/iwellguard\",\"https:\\\/\\\/www.pinterest.com\\\/iwellguard\\\/\",\"https:\\\/\\\/bit.ly\\\/m\\\/iwellguard\",\"https:\\\/\\\/entre-vos-mains.alsace.eu\\\/profiles\\\/iwellguard\\\/activity\",\"https:\\\/\\\/gravatar.com\\\/reallybeded8fd34\",\"https:\\\/\\\/naijamatta.com\\\/iwellguard\",\"https:\\\/\\\/www.goodreads.com\\\/iwellguard\",\"https:\\\/\\\/profile.hatena.ne.jp\\\/iwellguard\\\/\",\"https:\\\/\\\/experiment.com\\\/users\\\/iwellguard\",\"https:\\\/\\\/wakelet.com\\\/@iWellGuard82270\",\"https:\\\/\\\/www.chordie.com\\\/forum\\\/profile.php?id=2555664\",\"https:\\\/\\\/www.instapaper.com\\\/p\\\/17757966\",\"https:\\\/\\\/www.mapleprimes.com\\\/users\\\/iwellguard\",\"https:\\\/\\\/businesslistingplus.com\\\/profile\\\/iwell-guard\\\/\",\"https:\\\/\\\/telegra.ph\\\/iWell-Guard-06-06\",\"https:\\\/\\\/pbase.com\\\/iwellguard\\\/iwellguard\",\"https:\\\/\\\/b.hatena.ne.jp\\\/iwellguard\\\/20260607#bookmark-4788405196491818882\",\"https:\\\/\\\/fliphtml5.com\\\/home\\\/iwellguard\",\"https:\\\/\\\/anyflip.com\\\/homepage\\\/cmiwl#About\",\"https:\\\/\\\/transfur.com\\\/Users\\\/iwellguard\",\"http:\\\/\\\/delphi.larsbo.org\\\/user\\\/iwellguard\",\"https:\\\/\\\/jobs.lajobsportal.org\\\/profiles\\\/8380803-iwell-guard\",\"https:\\\/\\\/md.chaosdorf.de\\\/s\\\/jfbe5SBdJD\",\"https:\\\/\\\/www.lingvolive.com\\\/en-us\\\/profile\\\/9ecaeaca-ce11-4e51-9e71-01d55e2bff36\\\/translations\",\"https:\\\/\\\/www.fitday.com\\\/fitness\\\/forums\\\/members\\\/iwellguard.html\",\"https:\\\/\\\/www.mymeetbook.com\\\/iwellguard\",\"https:\\\/\\\/pxhere.com\\\/en\\\/photographer-me\\\/5040798\",\"https:\\\/\\\/disqus.com\\\/by\\\/iwellguard\\\/about\\\/\",\"https:\\\/\\\/pastelink.net\\\/hjwciqwq\",\"https:\\\/\\\/pubhtml5.com\\\/homepage\\\/scjhn\\\/\",\"https:\\\/\\\/www.bitchute.com\\\/channel\\\/2O2eOKzNqujT\",\"https:\\\/\\\/audiomack.com\\\/iwellguard\"]},{\"@type\":\"Article\",\"@id\":\"https:\\\/\\\/iwell-guard.com\\\/fi\\\/veles\\\/#article\",\"isPartOf\":{\"@id\":\"https:\\\/\\\/iwell-guard.com\\\/fi\\\/veles\\\/\"},\"author\":{\"name\":\"Ralf Ittermann\",\"@id\":\"https:\\\/\\\/iwell-guard.com\\\/fi\\\/#\\\/schema\\\/person\\\/ee2a27f1cac3406c7c6fb5820cb7349f\"},\"headline\":\"Veles\",\"datePublished\":\"2026-09-03T12:30:52+00:00\",\"dateModified\":\"2026-09-03T12:48:06+00:00\",\"mainEntityOfPage\":{\"@id\":\"https:\\\/\\\/iwell-guard.com\\\/fi\\\/veles\\\/\"},\"publisher\":{\"@id\":\"https:\\\/\\\/iwell-guard.com\\\/fi\\\/#organization\"},\"image\":{\"@id\":\"https:\\\/\\\/iwell-guard.com\\\/fi\\\/veles\\\/#primaryimage\"},\"thumbnailUrl\":\"https:\\\/\\\/iwell-guard.com\\\/wp-content\\\/uploads\\\/2026\\\/04\\\/goetter_slawisch_veles-1.webp\",\"inLanguage\":\"fi\",\"description\":\"Veles, slaavien manalan jumala. Kuolleiden hallitsija, taikuuden ja rikkauden vartija, Perunin ikuinen vastustaja\"}]}<\/script>\n<!-- \/ Yoast SEO Premium plugin. -->","yoast_head_json":{"title":"Veles \u2013 slaavien manalan jumala | iWell Guard","description":"Veles, slaavien manalan jumala. Kuolleiden hallitsija, taikuuden ja rikkauden vartija, Perunin ikuinen vastustaja","robots":{"index":"index","follow":"follow","max-snippet":"max-snippet:-1","max-image-preview":"max-image-preview:large","max-video-preview":"max-video-preview:-1"},"canonical":"https:\/\/iwell-guard.com\/fi\/veles\/","og_locale":"fi_FI","og_type":"article","og_title":"Veles","og_description":"Veles, slaavien manalan jumala. Kuolleiden hallitsija, taikuuden ja rikkauden vartija, Perunin ikuinen vastustaja","og_url":"https:\/\/iwell-guard.com\/fi\/veles\/","og_site_name":"iWell Guard","article_modified_time":"2026-09-03T12:48:06+00:00","og_image":[{"width":1024,"height":1536,"url":"https:\/\/iwell-guard.com\/wp-content\/uploads\/2026\/04\/goetter_slawisch_veles-1.webp","type":"image\/webp"}],"twitter_card":"summary_large_image","schema":{"@context":"https:\/\/schema.org","@graph":[{"@type":"Article","@id":"https:\/\/iwell-guard.com\/fi\/veles\/#article","isPartOf":{"@id":"https:\/\/iwell-guard.com\/fi\/veles\/"},"author":{"name":"Ralf Ittermann","@id":"https:\/\/iwell-guard.com\/fi\/#\/schema\/person\/ee2a27f1cac3406c7c6fb5820cb7349f"},"headline":"Veles","datePublished":"2026-09-03T12:30:52+00:00","dateModified":"2026-09-03T12:48:06+00:00","mainEntityOfPage":{"@id":"https:\/\/iwell-guard.com\/fi\/veles\/"},"publisher":{"@id":"https:\/\/iwell-guard.com\/fi\/#organization"},"image":{"@id":"https:\/\/iwell-guard.com\/fi\/veles\/#primaryimage"},"thumbnailUrl":"https:\/\/iwell-guard.com\/wp-content\/uploads\/2026\/04\/goetter_slawisch_veles-1.webp","inLanguage":"fi","description":"Veles, slaavien manalan jumala. Kuolleiden hallitsija, taikuuden ja rikkauden vartija, Perunin ikuinen vastustaja"},{"@type":"WebPage","@id":"https:\/\/iwell-guard.com\/fi\/veles\/","url":"https:\/\/iwell-guard.com\/fi\/veles\/","name":"Veles \u2013 slaavien manalan jumala | iWell Guard","isPartOf":{"@id":"https:\/\/iwell-guard.com\/fi\/#website"},"primaryImageOfPage":{"@id":"https:\/\/iwell-guard.com\/fi\/veles\/#primaryimage"},"image":{"@id":"https:\/\/iwell-guard.com\/fi\/veles\/#primaryimage"},"thumbnailUrl":"https:\/\/iwell-guard.com\/wp-content\/uploads\/2026\/04\/goetter_slawisch_veles-1.webp","datePublished":"2026-09-03T12:30:52+00:00","dateModified":"2026-09-03T12:48:06+00:00","description":"Veles, slaavien manalan jumala. Kuolleiden hallitsija, taikuuden ja rikkauden vartija, Perunin ikuinen vastustaja","breadcrumb":{"@id":"https:\/\/iwell-guard.com\/fi\/veles\/#breadcrumb"},"inLanguage":"fi","potentialAction":[{"@type":"ReadAction","target":["https:\/\/iwell-guard.com\/fi\/veles\/"]}]},{"@type":"ImageObject","inLanguage":"fi","@id":"https:\/\/iwell-guard.com\/fi\/veles\/#primaryimage","url":"https:\/\/iwell-guard.com\/wp-content\/uploads\/2026\/04\/goetter_slawisch_veles-1.webp","contentUrl":"https:\/\/iwell-guard.com\/wp-content\/uploads\/2026\/04\/goetter_slawisch_veles-1.webp","width":1024,"height":1536,"caption":"Slaavilaisen perinteen jumalia."},{"@type":"BreadcrumbList","@id":"https:\/\/iwell-guard.com\/fi\/veles\/#breadcrumb","itemListElement":[{"@type":"ListItem","position":1,"name":"Start","item":"https:\/\/iwell-guard.com\/fi\/?page_id=143815"},{"@type":"ListItem","position":2,"name":"Veles"}]},{"@type":"WebSite","@id":"https:\/\/iwell-guard.com\/fi\/#website","url":"https:\/\/iwell-guard.com\/fi\/","name":"iWell Guard","description":"Schutz vor dunklen Einfl\u00fcssen","publisher":{"@id":"https:\/\/iwell-guard.com\/fi\/#organization"},"potentialAction":[{"@type":"SearchAction","target":{"@type":"EntryPoint","urlTemplate":"https:\/\/iwell-guard.com\/fi\/?s={search_term_string}"},"query-input":{"@type":"PropertyValueSpecification","valueRequired":true,"valueName":"search_term_string"}}],"inLanguage":"fi"},{"@type":"Organization","@id":"https:\/\/iwell-guard.com\/fi\/#organization","name":"Ittermann electronic GmbH","url":"https:\/\/iwell-guard.com\/fi\/","logo":{"@type":"ImageObject","inLanguage":"fi","@id":"https:\/\/iwell-guard.com\/fi\/#\/schema\/logo\/image\/","url":"https:\/\/iwell-guard.com\/wp-content\/uploads\/2026\/05\/Ittermann-Logo-1182x237-1.png","contentUrl":"https:\/\/iwell-guard.com\/wp-content\/uploads\/2026\/05\/Ittermann-Logo-1182x237-1.png","width":1182,"height":237,"caption":"Ittermann electronic GmbH"},"image":{"@id":"https:\/\/iwell-guard.com\/fi\/#\/schema\/logo\/image\/"},"sameAs":["https:\/\/pantip.com\/profile\/9367242","https:\/\/micro.blog\/iwellguard","https:\/\/www.diggerslist.com\/iwellguard\/about","https:\/\/skitterphoto.com\/photographers\/2870314\/iwell-guard","https:\/\/iwellguard.wordpress.com\/2026\/06\/06\/iwell-guard\/","https:\/\/hub.docker.com\/u\/iwellguard","https:\/\/www.pinterest.com\/iwellguard\/","https:\/\/bit.ly\/m\/iwellguard","https:\/\/entre-vos-mains.alsace.eu\/profiles\/iwellguard\/activity","https:\/\/gravatar.com\/reallybeded8fd34","https:\/\/naijamatta.com\/iwellguard","https:\/\/www.goodreads.com\/iwellguard","https:\/\/profile.hatena.ne.jp\/iwellguard\/","https:\/\/experiment.com\/users\/iwellguard","https:\/\/wakelet.com\/@iWellGuard82270","https:\/\/www.chordie.com\/forum\/profile.php?id=2555664","https:\/\/www.instapaper.com\/p\/17757966","https:\/\/www.mapleprimes.com\/users\/iwellguard","https:\/\/businesslistingplus.com\/profile\/iwell-guard\/","https:\/\/telegra.ph\/iWell-Guard-06-06","https:\/\/pbase.com\/iwellguard\/iwellguard","https:\/\/b.hatena.ne.jp\/iwellguard\/20260607#bookmark-4788405196491818882","https:\/\/fliphtml5.com\/home\/iwellguard","https:\/\/anyflip.com\/homepage\/cmiwl#About","https:\/\/transfur.com\/Users\/iwellguard","http:\/\/delphi.larsbo.org\/user\/iwellguard","https:\/\/jobs.lajobsportal.org\/profiles\/8380803-iwell-guard","https:\/\/md.chaosdorf.de\/s\/jfbe5SBdJD","https:\/\/www.lingvolive.com\/en-us\/profile\/9ecaeaca-ce11-4e51-9e71-01d55e2bff36\/translations","https:\/\/www.fitday.com\/fitness\/forums\/members\/iwellguard.html","https:\/\/www.mymeetbook.com\/iwellguard","https:\/\/pxhere.com\/en\/photographer-me\/5040798","https:\/\/disqus.com\/by\/iwellguard\/about\/","https:\/\/pastelink.net\/hjwciqwq","https:\/\/pubhtml5.com\/homepage\/scjhn\/","https:\/\/www.bitchute.com\/channel\/2O2eOKzNqujT","https:\/\/audiomack.com\/iwellguard"]},{"@type":"Person","@id":"https:\/\/iwell-guard.com\/fi\/#\/schema\/person\/ee2a27f1cac3406c7c6fb5820cb7349f","name":"Ralf Ittermann","image":{"@type":"ImageObject","inLanguage":"fi","@id":"https:\/\/secure.gravatar.com\/avatar\/073c0153e350a5005b68eb752b445fea71f6b24a26da9449ad7e155e6b446c9d?s=96&d=mm&r=g","url":"https:\/\/secure.gravatar.com\/avatar\/073c0153e350a5005b68eb752b445fea71f6b24a26da9449ad7e155e6b446c9d?s=96&d=mm&r=g","contentUrl":"https:\/\/secure.gravatar.com\/avatar\/073c0153e350a5005b68eb752b445fea71f6b24a26da9449ad7e155e6b446c9d?s=96&d=mm&r=g","caption":"Ralf Ittermann"},"givenName":"Ralf","familyName":"Ittermann","jobTitle":"Gesch\u00e4ftsf\u00fchrer und redaktioneller Verantwortlicher","url":"https:\/\/iwell-guard.com\/fi\/author\/claude\/","description":"Ralf Ittermann ist Gesch\u00e4ftsf\u00fchrer der Ittermann electronic GmbH und redaktioneller Verantwortlicher des iWell-Guard-Lexikons. Er verbindet langj\u00e4hrige Erfahrung in der Pr\u00e4zisionsfertigung mit medialer Praxis und religionsgeschichtlicher Quellenarbeit.","worksFor":{"@type":"Organization","name":"Ittermann electronic GmbH","url":"https:\/\/ittermann.de\/","address":{"@type":"PostalAddress","streetAddress":"K\u00f6hlergasse 16-18","postalCode":"99842","addressLocality":"Ruhla","addressCountry":"DE"}},"knowsAbout":["Religionsgeschichte","Mythologie","Mediale Praxis","Energetische Diagnostik","Schutzpraxis","Volksglauben","Westliche Esoterik"]},{"@type":"Article","@id":"https:\/\/iwell-guard.com\/fi\/veles\/#article","isPartOf":{"@id":"https:\/\/iwell-guard.com\/fi\/veles\/"},"author":{"name":"Ralf Ittermann","@id":"https:\/\/iwell-guard.com\/fi\/#\/schema\/person\/ee2a27f1cac3406c7c6fb5820cb7349f"},"headline":"Veles","datePublished":"2026-09-03T12:30:52+00:00","dateModified":"2026-09-03T12:48:06+00:00","mainEntityOfPage":{"@id":"https:\/\/iwell-guard.com\/fi\/veles\/"},"publisher":{"@id":"https:\/\/iwell-guard.com\/fi\/#organization"},"image":{"@id":"https:\/\/iwell-guard.com\/fi\/veles\/#primaryimage"},"thumbnailUrl":"https:\/\/iwell-guard.com\/wp-content\/uploads\/2026\/04\/goetter_slawisch_veles-1.webp","inLanguage":"fi","description":"Veles, slaavien manalan jumala. Kuolleiden hallitsija, taikuuden ja rikkauden vartija, Perunin ikuinen vastustaja"}]}},"_links":{"self":[{"href":"https:\/\/iwell-guard.com\/fi\/wp-json\/wp\/v2\/pages\/143998","targetHints":{"allow":["GET"]}}],"collection":[{"href":"https:\/\/iwell-guard.com\/fi\/wp-json\/wp\/v2\/pages"}],"about":[{"href":"https:\/\/iwell-guard.com\/fi\/wp-json\/wp\/v2\/types\/page"}],"author":[{"embeddable":true,"href":"https:\/\/iwell-guard.com\/fi\/wp-json\/wp\/v2\/users\/3"}],"replies":[{"embeddable":true,"href":"https:\/\/iwell-guard.com\/fi\/wp-json\/wp\/v2\/comments?post=143998"}],"version-history":[{"count":0,"href":"https:\/\/iwell-guard.com\/fi\/wp-json\/wp\/v2\/pages\/143998\/revisions"}],"wp:featuredmedia":[{"embeddable":true,"href":"https:\/\/iwell-guard.com\/fi\/wp-json\/wp\/v2\/media\/1765"}],"wp:attachment":[{"href":"https:\/\/iwell-guard.com\/fi\/wp-json\/wp\/v2\/media?parent=143998"}],"wp:term":[{"taxonomy":"category","embeddable":true,"href":"https:\/\/iwell-guard.com\/fi\/wp-json\/wp\/v2\/categories?post=143998"}],"curies":[{"name":"wp","href":"https:\/\/api.w.org\/{rel}","templated":true}]}}