{"id":143923,"date":"2026-09-03T12:29:56","date_gmt":"2026-09-03T12:29:56","guid":{"rendered":"https:\/\/iwell-guard.com\/?page_id=143923"},"modified":"2026-09-03T12:46:10","modified_gmt":"2026-09-03T12:46:10","slug":"arkkienkeli-gabriel","status":"publish","type":"page","link":"https:\/\/iwell-guard.com\/fi\/arkkienkeli-gabriel\/","title":{"rendered":"Arkkienkeli Gabriel"},"content":{"rendered":"\t\t<div data-elementor-type=\"wp-page\" data-elementor-id=\"143923\" class=\"elementor elementor-143923 elementor-1801 elementor-bc-flex-widget\" data-elementor-post-type=\"page\">\n\t\t\t\t<div class=\"elementor-element elementor-element-10fdade e-flex e-con-boxed e-con e-parent\" data-id=\"10fdade\" data-element_type=\"container\" data-e-type=\"container\" data-settings=\"{&quot;background_background&quot;:&quot;classic&quot;}\">\n\t\t\t\t\t<div class=\"e-con-inner\">\n\t\t<div class=\"elementor-element elementor-element-herohlft0 e-flex e-con-boxed e-con e-child\" data-id=\"herohlft0\" data-element_type=\"container\" data-e-type=\"container\">\n\t\t\t\t\t<div class=\"e-con-inner\">\n\t\t<div class=\"elementor-element elementor-element-c3ceb64 e-con-full e-flex e-con e-child\" data-id=\"c3ceb64\" data-element_type=\"container\" data-e-type=\"container\">\n\t\t\t\t<div class=\"elementor-element elementor-element-96ae5e1 elementor-widget elementor-widget-heading\" data-id=\"96ae5e1\" data-element_type=\"widget\" data-e-type=\"widget\" data-widget_type=\"heading.default\">\n\t\t\t\t\t<h1 class=\"elementor-heading-title elementor-size-default\">Arkkienkeli Gabriel, valo-olento<\/h1>\t\t\t\t<\/div>\n\t\t\t\t<div class=\"elementor-element elementor-element-e45238a elementor-widget elementor-widget-text-editor\" data-id=\"e45238a\" data-element_type=\"widget\" data-e-type=\"widget\" data-widget_type=\"text-editor.default\">\n\t\t\t\t\t\t\t\t\t<p>Jumalan sanansaattaja juutalais-kristillis-islamilaisessa perinteess\u00e4. Ilmoitti Marialle Jeesuksen syntym\u00e4n ja saneli Muhammedille Koraanin.<\/p><p>T\u00e4ll\u00e4 sivulla arkkienkeli Gabriel sijoitetaan valo-olento-k\u00e4sitteen yhteyteen.<\/p>\n<h2 id=\"dif-gabriel\">Gabrielin erityispiirteet: ilmestyksen sanansaattaja<\/h2>\n<p>Gabrielin p\u00e4\u00e4n\u00e4ytelm\u00e4 on <strong>ilmestys<\/strong> (Lk 1,26-38). H\u00e4n ilmestyy Marialle Nasaretissa ja ilmoittaa Jeesuksen siki\u00e4misest\u00e4. Sit\u00e4 ennen h\u00e4n ilmoittaa Sakariaalle Johannes Kastajan syntym\u00e4n (Lk 1,11-20). Danielin kirjassa (Dan 8,16; 9,21-27) Gabriel tulkitsee nelj\u00e4n valtakunnan n\u00e4yn ja seitsem\u00e4nkymmenen viikon ennustuksen. H\u00e4nen nimens\u00e4 <em>gabri\u02be\u0113l<\/em> tarkoittaa \u201dJumalan miest\u00e4\u201d tai \u201dJumalan sankaria\u201d.<\/p><p>Islamissa h\u00e4net tunnetaan nimell\u00e4 <strong>Jibr\u012bl<\/strong>, Koraanin ilmoitusenkeli. Kristillisess\u00e4 <span class=\"iwg-fachbegriff\" data-tooltip=\"Uskonyhteis\u00f6n jumalanpalveluksen vakiintunut j\u00e4rjestys.\" tabindex=\"0\">liturgiassa<\/span> h\u00e4nt\u00e4 pidet\u00e4\u00e4n <strong>ilosanoman sanansaattajana<\/strong>, viimeisen tuomion pasuunaenkelin\u00e4 ja diplomaattien, postity\u00f6ntekij\u00f6iden ja televiestinn\u00e4n suojeluspyh\u00e4n\u00e4. H\u00e4nen tunnuksiaan ovat <strong>lilja, kirjak\u00e4\u00e4r\u00f6 ja pasuuna<\/strong>, ja h\u00e4nen juhlap\u00e4iv\u00e4ns\u00e4 on 24. maaliskuuta.<\/p>\n\t\t\t\t\t\t\t\t<\/div>\n\t\t\t\t<\/div>\n\t\t<div class=\"elementor-element elementor-element-klsbdg01 e-con-full e-flex e-con e-parent\" data-id=\"klsbdg01\" data-element_type=\"container\" data-e-type=\"container\">\n\t\t\t\t<div class=\"elementor-element elementor-element-klshtm01 elementor-widget elementor-widget-html\" data-id=\"klshtm01\" data-element_type=\"widget\" data-e-type=\"widget\" data-widget_type=\"html.default\">\n\t\t\t\t\t<div class=\"iwg-pill-row\"><span class=\"iwg-klasse-badge\" tabindex=\"0\" data-tooltip=\"Valo-olento: valaistuneita, suojelevia tai opettavia olentoja, arkkienkeleit\u00e4, yl\u00f6snousemusmestareita, valoisia luonto-olentoja. Nykyaikaisissa ja vanhemmissa henkisiss\u00e4 perinteiss\u00e4 kuvataan auttajina ja opettajina.\">Valo-olento<\/span><a href=\"https:\/\/iwell-guard.com\/fi\/?page_id=143831\" class=\"iwg-kultur-badge\" tabindex=\"0\" data-tooltip=\"Juutalainen uskonnollinen perinne Tanakhista kabbalaan ja nykyaikaiseen mystiikkaan.\">Juutalaisuus<\/a><span class=\"iwg-tradition-badge\" tabindex=\"0\" data-tooltip=\"Arkkienkeli, korkein enkeliluokka juutalaisessa, kristillisess\u00e4 ja islamilaisessa perinteess\u00e4.\">Arkkienkeli<\/span><\/div>\t\t\t\t<\/div>\n\t\t\t\t<\/div>\n\t\t<div class=\"elementor-element elementor-element-3f74855 e-con-full e-flex e-con e-child\" data-id=\"3f74855\" data-element_type=\"container\" data-e-type=\"container\">\n\t\t\t\t<div class=\"elementor-element elementor-element-1c30362 elementor-toc--minimized-on-tablet elementor-widget elementor-widget-table-of-contents\" data-id=\"1c30362\" data-element_type=\"widget\" data-e-type=\"widget\" data-settings=\"{&quot;exclude_headings_by_selector&quot;:[],&quot;no_headings_message&quot;:&quot;T\\u00e4lt\\u00e4 sivulta ei l\\u00f6ytynyt otsikoita.&quot;,&quot;headings_by_tags&quot;:[&quot;h2&quot;,&quot;h3&quot;],&quot;marker_view&quot;:&quot;bullets&quot;,&quot;minimize_box&quot;:&quot;yes&quot;,&quot;icon&quot;:{&quot;value&quot;:&quot;fas fa-circle&quot;,&quot;library&quot;:&quot;fa-solid&quot;,&quot;rendered_tag&quot;:&quot;&lt;svg class=\\&quot;e-font-icon-svg e-fas-circle\\&quot; viewBox=\\&quot;0 0 512 512\\&quot; xmlns=\\&quot;http:\\\/\\\/www.w3.org\\\/2000\\\/svg\\&quot;&gt;&lt;path d=\\&quot;M256 8C119 8 8 119 8 256s111 248 248 248 248-111 248-248S393 8 256 8z\\&quot;&gt;&lt;\\\/path&gt;&lt;\\\/svg&gt;&quot;},&quot;minimized_on&quot;:&quot;tablet&quot;,&quot;hierarchical_view&quot;:&quot;yes&quot;,&quot;min_height&quot;:{&quot;unit&quot;:&quot;px&quot;,&quot;size&quot;:&quot;&quot;,&quot;sizes&quot;:[]},&quot;min_height_tablet&quot;:{&quot;unit&quot;:&quot;px&quot;,&quot;size&quot;:&quot;&quot;,&quot;sizes&quot;:[]},&quot;min_height_mobile&quot;:{&quot;unit&quot;:&quot;px&quot;,&quot;size&quot;:&quot;&quot;,&quot;sizes&quot;:[]}}\" data-widget_type=\"table-of-contents.default\">\n\t\t\t\t\t\t\t\t\t<div class=\"elementor-toc__header\">\n\t\t\t\t\t\t<h2 class=\"elementor-toc__header-title\">\n\t\t\t\tSis\u00e4llysluettelo\t\t\t<\/h2>\n\t\t\t\t\t\t\t\t\t\t<div class=\"elementor-toc__toggle-button elementor-toc__toggle-button--expand\" role=\"button\" tabindex=\"0\" aria-controls=\"elementor-toc__1c30362\" aria-expanded=\"true\" aria-label=\"Open table of contents\"><svg aria-hidden=\"true\" class=\"e-font-icon-svg e-fas-chevron-down\" viewBox=\"0 0 448 512\" xmlns=\"http:\/\/www.w3.org\/2000\/svg\"><path d=\"M207.029 381.476L12.686 187.132c-9.373-9.373-9.373-24.569 0-33.941l22.667-22.667c9.357-9.357 24.522-9.375 33.901-.04L224 284.505l154.745-154.021c9.379-9.335 24.544-9.317 33.901.04l22.667 22.667c9.373 9.373 9.373 24.569 0 33.941L240.971 381.476c-9.373 9.372-24.569 9.372-33.942 0z\"><\/path><\/svg><\/div>\n\t\t\t\t<div class=\"elementor-toc__toggle-button elementor-toc__toggle-button--collapse\" role=\"button\" tabindex=\"0\" aria-controls=\"elementor-toc__1c30362\" aria-expanded=\"true\" aria-label=\"Close table of contents\"><svg aria-hidden=\"true\" class=\"e-font-icon-svg e-fas-chevron-up\" viewBox=\"0 0 448 512\" xmlns=\"http:\/\/www.w3.org\/2000\/svg\"><path d=\"M240.971 130.524l194.343 194.343c9.373 9.373 9.373 24.569 0 33.941l-22.667 22.667c-9.357 9.357-24.522 9.375-33.901.04L224 227.495 69.255 381.516c-9.379 9.335-24.544 9.317-33.901-.04l-22.667-22.667c-9.373-9.373-9.373-24.569 0-33.941L207.03 130.525c9.372-9.373 24.568-9.373 33.941-.001z\"><\/path><\/svg><\/div>\n\t\t\t\t\t<\/div>\n\t\t\t\t<div id=\"elementor-toc__1c30362\" class=\"elementor-toc__body\">\n\t\t\t<div class=\"elementor-toc__spinner-container\">\n\t\t\t\t<svg class=\"elementor-toc__spinner eicon-animation-spin e-font-icon-svg e-eicon-loading\" aria-hidden=\"true\" viewBox=\"0 0 1000 1000\" xmlns=\"http:\/\/www.w3.org\/2000\/svg\"><path d=\"M500 975V858C696 858 858 696 858 500S696 142 500 142 142 304 142 500H25C25 237 238 25 500 25S975 237 975 500 763 975 500 975Z\"><\/path><\/svg>\t\t\t<\/div>\n\t\t<\/div>\n\t\t\t\t\t\t<\/div>\n\t\t\t\t<\/div>\n\t\t\t\t\t<\/div>\n\t\t\t\t<\/div>\n\t\t<div class=\"elementor-element elementor-element-herorght0 e-con-full e-flex e-con e-child\" data-id=\"herorght0\" data-element_type=\"container\" data-e-type=\"container\">\n\t\t\t\t<div class=\"elementor-element elementor-element-heroimg00 iwg-hero-image elementor-widget elementor-widget-image\" data-id=\"heroimg00\" data-element_type=\"widget\" data-e-type=\"widget\" data-widget_type=\"image.default\">\n\t\t\t\t\t\t\t\t\t\t\t\t\t\t\t<img fetchpriority=\"high\" decoding=\"async\" width=\"683\" height=\"1024\" src=\"https:\/\/iwell-guard.com\/wp-content\/uploads\/2026\/04\/lichtwesen_erzengel-gabriel-683x1024.webp\" class=\"attachment-large size-large wp-image-149064\" alt=\"Arkkienkeli Gabriel - valoa t\u00e4ytt\u00e4v\u00e4 kuvitus valo-olennosta\" srcset=\"https:\/\/iwell-guard.com\/wp-content\/uploads\/2026\/04\/lichtwesen_erzengel-gabriel-683x1024.webp 683w, https:\/\/iwell-guard.com\/wp-content\/uploads\/2026\/04\/lichtwesen_erzengel-gabriel-200x300.webp 200w, https:\/\/iwell-guard.com\/wp-content\/uploads\/2026\/04\/lichtwesen_erzengel-gabriel-768x1152.webp 768w, https:\/\/iwell-guard.com\/wp-content\/uploads\/2026\/04\/lichtwesen_erzengel-gabriel.webp 1024w\" sizes=\"(max-width: 683px) 100vw, 683px\" \/>\t\t\t\t\t\t\t\t\t\t\t\t\t\t\t<\/div>\n\t\t\t\t<\/div>\n\t\t\t\t\t<\/div>\n\t\t\t\t<\/div>\n\t\t<div class=\"elementor-element elementor-element-wmd-s1 e-con-boxed e-flex e-con e-parent\" data-id=\"wmd-s1\" data-element_type=\"container\" data-e-type=\"container\">\n\t\t\t\t\t<div class=\"e-con-inner\">\n\t\t\t\t<div class=\"elementor-element elementor-element-wmd-h1 elementor-widget elementor-widget-heading\" data-id=\"wmd-h1\" data-element_type=\"widget\" data-e-type=\"widget\" data-widget_type=\"heading.default\">\n\t\t\t\t\t<h2 class=\"elementor-heading-title elementor-size-default\">Pikakatsaus: Arkkienkeli Gabriel<\/h2>\t\t\t\t<\/div>\n\t\t<div class=\"elementor-element elementor-element-wmd-s1-bw e-flex e-con-boxed e-con e-parent\" data-id=\"wmd-s1-bw\" data-element_type=\"container\" data-e-type=\"container\" data-settings=\"{&quot;background_background&quot;:&quot;classic&quot;}\">\n\t\t\t\t\t<div class=\"e-con-inner\">\n\t\t\t\t<div class=\"elementor-element elementor-element-wmd-t1 elementor-widget elementor-widget-text-editor\" data-id=\"wmd-t1\" data-element_type=\"widget\" data-e-type=\"widget\" data-widget_type=\"text-editor.default\">\n\t\t\t\t\t\t\t\t\t<p><strong>Tyyppi:<\/strong> Arkkienkeli, sanansaattaja, jumalallisen sanoman v\u00e4litt\u00e4j\u00e4 Perinne: juutalaisuus (<span class=\"iwg-fachbegriff\" data-tooltip=\"Rabbiinisen juutalaisuuden p\u00e4\u00e4teos, joka sis\u00e4lt\u00e4\u00e4 uskonnollisen perinteen tulkintaa.\" tabindex=\"0\">Talmud<\/span>), kristinusko (Marian ilmestys), islam (Koraani, Jibrail) Teht\u00e4v\u00e4: viestint\u00e4, sanoma, muutos, sis\u00e4inen selkeys P\u00e4\u00e4tunnukset\/symbolit: valkoinen ja hopeinen liekki, lilja, kello, sauva Levinneisyys: keskeinen kristillisess\u00e4 mariologiassa, islamissa Jibrailina, laajalti levinnyt esoteerisissa perinteiss\u00e4<\/p>\t\t\t\t\t\t\t\t<\/div>\n\t\t\t\t\t<\/div>\n\t\t\t\t<\/div>\n\t\t\t\t\t<\/div>\n\t\t\t\t<\/div>\n\t\t<div class=\"elementor-element elementor-element-wmd-s2 e-con-boxed e-flex e-con e-parent\" data-id=\"wmd-s2\" data-element_type=\"container\" data-e-type=\"container\">\n\t\t\t\t\t<div class=\"e-con-inner\">\n\t\t\t\t<div class=\"elementor-element elementor-element-wmd-h2 elementor-widget elementor-widget-heading\" data-id=\"wmd-h2\" data-element_type=\"widget\" data-e-type=\"widget\" data-widget_type=\"heading.default\">\n\t\t\t\t\t<h2 class=\"elementor-heading-title elementor-size-default\">Yleiskatsaus<\/h2>\t\t\t\t<\/div>\n\t\t<div class=\"elementor-element elementor-element-wmd-s2-bw e-flex e-con-boxed e-con e-parent\" data-id=\"wmd-s2-bw\" data-element_type=\"container\" data-e-type=\"container\" data-settings=\"{&quot;background_background&quot;:&quot;classic&quot;}\">\n\t\t\t\t\t<div class=\"e-con-inner\">\n\t\t\t\t<div class=\"elementor-element elementor-element-wmd-t2 elementor-widget elementor-widget-text-editor\" data-id=\"wmd-t2\" data-element_type=\"widget\" data-e-type=\"widget\" data-widget_type=\"text-editor.default\">\n\t\t\t\t\t\t\t\t\t<h3>Perinne<\/h3><p>Gabriel (<em>Gavriel<\/em>, \u201dJumalan voima\u201d) esiintyy heprealaisessa Raamatussa Danielin kirjan kohdissa 8:16 ja 9:21. Kristinuskossa h\u00e4net tunnetaan ensisijaisesti <span class=\"iwg-fachbegriff\" data-tooltip=\"Aabrahamilaisissa uskonnoissa taivaallinen Jumalan sanansaattaja.\" tabindex=\"0\">enkelin\u00e4<\/span>, joka ilmoittaa Marialle Jeesuksen syntym\u00e4n (Luukas 1:26-38).<\/p><p>Islamissa Gabriel (<em>Jibrail<\/em>) on <span class=\"iwg-fachbegriff\" data-tooltip=\"Aabrahamilaisissa uskonnoissa taivaallinen Jumalan sanansaattaja.\" tabindex=\"0\">enkeli<\/span>, joka toi profeetta Muhammedille Koraanin. <span class=\"iwg-fachbegriff\" data-tooltip=\"Juutalaisen mystiikan suuntaus, jonka p\u00e4\u00e4teoksia ovat Sefer Jetsira ja Sohar.\" tabindex=\"0\">Kabbala<\/span> yhdist\u00e4\u00e4 Gabrielin sefira Jodiin tai sefira Hodiin (ymm\u00e4rrys), joka on viestinn\u00e4n paikka. L\u00e4nsimainen angelologia kunnioitti Gabrielia ilmestyksen, viestinn\u00e4n ja hengellisen puhdistumisen <span class=\"iwg-fachbegriff\" data-tooltip=\"Aabrahamilaisissa uskonnoissa taivaallinen Jumalan sanansaattaja.\" tabindex=\"0\">enkelin\u00e4<\/span>.<\/p><h3>L\u00e4hdetilanne<\/h3><p>Raamatun tekstit (Danielin kirja, Luukkaan evankeliumi, Ilmestyskirja). <span class=\"iwg-fachbegriff\" data-tooltip=\"Rabbiinisen juutalaisuuden p\u00e4\u00e4teos, joka sis\u00e4lt\u00e4\u00e4 uskonnollisen perinteen tulkintaa.\" tabindex=\"0\">Talmud<\/span> ja <span class=\"iwg-fachbegriff\" data-tooltip=\"Juutalaisen mystiikan suuntaus, jonka p\u00e4\u00e4teoksia ovat Sefer Jetsira ja Sohar.\" tabindex=\"0\">Kabbala<\/span> mainitsevat Gabrielin yhten\u00e4 nelj\u00e4st\u00e4 ylimm\u00e4st\u00e4 arkkienkelist\u00e4 heprealaisessa angelologiassa. Koraanin viittaukset Jibrailiin ja h\u00e4nen teht\u00e4v\u00e4\u00e4ns\u00e4.<\/p><p>Kristillinen taideperinne kuvasi Gabrielia liljan tai sauvan kanssa vuosisatojen ajan. Nykyaikainen esoteerinen ja uushenkinen kirjallisuus korostaa Gabrielin roolia sis\u00e4isen\u00e4 neuvonantajana ja selkeyden tuojana. Psykologiset tulkinnat n\u00e4kev\u00e4t Gabrielin intuition ja aidon, rohkean viestinn\u00e4n ilmentym\u00e4n\u00e4.<\/p><div><h3>L\u00e4hdetilanne Tanakhissa, Uudessa testamentissa ja Koraanissa<\/h3><p>Arkkienkeli Gabriel on Mikaelin ohella ainoa heprealaisen Tanakhin enkelihahmo, joka esiintyy omalla nimell\u00e4\u00e4n. H\u00e4n toimii Danielin kirjan kohdissa 8,16 ja 9,21 Danielin n\u00e4kyjen tulkkina.<\/p><p>Luukkaan evankeliumissa h\u00e4n on ilmestyksen <span class=\"iwg-fachbegriff\" data-tooltip=\"Aabrahamilaisissa uskonnoissa taivaallinen Jumalan sanansaattaja.\" tabindex=\"0\">enkeli<\/span> sek\u00e4 Sakariaalle (Lk 1,19) ett\u00e4 Marialle (Lk 1,26, 38); t\u00e4m\u00e4 kaksinkertainen ilmestys tekee h\u00e4nest\u00e4 Uuden testamentin keskeisen sanansaattajan.<\/p><p>Koraanissa h\u00e4net mainitaan nimell\u00e4 <em>Jibril<\/em> tai <em>Jibra&#8217;il<\/em>, ja h\u00e4n on ilmoituksen v\u00e4litt\u00e4j\u00e4 Muhammedille (Suura 2,97; 16,102; 26,193). T\u00e4m\u00e4 kolmen uskonnon todistus on uskontohistoriallisesti ainutlaatuinen ja asettaa Gabrielin erityisasemaan juutalais-kristillis-islamilaisessa <span class=\"iwg-fachbegriff\" data-tooltip=\"Aabrahamilaisissa uskonnoissa taivaallinen Jumalan sanansaattaja.\" tabindex=\"0\">enkeli<\/span>korpuksessa.<\/p><\/div>\t\t\t\t\t\t\t\t<\/div>\n\t\t\t\t\t<\/div>\n\t\t\t\t<\/div>\n\t\t\t\t\t<\/div>\n\t\t\t\t<\/div>\n\t\t<div class=\"elementor-element elementor-element-wmd-s3 e-con-boxed e-flex e-con e-parent\" data-id=\"wmd-s3\" data-element_type=\"container\" data-e-type=\"container\">\n\t\t\t\t\t<div class=\"e-con-inner\">\n\t\t\t\t<div class=\"elementor-element elementor-element-wmd-h3 elementor-widget elementor-widget-heading\" data-id=\"wmd-h3\" data-element_type=\"widget\" data-e-type=\"widget\" data-widget_type=\"heading.default\">\n\t\t\t\t\t<h2 class=\"elementor-heading-title elementor-size-default\">Ulkoasu ja symbolit<\/h2>\t\t\t\t<\/div>\n\t\t<div class=\"elementor-element elementor-element-wmd-s3-bw e-flex e-con-boxed e-con e-parent\" data-id=\"wmd-s3-bw\" data-element_type=\"container\" data-e-type=\"container\" data-settings=\"{&quot;background_background&quot;:&quot;classic&quot;}\">\n\t\t\t\t\t<div class=\"e-con-inner\">\n\t\t\t\t<div class=\"elementor-element elementor-element-wmd-t3 elementor-widget elementor-widget-text-editor\" data-id=\"wmd-t3\" data-element_type=\"widget\" data-e-type=\"widget\" data-widget_type=\"text-editor.default\">\n\t\t\t\t\t\t\t\t\t<p>Gabriel kuvataan hoikkana, tyylikk\u00e4\u00e4n\u00e4 valo-olentona valkoisen ja hopean s\u00e4vyisess\u00e4 vaatteessa tai l\u00e4pikuultavassa valokankaassa. H\u00e4nen v\u00e4rins\u00e4 on puhdas valkoinen tai hennon hopeanharmaa, joskus akvamariinin tai vaalean sinisen s\u00e4vytt\u00e4m\u00e4. H\u00e4nell\u00e4 on sauva, valkoinen lilja tai kultainen kello. Lilja on puhtauden ja mariologian klassinen <span class=\"iwg-fachbegriff\" data-tooltip=\"Merkki, joka edustaa jotakin ajatusta tai merkityst\u00e4.\" tabindex=\"0\">symboli<\/span>.<\/p><p>Kello symboloi ilmestyst\u00e4, kirkasta s\u00e4vy\u00e4 ja totuutta, joka kaikuu. H\u00e4nt\u00e4 ymp\u00e4r\u00f6iv\u00e4t t\u00e4sm\u00e4llisest\u00e4, kohdistetusta valosta muodostuvat siivet. Energeettisesti Gabriel vaikuttaa viile\u00e4lt\u00e4, kirkkaalta ja l\u00e4vist\u00e4v\u00e4lt\u00e4, kuten puhdas kristallinen s\u00e4vel tai kellon kumahdus. H\u00e4nen l\u00e4sn\u00e4olonsa her\u00e4tt\u00e4\u00e4 sis\u00e4ist\u00e4 hiljaisuutta ja tarkkaavaista vastaanottavaisuutta.<\/p>\t\t\t\t\t\t\t\t<\/div>\n\t\t\t\t\t<\/div>\n\t\t\t\t<\/div>\n\t\t\t\t\t<\/div>\n\t\t\t\t<\/div>\n\t\t<div class=\"elementor-element elementor-element-wmd-s4 e-con-boxed e-flex e-con e-parent\" data-id=\"wmd-s4\" data-element_type=\"container\" data-e-type=\"container\">\n\t\t\t\t\t<div class=\"e-con-inner\">\n\t\t\t\t<div class=\"elementor-element elementor-element-wmd-h4 elementor-widget elementor-widget-heading\" data-id=\"wmd-h4\" data-element_type=\"widget\" data-e-type=\"widget\" data-widget_type=\"heading.default\">\n\t\t\t\t\t<h2 class=\"elementor-heading-title elementor-size-default\">Teht\u00e4v\u00e4 ja merkitys<\/h2>\t\t\t\t<\/div>\n\t\t<div class=\"elementor-element elementor-element-wmd-s4-bw e-flex e-con-boxed e-con e-parent\" data-id=\"wmd-s4-bw\" data-element_type=\"container\" data-e-type=\"container\" data-settings=\"{&quot;background_background&quot;:&quot;classic&quot;}\">\n\t\t\t\t\t<div class=\"e-con-inner\">\n\t\t\t\t<div class=\"elementor-element elementor-element-wmd-t4 elementor-widget elementor-widget-text-editor\" data-id=\"wmd-t4\" data-element_type=\"widget\" data-e-type=\"widget\" data-widget_type=\"text-editor.default\">\n\t\t\t\t\t\t\t\t\t<p>Gabriel on ilmoituksen ja sis\u00e4isen selkeyden <span class=\"iwg-fachbegriff\" data-tooltip=\"Aabrahamilaisissa uskonnoissa Jumalan taivaallinen sanansaattaja.\" tabindex=\"0\">enkeli<\/span>. Siin\u00e4 miss\u00e4 Mikael taistelee ja suojelee, Gabriel tuo sanoman ja valaistuksen. H\u00e4n edustaa kyky\u00e4 k\u00e4\u00e4nt\u00e4\u00e4 korkeampi totuus ymm\u00e4rrett\u00e4v\u00e4ksi inhimilliseksi kieleksi ja tietoisuudeksi.<\/p><p>H\u00e4n symboloi my\u00f6s uusia alkuja, jokainen Gabrielin sanoma k\u00e4ynnist\u00e4\u00e4 uuden ymm\u00e4rryksen ja uudistumisen kierron. Psykologisin termein Gabriel edustaa intuitiivista kanavaa, joka nostaa tiedostamattoman tietoisuuteen. H\u00e4nen valkoisen-hopeisen energiansa puhdistaa sekaannuksen ja luo sis\u00e4ist\u00e4 selkeytt\u00e4 ilman tuomitsemista tai pakkoa.<\/p><div><h3>Teht\u00e4v\u00e4 enkelihierarkiassa<\/h3><p>Pseudo-Dionysioksesta l\u00e4htien kristillisess\u00e4 perinteess\u00e4 Gabriel on ilmoitus<span class=\"iwg-fachbegriff\" data-tooltip=\"Aabrahamilaisissa uskonnoissa Jumalan taivaallinen sanansaattaja.\" tabindex=\"0\">enkeli<\/span>, joka luetaan arkkienkelien kuoroon. Juutalaisessa enkelimagiassa h\u00e4n on pohjoisen ilmansuunnan, kuun ja kabbalistisen el\u00e4m\u00e4npuun Jesod-sf\u00e4\u00e4rin <span class=\"iwg-fachbegriff\" data-tooltip=\"Aabrahamilaisissa uskonnoissa Jumalan taivaallinen sanansaattaja.\" tabindex=\"0\">enkeli<\/span>.<\/p><p>Islamilaisessa perinteess\u00e4 h\u00e4n on ylin <span class=\"iwg-fachbegriff\" data-tooltip=\"Aabrahamilaisissa uskonnoissa Jumalan taivaallinen sanansaattaja.\" tabindex=\"0\">enkeleist\u00e4<\/span>, jolla on erityinen l\u00e4heisyys Jumalaan (Mi&#8217;raj-perinteess\u00e4 h\u00e4n saattaa Muhammedia taivasmatkalla). T\u00e4m\u00e4 moninkertainen liitt\u00e4minen tekee Gabrielista sillan kolmen aabrahamilaisen uskonnon ja niiden rituaalimaagisten sovellusten v\u00e4lill\u00e4.<\/p><\/div>\t\t\t\t\t\t\t\t<\/div>\n\t\t\t\t\t<\/div>\n\t\t\t\t<\/div>\n\t\t\t\t\t<\/div>\n\t\t\t\t<\/div>\n\t\t<div class=\"elementor-element elementor-element-wmd-s5 e-con-boxed e-flex e-con e-parent\" data-id=\"wmd-s5\" data-element_type=\"container\" data-e-type=\"container\">\n\t\t\t\t\t<div class=\"e-con-inner\">\n\t\t\t\t<div class=\"elementor-element elementor-element-wmd-h5 elementor-widget elementor-widget-heading\" data-id=\"wmd-h5\" data-element_type=\"widget\" data-e-type=\"widget\" data-widget_type=\"heading.default\">\n\t\t\t\t\t<h2 class=\"elementor-heading-title elementor-size-default\">K\u00e4yt\u00e4nt\u00f6 \/ kutsuminen \/ merkitys iWell Guard -yhteydess\u00e4<\/h2>\t\t\t\t<\/div>\n\t\t<div class=\"elementor-element elementor-element-wmd-s5-bw e-flex e-con-boxed e-con e-parent\" data-id=\"wmd-s5-bw\" data-element_type=\"container\" data-e-type=\"container\" data-settings=\"{&quot;background_background&quot;:&quot;classic&quot;}\">\n\t\t\t\t\t<div class=\"e-con-inner\">\n\t\t\t\t<div class=\"elementor-element elementor-element-wmd-t5 elementor-widget elementor-widget-text-editor\" data-id=\"wmd-t5\" data-element_type=\"widget\" data-e-type=\"widget\" data-widget_type=\"text-editor.default\">\n\t\t\t\t\t\t\t\t\t<p>iWell Guardissa Gabrielia kutsutaan avaamaan sis\u00e4ist\u00e4 viestint\u00e4\u00e4 ja vastaanottamaan korkeampaa ohjausta selke\u00e4sti. Yksi k\u00e4yt\u00e4nt\u00f6 on sytytt\u00e4\u00e4 valkoinen tai hopeinen kynttil\u00e4 ja pyyt\u00e4\u00e4 Gabrielia selkeytt\u00e4m\u00e4\u00e4n ja vahvistamaan sis\u00e4ist\u00e4 \u00e4\u00e4nt\u00e4.<\/p><p>Gabrielin voimaa k\u00e4ytet\u00e4\u00e4n henkisen tai mentaalisen sekaannuksen selkeytt\u00e4miseen, unien ymm\u00e4rt\u00e4miseen ja intuition ter\u00e4v\u00f6itt\u00e4miseen. Gabriel auttaa my\u00f6s v\u00e4litt\u00e4m\u00e4\u00e4n energeettisi\u00e4 viestej\u00e4 puhtaammin, v\u00e4\u00e4ristym\u00e4tt\u00e4 egon, pelon tai ulkoisten h\u00e4iri\u00f6iden vaikutuksesta. H\u00e4nen valkoinen-hopeinen liekkins\u00e4 puhdistaa suojakent\u00e4n kaikki viestint\u00e4kanavat.<\/p><div><h3>Gabriel iWell Guardin <span class=\"iwg-fachbegriff\" data-tooltip=\"Pyh\u00e4 tavu tai kaava, jota toistetaan hindulaisuudessa ja buddhalaisuudessa.\" tabindex=\"0\">mantra<\/span>-j\u00e4rjestelm\u00e4ss\u00e4<\/h3><p>Suoja<span class=\"iwg-fachbegriff\" data-tooltip=\"Pyh\u00e4 tavu tai kaava, jota toistetaan hindulaisuudessa ja buddhalaisuudessa.\" tabindex=\"0\">mantrassa<\/span> Gabriel on kohdassa 3 (jo asetettujen vaikutusten muuntaminen) nimenomaisesti asemoitu violetin liekin vartijaksi. Jos mustan magian hy\u00f6kk\u00e4yksen energiaa ei voi vastaanottaa Gaia, Gabriel ottaa teht\u00e4v\u00e4kseen sen siirt\u00e4misen valoon.<\/p><p>T\u00e4m\u00e4 rakenne yhdist\u00e4\u00e4 Gabrielin juutalais-kristillis-islamilaisen ilmoitus- ja v\u00e4litysteht\u00e4v\u00e4n teosofisen valonty\u00f6skentelyn perinteeseen violetista liekist\u00e4 muuntamisv\u00e4lineen\u00e4 (vrt. <a href=\"https:\/\/iwell-guard.com\/fi\/?page_id=143929\">\/violette-flamme\/<\/a>). Kattavan yleiskatsauksen <span class=\"iwg-fachbegriff\" data-tooltip=\"Pyh\u00e4 tavu tai kaava, jota toistetaan hindulaisuudessa ja buddhalaisuudessa.\" tabindex=\"0\">mantra<\/span>-kerroksista l\u00f6yd\u00e4t kohdasta <a href=\"https:\/\/iwell-guard.com\/fi\/?page_id=144109\">Suojamantran toimintakatsaus<\/a>.<\/p><\/div>\t\t\t\t\t\t\t\t<\/div>\n\t\t\t\t\t<\/div>\n\t\t\t\t<\/div>\n\t\t\t\t\t<\/div>\n\t\t\t\t<\/div>\n\t\t<div class=\"elementor-element elementor-element-wmd-s6 e-con-boxed e-flex e-con e-parent\" data-id=\"wmd-s6\" data-element_type=\"container\" data-e-type=\"container\">\n\t\t\t\t\t<div class=\"e-con-inner\">\n\t\t\t\t<div class=\"elementor-element elementor-element-wmd-h6 elementor-widget elementor-widget-heading\" data-id=\"wmd-h6\" data-element_type=\"widget\" data-e-type=\"widget\" data-widget_type=\"heading.default\">\n\t\t\t\t\t<h2 class=\"elementor-heading-title elementor-size-default\">Rinnakkaisilmi\u00f6t<\/h2>\t\t\t\t<\/div>\n\t\t<div class=\"elementor-element elementor-element-wmd-s6-bw e-flex e-con-boxed e-con e-parent\" data-id=\"wmd-s6-bw\" data-element_type=\"container\" data-e-type=\"container\" data-settings=\"{&quot;background_background&quot;:&quot;classic&quot;}\">\n\t\t\t\t\t<div class=\"e-con-inner\">\n\t\t\t\t<div class=\"elementor-element elementor-element-wmd-t6 elementor-widget elementor-widget-text-editor\" data-id=\"wmd-t6\" data-element_type=\"widget\" data-e-type=\"widget\" data-widget_type=\"text-editor.default\">\n\t\t\t\t\t\t\t\t\t<footer class=\"iwg-literatur\" data-nosnippet=\"true\"><p>Gabrielin l\u00f6yd\u00e4t sanansaattaja-arkkityyppin\u00e4 my\u00f6s: <em>Hermes<\/em> kreikkalaisessa <span class=\"iwg-fachbegriff\" data-tooltip=\"Kulttuurin perinteisten jumaltarinoiden kokonaisuus.\" tabindex=\"0\">mytologiassa<\/span> (jumalten sanansaattaja, rajojen herra), <em>Thoth<\/em> egyptil\u00e4isess\u00e4 <span class=\"iwg-fachbegriff\" data-tooltip=\"Uskonnon tai kulttuurin jumalten kokonaisuus.\" tabindex=\"0\">pantheonissa<\/span> (totuuden ja viisauden kirjuri), <em>Saraswati<\/em> hindulaisuudessa (viisauden ja puheen jumalatar) sek\u00e4 <em>Huitzilopochtli<\/em> atsteekkijohtajana ja tienviittana. Kaikki n\u00e4m\u00e4 edustavat tiedon v\u00e4litt\u00e4mist\u00e4 ja mielen sis\u00e4ist\u00e4 selkeytt\u00e4mist\u00e4.<\/p><\/footer>\t\t\t\t\t\t\t\t<\/div>\n\t\t\t\t\t<\/div>\n\t\t\t\t<\/div>\n\t\t\t\t\t<\/div>\n\t\t\t\t<\/div>\n\t\t<div class=\"elementor-element elementor-element-cpd54045d e-flex e-con-boxed e-con e-parent\" data-id=\"cpd54045d\" data-element_type=\"container\" data-e-type=\"container\">\n\t\t\t\t\t<div class=\"e-con-inner\">\n\t\t\t\t<div class=\"elementor-element elementor-element-cp0ad00e5 elementor-widget elementor-widget-heading\" data-id=\"cp0ad00e5\" data-element_type=\"widget\" data-e-type=\"widget\" data-widget_type=\"heading.default\">\n\t\t\t\t\t<h2 class=\"elementor-heading-title elementor-size-default\">Gabriel Danielin kirjassa: tulkitseva sanansaattaja<\/h2>\t\t\t\t<\/div>\n\t\t<div class=\"elementor-element elementor-element-cpefd45ce e-con-full e-flex e-con e-child\" data-id=\"cpefd45ce\" data-element_type=\"container\" data-e-type=\"container\">\n\t\t\t\t<div class=\"elementor-element elementor-element-cp1fe54e7 elementor-widget elementor-widget-text-editor\" data-id=\"cp1fe54e7\" data-element_type=\"widget\" data-e-type=\"widget\" data-widget_type=\"text-editor.default\">\n\t\t\t\t\t\t\t\t\t<p>Vanhimmat nimenomaiset maininnat Gabrielista l\u00f6ytyv\u00e4t raamatullisesta Danielin kirjasta, joka nykytutkimuksen mukaan on lopullisessa muodossaan ajoitettu p\u00e4\u00e4osin toiselle vuosisadalle ennen ajanlaskumme alkua. Siell\u00e4 Gabriel esiintyy kahdesti.<\/p><p>Kahdeksannessa luvussa h\u00e4n ilmestyy Danielille sen j\u00e4lkeen, kun t\u00e4m\u00e4 on n\u00e4hnyt h\u00e4mment\u00e4v\u00e4n n\u00e4yn p\u00e4ssist\u00e4 ja vuohipukista, ja saa teht\u00e4v\u00e4kseen selitt\u00e4\u00e4 n\u00e4kij\u00e4lle sen merkityksen. Yhdeks\u00e4nness\u00e4 luvussa Gabriel tulee taas Danielin rukoillessa ja esitt\u00e4\u00e4 h\u00e4nelle <span class=\"iwg-fachbegriff\" data-tooltip=\"Tulevien tapahtumien ennustaminen uskonnollisin tai maagisin keinoin.\" tabindex=\"0\">ennustuksen<\/span> tietyst\u00e4 m\u00e4\u00e4r\u00e4st\u00e4 aikakausia.<\/p><p>Huomionarvoista n\u00e4iss\u00e4 kohdissa on, ett\u00e4 Gabriel esiintyy tulkitsijaenkelin\u00e4. H\u00e4nen teht\u00e4v\u00e4ns\u00e4 ei ole ensisijaisesti toimiminen, vaan selitt\u00e4minen. H\u00e4n v\u00e4litt\u00e4\u00e4 taivaallisen maailman, josta n\u00e4ky tulee, ja ihmisn\u00e4kij\u00e4n, joka ei omin voimin kykene sit\u00e4 ymm\u00e4rt\u00e4m\u00e4\u00e4n, v\u00e4lill\u00e4.<\/p><p>N\u00e4in Gabriel kuuluu k\u00e4sitykseen enkeleist\u00e4, joka kehittyi hellenistisen ajan juutalaisessa kirjallisuudessa: <span class=\"iwg-fachbegriff\" data-tooltip=\"Aabrahamilaisissa uskonnoissa Jumalan taivaallinen sanansaattaja.\" tabindex=\"0\">enkelit<\/span> tiedon ja ilmoituksen v\u00e4litt\u00e4jin\u00e4, usein omalla nimell\u00e4 ja omalla vastuualueella.<\/p><p>Danielin kirja mainitsee nimenomaisesti nimelt\u00e4 vain yhden toisen <span class=\"iwg-fachbegriff\" data-tooltip=\"Aabrahamilaisissa uskonnoissa Jumalan taivaallinen sanansaattaja.\" tabindex=\"0\">enkelin<\/span>, Mikaelin. T\u00e4m\u00e4 pid\u00e4ttyvyys on huomionarvoista, sill\u00e4 samanaikaisessa Raamatun ulkopuolisessa kirjallisuudessa, esimerkiksi Henokin kirjoissa, esiintyy lukuisia nimettyj\u00e4 <span class=\"iwg-fachbegriff\" data-tooltip=\"Aabrahamilaisissa uskonnoissa Jumalan taivaallinen sanansaattaja.\" tabindex=\"0\">enkeleit\u00e4<\/span>.<\/p><p>Tutkimus n\u00e4kee Danielin kirjassa t\u00e4rke\u00e4n solmukohdan: t\u00e4ss\u00e4 <span class=\"iwg-fachbegriff\" data-tooltip=\"Aabrahamilaisissa uskonnoissa Jumalan taivaallinen sanansaattaja.\" tabindex=\"0\">enkeli<\/span> kirjoitetaan nimell\u00e4 ja teht\u00e4v\u00e4ll\u00e4 pysyv\u00e4sti raamatulliseen tekstiin, ja t\u00e4st\u00e4 hahmo vaikuttaa edelleen my\u00f6hemp\u00e4\u00e4n juutalaiseen, kristilliseen ja islamilaiseen <span class=\"iwg-fachbegriff\" data-tooltip=\"Tiedon ja tarinoiden v\u00e4litt\u00e4minen sukupolvelta toiselle.\" tabindex=\"0\">perinteeseen<\/span>.<\/p>\t\t\t\t\t\t\t\t<\/div>\n\t\t\t\t<\/div>\n\t\t\t\t\t<\/div>\n\t\t\t\t<\/div>\n\t\t<div class=\"elementor-element elementor-element-cpeec6aa2 e-flex e-con-boxed e-con e-parent\" data-id=\"cpeec6aa2\" data-element_type=\"container\" data-e-type=\"container\">\n\t\t\t\t\t<div class=\"e-con-inner\">\n\t\t\t\t<div class=\"elementor-element elementor-element-cp18db91b elementor-widget elementor-widget-heading\" data-id=\"cp18db91b\" data-element_type=\"widget\" data-e-type=\"widget\" data-widget_type=\"heading.default\">\n\t\t\t\t\t<h2 class=\"elementor-heading-title elementor-size-default\">Ilmoitus: Gabriel Luukkaan evankeliumissa<\/h2>\t\t\t\t<\/div>\n\t\t<div class=\"elementor-element elementor-element-cp4c3b499 e-con-full e-flex e-con e-child\" data-id=\"cp4c3b499\" data-element_type=\"container\" data-e-type=\"container\">\n\t\t\t\t<div class=\"elementor-element elementor-element-cpfa94aa4 elementor-widget elementor-widget-text-editor\" data-id=\"cpfa94aa4\" data-element_type=\"widget\" data-e-type=\"widget\" data-widget_type=\"text-editor.default\">\n\t\t\t\t\t\t\t\t\t<p>Uudessa testamentissa Gabriel esiintyy ainoastaan Luukkaan evankeliumissa, kahdessa toisiinsa l\u00e4heisesti liittyv\u00e4ss\u00e4 ensimm\u00e4isen luvun kohtauksessa. Ensin h\u00e4n ilmestyy papille Sakariaalle <span class=\"iwg-fachbegriff\" data-tooltip=\"Rakennus, joka on tarkoitettu yhden tai useamman jumaluuden palvontaan.\" tabindex=\"0\">temppeliss\u00e4<\/span> ja ilmoittaa h\u00e4nelle pojan syntym\u00e4st\u00e4, joka on my\u00f6hempi Johannes Kastaja.<\/p><p>Kun Sakarias ep\u00e4ilee sanomaa, h\u00e4net tehd\u00e4\u00e4n myk\u00e4ksi siihen asti, kunnes ennustus toteutuu. Muutamaa s\u00e4ett\u00e4 my\u00f6hemmin Gabriel l\u00e4hetet\u00e4\u00e4n Marian luo Nasaretiin ilmoittamaan h\u00e4nelle Jeesuksen syntym\u00e4st\u00e4. T\u00e4m\u00e4 toinen kohtaus on siirtynyt kristilliseen perinteeseen ilmestyksen\u00e4 Marialle.<\/p><p>Luukas kuvaa Gabrielin t\u00e4ss\u00e4 juuri sellaisessa roolissa, jollaisena h\u00e4net on esitetty jo Danielin kirjassa: sanansaattajana, joka v\u00e4litt\u00e4\u00e4 ja selitt\u00e4\u00e4 jumalallisen viestin. H\u00e4n esittelee itsens\u00e4 Sakariaalle nimelt\u00e4 ja sanoo seisovansa Jumalan edess\u00e4.<\/p><p>Yhteys Danielin kirjaan korostuu my\u00f6s siit\u00e4, ett\u00e4 Luukas valitsee saman enkelihahmon, joka esiintyi siell\u00e4 ilmoitusten v\u00e4litt\u00e4j\u00e4n\u00e4. Varhaisille lukijoille t\u00e4st\u00e4 muodostui jatkumo vanhemmasta profeetallisesta <span class=\"iwg-fachbegriff\" data-tooltip=\"Tiedon ja kertomusten v\u00e4litt\u00e4minen sukupolvelta toiselle.\" tabindex=\"0\">perim\u00e4tiedosta<\/span> Jeesukseen liittyviin tapahtumiin.<\/p><p>Ilmestyskohtauksesta muodostui yksi kristillisen taiteen t\u00e4rkeimmist\u00e4 aiheista. <span class=\"iwg-fachbegriff\" data-tooltip=\"Antiikin ja keskiajan v\u00e4linen siirtym\u00e4kausi, noin 3.\u20137. vuosisata.\" tabindex=\"0\">My\u00f6h\u00e4isantiikista<\/span> uuteen aikaan asti maalarit ja kuvanveist\u00e4j\u00e4t ovat kuvanneet Gabrielin ja Marian kohtaamista toistuvasti, usein vakiintunein tunnusmerkein, kuten liljalla puhtauden merkkin\u00e4 tai kirjak\u00e4\u00e4rmeell\u00e4, jossa on enkelin tervehdys.<\/p><p>Liturginen perinne yhdisti tapahtuman omaan juhlap\u00e4iv\u00e4\u00e4n. Gabrielin merkitys l\u00e4nsimaisessa kulttuurissa perustuu olennaisesti juuri n\u00e4ihin muutamiin Luukkaan evankeliumin s\u00e4keisiin.<\/p>\t\t\t\t\t\t\t\t<\/div>\n\t\t\t\t<\/div>\n\t\t\t\t\t<\/div>\n\t\t\t\t<\/div>\n\t\t<div class=\"elementor-element elementor-element-cp72bc8c7 e-flex e-con-boxed e-con e-parent\" data-id=\"cp72bc8c7\" data-element_type=\"container\" data-e-type=\"container\">\n\t\t\t\t\t<div class=\"e-con-inner\">\n\t\t\t\t<div class=\"elementor-element elementor-element-cpe99660a elementor-widget elementor-widget-heading\" data-id=\"cpe99660a\" data-element_type=\"widget\" data-e-type=\"widget\" data-widget_type=\"heading.default\">\n\t\t\t\t\t<h2 class=\"elementor-heading-title elementor-size-default\">Jibril islamissa: ilmoituksen enkeli<\/h2>\t\t\t\t<\/div>\n\t\t<div class=\"elementor-element elementor-element-cp0914686 e-con-full e-flex e-con e-child\" data-id=\"cp0914686\" data-element_type=\"container\" data-e-type=\"container\">\n\t\t\t\t<div class=\"elementor-element elementor-element-cp816037d elementor-widget elementor-widget-text-editor\" data-id=\"cp816037d\" data-element_type=\"widget\" data-e-type=\"widget\" data-widget_type=\"text-editor.default\">\n\t\t\t\t\t\t\t\t\t<p>Islamissa Gabriel tunnetaan nimell\u00e4 Jibril, ja h\u00e4nell\u00e4 on keskeinen asema, sill\u00e4 h\u00e4nt\u00e4 pidet\u00e4\u00e4n <span class=\"iwg-fachbegriff\" data-tooltip=\"In den abrahamitischen Religionen ein himmlisches Botenwesen Gottes.\" tabindex=\"0\">enkelin\u00e4<\/span>, jonka v\u00e4lityksell\u00e4 Koraani v\u00e4litettiin profeetta Muhammedille.<\/p><p>Koraani itse mainitsee Jibrilin nimelt\u00e4 ja puhuu h\u00e4nest\u00e4 sellaisena, joka tuo ilmoituksen profeetan syd\u00e4meen. Islamilainen <span class=\"iwg-fachbegriff\" data-tooltip=\"Die Weitergabe von Wissen und Erz\u00e4hlungen \u00fcber Generationen.\" tabindex=\"0\">perinne<\/span> yhdist\u00e4\u00e4 Jibriliin my\u00f6s muita ilmenemismuotoja, kuten ensimm\u00e4isen ilmoituksen luolassa Mekan l\u00e4hell\u00e4 ja h\u00e4nen roolinsa saattajana profeetan taivasmatkalla.<\/p><p>Islamilaisessa perinteess\u00e4 Jibril ymm\u00e4rret\u00e4\u00e4n yhten\u00e4 arvoasteeltaan korkeimmista <span class=\"iwg-fachbegriff\" data-tooltip=\"In den abrahamitischen Religionen ein himmlisches Botenwesen Gottes.\" tabindex=\"0\">enkeleist\u00e4<\/span>, usein mainitaan ensimm\u00e4isen\u00e4. H\u00e4n esiintyy perinnekokoelmissa, hadith-kertomuksissa, my\u00f6s ihmishahmossa, esimerkiksi vieraillessaan profeetan ja h\u00e4nen seuralaistensa luona miehen muodossa esitt\u00e4\u00e4kseen kysymysten avulla uskon perusopetuksia.<\/p><p>T\u00e4m\u00e4 k\u00e4sitys <span class=\"iwg-fachbegriff\" data-tooltip=\"In den abrahamitischen Religionen ein himmlisches Botenwesen Gottes.\" tabindex=\"0\">enkelist\u00e4<\/span>, joka v\u00e4litt\u00e4\u00e4 taivaallisen ja inhimillisen sf\u00e4\u00e4rin v\u00e4lill\u00e4 ja tuo tietoa, on selke\u00e4ss\u00e4 jatkumossa vanhempiin juutalaisiin ja kristillisiin Gabriel-kuviin.<\/p><p>N\u00e4in Gabriel on yksi harvoista hahmoista, jolla on merkitt\u00e4v\u00e4 rooli kaikissa kolmessa abrahamilaisessa uskonnossa, ja kaikkialla h\u00e4nen p\u00e4\u00e4teht\u00e4v\u00e4ns\u00e4 on sama: jumalallisen ilmoituksen v\u00e4litt\u00e4minen ihmiselle.<\/p><p><span class=\"iwg-fachbegriff\" data-tooltip=\"Die Wissenschaft, die Religionen vergleichend und ohne Glaubensbindung erforscht.\" tabindex=\"0\">Uskontotiede<\/span> n\u00e4kee t\u00e4ss\u00e4 esimerkin siit\u00e4, miten hahmo siirtyy uskonnollisten rajojen yli ja sovitetaan aina omaan kehykseens\u00e4 menett\u00e4m\u00e4tt\u00e4 ydint\u00e4\u00e4n. Sukulaishahmoja enkeliopetuksen sis\u00e4ll\u00e4 ovat esimerkiksi <a href=\"https:\/\/iwell-guard.com\/fi\/?page_id=143922\">Mikael<\/a> ja <a href=\"https:\/\/iwell-guard.com\/fi\/?page_id=143924\">Rafael<\/a>.<\/p>\t\t\t\t\t\t\t\t<\/div>\n\t\t\t\t<\/div>\n\t\t\t\t\t<\/div>\n\t\t\t\t<\/div>\n\t\t<div class=\"elementor-element elementor-element-f7ebf52 e-con-boxed e-flex e-con e-parent\" data-id=\"f7ebf52\" data-element_type=\"container\" data-e-type=\"container\">\n\t\t\t\t\t<div class=\"e-con-inner\">\n\t\t\t\t<div class=\"elementor-element elementor-element-a417413 elementor-widget elementor-widget-text-editor\" data-id=\"a417413\" data-element_type=\"widget\" data-e-type=\"widget\" data-widget_type=\"text-editor.default\">\n\t\t\t\t\t\t\t\t\t\n<h2>Usein kysytty\u00e4 arkkienkeli Gabrielista<\/h2>\n<div class=\"iwg-faq-q\"><h3>Kuka on arkkienkeli Gabriel?<\/h3><p>Gabriel (hebreaksi Gavri-el, Jumalan sankari tai Jumala on voimani) on sanansaattaja-arkkienkeli kolmessa abrahamilaisessa uskonnossa. Danielin kirjassa h\u00e4n tulkitsee n\u00e4kyj\u00e4, Luukkaan evankeliumissa h\u00e4n ilmoittaa Marialle Jeesuksen syntym\u00e4st\u00e4 (Luuk. 1,26 ss.).<\/p><p>Islamissa Gabriel (arabiaksi Jibril) on <span class=\"iwg-fachbegriff\" data-tooltip=\"In den abrahamitischen Religionen ein himmlisches Botenwesen Gottes.\" tabindex=\"0\">enkeli<\/span>, joka ilmoittaa profeetta Muhammedille Koraanin. H\u00e4nen juhlap\u00e4iv\u00e4ns\u00e4 on 29. syyskuuta.<\/p><\/div>\n<div class=\"iwg-faq-q\"><h3>Mit\u00e4 arkkienkeli Gabriel edustaa <span class=\"iwg-fachbegriff\" data-tooltip=\"Sammelbegriff f\u00fcr Lehren, die ein verborgenes, nur Eingeweihten zug\u00e4ngliches Wissen beanspruchen.\" tabindex=\"0\">esoteriassa<\/span>?<\/h3><p>L\u00e4nsimaisessa <span class=\"iwg-fachbegriff\" data-tooltip=\"In den abrahamitischen Religionen ein himmlisches Botenwesen Gottes.\" tabindex=\"0\">enkeli<\/span>&#8211;<span class=\"iwg-fachbegriff\" data-tooltip=\"Sammelbegriff f\u00fcr Lehren, die ein verborgenes, nur Eingeweihten zug\u00e4ngliches Wissen beanspruchen.\" tabindex=\"0\">esoteriassa<\/span> Gabrielia pidet\u00e4\u00e4n sanomien, unien, puhtauden ja viestinn\u00e4n arkkienkelin\u00e4. H\u00e4net yhdistet\u00e4\u00e4n veden alkuaineeseen, valkoiseen tai hopeaan v\u00e4riin, kuuhun ja l\u00e4nsisuuntaan. Klassisia symboleja: valkoinen lilja (Marian lilja ilmestyskohtauksesta), pasuuna (viimeiseen tuomioon) ja kirjak\u00e4\u00e4r\u00f6.<\/p><\/div>\n<script type=\"application\/ld+json\">{\"@context\":\"https:\/\/schema.org\",\"@type\":\"FAQPage\",\"mainEntity\":[{\"@type\":\"Question\",\"name\":\"Kuka on arkkienkeli Gabriel?\",\"acceptedAnswer\":{\"@type\":\"Answer\",\"text\":\"Gabriel (hebreaksi Gavri-el, Jumalan sankari tai Jumala on voimani) on sanansaattaja-arkkienkeli kolmessa abrahamilaisessa uskonnossa. Danielin kirjassa h\u00e4n tulkitsee n\u00e4kyj\u00e4, Luukkaan evankeliumissa h\u00e4n ilmoittaa Marialle Jeesuksen syntym\u00e4st\u00e4 (Luuk. 1,26 ss.).Islamissa Gabriel (arabiaksi Jibril) on enkeli, joka ilmoittaa profeetta Muhammedille Koraanin. H\u00e4nen juhlap\u00e4iv\u00e4ns\u00e4 on 29. syyskuuta.\"}},{\"@type\":\"Question\",\"name\":\"Mit\u00e4 arkkienkeli Gabriel edustaa esoteriassa?\",\"acceptedAnswer\":{\"@type\":\"Answer\",\"text\":\"L\u00e4nsimaisessa enkeli-esoteriassa Gabrielia pidet\u00e4\u00e4n sanomien, unien, puhtauden ja viestinn\u00e4n arkkienkelin\u00e4. H\u00e4net yhdistet\u00e4\u00e4n veden alkuaineeseen, valkoiseen tai hopeaan v\u00e4riin, kuuhun ja l\u00e4nsisuuntaan. Klassisia symboleja: valkoinen lilja (Marian lilja ilmestyskohtauksesta), pasuuna (viimeiseen tuomioon) ja kirjak\u00e4\u00e4r\u00f6.\"}}]}<\/script>\t\t\t\t\t\t\t\t<\/div>\n\t\t\t\t\t<\/div>\n\t\t\t\t<\/div>\n\t\t\t\t<\/div>\n\t\t","protected":false},"excerpt":{"rendered":"","protected":false},"author":3,"featured_media":1621,"parent":0,"menu_order":0,"comment_status":"closed","ping_status":"closed","template":"elementor_header_footer","meta":{"_yoast_wpseo_focuskw":"Arkkienkeli Gabriel, ilmestys","_yoast_wpseo_title":"Arkkienkeli Gabriel \u2013 Jumalan sanansaattaja kolmessa perinteess\u00e4","_yoast_wpseo_metadesc":"Arkkienkeli Gabriel tuo jumalallisia sanomia ja sis\u00e4ist\u00e4 selkeytt\u00e4. Tutustu h\u00e4nen merkitykseens\u00e4 esoteerisessa perinteess\u00e4 ja iWell Guard -k\u00e4yt\u00e4nn\u00f6ss\u00e4.","_yoast_wpseo_meta-robots-noindex":"","_yoast_wpseo_canonical":"","_angie_page":false,"gefaehrdungsstufe":"","wesen_kultur":"","wesen_klasse":"","footnotes":""},"categories":[],"class_list":["post-143923","page","type-page","status-publish","has-post-thumbnail","hentry"],"yoast_head":"<!-- This site is optimized with the Yoast SEO Premium plugin v27.7 (Yoast SEO v28.3) - https:\/\/yoast.com\/product\/yoast-seo-premium-wordpress\/ -->\n<title>Arkkienkeli Gabriel \u2013 Jumalan sanansaattaja kolmessa perinteess\u00e4<\/title>\n<meta name=\"description\" content=\"Arkkienkeli Gabriel tuo jumalallisia sanomia ja sis\u00e4ist\u00e4 selkeytt\u00e4. Tutustu h\u00e4nen merkitykseens\u00e4 esoteerisessa perinteess\u00e4 ja iWell Guard -k\u00e4yt\u00e4nn\u00f6ss\u00e4.\" \/>\n<meta name=\"robots\" content=\"index, follow, max-snippet:-1, max-image-preview:large, max-video-preview:-1\" \/>\n<link rel=\"canonical\" href=\"https:\/\/iwell-guard.com\/fi\/arkkienkeli-gabriel\/\" \/>\n<meta property=\"og:locale\" content=\"fi_FI\" \/>\n<meta property=\"og:type\" content=\"article\" \/>\n<meta property=\"og:title\" content=\"Arkkienkeli Gabriel\" \/>\n<meta property=\"og:description\" content=\"Arkkienkeli Gabriel tuo jumalallisia sanomia ja sis\u00e4ist\u00e4 selkeytt\u00e4. Tutustu h\u00e4nen merkitykseens\u00e4 esoteerisessa perinteess\u00e4 ja iWell Guard -k\u00e4yt\u00e4nn\u00f6ss\u00e4.\" \/>\n<meta property=\"og:url\" content=\"https:\/\/iwell-guard.com\/fi\/arkkienkeli-gabriel\/\" \/>\n<meta property=\"og:site_name\" content=\"iWell Guard\" \/>\n<meta property=\"article:modified_time\" content=\"2026-09-03T12:46:10+00:00\" \/>\n<meta property=\"og:image\" content=\"https:\/\/iwell-guard.com\/wp-content\/uploads\/2026\/04\/lichtwesen_erzengel-gabriel.webp\" \/>\n\t<meta property=\"og:image:width\" content=\"1024\" \/>\n\t<meta property=\"og:image:height\" content=\"1536\" \/>\n\t<meta property=\"og:image:type\" content=\"image\/webp\" \/>\n<meta name=\"twitter:card\" content=\"summary_large_image\" \/>\n<script type=\"application\/ld+json\" class=\"yoast-schema-graph\">{\"@context\":\"https:\\\/\\\/schema.org\",\"@graph\":[{\"@type\":\"WebPage\",\"@id\":\"https:\\\/\\\/iwell-guard.com\\\/fi\\\/arkkienkeli-gabriel\\\/\",\"url\":\"https:\\\/\\\/iwell-guard.com\\\/fi\\\/arkkienkeli-gabriel\\\/\",\"name\":\"Arkkienkeli Gabriel \u2013 Jumalan sanansaattaja kolmessa perinteess\u00e4\",\"isPartOf\":{\"@id\":\"https:\\\/\\\/iwell-guard.com\\\/fi\\\/#website\"},\"primaryImageOfPage\":{\"@id\":\"https:\\\/\\\/iwell-guard.com\\\/fi\\\/arkkienkeli-gabriel\\\/#primaryimage\"},\"image\":{\"@id\":\"https:\\\/\\\/iwell-guard.com\\\/fi\\\/arkkienkeli-gabriel\\\/#primaryimage\"},\"thumbnailUrl\":\"https:\\\/\\\/iwell-guard.com\\\/wp-content\\\/uploads\\\/2026\\\/04\\\/lichtwesen_erzengel-gabriel.webp\",\"datePublished\":\"2026-09-03T12:29:56+00:00\",\"dateModified\":\"2026-09-03T12:46:10+00:00\",\"description\":\"Arkkienkeli Gabriel tuo jumalallisia sanomia ja sis\u00e4ist\u00e4 selkeytt\u00e4. Tutustu h\u00e4nen merkitykseens\u00e4 esoteerisessa perinteess\u00e4 ja iWell Guard -k\u00e4yt\u00e4nn\u00f6ss\u00e4.\",\"breadcrumb\":{\"@id\":\"https:\\\/\\\/iwell-guard.com\\\/fi\\\/arkkienkeli-gabriel\\\/#breadcrumb\"},\"inLanguage\":\"fi\",\"potentialAction\":[{\"@type\":\"ReadAction\",\"target\":[\"https:\\\/\\\/iwell-guard.com\\\/fi\\\/arkkienkeli-gabriel\\\/\"]}]},{\"@type\":\"ImageObject\",\"inLanguage\":\"fi\",\"@id\":\"https:\\\/\\\/iwell-guard.com\\\/fi\\\/arkkienkeli-gabriel\\\/#primaryimage\",\"url\":\"https:\\\/\\\/iwell-guard.com\\\/wp-content\\\/uploads\\\/2026\\\/04\\\/lichtwesen_erzengel-gabriel.webp\",\"contentUrl\":\"https:\\\/\\\/iwell-guard.com\\\/wp-content\\\/uploads\\\/2026\\\/04\\\/lichtwesen_erzengel-gabriel.webp\",\"width\":1024,\"height\":1536,\"caption\":\"Valo-olento. Valolla t\u00e4yttyv\u00e4 kuva.\"},{\"@type\":\"BreadcrumbList\",\"@id\":\"https:\\\/\\\/iwell-guard.com\\\/fi\\\/arkkienkeli-gabriel\\\/#breadcrumb\",\"itemListElement\":[{\"@type\":\"ListItem\",\"position\":1,\"name\":\"Start\",\"item\":\"https:\\\/\\\/iwell-guard.com\\\/fi\\\/?page_id=143815\"},{\"@type\":\"ListItem\",\"position\":2,\"name\":\"Arkkienkeli Gabriel\"}]},{\"@type\":\"WebSite\",\"@id\":\"https:\\\/\\\/iwell-guard.com\\\/fi\\\/#website\",\"url\":\"https:\\\/\\\/iwell-guard.com\\\/fi\\\/\",\"name\":\"iWell Guard\",\"description\":\"Schutz vor dunklen Einfl\u00fcssen\",\"publisher\":{\"@id\":\"https:\\\/\\\/iwell-guard.com\\\/fi\\\/#organization\"},\"potentialAction\":[{\"@type\":\"SearchAction\",\"target\":{\"@type\":\"EntryPoint\",\"urlTemplate\":\"https:\\\/\\\/iwell-guard.com\\\/fi\\\/?s={search_term_string}\"},\"query-input\":{\"@type\":\"PropertyValueSpecification\",\"valueRequired\":true,\"valueName\":\"search_term_string\"}}],\"inLanguage\":\"fi\"},{\"@type\":\"Organization\",\"@id\":\"https:\\\/\\\/iwell-guard.com\\\/fi\\\/#organization\",\"name\":\"Ittermann electronic GmbH\",\"url\":\"https:\\\/\\\/iwell-guard.com\\\/fi\\\/\",\"logo\":{\"@type\":\"ImageObject\",\"inLanguage\":\"fi\",\"@id\":\"https:\\\/\\\/iwell-guard.com\\\/fi\\\/#\\\/schema\\\/logo\\\/image\\\/\",\"url\":\"https:\\\/\\\/iwell-guard.com\\\/wp-content\\\/uploads\\\/2026\\\/05\\\/Ittermann-Logo-1182x237-1.png\",\"contentUrl\":\"https:\\\/\\\/iwell-guard.com\\\/wp-content\\\/uploads\\\/2026\\\/05\\\/Ittermann-Logo-1182x237-1.png\",\"width\":1182,\"height\":237,\"caption\":\"Ittermann electronic GmbH\"},\"image\":{\"@id\":\"https:\\\/\\\/iwell-guard.com\\\/fi\\\/#\\\/schema\\\/logo\\\/image\\\/\"},\"sameAs\":[\"https:\\\/\\\/pantip.com\\\/profile\\\/9367242\",\"https:\\\/\\\/micro.blog\\\/iwellguard\",\"https:\\\/\\\/www.diggerslist.com\\\/iwellguard\\\/about\",\"https:\\\/\\\/skitterphoto.com\\\/photographers\\\/2870314\\\/iwell-guard\",\"https:\\\/\\\/iwellguard.wordpress.com\\\/2026\\\/06\\\/06\\\/iwell-guard\\\/\",\"https:\\\/\\\/hub.docker.com\\\/u\\\/iwellguard\",\"https:\\\/\\\/www.pinterest.com\\\/iwellguard\\\/\",\"https:\\\/\\\/bit.ly\\\/m\\\/iwellguard\",\"https:\\\/\\\/entre-vos-mains.alsace.eu\\\/profiles\\\/iwellguard\\\/activity\",\"https:\\\/\\\/gravatar.com\\\/reallybeded8fd34\",\"https:\\\/\\\/naijamatta.com\\\/iwellguard\",\"https:\\\/\\\/www.goodreads.com\\\/iwellguard\",\"https:\\\/\\\/profile.hatena.ne.jp\\\/iwellguard\\\/\",\"https:\\\/\\\/experiment.com\\\/users\\\/iwellguard\",\"https:\\\/\\\/wakelet.com\\\/@iWellGuard82270\",\"https:\\\/\\\/www.chordie.com\\\/forum\\\/profile.php?id=2555664\",\"https:\\\/\\\/www.instapaper.com\\\/p\\\/17757966\",\"https:\\\/\\\/www.mapleprimes.com\\\/users\\\/iwellguard\",\"https:\\\/\\\/businesslistingplus.com\\\/profile\\\/iwell-guard\\\/\",\"https:\\\/\\\/telegra.ph\\\/iWell-Guard-06-06\",\"https:\\\/\\\/pbase.com\\\/iwellguard\\\/iwellguard\",\"https:\\\/\\\/b.hatena.ne.jp\\\/iwellguard\\\/20260607#bookmark-4788405196491818882\",\"https:\\\/\\\/fliphtml5.com\\\/home\\\/iwellguard\",\"https:\\\/\\\/anyflip.com\\\/homepage\\\/cmiwl#About\",\"https:\\\/\\\/transfur.com\\\/Users\\\/iwellguard\",\"http:\\\/\\\/delphi.larsbo.org\\\/user\\\/iwellguard\",\"https:\\\/\\\/jobs.lajobsportal.org\\\/profiles\\\/8380803-iwell-guard\",\"https:\\\/\\\/md.chaosdorf.de\\\/s\\\/jfbe5SBdJD\",\"https:\\\/\\\/www.lingvolive.com\\\/en-us\\\/profile\\\/9ecaeaca-ce11-4e51-9e71-01d55e2bff36\\\/translations\",\"https:\\\/\\\/www.fitday.com\\\/fitness\\\/forums\\\/members\\\/iwellguard.html\",\"https:\\\/\\\/www.mymeetbook.com\\\/iwellguard\",\"https:\\\/\\\/pxhere.com\\\/en\\\/photographer-me\\\/5040798\",\"https:\\\/\\\/disqus.com\\\/by\\\/iwellguard\\\/about\\\/\",\"https:\\\/\\\/pastelink.net\\\/hjwciqwq\",\"https:\\\/\\\/pubhtml5.com\\\/homepage\\\/scjhn\\\/\",\"https:\\\/\\\/www.bitchute.com\\\/channel\\\/2O2eOKzNqujT\",\"https:\\\/\\\/audiomack.com\\\/iwellguard\"]}]}<\/script>\n<!-- \/ Yoast SEO Premium plugin. -->","yoast_head_json":{"title":"Arkkienkeli Gabriel \u2013 Jumalan sanansaattaja kolmessa perinteess\u00e4","description":"Arkkienkeli Gabriel tuo jumalallisia sanomia ja sis\u00e4ist\u00e4 selkeytt\u00e4. Tutustu h\u00e4nen merkitykseens\u00e4 esoteerisessa perinteess\u00e4 ja iWell Guard -k\u00e4yt\u00e4nn\u00f6ss\u00e4.","robots":{"index":"index","follow":"follow","max-snippet":"max-snippet:-1","max-image-preview":"max-image-preview:large","max-video-preview":"max-video-preview:-1"},"canonical":"https:\/\/iwell-guard.com\/fi\/arkkienkeli-gabriel\/","og_locale":"fi_FI","og_type":"article","og_title":"Arkkienkeli Gabriel","og_description":"Arkkienkeli Gabriel tuo jumalallisia sanomia ja sis\u00e4ist\u00e4 selkeytt\u00e4. Tutustu h\u00e4nen merkitykseens\u00e4 esoteerisessa perinteess\u00e4 ja iWell Guard -k\u00e4yt\u00e4nn\u00f6ss\u00e4.","og_url":"https:\/\/iwell-guard.com\/fi\/arkkienkeli-gabriel\/","og_site_name":"iWell Guard","article_modified_time":"2026-09-03T12:46:10+00:00","og_image":[{"width":1024,"height":1536,"url":"https:\/\/iwell-guard.com\/wp-content\/uploads\/2026\/04\/lichtwesen_erzengel-gabriel.webp","type":"image\/webp"}],"twitter_card":"summary_large_image","schema":{"@context":"https:\/\/schema.org","@graph":[{"@type":"WebPage","@id":"https:\/\/iwell-guard.com\/fi\/arkkienkeli-gabriel\/","url":"https:\/\/iwell-guard.com\/fi\/arkkienkeli-gabriel\/","name":"Arkkienkeli Gabriel \u2013 Jumalan sanansaattaja kolmessa perinteess\u00e4","isPartOf":{"@id":"https:\/\/iwell-guard.com\/fi\/#website"},"primaryImageOfPage":{"@id":"https:\/\/iwell-guard.com\/fi\/arkkienkeli-gabriel\/#primaryimage"},"image":{"@id":"https:\/\/iwell-guard.com\/fi\/arkkienkeli-gabriel\/#primaryimage"},"thumbnailUrl":"https:\/\/iwell-guard.com\/wp-content\/uploads\/2026\/04\/lichtwesen_erzengel-gabriel.webp","datePublished":"2026-09-03T12:29:56+00:00","dateModified":"2026-09-03T12:46:10+00:00","description":"Arkkienkeli Gabriel tuo jumalallisia sanomia ja sis\u00e4ist\u00e4 selkeytt\u00e4. Tutustu h\u00e4nen merkitykseens\u00e4 esoteerisessa perinteess\u00e4 ja iWell Guard -k\u00e4yt\u00e4nn\u00f6ss\u00e4.","breadcrumb":{"@id":"https:\/\/iwell-guard.com\/fi\/arkkienkeli-gabriel\/#breadcrumb"},"inLanguage":"fi","potentialAction":[{"@type":"ReadAction","target":["https:\/\/iwell-guard.com\/fi\/arkkienkeli-gabriel\/"]}]},{"@type":"ImageObject","inLanguage":"fi","@id":"https:\/\/iwell-guard.com\/fi\/arkkienkeli-gabriel\/#primaryimage","url":"https:\/\/iwell-guard.com\/wp-content\/uploads\/2026\/04\/lichtwesen_erzengel-gabriel.webp","contentUrl":"https:\/\/iwell-guard.com\/wp-content\/uploads\/2026\/04\/lichtwesen_erzengel-gabriel.webp","width":1024,"height":1536,"caption":"Valo-olento. Valolla t\u00e4yttyv\u00e4 kuva."},{"@type":"BreadcrumbList","@id":"https:\/\/iwell-guard.com\/fi\/arkkienkeli-gabriel\/#breadcrumb","itemListElement":[{"@type":"ListItem","position":1,"name":"Start","item":"https:\/\/iwell-guard.com\/fi\/?page_id=143815"},{"@type":"ListItem","position":2,"name":"Arkkienkeli Gabriel"}]},{"@type":"WebSite","@id":"https:\/\/iwell-guard.com\/fi\/#website","url":"https:\/\/iwell-guard.com\/fi\/","name":"iWell Guard","description":"Schutz vor dunklen Einfl\u00fcssen","publisher":{"@id":"https:\/\/iwell-guard.com\/fi\/#organization"},"potentialAction":[{"@type":"SearchAction","target":{"@type":"EntryPoint","urlTemplate":"https:\/\/iwell-guard.com\/fi\/?s={search_term_string}"},"query-input":{"@type":"PropertyValueSpecification","valueRequired":true,"valueName":"search_term_string"}}],"inLanguage":"fi"},{"@type":"Organization","@id":"https:\/\/iwell-guard.com\/fi\/#organization","name":"Ittermann electronic GmbH","url":"https:\/\/iwell-guard.com\/fi\/","logo":{"@type":"ImageObject","inLanguage":"fi","@id":"https:\/\/iwell-guard.com\/fi\/#\/schema\/logo\/image\/","url":"https:\/\/iwell-guard.com\/wp-content\/uploads\/2026\/05\/Ittermann-Logo-1182x237-1.png","contentUrl":"https:\/\/iwell-guard.com\/wp-content\/uploads\/2026\/05\/Ittermann-Logo-1182x237-1.png","width":1182,"height":237,"caption":"Ittermann electronic GmbH"},"image":{"@id":"https:\/\/iwell-guard.com\/fi\/#\/schema\/logo\/image\/"},"sameAs":["https:\/\/pantip.com\/profile\/9367242","https:\/\/micro.blog\/iwellguard","https:\/\/www.diggerslist.com\/iwellguard\/about","https:\/\/skitterphoto.com\/photographers\/2870314\/iwell-guard","https:\/\/iwellguard.wordpress.com\/2026\/06\/06\/iwell-guard\/","https:\/\/hub.docker.com\/u\/iwellguard","https:\/\/www.pinterest.com\/iwellguard\/","https:\/\/bit.ly\/m\/iwellguard","https:\/\/entre-vos-mains.alsace.eu\/profiles\/iwellguard\/activity","https:\/\/gravatar.com\/reallybeded8fd34","https:\/\/naijamatta.com\/iwellguard","https:\/\/www.goodreads.com\/iwellguard","https:\/\/profile.hatena.ne.jp\/iwellguard\/","https:\/\/experiment.com\/users\/iwellguard","https:\/\/wakelet.com\/@iWellGuard82270","https:\/\/www.chordie.com\/forum\/profile.php?id=2555664","https:\/\/www.instapaper.com\/p\/17757966","https:\/\/www.mapleprimes.com\/users\/iwellguard","https:\/\/businesslistingplus.com\/profile\/iwell-guard\/","https:\/\/telegra.ph\/iWell-Guard-06-06","https:\/\/pbase.com\/iwellguard\/iwellguard","https:\/\/b.hatena.ne.jp\/iwellguard\/20260607#bookmark-4788405196491818882","https:\/\/fliphtml5.com\/home\/iwellguard","https:\/\/anyflip.com\/homepage\/cmiwl#About","https:\/\/transfur.com\/Users\/iwellguard","http:\/\/delphi.larsbo.org\/user\/iwellguard","https:\/\/jobs.lajobsportal.org\/profiles\/8380803-iwell-guard","https:\/\/md.chaosdorf.de\/s\/jfbe5SBdJD","https:\/\/www.lingvolive.com\/en-us\/profile\/9ecaeaca-ce11-4e51-9e71-01d55e2bff36\/translations","https:\/\/www.fitday.com\/fitness\/forums\/members\/iwellguard.html","https:\/\/www.mymeetbook.com\/iwellguard","https:\/\/pxhere.com\/en\/photographer-me\/5040798","https:\/\/disqus.com\/by\/iwellguard\/about\/","https:\/\/pastelink.net\/hjwciqwq","https:\/\/pubhtml5.com\/homepage\/scjhn\/","https:\/\/www.bitchute.com\/channel\/2O2eOKzNqujT","https:\/\/audiomack.com\/iwellguard"]}]}},"_links":{"self":[{"href":"https:\/\/iwell-guard.com\/fi\/wp-json\/wp\/v2\/pages\/143923","targetHints":{"allow":["GET"]}}],"collection":[{"href":"https:\/\/iwell-guard.com\/fi\/wp-json\/wp\/v2\/pages"}],"about":[{"href":"https:\/\/iwell-guard.com\/fi\/wp-json\/wp\/v2\/types\/page"}],"author":[{"embeddable":true,"href":"https:\/\/iwell-guard.com\/fi\/wp-json\/wp\/v2\/users\/3"}],"replies":[{"embeddable":true,"href":"https:\/\/iwell-guard.com\/fi\/wp-json\/wp\/v2\/comments?post=143923"}],"version-history":[{"count":0,"href":"https:\/\/iwell-guard.com\/fi\/wp-json\/wp\/v2\/pages\/143923\/revisions"}],"wp:featuredmedia":[{"embeddable":true,"href":"https:\/\/iwell-guard.com\/fi\/wp-json\/wp\/v2\/media\/1621"}],"wp:attachment":[{"href":"https:\/\/iwell-guard.com\/fi\/wp-json\/wp\/v2\/media?parent=143923"}],"wp:term":[{"taxonomy":"category","embeddable":true,"href":"https:\/\/iwell-guard.com\/fi\/wp-json\/wp\/v2\/categories?post=143923"}],"curies":[{"name":"wp","href":"https:\/\/api.w.org\/{rel}","templated":true}]}}