{"id":143869,"date":"2026-09-03T12:29:24","date_gmt":"2026-09-03T12:29:24","guid":{"rendered":"https:\/\/iwell-guard.com\/?page_id=143869"},"modified":"2026-09-03T12:44:39","modified_gmt":"2026-09-03T12:44:39","slug":"cailleach","status":"publish","type":"page","link":"https:\/\/iwell-guard.com\/fi\/cailleach\/","title":{"rendered":"Cailleach"},"content":{"rendered":"\t\t<div data-elementor-type=\"wp-page\" data-elementor-id=\"143869\" class=\"elementor elementor-143869 elementor-1035\" data-elementor-post-type=\"page\">\n\t\t\t\t<div class=\"elementor-element elementor-element-10fdade e-flex e-con-boxed e-con e-parent\" data-id=\"10fdade\" data-element_type=\"container\" data-e-type=\"container\" data-settings=\"{&quot;background_background&quot;:&quot;classic&quot;}\">\n\t\t\t\t\t<div class=\"e-con-inner\">\n\t\t<div class=\"elementor-element elementor-element-herohlft0 e-flex e-con-boxed e-con e-child\" data-id=\"herohlft0\" data-element_type=\"container\" data-e-type=\"container\">\n\t\t\t\t\t<div class=\"e-con-inner\">\n\t\t<div class=\"elementor-element elementor-element-c3ceb64 e-con-full e-flex e-con e-child\" data-id=\"c3ceb64\" data-element_type=\"container\" data-e-type=\"container\">\n\t\t\t\t<div class=\"elementor-element elementor-element-96ae5e1 elementor-widget elementor-widget-heading\" data-id=\"96ae5e1\" data-element_type=\"widget\" data-e-type=\"widget\" data-widget_type=\"heading.default\">\n\t\t\t\t\t<h1 class=\"elementor-heading-title elementor-size-default\">Cailleach, kelttil\u00e4isen perinteen jumalatar<\/h1>\t\t\t\t<\/div>\n\t\t\t\t<div class=\"elementor-element elementor-element-e45238a elementor-widget elementor-widget-text-editor\" data-id=\"e45238a\" data-element_type=\"widget\" data-e-type=\"widget\" data-widget_type=\"text-editor.default\">\n\t\t\t\t\t\t\t\t\t<p>Cailleach on kelttil\u00e4isen perinteen jumalatar.<\/p><p><strong>Vanha akka, talvijumalatar ja kelttil\u00e4isen maailman kallioiden muovaaja.<\/strong><\/p>\t\t\t\t\t\t\t\t<\/div>\n\t\t\t\t<\/div>\n\t\t<div class=\"elementor-element elementor-element-klsbdg01 e-con-full e-flex e-con e-parent\" data-id=\"klsbdg01\" data-element_type=\"container\" data-e-type=\"container\">\n\t\t\t\t<div class=\"elementor-element elementor-element-klshtm01 elementor-widget elementor-widget-html\" data-id=\"klshtm01\" data-element_type=\"widget\" data-e-type=\"widget\" data-widget_type=\"html.default\">\n\t\t\t\t\t<div class=\"iwg-pill-row\"><span class=\"iwg-klasse-badge\" tabindex=\"0\" data-tooltip=\"Jumala \/ jumalatar: Kulttuurin pantheonin henkil\u00f6ity korkein voima, jolla on selke\u00e4t vastuualueet, luonnonvoimat, kohtalo, sota, hedelm\u00e4llisyys. Palvottu kulttien, uhrien ja temppeli-instituutioiden kautta.\">Jumalatar<\/span><a href=\"https:\/\/iwell-guard.com\/fi\/?page_id=143850\" class=\"iwg-kultur-badge\" tabindex=\"0\" data-tooltip=\"L\u00e4nsi-Euroopan ja Brittein saarten kelttil\u00e4inen uskonto, joka on v\u00e4littynyt myyttisesti irlantilais-walesilaisten tekstien kautta.\">Kelttil\u00e4inen<\/a><a href=\"https:\/\/iwell-guard.com\/fi\/?page_id=143943\" class=\"iwg-tradition-badge\" tabindex=\"0\" data-tooltip=\"Suojelevia jumaluuksia, kodin, kaupungin, syntymien, matkojen tai el\u00e4m\u00e4nvaiheiden vartijoita.\">Suojelujumaluus<\/a><\/div>\t\t\t\t<\/div>\n\t\t\t\t<\/div>\n\t\t<div class=\"elementor-element elementor-element-3f74855 e-con-full e-flex e-con e-child\" data-id=\"3f74855\" data-element_type=\"container\" data-e-type=\"container\">\n\t\t\t\t<div class=\"elementor-element elementor-element-1c30362 elementor-toc--minimized-on-tablet elementor-widget elementor-widget-table-of-contents\" data-id=\"1c30362\" data-element_type=\"widget\" data-e-type=\"widget\" data-settings=\"{&quot;exclude_headings_by_selector&quot;:[],&quot;no_headings_message&quot;:&quot;T\\u00e4lt\\u00e4 sivulta ei l\\u00f6ytynyt otsikoita.&quot;,&quot;headings_by_tags&quot;:[&quot;h2&quot;,&quot;h3&quot;],&quot;marker_view&quot;:&quot;bullets&quot;,&quot;icon&quot;:{&quot;value&quot;:&quot;fas fa-circle&quot;,&quot;library&quot;:&quot;fa-solid&quot;,&quot;rendered_tag&quot;:&quot;&lt;svg class=\\&quot;e-font-icon-svg e-fas-circle\\&quot; viewBox=\\&quot;0 0 512 512\\&quot; xmlns=\\&quot;http:\\\/\\\/www.w3.org\\\/2000\\\/svg\\&quot;&gt;&lt;path d=\\&quot;M256 8C119 8 8 119 8 256s111 248 248 248 248-111 248-248S393 8 256 8z\\&quot;&gt;&lt;\\\/path&gt;&lt;\\\/svg&gt;&quot;},&quot;minimize_box&quot;:&quot;yes&quot;,&quot;minimized_on&quot;:&quot;tablet&quot;,&quot;hierarchical_view&quot;:&quot;yes&quot;,&quot;min_height&quot;:{&quot;unit&quot;:&quot;px&quot;,&quot;size&quot;:&quot;&quot;,&quot;sizes&quot;:[]},&quot;min_height_tablet&quot;:{&quot;unit&quot;:&quot;px&quot;,&quot;size&quot;:&quot;&quot;,&quot;sizes&quot;:[]},&quot;min_height_mobile&quot;:{&quot;unit&quot;:&quot;px&quot;,&quot;size&quot;:&quot;&quot;,&quot;sizes&quot;:[]}}\" data-widget_type=\"table-of-contents.default\">\n\t\t\t\t\t\t\t\t\t<div class=\"elementor-toc__header\">\n\t\t\t\t\t\t<h2 class=\"elementor-toc__header-title\">\n\t\t\t\tSis\u00e4llysluettelo\t\t\t<\/h2>\n\t\t\t\t\t\t\t\t\t\t<div class=\"elementor-toc__toggle-button elementor-toc__toggle-button--expand\" role=\"button\" tabindex=\"0\" aria-controls=\"elementor-toc__1c30362\" aria-expanded=\"true\" aria-label=\"Open table of contents\"><svg aria-hidden=\"true\" class=\"e-font-icon-svg e-fas-chevron-down\" viewBox=\"0 0 448 512\" xmlns=\"http:\/\/www.w3.org\/2000\/svg\"><path d=\"M207.029 381.476L12.686 187.132c-9.373-9.373-9.373-24.569 0-33.941l22.667-22.667c9.357-9.357 24.522-9.375 33.901-.04L224 284.505l154.745-154.021c9.379-9.335 24.544-9.317 33.901.04l22.667 22.667c9.373 9.373 9.373 24.569 0 33.941L240.971 381.476c-9.373 9.372-24.569 9.372-33.942 0z\"><\/path><\/svg><\/div>\n\t\t\t\t<div class=\"elementor-toc__toggle-button elementor-toc__toggle-button--collapse\" role=\"button\" tabindex=\"0\" aria-controls=\"elementor-toc__1c30362\" aria-expanded=\"true\" aria-label=\"Close table of contents\"><svg aria-hidden=\"true\" class=\"e-font-icon-svg e-fas-chevron-up\" viewBox=\"0 0 448 512\" xmlns=\"http:\/\/www.w3.org\/2000\/svg\"><path d=\"M240.971 130.524l194.343 194.343c9.373 9.373 9.373 24.569 0 33.941l-22.667 22.667c-9.357 9.357-24.522 9.375-33.901.04L224 227.495 69.255 381.516c-9.379 9.335-24.544 9.317-33.901-.04l-22.667-22.667c-9.373-9.373-9.373-24.569 0-33.941L207.03 130.525c9.372-9.373 24.568-9.373 33.941-.001z\"><\/path><\/svg><\/div>\n\t\t\t\t\t<\/div>\n\t\t\t\t<div id=\"elementor-toc__1c30362\" class=\"elementor-toc__body\">\n\t\t\t<div class=\"elementor-toc__spinner-container\">\n\t\t\t\t<svg class=\"elementor-toc__spinner eicon-animation-spin e-font-icon-svg e-eicon-loading\" aria-hidden=\"true\" viewBox=\"0 0 1000 1000\" xmlns=\"http:\/\/www.w3.org\/2000\/svg\"><path d=\"M500 975V858C696 858 858 696 858 500S696 142 500 142 142 304 142 500H25C25 237 238 25 500 25S975 237 975 500 763 975 500 975Z\"><\/path><\/svg>\t\t\t<\/div>\n\t\t<\/div>\n\t\t\t\t\t\t<\/div>\n\t\t\t\t<\/div>\n\t\t\t\t\t<\/div>\n\t\t\t\t<\/div>\n\t\t<div class=\"elementor-element elementor-element-herorght0 e-con-full e-flex e-con e-child\" data-id=\"herorght0\" data-element_type=\"container\" data-e-type=\"container\">\n\t\t\t\t<div class=\"elementor-element elementor-element-heroimg00 iwg-hero-image elementor-widget elementor-widget-image\" data-id=\"heroimg00\" data-element_type=\"widget\" data-e-type=\"widget\" data-widget_type=\"image.default\">\n\t\t\t\t\t\t\t\t\t\t\t\t\t\t\t<img fetchpriority=\"high\" decoding=\"async\" width=\"683\" height=\"1024\" src=\"https:\/\/iwell-guard.com\/wp-content\/uploads\/2026\/04\/goetter_keltisch_cailleach-683x1024.webp\" class=\"attachment-large size-large wp-image-149071\" alt=\"Cailleach \u2013 kelttil\u00e4isen tradition jumalia, historiallis-kuvituksellinen\" srcset=\"https:\/\/iwell-guard.com\/wp-content\/uploads\/2026\/04\/goetter_keltisch_cailleach-683x1024.webp 683w, https:\/\/iwell-guard.com\/wp-content\/uploads\/2026\/04\/goetter_keltisch_cailleach-200x300.webp 200w, https:\/\/iwell-guard.com\/wp-content\/uploads\/2026\/04\/goetter_keltisch_cailleach-768x1152.webp 768w, https:\/\/iwell-guard.com\/wp-content\/uploads\/2026\/04\/goetter_keltisch_cailleach.webp 1024w\" sizes=\"(max-width: 683px) 100vw, 683px\" \/>\t\t\t\t\t\t\t\t\t\t\t\t\t\t\t<\/div>\n\t\t\t\t<\/div>\n\t\t\t\t\t<\/div>\n\t\t\t\t<\/div>\n\t\t<div class=\"elementor-element elementor-element-32917199 e-flex e-con-boxed e-con e-parent\" data-id=\"32917199\" data-element_type=\"container\" data-e-type=\"container\">\n\t\t\t\t\t<div class=\"e-con-inner\">\n\t\t<div class=\"elementor-element elementor-element-26e916cb e-flex e-con-boxed e-con e-child\" data-id=\"26e916cb\" data-element_type=\"container\" data-e-type=\"container\">\n\t\t\t\t\t<div class=\"e-con-inner\">\n\t\t<div class=\"elementor-element elementor-element-253a40d4 e-flex e-con-boxed e-con e-child\" data-id=\"253a40d4\" data-element_type=\"container\" data-e-type=\"container\">\n\t\t\t\t\t<div class=\"e-con-inner\">\n\t\t\t\t<div class=\"elementor-element elementor-element-1200c304 elementor-widget elementor-widget-heading\" data-id=\"1200c304\" data-element_type=\"widget\" data-e-type=\"widget\" data-widget_type=\"heading.default\">\n\t\t\t\t\t<h2 class=\"elementor-heading-title elementor-size-default\">Cailleach<\/h2>\t\t\t\t<\/div>\n\t\t\t\t<div class=\"elementor-element elementor-element-11758e7f elementor-widget elementor-widget-text-editor\" data-id=\"11758e7f\" data-element_type=\"widget\" data-e-type=\"widget\" data-widget_type=\"text-editor.default\">\n\t\t\t\t\t\t\t\t\t<p>Cailleach on yksi kelttil\u00e4isen <span class=\"iwg-fachbegriff\" data-tooltip=\"Tiedon ja kertomusten v\u00e4littymist\u00e4 sukupolvelta toiselle.\" tabindex=\"0\">perim\u00e4tiedon<\/span> vanhimmista hahmoista. H\u00e4nen nimens\u00e4 (\u201dverhon kantaja\u201d, \u201dpeitetty vanha akka\u201d) tarkoittaa ambivalenttia naisellista alkuvoimaa, talvijumalatarta, vuorten ja kallioiden muovaajaa, maiseman alku\u00e4iti\u00e4, joka my\u00f6hemm\u00e4ss\u00e4 perinteess\u00e4 on my\u00f6s uhkaava noita-hahmo. H\u00e4n on jumalattaren ja demonittaren rajalla, kosmisen luojan ja pime\u00e4n talvivoiman v\u00e4liss\u00e4.<\/p><p>Irlantilaisessa ja skotlantilais-gaelilaisessa perinteess\u00e4 Cailleach liittyy tiettyihin vuoriin, saariin ja vuodenaikojen vaihtumiseen. H\u00e4n hallitsee Samhainista Beltaneen; kev\u00e4\u00e4ll\u00e4 h\u00e4n muuttuu kiveksi tai nuortuu. H\u00e4nen rikas maantieteens\u00e4, sadat paikannimet, kalliomuodostumat, huiput, tekev\u00e4t h\u00e4nest\u00e4 todenn\u00e4k\u00f6isesti vahvimmin maisemaan juurtuneen hahmon kelttil\u00e4isess\u00e4 <span class=\"iwg-fachbegriff\" data-tooltip=\"Kulttuurin perinteisten jumaltarinoiden kokonaisuus.\" tabindex=\"0\">mytologiassa<\/span>.<\/p>\t\t\t\t\t\t\t\t<\/div>\n\t\t\t\t\t<\/div>\n\t\t\t\t<\/div>\n\t\t<div class=\"elementor-element elementor-element-159dcf9a e-flex e-con-boxed e-con e-child\" data-id=\"159dcf9a\" data-element_type=\"container\" data-e-type=\"container\">\n\t\t\t\t\t<div class=\"e-con-inner\">\n\t\t\t\t<div class=\"elementor-element elementor-element-48cee66f elementor-widget elementor-widget-heading\" data-id=\"48cee66f\" data-element_type=\"widget\" data-e-type=\"widget\" data-widget_type=\"heading.default\">\n\t\t\t\t\t<h2 class=\"elementor-heading-title elementor-size-default\">Pikakatsaus: Cailleach<\/h2>\t\t\t\t<\/div>\n\t\t\t\t<div class=\"elementor-element elementor-element-3f50d82c elementor-widget elementor-widget-text-editor\" data-id=\"3f50d82c\" data-element_type=\"widget\" data-e-type=\"widget\" data-widget_type=\"text-editor.default\">\n\t\t\t\t\t\t\t\t\t<p><strong>Tyyppi:<\/strong> Ambivalentti alku\u00e4iti, talvijumalatar, maiseman muovaaja<br>Alkuper\u00e4: Esikristillinen kelttil\u00e4inen perinne<br>Tekstit: Dindsenchas, paikannimilegendat, kansanperinne<br>Ajanjakso: arkaainen aika nykyp\u00e4iv\u00e4\u00e4n<br>Levinneisyys: Irlanti, Skotlanti, Mansaari<\/p>\t\t\t\t\t\t\t\t<\/div>\n\t\t\t\t\t<\/div>\n\t\t\t\t<\/div>\n\t\t\t\t\t<\/div>\n\t\t\t\t<\/div>\n\t\t\t\t\t<\/div>\n\t\t\t\t<\/div>\n\t\t<div class=\"elementor-element elementor-element-18613602 e-flex e-con-boxed e-con e-parent\" data-id=\"18613602\" data-element_type=\"container\" data-e-type=\"container\">\n\t\t\t\t\t<div class=\"e-con-inner\">\n\t\t\t\t<div class=\"elementor-element elementor-element-262b8a9f elementor-widget elementor-widget-heading\" data-id=\"262b8a9f\" data-element_type=\"widget\" data-e-type=\"widget\" data-widget_type=\"heading.default\">\n\t\t\t\t\t<h2 class=\"elementor-heading-title elementor-size-default\">Konteksti<\/h2>\t\t\t\t<\/div>\n\t\t<div class=\"elementor-element elementor-element-46dcb7d e-con-full e-flex e-con e-child\" data-id=\"46dcb7d\" data-element_type=\"container\" data-e-type=\"container\">\n\t\t<div class=\"elementor-element elementor-element-61d3ab3 e-flex e-con-boxed e-con e-child\" data-id=\"61d3ab3\" data-element_type=\"container\" data-e-type=\"container\">\n\t\t\t\t\t<div class=\"e-con-inner\">\n\t\t\t\t<div class=\"elementor-element elementor-element-117c166 elementor-widget elementor-widget-heading\" data-id=\"117c166\" data-element_type=\"widget\" data-e-type=\"widget\" data-widget_type=\"heading.default\">\n\t\t\t\t\t<div class=\"elementor-heading-title elementor-size-default\">Tekstien ajanjakso<\/div>\t\t\t\t<\/div>\n\t\t\t\t<div class=\"elementor-element elementor-element-73997a0 elementor-widget elementor-widget-text-editor\" data-id=\"73997a0\" data-element_type=\"widget\" data-e-type=\"widget\" data-widget_type=\"text-editor.default\">\n\t\t\t\t\t\t\t\t\t<p>Arkeologisesti sijoitettu esikristilliseen kelttil\u00e4iseen perinteeseen. Varhaisia kirjallisia todisteita irlantilaisissa Dindsenchas-teksteiss\u00e4 (paikannimien selityksi\u00e4, 10.\u201311. vuosisadalla). Rikas <span class=\"iwg-fachbegriff\" data-tooltip=\"Tiedon ja kertomusten v\u00e4littymist\u00e4 sukupolvelta toiselle.\" tabindex=\"0\">perim\u00e4tieto<\/span> skotlantilais-gaelilaisessa <span class=\"iwg-fachbegriff\" data-tooltip=\"Tiede, joka tutkii arkiel\u00e4m\u00e4n kulttuuria, tapoja ja perinteisi\u00e4 k\u00e4sityksi\u00e4.\" tabindex=\"0\">kansanperinteentutkimuksessa<\/span> 1800- ja 1900-luvuilla (Campbell, Carmichael, McNeill). Moderni her\u00e4tys uuspaganismissa.<\/p>\t\t\t\t\t\t\t\t<\/div>\n\t\t\t\t\t<\/div>\n\t\t\t\t<\/div>\n\t\t<div class=\"elementor-element elementor-element-d47b156 e-flex e-con-boxed e-con e-child\" data-id=\"d47b156\" data-element_type=\"container\" data-e-type=\"container\">\n\t\t\t\t\t<div class=\"e-con-inner\">\n\t\t\t\t<div class=\"elementor-element elementor-element-ff38c2b elementor-widget elementor-widget-heading\" data-id=\"ff38c2b\" data-element_type=\"widget\" data-e-type=\"widget\" data-widget_type=\"heading.default\">\n\t\t\t\t\t<div class=\"elementor-heading-title elementor-size-default\">Levinneisyysalue<\/div>\t\t\t\t<\/div>\n\t\t\t\t<div class=\"elementor-element elementor-element-4e49fcc elementor-widget elementor-widget-text-editor\" data-id=\"4e49fcc\" data-element_type=\"widget\" data-e-type=\"widget\" data-widget_type=\"text-editor.default\">\n\t\t\t\t\t\t\t\t\t<p>Irlanti (Cailleach Bh\u00e9ara, Cailleach Beara), Skotlanti (Cailleach Bheur, Cailleach nan Cruachan), Mansaari (Caillagh ny Groamagh). Sadat paikat kantavat h\u00e4nen nime\u00e4\u00e4n, huiput, kalliot, saaret. Erityisen tihe\u00e4ss\u00e4 L\u00e4nsi-Skotlannin ja L\u00e4nsi-Irlannin Atlantin rannikolla.<\/p>\t\t\t\t\t\t\t\t<\/div>\n\t\t\t\t\t<\/div>\n\t\t\t\t<\/div>\n\t\t\t\t<\/div>\n\t\t<div class=\"elementor-element elementor-element-db03c39 e-con-full e-flex e-con e-child\" data-id=\"db03c39\" data-element_type=\"container\" data-e-type=\"container\">\n\t\t<div class=\"elementor-element elementor-element-229a87b e-flex e-con-boxed e-con e-child\" data-id=\"229a87b\" data-element_type=\"container\" data-e-type=\"container\">\n\t\t\t\t\t<div class=\"e-con-inner\">\n\t\t\t\t<div class=\"elementor-element elementor-element-1f471fc elementor-widget elementor-widget-heading\" data-id=\"1f471fc\" data-element_type=\"widget\" data-e-type=\"widget\" data-widget_type=\"heading.default\">\n\t\t\t\t\t<div class=\"elementor-heading-title elementor-size-default\">L\u00e4hdetilanne<\/div>\t\t\t\t<\/div>\n\t\t\t\t<div class=\"elementor-element elementor-element-36b1201 elementor-widget elementor-widget-text-editor\" data-id=\"36b1201\" data-element_type=\"widget\" data-e-type=\"widget\" data-widget_type=\"text-editor.default\">\n\t\t\t\t\t\t\t\t\t<p><span data-nosnippet>Dindsenchas, paikannimikirja, Campbellin West Highland -kokoelmat, F. Marian McNeillin <em>The Silver Bough<\/em> (1957, 68), moderni <span class=\"iwg-fachbegriff\" data-tooltip=\"Tiede, joka tutkii kulttuureja ja yhteiskuntia vertailevasti.\" tabindex=\"0\">etnologia<\/span> gaelilaisilla rannikkoalueilla.<\/span><\/p>\t\t\t\t\t\t\t\t<\/div>\n\t\t\t\t\t<\/div>\n\t\t\t\t<\/div>\n\t\t\t\t<\/div>\n\t\t\t\t\t<\/div>\n\t\t\t\t<\/div>\n\t\t<div class=\"elementor-element elementor-element-3ae0637c e-flex e-con-boxed e-con e-parent\" data-id=\"3ae0637c\" data-element_type=\"container\" data-e-type=\"container\">\n\t\t\t\t\t<div class=\"e-con-inner\">\n\t\t\t\t<div class=\"elementor-element elementor-element-31d07739 elementor-widget elementor-widget-heading\" data-id=\"31d07739\" data-element_type=\"widget\" data-e-type=\"widget\" data-widget_type=\"heading.default\">\n\t\t\t\t\t<h2 class=\"elementor-heading-title elementor-size-default\">Nimi ja muodot<\/h2>\t\t\t\t<\/div>\n\t\t<div class=\"elementor-element elementor-element-b7642947 e-con-full e-flex e-con e-child\" data-id=\"b7642947\" data-element_type=\"container\" data-e-type=\"container\">\n\t\t\t\t<div class=\"elementor-element elementor-element-a086266 elementor-widget elementor-widget-text-editor\" data-id=\"a086266\" data-element_type=\"widget\" data-e-type=\"widget\" data-widget_type=\"text-editor.default\">\n\t\t\t\t\t\t\t\t\t<p><strong>Irlanti:<\/strong> <em>cailleach<\/em>, kirjaimellisesti \u201dverhon kantaja\u201d (lat. <em>pallium<\/em>, verho), laajentuen merkitykseen \u201dvanha nainen, nunna, noita\u201d.<br>Skotlantilais-gaelilainen: <em>cailleach<\/em>; erityisesti <em>Cailleach Bheur<\/em>, \u201dter\u00e4v\u00e4 vanha akka\u201d.<br>Lis\u00e4nimet: Cailleach Bh\u00e9ara (Kerryn alue), Cailleach nan Cruachan (Yl\u00e4-Skotlanti), Caillagh ny Groamagh (Mansaari).<br>Sukulaisjumalattaria: Morr\u00edgan (sodanjumalatar), Danu (Tuatha D\u00e9 Danannin alku\u00e4iti).<\/p><p>Nimell\u00e4 on kolme merkityskerrosta: fyysisesti vanha nainen, uskonnollisesti verhoutunut nunna (kristillisen vaikutuksen alaisena), myyttisesti alku\u00e4iti\/talven hallitsijatar. Kaikki kolme kerrosta pysyv\u00e4t kansanperinteess\u00e4 samanaikaisesti el\u00e4vin\u00e4.<\/p>\t\t\t\t\t\t\t\t<\/div>\n\t\t\t\t<\/div>\n\t\t\t\t\t<\/div>\n\t\t\t\t<\/div>\n\t\t<div class=\"elementor-element elementor-element-709a44a8 e-flex e-con-boxed e-con e-parent\" data-id=\"709a44a8\" data-element_type=\"container\" data-e-type=\"container\">\n\t\t\t\t\t<div class=\"e-con-inner\">\n\t\t\t\t<div class=\"elementor-element elementor-element-2f585873 elementor-widget elementor-widget-heading\" data-id=\"2f585873\" data-element_type=\"widget\" data-e-type=\"widget\" data-widget_type=\"heading.default\">\n\t\t\t\t\t<h2 class=\"elementor-heading-title elementor-size-default\">Kuvaus<\/h2>\t\t\t\t<\/div>\n\t\t<div class=\"elementor-element elementor-element-70621c12 e-con-full e-flex e-con e-child\" data-id=\"70621c12\" data-element_type=\"container\" data-e-type=\"container\">\n\t\t\t\t<div class=\"elementor-element elementor-element-4296eb49 elementor-widget elementor-widget-text-editor\" data-id=\"4296eb49\" data-element_type=\"widget\" data-e-type=\"widget\" data-widget_type=\"text-editor.default\">\n\t\t\t\t\t\t\t\t\t<p><strong>Ulkon\u00e4k\u00f6<\/strong><\/p><p>Vanha nainen, suurikokoinen, joskus sinihipi\u00e4inen, ruskeahampainen ja yksisilm\u00e4inen. Kumarassa, sauva mukanaan. Muodonmuutoksessa: nuori nainen, kaunis kuningatar tai kallio. Talviperinteess\u00e4 valkoisen peuran tai lehm\u00e4n seurassa.<\/p><p><strong>K\u00e4ytt\u00e4ytyminen<\/strong><\/p><p>Muovaa maisemaa, heittelee kivi\u00e4, joista tulee vuoria, kantaa maata esiliinassaan, josta tulee saaria. Hallitsee talvea: ly\u00f6 sauvallaan maahan ja j\u00e4\u00e4dytt\u00e4\u00e4 maan. Beltanena (1. toukokuuta) h\u00e4n muuttuu kiveksi tai nuortuu.<\/p><p><strong>Vaikutusalue<\/strong><\/p><p>Villi luonto, vuoret, kalliot, saaret, meri. S\u00e4\u00e4, erityisesti talvi ja myrskyt. Ik\u00e4vaiheiden vaihtuminen ja siirtym\u00e4t. Joissakin perinteiss\u00e4 my\u00f6s villiel\u00e4inten (peurat, sudet) vartija.<\/p><p><strong>Mytologinen asema<\/strong><\/p><p>Ei klassinen jumalatar roomalaisessa mieless\u00e4, vaan esikristillinen alkuvoima. Kristinuskon my\u00f6t\u00e4 uudelleentulkittu noidaksi tai pyh\u00e4ksi (Sheela-na-Gig-yhteyksi\u00e4) menett\u00e4m\u00e4tt\u00e4 myyttist\u00e4 ulottuvuuttaan. Moderneissa uuspaganismeissa uudelleen palvottu.<\/p><p><strong>Ulkon\u00e4k\u00f6 ja symboliikka<\/strong><\/p><p>Cailleach kuvataan valtavana, ikivanhana naisena, jolla on ryppyiset kasvot. Joskus h\u00e4nell\u00e4 on vain yksi silm\u00e4. H\u00e4n k\u00e4ytt\u00e4\u00e4 sinist\u00e4 tai vihre\u00e4\u00e4 viittaa ja sauvaa. H\u00e4nen askeleensa muovasivat vuoret ja laaksot. Kivi ja talvi ovat h\u00e4nen symbolinsa.<\/p>\t\t\t\t\t\t\t\t<\/div>\n\t\t\t\t<\/div>\n\t\t\t\t\t<\/div>\n\t\t\t\t<\/div>\n\t\t<div class=\"elementor-element elementor-element-44e71476 e-flex e-con-boxed e-con e-parent\" data-id=\"44e71476\" data-element_type=\"container\" data-e-type=\"container\">\n\t\t\t\t\t<div class=\"e-con-inner\">\n\t\t\t\t<div class=\"elementor-element elementor-element-3c1fc3f0 elementor-widget elementor-widget-heading\" data-id=\"3c1fc3f0\" data-element_type=\"widget\" data-e-type=\"widget\" data-widget_type=\"heading.default\">\n\t\t\t\t\t<h2 class=\"elementor-heading-title elementor-size-default\">Tietokortti: Cailleach<\/h2>\t\t\t\t<\/div>\n\t\t<div class=\"elementor-element elementor-element-84f33b8e e-con-full e-flex e-con e-child\" data-id=\"84f33b8e\" data-element_type=\"container\" data-e-type=\"container\">\n\t\t\t\t<div class=\"elementor-element elementor-element-hqkdc67p elementor-widget elementor-widget-text-editor\" data-id=\"hqkdc67p\" data-element_type=\"widget\" data-e-type=\"widget\" data-widget_type=\"text-editor.default\">\n\t\t\t\t\t\t\t\t\t<p>Cailleachin t\u00e4rkeimm\u00e4t piirteet yhdell\u00e4 silm\u00e4yksell\u00e4.<\/p>\t\t\t\t\t\t\t\t<\/div>\n\t\t\t\t<\/div>\n\t\t<div class=\"elementor-element elementor-element-pemmx7c5 e-con-full e-flex e-con e-child\" data-id=\"pemmx7c5\" data-element_type=\"container\" data-e-type=\"container\">\n\t\t<div class=\"elementor-element elementor-element-pemmx7c1 e-con-full e-flex e-con e-child\" data-id=\"pemmx7c1\" data-element_type=\"container\" data-e-type=\"container\">\n\t\t<div class=\"elementor-element elementor-element-qh9oavvu iwg-steckbrief-card e-flex e-con-boxed e-con e-child\" data-id=\"qh9oavvu\" data-element_type=\"container\" data-e-type=\"container\">\n\t\t\t\t\t<div class=\"e-con-inner\">\n\t\t\t\t<div class=\"elementor-element elementor-element-awzx8k2k elementor-widget elementor-widget-heading\" data-id=\"awzx8k2k\" data-element_type=\"widget\" data-e-type=\"widget\" data-widget_type=\"heading.default\">\n\t\t\t\t\t<div class=\"elementor-heading-title elementor-size-default\">Alkuper\u00e4<\/div>\t\t\t\t<\/div>\n\t\t\t\t<div class=\"elementor-element elementor-element-x6rowhv0 elementor-widget elementor-widget-text-editor\" data-id=\"x6rowhv0\" data-element_type=\"widget\" data-e-type=\"widget\" data-widget_type=\"text-editor.default\">\n\t\t\t\t\t\t\t\t\t<p>Esikristillinen alkuvoima; mahdollinen kelttil\u00e4isten jumalattarien esi\u00e4iti. Maiseman muovaaja, talvijumalatar, villin luonnon vartija.<\/p>\t\t\t\t\t\t\t\t<\/div>\n\t\t\t\t\t<\/div>\n\t\t\t\t<\/div>\n\t\t<div class=\"elementor-element elementor-element-8e3o4kxs iwg-steckbrief-card e-flex e-con-boxed e-con e-child\" data-id=\"8e3o4kxs\" data-element_type=\"container\" data-e-type=\"container\">\n\t\t\t\t\t<div class=\"e-con-inner\">\n\t\t\t\t<div class=\"elementor-element elementor-element-08rkdgov elementor-widget elementor-widget-heading\" data-id=\"08rkdgov\" data-element_type=\"widget\" data-e-type=\"widget\" data-widget_type=\"heading.default\">\n\t\t\t\t\t<div class=\"elementor-heading-title elementor-size-default\">Kohdistuu<\/div>\t\t\t\t<\/div>\n\t\t\t\t<div class=\"elementor-element elementor-element-uwjelx8s elementor-widget elementor-widget-text-editor\" data-id=\"uwjelx8s\" data-element_type=\"widget\" data-e-type=\"widget\" data-widget_type=\"text-editor.default\">\n\t\t\t\t\t\t\t\t\t<p>Koko yhteis\u00f6 vuodenkierrossa, erityisesti paimenet ja maaseudun asukkaat, jotka ovat riippuvaisia s\u00e4\u00e4st\u00e4 ja talvesta.<\/p>\t\t\t\t\t\t\t\t<\/div>\n\t\t\t\t\t<\/div>\n\t\t\t\t<\/div>\n\t\t<div class=\"elementor-element elementor-element-jm2n74ec iwg-steckbrief-card e-flex e-con-boxed e-con e-child\" data-id=\"jm2n74ec\" data-element_type=\"container\" data-e-type=\"container\">\n\t\t\t\t\t<div class=\"e-con-inner\">\n\t\t\t\t<div class=\"elementor-element elementor-element-8vufse4c elementor-widget elementor-widget-heading\" data-id=\"8vufse4c\" data-element_type=\"widget\" data-e-type=\"widget\" data-widget_type=\"heading.default\">\n\t\t\t\t\t<div class=\"elementor-heading-title elementor-size-default\">Ulkomuoto<\/div>\t\t\t\t<\/div>\n\t\t\t\t<div class=\"elementor-element elementor-element-mwb9u015 elementor-widget elementor-widget-text-editor\" data-id=\"mwb9u015\" data-element_type=\"widget\" data-e-type=\"widget\" data-widget_type=\"text-editor.default\">\n\t\t\t\t\t\t\t\t\t<p>Vanha nainen sauvan kanssa, joskus sinihipi\u00e4inen, ruskeahampainen, yksisilm\u00e4inen. Muodonmuutoskykyinen: nuori kuningatar, kaunotar, kallio. Peura tai lehm\u00e4 seuralaisena.<\/p>\t\t\t\t\t\t\t\t<\/div>\n\t\t\t\t\t<\/div>\n\t\t\t\t<\/div>\n\t\t\t\t<\/div>\n\t\t<div class=\"elementor-element elementor-element-pemmx7c2 e-con-full e-flex e-con e-child\" data-id=\"pemmx7c2\" data-element_type=\"container\" data-e-type=\"container\">\n\t\t<div class=\"elementor-element elementor-element-37ss2yr6 iwg-steckbrief-card e-flex e-con-boxed e-con e-child\" data-id=\"37ss2yr6\" data-element_type=\"container\" data-e-type=\"container\">\n\t\t\t\t\t<div class=\"e-con-inner\">\n\t\t\t\t<div class=\"elementor-element elementor-element-3v0wp3wx elementor-widget elementor-widget-heading\" data-id=\"3v0wp3wx\" data-element_type=\"widget\" data-e-type=\"widget\" data-widget_type=\"heading.default\">\n\t\t\t\t\t<div class=\"elementor-heading-title elementor-size-default\">Teht\u00e4v\u00e4<\/div>\t\t\t\t<\/div>\n\t\t\t\t<div class=\"elementor-element elementor-element-w3247g2m elementor-widget elementor-widget-text-editor\" data-id=\"w3247g2m\" data-element_type=\"widget\" data-e-type=\"widget\" data-widget_type=\"text-editor.default\">\n\t\t\t\t\t\t\t\t\t<p>Muovaa maisemaa, tuo talven, j\u00e4\u00e4dytt\u00e4\u00e4 maan. Ambivalentti: samanaikaisesti tuhoava ja maailmaa yll\u00e4pit\u00e4v\u00e4. Kev\u00e4\u00e4ll\u00e4 muuttuu kiveksi tai nuortuu.<\/p>\t\t\t\t\t\t\t\t<\/div>\n\t\t\t\t\t<\/div>\n\t\t\t\t<\/div>\n\t\t<div class=\"elementor-element elementor-element-0qpjal9w iwg-steckbrief-card e-flex e-con-boxed e-con e-child\" data-id=\"0qpjal9w\" data-element_type=\"container\" data-e-type=\"container\">\n\t\t\t\t\t<div class=\"e-con-inner\">\n\t\t\t\t<div class=\"elementor-element elementor-element-6ndoih0o elementor-widget elementor-widget-heading\" data-id=\"6ndoih0o\" data-element_type=\"widget\" data-e-type=\"widget\" data-widget_type=\"heading.default\">\n\t\t\t\t\t<div class=\"elementor-heading-title elementor-size-default\">Cailleachin torjuntakeinot<\/div>\t\t\t\t<\/div>\n\t\t\t\t<div class=\"elementor-element elementor-element-6684tyh9 elementor-widget elementor-widget-text-editor\" data-id=\"6684tyh9\" data-element_type=\"widget\" data-e-type=\"widget\" data-widget_type=\"text-editor.default\">\n\t\t\t\t\t\t\t\t\t<p>Ei torjuntaa, vaan kunnioitusta ja rituaalista tunnustamista. Tiettyj\u00e4 kasveja (pihlaja, piikkipensas) ja paikkoja (Cailleach-kivet) kunnioitetaan lahjoin.<\/p>\t\t\t\t\t\t\t\t<\/div>\n\t\t\t\t\t<\/div>\n\t\t\t\t<\/div>\n\t\t<div class=\"elementor-element elementor-element-3lfi7x32 iwg-steckbrief-card e-flex e-con-boxed e-con e-child\" data-id=\"3lfi7x32\" data-element_type=\"container\" data-e-type=\"container\">\n\t\t\t\t\t<div class=\"e-con-inner\">\n\t\t\t\t<div class=\"elementor-element elementor-element-0kg99ga1 elementor-widget elementor-widget-heading\" data-id=\"0kg99ga1\" data-element_type=\"widget\" data-e-type=\"widget\" data-widget_type=\"heading.default\">\n\t\t\t\t\t<div class=\"elementor-heading-title elementor-size-default\">Vastineet<\/div>\t\t\t\t<\/div>\n\t\t\t\t<div class=\"elementor-element elementor-element-n0fum6kp elementor-widget elementor-widget-text-editor\" data-id=\"n0fum6kp\" data-element_type=\"widget\" data-e-type=\"widget\" data-widget_type=\"text-editor.default\">\n\t\t\t\t\t\t\t\t\t<p>Funktionaalisesti sukua irlantilaiselle M\u00f3rr\u00edganille ja B\u00e9findille kohtalon vanhoina muovaajina; <a href=\"https:\/\/iwell-guard.com\/fi\/?page_id=143872\">Baba Jagalle<\/a> (slaavilainen) mets\u00e4n ja initiaation noitana; germaaniselle Frau Holle\/Holdalle; pohjoisamerikkalaiselle iso\u00e4iti-h\u00e4m\u00e4h\u00e4kille (hopi\/cherokee). Kelttil\u00e4is-skotlantilaisella alueella Cailleach sulautuu paikallisiin vuoristohenkiin; Hekate kreikkalaisen perinteen vastineena jakaa saman \u00f6isen, kynnyksiin liittyv\u00e4n vallan profiilin.<\/p>\t\t\t\t\t\t\t\t<\/div>\n\t\t\t\t\t<\/div>\n\t\t\t\t<\/div>\n\t\t\t\t<\/div>\n\t\t\t\t<\/div>\n\t\t\t\t\t<\/div>\n\t\t\t\t<\/div>\n\t\t<div class=\"elementor-element elementor-element-7533bc7a e-flex e-con-boxed e-con e-parent\" data-id=\"7533bc7a\" data-element_type=\"container\" data-e-type=\"container\">\n\t\t\t\t\t<div class=\"e-con-inner\">\n\t\t\t\t<div class=\"elementor-element elementor-element-2447d18d elementor-widget elementor-widget-heading\" data-id=\"2447d18d\" data-element_type=\"widget\" data-e-type=\"widget\" data-widget_type=\"heading.default\">\n\t\t\t\t\t<h2 class=\"elementor-heading-title elementor-size-default\">Kultti ja kansanperinne<\/h2>\t\t\t\t<\/div>\n\t\t<div class=\"elementor-element elementor-element-d5d0260c e-con-full e-flex e-con e-child\" data-id=\"d5d0260c\" data-element_type=\"container\" data-e-type=\"container\">\n\t\t\t\t<div class=\"elementor-element elementor-element-341be2ac elementor-widget elementor-widget-text-editor\" data-id=\"341be2ac\" data-element_type=\"widget\" data-e-type=\"widget\" data-widget_type=\"text-editor.default\">\n\t\t\t\t\t\t\t\t\t<p><strong>Vuodenaikaiset riitit<\/strong><\/p><p>Samhain (31.10.\/1.11.) h\u00e4nen valtansa alkuna, Beltane (1.5.) sen loppuna. Joillakin alueilla Imbolcina (1.2., Brigidin p\u00e4iv\u00e4) n\u00e4yteltiin h\u00e4nen kohtaamisensa nuoren Brigidin kanssa: vanha nainen ker\u00e4\u00e4 polttopuita pitk\u00e4\u00e4 tai lyhytt\u00e4 talvea varten, s\u00e4\u00e4st\u00e4 riippuen.<\/p><p><strong>Paikkaan sidotut kultit<\/strong><\/p><p>Satoja Cailleach-paikkoja Irlannissa ja Skotlannissa. Cailleach-kivi\u00e4, Cailleach-huippuja ja Cailleach-luolia kunnioitetaan edelleen. Jotkut viljelij\u00e4t j\u00e4tt\u00e4v\u00e4t pelloille kaistaleen viljaa korjaamatta \u201dCailleachin osuutena\u201d.<\/p><p><strong>S\u00e4\u00e4n tulkinta<\/strong><\/p><p>Skotlannin helmikuu tuo h\u00e4nen viimeiset myrskyns\u00e4; \u201dCailleach-myrskyll\u00e4\u201d on omat s\u00e4\u00e4tunnusmerkkins\u00e4. Joulun j\u00e4lkeisten kahdentoista p\u00e4iv\u00e4n, \u201dCailleach-p\u00e4ivien\u201d, s\u00e4\u00e4t\u00e4 tulkitaan ennusteena seuraaville kahdelletoista kuukaudelle.<\/p>\t\t\t\t\t\t\t\t<\/div>\n\t\t\t\t<\/div>\n\t\t\t\t\t<\/div>\n\t\t\t\t<\/div>\n\t\t<div class=\"elementor-element elementor-element-5a584676 e-flex e-con-boxed e-con e-parent\" data-id=\"5a584676\" data-element_type=\"container\" data-e-type=\"container\">\n\t\t\t\t\t<div class=\"e-con-inner\">\n\t\t\t\t<div class=\"elementor-element elementor-element-6d0757bf elementor-widget elementor-widget-heading\" data-id=\"6d0757bf\" data-element_type=\"widget\" data-e-type=\"widget\" data-widget_type=\"heading.default\">\n\t\t\t\t\t<h2 class=\"elementor-heading-title elementor-size-default\">Rinnakkaisuudet ja nykyaika<\/h2>\t\t\t\t<\/div>\n\t\t<div class=\"elementor-element elementor-element-60563f68 e-con-full e-flex e-con e-child\" data-id=\"60563f68\" data-element_type=\"container\" data-e-type=\"container\">\n\t\t\t\t<div class=\"elementor-element elementor-element-5a93fdd6 elementor-widget elementor-widget-text-editor\" data-id=\"5a93fdd6\" data-element_type=\"widget\" data-e-type=\"widget\" data-widget_type=\"text-editor.default\">\n\t\t\t\t\t\t\t\t\t<p><strong>Eurooppalaiset rinnakkaisuudet:<\/strong> Perchta ja Hulda germaanisessa perinteess\u00e4 ovat funktionaalisesti l\u00e4heisi\u00e4: vanhoja naisia, joilla on yhteys talveen, kaksijakoisen vaarallisia. Baba Jaga slaavilaisella alueella jakaa samoja piirteit\u00e4: vanha nainen, oma maailma, v\u00e4litila suojelijan ja uhan v\u00e4lill\u00e4.<\/p><p><strong>Uuspagaaninen omaksuminen:<\/strong> Nykyaikaisessa wiccassa ja kelttil\u00e4isess\u00e4 uuspaganismissa Cailleachia palvotaan yhten\u00e4 \u201dkolmiyhteisen jumalattaren\u201d (neito-\u00e4iti-vanha nainen) vanhan naisen ilmentym\u00e4n\u00e4. T\u00e4m\u00e4 tulkinta on moderni ja synkretistinen, ei historiallis-kelttil\u00e4inen, mutta sill\u00e4 on omat perusteensa.<\/p><p><strong>Kirjallisuus ja kulttuuri:<\/strong> Irlantilainen nykykirjallisuus (Nuala N\u00ed Dhomhnaill) k\u00e4sittelee Cailleachia naisellisen kaksijakoisuuden <span class=\"iwg-fachbegriff\" data-tooltip=\"Merkki, joka edustaa jotakin ajatusta tai merkityst\u00e4.\" tabindex=\"0\">symbolina<\/span>. Skotlantilainen kulttuuriliike vetoaa h\u00e4neen identiteetti\u00e4 rakentavana hahmona.<\/p>\t\t\t\t\t\t\t\t<\/div>\n\t\t\t\t<\/div>\n\t\t\t\t\t<\/div>\n\t\t\t\t<\/div>\n\t\t<div class=\"elementor-element elementor-element-cp39ff509 e-flex e-con-boxed e-con e-parent\" data-id=\"cp39ff509\" data-element_type=\"container\" data-e-type=\"container\">\n\t\t\t\t\t<div class=\"e-con-inner\">\n\t\t\t\t<div class=\"elementor-element elementor-element-cp9063709 elementor-widget elementor-widget-heading\" data-id=\"cp9063709\" data-element_type=\"widget\" data-e-type=\"widget\" data-widget_type=\"heading.default\">\n\t\t\t\t\t<h2 class=\"elementor-heading-title elementor-size-default\">Cailleach maiseman muovaajana<\/h2>\t\t\t\t<\/div>\n\t\t<div class=\"elementor-element elementor-element-cpa62624f e-con-full e-flex e-con e-child\" data-id=\"cpa62624f\" data-element_type=\"container\" data-e-type=\"container\">\n\t\t\t\t<div class=\"elementor-element elementor-element-cpc3026f6 elementor-widget elementor-widget-text-editor\" data-id=\"cpc3026f6\" data-element_type=\"widget\" data-e-type=\"widget\" data-widget_type=\"text-editor.default\">\n\t\t\t\t\t\t\t\t\t<p>Skotlannin ja Irlannin gaelilaisessa <span class=\"iwg-fachbegriff\" data-tooltip=\"Tiedon ja tarinoiden v\u00e4littyminen sukupolvien yli.\" tabindex=\"0\">perinteess\u00e4<\/span> Cailleach ei ole vain tarinoiden hahmo, vaan itse maiseman selitt\u00e4v\u00e4 voima. Lukuisat vuoret, kummut, kalliomuodostumat ja saaret tulkitaan paikallisissa taruissa h\u00e4nen ty\u00f6kseen.<\/p><p>H\u00e4nen kerrotaan pudottaneen kivi\u00e4 esiliinastaan ja muodostaneen niin vuorijonoja, tai muovanneen laaksoja vasaralla. T\u00e4llaisia selitt\u00e4vi\u00e4 tarinoita on hajallaan Skotlannin yl\u00e4mailla, Hebridien saarilla ja osissa Irlantia.<\/p><p>Erityisen hyvin dokumentoitu esimerkki on Corryvreckanin py\u00f6rre Juran ja Scarban saarten v\u00e4liss\u00e4.<\/p><p>Yleinen <span class=\"iwg-fachbegriff\" data-tooltip=\"Perinteinen kertomus, jolla on usein historiallinen ydin ja ihmeellisi\u00e4 piirteit\u00e4.\" tabindex=\"0\">taru<\/span> selitt\u00e4\u00e4 kuohuvan veden sill\u00e4, ett\u00e4 Cailleach pesee syksyll\u00e4 siell\u00e4 viittaansa, ja kun se on pesty, se on valkoinen, ja ensimm\u00e4inen lumi peitt\u00e4\u00e4 maan. T\u00e4m\u00e4 kertomus yhdist\u00e4\u00e4 Cailleachin vuodenaikaiseen siirtym\u00e4\u00e4n talveen.<\/p><p>Kansanperinteen tutkimus, esimerkiksi Donald Mackenzien 1900-luvun alun t\u00f6iss\u00e4 ja kriittisemmin uudemmissa tutkimuksissa, on t\u00e4st\u00e4 syyst\u00e4 lukenut Cailleachin villin, esi-inhimillisen luonnon persoonallistumana. H\u00e4n on ihmisi\u00e4 vanhempi, osin vanhempi kuin nimetyt jumalat, ja h\u00e4n ilment\u00e4\u00e4 vuoristoa, myrsky\u00e4 ja kylm\u00e4\u00e4 vuodenaikaa.<\/p><p>Menetelm\u00e4llinen varovaisuus on t\u00e4rke\u00e4\u00e4: suuri osa siit\u00e4, mik\u00e4 nyky\u00e4\u00e4n n\u00e4ytt\u00e4ytyy yhten\u00e4isen\u00e4 Cailleach-<span class=\"iwg-fachbegriff\" data-tooltip=\"Kulttuurin perinteisten jumaltarinoiden kokonaisuus.\" tabindex=\"0\">mytologiana<\/span>, on yhdistetty j\u00e4rjestelm\u00e4ksi vasta 1800- ja 1900-luvun ker\u00e4ilij\u00f6iden toimesta.<\/p>\t\t\t\t\t\t\t\t<\/div>\n\t\t\t\t<\/div>\n\t\t\t\t\t<\/div>\n\t\t\t\t<\/div>\n\t\t<div class=\"elementor-element elementor-element-cp4708569 e-flex e-con-boxed e-con e-parent\" data-id=\"cp4708569\" data-element_type=\"container\" data-e-type=\"container\">\n\t\t\t\t\t<div class=\"e-con-inner\">\n\t\t\t\t<div class=\"elementor-element elementor-element-cp2629f04 elementor-widget elementor-widget-heading\" data-id=\"cp2629f04\" data-element_type=\"widget\" data-e-type=\"widget\" data-widget_type=\"heading.default\">\n\t\t\t\t\t<h2 class=\"elementor-heading-title elementor-size-default\">Cailleach ja Brigid: kiista vuodesta<\/h2>\t\t\t\t<\/div>\n\t\t<div class=\"elementor-element elementor-element-cp2e76df6 e-con-full e-flex e-con e-child\" data-id=\"cp2e76df6\" data-element_type=\"container\" data-e-type=\"container\">\n\t\t\t\t<div class=\"elementor-element elementor-element-cpcdcc72e elementor-widget elementor-widget-text-editor\" data-id=\"cpcdcc72e\" data-element_type=\"widget\" data-e-type=\"widget\" data-widget_type=\"text-editor.default\">\n\t\t\t\t\t\t\t\t\t<p>Skotlannissa ja Irlannissa yleinen k\u00e4sitys asettaa Cailleachin vastakkain kev\u00e4\u00e4n hahmon kanssa, jota usein kutsutaan Brigidiksi.<\/p><p>T\u00e4m\u00e4n kerrontaperinteen mukaan Cailleach hallitsee talvikuukausia, <em>Samhainista<\/em> marraskuun alussa <em>Bealtaineen<\/em> toukokuun alkuun. Kev\u00e4\u00e4n alkaessa h\u00e4nen valtansa p\u00e4\u00e4ttyy, ja joissakin versioissa Cailleach muuttuu kiveksi tai menee nuoruuden l\u00e4hteelle, josta h\u00e4n nousee uudistuneena esiin.<\/p><p>Usein mainittu yksityiskohta liittyy juhlaan <em>L\u00e0 Fh\u00e8ill Br\u00ecghde<\/em>, Brigidin p\u00e4iv\u00e4\u00e4n helmikuun alussa. Jos p\u00e4iv\u00e4 on aurinkoinen ja kirkas, kerrotaan Cailleachin olevan matkalla ker\u00e4\u00e4m\u00e4ss\u00e4 polttopuita talven pitk\u00e4\u00e4 ja ankaraa loppua varten, mink\u00e4 takia hyv\u00e4 s\u00e4\u00e4 tuona p\u00e4iv\u00e4n\u00e4 on paha enne.<\/p><p>Jos p\u00e4iv\u00e4 on sen sijaan pilvinen, Cailleach on nukkunut liikaa, h\u00e4nen puuvarastonsa j\u00e4\u00e4 pieneksi ja talvi p\u00e4\u00e4ttyy pian. T\u00e4m\u00e4 s\u00e4\u00e4nn\u00f6nmukaisuus on rakenteellisesti sukua keskieurooppalaiselle murmeli- ja kynttil\u00e4np\u00e4iv\u00e4tavalle.<\/p><p>Uskontotieteellinen tulkinta on t\u00e4ss\u00e4 varovaisempi kuin kansanomaiset esitykset. Sit\u00e4, ajateltiinko Cailleachia ja Brigidi\u00e4 esikristillisen\u00e4 aikana todella yhden jumalattaren kahtena puolena tai kilpailevina hahmoina, ei voida varmuudella ratkaista l\u00e4hteiden pohjalta.<\/p><p>Vastakkainasettelu on rekonstruoitu suurelta osin my\u00f6hemm\u00e4st\u00e4 <span class=\"iwg-fachbegriff\" data-tooltip=\"Perinteinen kansankulttuuri tapoineen, tarinoineen ja lauluineen.\" tabindex=\"0\">kansanperinteest\u00e4<\/span>. Varmaa on ainoastaan, ett\u00e4 Cailleach oli el\u00e4v\u00e4ss\u00e4 kerrontaperinteess\u00e4 kiinte\u00e4sti yhteydess\u00e4 talvipuoliskoon.<\/p>\t\t\t\t\t\t\t\t<\/div>\n\t\t\t\t<\/div>\n\t\t\t\t\t<\/div>\n\t\t\t\t<\/div>\n\t\t<div class=\"elementor-element elementor-element-cpdb538b3 e-flex e-con-boxed e-con e-parent\" data-id=\"cpdb538b3\" data-element_type=\"container\" data-e-type=\"container\">\n\t\t\t\t\t<div class=\"e-con-inner\">\n\t\t\t\t<div class=\"elementor-element elementor-element-cpca8ff2a elementor-widget elementor-widget-heading\" data-id=\"cpca8ff2a\" data-element_type=\"widget\" data-e-type=\"widget\" data-widget_type=\"heading.default\">\n\t\t\t\t\t<h2 class=\"elementor-heading-title elementor-size-default\">Viimeinen lyhde ja sadonkorjuutapa<\/h2>\t\t\t\t<\/div>\n\t\t<div class=\"elementor-element elementor-element-cp62132ee e-con-full e-flex e-con e-child\" data-id=\"cp62132ee\" data-element_type=\"container\" data-e-type=\"container\">\n\t\t\t\t<div class=\"elementor-element elementor-element-cpd835c69 elementor-widget elementor-widget-text-editor\" data-id=\"cpd835c69\" data-element_type=\"widget\" data-e-type=\"widget\" data-widget_type=\"text-editor.default\">\n\t\t\t\t\t\t\t\t\t<p>Maisemamyyttien lis\u00e4ksi Cailleach liittyi Skotlannin yl\u00e4nk\u00f6alueilla ja Hebrideill\u00e4 konkreettiseen sadonkorjuutapaan, joka oli k\u00e4yt\u00f6ss\u00e4 1800-luvulle ja osin 1900-luvulle asti. Viimeist\u00e4 pellolta leikattua lyhdett\u00e4 kutsuttiin monilla seuduilla my\u00f6s nimell\u00e4 <em>Cailleach<\/em>, se Vanha.<\/p><p>Se, joka j\u00e4i viimeiseksi niitossa, sai Cailleachin osakseen, ja t\u00e4t\u00e4 pidettiin monin paikoin h\u00e4pe\u00e4llisen\u00e4, sill\u00e4 h\u00e4nen katsottiin joutuvan el\u00e4tt\u00e4m\u00e4\u00e4n tuottamattoman ruokailijan talven yli.<\/p><p>Cailleachin v\u00e4ltt\u00e4miseksi k\u00e4ytettiin useita keinoja. Niitt\u00e4j\u00e4t heittiv\u00e4t sirppins\u00e4 viimeiseen t\u00e4hk\u00e4tukkoon tai sitoivat sen nopeasti, jotta se saataisiin siirretty\u00e4 hidastelevalle naapurille.<\/p><p>Viimeinen lyhde saatettiin osin taitavasti punoa hahmon muotoon, s\u00e4ilytt\u00e4\u00e4 talossa ja antaa seuraavana kev\u00e4\u00e4n\u00e4 ensimm\u00e4iselle kylv\u00f6lle tai karjalle. N\u00e4in viljaan ajatellun voiman uskottiin s\u00e4ilyv\u00e4n talven yli ja siirtyv\u00e4n uuteen kiertoon.<\/p><p>James George Frazer esitti t\u00e4m\u00e4n <span class=\"iwg-fachbegriff\" data-tooltip=\"Eine \u00fcberlieferte, in einer Gemeinschaft regelm\u00e4\u00dfig wiederholte Handlung.\" tabindex=\"0\">tavan<\/span> teoksessaan <em>The Golden Bough<\/em> esimerkkin\u00e4 viljademonista, viljassa asuvasta voimasta, joka v\u00e4itetysti j\u00e4\u00e4 kiinni viimeiseen lyhteeseen.<\/p><p>Uudempi tutkimus suhtautuu ep\u00e4ilev\u00e4sti Frazerin laajaan malliin, mutta korostaa, ett\u00e4 Cailleach-sadonkorjuutapa on siit\u00e4 riippumatta hyvin dokumentoitu. Se esitt\u00e4\u00e4 Cailleachin t\u00e4ysin toisenlaisessa roolissa kuin mahtavana vuorten muotoilijana: arkisena, puoliksi pel\u00e4ttyn\u00e4 ja puoliksi pilkattuna hahmona maalaisty\u00f6n maailmassa.<\/p>\t\t\t\t\t\t\t\t<\/div>\n\t\t\t\t<\/div>\n\t\t\t\t\t<\/div>\n\t\t\t\t<\/div>\n\t\t<div class=\"elementor-element elementor-element-cp7788a48 e-flex e-con-boxed e-con e-parent\" data-id=\"cp7788a48\" data-element_type=\"container\" data-e-type=\"container\">\n\t\t\t\t\t<div class=\"e-con-inner\">\n\t\t\t\t<div class=\"elementor-element elementor-element-cpbf6b671 elementor-widget elementor-widget-heading\" data-id=\"cpbf6b671\" data-element_type=\"widget\" data-e-type=\"widget\" data-widget_type=\"heading.default\">\n\t\t\t\t\t<h2 class=\"elementor-heading-title elementor-size-default\">Etymologia ja l\u00e4hdeongelma<\/h2>\t\t\t\t<\/div>\n\t\t<div class=\"elementor-element elementor-element-cp36c0b44 e-con-full e-flex e-con e-child\" data-id=\"cp36c0b44\" data-element_type=\"container\" data-e-type=\"container\">\n\t\t\t\t<div class=\"elementor-element elementor-element-cpe9589af elementor-widget elementor-widget-text-editor\" data-id=\"cpe9589af\" data-element_type=\"widget\" data-e-type=\"widget\" data-widget_type=\"text-editor.default\">\n\t\t\t\t\t\t\t\t\t<p>Nimi <em>Cailleach<\/em> tarkoittaa skotlanninkielisess\u00e4 gaelissa ja irlannissa kirjaimellisesti verhottua tai vanhaa, vanhaa naista. Sana on johdettu sanasta <em>caille<\/em>, huntu, joka itse on lainaa latinan sanasta <em>pallium<\/em>.<\/p><p>Kielihistoriallisesti k\u00e4site on siis suhteellisen nuori ja kantoi alun perin merkityst\u00e4, joka viittasi verhottuun nunnaan tai yleisesti vanhaan naiseen. T\u00e4st\u00e4 seuraa t\u00e4rke\u00e4 metodologinen johtop\u00e4\u00e4t\u00f6s: nimi itsess\u00e4\u00e4n ei todista esikristillist\u00e4 jumalatarta, vaan on yleisnimi, jota sovellettiin eri hahmoihin.<\/p><p>Keskiaikainen irlantilainen runo <em>Cailleach Bh\u00e9arrasta<\/em>, Bearan Vanhasta, on yksi vanhimmista kirjallisista j\u00e4ljist\u00e4. Se on vanhan naisen valituslaulu menneest\u00e4 nuoruudesta ja kauneudesta, ja se ajoitetaan kahdeksannelle tai yhdeks\u00e4nnelle vuosisadalle.<\/p><p>Sit\u00e4, onko runossa puhuva hahmo mytologinen olento vai kirjallinen vanhuuden henkil\u00f6itym\u00e4, v\u00e4itell\u00e4\u00e4n kelttil\u00e4istutkimuksessa kiivaasti. Osa tutkijoista n\u00e4kee siin\u00e4 j\u00e4\u00e4nteen suvereniteettijumalattaresta, toiset lukevat runon ensisijaisesti kristillisen\u00e4 pohdintana katoavaisuudesta.<\/p><p>T\u00e4m\u00e4 l\u00e4hdetilanne selitt\u00e4\u00e4, miksi nykyinen Cailleach on niin moninainen. Yhten\u00e4ist\u00e4 kanonista <span class=\"iwg-fachbegriff\" data-tooltip=\"Eine \u00fcberlieferte Erz\u00e4hlung \u00fcber G\u00f6tter, Urspr\u00fcnge und die Ordnung der Welt.\" tabindex=\"0\">myytti\u00e4<\/span> ei ole. Sen sijaan sanaa k\u00e4ytettiin vuosisatojen kuluessa paikallisista vuorihengist\u00e4, s\u00e4\u00e4voimista sek\u00e4 sadonkorjuun ja luonnon henkil\u00f6itymist\u00e4, ja vasta 1800- ja 1900-luvun kansanperinteentutkijat kokosivat n\u00e4it\u00e4 s\u00e4ikeit\u00e4 yhdeksi hahmoksi.<\/p><p>Cailleachia tieteellisesti tutkivan on siksi erotettava toisistaan keskiaikaiset tekstit, alueellinen tarinaperinne ja moderni synteesi.<\/p>\t\t\t\t\t\t\t\t<\/div>\n\t\t\t\t<\/div>\n\t\t\t\t\t<\/div>\n\t\t\t\t<\/div>\n\t\t<div class=\"elementor-element elementor-element-36dd7469 e-flex e-con-boxed e-con e-parent\" data-id=\"36dd7469\" data-element_type=\"container\" data-e-type=\"container\">\n\t\t\t\t\t<div class=\"e-con-inner\">\n\t\t\t\t<div class=\"elementor-element elementor-element-13760ab4 elementor-widget elementor-widget-heading\" data-id=\"13760ab4\" data-element_type=\"widget\" data-e-type=\"widget\" data-widget_type=\"heading.default\">\n\t\t\t\t\t<h2 class=\"elementor-heading-title elementor-size-default\">Aiheeseen liittyv\u00e4t linkit<\/h2>\t\t\t\t<\/div>\n\t\t<div class=\"elementor-element elementor-element-28c87796 e-con-full e-flex e-con e-child\" data-id=\"28c87796\" data-element_type=\"container\" data-e-type=\"container\">\n\t\t\t\t<div class=\"elementor-element elementor-element-5d6538df elementor-widget elementor-widget-text-editor\" data-id=\"5d6538df\" data-element_type=\"widget\" data-e-type=\"widget\" data-widget_type=\"text-editor.default\">\n\t\t\t\t\t\t\t\t\t<p>Suositellut sis\u00e4iset linkit:<\/p><ul><li><a href=\"https:\/\/iwell-guard.com\/fi\/?page_id=143850\">Kelttil\u00e4inen<\/a><\/li><li><a href=\"https:\/\/iwell-guard.com\/fi\/?page_id=143867\">Banshee<\/a>, <a href=\"https:\/\/iwell-guard.com\/fi\/?page_id=143868\">Sluagh<\/a>, P\u00faca, <a href=\"https:\/\/iwell-guard.com\/fi\/?page_id=143871\">Dullahan<\/a><\/li><li>Morr\u00edgan, <a href=\"https:\/\/iwell-guard.com\/fi\/?page_id=144063\">Brigid<\/a> (kelttil\u00e4isi\u00e4 jumalattaria)<\/li><li><a href=\"https:\/\/iwell-guard.com\/fi\/?page_id=143872\">Baba Jaga<\/a> (slaavilainen vastine, yksityissivu tulossa)<\/li><li>Perchta\/Hulda (germaaniset vastineet)<\/li><\/ul>\t\t\t\t\t\t\t\t<\/div>\n\t\t\t\t<\/div>\n\t\t\t\t\t<\/div>\n\t\t\t\t<\/div>\n\t\t<div class=\"elementor-element elementor-element-grl4kl40 e-flex e-con-boxed e-con e-parent\" data-id=\"grl4kl40\" data-element_type=\"container\" data-e-type=\"container\">\n\t\t\t\t\t<div class=\"e-con-inner\">\n\t\t\t\t<div class=\"elementor-element elementor-element-bzsbfrmh elementor-widget elementor-widget-heading\" data-id=\"bzsbfrmh\" data-element_type=\"widget\" data-e-type=\"widget\" data-widget_type=\"heading.default\">\n\t\t\t\t\t<h2 class=\"elementor-heading-title elementor-size-default\">Kirjallisuus (valikoima)<\/h2>\t\t\t\t<\/div>\n\t\t<div class=\"elementor-element elementor-element-2c13224a e-con-full e-flex e-con e-child\" data-id=\"2c13224a\" data-element_type=\"container\" data-e-type=\"container\">\n\t\t\t\t<div class=\"elementor-element elementor-element-0eymh9ub elementor-widget elementor-widget-text-editor\" data-id=\"0eymh9ub\" data-element_type=\"widget\" data-e-type=\"widget\" data-widget_type=\"text-editor.default\">\n\t\t\t\t\t\t\t\t\t<footer class=\"iwg-literatur\" data-nosnippet=\"true\"><p>Valikoima keskeisi\u00e4 Cailleachia k\u00e4sittelevi\u00e4 teoksia:<\/p><ul><li><span data-nosnippet>McNeill, F. Marian: <em>The Silver Bough<\/em>. 4 Bde. Glasgow 1957, 68.<\/span><\/li><li><span data-nosnippet>\u00d3 h\u00d3g\u00e1in, D\u00e1ith\u00ed: <em>Myth, Legend and Romance<\/em>. New York 1991.<\/span><\/li><li><span data-nosnippet>Hull, Eleanor: \u201eLegends and Traditions of the Cailleach Bheara.&#8221; In: <em><span class=\"iwg-fachbegriff\" data-tooltip=\"Die \u00fcberlieferte Volkskultur mit Br\u00e4uchen, Erz\u00e4hlungen und Liedern.\" tabindex=\"0\">Folklore<\/span><\/em> 38 (1927).<\/span><\/li><li><span data-nosnippet>Monaghan, Patricia: <em>The Encyclopedia of Celtic Mythology and <span class=\"iwg-fachbegriff\" data-tooltip=\"Die \u00fcberlieferte Volkskultur mit Br\u00e4uchen, Erz\u00e4hlungen und Liedern.\" tabindex=\"0\">Folklore<\/span><\/em>. New York 2004.<\/span><\/li><\/ul><\/footer>\n<p class=\"iwg-bib-more\"><span data-nosnippet>Lis\u00e4\u00e4 perusteoksia <a href=\"https:\/\/iwell-guard.com\/fi\/?page_id=143965\">kirjallisuusluettelossa<\/a>.<\/span><\/p>\t\t\t\t\t\t\t\t<\/div>\n\t\t\t\t<\/div>\n\t\t\t\t\t<\/div>\n\t\t\t\t<\/div>\n\t\t<div class=\"elementor-element elementor-element-iwgkw-add-cailleach e-flex e-con-boxed e-con e-parent\" data-id=\"iwgkw-add-cailleach\" data-element_type=\"container\" data-e-type=\"container\">\n\t\t\t\t\t<div class=\"e-con-inner\">\n\t\t\t\t<div class=\"elementor-element elementor-element-iwgkw-add-cailleach-t elementor-widget elementor-widget-text-editor\" data-id=\"iwgkw-add-cailleach-t\" data-element_type=\"widget\" data-e-type=\"widget\" data-widget_type=\"text-editor.default\">\n\t\t\t\t\t\t\t\t\t<p>Verrattuna kelttil\u00e4isen jumaltaruston miespuolisiin jumaliin Cailleach esiintyy itsen\u00e4isen\u00e4 korkeajumalattarena, joka ilment\u00e4\u00e4 talvea, myrsky\u00e4 ja vuoristoa.<\/p><p>Siin\u00e4 miss\u00e4 tyypillinen kelttien jumala edustaa heimoa, sotaa tai k\u00e4sity\u00f6taitoa, h\u00e4n ilment\u00e4\u00e4 vanhempaa, maisemaan sidottua kerrostumaa: vuoret, kalliomuodostumat ja vuodenaikojen vaihtelu yhdistet\u00e4\u00e4n h\u00e4nen hahmoonsa Skotlannissa, Irlannissa ja Manin saarella.<\/p>\t\t\t\t\t\t\t\t<\/div>\n\t\t\t\t\t<\/div>\n\t\t\t\t<\/div>\n\t\t\t\t<\/div>\n\t\t","protected":false},"excerpt":{"rendered":"","protected":false},"author":3,"featured_media":1614,"parent":0,"menu_order":0,"comment_status":"closed","ping_status":"closed","template":"elementor_header_footer","meta":{"_yoast_wpseo_focuskw":"Cailleach","_yoast_wpseo_title":"Cailleach - vanha akka, talvijumalatar ja kallionmuovaaja","_yoast_wpseo_metadesc":"Cailleach, vanha akka, on kelttil\u00e4isen maailman talvijumalatar ja kallioiden muovaaja. Skotlanti, Irlanti, Mansaari: maiseman myytti ja Imbolc-p\u00e4iv\u00e4m\u00e4\u00e4r\u00e4.","_yoast_wpseo_meta-robots-noindex":"","_yoast_wpseo_canonical":"","_angie_page":false,"gefaehrdungsstufe":"3","wesen_kultur":"keltisch","wesen_klasse":"goetter","footnotes":""},"categories":[],"class_list":["post-143869","page","type-page","status-publish","has-post-thumbnail","hentry"],"yoast_head":"<!-- This site is optimized with the Yoast SEO Premium plugin v27.7 (Yoast SEO v28.3) - https:\/\/yoast.com\/product\/yoast-seo-premium-wordpress\/ -->\n<title>Cailleach - vanha akka, talvijumalatar ja kallionmuovaaja<\/title>\n<meta name=\"description\" content=\"Cailleach, vanha akka, on kelttil\u00e4isen maailman talvijumalatar ja kallioiden muovaaja. Skotlanti, Irlanti, Mansaari: maiseman myytti ja Imbolc-p\u00e4iv\u00e4m\u00e4\u00e4r\u00e4.\" \/>\n<meta name=\"robots\" content=\"index, follow, max-snippet:-1, max-image-preview:large, max-video-preview:-1\" \/>\n<link rel=\"canonical\" href=\"https:\/\/iwell-guard.com\/fi\/cailleach\/\" \/>\n<meta property=\"og:locale\" content=\"fi_FI\" \/>\n<meta property=\"og:type\" content=\"article\" \/>\n<meta property=\"og:title\" content=\"Cailleach\" \/>\n<meta property=\"og:description\" content=\"Cailleach, vanha akka, on kelttil\u00e4isen maailman talvijumalatar ja kallioiden muovaaja. Skotlanti, Irlanti, Mansaari: maiseman myytti ja Imbolc-p\u00e4iv\u00e4m\u00e4\u00e4r\u00e4.\" \/>\n<meta property=\"og:url\" content=\"https:\/\/iwell-guard.com\/fi\/cailleach\/\" \/>\n<meta property=\"og:site_name\" content=\"iWell Guard\" \/>\n<meta property=\"article:modified_time\" content=\"2026-09-03T12:44:39+00:00\" \/>\n<meta property=\"og:image\" content=\"https:\/\/iwell-guard.com\/wp-content\/uploads\/2026\/04\/goetter_keltisch_cailleach.webp\" \/>\n\t<meta property=\"og:image:width\" content=\"1024\" \/>\n\t<meta property=\"og:image:height\" content=\"1536\" \/>\n\t<meta property=\"og:image:type\" content=\"image\/webp\" \/>\n<meta name=\"twitter:card\" content=\"summary_large_image\" \/>\n<script type=\"application\/ld+json\" class=\"yoast-schema-graph\">{\"@context\":\"https:\\\/\\\/schema.org\",\"@graph\":[{\"@type\":\"WebPage\",\"@id\":\"https:\\\/\\\/iwell-guard.com\\\/fi\\\/cailleach\\\/\",\"url\":\"https:\\\/\\\/iwell-guard.com\\\/fi\\\/cailleach\\\/\",\"name\":\"Cailleach - vanha akka, talvijumalatar ja kallionmuovaaja\",\"isPartOf\":{\"@id\":\"https:\\\/\\\/iwell-guard.com\\\/fi\\\/#website\"},\"primaryImageOfPage\":{\"@id\":\"https:\\\/\\\/iwell-guard.com\\\/fi\\\/cailleach\\\/#primaryimage\"},\"image\":{\"@id\":\"https:\\\/\\\/iwell-guard.com\\\/fi\\\/cailleach\\\/#primaryimage\"},\"thumbnailUrl\":\"https:\\\/\\\/iwell-guard.com\\\/wp-content\\\/uploads\\\/2026\\\/04\\\/goetter_keltisch_cailleach.webp\",\"datePublished\":\"2026-09-03T12:29:24+00:00\",\"dateModified\":\"2026-09-03T12:44:39+00:00\",\"description\":\"Cailleach, vanha akka, on kelttil\u00e4isen maailman talvijumalatar ja kallioiden muovaaja. Skotlanti, Irlanti, Mansaari: maiseman myytti ja Imbolc-p\u00e4iv\u00e4m\u00e4\u00e4r\u00e4.\",\"breadcrumb\":{\"@id\":\"https:\\\/\\\/iwell-guard.com\\\/fi\\\/cailleach\\\/#breadcrumb\"},\"inLanguage\":\"fi\",\"potentialAction\":[{\"@type\":\"ReadAction\",\"target\":[\"https:\\\/\\\/iwell-guard.com\\\/fi\\\/cailleach\\\/\"]}]},{\"@type\":\"ImageObject\",\"inLanguage\":\"fi\",\"@id\":\"https:\\\/\\\/iwell-guard.com\\\/fi\\\/cailleach\\\/#primaryimage\",\"url\":\"https:\\\/\\\/iwell-guard.com\\\/wp-content\\\/uploads\\\/2026\\\/04\\\/goetter_keltisch_cailleach.webp\",\"contentUrl\":\"https:\\\/\\\/iwell-guard.com\\\/wp-content\\\/uploads\\\/2026\\\/04\\\/goetter_keltisch_cailleach.webp\",\"width\":1024,\"height\":1536,\"caption\":\"Kelttil\u00e4isen perinteen jumalia.\"},{\"@type\":\"BreadcrumbList\",\"@id\":\"https:\\\/\\\/iwell-guard.com\\\/fi\\\/cailleach\\\/#breadcrumb\",\"itemListElement\":[{\"@type\":\"ListItem\",\"position\":1,\"name\":\"Start\",\"item\":\"https:\\\/\\\/iwell-guard.com\\\/fi\\\/?page_id=143815\"},{\"@type\":\"ListItem\",\"position\":2,\"name\":\"Cailleach\"}]},{\"@type\":\"WebSite\",\"@id\":\"https:\\\/\\\/iwell-guard.com\\\/fi\\\/#website\",\"url\":\"https:\\\/\\\/iwell-guard.com\\\/fi\\\/\",\"name\":\"iWell Guard\",\"description\":\"Schutz vor dunklen Einfl\u00fcssen\",\"publisher\":{\"@id\":\"https:\\\/\\\/iwell-guard.com\\\/fi\\\/#organization\"},\"potentialAction\":[{\"@type\":\"SearchAction\",\"target\":{\"@type\":\"EntryPoint\",\"urlTemplate\":\"https:\\\/\\\/iwell-guard.com\\\/fi\\\/?s={search_term_string}\"},\"query-input\":{\"@type\":\"PropertyValueSpecification\",\"valueRequired\":true,\"valueName\":\"search_term_string\"}}],\"inLanguage\":\"fi\"},{\"@type\":\"Organization\",\"@id\":\"https:\\\/\\\/iwell-guard.com\\\/fi\\\/#organization\",\"name\":\"Ittermann electronic GmbH\",\"url\":\"https:\\\/\\\/iwell-guard.com\\\/fi\\\/\",\"logo\":{\"@type\":\"ImageObject\",\"inLanguage\":\"fi\",\"@id\":\"https:\\\/\\\/iwell-guard.com\\\/fi\\\/#\\\/schema\\\/logo\\\/image\\\/\",\"url\":\"https:\\\/\\\/iwell-guard.com\\\/wp-content\\\/uploads\\\/2026\\\/05\\\/Ittermann-Logo-1182x237-1.png\",\"contentUrl\":\"https:\\\/\\\/iwell-guard.com\\\/wp-content\\\/uploads\\\/2026\\\/05\\\/Ittermann-Logo-1182x237-1.png\",\"width\":1182,\"height\":237,\"caption\":\"Ittermann electronic GmbH\"},\"image\":{\"@id\":\"https:\\\/\\\/iwell-guard.com\\\/fi\\\/#\\\/schema\\\/logo\\\/image\\\/\"},\"sameAs\":[\"https:\\\/\\\/pantip.com\\\/profile\\\/9367242\",\"https:\\\/\\\/micro.blog\\\/iwellguard\",\"https:\\\/\\\/www.diggerslist.com\\\/iwellguard\\\/about\",\"https:\\\/\\\/skitterphoto.com\\\/photographers\\\/2870314\\\/iwell-guard\",\"https:\\\/\\\/iwellguard.wordpress.com\\\/2026\\\/06\\\/06\\\/iwell-guard\\\/\",\"https:\\\/\\\/hub.docker.com\\\/u\\\/iwellguard\",\"https:\\\/\\\/www.pinterest.com\\\/iwellguard\\\/\",\"https:\\\/\\\/bit.ly\\\/m\\\/iwellguard\",\"https:\\\/\\\/entre-vos-mains.alsace.eu\\\/profiles\\\/iwellguard\\\/activity\",\"https:\\\/\\\/gravatar.com\\\/reallybeded8fd34\",\"https:\\\/\\\/naijamatta.com\\\/iwellguard\",\"https:\\\/\\\/www.goodreads.com\\\/iwellguard\",\"https:\\\/\\\/profile.hatena.ne.jp\\\/iwellguard\\\/\",\"https:\\\/\\\/experiment.com\\\/users\\\/iwellguard\",\"https:\\\/\\\/wakelet.com\\\/@iWellGuard82270\",\"https:\\\/\\\/www.chordie.com\\\/forum\\\/profile.php?id=2555664\",\"https:\\\/\\\/www.instapaper.com\\\/p\\\/17757966\",\"https:\\\/\\\/www.mapleprimes.com\\\/users\\\/iwellguard\",\"https:\\\/\\\/businesslistingplus.com\\\/profile\\\/iwell-guard\\\/\",\"https:\\\/\\\/telegra.ph\\\/iWell-Guard-06-06\",\"https:\\\/\\\/pbase.com\\\/iwellguard\\\/iwellguard\",\"https:\\\/\\\/b.hatena.ne.jp\\\/iwellguard\\\/20260607#bookmark-4788405196491818882\",\"https:\\\/\\\/fliphtml5.com\\\/home\\\/iwellguard\",\"https:\\\/\\\/anyflip.com\\\/homepage\\\/cmiwl#About\",\"https:\\\/\\\/transfur.com\\\/Users\\\/iwellguard\",\"http:\\\/\\\/delphi.larsbo.org\\\/user\\\/iwellguard\",\"https:\\\/\\\/jobs.lajobsportal.org\\\/profiles\\\/8380803-iwell-guard\",\"https:\\\/\\\/md.chaosdorf.de\\\/s\\\/jfbe5SBdJD\",\"https:\\\/\\\/www.lingvolive.com\\\/en-us\\\/profile\\\/9ecaeaca-ce11-4e51-9e71-01d55e2bff36\\\/translations\",\"https:\\\/\\\/www.fitday.com\\\/fitness\\\/forums\\\/members\\\/iwellguard.html\",\"https:\\\/\\\/www.mymeetbook.com\\\/iwellguard\",\"https:\\\/\\\/pxhere.com\\\/en\\\/photographer-me\\\/5040798\",\"https:\\\/\\\/disqus.com\\\/by\\\/iwellguard\\\/about\\\/\",\"https:\\\/\\\/pastelink.net\\\/hjwciqwq\",\"https:\\\/\\\/pubhtml5.com\\\/homepage\\\/scjhn\\\/\",\"https:\\\/\\\/www.bitchute.com\\\/channel\\\/2O2eOKzNqujT\",\"https:\\\/\\\/audiomack.com\\\/iwellguard\"]},{\"@type\":\"Article\",\"@id\":\"https:\\\/\\\/iwell-guard.com\\\/fi\\\/cailleach\\\/#article\",\"isPartOf\":{\"@id\":\"https:\\\/\\\/iwell-guard.com\\\/fi\\\/cailleach\\\/\"},\"author\":{\"name\":\"Ralf Ittermann\",\"@id\":\"https:\\\/\\\/iwell-guard.com\\\/fi\\\/#\\\/schema\\\/person\\\/ee2a27f1cac3406c7c6fb5820cb7349f\"},\"headline\":\"Cailleach\",\"datePublished\":\"2026-09-03T12:29:24+00:00\",\"dateModified\":\"2026-09-03T12:44:39+00:00\",\"mainEntityOfPage\":{\"@id\":\"https:\\\/\\\/iwell-guard.com\\\/fi\\\/cailleach\\\/\"},\"publisher\":{\"@id\":\"https:\\\/\\\/iwell-guard.com\\\/fi\\\/#organization\"},\"image\":{\"@id\":\"https:\\\/\\\/iwell-guard.com\\\/fi\\\/cailleach\\\/#primaryimage\"},\"thumbnailUrl\":\"https:\\\/\\\/iwell-guard.com\\\/wp-content\\\/uploads\\\/2026\\\/04\\\/goetter_keltisch_cailleach.webp\",\"inLanguage\":\"fi\",\"description\":\"Cailleach, vanha akka, on kelttil\u00e4isen maailman talvijumalatar ja kallioiden muovaaja. Skotlanti, Irlanti, Mansaari: maiseman myytti ja Imbolc-p\u00e4iv\u00e4m\u00e4\u00e4r\u00e4.\"}]}<\/script>\n<!-- \/ Yoast SEO Premium plugin. -->","yoast_head_json":{"title":"Cailleach - vanha akka, talvijumalatar ja kallionmuovaaja","description":"Cailleach, vanha akka, on kelttil\u00e4isen maailman talvijumalatar ja kallioiden muovaaja. Skotlanti, Irlanti, Mansaari: maiseman myytti ja Imbolc-p\u00e4iv\u00e4m\u00e4\u00e4r\u00e4.","robots":{"index":"index","follow":"follow","max-snippet":"max-snippet:-1","max-image-preview":"max-image-preview:large","max-video-preview":"max-video-preview:-1"},"canonical":"https:\/\/iwell-guard.com\/fi\/cailleach\/","og_locale":"fi_FI","og_type":"article","og_title":"Cailleach","og_description":"Cailleach, vanha akka, on kelttil\u00e4isen maailman talvijumalatar ja kallioiden muovaaja. Skotlanti, Irlanti, Mansaari: maiseman myytti ja Imbolc-p\u00e4iv\u00e4m\u00e4\u00e4r\u00e4.","og_url":"https:\/\/iwell-guard.com\/fi\/cailleach\/","og_site_name":"iWell Guard","article_modified_time":"2026-09-03T12:44:39+00:00","og_image":[{"width":1024,"height":1536,"url":"https:\/\/iwell-guard.com\/wp-content\/uploads\/2026\/04\/goetter_keltisch_cailleach.webp","type":"image\/webp"}],"twitter_card":"summary_large_image","schema":{"@context":"https:\/\/schema.org","@graph":[{"@type":"Article","@id":"https:\/\/iwell-guard.com\/fi\/cailleach\/#article","isPartOf":{"@id":"https:\/\/iwell-guard.com\/fi\/cailleach\/"},"author":{"name":"Ralf Ittermann","@id":"https:\/\/iwell-guard.com\/fi\/#\/schema\/person\/ee2a27f1cac3406c7c6fb5820cb7349f"},"headline":"Cailleach","datePublished":"2026-09-03T12:29:24+00:00","dateModified":"2026-09-03T12:44:39+00:00","mainEntityOfPage":{"@id":"https:\/\/iwell-guard.com\/fi\/cailleach\/"},"publisher":{"@id":"https:\/\/iwell-guard.com\/fi\/#organization"},"image":{"@id":"https:\/\/iwell-guard.com\/fi\/cailleach\/#primaryimage"},"thumbnailUrl":"https:\/\/iwell-guard.com\/wp-content\/uploads\/2026\/04\/goetter_keltisch_cailleach.webp","inLanguage":"fi","description":"Cailleach, vanha akka, on kelttil\u00e4isen maailman talvijumalatar ja kallioiden muovaaja. Skotlanti, Irlanti, Mansaari: maiseman myytti ja Imbolc-p\u00e4iv\u00e4m\u00e4\u00e4r\u00e4."},{"@type":"WebPage","@id":"https:\/\/iwell-guard.com\/fi\/cailleach\/","url":"https:\/\/iwell-guard.com\/fi\/cailleach\/","name":"Cailleach - vanha akka, talvijumalatar ja kallionmuovaaja","isPartOf":{"@id":"https:\/\/iwell-guard.com\/fi\/#website"},"primaryImageOfPage":{"@id":"https:\/\/iwell-guard.com\/fi\/cailleach\/#primaryimage"},"image":{"@id":"https:\/\/iwell-guard.com\/fi\/cailleach\/#primaryimage"},"thumbnailUrl":"https:\/\/iwell-guard.com\/wp-content\/uploads\/2026\/04\/goetter_keltisch_cailleach.webp","datePublished":"2026-09-03T12:29:24+00:00","dateModified":"2026-09-03T12:44:39+00:00","description":"Cailleach, vanha akka, on kelttil\u00e4isen maailman talvijumalatar ja kallioiden muovaaja. Skotlanti, Irlanti, Mansaari: maiseman myytti ja Imbolc-p\u00e4iv\u00e4m\u00e4\u00e4r\u00e4.","breadcrumb":{"@id":"https:\/\/iwell-guard.com\/fi\/cailleach\/#breadcrumb"},"inLanguage":"fi","potentialAction":[{"@type":"ReadAction","target":["https:\/\/iwell-guard.com\/fi\/cailleach\/"]}]},{"@type":"ImageObject","inLanguage":"fi","@id":"https:\/\/iwell-guard.com\/fi\/cailleach\/#primaryimage","url":"https:\/\/iwell-guard.com\/wp-content\/uploads\/2026\/04\/goetter_keltisch_cailleach.webp","contentUrl":"https:\/\/iwell-guard.com\/wp-content\/uploads\/2026\/04\/goetter_keltisch_cailleach.webp","width":1024,"height":1536,"caption":"Kelttil\u00e4isen perinteen jumalia."},{"@type":"BreadcrumbList","@id":"https:\/\/iwell-guard.com\/fi\/cailleach\/#breadcrumb","itemListElement":[{"@type":"ListItem","position":1,"name":"Start","item":"https:\/\/iwell-guard.com\/fi\/?page_id=143815"},{"@type":"ListItem","position":2,"name":"Cailleach"}]},{"@type":"WebSite","@id":"https:\/\/iwell-guard.com\/fi\/#website","url":"https:\/\/iwell-guard.com\/fi\/","name":"iWell Guard","description":"Schutz vor dunklen Einfl\u00fcssen","publisher":{"@id":"https:\/\/iwell-guard.com\/fi\/#organization"},"potentialAction":[{"@type":"SearchAction","target":{"@type":"EntryPoint","urlTemplate":"https:\/\/iwell-guard.com\/fi\/?s={search_term_string}"},"query-input":{"@type":"PropertyValueSpecification","valueRequired":true,"valueName":"search_term_string"}}],"inLanguage":"fi"},{"@type":"Organization","@id":"https:\/\/iwell-guard.com\/fi\/#organization","name":"Ittermann electronic GmbH","url":"https:\/\/iwell-guard.com\/fi\/","logo":{"@type":"ImageObject","inLanguage":"fi","@id":"https:\/\/iwell-guard.com\/fi\/#\/schema\/logo\/image\/","url":"https:\/\/iwell-guard.com\/wp-content\/uploads\/2026\/05\/Ittermann-Logo-1182x237-1.png","contentUrl":"https:\/\/iwell-guard.com\/wp-content\/uploads\/2026\/05\/Ittermann-Logo-1182x237-1.png","width":1182,"height":237,"caption":"Ittermann electronic GmbH"},"image":{"@id":"https:\/\/iwell-guard.com\/fi\/#\/schema\/logo\/image\/"},"sameAs":["https:\/\/pantip.com\/profile\/9367242","https:\/\/micro.blog\/iwellguard","https:\/\/www.diggerslist.com\/iwellguard\/about","https:\/\/skitterphoto.com\/photographers\/2870314\/iwell-guard","https:\/\/iwellguard.wordpress.com\/2026\/06\/06\/iwell-guard\/","https:\/\/hub.docker.com\/u\/iwellguard","https:\/\/www.pinterest.com\/iwellguard\/","https:\/\/bit.ly\/m\/iwellguard","https:\/\/entre-vos-mains.alsace.eu\/profiles\/iwellguard\/activity","https:\/\/gravatar.com\/reallybeded8fd34","https:\/\/naijamatta.com\/iwellguard","https:\/\/www.goodreads.com\/iwellguard","https:\/\/profile.hatena.ne.jp\/iwellguard\/","https:\/\/experiment.com\/users\/iwellguard","https:\/\/wakelet.com\/@iWellGuard82270","https:\/\/www.chordie.com\/forum\/profile.php?id=2555664","https:\/\/www.instapaper.com\/p\/17757966","https:\/\/www.mapleprimes.com\/users\/iwellguard","https:\/\/businesslistingplus.com\/profile\/iwell-guard\/","https:\/\/telegra.ph\/iWell-Guard-06-06","https:\/\/pbase.com\/iwellguard\/iwellguard","https:\/\/b.hatena.ne.jp\/iwellguard\/20260607#bookmark-4788405196491818882","https:\/\/fliphtml5.com\/home\/iwellguard","https:\/\/anyflip.com\/homepage\/cmiwl#About","https:\/\/transfur.com\/Users\/iwellguard","http:\/\/delphi.larsbo.org\/user\/iwellguard","https:\/\/jobs.lajobsportal.org\/profiles\/8380803-iwell-guard","https:\/\/md.chaosdorf.de\/s\/jfbe5SBdJD","https:\/\/www.lingvolive.com\/en-us\/profile\/9ecaeaca-ce11-4e51-9e71-01d55e2bff36\/translations","https:\/\/www.fitday.com\/fitness\/forums\/members\/iwellguard.html","https:\/\/www.mymeetbook.com\/iwellguard","https:\/\/pxhere.com\/en\/photographer-me\/5040798","https:\/\/disqus.com\/by\/iwellguard\/about\/","https:\/\/pastelink.net\/hjwciqwq","https:\/\/pubhtml5.com\/homepage\/scjhn\/","https:\/\/www.bitchute.com\/channel\/2O2eOKzNqujT","https:\/\/audiomack.com\/iwellguard"]},{"@type":"Person","@id":"https:\/\/iwell-guard.com\/fi\/#\/schema\/person\/ee2a27f1cac3406c7c6fb5820cb7349f","name":"Ralf Ittermann","image":{"@type":"ImageObject","inLanguage":"fi","@id":"https:\/\/secure.gravatar.com\/avatar\/073c0153e350a5005b68eb752b445fea71f6b24a26da9449ad7e155e6b446c9d?s=96&d=mm&r=g","url":"https:\/\/secure.gravatar.com\/avatar\/073c0153e350a5005b68eb752b445fea71f6b24a26da9449ad7e155e6b446c9d?s=96&d=mm&r=g","contentUrl":"https:\/\/secure.gravatar.com\/avatar\/073c0153e350a5005b68eb752b445fea71f6b24a26da9449ad7e155e6b446c9d?s=96&d=mm&r=g","caption":"Ralf Ittermann"},"givenName":"Ralf","familyName":"Ittermann","jobTitle":"Gesch\u00e4ftsf\u00fchrer und redaktioneller Verantwortlicher","url":"https:\/\/iwell-guard.com\/fi\/author\/claude\/","description":"Ralf Ittermann ist Gesch\u00e4ftsf\u00fchrer der Ittermann electronic GmbH und redaktioneller Verantwortlicher des iWell-Guard-Lexikons. Er verbindet langj\u00e4hrige Erfahrung in der Pr\u00e4zisionsfertigung mit medialer Praxis und religionsgeschichtlicher Quellenarbeit.","worksFor":{"@type":"Organization","name":"Ittermann electronic GmbH","url":"https:\/\/ittermann.de\/","address":{"@type":"PostalAddress","streetAddress":"K\u00f6hlergasse 16-18","postalCode":"99842","addressLocality":"Ruhla","addressCountry":"DE"}},"knowsAbout":["Religionsgeschichte","Mythologie","Mediale Praxis","Energetische Diagnostik","Schutzpraxis","Volksglauben","Westliche Esoterik"]},{"@type":"Article","@id":"https:\/\/iwell-guard.com\/fi\/cailleach\/#article","isPartOf":{"@id":"https:\/\/iwell-guard.com\/fi\/cailleach\/"},"author":{"name":"Ralf Ittermann","@id":"https:\/\/iwell-guard.com\/fi\/#\/schema\/person\/ee2a27f1cac3406c7c6fb5820cb7349f"},"headline":"Cailleach","datePublished":"2026-09-03T12:29:24+00:00","dateModified":"2026-09-03T12:44:39+00:00","mainEntityOfPage":{"@id":"https:\/\/iwell-guard.com\/fi\/cailleach\/"},"publisher":{"@id":"https:\/\/iwell-guard.com\/fi\/#organization"},"image":{"@id":"https:\/\/iwell-guard.com\/fi\/cailleach\/#primaryimage"},"thumbnailUrl":"https:\/\/iwell-guard.com\/wp-content\/uploads\/2026\/04\/goetter_keltisch_cailleach.webp","inLanguage":"fi","description":"Cailleach, vanha akka, on kelttil\u00e4isen maailman talvijumalatar ja kallioiden muovaaja. Skotlanti, Irlanti, Mansaari: maiseman myytti ja Imbolc-p\u00e4iv\u00e4m\u00e4\u00e4r\u00e4."}]}},"_links":{"self":[{"href":"https:\/\/iwell-guard.com\/fi\/wp-json\/wp\/v2\/pages\/143869","targetHints":{"allow":["GET"]}}],"collection":[{"href":"https:\/\/iwell-guard.com\/fi\/wp-json\/wp\/v2\/pages"}],"about":[{"href":"https:\/\/iwell-guard.com\/fi\/wp-json\/wp\/v2\/types\/page"}],"author":[{"embeddable":true,"href":"https:\/\/iwell-guard.com\/fi\/wp-json\/wp\/v2\/users\/3"}],"replies":[{"embeddable":true,"href":"https:\/\/iwell-guard.com\/fi\/wp-json\/wp\/v2\/comments?post=143869"}],"version-history":[{"count":0,"href":"https:\/\/iwell-guard.com\/fi\/wp-json\/wp\/v2\/pages\/143869\/revisions"}],"wp:featuredmedia":[{"embeddable":true,"href":"https:\/\/iwell-guard.com\/fi\/wp-json\/wp\/v2\/media\/1614"}],"wp:attachment":[{"href":"https:\/\/iwell-guard.com\/fi\/wp-json\/wp\/v2\/media?parent=143869"}],"wp:term":[{"taxonomy":"category","embeddable":true,"href":"https:\/\/iwell-guard.com\/fi\/wp-json\/wp\/v2\/categories?post=143869"}],"curies":[{"name":"wp","href":"https:\/\/api.w.org\/{rel}","templated":true}]}}