{"id":143865,"date":"2026-09-03T12:29:22","date_gmt":"2026-09-03T12:29:22","guid":{"rendered":"https:\/\/iwell-guard.com\/?page_id=143865"},"modified":"2026-09-03T12:44:29","modified_gmt":"2026-09-03T12:44:29","slug":"troll","status":"publish","type":"page","link":"https:\/\/iwell-guard.com\/fi\/troll\/","title":{"rendered":"Troll"},"content":{"rendered":"\t\t<div data-elementor-type=\"wp-page\" data-elementor-id=\"143865\" class=\"elementor elementor-143865 elementor-1031\" data-elementor-post-type=\"page\">\n\t\t\t\t<div class=\"elementor-element elementor-element-10fdade e-flex e-con-boxed e-con e-parent\" data-id=\"10fdade\" data-element_type=\"container\" data-e-type=\"container\" data-settings=\"{&quot;background_background&quot;:&quot;classic&quot;}\">\n\t\t\t\t\t<div class=\"e-con-inner\">\n\t\t<div class=\"elementor-element elementor-element-herohlft0 e-flex e-con-boxed e-con e-child\" data-id=\"herohlft0\" data-element_type=\"container\" data-e-type=\"container\">\n\t\t\t\t\t<div class=\"e-con-inner\">\n\t\t<div class=\"elementor-element elementor-element-c3ceb64 e-con-full e-flex e-con e-child\" data-id=\"c3ceb64\" data-element_type=\"container\" data-e-type=\"container\">\n\t\t\t\t<div class=\"elementor-element elementor-element-96ae5e1 elementor-widget elementor-widget-heading\" data-id=\"96ae5e1\" data-element_type=\"widget\" data-e-type=\"widget\" data-widget_type=\"heading.default\">\n\t\t\t\t\t<h1 class=\"elementor-heading-title elementor-size-default\">Troll, germaanisen perinteen henki<\/h1>\t\t\t\t<\/div>\n\t\t\t\t<div class=\"elementor-element elementor-element-e45238a elementor-widget elementor-widget-text-editor\" data-id=\"e45238a\" data-element_type=\"widget\" data-e-type=\"widget\" data-widget_type=\"text-editor.default\">\n\t\t\t\t\t\t\t\t\t<p>Troll on germaanisen perinteen <span class=\"iwg-fachbegriff\" data-tooltip=\"Ruumiiton olento, jonka katsotaan vaikuttavan maailmassa.\" tabindex=\"0\">henki<\/span>.<\/p><p><strong>J\u00e4ttil\u00e4ism\u00e4inen vuoriolento, Eddan thursien ja kansantarinoiden peikkojen v\u00e4liss\u00e4.<\/strong><\/p>\t\t\t\t\t\t\t\t<\/div>\n\t\t\t\t<\/div>\n\t\t<div class=\"elementor-element elementor-element-klsbdg01 e-con-full e-flex e-con e-parent\" data-id=\"klsbdg01\" data-element_type=\"container\" data-e-type=\"container\">\n\t\t\t\t<div class=\"elementor-element elementor-element-klshtm01 elementor-widget elementor-widget-html\" data-id=\"klshtm01\" data-element_type=\"widget\" data-e-type=\"widget\" data-widget_type=\"html.default\">\n\t\t\t\t\t<div class=\"iwg-pill-row\"><span class=\"iwg-klasse-badge\" tabindex=\"0\" data-tooltip=\"Henki: Ruumiiton tai puoliruumiillinen olento, vainaja, luontohenki, kotihenki tai kynnyksen vartija. Vaikuttaa arkiel\u00e4m\u00e4ss\u00e4, usein sidottu paikkoihin tai perheisiin.\">Henki<\/span><a href=\"https:\/\/iwell-guard.com\/fi\/?page_id=143849\" class=\"iwg-kultur-badge\" tabindex=\"0\" data-tooltip=\"Pohjois- ja Keski-Euroopan esikristillinen jumalten ja henkien maailma.\">Germaaninen<\/a><a href=\"https:\/\/iwell-guard.com\/fi\/?page_id=143938\" class=\"iwg-tradition-badge\" tabindex=\"0\" data-tooltip=\"El\u00e4in-ihmisolento, jolla on muodonmuutoskyky, ihmissusimainen, kettu-, lintu- tai k\u00e4\u00e4rmehahmoinen.\">Muodonmuuttaja<\/a><\/div>\t\t\t\t<\/div>\n\t\t\t\t<\/div>\n\t\t<div class=\"elementor-element elementor-element-3f74855 e-con-full e-flex e-con e-child\" data-id=\"3f74855\" data-element_type=\"container\" data-e-type=\"container\">\n\t\t\t\t<div class=\"elementor-element elementor-element-1c30362 elementor-toc--minimized-on-tablet elementor-widget elementor-widget-table-of-contents\" data-id=\"1c30362\" data-element_type=\"widget\" data-e-type=\"widget\" data-settings=\"{&quot;exclude_headings_by_selector&quot;:[],&quot;no_headings_message&quot;:&quot;T\\u00e4lt\\u00e4 sivulta ei l\\u00f6ytynyt otsikoita.&quot;,&quot;headings_by_tags&quot;:[&quot;h2&quot;,&quot;h3&quot;],&quot;marker_view&quot;:&quot;bullets&quot;,&quot;icon&quot;:{&quot;value&quot;:&quot;fas fa-circle&quot;,&quot;library&quot;:&quot;fa-solid&quot;,&quot;rendered_tag&quot;:&quot;&lt;svg class=\\&quot;e-font-icon-svg e-fas-circle\\&quot; viewBox=\\&quot;0 0 512 512\\&quot; xmlns=\\&quot;http:\\\/\\\/www.w3.org\\\/2000\\\/svg\\&quot;&gt;&lt;path d=\\&quot;M256 8C119 8 8 119 8 256s111 248 248 248 248-111 248-248S393 8 256 8z\\&quot;&gt;&lt;\\\/path&gt;&lt;\\\/svg&gt;&quot;},&quot;minimize_box&quot;:&quot;yes&quot;,&quot;minimized_on&quot;:&quot;tablet&quot;,&quot;hierarchical_view&quot;:&quot;yes&quot;,&quot;min_height&quot;:{&quot;unit&quot;:&quot;px&quot;,&quot;size&quot;:&quot;&quot;,&quot;sizes&quot;:[]},&quot;min_height_tablet&quot;:{&quot;unit&quot;:&quot;px&quot;,&quot;size&quot;:&quot;&quot;,&quot;sizes&quot;:[]},&quot;min_height_mobile&quot;:{&quot;unit&quot;:&quot;px&quot;,&quot;size&quot;:&quot;&quot;,&quot;sizes&quot;:[]}}\" data-widget_type=\"table-of-contents.default\">\n\t\t\t\t\t\t\t\t\t<div class=\"elementor-toc__header\">\n\t\t\t\t\t\t<h2 class=\"elementor-toc__header-title\">\n\t\t\t\tSis\u00e4llysluettelo\t\t\t<\/h2>\n\t\t\t\t\t\t\t\t\t\t<div class=\"elementor-toc__toggle-button elementor-toc__toggle-button--expand\" role=\"button\" tabindex=\"0\" aria-controls=\"elementor-toc__1c30362\" aria-expanded=\"true\" aria-label=\"Open table of contents\"><svg aria-hidden=\"true\" class=\"e-font-icon-svg e-fas-chevron-down\" viewBox=\"0 0 448 512\" xmlns=\"http:\/\/www.w3.org\/2000\/svg\"><path d=\"M207.029 381.476L12.686 187.132c-9.373-9.373-9.373-24.569 0-33.941l22.667-22.667c9.357-9.357 24.522-9.375 33.901-.04L224 284.505l154.745-154.021c9.379-9.335 24.544-9.317 33.901.04l22.667 22.667c9.373 9.373 9.373 24.569 0 33.941L240.971 381.476c-9.373 9.372-24.569 9.372-33.942 0z\"><\/path><\/svg><\/div>\n\t\t\t\t<div class=\"elementor-toc__toggle-button elementor-toc__toggle-button--collapse\" role=\"button\" tabindex=\"0\" aria-controls=\"elementor-toc__1c30362\" aria-expanded=\"true\" aria-label=\"Close table of contents\"><svg aria-hidden=\"true\" class=\"e-font-icon-svg e-fas-chevron-up\" viewBox=\"0 0 448 512\" xmlns=\"http:\/\/www.w3.org\/2000\/svg\"><path d=\"M240.971 130.524l194.343 194.343c9.373 9.373 9.373 24.569 0 33.941l-22.667 22.667c-9.357 9.357-24.522 9.375-33.901.04L224 227.495 69.255 381.516c-9.379 9.335-24.544 9.317-33.901-.04l-22.667-22.667c-9.373-9.373-9.373-24.569 0-33.941L207.03 130.525c9.372-9.373 24.568-9.373 33.941-.001z\"><\/path><\/svg><\/div>\n\t\t\t\t\t<\/div>\n\t\t\t\t<div id=\"elementor-toc__1c30362\" class=\"elementor-toc__body\">\n\t\t\t<div class=\"elementor-toc__spinner-container\">\n\t\t\t\t<svg class=\"elementor-toc__spinner eicon-animation-spin e-font-icon-svg e-eicon-loading\" aria-hidden=\"true\" viewBox=\"0 0 1000 1000\" xmlns=\"http:\/\/www.w3.org\/2000\/svg\"><path d=\"M500 975V858C696 858 858 696 858 500S696 142 500 142 142 304 142 500H25C25 237 238 25 500 25S975 237 975 500 763 975 500 975Z\"><\/path><\/svg>\t\t\t<\/div>\n\t\t<\/div>\n\t\t\t\t\t\t<\/div>\n\t\t\t\t<\/div>\n\t\t\t\t\t<\/div>\n\t\t\t\t<\/div>\n\t\t<div class=\"elementor-element elementor-element-herorght0 e-con-full e-flex e-con e-child\" data-id=\"herorght0\" data-element_type=\"container\" data-e-type=\"container\">\n\t\t\t\t<div class=\"elementor-element elementor-element-heroimg00 iwg-hero-image elementor-widget elementor-widget-image\" data-id=\"heroimg00\" data-element_type=\"widget\" data-e-type=\"widget\" data-widget_type=\"image.default\">\n\t\t\t\t\t\t\t\t\t\t\t\t\t\t\t<img fetchpriority=\"high\" decoding=\"async\" width=\"683\" height=\"1024\" src=\"https:\/\/iwell-guard.com\/wp-content\/uploads\/2026\/04\/geister_germanisch_troll-683x1024.webp\" class=\"attachment-large size-large wp-image-149114\" alt=\"Troll - germaanisen perinteen henki\u00e4, historiallis-havainnollistava\" srcset=\"https:\/\/iwell-guard.com\/wp-content\/uploads\/2026\/04\/geister_germanisch_troll-683x1024.webp 683w, https:\/\/iwell-guard.com\/wp-content\/uploads\/2026\/04\/geister_germanisch_troll-200x300.webp 200w, https:\/\/iwell-guard.com\/wp-content\/uploads\/2026\/04\/geister_germanisch_troll-768x1152.webp 768w, https:\/\/iwell-guard.com\/wp-content\/uploads\/2026\/04\/geister_germanisch_troll.webp 1024w\" sizes=\"(max-width: 683px) 100vw, 683px\" \/>\t\t\t\t\t\t\t\t\t\t\t\t\t\t\t<\/div>\n\t\t\t\t<\/div>\n\t\t\t\t\t<\/div>\n\t\t\t\t<\/div>\n\t\t<div class=\"elementor-element elementor-element-32917199 e-flex e-con-boxed e-con e-parent\" data-id=\"32917199\" data-element_type=\"container\" data-e-type=\"container\">\n\t\t\t\t\t<div class=\"e-con-inner\">\n\t\t<div class=\"elementor-element elementor-element-26e916cb e-flex e-con-boxed e-con e-child\" data-id=\"26e916cb\" data-element_type=\"container\" data-e-type=\"container\">\n\t\t\t\t\t<div class=\"e-con-inner\">\n\t\t<div class=\"elementor-element elementor-element-253a40d4 e-flex e-con-boxed e-con e-child\" data-id=\"253a40d4\" data-element_type=\"container\" data-e-type=\"container\">\n\t\t\t\t\t<div class=\"e-con-inner\">\n\t\t\t\t<div class=\"elementor-element elementor-element-1200c304 elementor-widget elementor-widget-heading\" data-id=\"1200c304\" data-element_type=\"widget\" data-e-type=\"widget\" data-widget_type=\"heading.default\">\n\t\t\t\t\t<div class=\"elementor-heading-title elementor-size-default\">Troll<\/div>\t\t\t\t<\/div>\n\t\t\t\t<div class=\"elementor-element elementor-element-11758e7f elementor-widget elementor-widget-text-editor\" data-id=\"11758e7f\" data-element_type=\"widget\" data-e-type=\"widget\" data-widget_type=\"text-editor.default\">\n\t\t\t\t\t\t\t\t\t<p>Troll on yksi pohjoismaisen perinteen monitahoisimmista hahmoista. Alun perin k\u00e4site oli hyvin laaja (muinaisnorjan <em>troll<\/em> voi tarkoittaa yleisesti &#8220;taikaolentoa&#8221;), mutta kansansaduissa ja kirjallisuudessa se supistuu j\u00e4ttil\u00e4ism\u00e4iseksi vuoren- ja mets\u00e4nasukkaaksi: tyhm\u00e4ksi tai oveluksi, useimmiten vaaralliseksi, joskus koomiseksi.<\/p><p>Se asuu luolissa, vuorilla, syrj\u00e4isiss\u00e4 metsiss\u00e4, ry\u00f6st\u00e4\u00e4 ihmisi\u00e4, varastaa morsiamia, vartioi aarteita ja murtuu auringonvalossa kiveksi.<\/p><p>Taustalla ovat Eddan j\u00f6tnar ja thursar, mytologiset j\u00e4ttil\u00e4iset, jotka asettuvat jumalia vastaan. Skandinaavisessa kansanperinteess\u00e4 n\u00e4m\u00e4 sulautuvat alueellisiin vuoren- ja mets\u00e4nhenkiin kansansatujen trolliksi, tallennettuna Asbj\u00f8rnsenin ja Moen norjalaisiin tarinakokoelmiin, islantilaisessa <span class=\"iwg-fachbegriff\" data-tooltip=\"Perinteinen kansankulttuuri tapoineen, kertomuksineen ja lauluineen.\" tabindex=\"0\">kansanperinteess\u00e4<\/span>, suomalaisissa saduissa. Moderni fantasiakirjallisuus (Tolkien, Rowling, Pratchett) on tehnyt trollin kuvasta maailmanlaajuisesti tunnetun.<\/p><div><p><strong>Trollinlapset ja vuoritrollit Eddassa ja saagoissa<\/strong><\/p><p>Snorri Sturluson kuvaa <em>Prosa-Eddassa<\/em> (n. 1220), erityisesti <em>Sk\u00e1ldskaparm\u00e1l<\/em>-osassa (runokieli), kaksi erilaista trollikategoriaa. Toiset kuvataan vuorenasukkaina, suurina, mahtavina ja tyhmin\u00e4, ihmisten ja jumalten vihollisina. Toiset, pienempi\u00e4 ja notkeampia, esiintyv\u00e4t taikuuden ja muodonmuutoksen yhteydess\u00e4.<\/p><p>T\u00e4m\u00e4 erottelu mahdollisti my\u00f6hemmin erilaisten trollihavaintojen ja perim\u00e4tiedon jakamisen eri kategorioihin. Sk\u00e1ldskaparm\u00e1l k\u00e4sittelee trolleja my\u00f6s runollisena vertauskuvana, mik\u00e4 viittaa oppineeseen k\u00e4sittelyyn, ei vain puhtaaseen kansanperinteeseen.<\/p><p>Islantilaisissa saagoissa (Heimskringla, Egilin saaga, Grettirin saaga) trollit esiintyv\u00e4t kaoottisena voimana, joka joutuu konfliktiin ihmisten ja jumalten kanssa, mutta harvoin kantaa itse p\u00e4\u00e4tarinaa. Niiden l\u00e4sn\u00e4olo toimii villiyden tai tuonpuoleisen ilmentym\u00e4n\u00e4, merkkifunktiona tarinamaailmassa enemm\u00e4n kuin t\u00e4ysin kehittyneen\u00e4 hahmotyyppin\u00e4.<\/p><\/div>\t\t\t\t\t\t\t\t<\/div>\n\t\t\t\t\t<\/div>\n\t\t\t\t<\/div>\n\t\t<div class=\"elementor-element elementor-element-159dcf9a e-flex e-con-boxed e-con e-child\" data-id=\"159dcf9a\" data-element_type=\"container\" data-e-type=\"container\">\n\t\t\t\t\t<div class=\"e-con-inner\">\n\t\t\t\t<div class=\"elementor-element elementor-element-48cee66f elementor-widget elementor-widget-heading\" data-id=\"48cee66f\" data-element_type=\"widget\" data-e-type=\"widget\" data-widget_type=\"heading.default\">\n\t\t\t\t\t<h2 class=\"elementor-heading-title elementor-size-default\">Yleiskatsaus: Troll<\/h2>\t\t\t\t<\/div>\n\t\t\t\t<div class=\"elementor-element elementor-element-3f50d82c elementor-widget elementor-widget-text-editor\" data-id=\"3f50d82c\" data-element_type=\"widget\" data-e-type=\"widget\" data-widget_type=\"text-editor.default\">\n\t\t\t\t\t\t\t\t\t<p><strong>Tyyppi:<\/strong> J\u00e4ttil\u00e4ism\u00e4inen vuori-\/mets\u00e4olento<br>Alkuper\u00e4: Eddan j\u00f6tnar ja thursar, alueelliset vuorenhenget<br>Tekstit: Edda, islantilaiset saagat, Asbj\u00f8rnsen &amp; Moe, Grimm, moderni fantasia<br>Ajanjakso: viikinkiajalta nykyp\u00e4iv\u00e4\u00e4n<br>Torjunta: auringonvalo, kirkonkellot, ter\u00e4s, suola<\/p>\t\t\t\t\t\t\t\t<\/div>\n\t\t\t\t\t<\/div>\n\t\t\t\t<\/div>\n\t\t\t\t\t<\/div>\n\t\t\t\t<\/div>\n\t\t\t\t\t<\/div>\n\t\t\t\t<\/div>\n\t\t<div class=\"elementor-element elementor-element-18613602 e-flex e-con-boxed e-con e-parent\" data-id=\"18613602\" data-element_type=\"container\" data-e-type=\"container\">\n\t\t\t\t\t<div class=\"e-con-inner\">\n\t\t\t\t<div class=\"elementor-element elementor-element-262b8a9f elementor-widget elementor-widget-heading\" data-id=\"262b8a9f\" data-element_type=\"widget\" data-e-type=\"widget\" data-widget_type=\"heading.default\">\n\t\t\t\t\t<h2 class=\"elementor-heading-title elementor-size-default\">Yleiskatsaus<\/h2>\t\t\t\t<\/div>\n\t\t<div class=\"elementor-element elementor-element-46dcb7d e-con-full e-flex e-con e-child\" data-id=\"46dcb7d\" data-element_type=\"container\" data-e-type=\"container\">\n\t\t<div class=\"elementor-element elementor-element-61d3ab3 e-flex e-con-boxed e-con e-child\" data-id=\"61d3ab3\" data-element_type=\"container\" data-e-type=\"container\">\n\t\t\t\t\t<div class=\"e-con-inner\">\n\t\t\t\t<div class=\"elementor-element elementor-element-117c166 elementor-widget elementor-widget-heading\" data-id=\"117c166\" data-element_type=\"widget\" data-e-type=\"widget\" data-widget_type=\"heading.default\">\n\t\t\t\t\t<div class=\"elementor-heading-title elementor-size-default\">Tekstien ajanjakso<\/div>\t\t\t\t<\/div>\n\t\t\t\t<div class=\"elementor-element elementor-element-73997a0 elementor-widget elementor-widget-text-editor\" data-id=\"73997a0\" data-element_type=\"widget\" data-e-type=\"widget\" data-widget_type=\"text-editor.default\">\n\t\t\t\t\t\t\t\t\t<p>Myyttisesti juurtunut Eddan j\u00f6tnareihin. Kirjallisesti kukoistava islantilaisissa saagoissa (Grettirin saaga, B\u00e1r\u00f0arin saaga). Kansansatuhahmo skandinaavisessa perinteess\u00e4 keskiajalta alkaen, runsaasti ker\u00e4tty 1800-luvulla (Asbj\u00f8rnsen &amp; Moe). Moderni populaarikulttuurin hahmo Tolkienista l\u00e4htien.<\/p>\t\t\t\t\t\t\t\t<\/div>\n\t\t\t\t\t<\/div>\n\t\t\t\t<\/div>\n\t\t<div class=\"elementor-element elementor-element-d47b156 e-flex e-con-boxed e-con e-child\" data-id=\"d47b156\" data-element_type=\"container\" data-e-type=\"container\">\n\t\t\t\t\t<div class=\"e-con-inner\">\n\t\t\t\t<div class=\"elementor-element elementor-element-ff38c2b elementor-widget elementor-widget-heading\" data-id=\"ff38c2b\" data-element_type=\"widget\" data-e-type=\"widget\" data-widget_type=\"heading.default\">\n\t\t\t\t\t<div class=\"elementor-heading-title elementor-size-default\">Levinneisyysalue<\/div>\t\t\t\t<\/div>\n\t\t\t\t<div class=\"elementor-element elementor-element-4e49fcc elementor-widget elementor-widget-text-editor\" data-id=\"4e49fcc\" data-element_type=\"widget\" data-e-type=\"widget\" data-widget_type=\"text-editor.default\">\n\t\t\t\t\t\t\t\t\t<p>Skandinavia, Norja, Ruotsi ja Islanti ydinalueena. Suomalaisia ja saamelaisia muunnelmia. Saksassa &#8220;trollit&#8221; tunnetaan l\u00e4hinn\u00e4 skandinaavisten k\u00e4\u00e4nn\u00f6sten kautta; omilla vuori- ja mets\u00e4j\u00e4ttil\u00e4isill\u00e4 on toiset nimet.<\/p>\t\t\t\t\t\t\t\t<\/div>\n\t\t\t\t\t<\/div>\n\t\t\t\t<\/div>\n\t\t\t\t<\/div>\n\t\t<div class=\"elementor-element elementor-element-db03c39 e-con-full e-flex e-con e-child\" data-id=\"db03c39\" data-element_type=\"container\" data-e-type=\"container\">\n\t\t<div class=\"elementor-element elementor-element-229a87b e-flex e-con-boxed e-con e-child\" data-id=\"229a87b\" data-element_type=\"container\" data-e-type=\"container\">\n\t\t\t\t\t<div class=\"e-con-inner\">\n\t\t\t\t<div class=\"elementor-element elementor-element-1f471fc elementor-widget elementor-widget-heading\" data-id=\"1f471fc\" data-element_type=\"widget\" data-e-type=\"widget\" data-widget_type=\"heading.default\">\n\t\t\t\t\t<div class=\"elementor-heading-title elementor-size-default\">L\u00e4hdetilanne<\/div>\t\t\t\t<\/div>\n\t\t\t\t<div class=\"elementor-element elementor-element-36b1201 elementor-widget elementor-widget-text-editor\" data-id=\"36b1201\" data-element_type=\"widget\" data-e-type=\"widget\" data-widget_type=\"text-editor.default\">\n\t\t\t\t\t\t\t\t\t<p>Edda (V\u00f6lusp\u00e1, Gr\u00edmnism\u00e1l), islantilaiset saagat, Asbj\u00f8rnsenin ja Moen <em>Norske Folkeeventyr<\/em>, skandinaavinen ja suomalainen <span class=\"iwg-fachbegriff\" data-tooltip=\"Tiede, joka tutkii arkikulttuuria, tapoja ja perinteisi\u00e4 k\u00e4sityksi\u00e4.\" tabindex=\"0\">kansanperinnetiede<\/span>, moderni fantasiakirjallisuus.<\/p>\t\t\t\t\t\t\t\t<\/div>\n\t\t\t\t\t<\/div>\n\t\t\t\t<\/div>\n\t\t\t\t<\/div>\n\t\t\t\t\t<\/div>\n\t\t\t\t<\/div>\n\t\t<div class=\"elementor-element elementor-element-3ae0637c e-flex e-con-boxed e-con e-parent\" data-id=\"3ae0637c\" data-element_type=\"container\" data-e-type=\"container\">\n\t\t\t\t\t<div class=\"e-con-inner\">\n\t\t\t\t<div class=\"elementor-element elementor-element-31d07739 elementor-widget elementor-widget-heading\" data-id=\"31d07739\" data-element_type=\"widget\" data-e-type=\"widget\" data-widget_type=\"heading.default\">\n\t\t\t\t\t<h2 class=\"elementor-heading-title elementor-size-default\">Nimi<\/h2>\t\t\t\t<\/div>\n\t\t<div class=\"elementor-element elementor-element-b7642947 e-con-full e-flex e-con e-child\" data-id=\"b7642947\" data-element_type=\"container\" data-e-type=\"container\">\n\t\t\t\t<div class=\"elementor-element elementor-element-a086266 elementor-widget elementor-widget-text-editor\" data-id=\"a086266\" data-element_type=\"widget\" data-e-type=\"widget\" data-widget_type=\"text-editor.default\">\n\t\t\t\t\t\t\t\t\t<p><strong>Muinaisnorja:<\/strong> <em>troll<\/em>, laajasti k\u00e4sitt\u00e4en &#8220;taikaa, hirvi\u00f6, maaginen olento&#8221;.<br>Eddan k\u00e4sitteet: <em>j\u00f6tunn<\/em> (monikko j\u00f6tnar), &#8220;j\u00e4ttil\u00e4inen&#8221;; <em>thurs<\/em>, &#8220;hirmuolento&#8221;.<br>Modernit nimet: vuoritrolli, mets\u00e4trolli, troldkone (trollinaine), trollkunig (islantilainen).<br>Tolkien: trollit orkkien maailman alalajina, p\u00e4iv\u00e4nvalossa kivettyvin\u00e4.<\/p><p>Merkityksen supistuminen yleisest\u00e4 taikaolennosta konkreettiseksi vuorij\u00e4ttil\u00e4iseksi tapahtuu keskiajan lopulla ja uuden ajan alussa. Joissakin islantilaisissa teksteiss\u00e4 k\u00e4site pysyy laajana, <em>troll<\/em> voi siell\u00e4 tarkoittaa my\u00f6s noitaa.<\/p>\t\t\t\t\t\t\t\t<\/div>\n\t\t\t\t<\/div>\n\t\t\t\t\t<\/div>\n\t\t\t\t<\/div>\n\t\t<div class=\"elementor-element elementor-element-709a44a8 e-flex e-con-boxed e-con e-parent\" data-id=\"709a44a8\" data-element_type=\"container\" data-e-type=\"container\">\n\t\t\t\t\t<div class=\"e-con-inner\">\n\t\t\t\t<div class=\"elementor-element elementor-element-2f585873 elementor-widget elementor-widget-heading\" data-id=\"2f585873\" data-element_type=\"widget\" data-e-type=\"widget\" data-widget_type=\"heading.default\">\n\t\t\t\t\t<h2 class=\"elementor-heading-title elementor-size-default\">Ominaispiirteet<\/h2>\t\t\t\t<\/div>\n\t\t<div class=\"elementor-element elementor-element-70621c12 e-con-full e-flex e-con e-child\" data-id=\"70621c12\" data-element_type=\"container\" data-e-type=\"container\">\n\t\t\t\t<div class=\"elementor-element elementor-element-4296eb49 elementor-widget elementor-widget-text-editor\" data-id=\"4296eb49\" data-element_type=\"widget\" data-e-type=\"widget\" data-widget_type=\"text-editor.default\">\n\t\t\t\t\t\t\t\t\t<p><strong>Ulkon\u00e4k\u00f6<\/strong><\/p><p>J\u00e4ttim\u00e4inen, usein useita metrej\u00e4 pitk\u00e4. Ruma, iso nen\u00e4, syyli\u00e4, takkuinen tukka. Joissakin perinteiss\u00e4 useita p\u00e4it\u00e4. Iho tavallisimmin harmaa tai sammaloitunut, kivim\u00e4ist\u00e4 muistuttava. Norjalaisissa saduissa usein pyrst\u00f6llinen.<\/p><p><strong>K\u00e4ytt\u00e4ytyminen<\/strong><\/p><p>El\u00e4\u00e4 luolissa ja vuorissa. Vaarallinen vaeltajille, ry\u00f6st\u00e4\u00e4 morsiamia, kaappaa lapsia, vartioi aarteita. Ihmisi\u00e4 tyhmempi; kansansaduissa h\u00e4net voidaan usein voittaa viekkaudella. Jotkut peikot hiipiv\u00e4t pime\u00e4n tultua kyliin, ja auringon nousun yll\u00e4tt\u00e4min\u00e4 he kivettyv\u00e4t kallioiksi.<\/p><p><strong>Vaikutuspiiri<\/strong><\/p><p>Vuoristoalueet, laajat mets\u00e4t, yksin\u00e4iset luolat ja kalliohalkeamat. Muutamia tunnettuja kallionmuodostumia Norjassa pidet\u00e4\u00e4n edelleen kivettynein\u00e4 peikkoina (Trolltunga, Trollveggen).<\/p><p><strong>Mytologinen asema<\/strong><\/p><p>Eddan-<span class=\"iwg-fachbegriff\" data-tooltip=\"Kulttuurin perinteisten jumaltarustojen kokonaisuus.\" tabindex=\"0\">mytologiassa<\/span> j\u00f6tnar kuuluvat jumalia edelt\u00e4viin alkuvoimiin. Thor on niiden p\u00e4\u00e4vastustaja. Kansanperinteess\u00e4 t\u00e4m\u00e4 kosmisen ulottuvuus menett\u00e4\u00e4 merkityst\u00e4\u00e4n, ja peikosta tulee vuorten ja metsien arkinen olento.<\/p><div><p><strong>Asbj\u00f8rnsen-Moe-kokoelma ja pohjoismainen moderni<\/strong><\/p><p><span data-nosnippet>Norjalaiset kansanperinteen tutkijat Peter Christen Asbj\u00f8rnsen ja J\u00f8rgen Moe julkaisivat vuodesta 1841 alkaen teoksensa <em>Norske Folkeeventyr<\/em> (Norjalaisia kansansatuja). Heid\u00e4n kokoelmansa sis\u00e4lsi lukuisia peikkotarinoita: peikkoja, jotka vartioivat siltoja, viettelev\u00e4t ihmisi\u00e4 tai riitautuvat jumalten kanssa.<\/span><\/p><p>Asbj\u00f8rnsen ja Moe hioivat peikkojen kuvauksia ja tekiv\u00e4t niist\u00e4 kerronnallisesti helpommin l\u00e4hestytt\u00e4vi\u00e4. He dokumentoivat my\u00f6s alueellista vaihtelua (vuono-peikot, vuoristopeikot, j\u00e4rvipeikot), mik\u00e4 vahvisti peikkoperinteen erikoistumista.<\/p><p>T\u00e4m\u00e4 kokoelma, joka on painettu monta kertaa uudelleen ja k\u00e4\u00e4nnetty useille kielille, muodostui eurooppalaisen romantiikan kanoniseksi teokseksi ja asetti standardin sille, miten pohjoismaisia peikkoja tulkitaan modernissa kirjallisuudessa ja kansanperinteentutkimuksessa.<\/p><\/div>\t\t\t\t\t\t\t\t<\/div>\n\t\t\t\t<\/div>\n\t\t\t\t\t<\/div>\n\t\t\t\t<\/div>\n\t\t<div class=\"elementor-element elementor-element-44e71476 e-flex e-con-boxed e-con e-parent\" data-id=\"44e71476\" data-element_type=\"container\" data-e-type=\"container\">\n\t\t\t\t\t<div class=\"e-con-inner\">\n\t\t\t\t<div class=\"elementor-element elementor-element-3c1fc3f0 elementor-widget elementor-widget-heading\" data-id=\"3c1fc3f0\" data-element_type=\"widget\" data-e-type=\"widget\" data-widget_type=\"heading.default\">\n\t\t\t\t\t<h2 class=\"elementor-heading-title elementor-size-default\">Tietokortti: Peikko<\/h2>\t\t\t\t<\/div>\n\t\t<div class=\"elementor-element elementor-element-84f33b8e e-con-full e-flex e-con e-child\" data-id=\"84f33b8e\" data-element_type=\"container\" data-e-type=\"container\">\n\t\t\t\t<div class=\"elementor-element elementor-element-hqkdc67p elementor-widget elementor-widget-text-editor\" data-id=\"hqkdc67p\" data-element_type=\"widget\" data-e-type=\"widget\" data-widget_type=\"text-editor.default\">\n\t\t\t\t\t\t\t\t\t<p>Peikon t\u00e4rkeimm\u00e4t piirteet tiivistetysti.<\/p>\t\t\t\t\t\t\t\t<\/div>\n\t\t\t\t<\/div>\n\t\t<div class=\"elementor-element elementor-element-pemmx7c5 e-con-full e-flex e-con e-child\" data-id=\"pemmx7c5\" data-element_type=\"container\" data-e-type=\"container\">\n\t\t<div class=\"elementor-element elementor-element-pemmx7c1 e-con-full e-flex e-con e-child\" data-id=\"pemmx7c1\" data-element_type=\"container\" data-e-type=\"container\">\n\t\t<div class=\"elementor-element elementor-element-qh9oavvu iwg-steckbrief-card e-flex e-con-boxed e-con e-child\" data-id=\"qh9oavvu\" data-element_type=\"container\" data-e-type=\"container\">\n\t\t\t\t\t<div class=\"e-con-inner\">\n\t\t\t\t<div class=\"elementor-element elementor-element-awzx8k2k elementor-widget elementor-widget-heading\" data-id=\"awzx8k2k\" data-element_type=\"widget\" data-e-type=\"widget\" data-widget_type=\"heading.default\">\n\t\t\t\t\t<div class=\"elementor-heading-title elementor-size-default\">Kulttuurikonteksti<\/div>\t\t\t\t<\/div>\n\t\t\t\t<div class=\"elementor-element elementor-element-x6rowhv0 elementor-widget elementor-widget-text-editor\" data-id=\"x6rowhv0\" data-element_type=\"widget\" data-e-type=\"widget\" data-widget_type=\"text-editor.default\">\n\t\t\t\t\t\t\t\t\t<p>Eddan j\u00f6tnar ja thursar mytologisena alkuper\u00e4n\u00e4. Kansanperinteess\u00e4 sulautunut alueellisiin vuori- ja mets\u00e4henkiin.<\/p>\t\t\t\t\t\t\t\t<\/div>\n\t\t\t\t\t<\/div>\n\t\t\t\t<\/div>\n\t\t<div class=\"elementor-element elementor-element-8e3o4kxs iwg-steckbrief-card e-flex e-con-boxed e-con e-child\" data-id=\"8e3o4kxs\" data-element_type=\"container\" data-e-type=\"container\">\n\t\t\t\t\t<div class=\"e-con-inner\">\n\t\t\t\t<div class=\"elementor-element elementor-element-08rkdgov elementor-widget elementor-widget-heading\" data-id=\"08rkdgov\" data-element_type=\"widget\" data-e-type=\"widget\" data-widget_type=\"heading.default\">\n\t\t\t\t\t<div class=\"elementor-heading-title elementor-size-default\">Vaikutuksen kohde<\/div>\t\t\t\t<\/div>\n\t\t\t\t<div class=\"elementor-element elementor-element-uwjelx8s elementor-widget elementor-widget-text-editor\" data-id=\"uwjelx8s\" data-element_type=\"widget\" data-e-type=\"widget\" data-widget_type=\"text-editor.default\">\n\t\t\t\t\t\t\t\t\t<p>Vaeltajat, paimenet, lapset. Morsiamet kansansaduissa. Sankarit, jotka etsiv\u00e4t aarrettaa.<\/p>\t\t\t\t\t\t\t\t<\/div>\n\t\t\t\t\t<\/div>\n\t\t\t\t<\/div>\n\t\t<div class=\"elementor-element elementor-element-jm2n74ec iwg-steckbrief-card e-flex e-con-boxed e-con e-child\" data-id=\"jm2n74ec\" data-element_type=\"container\" data-e-type=\"container\">\n\t\t\t\t\t<div class=\"e-con-inner\">\n\t\t\t\t<div class=\"elementor-element elementor-element-8vufse4c elementor-widget elementor-widget-heading\" data-id=\"8vufse4c\" data-element_type=\"widget\" data-e-type=\"widget\" data-widget_type=\"heading.default\">\n\t\t\t\t\t<div class=\"elementor-heading-title elementor-size-default\">Peikon ulkon\u00e4k\u00f6<\/div>\t\t\t\t<\/div>\n\t\t\t\t<div class=\"elementor-element elementor-element-mwb9u015 elementor-widget elementor-widget-text-editor\" data-id=\"mwb9u015\" data-element_type=\"widget\" data-e-type=\"widget\" data-widget_type=\"text-editor.default\">\n\t\t\t\t\t\t\t\t\t<p>J\u00e4ttim\u00e4inen, ruma, iso nen\u00e4, takkuinen tukka, toisinaan useita p\u00e4it\u00e4. Ihonv\u00e4ri harmaa tai sammaloitunut. Toisinaan pyrst\u00f6llinen.<\/p>\t\t\t\t\t\t\t\t<\/div>\n\t\t\t\t\t<\/div>\n\t\t\t\t<\/div>\n\t\t\t\t<\/div>\n\t\t<div class=\"elementor-element elementor-element-pemmx7c2 e-con-full e-flex e-con e-child\" data-id=\"pemmx7c2\" data-element_type=\"container\" data-e-type=\"container\">\n\t\t<div class=\"elementor-element elementor-element-37ss2yr6 iwg-steckbrief-card e-flex e-con-boxed e-con e-child\" data-id=\"37ss2yr6\" data-element_type=\"container\" data-e-type=\"container\">\n\t\t\t\t\t<div class=\"e-con-inner\">\n\t\t\t\t<div class=\"elementor-element elementor-element-3v0wp3wx elementor-widget elementor-widget-heading\" data-id=\"3v0wp3wx\" data-element_type=\"widget\" data-e-type=\"widget\" data-widget_type=\"heading.default\">\n\t\t\t\t\t<div class=\"elementor-heading-title elementor-size-default\">Teht\u00e4v\u00e4<\/div>\t\t\t\t<\/div>\n\t\t\t\t<div class=\"elementor-element elementor-element-w3247g2m elementor-widget elementor-widget-text-editor\" data-id=\"w3247g2m\" data-element_type=\"widget\" data-e-type=\"widget\" data-widget_type=\"text-editor.default\">\n\t\t\t\t\t\t\t\t\t<p>Ry\u00f6st\u00e4\u00e4, kaappaa, vartioi aarteita, murskaa. Kansansaduissa voitettavissa viekkaudella. Menett\u00e4\u00e4 henkens\u00e4 auringonnousun aikaan ja muuttuu kiveksi.<\/p>\t\t\t\t\t\t\t\t<\/div>\n\t\t\t\t\t<\/div>\n\t\t\t\t<\/div>\n\t\t<div class=\"elementor-element elementor-element-0qpjal9w iwg-steckbrief-card e-flex e-con-boxed e-con e-child\" data-id=\"0qpjal9w\" data-element_type=\"container\" data-e-type=\"container\">\n\t\t\t\t\t<div class=\"e-con-inner\">\n\t\t\t\t<div class=\"elementor-element elementor-element-6ndoih0o elementor-widget elementor-widget-heading\" data-id=\"6ndoih0o\" data-element_type=\"widget\" data-e-type=\"widget\" data-widget_type=\"heading.default\">\n\t\t\t\t\t<div class=\"elementor-heading-title elementor-size-default\">Peikon torjunta<\/div>\t\t\t\t<\/div>\n\t\t\t\t<div class=\"elementor-element elementor-element-6684tyh9 elementor-widget elementor-widget-text-editor\" data-id=\"6684tyh9\" data-element_type=\"widget\" data-e-type=\"widget\" data-widget_type=\"text-editor.default\">\n\t\t\t\t\t\t\t\t\t<p>P\u00e4iv\u00e4nvalo (keskeisin torjuntakeino), kirkonkellot, ter\u00e4s. Viekkaus ja k\u00e4rsiv\u00e4llisyys; kansansadut kuvaavat sankareita, jotka pit\u00e4v\u00e4t peikon jutuissa aamuun asti.<\/p>\t\t\t\t\t\t\t\t<\/div>\n\t\t\t\t\t<\/div>\n\t\t\t\t<\/div>\n\t\t<div class=\"elementor-element elementor-element-3lfi7x32 iwg-steckbrief-card e-flex e-con-boxed e-con e-child\" data-id=\"3lfi7x32\" data-element_type=\"container\" data-e-type=\"container\">\n\t\t\t\t\t<div class=\"e-con-inner\">\n\t\t\t\t<div class=\"elementor-element elementor-element-0kg99ga1 elementor-widget elementor-widget-heading\" data-id=\"0kg99ga1\" data-element_type=\"widget\" data-e-type=\"widget\" data-widget_type=\"heading.default\">\n\t\t\t\t\t<div class=\"elementor-heading-title elementor-size-default\">Aiheeseen liittyv\u00e4t olennot<\/div>\t\t\t\t<\/div>\n\t\t\t\t<div class=\"elementor-element elementor-element-n0fum6kp elementor-widget elementor-widget-text-editor\" data-id=\"n0fum6kp\" data-element_type=\"widget\" data-e-type=\"widget\" data-widget_type=\"text-editor.default\">\n\t\t\t\t\t\t\t\t\t<p>Kreikkalaisen <span class=\"iwg-fachbegriff\" data-tooltip=\"Kulttuurin perinteisten jumaltarustojen kokonaisuus.\" tabindex=\"0\">mytologian<\/span> j\u00e4ttil\u00e4iset, ogret (ranskalaiset sadut), kyklooppi, germaaniset vuorij\u00e4ttil\u00e4iset, ogre modernissa fantasiassa.<\/p>\t\t\t\t\t\t\t\t<\/div>\n\t\t\t\t\t<\/div>\n\t\t\t\t<\/div>\n\t\t\t\t<\/div>\n\t\t\t\t<\/div>\n\t\t\t\t\t<\/div>\n\t\t\t\t<\/div>\n\t\t<div class=\"elementor-element elementor-element-7533bc7a e-flex e-con-boxed e-con e-parent\" data-id=\"7533bc7a\" data-element_type=\"container\" data-e-type=\"container\">\n\t\t\t\t\t<div class=\"e-con-inner\">\n\t\t\t\t<div class=\"elementor-element elementor-element-2447d18d elementor-widget elementor-widget-heading\" data-id=\"2447d18d\" data-element_type=\"widget\" data-e-type=\"widget\" data-widget_type=\"heading.default\">\n\t\t\t\t\t<h2 class=\"elementor-heading-title elementor-size-default\">Kohtaaminen ja torjunta<\/h2>\t\t\t\t<\/div>\n\t\t<div class=\"elementor-element elementor-element-d5d0260c e-con-full e-flex e-con e-child\" data-id=\"d5d0260c\" data-element_type=\"container\" data-e-type=\"container\">\n\t\t\t\t<div class=\"elementor-element elementor-element-341be2ac elementor-widget elementor-widget-text-editor\" data-id=\"341be2ac\" data-element_type=\"widget\" data-e-type=\"widget\" data-widget_type=\"text-editor.default\">\n\t\t\t\t\t\t\t\t\t<p><strong>P\u00e4iv\u00e4nvalos\u00e4\u00e4nt\u00f6<\/strong><\/p><p>T\u00e4rkein torjuntakeino on yksinkertainen: peikko on pidett\u00e4v\u00e4 paikoillaan auringonnousuun saakka. Lukuisissa norjalaisissa kansansaduissa sankari k\u00e4ytt\u00e4\u00e4 aikaa, arvoituksia, viekkautta tai pitki\u00e4 keskusteluja pit\u00e4\u00e4kseen peikon puhumassa ensimm\u00e4isiin auringons\u00e4teisiin asti, jolloin se murtuu kiveksi.<\/p><p><strong>Kellot, ter\u00e4s, suola<\/strong><\/p><p>Kirkonkellot karkottavat peikkoja, mink\u00e4 takia uusiin kyl\u00e4kirkkoihin valettiin perinteisesti kellot. Ter\u00e4s (veitsi, kirves, keng\u00e4nkorko) on peikoille polttavan kuumaa. Suolaa heitet\u00e4\u00e4n tuleen, kun peikkojen l\u00e4heisyytt\u00e4 ep\u00e4ill\u00e4\u00e4n.<\/p><p><strong>Neuvottelut<\/strong><\/p><p>Kaikki peikot eiv\u00e4t ole vain vihollisia. Joissakin tarinoissa niiden kanssa voi neuvotella, vaihtaa tavaraa, tehd\u00e4 palveluksia tai vastaanottaa opetuksia. Riskit pysyv\u00e4t suurina, mutta niin my\u00f6s palkkiot (aarteet, salaisuudet).<\/p>\t\t\t\t\t\t\t\t<\/div>\n\t\t\t\t<\/div>\n\t\t\t\t\t<\/div>\n\t\t\t\t<\/div>\n\t\t<div class=\"elementor-element elementor-element-5a584676 e-flex e-con-boxed e-con e-parent\" data-id=\"5a584676\" data-element_type=\"container\" data-e-type=\"container\">\n\t\t\t\t\t<div class=\"e-con-inner\">\n\t\t\t\t<div class=\"elementor-element elementor-element-6d0757bf elementor-widget elementor-widget-heading\" data-id=\"6d0757bf\" data-element_type=\"widget\" data-e-type=\"widget\" data-widget_type=\"heading.default\">\n\t\t\t\t\t<h2 class=\"elementor-heading-title elementor-size-default\">Rinnakkaisilmi\u00f6t ja vastaanotto<\/h2>\t\t\t\t<\/div>\n\t\t<div class=\"elementor-element elementor-element-60563f68 e-con-full e-flex e-con e-child\" data-id=\"60563f68\" data-element_type=\"container\" data-e-type=\"container\">\n\t\t\t\t<div class=\"elementor-element elementor-element-5a93fdd6 elementor-widget elementor-widget-text-editor\" data-id=\"5a93fdd6\" data-element_type=\"widget\" data-e-type=\"widget\" data-widget_type=\"text-editor.default\">\n\t\t\t\t\t\t\t\t\t<p><strong>Germaaniset ja muut rinnastukset:<\/strong> j\u00e4ttil\u00e4iset, ogret, kykloopit, kaikkialla toistuu <span class=\"iwg-fachbegriff\" data-tooltip=\"Toistuva sis\u00e4ll\u00f6llinen elementti taiteessa tai kerronnassa.\" tabindex=\"0\">motiivi<\/span> ylikokoisesta, tyhm\u00e4nvaarallisesta olennosta, joka haastaa sankareita. Eddan j\u00f6tnar ovat mytologisia, kansansatujen peikot arkisempia.<\/p><p><strong>Tolkien ja fantasiakirjallisuus<\/strong><\/p><p><span data-nosnippet>Tolkien (1937, <em>The Hobbit<\/em>) tuo norjalaisen p\u00e4iv\u00e4nvalos\u00e4\u00e4nn\u00f6n moderniin fantasiaan. Siit\u00e4 syntyy peikko roolipelien, fantasiaromaanien ja videopelien vakiovastustajaksi.<\/span><\/p><p><strong>Pohjoismainen moderni<\/strong><\/p><p><span data-nosnippet>Norjassa peikko pysyy kulttuurisesti l\u00e4sn\u00e4 olevana hahmona matkailussa (peikkomuistoesineet, Trollveggen), elokuvissa (<em>Troll Hunter<\/em>, 2010; <em>Troll<\/em>, 2022) ja kirjallisuudessa. Tunne siit\u00e4, ett\u00e4 se on samaan aikaan pelottava ja vieh\u00e4tt\u00e4v\u00e4, muotoilee pohjoismaista identiteetti\u00e4.<\/span><\/p><div><p><strong>Sosiaalinen ja kosmologinen rooli pohjoismaisessa maailmankuvassa<\/strong><\/p><p>Pohjoismaisten kulttuurien k\u00e4sityksess\u00e4 peikot eiv\u00e4t olleet vain hirvi\u00f6it\u00e4, vaan olennainen osa kosmologista j\u00e4rjestyst\u00e4. Ne asuttivat ihmisten sivilisaation ulkopuolisia alueita ja edustivat voimaa, jota ei voitu omaksua vaan jota t\u00e4ytyi kunnioittaa tai pel\u00e4t\u00e4.<\/p><p>Ihmisten alueen (Midgard) ja demonisen alueen (J\u00f6tunheim) raja merkittiin usein peikoilla. T\u00e4m\u00e4 funktio erotti peikot pelk\u00e4st\u00e4 pahasta demonista, joka voisi olla olemassa ilman kosmologista sijaintia.<\/p><p>Peikkoperinne pysyi el\u00e4v\u00e4n\u00e4 Skandinaviassa, kun se muualla Euroopassa haipui. T\u00e4m\u00e4 selitt\u00e4\u00e4 osittain, miksi moderni fantasia ja pohjoismainen kulttuurinen renessanssi k\u00e4sittelev\u00e4t peikkohahmoa niin n\u00e4kyv\u00e4sti; se ei ole 1800-luvun keksint\u00f6 vaan historiallisesti todistettu jatkumo perinteest\u00e4, joka on s\u00e4ilynyt vuosisatojen ajan.<\/p><\/div>\t\t\t\t\t\t\t\t<\/div>\n\t\t\t\t<\/div>\n\t\t\t\t\t<\/div>\n\t\t\t\t<\/div>\n\t\t<div class=\"elementor-element elementor-element-cp8484c62 e-flex e-con-boxed e-con e-parent\" data-id=\"cp8484c62\" data-element_type=\"container\" data-e-type=\"container\">\n\t\t\t\t\t<div class=\"e-con-inner\">\n\t\t\t\t<div class=\"elementor-element elementor-element-cp925f628 elementor-widget elementor-widget-heading\" data-id=\"cp925f628\" data-element_type=\"widget\" data-e-type=\"widget\" data-widget_type=\"heading.default\">\n\t\t\t\t\t<h2 class=\"elementor-heading-title elementor-size-default\">Peikko muinaisnorjalaisessa perinteess\u00e4<\/h2>\t\t\t\t<\/div>\n\t\t<div class=\"elementor-element elementor-element-cp0b5733e e-con-full e-flex e-con e-child\" data-id=\"cp0b5733e\" data-element_type=\"container\" data-e-type=\"container\">\n\t\t\t\t<div class=\"elementor-element elementor-element-cpf977c07 elementor-widget elementor-widget-text-editor\" data-id=\"cpf977c07\" data-element_type=\"widget\" data-e-type=\"widget\" data-widget_type=\"text-editor.default\">\n\t\t\t\t\t\t\t\t\t<p>Muinaisnorjan sana <em>troll<\/em> on hyvin todistettu Islannin ja Skandinavian keskiaikaisessa kirjallisuudessa, mutta sen merkitys on siell\u00e4 laajempi ja ep\u00e4m\u00e4\u00e4r\u00e4isempi kuin nykykielenk\u00e4yt\u00f6ss\u00e4.<\/p><p>Saagoissa ja eddarunoudessa <em>troll<\/em> ei tarkoita selv\u00e4rajaista olentolajia, vaan koko kirjoa vaarallisia, yliluonnollisia olentoja. Se voi tarkoittaa j\u00e4ttil\u00e4ist\u00e4, hirvi\u00f6t\u00e4, kummittelevaa kuollutta tai yleisesti pahansuovaa taikaolentoa. My\u00f6s l\u00e4heinen sana <em>trolld\u00f3mr<\/em> tarkoittaa yksinkertaisesti noituutta.<\/p><p><em>\u00cdslendingas\u00f6gur<\/em>-teksteiss\u00e4, islantilaissaagoissa, trollimaiset olennot esiintyv\u00e4t useimmiten uhkana asutetun maailman laitamilla, vuorilla, kulkukelvottomissa laaksoissa, rannikolla.<\/p><p>Erityisen ryhm\u00e4n muodostavat <em>tr\u00f6llkonur<\/em>, trollinaiset, joita esiintyy useissa saagoissa ja skaldirunoissa. <em>Grettis saga<\/em> sis\u00e4lt\u00e4\u00e4 kuuluisan jakson, jossa lainsuojattomaksi julistettu sankari Grettir taistelee t\u00e4llaista trollinaista ja toista ep\u00e4olentoa vastaan.<\/p><p>Muinaisnorjalaisen kirjallisuuden tutkimus korostaa, ett\u00e4 keskiaikaiset tekstit eiv\u00e4t tarjoa mit\u00e4\u00e4n j\u00e4rjestelm\u00e4llist\u00e4 <span class=\"iwg-fachbegriff\" data-tooltip=\"Kulttuurin perinnetiedon kokonaisuus jumaltarinoista.\" tabindex=\"0\">mytologiaa<\/span> trolleista. <em>Troll<\/em> on ennemminkin yleisnimi Toiselle, Kammottavalle, joka on sek\u00e4 inhimillisen ett\u00e4 jumalallisen j\u00e4rjestyksen ulkopuolella.<\/p><p>Se yhten\u00e4inen, kuvaileva trollikuva, joka tunnetaan my\u00f6hemm\u00e4st\u00e4 kansantarustosta ja t\u00e4ydellisimmin nykyisest\u00e4 lastenkirjallisuudesta, on my\u00f6h\u00e4isempi kehitysvaihe. Se, joka haluaa hahmottaa trollin uskontohistoriallisesti, joutuu siet\u00e4m\u00e4\u00e4n vanhimpien l\u00e4hteiden t\u00e4t\u00e4 ep\u00e4m\u00e4\u00e4r\u00e4isyytt\u00e4 eik\u00e4 saa lukea nykyaikaista kuvaa saagoihin j\u00e4lkik\u00e4teen.<\/p>\t\t\t\t\t\t\t\t<\/div>\n\t\t\t\t<\/div>\n\t\t\t\t\t<\/div>\n\t\t\t\t<\/div>\n\t\t<div class=\"elementor-element elementor-element-cp8ba61c4 e-flex e-con-boxed e-con e-parent\" data-id=\"cp8ba61c4\" data-element_type=\"container\" data-e-type=\"container\">\n\t\t\t\t\t<div class=\"e-con-inner\">\n\t\t\t\t<div class=\"elementor-element elementor-element-cpec6ae86 elementor-widget elementor-widget-heading\" data-id=\"cpec6ae86\" data-element_type=\"widget\" data-e-type=\"widget\" data-widget_type=\"heading.default\">\n\t\t\t\t\t<h2 class=\"elementor-heading-title elementor-size-default\">Trollit skandinaavisessa kansantarustossa<\/h2>\t\t\t\t<\/div>\n\t\t<div class=\"elementor-element elementor-element-cp48dcc90 e-con-full e-flex e-con e-child\" data-id=\"cp48dcc90\" data-element_type=\"container\" data-e-type=\"container\">\n\t\t\t\t<div class=\"elementor-element elementor-element-cp07b663b elementor-widget elementor-widget-text-editor\" data-id=\"cp07b663b\" data-element_type=\"widget\" data-e-type=\"widget\" data-widget_type=\"text-editor.default\">\n\t\t\t\t\t\t\t\t\t<p>Kuvaileva trollikuva, jonka nyky\u00e4\u00e4n tunnemme, muodostui ennen kaikkea keskiajan j\u00e4lkeisess\u00e4 kansantarustossa ja tallennettiin 1800-luvulla ker\u00e4ilij\u00f6iden toimesta. Norjassa Peter Christen Asbj\u00f8rnsen ja J\u00f8rgen Moe tekiv\u00e4t teoksellaan <em>Norske Folkeeventyr<\/em> merkitt\u00e4v\u00e4\u00e4 ker\u00e4ilyty\u00f6t\u00e4, Ruotsissa useat kansanperinteen tutkijat kokosivat vastaavaa aineistoa. T\u00e4ss\u00e4 nuoremmassa <span class=\"iwg-fachbegriff\" data-tooltip=\"Tiedon ja tarinoiden v\u00e4littyminen sukupolvelta toiselle.\" tabindex=\"0\">perinteess\u00e4<\/span> trolli saa selke\u00e4mm\u00e4t piirteet.<\/p><p>Se kuvataan nyt useimmiten vuorissa, kallioissa tai kummuissa asuvana olentona, k\u00f6mpel\u00f6n\u00e4, voimakkaana, usein tyhm\u00e4n\u00e4 ja ihmisten kavaltavana. Toistuvia motiiveja ovat sen inho melua kohtaan, erityisesti kirkonkelloja, sen asustaminen siltojen alla, sen rikkaus karjassa ja aarteissa, ja joissakin perinteiss\u00e4 k\u00e4sitys siit\u00e4, ett\u00e4 auringonvalo kivett\u00e4\u00e4 sen.<\/p><p>T\u00e4ll\u00e4 <span class=\"iwg-fachbegriff\" data-tooltip=\"Toistuva sis\u00e4ll\u00f6llinen elementti taiteessa tai kertomuksessa.\" tabindex=\"0\">motiivilla<\/span> on vanha liittym\u00e4kohta: jo eddarunoudessa k\u00e4\u00e4pi\u00f6 Alv\u00edss kivettyy, koska nouseva aurinko yll\u00e4tt\u00e4\u00e4 h\u00e4net.<\/p><p>Kansanperinteen kannalta trollisaagat t\u00e4yttiv\u00e4t useita teht\u00e4vi\u00e4. Ne selittiv\u00e4t erikoisia maastonmuotoja, esimerkiksi omituisesti muodostuneita kallioita, joita tulkittiin kivettyneiksi trolleiksi. Ne merkitsiv\u00e4t rajaa viljellyn ja villin maaseudun v\u00e4lill\u00e4 ja varoittivat er\u00e4maan vaaroista. Ja ne k\u00e4sitteliv\u00e4t kertomuksen muodossa kohtaamista Vieraan kanssa.<\/p><p>Yleinen tarinatyyppi on ihmisist\u00e4, jotka trollit viev\u00e4t vuoren sis\u00e4\u00e4n, <span class=\"iwg-fachbegriff\" data-tooltip=\"Toistuva sis\u00e4ll\u00f6llinen elementti taiteessa tai kertomuksessa.\" tabindex=\"0\">motiivi<\/span>, joka liittyy l\u00e4heisesti k\u00e4sityksiin maanalaisesta ja luonnonolennosta. Uskontotieteellinen tutkimus n\u00e4kee t\u00e4ss\u00e4 tarinaperinteess\u00e4 v\u00e4hemm\u00e4n uskomusj\u00e4rjestelm\u00e4n kuin joustavan valikoiman, jonka avulla maaseutuyhteis\u00f6t tulkitsivat ymp\u00e4rist\u00f6\u00e4\u00e4n ja pelkojaan.<\/p>\t\t\t\t\t\t\t\t<\/div>\n\t\t\t\t<\/div>\n\t\t\t\t\t<\/div>\n\t\t\t\t<\/div>\n\t\t<div class=\"elementor-element elementor-element-cpd5d270c e-flex e-con-boxed e-con e-parent\" data-id=\"cpd5d270c\" data-element_type=\"container\" data-e-type=\"container\">\n\t\t\t\t\t<div class=\"e-con-inner\">\n\t\t\t\t<div class=\"elementor-element elementor-element-cp9000042 elementor-widget elementor-widget-heading\" data-id=\"cp9000042\" data-element_type=\"widget\" data-e-type=\"widget\" data-widget_type=\"heading.default\">\n\t\t\t\t\t<h2 class=\"elementor-heading-title elementor-size-default\">Pelko-olennosta lastenkirjahahmoksi<\/h2>\t\t\t\t<\/div>\n\t\t<div class=\"elementor-element elementor-element-cpa6e0daa e-con-full e-flex e-con e-child\" data-id=\"cpa6e0daa\" data-element_type=\"container\" data-e-type=\"container\">\n\t\t\t\t<div class=\"elementor-element elementor-element-cpa7f65d7 elementor-widget elementor-widget-text-editor\" data-id=\"cpa7f65d7\" data-element_type=\"widget\" data-e-type=\"widget\" data-widget_type=\"text-editor.default\">\n\t\t\t\t\t\t\t\t\t<p>Trollin vastaanottohistoria 1800- ja 1900-luvuilla on opettavainen esimerkki henkiolennon merkityksen muutoksesta. L\u00e4ht\u00f6kohtana oli kansallisromanttinen kansanperinteen arvonnousu Skandinaviassa. Trolli muuttui puhtaasta pelottavasta hahmosta kansallisen identiteetin ja taiteellisen innoituksen elementiksi.<\/p><p>Ruotsalainen taidemaalari John Bauer loi kuvituksillaan antologiaan <em>Bland tomtar och troll<\/em> 1900-luvun alussa vaikutusvaltaisen kuvan j\u00e4re\u00e4st\u00e4, kyhmyisest\u00e4, mets\u00e4ss\u00e4 asustavasta trollista.<\/p><p>1900-luvun kuluessa kuva siirtyi viel\u00e4 selke\u00e4mmin yst\u00e4v\u00e4lliseen ja lapsiyst\u00e4v\u00e4lliseen suuntaan. Suomenruotsalainen kirjailija Tove Jansson loi <em>Muumeilla<\/em> py\u00f6reit\u00e4, hyv\u00e4luonteisia trolliolentoja, joilla ei ole juuri mit\u00e4\u00e4n yhteist\u00e4 uhkaavan saagatrollin kanssa.<\/p><p>Lelu- ja viihdeteollisuudessa trollista tuli harmiton, usein s\u00f6p\u00f6 hahmo. Samanaikaisesti fantasiakirjallisuudessa, J. R. R. Tolkienin teosten vaikutuksesta, el\u00e4\u00e4 edelleen kuva suuresta, tyhm\u00e4st\u00e4, vaarallisesta trollista.<\/p><p>Tieteellisen tarkastelun kannalta t\u00e4m\u00e4 muutos on valaiseva, koska se osoittaa, miten olento voi menett\u00e4\u00e4 teht\u00e4v\u00e4ns\u00e4 ja saada uuden. Saagatrolli oli sidottu konkreettisiin pelkoihin ja tiettyyn maisemaan.<\/p><p>Nykyaikainen trolli on irrotettu t\u00e4st\u00e4 ankkuroinnista ja voi tarpeen mukaan ilment\u00e4\u00e4 s\u00f6p\u00f6ytt\u00e4, koomisuutta tai hirvi\u00f6m\u00e4isyytt\u00e4. Ruotsin sana <em>troll<\/em> on t\u00e4ss\u00e4 saanut vanhan merkityslaajuutensa takaisin uudella tavalla: se tarkoittaa nyky\u00e4\u00e4n l\u00e4hes kaikkea, mit\u00e4 kertomus silt\u00e4 juuri vaatii.<\/p>\t\t\t\t\t\t\t\t<\/div>\n\t\t\t\t<\/div>\n\t\t\t\t\t<\/div>\n\t\t\t\t<\/div>\n\t\t<div class=\"elementor-element elementor-element-36dd7469 e-flex e-con-boxed e-con e-parent\" data-id=\"36dd7469\" data-element_type=\"container\" data-e-type=\"container\">\n\t\t\t\t\t<div class=\"e-con-inner\">\n\t\t\t\t<div class=\"elementor-element elementor-element-13760ab4 elementor-widget elementor-widget-heading\" data-id=\"13760ab4\" data-element_type=\"widget\" data-e-type=\"widget\" data-widget_type=\"heading.default\">\n\t\t\t\t\t<div class=\"elementor-heading-title elementor-size-default\">Aiheeseen liittyv\u00e4t linkit<\/div>\t\t\t\t<\/div>\n\t\t<div class=\"elementor-element elementor-element-28c87796 e-con-full e-flex e-con e-child\" data-id=\"28c87796\" data-element_type=\"container\" data-e-type=\"container\">\n\t\t\t\t<div class=\"elementor-element elementor-element-5d6538df elementor-widget elementor-widget-text-editor\" data-id=\"5d6538df\" data-element_type=\"widget\" data-e-type=\"widget\" data-widget_type=\"text-editor.default\">\n\t\t\t\t\t\t\t\t\t<footer class=\"iwg-literatur\" data-nosnippet=\"true\"><p>Suositellut sis\u00e4iset linkit:<\/p><ul><li><a href=\"https:\/\/iwell-guard.com\/fi\/?page_id=143849\">Germaaninen<\/a><\/li><li><a href=\"https:\/\/iwell-guard.com\/fi\/?page_id=143862\">Alp<\/a>, <a href=\"https:\/\/iwell-guard.com\/fi\/?page_id=143863\">Draugr<\/a>, <a href=\"https:\/\/iwell-guard.com\/fi\/?page_id=143864\">Nix<\/a>, <a href=\"https:\/\/iwell-guard.com\/fi\/?page_id=143866\">Mahr<\/a><\/li><li>Eddan j\u00f6tunit ja pohjoismainen <span class=\"iwg-fachbegriff\" data-tooltip=\"Kulttuurin perinnetiedon kokonaisuus jumaltarinoista.\" tabindex=\"0\">mytologia<\/span><\/li><li>Tolkien ja moderni fantasia<\/li><li>Rinnastuksia: \u00f6rkki, kykloopi, j\u00e4ttil\u00e4inen<\/li><\/ul><\/footer>\t\t\t\t\t\t\t\t<\/div>\n\t\t\t\t<\/div>\n\t\t\t\t\t<\/div>\n\t\t\t\t<\/div>\n\t\t<div class=\"elementor-element elementor-element-grl4kl40 e-flex e-con-boxed e-con e-parent\" data-id=\"grl4kl40\" data-element_type=\"container\" data-e-type=\"container\">\n\t\t\t\t\t<div class=\"e-con-inner\">\n\t\t\t\t<div class=\"elementor-element elementor-element-bzsbfrmh elementor-widget elementor-widget-heading\" data-id=\"bzsbfrmh\" data-element_type=\"widget\" data-e-type=\"widget\" data-widget_type=\"heading.default\">\n\t\t\t\t\t<h2 class=\"elementor-heading-title elementor-size-default\">L\u00e4hteet ja kirjallisuus<\/h2>\t\t\t\t<\/div>\n\t\t<div class=\"elementor-element elementor-element-2c13224a e-con-full e-flex e-con e-child\" data-id=\"2c13224a\" data-element_type=\"container\" data-e-type=\"container\">\n\t\t\t\t<div class=\"elementor-element elementor-element-0eymh9ub elementor-widget elementor-widget-text-editor\" data-id=\"0eymh9ub\" data-element_type=\"widget\" data-e-type=\"widget\" data-widget_type=\"text-editor.default\">\n\t\t\t\t\t\t\t\t\t<footer class=\"iwg-literatur\"><p>Valikoima keskeisi\u00e4 teoksia peikoista (troll):<\/p><ul><li><span data-nosnippet>Lindow, John: <em>Trolls. An Unnatural History<\/em>. London 2014.<\/span><\/li><li><span data-nosnippet>Simpson, Jacqueline: <em>Scandinavian Folktales<\/em>. Harmondsworth 1988.<\/span><\/li><li><span data-nosnippet>Kvideland, Reimund \/ Sehmsdorf, Henning: <em>Scandinavian Folk Belief and Legend<\/em>. Minneapolis 1988.<\/span><\/li><li><span data-nosnippet>Tangherlini, Timothy R.: <em>Interpreting Legend<\/em>. New York 1994.<\/span><\/li><li><span data-nosnippet>L\u00f6nnroth, Lars: <em>Den dubbla scenen<\/em>. Stockholm 1978.<\/span><\/li><\/ul><div data-nosnippet=\"true\" class=\"iwg-litliste\"><\/div><\/footer>\n<p class=\"iwg-bib-more\"><span data-nosnippet>Lis\u00e4\u00e4 perusteoksia <a href=\"https:\/\/iwell-guard.com\/fi\/?page_id=143965\">l\u00e4hdeluettelossa<\/a>.<\/span><\/p>\t\t\t\t\t\t\t\t<\/div>\n\t\t\t\t<\/div>\n\t\t\t\t\t<\/div>\n\t\t\t\t<\/div>\n\t\t<div class=\"elementor-element elementor-element-iwgca-troll-sec e-flex e-con-boxed e-con e-parent\" data-id=\"iwgca-troll-sec\" data-element_type=\"container\" data-e-type=\"container\" id=\"iwg-ca-troll\">\n\t\t\t\t\t<div class=\"e-con-inner\">\n\t\t\t\t<div class=\"elementor-element elementor-element-iwgca-troll-te iwg-ca-textwrap elementor-widget elementor-widget-text-editor\" data-id=\"iwgca-troll-te\" data-element_type=\"widget\" data-e-type=\"widget\" data-widget_type=\"text-editor.default\">\n\t\t\t\t\t\t\t\t\t<div data-nosnippet=\"true\"><p class=\"iwg-ca-bridge\">T\u00e4ss\u00e4 kuvattu suojausk\u00e4yt\u00e4nt\u00f6 on historiallisten perinteiden tieteellist\u00e4 tulkintaa. iWell Guard liittyy t\u00e4h\u00e4n kannettavien suojaesineiden kulttuurihistorialliseen jatkumoon ja edustaa sen nykyaikaista muotoa. <a href=\"\/ueber-iwell-guard\/?utm_source=iwell-guard.com&#038;utm_medium=text-link&#038;utm_campaign=schadwesen-tradition\">Lis\u00e4\u00e4 iWell Guardista \u2192<\/a><\/p><\/div>\t\t\t\t\t\t\t\t<\/div>\n\t\t\t\t\t<\/div>\n\t\t\t\t<\/div>\n\t\t\t\t<section class=\"elementor-section elementor-top-section elementor-element elementor-element-wv-troll-faq-eb1ce4 elementor-section-boxed elementor-section-height-default elementor-section-height-default\" data-id=\"wv-troll-faq-eb1ce4\" data-element_type=\"section\" data-e-type=\"section\">\n\t\t\t\t\t\t<div class=\"elementor-container elementor-column-gap-default\">\n\t\t\t\t\t<div class=\"elementor-column elementor-col-100 elementor-top-column elementor-element elementor-element-wv-troll-faq-col-d45809\" data-id=\"wv-troll-faq-col-d45809\" data-element_type=\"column\" data-e-type=\"column\">\n\t\t\t<div class=\"elementor-widget-wrap elementor-element-populated\">\n\t\t\t\t\t\t<div class=\"elementor-element elementor-element-wv-troll-h elementor-widget elementor-widget-heading\" data-id=\"wv-troll-h\" data-element_type=\"widget\" data-e-type=\"widget\" data-widget_type=\"heading.default\">\n\t\t\t\t\t<h2 class=\"elementor-heading-title elementor-size-default\">Usein kysytyt kysymykset peikosta (troll)<\/h2>\t\t\t\t<\/div>\n\t\t\t\t<div class=\"elementor-element elementor-element-wv-troll-t elementor-widget elementor-widget-text-editor\" data-id=\"wv-troll-t\" data-element_type=\"widget\" data-e-type=\"widget\" data-widget_type=\"text-editor.default\">\n\t\t\t\t\t\t\t\t\t\n<details class=\"iwg-faq-item\">\n  <summary><strong>Mik\u00e4 on peikko (troll) <span class=\"iwg-fachbegriff\" data-tooltip=\"Kulttuurin perinteisten jumaltarinoiden kokonaisuus.\" tabindex=\"0\">mytologiassa<\/span>?<\/strong><\/summary>\n  <p>Peikko on pohjoismaisen ja germaanisen <span class=\"iwg-fachbegriff\" data-tooltip=\"Kulttuurin perinteisten jumaltarinoiden kokonaisuus.\" tabindex=\"0\">mytologian<\/span> olento, joka el\u00e4\u00e4 vuorilla, metsiss\u00e4 ja siltojen alla. Peikkoja pidet\u00e4\u00e4n suurina, k\u00f6mpel\u00f6in\u00e4, usein tyhmin\u00e4, mutta vaarallisen vahvoina. Muinaisislantilaisessa perinteess\u00e4 (Edda, saagat) peikot kuvataan j\u00e4ttil\u00e4issukuna, jotujien sukulaisina. Nykyaikainen fantasiaperinne on muuttanut kuvaa huomattavasti.<\/p>\n<\/details>\n\n<details class=\"iwg-faq-item\">\n  <summary><strong>Mink\u00e4laisia peikkoja on olemassa?<\/strong><\/summary>\n  <p>Muinaisislantilainen perinne tuntee useita peikkotyyppej\u00e4: vuoripeikot (kallioiden asukkaat), vesipeikot (joissa ja j\u00e4rviss\u00e4), kumpupeikot ja pienemm\u00e4t talontontut (hus-tomten) ruotsalaisessa <span class=\"iwg-fachbegriff\" data-tooltip=\"Perinteinen kansankulttuuri tapoineen, tarinoineen ja lauluineen.\" tabindex=\"0\">kansanperinteess\u00e4<\/span>. Peikot kivettyv\u00e4t auringonvalossa, <span class=\"iwg-fachbegriff\" data-tooltip=\"Taiteessa tai kerronnassa toistuva sis\u00e4ll\u00f6llinen elementti.\" tabindex=\"0\">motiivi<\/span>, joka toistuu monissa norjalaisissa kalliomuodostumatarinoissa.<\/p>\n<\/details>\t\t\t\t\t\t\t\t<\/div>\n\t\t\t\t<div class=\"elementor-element elementor-element-wv-troll-s elementor-widget elementor-widget-html\" data-id=\"wv-troll-s\" data-element_type=\"widget\" data-e-type=\"widget\" data-widget_type=\"html.default\">\n\t\t\t\t\t<script type=\"application\/ld+json\">{\"@context\": \"https:\/\/schema.org\", \"@type\": \"FAQPage\", \"mainEntity\": [{\"@type\": \"Question\", \"name\": \"Mik\u00e4 on peikko (troll) mytologiassa?\", \"acceptedAnswer\": {\"@type\": \"Answer\", \"text\": \"Peikko on pohjoismaisen ja germaanisen mytologian olento, joka el\u00e4\u00e4 vuorilla, metsiss\u00e4 ja siltojen alla. Peikkoja pidet\u00e4\u00e4n suurina, k\u00f6mpel\u00f6in\u00e4, usein tyhmin\u00e4, mutta vaarallisen vahvoina. Muinaisislantilaisessa perinteess\u00e4 (Edda, saagat) peikot kuvataan j\u00e4ttil\u00e4issukuna, jotujien sukulaisina. Nykyaikainen fantasiaperinne on muuttanut kuvaa huomattavasti.\"}}, {\"@type\": \"Question\", \"name\": \"Mink\u00e4laisia peikkoja on olemassa?\", \"acceptedAnswer\": {\"@type\": \"Answer\", \"text\": \"Muinaisislantilainen perinne tuntee useita peikkotyyppej\u00e4: vuoripeikot (kallioiden asukkaat), vesipeikot (joissa ja j\u00e4rviss\u00e4), kumpupeikot ja pienemm\u00e4t talontontut ruotsalaisessa kansanperinteess\u00e4. Peikot kivettyv\u00e4t auringonvalossa, motiivi, joka toistuu monissa norjalaisissa kalliomuodostumatarinoissa.\"}}]}<\/script>\t\t\t\t<\/div>\n\t\t\t\t\t<\/div>\n\t\t<\/div>\n\t\t\t\t\t<\/div>\n\t\t<\/section>\n\t\t\t\t<\/div>\n\t\t","protected":false},"excerpt":{"rendered":"","protected":false},"author":3,"featured_media":1570,"parent":0,"menu_order":0,"comment_status":"closed","ping_status":"closed","template":"elementor_header_footer","meta":{"_yoast_wpseo_focuskw":"Troll","_yoast_wpseo_title":"Troll \u2013 Eddan ja saagojen j\u00e4ttil\u00e4ism\u00e4inen vuoriolento","_yoast_wpseo_metadesc":"Troll, germaanisen perinteen j\u00e4ttil\u00e4ism\u00e4inen vuoriolento. Eddan thursien ja kansantarinoiden peikkojen v\u00e4liss\u00e4, yhteydess\u00e4 kiveen ja j\u00e4ttil\u00e4isiin.","_yoast_wpseo_meta-robots-noindex":"","_yoast_wpseo_canonical":"","_angie_page":false,"gefaehrdungsstufe":"3","wesen_kultur":"germanisch","wesen_klasse":"geister","footnotes":""},"categories":[],"class_list":["post-143865","page","type-page","status-publish","has-post-thumbnail","hentry"],"yoast_head":"<!-- This site is optimized with the Yoast SEO Premium plugin v27.7 (Yoast SEO v28.3) - https:\/\/yoast.com\/product\/yoast-seo-premium-wordpress\/ -->\n<title>Troll \u2013 Eddan ja saagojen j\u00e4ttil\u00e4ism\u00e4inen vuoriolento<\/title>\n<meta name=\"description\" content=\"Troll, germaanisen perinteen j\u00e4ttil\u00e4ism\u00e4inen vuoriolento. Eddan thursien ja kansantarinoiden peikkojen v\u00e4liss\u00e4, yhteydess\u00e4 kiveen ja j\u00e4ttil\u00e4isiin.\" \/>\n<meta name=\"robots\" content=\"index, follow, max-snippet:-1, max-image-preview:large, max-video-preview:-1\" \/>\n<link rel=\"canonical\" href=\"https:\/\/iwell-guard.com\/fi\/troll\/\" \/>\n<meta property=\"og:locale\" content=\"fi_FI\" \/>\n<meta property=\"og:type\" content=\"article\" \/>\n<meta property=\"og:title\" content=\"Troll\" \/>\n<meta property=\"og:description\" content=\"Troll, germaanisen perinteen j\u00e4ttil\u00e4ism\u00e4inen vuoriolento. Eddan thursien ja kansantarinoiden peikkojen v\u00e4liss\u00e4, yhteydess\u00e4 kiveen ja j\u00e4ttil\u00e4isiin.\" \/>\n<meta property=\"og:url\" content=\"https:\/\/iwell-guard.com\/fi\/troll\/\" \/>\n<meta property=\"og:site_name\" content=\"iWell Guard\" \/>\n<meta property=\"article:modified_time\" content=\"2026-09-03T12:44:29+00:00\" \/>\n<meta property=\"og:image\" content=\"https:\/\/iwell-guard.com\/wp-content\/uploads\/2026\/04\/geister_germanisch_troll.webp\" \/>\n\t<meta property=\"og:image:width\" content=\"1024\" \/>\n\t<meta property=\"og:image:height\" content=\"1536\" \/>\n\t<meta property=\"og:image:type\" content=\"image\/webp\" \/>\n<meta name=\"twitter:card\" content=\"summary_large_image\" \/>\n<script type=\"application\/ld+json\" class=\"yoast-schema-graph\">{\"@context\":\"https:\\\/\\\/schema.org\",\"@graph\":[{\"@type\":\"WebPage\",\"@id\":\"https:\\\/\\\/iwell-guard.com\\\/fi\\\/troll\\\/\",\"url\":\"https:\\\/\\\/iwell-guard.com\\\/fi\\\/troll\\\/\",\"name\":\"Troll \u2013 Eddan ja saagojen j\u00e4ttil\u00e4ism\u00e4inen vuoriolento\",\"isPartOf\":{\"@id\":\"https:\\\/\\\/iwell-guard.com\\\/fi\\\/#website\"},\"primaryImageOfPage\":{\"@id\":\"https:\\\/\\\/iwell-guard.com\\\/fi\\\/troll\\\/#primaryimage\"},\"image\":{\"@id\":\"https:\\\/\\\/iwell-guard.com\\\/fi\\\/troll\\\/#primaryimage\"},\"thumbnailUrl\":\"https:\\\/\\\/iwell-guard.com\\\/wp-content\\\/uploads\\\/2026\\\/04\\\/geister_germanisch_troll.webp\",\"datePublished\":\"2026-09-03T12:29:22+00:00\",\"dateModified\":\"2026-09-03T12:44:29+00:00\",\"description\":\"Troll, germaanisen perinteen j\u00e4ttil\u00e4ism\u00e4inen vuoriolento. Eddan thursien ja kansantarinoiden peikkojen v\u00e4liss\u00e4, yhteydess\u00e4 kiveen ja j\u00e4ttil\u00e4isiin.\",\"breadcrumb\":{\"@id\":\"https:\\\/\\\/iwell-guard.com\\\/fi\\\/troll\\\/#breadcrumb\"},\"inLanguage\":\"fi\",\"potentialAction\":[{\"@type\":\"ReadAction\",\"target\":[\"https:\\\/\\\/iwell-guard.com\\\/fi\\\/troll\\\/\"]}]},{\"@type\":\"ImageObject\",\"inLanguage\":\"fi\",\"@id\":\"https:\\\/\\\/iwell-guard.com\\\/fi\\\/troll\\\/#primaryimage\",\"url\":\"https:\\\/\\\/iwell-guard.com\\\/wp-content\\\/uploads\\\/2026\\\/04\\\/geister_germanisch_troll.webp\",\"contentUrl\":\"https:\\\/\\\/iwell-guard.com\\\/wp-content\\\/uploads\\\/2026\\\/04\\\/geister_germanisch_troll.webp\",\"width\":1024,\"height\":1536,\"caption\":\"Henki\u00e4 germaanisesta perinteest\u00e4.\"},{\"@type\":\"BreadcrumbList\",\"@id\":\"https:\\\/\\\/iwell-guard.com\\\/fi\\\/troll\\\/#breadcrumb\",\"itemListElement\":[{\"@type\":\"ListItem\",\"position\":1,\"name\":\"Start\",\"item\":\"https:\\\/\\\/iwell-guard.com\\\/fi\\\/?page_id=143815\"},{\"@type\":\"ListItem\",\"position\":2,\"name\":\"Troll\"}]},{\"@type\":\"WebSite\",\"@id\":\"https:\\\/\\\/iwell-guard.com\\\/fi\\\/#website\",\"url\":\"https:\\\/\\\/iwell-guard.com\\\/fi\\\/\",\"name\":\"iWell Guard\",\"description\":\"Schutz vor dunklen Einfl\u00fcssen\",\"publisher\":{\"@id\":\"https:\\\/\\\/iwell-guard.com\\\/fi\\\/#organization\"},\"potentialAction\":[{\"@type\":\"SearchAction\",\"target\":{\"@type\":\"EntryPoint\",\"urlTemplate\":\"https:\\\/\\\/iwell-guard.com\\\/fi\\\/?s={search_term_string}\"},\"query-input\":{\"@type\":\"PropertyValueSpecification\",\"valueRequired\":true,\"valueName\":\"search_term_string\"}}],\"inLanguage\":\"fi\"},{\"@type\":\"Organization\",\"@id\":\"https:\\\/\\\/iwell-guard.com\\\/fi\\\/#organization\",\"name\":\"Ittermann electronic GmbH\",\"url\":\"https:\\\/\\\/iwell-guard.com\\\/fi\\\/\",\"logo\":{\"@type\":\"ImageObject\",\"inLanguage\":\"fi\",\"@id\":\"https:\\\/\\\/iwell-guard.com\\\/fi\\\/#\\\/schema\\\/logo\\\/image\\\/\",\"url\":\"https:\\\/\\\/iwell-guard.com\\\/wp-content\\\/uploads\\\/2026\\\/05\\\/Ittermann-Logo-1182x237-1.png\",\"contentUrl\":\"https:\\\/\\\/iwell-guard.com\\\/wp-content\\\/uploads\\\/2026\\\/05\\\/Ittermann-Logo-1182x237-1.png\",\"width\":1182,\"height\":237,\"caption\":\"Ittermann electronic GmbH\"},\"image\":{\"@id\":\"https:\\\/\\\/iwell-guard.com\\\/fi\\\/#\\\/schema\\\/logo\\\/image\\\/\"},\"sameAs\":[\"https:\\\/\\\/pantip.com\\\/profile\\\/9367242\",\"https:\\\/\\\/micro.blog\\\/iwellguard\",\"https:\\\/\\\/www.diggerslist.com\\\/iwellguard\\\/about\",\"https:\\\/\\\/skitterphoto.com\\\/photographers\\\/2870314\\\/iwell-guard\",\"https:\\\/\\\/iwellguard.wordpress.com\\\/2026\\\/06\\\/06\\\/iwell-guard\\\/\",\"https:\\\/\\\/hub.docker.com\\\/u\\\/iwellguard\",\"https:\\\/\\\/www.pinterest.com\\\/iwellguard\\\/\",\"https:\\\/\\\/bit.ly\\\/m\\\/iwellguard\",\"https:\\\/\\\/entre-vos-mains.alsace.eu\\\/profiles\\\/iwellguard\\\/activity\",\"https:\\\/\\\/gravatar.com\\\/reallybeded8fd34\",\"https:\\\/\\\/naijamatta.com\\\/iwellguard\",\"https:\\\/\\\/www.goodreads.com\\\/iwellguard\",\"https:\\\/\\\/profile.hatena.ne.jp\\\/iwellguard\\\/\",\"https:\\\/\\\/experiment.com\\\/users\\\/iwellguard\",\"https:\\\/\\\/wakelet.com\\\/@iWellGuard82270\",\"https:\\\/\\\/www.chordie.com\\\/forum\\\/profile.php?id=2555664\",\"https:\\\/\\\/www.instapaper.com\\\/p\\\/17757966\",\"https:\\\/\\\/www.mapleprimes.com\\\/users\\\/iwellguard\",\"https:\\\/\\\/businesslistingplus.com\\\/profile\\\/iwell-guard\\\/\",\"https:\\\/\\\/telegra.ph\\\/iWell-Guard-06-06\",\"https:\\\/\\\/pbase.com\\\/iwellguard\\\/iwellguard\",\"https:\\\/\\\/b.hatena.ne.jp\\\/iwellguard\\\/20260607#bookmark-4788405196491818882\",\"https:\\\/\\\/fliphtml5.com\\\/home\\\/iwellguard\",\"https:\\\/\\\/anyflip.com\\\/homepage\\\/cmiwl#About\",\"https:\\\/\\\/transfur.com\\\/Users\\\/iwellguard\",\"http:\\\/\\\/delphi.larsbo.org\\\/user\\\/iwellguard\",\"https:\\\/\\\/jobs.lajobsportal.org\\\/profiles\\\/8380803-iwell-guard\",\"https:\\\/\\\/md.chaosdorf.de\\\/s\\\/jfbe5SBdJD\",\"https:\\\/\\\/www.lingvolive.com\\\/en-us\\\/profile\\\/9ecaeaca-ce11-4e51-9e71-01d55e2bff36\\\/translations\",\"https:\\\/\\\/www.fitday.com\\\/fitness\\\/forums\\\/members\\\/iwellguard.html\",\"https:\\\/\\\/www.mymeetbook.com\\\/iwellguard\",\"https:\\\/\\\/pxhere.com\\\/en\\\/photographer-me\\\/5040798\",\"https:\\\/\\\/disqus.com\\\/by\\\/iwellguard\\\/about\\\/\",\"https:\\\/\\\/pastelink.net\\\/hjwciqwq\",\"https:\\\/\\\/pubhtml5.com\\\/homepage\\\/scjhn\\\/\",\"https:\\\/\\\/www.bitchute.com\\\/channel\\\/2O2eOKzNqujT\",\"https:\\\/\\\/audiomack.com\\\/iwellguard\"]},{\"@type\":\"Article\",\"@id\":\"https:\\\/\\\/iwell-guard.com\\\/fi\\\/troll\\\/#article\",\"isPartOf\":{\"@id\":\"https:\\\/\\\/iwell-guard.com\\\/fi\\\/troll\\\/\"},\"author\":{\"name\":\"Ralf Ittermann\",\"@id\":\"https:\\\/\\\/iwell-guard.com\\\/fi\\\/#\\\/schema\\\/person\\\/ee2a27f1cac3406c7c6fb5820cb7349f\"},\"headline\":\"Troll\",\"datePublished\":\"2026-09-03T12:29:22+00:00\",\"dateModified\":\"2026-09-03T12:44:29+00:00\",\"mainEntityOfPage\":{\"@id\":\"https:\\\/\\\/iwell-guard.com\\\/fi\\\/troll\\\/\"},\"publisher\":{\"@id\":\"https:\\\/\\\/iwell-guard.com\\\/fi\\\/#organization\"},\"image\":{\"@id\":\"https:\\\/\\\/iwell-guard.com\\\/fi\\\/troll\\\/#primaryimage\"},\"thumbnailUrl\":\"https:\\\/\\\/iwell-guard.com\\\/wp-content\\\/uploads\\\/2026\\\/04\\\/geister_germanisch_troll.webp\",\"inLanguage\":\"fi\",\"description\":\"Troll, germaanisen perinteen j\u00e4ttil\u00e4ism\u00e4inen vuoriolento. Eddan thursien ja kansantarinoiden peikkojen v\u00e4liss\u00e4, yhteydess\u00e4 kiveen ja j\u00e4ttil\u00e4isiin.\"}]}<\/script>\n<!-- \/ Yoast SEO Premium plugin. -->","yoast_head_json":{"title":"Troll \u2013 Eddan ja saagojen j\u00e4ttil\u00e4ism\u00e4inen vuoriolento","description":"Troll, germaanisen perinteen j\u00e4ttil\u00e4ism\u00e4inen vuoriolento. Eddan thursien ja kansantarinoiden peikkojen v\u00e4liss\u00e4, yhteydess\u00e4 kiveen ja j\u00e4ttil\u00e4isiin.","robots":{"index":"index","follow":"follow","max-snippet":"max-snippet:-1","max-image-preview":"max-image-preview:large","max-video-preview":"max-video-preview:-1"},"canonical":"https:\/\/iwell-guard.com\/fi\/troll\/","og_locale":"fi_FI","og_type":"article","og_title":"Troll","og_description":"Troll, germaanisen perinteen j\u00e4ttil\u00e4ism\u00e4inen vuoriolento. Eddan thursien ja kansantarinoiden peikkojen v\u00e4liss\u00e4, yhteydess\u00e4 kiveen ja j\u00e4ttil\u00e4isiin.","og_url":"https:\/\/iwell-guard.com\/fi\/troll\/","og_site_name":"iWell Guard","article_modified_time":"2026-09-03T12:44:29+00:00","og_image":[{"width":1024,"height":1536,"url":"https:\/\/iwell-guard.com\/wp-content\/uploads\/2026\/04\/geister_germanisch_troll.webp","type":"image\/webp"}],"twitter_card":"summary_large_image","schema":{"@context":"https:\/\/schema.org","@graph":[{"@type":"Article","@id":"https:\/\/iwell-guard.com\/fi\/troll\/#article","isPartOf":{"@id":"https:\/\/iwell-guard.com\/fi\/troll\/"},"author":{"name":"Ralf Ittermann","@id":"https:\/\/iwell-guard.com\/fi\/#\/schema\/person\/ee2a27f1cac3406c7c6fb5820cb7349f"},"headline":"Troll","datePublished":"2026-09-03T12:29:22+00:00","dateModified":"2026-09-03T12:44:29+00:00","mainEntityOfPage":{"@id":"https:\/\/iwell-guard.com\/fi\/troll\/"},"publisher":{"@id":"https:\/\/iwell-guard.com\/fi\/#organization"},"image":{"@id":"https:\/\/iwell-guard.com\/fi\/troll\/#primaryimage"},"thumbnailUrl":"https:\/\/iwell-guard.com\/wp-content\/uploads\/2026\/04\/geister_germanisch_troll.webp","inLanguage":"fi","description":"Troll, germaanisen perinteen j\u00e4ttil\u00e4ism\u00e4inen vuoriolento. Eddan thursien ja kansantarinoiden peikkojen v\u00e4liss\u00e4, yhteydess\u00e4 kiveen ja j\u00e4ttil\u00e4isiin."},{"@type":"WebPage","@id":"https:\/\/iwell-guard.com\/fi\/troll\/","url":"https:\/\/iwell-guard.com\/fi\/troll\/","name":"Troll \u2013 Eddan ja saagojen j\u00e4ttil\u00e4ism\u00e4inen vuoriolento","isPartOf":{"@id":"https:\/\/iwell-guard.com\/fi\/#website"},"primaryImageOfPage":{"@id":"https:\/\/iwell-guard.com\/fi\/troll\/#primaryimage"},"image":{"@id":"https:\/\/iwell-guard.com\/fi\/troll\/#primaryimage"},"thumbnailUrl":"https:\/\/iwell-guard.com\/wp-content\/uploads\/2026\/04\/geister_germanisch_troll.webp","datePublished":"2026-09-03T12:29:22+00:00","dateModified":"2026-09-03T12:44:29+00:00","description":"Troll, germaanisen perinteen j\u00e4ttil\u00e4ism\u00e4inen vuoriolento. Eddan thursien ja kansantarinoiden peikkojen v\u00e4liss\u00e4, yhteydess\u00e4 kiveen ja j\u00e4ttil\u00e4isiin.","breadcrumb":{"@id":"https:\/\/iwell-guard.com\/fi\/troll\/#breadcrumb"},"inLanguage":"fi","potentialAction":[{"@type":"ReadAction","target":["https:\/\/iwell-guard.com\/fi\/troll\/"]}]},{"@type":"ImageObject","inLanguage":"fi","@id":"https:\/\/iwell-guard.com\/fi\/troll\/#primaryimage","url":"https:\/\/iwell-guard.com\/wp-content\/uploads\/2026\/04\/geister_germanisch_troll.webp","contentUrl":"https:\/\/iwell-guard.com\/wp-content\/uploads\/2026\/04\/geister_germanisch_troll.webp","width":1024,"height":1536,"caption":"Henki\u00e4 germaanisesta perinteest\u00e4."},{"@type":"BreadcrumbList","@id":"https:\/\/iwell-guard.com\/fi\/troll\/#breadcrumb","itemListElement":[{"@type":"ListItem","position":1,"name":"Start","item":"https:\/\/iwell-guard.com\/fi\/?page_id=143815"},{"@type":"ListItem","position":2,"name":"Troll"}]},{"@type":"WebSite","@id":"https:\/\/iwell-guard.com\/fi\/#website","url":"https:\/\/iwell-guard.com\/fi\/","name":"iWell Guard","description":"Schutz vor dunklen Einfl\u00fcssen","publisher":{"@id":"https:\/\/iwell-guard.com\/fi\/#organization"},"potentialAction":[{"@type":"SearchAction","target":{"@type":"EntryPoint","urlTemplate":"https:\/\/iwell-guard.com\/fi\/?s={search_term_string}"},"query-input":{"@type":"PropertyValueSpecification","valueRequired":true,"valueName":"search_term_string"}}],"inLanguage":"fi"},{"@type":"Organization","@id":"https:\/\/iwell-guard.com\/fi\/#organization","name":"Ittermann electronic GmbH","url":"https:\/\/iwell-guard.com\/fi\/","logo":{"@type":"ImageObject","inLanguage":"fi","@id":"https:\/\/iwell-guard.com\/fi\/#\/schema\/logo\/image\/","url":"https:\/\/iwell-guard.com\/wp-content\/uploads\/2026\/05\/Ittermann-Logo-1182x237-1.png","contentUrl":"https:\/\/iwell-guard.com\/wp-content\/uploads\/2026\/05\/Ittermann-Logo-1182x237-1.png","width":1182,"height":237,"caption":"Ittermann electronic GmbH"},"image":{"@id":"https:\/\/iwell-guard.com\/fi\/#\/schema\/logo\/image\/"},"sameAs":["https:\/\/pantip.com\/profile\/9367242","https:\/\/micro.blog\/iwellguard","https:\/\/www.diggerslist.com\/iwellguard\/about","https:\/\/skitterphoto.com\/photographers\/2870314\/iwell-guard","https:\/\/iwellguard.wordpress.com\/2026\/06\/06\/iwell-guard\/","https:\/\/hub.docker.com\/u\/iwellguard","https:\/\/www.pinterest.com\/iwellguard\/","https:\/\/bit.ly\/m\/iwellguard","https:\/\/entre-vos-mains.alsace.eu\/profiles\/iwellguard\/activity","https:\/\/gravatar.com\/reallybeded8fd34","https:\/\/naijamatta.com\/iwellguard","https:\/\/www.goodreads.com\/iwellguard","https:\/\/profile.hatena.ne.jp\/iwellguard\/","https:\/\/experiment.com\/users\/iwellguard","https:\/\/wakelet.com\/@iWellGuard82270","https:\/\/www.chordie.com\/forum\/profile.php?id=2555664","https:\/\/www.instapaper.com\/p\/17757966","https:\/\/www.mapleprimes.com\/users\/iwellguard","https:\/\/businesslistingplus.com\/profile\/iwell-guard\/","https:\/\/telegra.ph\/iWell-Guard-06-06","https:\/\/pbase.com\/iwellguard\/iwellguard","https:\/\/b.hatena.ne.jp\/iwellguard\/20260607#bookmark-4788405196491818882","https:\/\/fliphtml5.com\/home\/iwellguard","https:\/\/anyflip.com\/homepage\/cmiwl#About","https:\/\/transfur.com\/Users\/iwellguard","http:\/\/delphi.larsbo.org\/user\/iwellguard","https:\/\/jobs.lajobsportal.org\/profiles\/8380803-iwell-guard","https:\/\/md.chaosdorf.de\/s\/jfbe5SBdJD","https:\/\/www.lingvolive.com\/en-us\/profile\/9ecaeaca-ce11-4e51-9e71-01d55e2bff36\/translations","https:\/\/www.fitday.com\/fitness\/forums\/members\/iwellguard.html","https:\/\/www.mymeetbook.com\/iwellguard","https:\/\/pxhere.com\/en\/photographer-me\/5040798","https:\/\/disqus.com\/by\/iwellguard\/about\/","https:\/\/pastelink.net\/hjwciqwq","https:\/\/pubhtml5.com\/homepage\/scjhn\/","https:\/\/www.bitchute.com\/channel\/2O2eOKzNqujT","https:\/\/audiomack.com\/iwellguard"]},{"@type":"Person","@id":"https:\/\/iwell-guard.com\/fi\/#\/schema\/person\/ee2a27f1cac3406c7c6fb5820cb7349f","name":"Ralf Ittermann","image":{"@type":"ImageObject","inLanguage":"fi","@id":"https:\/\/secure.gravatar.com\/avatar\/073c0153e350a5005b68eb752b445fea71f6b24a26da9449ad7e155e6b446c9d?s=96&d=mm&r=g","url":"https:\/\/secure.gravatar.com\/avatar\/073c0153e350a5005b68eb752b445fea71f6b24a26da9449ad7e155e6b446c9d?s=96&d=mm&r=g","contentUrl":"https:\/\/secure.gravatar.com\/avatar\/073c0153e350a5005b68eb752b445fea71f6b24a26da9449ad7e155e6b446c9d?s=96&d=mm&r=g","caption":"Ralf Ittermann"},"givenName":"Ralf","familyName":"Ittermann","jobTitle":"Gesch\u00e4ftsf\u00fchrer und redaktioneller Verantwortlicher","url":"https:\/\/iwell-guard.com\/fi\/author\/claude\/","description":"Ralf Ittermann ist Gesch\u00e4ftsf\u00fchrer der Ittermann electronic GmbH und redaktioneller Verantwortlicher des iWell-Guard-Lexikons. Er verbindet langj\u00e4hrige Erfahrung in der Pr\u00e4zisionsfertigung mit medialer Praxis und religionsgeschichtlicher Quellenarbeit.","worksFor":{"@type":"Organization","name":"Ittermann electronic GmbH","url":"https:\/\/ittermann.de\/","address":{"@type":"PostalAddress","streetAddress":"K\u00f6hlergasse 16-18","postalCode":"99842","addressLocality":"Ruhla","addressCountry":"DE"}},"knowsAbout":["Religionsgeschichte","Mythologie","Mediale Praxis","Energetische Diagnostik","Schutzpraxis","Volksglauben","Westliche Esoterik"]},{"@type":"Article","@id":"https:\/\/iwell-guard.com\/fi\/troll\/#article","isPartOf":{"@id":"https:\/\/iwell-guard.com\/fi\/troll\/"},"author":{"name":"Ralf Ittermann","@id":"https:\/\/iwell-guard.com\/fi\/#\/schema\/person\/ee2a27f1cac3406c7c6fb5820cb7349f"},"headline":"Troll","datePublished":"2026-09-03T12:29:22+00:00","dateModified":"2026-09-03T12:44:29+00:00","mainEntityOfPage":{"@id":"https:\/\/iwell-guard.com\/fi\/troll\/"},"publisher":{"@id":"https:\/\/iwell-guard.com\/fi\/#organization"},"image":{"@id":"https:\/\/iwell-guard.com\/fi\/troll\/#primaryimage"},"thumbnailUrl":"https:\/\/iwell-guard.com\/wp-content\/uploads\/2026\/04\/geister_germanisch_troll.webp","inLanguage":"fi","description":"Troll, germaanisen perinteen j\u00e4ttil\u00e4ism\u00e4inen vuoriolento. Eddan thursien ja kansantarinoiden peikkojen v\u00e4liss\u00e4, yhteydess\u00e4 kiveen ja j\u00e4ttil\u00e4isiin."}]}},"_links":{"self":[{"href":"https:\/\/iwell-guard.com\/fi\/wp-json\/wp\/v2\/pages\/143865","targetHints":{"allow":["GET"]}}],"collection":[{"href":"https:\/\/iwell-guard.com\/fi\/wp-json\/wp\/v2\/pages"}],"about":[{"href":"https:\/\/iwell-guard.com\/fi\/wp-json\/wp\/v2\/types\/page"}],"author":[{"embeddable":true,"href":"https:\/\/iwell-guard.com\/fi\/wp-json\/wp\/v2\/users\/3"}],"replies":[{"embeddable":true,"href":"https:\/\/iwell-guard.com\/fi\/wp-json\/wp\/v2\/comments?post=143865"}],"version-history":[{"count":0,"href":"https:\/\/iwell-guard.com\/fi\/wp-json\/wp\/v2\/pages\/143865\/revisions"}],"wp:featuredmedia":[{"embeddable":true,"href":"https:\/\/iwell-guard.com\/fi\/wp-json\/wp\/v2\/media\/1570"}],"wp:attachment":[{"href":"https:\/\/iwell-guard.com\/fi\/wp-json\/wp\/v2\/media?parent=143865"}],"wp:term":[{"taxonomy":"category","embeddable":true,"href":"https:\/\/iwell-guard.com\/fi\/wp-json\/wp\/v2\/categories?post=143865"}],"curies":[{"name":"wp","href":"https:\/\/api.w.org\/{rel}","templated":true}]}}