{"id":15353,"date":"2026-05-22T16:10:20","date_gmt":"2026-05-22T16:10:20","guid":{"rendered":"https:\/\/iwell-guard.com\/schutzrituale-2\/"},"modified":"2026-06-18T12:13:28","modified_gmt":"2026-06-18T12:13:28","slug":"rituales-protectores","status":"publish","type":"page","link":"https:\/\/iwell-guard.com\/es\/rituales-protectores\/","title":{"rendered":"Rituales protectores e invocaci\u00f3n"},"content":{"rendered":"\t\t<div data-elementor-type=\"wp-page\" data-elementor-id=\"15353\" class=\"elementor elementor-15353 elementor-3791 elementor-bc-flex-widget\" data-elementor-post-type=\"page\">\n\t\t\t\t<div class=\"elementor-element elementor-element-iwgs-schutzrituale-hero e-flex e-con-boxed e-con e-parent\" data-id=\"iwgs-schutzrituale-hero\" data-element_type=\"container\" data-e-type=\"container\">\n\t\t\t\t\t<div class=\"e-con-inner\">\n\t\t<div class=\"elementor-element elementor-element-iw-schutzrituale-hero-left e-con-full e-flex e-con e-child\" data-id=\"iw-schutzrituale-hero-left\" data-element_type=\"container\" data-e-type=\"container\">\n\t\t\t\t<div class=\"elementor-element elementor-element-iwgs-schutzrituale-h1 elementor-widget elementor-widget-heading\" data-id=\"iwgs-schutzrituale-h1\" data-element_type=\"widget\" data-e-type=\"widget\" data-widget_type=\"heading.default\">\n\t\t\t\t\t<h1 class=\"elementor-heading-title elementor-size-default\">Rituales de protecci\u00f3n e invocaci\u00f3n<\/h1>\t\t\t\t<\/div>\n\t\t<div class=\"elementor-element elementor-element-iw-schutzrituale-hero-bw e-con-full e-flex e-con e-child\" data-id=\"iw-schutzrituale-hero-bw\" data-element_type=\"container\" data-e-type=\"container\">\n\t\t\t\t<div class=\"elementor-element elementor-element-iwgs-schutzrituale-pills elementor-widget elementor-widget-html\" data-id=\"iwgs-schutzrituale-pills\" data-element_type=\"widget\" data-e-type=\"widget\" data-widget_type=\"html.default\">\n\t\t\t\t\t<div class=\"iwg-pill-row\"><span class=\"iwg-klasse-badge\" tabindex=\"0\" data-tooltip=\"Tipo de medio de protecci\u00f3n.\">Tipo de medio de protecci\u00f3n<\/span><a href=\"\/es\/brujula-de-proteccion\/\" class=\"iwg-kultur-badge\" tabindex=\"0\" data-tooltip=\"Volver al resumen.\">Br\u00fajula de protecci\u00f3n<\/a><\/div>\t\t\t\t<\/div>\n\t\t\t\t<div class=\"elementor-element elementor-element-iwgs-schutzrituale-lead elementor-widget elementor-widget-text-editor\" data-id=\"iwgs-schutzrituale-lead\" data-element_type=\"widget\" data-e-type=\"widget\" data-widget_type=\"text-editor.default\">\n\t\t\t\t\t\t\t\t\t<p>Por rituales de protecci\u00f3n y anrufungen entiende la <span class=\"iwg-fachbegriff\" data-tooltip=\"Ciencia que investiga la cultura cotidiana, las costumbres y las concepciones transmitidas por la tradici\u00f3n.\" tabindex=\"0\">folclore<\/span> un grupo de pr\u00e1cticas que no se basan en un objeto material, sino en la acci\u00f3n, la palabra o el gesto.<\/p><p>A diferencia de un <span class=\"iwg-fachbegriff\" data-tooltip=\"Un objeto que se porta al que se le atribuye un efecto protector y preventivo contra el mal.\" tabindex=\"0\">amuleto<\/span>, que se lleva puesto, o de una l\u00ednea de sal que se tiende, un ritual de protecci\u00f3n despliega su efecto tradicional en el acto de ejecuci\u00f3n: al pronunciar una f\u00f3rmula, al trazar un c\u00edrculo, al dirigir una oraci\u00f3n a un ser protector. La acci\u00f3n misma es considerada en estas tradiciones el n\u00facleo eficaz, no un objeto que se guarda despu\u00e9s.<\/p>\n<p>Este tipo de medio de protecci\u00f3n est\u00e1 documentado en todas las culturas conocidas. Desde las f\u00f3rmulas de conjuro de las tablillas cuneiformes babil\u00f3nicas, pasando por los conjuros germ\u00e1nicos de Merseburg, hasta las oraciones protectoras de los libros de administraci\u00f3n del hogar cristianos, se extiende un hilo continuo: los seres humanos se enfrentaban con palabra y gesto a lo que percib\u00edan como amenaza. La forma y el contenido difieren considerablemente; el principio fundamental permanece igual. El texto agrupa los rituales de protecci\u00f3n bajo la categor\u00eda com\u00fan de invocaci\u00f3n frente a la amenaza percibida.<\/p>\t\t\t\t\t\t\t\t<\/div>\n\t\t\t\t<\/div>\n\t\t\t\t<\/div>\n\t\t<div class=\"elementor-element elementor-element-iw-schutzrituale-hero-img e-con-full e-flex e-con e-child\" data-id=\"iw-schutzrituale-hero-img\" data-element_type=\"container\" data-e-type=\"container\">\n\t\t\t\t<div class=\"elementor-element elementor-element-iwgs-schutzrituale-himg iwg-hero-image elementor-widget elementor-widget-image\" data-id=\"iwgs-schutzrituale-himg\" data-element_type=\"widget\" data-e-type=\"widget\" data-widget_type=\"image.default\">\n\t\t\t\t\t\t\t\t\t\t\t\t\t\t\t<img fetchpriority=\"high\" decoding=\"async\" width=\"683\" height=\"1024\" src=\"https:\/\/iwell-guard.com\/wp-content\/uploads\/2026\/05\/schutzsymbol_universell_schutzrituale-683x1024.png\" class=\"attachment-large size-large wp-image-132864\" alt=\"Rituales de protecci\u00f3n e invocaci\u00f3n \u2013 ilustraci\u00f3n simb\u00f3lica con velas y c\u00edrculo protector\" srcset=\"https:\/\/iwell-guard.com\/wp-content\/uploads\/2026\/05\/schutzsymbol_universell_schutzrituale-683x1024.png 683w, https:\/\/iwell-guard.com\/wp-content\/uploads\/2026\/05\/schutzsymbol_universell_schutzrituale-200x300.png 200w, https:\/\/iwell-guard.com\/wp-content\/uploads\/2026\/05\/schutzsymbol_universell_schutzrituale-768x1152.png 768w, https:\/\/iwell-guard.com\/wp-content\/uploads\/2026\/05\/schutzsymbol_universell_schutzrituale.png 1024w\" sizes=\"(max-width: 683px) 100vw, 683px\" \/>\t\t\t\t\t\t\t\t\t\t\t\t\t\t\t<\/div>\n\t\t\t\t<\/div>\n\t\t\t\t\t<\/div>\n\t\t\t\t<\/div>\n\t\t<div class=\"elementor-element elementor-element-iwgs-schutzrituale-s0 e-flex e-con-boxed e-con e-parent\" data-id=\"iwgs-schutzrituale-s0\" data-element_type=\"container\" data-e-type=\"container\">\n\t\t\t\t\t<div class=\"e-con-inner\">\n\t\t\t\t<div class=\"elementor-element elementor-element-iwgs-schutzrituale-s0h elementor-widget elementor-widget-heading\" data-id=\"iwgs-schutzrituale-s0h\" data-element_type=\"widget\" data-e-type=\"widget\" data-widget_type=\"heading.default\">\n\t\t\t\t\t<h2 class=\"elementor-heading-title elementor-size-default\">Caracter\u00edsticas comunes y principio de acci\u00f3n<\/h2>\t\t\t\t<\/div>\n\t\t<div class=\"elementor-element elementor-element-iw-schutzrituale-s0-bw e-con-full e-flex e-con e-child\" data-id=\"iw-schutzrituale-s0-bw\" data-element_type=\"container\" data-e-type=\"container\">\n\t\t\t\t<div class=\"elementor-element elementor-element-iwgs-schutzrituale-s0t elementor-widget elementor-widget-text-editor\" data-id=\"iwgs-schutzrituale-s0t\" data-element_type=\"widget\" data-e-type=\"widget\" data-widget_type=\"text-editor.default\">\n\t\t\t\t\t\t\t\t\t<p>Lo que une los distintos rituales de protecci\u00f3n es su l\u00f3gica de transmisi\u00f3n: la eficacia se considera ligada a determinadas condiciones, a saber, la forma correcta de ejecuci\u00f3n, la autoridad del hablante o la referencia a un poder superior.<\/p><p>Un conjuro de destierro que se recita incorrectamente se considera ineficaz en la mayor\u00eda de las tradiciones, o se vuelve contra quien lo pronuncia. La f\u00f3rmula debe ser correcta, la intenci\u00f3n debe ser clara y, con frecuencia, una instancia superior \u2013 ya sea un nombre divino, una figura ang\u00e9lica o una autoridad ancestral \u2013 debe ser incluida de forma expl\u00edcita.<\/p>\n<p>Otro rasgo com\u00fan es la distinci\u00f3n entre el rechazo y la <span class=\"iwg-fachbegriff\" data-tooltip=\"El acto de dirigirse a una deidad o poder de forma suplicante o conjuradora.\" tabindex=\"0\">anrufung<\/span>. Los rituales de rechazo se dirigen directamente contra un ser o una fuerza percibida como hostil: buscan expulsarlos, vincularlos o mantenerlos alejados.<\/p><p>Las anrufungen, en cambio, se dirigen a un ser protector y solicitan su auxilio. En la pr\u00e1ctica, ambas formas se entremezclan, porque muchas f\u00f3rmulas convocan simult\u00e1neamente a un esp\u00edritu protector y rechazan una esfera da\u00f1ina.<\/p>\t\t\t\t\t\t\t\t<\/div>\n\t\t\t\t<\/div>\n\t\t\t\t\t<\/div>\n\t\t\t\t<\/div>\n\t\t<div class=\"elementor-element elementor-element-iwgs-schutzrituale-s1 e-flex e-con-boxed e-con e-parent\" data-id=\"iwgs-schutzrituale-s1\" data-element_type=\"container\" data-e-type=\"container\">\n\t\t\t\t\t<div class=\"e-con-inner\">\n\t\t\t\t<div class=\"elementor-element elementor-element-iwgs-schutzrituale-s1h elementor-widget elementor-widget-heading\" data-id=\"iwgs-schutzrituale-s1h\" data-element_type=\"widget\" data-e-type=\"widget\" data-widget_type=\"heading.default\">\n\t\t\t\t\t<h2 class=\"elementor-heading-title elementor-size-default\">Panorama transcultural<\/h2>\t\t\t\t<\/div>\n\t\t<div class=\"elementor-element elementor-element-iw-schutzrituale-s1-bw e-con-full e-flex e-con e-child\" data-id=\"iw-schutzrituale-s1-bw\" data-element_type=\"container\" data-e-type=\"container\">\n\t\t\t\t<div class=\"elementor-element elementor-element-iwgs-schutzrituale-s1t elementor-widget elementor-widget-text-editor\" data-id=\"iwgs-schutzrituale-s1t\" data-element_type=\"widget\" data-e-type=\"widget\" data-widget_type=\"text-editor.default\">\n\t\t\t\t\t\t\t\t\t<p>Las cinco p\u00e1ginas de detalle de esta categor\u00eda cubren las formas m\u00e1s importantes que <span class=\"iwg-fachbegriff\" data-tooltip=\"La transmisi\u00f3n de conocimientos y relatos a trav\u00e9s de generaciones.\" tabindex=\"0\">la tradici\u00f3n<\/span> y <span class=\"iwg-fachbegriff\" data-tooltip=\"Ciencia que investiga la cultura cotidiana, las costumbres y las concepciones transmitidas por la tradici\u00f3n.\" tabindex=\"0\">el folclore<\/span> distinguen.<\/p>\n<p>El <a href=\"\/es\/circulo-protector\/\">c\u00edrculo de protecci\u00f3n<\/a> es una de las formas m\u00e1s antiguas y extendidas de protecci\u00f3n ritual. En la <span class=\"iwg-fachbegriff\" data-tooltip=\"La transmisi\u00f3n de conocimientos y relatos a trav\u00e9s de generaciones.\" tabindex=\"0\">tradici\u00f3n<\/span> el c\u00edrculo trazado o marcado vale como l\u00edmite que los seres da\u00f1inos no pueden traspasar. Desde los rituales de protecci\u00f3n griegos, pasando por la pr\u00e1ctica isl\u00e1mica, hasta la <span class=\"iwg-fachbegriff\" data-tooltip=\"Pr\u00e1cticas que pretenden intervenir en el curso de los acontecimientos mediante acciones o f\u00f3rmulas especiales.\" tabindex=\"0\">magia<\/span> europea de la \u00e9poca moderna, el c\u00edrculo aparece como espacio acotado y sagrado.<\/p>\n<p>El <a href=\"\/es\/bannspruch\/\">conjuro de destierro<\/a> representa el g\u00e9nero de las f\u00f3rmulas habladas o escritas destinadas a vincular, expulsar o impedir actuar a un ser. La <span class=\"iwg-fachbegriff\" data-tooltip=\"La transmisi\u00f3n de conocimientos y relatos a trav\u00e9s de generaciones.\" tabindex=\"0\">tradici\u00f3n<\/span> conoce f\u00f3rmulas de destierro para demonios, esp\u00edritus, el mal de ojo y demonios de las enfermedades. La forma y la estructura de estas f\u00f3rmulas siguen en muchas culturas los mismos patrones ret\u00f3ricos: denominaci\u00f3n, mandato, autoridad.<\/p>\n<p>El <a href=\"\/es\/besprechen\/\">Besprechen<\/a> es una pr\u00e1ctica especialmente bien documentada en el \u00e1mbito germanoparlante, en la que se pronuncian f\u00f3rmulas transmitidas por la tradici\u00f3n para alejar influencias da\u00f1inas de personas o animales. Se diferencia del conjuro de destierro en que con mayor frecuencia apunta a la curaci\u00f3n que a la simple expulsi\u00f3n, y en que tradicionalmente est\u00e1 vinculado a ciertas personas consideradas capacitadas para dicha pr\u00e1ctica.<\/p>\n<p>La p\u00e1gina <a href=\"\/es\/invocar-angel-guarda\/\">invocar al \u00e1ngel de la guarda<\/a> se dedica a la <span class=\"iwg-fachbegriff\" data-tooltip=\"El acto de dirigirse a una deidad o poder de forma suplicante o conjuradora.\" tabindex=\"0\">anrufung<\/span> de seres espirituales protectores, documentada en tradiciones de todo el mundo. Ya sea como <span class=\"iwg-fachbegriff\" data-tooltip=\"Un \u00e1ngel al que se atribuye la protecci\u00f3n de una persona individual.\" tabindex=\"0\">\u00e1ngel de la guarda<\/span> cristiano, como \u00e1ngel custodio isl\u00e1mico, como Ishta-Devata hind\u00fa o como esp\u00edritu protector de tradiciones ind\u00edgenas: la idea de solicitar el auxilio de un ser poderoso es pr\u00e1cticamente universal.<\/p>\n<p>La <a href=\"\/es\/proteccion-del-hogar\/\">protecci\u00f3n del hogar<\/a> abarca, por \u00faltimo, rituales que toman bajo su protecci\u00f3n no a una persona, sino a un lugar \u2013 puerta, umbral, hogar o edificio \u2013. Estas pr\u00e1cticas combinan con frecuencia la ejecuci\u00f3n ritual con la colocaci\u00f3n de medios de protecci\u00f3n materiales, constituyendo as\u00ed un puente hacia la categor\u00eda de los amuletos y s\u00edmbolos de protecci\u00f3n.<\/p>\t\t\t\t\t\t\t\t<\/div>\n\t\t\t\t<\/div>\n\t\t\t\t\t<\/div>\n\t\t\t\t<\/div>\n\t\t<div class=\"elementor-element elementor-element-iwgs-schutzrituale-s2 e-flex e-con-boxed e-con e-parent\" data-id=\"iwgs-schutzrituale-s2\" data-element_type=\"container\" data-e-type=\"container\">\n\t\t\t\t\t<div class=\"e-con-inner\">\n\t\t\t\t<div class=\"elementor-element elementor-element-iwgs-schutzrituale-s2h elementor-widget elementor-widget-heading\" data-id=\"iwgs-schutzrituale-s2h\" data-element_type=\"widget\" data-e-type=\"widget\" data-widget_type=\"heading.default\">\n\t\t\t\t\t<h2 class=\"elementor-heading-title elementor-size-default\">Aplicaci\u00f3n y l\u00edmites<\/h2>\t\t\t\t<\/div>\n\t\t<div class=\"elementor-element elementor-element-iw-schutzrituale-s2-bw e-con-full e-flex e-con e-child\" data-id=\"iw-schutzrituale-s2-bw\" data-element_type=\"container\" data-e-type=\"container\">\n\t\t\t\t<div class=\"elementor-element elementor-element-iwgs-schutzrituale-s2t elementor-widget elementor-widget-text-editor\" data-id=\"iwgs-schutzrituale-s2t\" data-element_type=\"widget\" data-e-type=\"widget\" data-widget_type=\"text-editor.default\">\n\t\t\t\t\t\t\t\t\t<p>En todas las tradiciones que transmiten rituales de protecci\u00f3n se encuentra tambi\u00e9n una conciencia de sus l\u00edmites. Las f\u00f3rmulas que no se han transmitido de forma completa se consideran perdidas y, por tanto, ineficaces. Seg\u00fan muchas tradiciones, las anrufungen pronunciadas sin la actitud interior adecuada no son escuchadas. El c\u00edrculo de protecci\u00f3n falla si se abre antes de que la ejecuci\u00f3n haya concluido.<\/p>\n<p>Estas limitaciones transmitidas por la tradici\u00f3n dejan claro que los rituales de protecci\u00f3n nunca fueron concebidos como una t\u00e9cnica mec\u00e1nica, sino como un acto de comunicaci\u00f3n en una red de relaciones: entre el ser humano y el ser protector, entre la comunidad y la pr\u00e1ctica heredada, entre quien ejecuta el ritual y la fuente de autoridad a la que se remite.<\/p><p>Esta comprensi\u00f3n explica tambi\u00e9n por qu\u00e9 son estructuralmente tan similares en culturas que difieren notablemente en material, lengua y religi\u00f3n.<\/p>\t\t\t\t\t\t\t\t<\/div>\n\t\t\t\t<\/div>\n\t\t\t\t\t<\/div>\n\t\t\t\t<\/div>\n\t\t<div class=\"elementor-element elementor-element-iwgs-schutzrituale-s3 e-flex e-con-boxed e-con e-parent\" data-id=\"iwgs-schutzrituale-s3\" data-element_type=\"container\" data-e-type=\"container\">\n\t\t\t\t\t<div class=\"e-con-inner\">\n\t\t\t\t<div class=\"elementor-element elementor-element-iwgs-schutzrituale-s3h elementor-widget elementor-widget-heading\" data-id=\"iwgs-schutzrituale-s3h\" data-element_type=\"widget\" data-e-type=\"widget\" data-widget_type=\"heading.default\">\n\t\t\t\t\t<h2 class=\"elementor-heading-title elementor-size-default\">En la Br\u00fajula de protecci\u00f3n<\/h2>\t\t\t\t<\/div>\n\t\t<div class=\"elementor-element elementor-element-iw-schutzrituale-s3-bw e-con-full e-flex e-con e-child\" data-id=\"iw-schutzrituale-s3-bw\" data-element_type=\"container\" data-e-type=\"container\">\n\t\t\t\t<div class=\"elementor-element elementor-element-iwgs-schutzrituale-s3t elementor-widget elementor-widget-text-editor\" data-id=\"iwgs-schutzrituale-s3t\" data-element_type=\"widget\" data-e-type=\"widget\" data-widget_type=\"text-editor.default\">\n\t\t\t\t\t\t\t\t\t<p>Los rituales de protecci\u00f3n reunidos en esta categor\u00eda est\u00e1n vinculados en la <a href=\"\/es\/brujula-de-proteccion\/\">Br\u00fajula de protecci\u00f3n<\/a> con los seres contra los que, seg\u00fan la <span class=\"iwg-fachbegriff\" data-tooltip=\"La transmisi\u00f3n de conocimientos y relatos a trav\u00e9s de generaciones.\" tabindex=\"0\">tradici\u00f3n<\/span>, se emplean. Quien busque rituales adecuados para un <span class=\"iwg-fachbegriff\" data-tooltip=\"Ser espiritual al que se atribuye un efecto da\u00f1ino o ambivalente.\" tabindex=\"0\">demonio<\/span>, <span class=\"iwg-fachbegriff\" data-tooltip=\"Un ser incorp\u00f3reo al que se atribuye capacidad de actuar en el mundo.\" tabindex=\"0\">esp\u00edritu<\/span> o ser determinado encontrar\u00e1 all\u00ed las conexiones correspondientes directamente en la entrada del ser.<\/p>\t\t\t\t\t\t\t\t<\/div>\n\t\t\t\t<\/div>\n\t\t\t\t\t<\/div>\n\t\t\t\t<\/div>\n\t\t<div class=\"elementor-element elementor-element-iwgs-schutzrituale-lit e-flex e-con-boxed e-con e-parent\" data-id=\"iwgs-schutzrituale-lit\" data-element_type=\"container\" data-e-type=\"container\">\n\t\t\t\t\t<div class=\"e-con-inner\">\n\t\t\t\t<div class=\"elementor-element elementor-element-iwgs-schutzrituale-lith elementor-widget elementor-widget-heading\" data-id=\"iwgs-schutzrituale-lith\" data-element_type=\"widget\" data-e-type=\"widget\" data-widget_type=\"heading.default\">\n\t\t\t\t\t<h2 class=\"elementor-heading-title elementor-size-default\">Literatura (selecci\u00f3n)<\/h2>\t\t\t\t<\/div>\n\t\t<div class=\"elementor-element elementor-element-iw-schutzrituale-lit-bw e-con-full e-flex e-con e-child\" data-id=\"iw-schutzrituale-lit-bw\" data-element_type=\"container\" data-e-type=\"container\">\n\t\t\t\t<div class=\"elementor-element elementor-element-iwgs-schutzrituale-litt elementor-widget elementor-widget-html\" data-id=\"iwgs-schutzrituale-litt\" data-element_type=\"widget\" data-e-type=\"widget\" data-widget_type=\"html.default\">\n\t\t\t\t\t<footer data-nosnippet=\"true\"><ul><li>Handw\u00f6rterbuch des deutschen Aberglaubens, hrsg. von Hanns B\u00e4chtold-St\u00e4ubli, Berlin\/Leipzig 1927-1942.<\/li><li>Keith Thomas: Religion and the Decline of Magic, London 1971.<\/li><li>Richard Kieckhefer: Magic in the Middle Ages, Cambridge 1989.<\/li><li>Manfred Lurker: W\u00f6rterbuch der Symbolik, Stuttgart 1988.<\/li><li>Hans-Werner Goetz: Prosopographie der mittelalterlichen Hagiographie (zu Schutzgebeten und Anrufungen).<\/li><li>Franz Dornseiff: Das Alphabet in Mystik und Magie, Leipzig\/Berlin 1925 (zu Formeln und Bannspr\u00fcchen).<\/li><\/ul><\/footer>\t\t\t\t<\/div>\n\t\t\t\t<\/div>\n\t\t\t\t\t<\/div>\n\t\t\t\t<\/div>\n\t\t<div class=\"elementor-element elementor-element-iwgs-schutzrituale-kwd e-flex e-con-boxed e-con e-parent\" data-id=\"iwgs-schutzrituale-kwd\" data-element_type=\"container\" data-e-type=\"container\">\n\t\t\t\t\t<div class=\"e-con-inner\">\n\t\t<div class=\"elementor-element elementor-element-iw-schutzrituale-kwd-bw e-con-full e-flex e-con e-child\" data-id=\"iw-schutzrituale-kwd-bw\" data-element_type=\"container\" data-e-type=\"container\">\n\t\t\t\t<div class=\"elementor-element elementor-element-iwgs-schutzrituale-kwdt elementor-widget elementor-widget-text-editor\" data-id=\"iwgs-schutzrituale-kwdt\" data-element_type=\"widget\" data-e-type=\"widget\" data-widget_type=\"text-editor.default\">\n\t\t\t\t\t\t\t\t\t<p><em>T\u00e9rminos clave relacionados: rituales de protecci\u00f3n ritual de protecci\u00f3n conjuro de destierro c\u00edrculo de protecci\u00f3n <span class=\"iwg-fachbegriff\" data-tooltip=\"Un \u00e1ngel al que se atribuye la protecci\u00f3n de una persona individual.\" tabindex=\"0\">\u00e1ngel de la guarda<\/span> invocar.<\/em><\/p>\t\t\t\t\t\t\t\t<\/div>\n\t\t\t\t<\/div>\n\t\t\t\t\t<\/div>\n\t\t\t\t<\/div>\n\t\t<div class=\"elementor-element elementor-element-iwgs-schutzrituale-cc e-flex e-con-boxed e-con e-parent\" data-id=\"iwgs-schutzrituale-cc\" data-element_type=\"container\" data-e-type=\"container\" id=\"iwg-cc-schutzrituale\">\n\t\t\t\t\t<div class=\"e-con-inner\">\n\t\t<div class=\"elementor-element elementor-element-iwgs-schutzrituale-ccinner e-flex e-con-boxed e-con e-parent\" data-id=\"iwgs-schutzrituale-ccinner\" data-element_type=\"container\" data-e-type=\"container\" data-settings=\"{&quot;background_background&quot;:&quot;classic&quot;}\">\n\t\t\t\t\t<div class=\"e-con-inner\">\n\t\t\t\t<div class=\"elementor-element elementor-element-iwgs-schutzrituale-cch elementor-widget elementor-widget-heading\" data-id=\"iwgs-schutzrituale-cch\" data-element_type=\"widget\" data-e-type=\"widget\" data-widget_type=\"heading.default\">\n\t\t\t\t\t<h2 class=\"elementor-heading-title elementor-size-default\">iWell Guard y las tradiciones de protecci\u00f3n<\/h2>\t\t\t\t<\/div>\n\t\t\t\t<div class=\"elementor-element elementor-element-iwgs-schutzrituale-cct elementor-widget elementor-widget-text-editor\" data-id=\"iwgs-schutzrituale-cct\" data-element_type=\"widget\" data-e-type=\"widget\" data-widget_type=\"text-editor.default\">\n\t\t\t\t\t\t\t\t\t<p>Los rituales de protecci\u00f3n transmitidos por la tradici\u00f3n son testimonio del intento de muchas culturas por dirigirse a lo invisible mediante una pr\u00e1ctica deliberada. El <a href=\"\/es\/comprar-colgante-protector\/\">iWell Guard<\/a> retoma este pensamiento: re\u00fane s\u00edmbolos y tradiciones de protecci\u00f3n surgidos de forma independiente en distintas culturas en un signo que se porta.<\/p><p>Esto no reemplaza ninguna tradici\u00f3n ni ninguna pr\u00e1ctica individual, pero puede servir como objeto acompa\u00f1ante para quien busca una conexi\u00f3n tangible con estos pensamientos de protecci\u00f3n transmitidos por la tradici\u00f3n.<\/p>\t\t\t\t\t\t\t\t<\/div>\n\t\t\t\t<div class=\"elementor-element elementor-element-iwgs-schutzrituale-ccb iwg-cc-button iwg-cc-cta-2026-05-13 elementor-widget elementor-widget-jet-button\" data-id=\"iwgs-schutzrituale-ccb\" data-element_type=\"widget\" data-e-type=\"widget\" data-widget_type=\"jet-button.default\">\n\t\t\t\t<div class=\"elementor-widget-container\">\n\t\t\t\t\t<div class=\"elementor-jet-button jet-elements\"><div class=\"jet-button__container\"><a class=\"jet-button__instance jet-button__instance--icon-left hover-effect-1\" href=\"\/es\/comprar-colgante-protector\/?utm_source=iwell-guard.com&amp;utm_medium=info-box&amp;utm_campaign=schutzsymbole\"><div class=\"jet-button__plane jet-button__plane-normal\"><\/div><div class=\"jet-button__plane jet-button__plane-hover\"><\/div><div class=\"jet-button__state jet-button__state-normal\"><span class=\"jet-button__label\">M\u00e1s sobre el iWell Guard<\/span><\/div><div class=\"jet-button__state jet-button__state-hover\"><span class=\"jet-button__label\">M\u00e1s sobre el iWell Guard<\/span><\/div><\/a><\/div><\/div><style>.elementor-element.elementor-element-iwgs-schutzrituale-ccb .jet-button__instance{width:320px;height:56px;}.elementor-element.elementor-element-iwgs-schutzrituale-ccb .jet-button__state-normal .jet-button__label{text-align:center;margin:0px 0px 0px 0px;color:#1a1b20;font-family:Montserrat,sans-serif;font-size:13px;font-weight:400;letter-spacing:4px;line-height:1.714em;text-transform:uppercase;}.elementor-element.elementor-element-iwgs-schutzrituale-ccb .jet-button__state-hover .jet-button__label{text-align:center;margin:0px 0px 0px 0px;color:#FECC76;font-family:Montserrat,sans-serif;font-size:13px;font-weight:400;letter-spacing:4px;line-height:1.714em;text-transform:uppercase;}.elementor-element.elementor-element-iwgs-schutzrituale-ccb .jet-button__plane-normal{background-color:#FECC76;border-style:solid;border-color:#C99540;border-width:2px 2px 2px 2px;}.elementor-element.elementor-element-iwgs-schutzrituale-ccb .jet-button__plane-hover{background-color:rgba(0,0,0,0.55);border-style:solid;border-color:#FECC76;border-width:2px 2px 2px 2px;}<\/style>\t\t\t\t<\/div>\n\t\t\t\t<\/div>\n\t\t\t\t<div class=\"elementor-element elementor-element-iwgs-schutzrituale-ccd elementor-widget elementor-widget-text-editor\" data-id=\"iwgs-schutzrituale-ccd\" data-element_type=\"widget\" data-e-type=\"widget\" data-widget_type=\"text-editor.default\">\n\t\t\t\t\t\t\t\t\t<p style=\"text-align:center;font-size:13px;opacity:0.7;margin-top:14px\" data-nosnippet=\"true\">Las experiencias personales pueden variar. No es un producto sanitario. Sin promesa de curaci\u00f3n.<\/p>\t\t\t\t\t\t\t\t<\/div>\n\t\t\t\t\t<\/div>\n\t\t\t\t<\/div>\n\t\t\t\t\t<\/div>\n\t\t\t\t<\/div>\n\t\t<div class=\"elementor-element elementor-element-iwgs-schutzrituale-disc e-flex e-con-boxed e-con e-parent\" data-id=\"iwgs-schutzrituale-disc\" data-element_type=\"container\" data-e-type=\"container\">\n\t\t\t\t\t<div class=\"e-con-inner\">\n\t\t<div class=\"elementor-element elementor-element-iw-schutzrituale-disc-bw e-con-full e-flex e-con e-child\" data-id=\"iw-schutzrituale-disc-bw\" data-element_type=\"container\" data-e-type=\"container\">\n\t\t\t\t<div class=\"elementor-element elementor-element-iwgs-schutzrituale-discw elementor-widget elementor-widget-html\" data-id=\"iwgs-schutzrituale-discw\" data-element_type=\"widget\" data-e-type=\"widget\" data-widget_type=\"html.default\">\n\t\t\t\t\t<footer data-nosnippet=\"true\" class=\"iwg-disclaimer-block\"><p data-nosnippet=\"true\">iWell Guard <strong>no es un producto sanitario<\/strong> y no reemplaza ning\u00fan tratamiento m\u00e9dico ni psicoterap\u00e9utico. Los contenidos aqu\u00ed presentados son una clasificaci\u00f3n desde la perspectiva de las ciencias de las religiones y la historia cultural, no una garant\u00eda de eficacia espiritual.<\/p><\/footer>\t\t\t\t<\/div>\n\t\t\t\t<\/div>\n\t\t\t\t\t<\/div>\n\t\t\t\t<\/div>\n\t\t\t\t<\/div>\n\t\t","protected":false},"excerpt":{"rendered":"","protected":false},"author":3,"featured_media":4146,"parent":0,"menu_order":0,"comment_status":"closed","ping_status":"closed","template":"elementor_header_footer","meta":{"_yoast_wpseo_focuskw":"rituales de protecci\u00f3n","_yoast_wpseo_title":"Rituales de protecci\u00f3n e invocaci\u00f3n de seres protectores","_yoast_wpseo_metadesc":"C\u00edrculo de protecci\u00f3n, conjuro de destierro, Besprechen, \u00e1ngel de la guarda y protecci\u00f3n del hogar: los rituales de protecci\u00f3n m\u00e1s importantes en una","_yoast_wpseo_meta-robots-noindex":"","_yoast_wpseo_canonical":"","_angie_page":false,"gefaehrdungsstufe":"","wesen_kultur":"","wesen_klasse":"","footnotes":""},"categories":[],"class_list":["post-15353","page","type-page","status-publish","has-post-thumbnail","hentry"],"yoast_head":"<!-- This site is optimized with the Yoast SEO Premium plugin v27.7 (Yoast SEO v28.3) - https:\/\/yoast.com\/product\/yoast-seo-premium-wordpress\/ -->\n<title>Rituales de protecci\u00f3n e invocaci\u00f3n de seres protectores<\/title>\n<meta name=\"description\" content=\"C\u00edrculo de protecci\u00f3n, conjuro de destierro, Besprechen, \u00e1ngel de la guarda y protecci\u00f3n del hogar: los rituales de protecci\u00f3n m\u00e1s importantes en una\" \/>\n<meta name=\"robots\" content=\"index, follow, max-snippet:-1, max-image-preview:large, max-video-preview:-1\" \/>\n<link rel=\"canonical\" href=\"https:\/\/iwell-guard.com\/es\/rituales-protectores\/\" \/>\n<meta property=\"og:locale\" content=\"es_ES\" \/>\n<meta property=\"og:type\" content=\"article\" \/>\n<meta property=\"og:title\" content=\"Rituales protectores e invocaci\u00f3n\" \/>\n<meta property=\"og:description\" content=\"C\u00edrculo de protecci\u00f3n, conjuro de destierro, Besprechen, \u00e1ngel de la guarda y protecci\u00f3n del hogar: los rituales de protecci\u00f3n m\u00e1s importantes en una\" \/>\n<meta property=\"og:url\" content=\"https:\/\/iwell-guard.com\/es\/rituales-protectores\/\" \/>\n<meta property=\"og:site_name\" content=\"iWell Guard\" \/>\n<meta property=\"article:modified_time\" content=\"2026-06-18T12:13:28+00:00\" \/>\n<meta property=\"og:image\" content=\"https:\/\/iwell-guard.com\/wp-content\/uploads\/2026\/05\/schutzsymbol_universell_schutzrituale.png\" \/>\n\t<meta property=\"og:image:width\" content=\"1024\" \/>\n\t<meta property=\"og:image:height\" content=\"1536\" \/>\n\t<meta property=\"og:image:type\" content=\"image\/png\" \/>\n<meta name=\"twitter:card\" content=\"summary_large_image\" \/>\n<script type=\"application\/ld+json\" class=\"yoast-schema-graph\">{\"@context\":\"https:\\\/\\\/schema.org\",\"@graph\":[{\"@type\":\"WebPage\",\"@id\":\"https:\\\/\\\/iwell-guard.com\\\/es\\\/rituales-protectores\\\/\",\"url\":\"https:\\\/\\\/iwell-guard.com\\\/es\\\/rituales-protectores\\\/\",\"name\":\"Rituales de protecci\u00f3n e invocaci\u00f3n de seres protectores\",\"isPartOf\":{\"@id\":\"https:\\\/\\\/iwell-guard.com\\\/es\\\/#website\"},\"primaryImageOfPage\":{\"@id\":\"https:\\\/\\\/iwell-guard.com\\\/es\\\/rituales-protectores\\\/#primaryimage\"},\"image\":{\"@id\":\"https:\\\/\\\/iwell-guard.com\\\/es\\\/rituales-protectores\\\/#primaryimage\"},\"thumbnailUrl\":\"https:\\\/\\\/iwell-guard.com\\\/wp-content\\\/uploads\\\/2026\\\/05\\\/schutzsymbol_universell_schutzrituale.png\",\"datePublished\":\"2026-05-22T16:10:20+00:00\",\"dateModified\":\"2026-06-18T12:13:28+00:00\",\"description\":\"C\u00edrculo de protecci\u00f3n, conjuro de destierro, Besprechen, \u00e1ngel de la guarda y protecci\u00f3n del hogar: los rituales de protecci\u00f3n m\u00e1s importantes en una\",\"breadcrumb\":{\"@id\":\"https:\\\/\\\/iwell-guard.com\\\/es\\\/rituales-protectores\\\/#breadcrumb\"},\"inLanguage\":\"es\",\"potentialAction\":[{\"@type\":\"ReadAction\",\"target\":[\"https:\\\/\\\/iwell-guard.com\\\/es\\\/rituales-protectores\\\/\"]}]},{\"@type\":\"ImageObject\",\"inLanguage\":\"es\",\"@id\":\"https:\\\/\\\/iwell-guard.com\\\/es\\\/rituales-protectores\\\/#primaryimage\",\"url\":\"https:\\\/\\\/iwell-guard.com\\\/wp-content\\\/uploads\\\/2026\\\/05\\\/schutzsymbol_universell_schutzrituale.png\",\"contentUrl\":\"https:\\\/\\\/iwell-guard.com\\\/wp-content\\\/uploads\\\/2026\\\/05\\\/schutzsymbol_universell_schutzrituale.png\",\"width\":1024,\"height\":1536,\"caption\":\"Rituales de protecci\u00f3n e invocaci\u00f3n \u2013 ilustraci\u00f3n simb\u00f3lica con velas y c\u00edrculo protector\"},{\"@type\":\"BreadcrumbList\",\"@id\":\"https:\\\/\\\/iwell-guard.com\\\/es\\\/rituales-protectores\\\/#breadcrumb\",\"itemListElement\":[{\"@type\":\"ListItem\",\"position\":1,\"name\":\"Start\",\"item\":\"https:\\\/\\\/iwell-guard.com\\\/es\\\/home\\\/\"},{\"@type\":\"ListItem\",\"position\":2,\"name\":\"Rituales protectores e invocaci\u00f3n\"}]},{\"@type\":\"WebSite\",\"@id\":\"https:\\\/\\\/iwell-guard.com\\\/es\\\/#website\",\"url\":\"https:\\\/\\\/iwell-guard.com\\\/es\\\/\",\"name\":\"iWell Guard\",\"description\":\"Schutz vor dunklen Einfl\u00fcssen\",\"publisher\":{\"@id\":\"https:\\\/\\\/iwell-guard.com\\\/es\\\/#organization\"},\"potentialAction\":[{\"@type\":\"SearchAction\",\"target\":{\"@type\":\"EntryPoint\",\"urlTemplate\":\"https:\\\/\\\/iwell-guard.com\\\/es\\\/?s={search_term_string}\"},\"query-input\":{\"@type\":\"PropertyValueSpecification\",\"valueRequired\":true,\"valueName\":\"search_term_string\"}}],\"inLanguage\":\"es\"},{\"@type\":\"Organization\",\"@id\":\"https:\\\/\\\/iwell-guard.com\\\/es\\\/#organization\",\"name\":\"Ittermann electronic GmbH\",\"url\":\"https:\\\/\\\/iwell-guard.com\\\/es\\\/\",\"logo\":{\"@type\":\"ImageObject\",\"inLanguage\":\"es\",\"@id\":\"https:\\\/\\\/iwell-guard.com\\\/es\\\/#\\\/schema\\\/logo\\\/image\\\/\",\"url\":\"https:\\\/\\\/iwell-guard.com\\\/wp-content\\\/uploads\\\/2026\\\/05\\\/Ittermann-Logo-1182x237-1.png\",\"contentUrl\":\"https:\\\/\\\/iwell-guard.com\\\/wp-content\\\/uploads\\\/2026\\\/05\\\/Ittermann-Logo-1182x237-1.png\",\"width\":1182,\"height\":237,\"caption\":\"Ittermann electronic GmbH\"},\"image\":{\"@id\":\"https:\\\/\\\/iwell-guard.com\\\/es\\\/#\\\/schema\\\/logo\\\/image\\\/\"},\"sameAs\":[\"https:\\\/\\\/pantip.com\\\/profile\\\/9367242\",\"https:\\\/\\\/micro.blog\\\/iwellguard\",\"https:\\\/\\\/www.diggerslist.com\\\/iwellguard\\\/about\",\"https:\\\/\\\/skitterphoto.com\\\/photographers\\\/2870314\\\/iwell-guard\",\"https:\\\/\\\/iwellguard.wordpress.com\\\/2026\\\/06\\\/06\\\/iwell-guard\\\/\",\"https:\\\/\\\/hub.docker.com\\\/u\\\/iwellguard\",\"https:\\\/\\\/www.pinterest.com\\\/iwellguard\\\/\",\"https:\\\/\\\/bit.ly\\\/m\\\/iwellguard\",\"https:\\\/\\\/entre-vos-mains.alsace.eu\\\/profiles\\\/iwellguard\\\/activity\",\"https:\\\/\\\/gravatar.com\\\/reallybeded8fd34\",\"https:\\\/\\\/naijamatta.com\\\/iwellguard\",\"https:\\\/\\\/www.goodreads.com\\\/iwellguard\",\"https:\\\/\\\/profile.hatena.ne.jp\\\/iwellguard\\\/\",\"https:\\\/\\\/experiment.com\\\/users\\\/iwellguard\",\"https:\\\/\\\/wakelet.com\\\/@iWellGuard82270\",\"https:\\\/\\\/www.chordie.com\\\/forum\\\/profile.php?id=2555664\",\"https:\\\/\\\/www.instapaper.com\\\/p\\\/17757966\",\"https:\\\/\\\/www.mapleprimes.com\\\/users\\\/iwellguard\",\"https:\\\/\\\/businesslistingplus.com\\\/profile\\\/iwell-guard\\\/\",\"https:\\\/\\\/telegra.ph\\\/iWell-Guard-06-06\",\"https:\\\/\\\/pbase.com\\\/iwellguard\\\/iwellguard\",\"https:\\\/\\\/b.hatena.ne.jp\\\/iwellguard\\\/20260607#bookmark-4788405196491818882\",\"https:\\\/\\\/fliphtml5.com\\\/home\\\/iwellguard\",\"https:\\\/\\\/anyflip.com\\\/homepage\\\/cmiwl#About\",\"https:\\\/\\\/transfur.com\\\/Users\\\/iwellguard\",\"http:\\\/\\\/delphi.larsbo.org\\\/user\\\/iwellguard\",\"https:\\\/\\\/jobs.lajobsportal.org\\\/profiles\\\/8380803-iwell-guard\",\"https:\\\/\\\/md.chaosdorf.de\\\/s\\\/jfbe5SBdJD\",\"https:\\\/\\\/www.lingvolive.com\\\/en-us\\\/profile\\\/9ecaeaca-ce11-4e51-9e71-01d55e2bff36\\\/translations\",\"https:\\\/\\\/www.fitday.com\\\/fitness\\\/forums\\\/members\\\/iwellguard.html\",\"https:\\\/\\\/www.mymeetbook.com\\\/iwellguard\",\"https:\\\/\\\/pxhere.com\\\/en\\\/photographer-me\\\/5040798\",\"https:\\\/\\\/disqus.com\\\/by\\\/iwellguard\\\/about\\\/\",\"https:\\\/\\\/pastelink.net\\\/hjwciqwq\",\"https:\\\/\\\/pubhtml5.com\\\/homepage\\\/scjhn\\\/\",\"https:\\\/\\\/www.bitchute.com\\\/channel\\\/2O2eOKzNqujT\",\"https:\\\/\\\/audiomack.com\\\/iwellguard\"]}]}<\/script>\n<!-- \/ Yoast SEO Premium plugin. -->","yoast_head_json":{"title":"Rituales de protecci\u00f3n e invocaci\u00f3n de seres protectores","description":"C\u00edrculo de protecci\u00f3n, conjuro de destierro, Besprechen, \u00e1ngel de la guarda y protecci\u00f3n del hogar: los rituales de protecci\u00f3n m\u00e1s importantes en una","robots":{"index":"index","follow":"follow","max-snippet":"max-snippet:-1","max-image-preview":"max-image-preview:large","max-video-preview":"max-video-preview:-1"},"canonical":"https:\/\/iwell-guard.com\/es\/rituales-protectores\/","og_locale":"es_ES","og_type":"article","og_title":"Rituales protectores e invocaci\u00f3n","og_description":"C\u00edrculo de protecci\u00f3n, conjuro de destierro, Besprechen, \u00e1ngel de la guarda y protecci\u00f3n del hogar: los rituales de protecci\u00f3n m\u00e1s importantes en una","og_url":"https:\/\/iwell-guard.com\/es\/rituales-protectores\/","og_site_name":"iWell Guard","article_modified_time":"2026-06-18T12:13:28+00:00","og_image":[{"width":1024,"height":1536,"url":"https:\/\/iwell-guard.com\/wp-content\/uploads\/2026\/05\/schutzsymbol_universell_schutzrituale.png","type":"image\/png"}],"twitter_card":"summary_large_image","schema":{"@context":"https:\/\/schema.org","@graph":[{"@type":"WebPage","@id":"https:\/\/iwell-guard.com\/es\/rituales-protectores\/","url":"https:\/\/iwell-guard.com\/es\/rituales-protectores\/","name":"Rituales de protecci\u00f3n e invocaci\u00f3n de seres protectores","isPartOf":{"@id":"https:\/\/iwell-guard.com\/es\/#website"},"primaryImageOfPage":{"@id":"https:\/\/iwell-guard.com\/es\/rituales-protectores\/#primaryimage"},"image":{"@id":"https:\/\/iwell-guard.com\/es\/rituales-protectores\/#primaryimage"},"thumbnailUrl":"https:\/\/iwell-guard.com\/wp-content\/uploads\/2026\/05\/schutzsymbol_universell_schutzrituale.png","datePublished":"2026-05-22T16:10:20+00:00","dateModified":"2026-06-18T12:13:28+00:00","description":"C\u00edrculo de protecci\u00f3n, conjuro de destierro, Besprechen, \u00e1ngel de la guarda y protecci\u00f3n del hogar: los rituales de protecci\u00f3n m\u00e1s importantes en una","breadcrumb":{"@id":"https:\/\/iwell-guard.com\/es\/rituales-protectores\/#breadcrumb"},"inLanguage":"es","potentialAction":[{"@type":"ReadAction","target":["https:\/\/iwell-guard.com\/es\/rituales-protectores\/"]}]},{"@type":"ImageObject","inLanguage":"es","@id":"https:\/\/iwell-guard.com\/es\/rituales-protectores\/#primaryimage","url":"https:\/\/iwell-guard.com\/wp-content\/uploads\/2026\/05\/schutzsymbol_universell_schutzrituale.png","contentUrl":"https:\/\/iwell-guard.com\/wp-content\/uploads\/2026\/05\/schutzsymbol_universell_schutzrituale.png","width":1024,"height":1536,"caption":"Rituales de protecci\u00f3n e invocaci\u00f3n \u2013 ilustraci\u00f3n simb\u00f3lica con velas y c\u00edrculo protector"},{"@type":"BreadcrumbList","@id":"https:\/\/iwell-guard.com\/es\/rituales-protectores\/#breadcrumb","itemListElement":[{"@type":"ListItem","position":1,"name":"Start","item":"https:\/\/iwell-guard.com\/es\/home\/"},{"@type":"ListItem","position":2,"name":"Rituales protectores e invocaci\u00f3n"}]},{"@type":"WebSite","@id":"https:\/\/iwell-guard.com\/es\/#website","url":"https:\/\/iwell-guard.com\/es\/","name":"iWell Guard","description":"Schutz vor dunklen Einfl\u00fcssen","publisher":{"@id":"https:\/\/iwell-guard.com\/es\/#organization"},"potentialAction":[{"@type":"SearchAction","target":{"@type":"EntryPoint","urlTemplate":"https:\/\/iwell-guard.com\/es\/?s={search_term_string}"},"query-input":{"@type":"PropertyValueSpecification","valueRequired":true,"valueName":"search_term_string"}}],"inLanguage":"es"},{"@type":"Organization","@id":"https:\/\/iwell-guard.com\/es\/#organization","name":"Ittermann electronic GmbH","url":"https:\/\/iwell-guard.com\/es\/","logo":{"@type":"ImageObject","inLanguage":"es","@id":"https:\/\/iwell-guard.com\/es\/#\/schema\/logo\/image\/","url":"https:\/\/iwell-guard.com\/wp-content\/uploads\/2026\/05\/Ittermann-Logo-1182x237-1.png","contentUrl":"https:\/\/iwell-guard.com\/wp-content\/uploads\/2026\/05\/Ittermann-Logo-1182x237-1.png","width":1182,"height":237,"caption":"Ittermann electronic GmbH"},"image":{"@id":"https:\/\/iwell-guard.com\/es\/#\/schema\/logo\/image\/"},"sameAs":["https:\/\/pantip.com\/profile\/9367242","https:\/\/micro.blog\/iwellguard","https:\/\/www.diggerslist.com\/iwellguard\/about","https:\/\/skitterphoto.com\/photographers\/2870314\/iwell-guard","https:\/\/iwellguard.wordpress.com\/2026\/06\/06\/iwell-guard\/","https:\/\/hub.docker.com\/u\/iwellguard","https:\/\/www.pinterest.com\/iwellguard\/","https:\/\/bit.ly\/m\/iwellguard","https:\/\/entre-vos-mains.alsace.eu\/profiles\/iwellguard\/activity","https:\/\/gravatar.com\/reallybeded8fd34","https:\/\/naijamatta.com\/iwellguard","https:\/\/www.goodreads.com\/iwellguard","https:\/\/profile.hatena.ne.jp\/iwellguard\/","https:\/\/experiment.com\/users\/iwellguard","https:\/\/wakelet.com\/@iWellGuard82270","https:\/\/www.chordie.com\/forum\/profile.php?id=2555664","https:\/\/www.instapaper.com\/p\/17757966","https:\/\/www.mapleprimes.com\/users\/iwellguard","https:\/\/businesslistingplus.com\/profile\/iwell-guard\/","https:\/\/telegra.ph\/iWell-Guard-06-06","https:\/\/pbase.com\/iwellguard\/iwellguard","https:\/\/b.hatena.ne.jp\/iwellguard\/20260607#bookmark-4788405196491818882","https:\/\/fliphtml5.com\/home\/iwellguard","https:\/\/anyflip.com\/homepage\/cmiwl#About","https:\/\/transfur.com\/Users\/iwellguard","http:\/\/delphi.larsbo.org\/user\/iwellguard","https:\/\/jobs.lajobsportal.org\/profiles\/8380803-iwell-guard","https:\/\/md.chaosdorf.de\/s\/jfbe5SBdJD","https:\/\/www.lingvolive.com\/en-us\/profile\/9ecaeaca-ce11-4e51-9e71-01d55e2bff36\/translations","https:\/\/www.fitday.com\/fitness\/forums\/members\/iwellguard.html","https:\/\/www.mymeetbook.com\/iwellguard","https:\/\/pxhere.com\/en\/photographer-me\/5040798","https:\/\/disqus.com\/by\/iwellguard\/about\/","https:\/\/pastelink.net\/hjwciqwq","https:\/\/pubhtml5.com\/homepage\/scjhn\/","https:\/\/www.bitchute.com\/channel\/2O2eOKzNqujT","https:\/\/audiomack.com\/iwellguard"]}]}},"_links":{"self":[{"href":"https:\/\/iwell-guard.com\/es\/wp-json\/wp\/v2\/pages\/15353","targetHints":{"allow":["GET"]}}],"collection":[{"href":"https:\/\/iwell-guard.com\/es\/wp-json\/wp\/v2\/pages"}],"about":[{"href":"https:\/\/iwell-guard.com\/es\/wp-json\/wp\/v2\/types\/page"}],"author":[{"embeddable":true,"href":"https:\/\/iwell-guard.com\/es\/wp-json\/wp\/v2\/users\/3"}],"replies":[{"embeddable":true,"href":"https:\/\/iwell-guard.com\/es\/wp-json\/wp\/v2\/comments?post=15353"}],"version-history":[{"count":0,"href":"https:\/\/iwell-guard.com\/es\/wp-json\/wp\/v2\/pages\/15353\/revisions"}],"wp:featuredmedia":[{"embeddable":true,"href":"https:\/\/iwell-guard.com\/es\/wp-json\/wp\/v2\/media\/4146"}],"wp:attachment":[{"href":"https:\/\/iwell-guard.com\/es\/wp-json\/wp\/v2\/media?parent=15353"}],"wp:term":[{"taxonomy":"category","embeddable":true,"href":"https:\/\/iwell-guard.com\/es\/wp-json\/wp\/v2\/categories?post=15353"}],"curies":[{"name":"wp","href":"https:\/\/api.w.org\/{rel}","templated":true}]}}