{"id":139198,"date":"2026-09-03T07:43:47","date_gmt":"2026-09-03T07:43:47","guid":{"rendered":"https:\/\/iwell-guard.com\/?page_id=139198"},"modified":"2026-09-03T08:25:27","modified_gmt":"2026-09-03T08:25:27","slug":"rauhnaechte","status":"publish","type":"page","link":"https:\/\/iwell-guard.com\/da\/rauhnaechte\/","title":{"rendered":"Rauhn\u00e4chte"},"content":{"rendered":"\t\t<div data-elementor-type=\"wp-page\" data-elementor-id=\"139198\" class=\"elementor elementor-139198 elementor-107038\" data-elementor-post-type=\"page\">\n\t\t\t\t<div class=\"elementor-element elementor-element-iwgs-raeuchern-hero e-flex e-con-boxed e-con e-parent\" data-id=\"iwgs-raeuchern-hero\" data-element_type=\"container\" data-e-type=\"container\">\n\t\t\t\t\t<div class=\"e-con-inner\">\n\t\t<div class=\"elementor-element elementor-element-iw-raeuchern-hero-left e-con-full e-flex e-con e-child\" data-id=\"iw-raeuchern-hero-left\" data-element_type=\"container\" data-e-type=\"container\">\n\t\t\t\t<div class=\"elementor-element elementor-element-iwgs-raeuchern-h1 elementor-widget elementor-widget-heading\" data-id=\"iwgs-raeuchern-h1\" data-element_type=\"widget\" data-e-type=\"widget\" data-widget_type=\"heading.default\">\n\t\t\t\t\t<h1 class=\"elementor-heading-title elementor-size-default\">Rauhn\u00e4chte: de tolv n\u00e6tter mellem \u00e5rene<\/h1>\t\t\t\t<\/div>\n\t\t<div class=\"elementor-element elementor-element-iw-raeuchern-hero-bw e-con-full e-flex e-con e-child\" data-id=\"iw-raeuchern-hero-bw\" data-element_type=\"container\" data-e-type=\"container\">\n\t\t\t\t<div class=\"elementor-element elementor-element-iwgs-raeuchern-pills elementor-widget elementor-widget-html\" data-id=\"iwgs-raeuchern-pills\" data-element_type=\"widget\" data-e-type=\"widget\" data-widget_type=\"html.default\">\n\t\t\t\t\t<div class=\"iwg-pill-row\"><span class=\"iwg-klasse-badge\" tabindex=\"0\" data-tooltip=\"Tidsperiode med egen skiktradition.\">Skiktradition<\/span><a href=\"https:\/\/iwell-guard.com\/da\/germansk\/\" class=\"iwg-kultur-badge\" tabindex=\"0\" data-tooltip=\"Til overblikket over den germanske overlevering.\">Germansk omr\u00e5de<\/a><\/div>\t\t\t\t<\/div>\n\t\t\t\t<div class=\"elementor-element elementor-element-iwgs-raeuchern-lead elementor-widget elementor-widget-text-editor\" data-id=\"iwgs-raeuchern-lead\" data-element_type=\"widget\" data-e-type=\"widget\" data-widget_type=\"text-editor.default\">\n\t\t\t\t\t\t\t\t\t<p>Mellem jul og helligtrekonger ligger en periode, som i det tysktalende omr\u00e5de havde sine egne regler. Man kaldte den de Tolvte, Rauhn\u00e4chte eller ogs\u00e5 Raun\u00e4chte (begge navne betegner det samme f\u00e6nomen). I disse n\u00e6tter blev gr\u00e6nsen mellem den synlige og den usynlige verden anset for gennemtr\u00e6ngelig.<\/p><p>For lexikonet er disse n\u00e6tter \u00e5rets t\u00e6tteste beskyttelsesperiode. N\u00e6sten alt, hvad overleveringen kender af afv\u00e6rgemidler, tr\u00e6der her samlet frem: r\u00f8g, larm, vievand, t\u00e6rskeltegn og en r\u00e6kke forbud. Samtidig samles her de skikkelser, som ellers har egne sider i lexikonet.<\/p>\t\t\t\t\t\t\t\t<\/div>\n\t\t\t\t<\/div>\n\t\t\t\t<\/div>\n\t\t<div class=\"elementor-element elementor-element-iw-raeuchern-hero-img e-con-full e-flex e-con e-child\" data-id=\"iw-raeuchern-hero-img\" data-element_type=\"container\" data-e-type=\"container\">\n\t\t\t\t<div class=\"elementor-element elementor-element-iwgs-raeuchern-himg iwg-hero-image elementor-widget elementor-widget-image\" data-id=\"iwgs-raeuchern-himg\" data-element_type=\"widget\" data-e-type=\"widget\" data-widget_type=\"image.default\">\n\t\t\t\t\t\t\t\t\t\t\t\t\t\t\t<img fetchpriority=\"high\" decoding=\"async\" width=\"683\" height=\"1024\" src=\"https:\/\/iwell-guard.com\/wp-content\/uploads\/2026\/05\/schutzsymbol_universell_raeuchern-683x1024.png\" class=\"attachment-large size-large wp-image-139768\" alt=\"R\u00f8gelse og renselse \u2013 opstigende r\u00f8g som symbol p\u00e5 renselse\" srcset=\"https:\/\/iwell-guard.com\/wp-content\/uploads\/2026\/05\/schutzsymbol_universell_raeuchern-683x1024.png 683w, https:\/\/iwell-guard.com\/wp-content\/uploads\/2026\/05\/schutzsymbol_universell_raeuchern-200x300.png 200w, https:\/\/iwell-guard.com\/wp-content\/uploads\/2026\/05\/schutzsymbol_universell_raeuchern-768x1152.png 768w, https:\/\/iwell-guard.com\/wp-content\/uploads\/2026\/05\/schutzsymbol_universell_raeuchern.png 1024w\" sizes=\"(max-width: 683px) 100vw, 683px\" \/>\t\t\t\t\t\t\t\t\t\t\t\t\t\t\t<\/div>\n\t\t\t\t<\/div>\n\t\t\t\t\t<\/div>\n\t\t\t\t<\/div>\n\t\t<div class=\"elementor-element elementor-element-iwgs-raeuchern-s0 e-flex e-con-boxed e-con e-parent\" data-id=\"iwgs-raeuchern-s0\" data-element_type=\"container\" data-e-type=\"container\">\n\t\t\t\t\t<div class=\"e-con-inner\">\n\t\t\t\t<div class=\"elementor-element elementor-element-iwgs-raeuchern-s0h elementor-widget elementor-widget-heading\" data-id=\"iwgs-raeuchern-s0h\" data-element_type=\"widget\" data-e-type=\"widget\" data-widget_type=\"heading.default\">\n\t\t\t\t\t<h2 class=\"elementor-heading-title elementor-size-default\">Hvad er Rauhn\u00e4chte?<\/h2>\t\t\t\t<\/div>\n\t\t<div class=\"elementor-element elementor-element-iw-raeuchern-s0-bw e-con-full e-flex e-con e-child\" data-id=\"iw-raeuchern-s0-bw\" data-element_type=\"container\" data-e-type=\"container\">\n\t\t\t\t<div class=\"elementor-element elementor-element-iwgs-raeuchern-s0t elementor-widget elementor-widget-text-editor\" data-id=\"iwgs-raeuchern-s0t\" data-element_type=\"widget\" data-e-type=\"widget\" data-widget_type=\"text-editor.default\">\n\t\t\t\t\t\t\t\t\t<p>Rauhn\u00e4chte er de tolv n\u00e6tter mellem julefesten og helligtrekongersfesten den 6. januar. Den \u00e6ldre betegnelse for dette er de Tolvte eller Tolvn\u00e6tterne. Regionalt findes ogs\u00e5 navne som Innern\u00e4chte, Untern\u00e4chte eller Gl\u00f6ckeln\u00e4chte.<\/p><p>Folketroen tilskrev denne periode en undtagelsestilstand. \u00c5rets ordning var afsluttet, den nye var ikke begyndt endnu, og i dette mellemrum bev\u00e6gede der sig if\u00f8lge overleveringen omvandrende \u00e5nder og sagnfigurer. Derfor forklares t\u00e6theden af de beskyttende skikke, som er belagt for disse n\u00e6tter.<\/p><p>Vigtigt for forst\u00e5elsen: Rauhn\u00e4chte er ikke et v\u00e6sen og ikke en enkelt skik, men en tidsperiode, som mange skikke er blevet knyttet til. Hvad der blev gjort og undladt i dem, varierede betydeligt fra dal til dal.<\/p>\t\t\t\t\t\t\t\t<\/div>\n\t\t\t\t<\/div>\n\t\t\t\t\t<\/div>\n\t\t\t\t<\/div>\n\t\t<div class=\"elementor-element elementor-element-82e1f70 e-flex e-con-boxed e-con e-parent\" data-id=\"82e1f70\" data-element_type=\"container\" data-e-type=\"container\">\n\t\t\t\t\t<div class=\"e-con-inner\">\n\t\t\t\t<div class=\"elementor-element elementor-element- elementor-widget elementor-widget-heading\" data-id=\"\" data-element_type=\"widget\" data-e-type=\"widget\" data-widget_type=\"heading.default\">\n\t\t\t\t\t<h2 class=\"elementor-heading-title elementor-size-default\">Besl\u00e6gtede v\u00e6sener og emner<\/h2>\t\t\t\t<\/div>\n\t\t<div class=\"elementor-element elementor-element- e-con-full e-flex e-con e-child\" data-id=\"\" data-element_type=\"container\" data-e-type=\"container\">\n\t\t\t\t<div class=\"elementor-element elementor-element- elementor-widget elementor-widget-text-editor\" data-id=\"\" data-element_type=\"widget\" data-e-type=\"widget\" data-widget_type=\"text-editor.default\">\n\t\t\t\t\t\t\t\t\t<p>Skikkelserne og praksisserne i disse n\u00e6tter er beskrevet enkeltvis i leksikonet: <a href=\"https:\/\/iwell-guard.com\/da\/frau-perchta\/\">Frau Perchta og perchterne<\/a> som pr\u00f8ver af de tolv Rauhn\u00e4chte, <a href=\"https:\/\/iwell-guard.com\/da\/holla-frau-holle\/\">Frau Holle<\/a> som hendes mellemtyske modstykke, <a href=\"https:\/\/iwell-guard.com\/da\/odin\/\">Odin<\/a> i sammenh\u00e6ng med den Vilde Jagt, og <a href=\"https:\/\/iwell-guard.com\/da\/krampus\/\">Krampus<\/a> som adventens skr\u00e6kskikkelse. En oversigt over traditionen findes p\u00e5 siden om <a href=\"https:\/\/iwell-guard.com\/da\/germansk\/\">germansk overlevering<\/a>, og de overleverede beskyttelsesformer fra denne tid er beskrevet under <a href=\"https:\/\/iwell-guard.com\/da\/roegelse-og-renselse\/\">r\u00f8gelse<\/a> og <a href=\"https:\/\/iwell-guard.com\/da\/virak\/\">virak<\/a>.<\/p>\t\t\t\t\t\t\t\t<\/div>\n\t\t\t\t<\/div>\n\t\t\t\t\t<\/div>\n\t\t\t\t<\/div>\n\t\t<div class=\"elementor-element elementor-element-188289f e-flex e-con-boxed e-con e-parent\" data-id=\"188289f\" data-element_type=\"container\" data-e-type=\"container\">\n\t\t\t\t\t<div class=\"e-con-inner\">\n\t\t\t\t<div class=\"elementor-element elementor-element- elementor-widget elementor-widget-heading\" data-id=\"\" data-element_type=\"widget\" data-e-type=\"widget\" data-widget_type=\"heading.default\">\n\t\t\t\t\t<h2 class=\"elementor-heading-title elementor-size-default\">Besl\u00e6gtede v\u00e6sener og emner<\/h2>\t\t\t\t<\/div>\n\t\t<div class=\"elementor-element elementor-element- e-con-full e-flex e-con e-child\" data-id=\"\" data-element_type=\"container\" data-e-type=\"container\">\n\t\t\t\t<div class=\"elementor-element elementor-element- elementor-widget elementor-widget-text-editor\" data-id=\"\" data-element_type=\"widget\" data-e-type=\"widget\" data-widget_type=\"text-editor.default\">\n\t\t\t\t\t\t\t\t\t<p>Skikkelserne og praksisserne i disse n\u00e6tter er beskrevet enkeltvis i leksikonet: <a href=\"https:\/\/iwell-guard.com\/da\/frau-perchta\/\">Frau Perchta og perchterne<\/a> som pr\u00f8ver af de tolv Rauhn\u00e4chte, <a href=\"https:\/\/iwell-guard.com\/da\/holla-frau-holle\/\">Frau Holle<\/a> som hendes mellemtyske modstykke, <a href=\"https:\/\/iwell-guard.com\/da\/odin\/\">Odin<\/a> i sammenh\u00e6ng med den Vilde Jagt, og <a href=\"https:\/\/iwell-guard.com\/da\/krampus\/\">Krampus<\/a> som adventens skr\u00e6kskikkelse. En oversigt over traditionen findes p\u00e5 siden om <a href=\"https:\/\/iwell-guard.com\/da\/germansk\/\">germansk overlevering<\/a>, og de overleverede beskyttelsesformer fra denne tid er beskrevet under <a href=\"https:\/\/iwell-guard.com\/da\/roegelse-og-renselse\/\">r\u00f8gelse<\/a> og <a href=\"https:\/\/iwell-guard.com\/da\/virak\/\">virak<\/a>.<\/p>\t\t\t\t\t\t\t\t<\/div>\n\t\t\t\t<\/div>\n\t\t\t\t\t<\/div>\n\t\t\t\t<\/div>\n\t\t<div class=\"elementor-element elementor-element-2256a9e e-flex e-con-boxed e-con e-parent\" data-id=\"2256a9e\" data-element_type=\"container\" data-e-type=\"container\">\n\t\t\t\t\t<div class=\"e-con-inner\">\n\t\t\t\t<div class=\"elementor-element elementor-element- elementor-widget elementor-widget-heading\" data-id=\"\" data-element_type=\"widget\" data-e-type=\"widget\" data-widget_type=\"heading.default\">\n\t\t\t\t\t<h2 class=\"elementor-heading-title elementor-size-default\">Besl\u00e6gtede v\u00e6sener og emner<\/h2>\t\t\t\t<\/div>\n\t\t<div class=\"elementor-element elementor-element- e-con-full e-flex e-con e-child\" data-id=\"\" data-element_type=\"container\" data-e-type=\"container\">\n\t\t\t\t<div class=\"elementor-element elementor-element- elementor-widget elementor-widget-text-editor\" data-id=\"\" data-element_type=\"widget\" data-e-type=\"widget\" data-widget_type=\"text-editor.default\">\n\t\t\t\t\t\t\t\t\t<p>Skikkelserne og praksisserne i disse n\u00e6tter er beskrevet enkeltvis i leksikonet: <a href=\"https:\/\/iwell-guard.com\/da\/frau-perchta\/\">Frau Perchta og perchterne<\/a> som pr\u00f8ver af de tolv Rauhn\u00e4chte, <a href=\"https:\/\/iwell-guard.com\/da\/holla-frau-holle\/\">Frau Holle<\/a> som hendes mellemtyske modstykke, <a href=\"https:\/\/iwell-guard.com\/da\/odin\/\">Odin<\/a> i sammenh\u00e6ng med den Vilde Jagt, og <a href=\"https:\/\/iwell-guard.com\/da\/krampus\/\">Krampus<\/a> som adventens skr\u00e6kskikkelse. En oversigt over traditionen findes p\u00e5 siden om <a href=\"https:\/\/iwell-guard.com\/da\/germansk\/\">germansk overlevering<\/a>, og de overleverede beskyttelsesformer fra denne tid er beskrevet under <a href=\"https:\/\/iwell-guard.com\/da\/roegelse-og-renselse\/\">r\u00f8gelse<\/a> og <a href=\"https:\/\/iwell-guard.com\/da\/virak\/\">virak<\/a>.<\/p>\t\t\t\t\t\t\t\t<\/div>\n\t\t\t\t<\/div>\n\t\t\t\t\t<\/div>\n\t\t\t\t<\/div>\n\t\t<div class=\"elementor-element elementor-element-0678d93 e-flex e-con-boxed e-con e-parent\" data-id=\"0678d93\" data-element_type=\"container\" data-e-type=\"container\">\n\t\t\t\t\t<div class=\"e-con-inner\">\n\t\t\t\t<div class=\"elementor-element elementor-element- elementor-widget elementor-widget-heading\" data-id=\"\" data-element_type=\"widget\" data-e-type=\"widget\" data-widget_type=\"heading.default\">\n\t\t\t\t\t<h2 class=\"elementor-heading-title elementor-size-default\">Besl\u00e6gtede v\u00e6sener og emner<\/h2>\t\t\t\t<\/div>\n\t\t<div class=\"elementor-element elementor-element- e-con-full e-flex e-con e-child\" data-id=\"\" data-element_type=\"container\" data-e-type=\"container\">\n\t\t\t\t<div class=\"elementor-element elementor-element- elementor-widget elementor-widget-text-editor\" data-id=\"\" data-element_type=\"widget\" data-e-type=\"widget\" data-widget_type=\"text-editor.default\">\n\t\t\t\t\t\t\t\t\t<p>Skikkelserne og praksisserne i disse n\u00e6tter er beskrevet enkeltvis i leksikonet: <a href=\"https:\/\/iwell-guard.com\/da\/frau-perchta\/\">Frau Perchta og perchterne<\/a> som pr\u00f8ver af de tolv Rauhn\u00e4chte, <a href=\"https:\/\/iwell-guard.com\/da\/holla-frau-holle\/\">Frau Holle<\/a> som hendes mellemtyske modstykke, <a href=\"https:\/\/iwell-guard.com\/da\/odin\/\">Odin<\/a> i sammenh\u00e6ng med den Vilde Jagt, og <a href=\"https:\/\/iwell-guard.com\/da\/krampus\/\">Krampus<\/a> som adventens skr\u00e6kskikkelse. En oversigt over traditionen findes p\u00e5 siden om <a href=\"https:\/\/iwell-guard.com\/da\/germansk\/\">germansk overlevering<\/a>, og de overleverede beskyttelsesformer fra denne tid er beskrevet under <a href=\"https:\/\/iwell-guard.com\/da\/roegelse-og-renselse\/\">r\u00f8gelse<\/a> og <a href=\"https:\/\/iwell-guard.com\/da\/virak\/\">virak<\/a>.<\/p>\t\t\t\t\t\t\t\t<\/div>\n\t\t\t\t<\/div>\n\t\t\t\t\t<\/div>\n\t\t\t\t<\/div>\n\t\t<div class=\"elementor-element elementor-element-df2669e e-flex e-con-boxed e-con e-parent\" data-id=\"df2669e\" data-element_type=\"container\" data-e-type=\"container\">\n\t\t\t\t\t<div class=\"e-con-inner\">\n\t\t\t\t<div class=\"elementor-element elementor-element- elementor-widget elementor-widget-heading\" data-id=\"\" data-element_type=\"widget\" data-e-type=\"widget\" data-widget_type=\"heading.default\">\n\t\t\t\t\t<h2 class=\"elementor-heading-title elementor-size-default\">Besl\u00e6gtede v\u00e6sener og emner<\/h2>\t\t\t\t<\/div>\n\t\t<div class=\"elementor-element elementor-element- e-con-full e-flex e-con e-child\" data-id=\"\" data-element_type=\"container\" data-e-type=\"container\">\n\t\t\t\t<div class=\"elementor-element elementor-element- elementor-widget elementor-widget-text-editor\" data-id=\"\" data-element_type=\"widget\" data-e-type=\"widget\" data-widget_type=\"text-editor.default\">\n\t\t\t\t\t\t\t\t\t<p>Skikkelserne og praksisserne i disse n\u00e6tter er beskrevet enkeltvis i leksikonet: <a href=\"https:\/\/iwell-guard.com\/da\/frau-perchta\/\">Frau Perchta og perchterne<\/a> som pr\u00f8ver af de tolv Rauhn\u00e4chte, <a href=\"https:\/\/iwell-guard.com\/da\/holla-frau-holle\/\">Frau Holle<\/a> som hendes mellemtyske modstykke, <a href=\"https:\/\/iwell-guard.com\/da\/odin\/\">Odin<\/a> i sammenh\u00e6ng med den Vilde Jagt, og <a href=\"https:\/\/iwell-guard.com\/da\/krampus\/\">Krampus<\/a> som adventens skr\u00e6kskikkelse. En oversigt over traditionen findes p\u00e5 siden om <a href=\"https:\/\/iwell-guard.com\/da\/germansk\/\">germansk overlevering<\/a>, og de overleverede beskyttelsesformer fra denne tid er beskrevet under <a href=\"https:\/\/iwell-guard.com\/da\/roegelse-og-renselse\/\">r\u00f8gelse<\/a> og <a href=\"https:\/\/iwell-guard.com\/da\/virak\/\">virak<\/a>.<\/p>\t\t\t\t\t\t\t\t<\/div>\n\t\t\t\t<\/div>\n\t\t\t\t\t<\/div>\n\t\t\t\t<\/div>\n\t\t<div class=\"elementor-element elementor-element-79fba3f e-flex e-con-boxed e-con e-parent\" data-id=\"79fba3f\" data-element_type=\"container\" data-e-type=\"container\">\n\t\t\t\t\t<div class=\"e-con-inner\">\n\t\t\t\t<div class=\"elementor-element elementor-element- elementor-widget elementor-widget-heading\" data-id=\"\" data-element_type=\"widget\" data-e-type=\"widget\" data-widget_type=\"heading.default\">\n\t\t\t\t\t<h2 class=\"elementor-heading-title elementor-size-default\">Besl\u00e6gtede v\u00e6sener og emner<\/h2>\t\t\t\t<\/div>\n\t\t<div class=\"elementor-element elementor-element- e-con-full e-flex e-con e-child\" data-id=\"\" data-element_type=\"container\" data-e-type=\"container\">\n\t\t\t\t<div class=\"elementor-element elementor-element- elementor-widget elementor-widget-text-editor\" data-id=\"\" data-element_type=\"widget\" data-e-type=\"widget\" data-widget_type=\"text-editor.default\">\n\t\t\t\t\t\t\t\t\t<p>Skikkelserne og praksisserne i disse n\u00e6tter er beskrevet enkeltvis i leksikonet: <a href=\"https:\/\/iwell-guard.com\/da\/frau-perchta\/\">Frau Perchta og perchterne<\/a> som pr\u00f8ver af de tolv Rauhn\u00e4chte, <a href=\"https:\/\/iwell-guard.com\/da\/holla-frau-holle\/\">Frau Holle<\/a> som hendes mellemtyske modstykke, <a href=\"https:\/\/iwell-guard.com\/da\/odin\/\">Odin<\/a> i sammenh\u00e6ng med den Vilde Jagt, og <a href=\"https:\/\/iwell-guard.com\/da\/krampus\/\">Krampus<\/a> som adventens skr\u00e6kskikkelse. En oversigt over traditionen findes p\u00e5 siden om <a href=\"https:\/\/iwell-guard.com\/da\/germansk\/\">germansk overlevering<\/a>, og de overleverede beskyttelsesformer fra denne tid er beskrevet under <a href=\"https:\/\/iwell-guard.com\/da\/roegelse-og-renselse\/\">r\u00f8gelse<\/a> og <a href=\"https:\/\/iwell-guard.com\/da\/virak\/\">virak<\/a>.<\/p>\t\t\t\t\t\t\t\t<\/div>\n\t\t\t\t<\/div>\n\t\t\t\t\t<\/div>\n\t\t\t\t<\/div>\n\t\t<div class=\"elementor-element elementor-element-92ffc6f e-flex e-con-boxed e-con e-parent\" data-id=\"92ffc6f\" data-element_type=\"container\" data-e-type=\"container\">\n\t\t\t\t\t<div class=\"e-con-inner\">\n\t\t\t\t<div class=\"elementor-element elementor-element- elementor-widget elementor-widget-heading\" data-id=\"\" data-element_type=\"widget\" data-e-type=\"widget\" data-widget_type=\"heading.default\">\n\t\t\t\t\t<h2 class=\"elementor-heading-title elementor-size-default\">Besl\u00e6gtede v\u00e6sener og emner<\/h2>\t\t\t\t<\/div>\n\t\t<div class=\"elementor-element elementor-element- e-con-full e-flex e-con e-child\" data-id=\"\" data-element_type=\"container\" data-e-type=\"container\">\n\t\t\t\t<div class=\"elementor-element elementor-element- elementor-widget elementor-widget-text-editor\" data-id=\"\" data-element_type=\"widget\" data-e-type=\"widget\" data-widget_type=\"text-editor.default\">\n\t\t\t\t\t\t\t\t\t<p>Skikkelserne og praksisserne i disse n\u00e6tter er beskrevet enkeltvis i leksikonet: <a href=\"https:\/\/iwell-guard.com\/da\/frau-perchta\/\">Frau Perchta og perchterne<\/a> som pr\u00f8ver af de tolv Rauhn\u00e4chte, <a href=\"https:\/\/iwell-guard.com\/da\/holla-frau-holle\/\">Frau Holle<\/a> som hendes mellemtyske modstykke, <a href=\"https:\/\/iwell-guard.com\/da\/odin\/\">Odin<\/a> i sammenh\u00e6ng med den Vilde Jagt, og <a href=\"https:\/\/iwell-guard.com\/da\/krampus\/\">Krampus<\/a> som adventens skr\u00e6kskikkelse. En oversigt over traditionen findes p\u00e5 siden om <a href=\"https:\/\/iwell-guard.com\/da\/germansk\/\">germansk overlevering<\/a>, og de overleverede beskyttelsesformer fra denne tid er beskrevet under <a href=\"https:\/\/iwell-guard.com\/da\/roegelse-og-renselse\/\">r\u00f8gelse<\/a> og <a href=\"https:\/\/iwell-guard.com\/da\/virak\/\">virak<\/a>.<\/p>\t\t\t\t\t\t\t\t<\/div>\n\t\t\t\t<\/div>\n\t\t\t\t\t<\/div>\n\t\t\t\t<\/div>\n\t\t<div class=\"elementor-element elementor-element-19277ab e-flex e-con-boxed e-con e-parent\" data-id=\"19277ab\" data-element_type=\"container\" data-e-type=\"container\">\n\t\t\t\t\t<div class=\"e-con-inner\">\n\t\t\t\t<div class=\"elementor-element elementor-element- elementor-widget elementor-widget-heading\" data-id=\"\" data-element_type=\"widget\" data-e-type=\"widget\" data-widget_type=\"heading.default\">\n\t\t\t\t\t<h2 class=\"elementor-heading-title elementor-size-default\">Besl\u00e6gtede v\u00e6sener og emner<\/h2>\t\t\t\t<\/div>\n\t\t<div class=\"elementor-element elementor-element- e-con-full e-flex e-con e-child\" data-id=\"\" data-element_type=\"container\" data-e-type=\"container\">\n\t\t\t\t<div class=\"elementor-element elementor-element- elementor-widget elementor-widget-text-editor\" data-id=\"\" data-element_type=\"widget\" data-e-type=\"widget\" data-widget_type=\"text-editor.default\">\n\t\t\t\t\t\t\t\t\t<p>Skikkelserne og praksisserne i disse n\u00e6tter er beskrevet enkeltvis i leksikonet: <a href=\"https:\/\/iwell-guard.com\/da\/frau-perchta\/\">Frau Perchta og perchterne<\/a> som pr\u00f8ver af de tolv Rauhn\u00e4chte, <a href=\"https:\/\/iwell-guard.com\/da\/holla-frau-holle\/\">Frau Holle<\/a> som hendes mellemtyske modstykke, <a href=\"https:\/\/iwell-guard.com\/da\/odin\/\">Odin<\/a> i sammenh\u00e6ng med den Vilde Jagt, og <a href=\"https:\/\/iwell-guard.com\/da\/krampus\/\">Krampus<\/a> som adventens skr\u00e6kskikkelse. En oversigt over traditionen findes p\u00e5 siden om <a href=\"https:\/\/iwell-guard.com\/da\/germansk\/\">germansk overlevering<\/a>, og de overleverede beskyttelsesformer fra denne tid er beskrevet under <a href=\"https:\/\/iwell-guard.com\/da\/roegelse-og-renselse\/\">r\u00f8gelse<\/a> og <a href=\"https:\/\/iwell-guard.com\/da\/virak\/\">virak<\/a>.<\/p>\t\t\t\t\t\t\t\t<\/div>\n\t\t\t\t<\/div>\n\t\t\t\t\t<\/div>\n\t\t\t\t<\/div>\n\t\t<div class=\"elementor-element elementor-element-0493a62 e-flex e-con-boxed e-con e-parent\" data-id=\"0493a62\" data-element_type=\"container\" data-e-type=\"container\">\n\t\t\t\t\t<div class=\"e-con-inner\">\n\t\t\t\t<div class=\"elementor-element elementor-element- elementor-widget elementor-widget-heading\" data-id=\"\" data-element_type=\"widget\" data-e-type=\"widget\" data-widget_type=\"heading.default\">\n\t\t\t\t\t<h2 class=\"elementor-heading-title elementor-size-default\">Besl\u00e6gtede v\u00e6sener og emner<\/h2>\t\t\t\t<\/div>\n\t\t<div class=\"elementor-element elementor-element- e-con-full e-flex e-con e-child\" data-id=\"\" data-element_type=\"container\" data-e-type=\"container\">\n\t\t\t\t<div class=\"elementor-element elementor-element- elementor-widget elementor-widget-text-editor\" data-id=\"\" data-element_type=\"widget\" data-e-type=\"widget\" data-widget_type=\"text-editor.default\">\n\t\t\t\t\t\t\t\t\t<p>Skikkelserne og praksisserne i disse n\u00e6tter er beskrevet enkeltvis i leksikonet: <a href=\"https:\/\/iwell-guard.com\/da\/frau-perchta\/\">Frau Perchta og perchterne<\/a> som pr\u00f8ver af de tolv Rauhn\u00e4chte, <a href=\"https:\/\/iwell-guard.com\/da\/holla-frau-holle\/\">Frau Holle<\/a> som hendes mellemtyske modstykke, <a href=\"https:\/\/iwell-guard.com\/da\/odin\/\">Odin<\/a> i sammenh\u00e6ng med den Vilde Jagt, og <a href=\"https:\/\/iwell-guard.com\/da\/krampus\/\">Krampus<\/a> som adventens skr\u00e6kskikkelse. En oversigt over traditionen findes p\u00e5 siden om <a href=\"https:\/\/iwell-guard.com\/da\/germansk\/\">germansk overlevering<\/a>, og de overleverede beskyttelsesformer fra denne tid er beskrevet under <a href=\"https:\/\/iwell-guard.com\/da\/roegelse-og-renselse\/\">r\u00f8gelse<\/a> og <a href=\"https:\/\/iwell-guard.com\/da\/virak\/\">virak<\/a>.<\/p>\t\t\t\t\t\t\t\t<\/div>\n\t\t\t\t<\/div>\n\t\t\t\t\t<\/div>\n\t\t\t\t<\/div>\n\t\t<div class=\"elementor-element elementor-element-87a8df2 e-flex e-con-boxed e-con e-parent\" data-id=\"87a8df2\" data-element_type=\"container\" data-e-type=\"container\">\n\t\t\t\t\t<div class=\"e-con-inner\">\n\t\t\t\t<div class=\"elementor-element elementor-element- elementor-widget elementor-widget-heading\" data-id=\"\" data-element_type=\"widget\" data-e-type=\"widget\" data-widget_type=\"heading.default\">\n\t\t\t\t\t<h2 class=\"elementor-heading-title elementor-size-default\">Besl\u00e6gtede v\u00e6sener og emner<\/h2>\t\t\t\t<\/div>\n\t\t<div class=\"elementor-element elementor-element- e-con-full e-flex e-con e-child\" data-id=\"\" data-element_type=\"container\" data-e-type=\"container\">\n\t\t\t\t<div class=\"elementor-element elementor-element- elementor-widget elementor-widget-text-editor\" data-id=\"\" data-element_type=\"widget\" data-e-type=\"widget\" data-widget_type=\"text-editor.default\">\n\t\t\t\t\t\t\t\t\t<p>Skikkelserne og praksisserne i disse n\u00e6tter er beskrevet enkeltvis i leksikonet: <a href=\"https:\/\/iwell-guard.com\/da\/frau-perchta\/\">Frau Perchta og perchterne<\/a> som pr\u00f8ver af de tolv Rauhn\u00e4chte, <a href=\"https:\/\/iwell-guard.com\/da\/holla-frau-holle\/\">Frau Holle<\/a> som hendes mellemtyske modstykke, <a href=\"https:\/\/iwell-guard.com\/da\/odin\/\">Odin<\/a> i sammenh\u00e6ng med den Vilde Jagt, og <a href=\"https:\/\/iwell-guard.com\/da\/krampus\/\">Krampus<\/a> som adventens skr\u00e6kskikkelse. En oversigt over traditionen findes p\u00e5 siden om <a href=\"https:\/\/iwell-guard.com\/da\/germansk\/\">germansk overlevering<\/a>, og de overleverede beskyttelsesformer fra denne tid er beskrevet under <a href=\"https:\/\/iwell-guard.com\/da\/roegelse-og-renselse\/\">r\u00f8gelse<\/a> og <a href=\"https:\/\/iwell-guard.com\/da\/virak\/\">virak<\/a>.<\/p>\t\t\t\t\t\t\t\t<\/div>\n\t\t\t\t<\/div>\n\t\t\t\t\t<\/div>\n\t\t\t\t<\/div>\n\t\t<div class=\"elementor-element elementor-element-9000290 e-flex e-con-boxed e-con e-parent\" data-id=\"9000290\" data-element_type=\"container\" data-e-type=\"container\">\n\t\t\t\t\t<div class=\"e-con-inner\">\n\t\t\t\t<div class=\"elementor-element elementor-element- elementor-widget elementor-widget-heading\" data-id=\"\" data-element_type=\"widget\" data-e-type=\"widget\" data-widget_type=\"heading.default\">\n\t\t\t\t\t<h2 class=\"elementor-heading-title elementor-size-default\">Besl\u00e6gtede v\u00e6sener og emner<\/h2>\t\t\t\t<\/div>\n\t\t<div class=\"elementor-element elementor-element- e-con-full e-flex e-con e-child\" data-id=\"\" data-element_type=\"container\" data-e-type=\"container\">\n\t\t\t\t<div class=\"elementor-element elementor-element- elementor-widget elementor-widget-text-editor\" data-id=\"\" data-element_type=\"widget\" data-e-type=\"widget\" data-widget_type=\"text-editor.default\">\n\t\t\t\t\t\t\t\t\t<p>Skikkelserne og praksisserne i disse n\u00e6tter er beskrevet enkeltvis i leksikonet: <a href=\"https:\/\/iwell-guard.com\/da\/frau-perchta\/\">Frau Perchta og perchterne<\/a> som pr\u00f8ver af de tolv Rauhn\u00e4chte, <a href=\"https:\/\/iwell-guard.com\/da\/holla-frau-holle\/\">Frau Holle<\/a> som hendes mellemtyske modstykke, <a href=\"https:\/\/iwell-guard.com\/da\/odin\/\">Odin<\/a> i sammenh\u00e6ng med den Vilde Jagt, og <a href=\"https:\/\/iwell-guard.com\/da\/krampus\/\">Krampus<\/a> som adventens skr\u00e6kskikkelse. En oversigt over traditionen findes p\u00e5 siden om <a href=\"https:\/\/iwell-guard.com\/da\/germansk\/\">germansk overlevering<\/a>, og de overleverede beskyttelsesformer fra denne tid er beskrevet under <a href=\"https:\/\/iwell-guard.com\/da\/roegelse-og-renselse\/\">r\u00f8gelse<\/a> og <a href=\"https:\/\/iwell-guard.com\/da\/virak\/\">virak<\/a>.<\/p>\t\t\t\t\t\t\t\t<\/div>\n\t\t\t\t<\/div>\n\t\t\t\t\t<\/div>\n\t\t\t\t<\/div>\n\t\t<div class=\"elementor-element elementor-element-918fb03 e-flex e-con-boxed e-con e-parent\" data-id=\"918fb03\" data-element_type=\"container\" data-e-type=\"container\">\n\t\t\t\t\t<div class=\"e-con-inner\">\n\t\t\t\t<div class=\"elementor-element elementor-element- elementor-widget elementor-widget-heading\" data-id=\"\" data-element_type=\"widget\" data-e-type=\"widget\" data-widget_type=\"heading.default\">\n\t\t\t\t\t<h2 class=\"elementor-heading-title elementor-size-default\">Besl\u00e6gtede v\u00e6sener og emner<\/h2>\t\t\t\t<\/div>\n\t\t<div class=\"elementor-element elementor-element- e-con-full e-flex e-con e-child\" data-id=\"\" data-element_type=\"container\" data-e-type=\"container\">\n\t\t\t\t<div class=\"elementor-element elementor-element- elementor-widget elementor-widget-text-editor\" data-id=\"\" data-element_type=\"widget\" data-e-type=\"widget\" data-widget_type=\"text-editor.default\">\n\t\t\t\t\t\t\t\t\t<p>Skikkelserne og praksisserne i disse n\u00e6tter er beskrevet enkeltvis i leksikonet: <a href=\"https:\/\/iwell-guard.com\/da\/frau-perchta\/\">Frau Perchta og perchterne<\/a> som pr\u00f8ver af de tolv Rauhn\u00e4chte, <a href=\"https:\/\/iwell-guard.com\/da\/holla-frau-holle\/\">Frau Holle<\/a> som hendes mellemtyske modstykke, <a href=\"https:\/\/iwell-guard.com\/da\/odin\/\">Odin<\/a> i sammenh\u00e6ng med den Vilde Jagt, og <a href=\"https:\/\/iwell-guard.com\/da\/krampus\/\">Krampus<\/a> som adventens skr\u00e6kskikkelse. En oversigt over traditionen findes p\u00e5 siden om <a href=\"https:\/\/iwell-guard.com\/da\/germansk\/\">germansk overlevering<\/a>, og de overleverede beskyttelsesformer fra denne tid er beskrevet under <a href=\"https:\/\/iwell-guard.com\/da\/roegelse-og-renselse\/\">r\u00f8gelse<\/a> og <a href=\"https:\/\/iwell-guard.com\/da\/virak\/\">virak<\/a>.<\/p>\t\t\t\t\t\t\t\t<\/div>\n\t\t\t\t<div class=\"elementor-element elementor-element-8ab5043 elementor-widget elementor-widget-html\" data-id=\"8ab5043\" data-element_type=\"widget\" data-e-type=\"widget\" data-widget_type=\"html.default\">\n\t\t\t\t\t<script type=\"application\/ld+json\">{\"@context\": \"https:\/\/schema.org\", \"@type\": \"FAQPage\", \"mainEntity\": [{\"@type\": \"Question\", \"name\": \"Hvad m\u00e5 man ikke g\u00f8re i Rauhn\u00e4chte?\", \"acceptedAnswer\": {\"@type\": \"Answer\", \"text\": \"Overleveringen n\u00e6vner is\u00e6r tre forbud. Vask skulle ikke g\u00f8res og ikke h\u00e6nges op til at h\u00e6nge natten over, fordi den vilde jagt if\u00f8lge sagnet kunne s\u00e6tte sig fast i den. P\u00e5begyndt arbejde skulle afsluttes, og rokke skulle v\u00e6re ryddet. Udl\u00e5nte genstande blev hentet hjem igen, og i denne periode blev intet givet ud af huset. Det er tale om skikke fra tidligere tider, som i dag f\u00f8rst og fremmest lever videre som fort\u00e6llestof.\"}}, {\"@type\": \"Question\", \"name\": \"Hvad g\u00f8r man egentlig i Rauhn\u00e4chte?\", \"acceptedAnswer\": {\"@type\": \"Answer\", \"text\": \"Overleveret er fire handlingsomr\u00e5der: udr\u00f8gning af hus og stald med r\u00f8gelse og urter, velsignelsen ved d\u00f8rtrinnet med indviet vand og kridtindskriften fra stjernesangerne, tydningen af vejr og dr\u00f8mme som forvarsel for de tolv m\u00e5neder samt maskeoptogene i Alperegionen. I nutidens praksis kommer tilbageblikket med notesbog og ritualet med de tretten \u00f8nsker til, som betragtes som en yngre skik.\"}}, {\"@type\": \"Question\", \"name\": \"Hvad er de 12 Rauhn\u00e4chte?\", \"acceptedAnswer\": {\"@type\": \"Answer\", \"text\": \"De tolv Rauhn\u00e4chte er n\u00e6tterne mellem julen og helligtrekonger, i den mest udbredte opt\u00e6lling fra den 25. december til den 6. januar. \u00c6ldre opt\u00e6llinger begynder med Thomasnatten den 21. december eller med juleaftensnatten. Hver af de tolv n\u00e6tter g\u00e6lder if\u00f8lge overleveringen som varsel for en m\u00e5ned i det kommende \u00e5r.\"}}, {\"@type\": \"Question\", \"name\": \"Hvilke er de 4 vigtigste Rauhn\u00e4chte?\", \"acceptedAnswer\": {\"@type\": \"Answer\", \"text\": \"I de fleste fremstillinger fremh\u00e6ves Thomasnatten fra den 20. til den 21. december som den l\u00e6ngste nat i den gamle kalender, juleaftens nat fra den 24. til den 25. december, nyt\u00e5rsnatten som den klassiske orakelnat, samt Perchtennatten fra den 5. til den 6. januar som afslutningen p\u00e5 r\u00e6kken.\"}}]}<\/script>\t\t\t\t<\/div>\n\t\t\t\t<\/div>\n\t\t\t\t\t<\/div>\n\t\t\t\t<\/div>\n\t\t<div class=\"elementor-element elementor-element-7b4a206 e-flex e-con-boxed e-con e-parent\" data-id=\"7b4a206\" data-element_type=\"container\" data-e-type=\"container\">\n\t\t\t\t\t<div class=\"e-con-inner\">\n\t\t\t\t<div class=\"elementor-element elementor-element- elementor-widget elementor-widget-heading\" data-id=\"\" data-element_type=\"widget\" data-e-type=\"widget\" data-widget_type=\"heading.default\">\n\t\t\t\t\t<h2 class=\"elementor-heading-title elementor-size-default\">Besl\u00e6gtede v\u00e6sener og emner<\/h2>\t\t\t\t<\/div>\n\t\t<div class=\"elementor-element elementor-element- e-con-full e-flex e-con e-child\" data-id=\"\" data-element_type=\"container\" data-e-type=\"container\">\n\t\t\t\t<div class=\"elementor-element elementor-element- elementor-widget elementor-widget-text-editor\" data-id=\"\" data-element_type=\"widget\" data-e-type=\"widget\" data-widget_type=\"text-editor.default\">\n\t\t\t\t\t\t\t\t\t<p>Skikkelserne og praksisserne i disse n\u00e6tter er beskrevet enkeltvis i leksikonet: <a href=\"https:\/\/iwell-guard.com\/da\/frau-perchta\/\">Frau Perchta og perchterne<\/a> som pr\u00f8ver af de tolv Rauhn\u00e4chte, <a href=\"https:\/\/iwell-guard.com\/da\/holla-frau-holle\/\">Frau Holle<\/a> som hendes mellemtyske modstykke, <a href=\"https:\/\/iwell-guard.com\/da\/odin\/\">Odin<\/a> i sammenh\u00e6ng med den Vilde Jagt, og <a href=\"https:\/\/iwell-guard.com\/da\/krampus\/\">Krampus<\/a> som adventens skr\u00e6kskikkelse. En oversigt over traditionen findes p\u00e5 siden om <a href=\"https:\/\/iwell-guard.com\/da\/germansk\/\">germansk overlevering<\/a>, og de overleverede beskyttelsesformer fra denne tid er beskrevet under <a href=\"https:\/\/iwell-guard.com\/da\/roegelse-og-renselse\/\">r\u00f8gelse<\/a> og <a href=\"https:\/\/iwell-guard.com\/da\/virak\/\">virak<\/a>.<\/p>\t\t\t\t\t\t\t\t<\/div>\n\t\t\t\t<\/div>\n\t\t\t\t\t<\/div>\n\t\t\t\t<\/div>\n\t\t<div class=\"elementor-element elementor-element-iwgs-raeuchern-lit e-flex e-con-boxed e-con e-parent\" data-id=\"iwgs-raeuchern-lit\" data-element_type=\"container\" data-e-type=\"container\">\n\t\t\t\t\t<div class=\"e-con-inner\">\n\t\t\t\t<div class=\"elementor-element elementor-element-iwgs-raeuchern-lith elementor-widget elementor-widget-heading\" data-id=\"iwgs-raeuchern-lith\" data-element_type=\"widget\" data-e-type=\"widget\" data-widget_type=\"heading.default\">\n\t\t\t\t\t<h2 class=\"elementor-heading-title elementor-size-default\">Litteratur (udvalg)<\/h2>\t\t\t\t<\/div>\n\t\t<div class=\"elementor-element elementor-element-iw-raeuchern-lit-bw e-con-full e-flex e-con e-child\" data-id=\"iw-raeuchern-lit-bw\" data-element_type=\"container\" data-e-type=\"container\">\n\t\t\t\t<div class=\"elementor-element elementor-element-iwgs-raeuchern-litt elementor-widget elementor-widget-html\" data-id=\"iwgs-raeuchern-litt\" data-element_type=\"widget\" data-e-type=\"widget\" data-widget_type=\"html.default\">\n\t\t\t\t\t<footer data-nosnippet=\"true\"><ul><li>Handw\u00f6rterbuch des deutschen Aberglaubens. Hrsg. von Hanns B\u00e4chtold-St\u00e4ubli. Bd. 9, Artikel \u201eZw\u00f6lften\". Berlin: de Gruyter, 1938-1941.<\/li><li>Dietz-R\u00fcdiger Moser: Br\u00e4uche und Feste im christlichen Jahreslauf. Brauchformen der Gegenwart in kulturgeschichtlichen Zusammenh\u00e4ngen. Graz: Styria, 1993.<\/li><li>Manfred Becker-Huberti: Feiern, Feste, Jahreszeiten. Lebendige Br\u00e4uche im ganzen Jahr. Freiburg: Herder, 2001.<\/li><li>Marianne Rumpf: Perchten. Popul\u00e4re Glaubensgestalten zwischen Mythos und Katechese. W\u00fcrzburg: K\u00f6nigshausen und Neumann, 1991.<\/li><\/ul><\/footer>\t\t\t\t<\/div>\n\t\t\t\t<\/div>\n\t\t\t\t\t<\/div>\n\t\t\t\t<\/div>\n\t\t<div class=\"elementor-element elementor-element-iwgs-raeuchern-kwd e-flex e-con-boxed e-con e-parent\" data-id=\"iwgs-raeuchern-kwd\" data-element_type=\"container\" data-e-type=\"container\">\n\t\t\t\t\t<div class=\"e-con-inner\">\n\t\t<div class=\"elementor-element elementor-element-iw-raeuchern-kwd-bw e-con-full e-flex e-con e-child\" data-id=\"iw-raeuchern-kwd-bw\" data-element_type=\"container\" data-e-type=\"container\">\n\t\t\t\t<div class=\"elementor-element elementor-element-iwgs-raeuchern-kwdt elementor-widget elementor-widget-text-editor\" data-id=\"iwgs-raeuchern-kwdt\" data-element_type=\"widget\" data-e-type=\"widget\" data-widget_type=\"text-editor.default\">\n\t\t\t\t\t\t\t\t\t<p><em>Besl\u00e6gtede n\u00f8gleord: rauhnaechte raunaechte zwoelften raeuchern losnaechte perchtennacht.<\/em><\/p>\t\t\t\t\t\t\t\t<\/div>\n\t\t\t\t<\/div>\n\t\t\t\t\t<\/div>\n\t\t\t\t<\/div>\n\t\t<div class=\"elementor-element elementor-element-iwgs-raeuchern-cc e-flex e-con-boxed e-con e-parent\" data-id=\"iwgs-raeuchern-cc\" data-element_type=\"container\" data-e-type=\"container\" id=\"iwg-cc-raeuchern\">\n\t\t\t\t\t<div class=\"e-con-inner\">\n\t\t<div class=\"elementor-element elementor-element-iwgs-raeuchern-ccinner e-flex e-con-boxed e-con e-child\" data-id=\"iwgs-raeuchern-ccinner\" data-element_type=\"container\" data-e-type=\"container\" data-settings=\"{&quot;background_background&quot;:&quot;classic&quot;}\">\n\t\t\t\t\t<div class=\"e-con-inner\">\n\t\t\t\t<div class=\"elementor-element elementor-element-iwgs-raeuchern-cch elementor-widget elementor-widget-heading\" data-id=\"iwgs-raeuchern-cch\" data-element_type=\"widget\" data-e-type=\"widget\" data-widget_type=\"heading.default\">\n\t\t\t\t\t<h2 class=\"elementor-heading-title elementor-size-default\">iWell Guard og beskyttelsestraditioner<\/h2>\t\t\t\t<\/div>\n\t\t\t\t<div class=\"elementor-element elementor-element-iwgs-raeuchern-cct elementor-widget elementor-widget-text-editor\" data-id=\"iwgs-raeuchern-cct\" data-element_type=\"widget\" data-e-type=\"widget\" data-widget_type=\"text-editor.default\">\n\t\t\t\t\t\t\t\t\t<p>Mangfoldigheden af r\u00f8gningspraksisser viser, at mennesker p\u00e5 forskellige kontinenter n\u00e5ede til lignende konklusioner: Et rum eller en person kan gennem m\u00e5lrettede handlinger bringes i en tilstand, der g\u00f8r p\u00e5virkning udefra vanskeligere eller forhindrer den.<\/p><p><a href=\"https:\/\/iwell-guard.com\/da\/schutzanhaenger-iwell-guard-kob\/\">iWell Guard<\/a> tager disse overleveringer op og fort\u00e6tter dem i et symbol, der b\u00e6res p\u00e5 kroppen. Hvad kulturer opn\u00e5ede for rummet gennem r\u00f8gning, skal vedh\u00e6nget opn\u00e5 for personen: en varig, medb\u00e5ret erindring om viljen til beskyttelse, n\u00e6ret af traditioner tv\u00e6rs over kulturer.<\/p>\t\t\t\t\t\t\t\t<\/div>\n\t\t\t\t<div class=\"elementor-element elementor-element-iwgs-raeuchern-ccb iwg-cc-button iwg-cc-cta-2026-05-13 elementor-widget elementor-widget-jet-button\" data-id=\"iwgs-raeuchern-ccb\" data-element_type=\"widget\" data-e-type=\"widget\" data-widget_type=\"jet-button.default\">\n\t\t\t\t<div class=\"elementor-widget-container\">\n\t\t\t\t\t<div class=\"elementor-jet-button jet-elements\"><div class=\"jet-button__container\"><a class=\"jet-button__instance jet-button__instance--icon-left hover-effect-1\" href=\"\/schutzanhaenger-iwell-guard-kaufen\/?utm_source=iwell-guard.com&amp;utm_medium=info-box&amp;utm_campaign=schutzsymbole\"><div class=\"jet-button__plane jet-button__plane-normal\"><\/div><div class=\"jet-button__plane jet-button__plane-hover\"><\/div><div class=\"jet-button__state jet-button__state-normal\"><span class=\"jet-button__label\">Mere om iWell Guard<\/span><\/div><div class=\"jet-button__state jet-button__state-hover\"><span class=\"jet-button__label\">Mere om iWell Guard<\/span><\/div><\/a><\/div><\/div><style>.elementor-element.elementor-element-iwgs-raeuchern-ccb .jet-button__instance{width:320px;height:56px;}.elementor-element.elementor-element-iwgs-raeuchern-ccb .jet-button__state-normal .jet-button__label{text-align:center;margin:0px 0px 0px 0px;color:#1a1b20;font-family:Montserrat,sans-serif;font-size:13px;font-weight:400;letter-spacing:4px;line-height:1.714em;text-transform:uppercase;}.elementor-element.elementor-element-iwgs-raeuchern-ccb .jet-button__state-hover .jet-button__label{text-align:center;margin:0px 0px 0px 0px;color:#FECC76;font-family:Montserrat,sans-serif;font-size:13px;font-weight:400;letter-spacing:4px;line-height:1.714em;text-transform:uppercase;}.elementor-element.elementor-element-iwgs-raeuchern-ccb .jet-button__plane-normal{background-color:#FECC76;border-style:solid;border-color:#C99540;border-width:2px 2px 2px 2px;}.elementor-element.elementor-element-iwgs-raeuchern-ccb .jet-button__plane-hover{background-color:rgba(0,0,0,0.55);border-style:solid;border-color:#FECC76;border-width:2px 2px 2px 2px;}<\/style>\t\t\t\t<\/div>\n\t\t\t\t<\/div>\n\t\t\t\t<div class=\"elementor-element elementor-element-iwgs-raeuchern-ccd elementor-widget elementor-widget-text-editor\" data-id=\"iwgs-raeuchern-ccd\" data-element_type=\"widget\" data-e-type=\"widget\" data-widget_type=\"text-editor.default\">\n\t\t\t\t\t\t\t\t\t<p style=\"text-align:center;font-size:13px;opacity:0.7;margin-top:14px\" data-nosnippet=\"true\">Personlige oplevelser kan variere. Ikke et medicinsk produkt. Intet helbredelsesl\u00f8fte.<\/p>\t\t\t\t\t\t\t\t<\/div>\n\t\t\t\t\t<\/div>\n\t\t\t\t<\/div>\n\t\t\t\t\t<\/div>\n\t\t\t\t<\/div>\n\t\t<div class=\"elementor-element elementor-element-iwgs-raeuchern-disc e-flex e-con-boxed e-con e-parent\" data-id=\"iwgs-raeuchern-disc\" data-element_type=\"container\" data-e-type=\"container\">\n\t\t\t\t\t<div class=\"e-con-inner\">\n\t\t<div class=\"elementor-element elementor-element-iw-raeuchern-disc-bw e-con-full e-flex e-con e-child\" data-id=\"iw-raeuchern-disc-bw\" data-element_type=\"container\" data-e-type=\"container\">\n\t\t\t\t<div class=\"elementor-element elementor-element-iwgs-raeuchern-discw elementor-widget elementor-widget-html\" data-id=\"iwgs-raeuchern-discw\" data-element_type=\"widget\" data-e-type=\"widget\" data-widget_type=\"html.default\">\n\t\t\t\t\t<footer data-nosnippet=\"true\" class=\"iwg-disclaimer-block\"><p data-nosnippet=\"true\">iWell Guard er <strong>ikke et medicinsk produkt<\/strong> og erstatter ikke l\u00e6gelig eller psykoterapeutisk behandling. Indholdet her er en religionsvidenskabelig og kulturhistorisk indordning, ikke et l\u00f8fte om spirituel virkning.<\/p><\/footer>\t\t\t\t<\/div>\n\t\t\t\t<\/div>\n\t\t\t\t\t<\/div>\n\t\t\t\t<\/div>\n\t\t\t\t<\/div>\n\t\t","protected":false},"excerpt":{"rendered":"","protected":false},"author":1,"featured_media":4143,"parent":0,"menu_order":0,"comment_status":"closed","ping_status":"closed","template":"elementor_header_footer","meta":{"_yoast_wpseo_focuskw":"rauhn\u00e6tter","_yoast_wpseo_title":"Rauhn\u00e4chte: betydning, ritualer og datoer","_yoast_wpseo_metadesc":"Hvad er Rauhn\u00e4chte? Betydningen af de tolv n\u00e6tter mellem \u00e5rene, skikke og forbud, r\u00f8gelse og oraklet, fra Frau Perchta til den Vilde Jagt.","_yoast_wpseo_meta-robots-noindex":"","_yoast_wpseo_canonical":"","_angie_page":false,"gefaehrdungsstufe":"","wesen_kultur":"","wesen_klasse":"","footnotes":""},"categories":[],"class_list":["post-139198","page","type-page","status-publish","has-post-thumbnail","hentry"],"yoast_head":"<!-- This site is optimized with the Yoast SEO Premium plugin v27.7 (Yoast SEO v28.3) - https:\/\/yoast.com\/product\/yoast-seo-premium-wordpress\/ -->\n<title>Rauhn\u00e4chte: betydning, ritualer og datoer<\/title>\n<meta name=\"description\" content=\"Hvad er Rauhn\u00e4chte? Betydningen af de tolv n\u00e6tter mellem \u00e5rene, skikke og forbud, r\u00f8gelse og oraklet, fra Frau Perchta til den Vilde Jagt.\" \/>\n<meta name=\"robots\" content=\"index, follow, max-snippet:-1, max-image-preview:large, max-video-preview:-1\" \/>\n<link rel=\"canonical\" href=\"https:\/\/iwell-guard.com\/da\/rauhnaechte\/\" \/>\n<meta property=\"og:locale\" content=\"da_DK\" \/>\n<meta property=\"og:type\" content=\"article\" \/>\n<meta property=\"og:title\" content=\"Rauhn\u00e4chte\" \/>\n<meta property=\"og:description\" content=\"Hvad er Rauhn\u00e4chte? Betydningen af de tolv n\u00e6tter mellem \u00e5rene, skikke og forbud, r\u00f8gelse og oraklet, fra Frau Perchta til den Vilde Jagt.\" \/>\n<meta property=\"og:url\" content=\"https:\/\/iwell-guard.com\/da\/rauhnaechte\/\" \/>\n<meta property=\"og:site_name\" content=\"iWell Guard\" \/>\n<meta property=\"article:modified_time\" content=\"2026-09-03T08:25:27+00:00\" \/>\n<meta property=\"og:image\" content=\"https:\/\/iwell-guard.com\/wp-content\/uploads\/2026\/05\/schutzsymbol_universell_raeuchern-683x1024.png\" \/>\n\t<meta property=\"og:image:width\" content=\"683\" \/>\n\t<meta property=\"og:image:height\" content=\"1024\" \/>\n\t<meta property=\"og:image:type\" content=\"image\/png\" \/>\n<meta name=\"twitter:card\" content=\"summary_large_image\" \/>\n<script type=\"application\/ld+json\" class=\"yoast-schema-graph\">{\"@context\":\"https:\\\/\\\/schema.org\",\"@graph\":[{\"@type\":\"WebPage\",\"@id\":\"https:\\\/\\\/iwell-guard.com\\\/da\\\/rauhnaechte\\\/\",\"url\":\"https:\\\/\\\/iwell-guard.com\\\/da\\\/rauhnaechte\\\/\",\"name\":\"Rauhn\u00e4chte: betydning, ritualer og datoer\",\"isPartOf\":{\"@id\":\"https:\\\/\\\/iwell-guard.com\\\/da\\\/#website\"},\"primaryImageOfPage\":{\"@id\":\"https:\\\/\\\/iwell-guard.com\\\/da\\\/rauhnaechte\\\/#primaryimage\"},\"image\":{\"@id\":\"https:\\\/\\\/iwell-guard.com\\\/da\\\/rauhnaechte\\\/#primaryimage\"},\"thumbnailUrl\":\"https:\\\/\\\/iwell-guard.com\\\/wp-content\\\/uploads\\\/2026\\\/05\\\/schutzsymbol_universell_raeuchern.png\",\"datePublished\":\"2026-09-03T07:43:47+00:00\",\"dateModified\":\"2026-09-03T08:25:27+00:00\",\"description\":\"Hvad er Rauhn\u00e4chte? Betydningen af de tolv n\u00e6tter mellem \u00e5rene, skikke og forbud, r\u00f8gelse og oraklet, fra Frau Perchta til den Vilde Jagt.\",\"breadcrumb\":{\"@id\":\"https:\\\/\\\/iwell-guard.com\\\/da\\\/rauhnaechte\\\/#breadcrumb\"},\"inLanguage\":\"da-DK\",\"potentialAction\":[{\"@type\":\"ReadAction\",\"target\":[\"https:\\\/\\\/iwell-guard.com\\\/da\\\/rauhnaechte\\\/\"]}]},{\"@type\":\"ImageObject\",\"inLanguage\":\"da-DK\",\"@id\":\"https:\\\/\\\/iwell-guard.com\\\/da\\\/rauhnaechte\\\/#primaryimage\",\"url\":\"https:\\\/\\\/iwell-guard.com\\\/wp-content\\\/uploads\\\/2026\\\/05\\\/schutzsymbol_universell_raeuchern.png\",\"contentUrl\":\"https:\\\/\\\/iwell-guard.com\\\/wp-content\\\/uploads\\\/2026\\\/05\\\/schutzsymbol_universell_raeuchern.png\",\"width\":1024,\"height\":1536,\"caption\":\"R\u00f8gelse og renselse \u2013 opstigende r\u00f8g som symbol p\u00e5 renselse\"},{\"@type\":\"BreadcrumbList\",\"@id\":\"https:\\\/\\\/iwell-guard.com\\\/da\\\/rauhnaechte\\\/#breadcrumb\",\"itemListElement\":[{\"@type\":\"ListItem\",\"position\":1,\"name\":\"Start\",\"item\":\"https:\\\/\\\/iwell-guard.com\\\/da\\\/?page_id=137908\"},{\"@type\":\"ListItem\",\"position\":2,\"name\":\"Rauhn\u00e4chte\"}]},{\"@type\":\"WebSite\",\"@id\":\"https:\\\/\\\/iwell-guard.com\\\/da\\\/#website\",\"url\":\"https:\\\/\\\/iwell-guard.com\\\/da\\\/\",\"name\":\"iWell Guard\",\"description\":\"Schutz vor dunklen Einfl\u00fcssen\",\"publisher\":{\"@id\":\"https:\\\/\\\/iwell-guard.com\\\/da\\\/#organization\"},\"potentialAction\":[{\"@type\":\"SearchAction\",\"target\":{\"@type\":\"EntryPoint\",\"urlTemplate\":\"https:\\\/\\\/iwell-guard.com\\\/da\\\/?s={search_term_string}\"},\"query-input\":{\"@type\":\"PropertyValueSpecification\",\"valueRequired\":true,\"valueName\":\"search_term_string\"}}],\"inLanguage\":\"da-DK\"},{\"@type\":\"Organization\",\"@id\":\"https:\\\/\\\/iwell-guard.com\\\/da\\\/#organization\",\"name\":\"Ittermann electronic GmbH\",\"url\":\"https:\\\/\\\/iwell-guard.com\\\/da\\\/\",\"logo\":{\"@type\":\"ImageObject\",\"inLanguage\":\"da-DK\",\"@id\":\"https:\\\/\\\/iwell-guard.com\\\/da\\\/#\\\/schema\\\/logo\\\/image\\\/\",\"url\":\"https:\\\/\\\/iwell-guard.com\\\/wp-content\\\/uploads\\\/2026\\\/05\\\/Ittermann-Logo-1182x237-1.png\",\"contentUrl\":\"https:\\\/\\\/iwell-guard.com\\\/wp-content\\\/uploads\\\/2026\\\/05\\\/Ittermann-Logo-1182x237-1.png\",\"width\":1182,\"height\":237,\"caption\":\"Ittermann electronic GmbH\"},\"image\":{\"@id\":\"https:\\\/\\\/iwell-guard.com\\\/da\\\/#\\\/schema\\\/logo\\\/image\\\/\"},\"sameAs\":[\"https:\\\/\\\/pantip.com\\\/profile\\\/9367242\",\"https:\\\/\\\/micro.blog\\\/iwellguard\",\"https:\\\/\\\/www.diggerslist.com\\\/iwellguard\\\/about\",\"https:\\\/\\\/skitterphoto.com\\\/photographers\\\/2870314\\\/iwell-guard\",\"https:\\\/\\\/iwellguard.wordpress.com\\\/2026\\\/06\\\/06\\\/iwell-guard\\\/\",\"https:\\\/\\\/hub.docker.com\\\/u\\\/iwellguard\",\"https:\\\/\\\/www.pinterest.com\\\/iwellguard\\\/\",\"https:\\\/\\\/bit.ly\\\/m\\\/iwellguard\",\"https:\\\/\\\/entre-vos-mains.alsace.eu\\\/profiles\\\/iwellguard\\\/activity\",\"https:\\\/\\\/gravatar.com\\\/reallybeded8fd34\",\"https:\\\/\\\/naijamatta.com\\\/iwellguard\",\"https:\\\/\\\/www.goodreads.com\\\/iwellguard\",\"https:\\\/\\\/profile.hatena.ne.jp\\\/iwellguard\\\/\",\"https:\\\/\\\/experiment.com\\\/users\\\/iwellguard\",\"https:\\\/\\\/wakelet.com\\\/@iWellGuard82270\",\"https:\\\/\\\/www.chordie.com\\\/forum\\\/profile.php?id=2555664\",\"https:\\\/\\\/www.instapaper.com\\\/p\\\/17757966\",\"https:\\\/\\\/www.mapleprimes.com\\\/users\\\/iwellguard\",\"https:\\\/\\\/businesslistingplus.com\\\/profile\\\/iwell-guard\\\/\",\"https:\\\/\\\/telegra.ph\\\/iWell-Guard-06-06\",\"https:\\\/\\\/pbase.com\\\/iwellguard\\\/iwellguard\",\"https:\\\/\\\/b.hatena.ne.jp\\\/iwellguard\\\/20260607#bookmark-4788405196491818882\",\"https:\\\/\\\/fliphtml5.com\\\/home\\\/iwellguard\",\"https:\\\/\\\/anyflip.com\\\/homepage\\\/cmiwl#About\",\"https:\\\/\\\/transfur.com\\\/Users\\\/iwellguard\",\"http:\\\/\\\/delphi.larsbo.org\\\/user\\\/iwellguard\",\"https:\\\/\\\/jobs.lajobsportal.org\\\/profiles\\\/8380803-iwell-guard\",\"https:\\\/\\\/md.chaosdorf.de\\\/s\\\/jfbe5SBdJD\",\"https:\\\/\\\/www.lingvolive.com\\\/en-us\\\/profile\\\/9ecaeaca-ce11-4e51-9e71-01d55e2bff36\\\/translations\",\"https:\\\/\\\/www.fitday.com\\\/fitness\\\/forums\\\/members\\\/iwellguard.html\",\"https:\\\/\\\/www.mymeetbook.com\\\/iwellguard\",\"https:\\\/\\\/pxhere.com\\\/en\\\/photographer-me\\\/5040798\",\"https:\\\/\\\/disqus.com\\\/by\\\/iwellguard\\\/about\\\/\",\"https:\\\/\\\/pastelink.net\\\/hjwciqwq\",\"https:\\\/\\\/pubhtml5.com\\\/homepage\\\/scjhn\\\/\",\"https:\\\/\\\/www.bitchute.com\\\/channel\\\/2O2eOKzNqujT\",\"https:\\\/\\\/audiomack.com\\\/iwellguard\"]}]}<\/script>\n<!-- \/ Yoast SEO Premium plugin. -->","yoast_head_json":{"title":"Rauhn\u00e4chte: betydning, ritualer og datoer","description":"Hvad er Rauhn\u00e4chte? Betydningen af de tolv n\u00e6tter mellem \u00e5rene, skikke og forbud, r\u00f8gelse og oraklet, fra Frau Perchta til den Vilde Jagt.","robots":{"index":"index","follow":"follow","max-snippet":"max-snippet:-1","max-image-preview":"max-image-preview:large","max-video-preview":"max-video-preview:-1"},"canonical":"https:\/\/iwell-guard.com\/da\/rauhnaechte\/","og_locale":"da_DK","og_type":"article","og_title":"Rauhn\u00e4chte","og_description":"Hvad er Rauhn\u00e4chte? Betydningen af de tolv n\u00e6tter mellem \u00e5rene, skikke og forbud, r\u00f8gelse og oraklet, fra Frau Perchta til den Vilde Jagt.","og_url":"https:\/\/iwell-guard.com\/da\/rauhnaechte\/","og_site_name":"iWell Guard","article_modified_time":"2026-09-03T08:25:27+00:00","og_image":[{"width":683,"height":1024,"url":"https:\/\/iwell-guard.com\/wp-content\/uploads\/2026\/05\/schutzsymbol_universell_raeuchern-683x1024.png","type":"image\/png"}],"twitter_card":"summary_large_image","schema":{"@context":"https:\/\/schema.org","@graph":[{"@type":"WebPage","@id":"https:\/\/iwell-guard.com\/da\/rauhnaechte\/","url":"https:\/\/iwell-guard.com\/da\/rauhnaechte\/","name":"Rauhn\u00e4chte: betydning, ritualer og datoer","isPartOf":{"@id":"https:\/\/iwell-guard.com\/da\/#website"},"primaryImageOfPage":{"@id":"https:\/\/iwell-guard.com\/da\/rauhnaechte\/#primaryimage"},"image":{"@id":"https:\/\/iwell-guard.com\/da\/rauhnaechte\/#primaryimage"},"thumbnailUrl":"https:\/\/iwell-guard.com\/wp-content\/uploads\/2026\/05\/schutzsymbol_universell_raeuchern.png","datePublished":"2026-09-03T07:43:47+00:00","dateModified":"2026-09-03T08:25:27+00:00","description":"Hvad er Rauhn\u00e4chte? Betydningen af de tolv n\u00e6tter mellem \u00e5rene, skikke og forbud, r\u00f8gelse og oraklet, fra Frau Perchta til den Vilde Jagt.","breadcrumb":{"@id":"https:\/\/iwell-guard.com\/da\/rauhnaechte\/#breadcrumb"},"inLanguage":"da-DK","potentialAction":[{"@type":"ReadAction","target":["https:\/\/iwell-guard.com\/da\/rauhnaechte\/"]}]},{"@type":"ImageObject","inLanguage":"da-DK","@id":"https:\/\/iwell-guard.com\/da\/rauhnaechte\/#primaryimage","url":"https:\/\/iwell-guard.com\/wp-content\/uploads\/2026\/05\/schutzsymbol_universell_raeuchern.png","contentUrl":"https:\/\/iwell-guard.com\/wp-content\/uploads\/2026\/05\/schutzsymbol_universell_raeuchern.png","width":1024,"height":1536,"caption":"R\u00f8gelse og renselse \u2013 opstigende r\u00f8g som symbol p\u00e5 renselse"},{"@type":"BreadcrumbList","@id":"https:\/\/iwell-guard.com\/da\/rauhnaechte\/#breadcrumb","itemListElement":[{"@type":"ListItem","position":1,"name":"Start","item":"https:\/\/iwell-guard.com\/da\/?page_id=137908"},{"@type":"ListItem","position":2,"name":"Rauhn\u00e4chte"}]},{"@type":"WebSite","@id":"https:\/\/iwell-guard.com\/da\/#website","url":"https:\/\/iwell-guard.com\/da\/","name":"iWell Guard","description":"Schutz vor dunklen Einfl\u00fcssen","publisher":{"@id":"https:\/\/iwell-guard.com\/da\/#organization"},"potentialAction":[{"@type":"SearchAction","target":{"@type":"EntryPoint","urlTemplate":"https:\/\/iwell-guard.com\/da\/?s={search_term_string}"},"query-input":{"@type":"PropertyValueSpecification","valueRequired":true,"valueName":"search_term_string"}}],"inLanguage":"da-DK"},{"@type":"Organization","@id":"https:\/\/iwell-guard.com\/da\/#organization","name":"Ittermann electronic GmbH","url":"https:\/\/iwell-guard.com\/da\/","logo":{"@type":"ImageObject","inLanguage":"da-DK","@id":"https:\/\/iwell-guard.com\/da\/#\/schema\/logo\/image\/","url":"https:\/\/iwell-guard.com\/wp-content\/uploads\/2026\/05\/Ittermann-Logo-1182x237-1.png","contentUrl":"https:\/\/iwell-guard.com\/wp-content\/uploads\/2026\/05\/Ittermann-Logo-1182x237-1.png","width":1182,"height":237,"caption":"Ittermann electronic GmbH"},"image":{"@id":"https:\/\/iwell-guard.com\/da\/#\/schema\/logo\/image\/"},"sameAs":["https:\/\/pantip.com\/profile\/9367242","https:\/\/micro.blog\/iwellguard","https:\/\/www.diggerslist.com\/iwellguard\/about","https:\/\/skitterphoto.com\/photographers\/2870314\/iwell-guard","https:\/\/iwellguard.wordpress.com\/2026\/06\/06\/iwell-guard\/","https:\/\/hub.docker.com\/u\/iwellguard","https:\/\/www.pinterest.com\/iwellguard\/","https:\/\/bit.ly\/m\/iwellguard","https:\/\/entre-vos-mains.alsace.eu\/profiles\/iwellguard\/activity","https:\/\/gravatar.com\/reallybeded8fd34","https:\/\/naijamatta.com\/iwellguard","https:\/\/www.goodreads.com\/iwellguard","https:\/\/profile.hatena.ne.jp\/iwellguard\/","https:\/\/experiment.com\/users\/iwellguard","https:\/\/wakelet.com\/@iWellGuard82270","https:\/\/www.chordie.com\/forum\/profile.php?id=2555664","https:\/\/www.instapaper.com\/p\/17757966","https:\/\/www.mapleprimes.com\/users\/iwellguard","https:\/\/businesslistingplus.com\/profile\/iwell-guard\/","https:\/\/telegra.ph\/iWell-Guard-06-06","https:\/\/pbase.com\/iwellguard\/iwellguard","https:\/\/b.hatena.ne.jp\/iwellguard\/20260607#bookmark-4788405196491818882","https:\/\/fliphtml5.com\/home\/iwellguard","https:\/\/anyflip.com\/homepage\/cmiwl#About","https:\/\/transfur.com\/Users\/iwellguard","http:\/\/delphi.larsbo.org\/user\/iwellguard","https:\/\/jobs.lajobsportal.org\/profiles\/8380803-iwell-guard","https:\/\/md.chaosdorf.de\/s\/jfbe5SBdJD","https:\/\/www.lingvolive.com\/en-us\/profile\/9ecaeaca-ce11-4e51-9e71-01d55e2bff36\/translations","https:\/\/www.fitday.com\/fitness\/forums\/members\/iwellguard.html","https:\/\/www.mymeetbook.com\/iwellguard","https:\/\/pxhere.com\/en\/photographer-me\/5040798","https:\/\/disqus.com\/by\/iwellguard\/about\/","https:\/\/pastelink.net\/hjwciqwq","https:\/\/pubhtml5.com\/homepage\/scjhn\/","https:\/\/www.bitchute.com\/channel\/2O2eOKzNqujT","https:\/\/audiomack.com\/iwellguard"]}]}},"_links":{"self":[{"href":"https:\/\/iwell-guard.com\/da\/wp-json\/wp\/v2\/pages\/139198","targetHints":{"allow":["GET"]}}],"collection":[{"href":"https:\/\/iwell-guard.com\/da\/wp-json\/wp\/v2\/pages"}],"about":[{"href":"https:\/\/iwell-guard.com\/da\/wp-json\/wp\/v2\/types\/page"}],"author":[{"embeddable":true,"href":"https:\/\/iwell-guard.com\/da\/wp-json\/wp\/v2\/users\/1"}],"replies":[{"embeddable":true,"href":"https:\/\/iwell-guard.com\/da\/wp-json\/wp\/v2\/comments?post=139198"}],"version-history":[{"count":0,"href":"https:\/\/iwell-guard.com\/da\/wp-json\/wp\/v2\/pages\/139198\/revisions"}],"wp:featuredmedia":[{"embeddable":true,"href":"https:\/\/iwell-guard.com\/da\/wp-json\/wp\/v2\/media\/4143"}],"wp:attachment":[{"href":"https:\/\/iwell-guard.com\/da\/wp-json\/wp\/v2\/media?parent=139198"}],"wp:term":[{"taxonomy":"category","embeddable":true,"href":"https:\/\/iwell-guard.com\/da\/wp-json\/wp\/v2\/categories?post=139198"}],"curies":[{"name":"wp","href":"https:\/\/api.w.org\/{rel}","templated":true}]}}