{"id":139187,"date":"2026-09-03T07:43:37","date_gmt":"2026-09-03T07:43:37","guid":{"rendered":"https:\/\/iwell-guard.com\/?page_id=139187"},"modified":"2026-09-03T08:25:02","modified_gmt":"2026-09-03T08:25:02","slug":"rumaensk-mytologi","status":"publish","type":"page","link":"https:\/\/iwell-guard.com\/da\/rumaensk-mytologi\/","title":{"rendered":"Rum\u00e6nsk mytologi"},"content":{"rendered":"\t\t<div data-elementor-type=\"wp-page\" data-elementor-id=\"139187\" class=\"elementor elementor-139187 elementor-20574 elementor-bc-flex-widget\" data-elementor-post-type=\"page\">\n\t\t\t\t<div class=\"elementor-element elementor-element-iwgcn-sami-hero iwg-kultur-hero e-flex e-con-boxed e-con e-parent\" data-id=\"iwgcn-sami-hero\" data-element_type=\"container\" data-e-type=\"container\">\n\t\t\t\t\t<div class=\"e-con-inner\">\n\t\t<div class=\"elementor-element elementor-element-iwgcn-sami-hl iwg-kultur-hero-left e-flex e-con-boxed e-con e-child\" data-id=\"iwgcn-sami-hl\" data-element_type=\"container\" data-e-type=\"container\">\n\t\t\t\t\t<div class=\"e-con-inner\">\n\t\t\t\t<div class=\"elementor-element elementor-element-iwgcn-sami-h1 elementor-widget elementor-widget-heading\" data-id=\"iwgcn-sami-h1\" data-element_type=\"widget\" data-e-type=\"widget\" data-widget_type=\"heading.default\">\n\t\t\t\t\t<h1 class=\"elementor-heading-title elementor-size-default\">Strigoi, Iele og de rum\u00e6nske Karpaters \u00e5ndeverden<\/h1>\t\t\t\t<\/div>\n\t\t<div class=\"elementor-element elementor-element-iwgcn-sami-leadc e-con-full e-flex e-con e-child\" data-id=\"iwgcn-sami-leadc\" data-element_type=\"container\" data-e-type=\"container\">\n\t\t\t\t<div class=\"elementor-element elementor-element-iwgcn-sami-lead elementor-widget elementor-widget-text-editor\" data-id=\"iwgcn-sami-lead\" data-element_type=\"widget\" data-e-type=\"widget\" data-widget_type=\"text-editor.default\">\n\t\t\t\t\t\t\t\t\t<p>Den rum\u00e6nske folketro forbinder en udpr\u00e6get d\u00f8detro om Strigoi og Moroi med naturv\u00e6sener som de dansende Iele, skovmoderen Muma P\u0103durii og varulvetroen om Pricolici. Disse forestillinger opstod i et landsamfund, der ved siden af den rum\u00e6nsk-ortodokse kirke i \u00e5rhundreder plejede egne skikke til beskyttelse mod ud\u00f8de og \u00e5nder, is\u00e6r i Transsylvanien, Moldavien og Valakiet.<\/p>\n<p class=\"iwg-kwfix\">Rum\u00e6nsk mytologi adskiller sig markant fra den litter\u00e6re Dracula-myte, der g\u00e5r tilbage til Bram Stokers roman fra 1897 og kun l\u00f8st er forbundet med Rum\u00e6niens faktiske folketro. Bidraget introducerer de rum\u00e6nske Karpaters \u00e5ndeverden, som adskiller sig markant fra den litter\u00e6re Dracula-myte.<\/p>\t\t\t\t\t\t\t\t<\/div>\n\t\t\t\t<\/div>\n\t\t\t\t\t<\/div>\n\t\t\t\t<\/div>\n\t\t<div class=\"elementor-element elementor-element-iwgcn-sami-hr iwg-kultur-hero-right e-flex e-con-boxed e-con e-child\" data-id=\"iwgcn-sami-hr\" data-element_type=\"container\" data-e-type=\"container\">\n\t\t\t\t\t<div class=\"e-con-inner\">\n\t\t\t\t<div class=\"elementor-element elementor-element-iwgcn-sami-himg iwg-hero-image elementor-widget elementor-widget-image\" data-id=\"iwgcn-sami-himg\" data-element_type=\"widget\" data-e-type=\"widget\" data-widget_type=\"image.default\">\n\t\t\t\t\t\t\t\t\t\t\t\t\t\t\t<img fetchpriority=\"high\" decoding=\"async\" width=\"683\" height=\"1024\" src=\"https:\/\/iwell-guard.com\/wp-content\/uploads\/2026\/05\/goetter_sami_beaivi-683x1024.webp\" class=\"attachment-large size-large wp-image-140096\" alt=\"Beaivi - guder fra den samiske tradition, historisk-illustrativt\" srcset=\"https:\/\/iwell-guard.com\/wp-content\/uploads\/2026\/05\/goetter_sami_beaivi-683x1024.webp 683w, https:\/\/iwell-guard.com\/wp-content\/uploads\/2026\/05\/goetter_sami_beaivi-200x300.webp 200w, https:\/\/iwell-guard.com\/wp-content\/uploads\/2026\/05\/goetter_sami_beaivi-768x1152.webp 768w, https:\/\/iwell-guard.com\/wp-content\/uploads\/2026\/05\/goetter_sami_beaivi.webp 1024w\" sizes=\"(max-width: 683px) 100vw, 683px\" \/>\t\t\t\t\t\t\t\t\t\t\t\t\t\t\t<\/div>\n\t\t\t\t\t<\/div>\n\t\t\t\t<\/div>\n\t\t\t\t\t<\/div>\n\t\t\t\t<\/div>\n\t\t\t\t<section class=\"elementor-section elementor-top-section elementor-element elementor-element-sec-iwgcomp-sami elementor-section-boxed elementor-section-height-default elementor-section-height-default\" data-id=\"sec-iwgcomp-sami\" data-element_type=\"section\" data-e-type=\"section\">\n\t\t\t\t\t\t<div class=\"elementor-container elementor-column-gap-default\">\n\t\t\t\t\t<div class=\"elementor-column elementor-col-100 elementor-top-column elementor-element elementor-element-col-iwgcomp-sami\" data-id=\"col-iwgcomp-sami\" data-element_type=\"column\" data-e-type=\"column\">\n\t\t\t<div class=\"elementor-widget-wrap elementor-element-populated\">\n\t\t\t\t\t\t<div class=\"elementor-element elementor-element-iwgcomp-sami elementor-widget elementor-widget-text-editor\" data-id=\"iwgcomp-sami\" data-element_type=\"widget\" data-e-type=\"widget\" data-widget_type=\"text-editor.default\">\n\t\t\t\t\t\t\t\t\t<p>Den rum\u00e6nske <strong><span class=\"iwg-fachbegriff\" data-tooltip=\"Forestilling om, at afd\u00f8de under visse betingelser vender tilbage til de levendes verden som ud\u00f8de.\" tabindex=\"0\">tro p\u00e5 de d\u00f8des genkomst<\/span><\/strong> om <a href=\"https:\/\/iwell-guard.com\/da\/strigoi\/\">Strigoi<\/a> og <a href=\"https:\/\/iwell-guard.com\/da\/moroi\/\">Moroi<\/a> udg\u00f8r rygraden i den folkelige overlevering i Karpaternes landsbyer.<\/p>\n<p class=\"iwg-kwfix\">Rum\u00e6nsk mytologi omfatter forf\u00e6dre- og d\u00f8detroen, luftkvinderne <a href=\"https:\/\/iwell-guard.com\/da\/iele\/\">Iele<\/a>, skovv\u00e6senet <a href=\"https:\/\/iwell-guard.com\/da\/muma-padurii\/\">Muma P\u0103durii<\/a> og varulvetroen om <a href=\"https:\/\/iwell-guard.com\/da\/pricolici\/\">Pricolici<\/a>. Disse overleveringer fort\u00e6lles stadig i dag, is\u00e6r i landdistrikterne i Transsylvanien og Moldavien.<\/p>\t\t\t\t\t\t\t\t<\/div>\n\t\t\t\t\t<\/div>\n\t\t<\/div>\n\t\t\t\t\t<\/div>\n\t\t<\/section>\n\t\t<div class=\"elementor-element elementor-element-iwgcn-sami-s0 e-flex e-con-boxed e-con e-parent\" data-id=\"iwgcn-sami-s0\" data-element_type=\"container\" data-e-type=\"container\">\n\t\t\t\t\t<div class=\"e-con-inner\">\n\t\t\t\t<div class=\"elementor-element elementor-element-iwgcn-sami-s0h elementor-widget elementor-widget-heading\" data-id=\"iwgcn-sami-s0h\" data-element_type=\"widget\" data-e-type=\"widget\" data-widget_type=\"heading.default\">\n\t\t\t\t\t<h2 class=\"elementor-heading-title elementor-size-default\">Transsylvanien, Moldavien, Valakiet: Rum\u00e6niens religi\u00f8se landskab<\/h2>\t\t\t\t<\/div>\n\t\t<div class=\"elementor-element elementor-element-iwgcn-sami-s0-c e-con-full e-flex e-con e-child\" data-id=\"iwgcn-sami-s0-c\" data-element_type=\"container\" data-e-type=\"container\">\n\t\t\t\t<div class=\"elementor-element elementor-element-iwgcn-sami-s0t elementor-widget elementor-widget-text-editor\" data-id=\"iwgcn-sami-s0t\" data-element_type=\"widget\" data-e-type=\"widget\" data-widget_type=\"text-editor.default\">\n\t\t\t\t\t\t\t\t\t<p>Rum\u00e6nien er overvejende rum\u00e6nsk-ortodokst, med katolske og reformerte mindretal is\u00e6r i Transsylvanien, hvor rum\u00e6nske, ungarske og tysktalende, transsylvansk-saksiske befolkningsgrupper i \u00e5rhundreder levede side om side. Folketroen om Strigoi, Iele og besl\u00e6gtede v\u00e6sener udviklede sig parallelt med den kirkelige fromhed, ofte t\u00e6t sammenv\u00e6vet med kristne festdage og helgenkalendere.<\/p>\n<p>Is\u00e6r i afsides omr\u00e5der som Maramure\u0219, Moldaviens Karpaterdale og dele af Valakiet forblev arkaiske begravelses- og beskyttelsesskikke levende helt op til det 20. \u00e5rhundrede. Etnografer dokumenterede disse overleveringer fra slutningen af det 19. \u00e5rhundrede, da rum\u00e6nsk folkloristik etablerede sig som selvst\u00e6ndig disciplin.<\/p>\n<p class=\"iwg-kwfix\">Overleveringens grundlinjer: en forf\u00e6dre- og d\u00f8dskult om Strigoi og Moroi, en kalender med farlige n\u00e6tter, hvor Iele og \u00e5nder f\u00e6rdes, og beskyttelsesskikke, der stadig i dag videregives i rum\u00e6nske landdistrikter.<\/p>\t\t\t\t\t\t\t\t<\/div>\n\t\t\t\t<\/div>\n\t\t\t\t\t<\/div>\n\t\t\t\t<\/div>\n\t\t<div class=\"elementor-element elementor-element-iwgcn-sami-s1 e-flex e-con-boxed e-con e-parent\" data-id=\"iwgcn-sami-s1\" data-element_type=\"container\" data-e-type=\"container\">\n\t\t\t\t\t<div class=\"e-con-inner\">\n\t\t\t\t<div class=\"elementor-element elementor-element-iwgcn-sami-s1h elementor-widget elementor-widget-heading\" data-id=\"iwgcn-sami-s1h\" data-element_type=\"widget\" data-e-type=\"widget\" data-widget_type=\"heading.default\">\n\t\t\t\t\t<h2 class=\"elementor-heading-title elementor-size-default\">Strigoi og Moroi: to former for rum\u00e6nsk d\u00f8des genkomst<\/h2>\t\t\t\t<\/div>\n\t\t<div class=\"elementor-element elementor-element-iwgcn-sami-s1-c e-con-full e-flex e-con e-child\" data-id=\"iwgcn-sami-s1-c\" data-element_type=\"container\" data-e-type=\"container\">\n\t\t\t\t<div class=\"elementor-element elementor-element-iwgcn-sami-s1t elementor-widget elementor-widget-text-editor\" data-id=\"iwgcn-sami-s1t\" data-element_type=\"widget\" data-e-type=\"widget\" data-widget_type=\"text-editor.default\">\n\t\t\t\t\t\t\t\t\t<p>En <a href=\"https:\/\/iwell-guard.com\/da\/strigoi\/\">Strigoi<\/a> er if\u00f8lge rum\u00e6nsk folketro en afd\u00f8d, der vender tilbage fra graven for at tr\u00e6kke kraft eller blod fra de levende. Overleveringen skelner mellem strigoi vii, levende mennesker med denne anl\u00e6g, for eksempel som en families syvende barn af samme k\u00f8n eller u\u00e6gte f\u00f8dte, og strigoi mor\u021bi, afd\u00f8de, der vender tilbage efter d\u00f8den, ofte fordi begravelsesritualerne ikke blev udf\u00f8rt korrekt.<\/p>\n<p><a href=\"https:\/\/iwell-guard.com\/da\/moroi\/\">Moroi<\/a> betragtes i mange regioner som en mildere, mindre aggressiv form for d\u00f8des genkomst, mens begrebet i andre overleveringer bruges n\u00e6sten synonymt med Strigoi; der findes ingen ensartet, rum\u00e6nien-d\u00e6kkende systematik i den mundtlige overlevering. Ordfeltet g\u00e5r tilbage til latinsk striga\/strix, oprindeligt forbundet med natlige ugler og hekseskikkelser, besl\u00e6gtet med italiensk strega og forestillingskredsen om heksen.<\/p>\n<p>Til afv\u00e6rgelse anvendtes hvidl\u00f8g p\u00e5 d\u00f8re og vinduer, jerns\u00f8m i kisten, en p\u00e6l af egetr\u00e6 eller taks gennem hjertet samt i vedholdende tilf\u00e6lde halshugning og genbegravelse med ansigtet nedad.<\/p>\t\t\t\t\t\t\t\t<\/div>\n\t\t\t\t<\/div>\n\t\t\t\t\t<\/div>\n\t\t\t\t<\/div>\n\t\t<div class=\"elementor-element elementor-element-iwgcn-sami-s2 e-flex e-con-boxed e-con e-parent\" data-id=\"iwgcn-sami-s2\" data-element_type=\"container\" data-e-type=\"container\">\n\t\t\t\t\t<div class=\"e-con-inner\">\n\t\t\t\t<div class=\"elementor-element elementor-element-iwgcn-sami-s2h elementor-widget elementor-widget-heading\" data-id=\"iwgcn-sami-s2h\" data-element_type=\"widget\" data-e-type=\"widget\" data-widget_type=\"heading.default\">\n\t\t\t\t\t<h2 class=\"elementor-heading-title elementor-size-default\">Iele: de dansende luftkvinder<\/h2>\t\t\t\t<\/div>\n\t\t<div class=\"elementor-element elementor-element-iwgcn-sami-s2-c e-con-full e-flex e-con e-child\" data-id=\"iwgcn-sami-s2-c\" data-element_type=\"container\" data-e-type=\"container\">\n\t\t\t\t<div class=\"elementor-element elementor-element-iwgcn-sami-s2t elementor-widget elementor-widget-text-editor\" data-id=\"iwgcn-sami-s2t\" data-element_type=\"widget\" data-e-type=\"widget\" data-widget_type=\"text-editor.default\">\n\t\t\t\t\t\t\t\t\t<p><a href=\"https:\/\/iwell-guard.com\/da\/iele\/\">Iele<\/a> betragtes som smukke, men farlige luftkvinder, der danser om natten p\u00e5 \u00f8de steder. Deres fest falder traditionelt sammen med S\u00e2nziene, den rum\u00e6nske midsommerfest omkring den 24. juni, som forbinder f\u00f8rkristne solhvervsskikke med Sankt Hans-dagen. Denne nat anses himlen for at v\u00e6re s\u00e6rligt gennemtr\u00e6ngelig for magi.<\/p>\n<p>Den, der iagttager Ieles dans, risikerer if\u00f8lge overleveringen lammelse, tavshed, h\u00f8retab eller vanvid; m\u00e6nd blev anset for s\u00e6rligt udsatte. Beskyttelse gav ildritualer som at springe over solhvervsb\u00e5l samt at undg\u00e5 bestemte lysninger og vejkryds i S\u00e2nziene-n\u00e6tterne.<\/p>\t\t\t\t\t\t\t\t<\/div>\n\t\t\t\t<\/div>\n\t\t\t\t\t<\/div>\n\t\t\t\t<\/div>\n\t\t<div class=\"elementor-element elementor-element-iwgcn-sami-s3 e-flex e-con-boxed e-con e-parent\" data-id=\"iwgcn-sami-s3\" data-element_type=\"container\" data-e-type=\"container\">\n\t\t\t\t\t<div class=\"e-con-inner\">\n\t\t\t\t<div class=\"elementor-element elementor-element-iwgcn-sami-s3h elementor-widget elementor-widget-heading\" data-id=\"iwgcn-sami-s3h\" data-element_type=\"widget\" data-e-type=\"widget\" data-widget_type=\"heading.default\">\n\t\t\t\t\t<h2 class=\"elementor-heading-title elementor-size-default\">Muma P\u0103durii, skovmoderen<\/h2>\t\t\t\t<\/div>\n\t\t<div class=\"elementor-element elementor-element-iwgcn-sami-s3-c e-con-full e-flex e-con e-child\" data-id=\"iwgcn-sami-s3-c\" data-element_type=\"container\" data-e-type=\"container\">\n\t\t\t\t<div class=\"elementor-element elementor-element-iwgcn-sami-s3t elementor-widget elementor-widget-text-editor\" data-id=\"iwgcn-sami-s3t\" data-element_type=\"widget\" data-e-type=\"widget\" data-widget_type=\"text-editor.default\">\n\t\t\t\t\t\t\t\t\t<p><a href=\"https:\/\/iwell-guard.com\/da\/muma-padurii\/\">Muma P\u0103durii<\/a>, ordret skovmoderen, er en gammel, h\u00e6slig kvindeskikkelse, der bor dybt i skoven, i en hytte eller et hult tr\u00e6. Hun betragtes som ambivalent: p\u00e5 den ene side beskytter hun dyr og planter og l\u00e6ger sygdomsramte skovstykker, p\u00e5 den anden side fordriver hun indtr\u00e6ngende ved at drive dem til vanvid, og for b\u00f8rn g\u00e6lder hun som en skr\u00e6mmeskikkelse, der lokker ulydige b\u00f8rn ind i skoven.<\/p>\n<p>I fort\u00e6llinger, der ligner m\u00f8nstret fra Hans og Grete, overlister et barn skovmoderen og skubber hende ind i sin egen ovn. Muma P\u0103durii sammenlignes i forskningen med andre europ\u00e6iske skovmoder- og b\u00f8rneskr\u00e6mmeskikkelser som Baba Jaga, uden at v\u00e6re identisk med dem.<\/p>\t\t\t\t\t\t\t\t<\/div>\n\t\t\t\t<\/div>\n\t\t\t\t\t<\/div>\n\t\t\t\t<\/div>\n\t\t<div class=\"elementor-element elementor-element-x-sami-s-faq e-flex e-con-boxed e-con e-parent\" data-id=\"x-sami-s-faq\" data-element_type=\"container\" data-e-type=\"container\">\n\t\t\t\t\t<div class=\"e-con-inner\">\n\t\t\t\t<div class=\"elementor-element elementor-element-x-sami-h-faq elementor-widget elementor-widget-heading\" data-id=\"x-sami-h-faq\" data-element_type=\"widget\" data-e-type=\"widget\" data-widget_type=\"heading.default\">\n\t\t\t\t\t<h2 class=\"elementor-heading-title elementor-size-default\">Ofte stillede sp\u00f8rgsm\u00e5l om rum\u00e6nsk mytologi<\/h2>\t\t\t\t<\/div>\n\t\t<div class=\"elementor-element elementor-element-iwgcn-sami-s3-c e-con-full e-flex e-con e-child\" data-id=\"iwgcn-sami-s3-c\" data-element_type=\"container\" data-e-type=\"container\">\n\t\t\t\t<div class=\"elementor-element elementor-element-x-sami-t-faq elementor-widget elementor-widget-text-editor\" data-id=\"x-sami-t-faq\" data-element_type=\"widget\" data-e-type=\"widget\" data-widget_type=\"text-editor.default\">\n\t\t\t\t\t\t\t\t\t<h3>Hvad er forskellen mellem Strigoi og Moroi?<\/h3>\n<p>I rum\u00e6nsk folketro anses Strigoi for en afd\u00f8d, der vender tilbage fra graven, mens Moroi i mange regioner beskrives som en mildere, mindre aggressiv form for d\u00f8dstilbagevenden. En ensartet, landsd\u00e6kkende afgr\u00e6nsning findes dog ikke i den mundtlige overlevering.<\/p>\n<h3>Hvem er Muma P\u0103durii?<\/h3>\n<p>Muma P\u0103durii, skovmoderen, er en ambivalent skikkelse i rum\u00e6nsk folklore: Hun beskytter skov og dyr, men fungerer samtidig som en skr\u00e6mmefigur for b\u00f8rn, der lokker ulydige b\u00f8rn ind i skoven.<\/p>\n<h3>Er Dracula en del af den rum\u00e6nske folkeoverlevering?<\/h3>\n<p>Nej. Dracula er en litter\u00e6r figur, som Bram Stoker skabte i 1897, og som kun overtog navnet fra den historiske Vlad III. Den folkelige Strigoi-tro i Rum\u00e6nien er v\u00e6sentligt \u00e6ldre og skiller sig p\u00e5 afg\u00f8rende punkter fra det vestlige vampyrklich\u00e9en.<\/p>\n<h3>Hvad er Iele?<\/h3>\n<p>Iele er dansende luftkvinder i rum\u00e6nsk mytologi, hvis fremtr\u00e6den traditionelt forbindes med S\u00e2nziene-midsommerfesten. If\u00f8lge overleveringen risikerer den, der iagttager deres nattelige dans, lammelse eller vanvid.<\/p>\n<script type=\"application\/ld+json\">{\"@context\": \"https:\/\/schema.org\", \"@type\": \"FAQPage\", \"mainEntity\": [{\"@type\": \"Question\", \"name\": \"Hvad er forskellen mellem Strigoi og Moroi?\", \"acceptedAnswer\": {\"@type\": \"Answer\", \"text\": \"I rum\u00e6nsk folketro anses Strigoi for en afd\u00f8d, der vender tilbage fra graven, mens Moroi i mange regioner beskrives som en mildere, mindre aggressiv form for d\u00f8dstilbagevenden. En ensartet, landsd\u00e6kkende afgr\u00e6nsning findes dog ikke i den mundtlige overlevering.\"}}, {\"@type\": \"Question\", \"name\": \"Hvem er Muma P\u0103durii?\", \"acceptedAnswer\": {\"@type\": \"Answer\", \"text\": \"Muma P\u0103durii, skovmoderen, er en ambivalent skikkelse i rum\u00e6nsk folklore: Hun beskytter skov og dyr, men fungerer samtidig som en skr\u00e6mmefigur for b\u00f8rn, der lokker ulydige b\u00f8rn ind i skoven.\"}}, {\"@type\": \"Question\", \"name\": \"Er Dracula en del af den rum\u00e6nske folkeoverlevering?\", \"acceptedAnswer\": {\"@type\": \"Answer\", \"text\": \"Nej. Dracula er en litter\u00e6r figur, som Bram Stoker skabte i 1897, og som kun overtog navnet fra den historiske Vlad III. Den folkelige Strigoi-tro i Rum\u00e6nien er v\u00e6sentligt \u00e6ldre og skiller sig p\u00e5 afg\u00f8rende punkter fra det vestlige vampyrklich\u00e9en.\"}}, {\"@type\": \"Question\", \"name\": \"Hvad er Iele?\", \"acceptedAnswer\": {\"@type\": \"Answer\", \"text\": \"Iele er dansende luftkvinder i rum\u00e6nsk mytologi, hvis fremtr\u00e6den traditionelt forbindes med S\u00e2nziene-midsommerfesten. If\u00f8lge overleveringen risikerer den, der iagttager deres nattelige dans, lammelse eller vanvid.\"}}]}<\/script>\t\t\t\t\t\t\t\t<\/div>\n\t\t\t\t<\/div>\n\t\t\t\t\t<\/div>\n\t\t\t\t<\/div>\n\t\t<div class=\"elementor-element elementor-element-iwgcn-sami-s4 e-flex e-con-boxed e-con e-parent\" data-id=\"iwgcn-sami-s4\" data-element_type=\"container\" data-e-type=\"container\">\n\t\t\t\t\t<div class=\"e-con-inner\">\n\t\t\t\t<div class=\"elementor-element elementor-element-iwgcn-sami-s4h elementor-widget elementor-widget-heading\" data-id=\"iwgcn-sami-s4h\" data-element_type=\"widget\" data-e-type=\"widget\" data-widget_type=\"heading.default\">\n\t\t\t\t\t<h2 class=\"elementor-heading-title elementor-size-default\">Pricolici og V\u00e2rcolac: den rum\u00e6nske varulvetro<\/h2>\t\t\t\t<\/div>\n\t\t<div class=\"elementor-element elementor-element-iwgcn-sami-s4-c e-con-full e-flex e-con e-child\" data-id=\"iwgcn-sami-s4-c\" data-element_type=\"container\" data-e-type=\"container\">\n\t\t\t\t<div class=\"elementor-element elementor-element-iwgcn-sami-s4t elementor-widget elementor-widget-text-editor\" data-id=\"iwgcn-sami-s4t\" data-element_type=\"widget\" data-e-type=\"widget\" data-widget_type=\"text-editor.default\">\n\t\t\t\t\t\t\t\t\t<p><a href=\"https:\/\/iwell-guard.com\/da\/pricolici\/\">Pricolici<\/a> anses for en varulveagtig genganger: et menneske, ofte en voldelig mand, der i levende live eller efter d\u00f8den forvandler sig til en ulv eller hund. I mods\u00e6tning til Strigoi bevarer Pricolici altid ulvelignende tr\u00e6k; en besl\u00e6gtet, men ikke identisk skikkelse er V\u00e2rcolac, som i visse regioner ogs\u00e5 tilskrives troldeagtige tr\u00e6k eller evnen til at opsluge solen og m\u00e5nen og dermed for\u00e5rsage form\u00f8rkelser.<\/p>\n<p>I landlige omr\u00e5der af Rum\u00e6nien forbindes us\u00e6dvanligt store eller aggressive ulve stadig lejlighedsvis folkeligt med Pricolici. Beskyttelsesskikke ligner dem, der bruges mod Strigoi: hvidl\u00f8g, jern og omhyggelige begravelsesritualer.<\/p>\t\t\t\t\t\t\t\t<\/div>\n\t\t\t\t<\/div>\n\t\t\t\t\t<\/div>\n\t\t\t\t<\/div>\n\t\t<div class=\"elementor-element elementor-element-iwgcn-sami-s5 e-flex e-con-boxed e-con e-parent\" data-id=\"iwgcn-sami-s5\" data-element_type=\"container\" data-e-type=\"container\">\n\t\t\t\t\t<div class=\"e-con-inner\">\n\t\t\t\t<div class=\"elementor-element elementor-element-iwgcn-sami-s5h elementor-widget elementor-widget-heading\" data-id=\"iwgcn-sami-s5h\" data-element_type=\"widget\" data-e-type=\"widget\" data-widget_type=\"heading.default\">\n\t\t\t\t\t<h2 class=\"elementor-heading-title elementor-size-default\">Sf\u00e2ntul Andrei: beskyttelsesskikkenes kalender<\/h2>\t\t\t\t<\/div>\n\t\t<div class=\"elementor-element elementor-element-iwgcn-sami-s5-c e-con-full e-flex e-con e-child\" data-id=\"iwgcn-sami-s5-c\" data-element_type=\"container\" data-e-type=\"container\">\n\t\t\t\t<div class=\"elementor-element elementor-element-iwgcn-sami-s5t elementor-widget elementor-widget-text-editor\" data-id=\"iwgcn-sami-s5t\" data-element_type=\"widget\" data-e-type=\"widget\" data-widget_type=\"text-editor.default\">\n\t\t\t\t\t\t\t\t\t<p>Natten til Sankt Andreas (Sf\u00e2ntul Andrei) den 29.\/30. november anses i mange rum\u00e6nske regioner for at v\u00e6re den nat, hvor Strigoi og ulve er s\u00e6rligt aktive. B\u00f8nderne h\u00e6ngte derfor hvidl\u00f8g op ved d\u00f8re og vinduesrammer, markerede husdyr med hvidl\u00f8gstegn og undgik om muligt ensomme veje.<\/p>\n<p>Andre beskyttelsesforanstaltninger vedr\u00f8rte selve begravelsen: kistes\u00f8m af jern, gennemboring af graven med en tornekvist eller tilf\u00f8jelse af tungt materiale p\u00e5 liget skulle forhindre, at en afd\u00f8d blev til Strigoi. Disse skikke blev tolereret i varierende grad af den rum\u00e6nsk-ortodokse kirke, officielt afvist, men i landsbypraksis fortsat gennem generationer.<\/p>\t\t\t\t\t\t\t\t<\/div>\n\t\t\t\t<\/div>\n\t\t\t\t\t<\/div>\n\t\t\t\t<\/div>\n\t\t<div class=\"elementor-element elementor-element-iwgcn-sami-s6 e-flex e-con-boxed e-con e-parent\" data-id=\"iwgcn-sami-s6\" data-element_type=\"container\" data-e-type=\"container\">\n\t\t\t\t\t<div class=\"e-con-inner\">\n\t\t\t\t<div class=\"elementor-element elementor-element-iwgcn-sami-s6h elementor-widget elementor-widget-heading\" data-id=\"iwgcn-sami-s6h\" data-element_type=\"widget\" data-e-type=\"widget\" data-widget_type=\"heading.default\">\n\t\t\t\t\t<h2 class=\"elementor-heading-title elementor-size-default\">Fra folketro til den litter\u00e6re Dracula-myte<\/h2>\t\t\t\t<\/div>\n\t\t<div class=\"elementor-element elementor-element-iwgcn-sami-s6-c e-con-full e-flex e-con e-child\" data-id=\"iwgcn-sami-s6-c\" data-element_type=\"container\" data-e-type=\"container\">\n\t\t\t\t<div class=\"elementor-element elementor-element-iwgcn-sami-s6t elementor-widget elementor-widget-text-editor\" data-id=\"iwgcn-sami-s6t\" data-element_type=\"widget\" data-e-type=\"widget\" data-widget_type=\"text-editor.default\">\n\t\t\t\t\t\t\t\t\t<p>Den historiske Vlad III. (Vlad \u021aepe\u0219, P\u00e6lemageren), voivode af Valakiet i det 15. \u00e5rhundrede, er oprindeligt ikke forbundet med Strigoi-troen. Hans tilnavn Dracul refererer til hans fars tilh\u00f8rsforhold til Dragen-ordenen, ikke til dj\u00e6vel eller vampyr. Bram Stoker overtog i 1897 blot navnet til sin roman <em>Dracula<\/em>, prim\u00e6rt baseret p\u00e5 rejseberetninger som Emily Gerards <em>The Land Beyond the Forest<\/em> fra 1888, ikke p\u00e5 en rejse til Rum\u00e6nien eller et systematisk kendskab til rum\u00e6nsk folkeoverlevering.<\/p>\n<p>Den litter\u00e6re vampyrfigur skiller sig p\u00e5 afg\u00f8rende punkter fra den folkelige Strigoi: korsangst, kappe og aristokratisk fremtoning er opfindelser fra den vestlige popul\u00e6rkultur i det 19. og 20. \u00e5rhundrede. Strigoi i den mundtlige overlevering er derimod for det meste en landsbybeboer, hvis genkomst forklares med konkrete begravelsesfejl eller livsomst\u00e6ndigheder. Fra et religionsvidenskabeligt synspunkt anses det for n\u00f8dvendigt at skelne mellem den folkelige d\u00f8dstro og den litter\u00e6re Dracula-myte for at kunne placere begge traditioner korrekt.<\/p>\t\t\t\t\t\t\t\t<\/div>\n\t\t\t\t<\/div>\n\t\t\t\t\t<\/div>\n\t\t\t\t<\/div>\n\t\t<div class=\"elementor-element elementor-element-cp2d9a92a3 e-flex e-con-boxed e-con e-parent\" data-id=\"cp2d9a92a3\" data-element_type=\"container\" data-e-type=\"container\">\n\t\t\t\t\t<div class=\"e-con-inner\">\n\t\t\t\t<div class=\"elementor-element elementor-element-cp2515827f elementor-widget elementor-widget-heading\" data-id=\"cp2515827f\" data-element_type=\"widget\" data-e-type=\"widget\" data-widget_type=\"heading.default\">\n\t\t\t\t\t<h2 class=\"elementor-heading-title elementor-size-default\">Regional mangfoldighed: Transsylvanien, Moldova og Valakiet<\/h2>\t\t\t\t<\/div>\n\t\t<div class=\"elementor-element elementor-element-cp25cbddf2 e-flex e-con-boxed e-con e-child\" data-id=\"cp25cbddf2\" data-element_type=\"container\" data-e-type=\"container\">\n\t\t\t\t\t<div class=\"e-con-inner\">\n\t\t\t\t<div class=\"elementor-element elementor-element-cp240cdc6c elementor-widget elementor-widget-text-editor\" data-id=\"cp240cdc6c\" data-element_type=\"widget\" data-e-type=\"widget\" data-widget_type=\"text-editor.default\">\n\t\t\t\t\t\t\t\t\t<p>Rum\u00e6nien er ikke et religi\u00f8st og folkloristisk ensartet landskab. Transsylvanien (Ardeal), Moldova og Valakiet har hver haft deres egen historiske udvikling med forskellige nabofolk, styreformer og befolkningssammens\u00e6tninger. Denne mangfoldighed afspejles ogs\u00e5 i folketroen.<\/p>\n<p>I Transsylvanien levede rum\u00e6nere gennem \u00e5rhundreder side om side med ungarsktalende sekler og transsylvansk-saksiske bos\u00e6ttere af tysk oprindelse. Udvekslingen mellem disse grupper pr\u00e6gede lokale sagnmotiver, uden at der opstod en ensartet fort\u00e6lletradition. I Moldova og Valakiet udviklede der sig igen egne udgaver af Strigoi- og Iele-troen, som kunne variere fra dal til dal.<\/p>\n<p>S\u00e6rligt i afsides bjergomr\u00e5der som Maramure\u0219 eller Apuseni-bjergene forblev \u00e6ldre begravelses- og beskyttelsesskikke levende l\u00e6ngere end i byerne. Rejsende og etnografer i det 19. \u00e5rhundrede beskrev gentagne gange disse omr\u00e5der som tilbagetog for arkaiske forestillinger, en vurdering der set fra et nutidigt religionsvidenskabeligt perspektiv b\u00f8r l\u00e6ses med forsigtighed, da den foruds\u00e6tter en moderniseringsgrad, som ikke altid er dokumenteret.<\/p>\n<p>Generaliserende udsagn om rum\u00e6nsk mytologi skjuler derfor regionale forskelle, som stadig er vigtige for en mere pr\u00e6cis forst\u00e5else.<\/p>\t\t\t\t\t\t\t\t<\/div>\n\t\t\t\t\t<\/div>\n\t\t\t\t<\/div>\n\t\t\t\t\t<\/div>\n\t\t\t\t<\/div>\n\t\t<div class=\"elementor-element elementor-element-cp2b1a3dae e-flex e-con-boxed e-con e-parent\" data-id=\"cp2b1a3dae\" data-element_type=\"container\" data-e-type=\"container\">\n\t\t\t\t\t<div class=\"e-con-inner\">\n\t\t\t\t<div class=\"elementor-element elementor-element-cp282c06ff elementor-widget elementor-widget-heading\" data-id=\"cp282c06ff\" data-element_type=\"widget\" data-e-type=\"widget\" data-widget_type=\"heading.default\">\n\t\t\t\t\t<h2 class=\"elementor-heading-title elementor-size-default\">\u00c5ndernes kalender: Sf\u00e2ntul Andrei og Rusalii<\/h2>\t\t\t\t<\/div>\n\t\t<div class=\"elementor-element elementor-element-cp228b4522 e-flex e-con-boxed e-con e-child\" data-id=\"cp228b4522\" data-element_type=\"container\" data-e-type=\"container\">\n\t\t\t\t\t<div class=\"e-con-inner\">\n\t\t\t\t<div class=\"elementor-element elementor-element-cp261454c5 elementor-widget elementor-widget-text-editor\" data-id=\"cp261454c5\" data-element_type=\"widget\" data-e-type=\"widget\" data-widget_type=\"text-editor.default\">\n\t\t\t\t\t\t\t\t\t<p>Den rum\u00e6nske folketro placerer farlige \u00e5ndetider i den kirkelige \u00e5rskalender. Natten til Sankt Andreas den 29.\/30. november anses i mange regioner for at v\u00e6re den nat, hvor Strigoi og ulve er s\u00e6rligt aktive; derfor h\u00e6ngte b\u00f8nder hvidl\u00f8g op ved d\u00f8re og vinduer og markerede husdyr med hvidl\u00f8gstegn.<\/p>\n<p>Ugen omkring Rusalii, den ortodokse pinsefest, forbindes traditionelt med <a href=\"https:\/\/iwell-guard.com\/da\/iele\/\">Iele<\/a>; i denne periode skal man undg\u00e5 visse arbejder som at vaske vasket\u00f8j udenfor for ikke at v\u00e6kke luftkvindernes vrede. Ogs\u00e5 S\u00e2nziene-natten i slutningen af juni, den rum\u00e6nske midsommerfest, h\u00f8rer til de <span class=\"iwg-fachbegriff\" data-tooltip=\"Dage eller n\u00e6tter, som folketroen tilskriver s\u00e6rlige, ofte farlige kr\u00e6fter.\" tabindex=\"0\">t\u00e6rskeltider<\/span>, der anses for magiske i \u00e5rets l\u00f8b.<\/p>\n<p>Denne kalender over farlige n\u00e6tter forbinder f\u00f8rkristne forestillinger om \u00e5rstidsskift med den ortodokse kirkes h\u00f8jtidskreds, et m\u00f8nster, der findes i lignende form i andre dele af Syd\u00f8st- og Centraleuropa.<\/p>\t\t\t\t\t\t\t\t<\/div>\n\t\t\t\t\t<\/div>\n\t\t\t\t<\/div>\n\t\t\t\t\t<\/div>\n\t\t\t\t<\/div>\n\t\t<div class=\"elementor-element elementor-element-cp295547c2 e-flex e-con-boxed e-con e-parent\" data-id=\"cp295547c2\" data-element_type=\"container\" data-e-type=\"container\">\n\t\t\t\t\t<div class=\"e-con-inner\">\n\t\t\t\t<div class=\"elementor-element elementor-element-cp28944fb0 elementor-widget elementor-widget-heading\" data-id=\"cp28944fb0\" data-element_type=\"widget\" data-e-type=\"widget\" data-widget_type=\"heading.default\">\n\t\t\t\t\t<h2 class=\"elementor-heading-title elementor-size-default\">Kilder: Etnografiske samlinger og feltarbejde<\/h2>\t\t\t\t<\/div>\n\t\t<div class=\"elementor-element elementor-element-cp23d59da4 e-flex e-con-boxed e-con e-child\" data-id=\"cp23d59da4\" data-element_type=\"container\" data-e-type=\"container\">\n\t\t\t\t\t<div class=\"e-con-inner\">\n\t\t\t\t<div class=\"elementor-element elementor-element-cp2ce157b6 elementor-widget elementor-widget-text-editor\" data-id=\"cp2ce157b6\" data-element_type=\"widget\" data-e-type=\"widget\" data-widget_type=\"text-editor.default\">\n\t\t\t\t\t\t\t\t\t<p>Den skriftlige overlevering om den rum\u00e6nske folkereligion stammer hovedsageligt fra etnografiske samlinger fra slutningen af 1800-tallet og begyndelsen af 1900-tallet. Rum\u00e6nske folklorister som Simion Florea Marian, Tudor Pamfile og Elena Niculi\u021b\u0103-Voronca optegnede fort\u00e6llinger, ritualer og skikke i landsbyer, ofte i direkte samarbejde med lokale fort\u00e6llere.<\/p>\n<p>En kilde, der er blevet meget l\u00e6st uden for Rum\u00e6nien, er studiet <em>The Vampire in Roumania<\/em> af den britiske etnograf Agnes Murgoci, som i 1926 p\u00e5 grundlag af egne feltnotater og rum\u00e6nsk forarbejde beskrev Strigoi-troen for et engelsktalende fagpublikum. Hun skelnede allerede dengang systematisk mellem de betingelser, hvorunder man kunne blive Strigoi enten i levende live eller efter d\u00f8den.<\/p>\n<p>Moderne rum\u00e6nsk etnologi, blandt andet arbejderne af Ion Ghinoiu og Ion Talo\u0219, placerer disse \u00e6ldre samlinger i en bredere ramme af den syd\u00f8steurop\u00e6iske bondekalender og d\u00f8dekult. Som ved mange mundtlige <span class=\"iwg-fachbegriff\" data-tooltip=\"Videregivelsen af viden og fort\u00e6llinger gennem generationer.\" tabindex=\"0\">overleveringer<\/span> er kildegrundlaget mangelfuldt, regionalt uensartet og st\u00e6rkt pr\u00e6get af de enkelte samleres perspektiv.<\/p>\t\t\t\t\t\t\t\t<\/div>\n\t\t\t\t\t<\/div>\n\t\t\t\t<\/div>\n\t\t\t\t\t<\/div>\n\t\t\t\t<\/div>\n\t\t<div class=\"elementor-element elementor-element-cp2c009332 e-flex e-con-boxed e-con e-parent\" data-id=\"cp2c009332\" data-element_type=\"container\" data-e-type=\"container\">\n\t\t\t\t\t<div class=\"e-con-inner\">\n\t\t\t\t<div class=\"elementor-element elementor-element-cp225c94da elementor-widget elementor-widget-heading\" data-id=\"cp225c94da\" data-element_type=\"widget\" data-e-type=\"widget\" data-widget_type=\"heading.default\">\n\t\t\t\t\t<h2 class=\"elementor-heading-title elementor-size-default\">Dracula, Vlad \u021aepe\u0219 og myternes adskillelse<\/h2>\t\t\t\t<\/div>\n\t\t<div class=\"elementor-element elementor-element-cp2c7191ab e-flex e-con-boxed e-con e-child\" data-id=\"cp2c7191ab\" data-element_type=\"container\" data-e-type=\"container\">\n\t\t\t\t\t<div class=\"e-con-inner\">\n\t\t\t\t<div class=\"elementor-element elementor-element-cp23f4061d elementor-widget elementor-widget-text-editor\" data-id=\"cp23f4061d\" data-element_type=\"widget\" data-e-type=\"widget\" data-widget_type=\"text-editor.default\">\n\t\t\t\t\t\t\t\t\t<p>N\u00e6sten ingen figur har pr\u00e6get det internationale billede af Rum\u00e6nien s\u00e5 meget som Dracula, selv om romanfiguren kun er l\u00f8st forbundet med den egentlige folkeoverlevering. Bram Stoker skrev sin roman i 1897 i London uden selv at have v\u00e6ret i Rum\u00e6nien. Som kilder brugte han is\u00e6r rejsebeskrivelser som Emily Gerards samt \u00e6ldre vestlig vampirlitteratur fra 1700- og 1800-tallet.<\/p>\n<p>Navnet Dracula g\u00e5r tilbage til den historiske valakiske voivode Vlad III., kaldet Vlad \u021aepe\u0219, \u201eP\u00e6lemanden\u201c, efter hans berygtede henrettelsesmetode. Hans tilnavn Dracul henviste til, at hans far var medlem af Dragenordenen (latin: draco), en ridderorden til forsvar mod osmannerne, ikke til nogen forbindelse til vampyrer eller dj\u00e6velen.<\/p>\n<p>Den rum\u00e6nske <a href=\"https:\/\/iwell-guard.com\/da\/strigoi\/\">Strigoi<\/a> fra den mundtlige overlevering skiller sig p\u00e5 v\u00e6sentlige punkter fra popkulturens vestlige vampyr: Han b\u00e6rer ikke kappe, undg\u00e5r oprindeligt ikke n\u00f8dvendigvis kors eller kirke, og hans genkomst forklares oftest med konkrete brud p\u00e5 begravelsesskikke, ikke med en overnaturlig forbandelse af aristokratisk oprindelse.<\/p>\n<p>Religionsvidenskabeligt anses det derfor for vigtigt at skelne den litter\u00e6re Dracula-myte som et selvst\u00e6ndigt f\u00e6nomen i den vestlige <span class=\"iwg-fachbegriff\" data-tooltip=\"Videregivelsen af viden og fort\u00e6llinger gennem generationer.\" tabindex=\"0\">overlevering<\/span> fra den egentlige rum\u00e6nske folkereligion om Strigoi og Moroi. Begge traditioner har egne kilder, egne funktioner og egne opst\u00e5elseshistorier.<\/p>\t\t\t\t\t\t\t\t<\/div>\n\t\t\t\t\t<\/div>\n\t\t\t\t<\/div>\n\t\t\t\t\t<\/div>\n\t\t\t\t<\/div>\n\t\t<div class=\"elementor-element elementor-element-iwgha-sami-sec e-flex e-con-boxed e-con e-parent\" data-id=\"iwgha-sami-sec\" data-element_type=\"container\" data-e-type=\"container\">\n\t\t\t\t\t<div class=\"e-con-inner\">\n\t\t\t\t<div class=\"elementor-element elementor-element-iwgha-sami-h elementor-widget elementor-widget-heading\" data-id=\"iwgha-sami-h\" data-element_type=\"widget\" data-e-type=\"widget\" data-widget_type=\"heading.default\">\n\t\t\t\t\t<h2 class=\"elementor-heading-title elementor-size-default\">V\u00e6sener i denne tradition (5)<\/h2>\t\t\t\t<\/div>\n\t\t<div class=\"elementor-element elementor-element-iwgha-sami-gc e-flex e-con-boxed e-con e-parent\" data-id=\"iwgha-sami-gc\" data-element_type=\"container\" data-e-type=\"container\">\n\t\t\t\t\t<div class=\"e-con-inner\">\n\t\t\t\t<div class=\"elementor-element elementor-element-iwgha-sami-grid elementor-widget elementor-widget-text-editor\" data-id=\"iwgha-sami-grid\" data-element_type=\"widget\" data-e-type=\"widget\" data-widget_type=\"text-editor.default\">\n\t\t\t\t\t\t\t\t\t<div class=\"iwg-wesen-grid\"><a class=\"iwg-wesen-card\" href=\"https:\/\/iwell-guard.com\/da\/muma-padurii\/\" aria-label=\"Muma P\u0103durii\"><div class=\"iwg-wesen-card-imgwrap\"><img decoding=\"async\" src=\"https:\/\/iwell-guard.com\/wp-content\/uploads\/2026\/07\/geister_rumaenisch_muma-padurii-200x300.webp\" alt=\"Muma P\u0103durii\" loading=\"lazy\"><\/div><div class=\"iwg-wesen-card-body\"><div class=\"iwg-wesen-card-name\">Muma P\u0103durii<\/div><div class=\"iwg-wesen-card-arrow\">\u2192 Til v\u00e6senet<\/div><\/div><\/a><a class=\"iwg-wesen-card\" href=\"https:\/\/iwell-guard.com\/da\/iele\/\" aria-label=\"Iele\"><div class=\"iwg-wesen-card-imgwrap\"><img decoding=\"async\" src=\"https:\/\/iwell-guard.com\/wp-content\/uploads\/2026\/07\/geister_rumaenisch_iele-200x300.webp\" alt=\"Iele\" loading=\"lazy\"><\/div><div class=\"iwg-wesen-card-body\"><div class=\"iwg-wesen-card-name\">Iele<\/div><div class=\"iwg-wesen-card-arrow\">\u2192 Til v\u00e6senet<\/div><\/div><\/a><a class=\"iwg-wesen-card\" href=\"https:\/\/iwell-guard.com\/da\/strigoi\/\" aria-label=\"Strigoi\"><div class=\"iwg-wesen-card-imgwrap\"><img decoding=\"async\" src=\"https:\/\/iwell-guard.com\/wp-content\/uploads\/2026\/07\/daemonen_rumaenisch_strigoi-200x300.webp\" alt=\"Strigoi\" loading=\"lazy\"><\/div><div class=\"iwg-wesen-card-body\"><div class=\"iwg-wesen-card-name\">Strigoi<\/div><div class=\"iwg-wesen-card-arrow\">\u2192 Til v\u00e6senet<\/div><\/div><\/a><a class=\"iwg-wesen-card\" href=\"https:\/\/iwell-guard.com\/da\/pricolici\/\" aria-label=\"Pricolici\"><div class=\"iwg-wesen-card-imgwrap\"><img decoding=\"async\" src=\"https:\/\/iwell-guard.com\/wp-content\/uploads\/2026\/07\/daemonen_rumaenisch_pricolici-200x300.webp\" alt=\"Pricolici\" loading=\"lazy\"><\/div><div class=\"iwg-wesen-card-body\"><div class=\"iwg-wesen-card-name\">Pricolici<\/div><div class=\"iwg-wesen-card-arrow\">\u2192 Til v\u00e6senet<\/div><\/div><\/a><a class=\"iwg-wesen-card\" href=\"https:\/\/iwell-guard.com\/da\/moroi\/\" aria-label=\"Moroi\"><div class=\"iwg-wesen-card-imgwrap\"><img decoding=\"async\" src=\"https:\/\/iwell-guard.com\/wp-content\/uploads\/2026\/07\/daemonen_rumaenisch_moroi-200x300.webp\" alt=\"Moroi\" loading=\"lazy\"><\/div><div class=\"iwg-wesen-card-body\"><div class=\"iwg-wesen-card-name\">Moroi<\/div><div class=\"iwg-wesen-card-arrow\">\u2192 Til v\u00e6senet<\/div><\/div><\/a><\/div>\t\t\t\t\t\t\t\t<\/div>\n\t\t\t\t\t<\/div>\n\t\t\t\t<\/div>\n\t\t\t\t\t<\/div>\n\t\t\t\t<\/div>\n\t\t<div class=\"elementor-element elementor-element-iwgkw2-add-sami e-flex e-con-boxed e-con e-parent\" data-id=\"iwgkw2-add-sami\" data-element_type=\"container\" data-e-type=\"container\">\n\t\t\t\t\t<div class=\"e-con-inner\">\n\t\t\t\t<div class=\"elementor-element elementor-element-iwgkw2-add-sami-t elementor-widget elementor-widget-text-editor\" data-id=\"iwgkw2-add-sami-t\" data-element_type=\"widget\" data-e-type=\"widget\" data-widget_type=\"text-editor.default\">\n\t\t\t\t\t\t\t\t\t<p>Den <em>strigoi-tro<\/em> og den bredere <em>rum\u00e6nske folketro<\/em> om Iele, Muma P\u0103durii og Pricolici forbinder forfaderkult, begravelsesskik og beskyttelsesritual til en selvst\u00e6ndig beskyttelsespraksis, der skulle bevare familier og landsbyer mod ud\u00f8de og natur\u00e5nder.<\/p>\t\t\t\t\t\t\t\t<\/div>\n\t\t\t\t\t<\/div>\n\t\t\t\t<\/div>\n\t\t<div class=\"elementor-element elementor-element-iwgcn-sami-kwd e-flex e-con-boxed e-con e-parent\" data-id=\"iwgcn-sami-kwd\" data-element_type=\"container\" data-e-type=\"container\">\n\t\t\t\t\t<div class=\"e-con-inner\">\n\t\t<div class=\"elementor-element elementor-element-iwgcn-sami-kwd-c e-con-full e-flex e-con e-child\" data-id=\"iwgcn-sami-kwd-c\" data-element_type=\"container\" data-e-type=\"container\">\n\t\t\t\t<div class=\"elementor-element elementor-element-iwgcn-sami-kwdt elementor-widget elementor-widget-text-editor\" data-id=\"iwgcn-sami-kwdt\" data-element_type=\"widget\" data-e-type=\"widget\" data-widget_type=\"text-editor.default\">\n\t\t\t\t\t\t\t\t\t<p><em>Relaterede n\u00f8glebegreber: Strigoi Moroi Iele Pricolici Muma Padurii S\u00e2nziene V\u00e2rcolac Transsylvanien Karpaterne Valakiet.<\/em><\/p>\t\t\t\t\t\t\t\t<\/div>\n\t\t\t\t<\/div>\n\t\t\t\t\t<\/div>\n\t\t\t\t<\/div>\n\t\t<div class=\"elementor-element elementor-element-iwgcn-sami-cc e-flex e-con-boxed e-con e-parent\" data-id=\"iwgcn-sami-cc\" data-element_type=\"container\" data-e-type=\"container\" id=\"iwg-cc-sami\">\n\t\t\t\t\t<div class=\"e-con-inner\">\n\t\t<div class=\"elementor-element elementor-element-iwgcn-sami-ccinner e-flex e-con-boxed e-con e-parent\" data-id=\"iwgcn-sami-ccinner\" data-element_type=\"container\" data-e-type=\"container\" data-settings=\"{&quot;background_background&quot;:&quot;classic&quot;}\">\n\t\t\t\t\t<div class=\"e-con-inner\">\n\t\t\t\t<div class=\"elementor-element elementor-element-iwgcn-sami-cch elementor-widget elementor-widget-heading\" data-id=\"iwgcn-sami-cch\" data-element_type=\"widget\" data-e-type=\"widget\" data-widget_type=\"heading.default\">\n\t\t\t\t\t<h2 class=\"elementor-heading-title elementor-size-default\">Beskyttelsesobjekter i denne kulturtradition<\/h2>\t\t\t\t<\/div>\n\t\t\t\t<div class=\"elementor-element elementor-element-iwgcn-sami-cct elementor-widget elementor-widget-text-editor\" data-id=\"iwgcn-sami-cct\" data-element_type=\"widget\" data-e-type=\"widget\" data-widget_type=\"text-editor.default\">\n\t\t\t\t\t\t\t\t\t<p>Den rum\u00e6nske tradition kender <a href=\"https:\/\/iwell-guard.com\/da\/hvidloeg-som-beskyttelse\/\">hvidl\u00f8g<\/a> ved d\u00f8re og vinduer, <a href=\"https:\/\/iwell-guard.com\/da\/jern-og-koldt-jern\/\">jern<\/a>s\u00f8m og knive i kisten, indviede tj\u00f8rne- og hvidtj\u00f8rnekviste samt ringning af <a href=\"https:\/\/iwell-guard.com\/da\/klokker-og-bjaelder-som-larmende-beskyttelse\/\">kirkeklokker<\/a> til at afv\u00e6rge Strigoi og onde \u00e5nder; b\u00e6rbare personlige amuletter er i den folkelige overlevering sj\u00e6ldnere belagt end hus- og gravbeskyttelse. Et kulturovergribende overblik giver <a href=\"https:\/\/iwell-guard.com\/da\/beskyttelseskompas\/\">Beskyttelseskompasset<\/a>.<\/p>\n<div data-nosnippet=\"true\"><p>iWell Guard indg\u00e5r i denne kulturhistoriske linje af b\u00e6rbare beskyttelsesobjekter, i nutidig materialarkitektur, fremstillet i Tyskland. 41 lag, \u00e6gte guld, platin, s\u00f8lv. 30 dages returret.<\/p><\/div>\t\t\t\t\t\t\t\t<\/div>\n\t\t\t\t<div class=\"elementor-element elementor-element-iwgcn-sami-ccb iwg-cc-button iwg-cc-cta-2026-05-13 elementor-widget elementor-widget-jet-button\" data-id=\"iwgcn-sami-ccb\" data-element_type=\"widget\" data-e-type=\"widget\" data-widget_type=\"jet-button.default\">\n\t\t\t\t<div class=\"elementor-widget-container\">\n\t\t\t\t\t<div class=\"elementor-jet-button jet-elements\"><div class=\"jet-button__container\"><a class=\"jet-button__instance jet-button__instance--icon-left hover-effect-1\" href=\"\/ueber-iwell-guard\/?utm_source=iwell-guard.com&amp;utm_medium=info-box&amp;utm_campaign=kultur-tradition\"><div class=\"jet-button__plane jet-button__plane-normal\"><\/div><div class=\"jet-button__plane jet-button__plane-hover\"><\/div><div class=\"jet-button__state jet-button__state-normal\"><span class=\"jet-button__label\">Mere om iWell Guard<\/span><\/div><div class=\"jet-button__state jet-button__state-hover\"><span class=\"jet-button__label\">Mere om iWell Guard<\/span><\/div><\/a><\/div><\/div><style>.elementor-element.elementor-element-iwgcn-sami-ccb .jet-button__instance{width:320px;height:56px;}.elementor-element.elementor-element-iwgcn-sami-ccb .jet-button__state-normal .jet-button__label{text-align:center;margin:0px 0px 0px 0px;color:#1a1b20;font-family:Montserrat,sans-serif;font-size:13px;font-weight:400;letter-spacing:4px;line-height:1.714em;text-transform:uppercase;}.elementor-element.elementor-element-iwgcn-sami-ccb .jet-button__state-hover .jet-button__label{text-align:center;margin:0px 0px 0px 0px;color:#FECC76;font-family:Montserrat,sans-serif;font-size:13px;font-weight:400;letter-spacing:4px;line-height:1.714em;text-transform:uppercase;}.elementor-element.elementor-element-iwgcn-sami-ccb .jet-button__plane-normal{background-color:#FECC76;border-style:solid;border-color:#C99540;border-width:2px 2px 2px 2px;}.elementor-element.elementor-element-iwgcn-sami-ccb .jet-button__plane-hover{background-color:rgba(0,0,0,0.55);border-style:solid;border-color:#FECC76;border-width:2px 2px 2px 2px;}<\/style>\t\t\t\t<\/div>\n\t\t\t\t<\/div>\n\t\t\t\t<div class=\"elementor-element elementor-element-iwgcn-sami-ccd elementor-widget elementor-widget-text-editor\" data-id=\"iwgcn-sami-ccd\" data-element_type=\"widget\" data-e-type=\"widget\" data-widget_type=\"text-editor.default\">\n\t\t\t\t\t\t\t\t\t<div data-nosnippet=\"true\"><p style=\"text-align:center;font-size:13px;opacity:0.7;margin-top:14px\" data-nosnippet=\"true\">Personlige erfaringer kan variere. Ikke et medicinsk produkt. Intet helbredelsesl\u00f8fte.<\/p><\/div>\t\t\t\t\t\t\t\t<\/div>\n\t\t\t\t\t<\/div>\n\t\t\t\t<\/div>\n\t\t\t\t\t<\/div>\n\t\t\t\t<\/div>\n\t\t<div class=\"elementor-element elementor-element-iwgcn-sami-disc e-flex e-con-boxed e-con e-parent\" data-id=\"iwgcn-sami-disc\" data-element_type=\"container\" data-e-type=\"container\">\n\t\t\t\t\t<div class=\"e-con-inner\">\n\t\t\t\t<div class=\"elementor-element elementor-element-iwgcn-sami-discw elementor-widget elementor-widget-html\" data-id=\"iwgcn-sami-discw\" data-element_type=\"widget\" data-e-type=\"widget\" data-widget_type=\"html.default\">\n\t\t\t\t\t<footer data-nosnippet=\"true\" class=\"iwg-disclaimer-block\"><p data-nosnippet=\"true\">iWell Guard er <strong>ikke et medicinsk produkt<\/strong> og erstatter ikke l\u00e6ge- eller psykoterapeutisk behandling. De religionsvidenskabelige indhold er en kulturhistorisk indplacering, ikke en anbefaling af spirituel praksis.<\/p><\/footer>\t\t\t\t<\/div>\n\t\t\t\t\t<\/div>\n\t\t\t\t<\/div>\n\t\t\t\t<\/div>\n\t\t","protected":false},"excerpt":{"rendered":"","protected":false},"author":3,"featured_media":20175,"parent":0,"menu_order":0,"comment_status":"closed","ping_status":"closed","template":"elementor_header_footer","meta":{"_yoast_wpseo_focuskw":"rum\u00e6nsk mytologi","_yoast_wpseo_title":"Rum\u00e6nsk mytologi: Strigoi, Iele & Moroi","_yoast_wpseo_metadesc":"Strigoi, Moroi, Iele og Pricolici: rum\u00e6nsk folketro forklaret religionsvidenskabeligt, med afgr\u00e6nsning fra den litter\u00e6re Dracula-myte.","_yoast_wpseo_meta-robots-noindex":"","_yoast_wpseo_canonical":"","_angie_page":false,"gefaehrdungsstufe":"","wesen_kultur":"","wesen_klasse":"","footnotes":""},"categories":[],"class_list":["post-139187","page","type-page","status-publish","has-post-thumbnail","hentry"],"yoast_head":"<!-- This site is optimized with the Yoast SEO Premium plugin v27.7 (Yoast SEO v28.3) - https:\/\/yoast.com\/product\/yoast-seo-premium-wordpress\/ -->\n<title>Rum\u00e6nsk mytologi: Strigoi, Iele &amp; Moroi<\/title>\n<meta name=\"description\" content=\"Strigoi, Moroi, Iele og Pricolici: rum\u00e6nsk folketro forklaret religionsvidenskabeligt, med afgr\u00e6nsning fra den litter\u00e6re Dracula-myte.\" \/>\n<meta name=\"robots\" content=\"index, follow, max-snippet:-1, max-image-preview:large, max-video-preview:-1\" \/>\n<link rel=\"canonical\" href=\"https:\/\/iwell-guard.com\/da\/rumaensk-mytologi\/\" \/>\n<meta property=\"og:locale\" content=\"da_DK\" \/>\n<meta property=\"og:type\" content=\"article\" \/>\n<meta property=\"og:title\" content=\"Rum\u00e6nsk mytologi\" \/>\n<meta property=\"og:description\" content=\"Strigoi, Moroi, Iele og Pricolici: rum\u00e6nsk folketro forklaret religionsvidenskabeligt, med afgr\u00e6nsning fra den litter\u00e6re Dracula-myte.\" \/>\n<meta property=\"og:url\" content=\"https:\/\/iwell-guard.com\/da\/rumaensk-mytologi\/\" \/>\n<meta property=\"og:site_name\" content=\"iWell Guard\" \/>\n<meta property=\"article:modified_time\" content=\"2026-09-03T08:25:02+00:00\" \/>\n<meta property=\"og:image\" content=\"https:\/\/iwell-guard.com\/wp-content\/uploads\/2026\/07\/daemonen_rumaenisch_strigoi.webp\" \/>\n\t<meta property=\"og:image:width\" content=\"1024\" \/>\n\t<meta property=\"og:image:height\" content=\"1536\" \/>\n\t<meta property=\"og:image:type\" content=\"image\/webp\" \/>\n<meta name=\"twitter:card\" content=\"summary_large_image\" \/>\n<script type=\"application\/ld+json\" class=\"yoast-schema-graph\">{\"@context\":\"https:\\\/\\\/schema.org\",\"@graph\":[{\"@type\":\"WebPage\",\"@id\":\"https:\\\/\\\/iwell-guard.com\\\/da\\\/rumaensk-mytologi\\\/\",\"url\":\"https:\\\/\\\/iwell-guard.com\\\/da\\\/rumaensk-mytologi\\\/\",\"name\":\"Rum\u00e6nsk mytologi: Strigoi, Iele & Moroi\",\"isPartOf\":{\"@id\":\"https:\\\/\\\/iwell-guard.com\\\/da\\\/#website\"},\"primaryImageOfPage\":{\"@id\":\"https:\\\/\\\/iwell-guard.com\\\/da\\\/rumaensk-mytologi\\\/#primaryimage\"},\"image\":{\"@id\":\"https:\\\/\\\/iwell-guard.com\\\/da\\\/rumaensk-mytologi\\\/#primaryimage\"},\"thumbnailUrl\":\"https:\\\/\\\/iwell-guard.com\\\/wp-content\\\/uploads\\\/2026\\\/07\\\/daemonen_rumaenisch_strigoi.webp\",\"datePublished\":\"2026-09-03T07:43:37+00:00\",\"dateModified\":\"2026-09-03T08:25:02+00:00\",\"description\":\"Strigoi, Moroi, Iele og Pricolici: rum\u00e6nsk folketro forklaret religionsvidenskabeligt, med afgr\u00e6nsning fra den litter\u00e6re Dracula-myte.\",\"breadcrumb\":{\"@id\":\"https:\\\/\\\/iwell-guard.com\\\/da\\\/rumaensk-mytologi\\\/#breadcrumb\"},\"inLanguage\":\"da-DK\",\"potentialAction\":[{\"@type\":\"ReadAction\",\"target\":[\"https:\\\/\\\/iwell-guard.com\\\/da\\\/rumaensk-mytologi\\\/\"]}]},{\"@type\":\"ImageObject\",\"inLanguage\":\"da-DK\",\"@id\":\"https:\\\/\\\/iwell-guard.com\\\/da\\\/rumaensk-mytologi\\\/#primaryimage\",\"url\":\"https:\\\/\\\/iwell-guard.com\\\/wp-content\\\/uploads\\\/2026\\\/07\\\/daemonen_rumaenisch_strigoi.webp\",\"contentUrl\":\"https:\\\/\\\/iwell-guard.com\\\/wp-content\\\/uploads\\\/2026\\\/07\\\/daemonen_rumaenisch_strigoi.webp\",\"width\":1024,\"height\":1536,\"caption\":\"Strigoi, d\u00e6mon fra rum\u00e6nsk overlevering\"},{\"@type\":\"BreadcrumbList\",\"@id\":\"https:\\\/\\\/iwell-guard.com\\\/da\\\/rumaensk-mytologi\\\/#breadcrumb\",\"itemListElement\":[{\"@type\":\"ListItem\",\"position\":1,\"name\":\"Start\",\"item\":\"https:\\\/\\\/iwell-guard.com\\\/da\\\/?page_id=137908\"},{\"@type\":\"ListItem\",\"position\":2,\"name\":\"Rum\u00e6nsk mytologi\"}]},{\"@type\":\"WebSite\",\"@id\":\"https:\\\/\\\/iwell-guard.com\\\/da\\\/#website\",\"url\":\"https:\\\/\\\/iwell-guard.com\\\/da\\\/\",\"name\":\"iWell Guard\",\"description\":\"Schutz vor dunklen Einfl\u00fcssen\",\"publisher\":{\"@id\":\"https:\\\/\\\/iwell-guard.com\\\/da\\\/#organization\"},\"potentialAction\":[{\"@type\":\"SearchAction\",\"target\":{\"@type\":\"EntryPoint\",\"urlTemplate\":\"https:\\\/\\\/iwell-guard.com\\\/da\\\/?s={search_term_string}\"},\"query-input\":{\"@type\":\"PropertyValueSpecification\",\"valueRequired\":true,\"valueName\":\"search_term_string\"}}],\"inLanguage\":\"da-DK\"},{\"@type\":\"Organization\",\"@id\":\"https:\\\/\\\/iwell-guard.com\\\/da\\\/#organization\",\"name\":\"Ittermann electronic GmbH\",\"url\":\"https:\\\/\\\/iwell-guard.com\\\/da\\\/\",\"logo\":{\"@type\":\"ImageObject\",\"inLanguage\":\"da-DK\",\"@id\":\"https:\\\/\\\/iwell-guard.com\\\/da\\\/#\\\/schema\\\/logo\\\/image\\\/\",\"url\":\"https:\\\/\\\/iwell-guard.com\\\/wp-content\\\/uploads\\\/2026\\\/05\\\/Ittermann-Logo-1182x237-1.png\",\"contentUrl\":\"https:\\\/\\\/iwell-guard.com\\\/wp-content\\\/uploads\\\/2026\\\/05\\\/Ittermann-Logo-1182x237-1.png\",\"width\":1182,\"height\":237,\"caption\":\"Ittermann electronic GmbH\"},\"image\":{\"@id\":\"https:\\\/\\\/iwell-guard.com\\\/da\\\/#\\\/schema\\\/logo\\\/image\\\/\"},\"sameAs\":[\"https:\\\/\\\/pantip.com\\\/profile\\\/9367242\",\"https:\\\/\\\/micro.blog\\\/iwellguard\",\"https:\\\/\\\/www.diggerslist.com\\\/iwellguard\\\/about\",\"https:\\\/\\\/skitterphoto.com\\\/photographers\\\/2870314\\\/iwell-guard\",\"https:\\\/\\\/iwellguard.wordpress.com\\\/2026\\\/06\\\/06\\\/iwell-guard\\\/\",\"https:\\\/\\\/hub.docker.com\\\/u\\\/iwellguard\",\"https:\\\/\\\/www.pinterest.com\\\/iwellguard\\\/\",\"https:\\\/\\\/bit.ly\\\/m\\\/iwellguard\",\"https:\\\/\\\/entre-vos-mains.alsace.eu\\\/profiles\\\/iwellguard\\\/activity\",\"https:\\\/\\\/gravatar.com\\\/reallybeded8fd34\",\"https:\\\/\\\/naijamatta.com\\\/iwellguard\",\"https:\\\/\\\/www.goodreads.com\\\/iwellguard\",\"https:\\\/\\\/profile.hatena.ne.jp\\\/iwellguard\\\/\",\"https:\\\/\\\/experiment.com\\\/users\\\/iwellguard\",\"https:\\\/\\\/wakelet.com\\\/@iWellGuard82270\",\"https:\\\/\\\/www.chordie.com\\\/forum\\\/profile.php?id=2555664\",\"https:\\\/\\\/www.instapaper.com\\\/p\\\/17757966\",\"https:\\\/\\\/www.mapleprimes.com\\\/users\\\/iwellguard\",\"https:\\\/\\\/businesslistingplus.com\\\/profile\\\/iwell-guard\\\/\",\"https:\\\/\\\/telegra.ph\\\/iWell-Guard-06-06\",\"https:\\\/\\\/pbase.com\\\/iwellguard\\\/iwellguard\",\"https:\\\/\\\/b.hatena.ne.jp\\\/iwellguard\\\/20260607#bookmark-4788405196491818882\",\"https:\\\/\\\/fliphtml5.com\\\/home\\\/iwellguard\",\"https:\\\/\\\/anyflip.com\\\/homepage\\\/cmiwl#About\",\"https:\\\/\\\/transfur.com\\\/Users\\\/iwellguard\",\"http:\\\/\\\/delphi.larsbo.org\\\/user\\\/iwellguard\",\"https:\\\/\\\/jobs.lajobsportal.org\\\/profiles\\\/8380803-iwell-guard\",\"https:\\\/\\\/md.chaosdorf.de\\\/s\\\/jfbe5SBdJD\",\"https:\\\/\\\/www.lingvolive.com\\\/en-us\\\/profile\\\/9ecaeaca-ce11-4e51-9e71-01d55e2bff36\\\/translations\",\"https:\\\/\\\/www.fitday.com\\\/fitness\\\/forums\\\/members\\\/iwellguard.html\",\"https:\\\/\\\/www.mymeetbook.com\\\/iwellguard\",\"https:\\\/\\\/pxhere.com\\\/en\\\/photographer-me\\\/5040798\",\"https:\\\/\\\/disqus.com\\\/by\\\/iwellguard\\\/about\\\/\",\"https:\\\/\\\/pastelink.net\\\/hjwciqwq\",\"https:\\\/\\\/pubhtml5.com\\\/homepage\\\/scjhn\\\/\",\"https:\\\/\\\/www.bitchute.com\\\/channel\\\/2O2eOKzNqujT\",\"https:\\\/\\\/audiomack.com\\\/iwellguard\"]}]}<\/script>\n<!-- \/ Yoast SEO Premium plugin. -->","yoast_head_json":{"title":"Rum\u00e6nsk mytologi: Strigoi, Iele & Moroi","description":"Strigoi, Moroi, Iele og Pricolici: rum\u00e6nsk folketro forklaret religionsvidenskabeligt, med afgr\u00e6nsning fra den litter\u00e6re Dracula-myte.","robots":{"index":"index","follow":"follow","max-snippet":"max-snippet:-1","max-image-preview":"max-image-preview:large","max-video-preview":"max-video-preview:-1"},"canonical":"https:\/\/iwell-guard.com\/da\/rumaensk-mytologi\/","og_locale":"da_DK","og_type":"article","og_title":"Rum\u00e6nsk mytologi","og_description":"Strigoi, Moroi, Iele og Pricolici: rum\u00e6nsk folketro forklaret religionsvidenskabeligt, med afgr\u00e6nsning fra den litter\u00e6re Dracula-myte.","og_url":"https:\/\/iwell-guard.com\/da\/rumaensk-mytologi\/","og_site_name":"iWell Guard","article_modified_time":"2026-09-03T08:25:02+00:00","og_image":[{"width":1024,"height":1536,"url":"https:\/\/iwell-guard.com\/wp-content\/uploads\/2026\/07\/daemonen_rumaenisch_strigoi.webp","type":"image\/webp"}],"twitter_card":"summary_large_image","schema":{"@context":"https:\/\/schema.org","@graph":[{"@type":"WebPage","@id":"https:\/\/iwell-guard.com\/da\/rumaensk-mytologi\/","url":"https:\/\/iwell-guard.com\/da\/rumaensk-mytologi\/","name":"Rum\u00e6nsk mytologi: Strigoi, Iele & Moroi","isPartOf":{"@id":"https:\/\/iwell-guard.com\/da\/#website"},"primaryImageOfPage":{"@id":"https:\/\/iwell-guard.com\/da\/rumaensk-mytologi\/#primaryimage"},"image":{"@id":"https:\/\/iwell-guard.com\/da\/rumaensk-mytologi\/#primaryimage"},"thumbnailUrl":"https:\/\/iwell-guard.com\/wp-content\/uploads\/2026\/07\/daemonen_rumaenisch_strigoi.webp","datePublished":"2026-09-03T07:43:37+00:00","dateModified":"2026-09-03T08:25:02+00:00","description":"Strigoi, Moroi, Iele og Pricolici: rum\u00e6nsk folketro forklaret religionsvidenskabeligt, med afgr\u00e6nsning fra den litter\u00e6re Dracula-myte.","breadcrumb":{"@id":"https:\/\/iwell-guard.com\/da\/rumaensk-mytologi\/#breadcrumb"},"inLanguage":"da-DK","potentialAction":[{"@type":"ReadAction","target":["https:\/\/iwell-guard.com\/da\/rumaensk-mytologi\/"]}]},{"@type":"ImageObject","inLanguage":"da-DK","@id":"https:\/\/iwell-guard.com\/da\/rumaensk-mytologi\/#primaryimage","url":"https:\/\/iwell-guard.com\/wp-content\/uploads\/2026\/07\/daemonen_rumaenisch_strigoi.webp","contentUrl":"https:\/\/iwell-guard.com\/wp-content\/uploads\/2026\/07\/daemonen_rumaenisch_strigoi.webp","width":1024,"height":1536,"caption":"Strigoi, d\u00e6mon fra rum\u00e6nsk overlevering"},{"@type":"BreadcrumbList","@id":"https:\/\/iwell-guard.com\/da\/rumaensk-mytologi\/#breadcrumb","itemListElement":[{"@type":"ListItem","position":1,"name":"Start","item":"https:\/\/iwell-guard.com\/da\/?page_id=137908"},{"@type":"ListItem","position":2,"name":"Rum\u00e6nsk mytologi"}]},{"@type":"WebSite","@id":"https:\/\/iwell-guard.com\/da\/#website","url":"https:\/\/iwell-guard.com\/da\/","name":"iWell Guard","description":"Schutz vor dunklen Einfl\u00fcssen","publisher":{"@id":"https:\/\/iwell-guard.com\/da\/#organization"},"potentialAction":[{"@type":"SearchAction","target":{"@type":"EntryPoint","urlTemplate":"https:\/\/iwell-guard.com\/da\/?s={search_term_string}"},"query-input":{"@type":"PropertyValueSpecification","valueRequired":true,"valueName":"search_term_string"}}],"inLanguage":"da-DK"},{"@type":"Organization","@id":"https:\/\/iwell-guard.com\/da\/#organization","name":"Ittermann electronic GmbH","url":"https:\/\/iwell-guard.com\/da\/","logo":{"@type":"ImageObject","inLanguage":"da-DK","@id":"https:\/\/iwell-guard.com\/da\/#\/schema\/logo\/image\/","url":"https:\/\/iwell-guard.com\/wp-content\/uploads\/2026\/05\/Ittermann-Logo-1182x237-1.png","contentUrl":"https:\/\/iwell-guard.com\/wp-content\/uploads\/2026\/05\/Ittermann-Logo-1182x237-1.png","width":1182,"height":237,"caption":"Ittermann electronic GmbH"},"image":{"@id":"https:\/\/iwell-guard.com\/da\/#\/schema\/logo\/image\/"},"sameAs":["https:\/\/pantip.com\/profile\/9367242","https:\/\/micro.blog\/iwellguard","https:\/\/www.diggerslist.com\/iwellguard\/about","https:\/\/skitterphoto.com\/photographers\/2870314\/iwell-guard","https:\/\/iwellguard.wordpress.com\/2026\/06\/06\/iwell-guard\/","https:\/\/hub.docker.com\/u\/iwellguard","https:\/\/www.pinterest.com\/iwellguard\/","https:\/\/bit.ly\/m\/iwellguard","https:\/\/entre-vos-mains.alsace.eu\/profiles\/iwellguard\/activity","https:\/\/gravatar.com\/reallybeded8fd34","https:\/\/naijamatta.com\/iwellguard","https:\/\/www.goodreads.com\/iwellguard","https:\/\/profile.hatena.ne.jp\/iwellguard\/","https:\/\/experiment.com\/users\/iwellguard","https:\/\/wakelet.com\/@iWellGuard82270","https:\/\/www.chordie.com\/forum\/profile.php?id=2555664","https:\/\/www.instapaper.com\/p\/17757966","https:\/\/www.mapleprimes.com\/users\/iwellguard","https:\/\/businesslistingplus.com\/profile\/iwell-guard\/","https:\/\/telegra.ph\/iWell-Guard-06-06","https:\/\/pbase.com\/iwellguard\/iwellguard","https:\/\/b.hatena.ne.jp\/iwellguard\/20260607#bookmark-4788405196491818882","https:\/\/fliphtml5.com\/home\/iwellguard","https:\/\/anyflip.com\/homepage\/cmiwl#About","https:\/\/transfur.com\/Users\/iwellguard","http:\/\/delphi.larsbo.org\/user\/iwellguard","https:\/\/jobs.lajobsportal.org\/profiles\/8380803-iwell-guard","https:\/\/md.chaosdorf.de\/s\/jfbe5SBdJD","https:\/\/www.lingvolive.com\/en-us\/profile\/9ecaeaca-ce11-4e51-9e71-01d55e2bff36\/translations","https:\/\/www.fitday.com\/fitness\/forums\/members\/iwellguard.html","https:\/\/www.mymeetbook.com\/iwellguard","https:\/\/pxhere.com\/en\/photographer-me\/5040798","https:\/\/disqus.com\/by\/iwellguard\/about\/","https:\/\/pastelink.net\/hjwciqwq","https:\/\/pubhtml5.com\/homepage\/scjhn\/","https:\/\/www.bitchute.com\/channel\/2O2eOKzNqujT","https:\/\/audiomack.com\/iwellguard"]}]}},"_links":{"self":[{"href":"https:\/\/iwell-guard.com\/da\/wp-json\/wp\/v2\/pages\/139187","targetHints":{"allow":["GET"]}}],"collection":[{"href":"https:\/\/iwell-guard.com\/da\/wp-json\/wp\/v2\/pages"}],"about":[{"href":"https:\/\/iwell-guard.com\/da\/wp-json\/wp\/v2\/types\/page"}],"author":[{"embeddable":true,"href":"https:\/\/iwell-guard.com\/da\/wp-json\/wp\/v2\/users\/3"}],"replies":[{"embeddable":true,"href":"https:\/\/iwell-guard.com\/da\/wp-json\/wp\/v2\/comments?post=139187"}],"version-history":[{"count":0,"href":"https:\/\/iwell-guard.com\/da\/wp-json\/wp\/v2\/pages\/139187\/revisions"}],"wp:featuredmedia":[{"embeddable":true,"href":"https:\/\/iwell-guard.com\/da\/wp-json\/wp\/v2\/media\/20175"}],"wp:attachment":[{"href":"https:\/\/iwell-guard.com\/da\/wp-json\/wp\/v2\/media?parent=139187"}],"wp:term":[{"taxonomy":"category","embeddable":true,"href":"https:\/\/iwell-guard.com\/da\/wp-json\/wp\/v2\/categories?post=139187"}],"curies":[{"name":"wp","href":"https:\/\/api.w.org\/{rel}","templated":true}]}}