{"id":138907,"date":"2026-09-03T07:39:05","date_gmt":"2026-09-03T07:39:05","guid":{"rendered":"https:\/\/iwell-guard.com\/?page_id=138907"},"modified":"2026-09-03T08:16:03","modified_gmt":"2026-09-03T08:16:03","slug":"schrat","status":"publish","type":"page","link":"https:\/\/iwell-guard.com\/da\/schrat\/","title":{"rendered":"Schrat"},"content":{"rendered":"\t\t<div data-elementor-type=\"wp-page\" data-elementor-id=\"138907\" class=\"elementor elementor-138907 elementor-19408\" data-elementor-post-type=\"page\">\n\t\t\t\t<div class=\"elementor-element elementor-element-10fdade e-flex e-con-boxed e-con e-parent\" data-id=\"10fdade\" data-element_type=\"container\" data-e-type=\"container\" data-settings=\"{&quot;background_background&quot;:&quot;classic&quot;}\">\n\t\t\t\t\t<div class=\"e-con-inner\">\n\t\t<div class=\"elementor-element elementor-element-herohlft0 e-flex e-con-boxed e-con e-child\" data-id=\"herohlft0\" data-element_type=\"container\" data-e-type=\"container\">\n\t\t\t\t\t<div class=\"e-con-inner\">\n\t\t<div class=\"elementor-element elementor-element-c3ceb64 e-con-full e-flex e-con e-child\" data-id=\"c3ceb64\" data-element_type=\"container\" data-e-type=\"container\">\n\t\t\t\t<div class=\"elementor-element elementor-element-96ae5e1 elementor-widget elementor-widget-heading\" data-id=\"96ae5e1\" data-element_type=\"widget\" data-e-type=\"widget\" data-widget_type=\"heading.default\">\n\t\t\t\t\t<h1 class=\"elementor-heading-title elementor-size-default\">Schrat, den beh\u00e5rede fra de gamle glosser<\/h1>\t\t\t\t<\/div>\n\t\t\t\t<div class=\"elementor-element elementor-element-e45238a elementor-widget elementor-widget-text-editor\" data-id=\"e45238a\" data-element_type=\"widget\" data-e-type=\"widget\" data-widget_type=\"text-editor.default\">\n\t\t\t\t\t\t\t\t\t<p>Schraten er en <span class=\"iwg-fachbegriff\" data-tooltip=\"Et kropsl\u00f8st v\u00e6sen, som tilskrives virkning i verden.\" tabindex=\"0\">\u00e5nd<\/span> fra den tyske overlevering.<\/p><p><strong>Den lodne skovfyr, der om natten bliver til det trykkende Schr\u00e4ttel.<\/strong> Denne oversigt bygger p\u00e5 gamle glosser, som f\u00f8rste gang g\u00f8r Schraten gribelig.<\/p>\t\t\t\t\t\t\t\t<\/div>\n\t\t\t\t<\/div>\n\t\t<div class=\"elementor-element elementor-element-klsbdg01 e-con-full e-flex e-con e-parent\" data-id=\"klsbdg01\" data-element_type=\"container\" data-e-type=\"container\">\n\t\t\t\t<div class=\"elementor-element elementor-element-klshtm01 elementor-widget elementor-widget-html\" data-id=\"klshtm01\" data-element_type=\"widget\" data-e-type=\"widget\" data-widget_type=\"html.default\">\n\t\t\t\t\t<div class=\"iwg-pill-row\"><span class=\"iwg-klasse-badge\" tabindex=\"0\" data-tooltip=\"\u00c5nd: Ukropslig eller halvkropslig v\u00e6sen, afd\u00f8de, naturv\u00e6sener, hus\u00e5nder eller vogtere af overgange. Virker i dagliglivet, ofte bundet til steder eller familier.\">\u00c5nd<\/span><a href=\"https:\/\/iwell-guard.com\/da\/germansk\/\" class=\"iwg-kultur-badge\" tabindex=\"0\" data-tooltip=\"F\u00f8rkristen gude- og andeverden i Nord- og Mellemeuropa.\">Germansk<\/a><\/div>\t\t\t\t<\/div>\n\t\t\t\t<\/div>\n\t\t<div class=\"elementor-element elementor-element-3f74855 e-con-full e-flex e-con e-child\" data-id=\"3f74855\" data-element_type=\"container\" data-e-type=\"container\">\n\t\t\t\t<div class=\"elementor-element elementor-element-1c30362 elementor-toc--minimized-on-tablet elementor-widget elementor-widget-table-of-contents\" data-id=\"1c30362\" data-element_type=\"widget\" data-e-type=\"widget\" data-settings=\"{&quot;exclude_headings_by_selector&quot;:[],&quot;no_headings_message&quot;:&quot;Der blev ikke fundet nogen overskrifter p\\u00e5 denne side.&quot;,&quot;headings_by_tags&quot;:[&quot;h2&quot;,&quot;h3&quot;],&quot;marker_view&quot;:&quot;bullets&quot;,&quot;icon&quot;:{&quot;value&quot;:&quot;fas fa-circle&quot;,&quot;library&quot;:&quot;fa-solid&quot;,&quot;rendered_tag&quot;:&quot;&lt;svg class=\\&quot;e-font-icon-svg e-fas-circle\\&quot; viewBox=\\&quot;0 0 512 512\\&quot; xmlns=\\&quot;http:\\\/\\\/www.w3.org\\\/2000\\\/svg\\&quot;&gt;&lt;path d=\\&quot;M256 8C119 8 8 119 8 256s111 248 248 248 248-111 248-248S393 8 256 8z\\&quot;&gt;&lt;\\\/path&gt;&lt;\\\/svg&gt;&quot;},&quot;minimize_box&quot;:&quot;yes&quot;,&quot;minimized_on&quot;:&quot;tablet&quot;,&quot;hierarchical_view&quot;:&quot;yes&quot;,&quot;min_height&quot;:{&quot;unit&quot;:&quot;px&quot;,&quot;size&quot;:&quot;&quot;,&quot;sizes&quot;:[]},&quot;min_height_tablet&quot;:{&quot;unit&quot;:&quot;px&quot;,&quot;size&quot;:&quot;&quot;,&quot;sizes&quot;:[]},&quot;min_height_mobile&quot;:{&quot;unit&quot;:&quot;px&quot;,&quot;size&quot;:&quot;&quot;,&quot;sizes&quot;:[]}}\" data-widget_type=\"table-of-contents.default\">\n\t\t\t\t\t\t\t\t\t<div class=\"elementor-toc__header\">\n\t\t\t\t\t\t<h2 class=\"elementor-toc__header-title\">\n\t\t\t\tIndholdsfortegnelse\t\t\t<\/h2>\n\t\t\t\t\t\t\t\t\t\t<div class=\"elementor-toc__toggle-button elementor-toc__toggle-button--expand\" role=\"button\" tabindex=\"0\" aria-controls=\"elementor-toc__1c30362\" aria-expanded=\"true\" aria-label=\"Open table of contents\"><svg aria-hidden=\"true\" class=\"e-font-icon-svg e-fas-chevron-down\" viewBox=\"0 0 448 512\" xmlns=\"http:\/\/www.w3.org\/2000\/svg\"><path d=\"M207.029 381.476L12.686 187.132c-9.373-9.373-9.373-24.569 0-33.941l22.667-22.667c9.357-9.357 24.522-9.375 33.901-.04L224 284.505l154.745-154.021c9.379-9.335 24.544-9.317 33.901.04l22.667 22.667c9.373 9.373 9.373 24.569 0 33.941L240.971 381.476c-9.373 9.372-24.569 9.372-33.942 0z\"><\/path><\/svg><\/div>\n\t\t\t\t<div class=\"elementor-toc__toggle-button elementor-toc__toggle-button--collapse\" role=\"button\" tabindex=\"0\" aria-controls=\"elementor-toc__1c30362\" aria-expanded=\"true\" aria-label=\"Close table of contents\"><svg aria-hidden=\"true\" class=\"e-font-icon-svg e-fas-chevron-up\" viewBox=\"0 0 448 512\" xmlns=\"http:\/\/www.w3.org\/2000\/svg\"><path d=\"M240.971 130.524l194.343 194.343c9.373 9.373 9.373 24.569 0 33.941l-22.667 22.667c-9.357 9.357-24.522 9.375-33.901.04L224 227.495 69.255 381.516c-9.379 9.335-24.544 9.317-33.901-.04l-22.667-22.667c-9.373-9.373-9.373-24.569 0-33.941L207.03 130.525c9.372-9.373 24.568-9.373 33.941-.001z\"><\/path><\/svg><\/div>\n\t\t\t\t\t<\/div>\n\t\t\t\t<div id=\"elementor-toc__1c30362\" class=\"elementor-toc__body\">\n\t\t\t<div class=\"elementor-toc__spinner-container\">\n\t\t\t\t<svg class=\"elementor-toc__spinner eicon-animation-spin e-font-icon-svg e-eicon-loading\" aria-hidden=\"true\" viewBox=\"0 0 1000 1000\" xmlns=\"http:\/\/www.w3.org\/2000\/svg\"><path d=\"M500 975V858C696 858 858 696 858 500S696 142 500 142 142 304 142 500H25C25 237 238 25 500 25S975 237 975 500 763 975 500 975Z\"><\/path><\/svg>\t\t\t<\/div>\n\t\t<\/div>\n\t\t\t\t\t\t<\/div>\n\t\t\t\t<\/div>\n\t\t\t\t\t<\/div>\n\t\t\t\t<\/div>\n\t\t<div class=\"elementor-element elementor-element-herorght0 e-con-full e-flex e-con e-child\" data-id=\"herorght0\" data-element_type=\"container\" data-e-type=\"container\">\n\t\t\t\t<div class=\"elementor-element elementor-element-heroimg00 iwg-hero-image elementor-widget elementor-widget-image\" data-id=\"heroimg00\" data-element_type=\"widget\" data-e-type=\"widget\" data-widget_type=\"image.default\">\n\t\t\t\t\t\t\t\t\t\t\t\t\t\t\t<img fetchpriority=\"high\" decoding=\"async\" width=\"683\" height=\"1024\" src=\"https:\/\/iwell-guard.com\/wp-content\/uploads\/2026\/07\/geister_germanisch_schrat-683x1024.webp\" class=\"attachment-large size-large wp-image-139242\" alt=\"Schrat, \u00e5nd fra den germanske overlevering\" srcset=\"https:\/\/iwell-guard.com\/wp-content\/uploads\/2026\/07\/geister_germanisch_schrat-683x1024.webp 683w, https:\/\/iwell-guard.com\/wp-content\/uploads\/2026\/07\/geister_germanisch_schrat-200x300.webp 200w, https:\/\/iwell-guard.com\/wp-content\/uploads\/2026\/07\/geister_germanisch_schrat-768x1152.webp 768w, https:\/\/iwell-guard.com\/wp-content\/uploads\/2026\/07\/geister_germanisch_schrat.webp 1024w\" sizes=\"(max-width: 683px) 100vw, 683px\" \/>\t\t\t\t\t\t\t\t\t\t\t\t\t\t\t<\/div>\n\t\t\t\t<\/div>\n\t\t\t\t\t<\/div>\n\t\t\t\t<\/div>\n\t\t<div class=\"elementor-element elementor-element-32917199 e-flex e-con-boxed e-con e-parent\" data-id=\"32917199\" data-element_type=\"container\" data-e-type=\"container\">\n\t\t\t\t\t<div class=\"e-con-inner\">\n\t\t<div class=\"elementor-element elementor-element-26e916cb e-flex e-con-boxed e-con e-child\" data-id=\"26e916cb\" data-element_type=\"container\" data-e-type=\"container\">\n\t\t\t\t\t<div class=\"e-con-inner\">\n\t\t<div class=\"elementor-element elementor-element-253a40d4 e-flex e-con-boxed e-con e-child\" data-id=\"253a40d4\" data-element_type=\"container\" data-e-type=\"container\">\n\t\t\t\t\t<div class=\"e-con-inner\">\n\t\t\t\t<div class=\"elementor-element elementor-element-1200c304 elementor-widget elementor-widget-heading\" data-id=\"1200c304\" data-element_type=\"widget\" data-e-type=\"widget\" data-widget_type=\"heading.default\">\n\t\t\t\t\t<div class=\"elementor-heading-title elementor-size-default\">Schrat<\/div>\t\t\t\t<\/div>\n\t\t\t\t<div class=\"elementor-element elementor-element-11758e7f elementor-widget elementor-widget-text-editor\" data-id=\"11758e7f\" data-element_type=\"widget\" data-e-type=\"widget\" data-widget_type=\"text-editor.default\">\n\t\t\t\t\t\t\t\t\t<p>Schraten er det beh\u00e5rede skovv\u00e6sen i det tysksprogede omr\u00e5de. Oldh\u00f8jtyske glosser gengiver med scrato og scraz de latinske ord pilosus (den beh\u00e5rede) og satyrus; dermed er skikkelsen skriftligt belagt allerede fra den tidlige middelalder.<\/p><p>I den senere overlevering forvandles skov\u00e5nden til en hus\u00e5nd og til en nattelig trykkende \u00e5nd, Schr\u00e4ttel. I ordet Waldschrat lever skikkelsen videre den dag i dag.<\/p>\t\t\t\t\t\t\t\t<\/div>\n\t\t\t\t\t<\/div>\n\t\t\t\t<\/div>\n\t\t<div class=\"elementor-element elementor-element-159dcf9a e-flex e-con-boxed e-con e-child\" data-id=\"159dcf9a\" data-element_type=\"container\" data-e-type=\"container\">\n\t\t\t\t\t<div class=\"e-con-inner\">\n\t\t\t\t<div class=\"elementor-element elementor-element-48cee66f elementor-widget elementor-widget-heading\" data-id=\"48cee66f\" data-element_type=\"widget\" data-e-type=\"widget\" data-widget_type=\"heading.default\">\n\t\t\t\t\t<div class=\"elementor-heading-title elementor-size-default\">I overblik: Schrat<\/div>\t\t\t\t<\/div>\n\t\t\t\t<div class=\"elementor-element elementor-element-3f50d82c elementor-widget elementor-widget-text-editor\" data-id=\"3f50d82c\" data-element_type=\"widget\" data-e-type=\"widget\" data-widget_type=\"text-editor.default\">\n\t\t\t\t\t\t\t\t\t<p><strong>Type:<\/strong> Beh\u00e5ret skov\u00e5nd, senere ogs\u00e5 hus\u00e5nd og nattelig trykkende \u00e5nd (Schr\u00e4ttel)<br>Oprindelse: det tysksprogede omr\u00e5de, med l\u00e5nte former i vestslavisk og i alperegionen<br>Tekster: oldh\u00f8jtyske glosser, middelh\u00f8jtysk digtning, sagnsamlinger<br>Tidsrum: 10. og 11. \u00e5rhundrede og frem til nyere sagnsamlinger<br>Fremtoning: lille til mandsh\u00f8j, st\u00e6rkt beh\u00e5ret skovbeboer<\/p>\t\t\t\t\t\t\t\t<\/div>\n\t\t\t\t\t<\/div>\n\t\t\t\t<\/div>\n\t\t\t\t\t<\/div>\n\t\t\t\t<\/div>\n\t\t\t\t\t<\/div>\n\t\t\t\t<\/div>\n\t\t<div class=\"elementor-element elementor-element-18613602 e-flex e-con-boxed e-con e-parent\" data-id=\"18613602\" data-element_type=\"container\" data-e-type=\"container\">\n\t\t\t\t\t<div class=\"e-con-inner\">\n\t\t\t\t<div class=\"elementor-element elementor-element-262b8a9f elementor-widget elementor-widget-heading\" data-id=\"262b8a9f\" data-element_type=\"widget\" data-e-type=\"widget\" data-widget_type=\"heading.default\">\n\t\t\t\t\t<h2 class=\"elementor-heading-title elementor-size-default\">Overleveringskontekst<\/h2>\t\t\t\t<\/div>\n\t\t<div class=\"elementor-element elementor-element-46dcb7d e-con-full e-flex e-con e-child\" data-id=\"46dcb7d\" data-element_type=\"container\" data-e-type=\"container\">\n\t\t<div class=\"elementor-element elementor-element-61d3ab3 e-flex e-con-boxed e-con e-child\" data-id=\"61d3ab3\" data-element_type=\"container\" data-e-type=\"container\">\n\t\t\t\t\t<div class=\"e-con-inner\">\n\t\t\t\t<div class=\"elementor-element elementor-element-117c166 elementor-widget elementor-widget-heading\" data-id=\"117c166\" data-element_type=\"widget\" data-e-type=\"widget\" data-widget_type=\"heading.default\">\n\t\t\t\t\t<h3 class=\"elementor-heading-title elementor-size-default\">Teksternes tidsperiode<\/h3>\t\t\t\t<\/div>\n\t\t\t\t<div class=\"elementor-element elementor-element-73997a0 elementor-widget elementor-widget-text-editor\" data-id=\"73997a0\" data-element_type=\"widget\" data-e-type=\"widget\" data-widget_type=\"text-editor.default\">\n\t\t\t\t\t\t\t\t\t<p>Schraten bliver f\u00f8rst gribelig i glossarerne fra det 10. og 11. \u00e5rhundrede; overleveringen str\u00e6kker sig gennem den middelh\u00f8jtyske digtning og videre frem til de nyere sagnsamlinger.<\/p>\t\t\t\t\t\t\t\t<\/div>\n\t\t\t\t\t<\/div>\n\t\t\t\t<\/div>\n\t\t<div class=\"elementor-element elementor-element-d47b156 e-flex e-con-boxed e-con e-child\" data-id=\"d47b156\" data-element_type=\"container\" data-e-type=\"container\">\n\t\t\t\t\t<div class=\"e-con-inner\">\n\t\t\t\t<div class=\"elementor-element elementor-element-ff38c2b elementor-widget elementor-widget-heading\" data-id=\"ff38c2b\" data-element_type=\"widget\" data-e-type=\"widget\" data-widget_type=\"heading.default\">\n\t\t\t\t\t<h3 class=\"elementor-heading-title elementor-size-default\">Udbredelsesomr\u00e5de<\/h3>\t\t\t\t<\/div>\n\t\t\t\t<div class=\"elementor-element elementor-element-4e49fcc elementor-widget elementor-widget-text-editor\" data-id=\"4e49fcc\" data-element_type=\"widget\" data-e-type=\"widget\" data-widget_type=\"text-editor.default\">\n\t\t\t\t\t\t\t\t\t<p>Det tysksprogede omr\u00e5de med udstr\u00e5ling til alperegionen; ordet blev tidligt l\u00e5nt ind i vestslavisk, hvad polsk skrzat, tjekkisk sk\u0159\u00edtek og slovensk \u0161krat viser.<\/p>\t\t\t\t\t\t\t\t<\/div>\n\t\t\t\t\t<\/div>\n\t\t\t\t<\/div>\n\t\t\t\t<\/div>\n\t\t<div class=\"elementor-element elementor-element-db03c39 e-con-full e-flex e-con e-child\" data-id=\"db03c39\" data-element_type=\"container\" data-e-type=\"container\">\n\t\t<div class=\"elementor-element elementor-element-229a87b e-flex e-con-boxed e-con e-child\" data-id=\"229a87b\" data-element_type=\"container\" data-e-type=\"container\">\n\t\t\t\t\t<div class=\"e-con-inner\">\n\t\t\t\t<div class=\"elementor-element elementor-element-1f471fc elementor-widget elementor-widget-heading\" data-id=\"1f471fc\" data-element_type=\"widget\" data-e-type=\"widget\" data-widget_type=\"heading.default\">\n\t\t\t\t\t<h3 class=\"elementor-heading-title elementor-size-default\">Kildesituation<\/h3>\t\t\t\t<\/div>\n\t\t\t\t<div class=\"elementor-element elementor-element-36b1201 elementor-widget elementor-widget-text-editor\" data-id=\"36b1201\" data-element_type=\"widget\" data-e-type=\"widget\" data-widget_type=\"text-editor.default\">\n\t\t\t\t\t\t\t\t\t<p>God kildeoverlevering for et folketrov\u00e6sen: glosser, middelh\u00f8jtysk digtning, sagnsamlinger og artiklen Schrat i Handw\u00f6rterbuch des deutschen Aberglaubens.<\/p>\t\t\t\t\t\t\t\t<\/div>\n\t\t\t\t\t<\/div>\n\t\t\t\t<\/div>\n\t\t\t\t<\/div>\n\t\t\t\t\t<\/div>\n\t\t\t\t<\/div>\n\t\t<div class=\"elementor-element elementor-element-3ae0637c e-flex e-con-boxed e-con e-parent\" data-id=\"3ae0637c\" data-element_type=\"container\" data-e-type=\"container\">\n\t\t\t\t\t<div class=\"e-con-inner\">\n\t\t\t\t<div class=\"elementor-element elementor-element-31d07739 elementor-widget elementor-widget-heading\" data-id=\"31d07739\" data-element_type=\"widget\" data-e-type=\"widget\" data-widget_type=\"heading.default\">\n\t\t\t\t\t<h2 class=\"elementor-heading-title elementor-size-default\">Navn og varianter<\/h2>\t\t\t\t<\/div>\n\t\t<div class=\"elementor-element elementor-element-b7642947 e-con-full e-flex e-con e-child\" data-id=\"b7642947\" data-element_type=\"container\" data-e-type=\"container\">\n\t\t\t\t<div class=\"elementor-element elementor-element-a086266 elementor-widget elementor-widget-text-editor\" data-id=\"a086266\" data-element_type=\"widget\" data-e-type=\"widget\" data-widget_type=\"text-editor.default\">\n\t\t\t\t\t\t\t\t\t<p><strong>Tysk:<\/strong> oldh\u00f8jtysk <em>scrato<\/em> og <em>scraz<\/em>, middelh\u00f8jtysk <em>schrat<\/em>, <em>schrate<\/em>, <em>schraz<\/em> og diminutivet <em>schretel<\/em>; desuden oldnordisk <em>skratti<\/em> for troldmand eller trold. Glossatorerne valgte scrato for at gengive Vulgatas pilosi (Esajas 13,21), h\u00e5rede \u00f8rken- og skovd\u00e6moner, samt den antikke satyrus; p\u00e5 den m\u00e5de bandt l\u00e6rde skrivere en indf\u00f8dt forestilling til bibelsk-antikke d\u00e6monskikkelser.<\/p>\t\t\t\t\t\t\t\t<\/div>\n\t\t\t\t<\/div>\n\t\t\t\t\t<\/div>\n\t\t\t\t<\/div>\n\t\t<div class=\"elementor-element elementor-element-709a44a8 e-flex e-con-boxed e-con e-parent\" data-id=\"709a44a8\" data-element_type=\"container\" data-e-type=\"container\">\n\t\t\t\t\t<div class=\"e-con-inner\">\n\t\t\t\t<div class=\"elementor-element elementor-element-2f585873 elementor-widget elementor-widget-heading\" data-id=\"2f585873\" data-element_type=\"widget\" data-e-type=\"widget\" data-widget_type=\"heading.default\">\n\t\t\t\t\t<h2 class=\"elementor-heading-title elementor-size-default\">V\u00e6sen og virke<\/h2>\t\t\t\t<\/div>\n\t\t<div class=\"elementor-element elementor-element-70621c12 e-con-full e-flex e-con e-child\" data-id=\"70621c12\" data-element_type=\"container\" data-e-type=\"container\">\n\t\t\t\t<div class=\"elementor-element elementor-element-4296eb49 elementor-widget elementor-widget-text-editor\" data-id=\"4296eb49\" data-element_type=\"widget\" data-e-type=\"widget\" data-widget_type=\"text-editor.default\">\n\t\t\t\t\t\t\t\t\t<p><strong>Fremtoning<\/strong><\/p><p>De \u00e6ldste vidnesbyrd fremh\u00e6ver kun \u00e9t kendetegn: beh\u00e5ringen, for pilosus betyder simpelthen den beh\u00e5rede. Sagnbeskrivelser tegner Schraten som en struben, lodden fyr af lille til mandsh\u00f8j skikkelse, halvt dyrisk, med vildt h\u00e5r; nogle gange n\u00e6vnes sammenvoksede \u00f8jenbryn. Schr\u00e4ttel derimod forestillede man sig lille og let; det smutter gennem et knasthul eller n\u00f8glehul ind i sovekammeret.<\/p><p><strong>Virkning<\/strong><\/p><p>Som skovv\u00e6sen driller Schraten: han vildleder skovg\u00e6ngere, efterligner r\u00e5b, skr\u00e6mmer og forvirrer, men anses sj\u00e6ldent for d\u00f8dbringende. Som hus\u00e5nd opf\u00f8rer han sig nisseagtigt, larmer, plager kv\u00e6get og g\u00f8r krav p\u00e5 g\u00e5rden. Den tredje rolle er Schr\u00e4ttels i det sydtyske og alpine omr\u00e5de: en trykkende \u00e5nd, der l\u00e6gger sig p\u00e5 de sovende om natten og for\u00e5rsager \u00e5nden\u00f8d. Den, der tolererer eller bev\u00e6rter v\u00e6senet, f\u00e5r ro eller ligefrem gavn; den, der spotter det, bliver plaget.<\/p>\t\t\t\t\t\t\t\t<\/div>\n\t\t\t\t<\/div>\n\t\t\t\t\t<\/div>\n\t\t\t\t<\/div>\n\t\t<div class=\"elementor-element elementor-element-44e71476 e-flex e-con-boxed e-con e-parent\" data-id=\"44e71476\" data-element_type=\"container\" data-e-type=\"container\">\n\t\t\t\t\t<div class=\"e-con-inner\">\n\t\t\t\t<div class=\"elementor-element elementor-element-3c1fc3f0 elementor-widget elementor-widget-heading\" data-id=\"3c1fc3f0\" data-element_type=\"widget\" data-e-type=\"widget\" data-widget_type=\"heading.default\">\n\t\t\t\t\t<h2 class=\"elementor-heading-title elementor-size-default\">Kort fortalt: Schrat<\/h2>\t\t\t\t<\/div>\n\t\t<div class=\"elementor-element elementor-element-84f33b8e e-con-full e-flex e-con e-child\" data-id=\"84f33b8e\" data-element_type=\"container\" data-e-type=\"container\">\n\t\t\t\t<div class=\"elementor-element elementor-element-hqkdc67p elementor-widget elementor-widget-text-editor\" data-id=\"hqkdc67p\" data-element_type=\"widget\" data-e-type=\"widget\" data-widget_type=\"text-editor.default\">\n\t\t\t\t\t\t\t\t\t<p>De vigtigste aspekter af den beh\u00e5rede skov\u00e5nd p\u00e5 et overblik.<\/p>\t\t\t\t\t\t\t\t<\/div>\n\t\t\t\t<\/div>\n\t\t<div class=\"elementor-element elementor-element-pemmx7c5 e-con-full e-flex e-con e-child\" data-id=\"pemmx7c5\" data-element_type=\"container\" data-e-type=\"container\">\n\t\t<div class=\"elementor-element elementor-element-pemmx7c1 e-con-full e-flex e-con e-child\" data-id=\"pemmx7c1\" data-element_type=\"container\" data-e-type=\"container\">\n\t\t<div class=\"elementor-element elementor-element-qh9oavvu iwg-steckbrief-card e-flex e-con-boxed e-con e-child\" data-id=\"qh9oavvu\" data-element_type=\"container\" data-e-type=\"container\">\n\t\t\t\t\t<div class=\"e-con-inner\">\n\t\t\t\t<div class=\"elementor-element elementor-element-awzx8k2k elementor-widget elementor-widget-heading\" data-id=\"awzx8k2k\" data-element_type=\"widget\" data-e-type=\"widget\" data-widget_type=\"heading.default\">\n\t\t\t\t\t<div class=\"elementor-heading-title elementor-size-default\">Tradition<\/div>\t\t\t\t<\/div>\n\t\t\t\t<div class=\"elementor-element elementor-element-x6rowhv0 elementor-widget elementor-widget-text-editor\" data-id=\"x6rowhv0\" data-element_type=\"widget\" data-e-type=\"widget\" data-widget_type=\"text-editor.default\">\n\t\t\t\t\t\t\t\t\t<p>Belagt siden de oldh\u00f8jtyske glosser, behandlet af Jacob Grimm i 1835 som skov\u00e5nd sammen med vilde folk og nisser; ordet vandrede tidligt ind i vestslavisk.<\/p>\t\t\t\t\t\t\t\t<\/div>\n\t\t\t\t\t<\/div>\n\t\t\t\t<\/div>\n\t\t<div class=\"elementor-element elementor-element-8e3o4kxs iwg-steckbrief-card e-flex e-con-boxed e-con e-child\" data-id=\"8e3o4kxs\" data-element_type=\"container\" data-e-type=\"container\">\n\t\t\t\t\t<div class=\"e-con-inner\">\n\t\t\t\t<div class=\"elementor-element elementor-element-08rkdgov elementor-widget elementor-widget-heading\" data-id=\"08rkdgov\" data-element_type=\"widget\" data-e-type=\"widget\" data-widget_type=\"heading.default\">\n\t\t\t\t\t<div class=\"elementor-heading-title elementor-size-default\">Bezogen p\u00e5<\/div>\t\t\t\t<\/div>\n\t\t\t\t<div class=\"elementor-element elementor-element-uwjelx8s elementor-widget elementor-widget-text-editor\" data-id=\"uwjelx8s\" data-element_type=\"widget\" data-e-type=\"widget\" data-widget_type=\"text-editor.default\">\n\t\t\t\t\t\t\t\t\t<p>Skovg\u00e6ngere ved dag og skumring, b\u00f8nder p\u00e5 g\u00e5rden og sovende, som Schr\u00e4ttel hjems\u00f8ger om natten i kammeret.<\/p>\t\t\t\t\t\t\t\t<\/div>\n\t\t\t\t\t<\/div>\n\t\t\t\t<\/div>\n\t\t<div class=\"elementor-element elementor-element-jm2n74ec iwg-steckbrief-card e-flex e-con-boxed e-con e-child\" data-id=\"jm2n74ec\" data-element_type=\"container\" data-e-type=\"container\">\n\t\t\t\t\t<div class=\"e-con-inner\">\n\t\t\t\t<div class=\"elementor-element elementor-element-8vufse4c elementor-widget elementor-widget-heading\" data-id=\"8vufse4c\" data-element_type=\"widget\" data-e-type=\"widget\" data-widget_type=\"heading.default\">\n\t\t\t\t\t<div class=\"elementor-heading-title elementor-size-default\">Fremstilling<\/div>\t\t\t\t<\/div>\n\t\t\t\t<div class=\"elementor-element elementor-element-mwb9u015 elementor-widget elementor-widget-text-editor\" data-id=\"mwb9u015\" data-element_type=\"widget\" data-e-type=\"widget\" data-widget_type=\"text-editor.default\">\n\t\t\t\t\t\t\t\t\t<p>Struben, lodden fyr af lille til mandsh\u00f8j skikkelse, halvt dyrisk, med vildt h\u00e5r; Schr\u00e4ttel lille og let, smuttende gennem knasthul og n\u00f8glehul.<\/p>\t\t\t\t\t\t\t\t<\/div>\n\t\t\t\t\t<\/div>\n\t\t\t\t<\/div>\n\t\t\t\t<\/div>\n\t\t<div class=\"elementor-element elementor-element-pemmx7c2 e-con-full e-flex e-con e-child\" data-id=\"pemmx7c2\" data-element_type=\"container\" data-e-type=\"container\">\n\t\t<div class=\"elementor-element elementor-element-37ss2yr6 iwg-steckbrief-card e-flex e-con-boxed e-con e-child\" data-id=\"37ss2yr6\" data-element_type=\"container\" data-e-type=\"container\">\n\t\t\t\t\t<div class=\"e-con-inner\">\n\t\t\t\t<div class=\"elementor-element elementor-element-3v0wp3wx elementor-widget elementor-widget-heading\" data-id=\"3v0wp3wx\" data-element_type=\"widget\" data-e-type=\"widget\" data-widget_type=\"heading.default\">\n\t\t\t\t\t<div class=\"elementor-heading-title elementor-size-default\">Funktion<\/div>\t\t\t\t<\/div>\n\t\t\t\t<div class=\"elementor-element elementor-element-w3247g2m elementor-widget elementor-widget-text-editor\" data-id=\"w3247g2m\" data-element_type=\"widget\" data-e-type=\"widget\" data-widget_type=\"text-editor.default\">\n\t\t\t\t\t\t\t\t\t<p>Drilleri og vildledning i skoven, larm og kv\u00e6gplage i huset, nattelig trykken som Schr\u00e4ttel, funktionslig med mare og alp.<\/p>\t\t\t\t\t\t\t\t<\/div>\n\t\t\t\t\t<\/div>\n\t\t\t\t<\/div>\n\t\t<div class=\"elementor-element elementor-element-0qpjal9w iwg-steckbrief-card e-flex e-con-boxed e-con e-child\" data-id=\"0qpjal9w\" data-element_type=\"container\" data-e-type=\"container\">\n\t\t\t\t\t<div class=\"e-con-inner\">\n\t\t\t\t<div class=\"elementor-element elementor-element-6ndoih0o elementor-widget elementor-widget-heading\" data-id=\"6ndoih0o\" data-element_type=\"widget\" data-e-type=\"widget\" data-widget_type=\"heading.default\">\n\t\t\t\t\t<div class=\"elementor-heading-title elementor-size-default\">Afv\u00e6rgeformer<\/div>\t\t\t\t<\/div>\n\t\t\t\t<div class=\"elementor-element elementor-element-6684tyh9 elementor-widget elementor-widget-text-editor\" data-id=\"6684tyh9\" data-element_type=\"widget\" data-e-type=\"widget\" data-widget_type=\"text-editor.default\">\n\t\t\t\t\t\t\t\t\t<p>Drudentegn ved d\u00f8r eller sengested, omvendt stillede skoer, jern under hovedpuden, b\u00f8n og velsignelsestegn; t\u00e6rskler og knasthuller blev sikret.<\/p>\t\t\t\t\t\t\t\t<\/div>\n\t\t\t\t\t<\/div>\n\t\t\t\t<\/div>\n\t\t<div class=\"elementor-element elementor-element-3lfi7x32 iwg-steckbrief-card e-flex e-con-boxed e-con e-child\" data-id=\"3lfi7x32\" data-element_type=\"container\" data-e-type=\"container\">\n\t\t\t\t\t<div class=\"e-con-inner\">\n\t\t\t\t<div class=\"elementor-element elementor-element-0kg99ga1 elementor-widget elementor-widget-heading\" data-id=\"0kg99ga1\" data-element_type=\"widget\" data-e-type=\"widget\" data-widget_type=\"heading.default\">\n\t\t\t\t\t<div class=\"elementor-heading-title elementor-size-default\">Afgr\u00e6nsning<\/div>\t\t\t\t<\/div>\n\t\t\t\t<div class=\"elementor-element elementor-element-n0fum6kp elementor-widget elementor-widget-text-editor\" data-id=\"n0fum6kp\" data-element_type=\"widget\" data-e-type=\"widget\" data-widget_type=\"text-editor.default\">\n\t\t\t\t\t\t\t\t\t<p>Fra <a href=\"https:\/\/iwell-guard.com\/da\/?page_id=138908\">den vilde mand<\/a> i billedkunsten og de hj\u00e6lpsomme <a href=\"https:\/\/iwell-guard.com\/da\/?page_id=138905\">mosfolk<\/a> skiller Schraten sig ud ved sit drilske, plagende v\u00e6sen.<\/p>\t\t\t\t\t\t\t\t<\/div>\n\t\t\t\t\t<\/div>\n\t\t\t\t<\/div>\n\t\t\t\t<\/div>\n\t\t\t\t<\/div>\n\t\t\t\t\t<\/div>\n\t\t\t\t<\/div>\n\t\t<div class=\"elementor-element elementor-element-7533bc7a e-flex e-con-boxed e-con e-parent\" data-id=\"7533bc7a\" data-element_type=\"container\" data-e-type=\"container\">\n\t\t\t\t\t<div class=\"e-con-inner\">\n\t\t\t\t<div class=\"elementor-element elementor-element-2447d18d elementor-widget elementor-widget-heading\" data-id=\"2447d18d\" data-element_type=\"widget\" data-e-type=\"widget\" data-widget_type=\"heading.default\">\n\t\t\t\t\t<h2 class=\"elementor-heading-title elementor-size-default\">Fra glossernes scrato til sagnenes Schr\u00e4ttel<\/h2>\t\t\t\t<\/div>\n\t\t<div class=\"elementor-element elementor-element-d5d0260c e-con-full e-flex e-con e-child\" data-id=\"d5d0260c\" data-element_type=\"container\" data-e-type=\"container\">\n\t\t\t\t<div class=\"elementor-element elementor-element-341be2ac elementor-widget elementor-widget-text-editor\" data-id=\"341be2ac\" data-element_type=\"widget\" data-e-type=\"widget\" data-widget_type=\"text-editor.default\">\n\t\t\t\t\t\t\t\t\t<p>Schraten bliver f\u00f8rst gribelig i glossarerne fra det 10. og 11. \u00e5rhundrede: Glossatorerne valgte scrato for at gengive Vulgatas pilosi og den antikke satyrus, og bandt dermed en \u00e5benlyst indf\u00f8dt forestilling til bibelsk-antikke d\u00e6monskikkelser. Jacob Grimm behandlede Schraten i 1835 i Deutsche Mythologie som skov\u00e5nd sammen med vilde folk og nisser.<\/p><p>En middelh\u00f8jtysk fort\u00e6lling (omkring 1300) beretter om schretel, der om natten hersker over en g\u00e5rd, indtil en rejsende isbj\u00f8rn giver det t\u00e6sk; her er skovv\u00e6senet for l\u00e6ngst blevet til en huslig plage\u00e5nd. Det gennembankede v\u00e6sen sp\u00f8rger om morgenen, om den store kat stadig er i huset, og undg\u00e5r derefter g\u00e5rden. Claude Lecouteux beskrev denne udvikling i 1985 som en r\u00e6kkef\u00f8lge af d\u00e6monisering, mytologisering og eufemisering. Nyere sagnlandskaber fra alperegionen til B\u00f8hmen kender Schratt og Schr\u00e4ttel som skov-, hus- og tryk\u00e5nd.<\/p>\t\t\t\t\t\t\t\t<\/div>\n\t\t\t\t<\/div>\n\t\t\t\t\t<\/div>\n\t\t\t\t<\/div>\n\t\t<div class=\"elementor-element elementor-element-5a584676 e-flex e-con-boxed e-con e-parent\" data-id=\"5a584676\" data-element_type=\"container\" data-e-type=\"container\">\n\t\t\t\t\t<div class=\"e-con-inner\">\n\t\t\t\t<div class=\"elementor-element elementor-element-6d0757bf elementor-widget elementor-widget-heading\" data-id=\"6d0757bf\" data-element_type=\"widget\" data-e-type=\"widget\" data-widget_type=\"heading.default\">\n\t\t\t\t\t<h2 class=\"elementor-heading-title elementor-size-default\">Fra sagnv\u00e6sen til ordforr\u00e5d<\/h2>\t\t\t\t<\/div>\n\t\t<div class=\"elementor-element elementor-element-60563f68 e-con-full e-flex e-con e-child\" data-id=\"60563f68\" data-element_type=\"container\" data-e-type=\"container\">\n\t\t\t\t<div class=\"elementor-element elementor-element-5a93fdd6 elementor-widget elementor-widget-text-editor\" data-id=\"5a93fdd6\" data-element_type=\"widget\" data-e-type=\"widget\" data-widget_type=\"text-editor.default\">\n\t\t\t\t\t\t\t\t\t<p>I daglig tale betegner Waldschrat i dag en sur ensp\u00e6nder, en betydningsforskydning som ordb\u00f8ger har registreret siden det 20. \u00e5rhundrede. I fantasy og rollespil er Schraten derimod blevet omtydet til et tr\u00e6agtigt skovv\u00e6sen, langt fra den h\u00e5rede fyr fra glosserne. De slaviske l\u00e5nte former lever deres eget liv: den slovenske \u0161krat er som bjerg- og hus\u00e5nd stadig popul\u00e6r, og i sagnrige steder i alperegionen holder stednavne og fort\u00e6llinger om Schrattl den \u00e6ldre overlevering i live.<\/p><p>Religionshistorisk er Schraten et l\u00e6restykke om kildesituationen for folkesproglige \u00e5ndev\u00e6sener: han bliver f\u00f8rst gribelig ikke gennem fort\u00e6llinger, men gennem glossatorernes overs\u00e6ttelsesvalg, der satte indf\u00f8dte v\u00e6sener p\u00e5 linje med bibelske pilosi og antikke satyrer og dermed d\u00e6moniserede dem. Lecouteux beskriver folketroens modbev\u00e6gelse som eufemisering, kendelig p\u00e5 diminutivet Schr\u00e4ttel. Typologisk l\u00e6gger tre lag sig over hinanden: skov\u00e5nden af typen vilde folk, den ydende og straffende hus\u00e5nd samt mareridtets alpv\u00e6sen. Kontinuiteten ligger snarere i ordet end i et ensartet v\u00e6sen; netop d\u00e9r ligger skikkelsens religionshistoriske v\u00e6rdi.<\/p>\t\t\t\t\t\t\t\t<\/div>\n\t\t\t\t<\/div>\n\t\t\t\t\t<\/div>\n\t\t\t\t<\/div>\n\t\t<div class=\"elementor-element elementor-element-cp9a031aa e-flex e-con-boxed e-con e-parent\" data-id=\"cp9a031aa\" data-element_type=\"container\" data-e-type=\"container\">\n\t\t\t\t\t<div class=\"e-con-inner\">\n\t\t\t\t<div class=\"elementor-element elementor-element-cp9193514 elementor-widget elementor-widget-heading\" data-id=\"cp9193514\" data-element_type=\"widget\" data-e-type=\"widget\" data-widget_type=\"heading.default\">\n\t\t\t\t\t<h2 class=\"elementor-heading-title elementor-size-default\">Drudentegn og omvendte skoer: beskyttelsen<\/h2>\t\t\t\t<\/div>\n\t\t<div class=\"elementor-element elementor-element-cp02ca0ee e-con-full e-flex e-con e-child\" data-id=\"cp02ca0ee\" data-element_type=\"container\" data-e-type=\"container\">\n\t\t\t\t<div class=\"elementor-element elementor-element-cp444e0f1 elementor-widget elementor-widget-text-editor\" data-id=\"cp444e0f1\" data-element_type=\"widget\" data-e-type=\"widget\" data-widget_type=\"text-editor.default\">\n\t\t\t\t\t\t\t\t\t<p>Overleveringen tilr\u00e5dede tilbageholdenhed over for skovv\u00e6senet: man skulle ikke h\u00e5ne det, ikke efterabe det og ikke drage larmende gennem skoven. Mod det tyngende Schr\u00e4ttel n\u00e6vner Handw\u00f6rterbuch des deutschen Aberglaubens de samme midler, som ogs\u00e5 blev brugt mod alp og drude: drudefoden p\u00e5 d\u00f8r eller sengested, skoene stillet omvendt foran sengen, jern eller st\u00e5l under hovedpuden, samt b\u00f8n og velsignelsestegn f\u00f8r sengetid. D\u00f8rtrin og knastehuller som indgangsveje blev sikret eller tilstoppet.<\/p>\t\t\t\t\t\t\t\t<\/div>\n\t\t\t\t<\/div>\n\t\t\t\t\t<\/div>\n\t\t\t\t<\/div>\n\t\t<div class=\"elementor-element elementor-element-cp11de5b2 e-flex e-con-boxed e-con e-parent\" data-id=\"cp11de5b2\" data-element_type=\"container\" data-e-type=\"container\">\n\t\t\t\t\t<div class=\"e-con-inner\">\n\t\t\t\t<div class=\"elementor-element elementor-element-cp8d35271 elementor-widget elementor-widget-heading\" data-id=\"cp8d35271\" data-element_type=\"widget\" data-e-type=\"widget\" data-widget_type=\"heading.default\">\n\t\t\t\t\t<h2 class=\"elementor-heading-title elementor-size-default\">Skovherre, hus\u00e5nd, nattetrykker: sl\u00e6gtskabet<\/h2>\t\t\t\t<\/div>\n\t\t<div class=\"elementor-element elementor-element-cp02f26b8 e-con-full e-flex e-con e-child\" data-id=\"cp02f26b8\" data-element_type=\"container\" data-e-type=\"container\">\n\t\t\t\t<div class=\"elementor-element elementor-element-cp58c4390 elementor-widget elementor-widget-text-editor\" data-id=\"cp58c4390\" data-element_type=\"widget\" data-e-type=\"widget\" data-widget_type=\"text-editor.default\">\n\t\t\t\t\t\t\t\t\t<p>Som skovherre svarer Schrat til den slaviske <a href=\"https:\/\/iwell-guard.com\/da\/leshy\/\">Leshy<\/a>, der deler vildledningen og stemmeefterligningen med ham; hus\u00e5nd-siden forbinder ham med <a href=\"https:\/\/iwell-guard.com\/da\/domovoi\/\">Domovoi<\/a> fra russisk folketro. For den nattelige trykkefunktion st\u00e5r alp, mare og den skandinaviske mara umiddelbart ved siden af Schr\u00e4ttel. Den l\u00e6rde ligestilling med antikkens <a href=\"https:\/\/iwell-guard.com\/da\/?page_id=138922\">satyr<\/a> og <a href=\"https:\/\/iwell-guard.com\/da\/?page_id=138936\">faun<\/a> stammer allerede fra de middelalderlige glosser, og med <a href=\"https:\/\/iwell-guard.com\/da\/?page_id=138908\">Den Vilde Mand<\/a> deler han tilh\u00f8rsforholdet til komplekset af de vilde folk. I \u00d8sters\u00f8omr\u00e5det er den estiske skovgamle <a href=\"https:\/\/iwell-guard.com\/da\/?page_id=138902\">Metsavana<\/a> en besl\u00e6gtet type.<\/p>\t\t\t\t\t\t\t\t<\/div>\n\t\t\t\t<\/div>\n\t\t\t\t\t<\/div>\n\t\t\t\t<\/div>\n\t\t<div class=\"elementor-element elementor-element-cp406577c e-flex e-con-boxed e-con e-parent\" data-id=\"cp406577c\" data-element_type=\"container\" data-e-type=\"container\">\n\t\t\t\t\t<div class=\"e-con-inner\">\n\t\t\t\t<div class=\"elementor-element elementor-element-cpdd9c543 elementor-widget elementor-widget-heading\" data-id=\"cpdd9c543\" data-element_type=\"widget\" data-e-type=\"widget\" data-widget_type=\"heading.default\">\n\t\t\t\t\t<h2 class=\"elementor-heading-title elementor-size-default\">Ofte stillede sp\u00f8rgsm\u00e5l om Schrat<\/h2>\t\t\t\t<\/div>\n\t\t<div class=\"elementor-element elementor-element-cp9e731bb e-con-full e-flex e-con e-child\" data-id=\"cp9e731bb\" data-element_type=\"container\" data-e-type=\"container\">\n\t\t\t\t<div class=\"elementor-element elementor-element-cpa7c898c elementor-widget elementor-widget-text-editor\" data-id=\"cpa7c898c\" data-element_type=\"widget\" data-e-type=\"widget\" data-widget_type=\"text-editor.default\">\n\t\t\t\t\t\t\t\t\t<p><strong>Er Schrat og Waldschrat det samme?<\/strong><\/p><p>I kernen ja. Waldschrat er den yngre, tydeligg\u00f8rende sammens\u00e6tning, der slog igennem, da det simple ord Schrat begyndte at forsvinde. I dag bruges Waldschrat overvejende overf\u00f8rt om menneskesky ensp\u00e6ndere, mens sagnfiguren i begge navneformer er den samme.<\/p><p><strong>Hvad er et Schr\u00e4ttel?<\/strong><\/p><p>Diminutivformen af Schrat, som i Sydtyskland, Schweiz og \u00d8strig blev til sin egen skikkelse: en nattelig tryk\u00e5nd p\u00e5 linje med alp og mare. Hvor alpine sagn fort\u00e6ller om Schrattl eller Schr\u00e4ttele, er det denne natskabning, der er tale om, ikke skov\u00e5nden.<\/p><p><strong>Er Schrat farlig?<\/strong><\/p><p>Overleveringen tegner ham som besv\u00e6rlig, men sj\u00e6ldent destruktiv. I skoven driller og forvirrer han, i huset larmer han, og som Schr\u00e4ttel for\u00e5rsager han nattelig ubehag. D\u00f8delige overgreb h\u00f8rer ikke til den faste bestand af sagn; de traditionelle modforholdsregler retter sig mod at holde ham p\u00e5 afstand og skabe ro, ikke mod kamp.<\/p>\t\t\t\t\t\t\t\t<\/div>\n\t\t\t\t<\/div>\n\t\t\t\t\t<\/div>\n\t\t\t\t<\/div>\n\t\t<div class=\"elementor-element elementor-element-36dd7469 e-flex e-con-boxed e-con e-parent\" data-id=\"36dd7469\" data-element_type=\"container\" data-e-type=\"container\">\n\t\t\t\t\t<div class=\"e-con-inner\">\n\t\t\t\t<div class=\"elementor-element elementor-element-13760ab4 elementor-widget elementor-widget-heading\" data-id=\"13760ab4\" data-element_type=\"widget\" data-e-type=\"widget\" data-widget_type=\"heading.default\">\n\t\t\t\t\t<h2 class=\"elementor-heading-title elementor-size-default\">Yderligere links<\/h2>\t\t\t\t<\/div>\n\t\t<div class=\"elementor-element elementor-element-28c87796 e-con-full e-flex e-con e-child\" data-id=\"28c87796\" data-element_type=\"container\" data-e-type=\"container\">\n\t\t\t\t<div class=\"elementor-element elementor-element-5d6538df elementor-widget elementor-widget-text-editor\" data-id=\"5d6538df\" data-element_type=\"widget\" data-e-type=\"widget\" data-widget_type=\"text-editor.default\">\n\t\t\t\t\t\t\t\t\t<p>Anbefalede interne links:<\/p><ul><li><a href=\"https:\/\/iwell-guard.com\/da\/germansk\/\">Germansk<\/a> \u2013 alle v\u00e6sener fra den germanske overlevering<\/li><li><a href=\"https:\/\/iwell-guard.com\/da\/?page_id=138908\">Den Vilde Mand<\/a>, <a href=\"https:\/\/iwell-guard.com\/da\/?page_id=138905\">Moosleute<\/a>, <a href=\"https:\/\/iwell-guard.com\/da\/?page_id=138903\">Holzfr\u00e4ulein<\/a> \u2013 de vilde folk i den tyske skov<\/li><li><a href=\"https:\/\/iwell-guard.com\/da\/jern-og-koldt-jern\/\">Jern<\/a>, <a href=\"https:\/\/iwell-guard.com\/da\/hesteskoen-lykke-og-beskyttelsessymbol\/\">Hestesko<\/a>, <a href=\"https:\/\/iwell-guard.com\/da\/tarskelbeskyttelse-dor-vindue-husindgang\/\">D\u00f8rtrinsbeskyttelse<\/a>, <a href=\"https:\/\/iwell-guard.com\/da\/amulet\/\">Amulet<\/a> \u2013 overleverede beskyttelsesmidler mod tryk\u00e5nder<\/li><li><a href=\"https:\/\/iwell-guard.com\/da\/beskyttelseskompas\/\">Beskyttelseskompas<\/a> \u2013 beskyttelsesmidler i overblik<\/li><\/ul>\t\t\t\t\t\t\t\t<\/div>\n\t\t\t\t<\/div>\n\t\t\t\t\t<\/div>\n\t\t\t\t<\/div>\n\t\t<div class=\"elementor-element elementor-element-grl4kl40 e-flex e-con-boxed e-con e-parent\" data-id=\"grl4kl40\" data-element_type=\"container\" data-e-type=\"container\">\n\t\t\t\t\t<div class=\"e-con-inner\">\n\t\t\t\t<div class=\"elementor-element elementor-element-bzsbfrmh elementor-widget elementor-widget-heading\" data-id=\"bzsbfrmh\" data-element_type=\"widget\" data-e-type=\"widget\" data-widget_type=\"heading.default\">\n\t\t\t\t\t<h2 class=\"elementor-heading-title elementor-size-default\">Litteratur (udvalg)<\/h2>\t\t\t\t<\/div>\n\t\t<div class=\"elementor-element elementor-element-2c13224a e-con-full e-flex e-con e-child\" data-id=\"2c13224a\" data-element_type=\"container\" data-e-type=\"container\">\n\t\t\t\t<div class=\"elementor-element elementor-element-0eymh9ub elementor-widget elementor-widget-text-editor\" data-id=\"0eymh9ub\" data-element_type=\"widget\" data-e-type=\"widget\" data-widget_type=\"text-editor.default\">\n\t\t\t\t\t\t\t\t\t<footer class=\"iwg-literatur\" data-nosnippet=\"true\"><p>Et udvalg af centrale kilder og studier:<\/p><ul><li><span data-nosnippet>Grimm, Jacob: <em>Deutsche Mythologie<\/em>. G\u00f6ttingen 1835.<\/span><\/li><li><span data-nosnippet>Lecouteux, Claude: <em>Vom Schrat zum Schr\u00e4ttel. D\u00e4monisierungs-, Mythologisierungs- und Euphemisierungsprozesse einer volkst\u00fcmlichen Vorstellung<\/em>. In: Euphorion 79, 1985.<\/span><\/li><li><span data-nosnippet>B\u00e4chtold-St\u00e4ubli, Hanns (Hg.): <em>Handw\u00f6rterbuch des deutschen Aberglaubens<\/em>, artikel Schrat. Berlin\/Leipzig 1927-1942.<\/span><\/li><li><span data-nosnippet>Petzoldt, Leander: <em>Kleines Lexikon der D\u00e4monen und Elementargeister<\/em>. M\u00fcnchen 1990.<\/span><\/li><\/ul><\/footer>\n<p class=\"iwg-bib-more\"><span data-nosnippet>Flere standardv\u00e6rker i <a href=\"https:\/\/iwell-guard.com\/da\/litteratur\/\">litteraturlisten<\/a>.<\/span><\/p>\t\t\t\t\t\t\t\t<\/div>\n\t\t\t\t<\/div>\n\t\t\t\t\t<\/div>\n\t\t\t\t<\/div>\n\t\t<div class=\"elementor-element elementor-element-iwgkw2-add-hulijing e-flex e-con-boxed e-con e-parent\" data-id=\"iwgkw2-add-hulijing\" data-element_type=\"container\" data-e-type=\"container\">\n\t\t\t\t\t<div class=\"e-con-inner\">\n\t\t\t\t<div class=\"elementor-element elementor-element-iwgkw2-add-hulijing-t elementor-widget elementor-widget-text-editor\" data-id=\"iwgkw2-add-hulijing-t\" data-element_type=\"widget\" data-e-type=\"widget\" data-widget_type=\"text-editor.default\">\n\t\t\t\t\t\t\t\t\t<p>Hvad enten det er som Waldschrat i nutidens sprogbrug eller som Schr\u00e4ttel i de alpine sagn: Schrat viser, hvordan et gammelt ord skifter v\u00e6sen, fra glossernes h\u00e5rede skovf\u00e6lle til sovekammerets nattegeist.<\/p>\t\t\t\t\t\t\t\t<\/div>\n\t\t\t\t\t<\/div>\n\t\t\t\t<\/div>\n\t\t\t\t<\/div>\n\t\t","protected":false},"excerpt":{"rendered":"","protected":false},"author":3,"featured_media":20427,"parent":0,"menu_order":0,"comment_status":"closed","ping_status":"closed","template":"elementor_header_footer","meta":{"_yoast_wpseo_focuskw":"schrat","_yoast_wpseo_title":"Schrat \u2013 beh\u00e5ret skov\u00e5nd fra tysk folketro","_yoast_wpseo_metadesc":"Schrat, det beh\u00e5rede skovv\u00e6sen fra tysk overlevering: oldh\u00f8jtyske bel\u00e6g, sagnenes Schr\u00e4ttel og overleverede beskyttelsesskikke.","_yoast_wpseo_meta-robots-noindex":"","_yoast_wpseo_canonical":"","_angie_page":false,"gefaehrdungsstufe":"2","wesen_kultur":"germanisch","wesen_klasse":"geister","footnotes":""},"categories":[],"class_list":["post-138907","page","type-page","status-publish","has-post-thumbnail","hentry"],"yoast_head":"<!-- This site is optimized with the Yoast SEO Premium plugin v27.7 (Yoast SEO v28.3) - https:\/\/yoast.com\/product\/yoast-seo-premium-wordpress\/ -->\n<title>Schrat \u2013 beh\u00e5ret skov\u00e5nd fra tysk folketro<\/title>\n<meta name=\"description\" content=\"Schrat, det beh\u00e5rede skovv\u00e6sen fra tysk overlevering: oldh\u00f8jtyske bel\u00e6g, sagnenes Schr\u00e4ttel og overleverede beskyttelsesskikke.\" \/>\n<meta name=\"robots\" content=\"index, follow, max-snippet:-1, max-image-preview:large, max-video-preview:-1\" \/>\n<link rel=\"canonical\" href=\"https:\/\/iwell-guard.com\/da\/schrat\/\" \/>\n<meta property=\"og:locale\" content=\"da_DK\" \/>\n<meta property=\"og:type\" content=\"article\" \/>\n<meta property=\"og:title\" content=\"Schrat\" \/>\n<meta property=\"og:description\" content=\"Schrat, det beh\u00e5rede skovv\u00e6sen fra tysk overlevering: oldh\u00f8jtyske bel\u00e6g, sagnenes Schr\u00e4ttel og overleverede beskyttelsesskikke.\" \/>\n<meta property=\"og:url\" content=\"https:\/\/iwell-guard.com\/da\/schrat\/\" \/>\n<meta property=\"og:site_name\" content=\"iWell Guard\" \/>\n<meta property=\"article:modified_time\" content=\"2026-09-03T08:16:03+00:00\" \/>\n<meta property=\"og:image\" content=\"https:\/\/iwell-guard.com\/wp-content\/uploads\/2026\/07\/geister_germanisch_schrat.webp\" \/>\n\t<meta property=\"og:image:width\" content=\"1024\" \/>\n\t<meta property=\"og:image:height\" content=\"1536\" \/>\n\t<meta property=\"og:image:type\" content=\"image\/webp\" \/>\n<meta name=\"twitter:card\" content=\"summary_large_image\" \/>\n<script type=\"application\/ld+json\" class=\"yoast-schema-graph\">{\"@context\":\"https:\\\/\\\/schema.org\",\"@graph\":[{\"@type\":\"WebPage\",\"@id\":\"https:\\\/\\\/iwell-guard.com\\\/da\\\/schrat\\\/\",\"url\":\"https:\\\/\\\/iwell-guard.com\\\/da\\\/schrat\\\/\",\"name\":\"Schrat \u2013 beh\u00e5ret skov\u00e5nd fra tysk folketro\",\"isPartOf\":{\"@id\":\"https:\\\/\\\/iwell-guard.com\\\/da\\\/#website\"},\"primaryImageOfPage\":{\"@id\":\"https:\\\/\\\/iwell-guard.com\\\/da\\\/schrat\\\/#primaryimage\"},\"image\":{\"@id\":\"https:\\\/\\\/iwell-guard.com\\\/da\\\/schrat\\\/#primaryimage\"},\"thumbnailUrl\":\"https:\\\/\\\/iwell-guard.com\\\/wp-content\\\/uploads\\\/2026\\\/07\\\/geister_germanisch_schrat.webp\",\"datePublished\":\"2026-09-03T07:39:05+00:00\",\"dateModified\":\"2026-09-03T08:16:03+00:00\",\"description\":\"Schrat, det beh\u00e5rede skovv\u00e6sen fra tysk overlevering: oldh\u00f8jtyske bel\u00e6g, sagnenes Schr\u00e4ttel og overleverede beskyttelsesskikke.\",\"breadcrumb\":{\"@id\":\"https:\\\/\\\/iwell-guard.com\\\/da\\\/schrat\\\/#breadcrumb\"},\"inLanguage\":\"da-DK\",\"potentialAction\":[{\"@type\":\"ReadAction\",\"target\":[\"https:\\\/\\\/iwell-guard.com\\\/da\\\/schrat\\\/\"]}]},{\"@type\":\"ImageObject\",\"inLanguage\":\"da-DK\",\"@id\":\"https:\\\/\\\/iwell-guard.com\\\/da\\\/schrat\\\/#primaryimage\",\"url\":\"https:\\\/\\\/iwell-guard.com\\\/wp-content\\\/uploads\\\/2026\\\/07\\\/geister_germanisch_schrat.webp\",\"contentUrl\":\"https:\\\/\\\/iwell-guard.com\\\/wp-content\\\/uploads\\\/2026\\\/07\\\/geister_germanisch_schrat.webp\",\"width\":1024,\"height\":1536,\"caption\":\"Schrat, \u00e5nd fra den germanske overlevering\"},{\"@type\":\"BreadcrumbList\",\"@id\":\"https:\\\/\\\/iwell-guard.com\\\/da\\\/schrat\\\/#breadcrumb\",\"itemListElement\":[{\"@type\":\"ListItem\",\"position\":1,\"name\":\"Start\",\"item\":\"https:\\\/\\\/iwell-guard.com\\\/da\\\/?page_id=137908\"},{\"@type\":\"ListItem\",\"position\":2,\"name\":\"Schrat\"}]},{\"@type\":\"WebSite\",\"@id\":\"https:\\\/\\\/iwell-guard.com\\\/da\\\/#website\",\"url\":\"https:\\\/\\\/iwell-guard.com\\\/da\\\/\",\"name\":\"iWell Guard\",\"description\":\"Schutz vor dunklen Einfl\u00fcssen\",\"publisher\":{\"@id\":\"https:\\\/\\\/iwell-guard.com\\\/da\\\/#organization\"},\"potentialAction\":[{\"@type\":\"SearchAction\",\"target\":{\"@type\":\"EntryPoint\",\"urlTemplate\":\"https:\\\/\\\/iwell-guard.com\\\/da\\\/?s={search_term_string}\"},\"query-input\":{\"@type\":\"PropertyValueSpecification\",\"valueRequired\":true,\"valueName\":\"search_term_string\"}}],\"inLanguage\":\"da-DK\"},{\"@type\":\"Organization\",\"@id\":\"https:\\\/\\\/iwell-guard.com\\\/da\\\/#organization\",\"name\":\"Ittermann electronic GmbH\",\"url\":\"https:\\\/\\\/iwell-guard.com\\\/da\\\/\",\"logo\":{\"@type\":\"ImageObject\",\"inLanguage\":\"da-DK\",\"@id\":\"https:\\\/\\\/iwell-guard.com\\\/da\\\/#\\\/schema\\\/logo\\\/image\\\/\",\"url\":\"https:\\\/\\\/iwell-guard.com\\\/wp-content\\\/uploads\\\/2026\\\/05\\\/Ittermann-Logo-1182x237-1.png\",\"contentUrl\":\"https:\\\/\\\/iwell-guard.com\\\/wp-content\\\/uploads\\\/2026\\\/05\\\/Ittermann-Logo-1182x237-1.png\",\"width\":1182,\"height\":237,\"caption\":\"Ittermann electronic GmbH\"},\"image\":{\"@id\":\"https:\\\/\\\/iwell-guard.com\\\/da\\\/#\\\/schema\\\/logo\\\/image\\\/\"},\"sameAs\":[\"https:\\\/\\\/pantip.com\\\/profile\\\/9367242\",\"https:\\\/\\\/micro.blog\\\/iwellguard\",\"https:\\\/\\\/www.diggerslist.com\\\/iwellguard\\\/about\",\"https:\\\/\\\/skitterphoto.com\\\/photographers\\\/2870314\\\/iwell-guard\",\"https:\\\/\\\/iwellguard.wordpress.com\\\/2026\\\/06\\\/06\\\/iwell-guard\\\/\",\"https:\\\/\\\/hub.docker.com\\\/u\\\/iwellguard\",\"https:\\\/\\\/www.pinterest.com\\\/iwellguard\\\/\",\"https:\\\/\\\/bit.ly\\\/m\\\/iwellguard\",\"https:\\\/\\\/entre-vos-mains.alsace.eu\\\/profiles\\\/iwellguard\\\/activity\",\"https:\\\/\\\/gravatar.com\\\/reallybeded8fd34\",\"https:\\\/\\\/naijamatta.com\\\/iwellguard\",\"https:\\\/\\\/www.goodreads.com\\\/iwellguard\",\"https:\\\/\\\/profile.hatena.ne.jp\\\/iwellguard\\\/\",\"https:\\\/\\\/experiment.com\\\/users\\\/iwellguard\",\"https:\\\/\\\/wakelet.com\\\/@iWellGuard82270\",\"https:\\\/\\\/www.chordie.com\\\/forum\\\/profile.php?id=2555664\",\"https:\\\/\\\/www.instapaper.com\\\/p\\\/17757966\",\"https:\\\/\\\/www.mapleprimes.com\\\/users\\\/iwellguard\",\"https:\\\/\\\/businesslistingplus.com\\\/profile\\\/iwell-guard\\\/\",\"https:\\\/\\\/telegra.ph\\\/iWell-Guard-06-06\",\"https:\\\/\\\/pbase.com\\\/iwellguard\\\/iwellguard\",\"https:\\\/\\\/b.hatena.ne.jp\\\/iwellguard\\\/20260607#bookmark-4788405196491818882\",\"https:\\\/\\\/fliphtml5.com\\\/home\\\/iwellguard\",\"https:\\\/\\\/anyflip.com\\\/homepage\\\/cmiwl#About\",\"https:\\\/\\\/transfur.com\\\/Users\\\/iwellguard\",\"http:\\\/\\\/delphi.larsbo.org\\\/user\\\/iwellguard\",\"https:\\\/\\\/jobs.lajobsportal.org\\\/profiles\\\/8380803-iwell-guard\",\"https:\\\/\\\/md.chaosdorf.de\\\/s\\\/jfbe5SBdJD\",\"https:\\\/\\\/www.lingvolive.com\\\/en-us\\\/profile\\\/9ecaeaca-ce11-4e51-9e71-01d55e2bff36\\\/translations\",\"https:\\\/\\\/www.fitday.com\\\/fitness\\\/forums\\\/members\\\/iwellguard.html\",\"https:\\\/\\\/www.mymeetbook.com\\\/iwellguard\",\"https:\\\/\\\/pxhere.com\\\/en\\\/photographer-me\\\/5040798\",\"https:\\\/\\\/disqus.com\\\/by\\\/iwellguard\\\/about\\\/\",\"https:\\\/\\\/pastelink.net\\\/hjwciqwq\",\"https:\\\/\\\/pubhtml5.com\\\/homepage\\\/scjhn\\\/\",\"https:\\\/\\\/www.bitchute.com\\\/channel\\\/2O2eOKzNqujT\",\"https:\\\/\\\/audiomack.com\\\/iwellguard\"]},{\"@type\":\"Article\",\"@id\":\"https:\\\/\\\/iwell-guard.com\\\/da\\\/schrat\\\/#article\",\"isPartOf\":{\"@id\":\"https:\\\/\\\/iwell-guard.com\\\/da\\\/schrat\\\/\"},\"author\":{\"name\":\"Ralf Ittermann\",\"@id\":\"https:\\\/\\\/iwell-guard.com\\\/da\\\/#\\\/schema\\\/person\\\/ee2a27f1cac3406c7c6fb5820cb7349f\"},\"headline\":\"Schrat\",\"datePublished\":\"2026-09-03T07:39:05+00:00\",\"dateModified\":\"2026-09-03T08:16:03+00:00\",\"mainEntityOfPage\":{\"@id\":\"https:\\\/\\\/iwell-guard.com\\\/da\\\/schrat\\\/\"},\"publisher\":{\"@id\":\"https:\\\/\\\/iwell-guard.com\\\/da\\\/#organization\"},\"image\":{\"@id\":\"https:\\\/\\\/iwell-guard.com\\\/da\\\/schrat\\\/#primaryimage\"},\"thumbnailUrl\":\"https:\\\/\\\/iwell-guard.com\\\/wp-content\\\/uploads\\\/2026\\\/07\\\/geister_germanisch_schrat.webp\",\"inLanguage\":\"da-DK\",\"description\":\"Schrat, det beh\u00e5rede skovv\u00e6sen fra tysk overlevering: oldh\u00f8jtyske bel\u00e6g, sagnenes Schr\u00e4ttel og overleverede beskyttelsesskikke.\"}]}<\/script>\n<!-- \/ Yoast SEO Premium plugin. -->","yoast_head_json":{"title":"Schrat \u2013 beh\u00e5ret skov\u00e5nd fra tysk folketro","description":"Schrat, det beh\u00e5rede skovv\u00e6sen fra tysk overlevering: oldh\u00f8jtyske bel\u00e6g, sagnenes Schr\u00e4ttel og overleverede beskyttelsesskikke.","robots":{"index":"index","follow":"follow","max-snippet":"max-snippet:-1","max-image-preview":"max-image-preview:large","max-video-preview":"max-video-preview:-1"},"canonical":"https:\/\/iwell-guard.com\/da\/schrat\/","og_locale":"da_DK","og_type":"article","og_title":"Schrat","og_description":"Schrat, det beh\u00e5rede skovv\u00e6sen fra tysk overlevering: oldh\u00f8jtyske bel\u00e6g, sagnenes Schr\u00e4ttel og overleverede beskyttelsesskikke.","og_url":"https:\/\/iwell-guard.com\/da\/schrat\/","og_site_name":"iWell Guard","article_modified_time":"2026-09-03T08:16:03+00:00","og_image":[{"width":1024,"height":1536,"url":"https:\/\/iwell-guard.com\/wp-content\/uploads\/2026\/07\/geister_germanisch_schrat.webp","type":"image\/webp"}],"twitter_card":"summary_large_image","schema":{"@context":"https:\/\/schema.org","@graph":[{"@type":"Article","@id":"https:\/\/iwell-guard.com\/da\/schrat\/#article","isPartOf":{"@id":"https:\/\/iwell-guard.com\/da\/schrat\/"},"author":{"name":"Ralf Ittermann","@id":"https:\/\/iwell-guard.com\/da\/#\/schema\/person\/ee2a27f1cac3406c7c6fb5820cb7349f"},"headline":"Schrat","datePublished":"2026-09-03T07:39:05+00:00","dateModified":"2026-09-03T08:16:03+00:00","mainEntityOfPage":{"@id":"https:\/\/iwell-guard.com\/da\/schrat\/"},"publisher":{"@id":"https:\/\/iwell-guard.com\/da\/#organization"},"image":{"@id":"https:\/\/iwell-guard.com\/da\/schrat\/#primaryimage"},"thumbnailUrl":"https:\/\/iwell-guard.com\/wp-content\/uploads\/2026\/07\/geister_germanisch_schrat.webp","inLanguage":"da-DK","description":"Schrat, det beh\u00e5rede skovv\u00e6sen fra tysk overlevering: oldh\u00f8jtyske bel\u00e6g, sagnenes Schr\u00e4ttel og overleverede beskyttelsesskikke."},{"@type":"WebPage","@id":"https:\/\/iwell-guard.com\/da\/schrat\/","url":"https:\/\/iwell-guard.com\/da\/schrat\/","name":"Schrat \u2013 beh\u00e5ret skov\u00e5nd fra tysk folketro","isPartOf":{"@id":"https:\/\/iwell-guard.com\/da\/#website"},"primaryImageOfPage":{"@id":"https:\/\/iwell-guard.com\/da\/schrat\/#primaryimage"},"image":{"@id":"https:\/\/iwell-guard.com\/da\/schrat\/#primaryimage"},"thumbnailUrl":"https:\/\/iwell-guard.com\/wp-content\/uploads\/2026\/07\/geister_germanisch_schrat.webp","datePublished":"2026-09-03T07:39:05+00:00","dateModified":"2026-09-03T08:16:03+00:00","description":"Schrat, det beh\u00e5rede skovv\u00e6sen fra tysk overlevering: oldh\u00f8jtyske bel\u00e6g, sagnenes Schr\u00e4ttel og overleverede beskyttelsesskikke.","breadcrumb":{"@id":"https:\/\/iwell-guard.com\/da\/schrat\/#breadcrumb"},"inLanguage":"da-DK","potentialAction":[{"@type":"ReadAction","target":["https:\/\/iwell-guard.com\/da\/schrat\/"]}]},{"@type":"ImageObject","inLanguage":"da-DK","@id":"https:\/\/iwell-guard.com\/da\/schrat\/#primaryimage","url":"https:\/\/iwell-guard.com\/wp-content\/uploads\/2026\/07\/geister_germanisch_schrat.webp","contentUrl":"https:\/\/iwell-guard.com\/wp-content\/uploads\/2026\/07\/geister_germanisch_schrat.webp","width":1024,"height":1536,"caption":"Schrat, \u00e5nd fra den germanske overlevering"},{"@type":"BreadcrumbList","@id":"https:\/\/iwell-guard.com\/da\/schrat\/#breadcrumb","itemListElement":[{"@type":"ListItem","position":1,"name":"Start","item":"https:\/\/iwell-guard.com\/da\/?page_id=137908"},{"@type":"ListItem","position":2,"name":"Schrat"}]},{"@type":"WebSite","@id":"https:\/\/iwell-guard.com\/da\/#website","url":"https:\/\/iwell-guard.com\/da\/","name":"iWell Guard","description":"Schutz vor dunklen Einfl\u00fcssen","publisher":{"@id":"https:\/\/iwell-guard.com\/da\/#organization"},"potentialAction":[{"@type":"SearchAction","target":{"@type":"EntryPoint","urlTemplate":"https:\/\/iwell-guard.com\/da\/?s={search_term_string}"},"query-input":{"@type":"PropertyValueSpecification","valueRequired":true,"valueName":"search_term_string"}}],"inLanguage":"da-DK"},{"@type":"Organization","@id":"https:\/\/iwell-guard.com\/da\/#organization","name":"Ittermann electronic GmbH","url":"https:\/\/iwell-guard.com\/da\/","logo":{"@type":"ImageObject","inLanguage":"da-DK","@id":"https:\/\/iwell-guard.com\/da\/#\/schema\/logo\/image\/","url":"https:\/\/iwell-guard.com\/wp-content\/uploads\/2026\/05\/Ittermann-Logo-1182x237-1.png","contentUrl":"https:\/\/iwell-guard.com\/wp-content\/uploads\/2026\/05\/Ittermann-Logo-1182x237-1.png","width":1182,"height":237,"caption":"Ittermann electronic GmbH"},"image":{"@id":"https:\/\/iwell-guard.com\/da\/#\/schema\/logo\/image\/"},"sameAs":["https:\/\/pantip.com\/profile\/9367242","https:\/\/micro.blog\/iwellguard","https:\/\/www.diggerslist.com\/iwellguard\/about","https:\/\/skitterphoto.com\/photographers\/2870314\/iwell-guard","https:\/\/iwellguard.wordpress.com\/2026\/06\/06\/iwell-guard\/","https:\/\/hub.docker.com\/u\/iwellguard","https:\/\/www.pinterest.com\/iwellguard\/","https:\/\/bit.ly\/m\/iwellguard","https:\/\/entre-vos-mains.alsace.eu\/profiles\/iwellguard\/activity","https:\/\/gravatar.com\/reallybeded8fd34","https:\/\/naijamatta.com\/iwellguard","https:\/\/www.goodreads.com\/iwellguard","https:\/\/profile.hatena.ne.jp\/iwellguard\/","https:\/\/experiment.com\/users\/iwellguard","https:\/\/wakelet.com\/@iWellGuard82270","https:\/\/www.chordie.com\/forum\/profile.php?id=2555664","https:\/\/www.instapaper.com\/p\/17757966","https:\/\/www.mapleprimes.com\/users\/iwellguard","https:\/\/businesslistingplus.com\/profile\/iwell-guard\/","https:\/\/telegra.ph\/iWell-Guard-06-06","https:\/\/pbase.com\/iwellguard\/iwellguard","https:\/\/b.hatena.ne.jp\/iwellguard\/20260607#bookmark-4788405196491818882","https:\/\/fliphtml5.com\/home\/iwellguard","https:\/\/anyflip.com\/homepage\/cmiwl#About","https:\/\/transfur.com\/Users\/iwellguard","http:\/\/delphi.larsbo.org\/user\/iwellguard","https:\/\/jobs.lajobsportal.org\/profiles\/8380803-iwell-guard","https:\/\/md.chaosdorf.de\/s\/jfbe5SBdJD","https:\/\/www.lingvolive.com\/en-us\/profile\/9ecaeaca-ce11-4e51-9e71-01d55e2bff36\/translations","https:\/\/www.fitday.com\/fitness\/forums\/members\/iwellguard.html","https:\/\/www.mymeetbook.com\/iwellguard","https:\/\/pxhere.com\/en\/photographer-me\/5040798","https:\/\/disqus.com\/by\/iwellguard\/about\/","https:\/\/pastelink.net\/hjwciqwq","https:\/\/pubhtml5.com\/homepage\/scjhn\/","https:\/\/www.bitchute.com\/channel\/2O2eOKzNqujT","https:\/\/audiomack.com\/iwellguard"]},{"@type":"Person","@id":"https:\/\/iwell-guard.com\/da\/#\/schema\/person\/ee2a27f1cac3406c7c6fb5820cb7349f","name":"Ralf Ittermann","image":{"@type":"ImageObject","inLanguage":"da-DK","@id":"https:\/\/secure.gravatar.com\/avatar\/073c0153e350a5005b68eb752b445fea71f6b24a26da9449ad7e155e6b446c9d?s=96&d=mm&r=g","url":"https:\/\/secure.gravatar.com\/avatar\/073c0153e350a5005b68eb752b445fea71f6b24a26da9449ad7e155e6b446c9d?s=96&d=mm&r=g","contentUrl":"https:\/\/secure.gravatar.com\/avatar\/073c0153e350a5005b68eb752b445fea71f6b24a26da9449ad7e155e6b446c9d?s=96&d=mm&r=g","caption":"Ralf Ittermann"},"givenName":"Ralf","familyName":"Ittermann","jobTitle":"Gesch\u00e4ftsf\u00fchrer und redaktioneller Verantwortlicher","url":"https:\/\/iwell-guard.com\/da\/author\/claude\/","description":"Ralf Ittermann ist Gesch\u00e4ftsf\u00fchrer der Ittermann electronic GmbH und redaktioneller Verantwortlicher des iWell-Guard-Lexikons. Er verbindet langj\u00e4hrige Erfahrung in der Pr\u00e4zisionsfertigung mit medialer Praxis und religionsgeschichtlicher Quellenarbeit.","worksFor":{"@type":"Organization","name":"Ittermann electronic GmbH","url":"https:\/\/ittermann.de\/","address":{"@type":"PostalAddress","streetAddress":"K\u00f6hlergasse 16-18","postalCode":"99842","addressLocality":"Ruhla","addressCountry":"DE"}},"knowsAbout":["Religionsgeschichte","Mythologie","Mediale Praxis","Energetische Diagnostik","Schutzpraxis","Volksglauben","Westliche Esoterik"]},{"@type":"Article","@id":"https:\/\/iwell-guard.com\/da\/schrat\/#article","isPartOf":{"@id":"https:\/\/iwell-guard.com\/da\/schrat\/"},"author":{"name":"Ralf Ittermann","@id":"https:\/\/iwell-guard.com\/da\/#\/schema\/person\/ee2a27f1cac3406c7c6fb5820cb7349f"},"headline":"Schrat","datePublished":"2026-09-03T07:39:05+00:00","dateModified":"2026-09-03T08:16:03+00:00","mainEntityOfPage":{"@id":"https:\/\/iwell-guard.com\/da\/schrat\/"},"publisher":{"@id":"https:\/\/iwell-guard.com\/da\/#organization"},"image":{"@id":"https:\/\/iwell-guard.com\/da\/schrat\/#primaryimage"},"thumbnailUrl":"https:\/\/iwell-guard.com\/wp-content\/uploads\/2026\/07\/geister_germanisch_schrat.webp","inLanguage":"da-DK","description":"Schrat, det beh\u00e5rede skovv\u00e6sen fra tysk overlevering: oldh\u00f8jtyske bel\u00e6g, sagnenes Schr\u00e4ttel og overleverede beskyttelsesskikke."}]}},"_links":{"self":[{"href":"https:\/\/iwell-guard.com\/da\/wp-json\/wp\/v2\/pages\/138907","targetHints":{"allow":["GET"]}}],"collection":[{"href":"https:\/\/iwell-guard.com\/da\/wp-json\/wp\/v2\/pages"}],"about":[{"href":"https:\/\/iwell-guard.com\/da\/wp-json\/wp\/v2\/types\/page"}],"author":[{"embeddable":true,"href":"https:\/\/iwell-guard.com\/da\/wp-json\/wp\/v2\/users\/3"}],"replies":[{"embeddable":true,"href":"https:\/\/iwell-guard.com\/da\/wp-json\/wp\/v2\/comments?post=138907"}],"version-history":[{"count":0,"href":"https:\/\/iwell-guard.com\/da\/wp-json\/wp\/v2\/pages\/138907\/revisions"}],"wp:featuredmedia":[{"embeddable":true,"href":"https:\/\/iwell-guard.com\/da\/wp-json\/wp\/v2\/media\/20427"}],"wp:attachment":[{"href":"https:\/\/iwell-guard.com\/da\/wp-json\/wp\/v2\/media?parent=138907"}],"wp:term":[{"taxonomy":"category","embeddable":true,"href":"https:\/\/iwell-guard.com\/da\/wp-json\/wp\/v2\/categories?post=138907"}],"curies":[{"name":"wp","href":"https:\/\/api.w.org\/{rel}","templated":true}]}}