{"id":138575,"date":"2026-09-03T07:12:18","date_gmt":"2026-09-03T07:12:18","guid":{"rendered":"https:\/\/iwell-guard.com\/?page_id=138575"},"modified":"2026-09-03T08:05:30","modified_gmt":"2026-09-03T08:05:30","slug":"roen-beskyttelsestrae-i-folkemagien","status":"publish","type":"page","link":"https:\/\/iwell-guard.com\/da\/roen-beskyttelsestrae-i-folkemagien\/","title":{"rendered":"R\u00f8n \u2013 beskyttelsestr\u00e6 og beskyttelsestr\u00e6 i folkemagien"},"content":{"rendered":"\t\t<div data-elementor-type=\"wp-page\" data-elementor-id=\"138575\" class=\"elementor elementor-138575 elementor-3737 elementor-bc-flex-widget\" data-elementor-post-type=\"page\">\n\t\t\t\t<div class=\"elementor-element elementor-element-iwgs-eberesche-hero e-flex e-con-boxed e-con e-parent\" data-id=\"iwgs-eberesche-hero\" data-element_type=\"container\" data-e-type=\"container\">\n\t\t\t\t\t<div class=\"e-con-inner\">\n\t\t<div class=\"elementor-element elementor-element-iw-eberesche-hero-bw e-con-full e-flex e-con e-child\" data-id=\"iw-eberesche-hero-bw\" data-element_type=\"container\" data-e-type=\"container\">\n\t\t<div class=\"elementor-element elementor-element-iwgs-eberesche-hl e-flex e-con-boxed e-con e-parent\" data-id=\"iwgs-eberesche-hl\" data-element_type=\"container\" data-e-type=\"container\">\n\t\t\t\t\t<div class=\"e-con-inner\">\n\t\t<div class=\"elementor-element elementor-element-iwgs-eberesche-hlbox e-con-full e-flex e-con e-parent\" data-id=\"iwgs-eberesche-hlbox\" data-element_type=\"container\" data-e-type=\"container\">\n\t\t\t\t<div class=\"elementor-element elementor-element-iwgs-eberesche-h1 elementor-widget elementor-widget-heading\" data-id=\"iwgs-eberesche-h1\" data-element_type=\"widget\" data-e-type=\"widget\" data-widget_type=\"heading.default\">\n\t\t\t\t\t<h1 class=\"elementor-heading-title elementor-size-default\">R\u00f8n: beskyttelsestr\u00e6 i den europ\u00e6iske folkemagi<\/h1>\t\t\t\t<\/div>\n\t\t\t\t<div class=\"elementor-element elementor-element-iwgs-eberesche-lead elementor-widget elementor-widget-text-editor\" data-id=\"iwgs-eberesche-lead\" data-element_type=\"widget\" data-e-type=\"widget\" data-widget_type=\"text-editor.default\">\n\t\t\t\t\t\t\t\t\t<p>R\u00f8n, ogs\u00e5 kaldet fugleribs, blev i den europ\u00e6iske folkemagi anset for at v\u00e6re et beskyttelsestr\u00e6. Dens tr\u00e6, grene og lysende r\u00f8de b\u00e6r blev tilskrevet en afv\u00e6rgende kraft mod hekseri, lynnedslag og skadevoldende trolddom.<\/p><p>S\u00e6rligt i Mellem- og Nordeuropa var tr\u00e6et forbundet med talrige beskyttelsesskikke. Folkloristisk h\u00f8rer r\u00f8n til beskyttelsesplanterne i den <span class=\"iwg-fachbegriff\" data-tooltip=\"Den religi\u00f8sitet, der leves i hverdagen, ofte side om side med den officielle l\u00e6re.\" tabindex=\"0\">folkelige religi\u00f8sitet<\/span>. Denne artikel pr\u00e6senterer oprindelse, <span class=\"iwg-fachbegriff\" data-tooltip=\"En overleveret handling, der regelm\u00e6ssigt gentages i et f\u00e6llesskab.\" tabindex=\"0\">skik<\/span> og tydning af beskyttelsestr\u00e6et.<\/p>\t\t\t\t\t\t\t\t<\/div>\n\t\t\t\t<\/div>\n\t\t\t\t<div class=\"elementor-element elementor-element-iwgs-eberesche-pills elementor-widget elementor-widget-html\" data-id=\"iwgs-eberesche-pills\" data-element_type=\"widget\" data-e-type=\"widget\" data-widget_type=\"html.default\">\n\t\t\t\t\t<div class=\"iwg-pill-row\"><span class=\"iwg-klasse-badge\" tabindex=\"0\" data-tooltip=\"Beskyttelsessymbol, amulet eller apotrop\u00e6isk objekt.\">Beskyttelsessymbol<\/span><a href=\"https:\/\/iwell-guard.com\/da\/beskyttelsessymboler\/\" class=\"iwg-kultur-badge\" tabindex=\"0\" data-tooltip=\"Beskyttelsestradition: Europ\u00e6isk folkemagi\">Europ\u00e6isk folkemagi<\/a><span class=\"iwg-tradition-badge\" tabindex=\"0\" data-tooltip=\"Et stykke tr\u00e6, som tilskrives beskyttelseskraft.\">Beskyttelsestr\u00e6<\/span><\/div>\t\t\t\t<\/div>\n\t\t\t\t\t<\/div>\n\t\t\t\t<\/div>\n\t\t<div class=\"elementor-element elementor-element-iwgs-eberesche-hr e-con-full e-flex e-con e-parent\" data-id=\"iwgs-eberesche-hr\" data-element_type=\"container\" data-e-type=\"container\">\n\t\t\t\t<div class=\"elementor-element elementor-element-iwgs-eberesche-himg iwg-hero-image elementor-widget elementor-widget-image\" data-id=\"iwgs-eberesche-himg\" data-element_type=\"widget\" data-e-type=\"widget\" data-widget_type=\"image.default\">\n\t\t\t\t\t\t\t\t\t\t\t\t\t\t\t<img fetchpriority=\"high\" decoding=\"async\" width=\"683\" height=\"1024\" src=\"https:\/\/iwell-guard.com\/wp-content\/uploads\/2026\/05\/schutzsymbol_volksmagie_eberesche-683x1024.webp\" class=\"attachment-large size-large wp-image-139807\" alt=\"R\u00f8n - beskyttelsessymbol, museumsillustration\" srcset=\"https:\/\/iwell-guard.com\/wp-content\/uploads\/2026\/05\/schutzsymbol_volksmagie_eberesche-683x1024.webp 683w, https:\/\/iwell-guard.com\/wp-content\/uploads\/2026\/05\/schutzsymbol_volksmagie_eberesche-200x300.webp 200w, https:\/\/iwell-guard.com\/wp-content\/uploads\/2026\/05\/schutzsymbol_volksmagie_eberesche-768x1152.webp 768w, https:\/\/iwell-guard.com\/wp-content\/uploads\/2026\/05\/schutzsymbol_volksmagie_eberesche.webp 1024w\" sizes=\"(max-width: 683px) 100vw, 683px\" \/>\t\t\t\t\t\t\t\t\t\t\t\t\t\t\t<\/div>\n\t\t\t\t<\/div>\n\t\t\t\t<\/div>\n\t\t\t\t\t<\/div>\n\t\t\t\t<\/div>\n\t\t<div class=\"elementor-element elementor-element-iwgs-eberesche-s0 e-flex e-con-boxed e-con e-parent\" data-id=\"iwgs-eberesche-s0\" data-element_type=\"container\" data-e-type=\"container\">\n\t\t\t\t\t<div class=\"e-con-inner\">\n\t\t\t\t<div class=\"elementor-element elementor-element-iwgs-eberesche-s0h elementor-widget elementor-widget-heading\" data-id=\"iwgs-eberesche-s0h\" data-element_type=\"widget\" data-e-type=\"widget\" data-widget_type=\"heading.default\">\n\t\t\t\t\t<h2 class=\"elementor-heading-title elementor-size-default\">Indplacering<\/h2>\t\t\t\t<\/div>\n\t\t<div class=\"elementor-element elementor-element-iw-eberesche-s0-bw e-con-full e-flex e-con e-child\" data-id=\"iw-eberesche-s0-bw\" data-element_type=\"container\" data-e-type=\"container\">\n\t\t<div class=\"elementor-element elementor-element-iwgs-eberesche-s0box e-con-full e-flex e-con e-parent\" data-id=\"iwgs-eberesche-s0box\" data-element_type=\"container\" data-e-type=\"container\">\n\t\t\t\t<div class=\"elementor-element elementor-element-iwgs-eberesche-s0t elementor-widget elementor-widget-text-editor\" data-id=\"iwgs-eberesche-s0t\" data-element_type=\"widget\" data-e-type=\"widget\" data-widget_type=\"text-editor.default\">\n\t\t\t\t\t\t\t\t\t<p>R\u00f8n, botanisk Sorbus aucuparia, er et l\u00f8vtr\u00e6, der er vidt udbredt i Europa. I folkemagien blev det anset for at v\u00e6re et af de vigtigste beskyttelsestr\u00e6er. Det blev tilskrevet kraften til at holde hekseri, lynnedslag og skadelige magter p\u00e5 afstand.<\/p><p>Tr\u00e6et har talrige folkelige navne. Almindelige er fugleribs, drudetr\u00e6, kv\u00e6sketr\u00e6 og krammetsb\u00e6r. Navnet fugleribs henviser til, at fugle \u00e6der b\u00e6rrene, mens navnet drudetr\u00e6 henviser til den tilskrevne beskyttelsesfunktion mod druden.<\/p><p>Folkloristisk h\u00f8rer r\u00f8n til beskyttelsesplanterne, en gruppe af tr\u00e6er og urter, som blev tilskrevet afv\u00e6rgende kraft. Den st\u00e5r dermed p\u00e5 linje med hyld, ene og hassel.<\/p><p>I mods\u00e6tning til fremstillede <a href=\"https:\/\/iwell-guard.com\/da\/beskyttelsessymboler\/\">beskyttelsessymboler<\/a> var r\u00f8n et levende v\u00e6rn. Hele tr\u00e6et, enkelte grene, tr\u00e6et og b\u00e6rrene kunne anvendes afh\u00e6ngigt af <span class=\"iwg-fachbegriff\" data-tooltip=\"En overleveret handling, der regelm\u00e6ssigt gentages i et f\u00e6llesskab.\" tabindex=\"0\">skikken<\/span>.<\/p><p>Beskyttelsesbetydningen var fordelt p\u00e5 forskellige plantedele. Tr\u00e6et blev brugt til fremstilling af redskaber og stave, grenene til at s\u00e6tte op ved hus og stald, de r\u00f8de b\u00e6r som smykke og afv\u00e6rgemiddel.<\/p><p data-nosnippet=\"true\">Det skal understreges, at r\u00f8ns beskyttende virkning beskriver en historisk trosforestilling. Tr\u00e6et er et folkloristisk vidnesbyrd, ikke et virksomt beskyttelsesmiddel i naturvidenskabelig forstand. Der er ikke forbundet nogen helbredelseslovning hermed.<\/p>\t\t\t\t\t\t\t\t<\/div>\n\t\t\t\t<\/div>\n\t\t\t\t<\/div>\n\t\t\t\t\t<\/div>\n\t\t\t\t<\/div>\n\t\t<div class=\"elementor-element elementor-element-iwgs-eberesche-s1 e-flex e-con-boxed e-con e-parent\" data-id=\"iwgs-eberesche-s1\" data-element_type=\"container\" data-e-type=\"container\">\n\t\t\t\t\t<div class=\"e-con-inner\">\n\t\t\t\t<div class=\"elementor-element elementor-element-iwgs-eberesche-s1h elementor-widget elementor-widget-heading\" data-id=\"iwgs-eberesche-s1h\" data-element_type=\"widget\" data-e-type=\"widget\" data-widget_type=\"heading.default\">\n\t\t\t\t\t<h2 class=\"elementor-heading-title elementor-size-default\">Oprindelse og historie<\/h2>\t\t\t\t<\/div>\n\t\t<div class=\"elementor-element elementor-element-iw-eberesche-s1-bw e-con-full e-flex e-con e-child\" data-id=\"iw-eberesche-s1-bw\" data-element_type=\"container\" data-e-type=\"container\">\n\t\t<div class=\"elementor-element elementor-element-iwgs-eberesche-s1box e-con-full e-flex e-con e-parent\" data-id=\"iwgs-eberesche-s1box\" data-element_type=\"container\" data-e-type=\"container\">\n\t\t\t\t<div class=\"elementor-element elementor-element-iwgs-eberesche-s1t elementor-widget elementor-widget-text-editor\" data-id=\"iwgs-eberesche-s1t\" data-element_type=\"widget\" data-e-type=\"widget\" data-widget_type=\"text-editor.default\">\n\t\t\t\t\t\t\t\t\t<p>R\u00f8n vokser i n\u00e6sten hele Europa, fra lavlandet til bjergene. Dens vide udbredelse og dens i\u00f8jnefaldende r\u00f8de b\u00e6r gjorde tidligt tr\u00e6et til et tr\u00e6, der spillede en s\u00e6rlig rolle i folketroen.<\/p><p>Allerede i f\u00f8rkristen tid har tr\u00e6et formodentlig haft kultisk betydning, selv om kildematerialet her er tyndt. I den nordiske <span class=\"iwg-fachbegriff\" data-tooltip=\"Overleveringen af viden og fort\u00e6llinger gennem generationer.\" tabindex=\"0\">overlevering<\/span> forekommer r\u00f8n i forbindelse med guden Thor, hvilket peger p\u00e5 en gammel v\u00e6rds\u00e6ttelse.<\/p><p>Sikre bel\u00e6g for beskyttelsesskikkene stammer fra middelalderen og den tidlige nyere tid. I denne periode var troen p\u00e5 hekseri udbredt, og r\u00f8n blev anset for et velafpr\u00f8vet afv\u00e6rgemiddel mod skadelige magter.<\/p><p>De folkloristiske samlinger fra 1800-tallet dokumenterer r\u00f8n-skikkene t\u00e6t. De viser, at tr\u00e6et i Tyskland, England, Skandinavien og \u00d8sters\u00f8omr\u00e5det var forbundet med lignende beskyttelsesforestillinger.<\/p><p>S\u00e6rligt i landdistrikterne holdt <span class=\"iwg-fachbegriff\" data-tooltip=\"En overleveret handling, der regelm\u00e6ssigt gentages i et f\u00e6llesskab.\" tabindex=\"0\">skikken<\/span> sig l\u00e6nge. Endnu i 1800-tallet og enkelte gange i 1900-tallet blev r\u00f8nnegrene sat op til beskyttelse ved stalde og huse, is\u00e6r i valborgsnat.<\/p><p>R\u00f8ns historie som beskyttelsestr\u00e6 viser en lang kontinuitet. Fra det antagelige f\u00f8rkristne kulttr\u00e6 over afv\u00e6rgemidlet i den tidlige nyere tid til den dokumenterede <span class=\"iwg-fachbegriff\" data-tooltip=\"En overleveret handling, der regelm\u00e6ssigt gentages i et f\u00e6llesskab.\" tabindex=\"0\">skik<\/span> i 1800-tallet kan den f\u00f8lges.<\/p><p>I den angelsaksiske og nordiske <span class=\"iwg-fachbegriff\" data-tooltip=\"Overleveringen af viden og fort\u00e6llinger gennem generationer.\" tabindex=\"0\">overlevering<\/span> forekommer r\u00f8n desuden i fort\u00e6llingen om, at tr\u00e6et skal have givet guden Thor fodf\u00e6ste, da han krydsede en rivende flod.<\/p><p>S\u00e5danne fort\u00e6llemotiver kan kun spores i middelalderlige optegnelser og giver ikke sikre holdepunkter for en f\u00f8rkristen <span class=\"iwg-fachbegriff\" data-tooltip=\"Summen af de religi\u00f8se tilbedelseshandlinger for en gud eller hellig skikkelse.\" tabindex=\"0\">kult<\/span>, men de viser den gamle forbindelse mellem tr\u00e6et og forestillingen om beskyttelse og fasthed.<\/p>\t\t\t\t\t\t\t\t<\/div>\n\t\t\t\t<\/div>\n\t\t\t\t<\/div>\n\t\t\t\t\t<\/div>\n\t\t\t\t<\/div>\n\t\t<div class=\"elementor-element elementor-element-iwgs-eberesche-s2 e-flex e-con-boxed e-con e-parent\" data-id=\"iwgs-eberesche-s2\" data-element_type=\"container\" data-e-type=\"container\">\n\t\t\t\t\t<div class=\"e-con-inner\">\n\t\t\t\t<div class=\"elementor-element elementor-element-iwgs-eberesche-s2h elementor-widget elementor-widget-heading\" data-id=\"iwgs-eberesche-s2h\" data-element_type=\"widget\" data-e-type=\"widget\" data-widget_type=\"heading.default\">\n\t\t\t\t\t<h2 class=\"elementor-heading-title elementor-size-default\">Form, materiale og fremstilling<\/h2>\t\t\t\t<\/div>\n\t\t<div class=\"elementor-element elementor-element-iw-eberesche-s2-bw e-con-full e-flex e-con e-child\" data-id=\"iw-eberesche-s2-bw\" data-element_type=\"container\" data-e-type=\"container\">\n\t\t<div class=\"elementor-element elementor-element-iwgs-eberesche-s2box e-con-full e-flex e-con e-parent\" data-id=\"iwgs-eberesche-s2box\" data-element_type=\"container\" data-e-type=\"container\">\n\t\t\t\t<div class=\"elementor-element elementor-element-iwgs-eberesche-s2t elementor-widget elementor-widget-text-editor\" data-id=\"iwgs-eberesche-s2t\" data-element_type=\"widget\" data-e-type=\"widget\" data-widget_type=\"text-editor.default\">\n\t\t\t\t\t\t\t\t\t<p>R\u00f8nnen er et lille til mellemstort l\u00f8vtr\u00e6 med fjersammensatte blade. Om h\u00f8sten er de klare, r\u00f8de b\u00e6r, der h\u00e6nger i t\u00e6tte klaser, i\u00f8jnefaldende. Disse r\u00f8de b\u00e6r spiller en vigtig rolle i folkemagien.<\/p><p>Forskellige dele af tr\u00e6et blev brugt. Friske grene med blade og b\u00e6r blev anvendt til at s\u00e6tte op. De blev sk\u00e5ret p\u00e5 bestemte tidspunkter og f\u00e6stnet ved d\u00f8re, vinduer og staldd\u00f8rens stolper.<\/p><p>R\u00f8nnens tr\u00e6 er sejt og elastisk. Det blev forarbejdet til v\u00e6rkt\u00f8jsskafter, g\u00e5- og hyrdestave, piskeskafter og sm\u00e5 redskaber. S\u00e5danne redskaber af r\u00f8nnetr\u00e6 tilskrev man en beskyttende egenskab.<\/p><p>Af b\u00e6rrene kunne man tr\u00e5de k\u00e6der. Snore af r\u00f8de r\u00f8nneb\u00e6r blev b\u00e5ret som smykke eller h\u00e6ngt op i huset. Den kraftige r\u00f8de farve gjaldt her som betydningsfuld.<\/p><p>En s\u00e6rlig fremstilling i rituel forstand var som regel ikke n\u00f8dvendig. Vigtigt var derimod det rette tidspunkt for sk\u00e6ringen. Nogle skikke foreskrev, at grenene skulle sk\u00e6res p\u00e5 bestemte dage eller uden jernredskab.<\/p><p>Ogs\u00e5 tr\u00e6ets vokseplads havde betydning. En r\u00f8n, der voksede p\u00e5 en klippe eller i en anden tr\u00e6grengaffel og alts\u00e5 ikke havde rod i jorden, gjaldt som s\u00e6rlig kraftfuld. S\u00e5danne tr\u00e6er blev kaldt flyver\u00f8n.<\/p><p>Nogle steder gjaldt r\u00f8nnen ogs\u00e5 som vejrtr\u00e6, hvis b\u00e6rs\u00e6tning man mente kunne give oplysning om den kommende vinter. Et tr\u00e6 med rig b\u00e6rs\u00e6tning forudsagde efter denne tro en h\u00e5rd og snerig vinter. Denne vejrregel har i f\u00f8rste omgang intet med afv\u00e6rgefunktionen at g\u00f8re, men den viser, hvor t\u00e6t r\u00f8nnen samlet var forbundet med bondens levevis.<\/p>\t\t\t\t\t\t\t\t<\/div>\n\t\t\t\t<\/div>\n\t\t\t\t<\/div>\n\t\t\t\t\t<\/div>\n\t\t\t\t<\/div>\n\t\t<div class=\"elementor-element elementor-element-iwgs-eberesche-s3 e-flex e-con-boxed e-con e-parent\" data-id=\"iwgs-eberesche-s3\" data-element_type=\"container\" data-e-type=\"container\">\n\t\t\t\t\t<div class=\"e-con-inner\">\n\t\t\t\t<div class=\"elementor-element elementor-element-iwgs-eberesche-s3h elementor-widget elementor-widget-heading\" data-id=\"iwgs-eberesche-s3h\" data-element_type=\"widget\" data-e-type=\"widget\" data-widget_type=\"heading.default\">\n\t\t\t\t\t<h2 class=\"elementor-heading-title elementor-size-default\">Folkloristisk baggrund og trosforestillinger<\/h2>\t\t\t\t<\/div>\n\t\t<div class=\"elementor-element elementor-element-iw-eberesche-s3-bw e-con-full e-flex e-con e-child\" data-id=\"iw-eberesche-s3-bw\" data-element_type=\"container\" data-e-type=\"container\">\n\t\t<div class=\"elementor-element elementor-element-iwgs-eberesche-s3box e-con-full e-flex e-con e-parent\" data-id=\"iwgs-eberesche-s3box\" data-element_type=\"container\" data-e-type=\"container\">\n\t\t\t\t<div class=\"elementor-element elementor-element-iwgs-eberesche-s3t elementor-widget elementor-widget-text-editor\" data-id=\"iwgs-eberesche-s3t\" data-element_type=\"widget\" data-e-type=\"widget\" data-widget_type=\"text-editor.default\">\n\t\t\t\t\t\t\t\t\t<p>Bag r\u00f8nnens brug l\u00e5 forestillingen om, at bestemte tr\u00e6er besad en beskyttende kraft, der virkede mod hekseri. R\u00f8nnen gjaldt som et af de mest virksomme af disse tr\u00e6er.<\/p><p>B\u00e6rrenes r\u00f8de farve spillede en central rolle. R\u00f8dt gjaldt bredt i den europ\u00e6iske folkemagi som en afv\u00e6rgende farve, der skulle holde skadelige magter og det onde \u00f8je p\u00e5 afstand. De r\u00f8de r\u00f8nneb\u00e6r udgjorde denne beskyttende farve i naturen.<\/p><p>Tr\u00e6et blev brugt mod forskellige trusler. Det skulle afv\u00e6rge hekse og deres skadetryllekunst, forhindre marek\u00f8rsel og bevare mennesker og kv\u00e6g mod det onde \u00f8je. Denne samling af funktioner er typisk for beskyttelsesplanter.<\/p><p>R\u00f8nnen gjaldt ogs\u00e5 som beskyttelse mod lynet. I denne egenskab konkurrerede og forbandt den sig med andre tr\u00e6er, som man tilskrev lynafv\u00e6rgende kraft. Den nordiske forbindelse til tordenguden Thor klinger igennem her.<\/p><p>Den s\u00e6rlige v\u00e6rds\u00e6ttelse af flyver\u00f8nnen, alts\u00e5 det tr\u00e6, der ikke havde rod i jorden, forklares ud fra en udbredt logik i folkemagien. Det, der var vokset p\u00e5 en us\u00e6dvanlig m\u00e5de og syntes at st\u00e5 imod den naturlige orden, gjaldt som s\u00e6rlig kraftfuldt.<\/p><p>R\u00f8nnen forenede s\u00e5ledes flere forestillinger. Den var et afv\u00e6rgetr\u00e6 mod hekseri, beskyttelse mod lyn og b\u00e6rer af den betydningsfulde r\u00f8de farve. Denne rigdom af betydninger gjorde den til et af de vigtigste tr\u00e6er i folkemagien.<\/p><p>Mod det skadelige blik fandtes forestillingen om, at et menneske eller et dyr med en r\u00f8nnegren var undveget det onde \u00f8je.<\/p><p>Grenen ledte efter denne logik den skadelige opm\u00e6rksomhed hen p\u00e5 sig selv, ligesom et i\u00f8jnefaldende <span class=\"iwg-fachbegriff\" data-tooltip=\"En b\u00e5ret genstand, som man tilskriver en beskyttende, ulykkeafv\u00e6rgende virkning.\" tabindex=\"0\">amulet<\/span>, og beskyttede s\u00e5ledes den egentlige b\u00e6rer. Denne forestilling forbandt beskyttelsestr\u00e6et med det brede felt af afv\u00e6rgelse mod det onde \u00f8je.<\/p>\t\t\t\t\t\t\t\t<\/div>\n\t\t\t\t<\/div>\n\t\t\t\t<\/div>\n\t\t\t\t\t<\/div>\n\t\t\t\t<\/div>\n\t\t<div class=\"elementor-element elementor-element-iwgs-eberesche-s4 e-flex e-con-boxed e-con e-parent\" data-id=\"iwgs-eberesche-s4\" data-element_type=\"container\" data-e-type=\"container\">\n\t\t\t\t\t<div class=\"e-con-inner\">\n\t\t\t\t<div class=\"elementor-element elementor-element-iwgs-eberesche-s4h elementor-widget elementor-widget-heading\" data-id=\"iwgs-eberesche-s4h\" data-element_type=\"widget\" data-e-type=\"widget\" data-widget_type=\"heading.default\">\n\t\t\t\t\t<h2 class=\"elementor-heading-title elementor-size-default\">Anvendelse og skik<\/h2>\t\t\t\t<\/div>\n\t\t<div class=\"elementor-element elementor-element-iw-eberesche-s4-bw e-con-full e-flex e-con e-child\" data-id=\"iw-eberesche-s4-bw\" data-element_type=\"container\" data-e-type=\"container\">\n\t\t<div class=\"elementor-element elementor-element-iwgs-eberesche-s4box e-con-full e-flex e-con e-parent\" data-id=\"iwgs-eberesche-s4box\" data-element_type=\"container\" data-e-type=\"container\">\n\t\t\t\t<div class=\"elementor-element elementor-element-iwgs-eberesche-s4t elementor-widget elementor-widget-text-editor\" data-id=\"iwgs-eberesche-s4t\" data-element_type=\"widget\" data-e-type=\"widget\" data-widget_type=\"text-editor.default\">\n\t\t\t\t\t\t\t\t\t<p>En udbredt <span class=\"iwg-fachbegriff\" data-tooltip=\"En overleveret handling, der gentages regelm\u00e6ssigt i et f\u00e6llesskab.\" tabindex=\"0\">skik<\/span> var at s\u00e6tte r\u00f8nnegrene op ved hus og stald. Is\u00e6r til valborgnat, hvor man troede, at hekse var s\u00e6rligt aktive, blev friske grene f\u00e6stnet ved d\u00f8re og staldd\u00f8rens stolper.<\/p><p>I stalden skulle r\u00f8nnen beskytte kv\u00e6get. Grene blev anbragt over staldd\u00f8rene eller stukket ind i stalden for at bevare heste og kv\u00e6g mod sygdom, marek\u00f8rsel og fortryllelse.<\/p><p>Redskaber og stave af r\u00f8nnetr\u00e6 havde deres egen betydning. En hyrdestav af r\u00f8nnetr\u00e6 skulle beskytte flokken, et piskeskaft tr\u00e6kdyrene. Ogs\u00e5 k\u00e6rner og r\u00f8repinde af dette tr\u00e6 gjaldt som fordelagtige.<\/p><p>Ved d\u00f8re og d\u00f8rtrin blev r\u00f8nnen brugt p\u00e5 samme m\u00e5de som andre byggebeskyttende midler. En klemt gren eller et stykke tr\u00e6 ved d\u00f8rtrinet skulle forhindre skadelige magters indtr\u00e6ngen.<\/p><p>De r\u00f8de b\u00e6r blev tr\u00e5de p\u00e5 k\u00e6der og h\u00e6ngt om halsen p\u00e5 b\u00f8rn eller dyr. Disse b\u00e6rsnore forbandt tr\u00e6ets beskyttelse med den r\u00f8de farves afv\u00e6rgende virkning.<\/p><p>Denne <span class=\"iwg-fachbegriff\" data-tooltip=\"En overleveret handling, der gentages regelm\u00e6ssigt i et f\u00e6llesskab.\" tabindex=\"0\">skik<\/span> var enkel at udf\u00f8re og ikke bundet til en bestemt person. Hver husstand kunne sk\u00e6re grene og s\u00e6tte dem op. Denne lave t\u00e6rskel bidrog til den brede udbredelse af r\u00f8nneskikkene.<\/p><p>Udbredt var desuden den <span class=\"iwg-fachbegriff\" data-tooltip=\"En overleveret handling, der gentages regelm\u00e6ssigt i et f\u00e6llesskab.\" tabindex=\"0\">skik<\/span> at k\u00e6rne nysl\u00e5et sm\u00f8r med en k\u00e6rnestang af r\u00f8nnetr\u00e6. Mislykkedes k\u00e6rningen, blev det ofte tydet som en heks&#8217; v\u00e6rk, der havde taget kraften fra m\u00e6lken. Et r\u00f8reredskab af det beskyttende tr\u00e6 skulle forebygge s\u00e5dan skadetryllekunst og sikre arbejdets succes.<\/p>\t\t\t\t\t\t\t\t<\/div>\n\t\t\t\t<\/div>\n\t\t\t\t<\/div>\n\t\t\t\t\t<\/div>\n\t\t\t\t<\/div>\n\t\t<div class=\"elementor-element elementor-element-iwgs-eberesche-s5 e-flex e-con-boxed e-con e-parent\" data-id=\"iwgs-eberesche-s5\" data-element_type=\"container\" data-e-type=\"container\">\n\t\t\t\t\t<div class=\"e-con-inner\">\n\t\t\t\t<div class=\"elementor-element elementor-element-iwgs-eberesche-s5h elementor-widget elementor-widget-heading\" data-id=\"iwgs-eberesche-s5h\" data-element_type=\"widget\" data-e-type=\"widget\" data-widget_type=\"heading.default\">\n\t\t\t\t\t<h2 class=\"elementor-heading-title elementor-size-default\">Regionale varianter og relaterede emner<\/h2>\t\t\t\t<\/div>\n\t\t<div class=\"elementor-element elementor-element-iw-eberesche-s5-bw e-con-full e-flex e-con e-child\" data-id=\"iw-eberesche-s5-bw\" data-element_type=\"container\" data-e-type=\"container\">\n\t\t<div class=\"elementor-element elementor-element-iwgs-eberesche-s5box e-con-full e-flex e-con e-parent\" data-id=\"iwgs-eberesche-s5box\" data-element_type=\"container\" data-e-type=\"container\">\n\t\t\t\t<div class=\"elementor-element elementor-element-iwgs-eberesche-s5t elementor-widget elementor-widget-text-editor\" data-id=\"iwgs-eberesche-s5t\" data-element_type=\"widget\" data-e-type=\"widget\" data-widget_type=\"text-editor.default\">\n\t\t\t\t\t\t\t\t\t<p>R\u00f8nnetraditionerne varierer efter region. I Nordtyskland og \u00d8sters\u00f8omr\u00e5det l\u00e5 fokus p\u00e5 beskyttelse af kv\u00e6get ved hj\u00e6lp af opsatte grene. I bjergomr\u00e5derne var beskyttelsen mod hekse og mareridt mere fremtr\u00e6dende.<\/p><p>I Skotland og Irland blev r\u00f8n, der d\u00e9r kaldes rowan, betragtet som et s\u00e6rligt kraftfuldt beskyttelsestr\u00e6. Kryds bundet af to r\u00f8nnegrene, som blev holdt sammen med r\u00f8d tr\u00e5d, var et udbredt v\u00e6rn.<\/p><p>I Skandinavien var r\u00f8n t\u00e6t forbundet med beskyttelsen af hus og g\u00e5rd. Ogs\u00e5 der spillede flyver\u00f8n, det tr\u00e6 der vokser p\u00e5 andre tr\u00e6er, en s\u00e6rlig rolle.<\/p><p>R\u00f8n er besl\u00e6gtet med andre beskyttelsesplanter i den europ\u00e6iske folkemagi. Hyld blev betragtet som et hustr\u00e6 og beskyttelse, eneb\u00e6r som renselsesr\u00f8gelse, og hassel som en k\u00e6p med s\u00e6rlig kraft.<\/p><p>Ligesom <a href=\"https:\/\/iwell-guard.com\/da\/beskyttelsessymboler\/\">Hagstein<\/a> h\u00f8rer r\u00f8n til de naturobjekter, hvis beskyttende kraft ikke stammer fra menneskelig fremstilling, men fra planten selv. Begge repr\u00e6senterer en beskyttelsesmagi, der bygger p\u00e5 naturen.<\/p><p>P\u00e5 trods af regionale forskelle viser der sig et f\u00e6lles m\u00f8nster. Overalt anses de r\u00f8de b\u00e6r for betydningsfulde, overalt er beskyttelsen rettet mod hekseri og mareridt, og overalt har tr\u00e6et en fast plads i beskyttelsen af hus og kv\u00e6g.<\/p><p>I Wales blev r\u00f8nnetr\u00e6 brugt til skafter p\u00e5 \u00f8nskekviste og til spindeltene, og p\u00e5 nogle kirkeg\u00e5rde plantede man tr\u00e6et med vilje for at sikre de d\u00f8des ro. Denne kirken\u00e6re brug viser, at r\u00f8n, ligesom andre beskyttelsesplanter, blev brugt uden mods\u00e6tning mellem det folkemagiske og det kristne omr\u00e5de.<\/p>\t\t\t\t\t\t\t\t<\/div>\n\t\t\t\t<\/div>\n\t\t\t\t<\/div>\n\t\t\t\t\t<\/div>\n\t\t\t\t<\/div>\n\t\t<div class=\"elementor-element elementor-element-iwgs-eberesche-s6 e-flex e-con-boxed e-con e-parent\" data-id=\"iwgs-eberesche-s6\" data-element_type=\"container\" data-e-type=\"container\">\n\t\t\t\t\t<div class=\"e-con-inner\">\n\t\t\t\t<div class=\"elementor-element elementor-element-iwgs-eberesche-s6h elementor-widget elementor-widget-heading\" data-id=\"iwgs-eberesche-s6h\" data-element_type=\"widget\" data-e-type=\"widget\" data-widget_type=\"heading.default\">\n\t\t\t\t\t<h2 class=\"elementor-heading-title elementor-size-default\">Betydning som beskyttelsesmiddel<\/h2>\t\t\t\t<\/div>\n\t\t<div class=\"elementor-element elementor-element-iw-eberesche-s6-bw e-con-full e-flex e-con e-child\" data-id=\"iw-eberesche-s6-bw\" data-element_type=\"container\" data-e-type=\"container\">\n\t\t<div class=\"elementor-element elementor-element-iwgs-eberesche-s6box e-con-full e-flex e-con e-parent\" data-id=\"iwgs-eberesche-s6box\" data-element_type=\"container\" data-e-type=\"container\">\n\t\t\t\t<div class=\"elementor-element elementor-element-iwgs-eberesche-s6t elementor-widget elementor-widget-text-editor\" data-id=\"iwgs-eberesche-s6t\" data-element_type=\"widget\" data-e-type=\"widget\" data-widget_type=\"text-editor.default\">\n\t\t\t\t\t\t\t\t\t<p>R\u00f8nens beskyttende betydning bygger p\u00e5 en forbindelse af flere forestillinger. Tr\u00e6et blev anset for af natur at v\u00e6re modsat hekseriet, og dets r\u00f8de b\u00e6r bar den afv\u00e6rgende beskyttelsesfarve.<\/p><p>En central rolle spillede beskyttelsen af kv\u00e6get. Da kv\u00e6gsygdomme ofte blev tolket som f\u00f8lge af skadetrylleri, var et middel, man troede virkede afv\u00e6rgende, af stor betydning for landbrugets \u00f8konomi. R\u00f8n opfyldte denne forventning.<\/p><p>Beskyttelsen af huset supplerede beskyttelsen af kv\u00e6get. Opsatte grene ved d\u00f8re og vinduer skulle sikre hele g\u00e5rden mod indtr\u00e6ngende skadelige kr\u00e6fter, ligesom indridsede afv\u00e6rgetegn.<\/p><p>Den tilskrevne lynbeskyttelse udvidede beskyttelsesfunktionen til en naturfare. I en tid uden teknisk lynbeskyttelse havde troen p\u00e5 et lynafv\u00e6rgende tr\u00e6 stor betydning for menneskene.<\/p><p>For menneskene l\u00e5 r\u00f8nens v\u00e6rdi i dens tilg\u00e6ngelighed. Tr\u00e6et voksede n\u00e6sten overalt, og dets grene kunne sk\u00e6res gratis. Beskyttelse var derved inden for r\u00e6kkevidde for enhver husholdning.<\/p><p>Det skal fastholdes, at denne beskyttende betydning afspejler historiske trosforestillinger. En reel afv\u00e6rgelse af sygdom, skadetrylleri eller lynnedslag er ikke forbundet med r\u00f8n. Dens v\u00e6rdi ligger i den kulturhistoriske udsagnskraft om tidligere tankegang.<\/p>\t\t\t\t\t\t\t\t<\/div>\n\t\t\t\t<\/div>\n\t\t\t\t<\/div>\n\t\t\t\t\t<\/div>\n\t\t\t\t<\/div>\n\t\t<div class=\"elementor-element elementor-element-iwgs-eberesche-s7 e-flex e-con-boxed e-con e-parent\" data-id=\"iwgs-eberesche-s7\" data-element_type=\"container\" data-e-type=\"container\">\n\t\t\t\t\t<div class=\"e-con-inner\">\n\t\t\t\t<div class=\"elementor-element elementor-element-iwgs-eberesche-s7h elementor-widget elementor-widget-heading\" data-id=\"iwgs-eberesche-s7h\" data-element_type=\"widget\" data-e-type=\"widget\" data-widget_type=\"heading.default\">\n\t\t\t\t\t<h2 class=\"elementor-heading-title elementor-size-default\">Kildesituation og forskningshistorie<\/h2>\t\t\t\t<\/div>\n\t\t<div class=\"elementor-element elementor-element-iw-eberesche-s7-bw e-con-full e-flex e-con e-child\" data-id=\"iw-eberesche-s7-bw\" data-element_type=\"container\" data-e-type=\"container\">\n\t\t<div class=\"elementor-element elementor-element-iwgs-eberesche-s7box e-con-full e-flex e-con e-parent\" data-id=\"iwgs-eberesche-s7box\" data-element_type=\"container\" data-e-type=\"container\">\n\t\t\t\t<div class=\"elementor-element elementor-element-iwgs-eberesche-s7t elementor-widget elementor-widget-text-editor\" data-id=\"iwgs-eberesche-s7t\" data-element_type=\"widget\" data-e-type=\"widget\" data-widget_type=\"text-editor.default\">\n\t\t\t\t\t\t\t\t\t<p>Kildesituationen omkring r\u00f8n som beskyttelsestr\u00e6 er t\u00e6t for <span class=\"iwg-fachbegriff\" data-tooltip=\"Epoke ca. fra det 15. til det 18. \u00e5rhundrede.\" tabindex=\"0\">den tidlige nyere tid<\/span> og det 19. \u00e5rhundrede, men mangelfuld for \u00e6ldre epoker. Meget om den f\u00f8rkristne tid forbliver formodning.<\/p><p>For den nordiske <span class=\"iwg-fachbegriff\" data-tooltip=\"Overleveringen af viden og fort\u00e6llinger gennem generationer.\" tabindex=\"0\">overlevering<\/span> giver de middelalderlige islandske skrifter oplysninger om r\u00f8nnens betydning i forbindelse med guden Thor. Disse bel\u00e6g er dog sparsomme og skal tolkes med forsigtighed.<\/p><p>Det vigtigste grundlag udg\u00f8res af de folkloristiske samlinger fra det 19. og tidlige 20. \u00e5rhundrede. Forskere samlede gennem interviews et t\u00e6t materiale af skikke, der viser den regionale mangfoldighed i r\u00f8nnetraditionerne.<\/p><p>Handw\u00f6rterbuch des deutschen Aberglaubens giver et udf\u00f8rligt opslag om r\u00f8n. Det ordner skikkene systematisk og forbinder dem med forestillingerne om hekseri, mareridt og beskyttelsesfarve.<\/p><p>En metodisk vanskelighed ligger i at slutte fra yngre skikke til en f\u00f8rkristen kultbetydning. Forskningen advarer her om forsigtighed, da senere skikke ikke uden videre kan tilbageprojiceres til fjern fortid.<\/p><p>Forskningshistorien viser, at r\u00f8n er blandt de bedst dokumenterede beskyttelsestr\u00e6er i Europa. Den folkloristiske samlervirksomhed har gjort dens mangfoldige rolle i folkemagien tydeligt synlig.<\/p><p>Et tilbagevendende problem i forskningen er forveksling af r\u00f8n med andre tr\u00e6er i \u00e6ldre tekster. De folkelige navne er ikke entydige, og begreber som Quitsche eller Drudenbaum blev brugt forskelligt fra region til region. Den n\u00f8jagtige bestemmelse af, hvilket tr\u00e6 der er tale om i en kilde, kr\u00e6ver derfor en sammenligning med det regionale sprogbrug.<\/p>\t\t\t\t\t\t\t\t<\/div>\n\t\t\t\t<\/div>\n\t\t\t\t<\/div>\n\t\t\t\t\t<\/div>\n\t\t\t\t<\/div>\n\t\t<div class=\"elementor-element elementor-element-iwgs-eberesche-s8 e-flex e-con-boxed e-con e-parent\" data-id=\"iwgs-eberesche-s8\" data-element_type=\"container\" data-e-type=\"container\">\n\t\t\t\t\t<div class=\"e-con-inner\">\n\t\t\t\t<div class=\"elementor-element elementor-element-iwgs-eberesche-s8h elementor-widget elementor-widget-heading\" data-id=\"iwgs-eberesche-s8h\" data-element_type=\"widget\" data-e-type=\"widget\" data-widget_type=\"heading.default\">\n\t\t\t\t\t<h2 class=\"elementor-heading-title elementor-size-default\">Nutidig rezeption<\/h2>\t\t\t\t<\/div>\n\t\t<div class=\"elementor-element elementor-element-iw-eberesche-s8-bw e-con-full e-flex e-con e-child\" data-id=\"iw-eberesche-s8-bw\" data-element_type=\"container\" data-e-type=\"container\">\n\t\t<div class=\"elementor-element elementor-element-iwgs-eberesche-s8box e-con-full e-flex e-con e-parent\" data-id=\"iwgs-eberesche-s8box\" data-element_type=\"container\" data-e-type=\"container\">\n\t\t\t\t<div class=\"elementor-element elementor-element-iwgs-eberesche-s8t elementor-widget elementor-widget-text-editor\" data-id=\"iwgs-eberesche-s8t\" data-element_type=\"widget\" data-e-type=\"widget\" data-widget_type=\"text-editor.default\">\n\t\t\t\t\t\t\t\t\t<p>R\u00f8nnen er i dag f\u00f8rst og fremmest kendt som et pryd- og fuglev\u00e6rnstr\u00e6. Dens r\u00f8de b\u00e6r er en vigtig f\u00f8dekilde for fugle, hvilket g\u00f8r den popul\u00e6r i naturvenlige haver.<\/p><p>I moderne naturhelbredelse og <span class=\"iwg-fachbegriff\" data-tooltip=\"Samlebegreb for l\u00e6res\u00e6tninger, der h\u00e6vder en skjult viden, som kun er tilg\u00e6ngelig for indviede.\" tabindex=\"0\">esoterik<\/span> optages r\u00f8nnen af og til som et beskyttende tr\u00e6. R\u00e5dgivningslitteratur beskriver den som et tr\u00e6 med afv\u00e6rgende kraft. Disse fremstillinger knytter sig til de gamle forestillinger, men b\u00f8r skelnes fra den historiske <span class=\"iwg-fachbegriff\" data-tooltip=\"Videregivelse af viden og fort\u00e6llinger gennem generationer.\" tabindex=\"0\">overlevering<\/span>.<\/p><p>I traditionspleje og hjemstavnsforskning lever kendskabet til r\u00f8nnen som beskyttende tr\u00e6 videre. Ved formidling af regional folkekultur forklares tr\u00e6et og dens gamle <span class=\"iwg-fachbegriff\" data-tooltip=\"En overleveret handling, der regelm\u00e6ssigt gentages i et f\u00e6llesskab.\" tabindex=\"0\">skik<\/span>.<\/p><p>I den keltisk inspirerede moderne hedenskab spiller r\u00f8nnen under navnet Rowan en rolle. Den tolkes der som et beskyttende tr\u00e6, hvor historisk <span class=\"iwg-fachbegriff\" data-tooltip=\"Videregivelse af viden og fort\u00e6llinger gennem generationer.\" tabindex=\"0\">overlevering<\/span> og moderne nytolkning blandes sammen.<\/p><div data-nosnippet=\"true\"><p>Den, der \u00f8nsker en dybere forst\u00e5else af r\u00f8nnens rolle i den nordiske og keltiske folketro, b\u00f8r s\u00f8ge folkeminde-h\u00e5ndb\u00f8ger og oversigten over beskyttelsessymboler. Esoteriske r\u00e5dgivere fremstiller ofte historien om det beskyttende tr\u00e6 meget forenklet.<\/p><\/div><p>Den nutidige rezeption viser dermed to spor. R\u00f8nnen er et v\u00e6rdsat naturtr\u00e6, og den lever videre som beskyttende tr\u00e6 i traditionspleje og i moderne hedenskab, dog d\u00e9r i en nytolket form.<\/p>\t\t\t\t\t\t\t\t<\/div>\n\t\t\t\t<\/div>\n\t\t\t\t<\/div>\n\t\t\t\t\t<\/div>\n\t\t\t\t<\/div>\n\t\t<div class=\"elementor-element elementor-element-iwgs-eberesche-lit e-flex e-con-boxed e-con e-parent\" data-id=\"iwgs-eberesche-lit\" data-element_type=\"container\" data-e-type=\"container\">\n\t\t\t\t\t<div class=\"e-con-inner\">\n\t\t\t\t<div class=\"elementor-element elementor-element-iwgs-eberesche-lith elementor-widget elementor-widget-heading\" data-id=\"iwgs-eberesche-lith\" data-element_type=\"widget\" data-e-type=\"widget\" data-widget_type=\"heading.default\">\n\t\t\t\t\t<h2 class=\"elementor-heading-title elementor-size-default\">Litteratur (udvalg)<\/h2>\t\t\t\t<\/div>\n\t\t<div class=\"elementor-element elementor-element-iw-eberesche-lit-bw e-con-full e-flex e-con e-child\" data-id=\"iw-eberesche-lit-bw\" data-element_type=\"container\" data-e-type=\"container\">\n\t\t<div class=\"elementor-element elementor-element-iwgs-eberesche-litbox e-con-full e-flex e-con e-parent\" data-id=\"iwgs-eberesche-litbox\" data-element_type=\"container\" data-e-type=\"container\">\n\t\t\t\t<div class=\"elementor-element elementor-element-iwgs-eberesche-litt elementor-widget elementor-widget-html\" data-id=\"iwgs-eberesche-litt\" data-element_type=\"widget\" data-e-type=\"widget\" data-widget_type=\"html.default\">\n\t\t\t\t\t<footer data-nosnippet=\"true\"><ul><li>Hanns B\u00e4chtold-St\u00e4ubli (red.): <em>Handw\u00f6rterbuch des deutschen Aberglaubens<\/em> (1927-1942)<\/li><li>Heinrich Marzell: <em>W\u00f6rterbuch der deutschen Pflanzennamen<\/em> (1943-1979)<\/li><li>Adolf Wuttke: <em>Der deutsche Volksaberglaube der Gegenwart<\/em> (1869)<\/li><li>Wolf-Dieter Storl: <em>Pflanzen der Kelten<\/em> (2000)<\/li><li>Doris Laudert: <em>Mythos Baum. Geschichte, Brauchtum, 40 Baumportr\u00e4ts<\/em> (1998)<\/li><\/ul><\/footer>\t\t\t\t<\/div>\n\t\t\t\t<\/div>\n\t\t\t\t<\/div>\n\t\t\t\t\t<\/div>\n\t\t\t\t<\/div>\n\t\t<div class=\"elementor-element elementor-element-iwgs-eberesche-kwd e-flex e-con-boxed e-con e-parent\" data-id=\"iwgs-eberesche-kwd\" data-element_type=\"container\" data-e-type=\"container\">\n\t\t\t\t\t<div class=\"e-con-inner\">\n\t\t<div class=\"elementor-element elementor-element-iw-eberesche-kwd-bw e-con-full e-flex e-con e-child\" data-id=\"iw-eberesche-kwd-bw\" data-element_type=\"container\" data-e-type=\"container\">\n\t\t\t\t<div class=\"elementor-element elementor-element-iwgs-eberesche-kwdt elementor-widget elementor-widget-text-editor\" data-id=\"iwgs-eberesche-kwdt\" data-element_type=\"widget\" data-e-type=\"widget\" data-widget_type=\"text-editor.default\">\n\t\t\t\t\t\t\t\t\t<p><em>Relaterede n\u00f8glebegreber: Fugleb\u00e6r Sorbus aucuparia Beskyttende tr\u00e6 Drudetr\u00e6 Rowan Valborgsnat Heksebeskyttelse Flyver\u00f8n Beskyttelsestr\u00e6 Kv\u00e6gbeskyttelse Lynbeskyttelse.<\/em><\/p>\t\t\t\t\t\t\t\t<\/div>\n\t\t\t\t<\/div>\n\t\t\t\t\t<\/div>\n\t\t\t\t<\/div>\n\t\t<div class=\"elementor-element elementor-element-iwgs-eberesche-cc e-flex e-con-boxed e-con e-parent\" data-id=\"iwgs-eberesche-cc\" data-element_type=\"container\" data-e-type=\"container\" id=\"iwg-cc-eberesche\">\n\t\t\t\t\t<div class=\"e-con-inner\">\n\t\t<div class=\"elementor-element elementor-element-iwgs-eberesche-ccinner e-flex e-con-boxed e-con e-parent\" data-id=\"iwgs-eberesche-ccinner\" data-element_type=\"container\" data-e-type=\"container\" data-settings=\"{&quot;background_background&quot;:&quot;classic&quot;}\">\n\t\t\t\t\t<div class=\"e-con-inner\">\n\t\t\t\t<div class=\"elementor-element elementor-element-iwgs-eberesche-cch elementor-widget elementor-widget-heading\" data-id=\"iwgs-eberesche-cch\" data-element_type=\"widget\" data-e-type=\"widget\" data-widget_type=\"heading.default\">\n\t\t\t\t\t<h2 class=\"elementor-heading-title elementor-size-default\">iWell Guard og beskyttelsestraditioner<\/h2>\t\t\t\t<\/div>\n\t\t\t\t<div class=\"elementor-element elementor-element-iwgs-eberesche-cct elementor-widget elementor-widget-text-editor\" data-id=\"iwgs-eberesche-cct\" data-element_type=\"widget\" data-e-type=\"widget\" data-widget_type=\"text-editor.default\">\n\t\t\t\t\t\t\t\t\t<p>iWell Guard indg\u00e5r i den kulturhistoriske linje af b\u00e6rbare beskyttelsesobjekter, som r\u00f8nnen ogs\u00e5 h\u00f8rer til. En moderne f\u00f8lgesvend for mennesker, der lever med beskyttelsessymboler: fremstillet i Tyskland, 41 lag af \u00e6gte guld, platin og silver, med 30 dages returret.<\/p>\t\t\t\t\t\t\t\t<\/div>\n\t\t\t\t<div class=\"elementor-element elementor-element-iwgs-eberesche-ccb iwg-cc-button iwg-cc-cta-2026-05-13 elementor-widget elementor-widget-jet-button\" data-id=\"iwgs-eberesche-ccb\" data-element_type=\"widget\" data-e-type=\"widget\" data-widget_type=\"jet-button.default\">\n\t\t\t\t<div class=\"elementor-widget-container\">\n\t\t\t\t\t<div class=\"elementor-jet-button jet-elements\"><div class=\"jet-button__container\"><a class=\"jet-button__instance jet-button__instance--icon-left hover-effect-1\" href=\"\/schutzanhaenger-iwell-guard-kaufen\/?utm_source=iwell-guard.com&amp;utm_medium=info-box&amp;utm_campaign=schutzsymbole\"><div class=\"jet-button__plane jet-button__plane-normal\"><\/div><div class=\"jet-button__plane jet-button__plane-hover\"><\/div><div class=\"jet-button__state jet-button__state-normal\"><span class=\"jet-button__label\">Mere om iWell Guard<\/span><\/div><div class=\"jet-button__state jet-button__state-hover\"><span class=\"jet-button__label\">Mere om iWell Guard<\/span><\/div><\/a><\/div><\/div><style>.elementor-element.elementor-element-iwgs-eberesche-ccb .jet-button__instance{width:320px;height:56px;}.elementor-element.elementor-element-iwgs-eberesche-ccb .jet-button__state-normal .jet-button__label{text-align:center;margin:0px 0px 0px 0px;color:#1a1b20;font-family:Montserrat,sans-serif;font-size:13px;font-weight:400;letter-spacing:4px;line-height:1.714em;text-transform:uppercase;}.elementor-element.elementor-element-iwgs-eberesche-ccb .jet-button__state-hover .jet-button__label{text-align:center;margin:0px 0px 0px 0px;color:#FECC76;font-family:Montserrat,sans-serif;font-size:13px;font-weight:400;letter-spacing:4px;line-height:1.714em;text-transform:uppercase;}.elementor-element.elementor-element-iwgs-eberesche-ccb .jet-button__plane-normal{background-color:#FECC76;border-style:solid;border-color:#C99540;border-width:2px 2px 2px 2px;}.elementor-element.elementor-element-iwgs-eberesche-ccb .jet-button__plane-hover{background-color:rgba(0,0,0,0.55);border-style:solid;border-color:#FECC76;border-width:2px 2px 2px 2px;}<\/style>\t\t\t\t<\/div>\n\t\t\t\t<\/div>\n\t\t\t\t<div class=\"elementor-element elementor-element-iwgs-eberesche-ccd elementor-widget elementor-widget-text-editor\" data-id=\"iwgs-eberesche-ccd\" data-element_type=\"widget\" data-e-type=\"widget\" data-widget_type=\"text-editor.default\">\n\t\t\t\t\t\t\t\t\t<p style=\"text-align:center;font-size:13px;opacity:0.7;margin-top:14px\" data-nosnippet=\"true\">Personlige oplevelser kan variere. Ikke et medicinsk produkt. Intet helbredelsesl\u00f8fte.<\/p>\t\t\t\t\t\t\t\t<\/div>\n\t\t\t\t\t<\/div>\n\t\t\t\t<\/div>\n\t\t\t\t\t<\/div>\n\t\t\t\t<\/div>\n\t\t<div class=\"elementor-element elementor-element-iwgs-eberesche-disc e-flex e-con-boxed e-con e-parent\" data-id=\"iwgs-eberesche-disc\" data-element_type=\"container\" data-e-type=\"container\">\n\t\t\t\t\t<div class=\"e-con-inner\">\n\t\t<div class=\"elementor-element elementor-element-iw-eberesche-disc-bw e-con-full e-flex e-con e-child\" data-id=\"iw-eberesche-disc-bw\" data-element_type=\"container\" data-e-type=\"container\">\n\t\t\t\t<div class=\"elementor-element elementor-element-iwgs-eberesche-discw elementor-widget elementor-widget-html\" data-id=\"iwgs-eberesche-discw\" data-element_type=\"widget\" data-e-type=\"widget\" data-widget_type=\"html.default\">\n\t\t\t\t\t<footer data-nosnippet=\"true\" class=\"iwg-disclaimer-block\"><p data-nosnippet=\"true\">iWell Guard er <strong>ikke et medicinsk produkt<\/strong> og erstatter ikke l\u00e6gelig eller psykoterapeutisk behandling. Indholdet her er en religionsvidenskabelig og kulturhistorisk indordning, ikke et l\u00f8fte om spirituel virkning.<\/p><\/footer>\t\t\t\t<\/div>\n\t\t\t\t<\/div>\n\t\t\t\t\t<\/div>\n\t\t\t\t<\/div>\n\t\t\t\t<\/div>\n\t\t","protected":false},"excerpt":{"rendered":"","protected":false},"author":3,"featured_media":3573,"parent":0,"menu_order":0,"comment_status":"closed","ping_status":"closed","template":"elementor_header_footer","meta":{"_yoast_wpseo_focuskw":"R\u00f8n","_yoast_wpseo_title":"R\u00f8n: beskyttelsestr\u00e6 i den europ\u00e6iske folkemagi","_yoast_wpseo_metadesc":"R\u00f8nnen blev anset for at v\u00e6re et beskyttelsestr\u00e6 mod hekseri og lynnedslag. Oprindelse, skik og folkloristisk tydning af beskyttelsestr\u00e6et.","_yoast_wpseo_meta-robots-noindex":"","_yoast_wpseo_canonical":"","_angie_page":false,"gefaehrdungsstufe":"","wesen_kultur":"","wesen_klasse":"","footnotes":""},"categories":[],"class_list":["post-138575","page","type-page","status-publish","has-post-thumbnail","hentry"],"yoast_head":"<!-- This site is optimized with the Yoast SEO Premium plugin v27.7 (Yoast SEO v28.3) - https:\/\/yoast.com\/product\/yoast-seo-premium-wordpress\/ -->\n<title>R\u00f8n: beskyttelsestr\u00e6 i den europ\u00e6iske folkemagi<\/title>\n<meta name=\"description\" content=\"R\u00f8nnen blev anset for at v\u00e6re et beskyttelsestr\u00e6 mod hekseri og lynnedslag. Oprindelse, skik og folkloristisk tydning af beskyttelsestr\u00e6et.\" \/>\n<meta name=\"robots\" content=\"index, follow, max-snippet:-1, max-image-preview:large, max-video-preview:-1\" \/>\n<link rel=\"canonical\" href=\"https:\/\/iwell-guard.com\/da\/roen-beskyttelsestrae-i-folkemagien\/\" \/>\n<meta property=\"og:locale\" content=\"da_DK\" \/>\n<meta property=\"og:type\" content=\"article\" \/>\n<meta property=\"og:title\" content=\"R\u00f8n \u2013 beskyttelsestr\u00e6 og beskyttelsestr\u00e6 i folkemagien\" \/>\n<meta property=\"og:description\" content=\"R\u00f8nnen blev anset for at v\u00e6re et beskyttelsestr\u00e6 mod hekseri og lynnedslag. Oprindelse, skik og folkloristisk tydning af beskyttelsestr\u00e6et.\" \/>\n<meta property=\"og:url\" content=\"https:\/\/iwell-guard.com\/da\/roen-beskyttelsestrae-i-folkemagien\/\" \/>\n<meta property=\"og:site_name\" content=\"iWell Guard\" \/>\n<meta property=\"article:modified_time\" content=\"2026-09-03T08:05:30+00:00\" \/>\n<meta property=\"og:image\" content=\"https:\/\/iwell-guard.com\/wp-content\/uploads\/2026\/05\/schutzsymbol_volksmagie_eberesche.webp\" \/>\n\t<meta property=\"og:image:width\" content=\"1024\" \/>\n\t<meta property=\"og:image:height\" content=\"1536\" \/>\n\t<meta property=\"og:image:type\" content=\"image\/webp\" \/>\n<meta name=\"twitter:card\" content=\"summary_large_image\" \/>\n<script type=\"application\/ld+json\" class=\"yoast-schema-graph\">{\"@context\":\"https:\\\/\\\/schema.org\",\"@graph\":[{\"@type\":\"WebPage\",\"@id\":\"https:\\\/\\\/iwell-guard.com\\\/da\\\/roen-beskyttelsestrae-i-folkemagien\\\/\",\"url\":\"https:\\\/\\\/iwell-guard.com\\\/da\\\/roen-beskyttelsestrae-i-folkemagien\\\/\",\"name\":\"R\u00f8n: beskyttelsestr\u00e6 i den europ\u00e6iske folkemagi\",\"isPartOf\":{\"@id\":\"https:\\\/\\\/iwell-guard.com\\\/da\\\/#website\"},\"primaryImageOfPage\":{\"@id\":\"https:\\\/\\\/iwell-guard.com\\\/da\\\/roen-beskyttelsestrae-i-folkemagien\\\/#primaryimage\"},\"image\":{\"@id\":\"https:\\\/\\\/iwell-guard.com\\\/da\\\/roen-beskyttelsestrae-i-folkemagien\\\/#primaryimage\"},\"thumbnailUrl\":\"https:\\\/\\\/iwell-guard.com\\\/wp-content\\\/uploads\\\/2026\\\/05\\\/schutzsymbol_volksmagie_eberesche.webp\",\"datePublished\":\"2026-09-03T07:12:18+00:00\",\"dateModified\":\"2026-09-03T08:05:30+00:00\",\"description\":\"R\u00f8nnen blev anset for at v\u00e6re et beskyttelsestr\u00e6 mod hekseri og lynnedslag. Oprindelse, skik og folkloristisk tydning af beskyttelsestr\u00e6et.\",\"breadcrumb\":{\"@id\":\"https:\\\/\\\/iwell-guard.com\\\/da\\\/roen-beskyttelsestrae-i-folkemagien\\\/#breadcrumb\"},\"inLanguage\":\"da-DK\",\"potentialAction\":[{\"@type\":\"ReadAction\",\"target\":[\"https:\\\/\\\/iwell-guard.com\\\/da\\\/roen-beskyttelsestrae-i-folkemagien\\\/\"]}]},{\"@type\":\"ImageObject\",\"inLanguage\":\"da-DK\",\"@id\":\"https:\\\/\\\/iwell-guard.com\\\/da\\\/roen-beskyttelsestrae-i-folkemagien\\\/#primaryimage\",\"url\":\"https:\\\/\\\/iwell-guard.com\\\/wp-content\\\/uploads\\\/2026\\\/05\\\/schutzsymbol_volksmagie_eberesche.webp\",\"contentUrl\":\"https:\\\/\\\/iwell-guard.com\\\/wp-content\\\/uploads\\\/2026\\\/05\\\/schutzsymbol_volksmagie_eberesche.webp\",\"width\":1024,\"height\":1536,\"caption\":\"Beskyttelsessymbol. Museal stilleben-illustration.\"},{\"@type\":\"BreadcrumbList\",\"@id\":\"https:\\\/\\\/iwell-guard.com\\\/da\\\/roen-beskyttelsestrae-i-folkemagien\\\/#breadcrumb\",\"itemListElement\":[{\"@type\":\"ListItem\",\"position\":1,\"name\":\"Start\",\"item\":\"https:\\\/\\\/iwell-guard.com\\\/da\\\/?page_id=137908\"},{\"@type\":\"ListItem\",\"position\":2,\"name\":\"R\u00f8n \u2013 beskyttelsestr\u00e6 og beskyttelsestr\u00e6 i folkemagien\"}]},{\"@type\":\"WebSite\",\"@id\":\"https:\\\/\\\/iwell-guard.com\\\/da\\\/#website\",\"url\":\"https:\\\/\\\/iwell-guard.com\\\/da\\\/\",\"name\":\"iWell Guard\",\"description\":\"Schutz vor dunklen Einfl\u00fcssen\",\"publisher\":{\"@id\":\"https:\\\/\\\/iwell-guard.com\\\/da\\\/#organization\"},\"potentialAction\":[{\"@type\":\"SearchAction\",\"target\":{\"@type\":\"EntryPoint\",\"urlTemplate\":\"https:\\\/\\\/iwell-guard.com\\\/da\\\/?s={search_term_string}\"},\"query-input\":{\"@type\":\"PropertyValueSpecification\",\"valueRequired\":true,\"valueName\":\"search_term_string\"}}],\"inLanguage\":\"da-DK\"},{\"@type\":\"Organization\",\"@id\":\"https:\\\/\\\/iwell-guard.com\\\/da\\\/#organization\",\"name\":\"Ittermann electronic GmbH\",\"url\":\"https:\\\/\\\/iwell-guard.com\\\/da\\\/\",\"logo\":{\"@type\":\"ImageObject\",\"inLanguage\":\"da-DK\",\"@id\":\"https:\\\/\\\/iwell-guard.com\\\/da\\\/#\\\/schema\\\/logo\\\/image\\\/\",\"url\":\"https:\\\/\\\/iwell-guard.com\\\/wp-content\\\/uploads\\\/2026\\\/05\\\/Ittermann-Logo-1182x237-1.png\",\"contentUrl\":\"https:\\\/\\\/iwell-guard.com\\\/wp-content\\\/uploads\\\/2026\\\/05\\\/Ittermann-Logo-1182x237-1.png\",\"width\":1182,\"height\":237,\"caption\":\"Ittermann electronic GmbH\"},\"image\":{\"@id\":\"https:\\\/\\\/iwell-guard.com\\\/da\\\/#\\\/schema\\\/logo\\\/image\\\/\"},\"sameAs\":[\"https:\\\/\\\/pantip.com\\\/profile\\\/9367242\",\"https:\\\/\\\/micro.blog\\\/iwellguard\",\"https:\\\/\\\/www.diggerslist.com\\\/iwellguard\\\/about\",\"https:\\\/\\\/skitterphoto.com\\\/photographers\\\/2870314\\\/iwell-guard\",\"https:\\\/\\\/iwellguard.wordpress.com\\\/2026\\\/06\\\/06\\\/iwell-guard\\\/\",\"https:\\\/\\\/hub.docker.com\\\/u\\\/iwellguard\",\"https:\\\/\\\/www.pinterest.com\\\/iwellguard\\\/\",\"https:\\\/\\\/bit.ly\\\/m\\\/iwellguard\",\"https:\\\/\\\/entre-vos-mains.alsace.eu\\\/profiles\\\/iwellguard\\\/activity\",\"https:\\\/\\\/gravatar.com\\\/reallybeded8fd34\",\"https:\\\/\\\/naijamatta.com\\\/iwellguard\",\"https:\\\/\\\/www.goodreads.com\\\/iwellguard\",\"https:\\\/\\\/profile.hatena.ne.jp\\\/iwellguard\\\/\",\"https:\\\/\\\/experiment.com\\\/users\\\/iwellguard\",\"https:\\\/\\\/wakelet.com\\\/@iWellGuard82270\",\"https:\\\/\\\/www.chordie.com\\\/forum\\\/profile.php?id=2555664\",\"https:\\\/\\\/www.instapaper.com\\\/p\\\/17757966\",\"https:\\\/\\\/www.mapleprimes.com\\\/users\\\/iwellguard\",\"https:\\\/\\\/businesslistingplus.com\\\/profile\\\/iwell-guard\\\/\",\"https:\\\/\\\/telegra.ph\\\/iWell-Guard-06-06\",\"https:\\\/\\\/pbase.com\\\/iwellguard\\\/iwellguard\",\"https:\\\/\\\/b.hatena.ne.jp\\\/iwellguard\\\/20260607#bookmark-4788405196491818882\",\"https:\\\/\\\/fliphtml5.com\\\/home\\\/iwellguard\",\"https:\\\/\\\/anyflip.com\\\/homepage\\\/cmiwl#About\",\"https:\\\/\\\/transfur.com\\\/Users\\\/iwellguard\",\"http:\\\/\\\/delphi.larsbo.org\\\/user\\\/iwellguard\",\"https:\\\/\\\/jobs.lajobsportal.org\\\/profiles\\\/8380803-iwell-guard\",\"https:\\\/\\\/md.chaosdorf.de\\\/s\\\/jfbe5SBdJD\",\"https:\\\/\\\/www.lingvolive.com\\\/en-us\\\/profile\\\/9ecaeaca-ce11-4e51-9e71-01d55e2bff36\\\/translations\",\"https:\\\/\\\/www.fitday.com\\\/fitness\\\/forums\\\/members\\\/iwellguard.html\",\"https:\\\/\\\/www.mymeetbook.com\\\/iwellguard\",\"https:\\\/\\\/pxhere.com\\\/en\\\/photographer-me\\\/5040798\",\"https:\\\/\\\/disqus.com\\\/by\\\/iwellguard\\\/about\\\/\",\"https:\\\/\\\/pastelink.net\\\/hjwciqwq\",\"https:\\\/\\\/pubhtml5.com\\\/homepage\\\/scjhn\\\/\",\"https:\\\/\\\/www.bitchute.com\\\/channel\\\/2O2eOKzNqujT\",\"https:\\\/\\\/audiomack.com\\\/iwellguard\"]}]}<\/script>\n<!-- \/ Yoast SEO Premium plugin. -->","yoast_head_json":{"title":"R\u00f8n: beskyttelsestr\u00e6 i den europ\u00e6iske folkemagi","description":"R\u00f8nnen blev anset for at v\u00e6re et beskyttelsestr\u00e6 mod hekseri og lynnedslag. Oprindelse, skik og folkloristisk tydning af beskyttelsestr\u00e6et.","robots":{"index":"index","follow":"follow","max-snippet":"max-snippet:-1","max-image-preview":"max-image-preview:large","max-video-preview":"max-video-preview:-1"},"canonical":"https:\/\/iwell-guard.com\/da\/roen-beskyttelsestrae-i-folkemagien\/","og_locale":"da_DK","og_type":"article","og_title":"R\u00f8n \u2013 beskyttelsestr\u00e6 og beskyttelsestr\u00e6 i folkemagien","og_description":"R\u00f8nnen blev anset for at v\u00e6re et beskyttelsestr\u00e6 mod hekseri og lynnedslag. Oprindelse, skik og folkloristisk tydning af beskyttelsestr\u00e6et.","og_url":"https:\/\/iwell-guard.com\/da\/roen-beskyttelsestrae-i-folkemagien\/","og_site_name":"iWell Guard","article_modified_time":"2026-09-03T08:05:30+00:00","og_image":[{"width":1024,"height":1536,"url":"https:\/\/iwell-guard.com\/wp-content\/uploads\/2026\/05\/schutzsymbol_volksmagie_eberesche.webp","type":"image\/webp"}],"twitter_card":"summary_large_image","schema":{"@context":"https:\/\/schema.org","@graph":[{"@type":"WebPage","@id":"https:\/\/iwell-guard.com\/da\/roen-beskyttelsestrae-i-folkemagien\/","url":"https:\/\/iwell-guard.com\/da\/roen-beskyttelsestrae-i-folkemagien\/","name":"R\u00f8n: beskyttelsestr\u00e6 i den europ\u00e6iske folkemagi","isPartOf":{"@id":"https:\/\/iwell-guard.com\/da\/#website"},"primaryImageOfPage":{"@id":"https:\/\/iwell-guard.com\/da\/roen-beskyttelsestrae-i-folkemagien\/#primaryimage"},"image":{"@id":"https:\/\/iwell-guard.com\/da\/roen-beskyttelsestrae-i-folkemagien\/#primaryimage"},"thumbnailUrl":"https:\/\/iwell-guard.com\/wp-content\/uploads\/2026\/05\/schutzsymbol_volksmagie_eberesche.webp","datePublished":"2026-09-03T07:12:18+00:00","dateModified":"2026-09-03T08:05:30+00:00","description":"R\u00f8nnen blev anset for at v\u00e6re et beskyttelsestr\u00e6 mod hekseri og lynnedslag. Oprindelse, skik og folkloristisk tydning af beskyttelsestr\u00e6et.","breadcrumb":{"@id":"https:\/\/iwell-guard.com\/da\/roen-beskyttelsestrae-i-folkemagien\/#breadcrumb"},"inLanguage":"da-DK","potentialAction":[{"@type":"ReadAction","target":["https:\/\/iwell-guard.com\/da\/roen-beskyttelsestrae-i-folkemagien\/"]}]},{"@type":"ImageObject","inLanguage":"da-DK","@id":"https:\/\/iwell-guard.com\/da\/roen-beskyttelsestrae-i-folkemagien\/#primaryimage","url":"https:\/\/iwell-guard.com\/wp-content\/uploads\/2026\/05\/schutzsymbol_volksmagie_eberesche.webp","contentUrl":"https:\/\/iwell-guard.com\/wp-content\/uploads\/2026\/05\/schutzsymbol_volksmagie_eberesche.webp","width":1024,"height":1536,"caption":"Beskyttelsessymbol. Museal stilleben-illustration."},{"@type":"BreadcrumbList","@id":"https:\/\/iwell-guard.com\/da\/roen-beskyttelsestrae-i-folkemagien\/#breadcrumb","itemListElement":[{"@type":"ListItem","position":1,"name":"Start","item":"https:\/\/iwell-guard.com\/da\/?page_id=137908"},{"@type":"ListItem","position":2,"name":"R\u00f8n \u2013 beskyttelsestr\u00e6 og beskyttelsestr\u00e6 i folkemagien"}]},{"@type":"WebSite","@id":"https:\/\/iwell-guard.com\/da\/#website","url":"https:\/\/iwell-guard.com\/da\/","name":"iWell Guard","description":"Schutz vor dunklen Einfl\u00fcssen","publisher":{"@id":"https:\/\/iwell-guard.com\/da\/#organization"},"potentialAction":[{"@type":"SearchAction","target":{"@type":"EntryPoint","urlTemplate":"https:\/\/iwell-guard.com\/da\/?s={search_term_string}"},"query-input":{"@type":"PropertyValueSpecification","valueRequired":true,"valueName":"search_term_string"}}],"inLanguage":"da-DK"},{"@type":"Organization","@id":"https:\/\/iwell-guard.com\/da\/#organization","name":"Ittermann electronic GmbH","url":"https:\/\/iwell-guard.com\/da\/","logo":{"@type":"ImageObject","inLanguage":"da-DK","@id":"https:\/\/iwell-guard.com\/da\/#\/schema\/logo\/image\/","url":"https:\/\/iwell-guard.com\/wp-content\/uploads\/2026\/05\/Ittermann-Logo-1182x237-1.png","contentUrl":"https:\/\/iwell-guard.com\/wp-content\/uploads\/2026\/05\/Ittermann-Logo-1182x237-1.png","width":1182,"height":237,"caption":"Ittermann electronic GmbH"},"image":{"@id":"https:\/\/iwell-guard.com\/da\/#\/schema\/logo\/image\/"},"sameAs":["https:\/\/pantip.com\/profile\/9367242","https:\/\/micro.blog\/iwellguard","https:\/\/www.diggerslist.com\/iwellguard\/about","https:\/\/skitterphoto.com\/photographers\/2870314\/iwell-guard","https:\/\/iwellguard.wordpress.com\/2026\/06\/06\/iwell-guard\/","https:\/\/hub.docker.com\/u\/iwellguard","https:\/\/www.pinterest.com\/iwellguard\/","https:\/\/bit.ly\/m\/iwellguard","https:\/\/entre-vos-mains.alsace.eu\/profiles\/iwellguard\/activity","https:\/\/gravatar.com\/reallybeded8fd34","https:\/\/naijamatta.com\/iwellguard","https:\/\/www.goodreads.com\/iwellguard","https:\/\/profile.hatena.ne.jp\/iwellguard\/","https:\/\/experiment.com\/users\/iwellguard","https:\/\/wakelet.com\/@iWellGuard82270","https:\/\/www.chordie.com\/forum\/profile.php?id=2555664","https:\/\/www.instapaper.com\/p\/17757966","https:\/\/www.mapleprimes.com\/users\/iwellguard","https:\/\/businesslistingplus.com\/profile\/iwell-guard\/","https:\/\/telegra.ph\/iWell-Guard-06-06","https:\/\/pbase.com\/iwellguard\/iwellguard","https:\/\/b.hatena.ne.jp\/iwellguard\/20260607#bookmark-4788405196491818882","https:\/\/fliphtml5.com\/home\/iwellguard","https:\/\/anyflip.com\/homepage\/cmiwl#About","https:\/\/transfur.com\/Users\/iwellguard","http:\/\/delphi.larsbo.org\/user\/iwellguard","https:\/\/jobs.lajobsportal.org\/profiles\/8380803-iwell-guard","https:\/\/md.chaosdorf.de\/s\/jfbe5SBdJD","https:\/\/www.lingvolive.com\/en-us\/profile\/9ecaeaca-ce11-4e51-9e71-01d55e2bff36\/translations","https:\/\/www.fitday.com\/fitness\/forums\/members\/iwellguard.html","https:\/\/www.mymeetbook.com\/iwellguard","https:\/\/pxhere.com\/en\/photographer-me\/5040798","https:\/\/disqus.com\/by\/iwellguard\/about\/","https:\/\/pastelink.net\/hjwciqwq","https:\/\/pubhtml5.com\/homepage\/scjhn\/","https:\/\/www.bitchute.com\/channel\/2O2eOKzNqujT","https:\/\/audiomack.com\/iwellguard"]}]}},"_links":{"self":[{"href":"https:\/\/iwell-guard.com\/da\/wp-json\/wp\/v2\/pages\/138575","targetHints":{"allow":["GET"]}}],"collection":[{"href":"https:\/\/iwell-guard.com\/da\/wp-json\/wp\/v2\/pages"}],"about":[{"href":"https:\/\/iwell-guard.com\/da\/wp-json\/wp\/v2\/types\/page"}],"author":[{"embeddable":true,"href":"https:\/\/iwell-guard.com\/da\/wp-json\/wp\/v2\/users\/3"}],"replies":[{"embeddable":true,"href":"https:\/\/iwell-guard.com\/da\/wp-json\/wp\/v2\/comments?post=138575"}],"version-history":[{"count":0,"href":"https:\/\/iwell-guard.com\/da\/wp-json\/wp\/v2\/pages\/138575\/revisions"}],"wp:featuredmedia":[{"embeddable":true,"href":"https:\/\/iwell-guard.com\/da\/wp-json\/wp\/v2\/media\/3573"}],"wp:attachment":[{"href":"https:\/\/iwell-guard.com\/da\/wp-json\/wp\/v2\/media?parent=138575"}],"wp:term":[{"taxonomy":"category","embeddable":true,"href":"https:\/\/iwell-guard.com\/da\/wp-json\/wp\/v2\/categories?post=138575"}],"curies":[{"name":"wp","href":"https:\/\/api.w.org\/{rel}","templated":true}]}}