{"id":138518,"date":"2026-09-03T07:11:31","date_gmt":"2026-09-03T07:11:31","guid":{"rendered":"https:\/\/iwell-guard.com\/?page_id=138518"},"modified":"2026-09-03T08:03:32","modified_gmt":"2026-09-03T08:03:32","slug":"sort-traad-beskyttelsesbaand-mod-det-onde-oeje","status":"publish","type":"page","link":"https:\/\/iwell-guard.com\/da\/sort-traad-beskyttelsesbaand-mod-det-onde-oeje\/","title":{"rendered":"Sort tr\u00e5d \u2013 beskyttelsesb\u00e5ndet mod det onde \u00f8je"},"content":{"rendered":"\t\t<div data-elementor-type=\"wp-page\" data-elementor-id=\"138518\" class=\"elementor elementor-138518 elementor-3681 elementor-bc-flex-widget\" data-elementor-post-type=\"page\">\n\t\t\t\t<div class=\"elementor-element elementor-element-iwgs-schwarzerfad-hero e-flex e-con-boxed e-con e-parent\" data-id=\"iwgs-schwarzerfad-hero\" data-element_type=\"container\" data-e-type=\"container\">\n\t\t\t\t\t<div class=\"e-con-inner\">\n\t\t<div class=\"elementor-element elementor-element-iwgs-schwarzerfad-hl e-flex e-con-boxed e-con e-parent\" data-id=\"iwgs-schwarzerfad-hl\" data-element_type=\"container\" data-e-type=\"container\">\n\t\t\t\t\t<div class=\"e-con-inner\">\n\t\t<div class=\"elementor-element elementor-element-iwgs-schwarzerfad-hlbox e-con-full e-flex e-con e-parent\" data-id=\"iwgs-schwarzerfad-hlbox\" data-element_type=\"container\" data-e-type=\"container\">\n\t\t\t\t<div class=\"elementor-element elementor-element-iwgs-schwarzerfad-h1 elementor-widget elementor-widget-heading\" data-id=\"iwgs-schwarzerfad-h1\" data-element_type=\"widget\" data-e-type=\"widget\" data-widget_type=\"heading.default\">\n\t\t\t\t\t<h1 class=\"elementor-heading-title elementor-size-default\">Sort tr\u00e5d \u2013 det sorte beskyttelsesb\u00e5nd mod det onde \u00f8je<\/h1>\t\t\t\t<\/div>\n\t\t\t\t<div class=\"elementor-element elementor-element-iwgs-schwarzerfad-lead elementor-widget elementor-widget-text-editor\" data-id=\"iwgs-schwarzerfad-lead\" data-element_type=\"widget\" data-e-type=\"widget\" data-widget_type=\"text-editor.default\">\n\t\t\t\t\t\t\t\t\t<p>Den sorte tr\u00e5d er et enkelt beskyttelsesb\u00e5nd, som i Indien bindes om h\u00e5ndled, hofte eller ankel hos mange mennesker, is\u00e6r hos sm\u00e5 b\u00f8rn. Det skal bevare b\u00e6reren mod det onde \u00f8je og mod ulykke og h\u00f8rer til de mest udbredte hverdagsbeskyttelsesmidler.<\/p>\t\t\t\t\t\t\t\t<\/div>\n\t\t\t\t<\/div>\n\t\t\t\t<div class=\"elementor-element elementor-element-iwgs-schwarzerfad-pills elementor-widget elementor-widget-html\" data-id=\"iwgs-schwarzerfad-pills\" data-element_type=\"widget\" data-e-type=\"widget\" data-widget_type=\"html.default\">\n\t\t\t\t\t<div class=\"iwg-pill-row\"><span class=\"iwg-klasse-badge\" tabindex=\"0\" data-tooltip=\"Beskyttelsessymbol, amulet eller apotrop\u00e6isk objekt.\">Beskyttelsessymbol<\/span><a href=\"https:\/\/iwell-guard.com\/da\/hinduisme\/\" class=\"iwg-kultur-badge\" tabindex=\"0\" data-tooltip=\"Beskyttelsestradition: Hinduisme\">Hinduisme<\/a><span class=\"iwg-tradition-badge\" tabindex=\"0\" data-tooltip=\"Et b\u00e5nd, som tilskrives en beskyttende virkning.\">Beskyttelsesb\u00e5nd<\/span><\/div>\t\t\t\t<\/div>\n\t\t\t\t\t<\/div>\n\t\t\t\t<\/div>\n\t\t<div class=\"elementor-element elementor-element-iwgs-schwarzerfad-hr e-con-full e-flex e-con e-parent\" data-id=\"iwgs-schwarzerfad-hr\" data-element_type=\"container\" data-e-type=\"container\">\n\t\t\t\t<div class=\"elementor-element elementor-element-iwgs-schwarzerfad-himg iwg-hero-image elementor-widget elementor-widget-image\" data-id=\"iwgs-schwarzerfad-himg\" data-element_type=\"widget\" data-e-type=\"widget\" data-widget_type=\"image.default\">\n\t\t\t\t\t\t\t\t\t\t\t\t\t\t\t<img fetchpriority=\"high\" decoding=\"async\" width=\"683\" height=\"1024\" src=\"https:\/\/iwell-guard.com\/wp-content\/uploads\/2026\/05\/schutzsymbol_hinduismus_schwarzer-faden-683x1024.webp\" class=\"attachment-large size-large wp-image-139861\" alt=\"Sort tr\u00e5d - beskyttelsessymbol, museal illustration\" srcset=\"https:\/\/iwell-guard.com\/wp-content\/uploads\/2026\/05\/schutzsymbol_hinduismus_schwarzer-faden-683x1024.webp 683w, https:\/\/iwell-guard.com\/wp-content\/uploads\/2026\/05\/schutzsymbol_hinduismus_schwarzer-faden-200x300.webp 200w, https:\/\/iwell-guard.com\/wp-content\/uploads\/2026\/05\/schutzsymbol_hinduismus_schwarzer-faden-768x1152.webp 768w, https:\/\/iwell-guard.com\/wp-content\/uploads\/2026\/05\/schutzsymbol_hinduismus_schwarzer-faden.webp 1024w\" sizes=\"(max-width: 683px) 100vw, 683px\" \/>\t\t\t\t\t\t\t\t\t\t\t\t\t\t\t<\/div>\n\t\t\t\t<\/div>\n\t\t\t\t\t<\/div>\n\t\t\t\t<\/div>\n\t\t<div class=\"elementor-element elementor-element-iwgs-schwarzerfad-s0 e-flex e-con-boxed e-con e-parent\" data-id=\"iwgs-schwarzerfad-s0\" data-element_type=\"container\" data-e-type=\"container\">\n\t\t\t\t\t<div class=\"e-con-inner\">\n\t\t\t\t<div class=\"elementor-element elementor-element-iwgs-schwarzerfad-s0h elementor-widget elementor-widget-heading\" data-id=\"iwgs-schwarzerfad-s0h\" data-element_type=\"widget\" data-e-type=\"widget\" data-widget_type=\"heading.default\">\n\t\t\t\t\t<h2 class=\"elementor-heading-title elementor-size-default\">Indplacering<\/h2>\t\t\t\t<\/div>\n\t\t<div class=\"elementor-element elementor-element-iwgs-schwarzerfad-s0box e-con-full e-flex e-con e-parent\" data-id=\"iwgs-schwarzerfad-s0box\" data-element_type=\"container\" data-e-type=\"container\">\n\t\t\t\t<div class=\"elementor-element elementor-element-iwgs-schwarzerfad-s0t elementor-widget elementor-widget-text-editor\" data-id=\"iwgs-schwarzerfad-s0t\" data-element_type=\"widget\" data-e-type=\"widget\" data-widget_type=\"text-editor.default\">\n\t\t\t\t\t\t\t\t\t<p>Den sorte tr\u00e5d er et enkelt beskyttelsesb\u00e5nd fra <a href=\"https:\/\/iwell-guard.com\/da\/hinduisme\/\">hinduismens<\/a> livsverden og fra den indiske hverdag. Det er en simpel sort snor, som bindes om et bestemt sted p\u00e5 kroppen.<\/p><p>Den sorte tr\u00e5d b\u00e6res om h\u00e5ndleddet, om anklen eller om hoften. Den bindes s\u00e6rlig ofte om sm\u00e5 b\u00f8rn, som if\u00f8lge en udbredt forestilling anses for s\u00e6rligt udsatte.<\/p><p>Den sorte tr\u00e5ds opgave er beskyttelse. Den skal bevare b\u00e6reren mod det onde \u00f8je og generelt holde ulykke og skadelige indflydelser v\u00e6k.<\/p><p>Den sorte tr\u00e5d er n\u00e6rt besl\u00e6gtet med andre indiske beskyttelsesb\u00e5nd, is\u00e6r farvede og velsignede tr\u00e5de, som bindes i rituel sammenh\u00e6ng. I mods\u00e6tning til disse er den sorte tr\u00e5d som regel enkel og uden nogen s\u00e6rlig <span class=\"iwg-fachbegriff\" data-tooltip=\"En h\u00f8jtidelig handling, der f\u00f8lger fastlagte regler.\" tabindex=\"0\">ceremoni<\/span>.<\/p><p>Den sorte tr\u00e5d er udbredt tv\u00e6rs over religi\u00f8se gr\u00e6nser. Den b\u00e6res af hinduistiske familier, men findes ogs\u00e5 hos andre befolkningsgrupper i Indien, hvor den betragtes som et almindeligt beskyttelsesmiddel.<\/p><p>I <span class=\"iwg-fachbegriff\" data-tooltip=\"Videnskaben, der unders\u00f8ger religioner sammenlignende og uden trosbinding.\" tabindex=\"0\">religionsvidenskaben<\/span> er den sorte tr\u00e5d et godt eksempel p\u00e5 et enkelt hverdagsbeskyttelsesmiddel. Dens virkning bygger mindre p\u00e5 en udformet l\u00e6re end p\u00e5 en bredt delt forestilling om beskyttelse gennem b\u00e5ndet og gennem den sorte farve.<\/p>\t\t\t\t\t\t\t\t<\/div>\n\t\t\t\t<\/div>\n\t\t\t\t\t<\/div>\n\t\t\t\t<\/div>\n\t\t<div class=\"elementor-element elementor-element-iwgs-schwarzerfad-s1 e-flex e-con-boxed e-con e-parent\" data-id=\"iwgs-schwarzerfad-s1\" data-element_type=\"container\" data-e-type=\"container\">\n\t\t\t\t\t<div class=\"e-con-inner\">\n\t\t\t\t<div class=\"elementor-element elementor-element-iwgs-schwarzerfad-s1h elementor-widget elementor-widget-heading\" data-id=\"iwgs-schwarzerfad-s1h\" data-element_type=\"widget\" data-e-type=\"widget\" data-widget_type=\"heading.default\">\n\t\t\t\t\t<h2 class=\"elementor-heading-title elementor-size-default\">B\u00e5ndet som beskyttelsesmiddel<\/h2>\t\t\t\t<\/div>\n\t\t<div class=\"elementor-element elementor-element-iwgs-schwarzerfad-s1box e-con-full e-flex e-con e-parent\" data-id=\"iwgs-schwarzerfad-s1box\" data-element_type=\"container\" data-e-type=\"container\">\n\t\t\t\t<div class=\"elementor-element elementor-element-iwgs-schwarzerfad-s1t elementor-widget elementor-widget-text-editor\" data-id=\"iwgs-schwarzerfad-s1t\" data-element_type=\"widget\" data-e-type=\"widget\" data-widget_type=\"text-editor.default\">\n\t\t\t\t\t\t\t\t\t<p>Den sorte tr\u00e5d h\u00f8rer til beskyttelsesb\u00e5ndene. Det bundne b\u00e5nd er et beskyttelsesmiddel, der findes i mange kulturer og ogs\u00e5 er vidt udbredt i Indien.<\/p><p>Et b\u00e5nd l\u00e6gges om et sted p\u00e5 kroppen og bindes med en knude der. Denne binding er symbolsk ment. Den slutter s\u00e5 at sige b\u00e6reren inde og opretter en beskyttet gr\u00e6nse omkring vedkommende.<\/p><p>Knuden spiller en s\u00e6rlig rolle her. I mange forestillinger anses knuden som et middel til at holde fast p\u00e5 noget eller til at afv\u00e6rge noget. Et bundet b\u00e5nd er derfor mere end blot en snor.<\/p><p>B\u00e5ndet b\u00e6res ofte om h\u00e5ndleddet, fordi dette sted er synligt og let tilg\u00e6ngeligt. Hos b\u00f8rn l\u00e6gges b\u00e5ndet ogs\u00e5 om hoften eller anklen, hvor det forbliver skjult under kl\u00e6derne.<\/p><p>Beskyttelsesb\u00e5nd findes i mange former i Indien. Der er velsignede tr\u00e5de, som en pr\u00e6st binder, farvede b\u00e5nd til bestemte fester og b\u00e5nd, som bindes p\u00e5 valfartssteder. Den sorte tr\u00e5d er den enkleste af disse former.<\/p><p>Den sorte tr\u00e5d deler grundtanken med de andre beskyttelsesb\u00e5nd. Det bundne b\u00e5nd omslutter b\u00e6reren og skal bevare vedkommende mod skadelige indflydelser. Dens s\u00e6regenhed ligger i farven og i den enkle, hverdagslige brug.<\/p>\t\t\t\t\t\t\t\t<\/div>\n\t\t\t\t<\/div>\n\t\t\t\t\t<\/div>\n\t\t\t\t<\/div>\n\t\t<div class=\"elementor-element elementor-element-iwgs-schwarzerfad-s2 e-flex e-con-boxed e-con e-parent\" data-id=\"iwgs-schwarzerfad-s2\" data-element_type=\"container\" data-e-type=\"container\">\n\t\t\t\t\t<div class=\"e-con-inner\">\n\t\t\t\t<div class=\"elementor-element elementor-element-iwgs-schwarzerfad-s2h elementor-widget elementor-widget-heading\" data-id=\"iwgs-schwarzerfad-s2h\" data-element_type=\"widget\" data-e-type=\"widget\" data-widget_type=\"heading.default\">\n\t\t\t\t\t<h2 class=\"elementor-heading-title elementor-size-default\">Betydningen af den sorte farve<\/h2>\t\t\t\t<\/div>\n\t\t<div class=\"elementor-element elementor-element-iwgs-schwarzerfad-s2box e-con-full e-flex e-con e-parent\" data-id=\"iwgs-schwarzerfad-s2box\" data-element_type=\"container\" data-e-type=\"container\">\n\t\t\t\t<div class=\"elementor-element elementor-element-iwgs-schwarzerfad-s2t elementor-widget elementor-widget-text-editor\" data-id=\"iwgs-schwarzerfad-s2t\" data-element_type=\"widget\" data-e-type=\"widget\" data-widget_type=\"text-editor.default\">\n\t\t\t\t\t\t\t\t\t<p>Det mest i\u00f8jnefaldende kendetegn ved dette beskyttelsesb\u00e5nd er dets farve. I mods\u00e6tning til de r\u00f8de eller gule beskyttelsestr\u00e5de i Indien er denne tr\u00e5d bevidst sort.<\/p><p>Den sorte farve har i indisk sammenh\u00e6ng en s\u00e6rlig betydning i forhold til det onde \u00f8je. Sort betragtes som den farve, der drager og afleder det skadelige blik.<\/p><p>Tanken bag dette er en omledning. If\u00f8lge denne forestilling retter det onde \u00f8je sig f\u00f8rst mod det i\u00f8jnefaldende sorte tegn og ikke mod det beskyttede barn. Det sorte b\u00e5nd opfanger s\u00e5 at sige blikket.<\/p><p>Af samme grund males der ofte ogs\u00e5 en sort prik p\u00e5 sm\u00e5 b\u00f8rn i Indien, oftest p\u00e5 kinden eller p\u00e5 panden. Ogs\u00e5 denne sorte prik skal aflede blikket og forstyrre det umiddelbare indtryk af barnets fuldkommenhed en smule.<\/p><p>Bag begge dele ligger en f\u00e6lles forestilling. Et fuldst\u00e6ndig smukt og sundt barn anses for s\u00e6rligt udsat, fordi det tiltr\u00e6kker beundring og misundelse. En lille sort fejl afleder blikket og mindsker faren.<\/p><p>Den sorte farve er alts\u00e5 ikke tilf\u00e6ldigt valgt ved den sorte tr\u00e5d. Den er en del af beskyttelsestanken. B\u00e5ndet virker ikke kun som et bundet b\u00e5nd, men ogs\u00e5 gennem sin afledende farve, der opfanger blikket.<\/p>\t\t\t\t\t\t\t\t<\/div>\n\t\t\t\t<\/div>\n\t\t\t\t\t<\/div>\n\t\t\t\t<\/div>\n\t\t<div class=\"elementor-element elementor-element-iwgs-schwarzerfad-s3 e-flex e-con-boxed e-con e-parent\" data-id=\"iwgs-schwarzerfad-s3\" data-element_type=\"container\" data-e-type=\"container\">\n\t\t\t\t\t<div class=\"e-con-inner\">\n\t\t\t\t<div class=\"elementor-element elementor-element-iwgs-schwarzerfad-s3h elementor-widget elementor-widget-heading\" data-id=\"iwgs-schwarzerfad-s3h\" data-element_type=\"widget\" data-e-type=\"widget\" data-widget_type=\"heading.default\">\n\t\t\t\t\t<h2 class=\"elementor-heading-title elementor-size-default\">Den sorte tr\u00e5d og det onde \u00f8je<\/h2>\t\t\t\t<\/div>\n\t\t<div class=\"elementor-element elementor-element-iwgs-schwarzerfad-s3box e-con-full e-flex e-con e-parent\" data-id=\"iwgs-schwarzerfad-s3box\" data-element_type=\"container\" data-e-type=\"container\">\n\t\t\t\t<div class=\"elementor-element elementor-element-iwgs-schwarzerfad-s3t elementor-widget elementor-widget-text-editor\" data-id=\"iwgs-schwarzerfad-s3t\" data-element_type=\"widget\" data-e-type=\"widget\" data-widget_type=\"text-editor.default\">\n\t\t\t\t\t\t\t\t\t<p>Den vigtigste opgave for den sorte tr\u00e5d er beskyttelse mod det onde \u00f8je. Denne tro er udbredt i Indien som i mange andre dele af verden.<\/p><p>If\u00f8lge forestillingen om det onde \u00f8je kan et blik for\u00e5rsage skade. Det forbindes ofte med misundelse og ondskabsfuldhed. Den, der ser p\u00e5 noget med s\u00e5rende misundelse, kan if\u00f8lge denne forestilling skade det.<\/p><p>B\u00f8rn anses for s\u00e6rligt udsatte. Et sundt, smukt barn tiltr\u00e6kker beundring, og netop denne beundring kan if\u00f8lge forestillingen omsl\u00e5 til et skadeligt blik, selv uden onde hensigter.<\/p><p>Her s\u00e6tter den sorte tr\u00e5d ind. Den bindes om b\u00f8rn for at bevare dem mod dette blik. Det i\u00f8jnefaldende sorte b\u00e5nd skal aflede blikket og g\u00f8re barnet mindre i\u00f8jnefaldende.<\/p><p>Troen p\u00e5 det onde \u00f8je og midlerne mod det udg\u00f8r et eget, vidt udbredt felt af beskyttelsesforestillinger. Den sorte tr\u00e5d h\u00f8rer til dette felt, som er beskrevet mere udf\u00f8rligt p\u00e5 siden om <a href=\"https:\/\/iwell-guard.com\/da\/?page_id=138229\">det onde \u00f8je<\/a>.<\/p><p>Den sorte tr\u00e5d er dermed et af de enkleste og samtidig mest udbredte midler mod det onde \u00f8je i Indien. Den kr\u00e6ver ingen indsats og ingen <span class=\"iwg-fachbegriff\" data-tooltip=\"En h\u00f8jtidelig handling, der f\u00f8lger fastlagte regler.\" tabindex=\"0\">ceremoni<\/span> og st\u00e5r til r\u00e5dighed for enhver familie.<\/p>\t\t\t\t\t\t\t\t<\/div>\n\t\t\t\t<\/div>\n\t\t\t\t\t<\/div>\n\t\t\t\t<\/div>\n\t\t<div class=\"elementor-element elementor-element-iwgs-schwarzerfad-s4 e-flex e-con-boxed e-con e-parent\" data-id=\"iwgs-schwarzerfad-s4\" data-element_type=\"container\" data-e-type=\"container\">\n\t\t\t\t\t<div class=\"e-con-inner\">\n\t\t\t\t<div class=\"elementor-element elementor-element-iwgs-schwarzerfad-s4h elementor-widget elementor-widget-heading\" data-id=\"iwgs-schwarzerfad-s4h\" data-element_type=\"widget\" data-e-type=\"widget\" data-widget_type=\"heading.default\">\n\t\t\t\t\t<h2 class=\"elementor-heading-title elementor-size-default\">Den sorte tr\u00e5d hos b\u00f8rn<\/h2>\t\t\t\t<\/div>\n\t\t<div class=\"elementor-element elementor-element-iwgs-schwarzerfad-s4box e-con-full e-flex e-con e-parent\" data-id=\"iwgs-schwarzerfad-s4box\" data-element_type=\"container\" data-e-type=\"container\">\n\t\t\t\t<div class=\"elementor-element elementor-element-iwgs-schwarzerfad-s4t elementor-widget elementor-widget-text-editor\" data-id=\"iwgs-schwarzerfad-s4t\" data-element_type=\"widget\" data-e-type=\"widget\" data-widget_type=\"text-editor.default\">\n\t\t\t\t\t\t\t\t\t<p>Den mest almindelige b\u00e6rer af den sorte tr\u00e5d er det lille barn. Mange sp\u00e6db\u00f8rn og sm\u00e5b\u00f8rn i Indien f\u00e5r bundet et s\u00e5dant b\u00e5nd kort efter f\u00f8dslen.<\/p><p>\u00c5rsagen ligger i den s\u00e6rlige s\u00e5rbarhed, som tilskrives sm\u00e5 b\u00f8rn. De anses for endnu ikke at v\u00e6re fuldt bef\u00e6stede og derfor s\u00e6rligt modtagelige for skadelige p\u00e5virkninger og for det onde \u00f8je.<\/p><p>B\u00e5ndet bindes oftest om barnets h\u00e5ndled, ankel eller hofte. Om hoften forbliver det skjult under kl\u00e6derne og f\u00f8lger barnet ubem\u00e6rket gennem dagen.<\/p><p>Ofte forbindes den sorte tr\u00e5d med andre beskyttende foranstaltninger. Dertil h\u00f8rer den omtalte sorte prik p\u00e5 barnets kind eller pande, som ogs\u00e5 skal aflede blikket.<\/p><p>Det er som regel familien, der binder b\u00e5ndet, oftest moderen eller mormoren. Der er ikke brug for en pr\u00e6st. Den sorte tr\u00e5d h\u00f8rer dermed til den huslige, famili\u00e6re beskyttelsespraksis.<\/p><p>I denne brug viser det sig, at den sorte tr\u00e5d frem for alt er et tegn p\u00e5 omsorg. Den udtrykker familiens bekymring for barnets velbefindende og giver denne bekymring en synlig, h\u00e5ndgribelig form.<\/p>\t\t\t\t\t\t\t\t<\/div>\n\t\t\t\t<\/div>\n\t\t\t\t\t<\/div>\n\t\t\t\t<\/div>\n\t\t<div class=\"elementor-element elementor-element-iwgs-schwarzerfad-s5 e-flex e-con-boxed e-con e-parent\" data-id=\"iwgs-schwarzerfad-s5\" data-element_type=\"container\" data-e-type=\"container\">\n\t\t\t\t\t<div class=\"e-con-inner\">\n\t\t\t\t<div class=\"elementor-element elementor-element-iwgs-schwarzerfad-s5h elementor-widget elementor-widget-heading\" data-id=\"iwgs-schwarzerfad-s5h\" data-element_type=\"widget\" data-e-type=\"widget\" data-widget_type=\"heading.default\">\n\t\t\t\t\t<h2 class=\"elementor-heading-title elementor-size-default\">Den sorte tr\u00e5d og den r\u00f8de tr\u00e5d<\/h2>\t\t\t\t<\/div>\n\t\t<div class=\"elementor-element elementor-element-iwgs-schwarzerfad-s5box e-con-full e-flex e-con e-parent\" data-id=\"iwgs-schwarzerfad-s5box\" data-element_type=\"container\" data-e-type=\"container\">\n\t\t\t\t<div class=\"elementor-element elementor-element-iwgs-schwarzerfad-s5t elementor-widget elementor-widget-text-editor\" data-id=\"iwgs-schwarzerfad-s5t\" data-element_type=\"widget\" data-e-type=\"widget\" data-widget_type=\"text-editor.default\">\n\t\t\t\t\t\t\t\t\t<p>Den sorte tr\u00e5d forst\u00e5s bedst i sammenligning med den r\u00f8de tr\u00e5d. Begge er beskyttelsesb\u00e5nd, men de skiller sig fra hinanden i farve og i betydning.<\/p><p>Den r\u00f8de tr\u00e5d er i Indien det almindelige velsignede beskyttelsesb\u00e5nd. Det bindes ofte af en pr\u00e6st, gives p\u00e5 pilgrimssteder eller uddeles ved bestemte fester. R\u00f8d g\u00e6lder som en gunstig, kraftfuld farve.<\/p><p>Den r\u00f8de tr\u00e5d st\u00e5r dermed snarere for <span class=\"iwg-fachbegriff\" data-tooltip=\"Tilsagn om lykke og beskyttelse, ofte i fast sproglig form.\" tabindex=\"0\">velsignelsen<\/span> og for tilknytningen til det hellige. Den overf\u00f8rer en gunstig kraft til b\u00e6reren. Ofte er den forbundet med en <span class=\"iwg-fachbegriff\" data-tooltip=\"En h\u00f8jtidelig handling, der udf\u00f8res efter fastlagte regler.\" tabindex=\"0\">ceremoni<\/span> og en udtalt formel.<\/p><p>Den sorte tr\u00e5d derimod er som regel enkel og uden <span class=\"iwg-fachbegriff\" data-tooltip=\"En h\u00f8jtidelig handling, der udf\u00f8res efter fastlagte regler.\" tabindex=\"0\">ceremoni<\/span>. Dens farve retter sig ikke mod <span class=\"iwg-fachbegriff\" data-tooltip=\"Tilsagn om lykke og beskyttelse, ofte i fast sproglig form.\" tabindex=\"0\">velsignelsen<\/span>, men mod afv\u00e6rgelsen. Sort aflede det onde \u00f8je og opfanger det.<\/p><p>De to tr\u00e5de supplerer hinanden. Den ene virker gennem gunstig <span class=\"iwg-fachbegriff\" data-tooltip=\"Tilsagn om lykke og beskyttelse, ofte i fast sproglig form.\" tabindex=\"0\">velsignelse<\/span>, den anden gennem afv\u00e6rgende beskyttelse. Nogle b\u00f8rn b\u00e6rer derfor begge b\u00e5nd, det r\u00f8de og det sorte, p\u00e5 samme tid.<\/p><p>Sammenligningen viser, at farven p\u00e5 et beskyttelsesb\u00e5nd medbestemmer dets betydning. R\u00f8dt og sort st\u00e5r for to forskellige former for beskyttelse, den tiltr\u00e6kkende <span class=\"iwg-fachbegriff\" data-tooltip=\"Tilsagn om lykke og beskyttelse, ofte i fast sproglig form.\" tabindex=\"0\">velsignelse<\/span> og den afledende afv\u00e6rgelse.<\/p>\t\t\t\t\t\t\t\t<\/div>\n\t\t\t\t<\/div>\n\t\t\t\t\t<\/div>\n\t\t\t\t<\/div>\n\t\t<div class=\"elementor-element elementor-element-iwgs-schwarzerfad-s6 e-flex e-con-boxed e-con e-parent\" data-id=\"iwgs-schwarzerfad-s6\" data-element_type=\"container\" data-e-type=\"container\">\n\t\t\t\t\t<div class=\"e-con-inner\">\n\t\t\t\t<div class=\"elementor-element elementor-element-iwgs-schwarzerfad-s6h elementor-widget elementor-widget-heading\" data-id=\"iwgs-schwarzerfad-s6h\" data-element_type=\"widget\" data-e-type=\"widget\" data-widget_type=\"heading.default\">\n\t\t\t\t\t<h2 class=\"elementor-heading-title elementor-size-default\">Sorte beskyttelsesb\u00e5nd tv\u00e6rs gennem kulturerne<\/h2>\t\t\t\t<\/div>\n\t\t<div class=\"elementor-element elementor-element-iwgs-schwarzerfad-s6box e-con-full e-flex e-con e-parent\" data-id=\"iwgs-schwarzerfad-s6box\" data-element_type=\"container\" data-e-type=\"container\">\n\t\t\t\t<div class=\"elementor-element elementor-element-iwgs-schwarzerfad-s6t elementor-widget elementor-widget-text-editor\" data-id=\"iwgs-schwarzerfad-s6t\" data-element_type=\"widget\" data-e-type=\"widget\" data-widget_type=\"text-editor.default\">\n\t\t\t\t\t\t\t\t\t<p>Den sorte tr\u00e5d kan betragtes i den st\u00f8rre sammenh\u00e6ng af beskyttelsesb\u00e5nd. Det bundne b\u00e5nd er et beskyttelsesmiddel, som findes i mange kulturer.<\/p><p>I talrige traditioner bindes et b\u00e5nd om h\u00e5ndled eller ankel for at beskytte b\u00e6reren. Farverne varierer, men grundtanken er besl\u00e6gtet, nemlig beskyttelse gennem det omsluttende, knyttede b\u00e5nd.<\/p><p>Ogs\u00e5 den sorte farve som middel mod det onde \u00f8je er ikke begr\u00e6nset til Indien. I forskellige kulturer omkring Middelhavet og Mellem\u00f8sten anses m\u00f8rke eller i\u00f8jnefaldende tegn for et middel til at aflede det skadelige blik.<\/p><p>Besl\u00e6gtet er ogs\u00e5 det bl\u00e5 \u00f8jenamulet, som er udbredt i det tyrkiske og middelhavske omr\u00e5de. Det afv\u00e6rger det onde \u00f8je ved at opfange det. P\u00e5 siden om <a href=\"https:\/\/iwell-guard.com\/da\/?page_id=138453\">Nazar Boncu\u011fu<\/a> er dette middel beskrevet n\u00e6rmere.<\/p><p>Indiens sorte tr\u00e5d og middelhavsomr\u00e5dets bl\u00e5 \u00f8je f\u00f8lger en lignende tanke. Et i\u00f8jnefaldende tegn drager det skadelige blik til sig og aflede det fra den beskyttede person.<\/p><p>Den sorte tr\u00e5d er dermed den indiske udformning af en tanke, der er udbredt over hele verden. Beskyttelsesb\u00e5ndet og den afledende farve forenes i den til et enkelt beskyttelsesmiddel, der er fast forankret i hverdagen.<\/p>\t\t\t\t\t\t\t\t<\/div>\n\t\t\t\t<\/div>\n\t\t\t\t\t<\/div>\n\t\t\t\t<\/div>\n\t\t<div class=\"elementor-element elementor-element-iwgs-schwarzerfad-s7 e-flex e-con-boxed e-con e-parent\" data-id=\"iwgs-schwarzerfad-s7\" data-element_type=\"container\" data-e-type=\"container\">\n\t\t\t\t\t<div class=\"e-con-inner\">\n\t\t\t\t<div class=\"elementor-element elementor-element-iwgs-schwarzerfad-s7h elementor-widget elementor-widget-heading\" data-id=\"iwgs-schwarzerfad-s7h\" data-element_type=\"widget\" data-e-type=\"widget\" data-widget_type=\"heading.default\">\n\t\t\t\t\t<h2 class=\"elementor-heading-title elementor-size-default\">\u00c6rlig vurdering af oprindelse og tydning<\/h2>\t\t\t\t<\/div>\n\t\t<div class=\"elementor-element elementor-element-iwgs-schwarzerfad-s7box e-con-full e-flex e-con e-parent\" data-id=\"iwgs-schwarzerfad-s7box\" data-element_type=\"container\" data-e-type=\"container\">\n\t\t\t\t<div class=\"elementor-element elementor-element-iwgs-schwarzerfad-s7t elementor-widget elementor-widget-text-editor\" data-id=\"iwgs-schwarzerfad-s7t\" data-element_type=\"widget\" data-e-type=\"widget\" data-widget_type=\"text-editor.default\">\n\t\t\t\t\t\t\t\t\t<p>Ved et s\u00e5 enkelt og hverdagsligt beskyttelsesmiddel som den sorte tr\u00e5d er en \u00e6rlig vurdering vigtig. Meget af det bygger p\u00e5 udbredt forestilling, ikke p\u00e5 fastlagt l\u00e6re.<\/p><p>Den sorte tr\u00e5d h\u00f8rer til den folkelige beskyttelsespraksis. Den er ikke nedskrevet i hinduismens l\u00e6rde religi\u00f8se tekster, men overleveres og gives videre i familierne.<\/p><p>Dens alder kan ikke fastsl\u00e5s med sikkerhed. At binde beskyttelsesb\u00e5nd er meget gammelt i Indien, men den enkle sorte tr\u00e5d i sin nuv\u00e6rende form kan som enkelt <span class=\"iwg-fachbegriff\" data-tooltip=\"En overleveret handling, der gentages regelm\u00e6ssigt i et f\u00e6llesskab.\" tabindex=\"0\">skik<\/span> n\u00e6sten ikke dateres n\u00f8jagtigt.<\/p><p>Ogs\u00e5 tydningen af den sorte farve er ikke strengt fastlagt. Forklaringen om, at sort aflede blikket, er udbredt og indlysende, men den er en tydning af skikken og ikke dens eneste mulige forklaring.<\/p><p>Den sorte tr\u00e5d er desuden ikke et rent hinduistisk tegn. Den bruges tv\u00e6rs over religi\u00f8se gr\u00e6nser og h\u00f8rer til den f\u00e6lles beskyttelseskultur i den indiske hverdag.<\/p><p>En redelig fremstilling betegner derfor den sorte tr\u00e5d som det, den er, et enkelt, udbredt beskyttelsesb\u00e5nd fra den indiske hverdag, hvis betydning ligger i den levede praksis og ikke i en fastlagt l\u00e6re.<\/p>\t\t\t\t\t\t\t\t<\/div>\n\t\t\t\t<\/div>\n\t\t\t\t\t<\/div>\n\t\t\t\t<\/div>\n\t\t<div class=\"elementor-element elementor-element-iwgs-schwarzerfad-s8 e-flex e-con-boxed e-con e-parent\" data-id=\"iwgs-schwarzerfad-s8\" data-element_type=\"container\" data-e-type=\"container\">\n\t\t\t\t\t<div class=\"e-con-inner\">\n\t\t\t\t<div class=\"elementor-element elementor-element-iwgs-schwarzerfad-s8h elementor-widget elementor-widget-heading\" data-id=\"iwgs-schwarzerfad-s8h\" data-element_type=\"widget\" data-e-type=\"widget\" data-widget_type=\"heading.default\">\n\t\t\t\t\t<h2 class=\"elementor-heading-title elementor-size-default\">Nutidig rezeption<\/h2>\t\t\t\t<\/div>\n\t\t<div class=\"elementor-element elementor-element-iwgs-schwarzerfad-s8box e-con-full e-flex e-con e-parent\" data-id=\"iwgs-schwarzerfad-s8box\" data-element_type=\"container\" data-e-type=\"container\">\n\t\t\t\t<div class=\"elementor-element elementor-element-iwgs-schwarzerfad-s8t elementor-widget elementor-widget-text-editor\" data-id=\"iwgs-schwarzerfad-s8t\" data-element_type=\"widget\" data-e-type=\"widget\" data-widget_type=\"text-editor.default\">\n\t\t\t\t\t\t\t\t\t<p>Den sorte tr\u00e5d er stadig i dag ekstraordin\u00e6rt n\u00e6rv\u00e6rende i Indien. P\u00e5 mange h\u00e5ndled og hos mange b\u00f8rn kan man se det enkle sorte b\u00e5nd.<\/p><p>Netop fordi den er enkel og billig, har den sorte tr\u00e5d holdt sig gennem alle samfundslag. Den kr\u00e6ver hverken indsats eller <span class=\"iwg-fachbegriff\" data-tooltip=\"En h\u00f8jtidelig handling, der udf\u00f8res efter fastlagte regler.\" tabindex=\"0\">ceremoni<\/span> og er tilg\u00e6ngelig for enhver familie.<\/p><p>Ogs\u00e5 i den indiske udvandring og i indiske samfund uden for Indien b\u00e6res den sorte tr\u00e5d videre. Den h\u00f8rer til de skikke, der vandrer med familien over landegr\u00e6nser.<\/p><p>I nutiden opfattes den sorte tr\u00e5d dels som en bevidst religi\u00f8s beskyttelsespraksis, dels som en selvf\u00f8lgelig <span class=\"iwg-fachbegriff\" data-tooltip=\"En overleveret handling, der gentages regelm\u00e6ssigt i et samfund.\" tabindex=\"0\">skik<\/span>, hvor den n\u00f8jagtige betydning kommer i baggrunden. Begge holdninger findes side om side.<\/p><p>En saglig fremstilling beskriver den sorte tr\u00e5d som et enkelt beskyttelsesb\u00e5nd, der skal v\u00e6rne mod det onde \u00f8je, og som is\u00e6r anl\u00e6gges af omsorg for b\u00f8rnene.<\/p><p>Den sorte tr\u00e5d er dermed et markant eksempel p\u00e5 et enkelt hverdagsbeskyttelsesmiddel. I den forenes beskyttelsen gennem det bundne b\u00e5nd, farven sorts afledende betydning og familiens omsorg for barnets velbefindende.<\/p>\t\t\t\t\t\t\t\t<\/div>\n\t\t\t\t<\/div>\n\t\t\t\t\t<\/div>\n\t\t\t\t<\/div>\n\t\t<div class=\"elementor-element elementor-element-iwgs-schwarzerfad-lit e-flex e-con-boxed e-con e-parent\" data-id=\"iwgs-schwarzerfad-lit\" data-element_type=\"container\" data-e-type=\"container\">\n\t\t\t\t\t<div class=\"e-con-inner\">\n\t\t\t\t<div class=\"elementor-element elementor-element-iwgs-schwarzerfad-lith elementor-widget elementor-widget-heading\" data-id=\"iwgs-schwarzerfad-lith\" data-element_type=\"widget\" data-e-type=\"widget\" data-widget_type=\"heading.default\">\n\t\t\t\t\t<h2 class=\"elementor-heading-title elementor-size-default\">Litteratur (udvalg)<\/h2>\t\t\t\t<\/div>\n\t\t<div class=\"elementor-element elementor-element-iwgs-schwarzerfad-litbox e-con-full e-flex e-con e-parent\" data-id=\"iwgs-schwarzerfad-litbox\" data-element_type=\"container\" data-e-type=\"container\">\n\t\t\t\t<div class=\"elementor-element elementor-element-iwgs-schwarzerfad-litt elementor-widget elementor-widget-html\" data-id=\"iwgs-schwarzerfad-litt\" data-element_type=\"widget\" data-e-type=\"widget\" data-widget_type=\"html.default\">\n\t\t\t\t\t<footer data-nosnippet=\"true\"><ul><li>Axel Michaels: <em>Der Hinduismus. Geschichte und Gegenwart<\/em> (1998)<\/li><li>Alan Dundes (Hrsg.): <em>The Evil Eye. A Casebook<\/em> (1981)<\/li><li>William Crooke: <em>Religion and Folklore of Northern India<\/em> (1926)<\/li><li>Heinrich von Stietencron: <em>Der Hinduismus<\/em> (2001)<\/li><li>Lawrence A. Babb: <em>The Divine Hierarchy. Popular Hinduism in Central India<\/em> (1975)<\/li><\/ul><\/footer>\t\t\t\t<\/div>\n\t\t\t\t<\/div>\n\t\t\t\t\t<\/div>\n\t\t\t\t<\/div>\n\t\t<div class=\"elementor-element elementor-element-iwgs-schwarzerfad-kwd e-flex e-con-boxed e-con e-parent\" data-id=\"iwgs-schwarzerfad-kwd\" data-element_type=\"container\" data-e-type=\"container\">\n\t\t\t\t\t<div class=\"e-con-inner\">\n\t\t\t\t<div class=\"elementor-element elementor-element-iwgs-schwarzerfad-kwdt elementor-widget elementor-widget-text-editor\" data-id=\"iwgs-schwarzerfad-kwdt\" data-element_type=\"widget\" data-e-type=\"widget\" data-widget_type=\"text-editor.default\">\n\t\t\t\t\t\t\t\t\t<p><em>Relaterede n\u00f8glebegreber: sort tr\u00e5d beskyttelsesb\u00e5nd <span class=\"iwg-fachbegriff\" data-tooltip=\"Udbredt forestilling om, at et misundeligt blik fra en anden person kan forvolde skade.\" tabindex=\"0\">det onde \u00f8je<\/span> b\u00f8rn h\u00e5ndled knude farven sort hinduisme.<\/em><\/p>\t\t\t\t\t\t\t\t<\/div>\n\t\t\t\t\t<\/div>\n\t\t\t\t<\/div>\n\t\t<div class=\"elementor-element elementor-element-iwgs-schwarzerfad-cc e-flex e-con-boxed e-con e-parent\" data-id=\"iwgs-schwarzerfad-cc\" data-element_type=\"container\" data-e-type=\"container\" id=\"iwg-cc-schwarzer-faden\">\n\t\t\t\t\t<div class=\"e-con-inner\">\n\t\t<div class=\"elementor-element elementor-element-iwgs-schwarzerfad-ccinner e-flex e-con-boxed e-con e-parent\" data-id=\"iwgs-schwarzerfad-ccinner\" data-element_type=\"container\" data-e-type=\"container\" data-settings=\"{&quot;background_background&quot;:&quot;classic&quot;}\">\n\t\t\t\t\t<div class=\"e-con-inner\">\n\t\t\t\t<div class=\"elementor-element elementor-element-iwgs-schwarzerfad-cch elementor-widget elementor-widget-heading\" data-id=\"iwgs-schwarzerfad-cch\" data-element_type=\"widget\" data-e-type=\"widget\" data-widget_type=\"heading.default\">\n\t\t\t\t\t<h2 class=\"elementor-heading-title elementor-size-default\">iWell Guard og beskyttelsestraditioner<\/h2>\t\t\t\t<\/div>\n\t\t\t\t<div class=\"elementor-element elementor-element-iwgs-schwarzerfad-cct elementor-widget elementor-widget-text-editor\" data-id=\"iwgs-schwarzerfad-cct\" data-element_type=\"widget\" data-e-type=\"widget\" data-widget_type=\"text-editor.default\">\n\t\t\t\t\t\t\t\t\t<p>iWell Guard indg\u00e5r i den kulturhistoriske tradition for b\u00e6rbare beskyttelsesobjekter, som ogs\u00e5 den sorte tr\u00e5d h\u00f8rer til. En moderne ledsager for mennesker, der lever med beskyttelsessymboler: fremstillet i Tyskland, 41 lag af \u00e6gte guld, platin og s\u00f8lv, med 30 dages returret.<\/p>\t\t\t\t\t\t\t\t<\/div>\n\t\t\t\t<div class=\"elementor-element elementor-element-iwgs-schwarzerfad-ccb iwg-cc-button iwg-cc-cta-2026-05-13 elementor-widget elementor-widget-jet-button\" data-id=\"iwgs-schwarzerfad-ccb\" data-element_type=\"widget\" data-e-type=\"widget\" data-widget_type=\"jet-button.default\">\n\t\t\t\t<div class=\"elementor-widget-container\">\n\t\t\t\t\t<div class=\"elementor-jet-button jet-elements\"><div class=\"jet-button__container\"><a class=\"jet-button__instance jet-button__instance--icon-left hover-effect-1\" href=\"\/schutzanhaenger-iwell-guard-kaufen\/?utm_source=iwell-guard.com&amp;utm_medium=info-box&amp;utm_campaign=schutzsymbole\"><div class=\"jet-button__plane jet-button__plane-normal\"><\/div><div class=\"jet-button__plane jet-button__plane-hover\"><\/div><div class=\"jet-button__state jet-button__state-normal\"><span class=\"jet-button__label\">Mere om iWell Guard<\/span><\/div><div class=\"jet-button__state jet-button__state-hover\"><span class=\"jet-button__label\">Mere om iWell Guard<\/span><\/div><\/a><\/div><\/div><style>.elementor-element.elementor-element-iwgs-schwarzerfad-ccb .jet-button__instance{width:320px;height:56px;}.elementor-element.elementor-element-iwgs-schwarzerfad-ccb .jet-button__state-normal .jet-button__label{text-align:center;margin:0px 0px 0px 0px;color:#1a1b20;font-family:Montserrat,sans-serif;font-size:13px;font-weight:400;letter-spacing:4px;line-height:1.714em;text-transform:uppercase;}.elementor-element.elementor-element-iwgs-schwarzerfad-ccb .jet-button__state-hover .jet-button__label{text-align:center;margin:0px 0px 0px 0px;color:#FECC76;font-family:Montserrat,sans-serif;font-size:13px;font-weight:400;letter-spacing:4px;line-height:1.714em;text-transform:uppercase;}.elementor-element.elementor-element-iwgs-schwarzerfad-ccb .jet-button__plane-normal{background-color:#FECC76;border-style:solid;border-color:#C99540;border-width:2px 2px 2px 2px;}.elementor-element.elementor-element-iwgs-schwarzerfad-ccb .jet-button__plane-hover{background-color:rgba(0,0,0,0.55);border-style:solid;border-color:#FECC76;border-width:2px 2px 2px 2px;}<\/style>\t\t\t\t<\/div>\n\t\t\t\t<\/div>\n\t\t\t\t<div class=\"elementor-element elementor-element-iwgs-schwarzerfad-ccd elementor-widget elementor-widget-text-editor\" data-id=\"iwgs-schwarzerfad-ccd\" data-element_type=\"widget\" data-e-type=\"widget\" data-widget_type=\"text-editor.default\">\n\t\t\t\t\t\t\t\t\t<p style=\"text-align:center;font-size:13px;opacity:0.7;margin-top:14px\" data-nosnippet=\"true\">Personlige oplevelser kan variere. Ikke et medicinsk produkt. Intet helbredelsesl\u00f8fte.<\/p>\t\t\t\t\t\t\t\t<\/div>\n\t\t\t\t\t<\/div>\n\t\t\t\t<\/div>\n\t\t\t\t\t<\/div>\n\t\t\t\t<\/div>\n\t\t<div class=\"elementor-element elementor-element-iwgs-schwarzerfad-disc e-flex e-con-boxed e-con e-parent\" data-id=\"iwgs-schwarzerfad-disc\" data-element_type=\"container\" data-e-type=\"container\">\n\t\t\t\t\t<div class=\"e-con-inner\">\n\t\t\t\t<div class=\"elementor-element elementor-element-iwgs-schwarzerfad-discw elementor-widget elementor-widget-html\" data-id=\"iwgs-schwarzerfad-discw\" data-element_type=\"widget\" data-e-type=\"widget\" data-widget_type=\"html.default\">\n\t\t\t\t\t<footer data-nosnippet=\"true\" class=\"iwg-disclaimer-block\"><p data-nosnippet=\"true\">iWell Guard er <strong>ikke et medicinsk produkt<\/strong> og erstatter ikke l\u00e6gelig eller psykoterapeutisk behandling. Indholdet her er en religionsvidenskabelig og kulturhistorisk indordning, ikke et l\u00f8fte om spirituel virkning.<\/p><\/footer>\t\t\t\t<\/div>\n\t\t\t\t\t<\/div>\n\t\t\t\t<\/div>\n\t\t\t\t<\/div>\n\t\t","protected":false},"excerpt":{"rendered":"","protected":false},"author":3,"featured_media":3519,"parent":0,"menu_order":0,"comment_status":"closed","ping_status":"closed","template":"elementor_header_footer","meta":{"_yoast_wpseo_focuskw":"sort tr\u00e5d","_yoast_wpseo_title":"Sort tr\u00e5d \u2013 beskyttelsesb\u00e5nd i hinduismen","_yoast_wpseo_metadesc":"Den sorte tr\u00e5d er et beskyttelsesb\u00e5nd mod det onde \u00f8je, som ofte bindes om b\u00f8rn. Betydning, oprindelse og brug forklaret p\u00e5 en overskuelig m\u00e5de.","_yoast_wpseo_meta-robots-noindex":"","_yoast_wpseo_canonical":"","_angie_page":false,"gefaehrdungsstufe":"","wesen_kultur":"","wesen_klasse":"","footnotes":""},"categories":[],"class_list":["post-138518","page","type-page","status-publish","has-post-thumbnail","hentry"],"yoast_head":"<!-- This site is optimized with the Yoast SEO Premium plugin v27.7 (Yoast SEO v28.3) - https:\/\/yoast.com\/product\/yoast-seo-premium-wordpress\/ -->\n<title>Sort tr\u00e5d \u2013 beskyttelsesb\u00e5nd i hinduismen<\/title>\n<meta name=\"description\" content=\"Den sorte tr\u00e5d er et beskyttelsesb\u00e5nd mod det onde \u00f8je, som ofte bindes om b\u00f8rn. Betydning, oprindelse og brug forklaret p\u00e5 en overskuelig m\u00e5de.\" \/>\n<meta name=\"robots\" content=\"index, follow, max-snippet:-1, max-image-preview:large, max-video-preview:-1\" \/>\n<link rel=\"canonical\" href=\"https:\/\/iwell-guard.com\/da\/sort-traad-beskyttelsesbaand-mod-det-onde-oeje\/\" \/>\n<meta property=\"og:locale\" content=\"da_DK\" \/>\n<meta property=\"og:type\" content=\"article\" \/>\n<meta property=\"og:title\" content=\"Sort tr\u00e5d \u2013 beskyttelsesb\u00e5ndet mod det onde \u00f8je\" \/>\n<meta property=\"og:description\" content=\"Den sorte tr\u00e5d er et beskyttelsesb\u00e5nd mod det onde \u00f8je, som ofte bindes om b\u00f8rn. Betydning, oprindelse og brug forklaret p\u00e5 en overskuelig m\u00e5de.\" \/>\n<meta property=\"og:url\" content=\"https:\/\/iwell-guard.com\/da\/sort-traad-beskyttelsesbaand-mod-det-onde-oeje\/\" \/>\n<meta property=\"og:site_name\" content=\"iWell Guard\" \/>\n<meta property=\"article:modified_time\" content=\"2026-09-03T08:03:32+00:00\" \/>\n<meta property=\"og:image\" content=\"https:\/\/iwell-guard.com\/wp-content\/uploads\/2026\/05\/schutzsymbol_hinduismus_schwarzer-faden.webp\" \/>\n\t<meta property=\"og:image:width\" content=\"1024\" \/>\n\t<meta property=\"og:image:height\" content=\"1536\" \/>\n\t<meta property=\"og:image:type\" content=\"image\/webp\" \/>\n<meta name=\"twitter:card\" content=\"summary_large_image\" \/>\n<script type=\"application\/ld+json\" class=\"yoast-schema-graph\">{\"@context\":\"https:\\\/\\\/schema.org\",\"@graph\":[{\"@type\":\"WebPage\",\"@id\":\"https:\\\/\\\/iwell-guard.com\\\/da\\\/sort-traad-beskyttelsesbaand-mod-det-onde-oeje\\\/\",\"url\":\"https:\\\/\\\/iwell-guard.com\\\/da\\\/sort-traad-beskyttelsesbaand-mod-det-onde-oeje\\\/\",\"name\":\"Sort tr\u00e5d \u2013 beskyttelsesb\u00e5nd i hinduismen\",\"isPartOf\":{\"@id\":\"https:\\\/\\\/iwell-guard.com\\\/da\\\/#website\"},\"primaryImageOfPage\":{\"@id\":\"https:\\\/\\\/iwell-guard.com\\\/da\\\/sort-traad-beskyttelsesbaand-mod-det-onde-oeje\\\/#primaryimage\"},\"image\":{\"@id\":\"https:\\\/\\\/iwell-guard.com\\\/da\\\/sort-traad-beskyttelsesbaand-mod-det-onde-oeje\\\/#primaryimage\"},\"thumbnailUrl\":\"https:\\\/\\\/iwell-guard.com\\\/wp-content\\\/uploads\\\/2026\\\/05\\\/schutzsymbol_hinduismus_schwarzer-faden.webp\",\"datePublished\":\"2026-09-03T07:11:31+00:00\",\"dateModified\":\"2026-09-03T08:03:32+00:00\",\"description\":\"Den sorte tr\u00e5d er et beskyttelsesb\u00e5nd mod det onde \u00f8je, som ofte bindes om b\u00f8rn. Betydning, oprindelse og brug forklaret p\u00e5 en overskuelig m\u00e5de.\",\"breadcrumb\":{\"@id\":\"https:\\\/\\\/iwell-guard.com\\\/da\\\/sort-traad-beskyttelsesbaand-mod-det-onde-oeje\\\/#breadcrumb\"},\"inLanguage\":\"da-DK\",\"potentialAction\":[{\"@type\":\"ReadAction\",\"target\":[\"https:\\\/\\\/iwell-guard.com\\\/da\\\/sort-traad-beskyttelsesbaand-mod-det-onde-oeje\\\/\"]}]},{\"@type\":\"ImageObject\",\"inLanguage\":\"da-DK\",\"@id\":\"https:\\\/\\\/iwell-guard.com\\\/da\\\/sort-traad-beskyttelsesbaand-mod-det-onde-oeje\\\/#primaryimage\",\"url\":\"https:\\\/\\\/iwell-guard.com\\\/wp-content\\\/uploads\\\/2026\\\/05\\\/schutzsymbol_hinduismus_schwarzer-faden.webp\",\"contentUrl\":\"https:\\\/\\\/iwell-guard.com\\\/wp-content\\\/uploads\\\/2026\\\/05\\\/schutzsymbol_hinduismus_schwarzer-faden.webp\",\"width\":1024,\"height\":1536,\"caption\":\"Beskyttelsessymbol. Museal stilleben-illustration.\"},{\"@type\":\"BreadcrumbList\",\"@id\":\"https:\\\/\\\/iwell-guard.com\\\/da\\\/sort-traad-beskyttelsesbaand-mod-det-onde-oeje\\\/#breadcrumb\",\"itemListElement\":[{\"@type\":\"ListItem\",\"position\":1,\"name\":\"Start\",\"item\":\"https:\\\/\\\/iwell-guard.com\\\/da\\\/?page_id=137908\"},{\"@type\":\"ListItem\",\"position\":2,\"name\":\"Sort tr\u00e5d \u2013 beskyttelsesb\u00e5ndet mod det onde \u00f8je\"}]},{\"@type\":\"WebSite\",\"@id\":\"https:\\\/\\\/iwell-guard.com\\\/da\\\/#website\",\"url\":\"https:\\\/\\\/iwell-guard.com\\\/da\\\/\",\"name\":\"iWell Guard\",\"description\":\"Schutz vor dunklen Einfl\u00fcssen\",\"publisher\":{\"@id\":\"https:\\\/\\\/iwell-guard.com\\\/da\\\/#organization\"},\"potentialAction\":[{\"@type\":\"SearchAction\",\"target\":{\"@type\":\"EntryPoint\",\"urlTemplate\":\"https:\\\/\\\/iwell-guard.com\\\/da\\\/?s={search_term_string}\"},\"query-input\":{\"@type\":\"PropertyValueSpecification\",\"valueRequired\":true,\"valueName\":\"search_term_string\"}}],\"inLanguage\":\"da-DK\"},{\"@type\":\"Organization\",\"@id\":\"https:\\\/\\\/iwell-guard.com\\\/da\\\/#organization\",\"name\":\"Ittermann electronic GmbH\",\"url\":\"https:\\\/\\\/iwell-guard.com\\\/da\\\/\",\"logo\":{\"@type\":\"ImageObject\",\"inLanguage\":\"da-DK\",\"@id\":\"https:\\\/\\\/iwell-guard.com\\\/da\\\/#\\\/schema\\\/logo\\\/image\\\/\",\"url\":\"https:\\\/\\\/iwell-guard.com\\\/wp-content\\\/uploads\\\/2026\\\/05\\\/Ittermann-Logo-1182x237-1.png\",\"contentUrl\":\"https:\\\/\\\/iwell-guard.com\\\/wp-content\\\/uploads\\\/2026\\\/05\\\/Ittermann-Logo-1182x237-1.png\",\"width\":1182,\"height\":237,\"caption\":\"Ittermann electronic GmbH\"},\"image\":{\"@id\":\"https:\\\/\\\/iwell-guard.com\\\/da\\\/#\\\/schema\\\/logo\\\/image\\\/\"},\"sameAs\":[\"https:\\\/\\\/pantip.com\\\/profile\\\/9367242\",\"https:\\\/\\\/micro.blog\\\/iwellguard\",\"https:\\\/\\\/www.diggerslist.com\\\/iwellguard\\\/about\",\"https:\\\/\\\/skitterphoto.com\\\/photographers\\\/2870314\\\/iwell-guard\",\"https:\\\/\\\/iwellguard.wordpress.com\\\/2026\\\/06\\\/06\\\/iwell-guard\\\/\",\"https:\\\/\\\/hub.docker.com\\\/u\\\/iwellguard\",\"https:\\\/\\\/www.pinterest.com\\\/iwellguard\\\/\",\"https:\\\/\\\/bit.ly\\\/m\\\/iwellguard\",\"https:\\\/\\\/entre-vos-mains.alsace.eu\\\/profiles\\\/iwellguard\\\/activity\",\"https:\\\/\\\/gravatar.com\\\/reallybeded8fd34\",\"https:\\\/\\\/naijamatta.com\\\/iwellguard\",\"https:\\\/\\\/www.goodreads.com\\\/iwellguard\",\"https:\\\/\\\/profile.hatena.ne.jp\\\/iwellguard\\\/\",\"https:\\\/\\\/experiment.com\\\/users\\\/iwellguard\",\"https:\\\/\\\/wakelet.com\\\/@iWellGuard82270\",\"https:\\\/\\\/www.chordie.com\\\/forum\\\/profile.php?id=2555664\",\"https:\\\/\\\/www.instapaper.com\\\/p\\\/17757966\",\"https:\\\/\\\/www.mapleprimes.com\\\/users\\\/iwellguard\",\"https:\\\/\\\/businesslistingplus.com\\\/profile\\\/iwell-guard\\\/\",\"https:\\\/\\\/telegra.ph\\\/iWell-Guard-06-06\",\"https:\\\/\\\/pbase.com\\\/iwellguard\\\/iwellguard\",\"https:\\\/\\\/b.hatena.ne.jp\\\/iwellguard\\\/20260607#bookmark-4788405196491818882\",\"https:\\\/\\\/fliphtml5.com\\\/home\\\/iwellguard\",\"https:\\\/\\\/anyflip.com\\\/homepage\\\/cmiwl#About\",\"https:\\\/\\\/transfur.com\\\/Users\\\/iwellguard\",\"http:\\\/\\\/delphi.larsbo.org\\\/user\\\/iwellguard\",\"https:\\\/\\\/jobs.lajobsportal.org\\\/profiles\\\/8380803-iwell-guard\",\"https:\\\/\\\/md.chaosdorf.de\\\/s\\\/jfbe5SBdJD\",\"https:\\\/\\\/www.lingvolive.com\\\/en-us\\\/profile\\\/9ecaeaca-ce11-4e51-9e71-01d55e2bff36\\\/translations\",\"https:\\\/\\\/www.fitday.com\\\/fitness\\\/forums\\\/members\\\/iwellguard.html\",\"https:\\\/\\\/www.mymeetbook.com\\\/iwellguard\",\"https:\\\/\\\/pxhere.com\\\/en\\\/photographer-me\\\/5040798\",\"https:\\\/\\\/disqus.com\\\/by\\\/iwellguard\\\/about\\\/\",\"https:\\\/\\\/pastelink.net\\\/hjwciqwq\",\"https:\\\/\\\/pubhtml5.com\\\/homepage\\\/scjhn\\\/\",\"https:\\\/\\\/www.bitchute.com\\\/channel\\\/2O2eOKzNqujT\",\"https:\\\/\\\/audiomack.com\\\/iwellguard\"]}]}<\/script>\n<!-- \/ Yoast SEO Premium plugin. -->","yoast_head_json":{"title":"Sort tr\u00e5d \u2013 beskyttelsesb\u00e5nd i hinduismen","description":"Den sorte tr\u00e5d er et beskyttelsesb\u00e5nd mod det onde \u00f8je, som ofte bindes om b\u00f8rn. Betydning, oprindelse og brug forklaret p\u00e5 en overskuelig m\u00e5de.","robots":{"index":"index","follow":"follow","max-snippet":"max-snippet:-1","max-image-preview":"max-image-preview:large","max-video-preview":"max-video-preview:-1"},"canonical":"https:\/\/iwell-guard.com\/da\/sort-traad-beskyttelsesbaand-mod-det-onde-oeje\/","og_locale":"da_DK","og_type":"article","og_title":"Sort tr\u00e5d \u2013 beskyttelsesb\u00e5ndet mod det onde \u00f8je","og_description":"Den sorte tr\u00e5d er et beskyttelsesb\u00e5nd mod det onde \u00f8je, som ofte bindes om b\u00f8rn. Betydning, oprindelse og brug forklaret p\u00e5 en overskuelig m\u00e5de.","og_url":"https:\/\/iwell-guard.com\/da\/sort-traad-beskyttelsesbaand-mod-det-onde-oeje\/","og_site_name":"iWell Guard","article_modified_time":"2026-09-03T08:03:32+00:00","og_image":[{"width":1024,"height":1536,"url":"https:\/\/iwell-guard.com\/wp-content\/uploads\/2026\/05\/schutzsymbol_hinduismus_schwarzer-faden.webp","type":"image\/webp"}],"twitter_card":"summary_large_image","schema":{"@context":"https:\/\/schema.org","@graph":[{"@type":"WebPage","@id":"https:\/\/iwell-guard.com\/da\/sort-traad-beskyttelsesbaand-mod-det-onde-oeje\/","url":"https:\/\/iwell-guard.com\/da\/sort-traad-beskyttelsesbaand-mod-det-onde-oeje\/","name":"Sort tr\u00e5d \u2013 beskyttelsesb\u00e5nd i hinduismen","isPartOf":{"@id":"https:\/\/iwell-guard.com\/da\/#website"},"primaryImageOfPage":{"@id":"https:\/\/iwell-guard.com\/da\/sort-traad-beskyttelsesbaand-mod-det-onde-oeje\/#primaryimage"},"image":{"@id":"https:\/\/iwell-guard.com\/da\/sort-traad-beskyttelsesbaand-mod-det-onde-oeje\/#primaryimage"},"thumbnailUrl":"https:\/\/iwell-guard.com\/wp-content\/uploads\/2026\/05\/schutzsymbol_hinduismus_schwarzer-faden.webp","datePublished":"2026-09-03T07:11:31+00:00","dateModified":"2026-09-03T08:03:32+00:00","description":"Den sorte tr\u00e5d er et beskyttelsesb\u00e5nd mod det onde \u00f8je, som ofte bindes om b\u00f8rn. Betydning, oprindelse og brug forklaret p\u00e5 en overskuelig m\u00e5de.","breadcrumb":{"@id":"https:\/\/iwell-guard.com\/da\/sort-traad-beskyttelsesbaand-mod-det-onde-oeje\/#breadcrumb"},"inLanguage":"da-DK","potentialAction":[{"@type":"ReadAction","target":["https:\/\/iwell-guard.com\/da\/sort-traad-beskyttelsesbaand-mod-det-onde-oeje\/"]}]},{"@type":"ImageObject","inLanguage":"da-DK","@id":"https:\/\/iwell-guard.com\/da\/sort-traad-beskyttelsesbaand-mod-det-onde-oeje\/#primaryimage","url":"https:\/\/iwell-guard.com\/wp-content\/uploads\/2026\/05\/schutzsymbol_hinduismus_schwarzer-faden.webp","contentUrl":"https:\/\/iwell-guard.com\/wp-content\/uploads\/2026\/05\/schutzsymbol_hinduismus_schwarzer-faden.webp","width":1024,"height":1536,"caption":"Beskyttelsessymbol. Museal stilleben-illustration."},{"@type":"BreadcrumbList","@id":"https:\/\/iwell-guard.com\/da\/sort-traad-beskyttelsesbaand-mod-det-onde-oeje\/#breadcrumb","itemListElement":[{"@type":"ListItem","position":1,"name":"Start","item":"https:\/\/iwell-guard.com\/da\/?page_id=137908"},{"@type":"ListItem","position":2,"name":"Sort tr\u00e5d \u2013 beskyttelsesb\u00e5ndet mod det onde \u00f8je"}]},{"@type":"WebSite","@id":"https:\/\/iwell-guard.com\/da\/#website","url":"https:\/\/iwell-guard.com\/da\/","name":"iWell Guard","description":"Schutz vor dunklen Einfl\u00fcssen","publisher":{"@id":"https:\/\/iwell-guard.com\/da\/#organization"},"potentialAction":[{"@type":"SearchAction","target":{"@type":"EntryPoint","urlTemplate":"https:\/\/iwell-guard.com\/da\/?s={search_term_string}"},"query-input":{"@type":"PropertyValueSpecification","valueRequired":true,"valueName":"search_term_string"}}],"inLanguage":"da-DK"},{"@type":"Organization","@id":"https:\/\/iwell-guard.com\/da\/#organization","name":"Ittermann electronic GmbH","url":"https:\/\/iwell-guard.com\/da\/","logo":{"@type":"ImageObject","inLanguage":"da-DK","@id":"https:\/\/iwell-guard.com\/da\/#\/schema\/logo\/image\/","url":"https:\/\/iwell-guard.com\/wp-content\/uploads\/2026\/05\/Ittermann-Logo-1182x237-1.png","contentUrl":"https:\/\/iwell-guard.com\/wp-content\/uploads\/2026\/05\/Ittermann-Logo-1182x237-1.png","width":1182,"height":237,"caption":"Ittermann electronic GmbH"},"image":{"@id":"https:\/\/iwell-guard.com\/da\/#\/schema\/logo\/image\/"},"sameAs":["https:\/\/pantip.com\/profile\/9367242","https:\/\/micro.blog\/iwellguard","https:\/\/www.diggerslist.com\/iwellguard\/about","https:\/\/skitterphoto.com\/photographers\/2870314\/iwell-guard","https:\/\/iwellguard.wordpress.com\/2026\/06\/06\/iwell-guard\/","https:\/\/hub.docker.com\/u\/iwellguard","https:\/\/www.pinterest.com\/iwellguard\/","https:\/\/bit.ly\/m\/iwellguard","https:\/\/entre-vos-mains.alsace.eu\/profiles\/iwellguard\/activity","https:\/\/gravatar.com\/reallybeded8fd34","https:\/\/naijamatta.com\/iwellguard","https:\/\/www.goodreads.com\/iwellguard","https:\/\/profile.hatena.ne.jp\/iwellguard\/","https:\/\/experiment.com\/users\/iwellguard","https:\/\/wakelet.com\/@iWellGuard82270","https:\/\/www.chordie.com\/forum\/profile.php?id=2555664","https:\/\/www.instapaper.com\/p\/17757966","https:\/\/www.mapleprimes.com\/users\/iwellguard","https:\/\/businesslistingplus.com\/profile\/iwell-guard\/","https:\/\/telegra.ph\/iWell-Guard-06-06","https:\/\/pbase.com\/iwellguard\/iwellguard","https:\/\/b.hatena.ne.jp\/iwellguard\/20260607#bookmark-4788405196491818882","https:\/\/fliphtml5.com\/home\/iwellguard","https:\/\/anyflip.com\/homepage\/cmiwl#About","https:\/\/transfur.com\/Users\/iwellguard","http:\/\/delphi.larsbo.org\/user\/iwellguard","https:\/\/jobs.lajobsportal.org\/profiles\/8380803-iwell-guard","https:\/\/md.chaosdorf.de\/s\/jfbe5SBdJD","https:\/\/www.lingvolive.com\/en-us\/profile\/9ecaeaca-ce11-4e51-9e71-01d55e2bff36\/translations","https:\/\/www.fitday.com\/fitness\/forums\/members\/iwellguard.html","https:\/\/www.mymeetbook.com\/iwellguard","https:\/\/pxhere.com\/en\/photographer-me\/5040798","https:\/\/disqus.com\/by\/iwellguard\/about\/","https:\/\/pastelink.net\/hjwciqwq","https:\/\/pubhtml5.com\/homepage\/scjhn\/","https:\/\/www.bitchute.com\/channel\/2O2eOKzNqujT","https:\/\/audiomack.com\/iwellguard"]}]}},"_links":{"self":[{"href":"https:\/\/iwell-guard.com\/da\/wp-json\/wp\/v2\/pages\/138518","targetHints":{"allow":["GET"]}}],"collection":[{"href":"https:\/\/iwell-guard.com\/da\/wp-json\/wp\/v2\/pages"}],"about":[{"href":"https:\/\/iwell-guard.com\/da\/wp-json\/wp\/v2\/types\/page"}],"author":[{"embeddable":true,"href":"https:\/\/iwell-guard.com\/da\/wp-json\/wp\/v2\/users\/3"}],"replies":[{"embeddable":true,"href":"https:\/\/iwell-guard.com\/da\/wp-json\/wp\/v2\/comments?post=138518"}],"version-history":[{"count":0,"href":"https:\/\/iwell-guard.com\/da\/wp-json\/wp\/v2\/pages\/138518\/revisions"}],"wp:featuredmedia":[{"embeddable":true,"href":"https:\/\/iwell-guard.com\/da\/wp-json\/wp\/v2\/media\/3519"}],"wp:attachment":[{"href":"https:\/\/iwell-guard.com\/da\/wp-json\/wp\/v2\/media?parent=138518"}],"wp:term":[{"taxonomy":"category","embeddable":true,"href":"https:\/\/iwell-guard.com\/da\/wp-json\/wp\/v2\/categories?post=138518"}],"curies":[{"name":"wp","href":"https:\/\/api.w.org\/{rel}","templated":true}]}}