{"id":138514,"date":"2026-09-03T07:11:27","date_gmt":"2026-09-03T07:11:27","guid":{"rendered":"https:\/\/iwell-guard.com\/?page_id=138514"},"modified":"2026-09-03T08:03:26","modified_gmt":"2026-09-03T08:03:26","slug":"zulfiqar-alis-sverd-som-beskyttelsestegn","status":"publish","type":"page","link":"https:\/\/iwell-guard.com\/da\/zulfiqar-alis-sverd-som-beskyttelsestegn\/","title":{"rendered":"Zulfiqar \u2013 Alis sv\u00e6rd som beskyttelsestegn"},"content":{"rendered":"\t\t<div data-elementor-type=\"wp-page\" data-elementor-id=\"138514\" class=\"elementor elementor-138514 elementor-3676 elementor-bc-flex-widget\" data-elementor-post-type=\"page\">\n\t\t\t\t<div class=\"elementor-element elementor-element-iwgs-zulfiqar-hero e-flex e-con-boxed e-con e-parent\" data-id=\"iwgs-zulfiqar-hero\" data-element_type=\"container\" data-e-type=\"container\">\n\t\t\t\t\t<div class=\"e-con-inner\">\n\t\t<div class=\"elementor-element elementor-element-iwgs-zulfiqar-hl e-flex e-con-boxed e-con e-parent\" data-id=\"iwgs-zulfiqar-hl\" data-element_type=\"container\" data-e-type=\"container\">\n\t\t\t\t\t<div class=\"e-con-inner\">\n\t\t<div class=\"elementor-element elementor-element-iwgs-zulfiqar-hlbox e-con-full e-flex e-con e-parent\" data-id=\"iwgs-zulfiqar-hlbox\" data-element_type=\"container\" data-e-type=\"container\">\n\t\t\t\t<div class=\"elementor-element elementor-element-iwgs-zulfiqar-h1 elementor-widget elementor-widget-heading\" data-id=\"iwgs-zulfiqar-h1\" data-element_type=\"widget\" data-e-type=\"widget\" data-widget_type=\"heading.default\">\n\t\t\t\t\t<h1 class=\"elementor-heading-title elementor-size-default\">Zulfiqar \u2013 Alis sv\u00e6rd som tegn og beskyttelse<\/h1>\t\t\t\t<\/div>\n\t\t\t\t<div class=\"elementor-element elementor-element-iwgs-zulfiqar-lead elementor-widget elementor-widget-text-editor\" data-id=\"iwgs-zulfiqar-lead\" data-element_type=\"widget\" data-e-type=\"widget\" data-widget_type=\"text-editor.default\">\n\t\t\t\t\t\t\t\t\t<p>Zulfiqar er Alis legendariske sv\u00e6rd, profetens f\u00e6tter og svigers\u00f8n. Med sin karakteristiske kl\u00f8vede klinge er det et betydningsfuldt tegn, is\u00e6r i shiaislam.<\/p>\t\t\t\t\t\t\t\t<\/div>\n\t\t\t\t<\/div>\n\t\t\t\t<div class=\"elementor-element elementor-element-iwgs-zulfiqar-pills elementor-widget elementor-widget-html\" data-id=\"iwgs-zulfiqar-pills\" data-element_type=\"widget\" data-e-type=\"widget\" data-widget_type=\"html.default\">\n\t\t\t\t\t<div class=\"iwg-pill-row\"><span class=\"iwg-klasse-badge\" tabindex=\"0\" data-tooltip=\"Beskyttelsessymbol, amulet eller apotrop\u00e6isk objekt.\">Beskyttelsessymbol<\/span><a href=\"https:\/\/iwell-guard.com\/da\/islam\/\" class=\"iwg-kultur-badge\" tabindex=\"0\" data-tooltip=\"Beskyttelsestradition: Islam\">Islam<\/a><span class=\"iwg-tradition-badge\" tabindex=\"0\" data-tooltip=\"Et symbol med beskyttende eller betydningsb\u00e6rende funktion.\">Tegn<\/span><\/div>\t\t\t\t<\/div>\n\t\t\t\t\t<\/div>\n\t\t\t\t<\/div>\n\t\t<div class=\"elementor-element elementor-element-iwgs-zulfiqar-hr e-con-full e-flex e-con e-parent\" data-id=\"iwgs-zulfiqar-hr\" data-element_type=\"container\" data-e-type=\"container\">\n\t\t\t\t<div class=\"elementor-element elementor-element-iwgs-zulfiqar-himg iwg-hero-image elementor-widget elementor-widget-image\" data-id=\"iwgs-zulfiqar-himg\" data-element_type=\"widget\" data-e-type=\"widget\" data-widget_type=\"image.default\">\n\t\t\t\t\t\t\t\t\t\t\t\t\t\t\t<img fetchpriority=\"high\" decoding=\"async\" width=\"683\" height=\"1024\" src=\"https:\/\/iwell-guard.com\/wp-content\/uploads\/2026\/05\/schutzsymbol_islam_zulfiqar-683x1024.webp\" class=\"attachment-large size-large wp-image-139863\" alt=\"Zulfiqar - beskyttelsessymbol, museal illustration\" srcset=\"https:\/\/iwell-guard.com\/wp-content\/uploads\/2026\/05\/schutzsymbol_islam_zulfiqar-683x1024.webp 683w, https:\/\/iwell-guard.com\/wp-content\/uploads\/2026\/05\/schutzsymbol_islam_zulfiqar-200x300.webp 200w, https:\/\/iwell-guard.com\/wp-content\/uploads\/2026\/05\/schutzsymbol_islam_zulfiqar-768x1152.webp 768w, https:\/\/iwell-guard.com\/wp-content\/uploads\/2026\/05\/schutzsymbol_islam_zulfiqar.webp 1024w\" sizes=\"(max-width: 683px) 100vw, 683px\" \/>\t\t\t\t\t\t\t\t\t\t\t\t\t\t\t<\/div>\n\t\t\t\t<\/div>\n\t\t\t\t\t<\/div>\n\t\t\t\t<\/div>\n\t\t<div class=\"elementor-element elementor-element-iwgs-zulfiqar-s0 e-flex e-con-boxed e-con e-parent\" data-id=\"iwgs-zulfiqar-s0\" data-element_type=\"container\" data-e-type=\"container\">\n\t\t\t\t\t<div class=\"e-con-inner\">\n\t\t\t\t<div class=\"elementor-element elementor-element-iwgs-zulfiqar-s0h elementor-widget elementor-widget-heading\" data-id=\"iwgs-zulfiqar-s0h\" data-element_type=\"widget\" data-e-type=\"widget\" data-widget_type=\"heading.default\">\n\t\t\t\t\t<h2 class=\"elementor-heading-title elementor-size-default\">Indplacering<\/h2>\t\t\t\t<\/div>\n\t\t<div class=\"elementor-element elementor-element-iwgs-zulfiqar-s0box e-con-full e-flex e-con e-parent\" data-id=\"iwgs-zulfiqar-s0box\" data-element_type=\"container\" data-e-type=\"container\">\n\t\t\t\t<div class=\"elementor-element elementor-element-iwgs-zulfiqar-s0t elementor-widget elementor-widget-text-editor\" data-id=\"iwgs-zulfiqar-s0t\" data-element_type=\"widget\" data-e-type=\"widget\" data-widget_type=\"text-editor.default\">\n\t\t\t\t\t\t\t\t\t<p>Zulfiqar er navnet p\u00e5 et sv\u00e6rd. Det er Alis legendariske sv\u00e6rd, en af de vigtigste skikkelser i den tidlige historie i <a href=\"https:\/\/iwell-guard.com\/da\/islam\/\">islam<\/a>.<\/p><p>Som tegn afbildes Zulfiqar i form af et sv\u00e6rd, hvis klinge er kl\u00f8vet i spidsen. Denne kl\u00f8vede, todelte klinge er Zulfiqars umiskendelige kendetegn.<\/p><p>Zulfiqar er f\u00f8rst og fremmest et tegn p\u00e5 \u00e6rb\u00f8dighed og identitet. Det st\u00e5r for Ali, for hans mod og for de v\u00e6rdier, der forbindes med ham.<\/p><p>Is\u00e6r i shiaislam og besl\u00e6gtede retninger har Zulfiqar h\u00f8j status. Det er der et betydningsfuldt religi\u00f8st og f\u00e6lles tegn.<\/p><p>Ud over betydningen som identitetstegn har Zulfiqar ogs\u00e5 en beskyttende dimension. Som tegn p\u00e5 Ali og hans gudgivne styrke bruges det p\u00e5 amuletter og p\u00e5 faner.<\/p><p>I <span class=\"iwg-fachbegriff\" data-tooltip=\"Videnskaben, der udforsker religioner sammenlignende og uden trosbinding.\" tabindex=\"0\">religionsvidenskaben<\/span> er Zulfiqar et godt eksempel p\u00e5 et tegn, der udspringer af en legendarisk genstand, og som forener \u00e6rb\u00f8dighed, identitet og beskyttelse.<\/p>\t\t\t\t\t\t\t\t<\/div>\n\t\t\t\t<\/div>\n\t\t\t\t\t<\/div>\n\t\t\t\t<\/div>\n\t\t<div class=\"elementor-element elementor-element-iwgs-zulfiqar-s1 e-flex e-con-boxed e-con e-parent\" data-id=\"iwgs-zulfiqar-s1\" data-element_type=\"container\" data-e-type=\"container\">\n\t\t\t\t\t<div class=\"e-con-inner\">\n\t\t\t\t<div class=\"elementor-element elementor-element-iwgs-zulfiqar-s1h elementor-widget elementor-widget-heading\" data-id=\"iwgs-zulfiqar-s1h\" data-element_type=\"widget\" data-e-type=\"widget\" data-widget_type=\"heading.default\">\n\t\t\t\t\t<h2 class=\"elementor-heading-title elementor-size-default\">Ali, b\u00e6reren af sv\u00e6rdet<\/h2>\t\t\t\t<\/div>\n\t\t<div class=\"elementor-element elementor-element-iwgs-zulfiqar-s1box e-con-full e-flex e-con e-parent\" data-id=\"iwgs-zulfiqar-s1box\" data-element_type=\"container\" data-e-type=\"container\">\n\t\t\t\t<div class=\"elementor-element elementor-element-iwgs-zulfiqar-s1t elementor-widget elementor-widget-text-editor\" data-id=\"iwgs-zulfiqar-s1t\" data-element_type=\"widget\" data-e-type=\"widget\" data-widget_type=\"text-editor.default\">\n\t\t\t\t\t\t\t\t\t<p>Zulfiqar er ul\u00f8seligt forbundet med Ali. Ali ibn Abi Talib var profeten Muhammeds f\u00e6tter og samtidig hans svigers\u00f8n, da han var gift med profetens datter.<\/p><p>Ali h\u00f8rer til blandt de centrale skikkelser i den tidlige islamiske historie. Han var en af de f\u00f8rste, der sluttede sig til islam, og han stod profeten s\u00e6rligt n\u00e6r.<\/p><p>Efter profetens d\u00f8d blev Ali senere den fjerde kalif, alts\u00e5 en af efterf\u00f8lgerne i ledelsen af det islamiske f\u00e6llesskab.<\/p><p>For shiaislam har Ali en fremtr\u00e6dende betydning. Shiitterne ser i ham og hans efterkommere de retm\u00e6ssige ledere af det islamiske f\u00e6llesskab.<\/p><p>Ali g\u00e6lder som forbillede for mod, retf\u00e6rdighed og <span class=\"iwg-fachbegriff\" data-tooltip=\"Den levede religi\u00f8se holdning og praksis hos et menneske.\" tabindex=\"0\">fromhed<\/span>. Talrige fort\u00e6llinger hylder hans mod og oprigtighed.<\/p><p>Sv\u00e6rdet Zulfiqar h\u00f8rer til dette billede af Ali. Det er hans sv\u00e6rd, og dermed et tegn p\u00e5 hans mod og hans rolle i islams tidlige historie.<\/p>\t\t\t\t\t\t\t\t<\/div>\n\t\t\t\t<\/div>\n\t\t\t\t\t<\/div>\n\t\t\t\t<\/div>\n\t\t<div class=\"elementor-element elementor-element-iwgs-zulfiqar-s2 e-flex e-con-boxed e-con e-parent\" data-id=\"iwgs-zulfiqar-s2\" data-element_type=\"container\" data-e-type=\"container\">\n\t\t\t\t\t<div class=\"e-con-inner\">\n\t\t\t\t<div class=\"elementor-element elementor-element-iwgs-zulfiqar-s2h elementor-widget elementor-widget-heading\" data-id=\"iwgs-zulfiqar-s2h\" data-element_type=\"widget\" data-e-type=\"widget\" data-widget_type=\"heading.default\">\n\t\t\t\t\t<h2 class=\"elementor-heading-title elementor-size-default\">Legenden om sv\u00e6rdet<\/h2>\t\t\t\t<\/div>\n\t\t<div class=\"elementor-element elementor-element-iwgs-zulfiqar-s2box e-con-full e-flex e-con e-parent\" data-id=\"iwgs-zulfiqar-s2box\" data-element_type=\"container\" data-e-type=\"container\">\n\t\t\t\t<div class=\"elementor-element elementor-element-iwgs-zulfiqar-s2t elementor-widget elementor-widget-text-editor\" data-id=\"iwgs-zulfiqar-s2t\" data-element_type=\"widget\" data-e-type=\"widget\" data-widget_type=\"text-editor.default\">\n\t\t\t\t\t\t\t\t\t<p>Om sv\u00e6rdet Zulfiqar findes der fort\u00e6llinger. De beretter, hvordan sv\u00e6rdet kom i Alis besiddelse, og hvilken betydning det fik.<\/p><p>If\u00f8lge <span class=\"iwg-fachbegriff\" data-tooltip=\"Overleveringen af viden og fort\u00e6llinger gennem generationer.\" tabindex=\"0\">overleveringen<\/span> fik Ali sv\u00e6rdet i islams tidlige periode. En udbredt fort\u00e6lling forbinder det med et af de tidlige slag, hvor det unge islamiske f\u00e6llesskab m\u00e5tte h\u00e6vde sig.<\/p><p>Sv\u00e6rdet beskrives i fort\u00e6llingerne som us\u00e6dvanligt. Det gjaldt som s\u00e6rligt kraftfuldt, og dets navn blev selve billedet p\u00e5 det overlegne sv\u00e6rd.<\/p><p>Kendt er et udsagn, der hylder sv\u00e6rdet og dets b\u00e6rer sammen. Det siger i al sin enkelthed, at der ikke findes nogen helt som Ali og intet sv\u00e6rd som Zulfiqar.<\/p><p>Dette udsagn forbinder sv\u00e6rdet ul\u00f8seligt med Ali. Zulfiqar er ikke et vilk\u00e5rligt sv\u00e6rd, men netop denne ene helts sv\u00e6rd.<\/p><p><span class=\"iwg-fachbegriff\" data-tooltip=\"En opbyggelig fort\u00e6lling, oftest om helgeners liv.\" tabindex=\"0\">Legenden<\/span> giver tegnet dets betydning. Zulfiqar er en forbilledlig helts sv\u00e6rd, der forbindes med guddommelig bistand. I denne forbindelse ligger dets kraft som tegn.<\/p>\t\t\t\t\t\t\t\t<\/div>\n\t\t\t\t<\/div>\n\t\t\t\t\t<\/div>\n\t\t\t\t<\/div>\n\t\t<div class=\"elementor-element elementor-element-iwgs-zulfiqar-s3 e-flex e-con-boxed e-con e-parent\" data-id=\"iwgs-zulfiqar-s3\" data-element_type=\"container\" data-e-type=\"container\">\n\t\t\t\t\t<div class=\"e-con-inner\">\n\t\t\t\t<div class=\"elementor-element elementor-element-iwgs-zulfiqar-s3h elementor-widget elementor-widget-heading\" data-id=\"iwgs-zulfiqar-s3h\" data-element_type=\"widget\" data-e-type=\"widget\" data-widget_type=\"heading.default\">\n\t\t\t\t\t<h2 class=\"elementor-heading-title elementor-size-default\">Form: den kl\u00f8vede klinge<\/h2>\t\t\t\t<\/div>\n\t\t<div class=\"elementor-element elementor-element-iwgs-zulfiqar-s3box e-con-full e-flex e-con e-parent\" data-id=\"iwgs-zulfiqar-s3box\" data-element_type=\"container\" data-e-type=\"container\">\n\t\t\t\t<div class=\"elementor-element elementor-element-iwgs-zulfiqar-s3t elementor-widget elementor-widget-text-editor\" data-id=\"iwgs-zulfiqar-s3t\" data-element_type=\"widget\" data-e-type=\"widget\" data-widget_type=\"text-editor.default\">\n\t\t\t\t\t\t\t\t\t<p>Tegnet Zulfiqar afbildes i form af et sv\u00e6rd. Dets kendetegn er klingen, der er kl\u00f8vet i spidsen.<\/p><p>I stedet for at ende i en enkelt spids ender Zulfiqars klinge i to spidser. Den er s\u00e5 at sige todelt. Denne kl\u00f8vede klinge adskiller Zulfiqar fra ethvert almindeligt sv\u00e6rd.<\/p><p>Om oprindelsen til denne us\u00e6dvanlige form findes forskellige overvejelser. Sv\u00e6rdets navn forbindes med et ord, der henviser til riller eller indsnit.<\/p><p>I den billedlige fremstilling blev dette kendetegn til den tydeligt kl\u00f8vede, todelte klinge. Det er den form, som Zulfiqar umiddelbart kendes p\u00e5 i kunst og p\u00e5 tegn.<\/p><p>Den kl\u00f8vede klinge giver Zulfiqar en imponerende, umiskendelig form. Den h\u00e6ver sv\u00e6rdet over r\u00e6kken af almindelige v\u00e5ben og kendetegner det som Alis s\u00e6rlige sv\u00e6rd.<\/p><p>I fremstillingen fremtr\u00e6der Zulfiqar ofte alene, nogle gange sammen med det hyldende udsagn om Ali og hans sv\u00e6rd. Den kl\u00f8vede klinge forbliver dog altid det afg\u00f8rende kendetegn.<\/p>\t\t\t\t\t\t\t\t<\/div>\n\t\t\t\t<\/div>\n\t\t\t\t\t<\/div>\n\t\t\t\t<\/div>\n\t\t<div class=\"elementor-element elementor-element-iwgs-zulfiqar-s4 e-flex e-con-boxed e-con e-parent\" data-id=\"iwgs-zulfiqar-s4\" data-element_type=\"container\" data-e-type=\"container\">\n\t\t\t\t\t<div class=\"e-con-inner\">\n\t\t\t\t<div class=\"elementor-element elementor-element-iwgs-zulfiqar-s4h elementor-widget elementor-widget-heading\" data-id=\"iwgs-zulfiqar-s4h\" data-element_type=\"widget\" data-e-type=\"widget\" data-widget_type=\"heading.default\">\n\t\t\t\t\t<h2 class=\"elementor-heading-title elementor-size-default\">Zulfiqar i shiaislam<\/h2>\t\t\t\t<\/div>\n\t\t<div class=\"elementor-element elementor-element-iwgs-zulfiqar-s4box e-con-full e-flex e-con e-parent\" data-id=\"iwgs-zulfiqar-s4box\" data-element_type=\"container\" data-e-type=\"container\">\n\t\t\t\t<div class=\"elementor-element elementor-element-iwgs-zulfiqar-s4t elementor-widget elementor-widget-text-editor\" data-id=\"iwgs-zulfiqar-s4t\" data-element_type=\"widget\" data-e-type=\"widget\" data-widget_type=\"text-editor.default\">\n\t\t\t\t\t\t\t\t\t<p>Zulfiqar har en s\u00e6rlig betydning i den shiitiske islam. Da Ali er en fremtr\u00e6dende skikkelse for shiitterne, er ogs\u00e5 hans sv\u00e6rd et betydningsfuldt tegn.<\/p><p>I shiitisk pr\u00e6gede omr\u00e5der ses Zulfiqar p\u00e5 flag, p\u00e5 billeder og p\u00e5 genstande, der h\u00f8rer til <span class=\"iwg-fachbegriff\" data-tooltip=\"Den levede religi\u00f8se holdning og praksis hos et menneske.\" tabindex=\"0\">fromheden<\/span>. Det er et synligt tegn p\u00e5 \u00e6rb\u00f8dighed for Ali.<\/p><p>Ogs\u00e5 i besl\u00e6gtede str\u00f8mninger, blandt andet hos aleviterne og i bektashi-traditionen, har Zulfiqar en h\u00f8j status. I disse f\u00e6llesskaber er \u00e6rb\u00f8digheden for Ali s\u00e6rligt udbredt.<\/p><p>Zulfiqar er i disse sammenh\u00e6nge et identitetstegn. Den, der viser eller b\u00e6rer det, bekender sig til \u00e6rb\u00f8digheden for Ali og til det f\u00e6llesskab, der ser ham som sit forbillede.<\/p><p>Tegnet forbinder dermed \u00e6rb\u00f8digheden for en person med tilh\u00f8rsforholdet til et f\u00e6llesskab. Det er \u00e6rb\u00f8dighedstegn og f\u00e6llesskabstegn p\u00e5 samme tid.<\/p><p>I denne funktion ligner Zulfiqar andre identitetstegn i religionerne. Ligesom korset eller Davidsstjernen synligg\u00f8r det et tilh\u00f8rsforhold, her tilh\u00f8rsforholdet til \u00e6rb\u00f8digheden for Ali.<\/p>\t\t\t\t\t\t\t\t<\/div>\n\t\t\t\t<\/div>\n\t\t\t\t\t<\/div>\n\t\t\t\t<\/div>\n\t\t<div class=\"elementor-element elementor-element-iwgs-zulfiqar-s5 e-flex e-con-boxed e-con e-parent\" data-id=\"iwgs-zulfiqar-s5\" data-element_type=\"container\" data-e-type=\"container\">\n\t\t\t\t\t<div class=\"e-con-inner\">\n\t\t\t\t<div class=\"elementor-element elementor-element-iwgs-zulfiqar-s5h elementor-widget elementor-widget-heading\" data-id=\"iwgs-zulfiqar-s5h\" data-element_type=\"widget\" data-e-type=\"widget\" data-widget_type=\"heading.default\">\n\t\t\t\t\t<h2 class=\"elementor-heading-title elementor-size-default\">Zulfiqar som beskyttelsestegn<\/h2>\t\t\t\t<\/div>\n\t\t<div class=\"elementor-element elementor-element-iwgs-zulfiqar-s5box e-con-full e-flex e-con e-parent\" data-id=\"iwgs-zulfiqar-s5box\" data-element_type=\"container\" data-e-type=\"container\">\n\t\t\t\t<div class=\"elementor-element elementor-element-iwgs-zulfiqar-s5t elementor-widget elementor-widget-text-editor\" data-id=\"iwgs-zulfiqar-s5t\" data-element_type=\"widget\" data-e-type=\"widget\" data-widget_type=\"text-editor.default\">\n\t\t\t\t\t\t\t\t\t<p>Ud over betydningen som identitetstegn har Zulfiqar ogs\u00e5 et beskyttende tr\u00e6k. Det bruges p\u00e5 amuletter og p\u00e5 beskyttelsesobjekter.<\/p><p>Beskyttelsesbetydningen udspringer af det, sv\u00e6rdet st\u00e5r for. Zulfiqar er sv\u00e6rdet tilh\u00f8rende en forbilledlig helt, forbundet med tapperhed, med retf\u00e6rdighed og med gudommelig bistand.<\/p><p>Den, der b\u00e6rer tegnet Zulfiqar, stiller sig under dette forbillede. Tegnet skal give det mod, den fasthed og den bistand, der er forbundet med Ali og hans sv\u00e6rd.<\/p><p>Et sv\u00e6rd er desuden et v\u00e5ben, et middel til forsvar. Som tegn kan sv\u00e6rdet st\u00e5 for beskyttelse og afv\u00e6rgelse, uden at det opfattes som et virkeligt v\u00e5ben.<\/p><p>Zulfiqar h\u00f8rer dermed til de tegn, der beskytter gennem forbindelsen med en \u00e6ret skikkelse. Dets beskyttelse er hengivenheden til Ali og til den styrke, der tilskrives ham.<\/p><p>Zulfiqar er derfor mindre et afv\u00e6rgende <span class=\"iwg-fachbegriff\" data-tooltip=\"En b\u00e5ret genstand, som tilskrives en beskyttende, ulykkesafv\u00e6rgende virkning.\" tabindex=\"0\">amulet<\/span> end et tegn, der virker gennem \u00e6rb\u00f8dighed og forbillede. Det beskytter ved at forbinde sin b\u00e6rer med Alis tapperhed og bistand.<\/p>\t\t\t\t\t\t\t\t<\/div>\n\t\t\t\t<\/div>\n\t\t\t\t\t<\/div>\n\t\t\t\t<\/div>\n\t\t<div class=\"elementor-element elementor-element-iwgs-zulfiqar-s6 e-flex e-con-boxed e-con e-parent\" data-id=\"iwgs-zulfiqar-s6\" data-element_type=\"container\" data-e-type=\"container\">\n\t\t\t\t\t<div class=\"e-con-inner\">\n\t\t\t\t<div class=\"elementor-element elementor-element-iwgs-zulfiqar-s6h elementor-widget elementor-widget-heading\" data-id=\"iwgs-zulfiqar-s6h\" data-element_type=\"widget\" data-e-type=\"widget\" data-widget_type=\"heading.default\">\n\t\t\t\t\t<h2 class=\"elementor-heading-title elementor-size-default\">Sv\u00e6rdet som tegn i kulturerne<\/h2>\t\t\t\t<\/div>\n\t\t<div class=\"elementor-element elementor-element-iwgs-zulfiqar-s6box e-con-full e-flex e-con e-parent\" data-id=\"iwgs-zulfiqar-s6box\" data-element_type=\"container\" data-e-type=\"container\">\n\t\t\t\t<div class=\"elementor-element elementor-element-iwgs-zulfiqar-s6t elementor-widget elementor-widget-text-editor\" data-id=\"iwgs-zulfiqar-s6t\" data-element_type=\"widget\" data-e-type=\"widget\" data-widget_type=\"text-editor.default\">\n\t\t\t\t\t\t\t\t\t<p>Zulfiqar kan betragtes i den st\u00f8rre sammenh\u00e6ng af sv\u00e6rdtegn. Sv\u00e6rdet som tegn har betydning i mange kulturer.<\/p><p>I talrige traditioner st\u00e5r sv\u00e6rdet for styrke, for retf\u00e6rdighed og for forsvaret af ordenen. Det er et tegn p\u00e5 den v\u00e6rgende, beskyttende magt.<\/p><p>Ofte er sv\u00e6rdet forbundet med en bestemt skikkelse, med en helt, en helgen eller en gud. Sv\u00e6rdet bliver da til et tegn p\u00e5 denne skikkelse og de v\u00e6rdier, den st\u00e5r for.<\/p><p>Zulfiqar h\u00f8rer til denne gruppe. Det er Alis sv\u00e6rd, og som s\u00e5dan et tegn p\u00e5 tapperhed, retf\u00e6rdighed og gudommelig bistand.<\/p><p>Det s\u00e6rlige ved Zulfiqar er den kl\u00f8vede klinge. Den g\u00f8r sv\u00e6rdet umiskendeligt og h\u00e6ver det ud fra r\u00e6kken af almindelige sv\u00e6rdtegn.<\/p><p>Zulfiqar er dermed den islamiske, og is\u00e6r den shiitisk pr\u00e6gede, udformning af sv\u00e6rdtegnet. Det forbinder det udbredte billede af sv\u00e6rdet som tegn p\u00e5 v\u00e6rgende dyd med \u00e6rb\u00f8digheden for en bestemt \u00e6ret skikkelse.<\/p>\t\t\t\t\t\t\t\t<\/div>\n\t\t\t\t<\/div>\n\t\t\t\t\t<\/div>\n\t\t\t\t<\/div>\n\t\t<div class=\"elementor-element elementor-element-iwgs-zulfiqar-s7 e-flex e-con-boxed e-con e-parent\" data-id=\"iwgs-zulfiqar-s7\" data-element_type=\"container\" data-e-type=\"container\">\n\t\t\t\t\t<div class=\"e-con-inner\">\n\t\t\t\t<div class=\"elementor-element elementor-element-iwgs-zulfiqar-s7h elementor-widget elementor-widget-heading\" data-id=\"iwgs-zulfiqar-s7h\" data-element_type=\"widget\" data-e-type=\"widget\" data-widget_type=\"heading.default\">\n\t\t\t\t\t<h2 class=\"elementor-heading-title elementor-size-default\">\u00c6rb\u00f8dighed, identitet og beskyttelse<\/h2>\t\t\t\t<\/div>\n\t\t<div class=\"elementor-element elementor-element-iwgs-zulfiqar-s7box e-con-full e-flex e-con e-parent\" data-id=\"iwgs-zulfiqar-s7box\" data-element_type=\"container\" data-e-type=\"container\">\n\t\t\t\t<div class=\"elementor-element elementor-element-iwgs-zulfiqar-s7t elementor-widget elementor-widget-text-editor\" data-id=\"iwgs-zulfiqar-s7t\" data-element_type=\"widget\" data-e-type=\"widget\" data-widget_type=\"text-editor.default\">\n\t\t\t\t\t\t\t\t\t<p>Zulfiqar forener tre betydninger, der h\u00e6nger n\u00e6rt sammen: \u00e6rb\u00f8digheden, identiteten og beskyttelsen.<\/p><p>\u00c6rb\u00f8digheden g\u00e6lder Ali. Zulfiqar er hans sv\u00e6rd, og at vise det betyder at \u00e6re Ali og hans tapperhed.<\/p><p>Identiteten vedr\u00f8rer f\u00e6llesskabet. Zulfiqar er et tegn for de shiitisk pr\u00e6gede og de besl\u00e6gtede f\u00e6llesskaber. At b\u00e6re det betyder at bekende sig til dette f\u00e6llesskab.<\/p><p>Beskyttelsen udspringer af begge dele. Den, der stiller sig under Alis tegn, s\u00f8ger den bistand og den styrke, der er forbundet med ham.<\/p><p>Disse tre betydninger kan ikke skarpt skilles fra hinanden. De h\u00f8rer sammen og udg\u00f8r tilsammen tegnets mening.<\/p><p>Zulfiqar er dermed et flerlaget tegn. Det er \u00e6rb\u00f8dighedstegn, identitetstegn og beskyttelsestegn i \u00e9n og samme figur, og alle tre sider udspringer af forbindelsen med Ali og hans sv\u00e6rd.<\/p>\t\t\t\t\t\t\t\t<\/div>\n\t\t\t\t<\/div>\n\t\t\t\t\t<\/div>\n\t\t\t\t<\/div>\n\t\t<div class=\"elementor-element elementor-element-iwgs-zulfiqar-s8 e-flex e-con-boxed e-con e-parent\" data-id=\"iwgs-zulfiqar-s8\" data-element_type=\"container\" data-e-type=\"container\">\n\t\t\t\t\t<div class=\"e-con-inner\">\n\t\t\t\t<div class=\"elementor-element elementor-element-iwgs-zulfiqar-s8h elementor-widget elementor-widget-heading\" data-id=\"iwgs-zulfiqar-s8h\" data-element_type=\"widget\" data-e-type=\"widget\" data-widget_type=\"heading.default\">\n\t\t\t\t\t<h2 class=\"elementor-heading-title elementor-size-default\">Nutidig rezeption<\/h2>\t\t\t\t<\/div>\n\t\t<div class=\"elementor-element elementor-element-iwgs-zulfiqar-s8box e-con-full e-flex e-con e-parent\" data-id=\"iwgs-zulfiqar-s8box\" data-element_type=\"container\" data-e-type=\"container\">\n\t\t\t\t<div class=\"elementor-element elementor-element-iwgs-zulfiqar-s8t elementor-widget elementor-widget-text-editor\" data-id=\"iwgs-zulfiqar-s8t\" data-element_type=\"widget\" data-e-type=\"widget\" data-widget_type=\"text-editor.default\">\n\t\t\t\t\t\t\t\t\t<p>Zulfiqar er i den islamiske verden, is\u00e6r i de shiitisk pr\u00e6gede omr\u00e5der, fortsat et levende tegn i dag. Det ses p\u00e5 flag, p\u00e5 billeder og p\u00e5 genstande, der h\u00f8rer til <span class=\"iwg-fachbegriff\" data-tooltip=\"Den levede religi\u00f8se holdning og praksis hos et menneske.\" tabindex=\"0\">fromheden<\/span>.<\/p><p>Som vedh\u00e6ng og som smykke b\u00e6res Zulfiqar af mange mennesker. I denne form er det en bekendelse til \u00e6rb\u00f8digheden for Ali og et tegn p\u00e5 den beskyttelse, man s\u00f8ger.<\/p><p>Ogs\u00e5 i kunsten og i formgivningen er Zulfiqar til stede. Dets umiskendelige kl\u00f8vede klinge g\u00f8r det til et let genkendeligt <span class=\"iwg-fachbegriff\" data-tooltip=\"Et tilbagevendende indholdsm\u00e6ssigt element i kunst eller fort\u00e6lling.\" tabindex=\"0\">motiv<\/span>.<\/p><p>For islamforskningen er Zulfiqar et oplysende tegn. Det viser, hvor t\u00e6t \u00e6rb\u00f8digheden for en skikkelse, identiteten hos et f\u00e6llesskab og \u00f8nsket om beskyttelse kan v\u00e6re forbundet med hinanden.<\/p><p>Zulfiqar forbliver dermed et sl\u00e5ende eksempel p\u00e5 et tegn, der udsprang af en legendarisk genstand. Fra en \u00e6ret helts sv\u00e6rd blev det til et tegn, der samtidig udtrykker \u00e6rb\u00f8dighed, tilh\u00f8rsforhold og beskyttelse.<\/p><p>I det forenes mindet om Ali, den kl\u00f8vede klinges umiskendelige skikkelse og \u00f8nsket om at f\u00e5 del i den tapperhed og den bistand, der er forbundet med sv\u00e6rdet Zulfiqar.<\/p>\t\t\t\t\t\t\t\t<\/div>\n\t\t\t\t<\/div>\n\t\t\t\t\t<\/div>\n\t\t\t\t<\/div>\n\t\t<div class=\"elementor-element elementor-element-iwgs-zulfiqar-lit e-flex e-con-boxed e-con e-parent\" data-id=\"iwgs-zulfiqar-lit\" data-element_type=\"container\" data-e-type=\"container\">\n\t\t\t\t\t<div class=\"e-con-inner\">\n\t\t\t\t<div class=\"elementor-element elementor-element-iwgs-zulfiqar-lith elementor-widget elementor-widget-heading\" data-id=\"iwgs-zulfiqar-lith\" data-element_type=\"widget\" data-e-type=\"widget\" data-widget_type=\"heading.default\">\n\t\t\t\t\t<h2 class=\"elementor-heading-title elementor-size-default\">Litteratur (udvalg)<\/h2>\t\t\t\t<\/div>\n\t\t<div class=\"elementor-element elementor-element-iwgs-zulfiqar-litbox e-con-full e-flex e-con e-parent\" data-id=\"iwgs-zulfiqar-litbox\" data-element_type=\"container\" data-e-type=\"container\">\n\t\t\t\t<div class=\"elementor-element elementor-element-iwgs-zulfiqar-litt elementor-widget elementor-widget-html\" data-id=\"iwgs-zulfiqar-litt\" data-element_type=\"widget\" data-e-type=\"widget\" data-widget_type=\"html.default\">\n\t\t\t\t\t<footer data-nosnippet=\"true\"><ul><li>Annemarie Schimmel: <em>Die Religion des Islam. Eine Einf\u00fchrung<\/em> (1990)<\/li><li>Heinz Halm: <em>Die Schia<\/em> (1988)<\/li><li>Heinz Halm: <em>Der schiitische Islam<\/em> (1994)<\/li><li>Annemarie Schimmel: <em>Die Zeichen Gottes<\/em> (1995)<\/li><li>Maria Vittoria Fontana: Studier i islamisk ikonografi<\/li><\/ul><\/footer>\t\t\t\t<\/div>\n\t\t\t\t<\/div>\n\t\t\t\t\t<\/div>\n\t\t\t\t<\/div>\n\t\t<div class=\"elementor-element elementor-element-iwgs-zulfiqar-kwd e-flex e-con-boxed e-con e-parent\" data-id=\"iwgs-zulfiqar-kwd\" data-element_type=\"container\" data-e-type=\"container\">\n\t\t\t\t\t<div class=\"e-con-inner\">\n\t\t\t\t<div class=\"elementor-element elementor-element-iwgs-zulfiqar-kwdt elementor-widget elementor-widget-text-editor\" data-id=\"iwgs-zulfiqar-kwdt\" data-element_type=\"widget\" data-e-type=\"widget\" data-widget_type=\"text-editor.default\">\n\t\t\t\t\t\t\t\t\t<p><em>Relaterede n\u00f8glebegreber: Zulfiqar Ali sv\u00e6rd shiitisk islam kl\u00f8vet klinge \u00e6rb\u00f8dighed identitetstegn.<\/em><\/p>\t\t\t\t\t\t\t\t<\/div>\n\t\t\t\t\t<\/div>\n\t\t\t\t<\/div>\n\t\t<div class=\"elementor-element elementor-element-iwgs-zulfiqar-cc e-flex e-con-boxed e-con e-parent\" data-id=\"iwgs-zulfiqar-cc\" data-element_type=\"container\" data-e-type=\"container\" id=\"iwg-cc-zulfiqar\">\n\t\t\t\t\t<div class=\"e-con-inner\">\n\t\t<div class=\"elementor-element elementor-element-iwgs-zulfiqar-ccinner e-flex e-con-boxed e-con e-parent\" data-id=\"iwgs-zulfiqar-ccinner\" data-element_type=\"container\" data-e-type=\"container\" data-settings=\"{&quot;background_background&quot;:&quot;classic&quot;}\">\n\t\t\t\t\t<div class=\"e-con-inner\">\n\t\t\t\t<div class=\"elementor-element elementor-element-iwgs-zulfiqar-cch elementor-widget elementor-widget-heading\" data-id=\"iwgs-zulfiqar-cch\" data-element_type=\"widget\" data-e-type=\"widget\" data-widget_type=\"heading.default\">\n\t\t\t\t\t<h2 class=\"elementor-heading-title elementor-size-default\">iWell Guard og beskyttelsestraditioner<\/h2>\t\t\t\t<\/div>\n\t\t\t\t<div class=\"elementor-element elementor-element-iwgs-zulfiqar-cct elementor-widget elementor-widget-text-editor\" data-id=\"iwgs-zulfiqar-cct\" data-element_type=\"widget\" data-e-type=\"widget\" data-widget_type=\"text-editor.default\">\n\t\t\t\t\t\t\t\t\t<p>iWell Guard indg\u00e5r i den kulturhistoriske linje af b\u00e6rbare beskyttelsesobjekter, som ogs\u00e5 Zulfiqar h\u00f8rer til. En moderne ledsager for mennesker, der lever med beskyttelsessymboler: fremstillet i Tyskland, 41 lag af \u00e6gte guld, platin og silver, med 30 dages returret.<\/p>\t\t\t\t\t\t\t\t<\/div>\n\t\t\t\t<div class=\"elementor-element elementor-element-iwgs-zulfiqar-ccb iwg-cc-button iwg-cc-cta-2026-05-13 elementor-widget elementor-widget-jet-button\" data-id=\"iwgs-zulfiqar-ccb\" data-element_type=\"widget\" data-e-type=\"widget\" data-widget_type=\"jet-button.default\">\n\t\t\t\t<div class=\"elementor-widget-container\">\n\t\t\t\t\t<div class=\"elementor-jet-button jet-elements\"><div class=\"jet-button__container\"><a class=\"jet-button__instance jet-button__instance--icon-left hover-effect-1\" href=\"\/schutzanhaenger-iwell-guard-kaufen\/?utm_source=iwell-guard.com&amp;utm_medium=info-box&amp;utm_campaign=schutzsymbole\"><div class=\"jet-button__plane jet-button__plane-normal\"><\/div><div class=\"jet-button__plane jet-button__plane-hover\"><\/div><div class=\"jet-button__state jet-button__state-normal\"><span class=\"jet-button__label\">Mere om iWell Guard<\/span><\/div><div class=\"jet-button__state jet-button__state-hover\"><span class=\"jet-button__label\">Mere om iWell Guard<\/span><\/div><\/a><\/div><\/div><style>.elementor-element.elementor-element-iwgs-zulfiqar-ccb .jet-button__instance{width:320px;height:56px;}.elementor-element.elementor-element-iwgs-zulfiqar-ccb .jet-button__state-normal .jet-button__label{text-align:center;margin:0px 0px 0px 0px;color:#1a1b20;font-family:Montserrat,sans-serif;font-size:13px;font-weight:400;letter-spacing:4px;line-height:1.714em;text-transform:uppercase;}.elementor-element.elementor-element-iwgs-zulfiqar-ccb .jet-button__state-hover .jet-button__label{text-align:center;margin:0px 0px 0px 0px;color:#FECC76;font-family:Montserrat,sans-serif;font-size:13px;font-weight:400;letter-spacing:4px;line-height:1.714em;text-transform:uppercase;}.elementor-element.elementor-element-iwgs-zulfiqar-ccb .jet-button__plane-normal{background-color:#FECC76;border-style:solid;border-color:#C99540;border-width:2px 2px 2px 2px;}.elementor-element.elementor-element-iwgs-zulfiqar-ccb .jet-button__plane-hover{background-color:rgba(0,0,0,0.55);border-style:solid;border-color:#FECC76;border-width:2px 2px 2px 2px;}<\/style>\t\t\t\t<\/div>\n\t\t\t\t<\/div>\n\t\t\t\t<div class=\"elementor-element elementor-element-iwgs-zulfiqar-ccd elementor-widget elementor-widget-text-editor\" data-id=\"iwgs-zulfiqar-ccd\" data-element_type=\"widget\" data-e-type=\"widget\" data-widget_type=\"text-editor.default\">\n\t\t\t\t\t\t\t\t\t<p style=\"text-align:center;font-size:13px;opacity:0.7;margin-top:14px\" data-nosnippet=\"true\">Personlige oplevelser kan variere. Ikke et medicinsk produkt. Intet helbredelsesl\u00f8fte.<\/p>\t\t\t\t\t\t\t\t<\/div>\n\t\t\t\t\t<\/div>\n\t\t\t\t<\/div>\n\t\t\t\t\t<\/div>\n\t\t\t\t<\/div>\n\t\t<div class=\"elementor-element elementor-element-iwgs-zulfiqar-disc e-flex e-con-boxed e-con e-parent\" data-id=\"iwgs-zulfiqar-disc\" data-element_type=\"container\" data-e-type=\"container\">\n\t\t\t\t\t<div class=\"e-con-inner\">\n\t\t\t\t<div class=\"elementor-element elementor-element-iwgs-zulfiqar-discw elementor-widget elementor-widget-html\" data-id=\"iwgs-zulfiqar-discw\" data-element_type=\"widget\" data-e-type=\"widget\" data-widget_type=\"html.default\">\n\t\t\t\t\t<footer data-nosnippet=\"true\" class=\"iwg-disclaimer-block\"><p data-nosnippet=\"true\">iWell Guard er <strong>ikke et medicinsk produkt<\/strong> og erstatter ikke l\u00e6gelig eller psykoterapeutisk behandling. Indholdet her er en religionsvidenskabelig og kulturhistorisk indordning, ikke et l\u00f8fte om spirituel virkning.<\/p><\/footer>\t\t\t\t<\/div>\n\t\t\t\t\t<\/div>\n\t\t\t\t<\/div>\n\t\t\t\t<\/div>\n\t\t","protected":false},"excerpt":{"rendered":"","protected":false},"author":3,"featured_media":3517,"parent":0,"menu_order":0,"comment_status":"closed","ping_status":"closed","template":"elementor_header_footer","meta":{"_yoast_wpseo_focuskw":"Zulfiqar","_yoast_wpseo_title":"Zulfiqar \u2013 Alis sv\u00e6rd som beskyttelsestegn","_yoast_wpseo_metadesc":"Zulfiqar er Alis legendariske sv\u00e6rd og et betydningsfuldt tegn, is\u00e6r i shiaislam. Oprindelse og betydning forklaret.","_yoast_wpseo_meta-robots-noindex":"","_yoast_wpseo_canonical":"","_angie_page":false,"gefaehrdungsstufe":"","wesen_kultur":"","wesen_klasse":"","footnotes":""},"categories":[],"class_list":["post-138514","page","type-page","status-publish","has-post-thumbnail","hentry"],"yoast_head":"<!-- This site is optimized with the Yoast SEO Premium plugin v27.7 (Yoast SEO v28.3) - https:\/\/yoast.com\/product\/yoast-seo-premium-wordpress\/ -->\n<title>Zulfiqar \u2013 Alis sv\u00e6rd som beskyttelsestegn<\/title>\n<meta name=\"description\" content=\"Zulfiqar er Alis legendariske sv\u00e6rd og et betydningsfuldt tegn, is\u00e6r i shiaislam. Oprindelse og betydning forklaret.\" \/>\n<meta name=\"robots\" content=\"index, follow, max-snippet:-1, max-image-preview:large, max-video-preview:-1\" \/>\n<link rel=\"canonical\" href=\"https:\/\/iwell-guard.com\/da\/zulfiqar-alis-sverd-som-beskyttelsestegn\/\" \/>\n<meta property=\"og:locale\" content=\"da_DK\" \/>\n<meta property=\"og:type\" content=\"article\" \/>\n<meta property=\"og:title\" content=\"Zulfiqar \u2013 Alis sv\u00e6rd som beskyttelsestegn\" \/>\n<meta property=\"og:description\" content=\"Zulfiqar er Alis legendariske sv\u00e6rd og et betydningsfuldt tegn, is\u00e6r i shiaislam. Oprindelse og betydning forklaret.\" \/>\n<meta property=\"og:url\" content=\"https:\/\/iwell-guard.com\/da\/zulfiqar-alis-sverd-som-beskyttelsestegn\/\" \/>\n<meta property=\"og:site_name\" content=\"iWell Guard\" \/>\n<meta property=\"article:modified_time\" content=\"2026-09-03T08:03:26+00:00\" \/>\n<meta property=\"og:image\" content=\"https:\/\/iwell-guard.com\/wp-content\/uploads\/2026\/05\/schutzsymbol_islam_zulfiqar.webp\" \/>\n\t<meta property=\"og:image:width\" content=\"1024\" \/>\n\t<meta property=\"og:image:height\" content=\"1536\" \/>\n\t<meta property=\"og:image:type\" content=\"image\/webp\" \/>\n<meta name=\"twitter:card\" content=\"summary_large_image\" \/>\n<script type=\"application\/ld+json\" class=\"yoast-schema-graph\">{\"@context\":\"https:\\\/\\\/schema.org\",\"@graph\":[{\"@type\":\"WebPage\",\"@id\":\"https:\\\/\\\/iwell-guard.com\\\/da\\\/zulfiqar-alis-sverd-som-beskyttelsestegn\\\/\",\"url\":\"https:\\\/\\\/iwell-guard.com\\\/da\\\/zulfiqar-alis-sverd-som-beskyttelsestegn\\\/\",\"name\":\"Zulfiqar \u2013 Alis sv\u00e6rd som beskyttelsestegn\",\"isPartOf\":{\"@id\":\"https:\\\/\\\/iwell-guard.com\\\/da\\\/#website\"},\"primaryImageOfPage\":{\"@id\":\"https:\\\/\\\/iwell-guard.com\\\/da\\\/zulfiqar-alis-sverd-som-beskyttelsestegn\\\/#primaryimage\"},\"image\":{\"@id\":\"https:\\\/\\\/iwell-guard.com\\\/da\\\/zulfiqar-alis-sverd-som-beskyttelsestegn\\\/#primaryimage\"},\"thumbnailUrl\":\"https:\\\/\\\/iwell-guard.com\\\/wp-content\\\/uploads\\\/2026\\\/05\\\/schutzsymbol_islam_zulfiqar.webp\",\"datePublished\":\"2026-09-03T07:11:27+00:00\",\"dateModified\":\"2026-09-03T08:03:26+00:00\",\"description\":\"Zulfiqar er Alis legendariske sv\u00e6rd og et betydningsfuldt tegn, is\u00e6r i shiaislam. Oprindelse og betydning forklaret.\",\"breadcrumb\":{\"@id\":\"https:\\\/\\\/iwell-guard.com\\\/da\\\/zulfiqar-alis-sverd-som-beskyttelsestegn\\\/#breadcrumb\"},\"inLanguage\":\"da-DK\",\"potentialAction\":[{\"@type\":\"ReadAction\",\"target\":[\"https:\\\/\\\/iwell-guard.com\\\/da\\\/zulfiqar-alis-sverd-som-beskyttelsestegn\\\/\"]}]},{\"@type\":\"ImageObject\",\"inLanguage\":\"da-DK\",\"@id\":\"https:\\\/\\\/iwell-guard.com\\\/da\\\/zulfiqar-alis-sverd-som-beskyttelsestegn\\\/#primaryimage\",\"url\":\"https:\\\/\\\/iwell-guard.com\\\/wp-content\\\/uploads\\\/2026\\\/05\\\/schutzsymbol_islam_zulfiqar.webp\",\"contentUrl\":\"https:\\\/\\\/iwell-guard.com\\\/wp-content\\\/uploads\\\/2026\\\/05\\\/schutzsymbol_islam_zulfiqar.webp\",\"width\":1024,\"height\":1536,\"caption\":\"Beskyttelsessymbol. Museal stilleben-illustration.\"},{\"@type\":\"BreadcrumbList\",\"@id\":\"https:\\\/\\\/iwell-guard.com\\\/da\\\/zulfiqar-alis-sverd-som-beskyttelsestegn\\\/#breadcrumb\",\"itemListElement\":[{\"@type\":\"ListItem\",\"position\":1,\"name\":\"Start\",\"item\":\"https:\\\/\\\/iwell-guard.com\\\/da\\\/?page_id=137908\"},{\"@type\":\"ListItem\",\"position\":2,\"name\":\"Zulfiqar \u2013 Alis sv\u00e6rd som beskyttelsestegn\"}]},{\"@type\":\"WebSite\",\"@id\":\"https:\\\/\\\/iwell-guard.com\\\/da\\\/#website\",\"url\":\"https:\\\/\\\/iwell-guard.com\\\/da\\\/\",\"name\":\"iWell Guard\",\"description\":\"Schutz vor dunklen Einfl\u00fcssen\",\"publisher\":{\"@id\":\"https:\\\/\\\/iwell-guard.com\\\/da\\\/#organization\"},\"potentialAction\":[{\"@type\":\"SearchAction\",\"target\":{\"@type\":\"EntryPoint\",\"urlTemplate\":\"https:\\\/\\\/iwell-guard.com\\\/da\\\/?s={search_term_string}\"},\"query-input\":{\"@type\":\"PropertyValueSpecification\",\"valueRequired\":true,\"valueName\":\"search_term_string\"}}],\"inLanguage\":\"da-DK\"},{\"@type\":\"Organization\",\"@id\":\"https:\\\/\\\/iwell-guard.com\\\/da\\\/#organization\",\"name\":\"Ittermann electronic GmbH\",\"url\":\"https:\\\/\\\/iwell-guard.com\\\/da\\\/\",\"logo\":{\"@type\":\"ImageObject\",\"inLanguage\":\"da-DK\",\"@id\":\"https:\\\/\\\/iwell-guard.com\\\/da\\\/#\\\/schema\\\/logo\\\/image\\\/\",\"url\":\"https:\\\/\\\/iwell-guard.com\\\/wp-content\\\/uploads\\\/2026\\\/05\\\/Ittermann-Logo-1182x237-1.png\",\"contentUrl\":\"https:\\\/\\\/iwell-guard.com\\\/wp-content\\\/uploads\\\/2026\\\/05\\\/Ittermann-Logo-1182x237-1.png\",\"width\":1182,\"height\":237,\"caption\":\"Ittermann electronic GmbH\"},\"image\":{\"@id\":\"https:\\\/\\\/iwell-guard.com\\\/da\\\/#\\\/schema\\\/logo\\\/image\\\/\"},\"sameAs\":[\"https:\\\/\\\/pantip.com\\\/profile\\\/9367242\",\"https:\\\/\\\/micro.blog\\\/iwellguard\",\"https:\\\/\\\/www.diggerslist.com\\\/iwellguard\\\/about\",\"https:\\\/\\\/skitterphoto.com\\\/photographers\\\/2870314\\\/iwell-guard\",\"https:\\\/\\\/iwellguard.wordpress.com\\\/2026\\\/06\\\/06\\\/iwell-guard\\\/\",\"https:\\\/\\\/hub.docker.com\\\/u\\\/iwellguard\",\"https:\\\/\\\/www.pinterest.com\\\/iwellguard\\\/\",\"https:\\\/\\\/bit.ly\\\/m\\\/iwellguard\",\"https:\\\/\\\/entre-vos-mains.alsace.eu\\\/profiles\\\/iwellguard\\\/activity\",\"https:\\\/\\\/gravatar.com\\\/reallybeded8fd34\",\"https:\\\/\\\/naijamatta.com\\\/iwellguard\",\"https:\\\/\\\/www.goodreads.com\\\/iwellguard\",\"https:\\\/\\\/profile.hatena.ne.jp\\\/iwellguard\\\/\",\"https:\\\/\\\/experiment.com\\\/users\\\/iwellguard\",\"https:\\\/\\\/wakelet.com\\\/@iWellGuard82270\",\"https:\\\/\\\/www.chordie.com\\\/forum\\\/profile.php?id=2555664\",\"https:\\\/\\\/www.instapaper.com\\\/p\\\/17757966\",\"https:\\\/\\\/www.mapleprimes.com\\\/users\\\/iwellguard\",\"https:\\\/\\\/businesslistingplus.com\\\/profile\\\/iwell-guard\\\/\",\"https:\\\/\\\/telegra.ph\\\/iWell-Guard-06-06\",\"https:\\\/\\\/pbase.com\\\/iwellguard\\\/iwellguard\",\"https:\\\/\\\/b.hatena.ne.jp\\\/iwellguard\\\/20260607#bookmark-4788405196491818882\",\"https:\\\/\\\/fliphtml5.com\\\/home\\\/iwellguard\",\"https:\\\/\\\/anyflip.com\\\/homepage\\\/cmiwl#About\",\"https:\\\/\\\/transfur.com\\\/Users\\\/iwellguard\",\"http:\\\/\\\/delphi.larsbo.org\\\/user\\\/iwellguard\",\"https:\\\/\\\/jobs.lajobsportal.org\\\/profiles\\\/8380803-iwell-guard\",\"https:\\\/\\\/md.chaosdorf.de\\\/s\\\/jfbe5SBdJD\",\"https:\\\/\\\/www.lingvolive.com\\\/en-us\\\/profile\\\/9ecaeaca-ce11-4e51-9e71-01d55e2bff36\\\/translations\",\"https:\\\/\\\/www.fitday.com\\\/fitness\\\/forums\\\/members\\\/iwellguard.html\",\"https:\\\/\\\/www.mymeetbook.com\\\/iwellguard\",\"https:\\\/\\\/pxhere.com\\\/en\\\/photographer-me\\\/5040798\",\"https:\\\/\\\/disqus.com\\\/by\\\/iwellguard\\\/about\\\/\",\"https:\\\/\\\/pastelink.net\\\/hjwciqwq\",\"https:\\\/\\\/pubhtml5.com\\\/homepage\\\/scjhn\\\/\",\"https:\\\/\\\/www.bitchute.com\\\/channel\\\/2O2eOKzNqujT\",\"https:\\\/\\\/audiomack.com\\\/iwellguard\"]}]}<\/script>\n<!-- \/ Yoast SEO Premium plugin. -->","yoast_head_json":{"title":"Zulfiqar \u2013 Alis sv\u00e6rd som beskyttelsestegn","description":"Zulfiqar er Alis legendariske sv\u00e6rd og et betydningsfuldt tegn, is\u00e6r i shiaislam. Oprindelse og betydning forklaret.","robots":{"index":"index","follow":"follow","max-snippet":"max-snippet:-1","max-image-preview":"max-image-preview:large","max-video-preview":"max-video-preview:-1"},"canonical":"https:\/\/iwell-guard.com\/da\/zulfiqar-alis-sverd-som-beskyttelsestegn\/","og_locale":"da_DK","og_type":"article","og_title":"Zulfiqar \u2013 Alis sv\u00e6rd som beskyttelsestegn","og_description":"Zulfiqar er Alis legendariske sv\u00e6rd og et betydningsfuldt tegn, is\u00e6r i shiaislam. Oprindelse og betydning forklaret.","og_url":"https:\/\/iwell-guard.com\/da\/zulfiqar-alis-sverd-som-beskyttelsestegn\/","og_site_name":"iWell Guard","article_modified_time":"2026-09-03T08:03:26+00:00","og_image":[{"width":1024,"height":1536,"url":"https:\/\/iwell-guard.com\/wp-content\/uploads\/2026\/05\/schutzsymbol_islam_zulfiqar.webp","type":"image\/webp"}],"twitter_card":"summary_large_image","schema":{"@context":"https:\/\/schema.org","@graph":[{"@type":"WebPage","@id":"https:\/\/iwell-guard.com\/da\/zulfiqar-alis-sverd-som-beskyttelsestegn\/","url":"https:\/\/iwell-guard.com\/da\/zulfiqar-alis-sverd-som-beskyttelsestegn\/","name":"Zulfiqar \u2013 Alis sv\u00e6rd som beskyttelsestegn","isPartOf":{"@id":"https:\/\/iwell-guard.com\/da\/#website"},"primaryImageOfPage":{"@id":"https:\/\/iwell-guard.com\/da\/zulfiqar-alis-sverd-som-beskyttelsestegn\/#primaryimage"},"image":{"@id":"https:\/\/iwell-guard.com\/da\/zulfiqar-alis-sverd-som-beskyttelsestegn\/#primaryimage"},"thumbnailUrl":"https:\/\/iwell-guard.com\/wp-content\/uploads\/2026\/05\/schutzsymbol_islam_zulfiqar.webp","datePublished":"2026-09-03T07:11:27+00:00","dateModified":"2026-09-03T08:03:26+00:00","description":"Zulfiqar er Alis legendariske sv\u00e6rd og et betydningsfuldt tegn, is\u00e6r i shiaislam. Oprindelse og betydning forklaret.","breadcrumb":{"@id":"https:\/\/iwell-guard.com\/da\/zulfiqar-alis-sverd-som-beskyttelsestegn\/#breadcrumb"},"inLanguage":"da-DK","potentialAction":[{"@type":"ReadAction","target":["https:\/\/iwell-guard.com\/da\/zulfiqar-alis-sverd-som-beskyttelsestegn\/"]}]},{"@type":"ImageObject","inLanguage":"da-DK","@id":"https:\/\/iwell-guard.com\/da\/zulfiqar-alis-sverd-som-beskyttelsestegn\/#primaryimage","url":"https:\/\/iwell-guard.com\/wp-content\/uploads\/2026\/05\/schutzsymbol_islam_zulfiqar.webp","contentUrl":"https:\/\/iwell-guard.com\/wp-content\/uploads\/2026\/05\/schutzsymbol_islam_zulfiqar.webp","width":1024,"height":1536,"caption":"Beskyttelsessymbol. Museal stilleben-illustration."},{"@type":"BreadcrumbList","@id":"https:\/\/iwell-guard.com\/da\/zulfiqar-alis-sverd-som-beskyttelsestegn\/#breadcrumb","itemListElement":[{"@type":"ListItem","position":1,"name":"Start","item":"https:\/\/iwell-guard.com\/da\/?page_id=137908"},{"@type":"ListItem","position":2,"name":"Zulfiqar \u2013 Alis sv\u00e6rd som beskyttelsestegn"}]},{"@type":"WebSite","@id":"https:\/\/iwell-guard.com\/da\/#website","url":"https:\/\/iwell-guard.com\/da\/","name":"iWell Guard","description":"Schutz vor dunklen Einfl\u00fcssen","publisher":{"@id":"https:\/\/iwell-guard.com\/da\/#organization"},"potentialAction":[{"@type":"SearchAction","target":{"@type":"EntryPoint","urlTemplate":"https:\/\/iwell-guard.com\/da\/?s={search_term_string}"},"query-input":{"@type":"PropertyValueSpecification","valueRequired":true,"valueName":"search_term_string"}}],"inLanguage":"da-DK"},{"@type":"Organization","@id":"https:\/\/iwell-guard.com\/da\/#organization","name":"Ittermann electronic GmbH","url":"https:\/\/iwell-guard.com\/da\/","logo":{"@type":"ImageObject","inLanguage":"da-DK","@id":"https:\/\/iwell-guard.com\/da\/#\/schema\/logo\/image\/","url":"https:\/\/iwell-guard.com\/wp-content\/uploads\/2026\/05\/Ittermann-Logo-1182x237-1.png","contentUrl":"https:\/\/iwell-guard.com\/wp-content\/uploads\/2026\/05\/Ittermann-Logo-1182x237-1.png","width":1182,"height":237,"caption":"Ittermann electronic GmbH"},"image":{"@id":"https:\/\/iwell-guard.com\/da\/#\/schema\/logo\/image\/"},"sameAs":["https:\/\/pantip.com\/profile\/9367242","https:\/\/micro.blog\/iwellguard","https:\/\/www.diggerslist.com\/iwellguard\/about","https:\/\/skitterphoto.com\/photographers\/2870314\/iwell-guard","https:\/\/iwellguard.wordpress.com\/2026\/06\/06\/iwell-guard\/","https:\/\/hub.docker.com\/u\/iwellguard","https:\/\/www.pinterest.com\/iwellguard\/","https:\/\/bit.ly\/m\/iwellguard","https:\/\/entre-vos-mains.alsace.eu\/profiles\/iwellguard\/activity","https:\/\/gravatar.com\/reallybeded8fd34","https:\/\/naijamatta.com\/iwellguard","https:\/\/www.goodreads.com\/iwellguard","https:\/\/profile.hatena.ne.jp\/iwellguard\/","https:\/\/experiment.com\/users\/iwellguard","https:\/\/wakelet.com\/@iWellGuard82270","https:\/\/www.chordie.com\/forum\/profile.php?id=2555664","https:\/\/www.instapaper.com\/p\/17757966","https:\/\/www.mapleprimes.com\/users\/iwellguard","https:\/\/businesslistingplus.com\/profile\/iwell-guard\/","https:\/\/telegra.ph\/iWell-Guard-06-06","https:\/\/pbase.com\/iwellguard\/iwellguard","https:\/\/b.hatena.ne.jp\/iwellguard\/20260607#bookmark-4788405196491818882","https:\/\/fliphtml5.com\/home\/iwellguard","https:\/\/anyflip.com\/homepage\/cmiwl#About","https:\/\/transfur.com\/Users\/iwellguard","http:\/\/delphi.larsbo.org\/user\/iwellguard","https:\/\/jobs.lajobsportal.org\/profiles\/8380803-iwell-guard","https:\/\/md.chaosdorf.de\/s\/jfbe5SBdJD","https:\/\/www.lingvolive.com\/en-us\/profile\/9ecaeaca-ce11-4e51-9e71-01d55e2bff36\/translations","https:\/\/www.fitday.com\/fitness\/forums\/members\/iwellguard.html","https:\/\/www.mymeetbook.com\/iwellguard","https:\/\/pxhere.com\/en\/photographer-me\/5040798","https:\/\/disqus.com\/by\/iwellguard\/about\/","https:\/\/pastelink.net\/hjwciqwq","https:\/\/pubhtml5.com\/homepage\/scjhn\/","https:\/\/www.bitchute.com\/channel\/2O2eOKzNqujT","https:\/\/audiomack.com\/iwellguard"]}]}},"_links":{"self":[{"href":"https:\/\/iwell-guard.com\/da\/wp-json\/wp\/v2\/pages\/138514","targetHints":{"allow":["GET"]}}],"collection":[{"href":"https:\/\/iwell-guard.com\/da\/wp-json\/wp\/v2\/pages"}],"about":[{"href":"https:\/\/iwell-guard.com\/da\/wp-json\/wp\/v2\/types\/page"}],"author":[{"embeddable":true,"href":"https:\/\/iwell-guard.com\/da\/wp-json\/wp\/v2\/users\/3"}],"replies":[{"embeddable":true,"href":"https:\/\/iwell-guard.com\/da\/wp-json\/wp\/v2\/comments?post=138514"}],"version-history":[{"count":0,"href":"https:\/\/iwell-guard.com\/da\/wp-json\/wp\/v2\/pages\/138514\/revisions"}],"wp:featuredmedia":[{"embeddable":true,"href":"https:\/\/iwell-guard.com\/da\/wp-json\/wp\/v2\/media\/3517"}],"wp:attachment":[{"href":"https:\/\/iwell-guard.com\/da\/wp-json\/wp\/v2\/media?parent=138514"}],"wp:term":[{"taxonomy":"category","embeddable":true,"href":"https:\/\/iwell-guard.com\/da\/wp-json\/wp\/v2\/categories?post=138514"}],"curies":[{"name":"wp","href":"https:\/\/api.w.org\/{rel}","templated":true}]}}