{"id":138401,"date":"2026-09-03T07:09:47","date_gmt":"2026-09-03T07:09:47","guid":{"rendered":"https:\/\/iwell-guard.com\/?page_id=138401"},"modified":"2026-09-03T07:59:46","modified_gmt":"2026-09-03T07:59:46","slug":"vesta","status":"publish","type":"page","link":"https:\/\/iwell-guard.com\/da\/vesta\/","title":{"rendered":"Vesta"},"content":{"rendered":"\t\t<div data-elementor-type=\"wp-page\" data-elementor-id=\"138401\" class=\"elementor elementor-138401 elementor-3014 elementor-bc-flex-widget\" data-elementor-post-type=\"page\">\n\t\t\t\t<div class=\"elementor-element elementor-element-71afdde e-flex e-con-boxed e-con e-parent\" data-id=\"71afdde\" data-element_type=\"container\" data-e-type=\"container\" data-settings=\"{&quot;background_background&quot;:&quot;classic&quot;}\">\n\t\t\t\t\t<div class=\"e-con-inner\">\n\t\t<div class=\"elementor-element elementor-element-0aac197 e-flex e-con-boxed e-con e-child\" data-id=\"0aac197\" data-element_type=\"container\" data-e-type=\"container\">\n\t\t\t\t\t<div class=\"e-con-inner\">\n\t\t<div class=\"elementor-element elementor-element-f18f2e5 e-con-full e-flex e-con e-child\" data-id=\"f18f2e5\" data-element_type=\"container\" data-e-type=\"container\">\n\t\t\t\t<div class=\"elementor-element elementor-element-ec8ab80 elementor-widget elementor-widget-heading\" data-id=\"ec8ab80\" data-element_type=\"widget\" data-e-type=\"widget\" data-widget_type=\"heading.default\">\n\t\t\t\t\t<h1 class=\"elementor-heading-title elementor-size-default\">Vesta, romersk gudinde for arnens ild<\/h1>\t\t\t\t<\/div>\n\t\t\t\t<div class=\"elementor-element elementor-element-60c7f8f elementor-widget elementor-widget-text-editor\" data-id=\"60c7f8f\" data-element_type=\"widget\" data-e-type=\"widget\" data-widget_type=\"text-editor.default\">\n\t\t\t\t\t\t\t\t\t<p>Vesta er den romerske gudinde for arnens ild og statskulten. Hendes <span class=\"iwg-fachbegriff\" data-tooltip=\"Et helligt sted indviet til dyrkelsen af en gudeskikkelse.\" tabindex=\"0\">helligdom<\/span> p\u00e5 Forum Romanum var blandt Roms \u00e6ldste og politisk vigtigste. Ilden, der br\u00e6ndte uafbrudt i hendes <span class=\"iwg-fachbegriff\" data-tooltip=\"En bygning, der tjener dyrkelsen af en eller flere gudeskikkelser.\" tabindex=\"0\">tempel<\/span>, blev anset som garant for byens velf\u00e6rd.<\/p><p><span class=\"iwg-fachbegriff\" data-tooltip=\"Den samlede religi\u00f8se dyrkelse af en gud eller helgenlignende skikkelse.\" tabindex=\"0\">Kulten<\/span> blev administreret af vestalinderne, et indviet kollegium af pr\u00e6stinder med den h\u00f8jeste rituelle rang. Deres historie g\u00e5r tilbage til begyndelsen af den italiske religion og ender f\u00f8rst med den formelle oph\u00e6velse af kulten i \u00e5r 391 under Theodosius.<\/p>\t\t\t\t\t\t\t\t<\/div>\n\t\t\t\t<\/div>\n\t\t<div class=\"elementor-element elementor-element-c3542be e-con-full e-flex e-con e-parent\" data-id=\"c3542be\" data-element_type=\"container\" data-e-type=\"container\">\n\t\t\t\t<div class=\"elementor-element elementor-element-9981897 elementor-widget elementor-widget-html\" data-id=\"9981897\" data-element_type=\"widget\" data-e-type=\"widget\" data-widget_type=\"html.default\">\n\t\t\t\t\t<div class=\"iwg-pill-row\"><span class=\"iwg-klasse-badge\" tabindex=\"0\" data-tooltip=\"Gud\/gudinde: Personificeret h\u00f8jeste magt i en kulturs pantheon, med klare ansvarsomr\u00e5der \u2014 naturkr\u00e6fter, sk\u00e6bne, krig, frugtbarhed. \u00c6ret gennem kulter, offergaver og tempelinstitutioner.\">Gud<\/span><a href=\"https:\/\/iwell-guard.com\/da\/rom\/\" class=\"iwg-kultur-badge\" tabindex=\"0\" data-tooltip=\"Romersk religion fra kongetiden til senantikken \u2014 synkretistisk med gr\u00e6ske og etruskiske lag.\">Rom<\/a><\/div>\t\t\t\t<\/div>\n\t\t\t\t<\/div>\n\t\t<div class=\"elementor-element elementor-element-3ac9319 e-con-full e-flex e-con e-child\" data-id=\"3ac9319\" data-element_type=\"container\" data-e-type=\"container\">\n\t\t\t\t<div class=\"elementor-element elementor-element-63ca525 elementor-toc--minimized-on-tablet elementor-widget elementor-widget-table-of-contents\" data-id=\"63ca525\" data-element_type=\"widget\" data-e-type=\"widget\" data-settings=\"{&quot;exclude_headings_by_selector&quot;:[],&quot;no_headings_message&quot;:&quot;Der blev ikke fundet nogen overskrifter p\\u00e5 denne side.&quot;,&quot;headings_by_tags&quot;:[&quot;h2&quot;,&quot;h3&quot;],&quot;marker_view&quot;:&quot;bullets&quot;,&quot;icon&quot;:{&quot;value&quot;:&quot;fas fa-circle&quot;,&quot;library&quot;:&quot;fa-solid&quot;,&quot;rendered_tag&quot;:&quot;&lt;svg class=\\&quot;e-font-icon-svg e-fas-circle\\&quot; viewBox=\\&quot;0 0 512 512\\&quot; xmlns=\\&quot;http:\\\/\\\/www.w3.org\\\/2000\\\/svg\\&quot;&gt;&lt;path d=\\&quot;M256 8C119 8 8 119 8 256s111 248 248 248 248-111 248-248S393 8 256 8z\\&quot;&gt;&lt;\\\/path&gt;&lt;\\\/svg&gt;&quot;},&quot;minimize_box&quot;:&quot;yes&quot;,&quot;minimized_on&quot;:&quot;tablet&quot;,&quot;hierarchical_view&quot;:&quot;yes&quot;,&quot;min_height&quot;:{&quot;unit&quot;:&quot;px&quot;,&quot;size&quot;:&quot;&quot;,&quot;sizes&quot;:[]},&quot;min_height_tablet&quot;:{&quot;unit&quot;:&quot;px&quot;,&quot;size&quot;:&quot;&quot;,&quot;sizes&quot;:[]},&quot;min_height_mobile&quot;:{&quot;unit&quot;:&quot;px&quot;,&quot;size&quot;:&quot;&quot;,&quot;sizes&quot;:[]}}\" data-widget_type=\"table-of-contents.default\">\n\t\t\t\t\t\t\t\t\t<div class=\"elementor-toc__header\">\n\t\t\t\t\t\t<h2 class=\"elementor-toc__header-title\">\n\t\t\t\tIndholdsfortegnelse\t\t\t<\/h2>\n\t\t\t\t\t\t\t\t\t\t<div class=\"elementor-toc__toggle-button elementor-toc__toggle-button--expand\" role=\"button\" tabindex=\"0\" aria-controls=\"elementor-toc__63ca525\" aria-expanded=\"true\" aria-label=\"Open table of contents\"><svg aria-hidden=\"true\" class=\"e-font-icon-svg e-fas-chevron-down\" viewBox=\"0 0 448 512\" xmlns=\"http:\/\/www.w3.org\/2000\/svg\"><path d=\"M207.029 381.476L12.686 187.132c-9.373-9.373-9.373-24.569 0-33.941l22.667-22.667c9.357-9.357 24.522-9.375 33.901-.04L224 284.505l154.745-154.021c9.379-9.335 24.544-9.317 33.901.04l22.667 22.667c9.373 9.373 9.373 24.569 0 33.941L240.971 381.476c-9.373 9.372-24.569 9.372-33.942 0z\"><\/path><\/svg><\/div>\n\t\t\t\t<div class=\"elementor-toc__toggle-button elementor-toc__toggle-button--collapse\" role=\"button\" tabindex=\"0\" aria-controls=\"elementor-toc__63ca525\" aria-expanded=\"true\" aria-label=\"Close table of contents\"><svg aria-hidden=\"true\" class=\"e-font-icon-svg e-fas-chevron-up\" viewBox=\"0 0 448 512\" xmlns=\"http:\/\/www.w3.org\/2000\/svg\"><path d=\"M240.971 130.524l194.343 194.343c9.373 9.373 9.373 24.569 0 33.941l-22.667 22.667c-9.357 9.357-24.522 9.375-33.901.04L224 227.495 69.255 381.516c-9.379 9.335-24.544 9.317-33.901-.04l-22.667-22.667c-9.373-9.373-9.373-24.569 0-33.941L207.03 130.525c9.372-9.373 24.568-9.373 33.941-.001z\"><\/path><\/svg><\/div>\n\t\t\t\t\t<\/div>\n\t\t\t\t<div id=\"elementor-toc__63ca525\" class=\"elementor-toc__body\">\n\t\t\t<div class=\"elementor-toc__spinner-container\">\n\t\t\t\t<svg class=\"elementor-toc__spinner eicon-animation-spin e-font-icon-svg e-eicon-loading\" aria-hidden=\"true\" viewBox=\"0 0 1000 1000\" xmlns=\"http:\/\/www.w3.org\/2000\/svg\"><path d=\"M500 975V858C696 858 858 696 858 500S696 142 500 142 142 304 142 500H25C25 237 238 25 500 25S975 237 975 500 763 975 500 975Z\"><\/path><\/svg>\t\t\t<\/div>\n\t\t<\/div>\n\t\t\t\t\t\t<\/div>\n\t\t\t\t<\/div>\n\t\t\t\t\t<\/div>\n\t\t\t\t<\/div>\n\t\t<div class=\"elementor-element elementor-element-b2cea55 e-con-full e-flex e-con e-child\" data-id=\"b2cea55\" data-element_type=\"container\" data-e-type=\"container\">\n\t\t\t\t<div class=\"elementor-element elementor-element-227b75e iwg-hero-image elementor-widget elementor-widget-image\" data-id=\"227b75e\" data-element_type=\"widget\" data-e-type=\"widget\" data-widget_type=\"image.default\">\n\t\t\t\t\t\t\t\t\t\t\t\t\t\t\t<img fetchpriority=\"high\" decoding=\"async\" width=\"683\" height=\"1024\" src=\"https:\/\/iwell-guard.com\/wp-content\/uploads\/2026\/05\/goetter_rom_vesta-683x1024.webp\" class=\"attachment-large size-large wp-image-140022\" alt=\"Vesta - guder fra den romerske tradition, historisk-illustrativ\" srcset=\"https:\/\/iwell-guard.com\/wp-content\/uploads\/2026\/05\/goetter_rom_vesta-683x1024.webp 683w, https:\/\/iwell-guard.com\/wp-content\/uploads\/2026\/05\/goetter_rom_vesta-200x300.webp 200w, https:\/\/iwell-guard.com\/wp-content\/uploads\/2026\/05\/goetter_rom_vesta-768x1152.webp 768w, https:\/\/iwell-guard.com\/wp-content\/uploads\/2026\/05\/goetter_rom_vesta.webp 1024w\" sizes=\"(max-width: 683px) 100vw, 683px\" \/>\t\t\t\t\t\t\t\t\t\t\t\t\t\t\t<\/div>\n\t\t\t\t<\/div>\n\t\t\t\t\t<\/div>\n\t\t\t\t<\/div>\n\t\t<div class=\"elementor-element elementor-element-db85b49 e-con-boxed e-flex e-con e-parent\" data-id=\"db85b49\" data-element_type=\"container\" data-e-type=\"container\">\n\t\t\t\t\t<div class=\"e-con-inner\">\n\t\t<div class=\"elementor-element elementor-element-72e7923 e-con-full e-flex e-con e-child\" data-id=\"72e7923\" data-element_type=\"container\" data-e-type=\"container\">\n\t\t\t\t<div class=\"elementor-element elementor-element-83c732e elementor-widget elementor-widget-heading\" data-id=\"83c732e\" data-element_type=\"widget\" data-e-type=\"widget\" data-widget_type=\"heading.default\">\n\t\t\t\t\t<h2 class=\"elementor-heading-title elementor-size-default\">Myte og oprindelse<\/h2>\t\t\t\t<\/div>\n\t\t\t\t<div class=\"elementor-element elementor-element-8370d14 elementor-widget elementor-widget-text-editor\" data-id=\"8370d14\" data-element_type=\"widget\" data-e-type=\"widget\" data-widget_type=\"text-editor.default\">\n\t\t\t\t\t\t\t\t\t<p>Vesta h\u00f8rer til de \u00e6ldste elementer i den italiske religion og er sproghistorisk besl\u00e6gtet med den gr\u00e6ske Hestia. Begge navne kan f\u00f8res tilbage til en indoeurop\u00e6isk rod, der betegner br\u00e6nding eller gl\u00f8d.<\/p><p>I mods\u00e6tning til den gr\u00e6ske Hestia udviklede Vesta i Rom en udpr\u00e6get statslig-politisk dimension. Allerede Numa Pompilius skal if\u00f8lge Livius have organiseret Vesta-<span class=\"iwg-fachbegriff\" data-tooltip=\"Den samlede religi\u00f8se dyrkelse af en gud eller helgenlignende skikkelse.\" tabindex=\"0\">kulten<\/span> og indstiftet vestalindernes kollegium. Plutarch beretter tilsvarende i sin \u00abNuma\u00bb-biografi og betoner den legendariske konges religi\u00f8se ordensskabende kraft.<\/p>\n<p><span class=\"iwg-fachbegriff\" data-tooltip=\"En overleveret fort\u00e6lling om guder, oprindelser og verdens orden.\" tabindex=\"0\">Myten<\/span> om Vesta selv er fattig p\u00e5 fort\u00e6llinger. Hun optr\u00e6der sj\u00e6ldent som handlende gudinde i den litter\u00e6re tradition, men fremst\u00e5r som en allegorisk personificering af arnens ild. Ovid tilskriver hende et udf\u00f8rligt afsnit i \u00abFasti\u00bb om Vestalia-festen den 9. juni og betoner vanskeligheden ved at forestille sig gudinden billedligt.<\/p><p>Hun skal have \u00abintet andet end den levende ild\u00bb og dyrkes ikke i statuer, men i selve flammen. Denne koncentration p\u00e5 det rene element giver Vesta en teologisk s\u00e6rstilling i den romerske religion.<\/p>\n<p>Den n\u00e6re forbindelse mellem Vesta og penaterne, husets beskyttende guder, samt palladiet, det <span class=\"iwg-fachbegriff\" data-tooltip=\"Billedlig fremstilling af en gud, der dyrkes i tempel eller helligdom.\" tabindex=\"0\">kultbillede<\/span> af Minerva, der blev reddet fra Troja, gjorde hende til omdrejningspunkt for den romerske statsmyte.<\/p><p>Vergil lader Aeneas i \u00abAeneiden\u00bb flygte fra Troja med penaterne og Vesta-ilden. Denne sammenk\u00e6dning af trojansk oprindelse, statslig arneild og beskyttende guder udgjorde det augusteiske Roms religi\u00f8se selvforst\u00e5else.<\/p>\n<p>I den italiske forhistorie var vogtningen af husets ild en central opgave for husets ugifte d\u00f8tre. Vestalinderne er religionshistorisk et spejlbillede af denne praksis, oph\u00f8jet til statskult. Det arkaiske m\u00f8nster fra det italiske bondehus, hvor en central arne forsynede hele huset, er arkitektonisk bevaret i Vestas cirkelrunde <span class=\"iwg-fachbegriff\" data-tooltip=\"En bygning, der tjener dyrkelsen af en eller flere gudeskikkelser.\" tabindex=\"0\">tempel<\/span>.<\/p>\t\t\t\t\t\t\t\t<\/div>\n\t\t\t\t<\/div>\n\t\t<div class=\"elementor-element elementor-element-17c3c2b e-con-full e-flex e-con e-child\" data-id=\"17c3c2b\" data-element_type=\"container\" data-e-type=\"container\">\n\t\t\t\t<div class=\"elementor-element elementor-element-71f5ee9 elementor-widget elementor-widget-heading\" data-id=\"71f5ee9\" data-element_type=\"widget\" data-e-type=\"widget\" data-widget_type=\"heading.default\">\n\t\t\t\t\t<h2 class=\"elementor-heading-title elementor-size-default\">Symboler og attributter<\/h2>\t\t\t\t<\/div>\n\t\t\t\t<div class=\"elementor-element elementor-element-5337f4e elementor-widget elementor-widget-text-editor\" data-id=\"5337f4e\" data-element_type=\"widget\" data-e-type=\"widget\" data-widget_type=\"text-editor.default\">\n\t\t\t\t\t\t\t\t\t<p>Vestas vigtigste <span class=\"iwg-fachbegriff\" data-tooltip=\"Et tegn, der repr\u00e6senterer en forestilling eller betydning.\" tabindex=\"0\">symbol<\/span> er flammen. Den evige ild i hendes <span class=\"iwg-fachbegriff\" data-tooltip=\"En bygning, der tjener dyrkelsen af en eller flere gudeskikkelser.\" tabindex=\"0\">tempel<\/span> blev ikke betragtet som et billede, men som gudindens reelle n\u00e6rv\u00e6r. Den blev holdt ved live med tr\u00e6 fra den hellige <span class=\"iwg-fachbegriff\" data-tooltip=\"Et helligt tr\u00e6bevoksning, der tjente som kultsted.\" tabindex=\"0\">lund<\/span> p\u00e5 Velia og m\u00e5tte under ingen omst\u00e6ndigheder slukkes.<\/p><p>Hvis den alligevel gik ud, hvad Cicero og Livius beskriver som et farligt varsel, skulle den t\u00e6ndes p\u00e5 ny ved at gnide to tr\u00e6pinde mod hinanden eller ved hj\u00e6lp af sollys og br\u00e6ndglas, aldrig fra en profan kilde. Denne renhedsforskrift viser kultens teologiske stringens.<\/p>\n<p>Herudover spiller vandet en vigtig rolle. Vestalinderne \u00f8ste dagligt vand fra Egerias kilde eller fra Camenernes br\u00f8nd og m\u00e5tte ikke s\u00e6tte det p\u00e5 jorden.<\/p><p>Dette vand blev brugt til den rituelle rensning af templet. Kombinationen af ild og vand, begge i ren form, gjorde Vesta til gudinde for de element\u00e6re foruds\u00e6tninger for menneskeligt liv.<\/p>\n<p>Vestas hellige <span class=\"iwg-fachbegriff\" data-tooltip=\"Et helligt tr\u00e6bevoksning, der tjente som kultsted.\" tabindex=\"0\">lund<\/span> ved Lavinium var kilden til mola salsa, et indviet saltmel, som vestalinderne fremstillede af spelt og salt.<\/p><p>Mola salsa blev str\u00f8et p\u00e5 dyr og <span class=\"iwg-fachbegriff\" data-tooltip=\"Oph\u00f8jet sted eller bord til offer og religi\u00f8se handlinger.\" tabindex=\"0\">alter<\/span> ved offentlige offerhandlinger og gav ordet \u00abimmolare\u00bb, det vil sige \u00abat ofre\u00bb, dets navn. Dermed blev n\u00e6sten hvert offentligt <span class=\"iwg-fachbegriff\" data-tooltip=\"Gave til en gud for at udtrykke tak, b\u00f8n eller tilbedelse.\" tabindex=\"0\">offer<\/span> medvirket helliggjort af et vestalisk produkt.<\/p>\n<p>I billedkunsten optr\u00e6der Vesta sj\u00e6ldent i personificeret form, snarest som en tilhyllet matrone med sk\u00e5l og fakkel. Hyppigere st\u00e5r hendes ikoniske tegn, flammen p\u00e5 et <span class=\"iwg-fachbegriff\" data-tooltip=\"Oph\u00f8jet sted eller bord til offer og religi\u00f8se handlinger.\" tabindex=\"0\">alter<\/span>, i centrum af relieffer, m\u00f8nter og v\u00e6gmalerier.<\/p><p>P\u00e5 mange kejsertidsm\u00f8nter er Vesta afbildet tronende med patera og scepter, ofte med indskriften Vesta Mater eller Vesta Sancta. Denne ikonografiske tilbageholdenhed understreger den abstrakte karakter af hendes dyrkelse.<\/p>\t\t\t\t\t\t\t\t<\/div>\n\t\t\t\t<\/div>\n\t\t<div class=\"elementor-element elementor-element-35ac3ab e-con-full e-flex e-con e-child\" data-id=\"35ac3ab\" data-element_type=\"container\" data-e-type=\"container\">\n\t\t\t\t<div class=\"elementor-element elementor-element-0f58371 elementor-widget elementor-widget-heading\" data-id=\"0f58371\" data-element_type=\"widget\" data-e-type=\"widget\" data-widget_type=\"heading.default\">\n\t\t\t\t\t<h2 class=\"elementor-heading-title elementor-size-default\">Kult og tilbedelse<\/h2>\t\t\t\t<\/div>\n\t\t\t\t<div class=\"elementor-element elementor-element-5b9f4f6 elementor-widget elementor-widget-text-editor\" data-id=\"5b9f4f6\" data-element_type=\"widget\" data-e-type=\"widget\" data-widget_type=\"text-editor.default\">\n\t\t\t\t\t\t\t\t\t<p>Vesta-<span class=\"iwg-fachbegriff\" data-tooltip=\"Et helligt sted indviet til dyrkelsen af en gud.\" tabindex=\"0\">helligdommen<\/span> p\u00e5 Forum, Aedes Vestae, var en cirkul\u00e6r bygning i n\u00e6rheden af Regia, det gamle embedss\u00e6de for Pontifex Maximus. Ved siden af l\u00e5 Atrium Vestae, boligen for de seks vestalinder.<\/p><p>Tempelets cirkelform genoptog sandsynligvis den arkaiske husform i Latium og symboliserede dermed den urgamle italiske boligbygning, i hvis midte husets ildsted br\u00e6ndte. Ark\u00e6ologiske udgravninger har identificeret flere byggefaser, fra en tidlig tr\u00e6anl\u00e6g til Iulia Domnas marmorombygning i det 3. \u00e5rhundrede e.Kr.<\/p>\n<p>Vestalinderne blev udvalgt i en alder mellem seks og ti \u00e5r fra en liste over romerske familier og <span class=\"iwg-fachbegriff\" data-tooltip=\"Overdraget til det hellige gennem en religi\u00f8s handling og dermed h\u00e6vet ud af det hverdagslige.\" tabindex=\"0\">indviet<\/span> af Pontifex Maximus. Deres tjenestetid var tredive \u00e5r. De var ikke underlagt deres fars patria potestas, kunne skrive testamente og sidde p\u00e5 s\u00e6rlige pladser i teatret.<\/p><p>Denne juridiske s\u00e6rstatus var enest\u00e5ende i det romerske samfund. I geng\u00e6ld var deres kyskhed ukr\u00e6nkelig. Overtr\u00e6delser blev straffet med levende begravelse i n\u00e6rheden af Porta Collina. S\u00e5danne tilf\u00e6lde er belagt flere gange i kildelitteraturen, blandt andet Cornelia under Domitian og Postumia under republikken.<\/p>\n<p>Hovedfesten var Vestalia fra den 7. til den 15. juni. I denne periode var <span class=\"iwg-fachbegriff\" data-tooltip=\"En bygning, der tjener til dyrkelse af en eller flere guder.\" tabindex=\"0\">templet<\/span> undtagelsesvist ogs\u00e5 \u00e5bent for romerske husm\u00f8dre, som barfodede bragte <span class=\"iwg-fachbegriff\" data-tooltip=\"Gave til en gud for at udtrykke tak, b\u00f8n eller tilbedelse.\" tabindex=\"0\">offergaver<\/span>. P\u00e5 den sidste dag blev <span class=\"iwg-fachbegriff\" data-tooltip=\"En bygning, der tjener til dyrkelse af en eller flere guder.\" tabindex=\"0\">templet<\/span> <span class=\"iwg-fachbegriff\" data-tooltip=\"H\u00f8rende til et fastlagt religi\u00f8st handlingsforl\u00f8b.\" tabindex=\"0\">rituelt<\/span> renset, og de udfejede rester blev bragt til Tiberen.<\/p><p>Den tilh\u00f8rende dag, den 15. juni, blev derefter betragtet som en profan dato og kunne benyttes til forretninger. Ogs\u00e5 den 9. juni var s\u00e6rligt fremh\u00e6vet, fordi \u00e6sler blev kranset med br\u00f8d til minde om et \u00e6sel, der siges at have reddet Vesta fra et overgreb af Priapus.<\/p>\n<p>Med den religi\u00f8se reform under Augustus blev Vesta-<span class=\"iwg-fachbegriff\" data-tooltip=\"Helheden af de religi\u00f8se tilbedelseshandlinger for en gud eller hellig skikkelse.\" tabindex=\"0\">kulten<\/span> t\u00e6t knyttet til kejserhuset. Augustus overtog pontifikatet og lod opf\u00f8re et nyt Vesta-<span class=\"iwg-fachbegriff\" data-tooltip=\"Et helligt sted indviet til dyrkelsen af en gud.\" tabindex=\"0\">helligdom<\/span> i sin residens p\u00e5 Palatinerh\u00f8jen, s\u00e5 stat, pontifikat og kejserhus symbolsk var sammenflettet.<\/p><p>Vestas tilstedev\u00e6relse i paladset understregede, at princeps personligt garanterede statens evige ild. Under den severiske dynasti blev <span class=\"iwg-fachbegriff\" data-tooltip=\"Helheden af de religi\u00f8se tilbedelseshandlinger for en gud eller hellig skikkelse.\" tabindex=\"0\">kulten<\/span> yderligere opgraderet af Iulia Domna.<\/p>\n<p><span class=\"iwg-fachbegriff\" data-tooltip=\"Helheden af de religi\u00f8se tilbedelseshandlinger for en gud eller hellig skikkelse.\" tabindex=\"0\">Kulten<\/span> blev officielt afsluttet i \u00e5r 391 e.Kr. under kejser Theodosius. Den evige ild blev slukket, Atrium Vestae blev lukket, og de sidste vestalinder mistede deres privilegier. Symeon Stylites og andre kristne asketikere blev i <span class=\"iwg-fachbegriff\" data-tooltip=\"Overgangsperiode mellem antikken og middelalderen, ca. 3. til 7. \u00e5rhundrede.\" tabindex=\"0\">senantikken<\/span> til dels l\u00e6st som et \u00e5ndeligt ekko af de vestalske idealer, hvilket understreger institutionens langvarige udstr\u00e5lingskraft.<\/p>\t\t\t\t\t\t\t\t<\/div>\n\t\t\t\t<\/div>\n\t\t<div class=\"elementor-element elementor-element-7a4855b e-con-full e-flex e-con e-child\" data-id=\"7a4855b\" data-element_type=\"container\" data-e-type=\"container\">\n\t\t\t\t<div class=\"elementor-element elementor-element-3a56f95 elementor-widget elementor-widget-heading\" data-id=\"3a56f95\" data-element_type=\"widget\" data-e-type=\"widget\" data-widget_type=\"heading.default\">\n\t\t\t\t\t<h2 class=\"elementor-heading-title elementor-size-default\">Vigtige myter<\/h2>\t\t\t\t<\/div>\n\t\t\t\t<div class=\"elementor-element elementor-element-82e7b4b elementor-widget elementor-widget-text-editor\" data-id=\"82e7b4b\" data-element_type=\"widget\" data-e-type=\"widget\" data-widget_type=\"text-editor.default\">\n\t\t\t\t\t\t\t\t\t<p>Fort\u00e6llingen om Rhea Silvia og tvillingerne Romulus og Remus er det vigtigste mytiske bindeled mellem Vesta og Rom. If\u00f8lge Livius var Rhea Silvia, tvillingernes mor, vestalinde i Alba Longa. Gjort gravid af krigsguden Mars f\u00f8dte hun Roms grundl\u00e6ggere og blev i overensstemmelse med vestalindernes strenge ret d\u00f8mt til d\u00f8den.<\/p><p>Episoden forbinder den strengeste vestalske disciplin med Roms f\u00f8dsel og g\u00f8r dermed gudinden til stedets stille ledsager ved byens grundl\u00e6ggelse. I overf\u00f8rt betydning g\u00e6lder det siden, at den romerske historie selv udspringer af en indviet, dern\u00e6st kr\u00e6nket renhed.<\/p>\n<p>En anden fort\u00e6lling beretter om vestalinden Tuccia, som var under anklage for ukyskhed. For at bevise sin uskyld skoppede hun vand fra Tiberen med en si og bragte det uden at spilde en dr\u00e5be til <span class=\"iwg-fachbegriff\" data-tooltip=\"En bygning, der tjener til dyrkelse af en eller flere guder.\" tabindex=\"0\">templet<\/span>. Plinius den \u00c6ldre og Augustinus refererer denne mirakelfort\u00e6lling, som i middelalderen blev en allegori over kysk standhaftighed.<\/p><p>I Andrea Mantegnas \u00abTriumf over dyderne\u00bb og p\u00e5 Vermeers \u00abAllegori over malerkunsten\u00bb findes hentydninger til denne episode.<\/p>\n<p>En tredje fort\u00e6lling beskriver reddelsen af Palladiet og den hellige ild ved L. Caecilius Metellus i \u00e5r 241 f.Kr. Da Vesta-<span class=\"iwg-fachbegriff\" data-tooltip=\"En bygning, der tjener til dyrkelse af en eller flere guder.\" tabindex=\"0\">templet<\/span> br\u00e6ndte, tr\u00e6ngte Metellus ind i <span class=\"iwg-fachbegriff\" data-tooltip=\"Et helligt sted indviet til dyrkelsen af en gud.\" tabindex=\"0\">helligdommen<\/span> og reddede de hellige pantesymboler.<\/p><p>Han mistede derved sit syn og blev anset som en helt for statskulten. Senatet tildelte ham den ekstraordin\u00e6re ret til at k\u00f8re i vogn til forsamlingerne. Episoden vidner om, hvor meget statens eksistens hang sammen med sikkerheden for Vesta-helligdommen.<\/p>\n<p>En fjerde fort\u00e6lling handler om vestalinden Aemilia, som kunne kompensere sin skyld i den slukkede ild gennem et mirakel. Hun kastede sit sl\u00f8r over det slukkede <span class=\"iwg-fachbegriff\" data-tooltip=\"Oph\u00f8jet sted eller bord til offer og religi\u00f8se handlinger.\" tabindex=\"0\">alter<\/span>, hvorp\u00e5 flammen af sig selv blev genant\u00e6ndt. Dionysios af Halikarnassos beretter denne fort\u00e6lling, som tydeligg\u00f8r tilliden til den guddommelige indgriben til gunst for rene pr\u00e6stinder.<\/p>\t\t\t\t\t\t\t\t<\/div>\n\t\t\t\t<\/div>\n\t\t<div class=\"elementor-element elementor-element-25f756b e-con-full e-flex e-con e-child\" data-id=\"25f756b\" data-element_type=\"container\" data-e-type=\"container\">\n\t\t\t\t<div class=\"elementor-element elementor-element-cc7d506 elementor-widget elementor-widget-heading\" data-id=\"cc7d506\" data-element_type=\"widget\" data-e-type=\"widget\" data-widget_type=\"heading.default\">\n\t\t\t\t\t<h2 class=\"elementor-heading-title elementor-size-default\">Relationer i panteonet<\/h2>\t\t\t\t<\/div>\n\t\t\t\t<div class=\"elementor-element elementor-element-1565b58 elementor-widget elementor-widget-text-editor\" data-id=\"1565b58\" data-element_type=\"widget\" data-e-type=\"widget\" data-widget_type=\"text-editor.default\">\n\t\t\t\t\t\t\t\t\t<p>Vesta er t\u00e6t forbundet med Penates Publici, Roms offentlige beskyttelsesguder. Sammen udg\u00f8r de den sn\u00e6vreste kreds af statsguddomme.<\/p><p>Hun er ogs\u00e5 n\u00e6rt knyttet til Iuppiter, da Vesta-ilden blev tolket som den h\u00f8jeste guds ild, og Pontifex Maximus samtidig var tilsynsmand for Vesta-kulten. Denne personunion gjorde Vesta til den statsteologisk vigtigste gudinde i Rom.<\/p>\n<p>Med Iuno deler Vesta omsorgen for kvinder, familie og f\u00f8dsel, men i en radikalt anderledes udformning. Mens Iuno beskytter \u00e6gteskabet, repr\u00e6senterer Vesta den indviede jomfruelighed. Med Minerva forbinder hun Palladiet, som blev opbevaret i Vesta-<span class=\"iwg-fachbegriff\" data-tooltip=\"Et bygningsv\u00e6rk, der bruges til dyrkelsen af en eller flere guddomme.\" tabindex=\"0\">templet<\/span>, samt aspektet af statsligt bevogtet viden.<\/p>\n<p>I den hellenistiske <span class=\"iwg-fachbegriff\" data-tooltip=\"Sammensmeltning af forestillinger eller guddomme fra forskellige religi\u00f8se traditioner.\" tabindex=\"0\">synkretisme<\/span> blev Vesta identificeret med Hestia, men forblev selvst\u00e6ndig p\u00e5 grund af sin udpr\u00e6gede statslige funktion.<\/p><p>En parallel til orientalske ildgudinder som Tabiti i skytisk religion eller den indo-iranske Atar er ofte blevet diskuteret i religionshistorien, men kan ikke umiddelbart p\u00e5vises genealogisk. Forskningen ser her snarere en typologisk besl\u00e6gtethed p\u00e5 grundlag af en indoeurop\u00e6isk disposition for ilddyrkelse.<\/p>\n<p>Vesta og Iuppiter Pistor optr\u00e6der sammen i festkalenderen ved bageofferritualet, der sikrer renheden af det mel, der bruges til offerbr\u00f8det. Denne sj\u00e6ldne forbindelse viser, at melet blev opfattet som et sakralt medium mellem ildstedet og <span class=\"iwg-fachbegriff\" data-tooltip=\"Oph\u00f8jet sted eller bord til offerhandlinger og religi\u00f8se ceremonier.\" tabindex=\"0\">alteret<\/span>. Kombinationen er af forskeren Robert Schilling blevet tolket som bel\u00e6g for et arkaisk kompleks af ild, mel og forr\u00e5ds\u00f8konomi.<\/p>\n<p>En sj\u00e6lden sammensmeltning viser sig med den hellenistiske Hestia, hvis <span class=\"iwg-fachbegriff\" data-tooltip=\"En overleveret fort\u00e6lling om guder, oprindelse og verdens orden.\" tabindex=\"0\">myte<\/span> i romerske tekster for det meste diskret forbig\u00e5s, fordi et far-datter-forf\u00f8lgelsesmotiv ville have st\u00e5et i mods\u00e6tning til den arkaiske romerske Vesta-v\u00e6rdighed. Ovid udspiller bevidst denne sp\u00e6nding i \u00abFasti\u00bb ved at inddrage gr\u00e6ske fort\u00e6llinger, men altid d\u00e6mper dem gennem en romersk vending.<\/p>\t\t\t\t\t\t\t\t<\/div>\n\t\t\t\t<\/div>\n\t\t<div class=\"elementor-element elementor-element-380eea3 e-con-full e-flex e-con e-child\" data-id=\"380eea3\" data-element_type=\"container\" data-e-type=\"container\">\n\t\t\t\t<div class=\"elementor-element elementor-element-4c9c507 elementor-widget elementor-widget-heading\" data-id=\"4c9c507\" data-element_type=\"widget\" data-e-type=\"widget\" data-widget_type=\"heading.default\">\n\t\t\t\t\t<h2 class=\"elementor-heading-title elementor-size-default\">Reception og virkning<\/h2>\t\t\t\t<\/div>\n\t\t\t\t<div class=\"elementor-element elementor-element-99dc7c3 elementor-widget elementor-widget-text-editor\" data-id=\"99dc7c3\" data-element_type=\"widget\" data-e-type=\"widget\" data-widget_type=\"text-editor.default\">\n\t\t\t\t\t\t\t\t\t<p>Vesta forblev i billedkunsten fra <span class=\"iwg-fachbegriff\" data-tooltip=\"Overgangsepoke mellem antikken og middelalderen, omkring det 3. til 7. \u00e5rhundrede.\" tabindex=\"0\">senantikken<\/span> og ren\u00e6ssancen et <span class=\"iwg-fachbegriff\" data-tooltip=\"Et tegn, der repr\u00e6senterer en forestilling eller betydning.\" tabindex=\"0\">symbol<\/span> p\u00e5 renhed og stille magt. Allegorier over kyskhed, troskab og standhaftighed blev i det 16. og 17. \u00e5rhundrede ofte udformet i en dianisk-vestalsk tone. Skikkelsen Tuccia med sien blev et foretrukket <span class=\"iwg-fachbegriff\" data-tooltip=\"Et tilbagevendende indholdselement i kunst eller fort\u00e6lling.\" tabindex=\"0\">motiv<\/span> i emblemb\u00f8ger og p\u00e5 triumfvogne.<\/p>\n<p>I klassicismen kommer billedet af vestalinden i forgrunden. Antonio Canova skabte flere skulpturer, der viser idealet om en ren, alvorlig pr\u00e6stinde.<\/p><p>Ogs\u00e5 i Jacques-Louis Davids v\u00e6rker og i den franske revolutionsallegori blev vestalinden stiliseret til beskytter af republikansk dyd. Maria Antonia af Habsburg-Lothringen lod sig i 1769 foreviget i et vestalsk billedprogram, der genoptager den august\u00e6iske dyds-<span class=\"iwg-fachbegriff\" data-tooltip=\"Den videnskabelige l\u00e6re om Gud og en religions tro.\" tabindex=\"0\">teologi<\/span>.<\/p>\n<p>I moderne tid blev Vesta gennem ordet \u00abvestalinde\u00bb en g\u00e6ngs metafor for kysk pligtopfyldelse. Astronomien navngav i 1807 den fjerde opdagede asteroide Vesta, hvilket symbolsk fortsatte gudindens position som bevarende, ordensskabende magt.<\/p><p>Astrologien tager i dag betydningen af den vogtende ild op som <span class=\"iwg-fachbegriff\" data-tooltip=\"Et tegn, der repr\u00e6senterer en forestilling eller betydning.\" tabindex=\"0\">symbol<\/span> p\u00e5 fokuseret selvhengivelse. NASA-sonden Dawn leverede i 2011 for f\u00f8rste gang detaljerede billeder af denne asteroide.<\/p>\n<p>I middelalderen forblev Vesta til stadighed til stede som allegori. Dante n\u00e6vner hende i Convivio II som <span class=\"iwg-fachbegriff\" data-tooltip=\"Et anskueligt billede, der st\u00e5r for en abstrakt tanke.\" tabindex=\"0\">sindbillede<\/span> p\u00e5 kontinuitet og huslig troskab. I ren\u00e6ssancen optr\u00e5dte hun p\u00e5 talrige bryllupskister som vogter af den hellige ild, ofte i forbindelse med Diana som allegorisk par for kvindelig dyd.<\/p><p>I barokken blev Vesta-tempeltypen brugt i arkitektoniske citater, blandt andet af Andrea Palladio i hans Tempietto-udkast og af Donato Bramante i Tempietto ved San Pietro in Montorio.<\/p>\n<p>I den moderne astronomi er Vesta en af de fire f\u00f8rst opdagede asteroider. Heinrich Olbers navngav den i 1807 opdagede planetoide efter forslag fra Carl Friedrich Gauss.<\/p><p>NASA-sonden Dawn kredsede om Vesta fra 2011 til 2012 og kortlagde dens kraterrige overflade. Ogs\u00e5 en r\u00e6kke m\u00e6rke- og firmanavne, fra den italienske scooterm\u00e6rke Vespa til skandinaviske t\u00e6ndstikproducenter, udleder deres navn fra Vesta-komplekset.<\/p>\t\t\t\t\t\t\t\t<\/div>\n\t\t\t\t<\/div>\n\t\t<div class=\"elementor-element elementor-element-b508720 e-con-full e-flex e-con e-child\" data-id=\"b508720\" data-element_type=\"container\" data-e-type=\"container\">\n\t\t\t\t<div class=\"elementor-element elementor-element-1fc41cb elementor-widget elementor-widget-heading\" data-id=\"1fc41cb\" data-element_type=\"widget\" data-e-type=\"widget\" data-widget_type=\"heading.default\">\n\t\t\t\t\t<h2 class=\"elementor-heading-title elementor-size-default\">Religionsvidenskabelig indordning<\/h2>\t\t\t\t<\/div>\n\t\t\t\t<div class=\"elementor-element elementor-element-a8f1f09 elementor-widget elementor-widget-text-editor\" data-id=\"a8f1f09\" data-element_type=\"widget\" data-e-type=\"widget\" data-widget_type=\"text-editor.default\">\n\t\t\t\t\t\t\t\t\t<p>Robert Schilling og Kurt Latte placerer Vesta i kredsen af Latiums huslige beskyttergudinder, hvis funktion i den romerske stat blev udbygget til offentlig <span class=\"iwg-fachbegriff\" data-tooltip=\"Den samlede m\u00e6ngde af religi\u00f8se \u00e6resbevisninger for en gudom eller hellig skikkelse.\" tabindex=\"0\">kult<\/span>. Ud fra dette synspunkt er Aedes Vestae den kultiske udvidelse af det bondeg\u00e5rdslignende ildstedsrum ind i staten.<\/p>\n<p>Georges Dum\u00e9zil ser i Vesta legemligg\u00f8relsen af den f\u00f8rste af de tre indoeurop\u00e6iske funktioner, alts\u00e5 den pr\u00e6stelig-juridiske suver\u00e6nitet, og sammenligner hende typologisk med den vediske Aramati.<\/p><p>Mary Beard har i indflydelsesrige studier analyseret vestalinernes sociale stilling og p\u00e5vist, at deres juridiske s\u00e6rstatus var en bevidst konstruktion, der markerede skellet mellem \u00abnormal\u00bb kvindelighed og religi\u00f8s funktion.<\/p>\n<p>John Scheid fremh\u00e6ver den n\u00e6re forbindelse mellem Vesta-<span class=\"iwg-fachbegriff\" data-tooltip=\"Den samlede m\u00e6ngde af religi\u00f8se \u00e6resbevisninger for en gudom eller hellig skikkelse.\" tabindex=\"0\">kult<\/span> og pontifikat, som gjorde Vesta-<span class=\"iwg-fachbegriff\" data-tooltip=\"Et helligt sted indviet til tilbedelse af en gudom.\" tabindex=\"0\">helligdommen<\/span> til et af de f\u00e5 steder, hvor stat og religion umiddelbart faldt sammen i personalunion.<\/p><p>J\u00f6rg R\u00fcpke placerer den augusteiske reform som en forskydning af det religi\u00f8se suver\u00e6nitetsperspektiv, fordi kejserhuset tr\u00e5dte i republikkens sted. Robin Lorsch Wildfang har i en monografi fra 2006 gennemgribende rekonstrueret vestalinerne og gennemg\u00e5et det ark\u00e6ologiske materiale p\u00e5 ny.<\/p>\t\t\t\t\t\t\t\t<\/div>\n\t\t\t\t<\/div>\n\t\t<div class=\"elementor-element elementor-element-61270dc e-con-full e-flex e-con e-child\" data-id=\"61270dc\" data-element_type=\"container\" data-e-type=\"container\">\n\t\t\t\t<div class=\"elementor-element elementor-element-1f3fb6d elementor-widget elementor-widget-heading\" data-id=\"1f3fb6d\" data-element_type=\"widget\" data-e-type=\"widget\" data-widget_type=\"heading.default\">\n\t\t\t\t\t<h2 class=\"elementor-heading-title elementor-size-default\">Atrium Vestae og helligdommen<\/h2>\t\t\t\t<\/div>\n\t\t\t\t<div class=\"elementor-element elementor-element-63e7a71 elementor-widget elementor-widget-text-editor\" data-id=\"63e7a71\" data-element_type=\"widget\" data-e-type=\"widget\" data-widget_type=\"text-editor.default\">\n\t\t\t\t\t\t\t\t\t<p><span class=\"iwg-fachbegriff\" data-tooltip=\"En bygning, der er bestemt til tilbedelse af en eller flere gudommer.\" tabindex=\"0\">Templet<\/span> for Vesta p\u00e5 Forum Romanum var en rund bygning omgivet af tyve s\u00f8jler med et konisk tag og en \u00e5bning i toppen, hvorigennem r\u00f8gen fra den hellige ild kunne slippe ud.<\/p><p>Den runde form var enest\u00e5ende i romersk tempelbyggeri og blev af antikvarer som Plutarch og Festus tolket som et tegn p\u00e5 gudindens arkaiske hyrdeoprindelse. Ovid beretter i \u00abFasti\u00bb VI, at det oprindelige <span class=\"iwg-fachbegriff\" data-tooltip=\"Et helligt sted indviet til tilbedelse af en gudom.\" tabindex=\"0\">helligsted<\/span> var en enkel str\u00e5hytte, som Romulus selv opf\u00f8rte p\u00e5 byens grund. Den senere udf\u00f8relse i sten og marmor bevarede det arkaiske grundformat.<\/p>\n<p>Det tilst\u00f8dende Atrium Vestae fungerede som bolig for de seks vestaliner. Det var et tre etager h\u00f8jt kompleks med indre g\u00e5rd, br\u00f8nd og statuegalleri. Et stort antal statuer af oversteinderne, virgines maximae, er blevet udgravet i det 19. \u00e5rhundrede og vidner om denne funktions h\u00f8je samfundsm\u00e6ssige stilling.<\/p><p>Anl\u00e6gget var en af de f\u00e5 kvinderum-institutioner i Roms offentlige centrum og stod under pontifex maximus&#8217; direkte beskyttelse. I k\u00e6ldrene gemte sig efter antik forestilling byens penater og palladiet, et helligt Athena-billede, som angiveligt stammede fra Troja.<\/p>\n<p>Inde i templet br\u00e6ndte ignis perpetuus p\u00e5 et centralt ildsted. Dets udslukkelse blev betragtet som et prodigium, et forvarsel om den tungeste ulykke, som kun kunne afhj\u00e6lpes ved et forsoningsoffer og gent\u00e6nding af ilden med gnidetr\u00e6 fra et sk\u00e6bnetungt tr\u00e6.<\/p><p>Byggeindskrifterne p\u00e5 anl\u00e6ggets mure, is\u00e6r <span class=\"iwg-fachbegriff\" data-tooltip=\"En tekst, der er indridset eller udhugget i en fast b\u00e6rer.\" tabindex=\"0\">indskriften<\/span> CIL VI 32421 med listen over vestaliner, som senatet h\u00e6drede, giver et detaljeret indblik i embedet.<\/p>\t\t\t\t\t\t\t\t<\/div>\n\t\t\t\t<\/div>\n\t\t<div class=\"elementor-element elementor-element-8a7f535 e-con-full e-flex e-con e-child\" data-id=\"8a7f535\" data-element_type=\"container\" data-e-type=\"container\">\n\t\t\t\t<div class=\"elementor-element elementor-element-b5c5151 elementor-widget elementor-widget-heading\" data-id=\"b5c5151\" data-element_type=\"widget\" data-e-type=\"widget\" data-widget_type=\"heading.default\">\n\t\t\t\t\t<h2 class=\"elementor-heading-title elementor-size-default\">Vestaliner, embede og strafferet<\/h2>\t\t\t\t<\/div>\n\t\t\t\t<div class=\"elementor-element elementor-element-22a84d1 elementor-widget elementor-widget-text-editor\" data-id=\"22a84d1\" data-element_type=\"widget\" data-e-type=\"widget\" data-widget_type=\"text-editor.default\">\n\t\t\t\t\t\t\t\t\t<p>De seks vestaliner blev udvalgt mellem deres sjette og tiende leve\u00e5r fra patriciske, senere ogs\u00e5 plebejiske familier. De aflagde et kyskhedsl\u00f8fte for tredive \u00e5r, som blev fuldbyrdet i en h\u00f8jtidelig captio-<span class=\"iwg-fachbegriff\" data-tooltip=\"En festlig handling, der forl\u00f8ber efter fastlagte regler.\" tabindex=\"0\">ceremoni<\/span> udf\u00f8rt af pontifex maximus.<\/p><p>Efter fristens udl\u00f8b kunne de gifte sig eller forblive i Atrium Vestae. Vestalinerne havde immunitet i retten, kunne selvst\u00e6ndigt oprette testamenter, havde fortrinsret p\u00e5 gaden som liktorer og medf\u00f8rte, hvis de ved en tilf\u00e6ldighed m\u00f8dte en d\u00f8dsd\u00f8mt, dennes ben\u00e5dning.<\/p>\n<p>Overtr\u00e6delser af kyskhedsl\u00f8ftet blev betragtet som h\u00f8jforr\u00e6deri mod staten, fordi den hellige ild var forbundet med vestalinernes renhed.<\/p><p>Straffen var levende begravelse p\u00e5 Campus Sceleratus n\u00e6r Porta Collina, som Livius beskriver flere gange, blandt andet i tilf\u00e6ldet med Minucia i 337 f.Kr. eller Cornelia under Domitian i 91 e.Kr.<\/p><p>Denne straf blev ikke udf\u00f8rt ved henrettelse, fordi en vestalindes blod ikke m\u00e5tte udgydes; i stedet blev de domf\u00e6ldte sp\u00e6rret ind i et underjordisk kammer med br\u00f8d, vand og en lampe, hvor de m\u00e5tte lide sulted\u00f8den.<\/p><p>Denne rituelle strenghed er af Mary Beard i hendes studie om Vesta-religionen tolket som udtryk for en paradoksal dobbeltstilling, hvor vestalinerne b\u00e5de var elsket af folket og levede i ekstrem rituel fare.<\/p>\n<p>Ud over at vogte ilden stod vestalinerne for tilberedningen af mola salsa, en indviet blanding af mel og salt, som ved offentlige offerhandlinger blev str\u00f8et p\u00e5 offerdyrets pande.<\/p><p>De opbevarede penaterne og palladiet, indsamlede vand fra Egeria-kilden ved Camenaes <span class=\"iwg-fachbegriff\" data-tooltip=\"Et helligt sted indviet til tilbedelse af en gudom.\" tabindex=\"0\">helligdom<\/span> og udf\u00f8rte opgaven ved fordicidia, en fertilitetsrite i april. Disse mangfoldige opgaver forbandt deres tjeneste med de tre centrale aspekter ild, renhed og fertilitet.<\/p>\t\t\t\t\t\t\t\t<\/div>\n\t\t\t\t<\/div>\n\t\t<div class=\"elementor-element elementor-element-d843f38 e-con-full e-flex e-con e-child\" data-id=\"d843f38\" data-element_type=\"container\" data-e-type=\"container\">\n\t\t\t\t<div class=\"elementor-element elementor-element-384bba4 elementor-widget elementor-widget-heading\" data-id=\"384bba4\" data-element_type=\"widget\" data-e-type=\"widget\" data-widget_type=\"heading.default\">\n\t\t\t\t\t<h2 class=\"elementor-heading-title elementor-size-default\">Vestalia og festkalender<\/h2>\t\t\t\t<\/div>\n\t\t\t\t<div class=\"elementor-element elementor-element-9012021 elementor-widget elementor-widget-text-editor\" data-id=\"9012021\" data-element_type=\"widget\" data-e-type=\"widget\" data-widget_type=\"text-editor.default\">\n\t\t\t\t\t\t\t\t\t<p>Vestalia, der blev fejret fra den 7. til den 15. juni, var gudindens hovedfest. P\u00e5 den f\u00f8rste dag \u00e5bnede Penus Vestae, et normalt afl\u00e5st inderste helligdom, for Romas matronaer, som gik ind barfodede og bragte br\u00f8dkager som offer.<\/p><p>Ovid beretter i \u00abFasti\u00bb VI, 311 ff. om mytologiseringen af festdagene gennem en episode, hvor Vesta blev advaret om den n\u00e6rg\u00e5ende Priapus af Silenus.<\/p><p>P\u00e5 den sidste dag blev Vestatemplet h\u00f8jtideligt renset, og det ophobede skarn blev f\u00f8rt gennem Cloaca Maxima ud i Tiberens flodbund. Denne renselsesdag, kaldet Q. St. D. F. (quando stercus delatum fas), m\u00e5tte f\u00f8rst efter fejningen anses som atter lovlig for forretninger.<\/p>\n<p>Den 9. juni gjaldt som \u00e6seldag, fordi \u00e6slet spillede en rolle som Vestas hj\u00e6lper i <span class=\"iwg-fachbegriff\" data-tooltip=\"Den samlede overleverede gudefort\u00e6lling i en kultur.\" tabindex=\"0\">mytologien<\/span>. \u00c6sler, som i Romas bagerier drev formalingshjulet, fik denne dag h\u00e6ngt br\u00f8dkranse om nakken og fik lov til at holde fri fra arbejde.<\/p><p>Denne gestus er et eksempel p\u00e5 den arkaiske sammenk\u00e6dning af gudinde, husholdning og dyr. Festen var samtidig skytshelgenfest for Pistores, br\u00f8dbagerne, hvis erhvervssammenslutning i Rom afholdt egne valg p\u00e5 Vestadagen.<\/p>\n<p>I \u00e5rscyklussen fremtr\u00e6der Vesta i talrige andre fester, uden at hendes navn er direkte anf\u00f8rt i festkalenderne. Ved inds\u00e6ttelsesritualet for en ny Pontifex Maximus, ved fornyelsen af ilden den 1. marts, det gamle romerske nyt\u00e5r, og ved Vestalia.<\/p><p>Martsidene gjaldt som den dag, hvor Vestaflammen blev fornyet, ofte med krigerisk-religi\u00f8s betydning. Denne overlapning med Marskalenderen er et vidnesbyrd om den gamle forbindelse mellem husildstedet og stadens sk\u00e6bne.<\/p>\t\t\t\t\t\t\t\t<\/div>\n\t\t\t\t<\/div>\n\t\t<div class=\"elementor-element elementor-element-a1b6cbd e-con-full e-flex e-con e-child\" data-id=\"a1b6cbd\" data-element_type=\"container\" data-e-type=\"container\">\n\t\t\t\t<div class=\"elementor-element elementor-element-5ef5247 elementor-widget elementor-widget-heading\" data-id=\"5ef5247\" data-element_type=\"widget\" data-e-type=\"widget\" data-widget_type=\"heading.default\">\n\t\t\t\t\t<h2 class=\"elementor-heading-title elementor-size-default\">Symboler, ed og ret<\/h2>\t\t\t\t<\/div>\n\t\t\t\t<div class=\"elementor-element elementor-element-99f466d elementor-widget elementor-widget-text-editor\" data-id=\"99f466d\" data-element_type=\"widget\" data-e-type=\"widget\" data-widget_type=\"text-editor.default\">\n\t\t\t\t\t\t\t\t\t<p>I edsv\u00e6senet var Vesta den h\u00f8jeste instans, is\u00e6r for eder om indenrigsstatslig troskab. Cicero sv\u00e6rger i sine taler flere gange \u00abper Vestam\u00bb, en formel, der ans\u00e5s for mere bindende end andre gudeanrufninger.<\/p><p>I sager om h\u00f8jforr\u00e6deri var en Vesta-ed den h\u00f8jeste edsform, hvilket vidner om den n\u00e6re sammenh\u00e6ng mellem gudinde, stat og ret. Ogs\u00e5 kontrakter blev indg\u00e5et foran Vestatemplet eller med symbolsk henvisning til ignis perpetuus.<\/p>\n<p>Eden l\u00e5 ogs\u00e5 i baggrunden for adoptionsretten, da Vesta-penaterne garanterede familiens genealogiske beskyttelse. Cicero og Plinius n\u00e6vner, at enhver nygift mand stillede en lille Vesta-sk\u00e5l i det \u00e6gteskabelige atrium. Denne praktiske fromhed hos de \u00f8vre lag er epigrafisk bevidnet gennem talrige husaltre med Vesta-inskriptioner, is\u00e6r i Pompeji og Herculaneum.<\/p>\t\t\t\t\t\t\t\t<\/div>\n\t\t\t\t<\/div>\n\t\t<div class=\"elementor-element elementor-element-36f8cae e-con-full e-flex e-con e-child\" data-id=\"36f8cae\" data-element_type=\"container\" data-e-type=\"container\">\n\t\t\t\t<div class=\"elementor-element elementor-element-bcc6a03 elementor-widget elementor-widget-heading\" data-id=\"bcc6a03\" data-element_type=\"widget\" data-e-type=\"widget\" data-widget_type=\"heading.default\">\n\t\t\t\t\t<h2 class=\"elementor-heading-title elementor-size-default\">Kilder og videre l\u00e6sning<\/h2>\t\t\t\t<\/div>\n\t\t\t\t<div class=\"elementor-element elementor-element-1e556ca elementor-widget elementor-widget-text-editor\" data-id=\"1e556ca\" data-element_type=\"widget\" data-e-type=\"widget\" data-widget_type=\"text-editor.default\">\n\t\t\t\t\t\t\t\t\t<div data-nosnippet=\"true\"><p><span class=\"iwg-fachbegriff\" data-tooltip=\"Epoke for den gr\u00e6ske og romerske kultur, cirka 800 f.Kr. til 600 e.Kr.\" tabindex=\"0\">Antikken<\/span>: Vergil \u00abAeneis\u00bb, Ovid \u00abFasti\u00bb, Livius \u00abAb urbe condita\u00bb, Cicero \u00abDe natura deorum\u00bb og \u00abDe legibus\u00bb, Plutarch \u00abNuma\u00bb, Plinius \u00abNaturalis historia\u00bb, Augustinus \u00abDe civitate Dei\u00bb, Dionysios af Halikarnassos \u00abRomerske oldsager\u00bb.<\/p>\n<p>Forskningslitteratur: Robert Schilling, \u00abRites, cultes, dieux de Rome\u00bb, Paris 1979. Kurt Latte, \u00abR\u00f6mische Religionsgeschichte\u00bb, M\u00fcnchen 1960. Georges Dum\u00e9zil, \u00abLa religion romaine archa\u00efque\u00bb, Paris 1966. Mary Beard, \u00abThe Sexual Status of Vestal Virgins\u00bb, JRS 1980. Robin Lorsch Wildfang, \u00abRome&#8217;s Vestal Virgins\u00bb, London 2006. John Scheid, \u00abAn Introduction to Roman Religion\u00bb, Edinburgh 2003. J\u00f6rg R\u00fcpke, \u00abDie Religion der R\u00f6mer\u00bb, M\u00fcnchen 2001.<\/p><\/div>\t\t\t\t\t\t\t\t<\/div>\n\t\t\t\t<\/div>\n\t\t\t\t\t<\/div>\n\t\t\t\t<\/div>\n\t\t\t\t<\/div>\n\t\t","protected":false},"excerpt":{"rendered":"","protected":false},"author":3,"featured_media":3260,"parent":0,"menu_order":0,"comment_status":"closed","ping_status":"closed","template":"elementor_header_footer","meta":{"_yoast_wpseo_focuskw":"Vesta","_yoast_wpseo_title":"Vesta \u2013 Romersk gudinde for arnens ild | iWell Guard","_yoast_wpseo_metadesc":"Vesta er den romerske gudinde for arnens ild, hjemmet og staten. Vestalinderne, den evige ild p\u00e5 Forum, Vestalia-festen. Myte.","_yoast_wpseo_meta-robots-noindex":"","_yoast_wpseo_canonical":"","_angie_page":false,"gefaehrdungsstufe":"","wesen_kultur":"","wesen_klasse":"","footnotes":""},"categories":[],"class_list":["post-138401","page","type-page","status-publish","has-post-thumbnail","hentry"],"yoast_head":"<!-- This site is optimized with the Yoast SEO Premium plugin v27.7 (Yoast SEO v28.3) - https:\/\/yoast.com\/product\/yoast-seo-premium-wordpress\/ -->\n<title>Vesta \u2013 Romersk gudinde for arnens ild | iWell Guard<\/title>\n<meta name=\"description\" content=\"Vesta er den romerske gudinde for arnens ild, hjemmet og staten. Vestalinderne, den evige ild p\u00e5 Forum, Vestalia-festen. Myte.\" \/>\n<meta name=\"robots\" content=\"index, follow, max-snippet:-1, max-image-preview:large, max-video-preview:-1\" \/>\n<link rel=\"canonical\" href=\"https:\/\/iwell-guard.com\/da\/vesta\/\" \/>\n<meta property=\"og:locale\" content=\"da_DK\" \/>\n<meta property=\"og:type\" content=\"article\" \/>\n<meta property=\"og:title\" content=\"Vesta\" \/>\n<meta property=\"og:description\" content=\"Vesta er den romerske gudinde for arnens ild, hjemmet og staten. Vestalinderne, den evige ild p\u00e5 Forum, Vestalia-festen. Myte.\" \/>\n<meta property=\"og:url\" content=\"https:\/\/iwell-guard.com\/da\/vesta\/\" \/>\n<meta property=\"og:site_name\" content=\"iWell Guard\" \/>\n<meta property=\"article:modified_time\" content=\"2026-09-03T07:59:46+00:00\" \/>\n<meta property=\"og:image\" content=\"https:\/\/iwell-guard.com\/wp-content\/uploads\/2026\/05\/goetter_rom_vesta.webp\" \/>\n\t<meta property=\"og:image:width\" content=\"1024\" \/>\n\t<meta property=\"og:image:height\" content=\"1536\" \/>\n\t<meta property=\"og:image:type\" content=\"image\/webp\" \/>\n<meta name=\"twitter:card\" content=\"summary_large_image\" \/>\n<script type=\"application\/ld+json\" class=\"yoast-schema-graph\">{\"@context\":\"https:\\\/\\\/schema.org\",\"@graph\":[{\"@type\":\"WebPage\",\"@id\":\"https:\\\/\\\/iwell-guard.com\\\/da\\\/vesta\\\/\",\"url\":\"https:\\\/\\\/iwell-guard.com\\\/da\\\/vesta\\\/\",\"name\":\"Vesta \u2013 Romersk gudinde for arnens ild | iWell Guard\",\"isPartOf\":{\"@id\":\"https:\\\/\\\/iwell-guard.com\\\/da\\\/#website\"},\"primaryImageOfPage\":{\"@id\":\"https:\\\/\\\/iwell-guard.com\\\/da\\\/vesta\\\/#primaryimage\"},\"image\":{\"@id\":\"https:\\\/\\\/iwell-guard.com\\\/da\\\/vesta\\\/#primaryimage\"},\"thumbnailUrl\":\"https:\\\/\\\/iwell-guard.com\\\/wp-content\\\/uploads\\\/2026\\\/05\\\/goetter_rom_vesta.webp\",\"datePublished\":\"2026-09-03T07:09:47+00:00\",\"dateModified\":\"2026-09-03T07:59:46+00:00\",\"description\":\"Vesta er den romerske gudinde for arnens ild, hjemmet og staten. Vestalinderne, den evige ild p\u00e5 Forum, Vestalia-festen. Myte.\",\"breadcrumb\":{\"@id\":\"https:\\\/\\\/iwell-guard.com\\\/da\\\/vesta\\\/#breadcrumb\"},\"inLanguage\":\"da-DK\",\"potentialAction\":[{\"@type\":\"ReadAction\",\"target\":[\"https:\\\/\\\/iwell-guard.com\\\/da\\\/vesta\\\/\"]}]},{\"@type\":\"ImageObject\",\"inLanguage\":\"da-DK\",\"@id\":\"https:\\\/\\\/iwell-guard.com\\\/da\\\/vesta\\\/#primaryimage\",\"url\":\"https:\\\/\\\/iwell-guard.com\\\/wp-content\\\/uploads\\\/2026\\\/05\\\/goetter_rom_vesta.webp\",\"contentUrl\":\"https:\\\/\\\/iwell-guard.com\\\/wp-content\\\/uploads\\\/2026\\\/05\\\/goetter_rom_vesta.webp\",\"width\":1024,\"height\":1536,\"caption\":\"Guder fra den romerske tradition.\"},{\"@type\":\"BreadcrumbList\",\"@id\":\"https:\\\/\\\/iwell-guard.com\\\/da\\\/vesta\\\/#breadcrumb\",\"itemListElement\":[{\"@type\":\"ListItem\",\"position\":1,\"name\":\"Start\",\"item\":\"https:\\\/\\\/iwell-guard.com\\\/da\\\/?page_id=137908\"},{\"@type\":\"ListItem\",\"position\":2,\"name\":\"Vesta\"}]},{\"@type\":\"WebSite\",\"@id\":\"https:\\\/\\\/iwell-guard.com\\\/da\\\/#website\",\"url\":\"https:\\\/\\\/iwell-guard.com\\\/da\\\/\",\"name\":\"iWell Guard\",\"description\":\"Schutz vor dunklen Einfl\u00fcssen\",\"publisher\":{\"@id\":\"https:\\\/\\\/iwell-guard.com\\\/da\\\/#organization\"},\"potentialAction\":[{\"@type\":\"SearchAction\",\"target\":{\"@type\":\"EntryPoint\",\"urlTemplate\":\"https:\\\/\\\/iwell-guard.com\\\/da\\\/?s={search_term_string}\"},\"query-input\":{\"@type\":\"PropertyValueSpecification\",\"valueRequired\":true,\"valueName\":\"search_term_string\"}}],\"inLanguage\":\"da-DK\"},{\"@type\":\"Organization\",\"@id\":\"https:\\\/\\\/iwell-guard.com\\\/da\\\/#organization\",\"name\":\"Ittermann electronic GmbH\",\"url\":\"https:\\\/\\\/iwell-guard.com\\\/da\\\/\",\"logo\":{\"@type\":\"ImageObject\",\"inLanguage\":\"da-DK\",\"@id\":\"https:\\\/\\\/iwell-guard.com\\\/da\\\/#\\\/schema\\\/logo\\\/image\\\/\",\"url\":\"https:\\\/\\\/iwell-guard.com\\\/wp-content\\\/uploads\\\/2026\\\/05\\\/Ittermann-Logo-1182x237-1.png\",\"contentUrl\":\"https:\\\/\\\/iwell-guard.com\\\/wp-content\\\/uploads\\\/2026\\\/05\\\/Ittermann-Logo-1182x237-1.png\",\"width\":1182,\"height\":237,\"caption\":\"Ittermann electronic GmbH\"},\"image\":{\"@id\":\"https:\\\/\\\/iwell-guard.com\\\/da\\\/#\\\/schema\\\/logo\\\/image\\\/\"},\"sameAs\":[\"https:\\\/\\\/pantip.com\\\/profile\\\/9367242\",\"https:\\\/\\\/micro.blog\\\/iwellguard\",\"https:\\\/\\\/www.diggerslist.com\\\/iwellguard\\\/about\",\"https:\\\/\\\/skitterphoto.com\\\/photographers\\\/2870314\\\/iwell-guard\",\"https:\\\/\\\/iwellguard.wordpress.com\\\/2026\\\/06\\\/06\\\/iwell-guard\\\/\",\"https:\\\/\\\/hub.docker.com\\\/u\\\/iwellguard\",\"https:\\\/\\\/www.pinterest.com\\\/iwellguard\\\/\",\"https:\\\/\\\/bit.ly\\\/m\\\/iwellguard\",\"https:\\\/\\\/entre-vos-mains.alsace.eu\\\/profiles\\\/iwellguard\\\/activity\",\"https:\\\/\\\/gravatar.com\\\/reallybeded8fd34\",\"https:\\\/\\\/naijamatta.com\\\/iwellguard\",\"https:\\\/\\\/www.goodreads.com\\\/iwellguard\",\"https:\\\/\\\/profile.hatena.ne.jp\\\/iwellguard\\\/\",\"https:\\\/\\\/experiment.com\\\/users\\\/iwellguard\",\"https:\\\/\\\/wakelet.com\\\/@iWellGuard82270\",\"https:\\\/\\\/www.chordie.com\\\/forum\\\/profile.php?id=2555664\",\"https:\\\/\\\/www.instapaper.com\\\/p\\\/17757966\",\"https:\\\/\\\/www.mapleprimes.com\\\/users\\\/iwellguard\",\"https:\\\/\\\/businesslistingplus.com\\\/profile\\\/iwell-guard\\\/\",\"https:\\\/\\\/telegra.ph\\\/iWell-Guard-06-06\",\"https:\\\/\\\/pbase.com\\\/iwellguard\\\/iwellguard\",\"https:\\\/\\\/b.hatena.ne.jp\\\/iwellguard\\\/20260607#bookmark-4788405196491818882\",\"https:\\\/\\\/fliphtml5.com\\\/home\\\/iwellguard\",\"https:\\\/\\\/anyflip.com\\\/homepage\\\/cmiwl#About\",\"https:\\\/\\\/transfur.com\\\/Users\\\/iwellguard\",\"http:\\\/\\\/delphi.larsbo.org\\\/user\\\/iwellguard\",\"https:\\\/\\\/jobs.lajobsportal.org\\\/profiles\\\/8380803-iwell-guard\",\"https:\\\/\\\/md.chaosdorf.de\\\/s\\\/jfbe5SBdJD\",\"https:\\\/\\\/www.lingvolive.com\\\/en-us\\\/profile\\\/9ecaeaca-ce11-4e51-9e71-01d55e2bff36\\\/translations\",\"https:\\\/\\\/www.fitday.com\\\/fitness\\\/forums\\\/members\\\/iwellguard.html\",\"https:\\\/\\\/www.mymeetbook.com\\\/iwellguard\",\"https:\\\/\\\/pxhere.com\\\/en\\\/photographer-me\\\/5040798\",\"https:\\\/\\\/disqus.com\\\/by\\\/iwellguard\\\/about\\\/\",\"https:\\\/\\\/pastelink.net\\\/hjwciqwq\",\"https:\\\/\\\/pubhtml5.com\\\/homepage\\\/scjhn\\\/\",\"https:\\\/\\\/www.bitchute.com\\\/channel\\\/2O2eOKzNqujT\",\"https:\\\/\\\/audiomack.com\\\/iwellguard\"]}]}<\/script>\n<!-- \/ Yoast SEO Premium plugin. -->","yoast_head_json":{"title":"Vesta \u2013 Romersk gudinde for arnens ild | iWell Guard","description":"Vesta er den romerske gudinde for arnens ild, hjemmet og staten. Vestalinderne, den evige ild p\u00e5 Forum, Vestalia-festen. Myte.","robots":{"index":"index","follow":"follow","max-snippet":"max-snippet:-1","max-image-preview":"max-image-preview:large","max-video-preview":"max-video-preview:-1"},"canonical":"https:\/\/iwell-guard.com\/da\/vesta\/","og_locale":"da_DK","og_type":"article","og_title":"Vesta","og_description":"Vesta er den romerske gudinde for arnens ild, hjemmet og staten. Vestalinderne, den evige ild p\u00e5 Forum, Vestalia-festen. Myte.","og_url":"https:\/\/iwell-guard.com\/da\/vesta\/","og_site_name":"iWell Guard","article_modified_time":"2026-09-03T07:59:46+00:00","og_image":[{"width":1024,"height":1536,"url":"https:\/\/iwell-guard.com\/wp-content\/uploads\/2026\/05\/goetter_rom_vesta.webp","type":"image\/webp"}],"twitter_card":"summary_large_image","schema":{"@context":"https:\/\/schema.org","@graph":[{"@type":"WebPage","@id":"https:\/\/iwell-guard.com\/da\/vesta\/","url":"https:\/\/iwell-guard.com\/da\/vesta\/","name":"Vesta \u2013 Romersk gudinde for arnens ild | iWell Guard","isPartOf":{"@id":"https:\/\/iwell-guard.com\/da\/#website"},"primaryImageOfPage":{"@id":"https:\/\/iwell-guard.com\/da\/vesta\/#primaryimage"},"image":{"@id":"https:\/\/iwell-guard.com\/da\/vesta\/#primaryimage"},"thumbnailUrl":"https:\/\/iwell-guard.com\/wp-content\/uploads\/2026\/05\/goetter_rom_vesta.webp","datePublished":"2026-09-03T07:09:47+00:00","dateModified":"2026-09-03T07:59:46+00:00","description":"Vesta er den romerske gudinde for arnens ild, hjemmet og staten. Vestalinderne, den evige ild p\u00e5 Forum, Vestalia-festen. Myte.","breadcrumb":{"@id":"https:\/\/iwell-guard.com\/da\/vesta\/#breadcrumb"},"inLanguage":"da-DK","potentialAction":[{"@type":"ReadAction","target":["https:\/\/iwell-guard.com\/da\/vesta\/"]}]},{"@type":"ImageObject","inLanguage":"da-DK","@id":"https:\/\/iwell-guard.com\/da\/vesta\/#primaryimage","url":"https:\/\/iwell-guard.com\/wp-content\/uploads\/2026\/05\/goetter_rom_vesta.webp","contentUrl":"https:\/\/iwell-guard.com\/wp-content\/uploads\/2026\/05\/goetter_rom_vesta.webp","width":1024,"height":1536,"caption":"Guder fra den romerske tradition."},{"@type":"BreadcrumbList","@id":"https:\/\/iwell-guard.com\/da\/vesta\/#breadcrumb","itemListElement":[{"@type":"ListItem","position":1,"name":"Start","item":"https:\/\/iwell-guard.com\/da\/?page_id=137908"},{"@type":"ListItem","position":2,"name":"Vesta"}]},{"@type":"WebSite","@id":"https:\/\/iwell-guard.com\/da\/#website","url":"https:\/\/iwell-guard.com\/da\/","name":"iWell Guard","description":"Schutz vor dunklen Einfl\u00fcssen","publisher":{"@id":"https:\/\/iwell-guard.com\/da\/#organization"},"potentialAction":[{"@type":"SearchAction","target":{"@type":"EntryPoint","urlTemplate":"https:\/\/iwell-guard.com\/da\/?s={search_term_string}"},"query-input":{"@type":"PropertyValueSpecification","valueRequired":true,"valueName":"search_term_string"}}],"inLanguage":"da-DK"},{"@type":"Organization","@id":"https:\/\/iwell-guard.com\/da\/#organization","name":"Ittermann electronic GmbH","url":"https:\/\/iwell-guard.com\/da\/","logo":{"@type":"ImageObject","inLanguage":"da-DK","@id":"https:\/\/iwell-guard.com\/da\/#\/schema\/logo\/image\/","url":"https:\/\/iwell-guard.com\/wp-content\/uploads\/2026\/05\/Ittermann-Logo-1182x237-1.png","contentUrl":"https:\/\/iwell-guard.com\/wp-content\/uploads\/2026\/05\/Ittermann-Logo-1182x237-1.png","width":1182,"height":237,"caption":"Ittermann electronic GmbH"},"image":{"@id":"https:\/\/iwell-guard.com\/da\/#\/schema\/logo\/image\/"},"sameAs":["https:\/\/pantip.com\/profile\/9367242","https:\/\/micro.blog\/iwellguard","https:\/\/www.diggerslist.com\/iwellguard\/about","https:\/\/skitterphoto.com\/photographers\/2870314\/iwell-guard","https:\/\/iwellguard.wordpress.com\/2026\/06\/06\/iwell-guard\/","https:\/\/hub.docker.com\/u\/iwellguard","https:\/\/www.pinterest.com\/iwellguard\/","https:\/\/bit.ly\/m\/iwellguard","https:\/\/entre-vos-mains.alsace.eu\/profiles\/iwellguard\/activity","https:\/\/gravatar.com\/reallybeded8fd34","https:\/\/naijamatta.com\/iwellguard","https:\/\/www.goodreads.com\/iwellguard","https:\/\/profile.hatena.ne.jp\/iwellguard\/","https:\/\/experiment.com\/users\/iwellguard","https:\/\/wakelet.com\/@iWellGuard82270","https:\/\/www.chordie.com\/forum\/profile.php?id=2555664","https:\/\/www.instapaper.com\/p\/17757966","https:\/\/www.mapleprimes.com\/users\/iwellguard","https:\/\/businesslistingplus.com\/profile\/iwell-guard\/","https:\/\/telegra.ph\/iWell-Guard-06-06","https:\/\/pbase.com\/iwellguard\/iwellguard","https:\/\/b.hatena.ne.jp\/iwellguard\/20260607#bookmark-4788405196491818882","https:\/\/fliphtml5.com\/home\/iwellguard","https:\/\/anyflip.com\/homepage\/cmiwl#About","https:\/\/transfur.com\/Users\/iwellguard","http:\/\/delphi.larsbo.org\/user\/iwellguard","https:\/\/jobs.lajobsportal.org\/profiles\/8380803-iwell-guard","https:\/\/md.chaosdorf.de\/s\/jfbe5SBdJD","https:\/\/www.lingvolive.com\/en-us\/profile\/9ecaeaca-ce11-4e51-9e71-01d55e2bff36\/translations","https:\/\/www.fitday.com\/fitness\/forums\/members\/iwellguard.html","https:\/\/www.mymeetbook.com\/iwellguard","https:\/\/pxhere.com\/en\/photographer-me\/5040798","https:\/\/disqus.com\/by\/iwellguard\/about\/","https:\/\/pastelink.net\/hjwciqwq","https:\/\/pubhtml5.com\/homepage\/scjhn\/","https:\/\/www.bitchute.com\/channel\/2O2eOKzNqujT","https:\/\/audiomack.com\/iwellguard"]}]}},"_links":{"self":[{"href":"https:\/\/iwell-guard.com\/da\/wp-json\/wp\/v2\/pages\/138401","targetHints":{"allow":["GET"]}}],"collection":[{"href":"https:\/\/iwell-guard.com\/da\/wp-json\/wp\/v2\/pages"}],"about":[{"href":"https:\/\/iwell-guard.com\/da\/wp-json\/wp\/v2\/types\/page"}],"author":[{"embeddable":true,"href":"https:\/\/iwell-guard.com\/da\/wp-json\/wp\/v2\/users\/3"}],"replies":[{"embeddable":true,"href":"https:\/\/iwell-guard.com\/da\/wp-json\/wp\/v2\/comments?post=138401"}],"version-history":[{"count":0,"href":"https:\/\/iwell-guard.com\/da\/wp-json\/wp\/v2\/pages\/138401\/revisions"}],"wp:featuredmedia":[{"embeddable":true,"href":"https:\/\/iwell-guard.com\/da\/wp-json\/wp\/v2\/media\/3260"}],"wp:attachment":[{"href":"https:\/\/iwell-guard.com\/da\/wp-json\/wp\/v2\/media?parent=138401"}],"wp:term":[{"taxonomy":"category","embeddable":true,"href":"https:\/\/iwell-guard.com\/da\/wp-json\/wp\/v2\/categories?post=138401"}],"curies":[{"name":"wp","href":"https:\/\/api.w.org\/{rel}","templated":true}]}}