{"id":138363,"date":"2026-09-03T07:09:16","date_gmt":"2026-09-03T07:09:16","guid":{"rendered":"https:\/\/iwell-guard.com\/?page_id=138363"},"modified":"2026-09-03T07:58:38","modified_gmt":"2026-09-03T07:58:38","slug":"sin-manegud-fra-ur-og-harran","status":"publish","type":"page","link":"https:\/\/iwell-guard.com\/da\/sin-manegud-fra-ur-og-harran\/","title":{"rendered":"Sin \u2013 m\u00e5negud fra Ur og Harran"},"content":{"rendered":"\t\t<div data-elementor-type=\"wp-page\" data-elementor-id=\"138363\" class=\"elementor elementor-138363 elementor-2921 elementor-bc-flex-widget\" data-elementor-post-type=\"page\">\n\t\t\t\t<div class=\"elementor-element elementor-element-hero2b91e78 e-flex e-con-boxed e-con e-parent\" data-id=\"hero2b91e78\" data-element_type=\"container\" data-e-type=\"container\">\n\t\t\t\t\t<div class=\"e-con-inner\">\n\t\t\t\t<div class=\"elementor-element elementor-element-heroimg44d3a7a iwg-hero-image elementor-widget elementor-widget-image\" data-id=\"heroimg44d3a7a\" data-element_type=\"widget\" data-e-type=\"widget\" data-widget_type=\"image.default\">\n\t\t\t\t\t\t\t\t\t\t\t\t\t\t\t<img fetchpriority=\"high\" decoding=\"async\" width=\"683\" height=\"1024\" src=\"https:\/\/iwell-guard.com\/wp-content\/uploads\/2026\/05\/goetter_mesopotamien_sin-683x1024.webp\" class=\"attachment-large size-large wp-image-139982\" alt=\"Sin - guder fra den mesopotamiske tradition, historisk-illustrativ\" srcset=\"https:\/\/iwell-guard.com\/wp-content\/uploads\/2026\/05\/goetter_mesopotamien_sin-683x1024.webp 683w, https:\/\/iwell-guard.com\/wp-content\/uploads\/2026\/05\/goetter_mesopotamien_sin-200x300.webp 200w, https:\/\/iwell-guard.com\/wp-content\/uploads\/2026\/05\/goetter_mesopotamien_sin-768x1152.webp 768w, https:\/\/iwell-guard.com\/wp-content\/uploads\/2026\/05\/goetter_mesopotamien_sin.webp 1024w\" sizes=\"(max-width: 683px) 100vw, 683px\" \/>\t\t\t\t\t\t\t\t\t\t\t\t\t\t\t<\/div>\n\t\t\t\t\t<\/div>\n\t\t\t\t<\/div>\n\t\t<div class=\"elementor-element elementor-element-iwgw-sin-hero e-flex e-con-boxed e-con e-parent\" data-id=\"iwgw-sin-hero\" data-element_type=\"container\" data-e-type=\"container\">\n\t\t\t\t\t<div class=\"e-con-inner\">\n\t\t\t\t<div class=\"elementor-element elementor-element-iwgw-sin-h1 elementor-widget elementor-widget-heading\" data-id=\"iwgw-sin-h1\" data-element_type=\"widget\" data-e-type=\"widget\" data-widget_type=\"heading.default\">\n\t\t\t\t\t<h1 class=\"elementor-heading-title elementor-size-default\">Sin \u2013 mesopotamisk m\u00e5negud og nattens herre<\/h1>\t\t\t\t<\/div>\n\t\t\t\t<div class=\"elementor-element elementor-element-iwgw-sin-pills elementor-widget elementor-widget-html\" data-id=\"iwgw-sin-pills\" data-element_type=\"widget\" data-e-type=\"widget\" data-widget_type=\"html.default\">\n\t\t\t\t\t<div class=\"iwg-pill-row\"><span class=\"iwg-klasse-badge\" tabindex=\"0\" data-tooltip=\"Gud af traditionen Mesopotamien.\">Gud<\/span><a href=\"https:\/\/iwell-guard.com\/da\/mesopotamien\/\" class=\"iwg-kultur-badge\" tabindex=\"0\" data-tooltip=\"Mytologi fra traditionen Mesopotamien.\">Mesopotamien<\/a><span class=\"iwg-tradition-badge\" tabindex=\"0\" data-tooltip=\"M\u00e5negudetradition.\">M\u00e5negudetradition<\/span><\/div>\t\t\t\t<\/div>\n\t\t\t\t<div class=\"elementor-element elementor-element-iwgw-sin-lead elementor-widget elementor-widget-text-editor\" data-id=\"iwgw-sin-lead\" data-element_type=\"widget\" data-e-type=\"widget\" data-widget_type=\"text-editor.default\">\n\t\t\t\t\t\t\t\t\t\nSin (ogs\u00e5 m\u00e5negud Nanna i det sumeriske <span class=\"iwg-fachbegriff\" data-tooltip=\"Den samlede m\u00e6ngde af guder i en religion eller kultur.\" tabindex=\"0\">panteon<\/span>) personificerede m\u00e5nen og dermed tidens orden. Som herre over nattehimlen regulerede han m\u00e5neder og fester, blev anset som en vis t\u00e6ller af dagene og som far til vigtige guder i det babylonske panteon. I Ur og Harran bestod hans tempelkulter langt ind i den islamiske <span class=\"iwg-fachbegriff\" data-tooltip=\"Overgangsperiode mellem antikken og middelalderen, ca. 3. til 7. \u00e5rhundrede.\" tabindex=\"0\">senantik<\/span>.\t\t\t\t\t\t\t\t<\/div>\n\t\t\t\t\t<\/div>\n\t\t\t\t<\/div>\n\t\t<div class=\"elementor-element elementor-element-iwgw-sin-s0 e-flex e-con-boxed e-con e-parent\" data-id=\"iwgw-sin-s0\" data-element_type=\"container\" data-e-type=\"container\">\n\t\t\t\t\t<div class=\"e-con-inner\">\n\t\t\t\t<div class=\"elementor-element elementor-element-iwgw-sin-s0h elementor-widget elementor-widget-heading\" data-id=\"iwgw-sin-s0h\" data-element_type=\"widget\" data-e-type=\"widget\" data-widget_type=\"heading.default\">\n\t\t\t\t\t<h2 class=\"elementor-heading-title elementor-size-default\">Indplacering<\/h2>\t\t\t\t<\/div>\n\t\t\t\t<div class=\"elementor-element elementor-element-iwgw-sin-s0t elementor-widget elementor-widget-text-editor\" data-id=\"iwgw-sin-s0t\" data-element_type=\"widget\" data-e-type=\"widget\" data-widget_type=\"text-editor.default\">\n\t\t\t\t\t\t\t\t\t<p>Sin, p\u00e5 sumerisk kaldet Nanna eller Suen, h\u00f8rer til de \u00e6ldste og mest bestandige guddomme i <a href=\"https:\/\/iwell-guard.com\/da\/mesopotamien\/\">Mesopotamien<\/a>. Som gud for m\u00e5nen indtog han en fremtr\u00e6dende plads i panteonet, for m\u00e5nen strukturerede kalenderen og dermed hele det religi\u00f8se og \u00f8konomiske liv.<\/p><p>I den teologiske systematik blev Sin betragtet som s\u00f8n af Enlil og Ninlil, hvilket forankrede ham fast i den \u00f8verste gudefamilie.<\/p><p>Fra Sin udgik yderligere betydningsfulde guddomme. Hans barn var solguden Shamash, ligeledes gudinden Ishtar i hendes skikkelse som Venus-stjernen.<\/p><p>Dermed stod Sin ved oprindelsen til de himmelguddomme, der var centrale for den mesopotamiske astralreligion. M\u00e5nen som far til sol og Venus afspejler den h\u00f8je anseelse, den natlige himmel havde i denne kultur.<\/p><p>Religionshistorisk er det bem\u00e6rkelsesv\u00e6rdigt, hvor levedygtig Sin-kulten var. Mens andre guddomme mistede betydning, bevarede Sin gennem \u00e5rtusinder en trofast tilh\u00e6ngerskare. S\u00e6rligt <span class=\"iwg-fachbegriff\" data-tooltip=\"Et helligt sted indviet til tilbedelse af en guddom.\" tabindex=\"0\">helligdommen<\/span> i Harran i det nordlige Mesopotamien forblev et levende center for m\u00e5netilbedelse langt ind i <span class=\"iwg-fachbegriff\" data-tooltip=\"Overgangsperiode mellem antikken og middelalderen, ca. 3. til 7. \u00e5rhundrede.\" tabindex=\"0\">senantikken<\/span>.<\/p>\t\t\t\t\t\t\t\t<\/div>\n\t\t\t\t\t<\/div>\n\t\t\t\t<\/div>\n\t\t<div class=\"elementor-element elementor-element-iwgw-sin-s1 e-flex e-con-boxed e-con e-parent\" data-id=\"iwgw-sin-s1\" data-element_type=\"container\" data-e-type=\"container\">\n\t\t\t\t\t<div class=\"e-con-inner\">\n\t\t\t\t<div class=\"elementor-element elementor-element-iwgw-sin-s1h elementor-widget elementor-widget-heading\" data-id=\"iwgw-sin-s1h\" data-element_type=\"widget\" data-e-type=\"widget\" data-widget_type=\"heading.default\">\n\t\t\t\t\t<h2 class=\"elementor-heading-title elementor-size-default\">Navn og etymologi<\/h2>\t\t\t\t<\/div>\n\t\t\t\t<div class=\"elementor-element elementor-element-iwgw-sin-s1t elementor-widget elementor-widget-text-editor\" data-id=\"iwgw-sin-s1t\" data-element_type=\"widget\" data-e-type=\"widget\" data-widget_type=\"text-editor.default\">\n\t\t\t\t\t\t\t\t\t<p>Guden b\u00e6rer to hovednavne, hvis forhold l\u00e6nge har besk\u00e6ftiget forskningen. Det sumeriske navn Nanna er det \u00e6ldste; sidel\u00f8bende findes formen Suen, hvorfra navnet Sin opstod gennem lydudvikling p\u00e5 akkadisk. I mange tekster forekommer skrivem\u00e5den som en forbindelse af de tegn, der gengiver Nanna og Suen.<\/p><p>Den n\u00f8jagtige betydning af navnet Nanna er ikke fuldst\u00e6ndig klarlagt. Der er fremsat fortolkninger, som forbinder det med det lysende himmellegeme eller med begreber for glans og oph\u00f8jethed. For Suen er etymologien ligeledes usikker. Vigtigere end den sproghistoriske afledning er iagttagelsen, at begge navne blev brugt gennem hele den mesopotamiske historie, ofte side om side.<\/p><p>Sin bar talrige tilnavne, der beskriver hans funktioner. Han blev kaldt den lysende tyr, kronens herre, den vise herre eller dagenes t\u00e6ller. Forbindelsen til tyren udspringer af m\u00e5nesigden, hvis form mindede om tyrehorn. Disse billeder gennemsyrer hymner og b\u00f8nner og pr\u00e6ger den religi\u00f8se forst\u00e5else af guden.<\/p>\t\t\t\t\t\t\t\t<\/div>\n\t\t\t\t\t<\/div>\n\t\t\t\t<\/div>\n\t\t<div class=\"elementor-element elementor-element-iwgw-sin-s2 e-flex e-con-boxed e-con e-parent\" data-id=\"iwgw-sin-s2\" data-element_type=\"container\" data-e-type=\"container\">\n\t\t\t\t\t<div class=\"e-con-inner\">\n\t\t\t\t<div class=\"elementor-element elementor-element-iwgw-sin-s2h elementor-widget elementor-widget-heading\" data-id=\"iwgw-sin-s2h\" data-element_type=\"widget\" data-e-type=\"widget\" data-widget_type=\"heading.default\">\n\t\t\t\t\t<h2 class=\"elementor-heading-title elementor-size-default\">Beskrivelse og ikonografi<\/h2>\t\t\t\t<\/div>\n\t\t\t\t<div class=\"elementor-element elementor-element-iwgw-sin-s2t elementor-widget elementor-widget-text-editor\" data-id=\"iwgw-sin-s2t\" data-element_type=\"widget\" data-e-type=\"widget\" data-widget_type=\"text-editor.default\">\n\t\t\t\t\t\t\t\t\t<p>Det tydelige og gennem \u00e5rhundreder stabile <span class=\"iwg-fachbegriff\" data-tooltip=\"Et tegn, der repr\u00e6senterer en forestilling eller betydning.\" tabindex=\"0\">symbol<\/span> for Sin er den liggende m\u00e5nesigd. Den optr\u00e6der p\u00e5 rullecylindersegl, gr\u00e6nsestene, stele og i tempelkunsten. Ofte er sigden fremstillet, s\u00e5 den minder om en b\u00e5d, hvilket stemmer med forestillingen om, at m\u00e5negud gennemkryssede himlen om natten som p\u00e5 et vandfart\u00f8j.<\/p><p>I antropomorfe fremstillinger optr\u00e6der Sin som en sk\u00e6gget, tronende gud med den hornede krone. Nogle billeder viser ham med en halvm\u00e5ne over hovedet eller i h\u00e5nden.<\/p><p>P\u00e5 de babylonske gr\u00e6nsestene, de s\u00e5kaldte kudurruer, h\u00f8rer m\u00e5nesigden til de hyppigst afbildede guddommelige symboler og st\u00e5r der oftest sammen med Shamashs solstjerne og Ishtars Venus-stjerne.<\/p><p>Den litter\u00e6re beskrivelse betoner Sins lys. Hans sk\u00e6r skildres som mildt, men ogs\u00e5 som gennemtr\u00e6ngende. Han oplyser natten uden at fordrive den og muligg\u00f8r orientering i m\u00f8rket.<\/p><p>M\u00e5nens tiltagen og aftagen blev tydet mytisk og forbundet med gudens regelm\u00e6ssige fremtr\u00e6den og forsvinden. Denne cykliske natur gjorde Sin til billedet p\u00e5 den p\u00e5lidelige, sig selv fornyende orden.<\/p>\t\t\t\t\t\t\t\t<\/div>\n\t\t\t\t\t<\/div>\n\t\t\t\t<\/div>\n\t\t<div class=\"elementor-element elementor-element-iwgw-sin-s3 e-flex e-con-boxed e-con e-parent\" data-id=\"iwgw-sin-s3\" data-element_type=\"container\" data-e-type=\"container\">\n\t\t\t\t\t<div class=\"e-con-inner\">\n\t\t\t\t<div class=\"elementor-element elementor-element-iwgw-sin-s3h elementor-widget elementor-widget-heading\" data-id=\"iwgw-sin-s3h\" data-element_type=\"widget\" data-e-type=\"widget\" data-widget_type=\"heading.default\">\n\t\t\t\t\t<h2 class=\"elementor-heading-title elementor-size-default\">Mytologiske fort\u00e6llinger<\/h2>\t\t\t\t<\/div>\n\t\t\t\t<div class=\"elementor-element elementor-element-iwgw-sin-s3t elementor-widget elementor-widget-text-editor\" data-id=\"iwgw-sin-s3t\" data-element_type=\"widget\" data-e-type=\"widget\" data-widget_type=\"text-editor.default\">\n\t\t\t\t\t\t\t\t\t<p>Sins f\u00f8dsel skildres i fort\u00e6llingen om Enlil og Ninlil. Efter at Enlil har forgrebet sig p\u00e5 gudinden Ninlil, bliver han af gudeforsamlingen forvist til underverdenen. Ninlil, som har modtaget m\u00e5negud fra ham, f\u00f8lger ham.<\/p><p>For at barnet, som skal tilh\u00f8re den lyse himmel, ikke skal blive i underverdenen, giver Enlil og Ninlil gennem yderligere m\u00f8der erstatningsguder til underverdenen. S\u00e5ledes kommer Sin til himlen, mens de underjordiske guddomme bebor dybet.<\/p><p>Sin optr\u00e6der ogs\u00e5 i myter, hvor han bliver angrebet af d\u00e6moner. En besv\u00e6rgelsesfort\u00e6lling skildrer, hvordan onde kr\u00e6fter form\u00f8rker m\u00e5nen. I en overleveret fort\u00e6lling forbunder sig syv onde d\u00e6moner for at omringe Sin p\u00e5 himlen og udslukke hans lys.<\/p><p>En m\u00e5neform\u00f8rkelse blev anset som et ulykkeligt tegn, som et angreb fra fjendtlige v\u00e6sener p\u00e5 guden. I s\u00e5danne tilf\u00e6lde tilkaldte besv\u00e6rgelsespr\u00e6sterne andre guder til hj\u00e6lp, for at Sin skulle genvinde sit lys. Dette fort\u00e6llemotiv forbinder <span class=\"iwg-fachbegriff\" data-tooltip=\"En overleveret fort\u00e6lling om guder, oprindelser og verdens orden.\" tabindex=\"0\">mytos<\/span> og <span class=\"iwg-fachbegriff\" data-tooltip=\"En fastlagt r\u00e6kkef\u00f8lge af symbolske handlinger med religi\u00f8s eller kulturel betydning.\" tabindex=\"0\">ritual<\/span> umiddelbart med hinanden.<\/p><p>I hymner skildres Sin som en vis r\u00e5dgiver, der sammen med sin s\u00f8n Schamasch vogter over retf\u00e6rdighed og sandhed. Mens Schamasch som solgud ser alt om dagen, gennemtr\u00e6nger Sin natten.<\/p><p>Ud af denne konstellation opst\u00e5r forestillingen om et sammenh\u00e6ngende gudeblik, som intet lader forblive skjult. M\u00e5nedens sk\u00e6bne, siges det, bestemmes af Sin, hvorfor hans m\u00e5nedlige fremtr\u00e6den blev iagttaget med s\u00e6rlig opm\u00e6rksomhed.<\/p><p>Et eget fort\u00e6llemotiv ang\u00e5r dr\u00f8mmen, hvori Sin viser sig for menneskene. Den sidste babyloniske konge Nabonid berretter i sine indskrifter, at m\u00e5negud viste sig for ham i dr\u00f8mme og gav ham til opgave at genopbygge dennes forfaldne <span class=\"iwg-fachbegriff\" data-tooltip=\"En bygning, der tjener tilbedelsen af en eller flere guddomme.\" tabindex=\"0\">tempel<\/span> i Harran.<\/p><p>S\u00e5danne tekster er ikke myter i strengt forstand, men de viser, hvordan mytiske forestillinger om den talende, vejledende gud virkede ind i den kongelige selviscenes\u00e6ttelse.<\/p><p>Ogs\u00e5 i hymner, der tilskrives Enheduanna, og i b\u00f8nner fra hovedpr\u00e6stinderne fremtr\u00e6der Sin som en gud, der h\u00f8rer b\u00f8nner og sender tegn. Tydningen af disse tegn, is\u00e6r m\u00e5neslyngerne og halvm\u00e5nens stilling, var genstand for en udviklet iagttagelses- og tydningspraksis.<\/p>\t\t\t\t\t\t\t\t<\/div>\n\t\t\t\t\t<\/div>\n\t\t\t\t<\/div>\n\t\t<div class=\"elementor-element elementor-element-iwgw-sin-s4 e-flex e-con-boxed e-con e-parent\" data-id=\"iwgw-sin-s4\" data-element_type=\"container\" data-e-type=\"container\">\n\t\t\t\t\t<div class=\"e-con-inner\">\n\t\t\t\t<div class=\"elementor-element elementor-element-iwgw-sin-s4h elementor-widget elementor-widget-heading\" data-id=\"iwgw-sin-s4h\" data-element_type=\"widget\" data-e-type=\"widget\" data-widget_type=\"heading.default\">\n\t\t\t\t\t<h2 class=\"elementor-heading-title elementor-size-default\">Kult og tilbedelse<\/h2>\t\t\t\t<\/div>\n\t\t\t\t<div class=\"elementor-element elementor-element-iwgw-sin-s4t elementor-widget elementor-widget-text-editor\" data-id=\"iwgw-sin-s4t\" data-element_type=\"widget\" data-e-type=\"widget\" data-widget_type=\"text-editor.default\">\n\t\t\t\t\t\t\t\t\t<p>Det vigtigste kultcenter for Sin i det sydlige Mesopotamien var byen Ur. Der l\u00e5 <span class=\"iwg-fachbegriff\" data-tooltip=\"En bygning, der tjener tilbedelsen af en eller flere guddomme.\" tabindex=\"0\">templet<\/span> Ekischnugal, og den ber\u00f8mte zikkurat i Ur, en trinformet tempelplatform, var <span class=\"iwg-fachbegriff\" data-tooltip=\"Overdraget til det hellige gennem en religi\u00f8s handling og derved h\u00e6vet ud af det almindelige.\" tabindex=\"0\">indviet<\/span> til m\u00e5negud. Kong Ur-Nammu og hans s\u00f8n Schulgi opf\u00f8rte den monumentale zikkurat i den form, som dens ruiner stadig lader ane i dag.<\/p><p>Under Urs tredje dynasti oplevede <span class=\"iwg-fachbegriff\" data-tooltip=\"Den samlede m\u00e6ngde af religi\u00f8se tilbedelseshandlinger for en guddom eller helligt v\u00e6sen.\" tabindex=\"0\">kulten<\/span> en s\u00e6rlig blomstring.<\/p><p>Embedet som hovedpr\u00e6stinde for m\u00e5negud spillede en fremtr\u00e6dende rolle og blev ofte besat af kongelige d\u00f8tre. Den mest kendte indehaver af dette embede var Enheduanna, en datter af kong Sargon af Akkad, som litter\u00e6re hymner tilskrives.<\/p><p>Embedet bestod i flere \u00e5rhundreder, og selv kong Nabonid indsatte sin datter som pr\u00e6stinde i Ur, idet han henviste til et af et m\u00e5neomen tilkendegivet gudeligt valg.<\/p><p>I det nordlige Mesopotamien var Harran det andet store centrum for m\u00e5nedyrkelsen. Det dortige <span class=\"iwg-fachbegriff\" data-tooltip=\"En bygning, der tjener tilbedelsen af en eller flere guddomme.\" tabindex=\"0\">tempel<\/span> for Sin, kaldet Echulchul, n\u00f8d anseelse over en us\u00e6dvanligt lang tid.<\/p><p>Selv i det f\u00f8rste \u00e5rtusinde f\u00f8r vor tidsregning viste nyassyriske og nybabyloniske herskere stor interesse for dette <span class=\"iwg-fachbegriff\" data-tooltip=\"Et helligt sted, der er dedikeret til tilbedelsen af en guddom.\" tabindex=\"0\">helligsted<\/span>. Den sidste babyloniske konge Nabonid viste Sin af Harran s\u00e6rlig opm\u00e6rksomhed, lod <span class=\"iwg-fachbegriff\" data-tooltip=\"En bygning, der tjener tilbedelsen af en eller flere guddomme.\" tabindex=\"0\">templet<\/span> genopbygge og opholdt sig i flere \u00e5r fjernt fra Babylon, hvilket m\u00f8dte modstand blandt pr\u00e6steskabet for andre guder, is\u00e6r Marduk.<\/p><p>Ogs\u00e5 Nabonids mor, hvis lange levetid en egen <span class=\"iwg-fachbegriff\" data-tooltip=\"En tekst indridset eller udhugget i et fast materiale.\" tabindex=\"0\">indskrift<\/span> fastholder, var n\u00e6rt forbundet med Sin-<span class=\"iwg-fachbegriff\" data-tooltip=\"Den samlede m\u00e6ngde af religi\u00f8se tilbedelseshandlinger for en guddom eller helligt v\u00e6sen.\" tabindex=\"0\">kulten<\/span> i Harran.<\/p><p><span class=\"iwg-fachbegriff\" data-tooltip=\"Den samlede m\u00e6ngde af religi\u00f8se tilbedelseshandlinger for en guddom eller helligt v\u00e6sen.\" tabindex=\"0\">Kulten<\/span> omfattede daglige <span class=\"iwg-fachbegriff\" data-tooltip=\"Gave til en guddom for at udtrykke tak, b\u00f8n eller tilbedelse.\" tabindex=\"0\">offergaver<\/span>, m\u00e5nedlige fester ved m\u00e5nefaserne og b\u00f8nner. Nym\u00e5ne, fuldm\u00e5ne og m\u00e5nens forsvinden var <span class=\"iwg-fachbegriff\" data-tooltip=\"H\u00f8rende til et fastlagt religi\u00f8st handlingsforl\u00f8b.\" tabindex=\"0\">ritually<\/span> betydningsfulde tidspunkter, hvor s\u00e6rlige riter blev udf\u00f8rt. Dagen for den forsvindende m\u00e5ne blev anset som kritisk og var forbundet med klage- og forsoningsriter.<\/p><p><span class=\"iwg-fachbegriff\" data-tooltip=\"En bygning, der tjener tilbedelsen af en eller flere guddomme.\" tabindex=\"0\">Templerne<\/span> havde omfattende jordbesiddelser og et hierarkisk opbygget pr\u00e6steskab med sangere, klagepr\u00e6ster og administrativt personale. Fra Ur stammer rige ark\u00e6ologiske fund, blandt andet <span class=\"iwg-fachbegriff\" data-tooltip=\"Et helligt sted, der er dedikeret til tilbedelsen af en guddom.\" tabindex=\"0\">helligstedet<\/span> for hovedpr\u00e6stindeembedet, Gipar, som giver et indblik i Sin-kultens materielle kultur.<\/p>\t\t\t\t\t\t\t\t<\/div>\n\t\t\t\t\t<\/div>\n\t\t\t\t<\/div>\n\t\t<div class=\"elementor-element elementor-element-iwgw-sin-s5 e-flex e-con-boxed e-con e-parent\" data-id=\"iwgw-sin-s5\" data-element_type=\"container\" data-e-type=\"container\">\n\t\t\t\t\t<div class=\"e-con-inner\">\n\t\t\t\t<div class=\"elementor-element elementor-element-iwgw-sin-s5h elementor-widget elementor-widget-heading\" data-id=\"iwgw-sin-s5h\" data-element_type=\"widget\" data-e-type=\"widget\" data-widget_type=\"heading.default\">\n\t\t\t\t\t<h2 class=\"elementor-heading-title elementor-size-default\">Beskyttelsespraksis og apotrop\u00e6iske elementer<\/h2>\t\t\t\t<\/div>\n\t\t\t\t<div class=\"elementor-element elementor-element-iwgw-sin-s5t elementor-widget elementor-widget-text-editor\" data-id=\"iwgw-sin-s5t\" data-element_type=\"widget\" data-e-type=\"widget\" data-widget_type=\"text-editor.default\">\n\t\t\t\t\t\t\t\t\t<p>Sin var n\u00f8je forbundet med beskyttelse og afv\u00e6rgelsen af ulykke, fordi hans lys oplyste den nattem\u00f8rke, hvor man mente d\u00e6moniske kr\u00e6fter var s\u00e6rligt aktive.<\/p><p>B\u00f8nner til Sin bad om hans lys som hj\u00e6lp og ledsagelse. Da m\u00e5nen ordnede kalenderen, var hans trov\u00e6rdighed samtidig en beskyttelse mod den utallige tids kaos.<\/p><p>En s\u00e6rlig rolle spillede Sin i forbindelse med m\u00e5neform\u00f8rkelser. En form\u00f8rkelse blev betragtet som et angreb fra fjendtlige v\u00e6sener p\u00e5 guden og som et ulykkevarslende tegn, is\u00e6r for kongen.<\/p><p>Der fandtes s\u00e6rlige ritualtekster, hvormed man ville afv\u00e6rge de skadelige f\u00f8lger af en form\u00f8rkelse. En kendt fremgangsm\u00e5de var erstatningskongeritualet, hvor en stedfortr\u00e6der symbolsk tog den ulykke p\u00e5 sig, som varslet forudsagde, mens den egentlige konge forblev beskyttet.<\/p><p>I besv\u00e6rgelser blev Sin tilkaldt sammen med andre guddomme for at hele syge og fordrive onde \u00e5nder. M\u00e5negudens rolle her er ikke som en isoleret beskyttermagt, men som en del af en st\u00f8rre guddommelig bistand.<\/p><p>Da Sin blev anset som en vis og retf\u00e6rdig gud, h\u00e5bede man, at han ville st\u00f8tte de uretf\u00e6rdigt forfulgte. Hans milde, men stadige lys var et <span class=\"iwg-fachbegriff\" data-tooltip=\"Et anskueligt billede, der st\u00e5r for en abstrakt tanke.\" tabindex=\"0\">sindbillede<\/span> p\u00e5 h\u00e5bet om, at ogs\u00e5 den m\u00f8rkeste nat f\u00e5r en ende.<\/p>\t\t\t\t\t\t\t\t<\/div>\n\t\t\t\t\t<\/div>\n\t\t\t\t<\/div>\n\t\t<div class=\"elementor-element elementor-element-iwgw-sin-s6 e-flex e-con-boxed e-con e-parent\" data-id=\"iwgw-sin-s6\" data-element_type=\"container\" data-e-type=\"container\">\n\t\t\t\t\t<div class=\"e-con-inner\">\n\t\t\t\t<div class=\"elementor-element elementor-element-iwgw-sin-s6h elementor-widget elementor-widget-heading\" data-id=\"iwgw-sin-s6h\" data-element_type=\"widget\" data-e-type=\"widget\" data-widget_type=\"heading.default\">\n\t\t\t\t\t<h2 class=\"elementor-heading-title elementor-size-default\">Paralleller i andre kulturer<\/h2>\t\t\t\t<\/div>\n\t\t\t\t<div class=\"elementor-element elementor-element-iwgw-sin-s6t elementor-widget elementor-widget-text-editor\" data-id=\"iwgw-sin-s6t\" data-element_type=\"widget\" data-e-type=\"widget\" data-widget_type=\"text-editor.default\">\n\t\t\t\t\t\t\t\t\t<p>M\u00e5negudheder er belagt i mange kulturer i Det Gamle N\u00e6rorienten og videre. I det vestsemitiske omr\u00e5de fandtes egne m\u00e5negudheder, og ogs\u00e5 i Sydarabien stod m\u00e5nen i centrum for betydningsfulde kulter. Forbindelsen mellem m\u00e5ne, kalender og tidsorden er et gennemg\u00e5ende m\u00f8nster, da m\u00e5necyklussen for f\u00f8rmoderne samfund udgjorde det mest naturlige grundlag for tidsregningen.<\/p><p>Det er p\u00e5faldende, at i det mesopotamiske system anses m\u00e5negud Sin som fader til solguden. I mange andre mytologiske systemer, eksempelvis det gr\u00e6ske, er forholdet omvendt eller v\u00e6gtet anderledes, og solen indtager en fremtr\u00e6dende stilling. Den mesopotamiske oph\u00f8jelse af m\u00e5nen afspejler betydningen af den nattelige himmelobservation og den lunare kalender.<\/p><p>Sin-<span class=\"iwg-fachbegriff\" data-tooltip=\"Helheden af de religi\u00f8se tilbedelseshandlinger for en guddom eller helgenagtig figur.\" tabindex=\"0\">kulten<\/span> i Harran er et s\u00e6rtilf\u00e6lde af religi\u00f8s kontinuitet. Mens den gammelmesopotamiske religion andre steder for l\u00e6ngst var udd\u00f8d, holdt former for stjernetilbedelse sig i Harran indtil <span class=\"iwg-fachbegriff\" data-tooltip=\"Overgangsepoken mellem antikken og middelalderen, cirka 3. til 7. \u00e5rhundrede.\" tabindex=\"0\">senantikken<\/span>. Senere kilder fort\u00e6ller om et samfund i Harran, som plejede astrale kulter.<\/p><p>Vurderingen af disse meddelelser er omdiskuteret i forskningen, men de viser, hvor vedholdende m\u00e5neudyrkelsen p\u00e5 dette sted var.<\/p>\t\t\t\t\t\t\t\t<\/div>\n\t\t\t\t\t<\/div>\n\t\t\t\t<\/div>\n\t\t<div class=\"elementor-element elementor-element-iwgw-sin-s7 e-flex e-con-boxed e-con e-parent\" data-id=\"iwgw-sin-s7\" data-element_type=\"container\" data-e-type=\"container\">\n\t\t\t\t\t<div class=\"e-con-inner\">\n\t\t\t\t<div class=\"elementor-element elementor-element-iwgw-sin-s7h elementor-widget elementor-widget-heading\" data-id=\"iwgw-sin-s7h\" data-element_type=\"widget\" data-e-type=\"widget\" data-widget_type=\"heading.default\">\n\t\t\t\t\t<h2 class=\"elementor-heading-title elementor-size-default\">Nutidig reception og forskning<\/h2>\t\t\t\t<\/div>\n\t\t\t\t<div class=\"elementor-element elementor-element-iwgw-sin-s7t elementor-widget elementor-widget-text-editor\" data-id=\"iwgw-sin-s7t\" data-element_type=\"widget\" data-e-type=\"widget\" data-widget_type=\"text-editor.default\">\n\t\t\t\t\t\t\t\t\t<p>Udforskningen af Sin-kulten bygger p\u00e5 et bredt kildegrundlag. Udgravningerne i Ur, is\u00e6r Leonard Woolleys arbejder i f\u00f8rste halvdel af det tyvende \u00e5rhundrede, afd\u00e6kkede <span class=\"iwg-fachbegriff\" data-tooltip=\"En bygning, der tjener tilbedelsen af en eller flere guddomme.\" tabindex=\"0\">templer<\/span>, zikkuraten, giparen og talrige fund.<\/p><p>Hertil kommer kileskrifttekster, blandt andet hymner, b\u00f8nner, ritualtekster og administrative dokumenter, som dokumenterer <span class=\"iwg-fachbegriff\" data-tooltip=\"Helheden af de religi\u00f8se tilbedelseshandlinger for en guddom eller helgenagtig figur.\" tabindex=\"0\">kulten<\/span> i dens forskellige epoker. Nabonids inskriptioner udg\u00f8r et eget, meget unders\u00f8gt kildekompleks til den sene fase af m\u00e5neudyrkelsen.<\/p><p>Et fortsat diskuteret emne er Nabonids religionspolitik. Hans favorisering af Sin frem for Marduk blev i senere, fjendtligt indstillede tekster fremstillet som en forsyndelse. Forskningen bestr\u00e6ber sig p\u00e5 at skille disse tendenti\u00f8se kilder fra kongens egne udsagn og rekonstruere baggrunden for konflikten mellem pr\u00e6steskaberne.<\/p><p>Et vigtigt forskningstema er den astrale dimension i den mesopotamiske religion. Sin st\u00e5r i centrum for sp\u00f8rgsm\u00e5let om, hvordan himmelobservation, kalenderv\u00e6sen og religi\u00f8s tydning virkede sammen.<\/p><p>De mesopotamiske l\u00e6rde udviklede en udbygget varselstydning, hvor m\u00e5nef\u00e6nomener spillede en central rolle. Disse tekster er ikke kun religionshistorisk, men ogs\u00e5 videnskabshistorisk interessante, da de h\u00f8rer til r\u00f8dderne af den senere astronomi.<\/p><p>Ogs\u00e5 skikkelsen Enheduanna har i de seneste \u00e5rtier f\u00e5et megen opm\u00e6rksomhed. Som h\u00f8jpr\u00e6stinde for m\u00e5negudens og formodet forfatter til hymner betragtes hun som en af de tidligste navngivne forfattere i litteraturhistorien.<\/p><p>Tilskrivningen af teksterne diskuteres nuanceret i fagkredse. Alt i alt forbliver Sin en skikkelse, hvorp\u00e5 centrale temaer i den mesopotamiske religionshistorie kan studeres eksemplarisk.<\/p>\t\t\t\t\t\t\t\t<\/div>\n\t\t\t\t\t<\/div>\n\t\t\t\t<\/div>\n\t\t<div class=\"elementor-element elementor-element-iwgw-sin-lit e-flex e-con-boxed e-con e-parent\" data-id=\"iwgw-sin-lit\" data-element_type=\"container\" data-e-type=\"container\">\n\t\t\t\t\t<div class=\"e-con-inner\">\n\t\t\t\t<div class=\"elementor-element elementor-element-iwgw-sin-lith elementor-widget elementor-widget-heading\" data-id=\"iwgw-sin-lith\" data-element_type=\"widget\" data-e-type=\"widget\" data-widget_type=\"heading.default\">\n\t\t\t\t\t<h2 class=\"elementor-heading-title elementor-size-default\">Litteratur (udvalg)<\/h2>\t\t\t\t<\/div>\n\t\t\t\t<div class=\"elementor-element elementor-element-iwgw-sin-litt elementor-widget elementor-widget-text-editor\" data-id=\"iwgw-sin-litt\" data-element_type=\"widget\" data-e-type=\"widget\" data-widget_type=\"text-editor.default\">\n\t\t\t\t\t\t\t\t\t<ul><li><span data-nosnippet>Jeremy Black, Anthony Green: <em>Gods, Demons and Symbols of Ancient Mesopotamia<\/em> (1992)<\/span><\/li><li>Jean Bott\u00e9ro: <em>Die \u00e4lteste Religion. Mesopotamien<\/em> (2001)<\/li><li>Thorkild Jacobsen: <em>The Treasures of Darkness. A History of Mesopotamian Religion<\/em> (1976)<\/li><li>Mark E. Cohen: <em>The Cultic Calendars of the Ancient Near East<\/em> (1993)<\/li><li>Wilfred G. Lambert: <em>Babylonian Oracle Questions<\/em> (2007)<\/li><\/ul>\t\t\t\t\t\t\t\t<\/div>\n\t\t\t\t\t<\/div>\n\t\t\t\t<\/div>\n\t\t<div class=\"elementor-element elementor-element-iwgkw2-add-sin e-flex e-con-boxed e-con e-parent\" data-id=\"iwgkw2-add-sin\" data-element_type=\"container\" data-e-type=\"container\">\n\t\t\t\t\t<div class=\"e-con-inner\">\n\t\t\t\t<div class=\"elementor-element elementor-element-iwgkw2-add-sin-t elementor-widget elementor-widget-text-editor\" data-id=\"iwgkw2-add-sin-t\" data-element_type=\"widget\" data-e-type=\"widget\" data-widget_type=\"text-editor.default\">\n\t\t\t\t\t\t\t\t\t<p>Sin anses som en <em>mesopotamisk<\/em> m\u00e5negud fra Ur og Harran, hvis hornkrone og halvm\u00e5ne-symbolik blev overleveret fra det gammelsumeriske Nanna og videre til den senbabyloniske kongeideologi.<\/p>\t\t\t\t\t\t\t\t<\/div>\n\t\t\t\t\t<\/div>\n\t\t\t\t<\/div>\n\t\t<div class=\"elementor-element elementor-element-iwgw-sin-kwd e-flex e-con-boxed e-con e-parent\" data-id=\"iwgw-sin-kwd\" data-element_type=\"container\" data-e-type=\"container\">\n\t\t\t\t\t<div class=\"e-con-inner\">\n\t\t\t\t<div class=\"elementor-element elementor-element-iwgw-sin-kwdt elementor-widget elementor-widget-text-editor\" data-id=\"iwgw-sin-kwdt\" data-element_type=\"widget\" data-e-type=\"widget\" data-widget_type=\"text-editor.default\">\n\t\t\t\t\t\t\t\t\t<p><em>Relaterede n\u00f8glebegreber: Sin Nanna Suen Ur Harran M\u00e5negud Zikkurat Enheduanna Shamash.<\/em><\/p>\t\t\t\t\t\t\t\t<\/div>\n\t\t\t\t\t<\/div>\n\t\t\t\t<\/div>\n\t\t<div class=\"elementor-element elementor-element-iwgw-sin-cc e-flex e-con-boxed e-con e-parent\" data-id=\"iwgw-sin-cc\" data-element_type=\"container\" data-e-type=\"container\" id=\"iwg-cc-sin\">\n\t\t\t\t\t<div class=\"e-con-inner\">\n\t\t<div class=\"elementor-element elementor-element-iwgw-sin-ccinner e-flex e-con-boxed e-con e-parent\" data-id=\"iwgw-sin-ccinner\" data-element_type=\"container\" data-e-type=\"container\" data-settings=\"{&quot;background_background&quot;:&quot;classic&quot;}\">\n\t\t\t\t\t<div class=\"e-con-inner\">\n\t\t\t\t<div class=\"elementor-element elementor-element-iwgw-sin-cch elementor-widget elementor-widget-heading\" data-id=\"iwgw-sin-cch\" data-element_type=\"widget\" data-e-type=\"widget\" data-widget_type=\"heading.default\">\n\t\t\t\t\t<h2 class=\"elementor-heading-title elementor-size-default\">iWell Guard og beskyttelsestraditioner<\/h2>\t\t\t\t<\/div>\n\t\t\t\t<div class=\"elementor-element elementor-element-iwgw-sin-cct elementor-widget elementor-widget-text-editor\" data-id=\"iwgw-sin-cct\" data-element_type=\"widget\" data-e-type=\"widget\" data-widget_type=\"text-editor.default\">\n\t\t\t\t\t\t\t\t\t<div data-nosnippet=\"true\"><p>iWell Guard knytter sig til den kulturhistoriske tradition for b\u00e6rbare beskyttelsesobjekter, i traditionen fra <a href=\"https:\/\/iwell-guard.com\/da\/mesopotamien\/\">Mesopotamien<\/a> og mange andre kulturer verden over. 41 lag, \u00e6gte guld, platin, s\u00f8lv, fremstillet i Tyskland. 30 dages returret.<\/p><\/div>\t\t\t\t\t\t\t\t<\/div>\n\t\t\t\t<div class=\"elementor-element elementor-element-iwgw-sin-ccb iwg-cc-button iwg-cc-cta-2026-05-13 elementor-widget elementor-widget-jet-button\" data-id=\"iwgw-sin-ccb\" data-element_type=\"widget\" data-e-type=\"widget\" data-widget_type=\"jet-button.default\">\n\t\t\t\t<div class=\"elementor-widget-container\">\n\t\t\t\t\t<div class=\"elementor-jet-button jet-elements\"><div class=\"jet-button__container\"><a class=\"jet-button__instance jet-button__instance--icon-left hover-effect-1\" href=\"\/ueber-iwell-guard\/?utm_source=iwell-guard.com&amp;utm_medium=info-box&amp;utm_campaign=wesen-tradition\"><div class=\"jet-button__plane jet-button__plane-normal\"><\/div><div class=\"jet-button__plane jet-button__plane-hover\"><\/div><div class=\"jet-button__state jet-button__state-normal\"><span class=\"jet-button__label\">Mere om iWell Guard<\/span><\/div><div class=\"jet-button__state jet-button__state-hover\"><span class=\"jet-button__label\">Mere om iWell Guard<\/span><\/div><\/a><\/div><\/div><style>.elementor-element.elementor-element-iwgw-sin-ccb .jet-button__instance{width:320px;height:56px;}.elementor-element.elementor-element-iwgw-sin-ccb .jet-button__state-normal .jet-button__label{text-align:center;margin:0px 0px 0px 0px;color:#1a1b20;font-family:Montserrat,sans-serif;font-size:13px;font-weight:400;letter-spacing:4px;line-height:1.714em;text-transform:uppercase;}.elementor-element.elementor-element-iwgw-sin-ccb .jet-button__state-hover .jet-button__label{text-align:center;margin:0px 0px 0px 0px;color:#FECC76;font-family:Montserrat,sans-serif;font-size:13px;font-weight:400;letter-spacing:4px;line-height:1.714em;text-transform:uppercase;}.elementor-element.elementor-element-iwgw-sin-ccb .jet-button__plane-normal{background-color:#FECC76;border-style:solid;border-color:#C99540;border-width:2px 2px 2px 2px;}.elementor-element.elementor-element-iwgw-sin-ccb .jet-button__plane-hover{background-color:rgba(0,0,0,0.55);border-style:solid;border-color:#FECC76;border-width:2px 2px 2px 2px;}<\/style>\t\t\t\t<\/div>\n\t\t\t\t<\/div>\n\t\t\t\t<div class=\"elementor-element elementor-element-iwgw-sin-ccd elementor-widget elementor-widget-text-editor\" data-id=\"iwgw-sin-ccd\" data-element_type=\"widget\" data-e-type=\"widget\" data-widget_type=\"text-editor.default\">\n\t\t\t\t\t\t\t\t\t<div data-nosnippet=\"true\"><p style=\"text-align:center;font-size:13px;opacity:0.7;margin-top:14px\" data-nosnippet=\"true\">Personlige erfaringer kan variere. Ikke et medicinsk produkt. Intet helbredelsesl\u00f8fte.<\/p><\/div>\t\t\t\t\t\t\t\t<\/div>\n\t\t\t\t\t<\/div>\n\t\t\t\t<\/div>\n\t\t\t\t\t<\/div>\n\t\t\t\t<\/div>\n\t\t<div class=\"elementor-element elementor-element-iwgw-sin-disc e-flex e-con-boxed e-con e-parent\" data-id=\"iwgw-sin-disc\" data-element_type=\"container\" data-e-type=\"container\">\n\t\t\t\t\t<div class=\"e-con-inner\">\n\t\t\t\t<div class=\"elementor-element elementor-element-iwgw-sin-discw elementor-widget elementor-widget-html\" data-id=\"iwgw-sin-discw\" data-element_type=\"widget\" data-e-type=\"widget\" data-widget_type=\"html.default\">\n\t\t\t\t\t<footer data-nosnippet=\"true\" class=\"iwg-disclaimer-block\"><p data-nosnippet=\"true\">iWell Guard er <strong>ikke et medicinsk produkt<\/strong> og erstatter ikke l\u00e6ge- eller psykoterapeutisk behandling. De religionsvidenskabelige indhold er en kulturhistorisk indplacering, ikke en anbefaling af spirituel praksis.<\/p><\/footer>\t\t\t\t<\/div>\n\t\t\t\t\t<\/div>\n\t\t\t\t<\/div>\n\t\t\t\t<\/div>\n\t\t","protected":false},"excerpt":{"rendered":"","protected":false},"author":3,"featured_media":3382,"parent":0,"menu_order":0,"comment_status":"closed","ping_status":"closed","template":"elementor_header_footer","meta":{"_yoast_wpseo_focuskw":"Sin mesopotamisk m\u00e5negud","_yoast_wpseo_title":"Sin \u2013 mesopotamisk m\u00e5negud fra Ur og Harran","_yoast_wpseo_metadesc":"Sin, p\u00e5 sumerisk Nanna, var den mesopotamiske m\u00e5negud med kultcentre i Ur og Harran, vogter af tid og kalender.","_yoast_wpseo_meta-robots-noindex":"","_yoast_wpseo_canonical":"","_angie_page":false,"gefaehrdungsstufe":"2","wesen_kultur":"mesopotamien","wesen_klasse":"goetter","footnotes":""},"categories":[],"class_list":["post-138363","page","type-page","status-publish","has-post-thumbnail","hentry"],"yoast_head":"<!-- This site is optimized with the Yoast SEO Premium plugin v27.7 (Yoast SEO v28.3) - https:\/\/yoast.com\/product\/yoast-seo-premium-wordpress\/ -->\n<title>Sin \u2013 mesopotamisk m\u00e5negud fra Ur og Harran<\/title>\n<meta name=\"description\" content=\"Sin, p\u00e5 sumerisk Nanna, var den mesopotamiske m\u00e5negud med kultcentre i Ur og Harran, vogter af tid og kalender.\" \/>\n<meta name=\"robots\" content=\"index, follow, max-snippet:-1, max-image-preview:large, max-video-preview:-1\" \/>\n<link rel=\"canonical\" href=\"https:\/\/iwell-guard.com\/da\/sin-manegud-fra-ur-og-harran\/\" \/>\n<meta property=\"og:locale\" content=\"da_DK\" \/>\n<meta property=\"og:type\" content=\"article\" \/>\n<meta property=\"og:title\" content=\"Sin \u2013 m\u00e5negud fra Ur og Harran\" \/>\n<meta property=\"og:description\" content=\"Sin, p\u00e5 sumerisk Nanna, var den mesopotamiske m\u00e5negud med kultcentre i Ur og Harran, vogter af tid og kalender.\" \/>\n<meta property=\"og:url\" content=\"https:\/\/iwell-guard.com\/da\/sin-manegud-fra-ur-og-harran\/\" \/>\n<meta property=\"og:site_name\" content=\"iWell Guard\" \/>\n<meta property=\"article:modified_time\" content=\"2026-09-03T07:58:38+00:00\" \/>\n<meta property=\"og:image\" content=\"https:\/\/iwell-guard.com\/wp-content\/uploads\/2026\/05\/goetter_mesopotamien_sin.webp\" \/>\n\t<meta property=\"og:image:width\" content=\"1024\" \/>\n\t<meta property=\"og:image:height\" content=\"1536\" \/>\n\t<meta property=\"og:image:type\" content=\"image\/webp\" \/>\n<meta name=\"twitter:card\" content=\"summary_large_image\" \/>\n<script type=\"application\/ld+json\" class=\"yoast-schema-graph\">{\"@context\":\"https:\\\/\\\/schema.org\",\"@graph\":[{\"@type\":\"WebPage\",\"@id\":\"https:\\\/\\\/iwell-guard.com\\\/da\\\/sin-manegud-fra-ur-og-harran\\\/\",\"url\":\"https:\\\/\\\/iwell-guard.com\\\/da\\\/sin-manegud-fra-ur-og-harran\\\/\",\"name\":\"Sin \u2013 mesopotamisk m\u00e5negud fra Ur og Harran\",\"isPartOf\":{\"@id\":\"https:\\\/\\\/iwell-guard.com\\\/da\\\/#website\"},\"primaryImageOfPage\":{\"@id\":\"https:\\\/\\\/iwell-guard.com\\\/da\\\/sin-manegud-fra-ur-og-harran\\\/#primaryimage\"},\"image\":{\"@id\":\"https:\\\/\\\/iwell-guard.com\\\/da\\\/sin-manegud-fra-ur-og-harran\\\/#primaryimage\"},\"thumbnailUrl\":\"https:\\\/\\\/iwell-guard.com\\\/wp-content\\\/uploads\\\/2026\\\/05\\\/goetter_mesopotamien_sin.webp\",\"datePublished\":\"2026-09-03T07:09:16+00:00\",\"dateModified\":\"2026-09-03T07:58:38+00:00\",\"description\":\"Sin, p\u00e5 sumerisk Nanna, var den mesopotamiske m\u00e5negud med kultcentre i Ur og Harran, vogter af tid og kalender.\",\"breadcrumb\":{\"@id\":\"https:\\\/\\\/iwell-guard.com\\\/da\\\/sin-manegud-fra-ur-og-harran\\\/#breadcrumb\"},\"inLanguage\":\"da-DK\",\"potentialAction\":[{\"@type\":\"ReadAction\",\"target\":[\"https:\\\/\\\/iwell-guard.com\\\/da\\\/sin-manegud-fra-ur-og-harran\\\/\"]}]},{\"@type\":\"ImageObject\",\"inLanguage\":\"da-DK\",\"@id\":\"https:\\\/\\\/iwell-guard.com\\\/da\\\/sin-manegud-fra-ur-og-harran\\\/#primaryimage\",\"url\":\"https:\\\/\\\/iwell-guard.com\\\/wp-content\\\/uploads\\\/2026\\\/05\\\/goetter_mesopotamien_sin.webp\",\"contentUrl\":\"https:\\\/\\\/iwell-guard.com\\\/wp-content\\\/uploads\\\/2026\\\/05\\\/goetter_mesopotamien_sin.webp\",\"width\":1024,\"height\":1536,\"caption\":\"Guder fra den mesopotamiske tradition.\"},{\"@type\":\"BreadcrumbList\",\"@id\":\"https:\\\/\\\/iwell-guard.com\\\/da\\\/sin-manegud-fra-ur-og-harran\\\/#breadcrumb\",\"itemListElement\":[{\"@type\":\"ListItem\",\"position\":1,\"name\":\"Start\",\"item\":\"https:\\\/\\\/iwell-guard.com\\\/da\\\/?page_id=137908\"},{\"@type\":\"ListItem\",\"position\":2,\"name\":\"Sin \u2013 m\u00e5negud fra Ur og Harran\"}]},{\"@type\":\"WebSite\",\"@id\":\"https:\\\/\\\/iwell-guard.com\\\/da\\\/#website\",\"url\":\"https:\\\/\\\/iwell-guard.com\\\/da\\\/\",\"name\":\"iWell Guard\",\"description\":\"Schutz vor dunklen Einfl\u00fcssen\",\"publisher\":{\"@id\":\"https:\\\/\\\/iwell-guard.com\\\/da\\\/#organization\"},\"potentialAction\":[{\"@type\":\"SearchAction\",\"target\":{\"@type\":\"EntryPoint\",\"urlTemplate\":\"https:\\\/\\\/iwell-guard.com\\\/da\\\/?s={search_term_string}\"},\"query-input\":{\"@type\":\"PropertyValueSpecification\",\"valueRequired\":true,\"valueName\":\"search_term_string\"}}],\"inLanguage\":\"da-DK\"},{\"@type\":\"Organization\",\"@id\":\"https:\\\/\\\/iwell-guard.com\\\/da\\\/#organization\",\"name\":\"Ittermann electronic GmbH\",\"url\":\"https:\\\/\\\/iwell-guard.com\\\/da\\\/\",\"logo\":{\"@type\":\"ImageObject\",\"inLanguage\":\"da-DK\",\"@id\":\"https:\\\/\\\/iwell-guard.com\\\/da\\\/#\\\/schema\\\/logo\\\/image\\\/\",\"url\":\"https:\\\/\\\/iwell-guard.com\\\/wp-content\\\/uploads\\\/2026\\\/05\\\/Ittermann-Logo-1182x237-1.png\",\"contentUrl\":\"https:\\\/\\\/iwell-guard.com\\\/wp-content\\\/uploads\\\/2026\\\/05\\\/Ittermann-Logo-1182x237-1.png\",\"width\":1182,\"height\":237,\"caption\":\"Ittermann electronic GmbH\"},\"image\":{\"@id\":\"https:\\\/\\\/iwell-guard.com\\\/da\\\/#\\\/schema\\\/logo\\\/image\\\/\"},\"sameAs\":[\"https:\\\/\\\/pantip.com\\\/profile\\\/9367242\",\"https:\\\/\\\/micro.blog\\\/iwellguard\",\"https:\\\/\\\/www.diggerslist.com\\\/iwellguard\\\/about\",\"https:\\\/\\\/skitterphoto.com\\\/photographers\\\/2870314\\\/iwell-guard\",\"https:\\\/\\\/iwellguard.wordpress.com\\\/2026\\\/06\\\/06\\\/iwell-guard\\\/\",\"https:\\\/\\\/hub.docker.com\\\/u\\\/iwellguard\",\"https:\\\/\\\/www.pinterest.com\\\/iwellguard\\\/\",\"https:\\\/\\\/bit.ly\\\/m\\\/iwellguard\",\"https:\\\/\\\/entre-vos-mains.alsace.eu\\\/profiles\\\/iwellguard\\\/activity\",\"https:\\\/\\\/gravatar.com\\\/reallybeded8fd34\",\"https:\\\/\\\/naijamatta.com\\\/iwellguard\",\"https:\\\/\\\/www.goodreads.com\\\/iwellguard\",\"https:\\\/\\\/profile.hatena.ne.jp\\\/iwellguard\\\/\",\"https:\\\/\\\/experiment.com\\\/users\\\/iwellguard\",\"https:\\\/\\\/wakelet.com\\\/@iWellGuard82270\",\"https:\\\/\\\/www.chordie.com\\\/forum\\\/profile.php?id=2555664\",\"https:\\\/\\\/www.instapaper.com\\\/p\\\/17757966\",\"https:\\\/\\\/www.mapleprimes.com\\\/users\\\/iwellguard\",\"https:\\\/\\\/businesslistingplus.com\\\/profile\\\/iwell-guard\\\/\",\"https:\\\/\\\/telegra.ph\\\/iWell-Guard-06-06\",\"https:\\\/\\\/pbase.com\\\/iwellguard\\\/iwellguard\",\"https:\\\/\\\/b.hatena.ne.jp\\\/iwellguard\\\/20260607#bookmark-4788405196491818882\",\"https:\\\/\\\/fliphtml5.com\\\/home\\\/iwellguard\",\"https:\\\/\\\/anyflip.com\\\/homepage\\\/cmiwl#About\",\"https:\\\/\\\/transfur.com\\\/Users\\\/iwellguard\",\"http:\\\/\\\/delphi.larsbo.org\\\/user\\\/iwellguard\",\"https:\\\/\\\/jobs.lajobsportal.org\\\/profiles\\\/8380803-iwell-guard\",\"https:\\\/\\\/md.chaosdorf.de\\\/s\\\/jfbe5SBdJD\",\"https:\\\/\\\/www.lingvolive.com\\\/en-us\\\/profile\\\/9ecaeaca-ce11-4e51-9e71-01d55e2bff36\\\/translations\",\"https:\\\/\\\/www.fitday.com\\\/fitness\\\/forums\\\/members\\\/iwellguard.html\",\"https:\\\/\\\/www.mymeetbook.com\\\/iwellguard\",\"https:\\\/\\\/pxhere.com\\\/en\\\/photographer-me\\\/5040798\",\"https:\\\/\\\/disqus.com\\\/by\\\/iwellguard\\\/about\\\/\",\"https:\\\/\\\/pastelink.net\\\/hjwciqwq\",\"https:\\\/\\\/pubhtml5.com\\\/homepage\\\/scjhn\\\/\",\"https:\\\/\\\/www.bitchute.com\\\/channel\\\/2O2eOKzNqujT\",\"https:\\\/\\\/audiomack.com\\\/iwellguard\"]},{\"@type\":\"Article\",\"@id\":\"https:\\\/\\\/iwell-guard.com\\\/da\\\/sin-manegud-fra-ur-og-harran\\\/#article\",\"isPartOf\":{\"@id\":\"https:\\\/\\\/iwell-guard.com\\\/da\\\/sin-manegud-fra-ur-og-harran\\\/\"},\"author\":{\"name\":\"Ralf Ittermann\",\"@id\":\"https:\\\/\\\/iwell-guard.com\\\/da\\\/#\\\/schema\\\/person\\\/ee2a27f1cac3406c7c6fb5820cb7349f\"},\"headline\":\"Sin \u2013 m\u00e5negud fra Ur og Harran\",\"datePublished\":\"2026-09-03T07:09:16+00:00\",\"dateModified\":\"2026-09-03T07:58:38+00:00\",\"mainEntityOfPage\":{\"@id\":\"https:\\\/\\\/iwell-guard.com\\\/da\\\/sin-manegud-fra-ur-og-harran\\\/\"},\"publisher\":{\"@id\":\"https:\\\/\\\/iwell-guard.com\\\/da\\\/#organization\"},\"image\":{\"@id\":\"https:\\\/\\\/iwell-guard.com\\\/da\\\/sin-manegud-fra-ur-og-harran\\\/#primaryimage\"},\"thumbnailUrl\":\"https:\\\/\\\/iwell-guard.com\\\/wp-content\\\/uploads\\\/2026\\\/05\\\/goetter_mesopotamien_sin.webp\",\"inLanguage\":\"da-DK\",\"description\":\"Sin, p\u00e5 sumerisk Nanna, var den mesopotamiske m\u00e5negud med kultcentre i Ur og Harran, vogter af tid og kalender.\"}]}<\/script>\n<!-- \/ Yoast SEO Premium plugin. -->","yoast_head_json":{"title":"Sin \u2013 mesopotamisk m\u00e5negud fra Ur og Harran","description":"Sin, p\u00e5 sumerisk Nanna, var den mesopotamiske m\u00e5negud med kultcentre i Ur og Harran, vogter af tid og kalender.","robots":{"index":"index","follow":"follow","max-snippet":"max-snippet:-1","max-image-preview":"max-image-preview:large","max-video-preview":"max-video-preview:-1"},"canonical":"https:\/\/iwell-guard.com\/da\/sin-manegud-fra-ur-og-harran\/","og_locale":"da_DK","og_type":"article","og_title":"Sin \u2013 m\u00e5negud fra Ur og Harran","og_description":"Sin, p\u00e5 sumerisk Nanna, var den mesopotamiske m\u00e5negud med kultcentre i Ur og Harran, vogter af tid og kalender.","og_url":"https:\/\/iwell-guard.com\/da\/sin-manegud-fra-ur-og-harran\/","og_site_name":"iWell Guard","article_modified_time":"2026-09-03T07:58:38+00:00","og_image":[{"width":1024,"height":1536,"url":"https:\/\/iwell-guard.com\/wp-content\/uploads\/2026\/05\/goetter_mesopotamien_sin.webp","type":"image\/webp"}],"twitter_card":"summary_large_image","schema":{"@context":"https:\/\/schema.org","@graph":[{"@type":"Article","@id":"https:\/\/iwell-guard.com\/da\/sin-manegud-fra-ur-og-harran\/#article","isPartOf":{"@id":"https:\/\/iwell-guard.com\/da\/sin-manegud-fra-ur-og-harran\/"},"author":{"name":"Ralf Ittermann","@id":"https:\/\/iwell-guard.com\/da\/#\/schema\/person\/ee2a27f1cac3406c7c6fb5820cb7349f"},"headline":"Sin \u2013 m\u00e5negud fra Ur og Harran","datePublished":"2026-09-03T07:09:16+00:00","dateModified":"2026-09-03T07:58:38+00:00","mainEntityOfPage":{"@id":"https:\/\/iwell-guard.com\/da\/sin-manegud-fra-ur-og-harran\/"},"publisher":{"@id":"https:\/\/iwell-guard.com\/da\/#organization"},"image":{"@id":"https:\/\/iwell-guard.com\/da\/sin-manegud-fra-ur-og-harran\/#primaryimage"},"thumbnailUrl":"https:\/\/iwell-guard.com\/wp-content\/uploads\/2026\/05\/goetter_mesopotamien_sin.webp","inLanguage":"da-DK","description":"Sin, p\u00e5 sumerisk Nanna, var den mesopotamiske m\u00e5negud med kultcentre i Ur og Harran, vogter af tid og kalender."},{"@type":"WebPage","@id":"https:\/\/iwell-guard.com\/da\/sin-manegud-fra-ur-og-harran\/","url":"https:\/\/iwell-guard.com\/da\/sin-manegud-fra-ur-og-harran\/","name":"Sin \u2013 mesopotamisk m\u00e5negud fra Ur og Harran","isPartOf":{"@id":"https:\/\/iwell-guard.com\/da\/#website"},"primaryImageOfPage":{"@id":"https:\/\/iwell-guard.com\/da\/sin-manegud-fra-ur-og-harran\/#primaryimage"},"image":{"@id":"https:\/\/iwell-guard.com\/da\/sin-manegud-fra-ur-og-harran\/#primaryimage"},"thumbnailUrl":"https:\/\/iwell-guard.com\/wp-content\/uploads\/2026\/05\/goetter_mesopotamien_sin.webp","datePublished":"2026-09-03T07:09:16+00:00","dateModified":"2026-09-03T07:58:38+00:00","description":"Sin, p\u00e5 sumerisk Nanna, var den mesopotamiske m\u00e5negud med kultcentre i Ur og Harran, vogter af tid og kalender.","breadcrumb":{"@id":"https:\/\/iwell-guard.com\/da\/sin-manegud-fra-ur-og-harran\/#breadcrumb"},"inLanguage":"da-DK","potentialAction":[{"@type":"ReadAction","target":["https:\/\/iwell-guard.com\/da\/sin-manegud-fra-ur-og-harran\/"]}]},{"@type":"ImageObject","inLanguage":"da-DK","@id":"https:\/\/iwell-guard.com\/da\/sin-manegud-fra-ur-og-harran\/#primaryimage","url":"https:\/\/iwell-guard.com\/wp-content\/uploads\/2026\/05\/goetter_mesopotamien_sin.webp","contentUrl":"https:\/\/iwell-guard.com\/wp-content\/uploads\/2026\/05\/goetter_mesopotamien_sin.webp","width":1024,"height":1536,"caption":"Guder fra den mesopotamiske tradition."},{"@type":"BreadcrumbList","@id":"https:\/\/iwell-guard.com\/da\/sin-manegud-fra-ur-og-harran\/#breadcrumb","itemListElement":[{"@type":"ListItem","position":1,"name":"Start","item":"https:\/\/iwell-guard.com\/da\/?page_id=137908"},{"@type":"ListItem","position":2,"name":"Sin \u2013 m\u00e5negud fra Ur og Harran"}]},{"@type":"WebSite","@id":"https:\/\/iwell-guard.com\/da\/#website","url":"https:\/\/iwell-guard.com\/da\/","name":"iWell Guard","description":"Schutz vor dunklen Einfl\u00fcssen","publisher":{"@id":"https:\/\/iwell-guard.com\/da\/#organization"},"potentialAction":[{"@type":"SearchAction","target":{"@type":"EntryPoint","urlTemplate":"https:\/\/iwell-guard.com\/da\/?s={search_term_string}"},"query-input":{"@type":"PropertyValueSpecification","valueRequired":true,"valueName":"search_term_string"}}],"inLanguage":"da-DK"},{"@type":"Organization","@id":"https:\/\/iwell-guard.com\/da\/#organization","name":"Ittermann electronic GmbH","url":"https:\/\/iwell-guard.com\/da\/","logo":{"@type":"ImageObject","inLanguage":"da-DK","@id":"https:\/\/iwell-guard.com\/da\/#\/schema\/logo\/image\/","url":"https:\/\/iwell-guard.com\/wp-content\/uploads\/2026\/05\/Ittermann-Logo-1182x237-1.png","contentUrl":"https:\/\/iwell-guard.com\/wp-content\/uploads\/2026\/05\/Ittermann-Logo-1182x237-1.png","width":1182,"height":237,"caption":"Ittermann electronic GmbH"},"image":{"@id":"https:\/\/iwell-guard.com\/da\/#\/schema\/logo\/image\/"},"sameAs":["https:\/\/pantip.com\/profile\/9367242","https:\/\/micro.blog\/iwellguard","https:\/\/www.diggerslist.com\/iwellguard\/about","https:\/\/skitterphoto.com\/photographers\/2870314\/iwell-guard","https:\/\/iwellguard.wordpress.com\/2026\/06\/06\/iwell-guard\/","https:\/\/hub.docker.com\/u\/iwellguard","https:\/\/www.pinterest.com\/iwellguard\/","https:\/\/bit.ly\/m\/iwellguard","https:\/\/entre-vos-mains.alsace.eu\/profiles\/iwellguard\/activity","https:\/\/gravatar.com\/reallybeded8fd34","https:\/\/naijamatta.com\/iwellguard","https:\/\/www.goodreads.com\/iwellguard","https:\/\/profile.hatena.ne.jp\/iwellguard\/","https:\/\/experiment.com\/users\/iwellguard","https:\/\/wakelet.com\/@iWellGuard82270","https:\/\/www.chordie.com\/forum\/profile.php?id=2555664","https:\/\/www.instapaper.com\/p\/17757966","https:\/\/www.mapleprimes.com\/users\/iwellguard","https:\/\/businesslistingplus.com\/profile\/iwell-guard\/","https:\/\/telegra.ph\/iWell-Guard-06-06","https:\/\/pbase.com\/iwellguard\/iwellguard","https:\/\/b.hatena.ne.jp\/iwellguard\/20260607#bookmark-4788405196491818882","https:\/\/fliphtml5.com\/home\/iwellguard","https:\/\/anyflip.com\/homepage\/cmiwl#About","https:\/\/transfur.com\/Users\/iwellguard","http:\/\/delphi.larsbo.org\/user\/iwellguard","https:\/\/jobs.lajobsportal.org\/profiles\/8380803-iwell-guard","https:\/\/md.chaosdorf.de\/s\/jfbe5SBdJD","https:\/\/www.lingvolive.com\/en-us\/profile\/9ecaeaca-ce11-4e51-9e71-01d55e2bff36\/translations","https:\/\/www.fitday.com\/fitness\/forums\/members\/iwellguard.html","https:\/\/www.mymeetbook.com\/iwellguard","https:\/\/pxhere.com\/en\/photographer-me\/5040798","https:\/\/disqus.com\/by\/iwellguard\/about\/","https:\/\/pastelink.net\/hjwciqwq","https:\/\/pubhtml5.com\/homepage\/scjhn\/","https:\/\/www.bitchute.com\/channel\/2O2eOKzNqujT","https:\/\/audiomack.com\/iwellguard"]},{"@type":"Person","@id":"https:\/\/iwell-guard.com\/da\/#\/schema\/person\/ee2a27f1cac3406c7c6fb5820cb7349f","name":"Ralf Ittermann","image":{"@type":"ImageObject","inLanguage":"da-DK","@id":"https:\/\/secure.gravatar.com\/avatar\/073c0153e350a5005b68eb752b445fea71f6b24a26da9449ad7e155e6b446c9d?s=96&d=mm&r=g","url":"https:\/\/secure.gravatar.com\/avatar\/073c0153e350a5005b68eb752b445fea71f6b24a26da9449ad7e155e6b446c9d?s=96&d=mm&r=g","contentUrl":"https:\/\/secure.gravatar.com\/avatar\/073c0153e350a5005b68eb752b445fea71f6b24a26da9449ad7e155e6b446c9d?s=96&d=mm&r=g","caption":"Ralf Ittermann"},"givenName":"Ralf","familyName":"Ittermann","jobTitle":"Gesch\u00e4ftsf\u00fchrer und redaktioneller Verantwortlicher","url":"https:\/\/iwell-guard.com\/da\/author\/claude\/","description":"Ralf Ittermann ist Gesch\u00e4ftsf\u00fchrer der Ittermann electronic GmbH und redaktioneller Verantwortlicher des iWell-Guard-Lexikons. Er verbindet langj\u00e4hrige Erfahrung in der Pr\u00e4zisionsfertigung mit medialer Praxis und religionsgeschichtlicher Quellenarbeit.","worksFor":{"@type":"Organization","name":"Ittermann electronic GmbH","url":"https:\/\/ittermann.de\/","address":{"@type":"PostalAddress","streetAddress":"K\u00f6hlergasse 16-18","postalCode":"99842","addressLocality":"Ruhla","addressCountry":"DE"}},"knowsAbout":["Religionsgeschichte","Mythologie","Mediale Praxis","Energetische Diagnostik","Schutzpraxis","Volksglauben","Westliche Esoterik"]},{"@type":"Article","@id":"https:\/\/iwell-guard.com\/da\/sin-manegud-fra-ur-og-harran\/#article","isPartOf":{"@id":"https:\/\/iwell-guard.com\/da\/sin-manegud-fra-ur-og-harran\/"},"author":{"name":"Ralf Ittermann","@id":"https:\/\/iwell-guard.com\/da\/#\/schema\/person\/ee2a27f1cac3406c7c6fb5820cb7349f"},"headline":"Sin \u2013 m\u00e5negud fra Ur og Harran","datePublished":"2026-09-03T07:09:16+00:00","dateModified":"2026-09-03T07:58:38+00:00","mainEntityOfPage":{"@id":"https:\/\/iwell-guard.com\/da\/sin-manegud-fra-ur-og-harran\/"},"publisher":{"@id":"https:\/\/iwell-guard.com\/da\/#organization"},"image":{"@id":"https:\/\/iwell-guard.com\/da\/sin-manegud-fra-ur-og-harran\/#primaryimage"},"thumbnailUrl":"https:\/\/iwell-guard.com\/wp-content\/uploads\/2026\/05\/goetter_mesopotamien_sin.webp","inLanguage":"da-DK","description":"Sin, p\u00e5 sumerisk Nanna, var den mesopotamiske m\u00e5negud med kultcentre i Ur og Harran, vogter af tid og kalender."}]}},"_links":{"self":[{"href":"https:\/\/iwell-guard.com\/da\/wp-json\/wp\/v2\/pages\/138363","targetHints":{"allow":["GET"]}}],"collection":[{"href":"https:\/\/iwell-guard.com\/da\/wp-json\/wp\/v2\/pages"}],"about":[{"href":"https:\/\/iwell-guard.com\/da\/wp-json\/wp\/v2\/types\/page"}],"author":[{"embeddable":true,"href":"https:\/\/iwell-guard.com\/da\/wp-json\/wp\/v2\/users\/3"}],"replies":[{"embeddable":true,"href":"https:\/\/iwell-guard.com\/da\/wp-json\/wp\/v2\/comments?post=138363"}],"version-history":[{"count":0,"href":"https:\/\/iwell-guard.com\/da\/wp-json\/wp\/v2\/pages\/138363\/revisions"}],"wp:featuredmedia":[{"embeddable":true,"href":"https:\/\/iwell-guard.com\/da\/wp-json\/wp\/v2\/media\/3382"}],"wp:attachment":[{"href":"https:\/\/iwell-guard.com\/da\/wp-json\/wp\/v2\/media?parent=138363"}],"wp:term":[{"taxonomy":"category","embeddable":true,"href":"https:\/\/iwell-guard.com\/da\/wp-json\/wp\/v2\/categories?post=138363"}],"curies":[{"name":"wp","href":"https:\/\/api.w.org\/{rel}","templated":true}]}}