{"id":138360,"date":"2026-09-03T07:09:13","date_gmt":"2026-09-03T07:09:13","guid":{"rendered":"https:\/\/iwell-guard.com\/?page_id=138360"},"modified":"2026-09-03T07:58:33","modified_gmt":"2026-09-03T07:58:33","slug":"kronos-titan-gyldne-tidsalder","status":"publish","type":"page","link":"https:\/\/iwell-guard.com\/da\/kronos-titan-gyldne-tidsalder\/","title":{"rendered":"Kronos \u2013 titan og hersker over den gyldne tidsalder"},"content":{"rendered":"\t\t<div data-elementor-type=\"wp-page\" data-elementor-id=\"138360\" class=\"elementor elementor-138360 elementor-2918 elementor-bc-flex-widget\" data-elementor-post-type=\"page\">\n\t\t\t\t<div class=\"elementor-element elementor-element-herof597b9c e-flex e-con-boxed e-con e-parent\" data-id=\"herof597b9c\" data-element_type=\"container\" data-e-type=\"container\">\n\t\t\t\t\t<div class=\"e-con-inner\">\n\t\t\t\t<div class=\"elementor-element elementor-element-heroimg20a558e iwg-hero-image elementor-widget elementor-widget-image\" data-id=\"heroimg20a558e\" data-element_type=\"widget\" data-e-type=\"widget\" data-widget_type=\"image.default\">\n\t\t\t\t\t\t\t\t\t\t\t\t\t\t\t<img fetchpriority=\"high\" decoding=\"async\" width=\"683\" height=\"1024\" src=\"https:\/\/iwell-guard.com\/wp-content\/uploads\/2026\/05\/goetter_griechenland_kronos-683x1024.webp\" class=\"attachment-large size-large wp-image-139990\" alt=\"Kronos - guder fra den gr\u00e6ske tradition, historisk-illustrativt\" srcset=\"https:\/\/iwell-guard.com\/wp-content\/uploads\/2026\/05\/goetter_griechenland_kronos-683x1024.webp 683w, https:\/\/iwell-guard.com\/wp-content\/uploads\/2026\/05\/goetter_griechenland_kronos-200x300.webp 200w, https:\/\/iwell-guard.com\/wp-content\/uploads\/2026\/05\/goetter_griechenland_kronos-768x1152.webp 768w, https:\/\/iwell-guard.com\/wp-content\/uploads\/2026\/05\/goetter_griechenland_kronos.webp 1024w\" sizes=\"(max-width: 683px) 100vw, 683px\" \/>\t\t\t\t\t\t\t\t\t\t\t\t\t\t\t<\/div>\n\t\t\t\t\t<\/div>\n\t\t\t\t<\/div>\n\t\t<div class=\"elementor-element elementor-element-iwgw-kronos-hero e-flex e-con-boxed e-con e-parent\" data-id=\"iwgw-kronos-hero\" data-element_type=\"container\" data-e-type=\"container\">\n\t\t\t\t\t<div class=\"e-con-inner\">\n\t\t\t\t<div class=\"elementor-element elementor-element-iwgw-kronos-h1 elementor-widget elementor-widget-heading\" data-id=\"iwgw-kronos-h1\" data-element_type=\"widget\" data-e-type=\"widget\" data-widget_type=\"heading.default\">\n\t\t\t\t\t<h1 class=\"elementor-heading-title elementor-size-default\">Kronos \u2013 titan, far til Zeus og afsat hersker<\/h1>\t\t\t\t<\/div>\n\t\t\t\t<div class=\"elementor-element elementor-element-iwgw-kronos-pills elementor-widget elementor-widget-html\" data-id=\"iwgw-kronos-pills\" data-element_type=\"widget\" data-e-type=\"widget\" data-widget_type=\"html.default\">\n\t\t\t\t\t<div class=\"iwg-pill-row\"><span class=\"iwg-klasse-badge\" tabindex=\"0\" data-tooltip=\"Titan i traditionen Gr\u00e6kenland.\">Titan<\/span><a href=\"https:\/\/iwell-guard.com\/da\/graekenland\/\" class=\"iwg-kultur-badge\" tabindex=\"0\" data-tooltip=\"Mytologi i traditionen Gr\u00e6kenland.\">Gr\u00e6kenland<\/a><span class=\"iwg-tradition-badge\" tabindex=\"0\" data-tooltip=\"Urtidsgudom.\">Urtidsgudom<\/span><\/div>\t\t\t\t<\/div>\n\t\t\t\t<div class=\"elementor-element elementor-element-iwgw-kronos-lead elementor-widget elementor-widget-text-editor\" data-id=\"iwgw-kronos-lead\" data-element_type=\"widget\" data-e-type=\"widget\" data-widget_type=\"text-editor.default\">\n\t\t\t\t\t\t\t\t\t<p>Kronos er den yngste af titanerne, s\u00f8n af Uranos og Gaia, far til Zeus. Han kastrerer sin far, fort\u00e6rer sine b\u00f8rn og bliver til sidst afsat af Zeus. Samtidig anses hans herred\u00f8mme for at v\u00e6re den gyldne tidsalder.<\/p>\t\t\t\t\t\t\t\t<\/div>\n\t\t\t\t\t<\/div>\n\t\t\t\t<\/div>\n\t\t<div class=\"elementor-element elementor-element-iwgw-kronos-s0 e-flex e-con-boxed e-con e-parent\" data-id=\"iwgw-kronos-s0\" data-element_type=\"container\" data-e-type=\"container\">\n\t\t\t\t\t<div class=\"e-con-inner\">\n\t\t\t\t<div class=\"elementor-element elementor-element-iwgw-kronos-s0h elementor-widget elementor-widget-heading\" data-id=\"iwgw-kronos-s0h\" data-element_type=\"widget\" data-e-type=\"widget\" data-widget_type=\"heading.default\">\n\t\t\t\t\t<h2 class=\"elementor-heading-title elementor-size-default\">Indplacering<\/h2>\t\t\t\t<\/div>\n\t\t\t\t<div class=\"elementor-element elementor-element-iwgw-kronos-s0t elementor-widget elementor-widget-text-editor\" data-id=\"iwgw-kronos-s0t\" data-element_type=\"widget\" data-e-type=\"widget\" data-widget_type=\"text-editor.default\">\n\t\t\t\t\t\t\t\t\t<p>Kronos h\u00f8rer til generationen af titaner, de gudesl\u00e6gter, der i den <a href=\"https:\/\/iwell-guard.com\/da\/graekenland\/\">gr\u00e6ske<\/a> <span class=\"iwg-fachbegriff\" data-tooltip=\"Den samlede m\u00e6ngde af overleverede fort\u00e6llinger om guder i en kultur.\" tabindex=\"0\">mytologi<\/span> st\u00e5r mellem de \u00e6ldste urmagter og de olympiske guder. Han er den yngste s\u00f8n af himmelguden Uranos og jordgudinden Gaia og overtager efter faderens fald herred\u00f8mmet over verden.<\/p><p>Dermed er Kronos den centrale figur i den mellemste fase af den gr\u00e6ske skabelsesmyte, den s\u00e5kaldte successionsmytologi, hvor verdensherred\u00f8mmet gives videre gennem tre generationer.<\/p><p>Religionsvidenskabeligt er Kronos en dobbeltfigur. P\u00e5 den ene side st\u00e5r den grusomme hersker, der leml\u00e6ster sin far og fort\u00e6rer sine egne b\u00f8rn for at sikre sin magt.<\/p><p>P\u00e5 den anden side st\u00e5r kongen af den gyldne tidsalder, under hvis herred\u00f8mme menneskene levede sorgl\u00f8st og uden slid. Denne sp\u00e6nding mellem skr\u00e6mmefigur og fredskonge g\u00f8r Kronos til en s\u00e6rligt oplysende figur for forst\u00e5elsen af gr\u00e6ske historie- og tidsforestillinger.<\/p><p>Den vigtigste kilde er Hesiods <em>Theogonie<\/em>, som udf\u00f8rligt fort\u00e6ller <span class=\"iwg-fachbegriff\" data-tooltip=\"En overleveret fort\u00e6lling om guder, oprindelser og verdens orden.\" tabindex=\"0\">myten<\/span> om r\u00e6kkef\u00f8lgen af verdensherskere. Desuden findes talrige senere overleveringer, mytografiske v\u00e6rker og ligestillingen med den romerske Saturn, som yderligere har udformet billedet af Kronos i <span class=\"iwg-fachbegriff\" data-tooltip=\"Epoken for den gr\u00e6ske og romerske kultur, ca. 800 f.Kr. til 600 e.Kr.\" tabindex=\"0\">antikken<\/span>. Den orfiske digtning gav sin egen version af gudernes r\u00e6kkef\u00f8lge, afvigende fra Hesiod.<\/p>\t\t\t\t\t\t\t\t<\/div>\n\t\t\t\t\t<\/div>\n\t\t\t\t<\/div>\n\t\t<div class=\"elementor-element elementor-element-iwgw-kronos-s1 e-flex e-con-boxed e-con e-parent\" data-id=\"iwgw-kronos-s1\" data-element_type=\"container\" data-e-type=\"container\">\n\t\t\t\t\t<div class=\"e-con-inner\">\n\t\t\t\t<div class=\"elementor-element elementor-element-iwgw-kronos-s1h elementor-widget elementor-widget-heading\" data-id=\"iwgw-kronos-s1h\" data-element_type=\"widget\" data-e-type=\"widget\" data-widget_type=\"heading.default\">\n\t\t\t\t\t<h2 class=\"elementor-heading-title elementor-size-default\">Navn og etymologi<\/h2>\t\t\t\t<\/div>\n\t\t\t\t<div class=\"elementor-element elementor-element-iwgw-kronos-s1t elementor-widget elementor-widget-text-editor\" data-id=\"iwgw-kronos-s1t\" data-element_type=\"widget\" data-e-type=\"widget\" data-widget_type=\"text-editor.default\">\n\t\t\t\t\t\t\t\t\t<p>Navnet Kronos er sprogligt ikke sikkert tydet. I selve <span class=\"iwg-fachbegriff\" data-tooltip=\"Epoken for den gr\u00e6ske og romerske kultur, ca. 800 f.Kr. til 600 e.Kr.\" tabindex=\"0\">antikken<\/span> blev det ofte forbundet med det gr\u00e6ske ord for tid, Chronos. Denne ligestilling er sprogvidenskabeligt ikke holdbar, da de to navne skrives og betones forskelligt.<\/p><p>Alligevel havde den stor virkning: Allerede i <span class=\"iwg-fachbegriff\" data-tooltip=\"Epoken for den gr\u00e6ske og romerske kultur, ca. 800 f.Kr. til 600 e.Kr.\" tabindex=\"0\">antikken<\/span>, is\u00e6r i den stoiske og den orfiske spekulation, blev Kronos tydet som en personifikation af tiden, der igen fort\u00e6rer sine egne b\u00f8rn, alts\u00e5 alt det, der er blevet til.<\/p><p>Andre <span class=\"iwg-fachbegriff\" data-tooltip=\"Epoken for den gr\u00e6ske og romerske kultur, ca. 800 f.Kr. til 600 e.Kr.\" tabindex=\"0\">antikke<\/span> tydninger forbandt navnet med verbet for at h\u00f8ste eller med begreber fra landbruget, hvilket passede til hans attribut, sigden. Ogs\u00e5 disse forklaringer er folkeetymologiske og ikke sikre.<\/p><p>Den moderne forskning har en tendens til at anse navnet Kronos for f\u00f8rgr\u00e6sk, alts\u00e5 for et arveord fra et sproglag, der blev talt f\u00f8r den gr\u00e6sktalende befolknings ankomst til \u00c6g\u00e6erhavet. Der findes ingen sikker etymologi.<\/p><p>I den romerske <span class=\"iwg-fachbegriff\" data-tooltip=\"Overleveringen af viden og fort\u00e6llinger gennem generationer.\" tabindex=\"0\">overlevering<\/span> blev Kronos ligestillet med Saturn. Denne identifikation var s\u00e5 virkningsfuld, at mange tr\u00e6k ved Kronos levede videre i den latinske kulturkreds under navnet Saturn, blandt andet forestillingen om den gyldne tidsalder og festen saturnalierne.<\/p><p>Skellet mellem den gr\u00e6ske Kronos og den romerske Saturn er vigtigt i forskningen, fordi begge figurer havde deres egen udvikling.<\/p>\t\t\t\t\t\t\t\t<\/div>\n\t\t\t\t\t<\/div>\n\t\t\t\t<\/div>\n\t\t<div class=\"elementor-element elementor-element-iwgw-kronos-s2 e-flex e-con-boxed e-con e-parent\" data-id=\"iwgw-kronos-s2\" data-element_type=\"container\" data-e-type=\"container\">\n\t\t\t\t\t<div class=\"e-con-inner\">\n\t\t\t\t<div class=\"elementor-element elementor-element-iwgw-kronos-s2h elementor-widget elementor-widget-heading\" data-id=\"iwgw-kronos-s2h\" data-element_type=\"widget\" data-e-type=\"widget\" data-widget_type=\"heading.default\">\n\t\t\t\t\t<h2 class=\"elementor-heading-title elementor-size-default\">Beskrivelse og ikonografi<\/h2>\t\t\t\t<\/div>\n\t\t\t\t<div class=\"elementor-element elementor-element-iwgw-kronos-s2t elementor-widget elementor-widget-text-editor\" data-id=\"iwgw-kronos-s2t\" data-element_type=\"widget\" data-e-type=\"widget\" data-widget_type=\"text-editor.default\">\n\t\t\t\t\t\t\t\t\t<p>Kronos afbildes i den billedende kunst fra <span class=\"iwg-fachbegriff\" data-tooltip=\"Epoke i den gr\u00e6ske og romerske kultur, ca. 800 f.Kr. til 600 e.Kr.\" tabindex=\"0\">antikken<\/span> sj\u00e6ldnere og mindre ensartet end de olympiske guder. Hvor han optr\u00e6der, vises han for det meste som en sk\u00e6gget, \u00e6ldre mand, med v\u00e6rdighed, men uden den ungdommelige kraft, der eksempelvis kendetegner Zeus.<\/p><p>Hans mest markante attribut er sivlen eller det krumme sk\u00e6reredskab, som han if\u00f8lge <span class=\"iwg-fachbegriff\" data-tooltip=\"En overleveret fort\u00e6lling om guder, oprindelser og verdens orden.\" tabindex=\"0\">mytologien<\/span> brugte til at kastrere sin far Uranos med. Dette redskab, i kilderne kaldet harpe, er hans faste kendetegn.<\/p><p>Ofte afbildes Kronos med tild\u00e6kket hoved, hvor kappen er trukket op over baghovedet. Denne tild\u00e6kning blev tolket som et tegn p\u00e5 hans forbindelse til den skjulte, den uhyggelige side af verden, eller som en henvisning til hans status som en styrtet herre, forvist til dybet. I den romerske ikonografi af Saturn fortsatte dette tr\u00e6k.<\/p><p>Scener, der illustrerer <span class=\"iwg-fachbegriff\" data-tooltip=\"En overleveret fort\u00e6lling om guder, oprindelser og verdens orden.\" tabindex=\"0\">mytologien<\/span>, viser f\u00f8rst og fremmest Kronos i to \u00f8jeblikke: da han kastrerer Uranos, og da han opsluger sine b\u00f8rn.<\/p><p>Sidstn\u00e6vnte scene, hvor Kronos f\u00f8rer en sp\u00e6dbarn til munden eller modtager en sten sv\u00f8bt i kl\u00e6der, blev is\u00e6r taget op i eftertidens kunst og er blandt de mest gribende billeder i hele <span class=\"iwg-fachbegriff\" data-tooltip=\"Den samlede overlevering af en kulturs gudefort\u00e6llinger.\" tabindex=\"0\">mytologien<\/span>. I <span class=\"iwg-fachbegriff\" data-tooltip=\"Epoke i den gr\u00e6ske og romerske kultur, ca. 800 f.Kr. til 600 e.Kr.\" tabindex=\"0\">antikken<\/span> selv dominerer dog den rolige, herskerlige fremstilling. Som konge for den gyldne tidsalder blev han af og til vist tronende.<\/p>\t\t\t\t\t\t\t\t<\/div>\n\t\t\t\t\t<\/div>\n\t\t\t\t<\/div>\n\t\t<div class=\"elementor-element elementor-element-iwgw-kronos-s3 e-flex e-con-boxed e-con e-parent\" data-id=\"iwgw-kronos-s3\" data-element_type=\"container\" data-e-type=\"container\">\n\t\t\t\t\t<div class=\"e-con-inner\">\n\t\t\t\t<div class=\"elementor-element elementor-element-iwgw-kronos-s3h elementor-widget elementor-widget-heading\" data-id=\"iwgw-kronos-s3h\" data-element_type=\"widget\" data-e-type=\"widget\" data-widget_type=\"heading.default\">\n\t\t\t\t\t<h2 class=\"elementor-heading-title elementor-size-default\">Mytologiske fort\u00e6llinger<\/h2>\t\t\t\t<\/div>\n\t\t\t\t<div class=\"elementor-element elementor-element-iwgw-kronos-s3t elementor-widget elementor-widget-text-editor\" data-id=\"iwgw-kronos-s3t\" data-element_type=\"widget\" data-e-type=\"widget\" data-widget_type=\"text-editor.default\">\n\t\t\t\t\t\t\t\t\t<p>Historien om Kronos begynder med en konflikt mellem urmagterne. Uranos, himlen, forenede sig med Gaia, jorden, men holdt deres f\u00e6lles b\u00f8rn, herunder titanerne, tilbage inde i jorden. Gaia, tynget af denne last, udt\u00e6nkte en plan og smedede en sivl af h\u00e5rd sten.<\/p><p>Af alle hendes b\u00f8rn var det kun Kronos, den yngste af titanerne, der erkl\u00e6rede sig villig til at g\u00e5 imod faderen. Da Uranos igen n\u00e6rmede sig Gaia, skar Kronos hans lem af og kastede det i havet.<\/p><p>Fra blodet og de dele, der faldt i havet, opstod flere v\u00e6sener, blandt dem Afrodite if\u00f8lge en <span class=\"iwg-fachbegriff\" data-tooltip=\"Overdragelsen af viden og fort\u00e6llinger gennem generationer.\" tabindex=\"0\">overlevering<\/span>, samt Erinyerne og giganterne.<\/p><p>Med dette slag blev Kronos hersker over verden. Han tog sin s\u00f8ster Rhea til hustru og fik med hende en r\u00e6kke b\u00f8rn, som blev til den f\u00f8rste generation af olympiske guder.<\/p><p>Men Uranos og Gaia havde forudsagt Kronos, at han selv en dag ville blive styrtet af sin egen s\u00f8n. For at undg\u00e5 denne profeti opslugte Kronos hvert af sine b\u00f8rn straks efter f\u00f8dslen: Hestia, Demeter, Hera, Hades og Poseidon.<\/p><p>Da det sjette barn, Zeus, skulle f\u00f8des, udt\u00e6nkte Rhea en list. Hun bragte i hemmelighed sp\u00e6dbarnet til verden p\u00e5 Kreta og gav Kronos en sten sv\u00f8bt i kl\u00e6der i stedet for barnet, som han uvidende opslugte. Zeus voksede op i det skjulte.<\/p><p>Da han var vokset til, tvang han Kronos til at spy de opslugte s\u00f8skende ud igen, f\u00f8rst stenen, derefter guderne. Der fulgte den store krig mellem titanerne under Kronos og de yngre guder under <a href=\"https:\/\/iwell-guard.com\/da\/zeus\/\">Zeus<\/a>, titanomakien.<\/p><p>Den endte med olympernes sejr. De besejrede titaner blev forvist til Tartaros, det dybeste omr\u00e5de i underverdenen.<\/p><p>Om Kronos&#8217; senere sk\u00e6bne findes der afvigende overleveringer. If\u00f8lge en version forbliver han fanget i Tartaros.<\/p><p>If\u00f8lge en anden, mildere tradition bliver han efter sin forsoning hersker over de Saliges \u00f8er, hvor de retf\u00e6rdige d\u00f8de f\u00f8rer en lykkelig tilv\u00e6relse. Denne anden linje forbindes med forestillingen om den gyldne tidsalder, som skal have hersket under hans styre.<\/p>\t\t\t\t\t\t\t\t<\/div>\n\t\t\t\t\t<\/div>\n\t\t\t\t<\/div>\n\t\t<div class=\"elementor-element elementor-element-iwgw-kronos-s4 e-flex e-con-boxed e-con e-parent\" data-id=\"iwgw-kronos-s4\" data-element_type=\"container\" data-e-type=\"container\">\n\t\t\t\t\t<div class=\"e-con-inner\">\n\t\t\t\t<div class=\"elementor-element elementor-element-iwgw-kronos-s4h elementor-widget elementor-widget-heading\" data-id=\"iwgw-kronos-s4h\" data-element_type=\"widget\" data-e-type=\"widget\" data-widget_type=\"heading.default\">\n\t\t\t\t\t<h2 class=\"elementor-heading-title elementor-size-default\">Kult og tilbedelse<\/h2>\t\t\t\t<\/div>\n\t\t\t\t<div class=\"elementor-element elementor-element-iwgw-kronos-s4t elementor-widget elementor-widget-text-editor\" data-id=\"iwgw-kronos-s4t\" data-element_type=\"widget\" data-e-type=\"widget\" data-widget_type=\"text-editor.default\">\n\t\t\t\t\t\t\t\t\t<p>I sammenligning med de olympiske guder var <span class=\"iwg-fachbegriff\" data-tooltip=\"Den samlede m\u00e6ngde af religi\u00f8se tilbedelseshandlinger for en gud eller helgen figur.\" tabindex=\"0\">kulten<\/span> omkring Kronos i Gr\u00e6kenland af mindre omfang, men den fandtes. Den vigtigste fest, der var tilegnet ham, var kronierne, som blev holdt i Athen og andre steder.<\/p><p>De faldt i tiden efter h\u00f8sten og havde en s\u00e6rlig karakter: P\u00e5 denne dag blev den sociale orden midlertidigt oph\u00e6vet eller l\u00f8snet. Herrer og slaver deltog sammen i m\u00e5ltidet, og p\u00e5 nogle steder blev slaverne betjent af deres herrer.<\/p><p>Religionsvidenskabeligt er denne rituelle omvending af stor betydning. Festen genskabte for en begr\u00e6nset periode den gyldne tidsalders tilstand, hvor der if\u00f8lge <span class=\"iwg-fachbegriff\" data-tooltip=\"En overleveret fort\u00e6lling om guder, oprindelser og verdens orden.\" tabindex=\"0\">mytologien<\/span> ikke havde eksisteret herskab, slid eller sociale forskelle.<\/p><p>Festen var dermed en rituel erindring om en tabt urtid med lighed. De romerske saturnalier, festen for Saturn, som blev ligestillet med Kronos, havde samme karakter og blev fejret endnu mere udpr\u00e6get.<\/p><p>Helligdomme for Kronos er bevidnet for flere steder, blandt andet Olympia, hvor h\u00f8jen over <span class=\"iwg-fachbegriff\" data-tooltip=\"Et helligt sted tilegnet tilbedelsen af en gud.\" tabindex=\"0\">helligdommen<\/span> bar titanens navn. I Athen fandtes et f\u00e6lles distrikt for Kronos og Rhea.<\/p><p><span class=\"iwg-fachbegriff\" data-tooltip=\"Den samlede m\u00e6ngde af religi\u00f8se tilbedelseshandlinger for en gud eller helgen figur.\" tabindex=\"0\">Kulten<\/span> forblev dog i skyggen af de store olympiske guddomme. Kronos var en <span class=\"iwg-fachbegriff\" data-tooltip=\"Et v\u00e6sen, der tilbedes som gudligt inden for en religion.\" tabindex=\"0\">guddom<\/span> fra fortiden, fra den afl\u00f8ste verdensorden, og denne position afspejlede sig i den begr\u00e6nsede, men betydningsfulde kultiske tilstedev\u00e6relse.<\/p>\t\t\t\t\t\t\t\t<\/div>\n\t\t\t\t\t<\/div>\n\t\t\t\t<\/div>\n\t\t<div class=\"elementor-element elementor-element-iwgw-kronos-s5 e-flex e-con-boxed e-con e-parent\" data-id=\"iwgw-kronos-s5\" data-element_type=\"container\" data-e-type=\"container\">\n\t\t\t\t\t<div class=\"e-con-inner\">\n\t\t\t\t<div class=\"elementor-element elementor-element-iwgw-kronos-s5h elementor-widget elementor-widget-heading\" data-id=\"iwgw-kronos-s5h\" data-element_type=\"widget\" data-e-type=\"widget\" data-widget_type=\"heading.default\">\n\t\t\t\t\t<h2 class=\"elementor-heading-title elementor-size-default\">Beskyttelsespraksis og apotrop\u00e6iske elementer<\/h2>\t\t\t\t<\/div>\n\t\t\t\t<div class=\"elementor-element elementor-element-iwgw-kronos-s5t elementor-widget elementor-widget-text-editor\" data-id=\"iwgw-kronos-s5t\" data-element_type=\"widget\" data-e-type=\"widget\" data-widget_type=\"text-editor.default\">\n\t\t\t\t\t\t\t\t\t<p>Kronos var ikke en skikkelse, som man rettede en udpr\u00e6get afv\u00e6rgepraksis imod, s\u00e5dan som det var tilf\u00e6ldet med d\u00e6moner eller skadelige \u00e5nder. Som en styrtet og til Tartaros forvist titan var han fjernet fra verdens aktive virkefelt. Der er ikke overleveret nogen egentlig apotrop\u00e6isk praksis mod Kronos.<\/p><p>Alligevel bar figuren Kronos en uhyggelig, truende side, som levede videre i forestillingsverdenen. Den b\u00f8rnefort\u00e6rende far var et skr\u00e6kbillede.<\/p><p>I den senere, is\u00e6r romerske og senantikke tydning, hvor Kronos blev sat i lighed med Chronos, tiden, fik denne side st\u00f8rre v\u00e6gt: Tiden, som frembringer alt og igen tilintetg\u00f8r alt, blev et sindbillede p\u00e5 forg\u00e6ngeligheden. Denne tydning var dog filosofisk og litter\u00e6r, ikke kultisk.<\/p><p>P\u00e5 det rituelle omr\u00e5de kan man snarere observere det modsatte af en afv\u00e6rgelse. Festen Kronia sigtede ikke mod at holde titanen p\u00e5 afstand, men mod kortvarigt at genkalde hans tid, den gyldne tidsalder. Den festlige opl\u00f8sning af ordenen var en kontrolleret tiln\u00e6rmelse til Kronos&#8217; sf\u00e6re.<\/p><p>Hvor apotrop\u00e6iske forestillinger blev forbundet med Saturn, for eksempel i den senantikke astrologi, hvor planeten Saturn ans\u00e5s for ulykkebringende, drejer det sig om en udvikling, der peger langt ud over den gr\u00e6ske Kronos og h\u00f8rer til den romersk-orientalske stjernetydning.<\/p>\t\t\t\t\t\t\t\t<\/div>\n\t\t\t\t\t<\/div>\n\t\t\t\t<\/div>\n\t\t<div class=\"elementor-element elementor-element-iwgw-kronos-s6 e-flex e-con-boxed e-con e-parent\" data-id=\"iwgw-kronos-s6\" data-element_type=\"container\" data-e-type=\"container\">\n\t\t\t\t\t<div class=\"e-con-inner\">\n\t\t\t\t<div class=\"elementor-element elementor-element-iwgw-kronos-s6h elementor-widget elementor-widget-heading\" data-id=\"iwgw-kronos-s6h\" data-element_type=\"widget\" data-e-type=\"widget\" data-widget_type=\"heading.default\">\n\t\t\t\t\t<h2 class=\"elementor-heading-title elementor-size-default\">Paralleller i andre kulturer<\/h2>\t\t\t\t<\/div>\n\t\t\t\t<div class=\"elementor-element elementor-element-iwgw-kronos-s6t elementor-widget elementor-widget-text-editor\" data-id=\"iwgw-kronos-s6t\" data-element_type=\"widget\" data-e-type=\"widget\" data-widget_type=\"text-editor.default\">\n\t\t\t\t\t\t\t\t\t<p><span class=\"iwg-fachbegriff\" data-tooltip=\"En overleveret fort\u00e6lling om guder, oprindelser og verdens orden.\" tabindex=\"0\">Myten<\/span> om himmelfaderens fald og r\u00e6kkef\u00f8lgen af verdensherskere har n\u00e6re paralleller i kulturerne i det gamle Orienten og Lilleasien. Den komparative forskning har siden det tyvende \u00e5rhundrede afd\u00e6kket omfattende sammenh\u00e6nge her.<\/p><p>Den tydeligste overensstemmelse findes i den hittitiske <span class=\"iwg-fachbegriff\" data-tooltip=\"En overleveret fort\u00e6lling om guder, oprindelser og verdens orden.\" tabindex=\"0\">myte<\/span> om konged\u00f8mmet i himlen, overleveret p\u00e5 kileskrifttavler fra Lilleasien. Der kastrerer guden Kumarbi sin forg\u00e6nger Anu ved at bide hans genitalier af og bliver selv styrtet af en senere gudegeneration.<\/p><p>Overensstemmelsen med Kronos-fort\u00e6llingen i r\u00e6kkef\u00f8lgen af herskergenerationer og i <span class=\"iwg-fachbegriff\" data-tooltip=\"Et tilbagevendende indholdselement i kunst eller fort\u00e6lling.\" tabindex=\"0\">motivet<\/span> om kastration anses for s\u00e5 t\u00e6t, at en historisk forbindelse, en overtagelse eller en f\u00e6lles \u00f8stlig arv, almindeligvis antages.<\/p><p>Ogs\u00e5 i den babyloniske skabelsesdigtning findes en generationsr\u00e6kkef\u00f8lge af guder med voldeligt magtskifte. I den nordiske <span class=\"iwg-fachbegriff\" data-tooltip=\"Den samlede m\u00e6ngde af overleverede gudefort\u00e6llinger i en kultur.\" tabindex=\"0\">mytologi<\/span> st\u00e5r konflikten mellem urj\u00e6tter og yngre guder i en fjern tematisk n\u00e6rhed hertil.<\/p><p><span class=\"iwg-fachbegriff\" data-tooltip=\"Et tilbagevendende indholdselement i kunst eller fort\u00e6lling.\" tabindex=\"0\">Motivet<\/span> om den gyldne tidsalder, den anstrengelsesl\u00f8se urtid under en godhjertet hersker, har derimod modstykker i mange kulturer, fra den gammelorientalske forestilling om en paradisisk begyndelsestilstand til indiske tidsaldersforestillinger.<\/p><p>Kronos forbinder dermed to udbredte motivkredse: gudernes voldelige efterf\u00f8lgelse og den tabte urtid med lykke. Forskningen ser i den gr\u00e6ske teogoni en selvst\u00e6ndig bearbejdning af stof, som i betydelig grad stammer fra det n\u00e6re Orienten.<\/p>\t\t\t\t\t\t\t\t<\/div>\n\t\t\t\t\t<\/div>\n\t\t\t\t<\/div>\n\t\t<div class=\"elementor-element elementor-element-iwgw-kronos-s7 e-flex e-con-boxed e-con e-parent\" data-id=\"iwgw-kronos-s7\" data-element_type=\"container\" data-e-type=\"container\">\n\t\t\t\t\t<div class=\"e-con-inner\">\n\t\t\t\t<div class=\"elementor-element elementor-element-iwgw-kronos-s7h elementor-widget elementor-widget-heading\" data-id=\"iwgw-kronos-s7h\" data-element_type=\"widget\" data-e-type=\"widget\" data-widget_type=\"heading.default\">\n\t\t\t\t\t<h2 class=\"elementor-heading-title elementor-size-default\">Nutidig reception og forskning<\/h2>\t\t\t\t<\/div>\n\t\t\t\t<div class=\"elementor-element elementor-element-iwgw-kronos-s7t elementor-widget elementor-widget-text-editor\" data-id=\"iwgw-kronos-s7t\" data-element_type=\"widget\" data-e-type=\"widget\" data-widget_type=\"text-editor.default\">\n\t\t\t\t\t\t\t\t\t<p>Kronos er frem for alt til stede i dag gennem to virkningslinjer. Den f\u00f8rste er ligestillingen med tiden. Gennem den <span class=\"iwg-fachbegriff\" data-tooltip=\"Epoke i den gr\u00e6ske og romerske kultur, ca. 800 f.Kr. til 600 e.Kr.\" tabindex=\"0\">antikke<\/span> spekulation, den middelalderlige allegori og den nyere tids kunst opstod skikkelsen af den gamle Fader Tid med le og timeglas, en sammensmeltning af Kronos, Chronos og Saturn.<\/p><p>Den anden linje er billedet af den b\u00f8rnefort\u00e6rende titan, som fandt sl\u00e5ende udformninger i den nyere tids billedkunst og blev et fast <span class=\"iwg-fachbegriff\" data-tooltip=\"Et tilbagevendende indholdselement i kunst eller fort\u00e6lling.\" tabindex=\"0\">motiv<\/span> i den europ\u00e6iske kunsthistorie.<\/p><p>I popul\u00e6rkulturen forekommer Kronos ofte, oftest i rollen som den overm\u00e6gtige, truende urgud, ofte sammenblandet med tr\u00e6k fra andre titaner eller under sammenblanding med navnet Chronos. Ogs\u00e5 begrebet saturnalier er indg\u00e5et i almindeligt sprogbrug som betegnelse for udsv\u00e6vende festligheder.<\/p><p>Den videnskabelige forskning har behandlet Kronos p\u00e5 flere niveauer. I centrum har l\u00e6nge st\u00e5et sp\u00f8rgsm\u00e5let om succesionsmytologiens orientalske r\u00f8dder.<\/p><p>Martin Litchfield West og andre har udarbejdet forbindelserne til den hittitiske og babyloniske <span class=\"iwg-fachbegriff\" data-tooltip=\"Overleveringen af viden og fort\u00e6llinger gennem generationer.\" tabindex=\"0\">overlevering<\/span>. Derudover er der unders\u00f8gelsen af Kronos-kulten og festen Kronia, som som eksempel p\u00e5 rituel omvending har fundet stor interesse.<\/p><p>Walter Burkert har indordnet Kronos inden for den gr\u00e6ske religionshistorie, Fritz Graf inden for mytologiforskningen, Timothy Gantz har samlet kilderne. Kronos forbliver et centralt eksempel p\u00e5, hvordan gr\u00e6kerne t\u00e6nkte over verdens oprindelse, over ordenens tilblivelse og over en tabt bedre tid.<\/p>\t\t\t\t\t\t\t\t<\/div>\n\t\t\t\t\t<\/div>\n\t\t\t\t<\/div>\n\t\t<div class=\"elementor-element elementor-element-iwgw-kronos-lit e-flex e-con-boxed e-con e-parent\" data-id=\"iwgw-kronos-lit\" data-element_type=\"container\" data-e-type=\"container\">\n\t\t\t\t\t<div class=\"e-con-inner\">\n\t\t\t\t<div class=\"elementor-element elementor-element-iwgw-kronos-lith elementor-widget elementor-widget-heading\" data-id=\"iwgw-kronos-lith\" data-element_type=\"widget\" data-e-type=\"widget\" data-widget_type=\"heading.default\">\n\t\t\t\t\t<h2 class=\"elementor-heading-title elementor-size-default\">Litteratur (udvalg)<\/h2>\t\t\t\t<\/div>\n\t\t\t\t<div class=\"elementor-element elementor-element-iwgw-kronos-litt elementor-widget elementor-widget-text-editor\" data-id=\"iwgw-kronos-litt\" data-element_type=\"widget\" data-e-type=\"widget\" data-widget_type=\"text-editor.default\">\n\t\t\t\t\t\t\t\t\t<ul><li>Martin Litchfield West: <em>The East Face of Helicon. West Asiatic Elements in Greek Poetry and Myth<\/em> (1997)<\/li><li>Walter Burkert: <em>Griechische Religion der archaischen und klassischen Epoche<\/em> (1977)<\/li><li>Martin Persson Nilsson: <em>Geschichte der griechischen Religion<\/em> (1941\u20131950)<\/li><li>Timothy Gantz: <em>Early Greek Myth. A Guide to Literary and Artistic Sources<\/em> (1993)<\/li><li>Fritz Graf: <em>Griechische <span class=\"iwg-fachbegriff\" data-tooltip=\"Den samlede m\u00e6ngde af overleverede gudefort\u00e6llinger i en kultur.\" tabindex=\"0\">Mythologie<\/span>. Eine Einf\u00fchrung<\/em> (1985)<\/li><li>Walter Burkert: <em>Die orientalisierende Epoche in der griechischen Religion und Literatur<\/em> (1984)<\/li><\/ul>\t\t\t\t\t\t\t\t<\/div>\n\t\t\t\t\t<\/div>\n\t\t\t\t<\/div>\n\t\t<div class=\"elementor-element elementor-element-iwgw-kronos-kwd e-flex e-con-boxed e-con e-parent\" data-id=\"iwgw-kronos-kwd\" data-element_type=\"container\" data-e-type=\"container\">\n\t\t\t\t\t<div class=\"e-con-inner\">\n\t\t\t\t<div class=\"elementor-element elementor-element-iwgw-kronos-kwdt elementor-widget elementor-widget-text-editor\" data-id=\"iwgw-kronos-kwdt\" data-element_type=\"widget\" data-e-type=\"widget\" data-widget_type=\"text-editor.default\">\n\t\t\t\t\t\t\t\t\t<p><em>Relaterede n\u00f8glebegreber: Kronos Titan Zeus Rhea Uranos Titanomachi Den Gyldne Tidsalder Tartaros.<\/em><\/p>\t\t\t\t\t\t\t\t<\/div>\n\t\t\t\t\t<\/div>\n\t\t\t\t<\/div>\n\t\t<div class=\"elementor-element elementor-element-iwgw-kronos-cc e-flex e-con-boxed e-con e-parent\" data-id=\"iwgw-kronos-cc\" data-element_type=\"container\" data-e-type=\"container\" id=\"iwg-cc-kronos\">\n\t\t\t\t\t<div class=\"e-con-inner\">\n\t\t<div class=\"elementor-element elementor-element-iwgw-kronos-ccinner e-flex e-con-boxed e-con e-parent\" data-id=\"iwgw-kronos-ccinner\" data-element_type=\"container\" data-e-type=\"container\" data-settings=\"{&quot;background_background&quot;:&quot;classic&quot;}\">\n\t\t\t\t\t<div class=\"e-con-inner\">\n\t\t\t\t<div class=\"elementor-element elementor-element-iwgw-kronos-cch elementor-widget elementor-widget-heading\" data-id=\"iwgw-kronos-cch\" data-element_type=\"widget\" data-e-type=\"widget\" data-widget_type=\"heading.default\">\n\t\t\t\t\t<h2 class=\"elementor-heading-title elementor-size-default\">iWell Guard og beskyttelsestraditioner<\/h2>\t\t\t\t<\/div>\n\t\t\t\t<div class=\"elementor-element elementor-element-iwgw-kronos-cct elementor-widget elementor-widget-text-editor\" data-id=\"iwgw-kronos-cct\" data-element_type=\"widget\" data-e-type=\"widget\" data-widget_type=\"text-editor.default\">\n\t\t\t\t\t\t\t\t\t<div data-nosnippet=\"true\"><p>iWell Guard knytter sig til den kulturhistoriske tradition for b\u00e6rbare beskyttelsesobjekter, i tradition med <a href=\"https:\/\/iwell-guard.com\/da\/graekenland\/\">Gr\u00e6kenland<\/a> og mange andre kulturer verden over. 41 lag, \u00e6gte guld, platin, s\u00f8lv, fremstillet i Tyskland. 30 dages returret.<\/p><\/div>\t\t\t\t\t\t\t\t<\/div>\n\t\t\t\t<div class=\"elementor-element elementor-element-iwgw-kronos-ccb iwg-cc-button iwg-cc-cta-2026-05-13 elementor-widget elementor-widget-jet-button\" data-id=\"iwgw-kronos-ccb\" data-element_type=\"widget\" data-e-type=\"widget\" data-widget_type=\"jet-button.default\">\n\t\t\t\t<div class=\"elementor-widget-container\">\n\t\t\t\t\t<div class=\"elementor-jet-button jet-elements\"><div class=\"jet-button__container\"><a class=\"jet-button__instance jet-button__instance--icon-left hover-effect-1\" href=\"\/ueber-iwell-guard\/?utm_source=iwell-guard.com&amp;utm_medium=info-box&amp;utm_campaign=wesen-tradition\"><div class=\"jet-button__plane jet-button__plane-normal\"><\/div><div class=\"jet-button__plane jet-button__plane-hover\"><\/div><div class=\"jet-button__state jet-button__state-normal\"><span class=\"jet-button__label\">Mere om iWell Guard<\/span><\/div><div class=\"jet-button__state jet-button__state-hover\"><span class=\"jet-button__label\">Mere om iWell Guard<\/span><\/div><\/a><\/div><\/div><style>.elementor-element.elementor-element-iwgw-kronos-ccb .jet-button__instance{width:320px;height:56px;}.elementor-element.elementor-element-iwgw-kronos-ccb .jet-button__state-normal .jet-button__label{text-align:center;margin:0px 0px 0px 0px;color:#1a1b20;font-family:Montserrat,sans-serif;font-size:13px;font-weight:400;letter-spacing:4px;line-height:1.714em;text-transform:uppercase;}.elementor-element.elementor-element-iwgw-kronos-ccb .jet-button__state-hover .jet-button__label{text-align:center;margin:0px 0px 0px 0px;color:#FECC76;font-family:Montserrat,sans-serif;font-size:13px;font-weight:400;letter-spacing:4px;line-height:1.714em;text-transform:uppercase;}.elementor-element.elementor-element-iwgw-kronos-ccb .jet-button__plane-normal{background-color:#FECC76;border-style:solid;border-color:#C99540;border-width:2px 2px 2px 2px;}.elementor-element.elementor-element-iwgw-kronos-ccb .jet-button__plane-hover{background-color:rgba(0,0,0,0.55);border-style:solid;border-color:#FECC76;border-width:2px 2px 2px 2px;}<\/style>\t\t\t\t<\/div>\n\t\t\t\t<\/div>\n\t\t\t\t<div class=\"elementor-element elementor-element-iwgw-kronos-ccd elementor-widget elementor-widget-text-editor\" data-id=\"iwgw-kronos-ccd\" data-element_type=\"widget\" data-e-type=\"widget\" data-widget_type=\"text-editor.default\">\n\t\t\t\t\t\t\t\t\t<div data-nosnippet=\"true\"><p style=\"text-align:center;font-size:13px;opacity:0.7;margin-top:14px\" data-nosnippet=\"true\">Personlige erfaringer kan variere. Ikke et medicinsk produkt. Intet helbredelsesl\u00f8fte.<\/p><\/div>\t\t\t\t\t\t\t\t<\/div>\n\t\t\t\t\t<\/div>\n\t\t\t\t<\/div>\n\t\t\t\t\t<\/div>\n\t\t\t\t<\/div>\n\t\t<div class=\"elementor-element elementor-element-iwgw-kronos-disc e-flex e-con-boxed e-con e-parent\" data-id=\"iwgw-kronos-disc\" data-element_type=\"container\" data-e-type=\"container\">\n\t\t\t\t\t<div class=\"e-con-inner\">\n\t\t\t\t<div class=\"elementor-element elementor-element-iwgw-kronos-discw elementor-widget elementor-widget-html\" data-id=\"iwgw-kronos-discw\" data-element_type=\"widget\" data-e-type=\"widget\" data-widget_type=\"html.default\">\n\t\t\t\t\t<footer data-nosnippet=\"true\" class=\"iwg-disclaimer-block\"><p data-nosnippet=\"true\">iWell Guard er <strong>ikke et medicinsk produkt<\/strong> og erstatter ikke l\u00e6ge- eller psykoterapeutisk behandling. De religionsvidenskabelige indhold er en kulturhistorisk indplacering, ikke en anbefaling af spirituel praksis.<\/p><\/footer>\t\t\t\t<\/div>\n\t\t\t\t\t<\/div>\n\t\t\t\t<\/div>\n\t\t\t\t<\/div>\n\t\t","protected":false},"excerpt":{"rendered":"","protected":false},"author":3,"featured_media":3374,"parent":0,"menu_order":0,"comment_status":"closed","ping_status":"closed","template":"elementor_header_footer","meta":{"_yoast_wpseo_focuskw":"Kronos titan","_yoast_wpseo_title":"Kronos \u2013 titan og far til Zeus","_yoast_wpseo_metadesc":"Kronos, titan i den gr\u00e6ske mytologi, far til Zeus og hersker over den gyldne tidsalder.","_yoast_wpseo_meta-robots-noindex":"","_yoast_wpseo_canonical":"","_angie_page":false,"gefaehrdungsstufe":"","wesen_kultur":"","wesen_klasse":"","footnotes":""},"categories":[],"class_list":["post-138360","page","type-page","status-publish","has-post-thumbnail","hentry"],"yoast_head":"<!-- This site is optimized with the Yoast SEO Premium plugin v27.7 (Yoast SEO v28.3) - https:\/\/yoast.com\/product\/yoast-seo-premium-wordpress\/ -->\n<title>Kronos \u2013 titan og far til Zeus<\/title>\n<meta name=\"description\" content=\"Kronos, titan i den gr\u00e6ske mytologi, far til Zeus og hersker over den gyldne tidsalder.\" \/>\n<meta name=\"robots\" content=\"index, follow, max-snippet:-1, max-image-preview:large, max-video-preview:-1\" \/>\n<link rel=\"canonical\" href=\"https:\/\/iwell-guard.com\/da\/kronos-titan-gyldne-tidsalder\/\" \/>\n<meta property=\"og:locale\" content=\"da_DK\" \/>\n<meta property=\"og:type\" content=\"article\" \/>\n<meta property=\"og:title\" content=\"Kronos \u2013 titan og hersker over den gyldne tidsalder\" \/>\n<meta property=\"og:description\" content=\"Kronos, titan i den gr\u00e6ske mytologi, far til Zeus og hersker over den gyldne tidsalder.\" \/>\n<meta property=\"og:url\" content=\"https:\/\/iwell-guard.com\/da\/kronos-titan-gyldne-tidsalder\/\" \/>\n<meta property=\"og:site_name\" content=\"iWell Guard\" \/>\n<meta property=\"article:modified_time\" content=\"2026-09-03T07:58:33+00:00\" \/>\n<meta property=\"og:image\" content=\"https:\/\/iwell-guard.com\/wp-content\/uploads\/2026\/05\/goetter_griechenland_kronos.webp\" \/>\n\t<meta property=\"og:image:width\" content=\"1024\" \/>\n\t<meta property=\"og:image:height\" content=\"1536\" \/>\n\t<meta property=\"og:image:type\" content=\"image\/webp\" \/>\n<meta name=\"twitter:card\" content=\"summary_large_image\" \/>\n<script type=\"application\/ld+json\" class=\"yoast-schema-graph\">{\"@context\":\"https:\\\/\\\/schema.org\",\"@graph\":[{\"@type\":\"WebPage\",\"@id\":\"https:\\\/\\\/iwell-guard.com\\\/da\\\/kronos-titan-gyldne-tidsalder\\\/\",\"url\":\"https:\\\/\\\/iwell-guard.com\\\/da\\\/kronos-titan-gyldne-tidsalder\\\/\",\"name\":\"Kronos \u2013 titan og far til Zeus\",\"isPartOf\":{\"@id\":\"https:\\\/\\\/iwell-guard.com\\\/da\\\/#website\"},\"primaryImageOfPage\":{\"@id\":\"https:\\\/\\\/iwell-guard.com\\\/da\\\/kronos-titan-gyldne-tidsalder\\\/#primaryimage\"},\"image\":{\"@id\":\"https:\\\/\\\/iwell-guard.com\\\/da\\\/kronos-titan-gyldne-tidsalder\\\/#primaryimage\"},\"thumbnailUrl\":\"https:\\\/\\\/iwell-guard.com\\\/wp-content\\\/uploads\\\/2026\\\/05\\\/goetter_griechenland_kronos.webp\",\"datePublished\":\"2026-09-03T07:09:13+00:00\",\"dateModified\":\"2026-09-03T07:58:33+00:00\",\"description\":\"Kronos, titan i den gr\u00e6ske mytologi, far til Zeus og hersker over den gyldne tidsalder.\",\"breadcrumb\":{\"@id\":\"https:\\\/\\\/iwell-guard.com\\\/da\\\/kronos-titan-gyldne-tidsalder\\\/#breadcrumb\"},\"inLanguage\":\"da-DK\",\"potentialAction\":[{\"@type\":\"ReadAction\",\"target\":[\"https:\\\/\\\/iwell-guard.com\\\/da\\\/kronos-titan-gyldne-tidsalder\\\/\"]}]},{\"@type\":\"ImageObject\",\"inLanguage\":\"da-DK\",\"@id\":\"https:\\\/\\\/iwell-guard.com\\\/da\\\/kronos-titan-gyldne-tidsalder\\\/#primaryimage\",\"url\":\"https:\\\/\\\/iwell-guard.com\\\/wp-content\\\/uploads\\\/2026\\\/05\\\/goetter_griechenland_kronos.webp\",\"contentUrl\":\"https:\\\/\\\/iwell-guard.com\\\/wp-content\\\/uploads\\\/2026\\\/05\\\/goetter_griechenland_kronos.webp\",\"width\":1024,\"height\":1536,\"caption\":\"Guder fra den gr\u00e6ske tradition.\"},{\"@type\":\"BreadcrumbList\",\"@id\":\"https:\\\/\\\/iwell-guard.com\\\/da\\\/kronos-titan-gyldne-tidsalder\\\/#breadcrumb\",\"itemListElement\":[{\"@type\":\"ListItem\",\"position\":1,\"name\":\"Start\",\"item\":\"https:\\\/\\\/iwell-guard.com\\\/da\\\/?page_id=137908\"},{\"@type\":\"ListItem\",\"position\":2,\"name\":\"Kronos \u2013 titan og hersker over den gyldne tidsalder\"}]},{\"@type\":\"WebSite\",\"@id\":\"https:\\\/\\\/iwell-guard.com\\\/da\\\/#website\",\"url\":\"https:\\\/\\\/iwell-guard.com\\\/da\\\/\",\"name\":\"iWell Guard\",\"description\":\"Schutz vor dunklen Einfl\u00fcssen\",\"publisher\":{\"@id\":\"https:\\\/\\\/iwell-guard.com\\\/da\\\/#organization\"},\"potentialAction\":[{\"@type\":\"SearchAction\",\"target\":{\"@type\":\"EntryPoint\",\"urlTemplate\":\"https:\\\/\\\/iwell-guard.com\\\/da\\\/?s={search_term_string}\"},\"query-input\":{\"@type\":\"PropertyValueSpecification\",\"valueRequired\":true,\"valueName\":\"search_term_string\"}}],\"inLanguage\":\"da-DK\"},{\"@type\":\"Organization\",\"@id\":\"https:\\\/\\\/iwell-guard.com\\\/da\\\/#organization\",\"name\":\"Ittermann electronic GmbH\",\"url\":\"https:\\\/\\\/iwell-guard.com\\\/da\\\/\",\"logo\":{\"@type\":\"ImageObject\",\"inLanguage\":\"da-DK\",\"@id\":\"https:\\\/\\\/iwell-guard.com\\\/da\\\/#\\\/schema\\\/logo\\\/image\\\/\",\"url\":\"https:\\\/\\\/iwell-guard.com\\\/wp-content\\\/uploads\\\/2026\\\/05\\\/Ittermann-Logo-1182x237-1.png\",\"contentUrl\":\"https:\\\/\\\/iwell-guard.com\\\/wp-content\\\/uploads\\\/2026\\\/05\\\/Ittermann-Logo-1182x237-1.png\",\"width\":1182,\"height\":237,\"caption\":\"Ittermann electronic GmbH\"},\"image\":{\"@id\":\"https:\\\/\\\/iwell-guard.com\\\/da\\\/#\\\/schema\\\/logo\\\/image\\\/\"},\"sameAs\":[\"https:\\\/\\\/pantip.com\\\/profile\\\/9367242\",\"https:\\\/\\\/micro.blog\\\/iwellguard\",\"https:\\\/\\\/www.diggerslist.com\\\/iwellguard\\\/about\",\"https:\\\/\\\/skitterphoto.com\\\/photographers\\\/2870314\\\/iwell-guard\",\"https:\\\/\\\/iwellguard.wordpress.com\\\/2026\\\/06\\\/06\\\/iwell-guard\\\/\",\"https:\\\/\\\/hub.docker.com\\\/u\\\/iwellguard\",\"https:\\\/\\\/www.pinterest.com\\\/iwellguard\\\/\",\"https:\\\/\\\/bit.ly\\\/m\\\/iwellguard\",\"https:\\\/\\\/entre-vos-mains.alsace.eu\\\/profiles\\\/iwellguard\\\/activity\",\"https:\\\/\\\/gravatar.com\\\/reallybeded8fd34\",\"https:\\\/\\\/naijamatta.com\\\/iwellguard\",\"https:\\\/\\\/www.goodreads.com\\\/iwellguard\",\"https:\\\/\\\/profile.hatena.ne.jp\\\/iwellguard\\\/\",\"https:\\\/\\\/experiment.com\\\/users\\\/iwellguard\",\"https:\\\/\\\/wakelet.com\\\/@iWellGuard82270\",\"https:\\\/\\\/www.chordie.com\\\/forum\\\/profile.php?id=2555664\",\"https:\\\/\\\/www.instapaper.com\\\/p\\\/17757966\",\"https:\\\/\\\/www.mapleprimes.com\\\/users\\\/iwellguard\",\"https:\\\/\\\/businesslistingplus.com\\\/profile\\\/iwell-guard\\\/\",\"https:\\\/\\\/telegra.ph\\\/iWell-Guard-06-06\",\"https:\\\/\\\/pbase.com\\\/iwellguard\\\/iwellguard\",\"https:\\\/\\\/b.hatena.ne.jp\\\/iwellguard\\\/20260607#bookmark-4788405196491818882\",\"https:\\\/\\\/fliphtml5.com\\\/home\\\/iwellguard\",\"https:\\\/\\\/anyflip.com\\\/homepage\\\/cmiwl#About\",\"https:\\\/\\\/transfur.com\\\/Users\\\/iwellguard\",\"http:\\\/\\\/delphi.larsbo.org\\\/user\\\/iwellguard\",\"https:\\\/\\\/jobs.lajobsportal.org\\\/profiles\\\/8380803-iwell-guard\",\"https:\\\/\\\/md.chaosdorf.de\\\/s\\\/jfbe5SBdJD\",\"https:\\\/\\\/www.lingvolive.com\\\/en-us\\\/profile\\\/9ecaeaca-ce11-4e51-9e71-01d55e2bff36\\\/translations\",\"https:\\\/\\\/www.fitday.com\\\/fitness\\\/forums\\\/members\\\/iwellguard.html\",\"https:\\\/\\\/www.mymeetbook.com\\\/iwellguard\",\"https:\\\/\\\/pxhere.com\\\/en\\\/photographer-me\\\/5040798\",\"https:\\\/\\\/disqus.com\\\/by\\\/iwellguard\\\/about\\\/\",\"https:\\\/\\\/pastelink.net\\\/hjwciqwq\",\"https:\\\/\\\/pubhtml5.com\\\/homepage\\\/scjhn\\\/\",\"https:\\\/\\\/www.bitchute.com\\\/channel\\\/2O2eOKzNqujT\",\"https:\\\/\\\/audiomack.com\\\/iwellguard\"]}]}<\/script>\n<!-- \/ Yoast SEO Premium plugin. -->","yoast_head_json":{"title":"Kronos \u2013 titan og far til Zeus","description":"Kronos, titan i den gr\u00e6ske mytologi, far til Zeus og hersker over den gyldne tidsalder.","robots":{"index":"index","follow":"follow","max-snippet":"max-snippet:-1","max-image-preview":"max-image-preview:large","max-video-preview":"max-video-preview:-1"},"canonical":"https:\/\/iwell-guard.com\/da\/kronos-titan-gyldne-tidsalder\/","og_locale":"da_DK","og_type":"article","og_title":"Kronos \u2013 titan og hersker over den gyldne tidsalder","og_description":"Kronos, titan i den gr\u00e6ske mytologi, far til Zeus og hersker over den gyldne tidsalder.","og_url":"https:\/\/iwell-guard.com\/da\/kronos-titan-gyldne-tidsalder\/","og_site_name":"iWell Guard","article_modified_time":"2026-09-03T07:58:33+00:00","og_image":[{"width":1024,"height":1536,"url":"https:\/\/iwell-guard.com\/wp-content\/uploads\/2026\/05\/goetter_griechenland_kronos.webp","type":"image\/webp"}],"twitter_card":"summary_large_image","schema":{"@context":"https:\/\/schema.org","@graph":[{"@type":"WebPage","@id":"https:\/\/iwell-guard.com\/da\/kronos-titan-gyldne-tidsalder\/","url":"https:\/\/iwell-guard.com\/da\/kronos-titan-gyldne-tidsalder\/","name":"Kronos \u2013 titan og far til Zeus","isPartOf":{"@id":"https:\/\/iwell-guard.com\/da\/#website"},"primaryImageOfPage":{"@id":"https:\/\/iwell-guard.com\/da\/kronos-titan-gyldne-tidsalder\/#primaryimage"},"image":{"@id":"https:\/\/iwell-guard.com\/da\/kronos-titan-gyldne-tidsalder\/#primaryimage"},"thumbnailUrl":"https:\/\/iwell-guard.com\/wp-content\/uploads\/2026\/05\/goetter_griechenland_kronos.webp","datePublished":"2026-09-03T07:09:13+00:00","dateModified":"2026-09-03T07:58:33+00:00","description":"Kronos, titan i den gr\u00e6ske mytologi, far til Zeus og hersker over den gyldne tidsalder.","breadcrumb":{"@id":"https:\/\/iwell-guard.com\/da\/kronos-titan-gyldne-tidsalder\/#breadcrumb"},"inLanguage":"da-DK","potentialAction":[{"@type":"ReadAction","target":["https:\/\/iwell-guard.com\/da\/kronos-titan-gyldne-tidsalder\/"]}]},{"@type":"ImageObject","inLanguage":"da-DK","@id":"https:\/\/iwell-guard.com\/da\/kronos-titan-gyldne-tidsalder\/#primaryimage","url":"https:\/\/iwell-guard.com\/wp-content\/uploads\/2026\/05\/goetter_griechenland_kronos.webp","contentUrl":"https:\/\/iwell-guard.com\/wp-content\/uploads\/2026\/05\/goetter_griechenland_kronos.webp","width":1024,"height":1536,"caption":"Guder fra den gr\u00e6ske tradition."},{"@type":"BreadcrumbList","@id":"https:\/\/iwell-guard.com\/da\/kronos-titan-gyldne-tidsalder\/#breadcrumb","itemListElement":[{"@type":"ListItem","position":1,"name":"Start","item":"https:\/\/iwell-guard.com\/da\/?page_id=137908"},{"@type":"ListItem","position":2,"name":"Kronos \u2013 titan og hersker over den gyldne tidsalder"}]},{"@type":"WebSite","@id":"https:\/\/iwell-guard.com\/da\/#website","url":"https:\/\/iwell-guard.com\/da\/","name":"iWell Guard","description":"Schutz vor dunklen Einfl\u00fcssen","publisher":{"@id":"https:\/\/iwell-guard.com\/da\/#organization"},"potentialAction":[{"@type":"SearchAction","target":{"@type":"EntryPoint","urlTemplate":"https:\/\/iwell-guard.com\/da\/?s={search_term_string}"},"query-input":{"@type":"PropertyValueSpecification","valueRequired":true,"valueName":"search_term_string"}}],"inLanguage":"da-DK"},{"@type":"Organization","@id":"https:\/\/iwell-guard.com\/da\/#organization","name":"Ittermann electronic GmbH","url":"https:\/\/iwell-guard.com\/da\/","logo":{"@type":"ImageObject","inLanguage":"da-DK","@id":"https:\/\/iwell-guard.com\/da\/#\/schema\/logo\/image\/","url":"https:\/\/iwell-guard.com\/wp-content\/uploads\/2026\/05\/Ittermann-Logo-1182x237-1.png","contentUrl":"https:\/\/iwell-guard.com\/wp-content\/uploads\/2026\/05\/Ittermann-Logo-1182x237-1.png","width":1182,"height":237,"caption":"Ittermann electronic GmbH"},"image":{"@id":"https:\/\/iwell-guard.com\/da\/#\/schema\/logo\/image\/"},"sameAs":["https:\/\/pantip.com\/profile\/9367242","https:\/\/micro.blog\/iwellguard","https:\/\/www.diggerslist.com\/iwellguard\/about","https:\/\/skitterphoto.com\/photographers\/2870314\/iwell-guard","https:\/\/iwellguard.wordpress.com\/2026\/06\/06\/iwell-guard\/","https:\/\/hub.docker.com\/u\/iwellguard","https:\/\/www.pinterest.com\/iwellguard\/","https:\/\/bit.ly\/m\/iwellguard","https:\/\/entre-vos-mains.alsace.eu\/profiles\/iwellguard\/activity","https:\/\/gravatar.com\/reallybeded8fd34","https:\/\/naijamatta.com\/iwellguard","https:\/\/www.goodreads.com\/iwellguard","https:\/\/profile.hatena.ne.jp\/iwellguard\/","https:\/\/experiment.com\/users\/iwellguard","https:\/\/wakelet.com\/@iWellGuard82270","https:\/\/www.chordie.com\/forum\/profile.php?id=2555664","https:\/\/www.instapaper.com\/p\/17757966","https:\/\/www.mapleprimes.com\/users\/iwellguard","https:\/\/businesslistingplus.com\/profile\/iwell-guard\/","https:\/\/telegra.ph\/iWell-Guard-06-06","https:\/\/pbase.com\/iwellguard\/iwellguard","https:\/\/b.hatena.ne.jp\/iwellguard\/20260607#bookmark-4788405196491818882","https:\/\/fliphtml5.com\/home\/iwellguard","https:\/\/anyflip.com\/homepage\/cmiwl#About","https:\/\/transfur.com\/Users\/iwellguard","http:\/\/delphi.larsbo.org\/user\/iwellguard","https:\/\/jobs.lajobsportal.org\/profiles\/8380803-iwell-guard","https:\/\/md.chaosdorf.de\/s\/jfbe5SBdJD","https:\/\/www.lingvolive.com\/en-us\/profile\/9ecaeaca-ce11-4e51-9e71-01d55e2bff36\/translations","https:\/\/www.fitday.com\/fitness\/forums\/members\/iwellguard.html","https:\/\/www.mymeetbook.com\/iwellguard","https:\/\/pxhere.com\/en\/photographer-me\/5040798","https:\/\/disqus.com\/by\/iwellguard\/about\/","https:\/\/pastelink.net\/hjwciqwq","https:\/\/pubhtml5.com\/homepage\/scjhn\/","https:\/\/www.bitchute.com\/channel\/2O2eOKzNqujT","https:\/\/audiomack.com\/iwellguard"]}]}},"_links":{"self":[{"href":"https:\/\/iwell-guard.com\/da\/wp-json\/wp\/v2\/pages\/138360","targetHints":{"allow":["GET"]}}],"collection":[{"href":"https:\/\/iwell-guard.com\/da\/wp-json\/wp\/v2\/pages"}],"about":[{"href":"https:\/\/iwell-guard.com\/da\/wp-json\/wp\/v2\/types\/page"}],"author":[{"embeddable":true,"href":"https:\/\/iwell-guard.com\/da\/wp-json\/wp\/v2\/users\/3"}],"replies":[{"embeddable":true,"href":"https:\/\/iwell-guard.com\/da\/wp-json\/wp\/v2\/comments?post=138360"}],"version-history":[{"count":0,"href":"https:\/\/iwell-guard.com\/da\/wp-json\/wp\/v2\/pages\/138360\/revisions"}],"wp:featuredmedia":[{"embeddable":true,"href":"https:\/\/iwell-guard.com\/da\/wp-json\/wp\/v2\/media\/3374"}],"wp:attachment":[{"href":"https:\/\/iwell-guard.com\/da\/wp-json\/wp\/v2\/media?parent=138360"}],"wp:term":[{"taxonomy":"category","embeddable":true,"href":"https:\/\/iwell-guard.com\/da\/wp-json\/wp\/v2\/categories?post=138360"}],"curies":[{"name":"wp","href":"https:\/\/api.w.org\/{rel}","templated":true}]}}