{"id":138335,"date":"2026-09-03T07:08:51","date_gmt":"2026-09-03T07:08:51","guid":{"rendered":"https:\/\/iwell-guard.com\/?page_id=138335"},"modified":"2026-09-03T07:57:49","modified_gmt":"2026-09-03T07:57:49","slug":"malina-solgudinde-inuit","status":"publish","type":"page","link":"https:\/\/iwell-guard.com\/da\/malina-solgudinde-inuit\/","title":{"rendered":"Malina &#8211; Solgudinde hos inuitterne"},"content":{"rendered":"\t\t<div data-elementor-type=\"wp-page\" data-elementor-id=\"138335\" class=\"elementor elementor-138335 elementor-2662 elementor-bc-flex-widget\" data-elementor-post-type=\"page\">\n\t\t\t\t<div class=\"elementor-element elementor-element-iwgw-malinainui-hero e-flex e-con-boxed e-con e-parent\" data-id=\"iwgw-malinainui-hero\" data-element_type=\"container\" data-e-type=\"container\" data-settings=\"{&quot;background_background&quot;:&quot;classic&quot;}\">\n\t\t\t\t\t<div class=\"e-con-inner\">\n\t\t<div class=\"elementor-element elementor-element-iwgw-malinainui-hl e-flex e-con-boxed e-con e-child\" data-id=\"iwgw-malinainui-hl\" data-element_type=\"container\" data-e-type=\"container\">\n\t\t\t\t\t<div class=\"e-con-inner\">\n\t\t<div class=\"elementor-element elementor-element-iwgw-malinainui-htxt e-con-full e-flex e-con e-child\" data-id=\"iwgw-malinainui-htxt\" data-element_type=\"container\" data-e-type=\"container\">\n\t\t\t\t<div class=\"elementor-element elementor-element-iwgw-malinainui-h1 elementor-widget elementor-widget-heading\" data-id=\"iwgw-malinainui-h1\" data-element_type=\"widget\" data-e-type=\"widget\" data-widget_type=\"heading.default\">\n\t\t\t\t\t<h1 class=\"elementor-heading-title elementor-size-default\">Malina - solgudinde og s\u00f8ster til m\u00e5nen i inuittraditionen<\/h1>\t\t\t\t<\/div>\n\t\t\t\t<div class=\"elementor-element elementor-element-iwgw-malinainui-lead elementor-widget elementor-widget-text-editor\" data-id=\"iwgw-malinainui-lead\" data-element_type=\"widget\" data-e-type=\"widget\" data-widget_type=\"text-editor.default\">\n\t\t\t\t\t\t\t\t\t<p>Malina er i den centralarktiske <a href=\"https:\/\/iwell-guard.com\/da\/?page_id=138244\">inuit<\/a>-tradition solgudinden, s\u00f8ster til m\u00e5nen <a href=\"https:\/\/iwell-guard.com\/da\/?page_id=138334\">Igaluk<\/a> og hovedperson i en af de centrale inuit-myter. Hendes flugt fra broderen forklarer skillet mellem dag og nat. Religionsvidenskabeligt er hun den paradigmatiske kvindelige solgudinde i den cirkumpolare region.<\/p>\t\t\t\t\t\t\t\t<\/div>\n\t\t\t\t<\/div>\n\t\t<div class=\"elementor-element elementor-element-iwgw-malinainui-pillc e-con-full e-flex e-con e-child\" data-id=\"iwgw-malinainui-pillc\" data-element_type=\"container\" data-e-type=\"container\">\n\t\t\t\t<div class=\"elementor-element elementor-element-iwgw-malinainui-pills elementor-widget elementor-widget-html\" data-id=\"iwgw-malinainui-pills\" data-element_type=\"widget\" data-e-type=\"widget\" data-widget_type=\"html.default\">\n\t\t\t\t\t<div class=\"iwg-pill-row\"><span class=\"iwg-klasse-badge\" tabindex=\"0\" data-tooltip=\"Gudinde i inuittraditionen.\">Gudinde<\/span><a href=\"https:\/\/iwell-guard.com\/da\/?page_id=138244\" class=\"iwg-kultur-badge\" tabindex=\"0\" data-tooltip=\"Mytologi i inuittraditionen.\">Inuit<\/a><span class=\"iwg-tradition-badge\" tabindex=\"0\" data-tooltip=\"Solgudinde.\">Solgudinde<\/span><\/div>\t\t\t\t<\/div>\n\t\t\t\t<\/div>\n\t\t<div class=\"elementor-element elementor-element-iwgw-malinainui-tocc e-con-full e-flex e-con e-child\" data-id=\"iwgw-malinainui-tocc\" data-element_type=\"container\" data-e-type=\"container\">\n\t\t\t\t<div class=\"elementor-element elementor-element-iwgw-malinainui-toc elementor-toc--minimized-on-tablet elementor-widget elementor-widget-table-of-contents\" data-id=\"iwgw-malinainui-toc\" data-element_type=\"widget\" data-e-type=\"widget\" data-settings=\"{&quot;headings_by_tags&quot;:[&quot;h2&quot;,&quot;h3&quot;],&quot;minimize_box&quot;:&quot;yes&quot;,&quot;marker_view&quot;:&quot;bullets&quot;,&quot;no_headings_message&quot;:&quot;Der blev ikke fundet nogen overskrifter p\\u00e5 denne side.&quot;,&quot;exclude_headings_by_selector&quot;:[],&quot;icon&quot;:{&quot;value&quot;:&quot;fas fa-circle&quot;,&quot;library&quot;:&quot;fa-solid&quot;,&quot;rendered_tag&quot;:&quot;&lt;svg class=\\&quot;e-font-icon-svg e-fas-circle\\&quot; viewBox=\\&quot;0 0 512 512\\&quot; xmlns=\\&quot;http:\\\/\\\/www.w3.org\\\/2000\\\/svg\\&quot;&gt;&lt;path d=\\&quot;M256 8C119 8 8 119 8 256s111 248 248 248 248-111 248-248S393 8 256 8z\\&quot;&gt;&lt;\\\/path&gt;&lt;\\\/svg&gt;&quot;},&quot;minimized_on&quot;:&quot;tablet&quot;,&quot;hierarchical_view&quot;:&quot;yes&quot;,&quot;min_height&quot;:{&quot;unit&quot;:&quot;px&quot;,&quot;size&quot;:&quot;&quot;,&quot;sizes&quot;:[]},&quot;min_height_tablet&quot;:{&quot;unit&quot;:&quot;px&quot;,&quot;size&quot;:&quot;&quot;,&quot;sizes&quot;:[]},&quot;min_height_mobile&quot;:{&quot;unit&quot;:&quot;px&quot;,&quot;size&quot;:&quot;&quot;,&quot;sizes&quot;:[]}}\" data-widget_type=\"table-of-contents.default\">\n\t\t\t\t\t\t\t\t\t<div class=\"elementor-toc__header\">\n\t\t\t\t\t\t<h2 class=\"elementor-toc__header-title\">\n\t\t\t\tIndholdsfortegnelse\t\t\t<\/h2>\n\t\t\t\t\t\t\t\t\t\t<div class=\"elementor-toc__toggle-button elementor-toc__toggle-button--expand\" role=\"button\" tabindex=\"0\" aria-controls=\"elementor-toc__iwgw-malinainui-toc\" aria-expanded=\"true\" aria-label=\"Open table of contents\"><svg aria-hidden=\"true\" class=\"e-font-icon-svg e-fas-chevron-down\" viewBox=\"0 0 448 512\" xmlns=\"http:\/\/www.w3.org\/2000\/svg\"><path d=\"M207.029 381.476L12.686 187.132c-9.373-9.373-9.373-24.569 0-33.941l22.667-22.667c9.357-9.357 24.522-9.375 33.901-.04L224 284.505l154.745-154.021c9.379-9.335 24.544-9.317 33.901.04l22.667 22.667c9.373 9.373 9.373 24.569 0 33.941L240.971 381.476c-9.373 9.372-24.569 9.372-33.942 0z\"><\/path><\/svg><\/div>\n\t\t\t\t<div class=\"elementor-toc__toggle-button elementor-toc__toggle-button--collapse\" role=\"button\" tabindex=\"0\" aria-controls=\"elementor-toc__iwgw-malinainui-toc\" aria-expanded=\"true\" aria-label=\"Close table of contents\"><svg aria-hidden=\"true\" class=\"e-font-icon-svg e-fas-chevron-up\" viewBox=\"0 0 448 512\" xmlns=\"http:\/\/www.w3.org\/2000\/svg\"><path d=\"M240.971 130.524l194.343 194.343c9.373 9.373 9.373 24.569 0 33.941l-22.667 22.667c-9.357 9.357-24.522 9.375-33.901.04L224 227.495 69.255 381.516c-9.379 9.335-24.544 9.317-33.901-.04l-22.667-22.667c-9.373-9.373-9.373-24.569 0-33.941L207.03 130.525c9.372-9.373 24.568-9.373 33.941-.001z\"><\/path><\/svg><\/div>\n\t\t\t\t\t<\/div>\n\t\t\t\t<div id=\"elementor-toc__iwgw-malinainui-toc\" class=\"elementor-toc__body\">\n\t\t\t<div class=\"elementor-toc__spinner-container\">\n\t\t\t\t<svg class=\"elementor-toc__spinner eicon-animation-spin e-font-icon-svg e-eicon-loading\" aria-hidden=\"true\" viewBox=\"0 0 1000 1000\" xmlns=\"http:\/\/www.w3.org\/2000\/svg\"><path d=\"M500 975V858C696 858 858 696 858 500S696 142 500 142 142 304 142 500H25C25 237 238 25 500 25S975 237 975 500 763 975 500 975Z\"><\/path><\/svg>\t\t\t<\/div>\n\t\t<\/div>\n\t\t\t\t\t\t<\/div>\n\t\t\t\t<\/div>\n\t\t\t\t\t<\/div>\n\t\t\t\t<\/div>\n\t\t<div class=\"elementor-element elementor-element-iwgw-malinainui-hr e-con-full e-flex e-con e-child\" data-id=\"iwgw-malinainui-hr\" data-element_type=\"container\" data-e-type=\"container\">\n\t\t\t\t<div class=\"elementor-element elementor-element-iwgw-malinainui-heroimg iwg-hero-image elementor-widget elementor-widget-image\" data-id=\"iwgw-malinainui-heroimg\" data-element_type=\"widget\" data-e-type=\"widget\" data-widget_type=\"image.default\">\n\t\t\t\t\t\t\t\t\t\t\t\t\t\t\t<img fetchpriority=\"high\" decoding=\"async\" width=\"683\" height=\"1024\" src=\"https:\/\/iwell-guard.com\/wp-content\/uploads\/2026\/05\/goetter_inuit_malina-inuit-683x1024.webp\" class=\"attachment-large size-large wp-image-140101\" alt=\"Malina Inuit - guder fra den inuitiske tradition, historisk-illustrativt\" srcset=\"https:\/\/iwell-guard.com\/wp-content\/uploads\/2026\/05\/goetter_inuit_malina-inuit-683x1024.webp 683w, https:\/\/iwell-guard.com\/wp-content\/uploads\/2026\/05\/goetter_inuit_malina-inuit-200x300.webp 200w, https:\/\/iwell-guard.com\/wp-content\/uploads\/2026\/05\/goetter_inuit_malina-inuit-768x1152.webp 768w, https:\/\/iwell-guard.com\/wp-content\/uploads\/2026\/05\/goetter_inuit_malina-inuit.webp 1024w\" sizes=\"(max-width: 683px) 100vw, 683px\" \/>\t\t\t\t\t\t\t\t\t\t\t\t\t\t\t<\/div>\n\t\t\t\t<\/div>\n\t\t\t\t\t<\/div>\n\t\t\t\t<\/div>\n\t\t\t\t<section class=\"elementor-section elementor-top-section elementor-element elementor-element-sec-iwgcomp-malina-inuit elementor-section-boxed elementor-section-height-default elementor-section-height-default\" data-id=\"sec-iwgcomp-malina-inuit\" data-element_type=\"section\" data-e-type=\"section\">\n\t\t\t\t\t\t<div class=\"elementor-container elementor-column-gap-default\">\n\t\t\t\t\t<div class=\"elementor-column elementor-col-100 elementor-top-column elementor-element elementor-element-col-iwgcomp-malina-inuit\" data-id=\"col-iwgcomp-malina-inuit\" data-element_type=\"column\" data-e-type=\"column\">\n\t\t\t<div class=\"elementor-widget-wrap elementor-element-populated\">\n\t\t\t\t\t\t<div class=\"elementor-element elementor-element-iwgcomp-malina-inuit elementor-widget elementor-widget-text-editor\" data-id=\"iwgcomp-malina-inuit\" data-element_type=\"widget\" data-e-type=\"widget\" data-widget_type=\"text-editor.default\">\n\t\t\t\t\t\t\t\t\t<p>Malina er <strong>inuitternes solgudinde<\/strong> og s\u00f8ster til m\u00e5negud Igaluk i den arktiske <span class=\"iwg-fachbegriff\" data-tooltip=\"Den samlede m\u00e6ngde overleverede gudefort\u00e6llinger i en kultur.\" tabindex=\"0\">mytologi<\/span>.<\/p>\t\t\t\t\t\t\t\t<\/div>\n\t\t\t\t\t<\/div>\n\t\t<\/div>\n\t\t\t\t\t<\/div>\n\t\t<\/section>\n\t\t<div class=\"elementor-element elementor-element-iwgw-malinainui-s0 e-flex e-con-boxed e-con e-parent\" data-id=\"iwgw-malinainui-s0\" data-element_type=\"container\" data-e-type=\"container\">\n\t\t\t\t\t<div class=\"e-con-inner\">\n\t\t\t\t<div class=\"elementor-element elementor-element-iwgw-malinainui-s0h elementor-widget elementor-widget-heading\" data-id=\"iwgw-malinainui-s0h\" data-element_type=\"widget\" data-e-type=\"widget\" data-widget_type=\"heading.default\">\n\t\t\t\t\t<h2 class=\"elementor-heading-title elementor-size-default\">Indordning og kort profil<\/h2>\t\t\t\t<\/div>\n\t\t<div class=\"elementor-element elementor-element-iwgw-malinainui-s0c e-con-full e-flex e-con e-child\" data-id=\"iwgw-malinainui-s0c\" data-element_type=\"container\" data-e-type=\"container\">\n\t\t\t\t<div class=\"elementor-element elementor-element-iwgw-malinainui-s0t elementor-widget elementor-widget-text-editor\" data-id=\"iwgw-malinainui-s0t\" data-element_type=\"widget\" data-e-type=\"widget\" data-widget_type=\"text-editor.default\">\n\t\t\t\t\t\t\t\t\t<p>Malina er i det inuitiske <span class=\"iwg-fachbegriff\" data-tooltip=\"Den samlede m\u00e6ngde guder i en religion eller kultur.\" tabindex=\"0\">pantheon<\/span> solen i personificeret kvindelig form. Religionsvidenskabeligt er det bem\u00e6rkelsesv\u00e6rdigt, at inuittraditionen ligesom de fleste cirkumpolare og nordeurop\u00e6iske traditioner opfatter solen som kvindelig og m\u00e5nen som mandlig, i mods\u00e6tning til mange mediterrane traditioner, hvor polariteten er omvendt. Denne k\u00f8nsfordeling er et vigtigt religionsf\u00e6nomenologisk kendetegn.<\/p><p>Malina er ikke en selvst\u00e6ndig <span class=\"iwg-fachbegriff\" data-tooltip=\"Et v\u00e6sen, der tilbedes som gudommeligt inden for en religion.\" tabindex=\"0\">gudom<\/span>, men n\u00e6vnes altid i forbindelse med <span class=\"iwg-fachbegriff\" data-tooltip=\"En overleveret fort\u00e6lling om guder, oprindelser og verdens orden.\" tabindex=\"0\">myten<\/span> om broderen Igaluk. Hendes flugt til himlen og den permanente forf\u00f8lgelse fra Igaluk strukturerer dagens kredsl\u00f8b og dermed tidens grundordning. Denne narrative binding til Igaluk er religionsf\u00e6nomenologisk et selvst\u00e6ndigt f\u00e6nomen.<\/p><p>Trods denne narrative binding har Malina egne rituelle funktioner, is\u00e6r inden for kvindepraksisser, renhed, f\u00f8dsel og den kolde vinter, hvis afslutning hendes tilbagekomst efter polarnatten markerer. Hendes religi\u00f8se betydning er t\u00e6t forbundet med den arktiske \u00e5rscyklus og g\u00f8r hende til en central skikkelse i inuitternes cykliske tidsforst\u00e5else.<\/p><p>Solgudinden Malina, som altid overleveres i forbindelse med <span class=\"iwg-fachbegriff\" data-tooltip=\"En overleveret fort\u00e6lling om guder, oprindelser og verdens orden.\" tabindex=\"0\">myten<\/span> om broderen Igaluk, er af den nyere forskning blevet belyst med udvidede metodiske tilgange, der forener etnografisk pr\u00e6cision, sproglig kildekritik og komparativt perspektiv. I dag h\u00f8rer inuitternes egne vidensf\u00e6llesskaber selv til denne forskning og korrigerer \u00e6ldre, dels kolonialt pr\u00e6gede vestlige fortolkninger.<\/p><p>Yderligere belysning giver det religionssociologiske sp\u00f8rgsm\u00e5l om Malinas funktion i den traditionelle inuit-samfunds sociale orden. Da hendes rituelle betydning var bundet til kvindepraksisser, f\u00f8dsel og \u00e5rscyklussen, viser hun, at den religi\u00f8se struktur ikke var adskilt fra den samfundsm\u00e6ssige praksis, men t\u00e6t sammenflettet med den.<\/p><p>Denne sammenfletning udg\u00f8r et selvst\u00e6ndigt religionsantropologisk forskningsfelt, som is\u00e6r Fr\u00e9d\u00e9ric Laugrand og Jarich Oosten har unders\u00f8gt systematisk.<\/p>\t\t\t\t\t\t\t\t<\/div>\n\t\t\t\t<\/div>\n\t\t\t\t\t<\/div>\n\t\t\t\t<\/div>\n\t\t<div class=\"elementor-element elementor-element-iwgw-malinainui-s1 e-flex e-con-boxed e-con e-parent\" data-id=\"iwgw-malinainui-s1\" data-element_type=\"container\" data-e-type=\"container\">\n\t\t\t\t\t<div class=\"e-con-inner\">\n\t\t\t\t<div class=\"elementor-element elementor-element-iwgw-malinainui-s1h elementor-widget elementor-widget-heading\" data-id=\"iwgw-malinainui-s1h\" data-element_type=\"widget\" data-e-type=\"widget\" data-widget_type=\"heading.default\">\n\t\t\t\t\t<h2 class=\"elementor-heading-title elementor-size-default\">Navn og etymologi<\/h2>\t\t\t\t<\/div>\n\t\t<div class=\"elementor-element elementor-element-iwgw-malinainui-s1c e-con-full e-flex e-con e-child\" data-id=\"iwgw-malinainui-s1c\" data-element_type=\"container\" data-e-type=\"container\">\n\t\t\t\t<div class=\"elementor-element elementor-element-iwgw-malinainui-s1t elementor-widget elementor-widget-text-editor\" data-id=\"iwgw-malinainui-s1t\" data-element_type=\"widget\" data-e-type=\"widget\" data-widget_type=\"text-editor.default\">\n\t\t\t\t\t\t\t\t\t<p>Navnet Malina er hyppigst belagt i den vestgr\u00f8nlandske dialekt. Etymologisk er det ikke endeligt klarlagt, men kan v\u00e6re besl\u00e6gtet med stammen <em>mali\u014b\u014buq<\/em>, der betegner det at forf\u00f8lge. Videnskabeligt passer dette til fort\u00e6llingen, hvor forf\u00f8lgelsesstrukturen er det centrale <span class=\"iwg-fachbegriff\" data-tooltip=\"Et tilbagevendende indholdselement i kunst eller fort\u00e6lling.\" tabindex=\"0\">motiv<\/span>.<\/p><p>Andre navne for solen i de inuitiske sprog er <em>seqineq<\/em>, <em>siqiniq<\/em> eller <em>siqinniq<\/em>. Disse navne betegner dog prim\u00e6rt himmelobjektet, ikke den personificerede gudinde. Denne forskel er videnskabeligt vigtig: ikke hver solbetegnelse b\u00e6rer den teologiske skikkelse Malina. Den metodiske omhu i kildearbejdet er her afg\u00f8rende.<\/p><p>I Iglulik forekommer formen Akycha eller Malik, i \u00d8stgr\u00f8nland Naajaa. Den regionale variation svarer til den generelle sproglige mangfoldighed i den inuitiske verden og b\u00f8r tages i betragtning i den videnskabelige bearbejdning. En systematisk sproglig syntese mangler stadig.<\/p><p>I den komparative <span class=\"iwg-fachbegriff\" data-tooltip=\"Videnskaben, der unders\u00f8ger religioner sammenlignende og uden trosbinding.\" tabindex=\"0\">religionsvidenskab<\/span> passer Malina ind i m\u00f8nstret for den cirkumpolare religi\u00f8se topografi, som bevares over tusinder af kilometer med en forbavsende stabil struktur. Denne strukturelle stabilitet h\u00f8rer religionsf\u00e6nomenologisk til de mest bem\u00e6rkelsesv\u00e6rdige fund i disciplinen og diskuteres fortsat i dag.<\/p>\t\t\t\t\t\t\t\t<\/div>\n\t\t\t\t<\/div>\n\t\t\t\t\t<\/div>\n\t\t\t\t<\/div>\n\t\t<div class=\"elementor-element elementor-element-iwgw-malinainui-s2 e-flex e-con-boxed e-con e-parent\" data-id=\"iwgw-malinainui-s2\" data-element_type=\"container\" data-e-type=\"container\">\n\t\t\t\t\t<div class=\"e-con-inner\">\n\t\t\t\t<div class=\"elementor-element elementor-element-iwgw-malinainui-s2h elementor-widget elementor-widget-heading\" data-id=\"iwgw-malinainui-s2h\" data-element_type=\"widget\" data-e-type=\"widget\" data-widget_type=\"heading.default\">\n\t\t\t\t\t<h2 class=\"elementor-heading-title elementor-size-default\">Incest-flugt-myten<\/h2>\t\t\t\t<\/div>\n\t\t<div class=\"elementor-element elementor-element-iwgw-malinainui-s2c e-con-full e-flex e-con e-child\" data-id=\"iwgw-malinainui-s2c\" data-element_type=\"container\" data-e-type=\"container\">\n\t\t\t\t<div class=\"elementor-element elementor-element-iwgw-malinainui-s2t elementor-widget elementor-widget-text-editor\" data-id=\"iwgw-malinainui-s2t\" data-element_type=\"widget\" data-e-type=\"widget\" data-widget_type=\"text-editor.default\">\n\t\t\t\t\t\t\t\t\t<p>Kernmyten om Malina er identisk med Igaluk-<span class=\"iwg-fachbegriff\" data-tooltip=\"En overleveret fort\u00e6lling om guder, oprindelser og verdens ordning.\" tabindex=\"0\">myten<\/span> og er allerede beskrevet der. Set fra Malinas perspektiv er den en fort\u00e6lling om kvindelig selvh\u00e6vdelse og skabelsen af kosmisk orden gennem selvst\u00e6ndig flugt. Dette perspektiv er videnskabeligt produktivt og er blevet tydeliggjort af Birgitte Sonne og Pamela Stern.<\/p><p>Malina markerer sin bror med sod, genkender hans identitet, sk\u00e6rer af skam brysterne af sig selv, kaster dem efter ham og flygter med en lys fakkel op i himlen. Hendes lysstyrke overg\u00e5r broderens, fordi hun flygtede f\u00f8rst og tilrev sig den lysere fakkel. Igaluk f\u00f8lger efter, men bliver h\u00e6gtet af.<\/p><p>Videnskabeligt er denne fort\u00e6lling ikke en passiv <span class=\"iwg-fachbegriff\" data-tooltip=\"Gave til en gud for at udtrykke tak, b\u00f8n eller tilbedelse.\" tabindex=\"0\">offer<\/span>-fort\u00e6lling, men en handling: Malina handler ved at markere sig selv, ved at kastrere sig selv, ved at flygte. Hun bliver solen gennem sit eget initiativ, ikke gennem et guddommeligt indgreb. Denne aktive komponent er religionsf\u00e6nomenologisk v\u00e6rd at bem\u00e6rke og skiller sig ud fra rent offerorienterede solmyter.<\/p>\t\t\t\t\t\t\t\t<\/div>\n\t\t\t\t<\/div>\n\t\t\t\t\t<\/div>\n\t\t\t\t<\/div>\n\t\t<div class=\"elementor-element elementor-element-iwgw-malinainui-s3 e-flex e-con-boxed e-con e-parent\" data-id=\"iwgw-malinainui-s3\" data-element_type=\"container\" data-e-type=\"container\">\n\t\t\t\t\t<div class=\"e-con-inner\">\n\t\t\t\t<div class=\"elementor-element elementor-element-iwgw-malinainui-s3h elementor-widget elementor-widget-heading\" data-id=\"iwgw-malinainui-s3h\" data-element_type=\"widget\" data-e-type=\"widget\" data-widget_type=\"heading.default\">\n\t\t\t\t\t<h2 class=\"elementor-heading-title elementor-size-default\">Sol, m\u00f8rke og arktisk \u00e5rscyklus<\/h2>\t\t\t\t<\/div>\n\t\t<div class=\"elementor-element elementor-element-iwgw-malinainui-s3c e-con-full e-flex e-con e-child\" data-id=\"iwgw-malinainui-s3c\" data-element_type=\"container\" data-e-type=\"container\">\n\t\t\t\t<div class=\"elementor-element elementor-element-iwgw-malinainui-s3t elementor-widget elementor-widget-text-editor\" data-id=\"iwgw-malinainui-s3t\" data-element_type=\"widget\" data-e-type=\"widget\" data-widget_type=\"text-editor.default\">\n\t\t\t\t\t\t\t\t\t<p>Malinas religi\u00f8se betydning er formet af den arktiske \u00e5rscyklus. Polarnatten, hvor solen i ugevis ikke kommer over horisonten, var en religi\u00f8st ladet tilstand. Malinas tilbagekomst om for\u00e5ret blev <span class=\"iwg-fachbegriff\" data-tooltip=\"Tilh\u00f8rende et fastlagt religi\u00f8st handlingsforl\u00f8b.\" tabindex=\"0\">rituelt<\/span> hilst velkommen, i nogle regioner med sm\u00e5 fester, i andre med s\u00e6rlige tabuer.<\/p><p>Rasmussen beretter fra Iglulik, at b\u00f8rn ved det f\u00f8rste syn af solen efter polarnatten sang s\u00e6rlige sange, hvormed de hilste den tilbagevendende solgudinde velkommen. Denne praksis kunne ikke sammenlignes med den intensive fest\u00adkultur i sydlige solkulter, men havde sin egen rituelle dybde og videnskabelige betydning som et arktisk sol-velkomstritual.<\/p><p>Om sommeren, n\u00e5r solen ikke g\u00e5r ned, var Malina en anden slags n\u00e6rv\u00e6r: konstant synlig, lys, i en vis henseende overv\u00e6ldende. Denne dobbelthed af frav\u00e6r og altomfattende n\u00e6rv\u00e6r er religionsf\u00e6nomenologisk en s\u00e6regenhed ved arktisk soldyrkelse og skaber en religi\u00f8s erfaringsrytme, som ikke er mulig i tempererede klimazoner.<\/p>\t\t\t\t\t\t\t\t<\/div>\n\t\t\t\t<\/div>\n\t\t\t\t\t<\/div>\n\t\t\t\t<\/div>\n\t\t<div class=\"elementor-element elementor-element-iwgw-malinainui-s4 e-flex e-con-boxed e-con e-parent\" data-id=\"iwgw-malinainui-s4\" data-element_type=\"container\" data-e-type=\"container\">\n\t\t\t\t\t<div class=\"e-con-inner\">\n\t\t\t\t<div class=\"elementor-element elementor-element-iwgw-malinainui-s4h elementor-widget elementor-widget-heading\" data-id=\"iwgw-malinainui-s4h\" data-element_type=\"widget\" data-e-type=\"widget\" data-widget_type=\"heading.default\">\n\t\t\t\t\t<h2 class=\"elementor-heading-title elementor-size-default\">Malina og kvindepraksis<\/h2>\t\t\t\t<\/div>\n\t\t<div class=\"elementor-element elementor-element-iwgw-malinainui-s4c e-con-full e-flex e-con e-child\" data-id=\"iwgw-malinainui-s4c\" data-element_type=\"container\" data-e-type=\"container\">\n\t\t\t\t<div class=\"elementor-element elementor-element-iwgw-malinainui-s4t elementor-widget elementor-widget-text-editor\" data-id=\"iwgw-malinainui-s4t\" data-element_type=\"widget\" data-e-type=\"widget\" data-widget_type=\"text-editor.default\">\n\t\t\t\t\t\t\t\t\t<p>Malina st\u00e5r religionspraktisk is\u00e6r kvinder n\u00e6r. Hun blev tilkaldt ved f\u00f8dsel, menstruation og i de tabufaser, der pr\u00e6gede kvinders liv. Den religi\u00f8se forestilling var, at solen som en \u00e6ldre, erfaren kvinde var lydh\u00f8r for menneskekvindernes erfaringer. Denne empati-konstellation er religionsf\u00e6nomenologisk et f\u00e6nomen i sig selv.<\/p><p>Bestemte ritualer, som renselsesbade i sne eller brugen af bestemte amuletter, var forbundet med Malina. Videnskabeligt h\u00f8rer dette til den bredere klasse af kvindelig soldyrkelse, som er dokumenteret i variationer i den cirkumpolare region og udg\u00f8r sit eget komparative forskningsfelt.<\/p><p>Hos caribou-inuitterne var denne forbindelse mindre udpr\u00e6get end hos iglulik-inuitterne. Den regionale variation er betydelig og b\u00f8r ikke sammenfattes til en enhedlig Malina-<span class=\"iwg-fachbegriff\" data-tooltip=\"Den videnskabelige l\u00e6re om gud og troen i en religion.\" tabindex=\"0\">teologi<\/span>. Den videnskabelige opgave best\u00e5r i en differentieret regional beskrivelse frem for en harmoniserende syntese.<\/p>\t\t\t\t\t\t\t\t<\/div>\n\t\t\t\t<\/div>\n\t\t\t\t\t<\/div>\n\t\t\t\t<\/div>\n\t\t<div class=\"elementor-element elementor-element-iwgw-malinainui-s5 e-flex e-con-boxed e-con e-parent\" data-id=\"iwgw-malinainui-s5\" data-element_type=\"container\" data-e-type=\"container\">\n\t\t\t\t\t<div class=\"e-con-inner\">\n\t\t\t\t<div class=\"elementor-element elementor-element-iwgw-malinainui-s5h elementor-widget elementor-widget-heading\" data-id=\"iwgw-malinainui-s5h\" data-element_type=\"widget\" data-e-type=\"widget\" data-widget_type=\"heading.default\">\n\t\t\t\t\t<h2 class=\"elementor-heading-title elementor-size-default\">Solen som symbol p\u00e5 h\u00e5b og tid<\/h2>\t\t\t\t<\/div>\n\t\t<div class=\"elementor-element elementor-element-iwgw-malinainui-s5c e-con-full e-flex e-con e-child\" data-id=\"iwgw-malinainui-s5c\" data-element_type=\"container\" data-e-type=\"container\">\n\t\t\t\t<div class=\"elementor-element elementor-element-iwgw-malinainui-s5t elementor-widget elementor-widget-text-editor\" data-id=\"iwgw-malinainui-s5t\" data-element_type=\"widget\" data-e-type=\"widget\" data-widget_type=\"text-editor.default\">\n\t\t\t\t\t\t\t\t\t<p>I den shamanistiske praksis kunne Malina p\u00e5kaldes som et h\u00e5bets symbol. Ved sygdom, sult eller fortvivlelse blev hendes tilbagevenden fra polarnatten fortolket som et forbillede for en opgang. Shamaner rejste i trance ikke prim\u00e6rt til solen, som de gjorde til m\u00e5nen, men de kunne p\u00e5ber\u00e5be sig hendes kraft som st\u00f8tte.<\/p><p>Tidsm\u00e6ssigt strukturerer Malina d\u00f8gnets kredsl\u00f8b. Mens m\u00e5necyklerne bestemmer m\u00e5nederne, giver solen dagen og \u00e5rstiden. Videnskabeligt er denne komplement\u00e6re tidsstruktur et vigtigt element i den inuitiske <span class=\"iwg-fachbegriff\" data-tooltip=\"Forestilling om verdens opbygning og orden inden for en kultur.\" tabindex=\"0\">kosmologi<\/span> og g\u00f8r s\u00f8skendeparret Malina-Igaluk til en kalendarisk-religi\u00f8s diade.<\/p><p>I den samtidige inuit-kunst er Malina til stede, ofte i diptykon med Igaluk. De to s\u00f8skendes asymmetri, deres konflikt og forf\u00f8lgelse g\u00f8res kunstnerisk produktiv. Religionsf\u00e6nomenologisk viser dette den vedvarende levende karakter af <span class=\"iwg-fachbegriff\" data-tooltip=\"En overleveret fort\u00e6lling om guder, oprindelser og verdens orden.\" tabindex=\"0\">myten<\/span> og dens b\u00e6redygtighed som kunstnerisk inspiration.<\/p>\t\t\t\t\t\t\t\t<\/div>\n\t\t\t\t<\/div>\n\t\t\t\t\t<\/div>\n\t\t\t\t<\/div>\n\t\t<div class=\"elementor-element elementor-element-iwgw-malinainui-s6 e-flex e-con-boxed e-con e-parent\" data-id=\"iwgw-malinainui-s6\" data-element_type=\"container\" data-e-type=\"container\">\n\t\t\t\t\t<div class=\"e-con-inner\">\n\t\t\t\t<div class=\"elementor-element elementor-element-iwgw-malinainui-s6h elementor-widget elementor-widget-heading\" data-id=\"iwgw-malinainui-s6h\" data-element_type=\"widget\" data-e-type=\"widget\" data-widget_type=\"heading.default\">\n\t\t\t\t\t<h2 class=\"elementor-heading-title elementor-size-default\">Sammenligning med andre solgudinder<\/h2>\t\t\t\t<\/div>\n\t\t<div class=\"elementor-element elementor-element-iwgw-malinainui-s6c e-con-full e-flex e-con e-child\" data-id=\"iwgw-malinainui-s6c\" data-element_type=\"container\" data-e-type=\"container\">\n\t\t\t\t<div class=\"elementor-element elementor-element-iwgw-malinainui-s6t elementor-widget elementor-widget-text-editor\" data-id=\"iwgw-malinainui-s6t\" data-element_type=\"widget\" data-e-type=\"widget\" data-widget_type=\"text-editor.default\">\n\t\t\t\t\t\t\t\t\t<p>Kvindelige solguddomme er vidt udbredt i den cirkumpolare og nordeurop\u00e6iske region. Den <a href=\"https:\/\/iwell-guard.com\/da\/?page_id=138246\">samiske<\/a> Beaivi, den finsk-ugriske P\u00e4iv\u00e4t\u00e4r, den germanske S\u00f3l, den baltiske Saul\u0117 og den japanske Amaterasu udg\u00f8r en sammenlignelig klasse af solgudinder.<\/p><p>Denne udbredelse er videnskabeligt ikke tilf\u00e6ldig. Den afspejler en bred nordlig k\u00f8nstildeling af himmellegemerne, som i det globale komparative perspektiv udg\u00f8r sin egen region. Denne religionshistoriske lags dybde er genstand for l\u00f8bende forskning og b\u00f8r ikke f\u00f8re til forhastede universalisme-konstruktioner.<\/p><p>Inden for inuit-traditionen st\u00e5r Malina i et komplement\u00e6rt forhold til Igaluk, ligesom <a href=\"https:\/\/iwell-guard.com\/da\/?page_id=138327\">Sedna<\/a> til <a href=\"https:\/\/iwell-guard.com\/da\/?page_id=138331\">Anguta<\/a>. S\u00f8skendeparrene udg\u00f8r et tilbagevendende religi\u00f8st m\u00f8nster og er religionsf\u00e6nomenologisk et eget strukturm\u00f8nster i den inuitiske <span class=\"iwg-fachbegriff\" data-tooltip=\"Den videnskabelige l\u00e6re om gud og troen i en religion.\" tabindex=\"0\">teologi<\/span>.<\/p>\t\t\t\t\t\t\t\t<\/div>\n\t\t\t\t<\/div>\n\t\t\t\t\t<\/div>\n\t\t\t\t<\/div>\n\t\t<div class=\"elementor-element elementor-element-iwgw-malinainui-s7 e-flex e-con-boxed e-con e-parent\" data-id=\"iwgw-malinainui-s7\" data-element_type=\"container\" data-e-type=\"container\">\n\t\t\t\t\t<div class=\"e-con-inner\">\n\t\t\t\t<div class=\"elementor-element elementor-element-iwgw-malinainui-s7h elementor-widget elementor-widget-heading\" data-id=\"iwgw-malinainui-s7h\" data-element_type=\"widget\" data-e-type=\"widget\" data-widget_type=\"heading.default\">\n\t\t\t\t\t<h2 class=\"elementor-heading-title elementor-size-default\">Mission og moderne reception<\/h2>\t\t\t\t<\/div>\n\t\t<div class=\"elementor-element elementor-element-iwgw-malinainui-s7c e-con-full e-flex e-con e-child\" data-id=\"iwgw-malinainui-s7c\" data-element_type=\"container\" data-e-type=\"container\">\n\t\t\t\t<div class=\"elementor-element elementor-element-iwgw-malinainui-s7t elementor-widget elementor-widget-text-editor\" data-id=\"iwgw-malinainui-s7t\" data-element_type=\"widget\" data-e-type=\"widget\" data-widget_type=\"text-editor.default\">\n\t\t\t\t\t\t\t\t\t<p>Missionen har angrebet Malina mindre end Sedna eller Tornarssuk, fordi hendes funktion ikke var direkte forbundet med <span class=\"iwg-fachbegriff\" data-tooltip=\"Religi\u00f8st system, hvor specialister er i kontakt med \u00e5ndeverdenen.\" tabindex=\"0\">shamanisme<\/span> eller tabu-strukturer. Alligevel blev incest-<span class=\"iwg-fachbegriff\" data-tooltip=\"En overleveret fort\u00e6lling om guder, oprindelser og verdens orden.\" tabindex=\"0\">myten<\/span> til dels opfattet som st\u00f8dende og blev tilbageholdt i den offentlige fort\u00e6lling.<\/p><p>I den samtidige inuit-kultur er Malina til stede som en symbolsk figur, ofte i en feministisk l\u00e6sning som eksempel p\u00e5 kvindelig selvh\u00e6vdelse mod seksualiseret vold. Denne moderne tilegnelse kan ikke dokumenteres historisk-videnskabeligt, men er kulturelt relevant og et eksempel p\u00e5 aktiveringen af traditionelle fort\u00e6llinger i aktuelle diskurser.<\/p><p>I skoleb\u00f8ger og museer formidles Malina forsigtigt. Hendes skikkelses historiske dybde anerkendes i stigende grad, uden at der rekonstrueres en systematisk <span class=\"iwg-fachbegriff\" data-tooltip=\"Den videnskabelige l\u00e6re om Gud og om en religions tro.\" tabindex=\"0\">teologi<\/span>. Denne forsigtighed er religionsdidaktisk hensigtsm\u00e6ssig, fordi kildematerialet ikke tillader en harmoniserende syntese.<\/p>\t\t\t\t\t\t\t\t<\/div>\n\t\t\t\t<\/div>\n\t\t\t\t\t<\/div>\n\t\t\t\t<\/div>\n\t\t<div class=\"elementor-element elementor-element-iwgw-malinainui-s8 e-flex e-con-boxed e-con e-parent\" data-id=\"iwgw-malinainui-s8\" data-element_type=\"container\" data-e-type=\"container\">\n\t\t\t\t\t<div class=\"e-con-inner\">\n\t\t\t\t<div class=\"elementor-element elementor-element-iwgw-malinainui-s8h elementor-widget elementor-widget-heading\" data-id=\"iwgw-malinainui-s8h\" data-element_type=\"widget\" data-e-type=\"widget\" data-widget_type=\"heading.default\">\n\t\t\t\t\t<h2 class=\"elementor-heading-title elementor-size-default\">Forskning og nuv\u00e6rende status<\/h2>\t\t\t\t<\/div>\n\t\t<div class=\"elementor-element elementor-element-iwgw-malinainui-s8c e-con-full e-flex e-con e-child\" data-id=\"iwgw-malinainui-s8c\" data-element_type=\"container\" data-e-type=\"container\">\n\t\t\t\t<div class=\"elementor-element elementor-element-iwgw-malinainui-s8t elementor-widget elementor-widget-text-editor\" data-id=\"iwgw-malinainui-s8t\" data-element_type=\"widget\" data-e-type=\"widget\" data-widget_type=\"text-editor.default\">\n\t\t\t\t\t\t\t\t\t<p>Forskningen om Malina er t\u00e6t sammenflettet med forskningen om Igaluk. Rasmussen, Boas, Birket-Smith og Merkur er hovedkilderne. Der findes ingen selvst\u00e6ndig Malina-monografi, hvilket i sig selv afspejler forskningshistorien: Den mandlige side af <span class=\"iwg-fachbegriff\" data-tooltip=\"En overleveret fort\u00e6lling om guder, oprindelser og verdens ordning.\" tabindex=\"0\">myten<\/span> har l\u00e6ngere f\u00e5et opm\u00e6rksomhed end den kvindelige.<\/p><p>Nyere forskning, is\u00e6r hos Birgitte Sonne og Pamela Stern, fremh\u00e6ver Malinas egen religi\u00f8se funktion st\u00e6rkere og fremstiller hende ikke blot som broderens offer. Denne forskydning i perspektivet er videnskabeligt produktiv og svarer til en bredere feministisk nyformulering af de oprindelige folks religionshistorie.<\/p><p>I fremtidig inuitisk religionsforskning ville en mere pr\u00e6cis bearbejdning af kvinderitualerne omkring Malina v\u00e6re \u00f8nskelig, i den udstr\u00e6kning kilderne tillader det. En s\u00e5dan bearbejdning ville v\u00e6sentligt supplere det samlede billede af det inuitiske pantheon og korrigere den ensidigt mandligt pr\u00e6gede forskningssituation.<\/p>\t\t\t\t\t\t\t\t<\/div>\n\t\t\t\t<\/div>\n\t\t\t\t\t<\/div>\n\t\t\t\t<\/div>\n\t\t<div class=\"elementor-element elementor-element-iwgw-malinainui-s9 e-flex e-con-boxed e-con e-parent\" data-id=\"iwgw-malinainui-s9\" data-element_type=\"container\" data-e-type=\"container\">\n\t\t\t\t\t<div class=\"e-con-inner\">\n\t\t\t\t<div class=\"elementor-element elementor-element-iwgw-malinainui-s9h elementor-widget elementor-widget-heading\" data-id=\"iwgw-malinainui-s9h\" data-element_type=\"widget\" data-e-type=\"widget\" data-widget_type=\"heading.default\">\n\t\t\t\t\t<h2 class=\"elementor-heading-title elementor-size-default\">Leksikon-krydshenvisninger<\/h2>\t\t\t\t<\/div>\n\t\t<div class=\"elementor-element elementor-element-iwgw-malinainui-s9c e-con-full e-flex e-con e-child\" data-id=\"iwgw-malinainui-s9c\" data-element_type=\"container\" data-e-type=\"container\">\n\t\t\t\t<div class=\"elementor-element elementor-element-iwgw-malinainui-s9t elementor-widget elementor-widget-text-editor\" data-id=\"iwgw-malinainui-s9t\" data-element_type=\"widget\" data-e-type=\"widget\" data-widget_type=\"text-editor.default\">\n\t\t\t\t\t\t\t\t\t<p>Malina er forbundet med <a href=\"https:\/\/iwell-guard.com\/da\/?page_id=138334\">Igaluk<\/a>, <a href=\"https:\/\/iwell-guard.com\/da\/?page_id=138327\">Sedna<\/a>, <a href=\"https:\/\/iwell-guard.com\/da\/?page_id=138328\">Sila<\/a>, <a href=\"https:\/\/iwell-guard.com\/da\/?page_id=138332\">Pinga<\/a>, <a href=\"https:\/\/iwell-guard.com\/da\/?page_id=138331\">Anguta<\/a>, <a href=\"https:\/\/iwell-guard.com\/da\/?page_id=138333\">Nanook<\/a>, <a href=\"https:\/\/iwell-guard.com\/da\/?page_id=138329\">Tornarssuk<\/a>, <a href=\"https:\/\/iwell-guard.com\/da\/?page_id=138330\">Tupilak<\/a> og <a href=\"https:\/\/iwell-guard.com\/da\/?page_id=138336\">Qailertetang<\/a>. Kulturhubben <a href=\"https:\/\/iwell-guard.com\/da\/?page_id=138244\">Inuit-tradition<\/a> rammer sol-<span class=\"iwg-fachbegriff\" data-tooltip=\"Den videnskabelige l\u00e6re om Gud og troen i en religion.\" tabindex=\"0\">teologien<\/span> ind. Strukturelt lignende solgudinder findes i den <a href=\"https:\/\/iwell-guard.com\/da\/?page_id=138246\">samiske<\/a> lemma-serie hos <em>Beaivi<\/em>.<\/p>\t\t\t\t\t\t\t\t<\/div>\n\t\t\t\t<\/div>\n\t\t\t\t\t<\/div>\n\t\t\t\t<\/div>\n\t\t<div class=\"elementor-element elementor-element-cp2f9cc2de e-flex e-con-boxed e-con e-parent\" data-id=\"cp2f9cc2de\" data-element_type=\"container\" data-e-type=\"container\">\n\t\t\t\t\t<div class=\"e-con-inner\">\n\t\t\t\t<div class=\"elementor-element elementor-element-cp2aefe3ab elementor-widget elementor-widget-heading\" data-id=\"cp2aefe3ab\" data-element_type=\"widget\" data-e-type=\"widget\" data-widget_type=\"heading.default\">\n\t\t\t\t\t<h2 class=\"elementor-heading-title elementor-size-default\">Forf\u00f8lgelsesfort\u00e6llingen om sol og m\u00e5ne<\/h2>\t\t\t\t<\/div>\n\t\t<div class=\"elementor-element elementor-element-cp24aa4a16 e-flex e-con-boxed e-con e-child\" data-id=\"cp24aa4a16\" data-element_type=\"container\" data-e-type=\"container\">\n\t\t\t\t\t<div class=\"e-con-inner\">\n\t\t\t\t<div class=\"elementor-element elementor-element-cp2de6ed82 elementor-widget elementor-widget-text-editor\" data-id=\"cp2de6ed82\" data-element_type=\"widget\" data-e-type=\"widget\" data-widget_type=\"text-editor.default\">\n\t\t\t\t\t\t\t\t\t<p>Den mest kendte <span class=\"iwg-fachbegriff\" data-tooltip=\"Overleveringen af viden og fort\u00e6llinger gennem generationer.\" tabindex=\"0\">overlevering<\/span> om Malina, den kvindelige figur der i den engelsksprogede etnografi ofte kaldes <em>Sun Sister<\/em>, er fort\u00e6llingen om s\u00f8skende, der efter et brud p\u00e5 det sociale tabu bliver til sol og m\u00e5ne.<\/p><p>I de udgaver, som Knud Rasmussen optegnede under den femte Thule-ekspedition (1921 til 1924), for eksempel i <em>Intellectual Culture of the Iglulik Eskimos<\/em>, beskriver fort\u00e6llingen, hvordan en bror hemmeligt overfalder sin s\u00f8ster i m\u00f8rket i et forsamlingshus.<\/p><p>S\u00f8steren farver sine h\u00e6nder med sod for at kunne kende sin ukendte overfaldsmand. Da hun den f\u00f8lgende dag finder sodspor i sin brors ansigt, griber hun en br\u00e6ndende fakkel og flygter.<\/p><p>Broderen forf\u00f8lger hende, men hans fakkel g\u00e5r delvist ud og gl\u00f8der kun svagt. Begge stiger op p\u00e5 himlen: S\u00f8steren bliver til den klart lysende sol, broderen til den svagere skinnende m\u00e5ne, som siden har jagtet hende uden nogensinde at n\u00e5 hende.<\/p><p>Fort\u00e6llingen forklarer samtidig flere iagttagelser: hvorfor sol og m\u00e5ne f\u00f8lger hinanden p\u00e5 himlen, hvorfor m\u00e5nen skinner mindre end solen, og i nogle udgaver hvorfor der er pletter p\u00e5 m\u00e5nens skive, som sodspor. Videnskabeligt skal den l\u00e6ses som en \u00e6tiologisk <span class=\"iwg-fachbegriff\" data-tooltip=\"En overleveret fort\u00e6lling om guder, oprindelser og verdens ordning.\" tabindex=\"0\">myte<\/span>, der samtidig markerer den alvorligste sociale forsyndelse, incest, som oprindelsen til den kosmiske orden. Fort\u00e6llingens regionale udbredelse str\u00e6kker sig fra Gr\u00f8nland over den canadiske arktis til Alaska, med betydelige forskelle i navne og enkeltheder. Selve navnet Malina er is\u00e6r belagt i gr\u00f8nlandske overleveringer, mens andre inuitgrupper kalder sols\u00f8steren noget andet eller ikke giver hende et fast navn.\t\t\t\t\t\t\t\t<\/div>\n\t\t\t\t\t<\/div>\n\t\t\t\t<\/div>\n\t\t\t\t\t<\/div>\n\t\t\t\t<\/div>\n\t\t<div class=\"elementor-element elementor-element-cp2a334bb7 e-flex e-con-boxed e-con e-parent\" data-id=\"cp2a334bb7\" data-element_type=\"container\" data-e-type=\"container\">\n\t\t\t\t\t<div class=\"e-con-inner\">\n\t\t\t\t<div class=\"elementor-element elementor-element-cp26328bea elementor-widget elementor-widget-heading\" data-id=\"cp26328bea\" data-element_type=\"widget\" data-e-type=\"widget\" data-widget_type=\"heading.default\">\n\t\t\t\t\t<h2 class=\"elementor-heading-title elementor-size-default\">Kildesituation og faren for generalisering<\/h2>\t\t\t\t<\/div>\n\t\t<div class=\"elementor-element elementor-element-cp2ded0565 e-flex e-con-boxed e-con e-child\" data-id=\"cp2ded0565\" data-element_type=\"container\" data-e-type=\"container\">\n\t\t\t\t\t<div class=\"e-con-inner\">\n\t\t\t\t<div class=\"elementor-element elementor-element-cp2d14b225 elementor-widget elementor-widget-text-editor\" data-id=\"cp2d14b225\" data-element_type=\"widget\" data-e-type=\"widget\" data-widget_type=\"text-editor.default\">\n\t\t\t\t\t\t\t\t\t<p>Den <span class=\"iwg-fachbegriff\" data-tooltip=\"Videregivelsen af viden og fort\u00e6llinger gennem generationer.\" tabindex=\"0\">overlevering<\/span> om Malina er kildekritisk vanskelig, og enhver fremstilling m\u00e5 g\u00f8re denne begr\u00e6nsning tydelig. Der findes ingen f\u00f8rkoloniale skriftlige kilder; al viden stammer fra optegnelser, som fra 1800-tallet blev nedskrevet af mission\u00e6rer, hvalfangere, handlende og etnografer.<\/p><p>Den vigtigste samling skyldes Knud Rasmussen, der som s\u00f8n af en delvist inuitstammet familie talte gr\u00f8nlandsk og derved havde mere direkte adgang til fort\u00e6llerne end mange andre forskere.<\/p><p>Alligevel er materialet mangelfuldt. Inuitterne udg\u00f8r ikke en enhedskultur, men en gruppe regionalt selvst\u00e6ndige samfund spredt over hele den cirkumpolare Arktis, med forskellige dialekter og traditioner.<\/p><p>Navnet Malina og den tilknyttede sol-s\u00f8ster-fort\u00e6lling er ikke overleveret ens overalt. I Vestgr\u00f8nland er formen bedre belagt end andre steder, og det er metodisk uholdbart at slutte fra en gr\u00f8nlandsk version til en pan-inuitisk solgudinde.<\/p><p>Hertil kommer, at mange tidlige samlere rev fort\u00e6llingerne ud af den sammenh\u00e6ng, de blev fremf\u00f8rt i. Inuit-fort\u00e6llinger var bundet til \u00e5rstid, anledning og fort\u00e6ller; den skriftlige fastholdelse gjorde dem til statiske tekster. Videnskabeligt b\u00f8r Malina derfor snarere forst\u00e5s som en regionalt bundet figur af et vidt udbredt fort\u00e6llemotiv end som en klart afgr\u00e6nset gudinde i samme forstand som de mediterrane pantheoner. Forskningen, blandt andet hos Daniel Merkur i <em>Becoming Half Hidden<\/em> (1985), har fremh\u00e6vet, at inuit-<span class=\"iwg-fachbegriff\" data-tooltip=\"Forestillingen om verdens opbygning og orden inden for en kultur.\" tabindex=\"0\">kosmologien<\/span> i mindre grad var bestemt af navngivne h\u00f8jguder og mere af v\u00e6sener som havkvinden samt af shamanistiske praksisser.\t\t\t\t\t\t\t\t<\/div>\n\t\t\t\t\t<\/div>\n\t\t\t\t<\/div>\n\t\t\t\t\t<\/div>\n\t\t\t\t<\/div>\n\t\t<div class=\"elementor-element elementor-element-iwgw-malinainui-lit e-flex e-con-boxed e-con e-parent\" data-id=\"iwgw-malinainui-lit\" data-element_type=\"container\" data-e-type=\"container\">\n\t\t\t\t\t<div class=\"e-con-inner\">\n\t\t\t\t<div class=\"elementor-element elementor-element-iwgw-malinainui-lith elementor-widget elementor-widget-heading\" data-id=\"iwgw-malinainui-lith\" data-element_type=\"widget\" data-e-type=\"widget\" data-widget_type=\"heading.default\">\n\t\t\t\t\t<h2 class=\"elementor-heading-title elementor-size-default\">Litteratur (udvalg)<\/h2>\t\t\t\t<\/div>\n\t\t<div class=\"elementor-element elementor-element-iwgw-malinainui-litc e-con-full e-flex e-con e-child\" data-id=\"iwgw-malinainui-litc\" data-element_type=\"container\" data-e-type=\"container\">\n\t\t\t\t<div class=\"elementor-element elementor-element-iwgw-malinainui-litt elementor-widget elementor-widget-text-editor\" data-id=\"iwgw-malinainui-litt\" data-element_type=\"widget\" data-e-type=\"widget\" data-widget_type=\"text-editor.default\">\n\t\t\t\t\t\t\t\t\t<ul><li>Knud Rasmussen: <em>Intellectual Culture of the Iglulik Eskimos<\/em> (Kopenhagen 1929)<\/li><li>Franz Boas: <em>The Central Eskimo<\/em> (Washington 1888)<\/li><li>Daniel Merkur: <em>Becoming Half Hidden<\/em> (Stockholm 1985)<\/li><li>Birgitte Sonne: <em>Heaven Negotiated. Hell Imagined<\/em> (Kopenhagen 2017)<\/li><li>Pamela Stern: <em>Historical Dictionary of the Inuit<\/em> (Lanham 2013)<\/li><li>Hinrich Rink: <em>Tales and Traditions of the Eskimo<\/em> (Edinburgh 1875)<\/li><\/ul>\t\t\t\t\t\t\t\t<\/div>\n\t\t\t\t<\/div>\n\t\t\t\t\t<\/div>\n\t\t\t\t<\/div>\n\t\t<div class=\"elementor-element elementor-element-iwgkw2-add-malinainuit e-flex e-con-boxed e-con e-parent\" data-id=\"iwgkw2-add-malinainuit\" data-element_type=\"container\" data-e-type=\"container\">\n\t\t\t\t\t<div class=\"e-con-inner\">\n\t\t\t\t<div class=\"elementor-element elementor-element-iwgkw2-add-malinainuit-t elementor-widget elementor-widget-text-editor\" data-id=\"iwgkw2-add-malinainuit-t\" data-element_type=\"widget\" data-e-type=\"widget\" data-widget_type=\"text-editor.default\">\n\t\t\t\t\t\t\t\t\t<p>I inuitternes fort\u00e6llinger er Malina s\u00f8ster til <strong>Igaluk<\/strong>, m\u00e5nen, hvis efterstr\u00e6belser hun flygter fra til himlen, hvor hun siden har draget sin bane som solen.<\/p>\t\t\t\t\t\t\t\t<\/div>\n\t\t\t\t\t<\/div>\n\t\t\t\t<\/div>\n\t\t<div class=\"elementor-element elementor-element-iwgw-malinainui-kwd e-flex e-con-boxed e-con e-parent\" data-id=\"iwgw-malinainui-kwd\" data-element_type=\"container\" data-e-type=\"container\">\n\t\t\t\t\t<div class=\"e-con-inner\">\n\t\t<div class=\"elementor-element elementor-element-iwgw-malinainui-kwdc e-con-full e-flex e-con e-child\" data-id=\"iwgw-malinainui-kwdc\" data-element_type=\"container\" data-e-type=\"container\">\n\t\t\t\t<div class=\"elementor-element elementor-element-iwgw-malinainui-kwdt elementor-widget elementor-widget-text-editor\" data-id=\"iwgw-malinainui-kwdt\" data-element_type=\"widget\" data-e-type=\"widget\" data-widget_type=\"text-editor.default\">\n\t\t\t\t\t\t\t\t\t<p><em>Relaterede s\u00f8geord: Malina Inuit Solgudinde Akycha Iglulik Polarnat M\u00e5ne-Sol-<span class=\"iwg-fachbegriff\" data-tooltip=\"En overleveret fort\u00e6lling om guder, oprindelse og verdens orden.\" tabindex=\"0\">myte<\/span> Incest-flugt.<\/em><\/p>\t\t\t\t\t\t\t\t<\/div>\n\t\t\t\t<\/div>\n\t\t\t\t\t<\/div>\n\t\t\t\t<\/div>\n\t\t<div class=\"elementor-element elementor-element-iwgw-malinainui-cc e-flex e-con-boxed e-con e-parent\" data-id=\"iwgw-malinainui-cc\" data-element_type=\"container\" data-e-type=\"container\" id=\"iwg-cc-malina-inuit\">\n\t\t\t\t\t<div class=\"e-con-inner\">\n\t\t<div class=\"elementor-element elementor-element-iwgw-malinainui-ccinner e-flex e-con-boxed e-con e-parent\" data-id=\"iwgw-malinainui-ccinner\" data-element_type=\"container\" data-e-type=\"container\" data-settings=\"{&quot;background_background&quot;:&quot;classic&quot;}\">\n\t\t\t\t\t<div class=\"e-con-inner\">\n\t\t\t\t<div class=\"elementor-element elementor-element-iwgw-malinainui-cch elementor-widget elementor-widget-heading\" data-id=\"iwgw-malinainui-cch\" data-element_type=\"widget\" data-e-type=\"widget\" data-widget_type=\"heading.default\">\n\t\t\t\t\t<h2 class=\"elementor-heading-title elementor-size-default\">iWell Guard og beskyttelsestraditioner<\/h2>\t\t\t\t<\/div>\n\t\t\t\t<div class=\"elementor-element elementor-element-iwgw-malinainui-cct elementor-widget elementor-widget-text-editor\" data-id=\"iwgw-malinainui-cct\" data-element_type=\"widget\" data-e-type=\"widget\" data-widget_type=\"text-editor.default\">\n\t\t\t\t\t\t\t\t\t<div data-nosnippet=\"true\"><p>iWell Guard knytter sig til den kulturhistoriske tradition for b\u00e6rbare beskyttelsesobjekter, i traditionen fra <a href=\"https:\/\/iwell-guard.com\/da\/?page_id=138244\">inuitterne<\/a> og mange andre kulturer verden over. 41 lag, \u00e6gte guld, platin, s\u00f8lv, fremstillet i Tyskland. 30 dages returret.<\/p><\/div>\t\t\t\t\t\t\t\t<\/div>\n\t\t\t\t<div class=\"elementor-element elementor-element-iwgw-malinainui-ccb iwg-cc-button iwg-cc-cta-2026-05-13 elementor-widget elementor-widget-jet-button\" data-id=\"iwgw-malinainui-ccb\" data-element_type=\"widget\" data-e-type=\"widget\" data-widget_type=\"jet-button.default\">\n\t\t\t\t<div class=\"elementor-widget-container\">\n\t\t\t\t\t<div class=\"elementor-jet-button jet-elements\"><div class=\"jet-button__container\"><a class=\"jet-button__instance jet-button__instance--icon-left hover-effect-1\" href=\"\/ueber-iwell-guard\/?utm_source=iwell-guard.com&amp;utm_medium=info-box&amp;utm_campaign=wesen-tradition\"><div class=\"jet-button__plane jet-button__plane-normal\"><\/div><div class=\"jet-button__plane jet-button__plane-hover\"><\/div><div class=\"jet-button__state jet-button__state-normal\"><span class=\"jet-button__label\">Mere om iWell Guard<\/span><\/div><div class=\"jet-button__state jet-button__state-hover\"><span class=\"jet-button__label\">Mere om iWell Guard<\/span><\/div><\/a><\/div><\/div><style>.elementor-element.elementor-element-iwgw-malinainui-ccb .jet-button__instance{width:320px;height:56px;}.elementor-element.elementor-element-iwgw-malinainui-ccb .jet-button__state-normal .jet-button__label{text-align:center;margin:0px 0px 0px 0px;color:#1a1b20;font-family:Montserrat,sans-serif;font-size:13px;font-weight:400;letter-spacing:4px;line-height:1.714em;text-transform:uppercase;}.elementor-element.elementor-element-iwgw-malinainui-ccb .jet-button__state-hover .jet-button__label{text-align:center;margin:0px 0px 0px 0px;color:#FECC76;font-family:Montserrat,sans-serif;font-size:13px;font-weight:400;letter-spacing:4px;line-height:1.714em;text-transform:uppercase;}.elementor-element.elementor-element-iwgw-malinainui-ccb .jet-button__plane-normal{background-color:#FECC76;border-style:solid;border-color:#C99540;border-width:2px 2px 2px 2px;}.elementor-element.elementor-element-iwgw-malinainui-ccb .jet-button__plane-hover{background-color:rgba(0,0,0,0.55);border-style:solid;border-color:#FECC76;border-width:2px 2px 2px 2px;}<\/style>\t\t\t\t<\/div>\n\t\t\t\t<\/div>\n\t\t\t\t<div class=\"elementor-element elementor-element-iwgw-malinainui-ccd elementor-widget elementor-widget-text-editor\" data-id=\"iwgw-malinainui-ccd\" data-element_type=\"widget\" data-e-type=\"widget\" data-widget_type=\"text-editor.default\">\n\t\t\t\t\t\t\t\t\t<div data-nosnippet=\"true\"><p style=\"text-align:center;font-size:13px;opacity:0.7;margin-top:14px\" data-nosnippet=\"true\">Personlige erfaringer kan variere. Ikke et medicinsk produkt. Intet helbredelsesl\u00f8fte.<\/p><\/div>\t\t\t\t\t\t\t\t<\/div>\n\t\t\t\t\t<\/div>\n\t\t\t\t<\/div>\n\t\t\t\t\t<\/div>\n\t\t\t\t<\/div>\n\t\t<div class=\"elementor-element elementor-element-iwgw-malinainui-disc e-flex e-con-boxed e-con e-parent\" data-id=\"iwgw-malinainui-disc\" data-element_type=\"container\" data-e-type=\"container\">\n\t\t\t\t\t<div class=\"e-con-inner\">\n\t\t\t\t<div class=\"elementor-element elementor-element-iwgw-malinainui-discw elementor-widget elementor-widget-html\" data-id=\"iwgw-malinainui-discw\" data-element_type=\"widget\" data-e-type=\"widget\" data-widget_type=\"html.default\">\n\t\t\t\t\t<footer data-nosnippet=\"true\" class=\"iwg-disclaimer-block\"><p data-nosnippet=\"true\">iWell Guard er <strong>ikke et medicinsk produkt<\/strong> og erstatter ikke l\u00e6ge- eller psykoterapeutisk behandling. De religionsvidenskabelige indhold er en kulturhistorisk indplacering, ikke en anbefaling af spirituel praksis.<\/p><\/footer>\t\t\t\t<\/div>\n\t\t\t\t\t<\/div>\n\t\t\t\t<\/div>\n\t\t\t\t<\/div>\n\t\t","protected":false},"excerpt":{"rendered":"","protected":false},"author":3,"featured_media":2883,"parent":0,"menu_order":0,"comment_status":"closed","ping_status":"closed","template":"elementor_header_footer","meta":{"_yoast_wpseo_focuskw":"Malina inuit solgudinde","_yoast_wpseo_title":"Malina - inuitternes solgudinde og s\u00f8ster til Igaluk","_yoast_wpseo_metadesc":"Malina er inuitternes solgudinde, s\u00f8ster til og forfulgt af m\u00e5nen Igaluk. Religionsvidenskabelig indf\u00f8ring med myte og kilder.","_yoast_wpseo_meta-robots-noindex":"","_yoast_wpseo_canonical":"","_angie_page":false,"gefaehrdungsstufe":"1","wesen_kultur":"inuit","wesen_klasse":"goetter","footnotes":""},"categories":[],"class_list":["post-138335","page","type-page","status-publish","has-post-thumbnail","hentry"],"yoast_head":"<!-- This site is optimized with the Yoast SEO Premium plugin v27.7 (Yoast SEO v28.3) - https:\/\/yoast.com\/product\/yoast-seo-premium-wordpress\/ -->\n<title>Malina - inuitternes solgudinde og s\u00f8ster til Igaluk<\/title>\n<meta name=\"description\" content=\"Malina er inuitternes solgudinde, s\u00f8ster til og forfulgt af m\u00e5nen Igaluk. Religionsvidenskabelig indf\u00f8ring med myte og kilder.\" \/>\n<meta name=\"robots\" content=\"index, follow, max-snippet:-1, max-image-preview:large, max-video-preview:-1\" \/>\n<link rel=\"canonical\" href=\"https:\/\/iwell-guard.com\/da\/malina-solgudinde-inuit\/\" \/>\n<meta property=\"og:locale\" content=\"da_DK\" \/>\n<meta property=\"og:type\" content=\"article\" \/>\n<meta property=\"og:title\" content=\"Malina - Solgudinde hos inuitterne\" \/>\n<meta property=\"og:description\" content=\"Malina er inuitternes solgudinde, s\u00f8ster til og forfulgt af m\u00e5nen Igaluk. Religionsvidenskabelig indf\u00f8ring med myte og kilder.\" \/>\n<meta property=\"og:url\" content=\"https:\/\/iwell-guard.com\/da\/malina-solgudinde-inuit\/\" \/>\n<meta property=\"og:site_name\" content=\"iWell Guard\" \/>\n<meta property=\"article:modified_time\" content=\"2026-09-03T07:57:49+00:00\" \/>\n<meta property=\"og:image\" content=\"https:\/\/iwell-guard.com\/wp-content\/uploads\/2026\/05\/goetter_inuit_malina-inuit.webp\" \/>\n\t<meta property=\"og:image:width\" content=\"1024\" \/>\n\t<meta property=\"og:image:height\" content=\"1536\" \/>\n\t<meta property=\"og:image:type\" content=\"image\/webp\" \/>\n<meta name=\"twitter:card\" content=\"summary_large_image\" \/>\n<script type=\"application\/ld+json\" class=\"yoast-schema-graph\">{\"@context\":\"https:\\\/\\\/schema.org\",\"@graph\":[{\"@type\":\"WebPage\",\"@id\":\"https:\\\/\\\/iwell-guard.com\\\/da\\\/malina-solgudinde-inuit\\\/\",\"url\":\"https:\\\/\\\/iwell-guard.com\\\/da\\\/malina-solgudinde-inuit\\\/\",\"name\":\"Malina - inuitternes solgudinde og s\u00f8ster til Igaluk\",\"isPartOf\":{\"@id\":\"https:\\\/\\\/iwell-guard.com\\\/da\\\/#website\"},\"primaryImageOfPage\":{\"@id\":\"https:\\\/\\\/iwell-guard.com\\\/da\\\/malina-solgudinde-inuit\\\/#primaryimage\"},\"image\":{\"@id\":\"https:\\\/\\\/iwell-guard.com\\\/da\\\/malina-solgudinde-inuit\\\/#primaryimage\"},\"thumbnailUrl\":\"https:\\\/\\\/iwell-guard.com\\\/wp-content\\\/uploads\\\/2026\\\/05\\\/goetter_inuit_malina-inuit.webp\",\"datePublished\":\"2026-09-03T07:08:51+00:00\",\"dateModified\":\"2026-09-03T07:57:49+00:00\",\"description\":\"Malina er inuitternes solgudinde, s\u00f8ster til og forfulgt af m\u00e5nen Igaluk. Religionsvidenskabelig indf\u00f8ring med myte og kilder.\",\"breadcrumb\":{\"@id\":\"https:\\\/\\\/iwell-guard.com\\\/da\\\/malina-solgudinde-inuit\\\/#breadcrumb\"},\"inLanguage\":\"da-DK\",\"potentialAction\":[{\"@type\":\"ReadAction\",\"target\":[\"https:\\\/\\\/iwell-guard.com\\\/da\\\/malina-solgudinde-inuit\\\/\"]}]},{\"@type\":\"ImageObject\",\"inLanguage\":\"da-DK\",\"@id\":\"https:\\\/\\\/iwell-guard.com\\\/da\\\/malina-solgudinde-inuit\\\/#primaryimage\",\"url\":\"https:\\\/\\\/iwell-guard.com\\\/wp-content\\\/uploads\\\/2026\\\/05\\\/goetter_inuit_malina-inuit.webp\",\"contentUrl\":\"https:\\\/\\\/iwell-guard.com\\\/wp-content\\\/uploads\\\/2026\\\/05\\\/goetter_inuit_malina-inuit.webp\",\"width\":1024,\"height\":1536,\"caption\":\"Guder fra den inuitiske tradition.\"},{\"@type\":\"BreadcrumbList\",\"@id\":\"https:\\\/\\\/iwell-guard.com\\\/da\\\/malina-solgudinde-inuit\\\/#breadcrumb\",\"itemListElement\":[{\"@type\":\"ListItem\",\"position\":1,\"name\":\"Start\",\"item\":\"https:\\\/\\\/iwell-guard.com\\\/da\\\/?page_id=137908\"},{\"@type\":\"ListItem\",\"position\":2,\"name\":\"Malina &#8211; Solgudinde hos inuitterne\"}]},{\"@type\":\"WebSite\",\"@id\":\"https:\\\/\\\/iwell-guard.com\\\/da\\\/#website\",\"url\":\"https:\\\/\\\/iwell-guard.com\\\/da\\\/\",\"name\":\"iWell Guard\",\"description\":\"Schutz vor dunklen Einfl\u00fcssen\",\"publisher\":{\"@id\":\"https:\\\/\\\/iwell-guard.com\\\/da\\\/#organization\"},\"potentialAction\":[{\"@type\":\"SearchAction\",\"target\":{\"@type\":\"EntryPoint\",\"urlTemplate\":\"https:\\\/\\\/iwell-guard.com\\\/da\\\/?s={search_term_string}\"},\"query-input\":{\"@type\":\"PropertyValueSpecification\",\"valueRequired\":true,\"valueName\":\"search_term_string\"}}],\"inLanguage\":\"da-DK\"},{\"@type\":\"Organization\",\"@id\":\"https:\\\/\\\/iwell-guard.com\\\/da\\\/#organization\",\"name\":\"Ittermann electronic GmbH\",\"url\":\"https:\\\/\\\/iwell-guard.com\\\/da\\\/\",\"logo\":{\"@type\":\"ImageObject\",\"inLanguage\":\"da-DK\",\"@id\":\"https:\\\/\\\/iwell-guard.com\\\/da\\\/#\\\/schema\\\/logo\\\/image\\\/\",\"url\":\"https:\\\/\\\/iwell-guard.com\\\/wp-content\\\/uploads\\\/2026\\\/05\\\/Ittermann-Logo-1182x237-1.png\",\"contentUrl\":\"https:\\\/\\\/iwell-guard.com\\\/wp-content\\\/uploads\\\/2026\\\/05\\\/Ittermann-Logo-1182x237-1.png\",\"width\":1182,\"height\":237,\"caption\":\"Ittermann electronic GmbH\"},\"image\":{\"@id\":\"https:\\\/\\\/iwell-guard.com\\\/da\\\/#\\\/schema\\\/logo\\\/image\\\/\"},\"sameAs\":[\"https:\\\/\\\/pantip.com\\\/profile\\\/9367242\",\"https:\\\/\\\/micro.blog\\\/iwellguard\",\"https:\\\/\\\/www.diggerslist.com\\\/iwellguard\\\/about\",\"https:\\\/\\\/skitterphoto.com\\\/photographers\\\/2870314\\\/iwell-guard\",\"https:\\\/\\\/iwellguard.wordpress.com\\\/2026\\\/06\\\/06\\\/iwell-guard\\\/\",\"https:\\\/\\\/hub.docker.com\\\/u\\\/iwellguard\",\"https:\\\/\\\/www.pinterest.com\\\/iwellguard\\\/\",\"https:\\\/\\\/bit.ly\\\/m\\\/iwellguard\",\"https:\\\/\\\/entre-vos-mains.alsace.eu\\\/profiles\\\/iwellguard\\\/activity\",\"https:\\\/\\\/gravatar.com\\\/reallybeded8fd34\",\"https:\\\/\\\/naijamatta.com\\\/iwellguard\",\"https:\\\/\\\/www.goodreads.com\\\/iwellguard\",\"https:\\\/\\\/profile.hatena.ne.jp\\\/iwellguard\\\/\",\"https:\\\/\\\/experiment.com\\\/users\\\/iwellguard\",\"https:\\\/\\\/wakelet.com\\\/@iWellGuard82270\",\"https:\\\/\\\/www.chordie.com\\\/forum\\\/profile.php?id=2555664\",\"https:\\\/\\\/www.instapaper.com\\\/p\\\/17757966\",\"https:\\\/\\\/www.mapleprimes.com\\\/users\\\/iwellguard\",\"https:\\\/\\\/businesslistingplus.com\\\/profile\\\/iwell-guard\\\/\",\"https:\\\/\\\/telegra.ph\\\/iWell-Guard-06-06\",\"https:\\\/\\\/pbase.com\\\/iwellguard\\\/iwellguard\",\"https:\\\/\\\/b.hatena.ne.jp\\\/iwellguard\\\/20260607#bookmark-4788405196491818882\",\"https:\\\/\\\/fliphtml5.com\\\/home\\\/iwellguard\",\"https:\\\/\\\/anyflip.com\\\/homepage\\\/cmiwl#About\",\"https:\\\/\\\/transfur.com\\\/Users\\\/iwellguard\",\"http:\\\/\\\/delphi.larsbo.org\\\/user\\\/iwellguard\",\"https:\\\/\\\/jobs.lajobsportal.org\\\/profiles\\\/8380803-iwell-guard\",\"https:\\\/\\\/md.chaosdorf.de\\\/s\\\/jfbe5SBdJD\",\"https:\\\/\\\/www.lingvolive.com\\\/en-us\\\/profile\\\/9ecaeaca-ce11-4e51-9e71-01d55e2bff36\\\/translations\",\"https:\\\/\\\/www.fitday.com\\\/fitness\\\/forums\\\/members\\\/iwellguard.html\",\"https:\\\/\\\/www.mymeetbook.com\\\/iwellguard\",\"https:\\\/\\\/pxhere.com\\\/en\\\/photographer-me\\\/5040798\",\"https:\\\/\\\/disqus.com\\\/by\\\/iwellguard\\\/about\\\/\",\"https:\\\/\\\/pastelink.net\\\/hjwciqwq\",\"https:\\\/\\\/pubhtml5.com\\\/homepage\\\/scjhn\\\/\",\"https:\\\/\\\/www.bitchute.com\\\/channel\\\/2O2eOKzNqujT\",\"https:\\\/\\\/audiomack.com\\\/iwellguard\"]},{\"@type\":\"Article\",\"@id\":\"https:\\\/\\\/iwell-guard.com\\\/da\\\/malina-solgudinde-inuit\\\/#article\",\"isPartOf\":{\"@id\":\"https:\\\/\\\/iwell-guard.com\\\/da\\\/malina-solgudinde-inuit\\\/\"},\"author\":{\"name\":\"Ralf Ittermann\",\"@id\":\"https:\\\/\\\/iwell-guard.com\\\/da\\\/#\\\/schema\\\/person\\\/ee2a27f1cac3406c7c6fb5820cb7349f\"},\"headline\":\"Malina &#8211; Solgudinde hos inuitterne\",\"datePublished\":\"2026-09-03T07:08:51+00:00\",\"dateModified\":\"2026-09-03T07:57:49+00:00\",\"mainEntityOfPage\":{\"@id\":\"https:\\\/\\\/iwell-guard.com\\\/da\\\/malina-solgudinde-inuit\\\/\"},\"publisher\":{\"@id\":\"https:\\\/\\\/iwell-guard.com\\\/da\\\/#organization\"},\"image\":{\"@id\":\"https:\\\/\\\/iwell-guard.com\\\/da\\\/malina-solgudinde-inuit\\\/#primaryimage\"},\"thumbnailUrl\":\"https:\\\/\\\/iwell-guard.com\\\/wp-content\\\/uploads\\\/2026\\\/05\\\/goetter_inuit_malina-inuit.webp\",\"inLanguage\":\"da-DK\",\"description\":\"Malina er inuitternes solgudinde, s\u00f8ster til og forfulgt af m\u00e5nen Igaluk. Religionsvidenskabelig indf\u00f8ring med myte og kilder.\"}]}<\/script>\n<!-- \/ Yoast SEO Premium plugin. -->","yoast_head_json":{"title":"Malina - inuitternes solgudinde og s\u00f8ster til Igaluk","description":"Malina er inuitternes solgudinde, s\u00f8ster til og forfulgt af m\u00e5nen Igaluk. Religionsvidenskabelig indf\u00f8ring med myte og kilder.","robots":{"index":"index","follow":"follow","max-snippet":"max-snippet:-1","max-image-preview":"max-image-preview:large","max-video-preview":"max-video-preview:-1"},"canonical":"https:\/\/iwell-guard.com\/da\/malina-solgudinde-inuit\/","og_locale":"da_DK","og_type":"article","og_title":"Malina - Solgudinde hos inuitterne","og_description":"Malina er inuitternes solgudinde, s\u00f8ster til og forfulgt af m\u00e5nen Igaluk. Religionsvidenskabelig indf\u00f8ring med myte og kilder.","og_url":"https:\/\/iwell-guard.com\/da\/malina-solgudinde-inuit\/","og_site_name":"iWell Guard","article_modified_time":"2026-09-03T07:57:49+00:00","og_image":[{"width":1024,"height":1536,"url":"https:\/\/iwell-guard.com\/wp-content\/uploads\/2026\/05\/goetter_inuit_malina-inuit.webp","type":"image\/webp"}],"twitter_card":"summary_large_image","schema":{"@context":"https:\/\/schema.org","@graph":[{"@type":"Article","@id":"https:\/\/iwell-guard.com\/da\/malina-solgudinde-inuit\/#article","isPartOf":{"@id":"https:\/\/iwell-guard.com\/da\/malina-solgudinde-inuit\/"},"author":{"name":"Ralf Ittermann","@id":"https:\/\/iwell-guard.com\/da\/#\/schema\/person\/ee2a27f1cac3406c7c6fb5820cb7349f"},"headline":"Malina &#8211; Solgudinde hos inuitterne","datePublished":"2026-09-03T07:08:51+00:00","dateModified":"2026-09-03T07:57:49+00:00","mainEntityOfPage":{"@id":"https:\/\/iwell-guard.com\/da\/malina-solgudinde-inuit\/"},"publisher":{"@id":"https:\/\/iwell-guard.com\/da\/#organization"},"image":{"@id":"https:\/\/iwell-guard.com\/da\/malina-solgudinde-inuit\/#primaryimage"},"thumbnailUrl":"https:\/\/iwell-guard.com\/wp-content\/uploads\/2026\/05\/goetter_inuit_malina-inuit.webp","inLanguage":"da-DK","description":"Malina er inuitternes solgudinde, s\u00f8ster til og forfulgt af m\u00e5nen Igaluk. Religionsvidenskabelig indf\u00f8ring med myte og kilder."},{"@type":"WebPage","@id":"https:\/\/iwell-guard.com\/da\/malina-solgudinde-inuit\/","url":"https:\/\/iwell-guard.com\/da\/malina-solgudinde-inuit\/","name":"Malina - inuitternes solgudinde og s\u00f8ster til Igaluk","isPartOf":{"@id":"https:\/\/iwell-guard.com\/da\/#website"},"primaryImageOfPage":{"@id":"https:\/\/iwell-guard.com\/da\/malina-solgudinde-inuit\/#primaryimage"},"image":{"@id":"https:\/\/iwell-guard.com\/da\/malina-solgudinde-inuit\/#primaryimage"},"thumbnailUrl":"https:\/\/iwell-guard.com\/wp-content\/uploads\/2026\/05\/goetter_inuit_malina-inuit.webp","datePublished":"2026-09-03T07:08:51+00:00","dateModified":"2026-09-03T07:57:49+00:00","description":"Malina er inuitternes solgudinde, s\u00f8ster til og forfulgt af m\u00e5nen Igaluk. Religionsvidenskabelig indf\u00f8ring med myte og kilder.","breadcrumb":{"@id":"https:\/\/iwell-guard.com\/da\/malina-solgudinde-inuit\/#breadcrumb"},"inLanguage":"da-DK","potentialAction":[{"@type":"ReadAction","target":["https:\/\/iwell-guard.com\/da\/malina-solgudinde-inuit\/"]}]},{"@type":"ImageObject","inLanguage":"da-DK","@id":"https:\/\/iwell-guard.com\/da\/malina-solgudinde-inuit\/#primaryimage","url":"https:\/\/iwell-guard.com\/wp-content\/uploads\/2026\/05\/goetter_inuit_malina-inuit.webp","contentUrl":"https:\/\/iwell-guard.com\/wp-content\/uploads\/2026\/05\/goetter_inuit_malina-inuit.webp","width":1024,"height":1536,"caption":"Guder fra den inuitiske tradition."},{"@type":"BreadcrumbList","@id":"https:\/\/iwell-guard.com\/da\/malina-solgudinde-inuit\/#breadcrumb","itemListElement":[{"@type":"ListItem","position":1,"name":"Start","item":"https:\/\/iwell-guard.com\/da\/?page_id=137908"},{"@type":"ListItem","position":2,"name":"Malina &#8211; Solgudinde hos inuitterne"}]},{"@type":"WebSite","@id":"https:\/\/iwell-guard.com\/da\/#website","url":"https:\/\/iwell-guard.com\/da\/","name":"iWell Guard","description":"Schutz vor dunklen Einfl\u00fcssen","publisher":{"@id":"https:\/\/iwell-guard.com\/da\/#organization"},"potentialAction":[{"@type":"SearchAction","target":{"@type":"EntryPoint","urlTemplate":"https:\/\/iwell-guard.com\/da\/?s={search_term_string}"},"query-input":{"@type":"PropertyValueSpecification","valueRequired":true,"valueName":"search_term_string"}}],"inLanguage":"da-DK"},{"@type":"Organization","@id":"https:\/\/iwell-guard.com\/da\/#organization","name":"Ittermann electronic GmbH","url":"https:\/\/iwell-guard.com\/da\/","logo":{"@type":"ImageObject","inLanguage":"da-DK","@id":"https:\/\/iwell-guard.com\/da\/#\/schema\/logo\/image\/","url":"https:\/\/iwell-guard.com\/wp-content\/uploads\/2026\/05\/Ittermann-Logo-1182x237-1.png","contentUrl":"https:\/\/iwell-guard.com\/wp-content\/uploads\/2026\/05\/Ittermann-Logo-1182x237-1.png","width":1182,"height":237,"caption":"Ittermann electronic GmbH"},"image":{"@id":"https:\/\/iwell-guard.com\/da\/#\/schema\/logo\/image\/"},"sameAs":["https:\/\/pantip.com\/profile\/9367242","https:\/\/micro.blog\/iwellguard","https:\/\/www.diggerslist.com\/iwellguard\/about","https:\/\/skitterphoto.com\/photographers\/2870314\/iwell-guard","https:\/\/iwellguard.wordpress.com\/2026\/06\/06\/iwell-guard\/","https:\/\/hub.docker.com\/u\/iwellguard","https:\/\/www.pinterest.com\/iwellguard\/","https:\/\/bit.ly\/m\/iwellguard","https:\/\/entre-vos-mains.alsace.eu\/profiles\/iwellguard\/activity","https:\/\/gravatar.com\/reallybeded8fd34","https:\/\/naijamatta.com\/iwellguard","https:\/\/www.goodreads.com\/iwellguard","https:\/\/profile.hatena.ne.jp\/iwellguard\/","https:\/\/experiment.com\/users\/iwellguard","https:\/\/wakelet.com\/@iWellGuard82270","https:\/\/www.chordie.com\/forum\/profile.php?id=2555664","https:\/\/www.instapaper.com\/p\/17757966","https:\/\/www.mapleprimes.com\/users\/iwellguard","https:\/\/businesslistingplus.com\/profile\/iwell-guard\/","https:\/\/telegra.ph\/iWell-Guard-06-06","https:\/\/pbase.com\/iwellguard\/iwellguard","https:\/\/b.hatena.ne.jp\/iwellguard\/20260607#bookmark-4788405196491818882","https:\/\/fliphtml5.com\/home\/iwellguard","https:\/\/anyflip.com\/homepage\/cmiwl#About","https:\/\/transfur.com\/Users\/iwellguard","http:\/\/delphi.larsbo.org\/user\/iwellguard","https:\/\/jobs.lajobsportal.org\/profiles\/8380803-iwell-guard","https:\/\/md.chaosdorf.de\/s\/jfbe5SBdJD","https:\/\/www.lingvolive.com\/en-us\/profile\/9ecaeaca-ce11-4e51-9e71-01d55e2bff36\/translations","https:\/\/www.fitday.com\/fitness\/forums\/members\/iwellguard.html","https:\/\/www.mymeetbook.com\/iwellguard","https:\/\/pxhere.com\/en\/photographer-me\/5040798","https:\/\/disqus.com\/by\/iwellguard\/about\/","https:\/\/pastelink.net\/hjwciqwq","https:\/\/pubhtml5.com\/homepage\/scjhn\/","https:\/\/www.bitchute.com\/channel\/2O2eOKzNqujT","https:\/\/audiomack.com\/iwellguard"]},{"@type":"Person","@id":"https:\/\/iwell-guard.com\/da\/#\/schema\/person\/ee2a27f1cac3406c7c6fb5820cb7349f","name":"Ralf Ittermann","image":{"@type":"ImageObject","inLanguage":"da-DK","@id":"https:\/\/secure.gravatar.com\/avatar\/073c0153e350a5005b68eb752b445fea71f6b24a26da9449ad7e155e6b446c9d?s=96&d=mm&r=g","url":"https:\/\/secure.gravatar.com\/avatar\/073c0153e350a5005b68eb752b445fea71f6b24a26da9449ad7e155e6b446c9d?s=96&d=mm&r=g","contentUrl":"https:\/\/secure.gravatar.com\/avatar\/073c0153e350a5005b68eb752b445fea71f6b24a26da9449ad7e155e6b446c9d?s=96&d=mm&r=g","caption":"Ralf Ittermann"},"givenName":"Ralf","familyName":"Ittermann","jobTitle":"Gesch\u00e4ftsf\u00fchrer und redaktioneller Verantwortlicher","url":"https:\/\/iwell-guard.com\/da\/author\/claude\/","description":"Ralf Ittermann ist Gesch\u00e4ftsf\u00fchrer der Ittermann electronic GmbH und redaktioneller Verantwortlicher des iWell-Guard-Lexikons. Er verbindet langj\u00e4hrige Erfahrung in der Pr\u00e4zisionsfertigung mit medialer Praxis und religionsgeschichtlicher Quellenarbeit.","worksFor":{"@type":"Organization","name":"Ittermann electronic GmbH","url":"https:\/\/ittermann.de\/","address":{"@type":"PostalAddress","streetAddress":"K\u00f6hlergasse 16-18","postalCode":"99842","addressLocality":"Ruhla","addressCountry":"DE"}},"knowsAbout":["Religionsgeschichte","Mythologie","Mediale Praxis","Energetische Diagnostik","Schutzpraxis","Volksglauben","Westliche Esoterik"]},{"@type":"Article","@id":"https:\/\/iwell-guard.com\/da\/malina-solgudinde-inuit\/#article","isPartOf":{"@id":"https:\/\/iwell-guard.com\/da\/malina-solgudinde-inuit\/"},"author":{"name":"Ralf Ittermann","@id":"https:\/\/iwell-guard.com\/da\/#\/schema\/person\/ee2a27f1cac3406c7c6fb5820cb7349f"},"headline":"Malina &#8211; Solgudinde hos inuitterne","datePublished":"2026-09-03T07:08:51+00:00","dateModified":"2026-09-03T07:57:49+00:00","mainEntityOfPage":{"@id":"https:\/\/iwell-guard.com\/da\/malina-solgudinde-inuit\/"},"publisher":{"@id":"https:\/\/iwell-guard.com\/da\/#organization"},"image":{"@id":"https:\/\/iwell-guard.com\/da\/malina-solgudinde-inuit\/#primaryimage"},"thumbnailUrl":"https:\/\/iwell-guard.com\/wp-content\/uploads\/2026\/05\/goetter_inuit_malina-inuit.webp","inLanguage":"da-DK","description":"Malina er inuitternes solgudinde, s\u00f8ster til og forfulgt af m\u00e5nen Igaluk. Religionsvidenskabelig indf\u00f8ring med myte og kilder."}]}},"_links":{"self":[{"href":"https:\/\/iwell-guard.com\/da\/wp-json\/wp\/v2\/pages\/138335","targetHints":{"allow":["GET"]}}],"collection":[{"href":"https:\/\/iwell-guard.com\/da\/wp-json\/wp\/v2\/pages"}],"about":[{"href":"https:\/\/iwell-guard.com\/da\/wp-json\/wp\/v2\/types\/page"}],"author":[{"embeddable":true,"href":"https:\/\/iwell-guard.com\/da\/wp-json\/wp\/v2\/users\/3"}],"replies":[{"embeddable":true,"href":"https:\/\/iwell-guard.com\/da\/wp-json\/wp\/v2\/comments?post=138335"}],"version-history":[{"count":0,"href":"https:\/\/iwell-guard.com\/da\/wp-json\/wp\/v2\/pages\/138335\/revisions"}],"wp:featuredmedia":[{"embeddable":true,"href":"https:\/\/iwell-guard.com\/da\/wp-json\/wp\/v2\/media\/2883"}],"wp:attachment":[{"href":"https:\/\/iwell-guard.com\/da\/wp-json\/wp\/v2\/media?parent=138335"}],"wp:term":[{"taxonomy":"category","embeddable":true,"href":"https:\/\/iwell-guard.com\/da\/wp-json\/wp\/v2\/categories?post=138335"}],"curies":[{"name":"wp","href":"https:\/\/api.w.org\/{rel}","templated":true}]}}