{"id":138327,"date":"2026-09-03T07:08:44","date_gmt":"2026-09-03T07:08:44","guid":{"rendered":"https:\/\/iwell-guard.com\/?page_id=138327"},"modified":"2026-09-03T07:57:34","modified_gmt":"2026-09-03T07:57:34","slug":"sedna-havets-herskerinde-hos-inuitterne","status":"publish","type":"page","link":"https:\/\/iwell-guard.com\/da\/sedna-havets-herskerinde-hos-inuitterne\/","title":{"rendered":"Sedna \u2013 havets herskerinde hos inuitterne"},"content":{"rendered":"\t\t<div data-elementor-type=\"wp-page\" data-elementor-id=\"138327\" class=\"elementor elementor-138327 elementor-2654 elementor-bc-flex-widget\" data-elementor-post-type=\"page\">\n\t\t\t\t<div class=\"elementor-element elementor-element-iwgw-sedna-hero e-flex e-con-boxed e-con e-parent\" data-id=\"iwgw-sedna-hero\" data-element_type=\"container\" data-e-type=\"container\" data-settings=\"{&quot;background_background&quot;:&quot;classic&quot;}\">\n\t\t\t\t\t<div class=\"e-con-inner\">\n\t\t<div class=\"elementor-element elementor-element-iwgw-sedna-hl e-flex e-con-boxed e-con e-child\" data-id=\"iwgw-sedna-hl\" data-element_type=\"container\" data-e-type=\"container\">\n\t\t\t\t\t<div class=\"e-con-inner\">\n\t\t<div class=\"elementor-element elementor-element-iwgw-sedna-htxt e-con-full e-flex e-con e-child\" data-id=\"iwgw-sedna-htxt\" data-element_type=\"container\" data-e-type=\"container\">\n\t\t\t\t<div class=\"elementor-element elementor-element-iwgw-sedna-h1 elementor-widget elementor-widget-heading\" data-id=\"iwgw-sedna-h1\" data-element_type=\"widget\" data-e-type=\"widget\" data-widget_type=\"heading.default\">\n\t\t\t\t\t<h1 class=\"elementor-heading-title elementor-size-default\">Sedna \u2013 havets herskerinde og dyrenes vogter i den inuitiske pantheon<\/h1>\t\t\t\t<\/div>\n\t\t\t\t<div class=\"elementor-element elementor-element-iwgw-sedna-lead elementor-widget elementor-widget-text-editor\" data-id=\"iwgw-sedna-lead\" data-element_type=\"widget\" data-e-type=\"widget\" data-widget_type=\"text-editor.default\">\n\t\t\t\t\t\t\t\t\t<p>Sedna, i den polare inuittraditionen kendt under mange navne som Nuliajuk, Takannakapsaluk eller Arnakuagsak, anses for herskerinde over havdyrene og h\u00f8rer til de bedst overleverede figurer i den cirkumpolare religionshistorie. Knud Rasmussens optegnelser fra Den 5. Thule-ekspedition gjorde hendes figur til en n\u00f8gle i enhver seri\u00f8s religionsvidenskabelig betragtning af de arktiske subsistenssamfund.<\/p>\t\t\t\t\t\t\t\t<\/div>\n\t\t\t\t<\/div>\n\t\t<div class=\"elementor-element elementor-element-iwgw-sedna-pillc e-con-full e-flex e-con e-child\" data-id=\"iwgw-sedna-pillc\" data-element_type=\"container\" data-e-type=\"container\">\n\t\t\t\t<div class=\"elementor-element elementor-element-iwgw-sedna-pills elementor-widget elementor-widget-html\" data-id=\"iwgw-sedna-pills\" data-element_type=\"widget\" data-e-type=\"widget\" data-widget_type=\"html.default\">\n\t\t\t\t\t<div class=\"iwg-pill-row\"><span class=\"iwg-klasse-badge\" tabindex=\"0\" data-tooltip=\"Havv\u00e6sen i traditionen Inuit.\">Havv\u00e6sen<\/span><a href=\"https:\/\/iwell-guard.com\/da\/?page_id=138244\" class=\"iwg-kultur-badge\" tabindex=\"0\" data-tooltip=\"Mytologi i traditionen Inuit.\">Inuit<\/a><span class=\"iwg-tradition-badge\" tabindex=\"0\" data-tooltip=\"Dyrenes herskerinde.\">Dyrenes herskerinde<\/span><\/div>\t\t\t\t<\/div>\n\t\t\t\t<\/div>\n\t\t<div class=\"elementor-element elementor-element-iwgw-sedna-tocc e-con-full e-flex e-con e-child\" data-id=\"iwgw-sedna-tocc\" data-element_type=\"container\" data-e-type=\"container\">\n\t\t\t\t<div class=\"elementor-element elementor-element-iwgw-sedna-toc elementor-toc--minimized-on-tablet elementor-widget elementor-widget-table-of-contents\" data-id=\"iwgw-sedna-toc\" data-element_type=\"widget\" data-e-type=\"widget\" data-settings=\"{&quot;headings_by_tags&quot;:[&quot;h2&quot;,&quot;h3&quot;],&quot;minimize_box&quot;:&quot;yes&quot;,&quot;marker_view&quot;:&quot;bullets&quot;,&quot;no_headings_message&quot;:&quot;Der blev ikke fundet nogen overskrifter p\\u00e5 denne side.&quot;,&quot;exclude_headings_by_selector&quot;:[],&quot;icon&quot;:{&quot;value&quot;:&quot;fas fa-circle&quot;,&quot;library&quot;:&quot;fa-solid&quot;,&quot;rendered_tag&quot;:&quot;&lt;svg class=\\&quot;e-font-icon-svg e-fas-circle\\&quot; viewBox=\\&quot;0 0 512 512\\&quot; xmlns=\\&quot;http:\\\/\\\/www.w3.org\\\/2000\\\/svg\\&quot;&gt;&lt;path d=\\&quot;M256 8C119 8 8 119 8 256s111 248 248 248 248-111 248-248S393 8 256 8z\\&quot;&gt;&lt;\\\/path&gt;&lt;\\\/svg&gt;&quot;},&quot;minimized_on&quot;:&quot;tablet&quot;,&quot;hierarchical_view&quot;:&quot;yes&quot;,&quot;min_height&quot;:{&quot;unit&quot;:&quot;px&quot;,&quot;size&quot;:&quot;&quot;,&quot;sizes&quot;:[]},&quot;min_height_tablet&quot;:{&quot;unit&quot;:&quot;px&quot;,&quot;size&quot;:&quot;&quot;,&quot;sizes&quot;:[]},&quot;min_height_mobile&quot;:{&quot;unit&quot;:&quot;px&quot;,&quot;size&quot;:&quot;&quot;,&quot;sizes&quot;:[]}}\" data-widget_type=\"table-of-contents.default\">\n\t\t\t\t\t\t\t\t\t<div class=\"elementor-toc__header\">\n\t\t\t\t\t\t<h2 class=\"elementor-toc__header-title\">\n\t\t\t\tIndholdsfortegnelse\t\t\t<\/h2>\n\t\t\t\t\t\t\t\t\t\t<div class=\"elementor-toc__toggle-button elementor-toc__toggle-button--expand\" role=\"button\" tabindex=\"0\" aria-controls=\"elementor-toc__iwgw-sedna-toc\" aria-expanded=\"true\" aria-label=\"Open table of contents\"><svg aria-hidden=\"true\" class=\"e-font-icon-svg e-fas-chevron-down\" viewBox=\"0 0 448 512\" xmlns=\"http:\/\/www.w3.org\/2000\/svg\"><path d=\"M207.029 381.476L12.686 187.132c-9.373-9.373-9.373-24.569 0-33.941l22.667-22.667c9.357-9.357 24.522-9.375 33.901-.04L224 284.505l154.745-154.021c9.379-9.335 24.544-9.317 33.901.04l22.667 22.667c9.373 9.373 9.373 24.569 0 33.941L240.971 381.476c-9.373 9.372-24.569 9.372-33.942 0z\"><\/path><\/svg><\/div>\n\t\t\t\t<div class=\"elementor-toc__toggle-button elementor-toc__toggle-button--collapse\" role=\"button\" tabindex=\"0\" aria-controls=\"elementor-toc__iwgw-sedna-toc\" aria-expanded=\"true\" aria-label=\"Close table of contents\"><svg aria-hidden=\"true\" class=\"e-font-icon-svg e-fas-chevron-up\" viewBox=\"0 0 448 512\" xmlns=\"http:\/\/www.w3.org\/2000\/svg\"><path d=\"M240.971 130.524l194.343 194.343c9.373 9.373 9.373 24.569 0 33.941l-22.667 22.667c-9.357 9.357-24.522 9.375-33.901.04L224 227.495 69.255 381.516c-9.379 9.335-24.544 9.317-33.901-.04l-22.667-22.667c-9.373-9.373-9.373-24.569 0-33.941L207.03 130.525c9.372-9.373 24.568-9.373 33.941-.001z\"><\/path><\/svg><\/div>\n\t\t\t\t\t<\/div>\n\t\t\t\t<div id=\"elementor-toc__iwgw-sedna-toc\" class=\"elementor-toc__body\">\n\t\t\t<div class=\"elementor-toc__spinner-container\">\n\t\t\t\t<svg class=\"elementor-toc__spinner eicon-animation-spin e-font-icon-svg e-eicon-loading\" aria-hidden=\"true\" viewBox=\"0 0 1000 1000\" xmlns=\"http:\/\/www.w3.org\/2000\/svg\"><path d=\"M500 975V858C696 858 858 696 858 500S696 142 500 142 142 304 142 500H25C25 237 238 25 500 25S975 237 975 500 763 975 500 975Z\"><\/path><\/svg>\t\t\t<\/div>\n\t\t<\/div>\n\t\t\t\t\t\t<\/div>\n\t\t\t\t<\/div>\n\t\t\t\t\t<\/div>\n\t\t\t\t<\/div>\n\t\t<div class=\"elementor-element elementor-element-iwgw-sedna-hr e-con-full e-flex e-con e-child\" data-id=\"iwgw-sedna-hr\" data-element_type=\"container\" data-e-type=\"container\">\n\t\t\t\t<div class=\"elementor-element elementor-element-iwgw-sedna-heroimg iwg-hero-image elementor-widget elementor-widget-image\" data-id=\"iwgw-sedna-heroimg\" data-element_type=\"widget\" data-e-type=\"widget\" data-widget_type=\"image.default\">\n\t\t\t\t\t\t\t\t\t\t\t\t\t\t\t<img fetchpriority=\"high\" decoding=\"async\" width=\"683\" height=\"1024\" src=\"https:\/\/iwell-guard.com\/wp-content\/uploads\/2026\/05\/goetter_inuit_sedna-1-683x1024.webp\" class=\"attachment-large size-large wp-image-140099\" alt=\"Sedna - guder fra den inuitiske tradition, historisk-illustrativ\" srcset=\"https:\/\/iwell-guard.com\/wp-content\/uploads\/2026\/05\/goetter_inuit_sedna-1-683x1024.webp 683w, https:\/\/iwell-guard.com\/wp-content\/uploads\/2026\/05\/goetter_inuit_sedna-1-200x300.webp 200w, https:\/\/iwell-guard.com\/wp-content\/uploads\/2026\/05\/goetter_inuit_sedna-1-768x1152.webp 768w, https:\/\/iwell-guard.com\/wp-content\/uploads\/2026\/05\/goetter_inuit_sedna-1.webp 1024w\" sizes=\"(max-width: 683px) 100vw, 683px\" \/>\t\t\t\t\t\t\t\t\t\t\t\t\t\t\t<\/div>\n\t\t\t\t<\/div>\n\t\t\t\t\t<\/div>\n\t\t\t\t<\/div>\n\t\t\t\t<section class=\"elementor-section elementor-top-section elementor-element elementor-element-sec-iwgcomp-sedna elementor-section-boxed elementor-section-height-default elementor-section-height-default\" data-id=\"sec-iwgcomp-sedna\" data-element_type=\"section\" data-e-type=\"section\">\n\t\t\t\t\t\t<div class=\"elementor-container elementor-column-gap-default\">\n\t\t\t\t\t<div class=\"elementor-column elementor-col-100 elementor-top-column elementor-element elementor-element-col-iwgcomp-sedna\" data-id=\"col-iwgcomp-sedna\" data-element_type=\"column\" data-e-type=\"column\">\n\t\t\t<div class=\"elementor-widget-wrap elementor-element-populated\">\n\t\t\t\t\t\t<div class=\"elementor-element elementor-element-iwgcomp-sedna elementor-widget elementor-widget-text-editor\" data-id=\"iwgcomp-sedna\" data-element_type=\"widget\" data-e-type=\"widget\" data-widget_type=\"text-editor.default\">\n\t\t\t\t\t\t\t\t\t<p>Den <strong><span class=\"iwg-fachbegriff\" data-tooltip=\"Helheden af de religi\u00f8se \u00e6resbevisninger, der vises en gud eller helligt v\u00e6sen.\" tabindex=\"0\">kult<\/span><\/strong>, der omgiver den inuittiske havherskerinde Sedna, pr\u00e6ger jagt- og beskyttelsesritualer i Arktis-regionen den dag i dag.<\/p>\t\t\t\t\t\t\t\t<\/div>\n\t\t\t\t\t<\/div>\n\t\t<\/div>\n\t\t\t\t\t<\/div>\n\t\t<\/section>\n\t\t<div class=\"elementor-element elementor-element-iwgw-sedna-s0 e-flex e-con-boxed e-con e-parent\" data-id=\"iwgw-sedna-s0\" data-element_type=\"container\" data-e-type=\"container\">\n\t\t\t\t\t<div class=\"e-con-inner\">\n\t\t\t\t<div class=\"elementor-element elementor-element-iwgw-sedna-s0h elementor-widget elementor-widget-heading\" data-id=\"iwgw-sedna-s0h\" data-element_type=\"widget\" data-e-type=\"widget\" data-widget_type=\"heading.default\">\n\t\t\t\t\t<h2 class=\"elementor-heading-title elementor-size-default\">Indordning og kort profil<\/h2>\t\t\t\t<\/div>\n\t\t<div class=\"elementor-element elementor-element-iwgw-sedna-s0c e-con-full e-flex e-con e-child\" data-id=\"iwgw-sedna-s0c\" data-element_type=\"container\" data-e-type=\"container\">\n\t\t\t\t<div class=\"elementor-element elementor-element-iwgw-sedna-s0t elementor-widget elementor-widget-text-editor\" data-id=\"iwgw-sedna-s0t\" data-element_type=\"widget\" data-e-type=\"widget\" data-widget_type=\"text-editor.default\">\n\t\t\t\t\t\t\t\t\t<p>Sedna er den mest fremtr\u00e6dende numin\u00f8se figur i den centralarktiske <a href=\"https:\/\/iwell-guard.com\/da\/?page_id=138244\">inuit<\/a>-tradition. If\u00f8lge de overleverede fort\u00e6llinger residerer hun p\u00e5 havets bund og styrer de bestande af s\u00e6ler, hvaler og hvalrosser, som er livsn\u00f8dvendige for overlevelsen.<\/p><p>I mods\u00e6tning til mange panarktiske gudeskikkelser har Sedna en sammenh\u00e6ngende narrativ biografi, som udpeger hende som en tidligere menneskelig kvinde, hvis leml\u00e6mmelse og neds\u00e6nkning i havet gjorde hende til dyrenes herskerinde. Denne narrative dybde g\u00f8r hende til et religionsvidenskabeligt s\u00e6rligt velegnet studieobjekt.<\/p><p>Videnskabeligt klassificeres Sedna som en inkarnation af den type, dyrenes herskerinde, der er udbredt i Sibirien og Nordamerika. Knud Rasmussen, Ann Fienup-Riordan og Daniel Merkur har alle samstemmende vist, at hendes kontrolfunktion over jagtvildtet udg\u00f8r det centrale \u00f8konomisk-religi\u00f8se knudepunkt i det traditionelle inuittiske samfund. Den, der overtr\u00e6der tabuer mod hende, lukker if\u00f8lge inuittisk l\u00e6re jagtmarkerne.<\/p><p>Sednas magt er ikke moralsk-d\u00f8mmende i vestlig forstand, men reguleret gennem gensidighed. Hun tilbageholder eller frigiver sine dyr afh\u00e6ngigt af, om menneskenes levevis respekterer hendes tabu-system.<\/p><p>Denne mekanik diskuteres i forskningen som en religi\u00f8s ressource\u00f8konomi, der sammenfletter social koh\u00e6sion og jagtregulering. Hun er dermed samtidig en teologisk og samfundspolitisk instans, hvilket adskiller hende fra mange andre gudefigurer.<\/p><p>Fordi Sedna har en us\u00e6dvanligt sammenh\u00e6ngende fort\u00e6llebiografi, har den nyere videnskabelige forskning netop hos hende afpr\u00f8vet sine metodisk udvidede tilgange: den forener etnografisk detaljerigdom, sproglig kildekritik og komparativt perspektiv. I dag deltager forskere fra selve inuit-samfundet aktivt i arbejdet, hvor de gennemg\u00e5r og korrigerer \u00e6ldre, til dels kolonialt farvede tolkninger af havherskerinden.<\/p>\t\t\t\t\t\t\t\t<\/div>\n\t\t\t\t<\/div>\n\t\t\t\t\t<\/div>\n\t\t\t\t<\/div>\n\t\t<div class=\"elementor-element elementor-element-iwgw-sedna-s1 e-flex e-con-boxed e-con e-parent\" data-id=\"iwgw-sedna-s1\" data-element_type=\"container\" data-e-type=\"container\">\n\t\t\t\t\t<div class=\"e-con-inner\">\n\t\t\t\t<div class=\"elementor-element elementor-element-iwgw-sedna-s1h elementor-widget elementor-widget-heading\" data-id=\"iwgw-sedna-s1h\" data-element_type=\"widget\" data-e-type=\"widget\" data-widget_type=\"heading.default\">\n\t\t\t\t\t<h2 class=\"elementor-heading-title elementor-size-default\">Navn, etymologi og regionale varianter<\/h2>\t\t\t\t<\/div>\n\t\t<div class=\"elementor-element elementor-element-iwgw-sedna-s1c e-con-full e-flex e-con e-child\" data-id=\"iwgw-sedna-s1c\" data-element_type=\"container\" data-e-type=\"container\">\n\t\t\t\t<div class=\"elementor-element elementor-element-iwgw-sedna-s1t elementor-widget elementor-widget-text-editor\" data-id=\"iwgw-sedna-s1t\" data-element_type=\"widget\" data-e-type=\"widget\" data-widget_type=\"text-editor.default\">\n\t\t\t\t\t\t\t\t\t<p>Det navn Sedna, der er almindeligt i dag, stammer fra inuktitut i Baffin-regionen og blev <span class=\"iwg-fachbegriff\" data-tooltip=\"H\u00f8rende til den anerkendte, bindende skriftsamling i en religion.\" tabindex=\"0\">kanonisk<\/span> gennem Franz Boas&#8217; optegnelser i slutningen af 1800-tallet. Sednas egentlige, <span class=\"iwg-fachbegriff\" data-tooltip=\"Ondsindet indflydelse afv\u00e6rgende: om tegn og genstande, der skal holde skadelige kr\u00e6fter v\u00e6k.\" tabindex=\"0\">apotrop\u00e6isk<\/span> tabubelagte navn undg\u00e5s ofte i fort\u00e6llesituationer. I stedet bruges h\u00e6dersnavne som Nuliajuk, hvilket betyder den, der altid bejles til, og som dominerer i Netsilik- og Iglulik-regionen.<\/p><p>Hos Aivilingmiut og Iglulingmiut bruges formen Takannakapsaluk, mens man i Gr\u00f8nland bruger Arnakuagsak eller Arnarquassaaq. Den regionale mangfoldighed g\u00e5r videre end det sproglige og bringer hver gang lidt afvigende mytiske forl\u00f8b med sig.<\/p><p>S\u00e5dan betoner Iglulik-varianten st\u00e6rkere adoptions- og \u00e6gteskabslinjerne, mens Baffin-varianten s\u00e6tter faderen Anguta og b\u00e5dedramaet i forgrunden. I Alaska findes besl\u00e6gtede forestillinger, som dog funktionelt til dels afviger fra den centralarktiske Sedna.<\/p><p>Etymologisk tolker Daniel Merkur navnet Nuliajuk i betydningen en kvinde, der bestandigt bejles til af \u00e5nder, og ser deri en afspejling af den shamanistiske rejse: <span class=\"iwg-fachbegriff\" data-tooltip=\"Religi\u00f8s specialist, der tilskrives formidling mellem mennesker og \u00e5ndeverdenen.\" tabindex=\"0\">shamanen<\/span> m\u00e5 s\u00f8ge hende op som en bejler, der vinder hendes gunst.<\/p><p>Andre navneformer afspejler funktionen: <em>Arnaq<\/em> betyder ganske enkelt kvinde, <em>nuna<\/em> land eller verden, s\u00e5 tilnavne som kvinden under havet forbliver semantisk transparente. Mangfoldigheden af navne svarer til den religionsf\u00e6nomenologiske observation, at m\u00e6gtige numin\u00f8se figurer ofte kun tiltales gennem omskrivninger.<\/p>\t\t\t\t\t\t\t\t<\/div>\n\t\t\t\t<\/div>\n\t\t\t\t\t<\/div>\n\t\t\t\t<\/div>\n\t\t<div class=\"elementor-element elementor-element-iwgw-sedna-s2 e-flex e-con-boxed e-con e-parent\" data-id=\"iwgw-sedna-s2\" data-element_type=\"container\" data-e-type=\"container\">\n\t\t\t\t\t<div class=\"e-con-inner\">\n\t\t\t\t<div class=\"elementor-element elementor-element-iwgw-sedna-s2h elementor-widget elementor-widget-heading\" data-id=\"iwgw-sedna-s2h\" data-element_type=\"widget\" data-e-type=\"widget\" data-widget_type=\"heading.default\">\n\t\t\t\t\t<h2 class=\"elementor-heading-title elementor-size-default\">Beskrivelse og ikonografi<\/h2>\t\t\t\t<\/div>\n\t\t<div class=\"elementor-element elementor-element-iwgw-sedna-s2c e-con-full e-flex e-con e-child\" data-id=\"iwgw-sedna-s2c\" data-element_type=\"container\" data-e-type=\"container\">\n\t\t\t\t<div class=\"elementor-element elementor-element-iwgw-sedna-s2t elementor-widget elementor-widget-text-editor\" data-id=\"iwgw-sedna-s2t\" data-element_type=\"widget\" data-e-type=\"widget\" data-widget_type=\"text-editor.default\">\n\t\t\t\t\t\t\t\t\t<p>Sedna beskrives i de overleverede fort\u00e6llinger som en v\u00e6ldig kvinde p\u00e5 havets bund, hvis h\u00e6nder enten helt er forsvundet eller er blevet til s\u00e6lfinner.<\/p><p>Hendes h\u00e5r er langt, tungt og permanent filtret, da hun uden fingre ikke l\u00e6ngere kan rede det selv. If\u00f8lge flere fort\u00e6llinger opst\u00e5r sygdomme og mangel p\u00e5 jagtvildt fra dette filtrede h\u00e5r. Denne kropslige s\u00e5rbarhed er religionsf\u00e6nomenologisk et selvst\u00e6ndigt <span class=\"iwg-fachbegriff\" data-tooltip=\"Et tilbagevendende indholdselement i kunst eller fort\u00e6lling.\" tabindex=\"0\">motiv<\/span>.<\/p><p>Visuelle fremstillinger var sj\u00e6ldne i den traditionelle inuitkultur, da den figurative afbildning af havets herskerinde i sig selv var tabubelagt. F\u00f8rst den samtidige inuitkunst siden 1950&#8217;erne, blandt andet i Cape Dorset (Kinngait) og Pangnirtung, har gjort Sedna til et ikonografisk h\u00e5ndgribeligt <span class=\"iwg-fachbegriff\" data-tooltip=\"Et tilbagevendende indholdselement i kunst eller fort\u00e6lling.\" tabindex=\"0\">motiv<\/span>.<\/p><p>Stentryk af kunstnere som Ningiukulu Teevee, Kenojuak Ashevak eller Pitseolak Ashoona viser hende ofte som et v\u00e6sen med menneskelig overkrop og halefinne.<\/p><p>Videnskabeligt skal den samtidige billedtradition skelnes fra den f\u00f8rkristne tradition. I Rasmussens optegnelser fort\u00e6ller shamanerne, at de kun kunne se Sedna under s\u00e6rlige transetilstande, og at enhver forudgribende fremstilling blev anset som formastelig. Den nutidige billedtradition er derfor mindre en gengivelse af en historisk ikonografi end en selvst\u00e6ndig moderne tilegnelse af figuren.<\/p><p>Symbolisk tilskrives hun selv vanddyrene: rings\u00e6ler, sk\u00e6gs\u00e6ler, hvalrosser, hvidhvaler, narhvaler. I fort\u00e6llinger om hendes skabelse er disse dyr opst\u00e5et fra de afsk\u00e5rne fingerled, et \u00e6tiologisk <span class=\"iwg-fachbegriff\" data-tooltip=\"Et tilbagevendende indholdselement i kunst eller fort\u00e6lling.\" tabindex=\"0\">motiv<\/span>, der <span class=\"iwg-fachbegriff\" data-tooltip=\"En reguleret r\u00e6kkef\u00f8lge af symbolske handlinger med religi\u00f8s eller kulturel betydning.\" tabindex=\"0\">rituelt<\/span> synligg\u00f8r den \u00f8konomiske afh\u00e6ngighed.<\/p><p>Den, der nedl\u00e6gger en s\u00e6l, har religionsmytisk f\u00e5et et stykke af Sednas egen krop, hvilket begrunder pligten til respektfuld behandling.<\/p>\t\t\t\t\t\t\t\t<\/div>\n\t\t\t\t<\/div>\n\t\t\t\t\t<\/div>\n\t\t\t\t<\/div>\n\t\t<div class=\"elementor-element elementor-element-iwgw-sedna-s3 e-flex e-con-boxed e-con e-parent\" data-id=\"iwgw-sedna-s3\" data-element_type=\"container\" data-e-type=\"container\">\n\t\t\t\t\t<div class=\"e-con-inner\">\n\t\t\t\t<div class=\"elementor-element elementor-element-iwgw-sedna-s3h elementor-widget elementor-widget-heading\" data-id=\"iwgw-sedna-s3h\" data-element_type=\"widget\" data-e-type=\"widget\" data-widget_type=\"heading.default\">\n\t\t\t\t\t<h2 class=\"elementor-heading-title elementor-size-default\">Den centrale myte om leml\u00e6sningen<\/h2>\t\t\t\t<\/div>\n\t\t<div class=\"elementor-element elementor-element-iwgw-sedna-s3c e-con-full e-flex e-con e-child\" data-id=\"iwgw-sedna-s3c\" data-element_type=\"container\" data-e-type=\"container\">\n\t\t\t\t<div class=\"elementor-element elementor-element-iwgw-sedna-s3t elementor-widget elementor-widget-text-editor\" data-id=\"iwgw-sedna-s3t\" data-element_type=\"widget\" data-e-type=\"widget\" data-widget_type=\"text-editor.default\">\n\t\t\t\t\t\t\t\t\t<p>Kernefort\u00e6llingen f\u00f8lger i n\u00e6sten alle varianter en fast grundstruktur, som Franz Boas, Knud Rasmussen og senere Daniel Merkur har dokumenteret. Sedna er datter af manden <a href=\"https:\/\/iwell-guard.com\/da\/?page_id=138331\">Anguta<\/a>. Hun v\u00e6grer sig ved at gifte sig med en menneskelig mand.<\/p><p>Til sidst tager hun imod en frier, som viser sig at v\u00e6re en stormfugl, en hund eller en ukendt fremmed. Efter brylluppet indser hun sin mands sande natur og skriger efter sin far.<\/p><p>Anguta henter hende med umiaken, kvindeb\u00e5den. Under flugten tr\u00e6kker stormfuglemanden et uvejr sammen. For at redde b\u00e5den fra at g\u00e5 ned kaster Anguta sin datter i havet.<\/p><p>Da hun klamrer sig fast til b\u00e5dkanten, hugger han hendes fingerled af. Af det f\u00f8rste led opst\u00e5r de sm\u00e5 s\u00e6ler, af det andet sk\u00e6gs\u00e6lerne, af det tredje hvalrosserne og hvalerne. Denne successive tilblivelse af havdyrene er et typisk <span class=\"iwg-fachbegriff\" data-tooltip=\"Et tilbagevendende indholdselement i kunst eller fort\u00e6lling.\" tabindex=\"0\">motiv<\/span> i \u00e6tiologisk fort\u00e6llelitteratur.<\/p><p>Leml\u00e6stet s\u00e6nker Sedna sig til havets bund og bliver d\u00e9r dyrenes herskerinde. Hun forbliver ambivalent over for faderen, som har forr\u00e5dt hende, over for menneskene, hvis tabuovertr\u00e6delser filtrer hendes h\u00e5r, og over for shamanerne, der i trance stiger ned til hende.<\/p><p>Denne <span class=\"iwg-fachbegriff\" data-tooltip=\"En overleveret fort\u00e6lling om guder, oprindelser og verdens orden.\" tabindex=\"0\">myte<\/span> er prim\u00e6rt en \u00e6tiologisk model for opst\u00e5en af jagt\u00f8konomien, ikke en straffemyte. Videnskabeligt er den et paradigmatisk eksempel p\u00e5 en skabelsesmytologi, hvor verden opst\u00e5r ud af leml\u00e6sning frem for ud af orden.<\/p>\t\t\t\t\t\t\t\t<\/div>\n\t\t\t\t<\/div>\n\t\t\t\t\t<\/div>\n\t\t\t\t<\/div>\n\t\t<div class=\"elementor-element elementor-element-iwgw-sedna-s4 e-flex e-con-boxed e-con e-parent\" data-id=\"iwgw-sedna-s4\" data-element_type=\"container\" data-e-type=\"container\">\n\t\t\t\t\t<div class=\"e-con-inner\">\n\t\t\t\t<div class=\"elementor-element elementor-element-iwgw-sedna-s4h elementor-widget elementor-widget-heading\" data-id=\"iwgw-sedna-s4h\" data-element_type=\"widget\" data-e-type=\"widget\" data-widget_type=\"heading.default\">\n\t\t\t\t\t<h2 class=\"elementor-heading-title elementor-size-default\">Den shamanske rejse nedad<\/h2>\t\t\t\t<\/div>\n\t\t<div class=\"elementor-element elementor-element-iwgw-sedna-s4c e-con-full e-flex e-con e-child\" data-id=\"iwgw-sedna-s4c\" data-element_type=\"container\" data-e-type=\"container\">\n\t\t\t\t<div class=\"elementor-element elementor-element-iwgw-sedna-s4t elementor-widget elementor-widget-text-editor\" data-id=\"iwgw-sedna-s4t\" data-element_type=\"widget\" data-e-type=\"widget\" data-widget_type=\"text-editor.default\">\n\t\t\t\t\t\t\t\t\t<p>N\u00e5r jagtlykken udeblev i l\u00e6ngere tid, var det efter inuitisk forestilling angakkuq&#8217;ens, shamanens, centrale opgave at stige ned til Sedna. Rasmussen har i <em>Intellectual Culture of the Iglulik Eskimos<\/em> gengivet en af de mest detaljerede beskrivelser af denne rejse, som i den videnskabelige diskurs er blevet et standardsted i den cirkumpolare shamanismeforskning.<\/p><p><span class=\"iwg-fachbegriff\" data-tooltip=\"Religi\u00f8s specialist, som tilskrives formidlingen mellem mennesker og \u00e5ndeverdenen.\" tabindex=\"0\">Shamanen<\/span> falder i trance ved hj\u00e6lp af tromler, sange og \u00e5ndedr\u00e6tsteknikker. Hans dobbeltg\u00e6nger eller sj\u00e6l forlader kroppen, gennemkrydser en isnende tundraslette, overvinder en roterende isbjergpassage, en rivende str\u00f8m med knivskarpe isflager og til sidst en hund, der vogter indgangen til Sednas hus.<\/p><p>Ved ankomsten til huset finder han Sedna med filtret h\u00e5r, hvori dyrene har fanget sig.<\/p><p>Shamanens opgave er at rede og rense hendes h\u00e5r og opf\u00f8re sig forsonligt. Under denne handling bekender det menneskelige samfund i iglooen under ledelse af hj\u00e6lpeshamanen sine tabuovertr\u00e6delser.<\/p><p>Sedna frigiver f\u00f8rst dyrene, n\u00e5r forseelserne er blevet udtalt. Mircea Eliade har behandlet denne praksis i <em><span class=\"iwg-fachbegriff\" data-tooltip=\"Religi\u00f8st system, hvor specialister har kontakt med \u00e5ndeverdenen.\" tabindex=\"0\">Schamanismus<\/span> und archaische Ekstasetechnik<\/em> som et eksempel p\u00e5 shamanistisk mediation.<\/p><p>Daniel Merkur understreger, at rejsen skal forst\u00e5s som et kollektivt kriseritual, hvori den \u00f8konomiske krise symboliseres religi\u00f8st og opl\u00f8ses i f\u00e6llesskab. Som individuel helbredelsespraksis ville den v\u00e6re misforst\u00e5et. Den sociale funktion er mindst lige s\u00e5 vigtig som den teologiske, og de to kan i praksis ikke skilles fra hinanden.<\/p>\t\t\t\t\t\t\t\t<\/div>\n\t\t\t\t<\/div>\n\t\t\t\t\t<\/div>\n\t\t\t\t<\/div>\n\t\t<div class=\"elementor-element elementor-element-iwgw-sedna-s5 e-flex e-con-boxed e-con e-parent\" data-id=\"iwgw-sedna-s5\" data-element_type=\"container\" data-e-type=\"container\">\n\t\t\t\t\t<div class=\"e-con-inner\">\n\t\t\t\t<div class=\"elementor-element elementor-element-iwgw-sedna-s5h elementor-widget elementor-widget-heading\" data-id=\"iwgw-sedna-s5h\" data-element_type=\"widget\" data-e-type=\"widget\" data-widget_type=\"heading.default\">\n\t\t\t\t\t<h2 class=\"elementor-heading-title elementor-size-default\">Tabu, pittailiniq og apotrop\u00e6isk praksis<\/h2>\t\t\t\t<\/div>\n\t\t<div class=\"elementor-element elementor-element-iwgw-sedna-s5c e-con-full e-flex e-con e-child\" data-id=\"iwgw-sedna-s5c\" data-element_type=\"container\" data-e-type=\"container\">\n\t\t\t\t<div class=\"elementor-element elementor-element-iwgw-sedna-s5t elementor-widget elementor-widget-text-editor\" data-id=\"iwgw-sedna-s5t\" data-element_type=\"widget\" data-e-type=\"widget\" data-widget_type=\"text-editor.default\">\n\t\t\t\t\t\t\t\t\t<p>Systemet af tabuer, der omgiver Sedna, er p\u00e5 det inuitiske sprog kendt som <em>pittailiniq<\/em>, hvilket bogstaveligt betyder det, som skal undg\u00e5s. Disse forbud er forankret i jagt- og subsistens\u00f8konomien og har ikke en moralsk betydning i kristen forstand.<\/p><p>Den, der blander land- og havdyr i samme m\u00e5ltid, den, der ikke behandler s\u00e6lk\u00f8d korrekt, den, der udsk\u00e6rer s\u00e6ler under menstruation, eller den, der skjuler et d\u00f8dsfald, tilsmudser efter forestillingen Sednas h\u00e5r.<\/p><p><span class=\"iwg-fachbegriff\" data-tooltip=\"Uheldsafv\u00e6rgende: om tegn og genstande, der skal holde skadelige p\u00e5virkninger p\u00e5 afstand.\" tabindex=\"0\">Apotrop\u00e6isk<\/span> virker is\u00e6r renselsespligterne efter f\u00f8dsel og d\u00f8dsfald, det at holde s\u00e6l- og karibu-redskaber adskilt, omgangen med det f\u00f8rst nedlagte dyr samt det at give vand tilbage i munden p\u00e5 den dr\u00e6bte s\u00e6l som tegn p\u00e5 respekt.<\/p><p>Sidstn\u00e6vnte gestus, i forskningen kaldet s\u00e6lbegravelse, betragtes som en central tr\u00f8stende gave til dyrets sj\u00e6l og indirekte til Sedna.<\/p><p>Ogs\u00e5 beskyttelsesamuletter, kaldet <em>aarnguaq<\/em>, er belagt. Disse kan best\u00e5 af knogler, kl\u00f8er eller nebrester fra dr\u00e6bte dyr og h\u00e6nges p\u00e5 sp\u00e6db\u00f8rn eller j\u00e6gere.<\/p><p>Frem for at fungere magisk i betydningen mekanisk virkning indikerer de et velplejet forhold til de ikke-menneskelige personer, som overlevelsen afh\u00e6nger af. Denne relationsetik adskiller den inuitiske religion klart fra magisk-instrumentelle traditioner.<\/p>\t\t\t\t\t\t\t\t<\/div>\n\t\t\t\t<\/div>\n\t\t\t\t\t<\/div>\n\t\t\t\t<\/div>\n\t\t<div class=\"elementor-element elementor-element-iwgw-sedna-s6 e-flex e-con-boxed e-con e-parent\" data-id=\"iwgw-sedna-s6\" data-element_type=\"container\" data-e-type=\"container\">\n\t\t\t\t\t<div class=\"e-con-inner\">\n\t\t\t\t<div class=\"elementor-element elementor-element-iwgw-sedna-s6h elementor-widget elementor-widget-heading\" data-id=\"iwgw-sedna-s6h\" data-element_type=\"widget\" data-e-type=\"widget\" data-widget_type=\"heading.default\">\n\t\t\t\t\t<h2 class=\"elementor-heading-title elementor-size-default\">Sedna i konteksten af den cirkumpolare religion<\/h2>\t\t\t\t<\/div>\n\t\t<div class=\"elementor-element elementor-element-iwgw-sedna-s6c e-con-full e-flex e-con e-child\" data-id=\"iwgw-sedna-s6c\" data-element_type=\"container\" data-e-type=\"container\">\n\t\t\t\t<div class=\"elementor-element elementor-element-iwgw-sedna-s6t elementor-widget elementor-widget-text-editor\" data-id=\"iwgw-sedna-s6t\" data-element_type=\"widget\" data-e-type=\"widget\" data-widget_type=\"text-editor.default\">\n\t\t\t\t\t\t\t\t\t<p>Religionsf\u00e6nomenologisk h\u00f8rer Sedna til den store familie af dyreherskerinder, som Adolf Friedrich og senere Otto Zerries systematisk har beskrevet for det nordlige Eurasien og Nordamerika. Paralleller findes i den tsjuktsjiske <em>kelet<\/em>-forestilling, hos de korjakiske og itelmenske havherskerinder samt hos den yupikiske <a href=\"https:\/\/iwell-guard.com\/da\/?page_id=138336\">Qailertetang<\/a>, der i nogle fort\u00e6llinger endda optr\u00e6der som Sednas ledsager.<\/p><p>I den bredere cirkumpolare sammenligning rykker hun t\u00e6t p\u00e5 den finsk-ugriske <em>Mehts\u00e4-Em\u00e4<\/em> eller Skovmoderen og de samiske <a href=\"https:\/\/iwell-guard.com\/da\/?page_id=138246\">samiske<\/a> dyreherskerinder som <em>Leibolmm\u00e1i<\/em>. Den strukturelle overensstemmelse ligger i den gensidige logik: byttet betragtes som en gave fra en numin\u00f8s person, aldrig som blot en ressource.<\/p><p>I den subarktisk-cirkumpolare diskurs har Ann Fienup-Riordan for <em>Yupik<\/em>-traditionen p\u00e5vist, at de strukturm\u00e6ssigt lignende figurer der optr\u00e6der som bundter af relationer og tabuer. En enhedlig personificering findes ikke.<\/p><p>Den centralarktiske inuit-tradition tenderer derimod st\u00e6rkere mod personalisering i den ene store figur Sedna. Denne forskel inden for det cirkumpolare omr\u00e5de er videnskabeligt oplysende, fordi den viser, at den religi\u00f8se form ikke n\u00f8dvendigvis f\u00f8lger af den \u00f8kologiske konfiguration.<\/p>\t\t\t\t\t\t\t\t<\/div>\n\t\t\t\t<\/div>\n\t\t\t\t\t<\/div>\n\t\t\t\t<\/div>\n\t\t<div class=\"elementor-element elementor-element-iwgw-sedna-s7 e-flex e-con-boxed e-con e-parent\" data-id=\"iwgw-sedna-s7\" data-element_type=\"container\" data-e-type=\"container\">\n\t\t\t\t\t<div class=\"e-con-inner\">\n\t\t\t\t<div class=\"elementor-element elementor-element-iwgw-sedna-s7h elementor-widget elementor-widget-heading\" data-id=\"iwgw-sedna-s7h\" data-element_type=\"widget\" data-e-type=\"widget\" data-widget_type=\"heading.default\">\n\t\t\t\t\t<h2 class=\"elementor-heading-title elementor-size-default\">Kolonihistorie og kristen overlejring<\/h2>\t\t\t\t<\/div>\n\t\t<div class=\"elementor-element elementor-element-iwgw-sedna-s7c e-con-full e-flex e-con e-child\" data-id=\"iwgw-sedna-s7c\" data-element_type=\"container\" data-e-type=\"container\">\n\t\t\t\t<div class=\"elementor-element elementor-element-iwgw-sedna-s7t elementor-widget elementor-widget-text-editor\" data-id=\"iwgw-sedna-s7t\" data-element_type=\"widget\" data-e-type=\"widget\" data-widget_type=\"text-editor.default\">\n\t\t\t\t\t\t\t\t\t<p>Med missioneringen af inuitterne ved m\u00e6hriske og anglikanske mission\u00e6rer fra det 18. \u00e5rhundrede, i Canada tilspidset i det 19. og tidlige 20. \u00e5rhundrede, kom Sedna-<span class=\"iwg-fachbegriff\" data-tooltip=\"Den samlede m\u00e6ngde af religi\u00f8se tilbedelseshandlinger for en gud eller hellig figur.\" tabindex=\"0\">kult<\/span> under betydeligt pres.<\/p><p>Shamanerne blev mange steder stemplet som troldkarle, og deres tromler blev offentligt br\u00e6ndt. Praksissen omkring Angakkuq forsvandt formelt i mange regioner, hvilket dog ikke betyder, at Sedna-fort\u00e6llingerne forsvandt.<\/p><p>Videnskabeligt godt dokumenteret er en omdannelse til fort\u00e6lleliteraturen og senere til den samtidskunst. Sedna blev et litter\u00e6rt-kunstnerisk identitetssymbol for en kolonialt tr\u00e6ngt kultur. Efter etableringen af territoriet Nunavut i 1999 er hun blevet en del af skolens l\u00e6replaner og museumsp\u00e6dagogikken.<\/p><p>Bev\u00e6gelsen for genoprettelse af oprindelige religioner har siden 2000&#8217;erne f\u00f8rt til en genopdagelse af shamanske praksisser i en afkonfessionaliseret form. Den videnskabelige observation er her deskriptiv: det handler om en blandingsform af erindringspraksis, identitetskonstruktion og delvis ritualrevival, ikke om en ubrudt kontinuitet. Denne postkoloniale konfiguration er et selvst\u00e6ndigt videnskabeligt forskningsfelt.<\/p>\t\t\t\t\t\t\t\t<\/div>\n\t\t\t\t<\/div>\n\t\t\t\t\t<\/div>\n\t\t\t\t<\/div>\n\t\t<div class=\"elementor-element elementor-element-iwgw-sedna-s8 e-flex e-con-boxed e-con e-parent\" data-id=\"iwgw-sedna-s8\" data-element_type=\"container\" data-e-type=\"container\">\n\t\t\t\t\t<div class=\"e-con-inner\">\n\t\t\t\t<div class=\"elementor-element elementor-element-iwgw-sedna-s8h elementor-widget elementor-widget-heading\" data-id=\"iwgw-sedna-s8h\" data-element_type=\"widget\" data-e-type=\"widget\" data-widget_type=\"heading.default\">\n\t\t\t\t\t<h2 class=\"elementor-heading-title elementor-size-default\">Nutidig modtagelse, forskning og kunst<\/h2>\t\t\t\t<\/div>\n\t\t<div class=\"elementor-element elementor-element-iwgw-sedna-s8c e-con-full e-flex e-con e-child\" data-id=\"iwgw-sedna-s8c\" data-element_type=\"container\" data-e-type=\"container\">\n\t\t\t\t<div class=\"elementor-element elementor-element-iwgw-sedna-s8t elementor-widget elementor-widget-text-editor\" data-id=\"iwgw-sedna-s8t\" data-element_type=\"widget\" data-e-type=\"widget\" data-widget_type=\"text-editor.default\">\n\t\t\t\t\t\t\t\t\t<p>I den ikke-oprindelige modtagelse er Sedna blevet den mest fremtr\u00e6dende figur inden for arktisk religion. Astronomisk b\u00e6rer et transneptunsk objekt, opdaget i 2003, navnet 90377 Sedna, hvilket dokumenterer figurens udbredelse ud over det sn\u00e6vrere videnskabelige felt.<\/p><p>I popul\u00e6rkulturen er hun til stede i romaner, film, tegneserier og spil, ofte i en st\u00e6rkt forenklet, nogle gange i en problematisk romantiseret form.<\/p><p>Inden for inuit-samfundene selv er holdningen til denne udenforst\u00e5ende modtagelse ambivalent. Mens synligheden hilses velkommen som kulturel anerkendelse, kritiserer stemmer som den inuitiske kurator Heather Igloliorte eller forfatteren Rachel Qitsualik, at eksterne anvendelser ofte ignorerer de religi\u00f8se referencer og reducerer figuren til en \u00e6stetisk havfrue.<\/p><p>Den videnskabelige forskning i de sidste tyve \u00e5r, for eksempel hos Fr\u00e9d\u00e9ric Laugrand, Jarich Oosten og Anna Lia Berthelsen, betoner n\u00f8dvendigheden af at l\u00e6se Sedna som et knudepunkt i et relationsnetv\u00e6rk mellem mennesker, dyr og land, i stedet for at betragte hende som et isoleret gudebillede.<\/p><p>I denne l\u00e6sning bliver hun en n\u00f8glefigur i en \u00f8kologisk religionsantropologi for Arktis. Denne teoretiske forskydning har betydelige konsekvenser for opfattelsen af hele den arktiske religionshistorie.<\/p>\t\t\t\t\t\t\t\t<\/div>\n\t\t\t\t<\/div>\n\t\t\t\t\t<\/div>\n\t\t\t\t<\/div>\n\t\t<div class=\"elementor-element elementor-element-iwgw-sedna-s9 e-flex e-con-boxed e-con e-parent\" data-id=\"iwgw-sedna-s9\" data-element_type=\"container\" data-e-type=\"container\">\n\t\t\t\t\t<div class=\"e-con-inner\">\n\t\t\t\t<div class=\"elementor-element elementor-element-iwgw-sedna-s9h elementor-widget elementor-widget-heading\" data-id=\"iwgw-sedna-s9h\" data-element_type=\"widget\" data-e-type=\"widget\" data-widget_type=\"heading.default\">\n\t\t\t\t\t<h2 class=\"elementor-heading-title elementor-size-default\">Sedna i leksikonet for inuit-traditionen<\/h2>\t\t\t\t<\/div>\n\t\t<div class=\"elementor-element elementor-element-iwgw-sedna-s9c e-con-full e-flex e-con e-child\" data-id=\"iwgw-sedna-s9c\" data-element_type=\"container\" data-e-type=\"container\">\n\t\t\t\t<div class=\"elementor-element elementor-element-iwgw-sedna-s9t elementor-widget elementor-widget-text-editor\" data-id=\"iwgw-sedna-s9t\" data-element_type=\"widget\" data-e-type=\"widget\" data-widget_type=\"text-editor.default\">\n\t\t\t\t\t\t\t\t\t<p>For en dybere indf\u00f8ring i den inuitiske forestillingsverden anbefales opslagene om <a href=\"https:\/\/iwell-guard.com\/da\/?page_id=138328\">Sila<\/a>, verdens \u00e5ndedr\u00e6tsrum, om <a href=\"https:\/\/iwell-guard.com\/da\/?page_id=138331\">Anguta<\/a>, hendes far, om <a href=\"https:\/\/iwell-guard.com\/da\/?page_id=138329\">Tornarssuk<\/a>, den shamanske hj\u00e6lpe\u00e5nd, om <a href=\"https:\/\/iwell-guard.com\/da\/?page_id=138333\">Nanook<\/a>, isbj\u00f8rne\u00e5nden, og om <a href=\"https:\/\/iwell-guard.com\/da\/?page_id=138336\">Qailertetang<\/a>, den vejrgivende ledsager.<\/p><p>Overordnet giver kulturhub&#8217;en <a href=\"https:\/\/iwell-guard.com\/da\/?page_id=138244\">Inuit-tradition<\/a> den religionshistoriske ramme. Den, der s\u00f8ger sammenh\u00e6ngen mellem dyreherskerinder i andre kulturer, finder hos de <a href=\"https:\/\/iwell-guard.com\/da\/?page_id=138246\">samiske<\/a> opslag strukturelt lignende konfigurationer, for eksempel hos <em>Madderakka<\/em>.<\/p>\t\t\t\t\t\t\t\t<\/div>\n\t\t\t\t<\/div>\n\t\t\t\t\t<\/div>\n\t\t\t\t<\/div>\n\t\t<div class=\"elementor-element elementor-element-cp29452ded e-flex e-con-boxed e-con e-parent\" data-id=\"cp29452ded\" data-element_type=\"container\" data-e-type=\"container\">\n\t\t\t\t\t<div class=\"e-con-inner\">\n\t\t\t\t<div class=\"elementor-element elementor-element-cp24dd8067 elementor-widget elementor-widget-heading\" data-id=\"cp24dd8067\" data-element_type=\"widget\" data-e-type=\"widget\" data-widget_type=\"heading.default\">\n\t\t\t\t\t<h2 class=\"elementor-heading-title elementor-size-default\">Regional mangfoldighed i fort\u00e6llingen og dens navne<\/h2>\t\t\t\t<\/div>\n\t\t<div class=\"elementor-element elementor-element-cp24eec498 e-flex e-con-boxed e-con e-child\" data-id=\"cp24eec498\" data-element_type=\"container\" data-e-type=\"container\">\n\t\t\t\t\t<div class=\"e-con-inner\">\n\t\t\t\t<div class=\"elementor-element elementor-element-cp27817669 elementor-widget elementor-widget-text-editor\" data-id=\"cp27817669\" data-element_type=\"widget\" data-e-type=\"widget\" data-widget_type=\"text-editor.default\">\n\t\t\t\t\t\t\t\t\t<p>Sedna er ikke et ensartet navn p\u00e5 en f\u00e6lles-arktisk <span class=\"iwg-fachbegriff\" data-tooltip=\"Et v\u00e6sen, der dyrkes som guddommeligt inden for en religion.\" tabindex=\"0\">gudeskikkelse<\/span>, men en betegnelse, der er udbredt i forskningslitteraturen for en skikkelse, der optr\u00e6der under meget forskellige navne i de forskellige inuit- og yupik-regioner.<\/p><p>Hos inuitterne ved Hudson Bay og i den \u00f8stlige Arktis er hun kendt som Nuliajuk eller Takannaaluk, i vest optr\u00e6der former som Arnakuagsak, og selve navnet Sedna stammer fra Franz Boas&#8217; optegnelser om Baffin Island fra slutningen af 1800-tallet.<\/p><p>Denne mangfoldighed er ikke en biting, men peger p\u00e5 de enkelte samfunds regionale selvst\u00e6ndighed. Ogs\u00e5 fort\u00e6llingen selv varierer. I nogle versioner er den senere havherskerinde en kvinde, der gifter sig med en hund eller en fugl i fugleskikkelse, i andre en pige, der n\u00e6gter at gifte sig.<\/p><p>F\u00e6lles for mange versioner er, at hun tages med af sin far i kajak, kastes over bord under en storm og klamrer sig fast til kajakkens side, indtil hendes fingre bliver sk\u00e5ret af. Ud af de afsk\u00e5rne fingre bliver havets pattedyr skabt.<\/p><p>Hovedkilderne til Sedna er Franz Boas&#8217; optegnelser samt det omfattende materiale fra Den Femte Thule-ekspedition under Knud Rasmussen i 1920&#8217;erne.<\/p><p>Begge kildekomplekser er v\u00e6rdifulde, men filtreret gennem sproget, udv\u00e6lgelsen og interesserne hos dem, der nedskrev dem. En pan-arktisk Sedna er en konstruktion set fra et udenforst\u00e5ende perspektiv. Enhver udsagn b\u00f8r derfor angive den p\u00e5g\u00e6ldende region og det navn, der bruges der.<\/p>\t\t\t\t\t\t\t\t<\/div>\n\t\t\t\t\t<\/div>\n\t\t\t\t<\/div>\n\t\t\t\t\t<\/div>\n\t\t\t\t<\/div>\n\t\t<div class=\"elementor-element elementor-element-cp22aea445 e-flex e-con-boxed e-con e-parent\" data-id=\"cp22aea445\" data-element_type=\"container\" data-e-type=\"container\">\n\t\t\t\t\t<div class=\"e-con-inner\">\n\t\t\t\t<div class=\"elementor-element elementor-element-cp292b3d5a elementor-widget elementor-widget-heading\" data-id=\"cp292b3d5a\" data-element_type=\"widget\" data-e-type=\"widget\" data-widget_type=\"heading.default\">\n\t\t\t\t\t<h2 class=\"elementor-heading-title elementor-size-default\">Shamanens nedstigning til havherskerinden<\/h2>\t\t\t\t<\/div>\n\t\t<div class=\"elementor-element elementor-element-cp2e8a031f e-flex e-con-boxed e-con e-child\" data-id=\"cp2e8a031f\" data-element_type=\"container\" data-e-type=\"container\">\n\t\t\t\t\t<div class=\"e-con-inner\">\n\t\t\t\t<div class=\"elementor-element elementor-element-cp26b91245 elementor-widget elementor-widget-text-editor\" data-id=\"cp26b91245\" data-element_type=\"widget\" data-e-type=\"widget\" data-widget_type=\"text-editor.default\">\n\t\t\t\t\t\t\t\t\t<p>En egen ritual tradition er forbundet med forestillingen om, at havherskerinden kontrollerer adgangen til havets pattedyr. N\u00e5r s\u00e6ler, hvalrosser og hvaler udeblev, og et samfund dermed var truet af hunger, blev dette anset som et tegn p\u00e5, at herskerinden var vred.<\/p><p>Som \u00e5rsag blev overtr\u00e6delser af tabuer n\u00e6vnt, for eksempel overtr\u00e6delser ved f\u00f8dsel, d\u00f8d eller ved behandlingen af nedlagte dyr. Menneskenes forsyndelser samlede sig if\u00f8lge forestillingen som snavs eller filtret h\u00e5r i herskerindens h\u00e5r.<\/p><p>I denne situation tr\u00e5dte <em>angakkuq<\/em>, <span class=\"iwg-fachbegriff\" data-tooltip=\"Religi\u00f8s specialist, som tilskrives formidling mellem mennesker og \u00e5ndeverdenen.\" tabindex=\"0\">shamanen<\/span>, til handling. Knud Rasmussen har fra omr\u00e5det omkring Hudson Bay nedskrevet en detaljeret beretning om et s\u00e5dant <span class=\"iwg-fachbegriff\" data-tooltip=\"En fastlagt, tilbagevendende religi\u00f8s handling.\" tabindex=\"0\">ritus<\/span>.<\/p><p><span class=\"iwg-fachbegriff\" data-tooltip=\"Religi\u00f8s specialist, som tilskrives formidling mellem mennesker og \u00e5ndeverdenen.\" tabindex=\"0\">Shamanen<\/span> begiver sig i trance ud p\u00e5 en \u00e5ndelig rejse ned til havbunden og skal undervejs passere hindringer, for eksempel en afgrund, en roterende isblok eller en hund, der vogter indgangen.<\/p><p>Fremme i herskerindens hus reder og ordner han hendes h\u00e5r, da hun p\u00e5 grund af sine manglende fingre ikke selv kan g\u00f8re det. Dermed fjerner han det ophobede snavs og forsyndelserne.<\/p><p>Til geng\u00e6ld skal herskerinden frigive havets pattedyr igen. Ved tilbagevenden fra trancen opfordrede <span class=\"iwg-fachbegriff\" data-tooltip=\"Religi\u00f8s specialist, som tilskrives formidling mellem mennesker og \u00e5ndeverdenen.\" tabindex=\"0\">shamanen<\/span> ofte de forsamlede til \u00e5bent at bekende deres tabu-overtr\u00e6delser.<\/p><p>Videnskabeligt forbinder denne <span class=\"iwg-fachbegriff\" data-tooltip=\"En fastlagt, tilbagevendende religi\u00f8s handling.\" tabindex=\"0\">ritus<\/span> en kosmologisk forklaring p\u00e5 mislykket jagt med en social funktion: Den gjorde skjult forseelse offentlig og genoprettede ordenen mellem mennesker, dyr og havherskerinden.<\/p>\t\t\t\t\t\t\t\t<\/div>\n\t\t\t\t\t<\/div>\n\t\t\t\t<\/div>\n\t\t\t\t\t<\/div>\n\t\t\t\t<\/div>\n\t\t<div class=\"elementor-element elementor-element-iwgw-sedna-lit e-flex e-con-boxed e-con e-parent\" data-id=\"iwgw-sedna-lit\" data-element_type=\"container\" data-e-type=\"container\">\n\t\t\t\t\t<div class=\"e-con-inner\">\n\t\t\t\t<div class=\"elementor-element elementor-element-iwgw-sedna-lith elementor-widget elementor-widget-heading\" data-id=\"iwgw-sedna-lith\" data-element_type=\"widget\" data-e-type=\"widget\" data-widget_type=\"heading.default\">\n\t\t\t\t\t<h2 class=\"elementor-heading-title elementor-size-default\">Litteratur (udvalg)<\/h2>\t\t\t\t<\/div>\n\t\t<div class=\"elementor-element elementor-element-iwgw-sedna-litc e-con-full e-flex e-con e-child\" data-id=\"iwgw-sedna-litc\" data-element_type=\"container\" data-e-type=\"container\">\n\t\t\t\t<div class=\"elementor-element elementor-element-iwgw-sedna-litt elementor-widget elementor-widget-text-editor\" data-id=\"iwgw-sedna-litt\" data-element_type=\"widget\" data-e-type=\"widget\" data-widget_type=\"text-editor.default\">\n\t\t\t\t\t\t\t\t\t<ul><li><span data-nosnippet>Knud Rasmussen: <em>Intellectual Culture of the Iglulik Eskimos<\/em> (Report of the Fifth Thule Expedition, Bd. VII.1, Kopenhagen 1929)<\/span><\/li><li>Franz Boas: <em>The Central Eskimo<\/em> (Washington 1888)<\/li><li><span data-nosnippet>Daniel Merkur: <em>Becoming Half Hidden: Shamanism and <span class=\"iwg-fachbegriff\" data-tooltip=\"Rituel overgang, hvorved en person optages i en ny status eller et nyt f\u00e6llesskab.\" tabindex=\"0\">initiation<\/span> among the Inuit<\/em> (Stockholm 1985)<\/span><\/li><li><span data-nosnippet>Ann Fienup-Riordan: <em>Boundaries and Passages: Rule and <span class=\"iwg-fachbegriff\" data-tooltip=\"En reguleret r\u00e6kkef\u00f8lge af symbolske handlinger med religi\u00f8s eller kulturel betydning.\" tabindex=\"0\">ritual<\/span> in Yup&#8217;ik Eskimo Oral Tradition<\/em> (Norman 1994)<\/span><\/li><li>Fr\u00e9d\u00e9ric Laugrand og Jarich Oosten: <em>Inuit Shamanism and Christianity<\/em> (Montreal 2010)<\/li><li>Mircea Eliade: <em><span class=\"iwg-fachbegriff\" data-tooltip=\"Religi\u00f8st system, hvor specialister har forbindelse med \u00e5ndeverdenen.\" tabindex=\"0\">Shamanisme<\/span> og arkaisk ekstase-teknik<\/em> (Stuttgart 1957)<\/li><\/ul>\t\t\t\t\t\t\t\t<\/div>\n\t\t\t\t<\/div>\n\t\t\t\t\t<\/div>\n\t\t\t\t<\/div>\n\t\t<div class=\"elementor-element elementor-element-iwgkw-add-sedna e-flex e-con-boxed e-con e-parent\" data-id=\"iwgkw-add-sedna\" data-element_type=\"container\" data-e-type=\"container\">\n\t\t\t\t\t<div class=\"e-con-inner\">\n\t\t\t\t<div class=\"elementor-element elementor-element-iwgkw-add-sedna-t elementor-widget elementor-widget-text-editor\" data-id=\"iwgkw-add-sedna-t\" data-element_type=\"widget\" data-e-type=\"widget\" data-widget_type=\"text-editor.default\">\n\t\t\t\t\t\t\t\t\t<p>I det inuitiske <span class=\"iwg-fachbegriff\" data-tooltip=\"Samlingen af guder i en religion eller kultur.\" tabindex=\"0\">pantheon<\/span> anses Sedna for at v\u00e6re <em>vogter<\/em> af havets dyr: S\u00e6ler, hvaler og fisk stammer if\u00f8lge traditionel forestilling fra hendes krop og st\u00e5r under hendes kontrol.<\/p><p>Overtr\u00e6der samfundet jagt- og renhedsreglerne, holder vogteren dyrene tilbage, og <em>angakkoq<\/em> m\u00e5 i trance stige ned til hende for at rede hendes h\u00e5r og dermed gen\u00e5bne jagtmarkerne.<\/p>\t\t\t\t\t\t\t\t<\/div>\n\t\t\t\t\t<\/div>\n\t\t\t\t<\/div>\n\t\t<div class=\"elementor-element elementor-element-iwgw-sedna-kwd e-flex e-con-boxed e-con e-parent\" data-id=\"iwgw-sedna-kwd\" data-element_type=\"container\" data-e-type=\"container\">\n\t\t\t\t\t<div class=\"e-con-inner\">\n\t\t<div class=\"elementor-element elementor-element-iwgw-sedna-kwdc e-con-full e-flex e-con e-child\" data-id=\"iwgw-sedna-kwdc\" data-element_type=\"container\" data-e-type=\"container\">\n\t\t\t\t<div class=\"elementor-element elementor-element-iwgw-sedna-kwdt elementor-widget elementor-widget-text-editor\" data-id=\"iwgw-sedna-kwdt\" data-element_type=\"widget\" data-e-type=\"widget\" data-widget_type=\"text-editor.default\">\n\t\t\t\t\t\t\t\t\t<p><em>Relaterede n\u00f8glebegreber: Sedna Nuliajuk Takannakapsaluk Angakkuq Iglulik Havherskerinde S\u00e6lherskerinde Pittailiniq.<\/em><\/p>\t\t\t\t\t\t\t\t<\/div>\n\t\t\t\t<\/div>\n\t\t\t\t\t<\/div>\n\t\t\t\t<\/div>\n\t\t<div class=\"elementor-element elementor-element-iwgw-sedna-cc e-flex e-con-boxed e-con e-parent\" data-id=\"iwgw-sedna-cc\" data-element_type=\"container\" data-e-type=\"container\" id=\"iwg-cc-sedna\">\n\t\t\t\t\t<div class=\"e-con-inner\">\n\t\t<div class=\"elementor-element elementor-element-iwgw-sedna-ccinner e-flex e-con-boxed e-con e-parent\" data-id=\"iwgw-sedna-ccinner\" data-element_type=\"container\" data-e-type=\"container\" data-settings=\"{&quot;background_background&quot;:&quot;classic&quot;}\">\n\t\t\t\t\t<div class=\"e-con-inner\">\n\t\t\t\t<div class=\"elementor-element elementor-element-iwgw-sedna-cch elementor-widget elementor-widget-heading\" data-id=\"iwgw-sedna-cch\" data-element_type=\"widget\" data-e-type=\"widget\" data-widget_type=\"heading.default\">\n\t\t\t\t\t<h2 class=\"elementor-heading-title elementor-size-default\">iWell Guard og beskyttelsestraditioner<\/h2>\t\t\t\t<\/div>\n\t\t\t\t<div class=\"elementor-element elementor-element-iwgw-sedna-cct elementor-widget elementor-widget-text-editor\" data-id=\"iwgw-sedna-cct\" data-element_type=\"widget\" data-e-type=\"widget\" data-widget_type=\"text-editor.default\">\n\t\t\t\t\t\t\t\t\t<div data-nosnippet=\"true\"><p>iWell Guard knytter sig til den kulturhistoriske tradition for b\u00e6rbare beskyttelsesobjekter, i traditionen fra <a href=\"https:\/\/iwell-guard.com\/da\/?page_id=138244\">inuitterne<\/a> og mange andre kulturer verden over. 41 lag, \u00e6gte guld, platin, s\u00f8lv, fremstillet i Tyskland. 30 dages returret.<\/p><\/div>\t\t\t\t\t\t\t\t<\/div>\n\t\t\t\t<div class=\"elementor-element elementor-element-iwgw-sedna-ccb iwg-cc-button iwg-cc-cta-2026-05-13 elementor-widget elementor-widget-jet-button\" data-id=\"iwgw-sedna-ccb\" data-element_type=\"widget\" data-e-type=\"widget\" data-widget_type=\"jet-button.default\">\n\t\t\t\t<div class=\"elementor-widget-container\">\n\t\t\t\t\t<div class=\"elementor-jet-button jet-elements\"><div class=\"jet-button__container\"><a class=\"jet-button__instance jet-button__instance--icon-left hover-effect-1\" href=\"\/ueber-iwell-guard\/?utm_source=iwell-guard.com&amp;utm_medium=info-box&amp;utm_campaign=wesen-tradition\"><div class=\"jet-button__plane jet-button__plane-normal\"><\/div><div class=\"jet-button__plane jet-button__plane-hover\"><\/div><div class=\"jet-button__state jet-button__state-normal\"><span class=\"jet-button__label\">Mere om iWell Guard<\/span><\/div><div class=\"jet-button__state jet-button__state-hover\"><span class=\"jet-button__label\">Mere om iWell Guard<\/span><\/div><\/a><\/div><\/div><style>.elementor-element.elementor-element-iwgw-sedna-ccb .jet-button__instance{width:320px;height:56px;}.elementor-element.elementor-element-iwgw-sedna-ccb .jet-button__state-normal .jet-button__label{text-align:center;margin:0px 0px 0px 0px;color:#1a1b20;font-family:Montserrat,sans-serif;font-size:13px;font-weight:400;letter-spacing:4px;line-height:1.714em;text-transform:uppercase;}.elementor-element.elementor-element-iwgw-sedna-ccb .jet-button__state-hover .jet-button__label{text-align:center;margin:0px 0px 0px 0px;color:#FECC76;font-family:Montserrat,sans-serif;font-size:13px;font-weight:400;letter-spacing:4px;line-height:1.714em;text-transform:uppercase;}.elementor-element.elementor-element-iwgw-sedna-ccb .jet-button__plane-normal{background-color:#FECC76;border-style:solid;border-color:#C99540;border-width:2px 2px 2px 2px;}.elementor-element.elementor-element-iwgw-sedna-ccb .jet-button__plane-hover{background-color:rgba(0,0,0,0.55);border-style:solid;border-color:#FECC76;border-width:2px 2px 2px 2px;}<\/style>\t\t\t\t<\/div>\n\t\t\t\t<\/div>\n\t\t\t\t<div class=\"elementor-element elementor-element-iwgw-sedna-ccd elementor-widget elementor-widget-text-editor\" data-id=\"iwgw-sedna-ccd\" data-element_type=\"widget\" data-e-type=\"widget\" data-widget_type=\"text-editor.default\">\n\t\t\t\t\t\t\t\t\t<div data-nosnippet=\"true\"><p style=\"text-align:center;font-size:13px;opacity:0.7;margin-top:14px\" data-nosnippet=\"true\">Personlige erfaringer kan variere. Ikke et medicinsk produkt. Intet helbredelsesl\u00f8fte.<\/p><\/div>\t\t\t\t\t\t\t\t<\/div>\n\t\t\t\t\t<\/div>\n\t\t\t\t<\/div>\n\t\t\t\t\t<\/div>\n\t\t\t\t<\/div>\n\t\t<div class=\"elementor-element elementor-element-iwgw-sedna-disc e-flex e-con-boxed e-con e-parent\" data-id=\"iwgw-sedna-disc\" data-element_type=\"container\" data-e-type=\"container\">\n\t\t\t\t\t<div class=\"e-con-inner\">\n\t\t\t\t<div class=\"elementor-element elementor-element-iwgw-sedna-discw elementor-widget elementor-widget-html\" data-id=\"iwgw-sedna-discw\" data-element_type=\"widget\" data-e-type=\"widget\" data-widget_type=\"html.default\">\n\t\t\t\t\t<footer data-nosnippet=\"true\" class=\"iwg-disclaimer-block\"><p data-nosnippet=\"true\">iWell Guard er <strong>ikke et medicinsk produkt<\/strong> og erstatter ikke l\u00e6ge- eller psykoterapeutisk behandling. De religionsvidenskabelige indhold er en kulturhistorisk indplacering, ikke en anbefaling af spirituel praksis.<\/p><\/footer>\t\t\t\t<\/div>\n\t\t\t\t\t<\/div>\n\t\t\t\t<\/div>\n\t\t\t\t<\/div>\n\t\t","protected":false},"excerpt":{"rendered":"","protected":false},"author":3,"featured_media":2885,"parent":0,"menu_order":0,"comment_status":"closed","ping_status":"closed","template":"elementor_header_footer","meta":{"_yoast_wpseo_focuskw":"Sedna inuittisk havgudinde","_yoast_wpseo_title":"Sedna \u2013 havets herskerinde hos inuitterne, myte og kult","_yoast_wpseo_metadesc":"Sedna anses for herskerinde over havdyrene i den inuitiske pantheon. Religionsvidenskabelig indordning: myte, shamanpraksis, kilder.","_yoast_wpseo_meta-robots-noindex":"","_yoast_wpseo_canonical":"","_angie_page":false,"gefaehrdungsstufe":"3","wesen_kultur":"inuit","wesen_klasse":"geister","footnotes":""},"categories":[],"class_list":["post-138327","page","type-page","status-publish","has-post-thumbnail","hentry"],"yoast_head":"<!-- This site is optimized with the Yoast SEO Premium plugin v27.7 (Yoast SEO v28.3) - https:\/\/yoast.com\/product\/yoast-seo-premium-wordpress\/ -->\n<title>Sedna \u2013 havets herskerinde hos inuitterne, myte og kult<\/title>\n<meta name=\"description\" content=\"Sedna anses for herskerinde over havdyrene i den inuitiske pantheon. Religionsvidenskabelig indordning: myte, shamanpraksis, kilder.\" \/>\n<meta name=\"robots\" content=\"index, follow, max-snippet:-1, max-image-preview:large, max-video-preview:-1\" \/>\n<link rel=\"canonical\" href=\"https:\/\/iwell-guard.com\/da\/sedna-havets-herskerinde-hos-inuitterne\/\" \/>\n<meta property=\"og:locale\" content=\"da_DK\" \/>\n<meta property=\"og:type\" content=\"article\" \/>\n<meta property=\"og:title\" content=\"Sedna \u2013 havets herskerinde hos inuitterne\" \/>\n<meta property=\"og:description\" content=\"Sedna anses for herskerinde over havdyrene i den inuitiske pantheon. Religionsvidenskabelig indordning: myte, shamanpraksis, kilder.\" \/>\n<meta property=\"og:url\" content=\"https:\/\/iwell-guard.com\/da\/sedna-havets-herskerinde-hos-inuitterne\/\" \/>\n<meta property=\"og:site_name\" content=\"iWell Guard\" \/>\n<meta property=\"article:modified_time\" content=\"2026-09-03T07:57:34+00:00\" \/>\n<meta property=\"og:image\" content=\"https:\/\/iwell-guard.com\/wp-content\/uploads\/2026\/05\/goetter_inuit_sedna-1.webp\" \/>\n\t<meta property=\"og:image:width\" content=\"1024\" \/>\n\t<meta property=\"og:image:height\" content=\"1536\" \/>\n\t<meta property=\"og:image:type\" content=\"image\/webp\" \/>\n<meta name=\"twitter:card\" content=\"summary_large_image\" \/>\n<script type=\"application\/ld+json\" class=\"yoast-schema-graph\">{\"@context\":\"https:\\\/\\\/schema.org\",\"@graph\":[{\"@type\":\"WebPage\",\"@id\":\"https:\\\/\\\/iwell-guard.com\\\/da\\\/sedna-havets-herskerinde-hos-inuitterne\\\/\",\"url\":\"https:\\\/\\\/iwell-guard.com\\\/da\\\/sedna-havets-herskerinde-hos-inuitterne\\\/\",\"name\":\"Sedna \u2013 havets herskerinde hos inuitterne, myte og kult\",\"isPartOf\":{\"@id\":\"https:\\\/\\\/iwell-guard.com\\\/da\\\/#website\"},\"primaryImageOfPage\":{\"@id\":\"https:\\\/\\\/iwell-guard.com\\\/da\\\/sedna-havets-herskerinde-hos-inuitterne\\\/#primaryimage\"},\"image\":{\"@id\":\"https:\\\/\\\/iwell-guard.com\\\/da\\\/sedna-havets-herskerinde-hos-inuitterne\\\/#primaryimage\"},\"thumbnailUrl\":\"https:\\\/\\\/iwell-guard.com\\\/wp-content\\\/uploads\\\/2026\\\/05\\\/goetter_inuit_sedna-1.webp\",\"datePublished\":\"2026-09-03T07:08:44+00:00\",\"dateModified\":\"2026-09-03T07:57:34+00:00\",\"description\":\"Sedna anses for herskerinde over havdyrene i den inuitiske pantheon. Religionsvidenskabelig indordning: myte, shamanpraksis, kilder.\",\"breadcrumb\":{\"@id\":\"https:\\\/\\\/iwell-guard.com\\\/da\\\/sedna-havets-herskerinde-hos-inuitterne\\\/#breadcrumb\"},\"inLanguage\":\"da-DK\",\"potentialAction\":[{\"@type\":\"ReadAction\",\"target\":[\"https:\\\/\\\/iwell-guard.com\\\/da\\\/sedna-havets-herskerinde-hos-inuitterne\\\/\"]}]},{\"@type\":\"ImageObject\",\"inLanguage\":\"da-DK\",\"@id\":\"https:\\\/\\\/iwell-guard.com\\\/da\\\/sedna-havets-herskerinde-hos-inuitterne\\\/#primaryimage\",\"url\":\"https:\\\/\\\/iwell-guard.com\\\/wp-content\\\/uploads\\\/2026\\\/05\\\/goetter_inuit_sedna-1.webp\",\"contentUrl\":\"https:\\\/\\\/iwell-guard.com\\\/wp-content\\\/uploads\\\/2026\\\/05\\\/goetter_inuit_sedna-1.webp\",\"width\":1024,\"height\":1536,\"caption\":\"Guder fra den inuitiske tradition.\"},{\"@type\":\"BreadcrumbList\",\"@id\":\"https:\\\/\\\/iwell-guard.com\\\/da\\\/sedna-havets-herskerinde-hos-inuitterne\\\/#breadcrumb\",\"itemListElement\":[{\"@type\":\"ListItem\",\"position\":1,\"name\":\"Start\",\"item\":\"https:\\\/\\\/iwell-guard.com\\\/da\\\/?page_id=137908\"},{\"@type\":\"ListItem\",\"position\":2,\"name\":\"Sedna \u2013 havets herskerinde hos inuitterne\"}]},{\"@type\":\"WebSite\",\"@id\":\"https:\\\/\\\/iwell-guard.com\\\/da\\\/#website\",\"url\":\"https:\\\/\\\/iwell-guard.com\\\/da\\\/\",\"name\":\"iWell Guard\",\"description\":\"Schutz vor dunklen Einfl\u00fcssen\",\"publisher\":{\"@id\":\"https:\\\/\\\/iwell-guard.com\\\/da\\\/#organization\"},\"potentialAction\":[{\"@type\":\"SearchAction\",\"target\":{\"@type\":\"EntryPoint\",\"urlTemplate\":\"https:\\\/\\\/iwell-guard.com\\\/da\\\/?s={search_term_string}\"},\"query-input\":{\"@type\":\"PropertyValueSpecification\",\"valueRequired\":true,\"valueName\":\"search_term_string\"}}],\"inLanguage\":\"da-DK\"},{\"@type\":\"Organization\",\"@id\":\"https:\\\/\\\/iwell-guard.com\\\/da\\\/#organization\",\"name\":\"Ittermann electronic GmbH\",\"url\":\"https:\\\/\\\/iwell-guard.com\\\/da\\\/\",\"logo\":{\"@type\":\"ImageObject\",\"inLanguage\":\"da-DK\",\"@id\":\"https:\\\/\\\/iwell-guard.com\\\/da\\\/#\\\/schema\\\/logo\\\/image\\\/\",\"url\":\"https:\\\/\\\/iwell-guard.com\\\/wp-content\\\/uploads\\\/2026\\\/05\\\/Ittermann-Logo-1182x237-1.png\",\"contentUrl\":\"https:\\\/\\\/iwell-guard.com\\\/wp-content\\\/uploads\\\/2026\\\/05\\\/Ittermann-Logo-1182x237-1.png\",\"width\":1182,\"height\":237,\"caption\":\"Ittermann electronic GmbH\"},\"image\":{\"@id\":\"https:\\\/\\\/iwell-guard.com\\\/da\\\/#\\\/schema\\\/logo\\\/image\\\/\"},\"sameAs\":[\"https:\\\/\\\/pantip.com\\\/profile\\\/9367242\",\"https:\\\/\\\/micro.blog\\\/iwellguard\",\"https:\\\/\\\/www.diggerslist.com\\\/iwellguard\\\/about\",\"https:\\\/\\\/skitterphoto.com\\\/photographers\\\/2870314\\\/iwell-guard\",\"https:\\\/\\\/iwellguard.wordpress.com\\\/2026\\\/06\\\/06\\\/iwell-guard\\\/\",\"https:\\\/\\\/hub.docker.com\\\/u\\\/iwellguard\",\"https:\\\/\\\/www.pinterest.com\\\/iwellguard\\\/\",\"https:\\\/\\\/bit.ly\\\/m\\\/iwellguard\",\"https:\\\/\\\/entre-vos-mains.alsace.eu\\\/profiles\\\/iwellguard\\\/activity\",\"https:\\\/\\\/gravatar.com\\\/reallybeded8fd34\",\"https:\\\/\\\/naijamatta.com\\\/iwellguard\",\"https:\\\/\\\/www.goodreads.com\\\/iwellguard\",\"https:\\\/\\\/profile.hatena.ne.jp\\\/iwellguard\\\/\",\"https:\\\/\\\/experiment.com\\\/users\\\/iwellguard\",\"https:\\\/\\\/wakelet.com\\\/@iWellGuard82270\",\"https:\\\/\\\/www.chordie.com\\\/forum\\\/profile.php?id=2555664\",\"https:\\\/\\\/www.instapaper.com\\\/p\\\/17757966\",\"https:\\\/\\\/www.mapleprimes.com\\\/users\\\/iwellguard\",\"https:\\\/\\\/businesslistingplus.com\\\/profile\\\/iwell-guard\\\/\",\"https:\\\/\\\/telegra.ph\\\/iWell-Guard-06-06\",\"https:\\\/\\\/pbase.com\\\/iwellguard\\\/iwellguard\",\"https:\\\/\\\/b.hatena.ne.jp\\\/iwellguard\\\/20260607#bookmark-4788405196491818882\",\"https:\\\/\\\/fliphtml5.com\\\/home\\\/iwellguard\",\"https:\\\/\\\/anyflip.com\\\/homepage\\\/cmiwl#About\",\"https:\\\/\\\/transfur.com\\\/Users\\\/iwellguard\",\"http:\\\/\\\/delphi.larsbo.org\\\/user\\\/iwellguard\",\"https:\\\/\\\/jobs.lajobsportal.org\\\/profiles\\\/8380803-iwell-guard\",\"https:\\\/\\\/md.chaosdorf.de\\\/s\\\/jfbe5SBdJD\",\"https:\\\/\\\/www.lingvolive.com\\\/en-us\\\/profile\\\/9ecaeaca-ce11-4e51-9e71-01d55e2bff36\\\/translations\",\"https:\\\/\\\/www.fitday.com\\\/fitness\\\/forums\\\/members\\\/iwellguard.html\",\"https:\\\/\\\/www.mymeetbook.com\\\/iwellguard\",\"https:\\\/\\\/pxhere.com\\\/en\\\/photographer-me\\\/5040798\",\"https:\\\/\\\/disqus.com\\\/by\\\/iwellguard\\\/about\\\/\",\"https:\\\/\\\/pastelink.net\\\/hjwciqwq\",\"https:\\\/\\\/pubhtml5.com\\\/homepage\\\/scjhn\\\/\",\"https:\\\/\\\/www.bitchute.com\\\/channel\\\/2O2eOKzNqujT\",\"https:\\\/\\\/audiomack.com\\\/iwellguard\"]},{\"@type\":\"Article\",\"@id\":\"https:\\\/\\\/iwell-guard.com\\\/da\\\/sedna-havets-herskerinde-hos-inuitterne\\\/#article\",\"isPartOf\":{\"@id\":\"https:\\\/\\\/iwell-guard.com\\\/da\\\/sedna-havets-herskerinde-hos-inuitterne\\\/\"},\"author\":{\"name\":\"Ralf Ittermann\",\"@id\":\"https:\\\/\\\/iwell-guard.com\\\/da\\\/#\\\/schema\\\/person\\\/ee2a27f1cac3406c7c6fb5820cb7349f\"},\"headline\":\"Sedna \u2013 havets herskerinde hos inuitterne\",\"datePublished\":\"2026-09-03T07:08:44+00:00\",\"dateModified\":\"2026-09-03T07:57:34+00:00\",\"mainEntityOfPage\":{\"@id\":\"https:\\\/\\\/iwell-guard.com\\\/da\\\/sedna-havets-herskerinde-hos-inuitterne\\\/\"},\"publisher\":{\"@id\":\"https:\\\/\\\/iwell-guard.com\\\/da\\\/#organization\"},\"image\":{\"@id\":\"https:\\\/\\\/iwell-guard.com\\\/da\\\/sedna-havets-herskerinde-hos-inuitterne\\\/#primaryimage\"},\"thumbnailUrl\":\"https:\\\/\\\/iwell-guard.com\\\/wp-content\\\/uploads\\\/2026\\\/05\\\/goetter_inuit_sedna-1.webp\",\"inLanguage\":\"da-DK\",\"description\":\"Sedna anses for herskerinde over havdyrene i den inuitiske pantheon. Religionsvidenskabelig indordning: myte, shamanpraksis, kilder.\"}]}<\/script>\n<!-- \/ Yoast SEO Premium plugin. -->","yoast_head_json":{"title":"Sedna \u2013 havets herskerinde hos inuitterne, myte og kult","description":"Sedna anses for herskerinde over havdyrene i den inuitiske pantheon. Religionsvidenskabelig indordning: myte, shamanpraksis, kilder.","robots":{"index":"index","follow":"follow","max-snippet":"max-snippet:-1","max-image-preview":"max-image-preview:large","max-video-preview":"max-video-preview:-1"},"canonical":"https:\/\/iwell-guard.com\/da\/sedna-havets-herskerinde-hos-inuitterne\/","og_locale":"da_DK","og_type":"article","og_title":"Sedna \u2013 havets herskerinde hos inuitterne","og_description":"Sedna anses for herskerinde over havdyrene i den inuitiske pantheon. Religionsvidenskabelig indordning: myte, shamanpraksis, kilder.","og_url":"https:\/\/iwell-guard.com\/da\/sedna-havets-herskerinde-hos-inuitterne\/","og_site_name":"iWell Guard","article_modified_time":"2026-09-03T07:57:34+00:00","og_image":[{"width":1024,"height":1536,"url":"https:\/\/iwell-guard.com\/wp-content\/uploads\/2026\/05\/goetter_inuit_sedna-1.webp","type":"image\/webp"}],"twitter_card":"summary_large_image","schema":{"@context":"https:\/\/schema.org","@graph":[{"@type":"Article","@id":"https:\/\/iwell-guard.com\/da\/sedna-havets-herskerinde-hos-inuitterne\/#article","isPartOf":{"@id":"https:\/\/iwell-guard.com\/da\/sedna-havets-herskerinde-hos-inuitterne\/"},"author":{"name":"Ralf Ittermann","@id":"https:\/\/iwell-guard.com\/da\/#\/schema\/person\/ee2a27f1cac3406c7c6fb5820cb7349f"},"headline":"Sedna \u2013 havets herskerinde hos inuitterne","datePublished":"2026-09-03T07:08:44+00:00","dateModified":"2026-09-03T07:57:34+00:00","mainEntityOfPage":{"@id":"https:\/\/iwell-guard.com\/da\/sedna-havets-herskerinde-hos-inuitterne\/"},"publisher":{"@id":"https:\/\/iwell-guard.com\/da\/#organization"},"image":{"@id":"https:\/\/iwell-guard.com\/da\/sedna-havets-herskerinde-hos-inuitterne\/#primaryimage"},"thumbnailUrl":"https:\/\/iwell-guard.com\/wp-content\/uploads\/2026\/05\/goetter_inuit_sedna-1.webp","inLanguage":"da-DK","description":"Sedna anses for herskerinde over havdyrene i den inuitiske pantheon. Religionsvidenskabelig indordning: myte, shamanpraksis, kilder."},{"@type":"WebPage","@id":"https:\/\/iwell-guard.com\/da\/sedna-havets-herskerinde-hos-inuitterne\/","url":"https:\/\/iwell-guard.com\/da\/sedna-havets-herskerinde-hos-inuitterne\/","name":"Sedna \u2013 havets herskerinde hos inuitterne, myte og kult","isPartOf":{"@id":"https:\/\/iwell-guard.com\/da\/#website"},"primaryImageOfPage":{"@id":"https:\/\/iwell-guard.com\/da\/sedna-havets-herskerinde-hos-inuitterne\/#primaryimage"},"image":{"@id":"https:\/\/iwell-guard.com\/da\/sedna-havets-herskerinde-hos-inuitterne\/#primaryimage"},"thumbnailUrl":"https:\/\/iwell-guard.com\/wp-content\/uploads\/2026\/05\/goetter_inuit_sedna-1.webp","datePublished":"2026-09-03T07:08:44+00:00","dateModified":"2026-09-03T07:57:34+00:00","description":"Sedna anses for herskerinde over havdyrene i den inuitiske pantheon. Religionsvidenskabelig indordning: myte, shamanpraksis, kilder.","breadcrumb":{"@id":"https:\/\/iwell-guard.com\/da\/sedna-havets-herskerinde-hos-inuitterne\/#breadcrumb"},"inLanguage":"da-DK","potentialAction":[{"@type":"ReadAction","target":["https:\/\/iwell-guard.com\/da\/sedna-havets-herskerinde-hos-inuitterne\/"]}]},{"@type":"ImageObject","inLanguage":"da-DK","@id":"https:\/\/iwell-guard.com\/da\/sedna-havets-herskerinde-hos-inuitterne\/#primaryimage","url":"https:\/\/iwell-guard.com\/wp-content\/uploads\/2026\/05\/goetter_inuit_sedna-1.webp","contentUrl":"https:\/\/iwell-guard.com\/wp-content\/uploads\/2026\/05\/goetter_inuit_sedna-1.webp","width":1024,"height":1536,"caption":"Guder fra den inuitiske tradition."},{"@type":"BreadcrumbList","@id":"https:\/\/iwell-guard.com\/da\/sedna-havets-herskerinde-hos-inuitterne\/#breadcrumb","itemListElement":[{"@type":"ListItem","position":1,"name":"Start","item":"https:\/\/iwell-guard.com\/da\/?page_id=137908"},{"@type":"ListItem","position":2,"name":"Sedna \u2013 havets herskerinde hos inuitterne"}]},{"@type":"WebSite","@id":"https:\/\/iwell-guard.com\/da\/#website","url":"https:\/\/iwell-guard.com\/da\/","name":"iWell Guard","description":"Schutz vor dunklen Einfl\u00fcssen","publisher":{"@id":"https:\/\/iwell-guard.com\/da\/#organization"},"potentialAction":[{"@type":"SearchAction","target":{"@type":"EntryPoint","urlTemplate":"https:\/\/iwell-guard.com\/da\/?s={search_term_string}"},"query-input":{"@type":"PropertyValueSpecification","valueRequired":true,"valueName":"search_term_string"}}],"inLanguage":"da-DK"},{"@type":"Organization","@id":"https:\/\/iwell-guard.com\/da\/#organization","name":"Ittermann electronic GmbH","url":"https:\/\/iwell-guard.com\/da\/","logo":{"@type":"ImageObject","inLanguage":"da-DK","@id":"https:\/\/iwell-guard.com\/da\/#\/schema\/logo\/image\/","url":"https:\/\/iwell-guard.com\/wp-content\/uploads\/2026\/05\/Ittermann-Logo-1182x237-1.png","contentUrl":"https:\/\/iwell-guard.com\/wp-content\/uploads\/2026\/05\/Ittermann-Logo-1182x237-1.png","width":1182,"height":237,"caption":"Ittermann electronic GmbH"},"image":{"@id":"https:\/\/iwell-guard.com\/da\/#\/schema\/logo\/image\/"},"sameAs":["https:\/\/pantip.com\/profile\/9367242","https:\/\/micro.blog\/iwellguard","https:\/\/www.diggerslist.com\/iwellguard\/about","https:\/\/skitterphoto.com\/photographers\/2870314\/iwell-guard","https:\/\/iwellguard.wordpress.com\/2026\/06\/06\/iwell-guard\/","https:\/\/hub.docker.com\/u\/iwellguard","https:\/\/www.pinterest.com\/iwellguard\/","https:\/\/bit.ly\/m\/iwellguard","https:\/\/entre-vos-mains.alsace.eu\/profiles\/iwellguard\/activity","https:\/\/gravatar.com\/reallybeded8fd34","https:\/\/naijamatta.com\/iwellguard","https:\/\/www.goodreads.com\/iwellguard","https:\/\/profile.hatena.ne.jp\/iwellguard\/","https:\/\/experiment.com\/users\/iwellguard","https:\/\/wakelet.com\/@iWellGuard82270","https:\/\/www.chordie.com\/forum\/profile.php?id=2555664","https:\/\/www.instapaper.com\/p\/17757966","https:\/\/www.mapleprimes.com\/users\/iwellguard","https:\/\/businesslistingplus.com\/profile\/iwell-guard\/","https:\/\/telegra.ph\/iWell-Guard-06-06","https:\/\/pbase.com\/iwellguard\/iwellguard","https:\/\/b.hatena.ne.jp\/iwellguard\/20260607#bookmark-4788405196491818882","https:\/\/fliphtml5.com\/home\/iwellguard","https:\/\/anyflip.com\/homepage\/cmiwl#About","https:\/\/transfur.com\/Users\/iwellguard","http:\/\/delphi.larsbo.org\/user\/iwellguard","https:\/\/jobs.lajobsportal.org\/profiles\/8380803-iwell-guard","https:\/\/md.chaosdorf.de\/s\/jfbe5SBdJD","https:\/\/www.lingvolive.com\/en-us\/profile\/9ecaeaca-ce11-4e51-9e71-01d55e2bff36\/translations","https:\/\/www.fitday.com\/fitness\/forums\/members\/iwellguard.html","https:\/\/www.mymeetbook.com\/iwellguard","https:\/\/pxhere.com\/en\/photographer-me\/5040798","https:\/\/disqus.com\/by\/iwellguard\/about\/","https:\/\/pastelink.net\/hjwciqwq","https:\/\/pubhtml5.com\/homepage\/scjhn\/","https:\/\/www.bitchute.com\/channel\/2O2eOKzNqujT","https:\/\/audiomack.com\/iwellguard"]},{"@type":"Person","@id":"https:\/\/iwell-guard.com\/da\/#\/schema\/person\/ee2a27f1cac3406c7c6fb5820cb7349f","name":"Ralf Ittermann","image":{"@type":"ImageObject","inLanguage":"da-DK","@id":"https:\/\/secure.gravatar.com\/avatar\/073c0153e350a5005b68eb752b445fea71f6b24a26da9449ad7e155e6b446c9d?s=96&d=mm&r=g","url":"https:\/\/secure.gravatar.com\/avatar\/073c0153e350a5005b68eb752b445fea71f6b24a26da9449ad7e155e6b446c9d?s=96&d=mm&r=g","contentUrl":"https:\/\/secure.gravatar.com\/avatar\/073c0153e350a5005b68eb752b445fea71f6b24a26da9449ad7e155e6b446c9d?s=96&d=mm&r=g","caption":"Ralf Ittermann"},"givenName":"Ralf","familyName":"Ittermann","jobTitle":"Gesch\u00e4ftsf\u00fchrer und redaktioneller Verantwortlicher","url":"https:\/\/iwell-guard.com\/da\/author\/claude\/","description":"Ralf Ittermann ist Gesch\u00e4ftsf\u00fchrer der Ittermann electronic GmbH und redaktioneller Verantwortlicher des iWell-Guard-Lexikons. Er verbindet langj\u00e4hrige Erfahrung in der Pr\u00e4zisionsfertigung mit medialer Praxis und religionsgeschichtlicher Quellenarbeit.","worksFor":{"@type":"Organization","name":"Ittermann electronic GmbH","url":"https:\/\/ittermann.de\/","address":{"@type":"PostalAddress","streetAddress":"K\u00f6hlergasse 16-18","postalCode":"99842","addressLocality":"Ruhla","addressCountry":"DE"}},"knowsAbout":["Religionsgeschichte","Mythologie","Mediale Praxis","Energetische Diagnostik","Schutzpraxis","Volksglauben","Westliche Esoterik"]},{"@type":"Article","@id":"https:\/\/iwell-guard.com\/da\/sedna-havets-herskerinde-hos-inuitterne\/#article","isPartOf":{"@id":"https:\/\/iwell-guard.com\/da\/sedna-havets-herskerinde-hos-inuitterne\/"},"author":{"name":"Ralf Ittermann","@id":"https:\/\/iwell-guard.com\/da\/#\/schema\/person\/ee2a27f1cac3406c7c6fb5820cb7349f"},"headline":"Sedna \u2013 havets herskerinde hos inuitterne","datePublished":"2026-09-03T07:08:44+00:00","dateModified":"2026-09-03T07:57:34+00:00","mainEntityOfPage":{"@id":"https:\/\/iwell-guard.com\/da\/sedna-havets-herskerinde-hos-inuitterne\/"},"publisher":{"@id":"https:\/\/iwell-guard.com\/da\/#organization"},"image":{"@id":"https:\/\/iwell-guard.com\/da\/sedna-havets-herskerinde-hos-inuitterne\/#primaryimage"},"thumbnailUrl":"https:\/\/iwell-guard.com\/wp-content\/uploads\/2026\/05\/goetter_inuit_sedna-1.webp","inLanguage":"da-DK","description":"Sedna anses for herskerinde over havdyrene i den inuitiske pantheon. Religionsvidenskabelig indordning: myte, shamanpraksis, kilder."}]}},"_links":{"self":[{"href":"https:\/\/iwell-guard.com\/da\/wp-json\/wp\/v2\/pages\/138327","targetHints":{"allow":["GET"]}}],"collection":[{"href":"https:\/\/iwell-guard.com\/da\/wp-json\/wp\/v2\/pages"}],"about":[{"href":"https:\/\/iwell-guard.com\/da\/wp-json\/wp\/v2\/types\/page"}],"author":[{"embeddable":true,"href":"https:\/\/iwell-guard.com\/da\/wp-json\/wp\/v2\/users\/3"}],"replies":[{"embeddable":true,"href":"https:\/\/iwell-guard.com\/da\/wp-json\/wp\/v2\/comments?post=138327"}],"version-history":[{"count":0,"href":"https:\/\/iwell-guard.com\/da\/wp-json\/wp\/v2\/pages\/138327\/revisions"}],"wp:featuredmedia":[{"embeddable":true,"href":"https:\/\/iwell-guard.com\/da\/wp-json\/wp\/v2\/media\/2885"}],"wp:attachment":[{"href":"https:\/\/iwell-guard.com\/da\/wp-json\/wp\/v2\/media?parent=138327"}],"wp:term":[{"taxonomy":"category","embeddable":true,"href":"https:\/\/iwell-guard.com\/da\/wp-json\/wp\/v2\/categories?post=138327"}],"curies":[{"name":"wp","href":"https:\/\/api.w.org\/{rel}","templated":true}]}}