{"id":138306,"date":"2026-09-03T07:08:26","date_gmt":"2026-09-03T07:08:26","guid":{"rendered":"https:\/\/iwell-guard.com\/?page_id=138306"},"modified":"2026-09-03T07:56:55","modified_gmt":"2026-09-03T07:56:55","slug":"reshef-fonikisk-pest-og-krigsgud","status":"publish","type":"page","link":"https:\/\/iwell-guard.com\/da\/reshef-fonikisk-pest-og-krigsgud\/","title":{"rendered":"Reshef \u2013 f\u00f8nikisk pest- og krigsgud"},"content":{"rendered":"\t\t<div data-elementor-type=\"wp-page\" data-elementor-id=\"138306\" class=\"elementor elementor-138306 elementor-2633 elementor-bc-flex-widget\" data-elementor-post-type=\"page\">\n\t\t\t\t<div class=\"elementor-element elementor-element-iwgw-reshef-hero e-flex e-con-boxed e-con e-parent\" data-id=\"iwgw-reshef-hero\" data-element_type=\"container\" data-e-type=\"container\" data-settings=\"{&quot;background_background&quot;:&quot;classic&quot;}\">\n\t\t\t\t\t<div class=\"e-con-inner\">\n\t\t<div class=\"elementor-element elementor-element-iwgw-reshef-hl e-flex e-con-boxed e-con e-child\" data-id=\"iwgw-reshef-hl\" data-element_type=\"container\" data-e-type=\"container\">\n\t\t\t\t\t<div class=\"e-con-inner\">\n\t\t<div class=\"elementor-element elementor-element-iwgw-reshef-htxt e-con-full e-flex e-con e-child\" data-id=\"iwgw-reshef-htxt\" data-element_type=\"container\" data-e-type=\"container\">\n\t\t\t\t<div class=\"elementor-element elementor-element-iwgw-reshef-h1 elementor-widget elementor-widget-heading\" data-id=\"iwgw-reshef-h1\" data-element_type=\"widget\" data-e-type=\"widget\" data-widget_type=\"heading.default\">\n\t\t\t\t\t<h1 class=\"elementor-heading-title elementor-size-default\">Reshef, f\u00f8nikisk-kana'an\u00e6isk pest- og krigsgud<\/h1>\t\t\t\t<\/div>\n\t\t\t\t<div class=\"elementor-element elementor-element-iwgw-reshef-lead elementor-widget elementor-widget-text-editor\" data-id=\"iwgw-reshef-lead\" data-element_type=\"widget\" data-e-type=\"widget\" data-widget_type=\"text-editor.default\">\n\t\t\t\t\t\t\t\t\t<p>Reshef (f\u00f8nikisk <em>r\u0161p<\/em>, ugaritisk <em>r\u0161p<\/em>) er den f\u00f8nikisk-kana&#8217;an\u00e6iske gud for pest, krig og bue. Han blev tilbedt i Forasien og i det faraoniske Egypten som en ambivalent magt: bringer af sygdom og d\u00f8d, samtidig beskyttelsesgud mod disse onder.<\/p>\t\t\t\t\t\t\t\t<\/div>\n\t\t\t\t<\/div>\n\t\t<div class=\"elementor-element elementor-element-iwgw-reshef-pillc e-con-full e-flex e-con e-child\" data-id=\"iwgw-reshef-pillc\" data-element_type=\"container\" data-e-type=\"container\">\n\t\t\t\t<div class=\"elementor-element elementor-element-iwgw-reshef-pills elementor-widget elementor-widget-html\" data-id=\"iwgw-reshef-pills\" data-element_type=\"widget\" data-e-type=\"widget\" data-widget_type=\"html.default\">\n\t\t\t\t\t<div class=\"iwg-pill-row\"><span class=\"iwg-klasse-badge\" tabindex=\"0\" data-tooltip=\"Gud i den f\u00f8nikiske tradition.\">Gud<\/span><a href=\"https:\/\/iwell-guard.com\/da\/?page_id=138242\" class=\"iwg-kultur-badge\" tabindex=\"0\" data-tooltip=\"Mytologi i den f\u00f8nikiske tradition.\">F\u00f8nikisk<\/a><span class=\"iwg-tradition-badge\" tabindex=\"0\" data-tooltip=\"Pest- og krigsgud.\">Pest- og krigsgud<\/span><\/div>\t\t\t\t<\/div>\n\t\t\t\t<\/div>\n\t\t<div class=\"elementor-element elementor-element-iwgw-reshef-tocc e-con-full e-flex e-con e-child\" data-id=\"iwgw-reshef-tocc\" data-element_type=\"container\" data-e-type=\"container\">\n\t\t\t\t<div class=\"elementor-element elementor-element-iwgw-reshef-toc elementor-toc--minimized-on-tablet elementor-widget elementor-widget-table-of-contents\" data-id=\"iwgw-reshef-toc\" data-element_type=\"widget\" data-e-type=\"widget\" data-settings=\"{&quot;headings_by_tags&quot;:[&quot;h2&quot;,&quot;h3&quot;],&quot;minimize_box&quot;:&quot;yes&quot;,&quot;marker_view&quot;:&quot;bullets&quot;,&quot;no_headings_message&quot;:&quot;Der blev ikke fundet nogen overskrifter p\\u00e5 denne side.&quot;,&quot;exclude_headings_by_selector&quot;:[],&quot;icon&quot;:{&quot;value&quot;:&quot;fas fa-circle&quot;,&quot;library&quot;:&quot;fa-solid&quot;,&quot;rendered_tag&quot;:&quot;&lt;svg class=\\&quot;e-font-icon-svg e-fas-circle\\&quot; viewBox=\\&quot;0 0 512 512\\&quot; xmlns=\\&quot;http:\\\/\\\/www.w3.org\\\/2000\\\/svg\\&quot;&gt;&lt;path d=\\&quot;M256 8C119 8 8 119 8 256s111 248 248 248 248-111 248-248S393 8 256 8z\\&quot;&gt;&lt;\\\/path&gt;&lt;\\\/svg&gt;&quot;},&quot;minimized_on&quot;:&quot;tablet&quot;,&quot;hierarchical_view&quot;:&quot;yes&quot;,&quot;min_height&quot;:{&quot;unit&quot;:&quot;px&quot;,&quot;size&quot;:&quot;&quot;,&quot;sizes&quot;:[]},&quot;min_height_tablet&quot;:{&quot;unit&quot;:&quot;px&quot;,&quot;size&quot;:&quot;&quot;,&quot;sizes&quot;:[]},&quot;min_height_mobile&quot;:{&quot;unit&quot;:&quot;px&quot;,&quot;size&quot;:&quot;&quot;,&quot;sizes&quot;:[]}}\" data-widget_type=\"table-of-contents.default\">\n\t\t\t\t\t\t\t\t\t<div class=\"elementor-toc__header\">\n\t\t\t\t\t\t<h2 class=\"elementor-toc__header-title\">\n\t\t\t\tIndholdsfortegnelse\t\t\t<\/h2>\n\t\t\t\t\t\t\t\t\t\t<div class=\"elementor-toc__toggle-button elementor-toc__toggle-button--expand\" role=\"button\" tabindex=\"0\" aria-controls=\"elementor-toc__iwgw-reshef-toc\" aria-expanded=\"true\" aria-label=\"Open table of contents\"><svg aria-hidden=\"true\" class=\"e-font-icon-svg e-fas-chevron-down\" viewBox=\"0 0 448 512\" xmlns=\"http:\/\/www.w3.org\/2000\/svg\"><path d=\"M207.029 381.476L12.686 187.132c-9.373-9.373-9.373-24.569 0-33.941l22.667-22.667c9.357-9.357 24.522-9.375 33.901-.04L224 284.505l154.745-154.021c9.379-9.335 24.544-9.317 33.901.04l22.667 22.667c9.373 9.373 9.373 24.569 0 33.941L240.971 381.476c-9.373 9.372-24.569 9.372-33.942 0z\"><\/path><\/svg><\/div>\n\t\t\t\t<div class=\"elementor-toc__toggle-button elementor-toc__toggle-button--collapse\" role=\"button\" tabindex=\"0\" aria-controls=\"elementor-toc__iwgw-reshef-toc\" aria-expanded=\"true\" aria-label=\"Close table of contents\"><svg aria-hidden=\"true\" class=\"e-font-icon-svg e-fas-chevron-up\" viewBox=\"0 0 448 512\" xmlns=\"http:\/\/www.w3.org\/2000\/svg\"><path d=\"M240.971 130.524l194.343 194.343c9.373 9.373 9.373 24.569 0 33.941l-22.667 22.667c-9.357 9.357-24.522 9.375-33.901.04L224 227.495 69.255 381.516c-9.379 9.335-24.544 9.317-33.901-.04l-22.667-22.667c-9.373-9.373-9.373-24.569 0-33.941L207.03 130.525c9.372-9.373 24.568-9.373 33.941-.001z\"><\/path><\/svg><\/div>\n\t\t\t\t\t<\/div>\n\t\t\t\t<div id=\"elementor-toc__iwgw-reshef-toc\" class=\"elementor-toc__body\">\n\t\t\t<div class=\"elementor-toc__spinner-container\">\n\t\t\t\t<svg class=\"elementor-toc__spinner eicon-animation-spin e-font-icon-svg e-eicon-loading\" aria-hidden=\"true\" viewBox=\"0 0 1000 1000\" xmlns=\"http:\/\/www.w3.org\/2000\/svg\"><path d=\"M500 975V858C696 858 858 696 858 500S696 142 500 142 142 304 142 500H25C25 237 238 25 500 25S975 237 975 500 763 975 500 975Z\"><\/path><\/svg>\t\t\t<\/div>\n\t\t<\/div>\n\t\t\t\t\t\t<\/div>\n\t\t\t\t<\/div>\n\t\t\t\t\t<\/div>\n\t\t\t\t<\/div>\n\t\t<div class=\"elementor-element elementor-element-iwgw-reshef-hr e-con-full e-flex e-con e-child\" data-id=\"iwgw-reshef-hr\" data-element_type=\"container\" data-e-type=\"container\">\n\t\t\t\t<div class=\"elementor-element elementor-element-iwgw-reshef-heroimg iwg-hero-image elementor-widget elementor-widget-image\" data-id=\"iwgw-reshef-heroimg\" data-element_type=\"widget\" data-e-type=\"widget\" data-widget_type=\"image.default\">\n\t\t\t\t\t\t\t\t\t\t\t\t\t\t\t<img fetchpriority=\"high\" decoding=\"async\" width=\"683\" height=\"1024\" src=\"https:\/\/iwell-guard.com\/wp-content\/uploads\/2026\/05\/goetter_phoenizisch_reshef-683x1024.webp\" class=\"attachment-large size-large wp-image-140132\" alt=\"Reshef - guder fra den f\u00f8nikiske tradition, historisk-illustrativ\" srcset=\"https:\/\/iwell-guard.com\/wp-content\/uploads\/2026\/05\/goetter_phoenizisch_reshef-683x1024.webp 683w, https:\/\/iwell-guard.com\/wp-content\/uploads\/2026\/05\/goetter_phoenizisch_reshef-200x300.webp 200w, https:\/\/iwell-guard.com\/wp-content\/uploads\/2026\/05\/goetter_phoenizisch_reshef-768x1152.webp 768w, https:\/\/iwell-guard.com\/wp-content\/uploads\/2026\/05\/goetter_phoenizisch_reshef.webp 1024w\" sizes=\"(max-width: 683px) 100vw, 683px\" \/>\t\t\t\t\t\t\t\t\t\t\t\t\t\t\t<\/div>\n\t\t\t\t<\/div>\n\t\t\t\t\t<\/div>\n\t\t\t\t<\/div>\n\t\t\t\t<section class=\"elementor-section elementor-top-section elementor-element elementor-element-sec-iwgcomp2-reshef elementor-section-boxed elementor-section-height-default elementor-section-height-default\" data-id=\"sec-iwgcomp2-reshef\" data-element_type=\"section\" data-e-type=\"section\">\n\t\t\t\t\t\t<div class=\"elementor-container elementor-column-gap-default\">\n\t\t\t\t\t<div class=\"elementor-column elementor-col-100 elementor-top-column elementor-element elementor-element-col-iwgcomp2-reshef\" data-id=\"col-iwgcomp2-reshef\" data-element_type=\"column\" data-e-type=\"column\">\n\t\t\t<div class=\"elementor-widget-wrap elementor-element-populated\">\n\t\t\t\t\t\t<div class=\"elementor-element elementor-element-iwgcomp2-reshef elementor-widget elementor-widget-text-editor\" data-id=\"iwgcomp2-reshef\" data-element_type=\"widget\" data-e-type=\"widget\" data-widget_type=\"text-editor.default\">\n\t\t\t\t\t\t\t\t\t<p>Reshef fremst\u00e5r som <strong>f\u00f8nikisk-kana&#8217;an\u00e6isk<\/strong> pest- og krigsgud i teksterne fra Ugarit og Levanten.<\/p>\t\t\t\t\t\t\t\t<\/div>\n\t\t\t\t\t<\/div>\n\t\t<\/div>\n\t\t\t\t\t<\/div>\n\t\t<\/section>\n\t\t<div class=\"elementor-element elementor-element-iwgw-reshef-s0 e-flex e-con-boxed e-con e-parent\" data-id=\"iwgw-reshef-s0\" data-element_type=\"container\" data-e-type=\"container\">\n\t\t\t\t\t<div class=\"e-con-inner\">\n\t\t\t\t<div class=\"elementor-element elementor-element-iwgw-reshef-s0h elementor-widget elementor-widget-heading\" data-id=\"iwgw-reshef-s0h\" data-element_type=\"widget\" data-e-type=\"widget\" data-widget_type=\"heading.default\">\n\t\t\t\t\t<h2 class=\"elementor-heading-title elementor-size-default\">Indordning og kort profil<\/h2>\t\t\t\t<\/div>\n\t\t<div class=\"elementor-element elementor-element-iwgw-reshef-s0c e-con-full e-flex e-con e-child\" data-id=\"iwgw-reshef-s0c\" data-element_type=\"container\" data-e-type=\"container\">\n\t\t\t\t<div class=\"elementor-element elementor-element-iwgw-reshef-s0t elementor-widget elementor-widget-text-editor\" data-id=\"iwgw-reshef-s0t\" data-element_type=\"widget\" data-e-type=\"widget\" data-widget_type=\"text-editor.default\">\n\t\t\t\t\t\t\t\t\t<p>Reshef er en af de \u00e6ldste guder i den vestsemitiske tradition; han er belagt i Ebla siden den oldsyriske periode (slutningen af det 3. \u00e5rtusinde f.Kr.) og forbliver aktiv indtil den hellenistisk-romerske periode.<\/p><p>Sabatino Moscati har i <em>Die Ph\u00f6niker<\/em> (1966) p\u00e5vist, at Reshef spiller en vigtig rolle i n\u00e6sten hver f\u00f8nikisk bystat; hans profil som pestgud og krigsgud g\u00f8r ham ambivalent, frygtet og samtidig p\u00e5kaldt om hj\u00e6lp.<\/p><p>Paolo Xella har i <em>I testi rituali di Ugarit<\/em> (1981) og Maciej M\u00fcnnich i <em>The God Resheph<\/em> (2013) unders\u00f8gt Reshef-teksterne omfattende. M\u00fcnnichs monografi er den mest udf\u00f8rlige moderne studie af denne gud og standardreference. Inden for <a href=\"https:\/\/iwell-guard.com\/da\/?page_id=138242\">den f\u00f8nikiske tradition<\/a> er Reshef den prototypiske ambivalente gud for sygdom og voldsom d\u00f8d.<\/p><p>Religionshistorisk h\u00f8rer Reshef til den internationale familie af &#8216;pestpil&#8217;-guder, som optr\u00e6der i n\u00e6sten alle forasiatiske mytologier: Erra\/Nergal i Mesopotamien, pestgud-aspekter ved den gr\u00e6ske Apollon, den hittitiske Yarri og flere andre. Disse guder sender pile, der bringer sygdom og d\u00f8d; men de kan ogs\u00e5 p\u00e5kaldes om beskyttelse mod disse onder. Denne ambivalens er kendetegnet ved Reshef-profilen.<\/p><p>En bem\u00e6rkelsesv\u00e6rdig egenskab ved Reshef er forbindelsen til hesten: I ugaritiske tekster kaldes han undertiden &#8216;Reshef af hestene&#8217;, hvilket muligvis peger p\u00e5 en funktion som beskyttelsesgud for stridsvognstropperne. Denne funktionsbredde, pest, krig, hest, bue, g\u00f8r Reshef til en kompleks gud med mange aspekter.<\/p>\t\t\t\t\t\t\t\t<\/div>\n\t\t\t\t<\/div>\n\t\t\t\t\t<\/div>\n\t\t\t\t<\/div>\n\t\t<div class=\"elementor-element elementor-element-iwgw-reshef-s1 e-flex e-con-boxed e-con e-parent\" data-id=\"iwgw-reshef-s1\" data-element_type=\"container\" data-e-type=\"container\">\n\t\t\t\t\t<div class=\"e-con-inner\">\n\t\t\t\t<div class=\"elementor-element elementor-element-iwgw-reshef-s1h elementor-widget elementor-widget-heading\" data-id=\"iwgw-reshef-s1h\" data-element_type=\"widget\" data-e-type=\"widget\" data-widget_type=\"heading.default\">\n\t\t\t\t\t<h2 class=\"elementor-heading-title elementor-size-default\">Navn og etymologi<\/h2>\t\t\t\t<\/div>\n\t\t<div class=\"elementor-element elementor-element-iwgw-reshef-s1c e-con-full e-flex e-con e-child\" data-id=\"iwgw-reshef-s1c\" data-element_type=\"container\" data-e-type=\"container\">\n\t\t\t\t<div class=\"elementor-element elementor-element-iwgw-reshef-s1t elementor-widget elementor-widget-text-editor\" data-id=\"iwgw-reshef-s1t\" data-element_type=\"widget\" data-e-type=\"widget\" data-widget_type=\"text-editor.default\">\n\t\t\t\t\t\t\t\t\t<p>Navnet <em>r\u0161p<\/em> er vestsemitisk; etymologien er ikke endeligt klarlagt. En plausibel tolkning forbinder det med roden <em>r\u0161p<\/em> &#8216;flamme, lyn, gnist&#8217;, hvilket ville passe med hans pil- og pestikonografi. P\u00e5 hebraisk optr\u00e6der <em>re\u0161ef<\/em> som substantiv for &#8216;pil&#8217; eller &#8216;feberild&#8217; (5 Mos 32,24; Job 5,7; H\u00f8js 8,6), en direkte semantisk arv.<\/p><p>I indskrifter optr\u00e6der han som <em>r\u0161p<\/em>, ofte med tilnavne: Reshef-Hagab (&#8216;Reshef af gr\u00e6shoppen&#8217;), Reshef-Mlk (&#8216;Reshef kongen&#8217;), Reshef-\u0160uluman (&#8216;Reshef af freden&#8217;). Denne mangfoldighed af tilnavne afspejler hans mange hypostaser i forskellige lokale kontekster. I Ebla optr\u00e6der han allerede i det 24. \u00e5rhundrede f.Kr.; i Ugarit er han en fremtr\u00e6dende gud.<\/p><p>I Egypten optr\u00e6der han fra Det Nye Rige som &#8216;Reshep&#8217;, importeret ind i det egyptiske <span class=\"iwg-fachbegriff\" data-tooltip=\"Samlingen af guder i en religion eller kultur.\" tabindex=\"0\">pantheon<\/span>. Farao Amenhotep 2. (15. \u00e5rhundrede f.Kr.) tilbad ham som krigs- og buegud; p\u00e5 talrige stele fra Theben-omr\u00e5det optr\u00e6der han som en sk\u00e6gget kriger med hjelm og bue.<\/p><p>Den egyptiske Reshef-dyrkelse er en bem\u00e6rkelsesv\u00e6rdig religionshistorisk importbedrift og behandles udf\u00f8rligt i studierne af Izak Cornelius (<em>The Iconography of the Canaanite Gods Reshef and Ba\u02bfal<\/em>, 1994).<\/p><p>Ogs\u00e5 i det aram\u00e6iske materiale fra det 1. \u00e5rtusinde f.Kr. optr\u00e6der Reshef i flere indskrifter, blandt andet p\u00e5 <span class=\"iwg-fachbegriff\" data-tooltip=\"En opretst\u00e5ende, indskrevet eller udsmykket sten- eller tr\u00e6plade.\" tabindex=\"0\">stelen<\/span> for Bar-Rakib fra Sam&#8217;al (8. \u00e5rhundrede f.Kr.). Denne aram\u00e6iske Reshef-tradition viser hans dyrkelses vedholdenhed i den \u00f8stsemitiske <span class=\"iwg-fachbegriff\" data-tooltip=\"Forhistorisk epoke efter bronzealderen, kendetegnet ved jernbearbejdning.\" tabindex=\"0\">jernalder<\/span>.<\/p>\t\t\t\t\t\t\t\t<\/div>\n\t\t\t\t<\/div>\n\t\t\t\t\t<\/div>\n\t\t\t\t<\/div>\n\t\t<div class=\"elementor-element elementor-element-iwgw-reshef-s2 e-flex e-con-boxed e-con e-parent\" data-id=\"iwgw-reshef-s2\" data-element_type=\"container\" data-e-type=\"container\">\n\t\t\t\t\t<div class=\"e-con-inner\">\n\t\t\t\t<div class=\"elementor-element elementor-element-iwgw-reshef-s2h elementor-widget elementor-widget-heading\" data-id=\"iwgw-reshef-s2h\" data-element_type=\"widget\" data-e-type=\"widget\" data-widget_type=\"heading.default\">\n\t\t\t\t\t<h2 class=\"elementor-heading-title elementor-size-default\">Beskrivelse og ikonografi<\/h2>\t\t\t\t<\/div>\n\t\t<div class=\"elementor-element elementor-element-iwgw-reshef-s2c e-con-full e-flex e-con e-child\" data-id=\"iwgw-reshef-s2c\" data-element_type=\"container\" data-e-type=\"container\">\n\t\t\t\t<div class=\"elementor-element elementor-element-iwgw-reshef-s2t elementor-widget elementor-widget-text-editor\" data-id=\"iwgw-reshef-s2t\" data-element_type=\"widget\" data-e-type=\"widget\" data-widget_type=\"text-editor.default\">\n\t\t\t\t\t\t\t\t\t<p>Reshef optr\u00e6der i den vestsemitiske og egyptiske ikonografi som en sk\u00e6gget mand i kort sk\u00f8rt, med en hjelm eller en h\u00f8j spidshue, med en bue eller en strids\u00f8kse i den ene h\u00e5nd og et spyd eller et skjold i den anden.<\/p><p>En karakteristisk billedtradition viser ham med en pil i den h\u00e6vede h\u00e5nd, skudklar; en anden billedtype viser ham med et gazellehoved p\u00e5 panden.<\/p><p>Hans hellige dyr er gazellen; i nogle fremstillinger rider han p\u00e5 en gazelle eller holder en gazelle ved gevirene. Gazellen er religionshistorisk oplysende: den repr\u00e6senterer pestpilenes hurtighed og sygdommens flygtighed. Ogs\u00e5 hest og tyr optr\u00e6der undertiden som hans f\u00f8lgedyr.<\/p><p>I Egypten blev Reshef ofte fremstillet sammen med Min (egyptisk frugtbarhedsgud) og Qadeshet (semitisk k\u00e6rlighedsgudinde, besl\u00e6gtet med Astarte) som en triade; denne &#8216;Reshef-Min-Qadeshet&#8217;-triade optr\u00e6der p\u00e5 flere stele fra Memphis og Tanis. Denne egyptiske triade er en selvst\u00e6ndig historisk udvikling, som ikke er belagt p\u00e5 samme m\u00e5de i moderlandet F\u00f8nikien.<\/p><p>En s\u00e6rlig egyptisk billedtradition viser Reshef med den karakteristiske &#8216;\u0160sm&#8217;-krone af ringe eller spidshuer, en konvention, der adskiller ham fra egyptiske guder og markerer hans semitiske oprindelse.<\/p>\t\t\t\t\t\t\t\t<\/div>\n\t\t\t\t<\/div>\n\t\t\t\t\t<\/div>\n\t\t\t\t<\/div>\n\t\t<div class=\"elementor-element elementor-element-iwgw-reshef-s3 e-flex e-con-boxed e-con e-parent\" data-id=\"iwgw-reshef-s3\" data-element_type=\"container\" data-e-type=\"container\">\n\t\t\t\t\t<div class=\"e-con-inner\">\n\t\t\t\t<div class=\"elementor-element elementor-element-iwgw-reshef-s3h elementor-widget elementor-widget-heading\" data-id=\"iwgw-reshef-s3h\" data-element_type=\"widget\" data-e-type=\"widget\" data-widget_type=\"heading.default\">\n\t\t\t\t\t<h2 class=\"elementor-heading-title elementor-size-default\">Mytologiske fort\u00e6llinger<\/h2>\t\t\t\t<\/div>\n\t\t<div class=\"elementor-element elementor-element-iwgw-reshef-s3c e-con-full e-flex e-con e-child\" data-id=\"iwgw-reshef-s3c\" data-element_type=\"container\" data-e-type=\"container\">\n\t\t\t\t<div class=\"elementor-element elementor-element-iwgw-reshef-s3t elementor-widget elementor-widget-text-editor\" data-id=\"iwgw-reshef-s3t\" data-element_type=\"widget\" data-e-type=\"widget\" data-widget_type=\"text-editor.default\">\n\t\t\t\t\t\t\t\t\t<p>Egentlige myter om Reshef er stort set ikke overleveret; han er prim\u00e6rt en kultisk-rituel figur. I ugaritiske tekster fremst\u00e5r han til tider som bud- eller sygdomsgud, uden nogen egen narrativ sekvens. I f\u00f8nikiske indskrifter p\u00e5kaldes han som pest- og krigsgud, uden mytologisk grundlag.<\/p><p>En fragmentarisk fort\u00e6lling forbinder Reshef med de &#8216;syv pile&#8217;, som han udsender mod Israels fjender (s\u00e5ledes i det hebraiske materiale) eller mod f\u00f8nikernes fjender (i vestsemitiske tekster).<\/p><p>I den hebraiske Habakkuk-bog (Hab 3,5) fremst\u00e5r Reshef som ledsager af Jahve, der g\u00e5r forud for den guddommelige kriger: &#8216;Foran ham g\u00e5r pesten, og Resef f\u00f8lger i hans fodspor.&#8217; Denne dobbeltoptr\u00e6den er religionshistorisk oplysende og viser, hvor sejlivet forestillingerne om Reshef har v\u00e6ret i den hebraiske poetiske tradition.<\/p><p>I Aqhat-eposet og Keret-eposet p\u00e5kaldes Reshef til tider, uden at han optr\u00e6der som handlende figur. Maciej M\u00fcnnich har i <em>The God Resheph<\/em> (2013) gennemg\u00e5et og kommenteret hele tekstmaterialet; Reshefs mangel p\u00e5 myter er et faktisk forhold, ikke en mangel i <span class=\"iwg-fachbegriff\" data-tooltip=\"Overleveringen af viden og fort\u00e6llinger gennem generationer.\" tabindex=\"0\">overleveringen<\/span>.<\/p><p>I Habakkuks teofani-vision (Hab 3,3, 6) fremst\u00e5r Reshef i en gribende konstellation: Foran Jahve g\u00e5r &#8216;Pest&#8217; (Deber) og &#8216;Reshef&#8217; som kosmiske fortropper.<\/p><p>Dette sene hebraiske fund er historisk yderst oplysende, fordi det dokumenterer forestillingernes om Reshefs vedholdenhed i den monoteistiske <span class=\"iwg-fachbegriff\" data-tooltip=\"Den videnskabelige l\u00e6re om Gud og om troen i en religion.\" tabindex=\"0\">teologi<\/span>; ud af den selvst\u00e6ndige gud bliver her en &#8216;guddommelig budbringer&#8217; eller en personifikation af Jahves straffemidler.<\/p>\t\t\t\t\t\t\t\t<\/div>\n\t\t\t\t<\/div>\n\t\t\t\t\t<\/div>\n\t\t\t\t<\/div>\n\t\t<div class=\"elementor-element elementor-element-iwgw-reshef-s4 e-flex e-con-boxed e-con e-parent\" data-id=\"iwgw-reshef-s4\" data-element_type=\"container\" data-e-type=\"container\">\n\t\t\t\t\t<div class=\"e-con-inner\">\n\t\t\t\t<div class=\"elementor-element elementor-element-iwgw-reshef-s4h elementor-widget elementor-widget-heading\" data-id=\"iwgw-reshef-s4h\" data-element_type=\"widget\" data-e-type=\"widget\" data-widget_type=\"heading.default\">\n\t\t\t\t\t<h2 class=\"elementor-heading-title elementor-size-default\">Kult og tilbedelse<\/h2>\t\t\t\t<\/div>\n\t\t<div class=\"elementor-element elementor-element-iwgw-reshef-s4c e-con-full e-flex e-con e-child\" data-id=\"iwgw-reshef-s4c\" data-element_type=\"container\" data-e-type=\"container\">\n\t\t\t\t<div class=\"elementor-element elementor-element-iwgw-reshef-s4t elementor-widget elementor-widget-text-editor\" data-id=\"iwgw-reshef-s4t\" data-element_type=\"widget\" data-e-type=\"widget\" data-widget_type=\"text-editor.default\">\n\t\t\t\t\t\t\t\t\t<p>Reshefs vigtigste kultsteder i F\u00f8nikien var Byblos, Tyrus, Sidon, Beirut, Idalion p\u00e5 Cypern og Sarepta. I det faraoniske Egypten blev han tilbedt i Memfis og Tanis; en egen &#8216;Reshef-by&#8217; (nutidens Tell Reshef i F\u00f8nikien?) omtales i nogle tekster, men er ikke ark\u00e6ologisk entydigt identificeret.<\/p><p>Det vigtigste kildegrundlag er stele og votivindskrifter; i Karthago, Motya og Sulcis fremst\u00e5r Reshef regelm\u00e6ssigt som modtager af votivgaver, ofte sammen med <a href=\"https:\/\/iwell-guard.com\/da\/?page_id=138301\">Baal-Hammon<\/a>, <a href=\"https:\/\/iwell-guard.com\/da\/?page_id=138300\">Tanit<\/a> eller <a href=\"https:\/\/iwell-guard.com\/da\/?page_id=138302\">Eshmun<\/a>. Charles Krahmalkov har i <em>A Phoenician-Punic Grammar<\/em> (2001) og Wolfgang R\u00f6llig i <em>Kanaan\u00e4ischen und aram\u00e4ischen Inschriften<\/em> samlet de vigtigste epigrafiske bel\u00e6g.<\/p><p>I det faraoniske Egypten h\u00f8rte Reshef til kategorien &#8216;asiatiske guder&#8217;, som blev aktivt fremmet i Det Nye Rige.<\/p><p>Farao Amenhotep II. og hans efterf\u00f8lgere tilbad ham som bue- og krigsgud; Reshef-steler fremst\u00e5r endda i den kongelige sf\u00e6re, blandt andet i de thebanske kongegrave. Faraonerne identificerede sig med Reshef som krigerfigur og lod hans beskyttende kraft overf\u00f8re til den kongelige person.<\/p><p>I det faraoniske Egypten blev Reshef ogs\u00e5 tilbedt af privatpersoner; en ber\u00f8mt <span class=\"iwg-fachbegriff\" data-tooltip=\"En opretst\u00e5ende, indskrevet eller udsmykket sten- eller tr\u00e6plade.\" tabindex=\"0\">stele<\/span> fra Tanis viser en privatmand ved navn &#8216;Pa-Aper-Reshef&#8217;, der retter en b\u00f8n om helbredelse af en \u00f8jensygdom til guden. Denne private fromhed er et vigtigt vidnesbyrd om kultens folkelige udbredelse i det egyptiske Nye Rige.<\/p>\t\t\t\t\t\t\t\t<\/div>\n\t\t\t\t<\/div>\n\t\t\t\t\t<\/div>\n\t\t\t\t<\/div>\n\t\t<div class=\"elementor-element elementor-element-iwgw-reshef-s5 e-flex e-con-boxed e-con e-parent\" data-id=\"iwgw-reshef-s5\" data-element_type=\"container\" data-e-type=\"container\">\n\t\t\t\t\t<div class=\"e-con-inner\">\n\t\t\t\t<div class=\"elementor-element elementor-element-iwgw-reshef-s5h elementor-widget elementor-widget-heading\" data-id=\"iwgw-reshef-s5h\" data-element_type=\"widget\" data-e-type=\"widget\" data-widget_type=\"heading.default\">\n\t\t\t\t\t<h2 class=\"elementor-heading-title elementor-size-default\">Beskyttelsespraksis og apotrop\u00e6iske elementer<\/h2>\t\t\t\t<\/div>\n\t\t<div class=\"elementor-element elementor-element-iwgw-reshef-s5c e-con-full e-flex e-con e-child\" data-id=\"iwgw-reshef-s5c\" data-element_type=\"container\" data-e-type=\"container\">\n\t\t\t\t<div class=\"elementor-element elementor-element-iwgw-reshef-s5t elementor-widget elementor-widget-text-editor\" data-id=\"iwgw-reshef-s5t\" data-element_type=\"widget\" data-e-type=\"widget\" data-widget_type=\"text-editor.default\">\n\t\t\t\t\t\t\t\t\t<p>Reshefs beskyttende funktion havde to sider: beskyttelse mod sygdomme (is\u00e6r epidemier, feber, pest) og beskyttelse i krig. I pestperioder blev han p\u00e5kaldt for at bringe epidemien til oph\u00f8r; i krigstider for at sikre sejr over fjenderne. Denne ambivalente funktion g\u00f8r ham til en prototypisk apotrop\u00e6isk gud.<\/p><p><span class=\"iwg-fachbegriff\" data-tooltip=\"Ondt afv\u00e6rgende: om tegn og objekter, der skal holde skadelige p\u00e5virkninger p\u00e5 afstand.\" tabindex=\"0\">Apotrop\u00e6isk<\/span> blev Reshef-statuetter og -amuletter opstillet i husene; sm\u00e5 bronzefigurer af en skridende kriger med h\u00e6vet strids\u00f8kse er fundet p\u00e5 talrige f\u00f8nikiske steder. Skarab\u00e6er med Reshef-bue-motiver blev b\u00e5ret som personlige beskyttelsesamuletter. I Ugarit var Reshef-pile udbredt som &#8216;pileamuletter&#8217;.<\/p><p data-nosnippet=\"true\">I f\u00f8nikiske personnavne er Reshef-teonymer hyppige: Bod-Reshef, Reshef-Bar, Reshef-Jaton (&#8216;Reshef har givet&#8217;). Denne hyppighed vidner om en intensiv privat fromhed. Fra et videnskabeligt perspektiv er Reshefs ambivalente beskyttende funktion et eksempel p\u00e5 den gammelorientalske forestilling om, at den destruktive og den beskyttende kraft kan ligge i samme h\u00e5nd. iWell Guard registrerer Reshef som en historisk-religionshistorisk figur uden aktuelle helbredelsesl\u00f8fter.<\/p><p>Reshefs bueamuletter var blandt de mest udbredte f\u00f8nikisk-egyptiske beskyttelsesobjekter. De blev deponeret i gravgaver, i boliger og i templer. Formen er for det meste en sp\u00e6ndt bue eller en bue med pil; nogle er indskrevet med Reshefs navn eller med f\u00f8nikiske beskyttelsesformler.<\/p>\t\t\t\t\t\t\t\t<\/div>\n\t\t\t\t<\/div>\n\t\t\t\t\t<\/div>\n\t\t\t\t<\/div>\n\t\t<div class=\"elementor-element elementor-element-iwgw-reshef-s6 e-flex e-con-boxed e-con e-parent\" data-id=\"iwgw-reshef-s6\" data-element_type=\"container\" data-e-type=\"container\">\n\t\t\t\t\t<div class=\"e-con-inner\">\n\t\t\t\t<div class=\"elementor-element elementor-element-iwgw-reshef-s6h elementor-widget elementor-widget-heading\" data-id=\"iwgw-reshef-s6h\" data-element_type=\"widget\" data-e-type=\"widget\" data-widget_type=\"heading.default\">\n\t\t\t\t\t<h2 class=\"elementor-heading-title elementor-size-default\">Paralleller i andre kulturer<\/h2>\t\t\t\t<\/div>\n\t\t<div class=\"elementor-element elementor-element-iwgw-reshef-s6c e-con-full e-flex e-con e-child\" data-id=\"iwgw-reshef-s6c\" data-element_type=\"container\" data-e-type=\"container\">\n\t\t\t\t<div class=\"elementor-element elementor-element-iwgw-reshef-s6t elementor-widget elementor-widget-text-editor\" data-id=\"iwgw-reshef-s6t\" data-element_type=\"widget\" data-e-type=\"widget\" data-widget_type=\"text-editor.default\">\n\t\t\t\t\t\t\t\t\t<p>Reshef er historisk n\u00e6rt forbundet med Nergal og Erra i Mesopotamien, begge guder for pest og krig. Med Erra deler han pil-pest-<span class=\"iwg-fachbegriff\" data-tooltip=\"Et tilbagevendende indholdselement i kunst eller fort\u00e6lling.\" tabindex=\"0\">motivet<\/span>; med Nergal underverdenskomponenten i visse senere tekster.<\/p><p>Ogs\u00e5 den hittitiske Yarri, en bue-pestgud, er funktionelt n\u00e6rt besl\u00e6gtet med ham; Volkert Haas har i <em>Materia Magica et Medica Hethitica<\/em> (2003) behandlet den <a href=\"https:\/\/iwell-guard.com\/da\/?page_id=138241\">hittitiske<\/a> pestguds-tradition.<\/p><p>Med den gr\u00e6ske Apollon deler Reshef bue- og pestkomponenten; i Iliaden skyder Apollon pestpile mod den ach\u00e6iske h\u00e6r, en direkte parallel til Reshef-ikonografien. Walter Burkert har i <em>Die orientalisierende Epoche<\/em> (1984) p\u00e5peget den sandsynlige overf\u00f8rsel af pestpil-motivet fra det vestsemitiske omr\u00e5de til den gr\u00e6ske Apollon-tradition.<\/p><p>I det hebraiske materiale er Reshef stadig til stede som &#8216;re\u0161ef&#8217; for pil og pest; i Hab 3,5 fremst\u00e5r han endda som en guddommelig ledsager. Denne vedholdende tilstedev\u00e6relse af Reshef-forestillinger er religionshistorisk bem\u00e6rkelsesv\u00e6rdig. I den senere j\u00f8diske og kristne tradition reduceres han til &#8216;Guds pil&#8217; eller &#8216;plage&#8217;, uden selvst\u00e6ndig guddommelighed.<\/p><p>Ogs\u00e5 p\u00e5 det kypriske Idalion blev Reshef fremtr\u00e6dende tilbedt; en bilingval <span class=\"iwg-fachbegriff\" data-tooltip=\"En tekst indridset eller udhugget i et fast materiale.\" tabindex=\"0\">inskription<\/span> fra Idalion (5. \u00e5rhundrede f.Kr., f\u00f8nikisk-gr\u00e6sk) identificerer Reshef-Mikal med den gr\u00e6ske Apollon Amyklaios. Denne identifikation er historisk yderst oplysende.<\/p>\t\t\t\t\t\t\t\t<\/div>\n\t\t\t\t<\/div>\n\t\t\t\t\t<\/div>\n\t\t\t\t<\/div>\n\t\t<div class=\"elementor-element elementor-element-iwgw-reshef-s7 e-flex e-con-boxed e-con e-parent\" data-id=\"iwgw-reshef-s7\" data-element_type=\"container\" data-e-type=\"container\">\n\t\t\t\t\t<div class=\"e-con-inner\">\n\t\t\t\t<div class=\"elementor-element elementor-element-iwgw-reshef-s7h elementor-widget elementor-widget-heading\" data-id=\"iwgw-reshef-s7h\" data-element_type=\"widget\" data-e-type=\"widget\" data-widget_type=\"heading.default\">\n\t\t\t\t\t<h2 class=\"elementor-heading-title elementor-size-default\">Nutidig reception og forskning<\/h2>\t\t\t\t<\/div>\n\t\t<div class=\"elementor-element elementor-element-iwgw-reshef-s7c e-con-full e-flex e-con e-child\" data-id=\"iwgw-reshef-s7c\" data-element_type=\"container\" data-e-type=\"container\">\n\t\t\t\t<div class=\"elementor-element elementor-element-iwgw-reshef-s7t elementor-widget elementor-widget-text-editor\" data-id=\"iwgw-reshef-s7t\" data-element_type=\"widget\" data-e-type=\"widget\" data-widget_type=\"text-editor.default\">\n\t\t\t\t\t\t\t\t\t<p>Reshef-forskningen er i dag p\u00e5 et h\u00f8jt niveau. Maciej M\u00fcnnichs monografi <em>The God Resheph<\/em> (2013) er standardreferencen; Izak Cornelius&#8217; ikonografiske studie (1994) leverer den egyptiske billedhistorie; Paolo Xella har udgivet de rituelle tekster fra Ugarit. Sabatino Moscati og H\u00e9l\u00e8ne Sader har bidraget v\u00e6sentligt til den f\u00f8nikiske Reshef-dyrkelse.<\/p><p>I den popul\u00e6re modtagelse er Reshef is\u00e6r kendt gennem sin egyptiske dyrkelse og gennem de hebraisk-bibelske hentydninger. En spirituel genoplivelse i nypaganistisk forstand findes ikke; den ambivalente pest- og krigsgud er for fremmed og teologisk problematisk for moderne fromhedsformer.<\/p><p>Videnskabeligt g\u00e6lder Reshef i dag som et centralt studieobjekt for den gammelorientalske pest- og krigsteologi. Aktuelle forskningsfokusser ligger p\u00e5 differentieringen af lokale Reshef-hypostaser, p\u00e5 den egyptiske Reshef-Min-Qadeshet-triade og p\u00e5 sp\u00f8rgsm\u00e5let om overf\u00f8rselsvejene til den gr\u00e6ske Apollon-tradition. iWell Guard registrerer Reshef som et religionshistorisk eksempel uden praktisk beskyttelsesrelevans.<\/p><p>Aktuel forskning af Maciej M\u00fcnnich og H\u00e9l\u00e8ne Sader s\u00e6tter Reshef i en udvidet historisk kontekst: som repr\u00e6sentant for en oldsyrisk-vestsemitisk gudefamilie, hvis vedholdenhed fra det 3. \u00e5rtusinde f.Kr. til <span class=\"iwg-fachbegriff\" data-tooltip=\"Forhistorisk epoke efter bronzealderen, kendetegnet ved jernforarbejdning.\" tabindex=\"0\">jernalderen<\/span> udg\u00f8r et bem\u00e6rkelsesv\u00e6rdigt religionshistorisk f\u00e6nomen.<\/p>\t\t\t\t\t\t\t\t<\/div>\n\t\t\t\t<\/div>\n\t\t\t\t\t<\/div>\n\t\t\t\t<\/div>\n\t\t<div class=\"elementor-element elementor-element-iwgw-reshef-s8 e-flex e-con-boxed e-con e-parent\" data-id=\"iwgw-reshef-s8\" data-element_type=\"container\" data-e-type=\"container\">\n\t\t\t\t\t<div class=\"e-con-inner\">\n\t\t\t\t<div class=\"elementor-element elementor-element-iwgw-reshef-s8h elementor-widget elementor-widget-heading\" data-id=\"iwgw-reshef-s8h\" data-element_type=\"widget\" data-e-type=\"widget\" data-widget_type=\"heading.default\">\n\t\t\t\t\t<h2 class=\"elementor-heading-title elementor-size-default\">Litteratur og kilder<\/h2>\t\t\t\t<\/div>\n\t\t<div class=\"elementor-element elementor-element-iwgw-reshef-s8c e-con-full e-flex e-con e-child\" data-id=\"iwgw-reshef-s8c\" data-element_type=\"container\" data-e-type=\"container\">\n\t\t\t\t<div class=\"elementor-element elementor-element-iwgw-reshef-s8t elementor-widget elementor-widget-text-editor\" data-id=\"iwgw-reshef-s8t\" data-element_type=\"widget\" data-e-type=\"widget\" data-widget_type=\"text-editor.default\">\n\t\t\t\t\t\t\t\t\t<p>F\u00f8lgende udvalg samler de vigtigste standardv\u00e6rker om Reshef-forskningen. Det omfatter monografier, ikonografiske studier, teksteditioner og historiske synteser. M\u00fcnnichs monografi er den mest udf\u00f8rlige moderne studie; Cornelius bidrager med det ikonografiske perspektiv; Xella med det ritualistiske tekstgrundlag; Moscati med den kulturhistoriske ramme.<\/p>\t\t\t\t\t\t\t\t<\/div>\n\t\t\t\t<\/div>\n\t\t\t\t\t<\/div>\n\t\t\t\t<\/div>\n\t\t<div class=\"elementor-element elementor-element-cp21744d88 e-flex e-con-boxed e-con e-parent\" data-id=\"cp21744d88\" data-element_type=\"container\" data-e-type=\"container\">\n\t\t\t\t\t<div class=\"e-con-inner\">\n\t\t\t\t<div class=\"elementor-element elementor-element-cp2be1cbf0 elementor-widget elementor-widget-heading\" data-id=\"cp2be1cbf0\" data-element_type=\"widget\" data-e-type=\"widget\" data-widget_type=\"heading.default\">\n\t\t\t\t\t<h2 class=\"elementor-heading-title elementor-size-default\">Reshef i den egyptiske overlevering fra Det Nye Rige<\/h2>\t\t\t\t<\/div>\n\t\t<div class=\"elementor-element elementor-element-cp2c20c806 e-flex e-con-boxed e-con e-child\" data-id=\"cp2c20c806\" data-element_type=\"container\" data-e-type=\"container\">\n\t\t\t\t\t<div class=\"e-con-inner\">\n\t\t\t\t<div class=\"elementor-element elementor-element-cp2f07db72 elementor-widget elementor-widget-text-editor\" data-id=\"cp2f07db72\" data-element_type=\"widget\" data-e-type=\"widget\" data-widget_type=\"text-editor.default\">\n\t\t\t\t\t\t\t\t\t<p>En s\u00e6regenhed ved <em>Reshef<\/em> er, at han optr\u00e6der i to separate kildekorpusser: i de vestsemitiske tekster fra sit oprindelsesomr\u00e5de og, meget udf\u00f8rligt, p\u00e5 egyptiske monumenter fra Det Nye Rige.<\/p><p>Senest under 18. dynasti blev Reshef optaget i Egypten, sandsynligvis via den n\u00e6re milit\u00e6re og politiske forbindelse til Levanten. Faraoner fra ramessidetiden lod sig gerne fremstille i n\u00e6rheden af Reshef, fordi han blev anset for en krigerisk, kraftfuld gud.<\/p><p>P\u00e5 egyptiske stele, ofte sk\u00e6nket af privatpersoner, optr\u00e6der Reshef med en fast ikonografi: en skridende gud med opl\u00f8ftet arm, der svinger en k\u00f8lle eller \u00f8kse, ofte med skjold og spyd, p\u00e5 hovedet den \u00f8vre-egyptiske krone, hvor der i stedet for ur\u00e6usslangen ofte sidder et gazellehoved ved panden.<\/p><p>Dette gazellehoved g\u00e6lder som et af de mest sikre kendetegn.<\/p><p>I Egypten \u00e6ndrede hans funktion sig. Fra guden, der bragte pest og pludselig d\u00f8d, blev han samtidig en gud, man vendte sig til for beskyttelse og helbredelse. Det skete til dels i en gruppe med gudinden Qadeshu og guden Min. Dette egyptiske lag er kilderigere end en del af den levantinske overlevering, men det viser Reshef allerede i et fremmed milj\u00f8.<\/p><p>Den, der s\u00f8ger den &#8220;oprindelige&#8221; Reshef, m\u00e5 l\u00e6se de egyptiske bel\u00e6g som en tilegnelse, ikke som et uforstyrret spejl.<\/p>\t\t\t\t\t\t\t\t<\/div>\n\t\t\t\t\t<\/div>\n\t\t\t\t<\/div>\n\t\t\t\t\t<\/div>\n\t\t\t\t<\/div>\n\t\t<div class=\"elementor-element elementor-element-cp2858e9e2 e-flex e-con-boxed e-con e-parent\" data-id=\"cp2858e9e2\" data-element_type=\"container\" data-e-type=\"container\">\n\t\t\t\t\t<div class=\"e-con-inner\">\n\t\t\t\t<div class=\"elementor-element elementor-element-cp2c2fb1d4 elementor-widget elementor-widget-heading\" data-id=\"cp2c2fb1d4\" data-element_type=\"widget\" data-e-type=\"widget\" data-widget_type=\"heading.default\">\n\t\t\t\t\t<h2 class=\"elementor-heading-title elementor-size-default\">Pil og pest: Reshef som herre over pesten<\/h2>\t\t\t\t<\/div>\n\t\t<div class=\"elementor-element elementor-element-cp2d0acbb6 e-flex e-con-boxed e-con e-child\" data-id=\"cp2d0acbb6\" data-element_type=\"container\" data-e-type=\"container\">\n\t\t\t\t\t<div class=\"e-con-inner\">\n\t\t\t\t<div class=\"elementor-element elementor-element-cp28af87e0 elementor-widget elementor-widget-text-editor\" data-id=\"cp28af87e0\" data-element_type=\"widget\" data-e-type=\"widget\" data-widget_type=\"text-editor.default\">\n\t\t\t\t\t\t\t\t\t<p>Kernen i Reshef-forestillingen i de vestsemitiske kilder er forbindelsen mellem bue, pil og pest. Reshef bringer sygdom og massed\u00f8d, forestillet som pile, han skyder mod mennesker og kv\u00e6g.<\/p><p>Denne forestilling kan spores gennem flere kulturer: I ugaritiske tekster optr\u00e6der <em>Rashap<\/em> i gudelister og rituelle tekster, i mesopotamiske kilder forbindes han med pest- og underverdensguden Nergal.<\/p><p>S\u00e6rligt oplysende er Den Hebraiske Bibel. Her er <em>reshef<\/em> ikke l\u00e6ngere en tilbedt gud, men et f\u00e6llesnavn eller en afguddet magt. I Habakuk 3,5 drager Gud ud, og <em>Reshef<\/em> f\u00f8lger ham s\u00e5 at sige som en ledsager, sammen med pesten.<\/p><p>P\u00e5 andre steder betyder ordet &#8220;gl\u00f8d&#8221;, &#8220;gnist&#8221; eller ligefrem den flakkende pestsygdom. Denne bibelske eftervirkning er et klassisk eksempel p\u00e5, hvordan en nabo-gud af de hebraiske teksters forfattere nedgraderes til en ren naturmagt eller et poetisk billede.<\/p><p>Pil-symbolikken forbinder Reshef med en bred gruppe af pestguder, for eksempel den fjernskydende Apollon i den tidlige gr\u00e6ske digtning, der i begyndelsen af Iliaden sender pesten ind i gr\u00e6kernes l\u00e6ger. Denne parallel n\u00e6vnes ofte i forskningen, men b\u00f8r forst\u00e5s som en typologisk lighed, ikke som en direkte afh\u00e6ngighed. Standardmonografien om Reshef stammer fra William J. Fulco; vigtige tilf\u00f8jelser kom fra arbejder af Paolo Xella og Maciej M\u00fcnnich, hvis omfattende studie kritisk gennemg\u00e5r bel\u00e6ggene.\t\t\t\t\t\t\t\t<\/div>\n\t\t\t\t\t<\/div>\n\t\t\t\t<\/div>\n\t\t\t\t\t<\/div>\n\t\t\t\t<\/div>\n\t\t<div class=\"elementor-element elementor-element-iwgw-reshef-lit e-flex e-con-boxed e-con e-parent\" data-id=\"iwgw-reshef-lit\" data-element_type=\"container\" data-e-type=\"container\">\n\t\t\t\t\t<div class=\"e-con-inner\">\n\t\t\t\t<div class=\"elementor-element elementor-element-iwgw-reshef-lith elementor-widget elementor-widget-heading\" data-id=\"iwgw-reshef-lith\" data-element_type=\"widget\" data-e-type=\"widget\" data-widget_type=\"heading.default\">\n\t\t\t\t\t<h2 class=\"elementor-heading-title elementor-size-default\">Litteratur (udvalg)<\/h2>\t\t\t\t<\/div>\n\t\t<div class=\"elementor-element elementor-element-iwgw-reshef-litc e-con-full e-flex e-con e-child\" data-id=\"iwgw-reshef-litc\" data-element_type=\"container\" data-e-type=\"container\">\n\t\t\t\t<div class=\"elementor-element elementor-element-iwgw-reshef-litt elementor-widget elementor-widget-text-editor\" data-id=\"iwgw-reshef-litt\" data-element_type=\"widget\" data-e-type=\"widget\" data-widget_type=\"text-editor.default\">\n\t\t\t\t\t\t\t\t\t<div data-nosnippet=\"true\"><ul><li>Maciej M\u00fcnnich: <em>The God Resheph in the Ancient Near East<\/em> (T\u00fcbingen 2013)<\/li><li>Izak Cornelius: <em>The Iconography of the Canaanite Gods Reshef and Ba\u02bfal<\/em> (Fribourg 1994)<\/li><li>Paolo Xella: <em>I testi rituali di Ugarit<\/em> (Rom 1981)<\/li><li>Sabatino Moscati: <em>Die Ph\u00f6niker<\/em> (Stuttgart 1966)<\/li><li>H\u00e9l\u00e8ne Sader: <em>The History and Archaeology of Phoenicia<\/em> (Atlanta 2019)<\/li><li>Wolfgang R\u00f6llig: <em>Kanaan\u00e4ische und aram\u00e4ische Inschriften<\/em> (Wiesbaden, med Donner)<\/li><\/ul><\/div>\t\t\t\t\t\t\t\t<\/div>\n\t\t\t\t<\/div>\n\t\t\t\t\t<\/div>\n\t\t\t\t<\/div>\n\t\t<div class=\"elementor-element elementor-element-iwgkw-add-reshef e-flex e-con-boxed e-con e-parent\" data-id=\"iwgkw-add-reshef\" data-element_type=\"container\" data-e-type=\"container\">\n\t\t\t\t\t<div class=\"e-con-inner\">\n\t\t\t\t<div class=\"elementor-element elementor-element-iwgkw-add-reshef-t elementor-widget elementor-widget-text-editor\" data-id=\"iwgkw-add-reshef-t\" data-element_type=\"widget\" data-e-type=\"widget\" data-widget_type=\"text-editor.default\">\n\t\t\t\t\t\t\t\t\t<p><em><span class=\"iwg-fachbegriff\" data-tooltip=\"Den samlede m\u00e6ngde af religi\u00f8se tilbedelseshandlinger for en gud eller hellig skikkelse.\" tabindex=\"0\">Kulten<\/span><\/em> omkring Reshef er belagt siden det tredje \u00e5rtusinde f.Kr. i Ebla og senere i Ugarit, Byblos og Cypern. Som pest- og krigsgud blev han afbildet med pil og skjold, og han blev anset for at udbrede sygdomme, men ogs\u00e5 for at v\u00e6re beskytter af krigerne. I Egypten blev Reshef under Amenhotep II optaget i det officielle <span class=\"iwg-fachbegriff\" data-tooltip=\"Den samlede m\u00e6ngde af guder i en religion eller kultur.\" tabindex=\"0\">panteon<\/span>.<\/p>\t\t\t\t\t\t\t\t<\/div>\n\t\t\t\t\t<\/div>\n\t\t\t\t<\/div>\n\t\t<div class=\"elementor-element elementor-element-iwgkw2-add-reshef e-flex e-con-boxed e-con e-parent\" data-id=\"iwgkw2-add-reshef\" data-element_type=\"container\" data-e-type=\"container\">\n\t\t\t\t\t<div class=\"e-con-inner\">\n\t\t\t\t<div class=\"elementor-element elementor-element-iwgkw2-add-reshef-t elementor-widget elementor-widget-text-editor\" data-id=\"iwgkw2-add-reshef-t\" data-element_type=\"widget\" data-e-type=\"widget\" data-widget_type=\"text-editor.default\">\n\t\t\t\t\t\t\t\t\t<p>I kilderne fra Ugarit og Karthago anses Reshef for en <em>kanaan\u00e6isk<\/em> og <em>f\u00f8nikisk<\/em> gud for sygdom og bueskydning, hvis <span class=\"iwg-fachbegriff\" data-tooltip=\"Den samlede m\u00e6ngde af religi\u00f8se tilbedelseshandlinger for en gud eller hellig skikkelse.\" tabindex=\"0\">kult<\/span> spredte sig langs Levantens kyst og over Cypern til Egypten.<\/p>\t\t\t\t\t\t\t\t<\/div>\n\t\t\t\t\t<\/div>\n\t\t\t\t<\/div>\n\t\t<div class=\"elementor-element elementor-element-iwgw-reshef-kwd e-flex e-con-boxed e-con e-parent\" data-id=\"iwgw-reshef-kwd\" data-element_type=\"container\" data-e-type=\"container\">\n\t\t\t\t\t<div class=\"e-con-inner\">\n\t\t<div class=\"elementor-element elementor-element-iwgw-reshef-kwdc e-con-full e-flex e-con e-child\" data-id=\"iwgw-reshef-kwdc\" data-element_type=\"container\" data-e-type=\"container\">\n\t\t\t\t<div class=\"elementor-element elementor-element-iwgw-reshef-kwdt elementor-widget elementor-widget-text-editor\" data-id=\"iwgw-reshef-kwdt\" data-element_type=\"widget\" data-e-type=\"widget\" data-widget_type=\"text-editor.default\">\n\t\t\t\t\t\t\t\t\t<p><em>Relaterede n\u00f8glebegreber: Reshef f\u00f8nikier pestgud buegud krig gazelle Apollon Yarri.<\/em><\/p>\t\t\t\t\t\t\t\t<\/div>\n\t\t\t\t<\/div>\n\t\t\t\t\t<\/div>\n\t\t\t\t<\/div>\n\t\t<div class=\"elementor-element elementor-element-iwgw-reshef-cc e-flex e-con-boxed e-con e-parent\" data-id=\"iwgw-reshef-cc\" data-element_type=\"container\" data-e-type=\"container\" id=\"iwg-cc-reshef\">\n\t\t\t\t\t<div class=\"e-con-inner\">\n\t\t<div class=\"elementor-element elementor-element-iwgw-reshef-ccinner e-flex e-con-boxed e-con e-parent\" data-id=\"iwgw-reshef-ccinner\" data-element_type=\"container\" data-e-type=\"container\" data-settings=\"{&quot;background_background&quot;:&quot;classic&quot;}\">\n\t\t\t\t\t<div class=\"e-con-inner\">\n\t\t\t\t<div class=\"elementor-element elementor-element-iwgw-reshef-cch elementor-widget elementor-widget-heading\" data-id=\"iwgw-reshef-cch\" data-element_type=\"widget\" data-e-type=\"widget\" data-widget_type=\"heading.default\">\n\t\t\t\t\t<h2 class=\"elementor-heading-title elementor-size-default\">iWell Guard og beskyttelsestraditioner<\/h2>\t\t\t\t<\/div>\n\t\t\t\t<div class=\"elementor-element elementor-element-iwgw-reshef-cct elementor-widget elementor-widget-text-editor\" data-id=\"iwgw-reshef-cct\" data-element_type=\"widget\" data-e-type=\"widget\" data-widget_type=\"text-editor.default\">\n\t\t\t\t\t\t\t\t\t<div data-nosnippet=\"true\"><p>iWell Guard knytter sig til den kulturhistoriske tradition for b\u00e6rbare beskyttelsesobjekter, i traditionen fra <a href=\"https:\/\/iwell-guard.com\/da\/?page_id=138242\">F\u00f8nikisk<\/a> og mange andre kulturer verden over. 41 lag, \u00e6gte guld, platin, s\u00f8lv, fremstillet i Tyskland. 30 dages returret.<\/p><\/div>\t\t\t\t\t\t\t\t<\/div>\n\t\t\t\t<div class=\"elementor-element elementor-element-iwgw-reshef-ccb iwg-cc-button iwg-cc-cta-2026-05-13 elementor-widget elementor-widget-jet-button\" data-id=\"iwgw-reshef-ccb\" data-element_type=\"widget\" data-e-type=\"widget\" data-widget_type=\"jet-button.default\">\n\t\t\t\t<div class=\"elementor-widget-container\">\n\t\t\t\t\t<div class=\"elementor-jet-button jet-elements\"><div class=\"jet-button__container\"><a class=\"jet-button__instance jet-button__instance--icon-left hover-effect-1\" href=\"\/ueber-iwell-guard\/?utm_source=iwell-guard.com&amp;utm_medium=info-box&amp;utm_campaign=wesen-tradition\"><div class=\"jet-button__plane jet-button__plane-normal\"><\/div><div class=\"jet-button__plane jet-button__plane-hover\"><\/div><div class=\"jet-button__state jet-button__state-normal\"><span class=\"jet-button__label\">Mere om iWell Guard<\/span><\/div><div class=\"jet-button__state jet-button__state-hover\"><span class=\"jet-button__label\">Mere om iWell Guard<\/span><\/div><\/a><\/div><\/div><style>.elementor-element.elementor-element-iwgw-reshef-ccb .jet-button__instance{width:320px;height:56px;}.elementor-element.elementor-element-iwgw-reshef-ccb .jet-button__state-normal .jet-button__label{text-align:center;margin:0px 0px 0px 0px;color:#1a1b20;font-family:Montserrat,sans-serif;font-size:13px;font-weight:400;letter-spacing:4px;line-height:1.714em;text-transform:uppercase;}.elementor-element.elementor-element-iwgw-reshef-ccb .jet-button__state-hover .jet-button__label{text-align:center;margin:0px 0px 0px 0px;color:#FECC76;font-family:Montserrat,sans-serif;font-size:13px;font-weight:400;letter-spacing:4px;line-height:1.714em;text-transform:uppercase;}.elementor-element.elementor-element-iwgw-reshef-ccb .jet-button__plane-normal{background-color:#FECC76;border-style:solid;border-color:#C99540;border-width:2px 2px 2px 2px;}.elementor-element.elementor-element-iwgw-reshef-ccb .jet-button__plane-hover{background-color:rgba(0,0,0,0.55);border-style:solid;border-color:#FECC76;border-width:2px 2px 2px 2px;}<\/style>\t\t\t\t<\/div>\n\t\t\t\t<\/div>\n\t\t\t\t<div class=\"elementor-element elementor-element-iwgw-reshef-ccd elementor-widget elementor-widget-text-editor\" data-id=\"iwgw-reshef-ccd\" data-element_type=\"widget\" data-e-type=\"widget\" data-widget_type=\"text-editor.default\">\n\t\t\t\t\t\t\t\t\t<div data-nosnippet=\"true\"><p style=\"text-align:center;font-size:13px;opacity:0.7;margin-top:14px\" data-nosnippet=\"true\">Personlige erfaringer kan variere. Ikke et medicinsk produkt. Intet helbredelsesl\u00f8fte.<\/p><\/div>\t\t\t\t\t\t\t\t<\/div>\n\t\t\t\t\t<\/div>\n\t\t\t\t<\/div>\n\t\t\t\t\t<\/div>\n\t\t\t\t<\/div>\n\t\t<div class=\"elementor-element elementor-element-iwgw-reshef-disc e-flex e-con-boxed e-con e-parent\" data-id=\"iwgw-reshef-disc\" data-element_type=\"container\" data-e-type=\"container\">\n\t\t\t\t\t<div class=\"e-con-inner\">\n\t\t\t\t<div class=\"elementor-element elementor-element-iwgw-reshef-discw elementor-widget elementor-widget-html\" data-id=\"iwgw-reshef-discw\" data-element_type=\"widget\" data-e-type=\"widget\" data-widget_type=\"html.default\">\n\t\t\t\t\t<footer data-nosnippet=\"true\" class=\"iwg-disclaimer-block\"><p data-nosnippet=\"true\">iWell Guard er <strong>ikke et medicinsk produkt<\/strong> og erstatter ikke l\u00e6ge- eller psykoterapeutisk behandling. De religionsvidenskabelige indhold er en kulturhistorisk indplacering, ikke en anbefaling af spirituel praksis.<\/p><\/footer>\t\t\t\t<\/div>\n\t\t\t\t\t<\/div>\n\t\t\t\t<\/div>\n\t\t\t\t<\/div>\n\t\t","protected":false},"excerpt":{"rendered":"","protected":false},"author":3,"featured_media":2852,"parent":0,"menu_order":0,"comment_status":"closed","ping_status":"closed","template":"elementor_header_footer","meta":{"_yoast_wpseo_focuskw":"Reshef f\u00f8nikier pestgud buegud","_yoast_wpseo_title":"Reshef \u2013 f\u00f8nikisk pestgud, krigsgud, kult","_yoast_wpseo_metadesc":"Reshef er den f\u00f8nikisk-kana'an\u00e6iske pest- og krigsgud, buegud og beskyttelsesgud. Religionsvidenskabelig indplacering med kildehenvisninger.","_yoast_wpseo_meta-robots-noindex":"","_yoast_wpseo_canonical":"","_angie_page":false,"gefaehrdungsstufe":"4","wesen_kultur":"phoenizisch","wesen_klasse":"goetter","footnotes":""},"categories":[],"class_list":["post-138306","page","type-page","status-publish","has-post-thumbnail","hentry"],"yoast_head":"<!-- This site is optimized with the Yoast SEO Premium plugin v27.7 (Yoast SEO v28.3) - https:\/\/yoast.com\/product\/yoast-seo-premium-wordpress\/ -->\n<title>Reshef \u2013 f\u00f8nikisk pestgud, krigsgud, kult<\/title>\n<meta name=\"description\" content=\"Reshef er den f\u00f8nikisk-kana&#039;an\u00e6iske pest- og krigsgud, buegud og beskyttelsesgud. Religionsvidenskabelig indplacering med kildehenvisninger.\" \/>\n<meta name=\"robots\" content=\"index, follow, max-snippet:-1, max-image-preview:large, max-video-preview:-1\" \/>\n<link rel=\"canonical\" href=\"https:\/\/iwell-guard.com\/da\/reshef-fonikisk-pest-og-krigsgud\/\" \/>\n<meta property=\"og:locale\" content=\"da_DK\" \/>\n<meta property=\"og:type\" content=\"article\" \/>\n<meta property=\"og:title\" content=\"Reshef \u2013 f\u00f8nikisk pest- og krigsgud\" \/>\n<meta property=\"og:description\" content=\"Reshef er den f\u00f8nikisk-kana&#039;an\u00e6iske pest- og krigsgud, buegud og beskyttelsesgud. Religionsvidenskabelig indplacering med kildehenvisninger.\" \/>\n<meta property=\"og:url\" content=\"https:\/\/iwell-guard.com\/da\/reshef-fonikisk-pest-og-krigsgud\/\" \/>\n<meta property=\"og:site_name\" content=\"iWell Guard\" \/>\n<meta property=\"article:modified_time\" content=\"2026-09-03T07:56:55+00:00\" \/>\n<meta property=\"og:image\" content=\"https:\/\/iwell-guard.com\/wp-content\/uploads\/2026\/05\/goetter_phoenizisch_reshef.webp\" \/>\n\t<meta property=\"og:image:width\" content=\"1024\" \/>\n\t<meta property=\"og:image:height\" content=\"1536\" \/>\n\t<meta property=\"og:image:type\" content=\"image\/webp\" \/>\n<meta name=\"twitter:card\" content=\"summary_large_image\" \/>\n<script type=\"application\/ld+json\" class=\"yoast-schema-graph\">{\"@context\":\"https:\\\/\\\/schema.org\",\"@graph\":[{\"@type\":\"WebPage\",\"@id\":\"https:\\\/\\\/iwell-guard.com\\\/da\\\/reshef-fonikisk-pest-og-krigsgud\\\/\",\"url\":\"https:\\\/\\\/iwell-guard.com\\\/da\\\/reshef-fonikisk-pest-og-krigsgud\\\/\",\"name\":\"Reshef \u2013 f\u00f8nikisk pestgud, krigsgud, kult\",\"isPartOf\":{\"@id\":\"https:\\\/\\\/iwell-guard.com\\\/da\\\/#website\"},\"primaryImageOfPage\":{\"@id\":\"https:\\\/\\\/iwell-guard.com\\\/da\\\/reshef-fonikisk-pest-og-krigsgud\\\/#primaryimage\"},\"image\":{\"@id\":\"https:\\\/\\\/iwell-guard.com\\\/da\\\/reshef-fonikisk-pest-og-krigsgud\\\/#primaryimage\"},\"thumbnailUrl\":\"https:\\\/\\\/iwell-guard.com\\\/wp-content\\\/uploads\\\/2026\\\/05\\\/goetter_phoenizisch_reshef.webp\",\"datePublished\":\"2026-09-03T07:08:26+00:00\",\"dateModified\":\"2026-09-03T07:56:55+00:00\",\"description\":\"Reshef er den f\u00f8nikisk-kana'an\u00e6iske pest- og krigsgud, buegud og beskyttelsesgud. Religionsvidenskabelig indplacering med kildehenvisninger.\",\"breadcrumb\":{\"@id\":\"https:\\\/\\\/iwell-guard.com\\\/da\\\/reshef-fonikisk-pest-og-krigsgud\\\/#breadcrumb\"},\"inLanguage\":\"da-DK\",\"potentialAction\":[{\"@type\":\"ReadAction\",\"target\":[\"https:\\\/\\\/iwell-guard.com\\\/da\\\/reshef-fonikisk-pest-og-krigsgud\\\/\"]}]},{\"@type\":\"ImageObject\",\"inLanguage\":\"da-DK\",\"@id\":\"https:\\\/\\\/iwell-guard.com\\\/da\\\/reshef-fonikisk-pest-og-krigsgud\\\/#primaryimage\",\"url\":\"https:\\\/\\\/iwell-guard.com\\\/wp-content\\\/uploads\\\/2026\\\/05\\\/goetter_phoenizisch_reshef.webp\",\"contentUrl\":\"https:\\\/\\\/iwell-guard.com\\\/wp-content\\\/uploads\\\/2026\\\/05\\\/goetter_phoenizisch_reshef.webp\",\"width\":1024,\"height\":1536,\"caption\":\"Guder fra den f\u00f8nikiske tradition.\"},{\"@type\":\"BreadcrumbList\",\"@id\":\"https:\\\/\\\/iwell-guard.com\\\/da\\\/reshef-fonikisk-pest-og-krigsgud\\\/#breadcrumb\",\"itemListElement\":[{\"@type\":\"ListItem\",\"position\":1,\"name\":\"Start\",\"item\":\"https:\\\/\\\/iwell-guard.com\\\/da\\\/?page_id=137908\"},{\"@type\":\"ListItem\",\"position\":2,\"name\":\"Reshef \u2013 f\u00f8nikisk pest- og krigsgud\"}]},{\"@type\":\"WebSite\",\"@id\":\"https:\\\/\\\/iwell-guard.com\\\/da\\\/#website\",\"url\":\"https:\\\/\\\/iwell-guard.com\\\/da\\\/\",\"name\":\"iWell Guard\",\"description\":\"Schutz vor dunklen Einfl\u00fcssen\",\"publisher\":{\"@id\":\"https:\\\/\\\/iwell-guard.com\\\/da\\\/#organization\"},\"potentialAction\":[{\"@type\":\"SearchAction\",\"target\":{\"@type\":\"EntryPoint\",\"urlTemplate\":\"https:\\\/\\\/iwell-guard.com\\\/da\\\/?s={search_term_string}\"},\"query-input\":{\"@type\":\"PropertyValueSpecification\",\"valueRequired\":true,\"valueName\":\"search_term_string\"}}],\"inLanguage\":\"da-DK\"},{\"@type\":\"Organization\",\"@id\":\"https:\\\/\\\/iwell-guard.com\\\/da\\\/#organization\",\"name\":\"Ittermann electronic GmbH\",\"url\":\"https:\\\/\\\/iwell-guard.com\\\/da\\\/\",\"logo\":{\"@type\":\"ImageObject\",\"inLanguage\":\"da-DK\",\"@id\":\"https:\\\/\\\/iwell-guard.com\\\/da\\\/#\\\/schema\\\/logo\\\/image\\\/\",\"url\":\"https:\\\/\\\/iwell-guard.com\\\/wp-content\\\/uploads\\\/2026\\\/05\\\/Ittermann-Logo-1182x237-1.png\",\"contentUrl\":\"https:\\\/\\\/iwell-guard.com\\\/wp-content\\\/uploads\\\/2026\\\/05\\\/Ittermann-Logo-1182x237-1.png\",\"width\":1182,\"height\":237,\"caption\":\"Ittermann electronic GmbH\"},\"image\":{\"@id\":\"https:\\\/\\\/iwell-guard.com\\\/da\\\/#\\\/schema\\\/logo\\\/image\\\/\"},\"sameAs\":[\"https:\\\/\\\/pantip.com\\\/profile\\\/9367242\",\"https:\\\/\\\/micro.blog\\\/iwellguard\",\"https:\\\/\\\/www.diggerslist.com\\\/iwellguard\\\/about\",\"https:\\\/\\\/skitterphoto.com\\\/photographers\\\/2870314\\\/iwell-guard\",\"https:\\\/\\\/iwellguard.wordpress.com\\\/2026\\\/06\\\/06\\\/iwell-guard\\\/\",\"https:\\\/\\\/hub.docker.com\\\/u\\\/iwellguard\",\"https:\\\/\\\/www.pinterest.com\\\/iwellguard\\\/\",\"https:\\\/\\\/bit.ly\\\/m\\\/iwellguard\",\"https:\\\/\\\/entre-vos-mains.alsace.eu\\\/profiles\\\/iwellguard\\\/activity\",\"https:\\\/\\\/gravatar.com\\\/reallybeded8fd34\",\"https:\\\/\\\/naijamatta.com\\\/iwellguard\",\"https:\\\/\\\/www.goodreads.com\\\/iwellguard\",\"https:\\\/\\\/profile.hatena.ne.jp\\\/iwellguard\\\/\",\"https:\\\/\\\/experiment.com\\\/users\\\/iwellguard\",\"https:\\\/\\\/wakelet.com\\\/@iWellGuard82270\",\"https:\\\/\\\/www.chordie.com\\\/forum\\\/profile.php?id=2555664\",\"https:\\\/\\\/www.instapaper.com\\\/p\\\/17757966\",\"https:\\\/\\\/www.mapleprimes.com\\\/users\\\/iwellguard\",\"https:\\\/\\\/businesslistingplus.com\\\/profile\\\/iwell-guard\\\/\",\"https:\\\/\\\/telegra.ph\\\/iWell-Guard-06-06\",\"https:\\\/\\\/pbase.com\\\/iwellguard\\\/iwellguard\",\"https:\\\/\\\/b.hatena.ne.jp\\\/iwellguard\\\/20260607#bookmark-4788405196491818882\",\"https:\\\/\\\/fliphtml5.com\\\/home\\\/iwellguard\",\"https:\\\/\\\/anyflip.com\\\/homepage\\\/cmiwl#About\",\"https:\\\/\\\/transfur.com\\\/Users\\\/iwellguard\",\"http:\\\/\\\/delphi.larsbo.org\\\/user\\\/iwellguard\",\"https:\\\/\\\/jobs.lajobsportal.org\\\/profiles\\\/8380803-iwell-guard\",\"https:\\\/\\\/md.chaosdorf.de\\\/s\\\/jfbe5SBdJD\",\"https:\\\/\\\/www.lingvolive.com\\\/en-us\\\/profile\\\/9ecaeaca-ce11-4e51-9e71-01d55e2bff36\\\/translations\",\"https:\\\/\\\/www.fitday.com\\\/fitness\\\/forums\\\/members\\\/iwellguard.html\",\"https:\\\/\\\/www.mymeetbook.com\\\/iwellguard\",\"https:\\\/\\\/pxhere.com\\\/en\\\/photographer-me\\\/5040798\",\"https:\\\/\\\/disqus.com\\\/by\\\/iwellguard\\\/about\\\/\",\"https:\\\/\\\/pastelink.net\\\/hjwciqwq\",\"https:\\\/\\\/pubhtml5.com\\\/homepage\\\/scjhn\\\/\",\"https:\\\/\\\/www.bitchute.com\\\/channel\\\/2O2eOKzNqujT\",\"https:\\\/\\\/audiomack.com\\\/iwellguard\"]},{\"@type\":\"Article\",\"@id\":\"https:\\\/\\\/iwell-guard.com\\\/da\\\/reshef-fonikisk-pest-og-krigsgud\\\/#article\",\"isPartOf\":{\"@id\":\"https:\\\/\\\/iwell-guard.com\\\/da\\\/reshef-fonikisk-pest-og-krigsgud\\\/\"},\"author\":{\"name\":\"Ralf Ittermann\",\"@id\":\"https:\\\/\\\/iwell-guard.com\\\/da\\\/#\\\/schema\\\/person\\\/ee2a27f1cac3406c7c6fb5820cb7349f\"},\"headline\":\"Reshef \u2013 f\u00f8nikisk pest- og krigsgud\",\"datePublished\":\"2026-09-03T07:08:26+00:00\",\"dateModified\":\"2026-09-03T07:56:55+00:00\",\"mainEntityOfPage\":{\"@id\":\"https:\\\/\\\/iwell-guard.com\\\/da\\\/reshef-fonikisk-pest-og-krigsgud\\\/\"},\"publisher\":{\"@id\":\"https:\\\/\\\/iwell-guard.com\\\/da\\\/#organization\"},\"image\":{\"@id\":\"https:\\\/\\\/iwell-guard.com\\\/da\\\/reshef-fonikisk-pest-og-krigsgud\\\/#primaryimage\"},\"thumbnailUrl\":\"https:\\\/\\\/iwell-guard.com\\\/wp-content\\\/uploads\\\/2026\\\/05\\\/goetter_phoenizisch_reshef.webp\",\"inLanguage\":\"da-DK\",\"description\":\"Reshef er den f\u00f8nikisk-kana'an\u00e6iske pest- og krigsgud, buegud og beskyttelsesgud. Religionsvidenskabelig indplacering med kildehenvisninger.\"}]}<\/script>\n<!-- \/ Yoast SEO Premium plugin. -->","yoast_head_json":{"title":"Reshef \u2013 f\u00f8nikisk pestgud, krigsgud, kult","description":"Reshef er den f\u00f8nikisk-kana'an\u00e6iske pest- og krigsgud, buegud og beskyttelsesgud. Religionsvidenskabelig indplacering med kildehenvisninger.","robots":{"index":"index","follow":"follow","max-snippet":"max-snippet:-1","max-image-preview":"max-image-preview:large","max-video-preview":"max-video-preview:-1"},"canonical":"https:\/\/iwell-guard.com\/da\/reshef-fonikisk-pest-og-krigsgud\/","og_locale":"da_DK","og_type":"article","og_title":"Reshef \u2013 f\u00f8nikisk pest- og krigsgud","og_description":"Reshef er den f\u00f8nikisk-kana'an\u00e6iske pest- og krigsgud, buegud og beskyttelsesgud. Religionsvidenskabelig indplacering med kildehenvisninger.","og_url":"https:\/\/iwell-guard.com\/da\/reshef-fonikisk-pest-og-krigsgud\/","og_site_name":"iWell Guard","article_modified_time":"2026-09-03T07:56:55+00:00","og_image":[{"width":1024,"height":1536,"url":"https:\/\/iwell-guard.com\/wp-content\/uploads\/2026\/05\/goetter_phoenizisch_reshef.webp","type":"image\/webp"}],"twitter_card":"summary_large_image","schema":{"@context":"https:\/\/schema.org","@graph":[{"@type":"Article","@id":"https:\/\/iwell-guard.com\/da\/reshef-fonikisk-pest-og-krigsgud\/#article","isPartOf":{"@id":"https:\/\/iwell-guard.com\/da\/reshef-fonikisk-pest-og-krigsgud\/"},"author":{"name":"Ralf Ittermann","@id":"https:\/\/iwell-guard.com\/da\/#\/schema\/person\/ee2a27f1cac3406c7c6fb5820cb7349f"},"headline":"Reshef \u2013 f\u00f8nikisk pest- og krigsgud","datePublished":"2026-09-03T07:08:26+00:00","dateModified":"2026-09-03T07:56:55+00:00","mainEntityOfPage":{"@id":"https:\/\/iwell-guard.com\/da\/reshef-fonikisk-pest-og-krigsgud\/"},"publisher":{"@id":"https:\/\/iwell-guard.com\/da\/#organization"},"image":{"@id":"https:\/\/iwell-guard.com\/da\/reshef-fonikisk-pest-og-krigsgud\/#primaryimage"},"thumbnailUrl":"https:\/\/iwell-guard.com\/wp-content\/uploads\/2026\/05\/goetter_phoenizisch_reshef.webp","inLanguage":"da-DK","description":"Reshef er den f\u00f8nikisk-kana'an\u00e6iske pest- og krigsgud, buegud og beskyttelsesgud. Religionsvidenskabelig indplacering med kildehenvisninger."},{"@type":"WebPage","@id":"https:\/\/iwell-guard.com\/da\/reshef-fonikisk-pest-og-krigsgud\/","url":"https:\/\/iwell-guard.com\/da\/reshef-fonikisk-pest-og-krigsgud\/","name":"Reshef \u2013 f\u00f8nikisk pestgud, krigsgud, kult","isPartOf":{"@id":"https:\/\/iwell-guard.com\/da\/#website"},"primaryImageOfPage":{"@id":"https:\/\/iwell-guard.com\/da\/reshef-fonikisk-pest-og-krigsgud\/#primaryimage"},"image":{"@id":"https:\/\/iwell-guard.com\/da\/reshef-fonikisk-pest-og-krigsgud\/#primaryimage"},"thumbnailUrl":"https:\/\/iwell-guard.com\/wp-content\/uploads\/2026\/05\/goetter_phoenizisch_reshef.webp","datePublished":"2026-09-03T07:08:26+00:00","dateModified":"2026-09-03T07:56:55+00:00","description":"Reshef er den f\u00f8nikisk-kana'an\u00e6iske pest- og krigsgud, buegud og beskyttelsesgud. Religionsvidenskabelig indplacering med kildehenvisninger.","breadcrumb":{"@id":"https:\/\/iwell-guard.com\/da\/reshef-fonikisk-pest-og-krigsgud\/#breadcrumb"},"inLanguage":"da-DK","potentialAction":[{"@type":"ReadAction","target":["https:\/\/iwell-guard.com\/da\/reshef-fonikisk-pest-og-krigsgud\/"]}]},{"@type":"ImageObject","inLanguage":"da-DK","@id":"https:\/\/iwell-guard.com\/da\/reshef-fonikisk-pest-og-krigsgud\/#primaryimage","url":"https:\/\/iwell-guard.com\/wp-content\/uploads\/2026\/05\/goetter_phoenizisch_reshef.webp","contentUrl":"https:\/\/iwell-guard.com\/wp-content\/uploads\/2026\/05\/goetter_phoenizisch_reshef.webp","width":1024,"height":1536,"caption":"Guder fra den f\u00f8nikiske tradition."},{"@type":"BreadcrumbList","@id":"https:\/\/iwell-guard.com\/da\/reshef-fonikisk-pest-og-krigsgud\/#breadcrumb","itemListElement":[{"@type":"ListItem","position":1,"name":"Start","item":"https:\/\/iwell-guard.com\/da\/?page_id=137908"},{"@type":"ListItem","position":2,"name":"Reshef \u2013 f\u00f8nikisk pest- og krigsgud"}]},{"@type":"WebSite","@id":"https:\/\/iwell-guard.com\/da\/#website","url":"https:\/\/iwell-guard.com\/da\/","name":"iWell Guard","description":"Schutz vor dunklen Einfl\u00fcssen","publisher":{"@id":"https:\/\/iwell-guard.com\/da\/#organization"},"potentialAction":[{"@type":"SearchAction","target":{"@type":"EntryPoint","urlTemplate":"https:\/\/iwell-guard.com\/da\/?s={search_term_string}"},"query-input":{"@type":"PropertyValueSpecification","valueRequired":true,"valueName":"search_term_string"}}],"inLanguage":"da-DK"},{"@type":"Organization","@id":"https:\/\/iwell-guard.com\/da\/#organization","name":"Ittermann electronic GmbH","url":"https:\/\/iwell-guard.com\/da\/","logo":{"@type":"ImageObject","inLanguage":"da-DK","@id":"https:\/\/iwell-guard.com\/da\/#\/schema\/logo\/image\/","url":"https:\/\/iwell-guard.com\/wp-content\/uploads\/2026\/05\/Ittermann-Logo-1182x237-1.png","contentUrl":"https:\/\/iwell-guard.com\/wp-content\/uploads\/2026\/05\/Ittermann-Logo-1182x237-1.png","width":1182,"height":237,"caption":"Ittermann electronic GmbH"},"image":{"@id":"https:\/\/iwell-guard.com\/da\/#\/schema\/logo\/image\/"},"sameAs":["https:\/\/pantip.com\/profile\/9367242","https:\/\/micro.blog\/iwellguard","https:\/\/www.diggerslist.com\/iwellguard\/about","https:\/\/skitterphoto.com\/photographers\/2870314\/iwell-guard","https:\/\/iwellguard.wordpress.com\/2026\/06\/06\/iwell-guard\/","https:\/\/hub.docker.com\/u\/iwellguard","https:\/\/www.pinterest.com\/iwellguard\/","https:\/\/bit.ly\/m\/iwellguard","https:\/\/entre-vos-mains.alsace.eu\/profiles\/iwellguard\/activity","https:\/\/gravatar.com\/reallybeded8fd34","https:\/\/naijamatta.com\/iwellguard","https:\/\/www.goodreads.com\/iwellguard","https:\/\/profile.hatena.ne.jp\/iwellguard\/","https:\/\/experiment.com\/users\/iwellguard","https:\/\/wakelet.com\/@iWellGuard82270","https:\/\/www.chordie.com\/forum\/profile.php?id=2555664","https:\/\/www.instapaper.com\/p\/17757966","https:\/\/www.mapleprimes.com\/users\/iwellguard","https:\/\/businesslistingplus.com\/profile\/iwell-guard\/","https:\/\/telegra.ph\/iWell-Guard-06-06","https:\/\/pbase.com\/iwellguard\/iwellguard","https:\/\/b.hatena.ne.jp\/iwellguard\/20260607#bookmark-4788405196491818882","https:\/\/fliphtml5.com\/home\/iwellguard","https:\/\/anyflip.com\/homepage\/cmiwl#About","https:\/\/transfur.com\/Users\/iwellguard","http:\/\/delphi.larsbo.org\/user\/iwellguard","https:\/\/jobs.lajobsportal.org\/profiles\/8380803-iwell-guard","https:\/\/md.chaosdorf.de\/s\/jfbe5SBdJD","https:\/\/www.lingvolive.com\/en-us\/profile\/9ecaeaca-ce11-4e51-9e71-01d55e2bff36\/translations","https:\/\/www.fitday.com\/fitness\/forums\/members\/iwellguard.html","https:\/\/www.mymeetbook.com\/iwellguard","https:\/\/pxhere.com\/en\/photographer-me\/5040798","https:\/\/disqus.com\/by\/iwellguard\/about\/","https:\/\/pastelink.net\/hjwciqwq","https:\/\/pubhtml5.com\/homepage\/scjhn\/","https:\/\/www.bitchute.com\/channel\/2O2eOKzNqujT","https:\/\/audiomack.com\/iwellguard"]},{"@type":"Person","@id":"https:\/\/iwell-guard.com\/da\/#\/schema\/person\/ee2a27f1cac3406c7c6fb5820cb7349f","name":"Ralf Ittermann","image":{"@type":"ImageObject","inLanguage":"da-DK","@id":"https:\/\/secure.gravatar.com\/avatar\/073c0153e350a5005b68eb752b445fea71f6b24a26da9449ad7e155e6b446c9d?s=96&d=mm&r=g","url":"https:\/\/secure.gravatar.com\/avatar\/073c0153e350a5005b68eb752b445fea71f6b24a26da9449ad7e155e6b446c9d?s=96&d=mm&r=g","contentUrl":"https:\/\/secure.gravatar.com\/avatar\/073c0153e350a5005b68eb752b445fea71f6b24a26da9449ad7e155e6b446c9d?s=96&d=mm&r=g","caption":"Ralf Ittermann"},"givenName":"Ralf","familyName":"Ittermann","jobTitle":"Gesch\u00e4ftsf\u00fchrer und redaktioneller Verantwortlicher","url":"https:\/\/iwell-guard.com\/da\/author\/claude\/","description":"Ralf Ittermann ist Gesch\u00e4ftsf\u00fchrer der Ittermann electronic GmbH und redaktioneller Verantwortlicher des iWell-Guard-Lexikons. Er verbindet langj\u00e4hrige Erfahrung in der Pr\u00e4zisionsfertigung mit medialer Praxis und religionsgeschichtlicher Quellenarbeit.","worksFor":{"@type":"Organization","name":"Ittermann electronic GmbH","url":"https:\/\/ittermann.de\/","address":{"@type":"PostalAddress","streetAddress":"K\u00f6hlergasse 16-18","postalCode":"99842","addressLocality":"Ruhla","addressCountry":"DE"}},"knowsAbout":["Religionsgeschichte","Mythologie","Mediale Praxis","Energetische Diagnostik","Schutzpraxis","Volksglauben","Westliche Esoterik"]},{"@type":"Article","@id":"https:\/\/iwell-guard.com\/da\/reshef-fonikisk-pest-og-krigsgud\/#article","isPartOf":{"@id":"https:\/\/iwell-guard.com\/da\/reshef-fonikisk-pest-og-krigsgud\/"},"author":{"name":"Ralf Ittermann","@id":"https:\/\/iwell-guard.com\/da\/#\/schema\/person\/ee2a27f1cac3406c7c6fb5820cb7349f"},"headline":"Reshef \u2013 f\u00f8nikisk pest- og krigsgud","datePublished":"2026-09-03T07:08:26+00:00","dateModified":"2026-09-03T07:56:55+00:00","mainEntityOfPage":{"@id":"https:\/\/iwell-guard.com\/da\/reshef-fonikisk-pest-og-krigsgud\/"},"publisher":{"@id":"https:\/\/iwell-guard.com\/da\/#organization"},"image":{"@id":"https:\/\/iwell-guard.com\/da\/reshef-fonikisk-pest-og-krigsgud\/#primaryimage"},"thumbnailUrl":"https:\/\/iwell-guard.com\/wp-content\/uploads\/2026\/05\/goetter_phoenizisch_reshef.webp","inLanguage":"da-DK","description":"Reshef er den f\u00f8nikisk-kana'an\u00e6iske pest- og krigsgud, buegud og beskyttelsesgud. Religionsvidenskabelig indplacering med kildehenvisninger."}]}},"_links":{"self":[{"href":"https:\/\/iwell-guard.com\/da\/wp-json\/wp\/v2\/pages\/138306","targetHints":{"allow":["GET"]}}],"collection":[{"href":"https:\/\/iwell-guard.com\/da\/wp-json\/wp\/v2\/pages"}],"about":[{"href":"https:\/\/iwell-guard.com\/da\/wp-json\/wp\/v2\/types\/page"}],"author":[{"embeddable":true,"href":"https:\/\/iwell-guard.com\/da\/wp-json\/wp\/v2\/users\/3"}],"replies":[{"embeddable":true,"href":"https:\/\/iwell-guard.com\/da\/wp-json\/wp\/v2\/comments?post=138306"}],"version-history":[{"count":0,"href":"https:\/\/iwell-guard.com\/da\/wp-json\/wp\/v2\/pages\/138306\/revisions"}],"wp:featuredmedia":[{"embeddable":true,"href":"https:\/\/iwell-guard.com\/da\/wp-json\/wp\/v2\/media\/2852"}],"wp:attachment":[{"href":"https:\/\/iwell-guard.com\/da\/wp-json\/wp\/v2\/media?parent=138306"}],"wp:term":[{"taxonomy":"category","embeddable":true,"href":"https:\/\/iwell-guard.com\/da\/wp-json\/wp\/v2\/categories?post=138306"}],"curies":[{"name":"wp","href":"https:\/\/api.w.org\/{rel}","templated":true}]}}