{"id":138303,"date":"2026-09-03T07:08:24","date_gmt":"2026-09-03T07:08:24","guid":{"rendered":"https:\/\/iwell-guard.com\/?page_id=138303"},"modified":"2026-09-03T07:56:49","modified_gmt":"2026-09-03T07:56:49","slug":"yam-fonikisk-havgud","status":"publish","type":"page","link":"https:\/\/iwell-guard.com\/da\/yam-fonikisk-havgud\/","title":{"rendered":"Yam \u2013 F\u00f8nikisk havgud"},"content":{"rendered":"\t\t<div data-elementor-type=\"wp-page\" data-elementor-id=\"138303\" class=\"elementor elementor-138303 elementor-2630 elementor-bc-flex-widget\" data-elementor-post-type=\"page\">\n\t\t\t\t<div class=\"elementor-element elementor-element-iwgw-yam-hero e-flex e-con-boxed e-con e-parent\" data-id=\"iwgw-yam-hero\" data-element_type=\"container\" data-e-type=\"container\" data-settings=\"{&quot;background_background&quot;:&quot;classic&quot;}\">\n\t\t\t\t\t<div class=\"e-con-inner\">\n\t\t<div class=\"elementor-element elementor-element-iwgw-yam-hl e-flex e-con-boxed e-con e-child\" data-id=\"iwgw-yam-hl\" data-element_type=\"container\" data-e-type=\"container\">\n\t\t\t\t\t<div class=\"e-con-inner\">\n\t\t<div class=\"elementor-element elementor-element-iwgw-yam-htxt e-con-full e-flex e-con e-child\" data-id=\"iwgw-yam-htxt\" data-element_type=\"container\" data-e-type=\"container\">\n\t\t\t\t<div class=\"elementor-element elementor-element-iwgw-yam-h1 elementor-widget elementor-widget-heading\" data-id=\"iwgw-yam-h1\" data-element_type=\"widget\" data-e-type=\"widget\" data-widget_type=\"heading.default\">\n\t\t\t\t\t<h1 class=\"elementor-heading-title elementor-size-default\">Yam, f\u00f8nikisk-ugaritisk havgud og Baals modstander<\/h1>\t\t\t\t<\/div>\n\t\t\t\t<div class=\"elementor-element elementor-element-iwgw-yam-lead elementor-widget elementor-widget-text-editor\" data-id=\"iwgw-yam-lead\" data-element_type=\"widget\" data-e-type=\"widget\" data-widget_type=\"text-editor.default\">\n\t\t\t\t\t\t\t\t\t<p>Yam (ugaritisk <em>ym<\/em>, f\u00f8nikisk <em>ym<\/em>) er havguden i den ugaritisk-f\u00f8nikiske tradition og hovedmodstander til <a href=\"https:\/\/iwell-guard.com\/da\/?page_id=138297\">Baal<\/a> i Baal-cyklussen. Hans fald markerer oprettelsen af den guddommelige orden; han h\u00f8rer til kaosv\u00e6sen-familien inden for den gammelorientalske <span class=\"iwg-fachbegriff\" data-tooltip=\"Den samlede m\u00e6ngde overleverede gudefort\u00e6llinger i en kultur.\" tabindex=\"0\">mytologi<\/span>.<\/p>\t\t\t\t\t\t\t\t<\/div>\n\t\t\t\t<\/div>\n\t\t<div class=\"elementor-element elementor-element-iwgw-yam-pillc e-con-full e-flex e-con e-child\" data-id=\"iwgw-yam-pillc\" data-element_type=\"container\" data-e-type=\"container\">\n\t\t\t\t<div class=\"elementor-element elementor-element-iwgw-yam-pills elementor-widget elementor-widget-html\" data-id=\"iwgw-yam-pills\" data-element_type=\"widget\" data-e-type=\"widget\" data-widget_type=\"html.default\">\n\t\t\t\t\t<div class=\"iwg-pill-row\"><span class=\"iwg-klasse-badge\" tabindex=\"0\" data-tooltip=\"Havv\u00e6sen i traditionen F\u00f8nikisk.\">Havv\u00e6sen<\/span><a href=\"https:\/\/iwell-guard.com\/da\/?page_id=138242\" class=\"iwg-kultur-badge\" tabindex=\"0\" data-tooltip=\"Mytologi i traditionen F\u00f8nikisk.\">F\u00f8nikisk<\/a><span class=\"iwg-tradition-badge\" tabindex=\"0\" data-tooltip=\"Havgud.\">Havgud<\/span><\/div>\t\t\t\t<\/div>\n\t\t\t\t<\/div>\n\t\t<div class=\"elementor-element elementor-element-iwgw-yam-tocc e-con-full e-flex e-con e-child\" data-id=\"iwgw-yam-tocc\" data-element_type=\"container\" data-e-type=\"container\">\n\t\t\t\t<div class=\"elementor-element elementor-element-iwgw-yam-toc elementor-toc--minimized-on-tablet elementor-widget elementor-widget-table-of-contents\" data-id=\"iwgw-yam-toc\" data-element_type=\"widget\" data-e-type=\"widget\" data-settings=\"{&quot;headings_by_tags&quot;:[&quot;h2&quot;,&quot;h3&quot;],&quot;minimize_box&quot;:&quot;yes&quot;,&quot;marker_view&quot;:&quot;bullets&quot;,&quot;no_headings_message&quot;:&quot;Der blev ikke fundet nogen overskrifter p\\u00e5 denne side.&quot;,&quot;exclude_headings_by_selector&quot;:[],&quot;icon&quot;:{&quot;value&quot;:&quot;fas fa-circle&quot;,&quot;library&quot;:&quot;fa-solid&quot;,&quot;rendered_tag&quot;:&quot;&lt;svg class=\\&quot;e-font-icon-svg e-fas-circle\\&quot; viewBox=\\&quot;0 0 512 512\\&quot; xmlns=\\&quot;http:\\\/\\\/www.w3.org\\\/2000\\\/svg\\&quot;&gt;&lt;path d=\\&quot;M256 8C119 8 8 119 8 256s111 248 248 248 248-111 248-248S393 8 256 8z\\&quot;&gt;&lt;\\\/path&gt;&lt;\\\/svg&gt;&quot;},&quot;minimized_on&quot;:&quot;tablet&quot;,&quot;hierarchical_view&quot;:&quot;yes&quot;,&quot;min_height&quot;:{&quot;unit&quot;:&quot;px&quot;,&quot;size&quot;:&quot;&quot;,&quot;sizes&quot;:[]},&quot;min_height_tablet&quot;:{&quot;unit&quot;:&quot;px&quot;,&quot;size&quot;:&quot;&quot;,&quot;sizes&quot;:[]},&quot;min_height_mobile&quot;:{&quot;unit&quot;:&quot;px&quot;,&quot;size&quot;:&quot;&quot;,&quot;sizes&quot;:[]}}\" data-widget_type=\"table-of-contents.default\">\n\t\t\t\t\t\t\t\t\t<div class=\"elementor-toc__header\">\n\t\t\t\t\t\t<h2 class=\"elementor-toc__header-title\">\n\t\t\t\tIndholdsfortegnelse\t\t\t<\/h2>\n\t\t\t\t\t\t\t\t\t\t<div class=\"elementor-toc__toggle-button elementor-toc__toggle-button--expand\" role=\"button\" tabindex=\"0\" aria-controls=\"elementor-toc__iwgw-yam-toc\" aria-expanded=\"true\" aria-label=\"Open table of contents\"><svg aria-hidden=\"true\" class=\"e-font-icon-svg e-fas-chevron-down\" viewBox=\"0 0 448 512\" xmlns=\"http:\/\/www.w3.org\/2000\/svg\"><path d=\"M207.029 381.476L12.686 187.132c-9.373-9.373-9.373-24.569 0-33.941l22.667-22.667c9.357-9.357 24.522-9.375 33.901-.04L224 284.505l154.745-154.021c9.379-9.335 24.544-9.317 33.901.04l22.667 22.667c9.373 9.373 9.373 24.569 0 33.941L240.971 381.476c-9.373 9.372-24.569 9.372-33.942 0z\"><\/path><\/svg><\/div>\n\t\t\t\t<div class=\"elementor-toc__toggle-button elementor-toc__toggle-button--collapse\" role=\"button\" tabindex=\"0\" aria-controls=\"elementor-toc__iwgw-yam-toc\" aria-expanded=\"true\" aria-label=\"Close table of contents\"><svg aria-hidden=\"true\" class=\"e-font-icon-svg e-fas-chevron-up\" viewBox=\"0 0 448 512\" xmlns=\"http:\/\/www.w3.org\/2000\/svg\"><path d=\"M240.971 130.524l194.343 194.343c9.373 9.373 9.373 24.569 0 33.941l-22.667 22.667c-9.357 9.357-24.522 9.375-33.901.04L224 227.495 69.255 381.516c-9.379 9.335-24.544 9.317-33.901-.04l-22.667-22.667c-9.373-9.373-9.373-24.569 0-33.941L207.03 130.525c9.372-9.373 24.568-9.373 33.941-.001z\"><\/path><\/svg><\/div>\n\t\t\t\t\t<\/div>\n\t\t\t\t<div id=\"elementor-toc__iwgw-yam-toc\" class=\"elementor-toc__body\">\n\t\t\t<div class=\"elementor-toc__spinner-container\">\n\t\t\t\t<svg class=\"elementor-toc__spinner eicon-animation-spin e-font-icon-svg e-eicon-loading\" aria-hidden=\"true\" viewBox=\"0 0 1000 1000\" xmlns=\"http:\/\/www.w3.org\/2000\/svg\"><path d=\"M500 975V858C696 858 858 696 858 500S696 142 500 142 142 304 142 500H25C25 237 238 25 500 25S975 237 975 500 763 975 500 975Z\"><\/path><\/svg>\t\t\t<\/div>\n\t\t<\/div>\n\t\t\t\t\t\t<\/div>\n\t\t\t\t<\/div>\n\t\t\t\t\t<\/div>\n\t\t\t\t<\/div>\n\t\t<div class=\"elementor-element elementor-element-iwgw-yam-hr e-con-full e-flex e-con e-child\" data-id=\"iwgw-yam-hr\" data-element_type=\"container\" data-e-type=\"container\">\n\t\t\t\t<div class=\"elementor-element elementor-element-iwgw-yam-heroimg iwg-hero-image elementor-widget elementor-widget-image\" data-id=\"iwgw-yam-heroimg\" data-element_type=\"widget\" data-e-type=\"widget\" data-widget_type=\"image.default\">\n\t\t\t\t\t\t\t\t\t\t\t\t\t\t\t<img fetchpriority=\"high\" decoding=\"async\" width=\"683\" height=\"1024\" src=\"https:\/\/iwell-guard.com\/wp-content\/uploads\/2026\/05\/goetter_phoenizisch_yam-683x1024.webp\" class=\"attachment-large size-large wp-image-140130\" alt=\"Yam - gud fra den f\u00f8nikiske tradition, historisk-illustrativ\" srcset=\"https:\/\/iwell-guard.com\/wp-content\/uploads\/2026\/05\/goetter_phoenizisch_yam-683x1024.webp 683w, https:\/\/iwell-guard.com\/wp-content\/uploads\/2026\/05\/goetter_phoenizisch_yam-200x300.webp 200w, https:\/\/iwell-guard.com\/wp-content\/uploads\/2026\/05\/goetter_phoenizisch_yam-768x1152.webp 768w, https:\/\/iwell-guard.com\/wp-content\/uploads\/2026\/05\/goetter_phoenizisch_yam.webp 1024w\" sizes=\"(max-width: 683px) 100vw, 683px\" \/>\t\t\t\t\t\t\t\t\t\t\t\t\t\t\t<\/div>\n\t\t\t\t<\/div>\n\t\t\t\t\t<\/div>\n\t\t\t\t<\/div>\n\t\t\t\t<section class=\"elementor-section elementor-top-section elementor-element elementor-element-sec-iwgcomp2-yam elementor-section-boxed elementor-section-height-default elementor-section-height-default\" data-id=\"sec-iwgcomp2-yam\" data-element_type=\"section\" data-e-type=\"section\">\n\t\t\t\t\t\t<div class=\"elementor-container elementor-column-gap-default\">\n\t\t\t\t\t<div class=\"elementor-column elementor-col-100 elementor-top-column elementor-element elementor-element-col-iwgcomp2-yam\" data-id=\"col-iwgcomp2-yam\" data-element_type=\"column\" data-e-type=\"column\">\n\t\t\t<div class=\"elementor-widget-wrap elementor-element-populated\">\n\t\t\t\t\t\t<div class=\"elementor-element elementor-element-iwgcomp2-yam elementor-widget elementor-widget-text-editor\" data-id=\"iwgcomp2-yam\" data-element_type=\"widget\" data-e-type=\"widget\" data-widget_type=\"text-editor.default\">\n\t\t\t\t\t\t\t\t\t<p>Yam er den <strong>f\u00f8nikisk-ugaritiske<\/strong> havgud og Baals modstander i Baal-cyklussen.<\/p>\t\t\t\t\t\t\t\t<\/div>\n\t\t\t\t\t<\/div>\n\t\t<\/div>\n\t\t\t\t\t<\/div>\n\t\t<\/section>\n\t\t<div class=\"elementor-element elementor-element-iwgw-yam-s0 e-flex e-con-boxed e-con e-parent\" data-id=\"iwgw-yam-s0\" data-element_type=\"container\" data-e-type=\"container\">\n\t\t\t\t\t<div class=\"e-con-inner\">\n\t\t\t\t<div class=\"elementor-element elementor-element-iwgw-yam-s0h elementor-widget elementor-widget-heading\" data-id=\"iwgw-yam-s0h\" data-element_type=\"widget\" data-e-type=\"widget\" data-widget_type=\"heading.default\">\n\t\t\t\t\t<h2 class=\"elementor-heading-title elementor-size-default\">Indordning og kort profil<\/h2>\t\t\t\t<\/div>\n\t\t<div class=\"elementor-element elementor-element-iwgw-yam-s0c e-con-full e-flex e-con e-child\" data-id=\"iwgw-yam-s0c\" data-element_type=\"container\" data-e-type=\"container\">\n\t\t\t\t<div class=\"elementor-element elementor-element-iwgw-yam-s0t elementor-widget elementor-widget-text-editor\" data-id=\"iwgw-yam-s0t\" data-element_type=\"widget\" data-e-type=\"widget\" data-widget_type=\"text-editor.default\">\n\t\t\t\t\t\t\t\t\t<p>Yam er den f\u00f8nikisk-kanaan\u00e6iske personificering af det kaotiske hav. Mark Smith har i <em>The Ugaritic Baal Cycle<\/em> (1994\/2009) vist, at Yam i Baal-cyklussen er den centrale modfigur, hvis fald grundl\u00e6gger <a href=\"https:\/\/iwell-guard.com\/da\/?page_id=138297\">Baals<\/a> kongemagt. Inden for den <a href=\"https:\/\/iwell-guard.com\/da\/?page_id=138242\">f\u00f8nikiske tradition<\/a> er Yam den prototypiske kaosgud for havet.<\/p><p>Religionshistorisk repr\u00e6senterer Yam typen af det guddommelige kaosvand, som optr\u00e6der i n\u00e6sten alle forasiatiske mytologier: Tiamat i Mesopotamien, Apsu, Marduk-Tiamat-konflikten, <a href=\"https:\/\/iwell-guard.com\/da\/?page_id=138294\">Hedammu<\/a> i den <a href=\"https:\/\/iwell-guard.com\/da\/?page_id=138241\">hurritiske tradition<\/a>, Typhon i Gr\u00e6kenland. Disse kaosvandsguder er ikke blot onde, men ambivalente kosmiske v\u00e6sener, hvis nedk\u00e6mpelse etablerer den guddommelige orden.<\/p><p>Til forskel fra <a href=\"https:\/\/iwell-guard.com\/da\/?page_id=138294\">Hedammu<\/a> eller <a href=\"https:\/\/iwell-guard.com\/da\/?page_id=138295\">Ullikummi<\/a> er Yam en fuldgyldig gud; han har sit eget palads, har budbringere og g\u00f8r krav p\u00e5 kongemagten. Hans nederlag til Baal er ikke tilintetg\u00f8relsen af et uhyre, men afg\u00f8relsen i en guddommelig kongekamp. Denne teologiske forskel er religionshistorisk vigtig og adskiller den ugaritisk-f\u00f8nikiske tradition fra den hurritiske.<\/p><p>En s\u00e6rlig teologisk pointe i Baal-Yam-konflikten er, at Yam oprindeligt legitimt er udpeget til konge af El, den aldrende fadergud. Baals opstigning sker alts\u00e5 i modstrid med det etablerede guddommelige hierarki, ikke i overensstemmelse med det. Dette detalje understreger den revolution\u00e6re <span class=\"iwg-fachbegriff\" data-tooltip=\"Den videnskabelige l\u00e6re om Gud og en religions tro.\" tabindex=\"0\">teologi<\/span> i Baal-cyklussen, som etablerer en ny gudeorden.<\/p><p>Denne teologiske konfiguration med en siddende konge (Yam) og en revolution\u00e6r stormgud (Baal) har t\u00e6tte paralleller i den hittitiske Kumarbi-cyklus, hvor <a href=\"https:\/\/iwell-guard.com\/da\/?page_id=138290\">Teshub<\/a> g\u00f8r opr\u00f8r mod den etablerede fadergud <a href=\"https:\/\/iwell-guard.com\/da\/?page_id=138291\">Kumarbi<\/a>. Den religionshistoriske sammenh\u00e6ng i den \u00f8stlige middelhavsregion i senbronzealderen er her s\u00e6rligt t\u00e6t.<\/p>\t\t\t\t\t\t\t\t<\/div>\n\t\t\t\t<\/div>\n\t\t\t\t\t<\/div>\n\t\t\t\t<\/div>\n\t\t<div class=\"elementor-element elementor-element-iwgw-yam-s1 e-flex e-con-boxed e-con e-parent\" data-id=\"iwgw-yam-s1\" data-element_type=\"container\" data-e-type=\"container\">\n\t\t\t\t\t<div class=\"e-con-inner\">\n\t\t\t\t<div class=\"elementor-element elementor-element-iwgw-yam-s1h elementor-widget elementor-widget-heading\" data-id=\"iwgw-yam-s1h\" data-element_type=\"widget\" data-e-type=\"widget\" data-widget_type=\"heading.default\">\n\t\t\t\t\t<h2 class=\"elementor-heading-title elementor-size-default\">Navn og etymologi<\/h2>\t\t\t\t<\/div>\n\t\t<div class=\"elementor-element elementor-element-iwgw-yam-s1c e-con-full e-flex e-con e-child\" data-id=\"iwgw-yam-s1c\" data-element_type=\"container\" data-e-type=\"container\">\n\t\t\t\t<div class=\"elementor-element elementor-element-iwgw-yam-s1t elementor-widget elementor-widget-text-editor\" data-id=\"iwgw-yam-s1t\" data-element_type=\"widget\" data-e-type=\"widget\" data-widget_type=\"text-editor.default\">\n\t\t\t\t\t\t\t\t\t<p>Navnet <em>ym<\/em> er det f\u00e6lles vestsemitiske ord for &#8216;hav&#8217;; Yam er alts\u00e5 bogstaveligt &#8216;havet&#8217; selv. Denne identitet mellem gudenavn og kosmisk kategori er typisk for gammelorientalsk teogoni. P\u00e5 akkadisk ville modstykket v\u00e6re <em>t\u00e2mtu<\/em> (Tiamat); p\u00e5 hebraisk <em>y\u0101m<\/em> (med identisk etymologi, dog ikke guddommeligt personificeret).<\/p><p>I de ugaritiske tekster optr\u00e6der Yam under flere tilnavne: <em>zbl ym<\/em> &#8216;fyrste Yam&#8217;, <em>tp\u1e6d nhr<\/em> &#8216;dommer flod&#8217;, <em>\u02beyl rbn<\/em> &#8216;m\u00e6gtig gud&#8217; og <em>tnn<\/em> &#8216;Tannin&#8217; (s\u00f8slange). Den flerledede navngivning afspejler den kosmiske multifunktionalitet: Yam er hav, flod, drage og kongekandidat p\u00e5 samme tid.<\/p><p>I det hebraiske materiale optr\u00e6der Yam som Jahves kosmiske modstander i flere salmer og profetiske tekster (Sl 74; Sl 89; Es 27; Hab 3); ogs\u00e5 Livjatan (Leviathan) og Tannin h\u00f8rer til den udvidede Yam-familie.<\/p><p>John Day har i <em>God&#8217;s Conflict with the Dragon and the Sea<\/em> (1985) unders\u00f8gt de hebraiske bel\u00e6g i detaljer; Mark Smith har i <em>The Origins of Biblical Monotheism<\/em> (2001) foretaget den historiske indplacering.<\/p><p>I aramaiske og f\u00f8nikiske inskriptioner fra det 1. \u00e5rtusinde f.Kr. forsvinder den personificerede Yam-figur; havet omtales i stigende grad kun som en kosmisk sf\u00e6re, ikke som en handlende gud. Denne &#8216;afguddommeligg\u00f8relse&#8217; af havet er religionshistorisk oplysende og forl\u00f8ber parallelt med konsolideringen af Baal-kulten som hovedkult.<\/p>\t\t\t\t\t\t\t\t<\/div>\n\t\t\t\t<\/div>\n\t\t\t\t\t<\/div>\n\t\t\t\t<\/div>\n\t\t<div class=\"elementor-element elementor-element-iwgw-yam-s2 e-flex e-con-boxed e-con e-parent\" data-id=\"iwgw-yam-s2\" data-element_type=\"container\" data-e-type=\"container\">\n\t\t\t\t\t<div class=\"e-con-inner\">\n\t\t\t\t<div class=\"elementor-element elementor-element-iwgw-yam-s2h elementor-widget elementor-widget-heading\" data-id=\"iwgw-yam-s2h\" data-element_type=\"widget\" data-e-type=\"widget\" data-widget_type=\"heading.default\">\n\t\t\t\t\t<h2 class=\"elementor-heading-title elementor-size-default\">Beskrivelse og ikonografi<\/h2>\t\t\t\t<\/div>\n\t\t<div class=\"elementor-element elementor-element-iwgw-yam-s2c e-con-full e-flex e-con e-child\" data-id=\"iwgw-yam-s2c\" data-element_type=\"container\" data-e-type=\"container\">\n\t\t\t\t<div class=\"elementor-element elementor-element-iwgw-yam-s2t elementor-widget elementor-widget-text-editor\" data-id=\"iwgw-yam-s2t\" data-element_type=\"widget\" data-e-type=\"widget\" data-widget_type=\"text-editor.default\">\n\t\t\t\t\t\t\t\t\t<p>Yam optr\u00e6der sj\u00e6ldent i personificeret form i ikonografien; han fremstilles mest som havet selv eller som en v\u00e6ldig s\u00f8slange (Tannin). P\u00e5 nogle ugaritiske segl fra det 14.\/13. \u00e5rhundrede f.Kr. vises kampen mellem Baal og Yam i symbolsk form: Baal med h\u00e6vet k\u00f8lle over en slangefigur.<\/p><p>I f\u00f8nikiske kontekster er Yam-ikonografien endnu sj\u00e6ldnere; havet symboliseres oftere som den kosmiske omgivelse for den f\u00f8nikiske sejlads, med billeder af skibsstavne, fiskemotiver og b\u00f8lgeornamentik, uden at der findes en direkte Yam-personifikation.<\/p><p>En vigtig ikonografisk tradition udvikler sig i den hellenistisk-romerske periode: Yam-Poseidon med trefork og hestespand. Denne overf\u00f8rsel af de gr\u00e6ske Poseidon-billeder til den f\u00f8nikisk-vestsemitiske havguds-tradition er mindre udpr\u00e6get i det f\u00f8nikiske moderland end i de vestmediterrane kolonier, hvor den gr\u00e6ske indflydelse var mere intensiv.<\/p><p>Den ber\u00f8mte tyre-<span class=\"iwg-fachbegriff\" data-tooltip=\"En oprejst sten- eller tr\u00e6plade med indskrift eller billede.\" tabindex=\"0\">stele<\/span> fra Ras Shamra viser en lille slangeform under Baals f\u00f8dder; i forskningen identificeres denne slange ofte med Yam-Tannin. Denne ikonografiske bekr\u00e6ftelse af Baals sejr over slangen er et af de vigtigste billedvidnesbyrd om Baal-cyklussen.<\/p>\t\t\t\t\t\t\t\t<\/div>\n\t\t\t\t<\/div>\n\t\t\t\t\t<\/div>\n\t\t\t\t<\/div>\n\t\t<div class=\"elementor-element elementor-element-iwgw-yam-s3 e-flex e-con-boxed e-con e-parent\" data-id=\"iwgw-yam-s3\" data-element_type=\"container\" data-e-type=\"container\">\n\t\t\t\t\t<div class=\"e-con-inner\">\n\t\t\t\t<div class=\"elementor-element elementor-element-iwgw-yam-s3h elementor-widget elementor-widget-heading\" data-id=\"iwgw-yam-s3h\" data-element_type=\"widget\" data-e-type=\"widget\" data-widget_type=\"heading.default\">\n\t\t\t\t\t<h2 class=\"elementor-heading-title elementor-size-default\">Mytologiske fort\u00e6llinger<\/h2>\t\t\t\t<\/div>\n\t\t<div class=\"elementor-element elementor-element-iwgw-yam-s3c e-con-full e-flex e-con e-child\" data-id=\"iwgw-yam-s3c\" data-element_type=\"container\" data-e-type=\"container\">\n\t\t\t\t<div class=\"elementor-element elementor-element-iwgw-yam-s3t elementor-widget elementor-widget-text-editor\" data-id=\"iwgw-yam-s3t\" data-element_type=\"widget\" data-e-type=\"widget\" data-widget_type=\"text-editor.default\">\n\t\t\t\t\t\t\t\t\t<p>Hovedkilden til Yam er den ugaritiske Baal-cyklus (KTU 1.1, 1.2), hvor konflikten mellem Yam og <a href=\"https:\/\/iwell-guard.com\/da\/?page_id=138297\">Baal<\/a> skildres. Handlingen i grove tr\u00e6k: Yam, som officielt er udpeget som konge af El, sender sine sendebude til gudeforsamlingen og kr\u00e6ver Baal udleveret. Guderne sk\u00e6lver og s\u00e6nker hovedet; kun Baal mods\u00e6tter sig og accepterer kampen.<\/p><p>Smedeguden Kothar-wa-Khasis fremstiller to magiske v\u00e5ben til Baal, hvis navne er &#8216;Ayamur&#8217; og &#8216;Yagrush&#8217; (&#8216;den der fordriver&#8217; og &#8216;den der forjager&#8217;). Baal k\u00e6mper mod Yam med dem; det f\u00f8rste slag f\u00e5r Yam til at vakle, det andet sl\u00e5r ham til jorden.<\/p><p>Yam falder til jorden; Baal udbryder: &#8216;Yam er d\u00f8d, Baal er konge!&#8217; Mark Smith har kommenteret teksten detaljeret i sin monumentale udgivelse.<\/p><p>En anden ugaritisk episode beskriver <a href=\"https:\/\/iwell-guard.com\/da\/?page_id=138305\">Anats<\/a> kamp mod Yam, hvor hun st\u00f8tter sin bror Baal. Anat &#8216;sl\u00e5r havet, tilintetg\u00f8r floden, kuer Tannin, betvinger den vredne slange&#8217;. Denne Anat-Yam-sekvens er historisk oplysende og viser, at kampen mod kaosvandet var en kollektiv gudeindsats, ikke blot Baals enkeltst\u00e5ende handling.<\/p><p>En anden fragmentarisk episode beskriver Yam i forbindelse med &#8216;Els s\u00f8nner&#8217; (<em>bn \u02beil<\/em>), som fungerer som gudeforsamling. Yams krav forhandles i gudeforsamlingen, El giver sit samtykke, og kun Baal mods\u00e6tter sig. Denne &#8216;gudeforsamlings&#8217;-tradition er religionshistorisk betydningsfuld og har paralleller til det hebraiske &#8216;Guds s\u00f8nner&#8217;-<span class=\"iwg-fachbegriff\" data-tooltip=\"Et tilbagevendende indholdsm\u00e6ssigt element i kunst eller fort\u00e6lling.\" tabindex=\"0\">motiv<\/span> (Job 1; Sl 82).<\/p><p>De ugaritiske sangere fremf\u00f8rte sandsynligvis Baal-Yam-konflikten i en fuldst\u00e6ndig forestilling med tavleb\u00e6rere, musikinstrumenter og kultiske danse. Denne performative dimension er systematisk udforsket i den nyere Ugarit-forskning, blandt andet af Wilfred Watson og Pierre Bordreuil.<\/p>\t\t\t\t\t\t\t\t<\/div>\n\t\t\t\t<\/div>\n\t\t\t\t\t<\/div>\n\t\t\t\t<\/div>\n\t\t<div class=\"elementor-element elementor-element-iwgw-yam-s4 e-flex e-con-boxed e-con e-parent\" data-id=\"iwgw-yam-s4\" data-element_type=\"container\" data-e-type=\"container\">\n\t\t\t\t\t<div class=\"e-con-inner\">\n\t\t\t\t<div class=\"elementor-element elementor-element-iwgw-yam-s4h elementor-widget elementor-widget-heading\" data-id=\"iwgw-yam-s4h\" data-element_type=\"widget\" data-e-type=\"widget\" data-widget_type=\"heading.default\">\n\t\t\t\t\t<h2 class=\"elementor-heading-title elementor-size-default\">Kult og tilbedelse<\/h2>\t\t\t\t<\/div>\n\t\t<div class=\"elementor-element elementor-element-iwgw-yam-s4c e-con-full e-flex e-con e-child\" data-id=\"iwgw-yam-s4c\" data-element_type=\"container\" data-e-type=\"container\">\n\t\t\t\t<div class=\"elementor-element elementor-element-iwgw-yam-s4t elementor-widget elementor-widget-text-editor\" data-id=\"iwgw-yam-s4t\" data-element_type=\"widget\" data-e-type=\"widget\" data-widget_type=\"text-editor.default\">\n\t\t\t\t\t\t\t\t\t<p>Yam var ikke et kultm\u00e5l; som kaosgud blev han ikke tilbedt, men <span class=\"iwg-fachbegriff\" data-tooltip=\"Tilh\u00f8rende et fastlagt religi\u00f8st handlingsforl\u00f8b.\" tabindex=\"0\">rituelt<\/span> overvundet. I visse beskyttelsesritualer optr\u00e6der han som et prototypisk eksempel p\u00e5 den kosmiske fare, der m\u00e5 afv\u00e6rges gennem gudernes indgriben.<\/p><p>Hans <span class=\"iwg-fachbegriff\" data-tooltip=\"En overleveret fort\u00e6lling om guder, oprindelser og verdens orden.\" tabindex=\"0\">myte<\/span> blev dog reciteret i rigskulten; Baal-cyklussen h\u00f8rte til de ugaritiske sangeres repertoire og blev sandsynligvis fremf\u00f8rt ved store fester. Muligvis var den rituelle genopf\u00f8relse af Baal-Yam-sekvensen en del af for\u00e5rsfestritualet, ligesom det mesopotamiske Enuma-Elish blev fremf\u00f8rt ved nyt\u00e5rsfesten.<\/p><p>I f\u00f8nikiske s\u00f8fartsritualer blev havet <span class=\"iwg-fachbegriff\" data-tooltip=\"Tilh\u00f8rende et fastlagt religi\u00f8st handlingsforl\u00f8b.\" tabindex=\"0\">rituelt<\/span> blidgjort; skibskaptajner og rejsende bragte <span class=\"iwg-fachbegriff\" data-tooltip=\"Gave til en gud for at udtrykke tak, b\u00f8n eller \u00e6rb\u00f8dighed.\" tabindex=\"0\">offergaver<\/span> til havet i h\u00e5b om en sikker overfart. Denne s\u00f8fartsfromhed refererede ikke direkte til Yam, men h\u00f8rte til samme kosmologiske forestillingsverden. Sabatino Moscati har beskrevet den f\u00f8nikiske maritime kultur i flere studier.<\/p><p>Der findes en vigtig rituel forbindelse mellem sejren over Yam og den ugaritiske for\u00e5rsfest; konflikten blev sandsynligvis <span class=\"iwg-fachbegriff\" data-tooltip=\"Tilh\u00f8rende et fastlagt religi\u00f8st handlingsforl\u00f8b.\" tabindex=\"0\">rituelt<\/span> aktualiseret p\u00e5 tidspunktet for for\u00e5rsstormene, n\u00e5r de tunge vinterregnskyl aftog og sejls\u00e6sonen begyndte. Denne rituelle s\u00e6sonbundethed er historisk karakteristisk for det \u00f8stmiddelhavske senbronzealder.<\/p>\t\t\t\t\t\t\t\t<\/div>\n\t\t\t\t<\/div>\n\t\t\t\t\t<\/div>\n\t\t\t\t<\/div>\n\t\t<div class=\"elementor-element elementor-element-iwgw-yam-s5 e-flex e-con-boxed e-con e-parent\" data-id=\"iwgw-yam-s5\" data-element_type=\"container\" data-e-type=\"container\">\n\t\t\t\t\t<div class=\"e-con-inner\">\n\t\t\t\t<div class=\"elementor-element elementor-element-iwgw-yam-s5h elementor-widget elementor-widget-heading\" data-id=\"iwgw-yam-s5h\" data-element_type=\"widget\" data-e-type=\"widget\" data-widget_type=\"heading.default\">\n\t\t\t\t\t<h2 class=\"elementor-heading-title elementor-size-default\">Beskyttelsespraksis og apotrop\u00e6iske elementer<\/h2>\t\t\t\t<\/div>\n\t\t<div class=\"elementor-element elementor-element-iwgw-yam-s5c e-con-full e-flex e-con e-child\" data-id=\"iwgw-yam-s5c\" data-element_type=\"container\" data-e-type=\"container\">\n\t\t\t\t<div class=\"elementor-element elementor-element-iwgw-yam-s5t elementor-widget elementor-widget-text-editor\" data-id=\"iwgw-yam-s5t\" data-element_type=\"widget\" data-e-type=\"widget\" data-widget_type=\"text-editor.default\">\n\t\t\t\t\t\t\t\t\t<p>Apotrop\u00e6iske praksisser mod det kaotiske hav var udbredt i f\u00f8nikiske sammenh\u00e6nge. P\u00e5 skibsstavnens udsmykning ses apotrop\u00e6iske \u00f8jne, tyrehornssymboler eller &#8216;Tanit-tegnet&#8217; som beskyttelse mod havets farer. Disse billeder var standardudstyr p\u00e5 f\u00f8nikiske handels- og krigsskibe.<\/p><p>I havnebyer blev der brugt beskyttelsesformularer mod &#8216;det rasende hav og dets v\u00e6sener&#8217;; i de puniske indskrifter findes votivgaver for en lykkelig hjemkomst fra s\u00f8reiser. Denne rejsefromhed er religionshistorisk interessant, fordi den direkte religi\u00f8st indrammer den f\u00f8nikiske verdens internationale mobilitet.<\/p><p data-nosnippet=\"true\">Fra et videnskabeligt perspektiv er Yam et eksempel p\u00e5 personificeringen af det kaotiske hav. Hans narrative nedlag ved Baals magiv\u00e5ben kan historisk sammenlignes med Marduk-Tiamat-konflikten, hvor magiske v\u00e5ben ligeledes muligg\u00f8r sejren. iWell Guard registrerer Yam som en historisk-mytologisk figur uden aktuel beskyttelsesfunktion og uden moderne helbredelsesl\u00f8fter.<\/p><p>I de puniske indskrifter fra Karthago og Motya optr\u00e6der &#8216;havets guder&#8217; (f\u00f8nikisk <em>\u02belm ym<\/em>) som modtagere af votivgaver f\u00f8r s\u00f8reiser; hvorvidt der her er tale om en direkte Yam-erindring eller en generisk <span class=\"iwg-fachbegriff\" data-tooltip=\"Den bedende eller besv\u00e6rgende tiltale af en gud eller magt.\" tabindex=\"0\">anr\u00e5belse<\/span> af en havgud, er omdiskuteret.<\/p><p>De f\u00f8nikiske skibsstavns-\u00f8jne skal religionshistorisk tolkes <span class=\"iwg-fachbegriff\" data-tooltip=\"Uheldsafv\u00e6rgende: om tegn og objekter, der skal holde skadelige p\u00e5virkninger fra livet.\" tabindex=\"0\">apotrop\u00e6isk<\/span>; de forvandler skibets blik til en beskyttende kraft mod Yam og hans v\u00e6sener.<\/p>\t\t\t\t\t\t\t\t<\/div>\n\t\t\t\t<\/div>\n\t\t\t\t\t<\/div>\n\t\t\t\t<\/div>\n\t\t<div class=\"elementor-element elementor-element-iwgw-yam-s6 e-flex e-con-boxed e-con e-parent\" data-id=\"iwgw-yam-s6\" data-element_type=\"container\" data-e-type=\"container\">\n\t\t\t\t\t<div class=\"e-con-inner\">\n\t\t\t\t<div class=\"elementor-element elementor-element-iwgw-yam-s6h elementor-widget elementor-widget-heading\" data-id=\"iwgw-yam-s6h\" data-element_type=\"widget\" data-e-type=\"widget\" data-widget_type=\"heading.default\">\n\t\t\t\t\t<h2 class=\"elementor-heading-title elementor-size-default\">Paralleller i andre kulturer<\/h2>\t\t\t\t<\/div>\n\t\t<div class=\"elementor-element elementor-element-iwgw-yam-s6c e-con-full e-flex e-con e-child\" data-id=\"iwgw-yam-s6c\" data-element_type=\"container\" data-e-type=\"container\">\n\t\t\t\t<div class=\"elementor-element elementor-element-iwgw-yam-s6t elementor-widget elementor-widget-text-editor\" data-id=\"iwgw-yam-s6t\" data-element_type=\"widget\" data-e-type=\"widget\" data-widget_type=\"text-editor.default\">\n\t\t\t\t\t\t\t\t\t<p>Yam h\u00f8rer til den internationale familie af kaosvand-guder. I det mesopotamiske svarer Tiamat fra Enuma Elish til ham; i den <a href=\"https:\/\/iwell-guard.com\/da\/?page_id=138241\">hurritisk-hittitiske tradition<\/a> <a href=\"https:\/\/iwell-guard.com\/da\/?page_id=138294\">Hedammu<\/a> og det fragmentariske &#8216;Sang om Havet&#8217; (CTH 346) mod <a href=\"https:\/\/iwell-guard.com\/da\/?page_id=138290\">Teshub<\/a>. Mark Smith og Mary Bachvarova har i flere studier dokumenteret sammenh\u00e6ngen mellem disse mytologier.<\/p><p>I det hebraiske materiale er Yam Jahves kosmiske modstander i flere psalmer; skabelsen tolkes som Jahves sejr over Yam, Liwjatan og Tannin (Sl 74:13, 14; Es 27:1). Disse tekster h\u00f8rer til den hebraiske bibels &#8216;kaoskamp-<span class=\"iwg-fachbegriff\" data-tooltip=\"Den videnskabelige l\u00e6re om Gud og om troen i en religion.\" tabindex=\"0\">teologi<\/span>&#8216; og er historisk direkte afh\u00e6ngige af den ugaritiske Yam-tradition.<\/p><p>Med den gr\u00e6ske Typhon deler Yam kaosmodstander-profilen; med Poseidon havets personifikation, dog i en tydeligt anden teologisk konfiguration. I den hellenistisk-romerske periode blev den f\u00f8nikiske Yam identificeret med Poseidon; den aktive kaosmodstander-profil blev derved omdannet til fordel for s\u00f8fartsgudens funktion.<\/p><p>I urartiske indskrifter optr\u00e6der en havgud Quera, hvis religionshistoriske forbindelse til Yam er blevet diskuteret i de seneste \u00e5r. Mirjo Salvinis forskning giver her vigtige nye resultater.<\/p>\t\t\t\t\t\t\t\t<\/div>\n\t\t\t\t<\/div>\n\t\t\t\t\t<\/div>\n\t\t\t\t<\/div>\n\t\t<div class=\"elementor-element elementor-element-iwgw-yam-s7 e-flex e-con-boxed e-con e-parent\" data-id=\"iwgw-yam-s7\" data-element_type=\"container\" data-e-type=\"container\">\n\t\t\t\t\t<div class=\"e-con-inner\">\n\t\t\t\t<div class=\"elementor-element elementor-element-iwgw-yam-s7h elementor-widget elementor-widget-heading\" data-id=\"iwgw-yam-s7h\" data-element_type=\"widget\" data-e-type=\"widget\" data-widget_type=\"heading.default\">\n\t\t\t\t\t<h2 class=\"elementor-heading-title elementor-size-default\">Nutidig reception og forskning<\/h2>\t\t\t\t<\/div>\n\t\t<div class=\"elementor-element elementor-element-iwgw-yam-s7c e-con-full e-flex e-con e-child\" data-id=\"iwgw-yam-s7c\" data-element_type=\"container\" data-e-type=\"container\">\n\t\t\t\t<div class=\"elementor-element elementor-element-iwgw-yam-s7t elementor-widget elementor-widget-text-editor\" data-id=\"iwgw-yam-s7t\" data-element_type=\"widget\" data-e-type=\"widget\" data-widget_type=\"text-editor.default\">\n\t\t\t\t\t\t\t\t\t<p>Yam-forskningen befinder sig i dag p\u00e5 et h\u00f8jt niveau. Mark Smith og Wayne Pitards udgave af Baal-cyklussen er standardreference; John Day har i <em>God&#8217;s Conflict with the Dragon and the Sea<\/em> (1985) unders\u00f8gt de hebraiske paralleller i detaljer. Daniel Schwemer har i <em>Die Wettergottgestalten<\/em> (2001) leveret den historiske ramme.<\/p><p>I den popul\u00e6re modtagelse er Yam f\u00f8rst og fremmest kendt gennem de ugaritiske myter og gennem de hebraisk-bibelske hentydninger. En spirituel genoplivelse i nyhedensk forstand findes ikke.<\/p><p>Videnskabeligt anses Yam i dag som et centralt studieobjekt for den n\u00e6rorientalske kaosvand-<span class=\"iwg-fachbegriff\" data-tooltip=\"Den videnskabelige l\u00e6re om Gud og om troen i en religion.\" tabindex=\"0\">teologi<\/span> og for mytefamilien om stormgudens havkampe.<\/p><p>Aktuelle forskningsfokus ligger p\u00e5 differentieringen af de forskellige havv\u00e6sener (Yam, Liwjatan, Tannin), p\u00e5 de bibelske paralleller og p\u00e5 sp\u00f8rgsm\u00e5let om den n\u00f8jagtige religionshistoriske relation til den mesopotamiske Tiamat-tradition. iWell Guard opf\u00f8rer Yam som et historisk eksempel uden praktisk beskyttelsesrelevans.<\/p><p>I den moderne bibelforskning bliver Yam i stigende grad systematisk behandlet som den religionshistoriske baggrund for skabelses- og kaoskamp-teksterne. Bernard Batto og John Day har i flere studier unders\u00f8gt forbindelsen mellem Yam-traditionen og den hebraiske skabelsesberetning i detaljer.<\/p>\t\t\t\t\t\t\t\t<\/div>\n\t\t\t\t<\/div>\n\t\t\t\t\t<\/div>\n\t\t\t\t<\/div>\n\t\t<div class=\"elementor-element elementor-element-iwgw-yam-s8 e-flex e-con-boxed e-con e-parent\" data-id=\"iwgw-yam-s8\" data-element_type=\"container\" data-e-type=\"container\">\n\t\t\t\t\t<div class=\"e-con-inner\">\n\t\t\t\t<div class=\"elementor-element elementor-element-iwgw-yam-s8h elementor-widget elementor-widget-heading\" data-id=\"iwgw-yam-s8h\" data-element_type=\"widget\" data-e-type=\"widget\" data-widget_type=\"heading.default\">\n\t\t\t\t\t<h2 class=\"elementor-heading-title elementor-size-default\">Litteratur og kilder<\/h2>\t\t\t\t<\/div>\n\t\t<div class=\"elementor-element elementor-element-iwgw-yam-s8c e-con-full e-flex e-con e-child\" data-id=\"iwgw-yam-s8c\" data-element_type=\"container\" data-e-type=\"container\">\n\t\t\t\t<div class=\"elementor-element elementor-element-iwgw-yam-s8t elementor-widget elementor-widget-text-editor\" data-id=\"iwgw-yam-s8t\" data-element_type=\"widget\" data-e-type=\"widget\" data-widget_type=\"text-editor.default\">\n\t\t\t\t\t\t\t\t\t<p>F\u00f8lgende udvalg samler de vigtigste standardv\u00e6rker om Yam-forskningen. Det omfatter teksteditioner, historiske syntesestudier og studier af de hebraisk-bibelske paralleller. Mark Smiths udgave af Baal-cyklussen er prim\u00e6rkildegrundlaget; John Day og Schwemer leverer den religionshistoriske kontekstualisering. Mary Bachvarova tilvejebringer forbindelseslinjen til den gr\u00e6ske tradition.<\/p>\t\t\t\t\t\t\t\t<\/div>\n\t\t\t\t<\/div>\n\t\t\t\t\t<\/div>\n\t\t\t\t<\/div>\n\t\t<div class=\"elementor-element elementor-element-cp267ce5fe e-flex e-con-boxed e-con e-parent\" data-id=\"cp267ce5fe\" data-element_type=\"container\" data-e-type=\"container\">\n\t\t\t\t\t<div class=\"e-con-inner\">\n\t\t\t\t<div class=\"elementor-element elementor-element-cp2c5eeff3 elementor-widget elementor-widget-heading\" data-id=\"cp2c5eeff3\" data-element_type=\"widget\" data-e-type=\"widget\" data-widget_type=\"heading.default\">\n\t\t\t\t\t<h2 class=\"elementor-heading-title elementor-size-default\">Baal-cyklussen fra Ugarit som hovedkilde<\/h2>\t\t\t\t<\/div>\n\t\t<div class=\"elementor-element elementor-element-cp24751ec0 e-flex e-con-boxed e-con e-child\" data-id=\"cp24751ec0\" data-element_type=\"container\" data-e-type=\"container\">\n\t\t\t\t\t<div class=\"e-con-inner\">\n\t\t\t\t<div class=\"elementor-element elementor-element-cp20cca71c elementor-widget elementor-widget-text-editor\" data-id=\"cp20cca71c\" data-element_type=\"widget\" data-e-type=\"widget\" data-widget_type=\"text-editor.default\">\n\t\t\t\t\t\t\t\t\t<p>N\u00e6sten alt, hvad der kan siges om <em>Yammu<\/em> som handlende figur, stammer fra \u00e9t enkelt tekstkompleks: den s\u00e5kaldte Baal-cyklus, en serie alfabetkileskrifttavler, der blev fundet mellem 1929 og 1930&#8217;erne ved de franske udgravninger under Claude Schaeffer p\u00e5 <em>Tell Ras Shamra<\/em> ved den syriske kyst.<\/p><p>Tavlerne f\u00f8res i dag under signaturerne KTU 1.1 til 1.6; Yam-episoden koncentrerer sig om KTU 1.1 og 1.2. If\u00f8lge kolofonoplysning blev de skrevet af skriveren Ilimilku, sandsynligvis i det 14. eller 13. \u00e5rhundrede f.Kr.<\/p><p><span class=\"iwg-fachbegriff\" data-tooltip=\"Overleveringen af viden og fort\u00e6llinger gennem generationer.\" tabindex=\"0\">Overleveringen<\/span> er ufuldst\u00e6ndig. Tavlen KTU 1.1 er st\u00e6rkt beskadiget, og begyndelsen af konflikten mangler i det v\u00e6sentlige. F\u00f8rst med KTU 1.2 begynder en sammenh\u00e6ngende scene: Yam sender sendebud til gudeforsamlingen og forlanger, at Baal udleveres.<\/p><p>Forskningen har siden Charles Virolleauds f\u00f8rsteudgaver diskuteret, om en yderligere, g\u00e5et tabt tavle indeholdt begyndelsen af konflikten. Selve r\u00e6kkef\u00f8lgen af tavlerne er ikke sikret ved kolofoner, men er en rekonstruktion foretaget af udgiverne.<\/p><p>For det videnskabelige arbejde er denne kildesituation afg\u00f8rende: Yam er ikke en figur i en bred, mangestemmig <span class=\"iwg-fachbegriff\" data-tooltip=\"Overleveringen af viden og fort\u00e6llinger gennem generationer.\" tabindex=\"0\">overlevering<\/span>, men kan n\u00e6sten kun forst\u00e5s fra perspektivet af en pro-baalistisk fort\u00e6lletekst. Udsagn om en selvst\u00e6ndig Yam-<span class=\"iwg-fachbegriff\" data-tooltip=\"Helheden af de religi\u00f8se tilbedelseshandlinger for en gudeskikkelse eller hellig figur.\" tabindex=\"0\">kult<\/span>, om hymner til ham eller om hans rolle uden for konflikten med Baal forbliver derfor spekulative.<\/p><p>Standardudgaven er i dag <em>Die keilalphabetischen Texte aus Ugarit<\/em> (KTU) af Manfried Dietrich, Oswald Loretz og Joaqu\u00edn Sanmart\u00edn; en meget brugt engelsk overs\u00e6ttelse med kommentar stammer fra Mark S. Smith.<\/p>\t\t\t\t\t\t\t\t<\/div>\n\t\t\t\t\t<\/div>\n\t\t\t\t<\/div>\n\t\t\t\t\t<\/div>\n\t\t\t\t<\/div>\n\t\t<div class=\"elementor-element elementor-element-cp24e2e352 e-flex e-con-boxed e-con e-parent\" data-id=\"cp24e2e352\" data-element_type=\"container\" data-e-type=\"container\">\n\t\t\t\t\t<div class=\"e-con-inner\">\n\t\t\t\t<div class=\"elementor-element elementor-element-cp22d58ce9 elementor-widget elementor-widget-heading\" data-id=\"cp22d58ce9\" data-element_type=\"widget\" data-e-type=\"widget\" data-widget_type=\"heading.default\">\n\t\t\t\t\t<h2 class=\"elementor-heading-title elementor-size-default\">Gudeforsamlingen og Yams budskab<\/h2>\t\t\t\t<\/div>\n\t\t<div class=\"elementor-element elementor-element-cp248e4b3c e-flex e-con-boxed e-con e-child\" data-id=\"cp248e4b3c\" data-element_type=\"container\" data-e-type=\"container\">\n\t\t\t\t\t<div class=\"e-con-inner\">\n\t\t\t\t<div class=\"elementor-element elementor-element-cp220d4b7a elementor-widget elementor-widget-text-editor\" data-id=\"cp220d4b7a\" data-element_type=\"widget\" data-e-type=\"widget\" data-widget_type=\"text-editor.default\">\n\t\t\t\t\t\t\t\t\t<p>Den bedst bevarede Yam-scene (KTU 1.2 i) viser et gudem\u00f8de med hovedguden <em>El<\/em> som fors\u00e6de. Yam sender to bude med krav om, at Baal skal udleveres, enten som skattepligtig eller som fange.<\/p><p>Teksten giver scenen en n\u00f8je udformet koreografi: Ved budenes ankomst b\u00f8jer guderne hovedet mod kn\u00e6ene, et udtryk for frygt. Baal dadler dem for dette og retter sig op.<\/p><p>El, forsamlingens patriark, reagerer eftergivende. I flere passager kalder han Yam sin favorit og synes villig til at efterkomme kravet ved at betegne Baal som Yams tjener.<\/p><p>Denne holdning hos El er et meget diskuteret punkt: Den viser, at den \u00f8verste gud i det ugaritiske <span class=\"iwg-fachbegriff\" data-tooltip=\"Den samlede skare af guder i en religion eller kultur.\" tabindex=\"0\">pantheon<\/span> ikke er identisk med den sejrende vejrgud, og den giver konflikten et politisk isl\u00e6t, n\u00e6sten som en tronstrid inden for en familie.<\/p><p>I disse linjer b\u00e6rer Yam faste dobbeltbetegnelser. Foruden <em>ym<\/em> optr\u00e6der han som <em>tpt nhr<\/em>, ofte oversat som &#8220;dommer flod&#8221; eller &#8220;hersker str\u00f8m&#8221;. Den parallelle brug af &#8220;hav&#8221; og &#8220;flod&#8221; er et typisk stilmiddel i den ugaritiske digtning og viser tydeligt, at Yam legemligg\u00f8r alt det ut\u00e6mmede vand, ikke blot det \u00e5bne hav.<\/p><p>Scenen ender med Baals afvisning og hans erkl\u00e6ring om at ville angribe budene og deres herre. Den udg\u00f8r dermed det umiddelbare optakt til den tvekamp, der skildres p\u00e5 samme tavle i KTU 1.2 iv. Se ogs\u00e5 <a href=\"https:\/\/iwell-guard.com\/da\/?page_id=138301\">Baal-Hammon<\/a> som modfigur og senere f\u00f8nikisk udformning af Baal-navnet.<\/p>\t\t\t\t\t\t\t\t<\/div>\n\t\t\t\t\t<\/div>\n\t\t\t\t<\/div>\n\t\t\t\t\t<\/div>\n\t\t\t\t<\/div>\n\t\t<div class=\"elementor-element elementor-element-iwgw-yam-lit e-flex e-con-boxed e-con e-parent\" data-id=\"iwgw-yam-lit\" data-element_type=\"container\" data-e-type=\"container\">\n\t\t\t\t\t<div class=\"e-con-inner\">\n\t\t\t\t<div class=\"elementor-element elementor-element-iwgw-yam-lith elementor-widget elementor-widget-heading\" data-id=\"iwgw-yam-lith\" data-element_type=\"widget\" data-e-type=\"widget\" data-widget_type=\"heading.default\">\n\t\t\t\t\t<h2 class=\"elementor-heading-title elementor-size-default\">Litteratur (udvalg)<\/h2>\t\t\t\t<\/div>\n\t\t<div class=\"elementor-element elementor-element-iwgw-yam-litc e-con-full e-flex e-con e-child\" data-id=\"iwgw-yam-litc\" data-element_type=\"container\" data-e-type=\"container\">\n\t\t\t\t<div class=\"elementor-element elementor-element-iwgw-yam-litt elementor-widget elementor-widget-text-editor\" data-id=\"iwgw-yam-litt\" data-element_type=\"widget\" data-e-type=\"widget\" data-widget_type=\"text-editor.default\">\n\t\t\t\t\t\t\t\t\t<div data-nosnippet=\"true\"><ul><li>Mark Smith \/ Wayne Pitard: <em>The Ugaritic Baal Cycle<\/em> (Leiden 1994\/2009)<\/li><li>John Day: <em>God&#8217;s Conflict with the Dragon and the Sea<\/em> (Cambridge 1985)<\/li><li>Daniel Schwemer: <em>Die Wettergottgestalten Mesopotamiens und Nordsyriens<\/em> (Wiesbaden 2001)<\/li><li>Mark Smith: <em>The Origins of Biblical Monotheism<\/em> (Oxford 2001)<\/li><li>Sabatino Moscati: <em>Die Ph\u00f6niker<\/em> (Stuttgart 1966)<\/li><li>Mary Bachvarova: <em>From Hittite to Homer<\/em> (Cambridge 2016)<\/li><\/ul><\/div>\t\t\t\t\t\t\t\t<\/div>\n\t\t\t\t<\/div>\n\t\t\t\t\t<\/div>\n\t\t\t\t<\/div>\n\t\t<div class=\"elementor-element elementor-element-iwgkw2-add-yam e-flex e-con-boxed e-con e-parent\" data-id=\"iwgkw2-add-yam\" data-element_type=\"container\" data-e-type=\"container\">\n\t\t\t\t\t<div class=\"e-con-inner\">\n\t\t\t\t<div class=\"elementor-element elementor-element-iwgkw2-add-yam-t elementor-widget elementor-widget-text-editor\" data-id=\"iwgkw2-add-yam-t\" data-element_type=\"widget\" data-e-type=\"widget\" data-widget_type=\"text-editor.default\">\n\t\t\t\t\t\t\t\t\t<p>I den <em>ugaritiske<\/em> Baal-cyklus, overleveret p\u00e5 lertavler fra Ras Shamra i det fjortende \u00e5rhundrede f\u00f8r Kristus, optr\u00e6der Yam som havgud og Baals modstander, som denne til sidst besejrer med kastev\u00e5bnene Ajamur og Jagrush.<\/p>\t\t\t\t\t\t\t\t<\/div>\n\t\t\t\t\t<\/div>\n\t\t\t\t<\/div>\n\t\t<div class=\"elementor-element elementor-element-iwgw-yam-kwd e-flex e-con-boxed e-con e-parent\" data-id=\"iwgw-yam-kwd\" data-element_type=\"container\" data-e-type=\"container\">\n\t\t\t\t\t<div class=\"e-con-inner\">\n\t\t<div class=\"elementor-element elementor-element-iwgw-yam-kwdc e-con-full e-flex e-con e-child\" data-id=\"iwgw-yam-kwdc\" data-element_type=\"container\" data-e-type=\"container\">\n\t\t\t\t<div class=\"elementor-element elementor-element-iwgw-yam-kwdt elementor-widget elementor-widget-text-editor\" data-id=\"iwgw-yam-kwdt\" data-element_type=\"widget\" data-e-type=\"widget\" data-widget_type=\"text-editor.default\">\n\t\t\t\t\t\t\t\t\t<p><em>Relaterede n\u00f8glebegreber: Yam f\u00f8nikere havgud Baal-cyklus Tannin Livjatan kaosvand.<\/em><\/p>\t\t\t\t\t\t\t\t<\/div>\n\t\t\t\t<\/div>\n\t\t\t\t\t<\/div>\n\t\t\t\t<\/div>\n\t\t<div class=\"elementor-element elementor-element-iwgw-yam-cc e-flex e-con-boxed e-con e-parent\" data-id=\"iwgw-yam-cc\" data-element_type=\"container\" data-e-type=\"container\" id=\"iwg-cc-yam\">\n\t\t\t\t\t<div class=\"e-con-inner\">\n\t\t<div class=\"elementor-element elementor-element-iwgw-yam-ccinner e-flex e-con-boxed e-con e-parent\" data-id=\"iwgw-yam-ccinner\" data-element_type=\"container\" data-e-type=\"container\" data-settings=\"{&quot;background_background&quot;:&quot;classic&quot;}\">\n\t\t\t\t\t<div class=\"e-con-inner\">\n\t\t\t\t<div class=\"elementor-element elementor-element-iwgw-yam-cch elementor-widget elementor-widget-heading\" data-id=\"iwgw-yam-cch\" data-element_type=\"widget\" data-e-type=\"widget\" data-widget_type=\"heading.default\">\n\t\t\t\t\t<h2 class=\"elementor-heading-title elementor-size-default\">iWell Guard og beskyttelsestraditioner<\/h2>\t\t\t\t<\/div>\n\t\t\t\t<div class=\"elementor-element elementor-element-iwgw-yam-cct elementor-widget elementor-widget-text-editor\" data-id=\"iwgw-yam-cct\" data-element_type=\"widget\" data-e-type=\"widget\" data-widget_type=\"text-editor.default\">\n\t\t\t\t\t\t\t\t\t<div data-nosnippet=\"true\"><p>iWell Guard knytter sig til den kulturhistoriske tradition for b\u00e6rbare beskyttelsesobjekter, i traditionen fra <a href=\"https:\/\/iwell-guard.com\/da\/?page_id=138242\">F\u00f8nikisk<\/a> og mange andre kulturer verden over. 41 lag, \u00e6gte guld, platin, s\u00f8lv, fremstillet i Tyskland. 30 dages returret.<\/p><\/div>\t\t\t\t\t\t\t\t<\/div>\n\t\t\t\t<div class=\"elementor-element elementor-element-iwgw-yam-ccb iwg-cc-button iwg-cc-cta-2026-05-13 elementor-widget elementor-widget-jet-button\" data-id=\"iwgw-yam-ccb\" data-element_type=\"widget\" data-e-type=\"widget\" data-widget_type=\"jet-button.default\">\n\t\t\t\t<div class=\"elementor-widget-container\">\n\t\t\t\t\t<div class=\"elementor-jet-button jet-elements\"><div class=\"jet-button__container\"><a class=\"jet-button__instance jet-button__instance--icon-left hover-effect-1\" href=\"\/ueber-iwell-guard\/?utm_source=iwell-guard.com&amp;utm_medium=info-box&amp;utm_campaign=wesen-tradition\"><div class=\"jet-button__plane jet-button__plane-normal\"><\/div><div class=\"jet-button__plane jet-button__plane-hover\"><\/div><div class=\"jet-button__state jet-button__state-normal\"><span class=\"jet-button__label\">Mere om iWell Guard<\/span><\/div><div class=\"jet-button__state jet-button__state-hover\"><span class=\"jet-button__label\">Mere om iWell Guard<\/span><\/div><\/a><\/div><\/div><style>.elementor-element.elementor-element-iwgw-yam-ccb .jet-button__instance{width:320px;height:56px;}.elementor-element.elementor-element-iwgw-yam-ccb .jet-button__state-normal .jet-button__label{text-align:center;margin:0px 0px 0px 0px;color:#1a1b20;font-family:Montserrat,sans-serif;font-size:13px;font-weight:400;letter-spacing:4px;line-height:1.714em;text-transform:uppercase;}.elementor-element.elementor-element-iwgw-yam-ccb .jet-button__state-hover .jet-button__label{text-align:center;margin:0px 0px 0px 0px;color:#FECC76;font-family:Montserrat,sans-serif;font-size:13px;font-weight:400;letter-spacing:4px;line-height:1.714em;text-transform:uppercase;}.elementor-element.elementor-element-iwgw-yam-ccb .jet-button__plane-normal{background-color:#FECC76;border-style:solid;border-color:#C99540;border-width:2px 2px 2px 2px;}.elementor-element.elementor-element-iwgw-yam-ccb .jet-button__plane-hover{background-color:rgba(0,0,0,0.55);border-style:solid;border-color:#FECC76;border-width:2px 2px 2px 2px;}<\/style>\t\t\t\t<\/div>\n\t\t\t\t<\/div>\n\t\t\t\t<div class=\"elementor-element elementor-element-iwgw-yam-ccd elementor-widget elementor-widget-text-editor\" data-id=\"iwgw-yam-ccd\" data-element_type=\"widget\" data-e-type=\"widget\" data-widget_type=\"text-editor.default\">\n\t\t\t\t\t\t\t\t\t<div data-nosnippet=\"true\"><p style=\"text-align:center;font-size:13px;opacity:0.7;margin-top:14px\" data-nosnippet=\"true\">Personlige erfaringer kan variere. Ikke et medicinsk produkt. Intet helbredelsesl\u00f8fte.<\/p><\/div>\t\t\t\t\t\t\t\t<\/div>\n\t\t\t\t\t<\/div>\n\t\t\t\t<\/div>\n\t\t\t\t\t<\/div>\n\t\t\t\t<\/div>\n\t\t<div class=\"elementor-element elementor-element-iwgw-yam-disc e-flex e-con-boxed e-con e-parent\" data-id=\"iwgw-yam-disc\" data-element_type=\"container\" data-e-type=\"container\">\n\t\t\t\t\t<div class=\"e-con-inner\">\n\t\t\t\t<div class=\"elementor-element elementor-element-iwgw-yam-discw elementor-widget elementor-widget-html\" data-id=\"iwgw-yam-discw\" data-element_type=\"widget\" data-e-type=\"widget\" data-widget_type=\"html.default\">\n\t\t\t\t\t<footer data-nosnippet=\"true\" class=\"iwg-disclaimer-block\"><p data-nosnippet=\"true\">iWell Guard er <strong>ikke et medicinsk produkt<\/strong> og erstatter ikke l\u00e6ge- eller psykoterapeutisk behandling. De religionsvidenskabelige indhold er en kulturhistorisk indplacering, ikke en anbefaling af spirituel praksis.<\/p><\/footer>\t\t\t\t<\/div>\n\t\t\t\t\t<\/div>\n\t\t\t\t<\/div>\n\t\t\t\t<\/div>\n\t\t","protected":false},"excerpt":{"rendered":"","protected":false},"author":3,"featured_media":2854,"parent":0,"menu_order":0,"comment_status":"closed","ping_status":"closed","template":"elementor_header_footer","meta":{"_yoast_wpseo_focuskw":"Yam F\u00f8nikere Havgud Baal","_yoast_wpseo_title":"Yam \u2013 F\u00f8nikisk havgud, Baal-cyklus","_yoast_wpseo_metadesc":"Yam er den f\u00f8nikisk-ugaritiske havgud, Baals hovedmodstander i Baal-cyklussen. Religionsvidenskabelig indplacering med myte.","_yoast_wpseo_meta-robots-noindex":"","_yoast_wpseo_canonical":"","_angie_page":false,"gefaehrdungsstufe":"3","wesen_kultur":"phoenizisch","wesen_klasse":"geister","footnotes":""},"categories":[],"class_list":["post-138303","page","type-page","status-publish","has-post-thumbnail","hentry"],"yoast_head":"<!-- This site is optimized with the Yoast SEO Premium plugin v27.7 (Yoast SEO v28.3) - https:\/\/yoast.com\/product\/yoast-seo-premium-wordpress\/ -->\n<title>Yam \u2013 F\u00f8nikisk havgud, Baal-cyklus<\/title>\n<meta name=\"description\" content=\"Yam er den f\u00f8nikisk-ugaritiske havgud, Baals hovedmodstander i Baal-cyklussen. Religionsvidenskabelig indplacering med myte.\" \/>\n<meta name=\"robots\" content=\"index, follow, max-snippet:-1, max-image-preview:large, max-video-preview:-1\" \/>\n<link rel=\"canonical\" href=\"https:\/\/iwell-guard.com\/da\/yam-fonikisk-havgud\/\" \/>\n<meta property=\"og:locale\" content=\"da_DK\" \/>\n<meta property=\"og:type\" content=\"article\" \/>\n<meta property=\"og:title\" content=\"Yam \u2013 F\u00f8nikisk havgud\" \/>\n<meta property=\"og:description\" content=\"Yam er den f\u00f8nikisk-ugaritiske havgud, Baals hovedmodstander i Baal-cyklussen. Religionsvidenskabelig indplacering med myte.\" \/>\n<meta property=\"og:url\" content=\"https:\/\/iwell-guard.com\/da\/yam-fonikisk-havgud\/\" \/>\n<meta property=\"og:site_name\" content=\"iWell Guard\" \/>\n<meta property=\"article:modified_time\" content=\"2026-09-03T07:56:49+00:00\" \/>\n<meta property=\"og:image\" content=\"https:\/\/iwell-guard.com\/wp-content\/uploads\/2026\/05\/goetter_phoenizisch_yam.webp\" \/>\n\t<meta property=\"og:image:width\" content=\"1024\" \/>\n\t<meta property=\"og:image:height\" content=\"1536\" \/>\n\t<meta property=\"og:image:type\" content=\"image\/webp\" \/>\n<meta name=\"twitter:card\" content=\"summary_large_image\" \/>\n<script type=\"application\/ld+json\" class=\"yoast-schema-graph\">{\"@context\":\"https:\\\/\\\/schema.org\",\"@graph\":[{\"@type\":\"WebPage\",\"@id\":\"https:\\\/\\\/iwell-guard.com\\\/da\\\/yam-fonikisk-havgud\\\/\",\"url\":\"https:\\\/\\\/iwell-guard.com\\\/da\\\/yam-fonikisk-havgud\\\/\",\"name\":\"Yam \u2013 F\u00f8nikisk havgud, Baal-cyklus\",\"isPartOf\":{\"@id\":\"https:\\\/\\\/iwell-guard.com\\\/da\\\/#website\"},\"primaryImageOfPage\":{\"@id\":\"https:\\\/\\\/iwell-guard.com\\\/da\\\/yam-fonikisk-havgud\\\/#primaryimage\"},\"image\":{\"@id\":\"https:\\\/\\\/iwell-guard.com\\\/da\\\/yam-fonikisk-havgud\\\/#primaryimage\"},\"thumbnailUrl\":\"https:\\\/\\\/iwell-guard.com\\\/wp-content\\\/uploads\\\/2026\\\/05\\\/goetter_phoenizisch_yam.webp\",\"datePublished\":\"2026-09-03T07:08:24+00:00\",\"dateModified\":\"2026-09-03T07:56:49+00:00\",\"description\":\"Yam er den f\u00f8nikisk-ugaritiske havgud, Baals hovedmodstander i Baal-cyklussen. Religionsvidenskabelig indplacering med myte.\",\"breadcrumb\":{\"@id\":\"https:\\\/\\\/iwell-guard.com\\\/da\\\/yam-fonikisk-havgud\\\/#breadcrumb\"},\"inLanguage\":\"da-DK\",\"potentialAction\":[{\"@type\":\"ReadAction\",\"target\":[\"https:\\\/\\\/iwell-guard.com\\\/da\\\/yam-fonikisk-havgud\\\/\"]}]},{\"@type\":\"ImageObject\",\"inLanguage\":\"da-DK\",\"@id\":\"https:\\\/\\\/iwell-guard.com\\\/da\\\/yam-fonikisk-havgud\\\/#primaryimage\",\"url\":\"https:\\\/\\\/iwell-guard.com\\\/wp-content\\\/uploads\\\/2026\\\/05\\\/goetter_phoenizisch_yam.webp\",\"contentUrl\":\"https:\\\/\\\/iwell-guard.com\\\/wp-content\\\/uploads\\\/2026\\\/05\\\/goetter_phoenizisch_yam.webp\",\"width\":1024,\"height\":1536,\"caption\":\"Guder fra den f\u00f8nikiske tradition.\"},{\"@type\":\"BreadcrumbList\",\"@id\":\"https:\\\/\\\/iwell-guard.com\\\/da\\\/yam-fonikisk-havgud\\\/#breadcrumb\",\"itemListElement\":[{\"@type\":\"ListItem\",\"position\":1,\"name\":\"Start\",\"item\":\"https:\\\/\\\/iwell-guard.com\\\/da\\\/?page_id=137908\"},{\"@type\":\"ListItem\",\"position\":2,\"name\":\"Yam \u2013 F\u00f8nikisk havgud\"}]},{\"@type\":\"WebSite\",\"@id\":\"https:\\\/\\\/iwell-guard.com\\\/da\\\/#website\",\"url\":\"https:\\\/\\\/iwell-guard.com\\\/da\\\/\",\"name\":\"iWell Guard\",\"description\":\"Schutz vor dunklen Einfl\u00fcssen\",\"publisher\":{\"@id\":\"https:\\\/\\\/iwell-guard.com\\\/da\\\/#organization\"},\"potentialAction\":[{\"@type\":\"SearchAction\",\"target\":{\"@type\":\"EntryPoint\",\"urlTemplate\":\"https:\\\/\\\/iwell-guard.com\\\/da\\\/?s={search_term_string}\"},\"query-input\":{\"@type\":\"PropertyValueSpecification\",\"valueRequired\":true,\"valueName\":\"search_term_string\"}}],\"inLanguage\":\"da-DK\"},{\"@type\":\"Organization\",\"@id\":\"https:\\\/\\\/iwell-guard.com\\\/da\\\/#organization\",\"name\":\"Ittermann electronic GmbH\",\"url\":\"https:\\\/\\\/iwell-guard.com\\\/da\\\/\",\"logo\":{\"@type\":\"ImageObject\",\"inLanguage\":\"da-DK\",\"@id\":\"https:\\\/\\\/iwell-guard.com\\\/da\\\/#\\\/schema\\\/logo\\\/image\\\/\",\"url\":\"https:\\\/\\\/iwell-guard.com\\\/wp-content\\\/uploads\\\/2026\\\/05\\\/Ittermann-Logo-1182x237-1.png\",\"contentUrl\":\"https:\\\/\\\/iwell-guard.com\\\/wp-content\\\/uploads\\\/2026\\\/05\\\/Ittermann-Logo-1182x237-1.png\",\"width\":1182,\"height\":237,\"caption\":\"Ittermann electronic GmbH\"},\"image\":{\"@id\":\"https:\\\/\\\/iwell-guard.com\\\/da\\\/#\\\/schema\\\/logo\\\/image\\\/\"},\"sameAs\":[\"https:\\\/\\\/pantip.com\\\/profile\\\/9367242\",\"https:\\\/\\\/micro.blog\\\/iwellguard\",\"https:\\\/\\\/www.diggerslist.com\\\/iwellguard\\\/about\",\"https:\\\/\\\/skitterphoto.com\\\/photographers\\\/2870314\\\/iwell-guard\",\"https:\\\/\\\/iwellguard.wordpress.com\\\/2026\\\/06\\\/06\\\/iwell-guard\\\/\",\"https:\\\/\\\/hub.docker.com\\\/u\\\/iwellguard\",\"https:\\\/\\\/www.pinterest.com\\\/iwellguard\\\/\",\"https:\\\/\\\/bit.ly\\\/m\\\/iwellguard\",\"https:\\\/\\\/entre-vos-mains.alsace.eu\\\/profiles\\\/iwellguard\\\/activity\",\"https:\\\/\\\/gravatar.com\\\/reallybeded8fd34\",\"https:\\\/\\\/naijamatta.com\\\/iwellguard\",\"https:\\\/\\\/www.goodreads.com\\\/iwellguard\",\"https:\\\/\\\/profile.hatena.ne.jp\\\/iwellguard\\\/\",\"https:\\\/\\\/experiment.com\\\/users\\\/iwellguard\",\"https:\\\/\\\/wakelet.com\\\/@iWellGuard82270\",\"https:\\\/\\\/www.chordie.com\\\/forum\\\/profile.php?id=2555664\",\"https:\\\/\\\/www.instapaper.com\\\/p\\\/17757966\",\"https:\\\/\\\/www.mapleprimes.com\\\/users\\\/iwellguard\",\"https:\\\/\\\/businesslistingplus.com\\\/profile\\\/iwell-guard\\\/\",\"https:\\\/\\\/telegra.ph\\\/iWell-Guard-06-06\",\"https:\\\/\\\/pbase.com\\\/iwellguard\\\/iwellguard\",\"https:\\\/\\\/b.hatena.ne.jp\\\/iwellguard\\\/20260607#bookmark-4788405196491818882\",\"https:\\\/\\\/fliphtml5.com\\\/home\\\/iwellguard\",\"https:\\\/\\\/anyflip.com\\\/homepage\\\/cmiwl#About\",\"https:\\\/\\\/transfur.com\\\/Users\\\/iwellguard\",\"http:\\\/\\\/delphi.larsbo.org\\\/user\\\/iwellguard\",\"https:\\\/\\\/jobs.lajobsportal.org\\\/profiles\\\/8380803-iwell-guard\",\"https:\\\/\\\/md.chaosdorf.de\\\/s\\\/jfbe5SBdJD\",\"https:\\\/\\\/www.lingvolive.com\\\/en-us\\\/profile\\\/9ecaeaca-ce11-4e51-9e71-01d55e2bff36\\\/translations\",\"https:\\\/\\\/www.fitday.com\\\/fitness\\\/forums\\\/members\\\/iwellguard.html\",\"https:\\\/\\\/www.mymeetbook.com\\\/iwellguard\",\"https:\\\/\\\/pxhere.com\\\/en\\\/photographer-me\\\/5040798\",\"https:\\\/\\\/disqus.com\\\/by\\\/iwellguard\\\/about\\\/\",\"https:\\\/\\\/pastelink.net\\\/hjwciqwq\",\"https:\\\/\\\/pubhtml5.com\\\/homepage\\\/scjhn\\\/\",\"https:\\\/\\\/www.bitchute.com\\\/channel\\\/2O2eOKzNqujT\",\"https:\\\/\\\/audiomack.com\\\/iwellguard\"]},{\"@type\":\"Article\",\"@id\":\"https:\\\/\\\/iwell-guard.com\\\/da\\\/yam-fonikisk-havgud\\\/#article\",\"isPartOf\":{\"@id\":\"https:\\\/\\\/iwell-guard.com\\\/da\\\/yam-fonikisk-havgud\\\/\"},\"author\":{\"name\":\"Ralf Ittermann\",\"@id\":\"https:\\\/\\\/iwell-guard.com\\\/da\\\/#\\\/schema\\\/person\\\/ee2a27f1cac3406c7c6fb5820cb7349f\"},\"headline\":\"Yam \u2013 F\u00f8nikisk havgud\",\"datePublished\":\"2026-09-03T07:08:24+00:00\",\"dateModified\":\"2026-09-03T07:56:49+00:00\",\"mainEntityOfPage\":{\"@id\":\"https:\\\/\\\/iwell-guard.com\\\/da\\\/yam-fonikisk-havgud\\\/\"},\"publisher\":{\"@id\":\"https:\\\/\\\/iwell-guard.com\\\/da\\\/#organization\"},\"image\":{\"@id\":\"https:\\\/\\\/iwell-guard.com\\\/da\\\/yam-fonikisk-havgud\\\/#primaryimage\"},\"thumbnailUrl\":\"https:\\\/\\\/iwell-guard.com\\\/wp-content\\\/uploads\\\/2026\\\/05\\\/goetter_phoenizisch_yam.webp\",\"inLanguage\":\"da-DK\",\"description\":\"Yam er den f\u00f8nikisk-ugaritiske havgud, Baals hovedmodstander i Baal-cyklussen. Religionsvidenskabelig indplacering med myte.\"}]}<\/script>\n<!-- \/ Yoast SEO Premium plugin. -->","yoast_head_json":{"title":"Yam \u2013 F\u00f8nikisk havgud, Baal-cyklus","description":"Yam er den f\u00f8nikisk-ugaritiske havgud, Baals hovedmodstander i Baal-cyklussen. Religionsvidenskabelig indplacering med myte.","robots":{"index":"index","follow":"follow","max-snippet":"max-snippet:-1","max-image-preview":"max-image-preview:large","max-video-preview":"max-video-preview:-1"},"canonical":"https:\/\/iwell-guard.com\/da\/yam-fonikisk-havgud\/","og_locale":"da_DK","og_type":"article","og_title":"Yam \u2013 F\u00f8nikisk havgud","og_description":"Yam er den f\u00f8nikisk-ugaritiske havgud, Baals hovedmodstander i Baal-cyklussen. Religionsvidenskabelig indplacering med myte.","og_url":"https:\/\/iwell-guard.com\/da\/yam-fonikisk-havgud\/","og_site_name":"iWell Guard","article_modified_time":"2026-09-03T07:56:49+00:00","og_image":[{"width":1024,"height":1536,"url":"https:\/\/iwell-guard.com\/wp-content\/uploads\/2026\/05\/goetter_phoenizisch_yam.webp","type":"image\/webp"}],"twitter_card":"summary_large_image","schema":{"@context":"https:\/\/schema.org","@graph":[{"@type":"Article","@id":"https:\/\/iwell-guard.com\/da\/yam-fonikisk-havgud\/#article","isPartOf":{"@id":"https:\/\/iwell-guard.com\/da\/yam-fonikisk-havgud\/"},"author":{"name":"Ralf Ittermann","@id":"https:\/\/iwell-guard.com\/da\/#\/schema\/person\/ee2a27f1cac3406c7c6fb5820cb7349f"},"headline":"Yam \u2013 F\u00f8nikisk havgud","datePublished":"2026-09-03T07:08:24+00:00","dateModified":"2026-09-03T07:56:49+00:00","mainEntityOfPage":{"@id":"https:\/\/iwell-guard.com\/da\/yam-fonikisk-havgud\/"},"publisher":{"@id":"https:\/\/iwell-guard.com\/da\/#organization"},"image":{"@id":"https:\/\/iwell-guard.com\/da\/yam-fonikisk-havgud\/#primaryimage"},"thumbnailUrl":"https:\/\/iwell-guard.com\/wp-content\/uploads\/2026\/05\/goetter_phoenizisch_yam.webp","inLanguage":"da-DK","description":"Yam er den f\u00f8nikisk-ugaritiske havgud, Baals hovedmodstander i Baal-cyklussen. Religionsvidenskabelig indplacering med myte."},{"@type":"WebPage","@id":"https:\/\/iwell-guard.com\/da\/yam-fonikisk-havgud\/","url":"https:\/\/iwell-guard.com\/da\/yam-fonikisk-havgud\/","name":"Yam \u2013 F\u00f8nikisk havgud, Baal-cyklus","isPartOf":{"@id":"https:\/\/iwell-guard.com\/da\/#website"},"primaryImageOfPage":{"@id":"https:\/\/iwell-guard.com\/da\/yam-fonikisk-havgud\/#primaryimage"},"image":{"@id":"https:\/\/iwell-guard.com\/da\/yam-fonikisk-havgud\/#primaryimage"},"thumbnailUrl":"https:\/\/iwell-guard.com\/wp-content\/uploads\/2026\/05\/goetter_phoenizisch_yam.webp","datePublished":"2026-09-03T07:08:24+00:00","dateModified":"2026-09-03T07:56:49+00:00","description":"Yam er den f\u00f8nikisk-ugaritiske havgud, Baals hovedmodstander i Baal-cyklussen. Religionsvidenskabelig indplacering med myte.","breadcrumb":{"@id":"https:\/\/iwell-guard.com\/da\/yam-fonikisk-havgud\/#breadcrumb"},"inLanguage":"da-DK","potentialAction":[{"@type":"ReadAction","target":["https:\/\/iwell-guard.com\/da\/yam-fonikisk-havgud\/"]}]},{"@type":"ImageObject","inLanguage":"da-DK","@id":"https:\/\/iwell-guard.com\/da\/yam-fonikisk-havgud\/#primaryimage","url":"https:\/\/iwell-guard.com\/wp-content\/uploads\/2026\/05\/goetter_phoenizisch_yam.webp","contentUrl":"https:\/\/iwell-guard.com\/wp-content\/uploads\/2026\/05\/goetter_phoenizisch_yam.webp","width":1024,"height":1536,"caption":"Guder fra den f\u00f8nikiske tradition."},{"@type":"BreadcrumbList","@id":"https:\/\/iwell-guard.com\/da\/yam-fonikisk-havgud\/#breadcrumb","itemListElement":[{"@type":"ListItem","position":1,"name":"Start","item":"https:\/\/iwell-guard.com\/da\/?page_id=137908"},{"@type":"ListItem","position":2,"name":"Yam \u2013 F\u00f8nikisk havgud"}]},{"@type":"WebSite","@id":"https:\/\/iwell-guard.com\/da\/#website","url":"https:\/\/iwell-guard.com\/da\/","name":"iWell Guard","description":"Schutz vor dunklen Einfl\u00fcssen","publisher":{"@id":"https:\/\/iwell-guard.com\/da\/#organization"},"potentialAction":[{"@type":"SearchAction","target":{"@type":"EntryPoint","urlTemplate":"https:\/\/iwell-guard.com\/da\/?s={search_term_string}"},"query-input":{"@type":"PropertyValueSpecification","valueRequired":true,"valueName":"search_term_string"}}],"inLanguage":"da-DK"},{"@type":"Organization","@id":"https:\/\/iwell-guard.com\/da\/#organization","name":"Ittermann electronic GmbH","url":"https:\/\/iwell-guard.com\/da\/","logo":{"@type":"ImageObject","inLanguage":"da-DK","@id":"https:\/\/iwell-guard.com\/da\/#\/schema\/logo\/image\/","url":"https:\/\/iwell-guard.com\/wp-content\/uploads\/2026\/05\/Ittermann-Logo-1182x237-1.png","contentUrl":"https:\/\/iwell-guard.com\/wp-content\/uploads\/2026\/05\/Ittermann-Logo-1182x237-1.png","width":1182,"height":237,"caption":"Ittermann electronic GmbH"},"image":{"@id":"https:\/\/iwell-guard.com\/da\/#\/schema\/logo\/image\/"},"sameAs":["https:\/\/pantip.com\/profile\/9367242","https:\/\/micro.blog\/iwellguard","https:\/\/www.diggerslist.com\/iwellguard\/about","https:\/\/skitterphoto.com\/photographers\/2870314\/iwell-guard","https:\/\/iwellguard.wordpress.com\/2026\/06\/06\/iwell-guard\/","https:\/\/hub.docker.com\/u\/iwellguard","https:\/\/www.pinterest.com\/iwellguard\/","https:\/\/bit.ly\/m\/iwellguard","https:\/\/entre-vos-mains.alsace.eu\/profiles\/iwellguard\/activity","https:\/\/gravatar.com\/reallybeded8fd34","https:\/\/naijamatta.com\/iwellguard","https:\/\/www.goodreads.com\/iwellguard","https:\/\/profile.hatena.ne.jp\/iwellguard\/","https:\/\/experiment.com\/users\/iwellguard","https:\/\/wakelet.com\/@iWellGuard82270","https:\/\/www.chordie.com\/forum\/profile.php?id=2555664","https:\/\/www.instapaper.com\/p\/17757966","https:\/\/www.mapleprimes.com\/users\/iwellguard","https:\/\/businesslistingplus.com\/profile\/iwell-guard\/","https:\/\/telegra.ph\/iWell-Guard-06-06","https:\/\/pbase.com\/iwellguard\/iwellguard","https:\/\/b.hatena.ne.jp\/iwellguard\/20260607#bookmark-4788405196491818882","https:\/\/fliphtml5.com\/home\/iwellguard","https:\/\/anyflip.com\/homepage\/cmiwl#About","https:\/\/transfur.com\/Users\/iwellguard","http:\/\/delphi.larsbo.org\/user\/iwellguard","https:\/\/jobs.lajobsportal.org\/profiles\/8380803-iwell-guard","https:\/\/md.chaosdorf.de\/s\/jfbe5SBdJD","https:\/\/www.lingvolive.com\/en-us\/profile\/9ecaeaca-ce11-4e51-9e71-01d55e2bff36\/translations","https:\/\/www.fitday.com\/fitness\/forums\/members\/iwellguard.html","https:\/\/www.mymeetbook.com\/iwellguard","https:\/\/pxhere.com\/en\/photographer-me\/5040798","https:\/\/disqus.com\/by\/iwellguard\/about\/","https:\/\/pastelink.net\/hjwciqwq","https:\/\/pubhtml5.com\/homepage\/scjhn\/","https:\/\/www.bitchute.com\/channel\/2O2eOKzNqujT","https:\/\/audiomack.com\/iwellguard"]},{"@type":"Person","@id":"https:\/\/iwell-guard.com\/da\/#\/schema\/person\/ee2a27f1cac3406c7c6fb5820cb7349f","name":"Ralf Ittermann","image":{"@type":"ImageObject","inLanguage":"da-DK","@id":"https:\/\/secure.gravatar.com\/avatar\/073c0153e350a5005b68eb752b445fea71f6b24a26da9449ad7e155e6b446c9d?s=96&d=mm&r=g","url":"https:\/\/secure.gravatar.com\/avatar\/073c0153e350a5005b68eb752b445fea71f6b24a26da9449ad7e155e6b446c9d?s=96&d=mm&r=g","contentUrl":"https:\/\/secure.gravatar.com\/avatar\/073c0153e350a5005b68eb752b445fea71f6b24a26da9449ad7e155e6b446c9d?s=96&d=mm&r=g","caption":"Ralf Ittermann"},"givenName":"Ralf","familyName":"Ittermann","jobTitle":"Gesch\u00e4ftsf\u00fchrer und redaktioneller Verantwortlicher","url":"https:\/\/iwell-guard.com\/da\/author\/claude\/","description":"Ralf Ittermann ist Gesch\u00e4ftsf\u00fchrer der Ittermann electronic GmbH und redaktioneller Verantwortlicher des iWell-Guard-Lexikons. Er verbindet langj\u00e4hrige Erfahrung in der Pr\u00e4zisionsfertigung mit medialer Praxis und religionsgeschichtlicher Quellenarbeit.","worksFor":{"@type":"Organization","name":"Ittermann electronic GmbH","url":"https:\/\/ittermann.de\/","address":{"@type":"PostalAddress","streetAddress":"K\u00f6hlergasse 16-18","postalCode":"99842","addressLocality":"Ruhla","addressCountry":"DE"}},"knowsAbout":["Religionsgeschichte","Mythologie","Mediale Praxis","Energetische Diagnostik","Schutzpraxis","Volksglauben","Westliche Esoterik"]},{"@type":"Article","@id":"https:\/\/iwell-guard.com\/da\/yam-fonikisk-havgud\/#article","isPartOf":{"@id":"https:\/\/iwell-guard.com\/da\/yam-fonikisk-havgud\/"},"author":{"name":"Ralf Ittermann","@id":"https:\/\/iwell-guard.com\/da\/#\/schema\/person\/ee2a27f1cac3406c7c6fb5820cb7349f"},"headline":"Yam \u2013 F\u00f8nikisk havgud","datePublished":"2026-09-03T07:08:24+00:00","dateModified":"2026-09-03T07:56:49+00:00","mainEntityOfPage":{"@id":"https:\/\/iwell-guard.com\/da\/yam-fonikisk-havgud\/"},"publisher":{"@id":"https:\/\/iwell-guard.com\/da\/#organization"},"image":{"@id":"https:\/\/iwell-guard.com\/da\/yam-fonikisk-havgud\/#primaryimage"},"thumbnailUrl":"https:\/\/iwell-guard.com\/wp-content\/uploads\/2026\/05\/goetter_phoenizisch_yam.webp","inLanguage":"da-DK","description":"Yam er den f\u00f8nikisk-ugaritiske havgud, Baals hovedmodstander i Baal-cyklussen. Religionsvidenskabelig indplacering med myte."}]}},"_links":{"self":[{"href":"https:\/\/iwell-guard.com\/da\/wp-json\/wp\/v2\/pages\/138303","targetHints":{"allow":["GET"]}}],"collection":[{"href":"https:\/\/iwell-guard.com\/da\/wp-json\/wp\/v2\/pages"}],"about":[{"href":"https:\/\/iwell-guard.com\/da\/wp-json\/wp\/v2\/types\/page"}],"author":[{"embeddable":true,"href":"https:\/\/iwell-guard.com\/da\/wp-json\/wp\/v2\/users\/3"}],"replies":[{"embeddable":true,"href":"https:\/\/iwell-guard.com\/da\/wp-json\/wp\/v2\/comments?post=138303"}],"version-history":[{"count":0,"href":"https:\/\/iwell-guard.com\/da\/wp-json\/wp\/v2\/pages\/138303\/revisions"}],"wp:featuredmedia":[{"embeddable":true,"href":"https:\/\/iwell-guard.com\/da\/wp-json\/wp\/v2\/media\/2854"}],"wp:attachment":[{"href":"https:\/\/iwell-guard.com\/da\/wp-json\/wp\/v2\/media?parent=138303"}],"wp:term":[{"taxonomy":"category","embeddable":true,"href":"https:\/\/iwell-guard.com\/da\/wp-json\/wp\/v2\/categories?post=138303"}],"curies":[{"name":"wp","href":"https:\/\/api.w.org\/{rel}","templated":true}]}}