{"id":138297,"date":"2026-09-03T07:08:19","date_gmt":"2026-09-03T07:08:19","guid":{"rendered":"https:\/\/iwell-guard.com\/?page_id=138297"},"modified":"2026-09-03T07:56:38","modified_gmt":"2026-09-03T07:56:38","slug":"baal-hadad-fonikisk-vejrgud","status":"publish","type":"page","link":"https:\/\/iwell-guard.com\/da\/baal-hadad-fonikisk-vejrgud\/","title":{"rendered":"Baal-Hadad \u2013 F\u00f8nikisk vejrgud"},"content":{"rendered":"\t\t<div data-elementor-type=\"wp-page\" data-elementor-id=\"138297\" class=\"elementor elementor-138297 elementor-2624 elementor-bc-flex-widget\" data-elementor-post-type=\"page\">\n\t\t\t\t<div class=\"elementor-element elementor-element-iwgw-baalhadad-hero e-flex e-con-boxed e-con e-parent\" data-id=\"iwgw-baalhadad-hero\" data-element_type=\"container\" data-e-type=\"container\" data-settings=\"{&quot;background_background&quot;:&quot;classic&quot;}\">\n\t\t\t\t\t<div class=\"e-con-inner\">\n\t\t<div class=\"elementor-element elementor-element-iwgw-baalhadad-hl e-flex e-con-boxed e-con e-child\" data-id=\"iwgw-baalhadad-hl\" data-element_type=\"container\" data-e-type=\"container\">\n\t\t\t\t\t<div class=\"e-con-inner\">\n\t\t<div class=\"elementor-element elementor-element-iwgw-baalhadad-htxt e-con-full e-flex e-con e-child\" data-id=\"iwgw-baalhadad-htxt\" data-element_type=\"container\" data-e-type=\"container\">\n\t\t\t\t<div class=\"elementor-element elementor-element-iwgw-baalhadad-h1 elementor-widget elementor-widget-heading\" data-id=\"iwgw-baalhadad-h1\" data-element_type=\"widget\" data-e-type=\"widget\" data-widget_type=\"heading.default\">\n\t\t\t\t\t<h1 class=\"elementor-heading-title elementor-size-default\">Baal-Hadad, f\u00f8nikisk vejr- og h\u00f8jgud<\/h1>\t\t\t\t<\/div>\n\t\t\t\t<div class=\"elementor-element elementor-element-iwgw-baalhadad-lead elementor-widget elementor-widget-text-editor\" data-id=\"iwgw-baalhadad-lead\" data-element_type=\"widget\" data-e-type=\"widget\" data-widget_type=\"text-editor.default\">\n\t\t\t\t\t\t\t\t\t<p>Baal-Hadad er den \u00f8verste vejrgud i den f\u00f8nikisk-kanaan\u00e6iske religion og helten i Baal-cyklen fra det ugaritiske korpus. Som stormgud hersker han over tordenvejr, regn og frugtbarhed og k\u00e6mper mod det kaotiske hav <a href=\"https:\/\/iwell-guard.com\/da\/?page_id=138303\">Yam<\/a> og d\u00f8dsguden <a href=\"https:\/\/iwell-guard.com\/da\/?page_id=138304\">Mot<\/a>. Som vejr- og h\u00f8jgud hersker Baal-Hadad over tordenvejr, regn og frugtbarhed i den f\u00f8nikisk-kanaan\u00e6iske verden.<\/p>\t\t\t\t\t\t\t\t<\/div>\n\t\t\t\t<\/div>\n\t\t<div class=\"elementor-element elementor-element-iwgw-baalhadad-pillc e-con-full e-flex e-con e-child\" data-id=\"iwgw-baalhadad-pillc\" data-element_type=\"container\" data-e-type=\"container\">\n\t\t\t\t<div class=\"elementor-element elementor-element-iwgw-baalhadad-pills elementor-widget elementor-widget-html\" data-id=\"iwgw-baalhadad-pills\" data-element_type=\"widget\" data-e-type=\"widget\" data-widget_type=\"html.default\">\n\t\t\t\t\t<div class=\"iwg-pill-row\"><span class=\"iwg-klasse-badge\" tabindex=\"0\" data-tooltip=\"Vejrgud i den f\u00f8nikiske tradition.\">Vejrgud<\/span><a href=\"https:\/\/iwell-guard.com\/da\/?page_id=138242\" class=\"iwg-kultur-badge\" tabindex=\"0\" data-tooltip=\"Mytologi i den f\u00f8nikiske tradition.\">F\u00f8nikisk<\/a><span class=\"iwg-tradition-badge\" tabindex=\"0\" data-tooltip=\"H\u00f8jgudom.\">H\u00f8jgudom<\/span><\/div>\t\t\t\t<\/div>\n\t\t\t\t<\/div>\n\t\t<div class=\"elementor-element elementor-element-iwgw-baalhadad-tocc e-con-full e-flex e-con e-child\" data-id=\"iwgw-baalhadad-tocc\" data-element_type=\"container\" data-e-type=\"container\">\n\t\t\t\t<div class=\"elementor-element elementor-element-iwgw-baalhadad-toc elementor-toc--minimized-on-tablet elementor-widget elementor-widget-table-of-contents\" data-id=\"iwgw-baalhadad-toc\" data-element_type=\"widget\" data-e-type=\"widget\" data-settings=\"{&quot;headings_by_tags&quot;:[&quot;h2&quot;,&quot;h3&quot;],&quot;minimize_box&quot;:&quot;yes&quot;,&quot;marker_view&quot;:&quot;bullets&quot;,&quot;no_headings_message&quot;:&quot;Der blev ikke fundet nogen overskrifter p\\u00e5 denne side.&quot;,&quot;exclude_headings_by_selector&quot;:[],&quot;icon&quot;:{&quot;value&quot;:&quot;fas fa-circle&quot;,&quot;library&quot;:&quot;fa-solid&quot;,&quot;rendered_tag&quot;:&quot;&lt;svg class=\\&quot;e-font-icon-svg e-fas-circle\\&quot; viewBox=\\&quot;0 0 512 512\\&quot; xmlns=\\&quot;http:\\\/\\\/www.w3.org\\\/2000\\\/svg\\&quot;&gt;&lt;path d=\\&quot;M256 8C119 8 8 119 8 256s111 248 248 248 248-111 248-248S393 8 256 8z\\&quot;&gt;&lt;\\\/path&gt;&lt;\\\/svg&gt;&quot;},&quot;minimized_on&quot;:&quot;tablet&quot;,&quot;hierarchical_view&quot;:&quot;yes&quot;,&quot;min_height&quot;:{&quot;unit&quot;:&quot;px&quot;,&quot;size&quot;:&quot;&quot;,&quot;sizes&quot;:[]},&quot;min_height_tablet&quot;:{&quot;unit&quot;:&quot;px&quot;,&quot;size&quot;:&quot;&quot;,&quot;sizes&quot;:[]},&quot;min_height_mobile&quot;:{&quot;unit&quot;:&quot;px&quot;,&quot;size&quot;:&quot;&quot;,&quot;sizes&quot;:[]}}\" data-widget_type=\"table-of-contents.default\">\n\t\t\t\t\t\t\t\t\t<div class=\"elementor-toc__header\">\n\t\t\t\t\t\t<h2 class=\"elementor-toc__header-title\">\n\t\t\t\tIndholdsfortegnelse\t\t\t<\/h2>\n\t\t\t\t\t\t\t\t\t\t<div class=\"elementor-toc__toggle-button elementor-toc__toggle-button--expand\" role=\"button\" tabindex=\"0\" aria-controls=\"elementor-toc__iwgw-baalhadad-toc\" aria-expanded=\"true\" aria-label=\"Open table of contents\"><svg aria-hidden=\"true\" class=\"e-font-icon-svg e-fas-chevron-down\" viewBox=\"0 0 448 512\" xmlns=\"http:\/\/www.w3.org\/2000\/svg\"><path d=\"M207.029 381.476L12.686 187.132c-9.373-9.373-9.373-24.569 0-33.941l22.667-22.667c9.357-9.357 24.522-9.375 33.901-.04L224 284.505l154.745-154.021c9.379-9.335 24.544-9.317 33.901.04l22.667 22.667c9.373 9.373 9.373 24.569 0 33.941L240.971 381.476c-9.373 9.372-24.569 9.372-33.942 0z\"><\/path><\/svg><\/div>\n\t\t\t\t<div class=\"elementor-toc__toggle-button elementor-toc__toggle-button--collapse\" role=\"button\" tabindex=\"0\" aria-controls=\"elementor-toc__iwgw-baalhadad-toc\" aria-expanded=\"true\" aria-label=\"Close table of contents\"><svg aria-hidden=\"true\" class=\"e-font-icon-svg e-fas-chevron-up\" viewBox=\"0 0 448 512\" xmlns=\"http:\/\/www.w3.org\/2000\/svg\"><path d=\"M240.971 130.524l194.343 194.343c9.373 9.373 9.373 24.569 0 33.941l-22.667 22.667c-9.357 9.357-24.522 9.375-33.901.04L224 227.495 69.255 381.516c-9.379 9.335-24.544 9.317-33.901-.04l-22.667-22.667c-9.373-9.373-9.373-24.569 0-33.941L207.03 130.525c9.372-9.373 24.568-9.373 33.941-.001z\"><\/path><\/svg><\/div>\n\t\t\t\t\t<\/div>\n\t\t\t\t<div id=\"elementor-toc__iwgw-baalhadad-toc\" class=\"elementor-toc__body\">\n\t\t\t<div class=\"elementor-toc__spinner-container\">\n\t\t\t\t<svg class=\"elementor-toc__spinner eicon-animation-spin e-font-icon-svg e-eicon-loading\" aria-hidden=\"true\" viewBox=\"0 0 1000 1000\" xmlns=\"http:\/\/www.w3.org\/2000\/svg\"><path d=\"M500 975V858C696 858 858 696 858 500S696 142 500 142 142 304 142 500H25C25 237 238 25 500 25S975 237 975 500 763 975 500 975Z\"><\/path><\/svg>\t\t\t<\/div>\n\t\t<\/div>\n\t\t\t\t\t\t<\/div>\n\t\t\t\t<\/div>\n\t\t\t\t\t<\/div>\n\t\t\t\t<\/div>\n\t\t<div class=\"elementor-element elementor-element-iwgw-baalhadad-hr e-con-full e-flex e-con e-child\" data-id=\"iwgw-baalhadad-hr\" data-element_type=\"container\" data-e-type=\"container\">\n\t\t\t\t<div class=\"elementor-element elementor-element-iwgw-baalhadad-heroimg iwg-hero-image elementor-widget elementor-widget-image\" data-id=\"iwgw-baalhadad-heroimg\" data-element_type=\"widget\" data-e-type=\"widget\" data-widget_type=\"image.default\">\n\t\t\t\t\t\t\t\t\t\t\t\t\t\t\t<img fetchpriority=\"high\" decoding=\"async\" width=\"683\" height=\"1024\" src=\"https:\/\/iwell-guard.com\/wp-content\/uploads\/2026\/05\/goetter_phoenizisch_baal-hadad-683x1024.webp\" class=\"attachment-large size-large wp-image-140139\" alt=\"Baal Hadad - Guder fra den f\u00f8nikiske tradition, historisk-illustrativt\" srcset=\"https:\/\/iwell-guard.com\/wp-content\/uploads\/2026\/05\/goetter_phoenizisch_baal-hadad-683x1024.webp 683w, https:\/\/iwell-guard.com\/wp-content\/uploads\/2026\/05\/goetter_phoenizisch_baal-hadad-200x300.webp 200w, https:\/\/iwell-guard.com\/wp-content\/uploads\/2026\/05\/goetter_phoenizisch_baal-hadad-768x1152.webp 768w, https:\/\/iwell-guard.com\/wp-content\/uploads\/2026\/05\/goetter_phoenizisch_baal-hadad.webp 1024w\" sizes=\"(max-width: 683px) 100vw, 683px\" \/>\t\t\t\t\t\t\t\t\t\t\t\t\t\t\t<\/div>\n\t\t\t\t<\/div>\n\t\t\t\t\t<\/div>\n\t\t\t\t<\/div>\n\t\t\t\t<section class=\"elementor-section elementor-top-section elementor-element elementor-element-sec-iwgcomp2-baal-hadad elementor-section-boxed elementor-section-height-default elementor-section-height-default\" data-id=\"sec-iwgcomp2-baal-hadad\" data-element_type=\"section\" data-e-type=\"section\">\n\t\t\t\t\t\t<div class=\"elementor-container elementor-column-gap-default\">\n\t\t\t\t\t<div class=\"elementor-column elementor-col-100 elementor-top-column elementor-element elementor-element-col-iwgcomp2-baal-hadad\" data-id=\"col-iwgcomp2-baal-hadad\" data-element_type=\"column\" data-e-type=\"column\">\n\t\t\t<div class=\"elementor-widget-wrap elementor-element-populated\">\n\t\t\t\t\t\t<div class=\"elementor-element elementor-element-iwgcomp2-baal-hadad elementor-widget elementor-widget-text-editor\" data-id=\"iwgcomp2-baal-hadad\" data-element_type=\"widget\" data-e-type=\"widget\" data-widget_type=\"text-editor.default\">\n\t\t\t\t\t\t\t\t\t<p><strong><span class=\"iwg-fachbegriff\" data-tooltip=\"Den samlede m\u00e6ngde af religi\u00f8se tilbedelseshandlinger for en gud eller en hellig skikkelse.\" tabindex=\"0\">Kulten<\/span><\/strong> om Baal-Hadad omfatter <span class=\"iwg-fachbegriff\" data-tooltip=\"En bygning, der bruges til tilbedelse af en eller flere guder.\" tabindex=\"0\">templer<\/span> i Levanten og Mesopotamien.<\/p>\t\t\t\t\t\t\t\t<\/div>\n\t\t\t\t\t<\/div>\n\t\t<\/div>\n\t\t\t\t\t<\/div>\n\t\t<\/section>\n\t\t<div class=\"elementor-element elementor-element-iwgw-baalhadad-s0 e-flex e-con-boxed e-con e-parent\" data-id=\"iwgw-baalhadad-s0\" data-element_type=\"container\" data-e-type=\"container\">\n\t\t\t\t\t<div class=\"e-con-inner\">\n\t\t\t\t<div class=\"elementor-element elementor-element-iwgw-baalhadad-s0h elementor-widget elementor-widget-heading\" data-id=\"iwgw-baalhadad-s0h\" data-element_type=\"widget\" data-e-type=\"widget\" data-widget_type=\"heading.default\">\n\t\t\t\t\t<h2 class=\"elementor-heading-title elementor-size-default\">Indordning og kort profil<\/h2>\t\t\t\t<\/div>\n\t\t<div class=\"elementor-element elementor-element-iwgw-baalhadad-s0c e-con-full e-flex e-con e-child\" data-id=\"iwgw-baalhadad-s0c\" data-element_type=\"container\" data-e-type=\"container\">\n\t\t\t\t<div class=\"elementor-element elementor-element-iwgw-baalhadad-s0t elementor-widget elementor-widget-text-editor\" data-id=\"iwgw-baalhadad-s0t\" data-element_type=\"widget\" data-e-type=\"widget\" data-widget_type=\"text-editor.default\">\n\t\t\t\t\t\t\t\t\t<p>Baal-Hadad er den \u00f8verste vejrgud i det f\u00f8nikiske pantheon og st\u00e5r i traditionen fra den nordvestsemitiske stormgud Hadad, som er belagt siden den gammelsyriske tid (3. \u00e5rtusinde f.Kr.) i Aleppo, Mari, Ebla og Ugarit.<\/p><p>Sabatino Moscati har i <em>Die Ph\u00f6niker<\/em> (1965, ty. 1966) vist, at Baal-Hadad udg\u00f8r centrum for den f\u00f8nikiske h\u00f8jreligion. Inden for <a href=\"https:\/\/iwell-guard.com\/da\/?page_id=138242\">den f\u00f8nikiske tradition<\/a> er han den klart vigtigste mandlige <span class=\"iwg-fachbegriff\" data-tooltip=\"Et v\u00e6sen, der tilbedes som guddommeligt inden for en religion.\" tabindex=\"0\">gudom<\/span>.<\/p><p>Navnet Baal er et semitisk appellativ og betyder &#8216;herre&#8217; eller &#8216;ejer&#8217;; det s\u00e6ttes foran mange lokale hypostaser (Baal-\u0160amem, Baal-Hammon, Baal-Saphon, Baal-Sidon). Baal-Hadad betegner hovedformen med det personlige navn Hadad, der betyder torden.<\/p><p>Corinne Bonnet har i <em>Les enfants de Cadmos<\/em> (2015) udf\u00f8rligt beskrevet den f\u00f8nikiske <span class=\"iwg-fachbegriff\" data-tooltip=\"Den samlede m\u00e6ngde af guder i en religion eller kultur.\" tabindex=\"0\">pantheon<\/span>-konfiguration; Mark Smith i <em>The Origins of Biblical Monotheism<\/em> (2001) den religionshistoriske kontekst.<\/p><p>Religionsvidenskabeligt er Baal-Hadad den nordvestsemitiske n\u00f8glegud for vejrgud-typen i sen bronzealder og <span class=\"iwg-fachbegriff\" data-tooltip=\"Forhistorisk epoke efter bronzealderen, kendetegnet ved jernbearbejdning.\" tabindex=\"0\">jernalderen<\/span>. Hans <span class=\"iwg-fachbegriff\" data-tooltip=\"En overleveret fort\u00e6lling om guder, oprindelse og verdens orden.\" tabindex=\"0\">myte<\/span> i Baal-cyklen fra Ugarit (14. \u00e5rhundrede f.Kr.) er den vigtigste mytologiske komposition i den vestsemitiske verden. I <span class=\"iwg-fachbegriff\" data-tooltip=\"Forhistorisk epoke efter bronzealderen, kendetegnet ved jernbearbejdning.\" tabindex=\"0\">jernalderen<\/span> forts\u00e6tter dyrkelsen af ham i de f\u00f8nikiske bystater Tyrus, Sidon, Byblos, Arwad og deres kolonier ved Middelhavet.<\/p><p>Baal-Hadads centrale betydning kan ogs\u00e5 afl\u00e6ses i, at hans hypostaser i n\u00e6sten hver f\u00f8nikisk bystat udg\u00f8r den vigtigste <span class=\"iwg-fachbegriff\" data-tooltip=\"Et v\u00e6sen, der tilbedes som guddommeligt inden for en religion.\" tabindex=\"0\">gudom<\/span>.<\/p><p>I Tyrus dominerer <a href=\"https:\/\/iwell-guard.com\/da\/?page_id=138299\">Melqart<\/a>, i Sidon Eshmun og Astarte, i Byblos Baal-\u0160amem; alle tre er i bredeste forstand hypostaser eller s\u00f8nner af Baal. Denne &#8216;baalisering&#8217; af det f\u00f8nikiske pantheon er en af de karakteristiske religionshistoriske strukturer i <span class=\"iwg-fachbegriff\" data-tooltip=\"Forhistorisk epoke efter bronzealderen, kendetegnet ved jernbearbejdning.\" tabindex=\"0\">jernalderen<\/span>.<\/p>\t\t\t\t\t\t\t\t<\/div>\n\t\t\t\t<\/div>\n\t\t\t\t\t<\/div>\n\t\t\t\t<\/div>\n\t\t<div class=\"elementor-element elementor-element-iwgw-baalhadad-s1 e-flex e-con-boxed e-con e-parent\" data-id=\"iwgw-baalhadad-s1\" data-element_type=\"container\" data-e-type=\"container\">\n\t\t\t\t\t<div class=\"e-con-inner\">\n\t\t\t\t<div class=\"elementor-element elementor-element-iwgw-baalhadad-s1h elementor-widget elementor-widget-heading\" data-id=\"iwgw-baalhadad-s1h\" data-element_type=\"widget\" data-e-type=\"widget\" data-widget_type=\"heading.default\">\n\t\t\t\t\t<h2 class=\"elementor-heading-title elementor-size-default\">Navn og etymologi<\/h2>\t\t\t\t<\/div>\n\t\t<div class=\"elementor-element elementor-element-iwgw-baalhadad-s1c e-con-full e-flex e-con e-child\" data-id=\"iwgw-baalhadad-s1c\" data-element_type=\"container\" data-e-type=\"container\">\n\t\t\t\t<div class=\"elementor-element elementor-element-iwgw-baalhadad-s1t elementor-widget elementor-widget-text-editor\" data-id=\"iwgw-baalhadad-s1t\" data-element_type=\"widget\" data-e-type=\"widget\" data-widget_type=\"text-editor.default\">\n\t\t\t\t\t\t\t\t\t<p>Dobbeltnavnet Baal-Hadad best\u00e5r af appellativet <em>ba\u02bfal<\/em> &#8216;herre, ejer&#8217; og det personlige navn <em>Haddu<\/em> eller <em>Hadad<\/em>. Roden <em>hdd<\/em> betyder &#8216;tordne&#8217; og h\u00f8rer til det vestsemitiske vokabular for meteorologiske f\u00e6nomener. Daniel Schwemer har i <em>Die Wettergottgestalten Mesopotamiens und Nordsyriens<\/em> (2001) udf\u00f8rligt diskuteret de etymologiske grundlag.<\/p><p>I ugaritiske tekster fremst\u00e5r han som <em>b\u02bfl<\/em> (Baal) eller <em>b\u02bfl hd<\/em> (Baal-Haddu); i f\u00f8nikiske indskrifter fra <span class=\"iwg-fachbegriff\" data-tooltip=\"Forhistorisk epoke efter bronzealderen, kendetegnet ved jernbearbejdning.\" tabindex=\"0\">jernalderen<\/span> dominerer det rene Baal-navn med den enkelte lokale specificering. I det akkadiske gudelistemateriale identificeres han som Adad; i det hittitiske med DU\/I\u0161kur, hvilket lettede identifikationen med <a href=\"https:\/\/iwell-guard.com\/da\/?page_id=138290\">Teshub<\/a>.<\/p><p>En interessant s\u00e6rform er Baal-Saphon, &#8216;herre over bjerget Saphon&#8217; (Mons Casius), det bjerg nord for Ugarit, der var indviet til ham. Saphon er hans bolig og svarer funktionelt til det hurritiske Hazzi eller det gr\u00e6ske Olympen. Identifikationen Baal-Hadad = Baal-Saphon foretages udtrykkeligt i de ugaritiske tekster.<\/p><p>I de hieroglyf-luwiske indskrifter fra de nordsyriske bystater fremst\u00e5r Baal som &#8216;Tarhunza af vinbjerget&#8217; eller &#8216;Tarhunza af bjerget&#8217;; identifikationen med den anatoliske vejrgud er bel\u00e6g for den n\u00e6re historiske sammenfletning i den senbronzealderlige Levant.<\/p>\t\t\t\t\t\t\t\t<\/div>\n\t\t\t\t<\/div>\n\t\t\t\t\t<\/div>\n\t\t\t\t<\/div>\n\t\t<div class=\"elementor-element elementor-element-iwgw-baalhadad-s2 e-flex e-con-boxed e-con e-parent\" data-id=\"iwgw-baalhadad-s2\" data-element_type=\"container\" data-e-type=\"container\">\n\t\t\t\t\t<div class=\"e-con-inner\">\n\t\t\t\t<div class=\"elementor-element elementor-element-iwgw-baalhadad-s2h elementor-widget elementor-widget-heading\" data-id=\"iwgw-baalhadad-s2h\" data-element_type=\"widget\" data-e-type=\"widget\" data-widget_type=\"heading.default\">\n\t\t\t\t\t<h2 class=\"elementor-heading-title elementor-size-default\">Beskrivelse og ikonografi<\/h2>\t\t\t\t<\/div>\n\t\t<div class=\"elementor-element elementor-element-iwgw-baalhadad-s2c e-con-full e-flex e-con e-child\" data-id=\"iwgw-baalhadad-s2c\" data-element_type=\"container\" data-e-type=\"container\">\n\t\t\t\t<div class=\"elementor-element elementor-element-iwgw-baalhadad-s2t elementor-widget elementor-widget-text-editor\" data-id=\"iwgw-baalhadad-s2t\" data-element_type=\"widget\" data-e-type=\"widget\" data-widget_type=\"text-editor.default\">\n\t\t\t\t\t\t\t\t\t<p>Baal-Hadad fremstilles i ikonografien som en kraftig, sk\u00e6gget mand i kort sk\u00f8rt, med en h\u00e6vet strids\u00f8kse eller et bundt lyn i den ene h\u00e5nd og et spyd eller et kornscepter i den anden.<\/p><p>Den mest kendte fremstilling er <span class=\"iwg-fachbegriff\" data-tooltip=\"En oprejst, indskrevet eller udsmykket sten- eller tr\u00e6plade.\" tabindex=\"0\">stelen<\/span> fra Ras Shamra (Ugarit, 13. \u00e5rhundrede f.Kr.), som viser Baal i det klassiske gangstillingsskema med h\u00e6vet k\u00f8lle; <span class=\"iwg-fachbegriff\" data-tooltip=\"En oprejst, indskrevet eller udsmykket sten- eller tr\u00e6plade.\" tabindex=\"0\">stelen<\/span> findes i dag p\u00e5 Louvre.<\/p><p>Hans hellige dyr er tyren; p\u00e5 mange relieffer st\u00e5r eller skrider han p\u00e5 en tyr eller ved siden af en tyr. Tyre-ikonografien forbinder ham med Hadad og med gammelsyriske tyre-stormgud-traditioner. I f\u00f8nikiske sammenh\u00e6nge optr\u00e6der ogs\u00e5 af og til \u00f8rnen som hans ledsagerdyr, muligvis under mesopotamisk indflydelse.<\/p><p>P\u00e5 f\u00f8nikiske m\u00f8nter og stele fra <span class=\"iwg-fachbegriff\" data-tooltip=\"Forhistorisk epoke efter bronzealderen, kendetegnet ved jernbearbejdning.\" tabindex=\"0\">jernalderen<\/span> er hans ikonografi noget mere varieret; han optr\u00e6der tronende, g\u00e5ende eller som kosmisk herre med stjernebaggrund. I de vestmediterrane kolonier (Karthago, Sicilien) smelter hans billedtradition sammen med <a href=\"https:\/\/iwell-guard.com\/da\/?page_id=138301\">Baal-Hammon<\/a>, som udvikler sig til en selvst\u00e6ndig teologisk figur.<\/p><p>P\u00e5 de karthaginske steler fra Tofet-<span class=\"iwg-fachbegriff\" data-tooltip=\"Et sted, som er indviet til dyrkelsen af en gud.\" tabindex=\"0\">helligdommen<\/span> optr\u00e6der Baal-Hammon ofte som en tronende, sk\u00e6gget gud med <span class=\"iwg-fachbegriff\" data-tooltip=\"Et tegn, der repr\u00e6senterer en forestilling eller betydning.\" tabindex=\"0\">symbolet<\/span> &#8216;Tanit-h\u00e5nden&#8217; ovenover, en billedformel fra den senpuniske <span class=\"iwg-fachbegriff\" data-tooltip=\"Den levede religi\u00f8se holdning og praksis hos et menneske.\" tabindex=\"0\">fromhed<\/span>.<\/p>\t\t\t\t\t\t\t\t<\/div>\n\t\t\t\t<\/div>\n\t\t\t\t\t<\/div>\n\t\t\t\t<\/div>\n\t\t<div class=\"elementor-element elementor-element-iwgw-baalhadad-s3 e-flex e-con-boxed e-con e-parent\" data-id=\"iwgw-baalhadad-s3\" data-element_type=\"container\" data-e-type=\"container\">\n\t\t\t\t\t<div class=\"e-con-inner\">\n\t\t\t\t<div class=\"elementor-element elementor-element-iwgw-baalhadad-s3h elementor-widget elementor-widget-heading\" data-id=\"iwgw-baalhadad-s3h\" data-element_type=\"widget\" data-e-type=\"widget\" data-widget_type=\"heading.default\">\n\t\t\t\t\t<h2 class=\"elementor-heading-title elementor-size-default\">Mytologiske fort\u00e6llinger<\/h2>\t\t\t\t<\/div>\n\t\t<div class=\"elementor-element elementor-element-iwgw-baalhadad-s3c e-con-full e-flex e-con e-child\" data-id=\"iwgw-baalhadad-s3c\" data-element_type=\"container\" data-e-type=\"container\">\n\t\t\t\t<div class=\"elementor-element elementor-element-iwgw-baalhadad-s3t elementor-widget elementor-widget-text-editor\" data-id=\"iwgw-baalhadad-s3t\" data-element_type=\"widget\" data-e-type=\"widget\" data-widget_type=\"text-editor.default\">\n\t\t\t\t\t\t\t\t\t<p>Den vigtigste mytologiske kilde er den ugaritiske Baal-cyklus (KTU 1.1, 1.6), en komposition p\u00e5 seks tavler fra det 14. \u00e5rhundrede f.Kr., som Mark Smith har udgivet i <em>The Ugaritic Baal Cycle<\/em> (bd. I 1994, bd. II sammen med Wayne Pitard 2009).<\/p><p>Cyklussen indeholder tre hovedkonflikter: Baal mod <a href=\"https:\/\/iwell-guard.com\/da\/?page_id=138303\">Yam<\/a> (havet), Baal som tempelbygger og Baal mod <a href=\"https:\/\/iwell-guard.com\/da\/?page_id=138304\">Mot<\/a> (d\u00f8den).<\/p><p>I den f\u00f8rste konflikt kr\u00e6ver Yam kongemagten og f\u00e5r Els samtykke; Baal k\u00e6mper med to magiske v\u00e5ben, fremstillet af smedeguden Kothar-wa-Khasis, og besejrer Yam. I den anden konflikt bygger Baal med tilladelse fra fadergudens El og p\u00e5 formidling af Athirat et palads p\u00e5 Saphon.<\/p><p>I den tredje konflikt tager Mot Baal med til underverdenen; <a href=\"https:\/\/iwell-guard.com\/da\/?page_id=138305\">Anat<\/a>, Baals s\u00f8ster og ledsager, dr\u00e6ber derefter Mot og befrier Baal, som genopst\u00e5r.<\/p><p>Denne sekvens &#8216;sejr over kaos, <span class=\"iwg-fachbegriff\" data-tooltip=\"En bygning, som er bestemt til dyrkelsen af en eller flere guder.\" tabindex=\"0\">tempel<\/span>, d\u00f8d og opstandelse&#8217; er et af de mest indflydelsesrige mytologiske skemaer i den gammelorientalske religion. Baals opv\u00e6kkelse om for\u00e5ret blev opfattet som et s\u00e6sontegn: N\u00e5r Baal lever, regner det; n\u00e5r han d\u00f8r, hersker t\u00f8rke. Religionshistorisk h\u00f8rer <span class=\"iwg-fachbegriff\" data-tooltip=\"En overleveret fort\u00e6lling om guder, oprindelser og verdens orden.\" tabindex=\"0\">myten<\/span> til i en r\u00e6kke med Tarhunna-Illuyanka, Marduk-Tiamat, Teshub-Ullikummi og den gr\u00e6ske Zeus-Typhon-kamp.<\/p><p>En vigtig sideoverlevering udg\u00f8r den hurritisk-hittitiske <span class=\"iwg-fachbegriff\" data-tooltip=\"En overleveret fort\u00e6lling om guder, oprindelser og verdens orden.\" tabindex=\"0\">myte<\/span> om &#8216;Havets sang&#8217; (CTH 346), hvor <a href=\"https:\/\/iwell-guard.com\/da\/?page_id=138290\">Teshub<\/a> k\u00e6mper mod havet. Parallellerne til Baal-Yam-kampen er s\u00e5 t\u00e6tte, at en direkte litter\u00e6r forbindelse er sandsynlig. Mary Bachvarova har i <em>From Hittite to Homer<\/em> (2016) detaljeret kortlagt disse havkamp-fort\u00e6llingers vandringsveje.<\/p>\t\t\t\t\t\t\t\t<\/div>\n\t\t\t\t<\/div>\n\t\t\t\t\t<\/div>\n\t\t\t\t<\/div>\n\t\t<div class=\"elementor-element elementor-element-iwgw-baalhadad-s4 e-flex e-con-boxed e-con e-parent\" data-id=\"iwgw-baalhadad-s4\" data-element_type=\"container\" data-e-type=\"container\">\n\t\t\t\t\t<div class=\"e-con-inner\">\n\t\t\t\t<div class=\"elementor-element elementor-element-iwgw-baalhadad-s4h elementor-widget elementor-widget-heading\" data-id=\"iwgw-baalhadad-s4h\" data-element_type=\"widget\" data-e-type=\"widget\" data-widget_type=\"heading.default\">\n\t\t\t\t\t<h2 class=\"elementor-heading-title elementor-size-default\">Kult og tilbedelse<\/h2>\t\t\t\t<\/div>\n\t\t<div class=\"elementor-element elementor-element-iwgw-baalhadad-s4c e-con-full e-flex e-con e-child\" data-id=\"iwgw-baalhadad-s4c\" data-element_type=\"container\" data-e-type=\"container\">\n\t\t\t\t<div class=\"elementor-element elementor-element-iwgw-baalhadad-s4t elementor-widget elementor-widget-text-editor\" data-id=\"iwgw-baalhadad-s4t\" data-element_type=\"widget\" data-e-type=\"widget\" data-widget_type=\"text-editor.default\">\n\t\t\t\t\t\t\t\t\t<p>Baal-Hadads vigtigste kultcentre var Ugarit (<span class=\"iwg-fachbegriff\" data-tooltip=\"En bygning, der bruges til tilbedelse af en eller flere guddomme.\" tabindex=\"0\">tempel<\/span> p\u00e5 Tell-h\u00f8jen), Tyros (<span class=\"iwg-fachbegriff\" data-tooltip=\"En bygning, der bruges til tilbedelse af en eller flere guddomme.\" tabindex=\"0\">tempel<\/span> for Baal-Saphon), Sidon, Byblos (med Baal-\u0160amem) og indlandsbyen Aleppo. I Tyros blev Baal-\u0160amem-<span class=\"iwg-fachbegriff\" data-tooltip=\"En bygning, der bruges til tilbedelse af en eller flere guddomme.\" tabindex=\"0\">templet<\/span> forbundet med kongemagten; Hiram I af Tyros opf\u00f8rte if\u00f8lge Josephus et pr\u00e6gtigt Baal-<span class=\"iwg-fachbegriff\" data-tooltip=\"En bygning, der bruges til tilbedelse af en eller flere guddomme.\" tabindex=\"0\">tempel<\/span> i det 10. \u00e5rhundrede f.Kr.<\/p><p>Sabatino Moscati har i <em>Die Ph\u00f6niker<\/em> beskrevet den f\u00f8nikiske tempelarkitektur og -ritualistik. <span class=\"iwg-fachbegriff\" data-tooltip=\"En bygning, der bruges til tilbedelse af en eller flere guddomme.\" tabindex=\"0\">Templerne<\/span> var langstrakte rum med forg\u00e5rd, hovedsal og det allerhelligste (adyton), hvor <span class=\"iwg-fachbegriff\" data-tooltip=\"Billedlig fremstilling af en guddom, der tilbedes i tempel eller helligdom.\" tabindex=\"0\">kultbilledet<\/span> stod. <span class=\"iwg-fachbegriff\" data-tooltip=\"Gave til en guddom for at udtrykke tak, b\u00f8n eller tilbedelse.\" tabindex=\"0\">Offergaver<\/span> omfattede br\u00e6ndoffer, r\u00f8goffer og drikoffer; et vigtigt festritual var den \u00e5rlige &#8216;opv\u00e6kkelse&#8217; af Baal om for\u00e5ret.<\/p><p>I <span class=\"iwg-fachbegriff\" data-tooltip=\"Forhistorisk epoke efter bronzealderen, karakteriseret ved bearbejdning af jern.\" tabindex=\"0\">jernalderen<\/span> spredte Baal-<span class=\"iwg-fachbegriff\" data-tooltip=\"Summen af de religi\u00f8se tilbedelseshandlinger for en guddom eller helgenagtig figur.\" tabindex=\"0\">kulten<\/span> sig med de f\u00f8nikiske kolonier over hele Middelhavsomr\u00e5det: Cypern (Kition, Salamis), Sicilien (Motya, Lilybaeum), Sardinien (Tharros, Sulcis), Tunesien (Karthago, Utica), Spanien (Gades, Tartessos). Corinne Bonnet har i <em>Melqart<\/em> (1988) og i flere senere v\u00e6rker detaljeret dokumenteret den mediterrane udbredelse.<\/p><p>I Karthago udviklede Baal-<span class=\"iwg-fachbegriff\" data-tooltip=\"Summen af de religi\u00f8se tilbedelseshandlinger for en guddom eller helgenagtig figur.\" tabindex=\"0\">kulten<\/span> sig til en selvst\u00e6ndig historisk tradition med <a href=\"https:\/\/iwell-guard.com\/da\/?page_id=138301\">Baal-Hammon<\/a> og <a href=\"https:\/\/iwell-guard.com\/da\/?page_id=138300\">Tanit<\/a> som den \u00f8verste gudefamilie. Maria Eugenia Aubet har i <em>The Phoenicians and the West<\/em> (2001) beskrevet omdannelsen af den \u00f8stlige Baal-kult til det puniske <span class=\"iwg-fachbegriff\" data-tooltip=\"Summen af guderne i en religion eller kultur.\" tabindex=\"0\">pantheon<\/span>.<\/p>\t\t\t\t\t\t\t\t<\/div>\n\t\t\t\t<\/div>\n\t\t\t\t\t<\/div>\n\t\t\t\t<\/div>\n\t\t<div class=\"elementor-element elementor-element-iwgw-baalhadad-s5 e-flex e-con-boxed e-con e-parent\" data-id=\"iwgw-baalhadad-s5\" data-element_type=\"container\" data-e-type=\"container\">\n\t\t\t\t\t<div class=\"e-con-inner\">\n\t\t\t\t<div class=\"elementor-element elementor-element-iwgw-baalhadad-s5h elementor-widget elementor-widget-heading\" data-id=\"iwgw-baalhadad-s5h\" data-element_type=\"widget\" data-e-type=\"widget\" data-widget_type=\"heading.default\">\n\t\t\t\t\t<h2 class=\"elementor-heading-title elementor-size-default\">Beskyttelsespraksis og apotrop\u00e6iske elementer<\/h2>\t\t\t\t<\/div>\n\t\t<div class=\"elementor-element elementor-element-iwgw-baalhadad-s5c e-con-full e-flex e-con e-child\" data-id=\"iwgw-baalhadad-s5c\" data-element_type=\"container\" data-e-type=\"container\">\n\t\t\t\t<div class=\"elementor-element elementor-element-iwgw-baalhadad-s5t elementor-widget elementor-widget-text-editor\" data-id=\"iwgw-baalhadad-s5t\" data-element_type=\"widget\" data-e-type=\"widget\" data-widget_type=\"text-editor.default\">\n\t\t\t\t\t\t\t\t\t<p>Baal-Hadad var beskyttergud for kongen, byen og frugtbarheden. I de f\u00f8nikiske inskriptioner bliver han anr\u00e5bt som edsgarant; traktattekster mellem f\u00f8nikiske konger og udenlandske herskere begynder med hans <span class=\"iwg-fachbegriff\" data-tooltip=\"Den bedende eller besv\u00e6rgende tiltale til en guddom eller magt.\" tabindex=\"0\">anr\u00e5belse<\/span>. P\u00e5 kongesegl fremtr\u00e6der hans billede eller navn som en beskyttelsesformel.<\/p><p>Apotrop\u00e6iske praksisser brugte ofte tyren som <span class=\"iwg-fachbegriff\" data-tooltip=\"Et tegn, der repr\u00e6senterer en forestilling eller betydning.\" tabindex=\"0\">symbol<\/span>; tyrehornsformer forekommer som amuletter og p\u00e5 altre. I f\u00f8nikiske huse blev der opstillet bronzestatuetter af Baal, oftest med h\u00e6vet strids\u00f8kse. Denne praksis med &#8216;skridende Baal&#8217;-statuetter er godt belagt ark\u00e6ologisk og genstand for flere unders\u00f8gelser, blandt andet af H\u00e9l\u00e8ne Sader.<\/p><p data-nosnippet=\"true\">Fra et videnskabeligt perspektiv er Baal-Hadads beskyttende funktion forbundet med rigets orden og frugtbarheden. Han garanterer ikke prim\u00e6rt individuel helbredelse, men regntidens genkomst, kongemagtens stabilitet og sejr i kampen. iWell Guard betragter ham som en historisk-religionshistorisk figur uden nutidige helbredelsesl\u00f8fter.<\/p><p>I f\u00f8nikiske edsformler fra det 1. \u00e5rtusinde f.Kr. fremtr\u00e6der Baal regelm\u00e6ssigt som den f\u00f8rste edsgarant; Esarhaddon-ad\u0113-traktaterne mellem den assyriske storkonge og f\u00f8nikiske vasalherskere (7. \u00e5rhundrede f.Kr.) er et vigtigt vidnesbyrd om dette.<\/p>\t\t\t\t\t\t\t\t<\/div>\n\t\t\t\t<\/div>\n\t\t\t\t\t<\/div>\n\t\t\t\t<\/div>\n\t\t<div class=\"elementor-element elementor-element-iwgw-baalhadad-s6 e-flex e-con-boxed e-con e-parent\" data-id=\"iwgw-baalhadad-s6\" data-element_type=\"container\" data-e-type=\"container\">\n\t\t\t\t\t<div class=\"e-con-inner\">\n\t\t\t\t<div class=\"elementor-element elementor-element-iwgw-baalhadad-s6h elementor-widget elementor-widget-heading\" data-id=\"iwgw-baalhadad-s6h\" data-element_type=\"widget\" data-e-type=\"widget\" data-widget_type=\"heading.default\">\n\t\t\t\t\t<h2 class=\"elementor-heading-title elementor-size-default\">Paralleller i andre kulturer<\/h2>\t\t\t\t<\/div>\n\t\t<div class=\"elementor-element elementor-element-iwgw-baalhadad-s6c e-con-full e-flex e-con e-child\" data-id=\"iwgw-baalhadad-s6c\" data-element_type=\"container\" data-e-type=\"container\">\n\t\t\t\t<div class=\"elementor-element elementor-element-iwgw-baalhadad-s6t elementor-widget elementor-widget-text-editor\" data-id=\"iwgw-baalhadad-s6t\" data-element_type=\"widget\" data-e-type=\"widget\" data-widget_type=\"text-editor.default\">\n\t\t\t\t\t\t\t\t\t<p>Baal-Hadad er n\u00e6rt besl\u00e6gtet med den hurritiske <a href=\"https:\/\/iwell-guard.com\/da\/?page_id=138290\">Teshub<\/a>, den hittitiske <a href=\"https:\/\/iwell-guard.com\/da\/?page_id=138287\">Tarhunna<\/a>, den mesopotamiske Adad\/I\u0161kur og den urart\u00e6iske Tei\u0161eba. Hans dragekamp-<span class=\"iwg-fachbegriff\" data-tooltip=\"Et tilbagevendende indholdselement i kunst eller fort\u00e6lling.\" tabindex=\"0\">motiv<\/span> har n\u00e6re paralleller til Indras sejr over Vrtra, til Marduks sejr over Tiamat og til Zeus&#8217; kamp mod Typhon. Daniel Schwemer har i sin monografi behandlet alle disse paralleller i detaljer.<\/p><p>I det hebraiske materiale fremtr\u00e6der Baal som Jahves store modstander; Det Gamle Testamentes polemiske tekster (is\u00e6r 1 Kongebog 18, Hoseas og Jeremias) skildrer ham negativt.<\/p><p>Historisk set var Baal-Hadad for de gamle hebr\u00e6ere ikke en fremmed, men en konkurrerende gud fra samme kanaan\u00e6iske tradition; den bibelske anti-baalisme er den teologiske reaktion p\u00e5 et reelt religi\u00f8st nabolag. Mark Smith har behandlet dette udf\u00f8rligt i <em>The Early History of God<\/em> (1990).<\/p><p>Med den gr\u00e6ske Zeus blev Baal-Hadad identificeret i den hellenistiske periode; Baal-\u0160amem svarer til Zeus Hypsistos, Baal-Saphon til Zeus Kasios. I Karthago udvikler der sig fra Baal-traditionen den selvst\u00e6ndige figur <a href=\"https:\/\/iwell-guard.com\/da\/?page_id=138301\">Baal-Hammon<\/a> med en anden funktionsbestemmelse.<\/p><p>I den senere karthagiske tradition identificeres Baal-Hammon med den romerske Saturnus; denne saturnisering af den f\u00f8nikiske Baal-kult i det nordafrikanske omr\u00e5de er blevet detaljeret unders\u00f8gt af Marcel Le Glay i <em>Saturne africain<\/em> (1966) og er et klassisk eksempel p\u00e5 religionshistorisk synkretisme.<\/p>\t\t\t\t\t\t\t\t<\/div>\n\t\t\t\t<\/div>\n\t\t\t\t\t<\/div>\n\t\t\t\t<\/div>\n\t\t<div class=\"elementor-element elementor-element-iwgw-baalhadad-s7 e-flex e-con-boxed e-con e-parent\" data-id=\"iwgw-baalhadad-s7\" data-element_type=\"container\" data-e-type=\"container\">\n\t\t\t\t\t<div class=\"e-con-inner\">\n\t\t\t\t<div class=\"elementor-element elementor-element-iwgw-baalhadad-s7h elementor-widget elementor-widget-heading\" data-id=\"iwgw-baalhadad-s7h\" data-element_type=\"widget\" data-e-type=\"widget\" data-widget_type=\"heading.default\">\n\t\t\t\t\t<h2 class=\"elementor-heading-title elementor-size-default\">Nutidig reception og forskning<\/h2>\t\t\t\t<\/div>\n\t\t<div class=\"elementor-element elementor-element-iwgw-baalhadad-s7c e-con-full e-flex e-con e-child\" data-id=\"iwgw-baalhadad-s7c\" data-element_type=\"container\" data-e-type=\"container\">\n\t\t\t\t<div class=\"elementor-element elementor-element-iwgw-baalhadad-s7t elementor-widget elementor-widget-text-editor\" data-id=\"iwgw-baalhadad-s7t\" data-element_type=\"widget\" data-e-type=\"widget\" data-widget_type=\"text-editor.default\">\n\t\t\t\t\t\t\t\t\t<p>Baal-forskningen er i dag h\u00f8jt udviklet. Standardudgaven af Baal-cyklussen af Mark Smith og Wayne Pitard er referencev\u00e6rket; Daniel Schwemers monografi om vejrgudsfigurer er den mest omfattende syntese. Corinne Bonnet har i flere v\u00e6rker fremstillet den f\u00f8nikiske religionshistorie udt\u00f8mmende. Sabatino Moscati og Maria Eugenia Aubet er autoriteter inden for den f\u00f8nikiske religions udbredelse i Middelhavsomr\u00e5det.<\/p><p>I den popul\u00e6re modtagelse er Baal frem for alt kendt gennem den bibelske polemik; ordet &#8216;Baal&#8217; er i moderne sprogbrug ofte belagt med negativ betydning. Videnskabeligt mere differentierede fremstillinger findes i de n\u00e6vnte standardv\u00e6rker samt i talrige antologier om f\u00f8nikisk <span class=\"iwg-fachbegriff\" data-tooltip=\"Videnskaben, der udforsker fortidens kulturer p\u00e5 grundlag af materielle fund.\" tabindex=\"0\">ark\u00e6ologi<\/span>.<\/p><p data-nosnippet=\"true\">Aktuelle forskningsfokusser ligger p\u00e5 differentieringen af Baal-hypostaserne (Baal-\u0160amem, Baal-Saphon, Baal-Hammon, Baal-Sidon osv.), p\u00e5 kultens udbredelse i Middelhavsomr\u00e5det og p\u00e5 sp\u00f8rgsm\u00e5let om, hvordan Baal-cyklussen blev <span class=\"iwg-fachbegriff\" data-tooltip=\"Tilh\u00f8rende et fastlagt religi\u00f8st handlingsforl\u00f8b.\" tabindex=\"0\">ritual<\/span>-aktualiseret. iWell Guard registrerer Baal-Hadad som et centralt historisk <span class=\"iwg-fachbegriff\" data-tooltip=\"Den samlede m\u00e6ngde af guder i en religion eller kultur.\" tabindex=\"0\">pantheon<\/span>-medlem og ikke som en nutidig beskyttelsesadressat. Helbredelsesl\u00f8fter eller moderne spirituel virkning er ikke en del af denne fremstilling.<\/p><p>En sp\u00e6ndende ny forskningsretning omhandler Baals ikonografiske vedholdenhed i det hellenistiske og romerske N\u00e6re \u00d8sten. Klaus St\u00e4hler og Andreas Kropp har unders\u00f8gt overgangene mellem f\u00f8nikiske, hellenistiske og romerske billedtraditioner i flere publikationer.<\/p>\t\t\t\t\t\t\t\t<\/div>\n\t\t\t\t<\/div>\n\t\t\t\t\t<\/div>\n\t\t\t\t<\/div>\n\t\t<div class=\"elementor-element elementor-element-iwgw-baalhadad-s8 e-flex e-con-boxed e-con e-parent\" data-id=\"iwgw-baalhadad-s8\" data-element_type=\"container\" data-e-type=\"container\">\n\t\t\t\t\t<div class=\"e-con-inner\">\n\t\t\t\t<div class=\"elementor-element elementor-element-iwgw-baalhadad-s8h elementor-widget elementor-widget-heading\" data-id=\"iwgw-baalhadad-s8h\" data-element_type=\"widget\" data-e-type=\"widget\" data-widget_type=\"heading.default\">\n\t\t\t\t\t<h2 class=\"elementor-heading-title elementor-size-default\">Litteratur og kilder<\/h2>\t\t\t\t<\/div>\n\t\t<div class=\"elementor-element elementor-element-iwgw-baalhadad-s8c e-con-full e-flex e-con e-child\" data-id=\"iwgw-baalhadad-s8c\" data-element_type=\"container\" data-e-type=\"container\">\n\t\t\t\t<div class=\"elementor-element elementor-element-iwgw-baalhadad-s8t elementor-widget elementor-widget-text-editor\" data-id=\"iwgw-baalhadad-s8t\" data-element_type=\"widget\" data-e-type=\"widget\" data-widget_type=\"text-editor.default\">\n\t\t\t\t\t\t\t\t\t<p>F\u00f8lgende udvalg omfatter de vigtigste standardv\u00e6rker om Baal-Hadad-forskningen. Det samler teksteditioner, historiske synteser og ark\u00e6ologiske publikationer. Mark Smiths udgave af Baal-cyklussen er prim\u00e6rkildegrundlaget; Schwemer, Bonnet og Moscati leverer den religionshistoriske kontekstualisering. Den, der \u00f8nsker at g\u00e5 i dybden med materialet, finder hos Aubet og Bonnet fremragende bibliografier om kultens udbredelse i Middelhavsomr\u00e5det.<\/p>\t\t\t\t\t\t\t\t<\/div>\n\t\t\t\t<\/div>\n\t\t\t\t\t<\/div>\n\t\t\t\t<\/div>\n\t\t<div class=\"elementor-element elementor-element-cp23eb14dd e-flex e-con-boxed e-con e-parent\" data-id=\"cp23eb14dd\" data-element_type=\"container\" data-e-type=\"container\">\n\t\t\t\t\t<div class=\"e-con-inner\">\n\t\t\t\t<div class=\"elementor-element elementor-element-cp2cd30715 elementor-widget elementor-widget-heading\" data-id=\"cp2cd30715\" data-element_type=\"widget\" data-e-type=\"widget\" data-widget_type=\"heading.default\">\n\t\t\t\t\t<h2 class=\"elementor-heading-title elementor-size-default\">Kampen mod Jam i Baal-cyklussen<\/h2>\t\t\t\t<\/div>\n\t\t<div class=\"elementor-element elementor-element-cp2885aeb7 e-flex e-con-boxed e-con e-child\" data-id=\"cp2885aeb7\" data-element_type=\"container\" data-e-type=\"container\">\n\t\t\t\t\t<div class=\"e-con-inner\">\n\t\t\t\t<div class=\"elementor-element elementor-element-cp23bca9d3 elementor-widget elementor-widget-text-editor\" data-id=\"cp23bca9d3\" data-element_type=\"widget\" data-e-type=\"widget\" data-widget_type=\"text-editor.default\">\n\t\t\t\t\t\t\t\t\t<p>Den centrale episode i den ugaritiske Baal-cyklus er sammenst\u00f8det mellem Baal og Jam, det guddommeliggjorte hav. P\u00e5 tavlen, der i KTU-nummereringen betegnes <em>1.2<\/em>, kr\u00e6ver Jam foran gudeforsamlingen, at Baal udleveres. Den gamle gudekonge El, der \u00f8nsker fred, giver f\u00f8rst efter og kalder Baal en fange under Jam. Men Baal v\u00e6grer sig.<\/p><p>Det afg\u00f8rende bidrag kommer fra gudeh\u00e5ndv\u00e6rkeren Kothar-wa-Hasis. Han smeder to vidunderv\u00e5ben med navnene <em>Jagrusch<\/em> og <em>Ajjamur<\/em>, hvis betegnelser fortolkes som fordriveren og bortjageren.<\/p><p>Med det f\u00f8rste v\u00e5ben tr\u00e6ffer Baal Jam p\u00e5 skulderen, med det andet mellem \u00f8jnene. Jam falder til jorden, og Baal udr\u00e5bes til hersker. Astarte forhindrer ham i at partere den slagne.<\/p><p>Videnskabeligt h\u00f8rer denne fort\u00e6lling til den vidt udbredte type af kaoskamp, hvor en ung vejrgud overvinder en vandmagt, der symboliserer kaos, og derved sikrer verdens orden.<\/p><p>Noget sammenligneligt findes i den babyloniske <em>Enuma elisch<\/em> med Marduk og Tiamat samt i den hittitiske Illujanka-<span class=\"iwg-fachbegriff\" data-tooltip=\"En overleveret fort\u00e6lling om guder, oprindelser og verdens orden.\" tabindex=\"0\">myte<\/span>. Hermann Gunkel gjorde allerede i 1895 opm\u00e6rksom p\u00e5 s\u00e5danne paralleller i det gamle Orienten, lang tid f\u00f8r de ugaritiske tavler var kendt.<\/p><p>I dag l\u00e6ses de bibelske hentydninger til Jahves sejr over havet, over Rahab og Leviatan, i lyset af netop denne nordvestsemitiske tradition. Baal-Jam-<span class=\"iwg-fachbegriff\" data-tooltip=\"En overleveret fort\u00e6lling om guder, oprindelser og verdens orden.\" tabindex=\"0\">myten<\/span> er dermed en n\u00f8gletekst for forst\u00e5elsen af den gammelorientalske kongeideologi.<\/p>\t\t\t\t\t\t\t\t<\/div>\n\t\t\t\t\t<\/div>\n\t\t\t\t<\/div>\n\t\t\t\t\t<\/div>\n\t\t\t\t<\/div>\n\t\t<div class=\"elementor-element elementor-element-cp274a5cdf e-flex e-con-boxed e-con e-parent\" data-id=\"cp274a5cdf\" data-element_type=\"container\" data-e-type=\"container\">\n\t\t\t\t\t<div class=\"e-con-inner\">\n\t\t\t\t<div class=\"elementor-element elementor-element-cp2566e22a elementor-widget elementor-widget-heading\" data-id=\"cp2566e22a\" data-element_type=\"widget\" data-e-type=\"widget\" data-widget_type=\"heading.default\">\n\t\t\t\t\t<h2 class=\"elementor-heading-title elementor-size-default\">Baals d\u00f8d, d\u00f8dsriget og genkomsten<\/h2>\t\t\t\t<\/div>\n\t\t<div class=\"elementor-element elementor-element-cp21a7bae2 e-flex e-con-boxed e-con e-child\" data-id=\"cp21a7bae2\" data-element_type=\"container\" data-e-type=\"container\">\n\t\t\t\t\t<div class=\"e-con-inner\">\n\t\t\t\t<div class=\"elementor-element elementor-element-cp248db3f1 elementor-widget elementor-widget-text-editor\" data-id=\"cp248db3f1\" data-element_type=\"widget\" data-e-type=\"widget\" data-widget_type=\"text-editor.default\">\n\t\t\t\t\t\t\t\t\t<p>Baal-cyklussens andet store fort\u00e6lleforl\u00f8b f\u00f8rer vejrguden ind i d\u00f8den. Mot, guden for t\u00f8rke, d\u00f8d og d\u00f8dsriget, indbyder Baal til sit rige.<\/p><p>Baal f\u00f8lger indbydelsen, og tavlerne fort\u00e6ller, at han stiger ned i Mots gab som en bid ned i sv\u00e6lget. Nyheden om hans d\u00f8d n\u00e5r El, som stiger ned fra tronen, if\u00f8rer sig s\u00f8rgekl\u00e6der, snitter i sin hud og klager over Baal.<\/p><p>Herefter f\u00f8lger s\u00f8steren <a href=\"https:\/\/iwell-guard.com\/da\/?page_id=138305\">Anats<\/a> s\u00f8gen; hun bj\u00e6rger Baals lig og lader det begrave med hj\u00e6lp fra solgudinden Schapasch. I en periode regerer en stedfortr\u00e6der, men jorden udt\u00f8rres.<\/p><p>Til sidst viser Baal sig levende for El i en dr\u00f8m, og markerne drypper igen af honning. I en sidste konfrontation k\u00e6mper Baal og Mot som vilde dyr, indtil Schapasch formidler, og Mot giver efter.<\/p><p>Den \u00e6ldre forskning har l\u00e6st dette forl\u00f8b som en ren \u00e5rstidsmyte, som et spejl af den sommerlige udt\u00f8rring og den efter\u00e5rsagtige regntid ved den syriske kyst. Nyere arbejder, for eksempel af Mark Smith og Wayne Pitard i deres kommentar, anser denne tolkning for at v\u00e6re for sn\u00e6ver.<\/p><p>Den ugaritiske kalender kender ingen \u00e5rlig d\u00f8d for Baal som en fast ritualdato, og teksten selv taler snarere om en syv\u00e5rig rytme. Episoden forbinder herred\u00f8mmets legitimering, frugtbarhed og oplevelsen af t\u00f8rke, uden at lade sig fastl\u00e6gge p\u00e5 et enkelt tolkningsskema. Den forbliver en af de mest debatterede tekster i den gammelorientalske religionshistorie.<\/p>\t\t\t\t\t\t\t\t<\/div>\n\t\t\t\t\t<\/div>\n\t\t\t\t<\/div>\n\t\t\t\t\t<\/div>\n\t\t\t\t<\/div>\n\t\t<div class=\"elementor-element elementor-element-cp269d2191 e-flex e-con-boxed e-con e-parent\" data-id=\"cp269d2191\" data-element_type=\"container\" data-e-type=\"container\">\n\t\t\t\t\t<div class=\"e-con-inner\">\n\t\t\t\t<div class=\"elementor-element elementor-element-cp2677d35b elementor-widget elementor-widget-heading\" data-id=\"cp2677d35b\" data-element_type=\"widget\" data-e-type=\"widget\" data-widget_type=\"heading.default\">\n\t\t\t\t\t<h2 class=\"elementor-heading-title elementor-size-default\">Hadad i Amarna-brevene og den mari-tidlige overlevering<\/h2>\t\t\t\t<\/div>\n\t\t<div class=\"elementor-element elementor-element-cp2998a58b e-flex e-con-boxed e-con e-child\" data-id=\"cp2998a58b\" data-element_type=\"container\" data-e-type=\"container\">\n\t\t\t\t\t<div class=\"e-con-inner\">\n\t\t\t\t<div class=\"elementor-element elementor-element-cp2af41bb3 elementor-widget elementor-widget-text-editor\" data-id=\"cp2af41bb3\" data-element_type=\"widget\" data-e-type=\"widget\" data-widget_type=\"text-editor.default\">\n\t\t\t\t\t\t\t\t\t<p>Den gud, som ugariterne kaldte Baal, bar det egentlige navn Hadad eller Haddu. Dette navn er langt \u00e6ldre og mere udbredt end de ugaritiske tavler. I arkiverne fra Mari ved den midterste Eufrat, som dateres til det 18. \u00e5rhundrede f\u00f8r vor tidsregning, optr\u00e6der vejrguden fra Aleppo, kaldet Adad, som en betydelig politisk st\u00f8rrelse.<\/p><p>Et ber\u00f8mt brev lader en profet i gudens navn tale til kong Zimri-Lim og erindrer ham om, at Adad havde sat ham p\u00e5 hans fars trone og til geng\u00e6ld forventede noget af ham.<\/p><p>I Amarna-brevene fra det 14. \u00e5rhundrede, den diplomatiske korrespondance mellem egyptiske faraoner og fyrsterne i Syrien og Pal\u00e6stina, dukker guden op i personnavne og i sammenligninger.<\/p><p>Lokale herskere beskriver faraos r\u00e6dsel med billeder l\u00e5nt fra Hadads tordendr\u00f8n. Disse bel\u00e6g viser, at Hadad l\u00e6nge f\u00f8r den f\u00f8nikiske periode var en central rigsgud, t\u00e6t forbundet med kongemagt og milit\u00e6r styrke.<\/p><p>For den f\u00f8nikiske religion betyder det: Den f\u00f8nikiske byers Baal er den sene arving til en flere hundrede \u00e5r gammel vejrgud-tradition. I Tyros tr\u00e5dte <a href=\"https:\/\/iwell-guard.com\/da\/?page_id=138299\">Melqart<\/a> frem som stadsgud, andre steder blev titlen Baal knyttet til Hadad.<\/p><p>Den assyriske betegnelse Adad og den aram\u00e6iske form Hadad viser samtidig, at samme <span class=\"iwg-fachbegriff\" data-tooltip=\"Et som guddommeligt tilbedt v\u00e6sen inden for en religion.\" tabindex=\"0\">gudeskikkelse<\/span> blev tilbedt hen over sprog- og rigsgr\u00e6nser. Kilderne fra Mari og Amarna er uundv\u00e6rlige for at kunne indplacere det f\u00f8nikiske fund historisk.<\/p>\t\t\t\t\t\t\t\t<\/div>\n\t\t\t\t\t<\/div>\n\t\t\t\t<\/div>\n\t\t\t\t\t<\/div>\n\t\t\t\t<\/div>\n\t\t<div class=\"elementor-element elementor-element-cp27a103e5 e-flex e-con-boxed e-con e-parent\" data-id=\"cp27a103e5\" data-element_type=\"container\" data-e-type=\"container\">\n\t\t\t\t\t<div class=\"e-con-inner\">\n\t\t\t\t<div class=\"elementor-element elementor-element-cp2c2c9948 elementor-widget elementor-widget-heading\" data-id=\"cp2c2c9948\" data-element_type=\"widget\" data-e-type=\"widget\" data-widget_type=\"heading.default\">\n\t\t\t\t\t<h2 class=\"elementor-heading-title elementor-size-default\">Stelen af Baal au foudre og billedprogrammet<\/h2>\t\t\t\t<\/div>\n\t\t<div class=\"elementor-element elementor-element-cp26b7dfef e-flex e-con-boxed e-con e-child\" data-id=\"cp26b7dfef\" data-element_type=\"container\" data-e-type=\"container\">\n\t\t\t\t\t<div class=\"e-con-inner\">\n\t\t\t\t<div class=\"elementor-element elementor-element-cp2cd9f9fb elementor-widget elementor-widget-text-editor\" data-id=\"cp2cd9f9fb\" data-element_type=\"widget\" data-e-type=\"widget\" data-widget_type=\"text-editor.default\">\n\t\t\t\t\t\t\t\t\t<p>Blandt fundene fra Ras Shamra rager en kalkstensstele op, som i forskningen er kendt som <em>Baal au foudre<\/em>, Baal med lynet. Den blev fundet n\u00e6r det store Baal-tempel p\u00e5 akropolis i Ugarit og befinder sig i dag i Louvre.<\/p><p><span class=\"iwg-fachbegriff\" data-tooltip=\"En oprejst, indskrevet eller udsmykket sten- eller tr\u00e6plade.\" tabindex=\"0\">Stelen<\/span> viser guden i skridtstilling, med h\u00f8jre arm h\u00e6vet, svingende en k\u00f8lle, mens venstre h\u00e5nd holder et spyd, hvis spids peger nedad mod jorden, og hvis \u00f8verste ende deler sig i plantelignende former.<\/p><p>Denne detalje er sigende. Spydet, som samtidig er lyn og spirende plante, samler vejrgudens to virkefelter: stormens \u00f8del\u00e6ggende kraft og regnens livgivende kraft.<\/p><p>Under gudens f\u00f8dder antyder b\u00f8lgede linjer bjergene eller havet. En lille menneskelig figur i kanten tolkes for det meste som kongen af Ugarit, der stiller sig under Baals beskyttelse.<\/p><p>Hornhjelmen, som guden b\u00e6rer, er et gammelorientalsk tegn p\u00e5 guddommelig rang. Hele kompositionen f\u00f8lger en billedtype, der var udbredt fra det anatolske omr\u00e5de til Egypten, d\u00e9r blandt andet i fremstillinger af den vejrgud, der var forbundet med Seth.<\/p><p>Marguerite Yon har i sin monografi om Ugarit beskrevet <span class=\"iwg-fachbegriff\" data-tooltip=\"En oprejst, indskrevet eller udsmykket sten- eller tr\u00e6plade.\" tabindex=\"0\">stelen<\/span> udf\u00f8rligt og p\u00e5peget dens betydning som forbindelse mellem <span class=\"iwg-fachbegriff\" data-tooltip=\"En bygning, der tjener tilbedelsen af en eller flere gudeskikkelser.\" tabindex=\"0\">tempel<\/span>, kongemagt og gudebillede. For ikonografien af den f\u00f8nikiske Baal er den det vigtigste bevarede vidnesbyrd, selv om den, strengt taget, stammer fra Ugarit og ikke fra en f\u00f8nikisk by.<\/p>\t\t\t\t\t\t\t\t<\/div>\n\t\t\t\t\t<\/div>\n\t\t\t\t<\/div>\n\t\t\t\t\t<\/div>\n\t\t\t\t<\/div>\n\t\t<div class=\"elementor-element elementor-element-iwgw-baalhadad-lit e-flex e-con-boxed e-con e-parent\" data-id=\"iwgw-baalhadad-lit\" data-element_type=\"container\" data-e-type=\"container\">\n\t\t\t\t\t<div class=\"e-con-inner\">\n\t\t\t\t<div class=\"elementor-element elementor-element-iwgw-baalhadad-lith elementor-widget elementor-widget-heading\" data-id=\"iwgw-baalhadad-lith\" data-element_type=\"widget\" data-e-type=\"widget\" data-widget_type=\"heading.default\">\n\t\t\t\t\t<h2 class=\"elementor-heading-title elementor-size-default\">Litteratur (udvalg)<\/h2>\t\t\t\t<\/div>\n\t\t<div class=\"elementor-element elementor-element-iwgw-baalhadad-litc e-con-full e-flex e-con e-child\" data-id=\"iwgw-baalhadad-litc\" data-element_type=\"container\" data-e-type=\"container\">\n\t\t\t\t<div class=\"elementor-element elementor-element-iwgw-baalhadad-litt elementor-widget elementor-widget-text-editor\" data-id=\"iwgw-baalhadad-litt\" data-element_type=\"widget\" data-e-type=\"widget\" data-widget_type=\"text-editor.default\">\n\t\t\t\t\t\t\t\t\t<div data-nosnippet=\"true\"><ul><li>Mark Smith \/ Wayne Pitard: <em>The Ugaritic Baal Cycle<\/em> (Leiden 1994\/2009)<\/li><li>Daniel Schwemer: <em>Die Wettergottgestalten Mesopotamiens und Nordsyriens<\/em> (Wiesbaden 2001)<\/li><li>Sabatino Moscati: <em>Die Ph\u00f6niker<\/em> (Stuttgart 1966)<\/li><li>Corinne Bonnet: <em>Les enfants de Cadmos<\/em> (Paris 2015)<\/li><li>Mark Smith: <em>The Early History of God<\/em> (San Francisco 1990)<\/li><li>Maria Eugenia Aubet: <em>The Phoenicians and the West<\/em> (Cambridge 2001)<\/li><\/ul><\/div>\t\t\t\t\t\t\t\t<\/div>\n\t\t\t\t<\/div>\n\t\t\t\t\t<\/div>\n\t\t\t\t<\/div>\n\t\t<div class=\"elementor-element elementor-element-iwgkw2-add-baalhadad e-flex e-con-boxed e-con e-parent\" data-id=\"iwgkw2-add-baalhadad\" data-element_type=\"container\" data-e-type=\"container\">\n\t\t\t\t\t<div class=\"e-con-inner\">\n\t\t\t\t<div class=\"elementor-element elementor-element-iwgkw2-add-baalhadad-t elementor-widget elementor-widget-text-editor\" data-id=\"iwgkw2-add-baalhadad-t\" data-element_type=\"widget\" data-e-type=\"widget\" data-widget_type=\"text-editor.default\">\n\t\t\t\t\t\t\t\t\t<p>Som f\u00f8nikisk h\u00f8jgud styrer Baal-Hadad vejret, alts\u00e5 storm, regn og vegetation; i de ugaritiske tekster sejrer han over Yam og Mot og sikrer den kosmiske orden i det f\u00f8nikiske pantheon.<\/p>\t\t\t\t\t\t\t\t<\/div>\n\t\t\t\t\t<\/div>\n\t\t\t\t<\/div>\n\t\t<div class=\"elementor-element elementor-element-iwgw-baalhadad-kwd e-flex e-con-boxed e-con e-parent\" data-id=\"iwgw-baalhadad-kwd\" data-element_type=\"container\" data-e-type=\"container\">\n\t\t\t\t\t<div class=\"e-con-inner\">\n\t\t<div class=\"elementor-element elementor-element-iwgw-baalhadad-kwdc e-con-full e-flex e-con e-child\" data-id=\"iwgw-baalhadad-kwdc\" data-element_type=\"container\" data-e-type=\"container\">\n\t\t\t\t<div class=\"elementor-element elementor-element-iwgw-baalhadad-kwdt elementor-widget elementor-widget-text-editor\" data-id=\"iwgw-baalhadad-kwdt\" data-element_type=\"widget\" data-e-type=\"widget\" data-widget_type=\"text-editor.default\">\n\t\t\t\t\t\t\t\t\t<p><em>Relaterede n\u00f8glebegreber: Baal-Hadad f\u00f8nikere vejrgud Baal-cyklus Saphon Ugarit Aleppo Yam Mot.<\/em><\/p>\t\t\t\t\t\t\t\t<\/div>\n\t\t\t\t<\/div>\n\t\t\t\t\t<\/div>\n\t\t\t\t<\/div>\n\t\t<div class=\"elementor-element elementor-element-iwgw-baalhadad-cc e-flex e-con-boxed e-con e-parent\" data-id=\"iwgw-baalhadad-cc\" data-element_type=\"container\" data-e-type=\"container\" id=\"iwg-cc-baal-hadad\">\n\t\t\t\t\t<div class=\"e-con-inner\">\n\t\t<div class=\"elementor-element elementor-element-iwgw-baalhadad-ccinner e-flex e-con-boxed e-con e-parent\" data-id=\"iwgw-baalhadad-ccinner\" data-element_type=\"container\" data-e-type=\"container\" data-settings=\"{&quot;background_background&quot;:&quot;classic&quot;}\">\n\t\t\t\t\t<div class=\"e-con-inner\">\n\t\t\t\t<div class=\"elementor-element elementor-element-iwgw-baalhadad-cch elementor-widget elementor-widget-heading\" data-id=\"iwgw-baalhadad-cch\" data-element_type=\"widget\" data-e-type=\"widget\" data-widget_type=\"heading.default\">\n\t\t\t\t\t<h2 class=\"elementor-heading-title elementor-size-default\">iWell Guard og beskyttelsestraditioner<\/h2>\t\t\t\t<\/div>\n\t\t\t\t<div class=\"elementor-element elementor-element-iwgw-baalhadad-cct elementor-widget elementor-widget-text-editor\" data-id=\"iwgw-baalhadad-cct\" data-element_type=\"widget\" data-e-type=\"widget\" data-widget_type=\"text-editor.default\">\n\t\t\t\t\t\t\t\t\t<div data-nosnippet=\"true\"><p>iWell Guard knytter sig til den kulturhistoriske tradition for b\u00e6rbare beskyttelsesobjekter, i traditionen fra <a href=\"https:\/\/iwell-guard.com\/da\/?page_id=138242\">F\u00f8nikisk<\/a> og mange andre kulturer verden over. 41 lag, \u00e6gte guld, platin, s\u00f8lv, fremstillet i Tyskland. 30 dages returret.<\/p><\/div>\t\t\t\t\t\t\t\t<\/div>\n\t\t\t\t<div class=\"elementor-element elementor-element-iwgw-baalhadad-ccb iwg-cc-button iwg-cc-cta-2026-05-13 elementor-widget elementor-widget-jet-button\" data-id=\"iwgw-baalhadad-ccb\" data-element_type=\"widget\" data-e-type=\"widget\" data-widget_type=\"jet-button.default\">\n\t\t\t\t<div class=\"elementor-widget-container\">\n\t\t\t\t\t<div class=\"elementor-jet-button jet-elements\"><div class=\"jet-button__container\"><a class=\"jet-button__instance jet-button__instance--icon-left hover-effect-1\" href=\"\/ueber-iwell-guard\/?utm_source=iwell-guard.com&amp;utm_medium=info-box&amp;utm_campaign=wesen-tradition\"><div class=\"jet-button__plane jet-button__plane-normal\"><\/div><div class=\"jet-button__plane jet-button__plane-hover\"><\/div><div class=\"jet-button__state jet-button__state-normal\"><span class=\"jet-button__label\">Mere om iWell Guard<\/span><\/div><div class=\"jet-button__state jet-button__state-hover\"><span class=\"jet-button__label\">Mere om iWell Guard<\/span><\/div><\/a><\/div><\/div><style>.elementor-element.elementor-element-iwgw-baalhadad-ccb .jet-button__instance{width:320px;height:56px;}.elementor-element.elementor-element-iwgw-baalhadad-ccb .jet-button__state-normal .jet-button__label{text-align:center;margin:0px 0px 0px 0px;color:#1a1b20;font-family:Montserrat,sans-serif;font-size:13px;font-weight:400;letter-spacing:4px;line-height:1.714em;text-transform:uppercase;}.elementor-element.elementor-element-iwgw-baalhadad-ccb .jet-button__state-hover .jet-button__label{text-align:center;margin:0px 0px 0px 0px;color:#FECC76;font-family:Montserrat,sans-serif;font-size:13px;font-weight:400;letter-spacing:4px;line-height:1.714em;text-transform:uppercase;}.elementor-element.elementor-element-iwgw-baalhadad-ccb .jet-button__plane-normal{background-color:#FECC76;border-style:solid;border-color:#C99540;border-width:2px 2px 2px 2px;}.elementor-element.elementor-element-iwgw-baalhadad-ccb .jet-button__plane-hover{background-color:rgba(0,0,0,0.55);border-style:solid;border-color:#FECC76;border-width:2px 2px 2px 2px;}<\/style>\t\t\t\t<\/div>\n\t\t\t\t<\/div>\n\t\t\t\t<div class=\"elementor-element elementor-element-iwgw-baalhadad-ccd elementor-widget elementor-widget-text-editor\" data-id=\"iwgw-baalhadad-ccd\" data-element_type=\"widget\" data-e-type=\"widget\" data-widget_type=\"text-editor.default\">\n\t\t\t\t\t\t\t\t\t<div data-nosnippet=\"true\"><p style=\"text-align:center;font-size:13px;opacity:0.7;margin-top:14px\" data-nosnippet=\"true\">Personlige erfaringer kan variere. Ikke et medicinsk produkt. Intet helbredelsesl\u00f8fte.<\/p><\/div>\t\t\t\t\t\t\t\t<\/div>\n\t\t\t\t\t<\/div>\n\t\t\t\t<\/div>\n\t\t\t\t\t<\/div>\n\t\t\t\t<\/div>\n\t\t<div class=\"elementor-element elementor-element-iwgw-baalhadad-disc e-flex e-con-boxed e-con e-parent\" data-id=\"iwgw-baalhadad-disc\" data-element_type=\"container\" data-e-type=\"container\">\n\t\t\t\t\t<div class=\"e-con-inner\">\n\t\t\t\t<div class=\"elementor-element elementor-element-iwgw-baalhadad-discw elementor-widget elementor-widget-html\" data-id=\"iwgw-baalhadad-discw\" data-element_type=\"widget\" data-e-type=\"widget\" data-widget_type=\"html.default\">\n\t\t\t\t\t<footer data-nosnippet=\"true\" class=\"iwg-disclaimer-block\"><p data-nosnippet=\"true\">iWell Guard er <strong>ikke et medicinsk produkt<\/strong> og erstatter ikke l\u00e6ge- eller psykoterapeutisk behandling. De religionsvidenskabelige indhold er en kulturhistorisk indplacering, ikke en anbefaling af spirituel praksis.<\/p><\/footer>\t\t\t\t<\/div>\n\t\t\t\t\t<\/div>\n\t\t\t\t<\/div>\n\t\t\t\t<\/div>\n\t\t","protected":false},"excerpt":{"rendered":"","protected":false},"author":3,"featured_media":2845,"parent":0,"menu_order":0,"comment_status":"closed","ping_status":"closed","template":"elementor_header_footer","meta":{"_yoast_wpseo_focuskw":"Baal-Hadad f\u00f8nikisk vejrgud","_yoast_wpseo_title":"Baal-Hadad \u2013 F\u00f8nikisk vejrgud, mytologi, kult","_yoast_wpseo_metadesc":"Baal-Hadad er den f\u00f8nikisk-kanaan\u00e6iske vejrgud og helten i Baal-cyklen. Religionsvidenskabelig indf\u00f8ring med mytologi og kult.","_yoast_wpseo_meta-robots-noindex":"","_yoast_wpseo_canonical":"","_angie_page":false,"gefaehrdungsstufe":"2","wesen_kultur":"phoenizisch","wesen_klasse":"goetter","footnotes":""},"categories":[],"class_list":["post-138297","page","type-page","status-publish","has-post-thumbnail","hentry"],"yoast_head":"<!-- This site is optimized with the Yoast SEO Premium plugin v27.7 (Yoast SEO v28.3) - https:\/\/yoast.com\/product\/yoast-seo-premium-wordpress\/ -->\n<title>Baal-Hadad \u2013 F\u00f8nikisk vejrgud, mytologi, kult<\/title>\n<meta name=\"description\" content=\"Baal-Hadad er den f\u00f8nikisk-kanaan\u00e6iske vejrgud og helten i Baal-cyklen. Religionsvidenskabelig indf\u00f8ring med mytologi og kult.\" \/>\n<meta name=\"robots\" content=\"index, follow, max-snippet:-1, max-image-preview:large, max-video-preview:-1\" \/>\n<link rel=\"canonical\" href=\"https:\/\/iwell-guard.com\/da\/baal-hadad-fonikisk-vejrgud\/\" \/>\n<meta property=\"og:locale\" content=\"da_DK\" \/>\n<meta property=\"og:type\" content=\"article\" \/>\n<meta property=\"og:title\" content=\"Baal-Hadad \u2013 F\u00f8nikisk vejrgud\" \/>\n<meta property=\"og:description\" content=\"Baal-Hadad er den f\u00f8nikisk-kanaan\u00e6iske vejrgud og helten i Baal-cyklen. Religionsvidenskabelig indf\u00f8ring med mytologi og kult.\" \/>\n<meta property=\"og:url\" content=\"https:\/\/iwell-guard.com\/da\/baal-hadad-fonikisk-vejrgud\/\" \/>\n<meta property=\"og:site_name\" content=\"iWell Guard\" \/>\n<meta property=\"article:modified_time\" content=\"2026-09-03T07:56:38+00:00\" \/>\n<meta property=\"og:image\" content=\"https:\/\/iwell-guard.com\/wp-content\/uploads\/2026\/05\/goetter_phoenizisch_baal-hadad.webp\" \/>\n\t<meta property=\"og:image:width\" content=\"1024\" \/>\n\t<meta property=\"og:image:height\" content=\"1536\" \/>\n\t<meta property=\"og:image:type\" content=\"image\/webp\" \/>\n<meta name=\"twitter:card\" content=\"summary_large_image\" \/>\n<script type=\"application\/ld+json\" class=\"yoast-schema-graph\">{\"@context\":\"https:\\\/\\\/schema.org\",\"@graph\":[{\"@type\":\"WebPage\",\"@id\":\"https:\\\/\\\/iwell-guard.com\\\/da\\\/baal-hadad-fonikisk-vejrgud\\\/\",\"url\":\"https:\\\/\\\/iwell-guard.com\\\/da\\\/baal-hadad-fonikisk-vejrgud\\\/\",\"name\":\"Baal-Hadad \u2013 F\u00f8nikisk vejrgud, mytologi, kult\",\"isPartOf\":{\"@id\":\"https:\\\/\\\/iwell-guard.com\\\/da\\\/#website\"},\"primaryImageOfPage\":{\"@id\":\"https:\\\/\\\/iwell-guard.com\\\/da\\\/baal-hadad-fonikisk-vejrgud\\\/#primaryimage\"},\"image\":{\"@id\":\"https:\\\/\\\/iwell-guard.com\\\/da\\\/baal-hadad-fonikisk-vejrgud\\\/#primaryimage\"},\"thumbnailUrl\":\"https:\\\/\\\/iwell-guard.com\\\/wp-content\\\/uploads\\\/2026\\\/05\\\/goetter_phoenizisch_baal-hadad.webp\",\"datePublished\":\"2026-09-03T07:08:19+00:00\",\"dateModified\":\"2026-09-03T07:56:38+00:00\",\"description\":\"Baal-Hadad er den f\u00f8nikisk-kanaan\u00e6iske vejrgud og helten i Baal-cyklen. Religionsvidenskabelig indf\u00f8ring med mytologi og kult.\",\"breadcrumb\":{\"@id\":\"https:\\\/\\\/iwell-guard.com\\\/da\\\/baal-hadad-fonikisk-vejrgud\\\/#breadcrumb\"},\"inLanguage\":\"da-DK\",\"potentialAction\":[{\"@type\":\"ReadAction\",\"target\":[\"https:\\\/\\\/iwell-guard.com\\\/da\\\/baal-hadad-fonikisk-vejrgud\\\/\"]}]},{\"@type\":\"ImageObject\",\"inLanguage\":\"da-DK\",\"@id\":\"https:\\\/\\\/iwell-guard.com\\\/da\\\/baal-hadad-fonikisk-vejrgud\\\/#primaryimage\",\"url\":\"https:\\\/\\\/iwell-guard.com\\\/wp-content\\\/uploads\\\/2026\\\/05\\\/goetter_phoenizisch_baal-hadad.webp\",\"contentUrl\":\"https:\\\/\\\/iwell-guard.com\\\/wp-content\\\/uploads\\\/2026\\\/05\\\/goetter_phoenizisch_baal-hadad.webp\",\"width\":1024,\"height\":1536,\"caption\":\"Guder fra den f\u00f8nikiske tradition.\"},{\"@type\":\"BreadcrumbList\",\"@id\":\"https:\\\/\\\/iwell-guard.com\\\/da\\\/baal-hadad-fonikisk-vejrgud\\\/#breadcrumb\",\"itemListElement\":[{\"@type\":\"ListItem\",\"position\":1,\"name\":\"Start\",\"item\":\"https:\\\/\\\/iwell-guard.com\\\/da\\\/?page_id=137908\"},{\"@type\":\"ListItem\",\"position\":2,\"name\":\"Baal-Hadad \u2013 F\u00f8nikisk vejrgud\"}]},{\"@type\":\"WebSite\",\"@id\":\"https:\\\/\\\/iwell-guard.com\\\/da\\\/#website\",\"url\":\"https:\\\/\\\/iwell-guard.com\\\/da\\\/\",\"name\":\"iWell Guard\",\"description\":\"Schutz vor dunklen Einfl\u00fcssen\",\"publisher\":{\"@id\":\"https:\\\/\\\/iwell-guard.com\\\/da\\\/#organization\"},\"potentialAction\":[{\"@type\":\"SearchAction\",\"target\":{\"@type\":\"EntryPoint\",\"urlTemplate\":\"https:\\\/\\\/iwell-guard.com\\\/da\\\/?s={search_term_string}\"},\"query-input\":{\"@type\":\"PropertyValueSpecification\",\"valueRequired\":true,\"valueName\":\"search_term_string\"}}],\"inLanguage\":\"da-DK\"},{\"@type\":\"Organization\",\"@id\":\"https:\\\/\\\/iwell-guard.com\\\/da\\\/#organization\",\"name\":\"Ittermann electronic GmbH\",\"url\":\"https:\\\/\\\/iwell-guard.com\\\/da\\\/\",\"logo\":{\"@type\":\"ImageObject\",\"inLanguage\":\"da-DK\",\"@id\":\"https:\\\/\\\/iwell-guard.com\\\/da\\\/#\\\/schema\\\/logo\\\/image\\\/\",\"url\":\"https:\\\/\\\/iwell-guard.com\\\/wp-content\\\/uploads\\\/2026\\\/05\\\/Ittermann-Logo-1182x237-1.png\",\"contentUrl\":\"https:\\\/\\\/iwell-guard.com\\\/wp-content\\\/uploads\\\/2026\\\/05\\\/Ittermann-Logo-1182x237-1.png\",\"width\":1182,\"height\":237,\"caption\":\"Ittermann electronic GmbH\"},\"image\":{\"@id\":\"https:\\\/\\\/iwell-guard.com\\\/da\\\/#\\\/schema\\\/logo\\\/image\\\/\"},\"sameAs\":[\"https:\\\/\\\/pantip.com\\\/profile\\\/9367242\",\"https:\\\/\\\/micro.blog\\\/iwellguard\",\"https:\\\/\\\/www.diggerslist.com\\\/iwellguard\\\/about\",\"https:\\\/\\\/skitterphoto.com\\\/photographers\\\/2870314\\\/iwell-guard\",\"https:\\\/\\\/iwellguard.wordpress.com\\\/2026\\\/06\\\/06\\\/iwell-guard\\\/\",\"https:\\\/\\\/hub.docker.com\\\/u\\\/iwellguard\",\"https:\\\/\\\/www.pinterest.com\\\/iwellguard\\\/\",\"https:\\\/\\\/bit.ly\\\/m\\\/iwellguard\",\"https:\\\/\\\/entre-vos-mains.alsace.eu\\\/profiles\\\/iwellguard\\\/activity\",\"https:\\\/\\\/gravatar.com\\\/reallybeded8fd34\",\"https:\\\/\\\/naijamatta.com\\\/iwellguard\",\"https:\\\/\\\/www.goodreads.com\\\/iwellguard\",\"https:\\\/\\\/profile.hatena.ne.jp\\\/iwellguard\\\/\",\"https:\\\/\\\/experiment.com\\\/users\\\/iwellguard\",\"https:\\\/\\\/wakelet.com\\\/@iWellGuard82270\",\"https:\\\/\\\/www.chordie.com\\\/forum\\\/profile.php?id=2555664\",\"https:\\\/\\\/www.instapaper.com\\\/p\\\/17757966\",\"https:\\\/\\\/www.mapleprimes.com\\\/users\\\/iwellguard\",\"https:\\\/\\\/businesslistingplus.com\\\/profile\\\/iwell-guard\\\/\",\"https:\\\/\\\/telegra.ph\\\/iWell-Guard-06-06\",\"https:\\\/\\\/pbase.com\\\/iwellguard\\\/iwellguard\",\"https:\\\/\\\/b.hatena.ne.jp\\\/iwellguard\\\/20260607#bookmark-4788405196491818882\",\"https:\\\/\\\/fliphtml5.com\\\/home\\\/iwellguard\",\"https:\\\/\\\/anyflip.com\\\/homepage\\\/cmiwl#About\",\"https:\\\/\\\/transfur.com\\\/Users\\\/iwellguard\",\"http:\\\/\\\/delphi.larsbo.org\\\/user\\\/iwellguard\",\"https:\\\/\\\/jobs.lajobsportal.org\\\/profiles\\\/8380803-iwell-guard\",\"https:\\\/\\\/md.chaosdorf.de\\\/s\\\/jfbe5SBdJD\",\"https:\\\/\\\/www.lingvolive.com\\\/en-us\\\/profile\\\/9ecaeaca-ce11-4e51-9e71-01d55e2bff36\\\/translations\",\"https:\\\/\\\/www.fitday.com\\\/fitness\\\/forums\\\/members\\\/iwellguard.html\",\"https:\\\/\\\/www.mymeetbook.com\\\/iwellguard\",\"https:\\\/\\\/pxhere.com\\\/en\\\/photographer-me\\\/5040798\",\"https:\\\/\\\/disqus.com\\\/by\\\/iwellguard\\\/about\\\/\",\"https:\\\/\\\/pastelink.net\\\/hjwciqwq\",\"https:\\\/\\\/pubhtml5.com\\\/homepage\\\/scjhn\\\/\",\"https:\\\/\\\/www.bitchute.com\\\/channel\\\/2O2eOKzNqujT\",\"https:\\\/\\\/audiomack.com\\\/iwellguard\"]},{\"@type\":\"Article\",\"@id\":\"https:\\\/\\\/iwell-guard.com\\\/da\\\/baal-hadad-fonikisk-vejrgud\\\/#article\",\"isPartOf\":{\"@id\":\"https:\\\/\\\/iwell-guard.com\\\/da\\\/baal-hadad-fonikisk-vejrgud\\\/\"},\"author\":{\"name\":\"Ralf Ittermann\",\"@id\":\"https:\\\/\\\/iwell-guard.com\\\/da\\\/#\\\/schema\\\/person\\\/ee2a27f1cac3406c7c6fb5820cb7349f\"},\"headline\":\"Baal-Hadad \u2013 F\u00f8nikisk vejrgud\",\"datePublished\":\"2026-09-03T07:08:19+00:00\",\"dateModified\":\"2026-09-03T07:56:38+00:00\",\"mainEntityOfPage\":{\"@id\":\"https:\\\/\\\/iwell-guard.com\\\/da\\\/baal-hadad-fonikisk-vejrgud\\\/\"},\"publisher\":{\"@id\":\"https:\\\/\\\/iwell-guard.com\\\/da\\\/#organization\"},\"image\":{\"@id\":\"https:\\\/\\\/iwell-guard.com\\\/da\\\/baal-hadad-fonikisk-vejrgud\\\/#primaryimage\"},\"thumbnailUrl\":\"https:\\\/\\\/iwell-guard.com\\\/wp-content\\\/uploads\\\/2026\\\/05\\\/goetter_phoenizisch_baal-hadad.webp\",\"inLanguage\":\"da-DK\",\"description\":\"Baal-Hadad er den f\u00f8nikisk-kanaan\u00e6iske vejrgud og helten i Baal-cyklen. Religionsvidenskabelig indf\u00f8ring med mytologi og kult.\"}]}<\/script>\n<!-- \/ Yoast SEO Premium plugin. -->","yoast_head_json":{"title":"Baal-Hadad \u2013 F\u00f8nikisk vejrgud, mytologi, kult","description":"Baal-Hadad er den f\u00f8nikisk-kanaan\u00e6iske vejrgud og helten i Baal-cyklen. Religionsvidenskabelig indf\u00f8ring med mytologi og kult.","robots":{"index":"index","follow":"follow","max-snippet":"max-snippet:-1","max-image-preview":"max-image-preview:large","max-video-preview":"max-video-preview:-1"},"canonical":"https:\/\/iwell-guard.com\/da\/baal-hadad-fonikisk-vejrgud\/","og_locale":"da_DK","og_type":"article","og_title":"Baal-Hadad \u2013 F\u00f8nikisk vejrgud","og_description":"Baal-Hadad er den f\u00f8nikisk-kanaan\u00e6iske vejrgud og helten i Baal-cyklen. Religionsvidenskabelig indf\u00f8ring med mytologi og kult.","og_url":"https:\/\/iwell-guard.com\/da\/baal-hadad-fonikisk-vejrgud\/","og_site_name":"iWell Guard","article_modified_time":"2026-09-03T07:56:38+00:00","og_image":[{"width":1024,"height":1536,"url":"https:\/\/iwell-guard.com\/wp-content\/uploads\/2026\/05\/goetter_phoenizisch_baal-hadad.webp","type":"image\/webp"}],"twitter_card":"summary_large_image","schema":{"@context":"https:\/\/schema.org","@graph":[{"@type":"Article","@id":"https:\/\/iwell-guard.com\/da\/baal-hadad-fonikisk-vejrgud\/#article","isPartOf":{"@id":"https:\/\/iwell-guard.com\/da\/baal-hadad-fonikisk-vejrgud\/"},"author":{"name":"Ralf Ittermann","@id":"https:\/\/iwell-guard.com\/da\/#\/schema\/person\/ee2a27f1cac3406c7c6fb5820cb7349f"},"headline":"Baal-Hadad \u2013 F\u00f8nikisk vejrgud","datePublished":"2026-09-03T07:08:19+00:00","dateModified":"2026-09-03T07:56:38+00:00","mainEntityOfPage":{"@id":"https:\/\/iwell-guard.com\/da\/baal-hadad-fonikisk-vejrgud\/"},"publisher":{"@id":"https:\/\/iwell-guard.com\/da\/#organization"},"image":{"@id":"https:\/\/iwell-guard.com\/da\/baal-hadad-fonikisk-vejrgud\/#primaryimage"},"thumbnailUrl":"https:\/\/iwell-guard.com\/wp-content\/uploads\/2026\/05\/goetter_phoenizisch_baal-hadad.webp","inLanguage":"da-DK","description":"Baal-Hadad er den f\u00f8nikisk-kanaan\u00e6iske vejrgud og helten i Baal-cyklen. Religionsvidenskabelig indf\u00f8ring med mytologi og kult."},{"@type":"WebPage","@id":"https:\/\/iwell-guard.com\/da\/baal-hadad-fonikisk-vejrgud\/","url":"https:\/\/iwell-guard.com\/da\/baal-hadad-fonikisk-vejrgud\/","name":"Baal-Hadad \u2013 F\u00f8nikisk vejrgud, mytologi, kult","isPartOf":{"@id":"https:\/\/iwell-guard.com\/da\/#website"},"primaryImageOfPage":{"@id":"https:\/\/iwell-guard.com\/da\/baal-hadad-fonikisk-vejrgud\/#primaryimage"},"image":{"@id":"https:\/\/iwell-guard.com\/da\/baal-hadad-fonikisk-vejrgud\/#primaryimage"},"thumbnailUrl":"https:\/\/iwell-guard.com\/wp-content\/uploads\/2026\/05\/goetter_phoenizisch_baal-hadad.webp","datePublished":"2026-09-03T07:08:19+00:00","dateModified":"2026-09-03T07:56:38+00:00","description":"Baal-Hadad er den f\u00f8nikisk-kanaan\u00e6iske vejrgud og helten i Baal-cyklen. Religionsvidenskabelig indf\u00f8ring med mytologi og kult.","breadcrumb":{"@id":"https:\/\/iwell-guard.com\/da\/baal-hadad-fonikisk-vejrgud\/#breadcrumb"},"inLanguage":"da-DK","potentialAction":[{"@type":"ReadAction","target":["https:\/\/iwell-guard.com\/da\/baal-hadad-fonikisk-vejrgud\/"]}]},{"@type":"ImageObject","inLanguage":"da-DK","@id":"https:\/\/iwell-guard.com\/da\/baal-hadad-fonikisk-vejrgud\/#primaryimage","url":"https:\/\/iwell-guard.com\/wp-content\/uploads\/2026\/05\/goetter_phoenizisch_baal-hadad.webp","contentUrl":"https:\/\/iwell-guard.com\/wp-content\/uploads\/2026\/05\/goetter_phoenizisch_baal-hadad.webp","width":1024,"height":1536,"caption":"Guder fra den f\u00f8nikiske tradition."},{"@type":"BreadcrumbList","@id":"https:\/\/iwell-guard.com\/da\/baal-hadad-fonikisk-vejrgud\/#breadcrumb","itemListElement":[{"@type":"ListItem","position":1,"name":"Start","item":"https:\/\/iwell-guard.com\/da\/?page_id=137908"},{"@type":"ListItem","position":2,"name":"Baal-Hadad \u2013 F\u00f8nikisk vejrgud"}]},{"@type":"WebSite","@id":"https:\/\/iwell-guard.com\/da\/#website","url":"https:\/\/iwell-guard.com\/da\/","name":"iWell Guard","description":"Schutz vor dunklen Einfl\u00fcssen","publisher":{"@id":"https:\/\/iwell-guard.com\/da\/#organization"},"potentialAction":[{"@type":"SearchAction","target":{"@type":"EntryPoint","urlTemplate":"https:\/\/iwell-guard.com\/da\/?s={search_term_string}"},"query-input":{"@type":"PropertyValueSpecification","valueRequired":true,"valueName":"search_term_string"}}],"inLanguage":"da-DK"},{"@type":"Organization","@id":"https:\/\/iwell-guard.com\/da\/#organization","name":"Ittermann electronic GmbH","url":"https:\/\/iwell-guard.com\/da\/","logo":{"@type":"ImageObject","inLanguage":"da-DK","@id":"https:\/\/iwell-guard.com\/da\/#\/schema\/logo\/image\/","url":"https:\/\/iwell-guard.com\/wp-content\/uploads\/2026\/05\/Ittermann-Logo-1182x237-1.png","contentUrl":"https:\/\/iwell-guard.com\/wp-content\/uploads\/2026\/05\/Ittermann-Logo-1182x237-1.png","width":1182,"height":237,"caption":"Ittermann electronic GmbH"},"image":{"@id":"https:\/\/iwell-guard.com\/da\/#\/schema\/logo\/image\/"},"sameAs":["https:\/\/pantip.com\/profile\/9367242","https:\/\/micro.blog\/iwellguard","https:\/\/www.diggerslist.com\/iwellguard\/about","https:\/\/skitterphoto.com\/photographers\/2870314\/iwell-guard","https:\/\/iwellguard.wordpress.com\/2026\/06\/06\/iwell-guard\/","https:\/\/hub.docker.com\/u\/iwellguard","https:\/\/www.pinterest.com\/iwellguard\/","https:\/\/bit.ly\/m\/iwellguard","https:\/\/entre-vos-mains.alsace.eu\/profiles\/iwellguard\/activity","https:\/\/gravatar.com\/reallybeded8fd34","https:\/\/naijamatta.com\/iwellguard","https:\/\/www.goodreads.com\/iwellguard","https:\/\/profile.hatena.ne.jp\/iwellguard\/","https:\/\/experiment.com\/users\/iwellguard","https:\/\/wakelet.com\/@iWellGuard82270","https:\/\/www.chordie.com\/forum\/profile.php?id=2555664","https:\/\/www.instapaper.com\/p\/17757966","https:\/\/www.mapleprimes.com\/users\/iwellguard","https:\/\/businesslistingplus.com\/profile\/iwell-guard\/","https:\/\/telegra.ph\/iWell-Guard-06-06","https:\/\/pbase.com\/iwellguard\/iwellguard","https:\/\/b.hatena.ne.jp\/iwellguard\/20260607#bookmark-4788405196491818882","https:\/\/fliphtml5.com\/home\/iwellguard","https:\/\/anyflip.com\/homepage\/cmiwl#About","https:\/\/transfur.com\/Users\/iwellguard","http:\/\/delphi.larsbo.org\/user\/iwellguard","https:\/\/jobs.lajobsportal.org\/profiles\/8380803-iwell-guard","https:\/\/md.chaosdorf.de\/s\/jfbe5SBdJD","https:\/\/www.lingvolive.com\/en-us\/profile\/9ecaeaca-ce11-4e51-9e71-01d55e2bff36\/translations","https:\/\/www.fitday.com\/fitness\/forums\/members\/iwellguard.html","https:\/\/www.mymeetbook.com\/iwellguard","https:\/\/pxhere.com\/en\/photographer-me\/5040798","https:\/\/disqus.com\/by\/iwellguard\/about\/","https:\/\/pastelink.net\/hjwciqwq","https:\/\/pubhtml5.com\/homepage\/scjhn\/","https:\/\/www.bitchute.com\/channel\/2O2eOKzNqujT","https:\/\/audiomack.com\/iwellguard"]},{"@type":"Person","@id":"https:\/\/iwell-guard.com\/da\/#\/schema\/person\/ee2a27f1cac3406c7c6fb5820cb7349f","name":"Ralf Ittermann","image":{"@type":"ImageObject","inLanguage":"da-DK","@id":"https:\/\/secure.gravatar.com\/avatar\/073c0153e350a5005b68eb752b445fea71f6b24a26da9449ad7e155e6b446c9d?s=96&d=mm&r=g","url":"https:\/\/secure.gravatar.com\/avatar\/073c0153e350a5005b68eb752b445fea71f6b24a26da9449ad7e155e6b446c9d?s=96&d=mm&r=g","contentUrl":"https:\/\/secure.gravatar.com\/avatar\/073c0153e350a5005b68eb752b445fea71f6b24a26da9449ad7e155e6b446c9d?s=96&d=mm&r=g","caption":"Ralf Ittermann"},"givenName":"Ralf","familyName":"Ittermann","jobTitle":"Gesch\u00e4ftsf\u00fchrer und redaktioneller Verantwortlicher","url":"https:\/\/iwell-guard.com\/da\/author\/claude\/","description":"Ralf Ittermann ist Gesch\u00e4ftsf\u00fchrer der Ittermann electronic GmbH und redaktioneller Verantwortlicher des iWell-Guard-Lexikons. Er verbindet langj\u00e4hrige Erfahrung in der Pr\u00e4zisionsfertigung mit medialer Praxis und religionsgeschichtlicher Quellenarbeit.","worksFor":{"@type":"Organization","name":"Ittermann electronic GmbH","url":"https:\/\/ittermann.de\/","address":{"@type":"PostalAddress","streetAddress":"K\u00f6hlergasse 16-18","postalCode":"99842","addressLocality":"Ruhla","addressCountry":"DE"}},"knowsAbout":["Religionsgeschichte","Mythologie","Mediale Praxis","Energetische Diagnostik","Schutzpraxis","Volksglauben","Westliche Esoterik"]},{"@type":"Article","@id":"https:\/\/iwell-guard.com\/da\/baal-hadad-fonikisk-vejrgud\/#article","isPartOf":{"@id":"https:\/\/iwell-guard.com\/da\/baal-hadad-fonikisk-vejrgud\/"},"author":{"name":"Ralf Ittermann","@id":"https:\/\/iwell-guard.com\/da\/#\/schema\/person\/ee2a27f1cac3406c7c6fb5820cb7349f"},"headline":"Baal-Hadad \u2013 F\u00f8nikisk vejrgud","datePublished":"2026-09-03T07:08:19+00:00","dateModified":"2026-09-03T07:56:38+00:00","mainEntityOfPage":{"@id":"https:\/\/iwell-guard.com\/da\/baal-hadad-fonikisk-vejrgud\/"},"publisher":{"@id":"https:\/\/iwell-guard.com\/da\/#organization"},"image":{"@id":"https:\/\/iwell-guard.com\/da\/baal-hadad-fonikisk-vejrgud\/#primaryimage"},"thumbnailUrl":"https:\/\/iwell-guard.com\/wp-content\/uploads\/2026\/05\/goetter_phoenizisch_baal-hadad.webp","inLanguage":"da-DK","description":"Baal-Hadad er den f\u00f8nikisk-kanaan\u00e6iske vejrgud og helten i Baal-cyklen. Religionsvidenskabelig indf\u00f8ring med mytologi og kult."}]}},"_links":{"self":[{"href":"https:\/\/iwell-guard.com\/da\/wp-json\/wp\/v2\/pages\/138297","targetHints":{"allow":["GET"]}}],"collection":[{"href":"https:\/\/iwell-guard.com\/da\/wp-json\/wp\/v2\/pages"}],"about":[{"href":"https:\/\/iwell-guard.com\/da\/wp-json\/wp\/v2\/types\/page"}],"author":[{"embeddable":true,"href":"https:\/\/iwell-guard.com\/da\/wp-json\/wp\/v2\/users\/3"}],"replies":[{"embeddable":true,"href":"https:\/\/iwell-guard.com\/da\/wp-json\/wp\/v2\/comments?post=138297"}],"version-history":[{"count":0,"href":"https:\/\/iwell-guard.com\/da\/wp-json\/wp\/v2\/pages\/138297\/revisions"}],"wp:featuredmedia":[{"embeddable":true,"href":"https:\/\/iwell-guard.com\/da\/wp-json\/wp\/v2\/media\/2845"}],"wp:attachment":[{"href":"https:\/\/iwell-guard.com\/da\/wp-json\/wp\/v2\/media?parent=138297"}],"wp:term":[{"taxonomy":"category","embeddable":true,"href":"https:\/\/iwell-guard.com\/da\/wp-json\/wp\/v2\/categories?post=138297"}],"curies":[{"name":"wp","href":"https:\/\/api.w.org\/{rel}","templated":true}]}}