{"id":138251,"date":"2026-09-03T07:07:39","date_gmt":"2026-09-03T07:07:39","guid":{"rendered":"https:\/\/iwell-guard.com\/?page_id=138251"},"modified":"2026-09-03T07:55:11","modified_gmt":"2026-09-03T07:55:11","slug":"mama-killa-inkaernes-manegudinde","status":"publish","type":"page","link":"https:\/\/iwell-guard.com\/da\/mama-killa-inkaernes-manegudinde\/","title":{"rendered":"Mama Killa \u2013 inkaernes m\u00e5negudinde"},"content":{"rendered":"\t\t<div data-elementor-type=\"wp-page\" data-elementor-id=\"138251\" class=\"elementor elementor-138251 elementor-2577 elementor-bc-flex-widget\" data-elementor-post-type=\"page\">\n\t\t\t\t<div class=\"elementor-element elementor-element-iwgw-mamakilla-hero e-flex e-con-boxed e-con e-parent\" data-id=\"iwgw-mamakilla-hero\" data-element_type=\"container\" data-e-type=\"container\" data-settings=\"{&quot;background_background&quot;:&quot;classic&quot;}\">\n\t\t\t\t\t<div class=\"e-con-inner\">\n\t\t<div class=\"elementor-element elementor-element-iwgw-mamakilla-hl e-flex e-con-boxed e-con e-child\" data-id=\"iwgw-mamakilla-hl\" data-element_type=\"container\" data-e-type=\"container\">\n\t\t\t\t\t<div class=\"e-con-inner\">\n\t\t<div class=\"elementor-element elementor-element-iwgw-mamakilla-htxt e-con-full e-flex e-con e-child\" data-id=\"iwgw-mamakilla-htxt\" data-element_type=\"container\" data-e-type=\"container\">\n\t\t\t\t<div class=\"elementor-element elementor-element-iwgw-mamakilla-h1 elementor-widget elementor-widget-heading\" data-id=\"iwgw-mamakilla-h1\" data-element_type=\"widget\" data-e-type=\"widget\" data-widget_type=\"heading.default\">\n\t\t\t\t\t<h1 class=\"elementor-heading-title elementor-size-default\">Mama Killa, m\u00e5negudinde og s\u00f8ster-hustru til solguden<\/h1>\t\t\t\t<\/div>\n\t\t\t\t<div class=\"elementor-element elementor-element-iwgw-mamakilla-lead elementor-widget elementor-widget-text-editor\" data-id=\"iwgw-mamakilla-lead\" data-element_type=\"widget\" data-e-type=\"widget\" data-widget_type=\"text-editor.default\">\n\t\t\t\t\t\t\t\t\t<p>Mama Killa (quechua <em>Mama Killa<\/em>) er inkaernes m\u00e5negudinde, s\u00f8ster og hustru til solguden <a href=\"https:\/\/iwell-guard.com\/da\/?page_id=138247\">Inti<\/a>, og protektor for kvinder, kalendarisk tidsorden og rituel renhed. Hendes tempelomr\u00e5de i Coricancha i Cusco var bekl\u00e6dt med s\u00f8lvplader.<\/p>\t\t\t\t\t\t\t\t<\/div>\n\t\t\t\t<\/div>\n\t\t<div class=\"elementor-element elementor-element-iwgw-mamakilla-pillc e-con-full e-flex e-con e-child\" data-id=\"iwgw-mamakilla-pillc\" data-element_type=\"container\" data-e-type=\"container\">\n\t\t\t\t<div class=\"elementor-element elementor-element-iwgw-mamakilla-pills elementor-widget elementor-widget-html\" data-id=\"iwgw-mamakilla-pills\" data-element_type=\"widget\" data-e-type=\"widget\" data-widget_type=\"html.default\">\n\t\t\t\t\t<div class=\"iwg-pill-row\"><span class=\"iwg-klasse-badge\" tabindex=\"0\" data-tooltip=\"Gudinde i traditionen Andesregionen \/ Inka.\">Gudinde<\/span><a href=\"https:\/\/iwell-guard.com\/da\/?page_id=138237\" class=\"iwg-kultur-badge\" tabindex=\"0\" data-tooltip=\"Mytologi i traditionen Andesregionen \/ Inka.\">Andesregionen \/ Inka<\/a><span class=\"iwg-tradition-badge\" tabindex=\"0\" data-tooltip=\"M\u00e5negudinde.\">M\u00e5negudinde<\/span><\/div>\t\t\t\t<\/div>\n\t\t\t\t<\/div>\n\t\t<div class=\"elementor-element elementor-element-iwgw-mamakilla-tocc e-con-full e-flex e-con e-child\" data-id=\"iwgw-mamakilla-tocc\" data-element_type=\"container\" data-e-type=\"container\">\n\t\t\t\t<div class=\"elementor-element elementor-element-iwgw-mamakilla-toc elementor-toc--minimized-on-tablet elementor-widget elementor-widget-table-of-contents\" data-id=\"iwgw-mamakilla-toc\" data-element_type=\"widget\" data-e-type=\"widget\" data-settings=\"{&quot;headings_by_tags&quot;:[&quot;h2&quot;,&quot;h3&quot;],&quot;minimize_box&quot;:&quot;yes&quot;,&quot;marker_view&quot;:&quot;bullets&quot;,&quot;no_headings_message&quot;:&quot;Der blev ikke fundet nogen overskrifter p\\u00e5 denne side.&quot;,&quot;exclude_headings_by_selector&quot;:[],&quot;icon&quot;:{&quot;value&quot;:&quot;fas fa-circle&quot;,&quot;library&quot;:&quot;fa-solid&quot;,&quot;rendered_tag&quot;:&quot;&lt;svg class=\\&quot;e-font-icon-svg e-fas-circle\\&quot; viewBox=\\&quot;0 0 512 512\\&quot; xmlns=\\&quot;http:\\\/\\\/www.w3.org\\\/2000\\\/svg\\&quot;&gt;&lt;path d=\\&quot;M256 8C119 8 8 119 8 256s111 248 248 248 248-111 248-248S393 8 256 8z\\&quot;&gt;&lt;\\\/path&gt;&lt;\\\/svg&gt;&quot;},&quot;minimized_on&quot;:&quot;tablet&quot;,&quot;hierarchical_view&quot;:&quot;yes&quot;,&quot;min_height&quot;:{&quot;unit&quot;:&quot;px&quot;,&quot;size&quot;:&quot;&quot;,&quot;sizes&quot;:[]},&quot;min_height_tablet&quot;:{&quot;unit&quot;:&quot;px&quot;,&quot;size&quot;:&quot;&quot;,&quot;sizes&quot;:[]},&quot;min_height_mobile&quot;:{&quot;unit&quot;:&quot;px&quot;,&quot;size&quot;:&quot;&quot;,&quot;sizes&quot;:[]}}\" data-widget_type=\"table-of-contents.default\">\n\t\t\t\t\t\t\t\t\t<div class=\"elementor-toc__header\">\n\t\t\t\t\t\t<h2 class=\"elementor-toc__header-title\">\n\t\t\t\tIndholdsfortegnelse\t\t\t<\/h2>\n\t\t\t\t\t\t\t\t\t\t<div class=\"elementor-toc__toggle-button elementor-toc__toggle-button--expand\" role=\"button\" tabindex=\"0\" aria-controls=\"elementor-toc__iwgw-mamakilla-toc\" aria-expanded=\"true\" aria-label=\"Open table of contents\"><svg aria-hidden=\"true\" class=\"e-font-icon-svg e-fas-chevron-down\" viewBox=\"0 0 448 512\" xmlns=\"http:\/\/www.w3.org\/2000\/svg\"><path d=\"M207.029 381.476L12.686 187.132c-9.373-9.373-9.373-24.569 0-33.941l22.667-22.667c9.357-9.357 24.522-9.375 33.901-.04L224 284.505l154.745-154.021c9.379-9.335 24.544-9.317 33.901.04l22.667 22.667c9.373 9.373 9.373 24.569 0 33.941L240.971 381.476c-9.373 9.372-24.569 9.372-33.942 0z\"><\/path><\/svg><\/div>\n\t\t\t\t<div class=\"elementor-toc__toggle-button elementor-toc__toggle-button--collapse\" role=\"button\" tabindex=\"0\" aria-controls=\"elementor-toc__iwgw-mamakilla-toc\" aria-expanded=\"true\" aria-label=\"Close table of contents\"><svg aria-hidden=\"true\" class=\"e-font-icon-svg e-fas-chevron-up\" viewBox=\"0 0 448 512\" xmlns=\"http:\/\/www.w3.org\/2000\/svg\"><path d=\"M240.971 130.524l194.343 194.343c9.373 9.373 9.373 24.569 0 33.941l-22.667 22.667c-9.357 9.357-24.522 9.375-33.901.04L224 227.495 69.255 381.516c-9.379 9.335-24.544 9.317-33.901-.04l-22.667-22.667c-9.373-9.373-9.373-24.569 0-33.941L207.03 130.525c9.372-9.373 24.568-9.373 33.941-.001z\"><\/path><\/svg><\/div>\n\t\t\t\t\t<\/div>\n\t\t\t\t<div id=\"elementor-toc__iwgw-mamakilla-toc\" class=\"elementor-toc__body\">\n\t\t\t<div class=\"elementor-toc__spinner-container\">\n\t\t\t\t<svg class=\"elementor-toc__spinner eicon-animation-spin e-font-icon-svg e-eicon-loading\" aria-hidden=\"true\" viewBox=\"0 0 1000 1000\" xmlns=\"http:\/\/www.w3.org\/2000\/svg\"><path d=\"M500 975V858C696 858 858 696 858 500S696 142 500 142 142 304 142 500H25C25 237 238 25 500 25S975 237 975 500 763 975 500 975Z\"><\/path><\/svg>\t\t\t<\/div>\n\t\t<\/div>\n\t\t\t\t\t\t<\/div>\n\t\t\t\t<\/div>\n\t\t\t\t\t<\/div>\n\t\t\t\t<\/div>\n\t\t<div class=\"elementor-element elementor-element-iwgw-mamakilla-hr e-con-full e-flex e-con e-child\" data-id=\"iwgw-mamakilla-hr\" data-element_type=\"container\" data-e-type=\"container\">\n\t\t\t\t<div class=\"elementor-element elementor-element-iwgw-mamakilla-heroimg iwg-hero-image elementor-widget elementor-widget-image\" data-id=\"iwgw-mamakilla-heroimg\" data-element_type=\"widget\" data-e-type=\"widget\" data-widget_type=\"image.default\">\n\t\t\t\t\t\t\t\t\t\t\t\t\t\t\t<img fetchpriority=\"high\" decoding=\"async\" width=\"683\" height=\"1024\" src=\"https:\/\/iwell-guard.com\/wp-content\/uploads\/2026\/05\/goetter_anden-inka_mama-killa-683x1024.webp\" class=\"attachment-large size-large wp-image-140189\" alt=\"Mama Killa - guder fra den andinske inka-tradition, historisk-illustrativ\" srcset=\"https:\/\/iwell-guard.com\/wp-content\/uploads\/2026\/05\/goetter_anden-inka_mama-killa-683x1024.webp 683w, https:\/\/iwell-guard.com\/wp-content\/uploads\/2026\/05\/goetter_anden-inka_mama-killa-200x300.webp 200w, https:\/\/iwell-guard.com\/wp-content\/uploads\/2026\/05\/goetter_anden-inka_mama-killa-768x1152.webp 768w, https:\/\/iwell-guard.com\/wp-content\/uploads\/2026\/05\/goetter_anden-inka_mama-killa.webp 1024w\" sizes=\"(max-width: 683px) 100vw, 683px\" \/>\t\t\t\t\t\t\t\t\t\t\t\t\t\t\t<\/div>\n\t\t\t\t<\/div>\n\t\t\t\t\t<\/div>\n\t\t\t\t<\/div>\n\t\t\t\t<section class=\"elementor-section elementor-top-section elementor-element elementor-element-sec-iwgcomp-mama-killa elementor-section-boxed elementor-section-height-default elementor-section-height-default\" data-id=\"sec-iwgcomp-mama-killa\" data-element_type=\"section\" data-e-type=\"section\">\n\t\t\t\t\t\t<div class=\"elementor-container elementor-column-gap-default\">\n\t\t\t\t\t<div class=\"elementor-column elementor-col-100 elementor-top-column elementor-element elementor-element-col-iwgcomp-mama-killa\" data-id=\"col-iwgcomp-mama-killa\" data-element_type=\"column\" data-e-type=\"column\">\n\t\t\t<div class=\"elementor-widget-wrap elementor-element-populated\">\n\t\t\t\t\t\t<div class=\"elementor-element elementor-element-iwgcomp-mama-killa elementor-widget elementor-widget-text-editor\" data-id=\"iwgcomp-mama-killa\" data-element_type=\"widget\" data-e-type=\"widget\" data-widget_type=\"text-editor.default\">\n\t\t\t\t\t\t\t\t\t<p>Mama Killa, <strong>inkaernes m\u00e5negudinde<\/strong>, betragtes som s\u00f8ster og hustru til Inti og hersker over den natlige sf\u00e6re.<\/p>\t\t\t\t\t\t\t\t<\/div>\n\t\t\t\t\t<\/div>\n\t\t<\/div>\n\t\t\t\t\t<\/div>\n\t\t<\/section>\n\t\t<div class=\"elementor-element elementor-element-iwgw-mamakilla-s0 e-flex e-con-boxed e-con e-parent\" data-id=\"iwgw-mamakilla-s0\" data-element_type=\"container\" data-e-type=\"container\">\n\t\t\t\t\t<div class=\"e-con-inner\">\n\t\t\t\t<div class=\"elementor-element elementor-element-iwgw-mamakilla-s0h elementor-widget elementor-widget-heading\" data-id=\"iwgw-mamakilla-s0h\" data-element_type=\"widget\" data-e-type=\"widget\" data-widget_type=\"heading.default\">\n\t\t\t\t\t<h2 class=\"elementor-heading-title elementor-size-default\">Placering i det andiske pantheon<\/h2>\t\t\t\t<\/div>\n\t\t<div class=\"elementor-element elementor-element-iwgw-mamakilla-s0c e-con-full e-flex e-con e-child\" data-id=\"iwgw-mamakilla-s0c\" data-element_type=\"container\" data-e-type=\"container\">\n\t\t\t\t<div class=\"elementor-element elementor-element-iwgw-mamakilla-s0t elementor-widget elementor-widget-text-editor\" data-id=\"iwgw-mamakilla-s0t\" data-element_type=\"widget\" data-e-type=\"widget\" data-widget_type=\"text-editor.default\">\n\t\t\t\t\t\t\t\t\t<p>Mama Killa var en af de h\u00f8jeste kvindelige guddomme i inkaernes statskult.<\/p><p>Garcilaso de la Vega beskriver hende i sine <em>Comentarios Reales<\/em> (1609) som s\u00f8ster og hustru til <a href=\"https:\/\/iwell-guard.com\/da\/?page_id=138247\">Inti<\/a>; hendes eget tempelomr\u00e5de i Coricancha i Cusco l\u00e5 lige ved siden af soltemplet, men var bekl\u00e6dt med s\u00f8lvplader i stedet for guld, et konsekvent ikonografisk udtryk for m\u00e5negudindens underordnede, men dog selvst\u00e6ndige position.<\/p><p>Religionsvidenskabeligt indg\u00e5r hun i det udbredte m\u00f8nster af lunar-solare s\u00f8skendepar, der sp\u00e6nder fra den gammelegyptiske Hathor\/Ra-konstellation over det japanske Tsukiyomi\/Amaterasu-par til det mesopotamiske Ishtar\/Shamash-forhold. I Andesregionen udg\u00f8r hun det kvindelige komplement til det mandlige solteologiske kompleks og definerer samtidig den kultiske status for den h\u00f8jtst\u00e5ende <em>Coya<\/em>, inkaens hovedhustru.<\/p><p>Catherine Allen p\u00e5peger, at Mama Killa i de moderne quechuatalende landsbyer er langt mindre fremtr\u00e6dende end <a href=\"https:\/\/iwell-guard.com\/da\/?page_id=138248\">Pachamama<\/a>; hun fungerer snarere som et tidsligt-kalendarisk ordensprincip, der fastl\u00e6gger s\u00e6de- og h\u00f8sttider, end som en personligt tilkaldt beskyttelsesguddom.<\/p><p>Denne distance forklares af den statslig-imperiale karakter af hendes dyrkelse i inkatiden, som mistede sit institutionelle fundament med sammenbruddet af den politiske inkastruktur.<\/p><p>Inkaernes hovedstad Cusco var kosmologisk delt i et <em>hanan<\/em> (\u00f8vre) og <em>hurin<\/em> (nedre) Cusco, som if\u00f8lge Tom Zuidema var komplement\u00e6rt mandligt\/kvindeligt, solart\/lunart konnoteret.<\/p><p>Mama Killa blev is\u00e6r tilbedt i kvartererne i hurin-Cusco, som udgjorde byens nedre, fugtigere og mere kvindeligt konnoterede halvdel. Denne struktur var ikke blot et formelt skema, men bestemte \u00e6gteskabsregler, forpligtelser mellem kvartererne og kalendariske ritualfunktioner.<\/p>\t\t\t\t\t\t\t\t<\/div>\n\t\t\t\t<\/div>\n\t\t\t\t\t<\/div>\n\t\t\t\t<\/div>\n\t\t<div class=\"elementor-element elementor-element-iwgw-mamakilla-s1 e-flex e-con-boxed e-con e-parent\" data-id=\"iwgw-mamakilla-s1\" data-element_type=\"container\" data-e-type=\"container\">\n\t\t\t\t\t<div class=\"e-con-inner\">\n\t\t\t\t<div class=\"elementor-element elementor-element-iwgw-mamakilla-s1h elementor-widget elementor-widget-heading\" data-id=\"iwgw-mamakilla-s1h\" data-element_type=\"widget\" data-e-type=\"widget\" data-widget_type=\"heading.default\">\n\t\t\t\t\t<h2 class=\"elementor-heading-title elementor-size-default\">Navn og etymologi<\/h2>\t\t\t\t<\/div>\n\t\t<div class=\"elementor-element elementor-element-iwgw-mamakilla-s1c e-con-full e-flex e-con e-child\" data-id=\"iwgw-mamakilla-s1c\" data-element_type=\"container\" data-e-type=\"container\">\n\t\t\t\t<div class=\"elementor-element elementor-element-iwgw-mamakilla-s1t elementor-widget elementor-widget-text-editor\" data-id=\"iwgw-mamakilla-s1t\" data-element_type=\"widget\" data-e-type=\"widget\" data-widget_type=\"text-editor.default\">\n\t\t\t\t\t\t\t\t\t<p>Navnet <em>Mama Killa<\/em> er en simpel quechua-sammens\u00e6tning af <em>mama<\/em> (mor, kvinde, h\u00f8jtst\u00e5ende kvindelig person) og <em>killa<\/em> (m\u00e5ne, m\u00e5ned). Ligesom ved <em>inti<\/em> betegner ordet b\u00e5de det fysiske himmellegeme og den personificerede <span class=\"iwg-fachbegriff\" data-tooltip=\"Et v\u00e6sen, der tilbedes som gudommeligt inden for en religion.\" tabindex=\"0\">guddom<\/span>, den for andinsk t\u00e6nkning typiske sammensmeltning af natur- og numinosumniveau.<\/p><p>Diego Gonzalez Holguin angiver i sin <em>Vocabulario<\/em> (1608) betydningen af <em>killa<\/em> som <em>luna o mes<\/em>. Denne dobbeltbetydning m\u00e5ne\/m\u00e5ned er betegnende: Mama Killa er ikke blot m\u00e5neskikkelsen p\u00e5 himlen, men ogs\u00e5 personificeringen af den kalendariske m\u00e5nedstid, som kvindebiologi, s\u00e6d og h\u00f8st retter sig efter.<\/p><p>I Aymara-omr\u00e5det findes \u00e6kvivalenten <em>Phaxsi Mama<\/em>, ligeledes m\u00e5nemor. Den regionale variant <em>Quilla<\/em> med dobbelt <em>l<\/em> findes i nogle \u00e6ldre spanske kr\u00f8niker (Sarmiento, Cobo) og afspejler den tidlige ortografi hos de spanske mission\u00e6rer.<\/p><p>Sproghistorisk interessant er det n\u00e6re forhold mellem <em>killa<\/em> og <em>killay<\/em>, quechua-verbet for <em>at vente<\/em> eller <em>at vente p\u00e5<\/em>. Cesar Itier har i sine sprogvidenskabelige arbejder om inka-<span class=\"iwg-fachbegriff\" data-tooltip=\"Den videnskabelige l\u00e6re om Gud og troen i en religion.\" tabindex=\"0\">teologi<\/span> fremsat hypotesen om, at <em>killa<\/em> oprindeligt kan have betegnet ventefasen mellem s\u00e6dtiderne, hvor m\u00e5necyklerne strukturerede b\u00f8ndernes t\u00e5lmodighed mellem s\u00e5ning og h\u00f8st.<\/p><p>Denne hypotese forklarer m\u00e5negudindens us\u00e6dvanlige dobbeltfunktion som personifikation af ventetid og kalendarisk ordensprincip p\u00e5 en m\u00e5de, der er overlegen en rent astronomisk tolkning.<\/p>\t\t\t\t\t\t\t\t<\/div>\n\t\t\t\t<\/div>\n\t\t\t\t\t<\/div>\n\t\t\t\t<\/div>\n\t\t<div class=\"elementor-element elementor-element-iwgw-mamakilla-s2 e-flex e-con-boxed e-con e-parent\" data-id=\"iwgw-mamakilla-s2\" data-element_type=\"container\" data-e-type=\"container\">\n\t\t\t\t\t<div class=\"e-con-inner\">\n\t\t\t\t<div class=\"elementor-element elementor-element-iwgw-mamakilla-s2h elementor-widget elementor-widget-heading\" data-id=\"iwgw-mamakilla-s2h\" data-element_type=\"widget\" data-e-type=\"widget\" data-widget_type=\"heading.default\">\n\t\t\t\t\t<h2 class=\"elementor-heading-title elementor-size-default\">Beskrivelse og ikonografi<\/h2>\t\t\t\t<\/div>\n\t\t<div class=\"elementor-element elementor-element-iwgw-mamakilla-s2c e-con-full e-flex e-con e-child\" data-id=\"iwgw-mamakilla-s2c\" data-element_type=\"container\" data-e-type=\"container\">\n\t\t\t\t<div class=\"elementor-element elementor-element-iwgw-mamakilla-s2t elementor-widget elementor-widget-text-editor\" data-id=\"iwgw-mamakilla-s2t\" data-element_type=\"widget\" data-e-type=\"widget\" data-widget_type=\"text-editor.default\">\n\t\t\t\t\t\t\t\t\t<p>Mama Killa beskrives i kilderne som en s\u00f8lverglinsende skive med et antropomorft ansigt, den kvindelige modpart til den gyldne Punchao-skikkelse af Inti. Denne s\u00f8lverskive stod i det s\u00e5kaldte <em>Killakancha<\/em>, m\u00e5nekammeromr\u00e5det i Coricancha. Polo de Ondegardo og Bernab\u00e9 Cobo beretter, at m\u00e5neskiven blev smeltet om efter den spanske erobring og derfor ikke er bevaret.<\/p><p>I den koloniale Cusque\u00f1a-maleri optr\u00e6der Mama Killa ofte som en kvindefigur med et s\u00f8lvfarvet m\u00e5dskiven-diadem, ofte ledsaget af en stiliseret stjernehimmel. I nogle billedv\u00e6rker fra Cusco-skolen fremstilles hun som en <em>Virgen Mar\u00eda-Pachamama-Mama Killa-synkresis<\/em>, for eksempel i englebillederne i kirken San Pedro i Andahuaylillas.<\/p><p>Bem\u00e6rkelsesv\u00e6rdig er den astronomiske iagttagelse af m\u00e5neflekkerne i inka-<span class=\"iwg-fachbegriff\" data-tooltip=\"Den videnskabelige l\u00e6re om Gud og om troen i en religion.\" tabindex=\"0\">teologien<\/span>: De m\u00f8rke pletter p\u00e5 m\u00e5nen blev tolket som en r\u00e6v, der af k\u00e6rlighed n\u00e6rmede sig Mama Killa og for evigt blev br\u00e6ndt ind i hendes ansigt. Denne fort\u00e6lling om m\u00e5neflekkerne er overleveret af Crist\u00f3bal de Molina og h\u00f8rer til de sj\u00e6ldne bevarede inka-myter med astronomisk-\u00e6tiologisk karakter.<\/p><p>S\u00f8lverskiven af Mama Killa i Killakancha var efter Garcilaso af omtrent samme st\u00f8rrelse som Intis gyldne Punchao-billede.<\/p><p>I mods\u00e6tning til Punchao, som kun blev b\u00e5ret ud af det inderste helligrum p\u00e5 festdage, var m\u00e5neskiven konstant synlig, fordi m\u00e5ne-<span class=\"iwg-fachbegriff\" data-tooltip=\"Den videnskabelige l\u00e6re om Gud og om troen i en religion.\" tabindex=\"0\">teologien<\/span> ikke udgjorde tyngdepunktet i inkaens politiske selviscenes\u00e6ttelse og derfor ikke skulle iscenes\u00e6ttes s\u00e5 restriktivt.<\/p><p>Ved inderv\u00e6ggene i Killakancha stod desuden de mumificerede kroppe af de afd\u00f8de hovedhustruer (<em>Mallqui Coya<\/em>), det kvindelige modstykke til Mallqui-forf\u00e6dregalleriet i Inti-templet.<\/p>\t\t\t\t\t\t\t\t<\/div>\n\t\t\t\t<\/div>\n\t\t\t\t\t<\/div>\n\t\t\t\t<\/div>\n\t\t<div class=\"elementor-element elementor-element-iwgw-mamakilla-s3 e-flex e-con-boxed e-con e-parent\" data-id=\"iwgw-mamakilla-s3\" data-element_type=\"container\" data-e-type=\"container\">\n\t\t\t\t\t<div class=\"e-con-inner\">\n\t\t\t\t<div class=\"elementor-element elementor-element-iwgw-mamakilla-s3h elementor-widget elementor-widget-heading\" data-id=\"iwgw-mamakilla-s3h\" data-element_type=\"widget\" data-e-type=\"widget\" data-widget_type=\"heading.default\">\n\t\t\t\t\t<h2 class=\"elementor-heading-title elementor-size-default\">Mytologiske fort\u00e6llinger<\/h2>\t\t\t\t<\/div>\n\t\t<div class=\"elementor-element elementor-element-iwgw-mamakilla-s3c e-con-full e-flex e-con e-child\" data-id=\"iwgw-mamakilla-s3c\" data-element_type=\"container\" data-e-type=\"container\">\n\t\t\t\t<div class=\"elementor-element elementor-element-iwgw-mamakilla-s3t elementor-widget elementor-widget-text-editor\" data-id=\"iwgw-mamakilla-s3t\" data-element_type=\"widget\" data-e-type=\"widget\" data-widget_type=\"text-editor.default\">\n\t\t\t\t\t\t\t\t\t<p>Den vigtigste <span class=\"iwg-fachbegriff\" data-tooltip=\"En overleveret fort\u00e6lling om guder, oprindelser og verdens orden.\" tabindex=\"0\">myte<\/span> om Mama Killa forklarer m\u00e5neform\u00f8rkelserne. If\u00f8lge Garcilaso de la Vega troede inkaerne, at en kosmisk <em>puma<\/em> eller en <em>slange<\/em> under en m\u00e5neform\u00f8rkelse angreb m\u00e5negudinden og truede med at opsluge hende.<\/p><p>For at afv\u00e6rge dette angreb lavede folk stor larm i Cusco under m\u00e5neform\u00f8rkelsesn\u00e6tter: De trommede p\u00e5 pander, fik hundene til at g\u00f8, sk\u00f8d med pile mod m\u00e5nen og fors\u00f8gte p\u00e5 den m\u00e5de at jage det angribende dyr v\u00e6k. Denne praksis er ogs\u00e5 afbildet i kr\u00f8niken af Felipe Guaman Poma de Ayala (1615).<\/p><p>En anden fort\u00e6lling forbinder Mama Killa med \u00e6tiologien om s\u00f8lveaflejringerne i Andesbjergene. If\u00f8lge en <span class=\"iwg-fachbegriff\" data-tooltip=\"Overdragelsen af viden og fort\u00e6llinger gennem generationer.\" tabindex=\"0\">overlevering<\/span> hos kronik\u00f8ren Antonio V\u00e1squez de Espinosa gr\u00e6d Mama Killa s\u00f8lvt\u00e5rer, som st\u00f8rknede til s\u00f8lverne i bjergspr\u00e6kkerne, en mytisk begrundelse for den andinske s\u00f8lverrigdom, som f\u00f8rst gjorde den spanske kolonisering \u00f8konomisk attraktiv.<\/p><p>I inkaernes livscyklusmyter er Mama Killa v\u00e6rnegudinde for kvindelig modenhed. Ved en unge piges f\u00f8rste menstruationsritual (<em>quikuchikuy<\/em>) blev Mama Killa tilkaldt, ligeledes ved bryllupper og i barselstiden. Cobo beretter om en fast ritualtekst, hvori m\u00e5negudinden blev bedt om beskyttelse for mor og barn.<\/p><p>En tredje mytologisk fort\u00e6lling forbinder Mama Killa med grundl\u00e6ggelsen af inkariget. If\u00f8lge en beretning fra Sarmiento de Gamboa havde Mama Ocllo, en af de mytiske s\u00f8skende til Manco C\u00e1pac, sit navn fra selve <em>Ocllo<\/em>-aspektet af m\u00e5negudinden.<\/p><p>Dermed er rigets grundl\u00e6ggerinde ikke blot Intis datter, men samtidig en manifestation af Mama Killa, en teologisk konstruktion, der dobbelt sikrede inkadynastiets legitimitet og legitimerede Coya-positionen ikke blot gennem solens blod, men ogs\u00e5 gennem m\u00e5nens.<\/p>\t\t\t\t\t\t\t\t<\/div>\n\t\t\t\t<\/div>\n\t\t\t\t\t<\/div>\n\t\t\t\t<\/div>\n\t\t<div class=\"elementor-element elementor-element-iwgw-mamakilla-s4 e-flex e-con-boxed e-con e-parent\" data-id=\"iwgw-mamakilla-s4\" data-element_type=\"container\" data-e-type=\"container\">\n\t\t\t\t\t<div class=\"e-con-inner\">\n\t\t\t\t<div class=\"elementor-element elementor-element-iwgw-mamakilla-s4h elementor-widget elementor-widget-heading\" data-id=\"iwgw-mamakilla-s4h\" data-element_type=\"widget\" data-e-type=\"widget\" data-widget_type=\"heading.default\">\n\t\t\t\t\t<h2 class=\"elementor-heading-title elementor-size-default\">Kult og tilbedelse<\/h2>\t\t\t\t<\/div>\n\t\t<div class=\"elementor-element elementor-element-iwgw-mamakilla-s4c e-con-full e-flex e-con e-child\" data-id=\"iwgw-mamakilla-s4c\" data-element_type=\"container\" data-e-type=\"container\">\n\t\t\t\t<div class=\"elementor-element elementor-element-iwgw-mamakilla-s4t elementor-widget elementor-widget-text-editor\" data-id=\"iwgw-mamakilla-s4t\" data-element_type=\"widget\" data-e-type=\"widget\" data-widget_type=\"text-editor.default\">\n\t\t\t\t\t\t\t\t\t<p>Mama Killa-<span class=\"iwg-fachbegriff\" data-tooltip=\"Den samlede m\u00e6ngde af religi\u00f8se \u00e6resbevisninger for en gudeskikkelse eller en hellig figur.\" tabindex=\"0\">kulten<\/span> var institutionaliseret i Coricancha-<span class=\"iwg-fachbegriff\" data-tooltip=\"En bygning, der tjener til tilbedelse af en eller flere gudeskikkelser.\" tabindex=\"0\">templet<\/span> i Cusco. Dens personale bestod udelukkende af kvinder, i f\u00f8rste r\u00e6kke hovedpr\u00e6stinden, som regelm\u00e6ssigt var s\u00f8ster til den regerende <em>Coya<\/em> (inkaens hovedhustru). Disse kvinder, <em>Acllacuna<\/em> (se ogs\u00e5 <a href=\"https:\/\/iwell-guard.com\/da\/?page_id=138247\">Inti<\/a>), v\u00e6vede s\u00f8lvbroderede m\u00e5nekl\u00e6der, brygede chicha af hvid majs og udf\u00f8rte de m\u00e5nedlige m\u00e5neriter.<\/p><p>H\u00f8jdepunktet i kult\u00e5ret var septemberfesten <em>Coya Raymi<\/em> (Coyaens\/m\u00e5negudindens fest), som markerede begyndelsen p\u00e5 s\u00e5ningscyklussen.<\/p><p>Under denne fest fandt ogs\u00e5 renselsesritualet <em>citua<\/em> sted, hvor inka-hovedstadens mandlige krigere l\u00f8b gennem gaderne med fakler, jog alle kendte sygdomme og onde \u00e5nder, herunder de skadelige <a href=\"https:\/\/iwell-guard.com\/da\/?page_id=138253\">Supay<\/a>, ud af byen og til sidst symbolsk skyllede dem ud i de fire verdenshj\u00f8rner.<\/p><p>Den astronomiske observation af m\u00e5nefaserne var opgaven for specialiserede pr\u00e6ster (<em>kallpa-rikoq<\/em>), som p\u00e5 Cuscos stenobservatorier (f.eks. <em>Saqsaywaman<\/em>) fastlagde m\u00e5nekalenderen. Brian Bauer har i <em>The Sacred Landscape of the Inca<\/em> (1998) rekonstrueret topografien af disse m\u00e5neobservatorier.<\/p><p>Inkarigets m\u00e5nedlige festf\u00f8lge havde regelm\u00e6ssig relation til Mama Killa: M\u00e5nekalenderen bestemte b\u00e5de s\u00e5ningstiderne og de interne forvaltningsperioder. Cieza de Le\u00f3n og Polo de Ondegardo beskriver, at hver m\u00e5nefase havde en bestemt funktion i rigets dagligdag: fuldm\u00e5ne til fester og s\u00e5ning, nym\u00e5ne til renselsesriter og sorg.<\/p><p>Denne m\u00e5nebaserede tidsstruktur stod i et komplekst samspil med den solare tidsstruktur i de store solfester og frembragte et dobbeltlaget kalendersystem, hvis fuldst\u00e6ndige rekonstruktion stadig i dag besk\u00e6ftiger andesforskningen.<\/p>\t\t\t\t\t\t\t\t<\/div>\n\t\t\t\t<\/div>\n\t\t\t\t\t<\/div>\n\t\t\t\t<\/div>\n\t\t<div class=\"elementor-element elementor-element-iwgw-mamakilla-s5 e-flex e-con-boxed e-con e-parent\" data-id=\"iwgw-mamakilla-s5\" data-element_type=\"container\" data-e-type=\"container\">\n\t\t\t\t\t<div class=\"e-con-inner\">\n\t\t\t\t<div class=\"elementor-element elementor-element-iwgw-mamakilla-s5h elementor-widget elementor-widget-heading\" data-id=\"iwgw-mamakilla-s5h\" data-element_type=\"widget\" data-e-type=\"widget\" data-widget_type=\"heading.default\">\n\t\t\t\t\t<h2 class=\"elementor-heading-title elementor-size-default\">Beskyttelsespraksis og apotrop\u00e6iske elementer<\/h2>\t\t\t\t<\/div>\n\t\t<div class=\"elementor-element elementor-element-iwgw-mamakilla-s5c e-con-full e-flex e-con e-child\" data-id=\"iwgw-mamakilla-s5c\" data-element_type=\"container\" data-e-type=\"container\">\n\t\t\t\t<div class=\"elementor-element elementor-element-iwgw-mamakilla-s5t elementor-widget elementor-widget-text-editor\" data-id=\"iwgw-mamakilla-s5t\" data-element_type=\"widget\" data-e-type=\"widget\" data-widget_type=\"text-editor.default\">\n\t\t\t\t\t\t\t\t\t<p>Mama Killa blev i inkatidens praksis is\u00e6r tilkaldt ved f\u00f8dsler, kvindesygdomme og natlige rejser. Cobo beretter om en <span class=\"iwg-fachbegriff\" data-tooltip=\"En overleveret handling, der regelm\u00e6ssigt gentages i et samfund.\" tabindex=\"0\">skik<\/span>, hvor man natten f\u00f8r en lang rejse lagde en s\u00f8lvm\u00f8nt (i inkatiden et s\u00f8lvblad) under hovedpuden for at bede om m\u00e5negudindens beskyttelse.<\/p><p><span class=\"iwg-fachbegriff\" data-tooltip=\"Ondt afv\u00e6rgende: om tegn og genstande, der skal holde skadelige indflydelser v\u00e6k.\" tabindex=\"0\">Apotrop\u00e6isk<\/span> mod mareridt og natlige onde \u00e5nder, is\u00e6r mod de som natteaktive opfattede <a href=\"https:\/\/iwell-guard.com\/da\/?page_id=138253\">Supay<\/a>, ans\u00e5s sm\u00e5 s\u00f8lvamuletter i form af en halvm\u00e5neskive (<em>tumi<\/em>) eller en stiliseret kvindefigur for beskyttende. Disse blev lagt p\u00e5 b\u00f8rnenes pande ved sengetid eller fastgjort til sengerammen.<\/p><p>I de nutidige quechua-talende landsbyer er denne praksis i vid udstr\u00e6kning g\u00e5et over i den katolske Maria-dyrkelse. De Maria-medaljoner, som mange andinske mestizer b\u00e6rer, har funktionelt afl\u00f8st Mama Killas s\u00f8lvamuletter. Den religionsetnologiske forskning, is\u00e6r arbejderne af Olivia Harris og Marisol de la Cadena, har grundigt beskrevet denne funktionelle kontinuitet ved samtidig teologisk omv\u00e6ltning.<\/p><p>En meget speciel beskyttelsespraksis er brugen af m\u00e5nes\u00f8lv mod m\u00e5neform\u00f8rkelser: P\u00e5 dage med en forudsagt m\u00e5neform\u00f8rkelse bar m\u00f8dre med sm\u00e5b\u00f8rn s\u00f8lvpandeb\u00e5nd for at forhindre, at det angribende dyr gennem den sv\u00e6kkede Mama Killa fik adgang til de levendes verden.<\/p><p>Denne praksis beskrives overensstemmende af Cobo og Albornoz og viser, hvordan den astronomiske begivenhed blev tolket kosmologisk og forbundet med konkrete apotrop\u00e6iske handlinger.<\/p>\t\t\t\t\t\t\t\t<\/div>\n\t\t\t\t<\/div>\n\t\t\t\t\t<\/div>\n\t\t\t\t<\/div>\n\t\t<div class=\"elementor-element elementor-element-iwgw-mamakilla-s6 e-flex e-con-boxed e-con e-parent\" data-id=\"iwgw-mamakilla-s6\" data-element_type=\"container\" data-e-type=\"container\">\n\t\t\t\t\t<div class=\"e-con-inner\">\n\t\t\t\t<div class=\"elementor-element elementor-element-iwgw-mamakilla-s6h elementor-widget elementor-widget-heading\" data-id=\"iwgw-mamakilla-s6h\" data-element_type=\"widget\" data-e-type=\"widget\" data-widget_type=\"heading.default\">\n\t\t\t\t\t<h2 class=\"elementor-heading-title elementor-size-default\">Paralleller i andre kulturer<\/h2>\t\t\t\t<\/div>\n\t\t<div class=\"elementor-element elementor-element-iwgw-mamakilla-s6c e-con-full e-flex e-con e-child\" data-id=\"iwgw-mamakilla-s6c\" data-element_type=\"container\" data-e-type=\"container\">\n\t\t\t\t<div class=\"elementor-element elementor-element-iwgw-mamakilla-s6t elementor-widget elementor-widget-text-editor\" data-id=\"iwgw-mamakilla-s6t\" data-element_type=\"widget\" data-e-type=\"widget\" data-widget_type=\"text-editor.default\">\n\t\t\t\t\t\t\t\t\t<p>Mama Killa indg\u00e5r i det verdensomsp\u00e6ndende m\u00f8nster af kvindelige m\u00e5negudinder. Strukturelt sammenlignelige er den gr\u00e6ske <em>Artemis-Selene<\/em>, den romerske <em>Diana-Luna<\/em>, den egyptiske <em>Isis<\/em> i hendes lunare aspekt, den mesopotamiske <em>Nanna-Sin<\/em>-relation og den hinduistiske <em>Chandra<\/em>-figur (som dog opfattes som mandlig).<\/p><p>Inden for Amerika viser Mama Killa ligheder med den aztekiske m\u00e5negudinde <em>Coyolxauhqui<\/em>, som i den aztekiske hovedmyte om Huitzilopochtlis solf\u00f8dsel bliver hugget i stykker af sin bror. Aggressionsdynamikken mellem sol og m\u00e5ne er skarpere i den aztekiske <span class=\"iwg-fachbegriff\" data-tooltip=\"En overleveret fort\u00e6lling om guder, oprindelse og verdens ordning.\" tabindex=\"0\">myte<\/span> end i den inkaiske, hvor s\u00f8ster-gemal-relationen er fremstillet mere harmonisk.<\/p><p>Bem\u00e6rkelsesv\u00e6rdig er ogs\u00e5 sammenligningen med den nordamerikanske <a href=\"https:\/\/iwell-guard.com\/da\/?page_id=138265\">Changing Woman<\/a> hos Navajo, som ligeledes forbinder livscyklus, kvindelig modenhed og kalendarisk tid i \u00e9n figur, dog uden den specifikt lunare dimension. Eliade har i sit v\u00e6rk <em>Patterns in Comparative Religion<\/em> (1958) systematisk beskrevet m\u00e5ne-kvinde-m\u00f8nsteret.<\/p><p>Inden for det inkatidens sammenlignende perspektiv er desuden aymara-varianten <em>Phaxsi Mama<\/em> og den nordandinske variant fra Cara-religionen ved Quito betydningsfulde. Den sidstn\u00e6vnte kendte en m\u00e5negudinde <em>Quilla<\/em>, hvis <span class=\"iwg-fachbegriff\" data-tooltip=\"En bygning, der tjener tilbedelsen af en eller flere guder.\" tabindex=\"0\">tempel<\/span> den spanske kr\u00f8nikeskriver Padre Velasco beskriver; der findes alts\u00e5 tegn p\u00e5 en f\u00f8r-inkaisk m\u00e5ne-<span class=\"iwg-fachbegriff\" data-tooltip=\"Den videnskabelige l\u00e6re om Gud og troen i en religion.\" tabindex=\"0\">teologi<\/span> i den nordlige del af Tawantinsuyu.<\/p><p>Frank Salomon har i <em>Native Lords of Quito<\/em> (1986) systematisk beskrevet denne nordandinske m\u00e5nekult og skelnet den fra den inka-statslige <span class=\"iwg-fachbegriff\" data-tooltip=\"Den videnskabelige l\u00e6re om Gud og troen i en religion.\" tabindex=\"0\">teologi<\/span>.<\/p>\t\t\t\t\t\t\t\t<\/div>\n\t\t\t\t<\/div>\n\t\t\t\t\t<\/div>\n\t\t\t\t<\/div>\n\t\t<div class=\"elementor-element elementor-element-iwgw-mamakilla-s7 e-flex e-con-boxed e-con e-parent\" data-id=\"iwgw-mamakilla-s7\" data-element_type=\"container\" data-e-type=\"container\">\n\t\t\t\t\t<div class=\"e-con-inner\">\n\t\t\t\t<div class=\"elementor-element elementor-element-iwgw-mamakilla-s7h elementor-widget elementor-widget-heading\" data-id=\"iwgw-mamakilla-s7h\" data-element_type=\"widget\" data-e-type=\"widget\" data-widget_type=\"heading.default\">\n\t\t\t\t\t<h2 class=\"elementor-heading-title elementor-size-default\">Nutidig reception og forskning<\/h2>\t\t\t\t<\/div>\n\t\t<div class=\"elementor-element elementor-element-iwgw-mamakilla-s7c e-con-full e-flex e-con e-child\" data-id=\"iwgw-mamakilla-s7c\" data-element_type=\"container\" data-e-type=\"container\">\n\t\t\t\t<div class=\"elementor-element elementor-element-iwgw-mamakilla-s7t elementor-widget elementor-widget-text-editor\" data-id=\"iwgw-mamakilla-s7t\" data-element_type=\"widget\" data-e-type=\"widget\" data-widget_type=\"text-editor.default\">\n\t\t\t\t\t\t\t\t\t<p>I det moderne andesomr\u00e5de er Mama Killa ikke l\u00e6ngere et selvst\u00e6ndigt kultobjekt, men lever videre i <span class=\"iwg-fachbegriff\" data-tooltip=\"Den overleverede folkekultur med skikke, fort\u00e6llinger og sange.\" tabindex=\"0\">folklore<\/span>, fester og i den voksende oprindelige kulturbev\u00e6gelse. Ved den rekonstruerede <em>Coya Raymi<\/em>-fest (genoplivet siden 1990&#8217;erne i visse landsbyer omkring Cusco) tilkaldes hun som skytshelgen for det kvindelige og for s\u00e5dtiden.<\/p><p>I den akademiske forskning st\u00e5r i dag mindre den institutionelle m\u00e5ne-<span class=\"iwg-fachbegriff\" data-tooltip=\"Den videnskabelige l\u00e6re om Gud og troen i en religion.\" tabindex=\"0\">teologi<\/span> i centrum end det ark\u00e6oastronomiske sp\u00f8rgsm\u00e5l om inkaernes m\u00e5nekalender.<\/p><p>Tom Zuidema har i <em>The Calendar of the Incas<\/em> (2010, posthumt) fremsat den tese, at inkaerne brugte et 328-dages m\u00e5ne\u00e5r, som svarede til de 328 huaca-helligdomme i ceque-systemet. Denne tese er omdiskuteret; Brian Bauer og Gary Urton har delvist nuanceret den.<\/p><p>Fra en religionsvidenskabelig synsvinkel forbliver Mama Killa et vigtigt eksempel p\u00e5 en institutionel kvindelig gudindeposition inden for en mandsdomineret h\u00f8jkultur. Hendes position viser, at Inkariget ikke kendte en ren patriarkats-<span class=\"iwg-fachbegriff\" data-tooltip=\"Den videnskabelige l\u00e6re om Gud og troen i en religion.\" tabindex=\"0\">teologi<\/span>, men udviklede komplement\u00e6re k\u00f8nsstrukturer, som fandt politisk udtryk i Coya-Inka-dobbeltregentskabet og teologisk udtryk i Inti-Killa-s\u00f8skende-\u00e6gteskabet.<\/p><p>I den nutidige Pachakuti-Mama-bev\u00e6gelse i Bolivia og Peru fremst\u00e5r Mama Killa desuden som en identifikationsfigur for oprindelige feminister. Forfattere som Domitila Barrios de Chungara og senere Silvia Rivera Cusicanqui har gjort genopdagelsen af den kvindelige komplementaritet i det andinske religionssystem til genstand for sociologisk forskning.<\/p><p>Mama Killa-figuren fungerer her ikke som en historisk restaurering af et kultobjekt, men som et symbolsk referencepunkt for en oprindelig k\u00f8nsordning uden om den eurocentriske patriarkatskritik.<\/p>\t\t\t\t\t\t\t\t<\/div>\n\t\t\t\t<\/div>\n\t\t\t\t\t<\/div>\n\t\t\t\t<\/div>\n\t\t<div class=\"elementor-element elementor-element-iwgw-mamakilla-s8 e-flex e-con-boxed e-con e-parent\" data-id=\"iwgw-mamakilla-s8\" data-element_type=\"container\" data-e-type=\"container\">\n\t\t\t\t\t<div class=\"e-con-inner\">\n\t\t\t\t<div class=\"elementor-element elementor-element-iwgw-mamakilla-s8h elementor-widget elementor-widget-heading\" data-id=\"iwgw-mamakilla-s8h\" data-element_type=\"widget\" data-e-type=\"widget\" data-widget_type=\"heading.default\">\n\t\t\t\t\t<h2 class=\"elementor-heading-title elementor-size-default\">Litteratur og kilder<\/h2>\t\t\t\t<\/div>\n\t\t<div class=\"elementor-element elementor-element-iwgw-mamakilla-s8c e-con-full e-flex e-con e-child\" data-id=\"iwgw-mamakilla-s8c\" data-element_type=\"container\" data-e-type=\"container\">\n\t\t\t\t<div class=\"elementor-element elementor-element-iwgw-mamakilla-s8t elementor-widget elementor-widget-text-editor\" data-id=\"iwgw-mamakilla-s8t\" data-element_type=\"widget\" data-e-type=\"widget\" data-widget_type=\"text-editor.default\">\n\t\t\t\t\t\t\t\t\t<p>F\u00f8lgende udvalg lister centrale v\u00e6rker inden for andesetnologi og religionshistorie om Mama Killa, med fokus p\u00e5 ark\u00e6oastronomiske og kvindehistoriske studier.<\/p>\t\t\t\t\t\t\t\t<\/div>\n\t\t\t\t<\/div>\n\t\t\t\t\t<\/div>\n\t\t\t\t<\/div>\n\t\t<div class=\"elementor-element elementor-element-cp2d79402e e-flex e-con-boxed e-con e-parent\" data-id=\"cp2d79402e\" data-element_type=\"container\" data-e-type=\"container\">\n\t\t\t\t\t<div class=\"e-con-inner\">\n\t\t\t\t<div class=\"elementor-element elementor-element-cp236ff127 elementor-widget elementor-widget-heading\" data-id=\"cp236ff127\" data-element_type=\"widget\" data-e-type=\"widget\" data-widget_type=\"heading.default\">\n\t\t\t\t\t<h2 class=\"elementor-heading-title elementor-size-default\">Mama Killa i m\u00e5nekalenderen og i tolkningen af m\u00e5neform\u00f8rkelser<\/h2>\t\t\t\t<\/div>\n\t\t<div class=\"elementor-element elementor-element-cp26302e24 e-flex e-con-boxed e-con e-child\" data-id=\"cp26302e24\" data-element_type=\"container\" data-e-type=\"container\">\n\t\t\t\t\t<div class=\"e-con-inner\">\n\t\t\t\t<div class=\"elementor-element elementor-element-cp23bc8ee2 elementor-widget elementor-widget-text-editor\" data-id=\"cp23bc8ee2\" data-element_type=\"widget\" data-e-type=\"widget\" data-widget_type=\"text-editor.default\">\n\t\t\t\t\t\t\t\t\t<p>Mama Killa, inkaernes m\u00e5negudinde, var t\u00e6t forbundet med rigets tidsregning. Mens solguden <em>Inti<\/em> strukturerede \u00e5rets forl\u00f8b og de store s\u00e6de- og h\u00f8stfester, styrede m\u00e5nen den kortere cyklus, som religi\u00f8se fester og formentlig dele af den landbrugsm\u00e6ssige kalender rettede sig efter.<\/p><p>Spanske kr\u00f8nikeskrivere som Bernab\u00e9 Cobo beretter, at flere fester i Cuscos festkalender blev beregnet efter m\u00e5nen, selv om den n\u00f8jagtige funktion af inkaernes kalender stadig er omdiskuteret.<\/p><p>S\u00e6rligt oplysende er beretningerne om tydningen af m\u00e5neform\u00f8rkelsen. Kr\u00f8nikeskriverne overleverer, at inkaerne opfattede en form\u00f8rkelse af m\u00e5nen som et angreb fra et rovdyr, ofte n\u00e6vnt er en puma eller en slange, p\u00e5 Mama Killa.<\/p><p>For at redde gudinden larmede folk: De slog p\u00e5 kar, skreg og lod hunde g\u00f8, for at det angribende dyr skulle jages bort. Denne praksis er ikke specifik for inkaerne, men er belagt i mange kulturer, dog viser dens optegnelse i Andesbjergene, at m\u00e5nen blev betragtet som et s\u00e5rbart v\u00e6sen, der havde brug for omsorg.<\/p><p>Kildekritisk skal det bem\u00e6rkes, at kr\u00f8nikeskriverne ofte beskrev disse ritualer fra anden h\u00e5nd og med en interesse i at fremstille andinsk religion som overtro. Alligevel stemmer flere beretninger overens i grundtr\u00e6kkene, hvilket g\u00f8r episoden trov\u00e6rdig.<\/p><p>Frygten for Mama Killa under form\u00f8rkelsen viser tydeligt hendes rolle som garant for et p\u00e5lideligt tidsforl\u00f8b, hvis midlertidige forsvinden blev opfattet som en kosmisk trussel. Om solsiden af dette gudepar, se artiklen om <a href=\"https:\/\/iwell-guard.com\/da\/?page_id=138247\">Inti<\/a>.<\/p>\t\t\t\t\t\t\t\t<\/div>\n\t\t\t\t\t<\/div>\n\t\t\t\t<\/div>\n\t\t\t\t\t<\/div>\n\t\t\t\t<\/div>\n\t\t<div class=\"elementor-element elementor-element-cp260f00e7 e-flex e-con-boxed e-con e-parent\" data-id=\"cp260f00e7\" data-element_type=\"container\" data-e-type=\"container\">\n\t\t\t\t\t<div class=\"e-con-inner\">\n\t\t\t\t<div class=\"elementor-element elementor-element-cp2d717866 elementor-widget elementor-widget-heading\" data-id=\"cp2d717866\" data-element_type=\"widget\" data-e-type=\"widget\" data-widget_type=\"heading.default\">\n\t\t\t\t\t<h2 class=\"elementor-heading-title elementor-size-default\">M\u00e5netemplet i Coricancha og s\u00f8lv-ikonografien<\/h2>\t\t\t\t<\/div>\n\t\t<div class=\"elementor-element elementor-element-cp25918dee e-flex e-con-boxed e-con e-child\" data-id=\"cp25918dee\" data-element_type=\"container\" data-e-type=\"container\">\n\t\t\t\t\t<div class=\"e-con-inner\">\n\t\t\t\t<div class=\"elementor-element elementor-element-cp2a3e6774 elementor-widget elementor-widget-text-editor\" data-id=\"cp2a3e6774\" data-element_type=\"widget\" data-e-type=\"widget\" data-widget_type=\"text-editor.default\">\n\t\t\t\t\t\t\t\t\t<p>I Coricancha, det centrale <span class=\"iwg-fachbegriff\" data-tooltip=\"Et helligt sted indviet til dyrkelsen af en gud.\" tabindex=\"0\">helligdom<\/span> i Cusco, havde Mama Killa if\u00f8lge overensstemmende kr\u00f8nikeberetninger sit eget omr\u00e5de. Mens tempeldelen for <em>Inti<\/em> var udstyret med guld, det metal der blev forbundet med solen, berettes det i kilderne, at m\u00e5neomr\u00e5det var bekl\u00e6dt med s\u00f8lv.<\/p><p>Garcilaso de la Vega, selv s\u00f8n af en inkaisk mor, beskriver en s\u00f8lvskive eller et billede af Mama Killa og betoner k\u00f8nssymbolikken: guld og sol som mandligt, s\u00f8lv og m\u00e5ne som kvindeligt.<\/p><p>Disse beretninger skal l\u00e6ses med forsigtighed. Garcilaso skrev sine <em>Comentarios Reales<\/em> mange \u00e5rtier efter erobringen i Spanien, ud fra hukommelsen og med \u00f8nsket om at fremstille den inkaiske fortid v\u00e6rdigt.<\/p><p>Coricancha selv blev i vid udstr\u00e6kning nedbrudt af spanierne; p\u00e5 dens mure ligger i dag klostret Santo Domingo. Ark\u00e6ologisk kan s\u00f8lvbekl\u00e6dningen derfor ikke l\u00e6ngere verificeres, men edelmetalplyndringen fra erobrernes side er godt bevidnet og g\u00f8r beretningen sandsynlig.<\/p><p>I dette m\u00e5neomr\u00e5de blev der if\u00f8lge kr\u00f8nikeskriverne ogs\u00e5 opbevaret og \u00e6ret de mumificerede legemer af afd\u00f8de <em>coyaer<\/em>, inkaernes dronninger. Mama Killa var dermed ikke blot kosmisk gudinde, men var ogs\u00e5 indbundet i forf\u00e6dredyrkelsen af den kvindelige herskerlinje.<\/p><p>Forbindelsen mellem m\u00e5ne, s\u00f8lv, kvindelighed og kongelig forf\u00e6drer\u00e6kkef\u00f8lge viser, at Mama Killa i inkaernes religi\u00f8se system besatte en klart afgr\u00e6nset sf\u00e6re, der stod komplement\u00e6rt over for solgudens, uden at v\u00e6re underordnet den i betydningen fuldst\u00e6ndig afh\u00e6ngighed.<\/p>\t\t\t\t\t\t\t\t<\/div>\n\t\t\t\t\t<\/div>\n\t\t\t\t<\/div>\n\t\t\t\t\t<\/div>\n\t\t\t\t<\/div>\n\t\t<div class=\"elementor-element elementor-element-iwgw-mamakilla-lit e-flex e-con-boxed e-con e-parent\" data-id=\"iwgw-mamakilla-lit\" data-element_type=\"container\" data-e-type=\"container\">\n\t\t\t\t\t<div class=\"e-con-inner\">\n\t\t\t\t<div class=\"elementor-element elementor-element-iwgw-mamakilla-lith elementor-widget elementor-widget-heading\" data-id=\"iwgw-mamakilla-lith\" data-element_type=\"widget\" data-e-type=\"widget\" data-widget_type=\"heading.default\">\n\t\t\t\t\t<h2 class=\"elementor-heading-title elementor-size-default\">Litteratur (udvalg)<\/h2>\t\t\t\t<\/div>\n\t\t<div class=\"elementor-element elementor-element-iwgw-mamakilla-litc e-con-full e-flex e-con e-child\" data-id=\"iwgw-mamakilla-litc\" data-element_type=\"container\" data-e-type=\"container\">\n\t\t\t\t<div class=\"elementor-element elementor-element-iwgw-mamakilla-litt elementor-widget elementor-widget-text-editor\" data-id=\"iwgw-mamakilla-litt\" data-element_type=\"widget\" data-e-type=\"widget\" data-widget_type=\"text-editor.default\">\n\t\t\t\t\t\t\t\t\t<ul><li>Garcilaso de la Vega: <em>Comentarios Reales de los Incas<\/em> (1609)<\/li><li>Bernabe Cobo: <em>Historia del Nuevo Mundo<\/em> (1653)<\/li><li>Tom Zuidema: <em>The Calendar of the Incas<\/em> (2010)<\/li><li>Brian Bauer: <em>The Sacred Landscape of the Inca<\/em> (1998)<\/li><li>Felipe Guaman Poma de Ayala: <em>Nueva Coronica y Buen Gobierno<\/em> (1615)<\/li><li>Catherine Allen: <em>The Hold Life Has<\/em> (2002)<\/li><li>Sabine MacCormack: <em>Religion in the Andes<\/em> (1991)<\/li><\/ul>\t\t\t\t\t\t\t\t<\/div>\n\t\t\t\t<\/div>\n\t\t\t\t\t<\/div>\n\t\t\t\t<\/div>\n\t\t<div class=\"elementor-element elementor-element-iwgw-mamakilla-kwd e-flex e-con-boxed e-con e-parent\" data-id=\"iwgw-mamakilla-kwd\" data-element_type=\"container\" data-e-type=\"container\">\n\t\t\t\t\t<div class=\"e-con-inner\">\n\t\t<div class=\"elementor-element elementor-element-iwgw-mamakilla-kwdc e-con-full e-flex e-con e-child\" data-id=\"iwgw-mamakilla-kwdc\" data-element_type=\"container\" data-e-type=\"container\">\n\t\t\t\t<div class=\"elementor-element elementor-element-iwgw-mamakilla-kwdt elementor-widget elementor-widget-text-editor\" data-id=\"iwgw-mamakilla-kwdt\" data-element_type=\"widget\" data-e-type=\"widget\" data-widget_type=\"text-editor.default\">\n\t\t\t\t\t\t\t\t\t<p><em>Relaterede n\u00f8glebegreber: Mama Killa Quilla Killakancha Coya Raymi Quikuchikuy Citua m\u00e5neform\u00f8rkelse.<\/em><\/p>\t\t\t\t\t\t\t\t<\/div>\n\t\t\t\t<\/div>\n\t\t\t\t\t<\/div>\n\t\t\t\t<\/div>\n\t\t<div class=\"elementor-element elementor-element-iwgw-mamakilla-cc e-flex e-con-boxed e-con e-parent\" data-id=\"iwgw-mamakilla-cc\" data-element_type=\"container\" data-e-type=\"container\" id=\"iwg-cc-mama-killa\">\n\t\t\t\t\t<div class=\"e-con-inner\">\n\t\t<div class=\"elementor-element elementor-element-iwgw-mamakilla-ccinner e-flex e-con-boxed e-con e-parent\" data-id=\"iwgw-mamakilla-ccinner\" data-element_type=\"container\" data-e-type=\"container\" data-settings=\"{&quot;background_background&quot;:&quot;classic&quot;}\">\n\t\t\t\t\t<div class=\"e-con-inner\">\n\t\t\t\t<div class=\"elementor-element elementor-element-iwgw-mamakilla-cch elementor-widget elementor-widget-heading\" data-id=\"iwgw-mamakilla-cch\" data-element_type=\"widget\" data-e-type=\"widget\" data-widget_type=\"heading.default\">\n\t\t\t\t\t<h2 class=\"elementor-heading-title elementor-size-default\">iWell Guard og beskyttelsestraditioner<\/h2>\t\t\t\t<\/div>\n\t\t\t\t<div class=\"elementor-element elementor-element-iwgw-mamakilla-cct elementor-widget elementor-widget-text-editor\" data-id=\"iwgw-mamakilla-cct\" data-element_type=\"widget\" data-e-type=\"widget\" data-widget_type=\"text-editor.default\">\n\t\t\t\t\t\t\t\t\t<div data-nosnippet=\"true\"><p>iWell Guard knytter sig til den kulturhistoriske tradition for b\u00e6rbare beskyttelsesobjekter, i traditionen fra <a href=\"https:\/\/iwell-guard.com\/da\/?page_id=138237\">Andesbjergene \/ Inka<\/a> og mange andre kulturer verden over. 41 lag, \u00e6gte guld, platin, s\u00f8lv, fremstillet i Tyskland. 30 dages returret.<\/p><\/div>\t\t\t\t\t\t\t\t<\/div>\n\t\t\t\t<div class=\"elementor-element elementor-element-iwgw-mamakilla-ccb iwg-cc-button iwg-cc-cta-2026-05-13 elementor-widget elementor-widget-jet-button\" data-id=\"iwgw-mamakilla-ccb\" data-element_type=\"widget\" data-e-type=\"widget\" data-widget_type=\"jet-button.default\">\n\t\t\t\t<div class=\"elementor-widget-container\">\n\t\t\t\t\t<div class=\"elementor-jet-button jet-elements\"><div class=\"jet-button__container\"><a class=\"jet-button__instance jet-button__instance--icon-left hover-effect-1\" href=\"\/ueber-iwell-guard\/?utm_source=iwell-guard.com&amp;utm_medium=info-box&amp;utm_campaign=wesen-tradition\"><div class=\"jet-button__plane jet-button__plane-normal\"><\/div><div class=\"jet-button__plane jet-button__plane-hover\"><\/div><div class=\"jet-button__state jet-button__state-normal\"><span class=\"jet-button__label\">Mere om iWell Guard<\/span><\/div><div class=\"jet-button__state jet-button__state-hover\"><span class=\"jet-button__label\">Mere om iWell Guard<\/span><\/div><\/a><\/div><\/div><style>.elementor-element.elementor-element-iwgw-mamakilla-ccb .jet-button__instance{width:320px;height:56px;}.elementor-element.elementor-element-iwgw-mamakilla-ccb .jet-button__state-normal .jet-button__label{text-align:center;margin:0px 0px 0px 0px;color:#1a1b20;font-family:Montserrat,sans-serif;font-size:13px;font-weight:400;letter-spacing:4px;line-height:1.714em;text-transform:uppercase;}.elementor-element.elementor-element-iwgw-mamakilla-ccb .jet-button__state-hover .jet-button__label{text-align:center;margin:0px 0px 0px 0px;color:#FECC76;font-family:Montserrat,sans-serif;font-size:13px;font-weight:400;letter-spacing:4px;line-height:1.714em;text-transform:uppercase;}.elementor-element.elementor-element-iwgw-mamakilla-ccb .jet-button__plane-normal{background-color:#FECC76;border-style:solid;border-color:#C99540;border-width:2px 2px 2px 2px;}.elementor-element.elementor-element-iwgw-mamakilla-ccb .jet-button__plane-hover{background-color:rgba(0,0,0,0.55);border-style:solid;border-color:#FECC76;border-width:2px 2px 2px 2px;}<\/style>\t\t\t\t<\/div>\n\t\t\t\t<\/div>\n\t\t\t\t<div class=\"elementor-element elementor-element-iwgw-mamakilla-ccd elementor-widget elementor-widget-text-editor\" data-id=\"iwgw-mamakilla-ccd\" data-element_type=\"widget\" data-e-type=\"widget\" data-widget_type=\"text-editor.default\">\n\t\t\t\t\t\t\t\t\t<div data-nosnippet=\"true\"><p style=\"text-align:center;font-size:13px;opacity:0.7;margin-top:14px\" data-nosnippet=\"true\">Personlige erfaringer kan variere. Ikke et medicinsk produkt. Intet helbredelsesl\u00f8fte.<\/p><\/div>\t\t\t\t\t\t\t\t<\/div>\n\t\t\t\t\t<\/div>\n\t\t\t\t<\/div>\n\t\t\t\t\t<\/div>\n\t\t\t\t<\/div>\n\t\t<div class=\"elementor-element elementor-element-iwgw-mamakilla-disc e-flex e-con-boxed e-con e-parent\" data-id=\"iwgw-mamakilla-disc\" data-element_type=\"container\" data-e-type=\"container\">\n\t\t\t\t\t<div class=\"e-con-inner\">\n\t\t\t\t<div class=\"elementor-element elementor-element-iwgw-mamakilla-discw elementor-widget elementor-widget-html\" data-id=\"iwgw-mamakilla-discw\" data-element_type=\"widget\" data-e-type=\"widget\" data-widget_type=\"html.default\">\n\t\t\t\t\t<footer data-nosnippet=\"true\" class=\"iwg-disclaimer-block\"><p data-nosnippet=\"true\">iWell Guard er <strong>ikke et medicinsk produkt<\/strong> og erstatter ikke l\u00e6ge- eller psykoterapeutisk behandling. De religionsvidenskabelige indhold er en kulturhistorisk indplacering, ikke en anbefaling af spirituel praksis.<\/p><\/footer>\t\t\t\t<\/div>\n\t\t\t\t\t<\/div>\n\t\t\t\t<\/div>\n\t\t\t\t<\/div>\n\t\t","protected":false},"excerpt":{"rendered":"","protected":false},"author":3,"featured_media":2680,"parent":0,"menu_order":0,"comment_status":"closed","ping_status":"closed","template":"elementor_header_footer","meta":{"_yoast_wpseo_focuskw":"Mama Killa m\u00e5negudinde Inka","_yoast_wpseo_title":"Mama Killa \u2013 inkaernes m\u00e5negudinde","_yoast_wpseo_metadesc":"Mama Killa, inkaernes m\u00e5negudinde, er s\u00f8ster og hustru til Inti og protektor for kvinder, kalender og tid. Religionsvidenskabelig indf\u00f8ring.","_yoast_wpseo_meta-robots-noindex":"","_yoast_wpseo_canonical":"","_angie_page":false,"gefaehrdungsstufe":"","wesen_kultur":"","wesen_klasse":"","footnotes":""},"categories":[],"class_list":["post-138251","page","type-page","status-publish","has-post-thumbnail","hentry"],"yoast_head":"<!-- This site is optimized with the Yoast SEO Premium plugin v27.7 (Yoast SEO v28.3) - https:\/\/yoast.com\/product\/yoast-seo-premium-wordpress\/ -->\n<title>Mama Killa \u2013 inkaernes m\u00e5negudinde<\/title>\n<meta name=\"description\" content=\"Mama Killa, inkaernes m\u00e5negudinde, er s\u00f8ster og hustru til Inti og protektor for kvinder, kalender og tid. Religionsvidenskabelig indf\u00f8ring.\" \/>\n<meta name=\"robots\" content=\"index, follow, max-snippet:-1, max-image-preview:large, max-video-preview:-1\" \/>\n<link rel=\"canonical\" href=\"https:\/\/iwell-guard.com\/da\/mama-killa-inkaernes-manegudinde\/\" \/>\n<meta property=\"og:locale\" content=\"da_DK\" \/>\n<meta property=\"og:type\" content=\"article\" \/>\n<meta property=\"og:title\" content=\"Mama Killa \u2013 inkaernes m\u00e5negudinde\" \/>\n<meta property=\"og:description\" content=\"Mama Killa, inkaernes m\u00e5negudinde, er s\u00f8ster og hustru til Inti og protektor for kvinder, kalender og tid. Religionsvidenskabelig indf\u00f8ring.\" \/>\n<meta property=\"og:url\" content=\"https:\/\/iwell-guard.com\/da\/mama-killa-inkaernes-manegudinde\/\" \/>\n<meta property=\"og:site_name\" content=\"iWell Guard\" \/>\n<meta property=\"article:modified_time\" content=\"2026-09-03T07:55:11+00:00\" \/>\n<meta property=\"og:image\" content=\"https:\/\/iwell-guard.com\/wp-content\/uploads\/2026\/05\/goetter_anden-inka_mama-killa.webp\" \/>\n\t<meta property=\"og:image:width\" content=\"1024\" \/>\n\t<meta property=\"og:image:height\" content=\"1536\" \/>\n\t<meta property=\"og:image:type\" content=\"image\/webp\" \/>\n<meta name=\"twitter:card\" content=\"summary_large_image\" \/>\n<script type=\"application\/ld+json\" class=\"yoast-schema-graph\">{\"@context\":\"https:\\\/\\\/schema.org\",\"@graph\":[{\"@type\":\"WebPage\",\"@id\":\"https:\\\/\\\/iwell-guard.com\\\/da\\\/mama-killa-inkaernes-manegudinde\\\/\",\"url\":\"https:\\\/\\\/iwell-guard.com\\\/da\\\/mama-killa-inkaernes-manegudinde\\\/\",\"name\":\"Mama Killa \u2013 inkaernes m\u00e5negudinde\",\"isPartOf\":{\"@id\":\"https:\\\/\\\/iwell-guard.com\\\/da\\\/#website\"},\"primaryImageOfPage\":{\"@id\":\"https:\\\/\\\/iwell-guard.com\\\/da\\\/mama-killa-inkaernes-manegudinde\\\/#primaryimage\"},\"image\":{\"@id\":\"https:\\\/\\\/iwell-guard.com\\\/da\\\/mama-killa-inkaernes-manegudinde\\\/#primaryimage\"},\"thumbnailUrl\":\"https:\\\/\\\/iwell-guard.com\\\/wp-content\\\/uploads\\\/2026\\\/05\\\/goetter_anden-inka_mama-killa.webp\",\"datePublished\":\"2026-09-03T07:07:39+00:00\",\"dateModified\":\"2026-09-03T07:55:11+00:00\",\"description\":\"Mama Killa, inkaernes m\u00e5negudinde, er s\u00f8ster og hustru til Inti og protektor for kvinder, kalender og tid. Religionsvidenskabelig indf\u00f8ring.\",\"breadcrumb\":{\"@id\":\"https:\\\/\\\/iwell-guard.com\\\/da\\\/mama-killa-inkaernes-manegudinde\\\/#breadcrumb\"},\"inLanguage\":\"da-DK\",\"potentialAction\":[{\"@type\":\"ReadAction\",\"target\":[\"https:\\\/\\\/iwell-guard.com\\\/da\\\/mama-killa-inkaernes-manegudinde\\\/\"]}]},{\"@type\":\"ImageObject\",\"inLanguage\":\"da-DK\",\"@id\":\"https:\\\/\\\/iwell-guard.com\\\/da\\\/mama-killa-inkaernes-manegudinde\\\/#primaryimage\",\"url\":\"https:\\\/\\\/iwell-guard.com\\\/wp-content\\\/uploads\\\/2026\\\/05\\\/goetter_anden-inka_mama-killa.webp\",\"contentUrl\":\"https:\\\/\\\/iwell-guard.com\\\/wp-content\\\/uploads\\\/2026\\\/05\\\/goetter_anden-inka_mama-killa.webp\",\"width\":1024,\"height\":1536,\"caption\":\"Guder fra den ande-inkaiske tradition.\"},{\"@type\":\"BreadcrumbList\",\"@id\":\"https:\\\/\\\/iwell-guard.com\\\/da\\\/mama-killa-inkaernes-manegudinde\\\/#breadcrumb\",\"itemListElement\":[{\"@type\":\"ListItem\",\"position\":1,\"name\":\"Start\",\"item\":\"https:\\\/\\\/iwell-guard.com\\\/da\\\/?page_id=137908\"},{\"@type\":\"ListItem\",\"position\":2,\"name\":\"Mama Killa \u2013 inkaernes m\u00e5negudinde\"}]},{\"@type\":\"WebSite\",\"@id\":\"https:\\\/\\\/iwell-guard.com\\\/da\\\/#website\",\"url\":\"https:\\\/\\\/iwell-guard.com\\\/da\\\/\",\"name\":\"iWell Guard\",\"description\":\"Schutz vor dunklen Einfl\u00fcssen\",\"publisher\":{\"@id\":\"https:\\\/\\\/iwell-guard.com\\\/da\\\/#organization\"},\"potentialAction\":[{\"@type\":\"SearchAction\",\"target\":{\"@type\":\"EntryPoint\",\"urlTemplate\":\"https:\\\/\\\/iwell-guard.com\\\/da\\\/?s={search_term_string}\"},\"query-input\":{\"@type\":\"PropertyValueSpecification\",\"valueRequired\":true,\"valueName\":\"search_term_string\"}}],\"inLanguage\":\"da-DK\"},{\"@type\":\"Organization\",\"@id\":\"https:\\\/\\\/iwell-guard.com\\\/da\\\/#organization\",\"name\":\"Ittermann electronic GmbH\",\"url\":\"https:\\\/\\\/iwell-guard.com\\\/da\\\/\",\"logo\":{\"@type\":\"ImageObject\",\"inLanguage\":\"da-DK\",\"@id\":\"https:\\\/\\\/iwell-guard.com\\\/da\\\/#\\\/schema\\\/logo\\\/image\\\/\",\"url\":\"https:\\\/\\\/iwell-guard.com\\\/wp-content\\\/uploads\\\/2026\\\/05\\\/Ittermann-Logo-1182x237-1.png\",\"contentUrl\":\"https:\\\/\\\/iwell-guard.com\\\/wp-content\\\/uploads\\\/2026\\\/05\\\/Ittermann-Logo-1182x237-1.png\",\"width\":1182,\"height\":237,\"caption\":\"Ittermann electronic GmbH\"},\"image\":{\"@id\":\"https:\\\/\\\/iwell-guard.com\\\/da\\\/#\\\/schema\\\/logo\\\/image\\\/\"},\"sameAs\":[\"https:\\\/\\\/pantip.com\\\/profile\\\/9367242\",\"https:\\\/\\\/micro.blog\\\/iwellguard\",\"https:\\\/\\\/www.diggerslist.com\\\/iwellguard\\\/about\",\"https:\\\/\\\/skitterphoto.com\\\/photographers\\\/2870314\\\/iwell-guard\",\"https:\\\/\\\/iwellguard.wordpress.com\\\/2026\\\/06\\\/06\\\/iwell-guard\\\/\",\"https:\\\/\\\/hub.docker.com\\\/u\\\/iwellguard\",\"https:\\\/\\\/www.pinterest.com\\\/iwellguard\\\/\",\"https:\\\/\\\/bit.ly\\\/m\\\/iwellguard\",\"https:\\\/\\\/entre-vos-mains.alsace.eu\\\/profiles\\\/iwellguard\\\/activity\",\"https:\\\/\\\/gravatar.com\\\/reallybeded8fd34\",\"https:\\\/\\\/naijamatta.com\\\/iwellguard\",\"https:\\\/\\\/www.goodreads.com\\\/iwellguard\",\"https:\\\/\\\/profile.hatena.ne.jp\\\/iwellguard\\\/\",\"https:\\\/\\\/experiment.com\\\/users\\\/iwellguard\",\"https:\\\/\\\/wakelet.com\\\/@iWellGuard82270\",\"https:\\\/\\\/www.chordie.com\\\/forum\\\/profile.php?id=2555664\",\"https:\\\/\\\/www.instapaper.com\\\/p\\\/17757966\",\"https:\\\/\\\/www.mapleprimes.com\\\/users\\\/iwellguard\",\"https:\\\/\\\/businesslistingplus.com\\\/profile\\\/iwell-guard\\\/\",\"https:\\\/\\\/telegra.ph\\\/iWell-Guard-06-06\",\"https:\\\/\\\/pbase.com\\\/iwellguard\\\/iwellguard\",\"https:\\\/\\\/b.hatena.ne.jp\\\/iwellguard\\\/20260607#bookmark-4788405196491818882\",\"https:\\\/\\\/fliphtml5.com\\\/home\\\/iwellguard\",\"https:\\\/\\\/anyflip.com\\\/homepage\\\/cmiwl#About\",\"https:\\\/\\\/transfur.com\\\/Users\\\/iwellguard\",\"http:\\\/\\\/delphi.larsbo.org\\\/user\\\/iwellguard\",\"https:\\\/\\\/jobs.lajobsportal.org\\\/profiles\\\/8380803-iwell-guard\",\"https:\\\/\\\/md.chaosdorf.de\\\/s\\\/jfbe5SBdJD\",\"https:\\\/\\\/www.lingvolive.com\\\/en-us\\\/profile\\\/9ecaeaca-ce11-4e51-9e71-01d55e2bff36\\\/translations\",\"https:\\\/\\\/www.fitday.com\\\/fitness\\\/forums\\\/members\\\/iwellguard.html\",\"https:\\\/\\\/www.mymeetbook.com\\\/iwellguard\",\"https:\\\/\\\/pxhere.com\\\/en\\\/photographer-me\\\/5040798\",\"https:\\\/\\\/disqus.com\\\/by\\\/iwellguard\\\/about\\\/\",\"https:\\\/\\\/pastelink.net\\\/hjwciqwq\",\"https:\\\/\\\/pubhtml5.com\\\/homepage\\\/scjhn\\\/\",\"https:\\\/\\\/www.bitchute.com\\\/channel\\\/2O2eOKzNqujT\",\"https:\\\/\\\/audiomack.com\\\/iwellguard\"]}]}<\/script>\n<!-- \/ Yoast SEO Premium plugin. -->","yoast_head_json":{"title":"Mama Killa \u2013 inkaernes m\u00e5negudinde","description":"Mama Killa, inkaernes m\u00e5negudinde, er s\u00f8ster og hustru til Inti og protektor for kvinder, kalender og tid. Religionsvidenskabelig indf\u00f8ring.","robots":{"index":"index","follow":"follow","max-snippet":"max-snippet:-1","max-image-preview":"max-image-preview:large","max-video-preview":"max-video-preview:-1"},"canonical":"https:\/\/iwell-guard.com\/da\/mama-killa-inkaernes-manegudinde\/","og_locale":"da_DK","og_type":"article","og_title":"Mama Killa \u2013 inkaernes m\u00e5negudinde","og_description":"Mama Killa, inkaernes m\u00e5negudinde, er s\u00f8ster og hustru til Inti og protektor for kvinder, kalender og tid. Religionsvidenskabelig indf\u00f8ring.","og_url":"https:\/\/iwell-guard.com\/da\/mama-killa-inkaernes-manegudinde\/","og_site_name":"iWell Guard","article_modified_time":"2026-09-03T07:55:11+00:00","og_image":[{"width":1024,"height":1536,"url":"https:\/\/iwell-guard.com\/wp-content\/uploads\/2026\/05\/goetter_anden-inka_mama-killa.webp","type":"image\/webp"}],"twitter_card":"summary_large_image","schema":{"@context":"https:\/\/schema.org","@graph":[{"@type":"WebPage","@id":"https:\/\/iwell-guard.com\/da\/mama-killa-inkaernes-manegudinde\/","url":"https:\/\/iwell-guard.com\/da\/mama-killa-inkaernes-manegudinde\/","name":"Mama Killa \u2013 inkaernes m\u00e5negudinde","isPartOf":{"@id":"https:\/\/iwell-guard.com\/da\/#website"},"primaryImageOfPage":{"@id":"https:\/\/iwell-guard.com\/da\/mama-killa-inkaernes-manegudinde\/#primaryimage"},"image":{"@id":"https:\/\/iwell-guard.com\/da\/mama-killa-inkaernes-manegudinde\/#primaryimage"},"thumbnailUrl":"https:\/\/iwell-guard.com\/wp-content\/uploads\/2026\/05\/goetter_anden-inka_mama-killa.webp","datePublished":"2026-09-03T07:07:39+00:00","dateModified":"2026-09-03T07:55:11+00:00","description":"Mama Killa, inkaernes m\u00e5negudinde, er s\u00f8ster og hustru til Inti og protektor for kvinder, kalender og tid. Religionsvidenskabelig indf\u00f8ring.","breadcrumb":{"@id":"https:\/\/iwell-guard.com\/da\/mama-killa-inkaernes-manegudinde\/#breadcrumb"},"inLanguage":"da-DK","potentialAction":[{"@type":"ReadAction","target":["https:\/\/iwell-guard.com\/da\/mama-killa-inkaernes-manegudinde\/"]}]},{"@type":"ImageObject","inLanguage":"da-DK","@id":"https:\/\/iwell-guard.com\/da\/mama-killa-inkaernes-manegudinde\/#primaryimage","url":"https:\/\/iwell-guard.com\/wp-content\/uploads\/2026\/05\/goetter_anden-inka_mama-killa.webp","contentUrl":"https:\/\/iwell-guard.com\/wp-content\/uploads\/2026\/05\/goetter_anden-inka_mama-killa.webp","width":1024,"height":1536,"caption":"Guder fra den ande-inkaiske tradition."},{"@type":"BreadcrumbList","@id":"https:\/\/iwell-guard.com\/da\/mama-killa-inkaernes-manegudinde\/#breadcrumb","itemListElement":[{"@type":"ListItem","position":1,"name":"Start","item":"https:\/\/iwell-guard.com\/da\/?page_id=137908"},{"@type":"ListItem","position":2,"name":"Mama Killa \u2013 inkaernes m\u00e5negudinde"}]},{"@type":"WebSite","@id":"https:\/\/iwell-guard.com\/da\/#website","url":"https:\/\/iwell-guard.com\/da\/","name":"iWell Guard","description":"Schutz vor dunklen Einfl\u00fcssen","publisher":{"@id":"https:\/\/iwell-guard.com\/da\/#organization"},"potentialAction":[{"@type":"SearchAction","target":{"@type":"EntryPoint","urlTemplate":"https:\/\/iwell-guard.com\/da\/?s={search_term_string}"},"query-input":{"@type":"PropertyValueSpecification","valueRequired":true,"valueName":"search_term_string"}}],"inLanguage":"da-DK"},{"@type":"Organization","@id":"https:\/\/iwell-guard.com\/da\/#organization","name":"Ittermann electronic GmbH","url":"https:\/\/iwell-guard.com\/da\/","logo":{"@type":"ImageObject","inLanguage":"da-DK","@id":"https:\/\/iwell-guard.com\/da\/#\/schema\/logo\/image\/","url":"https:\/\/iwell-guard.com\/wp-content\/uploads\/2026\/05\/Ittermann-Logo-1182x237-1.png","contentUrl":"https:\/\/iwell-guard.com\/wp-content\/uploads\/2026\/05\/Ittermann-Logo-1182x237-1.png","width":1182,"height":237,"caption":"Ittermann electronic GmbH"},"image":{"@id":"https:\/\/iwell-guard.com\/da\/#\/schema\/logo\/image\/"},"sameAs":["https:\/\/pantip.com\/profile\/9367242","https:\/\/micro.blog\/iwellguard","https:\/\/www.diggerslist.com\/iwellguard\/about","https:\/\/skitterphoto.com\/photographers\/2870314\/iwell-guard","https:\/\/iwellguard.wordpress.com\/2026\/06\/06\/iwell-guard\/","https:\/\/hub.docker.com\/u\/iwellguard","https:\/\/www.pinterest.com\/iwellguard\/","https:\/\/bit.ly\/m\/iwellguard","https:\/\/entre-vos-mains.alsace.eu\/profiles\/iwellguard\/activity","https:\/\/gravatar.com\/reallybeded8fd34","https:\/\/naijamatta.com\/iwellguard","https:\/\/www.goodreads.com\/iwellguard","https:\/\/profile.hatena.ne.jp\/iwellguard\/","https:\/\/experiment.com\/users\/iwellguard","https:\/\/wakelet.com\/@iWellGuard82270","https:\/\/www.chordie.com\/forum\/profile.php?id=2555664","https:\/\/www.instapaper.com\/p\/17757966","https:\/\/www.mapleprimes.com\/users\/iwellguard","https:\/\/businesslistingplus.com\/profile\/iwell-guard\/","https:\/\/telegra.ph\/iWell-Guard-06-06","https:\/\/pbase.com\/iwellguard\/iwellguard","https:\/\/b.hatena.ne.jp\/iwellguard\/20260607#bookmark-4788405196491818882","https:\/\/fliphtml5.com\/home\/iwellguard","https:\/\/anyflip.com\/homepage\/cmiwl#About","https:\/\/transfur.com\/Users\/iwellguard","http:\/\/delphi.larsbo.org\/user\/iwellguard","https:\/\/jobs.lajobsportal.org\/profiles\/8380803-iwell-guard","https:\/\/md.chaosdorf.de\/s\/jfbe5SBdJD","https:\/\/www.lingvolive.com\/en-us\/profile\/9ecaeaca-ce11-4e51-9e71-01d55e2bff36\/translations","https:\/\/www.fitday.com\/fitness\/forums\/members\/iwellguard.html","https:\/\/www.mymeetbook.com\/iwellguard","https:\/\/pxhere.com\/en\/photographer-me\/5040798","https:\/\/disqus.com\/by\/iwellguard\/about\/","https:\/\/pastelink.net\/hjwciqwq","https:\/\/pubhtml5.com\/homepage\/scjhn\/","https:\/\/www.bitchute.com\/channel\/2O2eOKzNqujT","https:\/\/audiomack.com\/iwellguard"]}]}},"_links":{"self":[{"href":"https:\/\/iwell-guard.com\/da\/wp-json\/wp\/v2\/pages\/138251","targetHints":{"allow":["GET"]}}],"collection":[{"href":"https:\/\/iwell-guard.com\/da\/wp-json\/wp\/v2\/pages"}],"about":[{"href":"https:\/\/iwell-guard.com\/da\/wp-json\/wp\/v2\/types\/page"}],"author":[{"embeddable":true,"href":"https:\/\/iwell-guard.com\/da\/wp-json\/wp\/v2\/users\/3"}],"replies":[{"embeddable":true,"href":"https:\/\/iwell-guard.com\/da\/wp-json\/wp\/v2\/comments?post=138251"}],"version-history":[{"count":0,"href":"https:\/\/iwell-guard.com\/da\/wp-json\/wp\/v2\/pages\/138251\/revisions"}],"wp:featuredmedia":[{"embeddable":true,"href":"https:\/\/iwell-guard.com\/da\/wp-json\/wp\/v2\/media\/2680"}],"wp:attachment":[{"href":"https:\/\/iwell-guard.com\/da\/wp-json\/wp\/v2\/media?parent=138251"}],"wp:term":[{"taxonomy":"category","embeddable":true,"href":"https:\/\/iwell-guard.com\/da\/wp-json\/wp\/v2\/categories?post=138251"}],"curies":[{"name":"wp","href":"https:\/\/api.w.org\/{rel}","templated":true}]}}