{"id":138249,"date":"2026-09-03T07:07:36","date_gmt":"2026-09-03T07:07:36","guid":{"rendered":"https:\/\/iwell-guard.com\/?page_id=138249"},"modified":"2026-09-03T07:55:11","modified_gmt":"2026-09-03T07:55:11","slug":"viracocha-skabergud-anderne","status":"publish","type":"page","link":"https:\/\/iwell-guard.com\/da\/viracocha-skabergud-anderne\/","title":{"rendered":"Viracocha \u2013 skabergud for Andesbjergene"},"content":{"rendered":"\t\t<div data-elementor-type=\"wp-page\" data-elementor-id=\"138249\" class=\"elementor elementor-138249 elementor-2576 elementor-bc-flex-widget\" data-elementor-post-type=\"page\">\n\t\t\t\t<div class=\"elementor-element elementor-element-iwgw-viracocha-hero e-flex e-con-boxed e-con e-parent\" data-id=\"iwgw-viracocha-hero\" data-element_type=\"container\" data-e-type=\"container\" data-settings=\"{&quot;background_background&quot;:&quot;classic&quot;}\">\n\t\t\t\t\t<div class=\"e-con-inner\">\n\t\t<div class=\"elementor-element elementor-element-iwgw-viracocha-hl e-flex e-con-boxed e-con e-child\" data-id=\"iwgw-viracocha-hl\" data-element_type=\"container\" data-e-type=\"container\">\n\t\t\t\t\t<div class=\"e-con-inner\">\n\t\t<div class=\"elementor-element elementor-element-iwgw-viracocha-htxt e-con-full e-flex e-con e-child\" data-id=\"iwgw-viracocha-htxt\" data-element_type=\"container\" data-e-type=\"container\">\n\t\t\t\t<div class=\"elementor-element elementor-element-iwgw-viracocha-h1 elementor-widget elementor-widget-heading\" data-id=\"iwgw-viracocha-h1\" data-element_type=\"widget\" data-e-type=\"widget\" data-widget_type=\"heading.default\">\n\t\t\t\t\t<h1 class=\"elementor-heading-title elementor-size-default\">Viracocha, skabergud og kosmisk ordensstifter for den andinske verden<\/h1>\t\t\t\t<\/div>\n\t\t\t\t<div class=\"elementor-element elementor-element-iwgw-viracocha-lead elementor-widget elementor-widget-text-editor\" data-id=\"iwgw-viracocha-lead\" data-element_type=\"widget\" data-e-type=\"widget\" data-widget_type=\"text-editor.default\">\n\t\t\t\t\t\t\t\t\t<p>Viracocha (quechua: <em>Wiraqucha<\/em>) er i de tidlige kr\u00f8niker fra det spanske Peru den h\u00f8jeste skabergud for Andesbjergene, som skaber verden ud fra Titicacas\u00f8en og former menneskeheden af sten. I den statslige <span class=\"iwg-fachbegriff\" data-tooltip=\"Den videnskabelige l\u00e6re om Gud og troen i en religion.\" tabindex=\"0\">teologi<\/span> i det sene inkarige tr\u00e5dte han tilbage for <a href=\"https:\/\/iwell-guard.com\/da\/?page_id=138247\">Inti<\/a>, men forblev fremtr\u00e6dende som kosmologisk princip.<\/p>\t\t\t\t\t\t\t\t<\/div>\n\t\t\t\t<\/div>\n\t\t<div class=\"elementor-element elementor-element-iwgw-viracocha-pillc e-con-full e-flex e-con e-child\" data-id=\"iwgw-viracocha-pillc\" data-element_type=\"container\" data-e-type=\"container\">\n\t\t\t\t<div class=\"elementor-element elementor-element-iwgw-viracocha-pills elementor-widget elementor-widget-html\" data-id=\"iwgw-viracocha-pills\" data-element_type=\"widget\" data-e-type=\"widget\" data-widget_type=\"html.default\">\n\t\t\t\t\t<div class=\"iwg-pill-row\"><span class=\"iwg-klasse-badge\" tabindex=\"0\" data-tooltip=\"Skaber i traditionen Andesbjergene \/ Inka.\">Skaber<\/span><a href=\"https:\/\/iwell-guard.com\/da\/?page_id=138237\" class=\"iwg-kultur-badge\" tabindex=\"0\" data-tooltip=\"Mytologi i traditionen Andesbjergene \/ Inka.\">Andesbjergene \/ Inka<\/a><span class=\"iwg-tradition-badge\" tabindex=\"0\" data-tooltip=\"Skabergud.\">Skabergud<\/span><\/div>\t\t\t\t<\/div>\n\t\t\t\t<\/div>\n\t\t<div class=\"elementor-element elementor-element-iwgw-viracocha-tocc e-con-full e-flex e-con e-child\" data-id=\"iwgw-viracocha-tocc\" data-element_type=\"container\" data-e-type=\"container\">\n\t\t\t\t<div class=\"elementor-element elementor-element-iwgw-viracocha-toc elementor-toc--minimized-on-tablet elementor-widget elementor-widget-table-of-contents\" data-id=\"iwgw-viracocha-toc\" data-element_type=\"widget\" data-e-type=\"widget\" data-settings=\"{&quot;headings_by_tags&quot;:[&quot;h2&quot;,&quot;h3&quot;],&quot;minimize_box&quot;:&quot;yes&quot;,&quot;marker_view&quot;:&quot;bullets&quot;,&quot;no_headings_message&quot;:&quot;Der blev ikke fundet nogen overskrifter p\\u00e5 denne side.&quot;,&quot;exclude_headings_by_selector&quot;:[],&quot;icon&quot;:{&quot;value&quot;:&quot;fas fa-circle&quot;,&quot;library&quot;:&quot;fa-solid&quot;,&quot;rendered_tag&quot;:&quot;&lt;svg class=\\&quot;e-font-icon-svg e-fas-circle\\&quot; viewBox=\\&quot;0 0 512 512\\&quot; xmlns=\\&quot;http:\\\/\\\/www.w3.org\\\/2000\\\/svg\\&quot;&gt;&lt;path d=\\&quot;M256 8C119 8 8 119 8 256s111 248 248 248 248-111 248-248S393 8 256 8z\\&quot;&gt;&lt;\\\/path&gt;&lt;\\\/svg&gt;&quot;},&quot;minimized_on&quot;:&quot;tablet&quot;,&quot;hierarchical_view&quot;:&quot;yes&quot;,&quot;min_height&quot;:{&quot;unit&quot;:&quot;px&quot;,&quot;size&quot;:&quot;&quot;,&quot;sizes&quot;:[]},&quot;min_height_tablet&quot;:{&quot;unit&quot;:&quot;px&quot;,&quot;size&quot;:&quot;&quot;,&quot;sizes&quot;:[]},&quot;min_height_mobile&quot;:{&quot;unit&quot;:&quot;px&quot;,&quot;size&quot;:&quot;&quot;,&quot;sizes&quot;:[]}}\" data-widget_type=\"table-of-contents.default\">\n\t\t\t\t\t\t\t\t\t<div class=\"elementor-toc__header\">\n\t\t\t\t\t\t<h2 class=\"elementor-toc__header-title\">\n\t\t\t\tIndholdsfortegnelse\t\t\t<\/h2>\n\t\t\t\t\t\t\t\t\t\t<div class=\"elementor-toc__toggle-button elementor-toc__toggle-button--expand\" role=\"button\" tabindex=\"0\" aria-controls=\"elementor-toc__iwgw-viracocha-toc\" aria-expanded=\"true\" aria-label=\"Open table of contents\"><svg aria-hidden=\"true\" class=\"e-font-icon-svg e-fas-chevron-down\" viewBox=\"0 0 448 512\" xmlns=\"http:\/\/www.w3.org\/2000\/svg\"><path d=\"M207.029 381.476L12.686 187.132c-9.373-9.373-9.373-24.569 0-33.941l22.667-22.667c9.357-9.357 24.522-9.375 33.901-.04L224 284.505l154.745-154.021c9.379-9.335 24.544-9.317 33.901.04l22.667 22.667c9.373 9.373 9.373 24.569 0 33.941L240.971 381.476c-9.373 9.372-24.569 9.372-33.942 0z\"><\/path><\/svg><\/div>\n\t\t\t\t<div class=\"elementor-toc__toggle-button elementor-toc__toggle-button--collapse\" role=\"button\" tabindex=\"0\" aria-controls=\"elementor-toc__iwgw-viracocha-toc\" aria-expanded=\"true\" aria-label=\"Close table of contents\"><svg aria-hidden=\"true\" class=\"e-font-icon-svg e-fas-chevron-up\" viewBox=\"0 0 448 512\" xmlns=\"http:\/\/www.w3.org\/2000\/svg\"><path d=\"M240.971 130.524l194.343 194.343c9.373 9.373 9.373 24.569 0 33.941l-22.667 22.667c-9.357 9.357-24.522 9.375-33.901.04L224 227.495 69.255 381.516c-9.379 9.335-24.544 9.317-33.901-.04l-22.667-22.667c-9.373-9.373-9.373-24.569 0-33.941L207.03 130.525c9.372-9.373 24.568-9.373 33.941-.001z\"><\/path><\/svg><\/div>\n\t\t\t\t\t<\/div>\n\t\t\t\t<div id=\"elementor-toc__iwgw-viracocha-toc\" class=\"elementor-toc__body\">\n\t\t\t<div class=\"elementor-toc__spinner-container\">\n\t\t\t\t<svg class=\"elementor-toc__spinner eicon-animation-spin e-font-icon-svg e-eicon-loading\" aria-hidden=\"true\" viewBox=\"0 0 1000 1000\" xmlns=\"http:\/\/www.w3.org\/2000\/svg\"><path d=\"M500 975V858C696 858 858 696 858 500S696 142 500 142 142 304 142 500H25C25 237 238 25 500 25S975 237 975 500 763 975 500 975Z\"><\/path><\/svg>\t\t\t<\/div>\n\t\t<\/div>\n\t\t\t\t\t\t<\/div>\n\t\t\t\t<\/div>\n\t\t\t\t\t<\/div>\n\t\t\t\t<\/div>\n\t\t<div class=\"elementor-element elementor-element-iwgw-viracocha-hr e-con-full e-flex e-con e-child\" data-id=\"iwgw-viracocha-hr\" data-element_type=\"container\" data-e-type=\"container\">\n\t\t\t\t<div class=\"elementor-element elementor-element-iwgw-viracocha-heroimg iwg-hero-image elementor-widget elementor-widget-image\" data-id=\"iwgw-viracocha-heroimg\" data-element_type=\"widget\" data-e-type=\"widget\" data-widget_type=\"image.default\">\n\t\t\t\t\t\t\t\t\t\t\t\t\t\t\t<img fetchpriority=\"high\" decoding=\"async\" width=\"683\" height=\"1024\" src=\"https:\/\/iwell-guard.com\/wp-content\/uploads\/2026\/05\/goetter_anden-inka_viracocha-683x1024.webp\" class=\"attachment-large size-large wp-image-140185\" alt=\"Viracocha - guder fra den ande-inkaiske tradition, historisk-illustrativ\" srcset=\"https:\/\/iwell-guard.com\/wp-content\/uploads\/2026\/05\/goetter_anden-inka_viracocha-683x1024.webp 683w, https:\/\/iwell-guard.com\/wp-content\/uploads\/2026\/05\/goetter_anden-inka_viracocha-200x300.webp 200w, https:\/\/iwell-guard.com\/wp-content\/uploads\/2026\/05\/goetter_anden-inka_viracocha-768x1152.webp 768w, https:\/\/iwell-guard.com\/wp-content\/uploads\/2026\/05\/goetter_anden-inka_viracocha.webp 1024w\" sizes=\"(max-width: 683px) 100vw, 683px\" \/>\t\t\t\t\t\t\t\t\t\t\t\t\t\t\t<\/div>\n\t\t\t\t<\/div>\n\t\t\t\t\t<\/div>\n\t\t\t\t<\/div>\n\t\t\t\t<section class=\"elementor-section elementor-top-section elementor-element elementor-element-sec-iwgcomp-viracocha elementor-section-boxed elementor-section-height-default elementor-section-height-default\" data-id=\"sec-iwgcomp-viracocha\" data-element_type=\"section\" data-e-type=\"section\">\n\t\t\t\t\t\t<div class=\"elementor-container elementor-column-gap-default\">\n\t\t\t\t\t<div class=\"elementor-column elementor-col-100 elementor-top-column elementor-element elementor-element-col-iwgcomp-viracocha\" data-id=\"col-iwgcomp-viracocha\" data-element_type=\"column\" data-e-type=\"column\">\n\t\t\t<div class=\"elementor-widget-wrap elementor-element-populated\">\n\t\t\t\t\t\t<div class=\"elementor-element elementor-element-iwgcomp-viracocha elementor-widget elementor-widget-text-editor\" data-id=\"iwgcomp-viracocha\" data-element_type=\"widget\" data-e-type=\"widget\" data-widget_type=\"text-editor.default\">\n\t\t\t\t\t\t\t\t\t<p>Viracocha, den <strong>inka-skabergud<\/strong>, betragtes som den \u00e6ldste og h\u00f8jeste overgud i inka-<span class=\"iwg-fachbegriff\" data-tooltip=\"Forestillingen om verdens opbygning og orden inden for en kultur.\" tabindex=\"0\">kosmologi<\/span>en.<\/p>\t\t\t\t\t\t\t\t<\/div>\n\t\t\t\t\t<\/div>\n\t\t<\/div>\n\t\t\t\t\t<\/div>\n\t\t<\/section>\n\t\t<div class=\"elementor-element elementor-element-iwgw-viracocha-s0 e-flex e-con-boxed e-con e-parent\" data-id=\"iwgw-viracocha-s0\" data-element_type=\"container\" data-e-type=\"container\">\n\t\t\t\t\t<div class=\"e-con-inner\">\n\t\t\t\t<div class=\"elementor-element elementor-element-iwgw-viracocha-s0h elementor-widget elementor-widget-heading\" data-id=\"iwgw-viracocha-s0h\" data-element_type=\"widget\" data-e-type=\"widget\" data-widget_type=\"heading.default\">\n\t\t\t\t\t<h2 class=\"elementor-heading-title elementor-size-default\">Placering i det andiske pantheon<\/h2>\t\t\t\t<\/div>\n\t\t<div class=\"elementor-element elementor-element-iwgw-viracocha-s0c e-con-full e-flex e-con e-child\" data-id=\"iwgw-viracocha-s0c\" data-element_type=\"container\" data-e-type=\"container\">\n\t\t\t\t<div class=\"elementor-element elementor-element-iwgw-viracocha-s0t elementor-widget elementor-widget-text-editor\" data-id=\"iwgw-viracocha-s0t\" data-element_type=\"widget\" data-e-type=\"widget\" data-widget_type=\"text-editor.default\">\n\t\t\t\t\t\t\t\t\t<p>Viracocha er en teologisk kompleks figur, som i kr\u00f8nikerne optr\u00e6der under adskillige tilnavne: <em>Apu Qun Tiqsi Wiraqucha<\/em>, <em>Pachayachachiq<\/em> (verdens-l\u00e6rer), <em>Illa Tiqsi Wiraqucha<\/em> (lysgrund-Wiraqucha). Disse aspektnavne skal if\u00f8lge Pierre Duviols p\u00e5pegning l\u00e6ses som udtryk for en genuint andinsk, filosofisk-spekulativ <span class=\"iwg-fachbegriff\" data-tooltip=\"Den videnskabelige l\u00e6re om Gud og troen i en religion.\" tabindex=\"0\">teologi<\/span>, som virkede under overfladen af den personguddomsagtige h\u00f8jkultur.<\/p><p>De tidlige kr\u00f8niker (Cieza de Leon, Sarmiento de Gamboa, Cristobal de Molina) fremstiller Viracocha som det h\u00f8jeste v\u00e6sen forud for alle andre guder.<\/p><p>Garcilaso de la Vega, som skriver senere og er st\u00e6rkere orienteret mod inkatidens senere oph\u00f8jelse af Inti, beskriver forholdet mere kompliceret: Inti er den synlige herre, Viracocha den usynlige skaber. Religionsvidenskabeligt kan man her genkende en teologisk lagdeling, hvor en \u00e6ldre skabergudtro og en yngre imperial sol-<span class=\"iwg-fachbegriff\" data-tooltip=\"Den videnskabelige l\u00e6re om Gud og troen i en religion.\" tabindex=\"0\">teologi<\/span> eksisterer side om side.<\/p><p>Bem\u00e6rkelsesv\u00e6rdigt er det, at Viracocha i Aymara-omr\u00e5det blev kaldt <em>Tunupa<\/em> eller <em>Tonopa<\/em>, en figur med egne mytologiske fort\u00e6llinger, som religionsetnologen Therese Bouysse-Cassagne har unders\u00f8gt indg\u00e5ende i <em>Lluvias y cenizas<\/em> (1988).<\/p><p>Hos aymarafolket er Tunupa mindre entydigt en skaber end inka-Viracocha; han har ogs\u00e5 trickster-lignende tr\u00e6k og er t\u00e6t forbundet med regionens vulkanisme.<\/p>\t\t\t\t\t\t\t\t<\/div>\n\t\t\t\t<\/div>\n\t\t\t\t\t<\/div>\n\t\t\t\t<\/div>\n\t\t<div class=\"elementor-element elementor-element-iwgw-viracocha-s1 e-flex e-con-boxed e-con e-parent\" data-id=\"iwgw-viracocha-s1\" data-element_type=\"container\" data-e-type=\"container\">\n\t\t\t\t\t<div class=\"e-con-inner\">\n\t\t\t\t<div class=\"elementor-element elementor-element-iwgw-viracocha-s1h elementor-widget elementor-widget-heading\" data-id=\"iwgw-viracocha-s1h\" data-element_type=\"widget\" data-e-type=\"widget\" data-widget_type=\"heading.default\">\n\t\t\t\t\t<h2 class=\"elementor-heading-title elementor-size-default\">Navn og etymologi<\/h2>\t\t\t\t<\/div>\n\t\t<div class=\"elementor-element elementor-element-iwgw-viracocha-s1c e-con-full e-flex e-con e-child\" data-id=\"iwgw-viracocha-s1c\" data-element_type=\"container\" data-e-type=\"container\">\n\t\t\t\t<div class=\"elementor-element elementor-element-iwgw-viracocha-s1t elementor-widget elementor-widget-text-editor\" data-id=\"iwgw-viracocha-s1t\" data-element_type=\"widget\" data-e-type=\"widget\" data-widget_type=\"text-editor.default\">\n\t\t\t\t\t\t\t\t\t<p>Etymologien for navnet <em>Wiraqucha<\/em> har l\u00e6nge v\u00e6ret omdiskuteret. Garcilaso de la Vega afleder det af <em>wira<\/em> (fedt, fl\u00f8de) og <em>qucha<\/em> (s\u00f8) og overs\u00e6tter det til <em>s\u00f8ens fedt<\/em> eller <em>skum p\u00e5 vandet<\/em>. Denne etymologi passer godt til <span class=\"iwg-fachbegriff\" data-tooltip=\"En overleveret fort\u00e6lling om guder, oprindelser og verdens orden.\" tabindex=\"0\">myten<\/span> om vandskaberen fra Titicaca, men er sprogvidenskabeligt ikke tvingende.<\/p><p>En alternativ l\u00e6sning forbinder den f\u00f8rste stavelse med <em>wila<\/em> (aymara: blod) og kommer til <em>s\u00f8ens blod<\/em> eller forestillingen om et r\u00f8dt, vulkanisk vand.<\/p><p>Cesar Itier har i sine sprogvidenskabelige arbejder (2008, 2013) gjort opm\u00e6rksom p\u00e5 en mulig tredje l\u00e6sning, hvor <em>wira<\/em> kan g\u00e5 tilbage til en \u00e6ldgammel rod <em>wir-<\/em> med betydningen <em>glans<\/em> eller <em>lyssk\u00e6r<\/em>, hvorved Wiraqucha ville v\u00e6re <em>s\u00f8ens lysglans<\/em>.<\/p><p>I den koloniale sprogbrug blev <em>wiraqucha<\/em> meget hurtigt brugt som tiltale for spanierne, f\u00f8rst fordi inkaerne betragtede de sk\u00e6ggede erobrere som manifestationer af den sk\u00e6ggede skabergud, senere som en almindelig \u00e6retitel, der stadig i dag bruges i visse quechua-talende regioner for <em>herre<\/em> eller <em>senor<\/em>.<\/p>\t\t\t\t\t\t\t\t<\/div>\n\t\t\t\t<\/div>\n\t\t\t\t\t<\/div>\n\t\t\t\t<\/div>\n\t\t<div class=\"elementor-element elementor-element-iwgw-viracocha-s2 e-flex e-con-boxed e-con e-parent\" data-id=\"iwgw-viracocha-s2\" data-element_type=\"container\" data-e-type=\"container\">\n\t\t\t\t\t<div class=\"e-con-inner\">\n\t\t\t\t<div class=\"elementor-element elementor-element-iwgw-viracocha-s2h elementor-widget elementor-widget-heading\" data-id=\"iwgw-viracocha-s2h\" data-element_type=\"widget\" data-e-type=\"widget\" data-widget_type=\"heading.default\">\n\t\t\t\t\t<h2 class=\"elementor-heading-title elementor-size-default\">Beskrivelse og ikonografi<\/h2>\t\t\t\t<\/div>\n\t\t<div class=\"elementor-element elementor-element-iwgw-viracocha-s2c e-con-full e-flex e-con e-child\" data-id=\"iwgw-viracocha-s2c\" data-element_type=\"container\" data-e-type=\"container\">\n\t\t\t\t<div class=\"elementor-element elementor-element-iwgw-viracocha-s2t elementor-widget elementor-widget-text-editor\" data-id=\"iwgw-viracocha-s2t\" data-element_type=\"widget\" data-e-type=\"widget\" data-widget_type=\"text-editor.default\">\n\t\t\t\t\t\t\t\t\t<p>Viracocha beskrives i kilderne us\u00e6dvanligt ofte som en sk\u00e6gget olding, der vandrer gennem Andesbjergene med lang kappe, stav og solkrone.<\/p><p>Denne beskrivelse afviger fra den typiske indf\u00f8dte ikonografi i Andesbjergene, hvor sk\u00e6ggede m\u00e6nd praktisk taget er ukendte, og har givet anledning til den tidligere spekulation om, at Viracocha var et historisk ekko af en f\u00f8rcolumbisk bes\u00f8gende fra Eurasien. Denne spekulation er blevet forkastet af den moderne forskning.<\/p><p>Den vigtigste ikonografiske kilde er den ber\u00f8mte <em>Solport i Tiwanaku<\/em> (ca. 600\u20131000 e.Kr.), i hvis centrum en central figur med str\u00e5lekrone og symmetrisk udbredte arme fremst\u00e5r, hvori hun holder to stave (ofte tolket som spydslynger).<\/p><p>Denne s\u00e5kaldte <em>Staffgod<\/em>-figur identificeres i den ark\u00e6ologiske litteratur regelm\u00e6ssigt med Viracocha, selv om den emiske betegnelse for denne figur i Tiwanaku-kulturen ikke er overleveret. Karen Wise og John Janusek har i deres Tiwanaku-forskning gentagne gange advaret om forsigtighed i denne identifikation.<\/p><p>Udbredt er ogs\u00e5 forbindelsen mellem Viracocha og inka-hovedstaden Cusco og dens centrale <span class=\"iwg-fachbegriff\" data-tooltip=\"En bygning, der anvendes til tilbedelse af en eller flere guder.\" tabindex=\"0\">tempel<\/span>, Coricancha. Inkaen Pachacuti skal if\u00f8lge Sarmiento have opstillet en egen statue af Wiraqucha i Coricancha, et fuldst\u00e6ndigt gudebillede af guld, som spanierne stadig fandt i 1532.<\/p>\t\t\t\t\t\t\t\t<\/div>\n\t\t\t\t<\/div>\n\t\t\t\t\t<\/div>\n\t\t\t\t<\/div>\n\t\t<div class=\"elementor-element elementor-element-iwgw-viracocha-s3 e-flex e-con-boxed e-con e-parent\" data-id=\"iwgw-viracocha-s3\" data-element_type=\"container\" data-e-type=\"container\">\n\t\t\t\t\t<div class=\"e-con-inner\">\n\t\t\t\t<div class=\"elementor-element elementor-element-iwgw-viracocha-s3h elementor-widget elementor-widget-heading\" data-id=\"iwgw-viracocha-s3h\" data-element_type=\"widget\" data-e-type=\"widget\" data-widget_type=\"heading.default\">\n\t\t\t\t\t<h2 class=\"elementor-heading-title elementor-size-default\">Mytologiske fort\u00e6llinger<\/h2>\t\t\t\t<\/div>\n\t\t<div class=\"elementor-element elementor-element-iwgw-viracocha-s3c e-con-full e-flex e-con e-child\" data-id=\"iwgw-viracocha-s3c\" data-element_type=\"container\" data-e-type=\"container\">\n\t\t\t\t<div class=\"elementor-element elementor-element-iwgw-viracocha-s3t elementor-widget elementor-widget-text-editor\" data-id=\"iwgw-viracocha-s3t\" data-element_type=\"widget\" data-e-type=\"widget\" data-widget_type=\"text-editor.default\">\n\t\t\t\t\t\t\t\t\t<p>Hovedmyten begynder i en fase af verdens m\u00f8rke. Viracocha viser sig p\u00e5 <em>Isla del Sol<\/em> i Titicaca-s\u00f8en og skaber f\u00f8rst en f\u00f8rste menneskehed af sten, som han dog udsletter i den store flod p\u00e5 grund af ulydighed.<\/p><p>If\u00f8lge Cristobal de Molina former han derefter i <em>Tiwanaku<\/em> en anden menneskehed af ler, tildeler hver folkegruppe deres sprog, dragt og hjemland og sender dem ud for at vandre over Andesbjergene.<\/p><p>Derefter vandrer Viracocha selv nordp\u00e5 gennem Andesbjergene, l\u00e6rer menneskerne landbrug, v\u00e6vning og religion og forlader til sidst verden ved Stillehavskysten, idet han g\u00e5r over vandet og forsvinder i vestlig retning.<\/p><p>Denne slutepisode blev af nogle inka-teologer tolket s\u00e5ledes, at Viracocha en dag ville vende tilbage fra vest, en messiansk forventning, som i de tidlige \u00e5r af den spanske erobring kortvarigt blev projiceret p\u00e5 conquistadorerne, hvilket er en del af forklaringen p\u00e5 inkarigets hurtige milit\u00e6re nedlagelse.<\/p><p>Viracochas s\u00f8n optr\u00e6der i nogle kilder som <em>Imaymana Viracocha<\/em> eller som <em>Tocapo Viracocha<\/em>, der som br\u00f8dre eller f\u00f8lgesvende til skaberen drager gennem Andesbjergene og skaber kosmisk orden.<\/p><p>Denne triade af de tre Wiraquchaer mindede de spanske kr\u00f8nikeskrivere om den kristne treenighed, hvilket har givet anledning til diskussioner om en mulig f\u00f8rkristen andesmission, som ikke kan bel\u00e6gges historisk.<\/p><p>En s\u00e6rligt vigtig kilde er <span class=\"iwg-fachbegriff\" data-tooltip=\"En overleveret fort\u00e6lling om guder, oprindelser og verdens orden.\" tabindex=\"0\">myten<\/span> om <em>Cacha-vulkanen<\/em>, overleveret af Cieza de Leon (1553): If\u00f8lge denne kom Viracocha til Cacha, hvor indbyggerne ikke ville tro p\u00e5 ham p\u00e5 grund af hans fremmede udseende og angreb ham.<\/p><p>Derp\u00e5 lod skaberen ild falde fra himlen og br\u00e6ndte landet af, indtil Cacha-indbyggerne inds\u00e5 deres skyld og bad om hans tilgivelse.<\/p><p>Det ark\u00e6ologiske fund af et vulkansk lavabed ved Raqchi\/Cacha har givet <span class=\"iwg-fachbegriff\" data-tooltip=\"En overleveret fort\u00e6lling om guder, oprindelser og verdens orden.\" tabindex=\"0\">myten<\/span> en forklarlig geologisk sammenh\u00e6ng. Sarmiento de Gamboa beretter, at inkaerne senere p\u00e5 dette sted opf\u00f8rte det store dobbelttempel med de h\u00f8je adobeskibsv\u00e6gge, hvis rester i dag stadig dominerer dalen.<\/p>\t\t\t\t\t\t\t\t<\/div>\n\t\t\t\t<\/div>\n\t\t\t\t\t<\/div>\n\t\t\t\t<\/div>\n\t\t<div class=\"elementor-element elementor-element-iwgw-viracocha-s4 e-flex e-con-boxed e-con e-parent\" data-id=\"iwgw-viracocha-s4\" data-element_type=\"container\" data-e-type=\"container\">\n\t\t\t\t\t<div class=\"e-con-inner\">\n\t\t\t\t<div class=\"elementor-element elementor-element-iwgw-viracocha-s4h elementor-widget elementor-widget-heading\" data-id=\"iwgw-viracocha-s4h\" data-element_type=\"widget\" data-e-type=\"widget\" data-widget_type=\"heading.default\">\n\t\t\t\t\t<h2 class=\"elementor-heading-title elementor-size-default\">Kult og tilbedelse<\/h2>\t\t\t\t<\/div>\n\t\t<div class=\"elementor-element elementor-element-iwgw-viracocha-s4c e-con-full e-flex e-con e-child\" data-id=\"iwgw-viracocha-s4c\" data-element_type=\"container\" data-e-type=\"container\">\n\t\t\t\t<div class=\"elementor-element elementor-element-iwgw-viracocha-s4t elementor-widget elementor-widget-text-editor\" data-id=\"iwgw-viracocha-s4t\" data-element_type=\"widget\" data-e-type=\"widget\" data-widget_type=\"text-editor.default\">\n\t\t\t\t\t\t\t\t\t<p>Den specifikke Viracocha-<span class=\"iwg-fachbegriff\" data-tooltip=\"Helheden af de religi\u00f8se tilbedelseshandlinger for en gudeskikkelse eller hellig gestalt.\" tabindex=\"0\">kult<\/span> var mindre institutionelt udpr\u00e6get end Inti-<span class=\"iwg-fachbegriff\" data-tooltip=\"Helheden af de religi\u00f8se tilbedelseshandlinger for en gudeskikkelse eller hellig gestalt.\" tabindex=\"0\">kulten<\/span>. De vigtigste kultsteder befandt sig i Coricancha i Cusco, hvor der fandtes et eget Viracocha-kammer, samt i de pr\u00e6inkaiske helligdomme i Pacaritambo, Tiwanaku og Isla del Sol.<\/p><p>Ogs\u00e5 det store kultkompleks Pachacamac ved den peruvianske Stillehavskyst blev af nogle kr\u00f8nikeskrivere tilskrevet Viracocha, selvom det snarere var den orakul\u00e6re h\u00f8jgud <a href=\"https:\/\/iwell-guard.com\/da\/?page_id=138250\">Pachakamak<\/a>, der blev tilbedt der.<\/p><p>Inkaherskeren Pachacuti (regerede 1438, 1471) betragtes if\u00f8lge Sarmiento de Gamboa som den store fremmer af Viracocha-kulten. Pachacuti skal i en vision have h\u00f8rt skaberens stemme og derp\u00e5 have opf\u00f8rt <span class=\"iwg-fachbegriff\" data-tooltip=\"En bygning, der tjener til tilbedelse af en eller flere guder.\" tabindex=\"0\">templer<\/span> b\u00e5de i Cusco og i Cacha-regionen.<\/p><p>Det ark\u00e6ologiske kompleks <em>Raqchi<\/em> ved San Pedro de Cacha med sine monumentale adobeskibsmure identificeres traditionelt som Pachacutis store Viracocha-<span class=\"iwg-fachbegriff\" data-tooltip=\"En bygning, der tjener til tilbedelse af en eller flere guder.\" tabindex=\"0\">tempel<\/span>.<\/p><p>Den rituelle offerpraksis for Viracocha omfattede lamaofre (typisk et hvidt lamahoppested, i mods\u00e6tning til det brune hoppested for Inti), afbr\u00e6nding af majs- og kokablade samt libationer af chicha. I mods\u00e6tning til Inti-<span class=\"iwg-fachbegriff\" data-tooltip=\"Helheden af de religi\u00f8se tilbedelseshandlinger for en gudeskikkelse eller hellig gestalt.\" tabindex=\"0\">kulten<\/span> var tidspunktet for dyrkelsen ikke fastlagt, da Viracocha blev t\u00e6nkt som st\u00e5ende over himmellegemerne.<\/p>\t\t\t\t\t\t\t\t<\/div>\n\t\t\t\t<\/div>\n\t\t\t\t\t<\/div>\n\t\t\t\t<\/div>\n\t\t<div class=\"elementor-element elementor-element-iwgw-viracocha-s5 e-flex e-con-boxed e-con e-parent\" data-id=\"iwgw-viracocha-s5\" data-element_type=\"container\" data-e-type=\"container\">\n\t\t\t\t\t<div class=\"e-con-inner\">\n\t\t\t\t<div class=\"elementor-element elementor-element-iwgw-viracocha-s5h elementor-widget elementor-widget-heading\" data-id=\"iwgw-viracocha-s5h\" data-element_type=\"widget\" data-e-type=\"widget\" data-widget_type=\"heading.default\">\n\t\t\t\t\t<h2 class=\"elementor-heading-title elementor-size-default\">Beskyttelsespraksis og apotrop\u00e6iske elementer<\/h2>\t\t\t\t<\/div>\n\t\t<div class=\"elementor-element elementor-element-iwgw-viracocha-s5c e-con-full e-flex e-con e-child\" data-id=\"iwgw-viracocha-s5c\" data-element_type=\"container\" data-e-type=\"container\">\n\t\t\t\t<div class=\"elementor-element elementor-element-iwgw-viracocha-s5t elementor-widget elementor-widget-text-editor\" data-id=\"iwgw-viracocha-s5t\" data-element_type=\"widget\" data-e-type=\"widget\" data-widget_type=\"text-editor.default\">\n\t\t\t\t\t\t\t\t\t<p>En specifik beskyttelsespraksis for Viracocha kan n\u00e6sten ikke spores i kilderne. Skabergudden var i den inkatidsalders <span class=\"iwg-fachbegriff\" data-tooltip=\"Den videnskabelige l\u00e6re om Gud og troen i en religion.\" tabindex=\"0\">teologi<\/span> for fjern og for almen til at kunne tilkaldes direkte i konkrete livssituationer. Den beskyttelsesrelaterede tilbedelse gjaldt snarere formidlerfigurerne, Inti, <a href=\"https:\/\/iwell-guard.com\/da\/?page_id=138252\">Illapa<\/a> og de lokale bjergherrer <em>Apu<\/em>, mens Viracocha fungerede som et bagvedliggende ordensprincip.<\/p><p>Dog n\u00e6vnes der i akterne fra <em>extirpacion de idolatrias<\/em> (1600-tallet) gentagne gange husamuletter i form af sm\u00e5 stenfigurer, kaldet <em>conopa<\/em> eller <em>illa<\/em>, som viser forbindelser til Viracocha-<span class=\"iwg-fachbegriff\" data-tooltip=\"Den videnskabelige l\u00e6re om Gud og troen i en religion.\" tabindex=\"0\">teologien<\/span>.<\/p><p>Disse stenfigurer, oftest i form af sm\u00e5 lamaer, majs- eller menneskefigurer, blev betragtet som legemligg\u00f8relser af skaberkraften, der skulle flytte ind i hjemmet og beskytte det. De blev opbevaret i de nederste lag af v\u00e6gbekl\u00e6dningen eller under ildstedet og blev p\u00e5 festdage bestr\u00f8et med lamafedt og chicha.<\/p><p>Religionsvidenskabeligt er det relevant, at denne conopa-praksis ikke var t\u00e6nkt som magisk-tvingende, men som en pleje af en relation til den skabende verdenssubstans, der var levende i huset, p\u00e5 marken og i hjorden. iWell-Guard-konteksten beskriver denne praksis som et historisk f\u00e6nomen, ikke som en anbefaling om virkning.<\/p><p>I dagens folkereligi\u00f8se praksis i de peruvianske og bolivianske h\u00f8jlandssamfund er conopa-stenfigurerne i mange tilf\u00e6lde stadig i brug under det nyere navn <em>illa<\/em>.<\/p><p>De anvendes is\u00e6r af hyrder, som opbevarer sm\u00e5 lamaer af sten eller udsk\u00e5rne alpakafigurer under d\u00f8rt\u00e6rsklen eller i sovekammeret for at sikre hjordens sundhed. Olivia Harris har i <em>Of Bread and Blood<\/em> (2000) dokumenteret den fortsatte tilstedev\u00e6relse af denne praksis i de aymariske landsbyer i Bolivia.<\/p>\t\t\t\t\t\t\t\t<\/div>\n\t\t\t\t<\/div>\n\t\t\t\t\t<\/div>\n\t\t\t\t<\/div>\n\t\t<div class=\"elementor-element elementor-element-iwgw-viracocha-s6 e-flex e-con-boxed e-con e-parent\" data-id=\"iwgw-viracocha-s6\" data-element_type=\"container\" data-e-type=\"container\">\n\t\t\t\t\t<div class=\"e-con-inner\">\n\t\t\t\t<div class=\"elementor-element elementor-element-iwgw-viracocha-s6h elementor-widget elementor-widget-heading\" data-id=\"iwgw-viracocha-s6h\" data-element_type=\"widget\" data-e-type=\"widget\" data-widget_type=\"heading.default\">\n\t\t\t\t\t<h2 class=\"elementor-heading-title elementor-size-default\">Paralleller i andre kulturer<\/h2>\t\t\t\t<\/div>\n\t\t<div class=\"elementor-element elementor-element-iwgw-viracocha-s6c e-con-full e-flex e-con e-child\" data-id=\"iwgw-viracocha-s6c\" data-element_type=\"container\" data-e-type=\"container\">\n\t\t\t\t<div class=\"elementor-element elementor-element-iwgw-viracocha-s6t elementor-widget elementor-widget-text-editor\" data-id=\"iwgw-viracocha-s6t\" data-element_type=\"widget\" data-e-type=\"widget\" data-widget_type=\"text-editor.default\">\n\t\t\t\t\t\t\t\t\t<p>Strukturelt kan Viracocha sammenlignes med andre <em>deus otiosus<\/em>-figurer i religionshistorien, alts\u00e5 med skabergudder, der efter skabelsen tr\u00e6der i baggrunden og modtager mindre direkte <span class=\"iwg-fachbegriff\" data-tooltip=\"Den samlede m\u00e6ngde religi\u00f8se tilbedelseshandlinger for en guddom eller hellig skikkelse.\" tabindex=\"0\">kult<\/span> end de yngre specialguder. Mircea Eliade har beskrevet dette m\u00f8nster for afrikanske og sibiriske religioner; Pierre Duviols og Henrique Urbano har anvendt det p\u00e5 Viracocha.<\/p><p>Besl\u00e6gtede figurer er blandt andet den gamle afrikanske h\u00f8jgud <em>Nyame<\/em> hos akanfolket, den polynesiske h\u00f8jgud <em>Io<\/em> hos maorierne eller den australsk-aboriginale <em>Baiame<\/em>. I alle disse tilf\u00e6lde m\u00f8der vi en skaber, der tilbagetrukket hviler i himlen, mens den hverdagsn\u00e6re religi\u00f8se praksis retter sig mod yngre, n\u00e6rmere guddomme.<\/p><p>Inden for Andesregionen er Viracocha n\u00e6rt besl\u00e6gtet med kystguden Pachakamak; i nogle kr\u00f8niker beskrives de to som far og s\u00f8n eller som br\u00f8dre.<\/p><p>Mary Eyzaguirre har i sit arbejde om Pachakamak-<span class=\"iwg-fachbegriff\" data-tooltip=\"Den samlede m\u00e6ngde religi\u00f8se tilbedelseshandlinger for en guddom eller hellig skikkelse.\" tabindex=\"0\">kulten<\/span> (2003) unders\u00f8gt den teologiske sammenh\u00e6ng mellem de to h\u00f8jgudder indg\u00e5ende. Sammenlignelige skabergudfigurer findes i nordamerikansk sammenh\u00e6ng blandt andet i <a href=\"https:\/\/iwell-guard.com\/da\/?page_id=138257\">Wakan Tanka<\/a> hos lakotaerne og i bedstefaderen <a href=\"https:\/\/iwell-guard.com\/da\/?page_id=138260\">Tunkasila<\/a>.<\/p><p>Den videnskabelige specialdiskussion om Viracocha har desuden rejst sp\u00f8rgsm\u00e5let om, hvorvidt Andesregionens skaberteologi b\u00f8r klassificeres som monoteistisk eller som polyteistisk.<\/p><p>Pierre Duviols har i <em>Cultura andina y represion<\/em> (1986) argumenteret for, at inkatidens <span class=\"iwg-fachbegriff\" data-tooltip=\"Den videnskabelige l\u00e6re om Gud og om troen i en religion.\" tabindex=\"0\">teologi<\/span> hverken svarer til klassisk <span class=\"iwg-fachbegriff\" data-tooltip=\"Troen p\u00e5 \u00e9n enkelt gud.\" tabindex=\"0\">monoteisme<\/span> eller klassisk <span class=\"iwg-fachbegriff\" data-tooltip=\"Troen p\u00e5 flere guder.\" tabindex=\"0\">polyteisme<\/span>, men snarere en form for <em>henoteisme<\/em>, hvor en h\u00f8jgud forbliver i baggrunden, mens talrige lavere v\u00e6sener tilbedes.<\/p><p>Denne kategori indf\u00f8rte Max Mueller i det 19. \u00e5rhundrede for den vediske hinduisme, og den kan overf\u00f8res til andinske forhold.<\/p><p>Ogs\u00e5 sammenligningen med den gammelpersiske <em>Ahura Mazda<\/em>, den mesopotamiske <em>An<\/em> eller den oldgr\u00e6ske <em>Ouranos<\/em> har sat sine spor i den videnskabelige litteratur. I alle tre tilf\u00e6lde er der tale om skaberfigurer, der strukturelt tr\u00e6der i baggrunden for yngre hovedguder (Mithra, Marduk, Zeus) og alligevel forbliver centrale i den teologisk-filosofiske refleksion.<\/p>\t\t\t\t\t\t\t\t<\/div>\n\t\t\t\t<\/div>\n\t\t\t\t\t<\/div>\n\t\t\t\t<\/div>\n\t\t<div class=\"elementor-element elementor-element-iwgw-viracocha-s7 e-flex e-con-boxed e-con e-parent\" data-id=\"iwgw-viracocha-s7\" data-element_type=\"container\" data-e-type=\"container\">\n\t\t\t\t\t<div class=\"e-con-inner\">\n\t\t\t\t<div class=\"elementor-element elementor-element-iwgw-viracocha-s7h elementor-widget elementor-widget-heading\" data-id=\"iwgw-viracocha-s7h\" data-element_type=\"widget\" data-e-type=\"widget\" data-widget_type=\"heading.default\">\n\t\t\t\t\t<h2 class=\"elementor-heading-title elementor-size-default\">Nutidig reception og forskning<\/h2>\t\t\t\t<\/div>\n\t\t<div class=\"elementor-element elementor-element-iwgw-viracocha-s7c e-con-full e-flex e-con e-child\" data-id=\"iwgw-viracocha-s7c\" data-element_type=\"container\" data-e-type=\"container\">\n\t\t\t\t<div class=\"elementor-element elementor-element-iwgw-viracocha-s7t elementor-widget elementor-widget-text-editor\" data-id=\"iwgw-viracocha-s7t\" data-element_type=\"widget\" data-e-type=\"widget\" data-widget_type=\"text-editor.default\">\n\t\t\t\t\t\t\t\t\t<p>Viracocha-<span class=\"iwg-fachbegriff\" data-tooltip=\"Den samlede m\u00e6ngde af religi\u00f8se tilbedelseshandlinger for en gud eller en hellig skikkelse.\" tabindex=\"0\">kulten<\/span> er stort set forsvundet med erobringen. Den spanske mission identificerede hurtigt skabergudden med den kristne Gud, hvilket lettede kristningen, men samtidig lod den selvst\u00e6ndige Viracocha-dyrkelse fortone sig.<\/p><p>I de moderne quechuatalende samfund i h\u00f8jlandet er <em>Wiraqucha<\/em> i dag ikke l\u00e6ngere et selvst\u00e6ndigt kultobjekt, men en betegnelse for den katolsk-kristne Gud (<em>Dios Wiraqucha<\/em>) eller for den \u00e6rv\u00e6rdige, gamle mand.<\/p><p>I den akademiske forskning har Viracocha som figur i en pre-imperial skaberteologi fortsat betydning. Henrique Urbano (<em>Wiraqocha y Ayar<\/em>, 1981), Pierre Duviols, Therese Bouysse-Cassagne og Cesar Itier har i de seneste \u00e5rtier vist, hvordan de spanske kr\u00f8nikeskrivere har l\u00e6st og delvist omformet de andinske <span class=\"iwg-fachbegriff\" data-tooltip=\"Den videnskabelige l\u00e6re om Gud og om en religions tro.\" tabindex=\"0\">teologi<\/span>-begreber gennem kristne briller.<\/p><p>Det er derfor metodisk vanskeligt at rekonstruere den genuine Viracocha fra pre-inka- og inkatiden ud fra kr\u00f8nikekilderne.<\/p><p>Ark\u00e6ologisk har <em>Staffgod<\/em>-forskningen ved Tiwanaku, Chavin (med det ber\u00f8mte Raimondi-<span class=\"iwg-fachbegriff\" data-tooltip=\"En oprejst sten- eller tr\u00e6plade med inskription eller billeder.\" tabindex=\"0\">stele<\/span>-billedv\u00e6rk) og Wari givet nye holdepunkter for en muligvis langt tilbager\u00e6kkende, kontinuerlig skabergud-tradition.<\/p><p>Sp\u00e6ndet fra Chavin (ca. 900 f.Kr.) over Tiwanaku\/Wari (ca. 500, 1000 e.Kr.) til Inka (1438, 1532) ville, hvis det bekr\u00e6ftes, v\u00e6re et af de lange sp\u00e6nd i den latinamerikanske religionshistorie.<\/p><p>En vigtig nyere forskningslinje er den ark\u00e6oastronomiske unders\u00f8gelse af forholdet mellem Viracocha og stjernehimlen. Gary Urton har i <em>At the Crossroads of the Earth and the Sky<\/em> (1981) vist, at inkaerne forstod <em>M\u00e6lkevejen<\/em> (Mayu) som en kosmisk flod, der styres af Wiraqucha gennem himlen.<\/p><p>Denne kosmologiske dybdestruktur forblev under radaren under den spanske mission og er f\u00f8rst blevet tilg\u00e6ngelig gennem den moderne etno-astronomi.<\/p>\t\t\t\t\t\t\t\t<\/div>\n\t\t\t\t<\/div>\n\t\t\t\t\t<\/div>\n\t\t\t\t<\/div>\n\t\t<div class=\"elementor-element elementor-element-iwgw-viracocha-s8 e-flex e-con-boxed e-con e-parent\" data-id=\"iwgw-viracocha-s8\" data-element_type=\"container\" data-e-type=\"container\">\n\t\t\t\t\t<div class=\"e-con-inner\">\n\t\t\t\t<div class=\"elementor-element elementor-element-iwgw-viracocha-s8h elementor-widget elementor-widget-heading\" data-id=\"iwgw-viracocha-s8h\" data-element_type=\"widget\" data-e-type=\"widget\" data-widget_type=\"heading.default\">\n\t\t\t\t\t<h2 class=\"elementor-heading-title elementor-size-default\">Litteratur og kilder<\/h2>\t\t\t\t<\/div>\n\t\t<div class=\"elementor-element elementor-element-iwgw-viracocha-s8c e-con-full e-flex e-con e-child\" data-id=\"iwgw-viracocha-s8c\" data-element_type=\"container\" data-e-type=\"container\">\n\t\t\t\t<div class=\"elementor-element elementor-element-iwgw-viracocha-s8t elementor-widget elementor-widget-text-editor\" data-id=\"iwgw-viracocha-s8t\" data-element_type=\"widget\" data-e-type=\"widget\" data-widget_type=\"text-editor.default\">\n\t\t\t\t\t\t\t\t\t<p>F\u00f8lgende udvalg lister centrale v\u00e6rker inden for andesetnologi og religionshistorie om Viracocha-sp\u00f8rgsm\u00e5let, med s\u00e6rligt fokus p\u00e5 det teologisk-filosofiske dybdelag i inkatidens religion.<\/p>\t\t\t\t\t\t\t\t<\/div>\n\t\t\t\t<\/div>\n\t\t\t\t\t<\/div>\n\t\t\t\t<\/div>\n\t\t<div class=\"elementor-element elementor-element-cp20b19ce8 e-flex e-con-boxed e-con e-parent\" data-id=\"cp20b19ce8\" data-element_type=\"container\" data-e-type=\"container\">\n\t\t\t\t\t<div class=\"e-con-inner\">\n\t\t\t\t<div class=\"elementor-element elementor-element-cp2cd2ff6b elementor-widget elementor-widget-heading\" data-id=\"cp2cd2ff6b\" data-element_type=\"widget\" data-e-type=\"widget\" data-widget_type=\"heading.default\">\n\t\t\t\t\t<h2 class=\"elementor-heading-title elementor-size-default\">Viracocha i kr\u00f8nikerne fra det 16. \u00e5rhundrede<\/h2>\t\t\t\t<\/div>\n\t\t<div class=\"elementor-element elementor-element-cp270124ee e-flex e-con-boxed e-con e-child\" data-id=\"cp270124ee\" data-element_type=\"container\" data-e-type=\"container\">\n\t\t\t\t\t<div class=\"e-con-inner\">\n\t\t\t\t<div class=\"elementor-element elementor-element-cp2c92af90 elementor-widget elementor-widget-text-editor\" data-id=\"cp2c92af90\" data-element_type=\"widget\" data-e-type=\"widget\" data-widget_type=\"text-editor.default\">\n\t\t\t\t\t\t\t\t\t<p>N\u00e6sten alt, hvad man ved om Viracocha, stammer fra spanske og mestitiske kr\u00f8niker, der blev forfattet efter erobringen af Inkariget.<\/p><p>Til de vigtigste kilder h\u00f8rer v\u00e6rkerne af Juan de Betanzos, der var gift med en kvinde af inka-adelen og skrev omkring 1551, af Pedro Cieza de Le\u00f3n, af Crist\u00f3bal de Molina fra Cusco samt det omfattende v\u00e6rk af Bernab\u00e9 Cobo fra det 17. \u00e5rhundrede.<\/p><p>Disse tekster stemmer overens i grundtr\u00e6kkene, men afviger betydeligt fra hinanden i detaljerne.<\/p><p>I kr\u00f8nikerne fremst\u00e5r Viracocha som en skabergestalt, der ved Titicacas\u00f8en frembringer verden, solen, m\u00e5nen og de f\u00f8rste mennesker og derefter vandrer gennem landet, til han til sidst forsvinder over havet.<\/p><p>Forskningen har allerede tidligt bem\u00e6rket, at denne fort\u00e6lling kan v\u00e6re st\u00e6rkt tilpasset europ\u00e6iske forestillinger. Nogle kr\u00f8nikeskrivere havde en tendens til at n\u00e6rme Viracocha til en h\u00f8jeste, n\u00e6sten monoteistisk gud, hvilket kom de missionerende interesser til gode, idet man s\u00f8gte et tilknytningspunkt for den kristne skabergud.<\/p><p>Sabine MacCormack og andre har vist, at kr\u00f8nikerne til dels stiliserede Viracocha til et abstrakt h\u00f8jeste v\u00e6sen, som m\u00e5ske ikke stod i centrum i den pr\u00e6koloniale <span class=\"iwg-fachbegriff\" data-tooltip=\"Den samlede m\u00e6ngde af religi\u00f8se \u00e6resbevisninger for en gudeskikkelse eller hellig figur.\" tabindex=\"0\">kult<\/span>. Yderligere kompliceres billedet af, at Viracocha ogs\u00e5 var navnet p\u00e5 en historisk inka-hersker, og at spanske observat\u00f8rer ikke altid skelnede rent mellem de to.<\/p><p>Den seri\u00f8se fremstilling m\u00e5 derfor betone, at det overleverede Viracocha-billede indeholder et kolonialt konstrukt, hvis pr\u00e6koloniale grundlag kun kan rekonstrueres med usikkerhed. Om den regionale religi\u00f8se praksis hos inkaerne, se ogs\u00e5 <a href=\"https:\/\/iwell-guard.com\/da\/?page_id=138247\">Inti<\/a>.<\/p>\t\t\t\t\t\t\t\t<\/div>\n\t\t\t\t\t<\/div>\n\t\t\t\t<\/div>\n\t\t\t\t\t<\/div>\n\t\t\t\t<\/div>\n\t\t<div class=\"elementor-element elementor-element-cp287f08ac e-flex e-con-boxed e-con e-parent\" data-id=\"cp287f08ac\" data-element_type=\"container\" data-e-type=\"container\">\n\t\t\t\t\t<div class=\"e-con-inner\">\n\t\t\t\t<div class=\"elementor-element elementor-element-cp286b8694 elementor-widget elementor-widget-heading\" data-id=\"cp286b8694\" data-element_type=\"widget\" data-e-type=\"widget\" data-widget_type=\"heading.default\">\n\t\t\t\t\t<h2 class=\"elementor-heading-title elementor-size-default\">Striden om Viracocha som h\u00f8jgud<\/h2>\t\t\t\t<\/div>\n\t\t<div class=\"elementor-element elementor-element-cp2779dfd9 e-flex e-con-boxed e-con e-child\" data-id=\"cp2779dfd9\" data-element_type=\"container\" data-e-type=\"container\">\n\t\t\t\t\t<div class=\"e-con-inner\">\n\t\t\t\t<div class=\"elementor-element elementor-element-cp27b87720 elementor-widget elementor-widget-text-editor\" data-id=\"cp27b87720\" data-element_type=\"widget\" data-e-type=\"widget\" data-widget_type=\"text-editor.default\">\n\t\t\t\t\t\t\t\t\t<p>En langvarig debat inden for andesforskningen kredser om sp\u00f8rgsm\u00e5let, hvorvidt Viracocha i det pr\u00e6koloniale Inkarige var en h\u00f8jgud, der stod over de \u00f8vrige guddomme.<\/p><p>I det sene 19. og tidlige 20. \u00e5rhundrede mente nogle forskere, at inkaerne under overfladen af solkulten dyrkede en abstrakt skabergud, der lignede den kristne gudsopfattelse. Denne opfattelse passede til teorier, der s\u00f8gte en tendens til <span class=\"iwg-fachbegriff\" data-tooltip=\"Troen p\u00e5 en enkelt gud.\" tabindex=\"0\">monoteisme<\/span> i h\u00f8jkulturer.<\/p><p>Senere forskning har i h\u00f8j grad nuanceret denne tolkning. Kritikere som Pierre Duviols og R. T. Zuidema p\u00e5pegede, at de kilder, der fremstiller Viracocha som den h\u00f8jeste gud, n\u00e6sten alle er p\u00e5virket af missionerende interesser.<\/p><p>I den faktisk dokumenterede <span class=\"iwg-fachbegriff\" data-tooltip=\"Den samlede m\u00e6ngde af religi\u00f8se \u00e6resbevisninger for en gudeskikkelse eller hellig figur.\" tabindex=\"0\">kult<\/span> hos inkaerne stod solguden i centrum for den statslige tilbedelse, med Coricancha i Cusco som det vigtigste <span class=\"iwg-fachbegriff\" data-tooltip=\"Et sted, der er helliget tilbedelsen af en gud.\" tabindex=\"0\">helligsted<\/span>. Viracocha havde ganske vist et <span class=\"iwg-fachbegriff\" data-tooltip=\"En bygning, der bruges til tilbedelse af en eller flere guddomme.\" tabindex=\"0\">tempel<\/span> og en <span class=\"iwg-fachbegriff\" data-tooltip=\"Den samlede m\u00e6ngde af religi\u00f8se \u00e6resbevisninger for en gudeskikkelse eller hellig figur.\" tabindex=\"0\">kult<\/span>, men hans p\u00e5st\u00e5ede overordning over alle andre guddomme er sv\u00e6r at bel\u00e6gge i kilderne.<\/p><p>Den nutidige forskning h\u00e6lder til en mellemposition. Viracocha var en betydningsfuld skaber- og ophavsfigur, hvis tilbedelse var vigtig regionalt og i visse sammenh\u00e6nge, men han var ikke centrum for et monoteistisk t\u00e6nkt system.<\/p><p>Forestillingen om Viracocha som h\u00f8jgud betragtes i dag i vid udstr\u00e6kning som et produkt af den koloniale <span class=\"iwg-fachbegriff\" data-tooltip=\"Den videnskabelige l\u00e6re om gud og om troen i en religion.\" tabindex=\"0\">teologi<\/span>, der s\u00f8gte et modstykke til sit eget gudsbillede i den andinske religion.<\/p><p>Sagen er inden for <span class=\"iwg-fachbegriff\" data-tooltip=\"Videnskaben, der udforsker religioner sammenlignende og uden trosbinding.\" tabindex=\"0\">religionsvidenskaben<\/span> et ofte n\u00e6vnt eksempel p\u00e5, hvordan missionerende interesser kan pr\u00e6ge rekonstruktionen af en udd\u00f8d religion. For fremstillingen af Viracocha betyder det, at enhver udsagn om hans rang i <span class=\"iwg-fachbegriff\" data-tooltip=\"Den samlede m\u00e6ngde af guder i en religion eller kultur.\" tabindex=\"0\">pantheonet<\/span> m\u00e5 tages med forbehold.<\/p>\t\t\t\t\t\t\t\t<\/div>\n\t\t\t\t\t<\/div>\n\t\t\t\t<\/div>\n\t\t\t\t\t<\/div>\n\t\t\t\t<\/div>\n\t\t<div class=\"elementor-element elementor-element-iwgw-viracocha-lit e-flex e-con-boxed e-con e-parent\" data-id=\"iwgw-viracocha-lit\" data-element_type=\"container\" data-e-type=\"container\">\n\t\t\t\t\t<div class=\"e-con-inner\">\n\t\t\t\t<div class=\"elementor-element elementor-element-iwgw-viracocha-lith elementor-widget elementor-widget-heading\" data-id=\"iwgw-viracocha-lith\" data-element_type=\"widget\" data-e-type=\"widget\" data-widget_type=\"heading.default\">\n\t\t\t\t\t<h2 class=\"elementor-heading-title elementor-size-default\">Litteratur (udvalg)<\/h2>\t\t\t\t<\/div>\n\t\t<div class=\"elementor-element elementor-element-iwgw-viracocha-litc e-con-full e-flex e-con e-child\" data-id=\"iwgw-viracocha-litc\" data-element_type=\"container\" data-e-type=\"container\">\n\t\t\t\t<div class=\"elementor-element elementor-element-iwgw-viracocha-litt elementor-widget elementor-widget-text-editor\" data-id=\"iwgw-viracocha-litt\" data-element_type=\"widget\" data-e-type=\"widget\" data-widget_type=\"text-editor.default\">\n\t\t\t\t\t\t\t\t\t<ul><li>Henrique Urbano: <em>Wiraqocha y Ayar<\/em> (1981)<\/li><li>Pierre Duviols: <em>La lutte contre les religions autochtones<\/em> (1971)<\/li><li>Therese Bouysse-Cassagne: <em>Lluvias y cenizas<\/em> (1988)<\/li><li>Cesar Itier: <em>Les Incas<\/em> (2008)<\/li><li>Pedro Sarmiento de Gamboa: <em>Historia indica<\/em> (1572)<\/li><li>Cristobal de Molina: <em>Relacion de las fabulas y ritos de los Incas<\/em> (1575)<\/li><li>John Janusek: <em>Ancient Tiwanaku<\/em> (2008)<\/li><\/ul>\t\t\t\t\t\t\t\t<\/div>\n\t\t\t\t<\/div>\n\t\t\t\t\t<\/div>\n\t\t\t\t<\/div>\n\t\t<div class=\"elementor-element elementor-element-iwgkw2-add-viracocha e-flex e-con-boxed e-con e-parent\" data-id=\"iwgkw2-add-viracocha\" data-element_type=\"container\" data-e-type=\"container\">\n\t\t\t\t\t<div class=\"e-con-inner\">\n\t\t\t\t<div class=\"elementor-element elementor-element-iwgkw2-add-viracocha-t elementor-widget elementor-widget-text-editor\" data-id=\"iwgkw2-add-viracocha-t\" data-element_type=\"widget\" data-e-type=\"widget\" data-widget_type=\"text-editor.default\">\n\t\t\t\t\t\t\t\t\t<p>I de andinske overleveringer anses Viracocha for at v\u00e6re en <em>kosmisk<\/em> <em>ordensstifter<\/em>, der satte solen, m\u00e5nen og stjernerne og frembragte menneskene fra vandene i Titicaca-s\u00f8en; de spanske kr\u00f8nikeskrivere Cieza de Le\u00f3n og Betanzos dokumenterer <span class=\"iwg-fachbegriff\" data-tooltip=\"Den samlede m\u00e6ngde af guder i en religion eller kultur.\" tabindex=\"0\">pantheonet<\/span>.<\/p>\t\t\t\t\t\t\t\t<\/div>\n\t\t\t\t\t<\/div>\n\t\t\t\t<\/div>\n\t\t<div class=\"elementor-element elementor-element-iwgw-viracocha-kwd e-flex e-con-boxed e-con e-parent\" data-id=\"iwgw-viracocha-kwd\" data-element_type=\"container\" data-e-type=\"container\">\n\t\t\t\t\t<div class=\"e-con-inner\">\n\t\t<div class=\"elementor-element elementor-element-iwgw-viracocha-kwdc e-con-full e-flex e-con e-child\" data-id=\"iwgw-viracocha-kwdc\" data-element_type=\"container\" data-e-type=\"container\">\n\t\t\t\t<div class=\"elementor-element elementor-element-iwgw-viracocha-kwdt elementor-widget elementor-widget-text-editor\" data-id=\"iwgw-viracocha-kwdt\" data-element_type=\"widget\" data-e-type=\"widget\" data-widget_type=\"text-editor.default\">\n\t\t\t\t\t\t\t\t\t<p><em>Relaterede n\u00f8glebegreber: Viracocha Wiraqucha Tunupa Pachayachachiq Tiwanaku Staffgod Pacaritambo Raqchi Cacha.<\/em><\/p>\t\t\t\t\t\t\t\t<\/div>\n\t\t\t\t<\/div>\n\t\t\t\t\t<\/div>\n\t\t\t\t<\/div>\n\t\t<div class=\"elementor-element elementor-element-iwgw-viracocha-cc e-flex e-con-boxed e-con e-parent\" data-id=\"iwgw-viracocha-cc\" data-element_type=\"container\" data-e-type=\"container\" id=\"iwg-cc-viracocha\">\n\t\t\t\t\t<div class=\"e-con-inner\">\n\t\t<div class=\"elementor-element elementor-element-iwgw-viracocha-ccinner e-flex e-con-boxed e-con e-parent\" data-id=\"iwgw-viracocha-ccinner\" data-element_type=\"container\" data-e-type=\"container\" data-settings=\"{&quot;background_background&quot;:&quot;classic&quot;}\">\n\t\t\t\t\t<div class=\"e-con-inner\">\n\t\t\t\t<div class=\"elementor-element elementor-element-iwgw-viracocha-cch elementor-widget elementor-widget-heading\" data-id=\"iwgw-viracocha-cch\" data-element_type=\"widget\" data-e-type=\"widget\" data-widget_type=\"heading.default\">\n\t\t\t\t\t<h2 class=\"elementor-heading-title elementor-size-default\">iWell Guard og beskyttelsestraditioner<\/h2>\t\t\t\t<\/div>\n\t\t\t\t<div class=\"elementor-element elementor-element-iwgw-viracocha-cct elementor-widget elementor-widget-text-editor\" data-id=\"iwgw-viracocha-cct\" data-element_type=\"widget\" data-e-type=\"widget\" data-widget_type=\"text-editor.default\">\n\t\t\t\t\t\t\t\t\t<div data-nosnippet=\"true\"><p>iWell Guard knytter sig til den kulturhistoriske tradition for b\u00e6rbare beskyttelsesobjekter, i traditionen fra <a href=\"https:\/\/iwell-guard.com\/da\/?page_id=138237\">Andesbjergene \/ Inka<\/a> og mange andre kulturer verden over. 41 lag, \u00e6gte guld, platin, s\u00f8lv, fremstillet i Tyskland. 30 dages returret.<\/p><\/div>\t\t\t\t\t\t\t\t<\/div>\n\t\t\t\t<div class=\"elementor-element elementor-element-iwgw-viracocha-ccb iwg-cc-button iwg-cc-cta-2026-05-13 elementor-widget elementor-widget-jet-button\" data-id=\"iwgw-viracocha-ccb\" data-element_type=\"widget\" data-e-type=\"widget\" data-widget_type=\"jet-button.default\">\n\t\t\t\t<div class=\"elementor-widget-container\">\n\t\t\t\t\t<div class=\"elementor-jet-button jet-elements\"><div class=\"jet-button__container\"><a class=\"jet-button__instance jet-button__instance--icon-left hover-effect-1\" href=\"\/ueber-iwell-guard\/?utm_source=iwell-guard.com&amp;utm_medium=info-box&amp;utm_campaign=wesen-tradition\"><div class=\"jet-button__plane jet-button__plane-normal\"><\/div><div class=\"jet-button__plane jet-button__plane-hover\"><\/div><div class=\"jet-button__state jet-button__state-normal\"><span class=\"jet-button__label\">Mere om iWell Guard<\/span><\/div><div class=\"jet-button__state jet-button__state-hover\"><span class=\"jet-button__label\">Mere om iWell Guard<\/span><\/div><\/a><\/div><\/div><style>.elementor-element.elementor-element-iwgw-viracocha-ccb .jet-button__instance{width:320px;height:56px;}.elementor-element.elementor-element-iwgw-viracocha-ccb .jet-button__state-normal .jet-button__label{text-align:center;margin:0px 0px 0px 0px;color:#1a1b20;font-family:Montserrat,sans-serif;font-size:13px;font-weight:400;letter-spacing:4px;line-height:1.714em;text-transform:uppercase;}.elementor-element.elementor-element-iwgw-viracocha-ccb .jet-button__state-hover .jet-button__label{text-align:center;margin:0px 0px 0px 0px;color:#FECC76;font-family:Montserrat,sans-serif;font-size:13px;font-weight:400;letter-spacing:4px;line-height:1.714em;text-transform:uppercase;}.elementor-element.elementor-element-iwgw-viracocha-ccb .jet-button__plane-normal{background-color:#FECC76;border-style:solid;border-color:#C99540;border-width:2px 2px 2px 2px;}.elementor-element.elementor-element-iwgw-viracocha-ccb .jet-button__plane-hover{background-color:rgba(0,0,0,0.55);border-style:solid;border-color:#FECC76;border-width:2px 2px 2px 2px;}<\/style>\t\t\t\t<\/div>\n\t\t\t\t<\/div>\n\t\t\t\t<div class=\"elementor-element elementor-element-iwgw-viracocha-ccd elementor-widget elementor-widget-text-editor\" data-id=\"iwgw-viracocha-ccd\" data-element_type=\"widget\" data-e-type=\"widget\" data-widget_type=\"text-editor.default\">\n\t\t\t\t\t\t\t\t\t<div data-nosnippet=\"true\"><p style=\"text-align:center;font-size:13px;opacity:0.7;margin-top:14px\" data-nosnippet=\"true\">Personlige erfaringer kan variere. Ikke et medicinsk produkt. Intet helbredelsesl\u00f8fte.<\/p><\/div>\t\t\t\t\t\t\t\t<\/div>\n\t\t\t\t\t<\/div>\n\t\t\t\t<\/div>\n\t\t\t\t\t<\/div>\n\t\t\t\t<\/div>\n\t\t<div class=\"elementor-element elementor-element-iwgw-viracocha-disc e-flex e-con-boxed e-con e-parent\" data-id=\"iwgw-viracocha-disc\" data-element_type=\"container\" data-e-type=\"container\">\n\t\t\t\t\t<div class=\"e-con-inner\">\n\t\t\t\t<div class=\"elementor-element elementor-element-iwgw-viracocha-discw elementor-widget elementor-widget-html\" data-id=\"iwgw-viracocha-discw\" data-element_type=\"widget\" data-e-type=\"widget\" data-widget_type=\"html.default\">\n\t\t\t\t\t<footer data-nosnippet=\"true\" class=\"iwg-disclaimer-block\"><p data-nosnippet=\"true\">iWell Guard er <strong>ikke et medicinsk produkt<\/strong> og erstatter ikke l\u00e6ge- eller psykoterapeutisk behandling. De religionsvidenskabelige indhold er en kulturhistorisk indplacering, ikke en anbefaling af spirituel praksis.<\/p><\/footer>\t\t\t\t<\/div>\n\t\t\t\t\t<\/div>\n\t\t\t\t<\/div>\n\t\t\t\t<\/div>\n\t\t","protected":false},"excerpt":{"rendered":"","protected":false},"author":3,"featured_media":2684,"parent":0,"menu_order":0,"comment_status":"closed","ping_status":"closed","template":"elementor_header_footer","meta":{"_yoast_wpseo_focuskw":"Viracocha skabergud inka","_yoast_wpseo_title":"Viracocha \u2013 inka-skabergud og myte","_yoast_wpseo_metadesc":"Viracocha, skabergud for Andesbjergene, betragtes i de tidlige kr\u00f8niker som det h\u00f8jeste v\u00e6sen f\u00f8r Inti. Religionsvidenskabelig indplacering med kult.","_yoast_wpseo_meta-robots-noindex":"","_yoast_wpseo_canonical":"","_angie_page":false,"gefaehrdungsstufe":"1","wesen_kultur":"anden-inka","wesen_klasse":"goetter","footnotes":""},"categories":[],"class_list":["post-138249","page","type-page","status-publish","has-post-thumbnail","hentry"],"yoast_head":"<!-- This site is optimized with the Yoast SEO Premium plugin v27.7 (Yoast SEO v28.3) - https:\/\/yoast.com\/product\/yoast-seo-premium-wordpress\/ -->\n<title>Viracocha \u2013 inka-skabergud og myte<\/title>\n<meta name=\"description\" content=\"Viracocha, skabergud for Andesbjergene, betragtes i de tidlige kr\u00f8niker som det h\u00f8jeste v\u00e6sen f\u00f8r Inti. Religionsvidenskabelig indplacering med kult.\" \/>\n<meta name=\"robots\" content=\"index, follow, max-snippet:-1, max-image-preview:large, max-video-preview:-1\" \/>\n<link rel=\"canonical\" href=\"https:\/\/iwell-guard.com\/da\/viracocha-skabergud-anderne\/\" \/>\n<meta property=\"og:locale\" content=\"da_DK\" \/>\n<meta property=\"og:type\" content=\"article\" \/>\n<meta property=\"og:title\" content=\"Viracocha \u2013 skabergud for Andesbjergene\" \/>\n<meta property=\"og:description\" content=\"Viracocha, skabergud for Andesbjergene, betragtes i de tidlige kr\u00f8niker som det h\u00f8jeste v\u00e6sen f\u00f8r Inti. Religionsvidenskabelig indplacering med kult.\" \/>\n<meta property=\"og:url\" content=\"https:\/\/iwell-guard.com\/da\/viracocha-skabergud-anderne\/\" \/>\n<meta property=\"og:site_name\" content=\"iWell Guard\" \/>\n<meta property=\"article:modified_time\" content=\"2026-09-03T07:55:11+00:00\" \/>\n<meta property=\"og:image\" content=\"https:\/\/iwell-guard.com\/wp-content\/uploads\/2026\/05\/goetter_anden-inka_viracocha.webp\" \/>\n\t<meta property=\"og:image:width\" content=\"1024\" \/>\n\t<meta property=\"og:image:height\" content=\"1536\" \/>\n\t<meta property=\"og:image:type\" content=\"image\/webp\" \/>\n<meta name=\"twitter:card\" content=\"summary_large_image\" \/>\n<script type=\"application\/ld+json\" class=\"yoast-schema-graph\">{\"@context\":\"https:\\\/\\\/schema.org\",\"@graph\":[{\"@type\":\"WebPage\",\"@id\":\"https:\\\/\\\/iwell-guard.com\\\/da\\\/viracocha-skabergud-anderne\\\/\",\"url\":\"https:\\\/\\\/iwell-guard.com\\\/da\\\/viracocha-skabergud-anderne\\\/\",\"name\":\"Viracocha \u2013 inka-skabergud og myte\",\"isPartOf\":{\"@id\":\"https:\\\/\\\/iwell-guard.com\\\/da\\\/#website\"},\"primaryImageOfPage\":{\"@id\":\"https:\\\/\\\/iwell-guard.com\\\/da\\\/viracocha-skabergud-anderne\\\/#primaryimage\"},\"image\":{\"@id\":\"https:\\\/\\\/iwell-guard.com\\\/da\\\/viracocha-skabergud-anderne\\\/#primaryimage\"},\"thumbnailUrl\":\"https:\\\/\\\/iwell-guard.com\\\/wp-content\\\/uploads\\\/2026\\\/05\\\/goetter_anden-inka_viracocha.webp\",\"datePublished\":\"2026-09-03T07:07:36+00:00\",\"dateModified\":\"2026-09-03T07:55:11+00:00\",\"description\":\"Viracocha, skabergud for Andesbjergene, betragtes i de tidlige kr\u00f8niker som det h\u00f8jeste v\u00e6sen f\u00f8r Inti. Religionsvidenskabelig indplacering med kult.\",\"breadcrumb\":{\"@id\":\"https:\\\/\\\/iwell-guard.com\\\/da\\\/viracocha-skabergud-anderne\\\/#breadcrumb\"},\"inLanguage\":\"da-DK\",\"potentialAction\":[{\"@type\":\"ReadAction\",\"target\":[\"https:\\\/\\\/iwell-guard.com\\\/da\\\/viracocha-skabergud-anderne\\\/\"]}]},{\"@type\":\"ImageObject\",\"inLanguage\":\"da-DK\",\"@id\":\"https:\\\/\\\/iwell-guard.com\\\/da\\\/viracocha-skabergud-anderne\\\/#primaryimage\",\"url\":\"https:\\\/\\\/iwell-guard.com\\\/wp-content\\\/uploads\\\/2026\\\/05\\\/goetter_anden-inka_viracocha.webp\",\"contentUrl\":\"https:\\\/\\\/iwell-guard.com\\\/wp-content\\\/uploads\\\/2026\\\/05\\\/goetter_anden-inka_viracocha.webp\",\"width\":1024,\"height\":1536,\"caption\":\"Guder fra den ande-inkaiske tradition.\"},{\"@type\":\"BreadcrumbList\",\"@id\":\"https:\\\/\\\/iwell-guard.com\\\/da\\\/viracocha-skabergud-anderne\\\/#breadcrumb\",\"itemListElement\":[{\"@type\":\"ListItem\",\"position\":1,\"name\":\"Start\",\"item\":\"https:\\\/\\\/iwell-guard.com\\\/da\\\/?page_id=137908\"},{\"@type\":\"ListItem\",\"position\":2,\"name\":\"Viracocha \u2013 skabergud for Andesbjergene\"}]},{\"@type\":\"WebSite\",\"@id\":\"https:\\\/\\\/iwell-guard.com\\\/da\\\/#website\",\"url\":\"https:\\\/\\\/iwell-guard.com\\\/da\\\/\",\"name\":\"iWell Guard\",\"description\":\"Schutz vor dunklen Einfl\u00fcssen\",\"publisher\":{\"@id\":\"https:\\\/\\\/iwell-guard.com\\\/da\\\/#organization\"},\"potentialAction\":[{\"@type\":\"SearchAction\",\"target\":{\"@type\":\"EntryPoint\",\"urlTemplate\":\"https:\\\/\\\/iwell-guard.com\\\/da\\\/?s={search_term_string}\"},\"query-input\":{\"@type\":\"PropertyValueSpecification\",\"valueRequired\":true,\"valueName\":\"search_term_string\"}}],\"inLanguage\":\"da-DK\"},{\"@type\":\"Organization\",\"@id\":\"https:\\\/\\\/iwell-guard.com\\\/da\\\/#organization\",\"name\":\"Ittermann electronic GmbH\",\"url\":\"https:\\\/\\\/iwell-guard.com\\\/da\\\/\",\"logo\":{\"@type\":\"ImageObject\",\"inLanguage\":\"da-DK\",\"@id\":\"https:\\\/\\\/iwell-guard.com\\\/da\\\/#\\\/schema\\\/logo\\\/image\\\/\",\"url\":\"https:\\\/\\\/iwell-guard.com\\\/wp-content\\\/uploads\\\/2026\\\/05\\\/Ittermann-Logo-1182x237-1.png\",\"contentUrl\":\"https:\\\/\\\/iwell-guard.com\\\/wp-content\\\/uploads\\\/2026\\\/05\\\/Ittermann-Logo-1182x237-1.png\",\"width\":1182,\"height\":237,\"caption\":\"Ittermann electronic GmbH\"},\"image\":{\"@id\":\"https:\\\/\\\/iwell-guard.com\\\/da\\\/#\\\/schema\\\/logo\\\/image\\\/\"},\"sameAs\":[\"https:\\\/\\\/pantip.com\\\/profile\\\/9367242\",\"https:\\\/\\\/micro.blog\\\/iwellguard\",\"https:\\\/\\\/www.diggerslist.com\\\/iwellguard\\\/about\",\"https:\\\/\\\/skitterphoto.com\\\/photographers\\\/2870314\\\/iwell-guard\",\"https:\\\/\\\/iwellguard.wordpress.com\\\/2026\\\/06\\\/06\\\/iwell-guard\\\/\",\"https:\\\/\\\/hub.docker.com\\\/u\\\/iwellguard\",\"https:\\\/\\\/www.pinterest.com\\\/iwellguard\\\/\",\"https:\\\/\\\/bit.ly\\\/m\\\/iwellguard\",\"https:\\\/\\\/entre-vos-mains.alsace.eu\\\/profiles\\\/iwellguard\\\/activity\",\"https:\\\/\\\/gravatar.com\\\/reallybeded8fd34\",\"https:\\\/\\\/naijamatta.com\\\/iwellguard\",\"https:\\\/\\\/www.goodreads.com\\\/iwellguard\",\"https:\\\/\\\/profile.hatena.ne.jp\\\/iwellguard\\\/\",\"https:\\\/\\\/experiment.com\\\/users\\\/iwellguard\",\"https:\\\/\\\/wakelet.com\\\/@iWellGuard82270\",\"https:\\\/\\\/www.chordie.com\\\/forum\\\/profile.php?id=2555664\",\"https:\\\/\\\/www.instapaper.com\\\/p\\\/17757966\",\"https:\\\/\\\/www.mapleprimes.com\\\/users\\\/iwellguard\",\"https:\\\/\\\/businesslistingplus.com\\\/profile\\\/iwell-guard\\\/\",\"https:\\\/\\\/telegra.ph\\\/iWell-Guard-06-06\",\"https:\\\/\\\/pbase.com\\\/iwellguard\\\/iwellguard\",\"https:\\\/\\\/b.hatena.ne.jp\\\/iwellguard\\\/20260607#bookmark-4788405196491818882\",\"https:\\\/\\\/fliphtml5.com\\\/home\\\/iwellguard\",\"https:\\\/\\\/anyflip.com\\\/homepage\\\/cmiwl#About\",\"https:\\\/\\\/transfur.com\\\/Users\\\/iwellguard\",\"http:\\\/\\\/delphi.larsbo.org\\\/user\\\/iwellguard\",\"https:\\\/\\\/jobs.lajobsportal.org\\\/profiles\\\/8380803-iwell-guard\",\"https:\\\/\\\/md.chaosdorf.de\\\/s\\\/jfbe5SBdJD\",\"https:\\\/\\\/www.lingvolive.com\\\/en-us\\\/profile\\\/9ecaeaca-ce11-4e51-9e71-01d55e2bff36\\\/translations\",\"https:\\\/\\\/www.fitday.com\\\/fitness\\\/forums\\\/members\\\/iwellguard.html\",\"https:\\\/\\\/www.mymeetbook.com\\\/iwellguard\",\"https:\\\/\\\/pxhere.com\\\/en\\\/photographer-me\\\/5040798\",\"https:\\\/\\\/disqus.com\\\/by\\\/iwellguard\\\/about\\\/\",\"https:\\\/\\\/pastelink.net\\\/hjwciqwq\",\"https:\\\/\\\/pubhtml5.com\\\/homepage\\\/scjhn\\\/\",\"https:\\\/\\\/www.bitchute.com\\\/channel\\\/2O2eOKzNqujT\",\"https:\\\/\\\/audiomack.com\\\/iwellguard\"]},{\"@type\":\"Article\",\"@id\":\"https:\\\/\\\/iwell-guard.com\\\/da\\\/viracocha-skabergud-anderne\\\/#article\",\"isPartOf\":{\"@id\":\"https:\\\/\\\/iwell-guard.com\\\/da\\\/viracocha-skabergud-anderne\\\/\"},\"author\":{\"name\":\"Ralf Ittermann\",\"@id\":\"https:\\\/\\\/iwell-guard.com\\\/da\\\/#\\\/schema\\\/person\\\/ee2a27f1cac3406c7c6fb5820cb7349f\"},\"headline\":\"Viracocha \u2013 skabergud for Andesbjergene\",\"datePublished\":\"2026-09-03T07:07:36+00:00\",\"dateModified\":\"2026-09-03T07:55:11+00:00\",\"mainEntityOfPage\":{\"@id\":\"https:\\\/\\\/iwell-guard.com\\\/da\\\/viracocha-skabergud-anderne\\\/\"},\"publisher\":{\"@id\":\"https:\\\/\\\/iwell-guard.com\\\/da\\\/#organization\"},\"image\":{\"@id\":\"https:\\\/\\\/iwell-guard.com\\\/da\\\/viracocha-skabergud-anderne\\\/#primaryimage\"},\"thumbnailUrl\":\"https:\\\/\\\/iwell-guard.com\\\/wp-content\\\/uploads\\\/2026\\\/05\\\/goetter_anden-inka_viracocha.webp\",\"inLanguage\":\"da-DK\",\"description\":\"Viracocha, skabergud for Andesbjergene, betragtes i de tidlige kr\u00f8niker som det h\u00f8jeste v\u00e6sen f\u00f8r Inti. Religionsvidenskabelig indplacering med kult.\"}]}<\/script>\n<!-- \/ Yoast SEO Premium plugin. -->","yoast_head_json":{"title":"Viracocha \u2013 inka-skabergud og myte","description":"Viracocha, skabergud for Andesbjergene, betragtes i de tidlige kr\u00f8niker som det h\u00f8jeste v\u00e6sen f\u00f8r Inti. Religionsvidenskabelig indplacering med kult.","robots":{"index":"index","follow":"follow","max-snippet":"max-snippet:-1","max-image-preview":"max-image-preview:large","max-video-preview":"max-video-preview:-1"},"canonical":"https:\/\/iwell-guard.com\/da\/viracocha-skabergud-anderne\/","og_locale":"da_DK","og_type":"article","og_title":"Viracocha \u2013 skabergud for Andesbjergene","og_description":"Viracocha, skabergud for Andesbjergene, betragtes i de tidlige kr\u00f8niker som det h\u00f8jeste v\u00e6sen f\u00f8r Inti. Religionsvidenskabelig indplacering med kult.","og_url":"https:\/\/iwell-guard.com\/da\/viracocha-skabergud-anderne\/","og_site_name":"iWell Guard","article_modified_time":"2026-09-03T07:55:11+00:00","og_image":[{"width":1024,"height":1536,"url":"https:\/\/iwell-guard.com\/wp-content\/uploads\/2026\/05\/goetter_anden-inka_viracocha.webp","type":"image\/webp"}],"twitter_card":"summary_large_image","schema":{"@context":"https:\/\/schema.org","@graph":[{"@type":"Article","@id":"https:\/\/iwell-guard.com\/da\/viracocha-skabergud-anderne\/#article","isPartOf":{"@id":"https:\/\/iwell-guard.com\/da\/viracocha-skabergud-anderne\/"},"author":{"name":"Ralf Ittermann","@id":"https:\/\/iwell-guard.com\/da\/#\/schema\/person\/ee2a27f1cac3406c7c6fb5820cb7349f"},"headline":"Viracocha \u2013 skabergud for Andesbjergene","datePublished":"2026-09-03T07:07:36+00:00","dateModified":"2026-09-03T07:55:11+00:00","mainEntityOfPage":{"@id":"https:\/\/iwell-guard.com\/da\/viracocha-skabergud-anderne\/"},"publisher":{"@id":"https:\/\/iwell-guard.com\/da\/#organization"},"image":{"@id":"https:\/\/iwell-guard.com\/da\/viracocha-skabergud-anderne\/#primaryimage"},"thumbnailUrl":"https:\/\/iwell-guard.com\/wp-content\/uploads\/2026\/05\/goetter_anden-inka_viracocha.webp","inLanguage":"da-DK","description":"Viracocha, skabergud for Andesbjergene, betragtes i de tidlige kr\u00f8niker som det h\u00f8jeste v\u00e6sen f\u00f8r Inti. Religionsvidenskabelig indplacering med kult."},{"@type":"WebPage","@id":"https:\/\/iwell-guard.com\/da\/viracocha-skabergud-anderne\/","url":"https:\/\/iwell-guard.com\/da\/viracocha-skabergud-anderne\/","name":"Viracocha \u2013 inka-skabergud og myte","isPartOf":{"@id":"https:\/\/iwell-guard.com\/da\/#website"},"primaryImageOfPage":{"@id":"https:\/\/iwell-guard.com\/da\/viracocha-skabergud-anderne\/#primaryimage"},"image":{"@id":"https:\/\/iwell-guard.com\/da\/viracocha-skabergud-anderne\/#primaryimage"},"thumbnailUrl":"https:\/\/iwell-guard.com\/wp-content\/uploads\/2026\/05\/goetter_anden-inka_viracocha.webp","datePublished":"2026-09-03T07:07:36+00:00","dateModified":"2026-09-03T07:55:11+00:00","description":"Viracocha, skabergud for Andesbjergene, betragtes i de tidlige kr\u00f8niker som det h\u00f8jeste v\u00e6sen f\u00f8r Inti. Religionsvidenskabelig indplacering med kult.","breadcrumb":{"@id":"https:\/\/iwell-guard.com\/da\/viracocha-skabergud-anderne\/#breadcrumb"},"inLanguage":"da-DK","potentialAction":[{"@type":"ReadAction","target":["https:\/\/iwell-guard.com\/da\/viracocha-skabergud-anderne\/"]}]},{"@type":"ImageObject","inLanguage":"da-DK","@id":"https:\/\/iwell-guard.com\/da\/viracocha-skabergud-anderne\/#primaryimage","url":"https:\/\/iwell-guard.com\/wp-content\/uploads\/2026\/05\/goetter_anden-inka_viracocha.webp","contentUrl":"https:\/\/iwell-guard.com\/wp-content\/uploads\/2026\/05\/goetter_anden-inka_viracocha.webp","width":1024,"height":1536,"caption":"Guder fra den ande-inkaiske tradition."},{"@type":"BreadcrumbList","@id":"https:\/\/iwell-guard.com\/da\/viracocha-skabergud-anderne\/#breadcrumb","itemListElement":[{"@type":"ListItem","position":1,"name":"Start","item":"https:\/\/iwell-guard.com\/da\/?page_id=137908"},{"@type":"ListItem","position":2,"name":"Viracocha \u2013 skabergud for Andesbjergene"}]},{"@type":"WebSite","@id":"https:\/\/iwell-guard.com\/da\/#website","url":"https:\/\/iwell-guard.com\/da\/","name":"iWell Guard","description":"Schutz vor dunklen Einfl\u00fcssen","publisher":{"@id":"https:\/\/iwell-guard.com\/da\/#organization"},"potentialAction":[{"@type":"SearchAction","target":{"@type":"EntryPoint","urlTemplate":"https:\/\/iwell-guard.com\/da\/?s={search_term_string}"},"query-input":{"@type":"PropertyValueSpecification","valueRequired":true,"valueName":"search_term_string"}}],"inLanguage":"da-DK"},{"@type":"Organization","@id":"https:\/\/iwell-guard.com\/da\/#organization","name":"Ittermann electronic GmbH","url":"https:\/\/iwell-guard.com\/da\/","logo":{"@type":"ImageObject","inLanguage":"da-DK","@id":"https:\/\/iwell-guard.com\/da\/#\/schema\/logo\/image\/","url":"https:\/\/iwell-guard.com\/wp-content\/uploads\/2026\/05\/Ittermann-Logo-1182x237-1.png","contentUrl":"https:\/\/iwell-guard.com\/wp-content\/uploads\/2026\/05\/Ittermann-Logo-1182x237-1.png","width":1182,"height":237,"caption":"Ittermann electronic GmbH"},"image":{"@id":"https:\/\/iwell-guard.com\/da\/#\/schema\/logo\/image\/"},"sameAs":["https:\/\/pantip.com\/profile\/9367242","https:\/\/micro.blog\/iwellguard","https:\/\/www.diggerslist.com\/iwellguard\/about","https:\/\/skitterphoto.com\/photographers\/2870314\/iwell-guard","https:\/\/iwellguard.wordpress.com\/2026\/06\/06\/iwell-guard\/","https:\/\/hub.docker.com\/u\/iwellguard","https:\/\/www.pinterest.com\/iwellguard\/","https:\/\/bit.ly\/m\/iwellguard","https:\/\/entre-vos-mains.alsace.eu\/profiles\/iwellguard\/activity","https:\/\/gravatar.com\/reallybeded8fd34","https:\/\/naijamatta.com\/iwellguard","https:\/\/www.goodreads.com\/iwellguard","https:\/\/profile.hatena.ne.jp\/iwellguard\/","https:\/\/experiment.com\/users\/iwellguard","https:\/\/wakelet.com\/@iWellGuard82270","https:\/\/www.chordie.com\/forum\/profile.php?id=2555664","https:\/\/www.instapaper.com\/p\/17757966","https:\/\/www.mapleprimes.com\/users\/iwellguard","https:\/\/businesslistingplus.com\/profile\/iwell-guard\/","https:\/\/telegra.ph\/iWell-Guard-06-06","https:\/\/pbase.com\/iwellguard\/iwellguard","https:\/\/b.hatena.ne.jp\/iwellguard\/20260607#bookmark-4788405196491818882","https:\/\/fliphtml5.com\/home\/iwellguard","https:\/\/anyflip.com\/homepage\/cmiwl#About","https:\/\/transfur.com\/Users\/iwellguard","http:\/\/delphi.larsbo.org\/user\/iwellguard","https:\/\/jobs.lajobsportal.org\/profiles\/8380803-iwell-guard","https:\/\/md.chaosdorf.de\/s\/jfbe5SBdJD","https:\/\/www.lingvolive.com\/en-us\/profile\/9ecaeaca-ce11-4e51-9e71-01d55e2bff36\/translations","https:\/\/www.fitday.com\/fitness\/forums\/members\/iwellguard.html","https:\/\/www.mymeetbook.com\/iwellguard","https:\/\/pxhere.com\/en\/photographer-me\/5040798","https:\/\/disqus.com\/by\/iwellguard\/about\/","https:\/\/pastelink.net\/hjwciqwq","https:\/\/pubhtml5.com\/homepage\/scjhn\/","https:\/\/www.bitchute.com\/channel\/2O2eOKzNqujT","https:\/\/audiomack.com\/iwellguard"]},{"@type":"Person","@id":"https:\/\/iwell-guard.com\/da\/#\/schema\/person\/ee2a27f1cac3406c7c6fb5820cb7349f","name":"Ralf Ittermann","image":{"@type":"ImageObject","inLanguage":"da-DK","@id":"https:\/\/secure.gravatar.com\/avatar\/073c0153e350a5005b68eb752b445fea71f6b24a26da9449ad7e155e6b446c9d?s=96&d=mm&r=g","url":"https:\/\/secure.gravatar.com\/avatar\/073c0153e350a5005b68eb752b445fea71f6b24a26da9449ad7e155e6b446c9d?s=96&d=mm&r=g","contentUrl":"https:\/\/secure.gravatar.com\/avatar\/073c0153e350a5005b68eb752b445fea71f6b24a26da9449ad7e155e6b446c9d?s=96&d=mm&r=g","caption":"Ralf Ittermann"},"givenName":"Ralf","familyName":"Ittermann","jobTitle":"Gesch\u00e4ftsf\u00fchrer und redaktioneller Verantwortlicher","url":"https:\/\/iwell-guard.com\/da\/author\/claude\/","description":"Ralf Ittermann ist Gesch\u00e4ftsf\u00fchrer der Ittermann electronic GmbH und redaktioneller Verantwortlicher des iWell-Guard-Lexikons. Er verbindet langj\u00e4hrige Erfahrung in der Pr\u00e4zisionsfertigung mit medialer Praxis und religionsgeschichtlicher Quellenarbeit.","worksFor":{"@type":"Organization","name":"Ittermann electronic GmbH","url":"https:\/\/ittermann.de\/","address":{"@type":"PostalAddress","streetAddress":"K\u00f6hlergasse 16-18","postalCode":"99842","addressLocality":"Ruhla","addressCountry":"DE"}},"knowsAbout":["Religionsgeschichte","Mythologie","Mediale Praxis","Energetische Diagnostik","Schutzpraxis","Volksglauben","Westliche Esoterik"]},{"@type":"Article","@id":"https:\/\/iwell-guard.com\/da\/viracocha-skabergud-anderne\/#article","isPartOf":{"@id":"https:\/\/iwell-guard.com\/da\/viracocha-skabergud-anderne\/"},"author":{"name":"Ralf Ittermann","@id":"https:\/\/iwell-guard.com\/da\/#\/schema\/person\/ee2a27f1cac3406c7c6fb5820cb7349f"},"headline":"Viracocha \u2013 skabergud for Andesbjergene","datePublished":"2026-09-03T07:07:36+00:00","dateModified":"2026-09-03T07:55:11+00:00","mainEntityOfPage":{"@id":"https:\/\/iwell-guard.com\/da\/viracocha-skabergud-anderne\/"},"publisher":{"@id":"https:\/\/iwell-guard.com\/da\/#organization"},"image":{"@id":"https:\/\/iwell-guard.com\/da\/viracocha-skabergud-anderne\/#primaryimage"},"thumbnailUrl":"https:\/\/iwell-guard.com\/wp-content\/uploads\/2026\/05\/goetter_anden-inka_viracocha.webp","inLanguage":"da-DK","description":"Viracocha, skabergud for Andesbjergene, betragtes i de tidlige kr\u00f8niker som det h\u00f8jeste v\u00e6sen f\u00f8r Inti. Religionsvidenskabelig indplacering med kult."}]}},"_links":{"self":[{"href":"https:\/\/iwell-guard.com\/da\/wp-json\/wp\/v2\/pages\/138249","targetHints":{"allow":["GET"]}}],"collection":[{"href":"https:\/\/iwell-guard.com\/da\/wp-json\/wp\/v2\/pages"}],"about":[{"href":"https:\/\/iwell-guard.com\/da\/wp-json\/wp\/v2\/types\/page"}],"author":[{"embeddable":true,"href":"https:\/\/iwell-guard.com\/da\/wp-json\/wp\/v2\/users\/3"}],"replies":[{"embeddable":true,"href":"https:\/\/iwell-guard.com\/da\/wp-json\/wp\/v2\/comments?post=138249"}],"version-history":[{"count":0,"href":"https:\/\/iwell-guard.com\/da\/wp-json\/wp\/v2\/pages\/138249\/revisions"}],"wp:featuredmedia":[{"embeddable":true,"href":"https:\/\/iwell-guard.com\/da\/wp-json\/wp\/v2\/media\/2684"}],"wp:attachment":[{"href":"https:\/\/iwell-guard.com\/da\/wp-json\/wp\/v2\/media?parent=138249"}],"wp:term":[{"taxonomy":"category","embeddable":true,"href":"https:\/\/iwell-guard.com\/da\/wp-json\/wp\/v2\/categories?post=138249"}],"curies":[{"name":"wp","href":"https:\/\/api.w.org\/{rel}","templated":true}]}}