{"id":138247,"date":"2026-09-03T07:07:36","date_gmt":"2026-09-03T07:07:36","guid":{"rendered":"https:\/\/iwell-guard.com\/?page_id=138247"},"modified":"2026-09-03T07:55:06","modified_gmt":"2026-09-03T07:55:06","slug":"inti-solguden-for-inkaerne","status":"publish","type":"page","link":"https:\/\/iwell-guard.com\/da\/inti-solguden-for-inkaerne\/","title":{"rendered":"Inti \u2013 solguden for inkaerne"},"content":{"rendered":"\t\t<div data-elementor-type=\"wp-page\" data-elementor-id=\"138247\" class=\"elementor elementor-138247 elementor-2574 elementor-bc-flex-widget\" data-elementor-post-type=\"page\">\n\t\t\t\t<div class=\"elementor-element elementor-element-iwgw-inti-hero e-flex e-con-boxed e-con e-parent\" data-id=\"iwgw-inti-hero\" data-element_type=\"container\" data-e-type=\"container\" data-settings=\"{&quot;background_background&quot;:&quot;classic&quot;}\">\n\t\t\t\t\t<div class=\"e-con-inner\">\n\t\t<div class=\"elementor-element elementor-element-iwgw-inti-hl e-flex e-con-boxed e-con e-child\" data-id=\"iwgw-inti-hl\" data-element_type=\"container\" data-e-type=\"container\">\n\t\t\t\t\t<div class=\"e-con-inner\">\n\t\t<div class=\"elementor-element elementor-element-iwgw-inti-htxt e-con-full e-flex e-con e-child\" data-id=\"iwgw-inti-htxt\" data-element_type=\"container\" data-e-type=\"container\">\n\t\t\t\t<div class=\"elementor-element elementor-element-iwgw-inti-h1 elementor-widget elementor-widget-heading\" data-id=\"iwgw-inti-h1\" data-element_type=\"widget\" data-e-type=\"widget\" data-widget_type=\"heading.default\">\n\t\t\t\t\t<h1 class=\"elementor-heading-title elementor-size-default\">Inti, solgud for inkaerne og stamfader til herskerdynastiet<\/h1>\t\t\t\t<\/div>\n\t\t\t\t<div class=\"elementor-element elementor-element-iwgw-inti-lead elementor-widget elementor-widget-text-editor\" data-id=\"iwgw-inti-lead\" data-element_type=\"widget\" data-e-type=\"widget\" data-widget_type=\"text-editor.default\">\n\t\t\t\t\t\t\t\t\t<p>Inti, solguden for inkaerne, betragtes som far til herskerdynastiet og st\u00e5r i centrum for den store solfest Inti Raymi. Hans <span class=\"iwg-fachbegriff\" data-tooltip=\"Den samlede m\u00e6ngde af religi\u00f8se dyrkelseshandlinger for en gud eller hellig skikkelse.\" tabindex=\"0\">kult<\/span> er en central del af andisk religionshistorie og blev officielt oph\u00f8jet til statsreligion af Inka-riget.<\/p>\t\t\t\t\t\t\t\t<\/div>\n\t\t\t\t<\/div>\n\t\t<div class=\"elementor-element elementor-element-iwgw-inti-pillc e-con-full e-flex e-con e-child\" data-id=\"iwgw-inti-pillc\" data-element_type=\"container\" data-e-type=\"container\">\n\t\t\t\t<div class=\"elementor-element elementor-element-iwgw-inti-pills elementor-widget elementor-widget-html\" data-id=\"iwgw-inti-pills\" data-element_type=\"widget\" data-e-type=\"widget\" data-widget_type=\"html.default\">\n\t\t\t\t\t<div class=\"iwg-pill-row\"><span class=\"iwg-klasse-badge\" tabindex=\"0\" data-tooltip=\"Gud fra traditionen Andes \/ inka.\">Gud<\/span><a href=\"https:\/\/iwell-guard.com\/da\/?page_id=138237\" class=\"iwg-kultur-badge\" tabindex=\"0\" data-tooltip=\"Mytologi fra traditionen Andes \/ inka.\">Andes \/ inka<\/a><span class=\"iwg-tradition-badge\" tabindex=\"0\" data-tooltip=\"H\u00f8jgud.\">H\u00f8jgud<\/span><\/div>\t\t\t\t<\/div>\n\t\t\t\t<\/div>\n\t\t<div class=\"elementor-element elementor-element-iwgw-inti-tocc e-con-full e-flex e-con e-child\" data-id=\"iwgw-inti-tocc\" data-element_type=\"container\" data-e-type=\"container\">\n\t\t\t\t<div class=\"elementor-element elementor-element-iwgw-inti-toc elementor-toc--minimized-on-tablet elementor-widget elementor-widget-table-of-contents\" data-id=\"iwgw-inti-toc\" data-element_type=\"widget\" data-e-type=\"widget\" data-settings=\"{&quot;headings_by_tags&quot;:[&quot;h2&quot;,&quot;h3&quot;],&quot;minimize_box&quot;:&quot;yes&quot;,&quot;marker_view&quot;:&quot;bullets&quot;,&quot;no_headings_message&quot;:&quot;Der blev ikke fundet nogen overskrifter p\\u00e5 denne side.&quot;,&quot;exclude_headings_by_selector&quot;:[],&quot;icon&quot;:{&quot;value&quot;:&quot;fas fa-circle&quot;,&quot;library&quot;:&quot;fa-solid&quot;,&quot;rendered_tag&quot;:&quot;&lt;svg class=\\&quot;e-font-icon-svg e-fas-circle\\&quot; viewBox=\\&quot;0 0 512 512\\&quot; xmlns=\\&quot;http:\\\/\\\/www.w3.org\\\/2000\\\/svg\\&quot;&gt;&lt;path d=\\&quot;M256 8C119 8 8 119 8 256s111 248 248 248 248-111 248-248S393 8 256 8z\\&quot;&gt;&lt;\\\/path&gt;&lt;\\\/svg&gt;&quot;},&quot;minimized_on&quot;:&quot;tablet&quot;,&quot;hierarchical_view&quot;:&quot;yes&quot;,&quot;min_height&quot;:{&quot;unit&quot;:&quot;px&quot;,&quot;size&quot;:&quot;&quot;,&quot;sizes&quot;:[]},&quot;min_height_tablet&quot;:{&quot;unit&quot;:&quot;px&quot;,&quot;size&quot;:&quot;&quot;,&quot;sizes&quot;:[]},&quot;min_height_mobile&quot;:{&quot;unit&quot;:&quot;px&quot;,&quot;size&quot;:&quot;&quot;,&quot;sizes&quot;:[]}}\" data-widget_type=\"table-of-contents.default\">\n\t\t\t\t\t\t\t\t\t<div class=\"elementor-toc__header\">\n\t\t\t\t\t\t<h2 class=\"elementor-toc__header-title\">\n\t\t\t\tIndholdsfortegnelse\t\t\t<\/h2>\n\t\t\t\t\t\t\t\t\t\t<div class=\"elementor-toc__toggle-button elementor-toc__toggle-button--expand\" role=\"button\" tabindex=\"0\" aria-controls=\"elementor-toc__iwgw-inti-toc\" aria-expanded=\"true\" aria-label=\"Open table of contents\"><svg aria-hidden=\"true\" class=\"e-font-icon-svg e-fas-chevron-down\" viewBox=\"0 0 448 512\" xmlns=\"http:\/\/www.w3.org\/2000\/svg\"><path d=\"M207.029 381.476L12.686 187.132c-9.373-9.373-9.373-24.569 0-33.941l22.667-22.667c9.357-9.357 24.522-9.375 33.901-.04L224 284.505l154.745-154.021c9.379-9.335 24.544-9.317 33.901.04l22.667 22.667c9.373 9.373 9.373 24.569 0 33.941L240.971 381.476c-9.373 9.372-24.569 9.372-33.942 0z\"><\/path><\/svg><\/div>\n\t\t\t\t<div class=\"elementor-toc__toggle-button elementor-toc__toggle-button--collapse\" role=\"button\" tabindex=\"0\" aria-controls=\"elementor-toc__iwgw-inti-toc\" aria-expanded=\"true\" aria-label=\"Close table of contents\"><svg aria-hidden=\"true\" class=\"e-font-icon-svg e-fas-chevron-up\" viewBox=\"0 0 448 512\" xmlns=\"http:\/\/www.w3.org\/2000\/svg\"><path d=\"M240.971 130.524l194.343 194.343c9.373 9.373 9.373 24.569 0 33.941l-22.667 22.667c-9.357 9.357-24.522 9.375-33.901.04L224 227.495 69.255 381.516c-9.379 9.335-24.544 9.317-33.901-.04l-22.667-22.667c-9.373-9.373-9.373-24.569 0-33.941L207.03 130.525c9.372-9.373 24.568-9.373 33.941-.001z\"><\/path><\/svg><\/div>\n\t\t\t\t\t<\/div>\n\t\t\t\t<div id=\"elementor-toc__iwgw-inti-toc\" class=\"elementor-toc__body\">\n\t\t\t<div class=\"elementor-toc__spinner-container\">\n\t\t\t\t<svg class=\"elementor-toc__spinner eicon-animation-spin e-font-icon-svg e-eicon-loading\" aria-hidden=\"true\" viewBox=\"0 0 1000 1000\" xmlns=\"http:\/\/www.w3.org\/2000\/svg\"><path d=\"M500 975V858C696 858 858 696 858 500S696 142 500 142 142 304 142 500H25C25 237 238 25 500 25S975 237 975 500 763 975 500 975Z\"><\/path><\/svg>\t\t\t<\/div>\n\t\t<\/div>\n\t\t\t\t\t\t<\/div>\n\t\t\t\t<\/div>\n\t\t\t\t\t<\/div>\n\t\t\t\t<\/div>\n\t\t<div class=\"elementor-element elementor-element-iwgw-inti-hr e-con-full e-flex e-con e-child\" data-id=\"iwgw-inti-hr\" data-element_type=\"container\" data-e-type=\"container\">\n\t\t\t\t<div class=\"elementor-element elementor-element-iwgw-inti-heroimg iwg-hero-image elementor-widget elementor-widget-image\" data-id=\"iwgw-inti-heroimg\" data-element_type=\"widget\" data-e-type=\"widget\" data-widget_type=\"image.default\">\n\t\t\t\t\t\t\t\t\t\t\t\t\t\t\t<img fetchpriority=\"high\" decoding=\"async\" width=\"683\" height=\"1024\" src=\"https:\/\/iwell-guard.com\/wp-content\/uploads\/2026\/05\/goetter_anden-inka_inti-683x1024.webp\" class=\"attachment-large size-large wp-image-140191\" alt=\"Inti \u2013 guder fra Andes-inka-traditionen, historisk-illustrativt\" srcset=\"https:\/\/iwell-guard.com\/wp-content\/uploads\/2026\/05\/goetter_anden-inka_inti-683x1024.webp 683w, https:\/\/iwell-guard.com\/wp-content\/uploads\/2026\/05\/goetter_anden-inka_inti-200x300.webp 200w, https:\/\/iwell-guard.com\/wp-content\/uploads\/2026\/05\/goetter_anden-inka_inti-768x1152.webp 768w, https:\/\/iwell-guard.com\/wp-content\/uploads\/2026\/05\/goetter_anden-inka_inti.webp 1024w\" sizes=\"(max-width: 683px) 100vw, 683px\" \/>\t\t\t\t\t\t\t\t\t\t\t\t\t\t\t<\/div>\n\t\t\t\t<\/div>\n\t\t\t\t\t<\/div>\n\t\t\t\t<\/div>\n\t\t\t\t<section class=\"elementor-section elementor-top-section elementor-element elementor-element-sec-iwgcomp-inti elementor-section-boxed elementor-section-height-default elementor-section-height-default\" data-id=\"sec-iwgcomp-inti\" data-element_type=\"section\" data-e-type=\"section\">\n\t\t\t\t\t\t<div class=\"elementor-container elementor-column-gap-default\">\n\t\t\t\t\t<div class=\"elementor-column elementor-col-100 elementor-top-column elementor-element elementor-element-col-iwgcomp-inti\" data-id=\"col-iwgcomp-inti\" data-element_type=\"column\" data-e-type=\"column\">\n\t\t\t<div class=\"elementor-widget-wrap elementor-element-populated\">\n\t\t\t\t\t\t<div class=\"elementor-element elementor-element-iwgcomp-inti elementor-widget elementor-widget-text-editor\" data-id=\"iwgcomp-inti\" data-element_type=\"widget\" data-e-type=\"widget\" data-widget_type=\"text-editor.default\">\n\t\t\t\t\t\t\t\t\t<p>Inti er <strong>inka-solguden<\/strong> og er en central skikkelse i den andiske h\u00f8jkulturs <span class=\"iwg-fachbegriff\" data-tooltip=\"Den samlede m\u00e6ngde af guder i en religion eller kultur.\" tabindex=\"0\">pantheon<\/span>.<\/p>\t\t\t\t\t\t\t\t<\/div>\n\t\t\t\t\t<\/div>\n\t\t<\/div>\n\t\t\t\t\t<\/div>\n\t\t<\/section>\n\t\t<div class=\"elementor-element elementor-element-iwgw-inti-s0 e-flex e-con-boxed e-con e-parent\" data-id=\"iwgw-inti-s0\" data-element_type=\"container\" data-e-type=\"container\">\n\t\t\t\t\t<div class=\"e-con-inner\">\n\t\t\t\t<div class=\"elementor-element elementor-element-iwgw-inti-s0h elementor-widget elementor-widget-heading\" data-id=\"iwgw-inti-s0h\" data-element_type=\"widget\" data-e-type=\"widget\" data-widget_type=\"heading.default\">\n\t\t\t\t\t<h2 class=\"elementor-heading-title elementor-size-default\">Placering i det andiske pantheon<\/h2>\t\t\t\t<\/div>\n\t\t<div class=\"elementor-element elementor-element-iwgw-inti-s0c e-con-full e-flex e-con e-child\" data-id=\"iwgw-inti-s0c\" data-element_type=\"container\" data-e-type=\"container\">\n\t\t\t\t<div class=\"elementor-element elementor-element-iwgw-inti-s0t elementor-widget elementor-widget-text-editor\" data-id=\"iwgw-inti-s0t\" data-element_type=\"widget\" data-e-type=\"widget\" data-widget_type=\"text-editor.default\">\n\t\t\t\t\t\t\t\t\t<p>Inti (quechua: <em>inti<\/em>, sol) udg\u00f8r i det officielle <span class=\"iwg-fachbegriff\" data-tooltip=\"Den samlede m\u00e6ngde af guder i en religion eller kultur.\" tabindex=\"0\">pantheon<\/span> i Inka-riget (Tawantinsuyu, ca. 1438, 1533) en af de centrale h\u00f8jguder og optr\u00e6der i de kolonitidens kr\u00f8niker regelm\u00e6ssigt sammen med skabergud <a href=\"https:\/\/iwell-guard.com\/da\/?page_id=138249\">Viracocha<\/a> og m\u00e5negudinden <a href=\"https:\/\/iwell-guard.com\/da\/?page_id=138251\">Mama Killa<\/a>.<\/p><p>Den peruvianske kronik\u00f8r Garcilaso de la Vega betegner ham i sine <em>Comentarios Reales de los Incas<\/em> (1609) som det synlige ansigt af det h\u00f8jeste v\u00e6sen, der legitimerede inka-herskerne og organiserede riget b\u00e5de \u00f8konomisk og kalendarisk.<\/p><p>Religionsvidenskabeligt h\u00f8rer Inti til gruppen af dynastiske soloteologier, som man kender i tilsvarende form fra den old\u00e6gyptiske Re-<span class=\"iwg-fachbegriff\" data-tooltip=\"Den samlede m\u00e6ngde af religi\u00f8se dyrkelseshandlinger for en gud eller hellig skikkelse.\" tabindex=\"0\">kult<\/span>, den japanske Amaterasu-<span class=\"iwg-fachbegriff\" data-tooltip=\"Den samlede m\u00e6ngde af religi\u00f8se dyrkelseshandlinger for en gud eller hellig skikkelse.\" tabindex=\"0\">kult<\/span> eller de forasiatiske solkulte.<\/p><p>Mircea Eliade beskriver i sin <em>Geschichte der religi\u00f6sen Ideen<\/em> tendensen hos senere h\u00f8jkulturer til at oph\u00f8je en solgud til garant for den politiske orden; Inti passer ind i dette m\u00f8nster. Inka-herskerne bar titlen <em>Intip Churin<\/em> (Solens s\u00f8n) og udledte heraf deres universelle herskerkrav over det andiske h\u00f8jland og <a href=\"https:\/\/iwell-guard.com\/da\/?page_id=138237\">Andes-inka<\/a>-verdenen.<\/p><p>Det er v\u00e6rd at bem\u00e6rke, at Inti ikke havde en tilsvarende fremtr\u00e6dende position i de pr\u00e6-inkaiske h\u00f8jkulturer i Andesbjergene (Chav\u00edn, Moche, Tiwanaku, Wari). Det var f\u00f8rst Inka-rigets statsb\u00e6rende <span class=\"iwg-fachbegriff\" data-tooltip=\"Den videnskabelige l\u00e6re om gud og troen i en religion.\" tabindex=\"0\">teologi<\/span>, der satte ham i toppen af det synlige pantheon.<\/p><p>Catherine Allen p\u00e5peger i <em>The Hold Life Has<\/em> (2002), at dyrkelsen af jordmoderen <a href=\"https:\/\/iwell-guard.com\/da\/?page_id=138248\">Pachamama<\/a> og de lokale bjerg\u00e5nder Apu i mange samfund den dag i dag praktisk taget er vigtigere end den h\u00f8jere soloteologi om Inti, hvilket peger p\u00e5, at Inti prim\u00e6rt fungerede som en imperial <span class=\"iwg-fachbegriff\" data-tooltip=\"Et v\u00e6sen, der dyrkes som guddommeligt inden for en religion.\" tabindex=\"0\">guddom<\/span>, mens den konkrete andiske hverdagsreligi\u00f8sitet snarere blev bestemt af jordmoderen og de lokale bjergherrer.<\/p>\t\t\t\t\t\t\t\t<\/div>\n\t\t\t\t<\/div>\n\t\t\t\t\t<\/div>\n\t\t\t\t<\/div>\n\t\t<div class=\"elementor-element elementor-element-iwgw-inti-s1 e-flex e-con-boxed e-con e-parent\" data-id=\"iwgw-inti-s1\" data-element_type=\"container\" data-e-type=\"container\">\n\t\t\t\t\t<div class=\"e-con-inner\">\n\t\t\t\t<div class=\"elementor-element elementor-element-iwgw-inti-s1h elementor-widget elementor-widget-heading\" data-id=\"iwgw-inti-s1h\" data-element_type=\"widget\" data-e-type=\"widget\" data-widget_type=\"heading.default\">\n\t\t\t\t\t<h2 class=\"elementor-heading-title elementor-size-default\">Navn og etymologi<\/h2>\t\t\t\t<\/div>\n\t\t<div class=\"elementor-element elementor-element-iwgw-inti-s1c e-con-full e-flex e-con e-child\" data-id=\"iwgw-inti-s1c\" data-element_type=\"container\" data-e-type=\"container\">\n\t\t\t\t<div class=\"elementor-element elementor-element-iwgw-inti-s1t elementor-widget elementor-widget-text-editor\" data-id=\"iwgw-inti-s1t\" data-element_type=\"widget\" data-e-type=\"widget\" data-widget_type=\"text-editor.default\">\n\t\t\t\t\t\t\t\t\t<p>Navnet <em>Inti<\/em> er belagt siden de tidligste koloniale quechua-ordb\u00f8ger (Domingo de Santo Thomas 1560, Diego Gonzalez Holguin 1608) som en generisk betegnelse b\u00e5de for solen som himmellegeme og for den personificerede <span class=\"iwg-fachbegriff\" data-tooltip=\"Et v\u00e6sen, der dyrkes som guddommeligt inden for en religion.\" tabindex=\"0\">guddom<\/span>.<\/p><p>Denne dobbelte betydning, fysisk himmellegeme og guddommelig person, er typisk for andisk religi\u00f8s t\u00e6nkning, hvor gr\u00e6nsen mellem natur- og numin\u00f8st plan er mindre skarpt trukket end i europ\u00e6iske teologier.<\/p><p>Inti optr\u00e6der i kilderne under flere aspektnavne: <em>Apu Inti<\/em> (Herre Sol), <em>Churi Inti<\/em> (S\u00f8n-Sol), <em>Wayna Inti<\/em> (Unge-Sol) og <em>Inti Illapa<\/em> (Tordner-Sol) betegner hver is\u00e6r forskellige fremtr\u00e6delsesformer, som kronik\u00f8ren Juan de Betanzos i sin <em>Suma y narraci\u00f3n de los Incas<\/em> (1551) beskriver som tre personer i en triadisk soltoelogi.<\/p><p>Denne triade har f\u00e5et religionsetnologer som Pierre Duviols til at mane til forsigtighed: Den kristne treenighedsl\u00e6re hos de spanske kronik\u00f8rer kan her have lagt sig over en genuin indf\u00f8dt flerformethed.<\/p><p>Det h\u00f8jeste festnavn <em>Inti Raymi<\/em> er en quechua-dannelse af <em>inti<\/em> og <em>raymi<\/em> (fest, festforsamling). Det betegner solhvervsfesten i den sydlige vinter (juni) og er siden 1944 blevet iscenesat \u00e5rligt p\u00e5 ny i Cusco som en rekonstrueret folklorefest, dog uden den historiske dyreofferpraksis.<\/p><p>Festnavnet har derudover etableret sig som betegnelse for en selvst\u00e6ndig andisk tidsregning, hvor \u00e5rene t\u00e6lles fra den mytiske rigets begyndelse.<\/p>\t\t\t\t\t\t\t\t<\/div>\n\t\t\t\t<\/div>\n\t\t\t\t\t<\/div>\n\t\t\t\t<\/div>\n\t\t<div class=\"elementor-element elementor-element-iwgw-inti-s2 e-flex e-con-boxed e-con e-parent\" data-id=\"iwgw-inti-s2\" data-element_type=\"container\" data-e-type=\"container\">\n\t\t\t\t\t<div class=\"e-con-inner\">\n\t\t\t\t<div class=\"elementor-element elementor-element-iwgw-inti-s2h elementor-widget elementor-widget-heading\" data-id=\"iwgw-inti-s2h\" data-element_type=\"widget\" data-e-type=\"widget\" data-widget_type=\"heading.default\">\n\t\t\t\t\t<h2 class=\"elementor-heading-title elementor-size-default\">Beskrivelse og ikonografi<\/h2>\t\t\t\t<\/div>\n\t\t<div class=\"elementor-element elementor-element-iwgw-inti-s2c e-con-full e-flex e-con e-child\" data-id=\"iwgw-inti-s2c\" data-element_type=\"container\" data-e-type=\"container\">\n\t\t\t\t<div class=\"elementor-element elementor-element-iwgw-inti-s2t elementor-widget elementor-widget-text-editor\" data-id=\"iwgw-inti-s2t\" data-element_type=\"widget\" data-e-type=\"widget\" data-widget_type=\"text-editor.default\">\n\t\t\t\t\t\t\t\t\t<p>Den ikonografiske fremstilling af Inti kan kun spores fragmentarisk i f\u00f8rspanske kilder, da Inkariget ikke havde en skriftlig billedtradition i egentlig forstand.<\/p><p>Hovedkilden er den kolonitidens sekund\u00e6re overlevering samt den ber\u00f8mte guldplade, som skal have v\u00e6ret opstillet i soltemplet <em>Coricancha<\/em> i Cusco: en rund skive omgivet af str\u00e5ler med et menneskelignende ansigt, den s\u00e5kaldte <em>Punchao<\/em>. Dette <span class=\"iwg-fachbegriff\" data-tooltip=\"Billedlig fremstilling af en guddom, der tilbedes i et tempel eller en helligdom.\" tabindex=\"0\">kultbillede<\/span> blev beslaglagt af spanierne ved erobringen af Vilcabamba i 1572 og fragtet til Spanien, men er siden forsvundet.<\/p><p>Garcilaso de la Vega beskriver Coricancha-<span class=\"iwg-fachbegriff\" data-tooltip=\"Et helligt sted viet til tilbedelsen af en guddom.\" tabindex=\"0\">helligdommen<\/span> som et indre rum helt bekl\u00e6dt med guldplader. I midten stod Punchao, flankeret af de mumificerede legemer af de afd\u00f8de inkaherskere (<em>mallqui<\/em>), som blev anset for at v\u00e6re en evigt levende legemligg\u00f8relse af Intis stamtr\u00e6.<\/p><p>De spanske kronik\u00f8rer Polo de Ondegardo og Cristobal de Albornoz bekr\u00e6fter denne opstilling i deres inspektionsberetninger fra 1560&#8217;erne. Inkaens hoffolk optr\u00e5dte p\u00e5 festdage med gyldne str\u00e5lekroner, som formm\u00e6ssigt genspejlede Punchao.<\/p><p>P\u00e5 bevarede inkatekstiler, keros (drikkeb\u00e6gre) og koloniale v\u00e6gmalerier (blandt andet fra Cusco-skolen) fremstilles Inti oftest som et gyldent ansigt med takkede str\u00e5ler, undertiden med en krans af majs- eller quinoaaks.<\/p><p>I de \u00f8vre billedlag i koloniale andesmalerier (f.eks. <em>\u00c6rkeenglen Mikaels triumf<\/em>, Cusquena-skolen, 17. \u00e5rh.) overlejres Inti-ikonografien med kristne <span class=\"iwg-fachbegriff\" data-tooltip=\"I de abrahamitiske religioner et himmelsk sendebud fra Gud.\" tabindex=\"0\">engle<\/span>&#8211; og Sol-Iustitiae-motiver, et ikonografisk synkretismespor, som kunsthistorikeren Teresa Gisbert har kortlagt systematisk i <em>Iconografia y mitos indigenas en el arte<\/em> (1980).<\/p>\t\t\t\t\t\t\t\t<\/div>\n\t\t\t\t<\/div>\n\t\t\t\t\t<\/div>\n\t\t\t\t<\/div>\n\t\t<div class=\"elementor-element elementor-element-iwgw-inti-s3 e-flex e-con-boxed e-con e-parent\" data-id=\"iwgw-inti-s3\" data-element_type=\"container\" data-e-type=\"container\">\n\t\t\t\t\t<div class=\"e-con-inner\">\n\t\t\t\t<div class=\"elementor-element elementor-element-iwgw-inti-s3h elementor-widget elementor-widget-heading\" data-id=\"iwgw-inti-s3h\" data-element_type=\"widget\" data-e-type=\"widget\" data-widget_type=\"heading.default\">\n\t\t\t\t\t<h2 class=\"elementor-heading-title elementor-size-default\">Mytologiske fort\u00e6llinger<\/h2>\t\t\t\t<\/div>\n\t\t<div class=\"elementor-element elementor-element-iwgw-inti-s3c e-con-full e-flex e-con e-child\" data-id=\"iwgw-inti-s3c\" data-element_type=\"container\" data-e-type=\"container\">\n\t\t\t\t<div class=\"elementor-element elementor-element-iwgw-inti-s3t elementor-widget elementor-widget-text-editor\" data-id=\"iwgw-inti-s3t\" data-element_type=\"widget\" data-e-type=\"widget\" data-widget_type=\"text-editor.default\">\n\t\t\t\t\t\t\t\t\t<p>Den vigtigste <span class=\"iwg-fachbegriff\" data-tooltip=\"En overleveret fort\u00e6lling om guder, oprindelser og verdens orden.\" tabindex=\"0\">myte<\/span> om Inti er inkaernes oprindelsesmyte om Titicacas\u00f8en, overleveret prim\u00e6rt af Garcilaso de la Vega og Juan de Betanzos. If\u00f8lge denne rejser Inti sig efter en periode med verdensm\u00f8rke op af Titicacas\u00f8en og sender sine b\u00f8rn <em>Manco Capac<\/em> og <em>Mama Ocllo<\/em> ud for at l\u00e6re menneskene agerbrug, v\u00e6vning og religi\u00f8s orden.<\/p><p>Der, hvor Mancos gyldne stav tr\u00e6nger ned i jorden, skal byen Cusco grundl\u00e6gges, som senere bliver hovedstad i Tawantinsuyu.<\/p><p>I en parallel tradition, nedskrevet af Pedro Sarmiento de Gamboa i <em>Historia indica<\/em> (1572), fremst\u00e5r Manco Capac og hans s\u00f8skende derimod fra hulesystemet ved Pacaritambo n\u00e6r Cusco. Disse to oprindelsestraditioner blev allerede i inkatidens <span class=\"iwg-fachbegriff\" data-tooltip=\"Den videnskabelige l\u00e6re om Gud og om en religions tro.\" tabindex=\"0\">teologi<\/span> forenet, idet Titicaca-h\u00e6ndelsen blev tolket som den kosmiske og Pacaritambo-h\u00e6ndelsen som den jordiske fase af den samme sendelse.<\/p><p>En anden mytisk tr\u00e5d forbinder Inti med skabergudden <a href=\"https:\/\/iwell-guard.com\/da\/?page_id=138249\">Viracocha<\/a>. If\u00f8lge Cristobal de Molina (<em>Relacion de las fabulas y ritos de los Incas<\/em>, 1575) skaber Viracocha ved Titicaca solen, m\u00e5nen og stjernerne og befaler dem at indtage deres baner p\u00e5 himlen.<\/p><p>Inti er her en sekund\u00e6r frembringelse af det h\u00f8jere skaberprincip. Denne kosmogoniske hierarki blev omtolket af nogle inkaherskere, is\u00e6r <em>Pachacuti<\/em> (regerede 1438, 1471), til fordel for en st\u00e6rkere position for Inti, hvilket senere kom til at pr\u00e6ge statsteologien.<\/p><p>Mytologisk forbundet med Inti er desuden hans s\u00f8ster-hustru <a href=\"https:\/\/iwell-guard.com\/da\/?page_id=138251\">Mama Killa<\/a> (m\u00e5nen) samt tordenguden <a href=\"https:\/\/iwell-guard.com\/da\/?page_id=138252\">Illapa<\/a>, som i visse kilder opfattes som en aspekt af eller bror til Inti. Inkapr\u00e6sterne fortolkede m\u00e5neform\u00f8rkelser som et angreb fra et kosmisk dyr p\u00e5 Mama Killa, hvilket m\u00e5tte afv\u00e6rges med larm og pileskud.<\/p>\t\t\t\t\t\t\t\t<\/div>\n\t\t\t\t<\/div>\n\t\t\t\t\t<\/div>\n\t\t\t\t<\/div>\n\t\t<div class=\"elementor-element elementor-element-iwgw-inti-s4 e-flex e-con-boxed e-con e-parent\" data-id=\"iwgw-inti-s4\" data-element_type=\"container\" data-e-type=\"container\">\n\t\t\t\t\t<div class=\"e-con-inner\">\n\t\t\t\t<div class=\"elementor-element elementor-element-iwgw-inti-s4h elementor-widget elementor-widget-heading\" data-id=\"iwgw-inti-s4h\" data-element_type=\"widget\" data-e-type=\"widget\" data-widget_type=\"heading.default\">\n\t\t\t\t\t<h2 class=\"elementor-heading-title elementor-size-default\">Kult og tilbedelse i Tawantinsuyu<\/h2>\t\t\t\t<\/div>\n\t\t<div class=\"elementor-element elementor-element-iwgw-inti-s4c e-con-full e-flex e-con e-child\" data-id=\"iwgw-inti-s4c\" data-element_type=\"container\" data-e-type=\"container\">\n\t\t\t\t<div class=\"elementor-element elementor-element-iwgw-inti-s4t elementor-widget elementor-widget-text-editor\" data-id=\"iwgw-inti-s4t\" data-element_type=\"widget\" data-e-type=\"widget\" data-widget_type=\"text-editor.default\">\n\t\t\t\t\t\t\t\t\t<p>Den statslige Inti-<span class=\"iwg-fachbegriff\" data-tooltip=\"Den samlede m\u00e6ngde af religi\u00f8se handlinger til \u00e6re for en guddom eller hellig skikkelse.\" tabindex=\"0\">kult<\/span> var omfattende institutionaliseret i Inkariget. I centrum stod soltemplet <em>Coricancha<\/em> (quechua <em>quri kancha<\/em>, det gyldne distrikt) i Cusco, hvis grundmure den dag i dag danner soklen for dominikanerklosteret Santo Domingo.<\/p><p>Her blev inka-herskernes mumier plejet som levende forf\u00e6dre, fodret dagligt og b\u00e5ret i procession over hovedpladsen <em>Huacaypata<\/em> p\u00e5 festdage.<\/p><p><span class=\"iwg-fachbegriff\" data-tooltip=\"En bygning, der tjener til dyrkelse af en eller flere guddomme.\" tabindex=\"0\">Templet<\/span> havde tilknyttet over 4.000 pr\u00e6ster samt <em>Acllacuna<\/em>, de udvalgte solm\u00f8er.<\/p><p>De sidstn\u00e6vnte levede i lukkede kvindehuse (<em>acllahuasi<\/em>), v\u00e6vede de fineste kl\u00e6der (<em>cumbi<\/em>) til <span class=\"iwg-fachbegriff\" data-tooltip=\"Den samlede m\u00e6ngde af religi\u00f8se handlinger til \u00e6re for en guddom eller hellig skikkelse.\" tabindex=\"0\">kulten<\/span> og bryggede den rituelle majs\u00f8l <em>chicha<\/em>. De sparsomme rester af Acllahuasi i Cusco (i dag Santa Catalina) samt inka-indskrifterne fra Choquequirao giver et indtryk af den materielle dimension af dette kvindepr\u00e6steskab.<\/p><p>H\u00f8jdepunktet i kult\u00e5ret var <em>Inti Raymi<\/em>, solhvervsfesten den 21.\/24. juni. Inkaen selv ofrede lamaer og marsvin p\u00e5 Cuscos hovedplads, h\u00e6ldte chicha ud af en gylden sk\u00e5l som libation og rettede sin <span class=\"iwg-fachbegriff\" data-tooltip=\"Menneskets sproglige henvendelse til en guddom.\" tabindex=\"0\">b\u00f8n<\/span> til den opg\u00e5ende sol.<\/p><p>Polo de Ondegardo beretter om processioner langs <em>ceque<\/em>-linjerne, et radialt system af hellige linjer, der udgik fra Coricancha, best\u00e5ende af 41 lige linjer og 328 s\u00e5kaldte huaca-<span class=\"iwg-fachbegriff\" data-tooltip=\"Et helligt sted viet dyrkelsen af en guddom.\" tabindex=\"0\">helligdomme<\/span>. Systemet blev f\u00f8rste gang systematisk rekonstrueret af Tom Zuidema i <em>The Ceque System of Cuzco<\/em> (1964).<\/p><p>Ud over hovedkulten i Cusco fandtes regionale soltempler blandt andet i Vilcashuaman, Pachacamac (i synkretisme med den \u00e6ldre orakelgud <a href=\"https:\/\/iwell-guard.com\/da\/?page_id=138250\">Pachakamak<\/a>), p\u00e5 <em>Isla del Sol<\/em> i Titicacas\u00f8en samt i den nordperuvianske provins Cajamarca.<\/p><p>Disse regionale helligdomme var forbundet via vejnettet <em>Qhapaq Nan<\/em> og udgjorde et imperialt kommunikationsnetv\u00e6rk, hvor sol-<span class=\"iwg-fachbegriff\" data-tooltip=\"Den videnskabelige l\u00e6re om Gud og om en religions trosgrundlag.\" tabindex=\"0\">teologi<\/span> og administrativ kontrol var uadskilleligt sammenv\u00e6vet.<\/p>\t\t\t\t\t\t\t\t<\/div>\n\t\t\t\t<\/div>\n\t\t\t\t\t<\/div>\n\t\t\t\t<\/div>\n\t\t<div class=\"elementor-element elementor-element-iwgw-inti-s5 e-flex e-con-boxed e-con e-parent\" data-id=\"iwgw-inti-s5\" data-element_type=\"container\" data-e-type=\"container\">\n\t\t\t\t\t<div class=\"e-con-inner\">\n\t\t\t\t<div class=\"elementor-element elementor-element-iwgw-inti-s5h elementor-widget elementor-widget-heading\" data-id=\"iwgw-inti-s5h\" data-element_type=\"widget\" data-e-type=\"widget\" data-widget_type=\"heading.default\">\n\t\t\t\t\t<h2 class=\"elementor-heading-title elementor-size-default\">Beskyttelsespraksis og apotrop\u00e6iske elementer<\/h2>\t\t\t\t<\/div>\n\t\t<div class=\"elementor-element elementor-element-iwgw-inti-s5c e-con-full e-flex e-con e-child\" data-id=\"iwgw-inti-s5c\" data-element_type=\"container\" data-e-type=\"container\">\n\t\t\t\t<div class=\"elementor-element elementor-element-iwgw-inti-s5t elementor-widget elementor-widget-text-editor\" data-id=\"iwgw-inti-s5t\" data-element_type=\"widget\" data-e-type=\"widget\" data-widget_type=\"text-editor.default\">\n\t\t\t\t\t\t\t\t\t<p>Hvor Inti fungerede som imperial h\u00f8jguddom, fandtes der samtidig en hverdagsn\u00e6r solpraksis, som til dels lever videre i dag i landsbyerne i det cusquenske og bolivianske h\u00f8jland. Den kan ikke forst\u00e5s i lyset af moderne virkningsl\u00f8fter, men dokumenterer en bestemt religi\u00f8s opfattelsespraksis.<\/p><p>Catherine Allen (<em>The Hold Life Has<\/em>, 2002) beskriver for landsbyen Sonqo, hvordan \u00e6ldre kvinder om morgenen \u00e5bner d\u00f8ren mod \u00f8st og lader det f\u00f8rste sollys stryge over hovedet, ledsaget af en hvisken p\u00e5 quechua, hvor Inti bedes om <em>samay<\/em> (livs\u00e5nde).<\/p><p>I inkatidens praksis brugte pr\u00e6ster gyldne spejle til at fokusere sollyset og t\u00e6nde det rituelle b\u00e5l ved Coricancha-<span class=\"iwg-fachbegriff\" data-tooltip=\"Oph\u00f8jet sted eller bord til offerhandlinger og religi\u00f8se ritualer.\" tabindex=\"0\">alteret<\/span>. Cobo beretter om en tilsvarende anordning med polerede konkave spejle.<\/p><p><span class=\"iwg-fachbegriff\" data-tooltip=\"Uheldafv\u00e6rgende: om tegn og genstande, der skal holde skadelige indflydelser p\u00e5 afstand.\" tabindex=\"0\">Apotrop\u00e6isk<\/span> mod natlige farer, is\u00e6r mod de skadelige \u00e5nder, der i <span class=\"iwg-fachbegriff\" data-tooltip=\"En overleveret fort\u00e6lling om guder, oprindelser og verdens orden.\" tabindex=\"0\">mytologien<\/span> kaldes <em>supay<\/em> (se <a href=\"https:\/\/iwell-guard.com\/da\/?page_id=138253\">Supay<\/a>), gjaldt sol-amuletter af guldblik, som blev b\u00e5ret p\u00e5 brystet i form af <em>chacana<\/em> eller runde Punchao-replikaer.<\/p><p>Religionsvidenskabeligt er det relevant, at disse praksisser ikke blev forst\u00e5et som magisk beherskelse, men som <em>ayni<\/em>, en gensidig forpligtelsesrelation. Den, der hilser solen om morgenen, indtr\u00e6der i det reciprokke netv\u00e6rk, som if\u00f8lge andinsk opfattelse forbinder mennesker, forf\u00e6dre, bjerge og himmellegemer.<\/p><p>Religionsetnologen Frank Salomon har i <em>The Cord Keepers<\/em> (2004) vist, hvordan denne reciprokke logik str\u00e6kker sig helt ind i moderne quechua-samfund.<\/p>\t\t\t\t\t\t\t\t<\/div>\n\t\t\t\t<\/div>\n\t\t\t\t\t<\/div>\n\t\t\t\t<\/div>\n\t\t<div class=\"elementor-element elementor-element-iwgw-inti-s6 e-flex e-con-boxed e-con e-parent\" data-id=\"iwgw-inti-s6\" data-element_type=\"container\" data-e-type=\"container\">\n\t\t\t\t\t<div class=\"e-con-inner\">\n\t\t\t\t<div class=\"elementor-element elementor-element-iwgw-inti-s6h elementor-widget elementor-widget-heading\" data-id=\"iwgw-inti-s6h\" data-element_type=\"widget\" data-e-type=\"widget\" data-widget_type=\"heading.default\">\n\t\t\t\t\t<h2 class=\"elementor-heading-title elementor-size-default\">Paralleller i andre kulturer<\/h2>\t\t\t\t<\/div>\n\t\t<div class=\"elementor-element elementor-element-iwgw-inti-s6c e-con-full e-flex e-con e-child\" data-id=\"iwgw-inti-s6c\" data-element_type=\"container\" data-e-type=\"container\">\n\t\t\t\t<div class=\"elementor-element elementor-element-iwgw-inti-s6t elementor-widget elementor-widget-text-editor\" data-id=\"iwgw-inti-s6t\" data-element_type=\"widget\" data-e-type=\"widget\" data-widget_type=\"text-editor.default\">\n\t\t\t\t\t\t\t\t\t<p>Den videnskabelig-komparative forskning har siden Eduard Seler og Konrad Theodor Preuss gentagne gange fremh\u00e6vet paralleller mellem Inti og andre dynastiske solteologier. S\u00e6rligt p\u00e5faldende er de strukturelle ligheder med den oldegyptiske Re- eller Aton-<span class=\"iwg-fachbegriff\" data-tooltip=\"Den samlede m\u00e6ngde af religi\u00f8se \u00e6resbevisninger for en gud eller hellig skikkelse.\" tabindex=\"0\">kult<\/span>, med den japanske Amaterasu-<span class=\"iwg-fachbegriff\" data-tooltip=\"Den samlede m\u00e6ngde af religi\u00f8se \u00e6resbevisninger for en gud eller hellig skikkelse.\" tabindex=\"0\">kult<\/span> i Yamato-dynastiet samt med den romerske <em>Sol Invictus<\/em>&#8211;<span class=\"iwg-fachbegriff\" data-tooltip=\"Den videnskabelige l\u00e6re om Gud og troen i en religion.\" tabindex=\"0\">teologi<\/span> fra det 3. \u00e5rhundrede.<\/p><p>I alle disse tilf\u00e6lde optr\u00e6der solen som garant for en herskerdynasti, som kalenderisk kerneprincip og som ikonografisk dominerende element i statskunsten. Den franske religionshistoriker Henri Frankfort har i <em>Kingship and the Gods<\/em> (1948) beskrevet det strukturelle m\u00f8nster for et gudekonged\u00f8mme, hvor Inti, Re og Amaterasu indtager funktionelt sammenlignelige positioner.<\/p><p>Det er dog vigtigt at understrege, at Frankforts m\u00f8nster ikke indeb\u00e6rer en genealogisk forbindelse mellem solteologierne, men at der er tale om konvergente udviklinger under lignende socialstrukturelle betingelser i en agrarisk funderet h\u00f8jkultur.<\/p><p>Inden for Amerika viser Inti tydelige paralleller til den aztekiske Huitzilopochtli og til Mesoamerikas solgud Tonatiuh, uden at der kan p\u00e5vises direkte kontakt mellem kulturerne f\u00f8r 1532. De andinske kulturkomplekser forblev i vid udstr\u00e6kning isolerede. I det bredere amerikanske omr\u00e5de er den solare hovedfigur mindre fremtr\u00e6dende: Hos de nordamerikanske lakota udg\u00f8r <a href=\"https:\/\/iwell-guard.com\/da\/?page_id=138257\">Wakan Tanka<\/a> et mere omfattende, mindre specifikt solart h\u00f8jv\u00e6sen.<\/p>\t\t\t\t\t\t\t\t<\/div>\n\t\t\t\t<\/div>\n\t\t\t\t\t<\/div>\n\t\t\t\t<\/div>\n\t\t<div class=\"elementor-element elementor-element-iwgw-inti-s7 e-flex e-con-boxed e-con e-parent\" data-id=\"iwgw-inti-s7\" data-element_type=\"container\" data-e-type=\"container\">\n\t\t\t\t\t<div class=\"e-con-inner\">\n\t\t\t\t<div class=\"elementor-element elementor-element-iwgw-inti-s7h elementor-widget elementor-widget-heading\" data-id=\"iwgw-inti-s7h\" data-element_type=\"widget\" data-e-type=\"widget\" data-widget_type=\"heading.default\">\n\t\t\t\t\t<h2 class=\"elementor-heading-title elementor-size-default\">Nutidig reception og forskning<\/h2>\t\t\t\t<\/div>\n\t\t<div class=\"elementor-element elementor-element-iwgw-inti-s7c e-con-full e-flex e-con e-child\" data-id=\"iwgw-inti-s7c\" data-element_type=\"container\" data-e-type=\"container\">\n\t\t\t\t<div class=\"elementor-element elementor-element-iwgw-inti-s7t elementor-widget elementor-widget-text-editor\" data-id=\"iwgw-inti-s7t\" data-element_type=\"widget\" data-e-type=\"widget\" data-widget_type=\"text-editor.default\">\n\t\t\t\t\t\t\t\t\t<p>Efter erobringen i 1532 blev den statslige Inti-<span class=\"iwg-fachbegriff\" data-tooltip=\"Den samlede m\u00e6ngde af religi\u00f8se tilbedelseshandlinger for en gud eller hellig skikkelse.\" tabindex=\"0\">kult<\/span> systematisk undertrykt af den spanske kolonialforvaltning fra 1572. \u00c6rkebiskop Bartolom\u00e9 Lobo Guerrero og hans visitator Francisco de \u00c1vila gennemf\u00f8rte i 1610&#8217;erne og 1620&#8217;erne store <em>extirpaci\u00f3n de idolatr\u00edas<\/em>-kampagner, hvorunder tusinder af huaca-helligdomme blev \u00f8delagt.<\/p><p>Alligevel overlevede solkulten i folkereligi\u00f8se former, blandt andet i bjergprocessionerne ved <em>Qoyllur Rit&#8217;i<\/em> n\u00e6r Cusco, hvor den sidste morgenis fra gletsjeren (i dag st\u00e6rkt tilbagetrukket p\u00e5 grund af klimaforandringerne) opfattes som en manifestation af Inti.<\/p><p>Siden 1944 opf\u00f8res <em>Inti Raymi<\/em>-festen hvert \u00e5r den 24. juni i Cusco som en rekonstrueret folklorefest ved f\u00e6stningen Sacsayhuam\u00e1n.<\/p><p>Iscenes\u00e6ttelsen g\u00e5r tilbage til den peruvianske forfatter Faustino Espinoza Navarro og bygger prim\u00e6rt p\u00e5 Garcilaso de la Vegas beskrivelser. Den har en betydelig turistm\u00e6ssig karakter, men er samtidig et ankerpunkt for en genopdaget indf\u00f8dt identitet (<em>movimiento indigenista<\/em>).<\/p><p>I den akademiske forskning er det i dag mindre den monolitiske Inti-<span class=\"iwg-fachbegriff\" data-tooltip=\"Den samlede m\u00e6ngde af religi\u00f8se tilbedelseshandlinger for en gud eller hellig skikkelse.\" tabindex=\"0\">kult<\/span> og mere sp\u00f8rgsm\u00e5let om lokal religi\u00f8sitet, der st\u00e5r i fokus.<\/p><p>Frank Salomon, Tom Zuidema, Catherine Allen, Sabine MacCormack (<em>Religion in the Andes<\/em>, 1991) og Brian Bauer (<em>The Sacred Landscape of the Inca<\/em>, 1998) har vist, hvordan den statslige solkult blev podet p\u00e5 et t\u00e6t netv\u00e6rk af lokale huaca-helligdomme og apu-bjergdyrkelser, og hvordan den efter 1532 fortsatte i synkretistisk form.<\/p><p>Aktuelle ark\u00e6oastronomiske studier af stenhelligdomme som Machu Picchu (Reinhard 2007, Ziegler 2015) uddyber l\u00f8bende dette billede.<\/p>\t\t\t\t\t\t\t\t<\/div>\n\t\t\t\t<\/div>\n\t\t\t\t\t<\/div>\n\t\t\t\t<\/div>\n\t\t<div class=\"elementor-element elementor-element-iwgw-inti-s8 e-flex e-con-boxed e-con e-parent\" data-id=\"iwgw-inti-s8\" data-element_type=\"container\" data-e-type=\"container\">\n\t\t\t\t\t<div class=\"e-con-inner\">\n\t\t\t\t<div class=\"elementor-element elementor-element-iwgw-inti-s8h elementor-widget elementor-widget-heading\" data-id=\"iwgw-inti-s8h\" data-element_type=\"widget\" data-e-type=\"widget\" data-widget_type=\"heading.default\">\n\t\t\t\t\t<h2 class=\"elementor-heading-title elementor-size-default\">Litteratur og kilder<\/h2>\t\t\t\t<\/div>\n\t\t<div class=\"elementor-element elementor-element-iwgw-inti-s8c e-con-full e-flex e-con e-child\" data-id=\"iwgw-inti-s8c\" data-element_type=\"container\" data-e-type=\"container\">\n\t\t\t\t<div class=\"elementor-element elementor-element-iwgw-inti-s8t elementor-widget elementor-widget-text-editor\" data-id=\"iwgw-inti-s8t\" data-element_type=\"widget\" data-e-type=\"widget\" data-widget_type=\"text-editor.default\">\n\t\t\t\t\t\t\t\t\t<p>F\u00f8lgende udvalg lister centrale historiske kilder og moderne videnskabelige unders\u00f8gelser af Inti-<span class=\"iwg-fachbegriff\" data-tooltip=\"Den samlede m\u00e6ngde af religi\u00f8se tilbedelseshandlinger for en gud eller hellig skikkelse.\" tabindex=\"0\">kulten<\/span> i Inkariget. Det sp\u00e6nder fra de kolonitidens kr\u00f8niker fra det 16. og 17. \u00e5rhundrede til v\u00e6rker inden for moderne andesetnologi og <span class=\"iwg-fachbegriff\" data-tooltip=\"Videnskaben, der udforsker fortidige kulturer ved hj\u00e6lp af materielle fund.\" tabindex=\"0\">ark\u00e6ologi<\/span>.<\/p>\t\t\t\t\t\t\t\t<\/div>\n\t\t\t\t<\/div>\n\t\t\t\t\t<\/div>\n\t\t\t\t<\/div>\n\t\t<div class=\"elementor-element elementor-element-cp2e221a20 e-flex e-con-boxed e-con e-parent\" data-id=\"cp2e221a20\" data-element_type=\"container\" data-e-type=\"container\">\n\t\t\t\t\t<div class=\"e-con-inner\">\n\t\t\t\t<div class=\"elementor-element elementor-element-cp28758ced elementor-widget elementor-widget-heading\" data-id=\"cp28758ced\" data-element_type=\"widget\" data-e-type=\"widget\" data-widget_type=\"heading.default\">\n\t\t\t\t\t<h2 class=\"elementor-heading-title elementor-size-default\">Inti Raymi som Inkarigets statsfest<\/h2>\t\t\t\t<\/div>\n\t\t<div class=\"elementor-element elementor-element-cp264cc543 e-flex e-con-boxed e-con e-child\" data-id=\"cp264cc543\" data-element_type=\"container\" data-e-type=\"container\">\n\t\t\t\t\t<div class=\"e-con-inner\">\n\t\t\t\t<div class=\"elementor-element elementor-element-cp2c0825f5 elementor-widget elementor-widget-text-editor\" data-id=\"cp2c0825f5\" data-element_type=\"widget\" data-e-type=\"widget\" data-widget_type=\"text-editor.default\">\n\t\t\t\t\t\t\t\t\t<p>Den vigtigste overleverede fest for solkulten var <em>Inti Raymi<\/em>, som blev fejret omkring vintersolhverv i juni i Cusco.<\/p><p>Den er is\u00e6r kendt gennem beskrivelsen af kr\u00f8nikeskriveren Crist\u00f3bal de Molina fra Cusco, som dokumenterede Inka-festerne i 1570&#8217;erne, samt gennem oplysninger hos Garcilaso de la Vega og Bernab\u00e9 Cobo. Festen markerede begyndelsen p\u00e5 en ny \u00e5rscyklus og forbandt solen, landets frugtbarhed og Inkaens herred\u00f8mme.<\/p><p>If\u00f8lge kr\u00f8nikerne samledes adelen p\u00e5 Cuscos centrale plads. Der blev offeret lamaer, bragt majs og majs\u00f8l, og solen blev hyldet i en <span class=\"iwg-fachbegriff\" data-tooltip=\"En h\u00f8jtidelig handling, der forl\u00f8ber efter fastlagte regler.\" tabindex=\"0\">ceremoni<\/span>, hvor Inkaen som solens s\u00f8n spillede en fremtr\u00e6dende rolle.<\/p><p>Festen tjente dermed b\u00e5de til religi\u00f8s tilbedelse og til at bekr\u00e6fte den politiske orden. Den spanske kolonialforvaltning forb\u00f8d festen sent i det 16. \u00e5rhundrede som afgudsdyrkelse.<\/p><p>Den nutidige <em>Inti Raymi<\/em>, som er blevet opf\u00f8rt hvert \u00e5r i Cusco siden 1944, er ikke en ubrudt forts\u00e6ttelse, men en moderne rekonstruktion. Den g\u00e5r tilbage til et initiativ fra forfatteren og indigenisten Faustino Espinoza Navarro og bygger prim\u00e6rt p\u00e5 Garcilasos tekst.<\/p><p>Forskningen placerer den moderne fest i den peruvianske indigenismo i det 20. \u00e5rhundrede, en bev\u00e6gelse, der betonede Inka-arven som grundlag for national identitet. Det er dermed et velunderbygget eksempel p\u00e5, hvordan et f\u00f8rkolonialt <span class=\"iwg-fachbegriff\" data-tooltip=\"En fastlagt r\u00e6kkef\u00f8lge af symbolske handlinger med religi\u00f8s eller kulturel betydning.\" tabindex=\"0\">ritual<\/span> blev nyskabt ud fra kr\u00f8niker og blev et element i moderne identitet, uden at der findes en gennemg\u00e5ende kultisk <span class=\"iwg-fachbegriff\" data-tooltip=\"Overleveringen af viden og fort\u00e6llinger gennem generationer.\" tabindex=\"0\">overlevering<\/span>.<\/p>\t\t\t\t\t\t\t\t<\/div>\n\t\t\t\t\t<\/div>\n\t\t\t\t<\/div>\n\t\t\t\t\t<\/div>\n\t\t\t\t<\/div>\n\t\t<div class=\"elementor-element elementor-element-cp220ba088 e-flex e-con-boxed e-con e-parent\" data-id=\"cp220ba088\" data-element_type=\"container\" data-e-type=\"container\">\n\t\t\t\t\t<div class=\"e-con-inner\">\n\t\t\t\t<div class=\"elementor-element elementor-element-cp2dc475fc elementor-widget elementor-widget-heading\" data-id=\"cp2dc475fc\" data-element_type=\"widget\" data-e-type=\"widget\" data-widget_type=\"heading.default\">\n\t\t\t\t\t<h2 class=\"elementor-heading-title elementor-size-default\">Coricancha og den materielle overlevering af solkulten<\/h2>\t\t\t\t<\/div>\n\t\t<div class=\"elementor-element elementor-element-cp259331e8 e-flex e-con-boxed e-con e-child\" data-id=\"cp259331e8\" data-element_type=\"container\" data-e-type=\"container\">\n\t\t\t\t\t<div class=\"e-con-inner\">\n\t\t\t\t<div class=\"elementor-element elementor-element-cp2dcafdd8 elementor-widget elementor-widget-text-editor\" data-id=\"cp2dcafdd8\" data-element_type=\"widget\" data-e-type=\"widget\" data-widget_type=\"text-editor.default\">\n\t\t\t\t\t\t\t\t\t<p>Solgudens centrale <span class=\"iwg-fachbegriff\" data-tooltip=\"Et helligt sted, der er indviet til tilbedelse af en gud.\" tabindex=\"0\">helligdom<\/span> var <em>Coricancha<\/em> i Cusco, hvis navn kan overs\u00e6ttes til Guldg\u00e5rden eller den guldne indhegning. De spanske kilder beskriver den som rigt udsmykket med guld, med v\u00e6gge, der delvist skal have v\u00e6ret bekl\u00e6dt med guldplader.<\/p><p>Efter erobringen blev guldet smeltet om, og spanierne opf\u00f8rte klosteret Santo Domingo p\u00e5 helligdommens grundmure. Den massive Inka-stenmur er bevaret til i dag og synlig i Cuscos bybillede.<\/p><p>For den videnskabelige udforskning er <em>Coricancha<\/em> betydningsfuld, fordi den udg\u00f8r et sj\u00e6ldent tilf\u00e6lde, hvor skriftlige kilder og bygningsrester g\u00e5r h\u00e5nd i h\u00e5nd. Den bevarede arkitektur giver mulighed for at drage konklusioner om rummenes indretning, selv om de enkelte omr\u00e5ders n\u00f8jagtige funktion fortsat er omdiskuteret.<\/p><p>Det diskuteres blandt andet, om <em>Coricancha<\/em> ikke kun husede solen, men flere gudeskikkelser samt de balsamerede legemer af afd\u00f8de herskere.<\/p><p>Astronomen og antropologen R. T. Zuidema har i en r\u00e6kke arbejder fremsat den tese, at der fra <em>Coricancha<\/em> udgik et system af t\u00e6nkte linjer, de s\u00e5kaldte <em>ceque<\/em>, som talrige helligdomme i omgivelserne omkring Cusco l\u00e5 p\u00e5. Disse linjer skal have haft b\u00e5de rituelle og kalendariske funktioner.<\/p><p>Tesen er indflydelsesrig, men ikke uden modsigelse, da den prim\u00e6rt bygger p\u00e5 Bernab\u00e9 Cobos liste over helligdomme, hvis fortolkning er omdiskuteret. <em>Coricancha<\/em> forbliver dermed et centralt, men kun delvist afklaret referencepunkt for forst\u00e5elsen af solkulten.<\/p>\t\t\t\t\t\t\t\t<\/div>\n\t\t\t\t\t<\/div>\n\t\t\t\t<\/div>\n\t\t\t\t\t<\/div>\n\t\t\t\t<\/div>\n\t\t<div class=\"elementor-element elementor-element-iwgw-inti-lit e-flex e-con-boxed e-con e-parent\" data-id=\"iwgw-inti-lit\" data-element_type=\"container\" data-e-type=\"container\">\n\t\t\t\t\t<div class=\"e-con-inner\">\n\t\t\t\t<div class=\"elementor-element elementor-element-iwgw-inti-lith elementor-widget elementor-widget-heading\" data-id=\"iwgw-inti-lith\" data-element_type=\"widget\" data-e-type=\"widget\" data-widget_type=\"heading.default\">\n\t\t\t\t\t<h2 class=\"elementor-heading-title elementor-size-default\">Litteratur (udvalg)<\/h2>\t\t\t\t<\/div>\n\t\t<div class=\"elementor-element elementor-element-iwgw-inti-litc e-con-full e-flex e-con e-child\" data-id=\"iwgw-inti-litc\" data-element_type=\"container\" data-e-type=\"container\">\n\t\t\t\t<div class=\"elementor-element elementor-element-iwgw-inti-litt elementor-widget elementor-widget-text-editor\" data-id=\"iwgw-inti-litt\" data-element_type=\"widget\" data-e-type=\"widget\" data-widget_type=\"text-editor.default\">\n\t\t\t\t\t\t\t\t\t<ul><li>Garcilaso de la Vega: <em>Comentarios Reales de los Incas<\/em> (1609)<\/li><li>Bernabe Cobo: <em>Historia del Nuevo Mundo<\/em> (1653)<\/li><li>Catherine Allen: <em>The Hold Life Has<\/em> (2002)<\/li><li>Tom Zuidema: <em>The Ceque System of Cuzco<\/em> (1964)<\/li><li>Sabine MacCormack: <em>Religion in the Andes<\/em> (1991)<\/li><li>Brian Bauer: <em>The Sacred Landscape of the Inca<\/em> (1998)<\/li><li>Teresa Gisbert: <em>Iconografia y mitos indigenas en el arte<\/em> (1980)<\/li><\/ul>\t\t\t\t\t\t\t\t<\/div>\n\t\t\t\t<\/div>\n\t\t\t\t\t<\/div>\n\t\t\t\t<\/div>\n\t\t<div class=\"elementor-element elementor-element-iwgkw2-add-inti e-flex e-con-boxed e-con e-parent\" data-id=\"iwgkw2-add-inti\" data-element_type=\"container\" data-e-type=\"container\">\n\t\t\t\t\t<div class=\"e-con-inner\">\n\t\t\t\t<div class=\"elementor-element elementor-element-iwgkw2-add-inti-t elementor-widget elementor-widget-text-editor\" data-id=\"iwgkw2-add-inti-t\" data-element_type=\"widget\" data-e-type=\"widget\" data-widget_type=\"text-editor.default\">\n\t\t\t\t\t\t\t\t\t<p>Som <strong>stamfader<\/strong> for Inka-herskerne legitimerede Inti den kongelige linje fra Cusco og forbandt rigets politiske centrum med en kosmisk afstamningsfort\u00e6lling.<\/p>\t\t\t\t\t\t\t\t<\/div>\n\t\t\t\t\t<\/div>\n\t\t\t\t<\/div>\n\t\t<div class=\"elementor-element elementor-element-iwgw-inti-kwd e-flex e-con-boxed e-con e-parent\" data-id=\"iwgw-inti-kwd\" data-element_type=\"container\" data-e-type=\"container\">\n\t\t\t\t\t<div class=\"e-con-inner\">\n\t\t<div class=\"elementor-element elementor-element-iwgw-inti-kwdc e-con-full e-flex e-con e-child\" data-id=\"iwgw-inti-kwdc\" data-element_type=\"container\" data-e-type=\"container\">\n\t\t\t\t<div class=\"elementor-element elementor-element-iwgw-inti-kwdt elementor-widget elementor-widget-text-editor\" data-id=\"iwgw-inti-kwdt\" data-element_type=\"widget\" data-e-type=\"widget\" data-widget_type=\"text-editor.default\">\n\t\t\t\t\t\t\t\t\t<p><em>Relaterede n\u00f8glebegreber: Inti Quechua Capac Inti Raymi Cusco Coricancha Pachakuti Punchao Tawantinsuyu.<\/em><\/p>\t\t\t\t\t\t\t\t<\/div>\n\t\t\t\t<\/div>\n\t\t\t\t\t<\/div>\n\t\t\t\t<\/div>\n\t\t<div class=\"elementor-element elementor-element-iwgw-inti-cc e-flex e-con-boxed e-con e-parent\" data-id=\"iwgw-inti-cc\" data-element_type=\"container\" data-e-type=\"container\" id=\"iwg-cc-inti\">\n\t\t\t\t\t<div class=\"e-con-inner\">\n\t\t<div class=\"elementor-element elementor-element-iwgw-inti-ccinner e-flex e-con-boxed e-con e-parent\" data-id=\"iwgw-inti-ccinner\" data-element_type=\"container\" data-e-type=\"container\" data-settings=\"{&quot;background_background&quot;:&quot;classic&quot;}\">\n\t\t\t\t\t<div class=\"e-con-inner\">\n\t\t\t\t<div class=\"elementor-element elementor-element-iwgw-inti-cch elementor-widget elementor-widget-heading\" data-id=\"iwgw-inti-cch\" data-element_type=\"widget\" data-e-type=\"widget\" data-widget_type=\"heading.default\">\n\t\t\t\t\t<h2 class=\"elementor-heading-title elementor-size-default\">iWell Guard og beskyttelsestraditioner<\/h2>\t\t\t\t<\/div>\n\t\t\t\t<div class=\"elementor-element elementor-element-iwgw-inti-cct elementor-widget elementor-widget-text-editor\" data-id=\"iwgw-inti-cct\" data-element_type=\"widget\" data-e-type=\"widget\" data-widget_type=\"text-editor.default\">\n\t\t\t\t\t\t\t\t\t<div data-nosnippet=\"true\"><p>iWell Guard knytter sig til den kulturhistoriske tradition for b\u00e6rbare beskyttelsesobjekter, i traditionen fra <a href=\"https:\/\/iwell-guard.com\/da\/?page_id=138237\">Andesbjergene \/ Inka<\/a> og mange andre kulturer verden over. 41 lag, \u00e6gte guld, platin, s\u00f8lv, fremstillet i Tyskland. 30 dages returret.<\/p><\/div>\t\t\t\t\t\t\t\t<\/div>\n\t\t\t\t<div class=\"elementor-element elementor-element-iwgw-inti-ccb iwg-cc-button iwg-cc-cta-2026-05-13 elementor-widget elementor-widget-jet-button\" data-id=\"iwgw-inti-ccb\" data-element_type=\"widget\" data-e-type=\"widget\" data-widget_type=\"jet-button.default\">\n\t\t\t\t<div class=\"elementor-widget-container\">\n\t\t\t\t\t<div class=\"elementor-jet-button jet-elements\"><div class=\"jet-button__container\"><a class=\"jet-button__instance jet-button__instance--icon-left hover-effect-1\" href=\"\/ueber-iwell-guard\/?utm_source=iwell-guard.com&amp;utm_medium=info-box&amp;utm_campaign=wesen-tradition\"><div class=\"jet-button__plane jet-button__plane-normal\"><\/div><div class=\"jet-button__plane jet-button__plane-hover\"><\/div><div class=\"jet-button__state jet-button__state-normal\"><span class=\"jet-button__label\">Mere om iWell Guard<\/span><\/div><div class=\"jet-button__state jet-button__state-hover\"><span class=\"jet-button__label\">Mere om iWell Guard<\/span><\/div><\/a><\/div><\/div><style>.elementor-element.elementor-element-iwgw-inti-ccb .jet-button__instance{width:320px;height:56px;}.elementor-element.elementor-element-iwgw-inti-ccb .jet-button__state-normal .jet-button__label{text-align:center;margin:0px 0px 0px 0px;color:#1a1b20;font-family:Montserrat,sans-serif;font-size:13px;font-weight:400;letter-spacing:4px;line-height:1.714em;text-transform:uppercase;}.elementor-element.elementor-element-iwgw-inti-ccb .jet-button__state-hover .jet-button__label{text-align:center;margin:0px 0px 0px 0px;color:#FECC76;font-family:Montserrat,sans-serif;font-size:13px;font-weight:400;letter-spacing:4px;line-height:1.714em;text-transform:uppercase;}.elementor-element.elementor-element-iwgw-inti-ccb .jet-button__plane-normal{background-color:#FECC76;border-style:solid;border-color:#C99540;border-width:2px 2px 2px 2px;}.elementor-element.elementor-element-iwgw-inti-ccb .jet-button__plane-hover{background-color:rgba(0,0,0,0.55);border-style:solid;border-color:#FECC76;border-width:2px 2px 2px 2px;}<\/style>\t\t\t\t<\/div>\n\t\t\t\t<\/div>\n\t\t\t\t<div class=\"elementor-element elementor-element-iwgw-inti-ccd elementor-widget elementor-widget-text-editor\" data-id=\"iwgw-inti-ccd\" data-element_type=\"widget\" data-e-type=\"widget\" data-widget_type=\"text-editor.default\">\n\t\t\t\t\t\t\t\t\t<div data-nosnippet=\"true\"><p style=\"text-align:center;font-size:13px;opacity:0.7;margin-top:14px\" data-nosnippet=\"true\">Personlige erfaringer kan variere. Ikke et medicinsk produkt. Intet helbredelsesl\u00f8fte.<\/p><\/div>\t\t\t\t\t\t\t\t<\/div>\n\t\t\t\t\t<\/div>\n\t\t\t\t<\/div>\n\t\t\t\t\t<\/div>\n\t\t\t\t<\/div>\n\t\t<div class=\"elementor-element elementor-element-iwgw-inti-disc e-flex e-con-boxed e-con e-parent\" data-id=\"iwgw-inti-disc\" data-element_type=\"container\" data-e-type=\"container\">\n\t\t\t\t\t<div class=\"e-con-inner\">\n\t\t\t\t<div class=\"elementor-element elementor-element-iwgw-inti-discw elementor-widget elementor-widget-html\" data-id=\"iwgw-inti-discw\" data-element_type=\"widget\" data-e-type=\"widget\" data-widget_type=\"html.default\">\n\t\t\t\t\t<footer data-nosnippet=\"true\" class=\"iwg-disclaimer-block\"><p data-nosnippet=\"true\">iWell Guard er <strong>ikke et medicinsk produkt<\/strong> og erstatter ikke l\u00e6ge- eller psykoterapeutisk behandling. De religionsvidenskabelige indhold er en kulturhistorisk indplacering, ikke en anbefaling af spirituel praksis.<\/p><\/footer>\t\t\t\t<\/div>\n\t\t\t\t\t<\/div>\n\t\t\t\t<\/div>\n\t\t\t\t<\/div>\n\t\t","protected":false},"excerpt":{"rendered":"","protected":false},"author":3,"featured_media":2678,"parent":0,"menu_order":0,"comment_status":"closed","ping_status":"closed","template":"elementor_header_footer","meta":{"_yoast_wpseo_focuskw":"Inti Inka solgud","_yoast_wpseo_title":"Inti \u2013 inka-solgud og pantheon","_yoast_wpseo_metadesc":"Inti, solguden for inkaerne, betragtes som far til herskerdynastiet og midtpunkt for Inti Raymi, statskult sammen med Viracocha og Mama Killa.","_yoast_wpseo_meta-robots-noindex":"","_yoast_wpseo_canonical":"","_angie_page":false,"gefaehrdungsstufe":"2","wesen_kultur":"anden-inka","wesen_klasse":"goetter","footnotes":""},"categories":[],"class_list":["post-138247","page","type-page","status-publish","has-post-thumbnail","hentry"],"yoast_head":"<!-- This site is optimized with the Yoast SEO Premium plugin v27.7 (Yoast SEO v28.3) - https:\/\/yoast.com\/product\/yoast-seo-premium-wordpress\/ -->\n<title>Inti \u2013 inka-solgud og pantheon<\/title>\n<meta name=\"description\" content=\"Inti, solguden for inkaerne, betragtes som far til herskerdynastiet og midtpunkt for Inti Raymi, statskult sammen med Viracocha og Mama Killa.\" \/>\n<meta name=\"robots\" content=\"index, follow, max-snippet:-1, max-image-preview:large, max-video-preview:-1\" \/>\n<link rel=\"canonical\" href=\"https:\/\/iwell-guard.com\/da\/inti-solguden-for-inkaerne\/\" \/>\n<meta property=\"og:locale\" content=\"da_DK\" \/>\n<meta property=\"og:type\" content=\"article\" \/>\n<meta property=\"og:title\" content=\"Inti \u2013 solguden for inkaerne\" \/>\n<meta property=\"og:description\" content=\"Inti, solguden for inkaerne, betragtes som far til herskerdynastiet og midtpunkt for Inti Raymi, statskult sammen med Viracocha og Mama Killa.\" \/>\n<meta property=\"og:url\" content=\"https:\/\/iwell-guard.com\/da\/inti-solguden-for-inkaerne\/\" \/>\n<meta property=\"og:site_name\" content=\"iWell Guard\" \/>\n<meta property=\"article:modified_time\" content=\"2026-09-03T07:55:06+00:00\" \/>\n<meta property=\"og:image\" content=\"https:\/\/iwell-guard.com\/wp-content\/uploads\/2026\/05\/goetter_anden-inka_inti.webp\" \/>\n\t<meta property=\"og:image:width\" content=\"1024\" \/>\n\t<meta property=\"og:image:height\" content=\"1536\" \/>\n\t<meta property=\"og:image:type\" content=\"image\/webp\" \/>\n<meta name=\"twitter:card\" content=\"summary_large_image\" \/>\n<script type=\"application\/ld+json\" class=\"yoast-schema-graph\">{\"@context\":\"https:\\\/\\\/schema.org\",\"@graph\":[{\"@type\":\"WebPage\",\"@id\":\"https:\\\/\\\/iwell-guard.com\\\/da\\\/inti-solguden-for-inkaerne\\\/\",\"url\":\"https:\\\/\\\/iwell-guard.com\\\/da\\\/inti-solguden-for-inkaerne\\\/\",\"name\":\"Inti \u2013 inka-solgud og pantheon\",\"isPartOf\":{\"@id\":\"https:\\\/\\\/iwell-guard.com\\\/da\\\/#website\"},\"primaryImageOfPage\":{\"@id\":\"https:\\\/\\\/iwell-guard.com\\\/da\\\/inti-solguden-for-inkaerne\\\/#primaryimage\"},\"image\":{\"@id\":\"https:\\\/\\\/iwell-guard.com\\\/da\\\/inti-solguden-for-inkaerne\\\/#primaryimage\"},\"thumbnailUrl\":\"https:\\\/\\\/iwell-guard.com\\\/wp-content\\\/uploads\\\/2026\\\/05\\\/goetter_anden-inka_inti.webp\",\"datePublished\":\"2026-09-03T07:07:36+00:00\",\"dateModified\":\"2026-09-03T07:55:06+00:00\",\"description\":\"Inti, solguden for inkaerne, betragtes som far til herskerdynastiet og midtpunkt for Inti Raymi, statskult sammen med Viracocha og Mama Killa.\",\"breadcrumb\":{\"@id\":\"https:\\\/\\\/iwell-guard.com\\\/da\\\/inti-solguden-for-inkaerne\\\/#breadcrumb\"},\"inLanguage\":\"da-DK\",\"potentialAction\":[{\"@type\":\"ReadAction\",\"target\":[\"https:\\\/\\\/iwell-guard.com\\\/da\\\/inti-solguden-for-inkaerne\\\/\"]}]},{\"@type\":\"ImageObject\",\"inLanguage\":\"da-DK\",\"@id\":\"https:\\\/\\\/iwell-guard.com\\\/da\\\/inti-solguden-for-inkaerne\\\/#primaryimage\",\"url\":\"https:\\\/\\\/iwell-guard.com\\\/wp-content\\\/uploads\\\/2026\\\/05\\\/goetter_anden-inka_inti.webp\",\"contentUrl\":\"https:\\\/\\\/iwell-guard.com\\\/wp-content\\\/uploads\\\/2026\\\/05\\\/goetter_anden-inka_inti.webp\",\"width\":1024,\"height\":1536,\"caption\":\"Guder fra den ande-inkaiske tradition.\"},{\"@type\":\"BreadcrumbList\",\"@id\":\"https:\\\/\\\/iwell-guard.com\\\/da\\\/inti-solguden-for-inkaerne\\\/#breadcrumb\",\"itemListElement\":[{\"@type\":\"ListItem\",\"position\":1,\"name\":\"Start\",\"item\":\"https:\\\/\\\/iwell-guard.com\\\/da\\\/?page_id=137908\"},{\"@type\":\"ListItem\",\"position\":2,\"name\":\"Inti \u2013 solguden for inkaerne\"}]},{\"@type\":\"WebSite\",\"@id\":\"https:\\\/\\\/iwell-guard.com\\\/da\\\/#website\",\"url\":\"https:\\\/\\\/iwell-guard.com\\\/da\\\/\",\"name\":\"iWell Guard\",\"description\":\"Schutz vor dunklen Einfl\u00fcssen\",\"publisher\":{\"@id\":\"https:\\\/\\\/iwell-guard.com\\\/da\\\/#organization\"},\"potentialAction\":[{\"@type\":\"SearchAction\",\"target\":{\"@type\":\"EntryPoint\",\"urlTemplate\":\"https:\\\/\\\/iwell-guard.com\\\/da\\\/?s={search_term_string}\"},\"query-input\":{\"@type\":\"PropertyValueSpecification\",\"valueRequired\":true,\"valueName\":\"search_term_string\"}}],\"inLanguage\":\"da-DK\"},{\"@type\":\"Organization\",\"@id\":\"https:\\\/\\\/iwell-guard.com\\\/da\\\/#organization\",\"name\":\"Ittermann electronic GmbH\",\"url\":\"https:\\\/\\\/iwell-guard.com\\\/da\\\/\",\"logo\":{\"@type\":\"ImageObject\",\"inLanguage\":\"da-DK\",\"@id\":\"https:\\\/\\\/iwell-guard.com\\\/da\\\/#\\\/schema\\\/logo\\\/image\\\/\",\"url\":\"https:\\\/\\\/iwell-guard.com\\\/wp-content\\\/uploads\\\/2026\\\/05\\\/Ittermann-Logo-1182x237-1.png\",\"contentUrl\":\"https:\\\/\\\/iwell-guard.com\\\/wp-content\\\/uploads\\\/2026\\\/05\\\/Ittermann-Logo-1182x237-1.png\",\"width\":1182,\"height\":237,\"caption\":\"Ittermann electronic GmbH\"},\"image\":{\"@id\":\"https:\\\/\\\/iwell-guard.com\\\/da\\\/#\\\/schema\\\/logo\\\/image\\\/\"},\"sameAs\":[\"https:\\\/\\\/pantip.com\\\/profile\\\/9367242\",\"https:\\\/\\\/micro.blog\\\/iwellguard\",\"https:\\\/\\\/www.diggerslist.com\\\/iwellguard\\\/about\",\"https:\\\/\\\/skitterphoto.com\\\/photographers\\\/2870314\\\/iwell-guard\",\"https:\\\/\\\/iwellguard.wordpress.com\\\/2026\\\/06\\\/06\\\/iwell-guard\\\/\",\"https:\\\/\\\/hub.docker.com\\\/u\\\/iwellguard\",\"https:\\\/\\\/www.pinterest.com\\\/iwellguard\\\/\",\"https:\\\/\\\/bit.ly\\\/m\\\/iwellguard\",\"https:\\\/\\\/entre-vos-mains.alsace.eu\\\/profiles\\\/iwellguard\\\/activity\",\"https:\\\/\\\/gravatar.com\\\/reallybeded8fd34\",\"https:\\\/\\\/naijamatta.com\\\/iwellguard\",\"https:\\\/\\\/www.goodreads.com\\\/iwellguard\",\"https:\\\/\\\/profile.hatena.ne.jp\\\/iwellguard\\\/\",\"https:\\\/\\\/experiment.com\\\/users\\\/iwellguard\",\"https:\\\/\\\/wakelet.com\\\/@iWellGuard82270\",\"https:\\\/\\\/www.chordie.com\\\/forum\\\/profile.php?id=2555664\",\"https:\\\/\\\/www.instapaper.com\\\/p\\\/17757966\",\"https:\\\/\\\/www.mapleprimes.com\\\/users\\\/iwellguard\",\"https:\\\/\\\/businesslistingplus.com\\\/profile\\\/iwell-guard\\\/\",\"https:\\\/\\\/telegra.ph\\\/iWell-Guard-06-06\",\"https:\\\/\\\/pbase.com\\\/iwellguard\\\/iwellguard\",\"https:\\\/\\\/b.hatena.ne.jp\\\/iwellguard\\\/20260607#bookmark-4788405196491818882\",\"https:\\\/\\\/fliphtml5.com\\\/home\\\/iwellguard\",\"https:\\\/\\\/anyflip.com\\\/homepage\\\/cmiwl#About\",\"https:\\\/\\\/transfur.com\\\/Users\\\/iwellguard\",\"http:\\\/\\\/delphi.larsbo.org\\\/user\\\/iwellguard\",\"https:\\\/\\\/jobs.lajobsportal.org\\\/profiles\\\/8380803-iwell-guard\",\"https:\\\/\\\/md.chaosdorf.de\\\/s\\\/jfbe5SBdJD\",\"https:\\\/\\\/www.lingvolive.com\\\/en-us\\\/profile\\\/9ecaeaca-ce11-4e51-9e71-01d55e2bff36\\\/translations\",\"https:\\\/\\\/www.fitday.com\\\/fitness\\\/forums\\\/members\\\/iwellguard.html\",\"https:\\\/\\\/www.mymeetbook.com\\\/iwellguard\",\"https:\\\/\\\/pxhere.com\\\/en\\\/photographer-me\\\/5040798\",\"https:\\\/\\\/disqus.com\\\/by\\\/iwellguard\\\/about\\\/\",\"https:\\\/\\\/pastelink.net\\\/hjwciqwq\",\"https:\\\/\\\/pubhtml5.com\\\/homepage\\\/scjhn\\\/\",\"https:\\\/\\\/www.bitchute.com\\\/channel\\\/2O2eOKzNqujT\",\"https:\\\/\\\/audiomack.com\\\/iwellguard\"]},{\"@type\":\"Article\",\"@id\":\"https:\\\/\\\/iwell-guard.com\\\/da\\\/inti-solguden-for-inkaerne\\\/#article\",\"isPartOf\":{\"@id\":\"https:\\\/\\\/iwell-guard.com\\\/da\\\/inti-solguden-for-inkaerne\\\/\"},\"author\":{\"name\":\"Ralf Ittermann\",\"@id\":\"https:\\\/\\\/iwell-guard.com\\\/da\\\/#\\\/schema\\\/person\\\/ee2a27f1cac3406c7c6fb5820cb7349f\"},\"headline\":\"Inti \u2013 solguden for inkaerne\",\"datePublished\":\"2026-09-03T07:07:36+00:00\",\"dateModified\":\"2026-09-03T07:55:06+00:00\",\"mainEntityOfPage\":{\"@id\":\"https:\\\/\\\/iwell-guard.com\\\/da\\\/inti-solguden-for-inkaerne\\\/\"},\"publisher\":{\"@id\":\"https:\\\/\\\/iwell-guard.com\\\/da\\\/#organization\"},\"image\":{\"@id\":\"https:\\\/\\\/iwell-guard.com\\\/da\\\/inti-solguden-for-inkaerne\\\/#primaryimage\"},\"thumbnailUrl\":\"https:\\\/\\\/iwell-guard.com\\\/wp-content\\\/uploads\\\/2026\\\/05\\\/goetter_anden-inka_inti.webp\",\"inLanguage\":\"da-DK\",\"description\":\"Inti, solguden for inkaerne, betragtes som far til herskerdynastiet og midtpunkt for Inti Raymi, statskult sammen med Viracocha og Mama Killa.\"}]}<\/script>\n<!-- \/ Yoast SEO Premium plugin. -->","yoast_head_json":{"title":"Inti \u2013 inka-solgud og pantheon","description":"Inti, solguden for inkaerne, betragtes som far til herskerdynastiet og midtpunkt for Inti Raymi, statskult sammen med Viracocha og Mama Killa.","robots":{"index":"index","follow":"follow","max-snippet":"max-snippet:-1","max-image-preview":"max-image-preview:large","max-video-preview":"max-video-preview:-1"},"canonical":"https:\/\/iwell-guard.com\/da\/inti-solguden-for-inkaerne\/","og_locale":"da_DK","og_type":"article","og_title":"Inti \u2013 solguden for inkaerne","og_description":"Inti, solguden for inkaerne, betragtes som far til herskerdynastiet og midtpunkt for Inti Raymi, statskult sammen med Viracocha og Mama Killa.","og_url":"https:\/\/iwell-guard.com\/da\/inti-solguden-for-inkaerne\/","og_site_name":"iWell Guard","article_modified_time":"2026-09-03T07:55:06+00:00","og_image":[{"width":1024,"height":1536,"url":"https:\/\/iwell-guard.com\/wp-content\/uploads\/2026\/05\/goetter_anden-inka_inti.webp","type":"image\/webp"}],"twitter_card":"summary_large_image","schema":{"@context":"https:\/\/schema.org","@graph":[{"@type":"Article","@id":"https:\/\/iwell-guard.com\/da\/inti-solguden-for-inkaerne\/#article","isPartOf":{"@id":"https:\/\/iwell-guard.com\/da\/inti-solguden-for-inkaerne\/"},"author":{"name":"Ralf Ittermann","@id":"https:\/\/iwell-guard.com\/da\/#\/schema\/person\/ee2a27f1cac3406c7c6fb5820cb7349f"},"headline":"Inti \u2013 solguden for inkaerne","datePublished":"2026-09-03T07:07:36+00:00","dateModified":"2026-09-03T07:55:06+00:00","mainEntityOfPage":{"@id":"https:\/\/iwell-guard.com\/da\/inti-solguden-for-inkaerne\/"},"publisher":{"@id":"https:\/\/iwell-guard.com\/da\/#organization"},"image":{"@id":"https:\/\/iwell-guard.com\/da\/inti-solguden-for-inkaerne\/#primaryimage"},"thumbnailUrl":"https:\/\/iwell-guard.com\/wp-content\/uploads\/2026\/05\/goetter_anden-inka_inti.webp","inLanguage":"da-DK","description":"Inti, solguden for inkaerne, betragtes som far til herskerdynastiet og midtpunkt for Inti Raymi, statskult sammen med Viracocha og Mama Killa."},{"@type":"WebPage","@id":"https:\/\/iwell-guard.com\/da\/inti-solguden-for-inkaerne\/","url":"https:\/\/iwell-guard.com\/da\/inti-solguden-for-inkaerne\/","name":"Inti \u2013 inka-solgud og pantheon","isPartOf":{"@id":"https:\/\/iwell-guard.com\/da\/#website"},"primaryImageOfPage":{"@id":"https:\/\/iwell-guard.com\/da\/inti-solguden-for-inkaerne\/#primaryimage"},"image":{"@id":"https:\/\/iwell-guard.com\/da\/inti-solguden-for-inkaerne\/#primaryimage"},"thumbnailUrl":"https:\/\/iwell-guard.com\/wp-content\/uploads\/2026\/05\/goetter_anden-inka_inti.webp","datePublished":"2026-09-03T07:07:36+00:00","dateModified":"2026-09-03T07:55:06+00:00","description":"Inti, solguden for inkaerne, betragtes som far til herskerdynastiet og midtpunkt for Inti Raymi, statskult sammen med Viracocha og Mama Killa.","breadcrumb":{"@id":"https:\/\/iwell-guard.com\/da\/inti-solguden-for-inkaerne\/#breadcrumb"},"inLanguage":"da-DK","potentialAction":[{"@type":"ReadAction","target":["https:\/\/iwell-guard.com\/da\/inti-solguden-for-inkaerne\/"]}]},{"@type":"ImageObject","inLanguage":"da-DK","@id":"https:\/\/iwell-guard.com\/da\/inti-solguden-for-inkaerne\/#primaryimage","url":"https:\/\/iwell-guard.com\/wp-content\/uploads\/2026\/05\/goetter_anden-inka_inti.webp","contentUrl":"https:\/\/iwell-guard.com\/wp-content\/uploads\/2026\/05\/goetter_anden-inka_inti.webp","width":1024,"height":1536,"caption":"Guder fra den ande-inkaiske tradition."},{"@type":"BreadcrumbList","@id":"https:\/\/iwell-guard.com\/da\/inti-solguden-for-inkaerne\/#breadcrumb","itemListElement":[{"@type":"ListItem","position":1,"name":"Start","item":"https:\/\/iwell-guard.com\/da\/?page_id=137908"},{"@type":"ListItem","position":2,"name":"Inti \u2013 solguden for inkaerne"}]},{"@type":"WebSite","@id":"https:\/\/iwell-guard.com\/da\/#website","url":"https:\/\/iwell-guard.com\/da\/","name":"iWell Guard","description":"Schutz vor dunklen Einfl\u00fcssen","publisher":{"@id":"https:\/\/iwell-guard.com\/da\/#organization"},"potentialAction":[{"@type":"SearchAction","target":{"@type":"EntryPoint","urlTemplate":"https:\/\/iwell-guard.com\/da\/?s={search_term_string}"},"query-input":{"@type":"PropertyValueSpecification","valueRequired":true,"valueName":"search_term_string"}}],"inLanguage":"da-DK"},{"@type":"Organization","@id":"https:\/\/iwell-guard.com\/da\/#organization","name":"Ittermann electronic GmbH","url":"https:\/\/iwell-guard.com\/da\/","logo":{"@type":"ImageObject","inLanguage":"da-DK","@id":"https:\/\/iwell-guard.com\/da\/#\/schema\/logo\/image\/","url":"https:\/\/iwell-guard.com\/wp-content\/uploads\/2026\/05\/Ittermann-Logo-1182x237-1.png","contentUrl":"https:\/\/iwell-guard.com\/wp-content\/uploads\/2026\/05\/Ittermann-Logo-1182x237-1.png","width":1182,"height":237,"caption":"Ittermann electronic GmbH"},"image":{"@id":"https:\/\/iwell-guard.com\/da\/#\/schema\/logo\/image\/"},"sameAs":["https:\/\/pantip.com\/profile\/9367242","https:\/\/micro.blog\/iwellguard","https:\/\/www.diggerslist.com\/iwellguard\/about","https:\/\/skitterphoto.com\/photographers\/2870314\/iwell-guard","https:\/\/iwellguard.wordpress.com\/2026\/06\/06\/iwell-guard\/","https:\/\/hub.docker.com\/u\/iwellguard","https:\/\/www.pinterest.com\/iwellguard\/","https:\/\/bit.ly\/m\/iwellguard","https:\/\/entre-vos-mains.alsace.eu\/profiles\/iwellguard\/activity","https:\/\/gravatar.com\/reallybeded8fd34","https:\/\/naijamatta.com\/iwellguard","https:\/\/www.goodreads.com\/iwellguard","https:\/\/profile.hatena.ne.jp\/iwellguard\/","https:\/\/experiment.com\/users\/iwellguard","https:\/\/wakelet.com\/@iWellGuard82270","https:\/\/www.chordie.com\/forum\/profile.php?id=2555664","https:\/\/www.instapaper.com\/p\/17757966","https:\/\/www.mapleprimes.com\/users\/iwellguard","https:\/\/businesslistingplus.com\/profile\/iwell-guard\/","https:\/\/telegra.ph\/iWell-Guard-06-06","https:\/\/pbase.com\/iwellguard\/iwellguard","https:\/\/b.hatena.ne.jp\/iwellguard\/20260607#bookmark-4788405196491818882","https:\/\/fliphtml5.com\/home\/iwellguard","https:\/\/anyflip.com\/homepage\/cmiwl#About","https:\/\/transfur.com\/Users\/iwellguard","http:\/\/delphi.larsbo.org\/user\/iwellguard","https:\/\/jobs.lajobsportal.org\/profiles\/8380803-iwell-guard","https:\/\/md.chaosdorf.de\/s\/jfbe5SBdJD","https:\/\/www.lingvolive.com\/en-us\/profile\/9ecaeaca-ce11-4e51-9e71-01d55e2bff36\/translations","https:\/\/www.fitday.com\/fitness\/forums\/members\/iwellguard.html","https:\/\/www.mymeetbook.com\/iwellguard","https:\/\/pxhere.com\/en\/photographer-me\/5040798","https:\/\/disqus.com\/by\/iwellguard\/about\/","https:\/\/pastelink.net\/hjwciqwq","https:\/\/pubhtml5.com\/homepage\/scjhn\/","https:\/\/www.bitchute.com\/channel\/2O2eOKzNqujT","https:\/\/audiomack.com\/iwellguard"]},{"@type":"Person","@id":"https:\/\/iwell-guard.com\/da\/#\/schema\/person\/ee2a27f1cac3406c7c6fb5820cb7349f","name":"Ralf Ittermann","image":{"@type":"ImageObject","inLanguage":"da-DK","@id":"https:\/\/secure.gravatar.com\/avatar\/073c0153e350a5005b68eb752b445fea71f6b24a26da9449ad7e155e6b446c9d?s=96&d=mm&r=g","url":"https:\/\/secure.gravatar.com\/avatar\/073c0153e350a5005b68eb752b445fea71f6b24a26da9449ad7e155e6b446c9d?s=96&d=mm&r=g","contentUrl":"https:\/\/secure.gravatar.com\/avatar\/073c0153e350a5005b68eb752b445fea71f6b24a26da9449ad7e155e6b446c9d?s=96&d=mm&r=g","caption":"Ralf Ittermann"},"givenName":"Ralf","familyName":"Ittermann","jobTitle":"Gesch\u00e4ftsf\u00fchrer und redaktioneller Verantwortlicher","url":"https:\/\/iwell-guard.com\/da\/author\/claude\/","description":"Ralf Ittermann ist Gesch\u00e4ftsf\u00fchrer der Ittermann electronic GmbH und redaktioneller Verantwortlicher des iWell-Guard-Lexikons. Er verbindet langj\u00e4hrige Erfahrung in der Pr\u00e4zisionsfertigung mit medialer Praxis und religionsgeschichtlicher Quellenarbeit.","worksFor":{"@type":"Organization","name":"Ittermann electronic GmbH","url":"https:\/\/ittermann.de\/","address":{"@type":"PostalAddress","streetAddress":"K\u00f6hlergasse 16-18","postalCode":"99842","addressLocality":"Ruhla","addressCountry":"DE"}},"knowsAbout":["Religionsgeschichte","Mythologie","Mediale Praxis","Energetische Diagnostik","Schutzpraxis","Volksglauben","Westliche Esoterik"]},{"@type":"Article","@id":"https:\/\/iwell-guard.com\/da\/inti-solguden-for-inkaerne\/#article","isPartOf":{"@id":"https:\/\/iwell-guard.com\/da\/inti-solguden-for-inkaerne\/"},"author":{"name":"Ralf Ittermann","@id":"https:\/\/iwell-guard.com\/da\/#\/schema\/person\/ee2a27f1cac3406c7c6fb5820cb7349f"},"headline":"Inti \u2013 solguden for inkaerne","datePublished":"2026-09-03T07:07:36+00:00","dateModified":"2026-09-03T07:55:06+00:00","mainEntityOfPage":{"@id":"https:\/\/iwell-guard.com\/da\/inti-solguden-for-inkaerne\/"},"publisher":{"@id":"https:\/\/iwell-guard.com\/da\/#organization"},"image":{"@id":"https:\/\/iwell-guard.com\/da\/inti-solguden-for-inkaerne\/#primaryimage"},"thumbnailUrl":"https:\/\/iwell-guard.com\/wp-content\/uploads\/2026\/05\/goetter_anden-inka_inti.webp","inLanguage":"da-DK","description":"Inti, solguden for inkaerne, betragtes som far til herskerdynastiet og midtpunkt for Inti Raymi, statskult sammen med Viracocha og Mama Killa."}]}},"_links":{"self":[{"href":"https:\/\/iwell-guard.com\/da\/wp-json\/wp\/v2\/pages\/138247","targetHints":{"allow":["GET"]}}],"collection":[{"href":"https:\/\/iwell-guard.com\/da\/wp-json\/wp\/v2\/pages"}],"about":[{"href":"https:\/\/iwell-guard.com\/da\/wp-json\/wp\/v2\/types\/page"}],"author":[{"embeddable":true,"href":"https:\/\/iwell-guard.com\/da\/wp-json\/wp\/v2\/users\/3"}],"replies":[{"embeddable":true,"href":"https:\/\/iwell-guard.com\/da\/wp-json\/wp\/v2\/comments?post=138247"}],"version-history":[{"count":0,"href":"https:\/\/iwell-guard.com\/da\/wp-json\/wp\/v2\/pages\/138247\/revisions"}],"wp:featuredmedia":[{"embeddable":true,"href":"https:\/\/iwell-guard.com\/da\/wp-json\/wp\/v2\/media\/2678"}],"wp:attachment":[{"href":"https:\/\/iwell-guard.com\/da\/wp-json\/wp\/v2\/media?parent=138247"}],"wp:term":[{"taxonomy":"category","embeddable":true,"href":"https:\/\/iwell-guard.com\/da\/wp-json\/wp\/v2\/categories?post=138247"}],"curies":[{"name":"wp","href":"https:\/\/api.w.org\/{rel}","templated":true}]}}