{"id":138212,"date":"2026-09-03T07:07:06","date_gmt":"2026-09-03T07:07:06","guid":{"rendered":"https:\/\/iwell-guard.com\/?page_id=138212"},"modified":"2026-09-03T07:53:48","modified_gmt":"2026-09-03T07:53:48","slug":"belial","status":"publish","type":"page","link":"https:\/\/iwell-guard.com\/da\/belial\/","title":{"rendered":"Belial"},"content":{"rendered":"\t\t<div data-elementor-type=\"wp-page\" data-elementor-id=\"138212\" class=\"elementor elementor-138212 elementor-2257 elementor-bc-flex-widget\" data-elementor-post-type=\"page\">\n\t\t\t\t<div class=\"elementor-element elementor-element-10fdade e-flex e-con-boxed e-con e-parent\" data-id=\"10fdade\" data-element_type=\"container\" data-e-type=\"container\" data-settings=\"{&quot;background_background&quot;:&quot;classic&quot;}\">\n\t\t\t\t\t<div class=\"e-con-inner\">\n\t\t<div class=\"elementor-element elementor-element-herohlft0 e-flex e-con-boxed e-con e-child\" data-id=\"herohlft0\" data-element_type=\"container\" data-e-type=\"container\">\n\t\t\t\t\t<div class=\"e-con-inner\">\n\t\t<div class=\"elementor-element elementor-element-c3ceb64 e-con-full e-flex e-con e-child\" data-id=\"c3ceb64\" data-element_type=\"container\" data-e-type=\"container\">\n\t\t\t\t<div class=\"elementor-element elementor-element-96ae5e1 elementor-widget elementor-widget-heading\" data-id=\"96ae5e1\" data-element_type=\"widget\" data-e-type=\"widget\" data-widget_type=\"heading.default\">\n\t\t\t\t\t<h1 class=\"elementor-heading-title elementor-size-default\">Belial, konge og ordenes engel<\/h1>\t\t\t\t<\/div>\n\t\t\t\t<div class=\"elementor-element elementor-element-e45238a elementor-widget elementor-widget-text-editor\" data-id=\"e45238a\" data-element_type=\"widget\" data-e-type=\"widget\" data-widget_type=\"text-editor.default\">\n\t\t\t\t\t\t\t\t\t<p><strong>Belial er<\/strong> en af de \u00e6ldste og sprogligt mest frugtbare figurer i den j\u00f8diske og kristne d\u00e6monologi. I mods\u00e6tning til Bael eller Paimon, hvis linje g\u00e5r tilbage til de f\u00f8nikisk-orientalske guder, har Belial r\u00f8dder i det hebraiske sprogbrug og i den tidligj\u00f8diske apokalyptik.<\/p><p>Fra et moralsk abstraktbegreb udviklede der sig via Qumran-skrifterne en navngiven kosmisk modstander. I Goetia optr\u00e6der han som den 68. <span class=\"iwg-fachbegriff\" data-tooltip=\"Et kropsl\u00f8st v\u00e6sen, som tilskrives virkning i verden.\" tabindex=\"0\">\u00e5nd<\/span> og anses for konge med befalingsmagt over firs legioner.<\/p>\t\t\t\t\t\t\t\t<\/div>\n\t\t\t\t<\/div>\n\t\t<div class=\"elementor-element elementor-element-klsbdg01 e-con-full e-flex e-con e-parent\" data-id=\"klsbdg01\" data-element_type=\"container\" data-e-type=\"container\">\n\t\t\t\t<div class=\"elementor-element elementor-element-klshtm01 elementor-widget elementor-widget-html\" data-id=\"klshtm01\" data-element_type=\"widget\" data-e-type=\"widget\" data-widget_type=\"html.default\">\n\t\t\t\t\t<div class=\"iwg-pill-row\"><span class=\"iwg-klasse-badge\" tabindex=\"0\" data-tooltip=\"Daemon: Uebernatuerliches, meist schaedigendes Wesen zwischen Goettern und Menschen.\">D\u00e6mon<\/span><a href=\"https:\/\/iwell-guard.com\/da\/?page_id=137940\" class=\"iwg-kultur-badge\" tabindex=\"0\" data-tooltip=\"Christliche Tradition seit dem 1. Jh. n. Chr.\">Kristendom<\/a><\/div>\t\t\t\t<\/div>\n\t\t\t\t<\/div>\n\t\t<div class=\"elementor-element elementor-element-3f74855 e-con-full e-flex e-con e-child\" data-id=\"3f74855\" data-element_type=\"container\" data-e-type=\"container\">\n\t\t\t\t<div class=\"elementor-element elementor-element-1c30362 elementor-toc--minimized-on-tablet elementor-widget elementor-widget-table-of-contents\" data-id=\"1c30362\" data-element_type=\"widget\" data-e-type=\"widget\" data-settings=\"{&quot;exclude_headings_by_selector&quot;:[],&quot;no_headings_message&quot;:&quot;Der blev ikke fundet nogen overskrifter p\\u00e5 denne side.&quot;,&quot;headings_by_tags&quot;:[&quot;h2&quot;,&quot;h3&quot;],&quot;marker_view&quot;:&quot;bullets&quot;,&quot;minimize_box&quot;:&quot;yes&quot;,&quot;icon&quot;:{&quot;value&quot;:&quot;fas fa-circle&quot;,&quot;library&quot;:&quot;fa-solid&quot;,&quot;rendered_tag&quot;:&quot;&lt;svg class=\\&quot;e-font-icon-svg e-fas-circle\\&quot; viewBox=\\&quot;0 0 512 512\\&quot; xmlns=\\&quot;http:\\\/\\\/www.w3.org\\\/2000\\\/svg\\&quot;&gt;&lt;path d=\\&quot;M256 8C119 8 8 119 8 256s111 248 248 248 248-111 248-248S393 8 256 8z\\&quot;&gt;&lt;\\\/path&gt;&lt;\\\/svg&gt;&quot;},&quot;minimized_on&quot;:&quot;tablet&quot;,&quot;hierarchical_view&quot;:&quot;yes&quot;,&quot;min_height&quot;:{&quot;unit&quot;:&quot;px&quot;,&quot;size&quot;:&quot;&quot;,&quot;sizes&quot;:[]},&quot;min_height_tablet&quot;:{&quot;unit&quot;:&quot;px&quot;,&quot;size&quot;:&quot;&quot;,&quot;sizes&quot;:[]},&quot;min_height_mobile&quot;:{&quot;unit&quot;:&quot;px&quot;,&quot;size&quot;:&quot;&quot;,&quot;sizes&quot;:[]}}\" data-widget_type=\"table-of-contents.default\">\n\t\t\t\t\t\t\t\t\t<div class=\"elementor-toc__header\">\n\t\t\t\t\t\t<h2 class=\"elementor-toc__header-title\">\n\t\t\t\tIndholdsfortegnelse\t\t\t<\/h2>\n\t\t\t\t\t\t\t\t\t\t<div class=\"elementor-toc__toggle-button elementor-toc__toggle-button--expand\" role=\"button\" tabindex=\"0\" aria-controls=\"elementor-toc__1c30362\" aria-expanded=\"true\" aria-label=\"Open table of contents\"><svg aria-hidden=\"true\" class=\"e-font-icon-svg e-fas-chevron-down\" viewBox=\"0 0 448 512\" xmlns=\"http:\/\/www.w3.org\/2000\/svg\"><path d=\"M207.029 381.476L12.686 187.132c-9.373-9.373-9.373-24.569 0-33.941l22.667-22.667c9.357-9.357 24.522-9.375 33.901-.04L224 284.505l154.745-154.021c9.379-9.335 24.544-9.317 33.901.04l22.667 22.667c9.373 9.373 9.373 24.569 0 33.941L240.971 381.476c-9.373 9.372-24.569 9.372-33.942 0z\"><\/path><\/svg><\/div>\n\t\t\t\t<div class=\"elementor-toc__toggle-button elementor-toc__toggle-button--collapse\" role=\"button\" tabindex=\"0\" aria-controls=\"elementor-toc__1c30362\" aria-expanded=\"true\" aria-label=\"Close table of contents\"><svg aria-hidden=\"true\" class=\"e-font-icon-svg e-fas-chevron-up\" viewBox=\"0 0 448 512\" xmlns=\"http:\/\/www.w3.org\/2000\/svg\"><path d=\"M240.971 130.524l194.343 194.343c9.373 9.373 9.373 24.569 0 33.941l-22.667 22.667c-9.357 9.357-24.522 9.375-33.901.04L224 227.495 69.255 381.516c-9.379 9.335-24.544 9.317-33.901-.04l-22.667-22.667c-9.373-9.373-9.373-24.569 0-33.941L207.03 130.525c9.372-9.373 24.568-9.373 33.941-.001z\"><\/path><\/svg><\/div>\n\t\t\t\t\t<\/div>\n\t\t\t\t<div id=\"elementor-toc__1c30362\" class=\"elementor-toc__body\">\n\t\t\t<div class=\"elementor-toc__spinner-container\">\n\t\t\t\t<svg class=\"elementor-toc__spinner eicon-animation-spin e-font-icon-svg e-eicon-loading\" aria-hidden=\"true\" viewBox=\"0 0 1000 1000\" xmlns=\"http:\/\/www.w3.org\/2000\/svg\"><path d=\"M500 975V858C696 858 858 696 858 500S696 142 500 142 142 304 142 500H25C25 237 238 25 500 25S975 237 975 500 763 975 500 975Z\"><\/path><\/svg>\t\t\t<\/div>\n\t\t<\/div>\n\t\t\t\t\t\t<\/div>\n\t\t\t\t<\/div>\n\t\t\t\t\t<\/div>\n\t\t\t\t<\/div>\n\t\t<div class=\"elementor-element elementor-element-herorght0 e-con-full e-flex e-con e-child\" data-id=\"herorght0\" data-element_type=\"container\" data-e-type=\"container\">\n\t\t\t\t<div class=\"elementor-element elementor-element-heroimg00 iwg-hero-image elementor-widget elementor-widget-image\" data-id=\"heroimg00\" data-element_type=\"widget\" data-e-type=\"widget\" data-widget_type=\"image.default\">\n\t\t\t\t\t\t\t\t\t\t\t\t\t\t\t<img fetchpriority=\"high\" decoding=\"async\" width=\"683\" height=\"1024\" src=\"https:\/\/iwell-guard.com\/wp-content\/uploads\/2026\/05\/daemonen_christentum_belial-683x1024.webp\" class=\"attachment-large size-large wp-image-140203\" alt=\"Belial, d\u00e6mon i den kristent-okkultistiske goetia-tradition\" srcset=\"https:\/\/iwell-guard.com\/wp-content\/uploads\/2026\/05\/daemonen_christentum_belial-683x1024.webp 683w, https:\/\/iwell-guard.com\/wp-content\/uploads\/2026\/05\/daemonen_christentum_belial-200x300.webp 200w, https:\/\/iwell-guard.com\/wp-content\/uploads\/2026\/05\/daemonen_christentum_belial-768x1152.webp 768w, https:\/\/iwell-guard.com\/wp-content\/uploads\/2026\/05\/daemonen_christentum_belial.webp 1024w\" sizes=\"(max-width: 683px) 100vw, 683px\" \/>\t\t\t\t\t\t\t\t\t\t\t\t\t\t\t<\/div>\n\t\t\t\t<\/div>\n\t\t\t\t\t<\/div>\n\t\t\t\t<\/div>\n\t\t<div class=\"elementor-element elementor-element-32917199 e-flex e-con-boxed e-con e-parent\" data-id=\"32917199\" data-element_type=\"container\" data-e-type=\"container\">\n\t\t\t\t\t<div class=\"e-con-inner\">\n\t\t<div class=\"elementor-element elementor-element-26e916cb e-flex e-con-boxed e-con e-child\" data-id=\"26e916cb\" data-element_type=\"container\" data-e-type=\"container\">\n\t\t\t\t\t<div class=\"e-con-inner\">\n\t\t<div class=\"elementor-element elementor-element-253a40d4 e-flex e-con-boxed e-con e-child\" data-id=\"253a40d4\" data-element_type=\"container\" data-e-type=\"container\">\n\t\t\t\t\t<div class=\"e-con-inner\">\n\t\t\t\t<div class=\"elementor-element elementor-element-1200c304 elementor-widget elementor-widget-heading\" data-id=\"1200c304\" data-element_type=\"widget\" data-e-type=\"widget\" data-widget_type=\"heading.default\">\n\t\t\t\t\t<h2 class=\"elementor-heading-title elementor-size-default\">Belial<\/h2>\t\t\t\t<\/div>\n\t\t\t\t<div class=\"elementor-element elementor-element-11758e7f elementor-widget elementor-widget-text-editor\" data-id=\"11758e7f\" data-element_type=\"widget\" data-e-type=\"widget\" data-widget_type=\"text-editor.default\">\n\t\t\t\t\t\t\t\t\t<p><strong>Belial er<\/strong> en af de \u00e6ldste og sprogligt mest frugtbare figurer i den j\u00f8diske og kristne d\u00e6monologi. I mods\u00e6tning til Bael eller Paimon, hvis linje g\u00e5r tilbage til de f\u00f8nikisk-orientalske guder, har Belial r\u00f8dder i det hebraiske sprogbrug og i den tidligj\u00f8diske apokalyptik.<\/p><p>Fra et moralsk abstraktbegreb udviklede der sig via Qumran-skrifterne en navngiven kosmisk modstander. I Goetia optr\u00e6der han som den 68. <span class=\"iwg-fachbegriff\" data-tooltip=\"Et kropsl\u00f8st v\u00e6sen, som tilskrives virkning i verden.\" tabindex=\"0\">\u00e5nd<\/span> og anses for konge med befalingsmagt over firs legioner.<\/p>\t\t\t\t\t\t\t\t<\/div>\n\t\t\t\t\t<\/div>\n\t\t\t\t<\/div>\n\t\t<div class=\"elementor-element elementor-element-159dcf9a e-flex e-con-boxed e-con e-child\" data-id=\"159dcf9a\" data-element_type=\"container\" data-e-type=\"container\">\n\t\t\t\t\t<div class=\"e-con-inner\">\n\t\t\t\t<div class=\"elementor-element elementor-element-48cee66f elementor-widget elementor-widget-heading\" data-id=\"48cee66f\" data-element_type=\"widget\" data-e-type=\"widget\" data-widget_type=\"heading.default\">\n\t\t\t\t\t<h2 class=\"elementor-heading-title elementor-size-default\">Hurtigt overblik: Belial<\/h2>\t\t\t\t<\/div>\n\t\t\t\t<div class=\"elementor-element elementor-element-3f50d82c elementor-widget elementor-widget-text-editor\" data-id=\"3f50d82c\" data-element_type=\"widget\" data-e-type=\"widget\" data-widget_type=\"text-editor.default\">\n\t\t\t\t\t\t\t\t\t<p><strong>Type:<\/strong> <span class=\"iwg-fachbegriff\" data-tooltip=\"Et \u00e5ndeligt v\u00e6sen, som tilskrives skadelig eller tvetydig virkning.\" tabindex=\"0\">d\u00e6mon<\/span>, konge-<span class=\"iwg-fachbegriff\" data-tooltip=\"Et kropsl\u00f8st v\u00e6sen, som tilskrives virkning i verden.\" tabindex=\"0\">\u00e5nd<\/span> i Ars Goetia<br><strong>Herkomst:<\/strong> Hebraisk bibel, tidligj\u00f8disk apokalyptik<br><strong>Rang:<\/strong> Konge, Goetiaens 68. <span class=\"iwg-fachbegriff\" data-tooltip=\"Et kropsl\u00f8st v\u00e6sen, som tilskrives virkning i verden.\" tabindex=\"0\">\u00e5nd<\/span>, befaling over 80 legioner<br><strong>Kilder:<\/strong> Qumran-skrifter, De Tolv Patriarkers Testamente, Lemegeton<br><strong>Besl\u00e6gtet:<\/strong> Lucifer, Samael, Azazel, Mastema<\/p>\t\t\t\t\t\t\t\t<\/div>\n\t\t\t\t\t<\/div>\n\t\t\t\t<\/div>\n\t\t\t\t\t<\/div>\n\t\t\t\t<\/div>\n\t\t\t\t\t<\/div>\n\t\t\t\t<\/div>\n\t\t<div class=\"elementor-element elementor-element-18613602 e-flex e-con-boxed e-con e-parent\" data-id=\"18613602\" data-element_type=\"container\" data-e-type=\"container\">\n\t\t\t\t\t<div class=\"e-con-inner\">\n\t\t\t\t<div class=\"elementor-element elementor-element-262b8a9f elementor-widget elementor-widget-heading\" data-id=\"262b8a9f\" data-element_type=\"widget\" data-e-type=\"widget\" data-widget_type=\"heading.default\">\n\t\t\t\t\t<h2 class=\"elementor-heading-title elementor-size-default\">Indplacering<\/h2>\t\t\t\t<\/div>\n\t\t<div class=\"elementor-element elementor-element-46dcb7d e-con-full e-flex e-con e-child\" data-id=\"46dcb7d\" data-element_type=\"container\" data-e-type=\"container\">\n\t\t<div class=\"elementor-element elementor-element-61d3ab3 e-flex e-con-boxed e-con e-child\" data-id=\"61d3ab3\" data-element_type=\"container\" data-e-type=\"container\">\n\t\t\t\t\t<div class=\"e-con-inner\">\n\t\t\t\t<div class=\"elementor-element elementor-element-117c166 elementor-widget elementor-widget-heading\" data-id=\"117c166\" data-element_type=\"widget\" data-e-type=\"widget\" data-widget_type=\"heading.default\">\n\t\t\t\t\t<div class=\"elementor-heading-title elementor-size-default\">Teksternes tidsperiode<\/div>\t\t\t\t<\/div>\n\t\t\t\t<div class=\"elementor-element elementor-element-73997a0 elementor-widget elementor-widget-text-editor\" data-id=\"73997a0\" data-element_type=\"widget\" data-e-type=\"widget\" data-widget_type=\"text-editor.default\">\n\t\t\t\t\t\t\t\t\t<p>Belial-<span class=\"iwg-fachbegriff\" data-tooltip=\"Overleveringen af viden og fort\u00e6llinger gennem generationer.\" tabindex=\"0\">overleveringen<\/span> str\u00e6kker sig over mere end to \u00e5rtusinder. I den hebraiske bibel forekommer ordet som et f\u00e6llesbegreb, uden personlig skikkelse.<\/p><p>Den specifikt d\u00e6monologiske figur bliver h\u00e5ndgribelig i Qumran-skrifterne fra det 2. og 1. \u00e5rhundrede f\u00f8r vor tidsregning. En litter\u00e6r opblomstring f\u00f8lger i senmiddelalderen med Liber Belial omkring 1382, og den magisk-okkulte udformning kommer endelig med Lemegeton i det 17. \u00e5rhundrede.<\/p>\t\t\t\t\t\t\t\t<\/div>\n\t\t\t\t\t<\/div>\n\t\t\t\t<\/div>\n\t\t<div class=\"elementor-element elementor-element-d47b156 e-flex e-con-boxed e-con e-child\" data-id=\"d47b156\" data-element_type=\"container\" data-e-type=\"container\">\n\t\t\t\t\t<div class=\"e-con-inner\">\n\t\t\t\t<div class=\"elementor-element elementor-element-ff38c2b elementor-widget elementor-widget-heading\" data-id=\"ff38c2b\" data-element_type=\"widget\" data-e-type=\"widget\" data-widget_type=\"heading.default\">\n\t\t\t\t\t<div class=\"elementor-heading-title elementor-size-default\">Udbredelsesomr\u00e5de<\/div>\t\t\t\t<\/div>\n\t\t\t\t<div class=\"elementor-element elementor-element-4e49fcc elementor-widget elementor-widget-text-editor\" data-id=\"4e49fcc\" data-element_type=\"widget\" data-e-type=\"widget\" data-widget_type=\"text-editor.default\">\n\t\t\t\t\t\t\t\t\t<p>Udgangspunktet er det <span class=\"iwg-fachbegriff\" data-tooltip=\"Epoken for den gr\u00e6ske og romerske kultur, cirka 800 f.Kr. til 600 e.Kr.\" tabindex=\"0\">antikke<\/span> Israel og den tidligj\u00f8diske periode i Pal\u00e6stina, som fremg\u00e5r is\u00e6r af teksterne fra Qumran-menigheden ved Det D\u00f8de Hav. Via Det Nye Testamente n\u00e5ede navnet ud i den gr\u00e6sktalende kristne verden.<\/p><p>I det latinske Mellemeuropa spredtes Belial gennem den tidlige bogtryk, i den tidlige moderne tid via grimoirerne og videre ind i nutidens vestlige <span class=\"iwg-fachbegriff\" data-tooltip=\"Samlebegreb for l\u00e6rdomme, der h\u00e6vder en skjult viden, som kun er tilg\u00e6ngelig for indviede.\" tabindex=\"0\">esoterik<\/span>.<\/p>\t\t\t\t\t\t\t\t<\/div>\n\t\t\t\t\t<\/div>\n\t\t\t\t<\/div>\n\t\t\t\t<\/div>\n\t\t<div class=\"elementor-element elementor-element-db03c39 e-con-full e-flex e-con e-child\" data-id=\"db03c39\" data-element_type=\"container\" data-e-type=\"container\">\n\t\t<div class=\"elementor-element elementor-element-229a87b e-flex e-con-boxed e-con e-child\" data-id=\"229a87b\" data-element_type=\"container\" data-e-type=\"container\">\n\t\t\t\t\t<div class=\"e-con-inner\">\n\t\t\t\t<div class=\"elementor-element elementor-element-1f471fc elementor-widget elementor-widget-heading\" data-id=\"1f471fc\" data-element_type=\"widget\" data-e-type=\"widget\" data-widget_type=\"heading.default\">\n\t\t\t\t\t<div class=\"elementor-heading-title elementor-size-default\">Kildesituation<\/div>\t\t\t\t<\/div>\n\t\t\t\t<div class=\"elementor-element elementor-element-36b1201 elementor-widget elementor-widget-text-editor\" data-id=\"36b1201\" data-element_type=\"widget\" data-e-type=\"widget\" data-widget_type=\"text-editor.default\">\n\t\t\t\t\t\t\t\t\t<p>Den vigtigste kildegruppe er Qumran-skrifterne, navnlig Krigsrullen (1QM), F\u00e6llesskabsreglen (1QS) og Hodayot. Hertil kommer De Tolv Patriarkers Testamente samt et enkelt sted i Det Nye Testamente (2 Kor 6,15).<\/p><p>For den senere tradition er Liber Belial af Jacobus de Theramo og Lemegeton afg\u00f8rende. Den akademiske forskning behandler Belial is\u00e6r i sammenh\u00e6ng med Qumran-studierne og Liber-Belial-traditionen.<\/p>\t\t\t\t\t\t\t\t<\/div>\n\t\t\t\t\t<\/div>\n\t\t\t\t<\/div>\n\t\t\t\t<\/div>\n\t\t\t\t\t<\/div>\n\t\t\t\t<\/div>\n\t\t<div class=\"elementor-element elementor-element-3ae0637c e-flex e-con-boxed e-con e-parent\" data-id=\"3ae0637c\" data-element_type=\"container\" data-e-type=\"container\">\n\t\t\t\t\t<div class=\"e-con-inner\">\n\t\t\t\t<div class=\"elementor-element elementor-element-31d07739 elementor-widget elementor-widget-heading\" data-id=\"31d07739\" data-element_type=\"widget\" data-e-type=\"widget\" data-widget_type=\"heading.default\">\n\t\t\t\t\t<h2 class=\"elementor-heading-title elementor-size-default\">Navn<\/h2>\t\t\t\t<\/div>\n\t\t<div class=\"elementor-element elementor-element-b7642947 e-con-full e-flex e-con e-child\" data-id=\"b7642947\" data-element_type=\"container\" data-e-type=\"container\">\n\t\t\t\t<div class=\"elementor-element elementor-element-a086266 elementor-widget elementor-widget-text-editor\" data-id=\"a086266\" data-element_type=\"widget\" data-e-type=\"widget\" data-widget_type=\"text-editor.default\">\n\t\t\t\t\t\t\t\t\t<p>Navnet er sprogligt omdiskuteret. Den mest udbredte forklaring opdeler det hebraiske beliyya&#8217;al (\u05d1\u05b0\u05bc\u05dc\u05b4\u05d9\u05b7\u05bc\u05e2\u05b7\u05dc) i negationen beli (uden, ikke) og et andet element. Forst\u00e5s dette som ya&#8217;al i betydningen nytte, fremkommer betydningen uden nytte eller unyttighed.<\/p><p>En anden l\u00e6sning forbinder det andet led med roden for at stige op og kommer frem til en, der ikke stiger op, hvilket blev tolket som en betegnelse for underverdenen. Septuaginta overs\u00e6tter ofte belial med paranomos (lovl\u00f8s) eller asebes (gudl\u00f8s).<\/p><p>I Det Nye Testamente forekommer navnet i formen Beliar, med r i stedet for l. Denne lydvariant er godt belagt og findes ogs\u00e5 i andre tidligj\u00f8diske og tidligkristne tekster.<\/p><p>I den hebraiske bibel forekommer udtrykket bene beli&#8217;al, Belials s\u00f8nner, som betegnelse for voldelige, lovl\u00f8se m\u00e6nd (Dom 19,22; 1 Sam 10,27), endnu uden nogen forbindelse til en bestemt <span class=\"iwg-fachbegriff\" data-tooltip=\"Et \u00e5ndeligt v\u00e6sen, som tilskrives skadelig eller tvetydig virkning.\" tabindex=\"0\">d\u00e6mon<\/span>.<\/p>\t\t\t\t\t\t\t\t<\/div>\n\t\t\t\t<\/div>\n\t\t\t\t\t<\/div>\n\t\t\t\t<\/div>\n\t\t<div class=\"elementor-element elementor-element-709a44a8 e-flex e-con-boxed e-con e-parent\" data-id=\"709a44a8\" data-element_type=\"container\" data-e-type=\"container\">\n\t\t\t\t\t<div class=\"e-con-inner\">\n\t\t\t\t<div class=\"elementor-element elementor-element-2f585873 elementor-widget elementor-widget-heading\" data-id=\"2f585873\" data-element_type=\"widget\" data-e-type=\"widget\" data-widget_type=\"heading.default\">\n\t\t\t\t\t<h2 class=\"elementor-heading-title elementor-size-default\">Beskrivelse<\/h2>\t\t\t\t<\/div>\n\t\t<div class=\"elementor-element elementor-element-70621c12 e-con-full e-flex e-con e-child\" data-id=\"70621c12\" data-element_type=\"container\" data-e-type=\"container\">\n\t\t\t\t<div class=\"elementor-element elementor-element-4296eb49 elementor-widget elementor-widget-text-editor\" data-id=\"4296eb49\" data-element_type=\"widget\" data-e-type=\"widget\" data-widget_type=\"text-editor.default\">\n\t\t\t\t\t\t\t\t\t<p>I tidligj\u00f8dedommen er Belial ikke et v\u00e6sen med en fast kropslig skikkelse, men en personlig magt, der forestilles som m\u00f8rkets anf\u00f8rer.<\/p><p>I Krigsrullen st\u00e5r han i spidsen for fjendens h\u00e6r, og F\u00e6llesskabsreglen beskriver et begr\u00e6nset herred\u00f8mme for Belial, hvor m\u00f8rket ud\u00f8ver magt over verden og over menneskenes hjerter. Hodayot taler om Belials snarer og b\u00e5nd, som Gud udfrier de bedende fra.<\/p><p>Det er f\u00f8rst i Goetia, at han f\u00e5r en fast billedform. D\u00e9r fremst\u00e5r Belial som en konge-<span class=\"iwg-fachbegriff\" data-tooltip=\"Et kropsl\u00f8st v\u00e6sen, som tilskrives virkning i verden.\" tabindex=\"0\">\u00e5nd<\/span> af s\u00e6rlig fremtr\u00e6dende status, og teksten betegner ham som skabt umiddelbart efter Lucifer. Ikonografien viser to str\u00e5lende <span class=\"iwg-fachbegriff\" data-tooltip=\"I de abrahamitiske religioner et himmelsk sendebud fra Gud.\" tabindex=\"0\">engle<\/span> p\u00e5 en flammende stridsvogn, en billedform, der genkalder Ezekiels tronvognssyn (Ez 1) og forbinder Belial med de h\u00f8jere engleklasser.<\/p><p>I den litter\u00e6re reception fremstilles Belial ofte som en inkarnation af l\u00f8gn og smukke ord uden substans. John Miltons Paradise Lost g\u00f8r ham til en af de mest veltalende faldne <span class=\"iwg-fachbegriff\" data-tooltip=\"I de abrahamitiske religioner et himmelsk sendebud fra Gud.\" tabindex=\"0\">engle<\/span> i helvedes r\u00e5d, en elegant taler, som forbliver t\u00f8vende i sin handlen.<\/p><p>Denne fremstilling er ikke historisk belagt, men knytter sig til den gamle qumranske forestilling om Belial som en modfyrste af sandheden.<\/p>\t\t\t\t\t\t\t\t<\/div>\n\t\t\t\t<\/div>\n\t\t\t\t\t<\/div>\n\t\t\t\t<\/div>\n\t\t<div class=\"elementor-element elementor-element-44e71476 e-flex e-con-boxed e-con e-parent\" data-id=\"44e71476\" data-element_type=\"container\" data-e-type=\"container\">\n\t\t\t\t\t<div class=\"e-con-inner\">\n\t\t\t\t<div class=\"elementor-element elementor-element-3c1fc3f0 elementor-widget elementor-widget-heading\" data-id=\"3c1fc3f0\" data-element_type=\"widget\" data-e-type=\"widget\" data-widget_type=\"heading.default\">\n\t\t\t\t\t<h2 class=\"elementor-heading-title elementor-size-default\">Profil: Belial<\/h2>\t\t\t\t<\/div>\n\t\t<div class=\"elementor-element elementor-element-84f33b8e e-con-full e-flex e-con e-child\" data-id=\"84f33b8e\" data-element_type=\"container\" data-e-type=\"container\">\n\t\t\t\t<div class=\"elementor-element elementor-element-hqkdc67p elementor-widget elementor-widget-text-editor\" data-id=\"hqkdc67p\" data-element_type=\"widget\" data-e-type=\"widget\" data-widget_type=\"text-editor.default\">\n\t\t\t\t\t\t\t\t\t<p>F\u00f8lgende felter opsummerer Goetia-traditionen om Belial og dens religionshistoriske r\u00f8dder.<\/p>\t\t\t\t\t\t\t\t<\/div>\n\t\t\t\t<\/div>\n\t\t<div class=\"elementor-element elementor-element-pemmx7c5 e-con-full e-flex e-con e-child\" data-id=\"pemmx7c5\" data-element_type=\"container\" data-e-type=\"container\">\n\t\t<div class=\"elementor-element elementor-element-pemmx7c1 e-con-full e-flex e-con e-child\" data-id=\"pemmx7c1\" data-element_type=\"container\" data-e-type=\"container\">\n\t\t<div class=\"elementor-element elementor-element-qh9oavvu iwg-steckbrief-card e-flex e-con-boxed e-con e-child\" data-id=\"qh9oavvu\" data-element_type=\"container\" data-e-type=\"container\">\n\t\t\t\t\t<div class=\"e-con-inner\">\n\t\t\t\t<div class=\"elementor-element elementor-element-awzx8k2k elementor-widget elementor-widget-heading\" data-id=\"awzx8k2k\" data-element_type=\"widget\" data-e-type=\"widget\" data-widget_type=\"heading.default\">\n\t\t\t\t\t<div class=\"elementor-heading-title elementor-size-default\">Herkomst<\/div>\t\t\t\t<\/div>\n\t\t\t\t<div class=\"elementor-element elementor-element-x6rowhv0 elementor-widget elementor-widget-text-editor\" data-id=\"x6rowhv0\" data-element_type=\"widget\" data-e-type=\"widget\" data-widget_type=\"text-editor.default\">\n\t\t\t\t\t\t\t\t\t<p>Belial har r\u00f8dder i det hebraiske sprogbrug, hvor beliyya&#8217;al oprindeligt var et moralsk abstraktum med betydningen ford\u00e6rv eller ondskab. Figuren blev f\u00f8rst til en personlig magt i den tidligj\u00f8diske apokalyptik, is\u00e6r i Qumran-skrifterne. Goetia betegner ham som skabt umiddelbart efter Lucifer og indplacerer ham dermed i den faldne engleverden.<\/p>\t\t\t\t\t\t\t\t<\/div>\n\t\t\t\t\t<\/div>\n\t\t\t\t<\/div>\n\t\t<div class=\"elementor-element elementor-element-8e3o4kxs iwg-steckbrief-card e-flex e-con-boxed e-con e-child\" data-id=\"8e3o4kxs\" data-element_type=\"container\" data-e-type=\"container\">\n\t\t\t\t\t<div class=\"e-con-inner\">\n\t\t\t\t<div class=\"elementor-element elementor-element-08rkdgov elementor-widget elementor-widget-heading\" data-id=\"08rkdgov\" data-element_type=\"widget\" data-e-type=\"widget\" data-widget_type=\"heading.default\">\n\t\t\t\t\t<div class=\"elementor-heading-title elementor-size-default\">Rang og funktion<\/div>\t\t\t\t<\/div>\n\t\t\t\t<div class=\"elementor-element elementor-element-uwjelx8s elementor-widget elementor-widget-text-editor\" data-id=\"uwjelx8s\" data-element_type=\"widget\" data-e-type=\"widget\" data-widget_type=\"text-editor.default\">\n\t\t\t\t\t\t\t\t\t<p>I Goetia er Belial en konge-<span class=\"iwg-fachbegriff\" data-tooltip=\"Et legeml\u00f8st v\u00e6sen, som tilskrives virkning i verden.\" tabindex=\"0\">\u00e5nd<\/span> med befalingsmagt over firs legioner og st\u00e5r som den otteogtredsindstyvende <span class=\"iwg-fachbegriff\" data-tooltip=\"Et legeml\u00f8st v\u00e6sen, som tilskrives virkning i verden.\" tabindex=\"0\">\u00e5nd<\/span> i fortegnelsen. If\u00f8lge Lemegeton sk\u00e6nker han v\u00e6rdigheder, senatorrang og gunstbevisninger og giver oprigtige svar p\u00e5 sp\u00f8rgsm\u00e5l. I Qumran-traditionen er hans funktion en anden: d\u00e9r leder han som modspiller til lysfyrsten m\u00f8rkets s\u00f8nner.<\/p>\t\t\t\t\t\t\t\t<\/div>\n\t\t\t\t\t<\/div>\n\t\t\t\t<\/div>\n\t\t<div class=\"elementor-element elementor-element-jm2n74ec iwg-steckbrief-card e-flex e-con-boxed e-con e-child\" data-id=\"jm2n74ec\" data-element_type=\"container\" data-e-type=\"container\">\n\t\t\t\t\t<div class=\"e-con-inner\">\n\t\t\t\t<div class=\"elementor-element elementor-element-8vufse4c elementor-widget elementor-widget-heading\" data-id=\"8vufse4c\" data-element_type=\"widget\" data-e-type=\"widget\" data-widget_type=\"heading.default\">\n\t\t\t\t\t<div class=\"elementor-heading-title elementor-size-default\">Fremtoning<\/div>\t\t\t\t<\/div>\n\t\t\t\t<div class=\"elementor-element elementor-element-mwb9u015 elementor-widget elementor-widget-text-editor\" data-id=\"mwb9u015\" data-element_type=\"widget\" data-e-type=\"widget\" data-widget_type=\"text-editor.default\">\n\t\t\t\t\t\t\t\t\t<p>Goetia beskriver ikke Belial i dyreskikkelse, men som to str\u00e5lende <span class=\"iwg-fachbegriff\" data-tooltip=\"I de abrahamitiske religioner et himmelsk sendebud fra Gud.\" tabindex=\"0\">engle<\/span> p\u00e5 en flammende stridsvogn. Denne billedform henter fra Ezekiels tronvognsvision og betoner hans n\u00e6rhed til de h\u00f8jere engleklasser. I Qumran-teksterne forbliver han uden skikkelsesbeskrivelse, en ren magtfigur for m\u00f8rket.<\/p>\t\t\t\t\t\t\t\t<\/div>\n\t\t\t\t\t<\/div>\n\t\t\t\t<\/div>\n\t\t\t\t<\/div>\n\t\t<div class=\"elementor-element elementor-element-pemmx7c2 e-con-full e-flex e-con e-child\" data-id=\"pemmx7c2\" data-element_type=\"container\" data-e-type=\"container\">\n\t\t<div class=\"elementor-element elementor-element-37ss2yr6 iwg-steckbrief-card e-flex e-con-boxed e-con e-child\" data-id=\"37ss2yr6\" data-element_type=\"container\" data-e-type=\"container\">\n\t\t\t\t\t<div class=\"e-con-inner\">\n\t\t\t\t<div class=\"elementor-element elementor-element-3v0wp3wx elementor-widget elementor-widget-heading\" data-id=\"3v0wp3wx\" data-element_type=\"widget\" data-e-type=\"widget\" data-widget_type=\"heading.default\">\n\t\t\t\t\t<div class=\"elementor-heading-title elementor-size-default\">Rituel anr\u00e5belse<\/div>\t\t\t\t<\/div>\n\t\t\t\t<div class=\"elementor-element elementor-element-w3247g2m elementor-widget elementor-widget-text-editor\" data-id=\"w3247g2m\" data-element_type=\"widget\" data-e-type=\"widget\" data-widget_type=\"text-editor.default\">\n\t\t\t\t\t\t\t\t\t<p>Karakteristisk for Goetia-fremstillingen er kravet om offergaver. Uden en tilsvarende gestus vil Belial if\u00f8lge teksten ikke give sandf\u00e6rdig oplysning. Denne betingelse for den magiske praksis er i Lemegeton hos Belial formuleret s\u00e6rligt tydeligt og adskiller ham fra \u00e5nder, der svarer uden foruds\u00e6tning.<\/p>\t\t\t\t\t\t\t\t<\/div>\n\t\t\t\t\t<\/div>\n\t\t\t\t<\/div>\n\t\t<div class=\"elementor-element elementor-element-0qpjal9w iwg-steckbrief-card e-flex e-con-boxed e-con e-child\" data-id=\"0qpjal9w\" data-element_type=\"container\" data-e-type=\"container\">\n\t\t\t\t\t<div class=\"e-con-inner\">\n\t\t\t\t<div class=\"elementor-element elementor-element-6ndoih0o elementor-widget elementor-widget-heading\" data-id=\"6ndoih0o\" data-element_type=\"widget\" data-e-type=\"widget\" data-widget_type=\"heading.default\">\n\t\t\t\t\t<div class=\"elementor-heading-title elementor-size-default\">Sigil og symboler<\/div>\t\t\t\t<\/div>\n\t\t\t\t<div class=\"elementor-element elementor-element-6684tyh9 elementor-widget elementor-widget-text-editor\" data-id=\"6684tyh9\" data-element_type=\"widget\" data-e-type=\"widget\" data-widget_type=\"text-editor.default\">\n\t\t\t\t\t\t\t\t\t<p>Belials segl i Goetia viser et geometrisk komplekst m\u00f8nster af linjer og cirkler. Astrologisk forbindes Belial med Vandmanden, som element g\u00e6lder jord, som planet Saturn. I den hermetiske ren\u00e6ssance blev han henf\u00f8rt til en af de fire helvedesfyrster i jordens region og forbundet med stoffets tunghed.<\/p>\t\t\t\t\t\t\t\t<\/div>\n\t\t\t\t\t<\/div>\n\t\t\t\t<\/div>\n\t\t<div class=\"elementor-element elementor-element-3lfi7x32 iwg-steckbrief-card e-flex e-con-boxed e-con e-child\" data-id=\"3lfi7x32\" data-element_type=\"container\" data-e-type=\"container\">\n\t\t\t\t\t<div class=\"e-con-inner\">\n\t\t\t\t<div class=\"elementor-element elementor-element-0kg99ga1 elementor-widget elementor-widget-heading\" data-id=\"0kg99ga1\" data-element_type=\"widget\" data-e-type=\"widget\" data-widget_type=\"heading.default\">\n\t\t\t\t\t<div class=\"elementor-heading-title elementor-size-default\">Besl\u00e6gtede \u00e5nder<\/div>\t\t\t\t<\/div>\n\t\t\t\t<div class=\"elementor-element elementor-element-n0fum6kp elementor-widget elementor-widget-text-editor\" data-id=\"n0fum6kp\" data-element_type=\"widget\" data-e-type=\"widget\" data-widget_type=\"text-editor.default\">\n\t\t\t\t\t\t\t\t\t<p>I tidlig j\u00f8disk tid st\u00e5r Belial sammen med andre navne for den gudsfjendtlige magt, herunder Satan, Mastema, Asasel og Sammael. Disse navne betegner ikke konsekvent den samme skarpt afgr\u00e6nsede person, men overlapper afh\u00e6ngigt af teksten. I Goetia betragtes Lucifer som den, der umiddelbart st\u00e5r over ham i rang, mens den senere kabbalistiske tydning forbinder ham med Samael.<\/p>\t\t\t\t\t\t\t\t<\/div>\n\t\t\t\t\t<\/div>\n\t\t\t\t<\/div>\n\t\t\t\t<\/div>\n\t\t\t\t<\/div>\n\t\t\t\t\t<\/div>\n\t\t\t\t<\/div>\n\t\t<div class=\"elementor-element elementor-element-7533bc7a e-flex e-con-boxed e-con e-parent\" data-id=\"7533bc7a\" data-element_type=\"container\" data-e-type=\"container\">\n\t\t\t\t\t<div class=\"e-con-inner\">\n\t\t\t\t<div class=\"elementor-element elementor-element-2447d18d elementor-widget elementor-widget-heading\" data-id=\"2447d18d\" data-element_type=\"widget\" data-e-type=\"widget\" data-widget_type=\"heading.default\">\n\t\t\t\t\t<h2 class=\"elementor-heading-title elementor-size-default\">Reception og virkningshistorie<\/h2>\t\t\t\t<\/div>\n\t\t<div class=\"elementor-element elementor-element-d5d0260c e-con-full e-flex e-con e-child\" data-id=\"d5d0260c\" data-element_type=\"container\" data-e-type=\"container\">\n\t\t\t\t<div class=\"elementor-element elementor-element-341be2ac elementor-widget elementor-widget-text-editor\" data-id=\"341be2ac\" data-element_type=\"widget\" data-e-type=\"widget\" data-widget_type=\"text-editor.default\">\n\t\t\t\t\t\t\t\t\t<p>I kristendommen smeltede Belial i vid udstr\u00e6kning sammen med dj\u00e6velfiguren, men bevarede nok eget profil til at leve videre som selvst\u00e6ndigt navn i visse teksttyper. Tidligkristne skrifter som Jesajas himmelfart bruger Beliar som betegnelse for den gudsfjendtlige magt, undertiden med endetidslige, antikristelige tr\u00e6k.<\/p><p>En m\u00e6rkbar senere karriere fik Belial i senmiddelalderen gennem Liber Belial, en latinsk procestraktat af Jacobus de Theramo fra slutningen af det 14. \u00e5rhundrede.<\/p><p>Heri anklager Belial p\u00e5 helvedes vegne Kristus, fordi han ved sin nedstigning i d\u00f8dsriget r\u00f8vede sj\u00e6lene derfra. Moses og Salomon optr\u00e6der som forsvarere. V\u00e6rket blev en af de tidligste trykte tyske b\u00f8ger.<\/p><p>I den tidligmoderne d\u00e6monologi indordnede grimoirerne Belial i helvedesfyrsternes hierarkier. Johann Weyers Pseudomonarchia Daemonum og Ars Goetia fremstiller ham som en m\u00e6gtig konge med et fast antal underlagte \u00e5ndelegioner.<\/p><p>Heinrich Cornelius Agrippa n\u00e6vner ham i De occulta philosophia (1533) som ansvarlig for falsk afgudsdyrkelse og dj\u00e6velske disputer. Disse systematiseringer er l\u00e6rde konstruktioner fra den tidlige moderne tid og ikke en forts\u00e6ttelse af den antikke <span class=\"iwg-fachbegriff\" data-tooltip=\"Overleveringen af viden og fort\u00e6llinger gennem generationer.\" tabindex=\"0\">overlevering<\/span>, men de har pr\u00e6get det moderne billede af Belial.<\/p><p><span data-nosnippet>Crowley-Mathers-udgaven af Goetia (1904) gjorde ham popul\u00e6r i den samtidige <span class=\"iwg-fachbegriff\" data-tooltip=\"Samlebegreb for l\u00e6res\u00e6tninger, der h\u00e6vder en skjult, kun for indviede tilg\u00e6ngelig viden.\" tabindex=\"0\">esoterik<\/span>, mens Joseph Peterson-udgaven (2001) gjorde ham filologisk tilg\u00e6ngelig. Crowley tolker Belial som personificeret modstand mod viljen, en psykologisk l\u00e6sning, der er blevet optaget i den moderne kaos-<span class=\"iwg-fachbegriff\" data-tooltip=\"Praksisser, der gennem s\u00e6rlige handlinger eller formularer s\u00f8ger at gribe ind i tingenes gang.\" tabindex=\"0\">magi<\/span>.<\/span><\/p><p>Den religionsvidenskabelige forskning ser heri en moderne egentolkning, der har lidt at g\u00f8re med den j\u00f8disk-kristne Belial-tradition. Den, der m\u00f8der Belial i dag, m\u00f8der for det meste denne sene, litter\u00e6rt udformede skikkelse, ikke Qumran-teksternes Belial.<\/p>\t\t\t\t\t\t\t\t<\/div>\n\t\t\t\t<\/div>\n\t\t\t\t\t<\/div>\n\t\t\t\t<\/div>\n\t\t<div class=\"elementor-element elementor-element-5a584676 e-flex e-con-boxed e-con e-parent\" data-id=\"5a584676\" data-element_type=\"container\" data-e-type=\"container\">\n\t\t\t\t\t<div class=\"e-con-inner\">\n\t\t\t\t<div class=\"elementor-element elementor-element-6d0757bf elementor-widget elementor-widget-heading\" data-id=\"6d0757bf\" data-element_type=\"widget\" data-e-type=\"widget\" data-widget_type=\"heading.default\">\n\t\t\t\t\t<h2 class=\"elementor-heading-title elementor-size-default\">Belial, paralleller i andre kulturer<\/h2>\t\t\t\t<\/div>\n\t\t<div class=\"elementor-element elementor-element-60563f68 e-con-full e-flex e-con e-child\" data-id=\"60563f68\" data-element_type=\"container\" data-e-type=\"container\">\n\t\t\t\t<div class=\"elementor-element elementor-element-5a93fdd6 elementor-widget elementor-widget-text-editor\" data-id=\"5a93fdd6\" data-element_type=\"widget\" data-e-type=\"widget\" data-widget_type=\"text-editor.default\">\n\t\t\t\t\t\t\t\t\t<p>Belial-figuren st\u00e5r i et religionshistorisk netv\u00e6rk. I den persiske zoroastrisme findes Aeshma Daeva, vredens <span class=\"iwg-fachbegriff\" data-tooltip=\"Et legeml\u00f8st v\u00e6sen, som tilskrives virkning i verden.\" tabindex=\"0\">\u00e5nd<\/span>, der tilsl\u00f8rer sandheden, med strukturelt lignende funktion.<\/p><p>Den mesopotamiske Lamashtu-tradition kender v\u00e6sener, der med forf\u00f8rende talegaver bryder l\u00f8ftet. I den hinduistiske kontekst svarer Belial-motivet til asuraen Vritra, der blokerer livsstr\u00f8mmen gennem bedrageriske l\u00f8fter.<\/p><p>Disse paralleller er ikke kausalk\u00e6der, men de viser et tilbagevendende religionsf\u00e6nomenologisk m\u00f8nster: modstanden mod det hellige som forf\u00f8rende talekraft, ikke som r\u00e5 r\u00e6dsel. I den j\u00f8diske <span class=\"iwg-fachbegriff\" data-tooltip=\"Religi\u00f8s str\u00f8mning med fokus p\u00e5 umiddelbar guderfaring.\" tabindex=\"0\">mystik<\/span> selv forandres figuren igen.<\/p><p>Den luriansk-kabbalistiske <span class=\"iwg-fachbegriff\" data-tooltip=\"Str\u00f8mning inden for j\u00f8disk mystik med hovedv\u00e6rker som Sefer Jezira og Zohar.\" tabindex=\"0\">kabbala<\/span> henf\u00f8rer Belial til omr\u00e5det Sitra Achra, den anden side, og forst\u00e5r ham som en strukturerende kraft i det kosmiske drama om genoprettelsen af de s\u00f8nderbrudte lyskar. Den chassidiske tradition tolker til sidst Belial-lignende kr\u00e6fter fortrinsvis som indre hindringer p\u00e5 den \u00e5ndelige vej.<\/p>\t\t\t\t\t\t\t\t<\/div>\n\t\t\t\t<\/div>\n\t\t\t\t\t<\/div>\n\t\t\t\t<\/div>\n\t\t<div class=\"elementor-element elementor-element-36dd7469 e-flex e-con-boxed e-con e-parent\" data-id=\"36dd7469\" data-element_type=\"container\" data-e-type=\"container\">\n\t\t\t\t\t<div class=\"e-con-inner\">\n\t\t\t\t<div class=\"elementor-element elementor-element-13760ab4 elementor-widget elementor-widget-heading\" data-id=\"13760ab4\" data-element_type=\"widget\" data-e-type=\"widget\" data-widget_type=\"heading.default\">\n\t\t\t\t\t<h2 class=\"elementor-heading-title elementor-size-default\">Yderligere links<\/h2>\t\t\t\t<\/div>\n\t\t<div class=\"elementor-element elementor-element-28c87796 e-con-full e-flex e-con e-child\" data-id=\"28c87796\" data-element_type=\"container\" data-e-type=\"container\">\n\t\t\t\t<div class=\"elementor-element elementor-element-5d6538df elementor-widget elementor-widget-text-editor\" data-id=\"5d6538df\" data-element_type=\"widget\" data-e-type=\"widget\" data-widget_type=\"text-editor.default\">\n\t\t\t\t\t\t\t\t\t<ul><li><a href=\"https:\/\/iwell-guard.com\/da\/?page_id=137909\">D\u00e6moner<\/a>: overblik over d\u00e6monerne<\/li><li><a href=\"https:\/\/iwell-guard.com\/da\/?page_id=138197\">Goetia<\/a>: traditionen om Ars Goetia<\/li><li><a href=\"https:\/\/iwell-guard.com\/da\/?page_id=137940\">Kristendom<\/a>: kulturel indordning<\/li><li><a href=\"https:\/\/iwell-guard.com\/da\/?page_id=137946\">Lucifer<\/a>: <span class=\"iwg-fachbegriff\" data-tooltip=\"Et legeml\u00f8st v\u00e6sen, som tilskrives virkning i verden.\" tabindex=\"0\">\u00e5nden<\/span>, der umiddelbart st\u00e5r over Belial<\/li><li><a href=\"https:\/\/iwell-guard.com\/da\/?page_id=138085\">Samael<\/a>: besl\u00e6gtet modstanderfigur i den j\u00f8diske tradition<\/li><\/ul>\t\t\t\t\t\t\t\t<\/div>\n\t\t\t\t<\/div>\n\t\t\t\t\t<\/div>\n\t\t\t\t<\/div>\n\t\t<div class=\"elementor-element elementor-element-grl4kl40 e-flex e-con-boxed e-con e-parent\" data-id=\"grl4kl40\" data-element_type=\"container\" data-e-type=\"container\">\n\t\t\t\t\t<div class=\"e-con-inner\">\n\t\t\t\t<div class=\"elementor-element elementor-element-bzsbfrmh elementor-widget elementor-widget-heading\" data-id=\"bzsbfrmh\" data-element_type=\"widget\" data-e-type=\"widget\" data-widget_type=\"heading.default\">\n\t\t\t\t\t<h2 class=\"elementor-heading-title elementor-size-default\">Litteratur (udvalg)<\/h2>\t\t\t\t<\/div>\n\t\t<div class=\"elementor-element elementor-element-2c13224a e-con-full e-flex e-con e-child\" data-id=\"2c13224a\" data-element_type=\"container\" data-e-type=\"container\">\n\t\t\t\t<div class=\"elementor-element elementor-element-0eymh9ub elementor-widget elementor-widget-text-editor\" data-id=\"0eymh9ub\" data-element_type=\"widget\" data-e-type=\"widget\" data-widget_type=\"text-editor.default\">\n\t\t\t\t\t\t\t\t\t<footer class=\"iwg-literatur\"><ul><li><span data-nosnippet>Joseph H. Peterson (Hg.): The Lesser Key of Solomon, Weiser 2001.<\/span><\/li><li><span data-nosnippet>Florentino Garc\u00eda Mart\u00ednez: The Dead Sea Scrolls Translated, Brill 1996.<\/span><\/li><li><span data-nosnippet>Heinrich Cornelius Agrippa: De occulta philosophia libri tres, K\u00f6ln 1533, Buch III.<\/span><\/li><li><span data-nosnippet>Jeffrey Burton Russell: The Devil. Perceptions of Evil from Antiquity to Primitive Christianity, Cornell UP 1977.<\/span><\/li><li><span data-nosnippet>Stephen Skinner, David Rankine: The Goetia of Dr. Rudd, Llewellyn 2007.<\/span><\/li><\/ul><\/footer>\t\t\t\t\t\t\t\t<\/div>\n\t\t\t\t<\/div>\n\t\t\t\t\t<\/div>\n\t\t\t\t<\/div>\n\t\t<div class=\"elementor-element elementor-element-iwgca-belial-sec e-flex e-con-boxed e-con e-parent\" data-id=\"iwgca-belial-sec\" data-element_type=\"container\" data-e-type=\"container\" id=\"iwg-ca-belial\">\n\t\t\t\t\t<div class=\"e-con-inner\">\n\t\t\t\t<div class=\"elementor-element elementor-element-iwgca-belial-te iwg-ca-textwrap elementor-widget elementor-widget-text-editor\" data-id=\"iwgca-belial-te\" data-element_type=\"widget\" data-e-type=\"widget\" data-widget_type=\"text-editor.default\">\n\t\t\t\t\t\t\t\t\t<div data-nosnippet=\"true\"><p class=\"iwg-ca-bridge\">Den her beskrevne beskyttelsespraksis er en videnskabelig indordning af historiske traditioner. iWell Guard knytter sig til denne kulturhistoriske linje af b\u00e6rbare beskyttelsesobjekter og udg\u00f8r en samtidig form heraf. <a href=\"\/ueber-iwell-guard\/?utm_source=iwell-guard.com&#038;utm_medium=text-link&#038;utm_campaign=schadwesen-tradition\">Mere om iWell Guard \u2192<\/a><\/p><\/div>\t\t\t\t\t\t\t\t<\/div>\n\t\t\t\t\t<\/div>\n\t\t\t\t<\/div>\n\t\t\t\t<section class=\"elementor-section elementor-top-section elementor-element elementor-element-wv-belial-faq elementor-section-boxed elementor-section-height-default elementor-section-height-default\" data-id=\"wv-belial-faq\" data-element_type=\"section\" data-e-type=\"section\">\n\t\t\t\t\t\t<div class=\"elementor-container elementor-column-gap-default\">\n\t\t\t\t\t<div class=\"elementor-column elementor-col-100 elementor-top-column elementor-element elementor-element-wv-belial-faq-col\" data-id=\"wv-belial-faq-col\" data-element_type=\"column\" data-e-type=\"column\">\n\t\t\t<div class=\"elementor-widget-wrap elementor-element-populated\">\n\t\t\t\t\t\t<div class=\"elementor-element elementor-element-wv-belial-h elementor-widget elementor-widget-heading\" data-id=\"wv-belial-h\" data-element_type=\"widget\" data-e-type=\"widget\" data-widget_type=\"heading.default\">\n\t\t\t\t\t<h2 class=\"elementor-heading-title elementor-size-default\">Ofte stillede sp\u00f8rgsm\u00e5l om Belial<\/h2>\t\t\t\t<\/div>\n\t\t\t\t<div class=\"elementor-element elementor-element-wv-belial-t elementor-widget elementor-widget-text-editor\" data-id=\"wv-belial-t\" data-element_type=\"widget\" data-e-type=\"widget\" data-widget_type=\"text-editor.default\">\n\t\t\t\t\t\t\t\t\t\n<details class=\"iwg-faq-item\">\n  <summary><strong>Hvem er Belial?<\/strong><\/summary>\n  <p>Belial h\u00f8rer til de \u00e6ldste figurer i den j\u00f8diske og kristne d\u00e6monologi. Han har r\u00f8dder i det hebraiske sprogbrug samt i den tidlige j\u00f8diske apokalyptik. Ud fra et moralsk abstraktbegreb udviklede der sig via Qumran-skrifterne en navngiven, kosmisk modstander, der her f\u00f8rer befalingen over m\u00f8rkets s\u00f8nner. I Goetia optr\u00e6der Belial som den otteogtredsindstyvende \u00e5nd og g\u00e6lder som konge med kommando over firs legioner.<\/p>\n<\/details>\n\n<details class=\"iwg-faq-item\">\n  <summary><strong>Hvor stammer navnet Belial fra?<\/strong><\/summary>\n  <p>Navnet er sprogligt omdiskuteret. Den mest udbredte forklaring opdeler det hebraiske beliyya&#8217;al i negationen beli og et andet element. Dette forst\u00e5s som nytte og f\u00f8rer til betydningen uden nytte eller nyttel\u00f8shed. En anden l\u00e6sning forbinder det andet led med roden for at stige op, hvilket er blevet tolket som en betegnelse for underverdenen. I Det Nye Testamente optr\u00e6der navnet i formen Beliar, med r i stedet for l.<\/p>\n<\/details>\n\n<details class=\"iwg-faq-item\">\n  <summary><strong>Hvordan fremstilles Belial i Goetia?<\/strong><\/summary>\n  <p>Det er f\u00f8rst Goetia, der giver Belial en fast billedform. Den beskriver ham ikke dyreformet, men som to str\u00e5lende engle p\u00e5 en flammende stridsvogn. Denne billedform minder om Ezekiels trone-vogn-vision og forbinder ham med de h\u00f8jere engleklasser. Teksten betegner Belial som skabt umiddelbart efter Lucifer. Karakteristisk er kravet om offergaver, uden hvilke han if\u00f8lge teksten ikke giver sandf\u00e6rdige svar.<\/p>\n<\/details>\n\n<details class=\"iwg-faq-item\">\n  <summary><strong>Hvilke kilder overleverer Belial?<\/strong><\/summary>\n  <p>Den vigtigste kildegruppe er Qumran-skrifterne, navnlig Krigsrullen, F\u00e6llesskabsreglen og Hodayot. Hertil kommer Testamentet om de Tolv Patriarker samt et enkelt nytestamentligt sted i 2 Kor 6, 15. For den senere tradition er Liber Belial af Jacobus de Theramo fra det sene 14. \u00e5rhundrede og Lemegeton fra det 17. \u00e5rhundrede afg\u00f8rende. Den akademiske forskning behandler Belial prim\u00e6rt i sammenh\u00e6ng med Qumran-studierne og Liber-Belial-traditionen.<\/p>\n<\/details>\n\t\t\t\t\t\t\t\t<\/div>\n\t\t\t\t<div class=\"elementor-element elementor-element-wv-belial-s elementor-widget elementor-widget-html\" data-id=\"wv-belial-s\" data-element_type=\"widget\" data-e-type=\"widget\" data-widget_type=\"html.default\">\n\t\t\t\t\t<script type=\"application\/ld+json\">{\"@context\": \"https:\/\/schema.org\", \"@type\": \"FAQPage\", \"mainEntity\": [{\"@type\": \"Question\", \"name\": \"Hvem er Belial?\", \"acceptedAnswer\": {\"@type\": \"Answer\", \"text\": \"Belial h\u00f8rer til de \u00e6ldste figurer i den j\u00f8diske og kristne d\u00e6monologi og har r\u00f8dder i det hebraiske sprogbrug samt i den tidlige j\u00f8diske apokalyptik. Ud fra et moralsk abstraktbegreb udviklede der sig via Qumran-skrifterne en navngiven, kosmisk modstander, der her f\u00f8rer befalingen over m\u00f8rkets s\u00f8nner. I Goetia optr\u00e6der Belial som den otteogtredsindstyvende \u00e5nd og g\u00e6lder som konge med kommando over firs legioner.\"}}, {\"@type\": \"Question\", \"name\": \"Hvor stammer navnet Belial fra?\", \"acceptedAnswer\": {\"@type\": \"Answer\", \"text\": \"Navnet er sprogligt omdiskuteret. Den mest udbredte forklaring opdeler det hebraiske beliyya'al i negationen beli og et andet element, som forst\u00e5et som nytte f\u00f8rer til betydningen uden nytte eller nyttel\u00f8shed. En anden l\u00e6sning forbinder det andet led med roden for at stige op, hvilket er blevet tolket som en betegnelse for underverdenen. I Det Nye Testamente optr\u00e6der navnet i formen Beliar, med r i stedet for l.\"}}, {\"@type\": \"Question\", \"name\": \"Hvordan fremstilles Belial i Goetia?\", \"acceptedAnswer\": {\"@type\": \"Answer\", \"text\": \"Det er f\u00f8rst Goetia, der giver Belial en fast billedform. Den beskriver ham ikke dyreformet, men som to str\u00e5lende engle p\u00e5 en flammende stridsvogn, en billedform, der minder om Ezekiels trone-vogn-vision og forbinder ham med de h\u00f8jere engleklasser. Teksten betegner Belial som skabt umiddelbart efter Lucifer. Karakteristisk er kravet om offergaver, uden hvilke han if\u00f8lge teksten ikke giver sandf\u00e6rdige svar.\"}}, {\"@type\": \"Question\", \"name\": \"Hvilke kilder overleverer Belial?\", \"acceptedAnswer\": {\"@type\": \"Answer\", \"text\": \"Den vigtigste kildegruppe er Qumran-skrifterne, navnlig Krigsrullen, F\u00e6llesskabsreglen og Hodayot. Hertil kommer Testamentet om de Tolv Patriarker samt et enkelt nytestamentligt sted i 2 Kor 6, 15. For den senere tradition er Liber Belial af Jacobus de Theramo fra det sene 14. \u00e5rhundrede og Lemegeton fra det 17. \u00e5rhundrede afg\u00f8rende. Den akademiske forskning behandler Belial prim\u00e6rt i sammenh\u00e6ng med Qumran-studierne og Liber-Belial-traditionen.\"}}]}<\/script>\t\t\t\t<\/div>\n\t\t\t\t\t<\/div>\n\t\t<\/div>\n\t\t\t\t\t<\/div>\n\t\t<\/section>\n\t\t\t\t<\/div>\n\t\t","protected":false},"excerpt":{"rendered":"","protected":false},"author":3,"featured_media":2428,"parent":0,"menu_order":0,"comment_status":"closed","ping_status":"closed","template":"elementor_header_footer","meta":{"_yoast_wpseo_focuskw":"Belial","_yoast_wpseo_title":"Belial: Goetiaens 68. \u00e5nd og modstander | iWell Guard","_yoast_wpseo_metadesc":"Belial i den hebraiske bibel, i Qumran og i Goetia. Etymologi, kongerang, sigil og religionshistorisk placering.","_yoast_wpseo_meta-robots-noindex":"","_yoast_wpseo_canonical":"","_angie_page":false,"gefaehrdungsstufe":"4","wesen_kultur":"christentum","wesen_klasse":"daemonen","footnotes":""},"categories":[],"class_list":["post-138212","page","type-page","status-publish","has-post-thumbnail","hentry"],"yoast_head":"<!-- This site is optimized with the Yoast SEO Premium plugin v27.7 (Yoast SEO v28.3) - https:\/\/yoast.com\/product\/yoast-seo-premium-wordpress\/ -->\n<title>Belial: Goetiaens 68. \u00e5nd og modstander | iWell Guard<\/title>\n<meta name=\"description\" content=\"Belial i den hebraiske bibel, i Qumran og i Goetia. Etymologi, kongerang, sigil og religionshistorisk placering.\" \/>\n<meta name=\"robots\" content=\"index, follow, max-snippet:-1, max-image-preview:large, max-video-preview:-1\" \/>\n<link rel=\"canonical\" href=\"https:\/\/iwell-guard.com\/da\/belial\/\" \/>\n<meta property=\"og:locale\" content=\"da_DK\" \/>\n<meta property=\"og:type\" content=\"article\" \/>\n<meta property=\"og:title\" content=\"Belial\" \/>\n<meta property=\"og:description\" content=\"Belial i den hebraiske bibel, i Qumran og i Goetia. Etymologi, kongerang, sigil og religionshistorisk placering.\" \/>\n<meta property=\"og:url\" content=\"https:\/\/iwell-guard.com\/da\/belial\/\" \/>\n<meta property=\"og:site_name\" content=\"iWell Guard\" \/>\n<meta property=\"article:modified_time\" content=\"2026-09-03T07:53:48+00:00\" \/>\n<meta property=\"og:image\" content=\"https:\/\/iwell-guard.com\/wp-content\/uploads\/2026\/05\/daemonen_christentum_belial.webp\" \/>\n\t<meta property=\"og:image:width\" content=\"1024\" \/>\n\t<meta property=\"og:image:height\" content=\"1536\" \/>\n\t<meta property=\"og:image:type\" content=\"image\/webp\" \/>\n<meta name=\"twitter:card\" content=\"summary_large_image\" \/>\n<script type=\"application\/ld+json\" class=\"yoast-schema-graph\">{\"@context\":\"https:\\\/\\\/schema.org\",\"@graph\":[{\"@type\":\"WebPage\",\"@id\":\"https:\\\/\\\/iwell-guard.com\\\/da\\\/belial\\\/\",\"url\":\"https:\\\/\\\/iwell-guard.com\\\/da\\\/belial\\\/\",\"name\":\"Belial: Goetiaens 68. \u00e5nd og modstander | iWell Guard\",\"isPartOf\":{\"@id\":\"https:\\\/\\\/iwell-guard.com\\\/da\\\/#website\"},\"primaryImageOfPage\":{\"@id\":\"https:\\\/\\\/iwell-guard.com\\\/da\\\/belial\\\/#primaryimage\"},\"image\":{\"@id\":\"https:\\\/\\\/iwell-guard.com\\\/da\\\/belial\\\/#primaryimage\"},\"thumbnailUrl\":\"https:\\\/\\\/iwell-guard.com\\\/wp-content\\\/uploads\\\/2026\\\/05\\\/daemonen_christentum_belial.webp\",\"datePublished\":\"2026-09-03T07:07:06+00:00\",\"dateModified\":\"2026-09-03T07:53:48+00:00\",\"description\":\"Belial i den hebraiske bibel, i Qumran og i Goetia. Etymologi, kongerang, sigil og religionshistorisk placering.\",\"breadcrumb\":{\"@id\":\"https:\\\/\\\/iwell-guard.com\\\/da\\\/belial\\\/#breadcrumb\"},\"inLanguage\":\"da-DK\",\"potentialAction\":[{\"@type\":\"ReadAction\",\"target\":[\"https:\\\/\\\/iwell-guard.com\\\/da\\\/belial\\\/\"]}]},{\"@type\":\"ImageObject\",\"inLanguage\":\"da-DK\",\"@id\":\"https:\\\/\\\/iwell-guard.com\\\/da\\\/belial\\\/#primaryimage\",\"url\":\"https:\\\/\\\/iwell-guard.com\\\/wp-content\\\/uploads\\\/2026\\\/05\\\/daemonen_christentum_belial.webp\",\"contentUrl\":\"https:\\\/\\\/iwell-guard.com\\\/wp-content\\\/uploads\\\/2026\\\/05\\\/daemonen_christentum_belial.webp\",\"width\":1024,\"height\":1536,\"caption\":\"Belial, d\u00e6mon i den kristent-okkultistiske goetia-tradition\"},{\"@type\":\"BreadcrumbList\",\"@id\":\"https:\\\/\\\/iwell-guard.com\\\/da\\\/belial\\\/#breadcrumb\",\"itemListElement\":[{\"@type\":\"ListItem\",\"position\":1,\"name\":\"Start\",\"item\":\"https:\\\/\\\/iwell-guard.com\\\/da\\\/?page_id=137908\"},{\"@type\":\"ListItem\",\"position\":2,\"name\":\"Belial\"}]},{\"@type\":\"WebSite\",\"@id\":\"https:\\\/\\\/iwell-guard.com\\\/da\\\/#website\",\"url\":\"https:\\\/\\\/iwell-guard.com\\\/da\\\/\",\"name\":\"iWell Guard\",\"description\":\"Schutz vor dunklen Einfl\u00fcssen\",\"publisher\":{\"@id\":\"https:\\\/\\\/iwell-guard.com\\\/da\\\/#organization\"},\"potentialAction\":[{\"@type\":\"SearchAction\",\"target\":{\"@type\":\"EntryPoint\",\"urlTemplate\":\"https:\\\/\\\/iwell-guard.com\\\/da\\\/?s={search_term_string}\"},\"query-input\":{\"@type\":\"PropertyValueSpecification\",\"valueRequired\":true,\"valueName\":\"search_term_string\"}}],\"inLanguage\":\"da-DK\"},{\"@type\":\"Organization\",\"@id\":\"https:\\\/\\\/iwell-guard.com\\\/da\\\/#organization\",\"name\":\"Ittermann electronic GmbH\",\"url\":\"https:\\\/\\\/iwell-guard.com\\\/da\\\/\",\"logo\":{\"@type\":\"ImageObject\",\"inLanguage\":\"da-DK\",\"@id\":\"https:\\\/\\\/iwell-guard.com\\\/da\\\/#\\\/schema\\\/logo\\\/image\\\/\",\"url\":\"https:\\\/\\\/iwell-guard.com\\\/wp-content\\\/uploads\\\/2026\\\/05\\\/Ittermann-Logo-1182x237-1.png\",\"contentUrl\":\"https:\\\/\\\/iwell-guard.com\\\/wp-content\\\/uploads\\\/2026\\\/05\\\/Ittermann-Logo-1182x237-1.png\",\"width\":1182,\"height\":237,\"caption\":\"Ittermann electronic GmbH\"},\"image\":{\"@id\":\"https:\\\/\\\/iwell-guard.com\\\/da\\\/#\\\/schema\\\/logo\\\/image\\\/\"},\"sameAs\":[\"https:\\\/\\\/pantip.com\\\/profile\\\/9367242\",\"https:\\\/\\\/micro.blog\\\/iwellguard\",\"https:\\\/\\\/www.diggerslist.com\\\/iwellguard\\\/about\",\"https:\\\/\\\/skitterphoto.com\\\/photographers\\\/2870314\\\/iwell-guard\",\"https:\\\/\\\/iwellguard.wordpress.com\\\/2026\\\/06\\\/06\\\/iwell-guard\\\/\",\"https:\\\/\\\/hub.docker.com\\\/u\\\/iwellguard\",\"https:\\\/\\\/www.pinterest.com\\\/iwellguard\\\/\",\"https:\\\/\\\/bit.ly\\\/m\\\/iwellguard\",\"https:\\\/\\\/entre-vos-mains.alsace.eu\\\/profiles\\\/iwellguard\\\/activity\",\"https:\\\/\\\/gravatar.com\\\/reallybeded8fd34\",\"https:\\\/\\\/naijamatta.com\\\/iwellguard\",\"https:\\\/\\\/www.goodreads.com\\\/iwellguard\",\"https:\\\/\\\/profile.hatena.ne.jp\\\/iwellguard\\\/\",\"https:\\\/\\\/experiment.com\\\/users\\\/iwellguard\",\"https:\\\/\\\/wakelet.com\\\/@iWellGuard82270\",\"https:\\\/\\\/www.chordie.com\\\/forum\\\/profile.php?id=2555664\",\"https:\\\/\\\/www.instapaper.com\\\/p\\\/17757966\",\"https:\\\/\\\/www.mapleprimes.com\\\/users\\\/iwellguard\",\"https:\\\/\\\/businesslistingplus.com\\\/profile\\\/iwell-guard\\\/\",\"https:\\\/\\\/telegra.ph\\\/iWell-Guard-06-06\",\"https:\\\/\\\/pbase.com\\\/iwellguard\\\/iwellguard\",\"https:\\\/\\\/b.hatena.ne.jp\\\/iwellguard\\\/20260607#bookmark-4788405196491818882\",\"https:\\\/\\\/fliphtml5.com\\\/home\\\/iwellguard\",\"https:\\\/\\\/anyflip.com\\\/homepage\\\/cmiwl#About\",\"https:\\\/\\\/transfur.com\\\/Users\\\/iwellguard\",\"http:\\\/\\\/delphi.larsbo.org\\\/user\\\/iwellguard\",\"https:\\\/\\\/jobs.lajobsportal.org\\\/profiles\\\/8380803-iwell-guard\",\"https:\\\/\\\/md.chaosdorf.de\\\/s\\\/jfbe5SBdJD\",\"https:\\\/\\\/www.lingvolive.com\\\/en-us\\\/profile\\\/9ecaeaca-ce11-4e51-9e71-01d55e2bff36\\\/translations\",\"https:\\\/\\\/www.fitday.com\\\/fitness\\\/forums\\\/members\\\/iwellguard.html\",\"https:\\\/\\\/www.mymeetbook.com\\\/iwellguard\",\"https:\\\/\\\/pxhere.com\\\/en\\\/photographer-me\\\/5040798\",\"https:\\\/\\\/disqus.com\\\/by\\\/iwellguard\\\/about\\\/\",\"https:\\\/\\\/pastelink.net\\\/hjwciqwq\",\"https:\\\/\\\/pubhtml5.com\\\/homepage\\\/scjhn\\\/\",\"https:\\\/\\\/www.bitchute.com\\\/channel\\\/2O2eOKzNqujT\",\"https:\\\/\\\/audiomack.com\\\/iwellguard\"]},{\"@type\":\"Article\",\"@id\":\"https:\\\/\\\/iwell-guard.com\\\/da\\\/belial\\\/#article\",\"isPartOf\":{\"@id\":\"https:\\\/\\\/iwell-guard.com\\\/da\\\/belial\\\/\"},\"author\":{\"name\":\"Ralf Ittermann\",\"@id\":\"https:\\\/\\\/iwell-guard.com\\\/da\\\/#\\\/schema\\\/person\\\/ee2a27f1cac3406c7c6fb5820cb7349f\"},\"headline\":\"Belial\",\"datePublished\":\"2026-09-03T07:07:06+00:00\",\"dateModified\":\"2026-09-03T07:53:48+00:00\",\"mainEntityOfPage\":{\"@id\":\"https:\\\/\\\/iwell-guard.com\\\/da\\\/belial\\\/\"},\"publisher\":{\"@id\":\"https:\\\/\\\/iwell-guard.com\\\/da\\\/#organization\"},\"image\":{\"@id\":\"https:\\\/\\\/iwell-guard.com\\\/da\\\/belial\\\/#primaryimage\"},\"thumbnailUrl\":\"https:\\\/\\\/iwell-guard.com\\\/wp-content\\\/uploads\\\/2026\\\/05\\\/daemonen_christentum_belial.webp\",\"inLanguage\":\"da-DK\",\"description\":\"Belial i den hebraiske bibel, i Qumran og i Goetia. Etymologi, kongerang, sigil og religionshistorisk placering.\"}]}<\/script>\n<!-- \/ Yoast SEO Premium plugin. -->","yoast_head_json":{"title":"Belial: Goetiaens 68. \u00e5nd og modstander | iWell Guard","description":"Belial i den hebraiske bibel, i Qumran og i Goetia. Etymologi, kongerang, sigil og religionshistorisk placering.","robots":{"index":"index","follow":"follow","max-snippet":"max-snippet:-1","max-image-preview":"max-image-preview:large","max-video-preview":"max-video-preview:-1"},"canonical":"https:\/\/iwell-guard.com\/da\/belial\/","og_locale":"da_DK","og_type":"article","og_title":"Belial","og_description":"Belial i den hebraiske bibel, i Qumran og i Goetia. Etymologi, kongerang, sigil og religionshistorisk placering.","og_url":"https:\/\/iwell-guard.com\/da\/belial\/","og_site_name":"iWell Guard","article_modified_time":"2026-09-03T07:53:48+00:00","og_image":[{"width":1024,"height":1536,"url":"https:\/\/iwell-guard.com\/wp-content\/uploads\/2026\/05\/daemonen_christentum_belial.webp","type":"image\/webp"}],"twitter_card":"summary_large_image","schema":{"@context":"https:\/\/schema.org","@graph":[{"@type":"Article","@id":"https:\/\/iwell-guard.com\/da\/belial\/#article","isPartOf":{"@id":"https:\/\/iwell-guard.com\/da\/belial\/"},"author":{"name":"Ralf Ittermann","@id":"https:\/\/iwell-guard.com\/da\/#\/schema\/person\/ee2a27f1cac3406c7c6fb5820cb7349f"},"headline":"Belial","datePublished":"2026-09-03T07:07:06+00:00","dateModified":"2026-09-03T07:53:48+00:00","mainEntityOfPage":{"@id":"https:\/\/iwell-guard.com\/da\/belial\/"},"publisher":{"@id":"https:\/\/iwell-guard.com\/da\/#organization"},"image":{"@id":"https:\/\/iwell-guard.com\/da\/belial\/#primaryimage"},"thumbnailUrl":"https:\/\/iwell-guard.com\/wp-content\/uploads\/2026\/05\/daemonen_christentum_belial.webp","inLanguage":"da-DK","description":"Belial i den hebraiske bibel, i Qumran og i Goetia. Etymologi, kongerang, sigil og religionshistorisk placering."},{"@type":"WebPage","@id":"https:\/\/iwell-guard.com\/da\/belial\/","url":"https:\/\/iwell-guard.com\/da\/belial\/","name":"Belial: Goetiaens 68. \u00e5nd og modstander | iWell Guard","isPartOf":{"@id":"https:\/\/iwell-guard.com\/da\/#website"},"primaryImageOfPage":{"@id":"https:\/\/iwell-guard.com\/da\/belial\/#primaryimage"},"image":{"@id":"https:\/\/iwell-guard.com\/da\/belial\/#primaryimage"},"thumbnailUrl":"https:\/\/iwell-guard.com\/wp-content\/uploads\/2026\/05\/daemonen_christentum_belial.webp","datePublished":"2026-09-03T07:07:06+00:00","dateModified":"2026-09-03T07:53:48+00:00","description":"Belial i den hebraiske bibel, i Qumran og i Goetia. Etymologi, kongerang, sigil og religionshistorisk placering.","breadcrumb":{"@id":"https:\/\/iwell-guard.com\/da\/belial\/#breadcrumb"},"inLanguage":"da-DK","potentialAction":[{"@type":"ReadAction","target":["https:\/\/iwell-guard.com\/da\/belial\/"]}]},{"@type":"ImageObject","inLanguage":"da-DK","@id":"https:\/\/iwell-guard.com\/da\/belial\/#primaryimage","url":"https:\/\/iwell-guard.com\/wp-content\/uploads\/2026\/05\/daemonen_christentum_belial.webp","contentUrl":"https:\/\/iwell-guard.com\/wp-content\/uploads\/2026\/05\/daemonen_christentum_belial.webp","width":1024,"height":1536,"caption":"Belial, d\u00e6mon i den kristent-okkultistiske goetia-tradition"},{"@type":"BreadcrumbList","@id":"https:\/\/iwell-guard.com\/da\/belial\/#breadcrumb","itemListElement":[{"@type":"ListItem","position":1,"name":"Start","item":"https:\/\/iwell-guard.com\/da\/?page_id=137908"},{"@type":"ListItem","position":2,"name":"Belial"}]},{"@type":"WebSite","@id":"https:\/\/iwell-guard.com\/da\/#website","url":"https:\/\/iwell-guard.com\/da\/","name":"iWell Guard","description":"Schutz vor dunklen Einfl\u00fcssen","publisher":{"@id":"https:\/\/iwell-guard.com\/da\/#organization"},"potentialAction":[{"@type":"SearchAction","target":{"@type":"EntryPoint","urlTemplate":"https:\/\/iwell-guard.com\/da\/?s={search_term_string}"},"query-input":{"@type":"PropertyValueSpecification","valueRequired":true,"valueName":"search_term_string"}}],"inLanguage":"da-DK"},{"@type":"Organization","@id":"https:\/\/iwell-guard.com\/da\/#organization","name":"Ittermann electronic GmbH","url":"https:\/\/iwell-guard.com\/da\/","logo":{"@type":"ImageObject","inLanguage":"da-DK","@id":"https:\/\/iwell-guard.com\/da\/#\/schema\/logo\/image\/","url":"https:\/\/iwell-guard.com\/wp-content\/uploads\/2026\/05\/Ittermann-Logo-1182x237-1.png","contentUrl":"https:\/\/iwell-guard.com\/wp-content\/uploads\/2026\/05\/Ittermann-Logo-1182x237-1.png","width":1182,"height":237,"caption":"Ittermann electronic GmbH"},"image":{"@id":"https:\/\/iwell-guard.com\/da\/#\/schema\/logo\/image\/"},"sameAs":["https:\/\/pantip.com\/profile\/9367242","https:\/\/micro.blog\/iwellguard","https:\/\/www.diggerslist.com\/iwellguard\/about","https:\/\/skitterphoto.com\/photographers\/2870314\/iwell-guard","https:\/\/iwellguard.wordpress.com\/2026\/06\/06\/iwell-guard\/","https:\/\/hub.docker.com\/u\/iwellguard","https:\/\/www.pinterest.com\/iwellguard\/","https:\/\/bit.ly\/m\/iwellguard","https:\/\/entre-vos-mains.alsace.eu\/profiles\/iwellguard\/activity","https:\/\/gravatar.com\/reallybeded8fd34","https:\/\/naijamatta.com\/iwellguard","https:\/\/www.goodreads.com\/iwellguard","https:\/\/profile.hatena.ne.jp\/iwellguard\/","https:\/\/experiment.com\/users\/iwellguard","https:\/\/wakelet.com\/@iWellGuard82270","https:\/\/www.chordie.com\/forum\/profile.php?id=2555664","https:\/\/www.instapaper.com\/p\/17757966","https:\/\/www.mapleprimes.com\/users\/iwellguard","https:\/\/businesslistingplus.com\/profile\/iwell-guard\/","https:\/\/telegra.ph\/iWell-Guard-06-06","https:\/\/pbase.com\/iwellguard\/iwellguard","https:\/\/b.hatena.ne.jp\/iwellguard\/20260607#bookmark-4788405196491818882","https:\/\/fliphtml5.com\/home\/iwellguard","https:\/\/anyflip.com\/homepage\/cmiwl#About","https:\/\/transfur.com\/Users\/iwellguard","http:\/\/delphi.larsbo.org\/user\/iwellguard","https:\/\/jobs.lajobsportal.org\/profiles\/8380803-iwell-guard","https:\/\/md.chaosdorf.de\/s\/jfbe5SBdJD","https:\/\/www.lingvolive.com\/en-us\/profile\/9ecaeaca-ce11-4e51-9e71-01d55e2bff36\/translations","https:\/\/www.fitday.com\/fitness\/forums\/members\/iwellguard.html","https:\/\/www.mymeetbook.com\/iwellguard","https:\/\/pxhere.com\/en\/photographer-me\/5040798","https:\/\/disqus.com\/by\/iwellguard\/about\/","https:\/\/pastelink.net\/hjwciqwq","https:\/\/pubhtml5.com\/homepage\/scjhn\/","https:\/\/www.bitchute.com\/channel\/2O2eOKzNqujT","https:\/\/audiomack.com\/iwellguard"]},{"@type":"Person","@id":"https:\/\/iwell-guard.com\/da\/#\/schema\/person\/ee2a27f1cac3406c7c6fb5820cb7349f","name":"Ralf Ittermann","image":{"@type":"ImageObject","inLanguage":"da-DK","@id":"https:\/\/secure.gravatar.com\/avatar\/073c0153e350a5005b68eb752b445fea71f6b24a26da9449ad7e155e6b446c9d?s=96&d=mm&r=g","url":"https:\/\/secure.gravatar.com\/avatar\/073c0153e350a5005b68eb752b445fea71f6b24a26da9449ad7e155e6b446c9d?s=96&d=mm&r=g","contentUrl":"https:\/\/secure.gravatar.com\/avatar\/073c0153e350a5005b68eb752b445fea71f6b24a26da9449ad7e155e6b446c9d?s=96&d=mm&r=g","caption":"Ralf Ittermann"},"givenName":"Ralf","familyName":"Ittermann","jobTitle":"Gesch\u00e4ftsf\u00fchrer und redaktioneller Verantwortlicher","url":"https:\/\/iwell-guard.com\/da\/author\/claude\/","description":"Ralf Ittermann ist Gesch\u00e4ftsf\u00fchrer der Ittermann electronic GmbH und redaktioneller Verantwortlicher des iWell-Guard-Lexikons. Er verbindet langj\u00e4hrige Erfahrung in der Pr\u00e4zisionsfertigung mit medialer Praxis und religionsgeschichtlicher Quellenarbeit.","worksFor":{"@type":"Organization","name":"Ittermann electronic GmbH","url":"https:\/\/ittermann.de\/","address":{"@type":"PostalAddress","streetAddress":"K\u00f6hlergasse 16-18","postalCode":"99842","addressLocality":"Ruhla","addressCountry":"DE"}},"knowsAbout":["Religionsgeschichte","Mythologie","Mediale Praxis","Energetische Diagnostik","Schutzpraxis","Volksglauben","Westliche Esoterik"]},{"@type":"Article","@id":"https:\/\/iwell-guard.com\/da\/belial\/#article","isPartOf":{"@id":"https:\/\/iwell-guard.com\/da\/belial\/"},"author":{"name":"Ralf Ittermann","@id":"https:\/\/iwell-guard.com\/da\/#\/schema\/person\/ee2a27f1cac3406c7c6fb5820cb7349f"},"headline":"Belial","datePublished":"2026-09-03T07:07:06+00:00","dateModified":"2026-09-03T07:53:48+00:00","mainEntityOfPage":{"@id":"https:\/\/iwell-guard.com\/da\/belial\/"},"publisher":{"@id":"https:\/\/iwell-guard.com\/da\/#organization"},"image":{"@id":"https:\/\/iwell-guard.com\/da\/belial\/#primaryimage"},"thumbnailUrl":"https:\/\/iwell-guard.com\/wp-content\/uploads\/2026\/05\/daemonen_christentum_belial.webp","inLanguage":"da-DK","description":"Belial i den hebraiske bibel, i Qumran og i Goetia. Etymologi, kongerang, sigil og religionshistorisk placering."}]}},"_links":{"self":[{"href":"https:\/\/iwell-guard.com\/da\/wp-json\/wp\/v2\/pages\/138212","targetHints":{"allow":["GET"]}}],"collection":[{"href":"https:\/\/iwell-guard.com\/da\/wp-json\/wp\/v2\/pages"}],"about":[{"href":"https:\/\/iwell-guard.com\/da\/wp-json\/wp\/v2\/types\/page"}],"author":[{"embeddable":true,"href":"https:\/\/iwell-guard.com\/da\/wp-json\/wp\/v2\/users\/3"}],"replies":[{"embeddable":true,"href":"https:\/\/iwell-guard.com\/da\/wp-json\/wp\/v2\/comments?post=138212"}],"version-history":[{"count":0,"href":"https:\/\/iwell-guard.com\/da\/wp-json\/wp\/v2\/pages\/138212\/revisions"}],"wp:featuredmedia":[{"embeddable":true,"href":"https:\/\/iwell-guard.com\/da\/wp-json\/wp\/v2\/media\/2428"}],"wp:attachment":[{"href":"https:\/\/iwell-guard.com\/da\/wp-json\/wp\/v2\/media?parent=138212"}],"wp:term":[{"taxonomy":"category","embeddable":true,"href":"https:\/\/iwell-guard.com\/da\/wp-json\/wp\/v2\/categories?post=138212"}],"curies":[{"name":"wp","href":"https:\/\/api.w.org\/{rel}","templated":true}]}}