{"id":138159,"date":"2026-09-03T07:06:21","date_gmt":"2026-09-03T07:06:21","guid":{"rendered":"https:\/\/iwell-guard.com\/?page_id=138159"},"modified":"2026-09-03T07:52:16","modified_gmt":"2026-09-03T07:52:16","slug":"lugh","status":"publish","type":"page","link":"https:\/\/iwell-guard.com\/da\/lugh\/","title":{"rendered":"Lugh"},"content":{"rendered":"\t\t<div data-elementor-type=\"wp-page\" data-elementor-id=\"138159\" class=\"elementor elementor-138159 elementor-2126 elementor-bc-flex-widget\" data-elementor-post-type=\"page\">\n\t\t\t\t<div class=\"elementor-element elementor-element-10fdade e-flex e-con-boxed e-con e-parent\" data-id=\"10fdade\" data-element_type=\"container\" data-e-type=\"container\" data-settings=\"{&quot;background_background&quot;:&quot;classic&quot;}\">\n\t\t\t\t\t<div class=\"e-con-inner\">\n\t\t<div class=\"elementor-element elementor-element-herohlft0 e-flex e-con-boxed e-con e-child\" data-id=\"herohlft0\" data-element_type=\"container\" data-e-type=\"container\">\n\t\t\t\t\t<div class=\"e-con-inner\">\n\t\t<div class=\"elementor-element elementor-element-c3ceb64 e-con-full e-flex e-con e-child\" data-id=\"c3ceb64\" data-element_type=\"container\" data-e-type=\"container\">\n\t\t\t\t<div class=\"elementor-element elementor-element-96ae5e1 elementor-widget elementor-widget-heading\" data-id=\"96ae5e1\" data-element_type=\"widget\" data-e-type=\"widget\" data-widget_type=\"heading.default\">\n\t\t\t\t\t<h1 class=\"elementor-heading-title elementor-size-default\">Lugh, gud i den keltiske tradition<\/h1>\t\t\t\t<\/div>\n\t\t\t\t<div class=\"elementor-element elementor-element-e45238a elementor-widget elementor-widget-text-editor\" data-id=\"e45238a\" data-element_type=\"widget\" data-e-type=\"widget\" data-widget_type=\"text-editor.default\">\n\t\t\t\t\t\t\t\t\t<p>Lugh er guden i den keltiske tradition, kendt som \u00bbLangarmen\u00ab (Lugh L\u00e1mfhada), gud for kunst, krigskunst, lys og h\u00e5ndv\u00e6rk. Religionshistorisk repr\u00e6senterer han den indoeurop\u00e6iske type af den universelt begavede kulturgud, og han er kulturhistorisk en af de bedst dokumenterede keltiske guddomme.<\/p>\t\t\t\t\t\t\t\t<\/div>\n\t\t\t\t<\/div>\n\t\t<div class=\"elementor-element elementor-element-klsbdg01 e-con-full e-flex e-con e-parent\" data-id=\"klsbdg01\" data-element_type=\"container\" data-e-type=\"container\">\n\t\t\t\t<div class=\"elementor-element elementor-element-klshtm01 elementor-widget elementor-widget-html\" data-id=\"klshtm01\" data-element_type=\"widget\" data-e-type=\"widget\" data-widget_type=\"html.default\">\n\t\t\t\t\t<div class=\"iwg-pill-row\"><span class=\"iwg-klasse-badge\" tabindex=\"0\" data-tooltip=\"Gud\/gudinde: Personificeret h\u00f8jeste magt i en kulturs pantheon, med klare ansvarsomr\u00e5der, naturkr\u00e6fter, sk\u00e6bne, krig, fertilitet. Tilbedt gennem kulter, offergaver og tempelinstitutioner.\">Gud<\/span><a href=\"https:\/\/iwell-guard.com\/da\/?page_id=137944\" class=\"iwg-kultur-badge\" tabindex=\"0\" data-tooltip=\"Keltisk religion i Vesteuropa og p\u00e5 De Britiske \u00d8er, overleveret mytologisk gennem irsk-walisiske tekster.\">Keltisk<\/a><a href=\"https:\/\/iwell-guard.com\/da\/?page_id=138035\" class=\"iwg-tradition-badge\" tabindex=\"0\" data-tooltip=\"Pantheonets h\u00f8jeste guder, kosmisk suver\u00e6nitet, skaber- eller herskeraspekt.\">H\u00f8jgud<\/a><\/div>\t\t\t\t<\/div>\n\t\t\t\t<\/div>\n\t\t<div class=\"elementor-element elementor-element-3f74855 e-con-full e-flex e-con e-child\" data-id=\"3f74855\" data-element_type=\"container\" data-e-type=\"container\">\n\t\t\t\t<div class=\"elementor-element elementor-element-1c30362 elementor-toc--minimized-on-tablet elementor-widget elementor-widget-table-of-contents\" data-id=\"1c30362\" data-element_type=\"widget\" data-e-type=\"widget\" data-settings=\"{&quot;exclude_headings_by_selector&quot;:[],&quot;no_headings_message&quot;:&quot;Der blev ikke fundet nogen overskrifter p\\u00e5 denne side.&quot;,&quot;headings_by_tags&quot;:[&quot;h2&quot;,&quot;h3&quot;],&quot;marker_view&quot;:&quot;bullets&quot;,&quot;minimize_box&quot;:&quot;yes&quot;,&quot;icon&quot;:{&quot;value&quot;:&quot;fas fa-circle&quot;,&quot;library&quot;:&quot;fa-solid&quot;,&quot;rendered_tag&quot;:&quot;&lt;svg class=\\&quot;e-font-icon-svg e-fas-circle\\&quot; viewBox=\\&quot;0 0 512 512\\&quot; xmlns=\\&quot;http:\\\/\\\/www.w3.org\\\/2000\\\/svg\\&quot;&gt;&lt;path d=\\&quot;M256 8C119 8 8 119 8 256s111 248 248 248 248-111 248-248S393 8 256 8z\\&quot;&gt;&lt;\\\/path&gt;&lt;\\\/svg&gt;&quot;},&quot;minimized_on&quot;:&quot;tablet&quot;,&quot;hierarchical_view&quot;:&quot;yes&quot;,&quot;min_height&quot;:{&quot;unit&quot;:&quot;px&quot;,&quot;size&quot;:&quot;&quot;,&quot;sizes&quot;:[]},&quot;min_height_tablet&quot;:{&quot;unit&quot;:&quot;px&quot;,&quot;size&quot;:&quot;&quot;,&quot;sizes&quot;:[]},&quot;min_height_mobile&quot;:{&quot;unit&quot;:&quot;px&quot;,&quot;size&quot;:&quot;&quot;,&quot;sizes&quot;:[]}}\" data-widget_type=\"table-of-contents.default\">\n\t\t\t\t\t\t\t\t\t<div class=\"elementor-toc__header\">\n\t\t\t\t\t\t<h2 class=\"elementor-toc__header-title\">\n\t\t\t\tIndholdsfortegnelse\t\t\t<\/h2>\n\t\t\t\t\t\t\t\t\t\t<div class=\"elementor-toc__toggle-button elementor-toc__toggle-button--expand\" role=\"button\" tabindex=\"0\" aria-controls=\"elementor-toc__1c30362\" aria-expanded=\"true\" aria-label=\"Open table of contents\"><svg aria-hidden=\"true\" class=\"e-font-icon-svg e-fas-chevron-down\" viewBox=\"0 0 448 512\" xmlns=\"http:\/\/www.w3.org\/2000\/svg\"><path d=\"M207.029 381.476L12.686 187.132c-9.373-9.373-9.373-24.569 0-33.941l22.667-22.667c9.357-9.357 24.522-9.375 33.901-.04L224 284.505l154.745-154.021c9.379-9.335 24.544-9.317 33.901.04l22.667 22.667c9.373 9.373 9.373 24.569 0 33.941L240.971 381.476c-9.373 9.372-24.569 9.372-33.942 0z\"><\/path><\/svg><\/div>\n\t\t\t\t<div class=\"elementor-toc__toggle-button elementor-toc__toggle-button--collapse\" role=\"button\" tabindex=\"0\" aria-controls=\"elementor-toc__1c30362\" aria-expanded=\"true\" aria-label=\"Close table of contents\"><svg aria-hidden=\"true\" class=\"e-font-icon-svg e-fas-chevron-up\" viewBox=\"0 0 448 512\" xmlns=\"http:\/\/www.w3.org\/2000\/svg\"><path d=\"M240.971 130.524l194.343 194.343c9.373 9.373 9.373 24.569 0 33.941l-22.667 22.667c-9.357 9.357-24.522 9.375-33.901.04L224 227.495 69.255 381.516c-9.379 9.335-24.544 9.317-33.901-.04l-22.667-22.667c-9.373-9.373-9.373-24.569 0-33.941L207.03 130.525c9.372-9.373 24.568-9.373 33.941-.001z\"><\/path><\/svg><\/div>\n\t\t\t\t\t<\/div>\n\t\t\t\t<div id=\"elementor-toc__1c30362\" class=\"elementor-toc__body\">\n\t\t\t<div class=\"elementor-toc__spinner-container\">\n\t\t\t\t<svg class=\"elementor-toc__spinner eicon-animation-spin e-font-icon-svg e-eicon-loading\" aria-hidden=\"true\" viewBox=\"0 0 1000 1000\" xmlns=\"http:\/\/www.w3.org\/2000\/svg\"><path d=\"M500 975V858C696 858 858 696 858 500S696 142 500 142 142 304 142 500H25C25 237 238 25 500 25S975 237 975 500 763 975 500 975Z\"><\/path><\/svg>\t\t\t<\/div>\n\t\t<\/div>\n\t\t\t\t\t\t<\/div>\n\t\t\t\t<\/div>\n\t\t\t\t\t<\/div>\n\t\t\t\t<\/div>\n\t\t<div class=\"elementor-element elementor-element-herorght0 e-con-full e-flex e-con e-child\" data-id=\"herorght0\" data-element_type=\"container\" data-e-type=\"container\">\n\t\t\t\t<div class=\"elementor-element elementor-element-heroimg00 iwg-hero-image elementor-widget elementor-widget-image\" data-id=\"heroimg00\" data-element_type=\"widget\" data-e-type=\"widget\" data-widget_type=\"image.default\">\n\t\t\t\t\t\t\t\t\t\t\t\t\t\t\t<img fetchpriority=\"high\" decoding=\"async\" width=\"683\" height=\"1024\" src=\"https:\/\/iwell-guard.com\/wp-content\/uploads\/2026\/04\/goetter_keltisch_lugh-683x1024.webp\" class=\"attachment-large size-large wp-image-140412\" alt=\"Lugh - guder fra den keltiske tradition, historisk-illustrativ\" srcset=\"https:\/\/iwell-guard.com\/wp-content\/uploads\/2026\/04\/goetter_keltisch_lugh-683x1024.webp 683w, https:\/\/iwell-guard.com\/wp-content\/uploads\/2026\/04\/goetter_keltisch_lugh-200x300.webp 200w, https:\/\/iwell-guard.com\/wp-content\/uploads\/2026\/04\/goetter_keltisch_lugh-768x1152.webp 768w, https:\/\/iwell-guard.com\/wp-content\/uploads\/2026\/04\/goetter_keltisch_lugh.webp 1024w\" sizes=\"(max-width: 683px) 100vw, 683px\" \/>\t\t\t\t\t\t\t\t\t\t\t\t\t\t\t<\/div>\n\t\t\t\t<\/div>\n\t\t\t\t\t<\/div>\n\t\t\t\t<\/div>\n\t\t<div class=\"elementor-element elementor-element-32917199 e-flex e-con-boxed e-con e-parent\" data-id=\"32917199\" data-element_type=\"container\" data-e-type=\"container\">\n\t\t\t\t\t<div class=\"e-con-inner\">\n\t\t<div class=\"elementor-element elementor-element-26e916cb e-flex e-con-boxed e-con e-child\" data-id=\"26e916cb\" data-element_type=\"container\" data-e-type=\"container\">\n\t\t\t\t\t<div class=\"e-con-inner\">\n\t\t<div class=\"elementor-element elementor-element-253a40d4 e-flex e-con-boxed e-con e-child\" data-id=\"253a40d4\" data-element_type=\"container\" data-e-type=\"container\">\n\t\t\t\t\t<div class=\"e-con-inner\">\n\t\t\t\t<div class=\"elementor-element elementor-element-1200c304 elementor-widget elementor-widget-heading\" data-id=\"1200c304\" data-element_type=\"widget\" data-e-type=\"widget\" data-widget_type=\"heading.default\">\n\t\t\t\t\t<h2 class=\"elementor-heading-title elementor-size-default\">Lugh<\/h2>\t\t\t\t<\/div>\n\t\t\t\t<div class=\"elementor-element elementor-element-11758e7f elementor-widget elementor-widget-text-editor\" data-id=\"11758e7f\" data-element_type=\"widget\" data-e-type=\"widget\" data-widget_type=\"text-editor.default\">\n\t\t\t\t\t\t\t\t\t<p>Lugh beskrives som krigshelt, kunstner, druide og universel mester i alle kunster og f\u00e6rdigheder. Han h\u00f8rer til Tuatha D\u00e9 Danann og k\u00e6mper i slagene ved Mag Tuired mod fomorerne. Legendariske er hans overnaturlige v\u00e5ben og hans harpe.<\/p><p>Hans fest, Lughnasadh (1. august), markerer overgangen til efter\u00e5ret. Han kaldes ofte s\u00f8n af Dian C\u00e9cht eller andre guddomme, men sl\u00e6gtsforholdene varierer.<\/p>\t\t\t\t\t\t\t\t<\/div>\n\t\t\t\t\t<\/div>\n\t\t\t\t<\/div>\n\t\t<div class=\"elementor-element elementor-element-159dcf9a e-flex e-con-boxed e-con e-child\" data-id=\"159dcf9a\" data-element_type=\"container\" data-e-type=\"container\">\n\t\t\t\t\t<div class=\"e-con-inner\">\n\t\t\t\t<div class=\"elementor-element elementor-element-48cee66f elementor-widget elementor-widget-heading\" data-id=\"48cee66f\" data-element_type=\"widget\" data-e-type=\"widget\" data-widget_type=\"heading.default\">\n\t\t\t\t\t<h2 class=\"elementor-heading-title elementor-size-default\">I overblik: Lugh<\/h2>\t\t\t\t<\/div>\n\t\t\t\t<div class=\"elementor-element elementor-element-3f50d82c elementor-widget elementor-widget-text-editor\" data-id=\"3f50d82c\" data-element_type=\"widget\" data-e-type=\"widget\" data-widget_type=\"text-editor.default\">\n\t\t\t\t\t\t\t\t\t<p>Prim\u00e6rkilderne er Cath Maige Tuired (\u00bbSlaget ved sletterne ved Mag Tuired\u00ab), Oidheadh Chloinne Tuireann (\u00bbTuireanns b\u00f8rns sk\u00e6bne\u00ab), og Lebor Gab\u00e1la \u00c9renn. Lugh n\u00e6vnes ogs\u00e5 hos romerske forfattere (Loucetius Mars = Lugh-Mars).<\/p><p>Navnet og festen Lughnasadh er rigt belagt i g\u00e6liske kilder. Bernhard Maier og Proinsias Mac Cana identificerer Lugh som en af de mest fremtr\u00e6dende dokumenterede figurer i den keltiske religion.<\/p>\t\t\t\t\t\t\t\t<\/div>\n\t\t\t\t\t<\/div>\n\t\t\t\t<\/div>\n\t\t\t\t\t<\/div>\n\t\t\t\t<\/div>\n\t\t\t\t\t<\/div>\n\t\t\t\t<\/div>\n\t\t<div class=\"elementor-element elementor-element-18613602 e-flex e-con-boxed e-con e-parent\" data-id=\"18613602\" data-element_type=\"container\" data-e-type=\"container\">\n\t\t\t\t\t<div class=\"e-con-inner\">\n\t\t\t\t<div class=\"elementor-element elementor-element-262b8a9f elementor-widget elementor-widget-heading\" data-id=\"262b8a9f\" data-element_type=\"widget\" data-e-type=\"widget\" data-widget_type=\"heading.default\">\n\t\t\t\t\t<h2 class=\"elementor-heading-title elementor-size-default\">Kontekst<\/h2>\t\t\t\t<\/div>\n\t\t<div class=\"elementor-element elementor-element-46dcb7d e-con-full e-flex e-con e-child\" data-id=\"46dcb7d\" data-element_type=\"container\" data-e-type=\"container\">\n\t\t<div class=\"elementor-element elementor-element-61d3ab3 e-flex e-con-boxed e-con e-child\" data-id=\"61d3ab3\" data-element_type=\"container\" data-e-type=\"container\">\n\t\t\t\t\t<div class=\"e-con-inner\">\n\t\t\t\t<div class=\"elementor-element elementor-element-117c166 elementor-widget elementor-widget-heading\" data-id=\"117c166\" data-element_type=\"widget\" data-e-type=\"widget\" data-widget_type=\"heading.default\">\n\t\t\t\t\t<h3 class=\"elementor-heading-title elementor-size-default\">Teksternes tidsperiode<\/h3>\t\t\t\t<\/div>\n\t\t\t\t<div class=\"elementor-element elementor-element-73997a0 elementor-widget elementor-widget-text-editor\" data-id=\"73997a0\" data-element_type=\"widget\" data-e-type=\"widget\" data-widget_type=\"text-editor.default\">\n\t\t\t\t\t\t\t\t\t<p>Sporet af Lugh g\u00e5r fra den kontinentalkeltiske gud Lugus, hvis navn indg\u00e5r i stednavne som Lugdunum, nutidens Lyon, over de middelalderlige irske h\u00e5ndskrifter og frem til Lughnasadh-skikkene i nyere tid. Selv det irske m\u00e5nedsnavn L\u00fanasa for august b\u00e6rer hans navn. De nutidige former, som bjergvalfarter den sidste s\u00f8ndag i juli, er kristent omtolket, men lader stadig forbindelsen til den gamle h\u00f8stfest ane.<\/p><h3>Mytologisk placering<\/h3><p>Lugh er en gud for kunst, h\u00e5ndv\u00e6rk, lys og krig i den irske <span class=\"iwg-fachbegriff\" data-tooltip=\"Den samlede overlevering af en kulturs gudefort\u00e6llinger.\" tabindex=\"0\">mytologi<\/span>. Han er en af de mest alsidige guder med mange f\u00e6rdigheder: sandsigerkunst, smedekunst, musik, digtekunst og kamp. Lughnasadh-festen h\u00e6drer ham. Hans position er central.<\/p>\t\t\t\t\t\t\t\t<\/div>\n\t\t\t\t\t<\/div>\n\t\t\t\t<\/div>\n\t\t<div class=\"elementor-element elementor-element-d47b156 e-flex e-con-boxed e-con e-child\" data-id=\"d47b156\" data-element_type=\"container\" data-e-type=\"container\">\n\t\t\t\t\t<div class=\"e-con-inner\">\n\t\t\t\t<div class=\"elementor-element elementor-element-ff38c2b elementor-widget elementor-widget-heading\" data-id=\"ff38c2b\" data-element_type=\"widget\" data-e-type=\"widget\" data-widget_type=\"heading.default\">\n\t\t\t\t\t<h3 class=\"elementor-heading-title elementor-size-default\">Udbredelsesomr\u00e5de<\/h3>\t\t\t\t<\/div>\n\t\t\t\t<div class=\"elementor-element elementor-element-4e49fcc elementor-widget elementor-widget-text-editor\" data-id=\"4e49fcc\" data-element_type=\"widget\" data-e-type=\"widget\" data-widget_type=\"text-editor.default\">\n\t\t\t\t\t\t\t\t\t<p>Lugh var ikke begr\u00e6nset til en bestemt region eller bestemte steder, men var kendt og tilbedt eller respektfuldt frygtet i hele den keltiske verden. Uanset om det var i store urbane centre eller i perifere landlige omr\u00e5der, blandt den sociale elite eller blandt almindelige mennesker, var denne skikkelses spirituelle eller kulturelle betydning gennemg\u00e5ende anerkendt og universel.<\/p><p>At august p\u00e5 irsk stadig i dag kaldes L\u00fanasa, og at stednavne fra Lyon til Leiden f\u00f8res tilbage til guden Lugus, viser, hvor t\u00e6t Lugh var knyttet til de keltiske samfunds selvforst\u00e5else. Vandringerne blandt de keltiske stammer og udvekslingen langs handelsvejene bragte kulten fra kontinentet til Irland, hvor den optr\u00e6der i en p\u00e5faldende ensartet form: som gud for kunst med sin egen fest ved h\u00f8stens begyndelse.<\/p>\t\t\t\t\t\t\t\t<\/div>\n\t\t\t\t\t<\/div>\n\t\t\t\t<\/div>\n\t\t\t\t<\/div>\n\t\t<div class=\"elementor-element elementor-element-db03c39 e-con-full e-flex e-con e-child\" data-id=\"db03c39\" data-element_type=\"container\" data-e-type=\"container\">\n\t\t<div class=\"elementor-element elementor-element-229a87b e-flex e-con-boxed e-con e-child\" data-id=\"229a87b\" data-element_type=\"container\" data-e-type=\"container\">\n\t\t\t\t\t<div class=\"e-con-inner\">\n\t\t\t\t<div class=\"elementor-element elementor-element-1f471fc elementor-widget elementor-widget-heading\" data-id=\"1f471fc\" data-element_type=\"widget\" data-e-type=\"widget\" data-widget_type=\"heading.default\">\n\t\t\t\t\t<h3 class=\"elementor-heading-title elementor-size-default\">Kildesituation<\/h3>\t\t\t\t<\/div>\n\t\t\t\t<div class=\"elementor-element elementor-element-36b1201 elementor-widget elementor-widget-text-editor\" data-id=\"36b1201\" data-element_type=\"widget\" data-e-type=\"widget\" data-widget_type=\"text-editor.default\">\n\t\t\t\t\t\t\t\t\t<p>Prim\u00e6rkilder: Cath Maige Tuired (Recension A, nedskrevet ca. 9. 10. \u00e5rh.), Lebor Gab\u00e1la \u00c9renn (recension med Lughs genealogiske roller), Oidheadh Chloinne Tuireann. Romersk epigrafi: indskrifter af Loucetius Mars i Gallien (f.eks. fra Mosel-omr\u00e5det).<\/p><p>Tidsperiode: myterne afspejler jernalderlige og tidligmiddelalderlige kulter (ca. 500 f.Kr. 800 e.Kr.). Forskere: Mac Cana (Celtic Mythology), Maier (Die Religion der Kelten), Sjoestedt (Gods and Heroes of the Celts), og Green (The Gods of the Celts) behandler Lugh udf\u00f8rligt.<\/p>\t\t\t\t\t\t\t\t<\/div>\n\t\t\t\t\t<\/div>\n\t\t\t\t<\/div>\n\t\t\t\t<\/div>\n\t\t\t\t\t<\/div>\n\t\t\t\t<\/div>\n\t\t<div class=\"elementor-element elementor-element-3ae0637c e-flex e-con-boxed e-con e-parent\" data-id=\"3ae0637c\" data-element_type=\"container\" data-e-type=\"container\">\n\t\t\t\t\t<div class=\"e-con-inner\">\n\t\t\t\t<div class=\"elementor-element elementor-element-31d07739 elementor-widget elementor-widget-heading\" data-id=\"31d07739\" data-element_type=\"widget\" data-e-type=\"widget\" data-widget_type=\"heading.default\">\n\t\t\t\t\t<h2 class=\"elementor-heading-title elementor-size-default\">Navn<\/h2>\t\t\t\t<\/div>\n\t\t<div class=\"elementor-element elementor-element-b7642947 e-con-full e-flex e-con e-child\" data-id=\"b7642947\" data-element_type=\"container\" data-e-type=\"container\">\n\t\t\t\t<div class=\"elementor-element elementor-element-a086266 elementor-widget elementor-widget-text-editor\" data-id=\"a086266\" data-element_type=\"widget\" data-e-type=\"widget\" data-widget_type=\"text-editor.default\">\n\t\t\t\t\t\t\t\t\t<p>Lugh fremstilles i de forskellige kilder og kunstneriske traditioner med bestemte tilbagevendende ikonografiske elementer, som forbliver relativt konstante gennem \u00e5rtier og over forskellige geografiske omr\u00e5der. Disse elementer er ikke rent dekorative eller tilf\u00e6ldigt valgt, men er dybt symbolsk kodede og b\u00e6rer stor betydning.<\/p><p>Lughs attributter angiver pr\u00e6cist hans position blandt Tuatha D\u00e9 Danann: hans tilnavn Samild\u00e1nach, den kyndige i alle kunster, beskriver hans embede, og fort\u00e6llingen om hans ankomst til Tara viser dette, for han opn\u00e5r f\u00f8rst indpas, da det viser sig, at han er smed, harpespiller, digter, healer og kriger i \u00e9n person. Hans spyd h\u00f8rer til de fire skatte fra Tuatha D\u00e9 Danann og st\u00e5r for uafvendelig sejr; hans kast mod Balors \u00f8je afg\u00f8r slaget ved Mag Tuired. Den, der kender den irske sagnverden, kan af spyd, tilnavn og festdag afl\u00e6se profilen af en gud, der forbinder kunnen, kongedom og h\u00f8st.<\/p>\t\t\t\t\t\t\t\t<\/div>\n\t\t\t\t<\/div>\n\t\t\t\t\t<\/div>\n\t\t\t\t<\/div>\n\t\t<div class=\"elementor-element elementor-element-709a44a8 e-flex e-con-boxed e-con e-parent\" data-id=\"709a44a8\" data-element_type=\"container\" data-e-type=\"container\">\n\t\t\t\t\t<div class=\"e-con-inner\">\n\t\t\t\t<div class=\"elementor-element elementor-element-2f585873 elementor-widget elementor-widget-heading\" data-id=\"2f585873\" data-element_type=\"widget\" data-e-type=\"widget\" data-widget_type=\"heading.default\">\n\t\t\t\t\t<h2 class=\"elementor-heading-title elementor-size-default\">V\u00e6senstr\u00e6k<\/h2>\t\t\t\t<\/div>\n\t\t<div class=\"elementor-element elementor-element-70621c12 e-con-full e-flex e-con e-child\" data-id=\"70621c12\" data-element_type=\"container\" data-e-type=\"container\">\n\t\t\t\t<div class=\"elementor-element elementor-element-4296eb49 elementor-widget elementor-widget-text-editor\" data-id=\"4296eb49\" data-element_type=\"widget\" data-e-type=\"widget\" data-widget_type=\"text-editor.default\">\n\t\t\t\t\t\t\t\t\t<p>Lugh var central i den religi\u00f8se praksis, i hverdagens ritualer og i den almindelige forst\u00e5else i den keltiske verden. Mennesker vendte sig til denne skikkelse i kritiske eller bestemte livssituationer eller p\u00e5 bestemte rituelle \u00e5rstider, med strukturerede, ofte omfattende ritualer, b\u00f8nner eller offergaver.<\/p><p>Tilbedelsen af Lugh var reguleret og fastlagt i tid: Festen Lughnasadh blev fejret i begyndelsen af august ved h\u00f8stens start, med forsamlinger, konkurrencer og markeder p\u00e5 faste steder som Tailtiu. Den irske overlevering f\u00f8rer festen tilbage til Lugh selv, som skal have stiftet den til \u00e6re for sin fostermor, og beskriver dermed en institution med fast anledning, sted og forl\u00f8b.<\/p><p>At Lughnasadh blev fejret i Irland gennem mange \u00e5rhundreder og levede videre i rester som h\u00f8stskikke og bjergvalfarter frem til nyere tid, dokumenterer festens praktiske v\u00e6rdi for landbosamfund. Forbindelserne til Lugh var af forskellig art: hans sejr over Balor afv\u00e6rgede i fort\u00e6llingen truslen mod h\u00f8sten, hans forbindelse til h\u00f8stens begyndelse sikrede udkommet, og festen selv fulgte overgangen fra sommer til h\u00f8sttid.<\/p><h3>Fremtoning og symbolik<\/h3><p>Lugh fremstilles som en ung, str\u00e5lende kriger med gylden glans. Han b\u00e6rer rustning og en magisk lanse. Hans \u00f8jne lyser som solen. Hund, ravn og svale f\u00f8lger ham. Kunsth\u00e5ndv\u00e6rkets redskaber er hans attributter. Lys str\u00e5ler fra ham.<\/p>\t\t\t\t\t\t\t\t<\/div>\n\t\t\t\t<\/div>\n\t\t\t\t\t<\/div>\n\t\t\t\t<\/div>\n\t\t<div class=\"elementor-element elementor-element-44e71476 e-flex e-con-boxed e-con e-parent\" data-id=\"44e71476\" data-element_type=\"container\" data-e-type=\"container\">\n\t\t\t\t\t<div class=\"e-con-inner\">\n\t\t\t\t<div class=\"elementor-element elementor-element-3c1fc3f0 elementor-widget elementor-widget-heading\" data-id=\"3c1fc3f0\" data-element_type=\"widget\" data-e-type=\"widget\" data-widget_type=\"heading.default\">\n\t\t\t\t\t<h2 class=\"elementor-heading-title elementor-size-default\">Profil: Lugh<\/h2>\t\t\t\t<\/div>\n\t\t<div class=\"elementor-element elementor-element-84f33b8e e-con-full e-flex e-con e-child\" data-id=\"84f33b8e\" data-element_type=\"container\" data-e-type=\"container\">\n\t\t\t\t<div class=\"elementor-element elementor-element-hqkdc67p elementor-widget elementor-widget-text-editor\" data-id=\"hqkdc67p\" data-element_type=\"widget\" data-e-type=\"widget\" data-widget_type=\"text-editor.default\">\n\t\t\t\t\t\t\t\t\t<p>Profilen indfanger Lugh i seks dimensioner: hans mytisk-genealogiske oprindelse og position i Tuatha D\u00e9 Danann, hans tilbedelseskredse og samfundsm\u00e6ssige roller, hans ikonografi og magiske attributter, hans krigerske og kunstneriske kr\u00e6fter samt spirituelle tilkaldelsespraksisser og kulturelle modstykker. Dette tegner profilen af denne alsidigt begavede kulturgud.<\/p>\t\t\t\t\t\t\t\t<\/div>\n\t\t\t\t<\/div>\n\t\t<div class=\"elementor-element elementor-element-pemmx7c5 e-con-full e-flex e-con e-child\" data-id=\"pemmx7c5\" data-element_type=\"container\" data-e-type=\"container\">\n\t\t<div class=\"elementor-element elementor-element-pemmx7c1 e-con-full e-flex e-con e-child\" data-id=\"pemmx7c1\" data-element_type=\"container\" data-e-type=\"container\">\n\t\t<div class=\"elementor-element elementor-element-qh9oavvu iwg-steckbrief-card e-flex e-con-boxed e-con e-child\" data-id=\"qh9oavvu\" data-element_type=\"container\" data-e-type=\"container\">\n\t\t\t\t\t<div class=\"e-con-inner\">\n\t\t\t\t<div class=\"elementor-element elementor-element-awzx8k2k elementor-widget elementor-widget-heading\" data-id=\"awzx8k2k\" data-element_type=\"widget\" data-e-type=\"widget\" data-widget_type=\"heading.default\">\n\t\t\t\t\t<div class=\"elementor-heading-title elementor-size-default\">Oprindelse<\/div>\t\t\t\t<\/div>\n\t\t\t\t<div class=\"elementor-element elementor-element-x6rowhv0 elementor-widget elementor-widget-text-editor\" data-id=\"x6rowhv0\" data-element_type=\"widget\" data-e-type=\"widget\" data-widget_type=\"text-editor.default\">\n\t\t\t\t\t\t\t\t\t<p>Lugh tilh\u00f8rer Tuatha D\u00e9 Danann og n\u00e6vnes forskelligt som s\u00f8n af Dian C\u00e9cht (helbredelseskunstens gud), af Ethniu eller af mere abstrakte kr\u00e6fter.<\/p><p>Han repr\u00e6senterer de yngre gudegenerationer (i mods\u00e6tning til den \u00e6ldre Dagda). Geografisk er han centreret om Irland, med romersk-galliske paralleller (Loucetius). Hans f\u00f8rste litter\u00e6re bel\u00e6g findes i tekster fra det 9.-10. \u00e5rhundrede, men beskriver \u00e6ldre kult.<\/p>\t\t\t\t\t\t\t\t<\/div>\n\t\t\t\t\t<\/div>\n\t\t\t\t<\/div>\n\t\t<div class=\"elementor-element elementor-element-8e3o4kxs iwg-steckbrief-card e-flex e-con-boxed e-con e-child\" data-id=\"8e3o4kxs\" data-element_type=\"container\" data-e-type=\"container\">\n\t\t\t\t\t<div class=\"e-con-inner\">\n\t\t\t\t<div class=\"elementor-element elementor-element-08rkdgov elementor-widget elementor-widget-heading\" data-id=\"08rkdgov\" data-element_type=\"widget\" data-e-type=\"widget\" data-widget_type=\"heading.default\">\n\t\t\t\t\t<div class=\"elementor-heading-title elementor-size-default\">M\u00e5lgrupper<\/div>\t\t\t\t<\/div>\n\t\t\t\t<div class=\"elementor-element elementor-element-uwjelx8s elementor-widget elementor-widget-text-editor\" data-id=\"uwjelx8s\" data-element_type=\"widget\" data-e-type=\"widget\" data-widget_type=\"text-editor.default\">\n\t\t\t\t\t\t\t\t\t<p>Lugh blev \u00e6ret af krigere, h\u00e5ndv\u00e6rkere, kunstnere, druidepr\u00e6ster og kongefamilier. Hans fest Lughnasadh var offentlig og folkelig, forbundet med handels- og kampspil samt retssager. I krigssammenh\u00e6ng tilbad krigere ham for taktisk geni og overlegenhed. H\u00e5ndv\u00e6rkere og kunstnere \u00e6rede ham som deres kunsts beskytter.<\/p>\t\t\t\t\t\t\t\t<\/div>\n\t\t\t\t\t<\/div>\n\t\t\t\t<\/div>\n\t\t<div class=\"elementor-element elementor-element-jm2n74ec iwg-steckbrief-card e-flex e-con-boxed e-con e-child\" data-id=\"jm2n74ec\" data-element_type=\"container\" data-e-type=\"container\">\n\t\t\t\t\t<div class=\"e-con-inner\">\n\t\t\t\t<div class=\"elementor-element elementor-element-8vufse4c elementor-widget elementor-widget-heading\" data-id=\"8vufse4c\" data-element_type=\"widget\" data-e-type=\"widget\" data-widget_type=\"heading.default\">\n\t\t\t\t\t<div class=\"elementor-heading-title elementor-size-default\">Fremstilling<\/div>\t\t\t\t<\/div>\n\t\t\t\t<div class=\"elementor-element elementor-element-mwb9u015 elementor-widget elementor-widget-text-editor\" data-id=\"mwb9u015\" data-element_type=\"widget\" data-e-type=\"widget\" data-widget_type=\"text-editor.default\">\n\t\t\t\t\t\t\t\t\t<p>Lugh fremstilles som ungdommelig, str\u00e5lende og kunstnerisk, ofte med lys eller glans omkring sig (hans navn kan betyde \u00bblys\u00ab). Han b\u00e6rer typiske krigsattributter: spyd, sv\u00e6rd eller magiske v\u00e5ben. Nogle gange vises han med harpe. I kunstneriske afbildninger er han elegant, atletisk, uden den \u00e6ldre Dagdas tyngde. Hans ansigtstr\u00e6k er fine og fornemme.<\/p>\t\t\t\t\t\t\t\t<\/div>\n\t\t\t\t\t<\/div>\n\t\t\t\t<\/div>\n\t\t\t\t<\/div>\n\t\t<div class=\"elementor-element elementor-element-pemmx7c2 e-con-full e-flex e-con e-child\" data-id=\"pemmx7c2\" data-element_type=\"container\" data-e-type=\"container\">\n\t\t<div class=\"elementor-element elementor-element-37ss2yr6 iwg-steckbrief-card e-flex e-con-boxed e-con e-child\" data-id=\"37ss2yr6\" data-element_type=\"container\" data-e-type=\"container\">\n\t\t\t\t\t<div class=\"e-con-inner\">\n\t\t\t\t<div class=\"elementor-element elementor-element-3v0wp3wx elementor-widget elementor-widget-heading\" data-id=\"3v0wp3wx\" data-element_type=\"widget\" data-e-type=\"widget\" data-widget_type=\"heading.default\">\n\t\t\t\t\t<div class=\"elementor-heading-title elementor-size-default\">Virke<\/div>\t\t\t\t<\/div>\n\t\t\t\t<div class=\"elementor-element elementor-element-w3247g2m elementor-widget elementor-widget-text-editor\" data-id=\"w3247g2m\" data-element_type=\"widget\" data-e-type=\"widget\" data-widget_type=\"text-editor.default\">\n\t\t\t\t\t\t\t\t\t<strong>Wirkungsbereich:<\/strong> Lugh er den keltiske gud for lys, krig, kunst og h\u00e5ndv\u00e6rk. Hans magt str\u00e6kker sig over alle omr\u00e5der af menneskelig skaben, digtning, musik, smedekunst og krigskunst. Han repr\u00e6senterer aspektet af den str\u00e5lende, alt overskuende bevidsthed. Historisk er Lugh n\u00e6rt forbundet med Lughnasa-festen (1. august), som stadig lever videre i kristendommen som Lammas-festen. Hans virke ses i kunstnerisk inspiration, strategisk t\u00e6nkning og sejrrig overvindelse af hindringer. I den mytologiske <span class=\"iwg-fachbegriff\" data-tooltip=\"Videregivelse af viden og fort\u00e6llinger gennem generationer.\" tabindex=\"0\">overlevering<\/span> (Cath Maige Tuired) triumferer Lugh over den fjendtlige Fomor\u00e9-race.\n\t\t\t\t\t\t\t\t<\/div>\n\t\t\t\t\t<\/div>\n\t\t\t\t<\/div>\n\t\t<div class=\"elementor-element elementor-element-0qpjal9w iwg-steckbrief-card e-flex e-con-boxed e-con e-child\" data-id=\"0qpjal9w\" data-element_type=\"container\" data-e-type=\"container\">\n\t\t\t\t\t<div class=\"e-con-inner\">\n\t\t\t\t<div class=\"elementor-element elementor-element-6ndoih0o elementor-widget elementor-widget-heading\" data-id=\"6ndoih0o\" data-element_type=\"widget\" data-e-type=\"widget\" data-widget_type=\"heading.default\">\n\t\t\t\t\t<div class=\"elementor-heading-title elementor-size-default\">Afv\u00e6rgeformer<\/div>\t\t\t\t<\/div>\n\t\t\t\t<div class=\"elementor-element elementor-element-6684tyh9 elementor-widget elementor-widget-text-editor\" data-id=\"6684tyh9\" data-element_type=\"widget\" data-e-type=\"widget\" data-widget_type=\"text-editor.default\">\n\t\t\t\t\t\t\t\t\t<p>Lugh er velvillig og heltemodig. Krigere og kunstnere tilbad ham for dygtighed, overvindelse af hindringer og kunstnerisk geni. Hans fest Lughnasadh var anledning til kampe og rituel bekr\u00e6ftelse af f\u00e6llesskabet. Lugh er ikke farlig eller skadelig, men beskyttende og oph\u00f8jende. Afv\u00e6rgepraksis er frav\u00e6rende; i stedet gjaldt <span class=\"iwg-fachbegriff\" data-tooltip=\"Den bedende eller besv\u00e6rgende tiltale til en gudom eller magt.\" tabindex=\"0\">tilbedelse<\/span> og <span class=\"iwg-fachbegriff\" data-tooltip=\"Gave til en gudom for at udtrykke tak, b\u00f8n eller tilbedelse.\" tabindex=\"0\">offer<\/span> for at \u00e6re ham.<\/p>\t\t\t\t\t\t\t\t<\/div>\n\t\t\t\t\t<\/div>\n\t\t\t\t<\/div>\n\t\t<div class=\"elementor-element elementor-element-3lfi7x32 iwg-steckbrief-card e-flex e-con-boxed e-con e-child\" data-id=\"3lfi7x32\" data-element_type=\"container\" data-e-type=\"container\">\n\t\t\t\t\t<div class=\"e-con-inner\">\n\t\t\t\t<div class=\"elementor-element elementor-element-0kg99ga1 elementor-widget elementor-widget-heading\" data-id=\"0kg99ga1\" data-element_type=\"widget\" data-e-type=\"widget\" data-widget_type=\"heading.default\">\n\t\t\t\t\t<div class=\"elementor-heading-title elementor-size-default\">Paralleller<\/div>\t\t\t\t<\/div>\n\t\t\t\t<div class=\"elementor-element elementor-element-n0fum6kp elementor-widget elementor-widget-text-editor\" data-id=\"n0fum6kp\" data-element_type=\"widget\" data-e-type=\"widget\" data-widget_type=\"text-editor.default\">\n\t\t\t\t\t\t\t\t\t<p>Sammenlignelige er Apollo (gr\u00e6sk) som gud for kunstneriske og krigerske kunster, lys og musik, Merkur\/Hermes som universel kunstner og beskytter, den germanske Odin som gud for kunst og visdom, og den indiske Indra som krigsgud og <span class=\"iwg-fachbegriff\" data-tooltip=\"Tilsagn om lykke og beskyttelse, ofte i fast sproglig form.\" tabindex=\"0\">velsignelses<\/span>-giver. \u00bbUniversalmester\u00ab-typen er et indoeurop\u00e6isk <span class=\"iwg-fachbegriff\" data-tooltip=\"Et tilbagevendende indholdsm\u00e6ssigt element i kunst eller fort\u00e6lling.\" tabindex=\"0\">motiv<\/span>.<\/p>\t\t\t\t\t\t\t\t<\/div>\n\t\t\t\t\t<\/div>\n\t\t\t\t<\/div>\n\t\t\t\t<\/div>\n\t\t\t\t<\/div>\n\t\t\t\t\t<\/div>\n\t\t\t\t<\/div>\n\t\t<div class=\"elementor-element elementor-element-5a584676 e-flex e-con-boxed e-con e-parent\" data-id=\"5a584676\" data-element_type=\"container\" data-e-type=\"container\">\n\t\t\t\t\t<div class=\"e-con-inner\">\n\t\t\t\t<div class=\"elementor-element elementor-element-6d0757bf elementor-widget elementor-widget-heading\" data-id=\"6d0757bf\" data-element_type=\"widget\" data-e-type=\"widget\" data-widget_type=\"heading.default\">\n\t\t\t\t\t<h2 class=\"elementor-heading-title elementor-size-default\">Lugh, paralleller i andre kulturer<\/h2>\t\t\t\t<\/div>\n\t\t<div class=\"elementor-element elementor-element-60563f68 e-con-full e-flex e-con e-child\" data-id=\"60563f68\" data-element_type=\"container\" data-e-type=\"container\">\n\t\t\t\t<div class=\"elementor-element elementor-element-5a93fdd6 elementor-widget elementor-widget-text-editor\" data-id=\"5a93fdd6\" data-element_type=\"widget\" data-e-type=\"widget\" data-widget_type=\"text-editor.default\">\n\t\t\t\t\t\t\t\t\t<h3>Ritualer og tilbedelse<\/h3><p>Lughnasa-festen (1. august) var hovedofferfesten for Lugh, hvor f\u00f8rstegr\u00f8de-<span class=\"iwg-fachbegriff\" data-tooltip=\"Gave til en gudom for at udtrykke tak, b\u00f8n eller tilbedelse.\" tabindex=\"0\">offer<\/span> blev bragt p\u00e5 toppen af hellige bjerge. I Tara, kongebyen, fandt forsamlinger sted, hvor h\u00e5ndv\u00e6rk og kampkunst k\u00e6mpede mod hinanden. Druider udf\u00f8rte indvielser af nye krigere til Lughs \u00e6re.<\/p><h3>Besv\u00e6rgelser og tilbedelser<\/h3><p>Tilbedelser af Lugh var typisk morgenrite f\u00f8r kamp eller kunstnerisk v\u00e6rk: \u201eLugh, alle kunsters lys, lys min vej.&#8221; Bards tilbad ham for inspiration i digterkonkurrencer. En klassisk <span class=\"iwg-fachbegriff\" data-tooltip=\"Den bedende eller besv\u00e6rgende tiltale til en gudom eller magt.\" tabindex=\"0\">tilbedelse<\/span> l\u00f8d: \u201eSamhildanach Lugh, som behersker alle kunster, giv mig visdom og styrke.&#8221;<\/p><h3>Amuletter og beskyttelsessymboler<\/h3><p>Solhjulet og den gyldne spiral var Lughs symboler. Krigere bar \u00bbLughs spyd\u00ab (symbolisk, som v\u00e5ben-<span class=\"iwg-fachbegriff\" data-tooltip=\"En genstand, man b\u00e6rer, som tilskrives en beskyttende, ondt afvisende virkning.\" tabindex=\"0\">amulet<\/span>), kunstnere bar solsten og rav som inspirationsb\u00e6rere. Guldsmykker med spiralm\u00f8nstre blev betragtet som Lugh-<span class=\"iwg-fachbegriff\" data-tooltip=\"Tilsagn om lykke og beskyttelse, ofte i fast sproglig form.\" tabindex=\"0\">velsignelse<\/span>.<\/p>\n<p><p><strong>J\u00f8disk tradition:<\/strong> Ingen direkte modstykke. Fjernt besl\u00e6gtede er David som kriger-konge og musiker (psalmist), eller figuren Salomon som universel vismand og kunstner.<\/p><p><strong>Den gr\u00e6sk-romerske verden:<\/strong> Apollo som lys-, musik-, krigs- og helbredelsesgud. Merkur\/Hermes som kunstner, opfinder (lyren) og universel beskyttelsesgud. Ogs\u00e5 Ares eller Mars i deres krigsaspekt. Sammenligneligheden er t\u00e6t.<\/p><p><strong>Mesopotamien:<\/strong> Shamash som gud for lys og retf\u00e6rdighed, Nabu som gud for kunst og videnskab, Adad som krigsgud. Alle deler med Lugh aspekter af kamp, viden og guddommelig glans.<\/p><p><strong>Indien\/Asien:<\/strong> Indra som kriger-helt og <span class=\"iwg-fachbegriff\" data-tooltip=\"Tilsagn om lykke og beskyttelse, ofte i fast sproglig form.\" tabindex=\"0\">velsignelses<\/span>-giver, Saraswati som gudinde for kunst og musik. I buddhistisk sammenh\u00e6ng: Manjushri som gud for visdom og kunst. Disse viser kulturspecifikke paralleller til Lughs multitalent.<\/p>\t\t\t\t\t\t\t\t<\/div>\n\t\t\t\t<\/div>\n\t\t\t\t\t<\/div>\n\t\t\t\t<\/div>\n\t\t<div class=\"elementor-element elementor-element-cp977bc6b e-flex e-con-boxed e-con e-parent\" data-id=\"cp977bc6b\" data-element_type=\"container\" data-e-type=\"container\">\n\t\t\t\t\t<div class=\"e-con-inner\">\n\t\t\t\t<div class=\"elementor-element elementor-element-cp5f2b077 elementor-widget elementor-widget-heading\" data-id=\"cp5f2b077\" data-element_type=\"widget\" data-e-type=\"widget\" data-widget_type=\"heading.default\">\n\t\t\t\t\t<h2 class=\"elementor-heading-title elementor-size-default\">Lugh i slaget ved Mag Tuired<\/h2>\t\t\t\t<\/div>\n\t\t<div class=\"elementor-element elementor-element-cpeedcba8 e-con-full e-flex e-con e-child\" data-id=\"cpeedcba8\" data-element_type=\"container\" data-e-type=\"container\">\n\t\t\t\t<div class=\"elementor-element elementor-element-cp91d9c27 elementor-widget elementor-widget-text-editor\" data-id=\"cp91d9c27\" data-element_type=\"widget\" data-e-type=\"widget\" data-widget_type=\"text-editor.default\">\n\t\t\t\t\t\t\t\t\t<p>Den vigtigste fort\u00e6lling om Lugh er <em>Cath Maige Tuired<\/em>, slaget om Mag Tuired, hvor T\u00faatha D\u00e9 Danann k\u00e6mper mod fomorierne. Lughs optr\u00e6den heri h\u00f8rer til de mest kendte scener i den irske sagalitteratur.<\/p><p>Lugh kommer til kong Nuadas hof og forlanger at blive lukket ind. D\u00f8rvogteren afviser ham med den besked, at enhver, der lukkes ind, m\u00e5 beherske en kunst.<\/p><p>Lugh opremser derp\u00e5 en r\u00e6kke f\u00e6rdigheder, han er t\u00f8mrer, smed, kriger, harpespiller, digter, l\u00e6ge, mundsk\u00e6nk og meget mere. P\u00e5 hver opremsning svarer d\u00f8rvogteren, at man allerede har en s\u00e5dan. Til sidst sp\u00f8rger Lugh, om nogen ved hoffet behersker alle disse kunster p\u00e5 samme tid. Da man m\u00e5 svare nej til det, bliver han lukket ind.<\/p><p>Fra denne episode stammer et af Lughs mest kendte tilnavne, <em>Samild\u00e1nach<\/em>, hvilket nogenlunde betyder den \u00f8vede i mange kunster. Lugh er ikke specialist i en enkelt f\u00e6rdighed, men den, der forener dem alle. I selve slaget tager han f\u00f8ringen og bidrager gennem sin krigsmagi og sine anvisninger v\u00e6sentligt til sejren.<\/p><p>Et centralt moment er drabet p\u00e5 Balor, fomoriernes leder, som besidder et \u00f8del\u00e6ggende \u00f8je. Efter <span class=\"iwg-fachbegriff\" data-tooltip=\"Videregivelsen af viden og fort\u00e6llinger gennem generationer.\" tabindex=\"0\">overleveringen<\/span> er Balor Lughs morfar, for en profeti havde sagt, at Balor ville d\u00f8 for sit barnebarns h\u00e5nd.<\/p><p>Lugh tr\u00e6ffer Balors d\u00f8dbringende \u00f8je og opfylder dermed <span class=\"iwg-fachbegriff\" data-tooltip=\"Forudsigelsen af fremtidige begivenheder med religi\u00f8se eller magiske midler.\" tabindex=\"0\">sp\u00e5dommen<\/span>. Denne forbindelse mellem helte- og familiehistorie, barnebarnet, der dr\u00e6ber sin morfar, er et gammelt fort\u00e6llem\u00f8nster, som h\u00e6ver slaget om Mag Tuired op over den blotte krigshandling.<\/p>\t\t\t\t\t\t\t\t<\/div>\n\t\t\t\t<\/div>\n\t\t\t\t\t<\/div>\n\t\t\t\t<\/div>\n\t\t<div class=\"elementor-element elementor-element-cpfc80b04 e-flex e-con-boxed e-con e-parent\" data-id=\"cpfc80b04\" data-element_type=\"container\" data-e-type=\"container\">\n\t\t\t\t\t<div class=\"e-con-inner\">\n\t\t\t\t<div class=\"elementor-element elementor-element-cpd6c6169 elementor-widget elementor-widget-heading\" data-id=\"cpd6c6169\" data-element_type=\"widget\" data-e-type=\"widget\" data-widget_type=\"heading.default\">\n\t\t\t\t\t<h2 class=\"elementor-heading-title elementor-size-default\">Lugnasad: festen og navnet i landskabet<\/h2>\t\t\t\t<\/div>\n\t\t<div class=\"elementor-element elementor-element-cp670b9ce e-con-full e-flex e-con e-child\" data-id=\"cp670b9ce\" data-element_type=\"container\" data-e-type=\"container\">\n\t\t\t\t<div class=\"elementor-element elementor-element-cp154f098 elementor-widget elementor-widget-text-editor\" data-id=\"cp154f098\" data-element_type=\"widget\" data-e-type=\"widget\" data-widget_type=\"text-editor.default\">\n\t\t\t\t\t\t\t\t\t<p>Med Lugh er en af de fire store fester i det irske \u00e5r forbundet, <em>Lugnasad<\/em>, som blev fejret i begyndelsen af august. Navnet betyder omtrent Lughs forsamling.<\/p><p>Middelalderlige irske tekster forklarer festen med, at Lugh indstiftede den til \u00e6re for sin fostermor eller opdragermor Tailtiu, som var d\u00f8d efter rydningen af en slette. Festen var alts\u00e5 oprindeligt en minde- og forsamlingsfest.<\/p><p>Lugnasad faldt i den tid, hvor kornh\u00f8sten begyndte, og var forbundet med forsamlinger, kappestrider, markeder og retlige sammenkomster. S\u00e5danne \u00e5rstidsbundne storm\u00f8nstre havde en vigtig social og politisk funktion i det irske samfund.<\/p><p>At en gud blev betragtet som stifter af en s\u00e5dan fest, viser, hvor t\u00e6t mytisk fort\u00e6lling og levet samfundsorden var forbundet i <span class=\"iwg-fachbegriff\" data-tooltip=\"Videregivelsen af viden og fort\u00e6llinger gennem generationer.\" tabindex=\"0\">overleveringen<\/span>.<\/p><p>Navnet Lugh har desuden efterladt spor i det europ\u00e6iske landskab. En r\u00e6kke stednavne, der er dannet med elementet Lug-, forbindes i forskningen med en gud, som svarer til den irske Lugh og den helt, der p\u00e5 walisisk er kendt som Lleu.<\/p><p>Det mest kendte eksempel er byen Lyon i Frankrig, hvis antikke navn Lugdunum ofte tydes som Lugus&#8217; f\u00e6stning eller h\u00f8j, selv om den pr\u00e6cise forklaring af den f\u00f8rste del af navnet diskuteres i forskningen. S\u00e5danne navne antyder, at en besl\u00e6gtet <span class=\"iwg-fachbegriff\" data-tooltip=\"Et v\u00e6sen, der tilbedes som gudeligt inden for en religion.\" tabindex=\"0\">gudeskikkelse<\/span> ikke kun blev tilbedt i Irland, men i det bredere keltiske omr\u00e5de.<\/p>\t\t\t\t\t\t\t\t<\/div>\n\t\t\t\t<\/div>\n\t\t\t\t\t<\/div>\n\t\t\t\t<\/div>\n\t\t<div class=\"elementor-element elementor-element-cpcc3173c e-flex e-con-boxed e-con e-parent\" data-id=\"cpcc3173c\" data-element_type=\"container\" data-e-type=\"container\">\n\t\t\t\t\t<div class=\"e-con-inner\">\n\t\t\t\t<div class=\"elementor-element elementor-element-cp3c06964 elementor-widget elementor-widget-heading\" data-id=\"cp3c06964\" data-element_type=\"widget\" data-e-type=\"widget\" data-widget_type=\"heading.default\">\n\t\t\t\t\t<h2 class=\"elementor-heading-title elementor-size-default\">Lleu Llaw Gyffes: den walisiske sl\u00e6gtning<\/h2>\t\t\t\t<\/div>\n\t\t<div class=\"elementor-element elementor-element-cpdca373e e-con-full e-flex e-con e-child\" data-id=\"cpdca373e\" data-element_type=\"container\" data-e-type=\"container\">\n\t\t\t\t<div class=\"elementor-element elementor-element-cpe868a3a elementor-widget elementor-widget-text-editor\" data-id=\"cpe868a3a\" data-element_type=\"widget\" data-e-type=\"widget\" data-widget_type=\"text-editor.default\">\n\t\t\t\t\t\t\t\t\t<p>I den walisiske fort\u00e6llingstradition har Lugh en pendant i skikkelsen Lleu Llaw Gyffes, hvis historie fort\u00e6lles i den fjerde gren af <em>Mabinogi<\/em>, en samling af middelalderlige walisiske fort\u00e6llinger.<\/p><p>Lleu bliver f\u00f8dt under us\u00e6dvanlige omst\u00e6ndigheder og bliver af sin mor Arianrhod belagt med tre sk\u00e6bner: Han skal ikke f\u00e5 noget navn, ikke b\u00e6re nogen v\u00e5ben og ikke f\u00e5 nogen kvinde af jordisk sl\u00e6gt til hustru.<\/p><p>Troldmanden Gwydion overlister hver af disse sk\u00e6bner, giver Lleu et navn ved en list, forsyner ham med v\u00e5ben og skaber sammen med en anden troldmand en kvinde af blomster, Blodeuwedd, til ham.<\/p><p>Historien tager en m\u00f8rk vending, da Blodeuwedd vender sig mod en anden mand og med hans hj\u00e6lp n\u00e6sten dr\u00e6ber Lleu.<\/p><p>Lleu kan kun blive s\u00e5ret under meget s\u00e6rlige betingelser, og da disse betingelser fremkaldes med list, bliver han truffet, forvandler sig til en \u00f8rn og undkommer alvorligt s\u00e5ret. Gwydion finder ham til sidst, giver ham sin skikkelse tilbage og hj\u00e6lper ham med at h\u00e6vne sig.<\/p><p>Forskningen har l\u00e6nge diskuteret forholdet mellem Lugh og Lleu. Navnene er sprogligt besl\u00e6gtede, og begge skikkelser deler tr\u00e6k som den us\u00e6dvanlige f\u00f8dsel og forbindelsen med s\u00e6rlige betingelser for deres liv og d\u00f8d.<\/p><p>Samtidig er fort\u00e6llingerne meget forskellige, og det ville v\u00e6re forkert blot at l\u00e6se Lleu som en walisisk udgave af den irske Lugh. Mere sandsynligt er det, at begge g\u00e5r tilbage til en f\u00e6lles \u00e6ldre skikkelse, som i Irland og Wales har fulgt hver sin vej. Besl\u00e6gtede skikkelser i den irske sagatradition er blandt andet <a href=\"https:\/\/iwell-guard.com\/da\/?page_id=138089\">Morr\u00edgan<\/a> og <a href=\"https:\/\/iwell-guard.com\/da\/?page_id=138088\">Dagda<\/a>.<\/p>\t\t\t\t\t\t\t\t<\/div>\n\t\t\t\t<\/div>\n\t\t\t\t\t<\/div>\n\t\t\t\t<\/div>\n\t\t<div class=\"elementor-element elementor-element-36dd7469 e-flex e-con-boxed e-con e-parent\" data-id=\"36dd7469\" data-element_type=\"container\" data-e-type=\"container\">\n\t\t\t\t\t<div class=\"e-con-inner\">\n\t\t\t\t<div class=\"elementor-element elementor-element-13760ab4 elementor-widget elementor-widget-heading\" data-id=\"13760ab4\" data-element_type=\"widget\" data-e-type=\"widget\" data-widget_type=\"heading.default\">\n\t\t\t\t\t<h2 class=\"elementor-heading-title elementor-size-default\">Yderligere links<\/h2>\t\t\t\t<\/div>\n\t\t<div class=\"elementor-element elementor-element-28c87796 e-con-full e-flex e-con e-child\" data-id=\"28c87796\" data-element_type=\"container\" data-e-type=\"container\">\n\t\t\t\t<div class=\"elementor-element elementor-element-5d6538df elementor-widget elementor-widget-text-editor\" data-id=\"5d6538df\" data-element_type=\"widget\" data-e-type=\"widget\" data-widget_type=\"text-editor.default\">\n\t\t\t\t\t\t\t\t\t<ul><li><a href=\"https:\/\/iwell-guard.com\/da\/?page_id=138161\">Manannan mac Lir, havgud<\/a><\/li><li><a href=\"https:\/\/iwell-guard.com\/da\/?page_id=138088\">Dagda, fadergud<\/a><\/li><\/ul>\n\t\t\t\t\t\t\t\t<\/div>\n\t\t\t\t<\/div>\n\t\t\t\t\t<\/div>\n\t\t\t\t<\/div>\n\t\t<div class=\"elementor-element elementor-element-grl4kl40 e-flex e-con-boxed e-con e-parent\" data-id=\"grl4kl40\" data-element_type=\"container\" data-e-type=\"container\">\n\t\t\t\t\t<div class=\"e-con-inner\">\n\t\t\t\t<div class=\"elementor-element elementor-element-bzsbfrmh elementor-widget elementor-widget-heading\" data-id=\"bzsbfrmh\" data-element_type=\"widget\" data-e-type=\"widget\" data-widget_type=\"heading.default\">\n\t\t\t\t\t<h2 class=\"elementor-heading-title elementor-size-default\">Forskningslitteratur<\/h2>\t\t\t\t<\/div>\n\t\t<div class=\"elementor-element elementor-element-2c13224a e-con-full e-flex e-con e-child\" data-id=\"2c13224a\" data-element_type=\"container\" data-e-type=\"container\">\n\t\t\t\t<div class=\"elementor-element elementor-element-0eymh9ub elementor-widget elementor-widget-text-editor\" data-id=\"0eymh9ub\" data-element_type=\"widget\" data-e-type=\"widget\" data-widget_type=\"text-editor.default\">\n\t\t\t\t\t\t\t\t\t<footer class=\"iwg-literatur\" data-nosnippet=\"true\"><ul><li><span data-nosnippet>\u00d3 h\u00d3g\u00e1in, D.: <em>Myth, Legend and Romance<\/em>. Prentice Hall, 1990.<\/span><\/li><li><span data-nosnippet>MacKillop, J.: <em>Dictionary of Celtic Mythology<\/em>. Oxford University Press, 2004.<\/span><\/li><\/ul>\n<\/footer>\n<p class=\"iwg-bib-more\"><span data-nosnippet>Flere standardv\u00e6rker i <a href=\"https:\/\/iwell-guard.com\/da\/?page_id=138058\">litteraturlisten<\/a>.<\/span><\/p>\t\t\t\t\t\t\t\t<\/div>\n\t\t\t\t<\/div>\n\t\t\t\t\t<\/div>\n\t\t\t\t<\/div>\n\t\t\t\t<\/div>\n\t\t","protected":false},"excerpt":{"rendered":"","protected":false},"author":3,"featured_media":1616,"parent":0,"menu_order":0,"comment_status":"closed","ping_status":"closed","template":"elementor_header_footer","meta":{"_yoast_wpseo_focuskw":"Lugh","_yoast_wpseo_title":"Lugh \u2013 keltisk gud for lys og kunst","_yoast_wpseo_metadesc":"Lugh, keltisk mester i alle kunster: sejr over Balor, festen Lughnasadh og hans spor fra Tara til Lyon. Oprindelse og betydning forklaret.","_yoast_wpseo_meta-robots-noindex":"","_yoast_wpseo_canonical":"","_angie_page":false,"gefaehrdungsstufe":"2","wesen_kultur":"keltisch","wesen_klasse":"goetter","footnotes":""},"categories":[],"class_list":["post-138159","page","type-page","status-publish","has-post-thumbnail","hentry"],"yoast_head":"<!-- This site is optimized with the Yoast SEO Premium plugin v27.7 (Yoast SEO v28.3) - https:\/\/yoast.com\/product\/yoast-seo-premium-wordpress\/ -->\n<title>Lugh \u2013 keltisk gud for lys og kunst<\/title>\n<meta name=\"description\" content=\"Lugh, keltisk mester i alle kunster: sejr over Balor, festen Lughnasadh og hans spor fra Tara til Lyon. Oprindelse og betydning forklaret.\" \/>\n<meta name=\"robots\" content=\"index, follow, max-snippet:-1, max-image-preview:large, max-video-preview:-1\" \/>\n<link rel=\"canonical\" href=\"https:\/\/iwell-guard.com\/da\/lugh\/\" \/>\n<meta property=\"og:locale\" content=\"da_DK\" \/>\n<meta property=\"og:type\" content=\"article\" \/>\n<meta property=\"og:title\" content=\"Lugh\" \/>\n<meta property=\"og:description\" content=\"Lugh, keltisk mester i alle kunster: sejr over Balor, festen Lughnasadh og hans spor fra Tara til Lyon. Oprindelse og betydning forklaret.\" \/>\n<meta property=\"og:url\" content=\"https:\/\/iwell-guard.com\/da\/lugh\/\" \/>\n<meta property=\"og:site_name\" content=\"iWell Guard\" \/>\n<meta property=\"article:modified_time\" content=\"2026-09-03T07:52:16+00:00\" \/>\n<meta property=\"og:image\" content=\"https:\/\/iwell-guard.com\/wp-content\/uploads\/2026\/04\/goetter_keltisch_lugh.webp\" \/>\n\t<meta property=\"og:image:width\" content=\"1024\" \/>\n\t<meta property=\"og:image:height\" content=\"1536\" \/>\n\t<meta property=\"og:image:type\" content=\"image\/webp\" \/>\n<meta name=\"twitter:card\" content=\"summary_large_image\" \/>\n<script type=\"application\/ld+json\" class=\"yoast-schema-graph\">{\"@context\":\"https:\\\/\\\/schema.org\",\"@graph\":[{\"@type\":\"WebPage\",\"@id\":\"https:\\\/\\\/iwell-guard.com\\\/da\\\/lugh\\\/\",\"url\":\"https:\\\/\\\/iwell-guard.com\\\/da\\\/lugh\\\/\",\"name\":\"Lugh \u2013 keltisk gud for lys og kunst\",\"isPartOf\":{\"@id\":\"https:\\\/\\\/iwell-guard.com\\\/da\\\/#website\"},\"primaryImageOfPage\":{\"@id\":\"https:\\\/\\\/iwell-guard.com\\\/da\\\/lugh\\\/#primaryimage\"},\"image\":{\"@id\":\"https:\\\/\\\/iwell-guard.com\\\/da\\\/lugh\\\/#primaryimage\"},\"thumbnailUrl\":\"https:\\\/\\\/iwell-guard.com\\\/wp-content\\\/uploads\\\/2026\\\/04\\\/goetter_keltisch_lugh.webp\",\"datePublished\":\"2026-09-03T07:06:21+00:00\",\"dateModified\":\"2026-09-03T07:52:16+00:00\",\"description\":\"Lugh, keltisk mester i alle kunster: sejr over Balor, festen Lughnasadh og hans spor fra Tara til Lyon. Oprindelse og betydning forklaret.\",\"breadcrumb\":{\"@id\":\"https:\\\/\\\/iwell-guard.com\\\/da\\\/lugh\\\/#breadcrumb\"},\"inLanguage\":\"da-DK\",\"potentialAction\":[{\"@type\":\"ReadAction\",\"target\":[\"https:\\\/\\\/iwell-guard.com\\\/da\\\/lugh\\\/\"]}]},{\"@type\":\"ImageObject\",\"inLanguage\":\"da-DK\",\"@id\":\"https:\\\/\\\/iwell-guard.com\\\/da\\\/lugh\\\/#primaryimage\",\"url\":\"https:\\\/\\\/iwell-guard.com\\\/wp-content\\\/uploads\\\/2026\\\/04\\\/goetter_keltisch_lugh.webp\",\"contentUrl\":\"https:\\\/\\\/iwell-guard.com\\\/wp-content\\\/uploads\\\/2026\\\/04\\\/goetter_keltisch_lugh.webp\",\"width\":1024,\"height\":1536,\"caption\":\"Guder fra den keltiske tradition.\"},{\"@type\":\"BreadcrumbList\",\"@id\":\"https:\\\/\\\/iwell-guard.com\\\/da\\\/lugh\\\/#breadcrumb\",\"itemListElement\":[{\"@type\":\"ListItem\",\"position\":1,\"name\":\"Start\",\"item\":\"https:\\\/\\\/iwell-guard.com\\\/da\\\/?page_id=137908\"},{\"@type\":\"ListItem\",\"position\":2,\"name\":\"Lugh\"}]},{\"@type\":\"WebSite\",\"@id\":\"https:\\\/\\\/iwell-guard.com\\\/da\\\/#website\",\"url\":\"https:\\\/\\\/iwell-guard.com\\\/da\\\/\",\"name\":\"iWell Guard\",\"description\":\"Schutz vor dunklen Einfl\u00fcssen\",\"publisher\":{\"@id\":\"https:\\\/\\\/iwell-guard.com\\\/da\\\/#organization\"},\"potentialAction\":[{\"@type\":\"SearchAction\",\"target\":{\"@type\":\"EntryPoint\",\"urlTemplate\":\"https:\\\/\\\/iwell-guard.com\\\/da\\\/?s={search_term_string}\"},\"query-input\":{\"@type\":\"PropertyValueSpecification\",\"valueRequired\":true,\"valueName\":\"search_term_string\"}}],\"inLanguage\":\"da-DK\"},{\"@type\":\"Organization\",\"@id\":\"https:\\\/\\\/iwell-guard.com\\\/da\\\/#organization\",\"name\":\"Ittermann electronic GmbH\",\"url\":\"https:\\\/\\\/iwell-guard.com\\\/da\\\/\",\"logo\":{\"@type\":\"ImageObject\",\"inLanguage\":\"da-DK\",\"@id\":\"https:\\\/\\\/iwell-guard.com\\\/da\\\/#\\\/schema\\\/logo\\\/image\\\/\",\"url\":\"https:\\\/\\\/iwell-guard.com\\\/wp-content\\\/uploads\\\/2026\\\/05\\\/Ittermann-Logo-1182x237-1.png\",\"contentUrl\":\"https:\\\/\\\/iwell-guard.com\\\/wp-content\\\/uploads\\\/2026\\\/05\\\/Ittermann-Logo-1182x237-1.png\",\"width\":1182,\"height\":237,\"caption\":\"Ittermann electronic GmbH\"},\"image\":{\"@id\":\"https:\\\/\\\/iwell-guard.com\\\/da\\\/#\\\/schema\\\/logo\\\/image\\\/\"},\"sameAs\":[\"https:\\\/\\\/pantip.com\\\/profile\\\/9367242\",\"https:\\\/\\\/micro.blog\\\/iwellguard\",\"https:\\\/\\\/www.diggerslist.com\\\/iwellguard\\\/about\",\"https:\\\/\\\/skitterphoto.com\\\/photographers\\\/2870314\\\/iwell-guard\",\"https:\\\/\\\/iwellguard.wordpress.com\\\/2026\\\/06\\\/06\\\/iwell-guard\\\/\",\"https:\\\/\\\/hub.docker.com\\\/u\\\/iwellguard\",\"https:\\\/\\\/www.pinterest.com\\\/iwellguard\\\/\",\"https:\\\/\\\/bit.ly\\\/m\\\/iwellguard\",\"https:\\\/\\\/entre-vos-mains.alsace.eu\\\/profiles\\\/iwellguard\\\/activity\",\"https:\\\/\\\/gravatar.com\\\/reallybeded8fd34\",\"https:\\\/\\\/naijamatta.com\\\/iwellguard\",\"https:\\\/\\\/www.goodreads.com\\\/iwellguard\",\"https:\\\/\\\/profile.hatena.ne.jp\\\/iwellguard\\\/\",\"https:\\\/\\\/experiment.com\\\/users\\\/iwellguard\",\"https:\\\/\\\/wakelet.com\\\/@iWellGuard82270\",\"https:\\\/\\\/www.chordie.com\\\/forum\\\/profile.php?id=2555664\",\"https:\\\/\\\/www.instapaper.com\\\/p\\\/17757966\",\"https:\\\/\\\/www.mapleprimes.com\\\/users\\\/iwellguard\",\"https:\\\/\\\/businesslistingplus.com\\\/profile\\\/iwell-guard\\\/\",\"https:\\\/\\\/telegra.ph\\\/iWell-Guard-06-06\",\"https:\\\/\\\/pbase.com\\\/iwellguard\\\/iwellguard\",\"https:\\\/\\\/b.hatena.ne.jp\\\/iwellguard\\\/20260607#bookmark-4788405196491818882\",\"https:\\\/\\\/fliphtml5.com\\\/home\\\/iwellguard\",\"https:\\\/\\\/anyflip.com\\\/homepage\\\/cmiwl#About\",\"https:\\\/\\\/transfur.com\\\/Users\\\/iwellguard\",\"http:\\\/\\\/delphi.larsbo.org\\\/user\\\/iwellguard\",\"https:\\\/\\\/jobs.lajobsportal.org\\\/profiles\\\/8380803-iwell-guard\",\"https:\\\/\\\/md.chaosdorf.de\\\/s\\\/jfbe5SBdJD\",\"https:\\\/\\\/www.lingvolive.com\\\/en-us\\\/profile\\\/9ecaeaca-ce11-4e51-9e71-01d55e2bff36\\\/translations\",\"https:\\\/\\\/www.fitday.com\\\/fitness\\\/forums\\\/members\\\/iwellguard.html\",\"https:\\\/\\\/www.mymeetbook.com\\\/iwellguard\",\"https:\\\/\\\/pxhere.com\\\/en\\\/photographer-me\\\/5040798\",\"https:\\\/\\\/disqus.com\\\/by\\\/iwellguard\\\/about\\\/\",\"https:\\\/\\\/pastelink.net\\\/hjwciqwq\",\"https:\\\/\\\/pubhtml5.com\\\/homepage\\\/scjhn\\\/\",\"https:\\\/\\\/www.bitchute.com\\\/channel\\\/2O2eOKzNqujT\",\"https:\\\/\\\/audiomack.com\\\/iwellguard\"]},{\"@type\":\"Article\",\"@id\":\"https:\\\/\\\/iwell-guard.com\\\/da\\\/lugh\\\/#article\",\"isPartOf\":{\"@id\":\"https:\\\/\\\/iwell-guard.com\\\/da\\\/lugh\\\/\"},\"author\":{\"name\":\"Ralf Ittermann\",\"@id\":\"https:\\\/\\\/iwell-guard.com\\\/da\\\/#\\\/schema\\\/person\\\/ee2a27f1cac3406c7c6fb5820cb7349f\"},\"headline\":\"Lugh\",\"datePublished\":\"2026-09-03T07:06:21+00:00\",\"dateModified\":\"2026-09-03T07:52:16+00:00\",\"mainEntityOfPage\":{\"@id\":\"https:\\\/\\\/iwell-guard.com\\\/da\\\/lugh\\\/\"},\"publisher\":{\"@id\":\"https:\\\/\\\/iwell-guard.com\\\/da\\\/#organization\"},\"image\":{\"@id\":\"https:\\\/\\\/iwell-guard.com\\\/da\\\/lugh\\\/#primaryimage\"},\"thumbnailUrl\":\"https:\\\/\\\/iwell-guard.com\\\/wp-content\\\/uploads\\\/2026\\\/04\\\/goetter_keltisch_lugh.webp\",\"inLanguage\":\"da-DK\",\"description\":\"Lugh, keltisk mester i alle kunster: sejr over Balor, festen Lughnasadh og hans spor fra Tara til Lyon. Oprindelse og betydning forklaret.\"}]}<\/script>\n<!-- \/ Yoast SEO Premium plugin. -->","yoast_head_json":{"title":"Lugh \u2013 keltisk gud for lys og kunst","description":"Lugh, keltisk mester i alle kunster: sejr over Balor, festen Lughnasadh og hans spor fra Tara til Lyon. Oprindelse og betydning forklaret.","robots":{"index":"index","follow":"follow","max-snippet":"max-snippet:-1","max-image-preview":"max-image-preview:large","max-video-preview":"max-video-preview:-1"},"canonical":"https:\/\/iwell-guard.com\/da\/lugh\/","og_locale":"da_DK","og_type":"article","og_title":"Lugh","og_description":"Lugh, keltisk mester i alle kunster: sejr over Balor, festen Lughnasadh og hans spor fra Tara til Lyon. Oprindelse og betydning forklaret.","og_url":"https:\/\/iwell-guard.com\/da\/lugh\/","og_site_name":"iWell Guard","article_modified_time":"2026-09-03T07:52:16+00:00","og_image":[{"width":1024,"height":1536,"url":"https:\/\/iwell-guard.com\/wp-content\/uploads\/2026\/04\/goetter_keltisch_lugh.webp","type":"image\/webp"}],"twitter_card":"summary_large_image","schema":{"@context":"https:\/\/schema.org","@graph":[{"@type":"Article","@id":"https:\/\/iwell-guard.com\/da\/lugh\/#article","isPartOf":{"@id":"https:\/\/iwell-guard.com\/da\/lugh\/"},"author":{"name":"Ralf Ittermann","@id":"https:\/\/iwell-guard.com\/da\/#\/schema\/person\/ee2a27f1cac3406c7c6fb5820cb7349f"},"headline":"Lugh","datePublished":"2026-09-03T07:06:21+00:00","dateModified":"2026-09-03T07:52:16+00:00","mainEntityOfPage":{"@id":"https:\/\/iwell-guard.com\/da\/lugh\/"},"publisher":{"@id":"https:\/\/iwell-guard.com\/da\/#organization"},"image":{"@id":"https:\/\/iwell-guard.com\/da\/lugh\/#primaryimage"},"thumbnailUrl":"https:\/\/iwell-guard.com\/wp-content\/uploads\/2026\/04\/goetter_keltisch_lugh.webp","inLanguage":"da-DK","description":"Lugh, keltisk mester i alle kunster: sejr over Balor, festen Lughnasadh og hans spor fra Tara til Lyon. Oprindelse og betydning forklaret."},{"@type":"WebPage","@id":"https:\/\/iwell-guard.com\/da\/lugh\/","url":"https:\/\/iwell-guard.com\/da\/lugh\/","name":"Lugh \u2013 keltisk gud for lys og kunst","isPartOf":{"@id":"https:\/\/iwell-guard.com\/da\/#website"},"primaryImageOfPage":{"@id":"https:\/\/iwell-guard.com\/da\/lugh\/#primaryimage"},"image":{"@id":"https:\/\/iwell-guard.com\/da\/lugh\/#primaryimage"},"thumbnailUrl":"https:\/\/iwell-guard.com\/wp-content\/uploads\/2026\/04\/goetter_keltisch_lugh.webp","datePublished":"2026-09-03T07:06:21+00:00","dateModified":"2026-09-03T07:52:16+00:00","description":"Lugh, keltisk mester i alle kunster: sejr over Balor, festen Lughnasadh og hans spor fra Tara til Lyon. Oprindelse og betydning forklaret.","breadcrumb":{"@id":"https:\/\/iwell-guard.com\/da\/lugh\/#breadcrumb"},"inLanguage":"da-DK","potentialAction":[{"@type":"ReadAction","target":["https:\/\/iwell-guard.com\/da\/lugh\/"]}]},{"@type":"ImageObject","inLanguage":"da-DK","@id":"https:\/\/iwell-guard.com\/da\/lugh\/#primaryimage","url":"https:\/\/iwell-guard.com\/wp-content\/uploads\/2026\/04\/goetter_keltisch_lugh.webp","contentUrl":"https:\/\/iwell-guard.com\/wp-content\/uploads\/2026\/04\/goetter_keltisch_lugh.webp","width":1024,"height":1536,"caption":"Guder fra den keltiske tradition."},{"@type":"BreadcrumbList","@id":"https:\/\/iwell-guard.com\/da\/lugh\/#breadcrumb","itemListElement":[{"@type":"ListItem","position":1,"name":"Start","item":"https:\/\/iwell-guard.com\/da\/?page_id=137908"},{"@type":"ListItem","position":2,"name":"Lugh"}]},{"@type":"WebSite","@id":"https:\/\/iwell-guard.com\/da\/#website","url":"https:\/\/iwell-guard.com\/da\/","name":"iWell Guard","description":"Schutz vor dunklen Einfl\u00fcssen","publisher":{"@id":"https:\/\/iwell-guard.com\/da\/#organization"},"potentialAction":[{"@type":"SearchAction","target":{"@type":"EntryPoint","urlTemplate":"https:\/\/iwell-guard.com\/da\/?s={search_term_string}"},"query-input":{"@type":"PropertyValueSpecification","valueRequired":true,"valueName":"search_term_string"}}],"inLanguage":"da-DK"},{"@type":"Organization","@id":"https:\/\/iwell-guard.com\/da\/#organization","name":"Ittermann electronic GmbH","url":"https:\/\/iwell-guard.com\/da\/","logo":{"@type":"ImageObject","inLanguage":"da-DK","@id":"https:\/\/iwell-guard.com\/da\/#\/schema\/logo\/image\/","url":"https:\/\/iwell-guard.com\/wp-content\/uploads\/2026\/05\/Ittermann-Logo-1182x237-1.png","contentUrl":"https:\/\/iwell-guard.com\/wp-content\/uploads\/2026\/05\/Ittermann-Logo-1182x237-1.png","width":1182,"height":237,"caption":"Ittermann electronic GmbH"},"image":{"@id":"https:\/\/iwell-guard.com\/da\/#\/schema\/logo\/image\/"},"sameAs":["https:\/\/pantip.com\/profile\/9367242","https:\/\/micro.blog\/iwellguard","https:\/\/www.diggerslist.com\/iwellguard\/about","https:\/\/skitterphoto.com\/photographers\/2870314\/iwell-guard","https:\/\/iwellguard.wordpress.com\/2026\/06\/06\/iwell-guard\/","https:\/\/hub.docker.com\/u\/iwellguard","https:\/\/www.pinterest.com\/iwellguard\/","https:\/\/bit.ly\/m\/iwellguard","https:\/\/entre-vos-mains.alsace.eu\/profiles\/iwellguard\/activity","https:\/\/gravatar.com\/reallybeded8fd34","https:\/\/naijamatta.com\/iwellguard","https:\/\/www.goodreads.com\/iwellguard","https:\/\/profile.hatena.ne.jp\/iwellguard\/","https:\/\/experiment.com\/users\/iwellguard","https:\/\/wakelet.com\/@iWellGuard82270","https:\/\/www.chordie.com\/forum\/profile.php?id=2555664","https:\/\/www.instapaper.com\/p\/17757966","https:\/\/www.mapleprimes.com\/users\/iwellguard","https:\/\/businesslistingplus.com\/profile\/iwell-guard\/","https:\/\/telegra.ph\/iWell-Guard-06-06","https:\/\/pbase.com\/iwellguard\/iwellguard","https:\/\/b.hatena.ne.jp\/iwellguard\/20260607#bookmark-4788405196491818882","https:\/\/fliphtml5.com\/home\/iwellguard","https:\/\/anyflip.com\/homepage\/cmiwl#About","https:\/\/transfur.com\/Users\/iwellguard","http:\/\/delphi.larsbo.org\/user\/iwellguard","https:\/\/jobs.lajobsportal.org\/profiles\/8380803-iwell-guard","https:\/\/md.chaosdorf.de\/s\/jfbe5SBdJD","https:\/\/www.lingvolive.com\/en-us\/profile\/9ecaeaca-ce11-4e51-9e71-01d55e2bff36\/translations","https:\/\/www.fitday.com\/fitness\/forums\/members\/iwellguard.html","https:\/\/www.mymeetbook.com\/iwellguard","https:\/\/pxhere.com\/en\/photographer-me\/5040798","https:\/\/disqus.com\/by\/iwellguard\/about\/","https:\/\/pastelink.net\/hjwciqwq","https:\/\/pubhtml5.com\/homepage\/scjhn\/","https:\/\/www.bitchute.com\/channel\/2O2eOKzNqujT","https:\/\/audiomack.com\/iwellguard"]},{"@type":"Person","@id":"https:\/\/iwell-guard.com\/da\/#\/schema\/person\/ee2a27f1cac3406c7c6fb5820cb7349f","name":"Ralf Ittermann","image":{"@type":"ImageObject","inLanguage":"da-DK","@id":"https:\/\/secure.gravatar.com\/avatar\/073c0153e350a5005b68eb752b445fea71f6b24a26da9449ad7e155e6b446c9d?s=96&d=mm&r=g","url":"https:\/\/secure.gravatar.com\/avatar\/073c0153e350a5005b68eb752b445fea71f6b24a26da9449ad7e155e6b446c9d?s=96&d=mm&r=g","contentUrl":"https:\/\/secure.gravatar.com\/avatar\/073c0153e350a5005b68eb752b445fea71f6b24a26da9449ad7e155e6b446c9d?s=96&d=mm&r=g","caption":"Ralf Ittermann"},"givenName":"Ralf","familyName":"Ittermann","jobTitle":"Gesch\u00e4ftsf\u00fchrer und redaktioneller Verantwortlicher","url":"https:\/\/iwell-guard.com\/da\/author\/claude\/","description":"Ralf Ittermann ist Gesch\u00e4ftsf\u00fchrer der Ittermann electronic GmbH und redaktioneller Verantwortlicher des iWell-Guard-Lexikons. Er verbindet langj\u00e4hrige Erfahrung in der Pr\u00e4zisionsfertigung mit medialer Praxis und religionsgeschichtlicher Quellenarbeit.","worksFor":{"@type":"Organization","name":"Ittermann electronic GmbH","url":"https:\/\/ittermann.de\/","address":{"@type":"PostalAddress","streetAddress":"K\u00f6hlergasse 16-18","postalCode":"99842","addressLocality":"Ruhla","addressCountry":"DE"}},"knowsAbout":["Religionsgeschichte","Mythologie","Mediale Praxis","Energetische Diagnostik","Schutzpraxis","Volksglauben","Westliche Esoterik"]},{"@type":"Article","@id":"https:\/\/iwell-guard.com\/da\/lugh\/#article","isPartOf":{"@id":"https:\/\/iwell-guard.com\/da\/lugh\/"},"author":{"name":"Ralf Ittermann","@id":"https:\/\/iwell-guard.com\/da\/#\/schema\/person\/ee2a27f1cac3406c7c6fb5820cb7349f"},"headline":"Lugh","datePublished":"2026-09-03T07:06:21+00:00","dateModified":"2026-09-03T07:52:16+00:00","mainEntityOfPage":{"@id":"https:\/\/iwell-guard.com\/da\/lugh\/"},"publisher":{"@id":"https:\/\/iwell-guard.com\/da\/#organization"},"image":{"@id":"https:\/\/iwell-guard.com\/da\/lugh\/#primaryimage"},"thumbnailUrl":"https:\/\/iwell-guard.com\/wp-content\/uploads\/2026\/04\/goetter_keltisch_lugh.webp","inLanguage":"da-DK","description":"Lugh, keltisk mester i alle kunster: sejr over Balor, festen Lughnasadh og hans spor fra Tara til Lyon. Oprindelse og betydning forklaret."}]}},"_links":{"self":[{"href":"https:\/\/iwell-guard.com\/da\/wp-json\/wp\/v2\/pages\/138159","targetHints":{"allow":["GET"]}}],"collection":[{"href":"https:\/\/iwell-guard.com\/da\/wp-json\/wp\/v2\/pages"}],"about":[{"href":"https:\/\/iwell-guard.com\/da\/wp-json\/wp\/v2\/types\/page"}],"author":[{"embeddable":true,"href":"https:\/\/iwell-guard.com\/da\/wp-json\/wp\/v2\/users\/3"}],"replies":[{"embeddable":true,"href":"https:\/\/iwell-guard.com\/da\/wp-json\/wp\/v2\/comments?post=138159"}],"version-history":[{"count":0,"href":"https:\/\/iwell-guard.com\/da\/wp-json\/wp\/v2\/pages\/138159\/revisions"}],"wp:featuredmedia":[{"embeddable":true,"href":"https:\/\/iwell-guard.com\/da\/wp-json\/wp\/v2\/media\/1616"}],"wp:attachment":[{"href":"https:\/\/iwell-guard.com\/da\/wp-json\/wp\/v2\/media?parent=138159"}],"wp:term":[{"taxonomy":"category","embeddable":true,"href":"https:\/\/iwell-guard.com\/da\/wp-json\/wp\/v2\/categories?post=138159"}],"curies":[{"name":"wp","href":"https:\/\/api.w.org\/{rel}","templated":true}]}}