{"id":138142,"date":"2026-09-03T07:06:05","date_gmt":"2026-09-03T07:06:05","guid":{"rendered":"https:\/\/iwell-guard.com\/?page_id=138142"},"modified":"2026-09-03T07:51:42","modified_gmt":"2026-09-03T07:51:42","slug":"freja","status":"publish","type":"page","link":"https:\/\/iwell-guard.com\/da\/freja\/","title":{"rendered":"Freja"},"content":{"rendered":"\t\t<div data-elementor-type=\"wp-page\" data-elementor-id=\"138142\" class=\"elementor elementor-138142 elementor-2094 elementor-bc-flex-widget\" data-elementor-post-type=\"page\">\n\t\t\t\t<div class=\"elementor-element elementor-element-10fdade e-flex e-con-boxed e-con e-parent\" data-id=\"10fdade\" data-element_type=\"container\" data-e-type=\"container\" data-settings=\"{&quot;background_background&quot;:&quot;classic&quot;}\">\n\t\t\t\t\t<div class=\"e-con-inner\">\n\t\t<div class=\"elementor-element elementor-element-herohlft0 e-flex e-con-boxed e-con e-child\" data-id=\"herohlft0\" data-element_type=\"container\" data-e-type=\"container\">\n\t\t\t\t\t<div class=\"e-con-inner\">\n\t\t<div class=\"elementor-element elementor-element-c3ceb64 e-con-full e-flex e-con e-child\" data-id=\"c3ceb64\" data-element_type=\"container\" data-e-type=\"container\">\n\t\t\t\t<div class=\"elementor-element elementor-element-96ae5e1 elementor-widget elementor-widget-heading\" data-id=\"96ae5e1\" data-element_type=\"widget\" data-e-type=\"widget\" data-widget_type=\"heading.default\">\n\t\t\t\t\t<h1 class=\"elementor-heading-title elementor-size-default\">Freja, gudinde i den germanske tradition<\/h1>\t\t\t\t<\/div>\n\t\t\t\t<div class=\"elementor-element elementor-element-e45238a elementor-widget elementor-widget-text-editor\" data-id=\"e45238a\" data-element_type=\"widget\" data-e-type=\"widget\" data-widget_type=\"text-editor.default\">\n\t\t\t\t\t\t\t\t\t<p>Freja er en af de centrale gudinder i den germanske <span class=\"iwg-fachbegriff\" data-tooltip=\"Den samlede overlevering af en kulturs gudefort\u00e6llinger.\" tabindex=\"0\">mytologi<\/span>, som hersker over k\u00e6rlighed, fertilitet, krig og velstand. Hun tilh\u00f8rer vanernes sl\u00e6gt og repr\u00e6senterer sensualitet, kvindelig kraft og magisk viden i nordiske kilder som Prosa-Eddaen.<\/p>\t\t\t\t\t\t\t\t<\/div>\n\t\t\t\t<\/div>\n\t\t<div class=\"elementor-element elementor-element-klsbdg01 e-con-full e-flex e-con e-parent\" data-id=\"klsbdg01\" data-element_type=\"container\" data-e-type=\"container\">\n\t\t\t\t<div class=\"elementor-element elementor-element-klshtm01 elementor-widget elementor-widget-html\" data-id=\"klshtm01\" data-element_type=\"widget\" data-e-type=\"widget\" data-widget_type=\"html.default\">\n\t\t\t\t\t<div class=\"iwg-pill-row\"><span class=\"iwg-klasse-badge\" tabindex=\"0\" data-tooltip=\"Gud\/gudinde: Personificeret h\u00f8jeste magt i en kulturs pantheon, med klare ansvarsomr\u00e5der som naturkr\u00e6fter, sk\u00e6bne, krig og fertilitet. Tilbedt gennem kulter, offer og tempelinstitutioner.\">Gudinde<\/span><a href=\"https:\/\/iwell-guard.com\/da\/?page_id=137942\" class=\"iwg-kultur-badge\" tabindex=\"0\" data-tooltip=\"F\u00f8rkristen gude- og andeverden i Nord- og Mellemeuropa.\">Germansk<\/a><\/div>\t\t\t\t<\/div>\n\t\t\t\t<\/div>\n\t\t<div class=\"elementor-element elementor-element-3f74855 e-con-full e-flex e-con e-child\" data-id=\"3f74855\" data-element_type=\"container\" data-e-type=\"container\">\n\t\t\t\t<div class=\"elementor-element elementor-element-1c30362 elementor-toc--minimized-on-tablet elementor-widget elementor-widget-table-of-contents\" data-id=\"1c30362\" data-element_type=\"widget\" data-e-type=\"widget\" data-settings=\"{&quot;exclude_headings_by_selector&quot;:[],&quot;no_headings_message&quot;:&quot;Der blev ikke fundet nogen overskrifter p\\u00e5 denne side.&quot;,&quot;headings_by_tags&quot;:[&quot;h2&quot;,&quot;h3&quot;],&quot;marker_view&quot;:&quot;bullets&quot;,&quot;minimize_box&quot;:&quot;yes&quot;,&quot;icon&quot;:{&quot;value&quot;:&quot;fas fa-circle&quot;,&quot;library&quot;:&quot;fa-solid&quot;,&quot;rendered_tag&quot;:&quot;&lt;svg class=\\&quot;e-font-icon-svg e-fas-circle\\&quot; viewBox=\\&quot;0 0 512 512\\&quot; xmlns=\\&quot;http:\\\/\\\/www.w3.org\\\/2000\\\/svg\\&quot;&gt;&lt;path d=\\&quot;M256 8C119 8 8 119 8 256s111 248 248 248 248-111 248-248S393 8 256 8z\\&quot;&gt;&lt;\\\/path&gt;&lt;\\\/svg&gt;&quot;},&quot;minimized_on&quot;:&quot;tablet&quot;,&quot;hierarchical_view&quot;:&quot;yes&quot;,&quot;min_height&quot;:{&quot;unit&quot;:&quot;px&quot;,&quot;size&quot;:&quot;&quot;,&quot;sizes&quot;:[]},&quot;min_height_tablet&quot;:{&quot;unit&quot;:&quot;px&quot;,&quot;size&quot;:&quot;&quot;,&quot;sizes&quot;:[]},&quot;min_height_mobile&quot;:{&quot;unit&quot;:&quot;px&quot;,&quot;size&quot;:&quot;&quot;,&quot;sizes&quot;:[]}}\" data-widget_type=\"table-of-contents.default\">\n\t\t\t\t\t\t\t\t\t<div class=\"elementor-toc__header\">\n\t\t\t\t\t\t<h2 class=\"elementor-toc__header-title\">\n\t\t\t\tIndholdsfortegnelse\t\t\t<\/h2>\n\t\t\t\t\t\t\t\t\t\t<div class=\"elementor-toc__toggle-button elementor-toc__toggle-button--expand\" role=\"button\" tabindex=\"0\" aria-controls=\"elementor-toc__1c30362\" aria-expanded=\"true\" aria-label=\"Open table of contents\"><svg aria-hidden=\"true\" class=\"e-font-icon-svg e-fas-chevron-down\" viewBox=\"0 0 448 512\" xmlns=\"http:\/\/www.w3.org\/2000\/svg\"><path d=\"M207.029 381.476L12.686 187.132c-9.373-9.373-9.373-24.569 0-33.941l22.667-22.667c9.357-9.357 24.522-9.375 33.901-.04L224 284.505l154.745-154.021c9.379-9.335 24.544-9.317 33.901.04l22.667 22.667c9.373 9.373 9.373 24.569 0 33.941L240.971 381.476c-9.373 9.372-24.569 9.372-33.942 0z\"><\/path><\/svg><\/div>\n\t\t\t\t<div class=\"elementor-toc__toggle-button elementor-toc__toggle-button--collapse\" role=\"button\" tabindex=\"0\" aria-controls=\"elementor-toc__1c30362\" aria-expanded=\"true\" aria-label=\"Close table of contents\"><svg aria-hidden=\"true\" class=\"e-font-icon-svg e-fas-chevron-up\" viewBox=\"0 0 448 512\" xmlns=\"http:\/\/www.w3.org\/2000\/svg\"><path d=\"M240.971 130.524l194.343 194.343c9.373 9.373 9.373 24.569 0 33.941l-22.667 22.667c-9.357 9.357-24.522 9.375-33.901.04L224 227.495 69.255 381.516c-9.379 9.335-24.544 9.317-33.901-.04l-22.667-22.667c-9.373-9.373-9.373-24.569 0-33.941L207.03 130.525c9.372-9.373 24.568-9.373 33.941-.001z\"><\/path><\/svg><\/div>\n\t\t\t\t\t<\/div>\n\t\t\t\t<div id=\"elementor-toc__1c30362\" class=\"elementor-toc__body\">\n\t\t\t<div class=\"elementor-toc__spinner-container\">\n\t\t\t\t<svg class=\"elementor-toc__spinner eicon-animation-spin e-font-icon-svg e-eicon-loading\" aria-hidden=\"true\" viewBox=\"0 0 1000 1000\" xmlns=\"http:\/\/www.w3.org\/2000\/svg\"><path d=\"M500 975V858C696 858 858 696 858 500S696 142 500 142 142 304 142 500H25C25 237 238 25 500 25S975 237 975 500 763 975 500 975Z\"><\/path><\/svg>\t\t\t<\/div>\n\t\t<\/div>\n\t\t\t\t\t\t<\/div>\n\t\t\t\t<\/div>\n\t\t\t\t\t<\/div>\n\t\t\t\t<\/div>\n\t\t<div class=\"elementor-element elementor-element-herorght0 e-con-full e-flex e-con e-child\" data-id=\"herorght0\" data-element_type=\"container\" data-e-type=\"container\">\n\t\t\t\t<div class=\"elementor-element elementor-element-heroimg00 iwg-hero-image elementor-widget elementor-widget-image\" data-id=\"heroimg00\" data-element_type=\"widget\" data-e-type=\"widget\" data-widget_type=\"image.default\">\n\t\t\t\t\t\t\t\t\t\t\t\t\t\t\t<img fetchpriority=\"high\" decoding=\"async\" width=\"683\" height=\"1024\" src=\"https:\/\/iwell-guard.com\/wp-content\/uploads\/2026\/04\/goetter_germanisch_freyja-683x1024.webp\" class=\"attachment-large size-large wp-image-140456\" alt=\"Freja - guder fra den germanske tradition, historisk-illustrativ\" srcset=\"https:\/\/iwell-guard.com\/wp-content\/uploads\/2026\/04\/goetter_germanisch_freyja-683x1024.webp 683w, https:\/\/iwell-guard.com\/wp-content\/uploads\/2026\/04\/goetter_germanisch_freyja-200x300.webp 200w, https:\/\/iwell-guard.com\/wp-content\/uploads\/2026\/04\/goetter_germanisch_freyja-768x1152.webp 768w, https:\/\/iwell-guard.com\/wp-content\/uploads\/2026\/04\/goetter_germanisch_freyja.webp 1024w\" sizes=\"(max-width: 683px) 100vw, 683px\" \/>\t\t\t\t\t\t\t\t\t\t\t\t\t\t\t<\/div>\n\t\t\t\t<\/div>\n\t\t\t\t\t<\/div>\n\t\t\t\t<\/div>\n\t\t<div class=\"elementor-element elementor-element-32917199 e-flex e-con-boxed e-con e-parent\" data-id=\"32917199\" data-element_type=\"container\" data-e-type=\"container\">\n\t\t\t\t\t<div class=\"e-con-inner\">\n\t\t<div class=\"elementor-element elementor-element-26e916cb e-flex e-con-boxed e-con e-child\" data-id=\"26e916cb\" data-element_type=\"container\" data-e-type=\"container\">\n\t\t\t\t\t<div class=\"e-con-inner\">\n\t\t<div class=\"elementor-element elementor-element-253a40d4 e-flex e-con-boxed e-con e-child\" data-id=\"253a40d4\" data-element_type=\"container\" data-e-type=\"container\">\n\t\t\t\t\t<div class=\"e-con-inner\">\n\t\t\t\t<div class=\"elementor-element elementor-element-1200c304 elementor-widget elementor-widget-heading\" data-id=\"1200c304\" data-element_type=\"widget\" data-e-type=\"widget\" data-widget_type=\"heading.default\">\n\t\t\t\t\t<div class=\"elementor-heading-title elementor-size-default\">Freja<\/div>\t\t\t\t<\/div>\n\t\t\t\t<div class=\"elementor-element elementor-element-11758e7f elementor-widget elementor-widget-text-editor\" data-id=\"11758e7f\" data-element_type=\"widget\" data-e-type=\"widget\" data-widget_type=\"text-editor.default\">\n\t\t\t\t\t\t\t\t\t<p>Freja fremstilles med guld, katte, falke og halssmykket Brisingamen. Hun udv\u00e6lger halvdelen af de faldne i kamp (sammen med Odin) og f\u00f8rer dem til sin sal Folkvangr. Hun blev tilbedt i fertilitetskulter, ved \u00e6gteskabsl\u00f8fter og i kvindelige h\u00e5ndv\u00e6rkspraksisser.<\/p>\t\t\t\t\t\t\t\t<\/div>\n\t\t\t\t\t<\/div>\n\t\t\t\t<\/div>\n\t\t<div class=\"elementor-element elementor-element-159dcf9a e-flex e-con-boxed e-con e-child\" data-id=\"159dcf9a\" data-element_type=\"container\" data-e-type=\"container\">\n\t\t\t\t\t<div class=\"e-con-inner\">\n\t\t\t\t<div class=\"elementor-element elementor-element-48cee66f elementor-widget elementor-widget-heading\" data-id=\"48cee66f\" data-element_type=\"widget\" data-e-type=\"widget\" data-widget_type=\"heading.default\">\n\t\t\t\t\t<h3 class=\"elementor-heading-title elementor-size-default\">P\u00e5 et blik: Freja<\/h3>\t\t\t\t<\/div>\n\t\t\t\t<div class=\"elementor-element elementor-element-3f50d82c elementor-widget elementor-widget-text-editor\" data-id=\"3f50d82c\" data-element_type=\"widget\" data-e-type=\"widget\" data-widget_type=\"text-editor.default\">\n\t\t\t\t\t\t\t\t\t<p><strong>Type:<\/strong> Germansk hovedgudinde, van, gudinde for k\u00e6rlighed, krig og <span class=\"iwg-fachbegriff\" data-tooltip=\"Praksisser, der ved hj\u00e6lp af s\u00e6rlige handlinger eller formler fors\u00f8ger at gribe ind i tingenes gang.\" tabindex=\"0\">magi<\/span><br><span class=\"iwg-fachbegriff\" data-tooltip=\"Den samlede gudeverden i en religion eller kultur.\" tabindex=\"0\">Pantheon<\/span>: Germansk\/nordisk (vanesl\u00e6gten)<br>Funktion: k\u00e6rlighed, sk\u00f8nhed, sex, krig, seid-<span class=\"iwg-fachbegriff\" data-tooltip=\"Praksisser, der ved hj\u00e6lp af s\u00e6rlige handlinger eller formler fors\u00f8ger at gribe ind i tingenes gang.\" tabindex=\"0\">magi<\/span>, halvdelen af de faldne krigere<br>Hovedattributter: Brisingamen-halsk\u00e6de, falkefjerkappe, kattevogn, t\u00e5rer af guld<br>Hovedkultsteder: ingen egne <span class=\"iwg-fachbegriff\" data-tooltip=\"En bygning, der bruges til tilbedelse af en eller flere guder.\" tabindex=\"0\">templer<\/span> dokumenteret; folkelig kult i Skandinavien og Nordtyskland<br>S\u00f8skende: Frey (bror, hovedvan)<\/p>\t\t\t\t\t\t\t\t<\/div>\n\t\t\t\t\t<\/div>\n\t\t\t\t<\/div>\n\t\t\t\t\t<\/div>\n\t\t\t\t<\/div>\n\t\t\t\t\t<\/div>\n\t\t\t\t<\/div>\n\t\t<div class=\"elementor-element elementor-element-18613602 e-flex e-con-boxed e-con e-parent\" data-id=\"18613602\" data-element_type=\"container\" data-e-type=\"container\">\n\t\t\t\t\t<div class=\"e-con-inner\">\n\t\t\t\t<div class=\"elementor-element elementor-element-262b8a9f elementor-widget elementor-widget-heading\" data-id=\"262b8a9f\" data-element_type=\"widget\" data-e-type=\"widget\" data-widget_type=\"heading.default\">\n\t\t\t\t\t<h2 class=\"elementor-heading-title elementor-size-default\">Historisk indplacering<\/h2>\t\t\t\t<\/div>\n\t\t<div class=\"elementor-element elementor-element-46dcb7d e-con-full e-flex e-con e-child\" data-id=\"46dcb7d\" data-element_type=\"container\" data-e-type=\"container\">\n\t\t<div class=\"elementor-element elementor-element-61d3ab3 e-flex e-con-boxed e-con e-child\" data-id=\"61d3ab3\" data-element_type=\"container\" data-e-type=\"container\">\n\t\t\t\t\t<div class=\"e-con-inner\">\n\t\t\t\t<div class=\"elementor-element elementor-element-117c166 elementor-widget elementor-widget-heading\" data-id=\"117c166\" data-element_type=\"widget\" data-e-type=\"widget\" data-widget_type=\"heading.default\">\n\t\t\t\t\t<div class=\"elementor-heading-title elementor-size-default\">Teksternes tidsperiode<\/div>\t\t\t\t<\/div>\n\t\t\t\t<div class=\"elementor-element elementor-element-73997a0 elementor-widget elementor-widget-text-editor\" data-id=\"73997a0\" data-element_type=\"widget\" data-e-type=\"widget\" data-widget_type=\"text-editor.default\">\n\t\t\t\t\t\t\t\t\t<p>Freja har v\u00e6ret central siden de tidligste skandinaviske kilder. Hovedkilder: <span class=\"iwg-fachbegriff\" tabindex=\"0\" data-tooltip=\"Islandsk l\u00e6rd (1179\u20131241); forfatter til Prosa-Eddaen og Heimskringla.\">Snorri Sturluson<\/span> <em>Snorra-Edda<\/em> (1220) og <em>Eddadigtene<\/em> (13. \u00e5rhundrede, indeholder \u00e6ldre digte). Hun er den vigtigste af <em>vanernes<\/em> gudinder (den \u00e6ldre, for\u00e6siske gudesl\u00e6gt), som efter krigen mellem \u00e6ser og vaner blev optaget som gidsel i Asgard sammen med sin far Njord og sin bror Frey.<\/p><p>Kulten havde sin storhedstid i det f\u00f8rkristne Skandinavien (vikingetiden, 8.\u201311. \u00e5rhundrede). Kristningen af Skandinavien (10.\u201312. \u00e5rhundrede) afbr\u00f8d <span class=\"iwg-fachbegriff\" data-tooltip=\"Den samlede religi\u00f8se tilbedelse af en gud eller en hellig skikkelse.\" tabindex=\"0\">kulten<\/span>, men folkelige skikke (fredagsfejringer for kvinder, kattetilbedelse i visse regioner) blev bevaret. I det 19.\/20. \u00e5rhundrede opstod en romantisk genoplivning, og i den moderne <em>Asatru<\/em>-tradition er hun igen central.<\/p>\n<p>Tacitus n\u00e6vner i sin <em>Germania<\/em> (98 e.Kr.) en gudinde Nerthus, som blev tilbedt af flere germanske stammer, og hvis navn sprogligt er besl\u00e6gtet med Njord. Forskningen betragter Nerthus som en skikkelse, der h\u00f8rer til vanerne, og dermed som en mulig tidlig parallel eller forl\u00f8ber for Freja-traditionen, selvom en direkte ligestilling ikke er mulig.<\/p>\t\t\t\t\t\t\t\t<\/div>\n\t\t\t\t\t<\/div>\n\t\t\t\t<\/div>\n\t\t<div class=\"elementor-element elementor-element-d47b156 e-flex e-con-boxed e-con e-child\" data-id=\"d47b156\" data-element_type=\"container\" data-e-type=\"container\">\n\t\t\t\t\t<div class=\"e-con-inner\">\n\t\t\t\t<div class=\"elementor-element elementor-element-ff38c2b elementor-widget elementor-widget-heading\" data-id=\"ff38c2b\" data-element_type=\"widget\" data-e-type=\"widget\" data-widget_type=\"heading.default\">\n\t\t\t\t\t<div class=\"elementor-heading-title elementor-size-default\">Udbredelsesomr\u00e5de<\/div>\t\t\t\t<\/div>\n\t\t\t\t<div class=\"elementor-element elementor-element-4e49fcc elementor-widget elementor-widget-text-editor\" data-id=\"4e49fcc\" data-element_type=\"widget\" data-e-type=\"widget\" data-widget_type=\"text-editor.default\">\n\t\t\t\t\t\t\t\t\t<p>Direkte Freja-<span class=\"iwg-fachbegriff\" data-tooltip=\"En bygning, der bruges til tilbedelse af en eller flere guder.\" tabindex=\"0\">templer<\/span> er ikke sikkert dokumenteret; nogle skandinaviske stednavne (f.eks. Frejskult-Steden i Sverige) tyder p\u00e5 gamle kultsteder. Adam af Bremen n\u00e6vner i det 11. \u00e5rhundrede <em><span class=\"iwg-fachbegriff\" data-tooltip=\"En bygning, der bruges til tilbedelse af en eller flere guder.\" tabindex=\"0\">templet<\/span> i Uppsala<\/em> med statuer af Odin, Thor og Frey (ikke direkte Freja, men implicit i vane-konteksten).<\/p><p><span data-nosnippet>I den moderne <em>Asatru<\/em> (aktiv i Skandinavien, USA, Storbritannien og Tyskland) tilbedes hun igen; p\u00e5 Island har Asatru siden 1973 v\u00e6ret en statsligt anerkendt religion, hvor Freja i nogle grene er hovedgudinde.<\/span><\/p>\n<p>Stednavneforskningen har i Sverige, Norge og Danmark registreret en r\u00e6kke Fr\u00f8- og Freys-navne, der peger p\u00e5 kultsteder eller kultomr\u00e5der. Dette forskningsfelt betragtes som et vigtigt supplement til den litter\u00e6re overlevering, da det giver oplysninger om kultens geografiske udbredelse og lokale forankring, som ikke kan udledes af de eddiske tekster alene.<\/p>\t\t\t\t\t\t\t\t<\/div>\n\t\t\t\t\t<\/div>\n\t\t\t\t<\/div>\n\t\t\t\t<\/div>\n\t\t<div class=\"elementor-element elementor-element-db03c39 e-con-full e-flex e-con e-child\" data-id=\"db03c39\" data-element_type=\"container\" data-e-type=\"container\">\n\t\t<div class=\"elementor-element elementor-element-229a87b e-flex e-con-boxed e-con e-child\" data-id=\"229a87b\" data-element_type=\"container\" data-e-type=\"container\">\n\t\t\t\t\t<div class=\"e-con-inner\">\n\t\t\t\t<div class=\"elementor-element elementor-element-1f471fc elementor-widget elementor-widget-heading\" data-id=\"1f471fc\" data-element_type=\"widget\" data-e-type=\"widget\" data-widget_type=\"heading.default\">\n\t\t\t\t\t<div class=\"elementor-heading-title elementor-size-default\">Kildesituation<\/div>\t\t\t\t<\/div>\n\t\t\t\t<div class=\"elementor-element elementor-element-36b1201 elementor-widget elementor-widget-text-editor\" data-id=\"36b1201\" data-element_type=\"widget\" data-e-type=\"widget\" data-widget_type=\"text-editor.default\">\n\t\t\t\t\t\t\t\t\t<p>Centrale kilder: <span class=\"iwg-fachbegriff\" tabindex=\"0\" data-tooltip=\"Islandsk l\u00e6rd (1179\u20131241); forfatter til Prosa-Eddaen og Heimskringla.\">Snorri Sturluson<\/span> <em>Snorra-Edda<\/em> (Gylfaginning, Skaldskaparmal); <em>Eddadigtene<\/em> (Hyndluljod, med hovedmyten om Freja og Ottar; Thrymskvida, om Frejas Brisingamen). Sekund\u00e6rlitteratur: Simek, <em>Lexikon der germanischen <span class=\"iwg-fachbegriff\" data-tooltip=\"Den samlede overlevering af en kulturs gudefort\u00e6llinger.\" tabindex=\"0\">Mythologie<\/span><\/em>; de Vries, <em>Altgermanische Religionsgeschichte<\/em>; N\u00e4sstr\u00f6m, <em>Freyja. The Great Goddess of the North<\/em> (standardv\u00e6rk); Lindow, <em>Norse Mythology<\/em>; Davidson, <em>Roles of the Northern Goddess<\/em>.<\/p>\n<p>De ark\u00e6ologiske vidnesbyrd omfatter guldbrakteater fra folkevandringstiden, hvor kvindelige skikkelser er afbildet med halsb\u00e5nd; forskningen tolker dem enkelte gange som fremstillinger af Freja, selvom en sikker identifikation forbliver vanskelig. Desuden dokumenterer stednavneforskningen i Skandinavien talrige Fr\u00f8- og Freys-navne, der betragtes som bel\u00e6g for en vidt udbredt f\u00f8rkristen kult.<\/p>\t\t\t\t\t\t\t\t<\/div>\n\t\t\t\t\t<\/div>\n\t\t\t\t<\/div>\n\t\t\t\t<\/div>\n\t\t\t\t\t<\/div>\n\t\t\t\t<\/div>\n\t\t<div class=\"elementor-element elementor-element-3ae0637c e-flex e-con-boxed e-con e-parent\" data-id=\"3ae0637c\" data-element_type=\"container\" data-e-type=\"container\">\n\t\t\t\t\t<div class=\"e-con-inner\">\n\t\t\t\t<div class=\"elementor-element elementor-element-31d07739 elementor-widget elementor-widget-heading\" data-id=\"31d07739\" data-element_type=\"widget\" data-e-type=\"widget\" data-widget_type=\"heading.default\">\n\t\t\t\t\t<h2 class=\"elementor-heading-title elementor-size-default\">Navn og varianter<\/h2>\t\t\t\t<\/div>\n\t\t<div class=\"elementor-element elementor-element-b7642947 e-con-full e-flex e-con e-child\" data-id=\"b7642947\" data-element_type=\"container\" data-e-type=\"container\">\n\t\t\t\t<div class=\"elementor-element elementor-element-a086266 elementor-widget elementor-widget-text-editor\" data-id=\"a086266\" data-element_type=\"widget\" data-e-type=\"widget\" data-widget_type=\"text-editor.default\">\n\t\t\t\t\t\t\t\t\t<p>Freyja skildres i de forskellige kilder og kunstneriske traditioner med bestemte tilbagevendende ikonografiske elementer, der forbliver relativt konstante gennem \u00e5rtier og forskellige geografiske omr\u00e5der. Disse elementer er ikke rent dekorative eller tilf\u00e6ldigt valgt, men er dybt symbolisk kodede og b\u00e6rer stor betydning.<\/p><p>Freyjas kendetegn er klart angivet i Edda og b\u00e6rer hver is\u00e6r en betydning: Halssmykket Br\u00edsingamen henviser til hendes forbindelse til sk\u00f8nhed, k\u00e6rlighed og fertilitet, falkedragten giver hende mulighed for gestaltskifte og flugt mellem verdenerne, og det af katte trukne spand er hendes faste rejseattribut.<\/p><p>At halvdelen af de f\u00e6ldede krigere tilfalder hende, som hun henter til F\u00f3lkvangr, viser desuden hendes ansvar for d\u00f8den sammen med Odin. Den, der kendte den nordiske digtning, kunne umiddelbart afl\u00e6se gudindens rang og magtomr\u00e5der af disse kendetegn; de er overleveret sammenh\u00e6ngende p\u00e5 denne m\u00e5de.<\/p>\t\t\t\t\t\t\t\t<\/div>\n\t\t\t\t<\/div>\n\t\t\t\t\t<\/div>\n\t\t\t\t<\/div>\n\t\t<div class=\"elementor-element elementor-element-709a44a8 e-flex e-con-boxed e-con e-parent\" data-id=\"709a44a8\" data-element_type=\"container\" data-e-type=\"container\">\n\t\t\t\t\t<div class=\"e-con-inner\">\n\t\t\t\t<div class=\"elementor-element elementor-element-2f585873 elementor-widget elementor-widget-heading\" data-id=\"2f585873\" data-element_type=\"widget\" data-e-type=\"widget\" data-widget_type=\"heading.default\">\n\t\t\t\t\t<h2 class=\"elementor-heading-title elementor-size-default\">V\u00e6senstr\u00e6k<\/h2>\t\t\t\t<\/div>\n\t\t<div class=\"elementor-element elementor-element-70621c12 e-con-full e-flex e-con e-child\" data-id=\"70621c12\" data-element_type=\"container\" data-e-type=\"container\">\n\t\t\t\t<div class=\"elementor-element elementor-element-4296eb49 elementor-widget elementor-widget-text-editor\" data-id=\"4296eb49\" data-element_type=\"widget\" data-e-type=\"widget\" data-widget_type=\"text-editor.default\">\n\t\t\t\t\t\t\t\t\t<p>Freyja var central i den religi\u00f8se praksis, i hverdagens ritualer og i den daglige forst\u00e5else hos de Germanske. Mennesker vendte sig til denne skikkelse i kritiske eller bestemte livssituationer eller p\u00e5 bestemte rituelle \u00e5rstider, med strukturerede, ofte omfattende ritualer, b\u00f8nner eller offergaver.<\/p><p>Den sei\u00f0r-magi, der er forbundet med Freyja, var en reguleret kunst med egne fagpersoner: V\u00f6lven, en omvandrende seerinde med stav og fastlagt ritualforl\u00f8b, ud\u00f8vede den, og if\u00f8lge Edda var det Freyja selv, der indf\u00f8rte denne praksis blandt aserne. Den, der ud\u00f8vede sei\u00f0r, fulgte indl\u00e6rte forl\u00f8b, sange og rolleregler, ikke fri improvisation.<\/p><p>Tilbedelsen af Freyja havde forskellige form\u00e5l afh\u00e6ngigt af livssituationen: Man vendte sig til hende i k\u00e6rlighedsanliggender og ved barnl\u00f8shed, den sei\u00f0r-magi, hun tilskrives, tjente til at udforske og vende sk\u00e6bnen, og som herskerinde over F\u00f3lkvangr modtog hun halvdelen af de f\u00e6ldede, og stod dermed ogs\u00e5 ved overgangen fra liv til d\u00f8d.<\/p><p>At stednavne i Skandinavien b\u00e6rer hendes navn, tyder p\u00e5, at hendes kult blev anset for virksom og blev plejet gennem lang tid.<\/p><h3>Fremtoning og symbolik<\/h3><p>Freyja fremstilles med den gyldne halsk\u00e6de Brisingamen. Hun k\u00f8rer i en vogn, trukket af katte. Hendes falkekappe g\u00f8r det muligt for hende at flyve usynligt. Rosen, for\u00e5ret og krigeren er udtryk for hendes mangfoldighed. Havet h\u00f8rer til hendes sf\u00e6re.<\/p>\t\t\t\t\t\t\t\t<\/div>\n\t\t\t\t<\/div>\n\t\t\t\t\t<\/div>\n\t\t\t\t<\/div>\n\t\t<div class=\"elementor-element elementor-element-44e71476 e-flex e-con-boxed e-con e-parent\" data-id=\"44e71476\" data-element_type=\"container\" data-e-type=\"container\">\n\t\t\t\t\t<div class=\"e-con-inner\">\n\t\t\t\t<div class=\"elementor-element elementor-element-3c1fc3f0 elementor-widget elementor-widget-heading\" data-id=\"3c1fc3f0\" data-element_type=\"widget\" data-e-type=\"widget\" data-widget_type=\"heading.default\">\n\t\t\t\t\t<div class=\"elementor-heading-title elementor-size-default\">Profil: Freyja<\/div>\t\t\t\t<\/div>\n\t\t<div class=\"elementor-element elementor-element-84f33b8e e-con-full e-flex e-con e-child\" data-id=\"84f33b8e\" data-element_type=\"container\" data-e-type=\"container\">\n\t\t\t\t<div class=\"elementor-element elementor-element-hqkdc67p elementor-widget elementor-widget-text-editor\" data-id=\"hqkdc67p\" data-element_type=\"widget\" data-e-type=\"widget\" data-widget_type=\"text-editor.default\">\n\t\t\t\t\t\t\t\t\t<p>De vigtigste aspekter af Freyja i et overblik. De f\u00f8lgende felter opsummerer oprindelse, funktion, udseende, tilbedelse, symboler og kulturelle paralleller.<\/p>\t\t\t\t\t\t\t\t<\/div>\n\t\t\t\t<\/div>\n\t\t<div class=\"elementor-element elementor-element-pemmx7c5 e-con-full e-flex e-con e-child\" data-id=\"pemmx7c5\" data-element_type=\"container\" data-e-type=\"container\">\n\t\t<div class=\"elementor-element elementor-element-pemmx7c1 e-con-full e-flex e-con e-child\" data-id=\"pemmx7c1\" data-element_type=\"container\" data-e-type=\"container\">\n\t\t<div class=\"elementor-element elementor-element-qh9oavvu iwg-steckbrief-card e-flex e-con-boxed e-con e-child\" data-id=\"qh9oavvu\" data-element_type=\"container\" data-e-type=\"container\">\n\t\t\t\t\t<div class=\"e-con-inner\">\n\t\t\t\t<div class=\"elementor-element elementor-element-awzx8k2k elementor-widget elementor-widget-heading\" data-id=\"awzx8k2k\" data-element_type=\"widget\" data-e-type=\"widget\" data-widget_type=\"heading.default\">\n\t\t\t\t\t<h3 class=\"elementor-heading-title elementor-size-default\">Tradition<\/h3>\t\t\t\t<\/div>\n\t\t\t\t<div class=\"elementor-element elementor-element-x6rowhv0 elementor-widget elementor-widget-text-editor\" data-id=\"x6rowhv0\" data-element_type=\"widget\" data-e-type=\"widget\" data-widget_type=\"text-editor.default\">\n\t\t\t\t\t\t\t\t\t<p>Freyja er datter af <em>Njord<\/em> (havgud) og en datter (s\u00f8ster til Nerthus). S\u00f8ster til <em>Freyr<\/em>, med hvem hun udg\u00f8r vane-s\u00f8skendeparret.<\/p><p>Gift med <em>Od\/Odur<\/em> (i nogle kilder identificeret med Odin), hendes mand forsvinder p\u00e5 endel\u00f8se rejser, og Freyja s\u00f8ger efter ham gr\u00e6dende, hendes t\u00e5rer bliver til guld. Mor til datteren <em>Hnoss<\/em> (&#8220;Smykke&#8221;) og Gersemi (&#8220;Kostbarhed&#8221;). I <em>Hyndluljod<\/em> forhold til den d\u00f8delige Ottar.<\/p>\t\t\t\t\t\t\t\t<\/div>\n\t\t\t\t\t<\/div>\n\t\t\t\t<\/div>\n\t\t<div class=\"elementor-element elementor-element-8e3o4kxs iwg-steckbrief-card e-flex e-con-boxed e-con e-child\" data-id=\"8e3o4kxs\" data-element_type=\"container\" data-e-type=\"container\">\n\t\t\t\t\t<div class=\"e-con-inner\">\n\t\t\t\t<div class=\"elementor-element elementor-element-08rkdgov elementor-widget elementor-widget-heading\" data-id=\"08rkdgov\" data-element_type=\"widget\" data-e-type=\"widget\" data-widget_type=\"heading.default\">\n\t\t\t\t\t<h3 class=\"elementor-heading-title elementor-size-default\">Virkningsgenstand<\/h3>\t\t\t\t<\/div>\n\t\t\t\t<div class=\"elementor-element elementor-element-uwjelx8s elementor-widget elementor-widget-text-editor\" data-id=\"uwjelx8s\" data-element_type=\"widget\" data-e-type=\"widget\" data-widget_type=\"text-editor.default\">\n\t\t\t\t\t\t\t\t\t<p>Gudinde for k\u00e6rlighed, sk\u00f8nhed, seksualitet og frugtbarhed. Har ogs\u00e5 en dobbeltfunktion som <em>krigsgudinde<\/em>: if\u00f8lge Snorri udv\u00e6lger hun halvdelen af de faldne krigere til sit f\u00f8lge i <em>F\u00f3lkvangr<\/em> (den anden halvdel modtager Odin i Valhal), en bem\u00e6rkelsesv\u00e6rdig hierarkisk ordning, der stiller Freja p\u00e5 lige fod med Odin.<\/p><p>Skytsgudinde for <em>sejd-<span class=\"iwg-fachbegriff\" data-tooltip=\"Praksisser, der gennem s\u00e6rlige handlinger eller formler fors\u00f8ger at gribe ind i tingenes gang.\" tabindex=\"0\">magi<\/span><\/em> (en schamanistisk-sp\u00e5domsagtig, dybtg\u00e5ende <span class=\"iwg-fachbegriff\" data-tooltip=\"Praksisser, der gennem s\u00e6rlige handlinger eller formler fors\u00f8ger at gribe ind i tingenes gang.\" tabindex=\"0\">magi<\/span>, som hun l\u00e6rte aserne). I den personlige <span class=\"iwg-fachbegriff\" data-tooltip=\"Samlingen af religi\u00f8se \u00e6resbevisninger for en guddom eller hellig skikkelse.\" tabindex=\"0\">kult<\/span> blev hun <span class=\"iwg-fachbegriff\" data-tooltip=\"Den bedende eller besv\u00e6rgende henvendelse til en guddom eller magt.\" tabindex=\"0\">p\u00e5kaldt<\/span> i k\u00e6rlighedsanliggender, i forbindelse med behovet for frugtbarhed samt i krigs- og sejdpraksis. I moderne asatro er hun en central gudinde for kvindeinitiation.<\/p>\t\t\t\t\t\t\t\t<\/div>\n\t\t\t\t\t<\/div>\n\t\t\t\t<\/div>\n\t\t<div class=\"elementor-element elementor-element-jm2n74ec iwg-steckbrief-card e-flex e-con-boxed e-con e-child\" data-id=\"jm2n74ec\" data-element_type=\"container\" data-e-type=\"container\">\n\t\t\t\t\t<div class=\"e-con-inner\">\n\t\t\t\t<div class=\"elementor-element elementor-element-8vufse4c elementor-widget elementor-widget-heading\" data-id=\"8vufse4c\" data-element_type=\"widget\" data-e-type=\"widget\" data-widget_type=\"heading.default\">\n\t\t\t\t\t<h3 class=\"elementor-heading-title elementor-size-default\">Fremstilling<\/h3>\t\t\t\t<\/div>\n\t\t\t\t<div class=\"elementor-element elementor-element-mwb9u015 elementor-widget elementor-widget-text-editor\" data-id=\"mwb9u015\" data-element_type=\"widget\" data-e-type=\"widget\" data-widget_type=\"text-editor.default\">\n\t\t\t\t\t\t\t\t\t<p>Smuk ung kvinde, ofte fremstillet ungdommeligt-erotisk, tydeligt anderledes end den matronale Frigg. Gyldent h\u00e5r, flerlaget hofkjole, ofte med rustning under (dobbeltfunktion). <em>Brisingamen-halsk\u00e6de<\/em> som hovedattribut, en kunstf\u00e6rdig guldhalsk\u00e6de, som hun har erhvervet fra fire dv\u00e6rge (gennem sex med hver af dem), en af de mest ber\u00f8mte historier i den germanske <span class=\"iwg-fachbegriff\" data-tooltip=\"Summen af de overleverede gudefort\u00e6llinger i en kultur.\" tabindex=\"0\">mytologi<\/span>. <em>Falkefjerkappe<\/em> (falke-fjadrhamr), som hun ogs\u00e5 l\u00e5ner ud til Loki.<\/p><p>Rider i en vogn, trukket af <em>to store katte<\/em> (det mest ber\u00f8mte og umiskendelige Freyja-<span class=\"iwg-fachbegriff\" data-tooltip=\"Et tegn, der repr\u00e6senterer en forestilling eller betydning.\" tabindex=\"0\">symbol<\/span>). Ofte ogs\u00e5 med sv\u00e6rd eller vildsvinehjelm.<\/p>\t\t\t\t\t\t\t\t<\/div>\n\t\t\t\t\t<\/div>\n\t\t\t\t<\/div>\n\t\t\t\t<\/div>\n\t\t<div class=\"elementor-element elementor-element-pemmx7c2 e-con-full e-flex e-con e-child\" data-id=\"pemmx7c2\" data-element_type=\"container\" data-e-type=\"container\">\n\t\t<div class=\"elementor-element elementor-element-37ss2yr6 iwg-steckbrief-card e-flex e-con-boxed e-con e-child\" data-id=\"37ss2yr6\" data-element_type=\"container\" data-e-type=\"container\">\n\t\t\t\t\t<div class=\"e-con-inner\">\n\t\t\t\t<div class=\"elementor-element elementor-element-3v0wp3wx elementor-widget elementor-widget-heading\" data-id=\"3v0wp3wx\" data-element_type=\"widget\" data-e-type=\"widget\" data-widget_type=\"heading.default\">\n\t\t\t\t\t<h3 class=\"elementor-heading-title elementor-size-default\">Freyjas virkning<\/h3>\t\t\t\t<\/div>\n\t\t\t\t<div class=\"elementor-element elementor-element-w3247g2m elementor-widget elementor-widget-text-editor\" data-id=\"w3247g2m\" data-element_type=\"widget\" data-e-type=\"widget\" data-widget_type=\"text-editor.default\">\n\t\t\t\t\t\t\t\t\t<p><strong>Virkeomr\u00e5de:<\/strong> I den oldgermanske folkekult blev Freyja p\u00e5kaldt i k\u00e6rlighedsanliggender og i fertilitetssp\u00f8rgsm\u00e5l. <em>Seid-ud\u00f8vere<\/em> (senere <em>v\u00f6lver<\/em>, profetiske kvinder) blev anset som hendes tilh\u00e6ngere. I den skandinaviske folketradition var katte hendes hellige dyr, hvorfor det var tabu at skade en kat.<\/p><p>I den moderne <em>Asatru<\/em>-tradition er hun hovedgudinde for kvindernes bl\u00f3t-forsamlinger (is\u00e6r i Vanatru-grenene, der fokuserer p\u00e5 vanerne). Hellig ugedag: fredag (i nogle traditioner delt med Frigg; nogle forskere anser Frigg og Freyja for oprindeligt at v\u00e6re identiske).<\/p>\t\t\t\t\t\t\t\t<\/div>\n\t\t\t\t\t<\/div>\n\t\t\t\t<\/div>\n\t\t<div class=\"elementor-element elementor-element-0qpjal9w iwg-steckbrief-card e-flex e-con-boxed e-con e-child\" data-id=\"0qpjal9w\" data-element_type=\"container\" data-e-type=\"container\">\n\t\t\t\t\t<div class=\"e-con-inner\">\n\t\t\t\t<div class=\"elementor-element elementor-element-6ndoih0o elementor-widget elementor-widget-heading\" data-id=\"6ndoih0o\" data-element_type=\"widget\" data-e-type=\"widget\" data-widget_type=\"heading.default\">\n\t\t\t\t\t<h3 class=\"elementor-heading-title elementor-size-default\">Afv\u00e6rgeformer<\/h3>\t\t\t\t<\/div>\n\t\t\t\t<div class=\"elementor-element elementor-element-6684tyh9 elementor-widget elementor-widget-text-editor\" data-id=\"6684tyh9\" data-element_type=\"widget\" data-e-type=\"widget\" data-widget_type=\"text-editor.default\">\n\t\t\t\t\t\t\t\t\t<p>Brisingamen-halsk\u00e6de (hovedattribut, kunstf\u00e6rdig guldk\u00e6de), falkefjerkappe, kattevogn (to store katte), sv\u00e6rd, vildsvinehjelm, t\u00e5rer af guld (<span class=\"iwg-fachbegriff\" data-tooltip=\"Et tegn, der repr\u00e6senterer en forestilling eller betydning.\" tabindex=\"0\">symbol<\/span> p\u00e5 hendes s\u00f8gen efter Od). Hellige dyr: kat (is\u00e6r den nordiske skovkat), vildsvin (hun rider ogs\u00e5 p\u00e5 det guldb\u00f8rstede <em>Hildiswin<\/em>), falk. Hellige planter: jordb\u00e6r, hyld, tusindfryd (i folketroen kaldet &#8220;Freyja-planter&#8221;), tr\u00e6vlekrone. Hellig ugedag: fredag.<\/p>\t\t\t\t\t\t\t\t<\/div>\n\t\t\t\t\t<\/div>\n\t\t\t\t<\/div>\n\t\t<div class=\"elementor-element elementor-element-3lfi7x32 iwg-steckbrief-card e-flex e-con-boxed e-con e-child\" data-id=\"3lfi7x32\" data-element_type=\"container\" data-e-type=\"container\">\n\t\t\t\t\t<div class=\"e-con-inner\">\n\t\t\t\t<div class=\"elementor-element elementor-element-0kg99ga1 elementor-widget elementor-widget-heading\" data-id=\"0kg99ga1\" data-element_type=\"widget\" data-e-type=\"widget\" data-widget_type=\"heading.default\">\n\t\t\t\t\t<h3 class=\"elementor-heading-title elementor-size-default\">Paralleller<\/h3>\t\t\t\t<\/div>\n\t\t\t\t<div class=\"elementor-element elementor-element-n0fum6kp elementor-widget elementor-widget-text-editor\" data-id=\"n0fum6kp\" data-element_type=\"widget\" data-e-type=\"widget\" data-widget_type=\"text-editor.default\">\n\t\t\t\t\t\t\t\t\t<p><em>Frigg<\/em> (germansk, n\u00e6rt besl\u00e6gtet eller m\u00e5ske oprindeligt identisk gudinde), <em>Aphrodite<\/em> (Gr\u00e6kenland, k\u00e6rlighedsgudinde), <em>Venus<\/em> (Rom), <em>Inanna\/Ishtar<\/em> (Mesopotamien, k\u00e6rlighed og krig i \u00e9n gestalt, bem\u00e6rkelsesv\u00e6rdigt lig Freja), <em>Astarte<\/em> (F\u00f8nikien), <em>Hathor<\/em> (Egypten), <em>Lakshmi<\/em> (hinduismen), <em>Erzulie Freda<\/em> (vodou). Funktionelt set deler alle k\u00e6rlighed-og-krig-dobbeltgudinder aspekter med Freja. I det germanske <span class=\"iwg-fachbegriff\" data-tooltip=\"Den samlede m\u00e6ngde af guder i en religion eller kultur.\" tabindex=\"0\">pantheon<\/span> er hun efter Odin den vigtigste <span class=\"iwg-fachbegriff\" data-tooltip=\"Et v\u00e6sen, der tilbedes som gudommeligt inden for en religion.\" tabindex=\"0\">gudom<\/span> af alle.<\/p>\n<p>I den angelsaksiske tradition er ingen direkte modstykke til Freja overleveret, men ugedagen fredag (oldengelsk <em>fr\u012bged\u00e6g<\/em>) f\u00f8res tilbage til en gudinde kaldet Frige. Forskningen diskuterer, om Frige, Frigg og Freja g\u00e5r tilbage til en f\u00e6lles \u00e6ldre gudinde-gestalt, eller om de altid har v\u00e6ret separate gestalter. Britt-Mari N\u00e4sstr\u00f6m har fremsat tesen om en oprindelig identitet mellem alle tre gestalter; denne tese er dog omdiskuteret og afvises af andre forskere.<\/p>\t\t\t\t\t\t\t\t<\/div>\n\t\t\t\t\t<\/div>\n\t\t\t\t<\/div>\n\t\t\t\t<\/div>\n\t\t\t\t<\/div>\n\t\t\t\t\t<\/div>\n\t\t\t\t<\/div>\n\t\t<div class=\"elementor-element elementor-element-5a584676 e-flex e-con-boxed e-con e-parent\" data-id=\"5a584676\" data-element_type=\"container\" data-e-type=\"container\">\n\t\t\t\t\t<div class=\"e-con-inner\">\n\t\t\t\t<div class=\"elementor-element elementor-element-6d0757bf elementor-widget elementor-widget-heading\" data-id=\"6d0757bf\" data-element_type=\"widget\" data-e-type=\"widget\" data-widget_type=\"heading.default\">\n\t\t\t\t\t<h2 class=\"elementor-heading-title elementor-size-default\">Freja, paralleller i andre kulturer<\/h2>\t\t\t\t<\/div>\n\t\t<div class=\"elementor-element elementor-element-60563f68 e-con-full e-flex e-con e-child\" data-id=\"60563f68\" data-element_type=\"container\" data-e-type=\"container\">\n\t\t\t\t<div class=\"elementor-element elementor-element-5a93fdd6 elementor-widget elementor-widget-text-editor\" data-id=\"5a93fdd6\" data-element_type=\"widget\" data-e-type=\"widget\" data-widget_type=\"text-editor.default\">\n\t\t\t\t\t\t\t\t\t<p>Freja deler karakteristika med Inanna, Aphrodite og Devi-Shakti-traditionen, en flerfunktion af k\u00e6rlighed, krig og <span class=\"iwg-fachbegriff\" data-tooltip=\"Praksisser, der gennem s\u00e6rlige handlinger eller formler fors\u00f8ger at gribe ind i tingenes gang.\" tabindex=\"0\">magi<\/span>, som er unikt kondenseret i det germansk-nordiske <span class=\"iwg-fachbegriff\" data-tooltip=\"Den samlede m\u00e6ngde af guder i en religion eller kultur.\" tabindex=\"0\">pantheon<\/span>. I mods\u00e6tning til rene k\u00e6rlighedsgudinder i andre kulturer f\u00f8rer Freja sin egen h\u00e6r og besidder med sei\u00f0r sin egen magiske tradition.<\/p>\n<p><strong>J\u00f8disk tradition:<\/strong> Lilith og andre d\u00e6moniske eller magiske kvindefigurer deler med Freja tr\u00e6k af seksuel autonomi, magisk kompetence og uafh\u00e6ngighed af det patriarkalske <span class=\"iwg-fachbegriff\" data-tooltip=\"Den samlede m\u00e6ngde af guder i en religion eller kultur.\" tabindex=\"0\">pantheon<\/span>, kulturhistorisk kontrasterende, men strukturelt lignende i deres subversion.<\/p><p><strong>Den gr\u00e6sk-romerske verden:<\/strong> Aphrodite og Venus svarer til Freja i k\u00e6rlighed og sensualitet, mens Athena svarer til den krigerske side. Ingen gr\u00e6sk gudinde forener begge dimensioner som Freja.<\/p><p><strong>Slavisk tradition:<\/strong> Freja og slaviske k\u00e6rlighedsgudinder som Mokosj eller Zjentatsia viser paralleller i frugtbarhed, husholdning og kvindelig <span class=\"iwg-fachbegriff\" data-tooltip=\"Praksisser, der gennem s\u00e6rlige handlinger eller formler fors\u00f8ger at gribe ind i tingenes gang.\" tabindex=\"0\">magi<\/span>. Begge traditioner bevarer den indoeurop\u00e6iske gudinde-dualitet (husmoder og k\u00e6mper).<\/p><p><strong>Hinduismen:<\/strong> Lakshmi og Durga inkarnerer p\u00e5 lignende vis velstand\/sensualitet og krigerisk kraft, hvor Durga som Shakti ogs\u00e5 konvergerer med Frejas kamprolle.<\/p>\n<p>I den sammenlignende indoeurop\u00e6iske religionsforskning har Georges Dum\u00e9zil tolket Freja som eksempel p\u00e5 den tredje af de tre indoeurop\u00e6iske grundfunktioner, funktionen af frugtbarhed, materiel rigdom og reproduktion. Vanerne som helhed anses i denne fortolkningsramme for at v\u00e6re guder for denne tredje funktion, mens aserne prim\u00e6rt repr\u00e6senterer den f\u00f8rste (suver\u00e6nitet) og anden (krigerskab) funktion.<\/p>\t\t\t\t\t\t\t\t<\/div>\n\t\t\t\t<\/div>\n\t\t\t\t\t<\/div>\n\t\t\t\t<\/div>\n\t\t<div class=\"elementor-element elementor-element-cp34382c3 e-flex e-con-boxed e-con e-parent\" data-id=\"cp34382c3\" data-element_type=\"container\" data-e-type=\"container\">\n\t\t\t\t\t<div class=\"e-con-inner\">\n\t\t\t\t<div class=\"elementor-element elementor-element-cpc1c652b elementor-widget elementor-widget-heading\" data-id=\"cpc1c652b\" data-element_type=\"widget\" data-e-type=\"widget\" data-widget_type=\"heading.default\">\n\t\t\t\t\t<h2 class=\"elementor-heading-title elementor-size-default\">Kilderne: Snorri, Den poetiske Edda og problemet med den sene overlevering<\/h2>\t\t\t\t<\/div>\n\t\t<div class=\"elementor-element elementor-element-cp2297e66 e-con-full e-flex e-con e-child\" data-id=\"cp2297e66\" data-element_type=\"container\" data-e-type=\"container\">\n\t\t\t\t<div class=\"elementor-element elementor-element-cp05b5ca9 elementor-widget elementor-widget-text-editor\" data-id=\"cp05b5ca9\" data-element_type=\"widget\" data-e-type=\"widget\" data-widget_type=\"text-editor.default\">\n\t\t\t\t\t\t\t\t\t<p>Det, vi ved om Freja, stammer n\u00e6sten udelukkende fra tekster, der blev skrevet ned p\u00e5 det kristne Island i det 13. \u00e5rhundrede, alts\u00e5 \u00e5rhundreder efter Skandinaviens kristning. De vigtigste kilder er <em>Den poetiske Edda<\/em>, en samling af mytologiske og heroiske digte, og <em>Prosa-Eddaen<\/em> af Snorri Sturluson, en h\u00e5ndbog i digtekunst, der systematisk fremstiller det mytologiske stof.<\/p><p>Snorri henf\u00f8rer Freja til <em>vanerne<\/em>, den gudesl\u00e6gt, der adskilles fra <em>aserne<\/em>, og som efter den mytiske krig mellem de to grupper er forbundet med dem.<\/p><p>Han kalder hende den fornemste af gudinderne og tilskriver hende bop\u00e6len F\u00f3lkvangr, hvor hallen Sessr\u00famnir befinder sig. Et ofte citeret vers fastsl\u00e5r, at Freja f\u00e5r halvdelen af de f\u00e6ldede p\u00e5 slagmarken, mens den anden halvdel kommer til Odin i Valhal.<\/p><p>Denne kildesituation kr\u00e6ver metodisk forsigtighed. Snorri var en bel\u00e6st kristen, der ville ordne og bevare den gamle viden for digtekunsten, men han s\u00e5 den samtidig gennem sin egen tid. Hvor <em>Den poetiske Edda<\/em> og Snorri st\u00f8tter hinanden, st\u00e5r <span class=\"iwg-fachbegriff\" data-tooltip=\"Videregivelsen af viden og fort\u00e6llinger gennem generationer.\" tabindex=\"0\">overleveringen<\/span> relativt fast.<\/p><p>Hvor Snorri st\u00e5r alene, er det \u00e5bent, om han gengiver \u00e6ldre viden eller systematiserende supplerer den. Forskningen i de seneste \u00e5rtier, blandt andet Britt-Mari N\u00e4sstr\u00f6ms arbejder specifikt om Freja, har derfor betonet, at hver udsagn om gudinden m\u00e5 f\u00f8res tilbage til sin kilde.<\/p>\n<p>I nogle kildesteder fremst\u00e5r Sessr\u00famnir ogs\u00e5 som navnet p\u00e5 et skib, hvilket har givet anledning til overvejelser om en forbindelse mellem Freja, skib og d\u00f8dskult. Hilda Ellis Davidson har i <em>Gods and Myths of Northern Europe<\/em> (1964) argumenteret for, at Frejas forbindelse til d\u00f8d og sk\u00e6bne var \u00e6ldre og mere omfattende, end den senere litter\u00e6re tradition viser, og at delingen af de f\u00e6ldede med Odin g\u00e5r tilbage til en syntese af vaniske og asiske forestillinger.<\/p>\t\t\t\t\t\t\t\t<\/div>\n\t\t\t\t<\/div>\n\t\t\t\t\t<\/div>\n\t\t\t\t<\/div>\n\t\t<div class=\"elementor-element elementor-element-cp7374b57 e-flex e-con-boxed e-con e-parent\" data-id=\"cp7374b57\" data-element_type=\"container\" data-e-type=\"container\">\n\t\t\t\t\t<div class=\"e-con-inner\">\n\t\t\t\t<div class=\"elementor-element elementor-element-cp4d63e8b elementor-widget elementor-widget-heading\" data-id=\"cp4d63e8b\" data-element_type=\"widget\" data-e-type=\"widget\" data-widget_type=\"heading.default\">\n\t\t\t\t\t<h2 class=\"elementor-heading-title elementor-size-default\">Br\u00edsingamen og striden om katteudsp\u00e6ndingen<\/h2>\t\t\t\t<\/div>\n\t\t<div class=\"elementor-element elementor-element-cp60a613c e-con-full e-flex e-con e-child\" data-id=\"cp60a613c\" data-element_type=\"container\" data-e-type=\"container\">\n\t\t\t\t<div class=\"elementor-element elementor-element-cp5b7a91b elementor-widget elementor-widget-text-editor\" data-id=\"cp5b7a91b\" data-element_type=\"widget\" data-e-type=\"widget\" data-widget_type=\"text-editor.default\">\n\t\t\t\t\t\t\t\t\t<p>Til Freyjas faste attributter h\u00f8rer halsk\u00e6den eller halssmykket <em>Br\u00edsingamen<\/em>. Snorri n\u00e6vner det, og det angelsaksiske epos <em>Beowulf<\/em> kender et besl\u00e6gtet smykke, <em>Brosinga mene<\/em>, hvilket tyder p\u00e5, at forestillingen var kendt langt uden for Skandinavien.<\/p><p>En udf\u00f8rlig fort\u00e6lling om erhvervelsen af Br\u00edsingamen er dog kun bevaret i en sen kilde, <em>S\u00f6rla \u00fe\u00e1ttr<\/em>, en fort\u00e6lling fra 1300-tallet, hvis v\u00e6rdi for den f\u00f8rkristne religion er omstridt.<\/p><p>I digtet <em>\u00derymskvi\u00f0a<\/em> fra <em>Den \u00e6ldre Edda<\/em> spiller Br\u00edsingamen en rolle, da Thor skal forkl\u00e6de sig som Freyja for at f\u00e5 sin stj\u00e5lne hammer tilbage, og i den forbindelse tager gudindens halssmykke p\u00e5. Episoden er komisk anlagt og viser samtidig, hvor t\u00e6t Br\u00edsingamen blev t\u00e6nkt sammen med Freyjas identitet.<\/p><p>Et andet velkendt attribut er hendes kattespand, som tr\u00e6kker hendes vogn. Ogs\u00e5 dette detalje beror i det v\u00e6sentlige p\u00e5 Snorris autoritet. Forskningen har diskuteret, hvilke dyr der oprindeligt var t\u00e6nkt, da det oldnordiske ord ikke i alle tilf\u00e6lde er entydigt, og ogs\u00e5 st\u00f8rre rovdyr eller andre dyr er blevet foresl\u00e5et.<\/p><p>S\u00e5danne debatter viser tydeligt, at selv tilsyneladende faste &#8220;fakta&#8221; om Freyja ofte bygger p\u00e5 tolkningen af enkelte ord. Derudover har hun efter Snorri en falkefjer-kappe, som man kan flyve med, og vildsvinet Hildisv\u00edni.<\/p>\n<p>I <em>\u00derymskvi\u00f0a<\/em> fra <em>Den \u00e6ldre Edda<\/em> kr\u00e6ver j\u00e6tten \u00derymr Freyja som brudepris for at give Thors hammer tilbage. Freyja afviser vredt, hvorefter Thor selv sendes til \u00derymr forkl\u00e6dt som brud i kvindekl\u00e6der og med Br\u00edsingamen. Episoden viser, hvor t\u00e6t Br\u00edsingamen blev t\u00e6nkt sammen med Freyjas identitet og v\u00e6rdighed, og viser samtidig, at gudinden ikke blev betragtet som en handelsvare, men som en selvst\u00e6ndig st\u00f8rrelse i gudeverdenen.<\/p>\t\t\t\t\t\t\t\t<\/div>\n\t\t\t\t<\/div>\n\t\t\t\t\t<\/div>\n\t\t\t\t<\/div>\n\t\t<div class=\"elementor-element elementor-element-cp2f361da e-flex e-con-boxed e-con e-parent\" data-id=\"cp2f361da\" data-element_type=\"container\" data-e-type=\"container\">\n\t\t\t\t\t<div class=\"e-con-inner\">\n\t\t\t\t<div class=\"elementor-element elementor-element-cp93ea821 elementor-widget elementor-widget-heading\" data-id=\"cp93ea821\" data-element_type=\"widget\" data-e-type=\"widget\" data-widget_type=\"heading.default\">\n\t\t\t\t\t<h2 class=\"elementor-heading-title elementor-size-default\">Freyja og sei\u00f0r: Magi p\u00e5 gr\u00e6nsen af k\u00f8nsrollerne<\/h2>\t\t\t\t<\/div>\n\t\t<div class=\"elementor-element elementor-element-cp786ef96 e-con-full e-flex e-con e-child\" data-id=\"cp786ef96\" data-element_type=\"container\" data-e-type=\"container\">\n\t\t\t\t<div class=\"elementor-element elementor-element-cp169d5c6 elementor-widget elementor-widget-text-editor\" data-id=\"cp169d5c6\" data-element_type=\"widget\" data-e-type=\"widget\" data-widget_type=\"text-editor.default\">\n\t\t\t\t\t\t\t\t\t<p>En religionshistorisk s\u00e6rligt oplysende <span class=\"iwg-fachbegriff\" data-tooltip=\"Overleveringen af viden og fort\u00e6llinger gennem generationer.\" tabindex=\"0\">overlevering<\/span> forbinder Freyja med <em>sei\u00f0r<\/em>, en form for ritualmagi. Snorri fort\u00e6ller i <em>Ynglinga saga<\/em>, at Freyja beherskede denne kunst og l\u00e6rte den til aserne, navnlig Odin. <em>Sei\u00f0r<\/em> tjente if\u00f8lge kilderne blandt andet til <span class=\"iwg-fachbegriff\" data-tooltip=\"Tydningen af tegn for at erkende det skjulte eller kommende.\" tabindex=\"0\">sp\u00e5dom<\/span>, p\u00e5virkning af lykke og sk\u00e6bne samt skadelig <span class=\"iwg-fachbegriff\" data-tooltip=\"Praksisser, der gennem s\u00e6rlige handlinger eller formler \u00f8nsker at gribe ind i tingenes forl\u00f8b.\" tabindex=\"0\">magi<\/span>.<\/p><p>Det er v\u00e6rd at bem\u00e6rke, at <em>sei\u00f0r<\/em> i kilderne fremst\u00e5r belastet af et k\u00f8nsproblem. Flere tekster antyder, at ud\u00f8velsen af <em>sei\u00f0r<\/em> for m\u00e6nd blev betragtet som umandigt, som <em>ergi<\/em>.<\/p><p>Da Odin ud\u00f8ver <em>sei\u00f0r<\/em>, bebrejder Loki ham dette som en skam i <em>Lokasenna<\/em>. At kunsten stammer fra en gudinde og prim\u00e6rt blev ud\u00f8vet af kvinder, passer ind i dette billede.<\/p><p>Freyja st\u00e5r dermed ved et sk\u00e6ringspunkt. Hun forbinder omr\u00e5derne k\u00e6rlighed og fertilitet, som oftest tilskrives hende, med magten over skjult viden og over sk\u00e6bnen. Denne forbindelse er ikke en modsigelse, men f\u00f8lger et m\u00f8nster, som ogs\u00e5 findes hos andre vaner-guder: fertilitet og sk\u00e6bnemagt h\u00f8rer sammen, fordi begge vedr\u00f8rer tilblivelse og forgang.<\/p><p>Forskningen diskuterer, om der bag Freyja gemmer sig en \u00e6ldre, mere vidtstrakt sk\u00e6bne- og vegetationsgudinde, hvis profil kun delvist er synlig i den overleverede <span class=\"iwg-fachbegriff\" data-tooltip=\"Helheden af de overleverede gudefort\u00e6llinger i en kultur.\" tabindex=\"0\">mytologi<\/span>. Kilderne tillader intet sikkert svar, men forbindelsen mellem <em>sei\u00f0r<\/em>, krig, k\u00e6rlighed og d\u00f8d g\u00f8r Freyja til en af de mest mangefacetterede gestalter i den nordiske gudeverden.<\/p>\n<p><em>Eir\u00edks saga rau\u00f0a<\/em> leverer en af de mest anskuelige skildringer af sei\u00f0r-praksis i den islandske sagalitteratur: En sandsigerske sidder oph\u00f8jet p\u00e5 et stillads, bringes i trance gennem sang og giver profetiske svar. Denne beskrivelse viser den rituelle ramme, hvori sei\u00f0r blev udf\u00f8rt, og bekr\u00e6fter den n\u00e6re forbindelse mellem trance, sang og sp\u00e5dom. Neil Price har i sine arbejder om sei\u00f0r og nordisk krigsideologi fremh\u00e6vet denne praksis som en central, l\u00e6nge undervurderet bestanddel af den oldnordiske religion, og har samtidig betonet Freyjas rolle som denne kunsts oprindelige l\u00e6remester.<\/p>\t\t\t\t\t\t\t\t<\/div>\n\t\t\t\t<\/div>\n\t\t\t\t\t<\/div>\n\t\t\t\t<\/div>\n\t\t<div class=\"elementor-element elementor-element-36dd7469 e-flex e-con-boxed e-con e-parent\" data-id=\"36dd7469\" data-element_type=\"container\" data-e-type=\"container\">\n\t\t\t\t\t<div class=\"e-con-inner\">\n\t\t\t\t<div class=\"elementor-element elementor-element-13760ab4 elementor-widget elementor-widget-heading\" data-id=\"13760ab4\" data-element_type=\"widget\" data-e-type=\"widget\" data-widget_type=\"heading.default\">\n\t\t\t\t\t<h2 class=\"elementor-heading-title elementor-size-default\">Yderligere links<\/h2>\t\t\t\t<\/div>\n\t\t<div class=\"elementor-element elementor-element-28c87796 e-con-full e-flex e-con e-child\" data-id=\"28c87796\" data-element_type=\"container\" data-e-type=\"container\">\n\t\t\t\t<div class=\"elementor-element elementor-element-5d6538df elementor-widget elementor-widget-text-editor\" data-id=\"5d6538df\" data-element_type=\"widget\" data-e-type=\"widget\" data-widget_type=\"text-editor.default\">\n\t\t\t\t\t\t\t\t\t<ul><li><a href=\"https:\/\/iwell-guard.com\/da\/?page_id=138041\">Odin, deler med hende de faldne krigere<\/a><\/li><li><a href=\"https:\/\/iwell-guard.com\/da\/?page_id=138146\">Frigg, besl\u00e6gtet germansk gudinde<\/a><\/li><li><a href=\"https:\/\/iwell-guard.com\/da\/?page_id=138207\">Afrodite, gr\u00e6sk k\u00e6rligheds-parallel<\/a><\/li><li><a href=\"https:\/\/iwell-guard.com\/da\/?page_id=137942\">Germansk, pantheon-oversigt<\/a><\/li><li><a href=\"https:\/\/iwell-guard.com\/da\/?page_id=138007\">Guder, klasse-oversigt<\/a><\/li><\/ul>\t\t\t\t\t\t\t\t<\/div>\n\t\t\t\t<\/div>\n\t\t\t\t\t<\/div>\n\t\t\t\t<\/div>\n\t\t<div class=\"elementor-element elementor-element-grl4kl40 e-flex e-con-boxed e-con e-parent\" data-id=\"grl4kl40\" data-element_type=\"container\" data-e-type=\"container\">\n\t\t\t\t\t<div class=\"e-con-inner\">\n\t\t\t\t<div class=\"elementor-element elementor-element-bzsbfrmh elementor-widget elementor-widget-heading\" data-id=\"bzsbfrmh\" data-element_type=\"widget\" data-e-type=\"widget\" data-widget_type=\"heading.default\">\n\t\t\t\t\t<h2 class=\"elementor-heading-title elementor-size-default\">Forskningslitteratur<\/h2>\t\t\t\t<\/div>\n\t\t<div class=\"elementor-element elementor-element-2c13224a e-con-full e-flex e-con e-child\" data-id=\"2c13224a\" data-element_type=\"container\" data-e-type=\"container\">\n\t\t\t\t<div class=\"elementor-element elementor-element-0eymh9ub elementor-widget elementor-widget-text-editor\" data-id=\"0eymh9ub\" data-element_type=\"widget\" data-e-type=\"widget\" data-widget_type=\"text-editor.default\">\n\t\t\t\t\t\t\t\t\t<footer class=\"iwg-literatur\" data-nosnippet=\"true\"><ul><li><span data-nosnippet>N&auml;sstr&ouml;m, Britt-Mari: <em>Freyja. The Great Goddess of the North<\/em>. Lund 1995 (standardv\u00e6rk).<\/span><\/li><li><span data-nosnippet>Simek, Rudolf: <em>Lexikon der germanischen <span class=\"iwg-fachbegriff\" data-tooltip=\"Helheden af de overleverede gudefort\u00e6llinger i en kultur.\" tabindex=\"0\">Mythologie<\/span><\/em>. Stuttgart 2006.<\/span><\/li><li><span data-nosnippet>de Vries, Jan: <em>Altgermanische Religionsgeschichte<\/em>. Berlin 1956\/57.<\/span><\/li><li><span data-nosnippet>Lindow, John: <em>Norse Mythology. A Guide to the Gods, Heroes, Rituals, and Beliefs<\/em>. Oxford 2001.<\/span><\/li><li><span data-nosnippet>Davidson, Hilda Ellis: <em>Roles of the Northern Goddess<\/em>. London 1998.<\/span><\/li><li>Snorri Sturluson: <em>Snorra-Edda<\/em> (talrige overs\u00e6ttelser).<\/li><li>Walde, Christine (red.): <em>Der Neue Pauly<\/em> (opslag &bdquo;Freyja&ldquo;).<\/li><li><span data-nosnippet>Davidson, Hilda Ellis: <em>Gods and Myths of Northern Europe<\/em>. London 1964.<\/span><\/li><li><span data-nosnippet>Brink, Stefan; Hultg\u00e5rd, Anders: Bidrag til Freya-traditionen i: <em>Old Norse Religion in Long-Term Perspectives<\/em>. Lund 2006.<\/span><\/li><li><span data-nosnippet>\u00c1sd\u00edsard\u00f3ttir, Ingunn: <em>Frigg og Freyja<\/em>. Reykjav\u00edk 2007.<\/span><\/li><\/ul><\/footer>\t\t\t\t\t\t\t\t<\/div>\n\t\t\t\t<\/div>\n\t\t\t\t\t<\/div>\n\t\t\t\t<\/div>\n\t\t\t\t<section class=\"elementor-section elementor-top-section elementor-element elementor-element-wv-freyja-faq elementor-section-boxed elementor-section-height-default elementor-section-height-default\" data-id=\"wv-freyja-faq\" data-element_type=\"section\" data-e-type=\"section\">\n\t\t\t\t\t\t<div class=\"elementor-container elementor-column-gap-default\">\n\t\t\t\t\t<div class=\"elementor-column elementor-col-100 elementor-top-column elementor-element elementor-element-wv-freyja-faq-col\" data-id=\"wv-freyja-faq-col\" data-element_type=\"column\" data-e-type=\"column\">\n\t\t\t<div class=\"elementor-widget-wrap elementor-element-populated\">\n\t\t\t\t\t\t<div class=\"elementor-element elementor-element-wv-freyja-h elementor-widget elementor-widget-heading\" data-id=\"wv-freyja-h\" data-element_type=\"widget\" data-e-type=\"widget\" data-widget_type=\"heading.default\">\n\t\t\t\t\t<h2 class=\"elementor-heading-title elementor-size-default\">Ofte stillede sp\u00f8rgsm\u00e5l om Freyja<\/h2>\t\t\t\t<\/div>\n\t\t\t\t<div class=\"elementor-element elementor-element-wv-freyja-t elementor-widget elementor-widget-text-editor\" data-id=\"wv-freyja-t\" data-element_type=\"widget\" data-e-type=\"widget\" data-widget_type=\"text-editor.default\">\n\t\t\t\t\t\t\t\t\t\n<details class=\"iwg-faq-item\">\n  <summary><strong>Hvem er Freja?<\/strong><\/summary>\n  <p>Freja (oldnordisk Freyja, &quot;frue&quot;) er den vigtigste kvindelige <span class=\"iwg-fachbegriff\" data-tooltip=\"Et v\u00e6sen, der tilbedes som gudommeligt inden for en religion.\" tabindex=\"0\">guddom<\/span> i den nordiske <span class=\"iwg-fachbegriff\" data-tooltip=\"Den samlede overlevering af gudefort\u00e6llinger i en kultur.\" tabindex=\"0\">mytologi<\/span>. Hun h\u00f8rer til vanernes sl\u00e6gt og betragtes som skytsgudinde for k\u00e6rlighed, fertilitet, sk\u00e6bnekundskab og sejd-<span class=\"iwg-fachbegriff\" data-tooltip=\"Praksisser, der ved hj\u00e6lp af s\u00e6rlige handlinger eller formler fors\u00f8ger at gribe ind i tingenes gang.\" tabindex=\"0\">magi<\/span>. I hende forenes erotiske, magiske og krigerske aspekter, hvilket g\u00f8r hende til en af de mest mangefacetterede skikkelser i den germanske <span class=\"iwg-fachbegriff\" data-tooltip=\"Overleveringen af viden og fort\u00e6llinger gennem generationer.\" tabindex=\"0\">overlevering<\/span>.<\/p>\n<\/details>\n\n<details class=\"iwg-faq-item\">\n  <summary><strong>Hvilken rolle spiller Freja blandt vanerne?<\/strong><\/summary>\n  <p>Freja stammer fra vanernes sl\u00e6gt, den \u00e6ldre gudefamilie, der efter vanekrigen blev optaget i asernes kreds. Hun er datter af Njord og s\u00f8ster til Frej og betragtes som den \u00f8verste vanegudinde. Snorri beskriver hende i Gylfaginning som n\u00e6st efter Frigg den vigtigste kvindelige <span class=\"iwg-fachbegriff\" data-tooltip=\"Et v\u00e6sen, der tilbedes som gudommeligt inden for en religion.\" tabindex=\"0\">guddom<\/span> i det nordiske pantheon.<\/p>\n<\/details>\n\n<details class=\"iwg-faq-item\">\n  <summary><strong>Hvad har Freja at g\u00f8re med de krigsfaldne?<\/strong><\/summary>\n  <p>If\u00f8lge Gr\u00edmnism\u00e1l og Snorris Gylfaginning tager Freja imod halvdelen af de i kamp faldne i sin hal Folkvang. Den anden halvdel tilfalder Odin i Valhal. Hilda Ellis Davidson har argumenteret for, at Frejas forbindelse til d\u00f8d og sk\u00e6bne var \u00e6ldre og mere omfattende, end den senere litter\u00e6re tradition viser. Dermed forener hun ansvarsomr\u00e5der, der ellers ses fordelt p\u00e5 flere guddomme.<\/p>\n<\/details>\n\n<details class=\"iwg-faq-item\">\n  <summary><strong>Hvordan er kildesituationen for Freja?<\/strong><\/summary>\n  <p>De centrale skriftlige vidnesbyrd stammer fra 1200-tallet, blandt andet Snorra-Edda, Den poetiske Edda og den senere overleverede S\u00f6rla \u00fe\u00e1ttr. Teksterne afspejler ikke den f\u00f8rkristne religion ubrudt, men i en kristeligt pr\u00e6get optegnelse. Den ark\u00e6ologiske <span class=\"iwg-fachbegriff\" data-tooltip=\"Overleveringen af viden og fort\u00e6llinger gennem generationer.\" tabindex=\"0\">overlevering<\/span> er mere sparsom end for Odin eller Thor, hvorfor mange udsagn om Freja fortsat er genstand for forskningsdiskussion.<\/p>\n<\/details>\n\t\t\t\t\t\t\t\t<\/div>\n\t\t\t\t<div class=\"elementor-element elementor-element-wv-freyja-s elementor-widget elementor-widget-html\" data-id=\"wv-freyja-s\" data-element_type=\"widget\" data-e-type=\"widget\" data-widget_type=\"html.default\">\n\t\t\t\t\t<script type=\"application\/ld+json\">{\"@context\": \"https:\/\/schema.org\", \"@type\": \"FAQPage\", \"mainEntity\": [{\"@type\": \"Question\", \"name\": \"Hvem er Freja?\", \"acceptedAnswer\": {\"@type\": \"Answer\", \"text\": \"Freja (oldnordisk Freyja, \\\"frue\\\") er den vigtigste kvindelige guddom i den nordiske mytologi. Hun h\u00f8rer til vanernes sl\u00e6gt og betragtes som skytsgudinde for k\u00e6rlighed, fertilitet, sk\u00e6bnekundskab og sejd-magi. I hende forenes erotiske, magiske og krigerske aspekter, hvilket g\u00f8r hende til en af de mest mangefacetterede skikkelser i den germanske overlevering.\"}}, {\"@type\": \"Question\", \"name\": \"Hvilken rolle spiller Freja blandt vanerne?\", \"acceptedAnswer\": {\"@type\": \"Answer\", \"text\": \"Freja stammer fra vanernes sl\u00e6gt, den \u00e6ldre gudefamilie, der efter vanekrigen blev optaget i asernes kreds. Hun er datter af Njord og s\u00f8ster til Frej og betragtes som den \u00f8verste vanegudinde. Snorri beskriver hende i Gylfaginning som n\u00e6st efter Frigg den vigtigste kvindelige guddom i det nordiske pantheon.\"}}, {\"@type\": \"Question\", \"name\": \"Hvad har Freja at g\u00f8re med de krigsfaldne?\", \"acceptedAnswer\": {\"@type\": \"Answer\", \"text\": \"If\u00f8lge Gr\u00edmnism\u00e1l og Snorris Gylfaginning tager Freja imod halvdelen af de i kamp faldne i sin hal Folkvang, mens den anden halvdel tilfalder Odin i Valhal. Hilda Ellis Davidson har argumenteret for, at Frejas forbindelse til d\u00f8d og sk\u00e6bne var \u00e6ldre og mere omfattende, end den senere litter\u00e6re tradition viser. Dermed forener hun ansvarsomr\u00e5der, der ellers ses fordelt p\u00e5 flere guddomme.\"}}, {\"@type\": \"Question\", \"name\": \"Hvordan er kildesituationen for Freja?\", \"acceptedAnswer\": {\"@type\": \"Answer\", \"text\": \"De centrale skriftlige vidnesbyrd stammer fra 1200-tallet, blandt andet Snorra-Edda, Den poetiske Edda og den senere overleverede S\u00f6rla \u00fe\u00e1ttr. Teksterne afspejler ikke den f\u00f8rkristne religion ubrudt, men i en kristeligt pr\u00e6get optegnelse. Den ark\u00e6ologiske overlevering er mere sparsom end for Odin eller Thor, hvorfor mange udsagn om Freja fortsat er genstand for forskningsdiskussion.\"}}]}<\/script>\t\t\t\t<\/div>\n\t\t\t\t\t<\/div>\n\t\t<\/div>\n\t\t\t\t\t<\/div>\n\t\t<\/section>\n\t\t\t\t<\/div>\n\t\t","protected":false},"excerpt":{"rendered":"","protected":false},"author":3,"featured_media":1571,"parent":0,"menu_order":0,"comment_status":"closed","ping_status":"closed","template":"elementor_header_footer","meta":{"_yoast_wpseo_focuskw":"Freja","_yoast_wpseo_title":"Freja - Gudinde for k\u00e6rlighed og fertilitet","_yoast_wpseo_metadesc":"Freja, overleveret gennem \u00e5rhundreder i kilder som Prosa-Eddaen: vanegudinde for k\u00e6rlighed, fertilitet, krig og seid-magi, herskerinde over Folkvangr.","_yoast_wpseo_meta-robots-noindex":"","_yoast_wpseo_canonical":"","_angie_page":false,"gefaehrdungsstufe":"2","wesen_kultur":"germanisch","wesen_klasse":"goetter","footnotes":""},"categories":[],"class_list":["post-138142","page","type-page","status-publish","has-post-thumbnail","hentry"],"yoast_head":"<!-- This site is optimized with the Yoast SEO Premium plugin v27.7 (Yoast SEO v28.3) - https:\/\/yoast.com\/product\/yoast-seo-premium-wordpress\/ -->\n<title>Freja - Gudinde for k\u00e6rlighed og fertilitet<\/title>\n<meta name=\"description\" content=\"Freja, overleveret gennem \u00e5rhundreder i kilder som Prosa-Eddaen: vanegudinde for k\u00e6rlighed, fertilitet, krig og seid-magi, herskerinde over Folkvangr.\" \/>\n<meta name=\"robots\" content=\"index, follow, max-snippet:-1, max-image-preview:large, max-video-preview:-1\" \/>\n<link rel=\"canonical\" href=\"https:\/\/iwell-guard.com\/da\/freja\/\" \/>\n<meta property=\"og:locale\" content=\"da_DK\" \/>\n<meta property=\"og:type\" content=\"article\" \/>\n<meta property=\"og:title\" content=\"Freja\" \/>\n<meta property=\"og:description\" content=\"Freja, overleveret gennem \u00e5rhundreder i kilder som Prosa-Eddaen: vanegudinde for k\u00e6rlighed, fertilitet, krig og seid-magi, herskerinde over Folkvangr.\" \/>\n<meta property=\"og:url\" content=\"https:\/\/iwell-guard.com\/da\/freja\/\" \/>\n<meta property=\"og:site_name\" content=\"iWell Guard\" \/>\n<meta property=\"article:modified_time\" content=\"2026-09-03T07:51:42+00:00\" \/>\n<meta property=\"og:image\" content=\"https:\/\/iwell-guard.com\/wp-content\/uploads\/2026\/04\/goetter_germanisch_freyja.webp\" \/>\n\t<meta property=\"og:image:width\" content=\"1024\" \/>\n\t<meta property=\"og:image:height\" content=\"1536\" \/>\n\t<meta property=\"og:image:type\" content=\"image\/webp\" \/>\n<meta name=\"twitter:card\" content=\"summary_large_image\" \/>\n<script type=\"application\/ld+json\" class=\"yoast-schema-graph\">{\"@context\":\"https:\\\/\\\/schema.org\",\"@graph\":[{\"@type\":\"WebPage\",\"@id\":\"https:\\\/\\\/iwell-guard.com\\\/da\\\/freja\\\/\",\"url\":\"https:\\\/\\\/iwell-guard.com\\\/da\\\/freja\\\/\",\"name\":\"Freja - Gudinde for k\u00e6rlighed og fertilitet\",\"isPartOf\":{\"@id\":\"https:\\\/\\\/iwell-guard.com\\\/da\\\/#website\"},\"primaryImageOfPage\":{\"@id\":\"https:\\\/\\\/iwell-guard.com\\\/da\\\/freja\\\/#primaryimage\"},\"image\":{\"@id\":\"https:\\\/\\\/iwell-guard.com\\\/da\\\/freja\\\/#primaryimage\"},\"thumbnailUrl\":\"https:\\\/\\\/iwell-guard.com\\\/wp-content\\\/uploads\\\/2026\\\/04\\\/goetter_germanisch_freyja.webp\",\"datePublished\":\"2026-09-03T07:06:05+00:00\",\"dateModified\":\"2026-09-03T07:51:42+00:00\",\"description\":\"Freja, overleveret gennem \u00e5rhundreder i kilder som Prosa-Eddaen: vanegudinde for k\u00e6rlighed, fertilitet, krig og seid-magi, herskerinde over Folkvangr.\",\"breadcrumb\":{\"@id\":\"https:\\\/\\\/iwell-guard.com\\\/da\\\/freja\\\/#breadcrumb\"},\"inLanguage\":\"da-DK\",\"potentialAction\":[{\"@type\":\"ReadAction\",\"target\":[\"https:\\\/\\\/iwell-guard.com\\\/da\\\/freja\\\/\"]}]},{\"@type\":\"ImageObject\",\"inLanguage\":\"da-DK\",\"@id\":\"https:\\\/\\\/iwell-guard.com\\\/da\\\/freja\\\/#primaryimage\",\"url\":\"https:\\\/\\\/iwell-guard.com\\\/wp-content\\\/uploads\\\/2026\\\/04\\\/goetter_germanisch_freyja.webp\",\"contentUrl\":\"https:\\\/\\\/iwell-guard.com\\\/wp-content\\\/uploads\\\/2026\\\/04\\\/goetter_germanisch_freyja.webp\",\"width\":1024,\"height\":1536,\"caption\":\"Guder fra den germanske tradition.\"},{\"@type\":\"BreadcrumbList\",\"@id\":\"https:\\\/\\\/iwell-guard.com\\\/da\\\/freja\\\/#breadcrumb\",\"itemListElement\":[{\"@type\":\"ListItem\",\"position\":1,\"name\":\"Start\",\"item\":\"https:\\\/\\\/iwell-guard.com\\\/da\\\/?page_id=137908\"},{\"@type\":\"ListItem\",\"position\":2,\"name\":\"Freja\"}]},{\"@type\":\"WebSite\",\"@id\":\"https:\\\/\\\/iwell-guard.com\\\/da\\\/#website\",\"url\":\"https:\\\/\\\/iwell-guard.com\\\/da\\\/\",\"name\":\"iWell Guard\",\"description\":\"Schutz vor dunklen Einfl\u00fcssen\",\"publisher\":{\"@id\":\"https:\\\/\\\/iwell-guard.com\\\/da\\\/#organization\"},\"potentialAction\":[{\"@type\":\"SearchAction\",\"target\":{\"@type\":\"EntryPoint\",\"urlTemplate\":\"https:\\\/\\\/iwell-guard.com\\\/da\\\/?s={search_term_string}\"},\"query-input\":{\"@type\":\"PropertyValueSpecification\",\"valueRequired\":true,\"valueName\":\"search_term_string\"}}],\"inLanguage\":\"da-DK\"},{\"@type\":\"Organization\",\"@id\":\"https:\\\/\\\/iwell-guard.com\\\/da\\\/#organization\",\"name\":\"Ittermann electronic GmbH\",\"url\":\"https:\\\/\\\/iwell-guard.com\\\/da\\\/\",\"logo\":{\"@type\":\"ImageObject\",\"inLanguage\":\"da-DK\",\"@id\":\"https:\\\/\\\/iwell-guard.com\\\/da\\\/#\\\/schema\\\/logo\\\/image\\\/\",\"url\":\"https:\\\/\\\/iwell-guard.com\\\/wp-content\\\/uploads\\\/2026\\\/05\\\/Ittermann-Logo-1182x237-1.png\",\"contentUrl\":\"https:\\\/\\\/iwell-guard.com\\\/wp-content\\\/uploads\\\/2026\\\/05\\\/Ittermann-Logo-1182x237-1.png\",\"width\":1182,\"height\":237,\"caption\":\"Ittermann electronic GmbH\"},\"image\":{\"@id\":\"https:\\\/\\\/iwell-guard.com\\\/da\\\/#\\\/schema\\\/logo\\\/image\\\/\"},\"sameAs\":[\"https:\\\/\\\/pantip.com\\\/profile\\\/9367242\",\"https:\\\/\\\/micro.blog\\\/iwellguard\",\"https:\\\/\\\/www.diggerslist.com\\\/iwellguard\\\/about\",\"https:\\\/\\\/skitterphoto.com\\\/photographers\\\/2870314\\\/iwell-guard\",\"https:\\\/\\\/iwellguard.wordpress.com\\\/2026\\\/06\\\/06\\\/iwell-guard\\\/\",\"https:\\\/\\\/hub.docker.com\\\/u\\\/iwellguard\",\"https:\\\/\\\/www.pinterest.com\\\/iwellguard\\\/\",\"https:\\\/\\\/bit.ly\\\/m\\\/iwellguard\",\"https:\\\/\\\/entre-vos-mains.alsace.eu\\\/profiles\\\/iwellguard\\\/activity\",\"https:\\\/\\\/gravatar.com\\\/reallybeded8fd34\",\"https:\\\/\\\/naijamatta.com\\\/iwellguard\",\"https:\\\/\\\/www.goodreads.com\\\/iwellguard\",\"https:\\\/\\\/profile.hatena.ne.jp\\\/iwellguard\\\/\",\"https:\\\/\\\/experiment.com\\\/users\\\/iwellguard\",\"https:\\\/\\\/wakelet.com\\\/@iWellGuard82270\",\"https:\\\/\\\/www.chordie.com\\\/forum\\\/profile.php?id=2555664\",\"https:\\\/\\\/www.instapaper.com\\\/p\\\/17757966\",\"https:\\\/\\\/www.mapleprimes.com\\\/users\\\/iwellguard\",\"https:\\\/\\\/businesslistingplus.com\\\/profile\\\/iwell-guard\\\/\",\"https:\\\/\\\/telegra.ph\\\/iWell-Guard-06-06\",\"https:\\\/\\\/pbase.com\\\/iwellguard\\\/iwellguard\",\"https:\\\/\\\/b.hatena.ne.jp\\\/iwellguard\\\/20260607#bookmark-4788405196491818882\",\"https:\\\/\\\/fliphtml5.com\\\/home\\\/iwellguard\",\"https:\\\/\\\/anyflip.com\\\/homepage\\\/cmiwl#About\",\"https:\\\/\\\/transfur.com\\\/Users\\\/iwellguard\",\"http:\\\/\\\/delphi.larsbo.org\\\/user\\\/iwellguard\",\"https:\\\/\\\/jobs.lajobsportal.org\\\/profiles\\\/8380803-iwell-guard\",\"https:\\\/\\\/md.chaosdorf.de\\\/s\\\/jfbe5SBdJD\",\"https:\\\/\\\/www.lingvolive.com\\\/en-us\\\/profile\\\/9ecaeaca-ce11-4e51-9e71-01d55e2bff36\\\/translations\",\"https:\\\/\\\/www.fitday.com\\\/fitness\\\/forums\\\/members\\\/iwellguard.html\",\"https:\\\/\\\/www.mymeetbook.com\\\/iwellguard\",\"https:\\\/\\\/pxhere.com\\\/en\\\/photographer-me\\\/5040798\",\"https:\\\/\\\/disqus.com\\\/by\\\/iwellguard\\\/about\\\/\",\"https:\\\/\\\/pastelink.net\\\/hjwciqwq\",\"https:\\\/\\\/pubhtml5.com\\\/homepage\\\/scjhn\\\/\",\"https:\\\/\\\/www.bitchute.com\\\/channel\\\/2O2eOKzNqujT\",\"https:\\\/\\\/audiomack.com\\\/iwellguard\"]},{\"@type\":\"Article\",\"@id\":\"https:\\\/\\\/iwell-guard.com\\\/da\\\/freja\\\/#article\",\"isPartOf\":{\"@id\":\"https:\\\/\\\/iwell-guard.com\\\/da\\\/freja\\\/\"},\"author\":{\"name\":\"Ralf Ittermann\",\"@id\":\"https:\\\/\\\/iwell-guard.com\\\/da\\\/#\\\/schema\\\/person\\\/ee2a27f1cac3406c7c6fb5820cb7349f\"},\"headline\":\"Freja\",\"datePublished\":\"2026-09-03T07:06:05+00:00\",\"dateModified\":\"2026-09-03T07:51:42+00:00\",\"mainEntityOfPage\":{\"@id\":\"https:\\\/\\\/iwell-guard.com\\\/da\\\/freja\\\/\"},\"publisher\":{\"@id\":\"https:\\\/\\\/iwell-guard.com\\\/da\\\/#organization\"},\"image\":{\"@id\":\"https:\\\/\\\/iwell-guard.com\\\/da\\\/freja\\\/#primaryimage\"},\"thumbnailUrl\":\"https:\\\/\\\/iwell-guard.com\\\/wp-content\\\/uploads\\\/2026\\\/04\\\/goetter_germanisch_freyja.webp\",\"inLanguage\":\"da-DK\",\"description\":\"Freja, overleveret gennem \u00e5rhundreder i kilder som Prosa-Eddaen: vanegudinde for k\u00e6rlighed, fertilitet, krig og seid-magi, herskerinde over Folkvangr.\"}]}<\/script>\n<!-- \/ Yoast SEO Premium plugin. -->","yoast_head_json":{"title":"Freja - Gudinde for k\u00e6rlighed og fertilitet","description":"Freja, overleveret gennem \u00e5rhundreder i kilder som Prosa-Eddaen: vanegudinde for k\u00e6rlighed, fertilitet, krig og seid-magi, herskerinde over Folkvangr.","robots":{"index":"index","follow":"follow","max-snippet":"max-snippet:-1","max-image-preview":"max-image-preview:large","max-video-preview":"max-video-preview:-1"},"canonical":"https:\/\/iwell-guard.com\/da\/freja\/","og_locale":"da_DK","og_type":"article","og_title":"Freja","og_description":"Freja, overleveret gennem \u00e5rhundreder i kilder som Prosa-Eddaen: vanegudinde for k\u00e6rlighed, fertilitet, krig og seid-magi, herskerinde over Folkvangr.","og_url":"https:\/\/iwell-guard.com\/da\/freja\/","og_site_name":"iWell Guard","article_modified_time":"2026-09-03T07:51:42+00:00","og_image":[{"width":1024,"height":1536,"url":"https:\/\/iwell-guard.com\/wp-content\/uploads\/2026\/04\/goetter_germanisch_freyja.webp","type":"image\/webp"}],"twitter_card":"summary_large_image","schema":{"@context":"https:\/\/schema.org","@graph":[{"@type":"Article","@id":"https:\/\/iwell-guard.com\/da\/freja\/#article","isPartOf":{"@id":"https:\/\/iwell-guard.com\/da\/freja\/"},"author":{"name":"Ralf Ittermann","@id":"https:\/\/iwell-guard.com\/da\/#\/schema\/person\/ee2a27f1cac3406c7c6fb5820cb7349f"},"headline":"Freja","datePublished":"2026-09-03T07:06:05+00:00","dateModified":"2026-09-03T07:51:42+00:00","mainEntityOfPage":{"@id":"https:\/\/iwell-guard.com\/da\/freja\/"},"publisher":{"@id":"https:\/\/iwell-guard.com\/da\/#organization"},"image":{"@id":"https:\/\/iwell-guard.com\/da\/freja\/#primaryimage"},"thumbnailUrl":"https:\/\/iwell-guard.com\/wp-content\/uploads\/2026\/04\/goetter_germanisch_freyja.webp","inLanguage":"da-DK","description":"Freja, overleveret gennem \u00e5rhundreder i kilder som Prosa-Eddaen: vanegudinde for k\u00e6rlighed, fertilitet, krig og seid-magi, herskerinde over Folkvangr."},{"@type":"WebPage","@id":"https:\/\/iwell-guard.com\/da\/freja\/","url":"https:\/\/iwell-guard.com\/da\/freja\/","name":"Freja - Gudinde for k\u00e6rlighed og fertilitet","isPartOf":{"@id":"https:\/\/iwell-guard.com\/da\/#website"},"primaryImageOfPage":{"@id":"https:\/\/iwell-guard.com\/da\/freja\/#primaryimage"},"image":{"@id":"https:\/\/iwell-guard.com\/da\/freja\/#primaryimage"},"thumbnailUrl":"https:\/\/iwell-guard.com\/wp-content\/uploads\/2026\/04\/goetter_germanisch_freyja.webp","datePublished":"2026-09-03T07:06:05+00:00","dateModified":"2026-09-03T07:51:42+00:00","description":"Freja, overleveret gennem \u00e5rhundreder i kilder som Prosa-Eddaen: vanegudinde for k\u00e6rlighed, fertilitet, krig og seid-magi, herskerinde over Folkvangr.","breadcrumb":{"@id":"https:\/\/iwell-guard.com\/da\/freja\/#breadcrumb"},"inLanguage":"da-DK","potentialAction":[{"@type":"ReadAction","target":["https:\/\/iwell-guard.com\/da\/freja\/"]}]},{"@type":"ImageObject","inLanguage":"da-DK","@id":"https:\/\/iwell-guard.com\/da\/freja\/#primaryimage","url":"https:\/\/iwell-guard.com\/wp-content\/uploads\/2026\/04\/goetter_germanisch_freyja.webp","contentUrl":"https:\/\/iwell-guard.com\/wp-content\/uploads\/2026\/04\/goetter_germanisch_freyja.webp","width":1024,"height":1536,"caption":"Guder fra den germanske tradition."},{"@type":"BreadcrumbList","@id":"https:\/\/iwell-guard.com\/da\/freja\/#breadcrumb","itemListElement":[{"@type":"ListItem","position":1,"name":"Start","item":"https:\/\/iwell-guard.com\/da\/?page_id=137908"},{"@type":"ListItem","position":2,"name":"Freja"}]},{"@type":"WebSite","@id":"https:\/\/iwell-guard.com\/da\/#website","url":"https:\/\/iwell-guard.com\/da\/","name":"iWell Guard","description":"Schutz vor dunklen Einfl\u00fcssen","publisher":{"@id":"https:\/\/iwell-guard.com\/da\/#organization"},"potentialAction":[{"@type":"SearchAction","target":{"@type":"EntryPoint","urlTemplate":"https:\/\/iwell-guard.com\/da\/?s={search_term_string}"},"query-input":{"@type":"PropertyValueSpecification","valueRequired":true,"valueName":"search_term_string"}}],"inLanguage":"da-DK"},{"@type":"Organization","@id":"https:\/\/iwell-guard.com\/da\/#organization","name":"Ittermann electronic GmbH","url":"https:\/\/iwell-guard.com\/da\/","logo":{"@type":"ImageObject","inLanguage":"da-DK","@id":"https:\/\/iwell-guard.com\/da\/#\/schema\/logo\/image\/","url":"https:\/\/iwell-guard.com\/wp-content\/uploads\/2026\/05\/Ittermann-Logo-1182x237-1.png","contentUrl":"https:\/\/iwell-guard.com\/wp-content\/uploads\/2026\/05\/Ittermann-Logo-1182x237-1.png","width":1182,"height":237,"caption":"Ittermann electronic GmbH"},"image":{"@id":"https:\/\/iwell-guard.com\/da\/#\/schema\/logo\/image\/"},"sameAs":["https:\/\/pantip.com\/profile\/9367242","https:\/\/micro.blog\/iwellguard","https:\/\/www.diggerslist.com\/iwellguard\/about","https:\/\/skitterphoto.com\/photographers\/2870314\/iwell-guard","https:\/\/iwellguard.wordpress.com\/2026\/06\/06\/iwell-guard\/","https:\/\/hub.docker.com\/u\/iwellguard","https:\/\/www.pinterest.com\/iwellguard\/","https:\/\/bit.ly\/m\/iwellguard","https:\/\/entre-vos-mains.alsace.eu\/profiles\/iwellguard\/activity","https:\/\/gravatar.com\/reallybeded8fd34","https:\/\/naijamatta.com\/iwellguard","https:\/\/www.goodreads.com\/iwellguard","https:\/\/profile.hatena.ne.jp\/iwellguard\/","https:\/\/experiment.com\/users\/iwellguard","https:\/\/wakelet.com\/@iWellGuard82270","https:\/\/www.chordie.com\/forum\/profile.php?id=2555664","https:\/\/www.instapaper.com\/p\/17757966","https:\/\/www.mapleprimes.com\/users\/iwellguard","https:\/\/businesslistingplus.com\/profile\/iwell-guard\/","https:\/\/telegra.ph\/iWell-Guard-06-06","https:\/\/pbase.com\/iwellguard\/iwellguard","https:\/\/b.hatena.ne.jp\/iwellguard\/20260607#bookmark-4788405196491818882","https:\/\/fliphtml5.com\/home\/iwellguard","https:\/\/anyflip.com\/homepage\/cmiwl#About","https:\/\/transfur.com\/Users\/iwellguard","http:\/\/delphi.larsbo.org\/user\/iwellguard","https:\/\/jobs.lajobsportal.org\/profiles\/8380803-iwell-guard","https:\/\/md.chaosdorf.de\/s\/jfbe5SBdJD","https:\/\/www.lingvolive.com\/en-us\/profile\/9ecaeaca-ce11-4e51-9e71-01d55e2bff36\/translations","https:\/\/www.fitday.com\/fitness\/forums\/members\/iwellguard.html","https:\/\/www.mymeetbook.com\/iwellguard","https:\/\/pxhere.com\/en\/photographer-me\/5040798","https:\/\/disqus.com\/by\/iwellguard\/about\/","https:\/\/pastelink.net\/hjwciqwq","https:\/\/pubhtml5.com\/homepage\/scjhn\/","https:\/\/www.bitchute.com\/channel\/2O2eOKzNqujT","https:\/\/audiomack.com\/iwellguard"]},{"@type":"Person","@id":"https:\/\/iwell-guard.com\/da\/#\/schema\/person\/ee2a27f1cac3406c7c6fb5820cb7349f","name":"Ralf Ittermann","image":{"@type":"ImageObject","inLanguage":"da-DK","@id":"https:\/\/secure.gravatar.com\/avatar\/073c0153e350a5005b68eb752b445fea71f6b24a26da9449ad7e155e6b446c9d?s=96&d=mm&r=g","url":"https:\/\/secure.gravatar.com\/avatar\/073c0153e350a5005b68eb752b445fea71f6b24a26da9449ad7e155e6b446c9d?s=96&d=mm&r=g","contentUrl":"https:\/\/secure.gravatar.com\/avatar\/073c0153e350a5005b68eb752b445fea71f6b24a26da9449ad7e155e6b446c9d?s=96&d=mm&r=g","caption":"Ralf Ittermann"},"givenName":"Ralf","familyName":"Ittermann","jobTitle":"Gesch\u00e4ftsf\u00fchrer und redaktioneller Verantwortlicher","url":"https:\/\/iwell-guard.com\/da\/author\/claude\/","description":"Ralf Ittermann ist Gesch\u00e4ftsf\u00fchrer der Ittermann electronic GmbH und redaktioneller Verantwortlicher des iWell-Guard-Lexikons. Er verbindet langj\u00e4hrige Erfahrung in der Pr\u00e4zisionsfertigung mit medialer Praxis und religionsgeschichtlicher Quellenarbeit.","worksFor":{"@type":"Organization","name":"Ittermann electronic GmbH","url":"https:\/\/ittermann.de\/","address":{"@type":"PostalAddress","streetAddress":"K\u00f6hlergasse 16-18","postalCode":"99842","addressLocality":"Ruhla","addressCountry":"DE"}},"knowsAbout":["Religionsgeschichte","Mythologie","Mediale Praxis","Energetische Diagnostik","Schutzpraxis","Volksglauben","Westliche Esoterik"]},{"@type":"Article","@id":"https:\/\/iwell-guard.com\/da\/freja\/#article","isPartOf":{"@id":"https:\/\/iwell-guard.com\/da\/freja\/"},"author":{"name":"Ralf Ittermann","@id":"https:\/\/iwell-guard.com\/da\/#\/schema\/person\/ee2a27f1cac3406c7c6fb5820cb7349f"},"headline":"Freja","datePublished":"2026-09-03T07:06:05+00:00","dateModified":"2026-09-03T07:51:42+00:00","mainEntityOfPage":{"@id":"https:\/\/iwell-guard.com\/da\/freja\/"},"publisher":{"@id":"https:\/\/iwell-guard.com\/da\/#organization"},"image":{"@id":"https:\/\/iwell-guard.com\/da\/freja\/#primaryimage"},"thumbnailUrl":"https:\/\/iwell-guard.com\/wp-content\/uploads\/2026\/04\/goetter_germanisch_freyja.webp","inLanguage":"da-DK","description":"Freja, overleveret gennem \u00e5rhundreder i kilder som Prosa-Eddaen: vanegudinde for k\u00e6rlighed, fertilitet, krig og seid-magi, herskerinde over Folkvangr."}]}},"_links":{"self":[{"href":"https:\/\/iwell-guard.com\/da\/wp-json\/wp\/v2\/pages\/138142","targetHints":{"allow":["GET"]}}],"collection":[{"href":"https:\/\/iwell-guard.com\/da\/wp-json\/wp\/v2\/pages"}],"about":[{"href":"https:\/\/iwell-guard.com\/da\/wp-json\/wp\/v2\/types\/page"}],"author":[{"embeddable":true,"href":"https:\/\/iwell-guard.com\/da\/wp-json\/wp\/v2\/users\/3"}],"replies":[{"embeddable":true,"href":"https:\/\/iwell-guard.com\/da\/wp-json\/wp\/v2\/comments?post=138142"}],"version-history":[{"count":0,"href":"https:\/\/iwell-guard.com\/da\/wp-json\/wp\/v2\/pages\/138142\/revisions"}],"wp:featuredmedia":[{"embeddable":true,"href":"https:\/\/iwell-guard.com\/da\/wp-json\/wp\/v2\/media\/1571"}],"wp:attachment":[{"href":"https:\/\/iwell-guard.com\/da\/wp-json\/wp\/v2\/media?parent=138142"}],"wp:term":[{"taxonomy":"category","embeddable":true,"href":"https:\/\/iwell-guard.com\/da\/wp-json\/wp\/v2\/categories?post=138142"}],"curies":[{"name":"wp","href":"https:\/\/api.w.org\/{rel}","templated":true}]}}