{"id":146396,"date":"2026-09-03T16:46:41","date_gmt":"2026-09-03T16:46:41","guid":{"rendered":"https:\/\/iwell-guard.com\/?page_id=146396"},"modified":"2026-09-03T17:22:18","modified_gmt":"2026-09-03T17:22:18","slug":"rauhnachte","status":"publish","type":"page","link":"https:\/\/iwell-guard.com\/cs\/rauhnachte\/","title":{"rendered":"Rauhn\u00e4chte"},"content":{"rendered":"\t\t<div data-elementor-type=\"wp-page\" data-elementor-id=\"146396\" class=\"elementor elementor-146396 elementor-107038\" data-elementor-post-type=\"page\">\n\t\t\t\t<div class=\"elementor-element elementor-element-iwgs-raeuchern-hero e-flex e-con-boxed e-con e-parent\" data-id=\"iwgs-raeuchern-hero\" data-element_type=\"container\" data-e-type=\"container\">\n\t\t\t\t\t<div class=\"e-con-inner\">\n\t\t<div class=\"elementor-element elementor-element-iw-raeuchern-hero-left e-con-full e-flex e-con e-child\" data-id=\"iw-raeuchern-hero-left\" data-element_type=\"container\" data-e-type=\"container\">\n\t\t\t\t<div class=\"elementor-element elementor-element-iwgs-raeuchern-h1 elementor-widget elementor-widget-heading\" data-id=\"iwgs-raeuchern-h1\" data-element_type=\"widget\" data-e-type=\"widget\" data-widget_type=\"heading.default\">\n\t\t\t\t\t<h1 class=\"elementor-heading-title elementor-size-default\">Rauhn\u00e4chte: dvan\u00e1ct noc\u00ed mezi sv\u00e1tky<\/h1>\t\t\t\t<\/div>\n\t\t<div class=\"elementor-element elementor-element-iw-raeuchern-hero-bw e-con-full e-flex e-con e-child\" data-id=\"iw-raeuchern-hero-bw\" data-element_type=\"container\" data-e-type=\"container\">\n\t\t\t\t<div class=\"elementor-element elementor-element-iwgs-raeuchern-pills elementor-widget elementor-widget-html\" data-id=\"iwgs-raeuchern-pills\" data-element_type=\"widget\" data-e-type=\"widget\" data-widget_type=\"html.default\">\n\t\t\t\t\t<div class=\"iwg-pill-row\"><span class=\"iwg-klasse-badge\" tabindex=\"0\" data-tooltip=\"\u010casov\u00e9 obdob\u00ed s vlastn\u00edmi zvyky.\">Zvyky<\/span><a href=\"https:\/\/iwell-guard.com\/cs\/germansky\/\" class=\"iwg-kultur-badge\" tabindex=\"0\" data-tooltip=\"K p\u0159ehledu germ\u00e1nsk\u00e9 tradice.\">Germ\u00e1nsk\u00e1 oblast<\/a><\/div>\t\t\t\t<\/div>\n\t\t\t\t<div class=\"elementor-element elementor-element-iwgs-raeuchern-lead elementor-widget elementor-widget-text-editor\" data-id=\"iwgs-raeuchern-lead\" data-element_type=\"widget\" data-e-type=\"widget\" data-widget_type=\"text-editor.default\">\n\t\t\t\t\t\t\t\t\t<p>Mezi V\u00e1nocemi a sv\u00e1tkem T\u0159\u00ed kr\u00e1l\u016f le\u017e\u00ed obdob\u00ed, kter\u00e9 m\u011blo v n\u011bmecky mluv\u00edc\u00edch zem\u00edch sv\u00e1 vlastn\u00ed pravidla. Naz\u00fdvalo se Zw\u00f6lften, Rauhn\u00e4chte nebo tak\u00e9 Raun\u00e4chte. V t\u011bchto noc\u00edch byla hranice mezi viditeln\u00fdm a neviditeln\u00fdm sv\u011btem pova\u017eov\u00e1na za prostupnou.<\/p><p>Pro tento lexikon jsou tyto noci nejhust\u0161\u00edm ochrann\u00fdm obdob\u00edm roku. Objevuje se v nich t\u00e9m\u011b\u0159 v\u0161e, co tradice zn\u00e1 jako obranu: kou\u0159, hluk, sv\u011bcen\u00e1 voda, zna\u010dky na prahu a \u0159ada z\u00e1kaz\u016f. Z\u00e1rove\u0148 se v nich shroma\u017e\u010fuj\u00ed postavy, kter\u00e9 maj\u00ed jinde v lexikonu vlastn\u00ed str\u00e1nky.<\/p>\t\t\t\t\t\t\t\t<\/div>\n\t\t\t\t<\/div>\n\t\t\t\t<\/div>\n\t\t<div class=\"elementor-element elementor-element-iw-raeuchern-hero-img e-con-full e-flex e-con e-child\" data-id=\"iw-raeuchern-hero-img\" data-element_type=\"container\" data-e-type=\"container\">\n\t\t\t\t<div class=\"elementor-element elementor-element-iwgs-raeuchern-himg iwg-hero-image elementor-widget elementor-widget-image\" data-id=\"iwgs-raeuchern-himg\" data-element_type=\"widget\" data-e-type=\"widget\" data-widget_type=\"image.default\">\n\t\t\t\t\t\t\t\t\t\t\t\t\t\t\t<img fetchpriority=\"high\" decoding=\"async\" width=\"683\" height=\"1024\" src=\"https:\/\/iwell-guard.com\/wp-content\/uploads\/2026\/05\/schutzsymbol_universell_raeuchern-683x1024.png\" class=\"attachment-large size-large wp-image-146966\" alt=\"Vyku\u0159ov\u00e1n\u00ed a o\u010dista \u2013 stoupaj\u00edc\u00ed kou\u0159 jako symbol o\u010di\u0161t\u011bn\u00ed\" srcset=\"https:\/\/iwell-guard.com\/wp-content\/uploads\/2026\/05\/schutzsymbol_universell_raeuchern-683x1024.png 683w, https:\/\/iwell-guard.com\/wp-content\/uploads\/2026\/05\/schutzsymbol_universell_raeuchern-200x300.png 200w, https:\/\/iwell-guard.com\/wp-content\/uploads\/2026\/05\/schutzsymbol_universell_raeuchern-768x1152.png 768w, https:\/\/iwell-guard.com\/wp-content\/uploads\/2026\/05\/schutzsymbol_universell_raeuchern.png 1024w\" sizes=\"(max-width: 683px) 100vw, 683px\" \/>\t\t\t\t\t\t\t\t\t\t\t\t\t\t\t<\/div>\n\t\t\t\t<\/div>\n\t\t\t\t\t<\/div>\n\t\t\t\t<\/div>\n\t\t<div class=\"elementor-element elementor-element-iwgs-raeuchern-s0 e-flex e-con-boxed e-con e-parent\" data-id=\"iwgs-raeuchern-s0\" data-element_type=\"container\" data-e-type=\"container\">\n\t\t\t\t\t<div class=\"e-con-inner\">\n\t\t\t\t<div class=\"elementor-element elementor-element-iwgs-raeuchern-s0h elementor-widget elementor-widget-heading\" data-id=\"iwgs-raeuchern-s0h\" data-element_type=\"widget\" data-e-type=\"widget\" data-widget_type=\"heading.default\">\n\t\t\t\t\t<h2 class=\"elementor-heading-title elementor-size-default\">Co jsou Rauhn\u00e4chte?<\/h2>\t\t\t\t<\/div>\n\t\t<div class=\"elementor-element elementor-element-iw-raeuchern-s0-bw e-con-full e-flex e-con e-child\" data-id=\"iw-raeuchern-s0-bw\" data-element_type=\"container\" data-e-type=\"container\">\n\t\t\t\t<div class=\"elementor-element elementor-element-iwgs-raeuchern-s0t elementor-widget elementor-widget-text-editor\" data-id=\"iwgs-raeuchern-s0t\" data-element_type=\"widget\" data-e-type=\"widget\" data-widget_type=\"text-editor.default\">\n\t\t\t\t\t\t\t\t\t<p>Rauhn\u00e4chte jsou dvan\u00e1ct noc\u00ed mezi sv\u00e1tkem Narozen\u00ed P\u00e1n\u011b a sv\u00e1tkem Zjeven\u00ed P\u00e1n\u011b, tedy 6. lednem. Star\u0161\u00ed ozna\u010den\u00ed zn\u011blo Zw\u00f6lften nebo Zw\u00f6lfn\u00e4chte. Region\u00e1ln\u011b se vyskytuj\u00ed i n\u00e1zvy jako Innern\u00e4chte, Untern\u00e4chte nebo Gl\u00f6ckeln\u00e4chte.<\/p><p>Lidov\u00e1 v\u00edra p\u0159isuzovala tomuto obdob\u00ed v\u00fdjime\u010dn\u00fd stav. \u0158\u00e1d star\u00e9ho roku byl uzav\u0159en, nov\u00fd je\u0161t\u011b neza\u010dal, a v tomto mezidob\u00ed se podle tradice pohybovali putuj\u00edc\u00ed duchov\u00e9 a poh\u00e1dkov\u00e9 postavy. Z toho se vysv\u011btluje hustota ochrann\u00fdch zvyk\u016f, kter\u00e9 jsou pro tyto noci dolo\u017eeny.<\/p><p>D\u016fle\u017eit\u00e9 pro pochopen\u00ed: Rauhn\u00e4chte nejsou \u017e\u00e1dnou bytost\u00ed ani jedin\u00fdm zvykem, ale \u010dasov\u00fdm obdob\u00edm, na kter\u00e9 se v\u00e1\u017ee mnoho zvyk\u016f. To, co se v nich d\u011blalo a co se naopak ned\u011blalo, se v\u00fdrazn\u011b li\u0161ilo od \u00fadol\u00ed k \u00fadol\u00ed.<\/p>\t\t\t\t\t\t\t\t<\/div>\n\t\t\t\t<\/div>\n\t\t\t\t\t<\/div>\n\t\t\t\t<\/div>\n\t\t<div class=\"elementor-element elementor-element-82e1f70 e-flex e-con-boxed e-con e-parent\" data-id=\"82e1f70\" data-element_type=\"container\" data-e-type=\"container\">\n\t\t\t\t\t<div class=\"e-con-inner\">\n\t\t\t\t<div class=\"elementor-element elementor-element- elementor-widget elementor-widget-heading\" data-id=\"\" data-element_type=\"widget\" data-e-type=\"widget\" data-widget_type=\"heading.default\">\n\t\t\t\t\t<h2 class=\"elementor-heading-title elementor-size-default\">Souvisej\u00edc\u00ed bytosti a t\u00e9mata<\/h2>\t\t\t\t<\/div>\n\t\t<div class=\"elementor-element elementor-element- e-con-full e-flex e-con e-child\" data-id=\"\" data-element_type=\"container\" data-e-type=\"container\">\n\t\t\t\t<div class=\"elementor-element elementor-element- elementor-widget elementor-widget-text-editor\" data-id=\"\" data-element_type=\"widget\" data-e-type=\"widget\" data-widget_type=\"text-editor.default\">\n\t\t\t\t\t\t\t\t\t<p>Postavy a praktiky t\u011bchto noc\u00ed jsou v lexikonu pops\u00e1ny jednotliv\u011b: <a href=\"https:\/\/iwell-guard.com\/cs\/?page_id=146351\">Pan\u00ed Perchta a Perchty<\/a> jako zkou\u0161ej\u00edc\u00ed postava Rauhn\u00e4chte, <a href=\"https:\/\/iwell-guard.com\/cs\/?page_id=146353\">Pan\u00ed Holle<\/a> jako jej\u00ed st\u0159edon\u011bmeck\u00fd prot\u011bj\u0161ek, <a href=\"https:\/\/iwell-guard.com\/cs\/odin\/\">Odin<\/a> v souvislosti s Divok\u00fdm lovem a <a href=\"https:\/\/iwell-guard.com\/cs\/?page_id=146350\">Krampus<\/a> jako stra\u0161ideln\u00e1 postava adventu. P\u0159ehled t\u00e9to tradice nab\u00edz\u00ed str\u00e1nka o <a href=\"https:\/\/iwell-guard.com\/cs\/germansky\/\">germ\u00e1nsk\u00e9 tradici<\/a>, dochovan\u00e9 formy ochrany z tohoto obdob\u00ed jsou pops\u00e1ny u <a href=\"https:\/\/iwell-guard.com\/cs\/kourenie-a-cisteni\/\">vyku\u0159ov\u00e1n\u00ed<\/a> a <a href=\"https:\/\/iwell-guard.com\/cs\/kadidlo\/\">kadidla<\/a>.<\/p>\t\t\t\t\t\t\t\t<\/div>\n\t\t\t\t<\/div>\n\t\t\t\t\t<\/div>\n\t\t\t\t<\/div>\n\t\t<div class=\"elementor-element elementor-element-188289f e-flex e-con-boxed e-con e-parent\" data-id=\"188289f\" data-element_type=\"container\" data-e-type=\"container\">\n\t\t\t\t\t<div class=\"e-con-inner\">\n\t\t\t\t<div class=\"elementor-element elementor-element- elementor-widget elementor-widget-heading\" data-id=\"\" data-element_type=\"widget\" data-e-type=\"widget\" data-widget_type=\"heading.default\">\n\t\t\t\t\t<h2 class=\"elementor-heading-title elementor-size-default\">Souvisej\u00edc\u00ed bytosti a t\u00e9mata<\/h2>\t\t\t\t<\/div>\n\t\t<div class=\"elementor-element elementor-element- e-con-full e-flex e-con e-child\" data-id=\"\" data-element_type=\"container\" data-e-type=\"container\">\n\t\t\t\t<div class=\"elementor-element elementor-element- elementor-widget elementor-widget-text-editor\" data-id=\"\" data-element_type=\"widget\" data-e-type=\"widget\" data-widget_type=\"text-editor.default\">\n\t\t\t\t\t\t\t\t\t<p>Postavy a praktiky t\u011bchto noc\u00ed jsou v lexikonu pops\u00e1ny jednotliv\u011b: <a href=\"https:\/\/iwell-guard.com\/cs\/?page_id=146351\">Pan\u00ed Perchta a Perchty<\/a> jako zkou\u0161ej\u00edc\u00ed postava Rauhn\u00e4chte, <a href=\"https:\/\/iwell-guard.com\/cs\/?page_id=146353\">Pan\u00ed Holle<\/a> jako jej\u00ed st\u0159edon\u011bmeck\u00fd prot\u011bj\u0161ek, <a href=\"https:\/\/iwell-guard.com\/cs\/odin\/\">Odin<\/a> v souvislosti s Divok\u00fdm lovem a <a href=\"https:\/\/iwell-guard.com\/cs\/?page_id=146350\">Krampus<\/a> jako stra\u0161ideln\u00e1 postava adventu. P\u0159ehled t\u00e9to tradice nab\u00edz\u00ed str\u00e1nka o <a href=\"https:\/\/iwell-guard.com\/cs\/germansky\/\">germ\u00e1nsk\u00e9 tradici<\/a>, dochovan\u00e9 formy ochrany z tohoto obdob\u00ed jsou pops\u00e1ny u <a href=\"https:\/\/iwell-guard.com\/cs\/kourenie-a-cisteni\/\">vyku\u0159ov\u00e1n\u00ed<\/a> a <a href=\"https:\/\/iwell-guard.com\/cs\/kadidlo\/\">kadidla<\/a>.<\/p>\t\t\t\t\t\t\t\t<\/div>\n\t\t\t\t<\/div>\n\t\t\t\t\t<\/div>\n\t\t\t\t<\/div>\n\t\t<div class=\"elementor-element elementor-element-2256a9e e-flex e-con-boxed e-con e-parent\" data-id=\"2256a9e\" data-element_type=\"container\" data-e-type=\"container\">\n\t\t\t\t\t<div class=\"e-con-inner\">\n\t\t\t\t<div class=\"elementor-element elementor-element- elementor-widget elementor-widget-heading\" data-id=\"\" data-element_type=\"widget\" data-e-type=\"widget\" data-widget_type=\"heading.default\">\n\t\t\t\t\t<h2 class=\"elementor-heading-title elementor-size-default\">Souvisej\u00edc\u00ed bytosti a t\u00e9mata<\/h2>\t\t\t\t<\/div>\n\t\t<div class=\"elementor-element elementor-element- e-con-full e-flex e-con e-child\" data-id=\"\" data-element_type=\"container\" data-e-type=\"container\">\n\t\t\t\t<div class=\"elementor-element elementor-element- elementor-widget elementor-widget-text-editor\" data-id=\"\" data-element_type=\"widget\" data-e-type=\"widget\" data-widget_type=\"text-editor.default\">\n\t\t\t\t\t\t\t\t\t<p>Postavy a praktiky t\u011bchto noc\u00ed jsou v lexikonu pops\u00e1ny jednotliv\u011b: <a href=\"https:\/\/iwell-guard.com\/cs\/?page_id=146351\">Pan\u00ed Perchta a Perchty<\/a> jako zkou\u0161ej\u00edc\u00ed postava Rauhn\u00e4chte, <a href=\"https:\/\/iwell-guard.com\/cs\/?page_id=146353\">Pan\u00ed Holle<\/a> jako jej\u00ed st\u0159edon\u011bmeck\u00fd prot\u011bj\u0161ek, <a href=\"https:\/\/iwell-guard.com\/cs\/odin\/\">Odin<\/a> v souvislosti s Divok\u00fdm lovem a <a href=\"https:\/\/iwell-guard.com\/cs\/?page_id=146350\">Krampus<\/a> jako stra\u0161ideln\u00e1 postava adventu. P\u0159ehled t\u00e9to tradice nab\u00edz\u00ed str\u00e1nka o <a href=\"https:\/\/iwell-guard.com\/cs\/germansky\/\">germ\u00e1nsk\u00e9 tradici<\/a>, dochovan\u00e9 formy ochrany z tohoto obdob\u00ed jsou pops\u00e1ny u <a href=\"https:\/\/iwell-guard.com\/cs\/kourenie-a-cisteni\/\">vyku\u0159ov\u00e1n\u00ed<\/a> a <a href=\"https:\/\/iwell-guard.com\/cs\/kadidlo\/\">kadidla<\/a>.<\/p>\t\t\t\t\t\t\t\t<\/div>\n\t\t\t\t<\/div>\n\t\t\t\t\t<\/div>\n\t\t\t\t<\/div>\n\t\t<div class=\"elementor-element elementor-element-0678d93 e-flex e-con-boxed e-con e-parent\" data-id=\"0678d93\" data-element_type=\"container\" data-e-type=\"container\">\n\t\t\t\t\t<div class=\"e-con-inner\">\n\t\t\t\t<div class=\"elementor-element elementor-element- elementor-widget elementor-widget-heading\" data-id=\"\" data-element_type=\"widget\" data-e-type=\"widget\" data-widget_type=\"heading.default\">\n\t\t\t\t\t<h2 class=\"elementor-heading-title elementor-size-default\">Souvisej\u00edc\u00ed bytosti a t\u00e9mata<\/h2>\t\t\t\t<\/div>\n\t\t<div class=\"elementor-element elementor-element- e-con-full e-flex e-con e-child\" data-id=\"\" data-element_type=\"container\" data-e-type=\"container\">\n\t\t\t\t<div class=\"elementor-element elementor-element- elementor-widget elementor-widget-text-editor\" data-id=\"\" data-element_type=\"widget\" data-e-type=\"widget\" data-widget_type=\"text-editor.default\">\n\t\t\t\t\t\t\t\t\t<p>Postavy a praktiky t\u011bchto noc\u00ed jsou v lexikonu pops\u00e1ny jednotliv\u011b: <a href=\"https:\/\/iwell-guard.com\/cs\/?page_id=146351\">Pan\u00ed Perchta a Perchty<\/a> jako zkou\u0161ej\u00edc\u00ed postava Rauhn\u00e4chte, <a href=\"https:\/\/iwell-guard.com\/cs\/?page_id=146353\">Pan\u00ed Holle<\/a> jako jej\u00ed st\u0159edon\u011bmeck\u00fd prot\u011bj\u0161ek, <a href=\"https:\/\/iwell-guard.com\/cs\/odin\/\">Odin<\/a> v souvislosti s Divok\u00fdm lovem a <a href=\"https:\/\/iwell-guard.com\/cs\/?page_id=146350\">Krampus<\/a> jako stra\u0161ideln\u00e1 postava adventu. P\u0159ehled t\u00e9to tradice nab\u00edz\u00ed str\u00e1nka o <a href=\"https:\/\/iwell-guard.com\/cs\/germansky\/\">germ\u00e1nsk\u00e9 tradici<\/a>, dochovan\u00e9 formy ochrany z tohoto obdob\u00ed jsou pops\u00e1ny u <a href=\"https:\/\/iwell-guard.com\/cs\/kourenie-a-cisteni\/\">vyku\u0159ov\u00e1n\u00ed<\/a> a <a href=\"https:\/\/iwell-guard.com\/cs\/kadidlo\/\">kadidla<\/a>.<\/p>\t\t\t\t\t\t\t\t<\/div>\n\t\t\t\t<\/div>\n\t\t\t\t\t<\/div>\n\t\t\t\t<\/div>\n\t\t<div class=\"elementor-element elementor-element-df2669e e-flex e-con-boxed e-con e-parent\" data-id=\"df2669e\" data-element_type=\"container\" data-e-type=\"container\">\n\t\t\t\t\t<div class=\"e-con-inner\">\n\t\t\t\t<div class=\"elementor-element elementor-element- elementor-widget elementor-widget-heading\" data-id=\"\" data-element_type=\"widget\" data-e-type=\"widget\" data-widget_type=\"heading.default\">\n\t\t\t\t\t<h2 class=\"elementor-heading-title elementor-size-default\">Souvisej\u00edc\u00ed bytosti a t\u00e9mata<\/h2>\t\t\t\t<\/div>\n\t\t<div class=\"elementor-element elementor-element- e-con-full e-flex e-con e-child\" data-id=\"\" data-element_type=\"container\" data-e-type=\"container\">\n\t\t\t\t<div class=\"elementor-element elementor-element- elementor-widget elementor-widget-text-editor\" data-id=\"\" data-element_type=\"widget\" data-e-type=\"widget\" data-widget_type=\"text-editor.default\">\n\t\t\t\t\t\t\t\t\t<p>Postavy a praktiky t\u011bchto noc\u00ed jsou v lexikonu pops\u00e1ny jednotliv\u011b: <a href=\"https:\/\/iwell-guard.com\/cs\/?page_id=146351\">Pan\u00ed Perchta a Perchty<\/a> jako zkou\u0161ej\u00edc\u00ed postava Rauhn\u00e4chte, <a href=\"https:\/\/iwell-guard.com\/cs\/?page_id=146353\">Pan\u00ed Holle<\/a> jako jej\u00ed st\u0159edon\u011bmeck\u00fd prot\u011bj\u0161ek, <a href=\"https:\/\/iwell-guard.com\/cs\/odin\/\">Odin<\/a> v souvislosti s Divok\u00fdm lovem a <a href=\"https:\/\/iwell-guard.com\/cs\/?page_id=146350\">Krampus<\/a> jako stra\u0161ideln\u00e1 postava adventu. P\u0159ehled t\u00e9to tradice nab\u00edz\u00ed str\u00e1nka o <a href=\"https:\/\/iwell-guard.com\/cs\/germansky\/\">germ\u00e1nsk\u00e9 tradici<\/a>, dochovan\u00e9 formy ochrany z tohoto obdob\u00ed jsou pops\u00e1ny u <a href=\"https:\/\/iwell-guard.com\/cs\/kourenie-a-cisteni\/\">vyku\u0159ov\u00e1n\u00ed<\/a> a <a href=\"https:\/\/iwell-guard.com\/cs\/kadidlo\/\">kadidla<\/a>.<\/p>\t\t\t\t\t\t\t\t<\/div>\n\t\t\t\t<\/div>\n\t\t\t\t\t<\/div>\n\t\t\t\t<\/div>\n\t\t<div class=\"elementor-element elementor-element-79fba3f e-flex e-con-boxed e-con e-parent\" data-id=\"79fba3f\" data-element_type=\"container\" data-e-type=\"container\">\n\t\t\t\t\t<div class=\"e-con-inner\">\n\t\t\t\t<div class=\"elementor-element elementor-element- elementor-widget elementor-widget-heading\" data-id=\"\" data-element_type=\"widget\" data-e-type=\"widget\" data-widget_type=\"heading.default\">\n\t\t\t\t\t<h2 class=\"elementor-heading-title elementor-size-default\">Souvisej\u00edc\u00ed bytosti a t\u00e9mata<\/h2>\t\t\t\t<\/div>\n\t\t<div class=\"elementor-element elementor-element- e-con-full e-flex e-con e-child\" data-id=\"\" data-element_type=\"container\" data-e-type=\"container\">\n\t\t\t\t<div class=\"elementor-element elementor-element- elementor-widget elementor-widget-text-editor\" data-id=\"\" data-element_type=\"widget\" data-e-type=\"widget\" data-widget_type=\"text-editor.default\">\n\t\t\t\t\t\t\t\t\t<p>Postavy a praktiky t\u011bchto noc\u00ed jsou v lexikonu pops\u00e1ny jednotliv\u011b: <a href=\"https:\/\/iwell-guard.com\/cs\/?page_id=146351\">Pan\u00ed Perchta a Perchty<\/a> jako zkou\u0161ej\u00edc\u00ed postava Rauhn\u00e4chte, <a href=\"https:\/\/iwell-guard.com\/cs\/?page_id=146353\">Pan\u00ed Holle<\/a> jako jej\u00ed st\u0159edon\u011bmeck\u00fd prot\u011bj\u0161ek, <a href=\"https:\/\/iwell-guard.com\/cs\/odin\/\">Odin<\/a> v souvislosti s Divok\u00fdm lovem a <a href=\"https:\/\/iwell-guard.com\/cs\/?page_id=146350\">Krampus<\/a> jako stra\u0161ideln\u00e1 postava adventu. P\u0159ehled t\u00e9to tradice nab\u00edz\u00ed str\u00e1nka o <a href=\"https:\/\/iwell-guard.com\/cs\/germansky\/\">germ\u00e1nsk\u00e9 tradici<\/a>, dochovan\u00e9 formy ochrany z tohoto obdob\u00ed jsou pops\u00e1ny u <a href=\"https:\/\/iwell-guard.com\/cs\/kourenie-a-cisteni\/\">vyku\u0159ov\u00e1n\u00ed<\/a> a <a href=\"https:\/\/iwell-guard.com\/cs\/kadidlo\/\">kadidla<\/a>.<\/p>\t\t\t\t\t\t\t\t<\/div>\n\t\t\t\t<\/div>\n\t\t\t\t\t<\/div>\n\t\t\t\t<\/div>\n\t\t<div class=\"elementor-element elementor-element-92ffc6f e-flex e-con-boxed e-con e-parent\" data-id=\"92ffc6f\" data-element_type=\"container\" data-e-type=\"container\">\n\t\t\t\t\t<div class=\"e-con-inner\">\n\t\t\t\t<div class=\"elementor-element elementor-element- elementor-widget elementor-widget-heading\" data-id=\"\" data-element_type=\"widget\" data-e-type=\"widget\" data-widget_type=\"heading.default\">\n\t\t\t\t\t<h2 class=\"elementor-heading-title elementor-size-default\">Souvisej\u00edc\u00ed bytosti a t\u00e9mata<\/h2>\t\t\t\t<\/div>\n\t\t<div class=\"elementor-element elementor-element- e-con-full e-flex e-con e-child\" data-id=\"\" data-element_type=\"container\" data-e-type=\"container\">\n\t\t\t\t<div class=\"elementor-element elementor-element- elementor-widget elementor-widget-text-editor\" data-id=\"\" data-element_type=\"widget\" data-e-type=\"widget\" data-widget_type=\"text-editor.default\">\n\t\t\t\t\t\t\t\t\t<p>Postavy a praktiky t\u011bchto noc\u00ed jsou v lexikonu pops\u00e1ny jednotliv\u011b: <a href=\"https:\/\/iwell-guard.com\/cs\/?page_id=146351\">Pan\u00ed Perchta a Perchty<\/a> jako zkou\u0161ej\u00edc\u00ed postava Rauhn\u00e4chte, <a href=\"https:\/\/iwell-guard.com\/cs\/?page_id=146353\">Pan\u00ed Holle<\/a> jako jej\u00ed st\u0159edon\u011bmeck\u00fd prot\u011bj\u0161ek, <a href=\"https:\/\/iwell-guard.com\/cs\/odin\/\">Odin<\/a> v souvislosti s Divok\u00fdm lovem a <a href=\"https:\/\/iwell-guard.com\/cs\/?page_id=146350\">Krampus<\/a> jako stra\u0161ideln\u00e1 postava adventu. P\u0159ehled t\u00e9to tradice nab\u00edz\u00ed str\u00e1nka o <a href=\"https:\/\/iwell-guard.com\/cs\/germansky\/\">germ\u00e1nsk\u00e9 tradici<\/a>, dochovan\u00e9 formy ochrany z tohoto obdob\u00ed jsou pops\u00e1ny u <a href=\"https:\/\/iwell-guard.com\/cs\/kourenie-a-cisteni\/\">vyku\u0159ov\u00e1n\u00ed<\/a> a <a href=\"https:\/\/iwell-guard.com\/cs\/kadidlo\/\">kadidla<\/a>.<\/p>\t\t\t\t\t\t\t\t<\/div>\n\t\t\t\t<\/div>\n\t\t\t\t\t<\/div>\n\t\t\t\t<\/div>\n\t\t<div class=\"elementor-element elementor-element-19277ab e-flex e-con-boxed e-con e-parent\" data-id=\"19277ab\" data-element_type=\"container\" data-e-type=\"container\">\n\t\t\t\t\t<div class=\"e-con-inner\">\n\t\t\t\t<div class=\"elementor-element elementor-element- elementor-widget elementor-widget-heading\" data-id=\"\" data-element_type=\"widget\" data-e-type=\"widget\" data-widget_type=\"heading.default\">\n\t\t\t\t\t<h2 class=\"elementor-heading-title elementor-size-default\">Souvisej\u00edc\u00ed bytosti a t\u00e9mata<\/h2>\t\t\t\t<\/div>\n\t\t<div class=\"elementor-element elementor-element- e-con-full e-flex e-con e-child\" data-id=\"\" data-element_type=\"container\" data-e-type=\"container\">\n\t\t\t\t<div class=\"elementor-element elementor-element- elementor-widget elementor-widget-text-editor\" data-id=\"\" data-element_type=\"widget\" data-e-type=\"widget\" data-widget_type=\"text-editor.default\">\n\t\t\t\t\t\t\t\t\t<p>Postavy a praktiky t\u011bchto noc\u00ed jsou v lexikonu pops\u00e1ny jednotliv\u011b: <a href=\"https:\/\/iwell-guard.com\/cs\/?page_id=146351\">Pan\u00ed Perchta a Perchty<\/a> jako zkou\u0161ej\u00edc\u00ed postava Rauhn\u00e4chte, <a href=\"https:\/\/iwell-guard.com\/cs\/?page_id=146353\">Pan\u00ed Holle<\/a> jako jej\u00ed st\u0159edon\u011bmeck\u00fd prot\u011bj\u0161ek, <a href=\"https:\/\/iwell-guard.com\/cs\/odin\/\">Odin<\/a> v souvislosti s Divok\u00fdm lovem a <a href=\"https:\/\/iwell-guard.com\/cs\/?page_id=146350\">Krampus<\/a> jako stra\u0161ideln\u00e1 postava adventu. P\u0159ehled t\u00e9to tradice nab\u00edz\u00ed str\u00e1nka o <a href=\"https:\/\/iwell-guard.com\/cs\/germansky\/\">germ\u00e1nsk\u00e9 tradici<\/a>, dochovan\u00e9 formy ochrany z tohoto obdob\u00ed jsou pops\u00e1ny u <a href=\"https:\/\/iwell-guard.com\/cs\/kourenie-a-cisteni\/\">vyku\u0159ov\u00e1n\u00ed<\/a> a <a href=\"https:\/\/iwell-guard.com\/cs\/kadidlo\/\">kadidla<\/a>.<\/p>\t\t\t\t\t\t\t\t<\/div>\n\t\t\t\t<\/div>\n\t\t\t\t\t<\/div>\n\t\t\t\t<\/div>\n\t\t<div class=\"elementor-element elementor-element-0493a62 e-flex e-con-boxed e-con e-parent\" data-id=\"0493a62\" data-element_type=\"container\" data-e-type=\"container\">\n\t\t\t\t\t<div class=\"e-con-inner\">\n\t\t\t\t<div class=\"elementor-element elementor-element- elementor-widget elementor-widget-heading\" data-id=\"\" data-element_type=\"widget\" data-e-type=\"widget\" data-widget_type=\"heading.default\">\n\t\t\t\t\t<h2 class=\"elementor-heading-title elementor-size-default\">Souvisej\u00edc\u00ed bytosti a t\u00e9mata<\/h2>\t\t\t\t<\/div>\n\t\t<div class=\"elementor-element elementor-element- e-con-full e-flex e-con e-child\" data-id=\"\" data-element_type=\"container\" data-e-type=\"container\">\n\t\t\t\t<div class=\"elementor-element elementor-element- elementor-widget elementor-widget-text-editor\" data-id=\"\" data-element_type=\"widget\" data-e-type=\"widget\" data-widget_type=\"text-editor.default\">\n\t\t\t\t\t\t\t\t\t<p>Postavy a praktiky t\u011bchto noc\u00ed jsou v lexikonu pops\u00e1ny jednotliv\u011b: <a href=\"https:\/\/iwell-guard.com\/cs\/?page_id=146351\">Pan\u00ed Perchta a Perchty<\/a> jako zkou\u0161ej\u00edc\u00ed postava Rauhn\u00e4chte, <a href=\"https:\/\/iwell-guard.com\/cs\/?page_id=146353\">Pan\u00ed Holle<\/a> jako jej\u00ed st\u0159edon\u011bmeck\u00fd prot\u011bj\u0161ek, <a href=\"https:\/\/iwell-guard.com\/cs\/odin\/\">Odin<\/a> v souvislosti s Divok\u00fdm lovem a <a href=\"https:\/\/iwell-guard.com\/cs\/?page_id=146350\">Krampus<\/a> jako stra\u0161ideln\u00e1 postava adventu. P\u0159ehled t\u00e9to tradice nab\u00edz\u00ed str\u00e1nka o <a href=\"https:\/\/iwell-guard.com\/cs\/germansky\/\">germ\u00e1nsk\u00e9 tradici<\/a>, dochovan\u00e9 formy ochrany z tohoto obdob\u00ed jsou pops\u00e1ny u <a href=\"https:\/\/iwell-guard.com\/cs\/kourenie-a-cisteni\/\">vyku\u0159ov\u00e1n\u00ed<\/a> a <a href=\"https:\/\/iwell-guard.com\/cs\/kadidlo\/\">kadidla<\/a>.<\/p>\t\t\t\t\t\t\t\t<\/div>\n\t\t\t\t<\/div>\n\t\t\t\t\t<\/div>\n\t\t\t\t<\/div>\n\t\t<div class=\"elementor-element elementor-element-87a8df2 e-flex e-con-boxed e-con e-parent\" data-id=\"87a8df2\" data-element_type=\"container\" data-e-type=\"container\">\n\t\t\t\t\t<div class=\"e-con-inner\">\n\t\t\t\t<div class=\"elementor-element elementor-element- elementor-widget elementor-widget-heading\" data-id=\"\" data-element_type=\"widget\" data-e-type=\"widget\" data-widget_type=\"heading.default\">\n\t\t\t\t\t<h2 class=\"elementor-heading-title elementor-size-default\">Souvisej\u00edc\u00ed bytosti a t\u00e9mata<\/h2>\t\t\t\t<\/div>\n\t\t<div class=\"elementor-element elementor-element- e-con-full e-flex e-con e-child\" data-id=\"\" data-element_type=\"container\" data-e-type=\"container\">\n\t\t\t\t<div class=\"elementor-element elementor-element- elementor-widget elementor-widget-text-editor\" data-id=\"\" data-element_type=\"widget\" data-e-type=\"widget\" data-widget_type=\"text-editor.default\">\n\t\t\t\t\t\t\t\t\t<p>Postavy a praktiky t\u011bchto noc\u00ed jsou v lexikonu pops\u00e1ny jednotliv\u011b: <a href=\"https:\/\/iwell-guard.com\/cs\/?page_id=146351\">Pan\u00ed Perchta a Perchty<\/a> jako zkou\u0161ej\u00edc\u00ed postava Rauhn\u00e4chte, <a href=\"https:\/\/iwell-guard.com\/cs\/?page_id=146353\">Pan\u00ed Holle<\/a> jako jej\u00ed st\u0159edon\u011bmeck\u00fd prot\u011bj\u0161ek, <a href=\"https:\/\/iwell-guard.com\/cs\/odin\/\">Odin<\/a> v souvislosti s Divok\u00fdm lovem a <a href=\"https:\/\/iwell-guard.com\/cs\/?page_id=146350\">Krampus<\/a> jako stra\u0161ideln\u00e1 postava adventu. P\u0159ehled t\u00e9to tradice nab\u00edz\u00ed str\u00e1nka o <a href=\"https:\/\/iwell-guard.com\/cs\/germansky\/\">germ\u00e1nsk\u00e9 tradici<\/a>, dochovan\u00e9 formy ochrany z tohoto obdob\u00ed jsou pops\u00e1ny u <a href=\"https:\/\/iwell-guard.com\/cs\/kourenie-a-cisteni\/\">vyku\u0159ov\u00e1n\u00ed<\/a> a <a href=\"https:\/\/iwell-guard.com\/cs\/kadidlo\/\">kadidla<\/a>.<\/p>\t\t\t\t\t\t\t\t<\/div>\n\t\t\t\t<\/div>\n\t\t\t\t\t<\/div>\n\t\t\t\t<\/div>\n\t\t<div class=\"elementor-element elementor-element-9000290 e-flex e-con-boxed e-con e-parent\" data-id=\"9000290\" data-element_type=\"container\" data-e-type=\"container\">\n\t\t\t\t\t<div class=\"e-con-inner\">\n\t\t\t\t<div class=\"elementor-element elementor-element- elementor-widget elementor-widget-heading\" data-id=\"\" data-element_type=\"widget\" data-e-type=\"widget\" data-widget_type=\"heading.default\">\n\t\t\t\t\t<h2 class=\"elementor-heading-title elementor-size-default\">Souvisej\u00edc\u00ed bytosti a t\u00e9mata<\/h2>\t\t\t\t<\/div>\n\t\t<div class=\"elementor-element elementor-element- e-con-full e-flex e-con e-child\" data-id=\"\" data-element_type=\"container\" data-e-type=\"container\">\n\t\t\t\t<div class=\"elementor-element elementor-element- elementor-widget elementor-widget-text-editor\" data-id=\"\" data-element_type=\"widget\" data-e-type=\"widget\" data-widget_type=\"text-editor.default\">\n\t\t\t\t\t\t\t\t\t<p>Postavy a praktiky t\u011bchto noc\u00ed jsou v lexikonu pops\u00e1ny jednotliv\u011b: <a href=\"https:\/\/iwell-guard.com\/cs\/?page_id=146351\">Pan\u00ed Perchta a Perchty<\/a> jako zkou\u0161ej\u00edc\u00ed postava Rauhn\u00e4chte, <a href=\"https:\/\/iwell-guard.com\/cs\/?page_id=146353\">Pan\u00ed Holle<\/a> jako jej\u00ed st\u0159edon\u011bmeck\u00fd prot\u011bj\u0161ek, <a href=\"https:\/\/iwell-guard.com\/cs\/odin\/\">Odin<\/a> v souvislosti s Divok\u00fdm lovem a <a href=\"https:\/\/iwell-guard.com\/cs\/?page_id=146350\">Krampus<\/a> jako stra\u0161ideln\u00e1 postava adventu. P\u0159ehled t\u00e9to tradice nab\u00edz\u00ed str\u00e1nka o <a href=\"https:\/\/iwell-guard.com\/cs\/germansky\/\">germ\u00e1nsk\u00e9 tradici<\/a>, dochovan\u00e9 formy ochrany z tohoto obdob\u00ed jsou pops\u00e1ny u <a href=\"https:\/\/iwell-guard.com\/cs\/kourenie-a-cisteni\/\">vyku\u0159ov\u00e1n\u00ed<\/a> a <a href=\"https:\/\/iwell-guard.com\/cs\/kadidlo\/\">kadidla<\/a>.<\/p>\t\t\t\t\t\t\t\t<\/div>\n\t\t\t\t<\/div>\n\t\t\t\t\t<\/div>\n\t\t\t\t<\/div>\n\t\t<div class=\"elementor-element elementor-element-918fb03 e-flex e-con-boxed e-con e-parent\" data-id=\"918fb03\" data-element_type=\"container\" data-e-type=\"container\">\n\t\t\t\t\t<div class=\"e-con-inner\">\n\t\t\t\t<div class=\"elementor-element elementor-element- elementor-widget elementor-widget-heading\" data-id=\"\" data-element_type=\"widget\" data-e-type=\"widget\" data-widget_type=\"heading.default\">\n\t\t\t\t\t<h2 class=\"elementor-heading-title elementor-size-default\">Souvisej\u00edc\u00ed bytosti a t\u00e9mata<\/h2>\t\t\t\t<\/div>\n\t\t<div class=\"elementor-element elementor-element- e-con-full e-flex e-con e-child\" data-id=\"\" data-element_type=\"container\" data-e-type=\"container\">\n\t\t\t\t<div class=\"elementor-element elementor-element- elementor-widget elementor-widget-text-editor\" data-id=\"\" data-element_type=\"widget\" data-e-type=\"widget\" data-widget_type=\"text-editor.default\">\n\t\t\t\t\t\t\t\t\t<p>Postavy a praktiky t\u011bchto noc\u00ed jsou v lexikonu pops\u00e1ny jednotliv\u011b: <a href=\"https:\/\/iwell-guard.com\/cs\/?page_id=146351\">Pan\u00ed Perchta a Perchty<\/a> jako zkou\u0161ej\u00edc\u00ed postava Rauhn\u00e4chte, <a href=\"https:\/\/iwell-guard.com\/cs\/?page_id=146353\">Pan\u00ed Holle<\/a> jako jej\u00ed st\u0159edon\u011bmeck\u00fd prot\u011bj\u0161ek, <a href=\"https:\/\/iwell-guard.com\/cs\/odin\/\">Odin<\/a> v souvislosti s Divok\u00fdm lovem a <a href=\"https:\/\/iwell-guard.com\/cs\/?page_id=146350\">Krampus<\/a> jako stra\u0161ideln\u00e1 postava adventu. P\u0159ehled t\u00e9to tradice nab\u00edz\u00ed str\u00e1nka o <a href=\"https:\/\/iwell-guard.com\/cs\/germansky\/\">germ\u00e1nsk\u00e9 tradici<\/a>, dochovan\u00e9 formy ochrany z tohoto obdob\u00ed jsou pops\u00e1ny u <a href=\"https:\/\/iwell-guard.com\/cs\/kourenie-a-cisteni\/\">vyku\u0159ov\u00e1n\u00ed<\/a> a <a href=\"https:\/\/iwell-guard.com\/cs\/kadidlo\/\">kadidla<\/a>.<\/p>\t\t\t\t\t\t\t\t<\/div>\n\t\t\t\t<div class=\"elementor-element elementor-element-8ab5043 elementor-widget elementor-widget-html\" data-id=\"8ab5043\" data-element_type=\"widget\" data-e-type=\"widget\" data-widget_type=\"html.default\">\n\t\t\t\t\t<script type=\"application\/ld+json\">{\"@context\": \"https:\/\/schema.org\", \"@type\": \"FAQPage\", \"mainEntity\": [{\"@type\": \"Question\", \"name\": \"Co se v Rauhn\u00e4chtech nesm\u00ed d\u011blat?\", \"acceptedAnswer\": {\"@type\": \"Answer\", \"text\": \"Tradice uv\u00e1d\u00ed p\u0159edev\u0161\u00edm t\u0159i z\u00e1kazy. Pr\u00e1dlo se nem\u011blo pr\u00e1t ani v\u011b\u0161et p\u0159es noc, proto\u017ee se v n\u011bm podle pov\u011bsti zachyt\u00ed Divok\u00fd lov. Nedokon\u010den\u00e9 pr\u00e1ce se m\u011bly dokon\u010dit a kolovraty uklidit. P\u016fj\u010den\u00e9 v\u011bci se braly zp\u011bt a v tomto obdob\u00ed se z domu nic nevyd\u00e1valo. Jde o oby\u010deje minul\u00fdch dob, kter\u00e9 dnes \u017eij\u00ed d\u00e1l p\u0159edev\u0161\u00edm jako vypr\u00e1v\u011bn\u00e9 pod\u00e1n\u00ed.\"}}, {\"@type\": \"Question\", \"name\": \"Co se v Rauhn\u00e4chtech p\u0159esn\u011b d\u011bl\u00e1?\", \"acceptedAnswer\": {\"@type\": \"Answer\", \"text\": \"Dochovaly se \u010dty\u0159i oblasti \u010dinnost\u00ed: vyku\u0159ov\u00e1n\u00ed domu a st\u00e1je kadidlem a bylinami, \u017eehn\u00e1n\u00ed na prahu posv\u011bcenou vodou a k\u0159\u00eddov\u00fd n\u00e1pis t\u0159\u00edkr\u00e1lov\u00fdch zp\u011bv\u00e1k\u016f, v\u00fdklad po\u010das\u00ed a sn\u016f jako p\u0159edzv\u011bsti pro dvan\u00e1ct m\u011bs\u00edc\u016f a maskov\u00e9 pr\u016fvody v alpsk\u00e9 oblasti. K dne\u0161n\u00ed praxi pat\u0159\u00ed i ohl\u00e9dnut\u00ed za rokem se z\u00e1pisn\u00edkem a ritu\u00e1l t\u0159in\u00e1cti p\u0159\u00e1n\u00ed, kter\u00fd se pova\u017euje za mlad\u0161\u00ed zvyk.\"}}, {\"@type\": \"Question\", \"name\": \"Co jsou dvan\u00e1ct Rauhn\u00e4chte?\", \"acceptedAnswer\": {\"@type\": \"Answer\", \"text\": \"Dvan\u00e1ct Rauhn\u00e4chte jsou noci mezi V\u00e1nocemi a sv\u00e1tkem T\u0159\u00ed kr\u00e1l\u016f, podle nejb\u011b\u017en\u011bj\u0161\u00edho po\u010d\u00edt\u00e1n\u00ed od 25. prosince do 6. ledna. Star\u0161\u00ed zp\u016fsoby po\u010d\u00edt\u00e1n\u00ed za\u010d\u00ednaj\u00ed Tom\u00e1\u0161skou noc\u00ed 21. prosince nebo \u0160t\u011bdrou noc\u00ed. Ka\u017ed\u00e1 z dvan\u00e1cti noc\u00ed je v tradici pova\u017eov\u00e1na za p\u0159edzv\u011bst jednoho m\u011bs\u00edce nadch\u00e1zej\u00edc\u00edho roku.\"}}, {\"@type\": \"Question\", \"name\": \"Kter\u00e9 jsou 4 nejd\u016fle\u017eit\u011bj\u0161\u00ed Rauhn\u00e4chte?\", \"acceptedAnswer\": {\"@type\": \"Answer\", \"text\": \"Ve v\u011bt\u0161in\u011b pramen\u016f se zd\u016fraz\u0148uje Tom\u00e1\u0161sk\u00e1 noc z 20. na 21. prosince jako nejdel\u0161\u00ed noc star\u00e9ho kalend\u00e1\u0159e, \u0160t\u011bdr\u00e1 noc z 24. na 25. prosince, novoro\u010dn\u00ed noc jako klasick\u00e1 v\u011b\u0161tebn\u00e1 noc a Perchtina noc z 5. na 6. ledna jako z\u00e1v\u011br cel\u00e9 \u0159ady.\"}}]}<\/script>\t\t\t\t<\/div>\n\t\t\t\t<\/div>\n\t\t\t\t\t<\/div>\n\t\t\t\t<\/div>\n\t\t<div class=\"elementor-element elementor-element-7b4a206 e-flex e-con-boxed e-con e-parent\" data-id=\"7b4a206\" data-element_type=\"container\" data-e-type=\"container\">\n\t\t\t\t\t<div class=\"e-con-inner\">\n\t\t\t\t<div class=\"elementor-element elementor-element- elementor-widget elementor-widget-heading\" data-id=\"\" data-element_type=\"widget\" data-e-type=\"widget\" data-widget_type=\"heading.default\">\n\t\t\t\t\t<h2 class=\"elementor-heading-title elementor-size-default\">Souvisej\u00edc\u00ed bytosti a t\u00e9mata<\/h2>\t\t\t\t<\/div>\n\t\t<div class=\"elementor-element elementor-element- e-con-full e-flex e-con e-child\" data-id=\"\" data-element_type=\"container\" data-e-type=\"container\">\n\t\t\t\t<div class=\"elementor-element elementor-element- elementor-widget elementor-widget-text-editor\" data-id=\"\" data-element_type=\"widget\" data-e-type=\"widget\" data-widget_type=\"text-editor.default\">\n\t\t\t\t\t\t\t\t\t<p>Postavy a praktiky t\u011bchto noc\u00ed jsou v lexikonu pops\u00e1ny jednotliv\u011b: <a href=\"https:\/\/iwell-guard.com\/cs\/?page_id=146351\">Pan\u00ed Perchta a Perchty<\/a> jako zkou\u0161ej\u00edc\u00ed postava Rauhn\u00e4chte, <a href=\"https:\/\/iwell-guard.com\/cs\/?page_id=146353\">Pan\u00ed Holle<\/a> jako jej\u00ed st\u0159edon\u011bmeck\u00fd prot\u011bj\u0161ek, <a href=\"https:\/\/iwell-guard.com\/cs\/odin\/\">Odin<\/a> v souvislosti s Divok\u00fdm lovem a <a href=\"https:\/\/iwell-guard.com\/cs\/?page_id=146350\">Krampus<\/a> jako stra\u0161ideln\u00e1 postava adventu. P\u0159ehled t\u00e9to tradice nab\u00edz\u00ed str\u00e1nka o <a href=\"https:\/\/iwell-guard.com\/cs\/germansky\/\">germ\u00e1nsk\u00e9 tradici<\/a>, dochovan\u00e9 formy ochrany z tohoto obdob\u00ed jsou pops\u00e1ny u <a href=\"https:\/\/iwell-guard.com\/cs\/kourenie-a-cisteni\/\">vyku\u0159ov\u00e1n\u00ed<\/a> a <a href=\"https:\/\/iwell-guard.com\/cs\/kadidlo\/\">kadidla<\/a>.<\/p>\t\t\t\t\t\t\t\t<\/div>\n\t\t\t\t<\/div>\n\t\t\t\t\t<\/div>\n\t\t\t\t<\/div>\n\t\t<div class=\"elementor-element elementor-element-iwgs-raeuchern-lit e-flex e-con-boxed e-con e-parent\" data-id=\"iwgs-raeuchern-lit\" data-element_type=\"container\" data-e-type=\"container\">\n\t\t\t\t\t<div class=\"e-con-inner\">\n\t\t\t\t<div class=\"elementor-element elementor-element-iwgs-raeuchern-lith elementor-widget elementor-widget-heading\" data-id=\"iwgs-raeuchern-lith\" data-element_type=\"widget\" data-e-type=\"widget\" data-widget_type=\"heading.default\">\n\t\t\t\t\t<h2 class=\"elementor-heading-title elementor-size-default\">Literatura (v\u00fdb\u011br)<\/h2>\t\t\t\t<\/div>\n\t\t<div class=\"elementor-element elementor-element-iw-raeuchern-lit-bw e-con-full e-flex e-con e-child\" data-id=\"iw-raeuchern-lit-bw\" data-element_type=\"container\" data-e-type=\"container\">\n\t\t\t\t<div class=\"elementor-element elementor-element-iwgs-raeuchern-litt elementor-widget elementor-widget-html\" data-id=\"iwgs-raeuchern-litt\" data-element_type=\"widget\" data-e-type=\"widget\" data-widget_type=\"html.default\">\n\t\t\t\t\t<footer data-nosnippet=\"true\"><ul><li>Handw\u00f6rterbuch des deutschen Aberglaubens. Vyd. Hanns B\u00e4chtold-St\u00e4ubli. Sv. 9, \u010dl\u00e1nek \u201eZw\u00f6lften\". Berlin: de Gruyter, 1938-1941.<\/li><li>Dietz-R\u00fcdiger Moser: Br\u00e4uche und Feste im christlichen Jahreslauf. Brauchformen der Gegenwart in kulturgeschichtlichen Zusammenh\u00e4ngen. Graz: Styria, 1993.<\/li><li>Manfred Becker-Huberti: Feiern, Feste, Jahreszeiten. Lebendige Br\u00e4uche im ganzen Jahr. Freiburg: Herder, 2001.<\/li><li>Marianne Rumpf: Perchten. Popul\u00e4re Glaubensgestalten zwischen Mythos und Katechese. W\u00fcrzburg: K\u00f6nigshausen und Neumann, 1991.<\/li><\/ul><\/footer>\t\t\t\t<\/div>\n\t\t\t\t<\/div>\n\t\t\t\t\t<\/div>\n\t\t\t\t<\/div>\n\t\t<div class=\"elementor-element elementor-element-iwgs-raeuchern-kwd e-flex e-con-boxed e-con e-parent\" data-id=\"iwgs-raeuchern-kwd\" data-element_type=\"container\" data-e-type=\"container\">\n\t\t\t\t\t<div class=\"e-con-inner\">\n\t\t<div class=\"elementor-element elementor-element-iw-raeuchern-kwd-bw e-con-full e-flex e-con e-child\" data-id=\"iw-raeuchern-kwd-bw\" data-element_type=\"container\" data-e-type=\"container\">\n\t\t\t\t<div class=\"elementor-element elementor-element-iwgs-raeuchern-kwdt elementor-widget elementor-widget-text-editor\" data-id=\"iwgs-raeuchern-kwdt\" data-element_type=\"widget\" data-e-type=\"widget\" data-widget_type=\"text-editor.default\">\n\t\t\t\t\t\t\t\t\t<p><em>Souvisej\u00edc\u00ed kl\u00ed\u010dov\u00e1 slova: rauhnaechte raunaechte zwoelften raeuchern losnaechte perchtennacht.<\/em><\/p>\t\t\t\t\t\t\t\t<\/div>\n\t\t\t\t<\/div>\n\t\t\t\t\t<\/div>\n\t\t\t\t<\/div>\n\t\t<div class=\"elementor-element elementor-element-iwgs-raeuchern-cc e-flex e-con-boxed e-con e-parent\" data-id=\"iwgs-raeuchern-cc\" data-element_type=\"container\" data-e-type=\"container\" id=\"iwg-cc-raeuchern\">\n\t\t\t\t\t<div class=\"e-con-inner\">\n\t\t<div class=\"elementor-element elementor-element-iwgs-raeuchern-ccinner e-flex e-con-boxed e-con e-child\" data-id=\"iwgs-raeuchern-ccinner\" data-element_type=\"container\" data-e-type=\"container\" data-settings=\"{&quot;background_background&quot;:&quot;classic&quot;}\">\n\t\t\t\t\t<div class=\"e-con-inner\">\n\t\t\t\t<div class=\"elementor-element elementor-element-iwgs-raeuchern-cch elementor-widget elementor-widget-heading\" data-id=\"iwgs-raeuchern-cch\" data-element_type=\"widget\" data-e-type=\"widget\" data-widget_type=\"heading.default\">\n\t\t\t\t\t<h2 class=\"elementor-heading-title elementor-size-default\">iWell Guard a ochrann\u00e9 tradice<\/h2>\t\t\t\t<\/div>\n\t\t\t\t<div class=\"elementor-element elementor-element-iwgs-raeuchern-cct elementor-widget elementor-widget-text-editor\" data-id=\"iwgs-raeuchern-cct\" data-element_type=\"widget\" data-e-type=\"widget\" data-widget_type=\"text-editor.default\">\n\t\t\t\t\t\t\t\t\t<p>Rozmanitost kadidlov\u00fdch praktik ukazuje, \u017ee lid\u00e9 na r\u016fzn\u00fdch kontinentech dosp\u011bli k podobn\u00fdm z\u00e1v\u011br\u016fm: prostor nebo osobu lze c\u00edlen\u00fdmi \u00fakony p\u0159iv\u00e9st do stavu, kter\u00fd zt\u011b\u017euje nebo znemo\u017e\u0148uje vn\u011bj\u0161\u00ed vlivy.<\/p><p><a href=\"https:\/\/iwell-guard.com\/cs\/koupit-ochranny-privesek-iwell-guard\/\">iWell Guard<\/a> tyto tradice p\u0159eb\u00edr\u00e1 a zhu\u0161\u0165uje je do nesen\u00e9ho ochrann\u00e9ho symbolu. Co kultury kou\u0159en\u00edm dok\u00e1zaly pro prostor, m\u00e1 p\u0159\u00edv\u011bsek dok\u00e1zat pro osobu: trvalou, nesen\u011b p\u0159ipom\u00ednanou v\u016fli k ochran\u011b, \u010derpanou z tradic nap\u0159\u00ed\u010d kulturami.<\/p>\t\t\t\t\t\t\t\t<\/div>\n\t\t\t\t<div class=\"elementor-element elementor-element-iwgs-raeuchern-ccb iwg-cc-button iwg-cc-cta-2026-05-13 elementor-widget elementor-widget-jet-button\" data-id=\"iwgs-raeuchern-ccb\" data-element_type=\"widget\" data-e-type=\"widget\" data-widget_type=\"jet-button.default\">\n\t\t\t\t<div class=\"elementor-widget-container\">\n\t\t\t\t\t<div class=\"elementor-jet-button jet-elements\"><div class=\"jet-button__container\"><a class=\"jet-button__instance jet-button__instance--icon-left hover-effect-1\" href=\"\/schutzanhaenger-iwell-guard-kaufen\/?utm_source=iwell-guard.com&amp;utm_medium=info-box&amp;utm_campaign=schutzsymbole\"><div class=\"jet-button__plane jet-button__plane-normal\"><\/div><div class=\"jet-button__plane jet-button__plane-hover\"><\/div><div class=\"jet-button__state jet-button__state-normal\"><span class=\"jet-button__label\">V\u00edce o iWell Guard<\/span><\/div><div class=\"jet-button__state jet-button__state-hover\"><span class=\"jet-button__label\">V\u00edce o iWell Guard<\/span><\/div><\/a><\/div><\/div><style>.elementor-element.elementor-element-iwgs-raeuchern-ccb .jet-button__instance{width:320px;height:56px;}.elementor-element.elementor-element-iwgs-raeuchern-ccb .jet-button__state-normal .jet-button__label{text-align:center;margin:0px 0px 0px 0px;color:#1a1b20;font-family:Montserrat,sans-serif;font-size:13px;font-weight:400;letter-spacing:4px;line-height:1.714em;text-transform:uppercase;}.elementor-element.elementor-element-iwgs-raeuchern-ccb .jet-button__state-hover .jet-button__label{text-align:center;margin:0px 0px 0px 0px;color:#FECC76;font-family:Montserrat,sans-serif;font-size:13px;font-weight:400;letter-spacing:4px;line-height:1.714em;text-transform:uppercase;}.elementor-element.elementor-element-iwgs-raeuchern-ccb .jet-button__plane-normal{background-color:#FECC76;border-style:solid;border-color:#C99540;border-width:2px 2px 2px 2px;}.elementor-element.elementor-element-iwgs-raeuchern-ccb .jet-button__plane-hover{background-color:rgba(0,0,0,0.55);border-style:solid;border-color:#FECC76;border-width:2px 2px 2px 2px;}<\/style>\t\t\t\t<\/div>\n\t\t\t\t<\/div>\n\t\t\t\t<div class=\"elementor-element elementor-element-iwgs-raeuchern-ccd elementor-widget elementor-widget-text-editor\" data-id=\"iwgs-raeuchern-ccd\" data-element_type=\"widget\" data-e-type=\"widget\" data-widget_type=\"text-editor.default\">\n\t\t\t\t\t\t\t\t\t<p style=\"text-align:center;font-size:13px;opacity:0.7;margin-top:14px\" data-nosnippet=\"true\">Osobn\u00ed zku\u0161enosti se mohou li\u0161it. Nejde o zdravotnick\u00fd prost\u0159edek. Nejde o p\u0159\u00edslib l\u00e9\u010den\u00ed.<\/p>\t\t\t\t\t\t\t\t<\/div>\n\t\t\t\t\t<\/div>\n\t\t\t\t<\/div>\n\t\t\t\t\t<\/div>\n\t\t\t\t<\/div>\n\t\t<div class=\"elementor-element elementor-element-iwgs-raeuchern-disc e-flex e-con-boxed e-con e-parent\" data-id=\"iwgs-raeuchern-disc\" data-element_type=\"container\" data-e-type=\"container\">\n\t\t\t\t\t<div class=\"e-con-inner\">\n\t\t<div class=\"elementor-element elementor-element-iw-raeuchern-disc-bw e-con-full e-flex e-con e-child\" data-id=\"iw-raeuchern-disc-bw\" data-element_type=\"container\" data-e-type=\"container\">\n\t\t\t\t<div class=\"elementor-element elementor-element-iwgs-raeuchern-discw elementor-widget elementor-widget-html\" data-id=\"iwgs-raeuchern-discw\" data-element_type=\"widget\" data-e-type=\"widget\" data-widget_type=\"html.default\">\n\t\t\t\t\t<footer data-nosnippet=\"true\" class=\"iwg-disclaimer-block\"><p data-nosnippet=\"true\">iWell Guard <strong>nen\u00ed zdravotnick\u00fd prost\u0159edek<\/strong> a nenahrazuje l\u00e9ka\u0159skou ani psychoterapeutickou l\u00e9\u010dbu. Zde uveden\u00fd obsah p\u0159edstavuje religionistick\u00e9 a kulturn\u011b-historick\u00e9 za\u0159azen\u00ed, nikoli p\u0159\u00edslib duchovn\u00edho \u00fa\u010dinku.<\/p><\/footer>\t\t\t\t<\/div>\n\t\t\t\t<\/div>\n\t\t\t\t\t<\/div>\n\t\t\t\t<\/div>\n\t\t\t\t<\/div>\n\t\t","protected":false},"excerpt":{"rendered":"","protected":false},"author":1,"featured_media":4143,"parent":0,"menu_order":0,"comment_status":"closed","ping_status":"closed","template":"elementor_header_footer","meta":{"_yoast_wpseo_focuskw":"rauhn\u00e4chte","_yoast_wpseo_title":"Rauhn\u00e4chte: v\u00fdznam, ritu\u00e1ly a term\u00edny","_yoast_wpseo_metadesc":"Co jsou Rauhn\u00e4chte? V\u00fdznam dvan\u00e1cti noc\u00ed mezi sv\u00e1tky, zvyky a z\u00e1kazy, vyku\u0159ov\u00e1n\u00ed a v\u011b\u0161t\u011bn\u00ed, od Frau Perchty a\u017e po Divok\u00fd lov.","_yoast_wpseo_meta-robots-noindex":"","_yoast_wpseo_canonical":"","_angie_page":false,"gefaehrdungsstufe":"","wesen_kultur":"","wesen_klasse":"","footnotes":""},"categories":[],"class_list":["post-146396","page","type-page","status-publish","has-post-thumbnail","hentry"],"yoast_head":"<!-- This site is optimized with the Yoast SEO Premium plugin v27.7 (Yoast SEO v28.3) - https:\/\/yoast.com\/product\/yoast-seo-premium-wordpress\/ -->\n<title>Rauhn\u00e4chte: v\u00fdznam, ritu\u00e1ly a term\u00edny<\/title>\n<meta name=\"description\" content=\"Co jsou Rauhn\u00e4chte? V\u00fdznam dvan\u00e1cti noc\u00ed mezi sv\u00e1tky, zvyky a z\u00e1kazy, vyku\u0159ov\u00e1n\u00ed a v\u011b\u0161t\u011bn\u00ed, od Frau Perchty a\u017e po Divok\u00fd lov.\" \/>\n<meta name=\"robots\" content=\"index, follow, max-snippet:-1, max-image-preview:large, max-video-preview:-1\" \/>\n<link rel=\"canonical\" href=\"https:\/\/iwell-guard.com\/cs\/rauhnachte\/\" \/>\n<meta property=\"og:locale\" content=\"cs_CZ\" \/>\n<meta property=\"og:type\" content=\"article\" \/>\n<meta property=\"og:title\" content=\"Rauhn\u00e4chte\" \/>\n<meta property=\"og:description\" content=\"Co jsou Rauhn\u00e4chte? V\u00fdznam dvan\u00e1cti noc\u00ed mezi sv\u00e1tky, zvyky a z\u00e1kazy, vyku\u0159ov\u00e1n\u00ed a v\u011b\u0161t\u011bn\u00ed, od Frau Perchty a\u017e po Divok\u00fd lov.\" \/>\n<meta property=\"og:url\" content=\"https:\/\/iwell-guard.com\/cs\/rauhnachte\/\" \/>\n<meta property=\"og:site_name\" content=\"iWell Guard\" \/>\n<meta property=\"article:modified_time\" content=\"2026-09-03T17:22:18+00:00\" \/>\n<meta property=\"og:image\" content=\"https:\/\/iwell-guard.com\/wp-content\/uploads\/2026\/05\/schutzsymbol_universell_raeuchern-683x1024.png\" \/>\n\t<meta property=\"og:image:width\" content=\"683\" \/>\n\t<meta property=\"og:image:height\" content=\"1024\" \/>\n\t<meta property=\"og:image:type\" content=\"image\/png\" \/>\n<meta name=\"twitter:card\" content=\"summary_large_image\" \/>\n<script type=\"application\/ld+json\" class=\"yoast-schema-graph\">{\"@context\":\"https:\\\/\\\/schema.org\",\"@graph\":[{\"@type\":\"WebPage\",\"@id\":\"https:\\\/\\\/iwell-guard.com\\\/cs\\\/rauhnachte\\\/\",\"url\":\"https:\\\/\\\/iwell-guard.com\\\/cs\\\/rauhnachte\\\/\",\"name\":\"Rauhn\u00e4chte: v\u00fdznam, ritu\u00e1ly a term\u00edny\",\"isPartOf\":{\"@id\":\"https:\\\/\\\/iwell-guard.com\\\/cs\\\/#website\"},\"primaryImageOfPage\":{\"@id\":\"https:\\\/\\\/iwell-guard.com\\\/cs\\\/rauhnachte\\\/#primaryimage\"},\"image\":{\"@id\":\"https:\\\/\\\/iwell-guard.com\\\/cs\\\/rauhnachte\\\/#primaryimage\"},\"thumbnailUrl\":\"https:\\\/\\\/iwell-guard.com\\\/wp-content\\\/uploads\\\/2026\\\/05\\\/schutzsymbol_universell_raeuchern.png\",\"datePublished\":\"2026-09-03T16:46:41+00:00\",\"dateModified\":\"2026-09-03T17:22:18+00:00\",\"description\":\"Co jsou Rauhn\u00e4chte? V\u00fdznam dvan\u00e1cti noc\u00ed mezi sv\u00e1tky, zvyky a z\u00e1kazy, vyku\u0159ov\u00e1n\u00ed a v\u011b\u0161t\u011bn\u00ed, od Frau Perchty a\u017e po Divok\u00fd lov.\",\"breadcrumb\":{\"@id\":\"https:\\\/\\\/iwell-guard.com\\\/cs\\\/rauhnachte\\\/#breadcrumb\"},\"inLanguage\":\"cs\",\"potentialAction\":[{\"@type\":\"ReadAction\",\"target\":[\"https:\\\/\\\/iwell-guard.com\\\/cs\\\/rauhnachte\\\/\"]}]},{\"@type\":\"ImageObject\",\"inLanguage\":\"cs\",\"@id\":\"https:\\\/\\\/iwell-guard.com\\\/cs\\\/rauhnachte\\\/#primaryimage\",\"url\":\"https:\\\/\\\/iwell-guard.com\\\/wp-content\\\/uploads\\\/2026\\\/05\\\/schutzsymbol_universell_raeuchern.png\",\"contentUrl\":\"https:\\\/\\\/iwell-guard.com\\\/wp-content\\\/uploads\\\/2026\\\/05\\\/schutzsymbol_universell_raeuchern.png\",\"width\":1024,\"height\":1536,\"caption\":\"Vyku\u0159ov\u00e1n\u00ed a o\u010dista \u2013 stoupaj\u00edc\u00ed kou\u0159 jako symbol o\u010di\u0161t\u011bn\u00ed\"},{\"@type\":\"BreadcrumbList\",\"@id\":\"https:\\\/\\\/iwell-guard.com\\\/cs\\\/rauhnachte\\\/#breadcrumb\",\"itemListElement\":[{\"@type\":\"ListItem\",\"position\":1,\"name\":\"Start\",\"item\":\"https:\\\/\\\/iwell-guard.com\\\/cs\\\/?page_id=145107\"},{\"@type\":\"ListItem\",\"position\":2,\"name\":\"Rauhn\u00e4chte\"}]},{\"@type\":\"WebSite\",\"@id\":\"https:\\\/\\\/iwell-guard.com\\\/cs\\\/#website\",\"url\":\"https:\\\/\\\/iwell-guard.com\\\/cs\\\/\",\"name\":\"iWell Guard\",\"description\":\"Schutz vor dunklen Einfl\u00fcssen\",\"publisher\":{\"@id\":\"https:\\\/\\\/iwell-guard.com\\\/cs\\\/#organization\"},\"potentialAction\":[{\"@type\":\"SearchAction\",\"target\":{\"@type\":\"EntryPoint\",\"urlTemplate\":\"https:\\\/\\\/iwell-guard.com\\\/cs\\\/?s={search_term_string}\"},\"query-input\":{\"@type\":\"PropertyValueSpecification\",\"valueRequired\":true,\"valueName\":\"search_term_string\"}}],\"inLanguage\":\"cs\"},{\"@type\":\"Organization\",\"@id\":\"https:\\\/\\\/iwell-guard.com\\\/cs\\\/#organization\",\"name\":\"Ittermann electronic GmbH\",\"url\":\"https:\\\/\\\/iwell-guard.com\\\/cs\\\/\",\"logo\":{\"@type\":\"ImageObject\",\"inLanguage\":\"cs\",\"@id\":\"https:\\\/\\\/iwell-guard.com\\\/cs\\\/#\\\/schema\\\/logo\\\/image\\\/\",\"url\":\"https:\\\/\\\/iwell-guard.com\\\/wp-content\\\/uploads\\\/2026\\\/05\\\/Ittermann-Logo-1182x237-1.png\",\"contentUrl\":\"https:\\\/\\\/iwell-guard.com\\\/wp-content\\\/uploads\\\/2026\\\/05\\\/Ittermann-Logo-1182x237-1.png\",\"width\":1182,\"height\":237,\"caption\":\"Ittermann electronic GmbH\"},\"image\":{\"@id\":\"https:\\\/\\\/iwell-guard.com\\\/cs\\\/#\\\/schema\\\/logo\\\/image\\\/\"},\"sameAs\":[\"https:\\\/\\\/pantip.com\\\/profile\\\/9367242\",\"https:\\\/\\\/micro.blog\\\/iwellguard\",\"https:\\\/\\\/www.diggerslist.com\\\/iwellguard\\\/about\",\"https:\\\/\\\/skitterphoto.com\\\/photographers\\\/2870314\\\/iwell-guard\",\"https:\\\/\\\/iwellguard.wordpress.com\\\/2026\\\/06\\\/06\\\/iwell-guard\\\/\",\"https:\\\/\\\/hub.docker.com\\\/u\\\/iwellguard\",\"https:\\\/\\\/www.pinterest.com\\\/iwellguard\\\/\",\"https:\\\/\\\/bit.ly\\\/m\\\/iwellguard\",\"https:\\\/\\\/entre-vos-mains.alsace.eu\\\/profiles\\\/iwellguard\\\/activity\",\"https:\\\/\\\/gravatar.com\\\/reallybeded8fd34\",\"https:\\\/\\\/naijamatta.com\\\/iwellguard\",\"https:\\\/\\\/www.goodreads.com\\\/iwellguard\",\"https:\\\/\\\/profile.hatena.ne.jp\\\/iwellguard\\\/\",\"https:\\\/\\\/experiment.com\\\/users\\\/iwellguard\",\"https:\\\/\\\/wakelet.com\\\/@iWellGuard82270\",\"https:\\\/\\\/www.chordie.com\\\/forum\\\/profile.php?id=2555664\",\"https:\\\/\\\/www.instapaper.com\\\/p\\\/17757966\",\"https:\\\/\\\/www.mapleprimes.com\\\/users\\\/iwellguard\",\"https:\\\/\\\/businesslistingplus.com\\\/profile\\\/iwell-guard\\\/\",\"https:\\\/\\\/telegra.ph\\\/iWell-Guard-06-06\",\"https:\\\/\\\/pbase.com\\\/iwellguard\\\/iwellguard\",\"https:\\\/\\\/b.hatena.ne.jp\\\/iwellguard\\\/20260607#bookmark-4788405196491818882\",\"https:\\\/\\\/fliphtml5.com\\\/home\\\/iwellguard\",\"https:\\\/\\\/anyflip.com\\\/homepage\\\/cmiwl#About\",\"https:\\\/\\\/transfur.com\\\/Users\\\/iwellguard\",\"http:\\\/\\\/delphi.larsbo.org\\\/user\\\/iwellguard\",\"https:\\\/\\\/jobs.lajobsportal.org\\\/profiles\\\/8380803-iwell-guard\",\"https:\\\/\\\/md.chaosdorf.de\\\/s\\\/jfbe5SBdJD\",\"https:\\\/\\\/www.lingvolive.com\\\/en-us\\\/profile\\\/9ecaeaca-ce11-4e51-9e71-01d55e2bff36\\\/translations\",\"https:\\\/\\\/www.fitday.com\\\/fitness\\\/forums\\\/members\\\/iwellguard.html\",\"https:\\\/\\\/www.mymeetbook.com\\\/iwellguard\",\"https:\\\/\\\/pxhere.com\\\/en\\\/photographer-me\\\/5040798\",\"https:\\\/\\\/disqus.com\\\/by\\\/iwellguard\\\/about\\\/\",\"https:\\\/\\\/pastelink.net\\\/hjwciqwq\",\"https:\\\/\\\/pubhtml5.com\\\/homepage\\\/scjhn\\\/\",\"https:\\\/\\\/www.bitchute.com\\\/channel\\\/2O2eOKzNqujT\",\"https:\\\/\\\/audiomack.com\\\/iwellguard\"]}]}<\/script>\n<!-- \/ Yoast SEO Premium plugin. -->","yoast_head_json":{"title":"Rauhn\u00e4chte: v\u00fdznam, ritu\u00e1ly a term\u00edny","description":"Co jsou Rauhn\u00e4chte? V\u00fdznam dvan\u00e1cti noc\u00ed mezi sv\u00e1tky, zvyky a z\u00e1kazy, vyku\u0159ov\u00e1n\u00ed a v\u011b\u0161t\u011bn\u00ed, od Frau Perchty a\u017e po Divok\u00fd lov.","robots":{"index":"index","follow":"follow","max-snippet":"max-snippet:-1","max-image-preview":"max-image-preview:large","max-video-preview":"max-video-preview:-1"},"canonical":"https:\/\/iwell-guard.com\/cs\/rauhnachte\/","og_locale":"cs_CZ","og_type":"article","og_title":"Rauhn\u00e4chte","og_description":"Co jsou Rauhn\u00e4chte? V\u00fdznam dvan\u00e1cti noc\u00ed mezi sv\u00e1tky, zvyky a z\u00e1kazy, vyku\u0159ov\u00e1n\u00ed a v\u011b\u0161t\u011bn\u00ed, od Frau Perchty a\u017e po Divok\u00fd lov.","og_url":"https:\/\/iwell-guard.com\/cs\/rauhnachte\/","og_site_name":"iWell Guard","article_modified_time":"2026-09-03T17:22:18+00:00","og_image":[{"width":683,"height":1024,"url":"https:\/\/iwell-guard.com\/wp-content\/uploads\/2026\/05\/schutzsymbol_universell_raeuchern-683x1024.png","type":"image\/png"}],"twitter_card":"summary_large_image","schema":{"@context":"https:\/\/schema.org","@graph":[{"@type":"WebPage","@id":"https:\/\/iwell-guard.com\/cs\/rauhnachte\/","url":"https:\/\/iwell-guard.com\/cs\/rauhnachte\/","name":"Rauhn\u00e4chte: v\u00fdznam, ritu\u00e1ly a term\u00edny","isPartOf":{"@id":"https:\/\/iwell-guard.com\/cs\/#website"},"primaryImageOfPage":{"@id":"https:\/\/iwell-guard.com\/cs\/rauhnachte\/#primaryimage"},"image":{"@id":"https:\/\/iwell-guard.com\/cs\/rauhnachte\/#primaryimage"},"thumbnailUrl":"https:\/\/iwell-guard.com\/wp-content\/uploads\/2026\/05\/schutzsymbol_universell_raeuchern.png","datePublished":"2026-09-03T16:46:41+00:00","dateModified":"2026-09-03T17:22:18+00:00","description":"Co jsou Rauhn\u00e4chte? V\u00fdznam dvan\u00e1cti noc\u00ed mezi sv\u00e1tky, zvyky a z\u00e1kazy, vyku\u0159ov\u00e1n\u00ed a v\u011b\u0161t\u011bn\u00ed, od Frau Perchty a\u017e po Divok\u00fd lov.","breadcrumb":{"@id":"https:\/\/iwell-guard.com\/cs\/rauhnachte\/#breadcrumb"},"inLanguage":"cs","potentialAction":[{"@type":"ReadAction","target":["https:\/\/iwell-guard.com\/cs\/rauhnachte\/"]}]},{"@type":"ImageObject","inLanguage":"cs","@id":"https:\/\/iwell-guard.com\/cs\/rauhnachte\/#primaryimage","url":"https:\/\/iwell-guard.com\/wp-content\/uploads\/2026\/05\/schutzsymbol_universell_raeuchern.png","contentUrl":"https:\/\/iwell-guard.com\/wp-content\/uploads\/2026\/05\/schutzsymbol_universell_raeuchern.png","width":1024,"height":1536,"caption":"Vyku\u0159ov\u00e1n\u00ed a o\u010dista \u2013 stoupaj\u00edc\u00ed kou\u0159 jako symbol o\u010di\u0161t\u011bn\u00ed"},{"@type":"BreadcrumbList","@id":"https:\/\/iwell-guard.com\/cs\/rauhnachte\/#breadcrumb","itemListElement":[{"@type":"ListItem","position":1,"name":"Start","item":"https:\/\/iwell-guard.com\/cs\/?page_id=145107"},{"@type":"ListItem","position":2,"name":"Rauhn\u00e4chte"}]},{"@type":"WebSite","@id":"https:\/\/iwell-guard.com\/cs\/#website","url":"https:\/\/iwell-guard.com\/cs\/","name":"iWell Guard","description":"Schutz vor dunklen Einfl\u00fcssen","publisher":{"@id":"https:\/\/iwell-guard.com\/cs\/#organization"},"potentialAction":[{"@type":"SearchAction","target":{"@type":"EntryPoint","urlTemplate":"https:\/\/iwell-guard.com\/cs\/?s={search_term_string}"},"query-input":{"@type":"PropertyValueSpecification","valueRequired":true,"valueName":"search_term_string"}}],"inLanguage":"cs"},{"@type":"Organization","@id":"https:\/\/iwell-guard.com\/cs\/#organization","name":"Ittermann electronic GmbH","url":"https:\/\/iwell-guard.com\/cs\/","logo":{"@type":"ImageObject","inLanguage":"cs","@id":"https:\/\/iwell-guard.com\/cs\/#\/schema\/logo\/image\/","url":"https:\/\/iwell-guard.com\/wp-content\/uploads\/2026\/05\/Ittermann-Logo-1182x237-1.png","contentUrl":"https:\/\/iwell-guard.com\/wp-content\/uploads\/2026\/05\/Ittermann-Logo-1182x237-1.png","width":1182,"height":237,"caption":"Ittermann electronic GmbH"},"image":{"@id":"https:\/\/iwell-guard.com\/cs\/#\/schema\/logo\/image\/"},"sameAs":["https:\/\/pantip.com\/profile\/9367242","https:\/\/micro.blog\/iwellguard","https:\/\/www.diggerslist.com\/iwellguard\/about","https:\/\/skitterphoto.com\/photographers\/2870314\/iwell-guard","https:\/\/iwellguard.wordpress.com\/2026\/06\/06\/iwell-guard\/","https:\/\/hub.docker.com\/u\/iwellguard","https:\/\/www.pinterest.com\/iwellguard\/","https:\/\/bit.ly\/m\/iwellguard","https:\/\/entre-vos-mains.alsace.eu\/profiles\/iwellguard\/activity","https:\/\/gravatar.com\/reallybeded8fd34","https:\/\/naijamatta.com\/iwellguard","https:\/\/www.goodreads.com\/iwellguard","https:\/\/profile.hatena.ne.jp\/iwellguard\/","https:\/\/experiment.com\/users\/iwellguard","https:\/\/wakelet.com\/@iWellGuard82270","https:\/\/www.chordie.com\/forum\/profile.php?id=2555664","https:\/\/www.instapaper.com\/p\/17757966","https:\/\/www.mapleprimes.com\/users\/iwellguard","https:\/\/businesslistingplus.com\/profile\/iwell-guard\/","https:\/\/telegra.ph\/iWell-Guard-06-06","https:\/\/pbase.com\/iwellguard\/iwellguard","https:\/\/b.hatena.ne.jp\/iwellguard\/20260607#bookmark-4788405196491818882","https:\/\/fliphtml5.com\/home\/iwellguard","https:\/\/anyflip.com\/homepage\/cmiwl#About","https:\/\/transfur.com\/Users\/iwellguard","http:\/\/delphi.larsbo.org\/user\/iwellguard","https:\/\/jobs.lajobsportal.org\/profiles\/8380803-iwell-guard","https:\/\/md.chaosdorf.de\/s\/jfbe5SBdJD","https:\/\/www.lingvolive.com\/en-us\/profile\/9ecaeaca-ce11-4e51-9e71-01d55e2bff36\/translations","https:\/\/www.fitday.com\/fitness\/forums\/members\/iwellguard.html","https:\/\/www.mymeetbook.com\/iwellguard","https:\/\/pxhere.com\/en\/photographer-me\/5040798","https:\/\/disqus.com\/by\/iwellguard\/about\/","https:\/\/pastelink.net\/hjwciqwq","https:\/\/pubhtml5.com\/homepage\/scjhn\/","https:\/\/www.bitchute.com\/channel\/2O2eOKzNqujT","https:\/\/audiomack.com\/iwellguard"]}]}},"_links":{"self":[{"href":"https:\/\/iwell-guard.com\/cs\/wp-json\/wp\/v2\/pages\/146396","targetHints":{"allow":["GET"]}}],"collection":[{"href":"https:\/\/iwell-guard.com\/cs\/wp-json\/wp\/v2\/pages"}],"about":[{"href":"https:\/\/iwell-guard.com\/cs\/wp-json\/wp\/v2\/types\/page"}],"author":[{"embeddable":true,"href":"https:\/\/iwell-guard.com\/cs\/wp-json\/wp\/v2\/users\/1"}],"replies":[{"embeddable":true,"href":"https:\/\/iwell-guard.com\/cs\/wp-json\/wp\/v2\/comments?post=146396"}],"version-history":[{"count":0,"href":"https:\/\/iwell-guard.com\/cs\/wp-json\/wp\/v2\/pages\/146396\/revisions"}],"wp:featuredmedia":[{"embeddable":true,"href":"https:\/\/iwell-guard.com\/cs\/wp-json\/wp\/v2\/media\/4143"}],"wp:attachment":[{"href":"https:\/\/iwell-guard.com\/cs\/wp-json\/wp\/v2\/media?parent=146396"}],"wp:term":[{"taxonomy":"category","embeddable":true,"href":"https:\/\/iwell-guard.com\/cs\/wp-json\/wp\/v2\/categories?post=146396"}],"curies":[{"name":"wp","href":"https:\/\/api.w.org\/{rel}","templated":true}]}}