{"id":146388,"date":"2026-09-03T16:46:36","date_gmt":"2026-09-03T16:46:36","guid":{"rendered":"https:\/\/iwell-guard.com\/?page_id=146388"},"modified":"2026-09-03T17:22:04","modified_gmt":"2026-09-03T17:22:04","slug":"alpske-povesti","status":"publish","type":"page","link":"https:\/\/iwell-guard.com\/cs\/alpske-povesti\/","title":{"rendered":"Alpsk\u00e9 pov\u011bsti"},"content":{"rendered":"\t\t<div data-elementor-type=\"wp-page\" data-elementor-id=\"146388\" class=\"elementor elementor-146388 elementor-20578 elementor-bc-flex-widget\" data-elementor-post-type=\"page\">\n\t\t\t\t<div class=\"elementor-element elementor-element-iwgcn-sami-hero iwg-kultur-hero e-flex e-con-boxed e-con e-parent\" data-id=\"iwgcn-sami-hero\" data-element_type=\"container\" data-e-type=\"container\">\n\t\t\t\t\t<div class=\"e-con-inner\">\n\t\t<div class=\"elementor-element elementor-element-iwgcn-sami-hl iwg-kultur-hero-left e-flex e-con-boxed e-con e-child\" data-id=\"iwgcn-sami-hl\" data-element_type=\"container\" data-e-type=\"container\">\n\t\t\t\t\t<div class=\"e-con-inner\">\n\t\t\t\t<div class=\"elementor-element elementor-element-iwgcn-sami-h1 elementor-widget elementor-widget-heading\" data-id=\"iwgcn-sami-h1\" data-element_type=\"widget\" data-e-type=\"widget\" data-widget_type=\"heading.default\">\n\t\t\t\t\t<h1 class=\"elementor-heading-title elementor-size-default\">Perchta, Krampus a sv\u011bt alpsk\u00fdch pov\u011bst\u00ed<\/h1>\t\t\t\t<\/div>\n\t\t<div class=\"elementor-element elementor-element-iwgcn-sami-leadc e-con-full e-flex e-con e-child\" data-id=\"iwgcn-sami-leadc\" data-element_type=\"container\" data-e-type=\"container\">\n\t\t\t\t<div class=\"elementor-element elementor-element-iwgcn-sami-lead elementor-widget elementor-widget-text-editor\" data-id=\"iwgcn-sami-lead\" data-element_type=\"widget\" data-e-type=\"widget\" data-widget_type=\"text-editor.default\">\n\t\t\t\t\t\t\t\t\t<p>Sagov\u00e1 tradice alpsk\u00e9ho prostoru, od Bavorska p\u0159es Rakousko a \u0160v\u00fdcarsko a\u017e po Ji\u017en\u00ed Tyrolsko, spojuje zimn\u00ed zvykoslovn\u00fd okruh Rauhn\u00e4chte (dvan\u00e1ct noc\u00ed mezi V\u00e1noci a T\u0159emi kr\u00e1li, kter\u00fdm se v lidov\u00e9 v\u00ed\u0159e p\u0159isuzuj\u00ed zvl\u00e1\u0161tn\u00ed s\u00edly) s Perchtou a Krampusem, sala\u0161nick\u00fdmi duchy jako je Kasermandl, p\u0159\u00edzraky no\u010dn\u00ed m\u016fry jako Drud a Toggeli a horsk\u00fdmi pov\u011bstmi o Tatzelwurmovi. Tato pod\u00e1n\u00ed jsou \u00fazce prov\u00e1z\u00e1na s past\u00fd\u0159sk\u00fdm hospod\u00e1\u0159stv\u00edm na horsk\u00fdch sala\u0161\u00edch, katolick\u00fdm c\u00edrkevn\u00edm rokem a m\u00edstn\u00edmi zvyky, jako jsou pr\u016fvody percht\u016f.<\/p>\n<p class=\"iwg-kwfix\">Alpsk\u00e9 pov\u011bsti zahrnuj\u00ed mno\u017estv\u00ed region\u00e1ln\u011b odli\u0161n\u00fdch bytost\u00ed, od lesn\u00ed \u017eeny po horsk\u00e9ho sk\u0159\u00edtka, kter\u00e9 jsou v zvyc\u00edch, vypr\u00e1v\u011bn\u00ed i turistice alpsk\u00fdch oblast\u00ed \u017eiv\u00e9 dodnes.<\/p>\t\t\t\t\t\t\t\t<\/div>\n\t\t\t\t<\/div>\n\t\t\t\t\t<\/div>\n\t\t\t\t<\/div>\n\t\t<div class=\"elementor-element elementor-element-iwgcn-sami-hr iwg-kultur-hero-right e-flex e-con-boxed e-con e-child\" data-id=\"iwgcn-sami-hr\" data-element_type=\"container\" data-e-type=\"container\">\n\t\t\t\t\t<div class=\"e-con-inner\">\n\t\t\t\t<div class=\"elementor-element elementor-element-iwgcn-sami-himg iwg-hero-image elementor-widget elementor-widget-image\" data-id=\"iwgcn-sami-himg\" data-element_type=\"widget\" data-e-type=\"widget\" data-widget_type=\"image.default\">\n\t\t\t\t\t\t\t\t\t\t\t\t\t\t\t<img fetchpriority=\"high\" decoding=\"async\" width=\"683\" height=\"1024\" src=\"https:\/\/iwell-guard.com\/wp-content\/uploads\/2026\/05\/goetter_sami_beaivi-683x1024.webp\" class=\"attachment-large size-large wp-image-147295\" alt=\"Beaivi \u2013 bohyn\u011b z tradice S\u00e1m\u016f, historicko-ilustrativn\u00ed zobrazen\u00ed\" srcset=\"https:\/\/iwell-guard.com\/wp-content\/uploads\/2026\/05\/goetter_sami_beaivi-683x1024.webp 683w, https:\/\/iwell-guard.com\/wp-content\/uploads\/2026\/05\/goetter_sami_beaivi-200x300.webp 200w, https:\/\/iwell-guard.com\/wp-content\/uploads\/2026\/05\/goetter_sami_beaivi-768x1152.webp 768w, https:\/\/iwell-guard.com\/wp-content\/uploads\/2026\/05\/goetter_sami_beaivi.webp 1024w\" sizes=\"(max-width: 683px) 100vw, 683px\" \/>\t\t\t\t\t\t\t\t\t\t\t\t\t\t\t<\/div>\n\t\t\t\t\t<\/div>\n\t\t\t\t<\/div>\n\t\t\t\t\t<\/div>\n\t\t\t\t<\/div>\n\t\t\t\t<section class=\"elementor-section elementor-top-section elementor-element elementor-element-sec-iwgcomp-sami elementor-section-boxed elementor-section-height-default elementor-section-height-default\" data-id=\"sec-iwgcomp-sami\" data-element_type=\"section\" data-e-type=\"section\">\n\t\t\t\t\t\t<div class=\"elementor-container elementor-column-gap-default\">\n\t\t\t\t\t<div class=\"elementor-column elementor-col-100 elementor-top-column elementor-element elementor-element-col-iwgcomp-sami\" data-id=\"col-iwgcomp-sami\" data-element_type=\"column\" data-e-type=\"column\">\n\t\t\t<div class=\"elementor-widget-wrap elementor-element-populated\">\n\t\t\t\t\t\t<div class=\"elementor-element elementor-element-iwgcomp-sami elementor-widget elementor-widget-text-editor\" data-id=\"iwgcomp-sami\" data-element_type=\"widget\" data-e-type=\"widget\" data-widget_type=\"text-editor.default\">\n\t\t\t\t\t\t\t\t\t<p>Alpsk\u00e1 <strong><span class=\"iwg-fachbegriff\" data-tooltip=\"Dvan\u00e1ct noc\u00ed mezi V\u00e1noci a T\u0159emi kr\u00e1li, kter\u00fdm se v lidov\u00e9 v\u00ed\u0159e p\u0159isuzuj\u00ed zvl\u00e1\u0161tn\u00ed s\u00edly.\" tabindex=\"0\">tradice Rauhn\u00e4chte<\/span><\/strong> tvo\u0159\u00ed r\u00e1mec pro velkou \u010d\u00e1st zimn\u00edch sagov\u00fdch postav alpsk\u00e9ho prostoru.<\/p>\n<p class=\"iwg-kwfix\">Alpsk\u00e9 pov\u011bsti se d\u011bl\u00ed na postavy Rauhn\u00e4chte jako <a href=\"https:\/\/iwell-guard.com\/cs\/?page_id=146351\">Perchta<\/a> a <a href=\"https:\/\/iwell-guard.com\/cs\/?page_id=146350\">Krampus<\/a>, sala\u0161nick\u00e9 duchy jako <a href=\"https:\/\/iwell-guard.com\/cs\/?page_id=146362\">Kasermandl<\/a> a <a href=\"https:\/\/iwell-guard.com\/cs\/?page_id=146363\">Venedigermandl<\/a>, bytosti no\u010dn\u00ed m\u016fry jako <a href=\"https:\/\/iwell-guard.com\/cs\/?page_id=146354\">Drud<\/a> a <a href=\"https:\/\/iwell-guard.com\/cs\/?page_id=146356\">Toggeli<\/a> a horsk\u00e9 pov\u011bsti o <a href=\"https:\/\/iwell-guard.com\/cs\/tatzelwurm\/\">Tatzelwurmovi<\/a>. Vypr\u00e1v\u011bj\u00ed se dodnes v Bavorsku, Rakousku, \u0160v\u00fdcarsku a Ji\u017en\u00edm Tyrolsku.<\/p>\t\t\t\t\t\t\t\t<\/div>\n\t\t\t\t\t<\/div>\n\t\t<\/div>\n\t\t\t\t\t<\/div>\n\t\t<\/section>\n\t\t<div class=\"elementor-element elementor-element-iwgcn-sami-s0 e-flex e-con-boxed e-con e-parent\" data-id=\"iwgcn-sami-s0\" data-element_type=\"container\" data-e-type=\"container\">\n\t\t\t\t\t<div class=\"e-con-inner\">\n\t\t\t\t<div class=\"elementor-element elementor-element-iwgcn-sami-s0h elementor-widget elementor-widget-heading\" data-id=\"iwgcn-sami-s0h\" data-element_type=\"widget\" data-e-type=\"widget\" data-widget_type=\"heading.default\">\n\t\t\t\t\t<h2 class=\"elementor-heading-title elementor-size-default\">Bavorsko, Rakousko, \u0160v\u00fdcarsko, Ji\u017en\u00ed Tyrolsko: n\u00e1bo\u017eensk\u00e1 krajina Alp<\/h2>\t\t\t\t<\/div>\n\t\t<div class=\"elementor-element elementor-element-iwgcn-sami-s0-c e-con-full e-flex e-con e-child\" data-id=\"iwgcn-sami-s0-c\" data-element_type=\"container\" data-e-type=\"container\">\n\t\t\t\t<div class=\"elementor-element elementor-element-iwgcn-sami-s0t elementor-widget elementor-widget-text-editor\" data-id=\"iwgcn-sami-s0t\" data-element_type=\"widget\" data-e-type=\"widget\" data-widget_type=\"text-editor.default\">\n\t\t\t\t\t\t\t\t\t<p>Alpsk\u00fd prostor je p\u0159ev\u00e1\u017en\u011b \u0159\u00edmskokatolick\u00fd, s reformovanou v\u011bt\u0161inou v \u010d\u00e1stech \u0160v\u00fdcarska. Sagov\u00e1 tradice se po stalet\u00ed vyv\u00edjela v nap\u011bt\u00ed mezi c\u00edrkevn\u00ed zbo\u017enost\u00ed a star\u0161\u00edmi, p\u0159edk\u0159es\u0165ansk\u00fdmi p\u0159edstavami o p\u0159\u00edrodn\u00edch a horsk\u00fdch bytostech, kter\u00e9 m\u011bly praktick\u00fd v\u00fdznam v past\u00fd\u0159sk\u00e9m hospod\u00e1\u0159stv\u00ed na horsk\u00fdch sala\u0161\u00edch.<\/p>\n<p>Od Bavorska p\u0159es Tyrolsko a Vorarlbersko a \u0160v\u00fdcarsko a\u017e po Ji\u017en\u00ed Tyrolsko se jm\u00e9na a podoby sagov\u00fdch postav zna\u010dn\u011b li\u0161\u00ed; Kasermandl v Tyrolsku nemus\u00ed b\u00fdt toto\u017en\u00fd s podobnou postavou v Bernsk\u00e9m Oberlandu. Tato rozmanitost odr\u00e1\u017e\u00ed mal\u00fd rozsah alpsk\u00fdch horsk\u00fdch \u00fadol\u00ed, v nich\u017e se vypr\u00e1v\u011bc\u00ed tradice po stalet\u00ed vyv\u00edjely pom\u011brn\u011b izolovan\u011b.<\/p>\n<p class=\"iwg-kwfix\">Hlavn\u00ed linie tohoto pod\u00e1n\u00ed: ro\u010dn\u00ed kalend\u00e1\u0159 s Rauhn\u00e4chte jako prahov\u00fdm \u010dasem, sala\u0161ni\u010dt\u00ed duchov\u00e9 jako str\u00e1\u017eci sala\u0161e a dobytka, postavy no\u010dn\u00ed m\u016fry jako vysv\u011btlen\u00ed pro no\u010dn\u00ed d\u011bsy a horsk\u00e9 pov\u011bsti jako v\u00fdklad nevysv\u011btliteln\u00fdch jev\u016f p\u0159\u00edrody ve vysok\u00fdch hor\u00e1ch.<\/p>\t\t\t\t\t\t\t\t<\/div>\n\t\t\t\t<\/div>\n\t\t\t\t\t<\/div>\n\t\t\t\t<\/div>\n\t\t<div class=\"elementor-element elementor-element-iwgcn-sami-s1 e-flex e-con-boxed e-con e-parent\" data-id=\"iwgcn-sami-s1\" data-element_type=\"container\" data-e-type=\"container\">\n\t\t\t\t\t<div class=\"e-con-inner\">\n\t\t\t\t<div class=\"elementor-element elementor-element-iwgcn-sami-s1h elementor-widget elementor-widget-heading\" data-id=\"iwgcn-sami-s1h\" data-element_type=\"widget\" data-e-type=\"widget\" data-widget_type=\"heading.default\">\n\t\t\t\t\t<h2 class=\"elementor-heading-title elementor-size-default\">Perchta a Rauhn\u00e4chte<\/h2>\t\t\t\t<\/div>\n\t\t<div class=\"elementor-element elementor-element-iwgcn-sami-s1-c e-con-full e-flex e-con e-child\" data-id=\"iwgcn-sami-s1-c\" data-element_type=\"container\" data-e-type=\"container\">\n\t\t\t\t<div class=\"elementor-element elementor-element-iwgcn-sami-s1t elementor-widget elementor-widget-text-editor\" data-id=\"iwgcn-sami-s1t\" data-element_type=\"widget\" data-e-type=\"widget\" data-widget_type=\"text-editor.default\">\n\t\t\t\t\t\t\t\t\t<p><a href=\"https:\/\/iwell-guard.com\/cs\/?page_id=146351\">Perchta<\/a>, tak\u00e9 Frau Percht nebo Berchta, je jednou z \u00fast\u0159edn\u00edch postav zimn\u00edho alpsk\u00e9ho zvykoslov\u00eda, uct\u00edvan\u00e1 i ob\u00e1van\u00e1 z\u00e1rove\u0148 jako pan\u00ed nad zv\u011b\u0159\u00ed, domem a \u010deled\u00ed. Podle pod\u00e1n\u00ed proch\u00e1z\u00ed v dob\u011b Rauhn\u00e4chte mezi V\u00e1noci a T\u0159emi kr\u00e1li se sv\u00fdm pr\u016fvodem vesnicemi a statky, prov\u011b\u0159uje pilnost a po\u0159\u00e1dek a trest\u00e1 nedbalost.<\/p>\n<p>P\u0159i pr\u016fvodech percht\u016f se dodnes objevuj\u00ed Schiachperchten, tedy o\u0161kliv\u00e9 postavy s hr\u016fzostra\u0161n\u00fdmi maskami a ko\u017ee\u0161inami, a Sch\u00f6nperchten v n\u00e1dhern\u00fdch kost\u00fdmech. Tento zvyk je zvl\u00e1\u0161\u0165 \u017eiv\u011b udr\u017eov\u00e1n v Salcbursku, Tyrolsku a p\u0159ilehl\u00fdch oblastech a hlukem m\u00e1 zah\u00e1n\u011bt zl\u00e9 duchy.<\/p>\t\t\t\t\t\t\t\t<\/div>\n\t\t\t\t<\/div>\n\t\t\t\t\t<\/div>\n\t\t\t\t<\/div>\n\t\t<div class=\"elementor-element elementor-element-iwgcn-sami-s2 e-flex e-con-boxed e-con e-parent\" data-id=\"iwgcn-sami-s2\" data-element_type=\"container\" data-e-type=\"container\">\n\t\t\t\t\t<div class=\"e-con-inner\">\n\t\t\t\t<div class=\"elementor-element elementor-element-iwgcn-sami-s2h elementor-widget elementor-widget-heading\" data-id=\"iwgcn-sami-s2h\" data-element_type=\"widget\" data-e-type=\"widget\" data-widget_type=\"heading.default\">\n\t\t\t\t\t<h2 class=\"elementor-heading-title elementor-size-default\">Krampus: spole\u010dn\u00edk svat\u00e9ho Mikul\u00e1\u0161e<\/h2>\t\t\t\t<\/div>\n\t\t<div class=\"elementor-element elementor-element-iwgcn-sami-s2-c e-con-full e-flex e-con e-child\" data-id=\"iwgcn-sami-s2-c\" data-element_type=\"container\" data-e-type=\"container\">\n\t\t\t\t<div class=\"elementor-element elementor-element-iwgcn-sami-s2t elementor-widget elementor-widget-text-editor\" data-id=\"iwgcn-sami-s2t\" data-element_type=\"widget\" data-e-type=\"widget\" data-widget_type=\"text-editor.default\">\n\t\t\t\t\t\t\t\t\t<p><a href=\"https:\/\/iwell-guard.com\/cs\/?page_id=146350\">Krampus<\/a> vystupuje v alpsk\u00e9m prostoru v p\u0159edve\u010der sv\u00e1tku svat\u00e9ho Mikul\u00e1\u0161e, 5. prosince, jako temn\u00fd prot\u011bj\u0161ek svat\u00e9ho Mikul\u00e1\u0161e, s rohy, ko\u017eichem, \u0159et\u011bzem a metlou, aby vystra\u0161il zlobiv\u00e9 d\u011bti. P\u0159esn\u00fd p\u016fvod t\u00e9to postavy nen\u00ed religionistick\u00fdm b\u00e1d\u00e1n\u00edm jednozna\u010dn\u011b vy\u0159e\u0161en; p\u0159edpokl\u00e1d\u00e1 se spojen\u00ed p\u0159edk\u0159es\u0165ansk\u00fdch p\u0159edstav o zimn\u00edch d\u00e9monech s c\u00edrkevn\u00edm mikul\u00e1\u0161sk\u00fdm zvykem.<\/p>\n<p>Krampusovy pr\u016fvody, podle regionu naz\u00fdvan\u00e9 tak\u00e9 Krampuslauf nebo Perchtenlauf a m\u00edsty sm\u011b\u0161ovan\u00e9, pat\u0159\u00ed dnes k nejzn\u00e1m\u011bj\u0161\u00edm zimn\u00edm zvyk\u016fm Rakouska, Bavorska a Ji\u017en\u00edho Tyrolska a p\u0159itahuj\u00ed st\u00e1le v\u00edce i turistick\u00fd z\u00e1jem.<\/p>\t\t\t\t\t\t\t\t<\/div>\n\t\t\t\t<\/div>\n\t\t\t\t\t<\/div>\n\t\t\t\t<\/div>\n\t\t<div class=\"elementor-element elementor-element-iwgcn-sami-s3 e-flex e-con-boxed e-con e-parent\" data-id=\"iwgcn-sami-s3\" data-element_type=\"container\" data-e-type=\"container\">\n\t\t\t\t\t<div class=\"e-con-inner\">\n\t\t\t\t<div class=\"elementor-element elementor-element-iwgcn-sami-s3h elementor-widget elementor-widget-heading\" data-id=\"iwgcn-sami-s3h\" data-element_type=\"widget\" data-e-type=\"widget\" data-widget_type=\"heading.default\">\n\t\t\t\t\t<h2 class=\"elementor-heading-title elementor-size-default\">Alp\u0161t\u00ed duchov\u00e9: Kasermandl, Venedigermandl a Barbegazi<\/h2>\t\t\t\t<\/div>\n\t\t<div class=\"elementor-element elementor-element-iwgcn-sami-s3-c e-con-full e-flex e-con e-child\" data-id=\"iwgcn-sami-s3-c\" data-element_type=\"container\" data-e-type=\"container\">\n\t\t\t\t<div class=\"elementor-element elementor-element-iwgcn-sami-s3t elementor-widget elementor-widget-text-editor\" data-id=\"iwgcn-sami-s3t\" data-element_type=\"widget\" data-e-type=\"widget\" data-widget_type=\"text-editor.default\">\n\t\t\t\t\t\t\t\t\t<p><a href=\"https:\/\/iwell-guard.com\/cs\/?page_id=146362\">Kasermandl<\/a> je pova\u017eov\u00e1n za mal\u00e9ho, v\u011bt\u0161inou dobrosrde\u010dn\u00e9ho ducha, kter\u00fd s\u00eddl\u00ed v odlehl\u00fdch horsk\u00fdch chat\u00e1ch (kasernech), v noci hl\u00edd\u00e1 dobytek a chatu a pom\u00e1h\u00e1 ov\u010d\u00e1kovi s prac\u00ed, pokud k n\u011bmu chov\u00e1 respekt a nech\u00e1 mu trochu ml\u00e9ka nebo j\u00eddla; nevd\u011bk nebo posm\u011bch mu podle pod\u00e1n\u00ed odpl\u00e1c\u00ed \u017eert\u00edky nebo ne\u0161t\u011bst\u00edm.<\/p>\n<p><a href=\"https:\/\/iwell-guard.com\/cs\/?page_id=146363\">Venedigermandl<\/a> je drobn\u00e1 postava tyrolsk\u00fdch a salcbursk\u00fdch horsk\u00fdch pov\u011bst\u00ed, spojovan\u00e1 s takzvan\u00fdmi Venediky, ciz\u00edmi hleda\u010di poklad\u016f z jihu; m\u00e1 zn\u00e1t skryt\u00e1 lo\u017eiska rudy a zlata a p\u0159\u00edle\u017eitostn\u011b d\u00e1vat pokyny past\u00fd\u0159\u016fm nebo horn\u00edk\u016fm. <a href=\"https:\/\/iwell-guard.com\/cs\/?page_id=146361\">Barbegazi<\/a> je sn\u011b\u017en\u00fd duch francouzsko-\u0161v\u00fdcarsk\u00fdch Alp, s obrovsk\u00fdma, ly\u017e\u00edm podobn\u00fdma nohama a ledov\u011b zarostlou tv\u00e1\u0159\u00ed, kter\u00fd varuje p\u0159ed lavinami a v l\u00e9t\u011b miz\u00ed v horsk\u00fdch trhlin\u00e1ch.<\/p>\t\t\t\t\t\t\t\t<\/div>\n\t\t\t\t<\/div>\n\t\t\t\t\t<\/div>\n\t\t\t\t<\/div>\n\t\t<div class=\"elementor-element elementor-element-x-sami-s-faq e-flex e-con-boxed e-con e-parent\" data-id=\"x-sami-s-faq\" data-element_type=\"container\" data-e-type=\"container\">\n\t\t\t\t\t<div class=\"e-con-inner\">\n\t\t\t\t<div class=\"elementor-element elementor-element-x-sami-h-faq elementor-widget elementor-widget-heading\" data-id=\"x-sami-h-faq\" data-element_type=\"widget\" data-e-type=\"widget\" data-widget_type=\"heading.default\">\n\t\t\t\t\t<h2 class=\"elementor-heading-title elementor-size-default\">\u010casto kladen\u00e9 ot\u00e1zky k alpsk\u00fdm pov\u011bstem<\/h2>\t\t\t\t<\/div>\n\t\t<div class=\"elementor-element elementor-element-iwgcn-sami-s3-c e-con-full e-flex e-con e-child\" data-id=\"iwgcn-sami-s3-c\" data-element_type=\"container\" data-e-type=\"container\">\n\t\t\t\t<div class=\"elementor-element elementor-element-x-sami-t-faq elementor-widget elementor-widget-text-editor\" data-id=\"x-sami-t-faq\" data-element_type=\"widget\" data-e-type=\"widget\" data-widget_type=\"text-editor.default\">\n\t\t\t\t\t\t\t\t\t<h3>Co jsou Rauhn\u00e4chte (drsn\u00e9 noci)?<\/h3>\n<p>Rauhn\u00e4chte jsou dvan\u00e1ct noc\u00ed mezi V\u00e1nocemi a T\u0159emi kr\u00e1li, kter\u00e9 se v alpsk\u00e9 oblasti pova\u017euj\u00ed za p\u0159echodn\u00fd \u010das mezi lety, kdy m\u00e1 chodit Perchta a dal\u0161\u00ed duchovn\u00ed bytosti. K tomuto zvyku pat\u0159\u00ed vyku\u0159ov\u00e1n\u00ed dom\u00e1cnosti a r\u016fzn\u00e1 v\u011b\u0161t\u011bn\u00ed.<\/p>\n<h3>Jak\u00fd je rozd\u00edl mezi Perchtou a Krampusem?<\/h3>\n<p>Perchta je postava rauhnachtn\u00edho zvyku, kter\u00e1 prov\u011b\u0159uje pracovitost a po\u0159\u00e1dek a se sv\u00fdm doprovodem t\u00e1hne po staven\u00edch, zat\u00edmco Krampus vystupuje 5. prosince jako temn\u00fd pr\u016fvodce svat\u00e9ho Mikul\u00e1\u0161e a stra\u0161\u00ed neposlu\u0161n\u00e9 d\u011bti. Oba zvyky se v n\u011bkter\u00fdch regionech kombinuj\u00ed nebo si je lid\u00e9 pletou.<\/p>\n<h3>Co je Kasermandl?<\/h3>\n<p>Kasermandl je horsk\u00fd duch, kter\u00fd p\u0159eb\u00fdv\u00e1 v odlehl\u00fdch horsk\u00fdch chat\u00e1ch, v noci hl\u00edd\u00e1 dobytek a chatu a pom\u00e1h\u00e1 s\u00fdra\u0159i, pokud mu ten prokazuje respekt a zanech\u00e1v\u00e1 mu mal\u00fd dar, nap\u0159\u00edklad ml\u00e9ko.<\/p>\n<h3>Je Tatzelwurm skute\u010dn\u00fd?<\/h3>\n<p>Zoologick\u00fd d\u016fkaz existence Tatzelwurma chyb\u00ed. Je pova\u017eov\u00e1n za motiv horsk\u00fdch pov\u011bst\u00ed alpsk\u00e9 oblasti, k n\u011bmu\u017e se v\u00e1\u017ee mno\u017estv\u00ed sv\u011bdectv\u00ed o spat\u0159en\u00ed, sahaj\u00edc\u00edch m\u00edsty a\u017e do 20. stolet\u00ed, ani\u017e by z nich bylo mo\u017en\u00e9 odvodit dolo\u017een\u00e9 zv\u00ed\u0159e.<\/p>\n<script type=\"application\/ld+json\">{\"@context\": \"https:\/\/schema.org\", \"@type\": \"FAQPage\", \"mainEntity\": [{\"@type\": \"Question\", \"name\": \"Co jsou Rauhn\u00e4chte (drsn\u00e9 noci)?\", \"acceptedAnswer\": {\"@type\": \"Answer\", \"text\": \"Rauhn\u00e4chte jsou dvan\u00e1ct noc\u00ed mezi V\u00e1nocemi a T\u0159emi kr\u00e1li, kter\u00e9 se v alpsk\u00e9 oblasti pova\u017euj\u00ed za p\u0159echodn\u00fd \u010das mezi lety, kdy m\u00e1 chodit Perchta a dal\u0161\u00ed duchovn\u00ed bytosti. K tomuto zvyku pat\u0159\u00ed vyku\u0159ov\u00e1n\u00ed dom\u00e1cnosti a r\u016fzn\u00e1 v\u011b\u0161t\u011bn\u00ed.\"}}, {\"@type\": \"Question\", \"name\": \"Jak\u00fd je rozd\u00edl mezi Perchtou a Krampusem?\", \"acceptedAnswer\": {\"@type\": \"Answer\", \"text\": \"Perchta je postava rauhnachtn\u00edho zvyku, kter\u00e1 prov\u011b\u0159uje pracovitost a po\u0159\u00e1dek a se sv\u00fdm doprovodem t\u00e1hne po staven\u00edch, zat\u00edmco Krampus vystupuje 5. prosince jako temn\u00fd pr\u016fvodce svat\u00e9ho Mikul\u00e1\u0161e a stra\u0161\u00ed neposlu\u0161n\u00e9 d\u011bti. Oba zvyky se v n\u011bkter\u00fdch regionech kombinuj\u00ed nebo si je lid\u00e9 pletou.\"}}, {\"@type\": \"Question\", \"name\": \"Co je Kasermandl?\", \"acceptedAnswer\": {\"@type\": \"Answer\", \"text\": \"Kasermandl je horsk\u00fd duch, kter\u00fd p\u0159eb\u00fdv\u00e1 v odlehl\u00fdch horsk\u00fdch chat\u00e1ch, v noci hl\u00edd\u00e1 dobytek a chatu a pom\u00e1h\u00e1 s\u00fdra\u0159i, pokud mu ten prokazuje respekt a zanech\u00e1v\u00e1 mu mal\u00fd dar, nap\u0159\u00edklad ml\u00e9ko.\"}}, {\"@type\": \"Question\", \"name\": \"Je Tatzelwurm skute\u010dn\u00fd?\", \"acceptedAnswer\": {\"@type\": \"Answer\", \"text\": \"Zoologick\u00fd d\u016fkaz existence Tatzelwurma chyb\u00ed. Je pova\u017eov\u00e1n za motiv horsk\u00fdch pov\u011bst\u00ed alpsk\u00e9 oblasti, k n\u011bmu\u017e se v\u00e1\u017ee mno\u017estv\u00ed sv\u011bdectv\u00ed o spat\u0159en\u00ed, sahaj\u00edc\u00edch m\u00edsty a\u017e do 20. stolet\u00ed, ani\u017e by z nich bylo mo\u017en\u00e9 odvodit dolo\u017een\u00e9 zv\u00ed\u0159e.\"}}]}<\/script>\t\t\t\t\t\t\t\t<\/div>\n\t\t\t\t<\/div>\n\t\t\t\t\t<\/div>\n\t\t\t\t<\/div>\n\t\t<div class=\"elementor-element elementor-element-iwgcn-sami-s4 e-flex e-con-boxed e-con e-parent\" data-id=\"iwgcn-sami-s4\" data-element_type=\"container\" data-e-type=\"container\">\n\t\t\t\t\t<div class=\"e-con-inner\">\n\t\t\t\t<div class=\"elementor-element elementor-element-iwgcn-sami-s4h elementor-widget elementor-widget-heading\" data-id=\"iwgcn-sami-s4h\" data-element_type=\"widget\" data-e-type=\"widget\" data-widget_type=\"heading.default\">\n\t\t\t\t\t<h2 class=\"elementor-heading-title elementor-size-default\">No\u010dn\u00ed d\u00e9moni: Drud, Toggeli a alp\u00ed t\u00edse\u0148<\/h2>\t\t\t\t<\/div>\n\t\t<div class=\"elementor-element elementor-element-iwgcn-sami-s4-c e-con-full e-flex e-con e-child\" data-id=\"iwgcn-sami-s4-c\" data-element_type=\"container\" data-e-type=\"container\">\n\t\t\t\t<div class=\"elementor-element elementor-element-iwgcn-sami-s4t elementor-widget elementor-widget-text-editor\" data-id=\"iwgcn-sami-s4t\" data-element_type=\"widget\" data-e-type=\"widget\" data-widget_type=\"text-editor.default\">\n\t\t\t\t\t\t\t\t\t<p><a href=\"https:\/\/iwell-guard.com\/cs\/?page_id=146354\">Drud<\/a>, tak\u00e9 Trud, je bavorsko-rakousk\u00e1 p\u0159edstava no\u010dn\u00edho \u0161k\u016fdce, kter\u00fd sp\u00edc\u00edm tla\u010d\u00ed na hru\u010f a zp\u016fsobuje no\u010dn\u00ed d\u011bsy, tzv. alp\u00ed t\u00edse\u0148. Za ochrann\u00fd symbol se pova\u017eoval drud\u016fv k\u0159\u00ed\u017e, p\u011bti\u00faheln\u00edkov\u00e1 hv\u011bzda, um\u00eds\u0165ovan\u00e1 nad dve\u0159mi a postelemi.<\/p>\n<p>Ve \u0160v\u00fdcarsku je odpov\u00eddaj\u00edc\u00ed bytost zn\u00e1m\u00e1 jako <a href=\"https:\/\/iwell-guard.com\/cs\/?page_id=146356\">Toggeli<\/a>, no\u010dn\u00ed bytost, kter\u00e1 si v podob\u011b ko\u010dky \u010di jin\u00e9ho zv\u00ed\u0159ete zji\u0161\u0165uje p\u0159\u00edstup do lo\u017enice a rovn\u011b\u017e m\u00e1 zp\u016fsobovat no\u010dn\u00ed d\u011bsy a pocit ochromen\u00ed. Ob\u011b p\u0159edstavy pat\u0159\u00ed k \u0161iroce roz\u0161\u00ed\u0159en\u00e9mu evropsk\u00e9mu vysv\u011btluj\u00edc\u00edmu vzorci alp\u00ed t\u00edsn\u011b, kter\u00fd lidov\u011b vykl\u00e1dal sp\u00e1nkov\u00e9 jevy jako sp\u00e1nkovou paral\u00fdzu.<\/p>\t\t\t\t\t\t\t\t<\/div>\n\t\t\t\t<\/div>\n\t\t\t\t\t<\/div>\n\t\t\t\t<\/div>\n\t\t<div class=\"elementor-element elementor-element-iwgcn-sami-s5 e-flex e-con-boxed e-con e-parent\" data-id=\"iwgcn-sami-s5\" data-element_type=\"container\" data-e-type=\"container\">\n\t\t\t\t\t<div class=\"e-con-inner\">\n\t\t\t\t<div class=\"elementor-element elementor-element-iwgcn-sami-s5h elementor-widget elementor-widget-heading\" data-id=\"iwgcn-sami-s5h\" data-element_type=\"widget\" data-e-type=\"widget\" data-widget_type=\"heading.default\">\n\t\t\t\t\t<h2 class=\"elementor-heading-title elementor-size-default\">Horsk\u00e9 pov\u011bsti: Tatzelwurm, Habergeiss a Nachtkrapp<\/h2>\t\t\t\t<\/div>\n\t\t<div class=\"elementor-element elementor-element-iwgcn-sami-s5-c e-con-full e-flex e-con e-child\" data-id=\"iwgcn-sami-s5-c\" data-element_type=\"container\" data-e-type=\"container\">\n\t\t\t\t<div class=\"elementor-element elementor-element-iwgcn-sami-s5t elementor-widget elementor-widget-text-editor\" data-id=\"iwgcn-sami-s5t\" data-element_type=\"widget\" data-e-type=\"widget\" data-widget_type=\"text-editor.default\">\n\t\t\t\t\t\t\t\t\t<p><a href=\"https:\/\/iwell-guard.com\/cs\/tatzelwurm\/\">Tatzelwurm<\/a> je jednou z nejzn\u00e1m\u011bj\u0161\u00edch horsk\u00fdch pov\u011bst\u00ed alpsk\u00e9 oblasti, bytost s ko\u010di\u010d\u00ed hlavou, t\u011blem podobn\u00fdm \u010dervu nebo je\u0161t\u011brce a kr\u00e1tk\u00fdmi p\u0159edno\u017ekami, k n\u00ed\u017e se v\u00e1\u017ee mno\u017estv\u00ed sv\u011bdectv\u00ed o spat\u0159en\u00ed ze \u0160v\u00fdcarska, Bavorska a Rakouska, sahaj\u00edc\u00edch m\u00edsty a\u017e do 20. stolet\u00ed. Z p\u0159\u00edrodov\u011bdn\u00e9ho hlediska je Tatzelwurm pova\u017eov\u00e1n za nevyjasn\u011bn\u00fd motiv pov\u011bst\u00ed bez dolo\u017een\u00e9ho zoologick\u00e9ho z\u00e1kladu, kryptozoologov\u00e9 jej ob\u010das spojuj\u00ed s neobjeven\u00fdmi plazy.<\/p>\n<p><a href=\"https:\/\/iwell-guard.com\/cs\/?page_id=146352\">Habergeiss<\/a>, stra\u0161ideln\u00e1 bytost s podobou kozy, vystupuje p\u0159edev\u0161\u00edm v perchtensk\u00e9m zvykoslov\u00ed jako hlu\u010div\u00e1 stra\u0161ideln\u00e1 postava. <a href=\"https:\/\/iwell-guard.com\/cs\/?page_id=146360\">Nachtkrapp<\/a>, obrovsk\u00fd pta\u010d\u00ed d\u00e9mon podobn\u00fd havranovi, a <a href=\"https:\/\/iwell-guard.com\/cs\/?page_id=146357\">Butz<\/a>, tak\u00e9 Butzemann, z alemansko-\u0161v\u00e1bsk\u00e9 oblasti byli pro d\u011bti no\u010dn\u00edmi stra\u0161idly pro ty, kdo ne\u0161li v\u010das sp\u00e1t, vypr\u00e1v\u011bn\u00e9 postavy s v\u00fdchovnou funkc\u00ed, jak jsou v podobn\u00e9 form\u011b zn\u00e1m\u00e9 ve velk\u00e9 \u010d\u00e1sti st\u0159edn\u00ed Evropy.<\/p>\t\t\t\t\t\t\t\t<\/div>\n\t\t\t\t<\/div>\n\t\t\t\t\t<\/div>\n\t\t\t\t<\/div>\n\t\t<div class=\"elementor-element elementor-element-iwgcn-sami-s6 e-flex e-con-boxed e-con e-parent\" data-id=\"iwgcn-sami-s6\" data-element_type=\"container\" data-e-type=\"container\">\n\t\t\t\t\t<div class=\"e-con-inner\">\n\t\t\t\t<div class=\"elementor-element elementor-element-iwgcn-sami-s6h elementor-widget elementor-widget-heading\" data-id=\"iwgcn-sami-s6h\" data-element_type=\"widget\" data-e-type=\"widget\" data-widget_type=\"heading.default\">\n\t\t\t\t\t<h2 class=\"elementor-heading-title elementor-size-default\">Zvyky Rauhn\u00e4chte: vyku\u0159ov\u00e1n\u00ed, drud\u016fv k\u0159\u00ed\u017e a ochrann\u00e9 oby\u010deje<\/h2>\t\t\t\t<\/div>\n\t\t<div class=\"elementor-element elementor-element-iwgcn-sami-s6-c e-con-full e-flex e-con e-child\" data-id=\"iwgcn-sami-s6-c\" data-element_type=\"container\" data-e-type=\"container\">\n\t\t\t\t<div class=\"elementor-element elementor-element-iwgcn-sami-s6t elementor-widget elementor-widget-text-editor\" data-id=\"iwgcn-sami-s6t\" data-element_type=\"widget\" data-e-type=\"widget\" data-widget_type=\"text-editor.default\">\n\t\t\t\t\t\t\t\t\t<p>K zimn\u00edmu ochrann\u00e9mu zvykoslov\u00ed alpsk\u00e9 oblasti pat\u0159\u00ed vyku\u0159ov\u00e1n\u00ed domu, st\u00e1je a horsk\u00e9 chaty kadidlem a posv\u011bcen\u00fdmi bylinami b\u011bhem Rauhn\u00e4chte, aby se od nadch\u00e1zej\u00edc\u00edho roku odehnali zl\u00ed duchov\u00e9 a nemoci. Drud\u016fv k\u0159\u00ed\u017e, p\u011bti\u00faheln\u00edkov\u00e1 hv\u011bzda, se um\u00eds\u0165oval nad dve\u0159e, st\u00e1je a postele, aby odh\u00e1n\u011bl Druda a Toggeliho od no\u010dn\u00ed alp\u00ed t\u00edsn\u011b.<\/p>\n<p>Na Nanebevzet\u00ed Panny Marie 15. srpna se v katolick\u00fdch oblastech alpsk\u00e9ho regionu v\u00e1\u017eou bylinn\u00e9 svazky ze sedmi, dev\u00edti nebo v\u00edce druh\u016f rostlin, posv\u011bcuj\u00ed se v kostele, pot\u00e9 se uchov\u00e1vaj\u00ed v dom\u011b a p\u0159i bou\u0159k\u00e1ch nebo nemoci se z \u010d\u00e1sti i vyku\u0159uj\u00ed. T\u011b\u017ek\u00e9 zvonce a \u0159emeny pr\u016fvod\u016f percht\u016f a krampus\u016f slou\u017e\u00ed t\u00e9mu\u017e z\u00e1kladn\u00edmu motivu: hlukem zahnat zimn\u00ed d\u00e9mony a zl\u00e9 duchy.<\/p>\t\t\t\t\t\t\t\t<\/div>\n\t\t\t\t<\/div>\n\t\t\t\t\t<\/div>\n\t\t\t\t<\/div>\n\t\t<div class=\"elementor-element elementor-element-cp2d9a92a3 e-flex e-con-boxed e-con e-parent\" data-id=\"cp2d9a92a3\" data-element_type=\"container\" data-e-type=\"container\">\n\t\t\t\t\t<div class=\"e-con-inner\">\n\t\t\t\t<div class=\"elementor-element elementor-element-cp2515827f elementor-widget elementor-widget-heading\" data-id=\"cp2515827f\" data-element_type=\"widget\" data-e-type=\"widget\" data-widget_type=\"heading.default\">\n\t\t\t\t\t<h2 class=\"elementor-heading-title elementor-size-default\">Region\u00e1ln\u00ed rozmanitost: od Bavorska po Ji\u017en\u00ed Tyrolsko<\/h2>\t\t\t\t<\/div>\n\t\t<div class=\"elementor-element elementor-element-cp25cbddf2 e-flex e-con-boxed e-con e-child\" data-id=\"cp25cbddf2\" data-element_type=\"container\" data-e-type=\"container\">\n\t\t\t\t\t<div class=\"e-con-inner\">\n\t\t\t\t<div class=\"elementor-element elementor-element-cp240cdc6c elementor-widget elementor-widget-text-editor\" data-id=\"cp240cdc6c\" data-element_type=\"widget\" data-e-type=\"widget\" data-widget_type=\"text-editor.default\">\n\t\t\t\t\t\t\t\t\t<p>Alpsk\u00e9 pov\u011bsti nejsou jednotn\u00fdm korpusem, ale souhrnn\u00fdm ozna\u010den\u00edm pro vypr\u00e1v\u011bc\u00ed tradice prostoru, kter\u00fd se rozprost\u00edr\u00e1 p\u0159es Bavorsko, Rakousko, \u0160v\u00fdcarsko, Lichten\u0161tejnsko a Ji\u017en\u00ed Tyrolsko, s vlastn\u00edmi n\u00e1\u0159e\u010d\u00edmi, krajinami a historick\u00fdm v\u00fdvojem.<\/p>\n<p>Bytosti jako <a href=\"https:\/\/iwell-guard.com\/cs\/norgel\/\">N\u00f6rgel<\/a> (N\u00f6rggele) a <a href=\"https:\/\/iwell-guard.com\/cs\/fanggen\/\">F\u00e4nggen<\/a> jsou dosv\u011bd\u010deny p\u0159edev\u0161\u00edm v Ji\u017en\u00edm Tyrolsku a \u010d\u00e1stech Tyrolska a jsou bl\u00edzce p\u0159\u00edbuzn\u00e9 s <a href=\"https:\/\/iwell-guard.com\/cs\/salige-frau\/\">Salige Frau<\/a>, plachou, ale ochotnou horskou \u017eenou, kter\u00e1 podle pov\u011bsti u\u010dila past\u00fd\u0159e tkalcovstv\u00ed a zem\u011bd\u011blstv\u00ed. <a href=\"https:\/\/iwell-guard.com\/cs\/dellermannle\/\">Dellerm\u00e4nnle<\/a> poch\u00e1z\u00ed z vorarlbersk\u00e9 tradice, <a href=\"https:\/\/iwell-guard.com\/cs\/?page_id=146358\">Isarnixe<\/a> je v\u00e1z\u00e1na na bavorskou \u0159eku Isar, a <a href=\"https:\/\/iwell-guard.com\/cs\/?page_id=146359\">Wolpertinger<\/a>, b\u00e1jn\u00e1 bytost slo\u017een\u00e1 z r\u016fzn\u00fdch \u010d\u00e1st\u00ed zv\u00ed\u0159at, je pova\u017eov\u00e1n za specificky bavorskou pov\u011bstn\u00ed postavu s humorn\u00fdm, myslivecko-latinsk\u00fdm charakterem.<\/p>\n<p>N\u011bkter\u00e9 motivy t\u011bchto zimn\u00edch pr\u016fvod\u016f maskovan\u00fdch postav ukazuj\u00ed vzd\u00e1len\u00e9 paralely s <a href=\"https:\/\/iwell-guard.com\/cs\/germansky\/\">germ\u00e1nskou mytologi\u00ed<\/a>, nap\u0159\u00edklad v p\u0159edstav\u00e1ch divok\u00fdch no\u010dn\u00edch pr\u016fvod\u016f, ani\u017e by z toho bylo mo\u017en\u00e9 odvodit souvislou, dolo\u017eenou kontinuitu.<\/p>\n<p>Tato malorozm\u011brn\u00e1 roztrou\u0161enost zt\u011b\u017euje obecn\u00e1 tvrzen\u00ed o alpsk\u00e9 pov\u011bsti; p\u0159esn\u011bj\u0161\u00ed je hovo\u0159it o s\u00edti m\u00edstn\u00edch a region\u00e1ln\u00edch tradic, kter\u00e9 spojuj\u00ed spole\u010dn\u00e9 z\u00e1kladn\u00ed vzorce, almovsk\u00e9 duchy, bytosti no\u010dn\u00ed t\u00edsn\u011b, horsk\u00e1 stra\u0161idla, s vlastn\u00edmi jm\u00e9ny a podobami pro ka\u017edou z nich.<\/p>\t\t\t\t\t\t\t\t<\/div>\n\t\t\t\t\t<\/div>\n\t\t\t\t<\/div>\n\t\t\t\t\t<\/div>\n\t\t\t\t<\/div>\n\t\t<div class=\"elementor-element elementor-element-cp2b1a3dae e-flex e-con-boxed e-con e-parent\" data-id=\"cp2b1a3dae\" data-element_type=\"container\" data-e-type=\"container\">\n\t\t\t\t\t<div class=\"e-con-inner\">\n\t\t\t\t<div class=\"elementor-element elementor-element-cp282c06ff elementor-widget elementor-widget-heading\" data-id=\"cp282c06ff\" data-element_type=\"widget\" data-e-type=\"widget\" data-widget_type=\"heading.default\">\n\t\t\t\t\t<h2 class=\"elementor-heading-title elementor-size-default\">Kalend\u00e1\u0159 Rauhn\u00e4chte<\/h2>\t\t\t\t<\/div>\n\t\t<div class=\"elementor-element elementor-element-cp228b4522 e-flex e-con-boxed e-con e-child\" data-id=\"cp228b4522\" data-element_type=\"container\" data-e-type=\"container\">\n\t\t\t\t\t<div class=\"e-con-inner\">\n\t\t\t\t<div class=\"elementor-element elementor-element-cp261454c5 elementor-widget elementor-widget-text-editor\" data-id=\"cp261454c5\" data-element_type=\"widget\" data-e-type=\"widget\" data-widget_type=\"text-editor.default\">\n\t\t\t\t\t\t\t\t\t<p>Dvan\u00e1ct drsn\u00fdch noc\u00ed (Rauhn\u00e4chte) mezi V\u00e1nocemi, 24.\/25. prosincem, a T\u0159emi kr\u00e1li, 6. lednem, je v alpsk\u00e9m prostoru tradi\u010dn\u011b pova\u017eov\u00e1no za p\u0159echodn\u00fd \u010das mezi roky, kdy je hranice mezi t\u00edmto sv\u011btem a sv\u011btem duch\u016f popisov\u00e1na jako prostupn\u00e1. V tomto obdob\u00ed se m\u00e1 podle tradice po kraji pohybovat Perchta se sv\u00fdm doprovodem, ale i dal\u0161\u00ed duchov\u00e9 a d\u00e9monick\u00e9 postavy.<\/p>\n<p>K oby\u010dej\u016fm drsn\u00fdch noc\u00ed pat\u0159\u00ed kou\u0159en\u00ed domu a st\u00e1je bylinami a kadidlem, kter\u00e9 m\u00e1 odehnat zl\u00e9 duchy a p\u0159in\u00e9st po\u017eehn\u00e1n\u00ed nadch\u00e1zej\u00edc\u00edmu roku, a tak\u00e9 r\u016fzn\u00e9 losovac\u00ed a pov\u011btrnostn\u00ed v\u011b\u0161tby. Perchtenl\u00e1ufy, pr\u016fvody Perchten, \u010dasto ozna\u010duj\u00ed p\u0159echod z drsn\u00fdch noc\u00ed do b\u011b\u017en\u00e9ho \u010dasu hlu\u010dn\u00fdmi pr\u016fvody, je\u017e maj\u00ed symbolicky vyhnat zimn\u00ed d\u00e9mony.<\/p>\n<p>Zvyk Krampuse p\u0159edve\u010der Mikul\u00e1\u0161sk\u00e9ho dne \u010dasov\u011b p\u0159edch\u00e1z\u00ed samotn\u00fdm drsn\u00fdm noc\u00edm, ale ve ve\u0159ejn\u00e9m pov\u011bdom\u00ed je s nimi \u010dasto spojov\u00e1n jako sou\u010d\u00e1st \u0161ir\u0161\u00edho zimn\u00edho komplexu <span class=\"iwg-fachbegriff\" data-tooltip=\"Dny nebo noci, kter\u00fdm lidov\u00e1 v\u00edra p\u0159isuzuje zvl\u00e1\u0161tn\u00ed, \u010dasto nebezpe\u010dn\u00e9 s\u00edly.\" tabindex=\"0\">p\u0159echodov\u00e9ho \u010dasu<\/span>.<\/p>\t\t\t\t\t\t\t\t<\/div>\n\t\t\t\t\t<\/div>\n\t\t\t\t<\/div>\n\t\t\t\t\t<\/div>\n\t\t\t\t<\/div>\n\t\t<div class=\"elementor-element elementor-element-cp295547c2 e-flex e-con-boxed e-con e-parent\" data-id=\"cp295547c2\" data-element_type=\"container\" data-e-type=\"container\">\n\t\t\t\t\t<div class=\"e-con-inner\">\n\t\t\t\t<div class=\"elementor-element elementor-element-cp28944fb0 elementor-widget elementor-widget-heading\" data-id=\"cp28944fb0\" data-element_type=\"widget\" data-e-type=\"widget\" data-widget_type=\"heading.default\">\n\t\t\t\t\t<h2 class=\"elementor-heading-title elementor-size-default\">Prameny: sb\u00edrky pov\u011bst\u00ed z 19. a 20. stolet\u00ed<\/h2>\t\t\t\t<\/div>\n\t\t<div class=\"elementor-element elementor-element-cp23d59da4 e-flex e-con-boxed e-con e-child\" data-id=\"cp23d59da4\" data-element_type=\"container\" data-e-type=\"container\">\n\t\t\t\t\t<div class=\"e-con-inner\">\n\t\t\t\t<div class=\"elementor-element elementor-element-cp2ce157b6 elementor-widget elementor-widget-text-editor\" data-id=\"cp2ce157b6\" data-element_type=\"widget\" data-e-type=\"widget\" data-widget_type=\"text-editor.default\">\n\t\t\t\t\t\t\t\t\t<p>Velk\u00e1 \u010d\u00e1st dnes zn\u00e1m\u00fdch alpsk\u00fdch pov\u011bst\u00ed byla zaznamen\u00e1na v 19. a po\u010d\u00e1tku 20. stolet\u00ed region\u00e1ln\u00edmi sb\u011brateli pov\u011bst\u00ed, v prost\u0159ed\u00ed romantick\u00e9 lidov\u011bdy podle vzoru brat\u0159\u00ed Grimm\u016f. Pro Tyrolsko lze zm\u00ednit sb\u00edrky Ignaze Vinzenze Zingerleho, pro jin\u00e9 oblasti vznikla srovnateln\u00e1 d\u00edla m\u00edstn\u00edch vlastiv\u011bdc\u016f.<\/p>\n<p>Tyto ran\u00e9 sb\u00edrky jsou d\u016fle\u017eit\u00fdm, ale nikoli nekomplikovan\u00fdm pramenem: byly \u010dasto dodate\u010dn\u011b liter\u00e1rn\u011b upravov\u00e1ny, region\u00e1ln\u011b slu\u010dov\u00e1ny a p\u0159izp\u016fsobov\u00e1ny tehdej\u0161\u00edm estetick\u00fdm p\u0159edstav\u00e1m, tak\u017ee \u00fastn\u00ed varianty a jejich p\u016fvodn\u00ed vypr\u00e1v\u011bc\u00ed kontext lze rekonstruovat jen omezen\u011b.<\/p>\n<p>Modern\u00ed etnografick\u00fd a religionistick\u00fd v\u00fdzkum za\u0159azuje tyto pov\u011bstn\u00ed postavy do \u0161ir\u0161\u00edch souvislost\u00ed, nap\u0159\u00edklad do evropsk\u00e9ho komplexu p\u0159edstav o no\u010dn\u00ed t\u00edsni, Drud a Toggeli, do vysv\u011btlov\u00e1n\u00ed nevysv\u011btlen\u00fdch p\u0159\u00edrodn\u00edch jev\u016f, Tatzelwurm, nebo do postav stra\u0161\u00edc\u00edch d\u011bti s v\u00fdchovnou funkc\u00ed, Nachtkrapp a Habergeiss. Digit\u00e1ln\u00ed archivy pov\u011bst\u00ed v posledn\u00edch desetilet\u00edch usnadnily p\u0159\u00edstup k tomuto rozpt\u00fdlen\u00e9mu materi\u00e1lu.<\/p>\t\t\t\t\t\t\t\t<\/div>\n\t\t\t\t\t<\/div>\n\t\t\t\t<\/div>\n\t\t\t\t\t<\/div>\n\t\t\t\t<\/div>\n\t\t<div class=\"elementor-element elementor-element-cp2c009332 e-flex e-con-boxed e-con e-parent\" data-id=\"cp2c009332\" data-element_type=\"container\" data-e-type=\"container\">\n\t\t\t\t\t<div class=\"e-con-inner\">\n\t\t\t\t<div class=\"elementor-element elementor-element-cp225c94da elementor-widget elementor-widget-heading\" data-id=\"cp225c94da\" data-element_type=\"widget\" data-e-type=\"widget\" data-widget_type=\"heading.default\">\n\t\t\t\t\t<h2 class=\"elementor-heading-title elementor-size-default\">Od poln\u00ed stodoly k jevi\u0161ti Perchtenlaufu: prom\u011bny lidov\u00e9ho zvyku<\/h2>\t\t\t\t<\/div>\n\t\t<div class=\"elementor-element elementor-element-cp2c7191ab e-flex e-con-boxed e-con e-child\" data-id=\"cp2c7191ab\" data-element_type=\"container\" data-e-type=\"container\">\n\t\t\t\t\t<div class=\"e-con-inner\">\n\t\t\t\t<div class=\"elementor-element elementor-element-cp23f4061d elementor-widget elementor-widget-text-editor\" data-id=\"cp23f4061d\" data-element_type=\"widget\" data-e-type=\"widget\" data-widget_type=\"text-editor.default\">\n\t\t\t\t\t\t\t\t\t<p>Mnoho alpsk\u00fdch pov\u011bst\u00ed je \u00fazce spojeno s konkr\u00e9tn\u00edmi zem\u011bd\u011blsk\u00fdmi pracovn\u00edmi souvislostmi: alp\u0161t\u00ed duchov\u00e9 jako Kasermandl nebo Barbegazi vznikli v souvislosti s pastevectv\u00edm a hospoda\u0159en\u00edm na horsk\u00fdch pastvin\u00e1ch, postavy no\u010dn\u00ed mory jako Drud a Toggeli vysv\u011btlovaly no\u010dn\u00ed t\u00edse\u0148 a Tatzelwurm a dal\u0161\u00ed horsk\u00e9 pov\u011bsti slou\u017eily k v\u00fdkladu nevysv\u011btliteln\u00fdch pozorov\u00e1n\u00ed ve vysok\u00fdch hor\u00e1ch.<\/p>\n<p>Ve 20. a 21. stolet\u00ed se \u010d\u00e1st tohoto zvykoslov\u00ed, zejm\u00e9na pr\u016fvody Perchten a Krampus\u016f, odpoutala od sv\u00e9ho p\u016fvodn\u00edho zem\u011bd\u011blsk\u00e9ho zakotven\u00ed a prom\u011bnila se ve ve\u0159ejn\u011b inscenovanou, turisticky komercializovanou ud\u00e1lost s n\u00e1ro\u010dn\u011b vy\u0159ez\u00e1van\u00fdmi maskami, organizovan\u00fdmi spolky a m\u00edsty i nadregion\u00e1ln\u00edm publikem.<\/p>\n<p>Postavy jako <a href=\"https:\/\/iwell-guard.com\/cs\/?page_id=146355\">Sennentuntschi<\/a>, pov\u011bst o alpsk\u00e9 loutce vytvo\u0159en\u00e9 ze sl\u00e1my a l\u00e1tky, kter\u00e1 o\u017eije a pomst\u00ed se sv\u00fdm tv\u016frc\u016fm, p\u0159itom ukazuj\u00ed, \u017ee sv\u011bt alpsk\u00fdch pov\u011bst\u00ed zahrnuje i temn\u00e9, mor\u00e1ln\u011b vyhrocen\u00e9 p\u0159\u00edb\u011bhy o samot\u011b, izolaci a p\u0159ekro\u010den\u00ed hranic na horsk\u00e9 pastvin\u011b, kter\u00e9 se v\u00fdrazn\u011b li\u0161\u00ed od sp\u00ed\u0161e ochrann\u00fdch alpsk\u00fdch duch\u016f.<\/p>\n<p>Z religionistick\u00e9ho hlediska lze tuto prom\u011bnu popsat jako p\u0159echod od <span class=\"iwg-fachbegriff\" data-tooltip=\"P\u0159ed\u00e1v\u00e1n\u00ed v\u011bdomost\u00ed a p\u0159\u00edb\u011bh\u016f z generace na generaci.\" tabindex=\"0\">\u00fastn\u00edho pod\u00e1n\u00ed<\/span> zakotven\u00e9ho v b\u011b\u017en\u00e9m \u017eivot\u011b k v\u011bdom\u011b p\u011bstovan\u00e9mu kulturn\u00edmu d\u011bdictv\u00ed, ani\u017e by t\u00edm star\u0161\u00ed ochrann\u00e9 a vysv\u011btluj\u00edc\u00ed funkce pov\u011bst\u00ed zcela zanikly.<\/p>\t\t\t\t\t\t\t\t<\/div>\n\t\t\t\t\t<\/div>\n\t\t\t\t<\/div>\n\t\t\t\t\t<\/div>\n\t\t\t\t<\/div>\n\t\t<div class=\"elementor-element elementor-element-iwgha-sami-sec e-flex e-con-boxed e-con e-parent\" data-id=\"iwgha-sami-sec\" data-element_type=\"container\" data-e-type=\"container\">\n\t\t\t\t\t<div class=\"e-con-inner\">\n\t\t\t\t<div class=\"elementor-element elementor-element-iwgha-sami-h elementor-widget elementor-widget-heading\" data-id=\"iwgha-sami-h\" data-element_type=\"widget\" data-e-type=\"widget\" data-widget_type=\"heading.default\">\n\t\t\t\t\t<h2 class=\"elementor-heading-title elementor-size-default\">Bytosti t\u00e9to tradice (18)<\/h2>\t\t\t\t<\/div>\n\t\t<div class=\"elementor-element elementor-element-iwgha-sami-gc e-flex e-con-boxed e-con e-parent\" data-id=\"iwgha-sami-gc\" data-element_type=\"container\" data-e-type=\"container\">\n\t\t\t\t\t<div class=\"e-con-inner\">\n\t\t\t\t<div class=\"elementor-element elementor-element-iwgha-sami-grid elementor-widget elementor-widget-text-editor\" data-id=\"iwgha-sami-grid\" data-element_type=\"widget\" data-e-type=\"widget\" data-widget_type=\"text-editor.default\">\n\t\t\t\t\t\t\t\t\t<div class=\"iwg-wesen-grid\"><a class=\"iwg-wesen-card\" href=\"https:\/\/iwell-guard.com\/cs\/venedigermandl\/\" aria-label=\"Venedigermandl\"><div class=\"iwg-wesen-card-imgwrap\"><img decoding=\"async\" src=\"https:\/\/iwell-guard.com\/wp-content\/uploads\/2026\/07\/geister_alpin_venedigermandl-200x300.webp\" alt=\"Venedigermandl\" loading=\"lazy\"><\/div><div class=\"iwg-wesen-card-body\"><div class=\"iwg-wesen-card-name\">Venedigermandl<\/div><div class=\"iwg-wesen-card-arrow\">\u2192 K bytosti<\/div><\/div><\/a><a class=\"iwg-wesen-card\" href=\"https:\/\/iwell-guard.com\/cs\/kasermandl\/\" aria-label=\"Kasermandl\"><div class=\"iwg-wesen-card-imgwrap\"><img decoding=\"async\" src=\"https:\/\/iwell-guard.com\/wp-content\/uploads\/2026\/07\/geister_alpin_kasermandl-200x300.webp\" alt=\"Kasermandl\" loading=\"lazy\"><\/div><div class=\"iwg-wesen-card-body\"><div class=\"iwg-wesen-card-name\">Kasermandl<\/div><div class=\"iwg-wesen-card-arrow\">\u2192 K bytosti<\/div><\/div><\/a><a class=\"iwg-wesen-card\" href=\"https:\/\/iwell-guard.com\/cs\/barbegazi\/\" aria-label=\"Barbegazi\"><div class=\"iwg-wesen-card-imgwrap\"><img decoding=\"async\" src=\"https:\/\/iwell-guard.com\/wp-content\/uploads\/2026\/07\/geister_alpin_barbegazi-200x300.webp\" alt=\"Barbegazi\" loading=\"lazy\"><\/div><div class=\"iwg-wesen-card-body\"><div class=\"iwg-wesen-card-name\">Barbegazi<\/div><div class=\"iwg-wesen-card-arrow\">\u2192 K bytosti<\/div><\/div><\/a><a class=\"iwg-wesen-card\" href=\"https:\/\/iwell-guard.com\/cs\/nachtkrapp\/\" aria-label=\"Nachtkrapp\"><div class=\"iwg-wesen-card-imgwrap\"><img decoding=\"async\" src=\"https:\/\/iwell-guard.com\/wp-content\/uploads\/2026\/07\/geister_alpin_nachtkrapp-200x300.webp\" alt=\"Nachtkrapp\" loading=\"lazy\"><\/div><div class=\"iwg-wesen-card-body\"><div class=\"iwg-wesen-card-name\">Nachtkrapp<\/div><div class=\"iwg-wesen-card-arrow\">\u2192 K bytosti<\/div><\/div><\/a><a class=\"iwg-wesen-card\" href=\"https:\/\/iwell-guard.com\/cs\/wolpertinger\/\" aria-label=\"Wolpertinger\"><div class=\"iwg-wesen-card-imgwrap\"><img decoding=\"async\" src=\"https:\/\/iwell-guard.com\/wp-content\/uploads\/2026\/07\/geister_alpin_wolpertinger-200x300.webp\" alt=\"Wolpertinger\" loading=\"lazy\"><\/div><div class=\"iwg-wesen-card-body\"><div class=\"iwg-wesen-card-name\">Wolpertinger<\/div><div class=\"iwg-wesen-card-arrow\">\u2192 K bytosti<\/div><\/div><\/a><a class=\"iwg-wesen-card\" href=\"https:\/\/iwell-guard.com\/cs\/isarnixe\/\" aria-label=\"Isarnixe\"><div class=\"iwg-wesen-card-imgwrap\"><img decoding=\"async\" src=\"https:\/\/iwell-guard.com\/wp-content\/uploads\/2026\/07\/geister_alpin_isarnixe-200x300.webp\" alt=\"Isarnixe\" loading=\"lazy\"><\/div><div class=\"iwg-wesen-card-body\"><div class=\"iwg-wesen-card-name\">Isarnixe<\/div><div class=\"iwg-wesen-card-arrow\">\u2192 K bytosti<\/div><\/div><\/a><a class=\"iwg-wesen-card\" href=\"https:\/\/iwell-guard.com\/cs\/butz\/\" aria-label=\"Butz\"><div class=\"iwg-wesen-card-imgwrap\"><img decoding=\"async\" src=\"https:\/\/iwell-guard.com\/wp-content\/uploads\/2026\/07\/geister_alpin_butz-200x300.webp\" alt=\"Butz\" loading=\"lazy\"><\/div><div class=\"iwg-wesen-card-body\"><div class=\"iwg-wesen-card-name\">Butz<\/div><div class=\"iwg-wesen-card-arrow\">\u2192 K bytosti<\/div><\/div><\/a><a class=\"iwg-wesen-card\" href=\"https:\/\/iwell-guard.com\/cs\/toggeli\/\" aria-label=\"Toggeli\"><div class=\"iwg-wesen-card-imgwrap\"><img decoding=\"async\" src=\"https:\/\/iwell-guard.com\/wp-content\/uploads\/2026\/07\/daemonen_alpin_toggeli-200x300.webp\" alt=\"Toggeli\" loading=\"lazy\"><\/div><div class=\"iwg-wesen-card-body\"><div class=\"iwg-wesen-card-name\">Toggeli<\/div><div class=\"iwg-wesen-card-arrow\">\u2192 K bytosti<\/div><\/div><\/a><a class=\"iwg-wesen-card\" href=\"https:\/\/iwell-guard.com\/cs\/sennentuntschi\/\" aria-label=\"Sennentuntschi\"><div class=\"iwg-wesen-card-imgwrap\"><img decoding=\"async\" src=\"https:\/\/iwell-guard.com\/wp-content\/uploads\/2026\/07\/daemonen_alpin_sennentuntschi-200x300.webp\" alt=\"Sennentuntschi\" loading=\"lazy\"><\/div><div class=\"iwg-wesen-card-body\"><div class=\"iwg-wesen-card-name\">Sennentuntschi<\/div><div class=\"iwg-wesen-card-arrow\">\u2192 K bytosti<\/div><\/div><\/a><a class=\"iwg-wesen-card\" href=\"https:\/\/iwell-guard.com\/cs\/drud\/\" aria-label=\"Drud\"><div class=\"iwg-wesen-card-imgwrap\"><img decoding=\"async\" src=\"https:\/\/iwell-guard.com\/wp-content\/uploads\/2026\/07\/daemonen_alpin_drud-200x300.webp\" alt=\"Drud\" loading=\"lazy\"><\/div><div class=\"iwg-wesen-card-body\"><div class=\"iwg-wesen-card-name\">Drud<\/div><div class=\"iwg-wesen-card-arrow\">\u2192 K bytosti<\/div><\/div><\/a><a class=\"iwg-wesen-card\" href=\"https:\/\/iwell-guard.com\/cs\/habergeiss\/\" aria-label=\"Habergei\u00df\"><div class=\"iwg-wesen-card-imgwrap\"><img decoding=\"async\" src=\"https:\/\/iwell-guard.com\/wp-content\/uploads\/2026\/07\/daemonen_alpin_habergeiss-200x300.webp\" alt=\"Habergei\u00df\" loading=\"lazy\"><\/div><div class=\"iwg-wesen-card-body\"><div class=\"iwg-wesen-card-name\">Habergei\u00df<\/div><div class=\"iwg-wesen-card-arrow\">\u2192 K bytosti<\/div><\/div><\/a><a class=\"iwg-wesen-card\" href=\"https:\/\/iwell-guard.com\/cs\/pani-perchta\/\" aria-label=\"Pan\u00ed Perchta\"><div class=\"iwg-wesen-card-imgwrap\"><img decoding=\"async\" src=\"https:\/\/iwell-guard.com\/wp-content\/uploads\/2026\/07\/geister_alpin_perchta-200x300.webp\" alt=\"Pan\u00ed Perchta\" loading=\"lazy\"><\/div><div class=\"iwg-wesen-card-body\"><div class=\"iwg-wesen-card-name\">Pan\u00ed Perchta<\/div><div class=\"iwg-wesen-card-arrow\">\u2192 K bytosti<\/div><\/div><\/a><a class=\"iwg-wesen-card\" href=\"https:\/\/iwell-guard.com\/cs\/krampus\/\" aria-label=\"Krampus\"><div class=\"iwg-wesen-card-imgwrap\"><img decoding=\"async\" src=\"https:\/\/iwell-guard.com\/wp-content\/uploads\/2026\/07\/daemonen_alpin_krampus-200x300.webp\" alt=\"Krampus\" loading=\"lazy\"><\/div><div class=\"iwg-wesen-card-body\"><div class=\"iwg-wesen-card-name\">Krampus<\/div><div class=\"iwg-wesen-card-arrow\">\u2192 K bytosti<\/div><\/div><\/a><a class=\"iwg-wesen-card\" href=\"https:\/\/iwell-guard.com\/cs\/tatzelwurm\/\" aria-label=\"Tatzelwurm\"><div class=\"iwg-wesen-card-imgwrap\"><img decoding=\"async\" src=\"https:\/\/iwell-guard.com\/wp-content\/uploads\/2026\/07\/daemonen_alpin_tatzelwurm-200x300.webp\" alt=\"Tatzelwurm\" loading=\"lazy\"><\/div><div class=\"iwg-wesen-card-body\"><div class=\"iwg-wesen-card-name\">Tatzelwurm<\/div><div class=\"iwg-wesen-card-arrow\">\u2192 K bytosti<\/div><\/div><\/a><a class=\"iwg-wesen-card\" href=\"https:\/\/iwell-guard.com\/cs\/salige-frau\/\" aria-label=\"Salige Frau\"><div class=\"iwg-wesen-card-imgwrap\"><img decoding=\"async\" src=\"https:\/\/iwell-guard.com\/wp-content\/uploads\/2026\/07\/geister_alpin_salige-frau-200x300.webp\" alt=\"Salige Frau\" loading=\"lazy\"><\/div><div class=\"iwg-wesen-card-body\"><div class=\"iwg-wesen-card-name\">Salige Frau<\/div><div class=\"iwg-wesen-card-arrow\">\u2192 K bytosti<\/div><\/div><\/a><a class=\"iwg-wesen-card\" href=\"https:\/\/iwell-guard.com\/cs\/norgel\/\" aria-label=\"N\u00f6rgel\"><div class=\"iwg-wesen-card-imgwrap\"><img decoding=\"async\" src=\"https:\/\/iwell-guard.com\/wp-content\/uploads\/2026\/07\/geister_alpin_noergel-200x300.webp\" alt=\"N\u00f6rgel\" loading=\"lazy\"><\/div><div class=\"iwg-wesen-card-body\"><div class=\"iwg-wesen-card-name\">N\u00f6rgel<\/div><div class=\"iwg-wesen-card-arrow\">\u2192 K bytosti<\/div><\/div><\/a><a class=\"iwg-wesen-card\" href=\"https:\/\/iwell-guard.com\/cs\/fanggen\/\" aria-label=\"F\u00e4nggen\"><div class=\"iwg-wesen-card-imgwrap\"><img decoding=\"async\" src=\"https:\/\/iwell-guard.com\/wp-content\/uploads\/2026\/07\/geister_alpin_faenggen-200x300.webp\" alt=\"F\u00e4nggen\" loading=\"lazy\"><\/div><div class=\"iwg-wesen-card-body\"><div class=\"iwg-wesen-card-name\">F\u00e4nggen<\/div><div class=\"iwg-wesen-card-arrow\">\u2192 K bytosti<\/div><\/div><\/a><a class=\"iwg-wesen-card\" href=\"https:\/\/iwell-guard.com\/cs\/dellermannle\/\" aria-label=\"Dellerm\u00e4nnle\"><div class=\"iwg-wesen-card-imgwrap\"><img decoding=\"async\" src=\"https:\/\/iwell-guard.com\/wp-content\/uploads\/2026\/07\/geister_alpin_dellermaennle-200x300.webp\" alt=\"Dellerm\u00e4nnle\" loading=\"lazy\"><\/div><div class=\"iwg-wesen-card-body\"><div class=\"iwg-wesen-card-name\">Dellerm\u00e4nnle<\/div><div class=\"iwg-wesen-card-arrow\">\u2192 K bytosti<\/div><\/div><\/a><\/div>\t\t\t\t\t\t\t\t<\/div>\n\t\t\t\t\t<\/div>\n\t\t\t\t<\/div>\n\t\t\t\t\t<\/div>\n\t\t\t\t<\/div>\n\t\t<div class=\"elementor-element elementor-element-iwgkw2-add-sami e-flex e-con-boxed e-con e-parent\" data-id=\"iwgkw2-add-sami\" data-element_type=\"container\" data-e-type=\"container\">\n\t\t\t\t\t<div class=\"e-con-inner\">\n\t\t\t\t<div class=\"elementor-element elementor-element-iwgkw2-add-sami-t elementor-widget elementor-widget-text-editor\" data-id=\"iwgkw2-add-sami-t\" data-element_type=\"widget\" data-e-type=\"widget\" data-widget_type=\"text-editor.default\">\n\t\t\t\t\t\t\t\t\t<p><em>Zvykoslov\u00ed pr\u016fvod\u016f percht\u016f<\/em> a dal\u0161\u00ed <em>sala\u0161nick\u00e9 duchy Alp<\/em> kolem Kasermandla, Venedigermandla a Barbegaziho spojuj\u00ed vyku\u0159ov\u00e1n\u00ed o Rauhn\u00e4chte, drud\u016fv k\u0159\u00ed\u017e a posv\u011bcen\u00e9 bylinn\u00e9 svazky do sv\u00e9bytn\u00e9 ochrann\u00e9 praxe, kter\u00e1 m\u011bla chr\u00e1nit d\u016fm, statek a sala\u0161 p\u0159ed zimn\u00edmi d\u00e9mony a bytostmi no\u010dn\u00ed m\u016fry.<\/p>\t\t\t\t\t\t\t\t<\/div>\n\t\t\t\t\t<\/div>\n\t\t\t\t<\/div>\n\t\t<div class=\"elementor-element elementor-element-iwgcn-sami-kwd e-flex e-con-boxed e-con e-parent\" data-id=\"iwgcn-sami-kwd\" data-element_type=\"container\" data-e-type=\"container\">\n\t\t\t\t\t<div class=\"e-con-inner\">\n\t\t<div class=\"elementor-element elementor-element-iwgcn-sami-kwd-c e-con-full e-flex e-con e-child\" data-id=\"iwgcn-sami-kwd-c\" data-element_type=\"container\" data-e-type=\"container\">\n\t\t\t\t<div class=\"elementor-element elementor-element-iwgcn-sami-kwdt elementor-widget elementor-widget-text-editor\" data-id=\"iwgcn-sami-kwdt\" data-element_type=\"widget\" data-e-type=\"widget\" data-widget_type=\"text-editor.default\">\n\t\t\t\t\t\t\t\t\t<p><em>Souvisej\u00edc\u00ed kl\u00ed\u010dov\u00e9 pojmy: Perchta Krampus Rauhn\u00e4chte Kasermandl Drud Toggeli Tatzelwurm Habergeiss Salige Frau alpsk\u00fd prostor Ji\u017en\u00ed Tyrolsko Tyrolsko.<\/em><\/p>\t\t\t\t\t\t\t\t<\/div>\n\t\t\t\t<\/div>\n\t\t\t\t\t<\/div>\n\t\t\t\t<\/div>\n\t\t<div class=\"elementor-element elementor-element-iwgcn-sami-cc e-flex e-con-boxed e-con e-parent\" data-id=\"iwgcn-sami-cc\" data-element_type=\"container\" data-e-type=\"container\" id=\"iwg-cc-sami\">\n\t\t\t\t\t<div class=\"e-con-inner\">\n\t\t<div class=\"elementor-element elementor-element-iwgcn-sami-ccinner e-flex e-con-boxed e-con e-parent\" data-id=\"iwgcn-sami-ccinner\" data-element_type=\"container\" data-e-type=\"container\" data-settings=\"{&quot;background_background&quot;:&quot;classic&quot;}\">\n\t\t\t\t\t<div class=\"e-con-inner\">\n\t\t\t\t<div class=\"elementor-element elementor-element-iwgcn-sami-cch elementor-widget elementor-widget-heading\" data-id=\"iwgcn-sami-cch\" data-element_type=\"widget\" data-e-type=\"widget\" data-widget_type=\"heading.default\">\n\t\t\t\t\t<h2 class=\"elementor-heading-title elementor-size-default\">Ochrann\u00e9 p\u0159edm\u011bty v t\u00e9to kulturn\u00ed tradici<\/h2>\t\t\t\t<\/div>\n\t\t\t\t<div class=\"elementor-element elementor-element-iwgcn-sami-cct elementor-widget elementor-widget-text-editor\" data-id=\"iwgcn-sami-cct\" data-element_type=\"widget\" data-e-type=\"widget\" data-widget_type=\"text-editor.default\">\n\t\t\t\t\t\t\t\t\t<p>Alpsk\u00e1 tradice zn\u00e1 <a href=\"https:\/\/iwell-guard.com\/cs\/drudenfuss-a-pentagram\/\">drud\u016fv k\u0159\u00ed\u017e<\/a> nad dve\u0159mi a postelemi, posv\u011bcen\u00e9 <a href=\"https:\/\/iwell-guard.com\/cs\/?page_id=146364\">bylinn\u00e9 svazky<\/a> na sv\u00e1tek Nanebevzet\u00ed Panny Marie, <a href=\"https:\/\/iwell-guard.com\/cs\/kourenie-a-cisteni\/\">vyku\u0159ov\u00e1n\u00ed o Rauhn\u00e4chte<\/a> domu a chl\u00e9va <a href=\"https:\/\/iwell-guard.com\/cs\/kadidlo\/\">kadidlem<\/a> i t\u011b\u017ek\u00e9 <a href=\"https:\/\/iwell-guard.com\/cs\/zvony-rolnicky-hlucna-ochrana\/\">zvony<\/a> pr\u016fvod\u016f percht\u016f a krampus\u016f, jejich\u017e hluk m\u00e1 zah\u00e1n\u011bt zimn\u00ed d\u00e9mony. Mezikulturn\u00ed p\u0159ehled nab\u00edz\u00ed <a href=\"https:\/\/iwell-guard.com\/cs\/kompas-ochrany\/\">Kompas ochrany<\/a>.<\/p>\n<div data-nosnippet=\"true\"><p>iWell Guard navazuje na tuto kulturn\u011b-historickou linii nositeln\u00fdch ochrann\u00fdch p\u0159edm\u011bt\u016f v soudob\u00e9m materi\u00e1lov\u00e9m proveden\u00ed, vyr\u00e1b\u011bn\u00fdch v N\u011bmecku. 41 vrstev, ryz\u00ed zlato, platina, st\u0159\u00edbro. 30denn\u00ed pr\u00e1vo na vr\u00e1cen\u00ed.<\/p><\/div>\t\t\t\t\t\t\t\t<\/div>\n\t\t\t\t<div class=\"elementor-element elementor-element-iwgcn-sami-ccb iwg-cc-button iwg-cc-cta-2026-05-13 elementor-widget elementor-widget-jet-button\" data-id=\"iwgcn-sami-ccb\" data-element_type=\"widget\" data-e-type=\"widget\" data-widget_type=\"jet-button.default\">\n\t\t\t\t<div class=\"elementor-widget-container\">\n\t\t\t\t\t<div class=\"elementor-jet-button jet-elements\"><div class=\"jet-button__container\"><a class=\"jet-button__instance jet-button__instance--icon-left hover-effect-1\" href=\"\/ueber-iwell-guard\/?utm_source=iwell-guard.com&amp;utm_medium=info-box&amp;utm_campaign=kultur-tradition\"><div class=\"jet-button__plane jet-button__plane-normal\"><\/div><div class=\"jet-button__plane jet-button__plane-hover\"><\/div><div class=\"jet-button__state jet-button__state-normal\"><span class=\"jet-button__label\">V\u00edce o iWell Guard<\/span><\/div><div class=\"jet-button__state jet-button__state-hover\"><span class=\"jet-button__label\">V\u00edce o iWell Guard<\/span><\/div><\/a><\/div><\/div><style>.elementor-element.elementor-element-iwgcn-sami-ccb .jet-button__instance{width:320px;height:56px;}.elementor-element.elementor-element-iwgcn-sami-ccb .jet-button__state-normal .jet-button__label{text-align:center;margin:0px 0px 0px 0px;color:#1a1b20;font-family:Montserrat,sans-serif;font-size:13px;font-weight:400;letter-spacing:4px;line-height:1.714em;text-transform:uppercase;}.elementor-element.elementor-element-iwgcn-sami-ccb .jet-button__state-hover .jet-button__label{text-align:center;margin:0px 0px 0px 0px;color:#FECC76;font-family:Montserrat,sans-serif;font-size:13px;font-weight:400;letter-spacing:4px;line-height:1.714em;text-transform:uppercase;}.elementor-element.elementor-element-iwgcn-sami-ccb .jet-button__plane-normal{background-color:#FECC76;border-style:solid;border-color:#C99540;border-width:2px 2px 2px 2px;}.elementor-element.elementor-element-iwgcn-sami-ccb .jet-button__plane-hover{background-color:rgba(0,0,0,0.55);border-style:solid;border-color:#FECC76;border-width:2px 2px 2px 2px;}<\/style>\t\t\t\t<\/div>\n\t\t\t\t<\/div>\n\t\t\t\t<div class=\"elementor-element elementor-element-iwgcn-sami-ccd elementor-widget elementor-widget-text-editor\" data-id=\"iwgcn-sami-ccd\" data-element_type=\"widget\" data-e-type=\"widget\" data-widget_type=\"text-editor.default\">\n\t\t\t\t\t\t\t\t\t<div data-nosnippet=\"true\"><p style=\"text-align:center;font-size:13px;opacity:0.7;margin-top:14px\" data-nosnippet=\"true\">Osobn\u00ed zku\u0161enosti se mohou li\u0161it. Nejedn\u00e1 se o zdravotnick\u00fd prost\u0159edek. Nen\u00ed slibem l\u00e9\u010div\u00e9ho \u00fa\u010dinku.<\/p><\/div>\t\t\t\t\t\t\t\t<\/div>\n\t\t\t\t\t<\/div>\n\t\t\t\t<\/div>\n\t\t\t\t\t<\/div>\n\t\t\t\t<\/div>\n\t\t<div class=\"elementor-element elementor-element-iwgcn-sami-disc e-flex e-con-boxed e-con e-parent\" data-id=\"iwgcn-sami-disc\" data-element_type=\"container\" data-e-type=\"container\">\n\t\t\t\t\t<div class=\"e-con-inner\">\n\t\t\t\t<div class=\"elementor-element elementor-element-iwgcn-sami-discw elementor-widget elementor-widget-html\" data-id=\"iwgcn-sami-discw\" data-element_type=\"widget\" data-e-type=\"widget\" data-widget_type=\"html.default\">\n\t\t\t\t\t<footer data-nosnippet=\"true\" class=\"iwg-disclaimer-block\"><p data-nosnippet=\"true\">iWell Guard <strong>nen\u00ed zdravotnick\u00fd prost\u0159edek<\/strong> a nenahrazuje l\u00e9ka\u0159skou ani psychoterapeutickou l\u00e9\u010dbu. Religionistick\u00fd obsah p\u0159edstavuje kulturn\u011b-historick\u00e9 za\u0159azen\u00ed, nikoli doporu\u010den\u00ed duchovn\u00ed praxe.<\/p><\/footer>\t\t\t\t<\/div>\n\t\t\t\t\t<\/div>\n\t\t\t\t<\/div>\n\t\t\t\t<\/div>\n\t\t","protected":false},"excerpt":{"rendered":"","protected":false},"author":3,"featured_media":20516,"parent":0,"menu_order":0,"comment_status":"closed","ping_status":"closed","template":"elementor_header_footer","meta":{"_yoast_wpseo_focuskw":"alpenske povesti","_yoast_wpseo_title":"Alpsk\u00e9 pov\u011bsti: Perchta, Krampus a Tatzelwurm","_yoast_wpseo_metadesc":"Perchta, Krampus, Kasermandl a Tatzelwurm: S\u00e1gy Alp vysv\u011btlen\u00e9 religionistick\u00fdm pohledem, s rauhn\u00e4chtov\u00fdm zvykoslov\u00edm z Bavorska a Ji\u017en\u00edho Tyrolska.","_yoast_wpseo_meta-robots-noindex":"","_yoast_wpseo_canonical":"","_angie_page":false,"gefaehrdungsstufe":"","wesen_kultur":"","wesen_klasse":"","footnotes":""},"categories":[],"class_list":["post-146388","page","type-page","status-publish","has-post-thumbnail","hentry"],"yoast_head":"<!-- This site is optimized with the Yoast SEO Premium plugin v27.7 (Yoast SEO v28.3) - https:\/\/yoast.com\/product\/yoast-seo-premium-wordpress\/ -->\n<title>Alpsk\u00e9 pov\u011bsti: Perchta, Krampus a Tatzelwurm<\/title>\n<meta name=\"description\" content=\"Perchta, Krampus, Kasermandl a Tatzelwurm: S\u00e1gy Alp vysv\u011btlen\u00e9 religionistick\u00fdm pohledem, s rauhn\u00e4chtov\u00fdm zvykoslov\u00edm z Bavorska a Ji\u017en\u00edho Tyrolska.\" \/>\n<meta name=\"robots\" content=\"index, follow, max-snippet:-1, max-image-preview:large, max-video-preview:-1\" \/>\n<link rel=\"canonical\" href=\"https:\/\/iwell-guard.com\/cs\/alpske-povesti\/\" \/>\n<meta property=\"og:locale\" content=\"cs_CZ\" \/>\n<meta property=\"og:type\" content=\"article\" \/>\n<meta property=\"og:title\" content=\"Alpsk\u00e9 pov\u011bsti\" \/>\n<meta property=\"og:description\" content=\"Perchta, Krampus, Kasermandl a Tatzelwurm: S\u00e1gy Alp vysv\u011btlen\u00e9 religionistick\u00fdm pohledem, s rauhn\u00e4chtov\u00fdm zvykoslov\u00edm z Bavorska a Ji\u017en\u00edho Tyrolska.\" \/>\n<meta property=\"og:url\" content=\"https:\/\/iwell-guard.com\/cs\/alpske-povesti\/\" \/>\n<meta property=\"og:site_name\" content=\"iWell Guard\" \/>\n<meta property=\"article:modified_time\" content=\"2026-09-03T17:22:04+00:00\" \/>\n<meta property=\"og:image\" content=\"https:\/\/iwell-guard.com\/wp-content\/uploads\/2026\/07\/daemonen_alpin_krampus.webp\" \/>\n\t<meta property=\"og:image:width\" content=\"1024\" \/>\n\t<meta property=\"og:image:height\" content=\"1536\" \/>\n\t<meta property=\"og:image:type\" content=\"image\/webp\" \/>\n<meta name=\"twitter:card\" content=\"summary_large_image\" \/>\n<script type=\"application\/ld+json\" class=\"yoast-schema-graph\">{\"@context\":\"https:\\\/\\\/schema.org\",\"@graph\":[{\"@type\":\"WebPage\",\"@id\":\"https:\\\/\\\/iwell-guard.com\\\/cs\\\/alpske-povesti\\\/\",\"url\":\"https:\\\/\\\/iwell-guard.com\\\/cs\\\/alpske-povesti\\\/\",\"name\":\"Alpsk\u00e9 pov\u011bsti: Perchta, Krampus a Tatzelwurm\",\"isPartOf\":{\"@id\":\"https:\\\/\\\/iwell-guard.com\\\/cs\\\/#website\"},\"primaryImageOfPage\":{\"@id\":\"https:\\\/\\\/iwell-guard.com\\\/cs\\\/alpske-povesti\\\/#primaryimage\"},\"image\":{\"@id\":\"https:\\\/\\\/iwell-guard.com\\\/cs\\\/alpske-povesti\\\/#primaryimage\"},\"thumbnailUrl\":\"https:\\\/\\\/iwell-guard.com\\\/wp-content\\\/uploads\\\/2026\\\/07\\\/daemonen_alpin_krampus.webp\",\"datePublished\":\"2026-09-03T16:46:36+00:00\",\"dateModified\":\"2026-09-03T17:22:04+00:00\",\"description\":\"Perchta, Krampus, Kasermandl a Tatzelwurm: S\u00e1gy Alp vysv\u011btlen\u00e9 religionistick\u00fdm pohledem, s rauhn\u00e4chtov\u00fdm zvykoslov\u00edm z Bavorska a Ji\u017en\u00edho Tyrolska.\",\"breadcrumb\":{\"@id\":\"https:\\\/\\\/iwell-guard.com\\\/cs\\\/alpske-povesti\\\/#breadcrumb\"},\"inLanguage\":\"cs\",\"potentialAction\":[{\"@type\":\"ReadAction\",\"target\":[\"https:\\\/\\\/iwell-guard.com\\\/cs\\\/alpske-povesti\\\/\"]}]},{\"@type\":\"ImageObject\",\"inLanguage\":\"cs\",\"@id\":\"https:\\\/\\\/iwell-guard.com\\\/cs\\\/alpske-povesti\\\/#primaryimage\",\"url\":\"https:\\\/\\\/iwell-guard.com\\\/wp-content\\\/uploads\\\/2026\\\/07\\\/daemonen_alpin_krampus.webp\",\"contentUrl\":\"https:\\\/\\\/iwell-guard.com\\\/wp-content\\\/uploads\\\/2026\\\/07\\\/daemonen_alpin_krampus.webp\",\"width\":1024,\"height\":1536,\"caption\":\"Krampus \u2013 d\u00e9moni z alpsk\u00e9 tradice, historicko-ilustrativn\u00ed zobrazen\u00ed\"},{\"@type\":\"BreadcrumbList\",\"@id\":\"https:\\\/\\\/iwell-guard.com\\\/cs\\\/alpske-povesti\\\/#breadcrumb\",\"itemListElement\":[{\"@type\":\"ListItem\",\"position\":1,\"name\":\"Start\",\"item\":\"https:\\\/\\\/iwell-guard.com\\\/cs\\\/?page_id=145107\"},{\"@type\":\"ListItem\",\"position\":2,\"name\":\"Alpsk\u00e9 pov\u011bsti\"}]},{\"@type\":\"WebSite\",\"@id\":\"https:\\\/\\\/iwell-guard.com\\\/cs\\\/#website\",\"url\":\"https:\\\/\\\/iwell-guard.com\\\/cs\\\/\",\"name\":\"iWell Guard\",\"description\":\"Schutz vor dunklen Einfl\u00fcssen\",\"publisher\":{\"@id\":\"https:\\\/\\\/iwell-guard.com\\\/cs\\\/#organization\"},\"potentialAction\":[{\"@type\":\"SearchAction\",\"target\":{\"@type\":\"EntryPoint\",\"urlTemplate\":\"https:\\\/\\\/iwell-guard.com\\\/cs\\\/?s={search_term_string}\"},\"query-input\":{\"@type\":\"PropertyValueSpecification\",\"valueRequired\":true,\"valueName\":\"search_term_string\"}}],\"inLanguage\":\"cs\"},{\"@type\":\"Organization\",\"@id\":\"https:\\\/\\\/iwell-guard.com\\\/cs\\\/#organization\",\"name\":\"Ittermann electronic GmbH\",\"url\":\"https:\\\/\\\/iwell-guard.com\\\/cs\\\/\",\"logo\":{\"@type\":\"ImageObject\",\"inLanguage\":\"cs\",\"@id\":\"https:\\\/\\\/iwell-guard.com\\\/cs\\\/#\\\/schema\\\/logo\\\/image\\\/\",\"url\":\"https:\\\/\\\/iwell-guard.com\\\/wp-content\\\/uploads\\\/2026\\\/05\\\/Ittermann-Logo-1182x237-1.png\",\"contentUrl\":\"https:\\\/\\\/iwell-guard.com\\\/wp-content\\\/uploads\\\/2026\\\/05\\\/Ittermann-Logo-1182x237-1.png\",\"width\":1182,\"height\":237,\"caption\":\"Ittermann electronic GmbH\"},\"image\":{\"@id\":\"https:\\\/\\\/iwell-guard.com\\\/cs\\\/#\\\/schema\\\/logo\\\/image\\\/\"},\"sameAs\":[\"https:\\\/\\\/pantip.com\\\/profile\\\/9367242\",\"https:\\\/\\\/micro.blog\\\/iwellguard\",\"https:\\\/\\\/www.diggerslist.com\\\/iwellguard\\\/about\",\"https:\\\/\\\/skitterphoto.com\\\/photographers\\\/2870314\\\/iwell-guard\",\"https:\\\/\\\/iwellguard.wordpress.com\\\/2026\\\/06\\\/06\\\/iwell-guard\\\/\",\"https:\\\/\\\/hub.docker.com\\\/u\\\/iwellguard\",\"https:\\\/\\\/www.pinterest.com\\\/iwellguard\\\/\",\"https:\\\/\\\/bit.ly\\\/m\\\/iwellguard\",\"https:\\\/\\\/entre-vos-mains.alsace.eu\\\/profiles\\\/iwellguard\\\/activity\",\"https:\\\/\\\/gravatar.com\\\/reallybeded8fd34\",\"https:\\\/\\\/naijamatta.com\\\/iwellguard\",\"https:\\\/\\\/www.goodreads.com\\\/iwellguard\",\"https:\\\/\\\/profile.hatena.ne.jp\\\/iwellguard\\\/\",\"https:\\\/\\\/experiment.com\\\/users\\\/iwellguard\",\"https:\\\/\\\/wakelet.com\\\/@iWellGuard82270\",\"https:\\\/\\\/www.chordie.com\\\/forum\\\/profile.php?id=2555664\",\"https:\\\/\\\/www.instapaper.com\\\/p\\\/17757966\",\"https:\\\/\\\/www.mapleprimes.com\\\/users\\\/iwellguard\",\"https:\\\/\\\/businesslistingplus.com\\\/profile\\\/iwell-guard\\\/\",\"https:\\\/\\\/telegra.ph\\\/iWell-Guard-06-06\",\"https:\\\/\\\/pbase.com\\\/iwellguard\\\/iwellguard\",\"https:\\\/\\\/b.hatena.ne.jp\\\/iwellguard\\\/20260607#bookmark-4788405196491818882\",\"https:\\\/\\\/fliphtml5.com\\\/home\\\/iwellguard\",\"https:\\\/\\\/anyflip.com\\\/homepage\\\/cmiwl#About\",\"https:\\\/\\\/transfur.com\\\/Users\\\/iwellguard\",\"http:\\\/\\\/delphi.larsbo.org\\\/user\\\/iwellguard\",\"https:\\\/\\\/jobs.lajobsportal.org\\\/profiles\\\/8380803-iwell-guard\",\"https:\\\/\\\/md.chaosdorf.de\\\/s\\\/jfbe5SBdJD\",\"https:\\\/\\\/www.lingvolive.com\\\/en-us\\\/profile\\\/9ecaeaca-ce11-4e51-9e71-01d55e2bff36\\\/translations\",\"https:\\\/\\\/www.fitday.com\\\/fitness\\\/forums\\\/members\\\/iwellguard.html\",\"https:\\\/\\\/www.mymeetbook.com\\\/iwellguard\",\"https:\\\/\\\/pxhere.com\\\/en\\\/photographer-me\\\/5040798\",\"https:\\\/\\\/disqus.com\\\/by\\\/iwellguard\\\/about\\\/\",\"https:\\\/\\\/pastelink.net\\\/hjwciqwq\",\"https:\\\/\\\/pubhtml5.com\\\/homepage\\\/scjhn\\\/\",\"https:\\\/\\\/www.bitchute.com\\\/channel\\\/2O2eOKzNqujT\",\"https:\\\/\\\/audiomack.com\\\/iwellguard\"]}]}<\/script>\n<!-- \/ Yoast SEO Premium plugin. -->","yoast_head_json":{"title":"Alpsk\u00e9 pov\u011bsti: Perchta, Krampus a Tatzelwurm","description":"Perchta, Krampus, Kasermandl a Tatzelwurm: S\u00e1gy Alp vysv\u011btlen\u00e9 religionistick\u00fdm pohledem, s rauhn\u00e4chtov\u00fdm zvykoslov\u00edm z Bavorska a Ji\u017en\u00edho Tyrolska.","robots":{"index":"index","follow":"follow","max-snippet":"max-snippet:-1","max-image-preview":"max-image-preview:large","max-video-preview":"max-video-preview:-1"},"canonical":"https:\/\/iwell-guard.com\/cs\/alpske-povesti\/","og_locale":"cs_CZ","og_type":"article","og_title":"Alpsk\u00e9 pov\u011bsti","og_description":"Perchta, Krampus, Kasermandl a Tatzelwurm: S\u00e1gy Alp vysv\u011btlen\u00e9 religionistick\u00fdm pohledem, s rauhn\u00e4chtov\u00fdm zvykoslov\u00edm z Bavorska a Ji\u017en\u00edho Tyrolska.","og_url":"https:\/\/iwell-guard.com\/cs\/alpske-povesti\/","og_site_name":"iWell Guard","article_modified_time":"2026-09-03T17:22:04+00:00","og_image":[{"width":1024,"height":1536,"url":"https:\/\/iwell-guard.com\/wp-content\/uploads\/2026\/07\/daemonen_alpin_krampus.webp","type":"image\/webp"}],"twitter_card":"summary_large_image","schema":{"@context":"https:\/\/schema.org","@graph":[{"@type":"WebPage","@id":"https:\/\/iwell-guard.com\/cs\/alpske-povesti\/","url":"https:\/\/iwell-guard.com\/cs\/alpske-povesti\/","name":"Alpsk\u00e9 pov\u011bsti: Perchta, Krampus a Tatzelwurm","isPartOf":{"@id":"https:\/\/iwell-guard.com\/cs\/#website"},"primaryImageOfPage":{"@id":"https:\/\/iwell-guard.com\/cs\/alpske-povesti\/#primaryimage"},"image":{"@id":"https:\/\/iwell-guard.com\/cs\/alpske-povesti\/#primaryimage"},"thumbnailUrl":"https:\/\/iwell-guard.com\/wp-content\/uploads\/2026\/07\/daemonen_alpin_krampus.webp","datePublished":"2026-09-03T16:46:36+00:00","dateModified":"2026-09-03T17:22:04+00:00","description":"Perchta, Krampus, Kasermandl a Tatzelwurm: S\u00e1gy Alp vysv\u011btlen\u00e9 religionistick\u00fdm pohledem, s rauhn\u00e4chtov\u00fdm zvykoslov\u00edm z Bavorska a Ji\u017en\u00edho Tyrolska.","breadcrumb":{"@id":"https:\/\/iwell-guard.com\/cs\/alpske-povesti\/#breadcrumb"},"inLanguage":"cs","potentialAction":[{"@type":"ReadAction","target":["https:\/\/iwell-guard.com\/cs\/alpske-povesti\/"]}]},{"@type":"ImageObject","inLanguage":"cs","@id":"https:\/\/iwell-guard.com\/cs\/alpske-povesti\/#primaryimage","url":"https:\/\/iwell-guard.com\/wp-content\/uploads\/2026\/07\/daemonen_alpin_krampus.webp","contentUrl":"https:\/\/iwell-guard.com\/wp-content\/uploads\/2026\/07\/daemonen_alpin_krampus.webp","width":1024,"height":1536,"caption":"Krampus \u2013 d\u00e9moni z alpsk\u00e9 tradice, historicko-ilustrativn\u00ed zobrazen\u00ed"},{"@type":"BreadcrumbList","@id":"https:\/\/iwell-guard.com\/cs\/alpske-povesti\/#breadcrumb","itemListElement":[{"@type":"ListItem","position":1,"name":"Start","item":"https:\/\/iwell-guard.com\/cs\/?page_id=145107"},{"@type":"ListItem","position":2,"name":"Alpsk\u00e9 pov\u011bsti"}]},{"@type":"WebSite","@id":"https:\/\/iwell-guard.com\/cs\/#website","url":"https:\/\/iwell-guard.com\/cs\/","name":"iWell Guard","description":"Schutz vor dunklen Einfl\u00fcssen","publisher":{"@id":"https:\/\/iwell-guard.com\/cs\/#organization"},"potentialAction":[{"@type":"SearchAction","target":{"@type":"EntryPoint","urlTemplate":"https:\/\/iwell-guard.com\/cs\/?s={search_term_string}"},"query-input":{"@type":"PropertyValueSpecification","valueRequired":true,"valueName":"search_term_string"}}],"inLanguage":"cs"},{"@type":"Organization","@id":"https:\/\/iwell-guard.com\/cs\/#organization","name":"Ittermann electronic GmbH","url":"https:\/\/iwell-guard.com\/cs\/","logo":{"@type":"ImageObject","inLanguage":"cs","@id":"https:\/\/iwell-guard.com\/cs\/#\/schema\/logo\/image\/","url":"https:\/\/iwell-guard.com\/wp-content\/uploads\/2026\/05\/Ittermann-Logo-1182x237-1.png","contentUrl":"https:\/\/iwell-guard.com\/wp-content\/uploads\/2026\/05\/Ittermann-Logo-1182x237-1.png","width":1182,"height":237,"caption":"Ittermann electronic GmbH"},"image":{"@id":"https:\/\/iwell-guard.com\/cs\/#\/schema\/logo\/image\/"},"sameAs":["https:\/\/pantip.com\/profile\/9367242","https:\/\/micro.blog\/iwellguard","https:\/\/www.diggerslist.com\/iwellguard\/about","https:\/\/skitterphoto.com\/photographers\/2870314\/iwell-guard","https:\/\/iwellguard.wordpress.com\/2026\/06\/06\/iwell-guard\/","https:\/\/hub.docker.com\/u\/iwellguard","https:\/\/www.pinterest.com\/iwellguard\/","https:\/\/bit.ly\/m\/iwellguard","https:\/\/entre-vos-mains.alsace.eu\/profiles\/iwellguard\/activity","https:\/\/gravatar.com\/reallybeded8fd34","https:\/\/naijamatta.com\/iwellguard","https:\/\/www.goodreads.com\/iwellguard","https:\/\/profile.hatena.ne.jp\/iwellguard\/","https:\/\/experiment.com\/users\/iwellguard","https:\/\/wakelet.com\/@iWellGuard82270","https:\/\/www.chordie.com\/forum\/profile.php?id=2555664","https:\/\/www.instapaper.com\/p\/17757966","https:\/\/www.mapleprimes.com\/users\/iwellguard","https:\/\/businesslistingplus.com\/profile\/iwell-guard\/","https:\/\/telegra.ph\/iWell-Guard-06-06","https:\/\/pbase.com\/iwellguard\/iwellguard","https:\/\/b.hatena.ne.jp\/iwellguard\/20260607#bookmark-4788405196491818882","https:\/\/fliphtml5.com\/home\/iwellguard","https:\/\/anyflip.com\/homepage\/cmiwl#About","https:\/\/transfur.com\/Users\/iwellguard","http:\/\/delphi.larsbo.org\/user\/iwellguard","https:\/\/jobs.lajobsportal.org\/profiles\/8380803-iwell-guard","https:\/\/md.chaosdorf.de\/s\/jfbe5SBdJD","https:\/\/www.lingvolive.com\/en-us\/profile\/9ecaeaca-ce11-4e51-9e71-01d55e2bff36\/translations","https:\/\/www.fitday.com\/fitness\/forums\/members\/iwellguard.html","https:\/\/www.mymeetbook.com\/iwellguard","https:\/\/pxhere.com\/en\/photographer-me\/5040798","https:\/\/disqus.com\/by\/iwellguard\/about\/","https:\/\/pastelink.net\/hjwciqwq","https:\/\/pubhtml5.com\/homepage\/scjhn\/","https:\/\/www.bitchute.com\/channel\/2O2eOKzNqujT","https:\/\/audiomack.com\/iwellguard"]}]}},"_links":{"self":[{"href":"https:\/\/iwell-guard.com\/cs\/wp-json\/wp\/v2\/pages\/146388","targetHints":{"allow":["GET"]}}],"collection":[{"href":"https:\/\/iwell-guard.com\/cs\/wp-json\/wp\/v2\/pages"}],"about":[{"href":"https:\/\/iwell-guard.com\/cs\/wp-json\/wp\/v2\/types\/page"}],"author":[{"embeddable":true,"href":"https:\/\/iwell-guard.com\/cs\/wp-json\/wp\/v2\/users\/3"}],"replies":[{"embeddable":true,"href":"https:\/\/iwell-guard.com\/cs\/wp-json\/wp\/v2\/comments?post=146388"}],"version-history":[{"count":0,"href":"https:\/\/iwell-guard.com\/cs\/wp-json\/wp\/v2\/pages\/146388\/revisions"}],"wp:featuredmedia":[{"embeddable":true,"href":"https:\/\/iwell-guard.com\/cs\/wp-json\/wp\/v2\/media\/20516"}],"wp:attachment":[{"href":"https:\/\/iwell-guard.com\/cs\/wp-json\/wp\/v2\/media?parent=146388"}],"wp:term":[{"taxonomy":"category","embeddable":true,"href":"https:\/\/iwell-guard.com\/cs\/wp-json\/wp\/v2\/categories?post=146388"}],"curies":[{"name":"wp","href":"https:\/\/api.w.org\/{rel}","templated":true}]}}