{"id":146383,"date":"2026-09-03T16:46:34","date_gmt":"2026-09-03T16:46:34","guid":{"rendered":"https:\/\/iwell-guard.com\/?page_id=146383"},"modified":"2026-09-03T17:21:55","modified_gmt":"2026-09-03T17:21:55","slug":"baltska-mytologie","status":"publish","type":"page","link":"https:\/\/iwell-guard.com\/cs\/baltska-mytologie\/","title":{"rendered":"Baltsk\u00e1 mytologie"},"content":{"rendered":"\t\t<div data-elementor-type=\"wp-page\" data-elementor-id=\"146383\" class=\"elementor elementor-146383 elementor-20568 elementor-bc-flex-widget\" data-elementor-post-type=\"page\">\n\t\t\t\t<div class=\"elementor-element elementor-element-iwgcn-sami-hero iwg-kultur-hero e-flex e-con-boxed e-con e-parent\" data-id=\"iwgcn-sami-hero\" data-element_type=\"container\" data-e-type=\"container\">\n\t\t\t\t\t<div class=\"e-con-inner\">\n\t\t<div class=\"elementor-element elementor-element-iwgcn-sami-hl iwg-kultur-hero-left e-flex e-con-boxed e-con e-child\" data-id=\"iwgcn-sami-hl\" data-element_type=\"container\" data-e-type=\"container\">\n\t\t\t\t\t<div class=\"e-con-inner\">\n\t\t\t\t<div class=\"elementor-element elementor-element-iwgcn-sami-h1 elementor-widget elementor-widget-heading\" data-id=\"iwgcn-sami-h1\" data-element_type=\"widget\" data-e-type=\"widget\" data-widget_type=\"heading.default\">\n\t\t\t\t\t<h1 class=\"elementor-heading-title elementor-size-default\">Balt\u0161t\u00ed bohov\u00e9, Perk\u016bnas a mytologie Litvy a Loty\u0161ska<\/h1>\t\t\t\t<\/div>\n\t\t<div class=\"elementor-element elementor-element-iwgcn-sami-leadc e-con-full e-flex e-con e-child\" data-id=\"iwgcn-sami-leadc\" data-element_type=\"container\" data-e-type=\"container\">\n\t\t\t\t<div class=\"elementor-element elementor-element-iwgcn-sami-lead elementor-widget elementor-widget-text-editor\" data-id=\"iwgcn-sami-lead\" data-element_type=\"widget\" data-e-type=\"widget\" data-widget_type=\"text-editor.default\">\n\t\t\t\t\t\t\t\t\t<p>Balti, Litevci a Loty\u0161i, roz\u0161\u00ed\u0159en\u00ed po \u00fazem\u00ed dne\u0161n\u00ed Litvy a Loty\u0161ska, si d\u00edky pok\u0159es\u0165an\u0161t\u011bn\u00ed dokon\u010den\u00e9mu a\u017e v roce 1387, a v oblasti \u017demaitija dokonce a\u017e v roce 1413, uchovali nejd\u00e9le p\u0159etrv\u00e1vaj\u00edc\u00ed p\u0159edk\u0159es\u0165ansk\u00e9 n\u00e1bo\u017eenstv\u00ed Evropy. Lidov\u00e9 p\u00edsn\u011b zn\u00e1m\u00e9 jako dainy, kult dom\u00e1c\u00edho ohn\u011b kolem bohyn\u011b Gabija a uct\u00edv\u00e1n\u00ed dom\u00e1c\u00edho hada \u017daltys tvo\u0159\u00ed samostatnou, indoevropsky nadm\u00edru archaickou n\u00e1bo\u017eenskou vrstvu.<\/p>\n<p class=\"iwg-kwfix\">Baltsk\u00fd sv\u011bt boh\u016f je pevn\u011b spjat s domem, ohni\u0161t\u011bm a mocnostmi krajiny.<\/p>\t\t\t\t\t\t\t\t<\/div>\n\t\t\t\t<\/div>\n\t\t\t\t\t<\/div>\n\t\t\t\t<\/div>\n\t\t<div class=\"elementor-element elementor-element-iwgcn-sami-hr iwg-kultur-hero-right e-flex e-con-boxed e-con e-child\" data-id=\"iwgcn-sami-hr\" data-element_type=\"container\" data-e-type=\"container\">\n\t\t\t\t\t<div class=\"e-con-inner\">\n\t\t\t\t<div class=\"elementor-element elementor-element-iwgcn-sami-himg iwg-hero-image elementor-widget elementor-widget-image\" data-id=\"iwgcn-sami-himg\" data-element_type=\"widget\" data-e-type=\"widget\" data-widget_type=\"image.default\">\n\t\t\t\t\t\t\t\t\t\t\t\t\t\t\t<img fetchpriority=\"high\" decoding=\"async\" width=\"683\" height=\"1024\" src=\"https:\/\/iwell-guard.com\/wp-content\/uploads\/2026\/05\/goetter_sami_beaivi-683x1024.webp\" class=\"attachment-large size-large wp-image-147295\" alt=\"Beaivi \u2013 bohyn\u011b z tradice S\u00e1m\u016f, historicko-ilustrativn\u00ed zobrazen\u00ed\" srcset=\"https:\/\/iwell-guard.com\/wp-content\/uploads\/2026\/05\/goetter_sami_beaivi-683x1024.webp 683w, https:\/\/iwell-guard.com\/wp-content\/uploads\/2026\/05\/goetter_sami_beaivi-200x300.webp 200w, https:\/\/iwell-guard.com\/wp-content\/uploads\/2026\/05\/goetter_sami_beaivi-768x1152.webp 768w, https:\/\/iwell-guard.com\/wp-content\/uploads\/2026\/05\/goetter_sami_beaivi.webp 1024w\" sizes=\"(max-width: 683px) 100vw, 683px\" \/>\t\t\t\t\t\t\t\t\t\t\t\t\t\t\t<\/div>\n\t\t\t\t\t<\/div>\n\t\t\t\t<\/div>\n\t\t\t\t\t<\/div>\n\t\t\t\t<\/div>\n\t\t\t\t<section class=\"elementor-section elementor-top-section elementor-element elementor-element-sec-iwgcomp-sami elementor-section-boxed elementor-section-height-default elementor-section-height-default\" data-id=\"sec-iwgcomp-sami\" data-element_type=\"section\" data-e-type=\"section\">\n\t\t\t\t\t\t<div class=\"elementor-container elementor-column-gap-default\">\n\t\t\t\t\t<div class=\"elementor-column elementor-col-100 elementor-top-column elementor-element elementor-element-col-iwgcomp-sami\" data-id=\"col-iwgcomp-sami\" data-element_type=\"column\" data-e-type=\"column\">\n\t\t\t<div class=\"elementor-widget-wrap elementor-element-populated\">\n\t\t\t\t\t\t<div class=\"elementor-element elementor-element-iwgcomp-sami elementor-widget elementor-widget-text-editor\" data-id=\"iwgcomp-sami\" data-element_type=\"widget\" data-e-type=\"widget\" data-widget_type=\"text-editor.default\">\n\t\t\t\t\t\t\t\t\t<p>Baltsk\u00e1 <strong><span class=\"iwg-fachbegriff\" data-tooltip=\"Kr\u00e1tk\u00e9, \u00fastn\u011b tradovan\u00e9 lidov\u00e9 p\u00edsn\u011b Litvy a Loty\u0161ska, nejd\u016fle\u017eit\u011bj\u0161\u00ed pramen p\u0159edk\u0159es\u0165ansk\u00fdch p\u0159edstav.\" tabindex=\"0\">dainy<\/span><\/strong> tvo\u0159\u00ed p\u00e1te\u0159 rekonstrukce p\u0159edk\u0159es\u0165ansk\u00e9ho n\u00e1bo\u017eenstv\u00ed v Pobalt\u00ed.<\/p>\n<p class=\"iwg-kwfix\">Balt\u0161t\u00ed bohov\u00e9 se d\u011bl\u00ed na nebesk\u00e9 a pov\u011btrnostn\u00ed mocnosti kolem b\u016fha hromu Perk\u016bnase, dom\u00e1c\u00ed duchy jako Kaukas a Aitvaras a \u0159adu matek-bohy\u0148, kter\u00e9 vl\u00e1dnou lesu, ohni a vod\u011b. Je\u0161t\u011b dnes se tyto motivy udr\u017euj\u00ed v Litv\u011b a Loty\u0161sku.<\/p>\t\t\t\t\t\t\t\t<\/div>\n\t\t\t\t\t<\/div>\n\t\t<\/div>\n\t\t\t\t\t<\/div>\n\t\t<\/section>\n\t\t<div class=\"elementor-element elementor-element-iwgcn-sami-s0 e-flex e-con-boxed e-con e-parent\" data-id=\"iwgcn-sami-s0\" data-element_type=\"container\" data-e-type=\"container\">\n\t\t\t\t\t<div class=\"e-con-inner\">\n\t\t\t\t<div class=\"elementor-element elementor-element-iwgcn-sami-s0h elementor-widget elementor-widget-heading\" data-id=\"iwgcn-sami-s0h\" data-element_type=\"widget\" data-e-type=\"widget\" data-widget_type=\"heading.default\">\n\t\t\t\t\t<h2 class=\"elementor-heading-title elementor-size-default\">Balti, jazyk a os\u00eddlen\u00e9 \u00fazem\u00ed<\/h2>\t\t\t\t<\/div>\n\t\t<div class=\"elementor-element elementor-element-iwgcn-sami-s0-c e-con-full e-flex e-con e-child\" data-id=\"iwgcn-sami-s0-c\" data-element_type=\"container\" data-e-type=\"container\">\n\t\t\t\t<div class=\"elementor-element elementor-element-iwgcn-sami-s0t elementor-widget elementor-widget-text-editor\" data-id=\"iwgcn-sami-s0t\" data-element_type=\"widget\" data-e-type=\"widget\" data-widget_type=\"text-editor.default\">\n\t\t\t\t\t\t\t\t\t<p>Baltsk\u00e1 jazykov\u00e1 rodina, samostatn\u00e1 v\u011btev indoevropsk\u00fdch jazyk\u016f, zahrnuje \u017eiv\u00e9 jazyky litev\u0161tinu a loty\u0161tinu a tak\u00e9 v 17. stolet\u00ed zanikl\u00fd z\u00e1padobaltsk\u00fd jazyk Prus\u016f. Z jazykov\u011bdn\u00e9ho hlediska plat\u00ed baltsk\u00e9 jazyky za zvl\u00e1\u0161\u0165 archaick\u00e9, a proto jsou d\u016fle\u017eit\u00e9 pro rekonstrukci indoevropsk\u00fdch pom\u011br\u016f.<\/p><p>Os\u00eddlen\u00e9 \u00fazem\u00ed zahrnuje dne\u0161n\u00ed st\u00e1ty Litvu a Loty\u0161sko na pob\u0159e\u017e\u00ed Baltsk\u00e9ho mo\u0159e. Christianizace Litvy prob\u011bhla \u00fa\u0159edn\u011b a\u017e v roce 1387 za velkokn\u00ed\u017eete Jogaily, oblast \u017demaitija (Doln\u00ed Litva) n\u00e1sledovala v roce 1413 jako jedna z posledn\u00edch pohansk\u00fdch oblast\u00ed Evropy; zpr\u00e1vy o p\u0159edk\u0159es\u0165ansk\u00fdch praktik\u00e1ch se ojedin\u011ble dochovaly a\u017e do 18. stolet\u00ed.<\/p>\n<p class=\"iwg-kwfix\">Nebe a ohni\u0161t\u011b uspo\u0159\u00e1d\u00e1vaj\u00ed sv\u011bt boh\u016f Balt\u016f, naho\u0159e b\u016fh hromu Perk\u016bnas, v dom\u011b bohyn\u011b ohn\u011b Gabija, v krajin\u011b pak \u010detn\u00e9 matky-bohyn\u011b. Dainov\u00e1 tradice Litvy a Loty\u0161ska udr\u017euje toto v\u011bd\u011bn\u00ed \u017eiv\u00e9 a\u017e do sou\u010dasnosti.<\/p>\t\t\t\t\t\t\t\t<\/div>\n\t\t\t\t<\/div>\n\t\t\t\t\t<\/div>\n\t\t\t\t<\/div>\n\t\t<div class=\"elementor-element elementor-element-iwgcn-sami-s1 e-flex e-con-boxed e-con e-parent\" data-id=\"iwgcn-sami-s1\" data-element_type=\"container\" data-e-type=\"container\">\n\t\t\t\t\t<div class=\"e-con-inner\">\n\t\t\t\t<div class=\"elementor-element elementor-element-iwgcn-sami-s1h elementor-widget elementor-widget-heading\" data-id=\"iwgcn-sami-s1h\" data-element_type=\"widget\" data-e-type=\"widget\" data-widget_type=\"heading.default\">\n\t\t\t\t\t<h2 class=\"elementor-heading-title elementor-size-default\">Panteon: Dievas, Perk\u016bnas, Laima, Saul\u0117<\/h2>\t\t\t\t<\/div>\n\t\t<div class=\"elementor-element elementor-element-iwgcn-sami-s1-c e-con-full e-flex e-con e-child\" data-id=\"iwgcn-sami-s1-c\" data-element_type=\"container\" data-e-type=\"container\">\n\t\t\t\t<div class=\"elementor-element elementor-element-iwgcn-sami-s1t elementor-widget elementor-widget-text-editor\" data-id=\"iwgcn-sami-s1t\" data-element_type=\"widget\" data-e-type=\"widget\" data-widget_type=\"text-editor.default\">\n\t\t\t\t\t\t\t\t\t<p>Dievas, litevsky, respektive Dievs, loty\u0161sky, ozna\u010duje nebesk\u00e9ho boha, vzd\u00e1lenou, uspo\u0159\u00e1d\u00e1vaj\u00edc\u00ed bytost. Perk\u016bnas, litevsky, a P\u0113rkons, loty\u0161sky, je b\u016fh hromu, odpov\u011bdn\u00fd za bou\u0159e, plodnost a spravedlnost. Laima je bohyn\u011b osudu a \u0161t\u011bst\u00ed, kter\u00e1 dohl\u00ed\u017e\u00ed na narozen\u00ed a \u017eivotn\u00ed cestu, Saul\u0117, litevsky, respektive Saule, loty\u0161sky, je \u017eensk\u00e1 slune\u010dn\u00ed bohyn\u011b. V Loty\u0161sku vystupuje nav\u00edc M\u0101ra jako bohyn\u011b zem\u011b a matky vedle Dievse a Laimy.<\/p><p>Velinas, litevsky, respektive Velns, loty\u0161sky, je podsv\u011btn\u00ed a mrtv\u00e1 bytost, kter\u00e1 se po christianizaci st\u00e1le v\u00edce sl\u00e9vala s k\u0159es\u0165ansk\u00fdm \u010f\u00e1blem. Krom\u011b t\u011bchto velk\u00fdch postav zn\u00e1 tradice vlastn\u00ed bo\u017estva pro jednotliv\u00e9 oblasti, nap\u0159\u00edklad boha v\u011btru <a href=\"https:\/\/iwell-guard.com\/cs\/vejopatis\/\">V\u0117jopatis<\/a> nebo loty\u0161sk\u00e9ho dom\u00e1c\u00edho ducha <a href=\"https:\/\/iwell-guard.com\/cs\/majas-gars\/\">M\u0101jas gars<\/a>, kter\u00fd dohl\u00ed\u017e\u00ed na d\u016fm a dv\u016fr. Loty\u0161sk\u00e1 tradice nav\u00edc zn\u00e1 rozs\u00e1hl\u00fd syst\u00e9m asi sedmdes\u00e1ti \u201ematek&#8220; (m\u0101tes), zosobn\u011bn\u00fdch vl\u00e1dky\u0148 jednotliv\u00fdch p\u0159\u00edrodn\u00edch oblast\u00ed, jako je les, mo\u0159e, v\u00edtr nebo ohe\u0148.<\/p>\t\t\t\t\t\t\t\t<\/div>\n\t\t\t\t<\/div>\n\t\t\t\t\t<\/div>\n\t\t\t\t<\/div>\n\t\t<div class=\"elementor-element elementor-element-iwgcn-sami-s2 e-flex e-con-boxed e-con e-parent\" data-id=\"iwgcn-sami-s2\" data-element_type=\"container\" data-e-type=\"container\">\n\t\t\t\t\t<div class=\"e-con-inner\">\n\t\t\t\t<div class=\"elementor-element elementor-element-iwgcn-sami-s2h elementor-widget elementor-widget-heading\" data-id=\"iwgcn-sami-s2h\" data-element_type=\"widget\" data-e-type=\"widget\" data-widget_type=\"heading.default\">\n\t\t\t\t\t<h2 class=\"elementor-heading-title elementor-size-default\">Dainy jako religionistick\u00fd pramen<\/h2>\t\t\t\t<\/div>\n\t\t<div class=\"elementor-element elementor-element-iwgcn-sami-s2-c e-con-full e-flex e-con e-child\" data-id=\"iwgcn-sami-s2-c\" data-element_type=\"container\" data-e-type=\"container\">\n\t\t\t\t<div class=\"elementor-element elementor-element-iwgcn-sami-s2t elementor-widget elementor-widget-text-editor\" data-id=\"iwgcn-sami-s2t\" data-element_type=\"widget\" data-e-type=\"widget\" data-widget_type=\"text-editor.default\">\n\t\t\t\t\t\t\t\t\t<p>Dainy jsou kr\u00e1tk\u00e9, obvykle \u010dty\u0159ver\u0161\u00ed, litevsk\u00e9 a loty\u0161sk\u00e9 lidov\u00e9 p\u00edsn\u011b, kter\u00e9 se \u00fastn\u011b p\u0159ed\u00e1valy po generace a plat\u00ed za okno do p\u0159edk\u0159es\u0165ansk\u00fdch p\u0159edstav t\u00e9m\u011b\u0159 neovlivn\u011bn\u00e9 k\u0159es\u0165anstv\u00edm. Loty\u0161sk\u00fd pr\u00e1vn\u00edk a folklorista Kri\u0161j\u0101nis Barons sesb\u00edral mezi lety 1894 a 1915 t\u00e9m\u011b\u0159 218 000 dain v \u0161esti svazc\u00edch, celkov\u00fd loty\u0161sk\u00fd korpus v\u0161ech sb\u011bratel\u016f \u010d\u00edt\u00e1 odhadem v\u00edce ne\u017e milion text\u016f.<\/p><p>Kolem roku 1880 vznikl\u00e1 podle Baronova n\u00e1vrhu sk\u0159\u00ed\u0148 na dainy s v\u00edce ne\u017e 350 000 l\u00edstky pat\u0159\u00ed od roku 2001 do Sv\u011btov\u00e9ho dokument\u00e1rn\u00edho d\u011bdictv\u00ed UNESCO a dnes je uchov\u00e1v\u00e1na v Loty\u0161sk\u00e9 n\u00e1rodn\u00ed knihovn\u011b. I v Litv\u011b tvo\u0159\u00ed sesb\u00edran\u00e9 lidov\u00e9 p\u00edsn\u011b, poh\u00e1dky a m\u00edstn\u00ed n\u00e1zvy kl\u00ed\u010dov\u00fd pramen pro religionistickou rekonstrukci.<\/p>\t\t\t\t\t\t\t\t<\/div>\n\t\t\t\t<\/div>\n\t\t\t\t\t<\/div>\n\t\t\t\t<\/div>\n\t\t<div class=\"elementor-element elementor-element-iwgcn-sami-s3 e-flex e-con-boxed e-con e-parent\" data-id=\"iwgcn-sami-s3\" data-element_type=\"container\" data-e-type=\"container\">\n\t\t\t\t\t<div class=\"e-con-inner\">\n\t\t\t\t<div class=\"elementor-element elementor-element-iwgcn-sami-s3h elementor-widget elementor-widget-heading\" data-id=\"iwgcn-sami-s3h\" data-element_type=\"widget\" data-e-type=\"widget\" data-widget_type=\"heading.default\">\n\t\t\t\t\t<h2 class=\"elementor-heading-title elementor-size-default\">Kult ohn\u011b kolem Gabije<\/h2>\t\t\t\t<\/div>\n\t\t<div class=\"elementor-element elementor-element-iwgcn-sami-s3-c e-con-full e-flex e-con e-child\" data-id=\"iwgcn-sami-s3-c\" data-element_type=\"container\" data-e-type=\"container\">\n\t\t\t\t<div class=\"elementor-element elementor-element-iwgcn-sami-s3t elementor-widget elementor-widget-text-editor\" data-id=\"iwgcn-sami-s3t\" data-element_type=\"widget\" data-e-type=\"widget\" data-widget_type=\"text-editor.default\">\n\t\t\t\t\t\t\t\t\t<p><a href=\"https:\/\/iwell-guard.com\/cs\/gabija\/\">Gabija<\/a> je litevsk\u00e1 bohyn\u011b dom\u00e1c\u00edho ohn\u011b, ochr\u00e1nkyn\u011b domu a rodiny, p\u0159edstavovan\u00e1 v zoomorfn\u00ed podob\u011b jako ko\u010dka, \u010d\u00e1p nebo kohout, p\u0159\u00edpadn\u011b jako \u017eena od\u011bn\u00e1 v \u010derven\u00e9m. Jej\u00ed kult vy\u017eadoval uctiv\u00e9 zach\u00e1zen\u00ed s ohn\u011bm, nesm\u011blo se do n\u011bj plivat ani na n\u011bj \u0161lapat, \u017e\u00e1r se v noci pe\u010dliv\u011b zakr\u00fdval, nikoli hasil, a chl\u00e9b a s\u016fl platily za vhodn\u00e9 <span class=\"iwg-fachbegriff\" data-tooltip=\"Dar bo\u017estvu vyjad\u0159uj\u00edc\u00ed vd\u011bk, prosbu nebo \u00factu.\" tabindex=\"0\">ob\u011btiny<\/span>.<\/p><p>Hlavn\u00edm pramenem pro tento kult je spis De diis Samagitarum polsk\u00e9ho u\u010dence Jana \u0141asick\u00e9ho z roku 1615. V Loty\u0161sku vystupuje s Uguns m\u0101te, matkou ohn\u011b, p\u0159\u00edbuzn\u00e1 postava v r\u00e1mci loty\u0161sk\u00e9ho syst\u00e9mu matek.<\/p>\t\t\t\t\t\t\t\t<\/div>\n\t\t\t\t<\/div>\n\t\t\t\t\t<\/div>\n\t\t\t\t<\/div>\n\t\t<div class=\"elementor-element elementor-element-x-sami-s-faq e-flex e-con-boxed e-con e-parent\" data-id=\"x-sami-s-faq\" data-element_type=\"container\" data-e-type=\"container\">\n\t\t\t\t\t<div class=\"e-con-inner\">\n\t\t\t\t<div class=\"elementor-element elementor-element-x-sami-h-faq elementor-widget elementor-widget-heading\" data-id=\"x-sami-h-faq\" data-element_type=\"widget\" data-e-type=\"widget\" data-widget_type=\"heading.default\">\n\t\t\t\t\t<h2 class=\"elementor-heading-title elementor-size-default\">\u010casto kladen\u00e9 ot\u00e1zky k baltsk\u00e9 mytologii<\/h2>\t\t\t\t<\/div>\n\t\t<div class=\"elementor-element elementor-element-iwgcn-sami-s3-c e-con-full e-flex e-con e-child\" data-id=\"iwgcn-sami-s3-c\" data-element_type=\"container\" data-e-type=\"container\">\n\t\t\t\t<div class=\"elementor-element elementor-element-x-sami-t-faq elementor-widget elementor-widget-text-editor\" data-id=\"x-sami-t-faq\" data-element_type=\"widget\" data-e-type=\"widget\" data-widget_type=\"text-editor.default\">\n\t\t\t\t\t\t\t\t\t<h3>Kdo jsou Baltov\u00e9?<\/h3>\n<p>K Balt\u016fm pat\u0159\u00ed Litevci a Loty\u0161i a tak\u00e9 Prusov\u00e9, kte\u0159\u00ed vyhynuli v 17. stolet\u00ed. Mluv\u00ed jazyky vlastn\u00ed, zvl\u00e1\u0161t\u011b archaick\u00e9 v\u011btve indoevropsk\u00e9 jazykov\u00e9 rodiny a \u017eij\u00ed na \u00fazem\u00ed dne\u0161n\u00ed Litvy a Loty\u0161ska u Baltsk\u00e9ho mo\u0159e.<\/p>\n<h3>Pro\u010d byla Litva christianizov\u00e1na tak pozd\u011b?<\/h3>\n<p>Litva form\u00e1ln\u011b p\u0159ijala k\u0159es\u0165anstv\u00ed v roce 1387, oblast \u017demaitija (Doln\u00ed Litva) n\u00e1sledovala a\u017e v roce 1413. Litva je tak pova\u017eov\u00e1na za oblast Evropy, kter\u00e1 si nejd\u00e9le udr\u017eela p\u0159edk\u0159es\u0165ansk\u00fd charakter, co\u017e umo\u017enila jej\u00ed politick\u00e1 s\u00edla jako velkokn\u00ed\u017eectv\u00ed a jej\u00ed okrajov\u00e1 poloha.<\/p>\n<h3>Co jsou Dainas?<\/h3>\n<p>Dainas jsou kr\u00e1tk\u00e9 litevsk\u00e9 a loty\u0161sk\u00e9 lidov\u00e9 p\u00edsn\u011b, kter\u00e9 se p\u0159ed\u00e1valy \u00fastn\u011b a pat\u0159\u00ed k nejd\u016fle\u017eit\u011bj\u0161\u00edm pramen\u016fm p\u0159edk\u0159es\u0165ansk\u00e9ho n\u00e1bo\u017eenstv\u00ed. Kri\u0161j\u0101nis Barons s\u00e1m v Loty\u0161sku sesb\u00edral t\u00e9m\u011b\u0159 218 000 t\u011bchto p\u00edsn\u00ed, uchov\u00e1van\u00fdch ve Sk\u0159\u00edni Dain Loty\u0161sk\u00e9 n\u00e1rodn\u00ed knihovny.<\/p>\n<h3>Co je dom\u00e1c\u00ed had\u00ed bytost Zaltys?<\/h3>\n<p>Zaltys, litevsky, respektive Zalktis, loty\u0161sky, je u\u017eovka obojkov\u00e1, kter\u00e1 byla jako svat\u00e9 dom\u00e1c\u00ed zv\u00ed\u0159e krmena ml\u00e9kem a nesm\u011bla b\u00fdt zabita. Byla pova\u017eov\u00e1na za ochr\u00e1nkyni domu a dobytka a byla z\u010d\u00e1sti spojov\u00e1na s loty\u0161skou matkou ml\u00e9ka Piena m\u0101te.<\/p>\n<script type=\"application\/ld+json\">{\"@context\": \"https:\/\/schema.org\", \"@type\": \"FAQPage\", \"mainEntity\": [{\"@type\": \"Question\", \"name\": \"Kdo jsou Baltov\u00e9?\", \"acceptedAnswer\": {\"@type\": \"Answer\", \"text\": \"K Balt\u016fm pat\u0159\u00ed Litevci a Loty\u0161i a tak\u00e9 Prusov\u00e9, kte\u0159\u00ed vyhynuli v 17. stolet\u00ed. Mluv\u00ed jazyky vlastn\u00ed, zvl\u00e1\u0161t\u011b archaick\u00e9 v\u011btve indoevropsk\u00e9 jazykov\u00e9 rodiny a \u017eij\u00ed na \u00fazem\u00ed dne\u0161n\u00ed Litvy a Loty\u0161ska u Baltsk\u00e9ho mo\u0159e.\"}}, {\"@type\": \"Question\", \"name\": \"Pro\u010d byla Litva christianizov\u00e1na tak pozd\u011b?\", \"acceptedAnswer\": {\"@type\": \"Answer\", \"text\": \"Litva form\u00e1ln\u011b p\u0159ijala k\u0159es\u0165anstv\u00ed v roce 1387, oblast \u017demaitija (Doln\u00ed Litva) n\u00e1sledovala a\u017e v roce 1413. Litva je tak pova\u017eov\u00e1na za oblast Evropy, kter\u00e1 si nejd\u00e9le udr\u017eela p\u0159edk\u0159es\u0165ansk\u00fd charakter, co\u017e umo\u017enila jej\u00ed politick\u00e1 s\u00edla jako velkokn\u00ed\u017eectv\u00ed a jej\u00ed okrajov\u00e1 poloha.\"}}, {\"@type\": \"Question\", \"name\": \"Co jsou Dainas?\", \"acceptedAnswer\": {\"@type\": \"Answer\", \"text\": \"Dainas jsou kr\u00e1tk\u00e9 litevsk\u00e9 a loty\u0161sk\u00e9 lidov\u00e9 p\u00edsn\u011b, kter\u00e9 se p\u0159ed\u00e1valy \u00fastn\u011b a pat\u0159\u00ed k nejd\u016fle\u017eit\u011bj\u0161\u00edm pramen\u016fm p\u0159edk\u0159es\u0165ansk\u00e9ho n\u00e1bo\u017eenstv\u00ed. Kri\u0161j\u0101nis Barons s\u00e1m v Loty\u0161sku sesb\u00edral t\u00e9m\u011b\u0159 218 000 t\u011bchto p\u00edsn\u00ed, uchov\u00e1van\u00fdch ve Sk\u0159\u00edni Dain Loty\u0161sk\u00e9 n\u00e1rodn\u00ed knihovny.\"}}, {\"@type\": \"Question\", \"name\": \"Co je dom\u00e1c\u00ed had\u00ed bytost Zaltys?\", \"acceptedAnswer\": {\"@type\": \"Answer\", \"text\": \"Zaltys, litevsky, respektive Zalktis, loty\u0161sky, je u\u017eovka obojkov\u00e1, kter\u00e1 byla jako svat\u00e9 dom\u00e1c\u00ed zv\u00ed\u0159e krmena ml\u00e9kem a nesm\u011bla b\u00fdt zabita. Byla pova\u017eov\u00e1na za ochr\u00e1nkyni domu a dobytka a byla z\u010d\u00e1sti spojov\u00e1na s loty\u0161skou matkou ml\u00e9ka Piena m\u0101te.\"}}]}<\/script>\t\t\t\t\t\t\t\t<\/div>\n\t\t\t\t<\/div>\n\t\t\t\t\t<\/div>\n\t\t\t\t<\/div>\n\t\t<div class=\"elementor-element elementor-element-iwgcn-sami-s4 e-flex e-con-boxed e-con e-parent\" data-id=\"iwgcn-sami-s4\" data-element_type=\"container\" data-e-type=\"container\">\n\t\t\t\t\t<div class=\"e-con-inner\">\n\t\t\t\t<div class=\"elementor-element elementor-element-iwgcn-sami-s4h elementor-widget elementor-widget-heading\" data-id=\"iwgcn-sami-s4h\" data-element_type=\"widget\" data-e-type=\"widget\" data-widget_type=\"heading.default\">\n\t\t\t\t\t<h2 class=\"elementor-heading-title elementor-size-default\">Dom\u00e1c\u00ed had\u00ed bytost Zaltys a jej\u00ed uct\u00edv\u00e1n\u00ed<\/h2>\t\t\t\t<\/div>\n\t\t<div class=\"elementor-element elementor-element-iwgcn-sami-s4-c e-con-full e-flex e-con e-child\" data-id=\"iwgcn-sami-s4-c\" data-element_type=\"container\" data-e-type=\"container\">\n\t\t\t\t<div class=\"elementor-element elementor-element-iwgcn-sami-s4t elementor-widget elementor-widget-text-editor\" data-id=\"iwgcn-sami-s4t\" data-element_type=\"widget\" data-e-type=\"widget\" data-widget_type=\"text-editor.default\">\n\t\t\t\t\t\t\t\t\t<p><a href=\"https:\/\/iwell-guard.com\/cs\/zaltys\/\">\u017daltys<\/a>, litevsky, respektive Zalktis, loty\u0161sky, ozna\u010duje u\u017eovku obojkovou, kter\u00e1 byla v baltsk\u00e9 tradici pova\u017eov\u00e1na za svat\u00e9, p\u0159in\u00e1\u0161ej\u00edc\u00ed \u0161t\u011bst\u00ed dom\u00e1c\u00ed zv\u00ed\u0159e. Byla pravideln\u011b krmena ml\u00e9kem a jej\u00ed p\u0159\u00edtomnost v dom\u011b nebo st\u00e1ji znamenala ochranu pro obyvatele i dobytek; podle roz\u0161\u00ed\u0159en\u00e9ho p\u0159\u00edslov\u00ed slunce pl\u00e1\u010de, kdy\u017e spat\u0159\u00ed mrtvou Zaltys.<\/p><p>Z\u00e1kaz zab\u00edjen\u00ed u\u017eovek obojkov\u00fdch je etnograficky dolo\u017een a\u017e do novov\u011bku, popsali jej mimo jin\u00e9 religionist\u00e9 Jonas Balys a Haralds Biezais, jako\u017e i Marija Gimbutas. Ojedin\u011ble byla \u00facta k Zaltys dolo\u017eena i u Prus\u016f.<\/p>\t\t\t\t\t\t\t\t<\/div>\n\t\t\t\t<\/div>\n\t\t\t\t\t<\/div>\n\t\t\t\t<\/div>\n\t\t<div class=\"elementor-element elementor-element-iwgcn-sami-s5 e-flex e-con-boxed e-con e-parent\" data-id=\"iwgcn-sami-s5\" data-element_type=\"container\" data-e-type=\"container\">\n\t\t\t\t\t<div class=\"e-con-inner\">\n\t\t\t\t<div class=\"elementor-element elementor-element-iwgcn-sami-s5h elementor-widget elementor-widget-heading\" data-id=\"iwgcn-sami-s5h\" data-element_type=\"widget\" data-e-type=\"widget\" data-widget_type=\"heading.default\">\n\t\t\t\t\t<h2 class=\"elementor-heading-title elementor-size-default\">Lesn\u00ed matky: Me\u017ea m\u0101te a Medeina<\/h2>\t\t\t\t<\/div>\n\t\t<div class=\"elementor-element elementor-element-iwgcn-sami-s5-c e-con-full e-flex e-con e-child\" data-id=\"iwgcn-sami-s5-c\" data-element_type=\"container\" data-e-type=\"container\">\n\t\t\t\t<div class=\"elementor-element elementor-element-iwgcn-sami-s5t elementor-widget elementor-widget-text-editor\" data-id=\"iwgcn-sami-s5t\" data-element_type=\"widget\" data-e-type=\"widget\" data-widget_type=\"text-editor.default\">\n\t\t\t\t\t\t\t\t\t<p><a href=\"https:\/\/iwell-guard.com\/cs\/meza-mate\/\">Me\u017ea m\u0101te<\/a>, loty\u0161sk\u00e1 lesn\u00ed matka, pat\u0159\u00ed k rozs\u00e1hl\u00e9mu syst\u00e9mu loty\u0161sk\u00fdch bohyn\u00ed-matek (m\u0101tes) a chr\u00e1n\u00ed lovce, d\u0159evorubce a pastevce; jako partner je j\u00ed ob\u010das p\u0159i\u0159azov\u00e1n Me\u017eat\u0113vs, lesn\u00ed otec. V Litv\u011b pln\u00ed obdobnou funkci <a href=\"https:\/\/iwell-guard.com\/cs\/medeina\/\">Medeina<\/a>, vl\u00e1dkyn\u011b lesa a divok\u00e9 zv\u011b\u0159e, se zaj\u00edcem jako sv\u00fdm atributov\u00fdm zv\u00ed\u0159etem.<\/p><p>Ji\u017e Hypatiovsk\u00e1 kronika z roku 1252 a pozd\u011bji polsk\u00fd kronik\u00e1\u0159 Jan D\u0142ugosz v 15. stolet\u00ed srovn\u00e1vali Medeinu s \u0159\u00edmskou bohyn\u00ed lovu Dianou. Litvanistick\u00fd badatel Algirdas Julien Greimas ji interpretoval jako panenskou, lovkyni podobnou postavu, kter\u00e1 byla z\u010d\u00e1sti zobrazov\u00e1na i jako vl\u010dice.<\/p>\t\t\t\t\t\t\t\t<\/div>\n\t\t\t\t<\/div>\n\t\t\t\t\t<\/div>\n\t\t\t\t<\/div>\n\t\t<div class=\"elementor-element elementor-element-iwgcn-sami-s6 e-flex e-con-boxed e-con e-parent\" data-id=\"iwgcn-sami-s6\" data-element_type=\"container\" data-e-type=\"container\">\n\t\t\t\t\t<div class=\"e-con-inner\">\n\t\t\t\t<div class=\"elementor-element elementor-element-iwgcn-sami-s6h elementor-widget elementor-widget-heading\" data-id=\"iwgcn-sami-s6h\" data-element_type=\"widget\" data-e-type=\"widget\" data-widget_type=\"heading.default\">\n\t\t\t\t\t<h2 class=\"elementor-heading-title elementor-size-default\">N\u00e1siln\u00e1 christianizace a dne\u0161n\u00ed znovup\u0159ivlastn\u011bn\u00ed<\/h2>\t\t\t\t<\/div>\n\t\t<div class=\"elementor-element elementor-element-iwgcn-sami-s6-c e-con-full e-flex e-con e-child\" data-id=\"iwgcn-sami-s6-c\" data-element_type=\"container\" data-e-type=\"container\">\n\t\t\t\t<div class=\"elementor-element elementor-element-iwgcn-sami-s6t elementor-widget elementor-widget-text-editor\" data-id=\"iwgcn-sami-s6t\" data-element_type=\"widget\" data-e-type=\"widget\" data-widget_type=\"text-editor.default\">\n\t\t\t\t\t\t\t\t\t<p>Christianizace Balt\u016f byla obzvl\u00e1\u0161t\u011b dlouh\u00fd a \u010d\u00e1ste\u010dn\u011b n\u00e1siln\u00fd proces. \u0158\u00e1dov\u00e9 st\u00e1ty N\u011bmeck\u00e9ho \u0159\u00e1du a \u0158\u00e1du brat\u0159\u00ed me\u010de misiona\u0159ily od 13. stolet\u00ed za vojensk\u00e9ho n\u00e1tlaku, zat\u00edmco Litva jako samostatn\u00e9 velkokn\u00ed\u017eectv\u00ed p\u0159ijala k\u0159est a\u017e v roce 1387 z politick\u00e9 vypo\u010d\u00edtavosti. Zpr\u00e1vy o zak\u00e1zan\u00fdch ob\u011btech ohni, strom\u016fm a had\u016fm se dochovaly a\u017e do 18. stolet\u00ed.<\/p><p>Od konce 20. stolet\u00ed, zes\u00edlen\u011b po nez\u00e1vislosti Litvy a Loty\u0161ska v letech 1990 a 1991, doch\u00e1z\u00ed ke kulturn\u00edmu znovup\u0159ivlastn\u011bn\u00ed, viditeln\u00e9mu v novopaganistick\u00e9m hnut\u00ed Romuva v Litv\u011b a hnut\u00ed Dievtur\u012bba v Loty\u0161sku, jako\u017e i v p\u011bstov\u00e1n\u00ed Dainas, festival\u016f lidov\u00fdch p\u00edsn\u00ed a zvyk\u016f kolem dom\u00e1c\u00edch duch\u016f, jako jsou <a href=\"https:\/\/iwell-guard.com\/cs\/kaukas\/\">Kaukas<\/a> a <a href=\"https:\/\/iwell-guard.com\/cs\/aitvaras\/\">Aitvaras<\/a>. Standardn\u00ed religionistick\u00e1 d\u00edla poch\u00e1zej\u00ed od Marije Gimbutasov\u00e9, Algirdase Juliena Greimase, Haraldse Biezaise a Norbertase V\u0117liuse.<\/p>\t\t\t\t\t\t\t\t<\/div>\n\t\t\t\t<\/div>\n\t\t\t\t\t<\/div>\n\t\t\t\t<\/div>\n\t\t<div class=\"elementor-element elementor-element-cp2d9a92a3 e-flex e-con-boxed e-con e-parent\" data-id=\"cp2d9a92a3\" data-element_type=\"container\" data-e-type=\"container\">\n\t\t\t\t\t<div class=\"e-con-inner\">\n\t\t\t\t<div class=\"elementor-element elementor-element-cp2515827f elementor-widget elementor-widget-heading\" data-id=\"cp2515827f\" data-element_type=\"widget\" data-e-type=\"widget\" data-widget_type=\"heading.default\">\n\t\t\t\t\t<h2 class=\"elementor-heading-title elementor-size-default\">Dva jazyky, jeden kulturn\u00ed prostor a jeho vnit\u0159n\u00ed rozd\u00edly<\/h2>\t\t\t\t<\/div>\n\t\t<div class=\"elementor-element elementor-element-cp25cbddf2 e-flex e-con-boxed e-con e-child\" data-id=\"cp25cbddf2\" data-element_type=\"container\" data-e-type=\"container\">\n\t\t\t\t\t<div class=\"e-con-inner\">\n\t\t\t\t<div class=\"elementor-element elementor-element-cp240cdc6c elementor-widget elementor-widget-text-editor\" data-id=\"cp240cdc6c\" data-element_type=\"widget\" data-e-type=\"widget\" data-widget_type=\"text-editor.default\">\n\t\t\t\t\t\t\t\t\t<p>K baltsk\u00e9mu kulturn\u00edmu prostoru pat\u0159\u00ed Litevci a Loty\u0161i a tak\u00e9 Prusov\u00e9, kte\u0159\u00ed vyhynuli v 17. stolet\u00ed a jejich\u017e jazyk se dochoval jen fragment\u00e1rn\u011b. Litev\u0161tina a loty\u0161tina jsou si zajist\u00e9 bl\u00edzce p\u0159\u00edbuzn\u00e9, ale ji\u017e dlouho jsou to samostatn\u00e9 jazyky, a i n\u00e1bo\u017eensk\u00e9 p\u0159edstavy obou n\u00e1rod\u016f se v detailech zna\u010dn\u011b li\u0161\u00ed.<\/p><p>Zvl\u00e1\u0161t\u011b n\u00e1padn\u00fd je rozd\u00edl v loty\u0161sk\u00e9m syst\u00e9mu matek, kter\u00fd je s odhadovan\u00fdmi sedmdes\u00e1ti personifikovan\u00fdmi p\u0159\u00edrodn\u00edmi matkami (m\u0101tes) v\u00fdrazn\u011b diferencovan\u011bj\u0161\u00ed ne\u017e litevsk\u00e1 tradice, v n\u00ed\u017e naopak stoj\u00ed do pop\u0159ed\u00ed jednotliv\u00e9, jasn\u011b vymezen\u00e9 postavy jako Medeina nebo Gabija.<\/p><p>Zvyky se li\u0161ily i region\u00e1ln\u011b, podle krajiny, pob\u0159e\u017en\u00ed nebo vnitrozemsk\u00e9 polohy a hospod\u00e1\u0159sk\u00e9ho zam\u011b\u0159en\u00ed, nap\u0159\u00edklad zem\u011bd\u011blstv\u00ed, rybolovu nebo lesnictv\u00ed. Obecn\u00e1 tvrzen\u00ed o \u201ebaltsk\u00e9m n\u00e1bo\u017eenstv\u00ed&#8220; tuto vnit\u0159n\u00ed rozmanitost mezi ob\u011bma n\u00e1rody i uvnit\u0159 nich zast\u00edraj\u00ed.<\/p><p>Spole\u010dn\u00e9 ob\u011bma tradic\u00edm je centr\u00e1ln\u00ed postaven\u00ed boha hromu, litevsky Perk\u016bnas, loty\u0161sky P\u0113rkons, v\u00fdznam dom\u00e1c\u00edho ohn\u011b, uct\u00edv\u00e1n\u00ed dom\u00e1c\u00ed had\u00ed bytosti Zaltys a Dainas jako nejd\u016fle\u017eit\u011bj\u0161\u00ed \u017e\u00e1nr \u00fastn\u00edho pod\u00e1n\u00ed. I tyto spole\u010dn\u00e9 prvky jsou v\u0161ak region\u00e1ln\u011b dolo\u017eeny odli\u0161n\u011b.<\/p>\t\t\t\t\t\t\t\t<\/div>\n\t\t\t\t\t<\/div>\n\t\t\t\t<\/div>\n\t\t\t\t\t<\/div>\n\t\t\t\t<\/div>\n\t\t<div class=\"elementor-element elementor-element-cp2b1a3dae e-flex e-con-boxed e-con e-parent\" data-id=\"cp2b1a3dae\" data-element_type=\"container\" data-e-type=\"container\">\n\t\t\t\t\t<div class=\"e-con-inner\">\n\t\t\t\t<div class=\"elementor-element elementor-element-cp282c06ff elementor-widget elementor-widget-heading\" data-id=\"cp282c06ff\" data-element_type=\"widget\" data-e-type=\"widget\" data-widget_type=\"heading.default\">\n\t\t\t\t\t<h2 class=\"elementor-heading-title elementor-size-default\">Dainas, bohyn\u011b-matky a mocnosti baltsk\u00e9ho sv\u011bton\u00e1zoru<\/h2>\t\t\t\t<\/div>\n\t\t<div class=\"elementor-element elementor-element-cp228b4522 e-flex e-con-boxed e-con e-child\" data-id=\"cp228b4522\" data-element_type=\"container\" data-e-type=\"container\">\n\t\t\t\t\t<div class=\"e-con-inner\">\n\t\t\t\t<div class=\"elementor-element elementor-element-cp261454c5 elementor-widget elementor-widget-text-editor\" data-id=\"cp261454c5\" data-element_type=\"widget\" data-e-type=\"widget\" data-widget_type=\"text-editor.default\">\n\t\t\t\t\t\t\t\t\t<p>Nejzn\u00e1m\u011bj\u0161\u00edm n\u00e1bo\u017eensk\u00fdm odkazem Balt\u016f jsou dainy, kr\u00e1tk\u00e9, obvykle \u010dty\u0159ver\u0161ov\u00e9 lidov\u00e9 p\u00edsn\u011b, kter\u00e9 uchov\u00e1vaj\u00ed n\u00e1bo\u017eensk\u00e9 p\u0159edstavy v zhu\u0161t\u011bn\u00e9m, formulovit\u00e9m jazyce. Op\u011bvuj\u00ed ka\u017edodenn\u00ed \u017eivot domu, pole a rodiny stejn\u011b jako velk\u00e9 postavy panteonu a jsou pova\u017eov\u00e1ny za pom\u011brn\u011b m\u00e1lo ovlivn\u011bn\u00e9 k\u0159es\u0165anstv\u00edm.<\/p><p>Loty\u0161sk\u00fd folklorista Kri\u0161j\u0101nis Barons shrom\u00e1\u017edil mezi lety 1894 a 1915 t\u00e9m\u011b\u0159 218 000 dain a uspo\u0159\u00e1dal je do \u0161esti svazk\u016f, jeho syst\u00e9m tvo\u0159\u00ed dodnes z\u00e1klad loty\u0161sk\u00e9ho folkloristick\u00e9ho b\u00e1d\u00e1n\u00ed. Celkov\u00fd loty\u0161sk\u00fd korpus, v\u010detn\u011b pozd\u011bj\u0161\u00edch sb\u00edrek, se odhaduje na v\u00edce ne\u017e milion text\u016f, v Litv\u011b existuj\u00ed srovnateln\u011b rozs\u00e1hl\u00e9 sb\u00edrky.<\/p><p>Baltsk\u00fd obraz sv\u011bta znal vzd\u00e1len\u00e9ho nebesk\u00e9ho boha Dievase, respektive Dievse, \u00fast\u0159edn\u00edho b\u016fha hromu Perk\u016bnase, respektive P\u0113rkonse, a d\u00e1le bo\u017estva osudu, slunce a zem\u011b, jako Laimu, Saul\u0117 a v Loty\u0161sku M\u0101ru. Vedle nich v Loty\u0161sku existoval rozs\u00e1hl\u00fd syst\u00e9m asi sedmdes\u00e1ti matek-bo\u017estev, kter\u00e9 vl\u00e1dly jednotliv\u00fdm oblastem krajiny a \u017eivota, od matky lesa <a href=\"https:\/\/iwell-guard.com\/cs\/meza-mate\/\">Me\u017ea m\u0101te<\/a> p\u0159es matku ohn\u011b Uguns m\u0101te a\u017e po matku mo\u0159e J\u016bras m\u0101te.<\/p><p>D\u016fm a dv\u016fr maj\u00ed vlastn\u00ed ochrann\u00e9 s\u00edly, bohyni ohn\u011b <a href=\"https:\/\/iwell-guard.com\/cs\/gabija\/\">Gabiju<\/a>, domovn\u00edho hada <a href=\"https:\/\/iwell-guard.com\/cs\/zaltys\/\">Zaltyse<\/a> a ambivalentn\u00ed dom\u00e1c\u00ed duchy jako <a href=\"https:\/\/iwell-guard.com\/cs\/kaukas\/\">Kaukase<\/a> a ohniv\u00e9ho <a href=\"https:\/\/iwell-guard.com\/cs\/aitvaras\/\">Aitvarase<\/a>, kte\u0159\u00ed p\u0159in\u00e1\u0161ej\u00ed bohatstv\u00ed, ale p\u0159i zanedb\u00e1n\u00ed i ne\u0161t\u011bst\u00ed. Pro jednotliv\u00e9 oblasti p\u0159\u00edrody stoj\u00ed dal\u0161\u00ed postavy, jako litevsk\u00fd b\u016fh v\u011btru <a href=\"https:\/\/iwell-guard.com\/cs\/vejopatis\/\">V\u0117jopatis<\/a>, loty\u0161sk\u00fd dom\u00e1c\u00ed duch <a href=\"https:\/\/iwell-guard.com\/cs\/majas-gars\/\">M\u0101jas gars<\/a> a v ran\u011b novov\u011bk\u00fdch pramenech zmi\u0148ovan\u00e9 bo\u017estvo <a href=\"https:\/\/iwell-guard.com\/cs\/jagaubis\/\">Jagaubis<\/a>.<\/p><p>O p\u0159esn\u00e9 systematice tohoto panteonu neexistuje ve v\u00fdzkumu \u00fapln\u00e1 shoda, nebo\u0165 ran\u00e9 p\u00edsemn\u00e9 prameny poch\u00e1zej\u00ed od k\u0159es\u0165ansk\u00fdch kronik\u00e1\u0159\u016f a mision\u00e1\u0159\u016f a pozd\u011bj\u0161\u00ed sb\u00edr\u00e1n\u00ed lidov\u00fdch p\u00edsn\u00ed za\u010dalo a\u017e v 19. stolet\u00ed. Marija Gimbutas, Algirdas Julien Greimas a Haralds Biezais p\u0159edlo\u017eili odli\u0161n\u00e9, \u010d\u00e1ste\u010dn\u011b soupe\u0159\u00edc\u00ed v\u00fdklady tohoto materi\u00e1lu.<\/p>\t\t\t\t\t\t\t\t<\/div>\n\t\t\t\t\t<\/div>\n\t\t\t\t<\/div>\n\t\t\t\t\t<\/div>\n\t\t\t\t<\/div>\n\t\t<div class=\"elementor-element elementor-element-cp295547c2 e-flex e-con-boxed e-con e-parent\" data-id=\"cp295547c2\" data-element_type=\"container\" data-e-type=\"container\">\n\t\t\t\t\t<div class=\"e-con-inner\">\n\t\t\t\t<div class=\"elementor-element elementor-element-cp28944fb0 elementor-widget elementor-widget-heading\" data-id=\"cp28944fb0\" data-element_type=\"widget\" data-e-type=\"widget\" data-widget_type=\"heading.default\">\n\t\t\t\t\t<h2 class=\"elementor-heading-title elementor-size-default\">Prameny: kroniky, misijn\u00ed zpr\u00e1vy a sb\u00edrky lidov\u00fdch p\u00edsn\u00ed<\/h2>\t\t\t\t<\/div>\n\t\t<div class=\"elementor-element elementor-element-cp23d59da4 e-flex e-con-boxed e-con e-child\" data-id=\"cp23d59da4\" data-element_type=\"container\" data-e-type=\"container\">\n\t\t\t\t\t<div class=\"e-con-inner\">\n\t\t\t\t<div class=\"elementor-element elementor-element-cp2ce157b6 elementor-widget elementor-widget-text-editor\" data-id=\"cp2ce157b6\" data-element_type=\"widget\" data-e-type=\"widget\" data-widget_type=\"text-editor.default\">\n\t\t\t\t\t\t\t\t\t<p>Nejstar\u0161\u00ed p\u00edsemn\u00e1 <span class=\"iwg-fachbegriff\" data-tooltip=\"P\u0159enos znalost\u00ed a vypr\u00e1v\u011bn\u00ed nap\u0159\u00ed\u010d generacemi.\" tabindex=\"0\">tradice<\/span> o baltsk\u00e9m n\u00e1bo\u017eenstv\u00ed poch\u00e1z\u00ed z vn\u011bj\u0161ku, p\u0159edev\u0161\u00edm od k\u0159es\u0165ansk\u00fdch kronik\u00e1\u0159\u016f a mision\u00e1\u0159\u016f v souvislosti s k\u0159\u00ed\u017eov\u00fdmi v\u00fdpravami \u0158\u00e1du n\u011bmeck\u00fdch ryt\u00ed\u0159\u016f a \u0158\u00e1du me\u010dov\u00fdch brat\u0159\u00ed v Pobalt\u00ed. K nejstar\u0161\u00edm pramen\u016fm pat\u0159\u00ed kronika Henricha z Loty\u0161ska z let 1225 a\u017e 1227 a Livonsk\u00e1 r\u00fdmovan\u00e1 kronika.<\/p><p>Ve 14. stolet\u00ed podal \u0159\u00e1dov\u00fd kronik\u00e1\u0159 Petr z Dusburgu (1326) zpr\u00e1vu o praktik\u00e1ch Prus\u016f, v 16. stolet\u00ed n\u00e1sledovaly sporn\u00e9 z\u00e1pisky Simona Grunaua (1519 a\u017e 1529). Za jeden z nejd\u016fle\u017eit\u011bj\u0161\u00edch ran\u011b novov\u011bk\u00fdch pramen\u016f je pova\u017eov\u00e1n v roce 1615 vyti\u0161t\u011bn\u00fd spis De diis Samagitarum polsk\u00e9ho u\u010dence Jana \u0141asick\u00e9ho, kter\u00fd uv\u00e1d\u00ed \u010detn\u00e1 bo\u017estva a ritu\u00e1ly Litvy a \u017demaitije, mimo jin\u00e9 i zm\u00ednky o bo\u017estvu jm\u00e9nem <a href=\"https:\/\/iwell-guard.com\/cs\/jagaubis\/\">Jagaubis<\/a>, jeho\u017e p\u0159esn\u00e1 p\u016fsobnost nen\u00ed v pramenech uv\u00e1d\u011bna jednotn\u011b.<\/p><p>Tyto ran\u00e9 texty jsou obsahov\u011b bohat\u00e9, ale hluboce stranick\u00e9, proto\u017ee jejich c\u00edlem bylo p\u0159ev\u00e1\u017en\u011b ospravedln\u011bn\u00ed mise nebo pot\u00edr\u00e1n\u00ed zvyk\u016f pova\u017eovan\u00fdch za <span class=\"iwg-fachbegriff\" data-tooltip=\"Z k\u0159es\u0165ansk\u00e9ho hlediska: n\u00e1le\u017eej\u00edc\u00ed k p\u0159edk\u0159es\u0165ansk\u00e9mu nebo nek\u0159es\u0165ansk\u00e9mu n\u00e1bo\u017eenstv\u00ed.\" tabindex=\"0\">pohansk\u00e9<\/span>, nikoli jejich neutr\u00e1ln\u00ed popis.<\/p><p>Druhou, mlad\u0161\u00ed skupinu pramen\u016f tvo\u0159\u00ed v 19. a ran\u00e9m 20. stolet\u00ed sesb\u00edran\u00e9 dainy, poh\u00e1dky a m\u00edstn\u00ed jm\u00e9na. Loty\u0161sk\u00fd pr\u00e1vn\u00edk Kri\u0161j\u0101nis Barons a pozd\u011bji badatel\u00e9 jako Jonas Balys v Litv\u011b tak p\u0159edlo\u017eili rozs\u00e1hl\u00fd, p\u0159ev\u00e1\u017en\u011b \u00fastn\u011b tradovan\u00fd korpus, kter\u00fd je mnohem m\u00e9n\u011b ovlivn\u011bn k\u0159es\u0165ansk\u00fdm v\u00fdkladov\u00fdm z\u00e1m\u011brem ne\u017e d\u0159\u00edv\u011bj\u0161\u00ed kroniky.<\/p><p>Ve 20. stolet\u00ed p\u0159ibyla systematick\u00e1 v\u011bdeck\u00e1 zpracov\u00e1n\u00ed, nap\u0159\u00edklad od Mariji Gimbutasov\u00e9, kter\u00e1 spojovala archeologick\u00e9 a jazykov\u00e9 poznatky, od Algirdase Juliena Greimase, kter\u00fd m\u00fdty analyzoval strukturalisticky, a od Haraldse Biezaise, kter\u00fd ve \u0161v\u00e9dsk\u00e9m exilu vyhodnocoval p\u0159edev\u0161\u00edm loty\u0161sk\u00fd materi\u00e1l a kriticky prov\u011b\u0159oval teze o matriarch\u00e1tu. Norbertas V\u0117lius polo\u017eil v\u00edcesvazkovou sb\u00edrkou pramen\u016f d\u016fle\u017eit\u00fd z\u00e1klad pro dal\u0161\u00ed v\u00fdzkum.<\/p><p>Badatel\u00e9 celkov\u011b zd\u016fraz\u0148uj\u00ed, \u017ee prameny k baltsk\u00e9mu n\u00e1bo\u017eenstv\u00ed jsou nejednotn\u00e9 a rozpt\u00fdlen\u00e9 p\u0159es stalet\u00ed, proto se ka\u017ed\u00e9 souhrnn\u00e9 zpracov\u00e1n\u00ed mus\u00ed vyrovn\u00e1vat s v\u00fdznamn\u00fdmi nejistotami a region\u00e1ln\u00edmi mezerami.<\/p>\t\t\t\t\t\t\t\t<\/div>\n\t\t\t\t\t<\/div>\n\t\t\t\t<\/div>\n\t\t\t\t\t<\/div>\n\t\t\t\t<\/div>\n\t\t<div class=\"elementor-element elementor-element-cp2c009332 e-flex e-con-boxed e-con e-parent\" data-id=\"cp2c009332\" data-element_type=\"container\" data-e-type=\"container\">\n\t\t\t\t\t<div class=\"e-con-inner\">\n\t\t\t\t<div class=\"elementor-element elementor-element-cp225c94da elementor-widget elementor-widget-heading\" data-id=\"cp225c94da\" data-element_type=\"widget\" data-e-type=\"widget\" data-widget_type=\"heading.default\">\n\t\t\t\t\t<h2 class=\"elementor-heading-title elementor-size-default\">N\u00e1siln\u00e1 christianizace, \u00fatlak a dne\u0161n\u00ed znovup\u0159ivlastn\u011bn\u00ed<\/h2>\t\t\t\t<\/div>\n\t\t<div class=\"elementor-element elementor-element-cp2c7191ab e-flex e-con-boxed e-con e-child\" data-id=\"cp2c7191ab\" data-element_type=\"container\" data-e-type=\"container\">\n\t\t\t\t\t<div class=\"e-con-inner\">\n\t\t\t\t<div class=\"elementor-element elementor-element-cp23f4061d elementor-widget elementor-widget-text-editor\" data-id=\"cp23f4061d\" data-element_type=\"widget\" data-e-type=\"widget\" data-widget_type=\"text-editor.default\">\n\t\t\t\t\t\t\t\t\t<p>Christianizace Balt\u016f byla dlouh\u00fd a m\u00edsty n\u00e1siln\u00fd proces. \u0158\u00e1d n\u011bmeck\u00fdch ryt\u00ed\u0159\u016f a \u0158\u00e1d me\u010dov\u00fdch brat\u0159\u00ed od 13. stolet\u00ed misionovali Prusy a obyvatele Loty\u0161ska a Estonska pod vojensk\u00fdm n\u00e1tlakem, s v\u00fdrazn\u00fdmi ztr\u00e1tami na \u017eivotech i vlastn\u00ed kultu\u0159e, jazyk Prus\u016f zanikl v 17. stolet\u00ed.<\/p><p>Litva jako samostatn\u00e9 velkokn\u00ed\u017eectv\u00ed p\u0159ijala k\u0159es\u0165anstv\u00ed v roce 1387 za velkokn\u00ed\u017eete Jogaily z politick\u00e9ho kalkulu, aby stvrdila svazek s Polskem a od\u0148ala \u0158\u00e1du n\u011bmeck\u00fdch ryt\u00ed\u0159\u016f z\u00e1minku k k\u0159\u00ed\u017eov\u00fdm v\u00fdprav\u00e1m. Oblast \u017demaitija (N\u00ed\u017einn\u00e1 Litva) n\u00e1sledovala a\u017e v roce 1413, po v\u00edt\u011bzstv\u00ed nad \u0159\u00e1dem u Grunwaldu v roce 1410. Zpr\u00e1vy o p\u0159etrv\u00e1vaj\u00edc\u00edch ob\u011btech ohni, strom\u016fm, had\u016fm a dal\u0161\u00edm svat\u00fdm p\u0159edm\u011bt\u016fm se m\u00edsty dochovaly a\u017e do 18. stolet\u00ed.<\/p><p>V 19. a 20. stolet\u00ed se n\u00e1bo\u017eensk\u00fd tlak spojil s jazykov\u00fdm a kulturn\u00edm \u00fatlakem, pod carskou a pozd\u011bji sov\u011btskou vl\u00e1dou byly litevsk\u00fd a loty\u0161sk\u00fd jazyk a kultura po ur\u010dit\u00e1 obdob\u00ed siln\u011b omezov\u00e1ny.<\/p><p>Od konce 20. stolet\u00ed, zejm\u00e9na po znovunabyt\u00ed nez\u00e1vislosti Litvy a Loty\u0161ska v letech 1990 a 1991, je patrn\u00fd nov\u00fd z\u00e1jem o p\u0159edk\u0159es\u0165anskou <span class=\"iwg-fachbegriff\" data-tooltip=\"P\u0159ed\u00e1v\u00e1n\u00ed v\u011bd\u011bn\u00ed a vypr\u00e1v\u011bn\u00ed mezi generacemi.\" tabindex=\"0\">tradici<\/span>. Projevuje se v novopohansk\u00e9m hnut\u00ed Romuva v Litv\u011b, kter\u00e9 v roce 2015 pro\u0161lo \u00fa\u0159edn\u00edm procesem uzn\u00e1n\u00ed, a v hnut\u00ed Dievtur\u012bba v Loty\u0161sku, je\u017e vzniklo ji\u017e v meziv\u00e1le\u010dn\u00e9m obdob\u00ed.<\/p><p>Tento z\u00e1jem je viditeln\u00fd tak\u00e9 v udr\u017eov\u00e1n\u00ed dain, na festivalech lidov\u00fdch p\u00edsn\u00ed, kter\u00e9 jsou za\u0159azeny na Reprezentativn\u00edm seznamu nemateri\u00e1ln\u00edho kulturn\u00edho d\u011bdictv\u00ed UNESCO, a v rostouc\u00edm akademick\u00e9m i um\u011bleck\u00e9m zpracov\u00e1n\u00ed p\u0159edk\u0159es\u0165ansk\u00fdch motiv\u016f.<\/p><p>O \u0161irok\u00e9m obrozen\u00ed star\u00e9 religie jako \u017eit\u00e9 v\u011bt\u0161inov\u00e9 praxe v\u0161ak mluvit nelze. V\u011bt\u0161ina Litevc\u016f a Loty\u0161\u016f je konfesn\u011b k\u0159es\u0165ansk\u00e1, a z\u00e1jem o p\u0159edk\u0159es\u0165anskou minulost je p\u0159edev\u0161\u00edm z\u00e1le\u017eitost\u00ed kulturn\u00edho sebeuv\u011bdom\u011bn\u00ed a historick\u00e9ho zpracov\u00e1n\u00ed.<\/p>\t\t\t\t\t\t\t\t<\/div>\n\t\t\t\t\t<\/div>\n\t\t\t\t<\/div>\n\t\t\t\t\t<\/div>\n\t\t\t\t<\/div>\n\t\t<div class=\"elementor-element elementor-element-iwgha-sami-sec e-flex e-con-boxed e-con e-parent\" data-id=\"iwgha-sami-sec\" data-element_type=\"container\" data-e-type=\"container\">\n\t\t\t\t\t<div class=\"e-con-inner\">\n\t\t\t\t<div class=\"elementor-element elementor-element-iwgha-sami-h elementor-widget elementor-widget-heading\" data-id=\"iwgha-sami-h\" data-element_type=\"widget\" data-e-type=\"widget\" data-widget_type=\"heading.default\">\n\t\t\t\t\t<h2 class=\"elementor-heading-title elementor-size-default\">Bytosti t\u00e9to tradice (9)<\/h2>\t\t\t\t<\/div>\n\t\t<div class=\"elementor-element elementor-element-iwgha-sami-gc e-flex e-con-boxed e-con e-parent\" data-id=\"iwgha-sami-gc\" data-element_type=\"container\" data-e-type=\"container\">\n\t\t\t\t\t<div class=\"e-con-inner\">\n\t\t\t\t<div class=\"elementor-element elementor-element-iwgha-sami-grid elementor-widget elementor-widget-text-editor\" data-id=\"iwgha-sami-grid\" data-element_type=\"widget\" data-e-type=\"widget\" data-widget_type=\"text-editor.default\">\n\t\t\t\t\t\t\t\t\t<div class=\"iwg-wesen-grid\"><a class=\"iwg-wesen-card\" href=\"https:\/\/iwell-guard.com\/cs\/meza-mate\/\" aria-label=\"Me\u017ea m\u0101te\"><div class=\"iwg-wesen-card-imgwrap\"><img decoding=\"async\" src=\"https:\/\/iwell-guard.com\/wp-content\/uploads\/2026\/07\/goetter_baltikum_meza-mate-200x300.webp\" alt=\"Me\u017ea m\u0101te\" loading=\"lazy\"><\/div><div class=\"iwg-wesen-card-body\"><div class=\"iwg-wesen-card-name\">Me\u017ea m\u0101te<\/div><div class=\"iwg-wesen-card-arrow\">\u2192 K bytosti<\/div><\/div><\/a><a class=\"iwg-wesen-card\" href=\"https:\/\/iwell-guard.com\/cs\/medeina\/\" aria-label=\"Medeina\"><div class=\"iwg-wesen-card-imgwrap\"><img decoding=\"async\" src=\"https:\/\/iwell-guard.com\/wp-content\/uploads\/2026\/07\/goetter_baltikum_medeina-200x300.webp\" alt=\"Medeina\" loading=\"lazy\"><\/div><div class=\"iwg-wesen-card-body\"><div class=\"iwg-wesen-card-name\">Medeina<\/div><div class=\"iwg-wesen-card-arrow\">\u2192 K bytosti<\/div><\/div><\/a><a class=\"iwg-wesen-card\" href=\"https:\/\/iwell-guard.com\/cs\/jagaubis\/\" aria-label=\"Jagaubis\"><div class=\"iwg-wesen-card-imgwrap\"><img decoding=\"async\" src=\"https:\/\/iwell-guard.com\/wp-content\/uploads\/2026\/07\/geister_baltisch_jagaubis-200x300.webp\" alt=\"Jagaubis\" loading=\"lazy\"><\/div><div class=\"iwg-wesen-card-body\"><div class=\"iwg-wesen-card-name\">Jagaubis<\/div><div class=\"iwg-wesen-card-arrow\">\u2192 K bytosti<\/div><\/div><\/a><a class=\"iwg-wesen-card\" href=\"https:\/\/iwell-guard.com\/cs\/gabija\/\" aria-label=\"Gabija\"><div class=\"iwg-wesen-card-imgwrap\"><img decoding=\"async\" src=\"https:\/\/iwell-guard.com\/wp-content\/uploads\/2026\/07\/goetter_baltisch_gabija-200x300.webp\" alt=\"Gabija\" loading=\"lazy\"><\/div><div class=\"iwg-wesen-card-body\"><div class=\"iwg-wesen-card-name\">Gabija<\/div><div class=\"iwg-wesen-card-arrow\">\u2192 K bytosti<\/div><\/div><\/a><a class=\"iwg-wesen-card\" href=\"https:\/\/iwell-guard.com\/cs\/vejopatis\/\" aria-label=\"Vejopatis\"><div class=\"iwg-wesen-card-imgwrap\"><img decoding=\"async\" src=\"https:\/\/iwell-guard.com\/wp-content\/uploads\/2026\/07\/goetter_baltisch_vejopatis-200x300.webp\" alt=\"Vejopatis\" loading=\"lazy\"><\/div><div class=\"iwg-wesen-card-body\"><div class=\"iwg-wesen-card-name\">Vejopatis<\/div><div class=\"iwg-wesen-card-arrow\">\u2192 K bytosti<\/div><\/div><\/a><a class=\"iwg-wesen-card\" href=\"https:\/\/iwell-guard.com\/cs\/zaltys\/\" aria-label=\"\u017daltys\"><div class=\"iwg-wesen-card-imgwrap\"><img decoding=\"async\" src=\"https:\/\/iwell-guard.com\/wp-content\/uploads\/2026\/07\/geister_baltisch_zaltys-200x300.webp\" alt=\"\u017daltys\" loading=\"lazy\"><\/div><div class=\"iwg-wesen-card-body\"><div class=\"iwg-wesen-card-name\">\u017daltys<\/div><div class=\"iwg-wesen-card-arrow\">\u2192 K bytosti<\/div><\/div><\/a><a class=\"iwg-wesen-card\" href=\"https:\/\/iwell-guard.com\/cs\/majas-gars\/\" aria-label=\"M\u0101jas gars\"><div class=\"iwg-wesen-card-imgwrap\"><img decoding=\"async\" src=\"https:\/\/iwell-guard.com\/wp-content\/uploads\/2026\/07\/geister_baltisch_majas-gars-200x300.webp\" alt=\"M\u0101jas gars\" loading=\"lazy\"><\/div><div class=\"iwg-wesen-card-body\"><div class=\"iwg-wesen-card-name\">M\u0101jas gars<\/div><div class=\"iwg-wesen-card-arrow\">\u2192 K bytosti<\/div><\/div><\/a><a class=\"iwg-wesen-card\" href=\"https:\/\/iwell-guard.com\/cs\/kaukas\/\" aria-label=\"Kaukas\"><div class=\"iwg-wesen-card-imgwrap\"><img decoding=\"async\" src=\"https:\/\/iwell-guard.com\/wp-content\/uploads\/2026\/07\/geister_baltisch_kaukas-200x300.webp\" alt=\"Kaukas\" loading=\"lazy\"><\/div><div class=\"iwg-wesen-card-body\"><div class=\"iwg-wesen-card-name\">Kaukas<\/div><div class=\"iwg-wesen-card-arrow\">\u2192 K bytosti<\/div><\/div><\/a><a class=\"iwg-wesen-card\" href=\"https:\/\/iwell-guard.com\/cs\/aitvaras\/\" aria-label=\"Aitvaras\"><div class=\"iwg-wesen-card-imgwrap\"><img decoding=\"async\" src=\"https:\/\/iwell-guard.com\/wp-content\/uploads\/2026\/07\/geister_baltisch_aitvaras-200x300.webp\" alt=\"Aitvaras\" loading=\"lazy\"><\/div><div class=\"iwg-wesen-card-body\"><div class=\"iwg-wesen-card-name\">Aitvaras<\/div><div class=\"iwg-wesen-card-arrow\">\u2192 K bytosti<\/div><\/div><\/a><\/div>\t\t\t\t\t\t\t\t<\/div>\n\t\t\t\t\t<\/div>\n\t\t\t\t<\/div>\n\t\t\t\t\t<\/div>\n\t\t\t\t<\/div>\n\t\t<div class=\"elementor-element elementor-element-iwgkw2-add-sami e-flex e-con-boxed e-con e-parent\" data-id=\"iwgkw2-add-sami\" data-element_type=\"container\" data-e-type=\"container\">\n\t\t\t\t\t<div class=\"e-con-inner\">\n\t\t\t\t<div class=\"elementor-element elementor-element-iwgkw2-add-sami-t elementor-widget elementor-widget-text-editor\" data-id=\"iwgkw2-add-sami-t\" data-element_type=\"widget\" data-e-type=\"widget\" data-widget_type=\"text-editor.default\">\n\t\t\t\t\t\t\t\t\t<p>Litevsko-loty\u0161sk\u00fd <em>kult ohn\u011b Gabija<\/em> spojuje dom\u00e1c\u00ed ohni\u0161t\u011b, ob\u011btiny a z\u00e1sady \u010distoty do sv\u00e9bytn\u00e9 ochrann\u00e9 praxe pro d\u016fm a rodinu, zat\u00edmco <em>dom\u00e1c\u00ed had \u017daltys<\/em> platil jako \u017eiv\u00e9 ochrann\u00e9 zv\u00ed\u0159e pro blahobyt a bezpe\u010d\u00ed dvora i dobytka.<\/p>\t\t\t\t\t\t\t\t<\/div>\n\t\t\t\t\t<\/div>\n\t\t\t\t<\/div>\n\t\t<div class=\"elementor-element elementor-element-iwgcn-sami-kwd e-flex e-con-boxed e-con e-parent\" data-id=\"iwgcn-sami-kwd\" data-element_type=\"container\" data-e-type=\"container\">\n\t\t\t\t\t<div class=\"e-con-inner\">\n\t\t<div class=\"elementor-element elementor-element-iwgcn-sami-kwd-c e-con-full e-flex e-con e-child\" data-id=\"iwgcn-sami-kwd-c\" data-element_type=\"container\" data-e-type=\"container\">\n\t\t\t\t<div class=\"elementor-element elementor-element-iwgcn-sami-kwdt elementor-widget elementor-widget-text-editor\" data-id=\"iwgcn-sami-kwdt\" data-element_type=\"widget\" data-e-type=\"widget\" data-widget_type=\"text-editor.default\">\n\t\t\t\t\t\t\t\t\t<p><em>Souvisej\u00edc\u00ed kl\u00ed\u010dov\u00e9 pojmy: Perk\u016bnas P\u0113rkons Dievas Dievs Laima Saul\u0117 Gabija Zaltys Dainas Litva Loty\u0161sko.<\/em><\/p>\t\t\t\t\t\t\t\t<\/div>\n\t\t\t\t<\/div>\n\t\t\t\t\t<\/div>\n\t\t\t\t<\/div>\n\t\t<div class=\"elementor-element elementor-element-iwgcn-sami-cc e-flex e-con-boxed e-con e-parent\" data-id=\"iwgcn-sami-cc\" data-element_type=\"container\" data-e-type=\"container\" id=\"iwg-cc-sami\">\n\t\t\t\t\t<div class=\"e-con-inner\">\n\t\t<div class=\"elementor-element elementor-element-iwgcn-sami-ccinner e-flex e-con-boxed e-con e-parent\" data-id=\"iwgcn-sami-ccinner\" data-element_type=\"container\" data-e-type=\"container\" data-settings=\"{&quot;background_background&quot;:&quot;classic&quot;}\">\n\t\t\t\t\t<div class=\"e-con-inner\">\n\t\t\t\t<div class=\"elementor-element elementor-element-iwgcn-sami-cch elementor-widget elementor-widget-heading\" data-id=\"iwgcn-sami-cch\" data-element_type=\"widget\" data-e-type=\"widget\" data-widget_type=\"heading.default\">\n\t\t\t\t\t<h2 class=\"elementor-heading-title elementor-size-default\">Ochrann\u00e9 p\u0159edm\u011bty v t\u00e9to kulturn\u00ed tradici<\/h2>\t\t\t\t<\/div>\n\t\t\t\t<div class=\"elementor-element elementor-element-iwgcn-sami-cct elementor-widget elementor-widget-text-editor\" data-id=\"iwgcn-sami-cct\" data-element_type=\"widget\" data-e-type=\"widget\" data-widget_type=\"text-editor.default\">\n\t\t\t\t\t\t\t\t\t<p>Baltsk\u00e1 tradice zn\u00e1 pe\u010dliv\u011b udr\u017eovan\u00e9 dom\u00e1c\u00ed ohni\u0161t\u011b Gabije, ml\u00e9kem krmen\u00e9ho dom\u00e1c\u00edho hada \u017daltyse jako \u017eiv\u00e9 ochrann\u00e9 zv\u00ed\u0159e a ambivalentn\u00ed dom\u00e1c\u00ed duchy jako Kaukas a ohniv\u00e9ho Aitvarase, kte\u0159\u00ed p\u0159in\u00e1\u0161ej\u00ed blahobyt, av\u0161ak p\u0159i zanedb\u00e1n\u00ed i ne\u0161t\u011bst\u00ed; p\u0159enosn\u00e9 amulety jsou v pramenech dosv\u011bd\u010deny m\u00e9n\u011b \u010dasto ne\u017e tyto na d\u016fm a dv\u016fr v\u00e1zan\u00e9 formy ochrany, srovnateln\u00e9 nanejv\u00fd\u0161 s <a href=\"https:\/\/iwell-guard.com\/cs\/zelezo-a-chladne-zelezo\/\">\u017eelezem<\/a> nebo <a href=\"https:\/\/iwell-guard.com\/cs\/schutzsacek-a-breverl\/\">ochrann\u00fdmi s\u00e1\u010dky<\/a> jin\u00fdch kultur. P\u0159ehled ochrann\u00fdch p\u0159edm\u011bt\u016f r\u016fzn\u00fdch tradic nab\u00edz\u00ed <a href=\"https:\/\/iwell-guard.com\/cs\/kompas-ochrany\/\">Schutz-Kompass<\/a>.<\/p><div data-nosnippet=\"true\"><p>iWell Guard se \u0159ad\u00ed do t\u00e9to kulturn\u011b-historick\u00e9 linie nositeln\u00fdch ochrann\u00fdch p\u0159edm\u011bt\u016f, v soudob\u00e9 materi\u00e1lov\u00e9 architektu\u0159e, vyrobeno v N\u011bmecku. 41 vrstev, ryz\u00ed zlato, platina, st\u0159\u00edbro. 30denn\u00ed pr\u00e1vo na vr\u00e1cen\u00ed.<\/p><\/div>\t\t\t\t\t\t\t\t<\/div>\n\t\t\t\t<div class=\"elementor-element elementor-element-iwgcn-sami-ccb iwg-cc-button iwg-cc-cta-2026-05-13 elementor-widget elementor-widget-jet-button\" data-id=\"iwgcn-sami-ccb\" data-element_type=\"widget\" data-e-type=\"widget\" data-widget_type=\"jet-button.default\">\n\t\t\t\t<div class=\"elementor-widget-container\">\n\t\t\t\t\t<div class=\"elementor-jet-button jet-elements\"><div class=\"jet-button__container\"><a class=\"jet-button__instance jet-button__instance--icon-left hover-effect-1\" href=\"\/ueber-iwell-guard\/?utm_source=iwell-guard.com&amp;utm_medium=info-box&amp;utm_campaign=kultur-tradition\"><div class=\"jet-button__plane jet-button__plane-normal\"><\/div><div class=\"jet-button__plane jet-button__plane-hover\"><\/div><div class=\"jet-button__state jet-button__state-normal\"><span class=\"jet-button__label\">V\u00edce o iWell Guard<\/span><\/div><div class=\"jet-button__state jet-button__state-hover\"><span class=\"jet-button__label\">V\u00edce o iWell Guard<\/span><\/div><\/a><\/div><\/div><style>.elementor-element.elementor-element-iwgcn-sami-ccb .jet-button__instance{width:320px;height:56px;}.elementor-element.elementor-element-iwgcn-sami-ccb .jet-button__state-normal .jet-button__label{text-align:center;margin:0px 0px 0px 0px;color:#1a1b20;font-family:Montserrat,sans-serif;font-size:13px;font-weight:400;letter-spacing:4px;line-height:1.714em;text-transform:uppercase;}.elementor-element.elementor-element-iwgcn-sami-ccb .jet-button__state-hover .jet-button__label{text-align:center;margin:0px 0px 0px 0px;color:#FECC76;font-family:Montserrat,sans-serif;font-size:13px;font-weight:400;letter-spacing:4px;line-height:1.714em;text-transform:uppercase;}.elementor-element.elementor-element-iwgcn-sami-ccb .jet-button__plane-normal{background-color:#FECC76;border-style:solid;border-color:#C99540;border-width:2px 2px 2px 2px;}.elementor-element.elementor-element-iwgcn-sami-ccb .jet-button__plane-hover{background-color:rgba(0,0,0,0.55);border-style:solid;border-color:#FECC76;border-width:2px 2px 2px 2px;}<\/style>\t\t\t\t<\/div>\n\t\t\t\t<\/div>\n\t\t\t\t<div class=\"elementor-element elementor-element-iwgcn-sami-ccd elementor-widget elementor-widget-text-editor\" data-id=\"iwgcn-sami-ccd\" data-element_type=\"widget\" data-e-type=\"widget\" data-widget_type=\"text-editor.default\">\n\t\t\t\t\t\t\t\t\t<div data-nosnippet=\"true\"><p style=\"text-align:center;font-size:13px;opacity:0.7;margin-top:14px\" data-nosnippet=\"true\">Osobn\u00ed zku\u0161enosti se mohou li\u0161it. Nejedn\u00e1 se o zdravotnick\u00fd prost\u0159edek. Nen\u00ed slibem l\u00e9\u010div\u00e9ho \u00fa\u010dinku.<\/p><\/div>\t\t\t\t\t\t\t\t<\/div>\n\t\t\t\t\t<\/div>\n\t\t\t\t<\/div>\n\t\t\t\t\t<\/div>\n\t\t\t\t<\/div>\n\t\t<div class=\"elementor-element elementor-element-iwgcn-sami-disc e-flex e-con-boxed e-con e-parent\" data-id=\"iwgcn-sami-disc\" data-element_type=\"container\" data-e-type=\"container\">\n\t\t\t\t\t<div class=\"e-con-inner\">\n\t\t\t\t<div class=\"elementor-element elementor-element-iwgcn-sami-discw elementor-widget elementor-widget-html\" data-id=\"iwgcn-sami-discw\" data-element_type=\"widget\" data-e-type=\"widget\" data-widget_type=\"html.default\">\n\t\t\t\t\t<footer data-nosnippet=\"true\" class=\"iwg-disclaimer-block\"><p data-nosnippet=\"true\">iWell Guard <strong>nen\u00ed zdravotnick\u00fd prost\u0159edek<\/strong> a nenahrazuje l\u00e9ka\u0159skou ani psychoterapeutickou l\u00e9\u010dbu. Religionistick\u00fd obsah p\u0159edstavuje kulturn\u011b-historick\u00e9 za\u0159azen\u00ed, nikoli doporu\u010den\u00ed duchovn\u00ed praxe.<\/p><\/footer>\t\t\t\t<\/div>\n\t\t\t\t\t<\/div>\n\t\t\t\t<\/div>\n\t\t\t\t<\/div>\n\t\t","protected":false},"excerpt":{"rendered":"","protected":false},"author":3,"featured_media":20404,"parent":0,"menu_order":0,"comment_status":"closed","ping_status":"closed","template":"elementor_header_footer","meta":{"_yoast_wpseo_focuskw":"baltsk\u00e1 mytologie","_yoast_wpseo_title":"Baltsk\u00e1 mytologie: bohov\u00e9 Litvy a Loty\u0161ska","_yoast_wpseo_metadesc":"Perk\u016bnas, Gabija a dom\u00e1c\u00ed had\u00ed b\u016fh \u017daltys: baltsk\u00e1 mytologie Litvy a Loty\u0161ska vysv\u011btlen\u00e1 s religionistickou p\u0159esnost\u00ed.","_yoast_wpseo_meta-robots-noindex":"","_yoast_wpseo_canonical":"","_angie_page":false,"gefaehrdungsstufe":"","wesen_kultur":"","wesen_klasse":"","footnotes":""},"categories":[],"class_list":["post-146383","page","type-page","status-publish","has-post-thumbnail","hentry"],"yoast_head":"<!-- This site is optimized with the Yoast SEO Premium plugin v27.7 (Yoast SEO v28.3) - https:\/\/yoast.com\/product\/yoast-seo-premium-wordpress\/ -->\n<title>Baltsk\u00e1 mytologie: bohov\u00e9 Litvy a Loty\u0161ska<\/title>\n<meta name=\"description\" content=\"Perk\u016bnas, Gabija a dom\u00e1c\u00ed had\u00ed b\u016fh \u017daltys: baltsk\u00e1 mytologie Litvy a Loty\u0161ska vysv\u011btlen\u00e1 s religionistickou p\u0159esnost\u00ed.\" \/>\n<meta name=\"robots\" content=\"index, follow, max-snippet:-1, max-image-preview:large, max-video-preview:-1\" \/>\n<link rel=\"canonical\" href=\"https:\/\/iwell-guard.com\/cs\/baltska-mytologie\/\" \/>\n<meta property=\"og:locale\" content=\"cs_CZ\" \/>\n<meta property=\"og:type\" content=\"article\" \/>\n<meta property=\"og:title\" content=\"Baltsk\u00e1 mytologie\" \/>\n<meta property=\"og:description\" content=\"Perk\u016bnas, Gabija a dom\u00e1c\u00ed had\u00ed b\u016fh \u017daltys: baltsk\u00e1 mytologie Litvy a Loty\u0161ska vysv\u011btlen\u00e1 s religionistickou p\u0159esnost\u00ed.\" \/>\n<meta property=\"og:url\" content=\"https:\/\/iwell-guard.com\/cs\/baltska-mytologie\/\" \/>\n<meta property=\"og:site_name\" content=\"iWell Guard\" \/>\n<meta property=\"article:modified_time\" content=\"2026-09-03T17:21:55+00:00\" \/>\n<meta property=\"og:image\" content=\"https:\/\/iwell-guard.com\/wp-content\/uploads\/2026\/07\/goetter_baltikum_medeina.webp\" \/>\n\t<meta property=\"og:image:width\" content=\"1024\" \/>\n\t<meta property=\"og:image:height\" content=\"1536\" \/>\n\t<meta property=\"og:image:type\" content=\"image\/webp\" \/>\n<meta name=\"twitter:card\" content=\"summary_large_image\" \/>\n<script type=\"application\/ld+json\" class=\"yoast-schema-graph\">{\"@context\":\"https:\\\/\\\/schema.org\",\"@graph\":[{\"@type\":\"WebPage\",\"@id\":\"https:\\\/\\\/iwell-guard.com\\\/cs\\\/baltska-mytologie\\\/\",\"url\":\"https:\\\/\\\/iwell-guard.com\\\/cs\\\/baltska-mytologie\\\/\",\"name\":\"Baltsk\u00e1 mytologie: bohov\u00e9 Litvy a Loty\u0161ska\",\"isPartOf\":{\"@id\":\"https:\\\/\\\/iwell-guard.com\\\/cs\\\/#website\"},\"primaryImageOfPage\":{\"@id\":\"https:\\\/\\\/iwell-guard.com\\\/cs\\\/baltska-mytologie\\\/#primaryimage\"},\"image\":{\"@id\":\"https:\\\/\\\/iwell-guard.com\\\/cs\\\/baltska-mytologie\\\/#primaryimage\"},\"thumbnailUrl\":\"https:\\\/\\\/iwell-guard.com\\\/wp-content\\\/uploads\\\/2026\\\/07\\\/goetter_baltikum_medeina.webp\",\"datePublished\":\"2026-09-03T16:46:34+00:00\",\"dateModified\":\"2026-09-03T17:21:55+00:00\",\"description\":\"Perk\u016bnas, Gabija a dom\u00e1c\u00ed had\u00ed b\u016fh \u017daltys: baltsk\u00e1 mytologie Litvy a Loty\u0161ska vysv\u011btlen\u00e1 s religionistickou p\u0159esnost\u00ed.\",\"breadcrumb\":{\"@id\":\"https:\\\/\\\/iwell-guard.com\\\/cs\\\/baltska-mytologie\\\/#breadcrumb\"},\"inLanguage\":\"cs\",\"potentialAction\":[{\"@type\":\"ReadAction\",\"target\":[\"https:\\\/\\\/iwell-guard.com\\\/cs\\\/baltska-mytologie\\\/\"]}]},{\"@type\":\"ImageObject\",\"inLanguage\":\"cs\",\"@id\":\"https:\\\/\\\/iwell-guard.com\\\/cs\\\/baltska-mytologie\\\/#primaryimage\",\"url\":\"https:\\\/\\\/iwell-guard.com\\\/wp-content\\\/uploads\\\/2026\\\/07\\\/goetter_baltikum_medeina.webp\",\"contentUrl\":\"https:\\\/\\\/iwell-guard.com\\\/wp-content\\\/uploads\\\/2026\\\/07\\\/goetter_baltikum_medeina.webp\",\"width\":1024,\"height\":1536,\"caption\":\"Medeina, bohyn\u011b baltsk\u00e9 tradice\"},{\"@type\":\"BreadcrumbList\",\"@id\":\"https:\\\/\\\/iwell-guard.com\\\/cs\\\/baltska-mytologie\\\/#breadcrumb\",\"itemListElement\":[{\"@type\":\"ListItem\",\"position\":1,\"name\":\"Start\",\"item\":\"https:\\\/\\\/iwell-guard.com\\\/cs\\\/?page_id=145107\"},{\"@type\":\"ListItem\",\"position\":2,\"name\":\"Baltsk\u00e1 mytologie\"}]},{\"@type\":\"WebSite\",\"@id\":\"https:\\\/\\\/iwell-guard.com\\\/cs\\\/#website\",\"url\":\"https:\\\/\\\/iwell-guard.com\\\/cs\\\/\",\"name\":\"iWell Guard\",\"description\":\"Schutz vor dunklen Einfl\u00fcssen\",\"publisher\":{\"@id\":\"https:\\\/\\\/iwell-guard.com\\\/cs\\\/#organization\"},\"potentialAction\":[{\"@type\":\"SearchAction\",\"target\":{\"@type\":\"EntryPoint\",\"urlTemplate\":\"https:\\\/\\\/iwell-guard.com\\\/cs\\\/?s={search_term_string}\"},\"query-input\":{\"@type\":\"PropertyValueSpecification\",\"valueRequired\":true,\"valueName\":\"search_term_string\"}}],\"inLanguage\":\"cs\"},{\"@type\":\"Organization\",\"@id\":\"https:\\\/\\\/iwell-guard.com\\\/cs\\\/#organization\",\"name\":\"Ittermann electronic GmbH\",\"url\":\"https:\\\/\\\/iwell-guard.com\\\/cs\\\/\",\"logo\":{\"@type\":\"ImageObject\",\"inLanguage\":\"cs\",\"@id\":\"https:\\\/\\\/iwell-guard.com\\\/cs\\\/#\\\/schema\\\/logo\\\/image\\\/\",\"url\":\"https:\\\/\\\/iwell-guard.com\\\/wp-content\\\/uploads\\\/2026\\\/05\\\/Ittermann-Logo-1182x237-1.png\",\"contentUrl\":\"https:\\\/\\\/iwell-guard.com\\\/wp-content\\\/uploads\\\/2026\\\/05\\\/Ittermann-Logo-1182x237-1.png\",\"width\":1182,\"height\":237,\"caption\":\"Ittermann electronic GmbH\"},\"image\":{\"@id\":\"https:\\\/\\\/iwell-guard.com\\\/cs\\\/#\\\/schema\\\/logo\\\/image\\\/\"},\"sameAs\":[\"https:\\\/\\\/pantip.com\\\/profile\\\/9367242\",\"https:\\\/\\\/micro.blog\\\/iwellguard\",\"https:\\\/\\\/www.diggerslist.com\\\/iwellguard\\\/about\",\"https:\\\/\\\/skitterphoto.com\\\/photographers\\\/2870314\\\/iwell-guard\",\"https:\\\/\\\/iwellguard.wordpress.com\\\/2026\\\/06\\\/06\\\/iwell-guard\\\/\",\"https:\\\/\\\/hub.docker.com\\\/u\\\/iwellguard\",\"https:\\\/\\\/www.pinterest.com\\\/iwellguard\\\/\",\"https:\\\/\\\/bit.ly\\\/m\\\/iwellguard\",\"https:\\\/\\\/entre-vos-mains.alsace.eu\\\/profiles\\\/iwellguard\\\/activity\",\"https:\\\/\\\/gravatar.com\\\/reallybeded8fd34\",\"https:\\\/\\\/naijamatta.com\\\/iwellguard\",\"https:\\\/\\\/www.goodreads.com\\\/iwellguard\",\"https:\\\/\\\/profile.hatena.ne.jp\\\/iwellguard\\\/\",\"https:\\\/\\\/experiment.com\\\/users\\\/iwellguard\",\"https:\\\/\\\/wakelet.com\\\/@iWellGuard82270\",\"https:\\\/\\\/www.chordie.com\\\/forum\\\/profile.php?id=2555664\",\"https:\\\/\\\/www.instapaper.com\\\/p\\\/17757966\",\"https:\\\/\\\/www.mapleprimes.com\\\/users\\\/iwellguard\",\"https:\\\/\\\/businesslistingplus.com\\\/profile\\\/iwell-guard\\\/\",\"https:\\\/\\\/telegra.ph\\\/iWell-Guard-06-06\",\"https:\\\/\\\/pbase.com\\\/iwellguard\\\/iwellguard\",\"https:\\\/\\\/b.hatena.ne.jp\\\/iwellguard\\\/20260607#bookmark-4788405196491818882\",\"https:\\\/\\\/fliphtml5.com\\\/home\\\/iwellguard\",\"https:\\\/\\\/anyflip.com\\\/homepage\\\/cmiwl#About\",\"https:\\\/\\\/transfur.com\\\/Users\\\/iwellguard\",\"http:\\\/\\\/delphi.larsbo.org\\\/user\\\/iwellguard\",\"https:\\\/\\\/jobs.lajobsportal.org\\\/profiles\\\/8380803-iwell-guard\",\"https:\\\/\\\/md.chaosdorf.de\\\/s\\\/jfbe5SBdJD\",\"https:\\\/\\\/www.lingvolive.com\\\/en-us\\\/profile\\\/9ecaeaca-ce11-4e51-9e71-01d55e2bff36\\\/translations\",\"https:\\\/\\\/www.fitday.com\\\/fitness\\\/forums\\\/members\\\/iwellguard.html\",\"https:\\\/\\\/www.mymeetbook.com\\\/iwellguard\",\"https:\\\/\\\/pxhere.com\\\/en\\\/photographer-me\\\/5040798\",\"https:\\\/\\\/disqus.com\\\/by\\\/iwellguard\\\/about\\\/\",\"https:\\\/\\\/pastelink.net\\\/hjwciqwq\",\"https:\\\/\\\/pubhtml5.com\\\/homepage\\\/scjhn\\\/\",\"https:\\\/\\\/www.bitchute.com\\\/channel\\\/2O2eOKzNqujT\",\"https:\\\/\\\/audiomack.com\\\/iwellguard\"]}]}<\/script>\n<!-- \/ Yoast SEO Premium plugin. -->","yoast_head_json":{"title":"Baltsk\u00e1 mytologie: bohov\u00e9 Litvy a Loty\u0161ska","description":"Perk\u016bnas, Gabija a dom\u00e1c\u00ed had\u00ed b\u016fh \u017daltys: baltsk\u00e1 mytologie Litvy a Loty\u0161ska vysv\u011btlen\u00e1 s religionistickou p\u0159esnost\u00ed.","robots":{"index":"index","follow":"follow","max-snippet":"max-snippet:-1","max-image-preview":"max-image-preview:large","max-video-preview":"max-video-preview:-1"},"canonical":"https:\/\/iwell-guard.com\/cs\/baltska-mytologie\/","og_locale":"cs_CZ","og_type":"article","og_title":"Baltsk\u00e1 mytologie","og_description":"Perk\u016bnas, Gabija a dom\u00e1c\u00ed had\u00ed b\u016fh \u017daltys: baltsk\u00e1 mytologie Litvy a Loty\u0161ska vysv\u011btlen\u00e1 s religionistickou p\u0159esnost\u00ed.","og_url":"https:\/\/iwell-guard.com\/cs\/baltska-mytologie\/","og_site_name":"iWell Guard","article_modified_time":"2026-09-03T17:21:55+00:00","og_image":[{"width":1024,"height":1536,"url":"https:\/\/iwell-guard.com\/wp-content\/uploads\/2026\/07\/goetter_baltikum_medeina.webp","type":"image\/webp"}],"twitter_card":"summary_large_image","schema":{"@context":"https:\/\/schema.org","@graph":[{"@type":"WebPage","@id":"https:\/\/iwell-guard.com\/cs\/baltska-mytologie\/","url":"https:\/\/iwell-guard.com\/cs\/baltska-mytologie\/","name":"Baltsk\u00e1 mytologie: bohov\u00e9 Litvy a Loty\u0161ska","isPartOf":{"@id":"https:\/\/iwell-guard.com\/cs\/#website"},"primaryImageOfPage":{"@id":"https:\/\/iwell-guard.com\/cs\/baltska-mytologie\/#primaryimage"},"image":{"@id":"https:\/\/iwell-guard.com\/cs\/baltska-mytologie\/#primaryimage"},"thumbnailUrl":"https:\/\/iwell-guard.com\/wp-content\/uploads\/2026\/07\/goetter_baltikum_medeina.webp","datePublished":"2026-09-03T16:46:34+00:00","dateModified":"2026-09-03T17:21:55+00:00","description":"Perk\u016bnas, Gabija a dom\u00e1c\u00ed had\u00ed b\u016fh \u017daltys: baltsk\u00e1 mytologie Litvy a Loty\u0161ska vysv\u011btlen\u00e1 s religionistickou p\u0159esnost\u00ed.","breadcrumb":{"@id":"https:\/\/iwell-guard.com\/cs\/baltska-mytologie\/#breadcrumb"},"inLanguage":"cs","potentialAction":[{"@type":"ReadAction","target":["https:\/\/iwell-guard.com\/cs\/baltska-mytologie\/"]}]},{"@type":"ImageObject","inLanguage":"cs","@id":"https:\/\/iwell-guard.com\/cs\/baltska-mytologie\/#primaryimage","url":"https:\/\/iwell-guard.com\/wp-content\/uploads\/2026\/07\/goetter_baltikum_medeina.webp","contentUrl":"https:\/\/iwell-guard.com\/wp-content\/uploads\/2026\/07\/goetter_baltikum_medeina.webp","width":1024,"height":1536,"caption":"Medeina, bohyn\u011b baltsk\u00e9 tradice"},{"@type":"BreadcrumbList","@id":"https:\/\/iwell-guard.com\/cs\/baltska-mytologie\/#breadcrumb","itemListElement":[{"@type":"ListItem","position":1,"name":"Start","item":"https:\/\/iwell-guard.com\/cs\/?page_id=145107"},{"@type":"ListItem","position":2,"name":"Baltsk\u00e1 mytologie"}]},{"@type":"WebSite","@id":"https:\/\/iwell-guard.com\/cs\/#website","url":"https:\/\/iwell-guard.com\/cs\/","name":"iWell Guard","description":"Schutz vor dunklen Einfl\u00fcssen","publisher":{"@id":"https:\/\/iwell-guard.com\/cs\/#organization"},"potentialAction":[{"@type":"SearchAction","target":{"@type":"EntryPoint","urlTemplate":"https:\/\/iwell-guard.com\/cs\/?s={search_term_string}"},"query-input":{"@type":"PropertyValueSpecification","valueRequired":true,"valueName":"search_term_string"}}],"inLanguage":"cs"},{"@type":"Organization","@id":"https:\/\/iwell-guard.com\/cs\/#organization","name":"Ittermann electronic GmbH","url":"https:\/\/iwell-guard.com\/cs\/","logo":{"@type":"ImageObject","inLanguage":"cs","@id":"https:\/\/iwell-guard.com\/cs\/#\/schema\/logo\/image\/","url":"https:\/\/iwell-guard.com\/wp-content\/uploads\/2026\/05\/Ittermann-Logo-1182x237-1.png","contentUrl":"https:\/\/iwell-guard.com\/wp-content\/uploads\/2026\/05\/Ittermann-Logo-1182x237-1.png","width":1182,"height":237,"caption":"Ittermann electronic GmbH"},"image":{"@id":"https:\/\/iwell-guard.com\/cs\/#\/schema\/logo\/image\/"},"sameAs":["https:\/\/pantip.com\/profile\/9367242","https:\/\/micro.blog\/iwellguard","https:\/\/www.diggerslist.com\/iwellguard\/about","https:\/\/skitterphoto.com\/photographers\/2870314\/iwell-guard","https:\/\/iwellguard.wordpress.com\/2026\/06\/06\/iwell-guard\/","https:\/\/hub.docker.com\/u\/iwellguard","https:\/\/www.pinterest.com\/iwellguard\/","https:\/\/bit.ly\/m\/iwellguard","https:\/\/entre-vos-mains.alsace.eu\/profiles\/iwellguard\/activity","https:\/\/gravatar.com\/reallybeded8fd34","https:\/\/naijamatta.com\/iwellguard","https:\/\/www.goodreads.com\/iwellguard","https:\/\/profile.hatena.ne.jp\/iwellguard\/","https:\/\/experiment.com\/users\/iwellguard","https:\/\/wakelet.com\/@iWellGuard82270","https:\/\/www.chordie.com\/forum\/profile.php?id=2555664","https:\/\/www.instapaper.com\/p\/17757966","https:\/\/www.mapleprimes.com\/users\/iwellguard","https:\/\/businesslistingplus.com\/profile\/iwell-guard\/","https:\/\/telegra.ph\/iWell-Guard-06-06","https:\/\/pbase.com\/iwellguard\/iwellguard","https:\/\/b.hatena.ne.jp\/iwellguard\/20260607#bookmark-4788405196491818882","https:\/\/fliphtml5.com\/home\/iwellguard","https:\/\/anyflip.com\/homepage\/cmiwl#About","https:\/\/transfur.com\/Users\/iwellguard","http:\/\/delphi.larsbo.org\/user\/iwellguard","https:\/\/jobs.lajobsportal.org\/profiles\/8380803-iwell-guard","https:\/\/md.chaosdorf.de\/s\/jfbe5SBdJD","https:\/\/www.lingvolive.com\/en-us\/profile\/9ecaeaca-ce11-4e51-9e71-01d55e2bff36\/translations","https:\/\/www.fitday.com\/fitness\/forums\/members\/iwellguard.html","https:\/\/www.mymeetbook.com\/iwellguard","https:\/\/pxhere.com\/en\/photographer-me\/5040798","https:\/\/disqus.com\/by\/iwellguard\/about\/","https:\/\/pastelink.net\/hjwciqwq","https:\/\/pubhtml5.com\/homepage\/scjhn\/","https:\/\/www.bitchute.com\/channel\/2O2eOKzNqujT","https:\/\/audiomack.com\/iwellguard"]}]}},"_links":{"self":[{"href":"https:\/\/iwell-guard.com\/cs\/wp-json\/wp\/v2\/pages\/146383","targetHints":{"allow":["GET"]}}],"collection":[{"href":"https:\/\/iwell-guard.com\/cs\/wp-json\/wp\/v2\/pages"}],"about":[{"href":"https:\/\/iwell-guard.com\/cs\/wp-json\/wp\/v2\/types\/page"}],"author":[{"embeddable":true,"href":"https:\/\/iwell-guard.com\/cs\/wp-json\/wp\/v2\/users\/3"}],"replies":[{"embeddable":true,"href":"https:\/\/iwell-guard.com\/cs\/wp-json\/wp\/v2\/comments?post=146383"}],"version-history":[{"count":0,"href":"https:\/\/iwell-guard.com\/cs\/wp-json\/wp\/v2\/pages\/146383\/revisions"}],"wp:featuredmedia":[{"embeddable":true,"href":"https:\/\/iwell-guard.com\/cs\/wp-json\/wp\/v2\/media\/20404"}],"wp:attachment":[{"href":"https:\/\/iwell-guard.com\/cs\/wp-json\/wp\/v2\/media?parent=146383"}],"wp:term":[{"taxonomy":"category","embeddable":true,"href":"https:\/\/iwell-guard.com\/cs\/wp-json\/wp\/v2\/categories?post=146383"}],"curies":[{"name":"wp","href":"https:\/\/api.w.org\/{rel}","templated":true}]}}