{"id":146380,"date":"2026-09-03T16:46:32","date_gmt":"2026-09-03T16:46:32","guid":{"rendered":"https:\/\/iwell-guard.com\/?page_id=146380"},"modified":"2026-09-03T17:21:51","modified_gmt":"2026-09-03T17:21:51","slug":"finska-mytologie","status":"publish","type":"page","link":"https:\/\/iwell-guard.com\/cs\/finska-mytologie\/","title":{"rendered":"Finsk\u00e1 mytologie"},"content":{"rendered":"\t\t<div data-elementor-type=\"wp-page\" data-elementor-id=\"146380\" class=\"elementor elementor-146380 elementor-20562 elementor-bc-flex-widget\" data-elementor-post-type=\"page\">\n\t\t\t\t<div class=\"elementor-element elementor-element-iwgcn-sami-hero iwg-kultur-hero e-flex e-con-boxed e-con e-parent\" data-id=\"iwgcn-sami-hero\" data-element_type=\"container\" data-e-type=\"container\">\n\t\t\t\t\t<div class=\"e-con-inner\">\n\t\t<div class=\"elementor-element elementor-element-iwgcn-sami-hl iwg-kultur-hero-left e-flex e-con-boxed e-con e-child\" data-id=\"iwgcn-sami-hl\" data-element_type=\"container\" data-e-type=\"container\">\n\t\t\t\t\t<div class=\"e-con-inner\">\n\t\t\t\t<div class=\"elementor-element elementor-element-iwgcn-sami-h1 elementor-widget elementor-widget-heading\" data-id=\"iwgcn-sami-h1\" data-element_type=\"widget\" data-e-type=\"widget\" data-widget_type=\"heading.default\">\n\t\t\t\t\t<h1 class=\"elementor-heading-title elementor-size-default\">Finsk\u00e1 mytologie, Tapi\u016fv les a vodn\u00ed sv\u011bt Ahtiho<\/h1>\t\t\t\t<\/div>\n\t\t<div class=\"elementor-element elementor-element-iwgcn-sami-leadc e-con-full e-flex e-con e-child\" data-id=\"iwgcn-sami-leadc\" data-element_type=\"container\" data-e-type=\"container\">\n\t\t\t\t<div class=\"elementor-element elementor-element-iwgcn-sami-lead elementor-widget elementor-widget-text-editor\" data-id=\"iwgcn-sami-lead\" data-element_type=\"widget\" data-e-type=\"widget\" data-widget_type=\"text-editor.default\">\n\t\t\t\t\t\t\t\t\t<p>Finsk\u00e1 mytologie se op\u00edr\u00e1 p\u0159edev\u0161\u00edm o \u00fastn\u00ed tradici runov\u00e9ho zp\u011bvu z Karelie, kterou l\u00e9ka\u0159 a jazykov\u011bdec Elias L\u00f6nnrot v 19. stolet\u00ed zpracoval do n\u00e1rodn\u00edho eposu Kalevala. Centr\u00e1ln\u00edmi postavami jsou Tapio, p\u00e1n lesa, a Ahti, p\u00e1n vod, obklopen\u00ed pestr\u00fdm duchovn\u00edm sv\u011btem haltija, kter\u00fd ob\u00fdv\u00e1 domy, saunu i krajinu.<\/p>\n<p class=\"iwg-kwfix\">Mytologie Kalevaly tak spojuje zp\u00edvan\u00e9 p\u0159edk\u0159es\u0165ansk\u00e9 pod\u00e1n\u00ed se dodnes \u017eiv\u00fdm souborem p\u0159edstav o lesn\u00edch, vodn\u00edch a dom\u00e1c\u00edch duch\u00e1ch.<\/p>\t\t\t\t\t\t\t\t<\/div>\n\t\t\t\t<\/div>\n\t\t\t\t\t<\/div>\n\t\t\t\t<\/div>\n\t\t<div class=\"elementor-element elementor-element-iwgcn-sami-hr iwg-kultur-hero-right e-flex e-con-boxed e-con e-child\" data-id=\"iwgcn-sami-hr\" data-element_type=\"container\" data-e-type=\"container\">\n\t\t\t\t\t<div class=\"e-con-inner\">\n\t\t\t\t<div class=\"elementor-element elementor-element-iwgcn-sami-himg iwg-hero-image elementor-widget elementor-widget-image\" data-id=\"iwgcn-sami-himg\" data-element_type=\"widget\" data-e-type=\"widget\" data-widget_type=\"image.default\">\n\t\t\t\t\t\t\t\t\t\t\t\t\t\t\t<img fetchpriority=\"high\" decoding=\"async\" width=\"683\" height=\"1024\" src=\"https:\/\/iwell-guard.com\/wp-content\/uploads\/2026\/05\/goetter_sami_beaivi-683x1024.webp\" class=\"attachment-large size-large wp-image-147295\" alt=\"Beaivi \u2013 bohyn\u011b z tradice S\u00e1m\u016f, historicko-ilustrativn\u00ed zobrazen\u00ed\" srcset=\"https:\/\/iwell-guard.com\/wp-content\/uploads\/2026\/05\/goetter_sami_beaivi-683x1024.webp 683w, https:\/\/iwell-guard.com\/wp-content\/uploads\/2026\/05\/goetter_sami_beaivi-200x300.webp 200w, https:\/\/iwell-guard.com\/wp-content\/uploads\/2026\/05\/goetter_sami_beaivi-768x1152.webp 768w, https:\/\/iwell-guard.com\/wp-content\/uploads\/2026\/05\/goetter_sami_beaivi.webp 1024w\" sizes=\"(max-width: 683px) 100vw, 683px\" \/>\t\t\t\t\t\t\t\t\t\t\t\t\t\t\t<\/div>\n\t\t\t\t\t<\/div>\n\t\t\t\t<\/div>\n\t\t\t\t\t<\/div>\n\t\t\t\t<\/div>\n\t\t\t\t<section class=\"elementor-section elementor-top-section elementor-element elementor-element-sec-iwgcomp-sami elementor-section-boxed elementor-section-height-default elementor-section-height-default\" data-id=\"sec-iwgcomp-sami\" data-element_type=\"section\" data-e-type=\"section\">\n\t\t\t\t\t\t<div class=\"elementor-container elementor-column-gap-default\">\n\t\t\t\t\t<div class=\"elementor-column elementor-col-100 elementor-top-column elementor-element elementor-element-col-iwgcomp-sami\" data-id=\"col-iwgcomp-sami\" data-element_type=\"column\" data-e-type=\"column\">\n\t\t\t<div class=\"elementor-widget-wrap elementor-element-populated\">\n\t\t\t\t\t\t<div class=\"elementor-element elementor-element-iwgcomp-sami elementor-widget elementor-widget-text-editor\" data-id=\"iwgcomp-sami\" data-element_type=\"widget\" data-e-type=\"widget\" data-widget_type=\"text-editor.default\">\n\t\t\t\t\t\t\t\t\t<p>Finsk\u00e1 p\u0159edstava <strong><span class=\"iwg-fachbegriff\" data-tooltip=\"Ochrann\u00fd nebo m\u00edstn\u00ed duch ve finsk\u00e9 lidov\u00e9 v\u00ed\u0159e, kter\u00fd ob\u00fdv\u00e1 domy, lesy nebo p\u0159\u00edrodn\u00ed m\u00edsta.\" tabindex=\"0\">haltija<\/span><\/strong> tvo\u0159\u00ed z\u00e1klad duchovn\u00edho sv\u011bta, v n\u011bm\u017e ka\u017ed\u00e9 m\u00edsto, ka\u017ed\u00fd statek a ka\u017ed\u00fd les m\u00e1 sv\u00e9ho vlastn\u00edho str\u00e1\u017en\u00e9ho ducha.<\/p>\n<p class=\"iwg-kwfix\">Mytologie Kalevaly rozd\u011bluje pantheon na lesn\u00ed rodinu kolem Tapia, vodn\u00ed sv\u011bt kolem Ahtiho a nespo\u010det duch\u016f haltija v ka\u017edodenn\u00edm \u017eivot\u011b. Tyto postavy dodnes formuj\u00ed finsk\u00e9 vypr\u00e1v\u011bn\u00ed o lese a saun\u011b.<\/p>\t\t\t\t\t\t\t\t<\/div>\n\t\t\t\t\t<\/div>\n\t\t<\/div>\n\t\t\t\t\t<\/div>\n\t\t<\/section>\n\t\t<div class=\"elementor-element elementor-element-iwgcn-sami-s0 e-flex e-con-boxed e-con e-parent\" data-id=\"iwgcn-sami-s0\" data-element_type=\"container\" data-e-type=\"container\">\n\t\t\t\t\t<div class=\"e-con-inner\">\n\t\t\t\t<div class=\"elementor-element elementor-element-iwgcn-sami-s0h elementor-widget elementor-widget-heading\" data-id=\"iwgcn-sami-s0h\" data-element_type=\"widget\" data-e-type=\"widget\" data-widget_type=\"heading.default\">\n\t\t\t\t\t<h2 class=\"elementor-heading-title elementor-size-default\">Kalevala a karelsk\u00e1 tradice runov\u00e9ho zp\u011bvu<\/h2>\t\t\t\t<\/div>\n\t\t<div class=\"elementor-element elementor-element-iwgcn-sami-s0-c e-con-full e-flex e-con e-child\" data-id=\"iwgcn-sami-s0-c\" data-element_type=\"container\" data-e-type=\"container\">\n\t\t\t\t<div class=\"elementor-element elementor-element-iwgcn-sami-s0t elementor-widget elementor-widget-text-editor\" data-id=\"iwgcn-sami-s0t\" data-element_type=\"widget\" data-e-type=\"widget\" data-widget_type=\"text-editor.default\">\n\t\t\t\t\t\t\t\t\t<p>Z\u00e1kladem finsk\u00e9 mytologie nen\u00ed uzav\u0159en\u00fd starobyl\u00fd p\u00edsemn\u00fd pramen, ale \u00fastn\u00ed tradice runov\u00e9ho zp\u011bvu, \u017eiv\u00e1 a\u017e do 19. stolet\u00ed a p\u011bstovan\u00e1 p\u0159edev\u0161\u00edm v Karelii. L\u00e9ka\u0159 a sb\u011bratel Elias L\u00f6nnrot cestoval v letech 1820 a\u017e 1840 opakovan\u011b do tohoto regionu, aby zaznamenal zp\u011bvy, a v roce 1835 je zpracoval, roz\u0161\u00ed\u0159eno v roce 1849, do n\u00e1rodn\u00edho eposu Kalevala.<\/p><p>Kalevala je tak liter\u00e1rn\u00ed kompilac\u00ed, nikoli p\u0159\u00edm\u00fdm p\u0159episem p\u0159edk\u0159es\u0165ansk\u00e9ho syst\u00e9mu v\u00edry. Religionist\u00e9 jako Anna-Leena Siikala a Juha Pentik\u00e4inen upozor\u0148uj\u00ed, \u017ee L\u00f6nnrotovo zpracov\u00e1n\u00ed vneslo do p\u016fvodn\u011b mnohotv\u00e1rn\u011bj\u0161\u00edho a region\u00e1ln\u011b prom\u011bnliv\u00e9ho zp\u011bvn\u00edho materi\u00e1lu vlastn\u00ed vypr\u00e1v\u011bc\u00ed \u0159\u00e1d.<\/p>\n<p class=\"iwg-kwfix\">I p\u0159es toto liter\u00e1rn\u00ed zpracov\u00e1n\u00ed je mytologie Kalevaly pova\u017eov\u00e1na za nejd\u016fle\u017eit\u011bj\u0161\u00ed pramen pro postavy jako Tapio, Ahti a lesn\u00ed bo\u017estva Tapiovy rodiny.<\/p>\t\t\t\t\t\t\t\t<\/div>\n\t\t\t\t<\/div>\n\t\t\t\t\t<\/div>\n\t\t\t\t<\/div>\n\t\t<div class=\"elementor-element elementor-element-iwgcn-sami-s1 e-flex e-con-boxed e-con e-parent\" data-id=\"iwgcn-sami-s1\" data-element_type=\"container\" data-e-type=\"container\">\n\t\t\t\t\t<div class=\"e-con-inner\">\n\t\t\t\t<div class=\"elementor-element elementor-element-iwgcn-sami-s1h elementor-widget elementor-widget-heading\" data-id=\"iwgcn-sami-s1h\" data-element_type=\"widget\" data-e-type=\"widget\" data-widget_type=\"heading.default\">\n\t\t\t\t\t<h2 class=\"elementor-heading-title elementor-size-default\">Lesn\u00ed rodina: Tapio, Mielikki, Nyyrikki, Tuulikki, Tellervo<\/h2>\t\t\t\t<\/div>\n\t\t<div class=\"elementor-element elementor-element-iwgcn-sami-s1-c e-con-full e-flex e-con e-child\" data-id=\"iwgcn-sami-s1-c\" data-element_type=\"container\" data-e-type=\"container\">\n\t\t\t\t<div class=\"elementor-element elementor-element-iwgcn-sami-s1t elementor-widget elementor-widget-text-editor\" data-id=\"iwgcn-sami-s1t\" data-element_type=\"widget\" data-e-type=\"widget\" data-widget_type=\"text-editor.default\">\n\t\t\t\t\t\t\t\t\t<p><a href=\"https:\/\/iwell-guard.com\/cs\/tapio\/\">Tapio<\/a> je pova\u017eov\u00e1n za p\u00e1na lesa a divok\u00e9 zv\u011b\u0159e, kter\u00e9ho lovci p\u0159ed lovem prosili o ko\u0159ist. Po jeho boku stoj\u00ed <a href=\"https:\/\/iwell-guard.com\/cs\/mielikki\/\">Mielikki<\/a>, \u010dasto popisovan\u00e1 jako jeho \u017eena, pan\u00ed lesa a ochr\u00e1nkyn\u011b zv\u011b\u0159e. Jejich spole\u010dn\u00fd syn <a href=\"https:\/\/iwell-guard.com\/cs\/nyyrikki\/\">Nyyrikki<\/a> je pova\u017eov\u00e1n za ochr\u00e1nce lovc\u016f a zna\u010dkovatele cest v lese.<\/p><p>K lesn\u00ed rodin\u011b pat\u0159\u00ed tak\u00e9 dcery <a href=\"https:\/\/iwell-guard.com\/cs\/tuulikki\/\">Tuulikki<\/a> a <a href=\"https:\/\/iwell-guard.com\/cs\/tellervo\/\">Tellervo<\/a>, kter\u00e9 jsou v r\u016fzn\u00fdch variant\u00e1ch runov\u00e9ho zp\u011bvu popisov\u00e1ny, \u010d\u00e1ste\u010dn\u011b se p\u0159ekr\u00fdvaj\u00edc\u00edm zp\u016fsobem, jako str\u00e1\u017ekyn\u011b lesn\u00edch zv\u00ed\u0159at a st\u00e1d. Tato neur\u010ditost je typick\u00e1 pro postavy \u00fastn\u00edho pod\u00e1n\u00ed, jejich\u017e role se mohly od jednoho zp\u011bv\u00e1ka k druh\u00e9mu m\u00edrn\u011b li\u0161it.<\/p>\t\t\t\t\t\t\t\t<\/div>\n\t\t\t\t<\/div>\n\t\t\t\t\t<\/div>\n\t\t\t\t<\/div>\n\t\t<div class=\"elementor-element elementor-element-iwgcn-sami-s2 e-flex e-con-boxed e-con e-parent\" data-id=\"iwgcn-sami-s2\" data-element_type=\"container\" data-e-type=\"container\">\n\t\t\t\t\t<div class=\"e-con-inner\">\n\t\t\t\t<div class=\"elementor-element elementor-element-iwgcn-sami-s2h elementor-widget elementor-widget-heading\" data-id=\"iwgcn-sami-s2h\" data-element_type=\"widget\" data-e-type=\"widget\" data-widget_type=\"heading.default\">\n\t\t\t\t\t<h2 class=\"elementor-heading-title elementor-size-default\">Vodn\u00ed sv\u011bt: Ahti, Vellamo a Iku-Turso<\/h2>\t\t\t\t<\/div>\n\t\t<div class=\"elementor-element elementor-element-iwgcn-sami-s2-c e-con-full e-flex e-con e-child\" data-id=\"iwgcn-sami-s2-c\" data-element_type=\"container\" data-e-type=\"container\">\n\t\t\t\t<div class=\"elementor-element elementor-element-iwgcn-sami-s2t elementor-widget elementor-widget-text-editor\" data-id=\"iwgcn-sami-s2t\" data-element_type=\"widget\" data-e-type=\"widget\" data-widget_type=\"text-editor.default\">\n\t\t\t\t\t\t\t\t\t<p><a href=\"https:\/\/iwell-guard.com\/cs\/?page_id=146266\">Ahti<\/a> je v lidov\u00e9 v\u00ed\u0159e pova\u017eov\u00e1n za p\u00e1na vod a ryb\u00edho bohatstv\u00ed, jeho\u017e \u0159\u00ed\u0161e Ahtola le\u017e\u00ed na dn\u011b jezer a mo\u0159\u00ed; v samotn\u00e9 Kalevale pou\u017e\u00edv\u00e1 L\u00f6nnrot jm\u00e9no Ahti tak\u00e9 jako p\u0159\u00edzvisko hrdiny Lemmink\u00e4inena, co\u017e vede v b\u00e1d\u00e1n\u00ed k rozli\u0161ov\u00e1n\u00ed mezi star\u0161\u00edm vodn\u00edm bohem a liter\u00e1rn\u00ed postavou. Jeho \u017eena <a href=\"https:\/\/iwell-guard.com\/cs\/?page_id=146269\">Vellamo<\/a> vl\u00e1dne jako mo\u0159sk\u00e1 bohyn\u011b vodn\u00edmu sv\u011btu.<\/p><p>Za ohro\u017euj\u00edc\u00ed postavu z hlubin je pova\u017eov\u00e1n <a href=\"https:\/\/iwell-guard.com\/cs\/?page_id=146267\">Iku-Turso<\/a>, mo\u0159sk\u00e9 monstrum, jeho\u017e jm\u00e9no n\u011bkte\u0159\u00ed badatel\u00e9 spojuj\u00ed s mro\u017eem. <a href=\"https:\/\/iwell-guard.com\/cs\/?page_id=146270\">Vesihiisi<\/a>, vodn\u00ed duch hiisi, a varuj\u00edc\u00ed <a href=\"https:\/\/iwell-guard.com\/cs\/?page_id=146268\">N\u00e4kki<\/a> dopl\u0148uj\u00ed tento vodn\u00ed sv\u011bt jako sp\u00ed\u0161e z\u00e1hadn\u00e9 protipostavy k Ahtimu a Vellamo.<\/p>\t\t\t\t\t\t\t\t<\/div>\n\t\t\t\t<\/div>\n\t\t\t\t\t<\/div>\n\t\t\t\t<\/div>\n\t\t<div class=\"elementor-element elementor-element-iwgcn-sami-s3 e-flex e-con-boxed e-con e-parent\" data-id=\"iwgcn-sami-s3\" data-element_type=\"container\" data-e-type=\"container\">\n\t\t\t\t\t<div class=\"e-con-inner\">\n\t\t\t\t<div class=\"elementor-element elementor-element-iwgcn-sami-s3h elementor-widget elementor-widget-heading\" data-id=\"iwgcn-sami-s3h\" data-element_type=\"widget\" data-e-type=\"widget\" data-widget_type=\"heading.default\">\n\t\t\t\t\t<h2 class=\"elementor-heading-title elementor-size-default\">Sauna a l\u00f6yly: vlastn\u00ed ritu\u00e1ln\u011b-n\u00e1bo\u017eensk\u00fd prostor<\/h2>\t\t\t\t<\/div>\n\t\t<div class=\"elementor-element elementor-element-iwgcn-sami-s3-c e-con-full e-flex e-con e-child\" data-id=\"iwgcn-sami-s3-c\" data-element_type=\"container\" data-e-type=\"container\">\n\t\t\t\t<div class=\"elementor-element elementor-element-iwgcn-sami-s3t elementor-widget elementor-widget-text-editor\" data-id=\"iwgcn-sami-s3t\" data-element_type=\"widget\" data-e-type=\"widget\" data-widget_type=\"text-editor.default\">\n\t\t\t\t\t\t\t\t\t<p>Sauna zauj\u00edmala v tradi\u010dn\u00edm finsk\u00e9m ka\u017edodenn\u00edm \u017eivot\u011b zvl\u00e1\u0161tn\u00ed postaven\u00ed, kter\u00e9 p\u0159esahovalo pouhou t\u011blesnou hygienu. Byla pova\u017eov\u00e1na za m\u00edsto ritu\u00e1ln\u00ed \u010distoty, kde prob\u00edhaly porody, pe\u010dovalo se o nemocn\u00e9 a p\u0159ed poh\u0159bem se zde om\u00fdvali zem\u0159el\u00ed. L\u00f6yly, p\u00e1ra vznikaj\u00edc\u00ed p\u0159i pol\u00e9v\u00e1n\u00ed hork\u00fdch kamen\u016f, byl s\u00e1m pova\u017eov\u00e1n za odu\u0161evn\u011bl\u00fd nebo ob\u00fdvan\u00fd vlastn\u00edm duchem haltija, kter\u00e9mu bylo t\u0159eba projevovat respekt, nap\u0159\u00edklad klidem a odpov\u00eddaj\u00edc\u00edm chov\u00e1n\u00edm.<\/p><p>Kdo se v saun\u011b choval hlu\u010dn\u011b, klel nebo se choval neuctiv\u011b, mohl podle lidov\u00e9 v\u00edry rozhn\u011bvat saunov\u00e9ho ducha a p\u0159ivolat na sebe nemoc nebo ne\u0161t\u011bst\u00ed. Toto \u00fazk\u00e9 spojen\u00ed o\u010disty, l\u00e9\u010den\u00ed a v\u00edry v duchy ukazuje, jak hluboko byla p\u0159edstava haltija zakotvena ve finsk\u00e9m ka\u017edodenn\u00edm \u017eivot\u011b, daleko za hranicemi lesa a vody.<\/p>\t\t\t\t\t\t\t\t<\/div>\n\t\t\t\t<\/div>\n\t\t\t\t\t<\/div>\n\t\t\t\t<\/div>\n\t\t<div class=\"elementor-element elementor-element-x-sami-s-faq e-flex e-con-boxed e-con e-parent\" data-id=\"x-sami-s-faq\" data-element_type=\"container\" data-e-type=\"container\">\n\t\t\t\t\t<div class=\"e-con-inner\">\n\t\t\t\t<div class=\"elementor-element elementor-element-x-sami-h-faq elementor-widget elementor-widget-heading\" data-id=\"x-sami-h-faq\" data-element_type=\"widget\" data-e-type=\"widget\" data-widget_type=\"heading.default\">\n\t\t\t\t\t<h2 class=\"elementor-heading-title elementor-size-default\">\u010casto kladen\u00e9 ot\u00e1zky k finsk\u00e9 mytologii<\/h2>\t\t\t\t<\/div>\n\t\t<div class=\"elementor-element elementor-element-iwgcn-sami-s3-c e-con-full e-flex e-con e-child\" data-id=\"iwgcn-sami-s3-c\" data-element_type=\"container\" data-e-type=\"container\">\n\t\t\t\t<div class=\"elementor-element elementor-element-x-sami-t-faq elementor-widget elementor-widget-text-editor\" data-id=\"x-sami-t-faq\" data-element_type=\"widget\" data-e-type=\"widget\" data-widget_type=\"text-editor.default\">\n\t\t\t\t\t\t\t\t\t<h3>Co je Kalevala?<\/h3>\n<p>Kalevala je finsk\u00fd n\u00e1rodn\u00ed epos, kter\u00fd Elias L\u00f6nnrot sestavil z \u00fastn\u011b tradovan\u00fdch karelsk\u00fdch runov\u00fdch zp\u011bv\u016f a vydal v roce 1835, v roz\u0161\u00ed\u0159en\u00e9 podob\u011b pak v roce 1849. Je nejd\u016fle\u017eit\u011bj\u0161\u00edm, ale liter\u00e1rn\u011b zpracovan\u00fdm pramenem finsk\u00e9 mytologie.<\/p>\n<h3>Kdo je Tapio?<\/h3>\n<p>Tapio je ve finsk\u00e9 lidov\u00e9 v\u00ed\u0159e p\u00e1nem lesa a divok\u00fdch zv\u00ed\u0159at. P\u0159ed lovem k n\u011bmu myslivci pron\u00e1\u0161eli prosby, po jeho boku stoj\u00ed jeho \u017eena Mielikki a n\u011bkolik d\u011bt\u00ed, nap\u0159\u00edklad Nyyrikki.<\/p>\n<h3>Co je Haltija?<\/h3>\n<p>Haltija je zast\u0159e\u0161uj\u00edc\u00ed pojem pro ochrann\u00e9 a m\u00edstn\u00ed duchy ve finsk\u00e9 lidov\u00e9 v\u00ed\u0159e, kte\u0159\u00ed ob\u00fdvaj\u00ed domy, lesy, vody nebo saunu. Tonttu, dom\u00e1c\u00ed duch, je pova\u017eov\u00e1n za jednu ze zn\u00e1m\u00fdch podob tohoto haltija sv\u011bta duch\u016f.<\/p>\n<h3>Co se stalo s p\u0159edk\u0159es\u0165ansk\u00fdm finsk\u00fdm n\u00e1bo\u017eenstv\u00edm?<\/h3>\n<p>S christianizac\u00ed od 12. stolet\u00ed byl star\u00fd sv\u011bt boh\u016f a duch\u016f zatla\u010den do pozad\u00ed, p\u0159esto z\u016fstal \u017eiv\u00fd v lidov\u00e9 v\u00ed\u0159e, magick\u00fdch formul\u00edch a karelsk\u00e9m runov\u00e9m zp\u011bvu a\u017e do 19. stolet\u00ed, ne\u017e jej L\u00f6nnrot liter\u00e1rn\u011b zachytil v Kalevale.<\/p>\n<script type=\"application\/ld+json\">{\"@context\": \"https:\/\/schema.org\", \"@type\": \"FAQPage\", \"mainEntity\": [{\"@type\": \"Question\", \"name\": \"Co je Kalevala?\", \"acceptedAnswer\": {\"@type\": \"Answer\", \"text\": \"Kalevala je finsk\u00fd n\u00e1rodn\u00ed epos, kter\u00fd Elias L\u00f6nnrot sestavil z \u00fastn\u011b tradovan\u00fdch karelsk\u00fdch runov\u00fdch zp\u011bv\u016f a vydal v roce 1835, v roz\u0161\u00ed\u0159en\u00e9 podob\u011b pak v roce 1849. Je nejd\u016fle\u017eit\u011bj\u0161\u00edm, ale liter\u00e1rn\u011b zpracovan\u00fdm pramenem finsk\u00e9 mytologie.\"}}, {\"@type\": \"Question\", \"name\": \"Kdo je Tapio?\", \"acceptedAnswer\": {\"@type\": \"Answer\", \"text\": \"Tapio je ve finsk\u00e9 lidov\u00e9 v\u00ed\u0159e p\u00e1nem lesa a divok\u00fdch zv\u00ed\u0159at. P\u0159ed lovem k n\u011bmu myslivci pron\u00e1\u0161eli prosby, po jeho boku stoj\u00ed jeho \u017eena Mielikki a n\u011bkolik d\u011bt\u00ed, nap\u0159\u00edklad Nyyrikki.\"}}, {\"@type\": \"Question\", \"name\": \"Co je Haltija?\", \"acceptedAnswer\": {\"@type\": \"Answer\", \"text\": \"Haltija je zast\u0159e\u0161uj\u00edc\u00ed pojem pro ochrann\u00e9 a m\u00edstn\u00ed duchy ve finsk\u00e9 lidov\u00e9 v\u00ed\u0159e, kte\u0159\u00ed ob\u00fdvaj\u00ed domy, lesy, vody nebo saunu. Tonttu, dom\u00e1c\u00ed duch, je pova\u017eov\u00e1n za jednu ze zn\u00e1m\u00fdch podob tohoto haltija sv\u011bta duch\u016f.\"}}, {\"@type\": \"Question\", \"name\": \"Co se stalo s p\u0159edk\u0159es\u0165ansk\u00fdm finsk\u00fdm n\u00e1bo\u017eenstv\u00edm?\", \"acceptedAnswer\": {\"@type\": \"Answer\", \"text\": \"S christianizac\u00ed od 12. stolet\u00ed byl star\u00fd sv\u011bt boh\u016f a duch\u016f zatla\u010den do pozad\u00ed, p\u0159esto z\u016fstal \u017eiv\u00fd v lidov\u00e9 v\u00ed\u0159e, magick\u00fdch formul\u00edch a karelsk\u00e9m runov\u00e9m zp\u011bvu a\u017e do 19. stolet\u00ed, ne\u017e jej L\u00f6nnrot liter\u00e1rn\u011b zachytil v Kalevale.\"}}]}<\/script>\t\t\t\t\t\t\t\t<\/div>\n\t\t\t\t<\/div>\n\t\t\t\t\t<\/div>\n\t\t\t\t<\/div>\n\t\t<div class=\"elementor-element elementor-element-iwgcn-sami-s4 e-flex e-con-boxed e-con e-parent\" data-id=\"iwgcn-sami-s4\" data-element_type=\"container\" data-e-type=\"container\">\n\t\t\t\t\t<div class=\"e-con-inner\">\n\t\t\t\t<div class=\"elementor-element elementor-element-iwgcn-sami-s4h elementor-widget elementor-widget-heading\" data-id=\"iwgcn-sami-s4h\" data-element_type=\"widget\" data-e-type=\"widget\" data-widget_type=\"heading.default\">\n\t\t\t\t\t<h2 class=\"elementor-heading-title elementor-size-default\">Sv\u011bt duch\u016f haltija: Tonttu, Maahinen a Hiisi<\/h2>\t\t\t\t<\/div>\n\t\t<div class=\"elementor-element elementor-element-iwgcn-sami-s4-c e-con-full e-flex e-con e-child\" data-id=\"iwgcn-sami-s4-c\" data-element_type=\"container\" data-e-type=\"container\">\n\t\t\t\t<div class=\"elementor-element elementor-element-iwgcn-sami-s4t elementor-widget elementor-widget-text-editor\" data-id=\"iwgcn-sami-s4t\" data-element_type=\"widget\" data-e-type=\"widget\" data-widget_type=\"text-editor.default\">\n\t\t\t\t\t\t\t\t\t<p><a href=\"https:\/\/iwell-guard.com\/cs\/haltija\/\">Haltija<\/a> je zast\u0159e\u0161uj\u00edc\u00ed ozna\u010den\u00ed pro ochrann\u00e9 duchy v\u00e1zan\u00e9 na ur\u010dit\u00e9 m\u00edsto nebo p\u0159edm\u011bt. Nejzn\u00e1m\u011bj\u0161\u00edm z nich je <a href=\"https:\/\/iwell-guard.com\/cs\/tonttu\/\">Tonttu<\/a>, duch dvora a domu, kter\u00fd chr\u00e1n\u00ed usedlost, pokud s n\u00edm lid\u00e9 zach\u00e1zej\u00ed s respektem; teprve ve 20. stolet\u00ed se tato postava v popkultu\u0159e st\u00e1le v\u00edce spojovala s v\u00e1no\u010dn\u00edm motivem trpasl\u00edka.<\/p><p>Bytosti p\u0159edstavovan\u00e9 jako podzemn\u00ed, jako je <a href=\"https:\/\/iwell-guard.com\/cs\/maahinen\/\">Maahinen<\/a>, byly pova\u017eov\u00e1ny za citliv\u00e9 na naru\u0161en\u00ed sv\u00e9ho obydl\u00ed, nap\u0159\u00edklad stavebn\u00edmi pracemi. Pojem <a href=\"https:\/\/iwell-guard.com\/cs\/hiisi\/\">Hiisi<\/a> p\u016fvodn\u011b ozna\u010doval svat\u00fd h\u00e1j nebo ob\u011btn\u00ed m\u00edsto a teprve pod k\u0159es\u0165ansk\u00fdm vlivem se prom\u011bnil v ozna\u010den\u00ed stra\u0161ideln\u00e9ho ducha nebo trolla.<\/p>\t\t\t\t\t\t\t\t<\/div>\n\t\t\t\t<\/div>\n\t\t\t\t\t<\/div>\n\t\t\t\t<\/div>\n\t\t<div class=\"elementor-element elementor-element-iwgcn-sami-s5 e-flex e-con-boxed e-con e-parent\" data-id=\"iwgcn-sami-s5\" data-element_type=\"container\" data-e-type=\"container\">\n\t\t\t\t\t<div class=\"e-con-inner\">\n\t\t\t\t<div class=\"elementor-element elementor-element-iwgcn-sami-s5h elementor-widget elementor-widget-heading\" data-id=\"iwgcn-sami-s5h\" data-element_type=\"widget\" data-e-type=\"widget\" data-widget_type=\"heading.default\">\n\t\t\t\t\t<h2 class=\"elementor-heading-title elementor-size-default\">V\u00edtr, kov\u00e1\u0159stv\u00ed a vznik sv\u011bta: Tuuletar a Ilmarinen<\/h2>\t\t\t\t<\/div>\n\t\t<div class=\"elementor-element elementor-element-iwgcn-sami-s5-c e-con-full e-flex e-con e-child\" data-id=\"iwgcn-sami-s5-c\" data-element_type=\"container\" data-e-type=\"container\">\n\t\t\t\t<div class=\"elementor-element elementor-element-iwgcn-sami-s5t elementor-widget elementor-widget-text-editor\" data-id=\"iwgcn-sami-s5t\" data-element_type=\"widget\" data-e-type=\"widget\" data-widget_type=\"text-editor.default\">\n\t\t\t\t\t\t\t\t\t<p><a href=\"https:\/\/iwell-guard.com\/cs\/tuuletar\/\">Tuuletar<\/a>, doslova dcera v\u011btru, se objevuje v Kalevale v p\u00edsn\u00edch o pov\u011btrnostn\u00ed magii. <a href=\"https:\/\/iwell-guard.com\/cs\/ilmarinen\/\">Ilmarinen<\/a>, jeho\u017e jm\u00e9no souvis\u00ed s finsk\u00fdm slovem pro vzduch a nebe, je pova\u017eov\u00e1n za v\u011b\u010dn\u00e9ho kov\u00e1\u0159e, kter\u00fd podle vypr\u00e1v\u011bn\u00ed ukoval klenbu nebes a zhotovil magick\u00fd Sampo; badatel\u00e9 diskutuj\u00ed o tom, zda za touto postavou Kalevaly p\u016fvodn\u011b nest\u00e1la star\u0161\u00ed nebesk\u00e1 bohyn\u011b.<\/p>\t\t\t\t\t\t\t\t<\/div>\n\t\t\t\t<\/div>\n\t\t\t\t\t<\/div>\n\t\t\t\t<\/div>\n\t\t<div class=\"elementor-element elementor-element-iwgcn-sami-s6 e-flex e-con-boxed e-con e-parent\" data-id=\"iwgcn-sami-s6\" data-element_type=\"container\" data-e-type=\"container\">\n\t\t\t\t\t<div class=\"e-con-inner\">\n\t\t\t\t<div class=\"elementor-element elementor-element-iwgcn-sami-s6h elementor-widget elementor-widget-heading\" data-id=\"iwgcn-sami-s6h\" data-element_type=\"widget\" data-e-type=\"widget\" data-widget_type=\"heading.default\">\n\t\t\t\t\t<h2 class=\"elementor-heading-title elementor-size-default\">Christianizace, L\u00f6nnrotova Kalevala a dne\u0161n\u00ed recepce<\/h2>\t\t\t\t<\/div>\n\t\t<div class=\"elementor-element elementor-element-iwgcn-sami-s6-c e-con-full e-flex e-con e-child\" data-id=\"iwgcn-sami-s6-c\" data-element_type=\"container\" data-e-type=\"container\">\n\t\t\t\t<div class=\"elementor-element elementor-element-iwgcn-sami-s6t elementor-widget elementor-widget-text-editor\" data-id=\"iwgcn-sami-s6t\" data-element_type=\"widget\" data-e-type=\"widget\" data-widget_type=\"text-editor.default\">\n\t\t\t\t\t\t\t\t\t<p>Christianizace Finska, kterou od 12. stolet\u00ed prosazovala \u0161v\u00e9dsk\u00e1 a ve v\u00fdchodn\u00edm Finsku pravoslavn\u00e1 mise, zatla\u010dila star\u00fd sv\u011bt boh\u016f a duch\u016f do pozad\u00ed, ani\u017e by jej zcela vymazala. Magick\u00e9 formule, runov\u00e9 zp\u011bvy a lidov\u00e1 v\u00edra v Tonttu, Haltija a vodn\u00ed duchy z\u016fstaly \u017eiv\u00e9 zejm\u00e9na v Karelii a\u017e do 19. stolet\u00ed.<\/p><p>Kalevala Eliase L\u00f6nnrota z roku 1835 a 1849 poprv\u00e9 zp\u0159\u00edstupnila tuto \u00fastn\u00ed tradici \u0161ir\u0161\u00edmu publiku a stala se \u00fast\u0159edn\u00edm stavebn\u00edm kamenem finsk\u00e9ho n\u00e1rodn\u00edho hnut\u00ed. Pozd\u011bj\u0161\u00ed badatel\u00e9 jako Martti Haavio a Anna-Leena Siikala zd\u016fraznili, jak siln\u011b L\u00f6nnrotovo liter\u00e1rn\u00ed zpracov\u00e1n\u00ed uhladilo a uspo\u0159\u00e1dalo p\u016fvodn\u011b region\u00e1ln\u011b rozmanit\u011bj\u0161\u00ed materi\u00e1l.<\/p><p>Dnes \u017eije mytologie Kalevaly d\u00e1l p\u0159edev\u0161\u00edm v literatu\u0159e, um\u011bn\u00ed a folkloristick\u00e9m z\u00e1jmu o saunov\u00e9 zvyky a p\u0159\u00edrodn\u00ed duchy, m\u00e9n\u011b jako praktikovan\u00e9 n\u00e1bo\u017eenstv\u00ed.<\/p>\t\t\t\t\t\t\t\t<\/div>\n\t\t\t\t<\/div>\n\t\t\t\t\t<\/div>\n\t\t\t\t<\/div>\n\t\t<div class=\"elementor-element elementor-element-cp2d9a92a3 e-flex e-con-boxed e-con e-parent\" data-id=\"cp2d9a92a3\" data-element_type=\"container\" data-e-type=\"container\">\n\t\t\t\t\t<div class=\"e-con-inner\">\n\t\t\t\t<div class=\"elementor-element elementor-element-cp2515827f elementor-widget elementor-widget-heading\" data-id=\"cp2515827f\" data-element_type=\"widget\" data-e-type=\"widget\" data-widget_type=\"heading.default\">\n\t\t\t\t\t<h2 class=\"elementor-heading-title elementor-size-default\">\u00dastn\u00ed runov\u00fd zp\u011bv m\u00edsto uzav\u0159en\u00e9ho panteonu<\/h2>\t\t\t\t<\/div>\n\t\t<div class=\"elementor-element elementor-element-cp25cbddf2 e-flex e-con-boxed e-con e-child\" data-id=\"cp25cbddf2\" data-element_type=\"container\" data-e-type=\"container\">\n\t\t\t\t\t<div class=\"e-con-inner\">\n\t\t\t\t<div class=\"elementor-element elementor-element-cp240cdc6c elementor-widget elementor-widget-text-editor\" data-id=\"cp240cdc6c\" data-element_type=\"widget\" data-e-type=\"widget\" data-widget_type=\"text-editor.default\">\n\t\t\t\t\t\t\t\t\t<p>Na rozd\u00edl od seversk\u00e9 mytologie s jej\u00edmi st\u0159edov\u011bk\u00fdmi prozaick\u00fdmi a versov\u00fdmi prameny se finsk\u00e1 mytologie zakl\u00e1d\u00e1 na \u00fastn\u00ed zp\u011bvn\u00e9 tradici, runov\u00e9m zp\u011bvu, kter\u00fd byl \u017eiv\u00fd a\u017e do 19. stolet\u00ed a p\u011bstoval se zejm\u00e9na v Karelii, ve v\u00fdchodn\u00ed pohrani\u010dn\u00ed oblasti s Ruskem.<\/p><p>Tyto p\u00edsn\u011b nebyly jednotn\u00e9, li\u0161ily se od zp\u011bv\u00e1ka ke zp\u011bv\u00e1kovi a od vesnice k vesnici. Elias L\u00f6nnrot, kter\u00fd mezi 20. a 40. l\u00e9ty 19. stolet\u00ed opakovan\u011b cestoval do Karelie, z nich vybral, zkombinoval a uspo\u0159\u00e1dal n\u00e1rodn\u00ed epos Kalevalu, kter\u00fd vy\u0161el poprv\u00e9 v roce 1835 a v roz\u0161\u00ed\u0159en\u00e9 podob\u011b v roce 1849.<\/p><p>Mytologie Kalevaly je tak kompromisem mezi \u00fastn\u00ed rozmanitost\u00ed a liter\u00e1rn\u00edm uspo\u0159\u00e1d\u00e1n\u00edm. Badatel\u00e9 jako Anna-Leena Siikala zd\u016fraz\u0148uj\u00ed, \u017ee L\u00f6nnrotova Kalevala vytvo\u0159ila souvisl\u00e9 vypr\u00e1v\u011bn\u00ed, kter\u00e9 v p\u016fvodn\u00edm p\u00eds\u0148ov\u00e9m materi\u00e1lu v t\u00e9to form\u011b neexistovalo.<\/p><p>Pro religionistick\u00e9 za\u0159azen\u00ed to znamen\u00e1: postavy jako Tapio nebo Ahti jsou dob\u0159e dolo\u017eeny \u010detn\u00fdmi nez\u00e1visl\u00fdmi variantami zp\u011bv\u016f, jejich p\u0159esn\u00e9 hierarchick\u00e9 uspo\u0159\u00e1d\u00e1n\u00ed v Kalevale je v\u0161ak t\u0159eba p\u0159i\u010d\u00edtat sp\u00ed\u0161e L\u00f6nnrotovu zpracov\u00e1n\u00ed ne\u017e p\u016fvodn\u00edmu syst\u00e9mu.<\/p>\t\t\t\t\t\t\t\t<\/div>\n\t\t\t\t\t<\/div>\n\t\t\t\t<\/div>\n\t\t\t\t\t<\/div>\n\t\t\t\t<\/div>\n\t\t<div class=\"elementor-element elementor-element-cp2b1a3dae e-flex e-con-boxed e-con e-parent\" data-id=\"cp2b1a3dae\" data-element_type=\"container\" data-e-type=\"container\">\n\t\t\t\t\t<div class=\"e-con-inner\">\n\t\t\t\t<div class=\"elementor-element elementor-element-cp282c06ff elementor-widget elementor-widget-heading\" data-id=\"cp282c06ff\" data-element_type=\"widget\" data-e-type=\"widget\" data-widget_type=\"heading.default\">\n\t\t\t\t\t<h2 class=\"elementor-heading-title elementor-size-default\">Les, voda a d\u016fm: t\u0159i sf\u00e9ry sv\u011bta duch\u016f<\/h2>\t\t\t\t<\/div>\n\t\t<div class=\"elementor-element elementor-element-cp228b4522 e-flex e-con-boxed e-con e-child\" data-id=\"cp228b4522\" data-element_type=\"container\" data-e-type=\"container\">\n\t\t\t\t\t<div class=\"e-con-inner\">\n\t\t\t\t<div class=\"elementor-element elementor-element-cp261454c5 elementor-widget elementor-widget-text-editor\" data-id=\"cp261454c5\" data-element_type=\"widget\" data-e-type=\"widget\" data-widget_type=\"text-editor.default\">\n\t\t\t\t\t\t\t\t\t<p>Finsk\u00fd lidov\u00fd obraz sv\u011bta se z n\u00e1bo\u017eenskov\u011bdn\u00edho hlediska d\u011bl\u00ed do n\u011bkolika sf\u00e9r, z nich\u017e nejd\u016fle\u017eit\u011bj\u0161\u00ed jsou les, voda a vlastn\u00ed hospod\u00e1\u0159stv\u00ed. Nad lesem vl\u00e1dne Tapio spolu se svou rodinou, Mielikki, Nyyrikki, Tuulikki a Tellervo, jim\u017e lovci p\u0159ed v\u00fdpravou p\u0159in\u00e1\u0161eli prosby a drobn\u00e9 dary, aby si zajistili \u00fasp\u011bch a bezpe\u010dn\u00fd n\u00e1vrat.<\/p><p>Vodn\u00ed sv\u011bt podl\u00e9h\u00e1 Ahtimu a jeho \u017een\u011b Vellamo, jejich\u017e \u0159\u00ed\u0161e Ahtola se nach\u00e1z\u00ed na dn\u011b jezer a mo\u0159\u00ed. Ryb\u00e1\u0159i k nim sm\u011b\u0159ovali sv\u00e9 prosby, zat\u00edmco ohro\u017euj\u00edc\u00ed bytosti jako Vesihiisi nebo mo\u0159sk\u00fd obr Iku-Turso zt\u011bles\u0148ovaly nebezpe\u010d\u00ed vody.<\/p><p>Vlastn\u00ed hospod\u00e1\u0159stv\u00ed st\u00e1lo pod ochranou Haltija, \u010dasto v podob\u011b Tonttu, kter\u00fd hl\u00eddal d\u016fm a dobytek, pokud s n\u00edm obyvatel\u00e9 zach\u00e1zeli s respektem, nap\u0159\u00edklad drobn\u00fdmi dary v podob\u011b j\u00eddla. P\u0159\u00edbuzn\u00e9, sp\u00ed\u0161e nebezpe\u010dn\u00e9 bytosti jako Maahinen naopak ob\u00fdvaly podzem\u00ed a citliv\u011b reagovaly na ru\u0161en\u00ed.<\/p><p>Tyto t\u0159i sf\u00e9ry, les, voda a d\u016fm, \u0159\u00e1dily ka\u017edodenn\u00ed \u017eivot finsk\u00e9ho venkovsk\u00e9ho obyvatelstva po n\u00e1bo\u017eensk\u00e9 str\u00e1nce a dodnes jsou hlavn\u00edm sch\u00e9matem, kter\u00fdm v\u00fdzkum popisuje finskou mytologii.<\/p>\t\t\t\t\t\t\t\t<\/div>\n\t\t\t\t\t<\/div>\n\t\t\t\t<\/div>\n\t\t\t\t\t<\/div>\n\t\t\t\t<\/div>\n\t\t<div class=\"elementor-element elementor-element-cp295547c2 e-flex e-con-boxed e-con e-parent\" data-id=\"cp295547c2\" data-element_type=\"container\" data-e-type=\"container\">\n\t\t\t\t\t<div class=\"e-con-inner\">\n\t\t\t\t<div class=\"elementor-element elementor-element-cp28944fb0 elementor-widget elementor-widget-heading\" data-id=\"cp28944fb0\" data-element_type=\"widget\" data-e-type=\"widget\" data-widget_type=\"heading.default\">\n\t\t\t\t\t<h2 class=\"elementor-heading-title elementor-size-default\">Prameny: L\u00f6nnrotovy sb\u00edrky a karelsk\u00e1 p\u011bveck\u00e1 tradice<\/h2>\t\t\t\t<\/div>\n\t\t<div class=\"elementor-element elementor-element-cp23d59da4 e-flex e-con-boxed e-con e-child\" data-id=\"cp23d59da4\" data-element_type=\"container\" data-e-type=\"container\">\n\t\t\t\t\t<div class=\"e-con-inner\">\n\t\t\t\t<div class=\"elementor-element elementor-element-cp2ce157b6 elementor-widget elementor-widget-text-editor\" data-id=\"cp2ce157b6\" data-element_type=\"widget\" data-e-type=\"widget\" data-widget_type=\"text-editor.default\">\n\t\t\t\t\t\t\t\t\t<p>Nejd\u016fle\u017eit\u011bj\u0161\u00edm pramenem finsk\u00e9 mytologie je Kalevala, kterou Elias L\u00f6nnrot sestavil z \u00fastn\u00edch runov\u00fdch zp\u011bv\u016f, je\u017e s\u00e1m zaznamenal u karelsk\u00fdch p\u011bvc\u016f. V\u00fdznamn\u00fdmi nositeli t\u00e9to <span class=\"iwg-fachbegriff\" data-tooltip=\"P\u0159ed\u00e1v\u00e1n\u00ed znalost\u00ed a vypr\u00e1v\u011bn\u00ed nap\u0159\u00ed\u010d generacemi.\" tabindex=\"0\">tradice<\/span> byli zp\u011bv\u00e1ci jako Arhippa Perttunen, jeho\u017e zp\u011bvy dodaly velkou \u010d\u00e1st materi\u00e1lu.<\/p><p>L\u00f6nnrot v\u0161ak nebyl pouze sb\u011bratelem, ale i redaktorem: jednotliv\u00e9 zp\u011bvy spojoval do souvisl\u00e9ho vypr\u00e1v\u011bn\u00ed a vyrovn\u00e1val rozpory mezi jednotliv\u00fdmi variantami zp\u011bv\u00e1k\u016f. Kalevala, kterou vydal v roce 1835 a v roz\u0161\u00ed\u0159en\u00e9m vyd\u00e1n\u00ed v roce 1849, je proto liter\u00e1rn\u00edm d\u00edlem s folklorn\u00edm z\u00e1kladem, nikoli p\u0159\u00edm\u00fdm p\u0159episem jednotn\u00e9ho syst\u00e9mu v\u00edry.<\/p><p>Dopl\u0148kov\u011b sb\u00edrali pozd\u011bj\u0161\u00ed badatel\u00e9 jako Martti Haavio ve sv\u00e9m d\u00edle Suomalainen mytologia (1967) a Anna-Leena Siikala ve sv\u00fdch studi\u00edch o \u0161amanismu a tvorb\u011b m\u00fdt\u016f dal\u0161\u00ed materi\u00e1l z kouzeln\u00fdch formul\u00ed, \u017ealozp\u011bv\u016f a etnografick\u00fdch zpr\u00e1v, aby prohloubili obraz finsk\u00e9ho lidov\u00e9ho n\u00e1bo\u017eenstv\u00ed nad r\u00e1mec Kalevaly.<\/p><p>Tento stav pramen\u016f ukazuje, \u017ee je t\u0159eba rozli\u0161ovat mezi p\u016fvodn\u00ed \u00fastn\u00ed pestrost\u00ed Karelie a liter\u00e1rn\u011b uspo\u0159\u00e1danou mytologi\u00ed Kalevaly.<\/p>\t\t\t\t\t\t\t\t<\/div>\n\t\t\t\t\t<\/div>\n\t\t\t\t<\/div>\n\t\t\t\t\t<\/div>\n\t\t\t\t<\/div>\n\t\t<div class=\"elementor-element elementor-element-cp2c009332 e-flex e-con-boxed e-con e-parent\" data-id=\"cp2c009332\" data-element_type=\"container\" data-e-type=\"container\">\n\t\t\t\t\t<div class=\"e-con-inner\">\n\t\t\t\t<div class=\"elementor-element elementor-element-cp225c94da elementor-widget elementor-widget-heading\" data-id=\"cp225c94da\" data-element_type=\"widget\" data-e-type=\"widget\" data-widget_type=\"heading.default\">\n\t\t\t\t\t<h2 class=\"elementor-heading-title elementor-size-default\">Christianizace, n\u00e1rodn\u00ed hnut\u00ed a dne\u0161n\u00ed recepce<\/h2>\t\t\t\t<\/div>\n\t\t<div class=\"elementor-element elementor-element-cp2c7191ab e-flex e-con-boxed e-con e-child\" data-id=\"cp2c7191ab\" data-element_type=\"container\" data-e-type=\"container\">\n\t\t\t\t\t<div class=\"e-con-inner\">\n\t\t\t\t<div class=\"elementor-element elementor-element-cp23f4061d elementor-widget elementor-widget-text-editor\" data-id=\"cp23f4061d\" data-element_type=\"widget\" data-e-type=\"widget\" data-widget_type=\"text-editor.default\">\n\t\t\t\t\t\t\t\t\t<p>Christianizace Finska za\u010dala ve 12. stolet\u00ed na z\u00e1pad\u011b \u0161v\u00e9dskou mis\u00ed, na v\u00fdchod\u011b ortodoxn\u00ed mis\u00ed a trvala po stalet\u00ed. V odlehl\u00fdch oblastech, zejm\u00e9na v rusko-karelsk\u00e9m pohrani\u010d\u00ed, p\u0159etrv\u00e1valy prvky star\u00e9 v\u00edry, runov\u00e9 zp\u011bvy, kouzeln\u00e9 formule a v\u00edra v duchy Haltija, a\u017e do 19. stolet\u00ed, \u010dasto vedle k\u0159es\u0165anstv\u00ed, nikoli nam\u00edsto n\u011bj.<\/p><p>Pr\u00e1v\u011b v t\u011bchto okrajov\u00fdch oblastech nalezl Elias L\u00f6nnrot z\u00e1klad pro svou Kalevalu. Vyd\u00e1n\u00ed epopeje v roce 1835 a 1849 spad\u00e1 do doby probouzej\u00edc\u00edho se finsk\u00e9ho n\u00e1rodn\u00edho uv\u011bdom\u011bn\u00ed uvnit\u0159 Rusk\u00e9ho velkokn\u00ed\u017eectv\u00ed Finska a stalo se kl\u00ed\u010dov\u00fdm identitotvorn\u00fdm textem finsk\u00e9ho n\u00e1rodn\u00edho hnut\u00ed.<\/p><p>Ve 20. stolet\u00ed badatel\u00e9 jako Martti Haavio, Juha Pentik\u00e4inen a Anna-Leena Siikala podrobn\u011bji zkoumali vztah mezi L\u00f6nnrotov\u00fdm liter\u00e1rn\u00edm zpracov\u00e1n\u00edm a p\u016fvodn\u00ed \u00fastn\u00ed pestrost\u00ed a za\u0159adili mytologii Kalevaly pevn\u011bji do kontextu finsk\u00e9 lidov\u00e9 v\u00edry a, pro \u010d\u00e1sti v\u00fdchodn\u00edho Finska, \u0161amansk\u00e9 praxe.<\/p><p>Dnes je mytologie Kalevaly p\u0159edev\u0161\u00edm liter\u00e1rn\u00edm a kulturn\u00edm d\u011bdictv\u00edm, viditeln\u00fdm v um\u011bn\u00ed, d\u00e1v\u00e1n\u00ed jmen a st\u00e1le \u017eiv\u00e9m vztahu k saun\u011b a spojen\u00ed s p\u0159\u00edrodou, m\u00e9n\u011b praktikovan\u00fdm n\u00e1bo\u017eenstv\u00edm v \u00fazk\u00e9m slova smyslu.<\/p>\t\t\t\t\t\t\t\t<\/div>\n\t\t\t\t\t<\/div>\n\t\t\t\t<\/div>\n\t\t\t\t\t<\/div>\n\t\t\t\t<\/div>\n\t\t<div class=\"elementor-element elementor-element-iwgha-sami-sec e-flex e-con-boxed e-con e-parent\" data-id=\"iwgha-sami-sec\" data-element_type=\"container\" data-e-type=\"container\">\n\t\t\t\t\t<div class=\"e-con-inner\">\n\t\t\t\t<div class=\"elementor-element elementor-element-iwgha-sami-h elementor-widget elementor-widget-heading\" data-id=\"iwgha-sami-h\" data-element_type=\"widget\" data-e-type=\"widget\" data-widget_type=\"heading.default\">\n\t\t\t\t\t<h2 class=\"elementor-heading-title elementor-size-default\">Bytosti t\u00e9to tradice (16)<\/h2>\t\t\t\t<\/div>\n\t\t<div class=\"elementor-element elementor-element-iwgha-sami-gc e-flex e-con-boxed e-con e-parent\" data-id=\"iwgha-sami-gc\" data-element_type=\"container\" data-e-type=\"container\">\n\t\t\t\t\t<div class=\"e-con-inner\">\n\t\t\t\t<div class=\"elementor-element elementor-element-iwgha-sami-grid elementor-widget elementor-widget-text-editor\" data-id=\"iwgha-sami-grid\" data-element_type=\"widget\" data-e-type=\"widget\" data-widget_type=\"text-editor.default\">\n\t\t\t\t\t\t\t\t\t<div class=\"iwg-wesen-grid\"><a class=\"iwg-wesen-card\" href=\"https:\/\/iwell-guard.com\/cs\/tuulikki\/\" aria-label=\"Tuulikki\"><div class=\"iwg-wesen-card-imgwrap\"><img decoding=\"async\" src=\"https:\/\/iwell-guard.com\/wp-content\/uploads\/2026\/07\/goetter_finnland_tuulikki-199x300.webp\" alt=\"Tuulikki\" loading=\"lazy\"><\/div><div class=\"iwg-wesen-card-body\"><div class=\"iwg-wesen-card-name\">Tuulikki<\/div><div class=\"iwg-wesen-card-arrow\">\u2192 K bytosti<\/div><\/div><\/a><a class=\"iwg-wesen-card\" href=\"https:\/\/iwell-guard.com\/cs\/tellervo\/\" aria-label=\"Tellervo\"><div class=\"iwg-wesen-card-imgwrap\"><img decoding=\"async\" src=\"https:\/\/iwell-guard.com\/wp-content\/uploads\/2026\/07\/goetter_finnland_tellervo-200x300.webp\" alt=\"Tellervo\" loading=\"lazy\"><\/div><div class=\"iwg-wesen-card-body\"><div class=\"iwg-wesen-card-name\">Tellervo<\/div><div class=\"iwg-wesen-card-arrow\">\u2192 K bytosti<\/div><\/div><\/a><a class=\"iwg-wesen-card\" href=\"https:\/\/iwell-guard.com\/cs\/tapio\/\" aria-label=\"Tapio\"><div class=\"iwg-wesen-card-imgwrap\"><img decoding=\"async\" src=\"https:\/\/iwell-guard.com\/wp-content\/uploads\/2026\/07\/goetter_finnland_tapio-200x300.webp\" alt=\"Tapio\" loading=\"lazy\"><\/div><div class=\"iwg-wesen-card-body\"><div class=\"iwg-wesen-card-name\">Tapio<\/div><div class=\"iwg-wesen-card-arrow\">\u2192 K bytosti<\/div><\/div><\/a><a class=\"iwg-wesen-card\" href=\"https:\/\/iwell-guard.com\/cs\/nyyrikki\/\" aria-label=\"Nyyrikki\"><div class=\"iwg-wesen-card-imgwrap\"><img decoding=\"async\" src=\"https:\/\/iwell-guard.com\/wp-content\/uploads\/2026\/07\/goetter_finnland_nyyrikki-200x300.webp\" alt=\"Nyyrikki\" loading=\"lazy\"><\/div><div class=\"iwg-wesen-card-body\"><div class=\"iwg-wesen-card-name\">Nyyrikki<\/div><div class=\"iwg-wesen-card-arrow\">\u2192 K bytosti<\/div><\/div><\/a><a class=\"iwg-wesen-card\" href=\"https:\/\/iwell-guard.com\/cs\/mielikki\/\" aria-label=\"Mielikki\"><div class=\"iwg-wesen-card-imgwrap\"><img decoding=\"async\" src=\"https:\/\/iwell-guard.com\/wp-content\/uploads\/2026\/07\/goetter_finnland_mielikki-200x300.webp\" alt=\"Mielikki\" loading=\"lazy\"><\/div><div class=\"iwg-wesen-card-body\"><div class=\"iwg-wesen-card-name\">Mielikki<\/div><div class=\"iwg-wesen-card-arrow\">\u2192 K bytosti<\/div><\/div><\/a><a class=\"iwg-wesen-card\" href=\"https:\/\/iwell-guard.com\/cs\/vesihiisi\/\" aria-label=\"Vesihiisi\"><div class=\"iwg-wesen-card-imgwrap\"><img decoding=\"async\" src=\"https:\/\/iwell-guard.com\/wp-content\/uploads\/2026\/07\/daemonen_finnisch_vesihiisi-200x300.webp\" alt=\"Vesihiisi\" loading=\"lazy\"><\/div><div class=\"iwg-wesen-card-body\"><div class=\"iwg-wesen-card-name\">Vesihiisi<\/div><div class=\"iwg-wesen-card-arrow\">\u2192 K bytosti<\/div><\/div><\/a><a class=\"iwg-wesen-card\" href=\"https:\/\/iwell-guard.com\/cs\/vellamo\/\" aria-label=\"Vellamo\"><div class=\"iwg-wesen-card-imgwrap\"><img decoding=\"async\" src=\"https:\/\/iwell-guard.com\/wp-content\/uploads\/2026\/07\/goetter_finnisch_vellamo-200x300.webp\" alt=\"Vellamo\" loading=\"lazy\"><\/div><div class=\"iwg-wesen-card-body\"><div class=\"iwg-wesen-card-name\">Vellamo<\/div><div class=\"iwg-wesen-card-arrow\">\u2192 K bytosti<\/div><\/div><\/a><a class=\"iwg-wesen-card\" href=\"https:\/\/iwell-guard.com\/cs\/nakki\/\" aria-label=\"N\u00e4kki\"><div class=\"iwg-wesen-card-imgwrap\"><img decoding=\"async\" src=\"https:\/\/iwell-guard.com\/wp-content\/uploads\/2026\/07\/geister_finnisch_naekki-200x300.webp\" alt=\"N\u00e4kki\" loading=\"lazy\"><\/div><div class=\"iwg-wesen-card-body\"><div class=\"iwg-wesen-card-name\">N\u00e4kki<\/div><div class=\"iwg-wesen-card-arrow\">\u2192 K bytosti<\/div><\/div><\/a><a class=\"iwg-wesen-card\" href=\"https:\/\/iwell-guard.com\/cs\/iku-turso\/\" aria-label=\"Iku-Turso\"><div class=\"iwg-wesen-card-imgwrap\"><img decoding=\"async\" src=\"https:\/\/iwell-guard.com\/wp-content\/uploads\/2026\/07\/daemonen_finnisch_iku-turso-200x300.webp\" alt=\"Iku-Turso\" loading=\"lazy\"><\/div><div class=\"iwg-wesen-card-body\"><div class=\"iwg-wesen-card-name\">Iku-Turso<\/div><div class=\"iwg-wesen-card-arrow\">\u2192 K bytosti<\/div><\/div><\/a><a class=\"iwg-wesen-card\" href=\"https:\/\/iwell-guard.com\/cs\/ahti\/\" aria-label=\"Ahti\"><div class=\"iwg-wesen-card-imgwrap\"><img decoding=\"async\" src=\"https:\/\/iwell-guard.com\/wp-content\/uploads\/2026\/07\/goetter_finnisch_ahti-200x300.webp\" alt=\"Ahti\" loading=\"lazy\"><\/div><div class=\"iwg-wesen-card-body\"><div class=\"iwg-wesen-card-name\">Ahti<\/div><div class=\"iwg-wesen-card-arrow\">\u2192 K bytosti<\/div><\/div><\/a><a class=\"iwg-wesen-card\" href=\"https:\/\/iwell-guard.com\/cs\/tuuletar\/\" aria-label=\"Tuuletar\"><div class=\"iwg-wesen-card-imgwrap\"><img decoding=\"async\" src=\"https:\/\/iwell-guard.com\/wp-content\/uploads\/2026\/07\/geister_finnisch_tuuletar-200x300.webp\" alt=\"Tuuletar\" loading=\"lazy\"><\/div><div class=\"iwg-wesen-card-body\"><div class=\"iwg-wesen-card-name\">Tuuletar<\/div><div class=\"iwg-wesen-card-arrow\">\u2192 K bytosti<\/div><\/div><\/a><a class=\"iwg-wesen-card\" href=\"https:\/\/iwell-guard.com\/cs\/ilmarinen\/\" aria-label=\"Ilmarinen\"><div class=\"iwg-wesen-card-imgwrap\"><img decoding=\"async\" src=\"https:\/\/iwell-guard.com\/wp-content\/uploads\/2026\/07\/goetter_finnisch_ilmarinen-200x300.webp\" alt=\"Ilmarinen\" loading=\"lazy\"><\/div><div class=\"iwg-wesen-card-body\"><div class=\"iwg-wesen-card-name\">Ilmarinen<\/div><div class=\"iwg-wesen-card-arrow\">\u2192 K bytosti<\/div><\/div><\/a><a class=\"iwg-wesen-card\" href=\"https:\/\/iwell-guard.com\/cs\/maahinen\/\" aria-label=\"Maahinen\"><div class=\"iwg-wesen-card-imgwrap\"><img decoding=\"async\" src=\"https:\/\/iwell-guard.com\/wp-content\/uploads\/2026\/07\/geister_finnisch_maahinen-200x300.webp\" alt=\"Maahinen\" loading=\"lazy\"><\/div><div class=\"iwg-wesen-card-body\"><div class=\"iwg-wesen-card-name\">Maahinen<\/div><div class=\"iwg-wesen-card-arrow\">\u2192 K bytosti<\/div><\/div><\/a><a class=\"iwg-wesen-card\" href=\"https:\/\/iwell-guard.com\/cs\/hiisi\/\" aria-label=\"Hiisi\"><div class=\"iwg-wesen-card-imgwrap\"><img decoding=\"async\" src=\"https:\/\/iwell-guard.com\/wp-content\/uploads\/2026\/07\/geister_finnisch_hiisi-200x300.webp\" alt=\"Hiisi\" loading=\"lazy\"><\/div><div class=\"iwg-wesen-card-body\"><div class=\"iwg-wesen-card-name\">Hiisi<\/div><div class=\"iwg-wesen-card-arrow\">\u2192 K bytosti<\/div><\/div><\/a><a class=\"iwg-wesen-card\" href=\"https:\/\/iwell-guard.com\/cs\/tonttu\/\" aria-label=\"Tonttu\"><div class=\"iwg-wesen-card-imgwrap\"><img decoding=\"async\" src=\"https:\/\/iwell-guard.com\/wp-content\/uploads\/2026\/07\/geister_finnisch_tonttu-200x300.webp\" alt=\"Tonttu\" loading=\"lazy\"><\/div><div class=\"iwg-wesen-card-body\"><div class=\"iwg-wesen-card-name\">Tonttu<\/div><div class=\"iwg-wesen-card-arrow\">\u2192 K bytosti<\/div><\/div><\/a><a class=\"iwg-wesen-card\" href=\"https:\/\/iwell-guard.com\/cs\/haltija\/\" aria-label=\"Haltija\"><div class=\"iwg-wesen-card-imgwrap\"><img decoding=\"async\" src=\"https:\/\/iwell-guard.com\/wp-content\/uploads\/2026\/07\/geister_finnisch_haltija-200x300.webp\" alt=\"Haltija\" loading=\"lazy\"><\/div><div class=\"iwg-wesen-card-body\"><div class=\"iwg-wesen-card-name\">Haltija<\/div><div class=\"iwg-wesen-card-arrow\">\u2192 K bytosti<\/div><\/div><\/a><\/div>\t\t\t\t\t\t\t\t<\/div>\n\t\t\t\t\t<\/div>\n\t\t\t\t<\/div>\n\t\t\t\t\t<\/div>\n\t\t\t\t<\/div>\n\t\t<div class=\"elementor-element elementor-element-iwgkw2-add-sami e-flex e-con-boxed e-con e-parent\" data-id=\"iwgkw2-add-sami\" data-element_type=\"container\" data-e-type=\"container\">\n\t\t\t\t\t<div class=\"e-con-inner\">\n\t\t\t\t<div class=\"elementor-element elementor-element-iwgkw2-add-sami-t elementor-widget elementor-widget-text-editor\" data-id=\"iwgkw2-add-sami-t\" data-element_type=\"widget\" data-e-type=\"widget\" data-widget_type=\"text-editor.default\">\n\t\t\t\t\t\t\t\t\t<p><em>Mytologie Kalevaly<\/em> spojuje runov\u00fd zp\u011bv, sv\u011bt duch\u016f Haltija a <em>lesn\u00ed bo\u017estva Tapio<\/em> v samostatnou ochrannou praxi, v n\u00ed\u017e lovci, ryb\u00e1\u0159i a obyvatel\u00e9 statk\u016f drobn\u00fdmi dary usilovali o p\u0159\u00edze\u0148 Tapia, Ahtiho a Tonttua.<\/p>\t\t\t\t\t\t\t\t<\/div>\n\t\t\t\t\t<\/div>\n\t\t\t\t<\/div>\n\t\t<div class=\"elementor-element elementor-element-iwgcn-sami-kwd e-flex e-con-boxed e-con e-parent\" data-id=\"iwgcn-sami-kwd\" data-element_type=\"container\" data-e-type=\"container\">\n\t\t\t\t\t<div class=\"e-con-inner\">\n\t\t<div class=\"elementor-element elementor-element-iwgcn-sami-kwd-c e-con-full e-flex e-con e-child\" data-id=\"iwgcn-sami-kwd-c\" data-element_type=\"container\" data-e-type=\"container\">\n\t\t\t\t<div class=\"elementor-element elementor-element-iwgcn-sami-kwdt elementor-widget elementor-widget-text-editor\" data-id=\"iwgcn-sami-kwdt\" data-element_type=\"widget\" data-e-type=\"widget\" data-widget_type=\"text-editor.default\">\n\t\t\t\t\t\t\t\t\t<p><em>P\u0159\u00edbuzn\u00e9 kl\u00ed\u010dov\u00e9 pojmy: Kalevala, Tapio, Ahti, Vellamo, Mielikki, Haltija, Tonttu, Hiisi, Karelie, L\u00f6nnrot.<\/em><\/p>\t\t\t\t\t\t\t\t<\/div>\n\t\t\t\t<\/div>\n\t\t\t\t\t<\/div>\n\t\t\t\t<\/div>\n\t\t<div class=\"elementor-element elementor-element-iwgcn-sami-cc e-flex e-con-boxed e-con e-parent\" data-id=\"iwgcn-sami-cc\" data-element_type=\"container\" data-e-type=\"container\" id=\"iwg-cc-sami\">\n\t\t\t\t\t<div class=\"e-con-inner\">\n\t\t<div class=\"elementor-element elementor-element-iwgcn-sami-ccinner e-flex e-con-boxed e-con e-parent\" data-id=\"iwgcn-sami-ccinner\" data-element_type=\"container\" data-e-type=\"container\" data-settings=\"{&quot;background_background&quot;:&quot;classic&quot;}\">\n\t\t\t\t\t<div class=\"e-con-inner\">\n\t\t\t\t<div class=\"elementor-element elementor-element-iwgcn-sami-cch elementor-widget elementor-widget-heading\" data-id=\"iwgcn-sami-cch\" data-element_type=\"widget\" data-e-type=\"widget\" data-widget_type=\"heading.default\">\n\t\t\t\t\t<h2 class=\"elementor-heading-title elementor-size-default\">Ochrann\u00e9 p\u0159edm\u011bty v t\u00e9to kulturn\u00ed tradici<\/h2>\t\t\t\t<\/div>\n\t\t\t\t<div class=\"elementor-element elementor-element-iwgcn-sami-cct elementor-widget elementor-widget-text-editor\" data-id=\"iwgcn-sami-cct\" data-element_type=\"widget\" data-e-type=\"widget\" data-widget_type=\"text-editor.default\">\n\t\t\t\t\t\t\t\t\t<p>Finsk\u00e1 tradice zn\u00e1 drobn\u00e9 pokrmov\u00e9 dary pro Tonttu jako dom\u00e1c\u00edho ducha, <a href=\"https:\/\/iwell-guard.com\/cs\/?page_id=146375\">kouzeln\u00e9 formule<\/a> a runov\u00e9 zp\u011bvy na ochranu p\u0159ed vodn\u00edmi a lesn\u00edmi duchy, a saunu jako ritu\u00e1ln\u011b vy\u010di\u0161t\u011bn\u00fd ochrann\u00fd prostor s vlastn\u00edm duchem L\u00f6yly; p\u0159enosn\u00e9 <a href=\"https:\/\/iwell-guard.com\/cs\/amulet\/\">amulety<\/a> jsou dolo\u017eeny m\u00e9n\u011b \u010dasto ne\u017e m\u00edstn\u011b v\u00e1zan\u00e9 zvyky. P\u0159ehled o ochrann\u00fdch form\u00e1ch r\u016fzn\u00fdch kultur nab\u00edz\u00ed <a href=\"https:\/\/iwell-guard.com\/cs\/kompas-ochrany\/\">Schutz-Kompass<\/a>.<\/p><div data-nosnippet=\"true\"><p>iWell Guard navazuje na tuto kulturn\u011bhistorickou linii p\u0159enosn\u00fdch ochrann\u00fdch p\u0159edm\u011bt\u016f, v soudob\u00e9 materi\u00e1lov\u00e9 architektu\u0159e, vyr\u00e1b\u011bn\u00fd v N\u011bmecku. 41 vrstev, ryz\u00ed zlato, platina, st\u0159\u00edbro. 30denn\u00ed pr\u00e1vo na vr\u00e1cen\u00ed.<\/p><\/div>\t\t\t\t\t\t\t\t<\/div>\n\t\t\t\t<div class=\"elementor-element elementor-element-iwgcn-sami-ccb iwg-cc-button iwg-cc-cta-2026-05-13 elementor-widget elementor-widget-jet-button\" data-id=\"iwgcn-sami-ccb\" data-element_type=\"widget\" data-e-type=\"widget\" data-widget_type=\"jet-button.default\">\n\t\t\t\t<div class=\"elementor-widget-container\">\n\t\t\t\t\t<div class=\"elementor-jet-button jet-elements\"><div class=\"jet-button__container\"><a class=\"jet-button__instance jet-button__instance--icon-left hover-effect-1\" href=\"\/ueber-iwell-guard\/?utm_source=iwell-guard.com&amp;utm_medium=info-box&amp;utm_campaign=kultur-tradition\"><div class=\"jet-button__plane jet-button__plane-normal\"><\/div><div class=\"jet-button__plane jet-button__plane-hover\"><\/div><div class=\"jet-button__state jet-button__state-normal\"><span class=\"jet-button__label\">V\u00edce o iWell Guard<\/span><\/div><div class=\"jet-button__state jet-button__state-hover\"><span class=\"jet-button__label\">V\u00edce o iWell Guard<\/span><\/div><\/a><\/div><\/div><style>.elementor-element.elementor-element-iwgcn-sami-ccb .jet-button__instance{width:320px;height:56px;}.elementor-element.elementor-element-iwgcn-sami-ccb .jet-button__state-normal .jet-button__label{text-align:center;margin:0px 0px 0px 0px;color:#1a1b20;font-family:Montserrat,sans-serif;font-size:13px;font-weight:400;letter-spacing:4px;line-height:1.714em;text-transform:uppercase;}.elementor-element.elementor-element-iwgcn-sami-ccb .jet-button__state-hover .jet-button__label{text-align:center;margin:0px 0px 0px 0px;color:#FECC76;font-family:Montserrat,sans-serif;font-size:13px;font-weight:400;letter-spacing:4px;line-height:1.714em;text-transform:uppercase;}.elementor-element.elementor-element-iwgcn-sami-ccb .jet-button__plane-normal{background-color:#FECC76;border-style:solid;border-color:#C99540;border-width:2px 2px 2px 2px;}.elementor-element.elementor-element-iwgcn-sami-ccb .jet-button__plane-hover{background-color:rgba(0,0,0,0.55);border-style:solid;border-color:#FECC76;border-width:2px 2px 2px 2px;}<\/style>\t\t\t\t<\/div>\n\t\t\t\t<\/div>\n\t\t\t\t<div class=\"elementor-element elementor-element-iwgcn-sami-ccd elementor-widget elementor-widget-text-editor\" data-id=\"iwgcn-sami-ccd\" data-element_type=\"widget\" data-e-type=\"widget\" data-widget_type=\"text-editor.default\">\n\t\t\t\t\t\t\t\t\t<div data-nosnippet=\"true\"><p style=\"text-align:center;font-size:13px;opacity:0.7;margin-top:14px\" data-nosnippet=\"true\">Osobn\u00ed zku\u0161enosti se mohou li\u0161it. Nejedn\u00e1 se o zdravotnick\u00fd prost\u0159edek. Nen\u00ed slibem l\u00e9\u010div\u00e9ho \u00fa\u010dinku.<\/p><\/div>\t\t\t\t\t\t\t\t<\/div>\n\t\t\t\t\t<\/div>\n\t\t\t\t<\/div>\n\t\t\t\t\t<\/div>\n\t\t\t\t<\/div>\n\t\t<div class=\"elementor-element elementor-element-iwgcn-sami-disc e-flex e-con-boxed e-con e-parent\" data-id=\"iwgcn-sami-disc\" data-element_type=\"container\" data-e-type=\"container\">\n\t\t\t\t\t<div class=\"e-con-inner\">\n\t\t\t\t<div class=\"elementor-element elementor-element-iwgcn-sami-discw elementor-widget elementor-widget-html\" data-id=\"iwgcn-sami-discw\" data-element_type=\"widget\" data-e-type=\"widget\" data-widget_type=\"html.default\">\n\t\t\t\t\t<footer data-nosnippet=\"true\" class=\"iwg-disclaimer-block\"><p data-nosnippet=\"true\">iWell Guard <strong>nen\u00ed zdravotnick\u00fd prost\u0159edek<\/strong> a nenahrazuje l\u00e9ka\u0159skou ani psychoterapeutickou l\u00e9\u010dbu. Religionistick\u00fd obsah p\u0159edstavuje kulturn\u011b-historick\u00e9 za\u0159azen\u00ed, nikoli doporu\u010den\u00ed duchovn\u00ed praxe.<\/p><\/footer>\t\t\t\t<\/div>\n\t\t\t\t\t<\/div>\n\t\t\t\t<\/div>\n\t\t\t\t<\/div>\n\t\t","protected":false},"excerpt":{"rendered":"","protected":false},"author":3,"featured_media":20431,"parent":0,"menu_order":0,"comment_status":"closed","ping_status":"closed","template":"elementor_header_footer","meta":{"_yoast_wpseo_focuskw":"finsk\u00e1 mytologie","_yoast_wpseo_title":"Finsk\u00e1 mytologie: Kalevala, Tapio a Ahti","_yoast_wpseo_metadesc":"Lesn\u00ed b\u016fh Tapio, vodn\u00ed bo\u017estvo Ahti a duchovn\u00ed sv\u011bt haltija z Kalevaly: finsk\u00e1 mytologie z pohledu religionistiky.","_yoast_wpseo_meta-robots-noindex":"","_yoast_wpseo_canonical":"","_angie_page":false,"gefaehrdungsstufe":"","wesen_kultur":"","wesen_klasse":"","footnotes":""},"categories":[],"class_list":["post-146380","page","type-page","status-publish","has-post-thumbnail","hentry"],"yoast_head":"<!-- This site is optimized with the Yoast SEO Premium plugin v27.7 (Yoast SEO v28.3) - https:\/\/yoast.com\/product\/yoast-seo-premium-wordpress\/ -->\n<title>Finsk\u00e1 mytologie: Kalevala, Tapio a Ahti<\/title>\n<meta name=\"description\" content=\"Lesn\u00ed b\u016fh Tapio, vodn\u00ed bo\u017estvo Ahti a duchovn\u00ed sv\u011bt haltija z Kalevaly: finsk\u00e1 mytologie z pohledu religionistiky.\" \/>\n<meta name=\"robots\" content=\"index, follow, max-snippet:-1, max-image-preview:large, max-video-preview:-1\" \/>\n<link rel=\"canonical\" href=\"https:\/\/iwell-guard.com\/cs\/finska-mytologie\/\" \/>\n<meta property=\"og:locale\" content=\"cs_CZ\" \/>\n<meta property=\"og:type\" content=\"article\" \/>\n<meta property=\"og:title\" content=\"Finsk\u00e1 mytologie\" \/>\n<meta property=\"og:description\" content=\"Lesn\u00ed b\u016fh Tapio, vodn\u00ed bo\u017estvo Ahti a duchovn\u00ed sv\u011bt haltija z Kalevaly: finsk\u00e1 mytologie z pohledu religionistiky.\" \/>\n<meta property=\"og:url\" content=\"https:\/\/iwell-guard.com\/cs\/finska-mytologie\/\" \/>\n<meta property=\"og:site_name\" content=\"iWell Guard\" \/>\n<meta property=\"article:modified_time\" content=\"2026-09-03T17:21:51+00:00\" \/>\n<meta property=\"og:image\" content=\"https:\/\/iwell-guard.com\/wp-content\/uploads\/2026\/07\/goetter_finnland_tapio.webp\" \/>\n\t<meta property=\"og:image:width\" content=\"1024\" \/>\n\t<meta property=\"og:image:height\" content=\"1536\" \/>\n\t<meta property=\"og:image:type\" content=\"image\/webp\" \/>\n<meta name=\"twitter:card\" content=\"summary_large_image\" \/>\n<script type=\"application\/ld+json\" class=\"yoast-schema-graph\">{\"@context\":\"https:\\\/\\\/schema.org\",\"@graph\":[{\"@type\":\"WebPage\",\"@id\":\"https:\\\/\\\/iwell-guard.com\\\/cs\\\/finska-mytologie\\\/\",\"url\":\"https:\\\/\\\/iwell-guard.com\\\/cs\\\/finska-mytologie\\\/\",\"name\":\"Finsk\u00e1 mytologie: Kalevala, Tapio a Ahti\",\"isPartOf\":{\"@id\":\"https:\\\/\\\/iwell-guard.com\\\/cs\\\/#website\"},\"primaryImageOfPage\":{\"@id\":\"https:\\\/\\\/iwell-guard.com\\\/cs\\\/finska-mytologie\\\/#primaryimage\"},\"image\":{\"@id\":\"https:\\\/\\\/iwell-guard.com\\\/cs\\\/finska-mytologie\\\/#primaryimage\"},\"thumbnailUrl\":\"https:\\\/\\\/iwell-guard.com\\\/wp-content\\\/uploads\\\/2026\\\/07\\\/goetter_finnland_tapio.webp\",\"datePublished\":\"2026-09-03T16:46:32+00:00\",\"dateModified\":\"2026-09-03T17:21:51+00:00\",\"description\":\"Lesn\u00ed b\u016fh Tapio, vodn\u00ed bo\u017estvo Ahti a duchovn\u00ed sv\u011bt haltija z Kalevaly: finsk\u00e1 mytologie z pohledu religionistiky.\",\"breadcrumb\":{\"@id\":\"https:\\\/\\\/iwell-guard.com\\\/cs\\\/finska-mytologie\\\/#breadcrumb\"},\"inLanguage\":\"cs\",\"potentialAction\":[{\"@type\":\"ReadAction\",\"target\":[\"https:\\\/\\\/iwell-guard.com\\\/cs\\\/finska-mytologie\\\/\"]}]},{\"@type\":\"ImageObject\",\"inLanguage\":\"cs\",\"@id\":\"https:\\\/\\\/iwell-guard.com\\\/cs\\\/finska-mytologie\\\/#primaryimage\",\"url\":\"https:\\\/\\\/iwell-guard.com\\\/wp-content\\\/uploads\\\/2026\\\/07\\\/goetter_finnland_tapio.webp\",\"contentUrl\":\"https:\\\/\\\/iwell-guard.com\\\/wp-content\\\/uploads\\\/2026\\\/07\\\/goetter_finnland_tapio.webp\",\"width\":1024,\"height\":1536,\"caption\":\"Tapio, b\u016fh finsk\u00e9 tradice\"},{\"@type\":\"BreadcrumbList\",\"@id\":\"https:\\\/\\\/iwell-guard.com\\\/cs\\\/finska-mytologie\\\/#breadcrumb\",\"itemListElement\":[{\"@type\":\"ListItem\",\"position\":1,\"name\":\"Start\",\"item\":\"https:\\\/\\\/iwell-guard.com\\\/cs\\\/?page_id=145107\"},{\"@type\":\"ListItem\",\"position\":2,\"name\":\"Finsk\u00e1 mytologie\"}]},{\"@type\":\"WebSite\",\"@id\":\"https:\\\/\\\/iwell-guard.com\\\/cs\\\/#website\",\"url\":\"https:\\\/\\\/iwell-guard.com\\\/cs\\\/\",\"name\":\"iWell Guard\",\"description\":\"Schutz vor dunklen Einfl\u00fcssen\",\"publisher\":{\"@id\":\"https:\\\/\\\/iwell-guard.com\\\/cs\\\/#organization\"},\"potentialAction\":[{\"@type\":\"SearchAction\",\"target\":{\"@type\":\"EntryPoint\",\"urlTemplate\":\"https:\\\/\\\/iwell-guard.com\\\/cs\\\/?s={search_term_string}\"},\"query-input\":{\"@type\":\"PropertyValueSpecification\",\"valueRequired\":true,\"valueName\":\"search_term_string\"}}],\"inLanguage\":\"cs\"},{\"@type\":\"Organization\",\"@id\":\"https:\\\/\\\/iwell-guard.com\\\/cs\\\/#organization\",\"name\":\"Ittermann electronic GmbH\",\"url\":\"https:\\\/\\\/iwell-guard.com\\\/cs\\\/\",\"logo\":{\"@type\":\"ImageObject\",\"inLanguage\":\"cs\",\"@id\":\"https:\\\/\\\/iwell-guard.com\\\/cs\\\/#\\\/schema\\\/logo\\\/image\\\/\",\"url\":\"https:\\\/\\\/iwell-guard.com\\\/wp-content\\\/uploads\\\/2026\\\/05\\\/Ittermann-Logo-1182x237-1.png\",\"contentUrl\":\"https:\\\/\\\/iwell-guard.com\\\/wp-content\\\/uploads\\\/2026\\\/05\\\/Ittermann-Logo-1182x237-1.png\",\"width\":1182,\"height\":237,\"caption\":\"Ittermann electronic GmbH\"},\"image\":{\"@id\":\"https:\\\/\\\/iwell-guard.com\\\/cs\\\/#\\\/schema\\\/logo\\\/image\\\/\"},\"sameAs\":[\"https:\\\/\\\/pantip.com\\\/profile\\\/9367242\",\"https:\\\/\\\/micro.blog\\\/iwellguard\",\"https:\\\/\\\/www.diggerslist.com\\\/iwellguard\\\/about\",\"https:\\\/\\\/skitterphoto.com\\\/photographers\\\/2870314\\\/iwell-guard\",\"https:\\\/\\\/iwellguard.wordpress.com\\\/2026\\\/06\\\/06\\\/iwell-guard\\\/\",\"https:\\\/\\\/hub.docker.com\\\/u\\\/iwellguard\",\"https:\\\/\\\/www.pinterest.com\\\/iwellguard\\\/\",\"https:\\\/\\\/bit.ly\\\/m\\\/iwellguard\",\"https:\\\/\\\/entre-vos-mains.alsace.eu\\\/profiles\\\/iwellguard\\\/activity\",\"https:\\\/\\\/gravatar.com\\\/reallybeded8fd34\",\"https:\\\/\\\/naijamatta.com\\\/iwellguard\",\"https:\\\/\\\/www.goodreads.com\\\/iwellguard\",\"https:\\\/\\\/profile.hatena.ne.jp\\\/iwellguard\\\/\",\"https:\\\/\\\/experiment.com\\\/users\\\/iwellguard\",\"https:\\\/\\\/wakelet.com\\\/@iWellGuard82270\",\"https:\\\/\\\/www.chordie.com\\\/forum\\\/profile.php?id=2555664\",\"https:\\\/\\\/www.instapaper.com\\\/p\\\/17757966\",\"https:\\\/\\\/www.mapleprimes.com\\\/users\\\/iwellguard\",\"https:\\\/\\\/businesslistingplus.com\\\/profile\\\/iwell-guard\\\/\",\"https:\\\/\\\/telegra.ph\\\/iWell-Guard-06-06\",\"https:\\\/\\\/pbase.com\\\/iwellguard\\\/iwellguard\",\"https:\\\/\\\/b.hatena.ne.jp\\\/iwellguard\\\/20260607#bookmark-4788405196491818882\",\"https:\\\/\\\/fliphtml5.com\\\/home\\\/iwellguard\",\"https:\\\/\\\/anyflip.com\\\/homepage\\\/cmiwl#About\",\"https:\\\/\\\/transfur.com\\\/Users\\\/iwellguard\",\"http:\\\/\\\/delphi.larsbo.org\\\/user\\\/iwellguard\",\"https:\\\/\\\/jobs.lajobsportal.org\\\/profiles\\\/8380803-iwell-guard\",\"https:\\\/\\\/md.chaosdorf.de\\\/s\\\/jfbe5SBdJD\",\"https:\\\/\\\/www.lingvolive.com\\\/en-us\\\/profile\\\/9ecaeaca-ce11-4e51-9e71-01d55e2bff36\\\/translations\",\"https:\\\/\\\/www.fitday.com\\\/fitness\\\/forums\\\/members\\\/iwellguard.html\",\"https:\\\/\\\/www.mymeetbook.com\\\/iwellguard\",\"https:\\\/\\\/pxhere.com\\\/en\\\/photographer-me\\\/5040798\",\"https:\\\/\\\/disqus.com\\\/by\\\/iwellguard\\\/about\\\/\",\"https:\\\/\\\/pastelink.net\\\/hjwciqwq\",\"https:\\\/\\\/pubhtml5.com\\\/homepage\\\/scjhn\\\/\",\"https:\\\/\\\/www.bitchute.com\\\/channel\\\/2O2eOKzNqujT\",\"https:\\\/\\\/audiomack.com\\\/iwellguard\"]}]}<\/script>\n<!-- \/ Yoast SEO Premium plugin. -->","yoast_head_json":{"title":"Finsk\u00e1 mytologie: Kalevala, Tapio a Ahti","description":"Lesn\u00ed b\u016fh Tapio, vodn\u00ed bo\u017estvo Ahti a duchovn\u00ed sv\u011bt haltija z Kalevaly: finsk\u00e1 mytologie z pohledu religionistiky.","robots":{"index":"index","follow":"follow","max-snippet":"max-snippet:-1","max-image-preview":"max-image-preview:large","max-video-preview":"max-video-preview:-1"},"canonical":"https:\/\/iwell-guard.com\/cs\/finska-mytologie\/","og_locale":"cs_CZ","og_type":"article","og_title":"Finsk\u00e1 mytologie","og_description":"Lesn\u00ed b\u016fh Tapio, vodn\u00ed bo\u017estvo Ahti a duchovn\u00ed sv\u011bt haltija z Kalevaly: finsk\u00e1 mytologie z pohledu religionistiky.","og_url":"https:\/\/iwell-guard.com\/cs\/finska-mytologie\/","og_site_name":"iWell Guard","article_modified_time":"2026-09-03T17:21:51+00:00","og_image":[{"width":1024,"height":1536,"url":"https:\/\/iwell-guard.com\/wp-content\/uploads\/2026\/07\/goetter_finnland_tapio.webp","type":"image\/webp"}],"twitter_card":"summary_large_image","schema":{"@context":"https:\/\/schema.org","@graph":[{"@type":"WebPage","@id":"https:\/\/iwell-guard.com\/cs\/finska-mytologie\/","url":"https:\/\/iwell-guard.com\/cs\/finska-mytologie\/","name":"Finsk\u00e1 mytologie: Kalevala, Tapio a Ahti","isPartOf":{"@id":"https:\/\/iwell-guard.com\/cs\/#website"},"primaryImageOfPage":{"@id":"https:\/\/iwell-guard.com\/cs\/finska-mytologie\/#primaryimage"},"image":{"@id":"https:\/\/iwell-guard.com\/cs\/finska-mytologie\/#primaryimage"},"thumbnailUrl":"https:\/\/iwell-guard.com\/wp-content\/uploads\/2026\/07\/goetter_finnland_tapio.webp","datePublished":"2026-09-03T16:46:32+00:00","dateModified":"2026-09-03T17:21:51+00:00","description":"Lesn\u00ed b\u016fh Tapio, vodn\u00ed bo\u017estvo Ahti a duchovn\u00ed sv\u011bt haltija z Kalevaly: finsk\u00e1 mytologie z pohledu religionistiky.","breadcrumb":{"@id":"https:\/\/iwell-guard.com\/cs\/finska-mytologie\/#breadcrumb"},"inLanguage":"cs","potentialAction":[{"@type":"ReadAction","target":["https:\/\/iwell-guard.com\/cs\/finska-mytologie\/"]}]},{"@type":"ImageObject","inLanguage":"cs","@id":"https:\/\/iwell-guard.com\/cs\/finska-mytologie\/#primaryimage","url":"https:\/\/iwell-guard.com\/wp-content\/uploads\/2026\/07\/goetter_finnland_tapio.webp","contentUrl":"https:\/\/iwell-guard.com\/wp-content\/uploads\/2026\/07\/goetter_finnland_tapio.webp","width":1024,"height":1536,"caption":"Tapio, b\u016fh finsk\u00e9 tradice"},{"@type":"BreadcrumbList","@id":"https:\/\/iwell-guard.com\/cs\/finska-mytologie\/#breadcrumb","itemListElement":[{"@type":"ListItem","position":1,"name":"Start","item":"https:\/\/iwell-guard.com\/cs\/?page_id=145107"},{"@type":"ListItem","position":2,"name":"Finsk\u00e1 mytologie"}]},{"@type":"WebSite","@id":"https:\/\/iwell-guard.com\/cs\/#website","url":"https:\/\/iwell-guard.com\/cs\/","name":"iWell Guard","description":"Schutz vor dunklen Einfl\u00fcssen","publisher":{"@id":"https:\/\/iwell-guard.com\/cs\/#organization"},"potentialAction":[{"@type":"SearchAction","target":{"@type":"EntryPoint","urlTemplate":"https:\/\/iwell-guard.com\/cs\/?s={search_term_string}"},"query-input":{"@type":"PropertyValueSpecification","valueRequired":true,"valueName":"search_term_string"}}],"inLanguage":"cs"},{"@type":"Organization","@id":"https:\/\/iwell-guard.com\/cs\/#organization","name":"Ittermann electronic GmbH","url":"https:\/\/iwell-guard.com\/cs\/","logo":{"@type":"ImageObject","inLanguage":"cs","@id":"https:\/\/iwell-guard.com\/cs\/#\/schema\/logo\/image\/","url":"https:\/\/iwell-guard.com\/wp-content\/uploads\/2026\/05\/Ittermann-Logo-1182x237-1.png","contentUrl":"https:\/\/iwell-guard.com\/wp-content\/uploads\/2026\/05\/Ittermann-Logo-1182x237-1.png","width":1182,"height":237,"caption":"Ittermann electronic GmbH"},"image":{"@id":"https:\/\/iwell-guard.com\/cs\/#\/schema\/logo\/image\/"},"sameAs":["https:\/\/pantip.com\/profile\/9367242","https:\/\/micro.blog\/iwellguard","https:\/\/www.diggerslist.com\/iwellguard\/about","https:\/\/skitterphoto.com\/photographers\/2870314\/iwell-guard","https:\/\/iwellguard.wordpress.com\/2026\/06\/06\/iwell-guard\/","https:\/\/hub.docker.com\/u\/iwellguard","https:\/\/www.pinterest.com\/iwellguard\/","https:\/\/bit.ly\/m\/iwellguard","https:\/\/entre-vos-mains.alsace.eu\/profiles\/iwellguard\/activity","https:\/\/gravatar.com\/reallybeded8fd34","https:\/\/naijamatta.com\/iwellguard","https:\/\/www.goodreads.com\/iwellguard","https:\/\/profile.hatena.ne.jp\/iwellguard\/","https:\/\/experiment.com\/users\/iwellguard","https:\/\/wakelet.com\/@iWellGuard82270","https:\/\/www.chordie.com\/forum\/profile.php?id=2555664","https:\/\/www.instapaper.com\/p\/17757966","https:\/\/www.mapleprimes.com\/users\/iwellguard","https:\/\/businesslistingplus.com\/profile\/iwell-guard\/","https:\/\/telegra.ph\/iWell-Guard-06-06","https:\/\/pbase.com\/iwellguard\/iwellguard","https:\/\/b.hatena.ne.jp\/iwellguard\/20260607#bookmark-4788405196491818882","https:\/\/fliphtml5.com\/home\/iwellguard","https:\/\/anyflip.com\/homepage\/cmiwl#About","https:\/\/transfur.com\/Users\/iwellguard","http:\/\/delphi.larsbo.org\/user\/iwellguard","https:\/\/jobs.lajobsportal.org\/profiles\/8380803-iwell-guard","https:\/\/md.chaosdorf.de\/s\/jfbe5SBdJD","https:\/\/www.lingvolive.com\/en-us\/profile\/9ecaeaca-ce11-4e51-9e71-01d55e2bff36\/translations","https:\/\/www.fitday.com\/fitness\/forums\/members\/iwellguard.html","https:\/\/www.mymeetbook.com\/iwellguard","https:\/\/pxhere.com\/en\/photographer-me\/5040798","https:\/\/disqus.com\/by\/iwellguard\/about\/","https:\/\/pastelink.net\/hjwciqwq","https:\/\/pubhtml5.com\/homepage\/scjhn\/","https:\/\/www.bitchute.com\/channel\/2O2eOKzNqujT","https:\/\/audiomack.com\/iwellguard"]}]}},"_links":{"self":[{"href":"https:\/\/iwell-guard.com\/cs\/wp-json\/wp\/v2\/pages\/146380","targetHints":{"allow":["GET"]}}],"collection":[{"href":"https:\/\/iwell-guard.com\/cs\/wp-json\/wp\/v2\/pages"}],"about":[{"href":"https:\/\/iwell-guard.com\/cs\/wp-json\/wp\/v2\/types\/page"}],"author":[{"embeddable":true,"href":"https:\/\/iwell-guard.com\/cs\/wp-json\/wp\/v2\/users\/3"}],"replies":[{"embeddable":true,"href":"https:\/\/iwell-guard.com\/cs\/wp-json\/wp\/v2\/comments?post=146380"}],"version-history":[{"count":0,"href":"https:\/\/iwell-guard.com\/cs\/wp-json\/wp\/v2\/pages\/146380\/revisions"}],"wp:featuredmedia":[{"embeddable":true,"href":"https:\/\/iwell-guard.com\/cs\/wp-json\/wp\/v2\/media\/20431"}],"wp:attachment":[{"href":"https:\/\/iwell-guard.com\/cs\/wp-json\/wp\/v2\/media?parent=146380"}],"wp:term":[{"taxonomy":"category","embeddable":true,"href":"https:\/\/iwell-guard.com\/cs\/wp-json\/wp\/v2\/categories?post=146380"}],"curies":[{"name":"wp","href":"https:\/\/api.w.org\/{rel}","templated":true}]}}