{"id":146378,"date":"2026-09-03T16:46:31","date_gmt":"2026-09-03T16:46:31","guid":{"rendered":"https:\/\/iwell-guard.com\/?page_id=146378"},"modified":"2026-09-03T17:21:46","modified_gmt":"2026-09-03T17:21:46","slug":"filipinska-mytologie","status":"publish","type":"page","link":"https:\/\/iwell-guard.com\/cs\/filipinska-mytologie\/","title":{"rendered":"Filip\u00ednsk\u00e1 mytologie"},"content":{"rendered":"\t\t<div data-elementor-type=\"wp-page\" data-elementor-id=\"146378\" class=\"elementor elementor-146378 elementor-20558 elementor-bc-flex-widget\" data-elementor-post-type=\"page\">\n\t\t\t\t<div class=\"elementor-element elementor-element-iwgcn-sami-hero iwg-kultur-hero e-flex e-con-boxed e-con e-parent\" data-id=\"iwgcn-sami-hero\" data-element_type=\"container\" data-e-type=\"container\">\n\t\t\t\t\t<div class=\"e-con-inner\">\n\t\t<div class=\"elementor-element elementor-element-iwgcn-sami-hl iwg-kultur-hero-left e-flex e-con-boxed e-con e-child\" data-id=\"iwgcn-sami-hl\" data-element_type=\"container\" data-e-type=\"container\">\n\t\t\t\t\t<div class=\"e-con-inner\">\n\t\t\t\t<div class=\"elementor-element elementor-element-iwgcn-sami-h1 elementor-widget elementor-widget-heading\" data-id=\"iwgcn-sami-h1\" data-element_type=\"widget\" data-e-type=\"widget\" data-widget_type=\"heading.default\">\n\t\t\t\t\t<h1 class=\"elementor-heading-title elementor-size-default\">Filip\u00ednsk\u00e1 mytologie, v\u00edra v anito a aswangsk\u00fd komplex<\/h1>\t\t\t\t<\/div>\n\t\t<div class=\"elementor-element elementor-element-iwgcn-sami-leadc e-con-full e-flex e-con e-child\" data-id=\"iwgcn-sami-leadc\" data-element_type=\"container\" data-e-type=\"container\">\n\t\t\t\t<div class=\"elementor-element elementor-element-iwgcn-sami-lead elementor-widget elementor-widget-text-editor\" data-id=\"iwgcn-sami-lead\" data-element_type=\"widget\" data-e-type=\"widget\" data-widget_type=\"text-editor.default\">\n\t\t\t\t\t\t\t\t\t<p>Filip\u00edny tvo\u0159\u00ed v\u00edce ne\u017e 7 000 ostrov\u016f a p\u0159es 180 jazykov\u00fdch skupin, \u010demu\u017e odpov\u00edd\u00e1 i pestrost p\u0159ed\u0161pan\u011blsk\u00fdch n\u00e1bo\u017eensk\u00fdch p\u0159edstav. Spole\u010dn\u00fdm rysem mnoha tradic je uct\u00edv\u00e1n\u00ed <strong>anito<\/strong>, duch\u016f p\u0159edk\u016f a p\u0159\u00edrody, a <strong>diwata<\/strong>, bytost\u00ed s v\u00fdrazn\u00fdm hindusko-malajsk\u00fdm vlivem. Od 16. stolet\u00ed se na tyto vrstvy vrstvila \u0161pan\u011blsk\u00e1 kolonizace s katolickou misi\u00ed, ani\u017e by je zcela vytla\u010dila.<\/p>\n<p class=\"iwg-kwfix\">Filip\u00ednsk\u00e1 mytologie tak p\u0159edstavuje propletenec p\u0159ed\u0161pan\u011blsk\u00e9ho duchovn\u00edho sv\u011bta, region\u00e1ln\u00edch panteon\u016f a stalet\u00ed trvaj\u00edc\u00edho vlivu k\u0159es\u0165anstv\u00ed. Tento p\u0159\u00edsp\u011bvek zasazuje anito jako z\u00e1kladn\u00ed vrstvu tohoto propletence p\u0159ed\u0161pan\u011blsk\u00e9ho sv\u011bta duch\u016f a k\u0159es\u0165ansk\u00e9ho vlivu do \u0161ir\u0161\u00edho kontextu.<\/p>\t\t\t\t\t\t\t\t<\/div>\n\t\t\t\t<\/div>\n\t\t\t\t\t<\/div>\n\t\t\t\t<\/div>\n\t\t<div class=\"elementor-element elementor-element-iwgcn-sami-hr iwg-kultur-hero-right e-flex e-con-boxed e-con e-child\" data-id=\"iwgcn-sami-hr\" data-element_type=\"container\" data-e-type=\"container\">\n\t\t\t\t\t<div class=\"e-con-inner\">\n\t\t\t\t<div class=\"elementor-element elementor-element-iwgcn-sami-himg iwg-hero-image elementor-widget elementor-widget-image\" data-id=\"iwgcn-sami-himg\" data-element_type=\"widget\" data-e-type=\"widget\" data-widget_type=\"image.default\">\n\t\t\t\t\t\t\t\t\t\t\t\t\t\t\t<img fetchpriority=\"high\" decoding=\"async\" width=\"683\" height=\"1024\" src=\"https:\/\/iwell-guard.com\/wp-content\/uploads\/2026\/05\/goetter_sami_beaivi-683x1024.webp\" class=\"attachment-large size-large wp-image-147295\" alt=\"Beaivi \u2013 bohyn\u011b z tradice S\u00e1m\u016f, historicko-ilustrativn\u00ed zobrazen\u00ed\" srcset=\"https:\/\/iwell-guard.com\/wp-content\/uploads\/2026\/05\/goetter_sami_beaivi-683x1024.webp 683w, https:\/\/iwell-guard.com\/wp-content\/uploads\/2026\/05\/goetter_sami_beaivi-200x300.webp 200w, https:\/\/iwell-guard.com\/wp-content\/uploads\/2026\/05\/goetter_sami_beaivi-768x1152.webp 768w, https:\/\/iwell-guard.com\/wp-content\/uploads\/2026\/05\/goetter_sami_beaivi.webp 1024w\" sizes=\"(max-width: 683px) 100vw, 683px\" \/>\t\t\t\t\t\t\t\t\t\t\t\t\t\t\t<\/div>\n\t\t\t\t\t<\/div>\n\t\t\t\t<\/div>\n\t\t\t\t\t<\/div>\n\t\t\t\t<\/div>\n\t\t\t\t<section class=\"elementor-section elementor-top-section elementor-element elementor-element-sec-iwgcomp-sami elementor-section-boxed elementor-section-height-default elementor-section-height-default\" data-id=\"sec-iwgcomp-sami\" data-element_type=\"section\" data-e-type=\"section\">\n\t\t\t\t\t\t<div class=\"elementor-container elementor-column-gap-default\">\n\t\t\t\t\t<div class=\"elementor-column elementor-col-100 elementor-top-column elementor-element elementor-element-col-iwgcomp-sami\" data-id=\"col-iwgcomp-sami\" data-element_type=\"column\" data-e-type=\"column\">\n\t\t\t<div class=\"elementor-widget-wrap elementor-element-populated\">\n\t\t\t\t\t\t<div class=\"elementor-element elementor-element-iwgcomp-sami elementor-widget elementor-widget-text-editor\" data-id=\"iwgcomp-sami\" data-element_type=\"widget\" data-e-type=\"widget\" data-widget_type=\"text-editor.default\">\n\t\t\t\t\t\t\t\t\t<p>Pojem <strong><span class=\"iwg-fachbegriff\" data-tooltip=\"Sv\u011bton\u00e1zor, v n\u011bm\u017e se p\u0159\u00edrodn\u00edm jev\u016fm, m\u00edst\u016fm a p\u0159edk\u016fm p\u0159isuzuje vlastn\u00ed duchovn\u00ed podstata.\" tabindex=\"0\">animismus<\/span><\/strong> popisuje religionistick\u00e9 j\u00e1dro p\u0159ed\u0161pan\u011blsk\u00e9ho filip\u00ednsk\u00e9ho n\u00e1bo\u017eensk\u00e9ho sv\u011bta, v n\u011bm\u017e byly hory, stromy, \u0159eky i zesnul\u00ed pova\u017eov\u00e1ni za odu\u0161evn\u011bl\u00e9.<\/p>\n<p class=\"iwg-kwfix\">Takzvan\u00fd <span class=\"iwg-fachbegriff\" data-tooltip=\"Souhrnn\u00fd pojem zaveden\u00fd folkloristy jako Maximo Ramos pro skupinu prom\u011bnliv\u00fdch bytost\u00ed, o nich\u017e se vypr\u00e1v\u011blo jako o hroziv\u00fdch.\" tabindex=\"0\">aswangsk\u00fd komplex<\/span> a anito &#8211; kult p\u0159edk\u016f byly b\u011bhem t\u0159\u00ed stolet\u00ed kolonialismu a katolick\u00e9 lidov\u00e9 zbo\u017enosti p\u0159etvo\u0159eny, p\u0159esto z\u016fst\u00e1vaj\u00ed v \u00fastn\u00ed tradici Visaj\u00ed a Luzonu \u017eiv\u00e9 a\u017e dodnes.<\/p>\t\t\t\t\t\t\t\t<\/div>\n\t\t\t\t\t<\/div>\n\t\t<\/div>\n\t\t\t\t\t<\/div>\n\t\t<\/section>\n\t\t<div class=\"elementor-element elementor-element-iwgcn-sami-s0 e-flex e-con-boxed e-con e-parent\" data-id=\"iwgcn-sami-s0\" data-element_type=\"container\" data-e-type=\"container\">\n\t\t\t\t\t<div class=\"e-con-inner\">\n\t\t\t\t<div class=\"elementor-element elementor-element-iwgcn-sami-s0h elementor-widget elementor-widget-heading\" data-id=\"iwgcn-sami-s0h\" data-element_type=\"widget\" data-e-type=\"widget\" data-widget_type=\"heading.default\">\n\t\t\t\t\t<h2 class=\"elementor-heading-title elementor-size-default\">Ostrovn\u00ed sv\u011bt, jazykov\u00e9 rodiny a p\u0159ed\u0161pan\u011blsk\u00fd duchovn\u00ed sv\u011bt<\/h2>\t\t\t\t<\/div>\n\t\t<div class=\"elementor-element elementor-element-iwgcn-sami-s0-c e-con-full e-flex e-con e-child\" data-id=\"iwgcn-sami-s0-c\" data-element_type=\"container\" data-e-type=\"container\">\n\t\t\t\t<div class=\"elementor-element elementor-element-iwgcn-sami-s0t elementor-widget elementor-widget-text-editor\" data-id=\"iwgcn-sami-s0t\" data-element_type=\"widget\" data-e-type=\"widget\" data-widget_type=\"text-editor.default\">\n\t\t\t\t\t\t\t\t\t<p>Filip\u00ednsk\u00e9 jazyky pat\u0159\u00ed k austron\u00e9sk\u00e9 rodin\u011b, p\u0159i\u010dem\u017e k nejroz\u0161\u00ed\u0159en\u011bj\u0161\u00edm skupin\u00e1m pat\u0159\u00ed tagal\u0161tina, cebu\u00e1n\u0161tina, ilok\u00e1n\u0161tina, bikol\u0161tina a hiligaynon\u0161tina. P\u0159ed p\u0159\u00edchodem \u0160pan\u011bl\u016f v roce 1521 neexistoval jednotn\u00fd panteon, n\u00fdbr\u017e mno\u017estv\u00ed region\u00e1ln\u00edch v\u011brou\u010dn\u00fdch syst\u00e9m\u016f s vlastn\u00edmi ritu\u00e1ln\u00edmi specialisty, babaylan nebo catalonan, obvykle \u017eenami nebo mu\u017ei v \u017eensk\u00e9 roli.<\/p><p>Pojem <strong>anito<\/strong> je dolo\u017een na velk\u00e9 \u010d\u00e1sti archipelagu a ozna\u010duje p\u0159edev\u0161\u00edm duchy p\u0159edk\u016f a m\u00edstn\u00ed duchy. <strong>Diwata<\/strong>, odvozen\u00e9 ze sanskrtsk\u00e9ho slova <em>devata<\/em> p\u0159es malajsk\u00fd p\u0159enos, je roz\u0161\u00ed\u0159en\u011bj\u0161\u00ed na Visaj\u00edch a Mindanau, kde ozna\u010duje sp\u00ed\u0161e p\u0159\u00edrodn\u00ed a krajinn\u00e1 bo\u017estva, jako je <a href=\"https:\/\/iwell-guard.com\/cs\/maria-makiling\/\">Maria Makiling<\/a>. P\u0159esn\u00e9 odd\u011blen\u00ed obou pojm\u016f se z religionistick\u00e9ho hlediska ned\u00e1 v\u017edy udr\u017eet, proto\u017ee region\u00e1ln\u00ed prameny je n\u011bkdy pou\u017e\u00edvaj\u00ed s p\u0159esahem.<\/p>\n<p class=\"iwg-kwfix\">Anito &#8211; kult p\u0159edk\u016f, uct\u00edv\u00e1n\u00ed diwata a pozd\u011bj\u0161\u00ed aswangsk\u00fd komplex tvo\u0159\u00ed spole\u010dn\u011b z\u00e1kladn\u00ed kostru filip\u00ednsk\u00e9 mytologie p\u0159ed katolick\u00fdm vlivem i soub\u011b\u017en\u011b s n\u00edm.<\/p>\t\t\t\t\t\t\t\t<\/div>\n\t\t\t\t<\/div>\n\t\t\t\t\t<\/div>\n\t\t\t\t<\/div>\n\t\t<div class=\"elementor-element elementor-element-iwgcn-sami-s1 e-flex e-con-boxed e-con e-parent\" data-id=\"iwgcn-sami-s1\" data-element_type=\"container\" data-e-type=\"container\">\n\t\t\t\t\t<div class=\"e-con-inner\">\n\t\t\t\t<div class=\"elementor-element elementor-element-iwgcn-sami-s1h elementor-widget elementor-widget-heading\" data-id=\"iwgcn-sami-s1h\" data-element_type=\"widget\" data-e-type=\"widget\" data-widget_type=\"heading.default\">\n\t\t\t\t\t<h2 class=\"elementor-heading-title elementor-size-default\">Panteon: Bathala, Bakunawa a p\u0159\u00edrodn\u00ed diwata<\/h2>\t\t\t\t<\/div>\n\t\t<div class=\"elementor-element elementor-element-iwgcn-sami-s1-c e-con-full e-flex e-con e-child\" data-id=\"iwgcn-sami-s1-c\" data-element_type=\"container\" data-e-type=\"container\">\n\t\t\t\t<div class=\"elementor-element elementor-element-iwgcn-sami-s1t elementor-widget elementor-widget-text-editor\" data-id=\"iwgcn-sami-s1t\" data-element_type=\"widget\" data-e-type=\"widget\" data-widget_type=\"text-editor.default\">\n\t\t\t\t\t\t\t\t\t<p>V ran\u00fdch \u0161pan\u011blsk\u00fdch zpr\u00e1v\u00e1ch, nap\u0159\u00edklad v Relaci\u00f3n franti\u0161k\u00e1na Juana de Plasencia z roku 1589, se <strong>Bathala<\/strong> objevuje jako tagalogsk\u00fd nebesk\u00fd a stvo\u0159itelsk\u00fd b\u016fh, jemu\u017e jsou pod\u0159\u00edzeni anito a diwata. Tento hierarchick\u00fd v\u00fdklad je v\u0161ak siln\u011b ovlivn\u011bn k\u0159es\u0165ansk\u00fdmi p\u0159edpoklady mision\u00e1\u0159\u016f a nelze jej nekriticky p\u0159en\u00e1\u0161et na celou p\u0159ed\u0161pan\u011blskou n\u00e1bo\u017eenskou krajinu.<\/p><p>Ve visajsk\u00e9 a bikolsk\u00e9 tradici vysv\u011btluje zatm\u011bn\u00ed M\u011bs\u00edce had <strong>Bakunawa<\/strong>, kter\u00fd se sna\u017e\u00ed M\u011bs\u00edc spolknout, a proto ho m\u011bl odehnat hluk a bubnov\u00e1n\u00ed. Za <strong>diwata<\/strong> jsou pova\u017eov\u00e1ny mimo jin\u00e9 <a href=\"https:\/\/iwell-guard.com\/cs\/diwata\/\">diwata<\/a> jako souhrnn\u00fd pojem, mo\u0159sk\u00e1 panna <a href=\"https:\/\/iwell-guard.com\/cs\/?page_id=146331\">Sirena<\/a> a horsk\u00e1 bohyn\u011b <a href=\"https:\/\/iwell-guard.com\/cs\/maria-makiling\/\">Maria Makiling<\/a>, jej\u00ed\u017e legenda spojen\u00e1 s horou Makiling v provincii Laguna se vypr\u00e1v\u00ed dodnes.<\/p>\t\t\t\t\t\t\t\t<\/div>\n\t\t\t\t<\/div>\n\t\t\t\t\t<\/div>\n\t\t\t\t<\/div>\n\t\t<div class=\"elementor-element elementor-element-iwgcn-sami-s2 e-flex e-con-boxed e-con e-parent\" data-id=\"iwgcn-sami-s2\" data-element_type=\"container\" data-e-type=\"container\">\n\t\t\t\t\t<div class=\"e-con-inner\">\n\t\t\t\t<div class=\"elementor-element elementor-element-iwgcn-sami-s2h elementor-widget elementor-widget-heading\" data-id=\"iwgcn-sami-s2h\" data-element_type=\"widget\" data-e-type=\"widget\" data-widget_type=\"heading.default\">\n\t\t\t\t\t<h2 class=\"elementor-heading-title elementor-size-default\">Aswangsk\u00fd komplex: manananggal, tiyanak, aswang<\/h2>\t\t\t\t<\/div>\n\t\t<div class=\"elementor-element elementor-element-iwgcn-sami-s2-c e-con-full e-flex e-con e-child\" data-id=\"iwgcn-sami-s2-c\" data-element_type=\"container\" data-e-type=\"container\">\n\t\t\t\t<div class=\"elementor-element elementor-element-iwgcn-sami-s2t elementor-widget elementor-widget-text-editor\" data-id=\"iwgcn-sami-s2t\" data-element_type=\"widget\" data-e-type=\"widget\" data-widget_type=\"text-editor.default\">\n\t\t\t\t\t\t\t\t\t<p>Folklorista Maximo Ramos zavedl ve sv\u00fdch studi\u00edch z 60. a 70. let 20. stolet\u00ed pojem <em>aswangsk\u00fd komplex<\/em> pro skupinu p\u0159\u00edbuzn\u00fdch, prom\u011bnliv\u00fdch a jako hroziv\u00e9 vypr\u00e1v\u011bn\u00fdch bytost\u00ed, nejhust\u011bji dolo\u017eenou v z\u00e1padn\u00edch Visaj\u00edch, zejm\u00e9na v provincii Capiz. Samotn\u00fd pojem <a href=\"https:\/\/iwell-guard.com\/cs\/aswang\/\">aswang<\/a> se region\u00e1ln\u011b pou\u017e\u00edv\u00e1 r\u016fzn\u011b, n\u011bkdy jako obecn\u00fd pojem, jindy pro konkr\u00e9tn\u00ed podobu.<\/p><p>K tomuto komplexu pat\u0159\u00ed <a href=\"https:\/\/iwell-guard.com\/cs\/?page_id=146216\">manananggal<\/a>, kter\u00e1 se podle tradice odd\u011bluje horn\u00ed \u010d\u00e1st\u00ed t\u011bla od spodn\u00ed a l\u00e9t\u00e1 netop\u00fd\u0159\u00edm k\u0159\u00eddly, a <a href=\"https:\/\/iwell-guard.com\/cs\/?page_id=146247\">tiyanak<\/a>, bytost v podob\u011b kojence, je\u017e l\u00e1k\u00e1 pocestn\u00e9. Tato vypr\u00e1v\u011bn\u00ed slou\u017eila ve vesnick\u00fdch spole\u010denstv\u00edch mimo jin\u00e9 k soci\u00e1ln\u00ed kontrole a k vysv\u011btlen\u00ed nevyjasn\u011bn\u00fdch \u00famrt\u00ed \u010di potrat\u016f.<\/p>\t\t\t\t\t\t\t\t<\/div>\n\t\t\t\t<\/div>\n\t\t\t\t\t<\/div>\n\t\t\t\t<\/div>\n\t\t<div class=\"elementor-element elementor-element-iwgcn-sami-s3 e-flex e-con-boxed e-con e-parent\" data-id=\"iwgcn-sami-s3\" data-element_type=\"container\" data-e-type=\"container\">\n\t\t\t\t\t<div class=\"e-con-inner\">\n\t\t\t\t<div class=\"elementor-element elementor-element-iwgcn-sami-s3h elementor-widget elementor-widget-heading\" data-id=\"iwgcn-sami-s3h\" data-element_type=\"widget\" data-e-type=\"widget\" data-widget_type=\"heading.default\">\n\t\t\t\t\t<h2 class=\"elementor-heading-title elementor-size-default\">Lesn\u00ed bytosti a koloni\u00e1ln\u00ed m\u00edsen\u00e9 postavy: tikbalang, kapre, berberoka<\/h2>\t\t\t\t<\/div>\n\t\t<div class=\"elementor-element elementor-element-iwgcn-sami-s3-c e-con-full e-flex e-con e-child\" data-id=\"iwgcn-sami-s3-c\" data-element_type=\"container\" data-e-type=\"container\">\n\t\t\t\t<div class=\"elementor-element elementor-element-iwgcn-sami-s3t elementor-widget elementor-widget-text-editor\" data-id=\"iwgcn-sami-s3t\" data-element_type=\"widget\" data-e-type=\"widget\" data-widget_type=\"text-editor.default\">\n\t\t\t\t\t\t\t\t\t<p>Krom\u011b duch\u016f p\u0159edk\u016f a p\u0159\u00edrody zn\u00e1 filip\u00ednsk\u00e1 tradice \u0159adu krajinn\u00fdch a sm\u00ed\u0161en\u00fdch bytost\u00ed, v nich\u017e se p\u0159ed\u0161pan\u011blsk\u00e9 p\u0159edstavy propojily s pozd\u011bj\u0161\u00edmi vlivy. <a href=\"https:\/\/iwell-guard.com\/cs\/tikbalang\/\">Tikbalang<\/a>, ko\u0148ohlav\u00e1 bytost les\u016f a hor, m\u00e1 podle tradice pocestn\u00e9 nechat b\u011bhat v kruz\u00edch, dokud neztrat\u00ed orientaci. <a href=\"https:\/\/iwell-guard.com\/cs\/kapre\/\">Kapre<\/a>, obrovsk\u00e1, doutn\u00edk kou\u0159\u00edc\u00ed stromov\u00e1 bytost, nese jm\u00e9no, kter\u00e9 pravd\u011bpodobn\u011b p\u0159es \u0161pan\u011bl\u0161tinu vych\u00e1z\u00ed z arabsk\u00e9ho slova pro nev\u011b\u0159\u00edc\u00ed, co\u017e ukazuje na slo\u017eitou historii kontakt\u016f archipelagu.<\/p><p>Na severu Luzonu vypr\u00e1v\u00ed ilok\u00e1nsk\u00e1 a isnegsk\u00e1 tradice o <a href=\"https:\/\/iwell-guard.com\/cs\/?page_id=146329\">berberoce<\/a>, bahenn\u00ed bestii, kter\u00e1 zadr\u017euje vodu a zaplavuje krajinu, aby ulovila ko\u0159ist, dolo\u017eeno mimo jin\u00e9 historikem Williamem Henry Scottem. Bezhlav\u00fd <a href=\"https:\/\/iwell-guard.com\/cs\/?page_id=146231\">pugot<\/a> a jako obecn\u00fd duch ch\u00e1pan\u00fd <a href=\"https:\/\/iwell-guard.com\/cs\/?page_id=146217\">multo<\/a>, jeho\u017e jm\u00e9no vych\u00e1z\u00ed ze \u0161pan\u011blsk\u00e9ho slova pro zesnul\u00e9, ukazuj\u00ed, jak se p\u0159ed\u0161pan\u011blsk\u00e9 p\u0159edstavy o du\u0161\u00edch prol\u00ednaly se \u0161pan\u011blsko-katolick\u00fdmi pojmy.<\/p>\t\t\t\t\t\t\t\t<\/div>\n\t\t\t\t<\/div>\n\t\t\t\t\t<\/div>\n\t\t\t\t<\/div>\n\t\t<div class=\"elementor-element elementor-element-x-sami-s-faq e-flex e-con-boxed e-con e-parent\" data-id=\"x-sami-s-faq\" data-element_type=\"container\" data-e-type=\"container\">\n\t\t\t\t\t<div class=\"e-con-inner\">\n\t\t\t\t<div class=\"elementor-element elementor-element-x-sami-h-faq elementor-widget elementor-widget-heading\" data-id=\"x-sami-h-faq\" data-element_type=\"widget\" data-e-type=\"widget\" data-widget_type=\"heading.default\">\n\t\t\t\t\t<h2 class=\"elementor-heading-title elementor-size-default\">\u010cast\u00e9 ot\u00e1zky k filip\u00ednsk\u00e9 mytologii<\/h2>\t\t\t\t<\/div>\n\t\t<div class=\"elementor-element elementor-element-iwgcn-sami-s3-c e-con-full e-flex e-con e-child\" data-id=\"iwgcn-sami-s3-c\" data-element_type=\"container\" data-e-type=\"container\">\n\t\t\t\t<div class=\"elementor-element elementor-element-x-sami-t-faq elementor-widget elementor-widget-text-editor\" data-id=\"x-sami-t-faq\" data-element_type=\"widget\" data-e-type=\"widget\" data-widget_type=\"text-editor.default\">\n\t\t\t\t\t\t\t\t\t<h3>Co znamen\u00e1 Anito?<\/h3>\n<p>Anito ozna\u010duje ve velk\u00e9 \u010d\u00e1sti p\u0159ed\u0161pan\u011blsk\u00fdch Filip\u00edn p\u0159edky a p\u0159\u00edrodn\u00ed duchy, kter\u00fdm byly p\u0159in\u00e1\u0161eny ob\u011bti. Tento pojem je dolo\u017een nap\u0159\u00ed\u010d mnoha jazykov\u00fdmi skupinami archipelu, i kdy\u017e se jeho p\u0159esn\u00fd v\u00fdznam region\u00e1ln\u011b li\u0161\u00ed.<\/p>\n<h3>Co je aswangsk\u00fd komplex?<\/h3>\n<p>Aswangsk\u00fd komplex je souhrnn\u00fd pojem zaveden\u00fd folkloristy jako Maximo Ramos pro skupinu p\u0159\u00edbuzn\u00fdch, prom\u011bnliv\u00fdch a jako lido\u017erav\u00e9 popisovan\u00fdch bytost\u00ed, jako jsou Manananggal, Tiyanak a Aswang, kter\u00e9 jsou hust\u011b dosv\u011bd\u010deny p\u0159edev\u0161\u00edm v z\u00e1padn\u00edch Visay\u00e1ch.<\/p>\n<h3>Jak\u00fd je rozd\u00edl mezi Anito a Diwata?<\/h3>\n<p>Anito se pou\u017e\u00edv\u00e1 sp\u00ed\u0161e pro duchy p\u0159edk\u016f a m\u00edsta a je roz\u0161\u00ed\u0159eno po cel\u00e9m archipelu, zat\u00edmco Diwata, jazykov\u011b odvozen\u00e9 ze sanskrtsk\u00e9ho slova devata, se siln\u011bji v\u00e1\u017ee k Visay\u00e1m a Mindanau, kde ozna\u010duje p\u0159\u00edrodn\u00ed a krajinn\u00e1 bo\u017estva. Hranice mezi ob\u011bma pojmy v\u0161ak v pramenech nen\u00ed v\u017edy jednozna\u010dn\u00e1.<\/p>\n<h3>Jak prom\u011bnila \u0161pan\u011blsk\u00e1 kolonizace filip\u00ednskou mytologii?<\/h3>\n<p>\u0160pan\u011bl\u0161t\u00ed mision\u00e1\u0159i vykl\u00e1dali od 16. stolet\u00ed Anito a Diwatu p\u0159ev\u00e1\u017en\u011b jako d\u00e9mony a bojovali proti jejich uct\u00edv\u00e1n\u00ed. Mnoho prvk\u016f v\u0161ak p\u0159e\u017eilo v lidov\u00e9 form\u011b katolicismu a v \u00fastn\u00ed vyprav\u011b\u010dsk\u00e9 tradici, kter\u00e1 trv\u00e1 a\u017e do sou\u010dasnosti.<\/p>\n<script type=\"application\/ld+json\">{\"@context\": \"https:\/\/schema.org\", \"@type\": \"FAQPage\", \"mainEntity\": [{\"@type\": \"Question\", \"name\": \"Co znamen\u00e1 Anito?\", \"acceptedAnswer\": {\"@type\": \"Answer\", \"text\": \"Anito ozna\u010duje ve velk\u00e9 \u010d\u00e1sti p\u0159ed\u0161pan\u011blsk\u00fdch Filip\u00edn p\u0159edky a p\u0159\u00edrodn\u00ed duchy, kter\u00fdm byly p\u0159in\u00e1\u0161eny ob\u011bti. Tento pojem je dolo\u017een nap\u0159\u00ed\u010d mnoha jazykov\u00fdmi skupinami archipelu, i kdy\u017e se jeho p\u0159esn\u00fd v\u00fdznam region\u00e1ln\u011b li\u0161\u00ed.\"}}, {\"@type\": \"Question\", \"name\": \"Co je aswangsk\u00fd komplex?\", \"acceptedAnswer\": {\"@type\": \"Answer\", \"text\": \"Aswangsk\u00fd komplex je souhrnn\u00fd pojem zaveden\u00fd folkloristy jako Maximo Ramos pro skupinu p\u0159\u00edbuzn\u00fdch, prom\u011bnliv\u00fdch a jako lido\u017erav\u00e9 popisovan\u00fdch bytost\u00ed, jako jsou Manananggal, Tiyanak a Aswang, kter\u00e9 jsou hust\u011b dosv\u011bd\u010deny p\u0159edev\u0161\u00edm v z\u00e1padn\u00edch Visay\u00e1ch.\"}}, {\"@type\": \"Question\", \"name\": \"Jak\u00fd je rozd\u00edl mezi Anito a Diwata?\", \"acceptedAnswer\": {\"@type\": \"Answer\", \"text\": \"Anito se pou\u017e\u00edv\u00e1 sp\u00ed\u0161e pro duchy p\u0159edk\u016f a m\u00edsta a je roz\u0161\u00ed\u0159eno po cel\u00e9m archipelu, zat\u00edmco Diwata, jazykov\u011b odvozen\u00e9 ze sanskrtsk\u00e9ho slova devata, se siln\u011bji v\u00e1\u017ee k Visay\u00e1m a Mindanau, kde ozna\u010duje p\u0159\u00edrodn\u00ed a krajinn\u00e1 bo\u017estva. Hranice mezi ob\u011bma pojmy v\u0161ak v pramenech nen\u00ed v\u017edy jednozna\u010dn\u00e1.\"}}, {\"@type\": \"Question\", \"name\": \"Jak prom\u011bnila \u0161pan\u011blsk\u00e1 kolonizace filip\u00ednskou mytologii?\", \"acceptedAnswer\": {\"@type\": \"Answer\", \"text\": \"\u0160pan\u011bl\u0161t\u00ed mision\u00e1\u0159i vykl\u00e1dali od 16. stolet\u00ed Anito a Diwatu p\u0159ev\u00e1\u017en\u011b jako d\u00e9mony a bojovali proti jejich uct\u00edv\u00e1n\u00ed. Mnoho prvk\u016f v\u0161ak p\u0159e\u017eilo v lidov\u00e9 form\u011b katolicismu a v \u00fastn\u00ed vyprav\u011b\u010dsk\u00e9 tradici, kter\u00e1 trv\u00e1 a\u017e do sou\u010dasnosti.\"}}]}<\/script>\t\t\t\t\t\t\t\t<\/div>\n\t\t\t\t<\/div>\n\t\t\t\t\t<\/div>\n\t\t\t\t<\/div>\n\t\t<div class=\"elementor-element elementor-element-iwgcn-sami-s4 e-flex e-con-boxed e-con e-parent\" data-id=\"iwgcn-sami-s4\" data-element_type=\"container\" data-e-type=\"container\">\n\t\t\t\t\t<div class=\"e-con-inner\">\n\t\t\t\t<div class=\"elementor-element elementor-element-iwgcn-sami-s4h elementor-widget elementor-widget-heading\" data-id=\"iwgcn-sami-s4h\" data-element_type=\"widget\" data-e-type=\"widget\" data-widget_type=\"heading.default\">\n\t\t\t\t\t<h2 class=\"elementor-heading-title elementor-size-default\">Bicolansk\u00fd panteon: Gugurang, Kan-Laon a Lalahon<\/h2>\t\t\t\t<\/div>\n\t\t<div class=\"elementor-element elementor-element-iwgcn-sami-s4-c e-con-full e-flex e-con e-child\" data-id=\"iwgcn-sami-s4-c\" data-element_type=\"container\" data-e-type=\"container\">\n\t\t\t\t<div class=\"elementor-element elementor-element-iwgcn-sami-s4t elementor-widget elementor-widget-text-editor\" data-id=\"iwgcn-sami-s4t\" data-element_type=\"widget\" data-e-type=\"widget\" data-widget_type=\"text-editor.default\">\n\t\t\t\t\t\t\t\t\t<p>V epose Ibalong z regionu Bicol, kterou poprv\u00e9 zaznamenal \u0161pan\u011blsk\u00fd mision\u00e1\u0159 v 16. stolet\u00ed a kterou v 19. stolet\u00ed rekonstruoval Fray Jos\u00e9 Casta\u00f1o, je <a href=\"https:\/\/iwell-guard.com\/cs\/gugurang\/\">Gugurang<\/a> pova\u017eov\u00e1n za nejvy\u0161\u0161\u00ed ohniv\u00e9 bo\u017estvo s\u00eddl\u00edc\u00ed v sopce Mayon, je\u017e je vyzv\u00e1no soupe\u0159\u00edc\u00edm duchem. Na ostrov\u011b Negros je <a href=\"https:\/\/iwell-guard.com\/cs\/kan-laon\/\">Kan-Laon<\/a> spojov\u00e1n se sopkou Kanlaon, zat\u00edmco <a href=\"https:\/\/iwell-guard.com\/cs\/lalahon\/\">Lalahon<\/a> je pova\u017eov\u00e1na za bohyni \u00farody, kter\u00e1 podle tradice p\u0159i nedb\u00e1n\u00ed pos\u00edl\u00e1 kobylky. Ob\u011b postavy jsou v r\u016fzn\u00fdch pramenech popisov\u00e1ny jednou jako se p\u0159ekr\u00fdvaj\u00edc\u00ed, jindy jako odd\u011blen\u00e9 bytosti, stav bad\u00e1n\u00ed z\u016fst\u00e1v\u00e1 nejednotn\u00fd.<\/p><p>Vedle velk\u00fdch panteonov\u00fdch postav zn\u00e1 bicolsk\u00e1 tradice tak\u00e9 region\u00e1ln\u00ed had\u00ed bytosti povod\u00ed \u0159ek, kter\u00e9 se souhrnn\u011b ozna\u010duj\u00ed jako <a href=\"https:\/\/iwell-guard.com\/cs\/?page_id=146330\">Naga-Bicol<\/a>, co\u017e je m\u00edstn\u00ed podoba naga-motivu zprost\u0159edkovan\u00e9ho z ji\u017en\u00ed Asie.<\/p>\t\t\t\t\t\t\t\t<\/div>\n\t\t\t\t<\/div>\n\t\t\t\t\t<\/div>\n\t\t\t\t<\/div>\n\t\t<div class=\"elementor-element elementor-element-iwgcn-sami-s5 e-flex e-con-boxed e-con e-parent\" data-id=\"iwgcn-sami-s5\" data-element_type=\"container\" data-e-type=\"container\">\n\t\t\t\t\t<div class=\"e-con-inner\">\n\t\t\t\t<div class=\"elementor-element elementor-element-iwgcn-sami-s5h elementor-widget elementor-widget-heading\" data-id=\"iwgcn-sami-s5h\" data-element_type=\"widget\" data-e-type=\"widget\" data-widget_type=\"heading.default\">\n\t\t\t\t\t<h2 class=\"elementor-heading-title elementor-size-default\">V\u011btrn\u00e1 bo\u017estva: Amihan, Habagat a d\u011bti Lihangina<\/h2>\t\t\t\t<\/div>\n\t\t<div class=\"elementor-element elementor-element-iwgcn-sami-s5-c e-con-full e-flex e-con e-child\" data-id=\"iwgcn-sami-s5-c\" data-element_type=\"container\" data-e-type=\"container\">\n\t\t\t\t<div class=\"elementor-element elementor-element-iwgcn-sami-s5t elementor-widget elementor-widget-text-editor\" data-id=\"iwgcn-sami-s5t\" data-element_type=\"widget\" data-e-type=\"widget\" data-widget_type=\"text-editor.default\">\n\t\t\t\t\t\t\t\t\t<p>V tagalsk\u00fdch stvo\u0159itelsk\u00fdch vypr\u00e1v\u011bn\u00edch je <a href=\"https:\/\/iwell-guard.com\/cs\/lihangin\/\">Lihangin<\/a> pova\u017eov\u00e1n za boha v\u011btru, oddan\u00e9ho s bohyn\u00ed mo\u0159e. Jejich d\u011btmi jsou \u010dty\u0159i v\u011btry, mezi nimi <a href=\"https:\/\/iwell-guard.com\/cs\/amihan\/\">Amihan<\/a>, severov\u00fdchodn\u00ed monsun, a <a href=\"https:\/\/iwell-guard.com\/cs\/habagat\/\">Habagat<\/a>, jihoz\u00e1padn\u00ed monsun, oba dosud pou\u017e\u00edvan\u00e9 jako n\u00e1zvy filip\u00ednsk\u00fdch ro\u010dn\u00edch obdob\u00ed. <a href=\"https:\/\/iwell-guard.com\/cs\/anitun-tabu\/\">Anitun Tabu<\/a> se v n\u011bkter\u00fdch verz\u00edch objevuje jako rozmarn\u00e9 po\u010das\u00ed a bohyn\u011b blesku.<\/p><p>Dal\u0161\u00edmi v\u011btrn\u00fdmi a bou\u0159kov\u00fdmi bytostmi jsou region\u00e1ln\u011b v kampampangansk\u00e9 a ilocansk\u00e9 tradici dosv\u011bd\u010den\u00fd <a href=\"https:\/\/iwell-guard.com\/cs\/apo-angin\/\">Apo-Angin<\/a> a tak\u00e9 <a href=\"https:\/\/iwell-guard.com\/cs\/buhawi\/\">Buhawi<\/a>, v\u00edr, kter\u00fd v \u00fastn\u00edch vypr\u00e1v\u011bn\u00edch vystupuje jako zosobn\u011bn\u00e1 bytost.<\/p>\t\t\t\t\t\t\t\t<\/div>\n\t\t\t\t<\/div>\n\t\t\t\t\t<\/div>\n\t\t\t\t<\/div>\n\t\t<div class=\"elementor-element elementor-element-iwgcn-sami-s6 e-flex e-con-boxed e-con e-parent\" data-id=\"iwgcn-sami-s6\" data-element_type=\"container\" data-e-type=\"container\">\n\t\t\t\t\t<div class=\"e-con-inner\">\n\t\t\t\t<div class=\"elementor-element elementor-element-iwgcn-sami-s6h elementor-widget elementor-widget-heading\" data-id=\"iwgcn-sami-s6h\" data-element_type=\"widget\" data-e-type=\"widget\" data-widget_type=\"heading.default\">\n\t\t\t\t\t<h2 class=\"elementor-heading-title elementor-size-default\">\u0160pan\u011blsk\u00e1 kolonizace, christianizace a dne\u0161n\u00ed lidov\u00e1 religiozita<\/h2>\t\t\t\t<\/div>\n\t\t<div class=\"elementor-element elementor-element-iwgcn-sami-s6-c e-con-full e-flex e-con e-child\" data-id=\"iwgcn-sami-s6-c\" data-element_type=\"container\" data-e-type=\"container\">\n\t\t\t\t<div class=\"elementor-element elementor-element-iwgcn-sami-s6t elementor-widget elementor-widget-text-editor\" data-id=\"iwgcn-sami-s6t\" data-element_type=\"widget\" data-e-type=\"widget\" data-widget_type=\"text-editor.default\">\n\t\t\t\t\t\t\t\t\t<p>B\u011bhem \u0161pan\u011blsk\u00e9 kolonizace od roku 1565 do 1898 dokumentovali \u0159\u00e1dov\u00ed duchovn\u00ed jako Ignacio Francisco Alcina, jeho\u017e Historia de las Islas e Indios de Bisayas vznikla roku 1668, dom\u00e1c\u00ed n\u00e1bo\u017eensk\u00e9 p\u0159edstavy, aby je z\u00e1rove\u0148 bojovali jako \u010f\u00e1belsk\u00e9. Uct\u00edv\u00e1n\u00ed Anito a Diwaty bylo v c\u00edrkevn\u00edch pramenech d\u016fsledn\u011b d\u00e9monizov\u00e1no, co\u017e dodnes ovliv\u0148uje podobu tradice: mnoh\u00e9 se zachovalo pouze z pohledu jejich odp\u016frc\u016f.<\/p><p>P\u0159es stalet\u00ed trvaj\u00edc\u00ed christianizaci p\u0159e\u017eily prvky star\u00e9 duchovn\u00ed sv\u011bta v lidov\u00e9 form\u011b katolicismu, v n\u00ed\u017e svat\u00ed m\u00edsty p\u0159ejali funkce d\u0159\u00edv\u011bj\u0161\u00edch anito, d\u00e1le v \u00fastn\u00ed vyprav\u011b\u010dsk\u00e9 tradici, v l\u00e9\u010ditelsk\u00fdch praktik\u00e1ch a v dodnes roz\u0161\u00ed\u0159en\u00e9 v\u00ed\u0159e v aswang na venkov\u011b. Folklorist\u00e9 jako Maximo Ramos, Damiana Eugenio a pozd\u011bji Fenella Cannell tyto tradice v\u011bdecky zdokumentovali.<\/p>\t\t\t\t\t\t\t\t<\/div>\n\t\t\t\t<\/div>\n\t\t\t\t\t<\/div>\n\t\t\t\t<\/div>\n\t\t<div class=\"elementor-element elementor-element-cp2d9a92a3 e-flex e-con-boxed e-con e-parent\" data-id=\"cp2d9a92a3\" data-element_type=\"container\" data-e-type=\"container\">\n\t\t\t\t\t<div class=\"e-con-inner\">\n\t\t\t\t<div class=\"elementor-element elementor-element-cp2515827f elementor-widget elementor-widget-heading\" data-id=\"cp2515827f\" data-element_type=\"widget\" data-e-type=\"widget\" data-widget_type=\"heading.default\">\n\t\t\t\t\t<h2 class=\"elementor-heading-title elementor-size-default\">Archipel s v\u00edce ne\u017e sto etniky a jazyky<\/h2>\t\t\t\t<\/div>\n\t\t<div class=\"elementor-element elementor-element-cp25cbddf2 e-flex e-con-boxed e-con e-child\" data-id=\"cp25cbddf2\" data-element_type=\"container\" data-e-type=\"container\">\n\t\t\t\t\t<div class=\"e-con-inner\">\n\t\t\t\t<div class=\"elementor-element elementor-element-cp240cdc6c elementor-widget elementor-widget-text-editor\" data-id=\"cp240cdc6c\" data-element_type=\"widget\" data-e-type=\"widget\" data-widget_type=\"text-editor.default\">\n\t\t\t\t\t\t\t\t\t<p>Filip\u00edny se skl\u00e1daj\u00ed z v\u00edce ne\u017e 7 000 ostrov\u016f a je na nich roz\u0161\u00ed\u0159eno v\u00edce ne\u017e 180 jazyk\u016f, proto o jedin\u00e9 \u201efilip\u00ednsk\u00e9 mytologii\u201c nelze v p\u0159esn\u00e9m smyslu mluvit. To, co se pod t\u00edmto n\u00e1zvem shrnuje, je ve skute\u010dnosti mno\u017estv\u00ed region\u00e1ln\u00edch tradic, kter\u00e9 se na Luzonu, ve Visayas a na Mindanau m\u00edsty zna\u010dn\u011b li\u0161\u00ed.<\/p><p>P\u0159ed \u0161pan\u011blskou kolonizac\u00ed od roku 1565 neexistoval \u017e\u00e1dn\u00fd centr\u00e1ln\u00ed panteon ani jednotn\u00e9 kn\u011b\u017estvo. M\u00edstn\u00ed ritu\u00e1ln\u00ed specialistky, Babaylan neboli Catalonan, vykon\u00e1valy ob\u0159ady pro sv\u00e9 vlastn\u00ed spole\u010denstv\u00ed. Jejich \u00faloha sahala od l\u00e9\u010ditelstv\u00ed p\u0159es ob\u0159ady za zem\u0159el\u00e9 a\u017e po zprost\u0159edkov\u00e1n\u00ed mezi lidmi a Anito.<\/p><p>Velk\u00e1 jazykov\u00e1 a kulturn\u00ed rozmanitost archipelu vysv\u011btluje i to, pro\u010d se kl\u00ed\u010dov\u00e9 pojmy jako Anito a Diwata v jednotliv\u00fdch oblastech pou\u017e\u00edvaj\u00ed odli\u0161n\u011b a pro\u010d jsou postavy panteonu jako Gugurang nebo Kan-Laon zn\u00e1m\u00e9 jen v ur\u010dit\u00fdch regionech, nikoli po cel\u00e9m archipelu.<\/p><p>Z religionistick\u00e9ho hlediska je proto t\u0159eba opatrnosti v\u016f\u010di v\u00fdklad\u016fm, kter\u00e9 nazna\u010duj\u00ed existenci uzav\u0159en\u00e9ho filip\u00ednsk\u00e9ho panteonu. Bl\u00ed\u017ee pramen\u016fm je popis s\u00edt\u011b p\u0159\u00edbuzn\u00fdch, ale samostatn\u00fdch region\u00e1ln\u00edch tradic.<\/p>\t\t\t\t\t\t\t\t<\/div>\n\t\t\t\t\t<\/div>\n\t\t\t\t<\/div>\n\t\t\t\t\t<\/div>\n\t\t\t\t<\/div>\n\t\t<div class=\"elementor-element elementor-element-cp2b1a3dae e-flex e-con-boxed e-con e-parent\" data-id=\"cp2b1a3dae\" data-element_type=\"container\" data-e-type=\"container\">\n\t\t\t\t\t<div class=\"e-con-inner\">\n\t\t\t\t<div class=\"elementor-element elementor-element-cp282c06ff elementor-widget elementor-widget-heading\" data-id=\"cp282c06ff\" data-element_type=\"widget\" data-e-type=\"widget\" data-widget_type=\"heading.default\">\n\t\t\t\t\t<h2 class=\"elementor-heading-title elementor-size-default\">Anito, Diwata a p\u0159edkov\u00e9: z\u00e1kladn\u00ed struktury v\u00edry<\/h2>\t\t\t\t<\/div>\n\t\t<div class=\"elementor-element elementor-element-cp228b4522 e-flex e-con-boxed e-con e-child\" data-id=\"cp228b4522\" data-element_type=\"container\" data-e-type=\"container\">\n\t\t\t\t\t<div class=\"e-con-inner\">\n\t\t\t\t<div class=\"elementor-element elementor-element-cp261454c5 elementor-widget elementor-widget-text-editor\" data-id=\"cp261454c5\" data-element_type=\"widget\" data-e-type=\"widget\" data-widget_type=\"text-editor.default\">\n\t\t\t\t\t\t\t\t\t<p>Ve st\u0159edu p\u0159ed\u0161pan\u011blsk\u00e9ho n\u00e1bo\u017eenstv\u00ed st\u00e1la p\u0159edstava, \u017ee p\u0159edkov\u00e9, p\u0159\u00edrodn\u00ed m\u00edsta a ur\u010dit\u00e1 zv\u00ed\u0159ata jsou prostoupena vlastn\u00ed duchovn\u00ed podstatou, co\u017e je znak toho, co religionist\u00e9 ozna\u010duj\u00ed jako <span class=\"iwg-fachbegriff\" data-tooltip=\"Sv\u011bton\u00e1zor, v n\u011bm\u017e se p\u0159\u00edrodn\u00edm jev\u016fm, m\u00edst\u016fm a p\u0159edk\u016fm p\u0159izn\u00e1v\u00e1 vlastn\u00ed duchovn\u00ed podstata.\" tabindex=\"0\">animismus<\/span>. Anito zpravidla p\u0159edstavovali duchy zem\u0159el\u00fdch p\u0159edk\u016f, jim\u017e se p\u0159i nemoci, sklizni nebo d\u016fle\u017eit\u00fdch \u017eivotn\u00edch ud\u00e1lostech p\u0159in\u00e1\u0161ely ob\u011bti.<\/p><p>Diwata, pojem p\u0159ejat\u00fd p\u0159es malajsk\u00fd jazyk ze sanskrtu, ozna\u010doval sp\u00ed\u0161e bytosti v\u00e1zan\u00e9 na ur\u010dit\u00e1 m\u00edsta, nap\u0159\u00edklad na horu, star\u00fd strom nebo pramen. Uct\u00edv\u00e1n\u00ed takov\u00fdch m\u00edstn\u00edch duch\u016f vy\u017eadovalo ohled na krajinu: stromy se nesm\u011bly k\u00e1cet bez povolen\u00ed, na ur\u010dit\u00e1 m\u00edsta se nevstupovalo bez ob\u0159adu.<\/p><p>Kontakt s duchovn\u00edm sv\u011btem zprost\u0159edkov\u00e1valy Babaylan, ritu\u00e1ln\u00ed odbornice, kter\u00e9 v transu navazovaly spojen\u00ed s Anito nebo Diwata, vykl\u00e1daly nemoci a \u0159\u00eddily ob\u0159ady. V mnoha spole\u010denstv\u00edch po\u017e\u00edvaly vysok\u00e9 v\u00e1\u017enosti, jejich role v\u0161ak byla b\u011bhem \u0161pan\u011blsk\u00e9 kolonizace c\u00edlen\u011b podkop\u00e1v\u00e1na.<\/p><p>Vztah mezi lidmi a duchovn\u00edm sv\u011btem nebyl abstraktn\u011b teologick\u00fd, n\u00fdbr\u017e praktick\u00fd a v\u0161edn\u00ed: vyu\u017e\u00edv\u00e1n\u00ed p\u016fdy, nemoc, narozen\u00ed i smrt se soustavn\u011b vykl\u00e1daly ve vztahu k Anito a Diwata.<\/p>\t\t\t\t\t\t\t\t<\/div>\n\t\t\t\t\t<\/div>\n\t\t\t\t<\/div>\n\t\t\t\t\t<\/div>\n\t\t\t\t<\/div>\n\t\t<div class=\"elementor-element elementor-element-cp295547c2 e-flex e-con-boxed e-con e-parent\" data-id=\"cp295547c2\" data-element_type=\"container\" data-e-type=\"container\">\n\t\t\t\t\t<div class=\"e-con-inner\">\n\t\t\t\t<div class=\"elementor-element elementor-element-cp28944fb0 elementor-widget elementor-widget-heading\" data-id=\"cp28944fb0\" data-element_type=\"widget\" data-e-type=\"widget\" data-widget_type=\"heading.default\">\n\t\t\t\t\t<h2 class=\"elementor-heading-title elementor-size-default\">Prameny: \u0161pan\u011blsk\u00e9 kroniky a \u00fastn\u00ed eposy<\/h2>\t\t\t\t<\/div>\n\t\t<div class=\"elementor-element elementor-element-cp23d59da4 e-flex e-con-boxed e-con e-child\" data-id=\"cp23d59da4\" data-element_type=\"container\" data-e-type=\"container\">\n\t\t\t\t\t<div class=\"e-con-inner\">\n\t\t\t\t<div class=\"elementor-element elementor-element-cp2ce157b6 elementor-widget elementor-widget-text-editor\" data-id=\"cp2ce157b6\" data-element_type=\"widget\" data-e-type=\"widget\" data-widget_type=\"text-editor.default\">\n\t\t\t\t\t\t\t\t\t<p>P\u00edsemn\u00e9 <span class=\"iwg-fachbegriff\" data-tooltip=\"P\u0159ed\u00e1v\u00e1n\u00ed znalost\u00ed a vypr\u00e1v\u011bn\u00ed mezi generacemi.\" tabindex=\"0\">dochov\u00e1n\u00ed<\/span> p\u0159ed\u0161pan\u011blsk\u00e9ho n\u00e1bo\u017eenstv\u00ed Filip\u00edn poch\u00e1z\u00ed t\u00e9m\u011b\u0159 v\u00fdhradn\u011b od \u0161pan\u011blsk\u00fdch \u0159\u00e1dov\u00fdch kn\u011b\u017e\u00ed. K nejstar\u0161\u00edm a nejv\u00fdznamn\u011bj\u0161\u00edm pramen\u016fm pat\u0159\u00ed Relaci\u00f3n de las Costumbres de los Tagalos franti\u0161k\u00e1na Juana de Plasencia z roku 1589 a o n\u011bco pozd\u011bji vznikl\u00fd Boxer Codex, bohat\u011b illustrovan\u00fd rukopis o obyvatel\u00edch archipelu.<\/p><p>Pro oblast Visayas je z\u00e1sadn\u00edm, by\u0165 z mision\u00e1\u0159sk\u00e9 perspektivy sepsan\u00fdm pramenem Historia de las Islas e Indios de Bisayas jezuity Ignacia Francisca Alciny z roku 1668. Podobn\u011b jako u srovnateln\u00fdch koloni\u00e1ln\u00edch text\u016f z jin\u00fdch \u010d\u00e1st\u00ed sv\u011bta plat\u00ed: jejich c\u00edlem bylo potla\u010den\u00ed praktik ozna\u010dovan\u00fdch za <span class=\"iwg-fachbegriff\" data-tooltip=\"Z k\u0159es\u0165ansk\u00e9ho hlediska: n\u00e1le\u017eej\u00edc\u00ed k p\u0159edk\u0159es\u0165ansk\u00e9mu nebo nek\u0159es\u0165ansk\u00e9mu n\u00e1bo\u017eenstv\u00ed.\" tabindex=\"0\">pohansk\u00e9<\/span>, nikoli jejich nezaujat\u00fd popis.<\/p><p>Druhou, nez\u00e1vislej\u0161\u00ed skupinu pramen\u016f tvo\u0159\u00ed \u00fastn\u011b tradovan\u00e9 eposy, kter\u00e9 byly p\u00edsemn\u011b zaznamen\u00e1ny a\u017e v 19. a 20. stolet\u00ed, mezi nimi epos Ibalong z oblasti Bicol a epos Hinilawod z ostrova Panay. I p\u0159i v\u0161\u00ed opatrnosti v\u016f\u010di pozd\u011bj\u0161\u00edm \u00faprav\u00e1m zachov\u00e1vaj\u00ed star\u0161\u00ed narativn\u00ed struktury a postavy panteonu jako Gugurang nebo Handyong.<\/p><p>Ve 20. stolet\u00ed tyto rozpt\u00fdlen\u00e9 prameny poprv\u00e9 v\u011bdecky systematizovali folklorist\u00e9 jako Maximo Ramos, kter\u00fd zavedl pojem Aswang-komplex, a Damiana Eugenio se svou v\u00edced\u00edlnou sb\u00edrkou filip\u00ednsk\u00e9 lidov\u00e9 literatury.<\/p>\t\t\t\t\t\t\t\t<\/div>\n\t\t\t\t\t<\/div>\n\t\t\t\t<\/div>\n\t\t\t\t\t<\/div>\n\t\t\t\t<\/div>\n\t\t<div class=\"elementor-element elementor-element-cp2c009332 e-flex e-con-boxed e-con e-parent\" data-id=\"cp2c009332\" data-element_type=\"container\" data-e-type=\"container\">\n\t\t\t\t\t<div class=\"e-con-inner\">\n\t\t\t\t<div class=\"elementor-element elementor-element-cp225c94da elementor-widget elementor-widget-heading\" data-id=\"cp225c94da\" data-element_type=\"widget\" data-e-type=\"widget\" data-widget_type=\"heading.default\">\n\t\t\t\t\t<h2 class=\"elementor-heading-title elementor-size-default\">Kolonizace, christianizace a dne\u0161n\u00ed znovuobjeven\u00ed<\/h2>\t\t\t\t<\/div>\n\t\t<div class=\"elementor-element elementor-element-cp2c7191ab e-flex e-con-boxed e-con e-child\" data-id=\"cp2c7191ab\" data-element_type=\"container\" data-e-type=\"container\">\n\t\t\t\t\t<div class=\"e-con-inner\">\n\t\t\t\t<div class=\"elementor-element elementor-element-cp23f4061d elementor-widget elementor-widget-text-editor\" data-id=\"cp23f4061d\" data-element_type=\"widget\" data-e-type=\"widget\" data-widget_type=\"text-editor.default\">\n\t\t\t\t\t\t\t\t\t<p>\u0160pan\u011blsk\u00e1 kolonizace v letech 1565 a\u017e 1898 p\u0159inesla systematickou christianizaci. Anito a Diwata byli v c\u00edrkevn\u00edch spisech pravideln\u011b vykreslov\u00e1ni jako d\u00e9moni, jejich uct\u00edv\u00e1n\u00ed bylo pron\u00e1sledov\u00e1no jako h\u0159\u00edch a Babaylan byly v mnoha oblastech zbaveny moci nebo tla\u010deny ke konverzi.<\/p><p>Star\u00fd duchovn\u00ed sv\u011bt v\u0161ak \u00fapln\u011b nezmizel. P\u0159e\u017eil v lidov\u00e9 podob\u011b katolicismu, v n\u00ed\u017e se sv\u00e1tky svat\u00fdch spojily s p\u0159ed\u0161pan\u011blsk\u00fdmi skliz\u0148ov\u00fdmi zvyky, i v dodnes \u017eiv\u00e9 \u00fastn\u00ed vypr\u00e1v\u011bc\u00ed tradici o Aswang, Diwata a p\u0159\u00edrodn\u00edch du\u0161\u00edch, zejm\u00e9na ve venkovsk\u00fdch oblastech Visayas.<\/p><p>Ve 20. stolet\u00ed vznikl s filip\u00ednsk\u00fdm nacionalismem nov\u00fd z\u00e1jem o p\u0159ed\u0161pan\u011blsk\u00e9 tradice, viditeln\u00fd nap\u0159\u00edklad v liter\u00e1rn\u00edm zpracov\u00e1n\u00ed postavy Marie Makiling od Jos\u00e9 Rizala. Od 60. let 20. stolet\u00ed folklorist\u00e9 jako Maximo Ramos a Damiana Eugenio systematicky dokumentovali zachoval\u00e9 vypr\u00e1v\u011bc\u00ed tradice.<\/p><p>Dnes ve\u0159ejn\u00fd obraz Aswang a Diwata v\u00fdrazn\u011b formuj\u00ed film, televize a popkultura, co\u017e religionisty jako Fenellu Cannell vede k rozli\u0161ov\u00e1n\u00ed mezi popul\u00e1rn\u00edm zjednodu\u0161en\u00edm a slo\u017eit\u011bj\u0161\u00edmi, region\u00e1ln\u011b rozmanit\u00fdmi prameny. O uzav\u0159en\u00e9m obnoven\u00ed p\u0159ed\u0161pan\u011blsk\u00e9ho n\u00e1bo\u017eenstv\u00ed jako \u017eit\u00e9 praxe nelze mluvit, drtiv\u00e1 v\u011bt\u0161ina Filip\u00ednc\u016f je dnes katolick\u00e1, p\u0159\u00edpadn\u011b v \u010d\u00e1sti Mindanaa muslimsk\u00e1.<\/p>\t\t\t\t\t\t\t\t<\/div>\n\t\t\t\t\t<\/div>\n\t\t\t\t<\/div>\n\t\t\t\t\t<\/div>\n\t\t\t\t<\/div>\n\t\t<div class=\"elementor-element elementor-element-iwgha-sami-sec e-flex e-con-boxed e-con e-parent\" data-id=\"iwgha-sami-sec\" data-element_type=\"container\" data-e-type=\"container\">\n\t\t\t\t\t<div class=\"e-con-inner\">\n\t\t\t\t<div class=\"elementor-element elementor-element-iwgha-sami-h elementor-widget elementor-widget-heading\" data-id=\"iwgha-sami-h\" data-element_type=\"widget\" data-e-type=\"widget\" data-widget_type=\"heading.default\">\n\t\t\t\t\t<h2 class=\"elementor-heading-title elementor-size-default\">Bytosti t\u00e9to tradice (21)<\/h2>\t\t\t\t<\/div>\n\t\t<div class=\"elementor-element elementor-element-iwgha-sami-gc e-flex e-con-boxed e-con e-parent\" data-id=\"iwgha-sami-gc\" data-element_type=\"container\" data-e-type=\"container\">\n\t\t\t\t\t<div class=\"e-con-inner\">\n\t\t\t\t<div class=\"elementor-element elementor-element-iwgha-sami-grid elementor-widget elementor-widget-text-editor\" data-id=\"iwgha-sami-grid\" data-element_type=\"widget\" data-e-type=\"widget\" data-widget_type=\"text-editor.default\">\n\t\t\t\t\t\t\t\t\t<div class=\"iwg-wesen-grid\"><a class=\"iwg-wesen-card\" href=\"https:\/\/iwell-guard.com\/cs\/tikbalang\/\" aria-label=\"Tikbalang\"><div class=\"iwg-wesen-card-imgwrap\"><img decoding=\"async\" src=\"https:\/\/iwell-guard.com\/wp-content\/uploads\/2026\/07\/geister_philippinisch_tikbalang-200x300.webp\" alt=\"Tikbalang\" loading=\"lazy\"><\/div><div class=\"iwg-wesen-card-body\"><div class=\"iwg-wesen-card-name\">Tikbalang<\/div><div class=\"iwg-wesen-card-arrow\">\u2192 K bytosti<\/div><\/div><\/a><a class=\"iwg-wesen-card\" href=\"https:\/\/iwell-guard.com\/cs\/kapre\/\" aria-label=\"Kapre\"><div class=\"iwg-wesen-card-imgwrap\"><img decoding=\"async\" src=\"https:\/\/iwell-guard.com\/wp-content\/uploads\/2026\/07\/geister_philippinisch_kapre-200x300.webp\" alt=\"Kapre\" loading=\"lazy\"><\/div><div class=\"iwg-wesen-card-body\"><div class=\"iwg-wesen-card-name\">Kapre<\/div><div class=\"iwg-wesen-card-arrow\">\u2192 K bytosti<\/div><\/div><\/a><a class=\"iwg-wesen-card\" href=\"https:\/\/iwell-guard.com\/cs\/diwata\/\" aria-label=\"Diwata\"><div class=\"iwg-wesen-card-imgwrap\"><img decoding=\"async\" src=\"https:\/\/iwell-guard.com\/wp-content\/uploads\/2026\/07\/goetter_philippinisch_diwata-200x300.webp\" alt=\"Diwata\" loading=\"lazy\"><\/div><div class=\"iwg-wesen-card-body\"><div class=\"iwg-wesen-card-name\">Diwata<\/div><div class=\"iwg-wesen-card-arrow\">\u2192 K bytosti<\/div><\/div><\/a><a class=\"iwg-wesen-card\" href=\"https:\/\/iwell-guard.com\/cs\/sirena\/\" aria-label=\"Sirena\"><div class=\"iwg-wesen-card-imgwrap\"><img decoding=\"async\" src=\"https:\/\/iwell-guard.com\/wp-content\/uploads\/2026\/07\/geister_philippinisch_sirena-200x300.webp\" alt=\"Sirena\" loading=\"lazy\"><\/div><div class=\"iwg-wesen-card-body\"><div class=\"iwg-wesen-card-name\">Sirena<\/div><div class=\"iwg-wesen-card-arrow\">\u2192 K bytosti<\/div><\/div><\/a><a class=\"iwg-wesen-card\" href=\"https:\/\/iwell-guard.com\/cs\/naga-bicol\/\" aria-label=\"Naga (Bicol)\"><div class=\"iwg-wesen-card-imgwrap\"><img decoding=\"async\" src=\"https:\/\/iwell-guard.com\/wp-content\/uploads\/2026\/07\/goetter_philippinisch_naga-bicol-200x300.webp\" alt=\"Naga (Bicol)\" loading=\"lazy\"><\/div><div class=\"iwg-wesen-card-body\"><div class=\"iwg-wesen-card-name\">Naga (Bicol)<\/div><div class=\"iwg-wesen-card-arrow\">\u2192 K bytosti<\/div><\/div><\/a><a class=\"iwg-wesen-card\" href=\"https:\/\/iwell-guard.com\/cs\/berberoka\/\" aria-label=\"Berberoka\"><div class=\"iwg-wesen-card-imgwrap\"><img decoding=\"async\" src=\"https:\/\/iwell-guard.com\/wp-content\/uploads\/2026\/07\/daemonen_philippinisch_berberoka-200x300.webp\" alt=\"Berberoka\" loading=\"lazy\"><\/div><div class=\"iwg-wesen-card-body\"><div class=\"iwg-wesen-card-name\">Berberoka<\/div><div class=\"iwg-wesen-card-arrow\">\u2192 K bytosti<\/div><\/div><\/a><a class=\"iwg-wesen-card\" href=\"https:\/\/iwell-guard.com\/cs\/tiyanak\/\" aria-label=\"Tiyanak\"><div class=\"iwg-wesen-card-imgwrap\"><img decoding=\"async\" src=\"https:\/\/iwell-guard.com\/wp-content\/uploads\/2026\/07\/daemonen_philippinisch_tiyanak-200x300.webp\" alt=\"Tiyanak\" loading=\"lazy\"><\/div><div class=\"iwg-wesen-card-body\"><div class=\"iwg-wesen-card-name\">Tiyanak<\/div><div class=\"iwg-wesen-card-arrow\">\u2192 K bytosti<\/div><\/div><\/a><a class=\"iwg-wesen-card\" href=\"https:\/\/iwell-guard.com\/cs\/pugot\/\" aria-label=\"Pugot\"><div class=\"iwg-wesen-card-imgwrap\"><img decoding=\"async\" src=\"https:\/\/iwell-guard.com\/wp-content\/uploads\/2026\/07\/geister_philippinisch_pugot-200x300.webp\" alt=\"Pugot\" loading=\"lazy\"><\/div><div class=\"iwg-wesen-card-body\"><div class=\"iwg-wesen-card-name\">Pugot<\/div><div class=\"iwg-wesen-card-arrow\">\u2192 K bytosti<\/div><\/div><\/a><a class=\"iwg-wesen-card\" href=\"https:\/\/iwell-guard.com\/cs\/multo\/\" aria-label=\"Multo\"><div class=\"iwg-wesen-card-imgwrap\"><img decoding=\"async\" src=\"https:\/\/iwell-guard.com\/wp-content\/uploads\/2026\/07\/geister_philippinisch_multo-200x300.webp\" alt=\"Multo\" loading=\"lazy\"><\/div><div class=\"iwg-wesen-card-body\"><div class=\"iwg-wesen-card-name\">Multo<\/div><div class=\"iwg-wesen-card-arrow\">\u2192 K bytosti<\/div><\/div><\/a><a class=\"iwg-wesen-card\" href=\"https:\/\/iwell-guard.com\/cs\/manananggal\/\" aria-label=\"Manananggal\"><div class=\"iwg-wesen-card-imgwrap\"><img decoding=\"async\" src=\"https:\/\/iwell-guard.com\/wp-content\/uploads\/2026\/07\/daemonen_philippinisch_manananggal-200x300.webp\" alt=\"Manananggal\" loading=\"lazy\"><\/div><div class=\"iwg-wesen-card-body\"><div class=\"iwg-wesen-card-name\">Manananggal<\/div><div class=\"iwg-wesen-card-arrow\">\u2192 K bytosti<\/div><\/div><\/a><a class=\"iwg-wesen-card\" href=\"https:\/\/iwell-guard.com\/cs\/aswang\/\" aria-label=\"Aswang\"><div class=\"iwg-wesen-card-imgwrap\"><img decoding=\"async\" src=\"https:\/\/iwell-guard.com\/wp-content\/uploads\/2026\/07\/daemonen_philippinisch_aswang-200x300.webp\" alt=\"Aswang\" loading=\"lazy\"><\/div><div class=\"iwg-wesen-card-body\"><div class=\"iwg-wesen-card-name\">Aswang<\/div><div class=\"iwg-wesen-card-arrow\">\u2192 K bytosti<\/div><\/div><\/a><a class=\"iwg-wesen-card\" href=\"https:\/\/iwell-guard.com\/cs\/lalahon\/\" aria-label=\"Lalahon\"><div class=\"iwg-wesen-card-imgwrap\"><img decoding=\"async\" src=\"https:\/\/iwell-guard.com\/wp-content\/uploads\/2026\/07\/goetter_philippinisch_lalahon-200x300.webp\" alt=\"Lalahon\" loading=\"lazy\"><\/div><div class=\"iwg-wesen-card-body\"><div class=\"iwg-wesen-card-name\">Lalahon<\/div><div class=\"iwg-wesen-card-arrow\">\u2192 K bytosti<\/div><\/div><\/a><a class=\"iwg-wesen-card\" href=\"https:\/\/iwell-guard.com\/cs\/kan-laon\/\" aria-label=\"Kan-Laon\"><div class=\"iwg-wesen-card-imgwrap\"><img decoding=\"async\" src=\"https:\/\/iwell-guard.com\/wp-content\/uploads\/2026\/07\/goetter_philippinisch_kan-laon-200x300.webp\" alt=\"Kan-Laon\" loading=\"lazy\"><\/div><div class=\"iwg-wesen-card-body\"><div class=\"iwg-wesen-card-name\">Kan-Laon<\/div><div class=\"iwg-wesen-card-arrow\">\u2192 K bytosti<\/div><\/div><\/a><a class=\"iwg-wesen-card\" href=\"https:\/\/iwell-guard.com\/cs\/gugurang\/\" aria-label=\"Gugurang\"><div class=\"iwg-wesen-card-imgwrap\"><img decoding=\"async\" src=\"https:\/\/iwell-guard.com\/wp-content\/uploads\/2026\/07\/goetter_philippinisch_gugurang-200x300.webp\" alt=\"Gugurang\" loading=\"lazy\"><\/div><div class=\"iwg-wesen-card-body\"><div class=\"iwg-wesen-card-name\">Gugurang<\/div><div class=\"iwg-wesen-card-arrow\">\u2192 K bytosti<\/div><\/div><\/a><a class=\"iwg-wesen-card\" href=\"https:\/\/iwell-guard.com\/cs\/lihangin\/\" aria-label=\"Lihangin\"><div class=\"iwg-wesen-card-imgwrap\"><img decoding=\"async\" src=\"https:\/\/iwell-guard.com\/wp-content\/uploads\/2026\/07\/goetter_philippinisch_lihangin-200x300.webp\" alt=\"Lihangin\" loading=\"lazy\"><\/div><div class=\"iwg-wesen-card-body\"><div class=\"iwg-wesen-card-name\">Lihangin<\/div><div class=\"iwg-wesen-card-arrow\">\u2192 K bytosti<\/div><\/div><\/a><a class=\"iwg-wesen-card\" href=\"https:\/\/iwell-guard.com\/cs\/habagat\/\" aria-label=\"Habagat\"><div class=\"iwg-wesen-card-imgwrap\"><img decoding=\"async\" src=\"https:\/\/iwell-guard.com\/wp-content\/uploads\/2026\/07\/goetter_philippinisch_habagat-200x300.webp\" alt=\"Habagat\" loading=\"lazy\"><\/div><div class=\"iwg-wesen-card-body\"><div class=\"iwg-wesen-card-name\">Habagat<\/div><div class=\"iwg-wesen-card-arrow\">\u2192 K bytosti<\/div><\/div><\/a><a class=\"iwg-wesen-card\" href=\"https:\/\/iwell-guard.com\/cs\/buhawi\/\" aria-label=\"Buhawi\"><div class=\"iwg-wesen-card-imgwrap\"><img decoding=\"async\" src=\"https:\/\/iwell-guard.com\/wp-content\/uploads\/2026\/07\/geister_philippinisch_buhawi-200x300.webp\" alt=\"Buhawi\" loading=\"lazy\"><\/div><div class=\"iwg-wesen-card-body\"><div class=\"iwg-wesen-card-name\">Buhawi<\/div><div class=\"iwg-wesen-card-arrow\">\u2192 K bytosti<\/div><\/div><\/a><a class=\"iwg-wesen-card\" href=\"https:\/\/iwell-guard.com\/cs\/apo-angin\/\" aria-label=\"Apo Angin\"><div class=\"iwg-wesen-card-imgwrap\"><img decoding=\"async\" src=\"https:\/\/iwell-guard.com\/wp-content\/uploads\/2026\/07\/goetter_philippinisch_apo-angin-200x300.webp\" alt=\"Apo Angin\" loading=\"lazy\"><\/div><div class=\"iwg-wesen-card-body\"><div class=\"iwg-wesen-card-name\">Apo Angin<\/div><div class=\"iwg-wesen-card-arrow\">\u2192 K bytosti<\/div><\/div><\/a><a class=\"iwg-wesen-card\" href=\"https:\/\/iwell-guard.com\/cs\/anitun-tabu\/\" aria-label=\"Anitun Tabu\"><div class=\"iwg-wesen-card-imgwrap\"><img decoding=\"async\" src=\"https:\/\/iwell-guard.com\/wp-content\/uploads\/2026\/07\/goetter_philippinisch_anitun-tabu-200x300.webp\" alt=\"Anitun Tabu\" loading=\"lazy\"><\/div><div class=\"iwg-wesen-card-body\"><div class=\"iwg-wesen-card-name\">Anitun Tabu<\/div><div class=\"iwg-wesen-card-arrow\">\u2192 K bytosti<\/div><\/div><\/a><a class=\"iwg-wesen-card\" href=\"https:\/\/iwell-guard.com\/cs\/amihan\/\" aria-label=\"Amihan\"><div class=\"iwg-wesen-card-imgwrap\"><img decoding=\"async\" src=\"https:\/\/iwell-guard.com\/wp-content\/uploads\/2026\/07\/goetter_philippinisch_amihan-200x300.webp\" alt=\"Amihan\" loading=\"lazy\"><\/div><div class=\"iwg-wesen-card-body\"><div class=\"iwg-wesen-card-name\">Amihan<\/div><div class=\"iwg-wesen-card-arrow\">\u2192 K bytosti<\/div><\/div><\/a><a class=\"iwg-wesen-card\" href=\"https:\/\/iwell-guard.com\/cs\/maria-makiling\/\" aria-label=\"Maria Makiling\"><div class=\"iwg-wesen-card-imgwrap\"><img decoding=\"async\" src=\"https:\/\/iwell-guard.com\/wp-content\/uploads\/2026\/07\/geister_philippinisch_maria-makiling-200x300.webp\" alt=\"Maria Makiling\" loading=\"lazy\"><\/div><div class=\"iwg-wesen-card-body\"><div class=\"iwg-wesen-card-name\">Maria Makiling<\/div><div class=\"iwg-wesen-card-arrow\">\u2192 K bytosti<\/div><\/div><\/a><\/div>\t\t\t\t\t\t\t\t<\/div>\n\t\t\t\t\t<\/div>\n\t\t\t\t<\/div>\n\t\t\t\t\t<\/div>\n\t\t\t\t<\/div>\n\t\t<div class=\"elementor-element elementor-element-iwgkw2-add-sami e-flex e-con-boxed e-con e-parent\" data-id=\"iwgkw2-add-sami\" data-element_type=\"container\" data-e-type=\"container\">\n\t\t\t\t\t<div class=\"e-con-inner\">\n\t\t\t\t<div class=\"elementor-element elementor-element-iwgkw2-add-sami-t elementor-widget elementor-widget-text-editor\" data-id=\"iwgkw2-add-sami-t\" data-element_type=\"widget\" data-e-type=\"widget\" data-widget_type=\"text-editor.default\">\n\t\t\t\t\t\t\t\t\t<p>Filip\u00ednsk\u00fd <em>Anito-kult p\u0159edk\u016f<\/em> spojuje Babaylan, ob\u011bti a m\u00edstn\u00ed duchy v samostatnou ochranou praxi, zat\u00edmco v\u00fdzkumem popisovan\u00fd <em>Aswang-komplex<\/em> ukazuje, jak spole\u010denstv\u00ed zpracov\u00e1vala ohro\u017een\u00ed vypr\u00e1v\u011bn\u00edm, nap\u0159\u00edklad pomoc\u00ed \u010desneku, soli nebo posv\u011bcen\u00fdch p\u0159edm\u011bt\u016f proti ob\u00e1van\u00fdm bytostem noci.<\/p>\t\t\t\t\t\t\t\t<\/div>\n\t\t\t\t\t<\/div>\n\t\t\t\t<\/div>\n\t\t<div class=\"elementor-element elementor-element-iwgcn-sami-kwd e-flex e-con-boxed e-con e-parent\" data-id=\"iwgcn-sami-kwd\" data-element_type=\"container\" data-e-type=\"container\">\n\t\t\t\t\t<div class=\"e-con-inner\">\n\t\t<div class=\"elementor-element elementor-element-iwgcn-sami-kwd-c e-con-full e-flex e-con e-child\" data-id=\"iwgcn-sami-kwd-c\" data-element_type=\"container\" data-e-type=\"container\">\n\t\t\t\t<div class=\"elementor-element elementor-element-iwgcn-sami-kwdt elementor-widget elementor-widget-text-editor\" data-id=\"iwgcn-sami-kwdt\" data-element_type=\"widget\" data-e-type=\"widget\" data-widget_type=\"text-editor.default\">\n\t\t\t\t\t\t\t\t\t<p><em>P\u0159\u00edbuzn\u00e9 kl\u00ed\u010dov\u00e9 pojmy: Anito Diwata Bathala Bakunawa Babaylan Aswang Ibalong Visayas Luzon Mindanao.<\/em><\/p>\t\t\t\t\t\t\t\t<\/div>\n\t\t\t\t<\/div>\n\t\t\t\t\t<\/div>\n\t\t\t\t<\/div>\n\t\t<div class=\"elementor-element elementor-element-iwgcn-sami-cc e-flex e-con-boxed e-con e-parent\" data-id=\"iwgcn-sami-cc\" data-element_type=\"container\" data-e-type=\"container\" id=\"iwg-cc-sami\">\n\t\t\t\t\t<div class=\"e-con-inner\">\n\t\t<div class=\"elementor-element elementor-element-iwgcn-sami-ccinner e-flex e-con-boxed e-con e-parent\" data-id=\"iwgcn-sami-ccinner\" data-element_type=\"container\" data-e-type=\"container\" data-settings=\"{&quot;background_background&quot;:&quot;classic&quot;}\">\n\t\t\t\t\t<div class=\"e-con-inner\">\n\t\t\t\t<div class=\"elementor-element elementor-element-iwgcn-sami-cch elementor-widget elementor-widget-heading\" data-id=\"iwgcn-sami-cch\" data-element_type=\"widget\" data-e-type=\"widget\" data-widget_type=\"heading.default\">\n\t\t\t\t\t<h2 class=\"elementor-heading-title elementor-size-default\">Ochrann\u00e9 p\u0159edm\u011bty v t\u00e9to kulturn\u00ed tradici<\/h2>\t\t\t\t<\/div>\n\t\t\t\t<div class=\"elementor-element elementor-element-iwgcn-sami-cct elementor-widget elementor-widget-text-editor\" data-id=\"iwgcn-sami-cct\" data-element_type=\"widget\" data-e-type=\"widget\" data-widget_type=\"text-editor.default\">\n\t\t\t\t\t\t\t\t\t<p>K filip\u00ednsk\u00e9 lidov\u00e9 tradici pat\u0159\u00ed amulet zvan\u00fd Anting-Anting s n\u00e1bo\u017eensk\u00fdmi znaky a <a href=\"https:\/\/iwell-guard.com\/cs\/?page_id=146375\">modlitebn\u00edmi formulemi<\/a>, jak popisuje \u010dl\u00e1nek o <a href=\"https:\/\/iwell-guard.com\/cs\/amulet\/\">amuletu<\/a>, d\u00e1le Agimat jako p\u0159\u00edbuzn\u00fd <a href=\"https:\/\/iwell-guard.com\/cs\/talisman\/\">talisman<\/a>, a tak\u00e9 \u010desnek, <a href=\"https:\/\/iwell-guard.com\/cs\/sul-jako-ochrana\/\">s\u016fl<\/a> a posv\u011bcen\u00fd olej, kter\u00e9 se v lidov\u00fdch vypr\u00e1v\u011bn\u00edch pou\u017e\u00edvaly proti komplexu bytost\u00ed Aswang. Takov\u00e9 p\u0159edm\u011bty je t\u0159eba kulturn\u011b-historicky ch\u00e1pat jako v\u00fdraz pot\u0159eby ochrany, nikoli jako ov\u011b\u0159en\u00e9 \u00fa\u010dinn\u00e9 prost\u0159edky. P\u0159ehled forem ochrany v r\u016fzn\u00fdch kultur\u00e1ch nab\u00edz\u00ed <a href=\"https:\/\/iwell-guard.com\/cs\/kompas-ochrany\/\">Kompas ochrany<\/a>.<\/p><div data-nosnippet=\"true\"><p>iWell Guard navazuje na tuto kulturn\u011b-historickou linii nositeln\u00fdch ochrann\u00fdch p\u0159edm\u011bt\u016f, v sou\u010dasn\u00e9 materi\u00e1lov\u00e9 architektu\u0159e, vyr\u00e1b\u011bn\u00fd v N\u011bmecku. 41 vrstev, ryz\u00ed zlato, platina, st\u0159\u00edbro. 30denn\u00ed pr\u00e1vo na vr\u00e1cen\u00ed zbo\u017e\u00ed.<\/p><\/div>\t\t\t\t\t\t\t\t<\/div>\n\t\t\t\t<div class=\"elementor-element elementor-element-iwgcn-sami-ccb iwg-cc-button iwg-cc-cta-2026-05-13 elementor-widget elementor-widget-jet-button\" data-id=\"iwgcn-sami-ccb\" data-element_type=\"widget\" data-e-type=\"widget\" data-widget_type=\"jet-button.default\">\n\t\t\t\t<div class=\"elementor-widget-container\">\n\t\t\t\t\t<div class=\"elementor-jet-button jet-elements\"><div class=\"jet-button__container\"><a class=\"jet-button__instance jet-button__instance--icon-left hover-effect-1\" href=\"\/ueber-iwell-guard\/?utm_source=iwell-guard.com&amp;utm_medium=info-box&amp;utm_campaign=kultur-tradition\"><div class=\"jet-button__plane jet-button__plane-normal\"><\/div><div class=\"jet-button__plane jet-button__plane-hover\"><\/div><div class=\"jet-button__state jet-button__state-normal\"><span class=\"jet-button__label\">V\u00edce o iWell Guard<\/span><\/div><div class=\"jet-button__state jet-button__state-hover\"><span class=\"jet-button__label\">V\u00edce o iWell Guard<\/span><\/div><\/a><\/div><\/div><style>.elementor-element.elementor-element-iwgcn-sami-ccb .jet-button__instance{width:320px;height:56px;}.elementor-element.elementor-element-iwgcn-sami-ccb .jet-button__state-normal .jet-button__label{text-align:center;margin:0px 0px 0px 0px;color:#1a1b20;font-family:Montserrat,sans-serif;font-size:13px;font-weight:400;letter-spacing:4px;line-height:1.714em;text-transform:uppercase;}.elementor-element.elementor-element-iwgcn-sami-ccb .jet-button__state-hover .jet-button__label{text-align:center;margin:0px 0px 0px 0px;color:#FECC76;font-family:Montserrat,sans-serif;font-size:13px;font-weight:400;letter-spacing:4px;line-height:1.714em;text-transform:uppercase;}.elementor-element.elementor-element-iwgcn-sami-ccb .jet-button__plane-normal{background-color:#FECC76;border-style:solid;border-color:#C99540;border-width:2px 2px 2px 2px;}.elementor-element.elementor-element-iwgcn-sami-ccb .jet-button__plane-hover{background-color:rgba(0,0,0,0.55);border-style:solid;border-color:#FECC76;border-width:2px 2px 2px 2px;}<\/style>\t\t\t\t<\/div>\n\t\t\t\t<\/div>\n\t\t\t\t<div class=\"elementor-element elementor-element-iwgcn-sami-ccd elementor-widget elementor-widget-text-editor\" data-id=\"iwgcn-sami-ccd\" data-element_type=\"widget\" data-e-type=\"widget\" data-widget_type=\"text-editor.default\">\n\t\t\t\t\t\t\t\t\t<div data-nosnippet=\"true\"><p style=\"text-align:center;font-size:13px;opacity:0.7;margin-top:14px\" data-nosnippet=\"true\">Osobn\u00ed zku\u0161enosti se mohou li\u0161it. Nejedn\u00e1 se o zdravotnick\u00fd prost\u0159edek. Nen\u00ed slibem l\u00e9\u010div\u00e9ho \u00fa\u010dinku.<\/p><\/div>\t\t\t\t\t\t\t\t<\/div>\n\t\t\t\t\t<\/div>\n\t\t\t\t<\/div>\n\t\t\t\t\t<\/div>\n\t\t\t\t<\/div>\n\t\t<div class=\"elementor-element elementor-element-iwgcn-sami-disc e-flex e-con-boxed e-con e-parent\" data-id=\"iwgcn-sami-disc\" data-element_type=\"container\" data-e-type=\"container\">\n\t\t\t\t\t<div class=\"e-con-inner\">\n\t\t\t\t<div class=\"elementor-element elementor-element-iwgcn-sami-discw elementor-widget elementor-widget-html\" data-id=\"iwgcn-sami-discw\" data-element_type=\"widget\" data-e-type=\"widget\" data-widget_type=\"html.default\">\n\t\t\t\t\t<footer data-nosnippet=\"true\" class=\"iwg-disclaimer-block\"><p data-nosnippet=\"true\">iWell Guard <strong>nen\u00ed zdravotnick\u00fd prost\u0159edek<\/strong> a nenahrazuje l\u00e9ka\u0159skou ani psychoterapeutickou l\u00e9\u010dbu. Religionistick\u00fd obsah p\u0159edstavuje kulturn\u011b-historick\u00e9 za\u0159azen\u00ed, nikoli doporu\u010den\u00ed duchovn\u00ed praxe.<\/p><\/footer>\t\t\t\t<\/div>\n\t\t\t\t\t<\/div>\n\t\t\t\t<\/div>\n\t\t\t\t<\/div>\n\t\t","protected":false},"excerpt":{"rendered":"","protected":false},"author":3,"featured_media":20197,"parent":0,"menu_order":0,"comment_status":"closed","ping_status":"closed","template":"elementor_header_footer","meta":{"_yoast_wpseo_focuskw":"filip\u00ednsk\u00e1 mytologie","_yoast_wpseo_title":"Filip\u00ednsk\u00e1 mytologie: Anito, Diwata, Aswang","_yoast_wpseo_metadesc":"Anito - kult p\u0159edk\u016f, duchov\u00e9 diwata a aswangsk\u00fd komplex Filip\u00edn: religionistick\u00fd v\u00fdklad, s bytostmi od tikbalangu po manananggal.","_yoast_wpseo_meta-robots-noindex":"","_yoast_wpseo_canonical":"","_angie_page":false,"gefaehrdungsstufe":"","wesen_kultur":"","wesen_klasse":"","footnotes":""},"categories":[],"class_list":["post-146378","page","type-page","status-publish","has-post-thumbnail","hentry"],"yoast_head":"<!-- This site is optimized with the Yoast SEO Premium plugin v27.7 (Yoast SEO v28.3) - https:\/\/yoast.com\/product\/yoast-seo-premium-wordpress\/ -->\n<title>Filip\u00ednsk\u00e1 mytologie: Anito, Diwata, Aswang<\/title>\n<meta name=\"description\" content=\"Anito - kult p\u0159edk\u016f, duchov\u00e9 diwata a aswangsk\u00fd komplex Filip\u00edn: religionistick\u00fd v\u00fdklad, s bytostmi od tikbalangu po manananggal.\" \/>\n<meta name=\"robots\" content=\"index, follow, max-snippet:-1, max-image-preview:large, max-video-preview:-1\" \/>\n<link rel=\"canonical\" href=\"https:\/\/iwell-guard.com\/cs\/filipinska-mytologie\/\" \/>\n<meta property=\"og:locale\" content=\"cs_CZ\" \/>\n<meta property=\"og:type\" content=\"article\" \/>\n<meta property=\"og:title\" content=\"Filip\u00ednsk\u00e1 mytologie\" \/>\n<meta property=\"og:description\" content=\"Anito - kult p\u0159edk\u016f, duchov\u00e9 diwata a aswangsk\u00fd komplex Filip\u00edn: religionistick\u00fd v\u00fdklad, s bytostmi od tikbalangu po manananggal.\" \/>\n<meta property=\"og:url\" content=\"https:\/\/iwell-guard.com\/cs\/filipinska-mytologie\/\" \/>\n<meta property=\"og:site_name\" content=\"iWell Guard\" \/>\n<meta property=\"article:modified_time\" content=\"2026-09-03T17:21:46+00:00\" \/>\n<meta property=\"og:image\" content=\"https:\/\/iwell-guard.com\/wp-content\/uploads\/2026\/07\/daemonen_philippinisch_aswang.webp\" \/>\n\t<meta property=\"og:image:width\" content=\"1024\" \/>\n\t<meta property=\"og:image:height\" content=\"1536\" \/>\n\t<meta property=\"og:image:type\" content=\"image\/webp\" \/>\n<meta name=\"twitter:card\" content=\"summary_large_image\" \/>\n<script type=\"application\/ld+json\" class=\"yoast-schema-graph\">{\"@context\":\"https:\\\/\\\/schema.org\",\"@graph\":[{\"@type\":\"WebPage\",\"@id\":\"https:\\\/\\\/iwell-guard.com\\\/cs\\\/filipinska-mytologie\\\/\",\"url\":\"https:\\\/\\\/iwell-guard.com\\\/cs\\\/filipinska-mytologie\\\/\",\"name\":\"Filip\u00ednsk\u00e1 mytologie: Anito, Diwata, Aswang\",\"isPartOf\":{\"@id\":\"https:\\\/\\\/iwell-guard.com\\\/cs\\\/#website\"},\"primaryImageOfPage\":{\"@id\":\"https:\\\/\\\/iwell-guard.com\\\/cs\\\/filipinska-mytologie\\\/#primaryimage\"},\"image\":{\"@id\":\"https:\\\/\\\/iwell-guard.com\\\/cs\\\/filipinska-mytologie\\\/#primaryimage\"},\"thumbnailUrl\":\"https:\\\/\\\/iwell-guard.com\\\/wp-content\\\/uploads\\\/2026\\\/07\\\/daemonen_philippinisch_aswang.webp\",\"datePublished\":\"2026-09-03T16:46:31+00:00\",\"dateModified\":\"2026-09-03T17:21:46+00:00\",\"description\":\"Anito - kult p\u0159edk\u016f, duchov\u00e9 diwata a aswangsk\u00fd komplex Filip\u00edn: religionistick\u00fd v\u00fdklad, s bytostmi od tikbalangu po manananggal.\",\"breadcrumb\":{\"@id\":\"https:\\\/\\\/iwell-guard.com\\\/cs\\\/filipinska-mytologie\\\/#breadcrumb\"},\"inLanguage\":\"cs\",\"potentialAction\":[{\"@type\":\"ReadAction\",\"target\":[\"https:\\\/\\\/iwell-guard.com\\\/cs\\\/filipinska-mytologie\\\/\"]}]},{\"@type\":\"ImageObject\",\"inLanguage\":\"cs\",\"@id\":\"https:\\\/\\\/iwell-guard.com\\\/cs\\\/filipinska-mytologie\\\/#primaryimage\",\"url\":\"https:\\\/\\\/iwell-guard.com\\\/wp-content\\\/uploads\\\/2026\\\/07\\\/daemonen_philippinisch_aswang.webp\",\"contentUrl\":\"https:\\\/\\\/iwell-guard.com\\\/wp-content\\\/uploads\\\/2026\\\/07\\\/daemonen_philippinisch_aswang.webp\",\"width\":1024,\"height\":1536,\"caption\":\"Aswang, d\u00e9mon filip\u00ednsk\u00e9 tradice\"},{\"@type\":\"BreadcrumbList\",\"@id\":\"https:\\\/\\\/iwell-guard.com\\\/cs\\\/filipinska-mytologie\\\/#breadcrumb\",\"itemListElement\":[{\"@type\":\"ListItem\",\"position\":1,\"name\":\"Start\",\"item\":\"https:\\\/\\\/iwell-guard.com\\\/cs\\\/?page_id=145107\"},{\"@type\":\"ListItem\",\"position\":2,\"name\":\"Filip\u00ednsk\u00e1 mytologie\"}]},{\"@type\":\"WebSite\",\"@id\":\"https:\\\/\\\/iwell-guard.com\\\/cs\\\/#website\",\"url\":\"https:\\\/\\\/iwell-guard.com\\\/cs\\\/\",\"name\":\"iWell Guard\",\"description\":\"Schutz vor dunklen Einfl\u00fcssen\",\"publisher\":{\"@id\":\"https:\\\/\\\/iwell-guard.com\\\/cs\\\/#organization\"},\"potentialAction\":[{\"@type\":\"SearchAction\",\"target\":{\"@type\":\"EntryPoint\",\"urlTemplate\":\"https:\\\/\\\/iwell-guard.com\\\/cs\\\/?s={search_term_string}\"},\"query-input\":{\"@type\":\"PropertyValueSpecification\",\"valueRequired\":true,\"valueName\":\"search_term_string\"}}],\"inLanguage\":\"cs\"},{\"@type\":\"Organization\",\"@id\":\"https:\\\/\\\/iwell-guard.com\\\/cs\\\/#organization\",\"name\":\"Ittermann electronic GmbH\",\"url\":\"https:\\\/\\\/iwell-guard.com\\\/cs\\\/\",\"logo\":{\"@type\":\"ImageObject\",\"inLanguage\":\"cs\",\"@id\":\"https:\\\/\\\/iwell-guard.com\\\/cs\\\/#\\\/schema\\\/logo\\\/image\\\/\",\"url\":\"https:\\\/\\\/iwell-guard.com\\\/wp-content\\\/uploads\\\/2026\\\/05\\\/Ittermann-Logo-1182x237-1.png\",\"contentUrl\":\"https:\\\/\\\/iwell-guard.com\\\/wp-content\\\/uploads\\\/2026\\\/05\\\/Ittermann-Logo-1182x237-1.png\",\"width\":1182,\"height\":237,\"caption\":\"Ittermann electronic GmbH\"},\"image\":{\"@id\":\"https:\\\/\\\/iwell-guard.com\\\/cs\\\/#\\\/schema\\\/logo\\\/image\\\/\"},\"sameAs\":[\"https:\\\/\\\/pantip.com\\\/profile\\\/9367242\",\"https:\\\/\\\/micro.blog\\\/iwellguard\",\"https:\\\/\\\/www.diggerslist.com\\\/iwellguard\\\/about\",\"https:\\\/\\\/skitterphoto.com\\\/photographers\\\/2870314\\\/iwell-guard\",\"https:\\\/\\\/iwellguard.wordpress.com\\\/2026\\\/06\\\/06\\\/iwell-guard\\\/\",\"https:\\\/\\\/hub.docker.com\\\/u\\\/iwellguard\",\"https:\\\/\\\/www.pinterest.com\\\/iwellguard\\\/\",\"https:\\\/\\\/bit.ly\\\/m\\\/iwellguard\",\"https:\\\/\\\/entre-vos-mains.alsace.eu\\\/profiles\\\/iwellguard\\\/activity\",\"https:\\\/\\\/gravatar.com\\\/reallybeded8fd34\",\"https:\\\/\\\/naijamatta.com\\\/iwellguard\",\"https:\\\/\\\/www.goodreads.com\\\/iwellguard\",\"https:\\\/\\\/profile.hatena.ne.jp\\\/iwellguard\\\/\",\"https:\\\/\\\/experiment.com\\\/users\\\/iwellguard\",\"https:\\\/\\\/wakelet.com\\\/@iWellGuard82270\",\"https:\\\/\\\/www.chordie.com\\\/forum\\\/profile.php?id=2555664\",\"https:\\\/\\\/www.instapaper.com\\\/p\\\/17757966\",\"https:\\\/\\\/www.mapleprimes.com\\\/users\\\/iwellguard\",\"https:\\\/\\\/businesslistingplus.com\\\/profile\\\/iwell-guard\\\/\",\"https:\\\/\\\/telegra.ph\\\/iWell-Guard-06-06\",\"https:\\\/\\\/pbase.com\\\/iwellguard\\\/iwellguard\",\"https:\\\/\\\/b.hatena.ne.jp\\\/iwellguard\\\/20260607#bookmark-4788405196491818882\",\"https:\\\/\\\/fliphtml5.com\\\/home\\\/iwellguard\",\"https:\\\/\\\/anyflip.com\\\/homepage\\\/cmiwl#About\",\"https:\\\/\\\/transfur.com\\\/Users\\\/iwellguard\",\"http:\\\/\\\/delphi.larsbo.org\\\/user\\\/iwellguard\",\"https:\\\/\\\/jobs.lajobsportal.org\\\/profiles\\\/8380803-iwell-guard\",\"https:\\\/\\\/md.chaosdorf.de\\\/s\\\/jfbe5SBdJD\",\"https:\\\/\\\/www.lingvolive.com\\\/en-us\\\/profile\\\/9ecaeaca-ce11-4e51-9e71-01d55e2bff36\\\/translations\",\"https:\\\/\\\/www.fitday.com\\\/fitness\\\/forums\\\/members\\\/iwellguard.html\",\"https:\\\/\\\/www.mymeetbook.com\\\/iwellguard\",\"https:\\\/\\\/pxhere.com\\\/en\\\/photographer-me\\\/5040798\",\"https:\\\/\\\/disqus.com\\\/by\\\/iwellguard\\\/about\\\/\",\"https:\\\/\\\/pastelink.net\\\/hjwciqwq\",\"https:\\\/\\\/pubhtml5.com\\\/homepage\\\/scjhn\\\/\",\"https:\\\/\\\/www.bitchute.com\\\/channel\\\/2O2eOKzNqujT\",\"https:\\\/\\\/audiomack.com\\\/iwellguard\"]}]}<\/script>\n<!-- \/ Yoast SEO Premium plugin. -->","yoast_head_json":{"title":"Filip\u00ednsk\u00e1 mytologie: Anito, Diwata, Aswang","description":"Anito - kult p\u0159edk\u016f, duchov\u00e9 diwata a aswangsk\u00fd komplex Filip\u00edn: religionistick\u00fd v\u00fdklad, s bytostmi od tikbalangu po manananggal.","robots":{"index":"index","follow":"follow","max-snippet":"max-snippet:-1","max-image-preview":"max-image-preview:large","max-video-preview":"max-video-preview:-1"},"canonical":"https:\/\/iwell-guard.com\/cs\/filipinska-mytologie\/","og_locale":"cs_CZ","og_type":"article","og_title":"Filip\u00ednsk\u00e1 mytologie","og_description":"Anito - kult p\u0159edk\u016f, duchov\u00e9 diwata a aswangsk\u00fd komplex Filip\u00edn: religionistick\u00fd v\u00fdklad, s bytostmi od tikbalangu po manananggal.","og_url":"https:\/\/iwell-guard.com\/cs\/filipinska-mytologie\/","og_site_name":"iWell Guard","article_modified_time":"2026-09-03T17:21:46+00:00","og_image":[{"width":1024,"height":1536,"url":"https:\/\/iwell-guard.com\/wp-content\/uploads\/2026\/07\/daemonen_philippinisch_aswang.webp","type":"image\/webp"}],"twitter_card":"summary_large_image","schema":{"@context":"https:\/\/schema.org","@graph":[{"@type":"WebPage","@id":"https:\/\/iwell-guard.com\/cs\/filipinska-mytologie\/","url":"https:\/\/iwell-guard.com\/cs\/filipinska-mytologie\/","name":"Filip\u00ednsk\u00e1 mytologie: Anito, Diwata, Aswang","isPartOf":{"@id":"https:\/\/iwell-guard.com\/cs\/#website"},"primaryImageOfPage":{"@id":"https:\/\/iwell-guard.com\/cs\/filipinska-mytologie\/#primaryimage"},"image":{"@id":"https:\/\/iwell-guard.com\/cs\/filipinska-mytologie\/#primaryimage"},"thumbnailUrl":"https:\/\/iwell-guard.com\/wp-content\/uploads\/2026\/07\/daemonen_philippinisch_aswang.webp","datePublished":"2026-09-03T16:46:31+00:00","dateModified":"2026-09-03T17:21:46+00:00","description":"Anito - kult p\u0159edk\u016f, duchov\u00e9 diwata a aswangsk\u00fd komplex Filip\u00edn: religionistick\u00fd v\u00fdklad, s bytostmi od tikbalangu po manananggal.","breadcrumb":{"@id":"https:\/\/iwell-guard.com\/cs\/filipinska-mytologie\/#breadcrumb"},"inLanguage":"cs","potentialAction":[{"@type":"ReadAction","target":["https:\/\/iwell-guard.com\/cs\/filipinska-mytologie\/"]}]},{"@type":"ImageObject","inLanguage":"cs","@id":"https:\/\/iwell-guard.com\/cs\/filipinska-mytologie\/#primaryimage","url":"https:\/\/iwell-guard.com\/wp-content\/uploads\/2026\/07\/daemonen_philippinisch_aswang.webp","contentUrl":"https:\/\/iwell-guard.com\/wp-content\/uploads\/2026\/07\/daemonen_philippinisch_aswang.webp","width":1024,"height":1536,"caption":"Aswang, d\u00e9mon filip\u00ednsk\u00e9 tradice"},{"@type":"BreadcrumbList","@id":"https:\/\/iwell-guard.com\/cs\/filipinska-mytologie\/#breadcrumb","itemListElement":[{"@type":"ListItem","position":1,"name":"Start","item":"https:\/\/iwell-guard.com\/cs\/?page_id=145107"},{"@type":"ListItem","position":2,"name":"Filip\u00ednsk\u00e1 mytologie"}]},{"@type":"WebSite","@id":"https:\/\/iwell-guard.com\/cs\/#website","url":"https:\/\/iwell-guard.com\/cs\/","name":"iWell Guard","description":"Schutz vor dunklen Einfl\u00fcssen","publisher":{"@id":"https:\/\/iwell-guard.com\/cs\/#organization"},"potentialAction":[{"@type":"SearchAction","target":{"@type":"EntryPoint","urlTemplate":"https:\/\/iwell-guard.com\/cs\/?s={search_term_string}"},"query-input":{"@type":"PropertyValueSpecification","valueRequired":true,"valueName":"search_term_string"}}],"inLanguage":"cs"},{"@type":"Organization","@id":"https:\/\/iwell-guard.com\/cs\/#organization","name":"Ittermann electronic GmbH","url":"https:\/\/iwell-guard.com\/cs\/","logo":{"@type":"ImageObject","inLanguage":"cs","@id":"https:\/\/iwell-guard.com\/cs\/#\/schema\/logo\/image\/","url":"https:\/\/iwell-guard.com\/wp-content\/uploads\/2026\/05\/Ittermann-Logo-1182x237-1.png","contentUrl":"https:\/\/iwell-guard.com\/wp-content\/uploads\/2026\/05\/Ittermann-Logo-1182x237-1.png","width":1182,"height":237,"caption":"Ittermann electronic GmbH"},"image":{"@id":"https:\/\/iwell-guard.com\/cs\/#\/schema\/logo\/image\/"},"sameAs":["https:\/\/pantip.com\/profile\/9367242","https:\/\/micro.blog\/iwellguard","https:\/\/www.diggerslist.com\/iwellguard\/about","https:\/\/skitterphoto.com\/photographers\/2870314\/iwell-guard","https:\/\/iwellguard.wordpress.com\/2026\/06\/06\/iwell-guard\/","https:\/\/hub.docker.com\/u\/iwellguard","https:\/\/www.pinterest.com\/iwellguard\/","https:\/\/bit.ly\/m\/iwellguard","https:\/\/entre-vos-mains.alsace.eu\/profiles\/iwellguard\/activity","https:\/\/gravatar.com\/reallybeded8fd34","https:\/\/naijamatta.com\/iwellguard","https:\/\/www.goodreads.com\/iwellguard","https:\/\/profile.hatena.ne.jp\/iwellguard\/","https:\/\/experiment.com\/users\/iwellguard","https:\/\/wakelet.com\/@iWellGuard82270","https:\/\/www.chordie.com\/forum\/profile.php?id=2555664","https:\/\/www.instapaper.com\/p\/17757966","https:\/\/www.mapleprimes.com\/users\/iwellguard","https:\/\/businesslistingplus.com\/profile\/iwell-guard\/","https:\/\/telegra.ph\/iWell-Guard-06-06","https:\/\/pbase.com\/iwellguard\/iwellguard","https:\/\/b.hatena.ne.jp\/iwellguard\/20260607#bookmark-4788405196491818882","https:\/\/fliphtml5.com\/home\/iwellguard","https:\/\/anyflip.com\/homepage\/cmiwl#About","https:\/\/transfur.com\/Users\/iwellguard","http:\/\/delphi.larsbo.org\/user\/iwellguard","https:\/\/jobs.lajobsportal.org\/profiles\/8380803-iwell-guard","https:\/\/md.chaosdorf.de\/s\/jfbe5SBdJD","https:\/\/www.lingvolive.com\/en-us\/profile\/9ecaeaca-ce11-4e51-9e71-01d55e2bff36\/translations","https:\/\/www.fitday.com\/fitness\/forums\/members\/iwellguard.html","https:\/\/www.mymeetbook.com\/iwellguard","https:\/\/pxhere.com\/en\/photographer-me\/5040798","https:\/\/disqus.com\/by\/iwellguard\/about\/","https:\/\/pastelink.net\/hjwciqwq","https:\/\/pubhtml5.com\/homepage\/scjhn\/","https:\/\/www.bitchute.com\/channel\/2O2eOKzNqujT","https:\/\/audiomack.com\/iwellguard"]}]}},"_links":{"self":[{"href":"https:\/\/iwell-guard.com\/cs\/wp-json\/wp\/v2\/pages\/146378","targetHints":{"allow":["GET"]}}],"collection":[{"href":"https:\/\/iwell-guard.com\/cs\/wp-json\/wp\/v2\/pages"}],"about":[{"href":"https:\/\/iwell-guard.com\/cs\/wp-json\/wp\/v2\/types\/page"}],"author":[{"embeddable":true,"href":"https:\/\/iwell-guard.com\/cs\/wp-json\/wp\/v2\/users\/3"}],"replies":[{"embeddable":true,"href":"https:\/\/iwell-guard.com\/cs\/wp-json\/wp\/v2\/comments?post=146378"}],"version-history":[{"count":0,"href":"https:\/\/iwell-guard.com\/cs\/wp-json\/wp\/v2\/pages\/146378\/revisions"}],"wp:featuredmedia":[{"embeddable":true,"href":"https:\/\/iwell-guard.com\/cs\/wp-json\/wp\/v2\/media\/20197"}],"wp:attachment":[{"href":"https:\/\/iwell-guard.com\/cs\/wp-json\/wp\/v2\/media?parent=146378"}],"wp:term":[{"taxonomy":"category","embeddable":true,"href":"https:\/\/iwell-guard.com\/cs\/wp-json\/wp\/v2\/categories?post=146378"}],"curies":[{"name":"wp","href":"https:\/\/api.w.org\/{rel}","templated":true}]}}