{"id":146375,"date":"2026-09-03T16:46:29","date_gmt":"2026-09-03T16:46:29","guid":{"rendered":"https:\/\/iwell-guard.com\/?page_id=146375"},"modified":"2026-09-03T17:21:41","modified_gmt":"2026-09-03T17:21:41","slug":"modlitby-jako-ochrana","status":"publish","type":"page","link":"https:\/\/iwell-guard.com\/cs\/modlitby-jako-ochrana\/","title":{"rendered":"Modlitby jako ochrana"},"content":{"rendered":"\t\t<div data-elementor-type=\"wp-page\" data-elementor-id=\"146375\" class=\"elementor elementor-146375 elementor-20513 elementor-bc-flex-widget\" data-elementor-post-type=\"page\">\n\t\t\t\t<div class=\"elementor-element elementor-element-iwgs-wacholder-hero e-flex e-con-boxed e-con e-parent\" data-id=\"iwgs-wacholder-hero\" data-element_type=\"container\" data-e-type=\"container\">\n\t\t\t\t\t<div class=\"e-con-inner\">\n\t\t<div class=\"elementor-element elementor-element-iw-wacholder-hero-left e-con-full e-flex e-con e-child\" data-id=\"iw-wacholder-hero-left\" data-element_type=\"container\" data-e-type=\"container\">\n\t\t\t\t<div class=\"elementor-element elementor-element-iwgs-wacholder-h1 elementor-widget elementor-widget-heading\" data-id=\"iwgs-wacholder-h1\" data-element_type=\"widget\" data-e-type=\"widget\" data-widget_type=\"heading.default\">\n\t\t\t\t\t<h1 class=\"elementor-heading-title elementor-size-default\">Modlitby jako ochrana \u2013 po\u017eehn\u00e1n\u00ed v lidov\u00e9 v\u00ed\u0159e<\/h1>\t\t\t\t<\/div>\n\t\t<div class=\"elementor-element elementor-element-iw-wacholder-hero-bw e-con-full e-flex e-con e-child\" data-id=\"iw-wacholder-hero-bw\" data-element_type=\"container\" data-e-type=\"container\">\n\t\t\t\t<div class=\"elementor-element elementor-element-iwgs-wacholder-pills elementor-widget elementor-widget-html\" data-id=\"iwgs-wacholder-pills\" data-element_type=\"widget\" data-e-type=\"widget\" data-widget_type=\"html.default\">\n\t\t\t\t\t<div class=\"iwg-pill-row\"><span class=\"iwg-klasse-badge\" tabindex=\"0\" data-tooltip=\"Druh ochrann\u00e9ho prost\u0159edku.\">Ochrann\u00e1 praktika<\/span><a href=\"https:\/\/iwell-guard.com\/cs\/kompas-ochrany\/\" class=\"iwg-kultur-badge\" tabindex=\"0\" data-tooltip=\"Na Kompas ochrany.\">Kompas ochrany<\/a><\/div>\t\t\t\t<\/div>\n\t\t\t\t<div class=\"elementor-element elementor-element-iwgs-wacholder-lead elementor-widget elementor-widget-text-editor\" data-id=\"iwgs-wacholder-lead\" data-element_type=\"widget\" data-e-type=\"widget\" data-widget_type=\"text-editor.default\">\n\t\t\t\t\t\t\t\t\t<p>Krom\u011b bylin, amulet\u016f a znamen\u00ed pat\u0159\u00ed mezi dlouho roz\u0161\u00ed\u0159en\u00e9 ochrann\u00e9 prost\u0159edky i vy\u0159\u010den\u00e9 slovo. Ochrann\u00e9 modlitby se obracej\u00ed na vy\u0161\u0161\u00ed moc, nej\u010dast\u011bji Boha, and\u011bla nebo svat\u00e9ho, s prosbou o ochranu p\u0159ed nemoc\u00ed, nebezpe\u010d\u00edm na cest\u00e1ch, no\u010dn\u00ed hrozbou nebo zl\u00fdmi mocnostmi.<\/p><p>\u0160k\u00e1la t\u00e9to praktiky sah\u00e1 od formulovit\u00fdch c\u00edrkevn\u00edch modliteb, jako je \u017dalm 91, a\u017e po lidov\u00e1 domovn\u00ed po\u017eehn\u00e1n\u00ed psan\u00e1 na tr\u00e1my. V\u00fdrazn\u011b se li\u0161\u00ed od <a href=\"https:\/\/iwell-guard.com\/cs\/bannspruch-a-banovaci-ritual\/\">za\u0159\u00edk\u00e1v\u00e1n\u00ed<\/a>, kter\u00e9 konkr\u00e9tn\u00ed zlo aktivn\u011b zapuzuje a vyh\u00e1n\u00ed, a od <a href=\"https:\/\/iwell-guard.com\/cs\/zarikavani\/\">zakl\u00edn\u00e1n\u00ed<\/a>, individu\u00e1ln\u00ed l\u00e9\u010debn\u00e9 formule zku\u0161en\u00e9 osoby proti ur\u010dit\u00e9mu neduhu.<\/p>\n<p class=\"iwg-kwfix\">Modlitby jsou v lidov\u00e9 v\u00ed\u0159e i ve sv\u011btov\u00fdch n\u00e1bo\u017eenstv\u00edch pova\u017eov\u00e1ny za ochranu prost\u0159ednictv\u00edm vy\u0159\u010den\u00e9ho slova. Po\u017eehn\u00e1n\u00ed je v lidov\u00e9 v\u00ed\u0159e ch\u00e1p\u00e1no jako vysloven\u00e1 ochrana, kter\u00e1 odvrac\u00ed ne\u0161t\u011bst\u00ed a vypro\u0161uje pomoc.<\/p>\t\t\t\t\t\t\t\t<\/div>\n\t\t\t\t<\/div>\n\t\t\t\t<\/div>\n\t\t<div class=\"elementor-element elementor-element-iw-wacholder-hero-img e-con-full e-flex e-con e-child\" data-id=\"iw-wacholder-hero-img\" data-element_type=\"container\" data-e-type=\"container\">\n\t\t\t\t<div class=\"elementor-element elementor-element-iwgs-wacholder-himg iwg-hero-image elementor-widget elementor-widget-image\" data-id=\"iwgs-wacholder-himg\" data-element_type=\"widget\" data-e-type=\"widget\" data-widget_type=\"image.default\">\n\t\t\t\t\t\t\t\t\t\t\t\t\t\t\t<img fetchpriority=\"high\" decoding=\"async\" width=\"683\" height=\"1024\" src=\"https:\/\/iwell-guard.com\/wp-content\/uploads\/2026\/05\/schutzsymbol_germanisch_wacholder-683x1024.png\" class=\"attachment-large size-large wp-image-146972\" alt=\"Spor\u00fd\u0161 \u2013 ochrann\u00e1 a ritu\u00e1ln\u00ed rostlina, historicko-ilustrativn\u00ed\" srcset=\"https:\/\/iwell-guard.com\/wp-content\/uploads\/2026\/05\/schutzsymbol_germanisch_wacholder-683x1024.png 683w, https:\/\/iwell-guard.com\/wp-content\/uploads\/2026\/05\/schutzsymbol_germanisch_wacholder-200x300.png 200w, https:\/\/iwell-guard.com\/wp-content\/uploads\/2026\/05\/schutzsymbol_germanisch_wacholder-768x1152.png 768w, https:\/\/iwell-guard.com\/wp-content\/uploads\/2026\/05\/schutzsymbol_germanisch_wacholder.png 1024w\" sizes=\"(max-width: 683px) 100vw, 683px\" \/>\t\t\t\t\t\t\t\t\t\t\t\t\t\t\t<\/div>\n\t\t\t\t<\/div>\n\t\t\t\t\t<\/div>\n\t\t\t\t<\/div>\n\t\t<div class=\"elementor-element elementor-element-iwgs-wacholder-s0 e-flex e-con-boxed e-con e-parent\" data-id=\"iwgs-wacholder-s0\" data-element_type=\"container\" data-e-type=\"container\">\n\t\t\t\t\t<div class=\"e-con-inner\">\n\t\t\t\t<div class=\"elementor-element elementor-element-iwgs-wacholder-s0h elementor-widget elementor-widget-heading\" data-id=\"iwgs-wacholder-s0h\" data-element_type=\"widget\" data-e-type=\"widget\" data-widget_type=\"heading.default\">\n\t\t\t\t\t<h2 class=\"elementor-heading-title elementor-size-default\">Rychl\u00fd p\u0159ehled<\/h2>\t\t\t\t<\/div>\n\t\t<div class=\"elementor-element elementor-element-iw-wacholder-s0-bw e-con-full e-flex e-con e-child\" data-id=\"iw-wacholder-s0-bw\" data-element_type=\"container\" data-e-type=\"container\">\n\t\t\t\t<div class=\"elementor-element elementor-element-iwgs-wacholder-s0t elementor-widget elementor-widget-text-editor\" data-id=\"iwgs-wacholder-s0t\" data-element_type=\"widget\" data-e-type=\"widget\" data-widget_type=\"text-editor.default\">\n\t\t\t\t\t\t\t\t\t<p>Ochrann\u00e1 modlitba je slovo nam\u00ed\u0159en\u00e9 k vy\u0161\u0161\u00ed moci, \u010dasto formulovit\u00e9, jeho\u017e c\u00edlem je odvr\u00e1tit ne\u0161t\u011bst\u00ed, nemoc nebo nebezpe\u010d\u00ed. \u0160k\u00e1la sah\u00e1 od c\u00edrkevn\u011b uzn\u00e1van\u00fdch text\u016f, jako je Ot\u010den\u00e1\u0161 nebo \u017dalm 91, a\u017e po lidov\u00e1 po\u017eehn\u00e1n\u00ed s n\u00e1bo\u017eensk\u00fdm n\u00e1dechem.<\/p><p>Pevn\u00e9 formy p\u0159edstavuj\u00ed ve\u010dern\u00ed po\u017eehn\u00e1n\u00ed p\u0159ed span\u00edm, cestovn\u00ed po\u017eehn\u00e1n\u00ed p\u0159ed vyd\u00e1n\u00edm na cestu a domovn\u00ed po\u017eehn\u00e1n\u00ed, kter\u00e9 m\u00e1 trvale chr\u00e1nit d\u016fm i jeho obyvatele.<\/p>\t\t\t\t\t\t\t\t<\/div>\n\t\t\t\t<\/div>\n\t\t\t\t\t<\/div>\n\t\t\t\t<\/div>\n\t\t<div class=\"elementor-element elementor-element-iwgs-wacholder-s1 e-flex e-con-boxed e-con e-parent\" data-id=\"iwgs-wacholder-s1\" data-element_type=\"container\" data-e-type=\"container\">\n\t\t\t\t\t<div class=\"e-con-inner\">\n\t\t\t\t<div class=\"elementor-element elementor-element-iwgs-wacholder-s1h elementor-widget elementor-widget-heading\" data-id=\"iwgs-wacholder-s1h\" data-element_type=\"widget\" data-e-type=\"widget\" data-widget_type=\"heading.default\">\n\t\t\t\t\t<h2 class=\"elementor-heading-title elementor-size-default\">P\u016fvod a tradice<\/h2>\t\t\t\t<\/div>\n\t\t<div class=\"elementor-element elementor-element-iw-wacholder-s1-bw e-con-full e-flex e-con e-child\" data-id=\"iw-wacholder-s1-bw\" data-element_type=\"container\" data-e-type=\"container\">\n\t\t\t\t<div class=\"elementor-element elementor-element-iwgs-wacholder-s1t elementor-widget elementor-widget-text-editor\" data-id=\"iwgs-wacholder-s1t\" data-element_type=\"widget\" data-e-type=\"widget\" data-widget_type=\"text-editor.default\">\n\t\t\t\t\t\t\t\t\t<p>\u017dalm 91 se sv\u00fdm zn\u00e1m\u00fdm za\u010d\u00e1tkem &#8222;Kdo p\u0159eb\u00fdv\u00e1 v \u00fakrytu Nejvy\u0161\u0161\u00edho&#8220; je od st\u0159edov\u011bku pova\u017eov\u00e1n za kl\u00ed\u010dov\u00fd biblick\u00fd ochrann\u00fd text a byl obzvl\u00e1\u0161t\u011b hojn\u011b modlen v dob\u00e1ch epidemi\u00ed a v\u00e1le\u010dn\u00e9ho nebezpe\u010d\u00ed, n\u011bkdy ozna\u010dov\u00e1n jako morov\u00fd \u017ealm. V n\u011bkter\u00fdch oblastech se jednotliv\u00e9 ver\u0161e psaly na drobn\u00e9 l\u00edstky a za\u0161\u00edvaly do oble\u010den\u00ed, co\u017e ukazuje p\u0159echod od vy\u0159\u010den\u00e9 modlitby k no\u0161en\u00e9mu <a href=\"https:\/\/iwell-guard.com\/cs\/amulet\/\">amuletu<\/a>.<\/p><p>Ve\u010dern\u00ed a cestovn\u00ed po\u017eehn\u00e1n\u00ed pat\u0159ily po stalet\u00ed k pevn\u00e9mu denn\u00edho \u0159\u00e1du v\u011b\u0159\u00edc\u00edch rodin: p\u0159ed usnut\u00edm se prosilo o ochranu b\u011bhem bezbrann\u00fdch no\u010dn\u00edch hodin, p\u0159ed vyd\u00e1n\u00edm na cestu o bezpe\u010dn\u00fd doprovod. St\u0159edov\u011bk\u00e9 c\u00edrkevn\u00ed benedikcion\u00e1ly shroma\u017e\u010fovaly mno\u017estv\u00ed podobn\u00fdch formulovit\u00fdch po\u017eehn\u00e1n\u00ed pro d\u016fm, pole, dobytek i poutn\u00edky.<\/p><p>Vedle toho p\u0159e\u017e\u00edvalo lidov\u00e9 domovn\u00ed po\u017eehn\u00e1n\u00ed, \u010dasto psan\u00e9 jako v\u00fdrok na nadpra\u017e\u00ed dve\u0159\u00ed nebo stropn\u00ed tr\u00e1m, nez\u0159\u00eddka ve spojen\u00ed s <a href=\"https:\/\/iwell-guard.com\/cs\/?page_id=146377\">ochrann\u00fdmi znamen\u00edmi<\/a>, jako je k\u0159\u00ed\u017e. P\u0159\u00edru\u010dn\u00ed slovn\u00edk n\u011bmeck\u00e9 pov\u011bre\u010dnosti (Handw\u00f6rterbuch des deutschen Aberglaubens) dokumentuje toto t\u011bsn\u00e9 propojen\u00ed vysloven\u00e9ho po\u017eehn\u00e1n\u00ed a viditeln\u00e9ho znamen\u00ed.<\/p>\t\t\t\t\t\t\t\t<\/div>\n\t\t\t\t<\/div>\n\t\t\t\t\t<\/div>\n\t\t\t\t<\/div>\n\t\t<div class=\"elementor-element elementor-element-iwgs-wacholder-s2 e-flex e-con-boxed e-con e-parent\" data-id=\"iwgs-wacholder-s2\" data-element_type=\"container\" data-e-type=\"container\">\n\t\t\t\t\t<div class=\"e-con-inner\">\n\t\t\t\t<div class=\"elementor-element elementor-element-iwgs-wacholder-s2h elementor-widget elementor-widget-heading\" data-id=\"iwgs-wacholder-s2h\" data-element_type=\"widget\" data-e-type=\"widget\" data-widget_type=\"heading.default\">\n\t\t\t\t\t<h2 class=\"elementor-heading-title elementor-size-default\">Princip p\u016fsoben\u00ed podle tradice<\/h2>\t\t\t\t<\/div>\n\t\t<div class=\"elementor-element elementor-element-iw-wacholder-s2-bw e-con-full e-flex e-con e-child\" data-id=\"iw-wacholder-s2-bw\" data-element_type=\"container\" data-e-type=\"container\">\n\t\t\t\t<div class=\"elementor-element elementor-element-iwgs-wacholder-s2t elementor-widget elementor-widget-text-editor\" data-id=\"iwgs-wacholder-s2t\" data-element_type=\"widget\" data-e-type=\"widget\" data-widget_type=\"text-editor.default\">\n\t\t\t\t\t\t\t\t\t<p>Ochrann\u00e9 modlitb\u011b je p\u0159ipisov\u00e1na s\u00edla, kter\u00e1 tkv\u00ed v samotn\u00e9m vy\u0159\u010den\u00e9m nebo napsan\u00e9m slov\u011b, umocn\u011bn\u00e1 opakov\u00e1n\u00edm a pevnou formulovitost\u00ed. Na rozd\u00edl od <a href=\"https:\/\/iwell-guard.com\/cs\/bannspruch-a-banovaci-ritual\/\">za\u0159\u00edk\u00e1v\u00e1n\u00ed<\/a>, kter\u00e9 konkr\u00e9tn\u00edmu zlu p\u0159\u00edmo p\u0159ikazuje ustoupit, modlitba pros\u00ed vy\u0161\u0161\u00ed moc o pomoc a sama nic nep\u0159ikazuje.<\/p><p>Toto rozli\u0161en\u00ed z\u00e1rove\u0148 vymezuje hranici v\u016f\u010di <a href=\"https:\/\/iwell-guard.com\/cs\/zarikavani\/\">zakl\u00edn\u00e1n\u00ed<\/a>: zat\u00edmco zakl\u00edn\u00e1n\u00ed je individu\u00e1ln\u00ed formule, obvykle \u00fastn\u011b p\u0159ed\u00e1van\u00e1 zku\u0161enou osobou proti ur\u010dit\u00e9mu utrpen\u00ed, ochrann\u00e1 modlitba je zpravidla nadregion\u00e1ln\u011b zn\u00e1m\u00e1, formalizovan\u00e1 a platn\u00e1 pro mnoho p\u0159\u00edle\u017eitost\u00ed.<\/p>\t\t\t\t\t\t\t\t<\/div>\n\t\t\t\t<\/div>\n\t\t\t\t\t<\/div>\n\t\t\t\t<\/div>\n\t\t<div class=\"elementor-element elementor-element-iwgs-wacholder-s3 e-flex e-con-boxed e-con e-parent\" data-id=\"iwgs-wacholder-s3\" data-element_type=\"container\" data-e-type=\"container\">\n\t\t\t\t\t<div class=\"e-con-inner\">\n\t\t\t\t<div class=\"elementor-element elementor-element-iwgs-wacholder-s3h elementor-widget elementor-widget-heading\" data-id=\"iwgs-wacholder-s3h\" data-element_type=\"widget\" data-e-type=\"widget\" data-widget_type=\"heading.default\">\n\t\t\t\t\t<h2 class=\"elementor-heading-title elementor-size-default\">Roz\u0161\u00ed\u0159en\u00ed nap\u0159\u00ed\u010d kulturami<\/h2>\t\t\t\t<\/div>\n\t\t<div class=\"elementor-element elementor-element-iw-wacholder-s3-bw e-con-full e-flex e-con e-child\" data-id=\"iw-wacholder-s3-bw\" data-element_type=\"container\" data-e-type=\"container\">\n\t\t\t\t<div class=\"elementor-element elementor-element-iwgs-wacholder-s3t elementor-widget elementor-widget-text-editor\" data-id=\"iwgs-wacholder-s3t\" data-element_type=\"widget\" data-e-type=\"widget\" data-widget_type=\"text-editor.default\">\n\t\t\t\t\t\t\t\t\t<p>Ochrann\u00e9 modlitby se vyskytuj\u00ed ve v\u0161ech velk\u00fdch sv\u011btov\u00fdch n\u00e1bo\u017eenstv\u00edch. V judaismu p\u0159edstavuje mezuza na prahu dve\u0159\u00ed, v n\u00ed\u017e je ulo\u017een \u00fasek textu z T\u00f3ry, my\u0161lenku p\u0159\u00edbuznou k\u0159es\u0165ansk\u00e9mu po\u017eehn\u00e1n\u00ed dve\u0159\u00ed. V isl\u00e1mu jsou za ochranu na cest\u00e1ch a v nebezpe\u010d\u00ed pova\u017eov\u00e1ny prosebn\u00e9 modlitby, tzv. du\u00e1, a rovn\u011b\u017e ur\u010dit\u00e9 kor\u00e1nsk\u00e9 ver\u0161e.<\/p><p>V k\u0159es\u0165anstv\u00ed se katolick\u00e1, ortodoxn\u00ed a evangelick\u00e1 tradice li\u0161\u00ed v d\u016frazu na formulovit\u00e9 modlitby, av\u0161ak v\u0161echny se dr\u017e\u00ed z\u00e1kladn\u00edch forem, jako je ve\u010dern\u00ed a cestovn\u00ed po\u017eehn\u00e1n\u00ed. Toto roz\u0161\u00ed\u0159en\u00ed nap\u0159\u00ed\u010d kulturami a konfesemi ukazuje ochrannou modlitbu jako celolidsk\u00fd jev.<\/p>\t\t\t\t\t\t\t\t<\/div>\n\t\t\t\t<\/div>\n\t\t\t\t\t<\/div>\n\t\t\t\t<\/div>\n\t\t<div class=\"elementor-element elementor-element-iwgs-wacholder-s4 e-flex e-con-boxed e-con e-parent\" data-id=\"iwgs-wacholder-s4\" data-element_type=\"container\" data-e-type=\"container\">\n\t\t\t\t\t<div class=\"e-con-inner\">\n\t\t\t\t<div class=\"elementor-element elementor-element-iwgs-wacholder-s4h elementor-widget elementor-widget-heading\" data-id=\"iwgs-wacholder-s4h\" data-element_type=\"widget\" data-e-type=\"widget\" data-widget_type=\"heading.default\">\n\t\t\t\t\t<h2 class=\"elementor-heading-title elementor-size-default\">Proti \u010demu se pou\u017e\u00edv\u00e1<\/h2>\t\t\t\t<\/div>\n\t\t<div class=\"elementor-element elementor-element-iw-wacholder-s4-bw e-con-full e-flex e-con e-child\" data-id=\"iw-wacholder-s4-bw\" data-element_type=\"container\" data-e-type=\"container\">\n\t\t\t\t<div class=\"elementor-element elementor-element-iwgs-wacholder-s4t elementor-widget elementor-widget-text-editor\" data-id=\"iwgs-wacholder-s4t\" data-element_type=\"widget\" data-e-type=\"widget\" data-widget_type=\"text-editor.default\">\n\t\t\t\t\t\t\t\t\t<p>Ochrann\u00e9 modlitby se obracej\u00ed proti \u0161irok\u00e9mu spektru nebezpe\u010d\u00ed: nemoci a epidemii, nebezpe\u010d\u00ed na cest\u00e1ch, no\u010dn\u00ed hrozb\u011b zl\u00fdch duch\u016f i obecn\u00e9mu ne\u0161t\u011bst\u00ed pro d\u016fm a rodinu.<\/p><p><a href=\"https:\/\/iwell-guard.com\/cs\/kompas-ochrany\/\">Kompas ochrany<\/a> za\u0159azuje modlitby \u010dasto jako dopln\u011bk k jin\u00fdm ochrann\u00fdm prost\u0159edk\u016fm, nap\u0159\u00edklad spole\u010dn\u011b se <a href=\"https:\/\/iwell-guard.com\/cs\/svecena-voda\/\">sv\u011bcenou vodou<\/a>, <a href=\"https:\/\/iwell-guard.com\/cs\/ochranna-svice\/\">ochrannou sv\u00ed\u010dkou<\/a> nebo od\u0159\u00edk\u00e1n\u00edm p\u0159i <a href=\"https:\/\/iwell-guard.com\/cs\/schutzeny-andela-privolat\/\">vz\u00fdv\u00e1n\u00ed ochrann\u00e9ho and\u011bla<\/a>.<\/p>\t\t\t\t\t\t\t\t<\/div>\n\t\t\t\t<\/div>\n\t\t\t\t\t<\/div>\n\t\t\t\t<\/div>\n\t\t<div class=\"elementor-element elementor-element-iwgs-wacholder-s5 e-flex e-con-boxed e-con e-parent\" data-id=\"iwgs-wacholder-s5\" data-element_type=\"container\" data-e-type=\"container\">\n\t\t\t\t\t<div class=\"e-con-inner\">\n\t\t\t\t<div class=\"elementor-element elementor-element-iwgs-wacholder-s5h elementor-widget elementor-widget-heading\" data-id=\"iwgs-wacholder-s5h\" data-element_type=\"widget\" data-e-type=\"widget\" data-widget_type=\"heading.default\">\n\t\t\t\t\t<h2 class=\"elementor-heading-title elementor-size-default\">Pou\u017eit\u00ed a hranice<\/h2>\t\t\t\t<\/div>\n\t\t<div class=\"elementor-element elementor-element-iw-wacholder-s5-bw e-con-full e-flex e-con e-child\" data-id=\"iw-wacholder-s5-bw\" data-element_type=\"container\" data-e-type=\"container\">\n\t\t\t\t<div class=\"elementor-element elementor-element-iwgs-wacholder-s5t elementor-widget elementor-widget-text-editor\" data-id=\"iwgs-wacholder-s5t\" data-element_type=\"widget\" data-e-type=\"widget\" data-widget_type=\"text-editor.default\">\n\t\t\t\t\t\t\t\t\t<p>Dolo\u017eeno je pravideln\u00e9, \u010dasto denn\u00ed opakov\u00e1n\u00ed pevn\u00fdch formul\u00ed, obvykle nau\u010den\u00fdch zpam\u011bti a vyslovovan\u00fdch ve spojen\u00ed s <a href=\"https:\/\/iwell-guard.com\/cs\/kriz-jako-ochranne-znameni\/\">k\u0159i\u017eovan\u00edm<\/a> nebo jin\u00fdmi doprovodn\u00fdmi \u00fakony. Ve\u010dern\u00ed po\u017eehn\u00e1n\u00ed se tradi\u010dn\u011b pron\u00e1\u0161\u00ed p\u0159ed usnut\u00edm, cestovn\u00ed po\u017eehn\u00e1n\u00ed p\u0159ed vyd\u00e1n\u00edm na cestu.<\/p><p>D\u016fle\u017eit\u00e1 hranice spo\u010d\u00edv\u00e1 v jasn\u00e9m odli\u0161en\u00ed od p\u0159\u00edbuzn\u00fdch praktik: kdo hled\u00e1 konkr\u00e9tn\u00ed, aktivn\u011b zapuzuj\u00edc\u00ed formuli proti pojmenovan\u00e9mu zlu, najde ji sp\u00ed\u0161e u <a href=\"https:\/\/iwell-guard.com\/cs\/bannspruch-a-banovaci-ritual\/\">za\u0159\u00edk\u00e1v\u00e1n\u00ed<\/a>; kdo hled\u00e1 individu\u00e1ln\u011b p\u0159ed\u00e1vanou l\u00e9\u010debnou formuli proti ur\u010dit\u00e9 nemoci, u <a href=\"https:\/\/iwell-guard.com\/cs\/zarikavani\/\">zakl\u00edn\u00e1n\u00ed<\/a>. Ochrann\u00e1 modlitba nav\u00edc nenahrazuje l\u00e9ka\u0159skou ani psychoterapeutickou l\u00e9\u010dbu.<\/p>\t\t\t\t\t\t\t\t<\/div>\n\t\t\t\t<\/div>\n\t\t\t\t\t<\/div>\n\t\t\t\t<\/div>\n\t\t<div class=\"elementor-element elementor-element-iwgs-wacholder-lit e-flex e-con-boxed e-con e-parent\" data-id=\"iwgs-wacholder-lit\" data-element_type=\"container\" data-e-type=\"container\">\n\t\t\t\t\t<div class=\"e-con-inner\">\n\t\t\t\t<div class=\"elementor-element elementor-element-iwgs-wacholder-lith elementor-widget elementor-widget-heading\" data-id=\"iwgs-wacholder-lith\" data-element_type=\"widget\" data-e-type=\"widget\" data-widget_type=\"heading.default\">\n\t\t\t\t\t<h2 class=\"elementor-heading-title elementor-size-default\">Literatura (v\u00fdb\u011br)<\/h2>\t\t\t\t<\/div>\n\t\t<div class=\"elementor-element elementor-element-iw-wacholder-lit-bw e-con-full e-flex e-con e-child\" data-id=\"iw-wacholder-lit-bw\" data-element_type=\"container\" data-e-type=\"container\">\n\t\t\t\t<div class=\"elementor-element elementor-element-iwgs-wacholder-litt elementor-widget elementor-widget-html\" data-id=\"iwgs-wacholder-litt\" data-element_type=\"widget\" data-e-type=\"widget\" data-widget_type=\"html.default\">\n\t\t\t\t\t<footer data-nosnippet=\"true\"><ul><li>Handw\u00f6rterbuch des deutschen Aberglaubens. Hrsg. von Hanns B\u00e4chtold-St\u00e4ubli. Berlin: de Gruyter, 1927-1942.<\/li><li>Adolph Franz: Die kirchlichen Benediktionen im Mittelalter. Freiburg: Herder, 1909.<\/li><li>Adolf Spamer: Romanusb\u00fcchlein. Berlin: Akademie-Verlag, 1958.<\/li><li>Will-Erich Peuckert: Deutscher Volksglaube des Sp\u00e4tmittelalters. Stuttgart: Kohlhammer, 1942.<\/li><li>Richard Beitl \/ Klaus Beitl: W\u00f6rterbuch der deutschen Volkskunde. Stuttgart: Kr\u00f6ner, 1974.<\/li><\/ul><\/footer>\t\t\t\t<\/div>\n\t\t\t\t<\/div>\n\t\t\t\t\t<\/div>\n\t\t\t\t<\/div>\n\t\t<div class=\"elementor-element elementor-element-iwgs-wacholder-kwd e-flex e-con-boxed e-con e-parent\" data-id=\"iwgs-wacholder-kwd\" data-element_type=\"container\" data-e-type=\"container\">\n\t\t\t\t\t<div class=\"e-con-inner\">\n\t\t<div class=\"elementor-element elementor-element-iw-wacholder-kwd-bw e-con-full e-flex e-con e-child\" data-id=\"iw-wacholder-kwd-bw\" data-element_type=\"container\" data-e-type=\"container\">\n\t\t\t\t<div class=\"elementor-element elementor-element-iwgs-wacholder-kwdt elementor-widget elementor-widget-text-editor\" data-id=\"iwgs-wacholder-kwdt\" data-element_type=\"widget\" data-e-type=\"widget\" data-widget_type=\"text-editor.default\">\n\t\t\t\t\t\t\t\t\t<p><em>Souvisej\u00edc\u00ed kl\u00ed\u010dov\u00e9 pojmy: ochrann\u00e9 modlitby po\u017eehn\u00e1n\u00ed ochrana domu \u017ealm cestovn\u00ed po\u017eehn\u00e1n\u00ed.<\/em><\/p>\t\t\t\t\t\t\t\t<\/div>\n\t\t\t\t<\/div>\n\t\t\t\t\t<\/div>\n\t\t\t\t<\/div>\n\t\t<div class=\"elementor-element elementor-element-iwgs-wacholder-cc e-flex e-con-boxed e-con e-parent\" data-id=\"iwgs-wacholder-cc\" data-element_type=\"container\" data-e-type=\"container\" id=\"iwg-cc-wacholder\">\n\t\t\t\t\t<div class=\"e-con-inner\">\n\t\t<div class=\"elementor-element elementor-element-iwgs-wacholder-ccinner e-flex e-con-boxed e-con e-parent\" data-id=\"iwgs-wacholder-ccinner\" data-element_type=\"container\" data-e-type=\"container\" data-settings=\"{&quot;background_background&quot;:&quot;classic&quot;}\">\n\t\t\t\t\t<div class=\"e-con-inner\">\n\t\t\t\t<div class=\"elementor-element elementor-element-iwgs-wacholder-cch elementor-widget elementor-widget-heading\" data-id=\"iwgs-wacholder-cch\" data-element_type=\"widget\" data-e-type=\"widget\" data-widget_type=\"heading.default\">\n\t\t\t\t\t<h2 class=\"elementor-heading-title elementor-size-default\">iWell Guard a ochrann\u00e9 tradice<\/h2>\t\t\t\t<\/div>\n\t\t\t\t<div class=\"elementor-element elementor-element-iwgs-wacholder-cct elementor-widget elementor-widget-text-editor\" data-id=\"iwgs-wacholder-cct\" data-element_type=\"widget\" data-e-type=\"widget\" data-widget_type=\"text-editor.default\">\n\t\t\t\t\t\t\t\t\t<p>Ochrann\u00e1 modlitba v \u010dist\u00e9 podob\u011b ukazuje, o co jde t\u00e9m\u011b\u0159 ve v\u0161ech ochrann\u00fdch tradic\u00edch: touhu vyty\u010dit hranici mezi vlastn\u00ed zranitelnost\u00ed a sv\u011btem poci\u0165ovan\u00fdm jako ohro\u017euj\u00edc\u00ed, zde v\u00fdhradn\u011b prost\u0159ednictv\u00edm slova. Tuto my\u0161lenku v\u011bdom\u011b stanoven\u00e9 osobn\u00ed hranice p\u0159ev\u00e1d\u00ed <a href=\"https:\/\/iwell-guard.com\/cs\/koupit-ochranny-privesek-iwell-guard\/\">iWell Guard<\/a> do podoby p\u0159edm\u011btu.<\/p><p>Kde se d\u0159\u00edve p\u0159ed vyd\u00e1n\u00edm na cestu pron\u00e1\u0161elo cestovn\u00ed po\u017eehn\u00e1n\u00ed, tam p\u0159\u00edv\u011bsek nyn\u00ed p\u0159edstavuje ochranu, kter\u00e1 se obejde bez slov, a p\u0159esto navazuje na stejnou starou praxi v\u011bdom\u011b se p\u0159ed odchodem zamyslet nad vlastn\u00ed pot\u0159ebou ochrany.<\/p>\t\t\t\t\t\t\t\t<\/div>\n\t\t\t\t<div class=\"elementor-element elementor-element-iwgs-wacholder-ccb iwg-cc-button iwg-cc-cta-2026-05-13 elementor-widget elementor-widget-jet-button\" data-id=\"iwgs-wacholder-ccb\" data-element_type=\"widget\" data-e-type=\"widget\" data-widget_type=\"jet-button.default\">\n\t\t\t\t<div class=\"elementor-widget-container\">\n\t\t\t\t\t<div class=\"elementor-jet-button jet-elements\"><div class=\"jet-button__container\"><a class=\"jet-button__instance jet-button__instance--icon-left hover-effect-1\" href=\"\/schutzanhaenger-iwell-guard-kaufen\/?utm_source=iwell-guard.com&amp;utm_medium=info-box&amp;utm_campaign=schutzsymbole\"><div class=\"jet-button__plane jet-button__plane-normal\"><\/div><div class=\"jet-button__plane jet-button__plane-hover\"><\/div><div class=\"jet-button__state jet-button__state-normal\"><span class=\"jet-button__label\">V\u00edce o iWell Guard<\/span><\/div><div class=\"jet-button__state jet-button__state-hover\"><span class=\"jet-button__label\">V\u00edce o iWell Guard<\/span><\/div><\/a><\/div><\/div><style>.elementor-element.elementor-element-iwgs-wacholder-ccb .jet-button__instance{width:320px;height:56px;}.elementor-element.elementor-element-iwgs-wacholder-ccb .jet-button__state-normal .jet-button__label{text-align:center;margin:0px 0px 0px 0px;color:#1a1b20;font-family:Montserrat,sans-serif;font-size:13px;font-weight:400;letter-spacing:4px;line-height:1.714em;text-transform:uppercase;}.elementor-element.elementor-element-iwgs-wacholder-ccb .jet-button__state-hover .jet-button__label{text-align:center;margin:0px 0px 0px 0px;color:#FECC76;font-family:Montserrat,sans-serif;font-size:13px;font-weight:400;letter-spacing:4px;line-height:1.714em;text-transform:uppercase;}.elementor-element.elementor-element-iwgs-wacholder-ccb .jet-button__plane-normal{background-color:#FECC76;border-style:solid;border-color:#C99540;border-width:2px 2px 2px 2px;}.elementor-element.elementor-element-iwgs-wacholder-ccb .jet-button__plane-hover{background-color:rgba(0,0,0,0.55);border-style:solid;border-color:#FECC76;border-width:2px 2px 2px 2px;}<\/style>\t\t\t\t<\/div>\n\t\t\t\t<\/div>\n\t\t\t\t<div class=\"elementor-element elementor-element-iwgs-wacholder-ccd elementor-widget elementor-widget-text-editor\" data-id=\"iwgs-wacholder-ccd\" data-element_type=\"widget\" data-e-type=\"widget\" data-widget_type=\"text-editor.default\">\n\t\t\t\t\t\t\t\t\t<p style=\"text-align:center;font-size:13px;opacity:0.7;margin-top:14px\" data-nosnippet=\"true\">Osobn\u00ed zku\u0161enosti se mohou li\u0161it. Nejde o zdravotnick\u00fd prost\u0159edek. Nejde o p\u0159\u00edslib l\u00e9\u010den\u00ed.<\/p>\t\t\t\t\t\t\t\t<\/div>\n\t\t\t\t\t<\/div>\n\t\t\t\t<\/div>\n\t\t\t\t\t<\/div>\n\t\t\t\t<\/div>\n\t\t<div class=\"elementor-element elementor-element-iwgs-wacholder-disc e-flex e-con-boxed e-con e-parent\" data-id=\"iwgs-wacholder-disc\" data-element_type=\"container\" data-e-type=\"container\">\n\t\t\t\t\t<div class=\"e-con-inner\">\n\t\t<div class=\"elementor-element elementor-element-iw-wacholder-disc-bw e-con-full e-flex e-con e-child\" data-id=\"iw-wacholder-disc-bw\" data-element_type=\"container\" data-e-type=\"container\">\n\t\t\t\t<div class=\"elementor-element elementor-element-iwgs-wacholder-discw elementor-widget elementor-widget-html\" data-id=\"iwgs-wacholder-discw\" data-element_type=\"widget\" data-e-type=\"widget\" data-widget_type=\"html.default\">\n\t\t\t\t\t<footer data-nosnippet=\"true\" class=\"iwg-disclaimer-block\"><p data-nosnippet=\"true\">iWell Guard <strong>nen\u00ed zdravotnick\u00fd prost\u0159edek<\/strong> a nenahrazuje l\u00e9ka\u0159skou ani psychoterapeutickou l\u00e9\u010dbu. Zde uveden\u00fd obsah p\u0159edstavuje religionistick\u00e9 a kulturn\u011b-historick\u00e9 za\u0159azen\u00ed, nikoli p\u0159\u00edslib duchovn\u00edho \u00fa\u010dinku.<\/p><\/footer>\t\t\t\t<\/div>\n\t\t\t\t<\/div>\n\t\t\t\t\t<\/div>\n\t\t\t\t<\/div>\n\t\t\t\t<\/div>\n\t\t","protected":false},"excerpt":{"rendered":"","protected":false},"author":3,"featured_media":20552,"parent":0,"menu_order":0,"comment_status":"closed","ping_status":"closed","template":"elementor_header_footer","meta":{"_yoast_wpseo_focuskw":"modlitby jako ochrana","_yoast_wpseo_title":"Modlitby jako ochrana: po\u017eehn\u00e1n\u00ed v lidov\u00e9 v\u00ed\u0159e","_yoast_wpseo_metadesc":"Ochrann\u00e9 modlitby jako \u017dalm 91, ve\u010dern\u00ed a cestovn\u00ed po\u017eehn\u00e1n\u00ed v lidov\u00e9 v\u00ed\u0159e. P\u016fvod, princip p\u016fsoben\u00ed a odli\u0161en\u00ed od za\u0159\u00edk\u00e1v\u00e1n\u00ed a zakl\u00edn\u00e1n\u00ed v p\u0159ehledu.","_yoast_wpseo_meta-robots-noindex":"","_yoast_wpseo_canonical":"","_angie_page":false,"gefaehrdungsstufe":"","wesen_kultur":"","wesen_klasse":"","footnotes":""},"categories":[],"class_list":["post-146375","page","type-page","status-publish","has-post-thumbnail","hentry"],"yoast_head":"<!-- This site is optimized with the Yoast SEO Premium plugin v27.7 (Yoast SEO v28.3) - https:\/\/yoast.com\/product\/yoast-seo-premium-wordpress\/ -->\n<title>Modlitby jako ochrana: po\u017eehn\u00e1n\u00ed v lidov\u00e9 v\u00ed\u0159e<\/title>\n<meta name=\"description\" content=\"Ochrann\u00e9 modlitby jako \u017dalm 91, ve\u010dern\u00ed a cestovn\u00ed po\u017eehn\u00e1n\u00ed v lidov\u00e9 v\u00ed\u0159e. P\u016fvod, princip p\u016fsoben\u00ed a odli\u0161en\u00ed od za\u0159\u00edk\u00e1v\u00e1n\u00ed a zakl\u00edn\u00e1n\u00ed v p\u0159ehledu.\" \/>\n<meta name=\"robots\" content=\"index, follow, max-snippet:-1, max-image-preview:large, max-video-preview:-1\" \/>\n<link rel=\"canonical\" href=\"https:\/\/iwell-guard.com\/cs\/modlitby-jako-ochrana\/\" \/>\n<meta property=\"og:locale\" content=\"cs_CZ\" \/>\n<meta property=\"og:type\" content=\"article\" \/>\n<meta property=\"og:title\" content=\"Modlitby jako ochrana\" \/>\n<meta property=\"og:description\" content=\"Ochrann\u00e9 modlitby jako \u017dalm 91, ve\u010dern\u00ed a cestovn\u00ed po\u017eehn\u00e1n\u00ed v lidov\u00e9 v\u00ed\u0159e. P\u016fvod, princip p\u016fsoben\u00ed a odli\u0161en\u00ed od za\u0159\u00edk\u00e1v\u00e1n\u00ed a zakl\u00edn\u00e1n\u00ed v p\u0159ehledu.\" \/>\n<meta property=\"og:url\" content=\"https:\/\/iwell-guard.com\/cs\/modlitby-jako-ochrana\/\" \/>\n<meta property=\"og:site_name\" content=\"iWell Guard\" \/>\n<meta property=\"article:modified_time\" content=\"2026-09-03T17:21:41+00:00\" \/>\n<meta property=\"og:image\" content=\"https:\/\/iwell-guard.com\/wp-content\/uploads\/2026\/07\/schutzsymbol_universell_gebete.webp\" \/>\n\t<meta property=\"og:image:width\" content=\"1024\" \/>\n\t<meta property=\"og:image:height\" content=\"1536\" \/>\n\t<meta property=\"og:image:type\" content=\"image\/webp\" \/>\n<meta name=\"twitter:card\" content=\"summary_large_image\" \/>\n<script type=\"application\/ld+json\" class=\"yoast-schema-graph\">{\"@context\":\"https:\\\/\\\/schema.org\",\"@graph\":[{\"@type\":\"WebPage\",\"@id\":\"https:\\\/\\\/iwell-guard.com\\\/cs\\\/modlitby-jako-ochrana\\\/\",\"url\":\"https:\\\/\\\/iwell-guard.com\\\/cs\\\/modlitby-jako-ochrana\\\/\",\"name\":\"Modlitby jako ochrana: po\u017eehn\u00e1n\u00ed v lidov\u00e9 v\u00ed\u0159e\",\"isPartOf\":{\"@id\":\"https:\\\/\\\/iwell-guard.com\\\/cs\\\/#website\"},\"primaryImageOfPage\":{\"@id\":\"https:\\\/\\\/iwell-guard.com\\\/cs\\\/modlitby-jako-ochrana\\\/#primaryimage\"},\"image\":{\"@id\":\"https:\\\/\\\/iwell-guard.com\\\/cs\\\/modlitby-jako-ochrana\\\/#primaryimage\"},\"thumbnailUrl\":\"https:\\\/\\\/iwell-guard.com\\\/wp-content\\\/uploads\\\/2026\\\/07\\\/schutzsymbol_universell_gebete.webp\",\"datePublished\":\"2026-09-03T16:46:29+00:00\",\"dateModified\":\"2026-09-03T17:21:41+00:00\",\"description\":\"Ochrann\u00e9 modlitby jako \u017dalm 91, ve\u010dern\u00ed a cestovn\u00ed po\u017eehn\u00e1n\u00ed v lidov\u00e9 v\u00ed\u0159e. P\u016fvod, princip p\u016fsoben\u00ed a odli\u0161en\u00ed od za\u0159\u00edk\u00e1v\u00e1n\u00ed a zakl\u00edn\u00e1n\u00ed v p\u0159ehledu.\",\"breadcrumb\":{\"@id\":\"https:\\\/\\\/iwell-guard.com\\\/cs\\\/modlitby-jako-ochrana\\\/#breadcrumb\"},\"inLanguage\":\"cs\",\"potentialAction\":[{\"@type\":\"ReadAction\",\"target\":[\"https:\\\/\\\/iwell-guard.com\\\/cs\\\/modlitby-jako-ochrana\\\/\"]}]},{\"@type\":\"ImageObject\",\"inLanguage\":\"cs\",\"@id\":\"https:\\\/\\\/iwell-guard.com\\\/cs\\\/modlitby-jako-ochrana\\\/#primaryimage\",\"url\":\"https:\\\/\\\/iwell-guard.com\\\/wp-content\\\/uploads\\\/2026\\\/07\\\/schutzsymbol_universell_gebete.webp\",\"contentUrl\":\"https:\\\/\\\/iwell-guard.com\\\/wp-content\\\/uploads\\\/2026\\\/07\\\/schutzsymbol_universell_gebete.webp\",\"width\":1024,\"height\":1536,\"caption\":\"Star\u00fd modlitebn\u00ed kn\u00ed\u017eka s d\u0159ev\u011bn\u00fdm r\u016f\u017eencem na tmav\u00e9m kamenn\u00e9m pozad\u00ed\"},{\"@type\":\"BreadcrumbList\",\"@id\":\"https:\\\/\\\/iwell-guard.com\\\/cs\\\/modlitby-jako-ochrana\\\/#breadcrumb\",\"itemListElement\":[{\"@type\":\"ListItem\",\"position\":1,\"name\":\"Start\",\"item\":\"https:\\\/\\\/iwell-guard.com\\\/cs\\\/?page_id=145107\"},{\"@type\":\"ListItem\",\"position\":2,\"name\":\"Modlitby jako ochrana\"}]},{\"@type\":\"WebSite\",\"@id\":\"https:\\\/\\\/iwell-guard.com\\\/cs\\\/#website\",\"url\":\"https:\\\/\\\/iwell-guard.com\\\/cs\\\/\",\"name\":\"iWell Guard\",\"description\":\"Schutz vor dunklen Einfl\u00fcssen\",\"publisher\":{\"@id\":\"https:\\\/\\\/iwell-guard.com\\\/cs\\\/#organization\"},\"potentialAction\":[{\"@type\":\"SearchAction\",\"target\":{\"@type\":\"EntryPoint\",\"urlTemplate\":\"https:\\\/\\\/iwell-guard.com\\\/cs\\\/?s={search_term_string}\"},\"query-input\":{\"@type\":\"PropertyValueSpecification\",\"valueRequired\":true,\"valueName\":\"search_term_string\"}}],\"inLanguage\":\"cs\"},{\"@type\":\"Organization\",\"@id\":\"https:\\\/\\\/iwell-guard.com\\\/cs\\\/#organization\",\"name\":\"Ittermann electronic GmbH\",\"url\":\"https:\\\/\\\/iwell-guard.com\\\/cs\\\/\",\"logo\":{\"@type\":\"ImageObject\",\"inLanguage\":\"cs\",\"@id\":\"https:\\\/\\\/iwell-guard.com\\\/cs\\\/#\\\/schema\\\/logo\\\/image\\\/\",\"url\":\"https:\\\/\\\/iwell-guard.com\\\/wp-content\\\/uploads\\\/2026\\\/05\\\/Ittermann-Logo-1182x237-1.png\",\"contentUrl\":\"https:\\\/\\\/iwell-guard.com\\\/wp-content\\\/uploads\\\/2026\\\/05\\\/Ittermann-Logo-1182x237-1.png\",\"width\":1182,\"height\":237,\"caption\":\"Ittermann electronic GmbH\"},\"image\":{\"@id\":\"https:\\\/\\\/iwell-guard.com\\\/cs\\\/#\\\/schema\\\/logo\\\/image\\\/\"},\"sameAs\":[\"https:\\\/\\\/pantip.com\\\/profile\\\/9367242\",\"https:\\\/\\\/micro.blog\\\/iwellguard\",\"https:\\\/\\\/www.diggerslist.com\\\/iwellguard\\\/about\",\"https:\\\/\\\/skitterphoto.com\\\/photographers\\\/2870314\\\/iwell-guard\",\"https:\\\/\\\/iwellguard.wordpress.com\\\/2026\\\/06\\\/06\\\/iwell-guard\\\/\",\"https:\\\/\\\/hub.docker.com\\\/u\\\/iwellguard\",\"https:\\\/\\\/www.pinterest.com\\\/iwellguard\\\/\",\"https:\\\/\\\/bit.ly\\\/m\\\/iwellguard\",\"https:\\\/\\\/entre-vos-mains.alsace.eu\\\/profiles\\\/iwellguard\\\/activity\",\"https:\\\/\\\/gravatar.com\\\/reallybeded8fd34\",\"https:\\\/\\\/naijamatta.com\\\/iwellguard\",\"https:\\\/\\\/www.goodreads.com\\\/iwellguard\",\"https:\\\/\\\/profile.hatena.ne.jp\\\/iwellguard\\\/\",\"https:\\\/\\\/experiment.com\\\/users\\\/iwellguard\",\"https:\\\/\\\/wakelet.com\\\/@iWellGuard82270\",\"https:\\\/\\\/www.chordie.com\\\/forum\\\/profile.php?id=2555664\",\"https:\\\/\\\/www.instapaper.com\\\/p\\\/17757966\",\"https:\\\/\\\/www.mapleprimes.com\\\/users\\\/iwellguard\",\"https:\\\/\\\/businesslistingplus.com\\\/profile\\\/iwell-guard\\\/\",\"https:\\\/\\\/telegra.ph\\\/iWell-Guard-06-06\",\"https:\\\/\\\/pbase.com\\\/iwellguard\\\/iwellguard\",\"https:\\\/\\\/b.hatena.ne.jp\\\/iwellguard\\\/20260607#bookmark-4788405196491818882\",\"https:\\\/\\\/fliphtml5.com\\\/home\\\/iwellguard\",\"https:\\\/\\\/anyflip.com\\\/homepage\\\/cmiwl#About\",\"https:\\\/\\\/transfur.com\\\/Users\\\/iwellguard\",\"http:\\\/\\\/delphi.larsbo.org\\\/user\\\/iwellguard\",\"https:\\\/\\\/jobs.lajobsportal.org\\\/profiles\\\/8380803-iwell-guard\",\"https:\\\/\\\/md.chaosdorf.de\\\/s\\\/jfbe5SBdJD\",\"https:\\\/\\\/www.lingvolive.com\\\/en-us\\\/profile\\\/9ecaeaca-ce11-4e51-9e71-01d55e2bff36\\\/translations\",\"https:\\\/\\\/www.fitday.com\\\/fitness\\\/forums\\\/members\\\/iwellguard.html\",\"https:\\\/\\\/www.mymeetbook.com\\\/iwellguard\",\"https:\\\/\\\/pxhere.com\\\/en\\\/photographer-me\\\/5040798\",\"https:\\\/\\\/disqus.com\\\/by\\\/iwellguard\\\/about\\\/\",\"https:\\\/\\\/pastelink.net\\\/hjwciqwq\",\"https:\\\/\\\/pubhtml5.com\\\/homepage\\\/scjhn\\\/\",\"https:\\\/\\\/www.bitchute.com\\\/channel\\\/2O2eOKzNqujT\",\"https:\\\/\\\/audiomack.com\\\/iwellguard\"]}]}<\/script>\n<!-- \/ Yoast SEO Premium plugin. -->","yoast_head_json":{"title":"Modlitby jako ochrana: po\u017eehn\u00e1n\u00ed v lidov\u00e9 v\u00ed\u0159e","description":"Ochrann\u00e9 modlitby jako \u017dalm 91, ve\u010dern\u00ed a cestovn\u00ed po\u017eehn\u00e1n\u00ed v lidov\u00e9 v\u00ed\u0159e. P\u016fvod, princip p\u016fsoben\u00ed a odli\u0161en\u00ed od za\u0159\u00edk\u00e1v\u00e1n\u00ed a zakl\u00edn\u00e1n\u00ed v p\u0159ehledu.","robots":{"index":"index","follow":"follow","max-snippet":"max-snippet:-1","max-image-preview":"max-image-preview:large","max-video-preview":"max-video-preview:-1"},"canonical":"https:\/\/iwell-guard.com\/cs\/modlitby-jako-ochrana\/","og_locale":"cs_CZ","og_type":"article","og_title":"Modlitby jako ochrana","og_description":"Ochrann\u00e9 modlitby jako \u017dalm 91, ve\u010dern\u00ed a cestovn\u00ed po\u017eehn\u00e1n\u00ed v lidov\u00e9 v\u00ed\u0159e. P\u016fvod, princip p\u016fsoben\u00ed a odli\u0161en\u00ed od za\u0159\u00edk\u00e1v\u00e1n\u00ed a zakl\u00edn\u00e1n\u00ed v p\u0159ehledu.","og_url":"https:\/\/iwell-guard.com\/cs\/modlitby-jako-ochrana\/","og_site_name":"iWell Guard","article_modified_time":"2026-09-03T17:21:41+00:00","og_image":[{"width":1024,"height":1536,"url":"https:\/\/iwell-guard.com\/wp-content\/uploads\/2026\/07\/schutzsymbol_universell_gebete.webp","type":"image\/webp"}],"twitter_card":"summary_large_image","schema":{"@context":"https:\/\/schema.org","@graph":[{"@type":"WebPage","@id":"https:\/\/iwell-guard.com\/cs\/modlitby-jako-ochrana\/","url":"https:\/\/iwell-guard.com\/cs\/modlitby-jako-ochrana\/","name":"Modlitby jako ochrana: po\u017eehn\u00e1n\u00ed v lidov\u00e9 v\u00ed\u0159e","isPartOf":{"@id":"https:\/\/iwell-guard.com\/cs\/#website"},"primaryImageOfPage":{"@id":"https:\/\/iwell-guard.com\/cs\/modlitby-jako-ochrana\/#primaryimage"},"image":{"@id":"https:\/\/iwell-guard.com\/cs\/modlitby-jako-ochrana\/#primaryimage"},"thumbnailUrl":"https:\/\/iwell-guard.com\/wp-content\/uploads\/2026\/07\/schutzsymbol_universell_gebete.webp","datePublished":"2026-09-03T16:46:29+00:00","dateModified":"2026-09-03T17:21:41+00:00","description":"Ochrann\u00e9 modlitby jako \u017dalm 91, ve\u010dern\u00ed a cestovn\u00ed po\u017eehn\u00e1n\u00ed v lidov\u00e9 v\u00ed\u0159e. P\u016fvod, princip p\u016fsoben\u00ed a odli\u0161en\u00ed od za\u0159\u00edk\u00e1v\u00e1n\u00ed a zakl\u00edn\u00e1n\u00ed v p\u0159ehledu.","breadcrumb":{"@id":"https:\/\/iwell-guard.com\/cs\/modlitby-jako-ochrana\/#breadcrumb"},"inLanguage":"cs","potentialAction":[{"@type":"ReadAction","target":["https:\/\/iwell-guard.com\/cs\/modlitby-jako-ochrana\/"]}]},{"@type":"ImageObject","inLanguage":"cs","@id":"https:\/\/iwell-guard.com\/cs\/modlitby-jako-ochrana\/#primaryimage","url":"https:\/\/iwell-guard.com\/wp-content\/uploads\/2026\/07\/schutzsymbol_universell_gebete.webp","contentUrl":"https:\/\/iwell-guard.com\/wp-content\/uploads\/2026\/07\/schutzsymbol_universell_gebete.webp","width":1024,"height":1536,"caption":"Star\u00fd modlitebn\u00ed kn\u00ed\u017eka s d\u0159ev\u011bn\u00fdm r\u016f\u017eencem na tmav\u00e9m kamenn\u00e9m pozad\u00ed"},{"@type":"BreadcrumbList","@id":"https:\/\/iwell-guard.com\/cs\/modlitby-jako-ochrana\/#breadcrumb","itemListElement":[{"@type":"ListItem","position":1,"name":"Start","item":"https:\/\/iwell-guard.com\/cs\/?page_id=145107"},{"@type":"ListItem","position":2,"name":"Modlitby jako ochrana"}]},{"@type":"WebSite","@id":"https:\/\/iwell-guard.com\/cs\/#website","url":"https:\/\/iwell-guard.com\/cs\/","name":"iWell Guard","description":"Schutz vor dunklen Einfl\u00fcssen","publisher":{"@id":"https:\/\/iwell-guard.com\/cs\/#organization"},"potentialAction":[{"@type":"SearchAction","target":{"@type":"EntryPoint","urlTemplate":"https:\/\/iwell-guard.com\/cs\/?s={search_term_string}"},"query-input":{"@type":"PropertyValueSpecification","valueRequired":true,"valueName":"search_term_string"}}],"inLanguage":"cs"},{"@type":"Organization","@id":"https:\/\/iwell-guard.com\/cs\/#organization","name":"Ittermann electronic GmbH","url":"https:\/\/iwell-guard.com\/cs\/","logo":{"@type":"ImageObject","inLanguage":"cs","@id":"https:\/\/iwell-guard.com\/cs\/#\/schema\/logo\/image\/","url":"https:\/\/iwell-guard.com\/wp-content\/uploads\/2026\/05\/Ittermann-Logo-1182x237-1.png","contentUrl":"https:\/\/iwell-guard.com\/wp-content\/uploads\/2026\/05\/Ittermann-Logo-1182x237-1.png","width":1182,"height":237,"caption":"Ittermann electronic GmbH"},"image":{"@id":"https:\/\/iwell-guard.com\/cs\/#\/schema\/logo\/image\/"},"sameAs":["https:\/\/pantip.com\/profile\/9367242","https:\/\/micro.blog\/iwellguard","https:\/\/www.diggerslist.com\/iwellguard\/about","https:\/\/skitterphoto.com\/photographers\/2870314\/iwell-guard","https:\/\/iwellguard.wordpress.com\/2026\/06\/06\/iwell-guard\/","https:\/\/hub.docker.com\/u\/iwellguard","https:\/\/www.pinterest.com\/iwellguard\/","https:\/\/bit.ly\/m\/iwellguard","https:\/\/entre-vos-mains.alsace.eu\/profiles\/iwellguard\/activity","https:\/\/gravatar.com\/reallybeded8fd34","https:\/\/naijamatta.com\/iwellguard","https:\/\/www.goodreads.com\/iwellguard","https:\/\/profile.hatena.ne.jp\/iwellguard\/","https:\/\/experiment.com\/users\/iwellguard","https:\/\/wakelet.com\/@iWellGuard82270","https:\/\/www.chordie.com\/forum\/profile.php?id=2555664","https:\/\/www.instapaper.com\/p\/17757966","https:\/\/www.mapleprimes.com\/users\/iwellguard","https:\/\/businesslistingplus.com\/profile\/iwell-guard\/","https:\/\/telegra.ph\/iWell-Guard-06-06","https:\/\/pbase.com\/iwellguard\/iwellguard","https:\/\/b.hatena.ne.jp\/iwellguard\/20260607#bookmark-4788405196491818882","https:\/\/fliphtml5.com\/home\/iwellguard","https:\/\/anyflip.com\/homepage\/cmiwl#About","https:\/\/transfur.com\/Users\/iwellguard","http:\/\/delphi.larsbo.org\/user\/iwellguard","https:\/\/jobs.lajobsportal.org\/profiles\/8380803-iwell-guard","https:\/\/md.chaosdorf.de\/s\/jfbe5SBdJD","https:\/\/www.lingvolive.com\/en-us\/profile\/9ecaeaca-ce11-4e51-9e71-01d55e2bff36\/translations","https:\/\/www.fitday.com\/fitness\/forums\/members\/iwellguard.html","https:\/\/www.mymeetbook.com\/iwellguard","https:\/\/pxhere.com\/en\/photographer-me\/5040798","https:\/\/disqus.com\/by\/iwellguard\/about\/","https:\/\/pastelink.net\/hjwciqwq","https:\/\/pubhtml5.com\/homepage\/scjhn\/","https:\/\/www.bitchute.com\/channel\/2O2eOKzNqujT","https:\/\/audiomack.com\/iwellguard"]}]}},"_links":{"self":[{"href":"https:\/\/iwell-guard.com\/cs\/wp-json\/wp\/v2\/pages\/146375","targetHints":{"allow":["GET"]}}],"collection":[{"href":"https:\/\/iwell-guard.com\/cs\/wp-json\/wp\/v2\/pages"}],"about":[{"href":"https:\/\/iwell-guard.com\/cs\/wp-json\/wp\/v2\/types\/page"}],"author":[{"embeddable":true,"href":"https:\/\/iwell-guard.com\/cs\/wp-json\/wp\/v2\/users\/3"}],"replies":[{"embeddable":true,"href":"https:\/\/iwell-guard.com\/cs\/wp-json\/wp\/v2\/comments?post=146375"}],"version-history":[{"count":0,"href":"https:\/\/iwell-guard.com\/cs\/wp-json\/wp\/v2\/pages\/146375\/revisions"}],"wp:featuredmedia":[{"embeddable":true,"href":"https:\/\/iwell-guard.com\/cs\/wp-json\/wp\/v2\/media\/20552"}],"wp:attachment":[{"href":"https:\/\/iwell-guard.com\/cs\/wp-json\/wp\/v2\/media?parent=146375"}],"wp:term":[{"taxonomy":"category","embeddable":true,"href":"https:\/\/iwell-guard.com\/cs\/wp-json\/wp\/v2\/categories?post=146375"}],"curies":[{"name":"wp","href":"https:\/\/api.w.org\/{rel}","templated":true}]}}